{"id":145573,"date":"2026-09-03T16:31:41","date_gmt":"2026-09-03T16:31:41","guid":{"rendered":"https:\/\/iwell-guard.com\/?page_id=145573"},"modified":"2026-09-03T16:59:40","modified_gmt":"2026-09-03T16:59:40","slug":"hera","status":"publish","type":"page","link":"https:\/\/iwell-guard.com\/cs\/hera\/","title":{"rendered":"H\u00e9ra"},"content":{"rendered":"\t\t<div data-elementor-type=\"wp-page\" data-elementor-id=\"145573\" class=\"elementor elementor-145573 elementor-2975 elementor-bc-flex-widget\" data-elementor-post-type=\"page\">\n\t\t\t\t<div class=\"elementor-element elementor-element-02c38e4 e-flex e-con-boxed e-con e-parent\" data-id=\"02c38e4\" data-element_type=\"container\" data-e-type=\"container\" data-settings=\"{&quot;background_background&quot;:&quot;classic&quot;}\">\n\t\t\t\t\t<div class=\"e-con-inner\">\n\t\t<div class=\"elementor-element elementor-element-bd34ca0 e-flex e-con-boxed e-con e-child\" data-id=\"bd34ca0\" data-element_type=\"container\" data-e-type=\"container\">\n\t\t\t\t\t<div class=\"e-con-inner\">\n\t\t<div class=\"elementor-element elementor-element-95d8c55 e-con-full e-flex e-con e-child\" data-id=\"95d8c55\" data-element_type=\"container\" data-e-type=\"container\">\n\t\t\t\t<div class=\"elementor-element elementor-element-fc0d859 elementor-widget elementor-widget-heading\" data-id=\"fc0d859\" data-element_type=\"widget\" data-e-type=\"widget\" data-widget_type=\"heading.default\">\n\t\t\t\t\t<h1 class=\"elementor-heading-title elementor-size-default\">H\u00e9ra, bohyn\u011b man\u017eelstv\u00ed a kr\u00e1lovna Olympu<\/h1>\t\t\t\t<\/div>\n\t\t\t\t<div class=\"elementor-element elementor-element-233b87c elementor-widget elementor-widget-text-editor\" data-id=\"233b87c\" data-element_type=\"widget\" data-e-type=\"widget\" data-widget_type=\"text-editor.default\">\n\t\t\t\t\t\t\t\t\t<p>H\u00e9ra pat\u0159\u00ed v \u0159eck\u00e9m <span class=\"iwg-fachbegriff\" data-tooltip=\"Souhrn boh\u016f ur\u010dit\u00e9ho n\u00e1bo\u017eenstv\u00ed nebo kultury.\" tabindex=\"0\">panteonu<\/span> mezi dvan\u00e1ct hlavn\u00edch olympsk\u00fdch bo\u017estev a je pova\u017eov\u00e1na za sestru i man\u017eelku Zeuse. Zt\u011bles\u0148uje z\u00e1konn\u00e9 man\u017eelstv\u00ed, man\u017eelsk\u00fd svazek a suverenitu kr\u00e1lovny. V h\u00e9siodovsk\u00e9 \u00abTheogonii\u00bb je ozna\u010dena jako dcera Krona a Rheie, \u010d\u00edm\u017e n\u00e1le\u017e\u00ed k nejstar\u0161\u00ed generaci Olympan\u016f.<\/p><p>Jej\u00ed p\u0159\u00eddomek \u00abteleia\u00bb, tedy \u00abdokonan\u00e1\u00bb, ji ozna\u010duje jako patronku napln\u011bn\u00e9ho man\u017eelstv\u00ed; v arg\u00edvsk\u00e9m <span class=\"iwg-fachbegriff\" data-tooltip=\"Souhrn n\u00e1bo\u017eensk\u00fdch \u00fakon\u016f uct\u00edv\u00e1n\u00ed bo\u017estva nebo svat\u00e9 postavy.\" tabindex=\"0\">kultu<\/span> vystupuje jako \u00abArgeia\u00bb, Arg\u00edvsk\u00e1.<\/p><p>Nad r\u00e1mec hom\u00e9rsk\u00e9ho eposu je H\u00e9ra dolo\u017eena v mnoha m\u00edstn\u00edch kultech, od Argu a Samu a\u017e po Olympii a Velk\u00e9 \u0158ecko. Kultovn\u00ed praxe na t\u011bchto m\u00edstech ukazuje na samostatnou m\u011bstskou vl\u00e1dkyni, kter\u00e1 se olympskou man\u017eelkou stala a\u017e v druh\u00e9 vrstv\u011b.<\/p>\t\t\t\t\t\t\t\t<\/div>\n\t\t\t\t<\/div>\n\t\t<div class=\"elementor-element elementor-element-d4b5642 e-con-full e-flex e-con e-parent\" data-id=\"d4b5642\" data-element_type=\"container\" data-e-type=\"container\">\n\t\t\t\t<div class=\"elementor-element elementor-element-f5fd9db elementor-widget elementor-widget-html\" data-id=\"f5fd9db\" data-element_type=\"widget\" data-e-type=\"widget\" data-widget_type=\"html.default\">\n\t\t\t\t\t<div class=\"iwg-pill-row\"><span class=\"iwg-klasse-badge\" tabindex=\"0\" data-tooltip=\"B\u016fh \/ bohyn\u011b: Zosobn\u011bn\u00e1 nejvy\u0161\u0161\u00ed moc v panteonu kultury s jasn\u011b vymezen\u00fdmi pravomocemi \u2014 p\u0159\u00edrodn\u00ed s\u00edly, osud, v\u00e1lka, plodnost. Uct\u00edv\u00e1ni prost\u0159ednictv\u00edm kult\u016f, ob\u011bt\u00ed a chr\u00e1mov\u00fdch instituc\u00ed.\">B\u016fh<\/span><a href=\"https:\/\/iwell-guard.com\/cs\/recko\/\" class=\"iwg-kultur-badge\" tabindex=\"0\" data-tooltip=\"N\u00e1bo\u017eenstv\u00ed a mytologie starov\u011bk\u00e9ho \u0158ecka od myk\u00e9nsk\u00e9ho obdob\u00ed a\u017e po pozdn\u00ed antiku.\">\u0158ecko<\/a><\/div>\t\t\t\t<\/div>\n\t\t\t\t<\/div>\n\t\t<div class=\"elementor-element elementor-element-283b43a e-con-full e-flex e-con e-child\" data-id=\"283b43a\" data-element_type=\"container\" data-e-type=\"container\">\n\t\t\t\t<div class=\"elementor-element elementor-element-0d4e971 elementor-toc--minimized-on-tablet elementor-widget elementor-widget-table-of-contents\" data-id=\"0d4e971\" data-element_type=\"widget\" data-e-type=\"widget\" data-settings=\"{&quot;exclude_headings_by_selector&quot;:[],&quot;no_headings_message&quot;:&quot;Na t\\u00e9to str\\u00e1nce nebyly nalezeny \\u017e\\u00e1dn\\u00e9 nadpisy.&quot;,&quot;headings_by_tags&quot;:[&quot;h2&quot;,&quot;h3&quot;],&quot;marker_view&quot;:&quot;bullets&quot;,&quot;icon&quot;:{&quot;value&quot;:&quot;fas fa-circle&quot;,&quot;library&quot;:&quot;fa-solid&quot;,&quot;rendered_tag&quot;:&quot;&lt;svg class=\\&quot;e-font-icon-svg e-fas-circle\\&quot; viewBox=\\&quot;0 0 512 512\\&quot; xmlns=\\&quot;http:\\\/\\\/www.w3.org\\\/2000\\\/svg\\&quot;&gt;&lt;path d=\\&quot;M256 8C119 8 8 119 8 256s111 248 248 248 248-111 248-248S393 8 256 8z\\&quot;&gt;&lt;\\\/path&gt;&lt;\\\/svg&gt;&quot;},&quot;minimize_box&quot;:&quot;yes&quot;,&quot;minimized_on&quot;:&quot;tablet&quot;,&quot;hierarchical_view&quot;:&quot;yes&quot;,&quot;min_height&quot;:{&quot;unit&quot;:&quot;px&quot;,&quot;size&quot;:&quot;&quot;,&quot;sizes&quot;:[]},&quot;min_height_tablet&quot;:{&quot;unit&quot;:&quot;px&quot;,&quot;size&quot;:&quot;&quot;,&quot;sizes&quot;:[]},&quot;min_height_mobile&quot;:{&quot;unit&quot;:&quot;px&quot;,&quot;size&quot;:&quot;&quot;,&quot;sizes&quot;:[]}}\" data-widget_type=\"table-of-contents.default\">\n\t\t\t\t\t\t\t\t\t<div class=\"elementor-toc__header\">\n\t\t\t\t\t\t<h2 class=\"elementor-toc__header-title\">\n\t\t\t\tObsah\t\t\t<\/h2>\n\t\t\t\t\t\t\t\t\t\t<div class=\"elementor-toc__toggle-button elementor-toc__toggle-button--expand\" role=\"button\" tabindex=\"0\" aria-controls=\"elementor-toc__0d4e971\" aria-expanded=\"true\" aria-label=\"Open table of contents\"><svg aria-hidden=\"true\" class=\"e-font-icon-svg e-fas-chevron-down\" viewBox=\"0 0 448 512\" xmlns=\"http:\/\/www.w3.org\/2000\/svg\"><path d=\"M207.029 381.476L12.686 187.132c-9.373-9.373-9.373-24.569 0-33.941l22.667-22.667c9.357-9.357 24.522-9.375 33.901-.04L224 284.505l154.745-154.021c9.379-9.335 24.544-9.317 33.901.04l22.667 22.667c9.373 9.373 9.373 24.569 0 33.941L240.971 381.476c-9.373 9.372-24.569 9.372-33.942 0z\"><\/path><\/svg><\/div>\n\t\t\t\t<div class=\"elementor-toc__toggle-button elementor-toc__toggle-button--collapse\" role=\"button\" tabindex=\"0\" aria-controls=\"elementor-toc__0d4e971\" aria-expanded=\"true\" aria-label=\"Close table of contents\"><svg aria-hidden=\"true\" class=\"e-font-icon-svg e-fas-chevron-up\" viewBox=\"0 0 448 512\" xmlns=\"http:\/\/www.w3.org\/2000\/svg\"><path d=\"M240.971 130.524l194.343 194.343c9.373 9.373 9.373 24.569 0 33.941l-22.667 22.667c-9.357 9.357-24.522 9.375-33.901.04L224 227.495 69.255 381.516c-9.379 9.335-24.544 9.317-33.901-.04l-22.667-22.667c-9.373-9.373-9.373-24.569 0-33.941L207.03 130.525c9.372-9.373 24.568-9.373 33.941-.001z\"><\/path><\/svg><\/div>\n\t\t\t\t\t<\/div>\n\t\t\t\t<div id=\"elementor-toc__0d4e971\" class=\"elementor-toc__body\">\n\t\t\t<div class=\"elementor-toc__spinner-container\">\n\t\t\t\t<svg class=\"elementor-toc__spinner eicon-animation-spin e-font-icon-svg e-eicon-loading\" aria-hidden=\"true\" viewBox=\"0 0 1000 1000\" xmlns=\"http:\/\/www.w3.org\/2000\/svg\"><path d=\"M500 975V858C696 858 858 696 858 500S696 142 500 142 142 304 142 500H25C25 237 238 25 500 25S975 237 975 500 763 975 500 975Z\"><\/path><\/svg>\t\t\t<\/div>\n\t\t<\/div>\n\t\t\t\t\t\t<\/div>\n\t\t\t\t<\/div>\n\t\t\t\t\t<\/div>\n\t\t\t\t<\/div>\n\t\t<div class=\"elementor-element elementor-element-03277b6 e-con-full e-flex e-con e-child\" data-id=\"03277b6\" data-element_type=\"container\" data-e-type=\"container\">\n\t\t\t\t<div class=\"elementor-element elementor-element-dcfe2b5 iwg-hero-image elementor-widget elementor-widget-image\" data-id=\"dcfe2b5\" data-element_type=\"widget\" data-e-type=\"widget\" data-widget_type=\"image.default\">\n\t\t\t\t\t\t\t\t\t\t\t\t\t\t\t<img fetchpriority=\"high\" decoding=\"async\" width=\"683\" height=\"1024\" src=\"https:\/\/iwell-guard.com\/wp-content\/uploads\/2026\/05\/goetter_griechenland_hera-683x1024.webp\" class=\"attachment-large size-large wp-image-147280\" alt=\"H\u00e9ra \u2013 bohov\u00e9 z \u0159eck\u00e9 tradice, historicko-ilustrativn\u00ed\" srcset=\"https:\/\/iwell-guard.com\/wp-content\/uploads\/2026\/05\/goetter_griechenland_hera-683x1024.webp 683w, https:\/\/iwell-guard.com\/wp-content\/uploads\/2026\/05\/goetter_griechenland_hera-200x300.webp 200w, https:\/\/iwell-guard.com\/wp-content\/uploads\/2026\/05\/goetter_griechenland_hera-768x1152.webp 768w, https:\/\/iwell-guard.com\/wp-content\/uploads\/2026\/05\/goetter_griechenland_hera.webp 1024w\" sizes=\"(max-width: 683px) 100vw, 683px\" \/>\t\t\t\t\t\t\t\t\t\t\t\t\t\t\t<\/div>\n\t\t\t\t<\/div>\n\t\t\t\t\t<\/div>\n\t\t\t\t<\/div>\n\t\t<div class=\"elementor-element elementor-element-2f53819 e-con-boxed e-flex e-con e-parent\" data-id=\"2f53819\" data-element_type=\"container\" data-e-type=\"container\">\n\t\t\t\t\t<div class=\"e-con-inner\">\n\t\t<div class=\"elementor-element elementor-element-dc837e9 e-con-full e-flex e-con e-child\" data-id=\"dc837e9\" data-element_type=\"container\" data-e-type=\"container\">\n\t\t\t\t<div class=\"elementor-element elementor-element-8136194 elementor-widget elementor-widget-heading\" data-id=\"8136194\" data-element_type=\"widget\" data-e-type=\"widget\" data-widget_type=\"heading.default\">\n\t\t\t\t\t<h2 class=\"elementor-heading-title elementor-size-default\">M\u00fdtus a rodokmen<\/h2>\t\t\t\t<\/div>\n\t\t\t\t<div class=\"elementor-element elementor-element-1babf69 elementor-widget elementor-widget-text-editor\" data-id=\"1babf69\" data-element_type=\"widget\" data-e-type=\"widget\" data-widget_type=\"text-editor.default\">\n\t\t\t\t\t\t\t\t\t<p>H\u00e9siodos za\u0159azuje H\u00e9ru v \u00abTheogonii\u00bb (ver\u0161e 453 a\u017e 458) do druh\u00e9 generace bo\u017esk\u00fdch bytost\u00ed: je dcerou Tit\u00e1n\u016f Krona a Rheie, sestersk\u00fd sv\u00e1zan\u00e1 s Hesti\u00ed, D\u00e9m\u00e9t\u00e9r, H\u00e1dem, Poseidonem a Zeusem.<\/p><p>Podle p\u0159\u00edb\u011bhu o svr\u017een\u00ed je jako jej\u00ed sourozenci pohlcena Kronem a pozd\u011bji uvoln\u011bna d\u00edky d\u00e1vidlu, kter\u00e9 podala Rheia. Pausanias uv\u00e1d\u00ed arkadskou tradici, podle n\u00ed\u017e vyrostla jako d\u00edvka u \u0159eky Asterion pobl\u00ed\u017e Argu, opatrov\u00e1na jej\u00edmi t\u0159emi dcerami Euboiou, Prosymnou a Akraiou, kter\u00e9 byly pozd\u011bji uct\u00edv\u00e1ny jako prameniny nymfy svatyn\u011b.<\/p>\n<p>Spojen\u00ed se Zeusem vykl\u00e1d\u00e1 Theogonie jako hieros gamos, svatou svatbu, je\u017e kosmologicky zakl\u00e1d\u00e1 kr\u00e1lovstv\u00ed na Olympu. Z tohoto man\u017eelstv\u00ed vzch\u00e1zej\u00ed podle H\u00e9sioda \u00c1res, H\u00e9ba a Eileithyia; H\u00e9faistos je podle jin\u00fdch pramen\u016f zrozen H\u00e9rou samotnou, jako vzdorn\u00e1 odpov\u011b\u010f na partenogenetick\u00e9 zrozen\u00ed Ath\u00e9ny z hlavy Zeuse.<\/p><p>U Hom\u00e9ra se genealogie jev\u00ed stabiln\u011bj\u0161\u00ed, av\u0161ak <span class=\"iwg-fachbegriff\" data-tooltip=\"Opakuj\u00edc\u00ed se obsahov\u00fd prvek v um\u011bn\u00ed nebo vypr\u00e1v\u011bn\u00ed.\" tabindex=\"0\">motiv<\/span> samostatn\u00e9ho mate\u0159stv\u00ed H\u00e9ry z\u016fst\u00e1v\u00e1 opakuj\u00edc\u00edm se prvkem jej\u00edch m\u00fdt\u016f. Pozdn\u00ed hel\u00e9nistick\u00e1 tradice, zaznamenan\u00e1 u Diodora (V, 72), uv\u00e1d\u00ed p\u0159\u00edmo Argos jako m\u00edsto jej\u00edho zrozen\u00ed a Temena, syna Pelasgova, jako prvn\u00edho uspo\u0159adatele jej\u00edch ob\u0159ad\u016f.<\/p>\n<p>Zaj\u00edmav\u00e9 jsou n\u00e1znaky p\u0159ed\u0159eck\u00e9 samostatnosti: Walter Burkert ve sv\u00e9m d\u00edle \u00abGriechische Religion der archaischen und klassischen Epoche\u00bb upozornil, \u017ee H\u00e9\u0159ina kultovn\u00ed centra v Argu, na Samu a v Peracho\u0159e p\u016fsob\u00ed star\u0161\u00edho data ne\u017e pln\u011b vyvinut\u00fd olympsk\u00fd \u0159\u00e1d.<\/p><p>N\u00e1lezy myk\u00e9nsk\u00fdch desti\u010dek s line\u00e1rn\u00edm p\u00edsmem B z Pylu a Th\u00e9b dokl\u00e1daj\u00ed pod jm\u00e9nem \u00abe-ra\u00bb p\u0159\u00edjemkyni ob\u011bt\u00ed ji\u017e v t\u0159in\u00e1ct\u00e9m stolet\u00ed p\u0159ed na\u0161\u00edm letopo\u010dtem. Bohyn\u011b tak nese rysy samostatn\u00e9 m\u011bstsk\u00e9 vl\u00e1dkyn\u011b, kter\u00e1 byla do hom\u00e9rsk\u00e9ho syst\u00e9mu Zeusovy man\u017eelky za\u0159azena a\u017e druhotn\u011b.<\/p>\n<p>Genealogicky p\u016fsob\u00ed H\u00e9ra prost\u0159ednictv\u00edm sv\u00fdch d\u011bt\u00ed hluboko do <span class=\"iwg-fachbegriff\" data-tooltip=\"Tradovan\u00fd p\u0159\u00edb\u011bh o boz\u00edch, po\u010d\u00e1tc\u00edch a uspo\u0159\u00e1d\u00e1n\u00ed sv\u011bta.\" tabindex=\"0\">m\u00fdtu<\/span>. \u00c1res se st\u00e1v\u00e1 otcem Er\u00f3ta (podle jedn\u00e9 z konkuruj\u00edc\u00edch tradic), Foba a Deima; H\u00e9ba si po H\u00e9raklov\u011b apote\u00f3ze bere zbo\u017e\u0161t\u011bn\u00e9ho h\u00e9roa; Eileithyia se st\u00e1v\u00e1 nepostradatelnou pr\u016fvodkyn\u00ed p\u0159i ka\u017ed\u00e9m porodu.<\/p><p>Tato linie ukazuje H\u00e9ru m\u00e9n\u011b jako kosmologickou prapraradce, v\u00edce jako zakladatelku spole\u010densk\u00fdch instituc\u00ed: man\u017eelstv\u00ed, porodu, ml\u00e1d\u00ed.<\/p>\t\t\t\t\t\t\t\t<\/div>\n\t\t\t\t<\/div>\n\t\t<div class=\"elementor-element elementor-element-3f74f07 e-con-full e-flex e-con e-child\" data-id=\"3f74f07\" data-element_type=\"container\" data-e-type=\"container\">\n\t\t\t\t<div class=\"elementor-element elementor-element-768fc0b elementor-widget elementor-widget-heading\" data-id=\"768fc0b\" data-element_type=\"widget\" data-e-type=\"widget\" data-widget_type=\"heading.default\">\n\t\t\t\t\t<h2 class=\"elementor-heading-title elementor-size-default\">Symboly, ikonografie a atributy<\/h2>\t\t\t\t<\/div>\n\t\t\t\t<div class=\"elementor-element elementor-element-465c0ec elementor-widget elementor-widget-text-editor\" data-id=\"465c0ec\" data-element_type=\"widget\" data-e-type=\"widget\" data-widget_type=\"text-editor.default\">\n\t\t\t\t\t\t\t\t\t<p>H\u00e9\u0159in\u00fdm klasick\u00fdm atributem je diad\u00e9m neboli stefan\u00e9, vysok\u00e1, \u010dasto v\u011b\u017eovit\u00e1 koruna, je\u017e zna\u010d\u00ed jej\u00ed kr\u00e1lovsk\u00e9 postaven\u00ed. \u010casto dr\u017e\u00ed \u017eezlo, ob\u010das misku (fi\u00e1lu) pro ob\u011btinu.<\/p><p>P\u00e1v, v \u0159\u00edmsk\u00e9 dob\u011b s n\u00ed pevn\u011b spojen\u00fd, se v \u0159eck\u00e9 v\u00fdtvarn\u00e9 tradici objevuje a\u017e pozd\u011b; v archaick\u00e9m obdob\u00ed dominuj\u00ed kuka\u010dka a kr\u00e1va. Spojen\u00ed s p\u00e1vem se odvozuje od Ovidia (Metamorf\u00f3zy I, 722 a\u017e 723), kter\u00fd sto o\u010d\u00ed zabit\u00e9ho Arga znovu vzk\u0159\u00edsil na pe\u0159\u00ed pt\u00e1ka.<\/p>\n<p>P\u0159\u00eddomek \u00abboopis\u00bb, \u00abvolook\u00e1\u00bb, je hom\u00e9rsk\u00e9 standardn\u00ed epiteton a odkazuje na starobyl\u00e9 spojen\u00ed se skotem. Heinrich Schliemann a n\u00e1sleduj\u00edc\u00ed generace badatel\u016f nalezli v arg\u00edvsk\u00fdch n\u00e1lezech idoly, vykl\u00e1dan\u00e9 jako bukrania (b\u00fd\u010d\u00ed lebky), co\u017e podep\u00edr\u00e1 H\u00e9\u0159inu bl\u00edzkost k rohat\u00e9mu dobytku.<\/p><p>Kuka\u010dka hraje roli ve svatebn\u00edm m\u00fdtu: Zeus se m\u011bl prom\u011bnit v promrzlou kuka\u010dku, kterou H\u00e9ra zachr\u00e1nila, na\u010de\u017e se b\u016fh zjevil a za\u010dal j\u00ed dvo\u0159it. Pausanias (II, 17, 4) potvrzuje tuto variantu jako arg\u00edvskou m\u00edstn\u00ed tradici.<\/p>\n<p>Na klasick\u00fdch v\u00e1zov\u00fdch malb\u00e1ch nos\u00ed H\u00e9ra dlouh\u00fd, opasovan\u00fd peplos, k tomu z\u00e1voj a p\u0159\u00edle\u017eitostn\u011b gran\u00e1tov\u00e9 jablko jako plod man\u017eelstv\u00ed a plodnosti.<\/p><p>Polykleitos vytvo\u0159il pro H\u00e9raion v Argu chryselefantinovou kultovn\u00ed sochu, o n\u00ed\u017e Pausanias uv\u00e1d\u00ed, \u017ee nesla v\u011bnec s Charitkami a H\u00f3rami, v jedn\u00e9 ruce gran\u00e1tov\u00e9 jablko, v druh\u00e9 \u017eezlo s kuka\u010dkou na vrcholu.<\/p><p>Socha byla pova\u017eov\u00e1na za jedno z hlavn\u00edch d\u011bl Polykleita, srovnateln\u00e9 s jeho Doryforem, a po stalet\u00ed utv\u00e1\u0159ela obraz zral\u00e9, tr\u016fn\u00edc\u00ed bohyn\u011b.<\/p>\n<p>M\u00e9n\u011b zn\u00e1m\u00fdmi atributy jsou ke\u0159 vitex (drmek obecn\u00fd), kter\u00fd p\u0159i samsk\u00e9 Tonaii obt\u00e1\u010del jej\u00ed <span class=\"iwg-fachbegriff\" data-tooltip=\"Obrazov\u00e9 zpodobn\u011bn\u00ed bo\u017estva uct\u00edvan\u00e9 v chr\u00e1mu nebo svatyni.\" tabindex=\"0\">kultovn\u00ed sochu<\/span>, a gran\u00e1tov\u00e9 jablko. To druh\u00e9 spojuje H\u00e9ru s Persefonou a odkazuje na dvoj\u00ed funkci plodu jako <span class=\"iwg-fachbegriff\" data-tooltip=\"Znak zastupuj\u00edc\u00ed ur\u010ditou p\u0159edstavu nebo v\u00fdznam.\" tabindex=\"0\">symbolu<\/span> man\u017eelsk\u00e9 plodnosti a podsv\u011btn\u00ed vazby.<\/p><p>Ikonografick\u00e9 rozli\u0161en\u00ed mezi H\u00e9rou a D\u00e9m\u00e9t\u00e9r z\u016fst\u00e1v\u00e1 v archaick\u00fdch zobrazen\u00edch nejasn\u00e9, co\u017e podporuje tezi o p\u016fvodn\u011b p\u0159\u00edbuzn\u00e9 vegeta\u010dn\u00ed a m\u011bstsk\u00e9 bohyni.<\/p>\t\t\t\t\t\t\t\t<\/div>\n\t\t\t\t<\/div>\n\t\t<div class=\"elementor-element elementor-element-f74891a e-con-full e-flex e-con e-child\" data-id=\"f74891a\" data-element_type=\"container\" data-e-type=\"container\">\n\t\t\t\t<div class=\"elementor-element elementor-element-2223a90 elementor-widget elementor-widget-heading\" data-id=\"2223a90\" data-element_type=\"widget\" data-e-type=\"widget\" data-widget_type=\"heading.default\">\n\t\t\t\t\t<h2 class=\"elementor-heading-title elementor-size-default\">Kult a uct\u00edv\u00e1n\u00ed<\/h2>\t\t\t\t<\/div>\n\t\t\t\t<div class=\"elementor-element elementor-element-830b952 elementor-widget elementor-widget-text-editor\" data-id=\"830b952\" data-element_type=\"widget\" data-e-type=\"widget\" data-widget_type=\"text-editor.default\">\n\t\t\t\t\t\t\t\t\t<p><span class=\"iwg-fachbegriff\" data-tooltip=\"Souhrn n\u00e1bo\u017eensk\u00fdch \u00factypln\u00fdch \u00fakon\u016f v\u016f\u010di bo\u017estvu nebo posv\u00e1tn\u00e9 bytosti.\" tabindex=\"0\">Kult<\/span> Heraionu se d\u011bl\u00ed na n\u011bkolik hlavn\u00edch lini\u00ed. V Argu byla H\u00e9ra uct\u00edv\u00e1na jako m\u011bstsk\u00e1 bohyn\u011b: Heraion mezi Myk\u00e9nami a Argem byl \u00fast\u0159edn\u00ed <span class=\"iwg-fachbegriff\" data-tooltip=\"Posv\u00e1tn\u00e9 m\u00edsto zasv\u011bcen\u00e9 uct\u00edv\u00e1n\u00ed bo\u017estva.\" tabindex=\"0\">svatyn\u00ed<\/span> Argolidy, s vlastn\u00edm kn\u011b\u017esk\u00fdm \u00fa\u0159adem a n\u011bkolikadenn\u00edm sv\u00e1tkem zvan\u00fdm Heraia. P\u0159i t\u011bchto slavnostech byly p\u0159in\u00e1\u0161eny hekatomby, a proto se Heraia naz\u00fdvala tak\u00e9 \u201eHekatombaia\u201c.<\/p><p>Sou\u010d\u00e1st\u00ed kultovn\u00edho \u0159\u00e1du byl vozatajsk\u00fd z\u00e1vod, jeho\u017e v\u00edt\u011bz obdr\u017eel jako \u010destn\u00fd dar bronzov\u00fd \u0161t\u00edt, a slavnostn\u00ed pr\u016fvod kn\u011b\u017eky na voze ta\u017een\u00e9m b\u00edl\u00fdmi voly, popsan\u00fd v epizod\u011b o Kleobisovi a Bit\u00f3novi u H\u00e9rodota (I, 31).<\/p>\n<p>Na Samu st\u00e1lo i\u00f3nsk\u00e9 Heraion, jeho\u017e chr\u00e1mov\u00e1 stavba dos\u00e1hla v \u0161est\u00e9m stolet\u00ed p\u0159ed na\u0161\u00edm letopo\u010dtem obrovsk\u00fdch rozm\u011br\u016f. H\u00e9rodotos popisuje tuto <span class=\"iwg-fachbegriff\" data-tooltip=\"Posv\u00e1tn\u00e9 m\u00edsto zasv\u011bcen\u00e9 uct\u00edv\u00e1n\u00ed bo\u017estva.\" tabindex=\"0\">svatyni<\/span> jako jednu z nejv\u011bt\u0161\u00edch v \u0158ecku (H\u00e9rodotos III, 60).<\/p><p>\u00dast\u0159edn\u00edm <span class=\"iwg-fachbegriff\" data-tooltip=\"Uspo\u0159\u00e1dan\u00e1 posloupnost symbolick\u00fdch \u00fakon\u016f s n\u00e1bo\u017eensk\u00fdm nebo kulturn\u00edm v\u00fdznamem.\" tabindex=\"0\">ritu\u00e1lem<\/span> byla Tonaia: <span class=\"iwg-fachbegriff\" data-tooltip=\"Obrazov\u00e9 zn\u00e1zorn\u011bn\u00ed bo\u017estva uct\u00edvan\u00e9 v chr\u00e1mu nebo svatyni.\" tabindex=\"0\">kultovn\u00ed socha<\/span> byla v noci odnesena na pl\u00e1\u017e, zabalena do v\u011btv\u00ed lygu a omyta, co\u017e je vykl\u00e1d\u00e1no jako obnoven\u00ed panensk\u00e9 H\u00e9ry a symbolick\u00fd n\u00e1vrat do stavu p\u0159ed s\u0148atkem. <span class=\"iwg-fachbegriff\" data-tooltip=\"Tradovan\u00fd p\u0159\u00edb\u011bh o boz\u00edch, po\u010d\u00e1tc\u00edch a \u0159\u00e1du sv\u011bta.\" tabindex=\"0\">M\u00fdtus<\/span> vysv\u011btloval tento <span class=\"iwg-fachbegriff\" data-tooltip=\"Ust\u00e1len\u00fd, opakuj\u00edc\u00ed se n\u00e1bo\u017eensk\u00fd \u00fakon.\" tabindex=\"0\">ritu\u00e1l<\/span> jako p\u0159ipom\u00ednku pokusu karsk\u00fdch pir\u00e1t\u016f ukr\u00e1st <span class=\"iwg-fachbegriff\" data-tooltip=\"Obrazov\u00e9 zn\u00e1zorn\u011bn\u00ed bo\u017estva uct\u00edvan\u00e9 v chr\u00e1mu nebo svatyni.\" tabindex=\"0\">kultovn\u00ed sochu<\/span>.<\/p>\n<p>V Olympii st\u00e1l H\u00e9\u0159in chr\u00e1m star\u0161\u00ed ne\u017e chr\u00e1m Di\u016fv; zde se slavila Heraia, b\u011b\u017eeck\u00fd z\u00e1vod neprovdan\u00fdch d\u00edvek ve t\u0159ech v\u011bkov\u00fdch kategori\u00edch na trati o d\u00e9lce p\u011bti \u0161estin stadionu, popsan\u00fd Pausaniou (V, 16). \u0160estn\u00e1ct matron, vybran\u00fdch z \u00e9lidsk\u00fdch f\u00fdl, tkalo pro bohyni roucho peplos.<\/p><p>V Peracho\u0159e u Korintu dokl\u00e1d\u00e1 svatyn\u011b H\u00e9ry Akraie a Lim\u00e9nie, \u201eskaln\u00ed\u201c a \u201ep\u0159\u00edstavn\u00ed\u201c H\u00e9ry, ran\u00fd p\u0159\u00edmo\u0159sk\u00fd kult spojen\u00fd s plavbou; tis\u00edce votivn\u00edch n\u00e1lez\u016f, mezi nimi f\u00e9nick\u00e9 skaraby, ukazuj\u00ed v\u00fdznam p\u0159\u00edstavn\u00edho kultu v sedm\u00e9m a \u0161est\u00e9m stolet\u00ed p\u0159ed na\u0161\u00edm letopo\u010dtem.<\/p>\n<p>Samostatnou linii tvo\u0159\u00ed svatebn\u00ed kult. V Plataj\u00edch slavili B\u00f3j\u00f3tov\u00e9 \u201eDaidala\u201c, p\u0159i nich\u017e byla d\u0159ev\u011bn\u00e1 <span class=\"iwg-fachbegriff\" data-tooltip=\"Obrazov\u00e9 zn\u00e1zorn\u011bn\u00ed bo\u017estva uct\u00edvan\u00e9 v chr\u00e1mu nebo svatyni.\" tabindex=\"0\">kultovn\u00ed socha<\/span> ozdobena jako nev\u011bsta, nesena v triumf\u00e1ln\u00edm pr\u016fvodu na horu Kithair\u00f3n a nakonec sp\u00e1lena.<\/p><p>Pausanias (IX, 3) vykl\u00e1d\u00e1 tento sv\u00e1tek jako sm\u00edrn\u00fd sv\u00e1tek mezi Diem a H\u00e9rou, kter\u00e1 se po h\u00e1dce st\u00e1hla do \u00fastran\u00ed. Takov\u00e9 ob\u0159ady ukazuj\u00ed H\u00e9ru jako personifikaci cyklicky opakovan\u00e9ho man\u017eelsk\u00e9ho svazku, v n\u011bm\u017e rozchod a sm\u00ed\u0159en\u00ed nesou kosmick\u00fd v\u00fdznam.<\/p>\t\t\t\t\t\t\t\t<\/div>\n\t\t\t\t<\/div>\n\t\t<div class=\"elementor-element elementor-element-34db45c e-con-full e-flex e-con e-child\" data-id=\"34db45c\" data-element_type=\"container\" data-e-type=\"container\">\n\t\t\t\t<div class=\"elementor-element elementor-element-56068f1 elementor-widget elementor-widget-heading\" data-id=\"56068f1\" data-element_type=\"widget\" data-e-type=\"widget\" data-widget_type=\"heading.default\">\n\t\t\t\t\t<h2 class=\"elementor-heading-title elementor-size-default\">V\u00fdznamn\u00e9 svatyn\u011b a chr\u00e1my<\/h2>\t\t\t\t<\/div>\n\t\t\t\t<div class=\"elementor-element elementor-element-896894f elementor-widget elementor-widget-text-editor\" data-id=\"896894f\" data-element_type=\"widget\" data-e-type=\"widget\" data-widget_type=\"text-editor.default\">\n\t\t\t\t\t\t\t\t\t<p>Argivsk\u00fd Heraion se nach\u00e1z\u00ed zhruba osm kilometr\u016f severov\u00fdchodn\u011b od Argu na terase u hory Euboia. Archaick\u00fd <span class=\"iwg-fachbegriff\" data-tooltip=\"Stavba slou\u017e\u00edc\u00ed uct\u00edv\u00e1n\u00ed jednoho nebo v\u00edce bo\u017estev.\" tabindex=\"0\">chr\u00e1m<\/span> ze sedm\u00e9ho stolet\u00ed vyho\u0159el roku 423 p\u0159ed na\u0161\u00edm letopo\u010dtem, jak zaznamen\u00e1v\u00e1 Th\u00fakydid\u00e9s (IV, 133); klasickou n\u00e1slednou stavbu vytvo\u0159il architekt Eupolemos.<\/p><p>Podle pozd\u011bj\u0161\u00ed tradice se zde po\u010d\u00edtala argivsk\u00e1 l\u00e9ta podle h\u00e9\u0159in\u00fdch kn\u011b\u017eek; Th\u00fakydid\u00e9s datuje pomoc\u00ed kn\u011b\u017eky Chrysis jednu ud\u00e1lost pelopon\u00e9sk\u00e9 v\u00e1lky.<\/p>\n<p>Samsk\u00fd Heraion u Ireonu se od osm\u00e9ho stolet\u00ed rozvinul v panhel\u00e9nsk\u00e9 poutn\u00ed m\u00edsto. T\u0159et\u00ed <span class=\"iwg-fachbegriff\" data-tooltip=\"Stavba slou\u017e\u00edc\u00ed uct\u00edv\u00e1n\u00ed jednoho nebo v\u00edce bo\u017estev.\" tabindex=\"0\">chr\u00e1m<\/span>, navr\u017een\u00fd Rhoikem a Theodorem, byl dipteros s v\u00edce ne\u017e sto sloupy.<\/p><p>N\u00e1lezy sahaj\u00ed od egyptsk\u00fdch bronz\u016f a\u017e po severosyrsk\u00e9 slonoviny a ukazuj\u00ed \u0161irokou s\u00ed\u0165 vztah\u016f t\u00e9to svatyn\u011b. Polykrat\u00e9s nechal postavit n\u00e1slednou budovu, kter\u00e1 podle H\u00e9rodota m\u011bla b\u00fdt nejv\u010dt\u0161\u00edm \u0159eck\u00fdm <span class=\"iwg-fachbegriff\" data-tooltip=\"Stavba slou\u017e\u00edc\u00ed uct\u00edv\u00e1n\u00ed jednoho nebo v\u00edce bo\u017estev.\" tabindex=\"0\">chr\u00e1mem<\/span> sv\u00e9 doby, ale nikdy nebyla dokon\u010dena.<\/p>\n<p>Mezi dal\u0161\u00ed v\u00fdznamn\u00e1 m\u00edsta pat\u0159\u00ed Heraion z Foce del Sele u Paesta v Luk\u00e1nii, chr\u00e1mov\u00fd z\u00e1klad H\u00e9ry Lakinie u Krot\u00f3nu v Kal\u00e1brii (Strab\u00f3n VI, 1, 11) a H\u00e9\u0159in chr\u00e1m v olympijsk\u00e9m <span class=\"iwg-fachbegriff\" data-tooltip=\"Svat\u00fd h\u00e1j, kter\u00fd slou\u017eil jako m\u00edsto kultu.\" tabindex=\"0\">h\u00e1ji<\/span> (Heraion v Olympii), kde podle Pausania st\u00e1l Praxitel\u016fv Herm\u00e9s.<\/p><p>Tak\u00e9 druh\u00fd <span class=\"iwg-fachbegriff\" data-tooltip=\"Stavba slou\u017e\u00edc\u00ed uct\u00edv\u00e1n\u00ed jednoho nebo v\u00edce bo\u017estev.\" tabindex=\"0\">chr\u00e1m<\/span> v Paestu, v devaten\u00e1ct\u00e9m stolet\u00ed ozna\u010dovan\u00fd jako \u201ePoseidon\u016fv chr\u00e1m\u201c, je dnes v\u011bt\u0161inou pova\u017eov\u00e1n za H\u00e9\u0159in chr\u00e1m. Heraion Lakinion byl shroma\u017e\u010fovac\u00edm m\u00edstem italsk\u00fdch \u0158ek\u016f a centrem spolku, kter\u00fd p\u0159etrval a\u017e do \u0159\u00edmsk\u00e9 doby.<\/p>\n<p>K m\u00e9n\u011b zn\u00e1m\u00fdm svatyn\u00edm pat\u0159\u00ed Heraion v Tiryntu, postaven\u00fd po zni\u010den\u00ed myk\u00e9nsk\u00e9ho hradu na trosk\u00e1ch b\u00fdval\u00e9ho megara, d\u00e1le Heraion v Korintu a Heraion v Mantineji. Kontinuita t\u011bchto m\u00edst mezi myk\u00e9nskou a archaickou dobou je jedn\u00edm z nejd\u016fle\u017eit\u011bj\u0161\u00edch argument\u016f pro p\u0159ed\u0159eckou vrstvu H\u00e9\u0159ina kultu.<\/p>\t\t\t\t\t\t\t\t<\/div>\n\t\t\t\t<\/div>\n\t\t<div class=\"elementor-element elementor-element-6cfea5c e-con-full e-flex e-con e-child\" data-id=\"6cfea5c\" data-element_type=\"container\" data-e-type=\"container\">\n\t\t\t\t<div class=\"elementor-element elementor-element-397f5f0 elementor-widget elementor-widget-heading\" data-id=\"397f5f0\" data-element_type=\"widget\" data-e-type=\"widget\" data-widget_type=\"heading.default\">\n\t\t\t\t\t<h2 class=\"elementor-heading-title elementor-size-default\">Mytick\u00e9 vypr\u00e1v\u011bn\u00ed<\/h2>\t\t\t\t<\/div>\n\t\t\t\t<div class=\"elementor-element elementor-element-7eb4199 elementor-widget elementor-widget-text-editor\" data-id=\"7eb4199\" data-element_type=\"widget\" data-e-type=\"widget\" data-widget_type=\"text-editor.default\">\n\t\t\t\t\t\t\t\t\t<p>H\u00e9\u0159inu mytickou postavu utv\u00e1\u0159ej\u00ed t\u0159i vypr\u00e1v\u011bc\u00ed okruhy. Prvn\u00edm je pron\u00e1sledov\u00e1n\u00ed Diov\u00fdch milenek a jeho neman\u017eelsk\u00fdch d\u011bt\u00ed. U Apollod\u00f3ra (Bibliotheke II, 4, 8) pos\u00edl\u00e1 H\u00e9ra dva hady, aby zabili mal\u00e9ho Herakla v kol\u00e9bce; d\u00edt\u011b je oba udus\u00ed.<\/p><p>Pozd\u011bji na n\u011bj uvrhne \u0161\u00edlenstv\u00ed, tak\u017ee zabije sv\u00e9 vlastn\u00ed d\u011bti, co\u017e se st\u00e1v\u00e1 d\u016fvodem pro dvan\u00e1ct \u00fakol\u016f.<\/p><p>V p\u0159\u00edpad\u011b I\u00f3 Zeus svou milenku prom\u011bn\u00ed v kr\u00e1vu, o kterou H\u00e9ra po\u017e\u00e1d\u00e1 a d\u00e1 ji hl\u00eddat Argem Panoptem.<\/p><p>Po jeho zabit\u00ed Hermem pron\u00e1sleduje I\u00f3 po cel\u00e9m sv\u011bt\u011b ov\u00e1d vyslan\u00fd H\u00e9rou, a\u017e dokud v Egypt\u011b nez\u00edsk\u00e1 zp\u011bt lidskou podobu; Aischylos v \u00abProm\u00e9theovi upoutan\u00e9m\u00bb prom\u011b\u0148uje tuto cestu ve p\u0159edzv\u011bst rodokmenu Herakla.<\/p>\n<p>Druh\u00fd okruh se t\u00fdk\u00e1 dramat spojen\u00fdch s narozen\u00edm. H\u00e9ra podle Hom\u00e9ra (\u00cdlias XIX, 95 a\u017e 133) oddaluje Heraklovo narozen\u00ed t\u00edm, \u017ee zadr\u017e\u00ed Eileithyiu, tak\u017ee se Eurystheus narod\u00ed prvn\u00ed a z\u00edsk\u00e1 tak pr\u00e1vo prvorozen\u00e9ho.<\/p><p>Ve sporu o L\u00e9t\u00f3 zabr\u00e1n\u00ed H\u00e9ra t\u011bhotn\u00e9 Diov\u011b milence dos\u00e1hnout pevn\u00e9 p\u016fdy; D\u00e9los, plovouc\u00ed ostrov, se st\u00e1v\u00e1 m\u00edstem narozen\u00ed Apoll\u00f3na a Artemis. Tak\u00e9 p\u0159em\u011bna Kallist\u00f3 v medv\u011bdici, zaznamenan\u00e1 u Ovidia (Prom\u011bny II, 466 a\u017e 495), je v n\u011bkter\u00fdch variant\u00e1ch p\u0159isuzov\u00e1na H\u00e9\u0159e.<\/p>\n<p>T\u0159et\u00ed okruh popisuje H\u00e9ru jako jednaj\u00edc\u00ed kr\u00e1lovnu v trojsk\u00e9 v\u00e1lce. V epizod\u011b \u00abSveden\u00ed Dia\u00bb (\u00cdlias XIV, 153 a\u017e 360) svede sv\u00e9ho man\u017eela na vrcholu Idy pomoc\u00ed p\u00e1su Afrod\u00edty, aby zajistila v\u00fdhody Ach\u00e1jc\u016fm.<\/p><p>Tato sc\u00e9na je pova\u017eov\u00e1na za jeden z nejstar\u0161\u00edch p\u0159\u00edklad\u016f \u017eensk\u00e9 lstivosti v evropsk\u00e9 literatu\u0159e. V p\u0159edeh\u0159e v\u00e1lky je po Paridovu soudu nejzaryt\u011bj\u0161\u00ed nep\u0159\u00edtelkyn\u00ed Tr\u00f3je: Paris ud\u011blil zlat\u00e9 jablko Eris Afrod\u00edt\u011b, nikoli H\u00e9\u0159e, kter\u00e1 mu slibovala vl\u00e1du a v\u00e1le\u010dnou sl\u00e1vu.<\/p>\n<p>\u010ctvrtou, m\u00e9n\u011b zn\u00e1mou epizodou je vzpoura na Olympu: U Hom\u00e9ra (\u00cdlias I, 396 a\u017e 406) vypr\u00e1v\u00ed Achilles, \u017ee H\u00e9ra, Poseidon a Ath\u00e9na kdysi spoutali Dia, dokud Thetis nep\u0159ivolala na pomoc storuk\u00e9ho Briarea, kter\u00fd vl\u00e1dce boh\u016f vysvobodil.<\/p><p>Tato epizoda ukazuje H\u00e9ru jako v\u016fdkyni \u0161lechtick\u00e9 frakce proti monarchick\u00e9mu n\u00e1roku jej\u00edho man\u017eela a potvrzuje jej\u00ed postaven\u00ed samostatn\u011b jednaj\u00edc\u00ed vl\u00e1dkyn\u011b.<\/p>\t\t\t\t\t\t\t\t<\/div>\n\t\t\t\t<\/div>\n\t\t<div class=\"elementor-element elementor-element-c041306 e-con-full e-flex e-con e-child\" data-id=\"c041306\" data-element_type=\"container\" data-e-type=\"container\">\n\t\t\t\t<div class=\"elementor-element elementor-element-93398f8 elementor-widget elementor-widget-heading\" data-id=\"93398f8\" data-element_type=\"widget\" data-e-type=\"widget\" data-widget_type=\"heading.default\">\n\t\t\t\t\t<h2 class=\"elementor-heading-title elementor-size-default\">Vztahy v panteonu<\/h2>\t\t\t\t<\/div>\n\t\t\t\t<div class=\"elementor-element elementor-element-e2a0c61 elementor-widget elementor-widget-text-editor\" data-id=\"e2a0c61\" data-element_type=\"widget\" data-e-type=\"widget\" data-widget_type=\"text-editor.default\">\n\t\t\t\t\t\t\t\t\t<p>Nap\u011bt\u00ed mezi H\u00e9rou a Diem prostupuje cel\u00fdm hom\u00e9rsk\u00fdm eposem. Nejde o pouhou \u017e\u00e1rlivost, n\u00fdbr\u017e o v\u00fdraz dvou soupe\u0159\u00edc\u00edch n\u00e1rok\u016f na svrchovanost: Zeus jako olympsk\u00fd vl\u00e1dce, H\u00e9ra jako pr\u00e1voplatn\u00e1 kr\u00e1lovna.<\/p><p>U Pindara a v trag\u00e9di\u00edch vystupuje jako ne\u00faplatn\u00e1 ru\u010ditelka man\u017eelsk\u00e9ho pr\u00e1va. \u010cast\u00e1 usm\u00ed\u0159en\u00ed obou bo\u017estev, nap\u0159\u00edklad v \u00abdaidalsk\u00e9m\u00bb <span class=\"iwg-fachbegriff\" data-tooltip=\"Tradovan\u00fd p\u0159\u00edb\u011bh o boz\u00edch, po\u010d\u00e1tc\u00edch a uspo\u0159\u00e1d\u00e1n\u00ed sv\u011bta.\" tabindex=\"0\">m\u00fdtu<\/span> z Plataj, lze \u010d\u00edst jako ritu\u00e1ln\u00ed zp\u0159\u00edtomn\u011bn\u00ed kosmick\u00e9ho s\u0148atku, kter\u00fd mus\u00ed b\u00fdt ka\u017edoro\u010dn\u011b obnovov\u00e1n.<\/p>\n<p>S Ath\u00e9nou a Poseidonem ji spojuje prohra ve sporu o Argos: Pausanias uv\u00e1d\u00ed, \u017ee \u0159ekov\u00e9 bohov\u00e9 Inachos, K\u00e9fisos a Asterion rozhodli ve prosp\u011bch H\u00e9ry, na\u010de\u017e Poseidon nechal \u0159eky vyschnout.<\/p><p>S Afrod\u00edtou m\u00e1 vztah pln\u00fd rozpor\u016f: H\u00e9ra si od n\u00ed vyp\u016fj\u010duje p\u00e1s, p\u0159esto odm\u00edt\u00e1 princip erotick\u00e9ho sv\u00e1d\u011bn\u00ed jako takov\u00fd. Ostr\u00e9 rozd\u011blen\u00ed mezi man\u017eelsk\u00fd svazek (H\u00e9ra) a svobodnou erotikou (Afrod\u00edta) pat\u0159\u00ed k z\u00e1kladn\u00edm polarit\u00e1m \u0159eck\u00e9ho bo\u017esk\u00e9ho kolegia.<\/p>\n<p>H\u00e9faistos, podle n\u011bkter\u00fdch tradic jej\u00ed syn, j\u00ed v jedn\u00e9 variant\u011b vykove zlat\u00fd tr\u016fn, kter\u00fd matku upout\u00e1, dokud Dion\u00fdsos boha kov\u00e1\u0159stv\u00ed neopije a nep\u0159esv\u011bd\u010d\u00ed ho, aby ji vysvobodil.<\/p><p>Vztah k Heraklovi, synovi Alkm\u00e9ny, z\u016fst\u00e1v\u00e1 nejv\u00fdrazn\u011bj\u0161\u00edm nep\u0159\u00e1telstv\u00edm v panteonu; teprve po jeho apote\u00f3ze se oba usm\u00ed\u0159\u00ed a H\u00e9b\u00e9, dcera H\u00e9ry, se st\u00e1v\u00e1 jeho olympskou man\u017eelkou. K Iris, poslance boh\u016f, existuje zvl\u00e1\u0161tn\u011b t\u011bsn\u00fd vztah slu\u017eebnice a pan\u00ed: Iris vykon\u00e1v\u00e1 H\u00e9\u0159iny p\u0159\u00edkazy zpravidla bez obch\u00e1zen\u00ed p\u0159es Dia.<\/p>\t\t\t\t\t\t\t\t<\/div>\n\t\t\t\t<\/div>\n\t\t<div class=\"elementor-element elementor-element-0bc498a e-con-full e-flex e-con e-child\" data-id=\"0bc498a\" data-element_type=\"container\" data-e-type=\"container\">\n\t\t\t\t<div class=\"elementor-element elementor-element-db984cd elementor-widget elementor-widget-heading\" data-id=\"db984cd\" data-element_type=\"widget\" data-e-type=\"widget\" data-widget_type=\"heading.default\">\n\t\t\t\t\t<h2 class=\"elementor-heading-title elementor-size-default\">Recepce<\/h2>\t\t\t\t<\/div>\n\t\t\t\t<div class=\"elementor-element elementor-element-d85d2c9 elementor-widget elementor-widget-text-editor\" data-id=\"d85d2c9\" data-element_type=\"widget\" data-e-type=\"widget\" data-widget_type=\"text-editor.default\">\n\t\t\t\t\t\t\t\t\t<p>V \u0159\u00edmsk\u00e9m n\u00e1bo\u017eenstv\u00ed je H\u00e9ra identifikov\u00e1na s Junem, kterou v \u0158\u00edm\u011b uct\u00edvali jako sou\u010d\u00e1st kapitolsk\u00e9 trojice s Jupiterem a Minervou. Junovy p\u0159\u00eddomky jako Lucina (pomocnice p\u0159i porodu), Moneta (varovatelka) a Regina p\u0159ev\u00e1d\u011bj\u00ed funkce \u0159eck\u00e9 H\u00e9ry do latinsk\u00e9ho kontextu, ale p\u0159id\u00e1vaj\u00ed nov\u00e9 aspekty spojen\u00e9 se st\u00e1tn\u00edm kultem.<\/p><p>Vergiliova \u00abAeneis\u00bb d\u011bl\u00e1 z Juno hlavn\u00ed protivnici trojsk\u00e9ho p\u0159es\u00eddlen\u00ed do It\u00e1lie, a t\u00edm i odp\u016frkyni zalo\u017een\u00ed \u0159\u00edmsk\u00e9ho st\u00e1tu, ne\u017e se kone\u010dn\u011b usm\u00ed\u0159\u00ed (Aeneis XII, 791 a\u017e 842).<\/p>\n<p>St\u0159edov\u011bk znal H\u00e9ru p\u0159edev\u0161\u00edm prost\u0159ednictv\u00edm recepce Ovidia. V d\u00edle \u00abOvide moralis\u00e9\u00bb a v mytografick\u00fdch p\u0159\u00edru\u010dk\u00e1ch Boccaccia se objevuje jako alegorick\u00e1 postava, \u010dasto redukovan\u00e1 na \u017e\u00e1rlivost.<\/p><p>Renesance p\u0159in\u00e1\u0161\u00ed d\u00edky Botticellimu a Raffaelovi znovuobjeven\u00ed antick\u00e9 <span class=\"iwg-fachbegriff\" data-tooltip=\"Nauka o obsahu obraz\u016f a jejich v\u00fdznamu.\" tabindex=\"0\">ikonografie<\/span>; Annibale Carracciho galerie v Palazzo Farnese zobrazuje Junoin triumf\u00e1ln\u00ed v\u016fz s p\u00e1v\u00edm sp\u0159e\u017een\u00edm. Rubens namaloval n\u011bkolik verz\u00ed \u00abJunoina p\u0159\u00edsahy\u00bb a spor o zlat\u00e9 jablko.<\/p>\n<p>V devaten\u00e1ct\u00e9m a dvac\u00e1t\u00e9m stolet\u00ed se v\u011bdeck\u00e1 recepce soust\u0159ed\u00ed na ot\u00e1zku egejsk\u00e9 p\u0159edformy H\u00e9ry. Martin Persson Nilsson v n\u00ed vid\u011bl odraz minojsk\u00fdch m\u011bstsk\u00fdch bohyn\u00ed; Karl Ker\u00e9nyi vykl\u00e1dal H\u00e9ru jako personifikovan\u00e9 napln\u011bn\u00ed \u017eensk\u00e9ho \u017eivotn\u00edho cyklu panny, man\u017eelky a vdovy, co\u017e lze vy\u010d\u00edst z p\u0159\u00eddomk\u016f Pais, Teleia a Chera.<\/p><p>V modern\u00edm religionistick\u00e9m srovn\u00e1n\u00ed slou\u017e\u00ed H\u00e9ra jako paradigma svrchovan\u00e9 man\u017eelsk\u00e9 pan\u00ed na rozd\u00edl od erotick\u00e9 bohyn\u011b l\u00e1sky. Feministick\u00fd v\u00fdzkum m\u00fdt\u016f od 80. let dvac\u00e1t\u00e9ho stolet\u00ed znovu \u010dte H\u00e9ru jako komplexn\u00ed \u017eenskou mocenskou postavu, kter\u00e1 v liter\u00e1rn\u00edch pramenech byla \u010dasto redukov\u00e1na na vedlej\u0161\u00ed roli.<\/p>\t\t\t\t\t\t\t\t<\/div>\n\t\t\t\t<\/div>\n\t\t<div class=\"elementor-element elementor-element-930558b e-con-full e-flex e-con e-child\" data-id=\"930558b\" data-element_type=\"container\" data-e-type=\"container\">\n\t\t\t\t<div class=\"elementor-element elementor-element-58bd161 elementor-widget elementor-widget-heading\" data-id=\"58bd161\" data-element_type=\"widget\" data-e-type=\"widget\" data-widget_type=\"heading.default\">\n\t\t\t\t\t<h2 class=\"elementor-heading-title elementor-size-default\">Religionistick\u00e9 za\u0159azen\u00ed<\/h2>\t\t\t\t<\/div>\n\t\t\t\t<div class=\"elementor-element elementor-element-cc260ed elementor-widget elementor-widget-text-editor\" data-id=\"cc260ed\" data-element_type=\"widget\" data-e-type=\"widget\" data-widget_type=\"text-editor.default\">\n\t\t\t\t\t\t\t\t\t<p>Z indoevropsk\u00e9 perspektivy je Herino spojen\u00ed se Zeusem pravd\u011bpodobn\u011b mlad\u0161\u00ed vrstvou; indoevropsk\u00e1 etymologie jej\u00edho jm\u00e9na je sporn\u00e1. Navrhov\u00e1ny byly odvozeniny od \u00abhora\u00bb (ro\u010dn\u00ed doba, vhodn\u00fd \u010das), podle nich\u017e by H\u00e9ra byla ch\u00e1p\u00e1na jako personifikace zral\u00e9ho, k s\u0148atku vhodn\u00e9ho v\u011bku.<\/p><p>Jin\u00ed auto\u0159i, mezi nimi Robert Beekes, pova\u017euj\u00ed za pravd\u011bpodobn\u011bj\u0161\u00ed p\u0159ed\u0159eck\u00fd, mo\u017en\u00e1 egejsk\u00fd p\u016fvod. Myk\u00e9nsk\u00fd doklad \u00abe-ra\u00bb potvrzuje existenci jm\u00e9na, ale neumo\u017e\u0148uje spolehliv\u00fd z\u00e1v\u011br o jeho p\u016fvodn\u00ed funkci.<\/p>\n<p>Ve srovn\u00e1n\u00ed s p\u0159edoasijsk\u00fdm materi\u00e1lem jsou patrn\u00e9 paralely se sumerskou Inannou nebo hetitskou Hebat, kter\u00e9 se tak\u00e9 objevuj\u00ed jako m\u011bstsk\u00e9 pan\u00ed a man\u017eelky boh\u016f po\u010das\u00ed.<\/p><p>H\u00e9ra se od nich li\u0161\u00ed sv\u00fdm pevn\u00fdm zakotven\u00edm v z\u00e1konn\u00e9m man\u017eelstv\u00ed; nen\u00ed bohyn\u00ed l\u00e1sky, n\u00fdbr\u017e bohyn\u00ed svazku. Egejsk\u00fd ran\u00fd d\u011bjinn\u00fd v\u00fdvoj mo\u017en\u00e1 znal samostatnou m\u011bstskou bohyni, kter\u00e1 byla v pr\u016fb\u011bhu \u0159eck\u00e9ho os\u00eddlen\u00ed za\u010dlen\u011bna do olympsk\u00e9ho syst\u00e9mu.<\/p>\n<p>Burkert za\u0159azuje H\u00e9ru do sch\u00e9matu \u00abn\u00e1bo\u017eenstv\u00ed polis\u00bb: je prim\u00e1rn\u011b ochr\u00e1nkyn\u00ed politick\u00e9 obce, sekund\u00e1rn\u011b kosmickou man\u017eelkou. Star\u0161\u00ed badatel Wilamowitz-Moellendorff vid\u011bl v H\u00e9\u0159e doklad sl\u00e9v\u00e1n\u00ed m\u00edstn\u00edch kultovn\u00edch tradic do panhel\u00e9nsk\u00e9 postavy, co\u017e plat\u00ed a\u017e dodnes jako z\u00e1kladn\u00ed model.<\/p><p>Nov\u011bj\u0161\u00ed pr\u00e1ce Joan Breton Connellyov\u00e9 o roli kn\u011b\u017eek zd\u016fraz\u0148uj\u00ed institucion\u00e1ln\u00ed postaven\u00ed h\u00e9rina kn\u011b\u017esk\u00e9ho \u00fa\u0159adu, kter\u00fd v Argu slou\u017eil jako datovac\u00ed instance a m\u011bl tak politick\u00fd rozm\u011br, kter\u00fd u mu\u017esk\u00fdch bo\u017e\u00edch kult\u016f v podobn\u00e9 form\u011b chyb\u00ed.<\/p>\t\t\t\t\t\t\t\t<\/div>\n\t\t\t\t<\/div>\n\t\t<div class=\"elementor-element elementor-element-f79547f e-con-full e-flex e-con e-child\" data-id=\"f79547f\" data-element_type=\"container\" data-e-type=\"container\">\n\t\t\t\t<div class=\"elementor-element elementor-element-991ff3e elementor-widget elementor-widget-heading\" data-id=\"991ff3e\" data-element_type=\"widget\" data-e-type=\"widget\" data-widget_type=\"heading.default\">\n\t\t\t\t\t<h2 class=\"elementor-heading-title elementor-size-default\">Prameny<\/h2>\t\t\t\t<\/div>\n\t\t\t\t<div class=\"elementor-element elementor-element-4929a8b elementor-widget elementor-widget-text-editor\" data-id=\"4929a8b\" data-element_type=\"widget\" data-e-type=\"widget\" data-widget_type=\"text-editor.default\">\n\t\t\t\t\t\t\t\t\t<div data-nosnippet=\"true\"><p>H\u00e9siodos, \u00abTheogonie\u00bb, ver\u0161e 453 a\u017e 506 a 921 a\u017e 929. Hom\u00e9r, \u00ab\u00cdlias\u00bb, zejm\u00e9na knihy I, IV, XIV a XIX. Apollod\u00f3ros, \u00abBibliothek\u00e9\u00bb, I, 1 a\u017e 4 a II, 4, 8. Pausani\u00e1s, \u00abPopis \u0158ecka\u00bb, II, 17 (H\u00e9raion v Argu), V, 16 (Olympie) a IX, 3 (Plataje-Daidala).<\/p><p>H\u00e9rodotos, \u00abD\u011bjiny\u00bb, I, 31 a III, 60. Thukydides, \u00abD\u011bjiny peloponn\u00e9sk\u00e9 v\u00e1lky\u00bb, IV, 133. Ovidius, \u00abMetamorf\u00f3zy\u00bb, zejm\u00e9na kniha I (Io) a II (Kallist\u00f3).<\/p><p>Vergilius, \u00abAeneis\u00bb, zejm\u00e9na kniha I a XII. Walter Burkert, \u00abGriechische Religion der archaischen und klassischen Epoche\u00bb, Stuttgart 1977. Karl Ker\u00e9nyi, \u00abZeus und Hera. Urbild des Vaters, des Gatten und der Frau\u00bb, Leiden 1972. Martin P. Nilsson, \u00abGeschichte der griechischen Religion\u00bb, M\u00fcnchen 1955.<\/p>\n\n<\/div>\t\t\t\t\t\t\t\t<\/div>\n\t\t\t\t<\/div>\n\t\t<div class=\"elementor-element elementor-element-b31c44f e-con-full e-flex e-con e-child\" data-id=\"b31c44f\" data-element_type=\"container\" data-e-type=\"container\">\n\t\t\t\t<div class=\"elementor-element elementor-element-889c41b elementor-widget elementor-widget-heading\" data-id=\"889c41b\" data-element_type=\"widget\" data-e-type=\"widget\" data-widget_type=\"heading.default\">\n\t\t\t\t\t<h2 class=\"elementor-heading-title elementor-size-default\">\u010casto kladen\u00e9 ot\u00e1zky o H\u00e9\u0159e<\/h2>\t\t\t\t<\/div>\n\t\t\t\t<div class=\"elementor-element elementor-element-d3a2d8b elementor-widget elementor-widget-text-editor\" data-id=\"d3a2d8b\" data-element_type=\"widget\" data-e-type=\"widget\" data-widget_type=\"text-editor.default\">\n\t\t\t\t\t\t\t\t\t<h3 class=\"wp-block-heading\">Kdo je H\u00e9ra v \u0159eck\u00e9 <span class=\"iwg-fachbegriff\" data-tooltip=\"Souhrn tradovan\u00fdch vypr\u00e1v\u011bn\u00ed o boz\u00edch v dan\u00e9 kultu\u0159e.\" tabindex=\"0\">mytologii<\/span>?<\/h3>\n\n\n\n<p>H\u00e9ra je v \u0159eck\u00e9 <span class=\"iwg-fachbegriff\" data-tooltip=\"Souhrn tradovan\u00fdch vypr\u00e1v\u011bn\u00ed o boz\u00edch v dan\u00e9 kultu\u0159e.\" tabindex=\"0\">mytologii<\/span> kr\u00e1lovna boh\u016f, sestra a man\u017eelka Zeuse, jedna z dvan\u00e1cti olympsk\u00fdch boh\u016f. Je bohyn\u00ed man\u017eelstv\u00ed, rodiny a porodu a je pova\u017eov\u00e1na za ochr\u00e1nkyni vdan\u00fdch \u017een.<\/p><p>H\u00e9ra je zobrazov\u00e1na jako d\u016fstojn\u00e1, majest\u00e1tn\u00ed postava, \u010dasto s diad\u00e9mem a \u017eezlem, jej\u00edm svat\u00fdm zv\u00ed\u0159etem je p\u00e1v. Jej\u00edm \u0159\u00edmsk\u00fdm prot\u011bj\u0161kem je Juno, po n\u00ed\u017e je pojmenov\u00e1n m\u011bs\u00edc \u010derven.<\/p>\n\n\n\n<h3 class=\"wp-block-heading\">Pro\u010d je H\u00e9ra v m\u00fdtech pova\u017eov\u00e1na za \u017e\u00e1rlivou?<\/h3>\n\n\n\n<p>H\u00e9ra vystupuje v mnoha m\u00fdtech jako \u017e\u00e1rliv\u00e1 a mstiv\u00e1 man\u017eelka, co\u017e bezprost\u0159edn\u011b souvis\u00ed s Zeusovou nev\u011brou: Zeus zplodil bezpo\u010det d\u011bt\u00ed s bohyn\u011bmi i smrteln\u00fdmi \u017eenami, a H\u00e9rin hn\u011bv se \u010dasto obracel proti t\u011bmto milenk\u00e1m a jejich potomk\u016fm.<\/p><p>Zn\u00e1m\u00e9 je jej\u00ed celo\u017eivotn\u00ed pron\u00e1sledov\u00e1n\u00ed H\u00e9rakla, syna Zeusova, jeho\u017e jm\u00e9no paradoxn\u011b znamen\u00e1 sl\u00e1va H\u00e9ry. Z hlediska d\u011bjin n\u00e1bo\u017eenstv\u00ed tyto konflikty pravd\u011bpodobn\u011b odr\u00e1\u017eej\u00ed splynut\u00ed star\u00e9, samostatn\u00e9 matky-bohyn\u011b s <span class=\"iwg-fachbegriff\" data-tooltip=\"Souhrn n\u00e1bo\u017eensk\u00fdch \u00factov\u00fdch \u00fakon\u016f v\u016f\u010di bo\u017estvu nebo svat\u00e9 postav\u011b.\" tabindex=\"0\">kultem<\/span> Zeuse.<\/p>\n\n\n\n<script type=\"application\/ld+json\">{\"@context\":\"https:\/\/schema.org\",\"@type\":\"FAQPage\",\"mainEntity\":[{\"@type\":\"Question\",\"name\":\"Kdo je H\u00e9ra v \u0159eck\u00e9 mytologii?\",\"acceptedAnswer\":{\"@type\":\"Answer\",\"text\":\"H\u00e9ra je v \u0159eck\u00e9 mytologii kr\u00e1lovna boh\u016f, sestra a man\u017eelka Zeuse, jedna z dvan\u00e1cti olympsk\u00fdch boh\u016f. Je bohyn\u00ed man\u017eelstv\u00ed, rodiny a porodu a je pova\u017eov\u00e1na za ochr\u00e1nkyni vdan\u00fdch \u017een. H\u00e9ra je zobrazov\u00e1na jako d\u016fstojn\u00e1, majest\u00e1tn\u00ed postava, \u010dasto s diad\u00e9mem a \u017eezlem, jej\u00edm svat\u00fdm zv\u00ed\u0159etem je p\u00e1v. Jej\u00edm \u0159\u00edmsk\u00fdm prot\u011bj\u0161kem je Juno, po n\u00ed\u017e je pojmenov\u00e1n m\u011bs\u00edc \u010derven.\"}},{\"@type\":\"Question\",\"name\":\"Pro\u010d je H\u00e9ra v m\u00fdtech pova\u017eov\u00e1na za \u017e\u00e1rlivou?\",\"acceptedAnswer\":{\"@type\":\"Answer\",\"text\":\"H\u00e9ra vystupuje v mnoha m\u00fdtech jako \u017e\u00e1rliv\u00e1 a mstiv\u00e1 man\u017eelka, co\u017e bezprost\u0159edn\u011b souvis\u00ed s Zeusovou nev\u011brou: Zeus zplodil bezpo\u010det d\u011bt\u00ed s bohyn\u011bmi i smrteln\u00fdmi \u017eenami, a H\u00e9rin hn\u011bv se \u010dasto obracel proti t\u011bmto milenk\u00e1m a jejich potomk\u016fm. Zn\u00e1m\u00e9 je jej\u00ed celo\u017eivotn\u00ed pron\u00e1sledov\u00e1n\u00ed H\u00e9rakla, syna Zeusova, jeho\u017e jm\u00e9no paradoxn\u011b znamen\u00e1 sl\u00e1va H\u00e9ry. Z hlediska d\u011bjin n\u00e1bo\u017eenstv\u00ed tyto konflikty pravd\u011bpodobn\u011b odr\u00e1\u017eej\u00ed splynut\u00ed star\u00e9, samostatn\u00e9 matky-bohyn\u011b s kultem Zeuse.\"}}]}<\/script>\t\t\t\t\t\t\t\t<\/div>\n\t\t\t\t<\/div>\n\t\t\t\t\t<\/div>\n\t\t\t\t<\/div>\n\t\t\t\t<\/div>\n\t\t","protected":false},"excerpt":{"rendered":"","protected":false},"author":3,"featured_media":2984,"parent":0,"menu_order":0,"comment_status":"closed","ping_status":"closed","template":"elementor_header_footer","meta":{"_yoast_wpseo_focuskw":"H\u00e9ra","_yoast_wpseo_title":"H\u00e9ra \u2013 bohyn\u011b man\u017eelstv\u00ed a kr\u00e1lovna Olympu | iWell Guard","_yoast_wpseo_metadesc":"H\u00e9ra je bohyn\u011b man\u017eelstv\u00ed, rodiny a kr\u00e1lovna Olympu. Sestra a man\u017eelka Zeuse, matka \u00c1rea, H\u00e9by a H\u00e9faista. M\u00fdtus, kult, uct\u00edv\u00e1n\u00ed.","_yoast_wpseo_meta-robots-noindex":"","_yoast_wpseo_canonical":"","_angie_page":false,"gefaehrdungsstufe":"3","wesen_kultur":"griechenland","wesen_klasse":"goetter","footnotes":""},"categories":[],"class_list":["post-145573","page","type-page","status-publish","has-post-thumbnail","hentry"],"yoast_head":"<!-- This site is optimized with the Yoast SEO Premium plugin v27.7 (Yoast SEO v28.3) - https:\/\/yoast.com\/product\/yoast-seo-premium-wordpress\/ -->\n<title>H\u00e9ra \u2013 bohyn\u011b man\u017eelstv\u00ed a kr\u00e1lovna Olympu | iWell Guard<\/title>\n<meta name=\"description\" content=\"H\u00e9ra je bohyn\u011b man\u017eelstv\u00ed, rodiny a kr\u00e1lovna Olympu. Sestra a man\u017eelka Zeuse, matka \u00c1rea, H\u00e9by a H\u00e9faista. M\u00fdtus, kult, uct\u00edv\u00e1n\u00ed.\" \/>\n<meta name=\"robots\" content=\"index, follow, max-snippet:-1, max-image-preview:large, max-video-preview:-1\" \/>\n<link rel=\"canonical\" href=\"https:\/\/iwell-guard.com\/cs\/hera\/\" \/>\n<meta property=\"og:locale\" content=\"cs_CZ\" \/>\n<meta property=\"og:type\" content=\"article\" \/>\n<meta property=\"og:title\" content=\"H\u00e9ra\" \/>\n<meta property=\"og:description\" content=\"H\u00e9ra je bohyn\u011b man\u017eelstv\u00ed, rodiny a kr\u00e1lovna Olympu. Sestra a man\u017eelka Zeuse, matka \u00c1rea, H\u00e9by a H\u00e9faista. M\u00fdtus, kult, uct\u00edv\u00e1n\u00ed.\" \/>\n<meta property=\"og:url\" content=\"https:\/\/iwell-guard.com\/cs\/hera\/\" \/>\n<meta property=\"og:site_name\" content=\"iWell Guard\" \/>\n<meta property=\"article:modified_time\" content=\"2026-09-03T16:59:40+00:00\" \/>\n<meta property=\"og:image\" content=\"https:\/\/iwell-guard.com\/wp-content\/uploads\/2026\/05\/goetter_griechenland_hera.webp\" \/>\n\t<meta property=\"og:image:width\" content=\"1024\" \/>\n\t<meta property=\"og:image:height\" content=\"1536\" \/>\n\t<meta property=\"og:image:type\" content=\"image\/webp\" \/>\n<meta name=\"twitter:card\" content=\"summary_large_image\" \/>\n<script type=\"application\/ld+json\" class=\"yoast-schema-graph\">{\"@context\":\"https:\\\/\\\/schema.org\",\"@graph\":[{\"@type\":\"WebPage\",\"@id\":\"https:\\\/\\\/iwell-guard.com\\\/cs\\\/hera\\\/\",\"url\":\"https:\\\/\\\/iwell-guard.com\\\/cs\\\/hera\\\/\",\"name\":\"H\u00e9ra \u2013 bohyn\u011b man\u017eelstv\u00ed a kr\u00e1lovna Olympu | iWell Guard\",\"isPartOf\":{\"@id\":\"https:\\\/\\\/iwell-guard.com\\\/cs\\\/#website\"},\"primaryImageOfPage\":{\"@id\":\"https:\\\/\\\/iwell-guard.com\\\/cs\\\/hera\\\/#primaryimage\"},\"image\":{\"@id\":\"https:\\\/\\\/iwell-guard.com\\\/cs\\\/hera\\\/#primaryimage\"},\"thumbnailUrl\":\"https:\\\/\\\/iwell-guard.com\\\/wp-content\\\/uploads\\\/2026\\\/05\\\/goetter_griechenland_hera.webp\",\"datePublished\":\"2026-09-03T16:31:41+00:00\",\"dateModified\":\"2026-09-03T16:59:40+00:00\",\"description\":\"H\u00e9ra je bohyn\u011b man\u017eelstv\u00ed, rodiny a kr\u00e1lovna Olympu. Sestra a man\u017eelka Zeuse, matka \u00c1rea, H\u00e9by a H\u00e9faista. M\u00fdtus, kult, uct\u00edv\u00e1n\u00ed.\",\"breadcrumb\":{\"@id\":\"https:\\\/\\\/iwell-guard.com\\\/cs\\\/hera\\\/#breadcrumb\"},\"inLanguage\":\"cs\",\"potentialAction\":[{\"@type\":\"ReadAction\",\"target\":[\"https:\\\/\\\/iwell-guard.com\\\/cs\\\/hera\\\/\"]}]},{\"@type\":\"ImageObject\",\"inLanguage\":\"cs\",\"@id\":\"https:\\\/\\\/iwell-guard.com\\\/cs\\\/hera\\\/#primaryimage\",\"url\":\"https:\\\/\\\/iwell-guard.com\\\/wp-content\\\/uploads\\\/2026\\\/05\\\/goetter_griechenland_hera.webp\",\"contentUrl\":\"https:\\\/\\\/iwell-guard.com\\\/wp-content\\\/uploads\\\/2026\\\/05\\\/goetter_griechenland_hera.webp\",\"width\":1024,\"height\":1536,\"caption\":\"Bohov\u00e9 z \u0159eck\u00e9 tradice.\"},{\"@type\":\"BreadcrumbList\",\"@id\":\"https:\\\/\\\/iwell-guard.com\\\/cs\\\/hera\\\/#breadcrumb\",\"itemListElement\":[{\"@type\":\"ListItem\",\"position\":1,\"name\":\"Start\",\"item\":\"https:\\\/\\\/iwell-guard.com\\\/cs\\\/?page_id=145107\"},{\"@type\":\"ListItem\",\"position\":2,\"name\":\"H\u00e9ra\"}]},{\"@type\":\"WebSite\",\"@id\":\"https:\\\/\\\/iwell-guard.com\\\/cs\\\/#website\",\"url\":\"https:\\\/\\\/iwell-guard.com\\\/cs\\\/\",\"name\":\"iWell Guard\",\"description\":\"Schutz vor dunklen Einfl\u00fcssen\",\"publisher\":{\"@id\":\"https:\\\/\\\/iwell-guard.com\\\/cs\\\/#organization\"},\"potentialAction\":[{\"@type\":\"SearchAction\",\"target\":{\"@type\":\"EntryPoint\",\"urlTemplate\":\"https:\\\/\\\/iwell-guard.com\\\/cs\\\/?s={search_term_string}\"},\"query-input\":{\"@type\":\"PropertyValueSpecification\",\"valueRequired\":true,\"valueName\":\"search_term_string\"}}],\"inLanguage\":\"cs\"},{\"@type\":\"Organization\",\"@id\":\"https:\\\/\\\/iwell-guard.com\\\/cs\\\/#organization\",\"name\":\"Ittermann electronic GmbH\",\"url\":\"https:\\\/\\\/iwell-guard.com\\\/cs\\\/\",\"logo\":{\"@type\":\"ImageObject\",\"inLanguage\":\"cs\",\"@id\":\"https:\\\/\\\/iwell-guard.com\\\/cs\\\/#\\\/schema\\\/logo\\\/image\\\/\",\"url\":\"https:\\\/\\\/iwell-guard.com\\\/wp-content\\\/uploads\\\/2026\\\/05\\\/Ittermann-Logo-1182x237-1.png\",\"contentUrl\":\"https:\\\/\\\/iwell-guard.com\\\/wp-content\\\/uploads\\\/2026\\\/05\\\/Ittermann-Logo-1182x237-1.png\",\"width\":1182,\"height\":237,\"caption\":\"Ittermann electronic GmbH\"},\"image\":{\"@id\":\"https:\\\/\\\/iwell-guard.com\\\/cs\\\/#\\\/schema\\\/logo\\\/image\\\/\"},\"sameAs\":[\"https:\\\/\\\/pantip.com\\\/profile\\\/9367242\",\"https:\\\/\\\/micro.blog\\\/iwellguard\",\"https:\\\/\\\/www.diggerslist.com\\\/iwellguard\\\/about\",\"https:\\\/\\\/skitterphoto.com\\\/photographers\\\/2870314\\\/iwell-guard\",\"https:\\\/\\\/iwellguard.wordpress.com\\\/2026\\\/06\\\/06\\\/iwell-guard\\\/\",\"https:\\\/\\\/hub.docker.com\\\/u\\\/iwellguard\",\"https:\\\/\\\/www.pinterest.com\\\/iwellguard\\\/\",\"https:\\\/\\\/bit.ly\\\/m\\\/iwellguard\",\"https:\\\/\\\/entre-vos-mains.alsace.eu\\\/profiles\\\/iwellguard\\\/activity\",\"https:\\\/\\\/gravatar.com\\\/reallybeded8fd34\",\"https:\\\/\\\/naijamatta.com\\\/iwellguard\",\"https:\\\/\\\/www.goodreads.com\\\/iwellguard\",\"https:\\\/\\\/profile.hatena.ne.jp\\\/iwellguard\\\/\",\"https:\\\/\\\/experiment.com\\\/users\\\/iwellguard\",\"https:\\\/\\\/wakelet.com\\\/@iWellGuard82270\",\"https:\\\/\\\/www.chordie.com\\\/forum\\\/profile.php?id=2555664\",\"https:\\\/\\\/www.instapaper.com\\\/p\\\/17757966\",\"https:\\\/\\\/www.mapleprimes.com\\\/users\\\/iwellguard\",\"https:\\\/\\\/businesslistingplus.com\\\/profile\\\/iwell-guard\\\/\",\"https:\\\/\\\/telegra.ph\\\/iWell-Guard-06-06\",\"https:\\\/\\\/pbase.com\\\/iwellguard\\\/iwellguard\",\"https:\\\/\\\/b.hatena.ne.jp\\\/iwellguard\\\/20260607#bookmark-4788405196491818882\",\"https:\\\/\\\/fliphtml5.com\\\/home\\\/iwellguard\",\"https:\\\/\\\/anyflip.com\\\/homepage\\\/cmiwl#About\",\"https:\\\/\\\/transfur.com\\\/Users\\\/iwellguard\",\"http:\\\/\\\/delphi.larsbo.org\\\/user\\\/iwellguard\",\"https:\\\/\\\/jobs.lajobsportal.org\\\/profiles\\\/8380803-iwell-guard\",\"https:\\\/\\\/md.chaosdorf.de\\\/s\\\/jfbe5SBdJD\",\"https:\\\/\\\/www.lingvolive.com\\\/en-us\\\/profile\\\/9ecaeaca-ce11-4e51-9e71-01d55e2bff36\\\/translations\",\"https:\\\/\\\/www.fitday.com\\\/fitness\\\/forums\\\/members\\\/iwellguard.html\",\"https:\\\/\\\/www.mymeetbook.com\\\/iwellguard\",\"https:\\\/\\\/pxhere.com\\\/en\\\/photographer-me\\\/5040798\",\"https:\\\/\\\/disqus.com\\\/by\\\/iwellguard\\\/about\\\/\",\"https:\\\/\\\/pastelink.net\\\/hjwciqwq\",\"https:\\\/\\\/pubhtml5.com\\\/homepage\\\/scjhn\\\/\",\"https:\\\/\\\/www.bitchute.com\\\/channel\\\/2O2eOKzNqujT\",\"https:\\\/\\\/audiomack.com\\\/iwellguard\"]},{\"@type\":\"Article\",\"@id\":\"https:\\\/\\\/iwell-guard.com\\\/cs\\\/hera\\\/#article\",\"isPartOf\":{\"@id\":\"https:\\\/\\\/iwell-guard.com\\\/cs\\\/hera\\\/\"},\"author\":{\"name\":\"Ralf Ittermann\",\"@id\":\"https:\\\/\\\/iwell-guard.com\\\/cs\\\/#\\\/schema\\\/person\\\/ee2a27f1cac3406c7c6fb5820cb7349f\"},\"headline\":\"H\u00e9ra\",\"datePublished\":\"2026-09-03T16:31:41+00:00\",\"dateModified\":\"2026-09-03T16:59:40+00:00\",\"mainEntityOfPage\":{\"@id\":\"https:\\\/\\\/iwell-guard.com\\\/cs\\\/hera\\\/\"},\"publisher\":{\"@id\":\"https:\\\/\\\/iwell-guard.com\\\/cs\\\/#organization\"},\"image\":{\"@id\":\"https:\\\/\\\/iwell-guard.com\\\/cs\\\/hera\\\/#primaryimage\"},\"thumbnailUrl\":\"https:\\\/\\\/iwell-guard.com\\\/wp-content\\\/uploads\\\/2026\\\/05\\\/goetter_griechenland_hera.webp\",\"inLanguage\":\"cs\",\"description\":\"H\u00e9ra je bohyn\u011b man\u017eelstv\u00ed, rodiny a kr\u00e1lovna Olympu. Sestra a man\u017eelka Zeuse, matka \u00c1rea, H\u00e9by a H\u00e9faista. M\u00fdtus, kult, uct\u00edv\u00e1n\u00ed.\"}]}<\/script>\n<!-- \/ Yoast SEO Premium plugin. -->","yoast_head_json":{"title":"H\u00e9ra \u2013 bohyn\u011b man\u017eelstv\u00ed a kr\u00e1lovna Olympu | iWell Guard","description":"H\u00e9ra je bohyn\u011b man\u017eelstv\u00ed, rodiny a kr\u00e1lovna Olympu. Sestra a man\u017eelka Zeuse, matka \u00c1rea, H\u00e9by a H\u00e9faista. M\u00fdtus, kult, uct\u00edv\u00e1n\u00ed.","robots":{"index":"index","follow":"follow","max-snippet":"max-snippet:-1","max-image-preview":"max-image-preview:large","max-video-preview":"max-video-preview:-1"},"canonical":"https:\/\/iwell-guard.com\/cs\/hera\/","og_locale":"cs_CZ","og_type":"article","og_title":"H\u00e9ra","og_description":"H\u00e9ra je bohyn\u011b man\u017eelstv\u00ed, rodiny a kr\u00e1lovna Olympu. Sestra a man\u017eelka Zeuse, matka \u00c1rea, H\u00e9by a H\u00e9faista. M\u00fdtus, kult, uct\u00edv\u00e1n\u00ed.","og_url":"https:\/\/iwell-guard.com\/cs\/hera\/","og_site_name":"iWell Guard","article_modified_time":"2026-09-03T16:59:40+00:00","og_image":[{"width":1024,"height":1536,"url":"https:\/\/iwell-guard.com\/wp-content\/uploads\/2026\/05\/goetter_griechenland_hera.webp","type":"image\/webp"}],"twitter_card":"summary_large_image","schema":{"@context":"https:\/\/schema.org","@graph":[{"@type":"Article","@id":"https:\/\/iwell-guard.com\/cs\/hera\/#article","isPartOf":{"@id":"https:\/\/iwell-guard.com\/cs\/hera\/"},"author":{"name":"Ralf Ittermann","@id":"https:\/\/iwell-guard.com\/cs\/#\/schema\/person\/ee2a27f1cac3406c7c6fb5820cb7349f"},"headline":"H\u00e9ra","datePublished":"2026-09-03T16:31:41+00:00","dateModified":"2026-09-03T16:59:40+00:00","mainEntityOfPage":{"@id":"https:\/\/iwell-guard.com\/cs\/hera\/"},"publisher":{"@id":"https:\/\/iwell-guard.com\/cs\/#organization"},"image":{"@id":"https:\/\/iwell-guard.com\/cs\/hera\/#primaryimage"},"thumbnailUrl":"https:\/\/iwell-guard.com\/wp-content\/uploads\/2026\/05\/goetter_griechenland_hera.webp","inLanguage":"cs","description":"H\u00e9ra je bohyn\u011b man\u017eelstv\u00ed, rodiny a kr\u00e1lovna Olympu. Sestra a man\u017eelka Zeuse, matka \u00c1rea, H\u00e9by a H\u00e9faista. M\u00fdtus, kult, uct\u00edv\u00e1n\u00ed."},{"@type":"WebPage","@id":"https:\/\/iwell-guard.com\/cs\/hera\/","url":"https:\/\/iwell-guard.com\/cs\/hera\/","name":"H\u00e9ra \u2013 bohyn\u011b man\u017eelstv\u00ed a kr\u00e1lovna Olympu | iWell Guard","isPartOf":{"@id":"https:\/\/iwell-guard.com\/cs\/#website"},"primaryImageOfPage":{"@id":"https:\/\/iwell-guard.com\/cs\/hera\/#primaryimage"},"image":{"@id":"https:\/\/iwell-guard.com\/cs\/hera\/#primaryimage"},"thumbnailUrl":"https:\/\/iwell-guard.com\/wp-content\/uploads\/2026\/05\/goetter_griechenland_hera.webp","datePublished":"2026-09-03T16:31:41+00:00","dateModified":"2026-09-03T16:59:40+00:00","description":"H\u00e9ra je bohyn\u011b man\u017eelstv\u00ed, rodiny a kr\u00e1lovna Olympu. Sestra a man\u017eelka Zeuse, matka \u00c1rea, H\u00e9by a H\u00e9faista. M\u00fdtus, kult, uct\u00edv\u00e1n\u00ed.","breadcrumb":{"@id":"https:\/\/iwell-guard.com\/cs\/hera\/#breadcrumb"},"inLanguage":"cs","potentialAction":[{"@type":"ReadAction","target":["https:\/\/iwell-guard.com\/cs\/hera\/"]}]},{"@type":"ImageObject","inLanguage":"cs","@id":"https:\/\/iwell-guard.com\/cs\/hera\/#primaryimage","url":"https:\/\/iwell-guard.com\/wp-content\/uploads\/2026\/05\/goetter_griechenland_hera.webp","contentUrl":"https:\/\/iwell-guard.com\/wp-content\/uploads\/2026\/05\/goetter_griechenland_hera.webp","width":1024,"height":1536,"caption":"Bohov\u00e9 z \u0159eck\u00e9 tradice."},{"@type":"BreadcrumbList","@id":"https:\/\/iwell-guard.com\/cs\/hera\/#breadcrumb","itemListElement":[{"@type":"ListItem","position":1,"name":"Start","item":"https:\/\/iwell-guard.com\/cs\/?page_id=145107"},{"@type":"ListItem","position":2,"name":"H\u00e9ra"}]},{"@type":"WebSite","@id":"https:\/\/iwell-guard.com\/cs\/#website","url":"https:\/\/iwell-guard.com\/cs\/","name":"iWell Guard","description":"Schutz vor dunklen Einfl\u00fcssen","publisher":{"@id":"https:\/\/iwell-guard.com\/cs\/#organization"},"potentialAction":[{"@type":"SearchAction","target":{"@type":"EntryPoint","urlTemplate":"https:\/\/iwell-guard.com\/cs\/?s={search_term_string}"},"query-input":{"@type":"PropertyValueSpecification","valueRequired":true,"valueName":"search_term_string"}}],"inLanguage":"cs"},{"@type":"Organization","@id":"https:\/\/iwell-guard.com\/cs\/#organization","name":"Ittermann electronic GmbH","url":"https:\/\/iwell-guard.com\/cs\/","logo":{"@type":"ImageObject","inLanguage":"cs","@id":"https:\/\/iwell-guard.com\/cs\/#\/schema\/logo\/image\/","url":"https:\/\/iwell-guard.com\/wp-content\/uploads\/2026\/05\/Ittermann-Logo-1182x237-1.png","contentUrl":"https:\/\/iwell-guard.com\/wp-content\/uploads\/2026\/05\/Ittermann-Logo-1182x237-1.png","width":1182,"height":237,"caption":"Ittermann electronic GmbH"},"image":{"@id":"https:\/\/iwell-guard.com\/cs\/#\/schema\/logo\/image\/"},"sameAs":["https:\/\/pantip.com\/profile\/9367242","https:\/\/micro.blog\/iwellguard","https:\/\/www.diggerslist.com\/iwellguard\/about","https:\/\/skitterphoto.com\/photographers\/2870314\/iwell-guard","https:\/\/iwellguard.wordpress.com\/2026\/06\/06\/iwell-guard\/","https:\/\/hub.docker.com\/u\/iwellguard","https:\/\/www.pinterest.com\/iwellguard\/","https:\/\/bit.ly\/m\/iwellguard","https:\/\/entre-vos-mains.alsace.eu\/profiles\/iwellguard\/activity","https:\/\/gravatar.com\/reallybeded8fd34","https:\/\/naijamatta.com\/iwellguard","https:\/\/www.goodreads.com\/iwellguard","https:\/\/profile.hatena.ne.jp\/iwellguard\/","https:\/\/experiment.com\/users\/iwellguard","https:\/\/wakelet.com\/@iWellGuard82270","https:\/\/www.chordie.com\/forum\/profile.php?id=2555664","https:\/\/www.instapaper.com\/p\/17757966","https:\/\/www.mapleprimes.com\/users\/iwellguard","https:\/\/businesslistingplus.com\/profile\/iwell-guard\/","https:\/\/telegra.ph\/iWell-Guard-06-06","https:\/\/pbase.com\/iwellguard\/iwellguard","https:\/\/b.hatena.ne.jp\/iwellguard\/20260607#bookmark-4788405196491818882","https:\/\/fliphtml5.com\/home\/iwellguard","https:\/\/anyflip.com\/homepage\/cmiwl#About","https:\/\/transfur.com\/Users\/iwellguard","http:\/\/delphi.larsbo.org\/user\/iwellguard","https:\/\/jobs.lajobsportal.org\/profiles\/8380803-iwell-guard","https:\/\/md.chaosdorf.de\/s\/jfbe5SBdJD","https:\/\/www.lingvolive.com\/en-us\/profile\/9ecaeaca-ce11-4e51-9e71-01d55e2bff36\/translations","https:\/\/www.fitday.com\/fitness\/forums\/members\/iwellguard.html","https:\/\/www.mymeetbook.com\/iwellguard","https:\/\/pxhere.com\/en\/photographer-me\/5040798","https:\/\/disqus.com\/by\/iwellguard\/about\/","https:\/\/pastelink.net\/hjwciqwq","https:\/\/pubhtml5.com\/homepage\/scjhn\/","https:\/\/www.bitchute.com\/channel\/2O2eOKzNqujT","https:\/\/audiomack.com\/iwellguard"]},{"@type":"Person","@id":"https:\/\/iwell-guard.com\/cs\/#\/schema\/person\/ee2a27f1cac3406c7c6fb5820cb7349f","name":"Ralf Ittermann","image":{"@type":"ImageObject","inLanguage":"cs","@id":"https:\/\/secure.gravatar.com\/avatar\/073c0153e350a5005b68eb752b445fea71f6b24a26da9449ad7e155e6b446c9d?s=96&d=mm&r=g","url":"https:\/\/secure.gravatar.com\/avatar\/073c0153e350a5005b68eb752b445fea71f6b24a26da9449ad7e155e6b446c9d?s=96&d=mm&r=g","contentUrl":"https:\/\/secure.gravatar.com\/avatar\/073c0153e350a5005b68eb752b445fea71f6b24a26da9449ad7e155e6b446c9d?s=96&d=mm&r=g","caption":"Ralf Ittermann"},"givenName":"Ralf","familyName":"Ittermann","jobTitle":"Gesch\u00e4ftsf\u00fchrer und redaktioneller Verantwortlicher","url":"https:\/\/iwell-guard.com\/cs\/author\/claude\/","description":"Ralf Ittermann ist Gesch\u00e4ftsf\u00fchrer der Ittermann electronic GmbH und redaktioneller Verantwortlicher des iWell-Guard-Lexikons. Er verbindet langj\u00e4hrige Erfahrung in der Pr\u00e4zisionsfertigung mit medialer Praxis und religionsgeschichtlicher Quellenarbeit.","worksFor":{"@type":"Organization","name":"Ittermann electronic GmbH","url":"https:\/\/ittermann.de\/","address":{"@type":"PostalAddress","streetAddress":"K\u00f6hlergasse 16-18","postalCode":"99842","addressLocality":"Ruhla","addressCountry":"DE"}},"knowsAbout":["Religionsgeschichte","Mythologie","Mediale Praxis","Energetische Diagnostik","Schutzpraxis","Volksglauben","Westliche Esoterik"]},{"@type":"Article","@id":"https:\/\/iwell-guard.com\/cs\/hera\/#article","isPartOf":{"@id":"https:\/\/iwell-guard.com\/cs\/hera\/"},"author":{"name":"Ralf Ittermann","@id":"https:\/\/iwell-guard.com\/cs\/#\/schema\/person\/ee2a27f1cac3406c7c6fb5820cb7349f"},"headline":"H\u00e9ra","datePublished":"2026-09-03T16:31:41+00:00","dateModified":"2026-09-03T16:59:40+00:00","mainEntityOfPage":{"@id":"https:\/\/iwell-guard.com\/cs\/hera\/"},"publisher":{"@id":"https:\/\/iwell-guard.com\/cs\/#organization"},"image":{"@id":"https:\/\/iwell-guard.com\/cs\/hera\/#primaryimage"},"thumbnailUrl":"https:\/\/iwell-guard.com\/wp-content\/uploads\/2026\/05\/goetter_griechenland_hera.webp","inLanguage":"cs","description":"H\u00e9ra je bohyn\u011b man\u017eelstv\u00ed, rodiny a kr\u00e1lovna Olympu. Sestra a man\u017eelka Zeuse, matka \u00c1rea, H\u00e9by a H\u00e9faista. M\u00fdtus, kult, uct\u00edv\u00e1n\u00ed."}]}},"_links":{"self":[{"href":"https:\/\/iwell-guard.com\/cs\/wp-json\/wp\/v2\/pages\/145573","targetHints":{"allow":["GET"]}}],"collection":[{"href":"https:\/\/iwell-guard.com\/cs\/wp-json\/wp\/v2\/pages"}],"about":[{"href":"https:\/\/iwell-guard.com\/cs\/wp-json\/wp\/v2\/types\/page"}],"author":[{"embeddable":true,"href":"https:\/\/iwell-guard.com\/cs\/wp-json\/wp\/v2\/users\/3"}],"replies":[{"embeddable":true,"href":"https:\/\/iwell-guard.com\/cs\/wp-json\/wp\/v2\/comments?post=145573"}],"version-history":[{"count":0,"href":"https:\/\/iwell-guard.com\/cs\/wp-json\/wp\/v2\/pages\/145573\/revisions"}],"wp:featuredmedia":[{"embeddable":true,"href":"https:\/\/iwell-guard.com\/cs\/wp-json\/wp\/v2\/media\/2984"}],"wp:attachment":[{"href":"https:\/\/iwell-guard.com\/cs\/wp-json\/wp\/v2\/media?parent=145573"}],"wp:term":[{"taxonomy":"category","embeddable":true,"href":"https:\/\/iwell-guard.com\/cs\/wp-json\/wp\/v2\/categories?post=145573"}],"curies":[{"name":"wp","href":"https:\/\/api.w.org\/{rel}","templated":true}]}}