{"id":145563,"date":"2026-09-03T16:31:36","date_gmt":"2026-09-03T16:31:36","guid":{"rendered":"https:\/\/iwell-guard.com\/?page_id=145563"},"modified":"2026-09-03T16:59:24","modified_gmt":"2026-09-03T16:59:24","slug":"utukku-duchove-mrtvych-demoni-podsveti","status":"publish","type":"page","link":"https:\/\/iwell-guard.com\/cs\/utukku-duchove-mrtvych-demoni-podsveti\/","title":{"rendered":"Utukku \u2013 duchov\u00e9 mrtv\u00fdch a d\u00e9moni podsv\u011bt\u00ed"},"content":{"rendered":"\t\t<div data-elementor-type=\"wp-page\" data-elementor-id=\"145563\" class=\"elementor elementor-145563 elementor-2922 elementor-bc-flex-widget\" data-elementor-post-type=\"page\">\n\t\t\t\t<div class=\"elementor-element elementor-element-heroae1e90b e-flex e-con-boxed e-con e-parent\" data-id=\"heroae1e90b\" data-element_type=\"container\" data-e-type=\"container\">\n\t\t\t\t\t<div class=\"e-con-inner\">\n\t\t\t\t<div class=\"elementor-element elementor-element-heroimg37adfaf iwg-hero-image elementor-widget elementor-widget-image\" data-id=\"heroimg37adfaf\" data-element_type=\"widget\" data-e-type=\"widget\" data-widget_type=\"image.default\">\n\t\t\t\t\t\t\t\t\t\t\t\t\t\t\t<img fetchpriority=\"high\" decoding=\"async\" width=\"683\" height=\"1024\" src=\"https:\/\/iwell-guard.com\/wp-content\/uploads\/2026\/05\/daemonen_mesopotamien_utukku-683x1024.webp\" class=\"attachment-large size-large wp-image-147183\" alt=\"Utukku \u2013 d\u00e9moni z mezopot\u00e1msk\u00e9 tradice, historicko-ilustrativn\u00ed\" srcset=\"https:\/\/iwell-guard.com\/wp-content\/uploads\/2026\/05\/daemonen_mesopotamien_utukku-683x1024.webp 683w, https:\/\/iwell-guard.com\/wp-content\/uploads\/2026\/05\/daemonen_mesopotamien_utukku-200x300.webp 200w, https:\/\/iwell-guard.com\/wp-content\/uploads\/2026\/05\/daemonen_mesopotamien_utukku-768x1152.webp 768w, https:\/\/iwell-guard.com\/wp-content\/uploads\/2026\/05\/daemonen_mesopotamien_utukku.webp 1024w\" sizes=\"(max-width: 683px) 100vw, 683px\" \/>\t\t\t\t\t\t\t\t\t\t\t\t\t\t\t<\/div>\n\t\t\t\t\t<\/div>\n\t\t\t\t<\/div>\n\t\t<div class=\"elementor-element elementor-element-iwgw-utukku-hero e-flex e-con-boxed e-con e-parent\" data-id=\"iwgw-utukku-hero\" data-element_type=\"container\" data-e-type=\"container\">\n\t\t\t\t\t<div class=\"e-con-inner\">\n\t\t\t\t<div class=\"elementor-element elementor-element-iwgw-utukku-h1 elementor-widget elementor-widget-heading\" data-id=\"iwgw-utukku-h1\" data-element_type=\"widget\" data-e-type=\"widget\" data-widget_type=\"heading.default\">\n\t\t\t\t\t<h1 class=\"elementor-heading-title elementor-size-default\">Utukku \u2013 mezopotam\u0161t\u00ed duchov\u00e9 mrtv\u00fdch a d\u00e9moni podsv\u011bt\u00ed<\/h1>\t\t\t\t<\/div>\n\t\t\t\t<div class=\"elementor-element elementor-element-iwgw-utukku-pills elementor-widget elementor-widget-html\" data-id=\"iwgw-utukku-pills\" data-element_type=\"widget\" data-e-type=\"widget\" data-widget_type=\"html.default\">\n\t\t\t\t\t<div class=\"iwg-pill-row\"><span class=\"iwg-klasse-badge\" tabindex=\"0\" data-tooltip=\"D\u00e9mon tradice Mezopot\u00e1mie.\">D\u00e9mon<\/span><a href=\"https:\/\/iwell-guard.com\/cs\/mezopotamie\/\" class=\"iwg-kultur-badge\" tabindex=\"0\" data-tooltip=\"Mytologie tradice Mezopot\u00e1mie.\">Mezopot\u00e1mie<\/a><span class=\"iwg-tradition-badge\" tabindex=\"0\" data-tooltip=\"Duch mrtv\u00e9ho.\">Duch mrtv\u00e9ho<\/span><\/div>\t\t\t\t<\/div>\n\t\t\t\t<div class=\"elementor-element elementor-element-iwgw-utukku-lead elementor-widget elementor-widget-text-editor\" data-id=\"iwgw-utukku-lead\" data-element_type=\"widget\" data-e-type=\"widget\" data-widget_type=\"text-editor.default\">\n\t\t\t\t\t\t\t\t\t<p>Utukku nen\u00ed jednotliv\u00e1 bytost, n\u00fdbr\u017e souhrnn\u00e9 ozna\u010den\u00ed pro t\u0159\u00eddu mezopotamsk\u00fdch duchovn\u00edch bytost\u00ed. Pohybovaly se mezi podsv\u011bt\u00edm a sv\u011btem \u017eiv\u00fdch, byly pova\u017eov\u00e1ny za p\u016fvodce nemoc\u00ed a ne\u0161t\u011bst\u00ed a st\u00e1ly ve st\u0159edu rozs\u00e1hl\u00e9 zakl\u00ednac\u00ed literatury.<\/p>\t\t\t\t\t\t\t\t<\/div>\n\t\t\t\t\t<\/div>\n\t\t\t\t<\/div>\n\t\t<div class=\"elementor-element elementor-element-iwgw-utukku-s0 e-flex e-con-boxed e-con e-parent\" data-id=\"iwgw-utukku-s0\" data-element_type=\"container\" data-e-type=\"container\">\n\t\t\t\t\t<div class=\"e-con-inner\">\n\t\t\t\t<div class=\"elementor-element elementor-element-iwgw-utukku-s0h elementor-widget elementor-widget-heading\" data-id=\"iwgw-utukku-s0h\" data-element_type=\"widget\" data-e-type=\"widget\" data-widget_type=\"heading.default\">\n\t\t\t\t\t<h2 class=\"elementor-heading-title elementor-size-default\">Za\u0159azen\u00ed<\/h2>\t\t\t\t<\/div>\n\t\t\t\t<div class=\"elementor-element elementor-element-iwgw-utukku-s0t elementor-widget elementor-widget-text-editor\" data-id=\"iwgw-utukku-s0t\" data-element_type=\"widget\" data-e-type=\"widget\" data-widget_type=\"text-editor.default\">\n\t\t\t\t\t\t\t\t\t<p>Pojem Utukku pat\u0159\u00ed k slovn\u00edku mezopotamsk\u00e9 d\u00e9monologie. Neozna\u010duje jedinou, jasn\u011b vymezenou postavu, ale celou kategorii duchovn\u00edch bytost\u00ed, kter\u00e9 hr\u00e1ly v textech <a href=\"https:\/\/iwell-guard.com\/cs\/mezopotamie\/\">Mezopot\u00e1mie<\/a> po stalet\u00ed d\u016fle\u017eitou roli.<\/p><p>Utukku mohli b\u00fdt jak zlovoln\u00e9, tak v ur\u010dit\u00fdch souvislostech neutr\u00e1ln\u00ed nebo ochrann\u00e9 bytosti, av\u0161ak v n\u00e1bo\u017eensk\u00e9m ka\u017edodenn\u00edm \u017eivot\u011b st\u00e1ly v pop\u0159ed\u00ed nebezpe\u010dn\u00ed, \u0161kodliv\u00e9 utukku.<\/p><p>Mezopotamsk\u00fd sv\u011bt p\u0159edstav znal \u0159adu t\u0159\u00edd d\u00e9mon\u016f a duch\u016f. Vedle utukku vystupovaly bytosti jako etemmu, duchov\u00e9 mrtv\u00fdch v u\u017e\u0161\u00edm slova smyslu, a dal\u0161\u00ed skupiny d\u00e9mon\u016f.<\/p><p>Hranice mezi t\u011bmito kategoriemi byly nejasn\u00e9 a texty nepou\u017e\u00edvaj\u00ed tyto pojmy v\u017edy d\u016fsledn\u011b odd\u011blen\u011b. Utukku mohli b\u00fdt ch\u00e1p\u00e1ni jako duchov\u00e9 zem\u0159el\u00fdch, kte\u0159\u00ed nenalezli klid, stejn\u011b tak ale jako samostatn\u00e9 d\u00e9monick\u00e9 mocnosti bez lidsk\u00e9ho p\u016fvodu.<\/p><p>N\u00e1bo\u017eensko-historicky jsou utukku v\u00fdznamn\u00ed proto, \u017ee na nich lze vy\u010d\u00edst mezopotamsk\u00e9 ch\u00e1p\u00e1n\u00ed nemoci, ne\u0161t\u011bst\u00ed a smrti. Utrpen\u00ed nebylo \u010dasto vykl\u00e1d\u00e1no jako \u010dist\u011b t\u011blesn\u00fd jev, n\u00fdbr\u017e jako p\u016fsoben\u00ed nadp\u0159irozen\u00fdch mocnost\u00ed. Utukku pat\u0159ili k bytostem, jim\u017e se takov\u00e9 p\u016fsoben\u00ed p\u0159isuzovalo.<\/p>\t\t\t\t\t\t\t\t<\/div>\n\t\t\t\t\t<\/div>\n\t\t\t\t<\/div>\n\t\t<div class=\"elementor-element elementor-element-iwgw-utukku-s1 e-flex e-con-boxed e-con e-parent\" data-id=\"iwgw-utukku-s1\" data-element_type=\"container\" data-e-type=\"container\">\n\t\t\t\t\t<div class=\"e-con-inner\">\n\t\t\t\t<div class=\"elementor-element elementor-element-iwgw-utukku-s1h elementor-widget elementor-widget-heading\" data-id=\"iwgw-utukku-s1h\" data-element_type=\"widget\" data-e-type=\"widget\" data-widget_type=\"heading.default\">\n\t\t\t\t\t<h2 class=\"elementor-heading-title elementor-size-default\">Jm\u00e9no a etymologie<\/h2>\t\t\t\t<\/div>\n\t\t\t\t<div class=\"elementor-element elementor-element-iwgw-utukku-s1t elementor-widget elementor-widget-text-editor\" data-id=\"iwgw-utukku-s1t\" data-element_type=\"widget\" data-e-type=\"widget\" data-widget_type=\"text-editor.default\">\n\t\t\t\t\t\t\t\t\t<p>Pojem je dolo\u017een v sumer\u0161tin\u011b jako <em>udug<\/em> a byl v akkad\u0161tin\u011b p\u0159evzat jako Utukku. P\u0159esn\u00fd z\u00e1kladn\u00ed v\u00fdznam sumersk\u00e9ho slova nen\u00ed jednozna\u010dn\u011b objasn\u011bn. Ozna\u010duje obecn\u011b duchovn\u00ed bytost nebo <span class=\"iwg-fachbegriff\" data-tooltip=\"Duchovn\u00ed bytost, j\u00ed\u017e se p\u0159isuzuje \u0161kodliv\u00e9 nebo rozporn\u00e9 p\u016fsoben\u00ed.\" tabindex=\"0\">d\u00e9mona<\/span> a m\u016f\u017ee podle kontextu znamenat velmi odli\u0161n\u00e9 bytosti.<\/p><p>Charakteristick\u00e9 je, \u017ee slovo m\u00e1lokdy stoj\u00ed samostatn\u011b. V textech se objevuje v\u011bt\u0161inou s bli\u017e\u0161\u00edm ur\u010den\u00edm. Zl\u00e1 varianta se v akkad\u0161tin\u011b naz\u00fdv\u00e1 Utukku Lemnu, tedy zl\u00fd utukku.<\/p><p>Naproti tomu mohl b\u00fdt utukku ozna\u010den i jako p\u0159\u00edzniv\u00fd nebo ochrann\u00fd. Toto rozd\u011blen\u00ed ukazuje, \u017ee pojem zprvu ozna\u010duje ur\u010dit\u00fd druh bytosti, jej\u00ed\u017e mor\u00e1ln\u00ed zam\u011b\u0159en\u00ed je teprve stanoveno p\u0159\u00eddomkem.<\/p><p>V odborn\u00e9 literatu\u0159e se Utukku ob\u010das obecn\u011b p\u0159ekl\u00e1d\u00e1 jako <span class=\"iwg-fachbegriff\" data-tooltip=\"Duchovn\u00ed bytost, j\u00ed\u017e se p\u0159isuzuje \u0161kodliv\u00e9 nebo rozporn\u00e9 p\u016fsoben\u00ed.\" tabindex=\"0\">d\u00e9mon<\/span> nebo <span class=\"iwg-fachbegriff\" data-tooltip=\"Net\u011blesn\u00e1 bytost, j\u00ed\u017e se p\u0159isuzuje p\u016fsoben\u00ed ve sv\u011bt\u011b.\" tabindex=\"0\">duch<\/span>. Tyto p\u0159eklady jsou pouze aproximace, nebo\u0165 mezopotamsk\u00fd koncept se nekryje s modern\u00edmi p\u0159edstavami o d\u00e9monech. Mno\u017en\u00e9 \u010d\u00edslo, kter\u00e9 ozna\u010duje celou skupinu takov\u00fdch bytost\u00ed, hraje v zakl\u00ednac\u00edch textech zvl\u00e1\u0161tn\u00ed roli.<\/p>\t\t\t\t\t\t\t\t<\/div>\n\t\t\t\t\t<\/div>\n\t\t\t\t<\/div>\n\t\t<div class=\"elementor-element elementor-element-iwgw-utukku-s2 e-flex e-con-boxed e-con e-parent\" data-id=\"iwgw-utukku-s2\" data-element_type=\"container\" data-e-type=\"container\">\n\t\t\t\t\t<div class=\"e-con-inner\">\n\t\t\t\t<div class=\"elementor-element elementor-element-iwgw-utukku-s2h elementor-widget elementor-widget-heading\" data-id=\"iwgw-utukku-s2h\" data-element_type=\"widget\" data-e-type=\"widget\" data-widget_type=\"heading.default\">\n\t\t\t\t\t<h2 class=\"elementor-heading-title elementor-size-default\">Popis a ikonografie<\/h2>\t\t\t\t<\/div>\n\t\t\t\t<div class=\"elementor-element elementor-element-iwgw-utukku-s2t elementor-widget elementor-widget-text-editor\" data-id=\"iwgw-utukku-s2t\" data-element_type=\"widget\" data-e-type=\"widget\" data-widget_type=\"text-editor.default\">\n\t\t\t\t\t\t\t\t\t<p>Utukku se vymykaj\u00ed pevn\u00e9mu obrazn\u00e9mu zobrazen\u00ed, pr\u00e1v\u011b proto, \u017ee se jedn\u00e1 o souhrnnou kategorii. Na rozd\u00edl od d\u00e9monky <a href=\"https:\/\/iwell-guard.com\/cs\/lamashtu\/\">Lama\u0161tu<\/a> nebo <span class=\"iwg-fachbegriff\" data-tooltip=\"Duchovn\u00ed bytost, j\u00ed\u017e se p\u0159isuzuje \u0161kodliv\u00e9 nebo rozporn\u00e9 p\u016fsoben\u00ed.\" tabindex=\"0\">d\u00e9mona<\/span> <a href=\"https:\/\/iwell-guard.com\/cs\/pazuzu\/\">Pazuzua<\/a>, kte\u0159\u00ed jsou v um\u011bn\u00ed zachytiteln\u00ed jasn\u011b rozpoznateln\u00fdmi sm\u00ed\u0161en\u00fdmi podobami, z\u016fst\u00e1vali utukku zpravidla bez jednozna\u010dn\u011b kanonizovan\u00e9ho vzhledu.<\/p><p>Texty je \u010dasto popisuj\u00ed jako stra\u0161ideln\u00e9, beztvar\u00e9 nebo st\u00ednov\u00e9. Mohou p\u0159eb\u00fdvat v pou\u0161ti, na opu\u0161t\u011bn\u00fdch m\u00edstech, v ruin\u00e1ch nebo v oblasti hrob\u016f.<\/p><p>N\u011bkter\u00e9 prameny je zobrazuj\u00ed jako bytosti, kter\u00e9 se objevuj\u00ed v polotm\u011b, klouzaj\u00ed pod\u00e9l zd\u00ed nebo se zdr\u017euj\u00ed ve dve\u0159\u00edch a na prahu. Jejich nebezpe\u010dnost tkv\u00ed pr\u00e1v\u011b v jejich neuchopitelnosti. Jsou v\u0161ude a nikde, pronikaj\u00ed nepozorovan\u011b do dom\u016f a t\u011bl.<\/p><p>Kde texty konkr\u00e9tn\u011bji popisuj\u00ed jednotliv\u00e9 zl\u00e9 utukku, zd\u016fraz\u0148uj\u00ed jejich hrozivou, ne\u00faprosnou povahu. Jsou p\u0159irovn\u00e1v\u00e1ni k bou\u0159liv\u00fdm vichr\u016fm, drav\u00e9 zv\u011b\u0159i nebo k chladu smrti.<\/p><p>Tyto jazykov\u00e9 obrazy vyvol\u00e1vaj\u00ed dojem moci, kter\u00e1 se sn\u00e1\u0161\u00ed, uchvacuje a nepou\u0161t\u00ed. Absence pevn\u00e9 ikonografie n\u00e1bo\u017eensko-historicky podtrhuje, \u017ee utukku byli ch\u00e1p\u00e1ni m\u00e9n\u011b jako obrazov\u00e9 postavy a v\u00edce jako pro\u017e\u00edvan\u00e1 hrozba.<\/p>\t\t\t\t\t\t\t\t<\/div>\n\t\t\t\t\t<\/div>\n\t\t\t\t<\/div>\n\t\t<div class=\"elementor-element elementor-element-iwgw-utukku-s3 e-flex e-con-boxed e-con e-parent\" data-id=\"iwgw-utukku-s3\" data-element_type=\"container\" data-e-type=\"container\">\n\t\t\t\t\t<div class=\"e-con-inner\">\n\t\t\t\t<div class=\"elementor-element elementor-element-iwgw-utukku-s3h elementor-widget elementor-widget-heading\" data-id=\"iwgw-utukku-s3h\" data-element_type=\"widget\" data-e-type=\"widget\" data-widget_type=\"heading.default\">\n\t\t\t\t\t<h2 class=\"elementor-heading-title elementor-size-default\">Mytologick\u00e1 vypr\u00e1v\u011bn\u00ed<\/h2>\t\t\t\t<\/div>\n\t\t\t\t<div class=\"elementor-element elementor-element-iwgw-utukku-s3t elementor-widget elementor-widget-text-editor\" data-id=\"iwgw-utukku-s3t\" data-element_type=\"widget\" data-e-type=\"widget\" data-widget_type=\"text-editor.default\">\n\t\t\t\t\t\t\t\t\t<p>Na rozd\u00edl od velk\u00fdch boh\u016f nestoj\u00ed utukkuov\u00e9 ve st\u0159edu vlastn\u00edch m\u00fdt\u016f s d\u011bjem a vyprav\u011b\u010dsk\u00fdm obloukem. Objevuj\u00ed se sp\u00ed\u0161e v zakl\u00ednac\u00edch a ritu\u00e1ln\u00edch textech, kter\u00e9 samy obsahuj\u00ed sv\u00e9bytnou formu mytick\u00e9ho vypr\u00e1v\u011bn\u00ed. Tyto texty \u010dasto popisuj\u00ed p\u016fvod d\u00e9mon\u016f, jejich vlastnosti a \u0161kodliv\u00e9 po\u010d\u00edn\u00e1n\u00ed, aby je t\u00edm pod\u0159\u00eddily ritu\u00e1ln\u00ed kontrole.<\/p><p>Nejd\u016fle\u017eit\u011bj\u0161\u00edm pramenem je velk\u00e1 zakl\u00ednac\u00ed s\u00e9rie, kterou badatel\u00e9 znaj\u00ed jako Utukku Lemnutu, tedy zl\u00ed utukkuov\u00e9. Jde o rozs\u00e1hlou sb\u00edrku zakl\u00edn\u00e1n\u00ed rozlo\u017eenou na mnoho tabulek.<\/p><p>Tato s\u00e9rie byla po dlouhou dobu p\u0159ed\u00e1v\u00e1na, opisov\u00e1na a komentov\u00e1na. Obsahuje popisy toho, jak d\u00e9moni vystupuj\u00ed z podsv\u011bt\u00ed, jak putuj\u00ed krajinou a napadaj\u00ed lidi.<\/p><p>Opakuj\u00edc\u00edm se motivem je obraz Sedmi, skupiny obzvl\u00e1\u0161t\u011b ob\u00e1van\u00fdch d\u00e9monick\u00fdch bytost\u00ed, kter\u00e9 neznaj\u00ed stud ani slitov\u00e1n\u00ed, nejsou ani mu\u017ei, ani \u017eenami a t\u00e1hnou zem\u00ed jako vich\u0159ice. Tato Sedma je n\u011bkdy spojov\u00e1na s utukkuy a pova\u017eov\u00e1na za posel\u00e9, kte\u0159\u00ed p\u0159in\u00e1\u0161ej\u00ed ne\u0161t\u011bst\u00ed.<\/p><p>Pro tyto texty je charakteristick\u00e1 konstelace mezi \u010dlov\u011bkem, <span class=\"iwg-fachbegriff\" data-tooltip=\"Duchovn\u00ed bytost, j\u00ed\u017e je p\u0159ipisov\u00e1no \u0161kodliv\u00e9 nebo rozporn\u00e9 p\u016fsoben\u00ed.\" tabindex=\"0\">d\u00e9monem<\/span> a bohem. \u010clov\u011bk napaden\u00fd utukkuem je bezmocn\u00fd. Zakl\u00ednac\u00ed kn\u011bz vystupuje jako prost\u0159edn\u00edk a vz\u00fdv\u00e1 bohy, p\u0159edev\u0161\u00edm boha moudrosti Enkiho a jeho syna, boha zakl\u00edn\u00e1n\u00ed.<\/p><p>V \u010dasto se opakuj\u00edc\u00edm vypr\u00e1v\u011bc\u00edm vzorci se syn bezradn\u011b obrac\u00ed na sv\u00e9ho otce Enkiho, a ten mu sd\u011bl\u00ed \u00fa\u010dinn\u00e9 pozn\u00e1n\u00ed, tak\u017ee uzdraven\u00ed se jev\u00ed jako p\u0159ed\u00e1n\u00ed bo\u017esk\u00e9 moudrosti.<\/p><p>S autoritou boh\u016f je <span class=\"iwg-fachbegriff\" data-tooltip=\"Duchovn\u00ed bytost, j\u00ed\u017e je p\u0159ipisov\u00e1no \u0161kodliv\u00e9 nebo rozporn\u00e9 p\u016fsoben\u00ed.\" tabindex=\"0\">d\u00e9monu<\/span> p\u0159ik\u00e1z\u00e1no, aby \u010dlov\u011bka opustil a vr\u00e1til se do podsv\u011bt\u00ed. Toto ritu\u00e1ln\u00ed vypr\u00e1v\u011bn\u00ed se opakuje v mnoha variant\u00e1ch a tvo\u0159\u00ed j\u00e1dro mezopot\u00e1msk\u00e9ho vyrovn\u00e1v\u00e1n\u00ed se s utukkuy.<\/p><p>N\u011bkter\u00e9 texty spojuj\u00ed utukkuy tak\u00e9 s nepoh\u0159ben\u00fdmi nebo zanedban\u00fdmi mrtv\u00fdmi. Kdo nez\u00edskal \u0159\u00e1dn\u00fd poh\u0159eb nebo o jeho\u017e kult mrtv\u00fdch nebylo db\u00e1no, mohl se vr\u00e1tit jako neklidn\u00fd <span class=\"iwg-fachbegriff\" data-tooltip=\"Bezt\u011blesn\u00e1 bytost, j\u00ed\u017e je p\u0159ipisov\u00e1no p\u016fsoben\u00ed ve sv\u011bt\u011b.\" tabindex=\"0\">duch<\/span> a su\u017eovat \u017eiv\u00e9.<\/p><p>Za d\u016fvody neklidu ducha byla pova\u017eov\u00e1na tak\u00e9 n\u00e1siln\u00e1 smrt, \u00famrt\u00ed daleko od domoviny nebo chyb\u011bj\u00edc\u00ed potomci, kte\u0159\u00ed by pe\u010dovali o kult mrtv\u00fdch. V tomto v\u00fdkladu jsou utukkuov\u00e9 t\u011bsn\u011b spjati s mezopot\u00e1mskou p\u0159edstavou o vztahu \u017eiv\u00fdch k jejich mrtv\u00fdm.<\/p>\t\t\t\t\t\t\t\t<\/div>\n\t\t\t\t\t<\/div>\n\t\t\t\t<\/div>\n\t\t<div class=\"elementor-element elementor-element-iwgw-utukku-s4 e-flex e-con-boxed e-con e-parent\" data-id=\"iwgw-utukku-s4\" data-element_type=\"container\" data-e-type=\"container\">\n\t\t\t\t\t<div class=\"e-con-inner\">\n\t\t\t\t<div class=\"elementor-element elementor-element-iwgw-utukku-s4h elementor-widget elementor-widget-heading\" data-id=\"iwgw-utukku-s4h\" data-element_type=\"widget\" data-e-type=\"widget\" data-widget_type=\"heading.default\">\n\t\t\t\t\t<h2 class=\"elementor-heading-title elementor-size-default\">Kult a uct\u00edv\u00e1n\u00ed<\/h2>\t\t\t\t<\/div>\n\t\t\t\t<div class=\"elementor-element elementor-element-iwgw-utukku-s4t elementor-widget elementor-widget-text-editor\" data-id=\"iwgw-utukku-s4t\" data-element_type=\"widget\" data-e-type=\"widget\" data-widget_type=\"text-editor.default\">\n\t\t\t\t\t\t\t\t\t<p>Proto\u017ee zl\u00ed utukkuov\u00e9 byli pova\u017eov\u00e1ni za \u0161kodliv\u00e9 mocnosti, neexistoval k nim \u017e\u00e1dn\u00fd <span class=\"iwg-fachbegriff\" data-tooltip=\"Souhrn n\u00e1bo\u017eensk\u00fdch \u00factypln\u00fdch \u00fakon\u016f v\u016f\u010di bo\u017estvu nebo svat\u00e9 postav\u011b.\" tabindex=\"0\">kult<\/span> ve smyslu uct\u00edv\u00e1n\u00ed. Nebyly jim stav\u011bny <span class=\"iwg-fachbegriff\" data-tooltip=\"Stavba slou\u017e\u00edc\u00ed k uct\u00edv\u00e1n\u00ed jednoho nebo v\u00edce bo\u017estev.\" tabindex=\"0\">chr\u00e1my<\/span> ani p\u0159in\u00e1\u0161eny pravideln\u00e9 <span class=\"iwg-fachbegriff\" data-tooltip=\"Dar bo\u017estvu na vyj\u00e1d\u0159en\u00ed d\u00edk\u016f, prosby nebo \u00facty.\" tabindex=\"0\">ob\u011bti<\/span>, jak bylo b\u011b\u017en\u00e9 u boh\u016f. N\u00e1bo\u017eensk\u00fd p\u0159\u00edstup k utukku\u016fm spo\u010d\u00edval naopak v obran\u011b, za\u017eehn\u00e1v\u00e1n\u00ed a vypuzov\u00e1n\u00ed.<\/p><p>\u00dast\u0159edn\u00ed postavou byl zakl\u00ednac\u00ed kn\u011bz, v akkad\u0161tin\u011b naz\u00fdvan\u00fd a\u0161ipu. Disponoval pot\u0159ebn\u00fdmi znalostmi a ritu\u00e1ln\u00edmi texty. Tento specialista prov\u00e1dil o\u010distn\u00e9 a odvracej\u00edc\u00ed ritu\u00e1ly, p\u0159edn\u00e1\u0161el zakl\u00edn\u00e1n\u00ed, konal symbolick\u00e9 \u00fakony a p\u0159\u00edpadn\u011b zhotovoval figurky z hl\u00edny, vosku nebo t\u011bsta, kter\u00e9 zastupovaly <span class=\"iwg-fachbegriff\" data-tooltip=\"Duchovn\u00ed bytost, j\u00ed\u017e je p\u0159ipisov\u00e1no \u0161kodliv\u00e9 nebo rozporn\u00e9 p\u016fsoben\u00ed.\" tabindex=\"0\">d\u00e9mona<\/span> a byly zne\u0161kodn\u011bny.<\/p><p>Krom\u011b a\u0161ipua mohl b\u00fdt p\u0159ivol\u00e1n tak\u00e9 a\u0161u, jak\u00fdsi l\u00e9\u010ditel, kter\u00fd pracoval sp\u00ed\u0161e s rostlinami a l\u00e1tkami. Oba specialist\u00e9 \u010dasto p\u016fsobili spole\u010dn\u011b, tak\u017ee l\u00e9\u010dba \u010dlov\u011bka napaden\u00e9ho utukkuem propojovala pronesen\u00e9 slovo, symbolick\u00fd \u00fakon a hmotn\u00e9 prost\u0159edky.<\/p><p>V r\u00e1mci tohoto syst\u00e9mu hr\u00e1li d\u016fle\u017eitou roli velc\u00ed bohov\u00e9, nikoli jako adres\u00e1ti kultu utukku\u016f, n\u00fdbr\u017e jako mocnosti, jejich\u017e autorita byla nasazena proti d\u00e9mon\u016fm.<\/p><p>Zvl\u00e1\u0161t\u011b \u010dasto byli vz\u00fdv\u00e1ni \u0160ama\u0161 jako b\u016fh pr\u00e1va, Enki jako b\u016fh moudrosti a jeho syn, b\u016fh zakl\u00edn\u00e1n\u00ed. V zakl\u00edn\u00e1n\u00edch vystupuje kn\u011bz v\u00fdslovn\u011b jako posel nebo zmocn\u011bnec t\u011bchto boh\u016f, tak\u017ee <span class=\"iwg-fachbegriff\" data-tooltip=\"Duchovn\u00ed bytost, j\u00ed\u017e je p\u0159ipisov\u00e1no \u0161kodliv\u00e9 nebo rozporn\u00e9 p\u016fsoben\u00ed.\" tabindex=\"0\">d\u00e9mona<\/span> nevyh\u00e1n\u00ed on s\u00e1m, n\u00fdbr\u017e bo\u017esk\u00e1 moc.<\/p><p>Kult mrtv\u00fdch pro vlastn\u00ed zem\u0159el\u00e9 lze v t\u00e9to souvislosti tak\u00e9 ch\u00e1pat jako preventivn\u00ed opat\u0159en\u00ed, nebo\u0165 udr\u017eovan\u00fd kult mrtv\u00fdch s pravideln\u00fdmi ob\u011btinami vody a pokrm\u016f zabra\u0148oval tomu, aby se ze zem\u0159el\u00e9ho stal neklidn\u00fd, \u0161kodliv\u00fd <span class=\"iwg-fachbegriff\" data-tooltip=\"Bezt\u011blesn\u00e1 bytost, j\u00ed\u017e je p\u0159ipisov\u00e1no p\u016fsoben\u00ed ve sv\u011bt\u011b.\" tabindex=\"0\">duch<\/span>. Zanedb\u00e1n\u00ed t\u011bchto povinnost\u00ed bylo pova\u017eov\u00e1no za jeden z hlavn\u00edch d\u016fvod\u016f, pro\u010d se duchov\u00e9 v\u016fbec st\u00e1vali su\u017eovateli \u017eiv\u00fdch.<\/p>\t\t\t\t\t\t\t\t<\/div>\n\t\t\t\t\t<\/div>\n\t\t\t\t<\/div>\n\t\t<div class=\"elementor-element elementor-element-iwgw-utukku-s5 e-flex e-con-boxed e-con e-parent\" data-id=\"iwgw-utukku-s5\" data-element_type=\"container\" data-e-type=\"container\">\n\t\t\t\t\t<div class=\"e-con-inner\">\n\t\t\t\t<div class=\"elementor-element elementor-element-iwgw-utukku-s5h elementor-widget elementor-widget-heading\" data-id=\"iwgw-utukku-s5h\" data-element_type=\"widget\" data-e-type=\"widget\" data-widget_type=\"heading.default\">\n\t\t\t\t\t<h2 class=\"elementor-heading-title elementor-size-default\">Ochrann\u00e1 praxe a apotropaick\u00e9 prvky<\/h2>\t\t\t\t<\/div>\n\t\t\t\t<div class=\"elementor-element elementor-element-iwgw-utukku-s5t elementor-widget elementor-widget-text-editor\" data-id=\"iwgw-utukku-s5t\" data-element_type=\"widget\" data-e-type=\"widget\" data-widget_type=\"text-editor.default\">\n\t\t\t\t\t\t\t\t\t<p>Ochrana p\u0159ed Utukky pat\u0159ila k nejd\u016fle\u017eit\u011bj\u0161\u00edm \u00fakol\u016fm mezopot\u00e1msk\u00e9 ritu\u00e1ln\u00ed praxe. Zakl\u00ednac\u00ed s\u00e9rie Utukku Lemnutu byla nejrozs\u00e1hlej\u0161\u00edm n\u00e1strojem t\u00e9to obrany. Jej\u00ed zakl\u00ednadla se \u010dasto \u0159\u00edd\u00ed pevnou stavbou.<\/p><p>Nejprve jsou d\u00e9moni jmenov\u00e1ni a pops\u00e1ni ve sv\u00e9 hrozivosti, pot\u00e9 jsou vz\u00fdv\u00e1ni bohov\u00e9 a nakonec je vysloven p\u0159\u00edkaz <span class=\"iwg-fachbegriff\" data-tooltip=\"Duchovn\u00ed bytost, j\u00ed\u017e je p\u0159ipisov\u00e1no \u0161kodliv\u00e9 nebo dvojzna\u010dn\u00e9 p\u016fsoben\u00ed.\" tabindex=\"0\">d\u00e9monu<\/span>, aby ustoupil a vr\u00e1til se do podsv\u011bt\u00ed.<\/p><p>K apotropaick\u00fdm opat\u0159en\u00edm pat\u0159ily o\u010distn\u00e9 ritu\u00e1ly s vodou, ohn\u011bm a ur\u010dit\u00fdmi l\u00e1tkami. \u010casto se vyr\u00e1b\u011bly n\u00e1hradn\u00ed figurky, kter\u00e9 zastupovaly <span class=\"iwg-fachbegriff\" data-tooltip=\"Duchovn\u00ed bytost, j\u00ed\u017e je p\u0159ipisov\u00e1no \u0161kodliv\u00e9 nebo dvojzna\u010dn\u00e9 p\u016fsoben\u00ed.\" tabindex=\"0\">d\u00e9mona<\/span> nebo pacienta. Ritu\u00e1ln\u00edmi \u00fakony na t\u011bchto figurk\u00e1ch m\u011blo b\u00fdt zlo zapuzeno, sp\u00e1leno nebo odehn\u00e1no. Ochran\u011b mohly slou\u017eit i amulety a popsan\u00e9 p\u0159edm\u011bty.<\/p><p>D\u016fle\u017eit\u00e9 bylo tak\u00e9 udr\u017eov\u00e1n\u00ed \u0159\u00e1du v dom\u011b a ve vztahu k mrtv\u00fdm. Zanedban\u00e9 hroby, naru\u0161en\u00e9 prahy a ne\u010dist\u00e1 m\u00edsta byla pova\u017eov\u00e1na za vstupn\u00ed br\u00e1ny pro Utukky. Kdo dodr\u017eoval ritu\u00e1ln\u00ed pravidla, pe\u010doval o kult mrtv\u00fdch a v p\u0159\u00edpad\u011b nemoci povolal zakl\u00ednac\u00edho kn\u011bze, sna\u017eil se t\u00edmto zp\u016fsobem zajistit ochranu p\u0159ed d\u00e9mony.<\/p><p>V\u011bdeck\u00fd pohled ch\u00e1pe tyto praktiky jako sou\u010d\u00e1st koherentn\u00edho obrazu sv\u011bta, v n\u011bm\u017e se nemoc a ne\u0161t\u011bst\u00ed staly vysv\u011btliteln\u00fdmi a t\u00edm i l\u00e9\u010diteln\u00fdmi. \u00da\u010dinnost v modern\u00edm l\u00e9ka\u0159sk\u00e9m smyslu t\u00edm nen\u00ed tvrzena.<\/p>\t\t\t\t\t\t\t\t<\/div>\n\t\t\t\t\t<\/div>\n\t\t\t\t<\/div>\n\t\t<div class=\"elementor-element elementor-element-iwgw-utukku-s6 e-flex e-con-boxed e-con e-parent\" data-id=\"iwgw-utukku-s6\" data-element_type=\"container\" data-e-type=\"container\">\n\t\t\t\t\t<div class=\"e-con-inner\">\n\t\t\t\t<div class=\"elementor-element elementor-element-iwgw-utukku-s6h elementor-widget elementor-widget-heading\" data-id=\"iwgw-utukku-s6h\" data-element_type=\"widget\" data-e-type=\"widget\" data-widget_type=\"heading.default\">\n\t\t\t\t\t<h2 class=\"elementor-heading-title elementor-size-default\">Paralely v jin\u00fdch kultur\u00e1ch<\/h2>\t\t\t\t<\/div>\n\t\t\t\t<div class=\"elementor-element elementor-element-iwgw-utukku-s6t elementor-widget elementor-widget-text-editor\" data-id=\"iwgw-utukku-s6t\" data-element_type=\"widget\" data-e-type=\"widget\" data-widget_type=\"text-editor.default\">\n\t\t\t\t\t\t\t\t\t<p>P\u0159edstavy neklidn\u00fdch duch\u016f mrtv\u00fdch a d\u00e9mon\u016f p\u0159in\u00e1\u0161ej\u00edc\u00edch nemoci jsou roz\u0161\u00ed\u0159eny v mnoha kultur\u00e1ch. Uvnit\u0159 star\u00e9ho Orientu lze vysledovat spojen\u00ed k z\u00e1padosemitsk\u00e9 a pozd\u011bji k \u017eidovsk\u00e9 demonologii, kde se setk\u00e1v\u00e1me s podobn\u00fdmi koncepty duch\u016f a ne\u010dist\u00fdch moc\u00ed.<\/p><p>Mezopot\u00e1msk\u00e1 zakl\u00ednac\u00ed literatura je ve v\u00fdzkumu vn\u00edm\u00e1na jako pozad\u00ed pozd\u011bj\u0161\u00edch zakl\u00ednac\u00edch tradic, nap\u0159\u00edklad v aramejsk\u00e9 tradici zakl\u00ednac\u00edch misek z <span class=\"iwg-fachbegriff\" data-tooltip=\"P\u0159echodn\u00e1 epocha mezi antikou a st\u0159edov\u011bkem, p\u0159ibli\u017en\u011b 3. a\u017e 7. stolet\u00ed.\" tabindex=\"0\">pozdn\u00ed antiky<\/span>, kde jsou d\u00e9moni tak\u00e9 jmenov\u00e1ni a zakl\u00edn\u00e1ni.<\/p><p>Strukturn\u011b srovnateln\u00e1 je p\u0159edstava, \u017ee nemoc vznik\u00e1 proniknut\u00edm ciz\u00ed, duchovn\u00ed bytosti a lze ji vyl\u00e9\u010dit ritu\u00e1ln\u00edm vypuzen\u00edm. Podobn\u00e9 koncepty se nach\u00e1zej\u00ed v mnoha p\u0159edmodern\u00edch l\u00e9\u010ditelsk\u00fdch syst\u00e9mech.<\/p><p>Tak\u00e9 <span class=\"iwg-fachbegriff\" data-tooltip=\"Opakuj\u00edc\u00ed se obsahov\u00fd prvek v um\u011bn\u00ed nebo vypr\u00e1v\u011bn\u00ed.\" tabindex=\"0\">motiv<\/span> nepoh\u0159ben\u00e9ho mrtv\u00e9ho, kter\u00fd se vrac\u00ed jako <span class=\"iwg-fachbegriff\" data-tooltip=\"Net\u011blesn\u00e1 bytost, j\u00ed\u017e je p\u0159ipisov\u00e1no p\u016fsoben\u00ed ve sv\u011bt\u011b.\" tabindex=\"0\">duch<\/span>, je velmi roz\u0161\u00ed\u0159en a setk\u00e1v\u00e1me se s n\u00edm nap\u0159\u00edklad v \u0159eck\u00e9 a \u0159\u00edmsk\u00e9 p\u0159edstavivosti, kde duchov\u00e9 mrtv\u00fdch p\u0159i zanedban\u00e9m poh\u0159bu platili za neklidn\u00e9 a musely b\u00fdt usmi\u0159ov\u00e1ny vlastn\u00edmi rity.<\/p><p>P\u0159i v\u0161ech podobnostech je t\u0159eba opatrnosti. Utukkov\u00e9 jsou zasazeni do specificky mezopot\u00e1msk\u00e9ho syst\u00e9mu, kter\u00fd m\u00e1 vlastn\u00ed bohy, vlastn\u00ed p\u0159edstavu podsv\u011bt\u00ed a vlastn\u00ed ritu\u00e1ln\u00ed tradici.<\/p><p>Paralely je proto t\u0159eba ch\u00e1pat jako typologickou p\u0159\u00edbuznost, nikoli jako prost\u00e9 ztoto\u017en\u011bn\u00ed. N\u00e1bo\u017eensko-srovn\u00e1vac\u00ed v\u00fdzkum je vyu\u017e\u00edv\u00e1 k popisu obecn\u00fdch vzorc\u016f v zach\u00e1zen\u00ed s nemoc\u00ed, smrt\u00ed a neviden\u00fdmi mocnostmi.<\/p>\t\t\t\t\t\t\t\t<\/div>\n\t\t\t\t\t<\/div>\n\t\t\t\t<\/div>\n\t\t<div class=\"elementor-element elementor-element-iwgw-utukku-s7 e-flex e-con-boxed e-con e-parent\" data-id=\"iwgw-utukku-s7\" data-element_type=\"container\" data-e-type=\"container\">\n\t\t\t\t\t<div class=\"e-con-inner\">\n\t\t\t\t<div class=\"elementor-element elementor-element-iwgw-utukku-s7h elementor-widget elementor-widget-heading\" data-id=\"iwgw-utukku-s7h\" data-element_type=\"widget\" data-e-type=\"widget\" data-widget_type=\"heading.default\">\n\t\t\t\t\t<h2 class=\"elementor-heading-title elementor-size-default\">Sou\u010dasn\u00e1 recepce a v\u00fdzkum<\/h2>\t\t\t\t<\/div>\n\t\t\t\t<div class=\"elementor-element elementor-element-iwgw-utukku-s7t elementor-widget elementor-widget-text-editor\" data-id=\"iwgw-utukku-s7t\" data-element_type=\"widget\" data-e-type=\"widget\" data-widget_type=\"text-editor.default\">\n\t\t\t\t\t\t\t\t\t<p>Utukkov\u00e9 jsou zn\u00e1mi p\u0159edev\u0161\u00edm d\u00edky v\u011bdeck\u00e9mu zpracov\u00e1n\u00ed zakl\u00ednac\u00ed s\u00e9rie Utukku Lemnutu. Tato s\u00e9rie byla rekonstruov\u00e1na, editov\u00e1na a p\u0159elo\u017eena z mnoha kl\u00ednopisn\u00fdch tabulek. Mnoho t\u011bchto tabulek poch\u00e1z\u00ed z knihovny asyrsk\u00e9ho kr\u00e1le A\u0161\u0161urbanipala v Ninive, d\u00e1le ze star\u0161\u00edch textov\u00fdch n\u00e1lez\u016f, kter\u00e9 sahaj\u00ed a\u017e do druh\u00e9ho tis\u00edcilet\u00ed.<\/p><p>Pr\u00e1ce na t\u011bchto textech je n\u00e1ro\u010dn\u00e1, proto\u017ee s\u00e9rie byla p\u0159ed\u00e1v\u00e1na po dlouh\u00e1 \u010dasov\u00e1 obdob\u00ed a existuje v r\u016fzn\u00fdch verz\u00edch, \u010d\u00e1ste\u010dn\u011b s dvojjazy\u010dn\u00fdmi sumersko-akkadsk\u00fdmi pas\u00e1\u017eemi, v nich\u017e je sumersk\u00e9 <span class=\"iwg-fachbegriff\" data-tooltip=\"Jazykov\u00fd ritu\u00e1l, kter\u00fd m\u00e1 p\u0159ivolat nebo spoutat moc.\" tabindex=\"0\">zakl\u00ednadlo<\/span> \u0159\u00e1dek za \u0159\u00e1dkem doprov\u00e1zeno akkadsk\u00fdm p\u0159ekladem.<\/p><p>D\u016fle\u017eit\u00fdm v\u00fdsledkem v\u00fdzkumu je pozn\u00e1n\u00ed, \u017ee mezopot\u00e1msk\u00e1 demonologie nebyla neuspo\u0159\u00e1danou <span class=\"iwg-fachbegriff\" data-tooltip=\"N\u00e1bo\u017eensk\u00e9 p\u0159edstavy a zvyky roz\u0161\u00ed\u0159en\u00e9 v ka\u017edodenn\u00edm \u017eivot\u011b.\" tabindex=\"0\">lidovou v\u00edrou<\/span>, n\u00fdbr\u017e u\u010den\u00fdm, p\u00edsemn\u011b tradovan\u00fdm syst\u00e9mem. Pojmy jako Utukku, Etemmu nebo Alu byly sou\u010d\u00e1st\u00ed odborn\u00e9ho jazyka, kter\u00fd se vyu\u010doval v p\u00edsa\u0159sk\u00fdch \u0161kol\u00e1ch. V\u00fdzkum diskutuje o tom, jak p\u0159esn\u011b byly tyto kategorie od sebe odd\u011bleny a jak se p\u0159ekr\u00fdvaly.<\/p><p>V\u00fdzkum se zvl\u00e1\u0161\u0165 zaj\u00edm\u00e1 o mezopot\u00e1mskou p\u0159edstavu nemoci, l\u00e9\u010den\u00ed a role zakl\u00ednac\u00edho kn\u011bze.<\/p><p>Na textech o Utukc\u00edch lze studovat, jak \u00fazce byly propleteny n\u00e1bo\u017eensk\u00fd v\u00fdklad, ritu\u00e1ln\u00ed praxe a to, co lze ozna\u010dit za ranou l\u00e9\u010ditelskou praxi. Zakl\u00ednac\u00ed kn\u011b\u017e\u00ed disponovali rozs\u00e1hl\u00fdmi textov\u00fdmi znalostmi, kter\u00e9 byly shrom\u00e1\u017ed\u011bny v u\u010deneck\u00fdch knihovn\u00e1ch prvn\u00edho tis\u00edcilet\u00ed.<\/p><p>V popul\u00e1rn\u00ed recepci bylo ozna\u010den\u00ed Utukku ob\u010das p\u0159ej\u00edm\u00e1no pro mezopot\u00e1msk\u00e9 d\u00e9mony, \u010dasto v\u0161ak bez p\u0159esn\u00e9ho vztahu k pramen\u016fm.<\/p><p>V\u011bcn\u00e9 zab\u00fdv\u00e1n\u00ed se Utukky se op\u00edr\u00e1 o kritick\u00e9 edice zakl\u00ednac\u00edch text\u016f a o asyriologickou odbornou literaturu, kter\u00e1 tyto bytosti zasazuje do jejich historick\u00e9ho a n\u00e1bo\u017eensk\u00e9ho kontextu. Ukazuje Utukky jako pevnou sou\u010d\u00e1st diferencovan\u00e9 demonologie, kter\u00e1 utv\u00e1\u0159ela mezopot\u00e1msk\u00e9 ch\u00e1p\u00e1n\u00ed sv\u011bta a utrpen\u00ed.<\/p>\t\t\t\t\t\t\t\t<\/div>\n\t\t\t\t\t<\/div>\n\t\t\t\t<\/div>\n\t\t<div class=\"elementor-element elementor-element-iwgw-utukku-lit e-flex e-con-boxed e-con e-parent\" data-id=\"iwgw-utukku-lit\" data-element_type=\"container\" data-e-type=\"container\">\n\t\t\t\t\t<div class=\"e-con-inner\">\n\t\t\t\t<div class=\"elementor-element elementor-element-iwgw-utukku-lith elementor-widget elementor-widget-heading\" data-id=\"iwgw-utukku-lith\" data-element_type=\"widget\" data-e-type=\"widget\" data-widget_type=\"heading.default\">\n\t\t\t\t\t<h2 class=\"elementor-heading-title elementor-size-default\">Literatura (v\u00fdb\u011br)<\/h2>\t\t\t\t<\/div>\n\t\t\t\t<div class=\"elementor-element elementor-element-iwgw-utukku-litt elementor-widget elementor-widget-text-editor\" data-id=\"iwgw-utukku-litt\" data-element_type=\"widget\" data-e-type=\"widget\" data-widget_type=\"text-editor.default\">\n\t\t\t\t\t\t\t\t\t<ul><li>Markham J. Geller: <em>Evil Demons. Canonical Utukk\u016b Lemn\u016btu Incantations<\/em> (2007)<\/li><li><span data-nosnippet>Jeremy Black, Anthony Green: <em>Gods, Demons and Symbols of Ancient Mesopotamia<\/em> (1992)<\/span><\/li><li>Walter Farber: <em>Lama\u0161tu. An Edition of the Canonical Series of Lama\u0161tu Incantations<\/em> (2014)<\/li><li>Jean Bott\u00e9ro: <em>Die \u00e4lteste Religion. Mesopotamien<\/em> (2001)<\/li><li>Frans A. M. Wiggermann: <em>Mesopotamian Protective Spirits<\/em> (1992)<\/li><\/ul>\t\t\t\t\t\t\t\t<\/div>\n\t\t\t\t\t<\/div>\n\t\t\t\t<\/div>\n\t\t<div class=\"elementor-element elementor-element-iwgkw2-add-utukku e-flex e-con-boxed e-con e-parent\" data-id=\"iwgkw2-add-utukku\" data-element_type=\"container\" data-e-type=\"container\">\n\t\t\t\t\t<div class=\"e-con-inner\">\n\t\t\t\t<div class=\"elementor-element elementor-element-iwgkw2-add-utukku-t elementor-widget elementor-widget-text-editor\" data-id=\"iwgkw2-add-utukku-t\" data-element_type=\"widget\" data-e-type=\"widget\" data-widget_type=\"text-editor.default\">\n\t\t\t\t\t\t\t\t\t<p>Utukkov\u00e9 pat\u0159\u00ed v akkadsk\u00e9 zakl\u00ednac\u00ed literatu\u0159e mezi ob\u00e1van\u00e9 <em>podsv\u011btn\u00ed d\u00e9mony<\/em>, kte\u0159\u00ed jako neklidn\u00ed duchov\u00e9 mrtv\u00fdch mohli p\u0159in\u00e1\u0161et \u017eiv\u00fdm nemoc a ne\u0161t\u011bst\u00ed; \u00fast\u0159edn\u00edm pramenem je s\u00e9rie Utukku Lemnutu.<\/p>\t\t\t\t\t\t\t\t<\/div>\n\t\t\t\t\t<\/div>\n\t\t\t\t<\/div>\n\t\t<div class=\"elementor-element elementor-element-iwgw-utukku-kwd e-flex e-con-boxed e-con e-parent\" data-id=\"iwgw-utukku-kwd\" data-element_type=\"container\" data-e-type=\"container\">\n\t\t\t\t\t<div class=\"e-con-inner\">\n\t\t\t\t<div class=\"elementor-element elementor-element-iwgw-utukku-kwdt elementor-widget elementor-widget-text-editor\" data-id=\"iwgw-utukku-kwdt\" data-element_type=\"widget\" data-e-type=\"widget\" data-widget_type=\"text-editor.default\">\n\t\t\t\t\t\t\t\t\t<p><em>P\u0159\u00edbuzn\u00e9 kl\u00ed\u010dov\u00e9 pojmy: Utukku Lemnutu udug zakl\u00ednac\u00ed s\u00e9rie duch mrtv\u00e9ho Etemmu zakl\u00ednac\u00ed kn\u011bz podsv\u011bt\u00ed.<\/em><\/p>\t\t\t\t\t\t\t\t<\/div>\n\t\t\t\t\t<\/div>\n\t\t\t\t<\/div>\n\t\t<div class=\"elementor-element elementor-element-iwgw-utukku-cc e-flex e-con-boxed e-con e-parent\" data-id=\"iwgw-utukku-cc\" data-element_type=\"container\" data-e-type=\"container\" id=\"iwg-cc-utukku\">\n\t\t\t\t\t<div class=\"e-con-inner\">\n\t\t<div class=\"elementor-element elementor-element-iwgw-utukku-ccinner e-flex e-con-boxed e-con e-parent\" data-id=\"iwgw-utukku-ccinner\" data-element_type=\"container\" data-e-type=\"container\" data-settings=\"{&quot;background_background&quot;:&quot;classic&quot;}\">\n\t\t\t\t\t<div class=\"e-con-inner\">\n\t\t\t\t<div class=\"elementor-element elementor-element-iwgw-utukku-cch elementor-widget elementor-widget-heading\" data-id=\"iwgw-utukku-cch\" data-element_type=\"widget\" data-e-type=\"widget\" data-widget_type=\"heading.default\">\n\t\t\t\t\t<h2 class=\"elementor-heading-title elementor-size-default\">iWell Guard a ochrann\u00e9 tradice<\/h2>\t\t\t\t<\/div>\n\t\t\t\t<div class=\"elementor-element elementor-element-iwgw-utukku-cct elementor-widget elementor-widget-text-editor\" data-id=\"iwgw-utukku-cct\" data-element_type=\"widget\" data-e-type=\"widget\" data-widget_type=\"text-editor.default\">\n\t\t\t\t\t\t\t\t\t<div data-nosnippet=\"true\"><p>iWell Guard navazuje na kulturn\u011b-historickou tradici nositeln\u00fdch ochrann\u00fdch p\u0159edm\u011bt\u016f, v tradici <a href=\"https:\/\/iwell-guard.com\/cs\/mezopotamie\/\">Mezopot\u00e1mie<\/a> a mnoha dal\u0161\u00edch kultur cel\u00e9ho sv\u011bta. 41 vrstev, ryz\u00ed zlato, platina, st\u0159\u00edbro, vyrobeno v N\u011bmecku. 30denn\u00ed pr\u00e1vo na vr\u00e1cen\u00ed zbo\u017e\u00ed.<\/p><\/div>\t\t\t\t\t\t\t\t<\/div>\n\t\t\t\t<div class=\"elementor-element elementor-element-iwgw-utukku-ccb iwg-cc-button iwg-cc-cta-2026-05-13 elementor-widget elementor-widget-jet-button\" data-id=\"iwgw-utukku-ccb\" data-element_type=\"widget\" data-e-type=\"widget\" data-widget_type=\"jet-button.default\">\n\t\t\t\t<div class=\"elementor-widget-container\">\n\t\t\t\t\t<div class=\"elementor-jet-button jet-elements\"><div class=\"jet-button__container\"><a class=\"jet-button__instance jet-button__instance--icon-left hover-effect-1\" href=\"\/ueber-iwell-guard\/?utm_source=iwell-guard.com&amp;utm_medium=info-box&amp;utm_campaign=wesen-tradition\"><div class=\"jet-button__plane jet-button__plane-normal\"><\/div><div class=\"jet-button__plane jet-button__plane-hover\"><\/div><div class=\"jet-button__state jet-button__state-normal\"><span class=\"jet-button__label\">V\u00edce o iWell Guard<\/span><\/div><div class=\"jet-button__state jet-button__state-hover\"><span class=\"jet-button__label\">V\u00edce o iWell Guard<\/span><\/div><\/a><\/div><\/div><style>.elementor-element.elementor-element-iwgw-utukku-ccb .jet-button__instance{width:320px;height:56px;}.elementor-element.elementor-element-iwgw-utukku-ccb .jet-button__state-normal .jet-button__label{text-align:center;margin:0px 0px 0px 0px;color:#1a1b20;font-family:Montserrat,sans-serif;font-size:13px;font-weight:400;letter-spacing:4px;line-height:1.714em;text-transform:uppercase;}.elementor-element.elementor-element-iwgw-utukku-ccb .jet-button__state-hover .jet-button__label{text-align:center;margin:0px 0px 0px 0px;color:#FECC76;font-family:Montserrat,sans-serif;font-size:13px;font-weight:400;letter-spacing:4px;line-height:1.714em;text-transform:uppercase;}.elementor-element.elementor-element-iwgw-utukku-ccb .jet-button__plane-normal{background-color:#FECC76;border-style:solid;border-color:#C99540;border-width:2px 2px 2px 2px;}.elementor-element.elementor-element-iwgw-utukku-ccb .jet-button__plane-hover{background-color:rgba(0,0,0,0.55);border-style:solid;border-color:#FECC76;border-width:2px 2px 2px 2px;}<\/style>\t\t\t\t<\/div>\n\t\t\t\t<\/div>\n\t\t\t\t<div class=\"elementor-element elementor-element-iwgw-utukku-ccd elementor-widget elementor-widget-text-editor\" data-id=\"iwgw-utukku-ccd\" data-element_type=\"widget\" data-e-type=\"widget\" data-widget_type=\"text-editor.default\">\n\t\t\t\t\t\t\t\t\t<div data-nosnippet=\"true\"><p style=\"text-align:center;font-size:13px;opacity:0.7;margin-top:14px\" data-nosnippet=\"true\">Osobn\u00ed zku\u0161enosti se mohou li\u0161it. Nejedn\u00e1 se o zdravotnick\u00fd prost\u0159edek. Nen\u00ed slibem l\u00e9\u010div\u00e9ho \u00fa\u010dinku.<\/p><\/div>\t\t\t\t\t\t\t\t<\/div>\n\t\t\t\t\t<\/div>\n\t\t\t\t<\/div>\n\t\t\t\t\t<\/div>\n\t\t\t\t<\/div>\n\t\t<div class=\"elementor-element elementor-element-iwgw-utukku-disc e-flex e-con-boxed e-con e-parent\" data-id=\"iwgw-utukku-disc\" data-element_type=\"container\" data-e-type=\"container\">\n\t\t\t\t\t<div class=\"e-con-inner\">\n\t\t\t\t<div class=\"elementor-element elementor-element-iwgw-utukku-discw elementor-widget elementor-widget-html\" data-id=\"iwgw-utukku-discw\" data-element_type=\"widget\" data-e-type=\"widget\" data-widget_type=\"html.default\">\n\t\t\t\t\t<footer data-nosnippet=\"true\" class=\"iwg-disclaimer-block\"><p data-nosnippet=\"true\">iWell Guard <strong>nen\u00ed zdravotnick\u00fd prost\u0159edek<\/strong> a nenahrazuje l\u00e9ka\u0159skou ani psychoterapeutickou l\u00e9\u010dbu. Religionistick\u00fd obsah p\u0159edstavuje kulturn\u011b-historick\u00e9 za\u0159azen\u00ed, nikoli doporu\u010den\u00ed duchovn\u00ed praxe.<\/p><\/footer>\t\t\t\t<\/div>\n\t\t\t\t\t<\/div>\n\t\t\t\t<\/div>\n\t\t\t\t<\/div>\n\t\t","protected":false},"excerpt":{"rendered":"","protected":false},"author":3,"featured_media":3380,"parent":0,"menu_order":0,"comment_status":"closed","ping_status":"closed","template":"elementor_header_footer","meta":{"_yoast_wpseo_focuskw":"Utukku mezopotam\u0161t\u00ed d\u00e9moni","_yoast_wpseo_title":"Utukku \u2013 mezopotam\u0161t\u00ed duchov\u00e9 mrtv\u00fdch a d\u00e9moni","_yoast_wpseo_metadesc":"Utukku ozna\u010duje t\u0159\u00eddu mezopotamsk\u00fdch d\u00e9mon\u016f a duch\u016f mrtv\u00fdch. Religionistick\u00e9 za\u0159azen\u00ed v\u010detn\u011b zakl\u00ednac\u00ed s\u00e9rie, kultu a pramen\u016f.","_yoast_wpseo_meta-robots-noindex":"","_yoast_wpseo_canonical":"","_angie_page":false,"gefaehrdungsstufe":"3","wesen_kultur":"mesopotamien","wesen_klasse":"daemonen","footnotes":""},"categories":[],"class_list":["post-145563","page","type-page","status-publish","has-post-thumbnail","hentry"],"yoast_head":"<!-- This site is optimized with the Yoast SEO Premium plugin v27.7 (Yoast SEO v28.3) - https:\/\/yoast.com\/product\/yoast-seo-premium-wordpress\/ -->\n<title>Utukku \u2013 mezopotam\u0161t\u00ed duchov\u00e9 mrtv\u00fdch a d\u00e9moni<\/title>\n<meta name=\"description\" content=\"Utukku ozna\u010duje t\u0159\u00eddu mezopotamsk\u00fdch d\u00e9mon\u016f a duch\u016f mrtv\u00fdch. Religionistick\u00e9 za\u0159azen\u00ed v\u010detn\u011b zakl\u00ednac\u00ed s\u00e9rie, kultu a pramen\u016f.\" \/>\n<meta name=\"robots\" content=\"index, follow, max-snippet:-1, max-image-preview:large, max-video-preview:-1\" \/>\n<link rel=\"canonical\" href=\"https:\/\/iwell-guard.com\/cs\/utukku-duchove-mrtvych-demoni-podsveti\/\" \/>\n<meta property=\"og:locale\" content=\"cs_CZ\" \/>\n<meta property=\"og:type\" content=\"article\" \/>\n<meta property=\"og:title\" content=\"Utukku \u2013 duchov\u00e9 mrtv\u00fdch a d\u00e9moni podsv\u011bt\u00ed\" \/>\n<meta property=\"og:description\" content=\"Utukku ozna\u010duje t\u0159\u00eddu mezopotamsk\u00fdch d\u00e9mon\u016f a duch\u016f mrtv\u00fdch. Religionistick\u00e9 za\u0159azen\u00ed v\u010detn\u011b zakl\u00ednac\u00ed s\u00e9rie, kultu a pramen\u016f.\" \/>\n<meta property=\"og:url\" content=\"https:\/\/iwell-guard.com\/cs\/utukku-duchove-mrtvych-demoni-podsveti\/\" \/>\n<meta property=\"og:site_name\" content=\"iWell Guard\" \/>\n<meta property=\"article:modified_time\" content=\"2026-09-03T16:59:24+00:00\" \/>\n<meta property=\"og:image\" content=\"https:\/\/iwell-guard.com\/wp-content\/uploads\/2026\/05\/daemonen_mesopotamien_utukku.webp\" \/>\n\t<meta property=\"og:image:width\" content=\"1024\" \/>\n\t<meta property=\"og:image:height\" content=\"1536\" \/>\n\t<meta property=\"og:image:type\" content=\"image\/webp\" \/>\n<meta name=\"twitter:card\" content=\"summary_large_image\" \/>\n<script type=\"application\/ld+json\" class=\"yoast-schema-graph\">{\"@context\":\"https:\\\/\\\/schema.org\",\"@graph\":[{\"@type\":\"WebPage\",\"@id\":\"https:\\\/\\\/iwell-guard.com\\\/cs\\\/utukku-duchove-mrtvych-demoni-podsveti\\\/\",\"url\":\"https:\\\/\\\/iwell-guard.com\\\/cs\\\/utukku-duchove-mrtvych-demoni-podsveti\\\/\",\"name\":\"Utukku \u2013 mezopotam\u0161t\u00ed duchov\u00e9 mrtv\u00fdch a d\u00e9moni\",\"isPartOf\":{\"@id\":\"https:\\\/\\\/iwell-guard.com\\\/cs\\\/#website\"},\"primaryImageOfPage\":{\"@id\":\"https:\\\/\\\/iwell-guard.com\\\/cs\\\/utukku-duchove-mrtvych-demoni-podsveti\\\/#primaryimage\"},\"image\":{\"@id\":\"https:\\\/\\\/iwell-guard.com\\\/cs\\\/utukku-duchove-mrtvych-demoni-podsveti\\\/#primaryimage\"},\"thumbnailUrl\":\"https:\\\/\\\/iwell-guard.com\\\/wp-content\\\/uploads\\\/2026\\\/05\\\/daemonen_mesopotamien_utukku.webp\",\"datePublished\":\"2026-09-03T16:31:36+00:00\",\"dateModified\":\"2026-09-03T16:59:24+00:00\",\"description\":\"Utukku ozna\u010duje t\u0159\u00eddu mezopotamsk\u00fdch d\u00e9mon\u016f a duch\u016f mrtv\u00fdch. Religionistick\u00e9 za\u0159azen\u00ed v\u010detn\u011b zakl\u00ednac\u00ed s\u00e9rie, kultu a pramen\u016f.\",\"breadcrumb\":{\"@id\":\"https:\\\/\\\/iwell-guard.com\\\/cs\\\/utukku-duchove-mrtvych-demoni-podsveti\\\/#breadcrumb\"},\"inLanguage\":\"cs\",\"potentialAction\":[{\"@type\":\"ReadAction\",\"target\":[\"https:\\\/\\\/iwell-guard.com\\\/cs\\\/utukku-duchove-mrtvych-demoni-podsveti\\\/\"]}]},{\"@type\":\"ImageObject\",\"inLanguage\":\"cs\",\"@id\":\"https:\\\/\\\/iwell-guard.com\\\/cs\\\/utukku-duchove-mrtvych-demoni-podsveti\\\/#primaryimage\",\"url\":\"https:\\\/\\\/iwell-guard.com\\\/wp-content\\\/uploads\\\/2026\\\/05\\\/daemonen_mesopotamien_utukku.webp\",\"contentUrl\":\"https:\\\/\\\/iwell-guard.com\\\/wp-content\\\/uploads\\\/2026\\\/05\\\/daemonen_mesopotamien_utukku.webp\",\"width\":1024,\"height\":1536,\"caption\":\"D\u00e9moni z mezopot\u00e1msk\u00e9 tradice.\"},{\"@type\":\"BreadcrumbList\",\"@id\":\"https:\\\/\\\/iwell-guard.com\\\/cs\\\/utukku-duchove-mrtvych-demoni-podsveti\\\/#breadcrumb\",\"itemListElement\":[{\"@type\":\"ListItem\",\"position\":1,\"name\":\"Start\",\"item\":\"https:\\\/\\\/iwell-guard.com\\\/cs\\\/?page_id=145107\"},{\"@type\":\"ListItem\",\"position\":2,\"name\":\"Utukku \u2013 duchov\u00e9 mrtv\u00fdch a d\u00e9moni podsv\u011bt\u00ed\"}]},{\"@type\":\"WebSite\",\"@id\":\"https:\\\/\\\/iwell-guard.com\\\/cs\\\/#website\",\"url\":\"https:\\\/\\\/iwell-guard.com\\\/cs\\\/\",\"name\":\"iWell Guard\",\"description\":\"Schutz vor dunklen Einfl\u00fcssen\",\"publisher\":{\"@id\":\"https:\\\/\\\/iwell-guard.com\\\/cs\\\/#organization\"},\"potentialAction\":[{\"@type\":\"SearchAction\",\"target\":{\"@type\":\"EntryPoint\",\"urlTemplate\":\"https:\\\/\\\/iwell-guard.com\\\/cs\\\/?s={search_term_string}\"},\"query-input\":{\"@type\":\"PropertyValueSpecification\",\"valueRequired\":true,\"valueName\":\"search_term_string\"}}],\"inLanguage\":\"cs\"},{\"@type\":\"Organization\",\"@id\":\"https:\\\/\\\/iwell-guard.com\\\/cs\\\/#organization\",\"name\":\"Ittermann electronic GmbH\",\"url\":\"https:\\\/\\\/iwell-guard.com\\\/cs\\\/\",\"logo\":{\"@type\":\"ImageObject\",\"inLanguage\":\"cs\",\"@id\":\"https:\\\/\\\/iwell-guard.com\\\/cs\\\/#\\\/schema\\\/logo\\\/image\\\/\",\"url\":\"https:\\\/\\\/iwell-guard.com\\\/wp-content\\\/uploads\\\/2026\\\/05\\\/Ittermann-Logo-1182x237-1.png\",\"contentUrl\":\"https:\\\/\\\/iwell-guard.com\\\/wp-content\\\/uploads\\\/2026\\\/05\\\/Ittermann-Logo-1182x237-1.png\",\"width\":1182,\"height\":237,\"caption\":\"Ittermann electronic GmbH\"},\"image\":{\"@id\":\"https:\\\/\\\/iwell-guard.com\\\/cs\\\/#\\\/schema\\\/logo\\\/image\\\/\"},\"sameAs\":[\"https:\\\/\\\/pantip.com\\\/profile\\\/9367242\",\"https:\\\/\\\/micro.blog\\\/iwellguard\",\"https:\\\/\\\/www.diggerslist.com\\\/iwellguard\\\/about\",\"https:\\\/\\\/skitterphoto.com\\\/photographers\\\/2870314\\\/iwell-guard\",\"https:\\\/\\\/iwellguard.wordpress.com\\\/2026\\\/06\\\/06\\\/iwell-guard\\\/\",\"https:\\\/\\\/hub.docker.com\\\/u\\\/iwellguard\",\"https:\\\/\\\/www.pinterest.com\\\/iwellguard\\\/\",\"https:\\\/\\\/bit.ly\\\/m\\\/iwellguard\",\"https:\\\/\\\/entre-vos-mains.alsace.eu\\\/profiles\\\/iwellguard\\\/activity\",\"https:\\\/\\\/gravatar.com\\\/reallybeded8fd34\",\"https:\\\/\\\/naijamatta.com\\\/iwellguard\",\"https:\\\/\\\/www.goodreads.com\\\/iwellguard\",\"https:\\\/\\\/profile.hatena.ne.jp\\\/iwellguard\\\/\",\"https:\\\/\\\/experiment.com\\\/users\\\/iwellguard\",\"https:\\\/\\\/wakelet.com\\\/@iWellGuard82270\",\"https:\\\/\\\/www.chordie.com\\\/forum\\\/profile.php?id=2555664\",\"https:\\\/\\\/www.instapaper.com\\\/p\\\/17757966\",\"https:\\\/\\\/www.mapleprimes.com\\\/users\\\/iwellguard\",\"https:\\\/\\\/businesslistingplus.com\\\/profile\\\/iwell-guard\\\/\",\"https:\\\/\\\/telegra.ph\\\/iWell-Guard-06-06\",\"https:\\\/\\\/pbase.com\\\/iwellguard\\\/iwellguard\",\"https:\\\/\\\/b.hatena.ne.jp\\\/iwellguard\\\/20260607#bookmark-4788405196491818882\",\"https:\\\/\\\/fliphtml5.com\\\/home\\\/iwellguard\",\"https:\\\/\\\/anyflip.com\\\/homepage\\\/cmiwl#About\",\"https:\\\/\\\/transfur.com\\\/Users\\\/iwellguard\",\"http:\\\/\\\/delphi.larsbo.org\\\/user\\\/iwellguard\",\"https:\\\/\\\/jobs.lajobsportal.org\\\/profiles\\\/8380803-iwell-guard\",\"https:\\\/\\\/md.chaosdorf.de\\\/s\\\/jfbe5SBdJD\",\"https:\\\/\\\/www.lingvolive.com\\\/en-us\\\/profile\\\/9ecaeaca-ce11-4e51-9e71-01d55e2bff36\\\/translations\",\"https:\\\/\\\/www.fitday.com\\\/fitness\\\/forums\\\/members\\\/iwellguard.html\",\"https:\\\/\\\/www.mymeetbook.com\\\/iwellguard\",\"https:\\\/\\\/pxhere.com\\\/en\\\/photographer-me\\\/5040798\",\"https:\\\/\\\/disqus.com\\\/by\\\/iwellguard\\\/about\\\/\",\"https:\\\/\\\/pastelink.net\\\/hjwciqwq\",\"https:\\\/\\\/pubhtml5.com\\\/homepage\\\/scjhn\\\/\",\"https:\\\/\\\/www.bitchute.com\\\/channel\\\/2O2eOKzNqujT\",\"https:\\\/\\\/audiomack.com\\\/iwellguard\"]},{\"@type\":\"Article\",\"@id\":\"https:\\\/\\\/iwell-guard.com\\\/cs\\\/utukku-duchove-mrtvych-demoni-podsveti\\\/#article\",\"isPartOf\":{\"@id\":\"https:\\\/\\\/iwell-guard.com\\\/cs\\\/utukku-duchove-mrtvych-demoni-podsveti\\\/\"},\"author\":{\"name\":\"Ralf Ittermann\",\"@id\":\"https:\\\/\\\/iwell-guard.com\\\/cs\\\/#\\\/schema\\\/person\\\/ee2a27f1cac3406c7c6fb5820cb7349f\"},\"headline\":\"Utukku \u2013 duchov\u00e9 mrtv\u00fdch a d\u00e9moni podsv\u011bt\u00ed\",\"datePublished\":\"2026-09-03T16:31:36+00:00\",\"dateModified\":\"2026-09-03T16:59:24+00:00\",\"mainEntityOfPage\":{\"@id\":\"https:\\\/\\\/iwell-guard.com\\\/cs\\\/utukku-duchove-mrtvych-demoni-podsveti\\\/\"},\"publisher\":{\"@id\":\"https:\\\/\\\/iwell-guard.com\\\/cs\\\/#organization\"},\"image\":{\"@id\":\"https:\\\/\\\/iwell-guard.com\\\/cs\\\/utukku-duchove-mrtvych-demoni-podsveti\\\/#primaryimage\"},\"thumbnailUrl\":\"https:\\\/\\\/iwell-guard.com\\\/wp-content\\\/uploads\\\/2026\\\/05\\\/daemonen_mesopotamien_utukku.webp\",\"inLanguage\":\"cs\",\"description\":\"Utukku ozna\u010duje t\u0159\u00eddu mezopotamsk\u00fdch d\u00e9mon\u016f a duch\u016f mrtv\u00fdch. Religionistick\u00e9 za\u0159azen\u00ed v\u010detn\u011b zakl\u00ednac\u00ed s\u00e9rie, kultu a pramen\u016f.\"}]}<\/script>\n<!-- \/ Yoast SEO Premium plugin. -->","yoast_head_json":{"title":"Utukku \u2013 mezopotam\u0161t\u00ed duchov\u00e9 mrtv\u00fdch a d\u00e9moni","description":"Utukku ozna\u010duje t\u0159\u00eddu mezopotamsk\u00fdch d\u00e9mon\u016f a duch\u016f mrtv\u00fdch. Religionistick\u00e9 za\u0159azen\u00ed v\u010detn\u011b zakl\u00ednac\u00ed s\u00e9rie, kultu a pramen\u016f.","robots":{"index":"index","follow":"follow","max-snippet":"max-snippet:-1","max-image-preview":"max-image-preview:large","max-video-preview":"max-video-preview:-1"},"canonical":"https:\/\/iwell-guard.com\/cs\/utukku-duchove-mrtvych-demoni-podsveti\/","og_locale":"cs_CZ","og_type":"article","og_title":"Utukku \u2013 duchov\u00e9 mrtv\u00fdch a d\u00e9moni podsv\u011bt\u00ed","og_description":"Utukku ozna\u010duje t\u0159\u00eddu mezopotamsk\u00fdch d\u00e9mon\u016f a duch\u016f mrtv\u00fdch. Religionistick\u00e9 za\u0159azen\u00ed v\u010detn\u011b zakl\u00ednac\u00ed s\u00e9rie, kultu a pramen\u016f.","og_url":"https:\/\/iwell-guard.com\/cs\/utukku-duchove-mrtvych-demoni-podsveti\/","og_site_name":"iWell Guard","article_modified_time":"2026-09-03T16:59:24+00:00","og_image":[{"width":1024,"height":1536,"url":"https:\/\/iwell-guard.com\/wp-content\/uploads\/2026\/05\/daemonen_mesopotamien_utukku.webp","type":"image\/webp"}],"twitter_card":"summary_large_image","schema":{"@context":"https:\/\/schema.org","@graph":[{"@type":"Article","@id":"https:\/\/iwell-guard.com\/cs\/utukku-duchove-mrtvych-demoni-podsveti\/#article","isPartOf":{"@id":"https:\/\/iwell-guard.com\/cs\/utukku-duchove-mrtvych-demoni-podsveti\/"},"author":{"name":"Ralf Ittermann","@id":"https:\/\/iwell-guard.com\/cs\/#\/schema\/person\/ee2a27f1cac3406c7c6fb5820cb7349f"},"headline":"Utukku \u2013 duchov\u00e9 mrtv\u00fdch a d\u00e9moni podsv\u011bt\u00ed","datePublished":"2026-09-03T16:31:36+00:00","dateModified":"2026-09-03T16:59:24+00:00","mainEntityOfPage":{"@id":"https:\/\/iwell-guard.com\/cs\/utukku-duchove-mrtvych-demoni-podsveti\/"},"publisher":{"@id":"https:\/\/iwell-guard.com\/cs\/#organization"},"image":{"@id":"https:\/\/iwell-guard.com\/cs\/utukku-duchove-mrtvych-demoni-podsveti\/#primaryimage"},"thumbnailUrl":"https:\/\/iwell-guard.com\/wp-content\/uploads\/2026\/05\/daemonen_mesopotamien_utukku.webp","inLanguage":"cs","description":"Utukku ozna\u010duje t\u0159\u00eddu mezopotamsk\u00fdch d\u00e9mon\u016f a duch\u016f mrtv\u00fdch. Religionistick\u00e9 za\u0159azen\u00ed v\u010detn\u011b zakl\u00ednac\u00ed s\u00e9rie, kultu a pramen\u016f."},{"@type":"WebPage","@id":"https:\/\/iwell-guard.com\/cs\/utukku-duchove-mrtvych-demoni-podsveti\/","url":"https:\/\/iwell-guard.com\/cs\/utukku-duchove-mrtvych-demoni-podsveti\/","name":"Utukku \u2013 mezopotam\u0161t\u00ed duchov\u00e9 mrtv\u00fdch a d\u00e9moni","isPartOf":{"@id":"https:\/\/iwell-guard.com\/cs\/#website"},"primaryImageOfPage":{"@id":"https:\/\/iwell-guard.com\/cs\/utukku-duchove-mrtvych-demoni-podsveti\/#primaryimage"},"image":{"@id":"https:\/\/iwell-guard.com\/cs\/utukku-duchove-mrtvych-demoni-podsveti\/#primaryimage"},"thumbnailUrl":"https:\/\/iwell-guard.com\/wp-content\/uploads\/2026\/05\/daemonen_mesopotamien_utukku.webp","datePublished":"2026-09-03T16:31:36+00:00","dateModified":"2026-09-03T16:59:24+00:00","description":"Utukku ozna\u010duje t\u0159\u00eddu mezopotamsk\u00fdch d\u00e9mon\u016f a duch\u016f mrtv\u00fdch. Religionistick\u00e9 za\u0159azen\u00ed v\u010detn\u011b zakl\u00ednac\u00ed s\u00e9rie, kultu a pramen\u016f.","breadcrumb":{"@id":"https:\/\/iwell-guard.com\/cs\/utukku-duchove-mrtvych-demoni-podsveti\/#breadcrumb"},"inLanguage":"cs","potentialAction":[{"@type":"ReadAction","target":["https:\/\/iwell-guard.com\/cs\/utukku-duchove-mrtvych-demoni-podsveti\/"]}]},{"@type":"ImageObject","inLanguage":"cs","@id":"https:\/\/iwell-guard.com\/cs\/utukku-duchove-mrtvych-demoni-podsveti\/#primaryimage","url":"https:\/\/iwell-guard.com\/wp-content\/uploads\/2026\/05\/daemonen_mesopotamien_utukku.webp","contentUrl":"https:\/\/iwell-guard.com\/wp-content\/uploads\/2026\/05\/daemonen_mesopotamien_utukku.webp","width":1024,"height":1536,"caption":"D\u00e9moni z mezopot\u00e1msk\u00e9 tradice."},{"@type":"BreadcrumbList","@id":"https:\/\/iwell-guard.com\/cs\/utukku-duchove-mrtvych-demoni-podsveti\/#breadcrumb","itemListElement":[{"@type":"ListItem","position":1,"name":"Start","item":"https:\/\/iwell-guard.com\/cs\/?page_id=145107"},{"@type":"ListItem","position":2,"name":"Utukku \u2013 duchov\u00e9 mrtv\u00fdch a d\u00e9moni podsv\u011bt\u00ed"}]},{"@type":"WebSite","@id":"https:\/\/iwell-guard.com\/cs\/#website","url":"https:\/\/iwell-guard.com\/cs\/","name":"iWell Guard","description":"Schutz vor dunklen Einfl\u00fcssen","publisher":{"@id":"https:\/\/iwell-guard.com\/cs\/#organization"},"potentialAction":[{"@type":"SearchAction","target":{"@type":"EntryPoint","urlTemplate":"https:\/\/iwell-guard.com\/cs\/?s={search_term_string}"},"query-input":{"@type":"PropertyValueSpecification","valueRequired":true,"valueName":"search_term_string"}}],"inLanguage":"cs"},{"@type":"Organization","@id":"https:\/\/iwell-guard.com\/cs\/#organization","name":"Ittermann electronic GmbH","url":"https:\/\/iwell-guard.com\/cs\/","logo":{"@type":"ImageObject","inLanguage":"cs","@id":"https:\/\/iwell-guard.com\/cs\/#\/schema\/logo\/image\/","url":"https:\/\/iwell-guard.com\/wp-content\/uploads\/2026\/05\/Ittermann-Logo-1182x237-1.png","contentUrl":"https:\/\/iwell-guard.com\/wp-content\/uploads\/2026\/05\/Ittermann-Logo-1182x237-1.png","width":1182,"height":237,"caption":"Ittermann electronic GmbH"},"image":{"@id":"https:\/\/iwell-guard.com\/cs\/#\/schema\/logo\/image\/"},"sameAs":["https:\/\/pantip.com\/profile\/9367242","https:\/\/micro.blog\/iwellguard","https:\/\/www.diggerslist.com\/iwellguard\/about","https:\/\/skitterphoto.com\/photographers\/2870314\/iwell-guard","https:\/\/iwellguard.wordpress.com\/2026\/06\/06\/iwell-guard\/","https:\/\/hub.docker.com\/u\/iwellguard","https:\/\/www.pinterest.com\/iwellguard\/","https:\/\/bit.ly\/m\/iwellguard","https:\/\/entre-vos-mains.alsace.eu\/profiles\/iwellguard\/activity","https:\/\/gravatar.com\/reallybeded8fd34","https:\/\/naijamatta.com\/iwellguard","https:\/\/www.goodreads.com\/iwellguard","https:\/\/profile.hatena.ne.jp\/iwellguard\/","https:\/\/experiment.com\/users\/iwellguard","https:\/\/wakelet.com\/@iWellGuard82270","https:\/\/www.chordie.com\/forum\/profile.php?id=2555664","https:\/\/www.instapaper.com\/p\/17757966","https:\/\/www.mapleprimes.com\/users\/iwellguard","https:\/\/businesslistingplus.com\/profile\/iwell-guard\/","https:\/\/telegra.ph\/iWell-Guard-06-06","https:\/\/pbase.com\/iwellguard\/iwellguard","https:\/\/b.hatena.ne.jp\/iwellguard\/20260607#bookmark-4788405196491818882","https:\/\/fliphtml5.com\/home\/iwellguard","https:\/\/anyflip.com\/homepage\/cmiwl#About","https:\/\/transfur.com\/Users\/iwellguard","http:\/\/delphi.larsbo.org\/user\/iwellguard","https:\/\/jobs.lajobsportal.org\/profiles\/8380803-iwell-guard","https:\/\/md.chaosdorf.de\/s\/jfbe5SBdJD","https:\/\/www.lingvolive.com\/en-us\/profile\/9ecaeaca-ce11-4e51-9e71-01d55e2bff36\/translations","https:\/\/www.fitday.com\/fitness\/forums\/members\/iwellguard.html","https:\/\/www.mymeetbook.com\/iwellguard","https:\/\/pxhere.com\/en\/photographer-me\/5040798","https:\/\/disqus.com\/by\/iwellguard\/about\/","https:\/\/pastelink.net\/hjwciqwq","https:\/\/pubhtml5.com\/homepage\/scjhn\/","https:\/\/www.bitchute.com\/channel\/2O2eOKzNqujT","https:\/\/audiomack.com\/iwellguard"]},{"@type":"Person","@id":"https:\/\/iwell-guard.com\/cs\/#\/schema\/person\/ee2a27f1cac3406c7c6fb5820cb7349f","name":"Ralf Ittermann","image":{"@type":"ImageObject","inLanguage":"cs","@id":"https:\/\/secure.gravatar.com\/avatar\/073c0153e350a5005b68eb752b445fea71f6b24a26da9449ad7e155e6b446c9d?s=96&d=mm&r=g","url":"https:\/\/secure.gravatar.com\/avatar\/073c0153e350a5005b68eb752b445fea71f6b24a26da9449ad7e155e6b446c9d?s=96&d=mm&r=g","contentUrl":"https:\/\/secure.gravatar.com\/avatar\/073c0153e350a5005b68eb752b445fea71f6b24a26da9449ad7e155e6b446c9d?s=96&d=mm&r=g","caption":"Ralf Ittermann"},"givenName":"Ralf","familyName":"Ittermann","jobTitle":"Gesch\u00e4ftsf\u00fchrer und redaktioneller Verantwortlicher","url":"https:\/\/iwell-guard.com\/cs\/author\/claude\/","description":"Ralf Ittermann ist Gesch\u00e4ftsf\u00fchrer der Ittermann electronic GmbH und redaktioneller Verantwortlicher des iWell-Guard-Lexikons. Er verbindet langj\u00e4hrige Erfahrung in der Pr\u00e4zisionsfertigung mit medialer Praxis und religionsgeschichtlicher Quellenarbeit.","worksFor":{"@type":"Organization","name":"Ittermann electronic GmbH","url":"https:\/\/ittermann.de\/","address":{"@type":"PostalAddress","streetAddress":"K\u00f6hlergasse 16-18","postalCode":"99842","addressLocality":"Ruhla","addressCountry":"DE"}},"knowsAbout":["Religionsgeschichte","Mythologie","Mediale Praxis","Energetische Diagnostik","Schutzpraxis","Volksglauben","Westliche Esoterik"]},{"@type":"Article","@id":"https:\/\/iwell-guard.com\/cs\/utukku-duchove-mrtvych-demoni-podsveti\/#article","isPartOf":{"@id":"https:\/\/iwell-guard.com\/cs\/utukku-duchove-mrtvych-demoni-podsveti\/"},"author":{"name":"Ralf Ittermann","@id":"https:\/\/iwell-guard.com\/cs\/#\/schema\/person\/ee2a27f1cac3406c7c6fb5820cb7349f"},"headline":"Utukku \u2013 duchov\u00e9 mrtv\u00fdch a d\u00e9moni podsv\u011bt\u00ed","datePublished":"2026-09-03T16:31:36+00:00","dateModified":"2026-09-03T16:59:24+00:00","mainEntityOfPage":{"@id":"https:\/\/iwell-guard.com\/cs\/utukku-duchove-mrtvych-demoni-podsveti\/"},"publisher":{"@id":"https:\/\/iwell-guard.com\/cs\/#organization"},"image":{"@id":"https:\/\/iwell-guard.com\/cs\/utukku-duchove-mrtvych-demoni-podsveti\/#primaryimage"},"thumbnailUrl":"https:\/\/iwell-guard.com\/wp-content\/uploads\/2026\/05\/daemonen_mesopotamien_utukku.webp","inLanguage":"cs","description":"Utukku ozna\u010duje t\u0159\u00eddu mezopotamsk\u00fdch d\u00e9mon\u016f a duch\u016f mrtv\u00fdch. Religionistick\u00e9 za\u0159azen\u00ed v\u010detn\u011b zakl\u00ednac\u00ed s\u00e9rie, kultu a pramen\u016f."}]}},"_links":{"self":[{"href":"https:\/\/iwell-guard.com\/cs\/wp-json\/wp\/v2\/pages\/145563","targetHints":{"allow":["GET"]}}],"collection":[{"href":"https:\/\/iwell-guard.com\/cs\/wp-json\/wp\/v2\/pages"}],"about":[{"href":"https:\/\/iwell-guard.com\/cs\/wp-json\/wp\/v2\/types\/page"}],"author":[{"embeddable":true,"href":"https:\/\/iwell-guard.com\/cs\/wp-json\/wp\/v2\/users\/3"}],"replies":[{"embeddable":true,"href":"https:\/\/iwell-guard.com\/cs\/wp-json\/wp\/v2\/comments?post=145563"}],"version-history":[{"count":0,"href":"https:\/\/iwell-guard.com\/cs\/wp-json\/wp\/v2\/pages\/145563\/revisions"}],"wp:featuredmedia":[{"embeddable":true,"href":"https:\/\/iwell-guard.com\/cs\/wp-json\/wp\/v2\/media\/3380"}],"wp:attachment":[{"href":"https:\/\/iwell-guard.com\/cs\/wp-json\/wp\/v2\/media?parent=145563"}],"wp:term":[{"taxonomy":"category","embeddable":true,"href":"https:\/\/iwell-guard.com\/cs\/wp-json\/wp\/v2\/categories?post=145563"}],"curies":[{"name":"wp","href":"https:\/\/api.w.org\/{rel}","templated":true}]}}