{"id":145560,"date":"2026-09-03T16:31:34","date_gmt":"2026-09-03T16:31:34","guid":{"rendered":"https:\/\/iwell-guard.com\/?page_id=145560"},"modified":"2026-09-03T16:59:20","modified_gmt":"2026-09-03T16:59:20","slug":"moiry-bohyne-osudu-nite-zivota","status":"publish","type":"page","link":"https:\/\/iwell-guard.com\/cs\/moiry-bohyne-osudu-nite-zivota\/","title":{"rendered":"Moiry \u2013 bohyn\u011b osudu a str\u00e1\u017ekyn\u011b nit\u011b \u017eivota"},"content":{"rendered":"\t\t<div data-elementor-type=\"wp-page\" data-elementor-id=\"145560\" class=\"elementor elementor-145560 elementor-2919 elementor-bc-flex-widget\" data-elementor-post-type=\"page\">\n\t\t\t\t<div class=\"elementor-element elementor-element-heroaac6eee e-flex e-con-boxed e-con e-parent\" data-id=\"heroaac6eee\" data-element_type=\"container\" data-e-type=\"container\">\n\t\t\t\t\t<div class=\"e-con-inner\">\n\t\t\t\t<div class=\"elementor-element elementor-element-heroimg5243f35 iwg-hero-image elementor-widget elementor-widget-image\" data-id=\"heroimg5243f35\" data-element_type=\"widget\" data-e-type=\"widget\" data-widget_type=\"image.default\">\n\t\t\t\t\t\t\t\t\t\t\t\t\t\t\t<img fetchpriority=\"high\" decoding=\"async\" width=\"683\" height=\"1024\" src=\"https:\/\/iwell-guard.com\/wp-content\/uploads\/2026\/05\/goetter_griechenland_moiren-683x1024.webp\" class=\"attachment-large size-large wp-image-3375\" alt=\"Moiry \u2013 bohyn\u011b osudu a str\u00e1\u017ekyn\u011b nit\u011b \u017eivota\" srcset=\"https:\/\/iwell-guard.com\/wp-content\/uploads\/2026\/05\/goetter_griechenland_moiren-683x1024.webp 683w, https:\/\/iwell-guard.com\/wp-content\/uploads\/2026\/05\/goetter_griechenland_moiren-200x300.webp 200w, https:\/\/iwell-guard.com\/wp-content\/uploads\/2026\/05\/goetter_griechenland_moiren-768x1152.webp 768w, https:\/\/iwell-guard.com\/wp-content\/uploads\/2026\/05\/goetter_griechenland_moiren.webp 1024w\" sizes=\"(max-width: 683px) 100vw, 683px\" \/>\t\t\t\t\t\t\t\t\t\t\t\t\t\t\t<\/div>\n\t\t\t\t\t<\/div>\n\t\t\t\t<\/div>\n\t\t<div class=\"elementor-element elementor-element-iwgw-moiren-hero e-flex e-con-boxed e-con e-parent\" data-id=\"iwgw-moiren-hero\" data-element_type=\"container\" data-e-type=\"container\">\n\t\t\t\t\t<div class=\"e-con-inner\">\n\t\t\t\t<div class=\"elementor-element elementor-element-iwgw-moiren-h1 elementor-widget elementor-widget-heading\" data-id=\"iwgw-moiren-h1\" data-element_type=\"widget\" data-e-type=\"widget\" data-widget_type=\"heading.default\">\n\t\t\t\t\t<h1 class=\"elementor-heading-title elementor-size-default\">Moiry \u2013 Kl\u00f3th\u00f3, Lachesis a Atropos<\/h1>\t\t\t\t<\/div>\n\t\t\t\t<div class=\"elementor-element elementor-element-iwgw-moiren-pills elementor-widget elementor-widget-html\" data-id=\"iwgw-moiren-pills\" data-element_type=\"widget\" data-e-type=\"widget\" data-widget_type=\"html.default\">\n\t\t\t\t\t<div class=\"iwg-pill-row\"><span class=\"iwg-klasse-badge\" tabindex=\"0\" data-tooltip=\"Bohyn\u011b osudu tradice \u0158ecko.\">Bohyn\u011b osudu<\/span><a href=\"https:\/\/iwell-guard.com\/cs\/recko\/\" class=\"iwg-kultur-badge\" tabindex=\"0\" data-tooltip=\"Mytologie tradice \u0158ecko.\">\u0158ecko<\/a><span class=\"iwg-tradition-badge\" tabindex=\"0\" data-tooltip=\"Mocnosti osudu.\">Mocnosti osudu<\/span><\/div>\t\t\t\t<\/div>\n\t\t\t\t<div class=\"elementor-element elementor-element-iwgw-moiren-lead elementor-widget elementor-widget-text-editor\" data-id=\"iwgw-moiren-lead\" data-element_type=\"widget\" data-e-type=\"widget\" data-widget_type=\"text-editor.default\">\n\t\t\t\t\t\t\t\t\t<p>Moiry jsou t\u0159i bohyn\u011b osudu \u0159eck\u00e9 <span class=\"iwg-fachbegriff\" data-tooltip=\"Souhrn tradovan\u00fdch vypr\u00e1v\u011bn\u00ed o boz\u00edch ur\u010dit\u00e9 kultury.\" tabindex=\"0\">mytologie<\/span>: Kl\u00f3th\u00f3 sp\u0159\u00e1d\u00e1 nit \u017eivota, Lachesis ji m\u011b\u0159\u00ed, Atropos ji p\u0159est\u0159ih\u00e1v\u00e1. Zt\u011bles\u0148uj\u00ed nevyhnutelnou omezenost ka\u017ed\u00e9ho lidsk\u00e9ho \u017eivota.<\/p>\t\t\t\t\t\t\t\t<\/div>\n\t\t\t\t\t<\/div>\n\t\t\t\t<\/div>\n\t\t<div class=\"elementor-element elementor-element-iwgw-moiren-s0 e-flex e-con-boxed e-con e-parent\" data-id=\"iwgw-moiren-s0\" data-element_type=\"container\" data-e-type=\"container\">\n\t\t\t\t\t<div class=\"e-con-inner\">\n\t\t\t\t<div class=\"elementor-element elementor-element-iwgw-moiren-s0h elementor-widget elementor-widget-heading\" data-id=\"iwgw-moiren-s0h\" data-element_type=\"widget\" data-e-type=\"widget\" data-widget_type=\"heading.default\">\n\t\t\t\t\t<h2 class=\"elementor-heading-title elementor-size-default\">Za\u0159azen\u00ed<\/h2>\t\t\t\t<\/div>\n\t\t\t\t<div class=\"elementor-element elementor-element-iwgw-moiren-s0t elementor-widget elementor-widget-text-editor\" data-id=\"iwgw-moiren-s0t\" data-element_type=\"widget\" data-e-type=\"widget\" data-widget_type=\"text-editor.default\">\n\t\t\t\t\t\t\t\t\t<p>Moiry pat\u0159\u00ed k nejstar\u0161\u00edm a z\u00e1rove\u0148 nejabstraktn\u011bj\u0161\u00edm bo\u017estv\u016fm <a href=\"https:\/\/iwell-guard.com\/cs\/recko\/\">\u0159eck\u00e9ho<\/a> n\u00e1bo\u017eenstv\u00ed. Jsou personifikacemi osudu, on\u00e9 moci, kter\u00e1 ur\u010duje m\u00edru ka\u017ed\u00e9ho lidsk\u00e9ho \u017eivota a j\u00ed\u017e se ani olymp\u0161t\u00ed bohov\u00e9 nemohou postavit v\u00edce ne\u017e omezen\u011b. V klasick\u00e9 <span class=\"iwg-fachbegriff\" data-tooltip=\"P\u0159ed\u00e1v\u00e1n\u00ed v\u011bdomost\u00ed a vypr\u00e1v\u011bn\u00ed mezi generacemi.\" tabindex=\"0\">tradici<\/span> vystupuj\u00ed jako trojice se jm\u00e9ny Kl\u00f3th\u00f3, Lachesis a Atropos.<\/p><p>Z religionistick\u00e9ho hlediska jsou Moiry obzvl\u00e1\u0161t\u011b v\u00fdmluvn\u00fdm p\u0159\u00edkladem personifikace pojmu. \u0158eck\u00e9 slovo moira znamen\u00e1 p\u016fvodn\u011b pod\u00edl, \u010d\u00e1st, to, co je p\u0159id\u011bleno.<\/p><p>Z tohoto pojmu jednotlivci p\u0159id\u011blen\u00e9ho pod\u00edlu se vyvinula p\u0159edstava bo\u017esk\u00fdch bytost\u00ed, kter\u00e9 toto p\u0159id\u011blov\u00e1n\u00ed vykon\u00e1vaj\u00ed. Moiry tak stoj\u00ed na hranici mezi abstraktn\u00ed my\u0161lenkou a kultovn\u011b uct\u00edvan\u00fdm <span class=\"iwg-fachbegriff\" data-tooltip=\"Bytost uct\u00edvan\u00e1 jako bo\u017esk\u00e1 v r\u00e1mci ur\u010dit\u00e9ho n\u00e1bo\u017eenstv\u00ed.\" tabindex=\"0\">bo\u017estvem<\/span>.<\/p><p>Nejd\u016fle\u017eit\u011bj\u0161\u00edm ran\u00fdm pramenem je op\u011bt H\u00e9siodova <em>Theogonie<\/em>, kter\u00e1 stanovuje jejich p\u016fvod. Hom\u00e9r zn\u00e1 p\u0159edstavu p\u0159id\u011blen\u00e9ho osudu ji\u017e d\u0159\u00edve, ch\u00e1pe v\u0161ak moiru \u010dasto sp\u00ed\u0161e jako neosobn\u00ed moc ne\u017e jako jasn\u011b vymezenou skupinu bohyn\u00ed.<\/p><p>U Plat\u00f3na, v z\u00e1v\u011bre\u010dn\u00e9m m\u00fdtu <em>Politeia<\/em>, vystupuj\u00ed t\u0159i Moiry v rozvinut\u00e9 sc\u00e9n\u011b jako dcery Nutnosti. V trag\u00e9dii, u velk\u00fdch attick\u00fdch b\u00e1sn\u00edk\u016f, jsou to \u010dasto zmi\u0148ovan\u00e9 mocnosti. V\u00fdtvarn\u00e9 um\u011bn\u00ed je zobrazovalo ji\u017e od archaick\u00e9 doby.<\/p>\t\t\t\t\t\t\t\t<\/div>\n\t\t\t\t\t<\/div>\n\t\t\t\t<\/div>\n\t\t<div class=\"elementor-element elementor-element-iwgw-moiren-s1 e-flex e-con-boxed e-con e-parent\" data-id=\"iwgw-moiren-s1\" data-element_type=\"container\" data-e-type=\"container\">\n\t\t\t\t\t<div class=\"e-con-inner\">\n\t\t\t\t<div class=\"elementor-element elementor-element-iwgw-moiren-s1h elementor-widget elementor-widget-heading\" data-id=\"iwgw-moiren-s1h\" data-element_type=\"widget\" data-e-type=\"widget\" data-widget_type=\"heading.default\">\n\t\t\t\t\t<h2 class=\"elementor-heading-title elementor-size-default\">Jm\u00e9no a etymologie<\/h2>\t\t\t\t<\/div>\n\t\t\t\t<div class=\"elementor-element elementor-element-iwgw-moiren-s1t elementor-widget elementor-widget-text-editor\" data-id=\"iwgw-moiren-s1t\" data-element_type=\"widget\" data-e-type=\"widget\" data-widget_type=\"text-editor.default\">\n\t\t\t\t\t\t\t\t\t<p>Rodov\u00e9 jm\u00e9no Moiry se odvozuje od \u0159eck\u00e9ho slova moira, kter\u00e9 znamen\u00e1 pod\u00edl, p\u0159id\u011blen\u00fd los, osud. Pat\u0159\u00ed do slovn\u00ed rodiny, kter\u00e1 ozna\u010duje rozd\u011blov\u00e1n\u00ed a p\u0159id\u011blov\u00e1n\u00ed.<\/p><p>Moira tedy p\u016fvodn\u011b nebyla bohyn\u011b, n\u00fdbr\u017e \u010dlov\u011bku p\u0159id\u011blen\u00fd pod\u00edl \u017eivota. Teprve personifikace z n\u00ed u\u010dinila bohyni osudu a mno\u017en\u00e9 \u010d\u00edslo, Moiry, dalo vzniknout skupin\u011b bohyn\u00ed.<\/p><p>T\u0159i jednotliv\u00e1 jm\u00e9na jsou mluv\u00edc\u00ed jm\u00e9na, z nich\u017e ka\u017ed\u00e9 ozna\u010duje jednu \u010dinnost na niti \u017eivota. Kl\u00f3th\u00f3 znamen\u00e1 Sp\u0159\u00e1da\u010dka, od slova pro sp\u0159\u00e1d\u00e1n\u00ed nit\u011b. Lachesis znamen\u00e1 P\u0159id\u011blovatelka nebo D\u00e1rkyn\u011b losu, od slova pro losov\u00e1n\u00ed a p\u0159id\u011blov\u00e1n\u00ed.<\/p><p>Atropos znamen\u00e1 Neodvratn\u00e1 nebo Neprom\u011bnn\u00e1, doslova ta, kterou nelze obm\u011bk\u010dit. V pozd\u011bj\u0161\u00ed, systematizuj\u00edc\u00ed <span class=\"iwg-fachbegriff\" data-tooltip=\"P\u0159ed\u00e1v\u00e1n\u00ed v\u011bdomost\u00ed a vypr\u00e1v\u011bn\u00ed mezi generacemi.\" tabindex=\"0\">tradici<\/span> bylo t\u011bmto jm\u00e9n\u016fm p\u0159i\u0159azeno pevn\u00e9 rozd\u011blen\u00ed rol\u00ed: Kl\u00f3th\u00f3 sp\u0159\u00e1d\u00e1, Lachesis m\u011b\u0159\u00ed, Atropos p\u0159est\u0159ih\u00e1v\u00e1.<\/p><p>Toto jasn\u00e9 rozd\u011blen\u00ed pr\u00e1ce je v\u0161ak uspo\u0159\u00e1d\u00e1vaj\u00edc\u00ed ustanoven\u00ed pohom\u00e9rsk\u00e9 doby. V nejstar\u0161\u00edch pramenech jsou funkce rozd\u011bleny m\u00e9n\u011b striktn\u011b.<\/p><p>V latin\u011b odpov\u00eddaj\u00ed Moir\u00e1m Parky, jejich\u017e jm\u00e9na Nona, Decuma a Morta p\u016fvodn\u011b souvisela s narozen\u00edm v dev\u00e1t\u00e9m nebo des\u00e1t\u00e9m m\u011bs\u00edci a se smrt\u00ed, pozd\u011bji v\u0161ak byla ztoto\u017en\u011bna s \u0159eck\u00fdmi Moirami. Toto ztoto\u017en\u011bn\u00ed Moir a Park rozhoduj\u00edc\u00edm zp\u016fsobem utv\u00e1\u0159elo poantick\u00fd obraz t\u0159\u00ed sester osudu.<\/p>\t\t\t\t\t\t\t\t<\/div>\n\t\t\t\t\t<\/div>\n\t\t\t\t<\/div>\n\t\t<div class=\"elementor-element elementor-element-iwgw-moiren-s2 e-flex e-con-boxed e-con e-parent\" data-id=\"iwgw-moiren-s2\" data-element_type=\"container\" data-e-type=\"container\">\n\t\t\t\t\t<div class=\"e-con-inner\">\n\t\t\t\t<div class=\"elementor-element elementor-element-iwgw-moiren-s2h elementor-widget elementor-widget-heading\" data-id=\"iwgw-moiren-s2h\" data-element_type=\"widget\" data-e-type=\"widget\" data-widget_type=\"heading.default\">\n\t\t\t\t\t<h2 class=\"elementor-heading-title elementor-size-default\">Popis a ikonografie<\/h2>\t\t\t\t<\/div>\n\t\t\t\t<div class=\"elementor-element elementor-element-iwgw-moiren-s2t elementor-widget elementor-widget-text-editor\" data-id=\"iwgw-moiren-s2t\" data-element_type=\"widget\" data-e-type=\"widget\" data-widget_type=\"text-editor.default\">\n\t\t\t\t\t\t\t\t\t<p>Moiry jsou v antick\u00e9m um\u011bn\u00ed zpravidla zobrazov\u00e1ny jako t\u0159i \u017eeny, \u010dasto ve v\u00e1\u017en\u00e9m, d\u016fstojn\u00e9m postoji. Jejich v\u011bk je uv\u00e1d\u011bn r\u016fzn\u011b; v n\u011bkter\u00fdch zobrazen\u00edch vystupuj\u00ed jako zral\u00e9 nebo star\u0161\u00ed \u017eeny, v jin\u00fdch bez v\u00fdrazn\u00fdch znak\u016f st\u00e1\u0159\u00ed.<\/p><p>Jejich pozn\u00e1vac\u00edm znamen\u00edm jsou n\u00e1stroje pr\u00e1ce s nit\u00ed: v\u0159eteno, nit, p\u0159eslice, v pozd\u011bj\u0161\u00ed tradici tak\u00e9 n\u016f\u017eky nebo n\u00e1stroj k p\u0159est\u0159i\u017een\u00ed pro Atropos.<\/p><p>Dominuj\u00edc\u00edm obrazem je obraz sp\u0159\u00e1d\u00e1n\u00ed. Lidsk\u00fd \u017eivot je poj\u00edm\u00e1n jako nit, kterou Moiry vytv\u00e1\u0159ej\u00ed, m\u011b\u0159\u00ed a nakonec p\u0159eru\u0161uj\u00ed.<\/p><p>D\u00e9lka nit\u011b odpov\u00edd\u00e1 d\u00e9lce \u017eivota, p\u0159est\u0159i\u017een\u00ed znamen\u00e1 smrt. Tento obraz je velmi p\u016fsobiv\u00fd a formoval celou pozd\u011bj\u0161\u00ed p\u0159edstavu o niti \u017eivota. V Plat\u00f3nov\u011b popisu sed\u00ed t\u0159i Moiry na tr\u016fnech, od\u011bn\u00e9 v b\u00edl\u00e1 roucha, ov\u011bn\u010den\u00e9, a spole\u010dn\u011b ot\u00e1\u010dej\u00ed velk\u00e9 v\u0159eteno sv\u011bta.<\/p><p>Ve v\u00e1zov\u00e9 malb\u011b a na reli\u00e9fech se Moiry \u010dasto objevuj\u00ed p\u0159i d\u016fle\u017eit\u00fdch osudov\u00fdch ud\u00e1lostech, nap\u0159\u00edklad p\u0159i narozen\u00ed nebo svatb\u00e1ch, p\u0159edev\u0161\u00edm v\u0161ak p\u0159i narozen\u00ed v\u00fdznamn\u00fdch postav. Jsou pak mocnostmi, kter\u00e9 ur\u010duj\u00ed osud novorozence.<\/p><p>V \u0159\u00edmsk\u00e9 dob\u011b, jako Parky, pat\u0159ily k roz\u0161\u00ed\u0159en\u00fdm ikonografick\u00fdm motiv\u016fm na sarkof\u00e1gech, kde symbolizovaly omezenost \u017eivota. P\u0159\u00edsn\u00e9 rozd\u011blen\u00ed rol\u00ed mezi t\u0159emi, jedna sp\u0159\u00e1d\u00e1, jedna m\u011b\u0159\u00ed, jedna p\u0159est\u0159ih\u00e1v\u00e1, je p\u0159edev\u0161\u00edm obrazov\u00fdm sch\u00e9matem pozdn\u011b klasick\u00e9ho a poantick\u00e9ho um\u011bn\u00ed.<\/p>\t\t\t\t\t\t\t\t<\/div>\n\t\t\t\t\t<\/div>\n\t\t\t\t<\/div>\n\t\t<div class=\"elementor-element elementor-element-iwgw-moiren-s3 e-flex e-con-boxed e-con e-parent\" data-id=\"iwgw-moiren-s3\" data-element_type=\"container\" data-e-type=\"container\">\n\t\t\t\t\t<div class=\"e-con-inner\">\n\t\t\t\t<div class=\"elementor-element elementor-element-iwgw-moiren-s3h elementor-widget elementor-widget-heading\" data-id=\"iwgw-moiren-s3h\" data-element_type=\"widget\" data-e-type=\"widget\" data-widget_type=\"heading.default\">\n\t\t\t\t\t<h2 class=\"elementor-heading-title elementor-size-default\">Mytologick\u00e1 vypr\u00e1v\u011bn\u00ed<\/h2>\t\t\t\t<\/div>\n\t\t\t\t<div class=\"elementor-element elementor-element-iwgw-moiren-s3t elementor-widget elementor-widget-text-editor\" data-id=\"iwgw-moiren-s3t\" data-element_type=\"widget\" data-e-type=\"widget\" data-widget_type=\"text-editor.default\">\n\t\t\t\t\t\t\t\t\t<p>O p\u016fvodu Moir existuj\u00ed dv\u011b vedle sebe stoj\u00edc\u00ed tradice, kter\u00e9 se objevuj\u00ed u\u017e v H\u00e9siodov\u011b <em>Theogonii<\/em>. Podle jedn\u00e9 z nich jsou dcerami Nyx, noci, a pat\u0159\u00ed tak mezi temn\u00e9, prvotn\u00ed mocnosti, kter\u00e9 vze\u0161ly z noci bez otce, spole\u010dn\u011b se smrt\u00ed a dal\u0161\u00edmi temn\u00fdmi bytostmi.<\/p><p>Podle druh\u00e9 verze, kterou rovn\u011b\u017e uv\u00e1d\u00ed H\u00e9siodos, jsou dcerami <a href=\"https:\/\/iwell-guard.com\/cs\/zeus\/\">Zeuse<\/a> a Themidy, bohyn\u011b ust\u00e1len\u00e9ho \u0159\u00e1du. V t\u00e9to genealogii jsou sestrami H\u00f3r a p\u0159edstavuj\u00ed spo\u0159\u00e1dan\u00e9, z\u00e1konn\u00e9 rozd\u011blov\u00e1n\u00ed osudu.<\/p><p>Oba rodokmeny odr\u00e1\u017eej\u00ed dv\u011b pojet\u00ed osudu: temnou moc vze\u0161lou z noci a spravedlnost zapojenou do bo\u017esk\u00e9ho \u0159\u00e1du.<\/p><p>Moiry vystupuj\u00ed v mnoha m\u00fdtech jako mocnosti, kter\u00e9 ur\u010duj\u00ed chod \u017eivota. Jedno z nejzn\u00e1m\u011bj\u0161\u00edch vypr\u00e1v\u011bn\u00ed se t\u00fdk\u00e1 Meleagra. P\u0159i jeho narozen\u00ed se objevily Moiry a p\u0159edpov\u011bd\u011bly, \u017ee chlapec bude \u017e\u00edt, dokud nesho\u0159\u00ed ur\u010dit\u00e9 poleno v ohni\u0161ti.<\/p><p>Jeho matka Althaia poleno z ohn\u011b vyt\u00e1hla a uschovala. Po letech, v hn\u011bvu nad smrt\u00ed sv\u00fdch bratr\u016f, kterou zp\u016fsobil Meleagros, poleno vhodila do ohn\u011b, a jej\u00ed syn zem\u0159el v okam\u017eiku, kdy sho\u0159elo.<\/p><p>Dal\u0161\u00ed zn\u00e1m\u00e1 epizoda se t\u00fdk\u00e1 Adm\u00e9ta. Apoll\u00f3n u Moir vymohl, \u017ee se Adm\u00e9tos m\u016f\u017ee vyhnout smrti, pokud by na jeho m\u00edsto zem\u0159el n\u011bkdo jin\u00fd. Podle <span class=\"iwg-fachbegriff\" data-tooltip=\"P\u0159ed\u00e1v\u00e1n\u00ed v\u011bdomost\u00ed a vypr\u00e1v\u011bn\u00ed mezi generacemi.\" tabindex=\"0\">tradice<\/span> Apoll\u00f3n Moiry p\u0159esv\u011bd\u010dil pomoc\u00ed v\u00edna, kter\u00fdm je om\u00e1mil.<\/p><p>Tato epizoda ukazuje, \u017ee osud ur\u010den\u00fd Moirami mohl b\u00fdt ve v\u00fdjime\u010dn\u00fdch p\u0159\u00edpadech odlo\u017een, ale nikoli skute\u010dn\u011b zru\u0161en: smrt si nakonec musel vz\u00edt v\u017edy n\u011bkdo.<\/p><p>Jejich vztah k Zeusovi byl p\u0159edm\u011btem antick\u00fdch \u00favah. V n\u011bkter\u00fdch pojet\u00edch Zeus osud na\u0159izuje a Moiry jej vykon\u00e1vaj\u00ed; nos\u00ed pak p\u0159\u00eddomek Moiragetes, v\u016fdce Moir.<\/p><p>V jin\u00fdch pojet\u00edch stoj\u00ed osud i nad Zeusem. Toto nap\u011bt\u00ed nebylo v <span class=\"iwg-fachbegriff\" data-tooltip=\"Epocha \u0159eck\u00e9 a \u0159\u00edmsk\u00e9 kultury, p\u0159ibli\u017en\u011b od 800 p\u0159. n. l. do 600 n. l.\" tabindex=\"0\">antice<\/span> vy\u0159e\u0161eno, pat\u0159\u00ed to k samotn\u00e9 podstat\u011b v\u011bci: osud je mocnost, jej\u00ed\u017e vztah k nejvy\u0161\u0161\u00edmu <span class=\"iwg-fachbegriff\" data-tooltip=\"Bytost uct\u00edvan\u00e1 jako bo\u017esk\u00e1 v r\u00e1mci ur\u010dit\u00e9ho n\u00e1bo\u017eenstv\u00ed.\" tabindex=\"0\">bo\u017estvu<\/span> z\u016fstal v podstat\u011b otev\u0159en\u00fd.<\/p>\t\t\t\t\t\t\t\t<\/div>\n\t\t\t\t\t<\/div>\n\t\t\t\t<\/div>\n\t\t<div class=\"elementor-element elementor-element-iwgw-moiren-s4 e-flex e-con-boxed e-con e-parent\" data-id=\"iwgw-moiren-s4\" data-element_type=\"container\" data-e-type=\"container\">\n\t\t\t\t\t<div class=\"e-con-inner\">\n\t\t\t\t<div class=\"elementor-element elementor-element-iwgw-moiren-s4h elementor-widget elementor-widget-heading\" data-id=\"iwgw-moiren-s4h\" data-element_type=\"widget\" data-e-type=\"widget\" data-widget_type=\"heading.default\">\n\t\t\t\t\t<h2 class=\"elementor-heading-title elementor-size-default\">Kult a uct\u00edv\u00e1n\u00ed<\/h2>\t\t\t\t<\/div>\n\t\t\t\t<div class=\"elementor-element elementor-element-iwgw-moiren-s4t elementor-widget elementor-widget-text-editor\" data-id=\"iwgw-moiren-s4t\" data-element_type=\"widget\" data-e-type=\"widget\" data-widget_type=\"text-editor.default\">\n\t\t\t\t\t\t\t\t\t<p>Moiry byly kultovn\u011b uct\u00edv\u00e1ny na r\u016fzn\u00fdch m\u00edstech \u0158ecka, by\u0165 v\u011bt\u0161inou ne ve velk\u00fdch samostatn\u00fdch chr\u00e1mov\u00fdch are\u00e1lech, ale sp\u00ed\u0161e v souvislosti s jin\u00fdmi bo\u017estvy nebo na zvl\u00e1\u0161tn\u00edch m\u00edstech. Olt\u00e1\u0159e a svatyn\u011b jsou dosv\u011bd\u010deny mimo jin\u00e9 v Korintu, ve Spart\u011b, v Th\u00e9b\u00e1ch a v Olympii. V Delf\u00e1ch byly \u00fazce spjaty s Apoll\u00f3novou <span class=\"iwg-fachbegriff\" data-tooltip=\"Svat\u00e9 m\u00edsto v\u011bnovan\u00e9 uct\u00edv\u00e1n\u00ed bo\u017estva.\" tabindex=\"0\">svatyn\u00ed<\/span>.<\/p><p><span class=\"iwg-fachbegriff\" data-tooltip=\"Souhrn n\u00e1bo\u017eensk\u00fdch \u00factyhodn\u00fdch \u00fakon\u016f v\u011bnovan\u00fdch bo\u017estvu nebo svat\u00e9 bytosti.\" tabindex=\"0\">Kult<\/span> Moir byl \u00fazce spjat s p\u0159echody lidsk\u00e9ho \u017eivota, p\u0159edev\u0161\u00edm s narozen\u00edm a se svatbou. P\u0159i narozen\u00ed d\u00edt\u011bte byly Moiry pova\u017eov\u00e1ny za p\u0159\u00edtomn\u00e9, proto\u017ee v tomto okam\u017eiku byl ur\u010den \u017eivotn\u00ed \u00fad\u011bl.<\/p><p>P\u0159i svatb\u00e1ch se k nim obraceli s modlitbami a <span class=\"iwg-fachbegriff\" data-tooltip=\"Dar bohu na vyj\u00e1d\u0159en\u00ed d\u00edk\u016f, prosby nebo \u00facty.\" tabindex=\"0\">ob\u011btmi<\/span>, aby p\u00e1ru p\u0159id\u011blily dobr\u00fd osud. P\u0159i poh\u0159bech a v truchlen\u00ed hr\u00e1ly roli tak\u00e9 jako mocnosti, kter\u00e9 p\u0159etnuly nit \u017eivota.<\/p><p><span class=\"iwg-fachbegriff\" data-tooltip=\"Dar bohu na vyj\u00e1d\u0159en\u00ed d\u00edk\u016f, prosby nebo \u00facty.\" tabindex=\"0\">Ob\u011bti<\/span> pro Moiry sest\u00e1valy, pokud je to dosv\u011bd\u010deno, \u010dasto z nekrvav\u00fdch dar\u016f, z kv\u011btin, medu a podobn\u00fdch dar\u016f, co\u017e je \u0159ad\u00ed do bl\u00edzkosti dal\u0161\u00edch chthonick\u00fdch bo\u017estev. Na n\u011bkter\u00fdch m\u00edstech byly uct\u00edv\u00e1ny spole\u010dn\u011b se Zeusem, s Eumenidami nebo s bohyn\u011bmi porodu.<\/p><p>Celkov\u011b byl jejich <span class=\"iwg-fachbegriff\" data-tooltip=\"Souhrn n\u00e1bo\u017eensk\u00fdch \u00factyhodn\u00fdch \u00fakon\u016f v\u011bnovan\u00fdch bo\u017estvu nebo svat\u00e9 bytosti.\" tabindex=\"0\">kult<\/span> roz\u0161\u00ed\u0159en, ale nen\u00e1padn\u00fd: doprov\u00e1zel rozhoduj\u00edc\u00ed body obratu v \u017eivot\u011b, ani\u017e by vy\u017eadoval velk\u00e9 ve\u0159ejn\u00e9 oslavy. Toto rozprost\u0159en\u00ed nap\u0159\u00ed\u010d cel\u00fdm \u017eivotem odpov\u00edd\u00e1 jejich povaze mocnost\u00ed, kter\u00e9 nep\u016fsob\u00ed na jednom m\u00edst\u011b, ale p\u0159i ka\u017ed\u00e9m osudu.<\/p>\t\t\t\t\t\t\t\t<\/div>\n\t\t\t\t\t<\/div>\n\t\t\t\t<\/div>\n\t\t<div class=\"elementor-element elementor-element-iwgw-moiren-s5 e-flex e-con-boxed e-con e-parent\" data-id=\"iwgw-moiren-s5\" data-element_type=\"container\" data-e-type=\"container\">\n\t\t\t\t\t<div class=\"e-con-inner\">\n\t\t\t\t<div class=\"elementor-element elementor-element-iwgw-moiren-s5h elementor-widget elementor-widget-heading\" data-id=\"iwgw-moiren-s5h\" data-element_type=\"widget\" data-e-type=\"widget\" data-widget_type=\"heading.default\">\n\t\t\t\t\t<h2 class=\"elementor-heading-title elementor-size-default\">Ochrann\u00e1 praxe a apotropaick\u00e9 prvky<\/h2>\t\t\t\t<\/div>\n\t\t\t\t<div class=\"elementor-element elementor-element-iwgw-moiren-s5t elementor-widget elementor-widget-text-editor\" data-id=\"iwgw-moiren-s5t\" data-element_type=\"widget\" data-e-type=\"widget\" data-widget_type=\"text-editor.default\">\n\t\t\t\t\t\t\t\t\t<p>Vztah \u010dlov\u011bka k Moir\u00e1m byl formov\u00e1n pozn\u00e1n\u00edm nezvratnosti jejich p\u016fsoben\u00ed. Na rozd\u00edl od \u0161kod\u00edc\u00edch duch\u016f se \u010dlov\u011bk p\u0159ed osudem ur\u010den\u00fdm Moirami nemohl skute\u010dn\u011b chr\u00e1nit.<\/p><p>\u0158eck\u00e9 n\u00e1bo\u017eenstv\u00ed proto nenab\u00edzelo apotropaickou praxi ve smyslu obrany, ale formy p\u0159ibl\u00ed\u017een\u00ed, prosby a ritu\u00e1ln\u00edho uzn\u00e1n\u00ed.<\/p><p>P\u0159i narozen\u00ed a svatb\u011b, dvou \u017eivotn\u00edch obratech, p\u0159i nich\u017e byly Moiry pova\u017eov\u00e1ny za obzvl\u00e1\u0161t\u011b bl\u00edzk\u00e9, se k nim obraceli s modlitbami a <span class=\"iwg-fachbegriff\" data-tooltip=\"Dar bohu na vyj\u00e1d\u0159en\u00ed d\u00edk\u016f, prosby nebo \u00facty.\" tabindex=\"0\">ob\u011btmi<\/span>, aby p\u0159id\u011blily p\u0159\u00edzniv\u00fd \u00fad\u011bl.<\/p><p>Tyto ob\u0159ady nebyly obranou, ale pokusem z\u00edskat si p\u0159\u00edze\u0148 mocnost\u00ed osudu je\u0161t\u011b p\u0159ed vynesen\u00edm \u00fad\u011bl. V lidov\u00e9 v\u00ed\u0159e se udr\u017eovala p\u0159edstava, \u017ee prvn\u00ed dny po narozen\u00ed jsou obzvl\u00e1\u0161t\u011b citliv\u00e9, proto\u017ee osud d\u00edt\u011bte je st\u00e1le nejist\u00fd.<\/p><p>Oslovovat Moiry zdobn\u00fdm p\u0159\u00eddomkem laskav\u00fdch nebo milostiv\u00fdch pat\u0159ilo k roz\u0161\u00ed\u0159en\u00e9 n\u00e1bo\u017eensk\u00e9 jazykov\u00e9 praxi, kter\u00e1 se sna\u017eila zm\u00edrnit obavu vzbuzuj\u00edc\u00ed mocnosti prost\u0159ednictv\u00edm usmi\u0159uj\u00edc\u00edho pojmenov\u00e1n\u00ed. Stejn\u00e1 praxe se vyskytuje u Eriny\u00ed, kter\u00e9 byly vz\u00fdv\u00e1ny jako Eumenidy, laskav\u011b sm\u00fd\u0161lej\u00edc\u00ed.<\/p><p>Ostatn\u011b \u0159eck\u00e1 tradice moudrosti, p\u0159edev\u0161\u00edm trag\u00e9die, u\u010dila pozn\u00e1n\u00ed mez\u00ed \u010dlov\u011bka: p\u0159ijmout to, co Moiry p\u0159id\u011blily, bylo pova\u017eov\u00e1no za znamen\u00ed zralosti.<\/p><p>Pokus n\u00e1siln\u011b p\u0159ekro\u010dit sv\u016fj vlastn\u00ed \u00fad\u011bl vedl v mytick\u00fdch vypr\u00e1v\u011bn\u00edch pravideln\u011b k ne\u0161t\u011bst\u00ed. Ochrana p\u0159ed Moirami tedy nespo\u010d\u00edvala v \u017e\u00e1dn\u00e9m <span class=\"iwg-fachbegriff\" data-tooltip=\"Uspo\u0159\u00e1dan\u00fd sled symbolick\u00fdch \u00fakon\u016f s n\u00e1bo\u017eensk\u00fdm nebo kulturn\u00edm v\u00fdznamem.\" tabindex=\"0\">ritu\u00e1lu<\/span>, ale v um\u00edrn\u011bn\u00e9m zp\u016fsobu \u017eivota.<\/p>\t\t\t\t\t\t\t\t<\/div>\n\t\t\t\t\t<\/div>\n\t\t\t\t<\/div>\n\t\t<div class=\"elementor-element elementor-element-iwgw-moiren-s6 e-flex e-con-boxed e-con e-parent\" data-id=\"iwgw-moiren-s6\" data-element_type=\"container\" data-e-type=\"container\">\n\t\t\t\t\t<div class=\"e-con-inner\">\n\t\t\t\t<div class=\"elementor-element elementor-element-iwgw-moiren-s6h elementor-widget elementor-widget-heading\" data-id=\"iwgw-moiren-s6h\" data-element_type=\"widget\" data-e-type=\"widget\" data-widget_type=\"heading.default\">\n\t\t\t\t\t<h2 class=\"elementor-heading-title elementor-size-default\">Paralely v jin\u00fdch kultur\u00e1ch<\/h2>\t\t\t\t<\/div>\n\t\t\t\t<div class=\"elementor-element elementor-element-iwgw-moiren-s6t elementor-widget elementor-widget-text-editor\" data-id=\"iwgw-moiren-s6t\" data-element_type=\"widget\" data-e-type=\"widget\" data-widget_type=\"text-editor.default\">\n\t\t\t\t\t\t\t\t\t<p>P\u0159edstava osudotvorn\u00fdch mocnost\u00ed, \u010dasto v podob\u011b \u017eensk\u00e9 trojice a \u010dasto spojen\u00fdch s obrazem p\u0159eden\u00ed, je v indoevropsk\u00fdch kultur\u00e1ch velmi roz\u0161\u00ed\u0159en\u00e1. Srovn\u00e1vac\u00ed v\u00fdzkum v tom spat\u0159uje spole\u010dn\u00e9 d\u011bdictv\u00ed.<\/p><p>Nejbli\u017e\u0161\u00ed obdobou jsou \u0159\u00edmsk\u00e9 Parky, kter\u00e9 byly s Moirami ztoto\u017e\u0148ov\u00e1ny tak d\u016fsledn\u011b, \u017ee ob\u011b skupiny v <span class=\"iwg-fachbegriff\" data-tooltip=\"P\u0159ed\u00e1v\u00e1n\u00ed v\u011bdomost\u00ed a vypr\u00e1v\u011bn\u00ed mezi generacemi.\" tabindex=\"0\">tradici<\/span> lze jen t\u011b\u017eko rozli\u0161it.<\/p><p>V seversk\u00e9 <span class=\"iwg-fachbegriff\" data-tooltip=\"Souhrn tradovan\u00fdch vypr\u00e1v\u011bn\u00ed o boz\u00edch ur\u010dit\u00e9 kultury.\" tabindex=\"0\">mytologii<\/span> stoj\u00ed Norny, kter\u00e9 u ko\u0159en\u016f sv\u011btov\u00e9ho stromu ur\u010duj\u00ed osud lid\u00ed; i ty jsou v nejzn\u00e1m\u011bj\u0161\u00ed <span class=\"iwg-fachbegriff\" data-tooltip=\"P\u0159ed\u00e1v\u00e1n\u00ed v\u011bdomost\u00ed a vypr\u00e1v\u011bn\u00ed mezi generacemi.\" tabindex=\"0\">tradici<\/span> t\u0159i a spojen\u00e9 s p\u0159eden\u00edm a tkan\u00edm.<\/p><p>V baltsk\u00e9 a slovansk\u00e9 oblasti existuj\u00ed obdobn\u00e9 osudov\u00e9 \u017eeny, kter\u00e9 se objevuj\u00ed p\u0159i narozen\u00ed d\u00edt\u011bte a ur\u010duj\u00ed jeho \u00fad\u011bl.<\/p><p>Spojuj\u00edc\u00edm prvkem je obraz vl\u00e1kna \u017eivota, kter\u00e9 se sp\u0159\u00e1d\u00e1, m\u011b\u0159\u00ed a p\u0159est\u0159ih\u00e1v\u00e1. Spojuje b\u011b\u017enou, v <span class=\"iwg-fachbegriff\" data-tooltip=\"Obdob\u00ed \u0159eck\u00e9 a \u0159\u00edmsk\u00e9 kultury, p\u0159ibli\u017en\u011b od 800 p\u0159. n. l. do 600 n. l.\" tabindex=\"0\">antice<\/span> \u017eenskou \u010dinnost p\u0159eden\u00ed s p\u0159edstavou omezenosti lidsk\u00e9ho \u017eivota. V\u00fdzkum v tom rozpoznal star\u00fd indoevropsk\u00fd <span class=\"iwg-fachbegriff\" data-tooltip=\"Opakuj\u00edc\u00ed se obsahov\u00fd prvek v um\u011bn\u00ed nebo vypr\u00e1v\u011bn\u00ed.\" tabindex=\"0\">motiv<\/span>, kter\u00fd v r\u016fzn\u00fdch jazykov\u00fdch a kulturn\u00edch oblastech nabyl vlastn\u00edch podob.<\/p><p>I mimo indoevropsk\u00fd prostor znaj\u00ed jin\u00e9 kultury osudov\u00e1 bo\u017estva, kter\u00e1 ur\u010duj\u00ed m\u00edru lidsk\u00e9ho \u017eivota, ani\u017e by v\u0161ak motiv p\u0159eden\u00ed st\u00e1l v\u017edy v jejich st\u0159edu. Moiry jsou v r\u00e1mci t\u00e9to \u0161irok\u00e9 motivick\u00e9 rodiny \u0159eckou podobou, vyzna\u010duj\u00edc\u00ed se pevn\u00fdm po\u010dtem t\u0159\u00ed, mluv\u00edc\u00edmi vlastn\u00edmi jm\u00e9ny a \u00fazk\u00fdm spojen\u00edm s filosofickou \u00favahou o nutnosti a svobod\u011b.<\/p>\t\t\t\t\t\t\t\t<\/div>\n\t\t\t\t\t<\/div>\n\t\t\t\t<\/div>\n\t\t<div class=\"elementor-element elementor-element-iwgw-moiren-s7 e-flex e-con-boxed e-con e-parent\" data-id=\"iwgw-moiren-s7\" data-element_type=\"container\" data-e-type=\"container\">\n\t\t\t\t\t<div class=\"e-con-inner\">\n\t\t\t\t<div class=\"elementor-element elementor-element-iwgw-moiren-s7h elementor-widget elementor-widget-heading\" data-id=\"iwgw-moiren-s7h\" data-element_type=\"widget\" data-e-type=\"widget\" data-widget_type=\"heading.default\">\n\t\t\t\t\t<h2 class=\"elementor-heading-title elementor-size-default\">Sou\u010dasn\u00e1 recepce a v\u00fdzkum<\/h2>\t\t\t\t<\/div>\n\t\t\t\t<div class=\"elementor-element elementor-element-iwgw-moiren-s7t elementor-widget elementor-widget-text-editor\" data-id=\"iwgw-moiren-s7t\" data-element_type=\"widget\" data-e-type=\"widget\" data-widget_type=\"text-editor.default\">\n\t\t\t\t\t\t\t\t\t<p>Moiry pat\u0159\u00ed mezi mytick\u00e9 postavy, jejich\u017e obraz z\u016fstal \u017eiv\u00fd a\u017e do sou\u010dasnosti. <span class=\"iwg-fachbegriff\" data-tooltip=\"Opakuj\u00edc\u00ed se obsahov\u00fd prvek v um\u011bn\u00ed nebo vypr\u00e1v\u011bn\u00ed.\" tabindex=\"0\">Motiv<\/span> t\u0159\u00ed osudov\u00fdch sester, kter\u00e9 sp\u0159\u00e1daj\u00ed a p\u0159est\u0159ih\u00e1vaj\u00ed vl\u00e1kno \u017eivota, se p\u0159es \u0159\u00edmsk\u00e9 Parky, p\u0159es st\u0159edov\u011bkou a novodobou literaturu a um\u011bn\u00ed stal pevnou sou\u010d\u00e1st\u00ed evropsk\u00e9 obrazov\u00e9 \u0159e\u010di.<\/p><p>V novodob\u00e9 poezii, v dramatu a ve v\u00fdtvarn\u00e9m um\u011bn\u00ed se opakovan\u011b objevuj\u00ed jako <span class=\"iwg-fachbegriff\" data-tooltip=\"V\u00fdsti\u017en\u00fd obraz, kter\u00fd zastupuje abstraktn\u00ed my\u0161lenku.\" tabindex=\"0\">symbol<\/span> pom\u00edjivosti a nezvratnosti osudu.<\/p><p>V popul\u00e1rn\u00ed kultu\u0159e jsou t\u0159i osudov\u00e9 \u017eeny opakuj\u00edc\u00edm se <span class=\"iwg-fachbegriff\" data-tooltip=\"Opakuj\u00edc\u00ed se obsahov\u00fd prvek v um\u011bn\u00ed nebo vypr\u00e1v\u011bn\u00ed.\" tabindex=\"0\">motivem<\/span> v literatu\u0159e, filmu i hr\u00e1ch, \u010dasto prom\u00ed\u0161en\u00fdm s Nornami nebo s \u010darod\u011bjnicemi jin\u00fdch tradic. R\u010den\u00ed jako obraz vl\u00e1kna \u017eivota nebo vl\u00e1kna, kter\u00e9 se p\u0159est\u0159ih\u00e1v\u00e1, jsou p\u0159\u00edm\u00fdm odkazem na p\u0159edstavu Moir.<\/p><p>Religionistick\u00fd v\u00fdzkum zkoumal Moiry z n\u011bkolika hledisek. Do pop\u0159ed\u00ed vystupuje ot\u00e1zka \u0159eck\u00e9ho pojet\u00ed osudu a jeho vztahu ke sv\u011btu boh\u016f, zejm\u00e9na k Zeusovi, ot\u00e1zka, kterou se zab\u00fdval u\u017e Erwin Rohde a po n\u011bm mnoho dal\u0161\u00edch badatel\u016f.<\/p><p>D\u00e1le stoj\u00ed zkoum\u00e1n\u00ed personifikace: jak se z pojmu vym\u011b\u0159en\u00e9ho stane bohyn\u011b? Walter Burkert a Martin Persson Nilsson za\u0159adili Moiry do celkov\u00e9ho v\u00fdkladu \u0159eck\u00e9ho n\u00e1bo\u017eenstv\u00ed, Timothy Gantz prozkoumal prameny, Fritz Graf se zab\u00fdval jejich postaven\u00edm v <span class=\"iwg-fachbegriff\" data-tooltip=\"Souhrn tradovan\u00fdch vypr\u00e1v\u011bn\u00ed o boz\u00edch ur\u010dit\u00e9 kultury.\" tabindex=\"0\">mytologii<\/span>.<\/p><p>Moiry z\u016fst\u00e1vaj\u00ed kl\u00ed\u010dov\u00fdm p\u0159\u00edkladem toho, jak \u0158ekov\u00e9 uva\u017eovali o nutnosti, smrti a hranic\u00edch lidsk\u00e9ho jedn\u00e1n\u00ed.<\/p>\t\t\t\t\t\t\t\t<\/div>\n\t\t\t\t\t<\/div>\n\t\t\t\t<\/div>\n\t\t<div class=\"elementor-element elementor-element-iwgw-moiren-lit e-flex e-con-boxed e-con e-parent\" data-id=\"iwgw-moiren-lit\" data-element_type=\"container\" data-e-type=\"container\">\n\t\t\t\t\t<div class=\"e-con-inner\">\n\t\t\t\t<div class=\"elementor-element elementor-element-iwgw-moiren-lith elementor-widget elementor-widget-heading\" data-id=\"iwgw-moiren-lith\" data-element_type=\"widget\" data-e-type=\"widget\" data-widget_type=\"heading.default\">\n\t\t\t\t\t<h2 class=\"elementor-heading-title elementor-size-default\">Literatura (v\u00fdb\u011br)<\/h2>\t\t\t\t<\/div>\n\t\t\t\t<div class=\"elementor-element elementor-element-iwgw-moiren-litt elementor-widget elementor-widget-text-editor\" data-id=\"iwgw-moiren-litt\" data-element_type=\"widget\" data-e-type=\"widget\" data-widget_type=\"text-editor.default\">\n\t\t\t\t\t\t\t\t\t<ul><li>Erwin Rohde: <em>Psyche. Seelencult und Unsterblichkeitsglaube der Griechen<\/em> (1894)<\/li><li>Walter Burkert: <em>Griechische Religion der archaischen und klassischen Epoche<\/em> (1977)<\/li><li>Martin Persson Nilsson: <em>Geschichte der griechischen Religion<\/em> (1941\u20131950)<\/li><li>Timothy Gantz: <em>Early Greek Myth. A Guide to Literary and Artistic Sources<\/em> (1993)<\/li><li>Fritz Graf: <em>Griechische <span class=\"iwg-fachbegriff\" data-tooltip=\"Souhrn tradovan\u00fdch vypr\u00e1v\u011bn\u00ed o boz\u00edch ur\u010dit\u00e9 kultury.\" tabindex=\"0\">mytologie<\/span>. Eine Einf\u00fchrung<\/em> (1985)<\/li><li>Martin Litchfield West: <em>Hesiod. Theogony. Edited with Prolegomena and Commentary<\/em> (1966)<\/li><\/ul>\t\t\t\t\t\t\t\t<\/div>\n\t\t\t\t\t<\/div>\n\t\t\t\t<\/div>\n\t\t<div class=\"elementor-element elementor-element-iwgw-moiren-kwd e-flex e-con-boxed e-con e-parent\" data-id=\"iwgw-moiren-kwd\" data-element_type=\"container\" data-e-type=\"container\">\n\t\t\t\t\t<div class=\"e-con-inner\">\n\t\t\t\t<div class=\"elementor-element elementor-element-iwgw-moiren-kwdt elementor-widget elementor-widget-text-editor\" data-id=\"iwgw-moiren-kwdt\" data-element_type=\"widget\" data-e-type=\"widget\" data-widget_type=\"text-editor.default\">\n\t\t\t\t\t\t\t\t\t<p><em>Souvisej\u00edc\u00ed kl\u00ed\u010dov\u00e9 pojmy: Moiry Klotho Lachesis Atropos Osud Vl\u00e1kno \u017eivota Parky Vlaf.<\/em><\/p>\t\t\t\t\t\t\t\t<\/div>\n\t\t\t\t\t<\/div>\n\t\t\t\t<\/div>\n\t\t<div class=\"elementor-element elementor-element-iwgw-moiren-cc e-flex e-con-boxed e-con e-parent\" data-id=\"iwgw-moiren-cc\" data-element_type=\"container\" data-e-type=\"container\" id=\"iwg-cc-moiren\">\n\t\t\t\t\t<div class=\"e-con-inner\">\n\t\t<div class=\"elementor-element elementor-element-iwgw-moiren-ccinner e-flex e-con-boxed e-con e-parent\" data-id=\"iwgw-moiren-ccinner\" data-element_type=\"container\" data-e-type=\"container\" data-settings=\"{&quot;background_background&quot;:&quot;classic&quot;}\">\n\t\t\t\t\t<div class=\"e-con-inner\">\n\t\t\t\t<div class=\"elementor-element elementor-element-iwgw-moiren-cch elementor-widget elementor-widget-heading\" data-id=\"iwgw-moiren-cch\" data-element_type=\"widget\" data-e-type=\"widget\" data-widget_type=\"heading.default\">\n\t\t\t\t\t<h2 class=\"elementor-heading-title elementor-size-default\">iWell Guard a ochrann\u00e9 tradice<\/h2>\t\t\t\t<\/div>\n\t\t\t\t<div class=\"elementor-element elementor-element-iwgw-moiren-cct elementor-widget elementor-widget-text-editor\" data-id=\"iwgw-moiren-cct\" data-element_type=\"widget\" data-e-type=\"widget\" data-widget_type=\"text-editor.default\">\n\t\t\t\t\t\t\t\t\t<div data-nosnippet=\"true\"><p>iWell Guard navazuje na kulturn\u011b-historickou tradici nositeln\u00fdch ochrann\u00fdch p\u0159edm\u011bt\u016f, v tradici <a href=\"https:\/\/iwell-guard.com\/cs\/recko\/\">\u0158ecka<\/a> i mnoha dal\u0161\u00edch kultur po cel\u00e9m sv\u011bt\u011b. 41 vrstev, ryz\u00ed zlato, platina, st\u0159\u00edbro, vyrobeno v N\u011bmecku. 30denn\u00ed pr\u00e1vo na vr\u00e1cen\u00ed zbo\u017e\u00ed.<\/p><\/div>\t\t\t\t\t\t\t\t<\/div>\n\t\t\t\t<div class=\"elementor-element elementor-element-iwgw-moiren-ccb iwg-cc-button iwg-cc-cta-2026-05-13 elementor-widget elementor-widget-jet-button\" data-id=\"iwgw-moiren-ccb\" data-element_type=\"widget\" data-e-type=\"widget\" data-widget_type=\"jet-button.default\">\n\t\t\t\t<div class=\"elementor-widget-container\">\n\t\t\t\t\t<div class=\"elementor-jet-button jet-elements\"><div class=\"jet-button__container\"><a class=\"jet-button__instance jet-button__instance--icon-left hover-effect-1\" href=\"\/ueber-iwell-guard\/?utm_source=iwell-guard.com&amp;utm_medium=info-box&amp;utm_campaign=wesen-tradition\"><div class=\"jet-button__plane jet-button__plane-normal\"><\/div><div class=\"jet-button__plane jet-button__plane-hover\"><\/div><div class=\"jet-button__state jet-button__state-normal\"><span class=\"jet-button__label\">V\u00edce o iWell Guard<\/span><\/div><div class=\"jet-button__state jet-button__state-hover\"><span class=\"jet-button__label\">V\u00edce o iWell Guard<\/span><\/div><\/a><\/div><\/div><style>.elementor-element.elementor-element-iwgw-moiren-ccb .jet-button__instance{width:320px;height:56px;}.elementor-element.elementor-element-iwgw-moiren-ccb .jet-button__state-normal .jet-button__label{text-align:center;margin:0px 0px 0px 0px;color:#1a1b20;font-family:Montserrat,sans-serif;font-size:13px;font-weight:400;letter-spacing:4px;line-height:1.714em;text-transform:uppercase;}.elementor-element.elementor-element-iwgw-moiren-ccb .jet-button__state-hover .jet-button__label{text-align:center;margin:0px 0px 0px 0px;color:#FECC76;font-family:Montserrat,sans-serif;font-size:13px;font-weight:400;letter-spacing:4px;line-height:1.714em;text-transform:uppercase;}.elementor-element.elementor-element-iwgw-moiren-ccb .jet-button__plane-normal{background-color:#FECC76;border-style:solid;border-color:#C99540;border-width:2px 2px 2px 2px;}.elementor-element.elementor-element-iwgw-moiren-ccb .jet-button__plane-hover{background-color:rgba(0,0,0,0.55);border-style:solid;border-color:#FECC76;border-width:2px 2px 2px 2px;}<\/style>\t\t\t\t<\/div>\n\t\t\t\t<\/div>\n\t\t\t\t<div class=\"elementor-element elementor-element-iwgw-moiren-ccd elementor-widget elementor-widget-text-editor\" data-id=\"iwgw-moiren-ccd\" data-element_type=\"widget\" data-e-type=\"widget\" data-widget_type=\"text-editor.default\">\n\t\t\t\t\t\t\t\t\t<div data-nosnippet=\"true\"><p style=\"text-align:center;font-size:13px;opacity:0.7;margin-top:14px\" data-nosnippet=\"true\">Osobn\u00ed zku\u0161enosti se mohou li\u0161it. Nejedn\u00e1 se o zdravotnick\u00fd prost\u0159edek. Nen\u00ed slibem l\u00e9\u010div\u00e9ho \u00fa\u010dinku.<\/p><\/div>\t\t\t\t\t\t\t\t<\/div>\n\t\t\t\t\t<\/div>\n\t\t\t\t<\/div>\n\t\t\t\t\t<\/div>\n\t\t\t\t<\/div>\n\t\t<div class=\"elementor-element elementor-element-iwgw-moiren-disc e-flex e-con-boxed e-con e-parent\" data-id=\"iwgw-moiren-disc\" data-element_type=\"container\" data-e-type=\"container\">\n\t\t\t\t\t<div class=\"e-con-inner\">\n\t\t\t\t<div class=\"elementor-element elementor-element-iwgw-moiren-discw elementor-widget elementor-widget-html\" data-id=\"iwgw-moiren-discw\" data-element_type=\"widget\" data-e-type=\"widget\" data-widget_type=\"html.default\">\n\t\t\t\t\t<footer data-nosnippet=\"true\" class=\"iwg-disclaimer-block\"><p data-nosnippet=\"true\">iWell Guard <strong>nen\u00ed zdravotnick\u00fd prost\u0159edek<\/strong> a nenahrazuje l\u00e9ka\u0159skou ani psychoterapeutickou l\u00e9\u010dbu. Religionistick\u00fd obsah p\u0159edstavuje kulturn\u011b-historick\u00e9 za\u0159azen\u00ed, nikoli doporu\u010den\u00ed duchovn\u00ed praxe.<\/p><\/footer>\t\t\t\t<\/div>\n\t\t\t\t\t<\/div>\n\t\t\t\t<\/div>\n\t\t\t\t<\/div>\n\t\t","protected":false},"excerpt":{"rendered":"","protected":false},"author":3,"featured_media":3375,"parent":0,"menu_order":0,"comment_status":"closed","ping_status":"closed","template":"elementor_header_footer","meta":{"_yoast_wpseo_focuskw":"Moiry bohyn\u011b osudu","_yoast_wpseo_title":"Moiry \u2013 bohyn\u011b osudu \u0158ek\u016f","_yoast_wpseo_metadesc":"Moiry, t\u0159i bohyn\u011b osudu \u0159eck\u00e9 mytologie, sp\u0159\u00e1daj\u00ed nit \u017eivota: Kl\u00f3th\u00f3 sp\u0159\u00e1d\u00e1, Lachesis m\u011b\u0159\u00ed, Atropos ji p\u0159est\u0159ih\u00e1v\u00e1.","_yoast_wpseo_meta-robots-noindex":"","_yoast_wpseo_canonical":"","_angie_page":false,"gefaehrdungsstufe":"","wesen_kultur":"","wesen_klasse":"","footnotes":""},"categories":[],"class_list":["post-145560","page","type-page","status-publish","has-post-thumbnail","hentry"],"yoast_head":"<!-- This site is optimized with the Yoast SEO Premium plugin v27.7 (Yoast SEO v28.3) - https:\/\/yoast.com\/product\/yoast-seo-premium-wordpress\/ -->\n<title>Moiry \u2013 bohyn\u011b osudu \u0158ek\u016f<\/title>\n<meta name=\"description\" content=\"Moiry, t\u0159i bohyn\u011b osudu \u0159eck\u00e9 mytologie, sp\u0159\u00e1daj\u00ed nit \u017eivota: Kl\u00f3th\u00f3 sp\u0159\u00e1d\u00e1, Lachesis m\u011b\u0159\u00ed, Atropos ji p\u0159est\u0159ih\u00e1v\u00e1.\" \/>\n<meta name=\"robots\" content=\"index, follow, max-snippet:-1, max-image-preview:large, max-video-preview:-1\" \/>\n<link rel=\"canonical\" href=\"https:\/\/iwell-guard.com\/cs\/moiry-bohyne-osudu-nite-zivota\/\" \/>\n<meta property=\"og:locale\" content=\"cs_CZ\" \/>\n<meta property=\"og:type\" content=\"article\" \/>\n<meta property=\"og:title\" content=\"Moiry \u2013 bohyn\u011b osudu a str\u00e1\u017ekyn\u011b nit\u011b \u017eivota\" \/>\n<meta property=\"og:description\" content=\"Moiry, t\u0159i bohyn\u011b osudu \u0159eck\u00e9 mytologie, sp\u0159\u00e1daj\u00ed nit \u017eivota: Kl\u00f3th\u00f3 sp\u0159\u00e1d\u00e1, Lachesis m\u011b\u0159\u00ed, Atropos ji p\u0159est\u0159ih\u00e1v\u00e1.\" \/>\n<meta property=\"og:url\" content=\"https:\/\/iwell-guard.com\/cs\/moiry-bohyne-osudu-nite-zivota\/\" \/>\n<meta property=\"og:site_name\" content=\"iWell Guard\" \/>\n<meta property=\"article:modified_time\" content=\"2026-09-03T16:59:20+00:00\" \/>\n<meta property=\"og:image\" content=\"https:\/\/iwell-guard.com\/wp-content\/uploads\/2026\/05\/goetter_griechenland_moiren.webp\" \/>\n\t<meta property=\"og:image:width\" content=\"1024\" \/>\n\t<meta property=\"og:image:height\" content=\"1536\" \/>\n\t<meta property=\"og:image:type\" content=\"image\/webp\" \/>\n<meta name=\"twitter:card\" content=\"summary_large_image\" \/>\n<script type=\"application\/ld+json\" class=\"yoast-schema-graph\">{\"@context\":\"https:\\\/\\\/schema.org\",\"@graph\":[{\"@type\":\"WebPage\",\"@id\":\"https:\\\/\\\/iwell-guard.com\\\/cs\\\/moiry-bohyne-osudu-nite-zivota\\\/\",\"url\":\"https:\\\/\\\/iwell-guard.com\\\/cs\\\/moiry-bohyne-osudu-nite-zivota\\\/\",\"name\":\"Moiry \u2013 bohyn\u011b osudu \u0158ek\u016f\",\"isPartOf\":{\"@id\":\"https:\\\/\\\/iwell-guard.com\\\/cs\\\/#website\"},\"primaryImageOfPage\":{\"@id\":\"https:\\\/\\\/iwell-guard.com\\\/cs\\\/moiry-bohyne-osudu-nite-zivota\\\/#primaryimage\"},\"image\":{\"@id\":\"https:\\\/\\\/iwell-guard.com\\\/cs\\\/moiry-bohyne-osudu-nite-zivota\\\/#primaryimage\"},\"thumbnailUrl\":\"https:\\\/\\\/iwell-guard.com\\\/wp-content\\\/uploads\\\/2026\\\/05\\\/goetter_griechenland_moiren.webp\",\"datePublished\":\"2026-09-03T16:31:34+00:00\",\"dateModified\":\"2026-09-03T16:59:20+00:00\",\"description\":\"Moiry, t\u0159i bohyn\u011b osudu \u0159eck\u00e9 mytologie, sp\u0159\u00e1daj\u00ed nit \u017eivota: Kl\u00f3th\u00f3 sp\u0159\u00e1d\u00e1, Lachesis m\u011b\u0159\u00ed, Atropos ji p\u0159est\u0159ih\u00e1v\u00e1.\",\"breadcrumb\":{\"@id\":\"https:\\\/\\\/iwell-guard.com\\\/cs\\\/moiry-bohyne-osudu-nite-zivota\\\/#breadcrumb\"},\"inLanguage\":\"cs\",\"potentialAction\":[{\"@type\":\"ReadAction\",\"target\":[\"https:\\\/\\\/iwell-guard.com\\\/cs\\\/moiry-bohyne-osudu-nite-zivota\\\/\"]}]},{\"@type\":\"ImageObject\",\"inLanguage\":\"cs\",\"@id\":\"https:\\\/\\\/iwell-guard.com\\\/cs\\\/moiry-bohyne-osudu-nite-zivota\\\/#primaryimage\",\"url\":\"https:\\\/\\\/iwell-guard.com\\\/wp-content\\\/uploads\\\/2026\\\/05\\\/goetter_griechenland_moiren.webp\",\"contentUrl\":\"https:\\\/\\\/iwell-guard.com\\\/wp-content\\\/uploads\\\/2026\\\/05\\\/goetter_griechenland_moiren.webp\",\"width\":1024,\"height\":1536,\"caption\":\"Bohov\u00e9 z \u0159eck\u00e9 tradice.\"},{\"@type\":\"BreadcrumbList\",\"@id\":\"https:\\\/\\\/iwell-guard.com\\\/cs\\\/moiry-bohyne-osudu-nite-zivota\\\/#breadcrumb\",\"itemListElement\":[{\"@type\":\"ListItem\",\"position\":1,\"name\":\"Start\",\"item\":\"https:\\\/\\\/iwell-guard.com\\\/cs\\\/?page_id=145107\"},{\"@type\":\"ListItem\",\"position\":2,\"name\":\"Moiry \u2013 bohyn\u011b osudu a str\u00e1\u017ekyn\u011b nit\u011b \u017eivota\"}]},{\"@type\":\"WebSite\",\"@id\":\"https:\\\/\\\/iwell-guard.com\\\/cs\\\/#website\",\"url\":\"https:\\\/\\\/iwell-guard.com\\\/cs\\\/\",\"name\":\"iWell Guard\",\"description\":\"Schutz vor dunklen Einfl\u00fcssen\",\"publisher\":{\"@id\":\"https:\\\/\\\/iwell-guard.com\\\/cs\\\/#organization\"},\"potentialAction\":[{\"@type\":\"SearchAction\",\"target\":{\"@type\":\"EntryPoint\",\"urlTemplate\":\"https:\\\/\\\/iwell-guard.com\\\/cs\\\/?s={search_term_string}\"},\"query-input\":{\"@type\":\"PropertyValueSpecification\",\"valueRequired\":true,\"valueName\":\"search_term_string\"}}],\"inLanguage\":\"cs\"},{\"@type\":\"Organization\",\"@id\":\"https:\\\/\\\/iwell-guard.com\\\/cs\\\/#organization\",\"name\":\"Ittermann electronic GmbH\",\"url\":\"https:\\\/\\\/iwell-guard.com\\\/cs\\\/\",\"logo\":{\"@type\":\"ImageObject\",\"inLanguage\":\"cs\",\"@id\":\"https:\\\/\\\/iwell-guard.com\\\/cs\\\/#\\\/schema\\\/logo\\\/image\\\/\",\"url\":\"https:\\\/\\\/iwell-guard.com\\\/wp-content\\\/uploads\\\/2026\\\/05\\\/Ittermann-Logo-1182x237-1.png\",\"contentUrl\":\"https:\\\/\\\/iwell-guard.com\\\/wp-content\\\/uploads\\\/2026\\\/05\\\/Ittermann-Logo-1182x237-1.png\",\"width\":1182,\"height\":237,\"caption\":\"Ittermann electronic GmbH\"},\"image\":{\"@id\":\"https:\\\/\\\/iwell-guard.com\\\/cs\\\/#\\\/schema\\\/logo\\\/image\\\/\"},\"sameAs\":[\"https:\\\/\\\/pantip.com\\\/profile\\\/9367242\",\"https:\\\/\\\/micro.blog\\\/iwellguard\",\"https:\\\/\\\/www.diggerslist.com\\\/iwellguard\\\/about\",\"https:\\\/\\\/skitterphoto.com\\\/photographers\\\/2870314\\\/iwell-guard\",\"https:\\\/\\\/iwellguard.wordpress.com\\\/2026\\\/06\\\/06\\\/iwell-guard\\\/\",\"https:\\\/\\\/hub.docker.com\\\/u\\\/iwellguard\",\"https:\\\/\\\/www.pinterest.com\\\/iwellguard\\\/\",\"https:\\\/\\\/bit.ly\\\/m\\\/iwellguard\",\"https:\\\/\\\/entre-vos-mains.alsace.eu\\\/profiles\\\/iwellguard\\\/activity\",\"https:\\\/\\\/gravatar.com\\\/reallybeded8fd34\",\"https:\\\/\\\/naijamatta.com\\\/iwellguard\",\"https:\\\/\\\/www.goodreads.com\\\/iwellguard\",\"https:\\\/\\\/profile.hatena.ne.jp\\\/iwellguard\\\/\",\"https:\\\/\\\/experiment.com\\\/users\\\/iwellguard\",\"https:\\\/\\\/wakelet.com\\\/@iWellGuard82270\",\"https:\\\/\\\/www.chordie.com\\\/forum\\\/profile.php?id=2555664\",\"https:\\\/\\\/www.instapaper.com\\\/p\\\/17757966\",\"https:\\\/\\\/www.mapleprimes.com\\\/users\\\/iwellguard\",\"https:\\\/\\\/businesslistingplus.com\\\/profile\\\/iwell-guard\\\/\",\"https:\\\/\\\/telegra.ph\\\/iWell-Guard-06-06\",\"https:\\\/\\\/pbase.com\\\/iwellguard\\\/iwellguard\",\"https:\\\/\\\/b.hatena.ne.jp\\\/iwellguard\\\/20260607#bookmark-4788405196491818882\",\"https:\\\/\\\/fliphtml5.com\\\/home\\\/iwellguard\",\"https:\\\/\\\/anyflip.com\\\/homepage\\\/cmiwl#About\",\"https:\\\/\\\/transfur.com\\\/Users\\\/iwellguard\",\"http:\\\/\\\/delphi.larsbo.org\\\/user\\\/iwellguard\",\"https:\\\/\\\/jobs.lajobsportal.org\\\/profiles\\\/8380803-iwell-guard\",\"https:\\\/\\\/md.chaosdorf.de\\\/s\\\/jfbe5SBdJD\",\"https:\\\/\\\/www.lingvolive.com\\\/en-us\\\/profile\\\/9ecaeaca-ce11-4e51-9e71-01d55e2bff36\\\/translations\",\"https:\\\/\\\/www.fitday.com\\\/fitness\\\/forums\\\/members\\\/iwellguard.html\",\"https:\\\/\\\/www.mymeetbook.com\\\/iwellguard\",\"https:\\\/\\\/pxhere.com\\\/en\\\/photographer-me\\\/5040798\",\"https:\\\/\\\/disqus.com\\\/by\\\/iwellguard\\\/about\\\/\",\"https:\\\/\\\/pastelink.net\\\/hjwciqwq\",\"https:\\\/\\\/pubhtml5.com\\\/homepage\\\/scjhn\\\/\",\"https:\\\/\\\/www.bitchute.com\\\/channel\\\/2O2eOKzNqujT\",\"https:\\\/\\\/audiomack.com\\\/iwellguard\"]}]}<\/script>\n<!-- \/ Yoast SEO Premium plugin. -->","yoast_head_json":{"title":"Moiry \u2013 bohyn\u011b osudu \u0158ek\u016f","description":"Moiry, t\u0159i bohyn\u011b osudu \u0159eck\u00e9 mytologie, sp\u0159\u00e1daj\u00ed nit \u017eivota: Kl\u00f3th\u00f3 sp\u0159\u00e1d\u00e1, Lachesis m\u011b\u0159\u00ed, Atropos ji p\u0159est\u0159ih\u00e1v\u00e1.","robots":{"index":"index","follow":"follow","max-snippet":"max-snippet:-1","max-image-preview":"max-image-preview:large","max-video-preview":"max-video-preview:-1"},"canonical":"https:\/\/iwell-guard.com\/cs\/moiry-bohyne-osudu-nite-zivota\/","og_locale":"cs_CZ","og_type":"article","og_title":"Moiry \u2013 bohyn\u011b osudu a str\u00e1\u017ekyn\u011b nit\u011b \u017eivota","og_description":"Moiry, t\u0159i bohyn\u011b osudu \u0159eck\u00e9 mytologie, sp\u0159\u00e1daj\u00ed nit \u017eivota: Kl\u00f3th\u00f3 sp\u0159\u00e1d\u00e1, Lachesis m\u011b\u0159\u00ed, Atropos ji p\u0159est\u0159ih\u00e1v\u00e1.","og_url":"https:\/\/iwell-guard.com\/cs\/moiry-bohyne-osudu-nite-zivota\/","og_site_name":"iWell Guard","article_modified_time":"2026-09-03T16:59:20+00:00","og_image":[{"width":1024,"height":1536,"url":"https:\/\/iwell-guard.com\/wp-content\/uploads\/2026\/05\/goetter_griechenland_moiren.webp","type":"image\/webp"}],"twitter_card":"summary_large_image","schema":{"@context":"https:\/\/schema.org","@graph":[{"@type":"WebPage","@id":"https:\/\/iwell-guard.com\/cs\/moiry-bohyne-osudu-nite-zivota\/","url":"https:\/\/iwell-guard.com\/cs\/moiry-bohyne-osudu-nite-zivota\/","name":"Moiry \u2013 bohyn\u011b osudu \u0158ek\u016f","isPartOf":{"@id":"https:\/\/iwell-guard.com\/cs\/#website"},"primaryImageOfPage":{"@id":"https:\/\/iwell-guard.com\/cs\/moiry-bohyne-osudu-nite-zivota\/#primaryimage"},"image":{"@id":"https:\/\/iwell-guard.com\/cs\/moiry-bohyne-osudu-nite-zivota\/#primaryimage"},"thumbnailUrl":"https:\/\/iwell-guard.com\/wp-content\/uploads\/2026\/05\/goetter_griechenland_moiren.webp","datePublished":"2026-09-03T16:31:34+00:00","dateModified":"2026-09-03T16:59:20+00:00","description":"Moiry, t\u0159i bohyn\u011b osudu \u0159eck\u00e9 mytologie, sp\u0159\u00e1daj\u00ed nit \u017eivota: Kl\u00f3th\u00f3 sp\u0159\u00e1d\u00e1, Lachesis m\u011b\u0159\u00ed, Atropos ji p\u0159est\u0159ih\u00e1v\u00e1.","breadcrumb":{"@id":"https:\/\/iwell-guard.com\/cs\/moiry-bohyne-osudu-nite-zivota\/#breadcrumb"},"inLanguage":"cs","potentialAction":[{"@type":"ReadAction","target":["https:\/\/iwell-guard.com\/cs\/moiry-bohyne-osudu-nite-zivota\/"]}]},{"@type":"ImageObject","inLanguage":"cs","@id":"https:\/\/iwell-guard.com\/cs\/moiry-bohyne-osudu-nite-zivota\/#primaryimage","url":"https:\/\/iwell-guard.com\/wp-content\/uploads\/2026\/05\/goetter_griechenland_moiren.webp","contentUrl":"https:\/\/iwell-guard.com\/wp-content\/uploads\/2026\/05\/goetter_griechenland_moiren.webp","width":1024,"height":1536,"caption":"Bohov\u00e9 z \u0159eck\u00e9 tradice."},{"@type":"BreadcrumbList","@id":"https:\/\/iwell-guard.com\/cs\/moiry-bohyne-osudu-nite-zivota\/#breadcrumb","itemListElement":[{"@type":"ListItem","position":1,"name":"Start","item":"https:\/\/iwell-guard.com\/cs\/?page_id=145107"},{"@type":"ListItem","position":2,"name":"Moiry \u2013 bohyn\u011b osudu a str\u00e1\u017ekyn\u011b nit\u011b \u017eivota"}]},{"@type":"WebSite","@id":"https:\/\/iwell-guard.com\/cs\/#website","url":"https:\/\/iwell-guard.com\/cs\/","name":"iWell Guard","description":"Schutz vor dunklen Einfl\u00fcssen","publisher":{"@id":"https:\/\/iwell-guard.com\/cs\/#organization"},"potentialAction":[{"@type":"SearchAction","target":{"@type":"EntryPoint","urlTemplate":"https:\/\/iwell-guard.com\/cs\/?s={search_term_string}"},"query-input":{"@type":"PropertyValueSpecification","valueRequired":true,"valueName":"search_term_string"}}],"inLanguage":"cs"},{"@type":"Organization","@id":"https:\/\/iwell-guard.com\/cs\/#organization","name":"Ittermann electronic GmbH","url":"https:\/\/iwell-guard.com\/cs\/","logo":{"@type":"ImageObject","inLanguage":"cs","@id":"https:\/\/iwell-guard.com\/cs\/#\/schema\/logo\/image\/","url":"https:\/\/iwell-guard.com\/wp-content\/uploads\/2026\/05\/Ittermann-Logo-1182x237-1.png","contentUrl":"https:\/\/iwell-guard.com\/wp-content\/uploads\/2026\/05\/Ittermann-Logo-1182x237-1.png","width":1182,"height":237,"caption":"Ittermann electronic GmbH"},"image":{"@id":"https:\/\/iwell-guard.com\/cs\/#\/schema\/logo\/image\/"},"sameAs":["https:\/\/pantip.com\/profile\/9367242","https:\/\/micro.blog\/iwellguard","https:\/\/www.diggerslist.com\/iwellguard\/about","https:\/\/skitterphoto.com\/photographers\/2870314\/iwell-guard","https:\/\/iwellguard.wordpress.com\/2026\/06\/06\/iwell-guard\/","https:\/\/hub.docker.com\/u\/iwellguard","https:\/\/www.pinterest.com\/iwellguard\/","https:\/\/bit.ly\/m\/iwellguard","https:\/\/entre-vos-mains.alsace.eu\/profiles\/iwellguard\/activity","https:\/\/gravatar.com\/reallybeded8fd34","https:\/\/naijamatta.com\/iwellguard","https:\/\/www.goodreads.com\/iwellguard","https:\/\/profile.hatena.ne.jp\/iwellguard\/","https:\/\/experiment.com\/users\/iwellguard","https:\/\/wakelet.com\/@iWellGuard82270","https:\/\/www.chordie.com\/forum\/profile.php?id=2555664","https:\/\/www.instapaper.com\/p\/17757966","https:\/\/www.mapleprimes.com\/users\/iwellguard","https:\/\/businesslistingplus.com\/profile\/iwell-guard\/","https:\/\/telegra.ph\/iWell-Guard-06-06","https:\/\/pbase.com\/iwellguard\/iwellguard","https:\/\/b.hatena.ne.jp\/iwellguard\/20260607#bookmark-4788405196491818882","https:\/\/fliphtml5.com\/home\/iwellguard","https:\/\/anyflip.com\/homepage\/cmiwl#About","https:\/\/transfur.com\/Users\/iwellguard","http:\/\/delphi.larsbo.org\/user\/iwellguard","https:\/\/jobs.lajobsportal.org\/profiles\/8380803-iwell-guard","https:\/\/md.chaosdorf.de\/s\/jfbe5SBdJD","https:\/\/www.lingvolive.com\/en-us\/profile\/9ecaeaca-ce11-4e51-9e71-01d55e2bff36\/translations","https:\/\/www.fitday.com\/fitness\/forums\/members\/iwellguard.html","https:\/\/www.mymeetbook.com\/iwellguard","https:\/\/pxhere.com\/en\/photographer-me\/5040798","https:\/\/disqus.com\/by\/iwellguard\/about\/","https:\/\/pastelink.net\/hjwciqwq","https:\/\/pubhtml5.com\/homepage\/scjhn\/","https:\/\/www.bitchute.com\/channel\/2O2eOKzNqujT","https:\/\/audiomack.com\/iwellguard"]}]}},"_links":{"self":[{"href":"https:\/\/iwell-guard.com\/cs\/wp-json\/wp\/v2\/pages\/145560","targetHints":{"allow":["GET"]}}],"collection":[{"href":"https:\/\/iwell-guard.com\/cs\/wp-json\/wp\/v2\/pages"}],"about":[{"href":"https:\/\/iwell-guard.com\/cs\/wp-json\/wp\/v2\/types\/page"}],"author":[{"embeddable":true,"href":"https:\/\/iwell-guard.com\/cs\/wp-json\/wp\/v2\/users\/3"}],"replies":[{"embeddable":true,"href":"https:\/\/iwell-guard.com\/cs\/wp-json\/wp\/v2\/comments?post=145560"}],"version-history":[{"count":0,"href":"https:\/\/iwell-guard.com\/cs\/wp-json\/wp\/v2\/pages\/145560\/revisions"}],"wp:featuredmedia":[{"embeddable":true,"href":"https:\/\/iwell-guard.com\/cs\/wp-json\/wp\/v2\/media\/3375"}],"wp:attachment":[{"href":"https:\/\/iwell-guard.com\/cs\/wp-json\/wp\/v2\/media?parent=145560"}],"wp:term":[{"taxonomy":"category","embeddable":true,"href":"https:\/\/iwell-guard.com\/cs\/wp-json\/wp\/v2\/categories?post=145560"}],"curies":[{"name":"wp","href":"https:\/\/api.w.org\/{rel}","templated":true}]}}