{"id":145559,"date":"2026-09-03T16:31:34","date_gmt":"2026-09-03T16:31:34","guid":{"rendered":"https:\/\/iwell-guard.com\/?page_id=145559"},"modified":"2026-09-03T16:59:16","modified_gmt":"2026-09-03T16:59:16","slug":"kronos-titan-vladce-zlateho-veku","status":"publish","type":"page","link":"https:\/\/iwell-guard.com\/cs\/kronos-titan-vladce-zlateho-veku\/","title":{"rendered":"Kronos \u2013 Tit\u00e1n a vl\u00e1dce Zlat\u00e9ho v\u011bku"},"content":{"rendered":"\t\t<div data-elementor-type=\"wp-page\" data-elementor-id=\"145559\" class=\"elementor elementor-145559 elementor-2918 elementor-bc-flex-widget\" data-elementor-post-type=\"page\">\n\t\t\t\t<div class=\"elementor-element elementor-element-herof597b9c e-flex e-con-boxed e-con e-parent\" data-id=\"herof597b9c\" data-element_type=\"container\" data-e-type=\"container\">\n\t\t\t\t\t<div class=\"e-con-inner\">\n\t\t\t\t<div class=\"elementor-element elementor-element-heroimg20a558e iwg-hero-image elementor-widget elementor-widget-image\" data-id=\"heroimg20a558e\" data-element_type=\"widget\" data-e-type=\"widget\" data-widget_type=\"image.default\">\n\t\t\t\t\t\t\t\t\t\t\t\t\t\t\t<img fetchpriority=\"high\" decoding=\"async\" width=\"683\" height=\"1024\" src=\"https:\/\/iwell-guard.com\/wp-content\/uploads\/2026\/05\/goetter_griechenland_kronos-683x1024.webp\" class=\"attachment-large size-large wp-image-147189\" alt=\"Kronos \u2013 bohov\u00e9 z \u0159eck\u00e9 tradice, historicko-ilustrativn\u00ed\" srcset=\"https:\/\/iwell-guard.com\/wp-content\/uploads\/2026\/05\/goetter_griechenland_kronos-683x1024.webp 683w, https:\/\/iwell-guard.com\/wp-content\/uploads\/2026\/05\/goetter_griechenland_kronos-200x300.webp 200w, https:\/\/iwell-guard.com\/wp-content\/uploads\/2026\/05\/goetter_griechenland_kronos-768x1152.webp 768w, https:\/\/iwell-guard.com\/wp-content\/uploads\/2026\/05\/goetter_griechenland_kronos.webp 1024w\" sizes=\"(max-width: 683px) 100vw, 683px\" \/>\t\t\t\t\t\t\t\t\t\t\t\t\t\t\t<\/div>\n\t\t\t\t\t<\/div>\n\t\t\t\t<\/div>\n\t\t<div class=\"elementor-element elementor-element-iwgw-kronos-hero e-flex e-con-boxed e-con e-parent\" data-id=\"iwgw-kronos-hero\" data-element_type=\"container\" data-e-type=\"container\">\n\t\t\t\t\t<div class=\"e-con-inner\">\n\t\t\t\t<div class=\"elementor-element elementor-element-iwgw-kronos-h1 elementor-widget elementor-widget-heading\" data-id=\"iwgw-kronos-h1\" data-element_type=\"widget\" data-e-type=\"widget\" data-widget_type=\"heading.default\">\n\t\t\t\t\t<h1 class=\"elementor-heading-title elementor-size-default\">Kronos \u2013 Tit\u00e1n, otec Zeuse a sesazen\u00fd vl\u00e1dce<\/h1>\t\t\t\t<\/div>\n\t\t\t\t<div class=\"elementor-element elementor-element-iwgw-kronos-pills elementor-widget elementor-widget-html\" data-id=\"iwgw-kronos-pills\" data-element_type=\"widget\" data-e-type=\"widget\" data-widget_type=\"html.default\">\n\t\t\t\t\t<div class=\"iwg-pill-row\"><span class=\"iwg-klasse-badge\" tabindex=\"0\" data-tooltip=\"Tit\u00e1n tradice \u0158ecko.\">Tit\u00e1n<\/span><a href=\"https:\/\/iwell-guard.com\/cs\/recko\/\" class=\"iwg-kultur-badge\" tabindex=\"0\" data-tooltip=\"Mytologie tradice \u0158ecko.\">\u0158ecko<\/a><span class=\"iwg-tradition-badge\" tabindex=\"0\" data-tooltip=\"Prvotn\u00ed bo\u017estvo.\">Prvotn\u00ed bo\u017estvo<\/span><\/div>\t\t\t\t<\/div>\n\t\t\t\t<div class=\"elementor-element elementor-element-iwgw-kronos-lead elementor-widget elementor-widget-text-editor\" data-id=\"iwgw-kronos-lead\" data-element_type=\"widget\" data-e-type=\"widget\" data-widget_type=\"text-editor.default\">\n\t\t\t\t\t\t\t\t\t<p>Kronos je nejmlad\u0161\u00ed z tit\u00e1n\u016f, syn \u00darana a Gaie, otec Zeuse. Zbav\u00ed sv\u00e9ho otce plodnosti, polyk\u00e1 vlastn\u00ed d\u011bti a nakonec je sesazen Zeusem. Jeho vl\u00e1da je z\u00e1rove\u0148 pova\u017eov\u00e1na za Zlat\u00fd v\u011bk.<\/p>\t\t\t\t\t\t\t\t<\/div>\n\t\t\t\t\t<\/div>\n\t\t\t\t<\/div>\n\t\t<div class=\"elementor-element elementor-element-iwgw-kronos-s0 e-flex e-con-boxed e-con e-parent\" data-id=\"iwgw-kronos-s0\" data-element_type=\"container\" data-e-type=\"container\">\n\t\t\t\t\t<div class=\"e-con-inner\">\n\t\t\t\t<div class=\"elementor-element elementor-element-iwgw-kronos-s0h elementor-widget elementor-widget-heading\" data-id=\"iwgw-kronos-s0h\" data-element_type=\"widget\" data-e-type=\"widget\" data-widget_type=\"heading.default\">\n\t\t\t\t\t<h2 class=\"elementor-heading-title elementor-size-default\">Za\u0159azen\u00ed<\/h2>\t\t\t\t<\/div>\n\t\t\t\t<div class=\"elementor-element elementor-element-iwgw-kronos-s0t elementor-widget elementor-widget-text-editor\" data-id=\"iwgw-kronos-s0t\" data-element_type=\"widget\" data-e-type=\"widget\" data-widget_type=\"text-editor.default\">\n\t\t\t\t\t\t\t\t\t<p>Kronos pat\u0159\u00ed k generaci tit\u00e1n\u016f, on\u011bch bo\u017esk\u00fdch rod\u016f, kter\u00e9 stoj\u00ed v <a href=\"https:\/\/iwell-guard.com\/cs\/recko\/\">\u0159eck\u00e9<\/a> <span class=\"iwg-fachbegriff\" data-tooltip=\"Souhrn tradovan\u00fdch vypr\u00e1v\u011bn\u00ed o boz\u00edch v dan\u00e9 kultu\u0159e.\" tabindex=\"0\">mytologii<\/span> mezi nejstar\u0161\u00edmi prvotn\u00edmi mocnostmi a olympsk\u00fdmi bohy. Je nejmlad\u0161\u00edm synem boha nebes \u00darana a bohyn\u011b zem\u011b Gaie a po sesazen\u00ed sv\u00e9ho otce p\u0159evezme vl\u00e1du nad sv\u011btem.<\/p><p>Kronos je tak \u00fast\u0159edn\u00ed postavou st\u0159edn\u00ed f\u00e1ze \u0159eck\u00e9ho m\u00fdtu o stvo\u0159en\u00ed, tzv. sukcesivn\u00ed mytologie, v n\u00ed\u017e je vl\u00e1da nad sv\u011btem p\u0159ed\u00e1v\u00e1na po t\u0159i generace.<\/p><p>Z religionistick\u00e9ho hlediska je Kronos dvojzna\u010dnou postavou. Na jedn\u00e9 stran\u011b stoj\u00ed krut\u00fd vl\u00e1dce, kter\u00fd zmrza\u010d\u00ed sv\u00e9ho otce a polyk\u00e1 vlastn\u00ed d\u011bti, aby si udr\u017eel moc.<\/p><p>Na druh\u00e9 stran\u011b stoj\u00ed kr\u00e1l Zlat\u00e9ho v\u011bku, za jeho\u017e vl\u00e1dy \u017eili lid\u00e9 bezstarostn\u011b a bez n\u00e1mahy. Toto nap\u011bt\u00ed mezi hr\u016fzostra\u0161nou postavou a m\u00edrov\u00fdm kr\u00e1lem \u010din\u00ed z Kronose zvl\u00e1\u0161t\u011b v\u00fdmluvnou figuru pro pochopen\u00ed \u0159eck\u00fdch p\u0159edstav o d\u011bjin\u00e1ch a \u010dase.<\/p><p>Nejd\u016fle\u017eit\u011bj\u0161\u00edm pramenem je H\u00e9siodova <em>Theogonie<\/em>, kter\u00e1 podrobn\u011b vypr\u00e1v\u00ed <span class=\"iwg-fachbegriff\" data-tooltip=\"Tradovan\u00e9 vypr\u00e1v\u011bn\u00ed o boz\u00edch, po\u010d\u00e1tc\u00edch a uspo\u0159\u00e1d\u00e1n\u00ed sv\u011bta.\" tabindex=\"0\">m\u00fdtus<\/span> o posloupnosti vl\u00e1dc\u016f sv\u011bta. Krom\u011b toho existuje \u0159ada pozd\u011bj\u0161\u00edch tradic, mytografick\u00fdch d\u011bl a ztoto\u017en\u011bn\u00ed s \u0159\u00edmsk\u00fdm Saturnem, kter\u00e9 d\u00e1le rozv\u00edjely obraz Kronose v <span class=\"iwg-fachbegriff\" data-tooltip=\"Epocha \u0159eck\u00e9 a \u0159\u00edmsk\u00e9 kultury, p\u0159ibli\u017en\u011b 800 p\u0159. n. l. a\u017e 600 n. l.\" tabindex=\"0\">antice<\/span>. Orfick\u00e1 poezie nab\u00eddla vlastn\u00ed verzi posloupnosti boh\u016f, odli\u0161nou od H\u00e9siodovy.<\/p>\t\t\t\t\t\t\t\t<\/div>\n\t\t\t\t\t<\/div>\n\t\t\t\t<\/div>\n\t\t<div class=\"elementor-element elementor-element-iwgw-kronos-s1 e-flex e-con-boxed e-con e-parent\" data-id=\"iwgw-kronos-s1\" data-element_type=\"container\" data-e-type=\"container\">\n\t\t\t\t\t<div class=\"e-con-inner\">\n\t\t\t\t<div class=\"elementor-element elementor-element-iwgw-kronos-s1h elementor-widget elementor-widget-heading\" data-id=\"iwgw-kronos-s1h\" data-element_type=\"widget\" data-e-type=\"widget\" data-widget_type=\"heading.default\">\n\t\t\t\t\t<h2 class=\"elementor-heading-title elementor-size-default\">Jm\u00e9no a etymologie<\/h2>\t\t\t\t<\/div>\n\t\t\t\t<div class=\"elementor-element elementor-element-iwgw-kronos-s1t elementor-widget elementor-widget-text-editor\" data-id=\"iwgw-kronos-s1t\" data-element_type=\"widget\" data-e-type=\"widget\" data-widget_type=\"text-editor.default\">\n\t\t\t\t\t\t\t\t\t<p>Jm\u00e9no Kronos nem\u00e1 jazykov\u011b jednozna\u010dn\u00fd v\u00fdklad. Ji\u017e v <span class=\"iwg-fachbegriff\" data-tooltip=\"Epocha \u0159eck\u00e9 a \u0159\u00edmsk\u00e9 kultury, p\u0159ibli\u017en\u011b 800 p\u0159. n. l. a\u017e 600 n. l.\" tabindex=\"0\">antice<\/span> samotn\u00e9 bylo \u010dasto spojov\u00e1no s \u0159eck\u00fdm slovem pro \u010das, Chronos. Toto ztoto\u017en\u011bn\u00ed je z jazykov\u011bdn\u00e9ho hlediska neudr\u017eiteln\u00e9, nebo\u0165 ob\u011b jm\u00e9na se p\u00ed\u0161\u00ed i p\u0159\u00edzvukuj\u00ed odli\u0161n\u011b.<\/p><p>P\u0159esto m\u011blo velk\u00fd \u00fa\u010dinek: ji\u017e v <span class=\"iwg-fachbegriff\" data-tooltip=\"Epocha \u0159eck\u00e9 a \u0159\u00edmsk\u00e9 kultury, p\u0159ibli\u017en\u011b 800 p\u0159. n. l. a\u017e 600 n. l.\" tabindex=\"0\">antice<\/span>, zejm\u00e9na ve stoick\u00e9 a orfick\u00e9 spekulaci, byl Kronos vykl\u00e1d\u00e1n jako personifikace \u010dasu, kter\u00fd pohlcuje sv\u00e9 vlastn\u00ed d\u011bti, tedy v\u0161e, co vzniklo.<\/p><p>Jin\u00e9 <span class=\"iwg-fachbegriff\" data-tooltip=\"Epocha \u0159eck\u00e9 a \u0159\u00edmsk\u00e9 kultury, p\u0159ibli\u017en\u011b 800 p\u0159. n. l. a\u017e 600 n. l.\" tabindex=\"0\">antick\u00e9<\/span> v\u00fdklady spojovaly jm\u00e9no se slovesem pro skl\u00edzet nebo s pojmy z oblasti zem\u011bd\u011blstv\u00ed, co\u017e odpov\u00eddalo jeho atributu, srpu. I tato vysv\u011btlen\u00ed jsou lidov\u00e1 a nejsou potvrzen\u00e1.<\/p><p>Modern\u00ed bad\u00e1n\u00ed se p\u0159ikl\u00e1n\u00ed k tomu, \u017ee jm\u00e9no Kronos je p\u0159ed\u0159eck\u00e9, tedy zd\u011bd\u011bn\u00e9 slovo z jazykov\u00e9 vrstvy, kterou se mluvilo v Egejsk\u00e9 oblasti p\u0159ed p\u0159\u00edchodem \u0159ecky mluv\u00edc\u00edho obyvatelstva. Jist\u00e1 etymologie neexistuje.<\/p><p>V \u0159\u00edmsk\u00e9 <span class=\"iwg-fachbegriff\" data-tooltip=\"P\u0159ed\u00e1v\u00e1n\u00ed v\u011bdomost\u00ed a vypr\u00e1v\u011bn\u00ed mezi generacemi.\" tabindex=\"0\">tradici<\/span> byl Kronos ztoto\u017en\u011bn se Saturnem. Toto ztoto\u017en\u011bn\u00ed bylo tak vlivn\u00e9, \u017ee mnoh\u00e9 rysy Kronose \u017eily d\u00e1l v latinsk\u00e9m kulturn\u00edm prostoru pod jm\u00e9nem Saturn, nap\u0159\u00edklad p\u0159edstava Zlat\u00e9ho v\u011bku a sv\u00e1tek saturn\u00e1li\u00ed.<\/p><p>Rozli\u0161en\u00ed mezi \u0159eck\u00fdm Kronosem a \u0159\u00edmsk\u00fdm Saturnem je v bad\u00e1n\u00ed d\u016fle\u017eit\u00e9, proto\u017ee ob\u011b postavy pro\u0161ly vlastn\u00edm v\u00fdvojem.<\/p>\t\t\t\t\t\t\t\t<\/div>\n\t\t\t\t\t<\/div>\n\t\t\t\t<\/div>\n\t\t<div class=\"elementor-element elementor-element-iwgw-kronos-s2 e-flex e-con-boxed e-con e-parent\" data-id=\"iwgw-kronos-s2\" data-element_type=\"container\" data-e-type=\"container\">\n\t\t\t\t\t<div class=\"e-con-inner\">\n\t\t\t\t<div class=\"elementor-element elementor-element-iwgw-kronos-s2h elementor-widget elementor-widget-heading\" data-id=\"iwgw-kronos-s2h\" data-element_type=\"widget\" data-e-type=\"widget\" data-widget_type=\"heading.default\">\n\t\t\t\t\t<h2 class=\"elementor-heading-title elementor-size-default\">Popis a ikonografie<\/h2>\t\t\t\t<\/div>\n\t\t\t\t<div class=\"elementor-element elementor-element-iwgw-kronos-s2t elementor-widget elementor-widget-text-editor\" data-id=\"iwgw-kronos-s2t\" data-element_type=\"widget\" data-e-type=\"widget\" data-widget_type=\"text-editor.default\">\n\t\t\t\t\t\t\t\t\t<p>Kronos je ve v\u00fdtvarn\u00e9m um\u011bn\u00ed <span class=\"iwg-fachbegriff\" data-tooltip=\"Obdob\u00ed \u0159eck\u00e9 a \u0159\u00edmsk\u00e9 kultury, zhruba od 800 p\u0159. n. l. do 600 n. l.\" tabindex=\"0\">antiky<\/span> zobrazov\u00e1n m\u00e9n\u011b \u010dasto a m\u00e9n\u011b jednotn\u011b ne\u017e olymp\u0161t\u00ed bohov\u00e9. Kde se objevuje, b\u00fdv\u00e1 vyobrazen jako vousat\u00fd, zral\u00fd mu\u017e, d\u016fstojn\u00fd, ale bez mladistv\u00e9 s\u00edly, kterou se vyzna\u010duje nap\u0159\u00edklad Zeus.<\/p><p>Jeho v\u00fdrazn\u00fdm atributem je srp neboli zahnut\u00fd \u0159ezn\u00fd n\u00e1stroj, kter\u00fdm podle <span class=\"iwg-fachbegriff\" data-tooltip=\"Tradovan\u00fd p\u0159\u00edb\u011bh o boz\u00edch, po\u010d\u00e1tc\u00edch a uspo\u0159\u00e1d\u00e1n\u00ed sv\u011bta.\" tabindex=\"0\">m\u00fdtu<\/span> zmrza\u010dil sv\u00e9ho otce Urana. Tento n\u00e1stroj, v pramenech ozna\u010dovan\u00fd jako harpe, je jeho pevn\u00fdm pozn\u00e1vac\u00edm znamen\u00edm.<\/p><p>Kronos je \u010dasto zobrazov\u00e1n se zahalenou hlavou, s rouchem p\u0159eta\u017een\u00fdm p\u0159es z\u00e1tylek. Toto zahalen\u00ed bylo vykl\u00e1d\u00e1no jako znak jeho spojen\u00ed se skrytou, tajemnou str\u00e1nkou sv\u011bta, nebo jako odkaz na jeho postaven\u00ed svr\u017een\u00e9ho vlada\u0159e zapuzen\u00e9ho do hlubin. V \u0159\u00edmsk\u00e9 ikonografii Saturna se tento rys udr\u017eel.<\/p><p>Sc\u00e9ny, kter\u00e9 ilustruj\u00ed <span class=\"iwg-fachbegriff\" data-tooltip=\"Tradovan\u00fd p\u0159\u00edb\u011bh o boz\u00edch, po\u010d\u00e1tc\u00edch a uspo\u0159\u00e1d\u00e1n\u00ed sv\u011bta.\" tabindex=\"0\">m\u00fdtus<\/span>, zobrazuj\u00ed Krona p\u0159edev\u0161\u00edm ve dvou okam\u017eic\u00edch: p\u0159i zmrza\u010den\u00ed Urana a p\u0159i po\u017e\u00edr\u00e1n\u00ed sv\u00fdch d\u011bt\u00ed.<\/p><p>Druh\u00e1 sc\u00e9na, kdy si Kronos p\u0159ikl\u00e1d\u00e1 k \u00fast\u016fm kojence nebo p\u0159ij\u00edm\u00e1 k\u00e1men zavinut\u00fd v plenk\u00e1ch, byla pozd\u011bji hojn\u011b zpracov\u00e1v\u00e1na v poantick\u00e9m um\u011bn\u00ed a pat\u0159\u00ed k nejp\u016fsobiv\u011bj\u0161\u00edm obraz\u016fm cel\u00e9 <span class=\"iwg-fachbegriff\" data-tooltip=\"Souhrn tradovan\u00fdch vypr\u00e1v\u011bn\u00ed o boz\u00edch v dan\u00e9 kultu\u0159e.\" tabindex=\"0\">mytologie<\/span>. V samotn\u00e9 <span class=\"iwg-fachbegriff\" data-tooltip=\"Obdob\u00ed \u0159eck\u00e9 a \u0159\u00edmsk\u00e9 kultury, zhruba od 800 p\u0159. n. l. do 600 n. l.\" tabindex=\"0\">antice<\/span> v\u0161ak p\u0159eva\u017euje klidn\u00e9, vlada\u0159sk\u00e9 zobrazen\u00ed. Jako kr\u00e1l Zlat\u00e9ho v\u011bku byl ob\u010das zobrazov\u00e1n sed\u00edc\u00ed na tr\u016fnu.<\/p>\t\t\t\t\t\t\t\t<\/div>\n\t\t\t\t\t<\/div>\n\t\t\t\t<\/div>\n\t\t<div class=\"elementor-element elementor-element-iwgw-kronos-s3 e-flex e-con-boxed e-con e-parent\" data-id=\"iwgw-kronos-s3\" data-element_type=\"container\" data-e-type=\"container\">\n\t\t\t\t\t<div class=\"e-con-inner\">\n\t\t\t\t<div class=\"elementor-element elementor-element-iwgw-kronos-s3h elementor-widget elementor-widget-heading\" data-id=\"iwgw-kronos-s3h\" data-element_type=\"widget\" data-e-type=\"widget\" data-widget_type=\"heading.default\">\n\t\t\t\t\t<h2 class=\"elementor-heading-title elementor-size-default\">Mytologick\u00e1 vypr\u00e1v\u011bn\u00ed<\/h2>\t\t\t\t<\/div>\n\t\t\t\t<div class=\"elementor-element elementor-element-iwgw-kronos-s3t elementor-widget elementor-widget-text-editor\" data-id=\"iwgw-kronos-s3t\" data-element_type=\"widget\" data-e-type=\"widget\" data-widget_type=\"text-editor.default\">\n\t\t\t\t\t\t\t\t\t<p>P\u0159\u00edb\u011bh Krona za\u010d\u00edn\u00e1 konfliktem mezi prvotn\u00edmi mocnostmi. Uranos, nebe, se spojil s Gaiou, zem\u00ed, ale jejich spole\u010dn\u00e9 d\u011bti, mezi nimi Tit\u00e1ny, zadr\u017eoval uvnit\u0159 zem\u011b. Gaia, t\u00ed\u017eena t\u00edmto b\u0159emenem, vymyslela pl\u00e1n a vytvo\u0159ila srp z tvrd\u00e9ho kamene.<\/p><p>Ze v\u0161ech jej\u00edch d\u011bt\u00ed byl jedin\u011b Kronos, nejmlad\u0161\u00ed z Tit\u00e1n\u016f, ochoten postavit se otci. Kdy\u017e se Uranos znovu p\u0159ibl\u00ed\u017eil k Gaie, Kronos mu srpem od\u0159\u00edzl pohlav\u00ed a vhodil je do mo\u0159e.<\/p><p>Z krve a z \u010d\u00e1st\u00ed, kter\u00e9 dopadly do mo\u0159e, vznikly dal\u0161\u00ed bytosti, podle jedn\u00e9 <span class=\"iwg-fachbegriff\" data-tooltip=\"P\u0159ed\u00e1v\u00e1n\u00ed v\u011bdomost\u00ed a vypr\u00e1v\u011bn\u00ed nap\u0159\u00ed\u010d generacemi.\" tabindex=\"0\">tradice<\/span> mezi nimi Afrodita, d\u00e1le Er\u00ednye a Gigantov\u00e9.<\/p><p>T\u00edmto \u010dinem se Kronos stal vl\u00e1dcem sv\u011bta. Vzal si za \u017eenu svou sestru Rheu a zplodil s n\u00ed \u0159adu d\u011bt\u00ed, kter\u00e9 se staly prvn\u00ed generac\u00ed olympsk\u00fdch boh\u016f.<\/p><p>Uranos a Gaia v\u0161ak Kronovi p\u0159edpov\u011bd\u011bli, \u017ee i on bude jednou svr\u017een vlastn\u00edm synem. Aby se tomuto proroctv\u00ed vyhnul, polykal Kronos ka\u017ed\u00e9 sv\u00e9 d\u00edt\u011b hned po narozen\u00ed: Hestii, D\u00e9m\u00e9tru, H\u00e9ru, H\u00e1da a Poseidona.<\/p><p>Kdy\u017e se m\u011blo narodit \u0161est\u00e9 d\u00edt\u011b, Zeus, vymyslela Rhea lest. Tajn\u011b porodila d\u00edt\u011b na Kr\u00e9t\u011b a Kronovi m\u00edsto n\u011bj podala k\u00e1men zavinut\u00fd v plenk\u00e1ch, kter\u00fd v nev\u011bdomosti spolkl. Zeus vyr\u016fstal v \u00fakrytu.<\/p><p>Kdy\u017e dosp\u011bl, donutil Krona vyzvr\u00e1tit spolknut\u00e9 sourozence, nejprve k\u00e1men, pot\u00e9 bohy. N\u00e1sledovala velk\u00e1 v\u00e1lka mezi Tit\u00e1ny pod veden\u00edm Krona a mlad\u0161\u00edmi bohy pod veden\u00edm <a href=\"https:\/\/iwell-guard.com\/cs\/zeus\/\">Zeuse<\/a>, Titanomachie.<\/p><p>Skon\u010dila v\u00edt\u011bzstv\u00edm Olympan\u016f. Pora\u017een\u00ed Tit\u00e1ni byli uvr\u017eeni do Tartaru, nejhlub\u0161\u00ed oblasti podsv\u011bt\u00ed.<\/p><p>O pozd\u011bj\u0161\u00edm osudu Krona existuj\u00ed rozd\u00edln\u00e9 v\u00fdklady. Podle jedn\u00e9 verze z\u016fst\u00e1v\u00e1 v\u011bzn\u011bn v Tartaru.<\/p><p>Podle jin\u00e9, m\u00edrn\u011bj\u0161\u00ed tradice se po sv\u00e9m usm\u00ed\u0159en\u00ed st\u00e1v\u00e1 vl\u00e1dcem Ostrov\u016f bla\u017een\u00fdch, kde spravedliv\u00ed mrtv\u00ed \u017eij\u00ed \u0161\u0165astn\u00fd \u017eivot. Tato druh\u00e1 linie se poj\u00ed s p\u0159edstavou Zlat\u00e9ho v\u011bku, kter\u00fd m\u011bl vl\u00e1dnout za jeho panov\u00e1n\u00ed.<\/p>\t\t\t\t\t\t\t\t<\/div>\n\t\t\t\t\t<\/div>\n\t\t\t\t<\/div>\n\t\t<div class=\"elementor-element elementor-element-iwgw-kronos-s4 e-flex e-con-boxed e-con e-parent\" data-id=\"iwgw-kronos-s4\" data-element_type=\"container\" data-e-type=\"container\">\n\t\t\t\t\t<div class=\"e-con-inner\">\n\t\t\t\t<div class=\"elementor-element elementor-element-iwgw-kronos-s4h elementor-widget elementor-widget-heading\" data-id=\"iwgw-kronos-s4h\" data-element_type=\"widget\" data-e-type=\"widget\" data-widget_type=\"heading.default\">\n\t\t\t\t\t<h2 class=\"elementor-heading-title elementor-size-default\">Kult a uct\u00edv\u00e1n\u00ed<\/h2>\t\t\t\t<\/div>\n\t\t\t\t<div class=\"elementor-element elementor-element-iwgw-kronos-s4t elementor-widget elementor-widget-text-editor\" data-id=\"iwgw-kronos-s4t\" data-element_type=\"widget\" data-e-type=\"widget\" data-widget_type=\"text-editor.default\">\n\t\t\t\t\t\t\t\t\t<p>Ve srovn\u00e1n\u00ed s olympsk\u00fdmi bohy byl <span class=\"iwg-fachbegriff\" data-tooltip=\"Souhrn n\u00e1bo\u017eensk\u00fdch \u00factypln\u00fdch \u00fakon\u016f v\u016f\u010di bo\u017estvu nebo svat\u00e9 bytosti.\" tabindex=\"0\">kult<\/span> Krona v \u0158ecku men\u0161\u00edho rozsahu, ale existoval. Nejv\u00fdznamn\u011bj\u0161\u00edm sv\u00e1tkem, kter\u00fd mu byl zasv\u011bcen, byly Kronie, slaven\u00e9 v Ath\u00e9n\u00e1ch i na jin\u00fdch m\u00edstech.<\/p><p>P\u0159ipadaly na dobu po sklizni a m\u011bly zvl\u00e1\u0161tn\u00ed charakter: v tento den byl spole\u010densk\u00fd \u0159\u00e1d na \u010das zru\u0161en nebo uvoln\u011bn. P\u00e1nov\u00e9 a otroci se spole\u010dn\u011b \u00fa\u010dastnili hostiny, na n\u011bkter\u00fdch m\u00edstech otroky obsluhovali jejich p\u00e1ni.<\/p><p>Z religionistick\u00e9ho hlediska m\u00e1 toto ritu\u00e1ln\u00ed obr\u00e1cen\u00ed po\u0159\u00e1dku velk\u00fd v\u00fdznam. Sv\u00e1tek na omezenou dobu obnovoval stav Zlat\u00e9ho v\u011bku, v n\u011bm\u017e podle <span class=\"iwg-fachbegriff\" data-tooltip=\"Tradovan\u00fd p\u0159\u00edb\u011bh o boz\u00edch, po\u010d\u00e1tc\u00edch a uspo\u0159\u00e1d\u00e1n\u00ed sv\u011bta.\" tabindex=\"0\">m\u00fdtu<\/span> neexistovala \u017e\u00e1dn\u00e1 vl\u00e1da, \u017e\u00e1dn\u00e1 n\u00e1maha a \u017e\u00e1dn\u00e9 spole\u010densk\u00e9 rozd\u00edly.<\/p><p>Sv\u00e1tek tak byl ritu\u00e1ln\u00ed p\u0159ipom\u00ednkou ztracen\u00e9 prvotn\u00ed doby rovnosti. \u0158\u00edmsk\u00e9 Saturn\u00e1lie, sv\u00e1tek Saturna, jen\u017e byl s Kronem ztoto\u017e\u0148ov\u00e1n, m\u011bly stejn\u00fd charakter a slavily se je\u0161t\u011b mnohem v\u00fdrazn\u011bji.<\/p><p>Svatyn\u011b Krona jsou dosv\u011bd\u010deny na n\u011bkolika m\u00edstech, mezi nimi v Olympii, kde kopec nad <span class=\"iwg-fachbegriff\" data-tooltip=\"M\u00edsto zasv\u011bcen\u00e9 uct\u00edv\u00e1n\u00ed bo\u017estva.\" tabindex=\"0\">svatyn\u00ed<\/span> nesl jm\u00e9no tohoto Tit\u00e1na. V Ath\u00e9n\u00e1ch existoval spole\u010dn\u00fd okrsek zasv\u011bcen\u00fd Kronovi a Rheji.<\/p><p><span class=\"iwg-fachbegriff\" data-tooltip=\"Souhrn n\u00e1bo\u017eensk\u00fdch \u00factypln\u00fdch \u00fakon\u016f v\u016f\u010di bo\u017estvu nebo svat\u00e9 bytosti.\" tabindex=\"0\">Kult<\/span> v\u0161ak z\u016fst\u00e1val ve st\u00ednu velk\u00fdch olympsk\u00fdch bo\u017estev. Kronos byl <span class=\"iwg-fachbegriff\" data-tooltip=\"Bytost uct\u00edvan\u00e1 jako bo\u017esk\u00e1 v r\u00e1mci n\u00e1bo\u017eenstv\u00ed.\" tabindex=\"0\">bo\u017estvem<\/span> minulosti, odstran\u011bn\u00e9ho sv\u011btov\u00e9ho \u0159\u00e1du, a toto postaven\u00ed se odr\u00e1\u017eelo v omezen\u00e9, ale v\u00fdznamn\u00e9 kultovn\u00ed p\u0159\u00edtomnosti.<\/p>\t\t\t\t\t\t\t\t<\/div>\n\t\t\t\t\t<\/div>\n\t\t\t\t<\/div>\n\t\t<div class=\"elementor-element elementor-element-iwgw-kronos-s5 e-flex e-con-boxed e-con e-parent\" data-id=\"iwgw-kronos-s5\" data-element_type=\"container\" data-e-type=\"container\">\n\t\t\t\t\t<div class=\"e-con-inner\">\n\t\t\t\t<div class=\"elementor-element elementor-element-iwgw-kronos-s5h elementor-widget elementor-widget-heading\" data-id=\"iwgw-kronos-s5h\" data-element_type=\"widget\" data-e-type=\"widget\" data-widget_type=\"heading.default\">\n\t\t\t\t\t<h2 class=\"elementor-heading-title elementor-size-default\">Ochrann\u00e1 praxe a apotropaick\u00e9 prvky<\/h2>\t\t\t\t<\/div>\n\t\t\t\t<div class=\"elementor-element elementor-element-iwgw-kronos-s5t elementor-widget elementor-widget-text-editor\" data-id=\"iwgw-kronos-s5t\" data-element_type=\"widget\" data-e-type=\"widget\" data-widget_type=\"text-editor.default\">\n\t\t\t\t\t\t\t\t\t<p>Kronos nebyl postavou, proti n\u00ed\u017e by existovala v\u00fdrazn\u00e1 obrann\u00e1 praxe, jako tomu bylo u d\u00e9mon\u016f nebo \u0161kod\u00edc\u00edch duch\u016f. Jako svr\u017een\u00fd a do Tartaru vyhnan\u00fd Tit\u00e1n byl vy\u0159azen z aktivn\u00edho p\u016fsoben\u00ed ve sv\u011bt\u011b. Skute\u010dn\u00e1 apotropaick\u00e1 praxe proti Kronovi se nedochovala.<\/p><p>Postava Krona p\u0159esto v sob\u011b nesla temnou, hrozivou slo\u017eku, kter\u00e1 p\u0159etrv\u00e1vala v my\u0161lenkov\u00e9m sv\u011bt\u011b. Otec po\u017e\u00edraj\u00edc\u00ed vlastn\u00ed d\u011bti byl obrazem hr\u016fzy.<\/p><p>V pozd\u011bj\u0161\u00edm, zejm\u00e9na \u0159\u00edmsk\u00e9m a pozdn\u011b antick\u00e9m v\u00fdkladu, kde byl Kronos ztoto\u017e\u0148ov\u00e1n s Chronem, tedy s \u010dasem, z\u00edskala tato str\u00e1nka na v\u00e1ze: \u010das, kter\u00fd v\u0161e plod\u00ed a z\u00e1rove\u0148 v\u0161e ni\u010d\u00ed, se stal symbolickou postavou pom\u00edjivosti. Tento v\u00fdklad byl v\u0161ak filozofick\u00fd a liter\u00e1rn\u00ed, nikoli kultovn\u00ed.<\/p><p>V oblasti ritu\u00e1l\u016f lze naopak pozorovat sp\u00ed\u0161e opak obrany. Sv\u00e1tek Kroni\u00ed nesm\u011b\u0159oval k tomu, aby Tit\u00e1na zahnal, ale k tomu, aby na kr\u00e1tkou chv\u00edli p\u0159ivolal zp\u011bt jeho dobu, Zlat\u00fd v\u011bk. Sv\u00e1te\u010dn\u00ed uvoln\u011bn\u00ed \u0159\u00e1du bylo \u0159\u00edzen\u00fdm p\u0159ibl\u00ed\u017een\u00edm se ke sf\u00e9\u0159e Krona.<\/p><p>Tam, kde byly apotropaick\u00e9 p\u0159edstavy spojov\u00e1ny se Saturnem, nap\u0159\u00edklad v pozdn\u011b antick\u00e9 astrologii, kde byla planeta Saturn pova\u017eov\u00e1na za neblahou, jde o v\u00fdvoj, kter\u00fd v\u00fdrazn\u011b p\u0159esahuje \u0159eck\u00e9ho Krona a pat\u0159\u00ed do \u0159\u00edmsko-orient\u00e1ln\u00ed astrologie.<\/p>\t\t\t\t\t\t\t\t<\/div>\n\t\t\t\t\t<\/div>\n\t\t\t\t<\/div>\n\t\t<div class=\"elementor-element elementor-element-iwgw-kronos-s6 e-flex e-con-boxed e-con e-parent\" data-id=\"iwgw-kronos-s6\" data-element_type=\"container\" data-e-type=\"container\">\n\t\t\t\t\t<div class=\"e-con-inner\">\n\t\t\t\t<div class=\"elementor-element elementor-element-iwgw-kronos-s6h elementor-widget elementor-widget-heading\" data-id=\"iwgw-kronos-s6h\" data-element_type=\"widget\" data-e-type=\"widget\" data-widget_type=\"heading.default\">\n\t\t\t\t\t<h2 class=\"elementor-heading-title elementor-size-default\">Paralely v jin\u00fdch kultur\u00e1ch<\/h2>\t\t\t\t<\/div>\n\t\t\t\t<div class=\"elementor-element elementor-element-iwgw-kronos-s6t elementor-widget elementor-widget-text-editor\" data-id=\"iwgw-kronos-s6t\" data-element_type=\"widget\" data-e-type=\"widget\" data-widget_type=\"text-editor.default\">\n\t\t\t\t\t\t\t\t\t<p><span class=\"iwg-fachbegriff\" data-tooltip=\"Tradovan\u00fd p\u0159\u00edb\u011bh o boz\u00edch, po\u010d\u00e1tc\u00edch a \u0159\u00e1du sv\u011bta.\" tabindex=\"0\">M\u00fdtus<\/span> o svr\u017een\u00ed otce nebes a o posloupnosti vl\u00e1dc\u016f sv\u011bta m\u00e1 \u00fazk\u00e9 paralely v kultur\u00e1ch star\u00e9ho Orientu a Mal\u00e9 Asie. Srovn\u00e1vac\u00ed v\u00fdzkum od dvac\u00e1t\u00e9ho stolet\u00ed odhalil rozs\u00e1hl\u00e9 souvislosti.<\/p><p>Nejjasn\u011bj\u0161\u00ed shodu nab\u00edz\u00ed hetitsk\u00fd <span class=\"iwg-fachbegriff\" data-tooltip=\"Tradovan\u00fd p\u0159\u00edb\u011bh o boz\u00edch, po\u010d\u00e1tc\u00edch a \u0159\u00e1du sv\u011bta.\" tabindex=\"0\">m\u00fdtus<\/span> o Kr\u00e1lovstv\u00ed na nebi, zachovan\u00fd na kl\u00ednopisn\u00fdch tabulk\u00e1ch z Mal\u00e9 Asie. Tam b\u016fh Kumarbi zmrza\u010d\u00ed sv\u00e9ho p\u0159edch\u016fdce Anua t\u00edm, \u017ee mu ukousne rodidla, a je n\u00e1sledn\u011b s\u00e1m svr\u017een pozd\u011bj\u0161\u00ed generac\u00ed boh\u016f.<\/p><p>Shoda s vypr\u00e1v\u011bn\u00edm o Kronovi v posloupnosti generac\u00ed vl\u00e1dc\u016f a v <span class=\"iwg-fachbegriff\" data-tooltip=\"Opakuj\u00edc\u00ed se obsahov\u00fd prvek v um\u011bn\u00ed nebo vypr\u00e1v\u011bn\u00ed.\" tabindex=\"0\">motivu<\/span> zmrza\u010den\u00ed je pova\u017eov\u00e1na za tak \u00fazkou, \u017ee se obecn\u011b p\u0159edpokl\u00e1d\u00e1 historick\u00e1 souvislost, a\u0165 jde o p\u0159evzet\u00ed, nebo o spole\u010dn\u00e9 v\u00fdchodn\u00ed d\u011bdictv\u00ed.<\/p><p>Tak\u00e9 v babylonsk\u00e9 tvorb\u011b o stvo\u0159en\u00ed existuje genera\u010dn\u00ed posloupnost boh\u016f s n\u00e1silnou v\u00fdm\u011bnou moci. V seversk\u00e9 <span class=\"iwg-fachbegriff\" data-tooltip=\"Souhrn tradovan\u00fdch vypr\u00e1v\u011bn\u00ed o boz\u00edch v dan\u00e9 kultu\u0159e.\" tabindex=\"0\">mytologii<\/span> stoj\u00ed konflikt mezi prvotn\u00edmi obry a mlad\u0161\u00edmi bohy ve vzd\u00e1len\u00e9 tematick\u00e9 bl\u00edzkosti.<\/p><p><span class=\"iwg-fachbegriff\" data-tooltip=\"Opakuj\u00edc\u00ed se obsahov\u00fd prvek v um\u011bn\u00ed nebo vypr\u00e1v\u011bn\u00ed.\" tabindex=\"0\">Motiv<\/span> Zlat\u00e9ho v\u011bku, tedy bezstarostn\u00e9 prvotn\u00ed doby pod vl\u00e1dou dobrotiv\u00e9ho panovn\u00edka, m\u00e1 obdoby v mnoha kultur\u00e1ch, od starov\u00fdchodn\u00ed p\u0159edstavy rajsk\u00e9ho po\u010d\u00e1te\u010dn\u00edho stavu a\u017e po indick\u00e9 p\u0159edstavy o v\u011bc\u00edch sv\u011bta.<\/p><p>Kronos tak spojuje dva \u0161iroce roz\u0161\u00ed\u0159en\u00e9 okruhy motiv\u016f: n\u00e1siln\u00e9 n\u00e1stupnictv\u00ed boh\u016f a ztracenou prvotn\u00ed dobu bla\u017eenosti. V\u00fdzkum vid\u00ed v \u0159eck\u00e9 teogonii samostatn\u00e9 zpracov\u00e1n\u00ed l\u00e1tky, kter\u00e1 do zna\u010dn\u00e9 m\u00edry poch\u00e1z\u00ed z P\u0159edn\u00edho Orientu.<\/p>\t\t\t\t\t\t\t\t<\/div>\n\t\t\t\t\t<\/div>\n\t\t\t\t<\/div>\n\t\t<div class=\"elementor-element elementor-element-iwgw-kronos-s7 e-flex e-con-boxed e-con e-parent\" data-id=\"iwgw-kronos-s7\" data-element_type=\"container\" data-e-type=\"container\">\n\t\t\t\t\t<div class=\"e-con-inner\">\n\t\t\t\t<div class=\"elementor-element elementor-element-iwgw-kronos-s7h elementor-widget elementor-widget-heading\" data-id=\"iwgw-kronos-s7h\" data-element_type=\"widget\" data-e-type=\"widget\" data-widget_type=\"heading.default\">\n\t\t\t\t\t<h2 class=\"elementor-heading-title elementor-size-default\">Sou\u010dasn\u00e1 recepce a v\u00fdzkum<\/h2>\t\t\t\t<\/div>\n\t\t\t\t<div class=\"elementor-element elementor-element-iwgw-kronos-s7t elementor-widget elementor-widget-text-editor\" data-id=\"iwgw-kronos-s7t\" data-element_type=\"widget\" data-e-type=\"widget\" data-widget_type=\"text-editor.default\">\n\t\t\t\t\t\t\t\t\t<p>Kronos je dnes p\u0159\u00edtomen zejm\u00e9na d\u00edky dv\u011bma lini\u00edm p\u016fsoben\u00ed. Prvn\u00ed je ztoto\u017en\u011bn\u00ed s \u010dasem. Prost\u0159ednictv\u00edm <span class=\"iwg-fachbegriff\" data-tooltip=\"Epocha \u0159eck\u00e9 a \u0159\u00edmsk\u00e9 kultury, zhruba od 800 p\u0159. n. l. do 600 n. l.\" tabindex=\"0\">antick\u00e9<\/span> spekulace, st\u0159edov\u011bk\u00e9 alegorie a novodob\u00e9ho um\u011bn\u00ed vznikla postava star\u00e9ho Otce \u010casu s kosou a p\u0159es\u00fdpac\u00edmi hodinami, jak\u00e1si f\u00faze Krona, Chronose a Saturna.<\/p><p>Druhou lini\u00ed je obraz Tit\u00e1na po\u017e\u00edraj\u00edc\u00edho vlastn\u00ed d\u011bti, kter\u00fd ve v\u00fdtvarn\u00e9m um\u011bn\u00ed novov\u011bku nalezl p\u016fsobiv\u00e1 zpracov\u00e1n\u00ed a stal se pevn\u00fdm <span class=\"iwg-fachbegriff\" data-tooltip=\"Opakuj\u00edc\u00ed se obsahov\u00fd prvek v um\u011bn\u00ed nebo vypr\u00e1v\u011bn\u00ed.\" tabindex=\"0\">motivem<\/span> evropsk\u00fdch d\u011bjin um\u011bn\u00ed.<\/p><p>V popul\u00e1rn\u00ed kultu\u0159e se Kronos objevuje \u010dasto, v\u011bt\u0161inou v roli p\u0159emocn\u00e9ho, hroziv\u00e9ho prvotn\u00edho boha, mnohdy slou\u010den s rysy jin\u00fdch Tit\u00e1n\u016f nebo zam\u011bn\u011bn se jm\u00e9nem Chronos. Tak\u00e9 v\u00fdraz saturn\u00e1lie se jako ozna\u010den\u00ed bujar\u00e9 oslavy v\u017eil do b\u011b\u017en\u00e9ho jazyka.<\/p><p>V\u011bdeck\u00fd v\u00fdzkum se Kronem zab\u00fdval na n\u011bkolika \u00farovn\u00edch. Dlouho stoj\u00ed v centru z\u00e1jmu ot\u00e1zka orient\u00e1ln\u00edch ko\u0159en\u016f mytologie n\u00e1stupnictv\u00ed.<\/p><p>Martin Litchfield West a dal\u0161\u00ed objasnili souvislosti s hetitskou a babylonskou <span class=\"iwg-fachbegriff\" data-tooltip=\"P\u0159ed\u00e1v\u00e1n\u00ed v\u011bd\u011bn\u00ed a vypr\u00e1v\u011bn\u00ed p\u0159es generace.\" tabindex=\"0\">tradic\u00ed<\/span>. Vedle toho stoj\u00ed v\u00fdzkum Kronova kultu a sv\u00e1tku Kroni\u00ed, kter\u00fd jako p\u0159\u00edklad ritu\u00e1ln\u00edho obratu vzbudil velk\u00fd z\u00e1jem.<\/p><p>Walter Burkert zasadil Krona do r\u00e1mce \u0159eck\u00fdch n\u00e1bo\u017eensk\u00fdch d\u011bjin, Fritz Graf do v\u00fdzkumu m\u00fdt\u016f, Timothy Gantz sestavil prameny. Kronos z\u016fst\u00e1v\u00e1 kl\u00ed\u010dov\u00fdm p\u0159\u00edkladem toho, jak \u0158ekov\u00e9 uva\u017eovali o p\u016fvodu sv\u011bta, o vzniku \u0159\u00e1du a o ztracen\u00e9 lep\u0161\u00ed dob\u011b.<\/p>\t\t\t\t\t\t\t\t<\/div>\n\t\t\t\t\t<\/div>\n\t\t\t\t<\/div>\n\t\t<div class=\"elementor-element elementor-element-iwgw-kronos-lit e-flex e-con-boxed e-con e-parent\" data-id=\"iwgw-kronos-lit\" data-element_type=\"container\" data-e-type=\"container\">\n\t\t\t\t\t<div class=\"e-con-inner\">\n\t\t\t\t<div class=\"elementor-element elementor-element-iwgw-kronos-lith elementor-widget elementor-widget-heading\" data-id=\"iwgw-kronos-lith\" data-element_type=\"widget\" data-e-type=\"widget\" data-widget_type=\"heading.default\">\n\t\t\t\t\t<h2 class=\"elementor-heading-title elementor-size-default\">Literatura (v\u00fdb\u011br)<\/h2>\t\t\t\t<\/div>\n\t\t\t\t<div class=\"elementor-element elementor-element-iwgw-kronos-litt elementor-widget elementor-widget-text-editor\" data-id=\"iwgw-kronos-litt\" data-element_type=\"widget\" data-e-type=\"widget\" data-widget_type=\"text-editor.default\">\n\t\t\t\t\t\t\t\t\t<ul><li>Martin Litchfield West: <em>The East Face of Helicon. West Asiatic Elements in Greek Poetry and Myth<\/em> (1997)<\/li><li>Walter Burkert: <em>Griechische Religion der archaischen und klassischen Epoche<\/em> (1977)<\/li><li>Martin Persson Nilsson: <em>Geschichte der griechischen Religion<\/em> (1941\u20131950)<\/li><li>Timothy Gantz: <em>Early Greek Myth. A Guide to Literary and Artistic Sources<\/em> (1993)<\/li><li>Fritz Graf: <em>Griechische <span class=\"iwg-fachbegriff\" data-tooltip=\"Souhrn tradovan\u00fdch vypr\u00e1v\u011bn\u00ed o boz\u00edch v dan\u00e9 kultu\u0159e.\" tabindex=\"0\">Mythologie<\/span>. Eine Einf\u00fchrung<\/em> (1985)<\/li><li>Walter Burkert: <em>Die orientalisierende Epoche in der griechischen Religion und Literatur<\/em> (1984)<\/li><\/ul>\t\t\t\t\t\t\t\t<\/div>\n\t\t\t\t\t<\/div>\n\t\t\t\t<\/div>\n\t\t<div class=\"elementor-element elementor-element-iwgw-kronos-kwd e-flex e-con-boxed e-con e-parent\" data-id=\"iwgw-kronos-kwd\" data-element_type=\"container\" data-e-type=\"container\">\n\t\t\t\t\t<div class=\"e-con-inner\">\n\t\t\t\t<div class=\"elementor-element elementor-element-iwgw-kronos-kwdt elementor-widget elementor-widget-text-editor\" data-id=\"iwgw-kronos-kwdt\" data-element_type=\"widget\" data-e-type=\"widget\" data-widget_type=\"text-editor.default\">\n\t\t\t\t\t\t\t\t\t<p><em>Souvisej\u00edc\u00ed kl\u00ed\u010dov\u00e9 pojmy: Kronos, Tit\u00e1n, Zeus, Rhea, Uranos, Titanomachie, Zlat\u00fd v\u011bk, Tartaros.<\/em><\/p>\t\t\t\t\t\t\t\t<\/div>\n\t\t\t\t\t<\/div>\n\t\t\t\t<\/div>\n\t\t<div class=\"elementor-element elementor-element-iwgw-kronos-cc e-flex e-con-boxed e-con e-parent\" data-id=\"iwgw-kronos-cc\" data-element_type=\"container\" data-e-type=\"container\" id=\"iwg-cc-kronos\">\n\t\t\t\t\t<div class=\"e-con-inner\">\n\t\t<div class=\"elementor-element elementor-element-iwgw-kronos-ccinner e-flex e-con-boxed e-con e-parent\" data-id=\"iwgw-kronos-ccinner\" data-element_type=\"container\" data-e-type=\"container\" data-settings=\"{&quot;background_background&quot;:&quot;classic&quot;}\">\n\t\t\t\t\t<div class=\"e-con-inner\">\n\t\t\t\t<div class=\"elementor-element elementor-element-iwgw-kronos-cch elementor-widget elementor-widget-heading\" data-id=\"iwgw-kronos-cch\" data-element_type=\"widget\" data-e-type=\"widget\" data-widget_type=\"heading.default\">\n\t\t\t\t\t<h2 class=\"elementor-heading-title elementor-size-default\">iWell Guard a ochrann\u00e9 tradice<\/h2>\t\t\t\t<\/div>\n\t\t\t\t<div class=\"elementor-element elementor-element-iwgw-kronos-cct elementor-widget elementor-widget-text-editor\" data-id=\"iwgw-kronos-cct\" data-element_type=\"widget\" data-e-type=\"widget\" data-widget_type=\"text-editor.default\">\n\t\t\t\t\t\t\t\t\t<div data-nosnippet=\"true\"><p>iWell Guard navazuje na kulturn\u011b-historickou tradici nositeln\u00fdch ochrann\u00fdch p\u0159edm\u011bt\u016f, v tradici <a href=\"https:\/\/iwell-guard.com\/cs\/recko\/\">\u0158ecka<\/a> i mnoha dal\u0161\u00edch kultur po cel\u00e9m sv\u011bt\u011b. 41 vrstev, ryz\u00ed zlato, platina, st\u0159\u00edbro, vyrobeno v N\u011bmecku. 30denn\u00ed pr\u00e1vo na vr\u00e1cen\u00ed zbo\u017e\u00ed.<\/p><\/div>\t\t\t\t\t\t\t\t<\/div>\n\t\t\t\t<div class=\"elementor-element elementor-element-iwgw-kronos-ccb iwg-cc-button iwg-cc-cta-2026-05-13 elementor-widget elementor-widget-jet-button\" data-id=\"iwgw-kronos-ccb\" data-element_type=\"widget\" data-e-type=\"widget\" data-widget_type=\"jet-button.default\">\n\t\t\t\t<div class=\"elementor-widget-container\">\n\t\t\t\t\t<div class=\"elementor-jet-button jet-elements\"><div class=\"jet-button__container\"><a class=\"jet-button__instance jet-button__instance--icon-left hover-effect-1\" href=\"\/ueber-iwell-guard\/?utm_source=iwell-guard.com&amp;utm_medium=info-box&amp;utm_campaign=wesen-tradition\"><div class=\"jet-button__plane jet-button__plane-normal\"><\/div><div class=\"jet-button__plane jet-button__plane-hover\"><\/div><div class=\"jet-button__state jet-button__state-normal\"><span class=\"jet-button__label\">V\u00edce o iWell Guard<\/span><\/div><div class=\"jet-button__state jet-button__state-hover\"><span class=\"jet-button__label\">V\u00edce o iWell Guard<\/span><\/div><\/a><\/div><\/div><style>.elementor-element.elementor-element-iwgw-kronos-ccb .jet-button__instance{width:320px;height:56px;}.elementor-element.elementor-element-iwgw-kronos-ccb .jet-button__state-normal .jet-button__label{text-align:center;margin:0px 0px 0px 0px;color:#1a1b20;font-family:Montserrat,sans-serif;font-size:13px;font-weight:400;letter-spacing:4px;line-height:1.714em;text-transform:uppercase;}.elementor-element.elementor-element-iwgw-kronos-ccb .jet-button__state-hover .jet-button__label{text-align:center;margin:0px 0px 0px 0px;color:#FECC76;font-family:Montserrat,sans-serif;font-size:13px;font-weight:400;letter-spacing:4px;line-height:1.714em;text-transform:uppercase;}.elementor-element.elementor-element-iwgw-kronos-ccb .jet-button__plane-normal{background-color:#FECC76;border-style:solid;border-color:#C99540;border-width:2px 2px 2px 2px;}.elementor-element.elementor-element-iwgw-kronos-ccb .jet-button__plane-hover{background-color:rgba(0,0,0,0.55);border-style:solid;border-color:#FECC76;border-width:2px 2px 2px 2px;}<\/style>\t\t\t\t<\/div>\n\t\t\t\t<\/div>\n\t\t\t\t<div class=\"elementor-element elementor-element-iwgw-kronos-ccd elementor-widget elementor-widget-text-editor\" data-id=\"iwgw-kronos-ccd\" data-element_type=\"widget\" data-e-type=\"widget\" data-widget_type=\"text-editor.default\">\n\t\t\t\t\t\t\t\t\t<div data-nosnippet=\"true\"><p style=\"text-align:center;font-size:13px;opacity:0.7;margin-top:14px\" data-nosnippet=\"true\">Osobn\u00ed zku\u0161enosti se mohou li\u0161it. Nejedn\u00e1 se o zdravotnick\u00fd prost\u0159edek. Nen\u00ed slibem l\u00e9\u010div\u00e9ho \u00fa\u010dinku.<\/p><\/div>\t\t\t\t\t\t\t\t<\/div>\n\t\t\t\t\t<\/div>\n\t\t\t\t<\/div>\n\t\t\t\t\t<\/div>\n\t\t\t\t<\/div>\n\t\t<div class=\"elementor-element elementor-element-iwgw-kronos-disc e-flex e-con-boxed e-con e-parent\" data-id=\"iwgw-kronos-disc\" data-element_type=\"container\" data-e-type=\"container\">\n\t\t\t\t\t<div class=\"e-con-inner\">\n\t\t\t\t<div class=\"elementor-element elementor-element-iwgw-kronos-discw elementor-widget elementor-widget-html\" data-id=\"iwgw-kronos-discw\" data-element_type=\"widget\" data-e-type=\"widget\" data-widget_type=\"html.default\">\n\t\t\t\t\t<footer data-nosnippet=\"true\" class=\"iwg-disclaimer-block\"><p data-nosnippet=\"true\">iWell Guard <strong>nen\u00ed zdravotnick\u00fd prost\u0159edek<\/strong> a nenahrazuje l\u00e9ka\u0159skou ani psychoterapeutickou l\u00e9\u010dbu. Religionistick\u00fd obsah p\u0159edstavuje kulturn\u011b-historick\u00e9 za\u0159azen\u00ed, nikoli doporu\u010den\u00ed duchovn\u00ed praxe.<\/p><\/footer>\t\t\t\t<\/div>\n\t\t\t\t\t<\/div>\n\t\t\t\t<\/div>\n\t\t\t\t<\/div>\n\t\t","protected":false},"excerpt":{"rendered":"","protected":false},"author":3,"featured_media":3374,"parent":0,"menu_order":0,"comment_status":"closed","ping_status":"closed","template":"elementor_header_footer","meta":{"_yoast_wpseo_focuskw":"Tit\u00e1n Kronos","_yoast_wpseo_title":"Kronos \u2013 Tit\u00e1n a otec Zeuse","_yoast_wpseo_metadesc":"Kronos, tit\u00e1n \u0159eck\u00e9 mytologie, otec Zeuse a vl\u00e1dce Zlat\u00e9ho v\u011bku.","_yoast_wpseo_meta-robots-noindex":"","_yoast_wpseo_canonical":"","_angie_page":false,"gefaehrdungsstufe":"","wesen_kultur":"","wesen_klasse":"","footnotes":""},"categories":[],"class_list":["post-145559","page","type-page","status-publish","has-post-thumbnail","hentry"],"yoast_head":"<!-- This site is optimized with the Yoast SEO Premium plugin v27.7 (Yoast SEO v28.3) - https:\/\/yoast.com\/product\/yoast-seo-premium-wordpress\/ -->\n<title>Kronos \u2013 Tit\u00e1n a otec Zeuse<\/title>\n<meta name=\"description\" content=\"Kronos, tit\u00e1n \u0159eck\u00e9 mytologie, otec Zeuse a vl\u00e1dce Zlat\u00e9ho v\u011bku.\" \/>\n<meta name=\"robots\" content=\"index, follow, max-snippet:-1, max-image-preview:large, max-video-preview:-1\" \/>\n<link rel=\"canonical\" href=\"https:\/\/iwell-guard.com\/cs\/kronos-titan-vladce-zlateho-veku\/\" \/>\n<meta property=\"og:locale\" content=\"cs_CZ\" \/>\n<meta property=\"og:type\" content=\"article\" \/>\n<meta property=\"og:title\" content=\"Kronos \u2013 Tit\u00e1n a vl\u00e1dce Zlat\u00e9ho v\u011bku\" \/>\n<meta property=\"og:description\" content=\"Kronos, tit\u00e1n \u0159eck\u00e9 mytologie, otec Zeuse a vl\u00e1dce Zlat\u00e9ho v\u011bku.\" \/>\n<meta property=\"og:url\" content=\"https:\/\/iwell-guard.com\/cs\/kronos-titan-vladce-zlateho-veku\/\" \/>\n<meta property=\"og:site_name\" content=\"iWell Guard\" \/>\n<meta property=\"article:modified_time\" content=\"2026-09-03T16:59:16+00:00\" \/>\n<meta property=\"og:image\" content=\"https:\/\/iwell-guard.com\/wp-content\/uploads\/2026\/05\/goetter_griechenland_kronos.webp\" \/>\n\t<meta property=\"og:image:width\" content=\"1024\" \/>\n\t<meta property=\"og:image:height\" content=\"1536\" \/>\n\t<meta property=\"og:image:type\" content=\"image\/webp\" \/>\n<meta name=\"twitter:card\" content=\"summary_large_image\" \/>\n<script type=\"application\/ld+json\" class=\"yoast-schema-graph\">{\"@context\":\"https:\\\/\\\/schema.org\",\"@graph\":[{\"@type\":\"WebPage\",\"@id\":\"https:\\\/\\\/iwell-guard.com\\\/cs\\\/kronos-titan-vladce-zlateho-veku\\\/\",\"url\":\"https:\\\/\\\/iwell-guard.com\\\/cs\\\/kronos-titan-vladce-zlateho-veku\\\/\",\"name\":\"Kronos \u2013 Tit\u00e1n a otec Zeuse\",\"isPartOf\":{\"@id\":\"https:\\\/\\\/iwell-guard.com\\\/cs\\\/#website\"},\"primaryImageOfPage\":{\"@id\":\"https:\\\/\\\/iwell-guard.com\\\/cs\\\/kronos-titan-vladce-zlateho-veku\\\/#primaryimage\"},\"image\":{\"@id\":\"https:\\\/\\\/iwell-guard.com\\\/cs\\\/kronos-titan-vladce-zlateho-veku\\\/#primaryimage\"},\"thumbnailUrl\":\"https:\\\/\\\/iwell-guard.com\\\/wp-content\\\/uploads\\\/2026\\\/05\\\/goetter_griechenland_kronos.webp\",\"datePublished\":\"2026-09-03T16:31:34+00:00\",\"dateModified\":\"2026-09-03T16:59:16+00:00\",\"description\":\"Kronos, tit\u00e1n \u0159eck\u00e9 mytologie, otec Zeuse a vl\u00e1dce Zlat\u00e9ho v\u011bku.\",\"breadcrumb\":{\"@id\":\"https:\\\/\\\/iwell-guard.com\\\/cs\\\/kronos-titan-vladce-zlateho-veku\\\/#breadcrumb\"},\"inLanguage\":\"cs\",\"potentialAction\":[{\"@type\":\"ReadAction\",\"target\":[\"https:\\\/\\\/iwell-guard.com\\\/cs\\\/kronos-titan-vladce-zlateho-veku\\\/\"]}]},{\"@type\":\"ImageObject\",\"inLanguage\":\"cs\",\"@id\":\"https:\\\/\\\/iwell-guard.com\\\/cs\\\/kronos-titan-vladce-zlateho-veku\\\/#primaryimage\",\"url\":\"https:\\\/\\\/iwell-guard.com\\\/wp-content\\\/uploads\\\/2026\\\/05\\\/goetter_griechenland_kronos.webp\",\"contentUrl\":\"https:\\\/\\\/iwell-guard.com\\\/wp-content\\\/uploads\\\/2026\\\/05\\\/goetter_griechenland_kronos.webp\",\"width\":1024,\"height\":1536,\"caption\":\"Bohov\u00e9 z \u0159eck\u00e9 tradice.\"},{\"@type\":\"BreadcrumbList\",\"@id\":\"https:\\\/\\\/iwell-guard.com\\\/cs\\\/kronos-titan-vladce-zlateho-veku\\\/#breadcrumb\",\"itemListElement\":[{\"@type\":\"ListItem\",\"position\":1,\"name\":\"Start\",\"item\":\"https:\\\/\\\/iwell-guard.com\\\/cs\\\/?page_id=145107\"},{\"@type\":\"ListItem\",\"position\":2,\"name\":\"Kronos \u2013 Tit\u00e1n a vl\u00e1dce Zlat\u00e9ho v\u011bku\"}]},{\"@type\":\"WebSite\",\"@id\":\"https:\\\/\\\/iwell-guard.com\\\/cs\\\/#website\",\"url\":\"https:\\\/\\\/iwell-guard.com\\\/cs\\\/\",\"name\":\"iWell Guard\",\"description\":\"Schutz vor dunklen Einfl\u00fcssen\",\"publisher\":{\"@id\":\"https:\\\/\\\/iwell-guard.com\\\/cs\\\/#organization\"},\"potentialAction\":[{\"@type\":\"SearchAction\",\"target\":{\"@type\":\"EntryPoint\",\"urlTemplate\":\"https:\\\/\\\/iwell-guard.com\\\/cs\\\/?s={search_term_string}\"},\"query-input\":{\"@type\":\"PropertyValueSpecification\",\"valueRequired\":true,\"valueName\":\"search_term_string\"}}],\"inLanguage\":\"cs\"},{\"@type\":\"Organization\",\"@id\":\"https:\\\/\\\/iwell-guard.com\\\/cs\\\/#organization\",\"name\":\"Ittermann electronic GmbH\",\"url\":\"https:\\\/\\\/iwell-guard.com\\\/cs\\\/\",\"logo\":{\"@type\":\"ImageObject\",\"inLanguage\":\"cs\",\"@id\":\"https:\\\/\\\/iwell-guard.com\\\/cs\\\/#\\\/schema\\\/logo\\\/image\\\/\",\"url\":\"https:\\\/\\\/iwell-guard.com\\\/wp-content\\\/uploads\\\/2026\\\/05\\\/Ittermann-Logo-1182x237-1.png\",\"contentUrl\":\"https:\\\/\\\/iwell-guard.com\\\/wp-content\\\/uploads\\\/2026\\\/05\\\/Ittermann-Logo-1182x237-1.png\",\"width\":1182,\"height\":237,\"caption\":\"Ittermann electronic GmbH\"},\"image\":{\"@id\":\"https:\\\/\\\/iwell-guard.com\\\/cs\\\/#\\\/schema\\\/logo\\\/image\\\/\"},\"sameAs\":[\"https:\\\/\\\/pantip.com\\\/profile\\\/9367242\",\"https:\\\/\\\/micro.blog\\\/iwellguard\",\"https:\\\/\\\/www.diggerslist.com\\\/iwellguard\\\/about\",\"https:\\\/\\\/skitterphoto.com\\\/photographers\\\/2870314\\\/iwell-guard\",\"https:\\\/\\\/iwellguard.wordpress.com\\\/2026\\\/06\\\/06\\\/iwell-guard\\\/\",\"https:\\\/\\\/hub.docker.com\\\/u\\\/iwellguard\",\"https:\\\/\\\/www.pinterest.com\\\/iwellguard\\\/\",\"https:\\\/\\\/bit.ly\\\/m\\\/iwellguard\",\"https:\\\/\\\/entre-vos-mains.alsace.eu\\\/profiles\\\/iwellguard\\\/activity\",\"https:\\\/\\\/gravatar.com\\\/reallybeded8fd34\",\"https:\\\/\\\/naijamatta.com\\\/iwellguard\",\"https:\\\/\\\/www.goodreads.com\\\/iwellguard\",\"https:\\\/\\\/profile.hatena.ne.jp\\\/iwellguard\\\/\",\"https:\\\/\\\/experiment.com\\\/users\\\/iwellguard\",\"https:\\\/\\\/wakelet.com\\\/@iWellGuard82270\",\"https:\\\/\\\/www.chordie.com\\\/forum\\\/profile.php?id=2555664\",\"https:\\\/\\\/www.instapaper.com\\\/p\\\/17757966\",\"https:\\\/\\\/www.mapleprimes.com\\\/users\\\/iwellguard\",\"https:\\\/\\\/businesslistingplus.com\\\/profile\\\/iwell-guard\\\/\",\"https:\\\/\\\/telegra.ph\\\/iWell-Guard-06-06\",\"https:\\\/\\\/pbase.com\\\/iwellguard\\\/iwellguard\",\"https:\\\/\\\/b.hatena.ne.jp\\\/iwellguard\\\/20260607#bookmark-4788405196491818882\",\"https:\\\/\\\/fliphtml5.com\\\/home\\\/iwellguard\",\"https:\\\/\\\/anyflip.com\\\/homepage\\\/cmiwl#About\",\"https:\\\/\\\/transfur.com\\\/Users\\\/iwellguard\",\"http:\\\/\\\/delphi.larsbo.org\\\/user\\\/iwellguard\",\"https:\\\/\\\/jobs.lajobsportal.org\\\/profiles\\\/8380803-iwell-guard\",\"https:\\\/\\\/md.chaosdorf.de\\\/s\\\/jfbe5SBdJD\",\"https:\\\/\\\/www.lingvolive.com\\\/en-us\\\/profile\\\/9ecaeaca-ce11-4e51-9e71-01d55e2bff36\\\/translations\",\"https:\\\/\\\/www.fitday.com\\\/fitness\\\/forums\\\/members\\\/iwellguard.html\",\"https:\\\/\\\/www.mymeetbook.com\\\/iwellguard\",\"https:\\\/\\\/pxhere.com\\\/en\\\/photographer-me\\\/5040798\",\"https:\\\/\\\/disqus.com\\\/by\\\/iwellguard\\\/about\\\/\",\"https:\\\/\\\/pastelink.net\\\/hjwciqwq\",\"https:\\\/\\\/pubhtml5.com\\\/homepage\\\/scjhn\\\/\",\"https:\\\/\\\/www.bitchute.com\\\/channel\\\/2O2eOKzNqujT\",\"https:\\\/\\\/audiomack.com\\\/iwellguard\"]}]}<\/script>\n<!-- \/ Yoast SEO Premium plugin. -->","yoast_head_json":{"title":"Kronos \u2013 Tit\u00e1n a otec Zeuse","description":"Kronos, tit\u00e1n \u0159eck\u00e9 mytologie, otec Zeuse a vl\u00e1dce Zlat\u00e9ho v\u011bku.","robots":{"index":"index","follow":"follow","max-snippet":"max-snippet:-1","max-image-preview":"max-image-preview:large","max-video-preview":"max-video-preview:-1"},"canonical":"https:\/\/iwell-guard.com\/cs\/kronos-titan-vladce-zlateho-veku\/","og_locale":"cs_CZ","og_type":"article","og_title":"Kronos \u2013 Tit\u00e1n a vl\u00e1dce Zlat\u00e9ho v\u011bku","og_description":"Kronos, tit\u00e1n \u0159eck\u00e9 mytologie, otec Zeuse a vl\u00e1dce Zlat\u00e9ho v\u011bku.","og_url":"https:\/\/iwell-guard.com\/cs\/kronos-titan-vladce-zlateho-veku\/","og_site_name":"iWell Guard","article_modified_time":"2026-09-03T16:59:16+00:00","og_image":[{"width":1024,"height":1536,"url":"https:\/\/iwell-guard.com\/wp-content\/uploads\/2026\/05\/goetter_griechenland_kronos.webp","type":"image\/webp"}],"twitter_card":"summary_large_image","schema":{"@context":"https:\/\/schema.org","@graph":[{"@type":"WebPage","@id":"https:\/\/iwell-guard.com\/cs\/kronos-titan-vladce-zlateho-veku\/","url":"https:\/\/iwell-guard.com\/cs\/kronos-titan-vladce-zlateho-veku\/","name":"Kronos \u2013 Tit\u00e1n a otec Zeuse","isPartOf":{"@id":"https:\/\/iwell-guard.com\/cs\/#website"},"primaryImageOfPage":{"@id":"https:\/\/iwell-guard.com\/cs\/kronos-titan-vladce-zlateho-veku\/#primaryimage"},"image":{"@id":"https:\/\/iwell-guard.com\/cs\/kronos-titan-vladce-zlateho-veku\/#primaryimage"},"thumbnailUrl":"https:\/\/iwell-guard.com\/wp-content\/uploads\/2026\/05\/goetter_griechenland_kronos.webp","datePublished":"2026-09-03T16:31:34+00:00","dateModified":"2026-09-03T16:59:16+00:00","description":"Kronos, tit\u00e1n \u0159eck\u00e9 mytologie, otec Zeuse a vl\u00e1dce Zlat\u00e9ho v\u011bku.","breadcrumb":{"@id":"https:\/\/iwell-guard.com\/cs\/kronos-titan-vladce-zlateho-veku\/#breadcrumb"},"inLanguage":"cs","potentialAction":[{"@type":"ReadAction","target":["https:\/\/iwell-guard.com\/cs\/kronos-titan-vladce-zlateho-veku\/"]}]},{"@type":"ImageObject","inLanguage":"cs","@id":"https:\/\/iwell-guard.com\/cs\/kronos-titan-vladce-zlateho-veku\/#primaryimage","url":"https:\/\/iwell-guard.com\/wp-content\/uploads\/2026\/05\/goetter_griechenland_kronos.webp","contentUrl":"https:\/\/iwell-guard.com\/wp-content\/uploads\/2026\/05\/goetter_griechenland_kronos.webp","width":1024,"height":1536,"caption":"Bohov\u00e9 z \u0159eck\u00e9 tradice."},{"@type":"BreadcrumbList","@id":"https:\/\/iwell-guard.com\/cs\/kronos-titan-vladce-zlateho-veku\/#breadcrumb","itemListElement":[{"@type":"ListItem","position":1,"name":"Start","item":"https:\/\/iwell-guard.com\/cs\/?page_id=145107"},{"@type":"ListItem","position":2,"name":"Kronos \u2013 Tit\u00e1n a vl\u00e1dce Zlat\u00e9ho v\u011bku"}]},{"@type":"WebSite","@id":"https:\/\/iwell-guard.com\/cs\/#website","url":"https:\/\/iwell-guard.com\/cs\/","name":"iWell Guard","description":"Schutz vor dunklen Einfl\u00fcssen","publisher":{"@id":"https:\/\/iwell-guard.com\/cs\/#organization"},"potentialAction":[{"@type":"SearchAction","target":{"@type":"EntryPoint","urlTemplate":"https:\/\/iwell-guard.com\/cs\/?s={search_term_string}"},"query-input":{"@type":"PropertyValueSpecification","valueRequired":true,"valueName":"search_term_string"}}],"inLanguage":"cs"},{"@type":"Organization","@id":"https:\/\/iwell-guard.com\/cs\/#organization","name":"Ittermann electronic GmbH","url":"https:\/\/iwell-guard.com\/cs\/","logo":{"@type":"ImageObject","inLanguage":"cs","@id":"https:\/\/iwell-guard.com\/cs\/#\/schema\/logo\/image\/","url":"https:\/\/iwell-guard.com\/wp-content\/uploads\/2026\/05\/Ittermann-Logo-1182x237-1.png","contentUrl":"https:\/\/iwell-guard.com\/wp-content\/uploads\/2026\/05\/Ittermann-Logo-1182x237-1.png","width":1182,"height":237,"caption":"Ittermann electronic GmbH"},"image":{"@id":"https:\/\/iwell-guard.com\/cs\/#\/schema\/logo\/image\/"},"sameAs":["https:\/\/pantip.com\/profile\/9367242","https:\/\/micro.blog\/iwellguard","https:\/\/www.diggerslist.com\/iwellguard\/about","https:\/\/skitterphoto.com\/photographers\/2870314\/iwell-guard","https:\/\/iwellguard.wordpress.com\/2026\/06\/06\/iwell-guard\/","https:\/\/hub.docker.com\/u\/iwellguard","https:\/\/www.pinterest.com\/iwellguard\/","https:\/\/bit.ly\/m\/iwellguard","https:\/\/entre-vos-mains.alsace.eu\/profiles\/iwellguard\/activity","https:\/\/gravatar.com\/reallybeded8fd34","https:\/\/naijamatta.com\/iwellguard","https:\/\/www.goodreads.com\/iwellguard","https:\/\/profile.hatena.ne.jp\/iwellguard\/","https:\/\/experiment.com\/users\/iwellguard","https:\/\/wakelet.com\/@iWellGuard82270","https:\/\/www.chordie.com\/forum\/profile.php?id=2555664","https:\/\/www.instapaper.com\/p\/17757966","https:\/\/www.mapleprimes.com\/users\/iwellguard","https:\/\/businesslistingplus.com\/profile\/iwell-guard\/","https:\/\/telegra.ph\/iWell-Guard-06-06","https:\/\/pbase.com\/iwellguard\/iwellguard","https:\/\/b.hatena.ne.jp\/iwellguard\/20260607#bookmark-4788405196491818882","https:\/\/fliphtml5.com\/home\/iwellguard","https:\/\/anyflip.com\/homepage\/cmiwl#About","https:\/\/transfur.com\/Users\/iwellguard","http:\/\/delphi.larsbo.org\/user\/iwellguard","https:\/\/jobs.lajobsportal.org\/profiles\/8380803-iwell-guard","https:\/\/md.chaosdorf.de\/s\/jfbe5SBdJD","https:\/\/www.lingvolive.com\/en-us\/profile\/9ecaeaca-ce11-4e51-9e71-01d55e2bff36\/translations","https:\/\/www.fitday.com\/fitness\/forums\/members\/iwellguard.html","https:\/\/www.mymeetbook.com\/iwellguard","https:\/\/pxhere.com\/en\/photographer-me\/5040798","https:\/\/disqus.com\/by\/iwellguard\/about\/","https:\/\/pastelink.net\/hjwciqwq","https:\/\/pubhtml5.com\/homepage\/scjhn\/","https:\/\/www.bitchute.com\/channel\/2O2eOKzNqujT","https:\/\/audiomack.com\/iwellguard"]}]}},"_links":{"self":[{"href":"https:\/\/iwell-guard.com\/cs\/wp-json\/wp\/v2\/pages\/145559","targetHints":{"allow":["GET"]}}],"collection":[{"href":"https:\/\/iwell-guard.com\/cs\/wp-json\/wp\/v2\/pages"}],"about":[{"href":"https:\/\/iwell-guard.com\/cs\/wp-json\/wp\/v2\/types\/page"}],"author":[{"embeddable":true,"href":"https:\/\/iwell-guard.com\/cs\/wp-json\/wp\/v2\/users\/3"}],"replies":[{"embeddable":true,"href":"https:\/\/iwell-guard.com\/cs\/wp-json\/wp\/v2\/comments?post=145559"}],"version-history":[{"count":0,"href":"https:\/\/iwell-guard.com\/cs\/wp-json\/wp\/v2\/pages\/145559\/revisions"}],"wp:featuredmedia":[{"embeddable":true,"href":"https:\/\/iwell-guard.com\/cs\/wp-json\/wp\/v2\/media\/3374"}],"wp:attachment":[{"href":"https:\/\/iwell-guard.com\/cs\/wp-json\/wp\/v2\/media?parent=145559"}],"wp:term":[{"taxonomy":"category","embeddable":true,"href":"https:\/\/iwell-guard.com\/cs\/wp-json\/wp\/v2\/categories?post=145559"}],"curies":[{"name":"wp","href":"https:\/\/api.w.org\/{rel}","templated":true}]}}