{"id":145557,"date":"2026-09-03T16:31:33","date_gmt":"2026-09-03T16:31:33","guid":{"rendered":"https:\/\/iwell-guard.com\/?page_id=145557"},"modified":"2026-09-03T16:59:15","modified_gmt":"2026-09-03T16:59:15","slug":"venus-rimska-bohyne-lasky-a-krasy","status":"publish","type":"page","link":"https:\/\/iwell-guard.com\/cs\/venus-rimska-bohyne-lasky-a-krasy\/","title":{"rendered":"Venus \u2013 \u0159\u00edmsk\u00e1 bohyn\u011b l\u00e1sky a kr\u00e1sy"},"content":{"rendered":"\t\t<div data-elementor-type=\"wp-page\" data-elementor-id=\"145557\" class=\"elementor elementor-145557 elementor-2916 elementor-bc-flex-widget\" data-elementor-post-type=\"page\">\n\t\t\t\t<div class=\"elementor-element elementor-element-hero346f610 e-flex e-con-boxed e-con e-parent\" data-id=\"hero346f610\" data-element_type=\"container\" data-e-type=\"container\">\n\t\t\t\t\t<div class=\"e-con-inner\">\n\t\t\t\t<div class=\"elementor-element elementor-element-heroimgb09916c iwg-hero-image elementor-widget elementor-widget-image\" data-id=\"heroimgb09916c\" data-element_type=\"widget\" data-e-type=\"widget\" data-widget_type=\"image.default\">\n\t\t\t\t\t\t\t\t\t\t\t\t\t\t\t<img fetchpriority=\"high\" decoding=\"async\" width=\"683\" height=\"1024\" src=\"https:\/\/iwell-guard.com\/wp-content\/uploads\/2026\/05\/goetter_rom_venus-683x1024.webp\" class=\"attachment-large size-large wp-image-147173\" alt=\"Venu\u0161e - bohov\u00e9 z \u0159\u00edmsk\u00e9 tradice, historicko-ilustrativn\u00ed\" srcset=\"https:\/\/iwell-guard.com\/wp-content\/uploads\/2026\/05\/goetter_rom_venus-683x1024.webp 683w, https:\/\/iwell-guard.com\/wp-content\/uploads\/2026\/05\/goetter_rom_venus-200x300.webp 200w, https:\/\/iwell-guard.com\/wp-content\/uploads\/2026\/05\/goetter_rom_venus-768x1152.webp 768w, https:\/\/iwell-guard.com\/wp-content\/uploads\/2026\/05\/goetter_rom_venus.webp 1024w\" sizes=\"(max-width: 683px) 100vw, 683px\" \/>\t\t\t\t\t\t\t\t\t\t\t\t\t\t\t<\/div>\n\t\t\t\t\t<\/div>\n\t\t\t\t<\/div>\n\t\t<div class=\"elementor-element elementor-element-iwgw-venus-hero e-flex e-con-boxed e-con e-parent\" data-id=\"iwgw-venus-hero\" data-element_type=\"container\" data-e-type=\"container\">\n\t\t\t\t\t<div class=\"e-con-inner\">\n\t\t\t\t<div class=\"elementor-element elementor-element-iwgw-venus-h1 elementor-widget elementor-widget-heading\" data-id=\"iwgw-venus-h1\" data-element_type=\"widget\" data-e-type=\"widget\" data-widget_type=\"heading.default\">\n\t\t\t\t\t<h1 class=\"elementor-heading-title elementor-size-default\">Venus \u2013 bohyn\u011b l\u00e1sky, kr\u00e1sy a pram\u00e1ti \u0158\u00edma<\/h1>\t\t\t\t<\/div>\n\t\t\t\t<div class=\"elementor-element elementor-element-iwgw-venus-pills elementor-widget elementor-widget-html\" data-id=\"iwgw-venus-pills\" data-element_type=\"widget\" data-e-type=\"widget\" data-widget_type=\"html.default\">\n\t\t\t\t\t<div class=\"iwg-pill-row\"><span class=\"iwg-klasse-badge\" tabindex=\"0\" data-tooltip=\"Bohyn\u011b tradice \u0158\u00edm.\">Bohyn\u011b<\/span><a href=\"https:\/\/iwell-guard.com\/cs\/rim\/\" class=\"iwg-kultur-badge\" tabindex=\"0\" data-tooltip=\"Mytologie tradice \u0158\u00edm.\">\u0158\u00edm<\/a><span class=\"iwg-tradition-badge\" tabindex=\"0\" data-tooltip=\"Bohyn\u011b l\u00e1sky.\">Bohyn\u011b l\u00e1sky<\/span><\/div>\t\t\t\t<\/div>\n\t\t\t\t<div class=\"elementor-element elementor-element-iwgw-venus-lead elementor-widget elementor-widget-text-editor\" data-id=\"iwgw-venus-lead\" data-element_type=\"widget\" data-e-type=\"widget\" data-widget_type=\"text-editor.default\">\n\t\t\t\t\t\t\t\t\t<p>Venus byla pro \u0158\u00edmany bohyn\u00ed l\u00e1sky a kr\u00e1sy, z\u00e1rove\u0148 v\u0161ak pram\u00e1ti \u0159\u00edmsk\u00e9ho lidu a p\u0159edkyn\u011b rodu gens Iulia. Jej\u00ed <span class=\"iwg-fachbegriff\" data-tooltip=\"Souhrn n\u00e1bo\u017eensk\u00fdch \u00fakon\u016f uct\u00edv\u00e1n\u00ed bo\u017estva nebo svat\u00e9 postavy.\" tabindex=\"0\">kult<\/span> spojoval osobn\u00ed i politick\u00fd v\u00fdznam.<\/p>\t\t\t\t\t\t\t\t<\/div>\n\t\t\t\t\t<\/div>\n\t\t\t\t<\/div>\n\t\t<div class=\"elementor-element elementor-element-iwgw-venus-s0 e-flex e-con-boxed e-con e-parent\" data-id=\"iwgw-venus-s0\" data-element_type=\"container\" data-e-type=\"container\">\n\t\t\t\t\t<div class=\"e-con-inner\">\n\t\t\t\t<div class=\"elementor-element elementor-element-iwgw-venus-s0h elementor-widget elementor-widget-heading\" data-id=\"iwgw-venus-s0h\" data-element_type=\"widget\" data-e-type=\"widget\" data-widget_type=\"heading.default\">\n\t\t\t\t\t<h2 class=\"elementor-heading-title elementor-size-default\">Za\u0159azen\u00ed<\/h2>\t\t\t\t<\/div>\n\t\t\t\t<div class=\"elementor-element elementor-element-iwgw-venus-s0t elementor-widget elementor-widget-text-editor\" data-id=\"iwgw-venus-s0t\" data-element_type=\"widget\" data-e-type=\"widget\" data-widget_type=\"text-editor.default\">\n\t\t\t\t\t\t\t\t\t<p>Venus pat\u0159\u00ed k nejv\u00fdznamn\u011bj\u0161\u00edm bo\u017estv\u016fm \u0159\u00edmsk\u00e9ho n\u00e1bo\u017eenstv\u00ed. Byla bohyn\u00ed l\u00e1sky, p\u0159ita\u017elivosti a kr\u00e1sy, ale z\u00e1rove\u0148 i politicky vysoce nabitou postavou.<\/p><p>\u0158\u00edman\u00e9 toti\u017e Venu\u0161i pova\u017eovali za pram\u00e1ti sv\u00e9ho lidu, zprost\u0159edkovanou trojsk\u00fdm hrdinou Aeneou, kter\u00fd byl pokl\u00e1d\u00e1n za jej\u00edho syna, a z\u00e1rove\u0148 byla zvl\u00e1\u0161tn\u00ed p\u0159edkyn\u00ed rodu <em>gens Iulia<\/em>, k n\u011bmu\u017e pat\u0159ili Caesar a Augustus.<\/p><p>Z religionistick\u00e9ho hlediska je Venus vrstevnatou postavou. Jej\u00ed p\u016fvodn\u00ed j\u00e1dro je p\u0159edm\u011btem odborn\u00fdch diskus\u00ed. P\u0159edpokl\u00e1d\u00e1 se staroitalsk\u00e9 <span class=\"iwg-fachbegriff\" data-tooltip=\"Bytost uct\u00edvan\u00e1 jako bo\u017esk\u00e1 v r\u00e1mci n\u00e1bo\u017eenstv\u00ed.\" tabindex=\"0\">bo\u017estvo<\/span> spojen\u00e9 se zahradami, r\u016fstem a p\u016fvabem.<\/p><p>Venus byla brzy identifikov\u00e1na s \u0159eckou Afroditou a p\u0159ejala jej\u00ed m\u00fdty a obrazov\u00fd sv\u011bt. Prost\u0159ednictv\u00edm Aeneovy <span class=\"iwg-fachbegriff\" data-tooltip=\"Tradovan\u00fd p\u0159\u00edb\u011bh s \u010dasto historick\u00fdm j\u00e1drem a nadp\u0159irozen\u00fdmi rysy.\" tabindex=\"0\">sagy<\/span> nav\u00edc z\u00edskala \u00fast\u0159edn\u00ed postaven\u00ed v \u0159\u00edmsk\u00e9m sebepojet\u00ed.<\/p><p>Venus tak spojuje n\u011bkolik vrstev: mo\u017en\u00e1 starobyl\u00e9 spojen\u00ed s r\u016fstem a p\u016fvabem, \u0159ecky ovlivn\u011bnou bohyni l\u00e1sky a st\u00e1totvornou p\u0159edkyni <a href=\"https:\/\/iwell-guard.com\/cs\/rim\/\">\u0158\u00edma<\/a>. Zvl\u00e1\u0161t\u011b na konci republiky a na po\u010d\u00e1tku c\u00edsa\u0159stv\u00ed byl jej\u00ed <span class=\"iwg-fachbegriff\" data-tooltip=\"Souhrn n\u00e1bo\u017eensk\u00fdch \u00fakon\u016f uct\u00edv\u00e1n\u00ed bo\u017estva nebo svat\u00e9 postavy.\" tabindex=\"0\">kult<\/span> politicky vyu\u017e\u00edv\u00e1n p\u0159edn\u00edmi osobnostmi.<\/p><p>Venus je tak v\u00fdborn\u00fdm p\u0159\u00edkladem toho, jak byly v \u0158\u00edm\u011b propojeny n\u00e1bo\u017eenstv\u00ed, rodinn\u00e1 historie a politika.<\/p><p>Politick\u00e9 zat\u00ed\u017een\u00ed Venu\u0161e prob\u00edhalo v n\u011bkolika kroc\u00edch v pr\u016fb\u011bhu posledn\u00edho p\u0159edk\u0159es\u0165ansk\u00e9ho stolet\u00ed. Ji\u017e Sulla si n\u00e1rokoval zvl\u00e1\u0161tn\u00ed p\u0159\u00edze\u0148 bohyn\u011b, Pompeius j\u00ed zasv\u011btil <span class=\"iwg-fachbegriff\" data-tooltip=\"Svat\u00e9 m\u00edsto zasv\u011bcen\u00e9 uct\u00edv\u00e1n\u00ed bo\u017estva.\" tabindex=\"0\">svatyni<\/span> a Caesar u\u010dinil odvozen\u00ed sv\u00e9ho rodu od Venu\u0161e st\u0159edem sv\u00e9 vlastn\u00ed sebeprezentace.<\/p><p>Augustus na tuto linii nav\u00e1zal a za\u010dlenil Venu\u0161i do n\u00e1bo\u017eensk\u00e9ho programu nov\u00e9ho re\u017eimu.<\/p>\t\t\t\t\t\t\t\t<\/div>\n\t\t\t\t\t<\/div>\n\t\t\t\t<\/div>\n\t\t<div class=\"elementor-element elementor-element-iwgw-venus-s1 e-flex e-con-boxed e-con e-parent\" data-id=\"iwgw-venus-s1\" data-element_type=\"container\" data-e-type=\"container\">\n\t\t\t\t\t<div class=\"e-con-inner\">\n\t\t\t\t<div class=\"elementor-element elementor-element-iwgw-venus-s1h elementor-widget elementor-widget-heading\" data-id=\"iwgw-venus-s1h\" data-element_type=\"widget\" data-e-type=\"widget\" data-widget_type=\"heading.default\">\n\t\t\t\t\t<h2 class=\"elementor-heading-title elementor-size-default\">Jm\u00e9no a etymologie<\/h2>\t\t\t\t<\/div>\n\t\t\t\t<div class=\"elementor-element elementor-element-iwgw-venus-s1t elementor-widget elementor-widget-text-editor\" data-id=\"iwgw-venus-s1t\" data-element_type=\"widget\" data-e-type=\"widget\" data-widget_type=\"text-editor.default\">\n\t\t\t\t\t\t\t\t\t<p>Jm\u00e9no <em>Venus<\/em> je v odborn\u00e9 literatu\u0159e spojov\u00e1no s latinsk\u00fdm slovn\u00edm polem, kter\u00e9 zahrnuje pojmy jako <em>venustas<\/em>, p\u016fvab nebo kr\u00e1sa, a <em>venia<\/em>, p\u0159\u00edze\u0148 nebo milost. Jeho z\u00e1kladem je pravd\u011bpodobn\u011b ko\u0159en ozna\u010duj\u00edc\u00ed touhu, p\u0159\u00e1n\u00ed nebo zal\u00edben\u00ed. Jm\u00e9no tak charakterizuje bohyni jako moc p\u0159ita\u017elivosti a zal\u00edben\u00ed.<\/p><p>Zaj\u00edmav\u00e9 je, \u017ee slovo <em>venus<\/em> mohlo ve star\u0161\u00ed latin\u011b nejprve slou\u017eit jako b\u011b\u017en\u00e9 podstatn\u00e9 jm\u00e9no ve v\u00fdznamu p\u016fvab nebo kr\u00e1sa. Z toho se pak vyvinulo vlastn\u00ed jm\u00e9no bohyn\u011b.<\/p><p>Tento v\u00fdvoj od obecn\u00e9ho pojmu k personifikovan\u00e9mu <span class=\"iwg-fachbegriff\" data-tooltip=\"Bytost uct\u00edvan\u00e1 jako bo\u017esk\u00e1 v r\u00e1mci n\u00e1bo\u017eenstv\u00ed.\" tabindex=\"0\">bo\u017estvu<\/span> je v \u0159\u00edmsk\u00e9m n\u00e1bo\u017eenstv\u00ed opakuj\u00edc\u00edm se vzorem a t\u00fdk\u00e1 se i dal\u0161\u00edch postav, kter\u00e9 p\u016fvodn\u011b ozna\u010dovaly abstraktn\u00ed vlastnosti.<\/p><p>Z religionistick\u00e9ho hlediska je tato etymologie d\u016fle\u017eit\u00e1, proto\u017ee ukazuje na mo\u017en\u00fd dom\u00e1c\u00ed p\u016fvod Venu\u0161e, nez\u00e1visl\u00fd na \u0159eck\u00e9 Afrodit\u011b.<\/p><p>Ne\u017e se Venus stala \u0159\u00edmskou Afroditou, mohla b\u00fdt pom\u011brn\u011b nev\u00fdznamn\u00fdm <span class=\"iwg-fachbegriff\" data-tooltip=\"Bytost uct\u00edvan\u00e1 jako bo\u017esk\u00e1 v r\u00e1mci n\u00e1bo\u017eenstv\u00ed.\" tabindex=\"0\">bo\u017estvem<\/span> p\u016fvabu a p\u0159\u00edzn\u011b. A\u017e ztoto\u017en\u011bn\u00ed s Afroditou a spojen\u00ed s Aeneovou <span class=\"iwg-fachbegriff\" data-tooltip=\"Tradovan\u00fd p\u0159\u00edb\u011bh s \u010dasto historick\u00fdm j\u00e1drem a nadp\u0159irozen\u00fdmi rysy.\" tabindex=\"0\">sagou<\/span> z n\u00ed ud\u011blaly jedno z velk\u00fdch bo\u017estev \u0158\u00edma.<\/p>\t\t\t\t\t\t\t\t<\/div>\n\t\t\t\t\t<\/div>\n\t\t\t\t<\/div>\n\t\t<div class=\"elementor-element elementor-element-iwgw-venus-s2 e-flex e-con-boxed e-con e-parent\" data-id=\"iwgw-venus-s2\" data-element_type=\"container\" data-e-type=\"container\">\n\t\t\t\t\t<div class=\"e-con-inner\">\n\t\t\t\t<div class=\"elementor-element elementor-element-iwgw-venus-s2h elementor-widget elementor-widget-heading\" data-id=\"iwgw-venus-s2h\" data-element_type=\"widget\" data-e-type=\"widget\" data-widget_type=\"heading.default\">\n\t\t\t\t\t<h2 class=\"elementor-heading-title elementor-size-default\">Popis a ikonografie<\/h2>\t\t\t\t<\/div>\n\t\t\t\t<div class=\"elementor-element elementor-element-iwgw-venus-s2t elementor-widget elementor-widget-text-editor\" data-id=\"iwgw-venus-s2t\" data-element_type=\"widget\" data-e-type=\"widget\" data-widget_type=\"text-editor.default\">\n\t\t\t\t\t\t\t\t\t<p>V obrazov\u00e9 <span class=\"iwg-fachbegriff\" data-tooltip=\"P\u0159ed\u00e1v\u00e1n\u00ed v\u011bdomost\u00ed a p\u0159\u00edb\u011bh\u016f z generace na generaci.\" tabindex=\"0\">tradici<\/span> se Venus zobrazuje jako kr\u00e1sn\u00e1, mlad\u00e1 \u017eena, \u010dasto zcela nebo \u010d\u00e1ste\u010dn\u011b nah\u00e1, v p\u016fvabn\u00e9m postoji. Tento zp\u016fsob zobrazen\u00ed se z velk\u00e9 \u010d\u00e1sti \u0159\u00edd\u00ed vzorem \u0159eck\u00e9 Afrodity, jej\u00ed\u017e obrazov\u00e9 typy byly v \u0159\u00edmsk\u00e9m um\u011bn\u00ed \u0161iroce p\u0159ijaty.<\/p><p>K jej\u00edm atribut\u016fm pat\u0159\u00ed holubice, lastura, kv\u011btiny, zejm\u00e9na r\u016f\u017ee, a tak\u00e9 mal\u00fd ok\u0159\u00eddlen\u00fd b\u016fh l\u00e1sky, kter\u00fd ji \u010dasto doprov\u00e1z\u00ed.<\/p><p>Lastura odkazuje na <span class=\"iwg-fachbegriff\" data-tooltip=\"Tradovan\u00fd p\u0159\u00edb\u011bh o boz\u00edch, po\u010d\u00e1tc\u00edch a uspo\u0159\u00e1d\u00e1n\u00ed sv\u011bta.\" tabindex=\"0\">m\u00fdtus<\/span> o zrozen\u00ed bohyn\u011b z mo\u0159e, holubice a r\u016f\u017ee na oblast l\u00e1sky a p\u016fvabu. V \u0159\u00edmsk\u00e9m um\u011bn\u00ed se v\u0161ak vyskytuj\u00ed i zvl\u00e1\u0161tn\u00ed podoby, kter\u00e9 zd\u016fraz\u0148uj\u00ed jej\u00ed st\u00e1tn\u00ed a v\u00e1le\u010dn\u00e9 aspekty.<\/p><p>Venus tak byla zobrazov\u00e1na jako <em>Venus Victrix<\/em>, v\u00edt\u011bzn\u00e1 Venus, ob\u010das se zbran\u011bmi nebo se symboly v\u00edt\u011bzstv\u00ed, a jako <em>Venus Genetrix<\/em>, plod\u00edc\u00ed pram\u00e1ti, ve vzne\u0161en\u011bj\u0161\u00ed a v\u00edce oble\u010den\u00e9 podob\u011b.<\/p><p>Venus se objevuje na soch\u00e1ch, n\u00e1st\u011bnn\u00fdch malb\u00e1ch, reli\u00e9fech, gem\u00e1ch a velmi \u010dasto na minc\u00edch. Zejm\u00e9na v dob\u011b Caesara a ran\u00fdch c\u00edsa\u0159\u016f se jej\u00ed obraz pou\u017e\u00edval na minc\u00edch ke zd\u016frazn\u011bn\u00ed odvozen\u00ed vl\u00e1dnouc\u00edho rodu od bohyn\u011b. Ikonografie Venu\u0161e je tak nejen ikonografi\u00ed kr\u00e1sy, ale tak\u00e9 n\u00e1strojem politick\u00e9 sebeprezentace.<\/p>\t\t\t\t\t\t\t\t<\/div>\n\t\t\t\t\t<\/div>\n\t\t\t\t<\/div>\n\t\t<div class=\"elementor-element elementor-element-iwgw-venus-s3 e-flex e-con-boxed e-con e-parent\" data-id=\"iwgw-venus-s3\" data-element_type=\"container\" data-e-type=\"container\">\n\t\t\t\t\t<div class=\"e-con-inner\">\n\t\t\t\t<div class=\"elementor-element elementor-element-iwgw-venus-s3h elementor-widget elementor-widget-heading\" data-id=\"iwgw-venus-s3h\" data-element_type=\"widget\" data-e-type=\"widget\" data-widget_type=\"heading.default\">\n\t\t\t\t\t<h2 class=\"elementor-heading-title elementor-size-default\">Mytologick\u00e1 vypr\u00e1v\u011bn\u00ed a tradice<\/h2>\t\t\t\t<\/div>\n\t\t\t\t<div class=\"elementor-element elementor-element-iwgw-venus-s3t elementor-widget elementor-widget-text-editor\" data-id=\"iwgw-venus-s3t\" data-element_type=\"widget\" data-e-type=\"widget\" data-widget_type=\"text-editor.default\">\n\t\t\t\t\t\t\t\t\t<p>M\u00fdtick\u00fd okruh Venu\u0161e je \u00fazce spojen s okruhem \u0159eck\u00e9 Afrodity. Vypr\u00e1v\u011bn\u00ed o zrozen\u00ed bohyn\u011b z mo\u0159sk\u00e9 p\u011bny, o jej\u00edm vztahu k r\u016fzn\u00fdm boh\u016fm a smrteln\u00edk\u016fm a o jej\u00ed roli v trojsk\u00e9m sagov\u00e9m okruhu byla p\u0159evzata z \u0159eck\u00e9ho prost\u0159ed\u00ed a za\u0159azena do \u0159\u00edmsk\u00e9 literatury.<\/p><p>Pro \u0159\u00edmsk\u00e9 sebepochopen\u00ed je nejd\u016fle\u017eit\u011bj\u0161\u00ed <span class=\"iwg-fachbegriff\" data-tooltip=\"Tradovan\u00e9 vypr\u00e1v\u011bn\u00ed, \u010dasto s historick\u00fdm j\u00e1drem a nadp\u0159irozen\u00fdmi rysy.\" tabindex=\"0\">pov\u011bst<\/span> o Aeneovi. Podle n\u00ed je Aeneas synem Venu\u0161e a Trojana Anchisa. Aeneas unik\u00e1 z ho\u0159\u00edc\u00ed Tr\u00f3je, po dlouh\u00e9m str\u00e1d\u00e1n\u00ed se dost\u00e1v\u00e1 do It\u00e1lie a st\u00e1v\u00e1 se prap\u0159edkem \u0158\u00edman\u016f.<\/p><p>Toto vypr\u00e1v\u011bn\u00ed je nejv\u00edce rozvinuto ve Vergiliov\u011b <em>Aeneid\u011b<\/em>, kde Venu\u0161e vystupuje jako pe\u010duj\u00edc\u00ed matka hrdiny, chr\u00e1n\u00ed ho a podporuje jeho osud. Prost\u0159ednictv\u00edm Aenea a jeho syna Iula odvozoval sv\u016fj p\u016fvod od bohyn\u011b rod <em>gens Iulia<\/em>.<\/p><p>Tak\u00e9 Ovidius ve sv\u00fdch <em>Metamorf\u00f3z\u00e1ch<\/em> a dal\u0161\u00edch d\u00edlech zpracov\u00e1v\u00e1 \u0159adu venu\u0161in\u00fdch m\u00fdt\u016f, nap\u0159\u00edklad p\u0159\u00edb\u011bh Venu\u0161e a Adonise nebo Pygmaliona. Vedle toho stoj\u00ed politick\u00fd <span class=\"iwg-fachbegriff\" data-tooltip=\"Tradovan\u00e9 vypr\u00e1v\u011bn\u00ed o boz\u00edch, po\u010d\u00e1tc\u00edch a \u0159\u00e1du sv\u011bta.\" tabindex=\"0\">m\u00fdtus<\/span> pozdn\u00ed republiky. Vojev\u016fdce Sulla, pot\u00e9 Pompeius a kone\u010dn\u011b Caesar se ka\u017ed\u00fd sv\u00fdm zp\u016fsobem vztahovali k Venu\u0161i.<\/p><p>Caesar v\u00fdslovn\u011b odvozoval p\u016fvod sv\u00e9ho rodu od bohyn\u011b a v ob\u010dansk\u00e9 v\u00e1lce j\u00ed zasl\u00edbil <span class=\"iwg-fachbegriff\" data-tooltip=\"Stavba slou\u017e\u00edc\u00ed uct\u00edv\u00e1n\u00ed jednoho nebo v\u00edce bo\u017estev.\" tabindex=\"0\">chr\u00e1m<\/span>. Mytick\u00e1 <span class=\"iwg-fachbegriff\" data-tooltip=\"P\u0159ed\u00e1v\u00e1n\u00ed v\u011bdomost\u00ed a vypr\u00e1v\u011bn\u00ed mezi generacemi.\" tabindex=\"0\">tradice<\/span> Venu\u0161e je tak utv\u00e1\u0159ena dvoj\u00edm zp\u016fsobem, \u0159eckou l\u00e1tkou o Afrodit\u011b a specificky \u0159\u00edmsk\u00fdm spojen\u00edm se zakladatelskou pov\u011bst\u00ed a vl\u00e1dnouc\u00edm rodem.<\/p><p>B\u00e1sn\u00edk Lukr\u00e9cius stav\u00ed svou nau\u010dnou b\u00e1se\u0148 o povaze v\u011bc\u00ed pod <span class=\"iwg-fachbegriff\" data-tooltip=\"Prosebn\u00e9 nebo zakl\u00ednaj\u00edc\u00ed osloven\u00ed bo\u017estva nebo moci.\" tabindex=\"0\">vz\u00fdv\u00e1n\u00ed<\/span> Venu\u0161e, kterou oslovuje jako plodivou moc, je\u017e p\u0159iv\u00e1d\u00ed \u017eivot na sv\u011bt.<\/p><p>Tento filozoficky zabarven\u00fd v\u00fdklad ukazuje, \u017ee Venu\u0161e mohla b\u00fdt ch\u00e1p\u00e1na jako v\u0161eobj\u00edmaj\u00edc\u00ed princip vznik\u00e1n\u00ed, jen\u017e p\u0159esahuje pouhou bohyni l\u00e1sky. V augustovsk\u00e9 poezii naopak vystupuje p\u0159edev\u0161\u00edm jako pram\u00e1ti a ochr\u00e1nkyn\u011b Aenea a jeho potomk\u016f.<\/p>\t\t\t\t\t\t\t\t<\/div>\n\t\t\t\t\t<\/div>\n\t\t\t\t<\/div>\n\t\t<div class=\"elementor-element elementor-element-iwgw-venus-s4 e-flex e-con-boxed e-con e-parent\" data-id=\"iwgw-venus-s4\" data-element_type=\"container\" data-e-type=\"container\">\n\t\t\t\t\t<div class=\"e-con-inner\">\n\t\t\t\t<div class=\"elementor-element elementor-element-iwgw-venus-s4h elementor-widget elementor-widget-heading\" data-id=\"iwgw-venus-s4h\" data-element_type=\"widget\" data-e-type=\"widget\" data-widget_type=\"heading.default\">\n\t\t\t\t\t<h2 class=\"elementor-heading-title elementor-size-default\">Kult a uct\u00edv\u00e1n\u00ed<\/h2>\t\t\t\t<\/div>\n\t\t\t\t<div class=\"elementor-element elementor-element-iwgw-venus-s4t elementor-widget elementor-widget-text-editor\" data-id=\"iwgw-venus-s4t\" data-element_type=\"widget\" data-e-type=\"widget\" data-widget_type=\"text-editor.default\">\n\t\t\t\t\t\t\t\t\t<p><span class=\"iwg-fachbegriff\" data-tooltip=\"Souhrn n\u00e1bo\u017eensk\u00fdch \u00fakon\u016f uct\u00edv\u00e1n\u00ed bo\u017estva nebo svat\u00e9 postavy.\" tabindex=\"0\">Kult<\/span> Venu\u0161e v \u0158\u00edm\u011b m\u011bl n\u011bkolik podob, kter\u00e9 se li\u0161ily podle p\u0159\u00eddomk\u016f. Existovaly star\u0161\u00ed svatyn\u011b, je\u017e ctily Venu\u0161i ve spojen\u00ed se zahradami a s \u017eensk\u00fdmi \u017eivotn\u00edmi oblastmi. Vedle toho st\u00e1ly <span class=\"iwg-fachbegriff\" data-tooltip=\"Stavba slou\u017e\u00edc\u00ed uct\u00edv\u00e1n\u00ed jednoho nebo v\u00edce bo\u017estev.\" tabindex=\"0\">chr\u00e1my<\/span>, kter\u00e9 zd\u016fraz\u0148ovaly jej\u00ed zvl\u00e1\u0161tn\u00ed funkce, nap\u0159\u00edklad Venu\u0161i jako ochr\u00e1nkyni man\u017eelsk\u00e9 svornosti nebo Venu\u0161i v jej\u00ed roli p\u0159in\u00e1\u0161ej\u00edc\u00ed v\u00edt\u011bzstv\u00ed.<\/p><p>Z\u00e1sadn\u00edm krokem bylo zasv\u011bcen\u00ed chr\u00e1mu <em>Venus Genetrix<\/em> Caesarem na jeho nov\u00e9m foru. Bohyn\u011b tak byla \u00fa\u0159edn\u011b uct\u00edv\u00e1na jako pram\u00e1ti jeho rodu a v \u0161ir\u0161\u00edm smyslu i \u0159\u00edmsk\u00e9ho n\u00e1roda.<\/p><p>Augustus na to nav\u00e1zal a spojil Venu\u0161i spole\u010dn\u011b se zbo\u017e\u0161t\u011bn\u00fdm Caesarem a s Martem do n\u00e1bo\u017eensk\u00e9 sebeprezentace nov\u00e9ho re\u017eimu. Venu\u0161e se tak z bohyn\u011b l\u00e1sky prom\u011bnila ve <span class=\"iwg-fachbegriff\" data-tooltip=\"Bytost uct\u00edvan\u00e1 jako bo\u017esk\u00e1 v r\u00e1mci n\u00e1bo\u017eenstv\u00ed.\" tabindex=\"0\">bo\u017estvo<\/span> s v\u00fdznamem pro cel\u00fd st\u00e1t.<\/p><p>Sv\u00e1tky na po\u010dest Venu\u0161e se konaly v dubnu, m\u011bs\u00edci obecn\u011b spojovan\u00e9m s r\u016fstem a s jej\u00ed oblast\u00ed p\u016fsobnosti. P\u0159i jedn\u00e9 z t\u011bchto p\u0159\u00edle\u017eitost\u00ed byla Venu\u0161e uct\u00edv\u00e1na spole\u010dn\u011b s <span class=\"iwg-fachbegriff\" data-tooltip=\"Bytost uct\u00edvan\u00e1 jako bo\u017esk\u00e1 v r\u00e1mci n\u00e1bo\u017eenstv\u00ed.\" tabindex=\"0\">bo\u017estvem<\/span> \u017eensk\u00e9 prom\u011bny \u017een.<\/p><p>Vedle toho se konal sv\u00e1tek <em>Vinalia<\/em>, na kter\u00e9m m\u011bla Venu\u0161e rovn\u011b\u017e svou roli a kter\u00fd byl spojen s v\u00ednem. Kult Venu\u0161e tak spojoval osobn\u00ed z\u00e1le\u017eitosti, jako l\u00e1sku a man\u017eelstv\u00ed, s vysoce politick\u00fdmi odkazy na p\u016fvod \u0158\u00edma a jeho vl\u00e1dnouc\u00edho rodu.<\/p><p>Nejstar\u0161\u00ed bezpe\u010dn\u011b dosv\u011bd\u010den\u00fd m\u011bstsk\u00fd kult Venu\u0161e byl spojen se <span class=\"iwg-fachbegriff\" data-tooltip=\"Svat\u00e9 m\u00edsto v\u011bnovan\u00e9 uct\u00edv\u00e1n\u00ed bo\u017estva.\" tabindex=\"0\">svatyn\u00ed<\/span> Venu\u0161e Erycinsk\u00e9, je\u017e byla za druh\u00e9 punsk\u00e9 v\u00e1lky z\u0159\u00edzena na Kapitolu na z\u00e1klad\u011b v\u00fdroku Sibylinsk\u00fdch knih, co\u017e je doklad toho, jak byla bohyn\u011b v dob\u00e1ch krize vz\u00fdv\u00e1na jako pom\u00e1haj\u00edc\u00ed moc.<\/p><p>Druh\u00fd <span class=\"iwg-fachbegriff\" data-tooltip=\"Stavba slou\u017e\u00edc\u00ed uct\u00edv\u00e1n\u00ed jednoho nebo v\u00edce bo\u017estev.\" tabindex=\"0\">chr\u00e1m<\/span> Venu\u0161e Erycinsk\u00e9 vznikl pozd\u011bji p\u0159ed Porta Collina. Vedle toho byla uct\u00edv\u00e1na Venus Verticordia, je\u017e byla pova\u017eov\u00e1na za ochr\u00e1nkyni man\u017eelsk\u00e9 mravnosti.<\/p><p>Rozhoduj\u00edc\u00ed zlom nastal, kdy\u017e Caesar zasv\u011btil chr\u00e1m Venus Genetrix na sv\u00e9m nov\u00e9m foru v roce 46 p\u0159ed na\u0161\u00edm letopo\u010dtem. Venu\u0161e tak byla \u00fa\u0159edn\u011b uct\u00edv\u00e1na jako pram\u00e1ti gens Iulia a v \u0161ir\u0161\u00edm smyslu i \u0159\u00edmsk\u00e9ho n\u00e1roda.<\/p><p>Sv\u00e1tky Venu\u0161e se konaly v dubnu. Na Venerali\u00edch prvn\u00edho dubna byla Venu\u0161e uct\u00edv\u00e1na \u017eenami spole\u010dn\u011b s Fortuna Virilis, a na Vinali\u00edch, spojen\u00fdch s v\u00ednem, m\u011bla bohyn\u011b tak\u00e9 sv\u016fj pod\u00edl.<\/p>\t\t\t\t\t\t\t\t<\/div>\n\t\t\t\t\t<\/div>\n\t\t\t\t<\/div>\n\t\t<div class=\"elementor-element elementor-element-iwgw-venus-s5 e-flex e-con-boxed e-con e-parent\" data-id=\"iwgw-venus-s5\" data-element_type=\"container\" data-e-type=\"container\">\n\t\t\t\t\t<div class=\"e-con-inner\">\n\t\t\t\t<div class=\"elementor-element elementor-element-iwgw-venus-s5h elementor-widget elementor-widget-heading\" data-id=\"iwgw-venus-s5h\" data-element_type=\"widget\" data-e-type=\"widget\" data-widget_type=\"heading.default\">\n\t\t\t\t\t<h2 class=\"elementor-heading-title elementor-size-default\">Ochrann\u00e1 praxe a apotropaick\u00e9 prvky<\/h2>\t\t\t\t<\/div>\n\t\t\t\t<div class=\"elementor-element elementor-element-iwgw-venus-s5t elementor-widget elementor-widget-text-editor\" data-id=\"iwgw-venus-s5t\" data-element_type=\"widget\" data-e-type=\"widget\" data-widget_type=\"text-editor.default\">\n\t\t\t\t\t\t\t\t\t<p>Venu\u0161e nebyla vysloven\u011b ochrannou bohyn\u00ed, p\u0159esto se s n\u00ed spojovaly p\u0159edstavy ochrany a p\u0159\u00edzn\u011b. V osobn\u00ed rovin\u011b se lid\u00e9 obraceli k Venu\u0161i ve v\u011bcech l\u00e1sky, p\u0159ita\u017elivosti a man\u017eelsk\u00e9 svornosti. Uct\u00edv\u00e1n\u00ed Venu\u0161e jako ochr\u00e1nkyn\u011b man\u017eelstv\u00ed ukazuje, \u017ee jej\u00ed <span class=\"iwg-fachbegriff\" data-tooltip=\"Souhrn n\u00e1bo\u017eensk\u00fdch \u00factypln\u00fdch \u00fakon\u016f v\u016f\u010di bo\u017estvu nebo svat\u00e9 bytosti.\" tabindex=\"0\">kult<\/span> m\u011bl posilovat tak\u00e9 rodinn\u00e9 vazby.<\/p><p>Zvl\u00e1\u0161tn\u00ed ochrannou funkci m\u011bla Venu\u0161e ve sv\u00e9 roli prap\u0159edkyn\u011b a jako <em>Venus Victrix<\/em>. Vojev\u016fdci pozdn\u00ed republiky se stav\u011bli pod jej\u00ed ochranu a doufali v jej\u00ed p\u0159\u00edze\u0148 ve v\u00e1lce i v politick\u00e9m boji.<\/p><p>Pompeius j\u00ed zasv\u011btil <span class=\"iwg-fachbegriff\" data-tooltip=\"Stavba slou\u017e\u00edc\u00ed k uct\u00edv\u00e1n\u00ed jednoho nebo v\u00edce bo\u017estev.\" tabindex=\"0\">chr\u00e1m<\/span> spojen\u00fd se sv\u00fdm divadlem, Caesar ji vz\u00fdval jako svou pram\u00e1ti a jej\u00ed jm\u00e9no pou\u017e\u00edval jako bitevn\u00ed heslo. Venu\u0161e se zde objevuje jako moc, kter\u00e1 p\u0159in\u00e1\u0161\u00ed \u00fasp\u011bch, v\u00edt\u011bzstv\u00ed a \u0161t\u011bst\u00ed.<\/p><p>Prost\u0159ednictv\u00edm <span class=\"iwg-fachbegriff\" data-tooltip=\"P\u0159ed\u00e1van\u00e1 vypr\u00e1v\u011bn\u00ed s \u010dasto historick\u00fdm j\u00e1drem a nadp\u0159irozen\u00fdmi prvky.\" tabindex=\"0\">pov\u011bsti<\/span> o Aeneovi se Venu\u0161e stala rovn\u011b\u017e ochr\u00e1nkyn\u00ed samotn\u00e9ho \u0158\u00edma. Jako matka praotce a pram\u00e1ti vl\u00e1dnouc\u00edho rodu m\u011bla dohl\u00ed\u017eet na prosp\u011bch cel\u00e9ho spole\u010denstv\u00ed. Tato p\u0159edstava dala kultu Venu\u0161e ochrann\u00fd rozm\u011br, kter\u00fd zaji\u0161\u0165oval blaho st\u00e1tu.<\/p><p>Ochrana, kterou Venu\u0161e poskytovala, nespo\u010d\u00edvala tolik v odvracen\u00ed konkr\u00e9tn\u00edch zl\u00fdch mocnost\u00ed, jako sp\u00ed\u0161e v ud\u00edlen\u00ed p\u0159\u00edzn\u011b, \u0161t\u011bst\u00ed a \u00fasp\u011bchu, a\u0165 v l\u00e1sce, ve v\u00e1lce, nebo v osudu m\u011bsta.<\/p><p><span class=\"iwg-fachbegriff\" data-tooltip=\"Prosebn\u00e9 nebo vz\u00fdvaj\u00edc\u00ed osloven\u00ed bo\u017estva \u010di moci.\" tabindex=\"0\">Vz\u00fdv\u00e1n\u00ed<\/span> Venu\u0161e jako moci p\u0159in\u00e1\u0161ej\u00edc\u00ed v\u00edt\u011bzstv\u00ed nebylo pouhou formul\u00ed. Caesar podle <span class=\"iwg-fachbegriff\" data-tooltip=\"P\u0159ed\u00e1v\u00e1n\u00ed v\u011bdomost\u00ed a vypr\u00e1v\u011bn\u00ed z generace na generaci.\" tabindex=\"0\">tradice<\/span> pou\u017eil jm\u00e9no bohyn\u011b jako bitevn\u00ed heslo v bitv\u011b u Fars\u00e1lu a po v\u00edt\u011bzstv\u00ed splnil sv\u016fj <span class=\"iwg-fachbegriff\" data-tooltip=\"Slavnostn\u00ed n\u00e1bo\u017eensk\u00fd slib u\u010din\u011bn\u00fd bo\u017estvu.\" tabindex=\"0\">slib<\/span> v\u00fdstavbou chr\u00e1mu Venus Genetrix.<\/p><p>T\u00edm byla p\u0159\u00edze\u0148 bohyn\u011b bezprost\u0159edn\u011b spojena s vojensk\u00fdm a politick\u00fdm \u00fasp\u011bchem vojev\u016fdce.<\/p>\t\t\t\t\t\t\t\t<\/div>\n\t\t\t\t\t<\/div>\n\t\t\t\t<\/div>\n\t\t<div class=\"elementor-element elementor-element-iwgw-venus-s6 e-flex e-con-boxed e-con e-parent\" data-id=\"iwgw-venus-s6\" data-element_type=\"container\" data-e-type=\"container\">\n\t\t\t\t\t<div class=\"e-con-inner\">\n\t\t\t\t<div class=\"elementor-element elementor-element-iwgw-venus-s6h elementor-widget elementor-widget-heading\" data-id=\"iwgw-venus-s6h\" data-element_type=\"widget\" data-e-type=\"widget\" data-widget_type=\"heading.default\">\n\t\t\t\t\t<h2 class=\"elementor-heading-title elementor-size-default\">Paralely v jin\u00fdch kultur\u00e1ch<\/h2>\t\t\t\t<\/div>\n\t\t\t\t<div class=\"elementor-element elementor-element-iwgw-venus-s6t elementor-widget elementor-widget-text-editor\" data-id=\"iwgw-venus-s6t\" data-element_type=\"widget\" data-e-type=\"widget\" data-widget_type=\"text-editor.default\">\n\t\t\t\t\t\t\t\t\t<p>Nejbli\u017e\u0161\u00ed paralelou k Venu\u0161i je \u0159eck\u00e1 Afrodita, s n\u00ed\u017e byla Venu\u0161e brzy ztoto\u017en\u011bna. Od n\u00ed Venu\u0161e p\u0159evzala mytologick\u00fd okruh zrozen\u00ed z mo\u0159e, milostn\u00fdch p\u0159\u00edhod a role v trojsk\u00e9m b\u00e1jn\u00e9m cyklu, v\u010detn\u011b podstatn\u00fdch obrazov\u00fdch typ\u016f.<\/p><p>Venu\u0161e v\u0161ak z\u016fst\u00e1v\u00e1 samostatn\u00fdm \u0159\u00edmsk\u00fdm <span class=\"iwg-fachbegriff\" data-tooltip=\"Bytost uct\u00edvan\u00e1 jako bo\u017esk\u00e1 v r\u00e1mci n\u00e1bo\u017eenstv\u00ed.\" tabindex=\"0\">bo\u017estvem<\/span>. Jej\u00ed mo\u017en\u00fd dom\u00e1c\u00ed p\u016fvod jako <span class=\"iwg-fachbegriff\" data-tooltip=\"Bytost uct\u00edvan\u00e1 jako bo\u017esk\u00e1 v r\u00e1mci n\u00e1bo\u017eenstv\u00ed.\" tabindex=\"0\">bo\u017estva<\/span> p\u016fvabu, a p\u0159edev\u0161\u00edm jej\u00ed spojen\u00ed s <span class=\"iwg-fachbegriff\" data-tooltip=\"P\u0159ed\u00e1van\u00e1 vypr\u00e1v\u011bn\u00ed s \u010dasto historick\u00fdm j\u00e1drem a nadp\u0159irozen\u00fdmi prvky.\" tabindex=\"0\">pov\u011bst\u00ed<\/span> o Aeneovi a s rodem gens Iulia, jsou specificky \u0159\u00edmsk\u00e9 a v \u0159eck\u00e9 Afrodit\u011b nemaj\u00ed obdobu.<\/p><p>Nad r\u00e1mec \u0159eck\u00e9ho okruhu pat\u0159\u00ed Venu\u0161e k roz\u0161\u00ed\u0159en\u00e9mu typu bohy\u0148 l\u00e1sky a kr\u00e1sy, s nimi\u017e se lze setkat v mnoha n\u00e1bo\u017eenstv\u00edch St\u0159edomo\u0159\u00ed a Bl\u00edzk\u00e9ho v\u00fdchodu.<\/p><p>Takov\u00e1 bo\u017estva zt\u011bles\u0148uj\u00ed p\u0159ita\u017elivost, plodnost a \u010dasto tak\u00e9 v\u00e1le\u010dn\u00fd aspekt. Ji\u017e ve <span class=\"iwg-fachbegriff\" data-tooltip=\"Epocha \u0159eck\u00e9 a \u0159\u00edmsk\u00e9 kultury, zhruba od 800 p\u0159. n. l. do 600 n. l.\" tabindex=\"0\">starov\u011bku<\/span> byly vn\u00edm\u00e1ny souvislosti mezi Afroditou a star\u0161\u00edmi orient\u00e1ln\u00edmi bohynemi, co\u017e ukazuje na \u0161iroce roz\u0161\u00ed\u0159en\u00e9 p\u0159edstavov\u00e9 pole.<\/p><p>Z v\u011bdeck\u00e9ho hlediska je Venu\u0161e zvl\u00e1\u0161\u0165 v\u00fdrazn\u00fdm p\u0159\u00edkladem toho, jak se bo\u017estvo m\u016f\u017ee prost\u0159ednictv\u00edm zakladatelsk\u00e9 pov\u011bsti st\u00e1t sou\u010d\u00e1st\u00ed politick\u00e9 identity spole\u010denstv\u00ed. Zat\u00edmco jin\u00e9 bohyn\u011b l\u00e1sky p\u016fsobily p\u0159edev\u0161\u00edm v osobn\u00ed rovin\u011b, Venu\u0161e se d\u00edky <span class=\"iwg-fachbegriff\" data-tooltip=\"P\u0159ed\u00e1van\u00e1 vypr\u00e1v\u011bn\u00ed s \u010dasto historick\u00fdm j\u00e1drem a nadp\u0159irozen\u00fdmi prvky.\" tabindex=\"0\">pov\u011bsti<\/span> o Aeneovi a vl\u00e1dnouc\u00ed rodin\u011b stala <span class=\"iwg-fachbegriff\" data-tooltip=\"Bytost uct\u00edvan\u00e1 jako bo\u017esk\u00e1 v r\u00e1mci n\u00e1bo\u017eenstv\u00ed.\" tabindex=\"0\">bo\u017estvem<\/span> celost\u00e1tn\u00edho v\u00fdznamu.<\/p>\t\t\t\t\t\t\t\t<\/div>\n\t\t\t\t\t<\/div>\n\t\t\t\t<\/div>\n\t\t<div class=\"elementor-element elementor-element-iwgw-venus-s7 e-flex e-con-boxed e-con e-parent\" data-id=\"iwgw-venus-s7\" data-element_type=\"container\" data-e-type=\"container\">\n\t\t\t\t\t<div class=\"e-con-inner\">\n\t\t\t\t<div class=\"elementor-element elementor-element-iwgw-venus-s7h elementor-widget elementor-widget-heading\" data-id=\"iwgw-venus-s7h\" data-element_type=\"widget\" data-e-type=\"widget\" data-widget_type=\"heading.default\">\n\t\t\t\t\t<h2 class=\"elementor-heading-title elementor-size-default\">Sou\u010dasn\u00e1 recepce a v\u00fdzkum<\/h2>\t\t\t\t<\/div>\n\t\t\t\t<div class=\"elementor-element elementor-element-iwgw-venus-s7t elementor-widget elementor-widget-text-editor\" data-id=\"iwgw-venus-s7t\" data-element_type=\"widget\" data-e-type=\"widget\" data-widget_type=\"text-editor.default\">\n\t\t\t\t\t\t\t\t\t<p>Ve v\u00fdzkumu \u0159\u00edmsk\u00e9ho n\u00e1bo\u017eenstv\u00ed je Venu\u0161e zkoum\u00e1na z n\u011bkolika hledisek. Diskutuje se o jej\u00ed p\u016fvodn\u00ed podstat\u011b, o okam\u017eiku a pr\u016fb\u011bhu jej\u00edho ztoto\u017en\u011bn\u00ed s Afroditou i p\u0159edev\u0161\u00edm o politick\u00e9m vyu\u017e\u00edv\u00e1n\u00ed jej\u00edho kultu v pozdn\u00ed republice a ran\u00e9m c\u00edsa\u0159stv\u00ed.<\/p><p>Georg Wissowa a Kurt Latte za\u0159adili Venu\u0161i do \u0159\u00edmsk\u00e9ho panteonu a nov\u011bj\u0161\u00ed pr\u00e1ce, nap\u0159\u00edklad od Mary Beardov\u00e9, Johna Northa a Simona Price nebo od J\u00f6rga R\u00fcpkeho, zd\u016fraz\u0148uj\u00ed \u00fazk\u00e9 propojen\u00ed kultu Venu\u0161e s politikou.<\/p><p>Zvl\u00e1\u0161tn\u00ed pozornost je v\u011bnov\u00e1na roli Venu\u0161e u Caesara a Augusta. <span class=\"iwg-fachbegriff\" data-tooltip=\"Stavba slou\u017e\u00edc\u00ed uct\u00edv\u00e1n\u00ed jednoho nebo v\u00edce bo\u017estev.\" tabindex=\"0\">Chr\u00e1m<\/span> Venu\u0161e Genetrix, mincovn\u00ed ra\u017eby s podobiznou bohyn\u011b a jej\u00ed za\u010dlen\u011bn\u00ed do augustovsk\u00e9 n\u00e1bo\u017eensk\u00e9 politiky jsou pova\u017eov\u00e1ny za kl\u00ed\u010dov\u00e9 p\u0159\u00edklady toho, jak vl\u00e1dnouc\u00ed rod vyu\u017e\u00edval n\u00e1bo\u017eenskou tradici k vlastn\u00ed sebeprezentaci. V t\u00e9to souvislosti je jako religionistick\u00fd pramen \u010dtena i Vergiliova <em>Aeneis<\/em>.<\/p><p>V dne\u0161n\u00ed v\u0161eobecn\u00e9 kultu\u0159e pat\u0159\u00ed Venu\u0161e k nejzn\u00e1m\u011bj\u0161\u00edm antick\u00fdm bo\u017estv\u016fm. Jej\u00ed jm\u00e9no nese planeta, jej\u00ed podoba po stalet\u00ed utv\u00e1\u0159ela evropsk\u00e9 um\u011bn\u00ed, od <span class=\"iwg-fachbegriff\" data-tooltip=\"Epocha \u0159eck\u00e9 a \u0159\u00edmsk\u00e9 kultury, zhruba od 800 p\u0159. n. l. do 600 n. l.\" tabindex=\"0\">antiky<\/span> p\u0159es renesanci a\u017e po modern\u00ed dobu.<\/p><p>V d\u011bjin\u00e1ch um\u011bn\u00ed je Venu\u0161e \u00fast\u0159edn\u00edm <span class=\"iwg-fachbegriff\" data-tooltip=\"Opakuj\u00edc\u00ed se obsahov\u00fd prvek v um\u011bn\u00ed nebo vypr\u00e1v\u011bn\u00ed.\" tabindex=\"0\">motivem<\/span>. Pro <span class=\"iwg-fachbegriff\" data-tooltip=\"V\u011bda, kter\u00e1 zkoum\u00e1 n\u00e1bo\u017eenstv\u00ed srovn\u00e1vac\u00edm zp\u016fsobem a bez vyznava\u010dsk\u00e9 v\u00e1zanosti.\" tabindex=\"0\">religionistiku<\/span> z\u016fst\u00e1v\u00e1 Venu\u0161e n\u00e1zorn\u00fdm p\u0159\u00edkladem vrstven\u00ed \u0159\u00edmsk\u00e9ho n\u00e1bo\u017eenstv\u00ed i propojen\u00ed <span class=\"iwg-fachbegriff\" data-tooltip=\"Tradovan\u00e9 vypr\u00e1v\u011bn\u00ed o boz\u00edch, po\u010d\u00e1tc\u00edch a \u0159\u00e1du sv\u011bta.\" tabindex=\"0\">m\u00fdtu<\/span>, um\u011bn\u00ed a politick\u00e9 moci.<\/p><p>V\u00fdzkum d\u00e1le zd\u016fraz\u0148uje, jak v\u00fdtvarn\u00e9 um\u011bn\u00ed utv\u00e1\u0159elo n\u00e1bo\u017eensk\u00e9 vn\u00edm\u00e1n\u00ed Venu\u0161e. Socha\u0159sk\u00e9 typy roz\u0161\u00ed\u0159en\u00e9 v dob\u011b \u0159\u00edmsk\u00e9ho c\u00edsa\u0159stv\u00ed, vych\u00e1zej\u00edc\u00ed z \u0159eck\u00fdch vzor\u016f, u\u010dinily bohyni v\u0161udyp\u0159\u00edtomnou jak ve ve\u0159ejn\u00e9m, tak v dom\u00e1c\u00edm prostoru.<\/p><p>Kult se tak propojil s bohatou obrazovou tradic\u00ed, kter\u00e1 formovala ch\u00e1p\u00e1n\u00ed bohyn\u011b a\u017e do evropsk\u00e9ho um\u011bn\u00ed novov\u011bku.<\/p>\t\t\t\t\t\t\t\t<\/div>\n\t\t\t\t\t<\/div>\n\t\t\t\t<\/div>\n\t\t<div class=\"elementor-element elementor-element-iwgw-venus-lit e-flex e-con-boxed e-con e-parent\" data-id=\"iwgw-venus-lit\" data-element_type=\"container\" data-e-type=\"container\">\n\t\t\t\t\t<div class=\"e-con-inner\">\n\t\t\t\t<div class=\"elementor-element elementor-element-iwgw-venus-lith elementor-widget elementor-widget-heading\" data-id=\"iwgw-venus-lith\" data-element_type=\"widget\" data-e-type=\"widget\" data-widget_type=\"heading.default\">\n\t\t\t\t\t<h2 class=\"elementor-heading-title elementor-size-default\">Literatura (v\u00fdb\u011br)<\/h2>\t\t\t\t<\/div>\n\t\t\t\t<div class=\"elementor-element elementor-element-iwgw-venus-litt elementor-widget elementor-widget-text-editor\" data-id=\"iwgw-venus-litt\" data-element_type=\"widget\" data-e-type=\"widget\" data-widget_type=\"text-editor.default\">\n\t\t\t\t\t\t\t\t\t<div data-nosnippet=\"true\"><ul><li>Georg Wissowa: <em>Religion und Kultus der R\u00f6mer<\/em> (1912)<\/li><li>Kurt Latte: <em>R\u00f6mische Religionsgeschichte<\/em> (1960)<\/li><li>Georges Dum\u00e9zil: <em>La religion romaine archa\u00efque<\/em> (1966)<\/li><li><span data-nosnippet>Mary Beard, John North, Simon Price: <em>Religions of Rome<\/em> (1998)<\/span><\/li><li>J\u00f6rg R\u00fcpke: <em>Die Religion der R\u00f6mer<\/em> (2001)<\/li><\/ul><\/div>\t\t\t\t\t\t\t\t<\/div>\n\t\t\t\t\t<\/div>\n\t\t\t\t<\/div>\n\t\t<div class=\"elementor-element elementor-element-iwgw-venus-kwd e-flex e-con-boxed e-con e-parent\" data-id=\"iwgw-venus-kwd\" data-element_type=\"container\" data-e-type=\"container\">\n\t\t\t\t\t<div class=\"e-con-inner\">\n\t\t\t\t<div class=\"elementor-element elementor-element-iwgw-venus-kwdt elementor-widget elementor-widget-text-editor\" data-id=\"iwgw-venus-kwdt\" data-element_type=\"widget\" data-e-type=\"widget\" data-widget_type=\"text-editor.default\">\n\t\t\t\t\t\t\t\t\t<p><em>Souvisej\u00edc\u00ed kl\u00ed\u010dov\u00e9 pojmy: Venus Venus Genetrix Venus Victrix gens Iulia Aeneas Aphrodite Vinalia Liebe.<\/em><\/p>\t\t\t\t\t\t\t\t<\/div>\n\t\t\t\t\t<\/div>\n\t\t\t\t<\/div>\n\t\t<div class=\"elementor-element elementor-element-iwgw-venus-cc e-flex e-con-boxed e-con e-parent\" data-id=\"iwgw-venus-cc\" data-element_type=\"container\" data-e-type=\"container\" id=\"iwg-cc-venus\">\n\t\t\t\t\t<div class=\"e-con-inner\">\n\t\t<div class=\"elementor-element elementor-element-iwgw-venus-ccinner e-flex e-con-boxed e-con e-parent\" data-id=\"iwgw-venus-ccinner\" data-element_type=\"container\" data-e-type=\"container\" data-settings=\"{&quot;background_background&quot;:&quot;classic&quot;}\">\n\t\t\t\t\t<div class=\"e-con-inner\">\n\t\t\t\t<div class=\"elementor-element elementor-element-iwgw-venus-cch elementor-widget elementor-widget-heading\" data-id=\"iwgw-venus-cch\" data-element_type=\"widget\" data-e-type=\"widget\" data-widget_type=\"heading.default\">\n\t\t\t\t\t<h2 class=\"elementor-heading-title elementor-size-default\">iWell Guard a ochrann\u00e9 tradice<\/h2>\t\t\t\t<\/div>\n\t\t\t\t<div class=\"elementor-element elementor-element-iwgw-venus-cct elementor-widget elementor-widget-text-editor\" data-id=\"iwgw-venus-cct\" data-element_type=\"widget\" data-e-type=\"widget\" data-widget_type=\"text-editor.default\">\n\t\t\t\t\t\t\t\t\t<div data-nosnippet=\"true\"><p>iWell Guard navazuje na kulturn\u011b-historickou tradici p\u0159enosn\u00fdch ochrann\u00fdch p\u0159edm\u011bt\u016f, v tradici <a href=\"https:\/\/iwell-guard.com\/cs\/rim\/\">\u0158\u00edma<\/a> a mnoha dal\u0161\u00edch kultur po cel\u00e9m sv\u011bt\u011b. 41 \u00farovn\u00ed, ryz\u00ed zlato, platina, st\u0159\u00edbro, vyrobeno v N\u011bmecku. 30denn\u00ed pr\u00e1vo na vr\u00e1cen\u00ed.<\/p><\/div>\t\t\t\t\t\t\t\t<\/div>\n\t\t\t\t<div class=\"elementor-element elementor-element-iwgw-venus-ccb iwg-cc-button iwg-cc-cta-2026-05-13 elementor-widget elementor-widget-jet-button\" data-id=\"iwgw-venus-ccb\" data-element_type=\"widget\" data-e-type=\"widget\" data-widget_type=\"jet-button.default\">\n\t\t\t\t<div class=\"elementor-widget-container\">\n\t\t\t\t\t<div class=\"elementor-jet-button jet-elements\"><div class=\"jet-button__container\"><a class=\"jet-button__instance jet-button__instance--icon-left hover-effect-1\" href=\"\/ueber-iwell-guard\/?utm_source=iwell-guard.com&amp;utm_medium=info-box&amp;utm_campaign=wesen-tradition\"><div class=\"jet-button__plane jet-button__plane-normal\"><\/div><div class=\"jet-button__plane jet-button__plane-hover\"><\/div><div class=\"jet-button__state jet-button__state-normal\"><span class=\"jet-button__label\">V\u00edce o iWell Guard<\/span><\/div><div class=\"jet-button__state jet-button__state-hover\"><span class=\"jet-button__label\">V\u00edce o iWell Guard<\/span><\/div><\/a><\/div><\/div><style>.elementor-element.elementor-element-iwgw-venus-ccb .jet-button__instance{width:320px;height:56px;}.elementor-element.elementor-element-iwgw-venus-ccb .jet-button__state-normal .jet-button__label{text-align:center;margin:0px 0px 0px 0px;color:#1a1b20;font-family:Montserrat,sans-serif;font-size:13px;font-weight:400;letter-spacing:4px;line-height:1.714em;text-transform:uppercase;}.elementor-element.elementor-element-iwgw-venus-ccb .jet-button__state-hover .jet-button__label{text-align:center;margin:0px 0px 0px 0px;color:#FECC76;font-family:Montserrat,sans-serif;font-size:13px;font-weight:400;letter-spacing:4px;line-height:1.714em;text-transform:uppercase;}.elementor-element.elementor-element-iwgw-venus-ccb .jet-button__plane-normal{background-color:#FECC76;border-style:solid;border-color:#C99540;border-width:2px 2px 2px 2px;}.elementor-element.elementor-element-iwgw-venus-ccb .jet-button__plane-hover{background-color:rgba(0,0,0,0.55);border-style:solid;border-color:#FECC76;border-width:2px 2px 2px 2px;}<\/style>\t\t\t\t<\/div>\n\t\t\t\t<\/div>\n\t\t\t\t<div class=\"elementor-element elementor-element-iwgw-venus-ccd elementor-widget elementor-widget-text-editor\" data-id=\"iwgw-venus-ccd\" data-element_type=\"widget\" data-e-type=\"widget\" data-widget_type=\"text-editor.default\">\n\t\t\t\t\t\t\t\t\t<div data-nosnippet=\"true\"><p style=\"text-align:center;font-size:13px;opacity:0.7;margin-top:14px\" data-nosnippet=\"true\">Osobn\u00ed zku\u0161enosti se mohou li\u0161it. Nejedn\u00e1 se o zdravotnick\u00fd prost\u0159edek. Nen\u00ed slibem l\u00e9\u010div\u00e9ho \u00fa\u010dinku.<\/p><\/div>\t\t\t\t\t\t\t\t<\/div>\n\t\t\t\t\t<\/div>\n\t\t\t\t<\/div>\n\t\t\t\t\t<\/div>\n\t\t\t\t<\/div>\n\t\t<div class=\"elementor-element elementor-element-iwgw-venus-disc e-flex e-con-boxed e-con e-parent\" data-id=\"iwgw-venus-disc\" data-element_type=\"container\" data-e-type=\"container\">\n\t\t\t\t\t<div class=\"e-con-inner\">\n\t\t\t\t<div class=\"elementor-element elementor-element-iwgw-venus-discw elementor-widget elementor-widget-html\" data-id=\"iwgw-venus-discw\" data-element_type=\"widget\" data-e-type=\"widget\" data-widget_type=\"html.default\">\n\t\t\t\t\t<footer data-nosnippet=\"true\" class=\"iwg-disclaimer-block\"><p data-nosnippet=\"true\">iWell Guard <strong>nen\u00ed zdravotnick\u00fd prost\u0159edek<\/strong> a nenahrazuje l\u00e9ka\u0159skou ani psychoterapeutickou l\u00e9\u010dbu. Religionistick\u00fd obsah p\u0159edstavuje kulturn\u011b-historick\u00e9 za\u0159azen\u00ed, nikoli doporu\u010den\u00ed duchovn\u00ed praxe.<\/p><\/footer>\t\t\t\t<\/div>\n\t\t\t\t\t<\/div>\n\t\t\t\t<\/div>\n\t\t\t\t<\/div>\n\t\t","protected":false},"excerpt":{"rendered":"","protected":false},"author":3,"featured_media":3391,"parent":0,"menu_order":0,"comment_status":"closed","ping_status":"closed","template":"elementor_header_footer","meta":{"_yoast_wpseo_focuskw":"Venus, \u0159\u00edmsk\u00e1 bohyn\u011b","_yoast_wpseo_title":"Venus \u2013 \u0159\u00edmsk\u00e1 bohyn\u011b l\u00e1sky","_yoast_wpseo_metadesc":"Venus je \u0159\u00edmsk\u00e1 bohyn\u011b l\u00e1sky a kr\u00e1sy a p\u0159edkyn\u011b rodu gens Iulia. Religionistick\u00e9 za\u0159azen\u00ed s kultem a prameny.","_yoast_wpseo_meta-robots-noindex":"","_yoast_wpseo_canonical":"","_angie_page":false,"gefaehrdungsstufe":"","wesen_kultur":"","wesen_klasse":"","footnotes":""},"categories":[],"class_list":["post-145557","page","type-page","status-publish","has-post-thumbnail","hentry"],"yoast_head":"<!-- This site is optimized with the Yoast SEO Premium plugin v27.7 (Yoast SEO v28.3) - https:\/\/yoast.com\/product\/yoast-seo-premium-wordpress\/ -->\n<title>Venus \u2013 \u0159\u00edmsk\u00e1 bohyn\u011b l\u00e1sky<\/title>\n<meta name=\"description\" content=\"Venus je \u0159\u00edmsk\u00e1 bohyn\u011b l\u00e1sky a kr\u00e1sy a p\u0159edkyn\u011b rodu gens Iulia. Religionistick\u00e9 za\u0159azen\u00ed s kultem a prameny.\" \/>\n<meta name=\"robots\" content=\"index, follow, max-snippet:-1, max-image-preview:large, max-video-preview:-1\" \/>\n<link rel=\"canonical\" href=\"https:\/\/iwell-guard.com\/cs\/venus-rimska-bohyne-lasky-a-krasy\/\" \/>\n<meta property=\"og:locale\" content=\"cs_CZ\" \/>\n<meta property=\"og:type\" content=\"article\" \/>\n<meta property=\"og:title\" content=\"Venus \u2013 \u0159\u00edmsk\u00e1 bohyn\u011b l\u00e1sky a kr\u00e1sy\" \/>\n<meta property=\"og:description\" content=\"Venus je \u0159\u00edmsk\u00e1 bohyn\u011b l\u00e1sky a kr\u00e1sy a p\u0159edkyn\u011b rodu gens Iulia. Religionistick\u00e9 za\u0159azen\u00ed s kultem a prameny.\" \/>\n<meta property=\"og:url\" content=\"https:\/\/iwell-guard.com\/cs\/venus-rimska-bohyne-lasky-a-krasy\/\" \/>\n<meta property=\"og:site_name\" content=\"iWell Guard\" \/>\n<meta property=\"article:modified_time\" content=\"2026-09-03T16:59:15+00:00\" \/>\n<meta property=\"og:image\" content=\"https:\/\/iwell-guard.com\/wp-content\/uploads\/2026\/05\/goetter_rom_venus.webp\" \/>\n\t<meta property=\"og:image:width\" content=\"1024\" \/>\n\t<meta property=\"og:image:height\" content=\"1536\" \/>\n\t<meta property=\"og:image:type\" content=\"image\/webp\" \/>\n<meta name=\"twitter:card\" content=\"summary_large_image\" \/>\n<script type=\"application\/ld+json\" class=\"yoast-schema-graph\">{\"@context\":\"https:\\\/\\\/schema.org\",\"@graph\":[{\"@type\":\"WebPage\",\"@id\":\"https:\\\/\\\/iwell-guard.com\\\/cs\\\/venus-rimska-bohyne-lasky-a-krasy\\\/\",\"url\":\"https:\\\/\\\/iwell-guard.com\\\/cs\\\/venus-rimska-bohyne-lasky-a-krasy\\\/\",\"name\":\"Venus \u2013 \u0159\u00edmsk\u00e1 bohyn\u011b l\u00e1sky\",\"isPartOf\":{\"@id\":\"https:\\\/\\\/iwell-guard.com\\\/cs\\\/#website\"},\"primaryImageOfPage\":{\"@id\":\"https:\\\/\\\/iwell-guard.com\\\/cs\\\/venus-rimska-bohyne-lasky-a-krasy\\\/#primaryimage\"},\"image\":{\"@id\":\"https:\\\/\\\/iwell-guard.com\\\/cs\\\/venus-rimska-bohyne-lasky-a-krasy\\\/#primaryimage\"},\"thumbnailUrl\":\"https:\\\/\\\/iwell-guard.com\\\/wp-content\\\/uploads\\\/2026\\\/05\\\/goetter_rom_venus.webp\",\"datePublished\":\"2026-09-03T16:31:33+00:00\",\"dateModified\":\"2026-09-03T16:59:15+00:00\",\"description\":\"Venus je \u0159\u00edmsk\u00e1 bohyn\u011b l\u00e1sky a kr\u00e1sy a p\u0159edkyn\u011b rodu gens Iulia. Religionistick\u00e9 za\u0159azen\u00ed s kultem a prameny.\",\"breadcrumb\":{\"@id\":\"https:\\\/\\\/iwell-guard.com\\\/cs\\\/venus-rimska-bohyne-lasky-a-krasy\\\/#breadcrumb\"},\"inLanguage\":\"cs\",\"potentialAction\":[{\"@type\":\"ReadAction\",\"target\":[\"https:\\\/\\\/iwell-guard.com\\\/cs\\\/venus-rimska-bohyne-lasky-a-krasy\\\/\"]}]},{\"@type\":\"ImageObject\",\"inLanguage\":\"cs\",\"@id\":\"https:\\\/\\\/iwell-guard.com\\\/cs\\\/venus-rimska-bohyne-lasky-a-krasy\\\/#primaryimage\",\"url\":\"https:\\\/\\\/iwell-guard.com\\\/wp-content\\\/uploads\\\/2026\\\/05\\\/goetter_rom_venus.webp\",\"contentUrl\":\"https:\\\/\\\/iwell-guard.com\\\/wp-content\\\/uploads\\\/2026\\\/05\\\/goetter_rom_venus.webp\",\"width\":1024,\"height\":1536,\"caption\":\"Bohov\u00e9 z \u0159\u00edmsk\u00e9 tradice.\"},{\"@type\":\"BreadcrumbList\",\"@id\":\"https:\\\/\\\/iwell-guard.com\\\/cs\\\/venus-rimska-bohyne-lasky-a-krasy\\\/#breadcrumb\",\"itemListElement\":[{\"@type\":\"ListItem\",\"position\":1,\"name\":\"Start\",\"item\":\"https:\\\/\\\/iwell-guard.com\\\/cs\\\/?page_id=145107\"},{\"@type\":\"ListItem\",\"position\":2,\"name\":\"Venus \u2013 \u0159\u00edmsk\u00e1 bohyn\u011b l\u00e1sky a kr\u00e1sy\"}]},{\"@type\":\"WebSite\",\"@id\":\"https:\\\/\\\/iwell-guard.com\\\/cs\\\/#website\",\"url\":\"https:\\\/\\\/iwell-guard.com\\\/cs\\\/\",\"name\":\"iWell Guard\",\"description\":\"Schutz vor dunklen Einfl\u00fcssen\",\"publisher\":{\"@id\":\"https:\\\/\\\/iwell-guard.com\\\/cs\\\/#organization\"},\"potentialAction\":[{\"@type\":\"SearchAction\",\"target\":{\"@type\":\"EntryPoint\",\"urlTemplate\":\"https:\\\/\\\/iwell-guard.com\\\/cs\\\/?s={search_term_string}\"},\"query-input\":{\"@type\":\"PropertyValueSpecification\",\"valueRequired\":true,\"valueName\":\"search_term_string\"}}],\"inLanguage\":\"cs\"},{\"@type\":\"Organization\",\"@id\":\"https:\\\/\\\/iwell-guard.com\\\/cs\\\/#organization\",\"name\":\"Ittermann electronic GmbH\",\"url\":\"https:\\\/\\\/iwell-guard.com\\\/cs\\\/\",\"logo\":{\"@type\":\"ImageObject\",\"inLanguage\":\"cs\",\"@id\":\"https:\\\/\\\/iwell-guard.com\\\/cs\\\/#\\\/schema\\\/logo\\\/image\\\/\",\"url\":\"https:\\\/\\\/iwell-guard.com\\\/wp-content\\\/uploads\\\/2026\\\/05\\\/Ittermann-Logo-1182x237-1.png\",\"contentUrl\":\"https:\\\/\\\/iwell-guard.com\\\/wp-content\\\/uploads\\\/2026\\\/05\\\/Ittermann-Logo-1182x237-1.png\",\"width\":1182,\"height\":237,\"caption\":\"Ittermann electronic GmbH\"},\"image\":{\"@id\":\"https:\\\/\\\/iwell-guard.com\\\/cs\\\/#\\\/schema\\\/logo\\\/image\\\/\"},\"sameAs\":[\"https:\\\/\\\/pantip.com\\\/profile\\\/9367242\",\"https:\\\/\\\/micro.blog\\\/iwellguard\",\"https:\\\/\\\/www.diggerslist.com\\\/iwellguard\\\/about\",\"https:\\\/\\\/skitterphoto.com\\\/photographers\\\/2870314\\\/iwell-guard\",\"https:\\\/\\\/iwellguard.wordpress.com\\\/2026\\\/06\\\/06\\\/iwell-guard\\\/\",\"https:\\\/\\\/hub.docker.com\\\/u\\\/iwellguard\",\"https:\\\/\\\/www.pinterest.com\\\/iwellguard\\\/\",\"https:\\\/\\\/bit.ly\\\/m\\\/iwellguard\",\"https:\\\/\\\/entre-vos-mains.alsace.eu\\\/profiles\\\/iwellguard\\\/activity\",\"https:\\\/\\\/gravatar.com\\\/reallybeded8fd34\",\"https:\\\/\\\/naijamatta.com\\\/iwellguard\",\"https:\\\/\\\/www.goodreads.com\\\/iwellguard\",\"https:\\\/\\\/profile.hatena.ne.jp\\\/iwellguard\\\/\",\"https:\\\/\\\/experiment.com\\\/users\\\/iwellguard\",\"https:\\\/\\\/wakelet.com\\\/@iWellGuard82270\",\"https:\\\/\\\/www.chordie.com\\\/forum\\\/profile.php?id=2555664\",\"https:\\\/\\\/www.instapaper.com\\\/p\\\/17757966\",\"https:\\\/\\\/www.mapleprimes.com\\\/users\\\/iwellguard\",\"https:\\\/\\\/businesslistingplus.com\\\/profile\\\/iwell-guard\\\/\",\"https:\\\/\\\/telegra.ph\\\/iWell-Guard-06-06\",\"https:\\\/\\\/pbase.com\\\/iwellguard\\\/iwellguard\",\"https:\\\/\\\/b.hatena.ne.jp\\\/iwellguard\\\/20260607#bookmark-4788405196491818882\",\"https:\\\/\\\/fliphtml5.com\\\/home\\\/iwellguard\",\"https:\\\/\\\/anyflip.com\\\/homepage\\\/cmiwl#About\",\"https:\\\/\\\/transfur.com\\\/Users\\\/iwellguard\",\"http:\\\/\\\/delphi.larsbo.org\\\/user\\\/iwellguard\",\"https:\\\/\\\/jobs.lajobsportal.org\\\/profiles\\\/8380803-iwell-guard\",\"https:\\\/\\\/md.chaosdorf.de\\\/s\\\/jfbe5SBdJD\",\"https:\\\/\\\/www.lingvolive.com\\\/en-us\\\/profile\\\/9ecaeaca-ce11-4e51-9e71-01d55e2bff36\\\/translations\",\"https:\\\/\\\/www.fitday.com\\\/fitness\\\/forums\\\/members\\\/iwellguard.html\",\"https:\\\/\\\/www.mymeetbook.com\\\/iwellguard\",\"https:\\\/\\\/pxhere.com\\\/en\\\/photographer-me\\\/5040798\",\"https:\\\/\\\/disqus.com\\\/by\\\/iwellguard\\\/about\\\/\",\"https:\\\/\\\/pastelink.net\\\/hjwciqwq\",\"https:\\\/\\\/pubhtml5.com\\\/homepage\\\/scjhn\\\/\",\"https:\\\/\\\/www.bitchute.com\\\/channel\\\/2O2eOKzNqujT\",\"https:\\\/\\\/audiomack.com\\\/iwellguard\"]}]}<\/script>\n<!-- \/ Yoast SEO Premium plugin. -->","yoast_head_json":{"title":"Venus \u2013 \u0159\u00edmsk\u00e1 bohyn\u011b l\u00e1sky","description":"Venus je \u0159\u00edmsk\u00e1 bohyn\u011b l\u00e1sky a kr\u00e1sy a p\u0159edkyn\u011b rodu gens Iulia. Religionistick\u00e9 za\u0159azen\u00ed s kultem a prameny.","robots":{"index":"index","follow":"follow","max-snippet":"max-snippet:-1","max-image-preview":"max-image-preview:large","max-video-preview":"max-video-preview:-1"},"canonical":"https:\/\/iwell-guard.com\/cs\/venus-rimska-bohyne-lasky-a-krasy\/","og_locale":"cs_CZ","og_type":"article","og_title":"Venus \u2013 \u0159\u00edmsk\u00e1 bohyn\u011b l\u00e1sky a kr\u00e1sy","og_description":"Venus je \u0159\u00edmsk\u00e1 bohyn\u011b l\u00e1sky a kr\u00e1sy a p\u0159edkyn\u011b rodu gens Iulia. Religionistick\u00e9 za\u0159azen\u00ed s kultem a prameny.","og_url":"https:\/\/iwell-guard.com\/cs\/venus-rimska-bohyne-lasky-a-krasy\/","og_site_name":"iWell Guard","article_modified_time":"2026-09-03T16:59:15+00:00","og_image":[{"width":1024,"height":1536,"url":"https:\/\/iwell-guard.com\/wp-content\/uploads\/2026\/05\/goetter_rom_venus.webp","type":"image\/webp"}],"twitter_card":"summary_large_image","schema":{"@context":"https:\/\/schema.org","@graph":[{"@type":"WebPage","@id":"https:\/\/iwell-guard.com\/cs\/venus-rimska-bohyne-lasky-a-krasy\/","url":"https:\/\/iwell-guard.com\/cs\/venus-rimska-bohyne-lasky-a-krasy\/","name":"Venus \u2013 \u0159\u00edmsk\u00e1 bohyn\u011b l\u00e1sky","isPartOf":{"@id":"https:\/\/iwell-guard.com\/cs\/#website"},"primaryImageOfPage":{"@id":"https:\/\/iwell-guard.com\/cs\/venus-rimska-bohyne-lasky-a-krasy\/#primaryimage"},"image":{"@id":"https:\/\/iwell-guard.com\/cs\/venus-rimska-bohyne-lasky-a-krasy\/#primaryimage"},"thumbnailUrl":"https:\/\/iwell-guard.com\/wp-content\/uploads\/2026\/05\/goetter_rom_venus.webp","datePublished":"2026-09-03T16:31:33+00:00","dateModified":"2026-09-03T16:59:15+00:00","description":"Venus je \u0159\u00edmsk\u00e1 bohyn\u011b l\u00e1sky a kr\u00e1sy a p\u0159edkyn\u011b rodu gens Iulia. Religionistick\u00e9 za\u0159azen\u00ed s kultem a prameny.","breadcrumb":{"@id":"https:\/\/iwell-guard.com\/cs\/venus-rimska-bohyne-lasky-a-krasy\/#breadcrumb"},"inLanguage":"cs","potentialAction":[{"@type":"ReadAction","target":["https:\/\/iwell-guard.com\/cs\/venus-rimska-bohyne-lasky-a-krasy\/"]}]},{"@type":"ImageObject","inLanguage":"cs","@id":"https:\/\/iwell-guard.com\/cs\/venus-rimska-bohyne-lasky-a-krasy\/#primaryimage","url":"https:\/\/iwell-guard.com\/wp-content\/uploads\/2026\/05\/goetter_rom_venus.webp","contentUrl":"https:\/\/iwell-guard.com\/wp-content\/uploads\/2026\/05\/goetter_rom_venus.webp","width":1024,"height":1536,"caption":"Bohov\u00e9 z \u0159\u00edmsk\u00e9 tradice."},{"@type":"BreadcrumbList","@id":"https:\/\/iwell-guard.com\/cs\/venus-rimska-bohyne-lasky-a-krasy\/#breadcrumb","itemListElement":[{"@type":"ListItem","position":1,"name":"Start","item":"https:\/\/iwell-guard.com\/cs\/?page_id=145107"},{"@type":"ListItem","position":2,"name":"Venus \u2013 \u0159\u00edmsk\u00e1 bohyn\u011b l\u00e1sky a kr\u00e1sy"}]},{"@type":"WebSite","@id":"https:\/\/iwell-guard.com\/cs\/#website","url":"https:\/\/iwell-guard.com\/cs\/","name":"iWell Guard","description":"Schutz vor dunklen Einfl\u00fcssen","publisher":{"@id":"https:\/\/iwell-guard.com\/cs\/#organization"},"potentialAction":[{"@type":"SearchAction","target":{"@type":"EntryPoint","urlTemplate":"https:\/\/iwell-guard.com\/cs\/?s={search_term_string}"},"query-input":{"@type":"PropertyValueSpecification","valueRequired":true,"valueName":"search_term_string"}}],"inLanguage":"cs"},{"@type":"Organization","@id":"https:\/\/iwell-guard.com\/cs\/#organization","name":"Ittermann electronic GmbH","url":"https:\/\/iwell-guard.com\/cs\/","logo":{"@type":"ImageObject","inLanguage":"cs","@id":"https:\/\/iwell-guard.com\/cs\/#\/schema\/logo\/image\/","url":"https:\/\/iwell-guard.com\/wp-content\/uploads\/2026\/05\/Ittermann-Logo-1182x237-1.png","contentUrl":"https:\/\/iwell-guard.com\/wp-content\/uploads\/2026\/05\/Ittermann-Logo-1182x237-1.png","width":1182,"height":237,"caption":"Ittermann electronic GmbH"},"image":{"@id":"https:\/\/iwell-guard.com\/cs\/#\/schema\/logo\/image\/"},"sameAs":["https:\/\/pantip.com\/profile\/9367242","https:\/\/micro.blog\/iwellguard","https:\/\/www.diggerslist.com\/iwellguard\/about","https:\/\/skitterphoto.com\/photographers\/2870314\/iwell-guard","https:\/\/iwellguard.wordpress.com\/2026\/06\/06\/iwell-guard\/","https:\/\/hub.docker.com\/u\/iwellguard","https:\/\/www.pinterest.com\/iwellguard\/","https:\/\/bit.ly\/m\/iwellguard","https:\/\/entre-vos-mains.alsace.eu\/profiles\/iwellguard\/activity","https:\/\/gravatar.com\/reallybeded8fd34","https:\/\/naijamatta.com\/iwellguard","https:\/\/www.goodreads.com\/iwellguard","https:\/\/profile.hatena.ne.jp\/iwellguard\/","https:\/\/experiment.com\/users\/iwellguard","https:\/\/wakelet.com\/@iWellGuard82270","https:\/\/www.chordie.com\/forum\/profile.php?id=2555664","https:\/\/www.instapaper.com\/p\/17757966","https:\/\/www.mapleprimes.com\/users\/iwellguard","https:\/\/businesslistingplus.com\/profile\/iwell-guard\/","https:\/\/telegra.ph\/iWell-Guard-06-06","https:\/\/pbase.com\/iwellguard\/iwellguard","https:\/\/b.hatena.ne.jp\/iwellguard\/20260607#bookmark-4788405196491818882","https:\/\/fliphtml5.com\/home\/iwellguard","https:\/\/anyflip.com\/homepage\/cmiwl#About","https:\/\/transfur.com\/Users\/iwellguard","http:\/\/delphi.larsbo.org\/user\/iwellguard","https:\/\/jobs.lajobsportal.org\/profiles\/8380803-iwell-guard","https:\/\/md.chaosdorf.de\/s\/jfbe5SBdJD","https:\/\/www.lingvolive.com\/en-us\/profile\/9ecaeaca-ce11-4e51-9e71-01d55e2bff36\/translations","https:\/\/www.fitday.com\/fitness\/forums\/members\/iwellguard.html","https:\/\/www.mymeetbook.com\/iwellguard","https:\/\/pxhere.com\/en\/photographer-me\/5040798","https:\/\/disqus.com\/by\/iwellguard\/about\/","https:\/\/pastelink.net\/hjwciqwq","https:\/\/pubhtml5.com\/homepage\/scjhn\/","https:\/\/www.bitchute.com\/channel\/2O2eOKzNqujT","https:\/\/audiomack.com\/iwellguard"]}]}},"_links":{"self":[{"href":"https:\/\/iwell-guard.com\/cs\/wp-json\/wp\/v2\/pages\/145557","targetHints":{"allow":["GET"]}}],"collection":[{"href":"https:\/\/iwell-guard.com\/cs\/wp-json\/wp\/v2\/pages"}],"about":[{"href":"https:\/\/iwell-guard.com\/cs\/wp-json\/wp\/v2\/types\/page"}],"author":[{"embeddable":true,"href":"https:\/\/iwell-guard.com\/cs\/wp-json\/wp\/v2\/users\/3"}],"replies":[{"embeddable":true,"href":"https:\/\/iwell-guard.com\/cs\/wp-json\/wp\/v2\/comments?post=145557"}],"version-history":[{"count":0,"href":"https:\/\/iwell-guard.com\/cs\/wp-json\/wp\/v2\/pages\/145557\/revisions"}],"wp:featuredmedia":[{"embeddable":true,"href":"https:\/\/iwell-guard.com\/cs\/wp-json\/wp\/v2\/media\/3391"}],"wp:attachment":[{"href":"https:\/\/iwell-guard.com\/cs\/wp-json\/wp\/v2\/media?parent=145557"}],"wp:term":[{"taxonomy":"category","embeddable":true,"href":"https:\/\/iwell-guard.com\/cs\/wp-json\/wp\/v2\/categories?post=145557"}],"curies":[{"name":"wp","href":"https:\/\/api.w.org\/{rel}","templated":true}]}}