{"id":145553,"date":"2026-09-03T16:31:31","date_gmt":"2026-09-03T16:31:31","guid":{"rendered":"https:\/\/iwell-guard.com\/?page_id=145553"},"modified":"2026-09-03T16:59:07","modified_gmt":"2026-09-03T16:59:07","slug":"larove-rimsti-ochranni-duchove-domu","status":"publish","type":"page","link":"https:\/\/iwell-guard.com\/cs\/larove-rimsti-ochranni-duchove-domu\/","title":{"rendered":"L\u00e1rov\u00e9 \u2013 \u0159\u00edm\u0161t\u00ed ochrann\u00ed duchov\u00e9 domu"},"content":{"rendered":"\t\t<div data-elementor-type=\"wp-page\" data-elementor-id=\"145553\" class=\"elementor elementor-145553 elementor-2912 elementor-bc-flex-widget\" data-elementor-post-type=\"page\">\n\t\t\t\t<div class=\"elementor-element elementor-element-heroddfb9ef e-flex e-con-boxed e-con e-parent\" data-id=\"heroddfb9ef\" data-element_type=\"container\" data-e-type=\"container\">\n\t\t\t\t\t<div class=\"e-con-inner\">\n\t\t\t\t<div class=\"elementor-element elementor-element-heroimg581263b iwg-hero-image elementor-widget elementor-widget-image\" data-id=\"heroimg581263b\" data-element_type=\"widget\" data-e-type=\"widget\" data-widget_type=\"image.default\">\n\t\t\t\t\t\t\t\t\t\t\t\t\t\t\t<img fetchpriority=\"high\" decoding=\"async\" width=\"683\" height=\"1024\" src=\"https:\/\/iwell-guard.com\/wp-content\/uploads\/2026\/05\/geister_rom_laren-1-683x1024.webp\" class=\"attachment-large size-large wp-image-147177\" alt=\"Larov\u00e9 \u2013 duchov\u00e9 z \u0159\u00edmsk\u00e9 tradice, historicko-ilustra\u010dn\u00ed zobrazen\u00ed\" srcset=\"https:\/\/iwell-guard.com\/wp-content\/uploads\/2026\/05\/geister_rom_laren-1-683x1024.webp 683w, https:\/\/iwell-guard.com\/wp-content\/uploads\/2026\/05\/geister_rom_laren-1-200x300.webp 200w, https:\/\/iwell-guard.com\/wp-content\/uploads\/2026\/05\/geister_rom_laren-1-768x1152.webp 768w, https:\/\/iwell-guard.com\/wp-content\/uploads\/2026\/05\/geister_rom_laren-1.webp 1024w\" sizes=\"(max-width: 683px) 100vw, 683px\" \/>\t\t\t\t\t\t\t\t\t\t\t\t\t\t\t<\/div>\n\t\t\t\t\t<\/div>\n\t\t\t\t<\/div>\n\t\t<div class=\"elementor-element elementor-element-iwgw-laren-hero e-flex e-con-boxed e-con e-parent\" data-id=\"iwgw-laren-hero\" data-element_type=\"container\" data-e-type=\"container\">\n\t\t\t\t\t<div class=\"e-con-inner\">\n\t\t\t\t<div class=\"elementor-element elementor-element-iwgw-laren-h1 elementor-widget elementor-widget-heading\" data-id=\"iwgw-laren-h1\" data-element_type=\"widget\" data-e-type=\"widget\" data-widget_type=\"heading.default\">\n\t\t\t\t\t<h1 class=\"elementor-heading-title elementor-size-default\">L\u00e1rov\u00e9 \u2013 ochrann\u00ed duchov\u00e9 domu, rodiny a rozcest\u00ed<\/h1>\t\t\t\t<\/div>\n\t\t\t\t<div class=\"elementor-element elementor-element-iwgw-laren-pills elementor-widget elementor-widget-html\" data-id=\"iwgw-laren-pills\" data-element_type=\"widget\" data-e-type=\"widget\" data-widget_type=\"html.default\">\n\t\t\t\t\t<div class=\"iwg-pill-row\"><span class=\"iwg-klasse-badge\" tabindex=\"0\" data-tooltip=\"Ochrann\u00ed duchov\u00e9 tradice \u0158\u00edm.\">Ochrann\u00ed duchov\u00e9<\/span><a href=\"https:\/\/iwell-guard.com\/cs\/rim\/\" class=\"iwg-kultur-badge\" tabindex=\"0\" data-tooltip=\"Mytologie tradice \u0158\u00edm.\">\u0158\u00edm<\/a><span class=\"iwg-tradition-badge\" tabindex=\"0\" data-tooltip=\"Dom\u00e1c\u00ed duchov\u00e9.\">Dom\u00e1c\u00ed duchov\u00e9<\/span><\/div>\t\t\t\t<\/div>\n\t\t\t\t<div class=\"elementor-element elementor-element-iwgw-laren-lead elementor-widget elementor-widget-text-editor\" data-id=\"iwgw-laren-lead\" data-element_type=\"widget\" data-e-type=\"widget\" data-widget_type=\"text-editor.default\">\n\t\t\t\t\t\t\t\t\t<p>L\u00e1rov\u00e9 pat\u0159\u00ed k nejd\u016fv\u011brn\u011bj\u0161\u00edm postav\u00e1m \u0159\u00edmsk\u00e9ho b\u011b\u017en\u00e9ho n\u00e1bo\u017eenstv\u00ed. Jako ochrann\u00ed duchov\u00e9 bd\u011bli nad domem, rodinou a rozcest\u00edmi cest. Jejich <span class=\"iwg-fachbegriff\" data-tooltip=\"Souhrn n\u00e1bo\u017eensk\u00fdch \u00factiv\u00fdch \u00fakon\u016f v\u011bnovan\u00fdch bo\u017estvu nebo svat\u00e9 postav\u011b.\" tabindex=\"0\">kult<\/span> spojoval soukrom\u00fd domov s ve\u0159ejn\u00fdm prostorem.<\/p>\t\t\t\t\t\t\t\t<\/div>\n\t\t\t\t\t<\/div>\n\t\t\t\t<\/div>\n\t\t<div class=\"elementor-element elementor-element-iwgw-laren-s0 e-flex e-con-boxed e-con e-parent\" data-id=\"iwgw-laren-s0\" data-element_type=\"container\" data-e-type=\"container\">\n\t\t\t\t\t<div class=\"e-con-inner\">\n\t\t\t\t<div class=\"elementor-element elementor-element-iwgw-laren-s0h elementor-widget elementor-widget-heading\" data-id=\"iwgw-laren-s0h\" data-element_type=\"widget\" data-e-type=\"widget\" data-widget_type=\"heading.default\">\n\t\t\t\t\t<h2 class=\"elementor-heading-title elementor-size-default\">Za\u0159azen\u00ed<\/h2>\t\t\t\t<\/div>\n\t\t\t\t<div class=\"elementor-element elementor-element-iwgw-laren-s0t elementor-widget elementor-widget-text-editor\" data-id=\"iwgw-laren-s0t\" data-element_type=\"widget\" data-e-type=\"widget\" data-widget_type=\"text-editor.default\">\n\t\t\t\t\t\t\t\t\t<p>L\u00e1rov\u00e9 pat\u0159\u00ed k nejcharakteristi\u010dt\u011bj\u0161\u00edm postav\u00e1m \u0159\u00edmsk\u00e9ho n\u00e1bo\u017eenstv\u00ed. Nebyli velk\u00fdmi bo\u017estvy s propracovan\u00fdmi m\u00fdty, n\u00fdbr\u017e ochrann\u00fdmi duchy, kte\u0159\u00ed byli pevn\u011b v\u00e1z\u00e1ni na konkr\u00e9tn\u00ed m\u00edsta a soci\u00e1ln\u00ed jednotky.<\/p><p>Ve st\u0159edu st\u00e1l <em>Lar familiaris<\/em>, ochrann\u00fd duch jednotliv\u00e9ho domu a jeho obyvatel, k nim\u017e podle \u0159\u00edmsk\u00e9ho ch\u00e1p\u00e1n\u00ed pat\u0159ili i otroci. Krom\u011b n\u011bj existovali <em>Lares compitales<\/em>, kte\u0159\u00ed byli uct\u00edv\u00e1ni na <em>compita<\/em>, tedy na rozcest\u00edch, a chr\u00e1nili sousedstv\u00ed.<\/p><p>Z hlediska d\u011bjin n\u00e1bo\u017eenstv\u00ed jsou L\u00e1rov\u00e9 p\u0159\u00edkladem t\u011bsn\u00e9ho spojen\u00ed n\u00e1bo\u017eenstv\u00ed a soci\u00e1ln\u00edho \u0159\u00e1du v \u0159\u00edmsk\u00e9m my\u0161len\u00ed. Kde lid\u00e9 \u017eili spole\u010dn\u011b nebo se dot\u00fdkaly hranice, tam se p\u0159edpokl\u00e1dalo i p\u016fsoben\u00ed L\u00e1r\u016f. <span class=\"iwg-fachbegriff\" data-tooltip=\"Souhrn n\u00e1bo\u017eensk\u00fdch \u00factiv\u00fdch \u00fakon\u016f v\u011bnovan\u00fdch bo\u017estvu nebo svat\u00e9 postav\u011b.\" tabindex=\"0\">Kult<\/span> byl tak v\u00e1z\u00e1n m\u00e9n\u011b na u\u010den\u00ed ne\u017e na praxi a m\u00edsto.<\/p><p>Ve star\u0161\u00ed badatelsk\u00e9 literatu\u0159e byli L\u00e1rov\u00e9 \u010dasto vykl\u00e1d\u00e1ni jako duchov\u00e9 p\u0159edk\u016f, v nov\u011bj\u0161\u00edch prac\u00edch naopak sp\u00ed\u0161e jako m\u00edstn\u00ed duchov\u00e9, kte\u0159\u00ed zaji\u0161\u0165ovali prosp\u011bch ur\u010dit\u00e9 oblasti. P\u0159esn\u00e9 vymezen\u00ed v\u016f\u010di <a href=\"https:\/\/iwell-guard.com\/cs\/rim\/\">\u0159\u00edmsk\u00fdm<\/a> Man\u016fm a Pen\u00e1t\u016fm z\u016fst\u00e1valo i v <span class=\"iwg-fachbegriff\" data-tooltip=\"Obdob\u00ed \u0159eck\u00e9 a \u0159\u00edmsk\u00e9 kultury, zhruba od 800 p\u0159. Kr. do 600 po Kr.\" tabindex=\"0\">antice<\/span> nejasn\u00e9.<\/p><p>V\u00fdznam L\u00e1r\u016f sahal od nejmen\u0161\u00edho hospod\u00e1\u0159stv\u00ed a\u017e po hlavn\u00ed m\u011bsto. C\u00edsa\u0159 Augustus spojil kult L\u00e1r\u016f s reformou m\u011bstsk\u00fdch obvod\u016f a propojil jej se sv\u00fdm vlastn\u00edm g\u00e9niem. T\u00edm se z lidov\u00e9ho dom\u00e1c\u00edho kultu stal prvek st\u00e1tn\u00edho n\u00e1bo\u017eensk\u00e9ho \u0159\u00e1du.<\/p>\t\t\t\t\t\t\t\t<\/div>\n\t\t\t\t\t<\/div>\n\t\t\t\t<\/div>\n\t\t<div class=\"elementor-element elementor-element-iwgw-laren-s1 e-flex e-con-boxed e-con e-parent\" data-id=\"iwgw-laren-s1\" data-element_type=\"container\" data-e-type=\"container\">\n\t\t\t\t\t<div class=\"e-con-inner\">\n\t\t\t\t<div class=\"elementor-element elementor-element-iwgw-laren-s1h elementor-widget elementor-widget-heading\" data-id=\"iwgw-laren-s1h\" data-element_type=\"widget\" data-e-type=\"widget\" data-widget_type=\"heading.default\">\n\t\t\t\t\t<h2 class=\"elementor-heading-title elementor-size-default\">Jm\u00e9no a etymologie<\/h2>\t\t\t\t<\/div>\n\t\t\t\t<div class=\"elementor-element elementor-element-iwgw-laren-s1t elementor-widget elementor-widget-text-editor\" data-id=\"iwgw-laren-s1t\" data-element_type=\"widget\" data-e-type=\"widget\" data-widget_type=\"text-editor.default\">\n\t\t\t\t\t\t\t\t\t<p>Jm\u00e9no <em>Lar<\/em>, v mno\u017en\u00e9m \u010d\u00edsle <em>Lares<\/em>, nen\u00ed jazykov\u011b zcela objasn\u011bno. Sama <span class=\"iwg-fachbegriff\" data-tooltip=\"Obdob\u00ed \u0159eck\u00e9 a \u0159\u00edmsk\u00e9 kultury, zhruba od 800 p\u0159. Kr. do 600 po Kr.\" tabindex=\"0\">antika<\/span> znala n\u011bkolik v\u00fdklad\u016f, ani\u017e by se n\u011bkter\u00fd z nich prosadil.<\/p><p>Roz\u0161\u00ed\u0159en\u00e1 hypot\u00e9za modern\u00edho bad\u00e1n\u00ed spojuje slovo s etrusk\u00fdm ko\u0159enem, nebo\u0165 <em>lar<\/em> se v etru\u0161tin\u011b vyskytuje jako sou\u010d\u00e1st vlastn\u00edch jmen a jako ozna\u010den\u00ed pro p\u00e1na nebo kn\u00ed\u017eete. Zda z toho vznikl n\u00e1bo\u017eensk\u00fd pojem, nebo zda naopak bylo p\u0159ejato latinsk\u00e9 slovo, se ned\u00e1 jednozna\u010dn\u011b rozhodnout.<\/p><p>Jin\u00e1 linie v\u00fdkladu spojuje jm\u00e9no s pojmy pro mrtv\u00e9 nebo pro poh\u0159eb a podporuje tak star\u0161\u00ed tezi o duchu p\u0159edk\u016f. Samotn\u00e9 prameny hovo\u0159\u00ed jednou o <em>Lares<\/em> jako o synech bohyn\u011b jm\u00e9nem <em>Mania<\/em> nebo <em>Lara<\/em>, co\u017e op\u011bt ukazuje na souvislost s podsv\u011bt\u00edm.<\/p><p>D\u016fle\u017eit\u00e9 je, \u017ee \u0158\u00edman\u00e9 preferovali mno\u017en\u00e9 \u010d\u00edslo. I kdy\u017e se o <em>Lar familiaris<\/em> mluv\u00ed v jednotn\u00e9m \u010d\u00edsle, v dom\u00e1c\u00ed kapli se obvykle objevuj\u00ed dv\u011b so\u0161ky L\u00e1r\u016f.<\/p><p>Mno\u017enost odpov\u00eddala p\u0159edstav\u011b, \u017ee se jedn\u00e1 o skupinu stejnorod\u00fdch ochrann\u00fdch duch\u016f, nikoli o jedinou postavu s vlastn\u00edm \u017eivotopisem. Pojem tak z\u016fstal pru\u017en\u00fd a mohl se p\u0159en\u00e1\u0161et na r\u016fzn\u00e9 oblasti, od domu p\u0159es rozcest\u00ed a\u017e po pole, mo\u0159sk\u00e9 cesty a cel\u00e9 cesty.<\/p>\t\t\t\t\t\t\t\t<\/div>\n\t\t\t\t\t<\/div>\n\t\t\t\t<\/div>\n\t\t<div class=\"elementor-element elementor-element-iwgw-laren-s2 e-flex e-con-boxed e-con e-parent\" data-id=\"iwgw-laren-s2\" data-element_type=\"container\" data-e-type=\"container\">\n\t\t\t\t\t<div class=\"e-con-inner\">\n\t\t\t\t<div class=\"elementor-element elementor-element-iwgw-laren-s2h elementor-widget elementor-widget-heading\" data-id=\"iwgw-laren-s2h\" data-element_type=\"widget\" data-e-type=\"widget\" data-widget_type=\"heading.default\">\n\t\t\t\t\t<h2 class=\"elementor-heading-title elementor-size-default\">Popis a ikonografie<\/h2>\t\t\t\t<\/div>\n\t\t\t\t<div class=\"elementor-element elementor-element-iwgw-laren-s2t elementor-widget elementor-widget-text-editor\" data-id=\"iwgw-laren-s2t\" data-element_type=\"widget\" data-e-type=\"widget\" data-widget_type=\"text-editor.default\">\n\t\t\t\t\t\t\t\t\t<p>Obrazov\u00e9 zobrazen\u00ed L\u00e1r\u016f je dob\u0159e zn\u00e1m\u00e9 d\u00edky \u010detn\u00fdm n\u00e1lez\u016fm z Pompej\u00ed, Herculanea a dal\u0161\u00edch m\u00edst. Typick\u00fd L\u00e1r se objevuje jako mladistv\u00e1 mu\u017esk\u00e1 postava v kr\u00e1tk\u00e9, p\u0159ep\u00e1san\u00e9 tunice, \u010dasto v tane\u010dn\u00edm kroku nebo se zdvi\u017eenou nohou, v \u017eiv\u00e9m pohybu.<\/p><p>V rukou obvykle dr\u017e\u00ed pijac\u00ed roh, <em>rhyton<\/em>, a plochou ob\u011btn\u00ed misku, <em>pateru<\/em>, n\u011bkdy tak\u00e9 v\u011bdro.<\/p><p>So\u0161ky st\u00e1ly v <em>l\u00e1rariu<\/em>, dom\u00e1c\u00ed svatyni, kter\u00e1 byla podle bohatstv\u00ed domu vytvo\u0159ena jako malovan\u00e1 nika, jako mal\u00e1 d\u0159ev\u011bn\u00e1 stavba chr\u00e1mov\u00e9ho typu nebo jako n\u00e1ro\u010dn\u00e1 n\u00e1st\u011bnn\u00e1 malba. \u010casto jsou po obou stran\u00e1ch prost\u0159edn\u00ed postavy zobrazeni dva tan\u010d\u00edc\u00ed L\u00e1rov\u00e9.<\/p><p>Tato prost\u0159edn\u00ed postava je obvykle <em>Genius<\/em> p\u00e1na domu, kter\u00fd je zobrazen jako mu\u017e v t\u00f3ze se zahalenou hlavou p\u0159i <span class=\"iwg-fachbegriff\" data-tooltip=\"Dar bo\u017estvu vyjad\u0159uj\u00edc\u00ed d\u00edky, prosbu nebo \u00factu.\" tabindex=\"0\">ob\u011bti<\/span>. Pod sc\u00e9nou se \u010dasto vine had, kter\u00fd je vykl\u00e1d\u00e1n jako ochrann\u00fd duch m\u00edsta nebo jako zt\u011blesn\u011bn\u00ed plodn\u00e9 s\u00edly domu.<\/p><p>Pohyblivost soch L\u00e1r\u016f je n\u00e1padn\u00e1 a odli\u0161uje je od klidn\u00e9 d\u016fstojnosti mnoha jin\u00fdch \u0159\u00edmsk\u00fdch zobrazen\u00ed boh\u016f. P\u016fsob\u00ed sp\u00ed\u0161e jako slu\u017eebn\u00ed, \u017eiv\u00ed duchov\u00e9 ne\u017e jako vzne\u0161en\u00e1 bo\u017estva. Tato ikonografie z\u016fstala po stalet\u00ed p\u0159ekvapiv\u011b stabiln\u00ed a byla roz\u0161\u00ed\u0159ena po cel\u00e9m \u0159\u00edmsk\u00e9m Z\u00e1pad\u011b, co\u017e ukazuje na pevnou obrazovou tradici dom\u00e1c\u00edho kultu.<\/p>\t\t\t\t\t\t\t\t<\/div>\n\t\t\t\t\t<\/div>\n\t\t\t\t<\/div>\n\t\t<div class=\"elementor-element elementor-element-iwgw-laren-s3 e-flex e-con-boxed e-con e-parent\" data-id=\"iwgw-laren-s3\" data-element_type=\"container\" data-e-type=\"container\">\n\t\t\t\t\t<div class=\"e-con-inner\">\n\t\t\t\t<div class=\"elementor-element elementor-element-iwgw-laren-s3h elementor-widget elementor-widget-heading\" data-id=\"iwgw-laren-s3h\" data-element_type=\"widget\" data-e-type=\"widget\" data-widget_type=\"heading.default\">\n\t\t\t\t\t<h2 class=\"elementor-heading-title elementor-size-default\">Mytologick\u00e1 vypr\u00e1v\u011bn\u00ed a tradice<\/h2>\t\t\t\t<\/div>\n\t\t\t\t<div class=\"elementor-element elementor-element-iwgw-laren-s3t elementor-widget elementor-widget-text-editor\" data-id=\"iwgw-laren-s3t\" data-element_type=\"widget\" data-e-type=\"widget\" data-widget_type=\"text-editor.default\">\n\t\t\t\t\t\t\t\t\t<p>Na rozd\u00edl od velk\u00fdch bo\u017estev m\u011bli L\u00e1rov\u00e9 jen m\u00e1lo rozpracovan\u00fdch m\u00fdt\u016f. Byli to funk\u010dn\u00ed duchov\u00e9, jejich\u017e v\u00fdznam spo\u010d\u00edval v praxi, nikoli ve vypr\u00e1v\u011bn\u00edch. P\u0159esto existuje n\u011bkolik liter\u00e1rn\u00edch m\u00edst, kter\u00e1 jim d\u00e1vaj\u00ed p\u0159edehru.<\/p><p>B\u00e1sn\u00edk Ovidius vypr\u00e1v\u00ed ve sv\u00fdch <em>Fasti<\/em> o nymf\u011b Lara, kter\u00e1 byla za svou upov\u00eddanost potrest\u00e1na Jupiterem a posl\u00e1na do podsv\u011bt\u00ed.<\/p><p>Na cest\u011b tam s n\u00ed Mercurius zplod\u00ed dvoj\u010data, <em>Lares<\/em>, kte\u0159\u00ed odtud d\u00e1le bd\u00ed na k\u0159i\u017eovatk\u00e1ch. Toto vypr\u00e1v\u011bn\u00ed je liter\u00e1rn\u00ed konstrukc\u00ed c\u00edsa\u0159sk\u00e9 doby a m\u011blo larsk\u00e9mu kultu prop\u016fj\u010dit mytick\u00fd p\u016fvod.<\/p><p>V komedii Plauta vystupuje jeden <em>Lar familiaris<\/em> dokonce jako mluv\u00edc\u00ed postava na jevi\u0161ti. V prologu <em>Aulularie<\/em> vysv\u011btluje, \u017ee bd\u00ed nad domem a skryt\u00fdm pokladem v n\u011bm a \u017ee se star\u00e1 o obyvatele podle toho, jak pe\u010dliv\u011b ho ct\u00ed.<\/p><p>Toto m\u00edsto m\u00e1 n\u00e1bo\u017eenskohistorickou hodnotu, proto\u017ee ukazuje, jak byl dom\u00e1c\u00ed duch ch\u00e1p\u00e1n v b\u011b\u017en\u00e9m \u017eivot\u011b, jako pozorn\u00fd str\u00e1\u017ece, kter\u00fd odm\u011b\u0148uje <span class=\"iwg-fachbegriff\" data-tooltip=\"Pro\u017e\u00edvan\u00fd n\u00e1bo\u017eensk\u00fd postoj a praxe \u010dlov\u011bka.\" tabindex=\"0\">zbo\u017enost<\/span> a nese nelib\u011b zanedb\u00e1v\u00e1n\u00ed.<\/p><p>Celkov\u011b z\u016fstalo <span class=\"iwg-fachbegriff\" data-tooltip=\"P\u0159ed\u00e1v\u00e1n\u00ed v\u011bdomost\u00ed a vypr\u00e1v\u011bn\u00ed nap\u0159\u00ed\u010d generacemi.\" tabindex=\"0\">pod\u00e1n\u00ed<\/span> o L\u00e1rech \u00fatr\u017ekovit\u00e9. Jejich p\u0159\u00edb\u011bh lze rekonstruovat sp\u00ed\u0161e z archeologick\u00fdch n\u00e1lez\u016f, n\u00e1pis\u016f a \u00fatr\u017ek\u016f v literatu\u0159e ne\u017e z ucelen\u00e9ho mytologick\u00e9ho cyklu. Pr\u00e1v\u011b tento stav pramen\u016f z nich \u010din\u00ed d\u016fle\u017eit\u00e9 sv\u011bdectv\u00ed o tom, \u017ee \u0159\u00edmsk\u00e9 n\u00e1bo\u017eenstv\u00ed bylo do velk\u00e9 m\u00edry n\u00e1bo\u017eenstv\u00edm \u010dinu.<\/p>\t\t\t\t\t\t\t\t<\/div>\n\t\t\t\t\t<\/div>\n\t\t\t\t<\/div>\n\t\t<div class=\"elementor-element elementor-element-iwgw-laren-s4 e-flex e-con-boxed e-con e-parent\" data-id=\"iwgw-laren-s4\" data-element_type=\"container\" data-e-type=\"container\">\n\t\t\t\t\t<div class=\"e-con-inner\">\n\t\t\t\t<div class=\"elementor-element elementor-element-iwgw-laren-s4h elementor-widget elementor-widget-heading\" data-id=\"iwgw-laren-s4h\" data-element_type=\"widget\" data-e-type=\"widget\" data-widget_type=\"heading.default\">\n\t\t\t\t\t<h2 class=\"elementor-heading-title elementor-size-default\">Kult a uct\u00edv\u00e1n\u00ed<\/h2>\t\t\t\t<\/div>\n\t\t\t\t<div class=\"elementor-element elementor-element-iwgw-laren-s4t elementor-widget elementor-widget-text-editor\" data-id=\"iwgw-laren-s4t\" data-element_type=\"widget\" data-e-type=\"widget\" data-widget_type=\"text-editor.default\">\n\t\t\t\t\t\t\t\t\t<p>Kult L\u00e1r\u016f byl hluboce zakotven v dom\u00e1c\u00edm prost\u0159ed\u00ed. Hospod\u00e1\u0159 nebo hospodyn\u011b mohli L\u00e1r\u016fm ka\u017ed\u00fd den p\u0159in\u00e1\u0161et drobn\u00e9 dary, n\u011bco z j\u00eddla, kadidlo, v\u00edno nebo kv\u011btiny.<\/p><p>Zvl\u00e1\u0161tn\u00ed pozornost n\u00e1le\u017eela L\u00e1r\u016fm v den kalend, non a id\u016f ka\u017ed\u00e9ho m\u011bs\u00edce a p\u0159i rodinn\u00fdch zvratech. Kdy\u017e si mlad\u00edk obl\u00e9kal <em>togu virilis<\/em>, kdy\u017e nev\u011bsta vstupovala do nov\u00e9ho domu nebo kdy\u017e se n\u011bkdo vracel z cesty, pat\u0159ila k tomu i <span class=\"iwg-fachbegriff\" data-tooltip=\"Dar bo\u017estvu, j\u00edm\u017e se vyjad\u0159uje d\u00edky, prosba nebo \u00facta.\" tabindex=\"0\">ob\u011btina<\/span> L\u00e1r\u016fm.<\/p><p>Ve ve\u0159ejn\u00e9m prostoru st\u00e1li <em>Lares compitales<\/em>. Na k\u0159i\u017eovatk\u00e1ch se nach\u00e1zely mal\u00e9 svatyn\u011b, jejich\u017e <span class=\"iwg-fachbegriff\" data-tooltip=\"Souhrn n\u00e1bo\u017eensk\u00fdch \u00fakon\u016f uct\u00edv\u00e1n\u00ed bo\u017estva nebo svat\u00e9 bytosti.\" tabindex=\"0\">kult<\/span> udr\u017eovala sousedsk\u00e1 sdru\u017een\u00ed. V\u00fdro\u010dn\u00ed sv\u00e1tek <em>Compitalia<\/em> v zim\u011b byl pohybliv\u00fdm sv\u00e1tkem, jeho\u017e term\u00edn stanovoval p\u0159\u00edslu\u0161n\u00fd magistr\u00e1t.<\/p><p>P\u0159i t\u00e9to p\u0159\u00edle\u017eitosti se svatyn\u011b zdobily a konaly se ob\u011btiny a spole\u010dn\u00e9 oslavy sousedstva. Tato sdru\u017een\u00ed, <em>collegia compitalicia<\/em>, m\u011bla v jist\u00fdch dob\u00e1ch zna\u010dn\u00fd politick\u00fd v\u00e1hu, a proto byla v pozdn\u00ed republice opakovan\u011b omezov\u00e1na.<\/p><p>Augustus reorganizoval kompit\u00e1lsk\u00fd kult od roku 7 p\u0159ed na\u0161\u00edm letopo\u010dtem. Rozd\u011blil m\u011bsto na obvody a na k\u0159i\u017eovatk\u00e1ch nechal uct\u00edvat <em>Lares Augusti<\/em> spole\u010dn\u011b se sv\u00fdm vlastn\u00edm g\u00e9niem.<\/p><p>Spr\u00e1vu m\u011bli na starosti <em>vicomagistri<\/em>, \u010dasto propu\u0161t\u011bn\u00ed otroci, kter\u00fdm t\u00edm p\u0159ipadla n\u00e1bo\u017eensk\u00e1 a spole\u010densk\u00e1 role. Tak byl dom\u00e1c\u00ed kult v\u0159azen do struktury c\u00edsa\u0159sk\u00e9ho n\u00e1bo\u017eenstv\u00ed.<\/p><p>\u010casov\u00fd rozsah kultu L\u00e1r\u016f sah\u00e1 podle <span class=\"iwg-fachbegriff\" data-tooltip=\"P\u0159ed\u00e1v\u00e1n\u00ed v\u011bdomost\u00ed a vypr\u00e1v\u011bn\u00ed nap\u0159\u00ed\u010d generacemi.\" tabindex=\"0\">pod\u00e1n\u00ed<\/span> hluboko do d\u00e1vn\u00e9 minulosti. Compitalia pat\u0159ila k pevn\u00fdm dat\u016fm republik\u00e1nsk\u00e9ho sv\u00e1te\u010dn\u00edho kalend\u00e1\u0159e, av\u0161ak jejich p\u0159esn\u00e9 datum nebylo stanoveno napevno, n\u00fdbr\u017e se ka\u017edoro\u010dn\u011b ur\u010dovalo kr\u00e1tce po saturn\u00e1li\u00edch vyhl\u00e1\u0161en\u00edm praetora nebo jin\u00e9ho magistr\u00e1ta.<\/p><p>Toto pohybliv\u00e9 stanoven\u00ed spojovalo sv\u00e1tek se z\u00e1v\u011brem venkovsk\u00e9ho pracovn\u00edho roku. Cato Star\u0161\u00ed zmi\u0148uje ve sv\u00e9m spise o zem\u011bd\u011blstv\u00ed uct\u00edv\u00e1n\u00ed L\u00e1r\u016f statk\u00e1\u0159em a jeho \u017eenou, \u010d\u00edm\u017e dokl\u00e1d\u00e1, \u017ee <span class=\"iwg-fachbegriff\" data-tooltip=\"Souhrn n\u00e1bo\u017eensk\u00fdch \u00fakon\u016f uct\u00edv\u00e1n\u00ed bo\u017estva nebo svat\u00e9 bytosti.\" tabindex=\"0\">kult<\/span> m\u011bl sv\u00e9 pevn\u00e9 m\u00edsto i na velk\u00e9m venkovsk\u00e9m statku.<\/p><p>Dionysios z Halikarnassu p\u0159isuzuje z\u0159\u00edzen\u00ed k\u0159i\u017eovatkov\u00fdch svatyn\u00ed kr\u00e1li Serviu Tulliovi, co\u017e je etiologick\u00e9 zp\u011btn\u00e9 datov\u00e1n\u00ed, je\u017e m\u011blo zd\u016fraznit vysok\u00fd rang kultu. V pozdn\u00ed republice byla collegia compitalicia opakovan\u011b rozpu\u0161t\u011bna usnesen\u00edm sen\u00e1tu, proto\u017ee byla vn\u00edm\u00e1na jako ohniska m\u011bstsk\u00fdch nepokoj\u016f, a za Caesara byla znovu omezena.<\/p><p>Augustovsk\u00e1 reorganizace od roku 7 p\u0159ed na\u0161\u00edm letopo\u010dtem prom\u011bnila toto potenci\u00e1ln\u011b nepokojn\u00e9 za\u0159\u00edzen\u00ed v uspo\u0159\u00e1dan\u00fd prvek m\u011bstsk\u00e9 spr\u00e1vy. \u0158\u00edm byl rozd\u011blen na \u010dtrn\u00e1ct region\u016f a \u0159adu vici, a na ka\u017ed\u00e9 vybudovan\u00e9 k\u0159i\u017eovatce od t\u00e9 doby st\u00e1la <span class=\"iwg-fachbegriff\" data-tooltip=\"Mal\u00e9 svat\u00e9 m\u00edsto \u00faschovy nebo modlitby.\" tabindex=\"0\">svatyn\u011b<\/span> Lares Augusti.<\/p>\t\t\t\t\t\t\t\t<\/div>\n\t\t\t\t\t<\/div>\n\t\t\t\t<\/div>\n\t\t<div class=\"elementor-element elementor-element-iwgw-laren-s5 e-flex e-con-boxed e-con e-parent\" data-id=\"iwgw-laren-s5\" data-element_type=\"container\" data-e-type=\"container\">\n\t\t\t\t\t<div class=\"e-con-inner\">\n\t\t\t\t<div class=\"elementor-element elementor-element-iwgw-laren-s5h elementor-widget elementor-widget-heading\" data-id=\"iwgw-laren-s5h\" data-element_type=\"widget\" data-e-type=\"widget\" data-widget_type=\"heading.default\">\n\t\t\t\t\t<h2 class=\"elementor-heading-title elementor-size-default\">Ochrann\u00e1 praxe a apotropaick\u00e9 prvky<\/h2>\t\t\t\t<\/div>\n\t\t\t\t<div class=\"elementor-element elementor-element-iwgw-laren-s5t elementor-widget elementor-widget-text-editor\" data-id=\"iwgw-laren-s5t\" data-element_type=\"widget\" data-e-type=\"widget\" data-widget_type=\"text-editor.default\">\n\t\t\t\t\t\t\t\t\t<p>L\u00e1rov\u00e9 byli pova\u017eov\u00e1ni za str\u00e1\u017ece blaha p\u0159esn\u011b vymezen\u00e9 oblasti. V dom\u011b podle \u0159\u00edmsk\u00e9 p\u0159edstavy zaji\u0161\u0165ovali prosp\u011bch rodiny, zachov\u00e1n\u00ed majetku a \u0159\u00e1dn\u00fd chod ka\u017edodenn\u00edho \u017eivota. Dom\u00e1c\u00ed svatyn\u011b tak byla n\u00e1bo\u017eensk\u00fdm st\u0159edem obydl\u00ed, kde se p\u011bstovalo spojen\u00ed mezi obyvateli a ochrann\u00fdmi mocnostmi.<\/p><p>Ochrann\u00e1 praxe spo\u010d\u00edvala p\u0159edev\u0161\u00edm v pravideln\u00e9 pozornosti. Kdo se o L\u00e1ry staral, mohl podle \u0159\u00edmsk\u00e9ho ch\u00e1p\u00e1n\u00ed spolehliv\u011b o\u010dek\u00e1vat, \u017ee budou d\u016fm br\u00e1nit. Kdo je zanedb\u00e1val, riskoval jejich nevoli, jak jasn\u011b ukazuje divadeln\u00ed postava u Plauta.<\/p><p>\u0160lo tedy o vztah vz\u00e1jemn\u00e9 povinnosti, kter\u00fd odpov\u00eddal obecn\u00e9mu \u0159\u00edmsk\u00e9mu principu daru a protidaru ve styku s bohy.<\/p><p>Na k\u0159i\u017eovatk\u00e1ch m\u011bl kult L\u00e1r\u016f je\u0161t\u011b dal\u0161\u00ed, prostorov\u011b v\u00e1zan\u00fd v\u00fdznam. K\u0159i\u017eovatky byly pova\u017eov\u00e1ny za m\u00edsta, kde se dot\u00fdkaly hranice a kde se sb\u00edhal pohyb. <em>Lares compitales<\/em> m\u011bli tuto nep\u0159ehlednou oblast uspo\u0159\u00e1dat a zajistit bezpe\u010d\u00ed okol\u00ed obyvatel.<\/p><p>P\u0159i sv\u00e1tku Compitalia se m\u00edsty zav\u011b\u0161ovaly tak\u00e9 vln\u011bn\u00e9 loutky a vln\u011bn\u00e9 m\u00ed\u010dky, zvyk, kter\u00fd je v badatelsk\u00e9 literatu\u0159e vykl\u00e1d\u00e1n jako ochrann\u00fd nebo usmi\u0159ovac\u00ed \u00fakon. V\u0161em t\u011bmto zvyklostem je spole\u010dn\u00e9, \u017ee c\u00edlily m\u00e9n\u011b na odvr\u00e1cen\u00ed jednotliv\u00fdch ohro\u017een\u00ed ne\u017e na trvalou p\u00e9\u010di o uspo\u0159\u00e1dan\u00fd, chr\u00e1n\u011bn\u00fd prostor.<\/p>\t\t\t\t\t\t\t\t<\/div>\n\t\t\t\t\t<\/div>\n\t\t\t\t<\/div>\n\t\t<div class=\"elementor-element elementor-element-iwgw-laren-s6 e-flex e-con-boxed e-con e-parent\" data-id=\"iwgw-laren-s6\" data-element_type=\"container\" data-e-type=\"container\">\n\t\t\t\t\t<div class=\"e-con-inner\">\n\t\t\t\t<div class=\"elementor-element elementor-element-iwgw-laren-s6h elementor-widget elementor-widget-heading\" data-id=\"iwgw-laren-s6h\" data-element_type=\"widget\" data-e-type=\"widget\" data-widget_type=\"heading.default\">\n\t\t\t\t\t<h2 class=\"elementor-heading-title elementor-size-default\">Paralely v jin\u00fdch kultur\u00e1ch<\/h2>\t\t\t\t<\/div>\n\t\t\t\t<div class=\"elementor-element elementor-element-iwgw-laren-s6t elementor-widget elementor-widget-text-editor\" data-id=\"iwgw-laren-s6t\" data-element_type=\"widget\" data-e-type=\"widget\" data-widget_type=\"text-editor.default\">\n\t\t\t\t\t\t\t\t\t<p>Larov\u00e9 p\u0159edstavuj\u00ed typ ochrann\u00fdch duch\u016f, kter\u00fd m\u00e1 obdoby v mnoha kultur\u00e1ch. Uvnit\u0159 samotn\u00e9ho \u0159\u00edmsk\u00e9ho n\u00e1bo\u017eenstv\u00ed jsou \u00fazce spojeni s Pen\u00e1ty, ochrann\u00fdmi duchy sp\u00ed\u017ee, a s Geniem hlavy domu.<\/p><p>Pen\u00e1ti a Larov\u00e9 byli v dom\u00e1c\u00edm svatost\u00e1nku \u010dasto uct\u00edv\u00e1ni spole\u010dn\u011b, p\u0159esto z\u016fst\u00e1vali pojmov\u011b odd\u011bleni. Pen\u00e1ti byli v\u00edce v\u00e1z\u00e1ni na podstatu domu a jeho z\u00e1soby potravin, Larov\u00e9 na m\u00edsto a spole\u010denstv\u00ed.<\/p><p>\u0158eckou paralelu lze nejl\u00e9pe nal\u00e9zt v p\u0159edstav\u00e1ch o dom\u00e1c\u00edch bo\u017estvech a ochrann\u00fdch d\u00e9monech, nap\u0159\u00edklad v <em>agathos daimon<\/em>, dobr\u00e9m <span class=\"iwg-fachbegriff\" data-tooltip=\"Bytost bez t\u011bla, j\u00ed\u017e se p\u0159isuzuje p\u016fsoben\u00ed ve sv\u011bt\u011b.\" tabindex=\"0\">duchu<\/span>, kter\u00fd byl v n\u011bkter\u00fdch \u0159eck\u00fdch kontextech zobrazov\u00e1n jako had a uct\u00edv\u00e1n pro blaho domu.<\/p><p>P\u0159\u00edm\u00e9 ztoto\u017en\u011bn\u00ed v\u0161ak neexistuje. Larov\u00e9 jsou specificky \u0159\u00edmsk\u00fd jev, patrn\u011b spoluutv\u00e1\u0159en\u00fd i etrusk\u00fdmi p\u0159edstavami.<\/p><p>Z v\u011bdeck\u00e9ho hlediska pat\u0159\u00ed Larov\u00e9 do \u0161irok\u00e9ho okruhu dom\u00e1c\u00edch a m\u00edstn\u00edch duch\u016f, kter\u00fd sah\u00e1 od dom\u00e1c\u00edch boh\u016f r\u016fzn\u00fdch kultur a\u017e po duchy p\u0159edk\u016f a str\u00e1\u017ece prahu.<\/p><p>Spole\u010dn\u00e9 t\u011bmto postav\u00e1m je, \u017ee se nezab\u00fdvaj\u00ed velk\u00fdmi kosmick\u00fdmi ot\u00e1zkami, ale chr\u00e1n\u00ed bl\u00edzk\u00fd \u017eivotn\u00ed prostor. Larov\u00e9 jsou pro to obzvl\u00e1\u0161t\u011b dob\u0159e dolo\u017een\u00fdm p\u0159\u00edkladem, nebo\u0165 archeologick\u00e9 <span class=\"iwg-fachbegriff\" data-tooltip=\"P\u0159ed\u00e1v\u00e1n\u00ed v\u011bdomost\u00ed a vypr\u00e1v\u011bn\u00ed nap\u0159\u00ed\u010d generacemi.\" tabindex=\"0\">tradov\u00e1n\u00ed<\/span> \u0159\u00edmsk\u00e9ho sv\u011bta dokl\u00e1d\u00e1 dom\u00e1c\u00ed <span class=\"iwg-fachbegriff\" data-tooltip=\"\u017dit\u00fd n\u00e1bo\u017eensk\u00fd postoj a praxe \u010dlov\u011bka.\" tabindex=\"0\">zbo\u017enost<\/span> velmi n\u00e1zorn\u011b.<\/p><p>Vlastn\u00ed roli hr\u00e1li Larov\u00e9 p\u0159i pohybu p\u0159es hranice. Existovali nejen Lares familiares a compitales, ale tak\u00e9 Lares viales jako ochrann\u00ed duchov\u00e9 cest, Lares permarini pro n\u00e1mo\u0159n\u00ed trasy a Lares praestites, kte\u0159\u00ed byli pova\u017eov\u00e1ni za str\u00e1\u017ece cel\u00e9ho m\u011bsta a m\u011bli vlastn\u00ed <span class=\"iwg-fachbegriff\" data-tooltip=\"Svat\u00e9 m\u00edsto zasv\u011bcen\u00e9 uct\u00edv\u00e1n\u00ed bo\u017estva.\" tabindex=\"0\">svatyni<\/span>.<\/p><p>Tato pestrost ukazuje, \u017ee pojem Lar\u016f bylo mo\u017en\u00e9 pou\u017e\u00edt v\u017edy tam, kde m\u011bl b\u00fdt pod ochranu postaven prostor nebo cesta. Ovidius zmi\u0148uje ve Fasti star\u00fd <span class=\"iwg-fachbegriff\" data-tooltip=\"Stavba slou\u017e\u00edc\u00ed uct\u00edv\u00e1n\u00ed jednoho nebo v\u00edce bo\u017estev.\" tabindex=\"0\">chr\u00e1m<\/span> Lares praestites na Sacra Via, jeho\u017e v\u00fdjev zobrazoval dv\u011b postavy se psem, p\u0159i\u010dem\u017e pes byl vykl\u00e1d\u00e1n jako <span class=\"iwg-fachbegriff\" data-tooltip=\"V\u00fdsti\u017en\u00fd obraz, kter\u00fd zastupuje abstraktn\u00ed my\u0161lenku.\" tabindex=\"0\">symbol<\/span> bd\u011blosti.<\/p>\t\t\t\t\t\t\t\t<\/div>\n\t\t\t\t\t<\/div>\n\t\t\t\t<\/div>\n\t\t<div class=\"elementor-element elementor-element-iwgw-laren-s7 e-flex e-con-boxed e-con e-parent\" data-id=\"iwgw-laren-s7\" data-element_type=\"container\" data-e-type=\"container\">\n\t\t\t\t\t<div class=\"e-con-inner\">\n\t\t\t\t<div class=\"elementor-element elementor-element-iwgw-laren-s7h elementor-widget elementor-widget-heading\" data-id=\"iwgw-laren-s7h\" data-element_type=\"widget\" data-e-type=\"widget\" data-widget_type=\"heading.default\">\n\t\t\t\t\t<h2 class=\"elementor-heading-title elementor-size-default\">Sou\u010dasn\u00e1 recepce a v\u00fdzkum<\/h2>\t\t\t\t<\/div>\n\t\t\t\t<div class=\"elementor-element elementor-element-iwgw-laren-s7t elementor-widget elementor-widget-text-editor\" data-id=\"iwgw-laren-s7t\" data-element_type=\"widget\" data-e-type=\"widget\" data-widget_type=\"text-editor.default\">\n\t\t\t\t\t\t\t\t\t<p>V modern\u00edm v\u00fdzkumu jsou Larov\u00e9 \u010dasto zpracov\u00e1van\u00fdm t\u00e9matem, p\u0159edev\u0161\u00edm proto, \u017ee poskytuj\u00ed vhled do \u017eit\u00e9 n\u00e1bo\u017eensk\u00e9 praxe mimo velk\u00e9 st\u00e1tn\u00ed kulty. Ji\u017e Georg Wissowa se jim v\u011bnoval ve sv\u00e9m zpracov\u00e1n\u00ed \u0159\u00edmsk\u00e9ho n\u00e1bo\u017eenstv\u00ed a Kurt Latte se zab\u00fdval ot\u00e1zkou jejich p\u016fvodu.<\/p><p>Star\u0161\u00ed badatelsk\u00fd sm\u011br vykl\u00e1dal Lary jako zbo\u017e\u0161t\u011bn\u00e9 p\u0159edky, nov\u011bj\u0161\u00ed sm\u011br, zast\u00e1van\u00fd nap\u0159\u00edklad Johnem Scheidem a dal\u0161\u00edmi, klade v\u011bt\u0161\u00ed d\u016fraz na jejich povahu m\u00edstn\u00edch duch\u016f.<\/p><p>Archeologick\u00fd v\u00fdzkum l\u00e1r\u00e1ri\u00ed v Pompej\u00edch a Herculaneu v\u00fdrazn\u011b zp\u0159esnil obraz dom\u00e1c\u00edho kultu. Ukazuje, \u017ee t\u00e9m\u011b\u0159 ka\u017ed\u00fd d\u016fm, bez ohledu na blahobyt, m\u011bl svatost\u00e1nek Lar\u016f, a n\u00e1zorn\u011b dokl\u00e1d\u00e1 spojen\u00ed Lara, Genia a hada.<\/p><p>Tak\u00e9 augustovsk\u00fd kult kompit\u00e1li\u00ed je dob\u0159e dolo\u017een n\u00e1pisy a reli\u00e9fy a je pova\u017eov\u00e1n za vzorov\u00fd p\u0159\u00edklad zapojen\u00ed lidov\u00e9ho n\u00e1bo\u017eenstv\u00ed do c\u00edsa\u0159sk\u00e9ho \u0159\u00e1du.<\/p><p>V dne\u0161n\u00ed obecn\u00e9 kultu\u0159e jsou Larov\u00e9 m\u00e9n\u011b zn\u00e1m\u00ed ne\u017e velc\u00ed bohov\u00e9, p\u0159esto se pravideln\u011b objevuj\u00ed v zobrazen\u00edch \u0159\u00edmsk\u00e9ho b\u011b\u017en\u00e9ho \u017eivota, nap\u0159\u00edklad v muze\u00edch, v historick\u00e9m vzd\u011bl\u00e1v\u00e1n\u00ed a v popul\u00e1rn\u00edch knih\u00e1ch o <span class=\"iwg-fachbegriff\" data-tooltip=\"Epocha \u0159eck\u00e9 a \u0159\u00edmsk\u00e9 kultury, zhruba 800 p\u0159. n. l. a\u017e 600 n. l.\" tabindex=\"0\">antick\u00e9m<\/span> \u0158\u00edm\u011b.<\/p><p>Pro <span class=\"iwg-fachbegriff\" data-tooltip=\"V\u011bda, kter\u00e1 zkoum\u00e1 n\u00e1bo\u017eenstv\u00ed srovn\u00e1vac\u00edm zp\u016fsobem a bez vazby na v\u00edru.\" tabindex=\"0\">religionistiku<\/span> z\u016fst\u00e1vaj\u00ed d\u016fle\u017eit\u00fdm p\u0159\u00edkladem toho, \u017ee \u0159\u00edmsk\u00e9 n\u00e1bo\u017eenstv\u00ed bylo p\u0159edev\u0161\u00edm v\u011bc\u00ed praxe, m\u00edsta a spole\u010denstv\u00ed.<\/p>\t\t\t\t\t\t\t\t<\/div>\n\t\t\t\t\t<\/div>\n\t\t\t\t<\/div>\n\t\t<div class=\"elementor-element elementor-element-iwgw-laren-lit e-flex e-con-boxed e-con e-parent\" data-id=\"iwgw-laren-lit\" data-element_type=\"container\" data-e-type=\"container\">\n\t\t\t\t\t<div class=\"e-con-inner\">\n\t\t\t\t<div class=\"elementor-element elementor-element-iwgw-laren-lith elementor-widget elementor-widget-heading\" data-id=\"iwgw-laren-lith\" data-element_type=\"widget\" data-e-type=\"widget\" data-widget_type=\"heading.default\">\n\t\t\t\t\t<h2 class=\"elementor-heading-title elementor-size-default\">Literatura (v\u00fdb\u011br)<\/h2>\t\t\t\t<\/div>\n\t\t\t\t<div class=\"elementor-element elementor-element-iwgw-laren-litt elementor-widget elementor-widget-text-editor\" data-id=\"iwgw-laren-litt\" data-element_type=\"widget\" data-e-type=\"widget\" data-widget_type=\"text-editor.default\">\n\t\t\t\t\t\t\t\t\t<div data-nosnippet=\"true\"><ul><li>Georg Wissowa: <em>Religion und Kultus der R\u00f6mer<\/em> (1912)<\/li><li>Kurt Latte: <em>R\u00f6mische Religionsgeschichte<\/em> (1960)<\/li><li><span data-nosnippet>Mary Beard, John North, Simon Price: <em>Religions of Rome<\/em> (1998)<\/span><\/li><li>John Scheid: <em>An Introduction to Roman Religion<\/em> (2003)<\/li><li>J\u00f6rg R\u00fcpke: <em>Die Religion der R\u00f6mer<\/em> (2001)<\/li><\/ul><\/div>\t\t\t\t\t\t\t\t<\/div>\n\t\t\t\t\t<\/div>\n\t\t\t\t<\/div>\n\t\t<div class=\"elementor-element elementor-element-iwgw-laren-kwd e-flex e-con-boxed e-con e-parent\" data-id=\"iwgw-laren-kwd\" data-element_type=\"container\" data-e-type=\"container\">\n\t\t\t\t\t<div class=\"e-con-inner\">\n\t\t\t\t<div class=\"elementor-element elementor-element-iwgw-laren-kwdt elementor-widget elementor-widget-text-editor\" data-id=\"iwgw-laren-kwdt\" data-element_type=\"widget\" data-e-type=\"widget\" data-widget_type=\"text-editor.default\">\n\t\t\t\t\t\t\t\t\t<p><em>Souvisej\u00edc\u00ed kl\u00ed\u010dov\u00e9 pojmy: Larov\u00e9, Lares familiares, compitales, Lararium, Pen\u00e1ti, Compitalia, dom\u00e1cnost, k\u0159i\u017eovatka cest.<\/em><\/p>\t\t\t\t\t\t\t\t<\/div>\n\t\t\t\t\t<\/div>\n\t\t\t\t<\/div>\n\t\t<div class=\"elementor-element elementor-element-iwgw-laren-cc e-flex e-con-boxed e-con e-parent\" data-id=\"iwgw-laren-cc\" data-element_type=\"container\" data-e-type=\"container\" id=\"iwg-cc-laren\">\n\t\t\t\t\t<div class=\"e-con-inner\">\n\t\t<div class=\"elementor-element elementor-element-iwgw-laren-ccinner e-flex e-con-boxed e-con e-parent\" data-id=\"iwgw-laren-ccinner\" data-element_type=\"container\" data-e-type=\"container\" data-settings=\"{&quot;background_background&quot;:&quot;classic&quot;}\">\n\t\t\t\t\t<div class=\"e-con-inner\">\n\t\t\t\t<div class=\"elementor-element elementor-element-iwgw-laren-cch elementor-widget elementor-widget-heading\" data-id=\"iwgw-laren-cch\" data-element_type=\"widget\" data-e-type=\"widget\" data-widget_type=\"heading.default\">\n\t\t\t\t\t<h2 class=\"elementor-heading-title elementor-size-default\">iWell Guard a ochrann\u00e9 tradice<\/h2>\t\t\t\t<\/div>\n\t\t\t\t<div class=\"elementor-element elementor-element-iwgw-laren-cct elementor-widget elementor-widget-text-editor\" data-id=\"iwgw-laren-cct\" data-element_type=\"widget\" data-e-type=\"widget\" data-widget_type=\"text-editor.default\">\n\t\t\t\t\t\t\t\t\t<div data-nosnippet=\"true\"><p>iWell Guard navazuje na kulturn\u011b-historickou tradici p\u0159enosn\u00fdch ochrann\u00fdch p\u0159edm\u011bt\u016f, v tradici <a href=\"https:\/\/iwell-guard.com\/cs\/rim\/\">\u0158\u00edma<\/a> a mnoha dal\u0161\u00edch kultur po cel\u00e9m sv\u011bt\u011b. 41 \u00farovn\u00ed, ryz\u00ed zlato, platina, st\u0159\u00edbro, vyrobeno v N\u011bmecku. 30denn\u00ed pr\u00e1vo na vr\u00e1cen\u00ed.<\/p><\/div>\t\t\t\t\t\t\t\t<\/div>\n\t\t\t\t<div class=\"elementor-element elementor-element-iwgw-laren-ccb iwg-cc-button iwg-cc-cta-2026-05-13 elementor-widget elementor-widget-jet-button\" data-id=\"iwgw-laren-ccb\" data-element_type=\"widget\" data-e-type=\"widget\" data-widget_type=\"jet-button.default\">\n\t\t\t\t<div class=\"elementor-widget-container\">\n\t\t\t\t\t<div class=\"elementor-jet-button jet-elements\"><div class=\"jet-button__container\"><a class=\"jet-button__instance jet-button__instance--icon-left hover-effect-1\" href=\"\/ueber-iwell-guard\/?utm_source=iwell-guard.com&amp;utm_medium=info-box&amp;utm_campaign=wesen-tradition\"><div class=\"jet-button__plane jet-button__plane-normal\"><\/div><div class=\"jet-button__plane jet-button__plane-hover\"><\/div><div class=\"jet-button__state jet-button__state-normal\"><span class=\"jet-button__label\">V\u00edce o iWell Guard<\/span><\/div><div class=\"jet-button__state jet-button__state-hover\"><span class=\"jet-button__label\">V\u00edce o iWell Guard<\/span><\/div><\/a><\/div><\/div><style>.elementor-element.elementor-element-iwgw-laren-ccb .jet-button__instance{width:320px;height:56px;}.elementor-element.elementor-element-iwgw-laren-ccb .jet-button__state-normal .jet-button__label{text-align:center;margin:0px 0px 0px 0px;color:#1a1b20;font-family:Montserrat,sans-serif;font-size:13px;font-weight:400;letter-spacing:4px;line-height:1.714em;text-transform:uppercase;}.elementor-element.elementor-element-iwgw-laren-ccb .jet-button__state-hover .jet-button__label{text-align:center;margin:0px 0px 0px 0px;color:#FECC76;font-family:Montserrat,sans-serif;font-size:13px;font-weight:400;letter-spacing:4px;line-height:1.714em;text-transform:uppercase;}.elementor-element.elementor-element-iwgw-laren-ccb .jet-button__plane-normal{background-color:#FECC76;border-style:solid;border-color:#C99540;border-width:2px 2px 2px 2px;}.elementor-element.elementor-element-iwgw-laren-ccb .jet-button__plane-hover{background-color:rgba(0,0,0,0.55);border-style:solid;border-color:#FECC76;border-width:2px 2px 2px 2px;}<\/style>\t\t\t\t<\/div>\n\t\t\t\t<\/div>\n\t\t\t\t<div class=\"elementor-element elementor-element-iwgw-laren-ccd elementor-widget elementor-widget-text-editor\" data-id=\"iwgw-laren-ccd\" data-element_type=\"widget\" data-e-type=\"widget\" data-widget_type=\"text-editor.default\">\n\t\t\t\t\t\t\t\t\t<div data-nosnippet=\"true\"><p style=\"text-align:center;font-size:13px;opacity:0.7;margin-top:14px\" data-nosnippet=\"true\">Osobn\u00ed zku\u0161enosti se mohou li\u0161it. Nejedn\u00e1 se o zdravotnick\u00fd prost\u0159edek. Nen\u00ed slibem l\u00e9\u010div\u00e9ho \u00fa\u010dinku.<\/p><\/div>\t\t\t\t\t\t\t\t<\/div>\n\t\t\t\t\t<\/div>\n\t\t\t\t<\/div>\n\t\t\t\t\t<\/div>\n\t\t\t\t<\/div>\n\t\t<div class=\"elementor-element elementor-element-iwgw-laren-disc e-flex e-con-boxed e-con e-parent\" data-id=\"iwgw-laren-disc\" data-element_type=\"container\" data-e-type=\"container\">\n\t\t\t\t\t<div class=\"e-con-inner\">\n\t\t\t\t<div class=\"elementor-element elementor-element-iwgw-laren-discw elementor-widget elementor-widget-html\" data-id=\"iwgw-laren-discw\" data-element_type=\"widget\" data-e-type=\"widget\" data-widget_type=\"html.default\">\n\t\t\t\t\t<footer data-nosnippet=\"true\" class=\"iwg-disclaimer-block\"><p data-nosnippet=\"true\">iWell Guard <strong>nen\u00ed zdravotnick\u00fd prost\u0159edek<\/strong> a nenahrazuje l\u00e9ka\u0159skou ani psychoterapeutickou l\u00e9\u010dbu. Religionistick\u00fd obsah p\u0159edstavuje kulturn\u011b-historick\u00e9 za\u0159azen\u00ed, nikoli doporu\u010den\u00ed duchovn\u00ed praxe.<\/p><\/footer>\t\t\t\t<\/div>\n\t\t\t\t\t<\/div>\n\t\t\t\t<\/div>\n\t\t\t\t<section class=\"elementor-section elementor-top-section elementor-element elementor-element-p3-laren-cl-780abb elementor-section-boxed elementor-section-height-default elementor-section-height-default\" data-id=\"p3-laren-cl-780abb\" data-element_type=\"section\" data-e-type=\"section\">\n\t\t\t\t\t\t<div class=\"elementor-container elementor-column-gap-default\">\n\t\t\t\t\t<div class=\"elementor-column elementor-col-100 elementor-top-column elementor-element elementor-element-p3-laren-cl-col-d67ccc\" data-id=\"p3-laren-cl-col-d67ccc\" data-element_type=\"column\" data-e-type=\"column\">\n\t\t\t<div class=\"elementor-widget-wrap elementor-element-populated\">\n\t\t\t\t\t\t<div class=\"elementor-element elementor-element-p3-laren-cl-h elementor-widget elementor-widget-heading\" data-id=\"p3-laren-cl-h\" data-element_type=\"widget\" data-e-type=\"widget\" data-widget_type=\"heading.default\">\n\t\t\t\t\t<h2 class=\"elementor-heading-title elementor-size-default\">P\u0159ehled \u0159\u00edmsk\u00fdch dom\u00e1c\u00edch duch\u016f<\/h2>\t\t\t\t<\/div>\n\t\t\t\t<div class=\"elementor-element elementor-element-p3-laren-cl-t elementor-widget elementor-widget-text-editor\" data-id=\"p3-laren-cl-t\" data-element_type=\"widget\" data-e-type=\"widget\" data-widget_type=\"text-editor.default\">\n\t\t\t\t\t\t\t\t\t\nLarov\u00e9 jsou jen \u010d\u00e1st\u00ed rozs\u00e1hlej\u0161\u00edho syst\u00e9mu \u0159\u00edmsk\u00fdch dom\u00e1c\u00edch duch\u016f a dom\u00e1c\u00edch bo\u017estev. \u0158\u00edmsk\u00e9 n\u00e1bo\u017eenstv\u00ed znalo n\u011bkolik t\u0159\u00edd bytost\u00ed, kter\u00e9 chr\u00e1nily rodinn\u00fd \u017eivot, ka\u017ed\u00e1 s vlastn\u00ed funkc\u00ed a vlastn\u00edm <span class=\"iwg-fachbegriff\" data-tooltip=\"Pevn\u011b stanoven\u00fd, opakuj\u00edc\u00ed se n\u00e1bo\u017eensk\u00fd \u00fakon.\" tabindex=\"0\">ritu\u00e1lem<\/span>. Kdo \u010dte o \u0159\u00edmsk\u00fdch dom\u00e1c\u00edch du\u0161\u00edch, m\u011bl by zn\u00e1t celou tuto strukturu.<\/p>\n<p>Nejd\u016fle\u017eit\u011bj\u0161\u00ed \u0159\u00edm\u0161t\u00ed dom\u00e1c\u00ed duchov\u00e9 a dom\u00e1c\u00ed bohov\u00e9 jsou: <strong>Larov\u00e9<\/strong> (ochrann\u00ed duchov\u00e9 domu a k\u0159i\u017eovatek cest, p\u0159\u00edtomn\u00ed u prahu a u krbu), <strong>Pen\u00e1ti<\/strong> (ochrann\u00ed bohov\u00e9 sp\u00ed\u017ee a dom\u00e1c\u00edho z\u00e1sobov\u00e1n\u00ed), <a href=\"https:\/\/iwell-guard.com\/cs\/?page_id=145554\">Manov\u00e9<\/a> (zbo\u017e\u0161t\u011bn\u00ed duchov\u00e9 zem\u0159el\u00fdch \u010dlen\u016f rodiny) a <a href=\"https:\/\/iwell-guard.com\/cs\/genius\/\">Genius<\/a> resp. <a href=\"https:\/\/iwell-guard.com\/cs\/juno\/\">Iuno<\/a> (osobn\u00ed ochrann\u00fd duch mu\u017ee a \u017eeny).<\/p><p>Spole\u010dn\u011b vytv\u00e1\u0159eli Lararium, dom\u00e1c\u00ed svatost\u00e1nek, u kter\u00e9ho se denn\u011b p\u0159in\u00e1\u0161ely ob\u011bti, chl\u00e9b, v\u00edno, kadidlo. Larov\u00e9 a Pen\u00e1ti tak pat\u0159\u00ed do jednoho v\u00fdznamov\u00e9ho celku, kter\u00fd strukturuje \u0159\u00edmsk\u00e9 dom\u00e1c\u00ed n\u00e1bo\u017eenstv\u00ed.<\/p>\t\t\t\t\t\t\t\t<\/div>\n\t\t\t\t\t<\/div>\n\t\t<\/div>\n\t\t\t\t\t<\/div>\n\t\t<\/section>\n\t\t\t\t<section class=\"elementor-section elementor-top-section elementor-element elementor-element-p3-laren-faq-647c32 elementor-section-boxed elementor-section-height-default elementor-section-height-default\" data-id=\"p3-laren-faq-647c32\" data-element_type=\"section\" data-e-type=\"section\">\n\t\t\t\t\t\t<div class=\"elementor-container elementor-column-gap-default\">\n\t\t\t\t\t<div class=\"elementor-column elementor-col-100 elementor-top-column elementor-element elementor-element-p3-laren-faq-col-23f703\" data-id=\"p3-laren-faq-col-23f703\" data-element_type=\"column\" data-e-type=\"column\">\n\t\t\t<div class=\"elementor-widget-wrap elementor-element-populated\">\n\t\t\t\t\t\t<div class=\"elementor-element elementor-element-p3-laren-faq-h elementor-widget elementor-widget-heading\" data-id=\"p3-laren-faq-h\" data-element_type=\"widget\" data-e-type=\"widget\" data-widget_type=\"heading.default\">\n\t\t\t\t\t<h2 class=\"elementor-heading-title elementor-size-default\">\u010casto kladen\u00e9 ot\u00e1zky k t\u00e9matu P\u0159ehled \u0159\u00edmsk\u00fdch dom\u00e1c\u00edch duch\u016f<\/h2>\t\t\t\t<\/div>\n\t\t\t\t<div class=\"elementor-element elementor-element-p3-laren-faq-t elementor-widget elementor-widget-text-editor\" data-id=\"p3-laren-faq-t\" data-element_type=\"widget\" data-e-type=\"widget\" data-widget_type=\"text-editor.default\">\n\t\t\t\t\t\t\t\t\t\n<details class=\"iwg-faq-item\">\n  <summary><strong>Jac\u00ed jsou \u0159\u00edm\u0161t\u00ed dom\u00e1c\u00ed duchov\u00e9?<\/strong><\/summary>\n  <p>\u0158\u00edmsk\u00e9 n\u00e1bo\u017eenstv\u00ed rozli\u0161uje \u010dty\u0159i hlavn\u00ed t\u0159\u00eddy dom\u00e1c\u00edch duch\u016f: L\u00e1rov\u00e9 (ochrann\u00ed duchov\u00e9 prahu a krbu), Pen\u00e1ti (bohov\u00e9 z\u00e1sob a zaopat\u0159en\u00ed), Manov\u00e9 (zbo\u017e\u0161t\u011bn\u00ed p\u0159edkov\u00e9) a Genius, resp. Iuno (osobn\u00ed ochrann\u00fd duch). V\u0161ichni byli spole\u010dn\u011b uct\u00edv\u00e1ni u lararia, dom\u00e1c\u00edho svatost\u00e1nku.<\/p>\n<\/details>\n\n<details class=\"iwg-faq-item\">\n  <summary><strong>Jak\u00fd je rozd\u00edl mezi L\u00e1ry a Pen\u00e1ty?<\/strong><\/summary>\n  <p>L\u00e1rov\u00e9 chr\u00e1nili d\u016fm a rodinu jako celek, zejm\u00e9na pr\u00e1h, krb a k\u0159i\u017eovatky cest. Pen\u00e1ti byli konkr\u00e9tn\u011b zodpov\u011bdn\u00ed za sp\u00ed\u017e a dom\u00e1c\u00ed zaopat\u0159en\u00ed. Oba byly uct\u00edv\u00e1ny spole\u010dn\u011b u lararia, ale m\u011bly dopl\u0148kov\u00e9 funkce: L\u00e1rov\u00e9 = ochrana, Pen\u00e1ti = zaopat\u0159en\u00ed.<\/p>\n<\/details>\t\t\t\t\t\t\t\t<\/div>\n\t\t\t\t<div class=\"elementor-element elementor-element-p3-laren-faq-s elementor-widget elementor-widget-html\" data-id=\"p3-laren-faq-s\" data-element_type=\"widget\" data-e-type=\"widget\" data-widget_type=\"html.default\">\n\t\t\t\t\t<script type=\"application\/ld+json\">{\"@context\": \"https:\/\/schema.org\", \"@type\": \"FAQPage\", \"mainEntity\": [{\"@type\": \"Question\", \"name\": \"Jac\u00ed jsou \u0159\u00edm\u0161t\u00ed dom\u00e1c\u00ed duchov\u00e9?\", \"acceptedAnswer\": {\"@type\": \"Answer\", \"text\": \"\u0158\u00edmsk\u00e9 n\u00e1bo\u017eenstv\u00ed rozli\u0161uje \u010dty\u0159i hlavn\u00ed t\u0159\u00eddy dom\u00e1c\u00edch duch\u016f: L\u00e1rov\u00e9 (ochrann\u00ed duchov\u00e9 prahu a krbu), Pen\u00e1ti (bohov\u00e9 z\u00e1sob a zaopat\u0159en\u00ed), Manov\u00e9 (zbo\u017e\u0161t\u011bn\u00ed p\u0159edkov\u00e9) a Genius, resp. Iuno (osobn\u00ed ochrann\u00fd duch). V\u0161ichni byli spole\u010dn\u011b uct\u00edv\u00e1ni u lararia, dom\u00e1c\u00edho svatost\u00e1nku.\"}}, {\"@type\": \"Question\", \"name\": \"Jak\u00fd je rozd\u00edl mezi L\u00e1ry a Pen\u00e1ty?\", \"acceptedAnswer\": {\"@type\": \"Answer\", \"text\": \"L\u00e1rov\u00e9 chr\u00e1nili d\u016fm a rodinu jako celek, zejm\u00e9na pr\u00e1h, krb a k\u0159i\u017eovatky cest. Pen\u00e1ti byli konkr\u00e9tn\u011b zodpov\u011bdn\u00ed za sp\u00ed\u017e a dom\u00e1c\u00ed zaopat\u0159en\u00ed. Oba byly uct\u00edv\u00e1ny spole\u010dn\u011b u lararia, ale m\u011bly dopl\u0148kov\u00e9 funkce: L\u00e1rov\u00e9 = ochrana, Pen\u00e1ti = zaopat\u0159en\u00ed.\"}}]}<\/script>\t\t\t\t<\/div>\n\t\t\t\t\t<\/div>\n\t\t<\/div>\n\t\t\t\t\t<\/div>\n\t\t<\/section>\n\t\t\t\t<\/div>\n\t\t","protected":false},"excerpt":{"rendered":"","protected":false},"author":3,"featured_media":3387,"parent":0,"menu_order":0,"comment_status":"closed","ping_status":"closed","template":"elementor_header_footer","meta":{"_yoast_wpseo_focuskw":"L\u00e1rov\u00e9 \u2013 \u0159\u00edm\u0161t\u00ed ochrann\u00ed duchov\u00e9","_yoast_wpseo_title":"L\u00e1rov\u00e9 \u2013 \u0159\u00edm\u0161t\u00ed ochrann\u00ed duchov\u00e9 domu","_yoast_wpseo_metadesc":"L\u00e1rov\u00e9 jsou \u0159\u00edm\u0161t\u00ed ochrann\u00ed duchov\u00e9 domu, rodiny a rozcest\u00ed. Religionistick\u00e9 za\u0159azen\u00ed v\u010detn\u011b kultu a pramen\u016f.","_yoast_wpseo_meta-robots-noindex":"","_yoast_wpseo_canonical":"","_angie_page":false,"gefaehrdungsstufe":"","wesen_kultur":"","wesen_klasse":"","footnotes":""},"categories":[],"class_list":["post-145553","page","type-page","status-publish","has-post-thumbnail","hentry"],"yoast_head":"<!-- This site is optimized with the Yoast SEO Premium plugin v27.7 (Yoast SEO v28.3) - https:\/\/yoast.com\/product\/yoast-seo-premium-wordpress\/ -->\n<title>L\u00e1rov\u00e9 \u2013 \u0159\u00edm\u0161t\u00ed ochrann\u00ed duchov\u00e9 domu<\/title>\n<meta name=\"description\" content=\"L\u00e1rov\u00e9 jsou \u0159\u00edm\u0161t\u00ed ochrann\u00ed duchov\u00e9 domu, rodiny a rozcest\u00ed. Religionistick\u00e9 za\u0159azen\u00ed v\u010detn\u011b kultu a pramen\u016f.\" \/>\n<meta name=\"robots\" content=\"index, follow, max-snippet:-1, max-image-preview:large, max-video-preview:-1\" \/>\n<link rel=\"canonical\" href=\"https:\/\/iwell-guard.com\/cs\/larove-rimsti-ochranni-duchove-domu\/\" \/>\n<meta property=\"og:locale\" content=\"cs_CZ\" \/>\n<meta property=\"og:type\" content=\"article\" \/>\n<meta property=\"og:title\" content=\"L\u00e1rov\u00e9 \u2013 \u0159\u00edm\u0161t\u00ed ochrann\u00ed duchov\u00e9 domu\" \/>\n<meta property=\"og:description\" content=\"L\u00e1rov\u00e9 jsou \u0159\u00edm\u0161t\u00ed ochrann\u00ed duchov\u00e9 domu, rodiny a rozcest\u00ed. Religionistick\u00e9 za\u0159azen\u00ed v\u010detn\u011b kultu a pramen\u016f.\" \/>\n<meta property=\"og:url\" content=\"https:\/\/iwell-guard.com\/cs\/larove-rimsti-ochranni-duchove-domu\/\" \/>\n<meta property=\"og:site_name\" content=\"iWell Guard\" \/>\n<meta property=\"article:modified_time\" content=\"2026-09-03T16:59:07+00:00\" \/>\n<meta property=\"og:image\" content=\"https:\/\/iwell-guard.com\/wp-content\/uploads\/2026\/05\/geister_rom_laren-1.webp\" \/>\n\t<meta property=\"og:image:width\" content=\"1024\" \/>\n\t<meta property=\"og:image:height\" content=\"1536\" \/>\n\t<meta property=\"og:image:type\" content=\"image\/webp\" \/>\n<meta name=\"twitter:card\" content=\"summary_large_image\" \/>\n<script type=\"application\/ld+json\" class=\"yoast-schema-graph\">{\"@context\":\"https:\\\/\\\/schema.org\",\"@graph\":[{\"@type\":\"WebPage\",\"@id\":\"https:\\\/\\\/iwell-guard.com\\\/cs\\\/larove-rimsti-ochranni-duchove-domu\\\/\",\"url\":\"https:\\\/\\\/iwell-guard.com\\\/cs\\\/larove-rimsti-ochranni-duchove-domu\\\/\",\"name\":\"L\u00e1rov\u00e9 \u2013 \u0159\u00edm\u0161t\u00ed ochrann\u00ed duchov\u00e9 domu\",\"isPartOf\":{\"@id\":\"https:\\\/\\\/iwell-guard.com\\\/cs\\\/#website\"},\"primaryImageOfPage\":{\"@id\":\"https:\\\/\\\/iwell-guard.com\\\/cs\\\/larove-rimsti-ochranni-duchove-domu\\\/#primaryimage\"},\"image\":{\"@id\":\"https:\\\/\\\/iwell-guard.com\\\/cs\\\/larove-rimsti-ochranni-duchove-domu\\\/#primaryimage\"},\"thumbnailUrl\":\"https:\\\/\\\/iwell-guard.com\\\/wp-content\\\/uploads\\\/2026\\\/05\\\/geister_rom_laren-1.webp\",\"datePublished\":\"2026-09-03T16:31:31+00:00\",\"dateModified\":\"2026-09-03T16:59:07+00:00\",\"description\":\"L\u00e1rov\u00e9 jsou \u0159\u00edm\u0161t\u00ed ochrann\u00ed duchov\u00e9 domu, rodiny a rozcest\u00ed. Religionistick\u00e9 za\u0159azen\u00ed v\u010detn\u011b kultu a pramen\u016f.\",\"breadcrumb\":{\"@id\":\"https:\\\/\\\/iwell-guard.com\\\/cs\\\/larove-rimsti-ochranni-duchove-domu\\\/#breadcrumb\"},\"inLanguage\":\"cs\",\"potentialAction\":[{\"@type\":\"ReadAction\",\"target\":[\"https:\\\/\\\/iwell-guard.com\\\/cs\\\/larove-rimsti-ochranni-duchove-domu\\\/\"]}]},{\"@type\":\"ImageObject\",\"inLanguage\":\"cs\",\"@id\":\"https:\\\/\\\/iwell-guard.com\\\/cs\\\/larove-rimsti-ochranni-duchove-domu\\\/#primaryimage\",\"url\":\"https:\\\/\\\/iwell-guard.com\\\/wp-content\\\/uploads\\\/2026\\\/05\\\/geister_rom_laren-1.webp\",\"contentUrl\":\"https:\\\/\\\/iwell-guard.com\\\/wp-content\\\/uploads\\\/2026\\\/05\\\/geister_rom_laren-1.webp\",\"width\":1024,\"height\":1536,\"caption\":\"Duchov\u00e9 z \u0159\u00edmsk\u00e9 tradice.\"},{\"@type\":\"BreadcrumbList\",\"@id\":\"https:\\\/\\\/iwell-guard.com\\\/cs\\\/larove-rimsti-ochranni-duchove-domu\\\/#breadcrumb\",\"itemListElement\":[{\"@type\":\"ListItem\",\"position\":1,\"name\":\"Start\",\"item\":\"https:\\\/\\\/iwell-guard.com\\\/cs\\\/?page_id=145107\"},{\"@type\":\"ListItem\",\"position\":2,\"name\":\"L\u00e1rov\u00e9 \u2013 \u0159\u00edm\u0161t\u00ed ochrann\u00ed duchov\u00e9 domu\"}]},{\"@type\":\"WebSite\",\"@id\":\"https:\\\/\\\/iwell-guard.com\\\/cs\\\/#website\",\"url\":\"https:\\\/\\\/iwell-guard.com\\\/cs\\\/\",\"name\":\"iWell Guard\",\"description\":\"Schutz vor dunklen Einfl\u00fcssen\",\"publisher\":{\"@id\":\"https:\\\/\\\/iwell-guard.com\\\/cs\\\/#organization\"},\"potentialAction\":[{\"@type\":\"SearchAction\",\"target\":{\"@type\":\"EntryPoint\",\"urlTemplate\":\"https:\\\/\\\/iwell-guard.com\\\/cs\\\/?s={search_term_string}\"},\"query-input\":{\"@type\":\"PropertyValueSpecification\",\"valueRequired\":true,\"valueName\":\"search_term_string\"}}],\"inLanguage\":\"cs\"},{\"@type\":\"Organization\",\"@id\":\"https:\\\/\\\/iwell-guard.com\\\/cs\\\/#organization\",\"name\":\"Ittermann electronic GmbH\",\"url\":\"https:\\\/\\\/iwell-guard.com\\\/cs\\\/\",\"logo\":{\"@type\":\"ImageObject\",\"inLanguage\":\"cs\",\"@id\":\"https:\\\/\\\/iwell-guard.com\\\/cs\\\/#\\\/schema\\\/logo\\\/image\\\/\",\"url\":\"https:\\\/\\\/iwell-guard.com\\\/wp-content\\\/uploads\\\/2026\\\/05\\\/Ittermann-Logo-1182x237-1.png\",\"contentUrl\":\"https:\\\/\\\/iwell-guard.com\\\/wp-content\\\/uploads\\\/2026\\\/05\\\/Ittermann-Logo-1182x237-1.png\",\"width\":1182,\"height\":237,\"caption\":\"Ittermann electronic GmbH\"},\"image\":{\"@id\":\"https:\\\/\\\/iwell-guard.com\\\/cs\\\/#\\\/schema\\\/logo\\\/image\\\/\"},\"sameAs\":[\"https:\\\/\\\/pantip.com\\\/profile\\\/9367242\",\"https:\\\/\\\/micro.blog\\\/iwellguard\",\"https:\\\/\\\/www.diggerslist.com\\\/iwellguard\\\/about\",\"https:\\\/\\\/skitterphoto.com\\\/photographers\\\/2870314\\\/iwell-guard\",\"https:\\\/\\\/iwellguard.wordpress.com\\\/2026\\\/06\\\/06\\\/iwell-guard\\\/\",\"https:\\\/\\\/hub.docker.com\\\/u\\\/iwellguard\",\"https:\\\/\\\/www.pinterest.com\\\/iwellguard\\\/\",\"https:\\\/\\\/bit.ly\\\/m\\\/iwellguard\",\"https:\\\/\\\/entre-vos-mains.alsace.eu\\\/profiles\\\/iwellguard\\\/activity\",\"https:\\\/\\\/gravatar.com\\\/reallybeded8fd34\",\"https:\\\/\\\/naijamatta.com\\\/iwellguard\",\"https:\\\/\\\/www.goodreads.com\\\/iwellguard\",\"https:\\\/\\\/profile.hatena.ne.jp\\\/iwellguard\\\/\",\"https:\\\/\\\/experiment.com\\\/users\\\/iwellguard\",\"https:\\\/\\\/wakelet.com\\\/@iWellGuard82270\",\"https:\\\/\\\/www.chordie.com\\\/forum\\\/profile.php?id=2555664\",\"https:\\\/\\\/www.instapaper.com\\\/p\\\/17757966\",\"https:\\\/\\\/www.mapleprimes.com\\\/users\\\/iwellguard\",\"https:\\\/\\\/businesslistingplus.com\\\/profile\\\/iwell-guard\\\/\",\"https:\\\/\\\/telegra.ph\\\/iWell-Guard-06-06\",\"https:\\\/\\\/pbase.com\\\/iwellguard\\\/iwellguard\",\"https:\\\/\\\/b.hatena.ne.jp\\\/iwellguard\\\/20260607#bookmark-4788405196491818882\",\"https:\\\/\\\/fliphtml5.com\\\/home\\\/iwellguard\",\"https:\\\/\\\/anyflip.com\\\/homepage\\\/cmiwl#About\",\"https:\\\/\\\/transfur.com\\\/Users\\\/iwellguard\",\"http:\\\/\\\/delphi.larsbo.org\\\/user\\\/iwellguard\",\"https:\\\/\\\/jobs.lajobsportal.org\\\/profiles\\\/8380803-iwell-guard\",\"https:\\\/\\\/md.chaosdorf.de\\\/s\\\/jfbe5SBdJD\",\"https:\\\/\\\/www.lingvolive.com\\\/en-us\\\/profile\\\/9ecaeaca-ce11-4e51-9e71-01d55e2bff36\\\/translations\",\"https:\\\/\\\/www.fitday.com\\\/fitness\\\/forums\\\/members\\\/iwellguard.html\",\"https:\\\/\\\/www.mymeetbook.com\\\/iwellguard\",\"https:\\\/\\\/pxhere.com\\\/en\\\/photographer-me\\\/5040798\",\"https:\\\/\\\/disqus.com\\\/by\\\/iwellguard\\\/about\\\/\",\"https:\\\/\\\/pastelink.net\\\/hjwciqwq\",\"https:\\\/\\\/pubhtml5.com\\\/homepage\\\/scjhn\\\/\",\"https:\\\/\\\/www.bitchute.com\\\/channel\\\/2O2eOKzNqujT\",\"https:\\\/\\\/audiomack.com\\\/iwellguard\"]}]}<\/script>\n<!-- \/ Yoast SEO Premium plugin. -->","yoast_head_json":{"title":"L\u00e1rov\u00e9 \u2013 \u0159\u00edm\u0161t\u00ed ochrann\u00ed duchov\u00e9 domu","description":"L\u00e1rov\u00e9 jsou \u0159\u00edm\u0161t\u00ed ochrann\u00ed duchov\u00e9 domu, rodiny a rozcest\u00ed. Religionistick\u00e9 za\u0159azen\u00ed v\u010detn\u011b kultu a pramen\u016f.","robots":{"index":"index","follow":"follow","max-snippet":"max-snippet:-1","max-image-preview":"max-image-preview:large","max-video-preview":"max-video-preview:-1"},"canonical":"https:\/\/iwell-guard.com\/cs\/larove-rimsti-ochranni-duchove-domu\/","og_locale":"cs_CZ","og_type":"article","og_title":"L\u00e1rov\u00e9 \u2013 \u0159\u00edm\u0161t\u00ed ochrann\u00ed duchov\u00e9 domu","og_description":"L\u00e1rov\u00e9 jsou \u0159\u00edm\u0161t\u00ed ochrann\u00ed duchov\u00e9 domu, rodiny a rozcest\u00ed. Religionistick\u00e9 za\u0159azen\u00ed v\u010detn\u011b kultu a pramen\u016f.","og_url":"https:\/\/iwell-guard.com\/cs\/larove-rimsti-ochranni-duchove-domu\/","og_site_name":"iWell Guard","article_modified_time":"2026-09-03T16:59:07+00:00","og_image":[{"width":1024,"height":1536,"url":"https:\/\/iwell-guard.com\/wp-content\/uploads\/2026\/05\/geister_rom_laren-1.webp","type":"image\/webp"}],"twitter_card":"summary_large_image","schema":{"@context":"https:\/\/schema.org","@graph":[{"@type":"WebPage","@id":"https:\/\/iwell-guard.com\/cs\/larove-rimsti-ochranni-duchove-domu\/","url":"https:\/\/iwell-guard.com\/cs\/larove-rimsti-ochranni-duchove-domu\/","name":"L\u00e1rov\u00e9 \u2013 \u0159\u00edm\u0161t\u00ed ochrann\u00ed duchov\u00e9 domu","isPartOf":{"@id":"https:\/\/iwell-guard.com\/cs\/#website"},"primaryImageOfPage":{"@id":"https:\/\/iwell-guard.com\/cs\/larove-rimsti-ochranni-duchove-domu\/#primaryimage"},"image":{"@id":"https:\/\/iwell-guard.com\/cs\/larove-rimsti-ochranni-duchove-domu\/#primaryimage"},"thumbnailUrl":"https:\/\/iwell-guard.com\/wp-content\/uploads\/2026\/05\/geister_rom_laren-1.webp","datePublished":"2026-09-03T16:31:31+00:00","dateModified":"2026-09-03T16:59:07+00:00","description":"L\u00e1rov\u00e9 jsou \u0159\u00edm\u0161t\u00ed ochrann\u00ed duchov\u00e9 domu, rodiny a rozcest\u00ed. Religionistick\u00e9 za\u0159azen\u00ed v\u010detn\u011b kultu a pramen\u016f.","breadcrumb":{"@id":"https:\/\/iwell-guard.com\/cs\/larove-rimsti-ochranni-duchove-domu\/#breadcrumb"},"inLanguage":"cs","potentialAction":[{"@type":"ReadAction","target":["https:\/\/iwell-guard.com\/cs\/larove-rimsti-ochranni-duchove-domu\/"]}]},{"@type":"ImageObject","inLanguage":"cs","@id":"https:\/\/iwell-guard.com\/cs\/larove-rimsti-ochranni-duchove-domu\/#primaryimage","url":"https:\/\/iwell-guard.com\/wp-content\/uploads\/2026\/05\/geister_rom_laren-1.webp","contentUrl":"https:\/\/iwell-guard.com\/wp-content\/uploads\/2026\/05\/geister_rom_laren-1.webp","width":1024,"height":1536,"caption":"Duchov\u00e9 z \u0159\u00edmsk\u00e9 tradice."},{"@type":"BreadcrumbList","@id":"https:\/\/iwell-guard.com\/cs\/larove-rimsti-ochranni-duchove-domu\/#breadcrumb","itemListElement":[{"@type":"ListItem","position":1,"name":"Start","item":"https:\/\/iwell-guard.com\/cs\/?page_id=145107"},{"@type":"ListItem","position":2,"name":"L\u00e1rov\u00e9 \u2013 \u0159\u00edm\u0161t\u00ed ochrann\u00ed duchov\u00e9 domu"}]},{"@type":"WebSite","@id":"https:\/\/iwell-guard.com\/cs\/#website","url":"https:\/\/iwell-guard.com\/cs\/","name":"iWell Guard","description":"Schutz vor dunklen Einfl\u00fcssen","publisher":{"@id":"https:\/\/iwell-guard.com\/cs\/#organization"},"potentialAction":[{"@type":"SearchAction","target":{"@type":"EntryPoint","urlTemplate":"https:\/\/iwell-guard.com\/cs\/?s={search_term_string}"},"query-input":{"@type":"PropertyValueSpecification","valueRequired":true,"valueName":"search_term_string"}}],"inLanguage":"cs"},{"@type":"Organization","@id":"https:\/\/iwell-guard.com\/cs\/#organization","name":"Ittermann electronic GmbH","url":"https:\/\/iwell-guard.com\/cs\/","logo":{"@type":"ImageObject","inLanguage":"cs","@id":"https:\/\/iwell-guard.com\/cs\/#\/schema\/logo\/image\/","url":"https:\/\/iwell-guard.com\/wp-content\/uploads\/2026\/05\/Ittermann-Logo-1182x237-1.png","contentUrl":"https:\/\/iwell-guard.com\/wp-content\/uploads\/2026\/05\/Ittermann-Logo-1182x237-1.png","width":1182,"height":237,"caption":"Ittermann electronic GmbH"},"image":{"@id":"https:\/\/iwell-guard.com\/cs\/#\/schema\/logo\/image\/"},"sameAs":["https:\/\/pantip.com\/profile\/9367242","https:\/\/micro.blog\/iwellguard","https:\/\/www.diggerslist.com\/iwellguard\/about","https:\/\/skitterphoto.com\/photographers\/2870314\/iwell-guard","https:\/\/iwellguard.wordpress.com\/2026\/06\/06\/iwell-guard\/","https:\/\/hub.docker.com\/u\/iwellguard","https:\/\/www.pinterest.com\/iwellguard\/","https:\/\/bit.ly\/m\/iwellguard","https:\/\/entre-vos-mains.alsace.eu\/profiles\/iwellguard\/activity","https:\/\/gravatar.com\/reallybeded8fd34","https:\/\/naijamatta.com\/iwellguard","https:\/\/www.goodreads.com\/iwellguard","https:\/\/profile.hatena.ne.jp\/iwellguard\/","https:\/\/experiment.com\/users\/iwellguard","https:\/\/wakelet.com\/@iWellGuard82270","https:\/\/www.chordie.com\/forum\/profile.php?id=2555664","https:\/\/www.instapaper.com\/p\/17757966","https:\/\/www.mapleprimes.com\/users\/iwellguard","https:\/\/businesslistingplus.com\/profile\/iwell-guard\/","https:\/\/telegra.ph\/iWell-Guard-06-06","https:\/\/pbase.com\/iwellguard\/iwellguard","https:\/\/b.hatena.ne.jp\/iwellguard\/20260607#bookmark-4788405196491818882","https:\/\/fliphtml5.com\/home\/iwellguard","https:\/\/anyflip.com\/homepage\/cmiwl#About","https:\/\/transfur.com\/Users\/iwellguard","http:\/\/delphi.larsbo.org\/user\/iwellguard","https:\/\/jobs.lajobsportal.org\/profiles\/8380803-iwell-guard","https:\/\/md.chaosdorf.de\/s\/jfbe5SBdJD","https:\/\/www.lingvolive.com\/en-us\/profile\/9ecaeaca-ce11-4e51-9e71-01d55e2bff36\/translations","https:\/\/www.fitday.com\/fitness\/forums\/members\/iwellguard.html","https:\/\/www.mymeetbook.com\/iwellguard","https:\/\/pxhere.com\/en\/photographer-me\/5040798","https:\/\/disqus.com\/by\/iwellguard\/about\/","https:\/\/pastelink.net\/hjwciqwq","https:\/\/pubhtml5.com\/homepage\/scjhn\/","https:\/\/www.bitchute.com\/channel\/2O2eOKzNqujT","https:\/\/audiomack.com\/iwellguard"]}]}},"_links":{"self":[{"href":"https:\/\/iwell-guard.com\/cs\/wp-json\/wp\/v2\/pages\/145553","targetHints":{"allow":["GET"]}}],"collection":[{"href":"https:\/\/iwell-guard.com\/cs\/wp-json\/wp\/v2\/pages"}],"about":[{"href":"https:\/\/iwell-guard.com\/cs\/wp-json\/wp\/v2\/types\/page"}],"author":[{"embeddable":true,"href":"https:\/\/iwell-guard.com\/cs\/wp-json\/wp\/v2\/users\/3"}],"replies":[{"embeddable":true,"href":"https:\/\/iwell-guard.com\/cs\/wp-json\/wp\/v2\/comments?post=145553"}],"version-history":[{"count":0,"href":"https:\/\/iwell-guard.com\/cs\/wp-json\/wp\/v2\/pages\/145553\/revisions"}],"wp:featuredmedia":[{"embeddable":true,"href":"https:\/\/iwell-guard.com\/cs\/wp-json\/wp\/v2\/media\/3387"}],"wp:attachment":[{"href":"https:\/\/iwell-guard.com\/cs\/wp-json\/wp\/v2\/media?parent=145553"}],"wp:term":[{"taxonomy":"category","embeddable":true,"href":"https:\/\/iwell-guard.com\/cs\/wp-json\/wp\/v2\/categories?post=145553"}],"curies":[{"name":"wp","href":"https:\/\/api.w.org\/{rel}","templated":true}]}}