{"id":145552,"date":"2026-09-03T16:31:30","date_gmt":"2026-09-03T16:31:30","guid":{"rendered":"https:\/\/iwell-guard.com\/?page_id=145552"},"modified":"2026-09-03T16:59:06","modified_gmt":"2026-09-03T16:59:06","slug":"aos-si-lid-pahorku","status":"publish","type":"page","link":"https:\/\/iwell-guard.com\/cs\/aos-si-lid-pahorku\/","title":{"rendered":"Aos S\u00ed \u2013 lid pahork\u016f irsk\u00e9ho jin\u00e9ho sv\u011bta"},"content":{"rendered":"\t\t<div data-elementor-type=\"wp-page\" data-elementor-id=\"145552\" class=\"elementor elementor-145552 elementor-2910 elementor-bc-flex-widget\" data-elementor-post-type=\"page\">\n\t\t\t\t<div class=\"elementor-element elementor-element-hero54b1247 e-flex e-con-boxed e-con e-parent\" data-id=\"hero54b1247\" data-element_type=\"container\" data-e-type=\"container\">\n\t\t\t\t\t<div class=\"e-con-inner\">\n\t\t\t\t<div class=\"elementor-element elementor-element-heroimg9062374 iwg-hero-image elementor-widget elementor-widget-image\" data-id=\"heroimg9062374\" data-element_type=\"widget\" data-e-type=\"widget\" data-widget_type=\"image.default\">\n\t\t\t\t\t\t\t\t\t\t\t\t\t\t\t<img fetchpriority=\"high\" decoding=\"async\" width=\"683\" height=\"1024\" src=\"https:\/\/iwell-guard.com\/wp-content\/uploads\/2026\/05\/geister_keltisch_aos-si-683x1024.webp\" class=\"attachment-large size-large wp-image-147184\" alt=\"Aos S\u00ed \u2013 duchov\u00e9 z keltsk\u00e9 tradice, historicko-ilustrativn\u00ed\" srcset=\"https:\/\/iwell-guard.com\/wp-content\/uploads\/2026\/05\/geister_keltisch_aos-si-683x1024.webp 683w, https:\/\/iwell-guard.com\/wp-content\/uploads\/2026\/05\/geister_keltisch_aos-si-200x300.webp 200w, https:\/\/iwell-guard.com\/wp-content\/uploads\/2026\/05\/geister_keltisch_aos-si-768x1152.webp 768w, https:\/\/iwell-guard.com\/wp-content\/uploads\/2026\/05\/geister_keltisch_aos-si.webp 1024w\" sizes=\"(max-width: 683px) 100vw, 683px\" \/>\t\t\t\t\t\t\t\t\t\t\t\t\t\t\t<\/div>\n\t\t\t\t\t<\/div>\n\t\t\t\t<\/div>\n\t\t<div class=\"elementor-element elementor-element-iwgw-aossi-hero e-flex e-con-boxed e-con e-parent\" data-id=\"iwgw-aossi-hero\" data-element_type=\"container\" data-e-type=\"container\">\n\t\t\t\t\t<div class=\"e-con-inner\">\n\t\t\t\t<div class=\"elementor-element elementor-element-iwgw-aossi-h1 elementor-widget elementor-widget-heading\" data-id=\"iwgw-aossi-h1\" data-element_type=\"widget\" data-e-type=\"widget\" data-widget_type=\"heading.default\">\n\t\t\t\t\t<h1 class=\"elementor-heading-title elementor-size-default\">Aos S\u00ed \u2013 v\u00edl\u00ed bytosti a lid pahork\u016f<\/h1>\t\t\t\t<\/div>\n\t\t\t\t<div class=\"elementor-element elementor-element-iwgw-aossi-pills elementor-widget elementor-widget-html\" data-id=\"iwgw-aossi-pills\" data-element_type=\"widget\" data-e-type=\"widget\" data-widget_type=\"html.default\">\n\t\t\t\t\t<div class=\"iwg-pill-row\"><span class=\"iwg-klasse-badge\" tabindex=\"0\" data-tooltip=\"Duchov\u00e9 keltsk\u00e9 tradice.\">Duchov\u00e9<\/span><a href=\"https:\/\/iwell-guard.com\/cs\/keltska\/\" class=\"iwg-kultur-badge\" tabindex=\"0\" data-tooltip=\"Mytologie keltsk\u00e9 tradice.\">Keltsk\u00e1<\/a><span class=\"iwg-tradition-badge\" tabindex=\"0\" data-tooltip=\"V\u00edl\u00ed bytosti.\">V\u00edl\u00ed bytosti<\/span><\/div>\t\t\t\t<\/div>\n\t\t\t\t<div class=\"elementor-element elementor-element-iwgw-aossi-lead elementor-widget elementor-widget-text-editor\" data-id=\"iwgw-aossi-lead\" data-element_type=\"widget\" data-e-type=\"widget\" data-widget_type=\"text-editor.default\">\n\t\t\t\t\t\t\t\t\t<p>Aos S\u00ed je irsk\u00fd souhrnn\u00fd n\u00e1zev pro lid pahork\u016f, v\u00edl\u00ed bytosti keltsk\u00e9ho jin\u00e9ho sv\u011bta. Jsou pova\u017eov\u00e1ni za obyvatele star\u00fdch mohyl a za potomky mytick\u00e9ho p\u0159edobyvatelstva Irska. Tento \u010dl\u00e1nek za\u0159azuje Aos S\u00ed z religionistick\u00e9ho hlediska a v\u011bnuje se jm\u00e9nu, <span class=\"iwg-fachbegriff\" data-tooltip=\"Tradovan\u00e9 vypr\u00e1v\u011bn\u00ed o boz\u00edch, po\u010d\u00e1tc\u00edch a uspo\u0159\u00e1d\u00e1n\u00ed sv\u011bta.\" tabindex=\"0\">m\u00fdtu<\/span>, <span class=\"iwg-fachbegriff\" data-tooltip=\"Tradovan\u00e1 \u010dinnost, pravideln\u011b opakovan\u00e1 ve spole\u010denstv\u00ed.\" tabindex=\"0\">zvyku<\/span> a v\u00fdzkumu.<\/p>\t\t\t\t\t\t\t\t<\/div>\n\t\t\t\t\t<\/div>\n\t\t\t\t<\/div>\n\t\t<div class=\"elementor-element elementor-element-iwgw-aossi-s0 e-flex e-con-boxed e-con e-parent\" data-id=\"iwgw-aossi-s0\" data-element_type=\"container\" data-e-type=\"container\">\n\t\t\t\t\t<div class=\"e-con-inner\">\n\t\t\t\t<div class=\"elementor-element elementor-element-iwgw-aossi-s0h elementor-widget elementor-widget-heading\" data-id=\"iwgw-aossi-s0h\" data-element_type=\"widget\" data-e-type=\"widget\" data-widget_type=\"heading.default\">\n\t\t\t\t\t<h2 class=\"elementor-heading-title elementor-size-default\">Za\u0159azen\u00ed<\/h2>\t\t\t\t<\/div>\n\t\t\t\t<div class=\"elementor-element elementor-element-iwgw-aossi-s0t elementor-widget elementor-widget-text-editor\" data-id=\"iwgw-aossi-s0t\" data-element_type=\"widget\" data-e-type=\"widget\" data-widget_type=\"text-editor.default\">\n\t\t\t\t\t\t\t\t\t<p>Aos S\u00ed, ve star\u0161\u00edm pravopisu tak\u00e9 Aes S\u00eddhe, je irsk\u00e9 ozna\u010den\u00ed pro t\u0159\u00eddu nadp\u0159irozen\u00fdch bytost\u00ed, kter\u00e9 hraj\u00ed v\u00fdznamnou roli v tradici <a href=\"https:\/\/iwell-guard.com\/cs\/keltska\/\">Irska<\/a> a gaelsk\u00e9ho Skotska.<\/p><p>V\u00fdraz znamen\u00e1 doslova &#8218;lid pahork\u016f&#8216; nebo &#8218;lid\u00e9 mohyl&#8216;. M\u00edn\u00ed se j\u00edm obyvatel\u00e9 neviditeln\u00e9ho paraleln\u00edho sv\u011bta, tzv. jin\u00e9ho sv\u011bta, jeho\u017e vstupy si lid\u00e9 p\u0159edstavovali na ur\u010dit\u00fdch m\u00edstech v krajin\u011b, p\u0159edev\u0161\u00edm u prehistorick\u00fdch mohyl a zemn\u00edch val\u016f.<\/p><p>Z religionistick\u00e9ho hlediska je obt\u00ed\u017en\u00e9 Aos S\u00ed za\u0159adit pod jedin\u00fd pojem. Nejsou jednozna\u010dn\u011b bohy ani jednozna\u010dn\u011b mrtv\u00fdmi, ani \u010dist\u00fdmi p\u0159\u00edrodn\u00edmi duchy, ani pouh\u00fdmi d\u00e9mony. Tvo\u0159\u00ed sp\u00ed\u0161e vlastn\u00ed kategorii bytost\u00ed, kter\u00e1 stoj\u00ed mezi ostatn\u00edmi kategoriemi.<\/p><p>Ve star\u0161\u00ed st\u0159edov\u011bk\u00e9 <span class=\"iwg-fachbegriff\" data-tooltip=\"P\u0159ed\u00e1v\u00e1n\u00ed znalost\u00ed a vypr\u00e1v\u011bn\u00ed nap\u0159\u00ed\u010d generacemi.\" tabindex=\"0\">tradici<\/span> jsou \u00fazce spojov\u00e1ni s Tuatha D\u00e9 Danann, mytick\u00fdm bo\u017e\u00edm lidem, kter\u00fd podle irsk\u00fdch pseudohistori\u00ed kdysi vl\u00e1dl Irsku a po sv\u00e9 por\u00e1\u017ece se st\u00e1hl do pahork\u016f a pod zem. V tomto pohledu jsou Aos S\u00ed jakoby sesazen\u00fdmi bohy, kte\u0159\u00ed d\u00e1le \u017eij\u00ed v jin\u00e9m sv\u011bt\u011b.<\/p><p>V pozd\u011bj\u0161\u00ed lidov\u00e9 tradici, jak ji od 18. do 20. stolet\u00ed zaznamenali sb\u011bratel\u00e9, vystupuj\u00ed Aos S\u00ed sp\u00ed\u0161e jako v\u00edl\u00ed bytosti v u\u017e\u0161\u00edm smyslu, jako vlastn\u00ed lid s vlastn\u00ed spole\u010dnost\u00ed, kter\u00fd \u017eije v bezprost\u0159edn\u00edm sousedstv\u00ed lid\u00ed a neust\u00e1le s nimi p\u0159ich\u00e1z\u00ed do styku.<\/p><p>Tyto dv\u011b vrstvy, mytologick\u00e1 a lidov\u00e1, nelze striktn\u011b odd\u011blit, sp\u00ed\u0161e do sebe p\u0159ech\u00e1zej\u00ed.<\/p><p>P\u0159edstava Aos S\u00ed je hluboce zako\u0159en\u011bna v irsk\u00e9 a skotsk\u00e9 kultu\u0159e a po stalet\u00ed utv\u00e1\u0159ela vztah lid\u00ed ke sv\u00e9 krajin\u011b, k ur\u010dit\u00fdm m\u00edst\u016fm, k nemoci, smrti a \u0161t\u011bst\u00ed. Pat\u0159\u00ed k nejv\u00fdrazn\u011bj\u0161\u00edm prvk\u016fm keltskojazy\u010dn\u00e9 <span class=\"iwg-fachbegriff\" data-tooltip=\"P\u0159ed\u00e1v\u00e1n\u00ed znalost\u00ed a vypr\u00e1v\u011bn\u00ed nap\u0159\u00ed\u010d generacemi.\" tabindex=\"0\">tradice<\/span> v\u016fbec a je \u00fast\u0159edn\u00edm p\u0159edm\u011btem v\u00fdzkumu keltsk\u00e9ho d\u011bdictv\u00ed.<\/p>\t\t\t\t\t\t\t\t<\/div>\n\t\t\t\t\t<\/div>\n\t\t\t\t<\/div>\n\t\t<div class=\"elementor-element elementor-element-iwgw-aossi-s1 e-flex e-con-boxed e-con e-parent\" data-id=\"iwgw-aossi-s1\" data-element_type=\"container\" data-e-type=\"container\">\n\t\t\t\t\t<div class=\"e-con-inner\">\n\t\t\t\t<div class=\"elementor-element elementor-element-iwgw-aossi-s1h elementor-widget elementor-widget-heading\" data-id=\"iwgw-aossi-s1h\" data-element_type=\"widget\" data-e-type=\"widget\" data-widget_type=\"heading.default\">\n\t\t\t\t\t<h2 class=\"elementor-heading-title elementor-size-default\">Jm\u00e9no a etymologie<\/h2>\t\t\t\t<\/div>\n\t\t\t\t<div class=\"elementor-element elementor-element-iwgw-aossi-s1t elementor-widget elementor-widget-text-editor\" data-id=\"iwgw-aossi-s1t\" data-element_type=\"widget\" data-e-type=\"widget\" data-widget_type=\"text-editor.default\">\n\t\t\t\t\t\t\t\t\t<p>V\u00fdraz Aos S\u00ed se skl\u00e1d\u00e1 ze dvou \u010d\u00e1st\u00ed. <em>Aos<\/em> znamen\u00e1 &#8218;lid\u00e9&#8216; nebo &#8218;lid&#8216;, <em>s\u00ed<\/em> ozna\u010duje pahorek, p\u0159esn\u011bji prehistorickou mohylu nebo zemn\u00ed val. Slovo <em>s\u00ed<\/em> zde ozna\u010duje jak viditeln\u00fd pahorek v krajin\u011b, tak jin\u00fd sv\u011bt, kter\u00fd se v n\u011bm p\u0159edpokl\u00e1dal.<\/p><p>Z tohoto slova je odvozen i pojem <em>shee<\/em>, roz\u0161\u00ed\u0159en\u00fd v anglick\u00e9 <span class=\"iwg-fachbegriff\" data-tooltip=\"P\u0159ed\u00e1v\u00e1n\u00ed znalost\u00ed a vypr\u00e1v\u011bn\u00ed nap\u0159\u00ed\u010d generacemi.\" tabindex=\"0\">tradici<\/span>, a stejn\u011b tak proslul\u00e9 ozna\u010den\u00ed Banshee, &#8218;\u017eeny pahorku&#8216;, o n\u00ed\u017e bude \u0159e\u010d d\u00e1le.<\/p><p>Vedle Aos S\u00ed se pou\u017e\u00edv\u00e1 \u0159ada dal\u0161\u00edch ozna\u010den\u00ed. Roz\u0161\u00ed\u0159en\u00e9 je spojen\u00ed, kter\u00e9 lze p\u0159elo\u017eit jako &#8218;dobr\u00fd lid&#8216; nebo &#8218;dob\u0159\u00ed soused\u00e9&#8216;. Toto zjem\u0148uj\u00edc\u00ed osloven\u00ed nen\u00ed n\u00e1hoda.<\/p><p>Odpov\u00edd\u00e1 to \u0161iroce roz\u0161\u00ed\u0159en\u00e9 p\u0159edstav\u011b, \u017ee v\u00edl\u00ed bytosti nesm\u00ed b\u00fdt naz\u00fdv\u00e1ny prav\u00fdm jm\u00e9nem, a u\u017e v\u016fbec ne ur\u00e1\u017eeny, proto\u017ee naslouchaj\u00ed a mohou se mst\u00edt. P\u0159\u00e1telsk\u00e9 ops\u00e1n\u00ed je tedy samo o sob\u011b ur\u010ditou ochrannou prax\u00ed.<\/p><p>Ve Skotsku odpov\u00edd\u00e1 irsk\u00fdm Aos S\u00ed gaelsk\u00e9 &#8218;lid m\u00edru&#8216; neboli &#8218;Daoine S\u00ecth&#8216;. I zde se projevuje tendence oslovovat bytosti sm\u00ed\u0159liv\u00fdm, usmi\u0159uj\u00edc\u00edm jm\u00e9nem. V anglicky mluv\u00edc\u00edm prost\u0159ed\u00ed byly Aos S\u00ed pozd\u011bji zahrnuty pod souhrnn\u00fd pojem v\u00edl neboli v\u00edl\u00edho lidu, \u010d\u00edm\u017e se ov\u0161em zast\u0159el jejich specificky keltsk\u00fd r\u00e1z.<\/p><p>D\u016fle\u017eit\u00e9 je, \u017ee etymologie odhaluje pevn\u00e9 sv\u00e1z\u00e1n\u00ed bytost\u00ed s konkr\u00e9tn\u00edm m\u00edstem v krajin\u011b. Jm\u00e9no neodkazuje na ur\u010ditou podobu nebo vlastnost, n\u00fdbr\u017e na s\u00eddlo, pahorek.<\/p><p>T\u00edm je od po\u010d\u00e1tku pojmenov\u00e1n \u00fast\u0159edn\u00ed rys: Aos S\u00ed jsou bytosti v\u00e1zan\u00e9 na m\u00edsto, a vztah lid\u00ed k nim je v\u017edy z\u00e1rove\u0148 vztahem k ur\u010dit\u00fdm m\u00edst\u016fm jejich vlastn\u00edho okol\u00ed.<\/p>\t\t\t\t\t\t\t\t<\/div>\n\t\t\t\t\t<\/div>\n\t\t\t\t<\/div>\n\t\t<div class=\"elementor-element elementor-element-iwgw-aossi-s2 e-flex e-con-boxed e-con e-parent\" data-id=\"iwgw-aossi-s2\" data-element_type=\"container\" data-e-type=\"container\">\n\t\t\t\t\t<div class=\"e-con-inner\">\n\t\t\t\t<div class=\"elementor-element elementor-element-iwgw-aossi-s2h elementor-widget elementor-widget-heading\" data-id=\"iwgw-aossi-s2h\" data-element_type=\"widget\" data-e-type=\"widget\" data-widget_type=\"heading.default\">\n\t\t\t\t\t<h2 class=\"elementor-heading-title elementor-size-default\">Popis a ikonografie<\/h2>\t\t\t\t<\/div>\n\t\t\t\t<div class=\"elementor-element elementor-element-iwgw-aossi-s2t elementor-widget elementor-widget-text-editor\" data-id=\"iwgw-aossi-s2t\" data-element_type=\"widget\" data-e-type=\"widget\" data-widget_type=\"text-editor.default\">\n\t\t\t\t\t\t\t\t\t<p>Aos S\u00ed se vzp\u00edraj\u00ed jednotn\u00e9mu popisu, proto\u017ee <span class=\"iwg-fachbegriff\" data-tooltip=\"P\u0159ed\u00e1v\u00e1n\u00ed znalost\u00ed a vypr\u00e1v\u011bn\u00ed nap\u0159\u00ed\u010d generacemi.\" tabindex=\"0\">tradice<\/span> je vykresluje velmi rozd\u00edln\u011b. Ve star\u0161\u00ed mytologick\u00e9 literatu\u0159e vystupuj\u00ed jako kr\u00e1sn\u00fd, vzne\u0161en\u00fd lid, kter\u00fd se lidem podob\u00e1 vzhledem, ale daleko je p\u0159ed\u010d\u00ed v p\u016fvabu, moci a dlouhov\u011bkosti.<\/p><p>\u017dij\u00ed ve velkolep\u00fdch s\u00edn\u00edch pod pahorky, po\u0159\u00e1daj\u00ed hostiny, jezd\u00ed na kon\u00edch a nos\u00ed vz\u00e1cn\u00e9 \u0161aty. V tomto pod\u00e1n\u00ed nejsou tolik d\u011bsiv\u00ed jako nadpozem\u0161t\u00ed a vzne\u0161en\u00ed.<\/p><p>Lidov\u00e1 <span class=\"iwg-fachbegriff\" data-tooltip=\"P\u0159ed\u00e1v\u00e1n\u00ed znalost\u00ed a vypr\u00e1v\u011bn\u00ed nap\u0159\u00ed\u010d generacemi.\" tabindex=\"0\">tradice<\/span> zachycuje podobu mnohem rozmanit\u011bj\u0161\u00ed. Aos S\u00ed zde mohou b\u00fdt velc\u00ed i mal\u00ed, kr\u00e1sn\u00ed i odpudiv\u00ed, mohou se objevovat jednotliv\u011b i v z\u00e1stupech.<\/p><p>N\u011bkter\u00e1 vypr\u00e1v\u011bn\u00ed je popisuj\u00ed jako drobn\u00e9 bytosti, jin\u00e1 jako bytosti lidsk\u00e9 velikosti. \u010casto je s nimi spojov\u00e1na zelen\u00e1 barva, ob\u010das i \u010derven\u00e1. Um\u00ed se st\u00e1t neviditeln\u00fdmi, m\u011bnit podobu a zjevovat se ve zv\u00ed\u0159ec\u00ed form\u011b.<\/p><p>Pevnou ikonografii v podob\u011b kanonick\u00e9ho typu zobrazen\u00ed si Aos S\u00ed nevytvo\u0159ili, proto\u017ee jejich <span class=\"iwg-fachbegriff\" data-tooltip=\"P\u0159ed\u00e1v\u00e1n\u00ed znalost\u00ed a vypr\u00e1v\u011bn\u00ed nap\u0159\u00ed\u010d generacemi.\" tabindex=\"0\">tradice<\/span> je p\u0159edev\u0161\u00edm vypr\u00e1v\u011bn\u00e1 a \u00fastn\u00ed. Pokud jsou zobrazov\u00e1ni v\u00fdtvarn\u011b, d\u011bje se to v\u011bt\u0161inou v r\u00e1mci pozd\u011bj\u0161\u00edch liter\u00e1rn\u00edch a um\u011bleck\u00fdch zpracov\u00e1n\u00ed.<\/p><p>N\u011bkter\u00e9 podoby jsou ale pevn\u011b vymezen\u00e9. Pat\u0159\u00ed k nim divok\u00fd lov neboli v\u00edl\u00ed pr\u016fvod, z\u00e1stup jezdc\u016f, kter\u00fd se za soumraku pohybuje krajinou. Pat\u0159\u00ed k nim i osamocen\u00e1 na\u0159\u00edkaj\u00edc\u00ed \u017eensk\u00e1 postava, banshee, jej\u00ed\u017e pl\u00e1\u010d ohla\u0161uje bl\u00ed\u017e\u00edc\u00ed se smrt \u010dlov\u011bka.<\/p><p>Charakteristick\u00e9 je tak\u00e9 spojen\u00ed s hudbou a tancem. Aos S\u00ed plat\u00ed za mistry okouzluj\u00edc\u00ed, kr\u00e1sn\u00e9 hudby a vypr\u00e1v\u011bn\u00ed zmi\u0148uj\u00ed lidi, kte\u0159\u00ed naslouchali jejich melodi\u00edm nebo byli svedeni k tanci ve v\u00edl\u00edch kruz\u00edch.<\/p><p>Celkov\u011b je vzhled Aos S\u00ed utv\u00e1\u0159en z\u00e1sadn\u00ed dvojakost\u00ed: jsou z\u00e1rove\u0148 sv\u016fdn\u011b kr\u00e1sn\u00ed a nebezpe\u010dn\u00ed, p\u0159ita\u017eliv\u00ed a hroziv\u00fd.<\/p>\t\t\t\t\t\t\t\t<\/div>\n\t\t\t\t\t<\/div>\n\t\t\t\t<\/div>\n\t\t<div class=\"elementor-element elementor-element-iwgw-aossi-s3 e-flex e-con-boxed e-con e-parent\" data-id=\"iwgw-aossi-s3\" data-element_type=\"container\" data-e-type=\"container\">\n\t\t\t\t\t<div class=\"e-con-inner\">\n\t\t\t\t<div class=\"elementor-element elementor-element-iwgw-aossi-s3h elementor-widget elementor-widget-heading\" data-id=\"iwgw-aossi-s3h\" data-element_type=\"widget\" data-e-type=\"widget\" data-widget_type=\"heading.default\">\n\t\t\t\t\t<h2 class=\"elementor-heading-title elementor-size-default\">Mytologick\u00e1 vypr\u00e1v\u011bn\u00ed<\/h2>\t\t\t\t<\/div>\n\t\t\t\t<div class=\"elementor-element elementor-element-iwgw-aossi-s3t elementor-widget elementor-widget-text-editor\" data-id=\"iwgw-aossi-s3t\" data-element_type=\"widget\" data-e-type=\"widget\" data-widget_type=\"text-editor.default\">\n\t\t\t\t\t\t\t\t\t<p>Mytologick\u00fd z\u00e1klad Aos S\u00ed spo\u010d\u00edv\u00e1 v okruhu vypr\u00e1v\u011bn\u00ed o Tuatha D\u00e9 Danann, bo\u017esk\u00e9m lidu irsk\u00e9 <span class=\"iwg-fachbegriff\" data-tooltip=\"P\u0159ed\u00e1v\u00e1n\u00ed znalost\u00ed a vypr\u00e1v\u011bn\u00ed nap\u0159\u00ed\u010d generacemi.\" tabindex=\"0\">tradice<\/span>.<\/p><p>Podle st\u0159edov\u011bk\u00fdch pseudohistorick\u00fdch text\u016f, p\u0159edev\u0161\u00edm takzvan\u00e9 Knihy zab\u00edr\u00e1n\u00ed Irska, p\u0159i\u0161li Tuatha D\u00e9 Danann do Irska jako jedna z vln os\u00eddlen\u00ed a vl\u00e1dli tam, dokud nebyli pora\u017eeni n\u00e1sleduj\u00edc\u00edmi syny M\u00edla, mytick\u00fdmi p\u0159edky Ir\u016f.<\/p><p>Po sv\u00e9 por\u00e1\u017ece se nest\u00e1hli ze zem\u011b, n\u00fdbr\u017e do n\u00ed, pod pahorky a do jin\u00e9ho sv\u011bta. Toto vypr\u00e1v\u011bn\u00ed vysv\u011btluje, pro\u010d byli v Aos S\u00ed spat\u0159ov\u00e1ni sestoupiv\u0161\u00ed bohov\u00e9.<\/p><p>Z tohoto mytologick\u00e9ho fondu poch\u00e1z\u00ed mnoh\u00e1 zn\u00e1m\u00e1 vypr\u00e1v\u011bn\u00ed. Vypr\u00e1v\u00ed se v nich o velkolep\u00fdch s\u00eddlech jednotliv\u00fdch v\u016fdc\u016f Tuatha D\u00e9 Danann uvnit\u0159 pahork\u016f, o hostin\u00e1ch v jin\u00e9m sv\u011bt\u011b, o milostn\u00fdch vztaz\u00edch mezi bytostmi jin\u00e9ho sv\u011bta a lidmi a o narozen\u00ed hrdin\u016f, kte\u0159\u00ed maj\u00ed rodi\u010de z jin\u00e9ho sv\u011bta.<\/p><p>Opakuj\u00edc\u00edm se <span class=\"iwg-fachbegriff\" data-tooltip=\"Opakuj\u00edc\u00ed se obsahov\u00fd prvek v um\u011bn\u00ed nebo vypr\u00e1v\u011bn\u00ed.\" tabindex=\"0\">motivem<\/span> je pozv\u00e1n\u00ed nebo odveden\u00ed \u010dlov\u011bka do jin\u00e9ho sv\u011bta, kde \u010das plyne jinak. Kdo se z jin\u00e9ho sv\u011bta vr\u00e1t\u00ed, \u010dasto zjist\u00ed, \u017ee ve sv\u011bt\u011b lid\u00ed uplynula stalet\u00ed.<\/p><p>Pozd\u011bj\u0161\u00ed lidov\u00e1 vypr\u00e1v\u011bc\u00ed tradice tento fond roz\u0161\u00ed\u0159ila a obr\u00e1tila do v\u0161edn\u00edho \u017eivota.<\/p><p>Zde se objevuj\u00ed p\u0159\u00edb\u011bhy o porodn\u00edch b\u00e1b\u00e1ch, kter\u00e9 jsou p\u0159ivol\u00e1ny k v\u00edl\u00edmu porodu. Jin\u00e9 vypr\u00e1v\u011bj\u00ed o zam\u011bn\u011bnc\u00edch, tedy o v\u00edl\u00edch d\u011btech, kter\u00e9 jsou tajn\u011b vym\u011bn\u011bny za lidsk\u00e9 d\u00edt\u011b. Dal\u0161\u00ed pojedn\u00e1vaj\u00ed o lidech, kte\u0159\u00ed se dostanou do v\u00edl\u00edho pahorku a jen s velk\u00fdmi obt\u00ed\u017eemi z n\u011bj znovu naleznou cestu ven. Kone\u010dn\u011b existuj\u00ed sedl\u00e1ci, kte\u0159\u00ed na sebe p\u0159ivolaj\u00ed hn\u011bv Aos S\u00ed, proto\u017ee pok\u00e1celi v\u00edl\u00ed strom nebo zastav\u011bli v\u00edl\u00ed cestu.<\/p><p>D\u016fle\u017eit\u00e1 linie vypr\u00e1v\u011bn\u00ed se t\u00fdk\u00e1 banshee. Tato osamocen\u00e1 \u017eensk\u00e1 postava jin\u00e9ho sv\u011bta je p\u0159i\u0159azena ur\u010dit\u00fdm rodin\u00e1m a sv\u00fdm n\u00e1\u0159kem ohla\u0161uje smrt \u010dlena rodiny. Nen\u00ed to zlovoln\u00e1 bytost, n\u00fdbr\u017e zv\u011bstovatelka nevyhnuteln\u00e9ho osudu.<\/p><p>Celkov\u011b vypr\u00e1v\u011bn\u00ed ukazuj\u00ed Aos S\u00ed jako bytosti, s nimi\u017e \u010dlov\u011bk trvale \u017eije ve vztahu ur\u010den\u00e9m vz\u00e1jemn\u00fdmi povinnostmi a nebezpe\u010d\u00edmi.<\/p>\t\t\t\t\t\t\t\t<\/div>\n\t\t\t\t\t<\/div>\n\t\t\t\t<\/div>\n\t\t<div class=\"elementor-element elementor-element-iwgw-aossi-s4 e-flex e-con-boxed e-con e-parent\" data-id=\"iwgw-aossi-s4\" data-element_type=\"container\" data-e-type=\"container\">\n\t\t\t\t\t<div class=\"e-con-inner\">\n\t\t\t\t<div class=\"elementor-element elementor-element-iwgw-aossi-s4h elementor-widget elementor-widget-heading\" data-id=\"iwgw-aossi-s4h\" data-element_type=\"widget\" data-e-type=\"widget\" data-widget_type=\"heading.default\">\n\t\t\t\t\t<h2 class=\"elementor-heading-title elementor-size-default\">Kult a uct\u00edv\u00e1n\u00ed<\/h2>\t\t\t\t<\/div>\n\t\t\t\t<div class=\"elementor-element elementor-element-iwgw-aossi-s4t elementor-widget elementor-widget-text-editor\" data-id=\"iwgw-aossi-s4t\" data-element_type=\"widget\" data-e-type=\"widget\" data-widget_type=\"text-editor.default\">\n\t\t\t\t\t\t\t\t\t<p>Na rozd\u00edl od boh\u016f velk\u00fdch chr\u00e1mov\u00fdch n\u00e1bo\u017eenstv\u00ed nelze u Aos S\u00ed mluvit o <span class=\"iwg-fachbegriff\" data-tooltip=\"Souhrn n\u00e1bo\u017eensk\u00fdch \u00fakon\u016f uct\u00edv\u00e1n\u00ed bo\u017estva nebo svat\u00e9 bytosti.\" tabindex=\"0\">kultu<\/span> v \u00fazk\u00e9m slova smyslu, s kn\u011b\u017estvem, chr\u00e1my a pevn\u00fdmi liturgick\u00fdmi formami.<\/p><p>Vztah lid\u00ed k Aos S\u00ed byl naopak zasazen do v\u0161edn\u00edho \u017eivota a do zem\u011bd\u011blsk\u00e9ho ro\u010dn\u00edho cyklu a sest\u00e1val z mno\u017estv\u00ed pravidel pozornosti a vyh\u00fdb\u00e1n\u00ed se, jako\u017e i z pravideln\u00fdch drobn\u00fdch dar\u016f.<\/p><p>Roz\u0161\u00ed\u0159enou prax\u00ed bylo p\u0159in\u00e1\u0161en\u00ed ob\u011btn\u00edch dar\u016f, p\u0159edev\u0161\u00edm potravy. Na mnoha m\u00edstech bylo <span class=\"iwg-fachbegriff\" data-tooltip=\"Tradovan\u00fd, v komunit\u011b pravideln\u011b opakovan\u00fd \u00fakon.\" tabindex=\"0\">zvykem<\/span> odkl\u00e1dat \u010d\u00e1st j\u00eddla, hlt ml\u00e9ka nebo prvn\u00ed pivo z v\u00e1rky pro dobr\u00fd lid, nebo je vyl\u00e9vat na zem.<\/p><p>Na ur\u010dit\u00fdch m\u00edstech v krajin\u011b, nap\u0159\u00edklad u pramen\u016f, u jednotliv\u00fdch strom\u016f nebo p\u0159\u00edmo u pahork\u016f, se ukl\u00e1daly dary. Tyto \u00fakony byly m\u00e9n\u011b uct\u00edv\u00e1n\u00edm ne\u017e usmi\u0159ov\u00e1n\u00edm. Cht\u011blo se si udr\u017eet p\u0159\u00edze\u0148 Aos S\u00ed a vyhnout se jejich hn\u011bvu.<\/p><p>Zvl\u00e1\u0161tn\u00ed v\u00fdznam m\u011bly p\u0159echodov\u00e9 \u010dasy v ro\u010dn\u00edm cyklu, p\u0159edev\u0161\u00edm star\u00e9 sv\u00e1tky Samhain na podzim a Bealtaine na po\u010d\u00e1tku l\u00e9ta.<\/p><p>V t\u011bchto dnech byla hranice mezi sv\u011btem lid\u00ed a jin\u00fdm sv\u011btem pova\u017eov\u00e1na za obzvl\u00e1\u0161\u0165 prostupnou, a proto byli Aos S\u00ed v t\u00e9 dob\u011b vn\u00edm\u00e1ni jako obzvl\u00e1\u0161\u0165 aktivn\u00ed a nebezpe\u010dn\u00ed. Odpov\u00eddaj\u00edc\u00edm zp\u016fsobem se v t\u011bchto term\u00ednech hromadily ochrann\u00e9 a usmi\u0159ovac\u00ed zvyky.<\/p><p>Zvl\u00e1\u0161tn\u00ed ochranu m\u011bla i ur\u010dit\u00e1 m\u00edsta. V\u00edl\u00ed pahorky, v\u00edl\u00ed stromy, \u010dasto osamocen\u00e9 hlohy, i p\u0159edpokl\u00e1dan\u00e9 v\u00edl\u00ed cesty se nesm\u011bly po\u0161kozovat, zastavovat ani rozor\u00e1vat.<\/p><p>Dodr\u017eov\u00e1n\u00ed t\u011bchto pravidel bylo trval\u00fdm znakem venkovsk\u00e9ho zp\u016fsobu \u017eivota a v n\u011bkter\u00fdch oblastech se udr\u017eelo a\u017e do ned\u00e1vn\u00e9 minulosti. Vztah k Aos S\u00ed byl tedy m\u00e9n\u011b n\u00e1bo\u017eenstv\u00edm uct\u00edv\u00e1n\u00ed a v\u00edce n\u00e1bo\u017eenstv\u00edm opatrn\u00e9ho sousedstv\u00ed.<\/p>\t\t\t\t\t\t\t\t<\/div>\n\t\t\t\t\t<\/div>\n\t\t\t\t<\/div>\n\t\t<div class=\"elementor-element elementor-element-iwgw-aossi-s5 e-flex e-con-boxed e-con e-parent\" data-id=\"iwgw-aossi-s5\" data-element_type=\"container\" data-e-type=\"container\">\n\t\t\t\t\t<div class=\"e-con-inner\">\n\t\t\t\t<div class=\"elementor-element elementor-element-iwgw-aossi-s5h elementor-widget elementor-widget-heading\" data-id=\"iwgw-aossi-s5h\" data-element_type=\"widget\" data-e-type=\"widget\" data-widget_type=\"heading.default\">\n\t\t\t\t\t<h2 class=\"elementor-heading-title elementor-size-default\">Ochrann\u00e1 praxe a apotropaick\u00e9 prvky<\/h2>\t\t\t\t<\/div>\n\t\t\t\t<div class=\"elementor-element elementor-element-iwgw-aossi-s5t elementor-widget elementor-widget-text-editor\" data-id=\"iwgw-aossi-s5t\" data-element_type=\"widget\" data-e-type=\"widget\" data-widget_type=\"text-editor.default\">\n\t\t\t\t\t\t\t\t\t<p>V zach\u00e1zen\u00ed s Aos S\u00ed se vytvo\u0159ila mimo\u0159\u00e1dn\u011b bohat\u00e1 ochrann\u00e1 praxe. Jde o zvyky historicky a folkloristicky dob\u0159e zdokumentovan\u00e9, jejich\u017e popis nezahrnuje \u017e\u00e1dn\u00e9 hodnocen\u00ed jejich \u00fa\u010dinnosti.<\/p><p>Z\u00e1kladn\u00ed ochrann\u00e9 pravidlo se t\u00fdkalo jazyka. Vyh\u00fdbalo se p\u0159\u00edm\u00e9mu oslovov\u00e1n\u00ed Aos S\u00ed jejich jm\u00e9nem a pou\u017e\u00edvaly se m\u00edsto toho vl\u00eddn\u00e9 opisy jako &#8218;dobr\u00fd lid&#8216; nebo &#8218;dob\u0159\u00ed soused\u00e9&#8216;. Dbalo se na to, aby se o nich nemluvilo \u0161patn\u011b, aby se jim nikdo neposm\u00edval a aby se jim nedalo za vd\u011bk. Tato jazykov\u00e1 opatrnost byla jednou z nejd\u016fle\u017eit\u011bj\u0161\u00edch forem ochrany.<\/p><p>Druh\u00e1 skupina zvyk\u016f se t\u00fdkala ur\u010dit\u00fdch materi\u00e1l\u016f a p\u0159edm\u011bt\u016f, jim\u017e byla p\u0159isuzov\u00e1na odpudiv\u00e1 s\u00edla. \u017delezo, zejm\u00e9na za studena kovan\u00e9 \u017eelezo, platilo za \u00fa\u010dinn\u00fd prost\u0159edek proti Aos S\u00ed. \u017delezn\u00fd h\u0159eb, n\u016f\u017eky nebo podkova se pou\u017e\u00edvaly k ochran\u011b dom\u016f, kol\u00e9bek a prah\u016f.<\/p><p>Za ochrann\u00e9 byly rovn\u011b\u017e pova\u017eov\u00e1ny ur\u010dit\u00e9 rostliny, p\u0159edev\u0161\u00edm je\u0159\u00e1b, d\u00e1le t\u0159ezalka a dal\u0161\u00ed byliny. S\u016fl, ohe\u0148 a v k\u0159es\u0165anizovan\u00e9m kontextu sv\u011bcen\u00e1 voda a znamen\u00ed k\u0159\u00ed\u017ee byly tak\u00e9 pou\u017e\u00edv\u00e1ny k odvr\u00e1cen\u00ed nebezpe\u010d\u00ed.<\/p><p>Zvl\u00e1\u0161tn\u00ed pozornost se v\u011bnovala ochran\u011b \u0161estined\u011blek a novorozenc\u016f, nebo\u0165 nepok\u0159t\u011bn\u00e9 d\u011bti a \u017eeny v \u0161estined\u011bl\u00ed byly podle lidov\u00e9 v\u00edry pova\u017eov\u00e1ny za obzvl\u00e1\u0161t\u011b ohro\u017een\u00e9 t\u00edm, \u017ee je Aos S\u00ed unesou a nahrad\u00ed je podvr\u017eencem. Zde se ochrann\u00e1 opat\u0159en\u00ed hromadila, od \u017eeleza v kol\u00e9bce a\u017e po probd\u011bl\u00e9 noci.<\/p><p>K apotropaick\u00e9mu chov\u00e1n\u00ed d\u00e1le pat\u0159ilo d\u016fsledn\u00e9 respektov\u00e1n\u00ed m\u00edst spojen\u00fdch s v\u00edlami. Kdo u\u0161et\u0159il v\u00edl\u00ed strom a udr\u017eoval v\u00edl\u00ed stezku voln\u011b pr\u016fchodnou, vyh\u00fdbal se tomu, aby v\u016fbec vzbudil hn\u011bv Aos S\u00ed. Celkov\u011b se ukazuje, \u017ee ochrann\u00e1 praxe sm\u011b\u0159ovala p\u0159edev\u0161\u00edm k tomu, udr\u017eet o\u0161emetn\u00e9 sousedstv\u00ed s jinosv\u011btem snesiteln\u00fdm prost\u0159ednictv\u00edm ohleduplnosti, opatrnosti a dodr\u017eov\u00e1n\u00ed tradovan\u00fdch hranic.<\/p>\t\t\t\t\t\t\t\t<\/div>\n\t\t\t\t\t<\/div>\n\t\t\t\t<\/div>\n\t\t<div class=\"elementor-element elementor-element-iwgw-aossi-s6 e-flex e-con-boxed e-con e-parent\" data-id=\"iwgw-aossi-s6\" data-element_type=\"container\" data-e-type=\"container\">\n\t\t\t\t\t<div class=\"e-con-inner\">\n\t\t\t\t<div class=\"elementor-element elementor-element-iwgw-aossi-s6h elementor-widget elementor-widget-heading\" data-id=\"iwgw-aossi-s6h\" data-element_type=\"widget\" data-e-type=\"widget\" data-widget_type=\"heading.default\">\n\t\t\t\t\t<h2 class=\"elementor-heading-title elementor-size-default\">Paralely v jin\u00fdch kultur\u00e1ch<\/h2>\t\t\t\t<\/div>\n\t\t\t\t<div class=\"elementor-element elementor-element-iwgw-aossi-s6t elementor-widget elementor-widget-text-editor\" data-id=\"iwgw-aossi-s6t\" data-element_type=\"widget\" data-e-type=\"widget\" data-widget_type=\"text-editor.default\">\n\t\t\t\t\t\t\t\t\t<p>Aos S\u00ed pat\u0159\u00ed do velk\u00e9 religionistick\u00e9 skupiny bytost\u00ed, kter\u00e9 lze popsat jako p\u0159\u00edrodn\u00ed duchy, duchy krajiny nebo m\u00edsta a kter\u00e9 se vyskytuj\u00ed v mnoha kultur\u00e1ch Evropy i za jej\u00edmi hranicemi. Spole\u010dn\u00e1 je jim p\u0159edstava, \u017ee krajina ob\u00fdvan\u00e1 lidmi je z\u00e1rove\u0148 sd\u00edlena neviditeln\u00fdm lidem, k n\u011bmu\u017e je t\u0159eba se chovat s ohledem.<\/p><p>Ve skandin\u00e1vsk\u00e9 oblasti odpov\u00eddaj\u00ed Aos S\u00ed bytosti seversk\u00e9 <span class=\"iwg-fachbegriff\" data-tooltip=\"P\u0159ed\u00e1v\u00e1n\u00ed znalost\u00ed a vypr\u00e1v\u011bn\u00ed p\u0159es generace.\" tabindex=\"0\">tradice<\/span>, nap\u0159\u00edklad elfov\u00e9 a bytosti, o nich\u017e se soud\u00ed, \u017ee \u017eij\u00ed pod zem\u00ed nebo v pahorc\u00edch, jim\u017e byly p\u0159in\u00e1\u0161eny podobn\u00e9 dary a v\u016f\u010di nim\u017e platila podobn\u00e1 pravidla vyh\u00fdb\u00e1n\u00ed.<\/p><p>Na Islandu jsou p\u0159edstavy o skryt\u00e9m lidu \u017eiv\u00e9 a\u017e do sou\u010dasnosti. V n\u011bmecky mluv\u00edc\u00ed oblasti lze srovn\u00e1vat trpasl\u00edky, duchy zem\u011b a dom\u00e1c\u00ed duchy, ve slovansk\u00fdch tradic\u00edch r\u016fzn\u00e9 dom\u00e1c\u00ed, poln\u00ed a lesn\u00ed duchy.<\/p><p>Zvl\u00e1\u0161\u0165 t\u011bsn\u00e1 je souvislost uvnit\u0159 samotn\u00e9ho keltsk\u00e9ho jazykov\u00e9ho sv\u011bta.<\/p><p>Skot\u0161t\u00ed Daoine S\u00ecth, vel\u0161sk\u00e9 a kornsk\u00e9 p\u0159edstavy o v\u00edl\u00e1ch i <span class=\"iwg-fachbegriff\" data-tooltip=\"P\u0159ed\u00e1v\u00e1n\u00ed znalost\u00ed a vypr\u00e1v\u011bn\u00ed p\u0159es generace.\" tabindex=\"0\">tradice<\/span> Bretan\u011b a ostrova Man tvo\u0159\u00ed spole\u010dn\u011b s irsk\u00fdmi Aos S\u00ed souvisl\u00fd tradi\u010dn\u00ed prostor, v n\u011bm\u017e se opakuje mnoho motiv\u016f, od podvr\u017eence p\u0159es odli\u0161n\u011b plynouc\u00ed \u010das v jinosv\u011bt\u011b a\u017e po ochrann\u00fd prost\u0159edek v podob\u011b \u017eeleza.<\/p><p>P\u0159esahuj\u00edc\u00edm <span class=\"iwg-fachbegriff\" data-tooltip=\"Opakuj\u00edc\u00ed se obsahov\u00fd prvek v um\u011bn\u00ed nebo vypr\u00e1v\u011bn\u00ed.\" tabindex=\"0\">motivem<\/span>, kter\u00fd spojuje Aos S\u00ed s jin\u00fdmi tradicemi, je p\u0159edstava jinosv\u011bta jako paraleln\u011b existuj\u00edc\u00ed \u0159\u00ed\u0161e, jej\u00ed\u017e vstupy se nach\u00e1zej\u00ed na ur\u010dit\u00fdch m\u00edstech krajiny a jsou otev\u0159en\u00e9 v ur\u010dit\u00fdch \u010dasech.<\/p><p>Tak\u00e9 <span class=\"iwg-fachbegriff\" data-tooltip=\"Opakuj\u00edc\u00ed se obsahov\u00fd prvek v um\u011bn\u00ed nebo vypr\u00e1v\u011bn\u00ed.\" tabindex=\"0\">motiv<\/span> odli\u0161n\u011b plynouc\u00edho \u010dasu, <span class=\"iwg-fachbegriff\" data-tooltip=\"Opakuj\u00edc\u00ed se obsahov\u00fd prvek v um\u011bn\u00ed nebo vypr\u00e1v\u011bn\u00ed.\" tabindex=\"0\">motiv<\/span> nebezpe\u010dn\u00e9 hostinnosti a z\u00e1kaz j\u00eddla v jinosv\u011bt\u011b se objevuj\u00ed v mnoha mytologi\u00edch. Toto srovn\u00e1n\u00ed ukazuje, \u017ee Aos S\u00ed p\u0159edstavuj\u00ed kulturn\u011b specifick\u00e9, nezam\u011bniteln\u011b irsk\u00e9 ztv\u00e1rn\u011bn\u00ed \u0161iroce roz\u0161\u00ed\u0159en\u00e9 n\u00e1bo\u017eensk\u00e9 z\u00e1kladn\u00ed p\u0159edstavy.<\/p>\t\t\t\t\t\t\t\t<\/div>\n\t\t\t\t\t<\/div>\n\t\t\t\t<\/div>\n\t\t<div class=\"elementor-element elementor-element-iwgw-aossi-s7 e-flex e-con-boxed e-con e-parent\" data-id=\"iwgw-aossi-s7\" data-element_type=\"container\" data-e-type=\"container\">\n\t\t\t\t\t<div class=\"e-con-inner\">\n\t\t\t\t<div class=\"elementor-element elementor-element-iwgw-aossi-s7h elementor-widget elementor-widget-heading\" data-id=\"iwgw-aossi-s7h\" data-element_type=\"widget\" data-e-type=\"widget\" data-widget_type=\"heading.default\">\n\t\t\t\t\t<h2 class=\"elementor-heading-title elementor-size-default\">Sou\u010dasn\u00e1 recepce a v\u00fdzkum<\/h2>\t\t\t\t<\/div>\n\t\t\t\t<div class=\"elementor-element elementor-element-iwgw-aossi-s7t elementor-widget elementor-widget-text-editor\" data-id=\"iwgw-aossi-s7t\" data-element_type=\"widget\" data-e-type=\"widget\" data-widget_type=\"text-editor.default\">\n\t\t\t\t\t\t\t\t\t<p>P\u0159edstava o Aos S\u00ed je v <a href=\"https:\/\/iwell-guard.com\/cs\/keltska\/\">Irsku<\/a> a Skotsku kulturn\u011b \u017eiv\u00e1 a\u017e do sou\u010dasnosti. V\u00edra v dobr\u00fd lid v p\u0159\u00edsn\u00e9m slova smyslu sice do zna\u010dn\u00e9 m\u00edry ustoupila, ale zvyky, vypr\u00e1v\u011bn\u00ed a vazby na konkr\u00e9tn\u00ed m\u00edsta s n\u00ed spojen\u00e9 z\u016fstaly v mnoha oblastech zachov\u00e1ny.<\/p><p>Zn\u00e1m\u00e9 jsou p\u0159\u00edpady, kdy byly stavebn\u00ed z\u00e1m\u011bry upraveny nebo odlo\u017eeny, aby byl u\u0161et\u0159en hloh pova\u017eovan\u00fd za poh\u00e1dkov\u00fd strom. Takov\u00e9 p\u0159\u00edpady ukazuj\u00ed, jak hluboko je tato tradice st\u00e1le zakotvena ve vn\u00edm\u00e1n\u00ed krajiny.<\/p><p>V literatu\u0159e a um\u011bn\u00ed se Aos S\u00ed do\u010dkali rozs\u00e1hl\u00e9ho ohlasu. Irsk\u00e1 liter\u00e1rn\u00ed obroda konce 19. a po\u010d\u00e1tku 20. stolet\u00ed, s autory jako William Butler Yeats a Lady Augusta Gregory, u\u010dinila z poh\u00e1dkov\u00e9ho lidu \u00fast\u0159edn\u00ed t\u00e9ma modern\u00ed irsk\u00e9 literatury.<\/p><p>Yeats sb\u00edral lidov\u00e1 vypr\u00e1v\u011bn\u00ed a zpracov\u00e1val je ve sv\u00e9m d\u00edle. A\u017e do dne\u0161n\u00ed fantasy literatury, ve filmu, hudb\u011b a popul\u00e1rn\u00ed kultu\u0159e jsou keltsk\u00e9 poh\u00e1dkov\u00e9 bytosti hojn\u011b vyu\u017e\u00edvan\u00fdm motivem.<\/p><p>Ve v\u00fdzkumu se Aos S\u00ed v\u011bnuje n\u011bkolik discipl\u00edn. Keltologie zkoum\u00e1 st\u0159edov\u011bk\u00e9 mytologick\u00e9 texty a spojen\u00ed Aos S\u00ed s Tuatha D\u00e9 Danann.<\/p><p><span class=\"iwg-fachbegriff\" data-tooltip=\"V\u011bda, kter\u00e1 zkoum\u00e1 lidovou kulturu, zvyky a tradovan\u00e9 p\u0159edstavy.\" tabindex=\"0\">N\u00e1rodopis<\/span> a naratologie vytvo\u0159ily a zhodnotily od 19. stolet\u00ed rozs\u00e1hl\u00e9 sb\u00edrky lidov\u00fdch poh\u00e1dkov\u00fdch vypr\u00e1v\u011bn\u00ed. <span class=\"iwg-fachbegriff\" data-tooltip=\"V\u011bda, kter\u00e1 zkoum\u00e1 n\u00e1bo\u017eenstv\u00ed srovn\u00e1vac\u00edm zp\u016fsobem a bez vyznava\u010dsk\u00e9 v\u00e1zanosti.\" tabindex=\"0\">Religionistika<\/span> se pt\u00e1 po postaven\u00ed Aos S\u00ed mezi bohy, mrtv\u00fdmi a p\u0159\u00edrodn\u00edmi duchy a po vztahu p\u0159edk\u0159es\u0165ansk\u00fdch p\u0159edstav a k\u0159es\u0165ansk\u00e9ho p\u0159etvo\u0159en\u00ed.<\/p><p>V\u00fdzkum zd\u016fraz\u0148uje, \u017ee <span class=\"iwg-fachbegriff\" data-tooltip=\"P\u0159ed\u00e1v\u00e1n\u00ed v\u011bd\u011bn\u00ed a vypr\u00e1v\u011bn\u00ed p\u0159es generace.\" tabindex=\"0\">tradice<\/span> nikdy nevytvo\u0159ila jednotn\u00fd, uzav\u0159en\u00fd syst\u00e9m, n\u00fdbr\u017e se vyv\u00edjela vrstevnat\u011b, region\u00e1ln\u011b odli\u0161n\u011b a po dlouh\u00e1 \u010dasov\u00e1 obdob\u00ed.<\/p><p>Zkoum\u00e1 se tak\u00e9 spole\u010densk\u00e1 funkce v\u00edry v poh\u00e1dkov\u00e9 bytosti, nap\u0159\u00edklad jako vysv\u011btluj\u00edc\u00ed model pro nevysv\u011btliteln\u00e9 ud\u00e1losti, nemoc a smrt, a jako prost\u0159edek, jak d\u00e1t krajin\u011b v\u00fdznam a hranice. Aos S\u00ed jsou tak pro v\u00fdzkum obzvl\u00e1\u0161t\u011b bohat\u00fdm p\u0159\u00edkladem p\u0159etrv\u00e1v\u00e1n\u00ed p\u0159edk\u0159es\u0165ansk\u00fdch p\u0159edstav v \u017eit\u00e9 kultu\u0159e ur\u010dit\u00e9 zem\u011b.<\/p>\t\t\t\t\t\t\t\t<\/div>\n\t\t\t\t\t<\/div>\n\t\t\t\t<\/div>\n\t\t<div class=\"elementor-element elementor-element-iwgw-aossi-lit e-flex e-con-boxed e-con e-parent\" data-id=\"iwgw-aossi-lit\" data-element_type=\"container\" data-e-type=\"container\">\n\t\t\t\t\t<div class=\"e-con-inner\">\n\t\t\t\t<div class=\"elementor-element elementor-element-iwgw-aossi-lith elementor-widget elementor-widget-heading\" data-id=\"iwgw-aossi-lith\" data-element_type=\"widget\" data-e-type=\"widget\" data-widget_type=\"heading.default\">\n\t\t\t\t\t<h2 class=\"elementor-heading-title elementor-size-default\">Literatura (v\u00fdb\u011br)<\/h2>\t\t\t\t<\/div>\n\t\t\t\t<div class=\"elementor-element elementor-element-iwgw-aossi-litt elementor-widget elementor-widget-text-editor\" data-id=\"iwgw-aossi-litt\" data-element_type=\"widget\" data-e-type=\"widget\" data-widget_type=\"text-editor.default\">\n\t\t\t\t\t\t\t\t\t<ul><li>Proinsias Mac Cana: <em>Celtic Mythology<\/em> (1970)<\/li><li>Miranda Green: <em>Dictionary of Celtic Myth and Legend<\/em> (1992)<\/li><li>John T. Koch (ed.): <em>Celtic Culture. A Historical Encyclopedia<\/em> (2006)<\/li><li>William Butler Yeats: <em>Fairy and Folk Tales of the Irish Peasantry<\/em> (1888)<\/li><li>James MacKillop: <em>Dictionary of Celtic Mythology<\/em> (1998)<\/li><\/ul>\t\t\t\t\t\t\t\t<\/div>\n\t\t\t\t\t<\/div>\n\t\t\t\t<\/div>\n\t\t<div class=\"elementor-element elementor-element-iwgw-aossi-kwd e-flex e-con-boxed e-con e-parent\" data-id=\"iwgw-aossi-kwd\" data-element_type=\"container\" data-e-type=\"container\">\n\t\t\t\t\t<div class=\"e-con-inner\">\n\t\t\t\t<div class=\"elementor-element elementor-element-iwgw-aossi-kwdt elementor-widget elementor-widget-text-editor\" data-id=\"iwgw-aossi-kwdt\" data-element_type=\"widget\" data-e-type=\"widget\" data-widget_type=\"text-editor.default\">\n\t\t\t\t\t\t\t\t\t<p><em>Souvisej\u00edc\u00ed kl\u00ed\u010dov\u00e9 pojmy: Aos S\u00ed Jin\u00fd sv\u011bt Tuatha D\u00e9 Danann poh\u00e1dkov\u00e9 bytosti S\u00eddhe Banshee Samhain podvr\u017een\u00e9 d\u00edt\u011b.<\/em><\/p>\t\t\t\t\t\t\t\t<\/div>\n\t\t\t\t\t<\/div>\n\t\t\t\t<\/div>\n\t\t<div class=\"elementor-element elementor-element-iwgw-aossi-cc e-flex e-con-boxed e-con e-parent\" data-id=\"iwgw-aossi-cc\" data-element_type=\"container\" data-e-type=\"container\" id=\"iwg-cc-aos-si\">\n\t\t\t\t\t<div class=\"e-con-inner\">\n\t\t<div class=\"elementor-element elementor-element-iwgw-aossi-ccinner e-flex e-con-boxed e-con e-parent\" data-id=\"iwgw-aossi-ccinner\" data-element_type=\"container\" data-e-type=\"container\" data-settings=\"{&quot;background_background&quot;:&quot;classic&quot;}\">\n\t\t\t\t\t<div class=\"e-con-inner\">\n\t\t\t\t<div class=\"elementor-element elementor-element-iwgw-aossi-cch elementor-widget elementor-widget-heading\" data-id=\"iwgw-aossi-cch\" data-element_type=\"widget\" data-e-type=\"widget\" data-widget_type=\"heading.default\">\n\t\t\t\t\t<h2 class=\"elementor-heading-title elementor-size-default\">iWell Guard a ochrann\u00e9 tradice<\/h2>\t\t\t\t<\/div>\n\t\t\t\t<div class=\"elementor-element elementor-element-iwgw-aossi-cct elementor-widget elementor-widget-text-editor\" data-id=\"iwgw-aossi-cct\" data-element_type=\"widget\" data-e-type=\"widget\" data-widget_type=\"text-editor.default\">\n\t\t\t\t\t\t\t\t\t<div data-nosnippet=\"true\"><p>iWell Guard navazuje na kulturn\u011b-historickou tradici nositeln\u00fdch ochrann\u00fdch p\u0159edm\u011bt\u016f, v tradici <a href=\"https:\/\/iwell-guard.com\/cs\/keltska\/\">keltsk\u00e9 kultury<\/a> a mnoha dal\u0161\u00edch kultur po cel\u00e9m sv\u011bt\u011b. 41 vrstev, ryz\u00ed zlato, platina, st\u0159\u00edbro, vyrobeno v N\u011bmecku. 30denn\u00ed lh\u016fta na vr\u00e1cen\u00ed zbo\u017e\u00ed.<\/p><\/div>\t\t\t\t\t\t\t\t<\/div>\n\t\t\t\t<div class=\"elementor-element elementor-element-iwgw-aossi-ccb iwg-cc-button iwg-cc-cta-2026-05-13 elementor-widget elementor-widget-jet-button\" data-id=\"iwgw-aossi-ccb\" data-element_type=\"widget\" data-e-type=\"widget\" data-widget_type=\"jet-button.default\">\n\t\t\t\t<div class=\"elementor-widget-container\">\n\t\t\t\t\t<div class=\"elementor-jet-button jet-elements\"><div class=\"jet-button__container\"><a class=\"jet-button__instance jet-button__instance--icon-left hover-effect-1\" href=\"\/ueber-iwell-guard\/?utm_source=iwell-guard.com&amp;utm_medium=info-box&amp;utm_campaign=wesen-tradition\"><div class=\"jet-button__plane jet-button__plane-normal\"><\/div><div class=\"jet-button__plane jet-button__plane-hover\"><\/div><div class=\"jet-button__state jet-button__state-normal\"><span class=\"jet-button__label\">V\u00edce o iWell Guard<\/span><\/div><div class=\"jet-button__state jet-button__state-hover\"><span class=\"jet-button__label\">V\u00edce o iWell Guard<\/span><\/div><\/a><\/div><\/div><style>.elementor-element.elementor-element-iwgw-aossi-ccb .jet-button__instance{width:320px;height:56px;}.elementor-element.elementor-element-iwgw-aossi-ccb .jet-button__state-normal .jet-button__label{text-align:center;margin:0px 0px 0px 0px;color:#1a1b20;font-family:Montserrat,sans-serif;font-size:13px;font-weight:400;letter-spacing:4px;line-height:1.714em;text-transform:uppercase;}.elementor-element.elementor-element-iwgw-aossi-ccb .jet-button__state-hover .jet-button__label{text-align:center;margin:0px 0px 0px 0px;color:#FECC76;font-family:Montserrat,sans-serif;font-size:13px;font-weight:400;letter-spacing:4px;line-height:1.714em;text-transform:uppercase;}.elementor-element.elementor-element-iwgw-aossi-ccb .jet-button__plane-normal{background-color:#FECC76;border-style:solid;border-color:#C99540;border-width:2px 2px 2px 2px;}.elementor-element.elementor-element-iwgw-aossi-ccb .jet-button__plane-hover{background-color:rgba(0,0,0,0.55);border-style:solid;border-color:#FECC76;border-width:2px 2px 2px 2px;}<\/style>\t\t\t\t<\/div>\n\t\t\t\t<\/div>\n\t\t\t\t<div class=\"elementor-element elementor-element-iwgw-aossi-ccd elementor-widget elementor-widget-text-editor\" data-id=\"iwgw-aossi-ccd\" data-element_type=\"widget\" data-e-type=\"widget\" data-widget_type=\"text-editor.default\">\n\t\t\t\t\t\t\t\t\t<div data-nosnippet=\"true\"><p style=\"text-align:center;font-size:13px;opacity:0.7;margin-top:14px\" data-nosnippet=\"true\">Osobn\u00ed zku\u0161enosti se mohou li\u0161it. Nejedn\u00e1 se o zdravotnick\u00fd prost\u0159edek. Nen\u00ed slibem l\u00e9\u010div\u00e9ho \u00fa\u010dinku.<\/p><\/div>\t\t\t\t\t\t\t\t<\/div>\n\t\t\t\t\t<\/div>\n\t\t\t\t<\/div>\n\t\t\t\t\t<\/div>\n\t\t\t\t<\/div>\n\t\t<div class=\"elementor-element elementor-element-iwgw-aossi-disc e-flex e-con-boxed e-con e-parent\" data-id=\"iwgw-aossi-disc\" data-element_type=\"container\" data-e-type=\"container\">\n\t\t\t\t\t<div class=\"e-con-inner\">\n\t\t\t\t<div class=\"elementor-element elementor-element-iwgw-aossi-discw elementor-widget elementor-widget-html\" data-id=\"iwgw-aossi-discw\" data-element_type=\"widget\" data-e-type=\"widget\" data-widget_type=\"html.default\">\n\t\t\t\t\t<footer data-nosnippet=\"true\" class=\"iwg-disclaimer-block\"><p data-nosnippet=\"true\">iWell Guard <strong>nen\u00ed zdravotnick\u00fd prost\u0159edek<\/strong> a nenahrazuje l\u00e9ka\u0159skou ani psychoterapeutickou l\u00e9\u010dbu. Religionistick\u00fd obsah p\u0159edstavuje kulturn\u011b-historick\u00e9 za\u0159azen\u00ed, nikoli doporu\u010den\u00ed duchovn\u00ed praxe.<\/p><\/footer>\t\t\t\t<\/div>\n\t\t\t\t\t<\/div>\n\t\t\t\t<\/div>\n\t\t\t\t<\/div>\n\t\t","protected":false},"excerpt":{"rendered":"","protected":false},"author":3,"featured_media":3379,"parent":0,"menu_order":0,"comment_status":"closed","ping_status":"closed","template":"elementor_header_footer","meta":{"_yoast_wpseo_focuskw":"Aos S\u00ed v\u00edl\u00ed bytosti","_yoast_wpseo_title":"Aos S\u00ed \u2013 lid pahork\u016f irsk\u00e9 tradice","_yoast_wpseo_metadesc":"Aos S\u00ed, lid pahork\u016f irsk\u00e9 tradice, jsou v\u00edl\u00ed bytosti jin\u00e9ho sv\u011bta. Religionistick\u00e9 za\u0159azen\u00ed s m\u00fdtem, zvykem a prameny.","_yoast_wpseo_meta-robots-noindex":"","_yoast_wpseo_canonical":"","_angie_page":false,"gefaehrdungsstufe":"","wesen_kultur":"","wesen_klasse":"","footnotes":""},"categories":[],"class_list":["post-145552","page","type-page","status-publish","has-post-thumbnail","hentry"],"yoast_head":"<!-- This site is optimized with the Yoast SEO Premium plugin v27.7 (Yoast SEO v28.3) - https:\/\/yoast.com\/product\/yoast-seo-premium-wordpress\/ -->\n<title>Aos S\u00ed \u2013 lid pahork\u016f irsk\u00e9 tradice<\/title>\n<meta name=\"description\" content=\"Aos S\u00ed, lid pahork\u016f irsk\u00e9 tradice, jsou v\u00edl\u00ed bytosti jin\u00e9ho sv\u011bta. Religionistick\u00e9 za\u0159azen\u00ed s m\u00fdtem, zvykem a prameny.\" \/>\n<meta name=\"robots\" content=\"index, follow, max-snippet:-1, max-image-preview:large, max-video-preview:-1\" \/>\n<link rel=\"canonical\" href=\"https:\/\/iwell-guard.com\/cs\/aos-si-lid-pahorku\/\" \/>\n<meta property=\"og:locale\" content=\"cs_CZ\" \/>\n<meta property=\"og:type\" content=\"article\" \/>\n<meta property=\"og:title\" content=\"Aos S\u00ed \u2013 lid pahork\u016f irsk\u00e9ho jin\u00e9ho sv\u011bta\" \/>\n<meta property=\"og:description\" content=\"Aos S\u00ed, lid pahork\u016f irsk\u00e9 tradice, jsou v\u00edl\u00ed bytosti jin\u00e9ho sv\u011bta. Religionistick\u00e9 za\u0159azen\u00ed s m\u00fdtem, zvykem a prameny.\" \/>\n<meta property=\"og:url\" content=\"https:\/\/iwell-guard.com\/cs\/aos-si-lid-pahorku\/\" \/>\n<meta property=\"og:site_name\" content=\"iWell Guard\" \/>\n<meta property=\"article:modified_time\" content=\"2026-09-03T16:59:06+00:00\" \/>\n<meta property=\"og:image\" content=\"https:\/\/iwell-guard.com\/wp-content\/uploads\/2026\/05\/geister_keltisch_aos-si.webp\" \/>\n\t<meta property=\"og:image:width\" content=\"1024\" \/>\n\t<meta property=\"og:image:height\" content=\"1536\" \/>\n\t<meta property=\"og:image:type\" content=\"image\/webp\" \/>\n<meta name=\"twitter:card\" content=\"summary_large_image\" \/>\n<script type=\"application\/ld+json\" class=\"yoast-schema-graph\">{\"@context\":\"https:\\\/\\\/schema.org\",\"@graph\":[{\"@type\":\"WebPage\",\"@id\":\"https:\\\/\\\/iwell-guard.com\\\/cs\\\/aos-si-lid-pahorku\\\/\",\"url\":\"https:\\\/\\\/iwell-guard.com\\\/cs\\\/aos-si-lid-pahorku\\\/\",\"name\":\"Aos S\u00ed \u2013 lid pahork\u016f irsk\u00e9 tradice\",\"isPartOf\":{\"@id\":\"https:\\\/\\\/iwell-guard.com\\\/cs\\\/#website\"},\"primaryImageOfPage\":{\"@id\":\"https:\\\/\\\/iwell-guard.com\\\/cs\\\/aos-si-lid-pahorku\\\/#primaryimage\"},\"image\":{\"@id\":\"https:\\\/\\\/iwell-guard.com\\\/cs\\\/aos-si-lid-pahorku\\\/#primaryimage\"},\"thumbnailUrl\":\"https:\\\/\\\/iwell-guard.com\\\/wp-content\\\/uploads\\\/2026\\\/05\\\/geister_keltisch_aos-si.webp\",\"datePublished\":\"2026-09-03T16:31:30+00:00\",\"dateModified\":\"2026-09-03T16:59:06+00:00\",\"description\":\"Aos S\u00ed, lid pahork\u016f irsk\u00e9 tradice, jsou v\u00edl\u00ed bytosti jin\u00e9ho sv\u011bta. Religionistick\u00e9 za\u0159azen\u00ed s m\u00fdtem, zvykem a prameny.\",\"breadcrumb\":{\"@id\":\"https:\\\/\\\/iwell-guard.com\\\/cs\\\/aos-si-lid-pahorku\\\/#breadcrumb\"},\"inLanguage\":\"cs\",\"potentialAction\":[{\"@type\":\"ReadAction\",\"target\":[\"https:\\\/\\\/iwell-guard.com\\\/cs\\\/aos-si-lid-pahorku\\\/\"]}]},{\"@type\":\"ImageObject\",\"inLanguage\":\"cs\",\"@id\":\"https:\\\/\\\/iwell-guard.com\\\/cs\\\/aos-si-lid-pahorku\\\/#primaryimage\",\"url\":\"https:\\\/\\\/iwell-guard.com\\\/wp-content\\\/uploads\\\/2026\\\/05\\\/geister_keltisch_aos-si.webp\",\"contentUrl\":\"https:\\\/\\\/iwell-guard.com\\\/wp-content\\\/uploads\\\/2026\\\/05\\\/geister_keltisch_aos-si.webp\",\"width\":1024,\"height\":1536,\"caption\":\"Duchov\u00e9 z keltsk\u00e9 tradice.\"},{\"@type\":\"BreadcrumbList\",\"@id\":\"https:\\\/\\\/iwell-guard.com\\\/cs\\\/aos-si-lid-pahorku\\\/#breadcrumb\",\"itemListElement\":[{\"@type\":\"ListItem\",\"position\":1,\"name\":\"Start\",\"item\":\"https:\\\/\\\/iwell-guard.com\\\/cs\\\/?page_id=145107\"},{\"@type\":\"ListItem\",\"position\":2,\"name\":\"Aos S\u00ed \u2013 lid pahork\u016f irsk\u00e9ho jin\u00e9ho sv\u011bta\"}]},{\"@type\":\"WebSite\",\"@id\":\"https:\\\/\\\/iwell-guard.com\\\/cs\\\/#website\",\"url\":\"https:\\\/\\\/iwell-guard.com\\\/cs\\\/\",\"name\":\"iWell Guard\",\"description\":\"Schutz vor dunklen Einfl\u00fcssen\",\"publisher\":{\"@id\":\"https:\\\/\\\/iwell-guard.com\\\/cs\\\/#organization\"},\"potentialAction\":[{\"@type\":\"SearchAction\",\"target\":{\"@type\":\"EntryPoint\",\"urlTemplate\":\"https:\\\/\\\/iwell-guard.com\\\/cs\\\/?s={search_term_string}\"},\"query-input\":{\"@type\":\"PropertyValueSpecification\",\"valueRequired\":true,\"valueName\":\"search_term_string\"}}],\"inLanguage\":\"cs\"},{\"@type\":\"Organization\",\"@id\":\"https:\\\/\\\/iwell-guard.com\\\/cs\\\/#organization\",\"name\":\"Ittermann electronic GmbH\",\"url\":\"https:\\\/\\\/iwell-guard.com\\\/cs\\\/\",\"logo\":{\"@type\":\"ImageObject\",\"inLanguage\":\"cs\",\"@id\":\"https:\\\/\\\/iwell-guard.com\\\/cs\\\/#\\\/schema\\\/logo\\\/image\\\/\",\"url\":\"https:\\\/\\\/iwell-guard.com\\\/wp-content\\\/uploads\\\/2026\\\/05\\\/Ittermann-Logo-1182x237-1.png\",\"contentUrl\":\"https:\\\/\\\/iwell-guard.com\\\/wp-content\\\/uploads\\\/2026\\\/05\\\/Ittermann-Logo-1182x237-1.png\",\"width\":1182,\"height\":237,\"caption\":\"Ittermann electronic GmbH\"},\"image\":{\"@id\":\"https:\\\/\\\/iwell-guard.com\\\/cs\\\/#\\\/schema\\\/logo\\\/image\\\/\"},\"sameAs\":[\"https:\\\/\\\/pantip.com\\\/profile\\\/9367242\",\"https:\\\/\\\/micro.blog\\\/iwellguard\",\"https:\\\/\\\/www.diggerslist.com\\\/iwellguard\\\/about\",\"https:\\\/\\\/skitterphoto.com\\\/photographers\\\/2870314\\\/iwell-guard\",\"https:\\\/\\\/iwellguard.wordpress.com\\\/2026\\\/06\\\/06\\\/iwell-guard\\\/\",\"https:\\\/\\\/hub.docker.com\\\/u\\\/iwellguard\",\"https:\\\/\\\/www.pinterest.com\\\/iwellguard\\\/\",\"https:\\\/\\\/bit.ly\\\/m\\\/iwellguard\",\"https:\\\/\\\/entre-vos-mains.alsace.eu\\\/profiles\\\/iwellguard\\\/activity\",\"https:\\\/\\\/gravatar.com\\\/reallybeded8fd34\",\"https:\\\/\\\/naijamatta.com\\\/iwellguard\",\"https:\\\/\\\/www.goodreads.com\\\/iwellguard\",\"https:\\\/\\\/profile.hatena.ne.jp\\\/iwellguard\\\/\",\"https:\\\/\\\/experiment.com\\\/users\\\/iwellguard\",\"https:\\\/\\\/wakelet.com\\\/@iWellGuard82270\",\"https:\\\/\\\/www.chordie.com\\\/forum\\\/profile.php?id=2555664\",\"https:\\\/\\\/www.instapaper.com\\\/p\\\/17757966\",\"https:\\\/\\\/www.mapleprimes.com\\\/users\\\/iwellguard\",\"https:\\\/\\\/businesslistingplus.com\\\/profile\\\/iwell-guard\\\/\",\"https:\\\/\\\/telegra.ph\\\/iWell-Guard-06-06\",\"https:\\\/\\\/pbase.com\\\/iwellguard\\\/iwellguard\",\"https:\\\/\\\/b.hatena.ne.jp\\\/iwellguard\\\/20260607#bookmark-4788405196491818882\",\"https:\\\/\\\/fliphtml5.com\\\/home\\\/iwellguard\",\"https:\\\/\\\/anyflip.com\\\/homepage\\\/cmiwl#About\",\"https:\\\/\\\/transfur.com\\\/Users\\\/iwellguard\",\"http:\\\/\\\/delphi.larsbo.org\\\/user\\\/iwellguard\",\"https:\\\/\\\/jobs.lajobsportal.org\\\/profiles\\\/8380803-iwell-guard\",\"https:\\\/\\\/md.chaosdorf.de\\\/s\\\/jfbe5SBdJD\",\"https:\\\/\\\/www.lingvolive.com\\\/en-us\\\/profile\\\/9ecaeaca-ce11-4e51-9e71-01d55e2bff36\\\/translations\",\"https:\\\/\\\/www.fitday.com\\\/fitness\\\/forums\\\/members\\\/iwellguard.html\",\"https:\\\/\\\/www.mymeetbook.com\\\/iwellguard\",\"https:\\\/\\\/pxhere.com\\\/en\\\/photographer-me\\\/5040798\",\"https:\\\/\\\/disqus.com\\\/by\\\/iwellguard\\\/about\\\/\",\"https:\\\/\\\/pastelink.net\\\/hjwciqwq\",\"https:\\\/\\\/pubhtml5.com\\\/homepage\\\/scjhn\\\/\",\"https:\\\/\\\/www.bitchute.com\\\/channel\\\/2O2eOKzNqujT\",\"https:\\\/\\\/audiomack.com\\\/iwellguard\"]}]}<\/script>\n<!-- \/ Yoast SEO Premium plugin. -->","yoast_head_json":{"title":"Aos S\u00ed \u2013 lid pahork\u016f irsk\u00e9 tradice","description":"Aos S\u00ed, lid pahork\u016f irsk\u00e9 tradice, jsou v\u00edl\u00ed bytosti jin\u00e9ho sv\u011bta. Religionistick\u00e9 za\u0159azen\u00ed s m\u00fdtem, zvykem a prameny.","robots":{"index":"index","follow":"follow","max-snippet":"max-snippet:-1","max-image-preview":"max-image-preview:large","max-video-preview":"max-video-preview:-1"},"canonical":"https:\/\/iwell-guard.com\/cs\/aos-si-lid-pahorku\/","og_locale":"cs_CZ","og_type":"article","og_title":"Aos S\u00ed \u2013 lid pahork\u016f irsk\u00e9ho jin\u00e9ho sv\u011bta","og_description":"Aos S\u00ed, lid pahork\u016f irsk\u00e9 tradice, jsou v\u00edl\u00ed bytosti jin\u00e9ho sv\u011bta. Religionistick\u00e9 za\u0159azen\u00ed s m\u00fdtem, zvykem a prameny.","og_url":"https:\/\/iwell-guard.com\/cs\/aos-si-lid-pahorku\/","og_site_name":"iWell Guard","article_modified_time":"2026-09-03T16:59:06+00:00","og_image":[{"width":1024,"height":1536,"url":"https:\/\/iwell-guard.com\/wp-content\/uploads\/2026\/05\/geister_keltisch_aos-si.webp","type":"image\/webp"}],"twitter_card":"summary_large_image","schema":{"@context":"https:\/\/schema.org","@graph":[{"@type":"WebPage","@id":"https:\/\/iwell-guard.com\/cs\/aos-si-lid-pahorku\/","url":"https:\/\/iwell-guard.com\/cs\/aos-si-lid-pahorku\/","name":"Aos S\u00ed \u2013 lid pahork\u016f irsk\u00e9 tradice","isPartOf":{"@id":"https:\/\/iwell-guard.com\/cs\/#website"},"primaryImageOfPage":{"@id":"https:\/\/iwell-guard.com\/cs\/aos-si-lid-pahorku\/#primaryimage"},"image":{"@id":"https:\/\/iwell-guard.com\/cs\/aos-si-lid-pahorku\/#primaryimage"},"thumbnailUrl":"https:\/\/iwell-guard.com\/wp-content\/uploads\/2026\/05\/geister_keltisch_aos-si.webp","datePublished":"2026-09-03T16:31:30+00:00","dateModified":"2026-09-03T16:59:06+00:00","description":"Aos S\u00ed, lid pahork\u016f irsk\u00e9 tradice, jsou v\u00edl\u00ed bytosti jin\u00e9ho sv\u011bta. Religionistick\u00e9 za\u0159azen\u00ed s m\u00fdtem, zvykem a prameny.","breadcrumb":{"@id":"https:\/\/iwell-guard.com\/cs\/aos-si-lid-pahorku\/#breadcrumb"},"inLanguage":"cs","potentialAction":[{"@type":"ReadAction","target":["https:\/\/iwell-guard.com\/cs\/aos-si-lid-pahorku\/"]}]},{"@type":"ImageObject","inLanguage":"cs","@id":"https:\/\/iwell-guard.com\/cs\/aos-si-lid-pahorku\/#primaryimage","url":"https:\/\/iwell-guard.com\/wp-content\/uploads\/2026\/05\/geister_keltisch_aos-si.webp","contentUrl":"https:\/\/iwell-guard.com\/wp-content\/uploads\/2026\/05\/geister_keltisch_aos-si.webp","width":1024,"height":1536,"caption":"Duchov\u00e9 z keltsk\u00e9 tradice."},{"@type":"BreadcrumbList","@id":"https:\/\/iwell-guard.com\/cs\/aos-si-lid-pahorku\/#breadcrumb","itemListElement":[{"@type":"ListItem","position":1,"name":"Start","item":"https:\/\/iwell-guard.com\/cs\/?page_id=145107"},{"@type":"ListItem","position":2,"name":"Aos S\u00ed \u2013 lid pahork\u016f irsk\u00e9ho jin\u00e9ho sv\u011bta"}]},{"@type":"WebSite","@id":"https:\/\/iwell-guard.com\/cs\/#website","url":"https:\/\/iwell-guard.com\/cs\/","name":"iWell Guard","description":"Schutz vor dunklen Einfl\u00fcssen","publisher":{"@id":"https:\/\/iwell-guard.com\/cs\/#organization"},"potentialAction":[{"@type":"SearchAction","target":{"@type":"EntryPoint","urlTemplate":"https:\/\/iwell-guard.com\/cs\/?s={search_term_string}"},"query-input":{"@type":"PropertyValueSpecification","valueRequired":true,"valueName":"search_term_string"}}],"inLanguage":"cs"},{"@type":"Organization","@id":"https:\/\/iwell-guard.com\/cs\/#organization","name":"Ittermann electronic GmbH","url":"https:\/\/iwell-guard.com\/cs\/","logo":{"@type":"ImageObject","inLanguage":"cs","@id":"https:\/\/iwell-guard.com\/cs\/#\/schema\/logo\/image\/","url":"https:\/\/iwell-guard.com\/wp-content\/uploads\/2026\/05\/Ittermann-Logo-1182x237-1.png","contentUrl":"https:\/\/iwell-guard.com\/wp-content\/uploads\/2026\/05\/Ittermann-Logo-1182x237-1.png","width":1182,"height":237,"caption":"Ittermann electronic GmbH"},"image":{"@id":"https:\/\/iwell-guard.com\/cs\/#\/schema\/logo\/image\/"},"sameAs":["https:\/\/pantip.com\/profile\/9367242","https:\/\/micro.blog\/iwellguard","https:\/\/www.diggerslist.com\/iwellguard\/about","https:\/\/skitterphoto.com\/photographers\/2870314\/iwell-guard","https:\/\/iwellguard.wordpress.com\/2026\/06\/06\/iwell-guard\/","https:\/\/hub.docker.com\/u\/iwellguard","https:\/\/www.pinterest.com\/iwellguard\/","https:\/\/bit.ly\/m\/iwellguard","https:\/\/entre-vos-mains.alsace.eu\/profiles\/iwellguard\/activity","https:\/\/gravatar.com\/reallybeded8fd34","https:\/\/naijamatta.com\/iwellguard","https:\/\/www.goodreads.com\/iwellguard","https:\/\/profile.hatena.ne.jp\/iwellguard\/","https:\/\/experiment.com\/users\/iwellguard","https:\/\/wakelet.com\/@iWellGuard82270","https:\/\/www.chordie.com\/forum\/profile.php?id=2555664","https:\/\/www.instapaper.com\/p\/17757966","https:\/\/www.mapleprimes.com\/users\/iwellguard","https:\/\/businesslistingplus.com\/profile\/iwell-guard\/","https:\/\/telegra.ph\/iWell-Guard-06-06","https:\/\/pbase.com\/iwellguard\/iwellguard","https:\/\/b.hatena.ne.jp\/iwellguard\/20260607#bookmark-4788405196491818882","https:\/\/fliphtml5.com\/home\/iwellguard","https:\/\/anyflip.com\/homepage\/cmiwl#About","https:\/\/transfur.com\/Users\/iwellguard","http:\/\/delphi.larsbo.org\/user\/iwellguard","https:\/\/jobs.lajobsportal.org\/profiles\/8380803-iwell-guard","https:\/\/md.chaosdorf.de\/s\/jfbe5SBdJD","https:\/\/www.lingvolive.com\/en-us\/profile\/9ecaeaca-ce11-4e51-9e71-01d55e2bff36\/translations","https:\/\/www.fitday.com\/fitness\/forums\/members\/iwellguard.html","https:\/\/www.mymeetbook.com\/iwellguard","https:\/\/pxhere.com\/en\/photographer-me\/5040798","https:\/\/disqus.com\/by\/iwellguard\/about\/","https:\/\/pastelink.net\/hjwciqwq","https:\/\/pubhtml5.com\/homepage\/scjhn\/","https:\/\/www.bitchute.com\/channel\/2O2eOKzNqujT","https:\/\/audiomack.com\/iwellguard"]}]}},"_links":{"self":[{"href":"https:\/\/iwell-guard.com\/cs\/wp-json\/wp\/v2\/pages\/145552","targetHints":{"allow":["GET"]}}],"collection":[{"href":"https:\/\/iwell-guard.com\/cs\/wp-json\/wp\/v2\/pages"}],"about":[{"href":"https:\/\/iwell-guard.com\/cs\/wp-json\/wp\/v2\/types\/page"}],"author":[{"embeddable":true,"href":"https:\/\/iwell-guard.com\/cs\/wp-json\/wp\/v2\/users\/3"}],"replies":[{"embeddable":true,"href":"https:\/\/iwell-guard.com\/cs\/wp-json\/wp\/v2\/comments?post=145552"}],"version-history":[{"count":0,"href":"https:\/\/iwell-guard.com\/cs\/wp-json\/wp\/v2\/pages\/145552\/revisions"}],"wp:featuredmedia":[{"embeddable":true,"href":"https:\/\/iwell-guard.com\/cs\/wp-json\/wp\/v2\/media\/3379"}],"wp:attachment":[{"href":"https:\/\/iwell-guard.com\/cs\/wp-json\/wp\/v2\/media?parent=145552"}],"wp:term":[{"taxonomy":"category","embeddable":true,"href":"https:\/\/iwell-guard.com\/cs\/wp-json\/wp\/v2\/categories?post=145552"}],"curies":[{"name":"wp","href":"https:\/\/api.w.org\/{rel}","templated":true}]}}