{"id":145545,"date":"2026-09-03T16:31:25","date_gmt":"2026-09-03T16:31:25","guid":{"rendered":"https:\/\/iwell-guard.com\/?page_id=145545"},"modified":"2026-09-03T16:58:56","modified_gmt":"2026-09-03T16:58:56","slug":"saivo-svaty-svet-samu","status":"publish","type":"page","link":"https:\/\/iwell-guard.com\/cs\/saivo-svaty-svet-samu\/","title":{"rendered":"Saivo &#8211; Svat\u00fd sv\u011bt hor a jezer S\u00e1m\u016f"},"content":{"rendered":"\t\t<div data-elementor-type=\"wp-page\" data-elementor-id=\"145545\" class=\"elementor elementor-145545 elementor-2673 elementor-bc-flex-widget\" data-elementor-post-type=\"page\">\n\t\t\t\t<div class=\"elementor-element elementor-element-iwgw-saivo-hero e-flex e-con-boxed e-con e-parent\" data-id=\"iwgw-saivo-hero\" data-element_type=\"container\" data-e-type=\"container\" data-settings=\"{&quot;background_background&quot;:&quot;classic&quot;}\">\n\t\t\t\t\t<div class=\"e-con-inner\">\n\t\t<div class=\"elementor-element elementor-element-iwgw-saivo-hl e-flex e-con-boxed e-con e-child\" data-id=\"iwgw-saivo-hl\" data-element_type=\"container\" data-e-type=\"container\">\n\t\t\t\t\t<div class=\"e-con-inner\">\n\t\t<div class=\"elementor-element elementor-element-iwgw-saivo-htxt e-con-full e-flex e-con e-child\" data-id=\"iwgw-saivo-htxt\" data-element_type=\"container\" data-e-type=\"container\">\n\t\t\t\t<div class=\"elementor-element elementor-element-iwgw-saivo-h1 elementor-widget elementor-widget-heading\" data-id=\"iwgw-saivo-h1\" data-element_type=\"widget\" data-e-type=\"widget\" data-widget_type=\"heading.default\">\n\t\t\t\t\t<h1 class=\"elementor-heading-title elementor-size-default\">Saivo - Svat\u00fd sv\u011bt hor a jezer S\u00e1m\u016f a s\u00eddlo \u0161amansk\u00fdch pomocn\u00edk\u016f<\/h1>\t\t\t\t<\/div>\n\t\t\t\t<div class=\"elementor-element elementor-element-iwgw-saivo-lead elementor-widget elementor-widget-text-editor\" data-id=\"iwgw-saivo-lead\" data-element_type=\"widget\" data-e-type=\"widget\" data-widget_type=\"text-editor.default\">\n\t\t\t\t\t\t\t\t\t<p>Saivo, ps\u00e1no tak\u00e9 S\u00e1jvva nebo Saaivo, je v p\u0159edk\u0159es\u0165ansk\u00e9m <a href=\"https:\/\/iwell-guard.com\/cs\/sami-finsko-ugricka-tradice-noaidi-buben\/\">s\u00e1msk\u00e9m<\/a> n\u00e1bo\u017eenstv\u00ed zvl\u00e1\u0161tn\u00ed sv\u011bt duch\u016f, kter\u00fd je lokalizov\u00e1n v ur\u010dit\u00fdch hor\u00e1ch a pod jezery. Zde p\u0159eb\u00fdvaj\u00ed duchov\u00e9 Saivo, kte\u0159\u00ed slou\u017e\u00ed jako osobn\u00ed pomocn\u00ed duchov\u00e9 \u0161aman\u016f. Religionisticky pat\u0159\u00ed Saivo k nejzvl\u00e1\u0161tn\u011bj\u0161\u00edm konfigurac\u00edm s\u00e1msk\u00e9 <span class=\"iwg-fachbegriff\" data-tooltip=\"V\u011bdeck\u00e1 nauka o Bohu a v\u00ed\u0159e n\u00e1bo\u017eenstv\u00ed.\" tabindex=\"0\">teologie<\/span>.<\/p>\t\t\t\t\t\t\t\t<\/div>\n\t\t\t\t<\/div>\n\t\t<div class=\"elementor-element elementor-element-iwgw-saivo-pillc e-con-full e-flex e-con e-child\" data-id=\"iwgw-saivo-pillc\" data-element_type=\"container\" data-e-type=\"container\">\n\t\t\t\t<div class=\"elementor-element elementor-element-iwgw-saivo-pills elementor-widget elementor-widget-html\" data-id=\"iwgw-saivo-pills\" data-element_type=\"widget\" data-e-type=\"widget\" data-widget_type=\"html.default\">\n\t\t\t\t\t<div class=\"iwg-pill-row\"><span class=\"iwg-klasse-badge\" tabindex=\"0\" data-tooltip=\"Duch s\u00e1msk\u00e9 tradice.\">Duch<\/span><a href=\"https:\/\/iwell-guard.com\/cs\/sami-finsko-ugricka-tradice-noaidi-buben\/\" class=\"iwg-kultur-badge\" tabindex=\"0\" data-tooltip=\"Mytologie s\u00e1msk\u00e9 tradice.\">S\u00e1mov\u00e9<\/a><span class=\"iwg-tradition-badge\" tabindex=\"0\" data-tooltip=\"Svat\u00fd sv\u011bt a s\u00eddlo duch\u016f.\">Svat\u00fd sv\u011bt a s\u00eddlo duch\u016f<\/span><\/div>\t\t\t\t<\/div>\n\t\t\t\t<\/div>\n\t\t<div class=\"elementor-element elementor-element-iwgw-saivo-tocc e-con-full e-flex e-con e-child\" data-id=\"iwgw-saivo-tocc\" data-element_type=\"container\" data-e-type=\"container\">\n\t\t\t\t<div class=\"elementor-element elementor-element-iwgw-saivo-toc elementor-toc--minimized-on-tablet elementor-widget elementor-widget-table-of-contents\" data-id=\"iwgw-saivo-toc\" data-element_type=\"widget\" data-e-type=\"widget\" data-settings=\"{&quot;headings_by_tags&quot;:[&quot;h2&quot;,&quot;h3&quot;],&quot;minimize_box&quot;:&quot;yes&quot;,&quot;marker_view&quot;:&quot;bullets&quot;,&quot;no_headings_message&quot;:&quot;Na t\\u00e9to str\\u00e1nce nebyly nalezeny \\u017e\\u00e1dn\\u00e9 nadpisy.&quot;,&quot;exclude_headings_by_selector&quot;:[],&quot;icon&quot;:{&quot;value&quot;:&quot;fas fa-circle&quot;,&quot;library&quot;:&quot;fa-solid&quot;,&quot;rendered_tag&quot;:&quot;&lt;svg class=\\&quot;e-font-icon-svg e-fas-circle\\&quot; viewBox=\\&quot;0 0 512 512\\&quot; xmlns=\\&quot;http:\\\/\\\/www.w3.org\\\/2000\\\/svg\\&quot;&gt;&lt;path d=\\&quot;M256 8C119 8 8 119 8 256s111 248 248 248 248-111 248-248S393 8 256 8z\\&quot;&gt;&lt;\\\/path&gt;&lt;\\\/svg&gt;&quot;},&quot;minimized_on&quot;:&quot;tablet&quot;,&quot;hierarchical_view&quot;:&quot;yes&quot;,&quot;min_height&quot;:{&quot;unit&quot;:&quot;px&quot;,&quot;size&quot;:&quot;&quot;,&quot;sizes&quot;:[]},&quot;min_height_tablet&quot;:{&quot;unit&quot;:&quot;px&quot;,&quot;size&quot;:&quot;&quot;,&quot;sizes&quot;:[]},&quot;min_height_mobile&quot;:{&quot;unit&quot;:&quot;px&quot;,&quot;size&quot;:&quot;&quot;,&quot;sizes&quot;:[]}}\" data-widget_type=\"table-of-contents.default\">\n\t\t\t\t\t\t\t\t\t<div class=\"elementor-toc__header\">\n\t\t\t\t\t\t<h2 class=\"elementor-toc__header-title\">\n\t\t\t\tObsah\t\t\t<\/h2>\n\t\t\t\t\t\t\t\t\t\t<div class=\"elementor-toc__toggle-button elementor-toc__toggle-button--expand\" role=\"button\" tabindex=\"0\" aria-controls=\"elementor-toc__iwgw-saivo-toc\" aria-expanded=\"true\" aria-label=\"Open table of contents\"><svg aria-hidden=\"true\" class=\"e-font-icon-svg e-fas-chevron-down\" viewBox=\"0 0 448 512\" xmlns=\"http:\/\/www.w3.org\/2000\/svg\"><path d=\"M207.029 381.476L12.686 187.132c-9.373-9.373-9.373-24.569 0-33.941l22.667-22.667c9.357-9.357 24.522-9.375 33.901-.04L224 284.505l154.745-154.021c9.379-9.335 24.544-9.317 33.901.04l22.667 22.667c9.373 9.373 9.373 24.569 0 33.941L240.971 381.476c-9.373 9.372-24.569 9.372-33.942 0z\"><\/path><\/svg><\/div>\n\t\t\t\t<div class=\"elementor-toc__toggle-button elementor-toc__toggle-button--collapse\" role=\"button\" tabindex=\"0\" aria-controls=\"elementor-toc__iwgw-saivo-toc\" aria-expanded=\"true\" aria-label=\"Close table of contents\"><svg aria-hidden=\"true\" class=\"e-font-icon-svg e-fas-chevron-up\" viewBox=\"0 0 448 512\" xmlns=\"http:\/\/www.w3.org\/2000\/svg\"><path d=\"M240.971 130.524l194.343 194.343c9.373 9.373 9.373 24.569 0 33.941l-22.667 22.667c-9.357 9.357-24.522 9.375-33.901.04L224 227.495 69.255 381.516c-9.379 9.335-24.544 9.317-33.901-.04l-22.667-22.667c-9.373-9.373-9.373-24.569 0-33.941L207.03 130.525c9.372-9.373 24.568-9.373 33.941-.001z\"><\/path><\/svg><\/div>\n\t\t\t\t\t<\/div>\n\t\t\t\t<div id=\"elementor-toc__iwgw-saivo-toc\" class=\"elementor-toc__body\">\n\t\t\t<div class=\"elementor-toc__spinner-container\">\n\t\t\t\t<svg class=\"elementor-toc__spinner eicon-animation-spin e-font-icon-svg e-eicon-loading\" aria-hidden=\"true\" viewBox=\"0 0 1000 1000\" xmlns=\"http:\/\/www.w3.org\/2000\/svg\"><path d=\"M500 975V858C696 858 858 696 858 500S696 142 500 142 142 304 142 500H25C25 237 238 25 500 25S975 237 975 500 763 975 500 975Z\"><\/path><\/svg>\t\t\t<\/div>\n\t\t<\/div>\n\t\t\t\t\t\t<\/div>\n\t\t\t\t<\/div>\n\t\t\t\t\t<\/div>\n\t\t\t\t<\/div>\n\t\t<div class=\"elementor-element elementor-element-iwgw-saivo-hr e-con-full e-flex e-con e-child\" data-id=\"iwgw-saivo-hr\" data-element_type=\"container\" data-e-type=\"container\">\n\t\t\t\t<div class=\"elementor-element elementor-element-iwgw-saivo-heroimg iwg-hero-image elementor-widget elementor-widget-image\" data-id=\"iwgw-saivo-heroimg\" data-element_type=\"widget\" data-e-type=\"widget\" data-widget_type=\"image.default\">\n\t\t\t\t\t\t\t\t\t\t\t\t\t\t\t<img fetchpriority=\"high\" decoding=\"async\" width=\"683\" height=\"1024\" src=\"https:\/\/iwell-guard.com\/wp-content\/uploads\/2026\/05\/geister_sami_saivo-683x1024.webp\" class=\"attachment-large size-large wp-image-147296\" alt=\"Saivo - duchov\u00e9 ze s\u00e1msk\u00e9 tradice, historicko-ilustrativn\u00ed zobrazen\u00ed\" srcset=\"https:\/\/iwell-guard.com\/wp-content\/uploads\/2026\/05\/geister_sami_saivo-683x1024.webp 683w, https:\/\/iwell-guard.com\/wp-content\/uploads\/2026\/05\/geister_sami_saivo-200x300.webp 200w, https:\/\/iwell-guard.com\/wp-content\/uploads\/2026\/05\/geister_sami_saivo-768x1152.webp 768w, https:\/\/iwell-guard.com\/wp-content\/uploads\/2026\/05\/geister_sami_saivo.webp 1024w\" sizes=\"(max-width: 683px) 100vw, 683px\" \/>\t\t\t\t\t\t\t\t\t\t\t\t\t\t\t<\/div>\n\t\t\t\t<\/div>\n\t\t\t\t\t<\/div>\n\t\t\t\t<\/div>\n\t\t\t\t<section class=\"elementor-section elementor-top-section elementor-element elementor-element-sec-iwgcomp2-saivo elementor-section-boxed elementor-section-height-default elementor-section-height-default\" data-id=\"sec-iwgcomp2-saivo\" data-element_type=\"section\" data-e-type=\"section\">\n\t\t\t\t\t\t<div class=\"elementor-container elementor-column-gap-default\">\n\t\t\t\t\t<div class=\"elementor-column elementor-col-100 elementor-top-column elementor-element elementor-element-col-iwgcomp2-saivo\" data-id=\"col-iwgcomp2-saivo\" data-element_type=\"column\" data-e-type=\"column\">\n\t\t\t<div class=\"elementor-widget-wrap elementor-element-populated\">\n\t\t\t\t\t\t<div class=\"elementor-element elementor-element-iwgcomp2-saivo elementor-widget elementor-widget-text-editor\" data-id=\"iwgcomp2-saivo\" data-element_type=\"widget\" data-e-type=\"widget\" data-widget_type=\"text-editor.default\">\n\t\t\t\t\t\t\t\t\t<p>Saivo je v s\u00e1msk\u00e9 v\u00ed\u0159e s\u00eddlem <strong>\u0161amansk\u00fdch pomocn\u00edk\u016f<\/strong>, v posv\u00e1tn\u00fdch hor\u00e1ch a jezerech.<\/p>\t\t\t\t\t\t\t\t<\/div>\n\t\t\t\t\t<\/div>\n\t\t<\/div>\n\t\t\t\t\t<\/div>\n\t\t<\/section>\n\t\t<div class=\"elementor-element elementor-element-iwgw-saivo-s0 e-flex e-con-boxed e-con e-parent\" data-id=\"iwgw-saivo-s0\" data-element_type=\"container\" data-e-type=\"container\">\n\t\t\t\t\t<div class=\"e-con-inner\">\n\t\t\t\t<div class=\"elementor-element elementor-element-iwgw-saivo-s0h elementor-widget elementor-widget-heading\" data-id=\"iwgw-saivo-s0h\" data-element_type=\"widget\" data-e-type=\"widget\" data-widget_type=\"heading.default\">\n\t\t\t\t\t<h2 class=\"elementor-heading-title elementor-size-default\">Za\u0159azen\u00ed a stru\u010dn\u00fd profil<\/h2>\t\t\t\t<\/div>\n\t\t<div class=\"elementor-element elementor-element-iwgw-saivo-s0c e-con-full e-flex e-con e-child\" data-id=\"iwgw-saivo-s0c\" data-element_type=\"container\" data-e-type=\"container\">\n\t\t\t\t<div class=\"elementor-element elementor-element-iwgw-saivo-s0t elementor-widget elementor-widget-text-editor\" data-id=\"iwgw-saivo-s0t\" data-element_type=\"widget\" data-e-type=\"widget\" data-widget_type=\"text-editor.default\">\n\t\t\t\t\t\t\t\t\t<p>Saivo je z\u00e1rove\u0148 topografick\u00fdm i n\u00e1bo\u017eensk\u00fdm dvojit\u00fdm ur\u010den\u00edm: posv\u00e1tn\u00e9 m\u00edsto v krajin\u011b (svat\u00e9 hory, svat\u00e1 jezera) a sv\u011bt duch\u016f, kte\u0159\u00ed v t\u011bchto m\u00edstech p\u0159eb\u00fdvaj\u00ed. Toto dvojit\u00e9 ur\u010den\u00ed je religionisticky-fenomenologicky sv\u00e9bytn\u00e9 a odli\u0161uje Saivo od \u010dist\u011b topografick\u00fdch nebo \u010dist\u011b teologick\u00fdch koncept\u016f.<\/p><p>Duchov\u00e9 Saivo jsou nejd\u016fle\u017eit\u011bj\u0161\u00edmi osobn\u00edmi pomocn\u00fdmi duchy s\u00e1msk\u00fdch \u0161aman\u016f (noaidi). Ka\u017ed\u00fd <span class=\"iwg-fachbegriff\" data-tooltip=\"N\u00e1bo\u017eensk\u00fd specialista, kter\u00e9mu je p\u0159isuzov\u00e1no zprost\u0159edkov\u00e1n\u00ed mezi lidmi a sv\u011btem duch\u016f.\" tabindex=\"0\">\u0161aman<\/span> m\u011bl jednoho nebo v\u00edce pomocn\u00edk\u016f Saivo, kte\u0159\u00ed mu byli oporou v transu. Tito pomocn\u00ed duchov\u00e9 mohli nab\u00fdvat r\u016fzn\u00fdch podob: zv\u00ed\u0159e, \u010dlov\u011bk, <span class=\"iwg-fachbegriff\" data-tooltip=\"Bytost, kter\u00e1 v sob\u011b spojuje rysy r\u016fzn\u00fdch \u017eiv\u00fdch tvor\u016f.\" tabindex=\"0\">sm\u00ed\u0161en\u00e1 bytost<\/span>.<\/p><p>Religionisticky je Saivo sv\u00e9bytnou konfigurac\u00ed, kter\u00e1 strukturn\u011b p\u0159ipom\u00edn\u00e1 p\u0159edstavu <a href=\"https:\/\/iwell-guard.com\/cs\/inuite-arktida-sedna-tornit-praxe\/\">inuitsk\u00e9ho<\/a> tornarssuka, li\u0161\u00ed se v\u0161ak sv\u00fdm topografick\u00fdm zakotven\u00edm. Toto zakotven\u00ed je religionisticky-fenomenologicky samostatn\u00fdm jevem a \u010din\u00ed ze Saiva zvl\u00e1\u0161t\u011b zaj\u00edmav\u00fd p\u0159edm\u011bt bad\u00e1n\u00ed.<\/p><p>Svat\u00fd sv\u011bt hor a jezer Saivo byl v nov\u011bj\u0161\u00edm v\u00fdzkumu zkoum\u00e1n roz\u0161\u00ed\u0159en\u00fdmi p\u0159\u00edstupy, kter\u00e9 spojuj\u00ed etnografickou p\u0159esnost, jazykov\u011bdnou kritiku pramen\u016f a srovn\u00e1vac\u00ed perspektivu. Na t\u00e9to pr\u00e1ci se dnes sami pod\u00edlej\u00ed s\u00e1m\u0161t\u00ed v\u011bdci a v\u011bdkyn\u011b a opravuj\u00ed star\u0161\u00ed z\u00e1padn\u00ed interpretace, kter\u00e9 m\u011bly z\u010d\u00e1sti koloni\u00e1ln\u00ed r\u00e1z.<\/p><p>Svou dvoj\u00ed povahou svat\u00e9ho m\u00edsta a sv\u011bta duch\u016f zapad\u00e1 Saivo do vzorce cirkumpol\u00e1rn\u00ed n\u00e1bo\u017eensk\u00e9 topografie, kter\u00fd se opakuje na \u0161irok\u00e9m prostoru. Skute\u010dnost, \u017ee tato struktura z\u016fst\u00e1v\u00e1 stabiln\u00ed i na vzd\u00e1lenosti tis\u00edc\u016f kilometr\u016f, je pro srovn\u00e1vac\u00ed <span class=\"iwg-fachbegriff\" data-tooltip=\"V\u011bda, kter\u00e1 zkoum\u00e1 n\u00e1bo\u017eenstv\u00ed srovn\u00e1vac\u00edm zp\u016fsobem a bez vazby na v\u00edru.\" tabindex=\"0\">religionistiku<\/span> jedn\u00edm z jej\u00edch nejn\u00e1padn\u011bj\u0161\u00edch zji\u0161t\u011bn\u00ed a z\u016fst\u00e1v\u00e1 p\u0159edm\u011btem trvaj\u00edc\u00ed diskuse.<\/p>\t\t\t\t\t\t\t\t<\/div>\n\t\t\t\t<\/div>\n\t\t\t\t\t<\/div>\n\t\t\t\t<\/div>\n\t\t<div class=\"elementor-element elementor-element-iwgw-saivo-s1 e-flex e-con-boxed e-con e-parent\" data-id=\"iwgw-saivo-s1\" data-element_type=\"container\" data-e-type=\"container\">\n\t\t\t\t\t<div class=\"e-con-inner\">\n\t\t\t\t<div class=\"elementor-element elementor-element-iwgw-saivo-s1h elementor-widget elementor-widget-heading\" data-id=\"iwgw-saivo-s1h\" data-element_type=\"widget\" data-e-type=\"widget\" data-widget_type=\"heading.default\">\n\t\t\t\t\t<h2 class=\"elementor-heading-title elementor-size-default\">Jm\u00e9no a etymologie<\/h2>\t\t\t\t<\/div>\n\t\t<div class=\"elementor-element elementor-element-iwgw-saivo-s1c e-con-full e-flex e-con e-child\" data-id=\"iwgw-saivo-s1c\" data-element_type=\"container\" data-e-type=\"container\">\n\t\t\t\t<div class=\"elementor-element elementor-element-iwgw-saivo-s1t elementor-widget elementor-widget-text-editor\" data-id=\"iwgw-saivo-s1t\" data-element_type=\"widget\" data-e-type=\"widget\" data-widget_type=\"text-editor.default\">\n\t\t\t\t\t\t\t\t\t<p>P\u016fvod jm\u00e9na Saivo nen\u00ed jazykov\u011b zcela objasn\u011bn. Jedna hypot\u00e9za jej spojuje se staroseversk\u00fdm <em>s\u00e6<\/em> pro mo\u0159e nebo jezero, co\u017e odpov\u00edd\u00e1 symbolice vody. Jin\u00e1 hypot\u00e9za vid\u00ed samostatn\u00fd uralsk\u00fd ko\u0159en s v\u00fdznamem <span class=\"iwg-fachbegriff\" data-tooltip=\"N\u00e1le\u017eej\u00edc\u00ed k bo\u017esk\u00e9mu, a t\u00edm vy\u0148at\u00fd z b\u011b\u017en\u00e9ho u\u017e\u00edv\u00e1n\u00ed.\" tabindex=\"0\">svat\u00fd<\/span> nebo skryt\u00fd.<\/p><p>Etymologicky byla diskutov\u00e1na p\u0159\u00edbuznost s finsk\u00fdm <em>s\u00e4iv\u00f6<\/em>, kter\u00e9 ozna\u010duje podobn\u00e1 svat\u00e1 m\u00edsta. Tato souvislost je religionisticky-fenomenologicky produktivn\u00ed a odkazuje na starou fenno-ugrickou vrstvu.<\/p><p>Dialekt\u00e1ln\u00ed varianty jsou Saivve v jihos\u00e1m\u0161tin\u011b, S\u00e1jvva v umes\u00e1m\u0161tin\u011b a S\u00e1ivvu v severos\u00e1m\u0161tin\u011b. Tato rozmanitost odpov\u00edd\u00e1 obecn\u00e9 dialekt\u00e1ln\u00ed diferenciaci s\u00e1msk\u00e9ho jazyka.<\/p><p>N\u00e1bo\u017eensko-sociologicky je t\u0159eba se pt\u00e1t, jakou funkci zast\u00e1valo Saivo v soci\u00e1ln\u00edm uspo\u0159\u00e1d\u00e1n\u00ed tradi\u010dn\u00ed s\u00e1msk\u00e9 pospolitosti. Proto\u017ee duchov\u00e9 Saivo jako osobn\u00ed pomocn\u00edci noaidijsk\u00fdch \u0161aman\u016f nesli ritu\u00e1ln\u00ed praxi, byla n\u00e1bo\u017eensk\u00e1 struktura t\u011bsn\u011b propojena se spole\u010densk\u00fdm \u017eivotem.<\/p><p>Tato souvislost tvo\u0159\u00ed samostatn\u00e9 religionisticko-antropologick\u00e9 badatelsk\u00e9 pole, kter\u00e9 systematicky zkoumali p\u0159edev\u0161\u00edm H\u00e5kan Rydving a Konsta Kaikkonen.<\/p><p>K tomu p\u0159istupuje dne\u0161n\u00ed v\u00fdznam Saiva pro s\u00e1mskou identit\u00e1rn\u00ed politiku. V souvislosti se s\u00e1mskou samospr\u00e1vou a mezin\u00e1rodn\u011bpr\u00e1vn\u00edm uzn\u00e1n\u00edm pr\u00e1v domorod\u00fdch obyvatel z\u00edsk\u00e1vaj\u00ed svat\u00e1 m\u00edsta a jejich sv\u011bt duch\u016f znovu na viditelnosti. Souhra n\u00e1bo\u017eensk\u00e9ho v\u00fdzkumu a politick\u00e9ho uzn\u00e1n\u00ed je p\u0159i tom samostatnou oblast\u00ed zkoum\u00e1n\u00ed, kter\u00e9 je v posledn\u00edch letech v\u011bnov\u00e1na zv\u00fd\u0161en\u00e1 pozornost.<\/p>\t\t\t\t\t\t\t\t<\/div>\n\t\t\t\t<\/div>\n\t\t\t\t\t<\/div>\n\t\t\t\t<\/div>\n\t\t<div class=\"elementor-element elementor-element-iwgw-saivo-s2 e-flex e-con-boxed e-con e-parent\" data-id=\"iwgw-saivo-s2\" data-element_type=\"container\" data-e-type=\"container\">\n\t\t\t\t\t<div class=\"e-con-inner\">\n\t\t\t\t<div class=\"elementor-element elementor-element-iwgw-saivo-s2h elementor-widget elementor-widget-heading\" data-id=\"iwgw-saivo-s2h\" data-element_type=\"widget\" data-e-type=\"widget\" data-widget_type=\"heading.default\">\n\t\t\t\t\t<h2 class=\"elementor-heading-title elementor-size-default\">Topografie m\u00edst Saivo<\/h2>\t\t\t\t<\/div>\n\t\t<div class=\"elementor-element elementor-element-iwgw-saivo-s2c e-con-full e-flex e-con e-child\" data-id=\"iwgw-saivo-s2c\" data-element_type=\"container\" data-e-type=\"container\">\n\t\t\t\t<div class=\"elementor-element elementor-element-iwgw-saivo-s2t elementor-widget elementor-widget-text-editor\" data-id=\"iwgw-saivo-s2t\" data-element_type=\"widget\" data-e-type=\"widget\" data-widget_type=\"text-editor.default\">\n\t\t\t\t\t\t\t\t\t<p>M\u00edsta Saivo jsou v s\u00e1msk\u00e9 krajin\u011b konkr\u00e9tn\u011b zakotvena. Za Saivo jsou ozna\u010dov\u00e1ny ur\u010dit\u00e9 hory, ur\u010dit\u00e1 jezera a ur\u010dit\u00e9 skaln\u00ed \u00fatvary. Tato m\u00edsta slou\u017e\u00ed jako adresy pro ob\u011btiny a vz\u00fdv\u00e1n\u00ed.<\/p><p>Charakteristick\u00e1 je p\u0159edstava obr\u00e1cen\u00e9ho sv\u011bta pod horou Saivo nebo jezerem Saivo. Zat\u00edmco S\u00e1mov\u00e9 \u017eij\u00ed na povrchu, duchov\u00e9 Saivo p\u0159eb\u00fdvaj\u00ed v zrcadlov\u00e9m sv\u011bt\u011b pod n\u00edm. Tato zrcadlov\u00e1 p\u0159edstava je religionisticky-fenomenologicky vlastn\u00edm jevem.<\/p><p>Konkr\u00e9tn\u00ed m\u00edsta Saivo jsou etnograficky dokumentov\u00e1na. Le\u017e\u00ed v tradi\u010dn\u00edch s\u00e1msk\u00fdch s\u00eddeln\u00edch oblastech a \u010dasto maj\u00ed zvl\u00e1\u0161tn\u00ed vizu\u00e1ln\u00ed znaky, nap\u0159\u00edklad n\u00e1padn\u00e9 skaln\u00ed \u00fatvary, neobvykl\u00e1 jezera nebo hory se zvl\u00e1\u0161tn\u00edm tvarem.<\/p>\t\t\t\t\t\t\t\t<\/div>\n\t\t\t\t<\/div>\n\t\t\t\t\t<\/div>\n\t\t\t\t<\/div>\n\t\t<div class=\"elementor-element elementor-element-iwgw-saivo-s3 e-flex e-con-boxed e-con e-parent\" data-id=\"iwgw-saivo-s3\" data-element_type=\"container\" data-e-type=\"container\">\n\t\t\t\t\t<div class=\"e-con-inner\">\n\t\t\t\t<div class=\"elementor-element elementor-element-iwgw-saivo-s3h elementor-widget elementor-widget-heading\" data-id=\"iwgw-saivo-s3h\" data-element_type=\"widget\" data-e-type=\"widget\" data-widget_type=\"heading.default\">\n\t\t\t\t\t<h2 class=\"elementor-heading-title elementor-size-default\">Duchov\u00e9 Saivo jako pomocn\u00ed duchov\u00e9<\/h2>\t\t\t\t<\/div>\n\t\t<div class=\"elementor-element elementor-element-iwgw-saivo-s3c e-con-full e-flex e-con e-child\" data-id=\"iwgw-saivo-s3c\" data-element_type=\"container\" data-e-type=\"container\">\n\t\t\t\t<div class=\"elementor-element elementor-element-iwgw-saivo-s3t elementor-widget elementor-widget-text-editor\" data-id=\"iwgw-saivo-s3t\" data-element_type=\"widget\" data-e-type=\"widget\" data-widget_type=\"text-editor.default\">\n\t\t\t\t\t\t\t\t\t<p>Saivo duchov\u00e9 jsou osobn\u00ed pomocn\u00ed duchov\u00e9 \u0161aman\u016f. Mohou se zjevovat v r\u016fzn\u00fdch podob\u00e1ch: Saivo-Lodde jako pta\u010d\u00ed <span class=\"iwg-fachbegriff\" data-tooltip=\"Net\u011blesn\u00e1 bytost, j\u00ed\u017e je p\u0159isuzov\u00e1no p\u016fsoben\u00ed ve sv\u011bt\u011b.\" tabindex=\"0\">duch<\/span>, Saivo-Guelie jako ryb\u00ed <span class=\"iwg-fachbegriff\" data-tooltip=\"Net\u011blesn\u00e1 bytost, j\u00ed\u017e je p\u0159isuzov\u00e1no p\u016fsoben\u00ed ve sv\u011bt\u011b.\" tabindex=\"0\">duch<\/span>, Saivo-Sarvva jako sob\u00ed <span class=\"iwg-fachbegriff\" data-tooltip=\"Net\u011blesn\u00e1 bytost, j\u00ed\u017e je p\u0159isuzov\u00e1no p\u016fsoben\u00ed ve sv\u011bt\u011b.\" tabindex=\"0\">duch<\/span>, Saivo-Olmm\u00e1i jako lidsk\u00fd <span class=\"iwg-fachbegriff\" data-tooltip=\"Net\u011blesn\u00e1 bytost, j\u00ed\u017e je p\u0159isuzov\u00e1no p\u016fsoben\u00ed ve sv\u011bt\u011b.\" tabindex=\"0\">duch<\/span>.<\/p><p>Ka\u017ed\u00fd <span class=\"iwg-fachbegriff\" data-tooltip=\"N\u00e1bo\u017eensk\u00fd specialista, jemu\u017e je p\u0159isuzov\u00e1no zprost\u0159edkov\u00e1n\u00ed mezi lidmi a sv\u011btem duch\u016f.\" tabindex=\"0\">\u0161aman<\/span> m\u011bl jednoho nebo v\u00edce osobn\u00edch saivo duch\u016f, kte\u0159\u00ed mu byli p\u0159id\u011bleni na po\u010d\u00e1tku jeho \u0161amansk\u00e9ho povol\u00e1n\u00ed. Tito pomocn\u00ed duchov\u00e9 byli s \u0161amanem spojeni po cel\u00fd jeho \u017eivot a mohli b\u00fdt p\u0159ed\u00e1v\u00e1ni dal\u0161\u00ed generaci.<\/p><p>V\u011bdecky je tato konstelace pomocn\u00fdch duch\u016f strukturn\u011b p\u0159\u00edbuzn\u00e1 s <a href=\"https:\/\/iwell-guard.com\/cs\/inuite-arktida-sedna-tornit-praxe\/\">inuitskou<\/a> p\u0159edstavou tornait (viz <a href=\"https:\/\/iwell-guard.com\/cs\/?page_id=145528\">Tornarssuk<\/a>). Tato strukturn\u00ed shoda je z religionisticko-fenomenologick\u00e9ho hlediska vlastn\u00edm n\u00e1lezem a odkazuje na cirkumpol\u00e1rn\u00ed \u0161amansk\u00e9 univerz\u00e1lie.<\/p>\t\t\t\t\t\t\t\t<\/div>\n\t\t\t\t<\/div>\n\t\t\t\t\t<\/div>\n\t\t\t\t<\/div>\n\t\t<div class=\"elementor-element elementor-element-iwgw-saivo-s4 e-flex e-con-boxed e-con e-parent\" data-id=\"iwgw-saivo-s4\" data-element_type=\"container\" data-e-type=\"container\">\n\t\t\t\t\t<div class=\"e-con-inner\">\n\t\t\t\t<div class=\"elementor-element elementor-element-iwgw-saivo-s4h elementor-widget elementor-widget-heading\" data-id=\"iwgw-saivo-s4h\" data-element_type=\"widget\" data-e-type=\"widget\" data-widget_type=\"heading.default\">\n\t\t\t\t\t<h2 class=\"elementor-heading-title elementor-size-default\">\u0160amansk\u00e1 praxe se Saivo<\/h2>\t\t\t\t<\/div>\n\t\t<div class=\"elementor-element elementor-element-iwgw-saivo-s4c e-con-full e-flex e-con e-child\" data-id=\"iwgw-saivo-s4c\" data-element_type=\"container\" data-e-type=\"container\">\n\t\t\t\t<div class=\"elementor-element elementor-element-iwgw-saivo-s4t elementor-widget elementor-widget-text-editor\" data-id=\"iwgw-saivo-s4t\" data-element_type=\"widget\" data-e-type=\"widget\" data-widget_type=\"text-editor.default\">\n\t\t\t\t\t\t\t\t\t<p>Praxe noaidi byla t\u011bsn\u011b spjata se Saivo. P\u0159i ka\u017ed\u00e9 transov\u00e9 cest\u011b povol\u00e1val <span class=\"iwg-fachbegriff\" data-tooltip=\"N\u00e1bo\u017eensk\u00fd specialista, jemu\u017e je p\u0159isuzov\u00e1no zprost\u0159edkov\u00e1n\u00ed mezi lidmi a sv\u011btem duch\u016f.\" tabindex=\"0\">\u0161aman<\/span> sv\u00e9 saivo pomocn\u00edky, kte\u0159\u00ed mu ukazovali cestu do jin\u00e9ho sv\u011bta. Trans byl vyvol\u00e1v\u00e1n bubnem a joikem.<\/p><p>Saivo pomocn\u00edci mohli \u0161amanovi st\u00e1t po boku p\u0159i r\u016fzn\u00fdch \u00fakolech: l\u00e9\u010den\u00ed nemoc\u00ed, p\u0159edpov\u00edd\u00e1n\u00ed po\u010das\u00ed, hled\u00e1n\u00ed ztracen\u00fdch zv\u00ed\u0159at, kontakt s mrtv\u00fdmi v <a href=\"https:\/\/iwell-guard.com\/cs\/?page_id=145544\">Jabmiidaibmu<\/a>. Tato pestrost funkc\u00ed je z hlediska religionistick\u00e9 fenomenologie typick\u00e1.<\/p><p>Konkr\u00e9tn\u00ed zpr\u00e1vy o \u0161amansk\u00fdch cest\u00e1ch jsou podrobn\u011b zdokumentov\u00e1ny v pramenech Schefferuse, Leema a L\u00e6stadia. Tyto zpr\u00e1vy jsou z religionisticko-etnologick\u00e9ho hlediska kl\u00ed\u010dov\u00e9 pro pozn\u00e1n\u00ed samsk\u00e9 \u0161amansk\u00e9 praxe.<\/p>\t\t\t\t\t\t\t\t<\/div>\n\t\t\t\t<\/div>\n\t\t\t\t\t<\/div>\n\t\t\t\t<\/div>\n\t\t<div class=\"elementor-element elementor-element-iwgw-saivo-s5 e-flex e-con-boxed e-con e-parent\" data-id=\"iwgw-saivo-s5\" data-element_type=\"container\" data-e-type=\"container\">\n\t\t\t\t\t<div class=\"e-con-inner\">\n\t\t\t\t<div class=\"elementor-element elementor-element-iwgw-saivo-s5h elementor-widget elementor-widget-heading\" data-id=\"iwgw-saivo-s5h\" data-element_type=\"widget\" data-e-type=\"widget\" data-widget_type=\"heading.default\">\n\t\t\t\t\t<h2 class=\"elementor-heading-title elementor-size-default\">Saivo a zesnul\u00ed<\/h2>\t\t\t\t<\/div>\n\t\t<div class=\"elementor-element elementor-element-iwgw-saivo-s5c e-con-full e-flex e-con e-child\" data-id=\"iwgw-saivo-s5c\" data-element_type=\"container\" data-e-type=\"container\">\n\t\t\t\t<div class=\"elementor-element elementor-element-iwgw-saivo-s5t elementor-widget elementor-widget-text-editor\" data-id=\"iwgw-saivo-s5t\" data-element_type=\"widget\" data-e-type=\"widget\" data-widget_type=\"text-editor.default\">\n\t\t\t\t\t\t\t\t\t<p>V n\u011bkter\u00fdch pramenech je Saivo popisov\u00e1no nejen jako sv\u011bt duch\u016f, ale tak\u00e9 jako m\u00edsto pobytu ur\u010dit\u00fdch zesnul\u00fdch. P\u0159edkov\u00e9 \u0161aman\u016f, tedy d\u0159\u00edv\u011bj\u0161\u00ed noaidi, p\u0159eb\u00fdvaj\u00ed v Saivo a st\u00e1vaj\u00ed se pomocn\u00fdmi duchy sv\u00fdch n\u00e1stupc\u016f.<\/p><p>Tato p\u0159edstava spojuje Saivo s <a href=\"https:\/\/iwell-guard.com\/cs\/?page_id=145544\">Jabmiidaibmu<\/a> ve zdvojen\u00ed posmrtn\u00fdch sv\u011bt\u016f. Zat\u00edmco Jabmiidaibmu je ur\u010deno pro oby\u010dejn\u00e9 zesnul\u00e9, je Saivo zvl\u00e1\u0161tn\u00edm m\u00edstem pro p\u0159edky n\u00e1bo\u017eensky obda\u0159en\u00fdch.<\/p><p>V\u011bdecky je toto zdvojen\u00ed posmrtn\u00fdch sv\u011bt\u016f samostatnou konfigurac\u00ed. Odli\u0161uje samskou tradici od tradic s jedin\u00fdm posmrtn\u00fdm sv\u011btem a je z hlediska religionistick\u00e9 fenomenologie propracovan\u00e9.<\/p>\t\t\t\t\t\t\t\t<\/div>\n\t\t\t\t<\/div>\n\t\t\t\t\t<\/div>\n\t\t\t\t<\/div>\n\t\t<div class=\"elementor-element elementor-element-iwgw-saivo-s6 e-flex e-con-boxed e-con e-parent\" data-id=\"iwgw-saivo-s6\" data-element_type=\"container\" data-e-type=\"container\">\n\t\t\t\t\t<div class=\"e-con-inner\">\n\t\t\t\t<div class=\"elementor-element elementor-element-iwgw-saivo-s6h elementor-widget elementor-widget-heading\" data-id=\"iwgw-saivo-s6h\" data-element_type=\"widget\" data-e-type=\"widget\" data-widget_type=\"heading.default\">\n\t\t\t\t\t<h2 class=\"elementor-heading-title elementor-size-default\">Saivo tabu a ob\u011btn\u00ed praxe<\/h2>\t\t\t\t<\/div>\n\t\t<div class=\"elementor-element elementor-element-iwgw-saivo-s6c e-con-full e-flex e-con e-child\" data-id=\"iwgw-saivo-s6c\" data-element_type=\"container\" data-e-type=\"container\">\n\t\t\t\t<div class=\"elementor-element elementor-element-iwgw-saivo-s6t elementor-widget elementor-widget-text-editor\" data-id=\"iwgw-saivo-s6t\" data-element_type=\"widget\" data-e-type=\"widget\" data-widget_type=\"text-editor.default\">\n\t\t\t\t\t\t\t\t\t<p>Saivo m\u00edsta byla obklopena mnoh\u00fdmi tabu. Kdo nav\u0161t\u00edvil saivo horu, musel b\u00fdt <span class=\"iwg-fachbegriff\" data-tooltip=\"N\u00e1le\u017eej\u00edc\u00ed k pevn\u011b stanoven\u00e9mu n\u00e1bo\u017eensk\u00e9mu \u00fakonu.\" tabindex=\"0\">ritu\u00e1ln\u011b<\/span> \u010dist\u00fd, nesm\u011bl vyslovovat ur\u010dit\u00e1 slova a musel p\u0159in\u00e9st ob\u011btn\u00ed dary. Poru\u0161en\u00ed saivo tabu mohlo m\u00edt za n\u00e1sledek nemoc, ne\u00fasp\u011bch p\u0159i lovu nebo smrt.<\/p><p>Ob\u011btn\u00ed dary na saivo m\u00edstech tvo\u0159ily nej\u010dast\u011bji sob\u00ed rohy, kosti, kusy l\u00e1tky nebo drobn\u00e9 vy\u0159ez\u00e1van\u00e9 figurky. Tato praxe je archeologicky \u010d\u00e1ste\u010dn\u011b dolo\u017eiteln\u00e1, proto\u017ee na n\u011bkter\u00fdch saivo m\u00edstech byly nalezeny zbytky ob\u011btin.<\/p><p>Zachov\u00e1n\u00ed t\u00e9to ob\u011btn\u00ed praxe je v\u011bdecky p\u0159\u00ednosn\u00e9. Umo\u017e\u0148uje archeologick\u00e9 ov\u011b\u0159en\u00ed etnografick\u00fdch z\u00e1pis\u016f a \u010din\u00ed ze saivo n\u00e1bo\u017eenstv\u00ed zvl\u00e1\u0161\u0165 dob\u0159e dolo\u017eiteln\u00fd p\u0159edm\u011bt v\u00fdzkumu.<\/p>\t\t\t\t\t\t\t\t<\/div>\n\t\t\t\t<\/div>\n\t\t\t\t\t<\/div>\n\t\t\t\t<\/div>\n\t\t<div class=\"elementor-element elementor-element-iwgw-saivo-s7 e-flex e-con-boxed e-con e-parent\" data-id=\"iwgw-saivo-s7\" data-element_type=\"container\" data-e-type=\"container\">\n\t\t\t\t\t<div class=\"e-con-inner\">\n\t\t\t\t<div class=\"elementor-element elementor-element-iwgw-saivo-s7h elementor-widget elementor-widget-heading\" data-id=\"iwgw-saivo-s7h\" data-element_type=\"widget\" data-e-type=\"widget\" data-widget_type=\"heading.default\">\n\t\t\t\t\t<h2 class=\"elementor-heading-title elementor-size-default\">Srovn\u00e1n\u00ed s jin\u00fdmi sv\u011bty duch\u016f<\/h2>\t\t\t\t<\/div>\n\t\t<div class=\"elementor-element elementor-element-iwgw-saivo-s7c e-con-full e-flex e-con e-child\" data-id=\"iwgw-saivo-s7c\" data-element_type=\"container\" data-e-type=\"container\">\n\t\t\t\t<div class=\"elementor-element elementor-element-iwgw-saivo-s7t elementor-widget elementor-widget-text-editor\" data-id=\"iwgw-saivo-s7t\" data-element_type=\"widget\" data-e-type=\"widget\" data-widget_type=\"text-editor.default\">\n\t\t\t\t\t\t\t\t\t<p>Saivo n\u00e1le\u017e\u00ed do t\u0159\u00eddy topograficky zakotven\u00fdch sv\u011bt\u016f duch\u016f, kter\u00e9 jsou zastoupeny v mnoha domorod\u00fdch n\u00e1bo\u017eenstv\u00edch. Strukturn\u011b srovnateln\u00e9 jsou finsk\u00e1 Tuonela se sv\u00fdm topografick\u00fdm zakotven\u00edm, neneck\u00e9 svat\u00e9 hory a severoamerick\u00e9 domoviny manido.<\/p><p>Zvl\u00e1\u0161tnost Saiva spo\u010d\u00edv\u00e1 ve dvoj\u00edm ur\u010den\u00ed jako topografick\u00e9ho m\u00edsta a jako obydl\u00ed osobn\u00edch pomocn\u00fdch duch\u016f. Toto dvoj\u00ed ur\u010den\u00ed je z hlediska religionistick\u00e9 fenomenologie samostatn\u00e9 a odli\u0161uje Saivo od \u010dist\u011b topografick\u00fdch nebo \u010dist\u011b teologick\u00fdch konfigurac\u00ed.<\/p><p>Uvnit\u0159 finsko-ugrsk\u00e9 tradice je Saivo p\u0159\u00edbuzn\u00e9 s finskou p\u0159edstavou <em>s\u00e4iv\u00f6<\/em>. Strukturn\u00ed p\u0159\u00edbuznost odkazuje na starou spole\u010dnou vrstvu. Tato vrstva je religionisticko-historicky dob\u0159e dolo\u017eena.<\/p>\t\t\t\t\t\t\t\t<\/div>\n\t\t\t\t<\/div>\n\t\t\t\t\t<\/div>\n\t\t\t\t<\/div>\n\t\t<div class=\"elementor-element elementor-element-iwgw-saivo-s8 e-flex e-con-boxed e-con e-parent\" data-id=\"iwgw-saivo-s8\" data-element_type=\"container\" data-e-type=\"container\">\n\t\t\t\t\t<div class=\"e-con-inner\">\n\t\t\t\t<div class=\"elementor-element elementor-element-iwgw-saivo-s8h elementor-widget elementor-widget-heading\" data-id=\"iwgw-saivo-s8h\" data-element_type=\"widget\" data-e-type=\"widget\" data-widget_type=\"heading.default\">\n\t\t\t\t\t<h2 class=\"elementor-heading-title elementor-size-default\">V\u00fdzkum a sou\u010dasn\u00fd stav<\/h2>\t\t\t\t<\/div>\n\t\t<div class=\"elementor-element elementor-element-iwgw-saivo-s8c e-con-full e-flex e-con e-child\" data-id=\"iwgw-saivo-s8c\" data-element_type=\"container\" data-e-type=\"container\">\n\t\t\t\t<div class=\"elementor-element elementor-element-iwgw-saivo-s8t elementor-widget elementor-widget-text-editor\" data-id=\"iwgw-saivo-s8t\" data-element_type=\"widget\" data-e-type=\"widget\" data-widget_type=\"text-editor.default\">\n\t\t\t\t\t\t\t\t\t<p>V\u00fdzkum Saiva je \u0161iroce rozvinut\u00fd. H\u00e5kan Rydving, Juha Pentik\u00e4inen, Anna Lia Berthelsen a Konsta Kaikkonen systematicky zkoumali <span class=\"iwg-fachbegriff\" data-tooltip=\"V\u011bdeck\u00e1 nauka o Bohu a v\u00ed\u0159e n\u00e1bo\u017eenstv\u00ed.\" tabindex=\"0\">teologii<\/span> Saiva. Archeologick\u00e9 pr\u00e1ce na saivo m\u00edstech dopl\u0148uj\u00ed etnografick\u00fd stav pramen\u016f.<\/p><p>V sou\u010dasn\u00e9 samsk\u00e9 kulturn\u00ed revitalizaci je Saivo v\u00fdznamnou postavou. Svat\u00e9 hory a jezera jsou dnes chr\u00e1n\u011bny jako sou\u010d\u00e1st samsk\u00e9ho kulturn\u00edho d\u011bdictv\u00ed, co\u017e je z n\u00e1bo\u017eenskopolitick\u00e9ho hlediska d\u016fle\u017eit\u00fd \u00fasp\u011bch.<\/p><p>V\u011bdecky je zpracov\u00e1n\u00ed t\u00e9matu Saivo produktivn\u00ed badatelsk\u00e9 pole. Konkr\u00e9tn\u00ed badatelsk\u00e1 desiderata spo\u010d\u00edvaj\u00ed v archeologick\u00e9m pr\u016fzkumu dal\u0161\u00edch saivo m\u00edst a v p\u0159esn\u00e9 religionisticko-fenomenologick\u00e9 diferenciaci saivo duch\u016f.<\/p>\t\t\t\t\t\t\t\t<\/div>\n\t\t\t\t<\/div>\n\t\t\t\t\t<\/div>\n\t\t\t\t<\/div>\n\t\t<div class=\"elementor-element elementor-element-iwgw-saivo-s9 e-flex e-con-boxed e-con e-parent\" data-id=\"iwgw-saivo-s9\" data-element_type=\"container\" data-e-type=\"container\">\n\t\t\t\t\t<div class=\"e-con-inner\">\n\t\t\t\t<div class=\"elementor-element elementor-element-iwgw-saivo-s9h elementor-widget elementor-widget-heading\" data-id=\"iwgw-saivo-s9h\" data-element_type=\"widget\" data-e-type=\"widget\" data-widget_type=\"heading.default\">\n\t\t\t\t\t<h2 class=\"elementor-heading-title elementor-size-default\">K\u0159\u00ed\u017eov\u00e9 odkazy v lexikonu<\/h2>\t\t\t\t<\/div>\n\t\t<div class=\"elementor-element elementor-element-iwgw-saivo-s9c e-con-full e-flex e-con e-child\" data-id=\"iwgw-saivo-s9c\" data-element_type=\"container\" data-e-type=\"container\">\n\t\t\t\t<div class=\"elementor-element elementor-element-iwgw-saivo-s9t elementor-widget elementor-widget-text-editor\" data-id=\"iwgw-saivo-s9t\" data-element_type=\"widget\" data-e-type=\"widget\" data-widget_type=\"text-editor.default\">\n\t\t\t\t\t\t\t\t\t<p>Saivo se poj\u00ed s <a href=\"https:\/\/iwell-guard.com\/cs\/?page_id=145544\">Jabmiidaibmu<\/a>, <a href=\"https:\/\/iwell-guard.com\/cs\/?page_id=145536\">Beaivi<\/a>, <a href=\"https:\/\/iwell-guard.com\/cs\/?page_id=145537\">M\u00e1nnu<\/a>, <a href=\"https:\/\/iwell-guard.com\/cs\/?page_id=145538\">R\u00e1hka<\/a>, <a href=\"https:\/\/iwell-guard.com\/cs\/?page_id=145539\">Stallo<\/a>, <a href=\"https:\/\/iwell-guard.com\/cs\/?page_id=145540\">Sara-Akka<\/a>, <a href=\"https:\/\/iwell-guard.com\/cs\/?page_id=145541\">Uksakka<\/a>, <a href=\"https:\/\/iwell-guard.com\/cs\/?page_id=145542\">Juksakka<\/a> a <a href=\"https:\/\/iwell-guard.com\/cs\/?page_id=145543\">Madderakka<\/a>. Kulturn\u00ed centrum <a href=\"https:\/\/iwell-guard.com\/cs\/sami-finsko-ugricka-tradice-noaidi-buben\/\">S\u00e1msk\u00e1 tradice<\/a> r\u00e1muje posv\u00e1tn\u00e9 horsk\u00e9 sv\u011bty. Strukturn\u011b podobn\u00e1 obydl\u00ed pomocn\u00fdch duch\u016f se objevuj\u00ed v \u0159ad\u011b hesel o <a href=\"https:\/\/iwell-guard.com\/cs\/inuite-arktida-sedna-tornit-praxe\/\">Inuitech<\/a> u pojmu <em>Tornarssuk<\/em>.<\/p>\t\t\t\t\t\t\t\t<\/div>\n\t\t\t\t<\/div>\n\t\t\t\t\t<\/div>\n\t\t\t\t<\/div>\n\t\t<div class=\"elementor-element elementor-element-cp2fc47813 e-flex e-con-boxed e-con e-parent\" data-id=\"cp2fc47813\" data-element_type=\"container\" data-e-type=\"container\">\n\t\t\t\t\t<div class=\"e-con-inner\">\n\t\t\t\t<div class=\"elementor-element elementor-element-cp2a94fa09 elementor-widget elementor-widget-heading\" data-id=\"cp2a94fa09\" data-element_type=\"widget\" data-e-type=\"widget\" data-widget_type=\"heading.default\">\n\t\t\t\t\t<h2 class=\"elementor-heading-title elementor-size-default\">Saivo jako m\u00edsto a jako sf\u00e9ra bytost\u00ed: k v\u00fdznamu pojmu<\/h2>\t\t\t\t<\/div>\n\t\t<div class=\"elementor-element elementor-element-cp2ffcc7ba e-flex e-con-boxed e-con e-child\" data-id=\"cp2ffcc7ba\" data-element_type=\"container\" data-e-type=\"container\">\n\t\t\t\t\t<div class=\"e-con-inner\">\n\t\t\t\t<div class=\"elementor-element elementor-element-cp2493c457 elementor-widget elementor-widget-text-editor\" data-id=\"cp2493c457\" data-element_type=\"widget\" data-e-type=\"widget\" data-widget_type=\"text-editor.default\">\n\t\t\t\t\t\t\t\t\t<p>S\u00e1msk\u00fd pojem <em>saivo<\/em> (v region\u00e1ln\u00edch variant\u00e1ch tak\u00e9 <em>saiva<\/em>, <em>s\u00e1iva<\/em>) neozna\u010duje jedinou bytost, ale celou oblast posmrtn\u00e9ho sv\u011bta. V pramenech se Saivo objevuje jako sf\u00e9ra spojen\u00e1 s ur\u010dit\u00fdmi posv\u00e1tn\u00fdmi jezery, horami a m\u00edsty v krajin\u011b.<\/p><p>Charakteristick\u00e1 je p\u0159edstava jezer s dvoj\u00edm dnem: pod viditelnou hladinou se m\u00e1 nach\u00e1zet druh\u00e9 dno, pod n\u00edm\u017e existuje samostatn\u00fd sv\u011bt s vlastn\u00edmi rybami a bytostmi.<\/p><p>Se Saivem byla spojena p\u0159edstava, \u017ee v n\u011bm \u017eij\u00ed <em>saivo<\/em>-bytosti, k nim\u017e se po\u010d\u00edtali i pomocn\u00ed duchov\u00e9 <em>noaidi<\/em>, s\u00e1msk\u00fdch ritu\u00e1ln\u00edch specialist\u016f. Tito duchov\u00e9 mohli nab\u00fdvat zv\u00ed\u0159ec\u00ed podoby, nap\u0159\u00edklad jako <em>saivo<\/em>-ryba, <em>saivo<\/em>-pt\u00e1k nebo <em>saivo<\/em>-sob, a pom\u00e1hali noaidimu p\u0159i jeho cest\u00e1ch do posmrtn\u00fdch oblast\u00ed.<\/p><p>Z\u00e1rove\u0148 bylo Saivo v n\u011bkter\u00fdch pod\u00e1n\u00edch pova\u017eov\u00e1no za m\u00edsto pobytu mrtv\u00fdch nebo ur\u010dit\u00fdch p\u0159edk\u016f, tak\u017ee tento pojem ozna\u010duje prostor, v n\u011bm\u017e se dot\u00fdk\u00e1 sv\u011bt duch\u016f a sv\u011bt mrtv\u00fdch.<\/p><p>P\u0159esn\u00e9 vymezen\u00ed Saiva v\u016f\u010di jin\u00fdm posmrtn\u00fdm oblastem s\u00e1msk\u00e9 <span class=\"iwg-fachbegriff\" data-tooltip=\"P\u0159edstava o uspo\u0159\u00e1d\u00e1n\u00ed a \u0159\u00e1du sv\u011bta v r\u00e1mci ur\u010dit\u00e9 kultury.\" tabindex=\"0\">kosmologie<\/span> nen\u00ed v pramenech jednotn\u00e9. Krom\u011b Saiva se zmi\u0148uje i podsv\u011bt\u00ed pod zem\u00ed a nebesk\u00e9 sf\u00e9ry, p\u0159i\u010dem\u017e se zpr\u00e1vy m\u00edsty vz\u00e1jemn\u011b rozch\u00e1zej\u00ed.<\/p><p>Je to jednak d\u016fsledek region\u00e1ln\u00ed rozmanitosti s\u00e1msk\u00e9ho n\u00e1bo\u017eenstv\u00ed na obrovsk\u00e9m \u00fazem\u00ed os\u00eddlen\u00ed, jednak zlomkovitosti a christianizovan\u00e9ho filtru <span class=\"iwg-fachbegriff\" data-tooltip=\"P\u0159ed\u00e1v\u00e1n\u00ed v\u011bdomost\u00ed a vypr\u00e1v\u011bn\u00ed nap\u0159\u00ed\u010d generacemi.\" tabindex=\"0\">tradice<\/span>. Lze konstatovat, \u017ee Saivo bylo kl\u00ed\u010dovou, av\u0161ak pojmov\u011b neostrou sou\u010d\u00e1st\u00ed s\u00e1msk\u00e9 p\u0159edstavy o v\u00edcevrstv\u00e9m sv\u011bt\u011b. P\u0159\u00edbuzn\u00e9 koncepty posv\u00e1tn\u00fdch m\u00edst znaj\u00ed i dal\u0161\u00ed <a href=\"https:\/\/iwell-guard.com\/cs\/sami-finsko-ugricka-tradice-noaidi-buben\/\">severoeurasijsk\u00e9 kultury<\/a>.<\/p>\t\t\t\t\t\t\t\t<\/div>\n\t\t\t\t\t<\/div>\n\t\t\t\t<\/div>\n\t\t\t\t\t<\/div>\n\t\t\t\t<\/div>\n\t\t<div class=\"elementor-element elementor-element-cp2a7ae17a e-flex e-con-boxed e-con e-parent\" data-id=\"cp2a7ae17a\" data-element_type=\"container\" data-e-type=\"container\">\n\t\t\t\t\t<div class=\"e-con-inner\">\n\t\t\t\t<div class=\"elementor-element elementor-element-cp2b8c42db elementor-widget elementor-widget-heading\" data-id=\"cp2b8c42db\" data-element_type=\"widget\" data-e-type=\"widget\" data-widget_type=\"heading.default\">\n\t\t\t\t\t<h2 class=\"elementor-heading-title elementor-size-default\">Saivo duchov\u00e9 a \u0161amansk\u00e1 praxe: tradice zkreslen\u00e1 misijn\u00ed \u010dinnost\u00ed<\/h2>\t\t\t\t<\/div>\n\t\t<div class=\"elementor-element elementor-element-cp2ac09e8f e-flex e-con-boxed e-con e-child\" data-id=\"cp2ac09e8f\" data-element_type=\"container\" data-e-type=\"container\">\n\t\t\t\t\t<div class=\"e-con-inner\">\n\t\t\t\t<div class=\"elementor-element elementor-element-cp21d51adc elementor-widget elementor-widget-text-editor\" data-id=\"cp21d51adc\" data-element_type=\"widget\" data-e-type=\"widget\" data-widget_type=\"text-editor.default\">\n\t\t\t\t\t\t\t\t\t<p>Spojen\u00ed Saiva s prax\u00ed noaidi \u010din\u00ed tento pojem pro religionistiku d\u016fle\u017eit\u00fdm, z\u00e1rove\u0148 je v\u0161ak z hlediska kritiky pramen\u016f zvl\u00e1\u0161\u0165 problematick\u00e9.<\/p><p>T\u00e9m\u011b\u0159 v\u0161e, co se o pomocn\u00fdch du\u0161\u00edch saivo v\u00ed, poch\u00e1z\u00ed z p\u00edsemn\u00fdch z\u00e1pisk\u016f k\u0159es\u0165ansk\u00fdch mision\u00e1\u0159\u016f 17. a 18. stolet\u00ed, kte\u0159\u00ed v noaidim a jeho bubnu vid\u011bli n\u00e1stroje \u010f\u00e1bla. Zpr\u00e1vy o duch\u00e1ch saivo tedy vznikaly v kontextu aktivn\u00edho potla\u010dov\u00e1n\u00ed dom\u00e1c\u00edho n\u00e1bo\u017eenstv\u00ed.<\/p><p>Tato okolnost vzniku ovlivnila <span class=\"iwg-fachbegriff\" data-tooltip=\"P\u0159ed\u00e1v\u00e1n\u00ed v\u011bdomost\u00ed a vypr\u00e1v\u011bn\u00ed nap\u0159\u00ed\u010d generacemi.\" tabindex=\"0\">tradici<\/span> v n\u011bkolika ohledech. Zaprv\u00e9 pozorovatel\u00e9 duchy saivo d\u00e9monizovali a vt\u011bsnali je do k\u0159es\u0165ansk\u00e9ho sch\u00e9matu paktu a posednut\u00ed.<\/p><p>Zadruh\u00e9 se zapisovatel\u00e9 zaj\u00edmali p\u0159edev\u0161\u00edm o senza\u010dn\u00ed prvky, nap\u0159\u00edklad o trans noaidiho, zat\u00edmco b\u011b\u017en\u00e9 vazby Saiva na krajinu a lov z\u016fst\u00e1valy m\u00e9n\u011b pov\u0161imnuty. Zat\u0159et\u00ed poch\u00e1z\u00ed mnoh\u00e9 \u00fadaje z v\u00fdslechov\u00fdch situac\u00ed, nap\u0159\u00edklad v souvislosti s procesy proti s\u00e1msk\u00fdm ritu\u00e1ln\u00edm specialist\u016fm, co\u017e spolehlivost d\u00e1le sni\u017euje.<\/p><p>Nov\u011bj\u0161\u00ed bad\u00e1n\u00ed, mimo jin\u00e9 pr\u00e1ce H\u00e5kana Rydvinga a dal\u0161\u00edch skandinavistek a religionist\u016f, proto zd\u016fraz\u0148uje, \u017ee dochovan\u00fd obraz duch\u016f saivo nelze \u010d\u00edst jako p\u0159\u00edm\u00fd odraz s\u00e1msk\u00fdch p\u0159edstav. N\u011bkter\u00e9 podrobnosti jsou z\u0159ejm\u011b mision\u00e1\u0159skou konstrukc\u00ed, jin\u00e9 pravd\u011bpodobn\u011b vystihuj\u00ed j\u00e1dro dom\u00e1c\u00ed tradice.<\/p><p>Za relativn\u011b dob\u0159e dolo\u017eenou lze pova\u017eovat z\u00e1kladn\u00ed p\u0159edstavu Saiva jako posmrtn\u00e9 oblasti obydlen\u00e9 duchy, spojen\u00e9 s konkr\u00e9tn\u00edmi posv\u00e1tn\u00fdmi m\u00edsty v krajin\u011b. Podrobnosti o du\u0161\u00edch saivo a jejich roli v praxi noaidi v\u0161ak z\u016fst\u00e1vaj\u00ed zat\u00ed\u017eeny zna\u010dnou nejistotou.<\/p>\t\t\t\t\t\t\t\t<\/div>\n\t\t\t\t\t<\/div>\n\t\t\t\t<\/div>\n\t\t\t\t\t<\/div>\n\t\t\t\t<\/div>\n\t\t<div class=\"elementor-element elementor-element-iwgw-saivo-lit e-flex e-con-boxed e-con e-parent\" data-id=\"iwgw-saivo-lit\" data-element_type=\"container\" data-e-type=\"container\">\n\t\t\t\t\t<div class=\"e-con-inner\">\n\t\t\t\t<div class=\"elementor-element elementor-element-iwgw-saivo-lith elementor-widget elementor-widget-heading\" data-id=\"iwgw-saivo-lith\" data-element_type=\"widget\" data-e-type=\"widget\" data-widget_type=\"heading.default\">\n\t\t\t\t\t<h2 class=\"elementor-heading-title elementor-size-default\">Literatura (v\u00fdb\u011br)<\/h2>\t\t\t\t<\/div>\n\t\t<div class=\"elementor-element elementor-element-iwgw-saivo-litc e-con-full e-flex e-con e-child\" data-id=\"iwgw-saivo-litc\" data-element_type=\"container\" data-e-type=\"container\">\n\t\t\t\t<div class=\"elementor-element elementor-element-iwgw-saivo-litt elementor-widget elementor-widget-text-editor\" data-id=\"iwgw-saivo-litt\" data-element_type=\"widget\" data-e-type=\"widget\" data-widget_type=\"text-editor.default\">\n\t\t\t\t\t\t\t\t\t<div data-nosnippet=\"true\"><ul><li>Johannes Schefferus: <em>Lapponia<\/em> (Frankfurt 1673)<\/li><li>Knud Leem: <em>Beskrivelse over Finmarkens Lapper<\/em> (Kopenhagen 1767)<\/li><li>Lars Levi L\u00e6stadius: <em>Fragmenter i lappska mythologien<\/em> (Manuskript ca. 1840)<\/li><li>H\u00e5kan Rydving: <em>The End of Drum-Time<\/em> (Uppsala 1993)<\/li><li>Juha Pentik\u00e4inen: <em>Saamelaiset<\/em> (Helsinki 1995)<\/li><li>Konsta Kaikkonen: <em>Sami Pre-Christian Religion<\/em> (Helsinki 2020)<\/li><\/ul><\/div>\t\t\t\t\t\t\t\t<\/div>\n\t\t\t\t<\/div>\n\t\t\t\t\t<\/div>\n\t\t\t\t<\/div>\n\t\t<div class=\"elementor-element elementor-element-iwgkw2-add-saivo e-flex e-con-boxed e-con e-parent\" data-id=\"iwgkw2-add-saivo\" data-element_type=\"container\" data-e-type=\"container\">\n\t\t\t\t\t<div class=\"e-con-inner\">\n\t\t\t\t<div class=\"elementor-element elementor-element-iwgkw2-add-saivo-t elementor-widget elementor-widget-text-editor\" data-id=\"iwgkw2-add-saivo-t\" data-element_type=\"widget\" data-e-type=\"widget\" data-widget_type=\"text-editor.default\">\n\t\t\t\t\t\t\t\t\t<p>Saivo je ve star\u0161\u00ed s\u00e1msk\u00e9 <span class=\"iwg-fachbegriff\" data-tooltip=\"P\u0159ed\u00e1v\u00e1n\u00ed v\u011bdomost\u00ed a vypr\u00e1v\u011bn\u00ed nap\u0159\u00ed\u010d generacemi.\" tabindex=\"0\">tradici<\/span> pova\u017eov\u00e1no za posv\u00e1tnou <em>domovinu duch\u016f<\/em> uvnit\u0159 hor a jezer, kde p\u0159eb\u00fdvaj\u00ed p\u0159edkov\u00e9 a \u0161amansk\u00e1 pomocn\u00e1 zv\u00ed\u0159ata a kam je noaidi nav\u0161t\u011bvuje b\u011bhem bubnov\u00fdch cest.<\/p>\t\t\t\t\t\t\t\t<\/div>\n\t\t\t\t\t<\/div>\n\t\t\t\t<\/div>\n\t\t<div class=\"elementor-element elementor-element-iwgw-saivo-kwd e-flex e-con-boxed e-con e-parent\" data-id=\"iwgw-saivo-kwd\" data-element_type=\"container\" data-e-type=\"container\">\n\t\t\t\t\t<div class=\"e-con-inner\">\n\t\t<div class=\"elementor-element elementor-element-iwgw-saivo-kwdc e-con-full e-flex e-con e-child\" data-id=\"iwgw-saivo-kwdc\" data-element_type=\"container\" data-e-type=\"container\">\n\t\t\t\t<div class=\"elementor-element elementor-element-iwgw-saivo-kwdt elementor-widget elementor-widget-text-editor\" data-id=\"iwgw-saivo-kwdt\" data-element_type=\"widget\" data-e-type=\"widget\" data-widget_type=\"text-editor.default\">\n\t\t\t\t\t\t\t\t\t<p><em>P\u0159\u00edbuzn\u00e9 kl\u00ed\u010dov\u00e9 pojmy: Saivo S\u00e1jvva Saaivo S\u00e1mov\u00e9 Posv\u00e1tn\u00fd sv\u011bt S\u00eddlo duch\u016f Noaidi Pomocn\u00ed duchov\u00e9.<\/em><\/p>\t\t\t\t\t\t\t\t<\/div>\n\t\t\t\t<\/div>\n\t\t\t\t\t<\/div>\n\t\t\t\t<\/div>\n\t\t<div class=\"elementor-element elementor-element-iwgw-saivo-cc e-flex e-con-boxed e-con e-parent\" data-id=\"iwgw-saivo-cc\" data-element_type=\"container\" data-e-type=\"container\" id=\"iwg-cc-saivo\">\n\t\t\t\t\t<div class=\"e-con-inner\">\n\t\t<div class=\"elementor-element elementor-element-iwgw-saivo-ccinner e-flex e-con-boxed e-con e-parent\" data-id=\"iwgw-saivo-ccinner\" data-element_type=\"container\" data-e-type=\"container\" data-settings=\"{&quot;background_background&quot;:&quot;classic&quot;}\">\n\t\t\t\t\t<div class=\"e-con-inner\">\n\t\t\t\t<div class=\"elementor-element elementor-element-iwgw-saivo-cch elementor-widget elementor-widget-heading\" data-id=\"iwgw-saivo-cch\" data-element_type=\"widget\" data-e-type=\"widget\" data-widget_type=\"heading.default\">\n\t\t\t\t\t<h2 class=\"elementor-heading-title elementor-size-default\">iWell Guard a ochrann\u00e9 tradice<\/h2>\t\t\t\t<\/div>\n\t\t\t\t<div class=\"elementor-element elementor-element-iwgw-saivo-cct elementor-widget elementor-widget-text-editor\" data-id=\"iwgw-saivo-cct\" data-element_type=\"widget\" data-e-type=\"widget\" data-widget_type=\"text-editor.default\">\n\t\t\t\t\t\t\t\t\t<div data-nosnippet=\"true\"><p>iWell Guard navazuje na kulturn\u011b-historickou tradici p\u0159enosn\u00fdch ochrann\u00fdch p\u0159edm\u011bt\u016f, v tradici <a href=\"https:\/\/iwell-guard.com\/cs\/sami-finsko-ugricka-tradice-noaidi-buben\/\">S\u00e1m\u016f<\/a> a mnoha dal\u0161\u00edch kultur po cel\u00e9m sv\u011bt\u011b. 41 vrstev, ryz\u00ed zlato, platina, st\u0159\u00edbro, vyrobeno v N\u011bmecku. 30denn\u00ed pr\u00e1vo na vr\u00e1cen\u00ed.<\/p><\/div>\t\t\t\t\t\t\t\t<\/div>\n\t\t\t\t<div class=\"elementor-element elementor-element-iwgw-saivo-ccb iwg-cc-button iwg-cc-cta-2026-05-13 elementor-widget elementor-widget-jet-button\" data-id=\"iwgw-saivo-ccb\" data-element_type=\"widget\" data-e-type=\"widget\" data-widget_type=\"jet-button.default\">\n\t\t\t\t<div class=\"elementor-widget-container\">\n\t\t\t\t\t<div class=\"elementor-jet-button jet-elements\"><div class=\"jet-button__container\"><a class=\"jet-button__instance jet-button__instance--icon-left hover-effect-1\" href=\"\/ueber-iwell-guard\/?utm_source=iwell-guard.com&amp;utm_medium=info-box&amp;utm_campaign=wesen-tradition\"><div class=\"jet-button__plane jet-button__plane-normal\"><\/div><div class=\"jet-button__plane jet-button__plane-hover\"><\/div><div class=\"jet-button__state jet-button__state-normal\"><span class=\"jet-button__label\">V\u00edce o iWell Guard<\/span><\/div><div class=\"jet-button__state jet-button__state-hover\"><span class=\"jet-button__label\">V\u00edce o iWell Guard<\/span><\/div><\/a><\/div><\/div><style>.elementor-element.elementor-element-iwgw-saivo-ccb .jet-button__instance{width:320px;height:56px;}.elementor-element.elementor-element-iwgw-saivo-ccb .jet-button__state-normal .jet-button__label{text-align:center;margin:0px 0px 0px 0px;color:#1a1b20;font-family:Montserrat,sans-serif;font-size:13px;font-weight:400;letter-spacing:4px;line-height:1.714em;text-transform:uppercase;}.elementor-element.elementor-element-iwgw-saivo-ccb .jet-button__state-hover .jet-button__label{text-align:center;margin:0px 0px 0px 0px;color:#FECC76;font-family:Montserrat,sans-serif;font-size:13px;font-weight:400;letter-spacing:4px;line-height:1.714em;text-transform:uppercase;}.elementor-element.elementor-element-iwgw-saivo-ccb .jet-button__plane-normal{background-color:#FECC76;border-style:solid;border-color:#C99540;border-width:2px 2px 2px 2px;}.elementor-element.elementor-element-iwgw-saivo-ccb .jet-button__plane-hover{background-color:rgba(0,0,0,0.55);border-style:solid;border-color:#FECC76;border-width:2px 2px 2px 2px;}<\/style>\t\t\t\t<\/div>\n\t\t\t\t<\/div>\n\t\t\t\t<div class=\"elementor-element elementor-element-iwgw-saivo-ccd elementor-widget elementor-widget-text-editor\" data-id=\"iwgw-saivo-ccd\" data-element_type=\"widget\" data-e-type=\"widget\" data-widget_type=\"text-editor.default\">\n\t\t\t\t\t\t\t\t\t<div data-nosnippet=\"true\"><p style=\"text-align:center;font-size:13px;opacity:0.7;margin-top:14px\" data-nosnippet=\"true\">Osobn\u00ed zku\u0161enosti se mohou li\u0161it. Nejedn\u00e1 se o zdravotnick\u00fd prost\u0159edek. Nen\u00ed slibem l\u00e9\u010div\u00e9ho \u00fa\u010dinku.<\/p><\/div>\t\t\t\t\t\t\t\t<\/div>\n\t\t\t\t\t<\/div>\n\t\t\t\t<\/div>\n\t\t\t\t\t<\/div>\n\t\t\t\t<\/div>\n\t\t<div class=\"elementor-element elementor-element-iwgw-saivo-disc e-flex e-con-boxed e-con e-parent\" data-id=\"iwgw-saivo-disc\" data-element_type=\"container\" data-e-type=\"container\">\n\t\t\t\t\t<div class=\"e-con-inner\">\n\t\t\t\t<div class=\"elementor-element elementor-element-iwgw-saivo-discw elementor-widget elementor-widget-html\" data-id=\"iwgw-saivo-discw\" data-element_type=\"widget\" data-e-type=\"widget\" data-widget_type=\"html.default\">\n\t\t\t\t\t<footer data-nosnippet=\"true\" class=\"iwg-disclaimer-block\"><p data-nosnippet=\"true\">iWell Guard <strong>nen\u00ed zdravotnick\u00fd prost\u0159edek<\/strong> a nenahrazuje l\u00e9ka\u0159skou ani psychoterapeutickou l\u00e9\u010dbu. Religionistick\u00fd obsah p\u0159edstavuje kulturn\u011b-historick\u00e9 za\u0159azen\u00ed, nikoli doporu\u010den\u00ed duchovn\u00ed praxe.<\/p><\/footer>\t\t\t\t<\/div>\n\t\t\t\t\t<\/div>\n\t\t\t\t<\/div>\n\t\t\t\t<\/div>\n\t\t","protected":false},"excerpt":{"rendered":"","protected":false},"author":3,"featured_media":2889,"parent":0,"menu_order":0,"comment_status":"closed","ping_status":"closed","template":"elementor_header_footer","meta":{"_yoast_wpseo_focuskw":"Saivo S\u00e1mov\u00e9 Svat\u00fd sv\u011bt","_yoast_wpseo_title":"Saivo - Svat\u00fd sv\u011bt a domov duch\u016f S\u00e1m\u016f","_yoast_wpseo_metadesc":"Saivo je svat\u00fd sv\u011bt hor a jezer s\u00e1msk\u00e9ho n\u00e1bo\u017eenstv\u00ed, s\u00eddlo \u0161amansk\u00fdch pomocn\u00edk\u016f. Religionistick\u00e9 za\u0159azen\u00ed.","_yoast_wpseo_meta-robots-noindex":"","_yoast_wpseo_canonical":"","_angie_page":false,"gefaehrdungsstufe":"1","wesen_kultur":"sami","wesen_klasse":"geister","footnotes":""},"categories":[],"class_list":["post-145545","page","type-page","status-publish","has-post-thumbnail","hentry"],"yoast_head":"<!-- This site is optimized with the Yoast SEO Premium plugin v27.7 (Yoast SEO v28.3) - https:\/\/yoast.com\/product\/yoast-seo-premium-wordpress\/ -->\n<title>Saivo - Svat\u00fd sv\u011bt a domov duch\u016f S\u00e1m\u016f<\/title>\n<meta name=\"description\" content=\"Saivo je svat\u00fd sv\u011bt hor a jezer s\u00e1msk\u00e9ho n\u00e1bo\u017eenstv\u00ed, s\u00eddlo \u0161amansk\u00fdch pomocn\u00edk\u016f. Religionistick\u00e9 za\u0159azen\u00ed.\" \/>\n<meta name=\"robots\" content=\"index, follow, max-snippet:-1, max-image-preview:large, max-video-preview:-1\" \/>\n<link rel=\"canonical\" href=\"https:\/\/iwell-guard.com\/cs\/saivo-svaty-svet-samu\/\" \/>\n<meta property=\"og:locale\" content=\"cs_CZ\" \/>\n<meta property=\"og:type\" content=\"article\" \/>\n<meta property=\"og:title\" content=\"Saivo - Svat\u00fd sv\u011bt hor a jezer S\u00e1m\u016f\" \/>\n<meta property=\"og:description\" content=\"Saivo je svat\u00fd sv\u011bt hor a jezer s\u00e1msk\u00e9ho n\u00e1bo\u017eenstv\u00ed, s\u00eddlo \u0161amansk\u00fdch pomocn\u00edk\u016f. Religionistick\u00e9 za\u0159azen\u00ed.\" \/>\n<meta property=\"og:url\" content=\"https:\/\/iwell-guard.com\/cs\/saivo-svaty-svet-samu\/\" \/>\n<meta property=\"og:site_name\" content=\"iWell Guard\" \/>\n<meta property=\"article:modified_time\" content=\"2026-09-03T16:58:56+00:00\" \/>\n<meta property=\"og:image\" content=\"https:\/\/iwell-guard.com\/wp-content\/uploads\/2026\/05\/geister_sami_saivo.webp\" \/>\n\t<meta property=\"og:image:width\" content=\"1024\" \/>\n\t<meta property=\"og:image:height\" content=\"1536\" \/>\n\t<meta property=\"og:image:type\" content=\"image\/webp\" \/>\n<meta name=\"twitter:card\" content=\"summary_large_image\" \/>\n<script type=\"application\/ld+json\" class=\"yoast-schema-graph\">{\"@context\":\"https:\\\/\\\/schema.org\",\"@graph\":[{\"@type\":\"WebPage\",\"@id\":\"https:\\\/\\\/iwell-guard.com\\\/cs\\\/saivo-svaty-svet-samu\\\/\",\"url\":\"https:\\\/\\\/iwell-guard.com\\\/cs\\\/saivo-svaty-svet-samu\\\/\",\"name\":\"Saivo - Svat\u00fd sv\u011bt a domov duch\u016f S\u00e1m\u016f\",\"isPartOf\":{\"@id\":\"https:\\\/\\\/iwell-guard.com\\\/cs\\\/#website\"},\"primaryImageOfPage\":{\"@id\":\"https:\\\/\\\/iwell-guard.com\\\/cs\\\/saivo-svaty-svet-samu\\\/#primaryimage\"},\"image\":{\"@id\":\"https:\\\/\\\/iwell-guard.com\\\/cs\\\/saivo-svaty-svet-samu\\\/#primaryimage\"},\"thumbnailUrl\":\"https:\\\/\\\/iwell-guard.com\\\/wp-content\\\/uploads\\\/2026\\\/05\\\/geister_sami_saivo.webp\",\"datePublished\":\"2026-09-03T16:31:25+00:00\",\"dateModified\":\"2026-09-03T16:58:56+00:00\",\"description\":\"Saivo je svat\u00fd sv\u011bt hor a jezer s\u00e1msk\u00e9ho n\u00e1bo\u017eenstv\u00ed, s\u00eddlo \u0161amansk\u00fdch pomocn\u00edk\u016f. Religionistick\u00e9 za\u0159azen\u00ed.\",\"breadcrumb\":{\"@id\":\"https:\\\/\\\/iwell-guard.com\\\/cs\\\/saivo-svaty-svet-samu\\\/#breadcrumb\"},\"inLanguage\":\"cs\",\"potentialAction\":[{\"@type\":\"ReadAction\",\"target\":[\"https:\\\/\\\/iwell-guard.com\\\/cs\\\/saivo-svaty-svet-samu\\\/\"]}]},{\"@type\":\"ImageObject\",\"inLanguage\":\"cs\",\"@id\":\"https:\\\/\\\/iwell-guard.com\\\/cs\\\/saivo-svaty-svet-samu\\\/#primaryimage\",\"url\":\"https:\\\/\\\/iwell-guard.com\\\/wp-content\\\/uploads\\\/2026\\\/05\\\/geister_sami_saivo.webp\",\"contentUrl\":\"https:\\\/\\\/iwell-guard.com\\\/wp-content\\\/uploads\\\/2026\\\/05\\\/geister_sami_saivo.webp\",\"width\":1024,\"height\":1536,\"caption\":\"Duchov\u00e9 ze s\u00e1msk\u00e9 tradice.\"},{\"@type\":\"BreadcrumbList\",\"@id\":\"https:\\\/\\\/iwell-guard.com\\\/cs\\\/saivo-svaty-svet-samu\\\/#breadcrumb\",\"itemListElement\":[{\"@type\":\"ListItem\",\"position\":1,\"name\":\"Start\",\"item\":\"https:\\\/\\\/iwell-guard.com\\\/cs\\\/?page_id=145107\"},{\"@type\":\"ListItem\",\"position\":2,\"name\":\"Saivo &#8211; Svat\u00fd sv\u011bt hor a jezer S\u00e1m\u016f\"}]},{\"@type\":\"WebSite\",\"@id\":\"https:\\\/\\\/iwell-guard.com\\\/cs\\\/#website\",\"url\":\"https:\\\/\\\/iwell-guard.com\\\/cs\\\/\",\"name\":\"iWell Guard\",\"description\":\"Schutz vor dunklen Einfl\u00fcssen\",\"publisher\":{\"@id\":\"https:\\\/\\\/iwell-guard.com\\\/cs\\\/#organization\"},\"potentialAction\":[{\"@type\":\"SearchAction\",\"target\":{\"@type\":\"EntryPoint\",\"urlTemplate\":\"https:\\\/\\\/iwell-guard.com\\\/cs\\\/?s={search_term_string}\"},\"query-input\":{\"@type\":\"PropertyValueSpecification\",\"valueRequired\":true,\"valueName\":\"search_term_string\"}}],\"inLanguage\":\"cs\"},{\"@type\":\"Organization\",\"@id\":\"https:\\\/\\\/iwell-guard.com\\\/cs\\\/#organization\",\"name\":\"Ittermann electronic GmbH\",\"url\":\"https:\\\/\\\/iwell-guard.com\\\/cs\\\/\",\"logo\":{\"@type\":\"ImageObject\",\"inLanguage\":\"cs\",\"@id\":\"https:\\\/\\\/iwell-guard.com\\\/cs\\\/#\\\/schema\\\/logo\\\/image\\\/\",\"url\":\"https:\\\/\\\/iwell-guard.com\\\/wp-content\\\/uploads\\\/2026\\\/05\\\/Ittermann-Logo-1182x237-1.png\",\"contentUrl\":\"https:\\\/\\\/iwell-guard.com\\\/wp-content\\\/uploads\\\/2026\\\/05\\\/Ittermann-Logo-1182x237-1.png\",\"width\":1182,\"height\":237,\"caption\":\"Ittermann electronic GmbH\"},\"image\":{\"@id\":\"https:\\\/\\\/iwell-guard.com\\\/cs\\\/#\\\/schema\\\/logo\\\/image\\\/\"},\"sameAs\":[\"https:\\\/\\\/pantip.com\\\/profile\\\/9367242\",\"https:\\\/\\\/micro.blog\\\/iwellguard\",\"https:\\\/\\\/www.diggerslist.com\\\/iwellguard\\\/about\",\"https:\\\/\\\/skitterphoto.com\\\/photographers\\\/2870314\\\/iwell-guard\",\"https:\\\/\\\/iwellguard.wordpress.com\\\/2026\\\/06\\\/06\\\/iwell-guard\\\/\",\"https:\\\/\\\/hub.docker.com\\\/u\\\/iwellguard\",\"https:\\\/\\\/www.pinterest.com\\\/iwellguard\\\/\",\"https:\\\/\\\/bit.ly\\\/m\\\/iwellguard\",\"https:\\\/\\\/entre-vos-mains.alsace.eu\\\/profiles\\\/iwellguard\\\/activity\",\"https:\\\/\\\/gravatar.com\\\/reallybeded8fd34\",\"https:\\\/\\\/naijamatta.com\\\/iwellguard\",\"https:\\\/\\\/www.goodreads.com\\\/iwellguard\",\"https:\\\/\\\/profile.hatena.ne.jp\\\/iwellguard\\\/\",\"https:\\\/\\\/experiment.com\\\/users\\\/iwellguard\",\"https:\\\/\\\/wakelet.com\\\/@iWellGuard82270\",\"https:\\\/\\\/www.chordie.com\\\/forum\\\/profile.php?id=2555664\",\"https:\\\/\\\/www.instapaper.com\\\/p\\\/17757966\",\"https:\\\/\\\/www.mapleprimes.com\\\/users\\\/iwellguard\",\"https:\\\/\\\/businesslistingplus.com\\\/profile\\\/iwell-guard\\\/\",\"https:\\\/\\\/telegra.ph\\\/iWell-Guard-06-06\",\"https:\\\/\\\/pbase.com\\\/iwellguard\\\/iwellguard\",\"https:\\\/\\\/b.hatena.ne.jp\\\/iwellguard\\\/20260607#bookmark-4788405196491818882\",\"https:\\\/\\\/fliphtml5.com\\\/home\\\/iwellguard\",\"https:\\\/\\\/anyflip.com\\\/homepage\\\/cmiwl#About\",\"https:\\\/\\\/transfur.com\\\/Users\\\/iwellguard\",\"http:\\\/\\\/delphi.larsbo.org\\\/user\\\/iwellguard\",\"https:\\\/\\\/jobs.lajobsportal.org\\\/profiles\\\/8380803-iwell-guard\",\"https:\\\/\\\/md.chaosdorf.de\\\/s\\\/jfbe5SBdJD\",\"https:\\\/\\\/www.lingvolive.com\\\/en-us\\\/profile\\\/9ecaeaca-ce11-4e51-9e71-01d55e2bff36\\\/translations\",\"https:\\\/\\\/www.fitday.com\\\/fitness\\\/forums\\\/members\\\/iwellguard.html\",\"https:\\\/\\\/www.mymeetbook.com\\\/iwellguard\",\"https:\\\/\\\/pxhere.com\\\/en\\\/photographer-me\\\/5040798\",\"https:\\\/\\\/disqus.com\\\/by\\\/iwellguard\\\/about\\\/\",\"https:\\\/\\\/pastelink.net\\\/hjwciqwq\",\"https:\\\/\\\/pubhtml5.com\\\/homepage\\\/scjhn\\\/\",\"https:\\\/\\\/www.bitchute.com\\\/channel\\\/2O2eOKzNqujT\",\"https:\\\/\\\/audiomack.com\\\/iwellguard\"]},{\"@type\":\"Article\",\"@id\":\"https:\\\/\\\/iwell-guard.com\\\/cs\\\/saivo-svaty-svet-samu\\\/#article\",\"isPartOf\":{\"@id\":\"https:\\\/\\\/iwell-guard.com\\\/cs\\\/saivo-svaty-svet-samu\\\/\"},\"author\":{\"name\":\"Ralf Ittermann\",\"@id\":\"https:\\\/\\\/iwell-guard.com\\\/cs\\\/#\\\/schema\\\/person\\\/ee2a27f1cac3406c7c6fb5820cb7349f\"},\"headline\":\"Saivo &#8211; Svat\u00fd sv\u011bt hor a jezer S\u00e1m\u016f\",\"datePublished\":\"2026-09-03T16:31:25+00:00\",\"dateModified\":\"2026-09-03T16:58:56+00:00\",\"mainEntityOfPage\":{\"@id\":\"https:\\\/\\\/iwell-guard.com\\\/cs\\\/saivo-svaty-svet-samu\\\/\"},\"publisher\":{\"@id\":\"https:\\\/\\\/iwell-guard.com\\\/cs\\\/#organization\"},\"image\":{\"@id\":\"https:\\\/\\\/iwell-guard.com\\\/cs\\\/saivo-svaty-svet-samu\\\/#primaryimage\"},\"thumbnailUrl\":\"https:\\\/\\\/iwell-guard.com\\\/wp-content\\\/uploads\\\/2026\\\/05\\\/geister_sami_saivo.webp\",\"inLanguage\":\"cs\",\"description\":\"Saivo je svat\u00fd sv\u011bt hor a jezer s\u00e1msk\u00e9ho n\u00e1bo\u017eenstv\u00ed, s\u00eddlo \u0161amansk\u00fdch pomocn\u00edk\u016f. Religionistick\u00e9 za\u0159azen\u00ed.\"}]}<\/script>\n<!-- \/ Yoast SEO Premium plugin. -->","yoast_head_json":{"title":"Saivo - Svat\u00fd sv\u011bt a domov duch\u016f S\u00e1m\u016f","description":"Saivo je svat\u00fd sv\u011bt hor a jezer s\u00e1msk\u00e9ho n\u00e1bo\u017eenstv\u00ed, s\u00eddlo \u0161amansk\u00fdch pomocn\u00edk\u016f. Religionistick\u00e9 za\u0159azen\u00ed.","robots":{"index":"index","follow":"follow","max-snippet":"max-snippet:-1","max-image-preview":"max-image-preview:large","max-video-preview":"max-video-preview:-1"},"canonical":"https:\/\/iwell-guard.com\/cs\/saivo-svaty-svet-samu\/","og_locale":"cs_CZ","og_type":"article","og_title":"Saivo - Svat\u00fd sv\u011bt hor a jezer S\u00e1m\u016f","og_description":"Saivo je svat\u00fd sv\u011bt hor a jezer s\u00e1msk\u00e9ho n\u00e1bo\u017eenstv\u00ed, s\u00eddlo \u0161amansk\u00fdch pomocn\u00edk\u016f. Religionistick\u00e9 za\u0159azen\u00ed.","og_url":"https:\/\/iwell-guard.com\/cs\/saivo-svaty-svet-samu\/","og_site_name":"iWell Guard","article_modified_time":"2026-09-03T16:58:56+00:00","og_image":[{"width":1024,"height":1536,"url":"https:\/\/iwell-guard.com\/wp-content\/uploads\/2026\/05\/geister_sami_saivo.webp","type":"image\/webp"}],"twitter_card":"summary_large_image","schema":{"@context":"https:\/\/schema.org","@graph":[{"@type":"Article","@id":"https:\/\/iwell-guard.com\/cs\/saivo-svaty-svet-samu\/#article","isPartOf":{"@id":"https:\/\/iwell-guard.com\/cs\/saivo-svaty-svet-samu\/"},"author":{"name":"Ralf Ittermann","@id":"https:\/\/iwell-guard.com\/cs\/#\/schema\/person\/ee2a27f1cac3406c7c6fb5820cb7349f"},"headline":"Saivo &#8211; Svat\u00fd sv\u011bt hor a jezer S\u00e1m\u016f","datePublished":"2026-09-03T16:31:25+00:00","dateModified":"2026-09-03T16:58:56+00:00","mainEntityOfPage":{"@id":"https:\/\/iwell-guard.com\/cs\/saivo-svaty-svet-samu\/"},"publisher":{"@id":"https:\/\/iwell-guard.com\/cs\/#organization"},"image":{"@id":"https:\/\/iwell-guard.com\/cs\/saivo-svaty-svet-samu\/#primaryimage"},"thumbnailUrl":"https:\/\/iwell-guard.com\/wp-content\/uploads\/2026\/05\/geister_sami_saivo.webp","inLanguage":"cs","description":"Saivo je svat\u00fd sv\u011bt hor a jezer s\u00e1msk\u00e9ho n\u00e1bo\u017eenstv\u00ed, s\u00eddlo \u0161amansk\u00fdch pomocn\u00edk\u016f. Religionistick\u00e9 za\u0159azen\u00ed."},{"@type":"WebPage","@id":"https:\/\/iwell-guard.com\/cs\/saivo-svaty-svet-samu\/","url":"https:\/\/iwell-guard.com\/cs\/saivo-svaty-svet-samu\/","name":"Saivo - Svat\u00fd sv\u011bt a domov duch\u016f S\u00e1m\u016f","isPartOf":{"@id":"https:\/\/iwell-guard.com\/cs\/#website"},"primaryImageOfPage":{"@id":"https:\/\/iwell-guard.com\/cs\/saivo-svaty-svet-samu\/#primaryimage"},"image":{"@id":"https:\/\/iwell-guard.com\/cs\/saivo-svaty-svet-samu\/#primaryimage"},"thumbnailUrl":"https:\/\/iwell-guard.com\/wp-content\/uploads\/2026\/05\/geister_sami_saivo.webp","datePublished":"2026-09-03T16:31:25+00:00","dateModified":"2026-09-03T16:58:56+00:00","description":"Saivo je svat\u00fd sv\u011bt hor a jezer s\u00e1msk\u00e9ho n\u00e1bo\u017eenstv\u00ed, s\u00eddlo \u0161amansk\u00fdch pomocn\u00edk\u016f. Religionistick\u00e9 za\u0159azen\u00ed.","breadcrumb":{"@id":"https:\/\/iwell-guard.com\/cs\/saivo-svaty-svet-samu\/#breadcrumb"},"inLanguage":"cs","potentialAction":[{"@type":"ReadAction","target":["https:\/\/iwell-guard.com\/cs\/saivo-svaty-svet-samu\/"]}]},{"@type":"ImageObject","inLanguage":"cs","@id":"https:\/\/iwell-guard.com\/cs\/saivo-svaty-svet-samu\/#primaryimage","url":"https:\/\/iwell-guard.com\/wp-content\/uploads\/2026\/05\/geister_sami_saivo.webp","contentUrl":"https:\/\/iwell-guard.com\/wp-content\/uploads\/2026\/05\/geister_sami_saivo.webp","width":1024,"height":1536,"caption":"Duchov\u00e9 ze s\u00e1msk\u00e9 tradice."},{"@type":"BreadcrumbList","@id":"https:\/\/iwell-guard.com\/cs\/saivo-svaty-svet-samu\/#breadcrumb","itemListElement":[{"@type":"ListItem","position":1,"name":"Start","item":"https:\/\/iwell-guard.com\/cs\/?page_id=145107"},{"@type":"ListItem","position":2,"name":"Saivo &#8211; Svat\u00fd sv\u011bt hor a jezer S\u00e1m\u016f"}]},{"@type":"WebSite","@id":"https:\/\/iwell-guard.com\/cs\/#website","url":"https:\/\/iwell-guard.com\/cs\/","name":"iWell Guard","description":"Schutz vor dunklen Einfl\u00fcssen","publisher":{"@id":"https:\/\/iwell-guard.com\/cs\/#organization"},"potentialAction":[{"@type":"SearchAction","target":{"@type":"EntryPoint","urlTemplate":"https:\/\/iwell-guard.com\/cs\/?s={search_term_string}"},"query-input":{"@type":"PropertyValueSpecification","valueRequired":true,"valueName":"search_term_string"}}],"inLanguage":"cs"},{"@type":"Organization","@id":"https:\/\/iwell-guard.com\/cs\/#organization","name":"Ittermann electronic GmbH","url":"https:\/\/iwell-guard.com\/cs\/","logo":{"@type":"ImageObject","inLanguage":"cs","@id":"https:\/\/iwell-guard.com\/cs\/#\/schema\/logo\/image\/","url":"https:\/\/iwell-guard.com\/wp-content\/uploads\/2026\/05\/Ittermann-Logo-1182x237-1.png","contentUrl":"https:\/\/iwell-guard.com\/wp-content\/uploads\/2026\/05\/Ittermann-Logo-1182x237-1.png","width":1182,"height":237,"caption":"Ittermann electronic GmbH"},"image":{"@id":"https:\/\/iwell-guard.com\/cs\/#\/schema\/logo\/image\/"},"sameAs":["https:\/\/pantip.com\/profile\/9367242","https:\/\/micro.blog\/iwellguard","https:\/\/www.diggerslist.com\/iwellguard\/about","https:\/\/skitterphoto.com\/photographers\/2870314\/iwell-guard","https:\/\/iwellguard.wordpress.com\/2026\/06\/06\/iwell-guard\/","https:\/\/hub.docker.com\/u\/iwellguard","https:\/\/www.pinterest.com\/iwellguard\/","https:\/\/bit.ly\/m\/iwellguard","https:\/\/entre-vos-mains.alsace.eu\/profiles\/iwellguard\/activity","https:\/\/gravatar.com\/reallybeded8fd34","https:\/\/naijamatta.com\/iwellguard","https:\/\/www.goodreads.com\/iwellguard","https:\/\/profile.hatena.ne.jp\/iwellguard\/","https:\/\/experiment.com\/users\/iwellguard","https:\/\/wakelet.com\/@iWellGuard82270","https:\/\/www.chordie.com\/forum\/profile.php?id=2555664","https:\/\/www.instapaper.com\/p\/17757966","https:\/\/www.mapleprimes.com\/users\/iwellguard","https:\/\/businesslistingplus.com\/profile\/iwell-guard\/","https:\/\/telegra.ph\/iWell-Guard-06-06","https:\/\/pbase.com\/iwellguard\/iwellguard","https:\/\/b.hatena.ne.jp\/iwellguard\/20260607#bookmark-4788405196491818882","https:\/\/fliphtml5.com\/home\/iwellguard","https:\/\/anyflip.com\/homepage\/cmiwl#About","https:\/\/transfur.com\/Users\/iwellguard","http:\/\/delphi.larsbo.org\/user\/iwellguard","https:\/\/jobs.lajobsportal.org\/profiles\/8380803-iwell-guard","https:\/\/md.chaosdorf.de\/s\/jfbe5SBdJD","https:\/\/www.lingvolive.com\/en-us\/profile\/9ecaeaca-ce11-4e51-9e71-01d55e2bff36\/translations","https:\/\/www.fitday.com\/fitness\/forums\/members\/iwellguard.html","https:\/\/www.mymeetbook.com\/iwellguard","https:\/\/pxhere.com\/en\/photographer-me\/5040798","https:\/\/disqus.com\/by\/iwellguard\/about\/","https:\/\/pastelink.net\/hjwciqwq","https:\/\/pubhtml5.com\/homepage\/scjhn\/","https:\/\/www.bitchute.com\/channel\/2O2eOKzNqujT","https:\/\/audiomack.com\/iwellguard"]},{"@type":"Person","@id":"https:\/\/iwell-guard.com\/cs\/#\/schema\/person\/ee2a27f1cac3406c7c6fb5820cb7349f","name":"Ralf Ittermann","image":{"@type":"ImageObject","inLanguage":"cs","@id":"https:\/\/secure.gravatar.com\/avatar\/073c0153e350a5005b68eb752b445fea71f6b24a26da9449ad7e155e6b446c9d?s=96&d=mm&r=g","url":"https:\/\/secure.gravatar.com\/avatar\/073c0153e350a5005b68eb752b445fea71f6b24a26da9449ad7e155e6b446c9d?s=96&d=mm&r=g","contentUrl":"https:\/\/secure.gravatar.com\/avatar\/073c0153e350a5005b68eb752b445fea71f6b24a26da9449ad7e155e6b446c9d?s=96&d=mm&r=g","caption":"Ralf Ittermann"},"givenName":"Ralf","familyName":"Ittermann","jobTitle":"Gesch\u00e4ftsf\u00fchrer und redaktioneller Verantwortlicher","url":"https:\/\/iwell-guard.com\/cs\/author\/claude\/","description":"Ralf Ittermann ist Gesch\u00e4ftsf\u00fchrer der Ittermann electronic GmbH und redaktioneller Verantwortlicher des iWell-Guard-Lexikons. Er verbindet langj\u00e4hrige Erfahrung in der Pr\u00e4zisionsfertigung mit medialer Praxis und religionsgeschichtlicher Quellenarbeit.","worksFor":{"@type":"Organization","name":"Ittermann electronic GmbH","url":"https:\/\/ittermann.de\/","address":{"@type":"PostalAddress","streetAddress":"K\u00f6hlergasse 16-18","postalCode":"99842","addressLocality":"Ruhla","addressCountry":"DE"}},"knowsAbout":["Religionsgeschichte","Mythologie","Mediale Praxis","Energetische Diagnostik","Schutzpraxis","Volksglauben","Westliche Esoterik"]},{"@type":"Article","@id":"https:\/\/iwell-guard.com\/cs\/saivo-svaty-svet-samu\/#article","isPartOf":{"@id":"https:\/\/iwell-guard.com\/cs\/saivo-svaty-svet-samu\/"},"author":{"name":"Ralf Ittermann","@id":"https:\/\/iwell-guard.com\/cs\/#\/schema\/person\/ee2a27f1cac3406c7c6fb5820cb7349f"},"headline":"Saivo &#8211; Svat\u00fd sv\u011bt hor a jezer S\u00e1m\u016f","datePublished":"2026-09-03T16:31:25+00:00","dateModified":"2026-09-03T16:58:56+00:00","mainEntityOfPage":{"@id":"https:\/\/iwell-guard.com\/cs\/saivo-svaty-svet-samu\/"},"publisher":{"@id":"https:\/\/iwell-guard.com\/cs\/#organization"},"image":{"@id":"https:\/\/iwell-guard.com\/cs\/saivo-svaty-svet-samu\/#primaryimage"},"thumbnailUrl":"https:\/\/iwell-guard.com\/wp-content\/uploads\/2026\/05\/geister_sami_saivo.webp","inLanguage":"cs","description":"Saivo je svat\u00fd sv\u011bt hor a jezer s\u00e1msk\u00e9ho n\u00e1bo\u017eenstv\u00ed, s\u00eddlo \u0161amansk\u00fdch pomocn\u00edk\u016f. Religionistick\u00e9 za\u0159azen\u00ed."}]}},"_links":{"self":[{"href":"https:\/\/iwell-guard.com\/cs\/wp-json\/wp\/v2\/pages\/145545","targetHints":{"allow":["GET"]}}],"collection":[{"href":"https:\/\/iwell-guard.com\/cs\/wp-json\/wp\/v2\/pages"}],"about":[{"href":"https:\/\/iwell-guard.com\/cs\/wp-json\/wp\/v2\/types\/page"}],"author":[{"embeddable":true,"href":"https:\/\/iwell-guard.com\/cs\/wp-json\/wp\/v2\/users\/3"}],"replies":[{"embeddable":true,"href":"https:\/\/iwell-guard.com\/cs\/wp-json\/wp\/v2\/comments?post=145545"}],"version-history":[{"count":0,"href":"https:\/\/iwell-guard.com\/cs\/wp-json\/wp\/v2\/pages\/145545\/revisions"}],"wp:featuredmedia":[{"embeddable":true,"href":"https:\/\/iwell-guard.com\/cs\/wp-json\/wp\/v2\/media\/2889"}],"wp:attachment":[{"href":"https:\/\/iwell-guard.com\/cs\/wp-json\/wp\/v2\/media?parent=145545"}],"wp:term":[{"taxonomy":"category","embeddable":true,"href":"https:\/\/iwell-guard.com\/cs\/wp-json\/wp\/v2\/categories?post=145545"}],"curies":[{"name":"wp","href":"https:\/\/api.w.org\/{rel}","templated":true}]}}