{"id":145539,"date":"2026-09-03T16:31:21","date_gmt":"2026-09-03T16:31:21","guid":{"rendered":"https:\/\/iwell-guard.com\/?page_id=145539"},"modified":"2026-09-03T16:58:47","modified_gmt":"2026-09-03T16:58:47","slug":"stallo-obr-samske-tradice","status":"publish","type":"page","link":"https:\/\/iwell-guard.com\/cs\/stallo-obr-samske-tradice\/","title":{"rendered":"Stallo &#8211; Lido\u017eroutsk\u00fd obr s\u00e1msk\u00e9 tradice"},"content":{"rendered":"\t\t<div data-elementor-type=\"wp-page\" data-elementor-id=\"145539\" class=\"elementor elementor-145539 elementor-2667 elementor-bc-flex-widget\" data-elementor-post-type=\"page\">\n\t\t\t\t<div class=\"elementor-element elementor-element-iwgw-stallo-hero e-flex e-con-boxed e-con e-parent\" data-id=\"iwgw-stallo-hero\" data-element_type=\"container\" data-e-type=\"container\" data-settings=\"{&quot;background_background&quot;:&quot;classic&quot;}\">\n\t\t\t\t\t<div class=\"e-con-inner\">\n\t\t<div class=\"elementor-element elementor-element-iwgw-stallo-hl e-flex e-con-boxed e-con e-child\" data-id=\"iwgw-stallo-hl\" data-element_type=\"container\" data-e-type=\"container\">\n\t\t\t\t\t<div class=\"e-con-inner\">\n\t\t<div class=\"elementor-element elementor-element-iwgw-stallo-htxt e-con-full e-flex e-con e-child\" data-id=\"iwgw-stallo-htxt\" data-element_type=\"container\" data-e-type=\"container\">\n\t\t\t\t<div class=\"elementor-element elementor-element-iwgw-stallo-h1 elementor-widget elementor-widget-heading\" data-id=\"iwgw-stallo-h1\" data-element_type=\"widget\" data-e-type=\"widget\" data-widget_type=\"heading.default\">\n\t\t\t\t\t<h1 class=\"elementor-heading-title elementor-size-default\">Stallo - Lido\u017eroutsk\u00fd obr a trickster-antagonista s\u00e1msk\u00e9 tradice<\/h1>\t\t\t\t<\/div>\n\t\t\t\t<div class=\"elementor-element elementor-element-iwgw-stallo-lead elementor-widget elementor-widget-text-editor\" data-id=\"iwgw-stallo-lead\" data-element_type=\"widget\" data-e-type=\"widget\" data-widget_type=\"text-editor.default\">\n\t\t\t\t\t\t\t\t\t<p>Stallo, v dialektov\u00fdch variant\u00e1ch tak\u00e9 Staaloe nebo Staaloh, je lido\u017eroutsk\u00fd obr s\u00e1msk\u00e9 vypr\u00e1v\u011bc\u00ed tradice. Vystupuje jako antagonista v mnoha vypr\u00e1v\u011bn\u00edch, v nich\u017e ho s\u00e1m\u0161t\u00ed protagonist\u00e9 p\u0159emohou lst\u00ed. Religionisticky pat\u0159\u00ed do \u0161ir\u0161\u00ed t\u0159\u00eddy ob\u0159\u00edch antagonist\u016f v severoevropsk\u00fdch mytologi\u00edch.<\/p>\t\t\t\t\t\t\t\t<\/div>\n\t\t\t\t<\/div>\n\t\t<div class=\"elementor-element elementor-element-iwgw-stallo-pillc e-con-full e-flex e-con e-child\" data-id=\"iwgw-stallo-pillc\" data-element_type=\"container\" data-e-type=\"container\">\n\t\t\t\t<div class=\"elementor-element elementor-element-iwgw-stallo-pills elementor-widget elementor-widget-html\" data-id=\"iwgw-stallo-pills\" data-element_type=\"widget\" data-e-type=\"widget\" data-widget_type=\"html.default\">\n\t\t\t\t\t<div class=\"iwg-pill-row\"><span class=\"iwg-klasse-badge\" tabindex=\"0\" data-tooltip=\"Obr tradice Sami.\">Obr<\/span><a href=\"https:\/\/iwell-guard.com\/cs\/sami-finsko-ugricka-tradice-noaidi-buben\/\" class=\"iwg-kultur-badge\" tabindex=\"0\" data-tooltip=\"Mytologie tradice Sami.\">Sami<\/a><span class=\"iwg-tradition-badge\" tabindex=\"0\" data-tooltip=\"Ob\u0159\u00ed bytost a antagonista.\">Ob\u0159\u00ed bytost a antagonista<\/span><\/div>\t\t\t\t<\/div>\n\t\t\t\t<\/div>\n\t\t<div class=\"elementor-element elementor-element-iwgw-stallo-tocc e-con-full e-flex e-con e-child\" data-id=\"iwgw-stallo-tocc\" data-element_type=\"container\" data-e-type=\"container\">\n\t\t\t\t<div class=\"elementor-element elementor-element-iwgw-stallo-toc elementor-toc--minimized-on-tablet elementor-widget elementor-widget-table-of-contents\" data-id=\"iwgw-stallo-toc\" data-element_type=\"widget\" data-e-type=\"widget\" data-settings=\"{&quot;headings_by_tags&quot;:[&quot;h2&quot;,&quot;h3&quot;],&quot;minimize_box&quot;:&quot;yes&quot;,&quot;marker_view&quot;:&quot;bullets&quot;,&quot;no_headings_message&quot;:&quot;Na t\\u00e9to str\\u00e1nce nebyly nalezeny \\u017e\\u00e1dn\\u00e9 nadpisy.&quot;,&quot;exclude_headings_by_selector&quot;:[],&quot;icon&quot;:{&quot;value&quot;:&quot;fas fa-circle&quot;,&quot;library&quot;:&quot;fa-solid&quot;,&quot;rendered_tag&quot;:&quot;&lt;svg class=\\&quot;e-font-icon-svg e-fas-circle\\&quot; viewBox=\\&quot;0 0 512 512\\&quot; xmlns=\\&quot;http:\\\/\\\/www.w3.org\\\/2000\\\/svg\\&quot;&gt;&lt;path d=\\&quot;M256 8C119 8 8 119 8 256s111 248 248 248 248-111 248-248S393 8 256 8z\\&quot;&gt;&lt;\\\/path&gt;&lt;\\\/svg&gt;&quot;},&quot;minimized_on&quot;:&quot;tablet&quot;,&quot;hierarchical_view&quot;:&quot;yes&quot;,&quot;min_height&quot;:{&quot;unit&quot;:&quot;px&quot;,&quot;size&quot;:&quot;&quot;,&quot;sizes&quot;:[]},&quot;min_height_tablet&quot;:{&quot;unit&quot;:&quot;px&quot;,&quot;size&quot;:&quot;&quot;,&quot;sizes&quot;:[]},&quot;min_height_mobile&quot;:{&quot;unit&quot;:&quot;px&quot;,&quot;size&quot;:&quot;&quot;,&quot;sizes&quot;:[]}}\" data-widget_type=\"table-of-contents.default\">\n\t\t\t\t\t\t\t\t\t<div class=\"elementor-toc__header\">\n\t\t\t\t\t\t<h2 class=\"elementor-toc__header-title\">\n\t\t\t\tObsah\t\t\t<\/h2>\n\t\t\t\t\t\t\t\t\t\t<div class=\"elementor-toc__toggle-button elementor-toc__toggle-button--expand\" role=\"button\" tabindex=\"0\" aria-controls=\"elementor-toc__iwgw-stallo-toc\" aria-expanded=\"true\" aria-label=\"Open table of contents\"><svg aria-hidden=\"true\" class=\"e-font-icon-svg e-fas-chevron-down\" viewBox=\"0 0 448 512\" xmlns=\"http:\/\/www.w3.org\/2000\/svg\"><path d=\"M207.029 381.476L12.686 187.132c-9.373-9.373-9.373-24.569 0-33.941l22.667-22.667c9.357-9.357 24.522-9.375 33.901-.04L224 284.505l154.745-154.021c9.379-9.335 24.544-9.317 33.901.04l22.667 22.667c9.373 9.373 9.373 24.569 0 33.941L240.971 381.476c-9.373 9.372-24.569 9.372-33.942 0z\"><\/path><\/svg><\/div>\n\t\t\t\t<div class=\"elementor-toc__toggle-button elementor-toc__toggle-button--collapse\" role=\"button\" tabindex=\"0\" aria-controls=\"elementor-toc__iwgw-stallo-toc\" aria-expanded=\"true\" aria-label=\"Close table of contents\"><svg aria-hidden=\"true\" class=\"e-font-icon-svg e-fas-chevron-up\" viewBox=\"0 0 448 512\" xmlns=\"http:\/\/www.w3.org\/2000\/svg\"><path d=\"M240.971 130.524l194.343 194.343c9.373 9.373 9.373 24.569 0 33.941l-22.667 22.667c-9.357 9.357-24.522 9.375-33.901.04L224 227.495 69.255 381.516c-9.379 9.335-24.544 9.317-33.901-.04l-22.667-22.667c-9.373-9.373-9.373-24.569 0-33.941L207.03 130.525c9.372-9.373 24.568-9.373 33.941-.001z\"><\/path><\/svg><\/div>\n\t\t\t\t\t<\/div>\n\t\t\t\t<div id=\"elementor-toc__iwgw-stallo-toc\" class=\"elementor-toc__body\">\n\t\t\t<div class=\"elementor-toc__spinner-container\">\n\t\t\t\t<svg class=\"elementor-toc__spinner eicon-animation-spin e-font-icon-svg e-eicon-loading\" aria-hidden=\"true\" viewBox=\"0 0 1000 1000\" xmlns=\"http:\/\/www.w3.org\/2000\/svg\"><path d=\"M500 975V858C696 858 858 696 858 500S696 142 500 142 142 304 142 500H25C25 237 238 25 500 25S975 237 975 500 763 975 500 975Z\"><\/path><\/svg>\t\t\t<\/div>\n\t\t<\/div>\n\t\t\t\t\t\t<\/div>\n\t\t\t\t<\/div>\n\t\t\t\t\t<\/div>\n\t\t\t\t<\/div>\n\t\t<div class=\"elementor-element elementor-element-iwgw-stallo-hr e-con-full e-flex e-con e-child\" data-id=\"iwgw-stallo-hr\" data-element_type=\"container\" data-e-type=\"container\">\n\t\t\t\t<div class=\"elementor-element elementor-element-iwgw-stallo-heroimg iwg-hero-image elementor-widget elementor-widget-image\" data-id=\"iwgw-stallo-heroimg\" data-element_type=\"widget\" data-e-type=\"widget\" data-widget_type=\"image.default\">\n\t\t\t\t\t\t\t\t\t\t\t\t\t\t\t<img fetchpriority=\"high\" decoding=\"async\" width=\"683\" height=\"1024\" src=\"https:\/\/iwell-guard.com\/wp-content\/uploads\/2026\/05\/goetter_sami_stallo-683x1024.webp\" class=\"attachment-large size-large wp-image-147289\" alt=\"Stallo \u2013 b\u016fh ze s\u00e1msk\u00e9 tradice, historicko-ilustrativn\u00ed\" srcset=\"https:\/\/iwell-guard.com\/wp-content\/uploads\/2026\/05\/goetter_sami_stallo-683x1024.webp 683w, https:\/\/iwell-guard.com\/wp-content\/uploads\/2026\/05\/goetter_sami_stallo-200x300.webp 200w, https:\/\/iwell-guard.com\/wp-content\/uploads\/2026\/05\/goetter_sami_stallo-768x1152.webp 768w, https:\/\/iwell-guard.com\/wp-content\/uploads\/2026\/05\/goetter_sami_stallo.webp 1024w\" sizes=\"(max-width: 683px) 100vw, 683px\" \/>\t\t\t\t\t\t\t\t\t\t\t\t\t\t\t<\/div>\n\t\t\t\t<\/div>\n\t\t\t\t\t<\/div>\n\t\t\t\t<\/div>\n\t\t\t\t<section class=\"elementor-section elementor-top-section elementor-element elementor-element-sec-iwgcomp-stallo elementor-section-boxed elementor-section-height-default elementor-section-height-default\" data-id=\"sec-iwgcomp-stallo\" data-element_type=\"section\" data-e-type=\"section\">\n\t\t\t\t\t\t<div class=\"elementor-container elementor-column-gap-default\">\n\t\t\t\t\t<div class=\"elementor-column elementor-col-100 elementor-top-column elementor-element elementor-element-col-iwgcomp-stallo\" data-id=\"col-iwgcomp-stallo\" data-element_type=\"column\" data-e-type=\"column\">\n\t\t\t<div class=\"elementor-widget-wrap elementor-element-populated\">\n\t\t\t\t\t\t<div class=\"elementor-element elementor-element-iwgcomp-stallo elementor-widget elementor-widget-text-editor\" data-id=\"iwgcomp-stallo\" data-element_type=\"widget\" data-e-type=\"widget\" data-widget_type=\"text-editor.default\">\n\t\t\t\t\t\t\t\t\t<p>Stallo je pova\u017eov\u00e1n za <strong>ob\u0159\u00edho antagonistu<\/strong> ve vypr\u00e1v\u011bn\u00edch s\u00e1msk\u00fdch rolnick\u00fdch spole\u010dnost\u00ed, lido\u017eroutsk\u00e9ho outsidera.<\/p>\t\t\t\t\t\t\t\t<\/div>\n\t\t\t\t\t<\/div>\n\t\t<\/div>\n\t\t\t\t\t<\/div>\n\t\t<\/section>\n\t\t<div class=\"elementor-element elementor-element-iwgw-stallo-s0 e-flex e-con-boxed e-con e-parent\" data-id=\"iwgw-stallo-s0\" data-element_type=\"container\" data-e-type=\"container\">\n\t\t\t\t\t<div class=\"e-con-inner\">\n\t\t\t\t<div class=\"elementor-element elementor-element-iwgw-stallo-s0h elementor-widget elementor-widget-heading\" data-id=\"iwgw-stallo-s0h\" data-element_type=\"widget\" data-e-type=\"widget\" data-widget_type=\"heading.default\">\n\t\t\t\t\t<h2 class=\"elementor-heading-title elementor-size-default\">Za\u0159azen\u00ed a stru\u010dn\u00fd profil<\/h2>\t\t\t\t<\/div>\n\t\t<div class=\"elementor-element elementor-element-iwgw-stallo-s0c e-con-full e-flex e-con e-child\" data-id=\"iwgw-stallo-s0c\" data-element_type=\"container\" data-e-type=\"container\">\n\t\t\t\t<div class=\"elementor-element elementor-element-iwgw-stallo-s0t elementor-widget elementor-widget-text-editor\" data-id=\"iwgw-stallo-s0t\" data-element_type=\"widget\" data-e-type=\"widget\" data-widget_type=\"text-editor.default\">\n\t\t\t\t\t\t\t\t\t<p>Stallo pat\u0159\u00ed k vypr\u00e1v\u011bc\u00ed vrstv\u011b s\u00e1msk\u00e9 tradice, kter\u00e1 je za\u0159azena m\u00e9n\u011b do vlastn\u00ed n\u00e1bo\u017eensk\u00e9 <span class=\"iwg-fachbegriff\" data-tooltip=\"V\u011bdeck\u00e1 nauka o Bohu a v\u00ed\u0159e n\u00e1bo\u017eenstv\u00ed.\" tabindex=\"0\">teologie<\/span> a v\u00edce do mytologicko-narativn\u00ed tradice. Na rozd\u00edl od <a href=\"https:\/\/iwell-guard.com\/cs\/?page_id=145536\">Beaivi<\/a>, <a href=\"https:\/\/iwell-guard.com\/cs\/?page_id=145538\">R\u00e1hky<\/a> nebo Akek nen\u00ed Stallo kultovn\u00ed postavou, n\u00fdbr\u017e narativn\u00ed bytost\u00ed, kter\u00e1 vystupuje v mnoha vypr\u00e1v\u011bn\u00edch.<\/p><p>Vypr\u00e1v\u011bn\u00ed o Stallovi jsou roz\u0161\u00ed\u0159ena v s\u00e1msk\u00fdch jazykov\u00fdch oblastech, od severn\u00edho \u0160v\u00e9dska p\u0159es Norsko a\u017e po Finsko a Rusko. Zobrazuj\u00ed Stalla v\u011bt\u0161inou jako hloup\u00e9ho a krut\u00e9ho obra, kter\u00e9ho chyt\u0159ej\u0161\u00ed S\u00e1mov\u00e9 p\u0159emohou lst\u00ed. Tato konstelace trickstera a antihrdiny je religionisticko-fenomenologicky vlastn\u00edm jevem.<\/p><p>Religionisticky je p\u0159esn\u00e9 postaven\u00ed Stalla mezi n\u00e1bo\u017eenstv\u00edm a <span class=\"iwg-fachbegriff\" data-tooltip=\"Tradovan\u00e1 lidov\u00e1 kultura se zvyky, vypr\u00e1v\u011bn\u00edmi a p\u00edsn\u011bmi.\" tabindex=\"0\">folklorem<\/span> sporn\u00e9. N\u011bkte\u0159\u00ed badatel\u00e9 (Pentik\u00e4inen) v n\u011bm vid\u00ed historicky idealizovan\u00e9ho antagonistu, jin\u00ed (Rydving) \u010dist\u011b narativn\u00ed postavu, dal\u0161\u00ed (Kaikkonen) upozor\u0148uj\u00ed na jeho \u0161amanskou funkci inicia\u010dn\u00ed postavy.<\/p><p>Tak\u00e9 narativn\u00ed ob\u0159\u00ed postava Stallo byla v nov\u011bj\u0161\u00ed badatelsk\u00e9 pr\u00e1ci zpracov\u00e1na s roz\u0161\u00ed\u0159en\u00fdmi p\u0159\u00edstupy, kter\u00e9 spojuj\u00ed etnografickou p\u0159esnost, jazykov\u011b kritick\u00e9 posouzen\u00ed <span class=\"iwg-fachbegriff\" data-tooltip=\"P\u0159ed\u00e1v\u00e1n\u00ed v\u011bdomost\u00ed a vypr\u00e1v\u011bn\u00ed mezi generacemi.\" tabindex=\"0\">tradice<\/span> a srovn\u00e1vac\u00ed za\u0159azen\u00ed. S\u00e1msk\u00e9 badatelky a badatel\u00e9 se dnes sami pod\u00edlej\u00ed na tomto v\u00fdzkumu a opravuj\u00ed star\u0161\u00ed z\u00e1padn\u00ed v\u00fdklady Stalla, v nich\u017e se m\u00edsty projevovaly koloni\u00e1ln\u00ed pohledy.<\/p><p>V \u0161ir\u0161\u00edm v\u011bdeck\u00e9m srovn\u00e1n\u00ed se Stallo, o n\u011bm\u017e se vypr\u00e1v\u00ed od severn\u00edho \u0160v\u00e9dska p\u0159es Norsko a\u017e po Finsko a Rusko, \u0159ad\u00ed do vzorce cirkumpol\u00e1rn\u00ed n\u00e1bo\u017eenskonarativn\u00ed topografie. Skute\u010dnost, \u017ee jejich z\u00e1kladn\u00ed struktura z\u016fst\u00e1v\u00e1 stabiln\u00ed na tis\u00edce kilometr\u016f, je pova\u017eov\u00e1na za jeden z nejn\u00e1padn\u011bj\u0161\u00edch poznatk\u016f oboru a je st\u00e1le znovu diskutov\u00e1na.<\/p>\t\t\t\t\t\t\t\t<\/div>\n\t\t\t\t<\/div>\n\t\t\t\t\t<\/div>\n\t\t\t\t<\/div>\n\t\t<div class=\"elementor-element elementor-element-iwgw-stallo-s1 e-flex e-con-boxed e-con e-parent\" data-id=\"iwgw-stallo-s1\" data-element_type=\"container\" data-e-type=\"container\">\n\t\t\t\t\t<div class=\"e-con-inner\">\n\t\t\t\t<div class=\"elementor-element elementor-element-iwgw-stallo-s1h elementor-widget elementor-widget-heading\" data-id=\"iwgw-stallo-s1h\" data-element_type=\"widget\" data-e-type=\"widget\" data-widget_type=\"heading.default\">\n\t\t\t\t\t<h2 class=\"elementor-heading-title elementor-size-default\">Jm\u00e9no a etymologie<\/h2>\t\t\t\t<\/div>\n\t\t<div class=\"elementor-element elementor-element-iwgw-stallo-s1c e-con-full e-flex e-con e-child\" data-id=\"iwgw-stallo-s1c\" data-element_type=\"container\" data-e-type=\"container\">\n\t\t\t\t<div class=\"elementor-element elementor-element-iwgw-stallo-s1t elementor-widget elementor-widget-text-editor\" data-id=\"iwgw-stallo-s1t\" data-element_type=\"widget\" data-e-type=\"widget\" data-widget_type=\"text-editor.default\">\n\t\t\t\t\t\t\t\t\t<p>Jm\u00e9no Stallo nen\u00ed etymologicky definitivn\u011b vyjasn\u011bno. Jedna hypot\u00e9za je spojuje se staroseversk\u00fdm <em>stallari<\/em>, co\u017e p\u016fvodn\u011b znamenalo st\u00e1jmistr nebo mar\u0161\u00e1l a v staroseversk\u00e9 sagov\u00e9 literatu\u0159e ozna\u010dovalo \u010destnou funkci.<\/p><p>Jin\u00e1 hypot\u00e9za odkazuje na vlastn\u00ed s\u00e1msk\u00fd ko\u0159en s v\u00fdznamem obr nebo velk\u00fd. Tato ot\u00e1zka je metodicky d\u016fle\u017eit\u00e1, proto\u017ee etymologick\u00e1 spojitost se staroseversk\u00fdm pojmem by sv\u011bd\u010dila o kulturn\u011b-historick\u00e9 vrstv\u011b kontakt\u016f.<\/p><p>Dialektov\u00e9 varianty jsou Staaloe v ji\u017en\u00ed s\u00e1m\u0161tin\u011b, Staaloh v umesk\u00e9 s\u00e1m\u0161tin\u011b, St\u00e1llu v lulesk\u00e9 s\u00e1m\u0161tin\u011b. Rozmanitost forem odpov\u00edd\u00e1 obecn\u00e9 dialektov\u00e9 diferenciaci s\u00e1m\u0161tiny a potvrzuje \u0161irokou roz\u0161\u00ed\u0159enost t\u00e9to postavy.<\/p><p>Dopl\u0148kov\u011b lze religionsociologicky zkoumat, jakou funkci m\u011bla vypr\u00e1v\u011bn\u00ed o Stallovi v soci\u00e1ln\u00edm uspo\u0159\u00e1d\u00e1n\u00ed tradi\u010dn\u00ed s\u00e1msk\u00e9 komunity, nap\u0159\u00edklad jako nau\u010dn\u00e9 p\u0159\u00edb\u011bhy o lsti, nebezpe\u010d\u00ed a soudr\u017enosti.<\/p><p>N\u00e1bo\u017eensk\u00e1 p\u0159edstava a spole\u010densk\u00e1 praxe zde tak\u00e9 nebyly od sebe odd\u011blen\u00e9, n\u00fdbr\u017e \u00fazce spojen\u00e9. Toto propleten\u00ed tvo\u0159\u00ed samostatn\u00e9 religionsantropologick\u00e9 badatelsk\u00e9 pole, kter\u00e9 systematicky zkoumali zejm\u00e9na H\u00e5kan Rydving a Konsta Kaikkonen.<\/p><p>Dal\u0161\u00ed rovina se t\u00fdk\u00e1 dne\u0161n\u00edho v\u00fdznamu Stalla pro s\u00e1mskou identit\u00e1rn\u00ed politiku. V r\u00e1mci s\u00e1msk\u00e9 samospr\u00e1vy a mezin\u00e1rodn\u011bpr\u00e1vn\u00edho uzn\u00e1n\u00ed pr\u00e1v p\u016fvodn\u00edch obyvatel z\u00edsk\u00e1vaj\u00ed i narativn\u00ed postavy tradice novou viditelnost. Vztah mezi religionistikou a politick\u00fdm sebeprosazen\u00edm zde tvo\u0159\u00ed samostatnou oblast pr\u00e1ce, kter\u00e1 je v posledn\u00edch letech intenzivn\u011bji zpracov\u00e1v\u00e1na.<\/p>\t\t\t\t\t\t\t\t<\/div>\n\t\t\t\t<\/div>\n\t\t\t\t\t<\/div>\n\t\t\t\t<\/div>\n\t\t<div class=\"elementor-element elementor-element-iwgw-stallo-s2 e-flex e-con-boxed e-con e-parent\" data-id=\"iwgw-stallo-s2\" data-element_type=\"container\" data-e-type=\"container\">\n\t\t\t\t\t<div class=\"e-con-inner\">\n\t\t\t\t<div class=\"elementor-element elementor-element-iwgw-stallo-s2h elementor-widget elementor-widget-heading\" data-id=\"iwgw-stallo-s2h\" data-element_type=\"widget\" data-e-type=\"widget\" data-widget_type=\"heading.default\">\n\t\t\t\t\t<h2 class=\"elementor-heading-title elementor-size-default\">Popis a charakter<\/h2>\t\t\t\t<\/div>\n\t\t<div class=\"elementor-element elementor-element-iwgw-stallo-s2c e-con-full e-flex e-con e-child\" data-id=\"iwgw-stallo-s2c\" data-element_type=\"container\" data-e-type=\"container\">\n\t\t\t\t<div class=\"elementor-element elementor-element-iwgw-stallo-s2t elementor-widget elementor-widget-text-editor\" data-id=\"iwgw-stallo-s2t\" data-element_type=\"widget\" data-e-type=\"widget\" data-widget_type=\"text-editor.default\">\n\t\t\t\t\t\t\t\t\t<p>Stallo je ve vypr\u00e1v\u011bn\u00edch v\u011bt\u0161inou popisov\u00e1n jako velk\u00fd, siln\u00fd, ale hloup\u00fd a krut\u00fd obr. \u010casto je vybaven \u017eeleznou v\u00fdbavou, co\u017e jej odli\u0161uje od S\u00e1m\u016f, kte\u0159\u00ed tradi\u010dn\u011b pou\u017e\u00edvali d\u0159evo, kost a rohovinu. Tato asymetrie materi\u00e1l\u016f je v\u011bdecky v\u00fdmluvn\u00e1.<\/p><p>Charakterov\u011b je Stallo nenasytn\u00fd, n\u00e1silnick\u00fd, ale snadno se d\u00e1 obelst\u00edt. Ve vypr\u00e1v\u011bn\u00edch jej S\u00e1mov\u00e9 v\u011bt\u0161inou p\u0159emohou lst\u00ed, nap\u0159\u00edklad t\u00edm, \u017ee ho vl\u00e1kaj\u00ed do pasti, opij\u00ed nebo ho obelst\u00ed pomoc\u00ed alegorie. Tato konstelace trickstera a lsti je pro tuto naraci typick\u00e1.<\/p><p>Ikonograficky nebyl Stallo v tradi\u010dn\u00ed kultu\u0159e zobrazov\u00e1n. V sou\u010dasn\u00e9m s\u00e1msk\u00e9m um\u011bn\u00ed a literatu\u0159e se objevuje \u010dast\u011bji, \u010dasto jako kriticko-humoristick\u00e1 postava, n\u011bkdy jako alegorie koloni\u00e1ln\u00ed hrozby. Toto modern\u00ed p\u0159isvojen\u00ed je religionisticko-fenomenologicky vlastn\u00edm jevem.<\/p>\t\t\t\t\t\t\t\t<\/div>\n\t\t\t\t<\/div>\n\t\t\t\t\t<\/div>\n\t\t\t\t<\/div>\n\t\t<div class=\"elementor-element elementor-element-iwgw-stallo-s3 e-flex e-con-boxed e-con e-parent\" data-id=\"iwgw-stallo-s3\" data-element_type=\"container\" data-e-type=\"container\">\n\t\t\t\t\t<div class=\"e-con-inner\">\n\t\t\t\t<div class=\"elementor-element elementor-element-iwgw-stallo-s3h elementor-widget elementor-widget-heading\" data-id=\"iwgw-stallo-s3h\" data-element_type=\"widget\" data-e-type=\"widget\" data-widget_type=\"heading.default\">\n\t\t\t\t\t<h2 class=\"elementor-heading-title elementor-size-default\">Vypr\u00e1v\u011bn\u00ed o Stallovi a jejich struktura<\/h2>\t\t\t\t<\/div>\n\t\t<div class=\"elementor-element elementor-element-iwgw-stallo-s3c e-con-full e-flex e-con e-child\" data-id=\"iwgw-stallo-s3c\" data-element_type=\"container\" data-e-type=\"container\">\n\t\t\t\t<div class=\"elementor-element elementor-element-iwgw-stallo-s3t elementor-widget elementor-widget-text-editor\" data-id=\"iwgw-stallo-s3t\" data-element_type=\"widget\" data-e-type=\"widget\" data-widget_type=\"text-editor.default\">\n\t\t\t\t\t\t\t\t\t<p>Typick\u00e9 vypr\u00e1v\u011bn\u00ed o Stallovi se \u0159\u00edd\u00ed pevn\u00fdm narativn\u00edm vzorem: Sam naraz\u00ed na Stalla, dostane se do nebezpe\u010d\u00ed, najde lstiv\u00e9 \u0159e\u0161en\u00ed, Stalla poraz\u00ed a vr\u00e1t\u00ed se s ko\u0159ist\u00ed. Tato struktura se podob\u00e1 trickster-vypr\u00e1v\u011bn\u00edm mnoha kultur.<\/p><p>Konkr\u00e9tn\u00ed vypr\u00e1v\u011bn\u00ed se v detailech li\u0161\u00ed. V jednom zn\u00e1m\u00e9m vypr\u00e1v\u011bn\u00ed samsk\u00fd lovec vyl\u00e1k\u00e1 Stalla nab\u00eddkou spole\u010dn\u00e9ho j\u00eddla do skaln\u00ed trhliny a tam ho zabije.<\/p><p>V jin\u00e9m vypr\u00e1v\u011bn\u00ed dva brat\u0159i vyl\u00e1kaj\u00ed Stalla do chatr\u010de, kde mu vraz\u00ed do krku roz\u017ehavenou \u017eeleznou ty\u010d. Tato n\u00e1siln\u00e1 \u0159e\u0161en\u00ed jsou pro tento typ vypr\u00e1v\u011bn\u00ed typick\u00e1.<\/p><p>V\u011bdecky je stallovsk\u00e1 vypr\u00e1v\u011bc\u00ed literatura mnohokr\u00e1t zdokumentov\u00e1na ve velk\u00fdch sb\u00edrk\u00e1ch samsk\u00e9ho vypr\u00e1v\u011bn\u00ed, nap\u0159\u00edklad u Justa Knuda Qvigstada a Konrada Nielsena. Tyto sb\u00edrky tvo\u0159\u00ed samostatn\u00e9 badatelsk\u00e9 pole a maj\u00ed religionisticko-etnologickou hodnotu.<\/p>\t\t\t\t\t\t\t\t<\/div>\n\t\t\t\t<\/div>\n\t\t\t\t\t<\/div>\n\t\t\t\t<\/div>\n\t\t<div class=\"elementor-element elementor-element-iwgw-stallo-s4 e-flex e-con-boxed e-con e-parent\" data-id=\"iwgw-stallo-s4\" data-element_type=\"container\" data-e-type=\"container\">\n\t\t\t\t\t<div class=\"e-con-inner\">\n\t\t\t\t<div class=\"elementor-element elementor-element-iwgw-stallo-s4h elementor-widget elementor-widget-heading\" data-id=\"iwgw-stallo-s4h\" data-element_type=\"widget\" data-e-type=\"widget\" data-widget_type=\"heading.default\">\n\t\t\t\t\t<h2 class=\"elementor-heading-title elementor-size-default\">Historick\u00e9 v\u00fdklady<\/h2>\t\t\t\t<\/div>\n\t\t<div class=\"elementor-element elementor-element-iwgw-stallo-s4c e-con-full e-flex e-con e-child\" data-id=\"iwgw-stallo-s4c\" data-element_type=\"container\" data-e-type=\"container\">\n\t\t\t\t<div class=\"elementor-element elementor-element-iwgw-stallo-s4t elementor-widget elementor-widget-text-editor\" data-id=\"iwgw-stallo-s4t\" data-element_type=\"widget\" data-e-type=\"widget\" data-widget_type=\"text-editor.default\">\n\t\t\t\t\t\t\t\t\t<p>Jedna v\u00fdznamn\u00e1 hypot\u00e9za star\u0161\u00ed badatelsk\u00e9 tradice vykl\u00e1dala Stalla jako zkreslenou vzpom\u00ednku na nesamsk\u00e9 vet\u0159elce, nap\u0159\u00edklad na vikingsk\u00e9 loupe\u017en\u00e9 v\u00fdpravy nebo rusk\u00e9 koloniz\u00e1tory. Tato hypot\u00e9za m\u00e1 tu v\u00fdhodu, \u017ee vysv\u011btluje asymetrii materi\u00e1l\u016f (Stallo se \u017eelezem, Samov\u00e9 s d\u0159evem).<\/p><p>V\u011bdecky je tato hypot\u00e9za plausibiln\u00ed, ale ne zcela p\u0159esv\u011bd\u010div\u00e1. Vypr\u00e1v\u011bn\u00ed o Stallovi existuj\u00ed i v oblastech, kde nen\u00ed dolo\u017een p\u0159\u00edm\u00fd kontakt s ciz\u00edmi vet\u0159elci. \u010cist\u011b historicko-racionalizuj\u00edc\u00ed v\u00fdklad tedy nesta\u010d\u00ed.<\/p><p>Alternativn\u00ed v\u00fdklad vid\u00ed ve Stallovi kosmologickou postavu antagonisty, kter\u00e1 v ka\u017ed\u00e9 kultu\u0159e slou\u017e\u00ed jako nutn\u00fd protip\u00f3l kulturn\u00edho j\u00e1. Tento strukturalistick\u00fd v\u00fdklad je religionsfenomenologicky produktivn\u00ed a odpov\u00edd\u00e1 \u0161ir\u0161\u00ed t\u0159\u00edd\u011b ob\u0159\u00edch antagonist\u016f v mnoha mytologi\u00edch.<\/p>\t\t\t\t\t\t\t\t<\/div>\n\t\t\t\t<\/div>\n\t\t\t\t\t<\/div>\n\t\t\t\t<\/div>\n\t\t<div class=\"elementor-element elementor-element-iwgw-stallo-s5 e-flex e-con-boxed e-con e-parent\" data-id=\"iwgw-stallo-s5\" data-element_type=\"container\" data-e-type=\"container\">\n\t\t\t\t\t<div class=\"e-con-inner\">\n\t\t\t\t<div class=\"elementor-element elementor-element-iwgw-stallo-s5h elementor-widget elementor-widget-heading\" data-id=\"iwgw-stallo-s5h\" data-element_type=\"widget\" data-e-type=\"widget\" data-widget_type=\"heading.default\">\n\t\t\t\t\t<h2 class=\"elementor-heading-title elementor-size-default\">Stallo a \u0161amansk\u00fd inicia\u010dn\u00ed ritu\u00e1l<\/h2>\t\t\t\t<\/div>\n\t\t<div class=\"elementor-element elementor-element-iwgw-stallo-s5c e-con-full e-flex e-con e-child\" data-id=\"iwgw-stallo-s5c\" data-element_type=\"container\" data-e-type=\"container\">\n\t\t\t\t<div class=\"elementor-element elementor-element-iwgw-stallo-s5t elementor-widget elementor-widget-text-editor\" data-id=\"iwgw-stallo-s5t\" data-element_type=\"widget\" data-e-type=\"widget\" data-widget_type=\"text-editor.default\">\n\t\t\t\t\t\t\t\t\t<p>Konsta Kaikkonen a n\u011bkolik dal\u0161\u00edch badatel\u016f navrhli \u010d\u00edst Stalla jako inicia\u010dn\u00ed postavu samsk\u00e9ho <span class=\"iwg-fachbegriff\" data-tooltip=\"N\u00e1bo\u017eensk\u00fd syst\u00e9m, v n\u011bm\u017e specialist\u00e9 komunikuj\u00ed se sv\u011btem duch\u016f.\" tabindex=\"0\">\u0161amanismu<\/span>. Mlad\u00ed uchaze\u010di o <em>noaidi<\/em> museli v symbolick\u00e9 konfrontaci se stallovi podobn\u00fdmi postavami prok\u00e1zat svou zp\u016fsobilost. Tato hypot\u00e9za je sporn\u00e1, ale m\u00e1 heuristickou hodnotu.<\/p><p>Pokud tento v\u00fdklad plat\u00ed, Stallo by nebyl jen narativn\u00ed, ale ritu\u00e1ln\u00ed postavou. Religionsfenomenologick\u00fd v\u00fdznam by byl zna\u010dn\u00fd, proto\u017ee by posunul hranici mezi <span class=\"iwg-fachbegriff\" data-tooltip=\"Tradovan\u00e1 lidov\u00e1 kultura se zvyky, vypr\u00e1v\u011bn\u00edmi a p\u00edsn\u011bmi.\" tabindex=\"0\">folklorem<\/span> a n\u00e1bo\u017eenstv\u00edm v samsk\u00e9 tradici.<\/p><p>Metodicky je tuto hypot\u00e9zu obt\u00ed\u017en\u00e9 ov\u011b\u0159it, proto\u017ee p\u0159\u00edm\u00e1 ritu\u00e1ln\u00ed praxe byla misijn\u00ed \u010dinnost\u00ed z velk\u00e9 \u010d\u00e1sti p\u0159eru\u0161ena. Nep\u0159\u00edm\u00e9 n\u00e1znaky ve vypr\u00e1v\u011bn\u00edch mohou hypot\u00e9zu podpo\u0159it, ale nemohou ji definitivn\u011b dok\u00e1zat. Tato metodick\u00e1 opatrnost je v\u011bdecky nezbytn\u00e1.<\/p>\t\t\t\t\t\t\t\t<\/div>\n\t\t\t\t<\/div>\n\t\t\t\t\t<\/div>\n\t\t\t\t<\/div>\n\t\t<div class=\"elementor-element elementor-element-iwgw-stallo-s6 e-flex e-con-boxed e-con e-parent\" data-id=\"iwgw-stallo-s6\" data-element_type=\"container\" data-e-type=\"container\">\n\t\t\t\t\t<div class=\"e-con-inner\">\n\t\t\t\t<div class=\"elementor-element elementor-element-iwgw-stallo-s6h elementor-widget elementor-widget-heading\" data-id=\"iwgw-stallo-s6h\" data-element_type=\"widget\" data-e-type=\"widget\" data-widget_type=\"heading.default\">\n\t\t\t\t\t<h2 class=\"elementor-heading-title elementor-size-default\">Stallo ve srovn\u00e1n\u00ed ob\u0159\u00edch antagonist\u016f<\/h2>\t\t\t\t<\/div>\n\t\t<div class=\"elementor-element elementor-element-iwgw-stallo-s6c e-con-full e-flex e-con e-child\" data-id=\"iwgw-stallo-s6c\" data-element_type=\"container\" data-e-type=\"container\">\n\t\t\t\t<div class=\"elementor-element elementor-element-iwgw-stallo-s6t elementor-widget elementor-widget-text-editor\" data-id=\"iwgw-stallo-s6t\" data-element_type=\"widget\" data-e-type=\"widget\" data-widget_type=\"text-editor.default\">\n\t\t\t\t\t\t\t\t\t<p>Stallo pat\u0159\u00ed k \u0161irok\u00e9 t\u0159\u00edd\u011b ob\u0159\u00edch antagonist\u016f v severoevropsk\u00fdch mytologi\u00edch. Strukturn\u011b srovnateln\u00ed jsou starosever\u0161t\u00ed j\u00f6tunov\u00e9, fin\u0161t\u00ed <em>j\u00e4tit<\/em>, ru\u0161t\u00ed ob\u0159i <em>volot<\/em> a <a href=\"https:\/\/iwell-guard.com\/cs\/inuite-arktida-sedna-tornit-praxe\/\">inuitsk\u00e1<\/a> vypr\u00e1v\u011bn\u00ed o obrech, v nich\u017e jsou pora\u017eeny mytologick\u00e9 p\u0159edch\u016fdcovsk\u00e9 bytosti.<\/p><p>Ve srovn\u00e1n\u00ed se staroseversk\u00fdmi j\u00f6tuny je Stallo v\u00fdrazn\u011b jednodu\u0161\u0161\u00ed postava. Nem\u00e1 vlastn\u00ed mytologickou genealogii jako j\u00f6tunsk\u00fd sv\u011bt \u00datgardr, \u017e\u00e1dn\u00e9 vlastn\u00ed bohy, \u017e\u00e1dnou vlastn\u00ed <span class=\"iwg-fachbegriff\" data-tooltip=\"V\u011bdeck\u00e1 nauka o Bohu a v\u00ed\u0159e ur\u010dit\u00e9ho n\u00e1bo\u017eenstv\u00ed.\" tabindex=\"0\">teologii<\/span>. Stallo je sp\u00ed\u0161e stereotypn\u00ed figurou ne\u017e pln\u011b rozvinut\u00fdm mytologick\u00fdm protip\u00f3lem.<\/p><p>Tato vypr\u00e1v\u011bc\u00ed jednoduchost je v\u011bdecky zaj\u00edmav\u00e1. Ukazuje, \u017ee samsk\u00e1 tradice vyu\u017e\u00edv\u00e1 ob\u0159\u00ed antagonisty jako narativn\u00ed n\u00e1stroje, ani\u017e by je rozv\u00edjela do mytologick\u00e9ho sv\u011bta. Religionsfenomenologicky je tato funk\u010dnost samostatn\u00fdm jevem.<\/p>\t\t\t\t\t\t\t\t<\/div>\n\t\t\t\t<\/div>\n\t\t\t\t\t<\/div>\n\t\t\t\t<\/div>\n\t\t<div class=\"elementor-element elementor-element-iwgw-stallo-s7 e-flex e-con-boxed e-con e-parent\" data-id=\"iwgw-stallo-s7\" data-element_type=\"container\" data-e-type=\"container\">\n\t\t\t\t\t<div class=\"e-con-inner\">\n\t\t\t\t<div class=\"elementor-element elementor-element-iwgw-stallo-s7h elementor-widget elementor-widget-heading\" data-id=\"iwgw-stallo-s7h\" data-element_type=\"widget\" data-e-type=\"widget\" data-widget_type=\"heading.default\">\n\t\t\t\t\t<h2 class=\"elementor-heading-title elementor-size-default\">Stallo v sou\u010dasn\u00e9m p\u0159evzet\u00ed<\/h2>\t\t\t\t<\/div>\n\t\t<div class=\"elementor-element elementor-element-iwgw-stallo-s7c e-con-full e-flex e-con e-child\" data-id=\"iwgw-stallo-s7c\" data-element_type=\"container\" data-e-type=\"container\">\n\t\t\t\t<div class=\"elementor-element elementor-element-iwgw-stallo-s7t elementor-widget elementor-widget-text-editor\" data-id=\"iwgw-stallo-s7t\" data-element_type=\"widget\" data-e-type=\"widget\" data-widget_type=\"text-editor.default\">\n\t\t\t\t\t\t\t\t\t<p>V sou\u010dasn\u00e9 samsk\u00e9 kultu\u0159e je Stallo produktivn\u00ed postavou. Spisovatel\u00e9 jako Nils-Aslak Valkeap\u00e4\u00e4, um\u011blci jako Britta Marakatt-Labba a filma\u0159i jako Nils Gaup Stalla znovu zpracovali, \u010dasto jako alegorii koloni\u00e1ln\u00ed hrozby nebo jako <span class=\"iwg-fachbegriff\" data-tooltip=\"Znak, kter\u00fd zastupuje ur\u010ditou p\u0159edstavu nebo v\u00fdznam.\" tabindex=\"0\">symbol<\/span> sebeprosazen\u00ed proti vn\u011bj\u0161\u00edm mocnostem.<\/p><p>Film <em>Pathfinder<\/em> (Ofela\u0161, 1987) Nilse Gaupa v\u00fdrazn\u011b nast\u00ednil postavy podobn\u00e9 Stallovi a u\u010dinil tak tuto figuru p\u0159\u00edstupnou mezin\u00e1rodn\u00ed ve\u0159ejnosti. Tato recepce je religionsfenomenologicky samostatn\u00fdm jevem.<\/p><p>V pedagogick\u00e9 praxi samsk\u00fdch \u0161kol je Stallo vyu\u017e\u00edv\u00e1n jako identifika\u010dn\u00ed postava. Didaktick\u00e1 funkce spo\u010d\u00edv\u00e1 v p\u0159\u00edkladu chytr\u00e9ho Sama, kter\u00fd lst\u00ed poraz\u00ed hrubou n\u00e1sil\u00ed. Toto pedagogick\u00e9 p\u0159evzet\u00ed je samostatnou oblast\u00ed n\u00e1bo\u017eensk\u00e9 didaktiky.<\/p>\t\t\t\t\t\t\t\t<\/div>\n\t\t\t\t<\/div>\n\t\t\t\t\t<\/div>\n\t\t\t\t<\/div>\n\t\t<div class=\"elementor-element elementor-element-iwgw-stallo-s8 e-flex e-con-boxed e-con e-parent\" data-id=\"iwgw-stallo-s8\" data-element_type=\"container\" data-e-type=\"container\">\n\t\t\t\t\t<div class=\"e-con-inner\">\n\t\t\t\t<div class=\"elementor-element elementor-element-iwgw-stallo-s8h elementor-widget elementor-widget-heading\" data-id=\"iwgw-stallo-s8h\" data-element_type=\"widget\" data-e-type=\"widget\" data-widget_type=\"heading.default\">\n\t\t\t\t\t<h2 class=\"elementor-heading-title elementor-size-default\">V\u00fdzkum a sou\u010dasn\u00fd stav<\/h2>\t\t\t\t<\/div>\n\t\t<div class=\"elementor-element elementor-element-iwgw-stallo-s8c e-con-full e-flex e-con e-child\" data-id=\"iwgw-stallo-s8c\" data-element_type=\"container\" data-e-type=\"container\">\n\t\t\t\t<div class=\"elementor-element elementor-element-iwgw-stallo-s8t elementor-widget elementor-widget-text-editor\" data-id=\"iwgw-stallo-s8t\" data-element_type=\"widget\" data-e-type=\"widget\" data-widget_type=\"text-editor.default\">\n\t\t\t\t\t\t\t\t\t<p>Badatelsk\u00fd z\u00e1jem o Stalla je \u0161irok\u00fd. Just Knud Qvigstad p\u0159edlo\u017eil ve sv\u00e9m d\u00edle <em>Lappische M\u00e4rchen- und Sagenvarianten<\/em> (1925-1929) z\u00e1kladn\u00ed sb\u00edrku. Juha Pentik\u00e4inen, H\u00e5kan Rydving a Konsta Kaikkonen provedli n\u00e1bo\u017eenskoantropologick\u00e9 zpracov\u00e1n\u00ed.<\/p><p>Ve srovn\u00e1vac\u00ed religionistick\u00e9 fenomenologii je Stallo pojedn\u00e1v\u00e1n jako p\u0159\u00edkladn\u00fd p\u0159\u00edpad severoevropsk\u00fdch ob\u0159\u00edch antagonist\u016f. Toto za\u0159azen\u00ed umo\u017e\u0148uje struktur\u00e1ln\u00ed srovn\u00e1n\u00ed, kter\u00e1 jsou v\u011bdecky produktivn\u00ed.<\/p><p>Konkr\u00e9tn\u00ed mezery v badatelstv\u00ed se t\u00fdkaj\u00ed p\u0159esn\u00e9ho rozli\u0161en\u00ed mezi <span class=\"iwg-fachbegriff\" data-tooltip=\"Pat\u0159\u00edc\u00ed k pevn\u011b stanoven\u00e9mu n\u00e1bo\u017eensk\u00e9mu postupu jedn\u00e1n\u00ed.\" tabindex=\"0\">ritu\u00e1ln\u00ed<\/span>-n\u00e1bo\u017eenskou a narativn\u011b-folkloristickou funkc\u00ed Stalla. Toto rozli\u0161en\u00ed je metodicky obt\u00ed\u017en\u00e9, ale d\u016fle\u017eit\u00e9 pro p\u0159esn\u00e9 v\u011bdeck\u00e9 za\u0159azen\u00ed postavy.<\/p>\t\t\t\t\t\t\t\t<\/div>\n\t\t\t\t<\/div>\n\t\t\t\t\t<\/div>\n\t\t\t\t<\/div>\n\t\t<div class=\"elementor-element elementor-element-iwgw-stallo-s9 e-flex e-con-boxed e-con e-parent\" data-id=\"iwgw-stallo-s9\" data-element_type=\"container\" data-e-type=\"container\">\n\t\t\t\t\t<div class=\"e-con-inner\">\n\t\t\t\t<div class=\"elementor-element elementor-element-iwgw-stallo-s9h elementor-widget elementor-widget-heading\" data-id=\"iwgw-stallo-s9h\" data-element_type=\"widget\" data-e-type=\"widget\" data-widget_type=\"heading.default\">\n\t\t\t\t\t<h2 class=\"elementor-heading-title elementor-size-default\">K\u0159\u00ed\u017eov\u00e9 odkazy v lexikonu<\/h2>\t\t\t\t<\/div>\n\t\t<div class=\"elementor-element elementor-element-iwgw-stallo-s9c e-con-full e-flex e-con e-child\" data-id=\"iwgw-stallo-s9c\" data-element_type=\"container\" data-e-type=\"container\">\n\t\t\t\t<div class=\"elementor-element elementor-element-iwgw-stallo-s9t elementor-widget elementor-widget-text-editor\" data-id=\"iwgw-stallo-s9t\" data-element_type=\"widget\" data-e-type=\"widget\" data-widget_type=\"text-editor.default\">\n\t\t\t\t\t\t\t\t\t<p>Stallo se spojuje s <a href=\"https:\/\/iwell-guard.com\/cs\/?page_id=145536\">Beaivi<\/a>, <a href=\"https:\/\/iwell-guard.com\/cs\/?page_id=145537\">M\u00e1nnu<\/a>, <a href=\"https:\/\/iwell-guard.com\/cs\/?page_id=145538\">R\u00e1hka<\/a>, <a href=\"https:\/\/iwell-guard.com\/cs\/?page_id=145540\">Sara-Akkou<\/a>, <a href=\"https:\/\/iwell-guard.com\/cs\/?page_id=145541\">Uksakkou<\/a>, <a href=\"https:\/\/iwell-guard.com\/cs\/?page_id=145542\">Juksakkou<\/a>, <a href=\"https:\/\/iwell-guard.com\/cs\/?page_id=145543\">Madderakkou<\/a>, <a href=\"https:\/\/iwell-guard.com\/cs\/?page_id=145544\">Jabmiidaibmu<\/a> a <a href=\"https:\/\/iwell-guard.com\/cs\/?page_id=145545\">Saivo<\/a>. Kulturn\u00ed centrum <a href=\"https:\/\/iwell-guard.com\/cs\/sami-finsko-ugricka-tradice-noaidi-buben\/\">samsk\u00e9 tradice<\/a> r\u00e1muje vypr\u00e1v\u011bc\u00ed tradici. Strukturn\u011b podobn\u00ed ob\u0159\u00ed antagonist\u00e9 se nach\u00e1zej\u00ed v mnoha severoevropsk\u00fdch mytologi\u00edch, nap\u0159\u00edklad u staroseversk\u00fdch j\u00f6tun\u016f.<\/p>\t\t\t\t\t\t\t\t<\/div>\n\t\t\t\t<\/div>\n\t\t\t\t\t<\/div>\n\t\t\t\t<\/div>\n\t\t<div class=\"elementor-element elementor-element-cp27f479d8 e-flex e-con-boxed e-con e-parent\" data-id=\"cp27f479d8\" data-element_type=\"container\" data-e-type=\"container\">\n\t\t\t\t\t<div class=\"e-con-inner\">\n\t\t\t\t<div class=\"elementor-element elementor-element-cp22e03f85 elementor-widget elementor-widget-heading\" data-id=\"cp22e03f85\" data-element_type=\"widget\" data-e-type=\"widget\" data-widget_type=\"heading.default\">\n\t\t\t\t\t<h2 class=\"elementor-heading-title elementor-size-default\">Stallo v samsk\u00e9m vypr\u00e1v\u011bc\u00edm d\u011bdictv\u00ed<\/h2>\t\t\t\t<\/div>\n\t\t<div class=\"elementor-element elementor-element-cp2d7af954 e-flex e-con-boxed e-con e-child\" data-id=\"cp2d7af954\" data-element_type=\"container\" data-e-type=\"container\">\n\t\t\t\t\t<div class=\"e-con-inner\">\n\t\t\t\t<div class=\"elementor-element elementor-element-cp2d72ad29 elementor-widget elementor-widget-text-editor\" data-id=\"cp2d72ad29\" data-element_type=\"widget\" data-e-type=\"widget\" data-widget_type=\"text-editor.default\">\n\t\t\t\t\t\t\t\t\t<p>Stallo, v severos\u00e1msk\u00e9 podob\u011b <em>St\u00e1llu<\/em>, nen\u00ed <span class=\"iwg-fachbegriff\" data-tooltip=\"Bytost uct\u00edvan\u00e1 jako bo\u017esk\u00e1 v r\u00e1mci ur\u010dit\u00e9ho n\u00e1bo\u017eenstv\u00ed.\" tabindex=\"0\">bo\u017estvo<\/span>, n\u00fdbr\u017e postava s\u00e1msk\u00e9 vypr\u00e1v\u011bc\u00ed tradice, \u00fastn\u011b p\u0159ed\u00e1van\u00fdch poh\u00e1dek a pov\u011bst\u00ed.<\/p><p>V t\u011bchto vypr\u00e1v\u011bn\u00edch vystupuje jako velk\u00fd, hloup\u00fd a nenasytn\u00fd netvor, kter\u00fd \u017eije v divo\u010din\u011b, ohro\u017euje lidi a \u010d\u00edh\u00e1 zejm\u00e9na na d\u011bti a osamocen\u00e9 poutn\u00edky. P\u0159es svou nebezpe\u010dnost je nech\u00e1pav\u00fd, tak\u017ee lid\u0161t\u00ed hrdinov\u00e9 ho pravideln\u011b p\u0159emohou lst\u00ed.<\/p><p>Typick\u00fd je vypr\u00e1v\u011bc\u00ed vzor, v n\u011bm\u017e d\u00edt\u011b nebo chytr\u00e1 \u017eena Stalla oklame: p\u0159im\u011bj\u00ed ho, aby se s\u00e1m zranil, spadl do j\u00e1my nebo napadl vlastn\u00ed p\u0159\u00edbuzn\u00e9.<\/p><p>V n\u011bkter\u00fdch p\u0159\u00edb\u011bz\u00edch m\u00e1 Stallo psa, s n\u00edm\u017e se tak\u00e9 mus\u00ed bojovat, a st\u0159\u00edbrn\u00e9 bohatstv\u00ed, kter\u00e9 si v\u00edt\u011bzn\u00fd hrdina na konci odnese. Stallo b\u00fdv\u00e1 spojov\u00e1n se \u017eelezn\u00fdm n\u00e1strojem, nap\u0159\u00edklad \u017eeleznou ty\u010d\u00ed, kterou svou <span class=\"iwg-fachbegriff\" data-tooltip=\"Dar bo\u017estvu vyjad\u0159uj\u00edc\u00ed d\u00edk, prosbu nebo \u00factu.\" tabindex=\"0\">ob\u011b\u0165<\/span> vyl\u00e1k\u00e1 nebo hled\u00e1.<\/p><p>Finsk\u00fd a norsk\u00fd folkloristick\u00fd v\u00fdzkum, nap\u0159\u00edklad v okruhu sb\u00edrek Justa Knuda Qvigstada, kter\u00fd na po\u010d\u00e1tku 20. stolet\u00ed zaznamenal a vydal rozs\u00e1hl\u00e9 s\u00e1msk\u00e9 vypr\u00e1v\u011bn\u00ed, zdokumentoval velk\u00e9 mno\u017estv\u00ed p\u0159\u00edb\u011bh\u016f o Stallovi.<\/p><p>Tyto sb\u00edrky jsou nejd\u016fle\u017eit\u011bj\u0161\u00edm pramenem, proto\u017ee s\u00e1msk\u00e1 kultura dlouho neznala vlastn\u00ed p\u00edsemnou tradici a vypr\u00e1v\u011bc\u00ed materi\u00e1l byl zaznamen\u00e1n p\u00edsemn\u011b a\u017e pozd\u011b. Stallo pat\u0159\u00ed v t\u00e9to <span class=\"iwg-fachbegriff\" data-tooltip=\"P\u0159ed\u00e1v\u00e1n\u00ed znalost\u00ed a vypr\u00e1v\u011bn\u00ed mezi generacemi.\" tabindex=\"0\">tradici<\/span> k nej\u010dast\u011bji dolo\u017een\u00fdm postav\u00e1m a ve vypr\u00e1v\u011bn\u00edch slou\u017eil tak\u00e9 jako v\u00fdchovn\u00e1 figura, j\u00ed\u017e byly d\u011bti varov\u00e1ny p\u0159ed nebezpe\u010d\u00edmi divo\u010diny.<\/p>\t\t\t\t\t\t\t\t<\/div>\n\t\t\t\t\t<\/div>\n\t\t\t\t<\/div>\n\t\t\t\t\t<\/div>\n\t\t\t\t<\/div>\n\t\t<div class=\"elementor-element elementor-element-cp2cec7cfd e-flex e-con-boxed e-con e-parent\" data-id=\"cp2cec7cfd\" data-element_type=\"container\" data-e-type=\"container\">\n\t\t\t\t\t<div class=\"e-con-inner\">\n\t\t\t\t<div class=\"elementor-element elementor-element-cp239c0ae7 elementor-widget elementor-widget-heading\" data-id=\"cp239c0ae7\" data-element_type=\"widget\" data-e-type=\"widget\" data-widget_type=\"heading.default\">\n\t\t\t\t\t<h2 class=\"elementor-heading-title elementor-size-default\">Stallo j\u00e1my a archeologick\u00e1 debata<\/h2>\t\t\t\t<\/div>\n\t\t<div class=\"elementor-element elementor-element-cp2fca4ed6 e-flex e-con-boxed e-con e-child\" data-id=\"cp2fca4ed6\" data-element_type=\"container\" data-e-type=\"container\">\n\t\t\t\t\t<div class=\"e-con-inner\">\n\t\t\t\t<div class=\"elementor-element elementor-element-cp235194de elementor-widget elementor-widget-text-editor\" data-id=\"cp235194de\" data-element_type=\"widget\" data-e-type=\"widget\" data-widget_type=\"text-editor.default\">\n\t\t\t\t\t\t\t\t\t<p>V severo\u0161v\u00e9dsk\u00e9 a norsk\u00e9 horsk\u00e9 krajin\u011b zn\u00e1 <span class=\"iwg-fachbegriff\" data-tooltip=\"V\u011bda, kter\u00e1 zkoum\u00e1 minul\u00e9 kultury na z\u00e1klad\u011b hmotn\u00fdch n\u00e1lez\u016f.\" tabindex=\"0\">archeologie<\/span> ur\u010dit\u00fd typ p\u016fdorys\u016f obydl\u00ed, kter\u00fd se v odborn\u00e9 literatu\u0159e ozna\u010duje jako Stallo j\u00e1my nebo Stallo m\u00edsta.<\/p><p>Jde o kruhov\u00e9 nebo ov\u00e1ln\u00ed, m\u00edrn\u011b do zem\u011b zahlouben\u00e9 struktury, kter\u00e9 le\u017e\u00ed obvykle v \u0159ad\u00e1ch pod\u00e9l vyv\u00fd\u0161en\u00fdch poloh a datuj\u00ed se do <span class=\"iwg-fachbegriff\" data-tooltip=\"Prehistorick\u00e1 epocha po dob\u011b bronzov\u00e9, charakterizovan\u00e1 zpracov\u00e1n\u00edm \u017eeleza.\" tabindex=\"0\">doby \u017eelezn\u00e9<\/span> a ran\u00e9ho st\u0159edov\u011bku, p\u0159ibli\u017en\u011b do prvn\u00edho tis\u00edcilet\u00ed na\u0161eho letopo\u010dtu.<\/p><p>Ozna\u010den\u00ed poch\u00e1z\u00ed od s\u00e1msk\u00fdch inform\u00e1tor\u016f, kte\u0159\u00ed tyto stopy v zemi v nov\u011bj\u0161\u00ed dob\u011b spojili se sagovou postavou Stalla, ani\u017e by musela existovat historick\u00e1 souvislost. V <span class=\"iwg-fachbegriff\" data-tooltip=\"V\u011bda, kter\u00e1 zkoum\u00e1 minul\u00e9 kultury na z\u00e1klad\u011b hmotn\u00fdch n\u00e1lez\u016f.\" tabindex=\"0\">archeologii<\/span> je ji\u017e des\u00edtky let sporn\u00e9, kdo tato m\u00edsta skute\u010dn\u011b vybudoval a u\u017e\u00edval.<\/p><p>Star\u0161\u00ed n\u00e1zor v nich vid\u011bl stopy norsk\u00fdch v\u00fdb\u011br\u010d\u00edch dan\u00ed nebo ciz\u00edch lovc\u016f. Inge Zachrisson a dal\u0161\u00ed proti tomu argumentovali, \u017ee se jedn\u00e1 o s\u00eddeln\u00ed stopy samotn\u00e9ho s\u00e1msk\u00e9ho obyvatelstva, mo\u017en\u00e1 spojen\u00e9 s ran\u00fdm, intenzivn\u011bj\u0161\u00edm zp\u016fsobem chovu sob\u016f.<\/p><p>Debata se dot\u00fdk\u00e1 z\u00e1sadn\u00ed ot\u00e1zky severoskandin\u00e1vsk\u00fdch d\u011bjin, toti\u017e od kdy a v jak\u00e9 form\u011b S\u00e1mov\u00e9 vyu\u017e\u00edvali vysokohorsk\u00e9 oblasti a jak se prom\u011b\u0148oval jejich hospod\u00e1\u0159sk\u00fd zp\u016fsob \u017eivota. Stallo j\u00e1my jsou v tomto ohledu kl\u00ed\u010dov\u00fdm, proto\u017ee dob\u0159e datovateln\u00fdm n\u00e1lezem.<\/p><p>V\u011bdecky je zaj\u00edmav\u00e9 p\u0159edev\u0161\u00edm to, jak dodate\u010dn\u00e9 pojmenov\u00e1n\u00ed ukazuje, jak pozd\u011bj\u0161\u00ed obyvatelstvo nepochopen\u00e9 stopy minulosti spojilo s vypr\u00e1v\u011bc\u00ed postavou a takto je vylo\u017eilo. Jm\u00e9no Stallo se tak prom\u011bnilo z bytosti pov\u011bst\u00ed v archeologick\u00fd odborn\u00fd term\u00edn, ani\u017e by <span class=\"iwg-fachbegriff\" data-tooltip=\"P\u0159ed\u00e1van\u00e9 vypr\u00e1v\u011bn\u00ed s \u010dasto historick\u00fdm j\u00e1drem a nadp\u0159irozen\u00fdmi prvky.\" tabindex=\"0\">pov\u011bst<\/span> sama vypov\u00eddala o skute\u010dn\u00fdch stavitel\u00edch.<\/p>\t\t\t\t\t\t\t\t<\/div>\n\t\t\t\t\t<\/div>\n\t\t\t\t<\/div>\n\t\t\t\t\t<\/div>\n\t\t\t\t<\/div>\n\t\t<div class=\"elementor-element elementor-element-cp2c949df5 e-flex e-con-boxed e-con e-parent\" data-id=\"cp2c949df5\" data-element_type=\"container\" data-e-type=\"container\">\n\t\t\t\t\t<div class=\"e-con-inner\">\n\t\t\t\t<div class=\"elementor-element elementor-element-cp266503be elementor-widget elementor-widget-heading\" data-id=\"cp266503be\" data-element_type=\"widget\" data-e-type=\"widget\" data-widget_type=\"heading.default\">\n\t\t\t\t\t<h2 class=\"elementor-heading-title elementor-size-default\">V\u00fdklady postavy Stalla ve v\u00fdzkumu<\/h2>\t\t\t\t<\/div>\n\t\t<div class=\"elementor-element elementor-element-cp2900f5e8 e-flex e-con-boxed e-con e-child\" data-id=\"cp2900f5e8\" data-element_type=\"container\" data-e-type=\"container\">\n\t\t\t\t\t<div class=\"e-con-inner\">\n\t\t\t\t<div class=\"elementor-element elementor-element-cp2fff0e3e elementor-widget elementor-widget-text-editor\" data-id=\"cp2fff0e3e\" data-element_type=\"widget\" data-e-type=\"widget\" data-widget_type=\"text-editor.default\">\n\t\t\t\t\t\t\t\t\t<p>Ot\u00e1zka, co Stallo p\u016fvodn\u011b p\u0159edstavoval, zam\u011bstn\u00e1v\u00e1 <span class=\"iwg-fachbegriff\" data-tooltip=\"V\u011bda, kter\u00e1 zkoum\u00e1 lidovou kulturu, oby\u010deje a p\u0159ed\u00e1van\u00e9 p\u0159edstavy.\" tabindex=\"0\">folkloristiku<\/span> a <span class=\"iwg-fachbegriff\" data-tooltip=\"V\u011bda, kter\u00e1 zkoum\u00e1 n\u00e1bo\u017eenstv\u00ed srovn\u00e1vac\u00edm zp\u016fsobem bez vyznava\u010dsk\u00e9 v\u00e1zanosti.\" tabindex=\"0\">religionistiku<\/span> od 19. stolet\u00ed. Vedle sebe stoj\u00ed n\u011bkolik v\u00fdklad\u016f, ani\u017e by se n\u011bkter\u00fd z nich definitivn\u011b prosadil.<\/p><p>Roz\u0161\u00ed\u0159en\u00fd v\u00fdklad vid\u00ed ve Stallovi vypr\u00e1v\u011bc\u00ed zpracov\u00e1n\u00ed historick\u00fdch zku\u0161enost\u00ed s ohro\u017een\u00edm. S\u00e1mov\u00e9 byli po stalet\u00ed vystaveni ciz\u00edmu v\u00fdb\u011bru dan\u00ed, \u00fatok\u016fm a konkuruj\u00edc\u00edm skupin\u00e1m obyvatelstva. Nebezpe\u010dn\u00fd, ale hloup\u00fd Stallo, jeho\u017e lze p\u0159emoci lst\u00ed, by podle tohoto v\u00fdkladu byl obrazem p\u0159esiln\u00e9ho, ale lst\u00ed p\u0159emo\u017eiteln\u00e9ho cizince.<\/p><p>Pro tento n\u00e1zor sv\u011bd\u010d\u00ed, \u017ee je Stallo v mnoha vypr\u00e1v\u011bn\u00edch spojov\u00e1n se \u017eelezem, st\u0159\u00edbrem a bohatstv\u00edm, tedy se zbo\u017e\u00edm, je\u017e bylo spojov\u00e1no s ciz\u00edmi obchodn\u00edky a mocnostmi. Jazykov\u011b je jm\u00e9no ob\u010das spojov\u00e1no se staroseversk\u00fdm slovem pro ocel, co\u017e by tento sm\u011br podpo\u0159ilo, ale nen\u00ed to prok\u00e1z\u00e1no.<\/p><p>Jin\u00fd v\u00fdklad zd\u016fraz\u0148uje funkci Stalla v r\u00e1mci samotn\u00e9ho vypr\u00e1v\u011bc\u00edho spole\u010denstv\u00ed. Jako d\u011bsiv\u00e1 postava slou\u017eil v\u00fdchov\u011b a p\u0159ed\u00e1v\u00e1n\u00ed pravidel chov\u00e1n\u00ed, nap\u0159\u00edklad varov\u00e1n\u00ed, aby se \u010dlov\u011bk s\u00e1m p\u0159\u00edli\u0161 nevzdaloval od s\u00eddla. Jin\u00ed badatel\u00e9 spojovali Stalla se star\u0161\u00edmi p\u0159edstavami o duch\u00e1ch divo\u010diny nebo se zesnul\u00fdmi.<\/p><p>Nov\u011bj\u0161\u00ed v\u00fdzkum, nap\u0159\u00edklad pr\u00e1ce v okruhu s\u00e1msk\u00e9 folkloristiky, se p\u0159ikl\u00e1n\u00ed k p\u0159edpokladu v\u00edce t\u011bchto vrstev a neodvozuje Stalla z jedin\u00e9ho ko\u0159ene. Z\u016fst\u00e1v\u00e1 tak v\u00edcevrstevnatou postavou, jej\u00ed\u017e obl\u00edbenost ve vypr\u00e1v\u011bc\u00ed tradici m\u016f\u017ee spo\u010d\u00edvat pr\u00e1v\u011b v tom, \u017ee spojuje ohro\u017een\u00ed a jeho zvl\u00e1dnut\u00ed v jedn\u00e9 figu\u0159e.<\/p>\t\t\t\t\t\t\t\t<\/div>\n\t\t\t\t\t<\/div>\n\t\t\t\t<\/div>\n\t\t\t\t\t<\/div>\n\t\t\t\t<\/div>\n\t\t<div class=\"elementor-element elementor-element-iwgw-stallo-lit e-flex e-con-boxed e-con e-parent\" data-id=\"iwgw-stallo-lit\" data-element_type=\"container\" data-e-type=\"container\">\n\t\t\t\t\t<div class=\"e-con-inner\">\n\t\t\t\t<div class=\"elementor-element elementor-element-iwgw-stallo-lith elementor-widget elementor-widget-heading\" data-id=\"iwgw-stallo-lith\" data-element_type=\"widget\" data-e-type=\"widget\" data-widget_type=\"heading.default\">\n\t\t\t\t\t<h2 class=\"elementor-heading-title elementor-size-default\">Literatura (v\u00fdb\u011br)<\/h2>\t\t\t\t<\/div>\n\t\t<div class=\"elementor-element elementor-element-iwgw-stallo-litc e-con-full e-flex e-con e-child\" data-id=\"iwgw-stallo-litc\" data-element_type=\"container\" data-e-type=\"container\">\n\t\t\t\t<div class=\"elementor-element elementor-element-iwgw-stallo-litt elementor-widget elementor-widget-text-editor\" data-id=\"iwgw-stallo-litt\" data-element_type=\"widget\" data-e-type=\"widget\" data-widget_type=\"text-editor.default\">\n\t\t\t\t\t\t\t\t\t<ul><li>Just Knud Qvigstad: <em>Lappische M\u00e4rchen- und Sagenvarianten<\/em> (Oslo 1925-1929)<\/li><li>H\u00e5kan Rydving: <em>The End of Drum-Time<\/em> (Uppsala 1993)<\/li><li>Juha Pentik\u00e4inen: <em>Saamelaiset. Pohjoisen kansan mytologia<\/em> (Helsinki 1995)<\/li><li>Konsta Kaikkonen: <em>Sami Pre-Christian Religion<\/em> (Helsinki 2020)<\/li><li><span data-nosnippet>Nils Gaup: <em>Ofela\u0161 (Pathfinder)<\/em> (film, 1987)<\/span><\/li><li>Anna Lia Berthelsen: <em>The Sami People<\/em> (Fairbanks 2002)<\/li><\/ul>\t\t\t\t\t\t\t\t<\/div>\n\t\t\t\t<\/div>\n\t\t\t\t\t<\/div>\n\t\t\t\t<\/div>\n\t\t<div class=\"elementor-element elementor-element-iwgkw2-add-stallo e-flex e-con-boxed e-con e-parent\" data-id=\"iwgkw2-add-stallo\" data-element_type=\"container\" data-e-type=\"container\">\n\t\t\t\t\t<div class=\"e-con-inner\">\n\t\t\t\t<div class=\"elementor-element elementor-element-iwgkw2-add-stallo-t elementor-widget elementor-widget-text-editor\" data-id=\"iwgkw2-add-stallo-t\" data-element_type=\"widget\" data-e-type=\"widget\" data-widget_type=\"text-editor.default\">\n\t\t\t\t\t\t\t\t\t<p>Stallo se v s\u00e1msk\u00fdch vypr\u00e1v\u011bn\u00edch objevuje jako <em>lido\u017erav\u00fd<\/em> obr a trickster-antagonista, kter\u00fd podrobuje hrdiny zkou\u0161k\u00e1m a v ponau\u010dn\u00fdch vypr\u00e1v\u011bn\u00edch vyzna\u010duje hranici mezi divo\u010dinou a obydl\u00edm.<\/p>\t\t\t\t\t\t\t\t<\/div>\n\t\t\t\t\t<\/div>\n\t\t\t\t<\/div>\n\t\t<div class=\"elementor-element elementor-element-iwgw-stallo-kwd e-flex e-con-boxed e-con e-parent\" data-id=\"iwgw-stallo-kwd\" data-element_type=\"container\" data-e-type=\"container\">\n\t\t\t\t\t<div class=\"e-con-inner\">\n\t\t<div class=\"elementor-element elementor-element-iwgw-stallo-kwdc e-con-full e-flex e-con e-child\" data-id=\"iwgw-stallo-kwdc\" data-element_type=\"container\" data-e-type=\"container\">\n\t\t\t\t<div class=\"elementor-element elementor-element-iwgw-stallo-kwdt elementor-widget elementor-widget-text-editor\" data-id=\"iwgw-stallo-kwdt\" data-element_type=\"widget\" data-e-type=\"widget\" data-widget_type=\"text-editor.default\">\n\t\t\t\t\t\t\t\t\t<p><em>Souvisej\u00edc\u00ed kl\u00ed\u010dov\u00e9 pojmy: Stallo Staaloe St\u00e1llu S\u00e1mov\u00e9 obr antagonista trickster-vypr\u00e1v\u011bn\u00ed Qvigstad.<\/em><\/p>\t\t\t\t\t\t\t\t<\/div>\n\t\t\t\t<\/div>\n\t\t\t\t\t<\/div>\n\t\t\t\t<\/div>\n\t\t<div class=\"elementor-element elementor-element-iwgw-stallo-cc e-flex e-con-boxed e-con e-parent\" data-id=\"iwgw-stallo-cc\" data-element_type=\"container\" data-e-type=\"container\" id=\"iwg-cc-stallo\">\n\t\t\t\t\t<div class=\"e-con-inner\">\n\t\t<div class=\"elementor-element elementor-element-iwgw-stallo-ccinner e-flex e-con-boxed e-con e-parent\" data-id=\"iwgw-stallo-ccinner\" data-element_type=\"container\" data-e-type=\"container\" data-settings=\"{&quot;background_background&quot;:&quot;classic&quot;}\">\n\t\t\t\t\t<div class=\"e-con-inner\">\n\t\t\t\t<div class=\"elementor-element elementor-element-iwgw-stallo-cch elementor-widget elementor-widget-heading\" data-id=\"iwgw-stallo-cch\" data-element_type=\"widget\" data-e-type=\"widget\" data-widget_type=\"heading.default\">\n\t\t\t\t\t<h2 class=\"elementor-heading-title elementor-size-default\">iWell Guard a ochrann\u00e9 tradice<\/h2>\t\t\t\t<\/div>\n\t\t\t\t<div class=\"elementor-element elementor-element-iwgw-stallo-cct elementor-widget elementor-widget-text-editor\" data-id=\"iwgw-stallo-cct\" data-element_type=\"widget\" data-e-type=\"widget\" data-widget_type=\"text-editor.default\">\n\t\t\t\t\t\t\t\t\t<div data-nosnippet=\"true\"><p>iWell Guard navazuje na kulturn\u011b-historickou tradici p\u0159enosn\u00fdch ochrann\u00fdch p\u0159edm\u011bt\u016f, v tradici <a href=\"https:\/\/iwell-guard.com\/cs\/sami-finsko-ugricka-tradice-noaidi-buben\/\">S\u00e1m\u016f<\/a> a mnoha dal\u0161\u00edch kultur po cel\u00e9m sv\u011bt\u011b. 41 vrstev, ryz\u00ed zlato, platina, st\u0159\u00edbro, vyrobeno v N\u011bmecku. 30denn\u00ed pr\u00e1vo na vr\u00e1cen\u00ed.<\/p><\/div>\t\t\t\t\t\t\t\t<\/div>\n\t\t\t\t<div class=\"elementor-element elementor-element-iwgw-stallo-ccb iwg-cc-button iwg-cc-cta-2026-05-13 elementor-widget elementor-widget-jet-button\" data-id=\"iwgw-stallo-ccb\" data-element_type=\"widget\" data-e-type=\"widget\" data-widget_type=\"jet-button.default\">\n\t\t\t\t<div class=\"elementor-widget-container\">\n\t\t\t\t\t<div class=\"elementor-jet-button jet-elements\"><div class=\"jet-button__container\"><a class=\"jet-button__instance jet-button__instance--icon-left hover-effect-1\" href=\"\/ueber-iwell-guard\/?utm_source=iwell-guard.com&amp;utm_medium=info-box&amp;utm_campaign=wesen-tradition\"><div class=\"jet-button__plane jet-button__plane-normal\"><\/div><div class=\"jet-button__plane jet-button__plane-hover\"><\/div><div class=\"jet-button__state jet-button__state-normal\"><span class=\"jet-button__label\">V\u00edce o iWell Guard<\/span><\/div><div class=\"jet-button__state jet-button__state-hover\"><span class=\"jet-button__label\">V\u00edce o iWell Guard<\/span><\/div><\/a><\/div><\/div><style>.elementor-element.elementor-element-iwgw-stallo-ccb .jet-button__instance{width:320px;height:56px;}.elementor-element.elementor-element-iwgw-stallo-ccb .jet-button__state-normal .jet-button__label{text-align:center;margin:0px 0px 0px 0px;color:#1a1b20;font-family:Montserrat,sans-serif;font-size:13px;font-weight:400;letter-spacing:4px;line-height:1.714em;text-transform:uppercase;}.elementor-element.elementor-element-iwgw-stallo-ccb .jet-button__state-hover .jet-button__label{text-align:center;margin:0px 0px 0px 0px;color:#FECC76;font-family:Montserrat,sans-serif;font-size:13px;font-weight:400;letter-spacing:4px;line-height:1.714em;text-transform:uppercase;}.elementor-element.elementor-element-iwgw-stallo-ccb .jet-button__plane-normal{background-color:#FECC76;border-style:solid;border-color:#C99540;border-width:2px 2px 2px 2px;}.elementor-element.elementor-element-iwgw-stallo-ccb .jet-button__plane-hover{background-color:rgba(0,0,0,0.55);border-style:solid;border-color:#FECC76;border-width:2px 2px 2px 2px;}<\/style>\t\t\t\t<\/div>\n\t\t\t\t<\/div>\n\t\t\t\t<div class=\"elementor-element elementor-element-iwgw-stallo-ccd elementor-widget elementor-widget-text-editor\" data-id=\"iwgw-stallo-ccd\" data-element_type=\"widget\" data-e-type=\"widget\" data-widget_type=\"text-editor.default\">\n\t\t\t\t\t\t\t\t\t<div data-nosnippet=\"true\"><p style=\"text-align:center;font-size:13px;opacity:0.7;margin-top:14px\" data-nosnippet=\"true\">Osobn\u00ed zku\u0161enosti se mohou li\u0161it. Nejedn\u00e1 se o zdravotnick\u00fd prost\u0159edek. Nen\u00ed slibem l\u00e9\u010div\u00e9ho \u00fa\u010dinku.<\/p><\/div>\t\t\t\t\t\t\t\t<\/div>\n\t\t\t\t\t<\/div>\n\t\t\t\t<\/div>\n\t\t\t\t\t<\/div>\n\t\t\t\t<\/div>\n\t\t<div class=\"elementor-element elementor-element-iwgw-stallo-disc e-flex e-con-boxed e-con e-parent\" data-id=\"iwgw-stallo-disc\" data-element_type=\"container\" data-e-type=\"container\">\n\t\t\t\t\t<div class=\"e-con-inner\">\n\t\t\t\t<div class=\"elementor-element elementor-element-iwgw-stallo-discw elementor-widget elementor-widget-html\" data-id=\"iwgw-stallo-discw\" data-element_type=\"widget\" data-e-type=\"widget\" data-widget_type=\"html.default\">\n\t\t\t\t\t<footer data-nosnippet=\"true\" class=\"iwg-disclaimer-block\"><p data-nosnippet=\"true\">iWell Guard <strong>nen\u00ed zdravotnick\u00fd prost\u0159edek<\/strong> a nenahrazuje l\u00e9ka\u0159skou ani psychoterapeutickou l\u00e9\u010dbu. Religionistick\u00fd obsah p\u0159edstavuje kulturn\u011b-historick\u00e9 za\u0159azen\u00ed, nikoli doporu\u010den\u00ed duchovn\u00ed praxe.<\/p><\/footer>\t\t\t\t<\/div>\n\t\t\t\t\t<\/div>\n\t\t\t\t<\/div>\n\t\t\t\t<\/div>\n\t\t","protected":false},"excerpt":{"rendered":"","protected":false},"author":3,"featured_media":2896,"parent":0,"menu_order":0,"comment_status":"closed","ping_status":"closed","template":"elementor_header_footer","meta":{"_yoast_wpseo_focuskw":"Stallo s\u00e1msk\u00fd obr","_yoast_wpseo_title":"Stallo - Obr-antagonista s\u00e1msk\u00fdch vypr\u00e1v\u011bn\u00ed","_yoast_wpseo_metadesc":"Stallo je lido\u017eroutsk\u00fd obr s\u00e1msk\u00e9 tradice. Religionistick\u00e9 za\u0159azen\u00ed p\u0159\u00edb\u011bh\u016f o tomto antagonistovi.","_yoast_wpseo_meta-robots-noindex":"","_yoast_wpseo_canonical":"","_angie_page":false,"gefaehrdungsstufe":"4","wesen_kultur":"sami","wesen_klasse":"geister","footnotes":""},"categories":[],"class_list":["post-145539","page","type-page","status-publish","has-post-thumbnail","hentry"],"yoast_head":"<!-- This site is optimized with the Yoast SEO Premium plugin v27.7 (Yoast SEO v28.3) - https:\/\/yoast.com\/product\/yoast-seo-premium-wordpress\/ -->\n<title>Stallo - Obr-antagonista s\u00e1msk\u00fdch vypr\u00e1v\u011bn\u00ed<\/title>\n<meta name=\"description\" content=\"Stallo je lido\u017eroutsk\u00fd obr s\u00e1msk\u00e9 tradice. Religionistick\u00e9 za\u0159azen\u00ed p\u0159\u00edb\u011bh\u016f o tomto antagonistovi.\" \/>\n<meta name=\"robots\" content=\"index, follow, max-snippet:-1, max-image-preview:large, max-video-preview:-1\" \/>\n<link rel=\"canonical\" href=\"https:\/\/iwell-guard.com\/cs\/stallo-obr-samske-tradice\/\" \/>\n<meta property=\"og:locale\" content=\"cs_CZ\" \/>\n<meta property=\"og:type\" content=\"article\" \/>\n<meta property=\"og:title\" content=\"Stallo - Lido\u017eroutsk\u00fd obr s\u00e1msk\u00e9 tradice\" \/>\n<meta property=\"og:description\" content=\"Stallo je lido\u017eroutsk\u00fd obr s\u00e1msk\u00e9 tradice. Religionistick\u00e9 za\u0159azen\u00ed p\u0159\u00edb\u011bh\u016f o tomto antagonistovi.\" \/>\n<meta property=\"og:url\" content=\"https:\/\/iwell-guard.com\/cs\/stallo-obr-samske-tradice\/\" \/>\n<meta property=\"og:site_name\" content=\"iWell Guard\" \/>\n<meta property=\"article:modified_time\" content=\"2026-09-03T16:58:47+00:00\" \/>\n<meta property=\"og:image\" content=\"https:\/\/iwell-guard.com\/wp-content\/uploads\/2026\/05\/goetter_sami_stallo.webp\" \/>\n\t<meta property=\"og:image:width\" content=\"1024\" \/>\n\t<meta property=\"og:image:height\" content=\"1536\" \/>\n\t<meta property=\"og:image:type\" content=\"image\/webp\" \/>\n<meta name=\"twitter:card\" content=\"summary_large_image\" \/>\n<script type=\"application\/ld+json\" class=\"yoast-schema-graph\">{\"@context\":\"https:\\\/\\\/schema.org\",\"@graph\":[{\"@type\":\"WebPage\",\"@id\":\"https:\\\/\\\/iwell-guard.com\\\/cs\\\/stallo-obr-samske-tradice\\\/\",\"url\":\"https:\\\/\\\/iwell-guard.com\\\/cs\\\/stallo-obr-samske-tradice\\\/\",\"name\":\"Stallo - Obr-antagonista s\u00e1msk\u00fdch vypr\u00e1v\u011bn\u00ed\",\"isPartOf\":{\"@id\":\"https:\\\/\\\/iwell-guard.com\\\/cs\\\/#website\"},\"primaryImageOfPage\":{\"@id\":\"https:\\\/\\\/iwell-guard.com\\\/cs\\\/stallo-obr-samske-tradice\\\/#primaryimage\"},\"image\":{\"@id\":\"https:\\\/\\\/iwell-guard.com\\\/cs\\\/stallo-obr-samske-tradice\\\/#primaryimage\"},\"thumbnailUrl\":\"https:\\\/\\\/iwell-guard.com\\\/wp-content\\\/uploads\\\/2026\\\/05\\\/goetter_sami_stallo.webp\",\"datePublished\":\"2026-09-03T16:31:21+00:00\",\"dateModified\":\"2026-09-03T16:58:47+00:00\",\"description\":\"Stallo je lido\u017eroutsk\u00fd obr s\u00e1msk\u00e9 tradice. Religionistick\u00e9 za\u0159azen\u00ed p\u0159\u00edb\u011bh\u016f o tomto antagonistovi.\",\"breadcrumb\":{\"@id\":\"https:\\\/\\\/iwell-guard.com\\\/cs\\\/stallo-obr-samske-tradice\\\/#breadcrumb\"},\"inLanguage\":\"cs\",\"potentialAction\":[{\"@type\":\"ReadAction\",\"target\":[\"https:\\\/\\\/iwell-guard.com\\\/cs\\\/stallo-obr-samske-tradice\\\/\"]}]},{\"@type\":\"ImageObject\",\"inLanguage\":\"cs\",\"@id\":\"https:\\\/\\\/iwell-guard.com\\\/cs\\\/stallo-obr-samske-tradice\\\/#primaryimage\",\"url\":\"https:\\\/\\\/iwell-guard.com\\\/wp-content\\\/uploads\\\/2026\\\/05\\\/goetter_sami_stallo.webp\",\"contentUrl\":\"https:\\\/\\\/iwell-guard.com\\\/wp-content\\\/uploads\\\/2026\\\/05\\\/goetter_sami_stallo.webp\",\"width\":1024,\"height\":1536,\"caption\":\"Bohov\u00e9 ze s\u00e1msk\u00e9 tradice.\"},{\"@type\":\"BreadcrumbList\",\"@id\":\"https:\\\/\\\/iwell-guard.com\\\/cs\\\/stallo-obr-samske-tradice\\\/#breadcrumb\",\"itemListElement\":[{\"@type\":\"ListItem\",\"position\":1,\"name\":\"Start\",\"item\":\"https:\\\/\\\/iwell-guard.com\\\/cs\\\/?page_id=145107\"},{\"@type\":\"ListItem\",\"position\":2,\"name\":\"Stallo &#8211; Lido\u017eroutsk\u00fd obr s\u00e1msk\u00e9 tradice\"}]},{\"@type\":\"WebSite\",\"@id\":\"https:\\\/\\\/iwell-guard.com\\\/cs\\\/#website\",\"url\":\"https:\\\/\\\/iwell-guard.com\\\/cs\\\/\",\"name\":\"iWell Guard\",\"description\":\"Schutz vor dunklen Einfl\u00fcssen\",\"publisher\":{\"@id\":\"https:\\\/\\\/iwell-guard.com\\\/cs\\\/#organization\"},\"potentialAction\":[{\"@type\":\"SearchAction\",\"target\":{\"@type\":\"EntryPoint\",\"urlTemplate\":\"https:\\\/\\\/iwell-guard.com\\\/cs\\\/?s={search_term_string}\"},\"query-input\":{\"@type\":\"PropertyValueSpecification\",\"valueRequired\":true,\"valueName\":\"search_term_string\"}}],\"inLanguage\":\"cs\"},{\"@type\":\"Organization\",\"@id\":\"https:\\\/\\\/iwell-guard.com\\\/cs\\\/#organization\",\"name\":\"Ittermann electronic GmbH\",\"url\":\"https:\\\/\\\/iwell-guard.com\\\/cs\\\/\",\"logo\":{\"@type\":\"ImageObject\",\"inLanguage\":\"cs\",\"@id\":\"https:\\\/\\\/iwell-guard.com\\\/cs\\\/#\\\/schema\\\/logo\\\/image\\\/\",\"url\":\"https:\\\/\\\/iwell-guard.com\\\/wp-content\\\/uploads\\\/2026\\\/05\\\/Ittermann-Logo-1182x237-1.png\",\"contentUrl\":\"https:\\\/\\\/iwell-guard.com\\\/wp-content\\\/uploads\\\/2026\\\/05\\\/Ittermann-Logo-1182x237-1.png\",\"width\":1182,\"height\":237,\"caption\":\"Ittermann electronic GmbH\"},\"image\":{\"@id\":\"https:\\\/\\\/iwell-guard.com\\\/cs\\\/#\\\/schema\\\/logo\\\/image\\\/\"},\"sameAs\":[\"https:\\\/\\\/pantip.com\\\/profile\\\/9367242\",\"https:\\\/\\\/micro.blog\\\/iwellguard\",\"https:\\\/\\\/www.diggerslist.com\\\/iwellguard\\\/about\",\"https:\\\/\\\/skitterphoto.com\\\/photographers\\\/2870314\\\/iwell-guard\",\"https:\\\/\\\/iwellguard.wordpress.com\\\/2026\\\/06\\\/06\\\/iwell-guard\\\/\",\"https:\\\/\\\/hub.docker.com\\\/u\\\/iwellguard\",\"https:\\\/\\\/www.pinterest.com\\\/iwellguard\\\/\",\"https:\\\/\\\/bit.ly\\\/m\\\/iwellguard\",\"https:\\\/\\\/entre-vos-mains.alsace.eu\\\/profiles\\\/iwellguard\\\/activity\",\"https:\\\/\\\/gravatar.com\\\/reallybeded8fd34\",\"https:\\\/\\\/naijamatta.com\\\/iwellguard\",\"https:\\\/\\\/www.goodreads.com\\\/iwellguard\",\"https:\\\/\\\/profile.hatena.ne.jp\\\/iwellguard\\\/\",\"https:\\\/\\\/experiment.com\\\/users\\\/iwellguard\",\"https:\\\/\\\/wakelet.com\\\/@iWellGuard82270\",\"https:\\\/\\\/www.chordie.com\\\/forum\\\/profile.php?id=2555664\",\"https:\\\/\\\/www.instapaper.com\\\/p\\\/17757966\",\"https:\\\/\\\/www.mapleprimes.com\\\/users\\\/iwellguard\",\"https:\\\/\\\/businesslistingplus.com\\\/profile\\\/iwell-guard\\\/\",\"https:\\\/\\\/telegra.ph\\\/iWell-Guard-06-06\",\"https:\\\/\\\/pbase.com\\\/iwellguard\\\/iwellguard\",\"https:\\\/\\\/b.hatena.ne.jp\\\/iwellguard\\\/20260607#bookmark-4788405196491818882\",\"https:\\\/\\\/fliphtml5.com\\\/home\\\/iwellguard\",\"https:\\\/\\\/anyflip.com\\\/homepage\\\/cmiwl#About\",\"https:\\\/\\\/transfur.com\\\/Users\\\/iwellguard\",\"http:\\\/\\\/delphi.larsbo.org\\\/user\\\/iwellguard\",\"https:\\\/\\\/jobs.lajobsportal.org\\\/profiles\\\/8380803-iwell-guard\",\"https:\\\/\\\/md.chaosdorf.de\\\/s\\\/jfbe5SBdJD\",\"https:\\\/\\\/www.lingvolive.com\\\/en-us\\\/profile\\\/9ecaeaca-ce11-4e51-9e71-01d55e2bff36\\\/translations\",\"https:\\\/\\\/www.fitday.com\\\/fitness\\\/forums\\\/members\\\/iwellguard.html\",\"https:\\\/\\\/www.mymeetbook.com\\\/iwellguard\",\"https:\\\/\\\/pxhere.com\\\/en\\\/photographer-me\\\/5040798\",\"https:\\\/\\\/disqus.com\\\/by\\\/iwellguard\\\/about\\\/\",\"https:\\\/\\\/pastelink.net\\\/hjwciqwq\",\"https:\\\/\\\/pubhtml5.com\\\/homepage\\\/scjhn\\\/\",\"https:\\\/\\\/www.bitchute.com\\\/channel\\\/2O2eOKzNqujT\",\"https:\\\/\\\/audiomack.com\\\/iwellguard\"]},{\"@type\":\"Article\",\"@id\":\"https:\\\/\\\/iwell-guard.com\\\/cs\\\/stallo-obr-samske-tradice\\\/#article\",\"isPartOf\":{\"@id\":\"https:\\\/\\\/iwell-guard.com\\\/cs\\\/stallo-obr-samske-tradice\\\/\"},\"author\":{\"name\":\"Ralf Ittermann\",\"@id\":\"https:\\\/\\\/iwell-guard.com\\\/cs\\\/#\\\/schema\\\/person\\\/ee2a27f1cac3406c7c6fb5820cb7349f\"},\"headline\":\"Stallo &#8211; Lido\u017eroutsk\u00fd obr s\u00e1msk\u00e9 tradice\",\"datePublished\":\"2026-09-03T16:31:21+00:00\",\"dateModified\":\"2026-09-03T16:58:47+00:00\",\"mainEntityOfPage\":{\"@id\":\"https:\\\/\\\/iwell-guard.com\\\/cs\\\/stallo-obr-samske-tradice\\\/\"},\"publisher\":{\"@id\":\"https:\\\/\\\/iwell-guard.com\\\/cs\\\/#organization\"},\"image\":{\"@id\":\"https:\\\/\\\/iwell-guard.com\\\/cs\\\/stallo-obr-samske-tradice\\\/#primaryimage\"},\"thumbnailUrl\":\"https:\\\/\\\/iwell-guard.com\\\/wp-content\\\/uploads\\\/2026\\\/05\\\/goetter_sami_stallo.webp\",\"inLanguage\":\"cs\",\"description\":\"Stallo je lido\u017eroutsk\u00fd obr s\u00e1msk\u00e9 tradice. Religionistick\u00e9 za\u0159azen\u00ed p\u0159\u00edb\u011bh\u016f o tomto antagonistovi.\"}]}<\/script>\n<!-- \/ Yoast SEO Premium plugin. -->","yoast_head_json":{"title":"Stallo - Obr-antagonista s\u00e1msk\u00fdch vypr\u00e1v\u011bn\u00ed","description":"Stallo je lido\u017eroutsk\u00fd obr s\u00e1msk\u00e9 tradice. Religionistick\u00e9 za\u0159azen\u00ed p\u0159\u00edb\u011bh\u016f o tomto antagonistovi.","robots":{"index":"index","follow":"follow","max-snippet":"max-snippet:-1","max-image-preview":"max-image-preview:large","max-video-preview":"max-video-preview:-1"},"canonical":"https:\/\/iwell-guard.com\/cs\/stallo-obr-samske-tradice\/","og_locale":"cs_CZ","og_type":"article","og_title":"Stallo - Lido\u017eroutsk\u00fd obr s\u00e1msk\u00e9 tradice","og_description":"Stallo je lido\u017eroutsk\u00fd obr s\u00e1msk\u00e9 tradice. Religionistick\u00e9 za\u0159azen\u00ed p\u0159\u00edb\u011bh\u016f o tomto antagonistovi.","og_url":"https:\/\/iwell-guard.com\/cs\/stallo-obr-samske-tradice\/","og_site_name":"iWell Guard","article_modified_time":"2026-09-03T16:58:47+00:00","og_image":[{"width":1024,"height":1536,"url":"https:\/\/iwell-guard.com\/wp-content\/uploads\/2026\/05\/goetter_sami_stallo.webp","type":"image\/webp"}],"twitter_card":"summary_large_image","schema":{"@context":"https:\/\/schema.org","@graph":[{"@type":"Article","@id":"https:\/\/iwell-guard.com\/cs\/stallo-obr-samske-tradice\/#article","isPartOf":{"@id":"https:\/\/iwell-guard.com\/cs\/stallo-obr-samske-tradice\/"},"author":{"name":"Ralf Ittermann","@id":"https:\/\/iwell-guard.com\/cs\/#\/schema\/person\/ee2a27f1cac3406c7c6fb5820cb7349f"},"headline":"Stallo &#8211; Lido\u017eroutsk\u00fd obr s\u00e1msk\u00e9 tradice","datePublished":"2026-09-03T16:31:21+00:00","dateModified":"2026-09-03T16:58:47+00:00","mainEntityOfPage":{"@id":"https:\/\/iwell-guard.com\/cs\/stallo-obr-samske-tradice\/"},"publisher":{"@id":"https:\/\/iwell-guard.com\/cs\/#organization"},"image":{"@id":"https:\/\/iwell-guard.com\/cs\/stallo-obr-samske-tradice\/#primaryimage"},"thumbnailUrl":"https:\/\/iwell-guard.com\/wp-content\/uploads\/2026\/05\/goetter_sami_stallo.webp","inLanguage":"cs","description":"Stallo je lido\u017eroutsk\u00fd obr s\u00e1msk\u00e9 tradice. Religionistick\u00e9 za\u0159azen\u00ed p\u0159\u00edb\u011bh\u016f o tomto antagonistovi."},{"@type":"WebPage","@id":"https:\/\/iwell-guard.com\/cs\/stallo-obr-samske-tradice\/","url":"https:\/\/iwell-guard.com\/cs\/stallo-obr-samske-tradice\/","name":"Stallo - Obr-antagonista s\u00e1msk\u00fdch vypr\u00e1v\u011bn\u00ed","isPartOf":{"@id":"https:\/\/iwell-guard.com\/cs\/#website"},"primaryImageOfPage":{"@id":"https:\/\/iwell-guard.com\/cs\/stallo-obr-samske-tradice\/#primaryimage"},"image":{"@id":"https:\/\/iwell-guard.com\/cs\/stallo-obr-samske-tradice\/#primaryimage"},"thumbnailUrl":"https:\/\/iwell-guard.com\/wp-content\/uploads\/2026\/05\/goetter_sami_stallo.webp","datePublished":"2026-09-03T16:31:21+00:00","dateModified":"2026-09-03T16:58:47+00:00","description":"Stallo je lido\u017eroutsk\u00fd obr s\u00e1msk\u00e9 tradice. Religionistick\u00e9 za\u0159azen\u00ed p\u0159\u00edb\u011bh\u016f o tomto antagonistovi.","breadcrumb":{"@id":"https:\/\/iwell-guard.com\/cs\/stallo-obr-samske-tradice\/#breadcrumb"},"inLanguage":"cs","potentialAction":[{"@type":"ReadAction","target":["https:\/\/iwell-guard.com\/cs\/stallo-obr-samske-tradice\/"]}]},{"@type":"ImageObject","inLanguage":"cs","@id":"https:\/\/iwell-guard.com\/cs\/stallo-obr-samske-tradice\/#primaryimage","url":"https:\/\/iwell-guard.com\/wp-content\/uploads\/2026\/05\/goetter_sami_stallo.webp","contentUrl":"https:\/\/iwell-guard.com\/wp-content\/uploads\/2026\/05\/goetter_sami_stallo.webp","width":1024,"height":1536,"caption":"Bohov\u00e9 ze s\u00e1msk\u00e9 tradice."},{"@type":"BreadcrumbList","@id":"https:\/\/iwell-guard.com\/cs\/stallo-obr-samske-tradice\/#breadcrumb","itemListElement":[{"@type":"ListItem","position":1,"name":"Start","item":"https:\/\/iwell-guard.com\/cs\/?page_id=145107"},{"@type":"ListItem","position":2,"name":"Stallo &#8211; Lido\u017eroutsk\u00fd obr s\u00e1msk\u00e9 tradice"}]},{"@type":"WebSite","@id":"https:\/\/iwell-guard.com\/cs\/#website","url":"https:\/\/iwell-guard.com\/cs\/","name":"iWell Guard","description":"Schutz vor dunklen Einfl\u00fcssen","publisher":{"@id":"https:\/\/iwell-guard.com\/cs\/#organization"},"potentialAction":[{"@type":"SearchAction","target":{"@type":"EntryPoint","urlTemplate":"https:\/\/iwell-guard.com\/cs\/?s={search_term_string}"},"query-input":{"@type":"PropertyValueSpecification","valueRequired":true,"valueName":"search_term_string"}}],"inLanguage":"cs"},{"@type":"Organization","@id":"https:\/\/iwell-guard.com\/cs\/#organization","name":"Ittermann electronic GmbH","url":"https:\/\/iwell-guard.com\/cs\/","logo":{"@type":"ImageObject","inLanguage":"cs","@id":"https:\/\/iwell-guard.com\/cs\/#\/schema\/logo\/image\/","url":"https:\/\/iwell-guard.com\/wp-content\/uploads\/2026\/05\/Ittermann-Logo-1182x237-1.png","contentUrl":"https:\/\/iwell-guard.com\/wp-content\/uploads\/2026\/05\/Ittermann-Logo-1182x237-1.png","width":1182,"height":237,"caption":"Ittermann electronic GmbH"},"image":{"@id":"https:\/\/iwell-guard.com\/cs\/#\/schema\/logo\/image\/"},"sameAs":["https:\/\/pantip.com\/profile\/9367242","https:\/\/micro.blog\/iwellguard","https:\/\/www.diggerslist.com\/iwellguard\/about","https:\/\/skitterphoto.com\/photographers\/2870314\/iwell-guard","https:\/\/iwellguard.wordpress.com\/2026\/06\/06\/iwell-guard\/","https:\/\/hub.docker.com\/u\/iwellguard","https:\/\/www.pinterest.com\/iwellguard\/","https:\/\/bit.ly\/m\/iwellguard","https:\/\/entre-vos-mains.alsace.eu\/profiles\/iwellguard\/activity","https:\/\/gravatar.com\/reallybeded8fd34","https:\/\/naijamatta.com\/iwellguard","https:\/\/www.goodreads.com\/iwellguard","https:\/\/profile.hatena.ne.jp\/iwellguard\/","https:\/\/experiment.com\/users\/iwellguard","https:\/\/wakelet.com\/@iWellGuard82270","https:\/\/www.chordie.com\/forum\/profile.php?id=2555664","https:\/\/www.instapaper.com\/p\/17757966","https:\/\/www.mapleprimes.com\/users\/iwellguard","https:\/\/businesslistingplus.com\/profile\/iwell-guard\/","https:\/\/telegra.ph\/iWell-Guard-06-06","https:\/\/pbase.com\/iwellguard\/iwellguard","https:\/\/b.hatena.ne.jp\/iwellguard\/20260607#bookmark-4788405196491818882","https:\/\/fliphtml5.com\/home\/iwellguard","https:\/\/anyflip.com\/homepage\/cmiwl#About","https:\/\/transfur.com\/Users\/iwellguard","http:\/\/delphi.larsbo.org\/user\/iwellguard","https:\/\/jobs.lajobsportal.org\/profiles\/8380803-iwell-guard","https:\/\/md.chaosdorf.de\/s\/jfbe5SBdJD","https:\/\/www.lingvolive.com\/en-us\/profile\/9ecaeaca-ce11-4e51-9e71-01d55e2bff36\/translations","https:\/\/www.fitday.com\/fitness\/forums\/members\/iwellguard.html","https:\/\/www.mymeetbook.com\/iwellguard","https:\/\/pxhere.com\/en\/photographer-me\/5040798","https:\/\/disqus.com\/by\/iwellguard\/about\/","https:\/\/pastelink.net\/hjwciqwq","https:\/\/pubhtml5.com\/homepage\/scjhn\/","https:\/\/www.bitchute.com\/channel\/2O2eOKzNqujT","https:\/\/audiomack.com\/iwellguard"]},{"@type":"Person","@id":"https:\/\/iwell-guard.com\/cs\/#\/schema\/person\/ee2a27f1cac3406c7c6fb5820cb7349f","name":"Ralf Ittermann","image":{"@type":"ImageObject","inLanguage":"cs","@id":"https:\/\/secure.gravatar.com\/avatar\/073c0153e350a5005b68eb752b445fea71f6b24a26da9449ad7e155e6b446c9d?s=96&d=mm&r=g","url":"https:\/\/secure.gravatar.com\/avatar\/073c0153e350a5005b68eb752b445fea71f6b24a26da9449ad7e155e6b446c9d?s=96&d=mm&r=g","contentUrl":"https:\/\/secure.gravatar.com\/avatar\/073c0153e350a5005b68eb752b445fea71f6b24a26da9449ad7e155e6b446c9d?s=96&d=mm&r=g","caption":"Ralf Ittermann"},"givenName":"Ralf","familyName":"Ittermann","jobTitle":"Gesch\u00e4ftsf\u00fchrer und redaktioneller Verantwortlicher","url":"https:\/\/iwell-guard.com\/cs\/author\/claude\/","description":"Ralf Ittermann ist Gesch\u00e4ftsf\u00fchrer der Ittermann electronic GmbH und redaktioneller Verantwortlicher des iWell-Guard-Lexikons. Er verbindet langj\u00e4hrige Erfahrung in der Pr\u00e4zisionsfertigung mit medialer Praxis und religionsgeschichtlicher Quellenarbeit.","worksFor":{"@type":"Organization","name":"Ittermann electronic GmbH","url":"https:\/\/ittermann.de\/","address":{"@type":"PostalAddress","streetAddress":"K\u00f6hlergasse 16-18","postalCode":"99842","addressLocality":"Ruhla","addressCountry":"DE"}},"knowsAbout":["Religionsgeschichte","Mythologie","Mediale Praxis","Energetische Diagnostik","Schutzpraxis","Volksglauben","Westliche Esoterik"]},{"@type":"Article","@id":"https:\/\/iwell-guard.com\/cs\/stallo-obr-samske-tradice\/#article","isPartOf":{"@id":"https:\/\/iwell-guard.com\/cs\/stallo-obr-samske-tradice\/"},"author":{"name":"Ralf Ittermann","@id":"https:\/\/iwell-guard.com\/cs\/#\/schema\/person\/ee2a27f1cac3406c7c6fb5820cb7349f"},"headline":"Stallo &#8211; Lido\u017eroutsk\u00fd obr s\u00e1msk\u00e9 tradice","datePublished":"2026-09-03T16:31:21+00:00","dateModified":"2026-09-03T16:58:47+00:00","mainEntityOfPage":{"@id":"https:\/\/iwell-guard.com\/cs\/stallo-obr-samske-tradice\/"},"publisher":{"@id":"https:\/\/iwell-guard.com\/cs\/#organization"},"image":{"@id":"https:\/\/iwell-guard.com\/cs\/stallo-obr-samske-tradice\/#primaryimage"},"thumbnailUrl":"https:\/\/iwell-guard.com\/wp-content\/uploads\/2026\/05\/goetter_sami_stallo.webp","inLanguage":"cs","description":"Stallo je lido\u017eroutsk\u00fd obr s\u00e1msk\u00e9 tradice. Religionistick\u00e9 za\u0159azen\u00ed p\u0159\u00edb\u011bh\u016f o tomto antagonistovi."}]}},"_links":{"self":[{"href":"https:\/\/iwell-guard.com\/cs\/wp-json\/wp\/v2\/pages\/145539","targetHints":{"allow":["GET"]}}],"collection":[{"href":"https:\/\/iwell-guard.com\/cs\/wp-json\/wp\/v2\/pages"}],"about":[{"href":"https:\/\/iwell-guard.com\/cs\/wp-json\/wp\/v2\/types\/page"}],"author":[{"embeddable":true,"href":"https:\/\/iwell-guard.com\/cs\/wp-json\/wp\/v2\/users\/3"}],"replies":[{"embeddable":true,"href":"https:\/\/iwell-guard.com\/cs\/wp-json\/wp\/v2\/comments?post=145539"}],"version-history":[{"count":0,"href":"https:\/\/iwell-guard.com\/cs\/wp-json\/wp\/v2\/pages\/145539\/revisions"}],"wp:featuredmedia":[{"embeddable":true,"href":"https:\/\/iwell-guard.com\/cs\/wp-json\/wp\/v2\/media\/2896"}],"wp:attachment":[{"href":"https:\/\/iwell-guard.com\/cs\/wp-json\/wp\/v2\/media?parent=145539"}],"wp:term":[{"taxonomy":"category","embeddable":true,"href":"https:\/\/iwell-guard.com\/cs\/wp-json\/wp\/v2\/categories?post=145539"}],"curies":[{"name":"wp","href":"https:\/\/api.w.org\/{rel}","templated":true}]}}