{"id":145535,"date":"2026-09-03T16:31:19","date_gmt":"2026-09-03T16:31:19","guid":{"rendered":"https:\/\/iwell-guard.com\/?page_id=145535"},"modified":"2026-09-03T16:58:38","modified_gmt":"2026-09-03T16:58:38","slug":"qailertetang-spolecnice-pocasi-strazkyne-zvirat","status":"publish","type":"page","link":"https:\/\/iwell-guard.com\/cs\/qailertetang-spolecnice-pocasi-strazkyne-zvirat\/","title":{"rendered":"Qailertetang &#8211; spole\u010dnice po\u010das\u00ed a str\u00e1\u017ekyn\u011b zv\u00ed\u0159at"},"content":{"rendered":"\t\t<div data-elementor-type=\"wp-page\" data-elementor-id=\"145535\" class=\"elementor elementor-145535 elementor-2663 elementor-bc-flex-widget\" data-elementor-post-type=\"page\">\n\t\t\t\t<div class=\"elementor-element elementor-element-iwgw-qailerteta-hero e-flex e-con-boxed e-con e-parent\" data-id=\"iwgw-qailerteta-hero\" data-element_type=\"container\" data-e-type=\"container\" data-settings=\"{&quot;background_background&quot;:&quot;classic&quot;}\">\n\t\t\t\t\t<div class=\"e-con-inner\">\n\t\t<div class=\"elementor-element elementor-element-iwgw-qailerteta-hl e-flex e-con-boxed e-con e-child\" data-id=\"iwgw-qailerteta-hl\" data-element_type=\"container\" data-e-type=\"container\">\n\t\t\t\t\t<div class=\"e-con-inner\">\n\t\t<div class=\"elementor-element elementor-element-iwgw-qailerteta-htxt e-con-full e-flex e-con e-child\" data-id=\"iwgw-qailerteta-htxt\" data-element_type=\"container\" data-e-type=\"container\">\n\t\t\t\t<div class=\"elementor-element elementor-element-iwgw-qailerteta-h1 elementor-widget elementor-widget-heading\" data-id=\"iwgw-qailerteta-h1\" data-element_type=\"widget\" data-e-type=\"widget\" data-widget_type=\"heading.default\">\n\t\t\t\t\t<h1 class=\"elementor-heading-title elementor-size-default\">Qailertetang - spole\u010dnice po\u010das\u00ed Sedny a str\u00e1\u017ekyn\u011b zv\u00ed\u0159at<\/h1>\t\t\t\t<\/div>\n\t\t\t\t<div class=\"elementor-element elementor-element-iwgw-qailerteta-lead elementor-widget elementor-widget-text-editor\" data-id=\"iwgw-qailerteta-lead\" data-element_type=\"widget\" data-e-type=\"widget\" data-widget_type=\"text-editor.default\">\n\t\t\t\t\t\t\t\t\t<p>Qailertetang je v tradici Inuit\u016f z Baffinova ostrova spole\u010dnic\u00ed pan\u00ed mo\u0159e <a href=\"https:\/\/iwell-guard.com\/cs\/?page_id=145526\">Sedny<\/a>, pova\u017euje se za ducha po\u010das\u00ed a str\u00e1\u017ekyni zv\u00ed\u0159at. Franz Boas ji popsal ve sv\u00fdch z\u00e1pisc\u00edch na konci 19. stolet\u00ed a t\u00edm ji zp\u0159\u00edstupnil religionistick\u00e9mu b\u00e1d\u00e1n\u00ed. Religionisticky je pou\u010dn\u00fdm p\u0159\u00edpadem region\u00e1ln\u011b zakotven\u00e9 pomocn\u00e9 postavy. Jako spole\u010dnice po\u010das\u00ed Sedny a str\u00e1\u017ekyn\u011b zv\u00ed\u0159at ukazuje Qailertetang, jak p\u016fsob\u00ed region\u00e1ln\u011b zakotven\u00e9 pomocn\u00e9 postavy.<\/p>\t\t\t\t\t\t\t\t<\/div>\n\t\t\t\t<\/div>\n\t\t<div class=\"elementor-element elementor-element-iwgw-qailerteta-pillc e-con-full e-flex e-con e-child\" data-id=\"iwgw-qailerteta-pillc\" data-element_type=\"container\" data-e-type=\"container\">\n\t\t\t\t<div class=\"elementor-element elementor-element-iwgw-qailerteta-pills elementor-widget elementor-widget-html\" data-id=\"iwgw-qailerteta-pills\" data-element_type=\"widget\" data-e-type=\"widget\" data-widget_type=\"html.default\">\n\t\t\t\t\t<div class=\"iwg-pill-row\"><span class=\"iwg-klasse-badge\" tabindex=\"0\" data-tooltip=\"Duch po\u010das\u00ed tradice Inuit\u00e9.\">Duch po\u010das\u00ed<\/span><a href=\"https:\/\/iwell-guard.com\/cs\/inuite-arktida-sedna-tornit-praxe\/\" class=\"iwg-kultur-badge\" tabindex=\"0\" data-tooltip=\"Mytologie tradice Inuit\u00e9.\">Inuit\u00e9<\/a><span class=\"iwg-tradition-badge\" tabindex=\"0\" data-tooltip=\"Spole\u010dnice po\u010das\u00ed.\">Spole\u010dnice po\u010das\u00ed<\/span><\/div>\t\t\t\t<\/div>\n\t\t\t\t<\/div>\n\t\t<div class=\"elementor-element elementor-element-iwgw-qailerteta-tocc e-con-full e-flex e-con e-child\" data-id=\"iwgw-qailerteta-tocc\" data-element_type=\"container\" data-e-type=\"container\">\n\t\t\t\t<div class=\"elementor-element elementor-element-iwgw-qailerteta-toc elementor-toc--minimized-on-tablet elementor-widget elementor-widget-table-of-contents\" data-id=\"iwgw-qailerteta-toc\" data-element_type=\"widget\" data-e-type=\"widget\" data-settings=\"{&quot;headings_by_tags&quot;:[&quot;h2&quot;,&quot;h3&quot;],&quot;minimize_box&quot;:&quot;yes&quot;,&quot;marker_view&quot;:&quot;bullets&quot;,&quot;no_headings_message&quot;:&quot;Na t\\u00e9to str\\u00e1nce nebyly nalezeny \\u017e\\u00e1dn\\u00e9 nadpisy.&quot;,&quot;exclude_headings_by_selector&quot;:[],&quot;icon&quot;:{&quot;value&quot;:&quot;fas fa-circle&quot;,&quot;library&quot;:&quot;fa-solid&quot;,&quot;rendered_tag&quot;:&quot;&lt;svg class=\\&quot;e-font-icon-svg e-fas-circle\\&quot; viewBox=\\&quot;0 0 512 512\\&quot; xmlns=\\&quot;http:\\\/\\\/www.w3.org\\\/2000\\\/svg\\&quot;&gt;&lt;path d=\\&quot;M256 8C119 8 8 119 8 256s111 248 248 248 248-111 248-248S393 8 256 8z\\&quot;&gt;&lt;\\\/path&gt;&lt;\\\/svg&gt;&quot;},&quot;minimized_on&quot;:&quot;tablet&quot;,&quot;hierarchical_view&quot;:&quot;yes&quot;,&quot;min_height&quot;:{&quot;unit&quot;:&quot;px&quot;,&quot;size&quot;:&quot;&quot;,&quot;sizes&quot;:[]},&quot;min_height_tablet&quot;:{&quot;unit&quot;:&quot;px&quot;,&quot;size&quot;:&quot;&quot;,&quot;sizes&quot;:[]},&quot;min_height_mobile&quot;:{&quot;unit&quot;:&quot;px&quot;,&quot;size&quot;:&quot;&quot;,&quot;sizes&quot;:[]}}\" data-widget_type=\"table-of-contents.default\">\n\t\t\t\t\t\t\t\t\t<div class=\"elementor-toc__header\">\n\t\t\t\t\t\t<h2 class=\"elementor-toc__header-title\">\n\t\t\t\tObsah\t\t\t<\/h2>\n\t\t\t\t\t\t\t\t\t\t<div class=\"elementor-toc__toggle-button elementor-toc__toggle-button--expand\" role=\"button\" tabindex=\"0\" aria-controls=\"elementor-toc__iwgw-qailerteta-toc\" aria-expanded=\"true\" aria-label=\"Open table of contents\"><svg aria-hidden=\"true\" class=\"e-font-icon-svg e-fas-chevron-down\" viewBox=\"0 0 448 512\" xmlns=\"http:\/\/www.w3.org\/2000\/svg\"><path d=\"M207.029 381.476L12.686 187.132c-9.373-9.373-9.373-24.569 0-33.941l22.667-22.667c9.357-9.357 24.522-9.375 33.901-.04L224 284.505l154.745-154.021c9.379-9.335 24.544-9.317 33.901.04l22.667 22.667c9.373 9.373 9.373 24.569 0 33.941L240.971 381.476c-9.373 9.372-24.569 9.372-33.942 0z\"><\/path><\/svg><\/div>\n\t\t\t\t<div class=\"elementor-toc__toggle-button elementor-toc__toggle-button--collapse\" role=\"button\" tabindex=\"0\" aria-controls=\"elementor-toc__iwgw-qailerteta-toc\" aria-expanded=\"true\" aria-label=\"Close table of contents\"><svg aria-hidden=\"true\" class=\"e-font-icon-svg e-fas-chevron-up\" viewBox=\"0 0 448 512\" xmlns=\"http:\/\/www.w3.org\/2000\/svg\"><path d=\"M240.971 130.524l194.343 194.343c9.373 9.373 9.373 24.569 0 33.941l-22.667 22.667c-9.357 9.357-24.522 9.375-33.901.04L224 227.495 69.255 381.516c-9.379 9.335-24.544 9.317-33.901-.04l-22.667-22.667c-9.373-9.373-9.373-24.569 0-33.941L207.03 130.525c9.372-9.373 24.568-9.373 33.941-.001z\"><\/path><\/svg><\/div>\n\t\t\t\t\t<\/div>\n\t\t\t\t<div id=\"elementor-toc__iwgw-qailerteta-toc\" class=\"elementor-toc__body\">\n\t\t\t<div class=\"elementor-toc__spinner-container\">\n\t\t\t\t<svg class=\"elementor-toc__spinner eicon-animation-spin e-font-icon-svg e-eicon-loading\" aria-hidden=\"true\" viewBox=\"0 0 1000 1000\" xmlns=\"http:\/\/www.w3.org\/2000\/svg\"><path d=\"M500 975V858C696 858 858 696 858 500S696 142 500 142 142 304 142 500H25C25 237 238 25 500 25S975 237 975 500 763 975 500 975Z\"><\/path><\/svg>\t\t\t<\/div>\n\t\t<\/div>\n\t\t\t\t\t\t<\/div>\n\t\t\t\t<\/div>\n\t\t\t\t\t<\/div>\n\t\t\t\t<\/div>\n\t\t<div class=\"elementor-element elementor-element-iwgw-qailerteta-hr e-con-full e-flex e-con e-child\" data-id=\"iwgw-qailerteta-hr\" data-element_type=\"container\" data-e-type=\"container\">\n\t\t\t\t<div class=\"elementor-element elementor-element-iwgw-qailerteta-heroimg iwg-hero-image elementor-widget elementor-widget-image\" data-id=\"iwgw-qailerteta-heroimg\" data-element_type=\"widget\" data-e-type=\"widget\" data-widget_type=\"image.default\">\n\t\t\t\t\t\t\t\t\t\t\t\t\t\t\t<img fetchpriority=\"high\" decoding=\"async\" width=\"683\" height=\"1024\" src=\"https:\/\/iwell-guard.com\/wp-content\/uploads\/2026\/05\/geister_inuit_qailertetang-683x1024.webp\" class=\"attachment-large size-large wp-image-147305\" alt=\"Qailertetang \u2013 duchov\u00e9 z inuitsk\u00e9 tradice, historicko-ilustrativn\u00ed zobrazen\u00ed\" srcset=\"https:\/\/iwell-guard.com\/wp-content\/uploads\/2026\/05\/geister_inuit_qailertetang-683x1024.webp 683w, https:\/\/iwell-guard.com\/wp-content\/uploads\/2026\/05\/geister_inuit_qailertetang-200x300.webp 200w, https:\/\/iwell-guard.com\/wp-content\/uploads\/2026\/05\/geister_inuit_qailertetang-768x1152.webp 768w, https:\/\/iwell-guard.com\/wp-content\/uploads\/2026\/05\/geister_inuit_qailertetang.webp 1024w\" sizes=\"(max-width: 683px) 100vw, 683px\" \/>\t\t\t\t\t\t\t\t\t\t\t\t\t\t\t<\/div>\n\t\t\t\t<\/div>\n\t\t\t\t\t<\/div>\n\t\t\t\t<\/div>\n\t\t<div class=\"elementor-element elementor-element-iwgw-qailerteta-s0 e-flex e-con-boxed e-con e-parent\" data-id=\"iwgw-qailerteta-s0\" data-element_type=\"container\" data-e-type=\"container\">\n\t\t\t\t\t<div class=\"e-con-inner\">\n\t\t\t\t<div class=\"elementor-element elementor-element-iwgw-qailerteta-s0h elementor-widget elementor-widget-heading\" data-id=\"iwgw-qailerteta-s0h\" data-element_type=\"widget\" data-e-type=\"widget\" data-widget_type=\"heading.default\">\n\t\t\t\t\t<h2 class=\"elementor-heading-title elementor-size-default\">Za\u0159azen\u00ed a stru\u010dn\u00fd profil<\/h2>\t\t\t\t<\/div>\n\t\t<div class=\"elementor-element elementor-element-iwgw-qailerteta-s0c e-con-full e-flex e-con e-child\" data-id=\"iwgw-qailerteta-s0c\" data-element_type=\"container\" data-e-type=\"container\">\n\t\t\t\t<div class=\"elementor-element elementor-element-iwgw-qailerteta-s0t elementor-widget elementor-widget-text-editor\" data-id=\"iwgw-qailerteta-s0t\" data-element_type=\"widget\" data-e-type=\"widget\" data-widget_type=\"text-editor.default\">\n\t\t\t\t\t\t\t\t\t<p>Qailertetang je pon\u011bkud m\u00e9n\u011b zn\u00e1m\u00e1, ale v\u00fdznamn\u00e1 postava inuitsk\u00e9ho panteonu. V baffinsk\u00e9 tradici vystupuje jako spole\u010dnice Sedny, p\u0159itom m\u00e1 i sv\u00e9 vlastn\u00ed funkce ducha po\u010das\u00ed a str\u00e1\u017ekyn\u011b zv\u00ed\u0159at. V\u011bdecky je p\u0159\u00edkladem nesystematick\u00e9 rozmanitosti inuitsk\u00fdch n\u00e1bo\u017eensk\u00fdch d\u011bjin, v nich\u017e vedle velk\u00fdch postav existuje mnoho diferencovan\u011bj\u0161\u00edch figur.<\/p><p>Franz Boas jej\u00ed postavu poprv\u00e9 systematicky popsal v d\u00edle <em>The Central Eskimo<\/em> (1888). Pozd\u011bj\u0161\u00ed v\u00fdzkum Rasmussena, Merkura a Laugranda jeho z\u00e1pisky doplnil, ani\u017e by z\u00e1sadn\u011b zm\u011bnil celkov\u00fd obraz. Qailertetang z\u016fst\u00e1v\u00e1 region\u00e1ln\u011b zakotvenou postavou, jej\u00ed\u017e v\u00fdznam mimo baffinskou oblast je m\u00e9n\u011b v\u00fdrazn\u00fd a jej\u00ed\u017e v\u011bdeck\u00e9 zpracov\u00e1n\u00ed dosud nen\u00ed zcela dokon\u010deno.<\/p><p>Jej\u00ed funkce ducha po\u010das\u00ed dopl\u0148uje p\u0159esahuj\u00edc\u00ed roli <a href=\"https:\/\/iwell-guard.com\/cs\/?page_id=145527\">Sily<\/a> o osobn\u011bj\u0161\u00ed rozm\u011br v\u00e1zan\u00fd na Sednu. Nen\u00ed sama po\u010das\u00edm, n\u00fdbr\u017e instanc\u00ed, kter\u00e1 m\u016f\u017ee po\u010das\u00ed regulovat na Sednin p\u0159\u00edkaz. Tato medi\u00e1ln\u00ed funkce je z hlediska religionistick\u00e9 fenomenologie samostatn\u00fdm jevem a odli\u0161uje ji jak od Sily, tak od Sedny.<\/p><p>Qailertetang, region\u00e1ln\u011b zakotven\u00e1 v baffinsk\u00e9 tradici, byla v nov\u011bj\u0161\u00edm v\u00fdzkumu prozkoum\u00e1na roz\u0161\u00ed\u0159en\u00fdmi metodick\u00fdmi p\u0159\u00edstupy, kter\u00e9 spojuj\u00ed etnografickou p\u0159esnost, jazykovou pramennou kritiku a srovn\u00e1vac\u00ed perspektivu.<\/p><p>Proto\u017ee tato m\u00e9n\u011b zn\u00e1m\u00e1 postava dosud nebyla zcela zpracov\u00e1na, je zvl\u00e1\u0161\u0165 d\u016fle\u017eit\u00e1 spolu\u00fa\u010dast inuitsk\u00e9 znalostn\u00ed komunity, kter\u00e1 je dnes sama sou\u010d\u00e1st\u00ed tohoto v\u00fdzkumu a opravuje star\u0161\u00ed, \u010d\u00e1ste\u010dn\u011b koloni\u00e1ln\u011b podm\u00edn\u011bn\u00e9 z\u00e1padn\u00ed interpretace.<\/p><p>Dopl\u0148uj\u00edc\u00ed perspektivu nab\u00edz\u00ed religionsociologick\u00e1 ot\u00e1zka po funkci Qailertetang ve spole\u010densk\u00e9m uspo\u0159\u00e1d\u00e1n\u00ed tradi\u010dn\u00ed inuitsk\u00e9 komunity.<\/p><p>Jako duch po\u010das\u00ed a str\u00e1\u017ekyn\u011b zv\u00ed\u0159at jednaj\u00edc\u00ed na Sednin p\u0159\u00edkaz p\u0159edstavuje n\u00e1bo\u017eenskou strukturu, kter\u00e1 nebyla odd\u011blena od spole\u010densk\u00e9 praxe, n\u00fdbr\u017e s n\u00ed byla t\u011bsn\u011b propletena. Toto propleten\u00ed tvo\u0159\u00ed vlastn\u00ed religionsantropologick\u00e9 pole v\u00fdzkumu, kter\u00e9 systematicky prozkoumali zejm\u00e9na Fr\u00e9d\u00e9ric Laugrand a Jarich Oosten.<\/p>\t\t\t\t\t\t\t\t<\/div>\n\t\t\t\t<\/div>\n\t\t\t\t\t<\/div>\n\t\t\t\t<\/div>\n\t\t<div class=\"elementor-element elementor-element-iwgw-qailerteta-s1 e-flex e-con-boxed e-con e-parent\" data-id=\"iwgw-qailerteta-s1\" data-element_type=\"container\" data-e-type=\"container\">\n\t\t\t\t\t<div class=\"e-con-inner\">\n\t\t\t\t<div class=\"elementor-element elementor-element-iwgw-qailerteta-s1h elementor-widget elementor-widget-heading\" data-id=\"iwgw-qailerteta-s1h\" data-element_type=\"widget\" data-e-type=\"widget\" data-widget_type=\"heading.default\">\n\t\t\t\t\t<h2 class=\"elementor-heading-title elementor-size-default\">Jm\u00e9no a etymologie<\/h2>\t\t\t\t<\/div>\n\t\t<div class=\"elementor-element elementor-element-iwgw-qailerteta-s1c e-con-full e-flex e-con e-child\" data-id=\"iwgw-qailerteta-s1c\" data-element_type=\"container\" data-e-type=\"container\">\n\t\t\t\t<div class=\"elementor-element elementor-element-iwgw-qailerteta-s1t elementor-widget elementor-widget-text-editor\" data-id=\"iwgw-qailerteta-s1t\" data-element_type=\"widget\" data-e-type=\"widget\" data-widget_type=\"text-editor.default\">\n\t\t\t\t\t\t\t\t\t<p>Jm\u00e9no Qailertetang nen\u00ed jazykov\u011b zcela objasn\u011bno. Boas a pozd\u011bj\u0161\u00ed badatel\u00e9 p\u0159edpokl\u00e1daj\u00ed v\u00fdznam v oblasti po\u010das\u00ed nebo chovu zv\u00ed\u0159at.<\/p><p>Koncovka <em>-tetang<\/em> by mohla souviset se slovesy vyjad\u0159uj\u00edc\u00edmi bd\u011bn\u00ed nebo nesen\u00ed, co\u017e by odpov\u00eddalo funkci str\u00e1\u017ekyn\u011b. Tato jazykov\u00e1 nejasnost je v\u011bdecky metodick\u00fdm probl\u00e9mem, proto\u017ee etymologie \u010dasto poskytuje vod\u00edtka k historick\u00e9 hloubce postavy.<\/p><p>V baffinsk\u00fdch pramenech se jm\u00e9no objevuje v n\u011bkolika drobn\u00fdch variac\u00edch, nap\u0159\u00edklad Qailertaq nebo Qailerteq. Tato variace je jazykov\u011b b\u011b\u017en\u00e1 a v\u011bdecky nev\u00fdznamn\u00e1, m\u011bla by v\u0161ak b\u00fdt zohledn\u011bna p\u0159i pr\u00e1ci s prameny, aby se p\u0159ede\u0161lo z\u00e1m\u011bn\u00e1m.<\/p><p>Skute\u010dnost, \u017ee jm\u00e9no nem\u00e1 pr\u016fhlednou etymologii, je ve srovn\u00e1n\u00ed s jin\u00fdmi inuitsk\u00fdmi jm\u00e9ny boh\u016f n\u00e1padn\u00e1. V\u011bdecky to m\u016f\u017ee ukazovat na star\u0161\u00ed, mo\u017en\u00e1 p\u0159edinuitskou jazykovou vrstvu, ani\u017e by bylo mo\u017en\u00e9 tuto tezi dolo\u017eit. Religionistick\u00e1 opatrnost v t\u00e9to ot\u00e1zce je metodicky nutn\u00e1.<\/p><p>V \u0161ir\u0161\u00edm diskurzu srovn\u00e1vac\u00ed <span class=\"iwg-fachbegriff\" data-tooltip=\"V\u011bda, kter\u00e1 zkoum\u00e1 n\u00e1bo\u017eenstv\u00ed srovn\u00e1vac\u00edm zp\u016fsobem a bez vyznava\u010dsk\u00e9 v\u00e1zanosti.\" tabindex=\"0\">religionistiky<\/span> zapad\u00e1 Qailertetang do vzorce cirkumpol\u00e1rn\u00ed n\u00e1bo\u017eensk\u00e9 topografie. Skute\u010dnost, \u017ee tato topografie z\u016fst\u00e1v\u00e1 strukturn\u011b stabiln\u00ed p\u0159es tis\u00edce kilometr\u016f, pat\u0159\u00ed religionfenomenologicky k nejpozoruhodn\u011bj\u0161\u00edm n\u00e1lez\u016fm oboru a je dodnes p\u0159edm\u011btem prob\u00edhaj\u00edc\u00ed v\u011bdeck\u00e9 diskuse.<\/p>\t\t\t\t\t\t\t\t<\/div>\n\t\t\t\t<\/div>\n\t\t\t\t\t<\/div>\n\t\t\t\t<\/div>\n\t\t<div class=\"elementor-element elementor-element-iwgw-qailerteta-s2 e-flex e-con-boxed e-con e-parent\" data-id=\"iwgw-qailerteta-s2\" data-element_type=\"container\" data-e-type=\"container\">\n\t\t\t\t\t<div class=\"e-con-inner\">\n\t\t\t\t<div class=\"elementor-element elementor-element-iwgw-qailerteta-s2h elementor-widget elementor-widget-heading\" data-id=\"iwgw-qailerteta-s2h\" data-element_type=\"widget\" data-e-type=\"widget\" data-widget_type=\"heading.default\">\n\t\t\t\t\t<h2 class=\"elementor-heading-title elementor-size-default\">Popis a funkce<\/h2>\t\t\t\t<\/div>\n\t\t<div class=\"elementor-element elementor-element-iwgw-qailerteta-s2c e-con-full e-flex e-con e-child\" data-id=\"iwgw-qailerteta-s2c\" data-element_type=\"container\" data-e-type=\"container\">\n\t\t\t\t<div class=\"elementor-element elementor-element-iwgw-qailerteta-s2t elementor-widget elementor-widget-text-editor\" data-id=\"iwgw-qailerteta-s2t\" data-element_type=\"widget\" data-e-type=\"widget\" data-widget_type=\"text-editor.default\">\n\t\t\t\t\t\t\t\t\t<p>Qailertetang je v Boasov\u00fdch z\u00e1pisc\u00edch popisov\u00e1na jako velk\u00e1, siln\u00e1 postava, kter\u00e1 \u017eije spole\u010dn\u011b se Sednou v dom\u011b na dn\u011b mo\u0159e. Z\u010d\u00e1sti p\u0159eb\u00edr\u00e1 dom\u00e1c\u00ed pr\u00e1ce Sedny, jej\u00ed\u017e schopnosti jsou omezeny zmrza\u010den\u00edm. Tato dopl\u0148kov\u00e1 funkce je religionfenomenologicky zaj\u00edmav\u00e1 a samostatn\u00fdm jevem.<\/p><p>Jej\u00ed prvo\u0159adou funkc\u00ed je v\u0161ak regulace po\u010das\u00ed. Zat\u00edmco Sedna ovl\u00e1d\u00e1 zv\u00ed\u0159ata, Qailertetang je zodpov\u011bdn\u00e1 za okoln\u00ed po\u010das\u00ed. \u0160amani, kte\u0159\u00ed \u017e\u00e1dali o pomoc, museli v n\u011bkter\u00fdch z\u00e1pisc\u00edch oslovit nejen Sednu, ale i Qailertetang. Toto dvoj\u00ed osloven\u00ed je religionfenomenologicky samostatn\u00fdm jevem.<\/p><p>Ikonograficky je zobrazov\u00e1na jen z\u0159\u00eddka. V sou\u010dasn\u00e9m inuitsk\u00e9m um\u011bn\u00ed se objevuje m\u00e1lo, co\u017e odr\u00e1\u017e\u00ed jej\u00ed men\u0161\u00ed kulturn\u00ed prominenci ve srovn\u00e1n\u00ed se Sednou. V\u011bdecky je tato asymetrie vizu\u00e1ln\u00ed p\u0159\u00edtomnosti samostatn\u00fdm n\u00e1lezem a odr\u00e1\u017e\u00ed hierarchii n\u00e1bo\u017eensk\u00e9 pozornosti.<\/p>\t\t\t\t\t\t\t\t<\/div>\n\t\t\t\t<\/div>\n\t\t\t\t\t<\/div>\n\t\t\t\t<\/div>\n\t\t<div class=\"elementor-element elementor-element-iwgw-qailerteta-s3 e-flex e-con-boxed e-con e-parent\" data-id=\"iwgw-qailerteta-s3\" data-element_type=\"container\" data-e-type=\"container\">\n\t\t\t\t\t<div class=\"e-con-inner\">\n\t\t\t\t<div class=\"elementor-element elementor-element-iwgw-qailerteta-s3h elementor-widget elementor-widget-heading\" data-id=\"iwgw-qailerteta-s3h\" data-element_type=\"widget\" data-e-type=\"widget\" data-widget_type=\"heading.default\">\n\t\t\t\t\t<h2 class=\"elementor-heading-title elementor-size-default\">Qailertetang v \u0161amansk\u00e9 praxi<\/h2>\t\t\t\t<\/div>\n\t\t<div class=\"elementor-element elementor-element-iwgw-qailerteta-s3c e-con-full e-flex e-con e-child\" data-id=\"iwgw-qailerteta-s3c\" data-element_type=\"container\" data-e-type=\"container\">\n\t\t\t\t<div class=\"elementor-element elementor-element-iwgw-qailerteta-s3t elementor-widget elementor-widget-text-editor\" data-id=\"iwgw-qailerteta-s3t\" data-element_type=\"widget\" data-e-type=\"widget\" data-widget_type=\"text-editor.default\">\n\t\t\t\t\t\t\t\t\t<p>\u0160amani, kte\u0159\u00ed podnikali cestu k Sedn\u011b, se podle Boasov\u00fdch z\u00e1pis\u016f \u010dasto nejprve setkali s Qailertetang. Byla str\u00e1\u017ekyn\u00ed vstupu do Sednina domu a rozhodovala, zda bude <span class=\"iwg-fachbegriff\" data-tooltip=\"Religi\u00f6ser Spezialist, dem die Vermittlung zwischen Menschen und Geisterwelt zugeschrieben wird.\" tabindex=\"0\">\u0161aman<\/span> vpu\u0161t\u011bn d\u00e1l. Tato funkce str\u00e1\u017ekyn\u011b dve\u0159\u00ed j\u00ed prop\u016fj\u010duje vlastn\u00ed ritu\u00e1ln\u00ed v\u00fdznam a \u010din\u00ed z n\u00ed str\u00e1\u017ekyni prahu k jinosv\u011btu.<\/p><p>V n\u011bkter\u00fdch iglulick\u00fdch z\u00e1znamech je popisov\u00e1na jako velmi p\u0159\u00edsn\u00e1. Kdo se k n\u00ed nep\u0159ibl\u00ed\u017eil s dostate\u010dnou \u00factou, byl odm\u00edtnut nebo utrp\u011bl \u00fajmu. Tato p\u0159\u00edsnost odr\u00e1\u017e\u00ed jej\u00ed roli ochrann\u00e9ho ducha, kter\u00fd chr\u00e1n\u00ed pan\u00ed mo\u0159\u00ed p\u0159ed ne\u017e\u00e1douc\u00edmi n\u00e1v\u0161t\u011bvami. Z hlediska fenomenologie n\u00e1bo\u017eenstv\u00ed se jedn\u00e1 o samostatn\u00fd jev.<\/p><p>Role str\u00e1\u017ekyn\u011b p\u0159eds\u00edn\u011b je z hlediska fenomenologie n\u00e1bo\u017eenstv\u00ed vlastn\u00edm vzorcem, kter\u00fd se objevuje v mnoha \u0161amansk\u00fdch tradic\u00edch. P\u0159ed setk\u00e1n\u00edm s nejvy\u0161\u0161\u00ed moc\u00ed obvykle stoj\u00ed ni\u017e\u0161\u00ed, ale nebezpe\u010dn\u00e1 instance, kter\u00e1 prov\u011b\u0159uje, zda je \u017eadatel hoden. Tento vzorec je v\u011bdecky dob\u0159e zdokumentov\u00e1n.<\/p>\t\t\t\t\t\t\t\t<\/div>\n\t\t\t\t<\/div>\n\t\t\t\t\t<\/div>\n\t\t\t\t<\/div>\n\t\t<div class=\"elementor-element elementor-element-iwgw-qailerteta-s4 e-flex e-con-boxed e-con e-parent\" data-id=\"iwgw-qailerteta-s4\" data-element_type=\"container\" data-e-type=\"container\">\n\t\t\t\t\t<div class=\"e-con-inner\">\n\t\t\t\t<div class=\"elementor-element elementor-element-iwgw-qailerteta-s4h elementor-widget elementor-widget-heading\" data-id=\"iwgw-qailerteta-s4h\" data-element_type=\"widget\" data-e-type=\"widget\" data-widget_type=\"heading.default\">\n\t\t\t\t\t<h2 class=\"elementor-heading-title elementor-size-default\">Qailertetang a po\u010das\u00ed<\/h2>\t\t\t\t<\/div>\n\t\t<div class=\"elementor-element elementor-element-iwgw-qailerteta-s4c e-con-full e-flex e-con e-child\" data-id=\"iwgw-qailerteta-s4c\" data-element_type=\"container\" data-e-type=\"container\">\n\t\t\t\t<div class=\"elementor-element elementor-element-iwgw-qailerteta-s4t elementor-widget elementor-widget-text-editor\" data-id=\"iwgw-qailerteta-s4t\" data-element_type=\"widget\" data-e-type=\"widget\" data-widget_type=\"text-editor.default\">\n\t\t\t\t\t\t\t\t\t<p>Meteorologick\u00e1 funkce Qailertetang se od glob\u00e1ln\u00ed funkce Sily li\u0161\u00ed svou osobn\u00ed, c\u00edlenou podobou. Zat\u00edmco Sila je atmosf\u00e9rick\u00e1, v\u0161eobj\u00edmaj\u00edc\u00ed veli\u010dina, Qailertetang je akt\u00e9rka, kter\u00e1 m\u016f\u017ee c\u00edlen\u011b poslat bou\u0159i nebo klidn\u00e9 po\u010das\u00ed. V pramenech z Baffinova ostrova je zodpov\u011bdn\u00e1 za n\u00e1hl\u00e9 bou\u0159e i za jejich ritu\u00e1ln\u00ed zklidn\u011bn\u00ed.<\/p><p>Toto zdvojen\u00ed atmosf\u00e9rick\u00e9 a personalizovan\u00e9 regulace po\u010das\u00ed je z hlediska fenomenologie n\u00e1bo\u017eenstv\u00ed vlastn\u00edm vzorcem. Ukazuje, \u017ee inuitsk\u00e9 n\u00e1bo\u017eenstv\u00ed nesoust\u0159e\u010fuje v\u0161echny funkce do jedin\u00e9 instance po\u010das\u00ed, n\u00fdbr\u017e rozd\u011bluje r\u016fzn\u00e9 aspekty po\u010das\u00ed mezi r\u016fzn\u00e9 bytosti. Toto rozd\u011blen\u00ed je z hlediska fenomenologie n\u00e1bo\u017eenstv\u00ed typick\u00e9 pro nesystematick\u00e9 teologie.<\/p><p>Z v\u011bdeck\u00e9ho hlediska by bylo \u017e\u00e1douc\u00ed d\u016fkladn\u011bji prozkoumat vztah mezi Qailertetang a Silou, co\u017e je v\u0161ak zt\u00ed\u017eeno stavem pramen\u016f. Oba pojmy se objevuj\u00ed v odli\u0161n\u00fdch z\u00e1znamech, ani\u017e by byla vypracov\u00e1na n\u011bjak\u00e1 systematick\u00e1 <span class=\"iwg-fachbegriff\" data-tooltip=\"Die wissenschaftliche Lehre von Gott und vom Glauben einer Religion.\" tabindex=\"0\">teologie<\/span>. Tato mezera v bad\u00e1n\u00ed je v\u011bdecky pozoruhodn\u00e1.<\/p>\t\t\t\t\t\t\t\t<\/div>\n\t\t\t\t<\/div>\n\t\t\t\t\t<\/div>\n\t\t\t\t<\/div>\n\t\t<div class=\"elementor-element elementor-element-iwgw-qailerteta-s5 e-flex e-con-boxed e-con e-parent\" data-id=\"iwgw-qailerteta-s5\" data-element_type=\"container\" data-e-type=\"container\">\n\t\t\t\t\t<div class=\"e-con-inner\">\n\t\t\t\t<div class=\"elementor-element elementor-element-iwgw-qailerteta-s5h elementor-widget elementor-widget-heading\" data-id=\"iwgw-qailerteta-s5h\" data-element_type=\"widget\" data-e-type=\"widget\" data-widget_type=\"heading.default\">\n\t\t\t\t\t<h2 class=\"elementor-heading-title elementor-size-default\">Qailertetang p\u0159i ro\u010dn\u00edm sv\u00e1tku<\/h2>\t\t\t\t<\/div>\n\t\t<div class=\"elementor-element elementor-element-iwgw-qailerteta-s5c e-con-full e-flex e-con e-child\" data-id=\"iwgw-qailerteta-s5c\" data-element_type=\"container\" data-e-type=\"container\">\n\t\t\t\t<div class=\"elementor-element elementor-element-iwgw-qailerteta-s5t elementor-widget elementor-widget-text-editor\" data-id=\"iwgw-qailerteta-s5t\" data-element_type=\"widget\" data-e-type=\"widget\" data-widget_type=\"text-editor.default\">\n\t\t\t\t\t\t\t\t\t<p>Boas ve sv\u00e9m d\u00edle <em>The Central Eskimo<\/em> popisuje ro\u010dn\u00ed sv\u00e1tek, p\u0159i kter\u00e9m se <span class=\"iwg-fachbegriff\" data-tooltip=\"Religi\u00f6ser Spezialist, dem die Vermittlung zwischen Menschen und Geisterwelt zugeschrieben wird.\" tabindex=\"0\">\u0161aman<\/span> p\u0159estrojil za Qailertetang a symbolicky proch\u00e1zel t\u00e1borem. Tento sv\u00e1tek se konal na pozdn\u00ed podzim a byl spojen s p\u0159\u00edpravou na zimu. Z hlediska fenomenologie n\u00e1bo\u017eenstv\u00ed se jedn\u00e1 o samostatn\u00fd jev.<\/p><p>P\u0159estrojen\u00fd <span class=\"iwg-fachbegriff\" data-tooltip=\"Religi\u00f6ser Spezialist, dem die Vermittlung zwischen Menschen und Geisterwelt zugeschrieben wird.\" tabindex=\"0\">\u0161aman<\/span> vykon\u00e1val ritu\u00e1ln\u00ed \u00fakony, kter\u00e9 m\u011bly p\u0159ipomenout tabu nadch\u00e1zej\u00edc\u00ed zimy. \u017deny a mu\u017ei byli symbolicky odd\u011bleni a znovu spojeni, co\u017e m\u011blo stabilizovat spole\u010densk\u00fd \u0159\u00e1d pro n\u00e1ro\u010dn\u00e9 zimn\u00ed obdob\u00ed. V\u011bdecky se jedn\u00e1 o jeden z m\u00e1la jasn\u011b zdokumentovan\u00fdch sv\u00e1tk\u016f inuitsk\u00e9 tradice a z hlediska sociologie n\u00e1bo\u017eenstv\u00ed je zvl\u00e1\u0161t\u011b zaj\u00edmav\u00fd.<\/p><p>Sv\u00e1tek Qailertetang nem\u00e1 p\u0159\u00edmou obdobu v jin\u00fdch inuitsk\u00fdch regionech, co\u017e zd\u016fraz\u0148uje jeho region\u00e1ln\u00ed specifi\u010dnost. V Iglulik existovaly srovnateln\u00e9 sv\u00e1tky Tivajut, kter\u00e9 v\u0161ak byly spojeny s jin\u00fdmi duchy. Tato region\u00e1ln\u00ed odli\u0161nost je z v\u011bdeck\u00e9ho hlediska d\u016fle\u017eit\u00fdm metodick\u00fdm ukazatelem rozmanitosti inuitsk\u00e9ho n\u00e1bo\u017eenstv\u00ed.<\/p>\t\t\t\t\t\t\t\t<\/div>\n\t\t\t\t<\/div>\n\t\t\t\t\t<\/div>\n\t\t\t\t<\/div>\n\t\t<div class=\"elementor-element elementor-element-iwgw-qailerteta-s6 e-flex e-con-boxed e-con e-parent\" data-id=\"iwgw-qailerteta-s6\" data-element_type=\"container\" data-e-type=\"container\">\n\t\t\t\t\t<div class=\"e-con-inner\">\n\t\t\t\t<div class=\"elementor-element elementor-element-iwgw-qailerteta-s6h elementor-widget elementor-widget-heading\" data-id=\"iwgw-qailerteta-s6h\" data-element_type=\"widget\" data-e-type=\"widget\" data-widget_type=\"heading.default\">\n\t\t\t\t\t<h2 class=\"elementor-heading-title elementor-size-default\">Srovn\u00e1n\u00ed s jin\u00fdmi pomocn\u00fdmi bytostmi<\/h2>\t\t\t\t<\/div>\n\t\t<div class=\"elementor-element elementor-element-iwgw-qailerteta-s6c e-con-full e-flex e-con e-child\" data-id=\"iwgw-qailerteta-s6c\" data-element_type=\"container\" data-e-type=\"container\">\n\t\t\t\t<div class=\"elementor-element elementor-element-iwgw-qailerteta-s6t elementor-widget elementor-widget-text-editor\" data-id=\"iwgw-qailerteta-s6t\" data-element_type=\"widget\" data-e-type=\"widget\" data-widget_type=\"text-editor.default\">\n\t\t\t\t\t\t\t\t\t<p>Z v\u011bdeck\u00e9ho hlediska pat\u0159\u00ed Qailertetang do t\u0159\u00eddy pomocn\u00fdch a doprovodn\u00fdch postav velk\u00fdch bo\u017estev. Srovnateln\u00e9 jsou <em>Iris<\/em> z \u0159eck\u00e9 tradice jako posel H\u00e9ry, <em>Sarasvat\u00ed<\/em> v n\u011bkter\u00fdch hinduistick\u00fdch tradic\u00edch jako pr\u016fvodkyn\u011b vy\u0161\u0161\u00edch bo\u017estev nebo <em>Akkas<\/em> z <a href=\"https:\/\/iwell-guard.com\/cs\/sami-finsko-ugricka-tradice-noaidi-buben\/\">saamsk\u00e9<\/a> tradice jako dcery Madderakky.<\/p><p>Asymetrie mezi hlavn\u00ed a doprovodnou postavou je z hlediska fenomenologie n\u00e1bo\u017eenstv\u00ed typick\u00e1 a nejde o slabost doprovodn\u00e9 postavy, n\u00fdbr\u017e o jej\u00ed specifick\u00e9 postaven\u00ed. Qailertetang nen\u00ed slabou verz\u00ed Sedny, n\u00fdbr\u017e samostatnou instanc\u00ed s vlastn\u00edm okruhem p\u016fsobnosti. Tato funk\u010dn\u00ed samostatnost mus\u00ed b\u00fdt v\u011bdecky uzn\u00e1na.<\/p><p>Tato vrstevnatost inuitsk\u00e9ho sv\u011bta boh\u016f odpov\u00edd\u00e1 nesystematick\u00e9 povaze jejich <span class=\"iwg-fachbegriff\" data-tooltip=\"Die wissenschaftliche Lehre von Gott und vom Glauben einer Religion.\" tabindex=\"0\">teologie<\/span>. Neexistuje <span class=\"iwg-fachbegriff\" data-tooltip=\"Der Glaube an mehrere G\u00f6tter.\" tabindex=\"0\">polyteismus<\/span> v \u0159eck\u00e9m slova smyslu s jasn\u011b vymezen\u00fdmi oblastmi p\u016fsobnosti, n\u00fdbr\u017e s\u00ed\u0165 vztah\u016f. Tato vztahov\u00e1 teologie je z hlediska fenomenologie n\u00e1bo\u017eenstv\u00ed vlastn\u00edm modelem a v\u00fdrazn\u011b odli\u0161uje inuitskou tradici od hierarchick\u00fdch polyteism\u016f.<\/p>\t\t\t\t\t\t\t\t<\/div>\n\t\t\t\t<\/div>\n\t\t\t\t\t<\/div>\n\t\t\t\t<\/div>\n\t\t<div class=\"elementor-element elementor-element-iwgw-qailerteta-s7 e-flex e-con-boxed e-con e-parent\" data-id=\"iwgw-qailerteta-s7\" data-element_type=\"container\" data-e-type=\"container\">\n\t\t\t\t\t<div class=\"e-con-inner\">\n\t\t\t\t<div class=\"elementor-element elementor-element-iwgw-qailerteta-s7h elementor-widget elementor-widget-heading\" data-id=\"iwgw-qailerteta-s7h\" data-element_type=\"widget\" data-e-type=\"widget\" data-widget_type=\"heading.default\">\n\t\t\t\t\t<h2 class=\"elementor-heading-title elementor-size-default\">Mise a zapomn\u011bn\u00ed<\/h2>\t\t\t\t<\/div>\n\t\t<div class=\"elementor-element elementor-element-iwgw-qailerteta-s7c e-con-full e-flex e-con e-child\" data-id=\"iwgw-qailerteta-s7c\" data-element_type=\"container\" data-e-type=\"container\">\n\t\t\t\t<div class=\"elementor-element elementor-element-iwgw-qailerteta-s7t elementor-widget elementor-widget-text-editor\" data-id=\"iwgw-qailerteta-s7t\" data-element_type=\"widget\" data-e-type=\"widget\" data-widget_type=\"text-editor.default\">\n\t\t\t\t\t\t\t\t\t<p>Qailertetang je jednou z postav, kter\u00e9 d\u00edky misii a modernizaci z velk\u00e9 \u010d\u00e1sti upadly v zapomn\u011bn\u00ed. Proto\u017ee byla \u00fazce v\u00e1z\u00e1na na \u0161amanskou praxi a nem\u011bla \u017e\u00e1dnou ekonomicky dominantn\u00ed roli, jej\u00ed p\u0159\u00edtomnost ustupovala s mizen\u00edm ve\u0159ejn\u00e9ho <span class=\"iwg-fachbegriff\" data-tooltip=\"Religi\u00f6ses System, in dem Spezialisten mit der Geisterwelt verkehren.\" tabindex=\"0\">\u0161amanismu<\/span>.<\/p><p>V sou\u010dasn\u00e9 inuitsk\u00e9 kultu\u0159e ji znaj\u00ed jen men\u0161\u00ed skupiny lid\u00ed zaj\u00edmaj\u00edc\u00edch se o kulturu. Tato asymetrie vzpom\u00edn\u00e1n\u00ed oproti Sedn\u011b je z hlediska fenomenologie n\u00e1bo\u017eenstv\u00ed typick\u00e1: velk\u00e9 postavy p\u0159e\u017e\u00edvaj\u00ed kulturn\u00ed zlomy l\u00e9pe ne\u017e specializovan\u00e9 doprovodn\u00e9 bytosti. Z hlediska sociologie n\u00e1bo\u017eenstv\u00ed se jedn\u00e1 o samostatn\u00e9 zji\u0161t\u011bn\u00ed.<\/p><p>Znovuza\u0159azen\u00ed Qailertetang do diskurzu o domorod\u00e9m n\u00e1bo\u017eenstv\u00ed doposud neprob\u011bhlo v rozsahu, kter\u00fd by odpov\u00eddal jej\u00edmu historick\u00e9mu v\u00fdznamu. Tato mezera v bad\u00e1n\u00ed a vzpom\u00edn\u00e1n\u00ed je v\u011bdecky pozoruhodn\u00e1 a m\u011bla by b\u00fdt \u0159e\u0161ena.<\/p>\t\t\t\t\t\t\t\t<\/div>\n\t\t\t\t<\/div>\n\t\t\t\t\t<\/div>\n\t\t\t\t<\/div>\n\t\t<div class=\"elementor-element elementor-element-iwgw-qailerteta-s8 e-flex e-con-boxed e-con e-parent\" data-id=\"iwgw-qailerteta-s8\" data-element_type=\"container\" data-e-type=\"container\">\n\t\t\t\t\t<div class=\"e-con-inner\">\n\t\t\t\t<div class=\"elementor-element elementor-element-iwgw-qailerteta-s8h elementor-widget elementor-widget-heading\" data-id=\"iwgw-qailerteta-s8h\" data-element_type=\"widget\" data-e-type=\"widget\" data-widget_type=\"heading.default\">\n\t\t\t\t\t<h2 class=\"elementor-heading-title elementor-size-default\">V\u00fdzkum a sou\u010dasn\u00fd stav<\/h2>\t\t\t\t<\/div>\n\t\t<div class=\"elementor-element elementor-element-iwgw-qailerteta-s8c e-con-full e-flex e-con e-child\" data-id=\"iwgw-qailerteta-s8c\" data-element_type=\"container\" data-e-type=\"container\">\n\t\t\t\t<div class=\"elementor-element elementor-element-iwgw-qailerteta-s8t elementor-widget elementor-widget-text-editor\" data-id=\"iwgw-qailerteta-s8t\" data-element_type=\"widget\" data-e-type=\"widget\" data-widget_type=\"text-editor.default\">\n\t\t\t\t\t\t\t\t\t<p>V\u00fdzkum Qailertetangy se prim\u00e1rn\u011b op\u00edr\u00e1 o z\u00e1pisy Franze Boase. Pozd\u011bj\u0161\u00ed badatel\u00e9 se o n\u00ed zmi\u0148ovali, ani\u017e by j\u00ed v\u011bnovali samostatnou studii. Hlub\u0161\u00ed v\u011bdeck\u00e9 zpracov\u00e1n\u00ed by bylo \u017e\u00e1douc\u00ed, zejm\u00e9na ve srovn\u00e1n\u00ed s jin\u00fdmi pov\u011btrnostn\u00edmi duchy cirkumpol\u00e1rn\u00ed oblasti.<\/p><p>Pamela Sternov\u00e1 a Birgitte Sonneov\u00e1 ve sv\u00fdch souhrnn\u00fdch d\u00edlech upozornily na v\u00fdznam Qailertetangy. Monografie v\u0161ak dosud chyb\u00ed. Tato badatelsk\u00e1 mezera je v\u011bdecky symptomatick\u00e1 pro marginalizaci region\u00e1ln\u011b zakotven\u00fdch pomocn\u00fdch postav ve velk\u00fdch synt\u00e9z\u00e1ch.<\/p><p>Ve v\u011bdeck\u00e9 diskusi je Qailertetang p\u0159\u00edkladem toho, jak d\u016fle\u017eit\u00e1 je region\u00e1ln\u00ed diferenciace v d\u011bjin\u00e1ch n\u00e1bo\u017eenstv\u00ed Inuit\u016f. Panintuitsk\u00e1 <span class=\"iwg-fachbegriff\" data-tooltip=\"V\u011bdeck\u00e1 nauka o Bohu a o v\u00ed\u0159e n\u011bjak\u00e9ho n\u00e1bo\u017eenstv\u00ed.\" tabindex=\"0\">teologie<\/span> odvozen\u00e1 pouze z velk\u00fdch postav by byla zkreslen\u00e1 a p\u0159ehl\u00e9dla by d\u016fle\u017eit\u00e1 region\u00e1ln\u00ed specifika. Tento metodick\u00fd poznatek je v\u011bdecky z\u00e1sadn\u00ed.<\/p>\t\t\t\t\t\t\t\t<\/div>\n\t\t\t\t<\/div>\n\t\t\t\t\t<\/div>\n\t\t\t\t<\/div>\n\t\t<div class=\"elementor-element elementor-element-iwgw-qailerteta-s9 e-flex e-con-boxed e-con e-parent\" data-id=\"iwgw-qailerteta-s9\" data-element_type=\"container\" data-e-type=\"container\">\n\t\t\t\t\t<div class=\"e-con-inner\">\n\t\t\t\t<div class=\"elementor-element elementor-element-iwgw-qailerteta-s9h elementor-widget elementor-widget-heading\" data-id=\"iwgw-qailerteta-s9h\" data-element_type=\"widget\" data-e-type=\"widget\" data-widget_type=\"heading.default\">\n\t\t\t\t\t<h2 class=\"elementor-heading-title elementor-size-default\">K\u0159\u00ed\u017eov\u00e9 odkazy v lexikonu<\/h2>\t\t\t\t<\/div>\n\t\t<div class=\"elementor-element elementor-element-iwgw-qailerteta-s9c e-con-full e-flex e-con e-child\" data-id=\"iwgw-qailerteta-s9c\" data-element_type=\"container\" data-e-type=\"container\">\n\t\t\t\t<div class=\"elementor-element elementor-element-iwgw-qailerteta-s9t elementor-widget elementor-widget-text-editor\" data-id=\"iwgw-qailerteta-s9t\" data-element_type=\"widget\" data-e-type=\"widget\" data-widget_type=\"text-editor.default\">\n\t\t\t\t\t\t\t\t\t<p>Qailertetang je spojov\u00e1na se <a href=\"https:\/\/iwell-guard.com\/cs\/?page_id=145526\">Sednou<\/a>, <a href=\"https:\/\/iwell-guard.com\/cs\/?page_id=145527\">Silou<\/a>, <a href=\"https:\/\/iwell-guard.com\/cs\/?page_id=145528\">Tornarssukem<\/a>, <a href=\"https:\/\/iwell-guard.com\/cs\/?page_id=145530\">Angutou<\/a>, <a href=\"https:\/\/iwell-guard.com\/cs\/?page_id=145531\">Pingou<\/a>, <a href=\"https:\/\/iwell-guard.com\/cs\/?page_id=145533\">Igalukem<\/a>, <a href=\"https:\/\/iwell-guard.com\/cs\/?page_id=145532\">Nanookem<\/a>, <a href=\"https:\/\/iwell-guard.com\/cs\/?page_id=145529\">Tupilakem<\/a> a <a href=\"https:\/\/iwell-guard.com\/cs\/?page_id=145534\">Malinou<\/a>. Kulturn\u00ed centrum <a href=\"https:\/\/iwell-guard.com\/cs\/inuite-arktida-sedna-tornit-praxe\/\">inuitsk\u00e1 tradice<\/a> r\u00e1muje d\u011bjiny n\u00e1bo\u017eenstv\u00ed. Strukturn\u011b podobn\u00e9 pomocn\u00e9 postavy najdeme v \u0159ad\u011b lemmat <a href=\"https:\/\/iwell-guard.com\/cs\/sami-finsko-ugricka-tradice-noaidi-buben\/\">saamsk\u00e9<\/a> tradice, zejm\u00e9na u Akek.<\/p>\t\t\t\t\t\t\t\t<\/div>\n\t\t\t\t<\/div>\n\t\t\t\t\t<\/div>\n\t\t\t\t<\/div>\n\t\t<div class=\"elementor-element elementor-element-cp23c416b0 e-flex e-con-boxed e-con e-parent\" data-id=\"cp23c416b0\" data-element_type=\"container\" data-e-type=\"container\">\n\t\t\t\t\t<div class=\"e-con-inner\">\n\t\t\t\t<div class=\"elementor-element elementor-element-cp219b77c9 elementor-widget elementor-widget-heading\" data-id=\"cp219b77c9\" data-element_type=\"widget\" data-e-type=\"widget\" data-widget_type=\"heading.default\">\n\t\t\t\t\t<h2 class=\"elementor-heading-title elementor-size-default\">Qailertetang na sv\u00e1tku Sedny podle Franze Boase<\/h2>\t\t\t\t<\/div>\n\t\t<div class=\"elementor-element elementor-element-cp2e4bb4da e-flex e-con-boxed e-con e-child\" data-id=\"cp2e4bb4da\" data-element_type=\"container\" data-e-type=\"container\">\n\t\t\t\t\t<div class=\"e-con-inner\">\n\t\t\t\t<div class=\"elementor-element elementor-element-cp2a25bf76 elementor-widget elementor-widget-text-editor\" data-id=\"cp2a25bf76\" data-element_type=\"widget\" data-e-type=\"widget\" data-widget_type=\"text-editor.default\">\n\t\t\t\t\t\t\t\t\t<p>Nejd\u016fle\u017eit\u011bj\u0161\u00edm jednotliv\u00fdm pramenem o Qailertetang je popis podzimn\u00edho sv\u00e1tku, kter\u00fd Franz Boas podal ve sv\u00e9 studii <em>The Central Eskimo<\/em> (1888) na z\u00e1klad\u011b sv\u00e9ho pobytu na Baffinov\u011b ostrov\u011b v letech 1883 a 1884.<\/p><p>Boas popisuje <span class=\"iwg-fachbegriff\" data-tooltip=\"Ust\u00e1len\u00fd sled symbolick\u00fdch \u00fakon\u016f s n\u00e1bo\u017eensk\u00fdm nebo kulturn\u00edm v\u00fdznamem.\" tabindex=\"0\">ritu\u00e1l<\/span>, kter\u00fd byl spojen se zm\u011bnou ro\u010dn\u00ed doby a p\u0159i n\u011bm\u017e vystupuj\u00ed dv\u011b p\u0159estrojen\u00e9 osoby zt\u011bles\u0148uj\u00edc\u00ed mytick\u00e9 bytosti.<\/p><p>Jednou z t\u011bchto postav je Qailertetang, popisovan\u00e1 jako bytost, kter\u00e1 v tomto <span class=\"iwg-fachbegriff\" data-tooltip=\"P\u0159enos pozn\u00e1n\u00ed a vypr\u00e1v\u011bn\u00ed mezi generacemi.\" tabindex=\"0\">pod\u00e1n\u00ed<\/span> vystupuje jako spole\u010dnice nebo pr\u016fvodkyn\u011b mo\u0159sk\u00e9 bohyn\u011b, kterou Boas zaznamenal pod jm\u00e9nem Sedna.<\/p><p>P\u0159estrojen\u00e1 osoba se pohybuje t\u011b\u017ekop\u00e1dn\u011b, nos\u00ed masku a \u017eensk\u00fd od\u011bv a je ztoto\u017e\u0148ov\u00e1na s Qailertetang. V pr\u016fb\u011bhu ritu\u00e1lu se prov\u00e1d\u011bj\u00ed \u00fakony, kter\u00e9 slou\u017e\u00ed ke sm\u00ed\u0159en\u00ed mo\u0159sk\u00fdch mocnost\u00ed a k zaji\u0161t\u011bn\u00ed \u00fasp\u011bchu lovu pro nadch\u00e1zej\u00edc\u00ed temn\u00e9 ro\u010dn\u00ed obdob\u00ed.<\/p><p>Boasova zpr\u00e1va je o to v\u00fdznamn\u011bj\u0161\u00ed, \u017ee p\u0159edstavuje jeden z m\u00e1la podrobn\u011b zdokumentovan\u00fdch ritu\u00e1l\u016f centr\u00e1ln\u00ed Arktidy z konce 19. stolet\u00ed. Z\u00e1rove\u0148 je t\u0159eba ji \u010d\u00edst s opatrnost\u00ed: Boas byl v dob\u011b z\u00e1pisu na po\u010d\u00e1tku sv\u00e9 kari\u00e9ry, pracoval za obt\u00ed\u017en\u00fdch podm\u00ednek a spol\u00e9hal se na tlumo\u010dn\u00edky. Pozd\u011bj\u0161\u00ed v\u00fdzkum upozornil, \u017ee jeho zachycen\u00ed jmen a rol\u00ed neodpov\u00edd\u00e1 v ka\u017ed\u00e9m p\u0159\u00edpad\u011b vnit\u0159n\u00edmu pohledu vyprav\u011b\u010d\u016f. Qailertetang se v Boasov\u00fdch materi\u00e1lech jev\u00ed p\u0159edev\u0161\u00edm jako ritu\u00e1ln\u00ed postava a doprovodn\u00e1 bytost, nikoli jako samostatn\u011b vypr\u00e1v\u011bn\u00e9 <span class=\"iwg-fachbegriff\" data-tooltip=\"Bytost uct\u00edvan\u00e1 jako bo\u017esk\u00e1 v r\u00e1mci n\u011bjak\u00e9ho n\u00e1bo\u017eenstv\u00ed.\" tabindex=\"0\">bo\u017estvo<\/span> s rozvinut\u00fdm mytologick\u00fdm okruhem. To, co se o n\u00ed v\u00ed, se t\u00e9m\u011b\u0159 \u00fapln\u011b op\u00edr\u00e1 o tento jedin\u00fd etnografick\u00fd popis.\t\t\t\t\t\t\t\t<\/div>\n\t\t\t\t\t<\/div>\n\t\t\t\t<\/div>\n\t\t\t\t\t<\/div>\n\t\t\t\t<\/div>\n\t\t<div class=\"elementor-element elementor-element-cp23d5cb7b e-flex e-con-boxed e-con e-parent\" data-id=\"cp23d5cb7b\" data-element_type=\"container\" data-e-type=\"container\">\n\t\t\t\t\t<div class=\"e-con-inner\">\n\t\t\t\t<div class=\"elementor-element elementor-element-cp29cb8e6f elementor-widget elementor-widget-heading\" data-id=\"cp29cb8e6f\" data-element_type=\"widget\" data-e-type=\"widget\" data-widget_type=\"heading.default\">\n\t\t\t\t\t<h2 class=\"elementor-heading-title elementor-size-default\">Postava chud\u00e1 na prameny: co je jist\u00e9 a co ne<\/h2>\t\t\t\t<\/div>\n\t\t<div class=\"elementor-element elementor-element-cp2297b21a e-flex e-con-boxed e-con e-child\" data-id=\"cp2297b21a\" data-element_type=\"container\" data-e-type=\"container\">\n\t\t\t\t\t<div class=\"e-con-inner\">\n\t\t\t\t<div class=\"elementor-element elementor-element-cp23a042b2 elementor-widget elementor-widget-text-editor\" data-id=\"cp23a042b2\" data-element_type=\"widget\" data-e-type=\"widget\" data-widget_type=\"text-editor.default\">\n\t\t\t\t\t\t\t\t\t<p>Qailertetang pat\u0159\u00ed mezi bytosti inuitsk\u00e9 <span class=\"iwg-fachbegriff\" data-tooltip=\"P\u0159ed\u00e1v\u00e1n\u00ed v\u011bd\u011bn\u00ed a vypr\u00e1v\u011bn\u00ed nap\u0159\u00ed\u010d generacemi.\" tabindex=\"0\">\u00fastn\u00ed tradice<\/span>, o n\u00ed\u017e je spolehliv\u011b zn\u00e1mo jen velmi m\u00e1lo, a seri\u00f3zn\u00ed popis mus\u00ed tuto \u0159\u00eddkost pramenn\u00e9 situace v\u00fdslovn\u011b uv\u00e9st.<\/p><p>Podstatn\u00e1 \u010d\u00e1st v\u011bd\u011bn\u00ed se op\u00edr\u00e1 o Franze Boase a n\u011bkolik m\u00e1lo pozd\u011bj\u0161\u00edch zm\u00ednek, kter\u00e9 samy do zna\u010dn\u00e9 m\u00edry vych\u00e1zej\u00ed z Boase. Neexistuje \u0161ir\u0161\u00ed, v\u00edce nez\u00e1visl\u00fdmi sb\u011brateli potvrzen\u00e1 <span class=\"iwg-fachbegriff\" data-tooltip=\"P\u0159ed\u00e1v\u00e1n\u00ed v\u011bd\u011bn\u00ed a vypr\u00e1v\u011bn\u00ed nap\u0159\u00ed\u010d generacemi.\" tabindex=\"0\">\u00fastn\u00ed tradice<\/span>.<\/p><p>Za spolehliv\u00e9 lze pova\u017eovat, \u017ee Qailertetang byla v ur\u010dit\u00e9 oblasti centr\u00e1ln\u00ed kanadsk\u00e9 Arktidy, p\u0159edev\u0161\u00edm v okol\u00ed Baffinova ostrova, zn\u00e1m\u00e1 jako bytost spojen\u00e1 s bohyn\u00ed mo\u0159e a s v\u00fdro\u010dn\u00edmi ritu\u00e1ly.<\/p><p>Nejist\u00e9 z\u016fst\u00e1v\u00e1 t\u00e9m\u011b\u0159 v\u0161e ostatn\u00ed: pohlav\u00ed je ud\u00e1v\u00e1no r\u016fzn\u011b, p\u0159esn\u00e1 funkce kol\u00eds\u00e1 mezi pr\u016fvodkyn\u00ed bohyn\u011b mo\u0159e, bytost\u00ed po\u010das\u00ed a ochrann\u00fdm duchem, a zda Qailertetang m\u011bla vedle Boasem popsan\u00e9ho <span class=\"iwg-fachbegriff\" data-tooltip=\"Uspo\u0159\u00e1dan\u00fd sled symbolick\u00fdch jedn\u00e1n\u00ed s n\u00e1bo\u017eensk\u00fdm nebo kulturn\u00edm v\u00fdznamem.\" tabindex=\"0\">ritu\u00e1lu<\/span> i vlastn\u00ed <span class=\"iwg-fachbegriff\" data-tooltip=\"Souhrn tradovan\u00fdch vypr\u00e1v\u011bn\u00ed o bo\u017estvech dan\u00e9 kultury.\" tabindex=\"0\">mytologii<\/span>, nelze zjistit.<\/p><p>Tato situace je typick\u00e1 pro mnoh\u00e9 bytosti inuitsk\u00e9ho n\u00e1bo\u017eenstv\u00ed. Na rozd\u00edl od mytologi\u00ed Eurasie, podep\u0159en\u00fdch rozs\u00e1hl\u00fdmi textov\u00fdmi tradicemi, se zde v\u011bd\u011bn\u00ed op\u00edr\u00e1 o n\u011bkolik m\u00e1lo etnografick\u00fdch momentek, kter\u00e9 nav\u00edc vznikly v obdob\u00ed hlubok\u00fdch koloni\u00e1ln\u00edch zvrat\u016f. V\u011bdecky je Qailertetang proto p\u0159\u00edkladem toho, jak siln\u011b situace pramen\u016f ur\u010duje obraz dan\u00e9 bytosti. Kdo o n\u00ed tvrd\u00ed v\u00edce, ne\u017e Boas dokl\u00e1d\u00e1, pohybuje se v oblasti spekulace. P\u0159im\u011b\u0159en\u00fdm p\u0159\u00edstupem je p\u0159esn\u011b pojmenovat to m\u00e1lo, co je zn\u00e1mo, a ponechat velk\u00e9 mezery mezerami, m\u00edsto aby byly zapl\u0148ov\u00e1ny analogiemi z jin\u00fdch oblast\u00ed.\t\t\t\t\t\t\t\t<\/div>\n\t\t\t\t\t<\/div>\n\t\t\t\t<\/div>\n\t\t\t\t\t<\/div>\n\t\t\t\t<\/div>\n\t\t<div class=\"elementor-element elementor-element-iwgw-qailerteta-lit e-flex e-con-boxed e-con e-parent\" data-id=\"iwgw-qailerteta-lit\" data-element_type=\"container\" data-e-type=\"container\">\n\t\t\t\t\t<div class=\"e-con-inner\">\n\t\t\t\t<div class=\"elementor-element elementor-element-iwgw-qailerteta-lith elementor-widget elementor-widget-heading\" data-id=\"iwgw-qailerteta-lith\" data-element_type=\"widget\" data-e-type=\"widget\" data-widget_type=\"heading.default\">\n\t\t\t\t\t<h2 class=\"elementor-heading-title elementor-size-default\">Literatura (v\u00fdb\u011br)<\/h2>\t\t\t\t<\/div>\n\t\t<div class=\"elementor-element elementor-element-iwgw-qailerteta-litc e-con-full e-flex e-con e-child\" data-id=\"iwgw-qailerteta-litc\" data-element_type=\"container\" data-e-type=\"container\">\n\t\t\t\t<div class=\"elementor-element elementor-element-iwgw-qailerteta-litt elementor-widget elementor-widget-text-editor\" data-id=\"iwgw-qailerteta-litt\" data-element_type=\"widget\" data-e-type=\"widget\" data-widget_type=\"text-editor.default\">\n\t\t\t\t\t\t\t\t\t<ul><li>Franz Boas: <em>The Central Eskimo<\/em> (Washington 1888)<\/li><li>Knud Rasmussen: <em>Intellectual Culture of the Iglulik Eskimos<\/em> (Kopenhagen 1929)<\/li><li>Daniel Merkur: <em>Powers Which We Do Not Know<\/em> (Moscow ID 1991)<\/li><li>Fr\u00e9d\u00e9ric Laugrand a Jarich Oosten: <em>Inuit Shamanism and Christianity<\/em> (Montreal 2010)<\/li><li>Birgitte Sonne: <em>Heaven Negotiated. Hell Imagined<\/em> (Kopenhagen 2017)<\/li><li>Pamela Stern: <em>Historical Dictionary of the Inuit<\/em> (Lanham 2013)<\/li><\/ul>\t\t\t\t\t\t\t\t<\/div>\n\t\t\t\t<\/div>\n\t\t\t\t\t<\/div>\n\t\t\t\t<\/div>\n\t\t<div class=\"elementor-element elementor-element-iwgw-qailerteta-kwd e-flex e-con-boxed e-con e-parent\" data-id=\"iwgw-qailerteta-kwd\" data-element_type=\"container\" data-e-type=\"container\">\n\t\t\t\t\t<div class=\"e-con-inner\">\n\t\t<div class=\"elementor-element elementor-element-iwgw-qailerteta-kwdc e-con-full e-flex e-con e-child\" data-id=\"iwgw-qailerteta-kwdc\" data-element_type=\"container\" data-e-type=\"container\">\n\t\t\t\t<div class=\"elementor-element elementor-element-iwgw-qailerteta-kwdt elementor-widget elementor-widget-text-editor\" data-id=\"iwgw-qailerteta-kwdt\" data-element_type=\"widget\" data-e-type=\"widget\" data-widget_type=\"text-editor.default\">\n\t\t\t\t\t\t\t\t\t<p><em>Souvisej\u00edc\u00ed kl\u00ed\u010dov\u00e9 pojmy: Qailertetang Baffinovi Inuit\u00e9 pov\u011btrnostn\u00ed duch spole\u010dnice Sedny str\u00e1\u017ekyn\u011b dve\u0159\u00ed Tivajut Boas.<\/em><\/p>\t\t\t\t\t\t\t\t<\/div>\n\t\t\t\t<\/div>\n\t\t\t\t\t<\/div>\n\t\t\t\t<\/div>\n\t\t<div class=\"elementor-element elementor-element-iwgw-qailerteta-cc e-flex e-con-boxed e-con e-parent\" data-id=\"iwgw-qailerteta-cc\" data-element_type=\"container\" data-e-type=\"container\" id=\"iwg-cc-qailertetang\">\n\t\t\t\t\t<div class=\"e-con-inner\">\n\t\t<div class=\"elementor-element elementor-element-iwgw-qailerteta-ccinner e-flex e-con-boxed e-con e-parent\" data-id=\"iwgw-qailerteta-ccinner\" data-element_type=\"container\" data-e-type=\"container\" data-settings=\"{&quot;background_background&quot;:&quot;classic&quot;}\">\n\t\t\t\t\t<div class=\"e-con-inner\">\n\t\t\t\t<div class=\"elementor-element elementor-element-iwgw-qailerteta-cch elementor-widget elementor-widget-heading\" data-id=\"iwgw-qailerteta-cch\" data-element_type=\"widget\" data-e-type=\"widget\" data-widget_type=\"heading.default\">\n\t\t\t\t\t<h2 class=\"elementor-heading-title elementor-size-default\">iWell Guard a ochrann\u00e9 tradice<\/h2>\t\t\t\t<\/div>\n\t\t\t\t<div class=\"elementor-element elementor-element-iwgw-qailerteta-cct elementor-widget elementor-widget-text-editor\" data-id=\"iwgw-qailerteta-cct\" data-element_type=\"widget\" data-e-type=\"widget\" data-widget_type=\"text-editor.default\">\n\t\t\t\t\t\t\t\t\t<div data-nosnippet=\"true\"><p>iWell Guard navazuje na kulturn\u011b historickou tradici p\u0159enosn\u00fdch ochrann\u00fdch p\u0159edm\u011bt\u016f, v tradici <a href=\"https:\/\/iwell-guard.com\/cs\/inuite-arktida-sedna-tornit-praxe\/\">Inuit\u016f<\/a> a mnoha dal\u0161\u00edch kultur po cel\u00e9m sv\u011bt\u011b. 41 vrstev, ryz\u00ed zlato, platina, st\u0159\u00edbro, vyrobeno v N\u011bmecku. 30denn\u00ed pr\u00e1vo na vr\u00e1cen\u00ed.<\/p><\/div>\t\t\t\t\t\t\t\t<\/div>\n\t\t\t\t<div class=\"elementor-element elementor-element-iwgw-qailerteta-ccb iwg-cc-button iwg-cc-cta-2026-05-13 elementor-widget elementor-widget-jet-button\" data-id=\"iwgw-qailerteta-ccb\" data-element_type=\"widget\" data-e-type=\"widget\" data-widget_type=\"jet-button.default\">\n\t\t\t\t<div class=\"elementor-widget-container\">\n\t\t\t\t\t<div class=\"elementor-jet-button jet-elements\"><div class=\"jet-button__container\"><a class=\"jet-button__instance jet-button__instance--icon-left hover-effect-1\" href=\"\/ueber-iwell-guard\/?utm_source=iwell-guard.com&amp;utm_medium=info-box&amp;utm_campaign=wesen-tradition\"><div class=\"jet-button__plane jet-button__plane-normal\"><\/div><div class=\"jet-button__plane jet-button__plane-hover\"><\/div><div class=\"jet-button__state jet-button__state-normal\"><span class=\"jet-button__label\">V\u00edce o iWell Guard<\/span><\/div><div class=\"jet-button__state jet-button__state-hover\"><span class=\"jet-button__label\">V\u00edce o iWell Guard<\/span><\/div><\/a><\/div><\/div><style>.elementor-element.elementor-element-iwgw-qailerteta-ccb .jet-button__instance{width:320px;height:56px;}.elementor-element.elementor-element-iwgw-qailerteta-ccb .jet-button__state-normal .jet-button__label{text-align:center;margin:0px 0px 0px 0px;color:#1a1b20;font-family:Montserrat,sans-serif;font-size:13px;font-weight:400;letter-spacing:4px;line-height:1.714em;text-transform:uppercase;}.elementor-element.elementor-element-iwgw-qailerteta-ccb .jet-button__state-hover .jet-button__label{text-align:center;margin:0px 0px 0px 0px;color:#FECC76;font-family:Montserrat,sans-serif;font-size:13px;font-weight:400;letter-spacing:4px;line-height:1.714em;text-transform:uppercase;}.elementor-element.elementor-element-iwgw-qailerteta-ccb .jet-button__plane-normal{background-color:#FECC76;border-style:solid;border-color:#C99540;border-width:2px 2px 2px 2px;}.elementor-element.elementor-element-iwgw-qailerteta-ccb .jet-button__plane-hover{background-color:rgba(0,0,0,0.55);border-style:solid;border-color:#FECC76;border-width:2px 2px 2px 2px;}<\/style>\t\t\t\t<\/div>\n\t\t\t\t<\/div>\n\t\t\t\t<div class=\"elementor-element elementor-element-iwgw-qailerteta-ccd elementor-widget elementor-widget-text-editor\" data-id=\"iwgw-qailerteta-ccd\" data-element_type=\"widget\" data-e-type=\"widget\" data-widget_type=\"text-editor.default\">\n\t\t\t\t\t\t\t\t\t<div data-nosnippet=\"true\"><p style=\"text-align:center;font-size:13px;opacity:0.7;margin-top:14px\" data-nosnippet=\"true\">Osobn\u00ed zku\u0161enosti se mohou li\u0161it. Nejedn\u00e1 se o zdravotnick\u00fd prost\u0159edek. Nen\u00ed slibem l\u00e9\u010div\u00e9ho \u00fa\u010dinku.<\/p><\/div>\t\t\t\t\t\t\t\t<\/div>\n\t\t\t\t\t<\/div>\n\t\t\t\t<\/div>\n\t\t\t\t\t<\/div>\n\t\t\t\t<\/div>\n\t\t<div class=\"elementor-element elementor-element-iwgw-qailerteta-disc e-flex e-con-boxed e-con e-parent\" data-id=\"iwgw-qailerteta-disc\" data-element_type=\"container\" data-e-type=\"container\">\n\t\t\t\t\t<div class=\"e-con-inner\">\n\t\t\t\t<div class=\"elementor-element elementor-element-iwgw-qailerteta-discw elementor-widget elementor-widget-html\" data-id=\"iwgw-qailerteta-discw\" data-element_type=\"widget\" data-e-type=\"widget\" data-widget_type=\"html.default\">\n\t\t\t\t\t<footer data-nosnippet=\"true\" class=\"iwg-disclaimer-block\"><p data-nosnippet=\"true\">iWell Guard <strong>nen\u00ed zdravotnick\u00fd prost\u0159edek<\/strong> a nenahrazuje l\u00e9ka\u0159skou ani psychoterapeutickou l\u00e9\u010dbu. Religionistick\u00fd obsah p\u0159edstavuje kulturn\u011b-historick\u00e9 za\u0159azen\u00ed, nikoli doporu\u010den\u00ed duchovn\u00ed praxe.<\/p><\/footer>\t\t\t\t<\/div>\n\t\t\t\t\t<\/div>\n\t\t\t\t<\/div>\n\t\t\t\t<\/div>\n\t\t","protected":false},"excerpt":{"rendered":"","protected":false},"author":3,"featured_media":2878,"parent":0,"menu_order":0,"comment_status":"closed","ping_status":"closed","template":"elementor_header_footer","meta":{"_yoast_wpseo_focuskw":"Qailertetang inuitsk\u00fd duch po\u010das\u00ed","_yoast_wpseo_title":"Qailertetang - duch po\u010das\u00ed a pr\u016fvodkyn\u011b Sedny","_yoast_wpseo_metadesc":"Qailertetang je duch po\u010das\u00ed a spole\u010dnice Sedny, str\u00e1\u017ekyn\u011b zv\u00ed\u0159at u Inuit\u016f z Baffinova ostrova. Religionistick\u00e9 za\u0159azen\u00ed a prameny.","_yoast_wpseo_meta-robots-noindex":"","_yoast_wpseo_canonical":"","_angie_page":false,"gefaehrdungsstufe":"","wesen_kultur":"","wesen_klasse":"","footnotes":""},"categories":[],"class_list":["post-145535","page","type-page","status-publish","has-post-thumbnail","hentry"],"yoast_head":"<!-- This site is optimized with the Yoast SEO Premium plugin v27.7 (Yoast SEO v28.3) - https:\/\/yoast.com\/product\/yoast-seo-premium-wordpress\/ -->\n<title>Qailertetang - duch po\u010das\u00ed a pr\u016fvodkyn\u011b Sedny<\/title>\n<meta name=\"description\" content=\"Qailertetang je duch po\u010das\u00ed a spole\u010dnice Sedny, str\u00e1\u017ekyn\u011b zv\u00ed\u0159at u Inuit\u016f z Baffinova ostrova. Religionistick\u00e9 za\u0159azen\u00ed a prameny.\" \/>\n<meta name=\"robots\" content=\"index, follow, max-snippet:-1, max-image-preview:large, max-video-preview:-1\" \/>\n<link rel=\"canonical\" href=\"https:\/\/iwell-guard.com\/cs\/qailertetang-spolecnice-pocasi-strazkyne-zvirat\/\" \/>\n<meta property=\"og:locale\" content=\"cs_CZ\" \/>\n<meta property=\"og:type\" content=\"article\" \/>\n<meta property=\"og:title\" content=\"Qailertetang - spole\u010dnice po\u010das\u00ed a str\u00e1\u017ekyn\u011b zv\u00ed\u0159at\" \/>\n<meta property=\"og:description\" content=\"Qailertetang je duch po\u010das\u00ed a spole\u010dnice Sedny, str\u00e1\u017ekyn\u011b zv\u00ed\u0159at u Inuit\u016f z Baffinova ostrova. Religionistick\u00e9 za\u0159azen\u00ed a prameny.\" \/>\n<meta property=\"og:url\" content=\"https:\/\/iwell-guard.com\/cs\/qailertetang-spolecnice-pocasi-strazkyne-zvirat\/\" \/>\n<meta property=\"og:site_name\" content=\"iWell Guard\" \/>\n<meta property=\"article:modified_time\" content=\"2026-09-03T16:58:38+00:00\" \/>\n<meta property=\"og:image\" content=\"https:\/\/iwell-guard.com\/wp-content\/uploads\/2026\/05\/geister_inuit_qailertetang.webp\" \/>\n\t<meta property=\"og:image:width\" content=\"1024\" \/>\n\t<meta property=\"og:image:height\" content=\"1536\" \/>\n\t<meta property=\"og:image:type\" content=\"image\/webp\" \/>\n<meta name=\"twitter:card\" content=\"summary_large_image\" \/>\n<script type=\"application\/ld+json\" class=\"yoast-schema-graph\">{\"@context\":\"https:\\\/\\\/schema.org\",\"@graph\":[{\"@type\":\"WebPage\",\"@id\":\"https:\\\/\\\/iwell-guard.com\\\/cs\\\/qailertetang-spolecnice-pocasi-strazkyne-zvirat\\\/\",\"url\":\"https:\\\/\\\/iwell-guard.com\\\/cs\\\/qailertetang-spolecnice-pocasi-strazkyne-zvirat\\\/\",\"name\":\"Qailertetang - duch po\u010das\u00ed a pr\u016fvodkyn\u011b Sedny\",\"isPartOf\":{\"@id\":\"https:\\\/\\\/iwell-guard.com\\\/cs\\\/#website\"},\"primaryImageOfPage\":{\"@id\":\"https:\\\/\\\/iwell-guard.com\\\/cs\\\/qailertetang-spolecnice-pocasi-strazkyne-zvirat\\\/#primaryimage\"},\"image\":{\"@id\":\"https:\\\/\\\/iwell-guard.com\\\/cs\\\/qailertetang-spolecnice-pocasi-strazkyne-zvirat\\\/#primaryimage\"},\"thumbnailUrl\":\"https:\\\/\\\/iwell-guard.com\\\/wp-content\\\/uploads\\\/2026\\\/05\\\/geister_inuit_qailertetang.webp\",\"datePublished\":\"2026-09-03T16:31:19+00:00\",\"dateModified\":\"2026-09-03T16:58:38+00:00\",\"description\":\"Qailertetang je duch po\u010das\u00ed a spole\u010dnice Sedny, str\u00e1\u017ekyn\u011b zv\u00ed\u0159at u Inuit\u016f z Baffinova ostrova. Religionistick\u00e9 za\u0159azen\u00ed a prameny.\",\"breadcrumb\":{\"@id\":\"https:\\\/\\\/iwell-guard.com\\\/cs\\\/qailertetang-spolecnice-pocasi-strazkyne-zvirat\\\/#breadcrumb\"},\"inLanguage\":\"cs\",\"potentialAction\":[{\"@type\":\"ReadAction\",\"target\":[\"https:\\\/\\\/iwell-guard.com\\\/cs\\\/qailertetang-spolecnice-pocasi-strazkyne-zvirat\\\/\"]}]},{\"@type\":\"ImageObject\",\"inLanguage\":\"cs\",\"@id\":\"https:\\\/\\\/iwell-guard.com\\\/cs\\\/qailertetang-spolecnice-pocasi-strazkyne-zvirat\\\/#primaryimage\",\"url\":\"https:\\\/\\\/iwell-guard.com\\\/wp-content\\\/uploads\\\/2026\\\/05\\\/geister_inuit_qailertetang.webp\",\"contentUrl\":\"https:\\\/\\\/iwell-guard.com\\\/wp-content\\\/uploads\\\/2026\\\/05\\\/geister_inuit_qailertetang.webp\",\"width\":1024,\"height\":1536,\"caption\":\"Duchov\u00e9 z inuitsk\u00e9 tradice.\"},{\"@type\":\"BreadcrumbList\",\"@id\":\"https:\\\/\\\/iwell-guard.com\\\/cs\\\/qailertetang-spolecnice-pocasi-strazkyne-zvirat\\\/#breadcrumb\",\"itemListElement\":[{\"@type\":\"ListItem\",\"position\":1,\"name\":\"Start\",\"item\":\"https:\\\/\\\/iwell-guard.com\\\/cs\\\/?page_id=145107\"},{\"@type\":\"ListItem\",\"position\":2,\"name\":\"Qailertetang &#8211; spole\u010dnice po\u010das\u00ed a str\u00e1\u017ekyn\u011b zv\u00ed\u0159at\"}]},{\"@type\":\"WebSite\",\"@id\":\"https:\\\/\\\/iwell-guard.com\\\/cs\\\/#website\",\"url\":\"https:\\\/\\\/iwell-guard.com\\\/cs\\\/\",\"name\":\"iWell Guard\",\"description\":\"Schutz vor dunklen Einfl\u00fcssen\",\"publisher\":{\"@id\":\"https:\\\/\\\/iwell-guard.com\\\/cs\\\/#organization\"},\"potentialAction\":[{\"@type\":\"SearchAction\",\"target\":{\"@type\":\"EntryPoint\",\"urlTemplate\":\"https:\\\/\\\/iwell-guard.com\\\/cs\\\/?s={search_term_string}\"},\"query-input\":{\"@type\":\"PropertyValueSpecification\",\"valueRequired\":true,\"valueName\":\"search_term_string\"}}],\"inLanguage\":\"cs\"},{\"@type\":\"Organization\",\"@id\":\"https:\\\/\\\/iwell-guard.com\\\/cs\\\/#organization\",\"name\":\"Ittermann electronic GmbH\",\"url\":\"https:\\\/\\\/iwell-guard.com\\\/cs\\\/\",\"logo\":{\"@type\":\"ImageObject\",\"inLanguage\":\"cs\",\"@id\":\"https:\\\/\\\/iwell-guard.com\\\/cs\\\/#\\\/schema\\\/logo\\\/image\\\/\",\"url\":\"https:\\\/\\\/iwell-guard.com\\\/wp-content\\\/uploads\\\/2026\\\/05\\\/Ittermann-Logo-1182x237-1.png\",\"contentUrl\":\"https:\\\/\\\/iwell-guard.com\\\/wp-content\\\/uploads\\\/2026\\\/05\\\/Ittermann-Logo-1182x237-1.png\",\"width\":1182,\"height\":237,\"caption\":\"Ittermann electronic GmbH\"},\"image\":{\"@id\":\"https:\\\/\\\/iwell-guard.com\\\/cs\\\/#\\\/schema\\\/logo\\\/image\\\/\"},\"sameAs\":[\"https:\\\/\\\/pantip.com\\\/profile\\\/9367242\",\"https:\\\/\\\/micro.blog\\\/iwellguard\",\"https:\\\/\\\/www.diggerslist.com\\\/iwellguard\\\/about\",\"https:\\\/\\\/skitterphoto.com\\\/photographers\\\/2870314\\\/iwell-guard\",\"https:\\\/\\\/iwellguard.wordpress.com\\\/2026\\\/06\\\/06\\\/iwell-guard\\\/\",\"https:\\\/\\\/hub.docker.com\\\/u\\\/iwellguard\",\"https:\\\/\\\/www.pinterest.com\\\/iwellguard\\\/\",\"https:\\\/\\\/bit.ly\\\/m\\\/iwellguard\",\"https:\\\/\\\/entre-vos-mains.alsace.eu\\\/profiles\\\/iwellguard\\\/activity\",\"https:\\\/\\\/gravatar.com\\\/reallybeded8fd34\",\"https:\\\/\\\/naijamatta.com\\\/iwellguard\",\"https:\\\/\\\/www.goodreads.com\\\/iwellguard\",\"https:\\\/\\\/profile.hatena.ne.jp\\\/iwellguard\\\/\",\"https:\\\/\\\/experiment.com\\\/users\\\/iwellguard\",\"https:\\\/\\\/wakelet.com\\\/@iWellGuard82270\",\"https:\\\/\\\/www.chordie.com\\\/forum\\\/profile.php?id=2555664\",\"https:\\\/\\\/www.instapaper.com\\\/p\\\/17757966\",\"https:\\\/\\\/www.mapleprimes.com\\\/users\\\/iwellguard\",\"https:\\\/\\\/businesslistingplus.com\\\/profile\\\/iwell-guard\\\/\",\"https:\\\/\\\/telegra.ph\\\/iWell-Guard-06-06\",\"https:\\\/\\\/pbase.com\\\/iwellguard\\\/iwellguard\",\"https:\\\/\\\/b.hatena.ne.jp\\\/iwellguard\\\/20260607#bookmark-4788405196491818882\",\"https:\\\/\\\/fliphtml5.com\\\/home\\\/iwellguard\",\"https:\\\/\\\/anyflip.com\\\/homepage\\\/cmiwl#About\",\"https:\\\/\\\/transfur.com\\\/Users\\\/iwellguard\",\"http:\\\/\\\/delphi.larsbo.org\\\/user\\\/iwellguard\",\"https:\\\/\\\/jobs.lajobsportal.org\\\/profiles\\\/8380803-iwell-guard\",\"https:\\\/\\\/md.chaosdorf.de\\\/s\\\/jfbe5SBdJD\",\"https:\\\/\\\/www.lingvolive.com\\\/en-us\\\/profile\\\/9ecaeaca-ce11-4e51-9e71-01d55e2bff36\\\/translations\",\"https:\\\/\\\/www.fitday.com\\\/fitness\\\/forums\\\/members\\\/iwellguard.html\",\"https:\\\/\\\/www.mymeetbook.com\\\/iwellguard\",\"https:\\\/\\\/pxhere.com\\\/en\\\/photographer-me\\\/5040798\",\"https:\\\/\\\/disqus.com\\\/by\\\/iwellguard\\\/about\\\/\",\"https:\\\/\\\/pastelink.net\\\/hjwciqwq\",\"https:\\\/\\\/pubhtml5.com\\\/homepage\\\/scjhn\\\/\",\"https:\\\/\\\/www.bitchute.com\\\/channel\\\/2O2eOKzNqujT\",\"https:\\\/\\\/audiomack.com\\\/iwellguard\"]}]}<\/script>\n<!-- \/ Yoast SEO Premium plugin. -->","yoast_head_json":{"title":"Qailertetang - duch po\u010das\u00ed a pr\u016fvodkyn\u011b Sedny","description":"Qailertetang je duch po\u010das\u00ed a spole\u010dnice Sedny, str\u00e1\u017ekyn\u011b zv\u00ed\u0159at u Inuit\u016f z Baffinova ostrova. Religionistick\u00e9 za\u0159azen\u00ed a prameny.","robots":{"index":"index","follow":"follow","max-snippet":"max-snippet:-1","max-image-preview":"max-image-preview:large","max-video-preview":"max-video-preview:-1"},"canonical":"https:\/\/iwell-guard.com\/cs\/qailertetang-spolecnice-pocasi-strazkyne-zvirat\/","og_locale":"cs_CZ","og_type":"article","og_title":"Qailertetang - spole\u010dnice po\u010das\u00ed a str\u00e1\u017ekyn\u011b zv\u00ed\u0159at","og_description":"Qailertetang je duch po\u010das\u00ed a spole\u010dnice Sedny, str\u00e1\u017ekyn\u011b zv\u00ed\u0159at u Inuit\u016f z Baffinova ostrova. Religionistick\u00e9 za\u0159azen\u00ed a prameny.","og_url":"https:\/\/iwell-guard.com\/cs\/qailertetang-spolecnice-pocasi-strazkyne-zvirat\/","og_site_name":"iWell Guard","article_modified_time":"2026-09-03T16:58:38+00:00","og_image":[{"width":1024,"height":1536,"url":"https:\/\/iwell-guard.com\/wp-content\/uploads\/2026\/05\/geister_inuit_qailertetang.webp","type":"image\/webp"}],"twitter_card":"summary_large_image","schema":{"@context":"https:\/\/schema.org","@graph":[{"@type":"WebPage","@id":"https:\/\/iwell-guard.com\/cs\/qailertetang-spolecnice-pocasi-strazkyne-zvirat\/","url":"https:\/\/iwell-guard.com\/cs\/qailertetang-spolecnice-pocasi-strazkyne-zvirat\/","name":"Qailertetang - duch po\u010das\u00ed a pr\u016fvodkyn\u011b Sedny","isPartOf":{"@id":"https:\/\/iwell-guard.com\/cs\/#website"},"primaryImageOfPage":{"@id":"https:\/\/iwell-guard.com\/cs\/qailertetang-spolecnice-pocasi-strazkyne-zvirat\/#primaryimage"},"image":{"@id":"https:\/\/iwell-guard.com\/cs\/qailertetang-spolecnice-pocasi-strazkyne-zvirat\/#primaryimage"},"thumbnailUrl":"https:\/\/iwell-guard.com\/wp-content\/uploads\/2026\/05\/geister_inuit_qailertetang.webp","datePublished":"2026-09-03T16:31:19+00:00","dateModified":"2026-09-03T16:58:38+00:00","description":"Qailertetang je duch po\u010das\u00ed a spole\u010dnice Sedny, str\u00e1\u017ekyn\u011b zv\u00ed\u0159at u Inuit\u016f z Baffinova ostrova. Religionistick\u00e9 za\u0159azen\u00ed a prameny.","breadcrumb":{"@id":"https:\/\/iwell-guard.com\/cs\/qailertetang-spolecnice-pocasi-strazkyne-zvirat\/#breadcrumb"},"inLanguage":"cs","potentialAction":[{"@type":"ReadAction","target":["https:\/\/iwell-guard.com\/cs\/qailertetang-spolecnice-pocasi-strazkyne-zvirat\/"]}]},{"@type":"ImageObject","inLanguage":"cs","@id":"https:\/\/iwell-guard.com\/cs\/qailertetang-spolecnice-pocasi-strazkyne-zvirat\/#primaryimage","url":"https:\/\/iwell-guard.com\/wp-content\/uploads\/2026\/05\/geister_inuit_qailertetang.webp","contentUrl":"https:\/\/iwell-guard.com\/wp-content\/uploads\/2026\/05\/geister_inuit_qailertetang.webp","width":1024,"height":1536,"caption":"Duchov\u00e9 z inuitsk\u00e9 tradice."},{"@type":"BreadcrumbList","@id":"https:\/\/iwell-guard.com\/cs\/qailertetang-spolecnice-pocasi-strazkyne-zvirat\/#breadcrumb","itemListElement":[{"@type":"ListItem","position":1,"name":"Start","item":"https:\/\/iwell-guard.com\/cs\/?page_id=145107"},{"@type":"ListItem","position":2,"name":"Qailertetang &#8211; spole\u010dnice po\u010das\u00ed a str\u00e1\u017ekyn\u011b zv\u00ed\u0159at"}]},{"@type":"WebSite","@id":"https:\/\/iwell-guard.com\/cs\/#website","url":"https:\/\/iwell-guard.com\/cs\/","name":"iWell Guard","description":"Schutz vor dunklen Einfl\u00fcssen","publisher":{"@id":"https:\/\/iwell-guard.com\/cs\/#organization"},"potentialAction":[{"@type":"SearchAction","target":{"@type":"EntryPoint","urlTemplate":"https:\/\/iwell-guard.com\/cs\/?s={search_term_string}"},"query-input":{"@type":"PropertyValueSpecification","valueRequired":true,"valueName":"search_term_string"}}],"inLanguage":"cs"},{"@type":"Organization","@id":"https:\/\/iwell-guard.com\/cs\/#organization","name":"Ittermann electronic GmbH","url":"https:\/\/iwell-guard.com\/cs\/","logo":{"@type":"ImageObject","inLanguage":"cs","@id":"https:\/\/iwell-guard.com\/cs\/#\/schema\/logo\/image\/","url":"https:\/\/iwell-guard.com\/wp-content\/uploads\/2026\/05\/Ittermann-Logo-1182x237-1.png","contentUrl":"https:\/\/iwell-guard.com\/wp-content\/uploads\/2026\/05\/Ittermann-Logo-1182x237-1.png","width":1182,"height":237,"caption":"Ittermann electronic GmbH"},"image":{"@id":"https:\/\/iwell-guard.com\/cs\/#\/schema\/logo\/image\/"},"sameAs":["https:\/\/pantip.com\/profile\/9367242","https:\/\/micro.blog\/iwellguard","https:\/\/www.diggerslist.com\/iwellguard\/about","https:\/\/skitterphoto.com\/photographers\/2870314\/iwell-guard","https:\/\/iwellguard.wordpress.com\/2026\/06\/06\/iwell-guard\/","https:\/\/hub.docker.com\/u\/iwellguard","https:\/\/www.pinterest.com\/iwellguard\/","https:\/\/bit.ly\/m\/iwellguard","https:\/\/entre-vos-mains.alsace.eu\/profiles\/iwellguard\/activity","https:\/\/gravatar.com\/reallybeded8fd34","https:\/\/naijamatta.com\/iwellguard","https:\/\/www.goodreads.com\/iwellguard","https:\/\/profile.hatena.ne.jp\/iwellguard\/","https:\/\/experiment.com\/users\/iwellguard","https:\/\/wakelet.com\/@iWellGuard82270","https:\/\/www.chordie.com\/forum\/profile.php?id=2555664","https:\/\/www.instapaper.com\/p\/17757966","https:\/\/www.mapleprimes.com\/users\/iwellguard","https:\/\/businesslistingplus.com\/profile\/iwell-guard\/","https:\/\/telegra.ph\/iWell-Guard-06-06","https:\/\/pbase.com\/iwellguard\/iwellguard","https:\/\/b.hatena.ne.jp\/iwellguard\/20260607#bookmark-4788405196491818882","https:\/\/fliphtml5.com\/home\/iwellguard","https:\/\/anyflip.com\/homepage\/cmiwl#About","https:\/\/transfur.com\/Users\/iwellguard","http:\/\/delphi.larsbo.org\/user\/iwellguard","https:\/\/jobs.lajobsportal.org\/profiles\/8380803-iwell-guard","https:\/\/md.chaosdorf.de\/s\/jfbe5SBdJD","https:\/\/www.lingvolive.com\/en-us\/profile\/9ecaeaca-ce11-4e51-9e71-01d55e2bff36\/translations","https:\/\/www.fitday.com\/fitness\/forums\/members\/iwellguard.html","https:\/\/www.mymeetbook.com\/iwellguard","https:\/\/pxhere.com\/en\/photographer-me\/5040798","https:\/\/disqus.com\/by\/iwellguard\/about\/","https:\/\/pastelink.net\/hjwciqwq","https:\/\/pubhtml5.com\/homepage\/scjhn\/","https:\/\/www.bitchute.com\/channel\/2O2eOKzNqujT","https:\/\/audiomack.com\/iwellguard"]}]}},"_links":{"self":[{"href":"https:\/\/iwell-guard.com\/cs\/wp-json\/wp\/v2\/pages\/145535","targetHints":{"allow":["GET"]}}],"collection":[{"href":"https:\/\/iwell-guard.com\/cs\/wp-json\/wp\/v2\/pages"}],"about":[{"href":"https:\/\/iwell-guard.com\/cs\/wp-json\/wp\/v2\/types\/page"}],"author":[{"embeddable":true,"href":"https:\/\/iwell-guard.com\/cs\/wp-json\/wp\/v2\/users\/3"}],"replies":[{"embeddable":true,"href":"https:\/\/iwell-guard.com\/cs\/wp-json\/wp\/v2\/comments?post=145535"}],"version-history":[{"count":0,"href":"https:\/\/iwell-guard.com\/cs\/wp-json\/wp\/v2\/pages\/145535\/revisions"}],"wp:featuredmedia":[{"embeddable":true,"href":"https:\/\/iwell-guard.com\/cs\/wp-json\/wp\/v2\/media\/2878"}],"wp:attachment":[{"href":"https:\/\/iwell-guard.com\/cs\/wp-json\/wp\/v2\/media?parent=145535"}],"wp:term":[{"taxonomy":"category","embeddable":true,"href":"https:\/\/iwell-guard.com\/cs\/wp-json\/wp\/v2\/categories?post=145535"}],"curies":[{"name":"wp","href":"https:\/\/api.w.org\/{rel}","templated":true}]}}