{"id":145534,"date":"2026-09-03T16:31:18","date_gmt":"2026-09-03T16:31:18","guid":{"rendered":"https:\/\/iwell-guard.com\/?page_id=145534"},"modified":"2026-09-03T16:58:37","modified_gmt":"2026-09-03T16:58:37","slug":"malina-slunecni-bohyne-inuitu","status":"publish","type":"page","link":"https:\/\/iwell-guard.com\/cs\/malina-slunecni-bohyne-inuitu\/","title":{"rendered":"Malina &#8211; slune\u010dn\u00ed bohyn\u011b Inuit\u016f"},"content":{"rendered":"\t\t<div data-elementor-type=\"wp-page\" data-elementor-id=\"145534\" class=\"elementor elementor-145534 elementor-2662 elementor-bc-flex-widget\" data-elementor-post-type=\"page\">\n\t\t\t\t<div class=\"elementor-element elementor-element-iwgw-malinainui-hero e-flex e-con-boxed e-con e-parent\" data-id=\"iwgw-malinainui-hero\" data-element_type=\"container\" data-e-type=\"container\" data-settings=\"{&quot;background_background&quot;:&quot;classic&quot;}\">\n\t\t\t\t\t<div class=\"e-con-inner\">\n\t\t<div class=\"elementor-element elementor-element-iwgw-malinainui-hl e-flex e-con-boxed e-con e-child\" data-id=\"iwgw-malinainui-hl\" data-element_type=\"container\" data-e-type=\"container\">\n\t\t\t\t\t<div class=\"e-con-inner\">\n\t\t<div class=\"elementor-element elementor-element-iwgw-malinainui-htxt e-con-full e-flex e-con e-child\" data-id=\"iwgw-malinainui-htxt\" data-element_type=\"container\" data-e-type=\"container\">\n\t\t\t\t<div class=\"elementor-element elementor-element-iwgw-malinainui-h1 elementor-widget elementor-widget-heading\" data-id=\"iwgw-malinainui-h1\" data-element_type=\"widget\" data-e-type=\"widget\" data-widget_type=\"heading.default\">\n\t\t\t\t\t<h1 class=\"elementor-heading-title elementor-size-default\">Malina - slune\u010dn\u00ed bohyn\u011b a sestra M\u011bs\u00edce v inuitsk\u00e9 tradici<\/h1>\t\t\t\t<\/div>\n\t\t\t\t<div class=\"elementor-element elementor-element-iwgw-malinainui-lead elementor-widget elementor-widget-text-editor\" data-id=\"iwgw-malinainui-lead\" data-element_type=\"widget\" data-e-type=\"widget\" data-widget_type=\"text-editor.default\">\n\t\t\t\t\t\t\t\t\t<p>Malina je v centr\u00e1ln\u011b arktick\u00e9 <a href=\"https:\/\/iwell-guard.com\/cs\/inuite-arktida-sedna-tornit-praxe\/\">inuitsk\u00e9<\/a> tradici slune\u010dn\u00ed bohyn\u00ed, sestrou m\u011bs\u00edce <a href=\"https:\/\/iwell-guard.com\/cs\/?page_id=145533\">Igaluka<\/a> a hlavn\u00ed postavou jednoho z \u00fast\u0159edn\u00edch inuitsk\u00fdch m\u00fdt\u016f. Jej\u00ed \u00fat\u011bk p\u0159ed bratrem vysv\u011btluje odd\u011blen\u00ed dne a noci. Religionisticky je paradigmatickou \u017eenskou slune\u010dn\u00ed bohyn\u00ed cirkumpol\u00e1rn\u00ed oblasti.<\/p>\t\t\t\t\t\t\t\t<\/div>\n\t\t\t\t<\/div>\n\t\t<div class=\"elementor-element elementor-element-iwgw-malinainui-pillc e-con-full e-flex e-con e-child\" data-id=\"iwgw-malinainui-pillc\" data-element_type=\"container\" data-e-type=\"container\">\n\t\t\t\t<div class=\"elementor-element elementor-element-iwgw-malinainui-pills elementor-widget elementor-widget-html\" data-id=\"iwgw-malinainui-pills\" data-element_type=\"widget\" data-e-type=\"widget\" data-widget_type=\"html.default\">\n\t\t\t\t\t<div class=\"iwg-pill-row\"><span class=\"iwg-klasse-badge\" tabindex=\"0\" data-tooltip=\"Bohyn\u011b tradice Inuit\u016f.\">Bohyn\u011b<\/span><a href=\"https:\/\/iwell-guard.com\/cs\/inuite-arktida-sedna-tornit-praxe\/\" class=\"iwg-kultur-badge\" tabindex=\"0\" data-tooltip=\"Mytologie tradice Inuit\u016f.\">Inuit\u00e9<\/a><span class=\"iwg-tradition-badge\" tabindex=\"0\" data-tooltip=\"Slune\u010dn\u00ed bohyn\u011b.\">Slune\u010dn\u00ed bohyn\u011b<\/span><\/div>\t\t\t\t<\/div>\n\t\t\t\t<\/div>\n\t\t<div class=\"elementor-element elementor-element-iwgw-malinainui-tocc e-con-full e-flex e-con e-child\" data-id=\"iwgw-malinainui-tocc\" data-element_type=\"container\" data-e-type=\"container\">\n\t\t\t\t<div class=\"elementor-element elementor-element-iwgw-malinainui-toc elementor-toc--minimized-on-tablet elementor-widget elementor-widget-table-of-contents\" data-id=\"iwgw-malinainui-toc\" data-element_type=\"widget\" data-e-type=\"widget\" data-settings=\"{&quot;headings_by_tags&quot;:[&quot;h2&quot;,&quot;h3&quot;],&quot;minimize_box&quot;:&quot;yes&quot;,&quot;marker_view&quot;:&quot;bullets&quot;,&quot;no_headings_message&quot;:&quot;Na t\\u00e9to str\\u00e1nce nebyly nalezeny \\u017e\\u00e1dn\\u00e9 nadpisy.&quot;,&quot;exclude_headings_by_selector&quot;:[],&quot;icon&quot;:{&quot;value&quot;:&quot;fas fa-circle&quot;,&quot;library&quot;:&quot;fa-solid&quot;,&quot;rendered_tag&quot;:&quot;&lt;svg class=\\&quot;e-font-icon-svg e-fas-circle\\&quot; viewBox=\\&quot;0 0 512 512\\&quot; xmlns=\\&quot;http:\\\/\\\/www.w3.org\\\/2000\\\/svg\\&quot;&gt;&lt;path d=\\&quot;M256 8C119 8 8 119 8 256s111 248 248 248 248-111 248-248S393 8 256 8z\\&quot;&gt;&lt;\\\/path&gt;&lt;\\\/svg&gt;&quot;},&quot;minimized_on&quot;:&quot;tablet&quot;,&quot;hierarchical_view&quot;:&quot;yes&quot;,&quot;min_height&quot;:{&quot;unit&quot;:&quot;px&quot;,&quot;size&quot;:&quot;&quot;,&quot;sizes&quot;:[]},&quot;min_height_tablet&quot;:{&quot;unit&quot;:&quot;px&quot;,&quot;size&quot;:&quot;&quot;,&quot;sizes&quot;:[]},&quot;min_height_mobile&quot;:{&quot;unit&quot;:&quot;px&quot;,&quot;size&quot;:&quot;&quot;,&quot;sizes&quot;:[]}}\" data-widget_type=\"table-of-contents.default\">\n\t\t\t\t\t\t\t\t\t<div class=\"elementor-toc__header\">\n\t\t\t\t\t\t<h2 class=\"elementor-toc__header-title\">\n\t\t\t\tObsah\t\t\t<\/h2>\n\t\t\t\t\t\t\t\t\t\t<div class=\"elementor-toc__toggle-button elementor-toc__toggle-button--expand\" role=\"button\" tabindex=\"0\" aria-controls=\"elementor-toc__iwgw-malinainui-toc\" aria-expanded=\"true\" aria-label=\"Open table of contents\"><svg aria-hidden=\"true\" class=\"e-font-icon-svg e-fas-chevron-down\" viewBox=\"0 0 448 512\" xmlns=\"http:\/\/www.w3.org\/2000\/svg\"><path d=\"M207.029 381.476L12.686 187.132c-9.373-9.373-9.373-24.569 0-33.941l22.667-22.667c9.357-9.357 24.522-9.375 33.901-.04L224 284.505l154.745-154.021c9.379-9.335 24.544-9.317 33.901.04l22.667 22.667c9.373 9.373 9.373 24.569 0 33.941L240.971 381.476c-9.373 9.372-24.569 9.372-33.942 0z\"><\/path><\/svg><\/div>\n\t\t\t\t<div class=\"elementor-toc__toggle-button elementor-toc__toggle-button--collapse\" role=\"button\" tabindex=\"0\" aria-controls=\"elementor-toc__iwgw-malinainui-toc\" aria-expanded=\"true\" aria-label=\"Close table of contents\"><svg aria-hidden=\"true\" class=\"e-font-icon-svg e-fas-chevron-up\" viewBox=\"0 0 448 512\" xmlns=\"http:\/\/www.w3.org\/2000\/svg\"><path d=\"M240.971 130.524l194.343 194.343c9.373 9.373 9.373 24.569 0 33.941l-22.667 22.667c-9.357 9.357-24.522 9.375-33.901.04L224 227.495 69.255 381.516c-9.379 9.335-24.544 9.317-33.901-.04l-22.667-22.667c-9.373-9.373-9.373-24.569 0-33.941L207.03 130.525c9.372-9.373 24.568-9.373 33.941-.001z\"><\/path><\/svg><\/div>\n\t\t\t\t\t<\/div>\n\t\t\t\t<div id=\"elementor-toc__iwgw-malinainui-toc\" class=\"elementor-toc__body\">\n\t\t\t<div class=\"elementor-toc__spinner-container\">\n\t\t\t\t<svg class=\"elementor-toc__spinner eicon-animation-spin e-font-icon-svg e-eicon-loading\" aria-hidden=\"true\" viewBox=\"0 0 1000 1000\" xmlns=\"http:\/\/www.w3.org\/2000\/svg\"><path d=\"M500 975V858C696 858 858 696 858 500S696 142 500 142 142 304 142 500H25C25 237 238 25 500 25S975 237 975 500 763 975 500 975Z\"><\/path><\/svg>\t\t\t<\/div>\n\t\t<\/div>\n\t\t\t\t\t\t<\/div>\n\t\t\t\t<\/div>\n\t\t\t\t\t<\/div>\n\t\t\t\t<\/div>\n\t\t<div class=\"elementor-element elementor-element-iwgw-malinainui-hr e-con-full e-flex e-con e-child\" data-id=\"iwgw-malinainui-hr\" data-element_type=\"container\" data-e-type=\"container\">\n\t\t\t\t<div class=\"elementor-element elementor-element-iwgw-malinainui-heroimg iwg-hero-image elementor-widget elementor-widget-image\" data-id=\"iwgw-malinainui-heroimg\" data-element_type=\"widget\" data-e-type=\"widget\" data-widget_type=\"image.default\">\n\t\t\t\t\t\t\t\t\t\t\t\t\t\t\t<img fetchpriority=\"high\" decoding=\"async\" width=\"683\" height=\"1024\" src=\"https:\/\/iwell-guard.com\/wp-content\/uploads\/2026\/05\/goetter_inuit_malina-inuit-683x1024.webp\" class=\"attachment-large size-large wp-image-147300\" alt=\"Malina Inuit \u2013 bohov\u00e9 z inuitsk\u00e9 tradice, historicko-ilustrativn\u00ed\" srcset=\"https:\/\/iwell-guard.com\/wp-content\/uploads\/2026\/05\/goetter_inuit_malina-inuit-683x1024.webp 683w, https:\/\/iwell-guard.com\/wp-content\/uploads\/2026\/05\/goetter_inuit_malina-inuit-200x300.webp 200w, https:\/\/iwell-guard.com\/wp-content\/uploads\/2026\/05\/goetter_inuit_malina-inuit-768x1152.webp 768w, https:\/\/iwell-guard.com\/wp-content\/uploads\/2026\/05\/goetter_inuit_malina-inuit.webp 1024w\" sizes=\"(max-width: 683px) 100vw, 683px\" \/>\t\t\t\t\t\t\t\t\t\t\t\t\t\t\t<\/div>\n\t\t\t\t<\/div>\n\t\t\t\t\t<\/div>\n\t\t\t\t<\/div>\n\t\t\t\t<section class=\"elementor-section elementor-top-section elementor-element elementor-element-sec-iwgcomp-malina-inuit elementor-section-boxed elementor-section-height-default elementor-section-height-default\" data-id=\"sec-iwgcomp-malina-inuit\" data-element_type=\"section\" data-e-type=\"section\">\n\t\t\t\t\t\t<div class=\"elementor-container elementor-column-gap-default\">\n\t\t\t\t\t<div class=\"elementor-column elementor-col-100 elementor-top-column elementor-element elementor-element-col-iwgcomp-malina-inuit\" data-id=\"col-iwgcomp-malina-inuit\" data-element_type=\"column\" data-e-type=\"column\">\n\t\t\t<div class=\"elementor-widget-wrap elementor-element-populated\">\n\t\t\t\t\t\t<div class=\"elementor-element elementor-element-iwgcomp-malina-inuit elementor-widget elementor-widget-text-editor\" data-id=\"iwgcomp-malina-inuit\" data-element_type=\"widget\" data-e-type=\"widget\" data-widget_type=\"text-editor.default\">\n\t\t\t\t\t\t\t\t\t<p>Malina je <strong>inuitsk\u00e1 slune\u010dn\u00ed bohyn\u011b<\/strong> a sestra m\u011bs\u00ed\u010dn\u00edho boha Igaluka v arktick\u00e9 <span class=\"iwg-fachbegriff\" data-tooltip=\"Souhrn tradovan\u00fdch vypr\u00e1v\u011bn\u00ed o boz\u00edch ur\u010dit\u00e9 kultury.\" tabindex=\"0\">mytologii<\/span>.<\/p>\t\t\t\t\t\t\t\t<\/div>\n\t\t\t\t\t<\/div>\n\t\t<\/div>\n\t\t\t\t\t<\/div>\n\t\t<\/section>\n\t\t<div class=\"elementor-element elementor-element-iwgw-malinainui-s0 e-flex e-con-boxed e-con e-parent\" data-id=\"iwgw-malinainui-s0\" data-element_type=\"container\" data-e-type=\"container\">\n\t\t\t\t\t<div class=\"e-con-inner\">\n\t\t\t\t<div class=\"elementor-element elementor-element-iwgw-malinainui-s0h elementor-widget elementor-widget-heading\" data-id=\"iwgw-malinainui-s0h\" data-element_type=\"widget\" data-e-type=\"widget\" data-widget_type=\"heading.default\">\n\t\t\t\t\t<h2 class=\"elementor-heading-title elementor-size-default\">Za\u0159azen\u00ed a stru\u010dn\u00fd profil<\/h2>\t\t\t\t<\/div>\n\t\t<div class=\"elementor-element elementor-element-iwgw-malinainui-s0c e-con-full e-flex e-con e-child\" data-id=\"iwgw-malinainui-s0c\" data-element_type=\"container\" data-e-type=\"container\">\n\t\t\t\t<div class=\"elementor-element elementor-element-iwgw-malinainui-s0t elementor-widget elementor-widget-text-editor\" data-id=\"iwgw-malinainui-s0t\" data-element_type=\"widget\" data-e-type=\"widget\" data-widget_type=\"text-editor.default\">\n\t\t\t\t\t\t\t\t\t<p>Malina je v inuitsk\u00e9m <span class=\"iwg-fachbegriff\" data-tooltip=\"Souhrn boh\u016f ur\u010dit\u00e9ho n\u00e1bo\u017eenstv\u00ed nebo kultury.\" tabindex=\"0\">panteonu<\/span> sluncem v personifikovan\u00e9 \u017eensk\u00e9 podob\u011b. Religionisticky je pozoruhodn\u00e9, \u017ee inuitsk\u00e1 tradice, podobn\u011b jako v\u011bt\u0161ina cirkumpol\u00e1rn\u00edch a severoevropsk\u00fdch tradic, poj\u00edm\u00e1 slunce jako \u017eensk\u00e9 a m\u011bs\u00edc jako mu\u017esk\u00fd, na rozd\u00edl od mnoha st\u0159edomo\u0159sk\u00fdch tradic, kde je tato polarita obr\u00e1cen\u00e1. Toto genderov\u00e9 p\u0159i\u0159azen\u00ed je d\u016fle\u017eit\u00fdm religionistick\u00fdm fenom\u00e9nem.<\/p><p>Malina nen\u00ed samostatn\u00fdm nez\u00e1visl\u00fdm <span class=\"iwg-fachbegriff\" data-tooltip=\"Bytost uct\u00edvan\u00e1 jako bo\u017esk\u00e1 v r\u00e1mci ur\u010dit\u00e9ho n\u00e1bo\u017eenstv\u00ed.\" tabindex=\"0\">bo\u017estvem<\/span>, ale v\u017edy je zmi\u0148ov\u00e1na ve vztahu k <span class=\"iwg-fachbegriff\" data-tooltip=\"Tradovan\u00e9 vypr\u00e1v\u011bn\u00ed o boz\u00edch, po\u010d\u00e1tc\u00edch a uspo\u0159\u00e1d\u00e1n\u00ed sv\u011bta.\" tabindex=\"0\">m\u00fdtu<\/span> o bratru Igalukovi. Jej\u00ed \u00fat\u011bk na nebe a neust\u00e1l\u00e9 pron\u00e1sledov\u00e1n\u00ed Igalukem strukturuj\u00ed denn\u00ed cyklus a t\u00edm i z\u00e1kladn\u00ed uspo\u0159\u00e1d\u00e1n\u00ed \u010dasu. Toto narativn\u00ed pouto k Igalukovi je religionisticky samostatn\u00fdm jevem.<\/p><p>I p\u0159es toto narativn\u00ed pouto m\u00e1 Malina vlastn\u00ed ritu\u00e1ln\u00ed funkce, p\u0159edev\u0161\u00edm v oblasti \u017eensk\u00fdch praktik, \u010distoty, porodu a chladn\u00e9 zimy, jej\u00ed\u017e konec zna\u010d\u00ed jej\u00ed n\u00e1vrat po pol\u00e1rn\u00ed noci. Jej\u00ed n\u00e1bo\u017eensk\u00fd v\u00fdznam je \u00fazce spojen s arktick\u00fdm ro\u010dn\u00edm cyklem a \u010din\u00ed z n\u00ed kl\u00ed\u010dovou postavu cyklick\u00e9ho pojet\u00ed \u010dasu u Inuit\u016f.<\/p><p>Slune\u010dn\u00ed bohyn\u011b Malina, jej\u00ed\u017e tradice je v\u017edy v\u00e1z\u00e1na na <span class=\"iwg-fachbegriff\" data-tooltip=\"Tradovan\u00e9 vypr\u00e1v\u011bn\u00ed o boz\u00edch, po\u010d\u00e1tc\u00edch a uspo\u0159\u00e1d\u00e1n\u00ed sv\u011bta.\" tabindex=\"0\">m\u00fdtus<\/span> o jej\u00edm bratru Igalukovi, byla nov\u011bj\u0161\u00ed badatelskou prac\u00ed zp\u0159\u00edstupn\u011bna pomoc\u00ed roz\u0161\u00ed\u0159en\u00fdch metodick\u00fdch p\u0159\u00edstup\u016f, kter\u00e9 spojuj\u00ed etnografickou p\u0159esnost, jazykovou kritiku pramen\u016f a srovn\u00e1vac\u00ed perspektivu. Dnes je sou\u010d\u00e1st\u00ed tohoto v\u00fdzkumu i samotn\u00e1 inuitsk\u00e1 znalostn\u00ed komunita, kter\u00e1 opravuje star\u0161\u00ed, \u010d\u00e1ste\u010dn\u011b koloni\u00e1ln\u011b zat\u00ed\u017een\u00e9 z\u00e1padn\u00ed interpretace.<\/p><p>Dopl\u0148uj\u00edc\u00ed vhled poskytuje tak\u00e9 religionn\u011b-sociologick\u00e1 ot\u00e1zka po funkci Maliny v soci\u00e1ln\u00edm uspo\u0159\u00e1d\u00e1n\u00ed tradi\u010dn\u00ed inuitsk\u00e9 komunity. Vzhledem k tomu, \u017ee jej\u00ed ritu\u00e1ln\u00ed v\u00fdznam byl v\u00e1z\u00e1n na \u017eensk\u00e9 praktiky, porod a ro\u010dn\u00ed cyklus, ukazuje se na jej\u00edm p\u0159\u00edkladu, \u017ee n\u00e1bo\u017eensk\u00e1 struktura nebyla odd\u011blena od spole\u010densk\u00e9 praxe, ale s n\u00ed \u00fazce propletena.<\/p><p>Toto propleten\u00ed tvo\u0159\u00ed samostatn\u00e9 religionn\u011b-antropologick\u00e9 badatelsk\u00e9 pole, kter\u00e9 systematicky prozkoumali p\u0159edev\u0161\u00edm Fr\u00e9d\u00e9ric Laugrand a Jarich Oosten.<\/p>\t\t\t\t\t\t\t\t<\/div>\n\t\t\t\t<\/div>\n\t\t\t\t\t<\/div>\n\t\t\t\t<\/div>\n\t\t<div class=\"elementor-element elementor-element-iwgw-malinainui-s1 e-flex e-con-boxed e-con e-parent\" data-id=\"iwgw-malinainui-s1\" data-element_type=\"container\" data-e-type=\"container\">\n\t\t\t\t\t<div class=\"e-con-inner\">\n\t\t\t\t<div class=\"elementor-element elementor-element-iwgw-malinainui-s1h elementor-widget elementor-widget-heading\" data-id=\"iwgw-malinainui-s1h\" data-element_type=\"widget\" data-e-type=\"widget\" data-widget_type=\"heading.default\">\n\t\t\t\t\t<h2 class=\"elementor-heading-title elementor-size-default\">Jm\u00e9no a etymologie<\/h2>\t\t\t\t<\/div>\n\t\t<div class=\"elementor-element elementor-element-iwgw-malinainui-s1c e-con-full e-flex e-con e-child\" data-id=\"iwgw-malinainui-s1c\" data-element_type=\"container\" data-e-type=\"container\">\n\t\t\t\t<div class=\"elementor-element elementor-element-iwgw-malinainui-s1t elementor-widget elementor-widget-text-editor\" data-id=\"iwgw-malinainui-s1t\" data-element_type=\"widget\" data-e-type=\"widget\" data-widget_type=\"text-editor.default\">\n\t\t\t\t\t\t\t\t\t<p>Jm\u00e9no Malina je nej\u010dast\u011bji dolo\u017eeno v z\u00e1padogr\u00f3nsk\u00e9m dialektu. Etymologicky nen\u00ed definitivn\u011b vyjasn\u011bno, mohlo by v\u0161ak souviset se kmenem <em>mali\u014b\u014buq<\/em>, kter\u00fd ozna\u010duje pron\u00e1sledov\u00e1n\u00ed. V\u011bdecky to odpov\u00edd\u00e1 vypr\u00e1v\u011bn\u00ed, v n\u011bm\u017e je struktura pron\u00e1sledov\u00e1n\u00ed \u00fast\u0159edn\u00edm <span class=\"iwg-fachbegriff\" data-tooltip=\"Opakuj\u00edc\u00ed se obsahov\u00fd prvek v um\u011bn\u00ed nebo vypr\u00e1v\u011bn\u00ed.\" tabindex=\"0\">motivem<\/span>.<\/p><p>Dal\u0161\u00edmi n\u00e1zvy pro slunce v inuitsk\u00fdch jazyc\u00edch jsou <em>seqineq<\/em>, <em>siqiniq<\/em> nebo <em>siqinniq<\/em>. Tyto n\u00e1zvy v\u0161ak ozna\u010duj\u00ed p\u0159edev\u0161\u00edm nebesk\u00fd objekt, nikoli personifikovanou bohyni. Tento rozd\u00edl je v\u011bdecky d\u016fle\u017eit\u00fd: ne ka\u017ed\u00e9 pojmenov\u00e1n\u00ed slunce nese teologickou podobu Maliny. Rozhoduj\u00edc\u00ed je zde metodick\u00e1 d\u016fslednost v pr\u00e1ci s prameny.<\/p><p>V Iglulik se vyskytuje forma Akycha nebo Malik, ve v\u00fdchodn\u00edm Gr\u00f3nsku Naajaa. Tato region\u00e1ln\u00ed variace odpov\u00edd\u00e1 obecn\u00e9 jazykov\u00e9 rozmanitosti inuitsk\u00e9ho sv\u011bta a m\u011bla by b\u00fdt zohledn\u011bna p\u0159i v\u011bdeck\u00e9m zpracov\u00e1n\u00ed. Systematick\u00e1 jazykov\u00e1 synt\u00e9za dosud chyb\u00ed.<\/p><p>Ve srovn\u00e1vac\u00ed <span class=\"iwg-fachbegriff\" data-tooltip=\"V\u011bda, kter\u00e1 zkoum\u00e1 n\u00e1bo\u017eenstv\u00ed srovn\u00e1vac\u00edm zp\u016fsobem a bez vyzn\u00e1n\u00ed v\u00edry.\" tabindex=\"0\">religionistice<\/span> zapad\u00e1 Malina do vzorce cirkumpol\u00e1rn\u00ed n\u00e1bo\u017eensk\u00e9 topografie, kter\u00fd se p\u0159es tis\u00edce kilometr\u016f udr\u017euje v p\u0159ekvapiv\u011b stabiln\u00ed struktu\u0159e. Tato strukturn\u00ed stabilita pat\u0159\u00ed religionisticky k nejn\u00e1padn\u011bj\u0161\u00edm poznatk\u016fm oboru a je dodnes p\u0159edm\u011btem diskuse.<\/p>\t\t\t\t\t\t\t\t<\/div>\n\t\t\t\t<\/div>\n\t\t\t\t\t<\/div>\n\t\t\t\t<\/div>\n\t\t<div class=\"elementor-element elementor-element-iwgw-malinainui-s2 e-flex e-con-boxed e-con e-parent\" data-id=\"iwgw-malinainui-s2\" data-element_type=\"container\" data-e-type=\"container\">\n\t\t\t\t\t<div class=\"e-con-inner\">\n\t\t\t\t<div class=\"elementor-element elementor-element-iwgw-malinainui-s2h elementor-widget elementor-widget-heading\" data-id=\"iwgw-malinainui-s2h\" data-element_type=\"widget\" data-e-type=\"widget\" data-widget_type=\"heading.default\">\n\t\t\t\t\t<h2 class=\"elementor-heading-title elementor-size-default\">M\u00fdtus o \u00fat\u011bku p\u0159ed incestem<\/h2>\t\t\t\t<\/div>\n\t\t<div class=\"elementor-element elementor-element-iwgw-malinainui-s2c e-con-full e-flex e-con e-child\" data-id=\"iwgw-malinainui-s2c\" data-element_type=\"container\" data-e-type=\"container\">\n\t\t\t\t<div class=\"elementor-element elementor-element-iwgw-malinainui-s2t elementor-widget elementor-widget-text-editor\" data-id=\"iwgw-malinainui-s2t\" data-element_type=\"widget\" data-e-type=\"widget\" data-widget_type=\"text-editor.default\">\n\t\t\t\t\t\t\t\t\t<p>Z\u00e1kladn\u00ed m\u00fdtus o Malin\u011b je toto\u017en\u00fd s m\u00fdtem o Igalukovi (<span class=\"iwg-fachbegriff\" data-tooltip=\"Tradovan\u00e9 vypr\u00e1v\u011bn\u00ed o boz\u00edch, po\u010d\u00e1tc\u00edch a uspo\u0159\u00e1d\u00e1n\u00ed sv\u011bta.\" tabindex=\"0\">m\u00fdtus<\/span>) a byl ji\u017e pops\u00e1n tam. Z perspektivy Maliny se jedn\u00e1 o vypr\u00e1v\u011bn\u00ed o \u017eensk\u00e9m sebeprosazen\u00ed a vytvo\u0159en\u00ed kosmick\u00e9ho \u0159\u00e1du prost\u0159ednictv\u00edm vlastn\u00edho \u00fat\u011bku. Tato perspektiva je v\u011bdecky produktivn\u00ed a byla explicitn\u011b formulov\u00e1na Birgitte Sonne a Pamelou Sternovou.<\/p><p>Malina sv\u00e9ho bratra ozna\u010d\u00ed sazemi, pozn\u00e1 jeho toto\u017enost, ze studu si u\u0159\u00edzne prsy, hod\u00ed mu je a s ho\u0159\u00edc\u00ed pochodn\u00ed uprchne na nebe. Jej\u00ed jas p\u0159evy\u0161uje jas jej\u00edho bratra, proto\u017ee prchla prvn\u00ed a strhla si jasn\u011bj\u0161\u00ed pochode\u0148. Igaluk ji n\u00e1sleduje, ale z\u016fst\u00e1v\u00e1 za n\u00ed.<\/p><p>V\u011bdecky vzato toto vypr\u00e1v\u011bn\u00ed nen\u00ed pasivn\u00edm narativem <span class=\"iwg-fachbegriff\" data-tooltip=\"Dar bo\u017estvu vyjad\u0159uj\u00edc\u00ed d\u00edky, prosbu nebo uct\u011bn\u00ed.\" tabindex=\"0\">ob\u011bti<\/span>, n\u00fdbr\u017e \u010dinem: Malina jedn\u00e1 t\u00edm, \u017ee se sama ozna\u010d\u00ed, sama se zmrza\u010d\u00ed, uprchne. Sluncem se st\u00e1v\u00e1 vlastn\u00ed iniciativou, ne bo\u017e\u00edm z\u00e1sahem. Tato aktivn\u00ed slo\u017eka si zaslou\u017e\u00ed zvl\u00e1\u0161tn\u00ed pozornost z hlediska fenomenologie n\u00e1bo\u017eenstv\u00ed a odli\u0161uje ji od \u010dist\u011b ob\u011btn\u00edch slune\u010dn\u00edch m\u00fdt\u016f.<\/p>\t\t\t\t\t\t\t\t<\/div>\n\t\t\t\t<\/div>\n\t\t\t\t\t<\/div>\n\t\t\t\t<\/div>\n\t\t<div class=\"elementor-element elementor-element-iwgw-malinainui-s3 e-flex e-con-boxed e-con e-parent\" data-id=\"iwgw-malinainui-s3\" data-element_type=\"container\" data-e-type=\"container\">\n\t\t\t\t\t<div class=\"e-con-inner\">\n\t\t\t\t<div class=\"elementor-element elementor-element-iwgw-malinainui-s3h elementor-widget elementor-widget-heading\" data-id=\"iwgw-malinainui-s3h\" data-element_type=\"widget\" data-e-type=\"widget\" data-widget_type=\"heading.default\">\n\t\t\t\t\t<h2 class=\"elementor-heading-title elementor-size-default\">Slunce, temnota a arktick\u00fd ro\u010dn\u00ed cyklus<\/h2>\t\t\t\t<\/div>\n\t\t<div class=\"elementor-element elementor-element-iwgw-malinainui-s3c e-con-full e-flex e-con e-child\" data-id=\"iwgw-malinainui-s3c\" data-element_type=\"container\" data-e-type=\"container\">\n\t\t\t\t<div class=\"elementor-element elementor-element-iwgw-malinainui-s3t elementor-widget elementor-widget-text-editor\" data-id=\"iwgw-malinainui-s3t\" data-element_type=\"widget\" data-e-type=\"widget\" data-widget_type=\"text-editor.default\">\n\t\t\t\t\t\t\t\t\t<p>N\u00e1bo\u017eensk\u00fd v\u00fdznam Maliny je utv\u00e1\u0159en arktick\u00fdm ro\u010dn\u00edm cyklem. Pol\u00e1rn\u00ed noc, kdy slunce t\u00fddny nevystoup\u00ed nad horizont, byla n\u00e1bo\u017eensky vysoce nabit\u00fdm stavem. N\u00e1vrat Maliny na ja\u0159e byl <span class=\"iwg-fachbegriff\" data-tooltip=\"N\u00e1le\u017eej\u00edc\u00ed k pevn\u011b stanoven\u00e9mu n\u00e1bo\u017eensk\u00e9mu \u00fakonu.\" tabindex=\"0\">ritu\u00e1ln\u011b<\/span> uv\u00edt\u00e1n, v n\u011bkter\u00fdch oblastech drobn\u00fdmi slavnostmi, v jin\u00fdch zvl\u00e1\u0161tn\u00edmi tabu.<\/p><p>Rasmussen z Igluliku uv\u00e1d\u00ed, \u017ee p\u0159i prvn\u00edm spat\u0159en\u00ed slunce po pol\u00e1rn\u00ed noci zp\u00edvaly d\u011bti zvl\u00e1\u0161tn\u00ed zp\u011bvy, kter\u00fdmi v\u00edtaly navr\u00e1tiv\u0161\u00ed se slune\u010dn\u00ed bohyni. Tato praxe se nedala srovnat s intenzivn\u00ed slavnostn\u00ed kulturou ji\u017en\u00edch slune\u010dn\u00edch kult\u016f, m\u011bla ale vlastn\u00ed ritu\u00e1ln\u00ed hloubku a v\u011bdeck\u00fd v\u00fdznam jako arktick\u00fd ritu\u00e1l v\u00edt\u00e1n\u00ed slunce.<\/p><p>V l\u00e9t\u011b, kdy slunce nezapad\u00e1, byla Malina jinou p\u0159\u00edtomnost\u00ed: neust\u00e1le viditelnou, jasnou, v jist\u00e9m ohledu ohromuj\u00edc\u00ed. Toto zdvojen\u00ed nep\u0159\u00edtomnosti a v\u0161udyp\u0159\u00edtomnosti je z hlediska fenomenologie n\u00e1bo\u017eenstv\u00ed zvl\u00e1\u0161tnost\u00ed arktick\u00e9 slune\u010dn\u00ed \u00facty a vytv\u00e1\u0159\u00ed n\u00e1bo\u017eensk\u00fd rytmus pro\u017e\u00edv\u00e1n\u00ed, kter\u00fd v m\u00edrn\u00e9m klimatick\u00e9m p\u00e1su nen\u00ed mo\u017en\u00fd.<\/p>\t\t\t\t\t\t\t\t<\/div>\n\t\t\t\t<\/div>\n\t\t\t\t\t<\/div>\n\t\t\t\t<\/div>\n\t\t<div class=\"elementor-element elementor-element-iwgw-malinainui-s4 e-flex e-con-boxed e-con e-parent\" data-id=\"iwgw-malinainui-s4\" data-element_type=\"container\" data-e-type=\"container\">\n\t\t\t\t\t<div class=\"e-con-inner\">\n\t\t\t\t<div class=\"elementor-element elementor-element-iwgw-malinainui-s4h elementor-widget elementor-widget-heading\" data-id=\"iwgw-malinainui-s4h\" data-element_type=\"widget\" data-e-type=\"widget\" data-widget_type=\"heading.default\">\n\t\t\t\t\t<h2 class=\"elementor-heading-title elementor-size-default\">Malina a \u017eensk\u00e1 praxe<\/h2>\t\t\t\t<\/div>\n\t\t<div class=\"elementor-element elementor-element-iwgw-malinainui-s4c e-con-full e-flex e-con e-child\" data-id=\"iwgw-malinainui-s4c\" data-element_type=\"container\" data-e-type=\"container\">\n\t\t\t\t<div class=\"elementor-element elementor-element-iwgw-malinainui-s4t elementor-widget elementor-widget-text-editor\" data-id=\"iwgw-malinainui-s4t\" data-element_type=\"widget\" data-e-type=\"widget\" data-widget_type=\"text-editor.default\">\n\t\t\t\t\t\t\t\t\t<p>Malina je n\u00e1bo\u017eensky prakticky bl\u00edzk\u00e1 zejm\u00e9na \u017een\u00e1m. Byla vz\u00fdv\u00e1na p\u0159i porodu, menstruaci a v tabuizovan\u00fdch f\u00e1z\u00edch, kter\u00e9 utv\u00e1\u0159ej\u00ed \u017eensk\u00fd \u017eivot. N\u00e1bo\u017eensk\u00e1 p\u0159edstava spo\u010d\u00edvala v tom, \u017ee slunce jako star\u0161\u00ed, zku\u0161en\u00e1 \u017eena je vn\u00edmav\u00e9 k pro\u017eitk\u016fm lidsk\u00fdch \u017een. Tato konstelace empatie je z hlediska fenomenologie n\u00e1bo\u017eenstv\u00ed vlastn\u00edm jevem.<\/p><p>S Malinou byly spojeny ur\u010dit\u00e9 ritu\u00e1ly, nap\u0159\u00edklad \u010dist\u00edc\u00ed koupele ve snihu nebo no\u0161en\u00ed ur\u010dit\u00fdch amulet\u016f. V\u011bdecky to pat\u0159\u00ed do \u0161ir\u0161\u00ed t\u0159\u00eddy \u017eensk\u00fdch slune\u010dn\u00ed kult\u016f, kter\u00e9 jsou v obm\u011bn\u00e1ch dolo\u017eeny v cirkumpol\u00e1rn\u00ed oblasti a tvo\u0159\u00ed vlastn\u00ed srovn\u00e1vac\u00ed badatelsk\u00e9 pole.<\/p><p>U Karibsk\u00fdch Inuit\u016f byla tato vazba m\u00e9n\u011b v\u00fdrazn\u00e1 ne\u017e u Iglulikan\u016f. Region\u00e1ln\u00ed variace je zna\u010dn\u00e1 a nem\u011blo by se z toho vytv\u00e1\u0159et jednotn\u00e1 Malinina <span class=\"iwg-fachbegriff\" data-tooltip=\"V\u011bdeck\u00e1 nauka o bohu a v\u00ed\u0159e ur\u010dit\u00e9ho n\u00e1bo\u017eenstv\u00ed.\" tabindex=\"0\">teologie<\/span>. V\u011bdeckou \u00falohou je diferencovan\u00e9 region\u00e1ln\u00ed popis m\u00edsto harmonizuj\u00edc\u00ed synt\u00e9zy.<\/p>\t\t\t\t\t\t\t\t<\/div>\n\t\t\t\t<\/div>\n\t\t\t\t\t<\/div>\n\t\t\t\t<\/div>\n\t\t<div class=\"elementor-element elementor-element-iwgw-malinainui-s5 e-flex e-con-boxed e-con e-parent\" data-id=\"iwgw-malinainui-s5\" data-element_type=\"container\" data-e-type=\"container\">\n\t\t\t\t\t<div class=\"e-con-inner\">\n\t\t\t\t<div class=\"elementor-element elementor-element-iwgw-malinainui-s5h elementor-widget elementor-widget-heading\" data-id=\"iwgw-malinainui-s5h\" data-element_type=\"widget\" data-e-type=\"widget\" data-widget_type=\"heading.default\">\n\t\t\t\t\t<h2 class=\"elementor-heading-title elementor-size-default\">Slunce jako symbol nad\u011bje a \u010dasu<\/h2>\t\t\t\t<\/div>\n\t\t<div class=\"elementor-element elementor-element-iwgw-malinainui-s5c e-con-full e-flex e-con e-child\" data-id=\"iwgw-malinainui-s5c\" data-element_type=\"container\" data-e-type=\"container\">\n\t\t\t\t<div class=\"elementor-element elementor-element-iwgw-malinainui-s5t elementor-widget elementor-widget-text-editor\" data-id=\"iwgw-malinainui-s5t\" data-element_type=\"widget\" data-e-type=\"widget\" data-widget_type=\"text-editor.default\">\n\t\t\t\t\t\t\t\t\t<p>V \u0161amansk\u00e9 praxi mohla b\u00fdt Malina vz\u00fdv\u00e1na jako symbol nad\u011bje. P\u0159i nemoci, hladu nebo zoufalstv\u00ed byl jej\u00ed n\u00e1vrat z pol\u00e1rn\u00ed noci interpretov\u00e1n jako vzor obratu k lep\u0161\u00edmu. \u0160amani v tranzu nepodnikali cestu ke slunci prioritn\u011b tak, jako k m\u011bs\u00edci, mohli si ale n\u00e1rokovat jeho s\u00edlu jako podporu.<\/p><p>Malina \u010dasov\u011b strukturuje denn\u00ed cyklus. Zat\u00edmco lun\u00e1rn\u00ed cykly ur\u010duj\u00ed m\u011bs\u00edce, slunce d\u00e1v\u00e1 den a ro\u010dn\u00ed obdob\u00ed. V\u011bdecky je tato komplement\u00e1rn\u00ed \u010dasov\u00e1 struktura d\u016fle\u017eit\u00fdm prvkem inuitsk\u00e9 <span class=\"iwg-fachbegriff\" data-tooltip=\"P\u0159edstava o uspo\u0159\u00e1d\u00e1n\u00ed a \u0159\u00e1du sv\u011bta v dan\u00e9 kultu\u0159e.\" tabindex=\"0\">kosmologie<\/span> a \u010din\u00ed sourozeneckou dvojici Malina-Igaluk kalend\u00e1\u0159n\u011b-n\u00e1bo\u017eenskou dy\u00e1dou.<\/p><p>V sou\u010dasn\u00e9m inuitsk\u00e9m um\u011bn\u00ed je Malina p\u0159\u00edtomna, \u010dasto v diptychu s Igalukem. Asymetrie obou sourozenc\u016f, jejich konflikt, jejich pron\u00e1sledov\u00e1n\u00ed je um\u011blecky produktivn\u011b zpracov\u00e1v\u00e1no. Z hlediska fenomenologie n\u00e1bo\u017eenstv\u00ed se v tom projevuje trval\u00e1 \u017eivost <span class=\"iwg-fachbegriff\" data-tooltip=\"Tradovan\u00e9 vypr\u00e1v\u011bn\u00ed o boz\u00edch, po\u010d\u00e1tc\u00edch a uspo\u0159\u00e1d\u00e1n\u00ed sv\u011bta.\" tabindex=\"0\">m\u00fdtu<\/span> a jeho schopnost inspirovat um\u011bn\u00ed.<\/p>\t\t\t\t\t\t\t\t<\/div>\n\t\t\t\t<\/div>\n\t\t\t\t\t<\/div>\n\t\t\t\t<\/div>\n\t\t<div class=\"elementor-element elementor-element-iwgw-malinainui-s6 e-flex e-con-boxed e-con e-parent\" data-id=\"iwgw-malinainui-s6\" data-element_type=\"container\" data-e-type=\"container\">\n\t\t\t\t\t<div class=\"e-con-inner\">\n\t\t\t\t<div class=\"elementor-element elementor-element-iwgw-malinainui-s6h elementor-widget elementor-widget-heading\" data-id=\"iwgw-malinainui-s6h\" data-element_type=\"widget\" data-e-type=\"widget\" data-widget_type=\"heading.default\">\n\t\t\t\t\t<h2 class=\"elementor-heading-title elementor-size-default\">Srovn\u00e1n\u00ed s dal\u0161\u00edmi slune\u010dn\u00edmi bohyn\u011bmi<\/h2>\t\t\t\t<\/div>\n\t\t<div class=\"elementor-element elementor-element-iwgw-malinainui-s6c e-con-full e-flex e-con e-child\" data-id=\"iwgw-malinainui-s6c\" data-element_type=\"container\" data-e-type=\"container\">\n\t\t\t\t<div class=\"elementor-element elementor-element-iwgw-malinainui-s6t elementor-widget elementor-widget-text-editor\" data-id=\"iwgw-malinainui-s6t\" data-element_type=\"widget\" data-e-type=\"widget\" data-widget_type=\"text-editor.default\">\n\t\t\t\t\t\t\t\t\t<p>\u017densk\u00e1 slune\u010dn\u00ed bo\u017estva jsou v cirkumpol\u00e1rn\u00ed a severoevropsk\u00e9 oblasti \u0161iroce roz\u0161\u00ed\u0159ena. <a href=\"https:\/\/iwell-guard.com\/cs\/sami-finsko-ugricka-tradice-noaidi-buben\/\">S\u00e1msk\u00e1<\/a> Beaivi, ugrofinsk\u00e1 P\u00e4iv\u00e4t\u00e4r, germ\u00e1nsk\u00e1 S\u00f3l, baltsk\u00e1 Saul\u0117 a japonsk\u00e1 Amaterasu tvo\u0159\u00ed srovnatelnou t\u0159\u00eddu slune\u010dn\u00edch bohyn\u00ed.<\/p><p>Toto roz\u0161\u00ed\u0159en\u00ed nen\u00ed v\u011bdecky n\u00e1hodn\u00e9. Odr\u00e1\u017e\u00ed \u0161irokou severn\u00ed genderovou p\u0159i\u0159azenost nebesk\u00fdch t\u011bles, kter\u00e1 v glob\u00e1ln\u00ed srovn\u00e1vac\u00ed perspektiv\u011b tvo\u0159\u00ed vlastn\u00ed oblast. N\u00e1bo\u017eenskohistorick\u00e1 hloubka t\u00e9to vrstvy je p\u0159edm\u011btem prob\u00edhaj\u00edc\u00edho v\u00fdzkumu a nem\u011blo by v\u00e9st k p\u0159ed\u010dasn\u00fdm univerzalistick\u00fdm konstrukc\u00edm.<\/p><p>Uvnit\u0159 inuitsk\u00e9 tradice stoj\u00ed Malina v komplement\u00e1rn\u00edm vztahu k Igalukovi, podobn\u011b jako <a href=\"https:\/\/iwell-guard.com\/cs\/?page_id=145526\">Sedna<\/a> k <a href=\"https:\/\/iwell-guard.com\/cs\/?page_id=145530\">Angutovi<\/a>. Sourozeneck\u00e9 dvojice tvo\u0159\u00ed opakuj\u00edc\u00ed se n\u00e1bo\u017eensk\u00fd vzorec a jsou z hlediska fenomenologie n\u00e1bo\u017eenstv\u00ed vlastn\u00edm strukturn\u00edm vzorem inuitsk\u00e9 <span class=\"iwg-fachbegriff\" data-tooltip=\"V\u011bdeck\u00e1 nauka o bohu a v\u00ed\u0159e ur\u010dit\u00e9ho n\u00e1bo\u017eenstv\u00ed.\" tabindex=\"0\">teologie<\/span>.<\/p>\t\t\t\t\t\t\t\t<\/div>\n\t\t\t\t<\/div>\n\t\t\t\t\t<\/div>\n\t\t\t\t<\/div>\n\t\t<div class=\"elementor-element elementor-element-iwgw-malinainui-s7 e-flex e-con-boxed e-con e-parent\" data-id=\"iwgw-malinainui-s7\" data-element_type=\"container\" data-e-type=\"container\">\n\t\t\t\t\t<div class=\"e-con-inner\">\n\t\t\t\t<div class=\"elementor-element elementor-element-iwgw-malinainui-s7h elementor-widget elementor-widget-heading\" data-id=\"iwgw-malinainui-s7h\" data-element_type=\"widget\" data-e-type=\"widget\" data-widget_type=\"heading.default\">\n\t\t\t\t\t<h2 class=\"elementor-heading-title elementor-size-default\">Mise a modern\u00ed recepce<\/h2>\t\t\t\t<\/div>\n\t\t<div class=\"elementor-element elementor-element-iwgw-malinainui-s7c e-con-full e-flex e-con e-child\" data-id=\"iwgw-malinainui-s7c\" data-element_type=\"container\" data-e-type=\"container\">\n\t\t\t\t<div class=\"elementor-element elementor-element-iwgw-malinainui-s7t elementor-widget elementor-widget-text-editor\" data-id=\"iwgw-malinainui-s7t\" data-element_type=\"widget\" data-e-type=\"widget\" data-widget_type=\"text-editor.default\">\n\t\t\t\t\t\t\t\t\t<p>Misie napadla Malinu m\u00e9n\u011b ne\u017e Sednu nebo Tornarssuka, proto\u017ee jej\u00ed funkce nebyla p\u0159\u00edmo spojena s <span class=\"iwg-fachbegriff\" data-tooltip=\"N\u00e1bo\u017eensk\u00fd syst\u00e9m, v n\u011bm\u017e specialist\u00e9 komunikuj\u00ed se sv\u011btem duch\u016f.\" tabindex=\"0\">\u0161amanismem<\/span> nebo strukturami tabu. P\u0159esto byl incestn\u00ed <span class=\"iwg-fachbegriff\" data-tooltip=\"Tradovan\u00e9 vypr\u00e1v\u011bn\u00ed o boz\u00edch, po\u010d\u00e1tc\u00edch a uspo\u0159\u00e1d\u00e1n\u00ed sv\u011bta.\" tabindex=\"0\">m\u00fdtus<\/span> m\u00edsty poci\u0165ov\u00e1n jako pohor\u0161uj\u00edc\u00ed a v ve\u0159ejn\u00e9m vypr\u00e1v\u011bn\u00ed zadr\u017eov\u00e1n.<\/p><p>V sou\u010dasn\u00e9 inuitsk\u00e9 kultu\u0159e je Malina p\u0159\u00edtomna jako symbolick\u00e1 postava, \u010dasto v feministick\u00e9m v\u00fdkladu jako p\u0159\u00edklad \u017eensk\u00e9ho sebeprosazen\u00ed proti sexualizovan\u00e9mu n\u00e1sil\u00ed. Toto modern\u00ed p\u0159isvojen\u00ed nen\u00ed v\u011bdecky historicky prokazateln\u00e9, je v\u0161ak kulturn\u011b relevantn\u00ed a p\u0159edstavuje p\u0159\u00edklad aktivace tradi\u010dn\u00edch vypr\u00e1v\u011bn\u00ed v sou\u010dasn\u00fdch diskurzech.<\/p><p>Ve \u0161koln\u00edch u\u010debnic\u00edch a muze\u00edch je Malina zprost\u0159edkov\u00e1v\u00e1na s opatrnost\u00ed. Historick\u00e1 hloubka jej\u00ed postavy je st\u00e1le v\u00edce uzn\u00e1v\u00e1na, ani\u017e by se rekonstruovala systematick\u00e1 <span class=\"iwg-fachbegriff\" data-tooltip=\"V\u011bdeck\u00e1 nauka o Bohu a v\u00ed\u0159e n\u00e1bo\u017eenstv\u00ed.\" tabindex=\"0\">teologie<\/span>. Tato opatrnost je z hlediska n\u00e1bo\u017eensk\u00e9 didaktiky p\u0159im\u011b\u0159en\u00e1, proto\u017ee stav pramen\u016f neumo\u017e\u0148uje harmonizuj\u00edc\u00ed synt\u00e9zu.<\/p>\t\t\t\t\t\t\t\t<\/div>\n\t\t\t\t<\/div>\n\t\t\t\t\t<\/div>\n\t\t\t\t<\/div>\n\t\t<div class=\"elementor-element elementor-element-iwgw-malinainui-s8 e-flex e-con-boxed e-con e-parent\" data-id=\"iwgw-malinainui-s8\" data-element_type=\"container\" data-e-type=\"container\">\n\t\t\t\t\t<div class=\"e-con-inner\">\n\t\t\t\t<div class=\"elementor-element elementor-element-iwgw-malinainui-s8h elementor-widget elementor-widget-heading\" data-id=\"iwgw-malinainui-s8h\" data-element_type=\"widget\" data-e-type=\"widget\" data-widget_type=\"heading.default\">\n\t\t\t\t\t<h2 class=\"elementor-heading-title elementor-size-default\">V\u00fdzkum a sou\u010dasn\u00fd stav<\/h2>\t\t\t\t<\/div>\n\t\t<div class=\"elementor-element elementor-element-iwgw-malinainui-s8c e-con-full e-flex e-con e-child\" data-id=\"iwgw-malinainui-s8c\" data-element_type=\"container\" data-e-type=\"container\">\n\t\t\t\t<div class=\"elementor-element elementor-element-iwgw-malinainui-s8t elementor-widget elementor-widget-text-editor\" data-id=\"iwgw-malinainui-s8t\" data-element_type=\"widget\" data-e-type=\"widget\" data-widget_type=\"text-editor.default\">\n\t\t\t\t\t\t\t\t\t<p>V\u00fdzkum Maliny je propleten s v\u00fdzkumem Igaluka. Hlavn\u00edmi prameny jsou Rasmussen, Boas, Birket-Smith a Merkur. Samostatn\u00e1 monografie o Malin\u011b neexistuje, co\u017e odr\u00e1\u017e\u00ed samotn\u00e9 d\u011bjiny v\u00fdzkumu: mu\u017esk\u00e1 strana <span class=\"iwg-fachbegriff\" data-tooltip=\"Tradovan\u00e9 vypr\u00e1v\u011bn\u00ed o boz\u00edch, po\u010d\u00e1tc\u00edch a uspo\u0159\u00e1d\u00e1n\u00ed sv\u011bta.\" tabindex=\"0\">m\u00fdtu<\/span> z\u00edskala del\u0161\u00ed dobu pozornosti ne\u017e \u017eensk\u00e1.<\/p><p>Sou\u010dasn\u00fd v\u00fdzkum, zejm\u00e9na u Birgitte Sonne a Pamely Sternov\u00e9, siln\u011bji zd\u016fraz\u0148uje Malinu vlastn\u00ed n\u00e1bo\u017eenskou funkci a nep\u0159edstavuje ji pouze jako ob\u011b\u0165 pron\u00e1sledov\u00e1n\u00ed bratrem. Tento posun perspektivy je v\u011bdecky produktivn\u00ed a odpov\u00edd\u00e1 \u0161ir\u0161\u00ed feministick\u00e9 reformulaci d\u011bjin n\u00e1bo\u017eenstv\u00ed domorod\u00fdch kultur.<\/p><p>V budouc\u00edm inuitsk\u00e9m n\u00e1bo\u017eensk\u00e9m v\u00fdzkumu by bylo \u017e\u00e1douc\u00ed p\u0159esn\u011bj\u0161\u00ed zpracov\u00e1n\u00ed \u017eensk\u00fdch ritu\u00e1l\u016f kolem Maliny, pokud to prameny dovoluj\u00ed. Toto zpracov\u00e1n\u00ed by podstatn\u011b doplnilo celkov\u00fd obraz inuitsk\u00e9ho pantheonu a korigovalo jednostrann\u011b mu\u017esky formovan\u00fd stav v\u00fdzkumu.<\/p>\t\t\t\t\t\t\t\t<\/div>\n\t\t\t\t<\/div>\n\t\t\t\t\t<\/div>\n\t\t\t\t<\/div>\n\t\t<div class=\"elementor-element elementor-element-iwgw-malinainui-s9 e-flex e-con-boxed e-con e-parent\" data-id=\"iwgw-malinainui-s9\" data-element_type=\"container\" data-e-type=\"container\">\n\t\t\t\t\t<div class=\"e-con-inner\">\n\t\t\t\t<div class=\"elementor-element elementor-element-iwgw-malinainui-s9h elementor-widget elementor-widget-heading\" data-id=\"iwgw-malinainui-s9h\" data-element_type=\"widget\" data-e-type=\"widget\" data-widget_type=\"heading.default\">\n\t\t\t\t\t<h2 class=\"elementor-heading-title elementor-size-default\">K\u0159\u00ed\u017eov\u00e9 odkazy v lexikonu<\/h2>\t\t\t\t<\/div>\n\t\t<div class=\"elementor-element elementor-element-iwgw-malinainui-s9c e-con-full e-flex e-con e-child\" data-id=\"iwgw-malinainui-s9c\" data-element_type=\"container\" data-e-type=\"container\">\n\t\t\t\t<div class=\"elementor-element elementor-element-iwgw-malinainui-s9t elementor-widget elementor-widget-text-editor\" data-id=\"iwgw-malinainui-s9t\" data-element_type=\"widget\" data-e-type=\"widget\" data-widget_type=\"text-editor.default\">\n\t\t\t\t\t\t\t\t\t<p>Malina se spojuje s <a href=\"https:\/\/iwell-guard.com\/cs\/?page_id=145533\">Igalukem<\/a>, <a href=\"https:\/\/iwell-guard.com\/cs\/?page_id=145526\">Sednou<\/a>, <a href=\"https:\/\/iwell-guard.com\/cs\/?page_id=145527\">Silou<\/a>, <a href=\"https:\/\/iwell-guard.com\/cs\/?page_id=145531\">Pingou<\/a>, <a href=\"https:\/\/iwell-guard.com\/cs\/?page_id=145530\">Angutou<\/a>, <a href=\"https:\/\/iwell-guard.com\/cs\/?page_id=145532\">Nanookem<\/a>, <a href=\"https:\/\/iwell-guard.com\/cs\/?page_id=145528\">Tornarssukem<\/a>, <a href=\"https:\/\/iwell-guard.com\/cs\/?page_id=145529\">Tupilakem<\/a> a <a href=\"https:\/\/iwell-guard.com\/cs\/?page_id=145535\">Qailertetangem<\/a>. Kulturn\u00ed centrum <a href=\"https:\/\/iwell-guard.com\/cs\/inuite-arktida-sedna-tornit-praxe\/\">Inuitsk\u00e1 tradice<\/a> r\u00e1muje slune\u010dn\u00ed <span class=\"iwg-fachbegriff\" data-tooltip=\"V\u011bdeck\u00e1 nauka o Bohu a v\u00ed\u0159e n\u00e1bo\u017eenstv\u00ed.\" tabindex=\"0\">teologii<\/span>. Struktur\u00e1ln\u011b podobn\u00e9 slune\u010dn\u00ed bohyn\u011b se objevuj\u00ed v <a href=\"https:\/\/iwell-guard.com\/cs\/sami-finsko-ugricka-tradice-noaidi-buben\/\">s\u00e1msk\u00e9<\/a> \u0159ad\u011b lemmat u <em>Beaivi<\/em>.<\/p>\t\t\t\t\t\t\t\t<\/div>\n\t\t\t\t<\/div>\n\t\t\t\t\t<\/div>\n\t\t\t\t<\/div>\n\t\t<div class=\"elementor-element elementor-element-cp2f9cc2de e-flex e-con-boxed e-con e-parent\" data-id=\"cp2f9cc2de\" data-element_type=\"container\" data-e-type=\"container\">\n\t\t\t\t\t<div class=\"e-con-inner\">\n\t\t\t\t<div class=\"elementor-element elementor-element-cp2aefe3ab elementor-widget elementor-widget-heading\" data-id=\"cp2aefe3ab\" data-element_type=\"widget\" data-e-type=\"widget\" data-widget_type=\"heading.default\">\n\t\t\t\t\t<h2 class=\"elementor-heading-title elementor-size-default\">Vypr\u00e1v\u011bn\u00ed o pron\u00e1sledov\u00e1n\u00ed Slunce a M\u011bs\u00edce<\/h2>\t\t\t\t<\/div>\n\t\t<div class=\"elementor-element elementor-element-cp24aa4a16 e-flex e-con-boxed e-con e-child\" data-id=\"cp24aa4a16\" data-element_type=\"container\" data-e-type=\"container\">\n\t\t\t\t\t<div class=\"e-con-inner\">\n\t\t\t\t<div class=\"elementor-element elementor-element-cp2de6ed82 elementor-widget elementor-widget-text-editor\" data-id=\"cp2de6ed82\" data-element_type=\"widget\" data-e-type=\"widget\" data-widget_type=\"text-editor.default\">\n\t\t\t\t\t\t\t\t\t<p>Nejzn\u00e1m\u011bj\u0161\u00ed <span class=\"iwg-fachbegriff\" data-tooltip=\"P\u0159ed\u00e1v\u00e1n\u00ed znalost\u00ed a vypr\u00e1v\u011bn\u00ed v pr\u016fb\u011bhu generac\u00ed.\" tabindex=\"0\">tradice<\/span> o Malin\u011b, \u017eensk\u00e9 postav\u011b, kterou anglojazy\u010dn\u00e1 etnografie \u010dasto ozna\u010duje jako <em>Sun Sister<\/em>, je vypr\u00e1v\u011bn\u00edm o sourozenc\u00edch, kte\u0159\u00ed se po poru\u0161en\u00ed soci\u00e1ln\u00edho tabu st\u00e1vaj\u00ed Sluncem a M\u011bs\u00edcem.<\/p><p>Ve verz\u00edch zaznamenan\u00fdch Knudem Rasmussenem b\u011bhem p\u00e1t\u00e9 Thulsk\u00e9 expedice (1921 a\u017e 1924), nap\u0159\u00edklad v d\u00edle <em>Intellectual Culture of the Iglulik Eskimos<\/em>, vypr\u00e1v\u011bn\u00ed popisuje, jak bratr tajn\u011b obt\u011b\u017euje svou sestru ve tm\u011b shroma\u017e\u010fovac\u00edho domu.<\/p><p>Sestra si nat\u0159e ruce sazemi, aby ozna\u010dila nezn\u00e1m\u00e9ho \u00fato\u010dn\u00edka. Kdy\u017e druh\u00fd den objev\u00ed stopy saz\u00ed v obli\u010deji sv\u00e9ho bratra, uchop\u00ed ho\u0159\u00edc\u00ed pochode\u0148 a uprchne.<\/p><p>Bratr ji pron\u00e1sleduje, ale jeho pochode\u0148 \u010d\u00e1ste\u010dn\u011b uhas\u00edn\u00e1 a jen dosvit tl\u00ed. Oba vystoup\u00ed na nebe: sestra se stane jasn\u011b z\u00e1\u0159\u00edc\u00edm Sluncem, bratr slab\u011bji sv\u00edt\u00edc\u00edm M\u011bs\u00edcem, kter\u00fd ji od t\u00e9 doby st\u00edh\u00e1, ani\u017e by ji kdy dostihl.<\/p><p>Vypr\u00e1v\u011bn\u00ed z\u00e1rove\u0148 vysv\u011btluje n\u011bkolik jev\u016f: pro\u010d se Slunce a M\u011bs\u00edc na nebi navz\u00e1jem n\u00e1sleduj\u00ed, pro\u010d M\u011bs\u00edc sv\u00edt\u00ed m\u00e9n\u011b jasn\u011b ne\u017e Slunce, a v n\u011bkter\u00fdch verz\u00edch i skvrny na m\u011bs\u00ed\u010dn\u00edm kotou\u010di jako stopy saz\u00ed. V\u011bdecky je t\u0159eba jej \u010d\u00edst jako etiologick\u00fd <span class=\"iwg-fachbegriff\" data-tooltip=\"Tradovan\u00e9 vypr\u00e1v\u011bn\u00ed o boz\u00edch, po\u010d\u00e1tc\u00edch a uspo\u0159\u00e1d\u00e1n\u00ed sv\u011bta.\" tabindex=\"0\">m\u00fdtus<\/span>, kter\u00fd z\u00e1rove\u0148 ozna\u010duje nejt\u011b\u017e\u0161\u00ed soci\u00e1ln\u00ed provin\u011bn\u00ed, incest, jako po\u010d\u00e1tek kosmick\u00e9ho \u0159\u00e1du. Region\u00e1ln\u00ed roz\u0161\u00ed\u0159en\u00ed vypr\u00e1v\u011bn\u00ed sah\u00e1 od Gr\u00f3nska p\u0159es kanadskou Arktidu a\u017e po Alja\u0161ku, s v\u00fdrazn\u00fdmi rozd\u00edly ve jm\u00e9nech i podrobnostech. Jm\u00e9no Malina samo je dosv\u011bd\u010deno p\u0159edev\u0161\u00edm z gr\u00f3nsk\u00fdch tradic, zat\u00edmco jin\u00e9 inuitsk\u00e9 skupiny naz\u00fdvaj\u00ed slune\u010dn\u00ed sestru jinak nebo j\u00ed ned\u00e1vaj\u00ed pevn\u00e9 jm\u00e9no.\t\t\t\t\t\t\t\t<\/div>\n\t\t\t\t\t<\/div>\n\t\t\t\t<\/div>\n\t\t\t\t\t<\/div>\n\t\t\t\t<\/div>\n\t\t<div class=\"elementor-element elementor-element-cp2a334bb7 e-flex e-con-boxed e-con e-parent\" data-id=\"cp2a334bb7\" data-element_type=\"container\" data-e-type=\"container\">\n\t\t\t\t\t<div class=\"e-con-inner\">\n\t\t\t\t<div class=\"elementor-element elementor-element-cp26328bea elementor-widget elementor-widget-heading\" data-id=\"cp26328bea\" data-element_type=\"widget\" data-e-type=\"widget\" data-widget_type=\"heading.default\">\n\t\t\t\t\t<h2 class=\"elementor-heading-title elementor-size-default\">Stav pramen\u016f a nebezpe\u010d\u00ed generalizace<\/h2>\t\t\t\t<\/div>\n\t\t<div class=\"elementor-element elementor-element-cp2ded0565 e-flex e-con-boxed e-con e-child\" data-id=\"cp2ded0565\" data-element_type=\"container\" data-e-type=\"container\">\n\t\t\t\t\t<div class=\"e-con-inner\">\n\t\t\t\t<div class=\"elementor-element elementor-element-cp2d14b225 elementor-widget elementor-widget-text-editor\" data-id=\"cp2d14b225\" data-element_type=\"widget\" data-e-type=\"widget\" data-widget_type=\"text-editor.default\">\n\t\t\t\t\t\t\t\t\t<p>The <span class=\"iwg-fachbegriff\" data-tooltip=\"P\u0159ed\u00e1v\u00e1n\u00ed znalost\u00ed a vypr\u00e1v\u011bn\u00ed nap\u0159\u00ed\u010d generacemi.\" tabindex=\"0\">tradice<\/span> spojen\u00e1 s Malinou je z hlediska kritiky pramen\u016f problematick\u00e1, a ka\u017ed\u00e9 zpracov\u00e1n\u00ed mus\u00ed toto omezen\u00ed otev\u0159en\u011b uv\u00e9st. Neexistuj\u00ed \u017e\u00e1dn\u00e9 p\u0159edkoloni\u00e1ln\u00ed p\u00edsemn\u00e9 prameny; ve\u0161ker\u00e9 poznatky poch\u00e1zej\u00ed ze z\u00e1pis\u016f, kter\u00e9 od 19. stolet\u00ed vytv\u00e1\u0159eli mision\u00e1\u0159i, velryb\u00e1\u0159i, obchodn\u00edci a etnografov\u00e9.<\/p><p>Nejv\u00fdznamn\u011bj\u0161\u00ed sb\u00edrku vd\u011b\u010d\u00edme Knudu Rasmussenovi, kter\u00fd jako syn z\u010d\u00e1sti inuitsk\u00e9 rodiny mluvil gr\u00f3nsky a m\u011bl d\u00edky tomu bezprost\u0159edn\u011bj\u0161\u00ed p\u0159\u00edstup k vyprav\u011b\u010d\u016fm ne\u017e mnoz\u00ed jin\u00ed badatel\u00e9.<\/p><p>Materi\u00e1l nicm\u00e9n\u011b z\u016fst\u00e1v\u00e1 nesouvisl\u00fd. Inuit\u00e9 netvo\u0159\u00ed jednotnou kulturu, n\u00fdbr\u017e skupinu region\u00e1ln\u011b samostatn\u00fdch spole\u010denstv\u00ed rozpt\u00fdlen\u00fdch po cel\u00e9 cirkumpol\u00e1rn\u00ed arktick\u00e9 oblasti s odli\u0161n\u00fdmi dialekty a tradicemi.<\/p><p>Jm\u00e9no Malina a s n\u00edm spojen\u00e9 vypr\u00e1v\u011bn\u00ed o sest\u0159e Slunce nejsou v\u0161ude dosv\u011bd\u010dena stejn\u011b. V z\u00e1padn\u00edm Gr\u00f3nsku je tato forma l\u00e9pe zdokumentov\u00e1na ne\u017e jinde a je metodologicky nep\u0159\u00edpustn\u00e9 z gr\u00f3nsk\u00e9 verze vyvozovat existenci panuinuitsk\u00e9 slune\u010dn\u00ed bohyn\u011b.<\/p><p>K tomu p\u0159istupuje skute\u010dnost, \u017ee mnoz\u00ed ran\u00ed sb\u011bratel\u00e9 vytrh\u00e1vali vypr\u00e1v\u011bn\u00ed z souvislost\u00ed, v nich\u017e byla p\u0159edn\u00e1\u0161ena. Inuitsk\u00e1 vypr\u00e1v\u011bn\u00ed byla v\u00e1z\u00e1na na ro\u010dn\u00ed obdob\u00ed, p\u0159\u00edle\u017eitost a vyprav\u011b\u010de; p\u00edsemn\u00e9 zaznamen\u00e1n\u00ed z nich u\u010dinilo statick\u00e9 texty. Z v\u011bdeck\u00e9ho hlediska je proto Malinu t\u0159eba ch\u00e1pat sp\u00ed\u0161e jako region\u00e1ln\u011b v\u00e1zanou postavu \u0161iroce roz\u0161\u00ed\u0159en\u00e9ho vypr\u00e1v\u011bc\u00edho motivu ne\u017e jako jasn\u011b vymezenou bohyni ve smyslu st\u0159edomo\u0159sk\u00fdch panteon\u016f. V\u00fdzkum, nap\u0159\u00edklad Daniel Merkur v d\u00edle <em>Becoming Half Hidden<\/em> (1985), zd\u016fraznil, \u017ee inuitsk\u00e1 <span class=\"iwg-fachbegriff\" data-tooltip=\"P\u0159edstava o struktu\u0159e a uspo\u0159\u00e1d\u00e1n\u00ed sv\u011bta v r\u00e1mci ur\u010dit\u00e9 kultury.\" tabindex=\"0\">kosmologie<\/span> byla ur\u010dov\u00e1na m\u00e9n\u011b jmenovan\u00fdmi vysok\u00fdmi bo\u017estvy ne\u017e bytostmi jako Mo\u0159sk\u00e1 \u017eena a \u0161amansk\u00fdmi praktikami.\t\t\t\t\t\t\t\t<\/div>\n\t\t\t\t\t<\/div>\n\t\t\t\t<\/div>\n\t\t\t\t\t<\/div>\n\t\t\t\t<\/div>\n\t\t<div class=\"elementor-element elementor-element-iwgw-malinainui-lit e-flex e-con-boxed e-con e-parent\" data-id=\"iwgw-malinainui-lit\" data-element_type=\"container\" data-e-type=\"container\">\n\t\t\t\t\t<div class=\"e-con-inner\">\n\t\t\t\t<div class=\"elementor-element elementor-element-iwgw-malinainui-lith elementor-widget elementor-widget-heading\" data-id=\"iwgw-malinainui-lith\" data-element_type=\"widget\" data-e-type=\"widget\" data-widget_type=\"heading.default\">\n\t\t\t\t\t<h2 class=\"elementor-heading-title elementor-size-default\">Literatura (v\u00fdb\u011br)<\/h2>\t\t\t\t<\/div>\n\t\t<div class=\"elementor-element elementor-element-iwgw-malinainui-litc e-con-full e-flex e-con e-child\" data-id=\"iwgw-malinainui-litc\" data-element_type=\"container\" data-e-type=\"container\">\n\t\t\t\t<div class=\"elementor-element elementor-element-iwgw-malinainui-litt elementor-widget elementor-widget-text-editor\" data-id=\"iwgw-malinainui-litt\" data-element_type=\"widget\" data-e-type=\"widget\" data-widget_type=\"text-editor.default\">\n\t\t\t\t\t\t\t\t\t<ul><li>Knud Rasmussen: <em>Intellectual Culture of the Iglulik Eskimos<\/em> (Kopenhagen 1929)<\/li><li>Franz Boas: <em>The Central Eskimo<\/em> (Washington 1888)<\/li><li>Daniel Merkur: <em>Becoming Half Hidden<\/em> (Stockholm 1985)<\/li><li>Birgitte Sonne: <em>Heaven Negotiated. Hell Imagined<\/em> (Kopenhagen 2017)<\/li><li>Pamela Stern: <em>Historical Dictionary of the Inuit<\/em> (Lanham 2013)<\/li><li>Hinrich Rink: <em>Tales and Traditions of the Eskimo<\/em> (Edinburgh 1875)<\/li><\/ul>\t\t\t\t\t\t\t\t<\/div>\n\t\t\t\t<\/div>\n\t\t\t\t\t<\/div>\n\t\t\t\t<\/div>\n\t\t<div class=\"elementor-element elementor-element-iwgkw2-add-malinainuit e-flex e-con-boxed e-con e-parent\" data-id=\"iwgkw2-add-malinainuit\" data-element_type=\"container\" data-e-type=\"container\">\n\t\t\t\t\t<div class=\"e-con-inner\">\n\t\t\t\t<div class=\"elementor-element elementor-element-iwgkw2-add-malinainuit-t elementor-widget elementor-widget-text-editor\" data-id=\"iwgkw2-add-malinainuit-t\" data-element_type=\"widget\" data-e-type=\"widget\" data-widget_type=\"text-editor.default\">\n\t\t\t\t\t\t\t\t\t<p>V inuitsk\u00fdch vypr\u00e1v\u011bn\u00edch je Malina sestrou <strong>Igaluka<\/strong>, M\u011bs\u00edce, p\u0159ed jeho\u017e dot\u00edr\u00e1n\u00edm unik\u00e1 na nebe, kde od t\u00e9 doby jako Slunce putuje svou drahou.<\/p>\t\t\t\t\t\t\t\t<\/div>\n\t\t\t\t\t<\/div>\n\t\t\t\t<\/div>\n\t\t<div class=\"elementor-element elementor-element-iwgw-malinainui-kwd e-flex e-con-boxed e-con e-parent\" data-id=\"iwgw-malinainui-kwd\" data-element_type=\"container\" data-e-type=\"container\">\n\t\t\t\t\t<div class=\"e-con-inner\">\n\t\t<div class=\"elementor-element elementor-element-iwgw-malinainui-kwdc e-con-full e-flex e-con e-child\" data-id=\"iwgw-malinainui-kwdc\" data-element_type=\"container\" data-e-type=\"container\">\n\t\t\t\t<div class=\"elementor-element elementor-element-iwgw-malinainui-kwdt elementor-widget elementor-widget-text-editor\" data-id=\"iwgw-malinainui-kwdt\" data-element_type=\"widget\" data-e-type=\"widget\" data-widget_type=\"text-editor.default\">\n\t\t\t\t\t\t\t\t\t<p><em>Souvisej\u00edc\u00ed kl\u00ed\u010dov\u00e9 pojmy: Malina Inuit\u00e9 slune\u010dn\u00ed bohyn\u011b Akycha Iglulik pol\u00e1rn\u00ed noc M\u011bs\u00edc-Slunce <span class=\"iwg-fachbegriff\" data-tooltip=\"Tradovan\u00e9 vypr\u00e1v\u011bn\u00ed o boz\u00edch, po\u010d\u00e1tc\u00edch a uspo\u0159\u00e1d\u00e1n\u00ed sv\u011bta.\" tabindex=\"0\">m\u00fdtus<\/span> \u00fat\u011bk p\u0159ed incestem.<\/em><\/p>\t\t\t\t\t\t\t\t<\/div>\n\t\t\t\t<\/div>\n\t\t\t\t\t<\/div>\n\t\t\t\t<\/div>\n\t\t<div class=\"elementor-element elementor-element-iwgw-malinainui-cc e-flex e-con-boxed e-con e-parent\" data-id=\"iwgw-malinainui-cc\" data-element_type=\"container\" data-e-type=\"container\" id=\"iwg-cc-malina-inuit\">\n\t\t\t\t\t<div class=\"e-con-inner\">\n\t\t<div class=\"elementor-element elementor-element-iwgw-malinainui-ccinner e-flex e-con-boxed e-con e-parent\" data-id=\"iwgw-malinainui-ccinner\" data-element_type=\"container\" data-e-type=\"container\" data-settings=\"{&quot;background_background&quot;:&quot;classic&quot;}\">\n\t\t\t\t\t<div class=\"e-con-inner\">\n\t\t\t\t<div class=\"elementor-element elementor-element-iwgw-malinainui-cch elementor-widget elementor-widget-heading\" data-id=\"iwgw-malinainui-cch\" data-element_type=\"widget\" data-e-type=\"widget\" data-widget_type=\"heading.default\">\n\t\t\t\t\t<h2 class=\"elementor-heading-title elementor-size-default\">iWell Guard a ochrann\u00e9 tradice<\/h2>\t\t\t\t<\/div>\n\t\t\t\t<div class=\"elementor-element elementor-element-iwgw-malinainui-cct elementor-widget elementor-widget-text-editor\" data-id=\"iwgw-malinainui-cct\" data-element_type=\"widget\" data-e-type=\"widget\" data-widget_type=\"text-editor.default\">\n\t\t\t\t\t\t\t\t\t<div data-nosnippet=\"true\"><p>iWell Guard navazuje na kulturn\u011b historickou tradici p\u0159enosn\u00fdch ochrann\u00fdch p\u0159edm\u011bt\u016f, v tradici <a href=\"https:\/\/iwell-guard.com\/cs\/inuite-arktida-sedna-tornit-praxe\/\">Inuit\u016f<\/a> a mnoha dal\u0161\u00edch kultur po cel\u00e9m sv\u011bt\u011b. 41 vrstev, ryz\u00ed zlato, platina, st\u0159\u00edbro, vyrobeno v N\u011bmecku. 30denn\u00ed pr\u00e1vo na vr\u00e1cen\u00ed.<\/p><\/div>\t\t\t\t\t\t\t\t<\/div>\n\t\t\t\t<div class=\"elementor-element elementor-element-iwgw-malinainui-ccb iwg-cc-button iwg-cc-cta-2026-05-13 elementor-widget elementor-widget-jet-button\" data-id=\"iwgw-malinainui-ccb\" data-element_type=\"widget\" data-e-type=\"widget\" data-widget_type=\"jet-button.default\">\n\t\t\t\t<div class=\"elementor-widget-container\">\n\t\t\t\t\t<div class=\"elementor-jet-button jet-elements\"><div class=\"jet-button__container\"><a class=\"jet-button__instance jet-button__instance--icon-left hover-effect-1\" href=\"\/ueber-iwell-guard\/?utm_source=iwell-guard.com&amp;utm_medium=info-box&amp;utm_campaign=wesen-tradition\"><div class=\"jet-button__plane jet-button__plane-normal\"><\/div><div class=\"jet-button__plane jet-button__plane-hover\"><\/div><div class=\"jet-button__state jet-button__state-normal\"><span class=\"jet-button__label\">V\u00edce o iWell Guard<\/span><\/div><div class=\"jet-button__state jet-button__state-hover\"><span class=\"jet-button__label\">V\u00edce o iWell Guard<\/span><\/div><\/a><\/div><\/div><style>.elementor-element.elementor-element-iwgw-malinainui-ccb .jet-button__instance{width:320px;height:56px;}.elementor-element.elementor-element-iwgw-malinainui-ccb .jet-button__state-normal .jet-button__label{text-align:center;margin:0px 0px 0px 0px;color:#1a1b20;font-family:Montserrat,sans-serif;font-size:13px;font-weight:400;letter-spacing:4px;line-height:1.714em;text-transform:uppercase;}.elementor-element.elementor-element-iwgw-malinainui-ccb .jet-button__state-hover .jet-button__label{text-align:center;margin:0px 0px 0px 0px;color:#FECC76;font-family:Montserrat,sans-serif;font-size:13px;font-weight:400;letter-spacing:4px;line-height:1.714em;text-transform:uppercase;}.elementor-element.elementor-element-iwgw-malinainui-ccb .jet-button__plane-normal{background-color:#FECC76;border-style:solid;border-color:#C99540;border-width:2px 2px 2px 2px;}.elementor-element.elementor-element-iwgw-malinainui-ccb .jet-button__plane-hover{background-color:rgba(0,0,0,0.55);border-style:solid;border-color:#FECC76;border-width:2px 2px 2px 2px;}<\/style>\t\t\t\t<\/div>\n\t\t\t\t<\/div>\n\t\t\t\t<div class=\"elementor-element elementor-element-iwgw-malinainui-ccd elementor-widget elementor-widget-text-editor\" data-id=\"iwgw-malinainui-ccd\" data-element_type=\"widget\" data-e-type=\"widget\" data-widget_type=\"text-editor.default\">\n\t\t\t\t\t\t\t\t\t<div data-nosnippet=\"true\"><p style=\"text-align:center;font-size:13px;opacity:0.7;margin-top:14px\" data-nosnippet=\"true\">Osobn\u00ed zku\u0161enosti se mohou li\u0161it. Nejedn\u00e1 se o zdravotnick\u00fd prost\u0159edek. Nen\u00ed slibem l\u00e9\u010div\u00e9ho \u00fa\u010dinku.<\/p><\/div>\t\t\t\t\t\t\t\t<\/div>\n\t\t\t\t\t<\/div>\n\t\t\t\t<\/div>\n\t\t\t\t\t<\/div>\n\t\t\t\t<\/div>\n\t\t<div class=\"elementor-element elementor-element-iwgw-malinainui-disc e-flex e-con-boxed e-con e-parent\" data-id=\"iwgw-malinainui-disc\" data-element_type=\"container\" data-e-type=\"container\">\n\t\t\t\t\t<div class=\"e-con-inner\">\n\t\t\t\t<div class=\"elementor-element elementor-element-iwgw-malinainui-discw elementor-widget elementor-widget-html\" data-id=\"iwgw-malinainui-discw\" data-element_type=\"widget\" data-e-type=\"widget\" data-widget_type=\"html.default\">\n\t\t\t\t\t<footer data-nosnippet=\"true\" class=\"iwg-disclaimer-block\"><p data-nosnippet=\"true\">iWell Guard <strong>nen\u00ed zdravotnick\u00fd prost\u0159edek<\/strong> a nenahrazuje l\u00e9ka\u0159skou ani psychoterapeutickou l\u00e9\u010dbu. Religionistick\u00fd obsah p\u0159edstavuje kulturn\u011b-historick\u00e9 za\u0159azen\u00ed, nikoli doporu\u010den\u00ed duchovn\u00ed praxe.<\/p><\/footer>\t\t\t\t<\/div>\n\t\t\t\t\t<\/div>\n\t\t\t\t<\/div>\n\t\t\t\t<\/div>\n\t\t","protected":false},"excerpt":{"rendered":"","protected":false},"author":3,"featured_media":2883,"parent":0,"menu_order":0,"comment_status":"closed","ping_status":"closed","template":"elementor_header_footer","meta":{"_yoast_wpseo_focuskw":"Malina Inuit slune\u010dn\u00ed bohyn\u011b","_yoast_wpseo_title":"Malina - inuitsk\u00e1 slune\u010dn\u00ed bohyn\u011b a sestra Igaluka","_yoast_wpseo_metadesc":"Malina je slune\u010dn\u00ed bohyn\u011b Inuit\u016f, sestra a pron\u00e1sledovan\u00e1 m\u011bs\u00ed\u010dn\u00edm bohem Igalukem. Religionistick\u00e9 za\u0159azen\u00ed s m\u00fdtem a prameny.","_yoast_wpseo_meta-robots-noindex":"","_yoast_wpseo_canonical":"","_angie_page":false,"gefaehrdungsstufe":"1","wesen_kultur":"inuit","wesen_klasse":"goetter","footnotes":""},"categories":[],"class_list":["post-145534","page","type-page","status-publish","has-post-thumbnail","hentry"],"yoast_head":"<!-- This site is optimized with the Yoast SEO Premium plugin v27.7 (Yoast SEO v28.3) - https:\/\/yoast.com\/product\/yoast-seo-premium-wordpress\/ -->\n<title>Malina - inuitsk\u00e1 slune\u010dn\u00ed bohyn\u011b a sestra Igaluka<\/title>\n<meta name=\"description\" content=\"Malina je slune\u010dn\u00ed bohyn\u011b Inuit\u016f, sestra a pron\u00e1sledovan\u00e1 m\u011bs\u00ed\u010dn\u00edm bohem Igalukem. Religionistick\u00e9 za\u0159azen\u00ed s m\u00fdtem a prameny.\" \/>\n<meta name=\"robots\" content=\"index, follow, max-snippet:-1, max-image-preview:large, max-video-preview:-1\" \/>\n<link rel=\"canonical\" href=\"https:\/\/iwell-guard.com\/cs\/malina-slunecni-bohyne-inuitu\/\" \/>\n<meta property=\"og:locale\" content=\"cs_CZ\" \/>\n<meta property=\"og:type\" content=\"article\" \/>\n<meta property=\"og:title\" content=\"Malina - slune\u010dn\u00ed bohyn\u011b Inuit\u016f\" \/>\n<meta property=\"og:description\" content=\"Malina je slune\u010dn\u00ed bohyn\u011b Inuit\u016f, sestra a pron\u00e1sledovan\u00e1 m\u011bs\u00ed\u010dn\u00edm bohem Igalukem. Religionistick\u00e9 za\u0159azen\u00ed s m\u00fdtem a prameny.\" \/>\n<meta property=\"og:url\" content=\"https:\/\/iwell-guard.com\/cs\/malina-slunecni-bohyne-inuitu\/\" \/>\n<meta property=\"og:site_name\" content=\"iWell Guard\" \/>\n<meta property=\"article:modified_time\" content=\"2026-09-03T16:58:37+00:00\" \/>\n<meta property=\"og:image\" content=\"https:\/\/iwell-guard.com\/wp-content\/uploads\/2026\/05\/goetter_inuit_malina-inuit.webp\" \/>\n\t<meta property=\"og:image:width\" content=\"1024\" \/>\n\t<meta property=\"og:image:height\" content=\"1536\" \/>\n\t<meta property=\"og:image:type\" content=\"image\/webp\" \/>\n<meta name=\"twitter:card\" content=\"summary_large_image\" \/>\n<script type=\"application\/ld+json\" class=\"yoast-schema-graph\">{\"@context\":\"https:\\\/\\\/schema.org\",\"@graph\":[{\"@type\":\"WebPage\",\"@id\":\"https:\\\/\\\/iwell-guard.com\\\/cs\\\/malina-slunecni-bohyne-inuitu\\\/\",\"url\":\"https:\\\/\\\/iwell-guard.com\\\/cs\\\/malina-slunecni-bohyne-inuitu\\\/\",\"name\":\"Malina - inuitsk\u00e1 slune\u010dn\u00ed bohyn\u011b a sestra Igaluka\",\"isPartOf\":{\"@id\":\"https:\\\/\\\/iwell-guard.com\\\/cs\\\/#website\"},\"primaryImageOfPage\":{\"@id\":\"https:\\\/\\\/iwell-guard.com\\\/cs\\\/malina-slunecni-bohyne-inuitu\\\/#primaryimage\"},\"image\":{\"@id\":\"https:\\\/\\\/iwell-guard.com\\\/cs\\\/malina-slunecni-bohyne-inuitu\\\/#primaryimage\"},\"thumbnailUrl\":\"https:\\\/\\\/iwell-guard.com\\\/wp-content\\\/uploads\\\/2026\\\/05\\\/goetter_inuit_malina-inuit.webp\",\"datePublished\":\"2026-09-03T16:31:18+00:00\",\"dateModified\":\"2026-09-03T16:58:37+00:00\",\"description\":\"Malina je slune\u010dn\u00ed bohyn\u011b Inuit\u016f, sestra a pron\u00e1sledovan\u00e1 m\u011bs\u00ed\u010dn\u00edm bohem Igalukem. Religionistick\u00e9 za\u0159azen\u00ed s m\u00fdtem a prameny.\",\"breadcrumb\":{\"@id\":\"https:\\\/\\\/iwell-guard.com\\\/cs\\\/malina-slunecni-bohyne-inuitu\\\/#breadcrumb\"},\"inLanguage\":\"cs\",\"potentialAction\":[{\"@type\":\"ReadAction\",\"target\":[\"https:\\\/\\\/iwell-guard.com\\\/cs\\\/malina-slunecni-bohyne-inuitu\\\/\"]}]},{\"@type\":\"ImageObject\",\"inLanguage\":\"cs\",\"@id\":\"https:\\\/\\\/iwell-guard.com\\\/cs\\\/malina-slunecni-bohyne-inuitu\\\/#primaryimage\",\"url\":\"https:\\\/\\\/iwell-guard.com\\\/wp-content\\\/uploads\\\/2026\\\/05\\\/goetter_inuit_malina-inuit.webp\",\"contentUrl\":\"https:\\\/\\\/iwell-guard.com\\\/wp-content\\\/uploads\\\/2026\\\/05\\\/goetter_inuit_malina-inuit.webp\",\"width\":1024,\"height\":1536,\"caption\":\"Bohov\u00e9 z inuitsk\u00e9 tradice.\"},{\"@type\":\"BreadcrumbList\",\"@id\":\"https:\\\/\\\/iwell-guard.com\\\/cs\\\/malina-slunecni-bohyne-inuitu\\\/#breadcrumb\",\"itemListElement\":[{\"@type\":\"ListItem\",\"position\":1,\"name\":\"Start\",\"item\":\"https:\\\/\\\/iwell-guard.com\\\/cs\\\/?page_id=145107\"},{\"@type\":\"ListItem\",\"position\":2,\"name\":\"Malina &#8211; slune\u010dn\u00ed bohyn\u011b Inuit\u016f\"}]},{\"@type\":\"WebSite\",\"@id\":\"https:\\\/\\\/iwell-guard.com\\\/cs\\\/#website\",\"url\":\"https:\\\/\\\/iwell-guard.com\\\/cs\\\/\",\"name\":\"iWell Guard\",\"description\":\"Schutz vor dunklen Einfl\u00fcssen\",\"publisher\":{\"@id\":\"https:\\\/\\\/iwell-guard.com\\\/cs\\\/#organization\"},\"potentialAction\":[{\"@type\":\"SearchAction\",\"target\":{\"@type\":\"EntryPoint\",\"urlTemplate\":\"https:\\\/\\\/iwell-guard.com\\\/cs\\\/?s={search_term_string}\"},\"query-input\":{\"@type\":\"PropertyValueSpecification\",\"valueRequired\":true,\"valueName\":\"search_term_string\"}}],\"inLanguage\":\"cs\"},{\"@type\":\"Organization\",\"@id\":\"https:\\\/\\\/iwell-guard.com\\\/cs\\\/#organization\",\"name\":\"Ittermann electronic GmbH\",\"url\":\"https:\\\/\\\/iwell-guard.com\\\/cs\\\/\",\"logo\":{\"@type\":\"ImageObject\",\"inLanguage\":\"cs\",\"@id\":\"https:\\\/\\\/iwell-guard.com\\\/cs\\\/#\\\/schema\\\/logo\\\/image\\\/\",\"url\":\"https:\\\/\\\/iwell-guard.com\\\/wp-content\\\/uploads\\\/2026\\\/05\\\/Ittermann-Logo-1182x237-1.png\",\"contentUrl\":\"https:\\\/\\\/iwell-guard.com\\\/wp-content\\\/uploads\\\/2026\\\/05\\\/Ittermann-Logo-1182x237-1.png\",\"width\":1182,\"height\":237,\"caption\":\"Ittermann electronic GmbH\"},\"image\":{\"@id\":\"https:\\\/\\\/iwell-guard.com\\\/cs\\\/#\\\/schema\\\/logo\\\/image\\\/\"},\"sameAs\":[\"https:\\\/\\\/pantip.com\\\/profile\\\/9367242\",\"https:\\\/\\\/micro.blog\\\/iwellguard\",\"https:\\\/\\\/www.diggerslist.com\\\/iwellguard\\\/about\",\"https:\\\/\\\/skitterphoto.com\\\/photographers\\\/2870314\\\/iwell-guard\",\"https:\\\/\\\/iwellguard.wordpress.com\\\/2026\\\/06\\\/06\\\/iwell-guard\\\/\",\"https:\\\/\\\/hub.docker.com\\\/u\\\/iwellguard\",\"https:\\\/\\\/www.pinterest.com\\\/iwellguard\\\/\",\"https:\\\/\\\/bit.ly\\\/m\\\/iwellguard\",\"https:\\\/\\\/entre-vos-mains.alsace.eu\\\/profiles\\\/iwellguard\\\/activity\",\"https:\\\/\\\/gravatar.com\\\/reallybeded8fd34\",\"https:\\\/\\\/naijamatta.com\\\/iwellguard\",\"https:\\\/\\\/www.goodreads.com\\\/iwellguard\",\"https:\\\/\\\/profile.hatena.ne.jp\\\/iwellguard\\\/\",\"https:\\\/\\\/experiment.com\\\/users\\\/iwellguard\",\"https:\\\/\\\/wakelet.com\\\/@iWellGuard82270\",\"https:\\\/\\\/www.chordie.com\\\/forum\\\/profile.php?id=2555664\",\"https:\\\/\\\/www.instapaper.com\\\/p\\\/17757966\",\"https:\\\/\\\/www.mapleprimes.com\\\/users\\\/iwellguard\",\"https:\\\/\\\/businesslistingplus.com\\\/profile\\\/iwell-guard\\\/\",\"https:\\\/\\\/telegra.ph\\\/iWell-Guard-06-06\",\"https:\\\/\\\/pbase.com\\\/iwellguard\\\/iwellguard\",\"https:\\\/\\\/b.hatena.ne.jp\\\/iwellguard\\\/20260607#bookmark-4788405196491818882\",\"https:\\\/\\\/fliphtml5.com\\\/home\\\/iwellguard\",\"https:\\\/\\\/anyflip.com\\\/homepage\\\/cmiwl#About\",\"https:\\\/\\\/transfur.com\\\/Users\\\/iwellguard\",\"http:\\\/\\\/delphi.larsbo.org\\\/user\\\/iwellguard\",\"https:\\\/\\\/jobs.lajobsportal.org\\\/profiles\\\/8380803-iwell-guard\",\"https:\\\/\\\/md.chaosdorf.de\\\/s\\\/jfbe5SBdJD\",\"https:\\\/\\\/www.lingvolive.com\\\/en-us\\\/profile\\\/9ecaeaca-ce11-4e51-9e71-01d55e2bff36\\\/translations\",\"https:\\\/\\\/www.fitday.com\\\/fitness\\\/forums\\\/members\\\/iwellguard.html\",\"https:\\\/\\\/www.mymeetbook.com\\\/iwellguard\",\"https:\\\/\\\/pxhere.com\\\/en\\\/photographer-me\\\/5040798\",\"https:\\\/\\\/disqus.com\\\/by\\\/iwellguard\\\/about\\\/\",\"https:\\\/\\\/pastelink.net\\\/hjwciqwq\",\"https:\\\/\\\/pubhtml5.com\\\/homepage\\\/scjhn\\\/\",\"https:\\\/\\\/www.bitchute.com\\\/channel\\\/2O2eOKzNqujT\",\"https:\\\/\\\/audiomack.com\\\/iwellguard\"]},{\"@type\":\"Article\",\"@id\":\"https:\\\/\\\/iwell-guard.com\\\/cs\\\/malina-slunecni-bohyne-inuitu\\\/#article\",\"isPartOf\":{\"@id\":\"https:\\\/\\\/iwell-guard.com\\\/cs\\\/malina-slunecni-bohyne-inuitu\\\/\"},\"author\":{\"name\":\"Ralf Ittermann\",\"@id\":\"https:\\\/\\\/iwell-guard.com\\\/cs\\\/#\\\/schema\\\/person\\\/ee2a27f1cac3406c7c6fb5820cb7349f\"},\"headline\":\"Malina &#8211; slune\u010dn\u00ed bohyn\u011b Inuit\u016f\",\"datePublished\":\"2026-09-03T16:31:18+00:00\",\"dateModified\":\"2026-09-03T16:58:37+00:00\",\"mainEntityOfPage\":{\"@id\":\"https:\\\/\\\/iwell-guard.com\\\/cs\\\/malina-slunecni-bohyne-inuitu\\\/\"},\"publisher\":{\"@id\":\"https:\\\/\\\/iwell-guard.com\\\/cs\\\/#organization\"},\"image\":{\"@id\":\"https:\\\/\\\/iwell-guard.com\\\/cs\\\/malina-slunecni-bohyne-inuitu\\\/#primaryimage\"},\"thumbnailUrl\":\"https:\\\/\\\/iwell-guard.com\\\/wp-content\\\/uploads\\\/2026\\\/05\\\/goetter_inuit_malina-inuit.webp\",\"inLanguage\":\"cs\",\"description\":\"Malina je slune\u010dn\u00ed bohyn\u011b Inuit\u016f, sestra a pron\u00e1sledovan\u00e1 m\u011bs\u00ed\u010dn\u00edm bohem Igalukem. Religionistick\u00e9 za\u0159azen\u00ed s m\u00fdtem a prameny.\"}]}<\/script>\n<!-- \/ Yoast SEO Premium plugin. -->","yoast_head_json":{"title":"Malina - inuitsk\u00e1 slune\u010dn\u00ed bohyn\u011b a sestra Igaluka","description":"Malina je slune\u010dn\u00ed bohyn\u011b Inuit\u016f, sestra a pron\u00e1sledovan\u00e1 m\u011bs\u00ed\u010dn\u00edm bohem Igalukem. Religionistick\u00e9 za\u0159azen\u00ed s m\u00fdtem a prameny.","robots":{"index":"index","follow":"follow","max-snippet":"max-snippet:-1","max-image-preview":"max-image-preview:large","max-video-preview":"max-video-preview:-1"},"canonical":"https:\/\/iwell-guard.com\/cs\/malina-slunecni-bohyne-inuitu\/","og_locale":"cs_CZ","og_type":"article","og_title":"Malina - slune\u010dn\u00ed bohyn\u011b Inuit\u016f","og_description":"Malina je slune\u010dn\u00ed bohyn\u011b Inuit\u016f, sestra a pron\u00e1sledovan\u00e1 m\u011bs\u00ed\u010dn\u00edm bohem Igalukem. Religionistick\u00e9 za\u0159azen\u00ed s m\u00fdtem a prameny.","og_url":"https:\/\/iwell-guard.com\/cs\/malina-slunecni-bohyne-inuitu\/","og_site_name":"iWell Guard","article_modified_time":"2026-09-03T16:58:37+00:00","og_image":[{"width":1024,"height":1536,"url":"https:\/\/iwell-guard.com\/wp-content\/uploads\/2026\/05\/goetter_inuit_malina-inuit.webp","type":"image\/webp"}],"twitter_card":"summary_large_image","schema":{"@context":"https:\/\/schema.org","@graph":[{"@type":"Article","@id":"https:\/\/iwell-guard.com\/cs\/malina-slunecni-bohyne-inuitu\/#article","isPartOf":{"@id":"https:\/\/iwell-guard.com\/cs\/malina-slunecni-bohyne-inuitu\/"},"author":{"name":"Ralf Ittermann","@id":"https:\/\/iwell-guard.com\/cs\/#\/schema\/person\/ee2a27f1cac3406c7c6fb5820cb7349f"},"headline":"Malina &#8211; slune\u010dn\u00ed bohyn\u011b Inuit\u016f","datePublished":"2026-09-03T16:31:18+00:00","dateModified":"2026-09-03T16:58:37+00:00","mainEntityOfPage":{"@id":"https:\/\/iwell-guard.com\/cs\/malina-slunecni-bohyne-inuitu\/"},"publisher":{"@id":"https:\/\/iwell-guard.com\/cs\/#organization"},"image":{"@id":"https:\/\/iwell-guard.com\/cs\/malina-slunecni-bohyne-inuitu\/#primaryimage"},"thumbnailUrl":"https:\/\/iwell-guard.com\/wp-content\/uploads\/2026\/05\/goetter_inuit_malina-inuit.webp","inLanguage":"cs","description":"Malina je slune\u010dn\u00ed bohyn\u011b Inuit\u016f, sestra a pron\u00e1sledovan\u00e1 m\u011bs\u00ed\u010dn\u00edm bohem Igalukem. Religionistick\u00e9 za\u0159azen\u00ed s m\u00fdtem a prameny."},{"@type":"WebPage","@id":"https:\/\/iwell-guard.com\/cs\/malina-slunecni-bohyne-inuitu\/","url":"https:\/\/iwell-guard.com\/cs\/malina-slunecni-bohyne-inuitu\/","name":"Malina - inuitsk\u00e1 slune\u010dn\u00ed bohyn\u011b a sestra Igaluka","isPartOf":{"@id":"https:\/\/iwell-guard.com\/cs\/#website"},"primaryImageOfPage":{"@id":"https:\/\/iwell-guard.com\/cs\/malina-slunecni-bohyne-inuitu\/#primaryimage"},"image":{"@id":"https:\/\/iwell-guard.com\/cs\/malina-slunecni-bohyne-inuitu\/#primaryimage"},"thumbnailUrl":"https:\/\/iwell-guard.com\/wp-content\/uploads\/2026\/05\/goetter_inuit_malina-inuit.webp","datePublished":"2026-09-03T16:31:18+00:00","dateModified":"2026-09-03T16:58:37+00:00","description":"Malina je slune\u010dn\u00ed bohyn\u011b Inuit\u016f, sestra a pron\u00e1sledovan\u00e1 m\u011bs\u00ed\u010dn\u00edm bohem Igalukem. Religionistick\u00e9 za\u0159azen\u00ed s m\u00fdtem a prameny.","breadcrumb":{"@id":"https:\/\/iwell-guard.com\/cs\/malina-slunecni-bohyne-inuitu\/#breadcrumb"},"inLanguage":"cs","potentialAction":[{"@type":"ReadAction","target":["https:\/\/iwell-guard.com\/cs\/malina-slunecni-bohyne-inuitu\/"]}]},{"@type":"ImageObject","inLanguage":"cs","@id":"https:\/\/iwell-guard.com\/cs\/malina-slunecni-bohyne-inuitu\/#primaryimage","url":"https:\/\/iwell-guard.com\/wp-content\/uploads\/2026\/05\/goetter_inuit_malina-inuit.webp","contentUrl":"https:\/\/iwell-guard.com\/wp-content\/uploads\/2026\/05\/goetter_inuit_malina-inuit.webp","width":1024,"height":1536,"caption":"Bohov\u00e9 z inuitsk\u00e9 tradice."},{"@type":"BreadcrumbList","@id":"https:\/\/iwell-guard.com\/cs\/malina-slunecni-bohyne-inuitu\/#breadcrumb","itemListElement":[{"@type":"ListItem","position":1,"name":"Start","item":"https:\/\/iwell-guard.com\/cs\/?page_id=145107"},{"@type":"ListItem","position":2,"name":"Malina &#8211; slune\u010dn\u00ed bohyn\u011b Inuit\u016f"}]},{"@type":"WebSite","@id":"https:\/\/iwell-guard.com\/cs\/#website","url":"https:\/\/iwell-guard.com\/cs\/","name":"iWell Guard","description":"Schutz vor dunklen Einfl\u00fcssen","publisher":{"@id":"https:\/\/iwell-guard.com\/cs\/#organization"},"potentialAction":[{"@type":"SearchAction","target":{"@type":"EntryPoint","urlTemplate":"https:\/\/iwell-guard.com\/cs\/?s={search_term_string}"},"query-input":{"@type":"PropertyValueSpecification","valueRequired":true,"valueName":"search_term_string"}}],"inLanguage":"cs"},{"@type":"Organization","@id":"https:\/\/iwell-guard.com\/cs\/#organization","name":"Ittermann electronic GmbH","url":"https:\/\/iwell-guard.com\/cs\/","logo":{"@type":"ImageObject","inLanguage":"cs","@id":"https:\/\/iwell-guard.com\/cs\/#\/schema\/logo\/image\/","url":"https:\/\/iwell-guard.com\/wp-content\/uploads\/2026\/05\/Ittermann-Logo-1182x237-1.png","contentUrl":"https:\/\/iwell-guard.com\/wp-content\/uploads\/2026\/05\/Ittermann-Logo-1182x237-1.png","width":1182,"height":237,"caption":"Ittermann electronic GmbH"},"image":{"@id":"https:\/\/iwell-guard.com\/cs\/#\/schema\/logo\/image\/"},"sameAs":["https:\/\/pantip.com\/profile\/9367242","https:\/\/micro.blog\/iwellguard","https:\/\/www.diggerslist.com\/iwellguard\/about","https:\/\/skitterphoto.com\/photographers\/2870314\/iwell-guard","https:\/\/iwellguard.wordpress.com\/2026\/06\/06\/iwell-guard\/","https:\/\/hub.docker.com\/u\/iwellguard","https:\/\/www.pinterest.com\/iwellguard\/","https:\/\/bit.ly\/m\/iwellguard","https:\/\/entre-vos-mains.alsace.eu\/profiles\/iwellguard\/activity","https:\/\/gravatar.com\/reallybeded8fd34","https:\/\/naijamatta.com\/iwellguard","https:\/\/www.goodreads.com\/iwellguard","https:\/\/profile.hatena.ne.jp\/iwellguard\/","https:\/\/experiment.com\/users\/iwellguard","https:\/\/wakelet.com\/@iWellGuard82270","https:\/\/www.chordie.com\/forum\/profile.php?id=2555664","https:\/\/www.instapaper.com\/p\/17757966","https:\/\/www.mapleprimes.com\/users\/iwellguard","https:\/\/businesslistingplus.com\/profile\/iwell-guard\/","https:\/\/telegra.ph\/iWell-Guard-06-06","https:\/\/pbase.com\/iwellguard\/iwellguard","https:\/\/b.hatena.ne.jp\/iwellguard\/20260607#bookmark-4788405196491818882","https:\/\/fliphtml5.com\/home\/iwellguard","https:\/\/anyflip.com\/homepage\/cmiwl#About","https:\/\/transfur.com\/Users\/iwellguard","http:\/\/delphi.larsbo.org\/user\/iwellguard","https:\/\/jobs.lajobsportal.org\/profiles\/8380803-iwell-guard","https:\/\/md.chaosdorf.de\/s\/jfbe5SBdJD","https:\/\/www.lingvolive.com\/en-us\/profile\/9ecaeaca-ce11-4e51-9e71-01d55e2bff36\/translations","https:\/\/www.fitday.com\/fitness\/forums\/members\/iwellguard.html","https:\/\/www.mymeetbook.com\/iwellguard","https:\/\/pxhere.com\/en\/photographer-me\/5040798","https:\/\/disqus.com\/by\/iwellguard\/about\/","https:\/\/pastelink.net\/hjwciqwq","https:\/\/pubhtml5.com\/homepage\/scjhn\/","https:\/\/www.bitchute.com\/channel\/2O2eOKzNqujT","https:\/\/audiomack.com\/iwellguard"]},{"@type":"Person","@id":"https:\/\/iwell-guard.com\/cs\/#\/schema\/person\/ee2a27f1cac3406c7c6fb5820cb7349f","name":"Ralf Ittermann","image":{"@type":"ImageObject","inLanguage":"cs","@id":"https:\/\/secure.gravatar.com\/avatar\/073c0153e350a5005b68eb752b445fea71f6b24a26da9449ad7e155e6b446c9d?s=96&d=mm&r=g","url":"https:\/\/secure.gravatar.com\/avatar\/073c0153e350a5005b68eb752b445fea71f6b24a26da9449ad7e155e6b446c9d?s=96&d=mm&r=g","contentUrl":"https:\/\/secure.gravatar.com\/avatar\/073c0153e350a5005b68eb752b445fea71f6b24a26da9449ad7e155e6b446c9d?s=96&d=mm&r=g","caption":"Ralf Ittermann"},"givenName":"Ralf","familyName":"Ittermann","jobTitle":"Gesch\u00e4ftsf\u00fchrer und redaktioneller Verantwortlicher","url":"https:\/\/iwell-guard.com\/cs\/author\/claude\/","description":"Ralf Ittermann ist Gesch\u00e4ftsf\u00fchrer der Ittermann electronic GmbH und redaktioneller Verantwortlicher des iWell-Guard-Lexikons. Er verbindet langj\u00e4hrige Erfahrung in der Pr\u00e4zisionsfertigung mit medialer Praxis und religionsgeschichtlicher Quellenarbeit.","worksFor":{"@type":"Organization","name":"Ittermann electronic GmbH","url":"https:\/\/ittermann.de\/","address":{"@type":"PostalAddress","streetAddress":"K\u00f6hlergasse 16-18","postalCode":"99842","addressLocality":"Ruhla","addressCountry":"DE"}},"knowsAbout":["Religionsgeschichte","Mythologie","Mediale Praxis","Energetische Diagnostik","Schutzpraxis","Volksglauben","Westliche Esoterik"]},{"@type":"Article","@id":"https:\/\/iwell-guard.com\/cs\/malina-slunecni-bohyne-inuitu\/#article","isPartOf":{"@id":"https:\/\/iwell-guard.com\/cs\/malina-slunecni-bohyne-inuitu\/"},"author":{"name":"Ralf Ittermann","@id":"https:\/\/iwell-guard.com\/cs\/#\/schema\/person\/ee2a27f1cac3406c7c6fb5820cb7349f"},"headline":"Malina &#8211; slune\u010dn\u00ed bohyn\u011b Inuit\u016f","datePublished":"2026-09-03T16:31:18+00:00","dateModified":"2026-09-03T16:58:37+00:00","mainEntityOfPage":{"@id":"https:\/\/iwell-guard.com\/cs\/malina-slunecni-bohyne-inuitu\/"},"publisher":{"@id":"https:\/\/iwell-guard.com\/cs\/#organization"},"image":{"@id":"https:\/\/iwell-guard.com\/cs\/malina-slunecni-bohyne-inuitu\/#primaryimage"},"thumbnailUrl":"https:\/\/iwell-guard.com\/wp-content\/uploads\/2026\/05\/goetter_inuit_malina-inuit.webp","inLanguage":"cs","description":"Malina je slune\u010dn\u00ed bohyn\u011b Inuit\u016f, sestra a pron\u00e1sledovan\u00e1 m\u011bs\u00ed\u010dn\u00edm bohem Igalukem. Religionistick\u00e9 za\u0159azen\u00ed s m\u00fdtem a prameny."}]}},"_links":{"self":[{"href":"https:\/\/iwell-guard.com\/cs\/wp-json\/wp\/v2\/pages\/145534","targetHints":{"allow":["GET"]}}],"collection":[{"href":"https:\/\/iwell-guard.com\/cs\/wp-json\/wp\/v2\/pages"}],"about":[{"href":"https:\/\/iwell-guard.com\/cs\/wp-json\/wp\/v2\/types\/page"}],"author":[{"embeddable":true,"href":"https:\/\/iwell-guard.com\/cs\/wp-json\/wp\/v2\/users\/3"}],"replies":[{"embeddable":true,"href":"https:\/\/iwell-guard.com\/cs\/wp-json\/wp\/v2\/comments?post=145534"}],"version-history":[{"count":0,"href":"https:\/\/iwell-guard.com\/cs\/wp-json\/wp\/v2\/pages\/145534\/revisions"}],"wp:featuredmedia":[{"embeddable":true,"href":"https:\/\/iwell-guard.com\/cs\/wp-json\/wp\/v2\/media\/2883"}],"wp:attachment":[{"href":"https:\/\/iwell-guard.com\/cs\/wp-json\/wp\/v2\/media?parent=145534"}],"wp:term":[{"taxonomy":"category","embeddable":true,"href":"https:\/\/iwell-guard.com\/cs\/wp-json\/wp\/v2\/categories?post=145534"}],"curies":[{"name":"wp","href":"https:\/\/api.w.org\/{rel}","templated":true}]}}