{"id":145530,"date":"2026-09-03T16:31:16","date_gmt":"2026-09-03T16:31:16","guid":{"rendered":"https:\/\/iwell-guard.com\/?page_id=145530"},"modified":"2026-09-03T16:58:33","modified_gmt":"2026-09-03T16:58:33","slug":"anguta-otec-sedny-strazce-podsveti","status":"publish","type":"page","link":"https:\/\/iwell-guard.com\/cs\/anguta-otec-sedny-strazce-podsveti\/","title":{"rendered":"Anguta \u2013 otec Sedny a str\u00e1\u017ece podsv\u011bt\u00ed"},"content":{"rendered":"\t\t<div data-elementor-type=\"wp-page\" data-elementor-id=\"145530\" class=\"elementor elementor-145530 elementor-2658 elementor-bc-flex-widget\" data-elementor-post-type=\"page\">\n\t\t\t\t<div class=\"elementor-element elementor-element-iwgw-anguta-hero e-flex e-con-boxed e-con e-parent\" data-id=\"iwgw-anguta-hero\" data-element_type=\"container\" data-e-type=\"container\" data-settings=\"{&quot;background_background&quot;:&quot;classic&quot;}\">\n\t\t\t\t\t<div class=\"e-con-inner\">\n\t\t<div class=\"elementor-element elementor-element-iwgw-anguta-hl e-flex e-con-boxed e-con e-child\" data-id=\"iwgw-anguta-hl\" data-element_type=\"container\" data-e-type=\"container\">\n\t\t\t\t\t<div class=\"e-con-inner\">\n\t\t<div class=\"elementor-element elementor-element-iwgw-anguta-htxt e-con-full e-flex e-con e-child\" data-id=\"iwgw-anguta-htxt\" data-element_type=\"container\" data-e-type=\"container\">\n\t\t\t\t<div class=\"elementor-element elementor-element-iwgw-anguta-h1 elementor-widget elementor-widget-heading\" data-id=\"iwgw-anguta-h1\" data-element_type=\"widget\" data-e-type=\"widget\" data-widget_type=\"heading.default\">\n\t\t\t\t\t<h1 class=\"elementor-heading-title elementor-size-default\">Anguta \u2013 otec pan\u00ed mo\u0159\u00ed a str\u00e1\u017ece mrtv\u00fdch v inuitsk\u00e9 mytologii<\/h1>\t\t\t\t<\/div>\n\t\t\t\t<div class=\"elementor-element elementor-element-iwgw-anguta-lead elementor-widget elementor-widget-text-editor\" data-id=\"iwgw-anguta-lead\" data-element_type=\"widget\" data-e-type=\"widget\" data-widget_type=\"text-editor.default\">\n\t\t\t\t\t\t\t\t\t<p>Anguta je v inuitsk\u00e9 tradici centr\u00e1ln\u00ed Arktidy pova\u017eov\u00e1n za otce pan\u00ed mo\u0159\u00ed <a href=\"https:\/\/iwell-guard.com\/cs\/?page_id=145526\">Sedny<\/a> a za str\u00e1\u017ece mrtv\u00fdch v podsv\u011bt\u00ed Adlivun. Jeho postava je pevn\u011b spojena se sednovsk\u00fdm <span class=\"iwg-fachbegriff\" data-tooltip=\"Tradovan\u00e9 vypr\u00e1v\u011bn\u00ed o boz\u00edch, po\u010d\u00e1tc\u00edch a uspo\u0159\u00e1d\u00e1n\u00ed sv\u011bta.\" tabindex=\"0\">m\u00fdtem<\/span>, av\u0161ak m\u00e1 vlastn\u00ed n\u00e1bo\u017eensk\u00e9 funkce v \u0159\u00ed\u0161i mrtv\u00fdch, kter\u00e9 je t\u0159eba religionisticky posuzovat samostatn\u011b.<\/p>\t\t\t\t\t\t\t\t<\/div>\n\t\t\t\t<\/div>\n\t\t<div class=\"elementor-element elementor-element-iwgw-anguta-pillc e-con-full e-flex e-con e-child\" data-id=\"iwgw-anguta-pillc\" data-element_type=\"container\" data-e-type=\"container\">\n\t\t\t\t<div class=\"elementor-element elementor-element-iwgw-anguta-pills elementor-widget elementor-widget-html\" data-id=\"iwgw-anguta-pills\" data-element_type=\"widget\" data-e-type=\"widget\" data-widget_type=\"html.default\">\n\t\t\t\t\t<div class=\"iwg-pill-row\"><span class=\"iwg-klasse-badge\" tabindex=\"0\" data-tooltip=\"Duchov\u00e9 mrtv\u00fdch tradice Inuit\u00e9.\">Duchov\u00e9 mrtv\u00fdch<\/span><a href=\"https:\/\/iwell-guard.com\/cs\/inuite-arktida-sedna-tornit-praxe\/\" class=\"iwg-kultur-badge\" tabindex=\"0\" data-tooltip=\"Mytologie tradice Inuit\u00e9.\">Inuit\u00e9<\/a><span class=\"iwg-tradition-badge\" tabindex=\"0\" data-tooltip=\"Str\u00e1\u017ece mrtv\u00fdch.\">Str\u00e1\u017ece mrtv\u00fdch<\/span><\/div>\t\t\t\t<\/div>\n\t\t\t\t<\/div>\n\t\t<div class=\"elementor-element elementor-element-iwgw-anguta-tocc e-con-full e-flex e-con e-child\" data-id=\"iwgw-anguta-tocc\" data-element_type=\"container\" data-e-type=\"container\">\n\t\t\t\t<div class=\"elementor-element elementor-element-iwgw-anguta-toc elementor-toc--minimized-on-tablet elementor-widget elementor-widget-table-of-contents\" data-id=\"iwgw-anguta-toc\" data-element_type=\"widget\" data-e-type=\"widget\" data-settings=\"{&quot;headings_by_tags&quot;:[&quot;h2&quot;,&quot;h3&quot;],&quot;minimize_box&quot;:&quot;yes&quot;,&quot;marker_view&quot;:&quot;bullets&quot;,&quot;no_headings_message&quot;:&quot;Na t\\u00e9to str\\u00e1nce nebyly nalezeny \\u017e\\u00e1dn\\u00e9 nadpisy.&quot;,&quot;exclude_headings_by_selector&quot;:[],&quot;icon&quot;:{&quot;value&quot;:&quot;fas fa-circle&quot;,&quot;library&quot;:&quot;fa-solid&quot;,&quot;rendered_tag&quot;:&quot;&lt;svg class=\\&quot;e-font-icon-svg e-fas-circle\\&quot; viewBox=\\&quot;0 0 512 512\\&quot; xmlns=\\&quot;http:\\\/\\\/www.w3.org\\\/2000\\\/svg\\&quot;&gt;&lt;path d=\\&quot;M256 8C119 8 8 119 8 256s111 248 248 248 248-111 248-248S393 8 256 8z\\&quot;&gt;&lt;\\\/path&gt;&lt;\\\/svg&gt;&quot;},&quot;minimized_on&quot;:&quot;tablet&quot;,&quot;hierarchical_view&quot;:&quot;yes&quot;,&quot;min_height&quot;:{&quot;unit&quot;:&quot;px&quot;,&quot;size&quot;:&quot;&quot;,&quot;sizes&quot;:[]},&quot;min_height_tablet&quot;:{&quot;unit&quot;:&quot;px&quot;,&quot;size&quot;:&quot;&quot;,&quot;sizes&quot;:[]},&quot;min_height_mobile&quot;:{&quot;unit&quot;:&quot;px&quot;,&quot;size&quot;:&quot;&quot;,&quot;sizes&quot;:[]}}\" data-widget_type=\"table-of-contents.default\">\n\t\t\t\t\t\t\t\t\t<div class=\"elementor-toc__header\">\n\t\t\t\t\t\t<h2 class=\"elementor-toc__header-title\">\n\t\t\t\tObsah\t\t\t<\/h2>\n\t\t\t\t\t\t\t\t\t\t<div class=\"elementor-toc__toggle-button elementor-toc__toggle-button--expand\" role=\"button\" tabindex=\"0\" aria-controls=\"elementor-toc__iwgw-anguta-toc\" aria-expanded=\"true\" aria-label=\"Open table of contents\"><svg aria-hidden=\"true\" class=\"e-font-icon-svg e-fas-chevron-down\" viewBox=\"0 0 448 512\" xmlns=\"http:\/\/www.w3.org\/2000\/svg\"><path d=\"M207.029 381.476L12.686 187.132c-9.373-9.373-9.373-24.569 0-33.941l22.667-22.667c9.357-9.357 24.522-9.375 33.901-.04L224 284.505l154.745-154.021c9.379-9.335 24.544-9.317 33.901.04l22.667 22.667c9.373 9.373 9.373 24.569 0 33.941L240.971 381.476c-9.373 9.372-24.569 9.372-33.942 0z\"><\/path><\/svg><\/div>\n\t\t\t\t<div class=\"elementor-toc__toggle-button elementor-toc__toggle-button--collapse\" role=\"button\" tabindex=\"0\" aria-controls=\"elementor-toc__iwgw-anguta-toc\" aria-expanded=\"true\" aria-label=\"Close table of contents\"><svg aria-hidden=\"true\" class=\"e-font-icon-svg e-fas-chevron-up\" viewBox=\"0 0 448 512\" xmlns=\"http:\/\/www.w3.org\/2000\/svg\"><path d=\"M240.971 130.524l194.343 194.343c9.373 9.373 9.373 24.569 0 33.941l-22.667 22.667c-9.357 9.357-24.522 9.375-33.901.04L224 227.495 69.255 381.516c-9.379 9.335-24.544 9.317-33.901-.04l-22.667-22.667c-9.373-9.373-9.373-24.569 0-33.941L207.03 130.525c9.372-9.373 24.568-9.373 33.941-.001z\"><\/path><\/svg><\/div>\n\t\t\t\t\t<\/div>\n\t\t\t\t<div id=\"elementor-toc__iwgw-anguta-toc\" class=\"elementor-toc__body\">\n\t\t\t<div class=\"elementor-toc__spinner-container\">\n\t\t\t\t<svg class=\"elementor-toc__spinner eicon-animation-spin e-font-icon-svg e-eicon-loading\" aria-hidden=\"true\" viewBox=\"0 0 1000 1000\" xmlns=\"http:\/\/www.w3.org\/2000\/svg\"><path d=\"M500 975V858C696 858 858 696 858 500S696 142 500 142 142 304 142 500H25C25 237 238 25 500 25S975 237 975 500 763 975 500 975Z\"><\/path><\/svg>\t\t\t<\/div>\n\t\t<\/div>\n\t\t\t\t\t\t<\/div>\n\t\t\t\t<\/div>\n\t\t\t\t\t<\/div>\n\t\t\t\t<\/div>\n\t\t<div class=\"elementor-element elementor-element-iwgw-anguta-hr e-con-full e-flex e-con e-child\" data-id=\"iwgw-anguta-hr\" data-element_type=\"container\" data-e-type=\"container\">\n\t\t\t\t<div class=\"elementor-element elementor-element-iwgw-anguta-heroimg iwg-hero-image elementor-widget elementor-widget-image\" data-id=\"iwgw-anguta-heroimg\" data-element_type=\"widget\" data-e-type=\"widget\" data-widget_type=\"image.default\">\n\t\t\t\t\t\t\t\t\t\t\t\t\t\t\t<img fetchpriority=\"high\" decoding=\"async\" width=\"683\" height=\"1024\" src=\"https:\/\/iwell-guard.com\/wp-content\/uploads\/2026\/05\/geister_inuit_anguta-683x1024.webp\" class=\"attachment-large size-large wp-image-147308\" alt=\"Anguta - duchov\u00e9 z inuitsk\u00e9 tradice, historicko-ilustrativn\u00ed\" srcset=\"https:\/\/iwell-guard.com\/wp-content\/uploads\/2026\/05\/geister_inuit_anguta-683x1024.webp 683w, https:\/\/iwell-guard.com\/wp-content\/uploads\/2026\/05\/geister_inuit_anguta-200x300.webp 200w, https:\/\/iwell-guard.com\/wp-content\/uploads\/2026\/05\/geister_inuit_anguta-768x1152.webp 768w, https:\/\/iwell-guard.com\/wp-content\/uploads\/2026\/05\/geister_inuit_anguta.webp 1024w\" sizes=\"(max-width: 683px) 100vw, 683px\" \/>\t\t\t\t\t\t\t\t\t\t\t\t\t\t\t<\/div>\n\t\t\t\t<\/div>\n\t\t\t\t\t<\/div>\n\t\t\t\t<\/div>\n\t\t<div class=\"elementor-element elementor-element-iwgw-anguta-s0 e-flex e-con-boxed e-con e-parent\" data-id=\"iwgw-anguta-s0\" data-element_type=\"container\" data-e-type=\"container\">\n\t\t\t\t\t<div class=\"e-con-inner\">\n\t\t\t\t<div class=\"elementor-element elementor-element-iwgw-anguta-s0h elementor-widget elementor-widget-heading\" data-id=\"iwgw-anguta-s0h\" data-element_type=\"widget\" data-e-type=\"widget\" data-widget_type=\"heading.default\">\n\t\t\t\t\t<h2 class=\"elementor-heading-title elementor-size-default\">Za\u0159azen\u00ed a stru\u010dn\u00fd profil<\/h2>\t\t\t\t<\/div>\n\t\t<div class=\"elementor-element elementor-element-iwgw-anguta-s0c e-con-full e-flex e-con e-child\" data-id=\"iwgw-anguta-s0c\" data-element_type=\"container\" data-e-type=\"container\">\n\t\t\t\t<div class=\"elementor-element elementor-element-iwgw-anguta-s0t elementor-widget elementor-widget-text-editor\" data-id=\"iwgw-anguta-s0t\" data-element_type=\"widget\" data-e-type=\"widget\" data-widget_type=\"text-editor.default\">\n\t\t\t\t\t\t\t\t\t<p>Anguta je mu\u017eskou dopl\u0148kovou postavou k Sedn\u011b. Jeho jm\u00e9no v inuktitutu znamen\u00e1 doslova otec nebo jej\u00ed otec a v pramenech se s n\u00edm jen z\u0159\u00eddka zach\u00e1z\u00ed nez\u00e1visle na Sedn\u011b.<\/p><p>Religionisticky je toto propleten\u00ed typick\u00e9: Anguta se objevuje jako dopl\u0148uj\u00edc\u00ed instance, kter\u00e1 dovr\u0161uje drama Sednina zmrza\u010den\u00ed a p\u0159iv\u00e1d\u00ed je do sf\u00e9ry mrtv\u00fdch. Toto funk\u010dn\u00ed pouto k Sedn\u011b je jazykov\u011b i narativn\u011b pevn\u011b ust\u00e1len\u00e9.<\/p><p>Zat\u00edmco Sedna vl\u00e1dne mo\u0159sk\u00fdm tvor\u016fm, Anguta m\u00e1 podle z\u00e1pisk\u016f Franze Boase a Knuda Rasmussena na starosti mrtv\u00e9.<\/p><p>P\u0159ij\u00edm\u00e1 zesnul\u00e9 v Adlivunu, chladn\u00e9 oblasti pod mo\u0159em, a rozhoduje, kte\u0159\u00ed z nich mohou pokra\u010dovat v\u00fd\u0161, do zem\u011b denn\u00edch radost\u00ed, a kte\u0159\u00ed mus\u00ed z\u016fstat dole. Tato role spr\u00e1vce p\u0159echodu z n\u011bj v d\u011bjin\u00e1ch n\u00e1bo\u017eenstv\u00ed d\u011bl\u00e1 sv\u00e9bytnou postavu soudce mrtv\u00fdch.<\/p><p>Tato postava je region\u00e1ln\u011b akcentov\u00e1na r\u016fzn\u011b. V n\u011bkter\u00fdch pramenech je Anguta t\u00e9m\u011b\u0159 toto\u017en\u00fd s m\u011bs\u00ed\u010dn\u00edm bo\u017estvem <a href=\"https:\/\/iwell-guard.com\/cs\/?page_id=145533\">Igalukem<\/a>, v jin\u00fdch je od n\u011bj jasn\u011b odd\u011blen. Tato variace odr\u00e1\u017e\u00ed nesystematickou <span class=\"iwg-fachbegriff\" data-tooltip=\"V\u011bdeck\u00e1 nauka o Bohu a v\u00ed\u0159e n\u00e1bo\u017eenstv\u00ed.\" tabindex=\"0\">teologii<\/span> inuitsk\u00e9 tradice a v\u011bdecky ji nelze jednozna\u010dn\u011b vy\u0159e\u0161it, n\u00fdbr\u017e je t\u0159eba ji ch\u00e1pat jako zvl\u00e1\u0161tnost nedogmatick\u00e9 n\u00e1bo\u017eensk\u00e9 praxe. Tolerance v\u016f\u010di nesrovnalostem je sou\u010d\u00e1st\u00ed n\u00e1bo\u017eensk\u00e9ho stylu.<\/p><p>I Anguta, jen\u017e jako otec Sedny a str\u00e1\u017ece mrtv\u00fdch b\u00fdv\u00e1 tradov\u00e1n v\u011bt\u0161inou jen v souvislosti s pan\u00ed mo\u0159\u00ed, je v nov\u011bj\u0161\u00ed badatelsk\u00e9 pr\u00e1ci zkoum\u00e1n roz\u0161\u00ed\u0159en\u00fdmi metodami, kter\u00e9 spojuj\u00ed etnografickou p\u0159esnost, jazykov\u011b kritickou kontrolu pramen\u016f a srovn\u00e1vac\u00ed za\u0159azen\u00ed.<\/p><p>V\u011bdci a v\u011bdkyn\u011b z \u0159ad samotn\u00e9 inuitsk\u00e9 komunity se dnes na tomto v\u00fdzkumu pod\u00edlej\u00ed a reviduj\u00ed star\u0161\u00ed, \u010d\u00e1ste\u010dn\u011b koloni\u00e1ln\u011b zabarven\u00e9 interpretace z pera z\u00e1padn\u00edch autor\u016f.<\/p>\t\t\t\t\t\t\t\t<\/div>\n\t\t\t\t<\/div>\n\t\t\t\t\t<\/div>\n\t\t\t\t<\/div>\n\t\t<div class=\"elementor-element elementor-element-iwgw-anguta-s1 e-flex e-con-boxed e-con e-parent\" data-id=\"iwgw-anguta-s1\" data-element_type=\"container\" data-e-type=\"container\">\n\t\t\t\t\t<div class=\"e-con-inner\">\n\t\t\t\t<div class=\"elementor-element elementor-element-iwgw-anguta-s1h elementor-widget elementor-widget-heading\" data-id=\"iwgw-anguta-s1h\" data-element_type=\"widget\" data-e-type=\"widget\" data-widget_type=\"heading.default\">\n\t\t\t\t\t<h2 class=\"elementor-heading-title elementor-size-default\">Jm\u00e9no a etymologie<\/h2>\t\t\t\t<\/div>\n\t\t<div class=\"elementor-element elementor-element-iwgw-anguta-s1c e-con-full e-flex e-con e-child\" data-id=\"iwgw-anguta-s1c\" data-element_type=\"container\" data-e-type=\"container\">\n\t\t\t\t<div class=\"elementor-element elementor-element-iwgw-anguta-s1t elementor-widget elementor-widget-text-editor\" data-id=\"iwgw-anguta-s1t\" data-element_type=\"widget\" data-e-type=\"widget\" data-widget_type=\"text-editor.default\">\n\t\t\t\t\t\t\t\t\t<p>Jm\u00e9no Anguta je elipsov\u00fdm \u00fatvarem odvozen\u00fdm od <em>angun<\/em> nebo <em>ataata<\/em>, slov pro otce \u010di rodi\u010de mu\u017esk\u00e9ho pohlav\u00ed. Anguta tedy znamen\u00e1 doslova jeho otec ve vztahu k Sedn\u011b, nikoli vlastn\u00ed jm\u00e9no ve smyslu Otec.<\/p><p>Jazyk zachov\u00e1v\u00e1 jm\u00e9no v rela\u010dn\u00ed form\u011b, co\u017e je v\u011bdecky pozoruhodn\u00e9, proto\u017ee Angutu nelze jazykov\u011b nikdy odd\u011blit od jeho otcovsk\u00e9 role.<\/p><p>Dal\u0161\u00edmi dolo\u017een\u00fdmi jm\u00e9ny pro tuto postavu jsou <em>Ataagujuk<\/em> nebo <em>Atak<\/em>. V z\u00e1padn\u00edm Gr\u00f3nsku se m\u00edsty objevuje forma <em>Anguta<\/em>, v Iglulik pak <em>Tutik<\/em> pro podobnou funkci.<\/p><p>Region\u00e1ln\u00ed rozmanitost je zna\u010dn\u00e1 a nab\u00e1d\u00e1 k opatrnosti p\u0159i jak\u00e9mkoli jednotn\u00e9m pod\u00e1n\u00ed. V\u011bdeck\u00fdm \u00fakolem je tyto variace zviditelnit, ani\u017e by byly n\u00e1siln\u011b stla\u010deny do um\u011bl\u00e9 jednoty.<\/p><p>Elipsovit\u00e1 jazykov\u00e1 forma odpov\u00edd\u00e1 <span class=\"iwg-fachbegriff\" data-tooltip=\"V\u011bdeck\u00e1 nauka o Bohu a v\u00ed\u0159e n\u00e1bo\u017eenstv\u00ed.\" tabindex=\"0\">teologii<\/span>, kter\u00e1 postavy ch\u00e1pe jako uzly ve vztahov\u00fdch s\u00edt\u00edch, nikoli jako autonomn\u00ed osoby. Anguta je v\u017edy otcem Sedny, nikdy Angutou samotn\u00fdm.<\/p><p>Tato rela\u010dnost je kl\u00ed\u010dem k pochopen\u00ed inuitsk\u00e9ho sv\u011bta boh\u016f a v\u00fdrazn\u011b jej odli\u0161uje od autonomn\u00edch koncepc\u00ed osob v indoevropsk\u00fdch panteonech, kde vlastn\u00ed jm\u00e9na konstituuj\u00ed vlastn\u00ed identitu.<\/p><p>Dal\u0161\u00ed p\u0159\u00edstup vypl\u00fdv\u00e1 z religionistick\u00e9 ot\u00e1zky po spole\u010densk\u00e9 funkci Anguty. Jako spr\u00e1vce p\u0159echodu do \u0159\u00ed\u0161e mrtv\u00fdch Adlivun n\u00e1zorn\u011b zt\u011bles\u0148uje skute\u010dnost, \u017ee n\u00e1bo\u017eensk\u00fd \u0159\u00e1d Inuit\u016f byl pevn\u011b propleten se soci\u00e1ln\u00ed prax\u00ed a nest\u00e1l od n\u00ed v\u016fbec odlou\u010den\u011b.<\/p><p>Toto propleten\u00ed je samostatnou oblast\u00ed religionsantropologick\u00e9ho b\u00e1d\u00e1n\u00ed, kterou systematicky zpracovali zejm\u00e9na Fr\u00e9d\u00e9ric Laugrand a Jarich Oosten.<\/p>\t\t\t\t\t\t\t\t<\/div>\n\t\t\t\t<\/div>\n\t\t\t\t\t<\/div>\n\t\t\t\t<\/div>\n\t\t<div class=\"elementor-element elementor-element-iwgw-anguta-s2 e-flex e-con-boxed e-con e-parent\" data-id=\"iwgw-anguta-s2\" data-element_type=\"container\" data-e-type=\"container\">\n\t\t\t\t\t<div class=\"e-con-inner\">\n\t\t\t\t<div class=\"elementor-element elementor-element-iwgw-anguta-s2h elementor-widget elementor-widget-heading\" data-id=\"iwgw-anguta-s2h\" data-element_type=\"widget\" data-e-type=\"widget\" data-widget_type=\"heading.default\">\n\t\t\t\t\t<h2 class=\"elementor-heading-title elementor-size-default\">Popis a ikonografie<\/h2>\t\t\t\t<\/div>\n\t\t<div class=\"elementor-element elementor-element-iwgw-anguta-s2c e-con-full e-flex e-con e-child\" data-id=\"iwgw-anguta-s2c\" data-element_type=\"container\" data-e-type=\"container\">\n\t\t\t\t<div class=\"elementor-element elementor-element-iwgw-anguta-s2t elementor-widget elementor-widget-text-editor\" data-id=\"iwgw-anguta-s2t\" data-element_type=\"widget\" data-e-type=\"widget\" data-widget_type=\"text-editor.default\">\n\t\t\t\t\t\t\t\t\t<p>Anguta je v tradovan\u00fdch vypr\u00e1v\u011bn\u00edch popisov\u00e1n jako star\u00fd, jednoruk\u00fd mu\u017e. Jeho zmrza\u010den\u00ed je zrcadlov\u00fdm obrazem zmrza\u010den\u00ed, kter\u00e9 zp\u016fsobil Sedn\u011b: i on ztratil jednu ruku, co\u017e posiluje etiologick\u00fd r\u00e1z vypr\u00e1v\u011bn\u00ed.<\/p><p>V n\u011bkter\u00fdch verz\u00edch p\u0159i\u0161el o ruku p\u0159i potrest\u00e1n\u00ed ze strany Sedny, kter\u00e1 jej po \u010dinu st\u00e1hla do lodi a p\u0159ivedla tak i jeho k t\u011blesn\u00e9mu posti\u017een\u00ed.<\/p><p>Vizu\u00e1ln\u00ed zobrazen\u00ed jsou vz\u00e1cn\u00e1 a poch\u00e1zej\u00ed t\u00e9m\u011b\u0159 v\u00fdhradn\u011b ze sou\u010dasn\u00e9ho inuitsk\u00e9ho um\u011bn\u00ed od 60. let 20. stolet\u00ed. Kenojuak Ashevak a dal\u0161\u00ed um\u011blci z Cape Dorset Angutu ojedin\u011ble zobrazili, v\u011bt\u0161inou v meziprostoru mezi \u010dlov\u011bkem a <span class=\"iwg-fachbegriff\" data-tooltip=\"Net\u011blesn\u00e1 bytost, j\u00ed\u017e se p\u0159isuzuje \u00fa\u010dinek ve sv\u011bt\u011b.\" tabindex=\"0\">duchem<\/span>. Tato ikonografick\u00e1 zdr\u017eenlivost odpov\u00edd\u00e1 religionistickofenomenologick\u00e9mu pozorov\u00e1n\u00ed, \u017ee Anguta byl v n\u00e1bo\u017eensk\u00e9 praxi m\u00e9n\u011b centr\u00e1ln\u00ed ne\u017e v narativn\u00edch pramenech.<\/p><p>Symbolicky je Anguta spojov\u00e1n s lod\u00ed, veslem a gestem sek\u00e1n\u00ed. Tato symbolika odkazuje na kl\u00ed\u010dov\u00fd m\u00fdtus a na jeho roli toho, kdo tvo\u0159\u00ed rozhran\u00ed mezi t\u00edmto a on\u00edm sv\u011btem, mezi lod\u00ed a mo\u0159sk\u00fdm dnem. Religionistickofenomenologicky je tato zprost\u0159edkuj\u00edc\u00ed pozice mezi sv\u011bty typick\u00fdm znakem postav soudc\u016f mrtv\u00fdch v mnoha n\u00e1bo\u017eenstv\u00edch cel\u00e9ho sv\u011bta.<\/p><p>Srovn\u00e1vac\u00edm pohledem se Anguta za\u0159azuje do cirkumpol\u00e1rn\u00ed n\u00e1bo\u017eensk\u00e9 topografie, jej\u00ed\u017e z\u00e1kladn\u00ed rysy se dochovaly na tis\u00edce kilometr\u016f daleko v p\u0159ekvapiv\u011b jednotn\u00e9 struktu\u0159e. Tato rozs\u00e1hl\u00e1 stabilita pat\u0159\u00ed k nejv\u00fdrazn\u011bj\u0161\u00edm religionistickofenomenologick\u00fdm zji\u0161t\u011bn\u00edm oboru a z\u016fst\u00e1v\u00e1 dodnes p\u0159edm\u011btem prob\u00edhaj\u00edc\u00ed badatelsk\u00e9 diskuse.<\/p>\t\t\t\t\t\t\t\t<\/div>\n\t\t\t\t<\/div>\n\t\t\t\t\t<\/div>\n\t\t\t\t<\/div>\n\t\t<div class=\"elementor-element elementor-element-iwgw-anguta-s3 e-flex e-con-boxed e-con e-parent\" data-id=\"iwgw-anguta-s3\" data-element_type=\"container\" data-e-type=\"container\">\n\t\t\t\t\t<div class=\"e-con-inner\">\n\t\t\t\t<div class=\"elementor-element elementor-element-iwgw-anguta-s3h elementor-widget elementor-widget-heading\" data-id=\"iwgw-anguta-s3h\" data-element_type=\"widget\" data-e-type=\"widget\" data-widget_type=\"heading.default\">\n\t\t\t\t\t<h2 class=\"elementor-heading-title elementor-size-default\">M\u00fdtus o otcovra\u017ed\u011b a jeho varianta<\/h2>\t\t\t\t<\/div>\n\t\t<div class=\"elementor-element elementor-element-iwgw-anguta-s3c e-con-full e-flex e-con e-child\" data-id=\"iwgw-anguta-s3c\" data-element_type=\"container\" data-e-type=\"container\">\n\t\t\t\t<div class=\"elementor-element elementor-element-iwgw-anguta-s3t elementor-widget elementor-widget-text-editor\" data-id=\"iwgw-anguta-s3t\" data-element_type=\"widget\" data-e-type=\"widget\" data-widget_type=\"text-editor.default\">\n\t\t\t\t\t\t\t\t\t<p>V \u00fast\u0159edn\u00edm m\u00fdtu vypr\u00e1v\u011bn\u00ed o Sedn\u011b je Anguta otcem, kter\u00fd svrhne svou dceru do mo\u0159e a usekne j\u00ed \u010dl\u00e1nky prst\u016f. Tento \u010din je v pramenech p\u0159edstavov\u00e1n jako nezbytnost, chyb\u00ed zde jak\u00e9koli mor\u00e1ln\u00ed odsouzen\u00ed: bez Angutova z\u00e1sahu by se \u010dlun se v\u0161emi, kdo v n\u011bm byli, potopil.<\/p><p>Zmrza\u010den\u00ed Sedny je kolektivn\u00ed z\u00e1chranou \u017eivota za cenu individu\u00e1ln\u00edho utrpen\u00ed. Tento v\u00fdklad odli\u0161uje vypr\u00e1v\u011bn\u00ed od \u010dist\u011b ob\u011btn\u011b orientovan\u00fdch m\u00fdt\u016f jin\u00fdch n\u00e1bo\u017eenstv\u00ed.<\/p><p>V n\u011bkter\u00fdch variant\u00e1ch st\u00e1hne Sedna sv\u00e9ho otce n\u00e1sledn\u011b za sebou do mo\u0159e. Anguta se pak st\u00e1v\u00e1 obyvatelem podsv\u011bt\u00ed a spr\u00e1vcem mrtv\u00fdch.<\/p><p>Tato posloupnost viny a p\u0159echodu do \u0159\u00ed\u0161e mrtv\u00fdch je samostatn\u00fd v\u011bdeck\u00fd vzorec, kter\u00fd Mircea Eliade popsal jako typickou arktickou topografii prom\u011bny viny a kter\u00fd ve srovn\u00e1vac\u00edm zkoum\u00e1n\u00ed m\u00fdt\u016f z\u00edskal \u0161irokou odezvu.<\/p><p>Daniel Merkur vykl\u00e1d\u00e1 tento vzorec sou\u010dasn\u011b psychoanalyticky i historicky: Anguta je ambivalentn\u00ed otec, jeho\u017e vinn\u00fd \u010din teprve umo\u017e\u0148uje vznik sv\u011bta zdroj\u016f. Tento v\u00fdklad je sporn\u00fd, ale heuristicky produktivn\u00ed a v n\u00e1bo\u017eenskopsychologick\u00e9m v\u00fdzkumu zalo\u017eil samostatnou diskusn\u00ed linii, kter\u00e1 spojuje tyto m\u00fdty s modern\u00edmi p\u0159edstavami o ambivalentn\u00edch rodi\u010dovsk\u00fdch postav\u00e1ch.<\/p>\t\t\t\t\t\t\t\t<\/div>\n\t\t\t\t<\/div>\n\t\t\t\t\t<\/div>\n\t\t\t\t<\/div>\n\t\t<div class=\"elementor-element elementor-element-iwgw-anguta-s4 e-flex e-con-boxed e-con e-parent\" data-id=\"iwgw-anguta-s4\" data-element_type=\"container\" data-e-type=\"container\">\n\t\t\t\t\t<div class=\"e-con-inner\">\n\t\t\t\t<div class=\"elementor-element elementor-element-iwgw-anguta-s4h elementor-widget elementor-widget-heading\" data-id=\"iwgw-anguta-s4h\" data-element_type=\"widget\" data-e-type=\"widget\" data-widget_type=\"heading.default\">\n\t\t\t\t\t<h2 class=\"elementor-heading-title elementor-size-default\">Adlivun, podsv\u011bt\u00ed pod mo\u0159em<\/h2>\t\t\t\t<\/div>\n\t\t<div class=\"elementor-element elementor-element-iwgw-anguta-s4c e-con-full e-flex e-con e-child\" data-id=\"iwgw-anguta-s4c\" data-element_type=\"container\" data-e-type=\"container\">\n\t\t\t\t<div class=\"elementor-element elementor-element-iwgw-anguta-s4t elementor-widget elementor-widget-text-editor\" data-id=\"iwgw-anguta-s4t\" data-element_type=\"widget\" data-e-type=\"widget\" data-widget_type=\"text-editor.default\">\n\t\t\t\t\t\t\t\t\t<p>Adlivun znamen\u00e1 doslova to, co je pod n\u00e1mi. V iglulick\u00e9 <span class=\"iwg-fachbegriff\" data-tooltip=\"V\u011bdeck\u00e1 nauka o Bohu a v\u00ed\u0159e dan\u00e9ho n\u00e1bo\u017eenstv\u00ed.\" tabindex=\"0\">teologii<\/span> je Adlivun chladn\u00e1 oblast pod mo\u0159em, kde maj\u00ed zem\u0159el\u00ed svou prvn\u00ed stanici. Anguta je tam p\u0159ij\u00edm\u00e1 a rozhoduje, kte\u0159\u00ed z nich mohou po ur\u010dit\u00e9 dob\u011b o\u010disty vystoupit d\u00e1l do Quivitoqu, horn\u00ed zem\u011b mrtv\u00fdch, a kte\u0159\u00ed z\u016fst\u00e1vaj\u00ed dole.<\/p><p>Z v\u011bdeck\u00e9ho hlediska nen\u00ed Adlivun mor\u00e1ln\u00edm soudem v k\u0159es\u0165ansk\u00e9m smyslu. O\u010dista je sp\u00ed\u0161e p\u0159echodov\u00fdm ritu\u00e1lem, srovnateln\u00fdm s karant\u00e9nou, p\u0159i n\u011bm\u017e osoba odkl\u00e1d\u00e1 sv\u00e9 lidsk\u00e9 zbytky, ne\u017e p\u0159ijme jin\u00fd zp\u016fsob existence.<\/p><p>Kdo v \u017eivot\u011b poru\u0161il zvl\u00e1\u0161\u0165 mnoho tabu, z\u016fst\u00e1v\u00e1 v Adlivunu d\u00e9le, n\u011bkdy trvale. Toto pojet\u00ed odtr\u017een\u00e9 od etiky ji z\u0159eteln\u011b odli\u0161uje od k\u0159es\u0165ansk\u00fdch nebo buddhistick\u00fdch soud\u016f nad mrtv\u00fdmi.<\/p><p>P\u0159esn\u00e1 topografie a obydlenost Adlivunu se region\u00e1ln\u011b zna\u010dn\u011b li\u0161\u00ed. V Igluliku je Adlivun popisov\u00e1n jako obydlen\u00fd zem\u0159el\u00fdmi, u Netsilik\u016f sp\u00ed\u0161e jako chladn\u00e9 p\u0159echodov\u00e9 m\u00edsto, v z\u00e1padn\u00edm Gr\u00f3nsku \u010d\u00e1ste\u010dn\u011b jako samostatn\u00e1 dimenze obydlen\u00ed. Anguta z\u016fst\u00e1v\u00e1 nap\u0159\u00ed\u010d v\u0161emi tradicemi kl\u00ed\u010dovou postavou. Z hlediska fenomenologie n\u00e1bo\u017eenstv\u00ed je region\u00e1ln\u00ed variabilita posmrtn\u00e9 geografie typick\u00e1 pro \u00fastn\u011b tradovan\u00e1 n\u00e1bo\u017eenstv\u00ed bez kodifikovan\u00e9 <span class=\"iwg-fachbegriff\" data-tooltip=\"V\u011bdeck\u00e1 nauka o Bohu a v\u00ed\u0159e dan\u00e9ho n\u00e1bo\u017eenstv\u00ed.\" tabindex=\"0\">teologie<\/span>.<\/p>\t\t\t\t\t\t\t\t<\/div>\n\t\t\t\t<\/div>\n\t\t\t\t\t<\/div>\n\t\t\t\t<\/div>\n\t\t<div class=\"elementor-element elementor-element-iwgw-anguta-s5 e-flex e-con-boxed e-con e-parent\" data-id=\"iwgw-anguta-s5\" data-element_type=\"container\" data-e-type=\"container\">\n\t\t\t\t\t<div class=\"e-con-inner\">\n\t\t\t\t<div class=\"elementor-element elementor-element-iwgw-anguta-s5h elementor-widget elementor-widget-heading\" data-id=\"iwgw-anguta-s5h\" data-element_type=\"widget\" data-e-type=\"widget\" data-widget_type=\"heading.default\">\n\t\t\t\t\t<h2 class=\"elementor-heading-title elementor-size-default\">Anguta a m\u011bs\u00edc Igaluk<\/h2>\t\t\t\t<\/div>\n\t\t<div class=\"elementor-element elementor-element-iwgw-anguta-s5c e-con-full e-flex e-con e-child\" data-id=\"iwgw-anguta-s5c\" data-element_type=\"container\" data-e-type=\"container\">\n\t\t\t\t<div class=\"elementor-element elementor-element-iwgw-anguta-s5t elementor-widget elementor-widget-text-editor\" data-id=\"iwgw-anguta-s5t\" data-element_type=\"widget\" data-e-type=\"widget\" data-widget_type=\"text-editor.default\">\n\t\t\t\t\t\t\t\t\t<p>V n\u011bkter\u00fdch region\u00e1ln\u00edch tradic\u00edch se Anguta sl\u00e9v\u00e1 s m\u011bs\u00edcem <a href=\"https:\/\/iwell-guard.com\/cs\/?page_id=145533\">Igalukem<\/a>, kter\u00fd je tak\u00e9 ambivalentn\u00ed, m\u00edsty agresivn\u00ed mu\u017eskou postavou. Toto slou\u010den\u00ed nem\u00e1 \u017e\u00e1dnou systematiku, li\u0161\u00ed se podle pramene a regionu.<\/p><p>Knud Rasmussen upozornil, \u017ee hranice mezi jednotliv\u00fdmi mu\u017esk\u00fdmi bo\u017estvy v inuitsk\u00e9 tradici jsou \u010dasto plynul\u00e9. Tato plynulost je z hlediska fenomenologie n\u00e1bo\u017eenstv\u00ed vlastn\u00edm rysem inuitsk\u00e9ho sv\u011bta boh\u016f.<\/p><p>Z toho vypl\u00fdv\u00e1 v\u011bdeck\u00e1 ot\u00e1zka, zda inuitsk\u00e1 tradice v\u016fbec zn\u00e1 jasn\u011b vymezen\u00e9 bohy, nebo sp\u00ed\u0161e funk\u010dn\u00ed svazky, kter\u00e9 jsou podle p\u0159\u00edle\u017eitosti personifikov\u00e1ny r\u016fzn\u011b. Fr\u00e9d\u00e9ric Laugrand a Jarich Oosten se p\u0159ikl\u00e1n\u011bj\u00ed k druh\u00e9mu v\u00fdkladu, co\u017e vysv\u011btluje pozorovan\u00e9 variace a podtrhuje metodologickou n\u00e1ro\u010dnost v\u011bdeck\u00e9ho popisu.<\/p><p>V praxi to znamenalo, \u017ee <span class=\"iwg-fachbegriff\" data-tooltip=\"N\u00e1bo\u017eensk\u00fd specialista, jemu\u017e se p\u0159isuzuje zprost\u0159edkov\u00e1n\u00ed mezi lidmi a sv\u011btem duch\u016f.\" tabindex=\"0\">\u0161aman<\/span> mohl podle p\u0159\u00edle\u017eitosti vz\u00fdvat bu\u010f Angutu v jeho roli str\u00e1\u017ece mrtv\u00fdch, nebo Igaluka v jeho roli m\u011bs\u00edce, ani\u017e by adres\u00e1ti byli ch\u00e1p\u00e1ni jako zcela odd\u011blen\u00e9 bytosti.<\/p><p>Funkce ur\u010duje jm\u00e9no, nikoli naopak. Tato funk\u010dn\u00ed <span class=\"iwg-fachbegriff\" data-tooltip=\"V\u011bdeck\u00e1 nauka o Bohu a v\u00ed\u0159e dan\u00e9ho n\u00e1bo\u017eenstv\u00ed.\" tabindex=\"0\">teologie<\/span> je z hlediska fenomenologie n\u00e1bo\u017eenstv\u00ed samostatn\u00fdm modelem a vyz\u00fdv\u00e1 k p\u0159ehodnocen\u00ed z\u00e1padn\u00ed koncepce boh\u016f s jasn\u011b vymezen\u00fdmi identitami.<\/p>\t\t\t\t\t\t\t\t<\/div>\n\t\t\t\t<\/div>\n\t\t\t\t\t<\/div>\n\t\t\t\t<\/div>\n\t\t<div class=\"elementor-element elementor-element-iwgw-anguta-s6 e-flex e-con-boxed e-con e-parent\" data-id=\"iwgw-anguta-s6\" data-element_type=\"container\" data-e-type=\"container\">\n\t\t\t\t\t<div class=\"e-con-inner\">\n\t\t\t\t<div class=\"elementor-element elementor-element-iwgw-anguta-s6h elementor-widget elementor-widget-heading\" data-id=\"iwgw-anguta-s6h\" data-element_type=\"widget\" data-e-type=\"widget\" data-widget_type=\"heading.default\">\n\t\t\t\t\t<h2 class=\"elementor-heading-title elementor-size-default\">\u0160amansk\u00e1 praxe na okraji smrti<\/h2>\t\t\t\t<\/div>\n\t\t<div class=\"elementor-element elementor-element-iwgw-anguta-s6c e-con-full e-flex e-con e-child\" data-id=\"iwgw-anguta-s6c\" data-element_type=\"container\" data-e-type=\"container\">\n\t\t\t\t<div class=\"elementor-element elementor-element-iwgw-anguta-s6t elementor-widget elementor-widget-text-editor\" data-id=\"iwgw-anguta-s6t\" data-element_type=\"widget\" data-e-type=\"widget\" data-widget_type=\"text-editor.default\">\n\t\t\t\t\t\t\t\t\t<p>\u0160amani, kte\u0159\u00ed m\u011bli doprov\u00e1zet zem\u0159el\u00e9 nebo se dotazovat mrtv\u00fdch, podle inuitsk\u00e9 p\u0159edstavy putovali do Adlivunu a p\u0159edstoupili tam p\u0159ed Angutu. Tato cesta byla nebezpe\u010dn\u011bj\u0161\u00ed a vz\u00e1cn\u011bj\u0161\u00ed ne\u017e cesta k <a href=\"https:\/\/iwell-guard.com\/cs\/?page_id=145526\">Sedn\u011b<\/a>, proto\u017ee Anguta byl pova\u017eov\u00e1n za m\u00e1lo p\u0159\u00edstupn\u00e9ho k jedn\u00e1n\u00ed. Kdo ho spat\u0159il a nechoval se dostate\u010dn\u011b s respektem, mohl v \u0159\u00ed\u0161i mrtv\u00fdch s\u00e1m z\u016fstat.<\/p><p>Daniel Merkur popisuje iglulick\u00e9 vypr\u00e1v\u011bn\u00ed, v n\u011bm\u017e angakkuq putuje do Adlivunu, aby p\u0159inesl zp\u011bt du\u0161i ned\u00e1vno zem\u0159el\u00e9ho pro poz\u016fstal\u00e9, nebo alespo\u0148 z\u00edskal zpr\u00e1vu o jej\u00edm stavu.<\/p><p>Cesta vede temn\u00fdmi, chladn\u00fdmi oblastmi, kde se st\u00ednovit\u011b pohybuj\u00ed mrtv\u00ed, dokud <span class=\"iwg-fachbegriff\" data-tooltip=\"N\u00e1bo\u017eensk\u00fd specialista, jemu\u017e se p\u0159isuzuje zprost\u0159edkov\u00e1n\u00ed mezi lidmi a sv\u011btem duch\u016f.\" tabindex=\"0\">\u0161aman<\/span> nakonec nep\u0159edstoup\u00ed p\u0159ed Angutu. Tyto popisy jsou v\u011bdecky cenn\u00e9, proto\u017ee dokumentuj\u00ed konkr\u00e9tn\u00ed strukturu zku\u0161enosti \u0161amansk\u00e9ho transu.<\/p><p><span class=\"iwg-fachbegriff\" data-tooltip=\"Odvracej\u00edc\u00ed ne\u0161t\u011bst\u00ed: o znamen\u00edch a p\u0159edm\u011btech, kter\u00e9 maj\u00ed odvracet \u0161kodliv\u00e9 vlivy.\" tabindex=\"0\">Apotropaicky<\/span> pracovali Inuit\u00e9 s truchl\u00edc\u00edmi ritu\u00e1ly, je\u017e m\u011bly Angutu naklonit ve prosp\u011bch. Spr\u00e1vn\u00e9 zach\u00e1zen\u00ed s t\u011blem zem\u0159el\u00e9ho, dodr\u017eov\u00e1n\u00ed doby smutku a vyslovov\u00e1n\u00ed nebo naopak nevyslovov\u00e1n\u00ed jm\u00e9na mrtv\u00e9ho byly n\u00e1bo\u017eensk\u00e9 praktiky, kter\u00e9 byly zaznamen\u00e1v\u00e1ny v Adlivunu, a tedy u Anguty.<\/p><p>Tyto praktiky jsou n\u00e1bo\u017eensko-etnologicky dob\u0159e zdokumentov\u00e1ny a podtrhuj\u00ed \u00fast\u0159edn\u00ed v\u00fdznam truchl\u00edc\u00edch ritu\u00e1l\u016f pro inuitskou <span class=\"iwg-fachbegriff\" data-tooltip=\"V\u011bdeck\u00e1 nauka o Bohu a v\u00ed\u0159e dan\u00e9ho n\u00e1bo\u017eenstv\u00ed.\" tabindex=\"0\">teologii<\/span>.<\/p>\t\t\t\t\t\t\t\t<\/div>\n\t\t\t\t<\/div>\n\t\t\t\t\t<\/div>\n\t\t\t\t<\/div>\n\t\t<div class=\"elementor-element elementor-element-iwgw-anguta-s7 e-flex e-con-boxed e-con e-parent\" data-id=\"iwgw-anguta-s7\" data-element_type=\"container\" data-e-type=\"container\">\n\t\t\t\t\t<div class=\"e-con-inner\">\n\t\t\t\t<div class=\"elementor-element elementor-element-iwgw-anguta-s7h elementor-widget elementor-widget-heading\" data-id=\"iwgw-anguta-s7h\" data-element_type=\"widget\" data-e-type=\"widget\" data-widget_type=\"heading.default\">\n\t\t\t\t\t<h2 class=\"elementor-heading-title elementor-size-default\">Srovn\u00e1n\u00ed s dal\u0161\u00edmi postavami soudc\u016f mrtv\u00fdch<\/h2>\t\t\t\t<\/div>\n\t\t<div class=\"elementor-element elementor-element-iwgw-anguta-s7c e-con-full e-flex e-con e-child\" data-id=\"iwgw-anguta-s7c\" data-element_type=\"container\" data-e-type=\"container\">\n\t\t\t\t<div class=\"elementor-element elementor-element-iwgw-anguta-s7t elementor-widget elementor-widget-text-editor\" data-id=\"iwgw-anguta-s7t\" data-element_type=\"widget\" data-e-type=\"widget\" data-widget_type=\"text-editor.default\">\n\t\t\t\t\t\t\t\t\t<p>Z v\u011bdeck\u00e9ho hlediska pat\u0159\u00ed Anguta do \u0161ir\u0161\u00ed t\u0159\u00eddy str\u00e1\u017ec\u016f a soudc\u016f mrtv\u00fdch, kte\u0159\u00ed jsou zastoupeni ve v\u011bt\u0161in\u011b n\u00e1bo\u017eenstv\u00ed.<\/p><p>Srovnateln\u00ed jsou egyptsk\u00fd Osiris, \u0159eck\u00fd H\u00e1des, hinduistick\u00fd Jama a japonsk\u00fd Enma-O. V cirkumpol\u00e1rn\u00ed oblasti existuj\u00ed paralely k s\u00e1msk\u00fdm <a href=\"https:\/\/iwell-guard.com\/cs\/sami-finsko-ugricka-tradice-noaidi-buben\/\">s\u00e1msk\u00fdm<\/a> p\u0159edstav\u00e1m <em>Jabmiidaibmu<\/em>, ve kter\u00fdch je podsv\u011bt\u00ed mrtv\u00fdch rovn\u011b\u017e hl\u00edd\u00e1no str\u00e1\u017ecem.<\/p><p>Zvl\u00e1\u0161tnost Anguty spo\u010d\u00edv\u00e1 v jeho rela\u010dn\u00ed identit\u011b. Zat\u00edmco Osiris, H\u00e1des a Jama jsou samostatn\u00ed bohov\u00e9 s vlastn\u00edm mytologick\u00fdm okruhem, z\u016fst\u00e1v\u00e1 Anguta jazykov\u011b i narativn\u011b v\u00e1z\u00e1n na Sednu. Tato asymetrie je z v\u011bdeck\u00e9ho hlediska pou\u010dn\u00e1, proto\u017ee ukazuje, \u017ee postava soudce mrtv\u00fdch m\u016f\u017ee vystupovat i jako rela\u010dn\u00ed funkce a nemus\u00ed b\u00fdt v\u016fbec koncipov\u00e1na autonomn\u011b.<\/p><p>Struktur\u00e1ln\u011b se Anguta nejv\u00edce podob\u00e1 otc\u016fm mrtv\u00fdch v mytologi\u00edch Oce\u00e1nie, kde se podobn\u00e9 rela\u010dn\u00ed konstelace vyskytuj\u00ed \u010dast\u011bji. Zde by se mohla projevovat pacificko-cirkumpol\u00e1rn\u00ed vrstva tradice, co\u017e v\u0161ak z\u016fst\u00e1v\u00e1 spekulativn\u00ed a bez jazykov\u011b historick\u00fdch d\u016fkaz\u016f to mus\u00ed b\u00fdt pova\u017eov\u00e1no za heuristickou hypot\u00e9zu. Religionistick\u00fd v\u00fdzkum je zde odk\u00e1z\u00e1n na struktur\u00e1ln\u00ed srovn\u00e1n\u00ed, kter\u00e1 z\u016fst\u00e1vaj\u00ed metodicky problematick\u00e1.<\/p>\t\t\t\t\t\t\t\t<\/div>\n\t\t\t\t<\/div>\n\t\t\t\t\t<\/div>\n\t\t\t\t<\/div>\n\t\t<div class=\"elementor-element elementor-element-iwgw-anguta-s8 e-flex e-con-boxed e-con e-parent\" data-id=\"iwgw-anguta-s8\" data-element_type=\"container\" data-e-type=\"container\">\n\t\t\t\t\t<div class=\"e-con-inner\">\n\t\t\t\t<div class=\"elementor-element elementor-element-iwgw-anguta-s8h elementor-widget elementor-widget-heading\" data-id=\"iwgw-anguta-s8h\" data-element_type=\"widget\" data-e-type=\"widget\" data-widget_type=\"heading.default\">\n\t\t\t\t\t<h2 class=\"elementor-heading-title elementor-size-default\">V\u00fdzkum a sou\u010dasn\u00e1 recepce<\/h2>\t\t\t\t<\/div>\n\t\t<div class=\"elementor-element elementor-element-iwgw-anguta-s8c e-con-full e-flex e-con e-child\" data-id=\"iwgw-anguta-s8c\" data-element_type=\"container\" data-e-type=\"container\">\n\t\t\t\t<div class=\"elementor-element elementor-element-iwgw-anguta-s8t elementor-widget elementor-widget-text-editor\" data-id=\"iwgw-anguta-s8t\" data-element_type=\"widget\" data-e-type=\"widget\" data-widget_type=\"text-editor.default\">\n\t\t\t\t\t\t\t\t\t<p>V\u00fdzkum Anguty se rozv\u00edjel ve st\u00ednu v\u00fdzkumu Sedny.<\/p><p>Ran\u00e9 z\u00e1pisy Boase, Rinka a Rasmussena ho pojedn\u00e1vaj\u00ed p\u0159edev\u0161\u00edm jako vedlej\u0161\u00ed postavu v Sednin\u00e9m <span class=\"iwg-fachbegriff\" data-tooltip=\"Tradovan\u00fd p\u0159\u00edb\u011bh o boz\u00edch, po\u010d\u00e1tc\u00edch a uspo\u0159\u00e1d\u00e1n\u00ed sv\u011bta.\" tabindex=\"0\">m\u00fdtu<\/span>. Samostatn\u00fd v\u00fdzkum Anguty v u\u017e\u0161\u00edm smyslu neexistuje, av\u0161ak Daniel Merkur, Fr\u00e9d\u00e9ric Laugrand a Birgitte Sonne vypracovali jeho v\u00fdznam jako str\u00e1\u017ece mrtv\u00fdch a u\u010dinili jej viditeln\u011bj\u0161\u00edm jako samostatnou postavu.<\/p><p>V sou\u010dasn\u00e9m inuitsk\u00e9m um\u011bn\u00ed a literatu\u0159e se Anguta objevuje jen p\u0159\u00edle\u017eitostn\u011b, \u010dasto jako ambivalentn\u00ed otec nebo jako str\u00e1\u017ece nezn\u00e1m\u00e9ho p\u0159echodu. V neindigenn\u00ed recepci je pom\u011brn\u011b nezn\u00e1m\u00fd, co\u017e odr\u00e1\u017e\u00ed asymetrii badatelsk\u00e9 pozornosti v\u016f\u010di Sedn\u011b a z\u00e1rove\u0148 nazna\u010duje mezeru ve v\u00fdzkumu.<\/p><p>Z v\u011bdeck\u00e9ho hlediska by bylo \u017e\u00e1douc\u00ed p\u0159esn\u011bj\u0161\u00ed zpracov\u00e1n\u00ed Anguty, proto\u017ee by pomohlo jasn\u011bji vymezit teologii smrti centr\u00e1ln\u011b arktick\u00fdch Inuit\u016f. Prvn\u00ed p\u0159\u00edstupy k tomu lze nal\u00e9zt v pr\u00e1ci Fr\u00e9d\u00e9rica Laugranda o inuitsk\u00e9 eschatologii, kter\u00e1 systematicky zkoum\u00e1 vztah mezi poru\u0161en\u00edm tabu a posmrtnou existenc\u00ed a t\u00edm v\u00fdrazn\u011b roz\u0161i\u0159uje stav v\u00fdzkumu.<\/p>\t\t\t\t\t\t\t\t<\/div>\n\t\t\t\t<\/div>\n\t\t\t\t\t<\/div>\n\t\t\t\t<\/div>\n\t\t<div class=\"elementor-element elementor-element-iwgw-anguta-s9 e-flex e-con-boxed e-con e-parent\" data-id=\"iwgw-anguta-s9\" data-element_type=\"container\" data-e-type=\"container\">\n\t\t\t\t\t<div class=\"e-con-inner\">\n\t\t\t\t<div class=\"elementor-element elementor-element-iwgw-anguta-s9h elementor-widget elementor-widget-heading\" data-id=\"iwgw-anguta-s9h\" data-element_type=\"widget\" data-e-type=\"widget\" data-widget_type=\"heading.default\">\n\t\t\t\t\t<h2 class=\"elementor-heading-title elementor-size-default\">K\u0159\u00ed\u017eov\u00e9 odkazy v lexikonu<\/h2>\t\t\t\t<\/div>\n\t\t<div class=\"elementor-element elementor-element-iwgw-anguta-s9c e-con-full e-flex e-con e-child\" data-id=\"iwgw-anguta-s9c\" data-element_type=\"container\" data-e-type=\"container\">\n\t\t\t\t<div class=\"elementor-element elementor-element-iwgw-anguta-s9t elementor-widget elementor-widget-text-editor\" data-id=\"iwgw-anguta-s9t\" data-element_type=\"widget\" data-e-type=\"widget\" data-widget_type=\"text-editor.default\">\n\t\t\t\t\t\t\t\t\t<p>Anguta je spojen se <a href=\"https:\/\/iwell-guard.com\/cs\/?page_id=145526\">Sednou<\/a>, <a href=\"https:\/\/iwell-guard.com\/cs\/?page_id=145533\">Igalukem<\/a>, <a href=\"https:\/\/iwell-guard.com\/cs\/?page_id=145527\">Silou<\/a>, <a href=\"https:\/\/iwell-guard.com\/cs\/?page_id=145528\">Tornarssukem<\/a>, <a href=\"https:\/\/iwell-guard.com\/cs\/?page_id=145531\">Pingou<\/a>, <a href=\"https:\/\/iwell-guard.com\/cs\/?page_id=145532\">Nanookem<\/a>, <a href=\"https:\/\/iwell-guard.com\/cs\/?page_id=145529\">Tupilakem<\/a>, <a href=\"https:\/\/iwell-guard.com\/cs\/?page_id=145534\">Malinou<\/a> a <a href=\"https:\/\/iwell-guard.com\/cs\/?page_id=145535\">Qailertetangem<\/a>. Kulturn\u00ed centrum <a href=\"https:\/\/iwell-guard.com\/cs\/inuite-arktida-sedna-tornit-praxe\/\">inuitsk\u00e1 tradice<\/a> jej za\u0159azuje do d\u011bjin n\u00e1bo\u017eenstv\u00ed. Paralely k postav\u00e1m str\u00e1\u017ec\u016f mrtv\u00fdch se nach\u00e1zej\u00ed v <a href=\"https:\/\/iwell-guard.com\/cs\/sami-finsko-ugricka-tradice-noaidi-buben\/\">s\u00e1msk\u00e9<\/a> \u0159ad\u011b lemmat, zejm\u00e9na u <em>Jabmiidaibmu<\/em>, kter\u00e9 ozna\u010duje srovnatelnou funkci podsv\u011bt\u00ed mrtv\u00fdch pod zem\u00ed.<\/p>\t\t\t\t\t\t\t\t<\/div>\n\t\t\t\t<\/div>\n\t\t\t\t\t<\/div>\n\t\t\t\t<\/div>\n\t\t<div class=\"elementor-element elementor-element-cp2f4d9f2e e-flex e-con-boxed e-con e-parent\" data-id=\"cp2f4d9f2e\" data-element_type=\"container\" data-e-type=\"container\">\n\t\t\t\t\t<div class=\"e-con-inner\">\n\t\t\t\t<div class=\"elementor-element elementor-element-cp2bdf58d6 elementor-widget elementor-widget-heading\" data-id=\"cp2bdf58d6\" data-element_type=\"widget\" data-e-type=\"widget\" data-widget_type=\"heading.default\">\n\t\t\t\t\t<h2 class=\"elementor-heading-title elementor-size-default\">Stav pramen\u016f mezi Knudem Rasmussenem a ot\u00e1zkou jm\u00e9na<\/h2>\t\t\t\t<\/div>\n\t\t<div class=\"elementor-element elementor-element-cp2fd8528a e-flex e-con-boxed e-con e-child\" data-id=\"cp2fd8528a\" data-element_type=\"container\" data-e-type=\"container\">\n\t\t\t\t\t<div class=\"e-con-inner\">\n\t\t\t\t<div class=\"elementor-element elementor-element-cp2bfe5ecd elementor-widget elementor-widget-text-editor\" data-id=\"cp2bfe5ecd\" data-element_type=\"widget\" data-e-type=\"widget\" data-widget_type=\"text-editor.default\">\n\t\t\t\t\t\t\t\t\t<p>Postava, kter\u00e1 se pod jm\u00e9nem <em>Anguta<\/em> dostala do z\u00e1padn\u00edch encyklopedi\u00ed, se op\u00edr\u00e1 o skrovnou a obt\u00ed\u017en\u011b ov\u011b\u0159itelnou <span class=\"iwg-fachbegriff\" data-tooltip=\"P\u0159ed\u00e1v\u00e1n\u00ed znalost\u00ed a p\u0159\u00edb\u011bh\u016f z generace na generaci.\" tabindex=\"0\">tradici<\/span>. Jm\u00e9no se v\u00fdrazn\u011b objevuje u Hinricha Rinka, d\u00e1nsk\u00e9ho \u00fa\u0159edn\u00edka a sb\u011bratele gr\u00f3nsk\u00fdch vypr\u00e1v\u011bn\u00ed v 19. stolet\u00ed.<\/p><p>Rink zaznamenal <em>Angutu<\/em> jako otce pan\u00ed mo\u0159\u00ed, kter\u00e1 je v Gr\u00f3nsku nej\u010dast\u011bji naz\u00fdv\u00e1na <em>Sedna<\/em> nebo m\u00edstn\u00edmi jm\u00e9ny jako <em>Sassuma Arnaa<\/em>. Pozd\u011bj\u0161\u00ed auto\u0159i jm\u00e9no \u010dasto p\u0159evzali bez ov\u011b\u0159en\u00ed a rozvinuli je do samostatn\u00e9 postavy podsv\u011bt\u00ed.<\/p><p>Z jazykov\u00e9ho hlediska je <em>anguti<\/em>, respektive <em>angut<\/em>, v gr\u00f3n\u0161tin\u011b prost\u011b slovo pro mu\u017ee, a <em>anguta<\/em> lze ch\u00e1pat jako p\u0159ivlast\u0148ovac\u00ed tvar jeho man\u017eel nebo jej\u00ed otec. N\u011bkolik specialist\u016f na Inuity proto vyslovilo domn\u011bnku, \u017ee Rink zde mo\u017en\u00e1 zaznamenal jako vlastn\u00ed jm\u00e9no b\u011b\u017en\u00e9 apelativum.<\/p><p>Tato nejistota nen\u00ed vedlej\u0161\u00ed, nebo\u0165 se t\u00fdk\u00e1 ot\u00e1zky, zda Anguta byl v\u016fbec pevn\u011b vymezen\u00fdm <span class=\"iwg-fachbegriff\" data-tooltip=\"Bytost uct\u00edvan\u00e1 jako bo\u017esk\u00e1 v r\u00e1mci n\u00e1bo\u017eenstv\u00ed.\" tabindex=\"0\">bo\u017estvem<\/span> inuitsk\u00e9 tradice, nebo sb\u011brn\u00fdm bodem, k n\u011bmu\u017e se kontura p\u0159idala teprve p\u0159i zaps\u00e1n\u00ed.<\/p><p>Knud Rasmussen, kter\u00fd b\u011bhem p\u00e1t\u00e9 Thulsk\u00e9 expedice v letech 1921 a\u017e 1924 zaznamen\u00e1val vypr\u00e1v\u011bn\u00ed od Kanady po Alja\u0161ku, uv\u00e1d\u00ed pro otce pan\u00ed mo\u0159\u00ed podle regionu r\u016fzn\u00e1 jm\u00e9na, nebo ho nech\u00e1v\u00e1 bezejmenn\u00e9ho. To sv\u011bd\u010d\u00ed proti panhinuitsk\u00e9 postav\u011b s pevn\u00fdm jm\u00e9nem Anguta a naopak pro silnou region\u00e1ln\u00ed rozr\u016fzn\u011bnost.<\/p><p>Co ve vypr\u00e1v\u011bn\u00edch z\u016fst\u00e1v\u00e1 st\u00e1l\u00e9, je role: star\u00fd mu\u017e, kter\u00fd \u017eije s dcerou v hlubin\u00e1ch, p\u0159ij\u00edm\u00e1 nebo opatruje mrtv\u00e9 a je spojen s mytick\u00fdm zmrza\u010den\u00edm dce\u0159in\u00fdch rukou.<\/p><p>Pro seri\u00f3zn\u00ed pod\u00e1n\u00ed z toho plyne, \u017ee Anguta by m\u011bl b\u00fdt ch\u00e1p\u00e1n m\u00e9n\u011b jako ov\u011b\u0159en\u00e9 jednotliv\u00e9 bo\u017estvo a v\u00edce jako probl\u00e9m d\u011bjin tradice.<\/p><p>Koloni\u00e1ln\u00ed sb\u011bratel\u00e9 pracovali s tlumo\u010dn\u00edky, s vlastn\u00edmi n\u00e1bo\u017eensk\u00fdmi p\u0159edpoklady a s p\u0159\u00e1n\u00edm po uspo\u0159\u00e1dan\u00e9m <span class=\"iwg-fachbegriff\" data-tooltip=\"Souhrn boh\u016f ur\u010dit\u00e9ho n\u00e1bo\u017eenstv\u00ed nebo kultury.\" tabindex=\"0\">panteonu<\/span>. Mnoh\u00e9 z toho, co se dnes jev\u00ed jako pevn\u00e1 genealogie pan\u00ed mo\u0159\u00ed a jej\u00edho otce, je produktem t\u00e9to situace z\u00e1pisu. Odkaz na <a href=\"https:\/\/iwell-guard.com\/cs\/?page_id=145526\">Sednu<\/a> tak z\u016fst\u00e1v\u00e1 smyslupln\u00fd, m\u011bl by v\u0161ak b\u00fdt v\u017edy spojen s upozorn\u011bn\u00edm na nejednotnou tradici jm\u00e9na.<\/p>\t\t\t\t\t\t\t\t<\/div>\n\t\t\t\t\t<\/div>\n\t\t\t\t<\/div>\n\t\t\t\t\t<\/div>\n\t\t\t\t<\/div>\n\t\t<div class=\"elementor-element elementor-element-iwgw-anguta-lit e-flex e-con-boxed e-con e-parent\" data-id=\"iwgw-anguta-lit\" data-element_type=\"container\" data-e-type=\"container\">\n\t\t\t\t\t<div class=\"e-con-inner\">\n\t\t\t\t<div class=\"elementor-element elementor-element-iwgw-anguta-lith elementor-widget elementor-widget-heading\" data-id=\"iwgw-anguta-lith\" data-element_type=\"widget\" data-e-type=\"widget\" data-widget_type=\"heading.default\">\n\t\t\t\t\t<h2 class=\"elementor-heading-title elementor-size-default\">Literatura (v\u00fdb\u011br)<\/h2>\t\t\t\t<\/div>\n\t\t<div class=\"elementor-element elementor-element-iwgw-anguta-litc e-con-full e-flex e-con e-child\" data-id=\"iwgw-anguta-litc\" data-element_type=\"container\" data-e-type=\"container\">\n\t\t\t\t<div class=\"elementor-element elementor-element-iwgw-anguta-litt elementor-widget elementor-widget-text-editor\" data-id=\"iwgw-anguta-litt\" data-element_type=\"widget\" data-e-type=\"widget\" data-widget_type=\"text-editor.default\">\n\t\t\t\t\t\t\t\t\t<ul><li>Franz Boas: <em>The Central Eskimo<\/em> (Washington 1888)<\/li><li>Knud Rasmussen: <em>The Netsilik Eskimos<\/em> (Kopenhagen 1931)<\/li><li>Daniel Merkur: <em>Powers Which We Do Not Know<\/em> (Moscow ID 1991)<\/li><li>Fr\u00e9d\u00e9ric Laugrand und Jarich Oosten: <em>Inuit Shamanism and Christianity<\/em> (Montreal 2010)<\/li><li>Birgitte Sonne: <em>Heaven Negotiated. Hell Imagined<\/em> (Kopenhagen 2017)<\/li><li>Henrik Rink: <em>Tales and Traditions of the Eskimo<\/em> (Edinburgh 1875)<\/li><\/ul>\t\t\t\t\t\t\t\t<\/div>\n\t\t\t\t<\/div>\n\t\t\t\t\t<\/div>\n\t\t\t\t<\/div>\n\t\t<div class=\"elementor-element elementor-element-iwgkw2-add-anguta e-flex e-con-boxed e-con e-parent\" data-id=\"iwgkw2-add-anguta\" data-element_type=\"container\" data-e-type=\"container\">\n\t\t\t\t\t<div class=\"e-con-inner\">\n\t\t\t\t<div class=\"elementor-element elementor-element-iwgkw2-add-anguta-t elementor-widget elementor-widget-text-editor\" data-id=\"iwgkw2-add-anguta-t\" data-element_type=\"widget\" data-e-type=\"widget\" data-widget_type=\"text-editor.default\">\n\t\t\t\t\t\t\t\t\t<p>V inuitsk\u00e9 <span class=\"iwg-fachbegriff\" data-tooltip=\"Souhrn tradovan\u00fdch vypr\u00e1v\u011bn\u00ed o boz\u00edch ur\u010dit\u00e9 kultury.\" tabindex=\"0\">mytologii<\/span> vystupuje Anguta jako otec pan\u00ed mo\u0159\u00ed Sedny a jako str\u00e1\u017ece mrtv\u00fdch, kter\u00fd zesnul\u00e9 prov\u00e1z\u00ed do podmo\u0159sk\u00e9ho st\u00ednov\u00e9ho sv\u011bta.<\/p>\t\t\t\t\t\t\t\t<\/div>\n\t\t\t\t\t<\/div>\n\t\t\t\t<\/div>\n\t\t<div class=\"elementor-element elementor-element-iwgw-anguta-kwd e-flex e-con-boxed e-con e-parent\" data-id=\"iwgw-anguta-kwd\" data-element_type=\"container\" data-e-type=\"container\">\n\t\t\t\t\t<div class=\"e-con-inner\">\n\t\t<div class=\"elementor-element elementor-element-iwgw-anguta-kwdc e-con-full e-flex e-con e-child\" data-id=\"iwgw-anguta-kwdc\" data-element_type=\"container\" data-e-type=\"container\">\n\t\t\t\t<div class=\"elementor-element elementor-element-iwgw-anguta-kwdt elementor-widget elementor-widget-text-editor\" data-id=\"iwgw-anguta-kwdt\" data-element_type=\"widget\" data-e-type=\"widget\" data-widget_type=\"text-editor.default\">\n\t\t\t\t\t\t\t\t\t<p><em>Souvisej\u00edc\u00ed kl\u00ed\u010dov\u00e9 pojmy: Anguta Adlivun str\u00e1\u017ece mrtv\u00fdch otec Sedny Iglulik Quivitoq inuitsk\u00e1 eschatologie.<\/em><\/p>\t\t\t\t\t\t\t\t<\/div>\n\t\t\t\t<\/div>\n\t\t\t\t\t<\/div>\n\t\t\t\t<\/div>\n\t\t<div class=\"elementor-element elementor-element-iwgw-anguta-cc e-flex e-con-boxed e-con e-parent\" data-id=\"iwgw-anguta-cc\" data-element_type=\"container\" data-e-type=\"container\" id=\"iwg-cc-anguta\">\n\t\t\t\t\t<div class=\"e-con-inner\">\n\t\t<div class=\"elementor-element elementor-element-iwgw-anguta-ccinner e-flex e-con-boxed e-con e-parent\" data-id=\"iwgw-anguta-ccinner\" data-element_type=\"container\" data-e-type=\"container\" data-settings=\"{&quot;background_background&quot;:&quot;classic&quot;}\">\n\t\t\t\t\t<div class=\"e-con-inner\">\n\t\t\t\t<div class=\"elementor-element elementor-element-iwgw-anguta-cch elementor-widget elementor-widget-heading\" data-id=\"iwgw-anguta-cch\" data-element_type=\"widget\" data-e-type=\"widget\" data-widget_type=\"heading.default\">\n\t\t\t\t\t<h2 class=\"elementor-heading-title elementor-size-default\">iWell Guard a ochrann\u00e9 tradice<\/h2>\t\t\t\t<\/div>\n\t\t\t\t<div class=\"elementor-element elementor-element-iwgw-anguta-cct elementor-widget elementor-widget-text-editor\" data-id=\"iwgw-anguta-cct\" data-element_type=\"widget\" data-e-type=\"widget\" data-widget_type=\"text-editor.default\">\n\t\t\t\t\t\t\t\t\t<div data-nosnippet=\"true\"><p>iWell Guard navazuje na kulturn\u011b historickou tradici p\u0159enosn\u00fdch ochrann\u00fdch p\u0159edm\u011bt\u016f, v tradici <a href=\"https:\/\/iwell-guard.com\/cs\/inuite-arktida-sedna-tornit-praxe\/\">Inuit\u016f<\/a> a mnoha dal\u0161\u00edch kultur po cel\u00e9m sv\u011bt\u011b. 41 vrstev, ryz\u00ed zlato, platina, st\u0159\u00edbro, vyrobeno v N\u011bmecku. 30denn\u00ed pr\u00e1vo na vr\u00e1cen\u00ed.<\/p><\/div>\t\t\t\t\t\t\t\t<\/div>\n\t\t\t\t<div class=\"elementor-element elementor-element-iwgw-anguta-ccb iwg-cc-button iwg-cc-cta-2026-05-13 elementor-widget elementor-widget-jet-button\" data-id=\"iwgw-anguta-ccb\" data-element_type=\"widget\" data-e-type=\"widget\" data-widget_type=\"jet-button.default\">\n\t\t\t\t<div class=\"elementor-widget-container\">\n\t\t\t\t\t<div class=\"elementor-jet-button jet-elements\"><div class=\"jet-button__container\"><a class=\"jet-button__instance jet-button__instance--icon-left hover-effect-1\" href=\"\/ueber-iwell-guard\/?utm_source=iwell-guard.com&amp;utm_medium=info-box&amp;utm_campaign=wesen-tradition\"><div class=\"jet-button__plane jet-button__plane-normal\"><\/div><div class=\"jet-button__plane jet-button__plane-hover\"><\/div><div class=\"jet-button__state jet-button__state-normal\"><span class=\"jet-button__label\">V\u00edce o iWell Guard<\/span><\/div><div class=\"jet-button__state jet-button__state-hover\"><span class=\"jet-button__label\">V\u00edce o iWell Guard<\/span><\/div><\/a><\/div><\/div><style>.elementor-element.elementor-element-iwgw-anguta-ccb .jet-button__instance{width:320px;height:56px;}.elementor-element.elementor-element-iwgw-anguta-ccb .jet-button__state-normal .jet-button__label{text-align:center;margin:0px 0px 0px 0px;color:#1a1b20;font-family:Montserrat,sans-serif;font-size:13px;font-weight:400;letter-spacing:4px;line-height:1.714em;text-transform:uppercase;}.elementor-element.elementor-element-iwgw-anguta-ccb .jet-button__state-hover .jet-button__label{text-align:center;margin:0px 0px 0px 0px;color:#FECC76;font-family:Montserrat,sans-serif;font-size:13px;font-weight:400;letter-spacing:4px;line-height:1.714em;text-transform:uppercase;}.elementor-element.elementor-element-iwgw-anguta-ccb .jet-button__plane-normal{background-color:#FECC76;border-style:solid;border-color:#C99540;border-width:2px 2px 2px 2px;}.elementor-element.elementor-element-iwgw-anguta-ccb .jet-button__plane-hover{background-color:rgba(0,0,0,0.55);border-style:solid;border-color:#FECC76;border-width:2px 2px 2px 2px;}<\/style>\t\t\t\t<\/div>\n\t\t\t\t<\/div>\n\t\t\t\t<div class=\"elementor-element elementor-element-iwgw-anguta-ccd elementor-widget elementor-widget-text-editor\" data-id=\"iwgw-anguta-ccd\" data-element_type=\"widget\" data-e-type=\"widget\" data-widget_type=\"text-editor.default\">\n\t\t\t\t\t\t\t\t\t<div data-nosnippet=\"true\"><p style=\"text-align:center;font-size:13px;opacity:0.7;margin-top:14px\" data-nosnippet=\"true\">Osobn\u00ed zku\u0161enosti se mohou li\u0161it. Nejedn\u00e1 se o zdravotnick\u00fd prost\u0159edek. Nen\u00ed slibem l\u00e9\u010div\u00e9ho \u00fa\u010dinku.<\/p><\/div>\t\t\t\t\t\t\t\t<\/div>\n\t\t\t\t\t<\/div>\n\t\t\t\t<\/div>\n\t\t\t\t\t<\/div>\n\t\t\t\t<\/div>\n\t\t<div class=\"elementor-element elementor-element-iwgw-anguta-disc e-flex e-con-boxed e-con e-parent\" data-id=\"iwgw-anguta-disc\" data-element_type=\"container\" data-e-type=\"container\">\n\t\t\t\t\t<div class=\"e-con-inner\">\n\t\t\t\t<div class=\"elementor-element elementor-element-iwgw-anguta-discw elementor-widget elementor-widget-html\" data-id=\"iwgw-anguta-discw\" data-element_type=\"widget\" data-e-type=\"widget\" data-widget_type=\"html.default\">\n\t\t\t\t\t<footer data-nosnippet=\"true\" class=\"iwg-disclaimer-block\"><p data-nosnippet=\"true\">iWell Guard <strong>nen\u00ed zdravotnick\u00fd prost\u0159edek<\/strong> a nenahrazuje l\u00e9ka\u0159skou ani psychoterapeutickou l\u00e9\u010dbu. Religionistick\u00fd obsah p\u0159edstavuje kulturn\u011b-historick\u00e9 za\u0159azen\u00ed, nikoli doporu\u010den\u00ed duchovn\u00ed praxe.<\/p><\/footer>\t\t\t\t<\/div>\n\t\t\t\t\t<\/div>\n\t\t\t\t<\/div>\n\t\t\t\t<\/div>\n\t\t","protected":false},"excerpt":{"rendered":"","protected":false},"author":3,"featured_media":2875,"parent":0,"menu_order":0,"comment_status":"closed","ping_status":"closed","template":"elementor_header_footer","meta":{"_yoast_wpseo_focuskw":"Anguta inuitsk\u00fd str\u00e1\u017ece mrtv\u00fdch","_yoast_wpseo_title":"Anguta \u2013 otec Sedny a str\u00e1\u017ece mrtv\u00fdch u Inuit\u016f","_yoast_wpseo_metadesc":"Anguta je otcem Sedny a v inuitsk\u00e9 v\u00ed\u0159e je pova\u017eov\u00e1n za str\u00e1\u017ece mrtv\u00fdch v podsv\u011bt\u00ed Adlivun. Religionistick\u00e9 za\u0159azen\u00ed a prameny.","_yoast_wpseo_meta-robots-noindex":"","_yoast_wpseo_canonical":"","_angie_page":false,"gefaehrdungsstufe":"2","wesen_kultur":"inuit","wesen_klasse":"geister","footnotes":""},"categories":[],"class_list":["post-145530","page","type-page","status-publish","has-post-thumbnail","hentry"],"yoast_head":"<!-- This site is optimized with the Yoast SEO Premium plugin v27.7 (Yoast SEO v28.3) - https:\/\/yoast.com\/product\/yoast-seo-premium-wordpress\/ -->\n<title>Anguta \u2013 otec Sedny a str\u00e1\u017ece mrtv\u00fdch u Inuit\u016f<\/title>\n<meta name=\"description\" content=\"Anguta je otcem Sedny a v inuitsk\u00e9 v\u00ed\u0159e je pova\u017eov\u00e1n za str\u00e1\u017ece mrtv\u00fdch v podsv\u011bt\u00ed Adlivun. Religionistick\u00e9 za\u0159azen\u00ed a prameny.\" \/>\n<meta name=\"robots\" content=\"index, follow, max-snippet:-1, max-image-preview:large, max-video-preview:-1\" \/>\n<link rel=\"canonical\" href=\"https:\/\/iwell-guard.com\/cs\/anguta-otec-sedny-strazce-podsveti\/\" \/>\n<meta property=\"og:locale\" content=\"cs_CZ\" \/>\n<meta property=\"og:type\" content=\"article\" \/>\n<meta property=\"og:title\" content=\"Anguta \u2013 otec Sedny a str\u00e1\u017ece podsv\u011bt\u00ed\" \/>\n<meta property=\"og:description\" content=\"Anguta je otcem Sedny a v inuitsk\u00e9 v\u00ed\u0159e je pova\u017eov\u00e1n za str\u00e1\u017ece mrtv\u00fdch v podsv\u011bt\u00ed Adlivun. Religionistick\u00e9 za\u0159azen\u00ed a prameny.\" \/>\n<meta property=\"og:url\" content=\"https:\/\/iwell-guard.com\/cs\/anguta-otec-sedny-strazce-podsveti\/\" \/>\n<meta property=\"og:site_name\" content=\"iWell Guard\" \/>\n<meta property=\"article:modified_time\" content=\"2026-09-03T16:58:33+00:00\" \/>\n<meta property=\"og:image\" content=\"https:\/\/iwell-guard.com\/wp-content\/uploads\/2026\/05\/geister_inuit_anguta.webp\" \/>\n\t<meta property=\"og:image:width\" content=\"1024\" \/>\n\t<meta property=\"og:image:height\" content=\"1536\" \/>\n\t<meta property=\"og:image:type\" content=\"image\/webp\" \/>\n<meta name=\"twitter:card\" content=\"summary_large_image\" \/>\n<script type=\"application\/ld+json\" class=\"yoast-schema-graph\">{\"@context\":\"https:\\\/\\\/schema.org\",\"@graph\":[{\"@type\":\"WebPage\",\"@id\":\"https:\\\/\\\/iwell-guard.com\\\/cs\\\/anguta-otec-sedny-strazce-podsveti\\\/\",\"url\":\"https:\\\/\\\/iwell-guard.com\\\/cs\\\/anguta-otec-sedny-strazce-podsveti\\\/\",\"name\":\"Anguta \u2013 otec Sedny a str\u00e1\u017ece mrtv\u00fdch u Inuit\u016f\",\"isPartOf\":{\"@id\":\"https:\\\/\\\/iwell-guard.com\\\/cs\\\/#website\"},\"primaryImageOfPage\":{\"@id\":\"https:\\\/\\\/iwell-guard.com\\\/cs\\\/anguta-otec-sedny-strazce-podsveti\\\/#primaryimage\"},\"image\":{\"@id\":\"https:\\\/\\\/iwell-guard.com\\\/cs\\\/anguta-otec-sedny-strazce-podsveti\\\/#primaryimage\"},\"thumbnailUrl\":\"https:\\\/\\\/iwell-guard.com\\\/wp-content\\\/uploads\\\/2026\\\/05\\\/geister_inuit_anguta.webp\",\"datePublished\":\"2026-09-03T16:31:16+00:00\",\"dateModified\":\"2026-09-03T16:58:33+00:00\",\"description\":\"Anguta je otcem Sedny a v inuitsk\u00e9 v\u00ed\u0159e je pova\u017eov\u00e1n za str\u00e1\u017ece mrtv\u00fdch v podsv\u011bt\u00ed Adlivun. Religionistick\u00e9 za\u0159azen\u00ed a prameny.\",\"breadcrumb\":{\"@id\":\"https:\\\/\\\/iwell-guard.com\\\/cs\\\/anguta-otec-sedny-strazce-podsveti\\\/#breadcrumb\"},\"inLanguage\":\"cs\",\"potentialAction\":[{\"@type\":\"ReadAction\",\"target\":[\"https:\\\/\\\/iwell-guard.com\\\/cs\\\/anguta-otec-sedny-strazce-podsveti\\\/\"]}]},{\"@type\":\"ImageObject\",\"inLanguage\":\"cs\",\"@id\":\"https:\\\/\\\/iwell-guard.com\\\/cs\\\/anguta-otec-sedny-strazce-podsveti\\\/#primaryimage\",\"url\":\"https:\\\/\\\/iwell-guard.com\\\/wp-content\\\/uploads\\\/2026\\\/05\\\/geister_inuit_anguta.webp\",\"contentUrl\":\"https:\\\/\\\/iwell-guard.com\\\/wp-content\\\/uploads\\\/2026\\\/05\\\/geister_inuit_anguta.webp\",\"width\":1024,\"height\":1536,\"caption\":\"Duchov\u00e9 z inuitsk\u00e9 tradice.\"},{\"@type\":\"BreadcrumbList\",\"@id\":\"https:\\\/\\\/iwell-guard.com\\\/cs\\\/anguta-otec-sedny-strazce-podsveti\\\/#breadcrumb\",\"itemListElement\":[{\"@type\":\"ListItem\",\"position\":1,\"name\":\"Start\",\"item\":\"https:\\\/\\\/iwell-guard.com\\\/cs\\\/?page_id=145107\"},{\"@type\":\"ListItem\",\"position\":2,\"name\":\"Anguta \u2013 otec Sedny a str\u00e1\u017ece podsv\u011bt\u00ed\"}]},{\"@type\":\"WebSite\",\"@id\":\"https:\\\/\\\/iwell-guard.com\\\/cs\\\/#website\",\"url\":\"https:\\\/\\\/iwell-guard.com\\\/cs\\\/\",\"name\":\"iWell Guard\",\"description\":\"Schutz vor dunklen Einfl\u00fcssen\",\"publisher\":{\"@id\":\"https:\\\/\\\/iwell-guard.com\\\/cs\\\/#organization\"},\"potentialAction\":[{\"@type\":\"SearchAction\",\"target\":{\"@type\":\"EntryPoint\",\"urlTemplate\":\"https:\\\/\\\/iwell-guard.com\\\/cs\\\/?s={search_term_string}\"},\"query-input\":{\"@type\":\"PropertyValueSpecification\",\"valueRequired\":true,\"valueName\":\"search_term_string\"}}],\"inLanguage\":\"cs\"},{\"@type\":\"Organization\",\"@id\":\"https:\\\/\\\/iwell-guard.com\\\/cs\\\/#organization\",\"name\":\"Ittermann electronic GmbH\",\"url\":\"https:\\\/\\\/iwell-guard.com\\\/cs\\\/\",\"logo\":{\"@type\":\"ImageObject\",\"inLanguage\":\"cs\",\"@id\":\"https:\\\/\\\/iwell-guard.com\\\/cs\\\/#\\\/schema\\\/logo\\\/image\\\/\",\"url\":\"https:\\\/\\\/iwell-guard.com\\\/wp-content\\\/uploads\\\/2026\\\/05\\\/Ittermann-Logo-1182x237-1.png\",\"contentUrl\":\"https:\\\/\\\/iwell-guard.com\\\/wp-content\\\/uploads\\\/2026\\\/05\\\/Ittermann-Logo-1182x237-1.png\",\"width\":1182,\"height\":237,\"caption\":\"Ittermann electronic GmbH\"},\"image\":{\"@id\":\"https:\\\/\\\/iwell-guard.com\\\/cs\\\/#\\\/schema\\\/logo\\\/image\\\/\"},\"sameAs\":[\"https:\\\/\\\/pantip.com\\\/profile\\\/9367242\",\"https:\\\/\\\/micro.blog\\\/iwellguard\",\"https:\\\/\\\/www.diggerslist.com\\\/iwellguard\\\/about\",\"https:\\\/\\\/skitterphoto.com\\\/photographers\\\/2870314\\\/iwell-guard\",\"https:\\\/\\\/iwellguard.wordpress.com\\\/2026\\\/06\\\/06\\\/iwell-guard\\\/\",\"https:\\\/\\\/hub.docker.com\\\/u\\\/iwellguard\",\"https:\\\/\\\/www.pinterest.com\\\/iwellguard\\\/\",\"https:\\\/\\\/bit.ly\\\/m\\\/iwellguard\",\"https:\\\/\\\/entre-vos-mains.alsace.eu\\\/profiles\\\/iwellguard\\\/activity\",\"https:\\\/\\\/gravatar.com\\\/reallybeded8fd34\",\"https:\\\/\\\/naijamatta.com\\\/iwellguard\",\"https:\\\/\\\/www.goodreads.com\\\/iwellguard\",\"https:\\\/\\\/profile.hatena.ne.jp\\\/iwellguard\\\/\",\"https:\\\/\\\/experiment.com\\\/users\\\/iwellguard\",\"https:\\\/\\\/wakelet.com\\\/@iWellGuard82270\",\"https:\\\/\\\/www.chordie.com\\\/forum\\\/profile.php?id=2555664\",\"https:\\\/\\\/www.instapaper.com\\\/p\\\/17757966\",\"https:\\\/\\\/www.mapleprimes.com\\\/users\\\/iwellguard\",\"https:\\\/\\\/businesslistingplus.com\\\/profile\\\/iwell-guard\\\/\",\"https:\\\/\\\/telegra.ph\\\/iWell-Guard-06-06\",\"https:\\\/\\\/pbase.com\\\/iwellguard\\\/iwellguard\",\"https:\\\/\\\/b.hatena.ne.jp\\\/iwellguard\\\/20260607#bookmark-4788405196491818882\",\"https:\\\/\\\/fliphtml5.com\\\/home\\\/iwellguard\",\"https:\\\/\\\/anyflip.com\\\/homepage\\\/cmiwl#About\",\"https:\\\/\\\/transfur.com\\\/Users\\\/iwellguard\",\"http:\\\/\\\/delphi.larsbo.org\\\/user\\\/iwellguard\",\"https:\\\/\\\/jobs.lajobsportal.org\\\/profiles\\\/8380803-iwell-guard\",\"https:\\\/\\\/md.chaosdorf.de\\\/s\\\/jfbe5SBdJD\",\"https:\\\/\\\/www.lingvolive.com\\\/en-us\\\/profile\\\/9ecaeaca-ce11-4e51-9e71-01d55e2bff36\\\/translations\",\"https:\\\/\\\/www.fitday.com\\\/fitness\\\/forums\\\/members\\\/iwellguard.html\",\"https:\\\/\\\/www.mymeetbook.com\\\/iwellguard\",\"https:\\\/\\\/pxhere.com\\\/en\\\/photographer-me\\\/5040798\",\"https:\\\/\\\/disqus.com\\\/by\\\/iwellguard\\\/about\\\/\",\"https:\\\/\\\/pastelink.net\\\/hjwciqwq\",\"https:\\\/\\\/pubhtml5.com\\\/homepage\\\/scjhn\\\/\",\"https:\\\/\\\/www.bitchute.com\\\/channel\\\/2O2eOKzNqujT\",\"https:\\\/\\\/audiomack.com\\\/iwellguard\"]},{\"@type\":\"Article\",\"@id\":\"https:\\\/\\\/iwell-guard.com\\\/cs\\\/anguta-otec-sedny-strazce-podsveti\\\/#article\",\"isPartOf\":{\"@id\":\"https:\\\/\\\/iwell-guard.com\\\/cs\\\/anguta-otec-sedny-strazce-podsveti\\\/\"},\"author\":{\"name\":\"Ralf Ittermann\",\"@id\":\"https:\\\/\\\/iwell-guard.com\\\/cs\\\/#\\\/schema\\\/person\\\/ee2a27f1cac3406c7c6fb5820cb7349f\"},\"headline\":\"Anguta \u2013 otec Sedny a str\u00e1\u017ece podsv\u011bt\u00ed\",\"datePublished\":\"2026-09-03T16:31:16+00:00\",\"dateModified\":\"2026-09-03T16:58:33+00:00\",\"mainEntityOfPage\":{\"@id\":\"https:\\\/\\\/iwell-guard.com\\\/cs\\\/anguta-otec-sedny-strazce-podsveti\\\/\"},\"publisher\":{\"@id\":\"https:\\\/\\\/iwell-guard.com\\\/cs\\\/#organization\"},\"image\":{\"@id\":\"https:\\\/\\\/iwell-guard.com\\\/cs\\\/anguta-otec-sedny-strazce-podsveti\\\/#primaryimage\"},\"thumbnailUrl\":\"https:\\\/\\\/iwell-guard.com\\\/wp-content\\\/uploads\\\/2026\\\/05\\\/geister_inuit_anguta.webp\",\"inLanguage\":\"cs\",\"description\":\"Anguta je otcem Sedny a v inuitsk\u00e9 v\u00ed\u0159e je pova\u017eov\u00e1n za str\u00e1\u017ece mrtv\u00fdch v podsv\u011bt\u00ed Adlivun. Religionistick\u00e9 za\u0159azen\u00ed a prameny.\"}]}<\/script>\n<!-- \/ Yoast SEO Premium plugin. -->","yoast_head_json":{"title":"Anguta \u2013 otec Sedny a str\u00e1\u017ece mrtv\u00fdch u Inuit\u016f","description":"Anguta je otcem Sedny a v inuitsk\u00e9 v\u00ed\u0159e je pova\u017eov\u00e1n za str\u00e1\u017ece mrtv\u00fdch v podsv\u011bt\u00ed Adlivun. Religionistick\u00e9 za\u0159azen\u00ed a prameny.","robots":{"index":"index","follow":"follow","max-snippet":"max-snippet:-1","max-image-preview":"max-image-preview:large","max-video-preview":"max-video-preview:-1"},"canonical":"https:\/\/iwell-guard.com\/cs\/anguta-otec-sedny-strazce-podsveti\/","og_locale":"cs_CZ","og_type":"article","og_title":"Anguta \u2013 otec Sedny a str\u00e1\u017ece podsv\u011bt\u00ed","og_description":"Anguta je otcem Sedny a v inuitsk\u00e9 v\u00ed\u0159e je pova\u017eov\u00e1n za str\u00e1\u017ece mrtv\u00fdch v podsv\u011bt\u00ed Adlivun. Religionistick\u00e9 za\u0159azen\u00ed a prameny.","og_url":"https:\/\/iwell-guard.com\/cs\/anguta-otec-sedny-strazce-podsveti\/","og_site_name":"iWell Guard","article_modified_time":"2026-09-03T16:58:33+00:00","og_image":[{"width":1024,"height":1536,"url":"https:\/\/iwell-guard.com\/wp-content\/uploads\/2026\/05\/geister_inuit_anguta.webp","type":"image\/webp"}],"twitter_card":"summary_large_image","schema":{"@context":"https:\/\/schema.org","@graph":[{"@type":"Article","@id":"https:\/\/iwell-guard.com\/cs\/anguta-otec-sedny-strazce-podsveti\/#article","isPartOf":{"@id":"https:\/\/iwell-guard.com\/cs\/anguta-otec-sedny-strazce-podsveti\/"},"author":{"name":"Ralf Ittermann","@id":"https:\/\/iwell-guard.com\/cs\/#\/schema\/person\/ee2a27f1cac3406c7c6fb5820cb7349f"},"headline":"Anguta \u2013 otec Sedny a str\u00e1\u017ece podsv\u011bt\u00ed","datePublished":"2026-09-03T16:31:16+00:00","dateModified":"2026-09-03T16:58:33+00:00","mainEntityOfPage":{"@id":"https:\/\/iwell-guard.com\/cs\/anguta-otec-sedny-strazce-podsveti\/"},"publisher":{"@id":"https:\/\/iwell-guard.com\/cs\/#organization"},"image":{"@id":"https:\/\/iwell-guard.com\/cs\/anguta-otec-sedny-strazce-podsveti\/#primaryimage"},"thumbnailUrl":"https:\/\/iwell-guard.com\/wp-content\/uploads\/2026\/05\/geister_inuit_anguta.webp","inLanguage":"cs","description":"Anguta je otcem Sedny a v inuitsk\u00e9 v\u00ed\u0159e je pova\u017eov\u00e1n za str\u00e1\u017ece mrtv\u00fdch v podsv\u011bt\u00ed Adlivun. Religionistick\u00e9 za\u0159azen\u00ed a prameny."},{"@type":"WebPage","@id":"https:\/\/iwell-guard.com\/cs\/anguta-otec-sedny-strazce-podsveti\/","url":"https:\/\/iwell-guard.com\/cs\/anguta-otec-sedny-strazce-podsveti\/","name":"Anguta \u2013 otec Sedny a str\u00e1\u017ece mrtv\u00fdch u Inuit\u016f","isPartOf":{"@id":"https:\/\/iwell-guard.com\/cs\/#website"},"primaryImageOfPage":{"@id":"https:\/\/iwell-guard.com\/cs\/anguta-otec-sedny-strazce-podsveti\/#primaryimage"},"image":{"@id":"https:\/\/iwell-guard.com\/cs\/anguta-otec-sedny-strazce-podsveti\/#primaryimage"},"thumbnailUrl":"https:\/\/iwell-guard.com\/wp-content\/uploads\/2026\/05\/geister_inuit_anguta.webp","datePublished":"2026-09-03T16:31:16+00:00","dateModified":"2026-09-03T16:58:33+00:00","description":"Anguta je otcem Sedny a v inuitsk\u00e9 v\u00ed\u0159e je pova\u017eov\u00e1n za str\u00e1\u017ece mrtv\u00fdch v podsv\u011bt\u00ed Adlivun. Religionistick\u00e9 za\u0159azen\u00ed a prameny.","breadcrumb":{"@id":"https:\/\/iwell-guard.com\/cs\/anguta-otec-sedny-strazce-podsveti\/#breadcrumb"},"inLanguage":"cs","potentialAction":[{"@type":"ReadAction","target":["https:\/\/iwell-guard.com\/cs\/anguta-otec-sedny-strazce-podsveti\/"]}]},{"@type":"ImageObject","inLanguage":"cs","@id":"https:\/\/iwell-guard.com\/cs\/anguta-otec-sedny-strazce-podsveti\/#primaryimage","url":"https:\/\/iwell-guard.com\/wp-content\/uploads\/2026\/05\/geister_inuit_anguta.webp","contentUrl":"https:\/\/iwell-guard.com\/wp-content\/uploads\/2026\/05\/geister_inuit_anguta.webp","width":1024,"height":1536,"caption":"Duchov\u00e9 z inuitsk\u00e9 tradice."},{"@type":"BreadcrumbList","@id":"https:\/\/iwell-guard.com\/cs\/anguta-otec-sedny-strazce-podsveti\/#breadcrumb","itemListElement":[{"@type":"ListItem","position":1,"name":"Start","item":"https:\/\/iwell-guard.com\/cs\/?page_id=145107"},{"@type":"ListItem","position":2,"name":"Anguta \u2013 otec Sedny a str\u00e1\u017ece podsv\u011bt\u00ed"}]},{"@type":"WebSite","@id":"https:\/\/iwell-guard.com\/cs\/#website","url":"https:\/\/iwell-guard.com\/cs\/","name":"iWell Guard","description":"Schutz vor dunklen Einfl\u00fcssen","publisher":{"@id":"https:\/\/iwell-guard.com\/cs\/#organization"},"potentialAction":[{"@type":"SearchAction","target":{"@type":"EntryPoint","urlTemplate":"https:\/\/iwell-guard.com\/cs\/?s={search_term_string}"},"query-input":{"@type":"PropertyValueSpecification","valueRequired":true,"valueName":"search_term_string"}}],"inLanguage":"cs"},{"@type":"Organization","@id":"https:\/\/iwell-guard.com\/cs\/#organization","name":"Ittermann electronic GmbH","url":"https:\/\/iwell-guard.com\/cs\/","logo":{"@type":"ImageObject","inLanguage":"cs","@id":"https:\/\/iwell-guard.com\/cs\/#\/schema\/logo\/image\/","url":"https:\/\/iwell-guard.com\/wp-content\/uploads\/2026\/05\/Ittermann-Logo-1182x237-1.png","contentUrl":"https:\/\/iwell-guard.com\/wp-content\/uploads\/2026\/05\/Ittermann-Logo-1182x237-1.png","width":1182,"height":237,"caption":"Ittermann electronic GmbH"},"image":{"@id":"https:\/\/iwell-guard.com\/cs\/#\/schema\/logo\/image\/"},"sameAs":["https:\/\/pantip.com\/profile\/9367242","https:\/\/micro.blog\/iwellguard","https:\/\/www.diggerslist.com\/iwellguard\/about","https:\/\/skitterphoto.com\/photographers\/2870314\/iwell-guard","https:\/\/iwellguard.wordpress.com\/2026\/06\/06\/iwell-guard\/","https:\/\/hub.docker.com\/u\/iwellguard","https:\/\/www.pinterest.com\/iwellguard\/","https:\/\/bit.ly\/m\/iwellguard","https:\/\/entre-vos-mains.alsace.eu\/profiles\/iwellguard\/activity","https:\/\/gravatar.com\/reallybeded8fd34","https:\/\/naijamatta.com\/iwellguard","https:\/\/www.goodreads.com\/iwellguard","https:\/\/profile.hatena.ne.jp\/iwellguard\/","https:\/\/experiment.com\/users\/iwellguard","https:\/\/wakelet.com\/@iWellGuard82270","https:\/\/www.chordie.com\/forum\/profile.php?id=2555664","https:\/\/www.instapaper.com\/p\/17757966","https:\/\/www.mapleprimes.com\/users\/iwellguard","https:\/\/businesslistingplus.com\/profile\/iwell-guard\/","https:\/\/telegra.ph\/iWell-Guard-06-06","https:\/\/pbase.com\/iwellguard\/iwellguard","https:\/\/b.hatena.ne.jp\/iwellguard\/20260607#bookmark-4788405196491818882","https:\/\/fliphtml5.com\/home\/iwellguard","https:\/\/anyflip.com\/homepage\/cmiwl#About","https:\/\/transfur.com\/Users\/iwellguard","http:\/\/delphi.larsbo.org\/user\/iwellguard","https:\/\/jobs.lajobsportal.org\/profiles\/8380803-iwell-guard","https:\/\/md.chaosdorf.de\/s\/jfbe5SBdJD","https:\/\/www.lingvolive.com\/en-us\/profile\/9ecaeaca-ce11-4e51-9e71-01d55e2bff36\/translations","https:\/\/www.fitday.com\/fitness\/forums\/members\/iwellguard.html","https:\/\/www.mymeetbook.com\/iwellguard","https:\/\/pxhere.com\/en\/photographer-me\/5040798","https:\/\/disqus.com\/by\/iwellguard\/about\/","https:\/\/pastelink.net\/hjwciqwq","https:\/\/pubhtml5.com\/homepage\/scjhn\/","https:\/\/www.bitchute.com\/channel\/2O2eOKzNqujT","https:\/\/audiomack.com\/iwellguard"]},{"@type":"Person","@id":"https:\/\/iwell-guard.com\/cs\/#\/schema\/person\/ee2a27f1cac3406c7c6fb5820cb7349f","name":"Ralf Ittermann","image":{"@type":"ImageObject","inLanguage":"cs","@id":"https:\/\/secure.gravatar.com\/avatar\/073c0153e350a5005b68eb752b445fea71f6b24a26da9449ad7e155e6b446c9d?s=96&d=mm&r=g","url":"https:\/\/secure.gravatar.com\/avatar\/073c0153e350a5005b68eb752b445fea71f6b24a26da9449ad7e155e6b446c9d?s=96&d=mm&r=g","contentUrl":"https:\/\/secure.gravatar.com\/avatar\/073c0153e350a5005b68eb752b445fea71f6b24a26da9449ad7e155e6b446c9d?s=96&d=mm&r=g","caption":"Ralf Ittermann"},"givenName":"Ralf","familyName":"Ittermann","jobTitle":"Gesch\u00e4ftsf\u00fchrer und redaktioneller Verantwortlicher","url":"https:\/\/iwell-guard.com\/cs\/author\/claude\/","description":"Ralf Ittermann ist Gesch\u00e4ftsf\u00fchrer der Ittermann electronic GmbH und redaktioneller Verantwortlicher des iWell-Guard-Lexikons. Er verbindet langj\u00e4hrige Erfahrung in der Pr\u00e4zisionsfertigung mit medialer Praxis und religionsgeschichtlicher Quellenarbeit.","worksFor":{"@type":"Organization","name":"Ittermann electronic GmbH","url":"https:\/\/ittermann.de\/","address":{"@type":"PostalAddress","streetAddress":"K\u00f6hlergasse 16-18","postalCode":"99842","addressLocality":"Ruhla","addressCountry":"DE"}},"knowsAbout":["Religionsgeschichte","Mythologie","Mediale Praxis","Energetische Diagnostik","Schutzpraxis","Volksglauben","Westliche Esoterik"]},{"@type":"Article","@id":"https:\/\/iwell-guard.com\/cs\/anguta-otec-sedny-strazce-podsveti\/#article","isPartOf":{"@id":"https:\/\/iwell-guard.com\/cs\/anguta-otec-sedny-strazce-podsveti\/"},"author":{"name":"Ralf Ittermann","@id":"https:\/\/iwell-guard.com\/cs\/#\/schema\/person\/ee2a27f1cac3406c7c6fb5820cb7349f"},"headline":"Anguta \u2013 otec Sedny a str\u00e1\u017ece podsv\u011bt\u00ed","datePublished":"2026-09-03T16:31:16+00:00","dateModified":"2026-09-03T16:58:33+00:00","mainEntityOfPage":{"@id":"https:\/\/iwell-guard.com\/cs\/anguta-otec-sedny-strazce-podsveti\/"},"publisher":{"@id":"https:\/\/iwell-guard.com\/cs\/#organization"},"image":{"@id":"https:\/\/iwell-guard.com\/cs\/anguta-otec-sedny-strazce-podsveti\/#primaryimage"},"thumbnailUrl":"https:\/\/iwell-guard.com\/wp-content\/uploads\/2026\/05\/geister_inuit_anguta.webp","inLanguage":"cs","description":"Anguta je otcem Sedny a v inuitsk\u00e9 v\u00ed\u0159e je pova\u017eov\u00e1n za str\u00e1\u017ece mrtv\u00fdch v podsv\u011bt\u00ed Adlivun. Religionistick\u00e9 za\u0159azen\u00ed a prameny."}]}},"_links":{"self":[{"href":"https:\/\/iwell-guard.com\/cs\/wp-json\/wp\/v2\/pages\/145530","targetHints":{"allow":["GET"]}}],"collection":[{"href":"https:\/\/iwell-guard.com\/cs\/wp-json\/wp\/v2\/pages"}],"about":[{"href":"https:\/\/iwell-guard.com\/cs\/wp-json\/wp\/v2\/types\/page"}],"author":[{"embeddable":true,"href":"https:\/\/iwell-guard.com\/cs\/wp-json\/wp\/v2\/users\/3"}],"replies":[{"embeddable":true,"href":"https:\/\/iwell-guard.com\/cs\/wp-json\/wp\/v2\/comments?post=145530"}],"version-history":[{"count":0,"href":"https:\/\/iwell-guard.com\/cs\/wp-json\/wp\/v2\/pages\/145530\/revisions"}],"wp:featuredmedia":[{"embeddable":true,"href":"https:\/\/iwell-guard.com\/cs\/wp-json\/wp\/v2\/media\/2875"}],"wp:attachment":[{"href":"https:\/\/iwell-guard.com\/cs\/wp-json\/wp\/v2\/media?parent=145530"}],"wp:term":[{"taxonomy":"category","embeddable":true,"href":"https:\/\/iwell-guard.com\/cs\/wp-json\/wp\/v2\/categories?post=145530"}],"curies":[{"name":"wp","href":"https:\/\/api.w.org\/{rel}","templated":true}]}}