{"id":145527,"date":"2026-09-03T16:31:14","date_gmt":"2026-09-03T16:31:14","guid":{"rendered":"https:\/\/iwell-guard.com\/?page_id=145527"},"modified":"2026-09-03T16:58:27","modified_gmt":"2026-09-03T16:58:27","slug":"sila-svetovy-dech-a-pan-pocasi-inuitu","status":"publish","type":"page","link":"https:\/\/iwell-guard.com\/cs\/sila-svetovy-dech-a-pan-pocasi-inuitu\/","title":{"rendered":"Sila &#8211; Sv\u011btov\u00fd dech a p\u00e1n po\u010das\u00ed Inuit\u016f"},"content":{"rendered":"\t\t<div data-elementor-type=\"wp-page\" data-elementor-id=\"145527\" class=\"elementor elementor-145527 elementor-2655 elementor-bc-flex-widget\" data-elementor-post-type=\"page\">\n\t\t\t\t<div class=\"elementor-element elementor-element-iwgw-sila-hero e-flex e-con-boxed e-con e-parent\" data-id=\"iwgw-sila-hero\" data-element_type=\"container\" data-e-type=\"container\" data-settings=\"{&quot;background_background&quot;:&quot;classic&quot;}\">\n\t\t\t\t\t<div class=\"e-con-inner\">\n\t\t<div class=\"elementor-element elementor-element-iwgw-sila-hl e-flex e-con-boxed e-con e-child\" data-id=\"iwgw-sila-hl\" data-element_type=\"container\" data-e-type=\"container\">\n\t\t\t\t\t<div class=\"e-con-inner\">\n\t\t<div class=\"elementor-element elementor-element-iwgw-sila-htxt e-con-full e-flex e-con e-child\" data-id=\"iwgw-sila-htxt\" data-element_type=\"container\" data-e-type=\"container\">\n\t\t\t\t<div class=\"elementor-element elementor-element-iwgw-sila-h1 elementor-widget elementor-widget-heading\" data-id=\"iwgw-sila-h1\" data-element_type=\"widget\" data-e-type=\"widget\" data-widget_type=\"heading.default\">\n\t\t\t\t\t<h1 class=\"elementor-heading-title elementor-size-default\">Sila - Sv\u011btov\u00fd dech, po\u010das\u00ed a v\u011bdom\u00ed v inuitsk\u00e9m my\u0161len\u00ed<\/h1>\t\t\t\t<\/div>\n\t\t\t\t<div class=\"elementor-element elementor-element-iwgw-sila-lead elementor-widget elementor-widget-text-editor\" data-id=\"iwgw-sila-lead\" data-element_type=\"widget\" data-e-type=\"widget\" data-widget_type=\"text-editor.default\">\n\t\t\t\t\t\t\t\t\t<p>Sila nen\u00ed v p\u0159edstav\u00e1ch centr\u00e1ln\u011b arktick\u00fdch <a href=\"https:\/\/iwell-guard.com\/cs\/inuite-arktida-sedna-tornit-praxe\/\">Inuit\u016f<\/a> osobn\u00edm bohem v \u00fazk\u00e9m slova smyslu, n\u00fdbr\u017e \u0159\u00edd\u00edc\u00edm principem vzduchu, po\u010das\u00ed, dechu a rozumu.<\/p><p>Kdo zn\u00e1 Silu, zn\u00e1 z\u00e1rove\u0148 po\u010das\u00ed, my\u0161len\u00ed a \u0159\u00e1d sv\u011bta, proto\u017ee inuitsk\u00fd jazyk zahrnuje tyto sf\u00e9ry do jedin\u00e9ho pojmu. Z religionistick\u00e9ho hlediska je Sila jedn\u00edm z koncep\u010dn\u011b nejhlub\u0161\u00edch pojm\u016f cel\u00e9 cirkumpol\u00e1rn\u00ed n\u00e1bo\u017eensk\u00e9 historie.<\/p>\t\t\t\t\t\t\t\t<\/div>\n\t\t\t\t<\/div>\n\t\t<div class=\"elementor-element elementor-element-iwgw-sila-pillc e-con-full e-flex e-con e-child\" data-id=\"iwgw-sila-pillc\" data-element_type=\"container\" data-e-type=\"container\">\n\t\t\t\t<div class=\"elementor-element elementor-element-iwgw-sila-pills elementor-widget elementor-widget-html\" data-id=\"iwgw-sila-pills\" data-element_type=\"widget\" data-e-type=\"widget\" data-widget_type=\"html.default\">\n\t\t\t\t\t<div class=\"iwg-pill-row\"><span class=\"iwg-klasse-badge\" tabindex=\"0\" data-tooltip=\"Duch po\u010das\u00ed tradice Inuit\u016f.\">Duch po\u010das\u00ed<\/span><a href=\"https:\/\/iwell-guard.com\/cs\/inuite-arktida-sedna-tornit-praxe\/\" class=\"iwg-kultur-badge\" tabindex=\"0\" data-tooltip=\"Mytologie tradice Inuit\u016f.\">Inuit\u00e9<\/a><span class=\"iwg-tradition-badge\" tabindex=\"0\" data-tooltip=\"Sv\u011btov\u00fd a po\u010dasov\u00fd princip.\">Sv\u011btov\u00fd a po\u010dasov\u00fd princip<\/span><\/div>\t\t\t\t<\/div>\n\t\t\t\t<\/div>\n\t\t<div class=\"elementor-element elementor-element-iwgw-sila-tocc e-con-full e-flex e-con e-child\" data-id=\"iwgw-sila-tocc\" data-element_type=\"container\" data-e-type=\"container\">\n\t\t\t\t<div class=\"elementor-element elementor-element-iwgw-sila-toc elementor-toc--minimized-on-tablet elementor-widget elementor-widget-table-of-contents\" data-id=\"iwgw-sila-toc\" data-element_type=\"widget\" data-e-type=\"widget\" data-settings=\"{&quot;headings_by_tags&quot;:[&quot;h2&quot;,&quot;h3&quot;],&quot;minimize_box&quot;:&quot;yes&quot;,&quot;marker_view&quot;:&quot;bullets&quot;,&quot;no_headings_message&quot;:&quot;Na t\\u00e9to str\\u00e1nce nebyly nalezeny \\u017e\\u00e1dn\\u00e9 nadpisy.&quot;,&quot;exclude_headings_by_selector&quot;:[],&quot;icon&quot;:{&quot;value&quot;:&quot;fas fa-circle&quot;,&quot;library&quot;:&quot;fa-solid&quot;,&quot;rendered_tag&quot;:&quot;&lt;svg class=\\&quot;e-font-icon-svg e-fas-circle\\&quot; viewBox=\\&quot;0 0 512 512\\&quot; xmlns=\\&quot;http:\\\/\\\/www.w3.org\\\/2000\\\/svg\\&quot;&gt;&lt;path d=\\&quot;M256 8C119 8 8 119 8 256s111 248 248 248 248-111 248-248S393 8 256 8z\\&quot;&gt;&lt;\\\/path&gt;&lt;\\\/svg&gt;&quot;},&quot;minimized_on&quot;:&quot;tablet&quot;,&quot;hierarchical_view&quot;:&quot;yes&quot;,&quot;min_height&quot;:{&quot;unit&quot;:&quot;px&quot;,&quot;size&quot;:&quot;&quot;,&quot;sizes&quot;:[]},&quot;min_height_tablet&quot;:{&quot;unit&quot;:&quot;px&quot;,&quot;size&quot;:&quot;&quot;,&quot;sizes&quot;:[]},&quot;min_height_mobile&quot;:{&quot;unit&quot;:&quot;px&quot;,&quot;size&quot;:&quot;&quot;,&quot;sizes&quot;:[]}}\" data-widget_type=\"table-of-contents.default\">\n\t\t\t\t\t\t\t\t\t<div class=\"elementor-toc__header\">\n\t\t\t\t\t\t<h2 class=\"elementor-toc__header-title\">\n\t\t\t\tObsah\t\t\t<\/h2>\n\t\t\t\t\t\t\t\t\t\t<div class=\"elementor-toc__toggle-button elementor-toc__toggle-button--expand\" role=\"button\" tabindex=\"0\" aria-controls=\"elementor-toc__iwgw-sila-toc\" aria-expanded=\"true\" aria-label=\"Open table of contents\"><svg aria-hidden=\"true\" class=\"e-font-icon-svg e-fas-chevron-down\" viewBox=\"0 0 448 512\" xmlns=\"http:\/\/www.w3.org\/2000\/svg\"><path d=\"M207.029 381.476L12.686 187.132c-9.373-9.373-9.373-24.569 0-33.941l22.667-22.667c9.357-9.357 24.522-9.375 33.901-.04L224 284.505l154.745-154.021c9.379-9.335 24.544-9.317 33.901.04l22.667 22.667c9.373 9.373 9.373 24.569 0 33.941L240.971 381.476c-9.373 9.372-24.569 9.372-33.942 0z\"><\/path><\/svg><\/div>\n\t\t\t\t<div class=\"elementor-toc__toggle-button elementor-toc__toggle-button--collapse\" role=\"button\" tabindex=\"0\" aria-controls=\"elementor-toc__iwgw-sila-toc\" aria-expanded=\"true\" aria-label=\"Close table of contents\"><svg aria-hidden=\"true\" class=\"e-font-icon-svg e-fas-chevron-up\" viewBox=\"0 0 448 512\" xmlns=\"http:\/\/www.w3.org\/2000\/svg\"><path d=\"M240.971 130.524l194.343 194.343c9.373 9.373 9.373 24.569 0 33.941l-22.667 22.667c-9.357 9.357-24.522 9.375-33.901.04L224 227.495 69.255 381.516c-9.379 9.335-24.544 9.317-33.901-.04l-22.667-22.667c-9.373-9.373-9.373-24.569 0-33.941L207.03 130.525c9.372-9.373 24.568-9.373 33.941-.001z\"><\/path><\/svg><\/div>\n\t\t\t\t\t<\/div>\n\t\t\t\t<div id=\"elementor-toc__iwgw-sila-toc\" class=\"elementor-toc__body\">\n\t\t\t<div class=\"elementor-toc__spinner-container\">\n\t\t\t\t<svg class=\"elementor-toc__spinner eicon-animation-spin e-font-icon-svg e-eicon-loading\" aria-hidden=\"true\" viewBox=\"0 0 1000 1000\" xmlns=\"http:\/\/www.w3.org\/2000\/svg\"><path d=\"M500 975V858C696 858 858 696 858 500S696 142 500 142 142 304 142 500H25C25 237 238 25 500 25S975 237 975 500 763 975 500 975Z\"><\/path><\/svg>\t\t\t<\/div>\n\t\t<\/div>\n\t\t\t\t\t\t<\/div>\n\t\t\t\t<\/div>\n\t\t\t\t\t<\/div>\n\t\t\t\t<\/div>\n\t\t<div class=\"elementor-element elementor-element-iwgw-sila-hr e-con-full e-flex e-con e-child\" data-id=\"iwgw-sila-hr\" data-element_type=\"container\" data-e-type=\"container\">\n\t\t\t\t<div class=\"elementor-element elementor-element-iwgw-sila-heroimg iwg-hero-image elementor-widget elementor-widget-image\" data-id=\"iwgw-sila-heroimg\" data-element_type=\"widget\" data-e-type=\"widget\" data-widget_type=\"image.default\">\n\t\t\t\t\t\t\t\t\t\t\t\t\t\t\t<img fetchpriority=\"high\" decoding=\"async\" width=\"683\" height=\"1024\" src=\"https:\/\/iwell-guard.com\/wp-content\/uploads\/2026\/05\/geister_inuit_sila-683x1024.webp\" class=\"attachment-large size-large wp-image-147304\" alt=\"Sila - duchov\u00e9 z inuitsk\u00e9 tradice, historicko-ilustrativn\u00ed\" srcset=\"https:\/\/iwell-guard.com\/wp-content\/uploads\/2026\/05\/geister_inuit_sila-683x1024.webp 683w, https:\/\/iwell-guard.com\/wp-content\/uploads\/2026\/05\/geister_inuit_sila-200x300.webp 200w, https:\/\/iwell-guard.com\/wp-content\/uploads\/2026\/05\/geister_inuit_sila-768x1152.webp 768w, https:\/\/iwell-guard.com\/wp-content\/uploads\/2026\/05\/geister_inuit_sila.webp 1024w\" sizes=\"(max-width: 683px) 100vw, 683px\" \/>\t\t\t\t\t\t\t\t\t\t\t\t\t\t\t<\/div>\n\t\t\t\t<\/div>\n\t\t\t\t\t<\/div>\n\t\t\t\t<\/div>\n\t\t<div class=\"elementor-element elementor-element-iwgw-sila-s0 e-flex e-con-boxed e-con e-parent\" data-id=\"iwgw-sila-s0\" data-element_type=\"container\" data-e-type=\"container\">\n\t\t\t\t\t<div class=\"e-con-inner\">\n\t\t\t\t<div class=\"elementor-element elementor-element-iwgw-sila-s0h elementor-widget elementor-widget-heading\" data-id=\"iwgw-sila-s0h\" data-element_type=\"widget\" data-e-type=\"widget\" data-widget_type=\"heading.default\">\n\t\t\t\t\t<h2 class=\"elementor-heading-title elementor-size-default\">Za\u0159azen\u00ed a stru\u010dn\u00fd profil<\/h2>\t\t\t\t<\/div>\n\t\t<div class=\"elementor-element elementor-element-iwgw-sila-s0c e-con-full e-flex e-con e-child\" data-id=\"iwgw-sila-s0c\" data-element_type=\"container\" data-e-type=\"container\">\n\t\t\t\t<div class=\"elementor-element elementor-element-iwgw-sila-s0t elementor-widget elementor-widget-text-editor\" data-id=\"iwgw-sila-s0t\" data-element_type=\"widget\" data-e-type=\"widget\" data-widget_type=\"text-editor.default\">\n\t\t\t\t\t\t\t\t\t<p>Sila pat\u0159\u00ed v religionistick\u00e9 klasifikaci mezi vz\u00e1cn\u00e9 pojmy, kter\u00e9 ozna\u010duj\u00ed z\u00e1rove\u0148 kosmologick\u00fd, meteorologick\u00fd a epistemick\u00fd princip. Knud Rasmussen, kter\u00fd tento pojem odhalil ve sv\u00fdch z\u00e1pisc\u00edch z 5. Thulsk\u00e9 expedice jako n\u00e1bo\u017eensk\u00fd kl\u00ed\u010d centr\u00e1ln\u011b arktick\u00fdch Inuit\u016f, jej p\u0159elo\u017eil jako sv\u011btov\u00fd rozum, jin\u00ed auto\u0159i jako Daniel Merkur a Fr\u00e9d\u00e9ric Laugrand mluv\u00ed o sv\u011btov\u00e9m dechu.<\/p><p>Tato \u0161\u00ed\u0159e p\u0159eklad\u016f nen\u00ed v\u00fdrazem neur\u010ditosti, n\u00fdbr\u017e odpov\u00edd\u00e1 s\u00e9mantick\u00e9 hloubce samotn\u00e9ho slova, kter\u00e9 nem\u00e1 v z\u00e1padn\u00edm slovn\u00edku p\u0159\u00edm\u00fd ekvivalent.<\/p><p>Sila na rozd\u00edl od <a href=\"https:\/\/iwell-guard.com\/cs\/?page_id=145526\">Sedny<\/a> nen\u00ed zasazena do narativn\u00edho \u017eivotopisu. Sila nem\u00e1 \u010dl\u00e1nky prst\u016f, \u017e\u00e1dn\u00fd \u010dlun, \u017e\u00e1dn\u00e9ho otce, \u017e\u00e1dn\u00e9 snoubence. Sila je nevidatelnou, v\u0161e prostupuj\u00edc\u00ed podm\u00ednkou, v n\u00ed\u017e se zv\u00ed\u0159ata a lid\u00e9 pohybuj\u00ed.<\/p><p>Pr\u00e1v\u011b proto plat\u00ed po\u010das\u00ed u Inuit\u016f za projev promy\u0161len\u00e9, pozoruj\u00edc\u00ed, n\u011bkdy trestaj\u00edc\u00ed instance. Zprost\u0159edkov\u00e1n\u00ed mezi \u010dlov\u011bkem a sv\u011btem se d\u011bje prost\u0159ednictv\u00edm dechu samotn\u00e9ho sv\u011bta, ani\u017e by musel b\u00fdt zastoupen n\u011bjak\u00fd b\u016fh.<\/p><p>Toto dvojit\u00e9 ur\u010den\u00ed jako po\u010das\u00ed a jako rozum \u010din\u00ed ze Sily mostn\u00ed pojem mezi vn\u00edm\u00e1n\u00edm p\u0159\u00edrody a n\u00e1bo\u017eenskou reflex\u00ed. Dne\u0161n\u00ed debata o klimatu tento pojem p\u0159evzala: Kdy\u017e inuit\u0161t\u00ed star\u0161\u00ed \u0159\u00edkaj\u00ed, \u017ee se Sila zm\u011bnila, znamen\u00e1 to mnohem v\u00edce ne\u017e po\u010das\u00ed, toti\u017e sv\u011btov\u00fd \u0159\u00e1d v krizi.<\/p><p>Tato aktu\u00e1lnost d\u011bl\u00e1 ze Sily mo\u017en\u00e1 nej\u017eiv\u011bj\u0161\u00ed pojem inuitsk\u00e9 n\u00e1bo\u017eensk\u00e9 historie a odli\u0161uje jej od \u010dist\u011b historick\u00fdch koncept\u016f jin\u00fdch n\u00e1bo\u017eenstv\u00ed.<\/p>\t\t\t\t\t\t\t\t<\/div>\n\t\t\t\t<\/div>\n\t\t\t\t\t<\/div>\n\t\t\t\t<\/div>\n\t\t<div class=\"elementor-element elementor-element-iwgw-sila-s1 e-flex e-con-boxed e-con e-parent\" data-id=\"iwgw-sila-s1\" data-element_type=\"container\" data-e-type=\"container\">\n\t\t\t\t\t<div class=\"e-con-inner\">\n\t\t\t\t<div class=\"elementor-element elementor-element-iwgw-sila-s1h elementor-widget elementor-widget-heading\" data-id=\"iwgw-sila-s1h\" data-element_type=\"widget\" data-e-type=\"widget\" data-widget_type=\"heading.default\">\n\t\t\t\t\t<h2 class=\"elementor-heading-title elementor-size-default\">Etymologie a jazykov\u00e1 vrstevnatost<\/h2>\t\t\t\t<\/div>\n\t\t<div class=\"elementor-element elementor-element-iwgw-sila-s1c e-con-full e-flex e-con e-child\" data-id=\"iwgw-sila-s1c\" data-element_type=\"container\" data-e-type=\"container\">\n\t\t\t\t<div class=\"elementor-element elementor-element-iwgw-sila-s1t elementor-widget elementor-widget-text-editor\" data-id=\"iwgw-sila-s1t\" data-element_type=\"widget\" data-e-type=\"widget\" data-widget_type=\"text-editor.default\">\n\t\t\t\t\t\t\t\t\t<p>Slovo <em>sila<\/em> je v cel\u00e9m inuitsk\u00e9m jazykov\u00e9m prostoru od \u010cukotky a\u017e po Gr\u00f3nsko dolo\u017eeno v t\u00e9m\u011b\u0159 toto\u017en\u00e9 form\u011b, co\u017e ukazuje na velkou hloubku t\u00e9to p\u0159edstavy. V\u00fdznamy zahrnuj\u00ed: po\u010das\u00ed venku, vn\u011bj\u0161\u00ed sv\u011bt, obloha, rozum, moudrost, chytrost, spr\u00e1vn\u00e9 posouzen\u00ed situace.<\/p><p>Od toho je odvozeno slovo <em>silatujuq<\/em>, kter\u00e9 ozna\u010duje chytr\u00e9ho, mudrce, doslova toho, kdo m\u00e1 Silu. Toto slovotvorn\u00e9 odvozen\u00ed je religionistickofenomenologicky z\u00e1sadn\u00ed, proto\u017ee ukazuje, \u017ee chytrost je zde ch\u00e1p\u00e1na p\u0159edev\u0161\u00edm jako vlastnictv\u00ed Sily, m\u00e9n\u011b jako kognitivn\u00ed v\u00fdkon.<\/p><p>\u017de tento ko\u0159en nese jak meteorologick\u00fd, tak intelektu\u00e1ln\u00ed v\u00fdznam, nen n\u00e1hodn\u00e9 z hlediska jazykov\u00e9 historie. V\u011bdecky se v tom spat\u0159uje domorod\u00e1 teorie pozn\u00e1n\u00ed, v n\u00ed\u017e spr\u00e1vn\u00e9 posouzen\u00ed okoln\u00edho sv\u011bta a spr\u00e1vn\u00e9 my\u0161len\u00ed tvo\u0159\u00ed jednotu.<\/p><p>Kdo neum\u00ed \u010d\u00edst po\u010das\u00ed, nen\u00ed chytr\u00fd, a naopak: kdo nen\u00ed chytr\u00fd, p\u0159ehl\u00ed\u017e\u00ed znamen\u00ed po\u010das\u00ed. Toto propleten\u00ed je religionisticko-fenomenologicky samostatn\u00fdm jevem bez p\u0159\u00edm\u00e9 paralely v evropsk\u00fdch jazyc\u00edch.<\/p><p>V n\u00e1bo\u017eensk\u00e9m jazyce se nav\u00edc vyskytuje slo\u017een\u00e9 v\u00fdraz <em>sila inua<\/em>, doslova osoba Sily nebo mu\u017e po\u010das\u00ed. Ten ozna\u010duje kvazi-person\u00e1ln\u00ed instanci, kterou lze v \u0161amansk\u00e9m diskurzu oslovit, ani\u017e by t\u00edm vznikla pln\u011b vypracovan\u00e1 bo\u017esk\u00e1 postava.<\/p><p>Toto vzn\u00e1\u0161en\u00ed se mezi principem a osobou je v\u011bdecky obzvl\u00e1\u0161t\u011b zaj\u00edmav\u00e9 a odpov\u00edd\u00e1 druhu mod\u00e1ln\u00ed <span class=\"iwg-fachbegriff\" data-tooltip=\"V\u011bdeck\u00e1 nauka o Bohu a v\u00ed\u0159e n\u00e1bo\u017eenstv\u00ed.\" tabindex=\"0\">teologie<\/span>: Sila je oslovov\u00e1na v\u00edce \u010di m\u00e9n\u011b personifikovan\u011b podle kontextu.<\/p>\t\t\t\t\t\t\t\t<\/div>\n\t\t\t\t<\/div>\n\t\t\t\t\t<\/div>\n\t\t\t\t<\/div>\n\t\t<div class=\"elementor-element elementor-element-iwgw-sila-s2 e-flex e-con-boxed e-con e-parent\" data-id=\"iwgw-sila-s2\" data-element_type=\"container\" data-e-type=\"container\">\n\t\t\t\t\t<div class=\"e-con-inner\">\n\t\t\t\t<div class=\"elementor-element elementor-element-iwgw-sila-s2h elementor-widget elementor-widget-heading\" data-id=\"iwgw-sila-s2h\" data-element_type=\"widget\" data-e-type=\"widget\" data-widget_type=\"heading.default\">\n\t\t\t\t\t<h2 class=\"elementor-heading-title elementor-size-default\">Popis v etnografick\u00fdch pramenech<\/h2>\t\t\t\t<\/div>\n\t\t<div class=\"elementor-element elementor-element-iwgw-sila-s2c e-con-full e-flex e-con e-child\" data-id=\"iwgw-sila-s2c\" data-element_type=\"container\" data-e-type=\"container\">\n\t\t\t\t<div class=\"elementor-element elementor-element-iwgw-sila-s2t elementor-widget elementor-widget-text-editor\" data-id=\"iwgw-sila-s2t\" data-element_type=\"widget\" data-e-type=\"widget\" data-widget_type=\"text-editor.default\">\n\t\t\t\t\t\t\t\t\t<p>Nejstar\u0161\u00ed a nejpodrobn\u011bj\u0161\u00ed popisy Sily poch\u00e1zej\u00ed z Rasmussenov\u00fdch rozhovor\u016f s iglulick\u00fdmi \u0161amany Auou, Ivaluardjukem a Kibkarjukem ve 20. letech 20. stolet\u00ed.<\/p><p>Aua vysv\u011btlil Rasmussenovi, \u017ee Sila je s\u00edla, jej\u00ed\u017e hlas je tak tich\u00fd, \u017ee jej sly\u0161\u00ed jen d\u011bti, a jej\u00ed\u017e zpr\u00e1va, kdy\u017e se ozve, se m\u016f\u017ee prom\u011bnit v bou\u0159i, sn\u011bhovou v\u00e1nici a hlad. Tento v\u00fdrok se stal ve v\u011bdeck\u00e9m standardn\u00edm reperto\u00e1ru k arktick\u00e9mu n\u00e1bo\u017eenstv\u00ed klasick\u00fdm m\u00edstem.<\/p><p>Sila tak byla v ka\u017ed\u00e9m ohledu z\u00e1rove\u0148 obklopuj\u00edc\u00edm po\u010das\u00edm i bd\u011blou instanc\u00ed, kter\u00e1 registruje lidsk\u00e9 jedn\u00e1n\u00ed. Jin\u00fd iglulick\u00fd <span class=\"iwg-fachbegriff\" data-tooltip=\"N\u00e1bo\u017eensk\u00fd specialista, jemu\u017e je p\u0159ipisov\u00e1no zprost\u0159edkov\u00e1n\u00ed mezi lidmi a sv\u011btem duch\u016f.\" tabindex=\"0\">\u0161aman<\/span> \u0159ekl: Mrtv\u00ed, slunce i m\u011bs\u00edc, ti v\u0161ichni pat\u0159\u00ed k Sile, nebo\u0165 v\u0161e, co se stalo, je Sila.<\/p><p>Z toho Merkur vyvozuje, \u017ee Sila je v iglulick\u00e9 <span class=\"iwg-fachbegriff\" data-tooltip=\"V\u011bdeck\u00e1 nauka o Bohu a v\u00ed\u0159e n\u00e1bo\u017eenstv\u00ed.\" tabindex=\"0\">teologii<\/span> druhem monistick\u00e9ho pozad\u00ed principu, kter\u00fd obsahuje osobn\u00ed bo\u017estva, ani\u017e by je pohlcoval. Tato interpretace je v\u011bdecky sporn\u00e1, ale z\u00edskala v n\u00e1sleduj\u00edc\u00edm v\u00fdzkumu zna\u010dn\u00fd vliv.<\/p><p>V Gr\u00f3nsku p\u0159ed\u00e1v\u00e1 Hinrich Rink pojem ve form\u011b <em>silap inua<\/em>, v centr\u00e1ln\u00ed kanadsk\u00e9 tund\u0159e <em>sila<\/em>, u Mackenziesk\u00fdch Inuit\u016f \u010d\u00e1ste\u010dn\u011b <em>hila<\/em>. I p\u0159es dialekt\u00e1ln\u00ed variace je n\u00e1bo\u017eensk\u00e1 funkce trvale stejn\u00e1.<\/p><p>Stabilita tohoto pojmu na vzd\u00e1lenost tis\u00edc\u016f kilometr\u016f je v\u011bdecky pozoruhodn\u00e1 a ukazuje na velmi starou koncep\u010dn\u00ed vrstvu, kter\u00e1 pravd\u011bpodobn\u011b sah\u00e1 a\u017e do proto-eskimo-aleutsk\u00e9ho jazykov\u00e9ho stupn\u011b a mohla by tak b\u00fdt star\u00e1 n\u011bkolik tis\u00edcilet\u00ed.<\/p>\t\t\t\t\t\t\t\t<\/div>\n\t\t\t\t<\/div>\n\t\t\t\t\t<\/div>\n\t\t\t\t<\/div>\n\t\t<div class=\"elementor-element elementor-element-iwgw-sila-s3 e-flex e-con-boxed e-con e-parent\" data-id=\"iwgw-sila-s3\" data-element_type=\"container\" data-e-type=\"container\">\n\t\t\t\t\t<div class=\"e-con-inner\">\n\t\t\t\t<div class=\"elementor-element elementor-element-iwgw-sila-s3h elementor-widget elementor-widget-heading\" data-id=\"iwgw-sila-s3h\" data-element_type=\"widget\" data-e-type=\"widget\" data-widget_type=\"heading.default\">\n\t\t\t\t\t<h2 class=\"elementor-heading-title elementor-size-default\">Sila jako po\u010das\u00ed a kosmologick\u00fd princip<\/h2>\t\t\t\t<\/div>\n\t\t<div class=\"elementor-element elementor-element-iwgw-sila-s3c e-con-full e-flex e-con e-child\" data-id=\"iwgw-sila-s3c\" data-element_type=\"container\" data-e-type=\"container\">\n\t\t\t\t<div class=\"elementor-element elementor-element-iwgw-sila-s3t elementor-widget elementor-widget-text-editor\" data-id=\"iwgw-sila-s3t\" data-element_type=\"widget\" data-e-type=\"widget\" data-widget_type=\"text-editor.default\">\n\t\t\t\t\t\t\t\t\t<p>V arktick\u00e9m ka\u017edodenn\u00edm \u017eivot\u011b rozhoduje Sila jako po\u010das\u00ed o \u017eivot\u011b a smrti. N\u00e1hl\u00e1 whiteoutov\u00e1 bou\u0159e, blizardy, rozlamov\u00e1n\u00ed mo\u0159sk\u00e9ho ledu jsou ch\u00e1p\u00e1ny jako projev instance reaguj\u00edc\u00ed na lidsk\u00e9 jedn\u00e1n\u00ed, nikoli jako n\u00e1hodn\u00e9 p\u0159\u00edrodn\u00ed jevy.<\/p><p>Z v\u011bdeck\u00e9ho hlediska se nejedn\u00e1 o <span class=\"iwg-fachbegriff\" data-tooltip=\"P\u0159edstava, podle n\u00ed\u017e maj\u00ed du\u0161i i zv\u00ed\u0159ata, rostliny a v\u011bci.\" tabindex=\"0\">animismus<\/span> v klasick\u00e9m smyslu, n\u00fdbr\u017e o ekologickou <span class=\"iwg-fachbegriff\" data-tooltip=\"V\u011bdeck\u00e1 nauka o Bohu a o v\u00ed\u0159e ur\u010dit\u00e9ho n\u00e1bo\u017eenstv\u00ed.\" tabindex=\"0\">teologii<\/span>, v n\u00ed\u017e je po\u010das\u00ed ch\u00e1p\u00e1no jako osobovit\u011b osloviteln\u00e1 veli\u010dina. Tento rozd\u00edl oproti <span class=\"iwg-fachbegriff\" data-tooltip=\"P\u0159edstava, podle n\u00ed\u017e maj\u00ed du\u0161i i zv\u00ed\u0159ata, rostliny a v\u011bci.\" tabindex=\"0\">animismu<\/span> star\u0161\u00edch v\u00fdzkumn\u00fdch definic je analyticky d\u016fle\u017eit\u00fd.<\/p><p>Kosmologicky je Sila v n\u011bkter\u00fdch v\u00fdpov\u011bd\u00edch Iglul\u00edk\u016f popisov\u00e1na jako b\u00fdval\u00fd obr, kter\u00fd byl po sv\u00e9 smrti rozprost\u0159en po cel\u00e9m sv\u011bt\u011b a jeho\u017e dech nyn\u00ed h\u00fdbe v\u011btrem.<\/p><p>Jin\u00e1 vypr\u00e1v\u011bn\u00ed znaj\u00ed Silu pouze jako okoln\u00ed element, bez genealogick\u00e9ho p\u0159\u00edb\u011bhu. Tato variace nen\u00ed z v\u011bdeck\u00e9ho hlediska rozporem, ale odrazem skute\u010dnosti, \u017ee inuitsk\u00e9 n\u00e1bo\u017eenstv\u00ed nen\u00ed dogmatick\u00fdm syst\u00e9mem, n\u00fdbr\u017e \u017eije v \u00fastn\u00ed tradici a konfiguruje se v z\u00e1vislosti na kontextu.<\/p><p>D\u016fle\u017eit\u00e9 je propojen\u00ed s dal\u0161\u00edmi instancemi. Sila stoj\u00ed vedle <a href=\"https:\/\/iwell-guard.com\/cs\/?page_id=145526\">Sedny<\/a> jako pan\u00ed mo\u0159sk\u00fdch zv\u00ed\u0159at, vedle <a href=\"https:\/\/iwell-guard.com\/cs\/?page_id=145533\">Igaluka<\/a>, m\u011bs\u00edce, a vedle <a href=\"https:\/\/iwell-guard.com\/cs\/?page_id=145531\">Pingy<\/a>, kter\u00e1 bd\u00ed nad zv\u00ed\u0159aty na sou\u0161i.<\/p><p>Moc je rozd\u011blen\u00e1, Sila tvo\u0159\u00ed v\u0161eobj\u00edmaj\u00edc\u00ed r\u00e1mec. Toto rozd\u011blen\u00ed je z hlediska fenomenologie n\u00e1bo\u017eenstv\u00ed samostatn\u00fdm vzorcem a \u010din\u00ed z inuitsk\u00e9ho n\u00e1bo\u017eenstv\u00ed vztahovou teologii m\u00edsto hierarchie. Sv\u011bt boh\u016f je organizov\u00e1n s\u00ed\u0165ovit\u011b, o pyramid\u00e1ln\u00edm uspo\u0159\u00e1d\u00e1n\u00ed nem\u016f\u017ee b\u00fdt \u0159e\u010d.<\/p>\t\t\t\t\t\t\t\t<\/div>\n\t\t\t\t<\/div>\n\t\t\t\t\t<\/div>\n\t\t\t\t<\/div>\n\t\t<div class=\"elementor-element elementor-element-iwgw-sila-s4 e-flex e-con-boxed e-con e-parent\" data-id=\"iwgw-sila-s4\" data-element_type=\"container\" data-e-type=\"container\">\n\t\t\t\t\t<div class=\"e-con-inner\">\n\t\t\t\t<div class=\"elementor-element elementor-element-iwgw-sila-s4h elementor-widget elementor-widget-heading\" data-id=\"iwgw-sila-s4h\" data-element_type=\"widget\" data-e-type=\"widget\" data-widget_type=\"heading.default\">\n\t\t\t\t\t<h2 class=\"elementor-heading-title elementor-size-default\">Sila jako rozum a etick\u00e1 instance<\/h2>\t\t\t\t<\/div>\n\t\t<div class=\"elementor-element elementor-element-iwgw-sila-s4c e-con-full e-flex e-con e-child\" data-id=\"iwgw-sila-s4c\" data-element_type=\"container\" data-e-type=\"container\">\n\t\t\t\t<div class=\"elementor-element elementor-element-iwgw-sila-s4t elementor-widget elementor-widget-text-editor\" data-id=\"iwgw-sila-s4t\" data-element_type=\"widget\" data-e-type=\"widget\" data-widget_type=\"text-editor.default\">\n\t\t\t\t\t\t\t\t\t<p>S\u00e9mantick\u00e1 dvojzna\u010dnost d\u011bl\u00e1 ze Sily etickou veli\u010dinu. Kdo poru\u0161\u00ed <em>pittailiniq<\/em>, tabu, p\u0159ijde o zv\u00ed\u0159ata a nav\u00edc tak\u00e9 o svou Silu, tedy zblbne, \u0161patn\u011b odhadne po\u010das\u00ed, ztrat\u00ed se, umrzne.<\/p><p>Chyba rozumu a nehoda zp\u016fsoben\u00e1 po\u010das\u00edm jsou tak dv\u011bma projevy t\u00e9ho\u017e poru\u0161en\u00ed sv\u011btov\u00e9ho \u0159\u00e1du. Toto propojen\u00ed je z v\u011bdeck\u00e9ho hlediska hluboce v\u00fdznamn\u00e9, proto\u017ee ukazuje, \u017ee inuitsk\u00e1 etika funguje na z\u00e1klad\u011b kategori\u00ed rozumnosti, nikoli kategori\u00ed viny.<\/p><p>U Iglul\u00edk\u016f zaznamenal Rasmussen pojem, kter\u00fd popisuje jako inuitsk\u00fd stoicismus: spr\u00e1vn\u00fd postoj v bou\u0159i je trp\u011bliv\u00e9, jasn\u00e9, sile odpov\u00eddaj\u00edc\u00ed vytrv\u00e1n\u00ed, nikoli zoufal\u00e9 br\u00e1n\u011bn\u00ed se.<\/p><p>Kdo proch\u00e1z\u00ed po\u010das\u00edm, ani\u017e by ztratil svou Silu, neumrzne. Discipl\u00edna zvl\u00e1dat afekty je z n\u00e1bo\u017eensk\u00e9ho hlediska formou oddanosti Sile. Tato kontrola afekt\u016f z\u00edskala v etnopsychologick\u00e9m v\u00fdzkumu zna\u010dn\u00fd prostor pro diskuzi.<\/p><p>Toto spojen\u00ed mezi po\u010das\u00edm, rozumem a etickou sebediscipl\u00ednou z\u00edskalo v religionistick\u00e9 filosofii druh\u00e9 poloviny 20. stolet\u00ed zna\u010dnou pozornost, nap\u0159\u00edklad v prac\u00edch Merkura a v diskuzi o arktick\u00e9 <span class=\"iwg-fachbegriff\" data-tooltip=\"Net\u011blesn\u00e1 bytost, j\u00ed\u017e je p\u0159ipisov\u00e1no p\u016fsoben\u00ed ve sv\u011bt\u011b.\" tabindex=\"0\">duchovn\u00ed<\/span> ekologii u Tima Ingolda.<\/p><p>Struktur\u00e1ln\u00ed bl\u00edzkost k antick\u00fdm stoick\u00fdm etik\u00e1m je n\u00e1padn\u00e1, nem\u011bla by v\u0161ak v\u00e9st k p\u0159ed\u010dasn\u00e9 identifikaci, proto\u017ee kulturn\u011b-historick\u00e9 kontexty jsou odli\u0161n\u00e9 a inuitsk\u00e1 etika vze\u0161la z jin\u00e9 historick\u00e9 situace.<\/p>\t\t\t\t\t\t\t\t<\/div>\n\t\t\t\t<\/div>\n\t\t\t\t\t<\/div>\n\t\t\t\t<\/div>\n\t\t<div class=\"elementor-element elementor-element-iwgw-sila-s5 e-flex e-con-boxed e-con e-parent\" data-id=\"iwgw-sila-s5\" data-element_type=\"container\" data-e-type=\"container\">\n\t\t\t\t\t<div class=\"e-con-inner\">\n\t\t\t\t<div class=\"elementor-element elementor-element-iwgw-sila-s5h elementor-widget elementor-widget-heading\" data-id=\"iwgw-sila-s5h\" data-element_type=\"widget\" data-e-type=\"widget\" data-widget_type=\"heading.default\">\n\t\t\t\t\t<h2 class=\"elementor-heading-title elementor-size-default\">\u0160amansk\u00e1 praxe a ritu\u00e1l po\u010das\u00ed<\/h2>\t\t\t\t<\/div>\n\t\t<div class=\"elementor-element elementor-element-iwgw-sila-s5c e-con-full e-flex e-con e-child\" data-id=\"iwgw-sila-s5c\" data-element_type=\"container\" data-e-type=\"container\">\n\t\t\t\t<div class=\"elementor-element elementor-element-iwgw-sila-s5t elementor-widget elementor-widget-text-editor\" data-id=\"iwgw-sila-s5t\" data-element_type=\"widget\" data-e-type=\"widget\" data-widget_type=\"text-editor.default\">\n\t\t\t\t\t\t\t\t\t<p>Angakkuit, \u0161amani, m\u011bli vedle cesty k Sedn\u011b je\u0161t\u011b druh\u00fd, m\u00e9n\u011b dramatick\u00fd, ale v ka\u017edodenn\u00edm \u017eivot\u011b bli\u017e\u0161\u00ed \u00fakol: uklidnit nebo pohnout po\u010das\u00edm. Tato praxe byla adresov\u00e1na Sile.<\/p><p><span class=\"iwg-fachbegriff\" data-tooltip=\"N\u00e1bo\u017eensk\u00fd specialista, jemu\u017e je p\u0159ipisov\u00e1no zprost\u0159edkov\u00e1n\u00ed mezi lidmi a sv\u011btem duch\u016f.\" tabindex=\"0\">\u0160aman<\/span> mohl p\u0159i hroz\u00edc\u00ed bou\u0159i upadnout do transu a vz\u00fdvat Silu, n\u011bkdy zadr\u017een\u00edm dechu, jindy m\u00e1chnut\u00edm do vzduchu bi\u010dem z tulen\u00ed k\u016f\u017ee. Tyto praktiky jsou dokumentov\u00e1ny m\u00e9n\u011b dramaticky ne\u017e cesty k Sedn\u011b, ale v ka\u017edodenn\u00ed n\u00e1bo\u017eensk\u00e9 praxi byly stejn\u011b d\u016fle\u017eit\u00e9.<\/p><p>Jin\u00e9 praktiky spo\u010d\u00edvaly v kreslen\u00ed mal\u00fdch obr\u00e1zk\u016f nebo v p\u0159edn\u00e1\u0161en\u00ed star\u00fdch slov, kter\u00e1 byla pova\u017eov\u00e1na za podoby Sily. D\u016fle\u017eit\u00fd byl postoj: Silu se neprosilo, k Sile se pouze spr\u00e1vn\u011b nastavovalo.<\/p><p>Rozd\u00edl oproti magicko-instrument\u00e1ln\u00edmu <span class=\"iwg-fachbegriff\" data-tooltip=\"Jazykov\u00fd ritu\u00e1l, kter\u00fd m\u00e1 p\u0159ivolat nebo spoutat moc.\" tabindex=\"0\">za\u0159\u00edk\u00e1v\u00e1n\u00ed<\/span> je z v\u011bdeck\u00e9ho hlediska rozhoduj\u00edc\u00ed a odli\u0161uje inuitskou praxi od p\u0159\u00edbuzn\u00fdch sibi\u0159sk\u00fdch tradic, v nich\u017e bylo za\u0159\u00edk\u00e1v\u00e1n\u00ed po\u010das\u00ed \u010dasto konkr\u00e9tn\u011bj\u0161\u00ed a manipulativn\u011bj\u0161\u00ed.<\/p><p><span class=\"iwg-fachbegriff\" data-tooltip=\"Odvracej\u00edc\u00ed ne\u0161t\u011bst\u00ed: o znamen\u00edch a p\u0159edm\u011btech, kter\u00e9 maj\u00ed odvr\u00e1tit \u0161kodliv\u00e9 vlivy.\" tabindex=\"0\">Apotropaicky<\/span> pracovali Inuit\u00e9 nav\u00edc s jazykem. Ur\u010dit\u00e1 slova v\u016f\u010di Sile byla tabu, jin\u00e1 musela b\u00fdt vyslovena. Kdo napom\u00ednal d\u00edt\u011b, nemluvil na n\u011bj p\u0159\u00edli\u0161 tvrd\u011b, proto\u017ee Sila by to mohla zaregistrovat a po\u010das\u00ed by se pak mohlo obr\u00e1tit proti tomu, kdo napom\u00ednal.<\/p><p>Tato jemn\u00e1 konstelace ukazuje, jak byly n\u00e1bo\u017eensk\u00fd \u0159\u00e1d, v\u00fdchova a regulace po\u010das\u00ed propleteny. Z v\u011bdeck\u00e9ho hlediska jde o paradigmatick\u00fd p\u0159\u00edpad v\u0161udyp\u0159\u00edtomn\u00e9 religiozity, kter\u00e1 se neomezuje na ritu\u00e1ln\u00ed ostr\u016fvky.<\/p>\t\t\t\t\t\t\t\t<\/div>\n\t\t\t\t<\/div>\n\t\t\t\t\t<\/div>\n\t\t\t\t<\/div>\n\t\t<div class=\"elementor-element elementor-element-iwgw-sila-s6 e-flex e-con-boxed e-con e-parent\" data-id=\"iwgw-sila-s6\" data-element_type=\"container\" data-e-type=\"container\">\n\t\t\t\t\t<div class=\"e-con-inner\">\n\t\t\t\t<div class=\"elementor-element elementor-element-iwgw-sila-s6h elementor-widget elementor-widget-heading\" data-id=\"iwgw-sila-s6h\" data-element_type=\"widget\" data-e-type=\"widget\" data-widget_type=\"heading.default\">\n\t\t\t\t\t<h2 class=\"elementor-heading-title elementor-size-default\">Sila ve srovn\u00e1n\u00ed s jin\u00fdmi koncepty po\u010das\u00ed<\/h2>\t\t\t\t<\/div>\n\t\t<div class=\"elementor-element elementor-element-iwgw-sila-s6c e-con-full e-flex e-con e-child\" data-id=\"iwgw-sila-s6c\" data-element_type=\"container\" data-e-type=\"container\">\n\t\t\t\t<div class=\"elementor-element elementor-element-iwgw-sila-s6t elementor-widget elementor-widget-text-editor\" data-id=\"iwgw-sila-s6t\" data-element_type=\"widget\" data-e-type=\"widget\" data-widget_type=\"text-editor.default\">\n\t\t\t\t\t\t\t\t\t<p>Z v\u011bdeck\u00e9ho hlediska je Sila zvl\u00e1\u0161tn\u00ed t\u00edm, \u017ee ji nelze srovn\u00e1vat ani s mediter\u00e1nn\u00edm typem Zeus, ani s indoevropsk\u00fdm modelem hromovl\u00e1dce. Bl\u00ed\u017ee je p\u0159\u00edbuzn\u00e1 \u010d\u00ednsk\u00e9mu <em><span class=\"iwg-fachbegriff\" data-tooltip=\"V \u010d\u00ednsk\u00e9m pojet\u00ed \u017eivotn\u00ed s\u00edla, kter\u00e1 v\u0161e prostupuje.\" tabindex=\"0\">qi<\/span><\/em>, stoick\u00e9mu <em>pneumatu<\/em> a polyn\u00e9sk\u00e9mu <em>mana<\/em>, p\u0159itom je v\u0161ak specificky ukotvena v arktick\u00e9 z\u00e1vislosti loveck\u00e9 spole\u010dnosti na po\u010das\u00ed. Tato srovnatelnost je n\u00e1bo\u017eensko-fenomenologicky produktivn\u00ed, nem\u011bla by v\u0161ak v\u00e9st k p\u0159ed\u010dasn\u00fdm univerzalistick\u00fdm konstrukc\u00edm.<\/p><p>V r\u00e1mci cirkumpol\u00e1rn\u00ed oblasti se nejz\u0159eteln\u011bj\u0161\u00ed paralela ukazuje k s\u00e1msk\u00e9 p\u0159edstav\u011b <em>Ilmaris<\/em> nebo k n\u011bneck\u00e9mu <em>Numovi<\/em>, kter\u00fd tak\u00e9 ch\u00e1pe po\u010das\u00ed a nebe jako monistick\u00fd princip.<\/p><p>I zde je personifikace slab\u00e1, zat\u00edmco dosah pojmu je zna\u010dn\u00fd. Tato shoda nazna\u010duje starou cirkumpol\u00e1rn\u00ed vrstvu n\u00e1bo\u017eensk\u00e9 pojmotvorby, jej\u00ed\u017e p\u0159esn\u00e9 d\u011bjiny je\u0161t\u011b nebyly zpracov\u00e1ny.<\/p><p>Most k evropsk\u00e9 filozofii p\u0159\u00edrody byl vytvo\u0159en opakovan\u011b. Hugh Brody a Tim Ingold argumentovali, \u017ee Silu lze \u010d\u00edst jako domorodou variantu \u0161irok\u00e9ho pojmu atmosf\u00e9ri\u010dna, kter\u00fd se v z\u00e1padn\u00ed fenomenologii objevuje nap\u0159\u00edklad u Hermanna Schmitze nebo Gernota B\u00f6hmeho.<\/p><p>N\u00e1bo\u017eensk\u00e1 hloubka Sily v\u0161ak p\u0159esahuje jakoukoli z\u00e1padn\u00ed filozofii atmosf\u00e9ry, proto\u017ee je relevantn\u00ed nejen popisn\u011b, ale i pro jedn\u00e1n\u00ed.<\/p>\t\t\t\t\t\t\t\t<\/div>\n\t\t\t\t<\/div>\n\t\t\t\t\t<\/div>\n\t\t\t\t<\/div>\n\t\t<div class=\"elementor-element elementor-element-iwgw-sila-s7 e-flex e-con-boxed e-con e-parent\" data-id=\"iwgw-sila-s7\" data-element_type=\"container\" data-e-type=\"container\">\n\t\t\t\t\t<div class=\"e-con-inner\">\n\t\t\t\t<div class=\"elementor-element elementor-element-iwgw-sila-s7h elementor-widget elementor-widget-heading\" data-id=\"iwgw-sila-s7h\" data-element_type=\"widget\" data-e-type=\"widget\" data-widget_type=\"heading.default\">\n\t\t\t\t\t<h2 class=\"elementor-heading-title elementor-size-default\">Sila a klimatick\u00e1 zm\u011bna<\/h2>\t\t\t\t<\/div>\n\t\t<div class=\"elementor-element elementor-element-iwgw-sila-s7c e-con-full e-flex e-con e-child\" data-id=\"iwgw-sila-s7c\" data-element_type=\"container\" data-e-type=\"container\">\n\t\t\t\t<div class=\"elementor-element elementor-element-iwgw-sila-s7t elementor-widget elementor-widget-text-editor\" data-id=\"iwgw-sila-s7t\" data-element_type=\"widget\" data-e-type=\"widget\" data-widget_type=\"text-editor.default\">\n\t\t\t\t\t\t\t\t\t<p>Od 90. let 20. stolet\u00ed se Sila stala kl\u00ed\u010dov\u00fdm pojmem inuitsk\u00e9ho diskurzu o klimatu. Inuit\u0161t\u00ed star\u0161\u00ed, nap\u0159\u00edklad ve zpr\u00e1v\u00e1ch organizac\u00ed Inuit Tapiriit Kanatami a Inuit Circumpolar Council, popisuj\u00ed klimatickou zm\u011bnu p\u0159edev\u0161\u00edm jako ztr\u00e1tu p\u0159edv\u00eddatelnosti Sily, m\u00e9n\u011b jako n\u00e1r\u016fst teploty. Po\u010das\u00ed se st\u00e1v\u00e1 nep\u0159edv\u00eddateln\u00fdm, co\u017e z\u00e1rove\u0148 znamen\u00e1, \u017ee u\u017e neodpov\u00edd\u00e1 tradi\u010dn\u00edmu rozumu.<\/p><p>Z v\u011bdeck\u00e9ho hlediska je to zaj\u00edmav\u00e9, proto\u017ee se tradi\u010dn\u00ed n\u00e1bo\u017eensk\u00fd pojem st\u00e1v\u00e1 jazykem ekologick\u00e9 krize, ani\u017e by vedl k fundamentalistick\u00e9 restituci. V\u011bdkyn\u011b Sheila Watt-Cloutier ve sv\u00e9 knize <em>The Right to Be Cold<\/em> pou\u017eila Silu jako p\u0159ekladov\u00fd pojem pro mezin\u00e1rodn\u011bpr\u00e1vn\u00ed debatu o klimatu a uk\u00e1zala tak, jak mohou domorod\u00e9 n\u00e1bo\u017eensk\u00e9 koncepty nab\u00fdt glob\u00e1ln\u00edho politick\u00e9ho v\u00fdznamu.<\/p><p>Tato aktu\u00e1lnost dokazuje, \u017ee Sila nen\u00ed minul\u00fdm n\u00e1bo\u017eensk\u00fdm jevem, n\u00fdbr\u017e \u017eiv\u00fdm a prom\u011b\u0148uj\u00edc\u00edm se pojmem. Inuitsk\u00e1 nauka o etice po\u010das\u00ed se zde setk\u00e1v\u00e1 s glob\u00e1ln\u00edmi v\u011bdeck\u00fdmi a politick\u00fdmi diskurzy, ani\u017e by ztratila svou vlastn\u00ed hloubku.<\/p><p>Z v\u011bdeck\u00e9ho hlediska se jedn\u00e1 o paradigmatick\u00fd p\u0159\u00edpad aktivace tradi\u010dn\u00edch pojm\u016f pro sou\u010dasn\u00e9 glob\u00e1ln\u00ed diskurzy, kter\u00fd m\u00e1 metodologick\u00fd v\u00fdznam daleko p\u0159esahuj\u00edc\u00ed inuitskou tradici.<\/p>\t\t\t\t\t\t\t\t<\/div>\n\t\t\t\t<\/div>\n\t\t\t\t\t<\/div>\n\t\t\t\t<\/div>\n\t\t<div class=\"elementor-element elementor-element-iwgw-sila-s8 e-flex e-con-boxed e-con e-parent\" data-id=\"iwgw-sila-s8\" data-element_type=\"container\" data-e-type=\"container\">\n\t\t\t\t\t<div class=\"e-con-inner\">\n\t\t\t\t<div class=\"elementor-element elementor-element-iwgw-sila-s8h elementor-widget elementor-widget-heading\" data-id=\"iwgw-sila-s8h\" data-element_type=\"widget\" data-e-type=\"widget\" data-widget_type=\"heading.default\">\n\t\t\t\t\t<h2 class=\"elementor-heading-title elementor-size-default\">D\u011bjiny bad\u00e1n\u00ed a recepce<\/h2>\t\t\t\t<\/div>\n\t\t<div class=\"elementor-element elementor-element-iwgw-sila-s8c e-con-full e-flex e-con e-child\" data-id=\"iwgw-sila-s8c\" data-element_type=\"container\" data-e-type=\"container\">\n\t\t\t\t<div class=\"elementor-element elementor-element-iwgw-sila-s8t elementor-widget elementor-widget-text-editor\" data-id=\"iwgw-sila-s8t\" data-element_type=\"widget\" data-e-type=\"widget\" data-widget_type=\"text-editor.default\">\n\t\t\t\t\t\t\t\t\t<p>Bad\u00e1n\u00ed o Sile prob\u00edh\u00e1 ve t\u0159ech f\u00e1z\u00edch. Nejprve tento pojem fragment\u00e1rn\u011b zdokumentovali pol\u00e1rn\u00ed badatel\u00e9 konce 19. a po\u010d\u00e1tku 20. stolet\u00ed (Boas, Rink, Birket-Smith). Rasmussen v roce 1929 poskytl z\u00e1klad, kter\u00fd z\u016fstal po desetilet\u00ed nezpochybn\u011bn. Daniel Merkur a Mircea Eliade na n\u011bm vystav\u011bli v\u011bdeckou synt\u00e9zu, je\u017e byla <span class=\"iwg-fachbegriff\" data-tooltip=\"Pat\u0159\u00edc\u00ed k z\u00e1vazn\u011b uzn\u00e1van\u00e9mu souboru text\u016f n\u00e1bo\u017eenstv\u00ed.\" tabindex=\"0\">kanonick\u00e1<\/span> pro druhou polovinu 20. stolet\u00ed.<\/p><p>Od 90. let 20. stolet\u00ed se Fr\u00e9d\u00e9ric Laugrand a Jarich Oosten v\u011bnuj\u00ed p\u0159esn\u011bj\u0161\u00ed region\u00e1ln\u00ed diferenciaci pojmu Sila. Ukazuj\u00ed, \u017ee Iglulik, Netsilik, Baffin\u016fv ostrov a Gr\u00f3nsko rozv\u00edjej\u00ed m\u00edrn\u011b odli\u0161n\u00e9 konotace, ani\u017e by se rozpadla z\u00e1kladn\u00ed struktura.<\/p><p>\u010ctvrtou f\u00e1zi p\u0159edstavuje ekologick\u00e1 a politick\u00e1 aktualizace od 2000. let, v n\u00ed\u017e inuitsk\u00e9 autorky a auto\u0159i sami publikuj\u00ed o Sile a t\u00edm v\u00fdrazn\u011b prom\u011b\u0148uj\u00ed stav bad\u00e1n\u00ed.<\/p><p>V samotn\u00e9m inuitsk\u00e9m kulturn\u00edm prostoru pronikla Sila do \u0161koln\u00edho a vysoko\u0161kolsk\u00e9ho vzd\u011bl\u00e1v\u00e1n\u00ed. Zprost\u0159edkov\u00e1n\u00ed tohoto pojmu mlad\u0161\u00ed generaci je dnes sou\u010d\u00e1st\u00ed v\u011bdom\u00e9ho zachov\u00e1v\u00e1n\u00ed jazyka a pozn\u00e1n\u00ed, kter\u00e9 je v\u011bdecky doprov\u00e1zeno, nikoli nahrazov\u00e1no.<\/p><p>Toto zdvojen\u00ed mezi domorod\u00fdm spole\u010denstv\u00edm pozn\u00e1n\u00ed a akademick\u00fdm v\u00fdzkumem p\u0159edstavuje z n\u00e1bo\u017eensko-fenomenologick\u00e9ho hlediska samostatn\u00fd bod a p\u0159\u00edklad postkoloni\u00e1ln\u00edho p\u0159eform\u00e1tov\u00e1n\u00ed <span class=\"iwg-fachbegriff\" data-tooltip=\"V\u011bda, kter\u00e1 zkoum\u00e1 n\u00e1bo\u017eenstv\u00ed srovn\u00e1vac\u00edm zp\u016fsobem a bez vazby na v\u00edru.\" tabindex=\"0\">religionistiky<\/span>.<\/p>\t\t\t\t\t\t\t\t<\/div>\n\t\t\t\t<\/div>\n\t\t\t\t\t<\/div>\n\t\t\t\t<\/div>\n\t\t<div class=\"elementor-element elementor-element-iwgw-sila-s9 e-flex e-con-boxed e-con e-parent\" data-id=\"iwgw-sila-s9\" data-element_type=\"container\" data-e-type=\"container\">\n\t\t\t\t\t<div class=\"e-con-inner\">\n\t\t\t\t<div class=\"elementor-element elementor-element-iwgw-sila-s9h elementor-widget elementor-widget-heading\" data-id=\"iwgw-sila-s9h\" data-element_type=\"widget\" data-e-type=\"widget\" data-widget_type=\"heading.default\">\n\t\t\t\t\t<h2 class=\"elementor-heading-title elementor-size-default\">K\u0159\u00ed\u017eov\u00e9 odkazy v inuitsk\u00e9m lexikonu<\/h2>\t\t\t\t<\/div>\n\t\t<div class=\"elementor-element elementor-element-iwgw-sila-s9c e-con-full e-flex e-con e-child\" data-id=\"iwgw-sila-s9c\" data-element_type=\"container\" data-e-type=\"container\">\n\t\t\t\t<div class=\"elementor-element elementor-element-iwgw-sila-s9t elementor-widget elementor-widget-text-editor\" data-id=\"iwgw-sila-s9t\" data-element_type=\"widget\" data-e-type=\"widget\" data-widget_type=\"text-editor.default\">\n\t\t\t\t\t\t\t\t\t<p>Kdo si chce prohloubit prov\u00e1zanost Sily s dal\u0161\u00edmi instancemi, najde v lexikonu hesla k <a href=\"https:\/\/iwell-guard.com\/cs\/?page_id=145526\">Sedn\u011b<\/a>, <a href=\"https:\/\/iwell-guard.com\/cs\/?page_id=145533\">Igalukovi<\/a>, <a href=\"https:\/\/iwell-guard.com\/cs\/?page_id=145531\">Pinze<\/a>, <a href=\"https:\/\/iwell-guard.com\/cs\/?page_id=145528\">Tornarssukovi<\/a>, <a href=\"https:\/\/iwell-guard.com\/cs\/?page_id=145532\">Nanookovi<\/a>, <a href=\"https:\/\/iwell-guard.com\/cs\/?page_id=145529\">Tupilakovi<\/a>, <a href=\"https:\/\/iwell-guard.com\/cs\/?page_id=145530\">Angutovi<\/a>, <a href=\"https:\/\/iwell-guard.com\/cs\/?page_id=145534\">Malin\u011b<\/a> a <a href=\"https:\/\/iwell-guard.com\/cs\/?page_id=145535\">Qailertetangovi<\/a>. Nad\u0159azen\u011b r\u00e1muje n\u00e1bo\u017eenskou topografii centr\u00e1ln\u00ed Arktidy kulturn\u00ed centrum <a href=\"https:\/\/iwell-guard.com\/cs\/inuite-arktida-sedna-tornit-praxe\/\">Inuitsk\u00e1 tradice<\/a>.<\/p><p>Kdo chce Silu ch\u00e1pat v \u0161ir\u0161\u00edm cirkumpol\u00e1rn\u00edm srovn\u00e1n\u00ed, nalezne d\u016fle\u017eit\u00e9 paralely v <a href=\"https:\/\/iwell-guard.com\/cs\/sami-finsko-ugricka-tradice-noaidi-buben\/\">s\u00e1msk\u00fdch<\/a> pojmech po\u010das\u00ed a atmosf\u00e9ry, zejm\u00e9na v konstelaci Beaivi-Sara.<\/p>\t\t\t\t\t\t\t\t<\/div>\n\t\t\t\t<\/div>\n\t\t\t\t\t<\/div>\n\t\t\t\t<\/div>\n\t\t<div class=\"elementor-element elementor-element-cp2cd38ede e-flex e-con-boxed e-con e-parent\" data-id=\"cp2cd38ede\" data-element_type=\"container\" data-e-type=\"container\">\n\t\t\t\t\t<div class=\"e-con-inner\">\n\t\t\t\t<div class=\"elementor-element elementor-element-cp20442d65 elementor-widget elementor-widget-heading\" data-id=\"cp20442d65\" data-element_type=\"widget\" data-e-type=\"widget\" data-widget_type=\"heading.default\">\n\t\t\t\t\t<h2 class=\"elementor-heading-title elementor-size-default\">Vzduch, rozum a po\u010das\u00ed: obt\u00ed\u017enost p\u0159ekladu pojmu Sila<\/h2>\t\t\t\t<\/div>\n\t\t<div class=\"elementor-element elementor-element-cp2b5f2985 e-flex e-con-boxed e-con e-child\" data-id=\"cp2b5f2985\" data-element_type=\"container\" data-e-type=\"container\">\n\t\t\t\t\t<div class=\"e-con-inner\">\n\t\t\t\t<div class=\"elementor-element elementor-element-cp266dd50f elementor-widget elementor-widget-text-editor\" data-id=\"cp266dd50f\" data-element_type=\"widget\" data-e-type=\"widget\" data-widget_type=\"text-editor.default\">\n\t\t\t\t\t\t\t\t\t<p>Pojem <em>Sila<\/em>, dosv\u011bd\u010den\u00fd v r\u016fzn\u00fdch podob\u00e1ch jako <em>Silap Inua<\/em> nebo <em>Sila Inua<\/em>, pat\u0159\u00ed k p\u0159edstav\u00e1m inuitsk\u00fdch tradic, kter\u00e9 se zvl\u00e1\u0161\u0165 tvrdo\u0161\u00edjn\u011b vzp\u00edraj\u00ed z\u00e1padn\u00edm kategori\u00edm p\u0159ekladu. Toto slovo pokr\u00fdv\u00e1 v\u00fdznamov\u00e9 pole, kter\u00e9 je v n\u011bm\u010din\u011b rozd\u011bleno do n\u011bkolika samostatn\u00fdch pojm\u016f.<\/p><p><em>Sila<\/em> m\u016f\u017ee ozna\u010dovat vn\u011bj\u0161\u00ed sv\u011bt ve smyslu po\u010das\u00ed a klimatu, m\u016f\u017ee znamenat vzduch a nebe, a z\u00e1rove\u0148 m\u016f\u017ee ozna\u010dovat rozum, v\u011bdom\u00ed nebo uva\u017eov\u00e1n\u00ed. D\u00edt\u011b, kter\u00e9 za\u010d\u00edn\u00e1 ch\u00e1pat a jednat rozumn\u011b, lze popsat obratem, kter\u00fd obsahuje Sila.<\/p><p>Tato \u0161\u00ed\u0159e v\u00fdznamu nen\u00ed nedostatkem jazyka, n\u00fdbr\u017e v\u00fdrazem jin\u00e9ho uspo\u0159\u00e1d\u00e1n\u00ed sv\u011bta. Sila spojuje v\u0161e obs\u00e1hl\u00e9 venku s ch\u00e1p\u00e1n\u00edm uvnit\u0159. P\u0159edstava <em>Silap Inua<\/em>, tedy Inuy neboli vlastn\u00edka Sily, ch\u00e1pe toto spojen\u00ed jako personifikovanou moc.<\/p><p>Inua, \u010dasto p\u0159ekl\u00e1dan\u00e9 jako vlastn\u00edk nebo obyvatel, ozna\u010duje v inuitsk\u00fdch tradic\u00edch vnit\u0159n\u00ed osobu m\u00edsta, zv\u00ed\u0159ete nebo jevu. Silap Inua je tedy personifikovan\u00e1 vnit\u0159n\u00ed str\u00e1nka ve\u0161ker\u00e9ho okoln\u00edho \u0159\u00e1du, nikoli b\u016fh po\u010das\u00ed v evropsk\u00e9m smyslu.<\/p><p>Knud Rasmussen, kter\u00fd b\u011bhem p\u00e1t\u00e9 Thulsk\u00e9 expedice zaznamen\u00e1val rozhovory se \u0161amany, zachytil n\u011bkolik v\u00fdrok\u016f, v nich\u017e se Sila jev\u00ed jako velk\u00e1, nepostihnuteln\u00e1 moc, kterou nelze oslovit b\u011b\u017en\u00fdmi slovy a kter\u00e1 se projevuje po\u010das\u00edm, bou\u0159\u00ed a chov\u00e1n\u00edm zv\u00ed\u0159at.<\/p><p>Rasmussenovy z\u00e1pisy jsou hodnotn\u00e9, ale jsou p\u0159eklady p\u0159eklad\u016f, zprost\u0159edkovan\u00e9 tlumo\u010dn\u00edky a jeho vlastn\u00edm hled\u00e1n\u00edm uchopiteln\u00e9 <span class=\"iwg-fachbegriff\" data-tooltip=\"V\u011bdeck\u00e1 nauka o Bohu a o v\u00ed\u0159e n\u011bjak\u00e9ho n\u00e1bo\u017eenstv\u00ed.\" tabindex=\"0\">teologie<\/span>. N\u011bkte\u0159\u00ed badatel\u00e9 se domn\u00edvaj\u00ed, \u017ee uzav\u0159enost, s jakou se Sila v \u010d\u00e1sti sekund\u00e1rn\u00ed literatury jev\u00ed jako nejvy\u0161\u0161\u00ed bo\u017estvo, je \u010d\u00e1ste\u010dn\u011b d\u016fsledkem t\u00e9to situace z\u00e1pisu.<\/p><p>Pro p\u0159esn\u00fd v\u00fdklad z toho vypl\u00fdvaj\u00ed dv\u011b v\u011bci. Zaprv\u00e9 by Sila nem\u011blo b\u00fdt p\u0159ed\u010dasn\u011b redukov\u00e1no na boha po\u010das\u00ed, proto\u017ee by t\u00edm zmizelo spojen\u00ed s rozumem a \u0159\u00e1dem \u017eivota, kter\u00e9 je pro inuitskou p\u0159edstavu podstatn\u00e9.<\/p><p>Zadruh\u00e9 je t\u0159eba u ka\u017ed\u00e9ho v\u00fdroku o Sile m\u00edt na pam\u011bti kolonialistick\u00fd zp\u016fsob zprost\u0159edkov\u00e1n\u00ed. Prameny jsou \u00fazk\u00e9, jednojazy\u010dn\u011b obt\u00ed\u017en\u011b ov\u011b\u0159iteln\u00e9 a zabarven\u00e9 z\u00e1jmem sb\u011bratel\u016f o uspo\u0159\u00e1dan\u00fd n\u00e1bo\u017eensk\u00fd syst\u00e9m.<\/p>\t\t\t\t\t\t\t\t<\/div>\n\t\t\t\t\t<\/div>\n\t\t\t\t<\/div>\n\t\t\t\t\t<\/div>\n\t\t\t\t<\/div>\n\t\t<div class=\"elementor-element elementor-element-iwgw-sila-lit e-flex e-con-boxed e-con e-parent\" data-id=\"iwgw-sila-lit\" data-element_type=\"container\" data-e-type=\"container\">\n\t\t\t\t\t<div class=\"e-con-inner\">\n\t\t\t\t<div class=\"elementor-element elementor-element-iwgw-sila-lith elementor-widget elementor-widget-heading\" data-id=\"iwgw-sila-lith\" data-element_type=\"widget\" data-e-type=\"widget\" data-widget_type=\"heading.default\">\n\t\t\t\t\t<h2 class=\"elementor-heading-title elementor-size-default\">Literatura (v\u00fdb\u011br)<\/h2>\t\t\t\t<\/div>\n\t\t<div class=\"elementor-element elementor-element-iwgw-sila-litc e-con-full e-flex e-con e-child\" data-id=\"iwgw-sila-litc\" data-element_type=\"container\" data-e-type=\"container\">\n\t\t\t\t<div class=\"elementor-element elementor-element-iwgw-sila-litt elementor-widget elementor-widget-text-editor\" data-id=\"iwgw-sila-litt\" data-element_type=\"widget\" data-e-type=\"widget\" data-widget_type=\"text-editor.default\">\n\t\t\t\t\t\t\t\t\t<ul><li>Knud Rasmussen: <em>Intellectual Culture of the Iglulik Eskimos<\/em> (Kopenhagen 1929)<\/li><li>Daniel Merkur: <em>Powers Which We Do Not Know<\/em> (Moscow ID 1991)<\/li><li>Fr\u00e9d\u00e9ric Laugrand und Jarich Oosten: <em>Inuit Shamanism and Christianity<\/em> (Montreal 2010)<\/li><li>Hinrich Rink: <em>Tales and Traditions of the Eskimo<\/em> (Edinburgh 1875)<\/li><li>Sheila Watt-Cloutier: <em>The Right to Be Cold<\/em> (Toronto 2015)<\/li><li>Tim Ingold: <em>The Perception of the Environment<\/em> (London 2000)<\/li><\/ul>\t\t\t\t\t\t\t\t<\/div>\n\t\t\t\t<\/div>\n\t\t\t\t\t<\/div>\n\t\t\t\t<\/div>\n\t\t<div class=\"elementor-element elementor-element-iwgw-sila-kwd e-flex e-con-boxed e-con e-parent\" data-id=\"iwgw-sila-kwd\" data-element_type=\"container\" data-e-type=\"container\">\n\t\t\t\t\t<div class=\"e-con-inner\">\n\t\t<div class=\"elementor-element elementor-element-iwgw-sila-kwdc e-con-full e-flex e-con e-child\" data-id=\"iwgw-sila-kwdc\" data-element_type=\"container\" data-e-type=\"container\">\n\t\t\t\t<div class=\"elementor-element elementor-element-iwgw-sila-kwdt elementor-widget elementor-widget-text-editor\" data-id=\"iwgw-sila-kwdt\" data-element_type=\"widget\" data-e-type=\"widget\" data-widget_type=\"text-editor.default\">\n\t\t\t\t\t\t\t\t\t<p><em>P\u0159\u00edbuzn\u00e9 kl\u00ed\u010dov\u00e9 pojmy: Sila Silap Inua Dech sv\u011bta Princip po\u010das\u00ed Inuitsk\u00fd rozum Pittailiniq Iglulik.<\/em><\/p>\t\t\t\t\t\t\t\t<\/div>\n\t\t\t\t<\/div>\n\t\t\t\t\t<\/div>\n\t\t\t\t<\/div>\n\t\t<div class=\"elementor-element elementor-element-iwgw-sila-cc e-flex e-con-boxed e-con e-parent\" data-id=\"iwgw-sila-cc\" data-element_type=\"container\" data-e-type=\"container\" id=\"iwg-cc-sila\">\n\t\t\t\t\t<div class=\"e-con-inner\">\n\t\t<div class=\"elementor-element elementor-element-iwgw-sila-ccinner e-flex e-con-boxed e-con e-parent\" data-id=\"iwgw-sila-ccinner\" data-element_type=\"container\" data-e-type=\"container\" data-settings=\"{&quot;background_background&quot;:&quot;classic&quot;}\">\n\t\t\t\t\t<div class=\"e-con-inner\">\n\t\t\t\t<div class=\"elementor-element elementor-element-iwgw-sila-cch elementor-widget elementor-widget-heading\" data-id=\"iwgw-sila-cch\" data-element_type=\"widget\" data-e-type=\"widget\" data-widget_type=\"heading.default\">\n\t\t\t\t\t<h2 class=\"elementor-heading-title elementor-size-default\">iWell Guard a ochrann\u00e9 tradice<\/h2>\t\t\t\t<\/div>\n\t\t\t\t<div class=\"elementor-element elementor-element-iwgw-sila-cct elementor-widget elementor-widget-text-editor\" data-id=\"iwgw-sila-cct\" data-element_type=\"widget\" data-e-type=\"widget\" data-widget_type=\"text-editor.default\">\n\t\t\t\t\t\t\t\t\t<div data-nosnippet=\"true\"><p>iWell Guard navazuje na kulturn\u011b historickou tradici p\u0159enosn\u00fdch ochrann\u00fdch p\u0159edm\u011bt\u016f, v tradici <a href=\"https:\/\/iwell-guard.com\/cs\/inuite-arktida-sedna-tornit-praxe\/\">Inuit\u016f<\/a> a mnoha dal\u0161\u00edch kultur po cel\u00e9m sv\u011bt\u011b. 41 vrstev, ryz\u00ed zlato, platina, st\u0159\u00edbro, vyrobeno v N\u011bmecku. 30denn\u00ed pr\u00e1vo na vr\u00e1cen\u00ed.<\/p><\/div>\t\t\t\t\t\t\t\t<\/div>\n\t\t\t\t<div class=\"elementor-element elementor-element-iwgw-sila-ccb iwg-cc-button iwg-cc-cta-2026-05-13 elementor-widget elementor-widget-jet-button\" data-id=\"iwgw-sila-ccb\" data-element_type=\"widget\" data-e-type=\"widget\" data-widget_type=\"jet-button.default\">\n\t\t\t\t<div class=\"elementor-widget-container\">\n\t\t\t\t\t<div class=\"elementor-jet-button jet-elements\"><div class=\"jet-button__container\"><a class=\"jet-button__instance jet-button__instance--icon-left hover-effect-1\" href=\"\/ueber-iwell-guard\/?utm_source=iwell-guard.com&amp;utm_medium=info-box&amp;utm_campaign=wesen-tradition\"><div class=\"jet-button__plane jet-button__plane-normal\"><\/div><div class=\"jet-button__plane jet-button__plane-hover\"><\/div><div class=\"jet-button__state jet-button__state-normal\"><span class=\"jet-button__label\">V\u00edce o iWell Guard<\/span><\/div><div class=\"jet-button__state jet-button__state-hover\"><span class=\"jet-button__label\">V\u00edce o iWell Guard<\/span><\/div><\/a><\/div><\/div><style>.elementor-element.elementor-element-iwgw-sila-ccb .jet-button__instance{width:320px;height:56px;}.elementor-element.elementor-element-iwgw-sila-ccb .jet-button__state-normal .jet-button__label{text-align:center;margin:0px 0px 0px 0px;color:#1a1b20;font-family:Montserrat,sans-serif;font-size:13px;font-weight:400;letter-spacing:4px;line-height:1.714em;text-transform:uppercase;}.elementor-element.elementor-element-iwgw-sila-ccb .jet-button__state-hover .jet-button__label{text-align:center;margin:0px 0px 0px 0px;color:#FECC76;font-family:Montserrat,sans-serif;font-size:13px;font-weight:400;letter-spacing:4px;line-height:1.714em;text-transform:uppercase;}.elementor-element.elementor-element-iwgw-sila-ccb .jet-button__plane-normal{background-color:#FECC76;border-style:solid;border-color:#C99540;border-width:2px 2px 2px 2px;}.elementor-element.elementor-element-iwgw-sila-ccb .jet-button__plane-hover{background-color:rgba(0,0,0,0.55);border-style:solid;border-color:#FECC76;border-width:2px 2px 2px 2px;}<\/style>\t\t\t\t<\/div>\n\t\t\t\t<\/div>\n\t\t\t\t<div class=\"elementor-element elementor-element-iwgw-sila-ccd elementor-widget elementor-widget-text-editor\" data-id=\"iwgw-sila-ccd\" data-element_type=\"widget\" data-e-type=\"widget\" data-widget_type=\"text-editor.default\">\n\t\t\t\t\t\t\t\t\t<div data-nosnippet=\"true\"><p style=\"text-align:center;font-size:13px;opacity:0.7;margin-top:14px\" data-nosnippet=\"true\">Osobn\u00ed zku\u0161enosti se mohou li\u0161it. Nejedn\u00e1 se o zdravotnick\u00fd prost\u0159edek. Nen\u00ed slibem l\u00e9\u010div\u00e9ho \u00fa\u010dinku.<\/p><\/div>\t\t\t\t\t\t\t\t<\/div>\n\t\t\t\t\t<\/div>\n\t\t\t\t<\/div>\n\t\t\t\t\t<\/div>\n\t\t\t\t<\/div>\n\t\t<div class=\"elementor-element elementor-element-iwgw-sila-disc e-flex e-con-boxed e-con e-parent\" data-id=\"iwgw-sila-disc\" data-element_type=\"container\" data-e-type=\"container\">\n\t\t\t\t\t<div class=\"e-con-inner\">\n\t\t\t\t<div class=\"elementor-element elementor-element-iwgw-sila-discw elementor-widget elementor-widget-html\" data-id=\"iwgw-sila-discw\" data-element_type=\"widget\" data-e-type=\"widget\" data-widget_type=\"html.default\">\n\t\t\t\t\t<footer data-nosnippet=\"true\" class=\"iwg-disclaimer-block\"><p data-nosnippet=\"true\">iWell Guard <strong>nen\u00ed zdravotnick\u00fd prost\u0159edek<\/strong> a nenahrazuje l\u00e9ka\u0159skou ani psychoterapeutickou l\u00e9\u010dbu. Religionistick\u00fd obsah p\u0159edstavuje kulturn\u011b-historick\u00e9 za\u0159azen\u00ed, nikoli doporu\u010den\u00ed duchovn\u00ed praxe.<\/p><\/footer>\t\t\t\t<\/div>\n\t\t\t\t\t<\/div>\n\t\t\t\t<\/div>\n\t\t\t\t<\/div>\n\t\t","protected":false},"excerpt":{"rendered":"","protected":false},"author":3,"featured_media":2879,"parent":0,"menu_order":0,"comment_status":"closed","ping_status":"closed","template":"elementor_header_footer","meta":{"_yoast_wpseo_focuskw":"Sila Inuit\u00e9 Sv\u011btov\u00fd dech","_yoast_wpseo_title":"Sila - Sv\u011btov\u00fd dech Inuit\u016f, po\u010das\u00ed a rozum","_yoast_wpseo_metadesc":"Sila je arktick\u00fd sv\u011btov\u00fd princip po\u010das\u00ed, vzduchu a rozumu. Religionistick\u00e9 za\u0159azen\u00ed s m\u00fdtem, \u0161amanskou prax\u00ed, prameny a tabu.","_yoast_wpseo_meta-robots-noindex":"","_yoast_wpseo_canonical":"","_angie_page":false,"gefaehrdungsstufe":"2","wesen_kultur":"inuit","wesen_klasse":"geister","footnotes":""},"categories":[],"class_list":["post-145527","page","type-page","status-publish","has-post-thumbnail","hentry"],"yoast_head":"<!-- This site is optimized with the Yoast SEO Premium plugin v27.7 (Yoast SEO v28.3) - https:\/\/yoast.com\/product\/yoast-seo-premium-wordpress\/ -->\n<title>Sila - Sv\u011btov\u00fd dech Inuit\u016f, po\u010das\u00ed a rozum<\/title>\n<meta name=\"description\" content=\"Sila je arktick\u00fd sv\u011btov\u00fd princip po\u010das\u00ed, vzduchu a rozumu. Religionistick\u00e9 za\u0159azen\u00ed s m\u00fdtem, \u0161amanskou prax\u00ed, prameny a tabu.\" \/>\n<meta name=\"robots\" content=\"index, follow, max-snippet:-1, max-image-preview:large, max-video-preview:-1\" \/>\n<link rel=\"canonical\" href=\"https:\/\/iwell-guard.com\/cs\/sila-svetovy-dech-a-pan-pocasi-inuitu\/\" \/>\n<meta property=\"og:locale\" content=\"cs_CZ\" \/>\n<meta property=\"og:type\" content=\"article\" \/>\n<meta property=\"og:title\" content=\"Sila - Sv\u011btov\u00fd dech a p\u00e1n po\u010das\u00ed Inuit\u016f\" \/>\n<meta property=\"og:description\" content=\"Sila je arktick\u00fd sv\u011btov\u00fd princip po\u010das\u00ed, vzduchu a rozumu. Religionistick\u00e9 za\u0159azen\u00ed s m\u00fdtem, \u0161amanskou prax\u00ed, prameny a tabu.\" \/>\n<meta property=\"og:url\" content=\"https:\/\/iwell-guard.com\/cs\/sila-svetovy-dech-a-pan-pocasi-inuitu\/\" \/>\n<meta property=\"og:site_name\" content=\"iWell Guard\" \/>\n<meta property=\"article:modified_time\" content=\"2026-09-03T16:58:27+00:00\" \/>\n<meta property=\"og:image\" content=\"https:\/\/iwell-guard.com\/wp-content\/uploads\/2026\/05\/geister_inuit_sila.webp\" \/>\n\t<meta property=\"og:image:width\" content=\"1024\" \/>\n\t<meta property=\"og:image:height\" content=\"1536\" \/>\n\t<meta property=\"og:image:type\" content=\"image\/webp\" \/>\n<meta name=\"twitter:card\" content=\"summary_large_image\" \/>\n<script type=\"application\/ld+json\" class=\"yoast-schema-graph\">{\"@context\":\"https:\\\/\\\/schema.org\",\"@graph\":[{\"@type\":\"WebPage\",\"@id\":\"https:\\\/\\\/iwell-guard.com\\\/cs\\\/sila-svetovy-dech-a-pan-pocasi-inuitu\\\/\",\"url\":\"https:\\\/\\\/iwell-guard.com\\\/cs\\\/sila-svetovy-dech-a-pan-pocasi-inuitu\\\/\",\"name\":\"Sila - Sv\u011btov\u00fd dech Inuit\u016f, po\u010das\u00ed a rozum\",\"isPartOf\":{\"@id\":\"https:\\\/\\\/iwell-guard.com\\\/cs\\\/#website\"},\"primaryImageOfPage\":{\"@id\":\"https:\\\/\\\/iwell-guard.com\\\/cs\\\/sila-svetovy-dech-a-pan-pocasi-inuitu\\\/#primaryimage\"},\"image\":{\"@id\":\"https:\\\/\\\/iwell-guard.com\\\/cs\\\/sila-svetovy-dech-a-pan-pocasi-inuitu\\\/#primaryimage\"},\"thumbnailUrl\":\"https:\\\/\\\/iwell-guard.com\\\/wp-content\\\/uploads\\\/2026\\\/05\\\/geister_inuit_sila.webp\",\"datePublished\":\"2026-09-03T16:31:14+00:00\",\"dateModified\":\"2026-09-03T16:58:27+00:00\",\"description\":\"Sila je arktick\u00fd sv\u011btov\u00fd princip po\u010das\u00ed, vzduchu a rozumu. Religionistick\u00e9 za\u0159azen\u00ed s m\u00fdtem, \u0161amanskou prax\u00ed, prameny a tabu.\",\"breadcrumb\":{\"@id\":\"https:\\\/\\\/iwell-guard.com\\\/cs\\\/sila-svetovy-dech-a-pan-pocasi-inuitu\\\/#breadcrumb\"},\"inLanguage\":\"cs\",\"potentialAction\":[{\"@type\":\"ReadAction\",\"target\":[\"https:\\\/\\\/iwell-guard.com\\\/cs\\\/sila-svetovy-dech-a-pan-pocasi-inuitu\\\/\"]}]},{\"@type\":\"ImageObject\",\"inLanguage\":\"cs\",\"@id\":\"https:\\\/\\\/iwell-guard.com\\\/cs\\\/sila-svetovy-dech-a-pan-pocasi-inuitu\\\/#primaryimage\",\"url\":\"https:\\\/\\\/iwell-guard.com\\\/wp-content\\\/uploads\\\/2026\\\/05\\\/geister_inuit_sila.webp\",\"contentUrl\":\"https:\\\/\\\/iwell-guard.com\\\/wp-content\\\/uploads\\\/2026\\\/05\\\/geister_inuit_sila.webp\",\"width\":1024,\"height\":1536,\"caption\":\"Duchov\u00e9 z inuitsk\u00e9 tradice.\"},{\"@type\":\"BreadcrumbList\",\"@id\":\"https:\\\/\\\/iwell-guard.com\\\/cs\\\/sila-svetovy-dech-a-pan-pocasi-inuitu\\\/#breadcrumb\",\"itemListElement\":[{\"@type\":\"ListItem\",\"position\":1,\"name\":\"Start\",\"item\":\"https:\\\/\\\/iwell-guard.com\\\/cs\\\/?page_id=145107\"},{\"@type\":\"ListItem\",\"position\":2,\"name\":\"Sila &#8211; Sv\u011btov\u00fd dech a p\u00e1n po\u010das\u00ed Inuit\u016f\"}]},{\"@type\":\"WebSite\",\"@id\":\"https:\\\/\\\/iwell-guard.com\\\/cs\\\/#website\",\"url\":\"https:\\\/\\\/iwell-guard.com\\\/cs\\\/\",\"name\":\"iWell Guard\",\"description\":\"Schutz vor dunklen Einfl\u00fcssen\",\"publisher\":{\"@id\":\"https:\\\/\\\/iwell-guard.com\\\/cs\\\/#organization\"},\"potentialAction\":[{\"@type\":\"SearchAction\",\"target\":{\"@type\":\"EntryPoint\",\"urlTemplate\":\"https:\\\/\\\/iwell-guard.com\\\/cs\\\/?s={search_term_string}\"},\"query-input\":{\"@type\":\"PropertyValueSpecification\",\"valueRequired\":true,\"valueName\":\"search_term_string\"}}],\"inLanguage\":\"cs\"},{\"@type\":\"Organization\",\"@id\":\"https:\\\/\\\/iwell-guard.com\\\/cs\\\/#organization\",\"name\":\"Ittermann electronic GmbH\",\"url\":\"https:\\\/\\\/iwell-guard.com\\\/cs\\\/\",\"logo\":{\"@type\":\"ImageObject\",\"inLanguage\":\"cs\",\"@id\":\"https:\\\/\\\/iwell-guard.com\\\/cs\\\/#\\\/schema\\\/logo\\\/image\\\/\",\"url\":\"https:\\\/\\\/iwell-guard.com\\\/wp-content\\\/uploads\\\/2026\\\/05\\\/Ittermann-Logo-1182x237-1.png\",\"contentUrl\":\"https:\\\/\\\/iwell-guard.com\\\/wp-content\\\/uploads\\\/2026\\\/05\\\/Ittermann-Logo-1182x237-1.png\",\"width\":1182,\"height\":237,\"caption\":\"Ittermann electronic GmbH\"},\"image\":{\"@id\":\"https:\\\/\\\/iwell-guard.com\\\/cs\\\/#\\\/schema\\\/logo\\\/image\\\/\"},\"sameAs\":[\"https:\\\/\\\/pantip.com\\\/profile\\\/9367242\",\"https:\\\/\\\/micro.blog\\\/iwellguard\",\"https:\\\/\\\/www.diggerslist.com\\\/iwellguard\\\/about\",\"https:\\\/\\\/skitterphoto.com\\\/photographers\\\/2870314\\\/iwell-guard\",\"https:\\\/\\\/iwellguard.wordpress.com\\\/2026\\\/06\\\/06\\\/iwell-guard\\\/\",\"https:\\\/\\\/hub.docker.com\\\/u\\\/iwellguard\",\"https:\\\/\\\/www.pinterest.com\\\/iwellguard\\\/\",\"https:\\\/\\\/bit.ly\\\/m\\\/iwellguard\",\"https:\\\/\\\/entre-vos-mains.alsace.eu\\\/profiles\\\/iwellguard\\\/activity\",\"https:\\\/\\\/gravatar.com\\\/reallybeded8fd34\",\"https:\\\/\\\/naijamatta.com\\\/iwellguard\",\"https:\\\/\\\/www.goodreads.com\\\/iwellguard\",\"https:\\\/\\\/profile.hatena.ne.jp\\\/iwellguard\\\/\",\"https:\\\/\\\/experiment.com\\\/users\\\/iwellguard\",\"https:\\\/\\\/wakelet.com\\\/@iWellGuard82270\",\"https:\\\/\\\/www.chordie.com\\\/forum\\\/profile.php?id=2555664\",\"https:\\\/\\\/www.instapaper.com\\\/p\\\/17757966\",\"https:\\\/\\\/www.mapleprimes.com\\\/users\\\/iwellguard\",\"https:\\\/\\\/businesslistingplus.com\\\/profile\\\/iwell-guard\\\/\",\"https:\\\/\\\/telegra.ph\\\/iWell-Guard-06-06\",\"https:\\\/\\\/pbase.com\\\/iwellguard\\\/iwellguard\",\"https:\\\/\\\/b.hatena.ne.jp\\\/iwellguard\\\/20260607#bookmark-4788405196491818882\",\"https:\\\/\\\/fliphtml5.com\\\/home\\\/iwellguard\",\"https:\\\/\\\/anyflip.com\\\/homepage\\\/cmiwl#About\",\"https:\\\/\\\/transfur.com\\\/Users\\\/iwellguard\",\"http:\\\/\\\/delphi.larsbo.org\\\/user\\\/iwellguard\",\"https:\\\/\\\/jobs.lajobsportal.org\\\/profiles\\\/8380803-iwell-guard\",\"https:\\\/\\\/md.chaosdorf.de\\\/s\\\/jfbe5SBdJD\",\"https:\\\/\\\/www.lingvolive.com\\\/en-us\\\/profile\\\/9ecaeaca-ce11-4e51-9e71-01d55e2bff36\\\/translations\",\"https:\\\/\\\/www.fitday.com\\\/fitness\\\/forums\\\/members\\\/iwellguard.html\",\"https:\\\/\\\/www.mymeetbook.com\\\/iwellguard\",\"https:\\\/\\\/pxhere.com\\\/en\\\/photographer-me\\\/5040798\",\"https:\\\/\\\/disqus.com\\\/by\\\/iwellguard\\\/about\\\/\",\"https:\\\/\\\/pastelink.net\\\/hjwciqwq\",\"https:\\\/\\\/pubhtml5.com\\\/homepage\\\/scjhn\\\/\",\"https:\\\/\\\/www.bitchute.com\\\/channel\\\/2O2eOKzNqujT\",\"https:\\\/\\\/audiomack.com\\\/iwellguard\"]},{\"@type\":\"Article\",\"@id\":\"https:\\\/\\\/iwell-guard.com\\\/cs\\\/sila-svetovy-dech-a-pan-pocasi-inuitu\\\/#article\",\"isPartOf\":{\"@id\":\"https:\\\/\\\/iwell-guard.com\\\/cs\\\/sila-svetovy-dech-a-pan-pocasi-inuitu\\\/\"},\"author\":{\"name\":\"Ralf Ittermann\",\"@id\":\"https:\\\/\\\/iwell-guard.com\\\/cs\\\/#\\\/schema\\\/person\\\/ee2a27f1cac3406c7c6fb5820cb7349f\"},\"headline\":\"Sila &#8211; Sv\u011btov\u00fd dech a p\u00e1n po\u010das\u00ed Inuit\u016f\",\"datePublished\":\"2026-09-03T16:31:14+00:00\",\"dateModified\":\"2026-09-03T16:58:27+00:00\",\"mainEntityOfPage\":{\"@id\":\"https:\\\/\\\/iwell-guard.com\\\/cs\\\/sila-svetovy-dech-a-pan-pocasi-inuitu\\\/\"},\"publisher\":{\"@id\":\"https:\\\/\\\/iwell-guard.com\\\/cs\\\/#organization\"},\"image\":{\"@id\":\"https:\\\/\\\/iwell-guard.com\\\/cs\\\/sila-svetovy-dech-a-pan-pocasi-inuitu\\\/#primaryimage\"},\"thumbnailUrl\":\"https:\\\/\\\/iwell-guard.com\\\/wp-content\\\/uploads\\\/2026\\\/05\\\/geister_inuit_sila.webp\",\"inLanguage\":\"cs\",\"description\":\"Sila je arktick\u00fd sv\u011btov\u00fd princip po\u010das\u00ed, vzduchu a rozumu. Religionistick\u00e9 za\u0159azen\u00ed s m\u00fdtem, \u0161amanskou prax\u00ed, prameny a tabu.\"}]}<\/script>\n<!-- \/ Yoast SEO Premium plugin. -->","yoast_head_json":{"title":"Sila - Sv\u011btov\u00fd dech Inuit\u016f, po\u010das\u00ed a rozum","description":"Sila je arktick\u00fd sv\u011btov\u00fd princip po\u010das\u00ed, vzduchu a rozumu. Religionistick\u00e9 za\u0159azen\u00ed s m\u00fdtem, \u0161amanskou prax\u00ed, prameny a tabu.","robots":{"index":"index","follow":"follow","max-snippet":"max-snippet:-1","max-image-preview":"max-image-preview:large","max-video-preview":"max-video-preview:-1"},"canonical":"https:\/\/iwell-guard.com\/cs\/sila-svetovy-dech-a-pan-pocasi-inuitu\/","og_locale":"cs_CZ","og_type":"article","og_title":"Sila - Sv\u011btov\u00fd dech a p\u00e1n po\u010das\u00ed Inuit\u016f","og_description":"Sila je arktick\u00fd sv\u011btov\u00fd princip po\u010das\u00ed, vzduchu a rozumu. Religionistick\u00e9 za\u0159azen\u00ed s m\u00fdtem, \u0161amanskou prax\u00ed, prameny a tabu.","og_url":"https:\/\/iwell-guard.com\/cs\/sila-svetovy-dech-a-pan-pocasi-inuitu\/","og_site_name":"iWell Guard","article_modified_time":"2026-09-03T16:58:27+00:00","og_image":[{"width":1024,"height":1536,"url":"https:\/\/iwell-guard.com\/wp-content\/uploads\/2026\/05\/geister_inuit_sila.webp","type":"image\/webp"}],"twitter_card":"summary_large_image","schema":{"@context":"https:\/\/schema.org","@graph":[{"@type":"Article","@id":"https:\/\/iwell-guard.com\/cs\/sila-svetovy-dech-a-pan-pocasi-inuitu\/#article","isPartOf":{"@id":"https:\/\/iwell-guard.com\/cs\/sila-svetovy-dech-a-pan-pocasi-inuitu\/"},"author":{"name":"Ralf Ittermann","@id":"https:\/\/iwell-guard.com\/cs\/#\/schema\/person\/ee2a27f1cac3406c7c6fb5820cb7349f"},"headline":"Sila &#8211; Sv\u011btov\u00fd dech a p\u00e1n po\u010das\u00ed Inuit\u016f","datePublished":"2026-09-03T16:31:14+00:00","dateModified":"2026-09-03T16:58:27+00:00","mainEntityOfPage":{"@id":"https:\/\/iwell-guard.com\/cs\/sila-svetovy-dech-a-pan-pocasi-inuitu\/"},"publisher":{"@id":"https:\/\/iwell-guard.com\/cs\/#organization"},"image":{"@id":"https:\/\/iwell-guard.com\/cs\/sila-svetovy-dech-a-pan-pocasi-inuitu\/#primaryimage"},"thumbnailUrl":"https:\/\/iwell-guard.com\/wp-content\/uploads\/2026\/05\/geister_inuit_sila.webp","inLanguage":"cs","description":"Sila je arktick\u00fd sv\u011btov\u00fd princip po\u010das\u00ed, vzduchu a rozumu. Religionistick\u00e9 za\u0159azen\u00ed s m\u00fdtem, \u0161amanskou prax\u00ed, prameny a tabu."},{"@type":"WebPage","@id":"https:\/\/iwell-guard.com\/cs\/sila-svetovy-dech-a-pan-pocasi-inuitu\/","url":"https:\/\/iwell-guard.com\/cs\/sila-svetovy-dech-a-pan-pocasi-inuitu\/","name":"Sila - Sv\u011btov\u00fd dech Inuit\u016f, po\u010das\u00ed a rozum","isPartOf":{"@id":"https:\/\/iwell-guard.com\/cs\/#website"},"primaryImageOfPage":{"@id":"https:\/\/iwell-guard.com\/cs\/sila-svetovy-dech-a-pan-pocasi-inuitu\/#primaryimage"},"image":{"@id":"https:\/\/iwell-guard.com\/cs\/sila-svetovy-dech-a-pan-pocasi-inuitu\/#primaryimage"},"thumbnailUrl":"https:\/\/iwell-guard.com\/wp-content\/uploads\/2026\/05\/geister_inuit_sila.webp","datePublished":"2026-09-03T16:31:14+00:00","dateModified":"2026-09-03T16:58:27+00:00","description":"Sila je arktick\u00fd sv\u011btov\u00fd princip po\u010das\u00ed, vzduchu a rozumu. Religionistick\u00e9 za\u0159azen\u00ed s m\u00fdtem, \u0161amanskou prax\u00ed, prameny a tabu.","breadcrumb":{"@id":"https:\/\/iwell-guard.com\/cs\/sila-svetovy-dech-a-pan-pocasi-inuitu\/#breadcrumb"},"inLanguage":"cs","potentialAction":[{"@type":"ReadAction","target":["https:\/\/iwell-guard.com\/cs\/sila-svetovy-dech-a-pan-pocasi-inuitu\/"]}]},{"@type":"ImageObject","inLanguage":"cs","@id":"https:\/\/iwell-guard.com\/cs\/sila-svetovy-dech-a-pan-pocasi-inuitu\/#primaryimage","url":"https:\/\/iwell-guard.com\/wp-content\/uploads\/2026\/05\/geister_inuit_sila.webp","contentUrl":"https:\/\/iwell-guard.com\/wp-content\/uploads\/2026\/05\/geister_inuit_sila.webp","width":1024,"height":1536,"caption":"Duchov\u00e9 z inuitsk\u00e9 tradice."},{"@type":"BreadcrumbList","@id":"https:\/\/iwell-guard.com\/cs\/sila-svetovy-dech-a-pan-pocasi-inuitu\/#breadcrumb","itemListElement":[{"@type":"ListItem","position":1,"name":"Start","item":"https:\/\/iwell-guard.com\/cs\/?page_id=145107"},{"@type":"ListItem","position":2,"name":"Sila &#8211; Sv\u011btov\u00fd dech a p\u00e1n po\u010das\u00ed Inuit\u016f"}]},{"@type":"WebSite","@id":"https:\/\/iwell-guard.com\/cs\/#website","url":"https:\/\/iwell-guard.com\/cs\/","name":"iWell Guard","description":"Schutz vor dunklen Einfl\u00fcssen","publisher":{"@id":"https:\/\/iwell-guard.com\/cs\/#organization"},"potentialAction":[{"@type":"SearchAction","target":{"@type":"EntryPoint","urlTemplate":"https:\/\/iwell-guard.com\/cs\/?s={search_term_string}"},"query-input":{"@type":"PropertyValueSpecification","valueRequired":true,"valueName":"search_term_string"}}],"inLanguage":"cs"},{"@type":"Organization","@id":"https:\/\/iwell-guard.com\/cs\/#organization","name":"Ittermann electronic GmbH","url":"https:\/\/iwell-guard.com\/cs\/","logo":{"@type":"ImageObject","inLanguage":"cs","@id":"https:\/\/iwell-guard.com\/cs\/#\/schema\/logo\/image\/","url":"https:\/\/iwell-guard.com\/wp-content\/uploads\/2026\/05\/Ittermann-Logo-1182x237-1.png","contentUrl":"https:\/\/iwell-guard.com\/wp-content\/uploads\/2026\/05\/Ittermann-Logo-1182x237-1.png","width":1182,"height":237,"caption":"Ittermann electronic GmbH"},"image":{"@id":"https:\/\/iwell-guard.com\/cs\/#\/schema\/logo\/image\/"},"sameAs":["https:\/\/pantip.com\/profile\/9367242","https:\/\/micro.blog\/iwellguard","https:\/\/www.diggerslist.com\/iwellguard\/about","https:\/\/skitterphoto.com\/photographers\/2870314\/iwell-guard","https:\/\/iwellguard.wordpress.com\/2026\/06\/06\/iwell-guard\/","https:\/\/hub.docker.com\/u\/iwellguard","https:\/\/www.pinterest.com\/iwellguard\/","https:\/\/bit.ly\/m\/iwellguard","https:\/\/entre-vos-mains.alsace.eu\/profiles\/iwellguard\/activity","https:\/\/gravatar.com\/reallybeded8fd34","https:\/\/naijamatta.com\/iwellguard","https:\/\/www.goodreads.com\/iwellguard","https:\/\/profile.hatena.ne.jp\/iwellguard\/","https:\/\/experiment.com\/users\/iwellguard","https:\/\/wakelet.com\/@iWellGuard82270","https:\/\/www.chordie.com\/forum\/profile.php?id=2555664","https:\/\/www.instapaper.com\/p\/17757966","https:\/\/www.mapleprimes.com\/users\/iwellguard","https:\/\/businesslistingplus.com\/profile\/iwell-guard\/","https:\/\/telegra.ph\/iWell-Guard-06-06","https:\/\/pbase.com\/iwellguard\/iwellguard","https:\/\/b.hatena.ne.jp\/iwellguard\/20260607#bookmark-4788405196491818882","https:\/\/fliphtml5.com\/home\/iwellguard","https:\/\/anyflip.com\/homepage\/cmiwl#About","https:\/\/transfur.com\/Users\/iwellguard","http:\/\/delphi.larsbo.org\/user\/iwellguard","https:\/\/jobs.lajobsportal.org\/profiles\/8380803-iwell-guard","https:\/\/md.chaosdorf.de\/s\/jfbe5SBdJD","https:\/\/www.lingvolive.com\/en-us\/profile\/9ecaeaca-ce11-4e51-9e71-01d55e2bff36\/translations","https:\/\/www.fitday.com\/fitness\/forums\/members\/iwellguard.html","https:\/\/www.mymeetbook.com\/iwellguard","https:\/\/pxhere.com\/en\/photographer-me\/5040798","https:\/\/disqus.com\/by\/iwellguard\/about\/","https:\/\/pastelink.net\/hjwciqwq","https:\/\/pubhtml5.com\/homepage\/scjhn\/","https:\/\/www.bitchute.com\/channel\/2O2eOKzNqujT","https:\/\/audiomack.com\/iwellguard"]},{"@type":"Person","@id":"https:\/\/iwell-guard.com\/cs\/#\/schema\/person\/ee2a27f1cac3406c7c6fb5820cb7349f","name":"Ralf Ittermann","image":{"@type":"ImageObject","inLanguage":"cs","@id":"https:\/\/secure.gravatar.com\/avatar\/073c0153e350a5005b68eb752b445fea71f6b24a26da9449ad7e155e6b446c9d?s=96&d=mm&r=g","url":"https:\/\/secure.gravatar.com\/avatar\/073c0153e350a5005b68eb752b445fea71f6b24a26da9449ad7e155e6b446c9d?s=96&d=mm&r=g","contentUrl":"https:\/\/secure.gravatar.com\/avatar\/073c0153e350a5005b68eb752b445fea71f6b24a26da9449ad7e155e6b446c9d?s=96&d=mm&r=g","caption":"Ralf Ittermann"},"givenName":"Ralf","familyName":"Ittermann","jobTitle":"Gesch\u00e4ftsf\u00fchrer und redaktioneller Verantwortlicher","url":"https:\/\/iwell-guard.com\/cs\/author\/claude\/","description":"Ralf Ittermann ist Gesch\u00e4ftsf\u00fchrer der Ittermann electronic GmbH und redaktioneller Verantwortlicher des iWell-Guard-Lexikons. Er verbindet langj\u00e4hrige Erfahrung in der Pr\u00e4zisionsfertigung mit medialer Praxis und religionsgeschichtlicher Quellenarbeit.","worksFor":{"@type":"Organization","name":"Ittermann electronic GmbH","url":"https:\/\/ittermann.de\/","address":{"@type":"PostalAddress","streetAddress":"K\u00f6hlergasse 16-18","postalCode":"99842","addressLocality":"Ruhla","addressCountry":"DE"}},"knowsAbout":["Religionsgeschichte","Mythologie","Mediale Praxis","Energetische Diagnostik","Schutzpraxis","Volksglauben","Westliche Esoterik"]},{"@type":"Article","@id":"https:\/\/iwell-guard.com\/cs\/sila-svetovy-dech-a-pan-pocasi-inuitu\/#article","isPartOf":{"@id":"https:\/\/iwell-guard.com\/cs\/sila-svetovy-dech-a-pan-pocasi-inuitu\/"},"author":{"name":"Ralf Ittermann","@id":"https:\/\/iwell-guard.com\/cs\/#\/schema\/person\/ee2a27f1cac3406c7c6fb5820cb7349f"},"headline":"Sila &#8211; Sv\u011btov\u00fd dech a p\u00e1n po\u010das\u00ed Inuit\u016f","datePublished":"2026-09-03T16:31:14+00:00","dateModified":"2026-09-03T16:58:27+00:00","mainEntityOfPage":{"@id":"https:\/\/iwell-guard.com\/cs\/sila-svetovy-dech-a-pan-pocasi-inuitu\/"},"publisher":{"@id":"https:\/\/iwell-guard.com\/cs\/#organization"},"image":{"@id":"https:\/\/iwell-guard.com\/cs\/sila-svetovy-dech-a-pan-pocasi-inuitu\/#primaryimage"},"thumbnailUrl":"https:\/\/iwell-guard.com\/wp-content\/uploads\/2026\/05\/geister_inuit_sila.webp","inLanguage":"cs","description":"Sila je arktick\u00fd sv\u011btov\u00fd princip po\u010das\u00ed, vzduchu a rozumu. Religionistick\u00e9 za\u0159azen\u00ed s m\u00fdtem, \u0161amanskou prax\u00ed, prameny a tabu."}]}},"_links":{"self":[{"href":"https:\/\/iwell-guard.com\/cs\/wp-json\/wp\/v2\/pages\/145527","targetHints":{"allow":["GET"]}}],"collection":[{"href":"https:\/\/iwell-guard.com\/cs\/wp-json\/wp\/v2\/pages"}],"about":[{"href":"https:\/\/iwell-guard.com\/cs\/wp-json\/wp\/v2\/types\/page"}],"author":[{"embeddable":true,"href":"https:\/\/iwell-guard.com\/cs\/wp-json\/wp\/v2\/users\/3"}],"replies":[{"embeddable":true,"href":"https:\/\/iwell-guard.com\/cs\/wp-json\/wp\/v2\/comments?post=145527"}],"version-history":[{"count":0,"href":"https:\/\/iwell-guard.com\/cs\/wp-json\/wp\/v2\/pages\/145527\/revisions"}],"wp:featuredmedia":[{"embeddable":true,"href":"https:\/\/iwell-guard.com\/cs\/wp-json\/wp\/v2\/media\/2879"}],"wp:attachment":[{"href":"https:\/\/iwell-guard.com\/cs\/wp-json\/wp\/v2\/media?parent=145527"}],"wp:term":[{"taxonomy":"category","embeddable":true,"href":"https:\/\/iwell-guard.com\/cs\/wp-json\/wp\/v2\/categories?post=145527"}],"curies":[{"name":"wp","href":"https:\/\/api.w.org\/{rel}","templated":true}]}}