{"id":145526,"date":"2026-09-03T16:31:14","date_gmt":"2026-09-03T16:31:14","guid":{"rendered":"https:\/\/iwell-guard.com\/?page_id=145526"},"modified":"2026-09-03T16:58:24","modified_gmt":"2026-09-03T16:58:24","slug":"sedna-vladkyne-mori-inuitu","status":"publish","type":"page","link":"https:\/\/iwell-guard.com\/cs\/sedna-vladkyne-mori-inuitu\/","title":{"rendered":"Sedna \u2013 vl\u00e1dkyn\u011b mo\u0159\u00ed Inuit\u016f"},"content":{"rendered":"\t\t<div data-elementor-type=\"wp-page\" data-elementor-id=\"145526\" class=\"elementor elementor-145526 elementor-2654 elementor-bc-flex-widget\" data-elementor-post-type=\"page\">\n\t\t\t\t<div class=\"elementor-element elementor-element-iwgw-sedna-hero e-flex e-con-boxed e-con e-parent\" data-id=\"iwgw-sedna-hero\" data-element_type=\"container\" data-e-type=\"container\" data-settings=\"{&quot;background_background&quot;:&quot;classic&quot;}\">\n\t\t\t\t\t<div class=\"e-con-inner\">\n\t\t<div class=\"elementor-element elementor-element-iwgw-sedna-hl e-flex e-con-boxed e-con e-child\" data-id=\"iwgw-sedna-hl\" data-element_type=\"container\" data-e-type=\"container\">\n\t\t\t\t\t<div class=\"e-con-inner\">\n\t\t<div class=\"elementor-element elementor-element-iwgw-sedna-htxt e-con-full e-flex e-con e-child\" data-id=\"iwgw-sedna-htxt\" data-element_type=\"container\" data-e-type=\"container\">\n\t\t\t\t<div class=\"elementor-element elementor-element-iwgw-sedna-h1 elementor-widget elementor-widget-heading\" data-id=\"iwgw-sedna-h1\" data-element_type=\"widget\" data-e-type=\"widget\" data-widget_type=\"heading.default\">\n\t\t\t\t\t<h1 class=\"elementor-heading-title elementor-size-default\">Sedna \u2013 vl\u00e1dkyn\u011b mo\u0159\u00ed a str\u00e1\u017ekyn\u011b zv\u00ed\u0159at v inuitsk\u00e9m panteonu<\/h1>\t\t\t\t<\/div>\n\t\t\t\t<div class=\"elementor-element elementor-element-iwgw-sedna-lead elementor-widget elementor-widget-text-editor\" data-id=\"iwgw-sedna-lead\" data-element_type=\"widget\" data-e-type=\"widget\" data-widget_type=\"text-editor.default\">\n\t\t\t\t\t\t\t\t\t<p>Sedna, v pol\u00e1rn\u00ed tradici Inuit\u016f zn\u00e1m\u00e1 pod \u0159adou jmen jako Nuliajuk, Takannakapsaluk nebo Arnakuagsak, je pova\u017eov\u00e1na za vl\u00e1dkyni mo\u0159sk\u00fdch zv\u00ed\u0159at a pat\u0159\u00ed k nejl\u00e9pe dokumentovan\u00fdm postav\u00e1m cirkumpol\u00e1rn\u00edch n\u00e1bo\u017eensk\u00fdch d\u011bjin. Z\u00e1pisy Knuda Rasmussena z 5. Thulsk\u00e9 expedice u\u010dinily z jej\u00ed postavy kl\u00ed\u010dov\u00fd bod ka\u017ed\u00e9ho v\u00e1\u017en\u00e9ho religionistick\u00e9ho zkoum\u00e1n\u00ed arktick\u00fdch spole\u010dnost\u00ed \u017eiv\u00edc\u00edch se lovem.<\/p>\t\t\t\t\t\t\t\t<\/div>\n\t\t\t\t<\/div>\n\t\t<div class=\"elementor-element elementor-element-iwgw-sedna-pillc e-con-full e-flex e-con e-child\" data-id=\"iwgw-sedna-pillc\" data-element_type=\"container\" data-e-type=\"container\">\n\t\t\t\t<div class=\"elementor-element elementor-element-iwgw-sedna-pills elementor-widget elementor-widget-html\" data-id=\"iwgw-sedna-pills\" data-element_type=\"widget\" data-e-type=\"widget\" data-widget_type=\"html.default\">\n\t\t\t\t\t<div class=\"iwg-pill-row\"><span class=\"iwg-klasse-badge\" tabindex=\"0\" data-tooltip=\"Mo\u0159sk\u00e1 bytost tradice Inuit\u016f.\">Mo\u0159sk\u00e1 bytost<\/span><a href=\"https:\/\/iwell-guard.com\/cs\/inuite-arktida-sedna-tornit-praxe\/\" class=\"iwg-kultur-badge\" tabindex=\"0\" data-tooltip=\"Mytologie tradice Inuit\u016f.\">Inuit\u00e9<\/a><span class=\"iwg-tradition-badge\" tabindex=\"0\" data-tooltip=\"Vl\u00e1dkyn\u011b zv\u00ed\u0159at.\">Vl\u00e1dkyn\u011b zv\u00ed\u0159at<\/span><\/div>\t\t\t\t<\/div>\n\t\t\t\t<\/div>\n\t\t<div class=\"elementor-element elementor-element-iwgw-sedna-tocc e-con-full e-flex e-con e-child\" data-id=\"iwgw-sedna-tocc\" data-element_type=\"container\" data-e-type=\"container\">\n\t\t\t\t<div class=\"elementor-element elementor-element-iwgw-sedna-toc elementor-toc--minimized-on-tablet elementor-widget elementor-widget-table-of-contents\" data-id=\"iwgw-sedna-toc\" data-element_type=\"widget\" data-e-type=\"widget\" data-settings=\"{&quot;headings_by_tags&quot;:[&quot;h2&quot;,&quot;h3&quot;],&quot;minimize_box&quot;:&quot;yes&quot;,&quot;marker_view&quot;:&quot;bullets&quot;,&quot;no_headings_message&quot;:&quot;Na t\\u00e9to str\\u00e1nce nebyly nalezeny \\u017e\\u00e1dn\\u00e9 nadpisy.&quot;,&quot;exclude_headings_by_selector&quot;:[],&quot;icon&quot;:{&quot;value&quot;:&quot;fas fa-circle&quot;,&quot;library&quot;:&quot;fa-solid&quot;,&quot;rendered_tag&quot;:&quot;&lt;svg class=\\&quot;e-font-icon-svg e-fas-circle\\&quot; viewBox=\\&quot;0 0 512 512\\&quot; xmlns=\\&quot;http:\\\/\\\/www.w3.org\\\/2000\\\/svg\\&quot;&gt;&lt;path d=\\&quot;M256 8C119 8 8 119 8 256s111 248 248 248 248-111 248-248S393 8 256 8z\\&quot;&gt;&lt;\\\/path&gt;&lt;\\\/svg&gt;&quot;},&quot;minimized_on&quot;:&quot;tablet&quot;,&quot;hierarchical_view&quot;:&quot;yes&quot;,&quot;min_height&quot;:{&quot;unit&quot;:&quot;px&quot;,&quot;size&quot;:&quot;&quot;,&quot;sizes&quot;:[]},&quot;min_height_tablet&quot;:{&quot;unit&quot;:&quot;px&quot;,&quot;size&quot;:&quot;&quot;,&quot;sizes&quot;:[]},&quot;min_height_mobile&quot;:{&quot;unit&quot;:&quot;px&quot;,&quot;size&quot;:&quot;&quot;,&quot;sizes&quot;:[]}}\" data-widget_type=\"table-of-contents.default\">\n\t\t\t\t\t\t\t\t\t<div class=\"elementor-toc__header\">\n\t\t\t\t\t\t<h2 class=\"elementor-toc__header-title\">\n\t\t\t\tObsah\t\t\t<\/h2>\n\t\t\t\t\t\t\t\t\t\t<div class=\"elementor-toc__toggle-button elementor-toc__toggle-button--expand\" role=\"button\" tabindex=\"0\" aria-controls=\"elementor-toc__iwgw-sedna-toc\" aria-expanded=\"true\" aria-label=\"Open table of contents\"><svg aria-hidden=\"true\" class=\"e-font-icon-svg e-fas-chevron-down\" viewBox=\"0 0 448 512\" xmlns=\"http:\/\/www.w3.org\/2000\/svg\"><path d=\"M207.029 381.476L12.686 187.132c-9.373-9.373-9.373-24.569 0-33.941l22.667-22.667c9.357-9.357 24.522-9.375 33.901-.04L224 284.505l154.745-154.021c9.379-9.335 24.544-9.317 33.901.04l22.667 22.667c9.373 9.373 9.373 24.569 0 33.941L240.971 381.476c-9.373 9.372-24.569 9.372-33.942 0z\"><\/path><\/svg><\/div>\n\t\t\t\t<div class=\"elementor-toc__toggle-button elementor-toc__toggle-button--collapse\" role=\"button\" tabindex=\"0\" aria-controls=\"elementor-toc__iwgw-sedna-toc\" aria-expanded=\"true\" aria-label=\"Close table of contents\"><svg aria-hidden=\"true\" class=\"e-font-icon-svg e-fas-chevron-up\" viewBox=\"0 0 448 512\" xmlns=\"http:\/\/www.w3.org\/2000\/svg\"><path d=\"M240.971 130.524l194.343 194.343c9.373 9.373 9.373 24.569 0 33.941l-22.667 22.667c-9.357 9.357-24.522 9.375-33.901.04L224 227.495 69.255 381.516c-9.379 9.335-24.544 9.317-33.901-.04l-22.667-22.667c-9.373-9.373-9.373-24.569 0-33.941L207.03 130.525c9.372-9.373 24.568-9.373 33.941-.001z\"><\/path><\/svg><\/div>\n\t\t\t\t\t<\/div>\n\t\t\t\t<div id=\"elementor-toc__iwgw-sedna-toc\" class=\"elementor-toc__body\">\n\t\t\t<div class=\"elementor-toc__spinner-container\">\n\t\t\t\t<svg class=\"elementor-toc__spinner eicon-animation-spin e-font-icon-svg e-eicon-loading\" aria-hidden=\"true\" viewBox=\"0 0 1000 1000\" xmlns=\"http:\/\/www.w3.org\/2000\/svg\"><path d=\"M500 975V858C696 858 858 696 858 500S696 142 500 142 142 304 142 500H25C25 237 238 25 500 25S975 237 975 500 763 975 500 975Z\"><\/path><\/svg>\t\t\t<\/div>\n\t\t<\/div>\n\t\t\t\t\t\t<\/div>\n\t\t\t\t<\/div>\n\t\t\t\t\t<\/div>\n\t\t\t\t<\/div>\n\t\t<div class=\"elementor-element elementor-element-iwgw-sedna-hr e-con-full e-flex e-con e-child\" data-id=\"iwgw-sedna-hr\" data-element_type=\"container\" data-e-type=\"container\">\n\t\t\t\t<div class=\"elementor-element elementor-element-iwgw-sedna-heroimg iwg-hero-image elementor-widget elementor-widget-image\" data-id=\"iwgw-sedna-heroimg\" data-element_type=\"widget\" data-e-type=\"widget\" data-widget_type=\"image.default\">\n\t\t\t\t\t\t\t\t\t\t\t\t\t\t\t<img fetchpriority=\"high\" decoding=\"async\" width=\"683\" height=\"1024\" src=\"https:\/\/iwell-guard.com\/wp-content\/uploads\/2026\/05\/goetter_inuit_sedna-1-683x1024.webp\" class=\"attachment-large size-large wp-image-147298\" alt=\"Sedna \u2013 bohov\u00e9 z inuitsk\u00e9 tradice, historicko-ilustra\u010dn\u00ed\" srcset=\"https:\/\/iwell-guard.com\/wp-content\/uploads\/2026\/05\/goetter_inuit_sedna-1-683x1024.webp 683w, https:\/\/iwell-guard.com\/wp-content\/uploads\/2026\/05\/goetter_inuit_sedna-1-200x300.webp 200w, https:\/\/iwell-guard.com\/wp-content\/uploads\/2026\/05\/goetter_inuit_sedna-1-768x1152.webp 768w, https:\/\/iwell-guard.com\/wp-content\/uploads\/2026\/05\/goetter_inuit_sedna-1.webp 1024w\" sizes=\"(max-width: 683px) 100vw, 683px\" \/>\t\t\t\t\t\t\t\t\t\t\t\t\t\t\t<\/div>\n\t\t\t\t<\/div>\n\t\t\t\t\t<\/div>\n\t\t\t\t<\/div>\n\t\t\t\t<section class=\"elementor-section elementor-top-section elementor-element elementor-element-sec-iwgcomp-sedna elementor-section-boxed elementor-section-height-default elementor-section-height-default\" data-id=\"sec-iwgcomp-sedna\" data-element_type=\"section\" data-e-type=\"section\">\n\t\t\t\t\t\t<div class=\"elementor-container elementor-column-gap-default\">\n\t\t\t\t\t<div class=\"elementor-column elementor-col-100 elementor-top-column elementor-element elementor-element-col-iwgcomp-sedna\" data-id=\"col-iwgcomp-sedna\" data-element_type=\"column\" data-e-type=\"column\">\n\t\t\t<div class=\"elementor-widget-wrap elementor-element-populated\">\n\t\t\t\t\t\t<div class=\"elementor-element elementor-element-iwgcomp-sedna elementor-widget elementor-widget-text-editor\" data-id=\"iwgcomp-sedna\" data-element_type=\"widget\" data-e-type=\"widget\" data-widget_type=\"text-editor.default\">\n\t\t\t\t\t\t\t\t\t<p><strong><span class=\"iwg-fachbegriff\" data-tooltip=\"Souhrn n\u00e1bo\u017eensk\u00fdch \u00factypln\u00fdch \u00fakon\u016f v\u016f\u010di bo\u017estvu nebo svat\u00e9 postav\u011b.\" tabindex=\"0\">Kult<\/span><\/strong> inuitsk\u00e9 mo\u0159sk\u00e9 vl\u00e1dkyn\u011b Sedny dodnes utv\u00e1\u0159\u00ed loveck\u00e9 a ochrann\u00e9 ritu\u00e1ly arktick\u00e9 oblasti.<\/p>\t\t\t\t\t\t\t\t<\/div>\n\t\t\t\t\t<\/div>\n\t\t<\/div>\n\t\t\t\t\t<\/div>\n\t\t<\/section>\n\t\t<div class=\"elementor-element elementor-element-iwgw-sedna-s0 e-flex e-con-boxed e-con e-parent\" data-id=\"iwgw-sedna-s0\" data-element_type=\"container\" data-e-type=\"container\">\n\t\t\t\t\t<div class=\"e-con-inner\">\n\t\t\t\t<div class=\"elementor-element elementor-element-iwgw-sedna-s0h elementor-widget elementor-widget-heading\" data-id=\"iwgw-sedna-s0h\" data-element_type=\"widget\" data-e-type=\"widget\" data-widget_type=\"heading.default\">\n\t\t\t\t\t<h2 class=\"elementor-heading-title elementor-size-default\">Za\u0159azen\u00ed a stru\u010dn\u00fd profil<\/h2>\t\t\t\t<\/div>\n\t\t<div class=\"elementor-element elementor-element-iwgw-sedna-s0c e-con-full e-flex e-con e-child\" data-id=\"iwgw-sedna-s0c\" data-element_type=\"container\" data-e-type=\"container\">\n\t\t\t\t<div class=\"elementor-element elementor-element-iwgw-sedna-s0t elementor-widget elementor-widget-text-editor\" data-id=\"iwgw-sedna-s0t\" data-element_type=\"widget\" data-e-type=\"widget\" data-widget_type=\"text-editor.default\">\n\t\t\t\t\t\t\t\t\t<p>Sedna je nejv\u00fdznamn\u011bj\u0161\u00ed numin\u00f3zn\u00ed postavou centr\u00e1ln\u011b arktick\u00e9 tradice <a href=\"https:\/\/iwell-guard.com\/cs\/inuite-arktida-sedna-tornit-praxe\/\">Inuit\u016f<\/a>. Podle tradovan\u00fdch vypr\u00e1v\u011bn\u00ed s\u00eddl\u00ed na dn\u011b mo\u0159e a \u0159\u00edd\u00ed stavy tule\u0148\u016f, velryb a mro\u017e\u016f, na nich\u017e z\u00e1vis\u00ed ob\u017eiva lid\u00ed.<\/p><p>Na rozd\u00edl od mnoha panarktick\u00fdch bo\u017estev disponuje Sedna souvisl\u00fdm vypr\u00e1v\u011bc\u00edm \u017eivotopisem, kter\u00fd ji vykresluje jako b\u00fdvalou lidskou \u017eenu, jej\u00ed\u017e zmrza\u010den\u00ed a potopen\u00ed ji p\u0159ivedlo do postaven\u00ed vl\u00e1dkyn\u011b zv\u00ed\u0159at. Tato vypr\u00e1v\u011bc\u00ed hloubka z n\u00ed d\u011bl\u00e1 religionisticky obzvl\u00e1\u0161t\u011b dob\u0159e zpracovateln\u00fd p\u0159\u00edpad.<\/p><p>V\u011bdecky je Sedna klasifikov\u00e1na jako inkarnace typu vl\u00e1dkyn\u011b zv\u00ed\u0159at, roz\u0161\u00ed\u0159en\u00e9ho na Sibi\u0159i i v Severn\u00ed Americe. Knud Rasmussen, Ann Fienup-Riordanov\u00e1 a Daniel Merkur shodn\u011b uk\u00e1zali, \u017ee jej\u00ed kontrola nad zv\u011b\u0159\u00ed tvo\u0159\u00ed \u00fast\u0159edn\u00ed ekonomicko-n\u00e1bo\u017eensk\u00fd uzel tradi\u010dn\u00ed inuitsk\u00e9 spole\u010dnosti. Kdo poru\u0161uje tabu proti n\u00ed, ten podle inuitsk\u00e9 nauky uzav\u00edr\u00e1 lovn\u00e1 lovi\u0161t\u011b.<\/p><p>Sednina moc nen\u00ed moralizuj\u00edc\u00ed a soud\u00edc\u00ed v z\u00e1padn\u00edm smyslu, n\u00fdbr\u017e \u0159\u00edzen\u00e1 reciprocitou. Zadr\u017euje sv\u00e1 zv\u00ed\u0159ata, nebo je vyd\u00e1v\u00e1, podle toho, zda zp\u016fsob \u017eivota lid\u00ed respektuje jej\u00ed syst\u00e9m tabu.<\/p><p>Tato mechanika je ve v\u00fdzkumu diskutov\u00e1na jako n\u00e1bo\u017eensk\u00e1 ekonomie zdroj\u016f, kter\u00e1 propojuje soci\u00e1ln\u00ed kohezi a regulaci lovu. Sedna je tak z\u00e1rove\u0148 teologickou i spole\u010densko-politickou instanc\u00ed, \u010d\u00edm\u017e se li\u0161\u00ed od mnoha jin\u00fdch bo\u017esk\u00fdch postav.<\/p><p>Proto\u017ee Sedna disponuje neobvykle uzav\u0159en\u00fdm vypr\u00e1v\u011bc\u00edm \u017eivotopisem, nov\u011bj\u0161\u00ed v\u011bdeck\u00fd v\u00fdzkum na n\u00ed testoval sv\u00e9 metodicky roz\u0161\u00ed\u0159en\u00e9 p\u0159\u00edstupy: propojuje etnografickou p\u0159esnost, jazykovou kritiku pramen\u016f a srovn\u00e1vac\u00ed perspektivu. Z\u00e1sadn\u00ed pod\u00edl na tom maj\u00ed dnes badatelky a badatel\u00e9 poch\u00e1zej\u00edc\u00ed p\u0159\u00edmo z inuitsk\u00e9 komunity, kte\u0159\u00ed p\u0159ezkoum\u00e1vaj\u00ed a opravuj\u00ed star\u0161\u00ed, \u010d\u00e1ste\u010dn\u011b koloni\u00e1ln\u011b zabarven\u00e9 v\u00fdklady mo\u0159sk\u00e9 vl\u00e1dkyn\u011b.<\/p>\t\t\t\t\t\t\t\t<\/div>\n\t\t\t\t<\/div>\n\t\t\t\t\t<\/div>\n\t\t\t\t<\/div>\n\t\t<div class=\"elementor-element elementor-element-iwgw-sedna-s1 e-flex e-con-boxed e-con e-parent\" data-id=\"iwgw-sedna-s1\" data-element_type=\"container\" data-e-type=\"container\">\n\t\t\t\t\t<div class=\"e-con-inner\">\n\t\t\t\t<div class=\"elementor-element elementor-element-iwgw-sedna-s1h elementor-widget elementor-widget-heading\" data-id=\"iwgw-sedna-s1h\" data-element_type=\"widget\" data-e-type=\"widget\" data-widget_type=\"heading.default\">\n\t\t\t\t\t<h2 class=\"elementor-heading-title elementor-size-default\">Jm\u00e9no, etymologie a region\u00e1ln\u00ed varianty<\/h2>\t\t\t\t<\/div>\n\t\t<div class=\"elementor-element elementor-element-iwgw-sedna-s1c e-con-full e-flex e-con e-child\" data-id=\"iwgw-sedna-s1c\" data-element_type=\"container\" data-e-type=\"container\">\n\t\t\t\t<div class=\"elementor-element elementor-element-iwgw-sedna-s1t elementor-widget elementor-widget-text-editor\" data-id=\"iwgw-sedna-s1t\" data-element_type=\"widget\" data-e-type=\"widget\" data-widget_type=\"text-editor.default\">\n\t\t\t\t\t\t\t\t\t<p>Dnes b\u011b\u017en\u011b pou\u017e\u00edvan\u00e9 jm\u00e9no Sedna poch\u00e1z\u00ed z inuktitut\u0161tiny oblasti Baffinova ostrova a stalo se <span class=\"iwg-fachbegriff\" data-tooltip=\"N\u00e1le\u017eej\u00edc\u00ed k z\u00e1vazn\u011b uzn\u00e1van\u00e9mu souboru text\u016f n\u00e1bo\u017eenstv\u00ed.\" tabindex=\"0\">kanonick\u00fdm<\/span> d\u00edky z\u00e1pis\u016fm Franze Boase z konce 19. stolet\u00ed. Sednino vlastn\u00ed, <span class=\"iwg-fachbegriff\" data-tooltip=\"Odvracej\u00edc\u00ed ne\u0161t\u011bst\u00ed: o znamen\u00edch a p\u0159edm\u011btech, kter\u00e9 maj\u00ed zabr\u00e1nit \u0161kodliv\u00fdm vliv\u016fm.\" tabindex=\"0\">apotropaicky<\/span> tabuizovan\u00e9 jm\u00e9no se ve vypr\u00e1v\u011bc\u00edch situac\u00edch \u010dasto obch\u00e1z\u00ed. Nam\u00edsto n\u011bj koluj\u00ed \u010destn\u00e1 jm\u00e9na jako Nuliajuk, co\u017e v p\u0159ekladu znamen\u00e1 ta, o ni\u017e se st\u00e1le dvo\u0159\u00ed, a kter\u00e9 dominuje v oblasti Netsilik\u016f a Iglulikupozor.<\/p><p>U Aivilingmiut\u016f a Iglulingmiut\u016f je b\u011b\u017en\u00fd tvar Takannakapsaluk, v Gr\u00f3nsku Arnakuagsak nebo Arnarquassaaq. Region\u00e1ln\u00ed rozmanitost p\u0159esahuje jazykovou rovinu a p\u0159in\u00e1\u0161\u00ed s sebou poka\u017ed\u00e9 m\u00edrn\u011b odli\u0161n\u00e9 mytick\u00e9 linie.<\/p><p>Iglulick\u00e1 varianta tak siln\u011bji zd\u016fraz\u0148uje linie adopce a s\u0148atku, zat\u00edmco baffinsk\u00e1 varianta stav\u00ed do pop\u0159ed\u00ed otce Angutu a drama s lod\u00ed. Na Alja\u0161ce existuj\u00ed p\u0159\u00edbuzn\u00e9 koncepty, kter\u00e9 se v\u0161ak funk\u010dn\u011b \u010d\u00e1ste\u010dn\u011b li\u0161\u00ed od centr\u00e1ln\u011b arktick\u00e9 Sedny.<\/p><p>Etymologicky vykl\u00e1d\u00e1 Daniel Merkur jm\u00e9no Nuliajuk ve smyslu \u017eeny, o ni\u017e neust\u00e1le dvo\u0159\u00ed duchov\u00e9, a spat\u0159uje v tom odraz \u0161amansk\u00e9 cesty: <span class=\"iwg-fachbegriff\" data-tooltip=\"N\u00e1bo\u017eensk\u00fd specialista, kter\u00e9mu se p\u0159ipisuje zprost\u0159edkov\u00e1n\u00ed mezi lidmi a duchovn\u00edm sv\u011btem.\" tabindex=\"0\">\u0161aman<\/span> ji mus\u00ed vyhledat jako dvo\u0159\u00edc\u00ed se \u017eenich, kter\u00fd si z\u00edsk\u00e1v\u00e1 jej\u00ed p\u0159\u00edze\u0148.<\/p><p>Jin\u00e9 tvary jm\u00e9na odr\u00e1\u017eej\u00ed funkci: <em>Arnaq<\/em> znamen\u00e1 prost\u011b \u017eena, <em>nuna<\/em> zemi \u010di sv\u011bt, tak\u017ee p\u0159\u00edzviska jako \u017eena pod mo\u0159em z\u016fst\u00e1vaj\u00ed s\u00e9manticky pr\u016fzra\u010dn\u00e1. Rozmanitost jmen odpov\u00edd\u00e1 religionisticko-fenomenologick\u00e9mu pozorov\u00e1n\u00ed, \u017ee mocn\u00e9 numin\u00f3zn\u00ed postavy b\u00fdvaj\u00ed oslovov\u00e1ny \u010dasto jen opisn\u011b.<\/p>\t\t\t\t\t\t\t\t<\/div>\n\t\t\t\t<\/div>\n\t\t\t\t\t<\/div>\n\t\t\t\t<\/div>\n\t\t<div class=\"elementor-element elementor-element-iwgw-sedna-s2 e-flex e-con-boxed e-con e-parent\" data-id=\"iwgw-sedna-s2\" data-element_type=\"container\" data-e-type=\"container\">\n\t\t\t\t\t<div class=\"e-con-inner\">\n\t\t\t\t<div class=\"elementor-element elementor-element-iwgw-sedna-s2h elementor-widget elementor-widget-heading\" data-id=\"iwgw-sedna-s2h\" data-element_type=\"widget\" data-e-type=\"widget\" data-widget_type=\"heading.default\">\n\t\t\t\t\t<h2 class=\"elementor-heading-title elementor-size-default\">Popis a ikonografie<\/h2>\t\t\t\t<\/div>\n\t\t<div class=\"elementor-element elementor-element-iwgw-sedna-s2c e-con-full e-flex e-con e-child\" data-id=\"iwgw-sedna-s2c\" data-element_type=\"container\" data-e-type=\"container\">\n\t\t\t\t<div class=\"elementor-element elementor-element-iwgw-sedna-s2t elementor-widget elementor-widget-text-editor\" data-id=\"iwgw-sedna-s2t\" data-element_type=\"widget\" data-e-type=\"widget\" data-widget_type=\"text-editor.default\">\n\t\t\t\t\t\t\t\t\t<p>Sedna je v tradovan\u00fdch vypr\u00e1v\u011bn\u00edch popisov\u00e1na jako obrovsk\u00e1 \u017eena na mo\u0159sk\u00e9m dn\u011b, jej\u00ed\u017e ruce bu\u010f zcela chyb\u00ed, nebo se prom\u011bnily v tulen\u00ed ploutve.<\/p><p>Jej\u00ed vlasy jsou dlouh\u00e9, t\u011b\u017ek\u00e9 a trvale zapleten\u00e9, proto\u017ee je bez prst\u016f nem\u016f\u017ee sama pro\u010desat. Z t\u011bchto zapleten\u00fdch vlas\u016f podle n\u011bkolika pod\u00e1n\u00ed vznikaj\u00ed nemoci a nedostatek lovn\u00e9 zv\u011b\u0159e. Tato t\u011blesn\u00e1 zranitelnost je z hlediska religionistick\u00e9 fenomenologie samostatn\u00fdm <span class=\"iwg-fachbegriff\" data-tooltip=\"Opakuj\u00edc\u00ed se obsahov\u00fd prvek v um\u011bn\u00ed nebo vypr\u00e1v\u011bn\u00ed.\" tabindex=\"0\">motivem<\/span>.<\/p><p>Vizu\u00e1ln\u00ed zobrazen\u00ed byla v tradi\u010dn\u00ed kultu\u0159e Inuit\u016f vz\u00e1cn\u00e1, proto\u017ee figurativn\u00ed vyobrazen\u00ed pan\u00ed mo\u0159\u00ed samo o sob\u011b podl\u00e9halo tabu. Teprve sou\u010dasn\u00e9 inuitsk\u00e9 um\u011bn\u00ed od pades\u00e1t\u00fdch let 20. stolet\u00ed, nap\u0159\u00edklad v Cape Dorsetu (Kinngait) a Pangnirtungu, u\u010dinilo ze Sedny ikonograficky uchopiteln\u00fd <span class=\"iwg-fachbegriff\" data-tooltip=\"Opakuj\u00edc\u00ed se obsahov\u00fd prvek v um\u011bn\u00ed nebo vypr\u00e1v\u011bn\u00ed.\" tabindex=\"0\">motiv<\/span>.<\/p><p>Kamenn\u00e9 tisky um\u011blc\u016f jako Ningiukulu Teevee, Kenojuak Ashevak nebo Pitseolak Ashoona ji \u010dasto zobrazuj\u00ed jako bytost s lidsk\u00fdm horn\u00edm t\u011blem a ryb\u00edm ocasem.<\/p><p>Sou\u010dasnou obrazovou tradici je v\u011bdecky t\u0159eba odli\u0161it od tradice p\u0159edk\u0159es\u0165ansk\u00e9. V Rasmussenov\u00fdch z\u00e1pisech \u0161amani vypr\u00e1v\u011bj\u00ed, \u017ee Sednu mohli spat\u0159it jen za zvl\u00e1\u0161tn\u00edch podm\u00ednek transu a \u017ee jak\u00e9koli p\u0159ed\u010dasn\u00e9 zobrazen\u00ed bylo pova\u017eov\u00e1no za neuctiv\u00e9. Dne\u0161n\u00ed obrazov\u00e1 tradice tedy nen\u00ed ani tak zachycen\u00edm historick\u00e9 ikonografie, jako sp\u00ed\u0161e modern\u00edm, vlastn\u00edm p\u0159evzet\u00edm t\u00e9to postavy.<\/p><p>Symbolicky jsou j\u00ed p\u0159i\u0159azena samotn\u00e1 mo\u0159sk\u00e1 zv\u00ed\u0159ata: krou\u017ekovan\u00ed tulen\u00ed, vousat\u00ed tulen\u00ed, mro\u017ei, b\u011bluhy, narvalov\u00e9. Podle vypr\u00e1v\u011bn\u00ed o jej\u00edm vzniku vznikla tato zv\u00ed\u0159ata z odseknut\u00fdch \u010dl\u00e1nk\u016f prst\u016f, co\u017e je etiologick\u00fd <span class=\"iwg-fachbegriff\" data-tooltip=\"Opakuj\u00edc\u00ed se obsahov\u00fd prvek v um\u011bn\u00ed nebo vypr\u00e1v\u011bn\u00ed.\" tabindex=\"0\">motiv<\/span>, kter\u00fd zviditel\u0148uje ekonomickou z\u00e1vislost <span class=\"iwg-fachbegriff\" data-tooltip=\"Ust\u00e1len\u00fd sled symbolick\u00fdch jedn\u00e1n\u00ed s n\u00e1bo\u017eensk\u00fdm nebo kulturn\u00edm v\u00fdznamem.\" tabindex=\"0\">ritual<\/span>.<\/p><p>Kdo ulov\u00ed tulen\u011b, z\u00edskal podle mytologick\u00e9ho n\u00e1hledu kus samotn\u00e9ho Sednina t\u011bla, co\u017e zakl\u00e1d\u00e1 povinnost zach\u00e1zet s n\u00edm s respektem.<\/p>\t\t\t\t\t\t\t\t<\/div>\n\t\t\t\t<\/div>\n\t\t\t\t\t<\/div>\n\t\t\t\t<\/div>\n\t\t<div class=\"elementor-element elementor-element-iwgw-sedna-s3 e-flex e-con-boxed e-con e-parent\" data-id=\"iwgw-sedna-s3\" data-element_type=\"container\" data-e-type=\"container\">\n\t\t\t\t\t<div class=\"e-con-inner\">\n\t\t\t\t<div class=\"elementor-element elementor-element-iwgw-sedna-s3h elementor-widget elementor-widget-heading\" data-id=\"iwgw-sedna-s3h\" data-element_type=\"widget\" data-e-type=\"widget\" data-widget_type=\"heading.default\">\n\t\t\t\t\t<h2 class=\"elementor-heading-title elementor-size-default\">\u00dast\u0159edn\u00ed m\u00fdtus o mrza\u010den\u00ed<\/h2>\t\t\t\t<\/div>\n\t\t<div class=\"elementor-element elementor-element-iwgw-sedna-s3c e-con-full e-flex e-con e-child\" data-id=\"iwgw-sedna-s3c\" data-element_type=\"container\" data-e-type=\"container\">\n\t\t\t\t<div class=\"elementor-element elementor-element-iwgw-sedna-s3t elementor-widget elementor-widget-text-editor\" data-id=\"iwgw-sedna-s3t\" data-element_type=\"widget\" data-e-type=\"widget\" data-widget_type=\"text-editor.default\">\n\t\t\t\t\t\t\t\t\t<p>\u00dast\u0159edn\u00ed vypr\u00e1v\u011bn\u00ed se ve t\u00e9m\u011b\u0159 v\u0161ech variant\u00e1ch \u0159\u00edd\u00ed pevnou z\u00e1kladn\u00ed strukturou, jak dokumentovali Franz Boas, Knud Rasmussen a pozd\u011bji Daniel Merkur. Sedna je dcerou mu\u017ee <a href=\"https:\/\/iwell-guard.com\/cs\/?page_id=145530\">Anguty<\/a>. Odm\u00edt\u00e1 si vz\u00edt lidsk\u00e9ho mu\u017ee.<\/p><p>Nakonec p\u0159ijme n\u00e1padn\u00edka, kter\u00fd se uk\u00e1\u017ee b\u00fdt bou\u0159n\u00fdm pt\u00e1kem, psem nebo nezn\u00e1m\u00fdm cizincem. Po svatb\u011b pozn\u00e1 pravou povahu sv\u00e9ho mu\u017ee a vol\u00e1 po otci.<\/p><p>Anguta ji odvede v umiaku, \u017eensk\u00e9m \u010dlunu. B\u011bhem \u00fat\u011bku bou\u0159n\u00fd pt\u00e1k vyvol\u00e1 nep\u0159\u00edze\u0148 po\u010das\u00ed. Aby zachr\u00e1nil \u010dlun p\u0159ed potopen\u00edm, vhod\u00ed Anguta svou dceru do mo\u0159e.<\/p><p>Kdy\u017e se zachyt\u00ed za okraj \u010dlunu, usekne j\u00ed \u010dl\u00e1nky prst\u016f. Z prvn\u00edho \u010dl\u00e1nku vznikaj\u00ed mal\u00ed tuleni, z druh\u00e9ho vousat\u00ed tulen\u00ed, ze t\u0159et\u00edho mro\u017ei a velryby. Tato postupn\u00e1 geneze mo\u0159sk\u00fdch zv\u00ed\u0159at je typick\u00fdm <span class=\"iwg-fachbegriff\" data-tooltip=\"Opakuj\u00edc\u00ed se obsahov\u00fd prvek v um\u011bn\u00ed nebo vypr\u00e1v\u011bn\u00ed.\" tabindex=\"0\">motivem<\/span> etiologick\u00e9 vypr\u00e1v\u011bc\u00ed literatury.<\/p><p>Sedna zmrza\u010den\u00e1 kles\u00e1 na mo\u0159sk\u00e9 dno a st\u00e1v\u00e1 se tam pan\u00ed zv\u00ed\u0159at. Z\u016fst\u00e1v\u00e1 v ambivalentn\u00edm vztahu k otci, kter\u00fd ji zradil, k lidem, jejich\u017e poru\u0161ov\u00e1n\u00ed tabu j\u00ed zapl\u00e9t\u00e1 vlasy, a k \u0161aman\u016fm, kte\u0159\u00ed k n\u00ed v transu sestupuj\u00ed.<\/p><p>Tento <span class=\"iwg-fachbegriff\" data-tooltip=\"Tradovan\u00fd p\u0159\u00edb\u011bh o boz\u00edch, po\u010d\u00e1tc\u00edch a \u0159\u00e1du sv\u011bta.\" tabindex=\"0\">m\u00fdtus<\/span> je p\u0159edev\u0161\u00edm etiologick\u00fdm modelem vzniku loveck\u00e9 ekonomiky, nikoli m\u00fdtem o trestu. V\u011bdecky jde o paradigmatick\u00fd p\u0159\u00edpad kosmogonick\u00e9 mytologie, v n\u00ed\u017e sv\u011bt vznik\u00e1 ze zran\u011bn\u00ed, nikoli z \u0159\u00e1du.<\/p>\t\t\t\t\t\t\t\t<\/div>\n\t\t\t\t<\/div>\n\t\t\t\t\t<\/div>\n\t\t\t\t<\/div>\n\t\t<div class=\"elementor-element elementor-element-iwgw-sedna-s4 e-flex e-con-boxed e-con e-parent\" data-id=\"iwgw-sedna-s4\" data-element_type=\"container\" data-e-type=\"container\">\n\t\t\t\t\t<div class=\"e-con-inner\">\n\t\t\t\t<div class=\"elementor-element elementor-element-iwgw-sedna-s4h elementor-widget elementor-widget-heading\" data-id=\"iwgw-sedna-s4h\" data-element_type=\"widget\" data-e-type=\"widget\" data-widget_type=\"heading.default\">\n\t\t\t\t\t<h2 class=\"elementor-heading-title elementor-size-default\">\u0160amansk\u00e1 cesta do hlubin<\/h2>\t\t\t\t<\/div>\n\t\t<div class=\"elementor-element elementor-element-iwgw-sedna-s4c e-con-full e-flex e-con e-child\" data-id=\"iwgw-sedna-s4c\" data-element_type=\"container\" data-e-type=\"container\">\n\t\t\t\t<div class=\"elementor-element elementor-element-iwgw-sedna-s4t elementor-widget elementor-widget-text-editor\" data-id=\"iwgw-sedna-s4t\" data-element_type=\"widget\" data-e-type=\"widget\" data-widget_type=\"text-editor.default\">\n\t\t\t\t\t\t\t\t\t<p>Kdy\u017e se loveck\u00e9 \u0161t\u011bst\u00ed dlouho nedostavovalo, bylo podle inuitsk\u00e9 p\u0159edstavy \u00fast\u0159edn\u00ed \u00falohou angakkuqa, \u0161amana, sestoupit k Sedn\u011b. Rasmussen ve sv\u00e9m d\u00edle <em>Intellectual Culture of the Iglulik Eskimos<\/em> podal jeden z nejpodrobn\u011bj\u0161\u00edch popis\u016f t\u00e9to cesty, kter\u00fd se ve v\u011bdeck\u00e9m diskurzu stal standardn\u00ed referenc\u00ed pro bad\u00e1n\u00ed o cirkumpol\u00e1rn\u00edm \u0161amanismu.<\/p><p><span class=\"iwg-fachbegriff\" data-tooltip=\"N\u00e1bo\u017eensk\u00fd specialista, jemu\u017e se p\u0159isuzuje zprost\u0159edkov\u00e1n\u00ed mezi lidmi a duchovn\u00edm sv\u011btem.\" tabindex=\"0\">\u0160aman<\/span> upad\u00e1 do transu prost\u0159ednictv\u00edm bubnov\u00e1n\u00ed, zp\u011bv\u016f a dechov\u00fdch technik. Jeho dvojn\u00edk nebo du\u0161e opou\u0161t\u00ed t\u011blo, proch\u00e1z\u00ed ledovou tundrovou rovinou, p\u0159ekon\u00e1v\u00e1 rotuj\u00edc\u00ed ledovcovou \u00fa\u017einu, drav\u00fd proud s ostr\u00fdmi ledov\u00fdmi krami a nakonec psa, kter\u00fd str\u00e1\u017en\u00ed vchod do Sednina domu.<\/p><p>Po p\u0159\u00edchodu do domu nach\u00e1z\u00ed Sednu se zapleten\u00fdmi vlasy, v nich\u017e se zachytila zv\u00ed\u0159ata.<\/p><p>\u00dakolem \u0161amana je vlasy j\u00ed proh\u0159ebnit, vy\u010distit a chovat se sm\u00ed\u0159liv\u011b. B\u011bhem tohoto \u00fakonu se lidsk\u00e9 spole\u010denstv\u00ed v igl\u00fa pod veden\u00edm pomocn\u00e9ho \u0161amana vyzn\u00e1v\u00e1 ze sv\u00fdch provin\u011bn\u00ed proti tabu.<\/p><p>Teprve kdy\u017e jsou p\u0159estupky vysloveny, Sedna zv\u00ed\u0159ata propust\u00ed. Tuto praxi zpracoval Mircea Eliade v d\u00edle <em><span class=\"iwg-fachbegriff\" data-tooltip=\"N\u00e1bo\u017eensk\u00fd syst\u00e9m, v n\u011bm\u017e specialist\u00e9 komunikuj\u00ed s duchovn\u00edm sv\u011btem.\" tabindex=\"0\">\u0160amanismus<\/span> a archaick\u00e9 techniky ext\u00e1ze<\/em> jako p\u0159\u00edklad \u0161amansk\u00e9 mediace.<\/p><p>Daniel Merkur zd\u016fraz\u0148uje, \u017ee tuto cestu je t\u0159eba ch\u00e1pat jako kolektivn\u00ed krizov\u00fd ritu\u00e1l, v n\u011bm\u017e je ekonomick\u00e1 krize n\u00e1bo\u017eensky symbolizov\u00e1na a spole\u010dn\u011b rozpu\u0161t\u011bna. Jako individu\u00e1ln\u00ed l\u00e9\u010debn\u00e1 praxe by byla nespr\u00e1vn\u011b ch\u00e1p\u00e1na. Soci\u00e1ln\u00ed funkce je p\u0159inejmen\u0161\u00edm stejn\u011b d\u016fle\u017eit\u00e1 jako teologick\u00e1, a v praxi je nelze od sebe odd\u011blit.<\/p>\t\t\t\t\t\t\t\t<\/div>\n\t\t\t\t<\/div>\n\t\t\t\t\t<\/div>\n\t\t\t\t<\/div>\n\t\t<div class=\"elementor-element elementor-element-iwgw-sedna-s5 e-flex e-con-boxed e-con e-parent\" data-id=\"iwgw-sedna-s5\" data-element_type=\"container\" data-e-type=\"container\">\n\t\t\t\t\t<div class=\"e-con-inner\">\n\t\t\t\t<div class=\"elementor-element elementor-element-iwgw-sedna-s5h elementor-widget elementor-widget-heading\" data-id=\"iwgw-sedna-s5h\" data-element_type=\"widget\" data-e-type=\"widget\" data-widget_type=\"heading.default\">\n\t\t\t\t\t<h2 class=\"elementor-heading-title elementor-size-default\">Tabu, pittailiniq a apotropaick\u00e1 praxe<\/h2>\t\t\t\t<\/div>\n\t\t<div class=\"elementor-element elementor-element-iwgw-sedna-s5c e-con-full e-flex e-con e-child\" data-id=\"iwgw-sedna-s5c\" data-element_type=\"container\" data-e-type=\"container\">\n\t\t\t\t<div class=\"elementor-element elementor-element-iwgw-sedna-s5t elementor-widget elementor-widget-text-editor\" data-id=\"iwgw-sedna-s5t\" data-element_type=\"widget\" data-e-type=\"widget\" data-widget_type=\"text-editor.default\">\n\t\t\t\t\t\t\t\t\t<p>Syst\u00e9m tabu, kter\u00fd Sednu obklopuje, je v inuitsk\u00e9m jazyce zn\u00e1m jako <em>pittailiniq<\/em>, co\u017e znamen\u00e1 doslova to, co se nesm\u00ed d\u011blat. Tyto z\u00e1kazy jsou zakotveny v loveck\u00e9 a hospod\u00e1\u0159sk\u00e9 praxi, v k\u0159es\u0165ansk\u00e9m smyslu mor\u00e1ln\u00ed v\u00fdznam nemaj\u00ed.<\/p><p>Kdo sm\u00edch\u00e1 v jednom j\u00eddle maso pozemn\u00edch a mo\u0159sk\u00fdch zv\u00ed\u0159at, kdo \u0159\u00e1dn\u011b neopracuje tulen\u00ed maso, kdo b\u011bhem menstruace porcuje tulen\u011b nebo kdo zataj\u00ed \u00famrt\u00ed v rodin\u011b, ten podle tradice zne\u010di\u0161\u0165uje Sedniny vlasy.<\/p><p><span class=\"iwg-fachbegriff\" data-tooltip=\"Odvracej\u00edc\u00ed ne\u0161t\u011bst\u00ed: o znamen\u00edch a p\u0159edm\u011btech, kter\u00e9 maj\u00ed zabr\u00e1nit \u0161kodliv\u00fdm vliv\u016fm.\" tabindex=\"0\">Apotropaicky<\/span> p\u016fsob\u00ed p\u0159edev\u0161\u00edm povinnost o\u010disty po porodu a \u00famrt\u00ed, odd\u011blen\u00e9 uchov\u00e1v\u00e1n\u00ed n\u00e1stroj\u016f na tulen\u011b a na karibu, zach\u00e1zen\u00ed s prvn\u00edm uloven\u00fdm zv\u00ed\u0159etem a navr\u00e1cen\u00ed vody do tlamy zabit\u00e9ho tulen\u011b jako projev \u00facty.<\/p><p>Toto posledn\u00ed gesto, v odborn\u00e9 literatu\u0159e ozna\u010dovan\u00e9 jako poh\u0159eb tulen\u011b, je pova\u017eov\u00e1no za \u00fast\u0159edn\u00ed projev \u00fat\u011bchy v\u016f\u010di du\u0161i zv\u00ed\u0159ete a nep\u0159\u00edmo v\u016f\u010di Sedn\u011b.<\/p><p>Dolo\u017eeny jsou tak\u00e9 ochrann\u00e9 amulety zvan\u00e9 <em>aarnguaq<\/em>. Mohou b\u00fdt vyrobeny z kost\u00ed, dr\u00e1p\u016f nebo zbytk\u016f zob\u00e1k\u016f zabit\u00fdch zv\u00ed\u0159at a p\u0159ipev\u0148uj\u00ed se kojenc\u016fm nebo lovc\u016fm.<\/p><p>Nefunguj\u00ed magicky ve smyslu mechanick\u00e9ho \u00fa\u010dinku, ale vyjad\u0159uj\u00ed pe\u010dovan\u00fd vztah k nelidsk\u00fdm osob\u00e1m, na nich\u017e z\u00e1vis\u00ed p\u0159e\u017eit\u00ed. Tato vztahov\u00e1 etika v\u00fdrazn\u011b odli\u0161uje inuitsk\u00e9 n\u00e1bo\u017eenstv\u00ed od magicko-instrument\u00e1ln\u00edch tradic.<\/p>\t\t\t\t\t\t\t\t<\/div>\n\t\t\t\t<\/div>\n\t\t\t\t\t<\/div>\n\t\t\t\t<\/div>\n\t\t<div class=\"elementor-element elementor-element-iwgw-sedna-s6 e-flex e-con-boxed e-con e-parent\" data-id=\"iwgw-sedna-s6\" data-element_type=\"container\" data-e-type=\"container\">\n\t\t\t\t\t<div class=\"e-con-inner\">\n\t\t\t\t<div class=\"elementor-element elementor-element-iwgw-sedna-s6h elementor-widget elementor-widget-heading\" data-id=\"iwgw-sedna-s6h\" data-element_type=\"widget\" data-e-type=\"widget\" data-widget_type=\"heading.default\">\n\t\t\t\t\t<h2 class=\"elementor-heading-title elementor-size-default\">Sedna v kontextu cirkumpol\u00e1rn\u00edho n\u00e1bo\u017eenstv\u00ed<\/h2>\t\t\t\t<\/div>\n\t\t<div class=\"elementor-element elementor-element-iwgw-sedna-s6c e-con-full e-flex e-con e-child\" data-id=\"iwgw-sedna-s6c\" data-element_type=\"container\" data-e-type=\"container\">\n\t\t\t\t<div class=\"elementor-element elementor-element-iwgw-sedna-s6t elementor-widget elementor-widget-text-editor\" data-id=\"iwgw-sedna-s6t\" data-element_type=\"widget\" data-e-type=\"widget\" data-widget_type=\"text-editor.default\">\n\t\t\t\t\t\t\t\t\t<p>Z hlediska fenomenologie n\u00e1bo\u017eenstv\u00ed n\u00e1le\u017e\u00ed Sedna do \u0161ir\u0161\u00ed rodiny pan\u00ed zv\u00ed\u0159at, kterou systematicky popsali Adolf Friedrich a pozd\u011bji Otto Zerries pro severn\u00ed Eurasii a Severn\u00ed Ameriku. Paralely nal\u00e9z\u00e1me v \u010duk\u010dsk\u00e9 p\u0159edstav\u011b <em>kelet<\/em>, v korjack\u00fdch a itelmensk\u00fdch pan\u00edch mo\u0159e i v jupick\u00e9 <a href=\"https:\/\/iwell-guard.com\/cs\/?page_id=145535\">Qailertetang<\/a>, kter\u00e1 se v n\u011bkter\u00fdch vypr\u00e1v\u011bn\u00edch objevuje dokonce jako Sednina spole\u010dnice.<\/p><p>V \u0161ir\u0161\u00edm cirkumpol\u00e1rn\u00edm srovn\u00e1n\u00ed se Sedna bl\u00ed\u017e\u00ed finsko-uhersk\u00e9 <em>Mehts\u00e4-Em\u00e4<\/em>, tedy Matce lesa, a s\u00e1msk\u00fdm <a href=\"https:\/\/iwell-guard.com\/cs\/sami-finsko-ugricka-tradice-noaidi-buben\/\">s\u00e1msk\u00fdm<\/a> pan\u00edm zv\u00ed\u0159at, jako je <em>Leibolmm\u00e1i<\/em>. Strukturn\u00ed shoda spo\u010d\u00edv\u00e1 v recipro\u010dn\u00ed logice: \u00falovek je ch\u00e1p\u00e1n jako dar numin\u00f3zn\u00ed bytosti, nikoli jen jako pouh\u00fd zdroj ob\u017eivy.<\/p><p>V subarktick\u00e9m a cirkumpol\u00e1rn\u00edm diskurzu Ann Fienup-Riordan uk\u00e1zala pro tradici <em>Yupik\u016f<\/em>, \u017ee strukturn\u011b podobn\u00e9 postavy se tam objevuj\u00ed jako soubor vztah\u016f a tabu. Jednotn\u00e1 personifikace zde chyb\u00ed.<\/p><p>Naproti tomu tradice Inuit\u016f centr\u00e1ln\u00ed Arktidy t\u00edhne siln\u011bji k personalizaci do jedn\u00e9 velk\u00e9 postavy Sedny. Tento rozd\u00edl uvnit\u0159 cirkumpol\u00e1rn\u00edho prostoru je v\u011bdecky pou\u010dn\u00fd, proto\u017ee ukazuje, \u017ee n\u00e1bo\u017eensk\u00e1 forma nevypl\u00fdv\u00e1 nutn\u011b z ekologick\u00e9 konfigurace.<\/p>\t\t\t\t\t\t\t\t<\/div>\n\t\t\t\t<\/div>\n\t\t\t\t\t<\/div>\n\t\t\t\t<\/div>\n\t\t<div class=\"elementor-element elementor-element-iwgw-sedna-s7 e-flex e-con-boxed e-con e-parent\" data-id=\"iwgw-sedna-s7\" data-element_type=\"container\" data-e-type=\"container\">\n\t\t\t\t\t<div class=\"e-con-inner\">\n\t\t\t\t<div class=\"elementor-element elementor-element-iwgw-sedna-s7h elementor-widget elementor-widget-heading\" data-id=\"iwgw-sedna-s7h\" data-element_type=\"widget\" data-e-type=\"widget\" data-widget_type=\"heading.default\">\n\t\t\t\t\t<h2 class=\"elementor-heading-title elementor-size-default\">Kolonialn\u00ed historie a k\u0159es\u0165ansk\u00e9 p\u0159ekryt\u00ed<\/h2>\t\t\t\t<\/div>\n\t\t<div class=\"elementor-element elementor-element-iwgw-sedna-s7c e-con-full e-flex e-con e-child\" data-id=\"iwgw-sedna-s7c\" data-element_type=\"container\" data-e-type=\"container\">\n\t\t\t\t<div class=\"elementor-element elementor-element-iwgw-sedna-s7t elementor-widget elementor-widget-text-editor\" data-id=\"iwgw-sedna-s7t\" data-element_type=\"widget\" data-e-type=\"widget\" data-widget_type=\"text-editor.default\">\n\t\t\t\t\t\t\t\t\t<p>S mision\u00e1\u0159skou \u010dinnost\u00ed mezi Inuity, kterou od 18. stolet\u00ed vedli morav\u0161t\u00ed a anglik\u00e1n\u0161t\u00ed mision\u00e1\u0159i a kter\u00e1 se v Kanad\u011b vyhrotila v 19. a na po\u010d\u00e1tku 20. stolet\u00ed, se dostal Sedniin <span class=\"iwg-fachbegriff\" data-tooltip=\"Souhrn n\u00e1bo\u017eensk\u00fdch \u00factypln\u00fdch \u00fakon\u016f v\u016f\u010di bo\u017estvu nebo svat\u00e9 postav\u011b.\" tabindex=\"0\">kult<\/span> pod v\u00fdrazn\u00fd tlak.<\/p><p>\u0160amani byli na mnoha m\u00edstech hanobeni jako \u010darod\u011bjov\u00e9 a jejich bubny byly ve\u0159ejn\u011b p\u00e1leny. Praxe Angakkuq v mnoha oblastech form\u00e1ln\u011b zanikla, co\u017e v\u0161ak neznamen\u00e1, \u017ee by vypr\u00e1v\u011bn\u00ed o Sedn\u011b zmizela.<\/p><p>V\u011bdecky dob\u0159e zdokumentovan\u00e1 je jejich transformace do oblasti vypr\u00e1v\u011bn\u00e9 literatury a pozd\u011bji sou\u010dasn\u00e9ho um\u011bn\u00ed. Sedna se stala liter\u00e1rn\u011b-um\u011bleck\u00fdm symbolem identity kulturn\u011b su\u017eovan\u00e9 kolonialismem. Po vzniku \u00fazem\u00ed Nunavut v roce 1999 se stala sou\u010d\u00e1st\u00ed \u0161koln\u00edch osnov a muzejn\u00ed pedagogiky.<\/p><p>Hnut\u00ed za obnovu domorod\u00fdch n\u00e1bo\u017eenstv\u00ed vedlo od 2000. let k znovuobjeven\u00ed \u0161amansk\u00fdch prax\u00ed v odkonfesionalizovan\u00e9 podob\u011b. V\u011bdeck\u00e9 pozorov\u00e1n\u00ed je zde deskriptivn\u00ed: jde o sm\u00ed\u0161enou formu vzpom\u00ednkov\u00e9 praxe, konstrukce identity a \u010d\u00e1ste\u010dn\u00e9 obnovy ritu\u00e1l\u016f, nikoli o nep\u0159eru\u0161enou kontinuitu. Tato postkoloni\u00e1ln\u00ed konfigurace p\u0159edstavuje samostatn\u00e9 v\u011bdeck\u00e9 v\u00fdzkumn\u00e9 pole.<\/p>\t\t\t\t\t\t\t\t<\/div>\n\t\t\t\t<\/div>\n\t\t\t\t\t<\/div>\n\t\t\t\t<\/div>\n\t\t<div class=\"elementor-element elementor-element-iwgw-sedna-s8 e-flex e-con-boxed e-con e-parent\" data-id=\"iwgw-sedna-s8\" data-element_type=\"container\" data-e-type=\"container\">\n\t\t\t\t\t<div class=\"e-con-inner\">\n\t\t\t\t<div class=\"elementor-element elementor-element-iwgw-sedna-s8h elementor-widget elementor-widget-heading\" data-id=\"iwgw-sedna-s8h\" data-element_type=\"widget\" data-e-type=\"widget\" data-widget_type=\"heading.default\">\n\t\t\t\t\t<h2 class=\"elementor-heading-title elementor-size-default\">Sou\u010dasn\u00e1 recepce, v\u00fdzkum a um\u011bn\u00ed<\/h2>\t\t\t\t<\/div>\n\t\t<div class=\"elementor-element elementor-element-iwgw-sedna-s8c e-con-full e-flex e-con e-child\" data-id=\"iwgw-sedna-s8c\" data-element_type=\"container\" data-e-type=\"container\">\n\t\t\t\t<div class=\"elementor-element elementor-element-iwgw-sedna-s8t elementor-widget elementor-widget-text-editor\" data-id=\"iwgw-sedna-s8t\" data-element_type=\"widget\" data-e-type=\"widget\" data-widget_type=\"text-editor.default\">\n\t\t\t\t\t\t\t\t\t<p>V neindigenn\u00ed recepci se Sedna stala nejv\u00fdznamn\u011bj\u0161\u00ed postavou arktick\u00e9ho n\u00e1bo\u017eenstv\u00ed. Astronomicky nese jm\u00e9no 90377 Sedna transneptunick\u00fd objekt objeven\u00fd v roce 2003, co\u017e dokl\u00e1d\u00e1 dosah t\u00e9to postavy nad r\u00e1mec \u00fazce v\u011bdeck\u00e9 oblasti.<\/p><p>V popkultu\u0159e je p\u0159\u00edtomna v rom\u00e1nech, filmech, komiksech a hr\u00e1ch, \u010dasto ve zna\u010dn\u011b zjednodu\u0161en\u00e9, n\u011bkdy problematicky romantizovan\u00e9 podob\u011b.<\/p><p>Uvnit\u0159 samotn\u00fdch inuitsk\u00fdch komunit je postoj k t\u00e9to vn\u011bj\u0161\u00ed recepci ambivalentn\u00ed. Zat\u00edmco viditelnost je v\u00edt\u00e1na jako kulturn\u00ed uzn\u00e1n\u00ed, hlasy jako inuitsk\u00e1 kur\u00e1torka Heather Igloliorte nebo spisovatelka Rachel Qitsualik kritizuj\u00ed, \u017ee extern\u00ed pou\u017eit\u00ed \u010dasto ignoruje n\u00e1bo\u017eensk\u00e9 souvislosti a redukuje postavu na estetickou mo\u0159skou pannu.<\/p><p>V\u011bdeck\u00fd v\u00fdzkum posledn\u00edch dvaceti let, nap\u0159\u00edklad u Fr\u00e9d\u00e9rica Laugranda, Jaricha Oostena a Anny Lie Berthelsen, zd\u016fraz\u0148uje nutnost \u010d\u00edst Sednu jako uzlov\u00fd bod s\u00edt\u011b vztah\u016f mezi lidmi, zv\u00ed\u0159aty a krajinou, nikoli jako izolovan\u00fd obraz bo\u017estva.<\/p><p>V tomto v\u00fdkladu se st\u00e1v\u00e1 kl\u00ed\u010dovou postavou ekologick\u00e9 antropologie n\u00e1bo\u017eenstv\u00ed Arktidy. Tento teoretick\u00fd posun m\u00e1 zna\u010dn\u00fd dopad na ch\u00e1p\u00e1n\u00ed cel\u00e9 arktick\u00e9 n\u00e1bo\u017eensk\u00e9 historie.<\/p>\t\t\t\t\t\t\t\t<\/div>\n\t\t\t\t<\/div>\n\t\t\t\t\t<\/div>\n\t\t\t\t<\/div>\n\t\t<div class=\"elementor-element elementor-element-iwgw-sedna-s9 e-flex e-con-boxed e-con e-parent\" data-id=\"iwgw-sedna-s9\" data-element_type=\"container\" data-e-type=\"container\">\n\t\t\t\t\t<div class=\"e-con-inner\">\n\t\t\t\t<div class=\"elementor-element elementor-element-iwgw-sedna-s9h elementor-widget elementor-widget-heading\" data-id=\"iwgw-sedna-s9h\" data-element_type=\"widget\" data-e-type=\"widget\" data-widget_type=\"heading.default\">\n\t\t\t\t\t<h2 class=\"elementor-heading-title elementor-size-default\">Sedna v lexikonu inuitsk\u00e9 tradice<\/h2>\t\t\t\t<\/div>\n\t\t<div class=\"elementor-element elementor-element-iwgw-sedna-s9c e-con-full e-flex e-con e-child\" data-id=\"iwgw-sedna-s9c\" data-element_type=\"container\" data-e-type=\"container\">\n\t\t\t\t<div class=\"elementor-element elementor-element-iwgw-sedna-s9t elementor-widget elementor-widget-text-editor\" data-id=\"iwgw-sedna-s9t\" data-element_type=\"widget\" data-e-type=\"widget\" data-widget_type=\"text-editor.default\">\n\t\t\t\t\t\t\t\t\t<p>Pro hlub\u0161\u00ed zasazen\u00ed do inuitsk\u00e9ho my\u0161lenkov\u00e9ho sv\u011bta doporu\u010dujeme hesla o <a href=\"https:\/\/iwell-guard.com\/cs\/?page_id=145527\">Sile<\/a>, d\u00fdchac\u00edm prostoru sv\u011bta, o <a href=\"https:\/\/iwell-guard.com\/cs\/?page_id=145530\">Angutovi<\/a>, jej\u00edm otci, o <a href=\"https:\/\/iwell-guard.com\/cs\/?page_id=145528\">Tornarssukovi<\/a>, \u0161amansk\u00e9m pomocn\u00e9m duchu, o <a href=\"https:\/\/iwell-guard.com\/cs\/?page_id=145532\">Nanookovi<\/a>, duchu ledn\u00edho medv\u011bda, a o <a href=\"https:\/\/iwell-guard.com\/cs\/?page_id=145535\">Qailertetang<\/a>, spole\u010dnici p\u0159in\u00e1\u0161ej\u00edc\u00ed po\u010das\u00ed.<\/p><p>Celkov\u00fd religionsjhistorick\u00fd r\u00e1mec poskytuje kulturn\u00ed centrum <a href=\"https:\/\/iwell-guard.com\/cs\/inuite-arktida-sedna-tornit-praxe\/\">Inuitsk\u00e1 tradice<\/a>. Kdo hled\u00e1 souvislost pan\u00ed zv\u00ed\u0159at v jin\u00fdch kultur\u00e1ch, najde u <a href=\"https:\/\/iwell-guard.com\/cs\/sami-finsko-ugricka-tradice-noaidi-buben\/\">s\u00e1msk\u00fdch<\/a> hesel strukturn\u011b podobn\u00e9 konfigurace, nap\u0159\u00edklad u <em>Madderakky<\/em>.<\/p>\t\t\t\t\t\t\t\t<\/div>\n\t\t\t\t<\/div>\n\t\t\t\t\t<\/div>\n\t\t\t\t<\/div>\n\t\t<div class=\"elementor-element elementor-element-cp29452ded e-flex e-con-boxed e-con e-parent\" data-id=\"cp29452ded\" data-element_type=\"container\" data-e-type=\"container\">\n\t\t\t\t\t<div class=\"e-con-inner\">\n\t\t\t\t<div class=\"elementor-element elementor-element-cp24dd8067 elementor-widget elementor-widget-heading\" data-id=\"cp24dd8067\" data-element_type=\"widget\" data-e-type=\"widget\" data-widget_type=\"heading.default\">\n\t\t\t\t\t<h2 class=\"elementor-heading-title elementor-size-default\">Region\u00e1ln\u00ed rozmanitost vypr\u00e1v\u011bn\u00ed a jejich jmen<\/h2>\t\t\t\t<\/div>\n\t\t<div class=\"elementor-element elementor-element-cp24eec498 e-flex e-con-boxed e-con e-child\" data-id=\"cp24eec498\" data-element_type=\"container\" data-e-type=\"container\">\n\t\t\t\t\t<div class=\"e-con-inner\">\n\t\t\t\t<div class=\"elementor-element elementor-element-cp27817669 elementor-widget elementor-widget-text-editor\" data-id=\"cp27817669\" data-element_type=\"widget\" data-e-type=\"widget\" data-widget_type=\"text-editor.default\">\n\t\t\t\t\t\t\t\t\t<p>Sedna nen\u00ed jednotn\u00e9 jm\u00e9no celoarktick\u00e9ho <span class=\"iwg-fachbegriff\" data-tooltip=\"Bytost uct\u00edvan\u00e1 jako bo\u017esk\u00e1 v r\u00e1mci n\u00e1bo\u017eenstv\u00ed.\" tabindex=\"0\">bo\u017estva<\/span>, ale sp\u00ed\u0161e v odborn\u00e9 literatu\u0159e zaveden\u00e9 ozna\u010den\u00ed pro postavu, kter\u00e1 se v r\u016fzn\u00fdch inuitsk\u00fdch a jupick\u00fdch oblastech objevuje pod velmi odli\u0161n\u00fdmi jm\u00e9ny.<\/p><p>U Inuit\u016f z Hudsonova z\u00e1livu a v\u00fdchodn\u00ed Arktidy je zn\u00e1ma jako Nuliajuk nebo Takannaaluk, na z\u00e1pad\u011b se objevuj\u00ed formy jako Arnakuagsak, a samotn\u00e9 jm\u00e9no Sedna poch\u00e1z\u00ed ze z\u00e1pisk\u016f Franze Boase o Baffinov\u011b ostrov\u011b z konce 19. stolet\u00ed.<\/p><p>Tato rozmanitost nen\u00ed nepodstatn\u00e1, naopak odkazuje na region\u00e1ln\u00ed sv\u00e9bytnost jednotliv\u00fdch spole\u010denstv\u00ed. Li\u0161\u00ed se tak\u00e9 samotn\u00e9 vypr\u00e1v\u011bn\u00ed. V n\u011bkter\u00fdch verz\u00edch je pozd\u011bj\u0161\u00ed pan\u00ed mo\u0159e \u017eena, kter\u00e1 se provd\u00e1 za psa nebo za pt\u00e1ka v pta\u010d\u00ed podob\u011b, v jin\u00fdch d\u00edvka, kter\u00e1 se odm\u00edt\u00e1 vd\u00e1t.<\/p><p>Mnoha verz\u00edm je spole\u010dn\u00e9, \u017ee ji otec vezme na kajaku, p\u0159i bou\u0159i je vyhozena p\u0159es palubu a zoufale se dr\u017e\u00ed okraje lodi, dokud j\u00ed nejsou u\u0159\u00edznuty prsty. Z odseknut\u00fdch prst\u016f vznikaj\u00ed mo\u0159\u0161t\u00ed savci.<\/p><p>Hlavn\u00edmi prameny pro Sednu jsou z\u00e1pisky Franze Boase a rozs\u00e1hl\u00e9 materi\u00e1ly p\u00e1t\u00e9 Thulsk\u00e9 expedice pod veden\u00edm Knuda Rasmussena z 20. let 20. stolet\u00ed.<\/p><p>Oba tyto prameny jsou cenn\u00e9, ale jsou filtrov\u00e1ny jazykem, v\u00fdb\u011brem a z\u00e1jmy zapisovatel\u016f. Panarktick\u00e1 Sedna je konstruktem vn\u011bj\u0161\u00edho pohledu. Ka\u017ed\u00e9 tvrzen\u00ed by proto m\u011blo uv\u00e1d\u011bt p\u0159\u00edslu\u0161nou oblast a v n\u00ed pou\u017e\u00edvan\u00e9 jm\u00e9no.<\/p>\t\t\t\t\t\t\t\t<\/div>\n\t\t\t\t\t<\/div>\n\t\t\t\t<\/div>\n\t\t\t\t\t<\/div>\n\t\t\t\t<\/div>\n\t\t<div class=\"elementor-element elementor-element-cp22aea445 e-flex e-con-boxed e-con e-parent\" data-id=\"cp22aea445\" data-element_type=\"container\" data-e-type=\"container\">\n\t\t\t\t\t<div class=\"e-con-inner\">\n\t\t\t\t<div class=\"elementor-element elementor-element-cp292b3d5a elementor-widget elementor-widget-heading\" data-id=\"cp292b3d5a\" data-element_type=\"widget\" data-e-type=\"widget\" data-widget_type=\"heading.default\">\n\t\t\t\t\t<h2 class=\"elementor-heading-title elementor-size-default\">Sestup \u0161amana k pan\u00ed mo\u0159e<\/h2>\t\t\t\t<\/div>\n\t\t<div class=\"elementor-element elementor-element-cp2e8a031f e-flex e-con-boxed e-con e-child\" data-id=\"cp2e8a031f\" data-element_type=\"container\" data-e-type=\"container\">\n\t\t\t\t\t<div class=\"e-con-inner\">\n\t\t\t\t<div class=\"elementor-element elementor-element-cp26b91245 elementor-widget elementor-widget-text-editor\" data-id=\"cp26b91245\" data-element_type=\"widget\" data-e-type=\"widget\" data-widget_type=\"text-editor.default\">\n\t\t\t\t\t\t\t\t\t<p>S p\u0159edstavou, \u017ee pan\u00ed mo\u0159e kontroluje p\u0159\u00edstup k mo\u0159sk\u00fdm savc\u016fm, se poj\u00ed vlastn\u00ed ritu\u00e1ln\u00ed tradice. Pokud tuleni, mro\u017ei a velryby chyb\u011bli a spole\u010denstv\u00ed tak hrozil hlad, pova\u017eovalo se to za znamen\u00ed, \u017ee je pan\u00ed rozhn\u011bvan\u00e1.<\/p><p>Jako p\u0159\u00ed\u010dina byla uv\u00e1d\u011bna poru\u0161en\u00ed tabu, nap\u0159\u00edklad p\u0159estupky spojen\u00e9 s narozen\u00edm, smrt\u00ed nebo zach\u00e1zen\u00edm s uloven\u00fdmi zv\u00ed\u0159aty. Proh\u0159e\u0161ky lid\u00ed se podle t\u00e9to p\u0159edstavy hromadily jako ne\u010distota nebo zapleten\u00e9 vlasy v \u00fa\u010desu pan\u00ed.<\/p><p>V t\u00e9to situaci zas\u00e1hl <em>angakkuq<\/em>, <span class=\"iwg-fachbegriff\" data-tooltip=\"N\u00e1bo\u017eensk\u00fd specialista, jemu\u017e je p\u0159ipisov\u00e1no zprost\u0159edkov\u00e1n\u00ed mezi lidmi a sv\u011btem duch\u016f.\" tabindex=\"0\">\u0161aman<\/span>. Knud Rasmussen zaznamenal z oblasti kolem Hudsonova z\u00e1livu podrobnou zpr\u00e1vu o takov\u00e9m <span class=\"iwg-fachbegriff\" data-tooltip=\"Ust\u00e1len\u00fd, opakuj\u00edc\u00ed se n\u00e1bo\u017eensk\u00fd \u00fakon.\" tabindex=\"0\">ob\u0159adu<\/span>.<\/p><p><span class=\"iwg-fachbegriff\" data-tooltip=\"N\u00e1bo\u017eensk\u00fd specialista, jemu\u017e je p\u0159ipisov\u00e1no zprost\u0159edkov\u00e1n\u00ed mezi lidmi a sv\u011btem duch\u016f.\" tabindex=\"0\">\u0160aman<\/span> se v transu vyd\u00e1v\u00e1 na duchovn\u00ed cestu na mo\u0159sk\u00e9 dno, p\u0159i\u010dem\u017e mus\u00ed p\u0159ekonat p\u0159ek\u00e1\u017eky, nap\u0159\u00edklad propast, ot\u00e1\u010dej\u00edc\u00ed se kus ledu nebo psa, kter\u00fd str\u00e1\u017e\u00ed vchod.<\/p><p>Po p\u0159\u00edchodu do domu pan\u00ed j\u00ed u\u010de\u0161e a uprav\u00ed vlasy, proto\u017ee to sama vzhledem k chyb\u011bj\u00edc\u00edm prst\u016fm nedok\u00e1\u017ee. T\u00edm odstran\u00ed nahromad\u011bnou ne\u010distotu a proh\u0159e\u0161ky.<\/p><p>Na opl\u00e1tku mus\u00ed pan\u00ed znovu uvolnit mo\u0159sk\u00e9 savce. Po n\u00e1vratu z transu <span class=\"iwg-fachbegriff\" data-tooltip=\"N\u00e1bo\u017eensk\u00fd specialista, jemu\u017e je p\u0159ipisov\u00e1no zprost\u0159edkov\u00e1n\u00ed mezi lidmi a sv\u011btem duch\u016f.\" tabindex=\"0\">\u0161aman<\/span> \u010dasto vyz\u00fdval shrom\u00e1\u017ed\u011bn\u00e9, aby otev\u0159en\u011b vyznali sv\u00e1 poru\u0161en\u00ed tabu.<\/p><p>Z v\u011bdeck\u00e9ho hlediska spojuje tento <span class=\"iwg-fachbegriff\" data-tooltip=\"Ust\u00e1len\u00fd, opakuj\u00edc\u00ed se n\u00e1bo\u017eensk\u00fd \u00fakon.\" tabindex=\"0\">ob\u0159ad<\/span> kosmologick\u00e9 vysv\u011btlen\u00ed ne\u00fasp\u011bchu p\u0159i lovu se spole\u010denskou funkc\u00ed: zve\u0159ej\u0148oval skryt\u00e9 provin\u011bn\u00ed a obnovoval \u0159\u00e1d mezi lidmi, zv\u00ed\u0159aty a pan\u00ed mo\u0159e.<\/p>\t\t\t\t\t\t\t\t<\/div>\n\t\t\t\t\t<\/div>\n\t\t\t\t<\/div>\n\t\t\t\t\t<\/div>\n\t\t\t\t<\/div>\n\t\t<div class=\"elementor-element elementor-element-iwgw-sedna-lit e-flex e-con-boxed e-con e-parent\" data-id=\"iwgw-sedna-lit\" data-element_type=\"container\" data-e-type=\"container\">\n\t\t\t\t\t<div class=\"e-con-inner\">\n\t\t\t\t<div class=\"elementor-element elementor-element-iwgw-sedna-lith elementor-widget elementor-widget-heading\" data-id=\"iwgw-sedna-lith\" data-element_type=\"widget\" data-e-type=\"widget\" data-widget_type=\"heading.default\">\n\t\t\t\t\t<h2 class=\"elementor-heading-title elementor-size-default\">Literatura (v\u00fdb\u011br)<\/h2>\t\t\t\t<\/div>\n\t\t<div class=\"elementor-element elementor-element-iwgw-sedna-litc e-con-full e-flex e-con e-child\" data-id=\"iwgw-sedna-litc\" data-element_type=\"container\" data-e-type=\"container\">\n\t\t\t\t<div class=\"elementor-element elementor-element-iwgw-sedna-litt elementor-widget elementor-widget-text-editor\" data-id=\"iwgw-sedna-litt\" data-element_type=\"widget\" data-e-type=\"widget\" data-widget_type=\"text-editor.default\">\n\t\t\t\t\t\t\t\t\t<ul><li><span data-nosnippet>Knud Rasmussen: <em>Intellectual Culture of the Iglulik Eskimos<\/em> (Report of the Fifth Thule Expedition, sv. VII.1, Kopenhagen 1929)<\/span><\/li><li>Franz Boas: <em>The Central Eskimo<\/em> (Washington 1888)<\/li><li><span data-nosnippet>Daniel Merkur: <em>Becoming Half Hidden: Shamanism and <span class=\"iwg-fachbegriff\" data-tooltip=\"Ritu\u00e1ln\u00ed p\u0159echod, jeho\u017e prost\u0159ednictv\u00edm je n\u011bkdo p\u0159ijat do nov\u00e9ho postaven\u00ed nebo spole\u010denstv\u00ed.\" tabindex=\"0\">Iniciace<\/span> among the Inuit<\/em> (Stockholm 1985)<\/span><\/li><li><span data-nosnippet>Ann Fienup-Riordan: <em>Boundaries and Passages: Rule and <span class=\"iwg-fachbegriff\" data-tooltip=\"Regulovan\u00fd sled symbolick\u00fdch \u00fakon\u016f s n\u00e1bo\u017eensk\u00fdm nebo kulturn\u00edm v\u00fdznamem.\" tabindex=\"0\">Ritual<\/span> in Yup&#8217;ik Eskimo Oral Tradition<\/em> (Norman 1994)<\/span><\/li><li>Fr\u00e9d\u00e9ric Laugrand a Jarich Oosten: <em>Inuit Shamanism and Christianity<\/em> (Montreal 2010)<\/li><li>Mircea Eliade: <em><span class=\"iwg-fachbegriff\" data-tooltip=\"N\u00e1bo\u017eensk\u00fd syst\u00e9m, v n\u011bm\u017e specialist\u00e9 komunikuj\u00ed se sv\u011btem duch\u016f.\" tabindex=\"0\">\u0160amanismus<\/span> und archaische Ekstasetechnik<\/em> (Stuttgart 1957)<\/li><\/ul>\t\t\t\t\t\t\t\t<\/div>\n\t\t\t\t<\/div>\n\t\t\t\t\t<\/div>\n\t\t\t\t<\/div>\n\t\t<div class=\"elementor-element elementor-element-iwgkw-add-sedna e-flex e-con-boxed e-con e-parent\" data-id=\"iwgkw-add-sedna\" data-element_type=\"container\" data-e-type=\"container\">\n\t\t\t\t\t<div class=\"e-con-inner\">\n\t\t\t\t<div class=\"elementor-element elementor-element-iwgkw-add-sedna-t elementor-widget elementor-widget-text-editor\" data-id=\"iwgkw-add-sedna-t\" data-element_type=\"widget\" data-e-type=\"widget\" data-widget_type=\"text-editor.default\">\n\t\t\t\t\t\t\t\t\t<p>V inuitsk\u00e9m <span class=\"iwg-fachbegriff\" data-tooltip=\"Souhrn v\u0161ech boh\u016f dan\u00e9ho n\u00e1bo\u017eenstv\u00ed nebo kultury.\" tabindex=\"0\">panteonu<\/span> je Sedna pova\u017eov\u00e1na za <em>str\u00e1\u017ekyni<\/em> mo\u0159sk\u00fdch zv\u00ed\u0159at: tuleni, velryby a ryby podle tradi\u010dn\u00ed p\u0159edstavy vych\u00e1zej\u00ed z jej\u00edho t\u011bla a jsou pod jej\u00ed kontrolou.<\/p><p>Poru\u0161\u00ed-li spole\u010denstv\u00ed pravidla lovu a \u010distoty, str\u00e1\u017ekyn\u011b zv\u00ed\u0159ata zadr\u017e\u00ed, a <em>Angakkoq<\/em> mus\u00ed v transu sestoupit k n\u00ed, aby j\u00ed u\u010desal vlasy a znovu tak otev\u0159el lovi\u0161t\u011b.<\/p>\t\t\t\t\t\t\t\t<\/div>\n\t\t\t\t\t<\/div>\n\t\t\t\t<\/div>\n\t\t<div class=\"elementor-element elementor-element-iwgw-sedna-kwd e-flex e-con-boxed e-con e-parent\" data-id=\"iwgw-sedna-kwd\" data-element_type=\"container\" data-e-type=\"container\">\n\t\t\t\t\t<div class=\"e-con-inner\">\n\t\t<div class=\"elementor-element elementor-element-iwgw-sedna-kwdc e-con-full e-flex e-con e-child\" data-id=\"iwgw-sedna-kwdc\" data-element_type=\"container\" data-e-type=\"container\">\n\t\t\t\t<div class=\"elementor-element elementor-element-iwgw-sedna-kwdt elementor-widget elementor-widget-text-editor\" data-id=\"iwgw-sedna-kwdt\" data-element_type=\"widget\" data-e-type=\"widget\" data-widget_type=\"text-editor.default\">\n\t\t\t\t\t\t\t\t\t<p><em>Souvisej\u00edc\u00ed kl\u00ed\u010dov\u00e9 pojmy: Sedna Nuliajuk Takannakapsaluk Angakkuq Iglulik Pan\u00ed mo\u0159e Pan\u00ed tule\u0148\u016f Pittailiniq.<\/em><\/p>\t\t\t\t\t\t\t\t<\/div>\n\t\t\t\t<\/div>\n\t\t\t\t\t<\/div>\n\t\t\t\t<\/div>\n\t\t<div class=\"elementor-element elementor-element-iwgw-sedna-cc e-flex e-con-boxed e-con e-parent\" data-id=\"iwgw-sedna-cc\" data-element_type=\"container\" data-e-type=\"container\" id=\"iwg-cc-sedna\">\n\t\t\t\t\t<div class=\"e-con-inner\">\n\t\t<div class=\"elementor-element elementor-element-iwgw-sedna-ccinner e-flex e-con-boxed e-con e-parent\" data-id=\"iwgw-sedna-ccinner\" data-element_type=\"container\" data-e-type=\"container\" data-settings=\"{&quot;background_background&quot;:&quot;classic&quot;}\">\n\t\t\t\t\t<div class=\"e-con-inner\">\n\t\t\t\t<div class=\"elementor-element elementor-element-iwgw-sedna-cch elementor-widget elementor-widget-heading\" data-id=\"iwgw-sedna-cch\" data-element_type=\"widget\" data-e-type=\"widget\" data-widget_type=\"heading.default\">\n\t\t\t\t\t<h2 class=\"elementor-heading-title elementor-size-default\">iWell Guard a ochrann\u00e9 tradice<\/h2>\t\t\t\t<\/div>\n\t\t\t\t<div class=\"elementor-element elementor-element-iwgw-sedna-cct elementor-widget elementor-widget-text-editor\" data-id=\"iwgw-sedna-cct\" data-element_type=\"widget\" data-e-type=\"widget\" data-widget_type=\"text-editor.default\">\n\t\t\t\t\t\t\t\t\t<div data-nosnippet=\"true\"><p>iWell Guard navazuje na kulturn\u011b historickou tradici p\u0159enosn\u00fdch ochrann\u00fdch p\u0159edm\u011bt\u016f, v tradici <a href=\"https:\/\/iwell-guard.com\/cs\/inuite-arktida-sedna-tornit-praxe\/\">Inuit\u016f<\/a> a mnoha dal\u0161\u00edch kultur po cel\u00e9m sv\u011bt\u011b. 41 vrstev, ryz\u00ed zlato, platina, st\u0159\u00edbro, vyrobeno v N\u011bmecku. 30denn\u00ed pr\u00e1vo na vr\u00e1cen\u00ed.<\/p><\/div>\t\t\t\t\t\t\t\t<\/div>\n\t\t\t\t<div class=\"elementor-element elementor-element-iwgw-sedna-ccb iwg-cc-button iwg-cc-cta-2026-05-13 elementor-widget elementor-widget-jet-button\" data-id=\"iwgw-sedna-ccb\" data-element_type=\"widget\" data-e-type=\"widget\" data-widget_type=\"jet-button.default\">\n\t\t\t\t<div class=\"elementor-widget-container\">\n\t\t\t\t\t<div class=\"elementor-jet-button jet-elements\"><div class=\"jet-button__container\"><a class=\"jet-button__instance jet-button__instance--icon-left hover-effect-1\" href=\"\/ueber-iwell-guard\/?utm_source=iwell-guard.com&amp;utm_medium=info-box&amp;utm_campaign=wesen-tradition\"><div class=\"jet-button__plane jet-button__plane-normal\"><\/div><div class=\"jet-button__plane jet-button__plane-hover\"><\/div><div class=\"jet-button__state jet-button__state-normal\"><span class=\"jet-button__label\">V\u00edce o iWell Guard<\/span><\/div><div class=\"jet-button__state jet-button__state-hover\"><span class=\"jet-button__label\">V\u00edce o iWell Guard<\/span><\/div><\/a><\/div><\/div><style>.elementor-element.elementor-element-iwgw-sedna-ccb .jet-button__instance{width:320px;height:56px;}.elementor-element.elementor-element-iwgw-sedna-ccb .jet-button__state-normal .jet-button__label{text-align:center;margin:0px 0px 0px 0px;color:#1a1b20;font-family:Montserrat,sans-serif;font-size:13px;font-weight:400;letter-spacing:4px;line-height:1.714em;text-transform:uppercase;}.elementor-element.elementor-element-iwgw-sedna-ccb .jet-button__state-hover .jet-button__label{text-align:center;margin:0px 0px 0px 0px;color:#FECC76;font-family:Montserrat,sans-serif;font-size:13px;font-weight:400;letter-spacing:4px;line-height:1.714em;text-transform:uppercase;}.elementor-element.elementor-element-iwgw-sedna-ccb .jet-button__plane-normal{background-color:#FECC76;border-style:solid;border-color:#C99540;border-width:2px 2px 2px 2px;}.elementor-element.elementor-element-iwgw-sedna-ccb .jet-button__plane-hover{background-color:rgba(0,0,0,0.55);border-style:solid;border-color:#FECC76;border-width:2px 2px 2px 2px;}<\/style>\t\t\t\t<\/div>\n\t\t\t\t<\/div>\n\t\t\t\t<div class=\"elementor-element elementor-element-iwgw-sedna-ccd elementor-widget elementor-widget-text-editor\" data-id=\"iwgw-sedna-ccd\" data-element_type=\"widget\" data-e-type=\"widget\" data-widget_type=\"text-editor.default\">\n\t\t\t\t\t\t\t\t\t<div data-nosnippet=\"true\"><p style=\"text-align:center;font-size:13px;opacity:0.7;margin-top:14px\" data-nosnippet=\"true\">Osobn\u00ed zku\u0161enosti se mohou li\u0161it. Nejedn\u00e1 se o zdravotnick\u00fd prost\u0159edek. Nen\u00ed slibem l\u00e9\u010div\u00e9ho \u00fa\u010dinku.<\/p><\/div>\t\t\t\t\t\t\t\t<\/div>\n\t\t\t\t\t<\/div>\n\t\t\t\t<\/div>\n\t\t\t\t\t<\/div>\n\t\t\t\t<\/div>\n\t\t<div class=\"elementor-element elementor-element-iwgw-sedna-disc e-flex e-con-boxed e-con e-parent\" data-id=\"iwgw-sedna-disc\" data-element_type=\"container\" data-e-type=\"container\">\n\t\t\t\t\t<div class=\"e-con-inner\">\n\t\t\t\t<div class=\"elementor-element elementor-element-iwgw-sedna-discw elementor-widget elementor-widget-html\" data-id=\"iwgw-sedna-discw\" data-element_type=\"widget\" data-e-type=\"widget\" data-widget_type=\"html.default\">\n\t\t\t\t\t<footer data-nosnippet=\"true\" class=\"iwg-disclaimer-block\"><p data-nosnippet=\"true\">iWell Guard <strong>nen\u00ed zdravotnick\u00fd prost\u0159edek<\/strong> a nenahrazuje l\u00e9ka\u0159skou ani psychoterapeutickou l\u00e9\u010dbu. Religionistick\u00fd obsah p\u0159edstavuje kulturn\u011b-historick\u00e9 za\u0159azen\u00ed, nikoli doporu\u010den\u00ed duchovn\u00ed praxe.<\/p><\/footer>\t\t\t\t<\/div>\n\t\t\t\t\t<\/div>\n\t\t\t\t<\/div>\n\t\t\t\t<\/div>\n\t\t","protected":false},"excerpt":{"rendered":"","protected":false},"author":3,"featured_media":2885,"parent":0,"menu_order":0,"comment_status":"closed","ping_status":"closed","template":"elementor_header_footer","meta":{"_yoast_wpseo_focuskw":"Sedna inuitsk\u00e1 mo\u0159sk\u00e1 bohyn\u011b","_yoast_wpseo_title":"Sedna \u2013 vl\u00e1dkyn\u011b mo\u0159\u00ed Inuit\u016f, m\u00fdtus a kult","_yoast_wpseo_metadesc":"Sedna je pova\u017eov\u00e1na za vl\u00e1dkyni mo\u0159sk\u00fdch zv\u00ed\u0159at v inuitsk\u00e9m panteonu. Religionistick\u00e9 za\u0159azen\u00ed: m\u00fdtus, \u0161amansk\u00e1 praxe, prameny.","_yoast_wpseo_meta-robots-noindex":"","_yoast_wpseo_canonical":"","_angie_page":false,"gefaehrdungsstufe":"3","wesen_kultur":"inuit","wesen_klasse":"geister","footnotes":""},"categories":[],"class_list":["post-145526","page","type-page","status-publish","has-post-thumbnail","hentry"],"yoast_head":"<!-- This site is optimized with the Yoast SEO Premium plugin v27.7 (Yoast SEO v28.3) - https:\/\/yoast.com\/product\/yoast-seo-premium-wordpress\/ -->\n<title>Sedna \u2013 vl\u00e1dkyn\u011b mo\u0159\u00ed Inuit\u016f, m\u00fdtus a kult<\/title>\n<meta name=\"description\" content=\"Sedna je pova\u017eov\u00e1na za vl\u00e1dkyni mo\u0159sk\u00fdch zv\u00ed\u0159at v inuitsk\u00e9m panteonu. Religionistick\u00e9 za\u0159azen\u00ed: m\u00fdtus, \u0161amansk\u00e1 praxe, prameny.\" \/>\n<meta name=\"robots\" content=\"index, follow, max-snippet:-1, max-image-preview:large, max-video-preview:-1\" \/>\n<link rel=\"canonical\" href=\"https:\/\/iwell-guard.com\/cs\/sedna-vladkyne-mori-inuitu\/\" \/>\n<meta property=\"og:locale\" content=\"cs_CZ\" \/>\n<meta property=\"og:type\" content=\"article\" \/>\n<meta property=\"og:title\" content=\"Sedna \u2013 vl\u00e1dkyn\u011b mo\u0159\u00ed Inuit\u016f\" \/>\n<meta property=\"og:description\" content=\"Sedna je pova\u017eov\u00e1na za vl\u00e1dkyni mo\u0159sk\u00fdch zv\u00ed\u0159at v inuitsk\u00e9m panteonu. Religionistick\u00e9 za\u0159azen\u00ed: m\u00fdtus, \u0161amansk\u00e1 praxe, prameny.\" \/>\n<meta property=\"og:url\" content=\"https:\/\/iwell-guard.com\/cs\/sedna-vladkyne-mori-inuitu\/\" \/>\n<meta property=\"og:site_name\" content=\"iWell Guard\" \/>\n<meta property=\"article:modified_time\" content=\"2026-09-03T16:58:24+00:00\" \/>\n<meta property=\"og:image\" content=\"https:\/\/iwell-guard.com\/wp-content\/uploads\/2026\/05\/goetter_inuit_sedna-1.webp\" \/>\n\t<meta property=\"og:image:width\" content=\"1024\" \/>\n\t<meta property=\"og:image:height\" content=\"1536\" \/>\n\t<meta property=\"og:image:type\" content=\"image\/webp\" \/>\n<meta name=\"twitter:card\" content=\"summary_large_image\" \/>\n<script type=\"application\/ld+json\" class=\"yoast-schema-graph\">{\"@context\":\"https:\\\/\\\/schema.org\",\"@graph\":[{\"@type\":\"WebPage\",\"@id\":\"https:\\\/\\\/iwell-guard.com\\\/cs\\\/sedna-vladkyne-mori-inuitu\\\/\",\"url\":\"https:\\\/\\\/iwell-guard.com\\\/cs\\\/sedna-vladkyne-mori-inuitu\\\/\",\"name\":\"Sedna \u2013 vl\u00e1dkyn\u011b mo\u0159\u00ed Inuit\u016f, m\u00fdtus a kult\",\"isPartOf\":{\"@id\":\"https:\\\/\\\/iwell-guard.com\\\/cs\\\/#website\"},\"primaryImageOfPage\":{\"@id\":\"https:\\\/\\\/iwell-guard.com\\\/cs\\\/sedna-vladkyne-mori-inuitu\\\/#primaryimage\"},\"image\":{\"@id\":\"https:\\\/\\\/iwell-guard.com\\\/cs\\\/sedna-vladkyne-mori-inuitu\\\/#primaryimage\"},\"thumbnailUrl\":\"https:\\\/\\\/iwell-guard.com\\\/wp-content\\\/uploads\\\/2026\\\/05\\\/goetter_inuit_sedna-1.webp\",\"datePublished\":\"2026-09-03T16:31:14+00:00\",\"dateModified\":\"2026-09-03T16:58:24+00:00\",\"description\":\"Sedna je pova\u017eov\u00e1na za vl\u00e1dkyni mo\u0159sk\u00fdch zv\u00ed\u0159at v inuitsk\u00e9m panteonu. Religionistick\u00e9 za\u0159azen\u00ed: m\u00fdtus, \u0161amansk\u00e1 praxe, prameny.\",\"breadcrumb\":{\"@id\":\"https:\\\/\\\/iwell-guard.com\\\/cs\\\/sedna-vladkyne-mori-inuitu\\\/#breadcrumb\"},\"inLanguage\":\"cs\",\"potentialAction\":[{\"@type\":\"ReadAction\",\"target\":[\"https:\\\/\\\/iwell-guard.com\\\/cs\\\/sedna-vladkyne-mori-inuitu\\\/\"]}]},{\"@type\":\"ImageObject\",\"inLanguage\":\"cs\",\"@id\":\"https:\\\/\\\/iwell-guard.com\\\/cs\\\/sedna-vladkyne-mori-inuitu\\\/#primaryimage\",\"url\":\"https:\\\/\\\/iwell-guard.com\\\/wp-content\\\/uploads\\\/2026\\\/05\\\/goetter_inuit_sedna-1.webp\",\"contentUrl\":\"https:\\\/\\\/iwell-guard.com\\\/wp-content\\\/uploads\\\/2026\\\/05\\\/goetter_inuit_sedna-1.webp\",\"width\":1024,\"height\":1536,\"caption\":\"Bohov\u00e9 z inuitsk\u00e9 tradice.\"},{\"@type\":\"BreadcrumbList\",\"@id\":\"https:\\\/\\\/iwell-guard.com\\\/cs\\\/sedna-vladkyne-mori-inuitu\\\/#breadcrumb\",\"itemListElement\":[{\"@type\":\"ListItem\",\"position\":1,\"name\":\"Start\",\"item\":\"https:\\\/\\\/iwell-guard.com\\\/cs\\\/?page_id=145107\"},{\"@type\":\"ListItem\",\"position\":2,\"name\":\"Sedna \u2013 vl\u00e1dkyn\u011b mo\u0159\u00ed Inuit\u016f\"}]},{\"@type\":\"WebSite\",\"@id\":\"https:\\\/\\\/iwell-guard.com\\\/cs\\\/#website\",\"url\":\"https:\\\/\\\/iwell-guard.com\\\/cs\\\/\",\"name\":\"iWell Guard\",\"description\":\"Schutz vor dunklen Einfl\u00fcssen\",\"publisher\":{\"@id\":\"https:\\\/\\\/iwell-guard.com\\\/cs\\\/#organization\"},\"potentialAction\":[{\"@type\":\"SearchAction\",\"target\":{\"@type\":\"EntryPoint\",\"urlTemplate\":\"https:\\\/\\\/iwell-guard.com\\\/cs\\\/?s={search_term_string}\"},\"query-input\":{\"@type\":\"PropertyValueSpecification\",\"valueRequired\":true,\"valueName\":\"search_term_string\"}}],\"inLanguage\":\"cs\"},{\"@type\":\"Organization\",\"@id\":\"https:\\\/\\\/iwell-guard.com\\\/cs\\\/#organization\",\"name\":\"Ittermann electronic GmbH\",\"url\":\"https:\\\/\\\/iwell-guard.com\\\/cs\\\/\",\"logo\":{\"@type\":\"ImageObject\",\"inLanguage\":\"cs\",\"@id\":\"https:\\\/\\\/iwell-guard.com\\\/cs\\\/#\\\/schema\\\/logo\\\/image\\\/\",\"url\":\"https:\\\/\\\/iwell-guard.com\\\/wp-content\\\/uploads\\\/2026\\\/05\\\/Ittermann-Logo-1182x237-1.png\",\"contentUrl\":\"https:\\\/\\\/iwell-guard.com\\\/wp-content\\\/uploads\\\/2026\\\/05\\\/Ittermann-Logo-1182x237-1.png\",\"width\":1182,\"height\":237,\"caption\":\"Ittermann electronic GmbH\"},\"image\":{\"@id\":\"https:\\\/\\\/iwell-guard.com\\\/cs\\\/#\\\/schema\\\/logo\\\/image\\\/\"},\"sameAs\":[\"https:\\\/\\\/pantip.com\\\/profile\\\/9367242\",\"https:\\\/\\\/micro.blog\\\/iwellguard\",\"https:\\\/\\\/www.diggerslist.com\\\/iwellguard\\\/about\",\"https:\\\/\\\/skitterphoto.com\\\/photographers\\\/2870314\\\/iwell-guard\",\"https:\\\/\\\/iwellguard.wordpress.com\\\/2026\\\/06\\\/06\\\/iwell-guard\\\/\",\"https:\\\/\\\/hub.docker.com\\\/u\\\/iwellguard\",\"https:\\\/\\\/www.pinterest.com\\\/iwellguard\\\/\",\"https:\\\/\\\/bit.ly\\\/m\\\/iwellguard\",\"https:\\\/\\\/entre-vos-mains.alsace.eu\\\/profiles\\\/iwellguard\\\/activity\",\"https:\\\/\\\/gravatar.com\\\/reallybeded8fd34\",\"https:\\\/\\\/naijamatta.com\\\/iwellguard\",\"https:\\\/\\\/www.goodreads.com\\\/iwellguard\",\"https:\\\/\\\/profile.hatena.ne.jp\\\/iwellguard\\\/\",\"https:\\\/\\\/experiment.com\\\/users\\\/iwellguard\",\"https:\\\/\\\/wakelet.com\\\/@iWellGuard82270\",\"https:\\\/\\\/www.chordie.com\\\/forum\\\/profile.php?id=2555664\",\"https:\\\/\\\/www.instapaper.com\\\/p\\\/17757966\",\"https:\\\/\\\/www.mapleprimes.com\\\/users\\\/iwellguard\",\"https:\\\/\\\/businesslistingplus.com\\\/profile\\\/iwell-guard\\\/\",\"https:\\\/\\\/telegra.ph\\\/iWell-Guard-06-06\",\"https:\\\/\\\/pbase.com\\\/iwellguard\\\/iwellguard\",\"https:\\\/\\\/b.hatena.ne.jp\\\/iwellguard\\\/20260607#bookmark-4788405196491818882\",\"https:\\\/\\\/fliphtml5.com\\\/home\\\/iwellguard\",\"https:\\\/\\\/anyflip.com\\\/homepage\\\/cmiwl#About\",\"https:\\\/\\\/transfur.com\\\/Users\\\/iwellguard\",\"http:\\\/\\\/delphi.larsbo.org\\\/user\\\/iwellguard\",\"https:\\\/\\\/jobs.lajobsportal.org\\\/profiles\\\/8380803-iwell-guard\",\"https:\\\/\\\/md.chaosdorf.de\\\/s\\\/jfbe5SBdJD\",\"https:\\\/\\\/www.lingvolive.com\\\/en-us\\\/profile\\\/9ecaeaca-ce11-4e51-9e71-01d55e2bff36\\\/translations\",\"https:\\\/\\\/www.fitday.com\\\/fitness\\\/forums\\\/members\\\/iwellguard.html\",\"https:\\\/\\\/www.mymeetbook.com\\\/iwellguard\",\"https:\\\/\\\/pxhere.com\\\/en\\\/photographer-me\\\/5040798\",\"https:\\\/\\\/disqus.com\\\/by\\\/iwellguard\\\/about\\\/\",\"https:\\\/\\\/pastelink.net\\\/hjwciqwq\",\"https:\\\/\\\/pubhtml5.com\\\/homepage\\\/scjhn\\\/\",\"https:\\\/\\\/www.bitchute.com\\\/channel\\\/2O2eOKzNqujT\",\"https:\\\/\\\/audiomack.com\\\/iwellguard\"]},{\"@type\":\"Article\",\"@id\":\"https:\\\/\\\/iwell-guard.com\\\/cs\\\/sedna-vladkyne-mori-inuitu\\\/#article\",\"isPartOf\":{\"@id\":\"https:\\\/\\\/iwell-guard.com\\\/cs\\\/sedna-vladkyne-mori-inuitu\\\/\"},\"author\":{\"name\":\"Ralf Ittermann\",\"@id\":\"https:\\\/\\\/iwell-guard.com\\\/cs\\\/#\\\/schema\\\/person\\\/ee2a27f1cac3406c7c6fb5820cb7349f\"},\"headline\":\"Sedna \u2013 vl\u00e1dkyn\u011b mo\u0159\u00ed Inuit\u016f\",\"datePublished\":\"2026-09-03T16:31:14+00:00\",\"dateModified\":\"2026-09-03T16:58:24+00:00\",\"mainEntityOfPage\":{\"@id\":\"https:\\\/\\\/iwell-guard.com\\\/cs\\\/sedna-vladkyne-mori-inuitu\\\/\"},\"publisher\":{\"@id\":\"https:\\\/\\\/iwell-guard.com\\\/cs\\\/#organization\"},\"image\":{\"@id\":\"https:\\\/\\\/iwell-guard.com\\\/cs\\\/sedna-vladkyne-mori-inuitu\\\/#primaryimage\"},\"thumbnailUrl\":\"https:\\\/\\\/iwell-guard.com\\\/wp-content\\\/uploads\\\/2026\\\/05\\\/goetter_inuit_sedna-1.webp\",\"inLanguage\":\"cs\",\"description\":\"Sedna je pova\u017eov\u00e1na za vl\u00e1dkyni mo\u0159sk\u00fdch zv\u00ed\u0159at v inuitsk\u00e9m panteonu. Religionistick\u00e9 za\u0159azen\u00ed: m\u00fdtus, \u0161amansk\u00e1 praxe, prameny.\"}]}<\/script>\n<!-- \/ Yoast SEO Premium plugin. -->","yoast_head_json":{"title":"Sedna \u2013 vl\u00e1dkyn\u011b mo\u0159\u00ed Inuit\u016f, m\u00fdtus a kult","description":"Sedna je pova\u017eov\u00e1na za vl\u00e1dkyni mo\u0159sk\u00fdch zv\u00ed\u0159at v inuitsk\u00e9m panteonu. Religionistick\u00e9 za\u0159azen\u00ed: m\u00fdtus, \u0161amansk\u00e1 praxe, prameny.","robots":{"index":"index","follow":"follow","max-snippet":"max-snippet:-1","max-image-preview":"max-image-preview:large","max-video-preview":"max-video-preview:-1"},"canonical":"https:\/\/iwell-guard.com\/cs\/sedna-vladkyne-mori-inuitu\/","og_locale":"cs_CZ","og_type":"article","og_title":"Sedna \u2013 vl\u00e1dkyn\u011b mo\u0159\u00ed Inuit\u016f","og_description":"Sedna je pova\u017eov\u00e1na za vl\u00e1dkyni mo\u0159sk\u00fdch zv\u00ed\u0159at v inuitsk\u00e9m panteonu. Religionistick\u00e9 za\u0159azen\u00ed: m\u00fdtus, \u0161amansk\u00e1 praxe, prameny.","og_url":"https:\/\/iwell-guard.com\/cs\/sedna-vladkyne-mori-inuitu\/","og_site_name":"iWell Guard","article_modified_time":"2026-09-03T16:58:24+00:00","og_image":[{"width":1024,"height":1536,"url":"https:\/\/iwell-guard.com\/wp-content\/uploads\/2026\/05\/goetter_inuit_sedna-1.webp","type":"image\/webp"}],"twitter_card":"summary_large_image","schema":{"@context":"https:\/\/schema.org","@graph":[{"@type":"Article","@id":"https:\/\/iwell-guard.com\/cs\/sedna-vladkyne-mori-inuitu\/#article","isPartOf":{"@id":"https:\/\/iwell-guard.com\/cs\/sedna-vladkyne-mori-inuitu\/"},"author":{"name":"Ralf Ittermann","@id":"https:\/\/iwell-guard.com\/cs\/#\/schema\/person\/ee2a27f1cac3406c7c6fb5820cb7349f"},"headline":"Sedna \u2013 vl\u00e1dkyn\u011b mo\u0159\u00ed Inuit\u016f","datePublished":"2026-09-03T16:31:14+00:00","dateModified":"2026-09-03T16:58:24+00:00","mainEntityOfPage":{"@id":"https:\/\/iwell-guard.com\/cs\/sedna-vladkyne-mori-inuitu\/"},"publisher":{"@id":"https:\/\/iwell-guard.com\/cs\/#organization"},"image":{"@id":"https:\/\/iwell-guard.com\/cs\/sedna-vladkyne-mori-inuitu\/#primaryimage"},"thumbnailUrl":"https:\/\/iwell-guard.com\/wp-content\/uploads\/2026\/05\/goetter_inuit_sedna-1.webp","inLanguage":"cs","description":"Sedna je pova\u017eov\u00e1na za vl\u00e1dkyni mo\u0159sk\u00fdch zv\u00ed\u0159at v inuitsk\u00e9m panteonu. Religionistick\u00e9 za\u0159azen\u00ed: m\u00fdtus, \u0161amansk\u00e1 praxe, prameny."},{"@type":"WebPage","@id":"https:\/\/iwell-guard.com\/cs\/sedna-vladkyne-mori-inuitu\/","url":"https:\/\/iwell-guard.com\/cs\/sedna-vladkyne-mori-inuitu\/","name":"Sedna \u2013 vl\u00e1dkyn\u011b mo\u0159\u00ed Inuit\u016f, m\u00fdtus a kult","isPartOf":{"@id":"https:\/\/iwell-guard.com\/cs\/#website"},"primaryImageOfPage":{"@id":"https:\/\/iwell-guard.com\/cs\/sedna-vladkyne-mori-inuitu\/#primaryimage"},"image":{"@id":"https:\/\/iwell-guard.com\/cs\/sedna-vladkyne-mori-inuitu\/#primaryimage"},"thumbnailUrl":"https:\/\/iwell-guard.com\/wp-content\/uploads\/2026\/05\/goetter_inuit_sedna-1.webp","datePublished":"2026-09-03T16:31:14+00:00","dateModified":"2026-09-03T16:58:24+00:00","description":"Sedna je pova\u017eov\u00e1na za vl\u00e1dkyni mo\u0159sk\u00fdch zv\u00ed\u0159at v inuitsk\u00e9m panteonu. Religionistick\u00e9 za\u0159azen\u00ed: m\u00fdtus, \u0161amansk\u00e1 praxe, prameny.","breadcrumb":{"@id":"https:\/\/iwell-guard.com\/cs\/sedna-vladkyne-mori-inuitu\/#breadcrumb"},"inLanguage":"cs","potentialAction":[{"@type":"ReadAction","target":["https:\/\/iwell-guard.com\/cs\/sedna-vladkyne-mori-inuitu\/"]}]},{"@type":"ImageObject","inLanguage":"cs","@id":"https:\/\/iwell-guard.com\/cs\/sedna-vladkyne-mori-inuitu\/#primaryimage","url":"https:\/\/iwell-guard.com\/wp-content\/uploads\/2026\/05\/goetter_inuit_sedna-1.webp","contentUrl":"https:\/\/iwell-guard.com\/wp-content\/uploads\/2026\/05\/goetter_inuit_sedna-1.webp","width":1024,"height":1536,"caption":"Bohov\u00e9 z inuitsk\u00e9 tradice."},{"@type":"BreadcrumbList","@id":"https:\/\/iwell-guard.com\/cs\/sedna-vladkyne-mori-inuitu\/#breadcrumb","itemListElement":[{"@type":"ListItem","position":1,"name":"Start","item":"https:\/\/iwell-guard.com\/cs\/?page_id=145107"},{"@type":"ListItem","position":2,"name":"Sedna \u2013 vl\u00e1dkyn\u011b mo\u0159\u00ed Inuit\u016f"}]},{"@type":"WebSite","@id":"https:\/\/iwell-guard.com\/cs\/#website","url":"https:\/\/iwell-guard.com\/cs\/","name":"iWell Guard","description":"Schutz vor dunklen Einfl\u00fcssen","publisher":{"@id":"https:\/\/iwell-guard.com\/cs\/#organization"},"potentialAction":[{"@type":"SearchAction","target":{"@type":"EntryPoint","urlTemplate":"https:\/\/iwell-guard.com\/cs\/?s={search_term_string}"},"query-input":{"@type":"PropertyValueSpecification","valueRequired":true,"valueName":"search_term_string"}}],"inLanguage":"cs"},{"@type":"Organization","@id":"https:\/\/iwell-guard.com\/cs\/#organization","name":"Ittermann electronic GmbH","url":"https:\/\/iwell-guard.com\/cs\/","logo":{"@type":"ImageObject","inLanguage":"cs","@id":"https:\/\/iwell-guard.com\/cs\/#\/schema\/logo\/image\/","url":"https:\/\/iwell-guard.com\/wp-content\/uploads\/2026\/05\/Ittermann-Logo-1182x237-1.png","contentUrl":"https:\/\/iwell-guard.com\/wp-content\/uploads\/2026\/05\/Ittermann-Logo-1182x237-1.png","width":1182,"height":237,"caption":"Ittermann electronic GmbH"},"image":{"@id":"https:\/\/iwell-guard.com\/cs\/#\/schema\/logo\/image\/"},"sameAs":["https:\/\/pantip.com\/profile\/9367242","https:\/\/micro.blog\/iwellguard","https:\/\/www.diggerslist.com\/iwellguard\/about","https:\/\/skitterphoto.com\/photographers\/2870314\/iwell-guard","https:\/\/iwellguard.wordpress.com\/2026\/06\/06\/iwell-guard\/","https:\/\/hub.docker.com\/u\/iwellguard","https:\/\/www.pinterest.com\/iwellguard\/","https:\/\/bit.ly\/m\/iwellguard","https:\/\/entre-vos-mains.alsace.eu\/profiles\/iwellguard\/activity","https:\/\/gravatar.com\/reallybeded8fd34","https:\/\/naijamatta.com\/iwellguard","https:\/\/www.goodreads.com\/iwellguard","https:\/\/profile.hatena.ne.jp\/iwellguard\/","https:\/\/experiment.com\/users\/iwellguard","https:\/\/wakelet.com\/@iWellGuard82270","https:\/\/www.chordie.com\/forum\/profile.php?id=2555664","https:\/\/www.instapaper.com\/p\/17757966","https:\/\/www.mapleprimes.com\/users\/iwellguard","https:\/\/businesslistingplus.com\/profile\/iwell-guard\/","https:\/\/telegra.ph\/iWell-Guard-06-06","https:\/\/pbase.com\/iwellguard\/iwellguard","https:\/\/b.hatena.ne.jp\/iwellguard\/20260607#bookmark-4788405196491818882","https:\/\/fliphtml5.com\/home\/iwellguard","https:\/\/anyflip.com\/homepage\/cmiwl#About","https:\/\/transfur.com\/Users\/iwellguard","http:\/\/delphi.larsbo.org\/user\/iwellguard","https:\/\/jobs.lajobsportal.org\/profiles\/8380803-iwell-guard","https:\/\/md.chaosdorf.de\/s\/jfbe5SBdJD","https:\/\/www.lingvolive.com\/en-us\/profile\/9ecaeaca-ce11-4e51-9e71-01d55e2bff36\/translations","https:\/\/www.fitday.com\/fitness\/forums\/members\/iwellguard.html","https:\/\/www.mymeetbook.com\/iwellguard","https:\/\/pxhere.com\/en\/photographer-me\/5040798","https:\/\/disqus.com\/by\/iwellguard\/about\/","https:\/\/pastelink.net\/hjwciqwq","https:\/\/pubhtml5.com\/homepage\/scjhn\/","https:\/\/www.bitchute.com\/channel\/2O2eOKzNqujT","https:\/\/audiomack.com\/iwellguard"]},{"@type":"Person","@id":"https:\/\/iwell-guard.com\/cs\/#\/schema\/person\/ee2a27f1cac3406c7c6fb5820cb7349f","name":"Ralf Ittermann","image":{"@type":"ImageObject","inLanguage":"cs","@id":"https:\/\/secure.gravatar.com\/avatar\/073c0153e350a5005b68eb752b445fea71f6b24a26da9449ad7e155e6b446c9d?s=96&d=mm&r=g","url":"https:\/\/secure.gravatar.com\/avatar\/073c0153e350a5005b68eb752b445fea71f6b24a26da9449ad7e155e6b446c9d?s=96&d=mm&r=g","contentUrl":"https:\/\/secure.gravatar.com\/avatar\/073c0153e350a5005b68eb752b445fea71f6b24a26da9449ad7e155e6b446c9d?s=96&d=mm&r=g","caption":"Ralf Ittermann"},"givenName":"Ralf","familyName":"Ittermann","jobTitle":"Gesch\u00e4ftsf\u00fchrer und redaktioneller Verantwortlicher","url":"https:\/\/iwell-guard.com\/cs\/author\/claude\/","description":"Ralf Ittermann ist Gesch\u00e4ftsf\u00fchrer der Ittermann electronic GmbH und redaktioneller Verantwortlicher des iWell-Guard-Lexikons. Er verbindet langj\u00e4hrige Erfahrung in der Pr\u00e4zisionsfertigung mit medialer Praxis und religionsgeschichtlicher Quellenarbeit.","worksFor":{"@type":"Organization","name":"Ittermann electronic GmbH","url":"https:\/\/ittermann.de\/","address":{"@type":"PostalAddress","streetAddress":"K\u00f6hlergasse 16-18","postalCode":"99842","addressLocality":"Ruhla","addressCountry":"DE"}},"knowsAbout":["Religionsgeschichte","Mythologie","Mediale Praxis","Energetische Diagnostik","Schutzpraxis","Volksglauben","Westliche Esoterik"]},{"@type":"Article","@id":"https:\/\/iwell-guard.com\/cs\/sedna-vladkyne-mori-inuitu\/#article","isPartOf":{"@id":"https:\/\/iwell-guard.com\/cs\/sedna-vladkyne-mori-inuitu\/"},"author":{"name":"Ralf Ittermann","@id":"https:\/\/iwell-guard.com\/cs\/#\/schema\/person\/ee2a27f1cac3406c7c6fb5820cb7349f"},"headline":"Sedna \u2013 vl\u00e1dkyn\u011b mo\u0159\u00ed Inuit\u016f","datePublished":"2026-09-03T16:31:14+00:00","dateModified":"2026-09-03T16:58:24+00:00","mainEntityOfPage":{"@id":"https:\/\/iwell-guard.com\/cs\/sedna-vladkyne-mori-inuitu\/"},"publisher":{"@id":"https:\/\/iwell-guard.com\/cs\/#organization"},"image":{"@id":"https:\/\/iwell-guard.com\/cs\/sedna-vladkyne-mori-inuitu\/#primaryimage"},"thumbnailUrl":"https:\/\/iwell-guard.com\/wp-content\/uploads\/2026\/05\/goetter_inuit_sedna-1.webp","inLanguage":"cs","description":"Sedna je pova\u017eov\u00e1na za vl\u00e1dkyni mo\u0159sk\u00fdch zv\u00ed\u0159at v inuitsk\u00e9m panteonu. Religionistick\u00e9 za\u0159azen\u00ed: m\u00fdtus, \u0161amansk\u00e1 praxe, prameny."}]}},"_links":{"self":[{"href":"https:\/\/iwell-guard.com\/cs\/wp-json\/wp\/v2\/pages\/145526","targetHints":{"allow":["GET"]}}],"collection":[{"href":"https:\/\/iwell-guard.com\/cs\/wp-json\/wp\/v2\/pages"}],"about":[{"href":"https:\/\/iwell-guard.com\/cs\/wp-json\/wp\/v2\/types\/page"}],"author":[{"embeddable":true,"href":"https:\/\/iwell-guard.com\/cs\/wp-json\/wp\/v2\/users\/3"}],"replies":[{"embeddable":true,"href":"https:\/\/iwell-guard.com\/cs\/wp-json\/wp\/v2\/comments?post=145526"}],"version-history":[{"count":0,"href":"https:\/\/iwell-guard.com\/cs\/wp-json\/wp\/v2\/pages\/145526\/revisions"}],"wp:featuredmedia":[{"embeddable":true,"href":"https:\/\/iwell-guard.com\/cs\/wp-json\/wp\/v2\/media\/2885"}],"wp:attachment":[{"href":"https:\/\/iwell-guard.com\/cs\/wp-json\/wp\/v2\/media?parent=145526"}],"wp:term":[{"taxonomy":"category","embeddable":true,"href":"https:\/\/iwell-guard.com\/cs\/wp-json\/wp\/v2\/categories?post=145526"}],"curies":[{"name":"wp","href":"https:\/\/api.w.org\/{rel}","templated":true}]}}