{"id":145525,"date":"2026-09-03T16:31:13","date_gmt":"2026-09-03T16:31:13","guid":{"rendered":"https:\/\/iwell-guard.com\/?page_id=145525"},"modified":"2026-09-03T16:58:23","modified_gmt":"2026-09-03T16:58:23","slug":"namarrkon-blesk-muz-kunwindziu","status":"publish","type":"page","link":"https:\/\/iwell-guard.com\/cs\/namarrkon-blesk-muz-kunwindziu\/","title":{"rendered":"Namarrkon \u2013 Blesk-mu\u017e Kunwinjk\u016f"},"content":{"rendered":"\t\t<div data-elementor-type=\"wp-page\" data-elementor-id=\"145525\" class=\"elementor elementor-145525 elementor-2653 elementor-bc-flex-widget\" data-elementor-post-type=\"page\">\n\t\t\t\t<div class=\"elementor-element elementor-element-iwgw-namarrkon-hero e-flex e-con-boxed e-con e-parent\" data-id=\"iwgw-namarrkon-hero\" data-element_type=\"container\" data-e-type=\"container\" data-settings=\"{&quot;background_background&quot;:&quot;classic&quot;}\">\n\t\t\t\t\t<div class=\"e-con-inner\">\n\t\t<div class=\"elementor-element elementor-element-iwgw-namarrkon-hl e-flex e-con-boxed e-con e-child\" data-id=\"iwgw-namarrkon-hl\" data-element_type=\"container\" data-e-type=\"container\">\n\t\t\t\t\t<div class=\"e-con-inner\">\n\t\t<div class=\"elementor-element elementor-element-iwgw-namarrkon-htxt e-con-full e-flex e-con e-child\" data-id=\"iwgw-namarrkon-htxt\" data-element_type=\"container\" data-e-type=\"container\">\n\t\t\t\t<div class=\"elementor-element elementor-element-iwgw-namarrkon-h1 elementor-widget elementor-widget-heading\" data-id=\"iwgw-namarrkon-h1\" data-element_type=\"widget\" data-e-type=\"widget\" data-widget_type=\"heading.default\">\n\t\t\t\t\t<h1 class=\"elementor-heading-title elementor-size-default\">Namarrkon, tv\u016frce blesku a hromu v aborid\u017einsk\u00e9 tradici z\u00e1padn\u00edho Arnhemova zem\u011b<\/h1>\t\t\t\t<\/div>\n\t\t\t\t<div class=\"elementor-element elementor-element-iwgw-namarrkon-lead elementor-widget elementor-widget-text-editor\" data-id=\"iwgw-namarrkon-lead\" data-element_type=\"widget\" data-e-type=\"widget\" data-widget_type=\"text-editor.default\">\n\t\t\t\t\t\t\t\t\t<p>Namarrkon je \u201eblesk-mu\u017e\u201c Kunwinjk\u016f a sousedn\u00edch aborid\u017einsk\u00fdch skupin v z\u00e1padn\u00edm Arnhemov\u011b zemi v severn\u00ed Austr\u00e1lii. P\u0159in\u00e1\u0161\u00ed monzunov\u00e9 bou\u0159e doby de\u0161\u0165\u016f, sr\u0161\u00ed stromy sv\u00fdmi kamenn\u00fdmi sekerami a je centr\u00e1ln\u00ed stvo\u0159itelskou bytost\u00ed t\u00e9to oblasti.<\/p>\t\t\t\t\t\t\t\t<\/div>\n\t\t\t\t<\/div>\n\t\t<div class=\"elementor-element elementor-element-iwgw-namarrkon-pillc e-con-full e-flex e-con e-child\" data-id=\"iwgw-namarrkon-pillc\" data-element_type=\"container\" data-e-type=\"container\">\n\t\t\t\t<div class=\"elementor-element elementor-element-iwgw-namarrkon-pills elementor-widget elementor-widget-html\" data-id=\"iwgw-namarrkon-pills\" data-element_type=\"widget\" data-e-type=\"widget\" data-widget_type=\"html.default\">\n\t\t\t\t\t<div class=\"iwg-pill-row\"><span class=\"iwg-klasse-badge\" tabindex=\"0\" data-tooltip=\"Tv\u016frce tradice Aboriginal.\">Tv\u016frce<\/span><a href=\"https:\/\/iwell-guard.com\/cs\/aboriginal-australie-dreamtime-tjukurpa\/\" class=\"iwg-kultur-badge\" tabindex=\"0\" data-tooltip=\"Mytologie tradice Aboriginal.\">Aboriginal<\/a><span class=\"iwg-tradition-badge\" tabindex=\"0\" data-tooltip=\"Bytost blesku a hromu.\">Bytost blesku a hromu<\/span><\/div>\t\t\t\t<\/div>\n\t\t\t\t<\/div>\n\t\t<div class=\"elementor-element elementor-element-iwgw-namarrkon-tocc e-con-full e-flex e-con e-child\" data-id=\"iwgw-namarrkon-tocc\" data-element_type=\"container\" data-e-type=\"container\">\n\t\t\t\t<div class=\"elementor-element elementor-element-iwgw-namarrkon-toc elementor-toc--minimized-on-tablet elementor-widget elementor-widget-table-of-contents\" data-id=\"iwgw-namarrkon-toc\" data-element_type=\"widget\" data-e-type=\"widget\" data-settings=\"{&quot;headings_by_tags&quot;:[&quot;h2&quot;,&quot;h3&quot;],&quot;minimize_box&quot;:&quot;yes&quot;,&quot;marker_view&quot;:&quot;bullets&quot;,&quot;no_headings_message&quot;:&quot;Na t\\u00e9to str\\u00e1nce nebyly nalezeny \\u017e\\u00e1dn\\u00e9 nadpisy.&quot;,&quot;exclude_headings_by_selector&quot;:[],&quot;icon&quot;:{&quot;value&quot;:&quot;fas fa-circle&quot;,&quot;library&quot;:&quot;fa-solid&quot;,&quot;rendered_tag&quot;:&quot;&lt;svg class=\\&quot;e-font-icon-svg e-fas-circle\\&quot; viewBox=\\&quot;0 0 512 512\\&quot; xmlns=\\&quot;http:\\\/\\\/www.w3.org\\\/2000\\\/svg\\&quot;&gt;&lt;path d=\\&quot;M256 8C119 8 8 119 8 256s111 248 248 248 248-111 248-248S393 8 256 8z\\&quot;&gt;&lt;\\\/path&gt;&lt;\\\/svg&gt;&quot;},&quot;minimized_on&quot;:&quot;tablet&quot;,&quot;hierarchical_view&quot;:&quot;yes&quot;,&quot;min_height&quot;:{&quot;unit&quot;:&quot;px&quot;,&quot;size&quot;:&quot;&quot;,&quot;sizes&quot;:[]},&quot;min_height_tablet&quot;:{&quot;unit&quot;:&quot;px&quot;,&quot;size&quot;:&quot;&quot;,&quot;sizes&quot;:[]},&quot;min_height_mobile&quot;:{&quot;unit&quot;:&quot;px&quot;,&quot;size&quot;:&quot;&quot;,&quot;sizes&quot;:[]}}\" data-widget_type=\"table-of-contents.default\">\n\t\t\t\t\t\t\t\t\t<div class=\"elementor-toc__header\">\n\t\t\t\t\t\t<h2 class=\"elementor-toc__header-title\">\n\t\t\t\tObsah\t\t\t<\/h2>\n\t\t\t\t\t\t\t\t\t\t<div class=\"elementor-toc__toggle-button elementor-toc__toggle-button--expand\" role=\"button\" tabindex=\"0\" aria-controls=\"elementor-toc__iwgw-namarrkon-toc\" aria-expanded=\"true\" aria-label=\"Open table of contents\"><svg aria-hidden=\"true\" class=\"e-font-icon-svg e-fas-chevron-down\" viewBox=\"0 0 448 512\" xmlns=\"http:\/\/www.w3.org\/2000\/svg\"><path d=\"M207.029 381.476L12.686 187.132c-9.373-9.373-9.373-24.569 0-33.941l22.667-22.667c9.357-9.357 24.522-9.375 33.901-.04L224 284.505l154.745-154.021c9.379-9.335 24.544-9.317 33.901.04l22.667 22.667c9.373 9.373 9.373 24.569 0 33.941L240.971 381.476c-9.373 9.372-24.569 9.372-33.942 0z\"><\/path><\/svg><\/div>\n\t\t\t\t<div class=\"elementor-toc__toggle-button elementor-toc__toggle-button--collapse\" role=\"button\" tabindex=\"0\" aria-controls=\"elementor-toc__iwgw-namarrkon-toc\" aria-expanded=\"true\" aria-label=\"Close table of contents\"><svg aria-hidden=\"true\" class=\"e-font-icon-svg e-fas-chevron-up\" viewBox=\"0 0 448 512\" xmlns=\"http:\/\/www.w3.org\/2000\/svg\"><path d=\"M240.971 130.524l194.343 194.343c9.373 9.373 9.373 24.569 0 33.941l-22.667 22.667c-9.357 9.357-24.522 9.375-33.901.04L224 227.495 69.255 381.516c-9.379 9.335-24.544 9.317-33.901-.04l-22.667-22.667c-9.373-9.373-9.373-24.569 0-33.941L207.03 130.525c9.372-9.373 24.568-9.373 33.941-.001z\"><\/path><\/svg><\/div>\n\t\t\t\t\t<\/div>\n\t\t\t\t<div id=\"elementor-toc__iwgw-namarrkon-toc\" class=\"elementor-toc__body\">\n\t\t\t<div class=\"elementor-toc__spinner-container\">\n\t\t\t\t<svg class=\"elementor-toc__spinner eicon-animation-spin e-font-icon-svg e-eicon-loading\" aria-hidden=\"true\" viewBox=\"0 0 1000 1000\" xmlns=\"http:\/\/www.w3.org\/2000\/svg\"><path d=\"M500 975V858C696 858 858 696 858 500S696 142 500 142 142 304 142 500H25C25 237 238 25 500 25S975 237 975 500 763 975 500 975Z\"><\/path><\/svg>\t\t\t<\/div>\n\t\t<\/div>\n\t\t\t\t\t\t<\/div>\n\t\t\t\t<\/div>\n\t\t\t\t\t<\/div>\n\t\t\t\t<\/div>\n\t\t<div class=\"elementor-element elementor-element-iwgw-namarrkon-hr e-con-full e-flex e-con e-child\" data-id=\"iwgw-namarrkon-hr\" data-element_type=\"container\" data-e-type=\"container\">\n\t\t\t\t<div class=\"elementor-element elementor-element-iwgw-namarrkon-heroimg iwg-hero-image elementor-widget elementor-widget-image\" data-id=\"iwgw-namarrkon-heroimg\" data-element_type=\"widget\" data-e-type=\"widget\" data-widget_type=\"image.default\">\n\t\t\t\t\t\t\t\t\t\t\t\t\t\t\t<img fetchpriority=\"high\" decoding=\"async\" width=\"683\" height=\"1024\" src=\"https:\/\/iwell-guard.com\/wp-content\/uploads\/2026\/05\/goetter_aboriginal_namarrkon-683x1024.webp\" class=\"attachment-large size-large wp-image-147309\" alt=\"Namarrkon \u2013 bohov\u00e9 z tradice domorod\u00fdch Australan\u016f (Aboriginal), historicko-ilustra\u010dn\u00ed zobrazen\u00ed\" srcset=\"https:\/\/iwell-guard.com\/wp-content\/uploads\/2026\/05\/goetter_aboriginal_namarrkon-683x1024.webp 683w, https:\/\/iwell-guard.com\/wp-content\/uploads\/2026\/05\/goetter_aboriginal_namarrkon-200x300.webp 200w, https:\/\/iwell-guard.com\/wp-content\/uploads\/2026\/05\/goetter_aboriginal_namarrkon-768x1152.webp 768w, https:\/\/iwell-guard.com\/wp-content\/uploads\/2026\/05\/goetter_aboriginal_namarrkon.webp 1024w\" sizes=\"(max-width: 683px) 100vw, 683px\" \/>\t\t\t\t\t\t\t\t\t\t\t\t\t\t\t<\/div>\n\t\t\t\t<\/div>\n\t\t\t\t\t<\/div>\n\t\t\t\t<\/div>\n\t\t\t\t<section class=\"elementor-section elementor-top-section elementor-element elementor-element-sec-iwgcomp2-namarrkon elementor-section-boxed elementor-section-height-default elementor-section-height-default\" data-id=\"sec-iwgcomp2-namarrkon\" data-element_type=\"section\" data-e-type=\"section\">\n\t\t\t\t\t\t<div class=\"elementor-container elementor-column-gap-default\">\n\t\t\t\t\t<div class=\"elementor-column elementor-col-100 elementor-top-column elementor-element elementor-element-col-iwgcomp2-namarrkon\" data-id=\"col-iwgcomp2-namarrkon\" data-element_type=\"column\" data-e-type=\"column\">\n\t\t\t<div class=\"elementor-widget-wrap elementor-element-populated\">\n\t\t\t\t\t\t<div class=\"elementor-element elementor-element-iwgcomp2-namarrkon elementor-widget elementor-widget-text-editor\" data-id=\"iwgcomp2-namarrkon\" data-element_type=\"widget\" data-e-type=\"widget\" data-widget_type=\"text-editor.default\">\n\t\t\t\t\t\t\t\t\t<p>Namarrkon, <strong>tv\u016frce hromu<\/strong> aborid\u017einsk\u00e9 tradice z\u00e1padn\u00edho Arnhemova zem\u011b, tlu\u010de sv\u00fdmi kamenn\u00fdmi sekerami hrom.<\/p>\t\t\t\t\t\t\t\t<\/div>\n\t\t\t\t\t<\/div>\n\t\t<\/div>\n\t\t\t\t\t<\/div>\n\t\t<\/section>\n\t\t<div class=\"elementor-element elementor-element-iwgw-namarrkon-s0 e-flex e-con-boxed e-con e-parent\" data-id=\"iwgw-namarrkon-s0\" data-element_type=\"container\" data-e-type=\"container\">\n\t\t\t\t\t<div class=\"e-con-inner\">\n\t\t\t\t<div class=\"elementor-element elementor-element-iwgw-namarrkon-s0h elementor-widget elementor-widget-heading\" data-id=\"iwgw-namarrkon-s0h\" data-element_type=\"widget\" data-e-type=\"widget\" data-widget_type=\"heading.default\">\n\t\t\t\t\t<h2 class=\"elementor-heading-title elementor-size-default\">Za\u0159azen\u00ed a stru\u010dn\u00fd profil<\/h2>\t\t\t\t<\/div>\n\t\t<div class=\"elementor-element elementor-element-iwgw-namarrkon-s0c e-con-full e-flex e-con e-child\" data-id=\"iwgw-namarrkon-s0c\" data-element_type=\"container\" data-e-type=\"container\">\n\t\t\t\t<div class=\"elementor-element elementor-element-iwgw-namarrkon-s0t elementor-widget elementor-widget-text-editor\" data-id=\"iwgw-namarrkon-s0t\" data-element_type=\"widget\" data-e-type=\"widget\" data-widget_type=\"text-editor.default\">\n\t\t\t\t\t\t\t\t\t<p>Namarrkon (tak\u00e9 <em>Namarrgon<\/em>, <em>Namarrgun<\/em>) je \u201eblesk-mu\u017e\u201c Kunwinjk\u016f a sousedn\u00edch aborid\u017einsk\u00fdch jazykov\u00fdch skupin v z\u00e1padn\u00edm Arnhemov\u011b zemi (Severn\u00ed teritorium). Je jednou z hlavn\u00edch postav kunwinjkusk\u00e9 <span class=\"iwg-fachbegriff\" data-tooltip=\"Souhrn tradovan\u00fdch vypr\u00e1v\u011bn\u00ed o boz\u00edch v dan\u00e9 kultu\u0159e.\" tabindex=\"0\">mytologie<\/span> a z\u00e1rove\u0148 jedn\u00edm z nej\u010dast\u011bj\u0161\u00edch zobrazen\u00ed na skaln\u00edch malb\u00e1ch n\u00e1rodn\u00edho parku Kakadu.<\/p><p>V r\u00e1mci <a href=\"https:\/\/iwell-guard.com\/cs\/aboriginal-australie-dreamtime-tjukurpa\/\">aborid\u017einsk\u00e9 tradice<\/a> je Namarrkon stvo\u0159itelskou postavou monzunov\u00e9 doby de\u0161\u0165\u016f; p\u0159in\u00e1\u0161\u00ed bou\u0159e, kter\u00e9 utv\u00e1\u0159ej\u00ed tropicko-monzunov\u00e9 klima severn\u00ed Austr\u00e1lie. Jeho vztah k <a href=\"https:\/\/iwell-guard.com\/cs\/?page_id=145516\">duhov\u00e9mu hadu (Rainbow Serpent)<\/a> je bl\u00edzk\u00fd, ale funk\u010dn\u011b odli\u0161n\u00fd: zat\u00edmco duhov\u00fd had je obecn\u011b spojen s vodou, Namarrkon je specializov\u00e1n na blesk a hrom.<\/p><p>Z hlediska fenomenologie n\u00e1bo\u017eenstv\u00ed pat\u0159\u00ed Namarrkon do t\u0159\u00eddy \u201eh\u0159mitel\u016f\u201c, celosv\u011btov\u011b roz\u0161\u00ed\u0159en\u00e9 skupiny boh\u016f, do n\u00ed\u017e n\u00e1le\u017e\u00ed Indra (v\u00e9dsk\u00fd), Thor (germ\u00e1nsk\u00fd), Zeus (ve sv\u00e9 funkci boha hromu, \u0159eck\u00fd), \u0160ango (jorubsk\u00fd) a Tlaloc (mezoamerick\u00fd).<\/p>\t\t\t\t\t\t\t\t<\/div>\n\t\t\t\t<\/div>\n\t\t\t\t\t<\/div>\n\t\t\t\t<\/div>\n\t\t<div class=\"elementor-element elementor-element-iwgw-namarrkon-s1 e-flex e-con-boxed e-con e-parent\" data-id=\"iwgw-namarrkon-s1\" data-element_type=\"container\" data-e-type=\"container\">\n\t\t\t\t\t<div class=\"e-con-inner\">\n\t\t\t\t<div class=\"elementor-element elementor-element-iwgw-namarrkon-s1h elementor-widget elementor-widget-heading\" data-id=\"iwgw-namarrkon-s1h\" data-element_type=\"widget\" data-e-type=\"widget\" data-widget_type=\"heading.default\">\n\t\t\t\t\t<h2 class=\"elementor-heading-title elementor-size-default\">Jm\u00e9no a etymologie<\/h2>\t\t\t\t<\/div>\n\t\t<div class=\"elementor-element elementor-element-iwgw-namarrkon-s1c e-con-full e-flex e-con e-child\" data-id=\"iwgw-namarrkon-s1c\" data-element_type=\"container\" data-e-type=\"container\">\n\t\t\t\t<div class=\"elementor-element elementor-element-iwgw-namarrkon-s1t elementor-widget elementor-widget-text-editor\" data-id=\"iwgw-namarrkon-s1t\" data-element_type=\"widget\" data-e-type=\"widget\" data-widget_type=\"text-editor.default\">\n\t\t\t\t\t\t\t\t\t<p>Jm\u00e9no <em>Namarrkon<\/em> je v kunwinjkusk\u00e9m jazyce slo\u017eeninou: <em>namarr-<\/em> je p\u0159edponov\u00fd ko\u0159en, kter\u00fd nazna\u010duje \u201ez\u00e1blesk sv\u011btla\u201c nebo \u201eelektrick\u00fd v\u00fdboj\u201c, s osobn\u00ed p\u0159\u00edponou <em>-kon<\/em>. Doslovn\u011b tedy zhruba \u201eTen mu\u017e blesku\u201c nebo \u201eTen, kdo p\u0159in\u00e1\u0161\u00ed blesky\u201c.<\/p><p>V sousedn\u00edch jazyc\u00edch se naz\u00fdv\u00e1 jinak: <em>Namarrgun<\/em> ve standardn\u00ed kunwinjkusk\u00e9 variant\u011b, <em>Wagilag-Namarrkon<\/em> v n\u011bkter\u00fdch tradic\u00edch spojen\u00fdch s Yolngu, <em>Walarringgu<\/em> v rembarrngsk\u00e9 tradici. Tato pestrost ukazuje m\u00edstn\u011b podm\u00edn\u011bnou rozr\u016fzn\u011bnost aborid\u017einsk\u00e9ho n\u00e1bo\u017eenstv\u00ed.<\/p><p>Howard Morphy v d\u00edle <em>Aboriginal Art<\/em> (1998) systematicky popsal region\u00e1ln\u00ed varianty komplexu Namarrkona. Jeho jazykov\u00e1 a obrazov\u00e1 tradice je jedn\u00edm z nejlep\u0161\u00edch p\u0159\u00edklad\u016f \u00fazk\u00e9ho spojen\u00ed lingvistiky a religionistick\u00e9 etnologie.<\/p>\t\t\t\t\t\t\t\t<\/div>\n\t\t\t\t<\/div>\n\t\t\t\t\t<\/div>\n\t\t\t\t<\/div>\n\t\t<div class=\"elementor-element elementor-element-iwgw-namarrkon-s2 e-flex e-con-boxed e-con e-parent\" data-id=\"iwgw-namarrkon-s2\" data-element_type=\"container\" data-e-type=\"container\">\n\t\t\t\t\t<div class=\"e-con-inner\">\n\t\t\t\t<div class=\"elementor-element elementor-element-iwgw-namarrkon-s2h elementor-widget elementor-widget-heading\" data-id=\"iwgw-namarrkon-s2h\" data-element_type=\"widget\" data-e-type=\"widget\" data-widget_type=\"heading.default\">\n\t\t\t\t\t<h2 class=\"elementor-heading-title elementor-size-default\">Popis a ikonografie<\/h2>\t\t\t\t<\/div>\n\t\t<div class=\"elementor-element elementor-element-iwgw-namarrkon-s2c e-con-full e-flex e-con e-child\" data-id=\"iwgw-namarrkon-s2c\" data-element_type=\"container\" data-e-type=\"container\">\n\t\t\t\t<div class=\"elementor-element elementor-element-iwgw-namarrkon-s2t elementor-widget elementor-widget-text-editor\" data-id=\"iwgw-namarrkon-s2t\" data-element_type=\"widget\" data-e-type=\"widget\" data-widget_type=\"text-editor.default\">\n\t\t\t\t\t\t\t\t\t<p>Namarrkon je v kunwinjkusk\u00e9 tradici popisov\u00e1n jako mocn\u00fd mu\u017e obklopen\u00fd blesky. Na skaln\u00edch malb\u00e1ch b\u00fdv\u00e1 typicky zobrazov\u00e1n ve \u201erentgenov\u00e9m stylu\u201c (X-ray style): s viditeln\u00fdmi vnit\u0159n\u00edmi org\u00e1ny, obklopen oblouky blesk\u016f, s kamenn\u00fdmi sekerami v kolenech, loktech a kotn\u00edc\u00edch. Tyto kamenn\u00e9 sekery vytv\u00e1\u0159ej\u00ed hrom.<\/p><p>\u201eRentgenov\u00fd styl\u201c je charakteristick\u00fd pro kunwinjkuskou tradici skaln\u00ed malby a je pova\u017eov\u00e1n za jednu z nejmlad\u0161\u00edch stylov\u00fdch forem, kter\u00e1 se vyvinula pravd\u011bpodobn\u011b v posledn\u00edch 2000 a\u017e 4000 letech. Charles P. Mountford ho poprv\u00e9 systematicky popsal v d\u00edle <em>Records of the American-Australian Scientific Expedition<\/em> (1956).<\/p><p>V sou\u010dasn\u00e9 tradici malby na k\u016f\u0159e v oblasti Maningridy a Gunbalanyi je Namarrkon nad\u00e1le zobrazov\u00e1n v \u201erentgenov\u00e9m stylu\u201c. Um\u011blci jako Bardayal \u201eLofty\u201c Nadjamerrek, Spider Namirrkki a John Mawurndjul vytvo\u0159ili ikonick\u00e1 d\u00edla s Namarrkonem, kter\u00e1 jsou vystavena v mnoha muze\u00edch po cel\u00e9m sv\u011bt\u011b.<\/p>\t\t\t\t\t\t\t\t<\/div>\n\t\t\t\t<\/div>\n\t\t\t\t\t<\/div>\n\t\t\t\t<\/div>\n\t\t<div class=\"elementor-element elementor-element-iwgw-namarrkon-s3 e-flex e-con-boxed e-con e-parent\" data-id=\"iwgw-namarrkon-s3\" data-element_type=\"container\" data-e-type=\"container\">\n\t\t\t\t\t<div class=\"e-con-inner\">\n\t\t\t\t<div class=\"elementor-element elementor-element-iwgw-namarrkon-s3h elementor-widget elementor-widget-heading\" data-id=\"iwgw-namarrkon-s3h\" data-element_type=\"widget\" data-e-type=\"widget\" data-widget_type=\"heading.default\">\n\t\t\t\t\t<h2 class=\"elementor-heading-title elementor-size-default\">Mytologick\u00e1 vypr\u00e1v\u011bn\u00ed<\/h2>\t\t\t\t<\/div>\n\t\t<div class=\"elementor-element elementor-element-iwgw-namarrkon-s3c e-con-full e-flex e-con e-child\" data-id=\"iwgw-namarrkon-s3c\" data-element_type=\"container\" data-e-type=\"container\">\n\t\t\t\t<div class=\"elementor-element elementor-element-iwgw-namarrkon-s3t elementor-widget elementor-widget-text-editor\" data-id=\"iwgw-namarrkon-s3t\" data-element_type=\"widget\" data-e-type=\"widget\" data-widget_type=\"text-editor.default\">\n\t\t\t\t\t\t\t\t\t<p>\u00dast\u0159edn\u00ed vypr\u00e1v\u011bn\u00ed o Namarrkonovi popisuje jeho roli p\u0159i p\u0159\u00edchodu doby de\u0161\u0165\u016f: v obdob\u00ed such\u00e9ho po\u010das\u00ed odpo\u010d\u00edv\u00e1 Namarrkon ve svat\u00e9 vodn\u00ed j\u00e1m\u011b v Lightning Dreaming Country (v\u00fdchodn\u011b od Gunbalanyi).<\/p><p>S n\u00e1stupem doby de\u0161\u0165\u016f se probouz\u00ed, vystupuje k nebi a p\u0159in\u00e1\u0161\u00ed monzunov\u00e9 bou\u0159e. Blesky jsou \u00fadery jeho kamenn\u00fdch seker, hrom je jejich rachotem.<\/p><p>Druh\u00e9 vypr\u00e1v\u011bn\u00ed popisuje, jak Namarrkon stvo\u0159il prvn\u00ed kamenn\u00e9 sekery a p\u0159ipevnil je na sv\u00e9 t\u011blo. Tento stvo\u0159itelsk\u00fd m\u00fdtus spojuje jeho funkci (p\u0159ina\u0161e\u010d blesku) s technologi\u00ed kamenn\u00fdch seker Kunwinjk\u016f, je\u017e archeologicky sah\u00e1 hluboko do d\u00e1vnov\u011bku.<\/p><p>T\u0159et\u00ed vypr\u00e1v\u011bn\u00ed popisuje st\u0159et mezi Namarrkonem a \u0161kodlivou bytost\u00ed, kter\u00e1 se sna\u017e\u00ed zabr\u00e1nit p\u0159\u00edchodu de\u0161t\u011b. Namarrkon v\u00edt\u011bz\u00ed vrh\u00e1n\u00edm sv\u00fdch kamenn\u00fdch seker, co\u017e je <span class=\"iwg-fachbegriff\" data-tooltip=\"Tradovan\u00e9 vypr\u00e1v\u011bn\u00ed o boz\u00edch, po\u010d\u00e1tc\u00edch a uspo\u0159\u00e1d\u00e1n\u00ed sv\u011bta.\" tabindex=\"0\">m\u00fdtus<\/span> vysv\u011btluj\u00edc\u00ed ka\u017edoro\u010dn\u00ed n\u00e1vrat doby de\u0161\u0165\u016f.<\/p>\t\t\t\t\t\t\t\t<\/div>\n\t\t\t\t<\/div>\n\t\t\t\t\t<\/div>\n\t\t\t\t<\/div>\n\t\t<div class=\"elementor-element elementor-element-iwgw-namarrkon-s4 e-flex e-con-boxed e-con e-parent\" data-id=\"iwgw-namarrkon-s4\" data-element_type=\"container\" data-e-type=\"container\">\n\t\t\t\t\t<div class=\"e-con-inner\">\n\t\t\t\t<div class=\"elementor-element elementor-element-iwgw-namarrkon-s4h elementor-widget elementor-widget-heading\" data-id=\"iwgw-namarrkon-s4h\" data-element_type=\"widget\" data-e-type=\"widget\" data-widget_type=\"heading.default\">\n\t\t\t\t\t<h2 class=\"elementor-heading-title elementor-size-default\">Kult a uct\u00edv\u00e1n\u00ed<\/h2>\t\t\t\t<\/div>\n\t\t<div class=\"elementor-element elementor-element-iwgw-namarrkon-s4c e-con-full e-flex e-con e-child\" data-id=\"iwgw-namarrkon-s4c\" data-element_type=\"container\" data-e-type=\"container\">\n\t\t\t\t<div class=\"elementor-element elementor-element-iwgw-namarrkon-s4t elementor-widget elementor-widget-text-editor\" data-id=\"iwgw-namarrkon-s4t\" data-element_type=\"widget\" data-e-type=\"widget\" data-widget_type=\"text-editor.default\">\n\t\t\t\t\t\t\t\t\t<p>Namarrkon nem\u00e1 v kunwinjkusk\u00e9 tradici samostatn\u00fd <span class=\"iwg-fachbegriff\" data-tooltip=\"Souhrn n\u00e1bo\u017eensk\u00fdch \u00factypln\u00fdch \u00fakon\u016f v\u016f\u010di bo\u017estvu nebo svat\u00e9 bytosti.\" tabindex=\"0\">kult<\/span>, je v\u0161ak sou\u010d\u00e1st\u00ed n\u011bkolika inicia\u010dn\u00edch a sezonn\u00edch ritu\u00e1l\u016f. P\u0159ed za\u010d\u00e1tkem doby de\u0161\u0165\u016f je \u201ezv\u00e1n\u201c kmenov\u00fdmi star\u0161\u00edmi; nav\u0161t\u011bvuj\u00ed se a <span class=\"iwg-fachbegriff\" data-tooltip=\"N\u00e1le\u017eej\u00edc\u00ed k ust\u00e1len\u00e9mu n\u00e1bo\u017eensk\u00e9mu \u00fakonu.\" tabindex=\"0\">ritu\u00e1ln\u011b<\/span> se pe\u010duje o ur\u010dit\u00e9 svat\u00e9 vodn\u00ed j\u00e1my v jeho zemi.<\/p><p>B\u011bhem samotn\u00e9 doby de\u0161\u0165\u016f se dodr\u017euj\u00ed ur\u010dit\u00e1 tabu: hlasit\u00e9 zvuky, p\u00edsk\u00e1n\u00ed, dot\u00fdk\u00e1n\u00ed se ur\u010dit\u00fdch strom\u016f m\u016f\u017ee \u201evyru\u0161it Namarrkona\u201c. Tato pravidla maj\u00ed jasn\u00fd ekologick\u00fd podklad: opatrnost p\u0159ed \u00faderem blesku p\u0159i bou\u0159k\u00e1ch.<\/p><p>V sou\u010dasn\u00e9 kunwinjkusk\u00e9 praxi \u017eije Namarrkon p\u0159edev\u0161\u00edm d\u00edky tradici malby na k\u016f\u0159e. V\u00fdro\u010dn\u00ed \u201eManingrida Festivals\u201c a dal\u0161\u00ed aborid\u017einsk\u00e9 um\u011bleck\u00e9 akce p\u0159in\u00e1\u0161ej\u00ed zobrazen\u00ed Namarrkona do mezin\u00e1rodn\u00ed ve\u0159ejnosti.<\/p>\t\t\t\t\t\t\t\t<\/div>\n\t\t\t\t<\/div>\n\t\t\t\t\t<\/div>\n\t\t\t\t<\/div>\n\t\t<div class=\"elementor-element elementor-element-iwgw-namarrkon-s5 e-flex e-con-boxed e-con e-parent\" data-id=\"iwgw-namarrkon-s5\" data-element_type=\"container\" data-e-type=\"container\">\n\t\t\t\t\t<div class=\"e-con-inner\">\n\t\t\t\t<div class=\"elementor-element elementor-element-iwgw-namarrkon-s5h elementor-widget elementor-widget-heading\" data-id=\"iwgw-namarrkon-s5h\" data-element_type=\"widget\" data-e-type=\"widget\" data-widget_type=\"heading.default\">\n\t\t\t\t\t<h2 class=\"elementor-heading-title elementor-size-default\">Ochrann\u00e1 praxe a apotropaick\u00e9 prvky<\/h2>\t\t\t\t<\/div>\n\t\t<div class=\"elementor-element elementor-element-iwgw-namarrkon-s5c e-con-full e-flex e-con e-child\" data-id=\"iwgw-namarrkon-s5c\" data-element_type=\"container\" data-e-type=\"container\">\n\t\t\t\t<div class=\"elementor-element elementor-element-iwgw-namarrkon-s5t elementor-widget elementor-widget-text-editor\" data-id=\"iwgw-namarrkon-s5t\" data-element_type=\"widget\" data-e-type=\"widget\" data-widget_type=\"text-editor.default\">\n\t\t\t\t\t\t\t\t\t<p>Z religionistick\u00e9ho hlediska jsou apotropaick\u00e9 praktiky v Namarrkonov\u011b komplexu zam\u011b\u0159eny na odvr\u00e1cen\u00ed \u0161kod zp\u016fsoben\u00fdch blesky b\u011bhem vlhk\u00e9ho obdob\u00ed (Wet Season). Zak\u00e1z\u00e1no je: nahlas mluvit b\u011bhem bou\u0159ky, st\u00e1t pod osamocen\u00fdmi stromy a plavat na otev\u0159en\u00fdch vodn\u00edch ploch\u00e1ch b\u011bhem bou\u0159ky.<\/p><p>Zvl\u00e1\u0161tn\u00ed ochrannou prax\u00ed je vyh\u00fdb\u00e1n\u00ed se ur\u010dit\u00fdm m\u00edst\u016fm s petroglyfy b\u011bhem vlhk\u00e9ho obdob\u00ed; Namarrkonovy skaln\u00ed malby se nenav\u0161t\u011bvuj\u00ed, kdy\u017e je \u201eaktivn\u00ed\u201c. Toto pravidlo je sou\u010d\u00e1st\u00ed \u0161ir\u0161\u00ed aboriginsk\u00e9 praxe sez\u00f3nn\u011b rozli\u0161en\u00e9ho zach\u00e1zen\u00ed se svat\u00fdmi m\u00edsty.<\/p><p>Z etnografick\u00e9ho vn\u011bj\u0161\u00edho pohledu jsou tyto praktiky pravidly strukturuj\u00edc\u00edmi ka\u017edodenn\u00ed \u017eivot, kter\u00e9 spojuj\u00ed ekologickou obez\u0159etnost (ochranu p\u0159ed blesky) s n\u00e1bo\u017eenskou prax\u00ed. Z hlediska fenomenologie n\u00e1bo\u017eenstv\u00ed se jedn\u00e1 o klasick\u00fd p\u0159\u00edklad \u201eekologick\u00e9 funkce\u201c tradi\u010dn\u00edch tabu.<\/p>\t\t\t\t\t\t\t\t<\/div>\n\t\t\t\t<\/div>\n\t\t\t\t\t<\/div>\n\t\t\t\t<\/div>\n\t\t<div class=\"elementor-element elementor-element-iwgw-namarrkon-s6 e-flex e-con-boxed e-con e-parent\" data-id=\"iwgw-namarrkon-s6\" data-element_type=\"container\" data-e-type=\"container\">\n\t\t\t\t\t<div class=\"e-con-inner\">\n\t\t\t\t<div class=\"elementor-element elementor-element-iwgw-namarrkon-s6h elementor-widget elementor-widget-heading\" data-id=\"iwgw-namarrkon-s6h\" data-element_type=\"widget\" data-e-type=\"widget\" data-widget_type=\"heading.default\">\n\t\t\t\t\t<h2 class=\"elementor-heading-title elementor-size-default\">Paralely v jin\u00fdch kultur\u00e1ch<\/h2>\t\t\t\t<\/div>\n\t\t<div class=\"elementor-element elementor-element-iwgw-namarrkon-s6c e-con-full e-flex e-con e-child\" data-id=\"iwgw-namarrkon-s6c\" data-element_type=\"container\" data-e-type=\"container\">\n\t\t\t\t<div class=\"elementor-element elementor-element-iwgw-namarrkon-s6t elementor-widget elementor-widget-text-editor\" data-id=\"iwgw-namarrkon-s6t\" data-element_type=\"widget\" data-e-type=\"widget\" data-widget_type=\"text-editor.default\">\n\t\t\t\t\t\t\t\t\t<p>Bo\u017estva hromu jsou z hlediska fenomenologie n\u00e1bo\u017eenstv\u00ed dolo\u017eena po cel\u00e9m sv\u011bt\u011b. Strukturn\u011b srovnateln\u00ed jsou: Indra (v\u00e9dsk\u00fd), Thor (germ\u00e1nsk\u00fd), Zeus ve sv\u00e9 hromov\u00e9 funkci (\u0159eck\u00fd), Jupiter Tonans (\u0159\u00edmsk\u00fd), \u0160ango (jorubsk\u00fd), Tlaloc (mezoamerick\u00fd), Raid\u017ein (japonsk\u00fd). V Sibi\u0159i je <a href=\"https:\/\/iwell-guard.com\/cs\/?page_id=145511\">Khormusta<\/a> ve sv\u00e9 vad\u017erov\u00e9 funkci typologicky p\u0159\u00edbuzn\u00fd.<\/p><p>Fenomenologicky n\u00e1bo\u017eensk\u00fd v\u00fdznam boh\u016f hromu spo\u010d\u00edv\u00e1 v jejich dvoj\u00ed funkci: p\u0159in\u00e1\u0161ej\u00ed \u017eivotod\u00e1rn\u00fd d\u00e9\u0161\u0165 a z\u00e1rove\u0148 smrt\u00edc\u00ed blesk. Namarrkon je zde klasick\u00fdm p\u0159\u00edkladem; tradice Kunwinjku tuto dvoj\u00ed povahu explicitn\u011b reflektuje.<\/p><p>Spojen\u00ed Namarrkona s monsunov\u00fdm vlhk\u00fdm obdob\u00ed je n\u00e1bo\u017eenskohistoricky specifick\u00e9: \u010din\u00ed z n\u011bj zt\u011blesn\u011bn\u00ed severoaustralsk\u00e9ho tropick\u00e9ho klimatick\u00e9ho cyklu. V ji\u017en\u011bj\u0161\u00edch aboriginsk\u00fdch tradic\u00edch Austr\u00e1lie tato specializace chyb\u00ed; bohov\u00e9 hromu tam nejsou tak v\u00fdrazn\u00ed.<\/p>\t\t\t\t\t\t\t\t<\/div>\n\t\t\t\t<\/div>\n\t\t\t\t\t<\/div>\n\t\t\t\t<\/div>\n\t\t<div class=\"elementor-element elementor-element-iwgw-namarrkon-s7 e-flex e-con-boxed e-con e-parent\" data-id=\"iwgw-namarrkon-s7\" data-element_type=\"container\" data-e-type=\"container\">\n\t\t\t\t\t<div class=\"e-con-inner\">\n\t\t\t\t<div class=\"elementor-element elementor-element-iwgw-namarrkon-s7h elementor-widget elementor-widget-heading\" data-id=\"iwgw-namarrkon-s7h\" data-element_type=\"widget\" data-e-type=\"widget\" data-widget_type=\"heading.default\">\n\t\t\t\t\t<h2 class=\"elementor-heading-title elementor-size-default\">Sou\u010dasn\u00e1 recepce a v\u00fdzkum<\/h2>\t\t\t\t<\/div>\n\t\t<div class=\"elementor-element elementor-element-iwgw-namarrkon-s7c e-con-full e-flex e-con e-child\" data-id=\"iwgw-namarrkon-s7c\" data-element_type=\"container\" data-e-type=\"container\">\n\t\t\t\t<div class=\"elementor-element elementor-element-iwgw-namarrkon-s7t elementor-widget elementor-widget-text-editor\" data-id=\"iwgw-namarrkon-s7t\" data-element_type=\"widget\" data-e-type=\"widget\" data-widget_type=\"text-editor.default\">\n\t\t\t\t\t\t\t\t\t<p><span data-nosnippet>Nejd\u016fle\u017eit\u011bj\u0161\u00edm ran\u00fdm pramenem je d\u00edlo Charlese P. Mountforda <em>Records of the American-Australian Scientific Expedition to Arnhem Land<\/em> (1956), sv. 1 (Art, Myth and Symbolism). Tato rozs\u00e1hl\u00e1 dokumentace obsahuje mnoho materi\u00e1l\u016f souvisej\u00edc\u00edch s Namarrkonem.<\/span><\/p><p>Howard Morphy ve sv\u00e9 knize <em>Aboriginal Art<\/em> (Phaidon 1998) a Luke Taylor v <em>Seeing the Inside<\/em> (1996) p\u0159edlo\u017eili nejv\u00fdznamn\u011bj\u0161\u00ed sou\u010dasn\u00e9 d\u011bjinn\u011bum\u011bleck\u00e9 studie o Namarrkonov\u011b tradici. Ob\u011b d\u00edla spojuj\u00ed materi\u00e1l petroglyf\u016f se sou\u010dasnou prax\u00ed malby na k\u016fru.<\/p><p>Kniha George Chaloupky <em>Journey in Time<\/em> (1993) je nejd\u016fle\u017eit\u011bj\u0161\u00ed studi\u00ed ke skaln\u00edm malb\u00e1m v Kakadu, kde je Namarrkon v\u00fdrazn\u011b zastoupen. Chaloupkova chronologie styl\u016f skaln\u00edch maleb je dnes standardem.<\/p>\t\t\t\t\t\t\t\t<\/div>\n\t\t\t\t<\/div>\n\t\t\t\t\t<\/div>\n\t\t\t\t<\/div>\n\t\t<div class=\"elementor-element elementor-element-iwgw-namarrkon-s8 e-flex e-con-boxed e-con e-parent\" data-id=\"iwgw-namarrkon-s8\" data-element_type=\"container\" data-e-type=\"container\">\n\t\t\t\t\t<div class=\"e-con-inner\">\n\t\t\t\t<div class=\"elementor-element elementor-element-iwgw-namarrkon-s8h elementor-widget elementor-widget-heading\" data-id=\"iwgw-namarrkon-s8h\" data-element_type=\"widget\" data-e-type=\"widget\" data-widget_type=\"heading.default\">\n\t\t\t\t\t<h2 class=\"elementor-heading-title elementor-size-default\">V\u00fdzkumn\u00e9 debaty a otev\u0159en\u00e9 ot\u00e1zky<\/h2>\t\t\t\t<\/div>\n\t\t<div class=\"elementor-element elementor-element-iwgw-namarrkon-s8c e-con-full e-flex e-con e-child\" data-id=\"iwgw-namarrkon-s8c\" data-element_type=\"container\" data-e-type=\"container\">\n\t\t\t\t<div class=\"elementor-element elementor-element-iwgw-namarrkon-s8t elementor-widget elementor-widget-text-editor\" data-id=\"iwgw-namarrkon-s8t\" data-element_type=\"widget\" data-e-type=\"widget\" data-widget_type=\"text-editor.default\">\n\t\t\t\t\t\t\t\t\t<p><span data-nosnippet>Kolem Namarrkona se vede n\u011bkolik badatelsk\u00fdch debat. Zaprv\u00e9: Jak star\u00e1 je p\u0159edstava Namarrkona? Skaln\u00ed malby ve stylu \u201eX-ray\u201c jsou pom\u011brn\u011b mlad\u00e9 (mo\u017en\u00e1 2000 a\u017e 4000 let); star\u0161\u00ed styly skaln\u00edch maleb zobrazuj\u00ed bleskovit\u00e1 stvo\u0159en\u00ed, kter\u00e1 jsou typologicky p\u0159\u00edbuzn\u00e1, ale nikoli nutn\u011b toto\u017en\u00e1.<\/span><\/p><p>Zadruh\u00e9: Jak\u00fd je vztah Namarrkona k Duhov\u00e9mu hadu (Rainbow Serpent)? V n\u011bkter\u00fdch vypr\u00e1v\u011bn\u00edch jsou spojeni (Namarrkon jako \u201ehad\u00ed blesk\u201c); v jin\u00fdch jde o z\u0159eteln\u011b odd\u011blen\u00e9 bytosti. Tento vztah se region\u00e1ln\u011b li\u0161\u00ed.<\/p><p>Zat\u0159et\u00ed: Jak se Namarrkonova tradice m\u011bn\u00ed v d\u016fsledku zm\u011bny klimatu? Monsunov\u00e9 vlhk\u00e9 obdob\u00ed severn\u00ed Austr\u00e1lie podl\u00e9h\u00e1 st\u00e1le v\u00edce anom\u00e1li\u00edm, co\u017e se dot\u00fdk\u00e1 n\u00e1bo\u017eensk\u00e9ho v\u00fdznamu Namarrkona. Domorod\u00e1 kritika klimatu tento aspekt st\u00e1le v\u00edce zohled\u0148uje.<\/p>\t\t\t\t\t\t\t\t<\/div>\n\t\t\t\t<\/div>\n\t\t\t\t\t<\/div>\n\t\t\t\t<\/div>\n\t\t<div class=\"elementor-element elementor-element-iwgw-namarrkon-s9 e-flex e-con-boxed e-con e-parent\" data-id=\"iwgw-namarrkon-s9\" data-element_type=\"container\" data-e-type=\"container\">\n\t\t\t\t\t<div class=\"e-con-inner\">\n\t\t\t\t<div class=\"elementor-element elementor-element-iwgw-namarrkon-s9h elementor-widget elementor-widget-heading\" data-id=\"iwgw-namarrkon-s9h\" data-element_type=\"widget\" data-e-type=\"widget\" data-widget_type=\"heading.default\">\n\t\t\t\t\t<h2 class=\"elementor-heading-title elementor-size-default\">Namarrkon a komplex skaln\u00edch maleb v Kakadu<\/h2>\t\t\t\t<\/div>\n\t\t<div class=\"elementor-element elementor-element-iwgw-namarrkon-s9c e-con-full e-flex e-con e-child\" data-id=\"iwgw-namarrkon-s9c\" data-element_type=\"container\" data-e-type=\"container\">\n\t\t\t\t<div class=\"elementor-element elementor-element-iwgw-namarrkon-s9t elementor-widget elementor-widget-text-editor\" data-id=\"iwgw-namarrkon-s9t\" data-element_type=\"widget\" data-e-type=\"widget\" data-widget_type=\"text-editor.default\">\n\t\t\t\t\t\t\t\t\t<p><span data-nosnippet>Hlub\u0161\u00ed pohled si zaslou\u017e\u00ed postaven\u00ed Namarrkona v komplexu skaln\u00edch maleb v Kakadu. N\u00e1rodn\u00ed park Kakadu, od roku 1981 na seznamu UNESCO, obsahuje tis\u00edce petroglyf\u016f, z nich\u017e n\u011bkolik set zobrazuje Namarrkona. Tato koncentrace \u010din\u00ed Kakadu nejd\u016fle\u017eit\u011bj\u0161\u00edm vizu\u00e1ln\u00edm archivem Namarrkonovy tradice.<\/span><\/p><p>George Chaloupka p\u0159edlo\u017eil ve sv\u00e9 knize <em>Journey in Time<\/em> (1993) rozs\u00e1hlou studii tradice skaln\u00edch maleb v Kakadu. Jeho standardn\u00ed d\u00edlo je dnes pova\u017eov\u00e1no za nejd\u016fle\u017eit\u011bj\u0161\u00ed referenci; obsahuje podrobn\u00e9 popisy a datov\u00e1n\u00ed obraz\u016f Namarrkona z n\u011bkolika tis\u00edcilet\u00ed.<\/p><p>V\u011bdecky zvl\u00e1\u0161t\u011b zaj\u00edmav\u00e9 je, \u017ee skaln\u00ed malby jsou nad\u00e1le udr\u017eov\u00e1ny tradi\u010dn\u00edmi vlastn\u00edky (dne\u0161n\u00edmi komunitami Kunwinjku); n\u011bkter\u00e9 jsou <span class=\"iwg-fachbegriff\" data-tooltip=\"N\u00e1le\u017eej\u00edc\u00ed k pevn\u011b stanoven\u00e9mu n\u00e1bo\u017eensk\u00e9mu postupu.\" tabindex=\"0\">ritu\u00e1ln\u011b<\/span> \u201eobnovov\u00e1ny\u201c (p\u0159emalov\u00e1v\u00e1ny). Tato p\u00e9\u010de je sou\u010d\u00e1st\u00ed \u017eiv\u00e9 Namarrkonovy tradice, nikoli pouze archeologick\u00fdm zachov\u00e1v\u00e1n\u00edm.<\/p>\t\t\t\t\t\t\t\t<\/div>\n\t\t\t\t<\/div>\n\t\t\t\t\t<\/div>\n\t\t\t\t<\/div>\n\t\t<div class=\"elementor-element elementor-element-iwgw-namarrkon-s10 e-flex e-con-boxed e-con e-parent\" data-id=\"iwgw-namarrkon-s10\" data-element_type=\"container\" data-e-type=\"container\">\n\t\t\t\t\t<div class=\"e-con-inner\">\n\t\t\t\t<div class=\"elementor-element elementor-element-iwgw-namarrkon-s10h elementor-widget elementor-widget-heading\" data-id=\"iwgw-namarrkon-s10h\" data-element_type=\"widget\" data-e-type=\"widget\" data-widget_type=\"heading.default\">\n\t\t\t\t\t<h2 class=\"elementor-heading-title elementor-size-default\">Namarrkon v sou\u010dasn\u00e9 malb\u011b na k\u016fru<\/h2>\t\t\t\t<\/div>\n\t\t<div class=\"elementor-element elementor-element-iwgw-namarrkon-s10c e-con-full e-flex e-con e-child\" data-id=\"iwgw-namarrkon-s10c\" data-element_type=\"container\" data-e-type=\"container\">\n\t\t\t\t<div class=\"elementor-element elementor-element-iwgw-namarrkon-s10t elementor-widget elementor-widget-text-editor\" data-id=\"iwgw-namarrkon-s10t\" data-element_type=\"widget\" data-e-type=\"widget\" data-widget_type=\"text-editor.default\">\n\t\t\t\t\t\t\t\t\t<p><span data-nosnippet>Tradice malby na k\u016fru v oblasti Kunwinjku si od 50. let 20. stolet\u00ed z\u00edskala mezin\u00e1rodn\u00ed pozornost. Namarrkon je jedn\u00edm z nej\u010dast\u011bj\u0161\u00edch motiv\u016f t\u00e9to tradice. Zn\u00e1m\u00ed um\u011blci jako Bardayal \u201eLofty\u201c Nadjamerrek (1926, 2009), Spider Namirrkki a John Mawurndjul vytvo\u0159ili ikonick\u00e1 d\u00edla zobrazuj\u00edc\u00ed Namarrkona.<\/span><\/p><p>Howard Morphy uk\u00e1zal v n\u011bkolika studi\u00edch, jak p\u0159echod od ritu\u00e1ln\u00ed skaln\u00ed malby k trhem uplatniteln\u00e9 malb\u011b na k\u016fru zm\u011bnil n\u00e1bo\u017eenskou funkci, ani\u017e by tradici zkreslil. D\u00edla jsou dnes vystavena v mnoha velk\u00fdch muze\u00edch: Mus\u00e9e du Quai Branly v Pa\u0159\u00ed\u017ei, British Museum v Lond\u00fdn\u011b, National Gallery of Australia v Canbe\u0159e.<\/p><p>Z hlediska sociologie n\u00e1bo\u017eenstv\u00ed je tento v\u00fdvoj u\u010debnicov\u00fdm p\u0159\u00edkladem: domorod\u00e9 n\u00e1bo\u017eenstv\u00ed je nad\u00e1le udr\u017eov\u00e1no prost\u0159ednictv\u00edm um\u011bleck\u00e9ho trhu, ani\u017e by ztratilo sv\u016fj n\u00e1bo\u017eensk\u00fd charakter. Aboriginsk\u00e9 komunity vyvinuly mechanismy, jak s touto dvoj\u00ed funkc\u00ed zach\u00e1zet.<\/p>\t\t\t\t\t\t\t\t<\/div>\n\t\t\t\t<\/div>\n\t\t\t\t\t<\/div>\n\t\t\t\t<\/div>\n\t\t<div class=\"elementor-element elementor-element-iwgw-namarrkon-s11 e-flex e-con-boxed e-con e-parent\" data-id=\"iwgw-namarrkon-s11\" data-element_type=\"container\" data-e-type=\"container\">\n\t\t\t\t\t<div class=\"e-con-inner\">\n\t\t\t\t<div class=\"elementor-element elementor-element-iwgw-namarrkon-s11h elementor-widget elementor-widget-heading\" data-id=\"iwgw-namarrkon-s11h\" data-element_type=\"widget\" data-e-type=\"widget\" data-widget_type=\"heading.default\">\n\t\t\t\t\t<h2 class=\"elementor-heading-title elementor-size-default\">Metodologick\u00e1 reflexe a prameny<\/h2>\t\t\t\t<\/div>\n\t\t<div class=\"elementor-element elementor-element-iwgw-namarrkon-s11c e-con-full e-flex e-con e-child\" data-id=\"iwgw-namarrkon-s11c\" data-element_type=\"container\" data-e-type=\"container\">\n\t\t\t\t<div class=\"elementor-element elementor-element-iwgw-namarrkon-s11t elementor-widget elementor-widget-text-editor\" data-id=\"iwgw-namarrkon-s11t\" data-element_type=\"widget\" data-e-type=\"widget\" data-widget_type=\"text-editor.default\">\n\t\t\t\t\t\t\t\t\t<p>P\u0159i v\u00fdzkumu Namarrkona vznik\u00e1 n\u011bkolik metodologick\u00fdch probl\u00e9m\u016f. Zaprv\u00e9: archeologick\u00e9 datov\u00e1n\u00ed stylu \u201eX-ray\u201c je sporn\u00e9; r\u016fzn\u00e9 metody p\u0159in\u00e1\u0161ej\u00ed odli\u0161n\u00e9 v\u00fdsledky. Konsenzu\u00e1ln\u00ed chronologie st\u00e1le chyb\u00ed.<\/p><p>Zadruh\u00e9: mnoho poznatk\u016f o Namarrkonovi nen\u00ed \u201eomezen\u00e9\u201c v neju\u017e\u0161\u00edm slova smyslu, ale je hluboce zakotveno v m\u00edstn\u00ed praxi. Je nutn\u00e1 ohledupln\u00e1 pr\u00e1ce s prameny, konzultovan\u00e1 s tradi\u010dn\u00edmi vlastn\u00edky.<\/p><p>Zat\u0159et\u00ed: d\u011bjinn\u011bum\u011bleck\u00e1 a religionisticko-antropologick\u00e1 perspektiva na Namarrkona by m\u011bly spolupracovat. Ob\u011b discipl\u00edny maj\u00ed sv\u00e9 siln\u00e9 str\u00e1nky; izolovan\u00e9 zpracov\u00e1n\u00ed nedok\u00e1\u017ee postihnout hloubku Namarrkonovy tradice.<\/p><p>Kdo chce studovat Namarrkon\u016fv komplex v jeho \u0161\u00ed\u0159i, najde na p\u0159ehledov\u00e9 str\u00e1nce <a href=\"https:\/\/iwell-guard.com\/cs\/aboriginal-australie-dreamtime-tjukurpa\/\">Aboriginsk\u00e1 tradice<\/a> nejd\u016fle\u017eit\u011bj\u0161\u00ed odkazy na p\u0159\u00edbuzn\u00e9 postavy jako <a href=\"https:\/\/iwell-guard.com\/cs\/?page_id=145516\">Duhov\u00fd had (Rainbow Serpent)<\/a>, <a href=\"https:\/\/iwell-guard.com\/cs\/?page_id=145522\">duchy Mimi<\/a> a <a href=\"https:\/\/iwell-guard.com\/cs\/?page_id=145517\">Wandjina<\/a>.<\/p>\t\t\t\t\t\t\t\t<\/div>\n\t\t\t\t<\/div>\n\t\t\t\t\t<\/div>\n\t\t\t\t<\/div>\n\t\t<div class=\"elementor-element elementor-element-iwgw-namarrkon-s12 e-flex e-con-boxed e-con e-parent\" data-id=\"iwgw-namarrkon-s12\" data-element_type=\"container\" data-e-type=\"container\">\n\t\t\t\t\t<div class=\"e-con-inner\">\n\t\t\t\t<div class=\"elementor-element elementor-element-iwgw-namarrkon-s12h elementor-widget elementor-widget-heading\" data-id=\"iwgw-namarrkon-s12h\" data-element_type=\"widget\" data-e-type=\"widget\" data-widget_type=\"heading.default\">\n\t\t\t\t\t<h2 class=\"elementor-heading-title elementor-size-default\">Namarrkon a statut UNESCO v Kakadu<\/h2>\t\t\t\t<\/div>\n\t\t<div class=\"elementor-element elementor-element-iwgw-namarrkon-s12c e-con-full e-flex e-con e-child\" data-id=\"iwgw-namarrkon-s12c\" data-element_type=\"container\" data-e-type=\"container\">\n\t\t\t\t<div class=\"elementor-element elementor-element-iwgw-namarrkon-s12t elementor-widget elementor-widget-text-editor\" data-id=\"iwgw-namarrkon-s12t\" data-element_type=\"widget\" data-e-type=\"widget\" data-widget_type=\"text-editor.default\">\n\t\t\t\t\t\t\t\t\t<p><span data-nosnippet>N\u00e1rodn\u00ed park Kakadu je od roku 1981 na seznamu sv\u011btov\u00e9ho kulturn\u00edho d\u011bdictv\u00ed UNESCO, a to jak pro sv\u00e9 p\u0159\u00edrodn\u00ed bohatstv\u00ed, tak pro svou kulturn\u00ed hloubku. Skaln\u00ed malby, na kter\u00fdch se Namarrkon v\u00fdrazn\u011b objevuje, jsou centr\u00e1ln\u00ed sou\u010d\u00e1st\u00ed ocen\u011bn\u00ed UNESCO.<\/span><\/p><p>Toto mezin\u00e1rodn\u00ed uzn\u00e1n\u00ed m\u00e1 ambivalentn\u00ed d\u016fsledky. Na jedn\u00e9 stran\u011b zaji\u0161\u0165uje zachov\u00e1n\u00ed skaln\u00edch maleb, na druh\u00e9 stran\u011b je prom\u011b\u0148uje ve \u201eobjekty sv\u011btov\u00e9ho kulturn\u00edho d\u011bdictv\u00ed\u201c, co\u017e m\u011bn\u00ed samotnou n\u00e1bo\u017eenskou praxi. Tradi\u010dn\u00ed vlastn\u00edci (Bininj\/Mungguy) dnes park spr\u00e1vcuj\u00ed spole\u010dn\u011b s australskou vl\u00e1dou.<\/p><p>Z pohledu sociologie n\u00e1bo\u017eenstv\u00ed je Kakadu u\u010debnicov\u00fdm p\u0159\u00edkladem sou\u010dasn\u00e9ho propojen\u00ed domorod\u00e9ho n\u00e1bo\u017eenstv\u00ed, ochrany p\u0159\u00edrody, cestovn\u00edho ruchu a mezin\u00e1rodn\u00ed ochrany kulturn\u00edho d\u011bdictv\u00ed. Toto propojen\u00ed bude v n\u00e1sleduj\u00edc\u00edch desetilet\u00edch d\u00e1le nab\u00fdvat na v\u00fdznamu.<\/p>\t\t\t\t\t\t\t\t<\/div>\n\t\t\t\t<\/div>\n\t\t\t\t\t<\/div>\n\t\t\t\t<\/div>\n\t\t<div class=\"elementor-element elementor-element-iwgw-namarrkon-s13 e-flex e-con-boxed e-con e-parent\" data-id=\"iwgw-namarrkon-s13\" data-element_type=\"container\" data-e-type=\"container\">\n\t\t\t\t\t<div class=\"e-con-inner\">\n\t\t\t\t<div class=\"elementor-element elementor-element-iwgw-namarrkon-s13h elementor-widget elementor-widget-heading\" data-id=\"iwgw-namarrkon-s13h\" data-element_type=\"widget\" data-e-type=\"widget\" data-widget_type=\"heading.default\">\n\t\t\t\t\t<h2 class=\"elementor-heading-title elementor-size-default\">Namarrkon a klimatick\u00e1 zm\u011bna v Top End<\/h2>\t\t\t\t<\/div>\n\t\t<div class=\"elementor-element elementor-element-iwgw-namarrkon-s13c e-con-full e-flex e-con e-child\" data-id=\"iwgw-namarrkon-s13c\" data-element_type=\"container\" data-e-type=\"container\">\n\t\t\t\t<div class=\"elementor-element elementor-element-iwgw-namarrkon-s13t elementor-widget elementor-widget-text-editor\" data-id=\"iwgw-namarrkon-s13t\" data-element_type=\"widget\" data-e-type=\"widget\" data-widget_type=\"text-editor.default\">\n\t\t\t\t\t\t\t\t\t<p>Aktu\u00e1ln\u00ed badatelsk\u00e1 perspektiva spojuje tradici Namarrkona s dopady klimatick\u00e9 zm\u011bny na aboriginsk\u00e9 komunity Top End. Monzunov\u00fd cyklus obdob\u00ed de\u0161\u0165\u016f, kter\u00fd je pro region z\u00e1sadn\u00ed hospod\u00e1\u0159sky, ekologicky i n\u00e1bo\u017eensky, podl\u00e9h\u00e1 st\u00e1le v\u00edce anom\u00e1li\u00edm.<\/p><p>Zm\u011bn\u011bn\u00e9 vzorce sr\u00e1\u017eek, vzestup hladiny mo\u0159e (kter\u00fd ohro\u017euje pob\u0159e\u017en\u00ed lokality se skaln\u00edmi malbami), \u010dast\u011bj\u0161\u00ed extr\u00e9mn\u00ed meteorologick\u00e9 jevy \u2013 to v\u0161e se p\u0159\u00edmo dot\u00fdk\u00e1 tradice Namarrkona. Domorod\u00e1 klimatick\u00e1 kritika tyto aspekty st\u00e1le v\u00edce zohled\u0148uje.<\/p><p>Z hlediska antropologie n\u00e1bo\u017eenstv\u00ed je tento obrat zaj\u00edmav\u00fd. N\u00e1bo\u017eensk\u00e1 tradice, kter\u00e1 je po tis\u00edcilet\u00ed spojena s monzunov\u00fdm cyklem, se v d\u016fsledku antropogenn\u00ed klimatick\u00e9 zm\u011bny dost\u00e1v\u00e1 do nov\u00e9ho druhu nap\u011bt\u00ed. V\u011bdci jako Tyson Yunkaporta a Marcia Langton toto nap\u011bt\u00ed konceptualizovali jako \u201edomorodou klimatickou <span class=\"iwg-fachbegriff\" data-tooltip=\"V\u011bdeck\u00e1 nauka o Bohu a v\u00ed\u0159e ur\u010dit\u00e9ho n\u00e1bo\u017eenstv\u00ed.\" tabindex=\"0\">teologii<\/span>\u201c.<\/p>\t\t\t\t\t\t\t\t<\/div>\n\t\t\t\t<\/div>\n\t\t\t\t\t<\/div>\n\t\t\t\t<\/div>\n\t\t<div class=\"elementor-element elementor-element-iwgw-namarrkon-s14 e-flex e-con-boxed e-con e-parent\" data-id=\"iwgw-namarrkon-s14\" data-element_type=\"container\" data-e-type=\"container\">\n\t\t\t\t\t<div class=\"e-con-inner\">\n\t\t\t\t<div class=\"elementor-element elementor-element-iwgw-namarrkon-s14h elementor-widget elementor-widget-heading\" data-id=\"iwgw-namarrkon-s14h\" data-element_type=\"widget\" data-e-type=\"widget\" data-widget_type=\"heading.default\">\n\t\t\t\t\t<h2 class=\"elementor-heading-title elementor-size-default\">Namarrkon a aboriginsk\u00e1 astronomie<\/h2>\t\t\t\t<\/div>\n\t\t<div class=\"elementor-element elementor-element-iwgw-namarrkon-s14c e-con-full e-flex e-con e-child\" data-id=\"iwgw-namarrkon-s14c\" data-element_type=\"container\" data-e-type=\"container\">\n\t\t\t\t<div class=\"elementor-element elementor-element-iwgw-namarrkon-s14t elementor-widget elementor-widget-text-editor\" data-id=\"iwgw-namarrkon-s14t\" data-element_type=\"widget\" data-e-type=\"widget\" data-widget_type=\"text-editor.default\">\n\t\t\t\t\t\t\t\t\t<p>Astronomick\u00e9 zakotven\u00ed Namarrkona v aboriginsk\u00e9 hv\u011bzdn\u00e9 obloze si zaslou\u017e\u00ed hlub\u0161\u00ed pohled. V tradic\u00edch Kunwinjku je Namarrkon ztoto\u017e\u0148ov\u00e1n s ur\u010dit\u00fdmi hv\u011bzdami nebo hv\u011bzdn\u00fdmi uskupen\u00edmi, kter\u00e9 vych\u00e1zej\u00ed na obloze s po\u010d\u00e1tkem obdob\u00ed de\u0161\u0165\u016f.<\/p><p>Aboriginsk\u00e1 astronomie skupin Top End je v posledn\u00edch desetilet\u00edch samostatnou v\u011bdn\u00ed oblast\u00ed. Duane Hamacher a dal\u0161\u00ed uk\u00e1zali, \u017ee tradi\u010dn\u00ed astronomick\u00e1 pozorov\u00e1n\u00ed jsou p\u0159ekvapiv\u011b p\u0159esn\u00e1 a odpov\u00eddaj\u00ed modern\u00edm v\u011bdeck\u00fdm pozorov\u00e1n\u00edm.<\/p><p>Z hlediska fenomenologie n\u00e1bo\u017eenstv\u00ed je toto astronomick\u00e9 zakotven\u00ed d\u016fle\u017eit\u00e9. Namarrkon nen\u00ed jen n\u00e1bo\u017eenskou postavou, ale kosmologickou konstantou. \u201eOhla\u0161uje se\u201c ur\u010dit\u00fdmi hv\u011bzdn\u00fdmi uskupen\u00edmi a ritu\u00e1ln\u00ed praktiky se \u0159\u00edd\u00ed t\u00edmto astronomick\u00fdm kalend\u00e1\u0159em.<\/p>\t\t\t\t\t\t\t\t<\/div>\n\t\t\t\t<\/div>\n\t\t\t\t\t<\/div>\n\t\t\t\t<\/div>\n\t\t<div class=\"elementor-element elementor-element-iwgw-namarrkon-s15 e-flex e-con-boxed e-con e-parent\" data-id=\"iwgw-namarrkon-s15\" data-element_type=\"container\" data-e-type=\"container\">\n\t\t\t\t\t<div class=\"e-con-inner\">\n\t\t\t\t<div class=\"elementor-element elementor-element-iwgw-namarrkon-s15h elementor-widget elementor-widget-heading\" data-id=\"iwgw-namarrkon-s15h\" data-element_type=\"widget\" data-e-type=\"widget\" data-widget_type=\"heading.default\">\n\t\t\t\t\t<h2 class=\"elementor-heading-title elementor-size-default\">Namarrkon a pl\u00e1n spole\u010dn\u00e9 spr\u00e1vy Kakadu<\/h2>\t\t\t\t<\/div>\n\t\t<div class=\"elementor-element elementor-element-iwgw-namarrkon-s15c e-con-full e-flex e-con e-child\" data-id=\"iwgw-namarrkon-s15c\" data-element_type=\"container\" data-e-type=\"container\">\n\t\t\t\t<div class=\"elementor-element elementor-element-iwgw-namarrkon-s15t elementor-widget elementor-widget-text-editor\" data-id=\"iwgw-namarrkon-s15t\" data-element_type=\"widget\" data-e-type=\"widget\" data-widget_type=\"text-editor.default\">\n\t\t\t\t\t\t\t\t\t<p>N\u00e1rodn\u00ed park Kakadu je od roku 1976 spr\u00e1vcov\u00e1n na z\u00e1klad\u011b pl\u00e1nu spole\u010dn\u00e9 spr\u00e1vy mezi tradi\u010dn\u00edmi vlastn\u00edky (Bininj\/Mungguy) a australskou vl\u00e1dou. Tato struktura spr\u00e1vy je jednou z prvn\u00edch sv\u00e9ho druhu na sv\u011bt\u011b a stala se modelem pro podobn\u00e9 struktury jinde.<\/p><p>Pl\u00e1n zahrnuje p\u00e9\u010di o lokality se skaln\u00edmi malbami, v\u010detn\u011b vyobrazen\u00ed Namarrkona, podle tradi\u010dn\u00edch pravidel. P\u0159emalby se prov\u00e1d\u011bj\u00ed pod dohledem tradi\u010dn\u00edch vlastn\u00edk\u016f, turistick\u00e9 trasy jsou pl\u00e1nov\u00e1ny tak, aby byly citliv\u00e9 lokality chr\u00e1n\u011bny.<\/p><p>Z pohledu sociologie n\u00e1bo\u017eenstv\u00ed je Kakadu u\u010debnicov\u00fdm p\u0159\u00edkladem za\u010dlen\u011bn\u00ed domorod\u00e9ho n\u00e1bo\u017eenstv\u00ed do modern\u00edch spr\u00e1vn\u00edch struktur. Namarrkon je zde n\u00e1bo\u017eenskou postavou i sou\u010dasn\u011b spr\u00e1vn\u00edm referen\u010dn\u00edm bodem. Tato dvoj\u00ed funkce prom\u011b\u0148uje samotn\u00e9 n\u00e1bo\u017eenstv\u00ed, jev, kter\u00fd je t\u0159eba pe\u010dliv\u011b analyzovat z hlediska antropologie n\u00e1bo\u017eenstv\u00ed.<\/p>\t\t\t\t\t\t\t\t<\/div>\n\t\t\t\t<\/div>\n\t\t\t\t\t<\/div>\n\t\t\t\t<\/div>\n\t\t<div class=\"elementor-element elementor-element-iwgw-namarrkon-s16 e-flex e-con-boxed e-con e-parent\" data-id=\"iwgw-namarrkon-s16\" data-element_type=\"container\" data-e-type=\"container\">\n\t\t\t\t\t<div class=\"e-con-inner\">\n\t\t\t\t<div class=\"elementor-element elementor-element-iwgw-namarrkon-s16h elementor-widget elementor-widget-heading\" data-id=\"iwgw-namarrkon-s16h\" data-element_type=\"widget\" data-e-type=\"widget\" data-widget_type=\"heading.default\">\n\t\t\t\t\t<h2 class=\"elementor-heading-title elementor-size-default\">Namarrkon a aboriginsk\u00e9 znalosti o po\u010das\u00ed<\/h2>\t\t\t\t<\/div>\n\t\t<div class=\"elementor-element elementor-element-iwgw-namarrkon-s16c e-con-full e-flex e-con e-child\" data-id=\"iwgw-namarrkon-s16c\" data-element_type=\"container\" data-e-type=\"container\">\n\t\t\t\t<div class=\"elementor-element elementor-element-iwgw-namarrkon-s16t elementor-widget elementor-widget-text-editor\" data-id=\"iwgw-namarrkon-s16t\" data-element_type=\"widget\" data-e-type=\"widget\" data-widget_type=\"text-editor.default\">\n\t\t\t\t\t\t\t\t\t<p>Etnologicky zaj\u00edmav\u00fd pohled si zaslou\u017e\u00ed spojen\u00ed mezi Namarrkonem a aboriginsk\u00fdmi znalostmi o po\u010das\u00ed. Aboriginov\u00e9 v Top End znaj\u00ed \u0161estid\u00edln\u00fd sez\u00f3nn\u00ed kalend\u00e1\u0159, kter\u00fd je mnohem diferencovan\u011bj\u0161\u00ed ne\u017e z\u00e1padn\u00ed kalend\u00e1\u0159 \u010dty\u0159 ro\u010dn\u00edch obdob\u00ed.<\/p><p>U Kunwinjku se rozli\u0161uje: <em>Gunumeleng<\/em> (p\u0159edmonzun), <em>Gudjewg<\/em> (monzun), <em>Banggerreng<\/em> (konec bou\u0159\u00ed), <em>Yegge<\/em> (chladn\u00e9 p\u0159echodn\u00e9 obdob\u00ed), <em>Wurrgeng<\/em> (chladn\u00e9 such\u00e9 obdob\u00ed), <em>Gurrung<\/em> (hork\u00e9 such\u00e9 obdob\u00ed). Namarrkon je spojen s Gunumeleng a Gudjewg.<\/p><p>Tato jemn\u011b kalibrovan\u00e1 klasifikace po\u010das\u00ed je mimo\u0159\u00e1dn\u00fdm p\u0159\u00edkladem domorod\u00fdch ekologick\u00fdch znalost\u00ed. Spojuje pozorov\u00e1n\u00ed, n\u00e1bo\u017eenstv\u00ed a praktickou organizaci \u017eivota do integrovan\u00e9ho celku. I zde Namarrkon p\u0159esahuje roli \u201epouh\u00e9\u201c n\u00e1bo\u017eensk\u00e9 postavy: je sou\u010d\u00e1st\u00ed rozs\u00e1hl\u00e9 ekologie pozn\u00e1n\u00ed.<\/p>\t\t\t\t\t\t\t\t<\/div>\n\t\t\t\t<\/div>\n\t\t\t\t\t<\/div>\n\t\t\t\t<\/div>\n\t\t<div class=\"elementor-element elementor-element-iwgw-namarrkon-s17 e-flex e-con-boxed e-con e-parent\" data-id=\"iwgw-namarrkon-s17\" data-element_type=\"container\" data-e-type=\"container\">\n\t\t\t\t\t<div class=\"e-con-inner\">\n\t\t\t\t<div class=\"elementor-element elementor-element-iwgw-namarrkon-s17h elementor-widget elementor-widget-heading\" data-id=\"iwgw-namarrkon-s17h\" data-element_type=\"widget\" data-e-type=\"widget\" data-widget_type=\"heading.default\">\n\t\t\t\t\t<h2 class=\"elementor-heading-title elementor-size-default\">Namarrkon a sdru\u017een\u00ed um\u011blc\u016f Maningrida<\/h2>\t\t\t\t<\/div>\n\t\t<div class=\"elementor-element elementor-element-iwgw-namarrkon-s17c e-con-full e-flex e-con e-child\" data-id=\"iwgw-namarrkon-s17c\" data-element_type=\"container\" data-e-type=\"container\">\n\t\t\t\t<div class=\"elementor-element elementor-element-iwgw-namarrkon-s17t elementor-widget elementor-widget-text-editor\" data-id=\"iwgw-namarrkon-s17t\" data-element_type=\"widget\" data-e-type=\"widget\" data-widget_type=\"text-editor.default\">\n\t\t\t\t\t\t\t\t\t<p>Sdru\u017een\u00ed um\u011blc\u016f Maningrida (Maningrida Arts and Culture) je jedn\u00edm z nejv\u00fdznamn\u011bj\u0161\u00edch center sou\u010dasn\u00e9ho aboriginsk\u00e9ho um\u011bn\u00ed severn\u00ed Austr\u00e1lie. Zastupuje n\u011bkolik set um\u011blc\u016f z r\u016fzn\u00fdch jazykov\u00fdch skupin regionu. Motivy Namarrkona pat\u0159\u00ed k pevn\u00e9mu reperto\u00e1ru t\u011bchto um\u011blky\u0148 a um\u011blc\u016f.<\/p><p>Sdru\u017een\u00ed je z pohledu sociologie n\u00e1bo\u017eenstv\u00ed zaj\u00edmav\u00e9, proto\u017ee spojuje tradi\u010dn\u00ed praxi s modern\u00edm marketingem. Um\u011blci dost\u00e1vaj\u00ed za sv\u00e1 d\u00edla spravedliv\u00e9 ceny; sdru\u017een\u00ed zaji\u0161\u0165uje kulturn\u00ed kontinuitu a hospod\u00e1\u0159skou udr\u017eitelnost. Tato dvoj\u00ed funkce se stala modelem pro podobn\u00e9 iniciativy jinde.<\/p><p>Z hlediska antropologie n\u00e1bo\u017eenstv\u00ed se zde ukazuje sou\u010dasn\u00fd zp\u016fsob existence domorod\u00e9ho n\u00e1bo\u017eenstv\u00ed: p\u0159e\u017e\u00edv\u00e1 d\u00edky tradici i d\u00edky inovaci. Namarrkon nepat\u0159\u00ed uzav\u0159en\u00e9 minulosti, je nep\u0159etr\u017eit\u011b nov\u011b interpretovanou n\u00e1bo\u017eenskou realitou v regionu Maningrida.<\/p>\t\t\t\t\t\t\t\t<\/div>\n\t\t\t\t<\/div>\n\t\t\t\t\t<\/div>\n\t\t\t\t<\/div>\n\t\t<div class=\"elementor-element elementor-element-cp20809a4c e-flex e-con-boxed e-con e-parent\" data-id=\"cp20809a4c\" data-element_type=\"container\" data-e-type=\"container\">\n\t\t\t\t\t<div class=\"e-con-inner\">\n\t\t\t\t<div class=\"elementor-element elementor-element-cp210b3415 elementor-widget elementor-widget-heading\" data-id=\"cp210b3415\" data-element_type=\"widget\" data-e-type=\"widget\" data-widget_type=\"heading.default\">\n\t\t\t\t\t<h2 class=\"elementor-heading-title elementor-size-default\">Cik\u00e1da, kter\u00e1 ohla\u0161uje hrom: Namarrkon v ro\u010dn\u00edm cyklu Arnhemsk\u00e9 zem\u011b<\/h2>\t\t\t\t<\/div>\n\t\t<div class=\"elementor-element elementor-element-cp21efe7cf e-flex e-con-boxed e-con e-child\" data-id=\"cp21efe7cf\" data-element_type=\"container\" data-e-type=\"container\">\n\t\t\t\t\t<div class=\"e-con-inner\">\n\t\t\t\t<div class=\"elementor-element elementor-element-cp2e05b38b elementor-widget elementor-widget-text-editor\" data-id=\"cp2e05b38b\" data-element_type=\"widget\" data-e-type=\"widget\" data-widget_type=\"text-editor.default\">\n\t\t\t\t\t\t\t\t\t<p>Blitzman <em>Namarrkon<\/em>, psan\u00fd tak\u00e9 jako <em>Namarrgon<\/em>, je v <span class=\"iwg-fachbegriff\" data-tooltip=\"P\u0159ed\u00e1v\u00e1n\u00ed v\u011bdomost\u00ed a vypr\u00e1v\u011bn\u00ed nap\u0159\u00ed\u010d generacemi.\" tabindex=\"0\">tradici<\/span> z\u00e1padn\u00ed \u010d\u00e1sti Arnhemsk\u00e9 zem\u011b pevn\u011b sv\u00e1z\u00e1n s p\u0159esn\u011b sledovan\u00fdm p\u0159\u00edrodn\u00edm d\u011bjem. Na rozd\u00edl od abstraktn\u00edho boha po\u010das\u00ed je Namarrkon spojen s konkr\u00e9tn\u00edm sez\u00f3nn\u00edm jevem, kter\u00fd mluv\u010d\u00ed jazyka kunwinjku a p\u0159\u00edbuzn\u00fdch jazyk\u016f zaznamen\u00e1vaj\u00ed v podrobn\u00e9m kalend\u00e1\u0159i ro\u010dn\u00edch obdob\u00ed.<\/p><p>Tento kalend\u00e1\u0159 rozli\u0161uje a\u017e \u0161est ro\u010dn\u00edch obdob\u00ed m\u00edsto dvou nebo \u010dty\u0159. Jsou v\u00e1z\u00e1na na v\u00edtr, vlhkost, dobu kv\u011btu rostlin a chov\u00e1n\u00ed zv\u00ed\u0159at.<\/p><p>Sou\u010d\u00e1st\u00ed tohoto syst\u00e9mu je spojnice mezi Namarrkonem a ur\u010dit\u00fdm druhem cik\u00e1dy, kter\u00fd se v regionu naz\u00fdv\u00e1 <em>Leichhardtova cik\u00e1da<\/em> a v m\u00edstn\u00edch jazyc\u00edch m\u00e1 vlastn\u00ed jm\u00e9no. Tento z\u00e1\u0159iv\u011b zbarven\u00fd hmyz se objevuje ke konci such\u00e9ho obdob\u00ed, kr\u00e1tce p\u0159ed t\u00edm, ne\u017e za\u010dnou prvn\u00ed siln\u00e9 bou\u0159e nadch\u00e1zej\u00edc\u00edho obdob\u00ed de\u0161\u0165\u016f.<\/p><p>V <span class=\"iwg-fachbegriff\" data-tooltip=\"P\u0159ed\u00e1v\u00e1n\u00ed v\u011bdomost\u00ed a vypr\u00e1v\u011bn\u00ed nap\u0159\u00ed\u010d generacemi.\" tabindex=\"0\">tradici<\/span> je cik\u00e1da pova\u017eov\u00e1na za d\u00edt\u011b nebo posla blitzmana. Jej\u00ed v\u00fdskyt ohla\u0161uje, \u017ee Namarrkon se brzy znovu aktivuje, \u017ee se vr\u00e1t\u00ed hrom a blesk a \u017ee je t\u0159eba za\u010d\u00edt s p\u0159\u00edpravou na obdob\u00ed de\u0161\u0165\u016f. Tato postava tak vysv\u011btluje bou\u0159ku a z\u00e1rove\u0148 je sou\u010d\u00e1st\u00ed praktick\u00e9ho v\u011bd\u011bn\u00ed, kter\u00e9 strukturuje rok.<\/p><p>Namarrkon je ve vypr\u00e1v\u011bn\u00edch i ve skaln\u00edm um\u011bn\u00ed zobrazov\u00e1n s kamenn\u00fdmi sekerami usazen\u00fdmi na loktech a kolenech, jimi\u017e rozr\u00e1\u017e\u00ed mraky do hromu a rozechv\u00edv\u00e1 zemi.<\/p><p>Z\u00e1\u0159\u00edc\u00ed p\u00e1s, kter\u00fd jej obklopuje, je vykl\u00e1d\u00e1n jako blesk. Jedno zn\u00e1m\u00e9 malovan\u00e9 zobrazen\u00ed t\u00e9to postavy se nach\u00e1z\u00ed na skaln\u00ed st\u011bn\u011b v dne\u0161n\u00edm n\u00e1rodn\u00edm parku Kakadu a pat\u0159\u00ed k nejnav\u0161t\u011bvovan\u011bj\u0161\u00edm lokalit\u00e1m skaln\u00edho um\u011bn\u00ed v Austr\u00e1lii, co\u017e s sebou nese vlastn\u00ed ot\u00e1zky ochrany a vhodn\u00e9ho zach\u00e1zen\u00ed.<\/p><p>Pro p\u0159esn\u00fd popis je d\u016fle\u017eit\u00e9, \u017ee spojen\u00ed cik\u00e1dy, za\u010d\u00e1tku bou\u0159kov\u00e9ho obdob\u00ed a blitzmana je sou\u010d\u00e1st\u00ed \u00fastn\u00ed <span class=\"iwg-fachbegriff\" data-tooltip=\"P\u0159ed\u00e1v\u00e1n\u00ed v\u011bdomost\u00ed a vypr\u00e1v\u011bn\u00ed nap\u0159\u00ed\u010d generacemi.\" tabindex=\"0\">tradice<\/span> tradi\u010dn\u00edch vlastn\u00edk\u016f zem\u011b, nikoli v\u00fdklad p\u0159enesen\u00fd zven\u010d\u00ed, a je dolo\u017een v etnografick\u00fdch prac\u00edch o znalosti p\u0159\u00edrody v Arnhemsk\u00e9 zemi.<\/p><p>Ukazuje se tak, \u017ee postava Namarrkona je n\u00e1bo\u017eenskou formou p\u0159esn\u00e9ho pozorov\u00e1n\u00ed p\u0159\u00edrody a nikoli jeho protikladem. Sez\u00f3nn\u00ed p\u0159edpov\u011b\u010f a mytick\u00e9 vypr\u00e1v\u011bn\u00ed jsou v t\u00e9to tradici dv\u011b strany t\u00e9ho\u017e v\u011bd\u011bn\u00ed.<\/p>\t\t\t\t\t\t\t\t<\/div>\n\t\t\t\t\t<\/div>\n\t\t\t\t<\/div>\n\t\t\t\t\t<\/div>\n\t\t\t\t<\/div>\n\t\t<div class=\"elementor-element elementor-element-iwgw-namarrkon-lit e-flex e-con-boxed e-con e-parent\" data-id=\"iwgw-namarrkon-lit\" data-element_type=\"container\" data-e-type=\"container\">\n\t\t\t\t\t<div class=\"e-con-inner\">\n\t\t\t\t<div class=\"elementor-element elementor-element-iwgw-namarrkon-lith elementor-widget elementor-widget-heading\" data-id=\"iwgw-namarrkon-lith\" data-element_type=\"widget\" data-e-type=\"widget\" data-widget_type=\"heading.default\">\n\t\t\t\t\t<h2 class=\"elementor-heading-title elementor-size-default\">Literatura (v\u00fdb\u011br)<\/h2>\t\t\t\t<\/div>\n\t\t<div class=\"elementor-element elementor-element-iwgw-namarrkon-litc e-con-full e-flex e-con e-child\" data-id=\"iwgw-namarrkon-litc\" data-element_type=\"container\" data-e-type=\"container\">\n\t\t\t\t<div class=\"elementor-element elementor-element-iwgw-namarrkon-litt elementor-widget elementor-widget-text-editor\" data-id=\"iwgw-namarrkon-litt\" data-element_type=\"widget\" data-e-type=\"widget\" data-widget_type=\"text-editor.default\">\n\t\t\t\t\t\t\t\t\t<ul><li>Howard Morphy: <em>Aboriginal Art<\/em> (Phaidon 1998)<\/li><li>Luke Taylor: <em>Seeing the Inside<\/em> (1996)<\/li><li>Charles P. Mountford: <em>Records of the American-Australian Scientific Expedition<\/em> (1956)<\/li><li><span data-nosnippet>Ronald M. Berndt &#038; Catherine H. Berndt: <em>Man, Land and Myth<\/em> (1970)<\/span><\/li><li>George Chaloupka: <em>Journey in Time<\/em> (1993)<\/li><li>Tony Swain: <em>A Place for Strangers<\/em> (1993)<\/li><li>Lynne Hume: <em>Ancestral Power<\/em> (2002)<\/li><\/ul>\t\t\t\t\t\t\t\t<\/div>\n\t\t\t\t<\/div>\n\t\t\t\t\t<\/div>\n\t\t\t\t<\/div>\n\t\t<div class=\"elementor-element elementor-element-iwgkw-add-namarrkon e-flex e-con-boxed e-con e-parent\" data-id=\"iwgkw-add-namarrkon\" data-element_type=\"container\" data-e-type=\"container\">\n\t\t\t\t\t<div class=\"e-con-inner\">\n\t\t\t\t<div class=\"elementor-element elementor-element-iwgkw-add-namarrkon-t elementor-widget elementor-widget-text-editor\" data-id=\"iwgkw-add-namarrkon-t\" data-element_type=\"widget\" data-e-type=\"widget\" data-widget_type=\"text-editor.default\">\n\t\t\t\t\t\t\t\t\t<p>Namarrkon je stvo\u0159itelem blesku a hromu v tradici Aboriginc\u016f z\u00e1padn\u00ed Arnhemsk\u00e9 <em>zem\u011b<\/em> na severu Austr\u00e1lie. V obrazov\u00e9m jazyce skaln\u00edch maleb oblasti Kakadu se objevuje jako lidsk\u00e1 postava s kamenn\u00fdmi sekerami na loktech a kolenech, jimi\u017e rozr\u00e1\u017e\u00ed mraky. Jeho p\u016fsoben\u00ed je pevn\u011b spjato s vlhk\u00fdm monsunov\u00fdm obdob\u00edm mezi \u0159\u00edjnem a b\u0159eznem.<\/p>\t\t\t\t\t\t\t\t<\/div>\n\t\t\t\t\t<\/div>\n\t\t\t\t<\/div>\n\t\t<div class=\"elementor-element elementor-element-iwgkw2-add-namarrkon e-flex e-con-boxed e-con e-parent\" data-id=\"iwgkw2-add-namarrkon\" data-element_type=\"container\" data-e-type=\"container\">\n\t\t\t\t\t<div class=\"e-con-inner\">\n\t\t\t\t<div class=\"elementor-element elementor-element-iwgkw2-add-namarrkon-t elementor-widget elementor-widget-text-editor\" data-id=\"iwgkw2-add-namarrkon-t\" data-element_type=\"widget\" data-e-type=\"widget\" data-widget_type=\"text-editor.default\">\n\t\t\t\t\t\t\t\t\t<p>Jako <em>blesk-duch<\/em> z\u00e1padn\u00ed Arnhemsk\u00e9 zem\u011b Namarrkon kamenn\u00fdmi sekerami na kolenech a loktech t\u0159\u00ed\u0161t\u00ed mraky; \u00fastn\u00ed <em>prameny<\/em> Kunwinjku ho spojuj\u00ed s monsunov\u00fdm obdob\u00edm a se skaln\u00edmi malbami v oblasti Kakadu.<\/p>\t\t\t\t\t\t\t\t<\/div>\n\t\t\t\t\t<\/div>\n\t\t\t\t<\/div>\n\t\t<div class=\"elementor-element elementor-element-iwgw-namarrkon-kwd e-flex e-con-boxed e-con e-parent\" data-id=\"iwgw-namarrkon-kwd\" data-element_type=\"container\" data-e-type=\"container\">\n\t\t\t\t\t<div class=\"e-con-inner\">\n\t\t<div class=\"elementor-element elementor-element-iwgw-namarrkon-kwdc e-con-full e-flex e-con e-child\" data-id=\"iwgw-namarrkon-kwdc\" data-element_type=\"container\" data-e-type=\"container\">\n\t\t\t\t<div class=\"elementor-element elementor-element-iwgw-namarrkon-kwdt elementor-widget elementor-widget-text-editor\" data-id=\"iwgw-namarrkon-kwdt\" data-element_type=\"widget\" data-e-type=\"widget\" data-widget_type=\"text-editor.default\">\n\t\t\t\t\t\t\t\t\t<p><em>Souvisej\u00edc\u00ed kl\u00ed\u010dov\u00e9 pojmy: Namarrkon, Kunwinjku, Arnhemsk\u00e1 zem\u011b, blesk, obdob\u00ed de\u0161\u0165\u016f, skaln\u00ed malby.<\/em><\/p>\t\t\t\t\t\t\t\t<\/div>\n\t\t\t\t<\/div>\n\t\t\t\t\t<\/div>\n\t\t\t\t<\/div>\n\t\t<div class=\"elementor-element elementor-element-iwgw-namarrkon-cc e-flex e-con-boxed e-con e-parent\" data-id=\"iwgw-namarrkon-cc\" data-element_type=\"container\" data-e-type=\"container\" id=\"iwg-cc-namarrkon\">\n\t\t\t\t\t<div class=\"e-con-inner\">\n\t\t<div class=\"elementor-element elementor-element-iwgw-namarrkon-ccinner e-flex e-con-boxed e-con e-parent\" data-id=\"iwgw-namarrkon-ccinner\" data-element_type=\"container\" data-e-type=\"container\" data-settings=\"{&quot;background_background&quot;:&quot;classic&quot;}\">\n\t\t\t\t\t<div class=\"e-con-inner\">\n\t\t\t\t<div class=\"elementor-element elementor-element-iwgw-namarrkon-cch elementor-widget elementor-widget-heading\" data-id=\"iwgw-namarrkon-cch\" data-element_type=\"widget\" data-e-type=\"widget\" data-widget_type=\"heading.default\">\n\t\t\t\t\t<h2 class=\"elementor-heading-title elementor-size-default\">iWell Guard a ochrann\u00e9 tradice<\/h2>\t\t\t\t<\/div>\n\t\t\t\t<div class=\"elementor-element elementor-element-iwgw-namarrkon-cct elementor-widget elementor-widget-text-editor\" data-id=\"iwgw-namarrkon-cct\" data-element_type=\"widget\" data-e-type=\"widget\" data-widget_type=\"text-editor.default\">\n\t\t\t\t\t\t\t\t\t<div data-nosnippet=\"true\"><p>iWell Guard navazuje na kulturn\u011b-historickou tradici nositeln\u00fdch ochrann\u00fdch p\u0159edm\u011bt\u016f, v tradici <a href=\"https:\/\/iwell-guard.com\/cs\/aboriginal-australie-dreamtime-tjukurpa\/\">domorod\u00fdch Australan\u016f (Aboriginal)<\/a> a mnoha dal\u0161\u00edch kultur po cel\u00e9m sv\u011bt\u011b. 41 vrstev, ryz\u00ed zlato, platina, st\u0159\u00edbro, vyrobeno v N\u011bmecku. 30denn\u00ed pr\u00e1vo na vr\u00e1cen\u00ed zbo\u017e\u00ed.<\/p><\/div>\t\t\t\t\t\t\t\t<\/div>\n\t\t\t\t<div class=\"elementor-element elementor-element-iwgw-namarrkon-ccb iwg-cc-button iwg-cc-cta-2026-05-13 elementor-widget elementor-widget-jet-button\" data-id=\"iwgw-namarrkon-ccb\" data-element_type=\"widget\" data-e-type=\"widget\" data-widget_type=\"jet-button.default\">\n\t\t\t\t<div class=\"elementor-widget-container\">\n\t\t\t\t\t<div class=\"elementor-jet-button jet-elements\"><div class=\"jet-button__container\"><a class=\"jet-button__instance jet-button__instance--icon-left hover-effect-1\" href=\"\/ueber-iwell-guard\/?utm_source=iwell-guard.com&amp;utm_medium=info-box&amp;utm_campaign=wesen-tradition\"><div class=\"jet-button__plane jet-button__plane-normal\"><\/div><div class=\"jet-button__plane jet-button__plane-hover\"><\/div><div class=\"jet-button__state jet-button__state-normal\"><span class=\"jet-button__label\">V\u00edce o iWell Guard<\/span><\/div><div class=\"jet-button__state jet-button__state-hover\"><span class=\"jet-button__label\">V\u00edce o iWell Guard<\/span><\/div><\/a><\/div><\/div><style>.elementor-element.elementor-element-iwgw-namarrkon-ccb .jet-button__instance{width:320px;height:56px;}.elementor-element.elementor-element-iwgw-namarrkon-ccb .jet-button__state-normal .jet-button__label{text-align:center;margin:0px 0px 0px 0px;color:#1a1b20;font-family:Montserrat,sans-serif;font-size:13px;font-weight:400;letter-spacing:4px;line-height:1.714em;text-transform:uppercase;}.elementor-element.elementor-element-iwgw-namarrkon-ccb .jet-button__state-hover .jet-button__label{text-align:center;margin:0px 0px 0px 0px;color:#FECC76;font-family:Montserrat,sans-serif;font-size:13px;font-weight:400;letter-spacing:4px;line-height:1.714em;text-transform:uppercase;}.elementor-element.elementor-element-iwgw-namarrkon-ccb .jet-button__plane-normal{background-color:#FECC76;border-style:solid;border-color:#C99540;border-width:2px 2px 2px 2px;}.elementor-element.elementor-element-iwgw-namarrkon-ccb .jet-button__plane-hover{background-color:rgba(0,0,0,0.55);border-style:solid;border-color:#FECC76;border-width:2px 2px 2px 2px;}<\/style>\t\t\t\t<\/div>\n\t\t\t\t<\/div>\n\t\t\t\t<div class=\"elementor-element elementor-element-iwgw-namarrkon-ccd elementor-widget elementor-widget-text-editor\" data-id=\"iwgw-namarrkon-ccd\" data-element_type=\"widget\" data-e-type=\"widget\" data-widget_type=\"text-editor.default\">\n\t\t\t\t\t\t\t\t\t<div data-nosnippet=\"true\"><p style=\"text-align:center;font-size:13px;opacity:0.7;margin-top:14px\" data-nosnippet=\"true\">Osobn\u00ed zku\u0161enosti se mohou li\u0161it. Nejedn\u00e1 se o zdravotnick\u00fd prost\u0159edek. Nen\u00ed slibem l\u00e9\u010div\u00e9ho \u00fa\u010dinku.<\/p><\/div>\t\t\t\t\t\t\t\t<\/div>\n\t\t\t\t\t<\/div>\n\t\t\t\t<\/div>\n\t\t\t\t\t<\/div>\n\t\t\t\t<\/div>\n\t\t<div class=\"elementor-element elementor-element-iwgw-namarrkon-disc e-flex e-con-boxed e-con e-parent\" data-id=\"iwgw-namarrkon-disc\" data-element_type=\"container\" data-e-type=\"container\">\n\t\t\t\t\t<div class=\"e-con-inner\">\n\t\t\t\t<div class=\"elementor-element elementor-element-iwgw-namarrkon-discw elementor-widget elementor-widget-html\" data-id=\"iwgw-namarrkon-discw\" data-element_type=\"widget\" data-e-type=\"widget\" data-widget_type=\"html.default\">\n\t\t\t\t\t<footer data-nosnippet=\"true\" class=\"iwg-disclaimer-block\"><p data-nosnippet=\"true\">iWell Guard <strong>nen\u00ed zdravotnick\u00fd prost\u0159edek<\/strong> a nenahrazuje l\u00e9ka\u0159skou ani psychoterapeutickou l\u00e9\u010dbu. Religionistick\u00fd obsah p\u0159edstavuje kulturn\u011b-historick\u00e9 za\u0159azen\u00ed, nikoli doporu\u010den\u00ed duchovn\u00ed praxe.<\/p><\/footer>\t\t\t\t<\/div>\n\t\t\t\t\t<\/div>\n\t\t\t\t<\/div>\n\t\t\t\t<\/div>\n\t\t","protected":false},"excerpt":{"rendered":"","protected":false},"author":3,"featured_media":2874,"parent":0,"menu_order":0,"comment_status":"closed","ping_status":"closed","template":"elementor_header_footer","meta":{"_yoast_wpseo_focuskw":"Namarrkon aborid\u017einsk\u00fd blesk","_yoast_wpseo_title":"Namarrkon \u2013 aborid\u017einsk\u00fd duch blesku, m\u00fdtus a prameny","_yoast_wpseo_metadesc":"Namarrkon je blesk-mu\u017e Kunwinjk\u016f, aborid\u017einsk\u00e9ho n\u00e1roda v z\u00e1padn\u00edm Arnhemov\u011b zemi. Religionistick\u00e9 za\u0159azen\u00ed s m\u00fdtem a prameny.","_yoast_wpseo_meta-robots-noindex":"","_yoast_wpseo_canonical":"","_angie_page":false,"gefaehrdungsstufe":"3","wesen_kultur":"aboriginal","wesen_klasse":"goetter","footnotes":""},"categories":[],"class_list":["post-145525","page","type-page","status-publish","has-post-thumbnail","hentry"],"yoast_head":"<!-- This site is optimized with the Yoast SEO Premium plugin v27.7 (Yoast SEO v28.3) - https:\/\/yoast.com\/product\/yoast-seo-premium-wordpress\/ -->\n<title>Namarrkon \u2013 aborid\u017einsk\u00fd duch blesku, m\u00fdtus a prameny<\/title>\n<meta name=\"description\" content=\"Namarrkon je blesk-mu\u017e Kunwinjk\u016f, aborid\u017einsk\u00e9ho n\u00e1roda v z\u00e1padn\u00edm Arnhemov\u011b zemi. Religionistick\u00e9 za\u0159azen\u00ed s m\u00fdtem a prameny.\" \/>\n<meta name=\"robots\" content=\"index, follow, max-snippet:-1, max-image-preview:large, max-video-preview:-1\" \/>\n<link rel=\"canonical\" href=\"https:\/\/iwell-guard.com\/cs\/namarrkon-blesk-muz-kunwindziu\/\" \/>\n<meta property=\"og:locale\" content=\"cs_CZ\" \/>\n<meta property=\"og:type\" content=\"article\" \/>\n<meta property=\"og:title\" content=\"Namarrkon \u2013 Blesk-mu\u017e Kunwinjk\u016f\" \/>\n<meta property=\"og:description\" content=\"Namarrkon je blesk-mu\u017e Kunwinjk\u016f, aborid\u017einsk\u00e9ho n\u00e1roda v z\u00e1padn\u00edm Arnhemov\u011b zemi. Religionistick\u00e9 za\u0159azen\u00ed s m\u00fdtem a prameny.\" \/>\n<meta property=\"og:url\" content=\"https:\/\/iwell-guard.com\/cs\/namarrkon-blesk-muz-kunwindziu\/\" \/>\n<meta property=\"og:site_name\" content=\"iWell Guard\" \/>\n<meta property=\"article:modified_time\" content=\"2026-09-03T16:58:23+00:00\" \/>\n<meta property=\"og:image\" content=\"https:\/\/iwell-guard.com\/wp-content\/uploads\/2026\/05\/goetter_aboriginal_namarrkon.webp\" \/>\n\t<meta property=\"og:image:width\" content=\"1024\" \/>\n\t<meta property=\"og:image:height\" content=\"1536\" \/>\n\t<meta property=\"og:image:type\" content=\"image\/webp\" \/>\n<meta name=\"twitter:card\" content=\"summary_large_image\" \/>\n<script type=\"application\/ld+json\" class=\"yoast-schema-graph\">{\"@context\":\"https:\\\/\\\/schema.org\",\"@graph\":[{\"@type\":\"WebPage\",\"@id\":\"https:\\\/\\\/iwell-guard.com\\\/cs\\\/namarrkon-blesk-muz-kunwindziu\\\/\",\"url\":\"https:\\\/\\\/iwell-guard.com\\\/cs\\\/namarrkon-blesk-muz-kunwindziu\\\/\",\"name\":\"Namarrkon \u2013 aborid\u017einsk\u00fd duch blesku, m\u00fdtus a prameny\",\"isPartOf\":{\"@id\":\"https:\\\/\\\/iwell-guard.com\\\/cs\\\/#website\"},\"primaryImageOfPage\":{\"@id\":\"https:\\\/\\\/iwell-guard.com\\\/cs\\\/namarrkon-blesk-muz-kunwindziu\\\/#primaryimage\"},\"image\":{\"@id\":\"https:\\\/\\\/iwell-guard.com\\\/cs\\\/namarrkon-blesk-muz-kunwindziu\\\/#primaryimage\"},\"thumbnailUrl\":\"https:\\\/\\\/iwell-guard.com\\\/wp-content\\\/uploads\\\/2026\\\/05\\\/goetter_aboriginal_namarrkon.webp\",\"datePublished\":\"2026-09-03T16:31:13+00:00\",\"dateModified\":\"2026-09-03T16:58:23+00:00\",\"description\":\"Namarrkon je blesk-mu\u017e Kunwinjk\u016f, aborid\u017einsk\u00e9ho n\u00e1roda v z\u00e1padn\u00edm Arnhemov\u011b zemi. Religionistick\u00e9 za\u0159azen\u00ed s m\u00fdtem a prameny.\",\"breadcrumb\":{\"@id\":\"https:\\\/\\\/iwell-guard.com\\\/cs\\\/namarrkon-blesk-muz-kunwindziu\\\/#breadcrumb\"},\"inLanguage\":\"cs\",\"potentialAction\":[{\"@type\":\"ReadAction\",\"target\":[\"https:\\\/\\\/iwell-guard.com\\\/cs\\\/namarrkon-blesk-muz-kunwindziu\\\/\"]}]},{\"@type\":\"ImageObject\",\"inLanguage\":\"cs\",\"@id\":\"https:\\\/\\\/iwell-guard.com\\\/cs\\\/namarrkon-blesk-muz-kunwindziu\\\/#primaryimage\",\"url\":\"https:\\\/\\\/iwell-guard.com\\\/wp-content\\\/uploads\\\/2026\\\/05\\\/goetter_aboriginal_namarrkon.webp\",\"contentUrl\":\"https:\\\/\\\/iwell-guard.com\\\/wp-content\\\/uploads\\\/2026\\\/05\\\/goetter_aboriginal_namarrkon.webp\",\"width\":1024,\"height\":1536,\"caption\":\"Bohov\u00e9 z tradice domorod\u00fdch Australan\u016f (Aboriginal).\"},{\"@type\":\"BreadcrumbList\",\"@id\":\"https:\\\/\\\/iwell-guard.com\\\/cs\\\/namarrkon-blesk-muz-kunwindziu\\\/#breadcrumb\",\"itemListElement\":[{\"@type\":\"ListItem\",\"position\":1,\"name\":\"Start\",\"item\":\"https:\\\/\\\/iwell-guard.com\\\/cs\\\/?page_id=145107\"},{\"@type\":\"ListItem\",\"position\":2,\"name\":\"Namarrkon \u2013 Blesk-mu\u017e Kunwinjk\u016f\"}]},{\"@type\":\"WebSite\",\"@id\":\"https:\\\/\\\/iwell-guard.com\\\/cs\\\/#website\",\"url\":\"https:\\\/\\\/iwell-guard.com\\\/cs\\\/\",\"name\":\"iWell Guard\",\"description\":\"Schutz vor dunklen Einfl\u00fcssen\",\"publisher\":{\"@id\":\"https:\\\/\\\/iwell-guard.com\\\/cs\\\/#organization\"},\"potentialAction\":[{\"@type\":\"SearchAction\",\"target\":{\"@type\":\"EntryPoint\",\"urlTemplate\":\"https:\\\/\\\/iwell-guard.com\\\/cs\\\/?s={search_term_string}\"},\"query-input\":{\"@type\":\"PropertyValueSpecification\",\"valueRequired\":true,\"valueName\":\"search_term_string\"}}],\"inLanguage\":\"cs\"},{\"@type\":\"Organization\",\"@id\":\"https:\\\/\\\/iwell-guard.com\\\/cs\\\/#organization\",\"name\":\"Ittermann electronic GmbH\",\"url\":\"https:\\\/\\\/iwell-guard.com\\\/cs\\\/\",\"logo\":{\"@type\":\"ImageObject\",\"inLanguage\":\"cs\",\"@id\":\"https:\\\/\\\/iwell-guard.com\\\/cs\\\/#\\\/schema\\\/logo\\\/image\\\/\",\"url\":\"https:\\\/\\\/iwell-guard.com\\\/wp-content\\\/uploads\\\/2026\\\/05\\\/Ittermann-Logo-1182x237-1.png\",\"contentUrl\":\"https:\\\/\\\/iwell-guard.com\\\/wp-content\\\/uploads\\\/2026\\\/05\\\/Ittermann-Logo-1182x237-1.png\",\"width\":1182,\"height\":237,\"caption\":\"Ittermann electronic GmbH\"},\"image\":{\"@id\":\"https:\\\/\\\/iwell-guard.com\\\/cs\\\/#\\\/schema\\\/logo\\\/image\\\/\"},\"sameAs\":[\"https:\\\/\\\/pantip.com\\\/profile\\\/9367242\",\"https:\\\/\\\/micro.blog\\\/iwellguard\",\"https:\\\/\\\/www.diggerslist.com\\\/iwellguard\\\/about\",\"https:\\\/\\\/skitterphoto.com\\\/photographers\\\/2870314\\\/iwell-guard\",\"https:\\\/\\\/iwellguard.wordpress.com\\\/2026\\\/06\\\/06\\\/iwell-guard\\\/\",\"https:\\\/\\\/hub.docker.com\\\/u\\\/iwellguard\",\"https:\\\/\\\/www.pinterest.com\\\/iwellguard\\\/\",\"https:\\\/\\\/bit.ly\\\/m\\\/iwellguard\",\"https:\\\/\\\/entre-vos-mains.alsace.eu\\\/profiles\\\/iwellguard\\\/activity\",\"https:\\\/\\\/gravatar.com\\\/reallybeded8fd34\",\"https:\\\/\\\/naijamatta.com\\\/iwellguard\",\"https:\\\/\\\/www.goodreads.com\\\/iwellguard\",\"https:\\\/\\\/profile.hatena.ne.jp\\\/iwellguard\\\/\",\"https:\\\/\\\/experiment.com\\\/users\\\/iwellguard\",\"https:\\\/\\\/wakelet.com\\\/@iWellGuard82270\",\"https:\\\/\\\/www.chordie.com\\\/forum\\\/profile.php?id=2555664\",\"https:\\\/\\\/www.instapaper.com\\\/p\\\/17757966\",\"https:\\\/\\\/www.mapleprimes.com\\\/users\\\/iwellguard\",\"https:\\\/\\\/businesslistingplus.com\\\/profile\\\/iwell-guard\\\/\",\"https:\\\/\\\/telegra.ph\\\/iWell-Guard-06-06\",\"https:\\\/\\\/pbase.com\\\/iwellguard\\\/iwellguard\",\"https:\\\/\\\/b.hatena.ne.jp\\\/iwellguard\\\/20260607#bookmark-4788405196491818882\",\"https:\\\/\\\/fliphtml5.com\\\/home\\\/iwellguard\",\"https:\\\/\\\/anyflip.com\\\/homepage\\\/cmiwl#About\",\"https:\\\/\\\/transfur.com\\\/Users\\\/iwellguard\",\"http:\\\/\\\/delphi.larsbo.org\\\/user\\\/iwellguard\",\"https:\\\/\\\/jobs.lajobsportal.org\\\/profiles\\\/8380803-iwell-guard\",\"https:\\\/\\\/md.chaosdorf.de\\\/s\\\/jfbe5SBdJD\",\"https:\\\/\\\/www.lingvolive.com\\\/en-us\\\/profile\\\/9ecaeaca-ce11-4e51-9e71-01d55e2bff36\\\/translations\",\"https:\\\/\\\/www.fitday.com\\\/fitness\\\/forums\\\/members\\\/iwellguard.html\",\"https:\\\/\\\/www.mymeetbook.com\\\/iwellguard\",\"https:\\\/\\\/pxhere.com\\\/en\\\/photographer-me\\\/5040798\",\"https:\\\/\\\/disqus.com\\\/by\\\/iwellguard\\\/about\\\/\",\"https:\\\/\\\/pastelink.net\\\/hjwciqwq\",\"https:\\\/\\\/pubhtml5.com\\\/homepage\\\/scjhn\\\/\",\"https:\\\/\\\/www.bitchute.com\\\/channel\\\/2O2eOKzNqujT\",\"https:\\\/\\\/audiomack.com\\\/iwellguard\"]},{\"@type\":\"Article\",\"@id\":\"https:\\\/\\\/iwell-guard.com\\\/cs\\\/namarrkon-blesk-muz-kunwindziu\\\/#article\",\"isPartOf\":{\"@id\":\"https:\\\/\\\/iwell-guard.com\\\/cs\\\/namarrkon-blesk-muz-kunwindziu\\\/\"},\"author\":{\"name\":\"Ralf Ittermann\",\"@id\":\"https:\\\/\\\/iwell-guard.com\\\/cs\\\/#\\\/schema\\\/person\\\/ee2a27f1cac3406c7c6fb5820cb7349f\"},\"headline\":\"Namarrkon \u2013 Blesk-mu\u017e Kunwinjk\u016f\",\"datePublished\":\"2026-09-03T16:31:13+00:00\",\"dateModified\":\"2026-09-03T16:58:23+00:00\",\"mainEntityOfPage\":{\"@id\":\"https:\\\/\\\/iwell-guard.com\\\/cs\\\/namarrkon-blesk-muz-kunwindziu\\\/\"},\"publisher\":{\"@id\":\"https:\\\/\\\/iwell-guard.com\\\/cs\\\/#organization\"},\"image\":{\"@id\":\"https:\\\/\\\/iwell-guard.com\\\/cs\\\/namarrkon-blesk-muz-kunwindziu\\\/#primaryimage\"},\"thumbnailUrl\":\"https:\\\/\\\/iwell-guard.com\\\/wp-content\\\/uploads\\\/2026\\\/05\\\/goetter_aboriginal_namarrkon.webp\",\"inLanguage\":\"cs\",\"description\":\"Namarrkon je blesk-mu\u017e Kunwinjk\u016f, aborid\u017einsk\u00e9ho n\u00e1roda v z\u00e1padn\u00edm Arnhemov\u011b zemi. Religionistick\u00e9 za\u0159azen\u00ed s m\u00fdtem a prameny.\"}]}<\/script>\n<!-- \/ Yoast SEO Premium plugin. -->","yoast_head_json":{"title":"Namarrkon \u2013 aborid\u017einsk\u00fd duch blesku, m\u00fdtus a prameny","description":"Namarrkon je blesk-mu\u017e Kunwinjk\u016f, aborid\u017einsk\u00e9ho n\u00e1roda v z\u00e1padn\u00edm Arnhemov\u011b zemi. Religionistick\u00e9 za\u0159azen\u00ed s m\u00fdtem a prameny.","robots":{"index":"index","follow":"follow","max-snippet":"max-snippet:-1","max-image-preview":"max-image-preview:large","max-video-preview":"max-video-preview:-1"},"canonical":"https:\/\/iwell-guard.com\/cs\/namarrkon-blesk-muz-kunwindziu\/","og_locale":"cs_CZ","og_type":"article","og_title":"Namarrkon \u2013 Blesk-mu\u017e Kunwinjk\u016f","og_description":"Namarrkon je blesk-mu\u017e Kunwinjk\u016f, aborid\u017einsk\u00e9ho n\u00e1roda v z\u00e1padn\u00edm Arnhemov\u011b zemi. Religionistick\u00e9 za\u0159azen\u00ed s m\u00fdtem a prameny.","og_url":"https:\/\/iwell-guard.com\/cs\/namarrkon-blesk-muz-kunwindziu\/","og_site_name":"iWell Guard","article_modified_time":"2026-09-03T16:58:23+00:00","og_image":[{"width":1024,"height":1536,"url":"https:\/\/iwell-guard.com\/wp-content\/uploads\/2026\/05\/goetter_aboriginal_namarrkon.webp","type":"image\/webp"}],"twitter_card":"summary_large_image","schema":{"@context":"https:\/\/schema.org","@graph":[{"@type":"Article","@id":"https:\/\/iwell-guard.com\/cs\/namarrkon-blesk-muz-kunwindziu\/#article","isPartOf":{"@id":"https:\/\/iwell-guard.com\/cs\/namarrkon-blesk-muz-kunwindziu\/"},"author":{"name":"Ralf Ittermann","@id":"https:\/\/iwell-guard.com\/cs\/#\/schema\/person\/ee2a27f1cac3406c7c6fb5820cb7349f"},"headline":"Namarrkon \u2013 Blesk-mu\u017e Kunwinjk\u016f","datePublished":"2026-09-03T16:31:13+00:00","dateModified":"2026-09-03T16:58:23+00:00","mainEntityOfPage":{"@id":"https:\/\/iwell-guard.com\/cs\/namarrkon-blesk-muz-kunwindziu\/"},"publisher":{"@id":"https:\/\/iwell-guard.com\/cs\/#organization"},"image":{"@id":"https:\/\/iwell-guard.com\/cs\/namarrkon-blesk-muz-kunwindziu\/#primaryimage"},"thumbnailUrl":"https:\/\/iwell-guard.com\/wp-content\/uploads\/2026\/05\/goetter_aboriginal_namarrkon.webp","inLanguage":"cs","description":"Namarrkon je blesk-mu\u017e Kunwinjk\u016f, aborid\u017einsk\u00e9ho n\u00e1roda v z\u00e1padn\u00edm Arnhemov\u011b zemi. Religionistick\u00e9 za\u0159azen\u00ed s m\u00fdtem a prameny."},{"@type":"WebPage","@id":"https:\/\/iwell-guard.com\/cs\/namarrkon-blesk-muz-kunwindziu\/","url":"https:\/\/iwell-guard.com\/cs\/namarrkon-blesk-muz-kunwindziu\/","name":"Namarrkon \u2013 aborid\u017einsk\u00fd duch blesku, m\u00fdtus a prameny","isPartOf":{"@id":"https:\/\/iwell-guard.com\/cs\/#website"},"primaryImageOfPage":{"@id":"https:\/\/iwell-guard.com\/cs\/namarrkon-blesk-muz-kunwindziu\/#primaryimage"},"image":{"@id":"https:\/\/iwell-guard.com\/cs\/namarrkon-blesk-muz-kunwindziu\/#primaryimage"},"thumbnailUrl":"https:\/\/iwell-guard.com\/wp-content\/uploads\/2026\/05\/goetter_aboriginal_namarrkon.webp","datePublished":"2026-09-03T16:31:13+00:00","dateModified":"2026-09-03T16:58:23+00:00","description":"Namarrkon je blesk-mu\u017e Kunwinjk\u016f, aborid\u017einsk\u00e9ho n\u00e1roda v z\u00e1padn\u00edm Arnhemov\u011b zemi. Religionistick\u00e9 za\u0159azen\u00ed s m\u00fdtem a prameny.","breadcrumb":{"@id":"https:\/\/iwell-guard.com\/cs\/namarrkon-blesk-muz-kunwindziu\/#breadcrumb"},"inLanguage":"cs","potentialAction":[{"@type":"ReadAction","target":["https:\/\/iwell-guard.com\/cs\/namarrkon-blesk-muz-kunwindziu\/"]}]},{"@type":"ImageObject","inLanguage":"cs","@id":"https:\/\/iwell-guard.com\/cs\/namarrkon-blesk-muz-kunwindziu\/#primaryimage","url":"https:\/\/iwell-guard.com\/wp-content\/uploads\/2026\/05\/goetter_aboriginal_namarrkon.webp","contentUrl":"https:\/\/iwell-guard.com\/wp-content\/uploads\/2026\/05\/goetter_aboriginal_namarrkon.webp","width":1024,"height":1536,"caption":"Bohov\u00e9 z tradice domorod\u00fdch Australan\u016f (Aboriginal)."},{"@type":"BreadcrumbList","@id":"https:\/\/iwell-guard.com\/cs\/namarrkon-blesk-muz-kunwindziu\/#breadcrumb","itemListElement":[{"@type":"ListItem","position":1,"name":"Start","item":"https:\/\/iwell-guard.com\/cs\/?page_id=145107"},{"@type":"ListItem","position":2,"name":"Namarrkon \u2013 Blesk-mu\u017e Kunwinjk\u016f"}]},{"@type":"WebSite","@id":"https:\/\/iwell-guard.com\/cs\/#website","url":"https:\/\/iwell-guard.com\/cs\/","name":"iWell Guard","description":"Schutz vor dunklen Einfl\u00fcssen","publisher":{"@id":"https:\/\/iwell-guard.com\/cs\/#organization"},"potentialAction":[{"@type":"SearchAction","target":{"@type":"EntryPoint","urlTemplate":"https:\/\/iwell-guard.com\/cs\/?s={search_term_string}"},"query-input":{"@type":"PropertyValueSpecification","valueRequired":true,"valueName":"search_term_string"}}],"inLanguage":"cs"},{"@type":"Organization","@id":"https:\/\/iwell-guard.com\/cs\/#organization","name":"Ittermann electronic GmbH","url":"https:\/\/iwell-guard.com\/cs\/","logo":{"@type":"ImageObject","inLanguage":"cs","@id":"https:\/\/iwell-guard.com\/cs\/#\/schema\/logo\/image\/","url":"https:\/\/iwell-guard.com\/wp-content\/uploads\/2026\/05\/Ittermann-Logo-1182x237-1.png","contentUrl":"https:\/\/iwell-guard.com\/wp-content\/uploads\/2026\/05\/Ittermann-Logo-1182x237-1.png","width":1182,"height":237,"caption":"Ittermann electronic GmbH"},"image":{"@id":"https:\/\/iwell-guard.com\/cs\/#\/schema\/logo\/image\/"},"sameAs":["https:\/\/pantip.com\/profile\/9367242","https:\/\/micro.blog\/iwellguard","https:\/\/www.diggerslist.com\/iwellguard\/about","https:\/\/skitterphoto.com\/photographers\/2870314\/iwell-guard","https:\/\/iwellguard.wordpress.com\/2026\/06\/06\/iwell-guard\/","https:\/\/hub.docker.com\/u\/iwellguard","https:\/\/www.pinterest.com\/iwellguard\/","https:\/\/bit.ly\/m\/iwellguard","https:\/\/entre-vos-mains.alsace.eu\/profiles\/iwellguard\/activity","https:\/\/gravatar.com\/reallybeded8fd34","https:\/\/naijamatta.com\/iwellguard","https:\/\/www.goodreads.com\/iwellguard","https:\/\/profile.hatena.ne.jp\/iwellguard\/","https:\/\/experiment.com\/users\/iwellguard","https:\/\/wakelet.com\/@iWellGuard82270","https:\/\/www.chordie.com\/forum\/profile.php?id=2555664","https:\/\/www.instapaper.com\/p\/17757966","https:\/\/www.mapleprimes.com\/users\/iwellguard","https:\/\/businesslistingplus.com\/profile\/iwell-guard\/","https:\/\/telegra.ph\/iWell-Guard-06-06","https:\/\/pbase.com\/iwellguard\/iwellguard","https:\/\/b.hatena.ne.jp\/iwellguard\/20260607#bookmark-4788405196491818882","https:\/\/fliphtml5.com\/home\/iwellguard","https:\/\/anyflip.com\/homepage\/cmiwl#About","https:\/\/transfur.com\/Users\/iwellguard","http:\/\/delphi.larsbo.org\/user\/iwellguard","https:\/\/jobs.lajobsportal.org\/profiles\/8380803-iwell-guard","https:\/\/md.chaosdorf.de\/s\/jfbe5SBdJD","https:\/\/www.lingvolive.com\/en-us\/profile\/9ecaeaca-ce11-4e51-9e71-01d55e2bff36\/translations","https:\/\/www.fitday.com\/fitness\/forums\/members\/iwellguard.html","https:\/\/www.mymeetbook.com\/iwellguard","https:\/\/pxhere.com\/en\/photographer-me\/5040798","https:\/\/disqus.com\/by\/iwellguard\/about\/","https:\/\/pastelink.net\/hjwciqwq","https:\/\/pubhtml5.com\/homepage\/scjhn\/","https:\/\/www.bitchute.com\/channel\/2O2eOKzNqujT","https:\/\/audiomack.com\/iwellguard"]},{"@type":"Person","@id":"https:\/\/iwell-guard.com\/cs\/#\/schema\/person\/ee2a27f1cac3406c7c6fb5820cb7349f","name":"Ralf Ittermann","image":{"@type":"ImageObject","inLanguage":"cs","@id":"https:\/\/secure.gravatar.com\/avatar\/073c0153e350a5005b68eb752b445fea71f6b24a26da9449ad7e155e6b446c9d?s=96&d=mm&r=g","url":"https:\/\/secure.gravatar.com\/avatar\/073c0153e350a5005b68eb752b445fea71f6b24a26da9449ad7e155e6b446c9d?s=96&d=mm&r=g","contentUrl":"https:\/\/secure.gravatar.com\/avatar\/073c0153e350a5005b68eb752b445fea71f6b24a26da9449ad7e155e6b446c9d?s=96&d=mm&r=g","caption":"Ralf Ittermann"},"givenName":"Ralf","familyName":"Ittermann","jobTitle":"Gesch\u00e4ftsf\u00fchrer und redaktioneller Verantwortlicher","url":"https:\/\/iwell-guard.com\/cs\/author\/claude\/","description":"Ralf Ittermann ist Gesch\u00e4ftsf\u00fchrer der Ittermann electronic GmbH und redaktioneller Verantwortlicher des iWell-Guard-Lexikons. Er verbindet langj\u00e4hrige Erfahrung in der Pr\u00e4zisionsfertigung mit medialer Praxis und religionsgeschichtlicher Quellenarbeit.","worksFor":{"@type":"Organization","name":"Ittermann electronic GmbH","url":"https:\/\/ittermann.de\/","address":{"@type":"PostalAddress","streetAddress":"K\u00f6hlergasse 16-18","postalCode":"99842","addressLocality":"Ruhla","addressCountry":"DE"}},"knowsAbout":["Religionsgeschichte","Mythologie","Mediale Praxis","Energetische Diagnostik","Schutzpraxis","Volksglauben","Westliche Esoterik"]},{"@type":"Article","@id":"https:\/\/iwell-guard.com\/cs\/namarrkon-blesk-muz-kunwindziu\/#article","isPartOf":{"@id":"https:\/\/iwell-guard.com\/cs\/namarrkon-blesk-muz-kunwindziu\/"},"author":{"name":"Ralf Ittermann","@id":"https:\/\/iwell-guard.com\/cs\/#\/schema\/person\/ee2a27f1cac3406c7c6fb5820cb7349f"},"headline":"Namarrkon \u2013 Blesk-mu\u017e Kunwinjk\u016f","datePublished":"2026-09-03T16:31:13+00:00","dateModified":"2026-09-03T16:58:23+00:00","mainEntityOfPage":{"@id":"https:\/\/iwell-guard.com\/cs\/namarrkon-blesk-muz-kunwindziu\/"},"publisher":{"@id":"https:\/\/iwell-guard.com\/cs\/#organization"},"image":{"@id":"https:\/\/iwell-guard.com\/cs\/namarrkon-blesk-muz-kunwindziu\/#primaryimage"},"thumbnailUrl":"https:\/\/iwell-guard.com\/wp-content\/uploads\/2026\/05\/goetter_aboriginal_namarrkon.webp","inLanguage":"cs","description":"Namarrkon je blesk-mu\u017e Kunwinjk\u016f, aborid\u017einsk\u00e9ho n\u00e1roda v z\u00e1padn\u00edm Arnhemov\u011b zemi. Religionistick\u00e9 za\u0159azen\u00ed s m\u00fdtem a prameny."}]}},"_links":{"self":[{"href":"https:\/\/iwell-guard.com\/cs\/wp-json\/wp\/v2\/pages\/145525","targetHints":{"allow":["GET"]}}],"collection":[{"href":"https:\/\/iwell-guard.com\/cs\/wp-json\/wp\/v2\/pages"}],"about":[{"href":"https:\/\/iwell-guard.com\/cs\/wp-json\/wp\/v2\/types\/page"}],"author":[{"embeddable":true,"href":"https:\/\/iwell-guard.com\/cs\/wp-json\/wp\/v2\/users\/3"}],"replies":[{"embeddable":true,"href":"https:\/\/iwell-guard.com\/cs\/wp-json\/wp\/v2\/comments?post=145525"}],"version-history":[{"count":0,"href":"https:\/\/iwell-guard.com\/cs\/wp-json\/wp\/v2\/pages\/145525\/revisions"}],"wp:featuredmedia":[{"embeddable":true,"href":"https:\/\/iwell-guard.com\/cs\/wp-json\/wp\/v2\/media\/2874"}],"wp:attachment":[{"href":"https:\/\/iwell-guard.com\/cs\/wp-json\/wp\/v2\/media?parent=145525"}],"wp:term":[{"taxonomy":"category","embeddable":true,"href":"https:\/\/iwell-guard.com\/cs\/wp-json\/wp\/v2\/categories?post=145525"}],"curies":[{"name":"wp","href":"https:\/\/api.w.org\/{rel}","templated":true}]}}