{"id":145522,"date":"2026-09-03T16:31:11","date_gmt":"2026-09-03T16:31:11","guid":{"rendered":"https:\/\/iwell-guard.com\/?page_id=145522"},"modified":"2026-09-03T16:58:18","modified_gmt":"2026-09-03T16:58:18","slug":"mimi-duchove-arnhem-land","status":"publish","type":"page","link":"https:\/\/iwell-guard.com\/cs\/mimi-duchove-arnhem-land\/","title":{"rendered":"Mimi duchov\u00e9 \u2013 tenc\u00ed skaln\u00ed duchov\u00e9 Aboriginc\u016f Arnhemsk\u00e9 zem\u011b"},"content":{"rendered":"\t\t<div data-elementor-type=\"wp-page\" data-elementor-id=\"145522\" class=\"elementor elementor-145522 elementor-2650 elementor-bc-flex-widget\" data-elementor-post-type=\"page\">\n\t\t\t\t<div class=\"elementor-element elementor-element-iwgw-mimigeiste-hero e-flex e-con-boxed e-con e-parent\" data-id=\"iwgw-mimigeiste-hero\" data-element_type=\"container\" data-e-type=\"container\" data-settings=\"{&quot;background_background&quot;:&quot;classic&quot;}\">\n\t\t\t\t\t<div class=\"e-con-inner\">\n\t\t<div class=\"elementor-element elementor-element-iwgw-mimigeiste-hl e-flex e-con-boxed e-con e-child\" data-id=\"iwgw-mimigeiste-hl\" data-element_type=\"container\" data-e-type=\"container\">\n\t\t\t\t\t<div class=\"e-con-inner\">\n\t\t<div class=\"elementor-element elementor-element-iwgw-mimigeiste-htxt e-con-full e-flex e-con e-child\" data-id=\"iwgw-mimigeiste-htxt\" data-element_type=\"container\" data-e-type=\"container\">\n\t\t\t\t<div class=\"elementor-element elementor-element-iwgw-mimigeiste-h1 elementor-widget elementor-widget-heading\" data-id=\"iwgw-mimigeiste-h1\" data-element_type=\"widget\" data-e-type=\"widget\" data-widget_type=\"heading.default\">\n\t\t\t\t\t<h1 class=\"elementor-heading-title elementor-size-default\">Mimi duchov\u00e9, tenc\u00ed skaln\u00ed a jeskynn\u00ed duchov\u00e9 aboriginsk\u00e9 tradice Arnhemsk\u00e9 zem\u011b<\/h1>\t\t\t\t<\/div>\n\t\t\t\t<div class=\"elementor-element elementor-element-iwgw-mimigeiste-lead elementor-widget elementor-widget-text-editor\" data-id=\"iwgw-mimigeiste-lead\" data-element_type=\"widget\" data-e-type=\"widget\" data-widget_type=\"text-editor.default\">\n\t\t\t\t\t\t\t\t\t<p>Mimi duchov\u00e9 (tak\u00e9 <em>Mimih<\/em>) jsou tenc\u00ed, pla\u0161\u00ed skaln\u00ed a jeskynn\u00ed duchov\u00e9 aboriginsk\u00e9 tradice z\u00e1padn\u00ed Arnhemsk\u00e9 zem\u011b v severn\u00ed Austr\u00e1lii. Jsou tak tenc\u00ed, \u017ee se mohou skr\u00fdvat ve skaln\u00edch trhlin\u00e1ch, a tak pla\u0161\u00ed, \u017ee se objevuj\u00ed jen za naprost\u00e9ho bezv\u011bt\u0159\u00ed.<\/p>\t\t\t\t\t\t\t\t<\/div>\n\t\t\t\t<\/div>\n\t\t<div class=\"elementor-element elementor-element-iwgw-mimigeiste-pillc e-con-full e-flex e-con e-child\" data-id=\"iwgw-mimigeiste-pillc\" data-element_type=\"container\" data-e-type=\"container\">\n\t\t\t\t<div class=\"elementor-element elementor-element-iwgw-mimigeiste-pills elementor-widget elementor-widget-html\" data-id=\"iwgw-mimigeiste-pills\" data-element_type=\"widget\" data-e-type=\"widget\" data-widget_type=\"html.default\">\n\t\t\t\t\t<div class=\"iwg-pill-row\"><span class=\"iwg-klasse-badge\" tabindex=\"0\" data-tooltip=\"P\u0159\u00edrodn\u00ed duch aboriginsk\u00e9 tradice.\">P\u0159\u00edrodn\u00ed duch<\/span><a href=\"https:\/\/iwell-guard.com\/cs\/aboriginal-australie-dreamtime-tjukurpa\/\" class=\"iwg-kultur-badge\" tabindex=\"0\" data-tooltip=\"Mytologie aboriginsk\u00e9 tradice.\">Aboriginci<\/a><span class=\"iwg-tradition-badge\" tabindex=\"0\" data-tooltip=\"Skaln\u00ed duchov\u00e9.\">Skaln\u00ed duchov\u00e9<\/span><\/div>\t\t\t\t<\/div>\n\t\t\t\t<\/div>\n\t\t<div class=\"elementor-element elementor-element-iwgw-mimigeiste-tocc e-con-full e-flex e-con e-child\" data-id=\"iwgw-mimigeiste-tocc\" data-element_type=\"container\" data-e-type=\"container\">\n\t\t\t\t<div class=\"elementor-element elementor-element-iwgw-mimigeiste-toc elementor-toc--minimized-on-tablet elementor-widget elementor-widget-table-of-contents\" data-id=\"iwgw-mimigeiste-toc\" data-element_type=\"widget\" data-e-type=\"widget\" data-settings=\"{&quot;headings_by_tags&quot;:[&quot;h2&quot;,&quot;h3&quot;],&quot;minimize_box&quot;:&quot;yes&quot;,&quot;marker_view&quot;:&quot;bullets&quot;,&quot;no_headings_message&quot;:&quot;Na t\\u00e9to str\\u00e1nce nebyly nalezeny \\u017e\\u00e1dn\\u00e9 nadpisy.&quot;,&quot;exclude_headings_by_selector&quot;:[],&quot;icon&quot;:{&quot;value&quot;:&quot;fas fa-circle&quot;,&quot;library&quot;:&quot;fa-solid&quot;,&quot;rendered_tag&quot;:&quot;&lt;svg class=\\&quot;e-font-icon-svg e-fas-circle\\&quot; viewBox=\\&quot;0 0 512 512\\&quot; xmlns=\\&quot;http:\\\/\\\/www.w3.org\\\/2000\\\/svg\\&quot;&gt;&lt;path d=\\&quot;M256 8C119 8 8 119 8 256s111 248 248 248 248-111 248-248S393 8 256 8z\\&quot;&gt;&lt;\\\/path&gt;&lt;\\\/svg&gt;&quot;},&quot;minimized_on&quot;:&quot;tablet&quot;,&quot;hierarchical_view&quot;:&quot;yes&quot;,&quot;min_height&quot;:{&quot;unit&quot;:&quot;px&quot;,&quot;size&quot;:&quot;&quot;,&quot;sizes&quot;:[]},&quot;min_height_tablet&quot;:{&quot;unit&quot;:&quot;px&quot;,&quot;size&quot;:&quot;&quot;,&quot;sizes&quot;:[]},&quot;min_height_mobile&quot;:{&quot;unit&quot;:&quot;px&quot;,&quot;size&quot;:&quot;&quot;,&quot;sizes&quot;:[]}}\" data-widget_type=\"table-of-contents.default\">\n\t\t\t\t\t\t\t\t\t<div class=\"elementor-toc__header\">\n\t\t\t\t\t\t<h2 class=\"elementor-toc__header-title\">\n\t\t\t\tObsah\t\t\t<\/h2>\n\t\t\t\t\t\t\t\t\t\t<div class=\"elementor-toc__toggle-button elementor-toc__toggle-button--expand\" role=\"button\" tabindex=\"0\" aria-controls=\"elementor-toc__iwgw-mimigeiste-toc\" aria-expanded=\"true\" aria-label=\"Open table of contents\"><svg aria-hidden=\"true\" class=\"e-font-icon-svg e-fas-chevron-down\" viewBox=\"0 0 448 512\" xmlns=\"http:\/\/www.w3.org\/2000\/svg\"><path d=\"M207.029 381.476L12.686 187.132c-9.373-9.373-9.373-24.569 0-33.941l22.667-22.667c9.357-9.357 24.522-9.375 33.901-.04L224 284.505l154.745-154.021c9.379-9.335 24.544-9.317 33.901.04l22.667 22.667c9.373 9.373 9.373 24.569 0 33.941L240.971 381.476c-9.373 9.372-24.569 9.372-33.942 0z\"><\/path><\/svg><\/div>\n\t\t\t\t<div class=\"elementor-toc__toggle-button elementor-toc__toggle-button--collapse\" role=\"button\" tabindex=\"0\" aria-controls=\"elementor-toc__iwgw-mimigeiste-toc\" aria-expanded=\"true\" aria-label=\"Close table of contents\"><svg aria-hidden=\"true\" class=\"e-font-icon-svg e-fas-chevron-up\" viewBox=\"0 0 448 512\" xmlns=\"http:\/\/www.w3.org\/2000\/svg\"><path d=\"M240.971 130.524l194.343 194.343c9.373 9.373 9.373 24.569 0 33.941l-22.667 22.667c-9.357 9.357-24.522 9.375-33.901.04L224 227.495 69.255 381.516c-9.379 9.335-24.544 9.317-33.901-.04l-22.667-22.667c-9.373-9.373-9.373-24.569 0-33.941L207.03 130.525c9.372-9.373 24.568-9.373 33.941-.001z\"><\/path><\/svg><\/div>\n\t\t\t\t\t<\/div>\n\t\t\t\t<div id=\"elementor-toc__iwgw-mimigeiste-toc\" class=\"elementor-toc__body\">\n\t\t\t<div class=\"elementor-toc__spinner-container\">\n\t\t\t\t<svg class=\"elementor-toc__spinner eicon-animation-spin e-font-icon-svg e-eicon-loading\" aria-hidden=\"true\" viewBox=\"0 0 1000 1000\" xmlns=\"http:\/\/www.w3.org\/2000\/svg\"><path d=\"M500 975V858C696 858 858 696 858 500S696 142 500 142 142 304 142 500H25C25 237 238 25 500 25S975 237 975 500 763 975 500 975Z\"><\/path><\/svg>\t\t\t<\/div>\n\t\t<\/div>\n\t\t\t\t\t\t<\/div>\n\t\t\t\t<\/div>\n\t\t\t\t\t<\/div>\n\t\t\t\t<\/div>\n\t\t<div class=\"elementor-element elementor-element-iwgw-mimigeiste-hr e-con-full e-flex e-con e-child\" data-id=\"iwgw-mimigeiste-hr\" data-element_type=\"container\" data-e-type=\"container\">\n\t\t\t\t<div class=\"elementor-element elementor-element-iwgw-mimigeiste-heroimg iwg-hero-image elementor-widget elementor-widget-image\" data-id=\"iwgw-mimigeiste-heroimg\" data-element_type=\"widget\" data-e-type=\"widget\" data-widget_type=\"image.default\">\n\t\t\t\t\t\t\t\t\t\t\t\t\t\t\t<img fetchpriority=\"high\" decoding=\"async\" width=\"683\" height=\"1024\" src=\"https:\/\/iwell-guard.com\/wp-content\/uploads\/2026\/05\/geister_aboriginal_mimi-geister-683x1024.webp\" class=\"attachment-large size-large wp-image-147316\" alt=\"Duchov\u00e9 Mimi - duchov\u00e9 z aboriginsk\u00e9 tradice, historicko-ilustrativn\u00ed\" srcset=\"https:\/\/iwell-guard.com\/wp-content\/uploads\/2026\/05\/geister_aboriginal_mimi-geister-683x1024.webp 683w, https:\/\/iwell-guard.com\/wp-content\/uploads\/2026\/05\/geister_aboriginal_mimi-geister-200x300.webp 200w, https:\/\/iwell-guard.com\/wp-content\/uploads\/2026\/05\/geister_aboriginal_mimi-geister-768x1152.webp 768w, https:\/\/iwell-guard.com\/wp-content\/uploads\/2026\/05\/geister_aboriginal_mimi-geister.webp 1024w\" sizes=\"(max-width: 683px) 100vw, 683px\" \/>\t\t\t\t\t\t\t\t\t\t\t\t\t\t\t<\/div>\n\t\t\t\t<\/div>\n\t\t\t\t\t<\/div>\n\t\t\t\t<\/div>\n\t\t<div class=\"elementor-element elementor-element-iwgw-mimigeiste-s0 e-flex e-con-boxed e-con e-parent\" data-id=\"iwgw-mimigeiste-s0\" data-element_type=\"container\" data-e-type=\"container\">\n\t\t\t\t\t<div class=\"e-con-inner\">\n\t\t\t\t<div class=\"elementor-element elementor-element-iwgw-mimigeiste-s0h elementor-widget elementor-widget-heading\" data-id=\"iwgw-mimigeiste-s0h\" data-element_type=\"widget\" data-e-type=\"widget\" data-widget_type=\"heading.default\">\n\t\t\t\t\t<h2 class=\"elementor-heading-title elementor-size-default\">Za\u0159azen\u00ed a stru\u010dn\u00fd profil<\/h2>\t\t\t\t<\/div>\n\t\t<div class=\"elementor-element elementor-element-iwgw-mimigeiste-s0c e-con-full e-flex e-con e-child\" data-id=\"iwgw-mimigeiste-s0c\" data-element_type=\"container\" data-e-type=\"container\">\n\t\t\t\t<div class=\"elementor-element elementor-element-iwgw-mimigeiste-s0t elementor-widget elementor-widget-text-editor\" data-id=\"iwgw-mimigeiste-s0t\" data-element_type=\"widget\" data-e-type=\"widget\" data-widget_type=\"text-editor.default\">\n\t\t\t\t\t\t\t\t\t<p>Mimi duchov\u00e9 pat\u0159\u00ed k n\u00e1bo\u017eensk\u00fdm d\u011bjin\u00e1m aboriginsk\u00fdch spole\u010denstv\u00ed z\u00e1padn\u00ed Arnhemsk\u00e9 zem\u011b, zejm\u00e9na Kunwinjku, Mayali, Dangbon a Rembarrnga. Z vnit\u0159n\u00ed perspektivy tradice jsou to skute\u010dn\u00e9 bytosti, kter\u00e9 \u017eij\u00ed ve skal\u00e1ch a jeskyn\u00edch plo\u0161iny Arnhemsk\u00e9 zem\u011b; z vn\u011bj\u0161\u00ed perspektivy religionistiky jsou rodinou k m\u00edstu v\u00e1zan\u00fdch duch\u016f s v\u00fdukovou a varovnou funkc\u00ed.<\/p><p>V r\u00e1mci <a href=\"https:\/\/iwell-guard.com\/cs\/aboriginal-australie-dreamtime-tjukurpa\/\">aboriginsk\u00e9 tradice<\/a> jsou Mimi zvl\u00e1\u0161t\u011b zaj\u00edmav\u00ed t\u00edm, \u017ee jim sami Aboriginci p\u0159isuzuj\u00ed vyn\u00e1lez skaln\u00ed malby: podle vypr\u00e1v\u011bn\u00ed namalovali Mimi v \u010dase sn\u011bn\u00ed (Dreaming) prvn\u00ed obrazy; lid\u00e9 se od nich nau\u010dili malovat. Tato mytick\u00e1 genealogie skaln\u00edch maleb d\u011bl\u00e1 z Mimi kl\u00ed\u010dovou postavu d\u011bjin aboriginsk\u00e9ho um\u011bn\u00ed.<\/p><p>Z hlediska fenomenologie n\u00e1bo\u017eenstv\u00ed pat\u0159\u00ed Mimi do \u0161ir\u0161\u00ed t\u0159\u00eddy \u201efairy people\u201c, mal\u00fdch, plach\u00fdch, k m\u00edstu v\u00e1zan\u00fdch duch\u016f, kte\u0159\u00ed se vyskytuj\u00ed v mnoha domorod\u00fdch tradic\u00edch po cel\u00e9m sv\u011bt\u011b a jsou obvykle spojeni s v\u00fdukovou a varovnou funkc\u00ed.<\/p>\t\t\t\t\t\t\t\t<\/div>\n\t\t\t\t<\/div>\n\t\t\t\t\t<\/div>\n\t\t\t\t<\/div>\n\t\t<div class=\"elementor-element elementor-element-iwgw-mimigeiste-s1 e-flex e-con-boxed e-con e-parent\" data-id=\"iwgw-mimigeiste-s1\" data-element_type=\"container\" data-e-type=\"container\">\n\t\t\t\t\t<div class=\"e-con-inner\">\n\t\t\t\t<div class=\"elementor-element elementor-element-iwgw-mimigeiste-s1h elementor-widget elementor-widget-heading\" data-id=\"iwgw-mimigeiste-s1h\" data-element_type=\"widget\" data-e-type=\"widget\" data-widget_type=\"heading.default\">\n\t\t\t\t\t<h2 class=\"elementor-heading-title elementor-size-default\">Jm\u00e9no a etymologie<\/h2>\t\t\t\t<\/div>\n\t\t<div class=\"elementor-element elementor-element-iwgw-mimigeiste-s1c e-con-full e-flex e-con e-child\" data-id=\"iwgw-mimigeiste-s1c\" data-element_type=\"container\" data-e-type=\"container\">\n\t\t\t\t<div class=\"elementor-element elementor-element-iwgw-mimigeiste-s1t elementor-widget elementor-widget-text-editor\" data-id=\"iwgw-mimigeiste-s1t\" data-element_type=\"widget\" data-e-type=\"widget\" data-widget_type=\"text-editor.default\">\n\t\t\t\t\t\t\t\t\t<p>Jm\u00e9no <em>Mimi<\/em> (tak\u00e9 <em>Mimih<\/em>) je dolo\u017eeno ve v\u011bt\u0161in\u011b aboriginsk\u00fdch jazyk\u016f Arnhemsk\u00e9 zem\u011b. Etymologie nen\u00ed definitivn\u011b vyjasn\u011bna; tradi\u010dn\u00ed v\u00fdklad spojuje slovo s onomatopoick\u00fdm ko\u0159enem, kter\u00fd napodobuje tich\u00e9 sy\u010den\u00ed nebo \u0161ept\u00e1n\u00ed duch\u016f.<\/p><p><span data-nosnippet>U Yolngu ve v\u00fdchodn\u00ed Arnhemsk\u00e9 zemi se jmenuj\u00ed trochu jinak, <em>Wapitja<\/em> nebo <em>Yawk<\/em>, s \u010d\u00e1ste\u010dn\u011b odli\u0161n\u00fdmi vlastnostmi. Howard Morphy systematicky zdokumentoval region\u00e1ln\u00ed variace v d\u00edle <em>Aboriginal Art<\/em> (1998).<\/span><\/p><p>Ve star\u0161\u00edch etnografick\u00fdch zpr\u00e1v\u00e1ch jsou Mimi \u010dasto ozna\u010dov\u00e1ni jako \u201emimih spirits\u201c, anglicizovan\u00e1 forma, kter\u00e1 je dnes m\u00e9n\u011b obvykl\u00e1. Standardem je dnes z\u00e1pis <em>Mimi-Geister<\/em> (n\u011bmecky) nebo <em>Mimi spirits<\/em> (anglicky).<\/p>\t\t\t\t\t\t\t\t<\/div>\n\t\t\t\t<\/div>\n\t\t\t\t\t<\/div>\n\t\t\t\t<\/div>\n\t\t<div class=\"elementor-element elementor-element-iwgw-mimigeiste-s2 e-flex e-con-boxed e-con e-parent\" data-id=\"iwgw-mimigeiste-s2\" data-element_type=\"container\" data-e-type=\"container\">\n\t\t\t\t\t<div class=\"e-con-inner\">\n\t\t\t\t<div class=\"elementor-element elementor-element-iwgw-mimigeiste-s2h elementor-widget elementor-widget-heading\" data-id=\"iwgw-mimigeiste-s2h\" data-element_type=\"widget\" data-e-type=\"widget\" data-widget_type=\"heading.default\">\n\t\t\t\t\t<h2 class=\"elementor-heading-title elementor-size-default\">Popis a ikonografie<\/h2>\t\t\t\t<\/div>\n\t\t<div class=\"elementor-element elementor-element-iwgw-mimigeiste-s2c e-con-full e-flex e-con e-child\" data-id=\"iwgw-mimigeiste-s2c\" data-element_type=\"container\" data-e-type=\"container\">\n\t\t\t\t<div class=\"elementor-element elementor-element-iwgw-mimigeiste-s2t elementor-widget elementor-widget-text-editor\" data-id=\"iwgw-mimigeiste-s2t\" data-element_type=\"widget\" data-e-type=\"widget\" data-widget_type=\"text-editor.default\">\n\t\t\t\t\t\t\t\t\t<p>Mimi jsou popisov\u00e1ni jako v\u00fdjime\u010dn\u011b tenc\u00ed, dlouz\u00ed tvorov\u00e9, tak tenc\u00ed, \u017ee se mohou skr\u00fdvat ve skaln\u00edch trhlin\u00e1ch; tak citliv\u00ed, \u017ee by jim i m\u00edrn\u00fd v\u00edtr zlomil kr\u010dn\u00ed kosti. Proto opou\u0161t\u011bj\u00ed sv\u00e9 skaln\u00ed \u00fakryty jen za naprost\u00e9ho bezv\u011bt\u0159\u00ed. Maj\u00ed lidsk\u00e9 tv\u00e1\u0159e, ale nadm\u011brn\u011b dlouh\u00e9 kon\u010detiny; \u010dasto se jim p\u0159isuzuje dlouh\u00fd o\u0161t\u011bp v ruce.<\/p><p>Skaln\u00ed malby ve stylu Mimi pat\u0159\u00ed k nejstar\u0161\u00edm zachovan\u00fdm skaln\u00edm malb\u00e1m Arnhemsk\u00e9 zem\u011b. Typicky zobrazuj\u00ed tenk\u00e9, \u017eiv\u011b pohybuj\u00edc\u00ed se postavy, lovce s o\u0161t\u011bpem, tane\u010dn\u00edky, \u017eeny s vykop\u00e1vac\u00edmi holemi. Tento \u201edynamic figures style\u201c je datov\u00e1n a\u017e do st\u00e1\u0159\u00ed 12 000 let, co\u017e z maleb Mimi d\u011bl\u00e1 nejstar\u0161\u00ed zachovan\u00e1 um\u011bleck\u00e1 d\u00edla Austr\u00e1lie.<\/p><p>Zvl\u00e1\u0161tn\u00ed v\u00fdznam m\u00e1 tradice Mimi v \u201ebark painting\u201c (malb\u011b na k\u016fru) 20. stolet\u00ed. Aborigin\u0161t\u00ed um\u011blci jako Yirawala, Crusoe Kuningbal a Spider Namirrkki p\u0159enesli t\u00e9mata Mimi do modern\u00edch m\u00e9di\u00ed. Tato d\u00edla jsou dnes v mnoha muze\u00edch po cel\u00e9m sv\u011bt\u011b (nap\u0159. National Museum Canberra, British Museum, Mus\u00e9e du Quai Branly Paris).<\/p>\t\t\t\t\t\t\t\t<\/div>\n\t\t\t\t<\/div>\n\t\t\t\t\t<\/div>\n\t\t\t\t<\/div>\n\t\t<div class=\"elementor-element elementor-element-iwgw-mimigeiste-s3 e-flex e-con-boxed e-con e-parent\" data-id=\"iwgw-mimigeiste-s3\" data-element_type=\"container\" data-e-type=\"container\">\n\t\t\t\t\t<div class=\"e-con-inner\">\n\t\t\t\t<div class=\"elementor-element elementor-element-iwgw-mimigeiste-s3h elementor-widget elementor-widget-heading\" data-id=\"iwgw-mimigeiste-s3h\" data-element_type=\"widget\" data-e-type=\"widget\" data-widget_type=\"heading.default\">\n\t\t\t\t\t<h2 class=\"elementor-heading-title elementor-size-default\">Mytologick\u00e1 vypr\u00e1v\u011bn\u00ed<\/h2>\t\t\t\t<\/div>\n\t\t<div class=\"elementor-element elementor-element-iwgw-mimigeiste-s3c e-con-full e-flex e-con e-child\" data-id=\"iwgw-mimigeiste-s3c\" data-element_type=\"container\" data-e-type=\"container\">\n\t\t\t\t<div class=\"elementor-element elementor-element-iwgw-mimigeiste-s3t elementor-widget elementor-widget-text-editor\" data-id=\"iwgw-mimigeiste-s3t\" data-element_type=\"widget\" data-e-type=\"widget\" data-widget_type=\"text-editor.default\">\n\t\t\t\t\t\t\t\t\t<p>\u00dast\u0159edn\u00ed vypr\u00e1v\u011bn\u00ed o Mimi je \u201enau\u010den\u00ed Mimi\u201c: v \u010dase sn\u011bn\u00ed (Dreaming) \u017eili Mimi pokojn\u011b ve skal\u00e1ch. Byli mistrn\u00fdmi lovci a mistrn\u00fdmi mal\u00ed\u0159i. Uvid\u011bli prvn\u00ed lidi a se soucitem je u\u010dili lovit, d\u011blat ohe\u0148 a malovat. Dne\u0161n\u00ed um\u011bn\u00ed a kultura Kunwinjku je tak p\u0159\u00edm\u00fdm d\u011bdictv\u00edm Mimi.<\/p><p>Druh\u00e9 vypr\u00e1v\u011bn\u00ed popisuje strategie skr\u00fdv\u00e1n\u00ed Mimi: p\u0159i v\u011btru se Mimi stahuj\u00ed hluboko do skal; za bezv\u011bt\u0159\u00ed se odva\u017euj\u00ed vyj\u00edt. Kdo spat\u0159\u00ed <span class=\"iwg-fachbegriff\" data-tooltip=\"Ein k\u00f6rperloses Wesen, dem Wirkung in der Welt zugeschrieben wird.\" tabindex=\"0\">ducha<\/span> Mimi, nem\u011bl by na n\u011bj promlouvat, jsou pla\u0161\u00ed a ura\u017een\u011b se stahuj\u00ed zp\u011bt.<\/p><p>T\u0159et\u00ed vypr\u00e1v\u011bn\u00ed vypr\u00e1v\u00ed o nebezpe\u010dn\u00fdch setk\u00e1n\u00edch s Mimi: Z\u016fstane-li lovec p\u0159\u00edli\u0161 dlouho v jeskyni, mohou ho Mimi \u201eodn\u00e9st\u201c, <span class=\"iwg-fachbegriff\" data-tooltip=\"Ein wiederkehrendes inhaltliches Element in Kunst oder Erz\u00e4hlung.\" tabindex=\"0\">motiv<\/span>, kter\u00fd p\u0159ipom\u00edn\u00e1 evropsk\u00e9 \u00fanosy elfy a \u010dasto se pou\u017e\u00edv\u00e1 v aboriginsk\u00fdch varovn\u00fdch vypr\u00e1v\u011bn\u00edch pro d\u011bti.<\/p>\t\t\t\t\t\t\t\t<\/div>\n\t\t\t\t<\/div>\n\t\t\t\t\t<\/div>\n\t\t\t\t<\/div>\n\t\t<div class=\"elementor-element elementor-element-iwgw-mimigeiste-s4 e-flex e-con-boxed e-con e-parent\" data-id=\"iwgw-mimigeiste-s4\" data-element_type=\"container\" data-e-type=\"container\">\n\t\t\t\t\t<div class=\"e-con-inner\">\n\t\t\t\t<div class=\"elementor-element elementor-element-iwgw-mimigeiste-s4h elementor-widget elementor-widget-heading\" data-id=\"iwgw-mimigeiste-s4h\" data-element_type=\"widget\" data-e-type=\"widget\" data-widget_type=\"heading.default\">\n\t\t\t\t\t<h2 class=\"elementor-heading-title elementor-size-default\">Kult a uct\u00edv\u00e1n\u00ed<\/h2>\t\t\t\t<\/div>\n\t\t<div class=\"elementor-element elementor-element-iwgw-mimigeiste-s4c e-con-full e-flex e-con e-child\" data-id=\"iwgw-mimigeiste-s4c\" data-element_type=\"container\" data-e-type=\"container\">\n\t\t\t\t<div class=\"elementor-element elementor-element-iwgw-mimigeiste-s4t elementor-widget elementor-widget-text-editor\" data-id=\"iwgw-mimigeiste-s4t\" data-element_type=\"widget\" data-e-type=\"widget\" data-widget_type=\"text-editor.default\">\n\t\t\t\t\t\t\t\t\t<p>Mimi nemaj\u00ed \u017e\u00e1dn\u00fd form\u00e1ln\u00ed <span class=\"iwg-fachbegriff\" data-tooltip=\"Die Gesamtheit der religi\u00f6sen Verehrungshandlungen f\u00fcr eine Gottheit oder heilige Gestalt.\" tabindex=\"0\">kult<\/span>; jsou sp\u00ed\u0161e p\u0159edm\u011btem ka\u017edodenn\u00ed opatrnosti a p\u0159\u00edle\u017eitostn\u00e9 <span class=\"iwg-fachbegriff\" data-tooltip=\"Das bittende oder beschw\u00f6rende Ansprechen einer Gottheit oder Macht.\" tabindex=\"0\">invokace<\/span>. P\u0159ed vstupem do jeskyn\u011b se ti\u0161e \u201eupozorn\u00ed\u201c: kr\u00e1tk\u00fdm zap\u00edsk\u00e1n\u00edm, slovem respektu, n\u011bkdy dotykem sk\u00e1ly.<\/p><p>Zvl\u00e1\u0161tn\u00ed prax\u00ed je ka\u017edoro\u010dn\u00ed \u201eobnovov\u00e1n\u00ed\u201c ur\u010dit\u00fdch skaln\u00edch maleb Mimi kmenov\u00fdmi star\u0161\u00edmi: podobn\u011b jako u <a href=\"https:\/\/iwell-guard.com\/cs\/?page_id=145517\">Wandjina<\/a> v Kimberley se skaln\u00ed malba <span class=\"iwg-fachbegriff\" data-tooltip=\"Zu einem festgelegten religi\u00f6sen Handlungsablauf geh\u00f6rig.\" tabindex=\"0\">ritu\u00e1ln\u011b<\/span> p\u0159emaluje, co\u017e je ch\u00e1p\u00e1no jako potvrzen\u00ed \u017eiv\u00e9ho vztahu mezi lidmi a Mimi.<\/p><p>V sou\u010dasn\u00e9 aboriginsk\u00e9 praxi Maningridy, Gunbalanyi a dal\u0161\u00edch spole\u010denstv\u00ed Arnhemsk\u00e9 zem\u011b z\u016fst\u00e1vaj\u00ed t\u00e9mata Mimi v um\u011bn\u00ed st\u00e1le \u017eiv\u00e1. N\u011bkolik um\u011blc\u016f pracuje mezigenera\u010dn\u011b v \u201etradici Mimi\u201c, kter\u00e1 je z\u00e1rove\u0148 n\u00e1bo\u017eensky i ekonomicky (prodej d\u011bl) v\u00fdznamn\u00e1.<\/p>\t\t\t\t\t\t\t\t<\/div>\n\t\t\t\t<\/div>\n\t\t\t\t\t<\/div>\n\t\t\t\t<\/div>\n\t\t<div class=\"elementor-element elementor-element-iwgw-mimigeiste-s5 e-flex e-con-boxed e-con e-parent\" data-id=\"iwgw-mimigeiste-s5\" data-element_type=\"container\" data-e-type=\"container\">\n\t\t\t\t\t<div class=\"e-con-inner\">\n\t\t\t\t<div class=\"elementor-element elementor-element-iwgw-mimigeiste-s5h elementor-widget elementor-widget-heading\" data-id=\"iwgw-mimigeiste-s5h\" data-element_type=\"widget\" data-e-type=\"widget\" data-widget_type=\"heading.default\">\n\t\t\t\t\t<h2 class=\"elementor-heading-title elementor-size-default\">Ochrann\u00e1 praxe a apotropaick\u00e9 prvky<\/h2>\t\t\t\t<\/div>\n\t\t<div class=\"elementor-element elementor-element-iwgw-mimigeiste-s5c e-con-full e-flex e-con e-child\" data-id=\"iwgw-mimigeiste-s5c\" data-element_type=\"container\" data-e-type=\"container\">\n\t\t\t\t<div class=\"elementor-element elementor-element-iwgw-mimigeiste-s5t elementor-widget elementor-widget-text-editor\" data-id=\"iwgw-mimigeiste-s5t\" data-element_type=\"widget\" data-e-type=\"widget\" data-widget_type=\"text-editor.default\">\n\t\t\t\t\t\t\t\t\t<p>Z n\u00e1bo\u017eenskov\u011bdn\u00edho hlediska lze apotropaick\u00e9 praktiky v mimijsk\u00e9m komplexu popsat jako snahu o respektuj\u00edc\u00ed zach\u00e1zen\u00ed s jeskyn\u011bmi a skalami. Zak\u00e1z\u00e1no je: hlu\u010dn\u00e9 mluven\u00ed v jeskyn\u00edch, neopr\u00e1vn\u011bn\u00e9 p\u0159emalov\u00e1v\u00e1n\u00ed mimijsk\u00fdch skaln\u00edch maleb, odlamov\u00e1n\u00ed skaln\u00edch fragment\u016f a pobyt v jeskyni po z\u00e1padu slunce.<\/p><p>Zvl\u00e1\u0161tn\u00ed ochrannou prax\u00ed je no\u0161en\u00ed mal\u00fdch kop\u00ed nebo vy\u0159ez\u00e1van\u00fdch d\u0159ev\u011bn\u00fdch figurek p\u0159i n\u00e1v\u0161t\u011bv\u011b jeskyn\u011b; ty jsou ch\u00e1p\u00e1ny jako \u201edar\u201c mimim a maj\u00ed zajistit m\u00edrov\u00e9 setk\u00e1n\u00ed.<\/p><p>Z etnografick\u00e9ho vn\u011bj\u0161\u00edho pohledu jde o pravidla strukturuj\u00edc\u00ed ka\u017edodenn\u00ed \u017eivot, kter\u00e1 spojuj\u00ed ekologickou obez\u0159etnost (ochranu jeskynn\u00edch ekosyst\u00e9m\u016f) s n\u00e1bo\u017eenskou prax\u00ed (respekt k duch\u016fm). Mary Douglas popsala v d\u00edle <em>Reinheit und Gef\u00e4hrdung<\/em> (1966) podobn\u00e9 struktury tabu z hlediska religionistick\u00e9 antropologie.<\/p>\t\t\t\t\t\t\t\t<\/div>\n\t\t\t\t<\/div>\n\t\t\t\t\t<\/div>\n\t\t\t\t<\/div>\n\t\t<div class=\"elementor-element elementor-element-iwgw-mimigeiste-s6 e-flex e-con-boxed e-con e-parent\" data-id=\"iwgw-mimigeiste-s6\" data-element_type=\"container\" data-e-type=\"container\">\n\t\t\t\t\t<div class=\"e-con-inner\">\n\t\t\t\t<div class=\"elementor-element elementor-element-iwgw-mimigeiste-s6h elementor-widget elementor-widget-heading\" data-id=\"iwgw-mimigeiste-s6h\" data-element_type=\"widget\" data-e-type=\"widget\" data-widget_type=\"heading.default\">\n\t\t\t\t\t<h2 class=\"elementor-heading-title elementor-size-default\">Paralely v jin\u00fdch kultur\u00e1ch<\/h2>\t\t\t\t<\/div>\n\t\t<div class=\"elementor-element elementor-element-iwgw-mimigeiste-s6c e-con-full e-flex e-con e-child\" data-id=\"iwgw-mimigeiste-s6c\" data-element_type=\"container\" data-e-type=\"container\">\n\t\t\t\t<div class=\"elementor-element elementor-element-iwgw-mimigeiste-s6t elementor-widget elementor-widget-text-editor\" data-id=\"iwgw-mimigeiste-s6t\" data-element_type=\"widget\" data-e-type=\"widget\" data-widget_type=\"text-editor.default\">\n\t\t\t\t\t\t\t\t\t<p>Tenk\u00e9, plach\u00e9 skaln\u00ed duchov\u00e9 jsou z religionistick\u00e9ho hlediska hojn\u011b dokumentov\u00e1ni. Strukturn\u011b srovnateln\u00e9 jsou: irsk\u00e9 bytosti <em>s\u00eddh<\/em>, skotsk\u00e9 faerie, japon\u0161t\u00ed <em>tsuchigumo<\/em> ve star\u00fdch verz\u00edch a severoamerick\u00e9 Memegwesi z algonkinsk\u00e9 tradice. Ve v\u0161ech p\u0159\u00edpadech se jedn\u00e1 o bytosti v\u00e1zan\u00e9 na ur\u010dit\u00e9 m\u00edsto, plach\u00e9, s pou\u010dnou a varuj\u00edc\u00ed funkc\u00ed.<\/p><p>Religionisticky zaj\u00edmav\u00e9 je spojen\u00ed mimi s p\u0159ed\u00e1v\u00e1n\u00edm znalost\u00ed o lovu, ohni a um\u011bn\u00ed. Tato funkce \u201ekulturn\u00edho hrdiny\u201c je typologicky spojuje s Prom\u00e9theem (ohe\u0148), Hermem (um\u011bn\u00ed) a mnoha dal\u0161\u00edmi postavami kulturn\u00edch u\u010ditel\u016f. Aboriginsk\u00e1 varianta je zvl\u00e1\u0161t\u011b zaj\u00edmav\u00e1 t\u00edm, \u017ee jako u\u010ditele nevystupuje jednotliv\u00e1 postava, ale cel\u00e1 skupina duch\u016f.<\/p><p>Na Sibi\u0159i se mimi podobaj\u00ed \u0161amansk\u00fdm pomocn\u00fdm duch\u016fm, jako je <a href=\"https:\/\/iwell-guard.com\/cs\/?page_id=145515\">Asbuiga<\/a>, kte\u0159\u00ed rovn\u011b\u017e slou\u017e\u00ed jako zprost\u0159edkuj\u00edc\u00ed postavy s v\u00fdukovou funkc\u00ed. P\u0159\u00edmou historickou souvislost v\u0161ak nelze p\u0159edpokl\u00e1dat; jde o typologickou konvergenci.<\/p>\t\t\t\t\t\t\t\t<\/div>\n\t\t\t\t<\/div>\n\t\t\t\t\t<\/div>\n\t\t\t\t<\/div>\n\t\t<div class=\"elementor-element elementor-element-iwgw-mimigeiste-s7 e-flex e-con-boxed e-con e-parent\" data-id=\"iwgw-mimigeiste-s7\" data-element_type=\"container\" data-e-type=\"container\">\n\t\t\t\t\t<div class=\"e-con-inner\">\n\t\t\t\t<div class=\"elementor-element elementor-element-iwgw-mimigeiste-s7h elementor-widget elementor-widget-heading\" data-id=\"iwgw-mimigeiste-s7h\" data-element_type=\"widget\" data-e-type=\"widget\" data-widget_type=\"heading.default\">\n\t\t\t\t\t<h2 class=\"elementor-heading-title elementor-size-default\">Sou\u010dasn\u00e1 recepce a v\u00fdzkum<\/h2>\t\t\t\t<\/div>\n\t\t<div class=\"elementor-element elementor-element-iwgw-mimigeiste-s7c e-con-full e-flex e-con e-child\" data-id=\"iwgw-mimigeiste-s7c\" data-element_type=\"container\" data-e-type=\"container\">\n\t\t\t\t<div class=\"elementor-element elementor-element-iwgw-mimigeiste-s7t elementor-widget elementor-widget-text-editor\" data-id=\"iwgw-mimigeiste-s7t\" data-element_type=\"widget\" data-e-type=\"widget\" data-widget_type=\"text-editor.default\">\n\t\t\t\t\t\t\t\t\t<p><span data-nosnippet>Nejd\u016fle\u017eit\u011bj\u0161\u00edm ran\u00fdm pramenem je d\u00edlo Charlese P. Mountforda <em>Records of the American-Australian Scientific Expedition to Arnhem Land<\/em> (1956), rozs\u00e1hl\u00e1 dokumentace shroma\u017e\u010fuj\u00edc\u00ed mnoho materi\u00e1l\u016f t\u00fdkaj\u00edc\u00edch se mimi. Ronald M. a Catherine H. Berndt tuto tradici v n\u011bkolika prac\u00edch d\u00e1le rozvinuli.<\/span><\/p><p>Nejd\u016fle\u017eit\u011bj\u0161\u00edmi sou\u010dasn\u00fdmi um\u011bleckohistorick\u00fdmi studiemi o skaln\u00edch malb\u00e1ch mimi a jejich p\u0159enosu do modern\u00edch m\u00e9di\u00ed jsou Howard Morphyho <em>Aboriginal Art<\/em> (Phaidon 1998) a Luke Taylorova <em>Seeing the Inside<\/em> (1996).<\/p><p>V sou\u010dasn\u00e9 aboriginsk\u00e9 autoprezentaci jsou mimi mezin\u00e1rodn\u011b p\u0159\u00edtomn\u00ed d\u00edky tradici malby na k\u016fru z oblasti Maningrida. Sdru\u017een\u00ed um\u011blc\u016f Bukit Larrtjpi a dal\u0161\u00ed domorod\u00e9 instituce udr\u017euj\u00ed tradici mimi jako kulturn\u00ed i ekonomick\u00e9 d\u011bdictv\u00ed.<\/p>\t\t\t\t\t\t\t\t<\/div>\n\t\t\t\t<\/div>\n\t\t\t\t\t<\/div>\n\t\t\t\t<\/div>\n\t\t<div class=\"elementor-element elementor-element-iwgw-mimigeiste-s8 e-flex e-con-boxed e-con e-parent\" data-id=\"iwgw-mimigeiste-s8\" data-element_type=\"container\" data-e-type=\"container\">\n\t\t\t\t\t<div class=\"e-con-inner\">\n\t\t\t\t<div class=\"elementor-element elementor-element-iwgw-mimigeiste-s8h elementor-widget elementor-widget-heading\" data-id=\"iwgw-mimigeiste-s8h\" data-element_type=\"widget\" data-e-type=\"widget\" data-widget_type=\"heading.default\">\n\t\t\t\t\t<h2 class=\"elementor-heading-title elementor-size-default\">V\u00fdzkumn\u00e9 debaty a otev\u0159en\u00e9 ot\u00e1zky<\/h2>\t\t\t\t<\/div>\n\t\t<div class=\"elementor-element elementor-element-iwgw-mimigeiste-s8c e-con-full e-flex e-con e-child\" data-id=\"iwgw-mimigeiste-s8c\" data-element_type=\"container\" data-e-type=\"container\">\n\t\t\t\t<div class=\"elementor-element elementor-element-iwgw-mimigeiste-s8t elementor-widget elementor-widget-text-editor\" data-id=\"iwgw-mimigeiste-s8t\" data-element_type=\"widget\" data-e-type=\"widget\" data-widget_type=\"text-editor.default\">\n\t\t\t\t\t\t\t\t\t<p>Kolem mimi se vede n\u011bkolik v\u00fdzkumn\u00fdch debat. Zaprv\u00e9: Jak star\u00e1 je tradice mimi? Skaln\u00ed malby ve stylu mimi jsou archeologicky datov\u00e1ny a\u017e 12 000 let zp\u011bt, ale zda dne\u0161n\u00ed \u017eiv\u00e1 p\u0159edstava o mimi p\u0159\u00edmo a kontinu\u00e1ln\u011b navazuje na tyto star\u00e9 malby, nen\u00ed jednozna\u010dn\u011b prok\u00e1z\u00e1no.<\/p><p>Zadruh\u00e9: Jak\u00fd je vztah mimi k v\u011bt\u0161\u00edm stvo\u0159itelsk\u00fdm postav\u00e1m, jako je <a href=\"https:\/\/iwell-guard.com\/cs\/?page_id=145516\">Rainbow Serpent<\/a> nebo <a href=\"https:\/\/iwell-guard.com\/cs\/?page_id=145517\">Wandjina<\/a>? Mimi jsou jednozna\u010dn\u011b \u201emen\u0161\u00ed\u201c duchov\u00e9, ale jejich pou\u010dn\u00e1 funkce z nich \u010din\u00ed n\u00e1bo\u017eenskohistoricky v\u00fdznamn\u00e9 bytosti.<\/p><p>Zat\u0159et\u00ed: Jakou roli hraj\u00ed mimi v sou\u010dasn\u00e9 aboriginsk\u00e9 um\u011bleck\u00e9 praxi? Komer\u010dn\u00ed vyu\u017e\u00edv\u00e1n\u00ed obraz\u016f mimi je religionisticko-sociologicky zaj\u00edmav\u00e9 a t\u00fdk\u00e1 se ot\u00e1zek domorod\u00fdch vlastnick\u00fdch pr\u00e1v k tradi\u010dn\u00edm obrazov\u00fdm motiv\u016fm.<\/p>\t\t\t\t\t\t\t\t<\/div>\n\t\t\t\t<\/div>\n\t\t\t\t\t<\/div>\n\t\t\t\t<\/div>\n\t\t<div class=\"elementor-element elementor-element-iwgw-mimigeiste-s9 e-flex e-con-boxed e-con e-parent\" data-id=\"iwgw-mimigeiste-s9\" data-element_type=\"container\" data-e-type=\"container\">\n\t\t\t\t\t<div class=\"e-con-inner\">\n\t\t\t\t<div class=\"elementor-element elementor-element-iwgw-mimigeiste-s9h elementor-widget elementor-widget-heading\" data-id=\"iwgw-mimigeiste-s9h\" data-element_type=\"widget\" data-e-type=\"widget\" data-widget_type=\"heading.default\">\n\t\t\t\t\t<h2 class=\"elementor-heading-title elementor-size-default\">Skaln\u00ed malby mimi a d\u011bjiny aboriginsk\u00e9ho um\u011bn\u00ed<\/h2>\t\t\t\t<\/div>\n\t\t<div class=\"elementor-element elementor-element-iwgw-mimigeiste-s9c e-con-full e-flex e-con e-child\" data-id=\"iwgw-mimigeiste-s9c\" data-element_type=\"container\" data-e-type=\"container\">\n\t\t\t\t<div class=\"elementor-element elementor-element-iwgw-mimigeiste-s9t elementor-widget elementor-widget-text-editor\" data-id=\"iwgw-mimigeiste-s9t\" data-element_type=\"widget\" data-e-type=\"widget\" data-widget_type=\"text-editor.default\">\n\t\t\t\t\t\t\t\t\t<p>Zvl\u00e1\u0161tn\u00ed pozornost si zaslou\u017e\u00ed postaven\u00ed skaln\u00ed malby mimi v d\u011bjin\u00e1ch aboriginsk\u00e9ho um\u011bn\u00ed. Tzv. tradice \u201edynamic figures style\u201c je pova\u017eov\u00e1na za jeden z nejstar\u0161\u00edch dochovan\u00fdch um\u011bleck\u00fdch sm\u011br\u016f sv\u011bta; archeologick\u00e9 datov\u00e1n\u00ed sah\u00e1 a\u017e do pozdn\u00edho pleistoc\u00e9nu.<\/p><p>Tyto skaln\u00ed malby typicky zobrazuj\u00ed tenk\u00e9, dynamicky se pohybuj\u00edc\u00ed postavy ve sc\u00e9n\u00e1ch lovu a tance. Paul Ta\u00e7on se v n\u011bkolika studi\u00edch v\u011bnoval datov\u00e1n\u00ed a interpretaci t\u011bchto obraz\u016f; jeho pr\u00e1ce je dnes standardem oboru.<\/p><p>Mytick\u00e9 spojen\u00ed t\u011bchto obraz\u016f s duchy mimi je \u010din\u00ed zvl\u00e1\u0161t\u011b zaj\u00edmav\u00fdmi z n\u00e1bo\u017eenskohistorick\u00e9ho hlediska. V aboriginsk\u00e9m vnit\u0159n\u00edm pohledu nejsou tyto obrazy d\u00edlem lid\u00ed, ale d\u00edlem samotn\u00fdch mimi, co\u017e je ontologie, kter\u00e1 zpochyb\u0148uje z\u00e1padn\u00ed pojet\u00ed um\u011bn\u00ed.<\/p>\t\t\t\t\t\t\t\t<\/div>\n\t\t\t\t<\/div>\n\t\t\t\t\t<\/div>\n\t\t\t\t<\/div>\n\t\t<div class=\"elementor-element elementor-element-iwgw-mimigeiste-s10 e-flex e-con-boxed e-con e-parent\" data-id=\"iwgw-mimigeiste-s10\" data-element_type=\"container\" data-e-type=\"container\">\n\t\t\t\t\t<div class=\"e-con-inner\">\n\t\t\t\t<div class=\"elementor-element elementor-element-iwgw-mimigeiste-s10h elementor-widget elementor-widget-heading\" data-id=\"iwgw-mimigeiste-s10h\" data-element_type=\"widget\" data-e-type=\"widget\" data-widget_type=\"heading.default\">\n\t\t\t\t\t<h2 class=\"elementor-heading-title elementor-size-default\">Mimi v sou\u010dasn\u00e9 tradici malby na k\u016fru<\/h2>\t\t\t\t<\/div>\n\t\t<div class=\"elementor-element elementor-element-iwgw-mimigeiste-s10c e-con-full e-flex e-con e-child\" data-id=\"iwgw-mimigeiste-s10c\" data-element_type=\"container\" data-e-type=\"container\">\n\t\t\t\t<div class=\"elementor-element elementor-element-iwgw-mimigeiste-s10t elementor-widget elementor-widget-text-editor\" data-id=\"iwgw-mimigeiste-s10t\" data-element_type=\"widget\" data-e-type=\"widget\" data-widget_type=\"text-editor.default\">\n\t\t\t\t\t\t\t\t\t<p><span data-nosnippet>Tradice malby na k\u016fru v oblasti Arnhem Land si od 50. let 20. stolet\u00ed z\u00edskala mezin\u00e1rodn\u00ed pozornost. Zn\u00e1m\u00ed um\u011blci jako Yirawala (Kunwinjku, 1903\u20131976), Crusoe Kuningbal, John Mawurndjul a Spider Namirrkki p\u0159enesli motivy mimi do modern\u00edch m\u00e9di\u00ed a u\u010dinili je dostupn\u00fdmi pro mezin\u00e1rodn\u00ed trh s um\u011bn\u00edm.<\/span><\/p><p>Howard Morphy uk\u00e1zal v d\u00edle <em>Becoming Art<\/em> (2007), jak p\u0159echod od ritu\u00e1ln\u00ed skaln\u00ed malby k obchodovateln\u00e9 malb\u011b na k\u016fru zm\u011bnil n\u00e1bo\u017eenskou funkci zobrazen\u00ed mimi. Obrazy se tak \u201eosamostatnily\u201c a staly se sou\u010d\u00e1st\u00ed glob\u00e1ln\u00edho trhu s um\u011bn\u00edm.<\/p><p>Z religionisticko-sociologick\u00e9ho hlediska je tento v\u00fdvoj ambivalentn\u00ed. Na jedn\u00e9 stran\u011b zaji\u0161\u0165uje ekonomick\u00e9 p\u0159e\u017eit\u00ed aboriginsk\u00fdch komunit, na druh\u00e9 stran\u011b prom\u011b\u0148uje tajn\u00fd n\u00e1bo\u017eensk\u00fd obsah ve ve\u0159ejn\u00e9 zbo\u017e\u00ed. Aborigin\u0161t\u00ed um\u011blci a jejich komunity si vytvo\u0159ili mechanismy, jak s t\u00edmto nap\u011bt\u00edm zach\u00e1zet.<\/p>\t\t\t\t\t\t\t\t<\/div>\n\t\t\t\t<\/div>\n\t\t\t\t\t<\/div>\n\t\t\t\t<\/div>\n\t\t<div class=\"elementor-element elementor-element-iwgw-mimigeiste-s11 e-flex e-con-boxed e-con e-parent\" data-id=\"iwgw-mimigeiste-s11\" data-element_type=\"container\" data-e-type=\"container\">\n\t\t\t\t\t<div class=\"e-con-inner\">\n\t\t\t\t<div class=\"elementor-element elementor-element-iwgw-mimigeiste-s11h elementor-widget elementor-widget-heading\" data-id=\"iwgw-mimigeiste-s11h\" data-element_type=\"widget\" data-e-type=\"widget\" data-widget_type=\"heading.default\">\n\t\t\t\t\t<h2 class=\"elementor-heading-title elementor-size-default\">Metodologick\u00e1 reflexe a prameny<\/h2>\t\t\t\t<\/div>\n\t\t<div class=\"elementor-element elementor-element-iwgw-mimigeiste-s11c e-con-full e-flex e-con e-child\" data-id=\"iwgw-mimigeiste-s11c\" data-element_type=\"container\" data-e-type=\"container\">\n\t\t\t\t<div class=\"elementor-element elementor-element-iwgw-mimigeiste-s11t elementor-widget elementor-widget-text-editor\" data-id=\"iwgw-mimigeiste-s11t\" data-element_type=\"widget\" data-e-type=\"widget\" data-widget_type=\"text-editor.default\">\n\t\t\t\t\t\t\t\t\t<p>Ve v\u00fdzkumu mimi se objevuje n\u011bkolik metodick\u00fdch probl\u00e9m\u016f. Zaprv\u00e9: archeologick\u00e9 datov\u00e1n\u00ed skaln\u00edch maleb mimi je obt\u00ed\u017en\u00e9 a je p\u0159edm\u011btem trvaj\u00edc\u00edch debat. R\u016fzn\u00e9 metody datov\u00e1n\u00ed p\u0159in\u00e1\u0161ej\u00ed odli\u0161n\u00e9 v\u00fdsledky; konsenzu\u00e1ln\u00ed chronologie st\u00e1le chyb\u00ed.<\/p><p>Zadruh\u00e9: velk\u00e1 \u010d\u00e1st znalost\u00ed o mimi nen\u00ed \u201eomezen\u00e1\u201c v neju\u017e\u0161\u00edm smyslu, ale p\u0159esto je hluboce zakotvena v m\u00edstn\u00ed praxi. Je nutn\u00e1 respektuj\u00edc\u00ed pr\u00e1ce s prameny, konzultovan\u00e1 s tradi\u010dn\u00edmi vlastn\u00edky.<\/p><p>Zat\u0159et\u00ed: um\u011bleckohistorick\u00e1 a religionistickoantropologick\u00e1 perspektiva na mimi by m\u011bly spolupracovat. Ob\u011b discipl\u00edny maj\u00ed sv\u00e9 siln\u00e9 str\u00e1nky; izolovan\u00e9 zpracov\u00e1n\u00ed by nedok\u00e1zalo postihnout hloubku tradice mimi.<\/p><p>Kdo chce studovat komplex mimi v cel\u00e9 jeho \u0161\u00ed\u0159i, najde na p\u0159ehledov\u00e9 str\u00e1nce <a href=\"https:\/\/iwell-guard.com\/cs\/aboriginal-australie-dreamtime-tjukurpa\/\">Aboriginsk\u00e1 tradice<\/a> nejd\u016fle\u017eit\u011bj\u0161\u00ed odkazy na p\u0159\u00edbuzn\u00e9 postavy, jako <a href=\"https:\/\/iwell-guard.com\/cs\/?page_id=145517\">Wandjina<\/a>, <a href=\"https:\/\/iwell-guard.com\/cs\/?page_id=145516\">Rainbow Serpent<\/a> a <a href=\"https:\/\/iwell-guard.com\/cs\/?page_id=145525\">Namarrkon<\/a>.<\/p>\t\t\t\t\t\t\t\t<\/div>\n\t\t\t\t<\/div>\n\t\t\t\t\t<\/div>\n\t\t\t\t<\/div>\n\t\t<div class=\"elementor-element elementor-element-iwgw-mimigeiste-s12 e-flex e-con-boxed e-con e-parent\" data-id=\"iwgw-mimigeiste-s12\" data-element_type=\"container\" data-e-type=\"container\">\n\t\t\t\t\t<div class=\"e-con-inner\">\n\t\t\t\t<div class=\"elementor-element elementor-element-iwgw-mimigeiste-s12h elementor-widget elementor-widget-heading\" data-id=\"iwgw-mimigeiste-s12h\" data-element_type=\"widget\" data-e-type=\"widget\" data-widget_type=\"heading.default\">\n\t\t\t\t\t<h2 class=\"elementor-heading-title elementor-size-default\">Mimi a trh s aboriginsk\u00fdm um\u011bn\u00edm<\/h2>\t\t\t\t<\/div>\n\t\t<div class=\"elementor-element elementor-element-iwgw-mimigeiste-s12c e-con-full e-flex e-con e-child\" data-id=\"iwgw-mimigeiste-s12c\" data-element_type=\"container\" data-e-type=\"container\">\n\t\t\t\t<div class=\"elementor-element elementor-element-iwgw-mimigeiste-s12t elementor-widget elementor-widget-text-editor\" data-id=\"iwgw-mimigeiste-s12t\" data-element_type=\"widget\" data-e-type=\"widget\" data-widget_type=\"text-editor.default\">\n\t\t\t\t\t\t\t\t\t<p>Tradice Mimi je dnes p\u0159\u00edtomn\u00e1 v mezin\u00e1rodn\u00edm m\u011b\u0159\u00edtku, p\u0159edev\u0161\u00edm d\u00edky tradici malby na k\u016fru (bark painting) z oblasti Maningrida. Zn\u00e1m\u00ed um\u011blci jako John Mawurndjul, Spider Namirrkki a dal\u0161\u00ed p\u0159evedli t\u00e9mata Mimi do mezin\u00e1rodn\u00edho um\u011bleck\u00e9ho jazyka.<\/p><p><span data-nosnippet>Howard Morphy ve sv\u00e9 knize <em>Becoming Art<\/em> (2007) uk\u00e1zal, jak p\u0159echod od ritu\u00e1ln\u00ed skaln\u00ed malby k tr\u017en\u011b uplatniteln\u00e9 malb\u011b na k\u016fru transformoval tradici Mimi, ani\u017e by ji zru\u0161il. Obrazy dnes ob\u00edhaj\u00ed na glob\u00e1ln\u00edm trhu, p\u0159esto si zachov\u00e1vaj\u00ed ritu\u00e1ln\u00ed vazbu na komunitu Maningrida.<\/span><\/p><p>Tato dvoj\u00ed funkce (komer\u010dn\u00ed a <span class=\"iwg-fachbegriff\" data-tooltip=\"N\u00e1le\u017eej\u00edc\u00ed k pevn\u011b stanoven\u00e9mu n\u00e1bo\u017eensk\u00e9mu \u00fakonu.\" tabindex=\"0\">ritu\u00e1ln\u00ed<\/span>) je z hlediska n\u00e1bo\u017eensk\u00e9 antropologie zaj\u00edmav\u00fdm studijn\u00edm p\u0159\u00edpadem. Ukazuje, jak m\u016f\u017ee domorod\u00e9 n\u00e1bo\u017eenstv\u00ed p\u0159e\u017e\u00edvat a prom\u011b\u0148ovat se za podm\u00ednek modern\u00edho trhu.<\/p>\t\t\t\t\t\t\t\t<\/div>\n\t\t\t\t<\/div>\n\t\t\t\t\t<\/div>\n\t\t\t\t<\/div>\n\t\t<div class=\"elementor-element elementor-element-iwgw-mimigeiste-s13 e-flex e-con-boxed e-con e-parent\" data-id=\"iwgw-mimigeiste-s13\" data-element_type=\"container\" data-e-type=\"container\">\n\t\t\t\t\t<div class=\"e-con-inner\">\n\t\t\t\t<div class=\"elementor-element elementor-element-iwgw-mimigeiste-s13h elementor-widget elementor-widget-heading\" data-id=\"iwgw-mimigeiste-s13h\" data-element_type=\"widget\" data-e-type=\"widget\" data-widget_type=\"heading.default\">\n\t\t\t\t\t<h2 class=\"elementor-heading-title elementor-size-default\">Mimi a periodizace domorod\u00e9ho um\u011bn\u00ed Aboriginc\u016f<\/h2>\t\t\t\t<\/div>\n\t\t<div class=\"elementor-element elementor-element-iwgw-mimigeiste-s13c e-con-full e-flex e-con e-child\" data-id=\"iwgw-mimigeiste-s13c\" data-element_type=\"container\" data-e-type=\"container\">\n\t\t\t\t<div class=\"elementor-element elementor-element-iwgw-mimigeiste-s13t elementor-widget elementor-widget-text-editor\" data-id=\"iwgw-mimigeiste-s13t\" data-element_type=\"widget\" data-e-type=\"widget\" data-widget_type=\"text-editor.default\">\n\t\t\t\t\t\t\t\t\t<p>Hlub\u0161\u00ed um\u011bleckohistorick\u00fd pohled si zaslou\u017e\u00ed periodizace skaln\u00edch maleb Arnhemsk\u00e9 zem\u011b. V\u00fdzkum rozli\u0161uje n\u011bkolik stylov\u00fdch f\u00e1z\u00ed: \u201eDynamic Figures\u201c (pravd\u011bpodobn\u011b star\u00e9 10 000 a v\u00edce let, \u010dasto zobrazuj\u00edc\u00ed postavy Mimi), \u201eYam Style\u201c a \u201eX-Ray Style\u201c (mlad\u0161\u00ed, s bytostmi jako Namarrkon).<\/p><p>Paul Ta\u00e7on, Christopher Chippindale a George Chaloupka tuto chronologii ust\u00e1lili v n\u011bkolika z\u00e1kladn\u00edch d\u00edlech. Skaln\u00ed malby Mimi pat\u0159\u00ed mezi nejstar\u0161\u00ed dochovan\u00e1 um\u011bleck\u00e1 d\u00edla sv\u011bta, co\u017e je historicky mimo\u0159\u00e1dn\u00fd n\u00e1lez.<\/p><p>Sou\u010dasn\u00fd v\u00fdzkum tuto chronologii d\u00e1le up\u0159es\u0148uje a kriticky reflektuje. Nov\u00e9 datovac\u00ed metody (uran-thoriov\u00e1 metoda) p\u0159in\u00e1\u0161ej\u00ed p\u0159esn\u011bj\u0161\u00ed v\u00fdsledky; n\u011bkter\u00e9 obrazy Mimi jsou nyn\u00ed datov\u00e1ny a\u017e na 30 000 let, co\u017e znovu otev\u00edr\u00e1 diskusi o st\u00e1\u0159\u00ed.<\/p>\t\t\t\t\t\t\t\t<\/div>\n\t\t\t\t<\/div>\n\t\t\t\t\t<\/div>\n\t\t\t\t<\/div>\n\t\t<div class=\"elementor-element elementor-element-iwgw-mimigeiste-s14 e-flex e-con-boxed e-con e-parent\" data-id=\"iwgw-mimigeiste-s14\" data-element_type=\"container\" data-e-type=\"container\">\n\t\t\t\t\t<div class=\"e-con-inner\">\n\t\t\t\t<div class=\"elementor-element elementor-element-iwgw-mimigeiste-s14h elementor-widget elementor-widget-heading\" data-id=\"iwgw-mimigeiste-s14h\" data-element_type=\"widget\" data-e-type=\"widget\" data-widget_type=\"heading.default\">\n\t\t\t\t\t<h2 class=\"elementor-heading-title elementor-size-default\">Mimi a tajn\u00e9 pozn\u00e1n\u00ed<\/h2>\t\t\t\t<\/div>\n\t\t<div class=\"elementor-element elementor-element-iwgw-mimigeiste-s14c e-con-full e-flex e-con e-child\" data-id=\"iwgw-mimigeiste-s14c\" data-element_type=\"container\" data-e-type=\"container\">\n\t\t\t\t<div class=\"elementor-element elementor-element-iwgw-mimigeiste-s14t elementor-widget elementor-widget-text-editor\" data-id=\"iwgw-mimigeiste-s14t\" data-element_type=\"widget\" data-e-type=\"widget\" data-widget_type=\"text-editor.default\">\n\t\t\t\t\t\t\t\t\t<p>Zvl\u00e1\u0161tn\u00ed metodologickou pozornost si zaslou\u017e\u00ed ot\u00e1zka tajn\u00e9ho pozn\u00e1n\u00ed. Mnoho v\u011bdomost\u00ed souvisej\u00edc\u00edch s Mimi nen\u00ed \u201erestricted\u201c v nejstriktn\u011bj\u0161\u00edm smyslu (tedy nevy\u017eaduj\u00edc\u00ed zasv\u011bcen\u00ed), p\u0159esto jsou zasazeny do m\u00edstn\u00edch souvislost\u00ed, v nich\u017e by nem\u011blo b\u00fdt ve\u0159ejn\u011b prezentov\u00e1no.<\/p><p><span data-nosnippet>Howard Morphy navrhl v knize <em>Aboriginal Art<\/em> (1998) rozli\u0161en\u00ed n\u011bkolika \u00farovn\u00ed pozn\u00e1n\u00ed: \u201einside knowledge\u201c (vy\u017eaduj\u00edc\u00ed zasv\u011bcen\u00ed), \u201eoutside knowledge\u201c (pro celou komunitu) a \u201epublic knowledge\u201c (pro \u0161irokou ve\u0159ejnost). Tradice Mimi zahrnuje prvky v\u0161ech t\u0159\u00ed \u00farovn\u00ed.<\/span><\/p><p>Pro sou\u010dasn\u00fd v\u00fdzkum to znamen\u00e1: odpov\u011bdn\u00e1 pr\u00e1ce s prameny mus\u00ed tyto \u00farovn\u011b rozli\u0161ovat a podle kontextu s nimi zach\u00e1zet p\u0159im\u011b\u0159en\u011b. Tato metodologick\u00e1 pe\u010dlivost je standardem od 90. let 20. stolet\u00ed.<\/p>\t\t\t\t\t\t\t\t<\/div>\n\t\t\t\t<\/div>\n\t\t\t\t\t<\/div>\n\t\t\t\t<\/div>\n\t\t<div class=\"elementor-element elementor-element-iwgw-mimigeiste-s15 e-flex e-con-boxed e-con e-parent\" data-id=\"iwgw-mimigeiste-s15\" data-element_type=\"container\" data-e-type=\"container\">\n\t\t\t\t\t<div class=\"e-con-inner\">\n\t\t\t\t<div class=\"elementor-element elementor-element-iwgw-mimigeiste-s15h elementor-widget elementor-widget-heading\" data-id=\"iwgw-mimigeiste-s15h\" data-element_type=\"widget\" data-e-type=\"widget\" data-widget_type=\"heading.default\">\n\t\t\t\t\t<h2 class=\"elementor-heading-title elementor-size-default\">Mimi a domorod\u00e1 tradice pozn\u00e1n\u00ed Aboriginc\u016f<\/h2>\t\t\t\t<\/div>\n\t\t<div class=\"elementor-element elementor-element-iwgw-mimigeiste-s15c e-con-full e-flex e-con e-child\" data-id=\"iwgw-mimigeiste-s15c\" data-element_type=\"container\" data-e-type=\"container\">\n\t\t\t\t<div class=\"elementor-element elementor-element-iwgw-mimigeiste-s15t elementor-widget elementor-widget-text-editor\" data-id=\"iwgw-mimigeiste-s15t\" data-element_type=\"widget\" data-e-type=\"widget\" data-widget_type=\"text-editor.default\">\n\t\t\t\t\t\t\t\t\t<p>Hlub\u0161\u00ed studii si zaslou\u017e\u00ed Mimi jako sou\u010d\u00e1st \u0161ir\u0161\u00ed tradice pozn\u00e1n\u00ed Aboriginc\u016f. Aboriginsk\u00e1 tradice se nech\u00e1pe jen jako n\u00e1bo\u017eensk\u00e1, ale jako celostn\u00ed forma pozn\u00e1n\u00ed, kter\u00e1 spojuje n\u00e1bo\u017eenstv\u00ed, ekologii, spole\u010densk\u00fd \u0159\u00e1d a praktick\u00e9 dovednosti.<\/p><p><span data-nosnippet>Tyson Yunkaporta v knize <em>Sand Talk<\/em> (2019) pojal domorod\u00fd syst\u00e9m pozn\u00e1n\u00ed jako \u201erelational pattern thinking\u201c (my\u0161len\u00ed ve vztahov\u00fdch vzorc\u00edch). Tradice Mimi se do tohoto syst\u00e9mu za\u010dle\u0148uje: spojuje ekologickou obez\u0159etnost (rizika jeskyn\u00ed), um\u011bleckou tradici (skaln\u00ed malby), pedagogickou funkci (v\u00fduka lovu) a n\u00e1bo\u017eenskou praxi (vztah k duch\u016fm).<\/span><\/p><p>Z n\u00e1bo\u017eenskofenomenologick\u00e9ho hlediska je to d\u016fle\u017eit\u00e9 zji\u0161t\u011bn\u00ed: domorod\u00e9 n\u00e1bo\u017eenstv\u00ed nen\u00ed odd\u011blen\u00fdm prostorem \u201ev\u00edry\u201c, ale ned\u00edlnou sou\u010d\u00e1st\u00ed komplexn\u00ed ekologie pozn\u00e1n\u00ed. Tento pohled ovlivnil sou\u010dasn\u00fd v\u00fdzkum n\u00e1bo\u017eenstv\u00ed po cel\u00e9m sv\u011bt\u011b.<\/p>\t\t\t\t\t\t\t\t<\/div>\n\t\t\t\t<\/div>\n\t\t\t\t\t<\/div>\n\t\t\t\t<\/div>\n\t\t<div class=\"elementor-element elementor-element-iwgw-mimigeiste-s16 e-flex e-con-boxed e-con e-parent\" data-id=\"iwgw-mimigeiste-s16\" data-element_type=\"container\" data-e-type=\"container\">\n\t\t\t\t\t<div class=\"e-con-inner\">\n\t\t\t\t<div class=\"elementor-element elementor-element-iwgw-mimigeiste-s16h elementor-widget elementor-widget-heading\" data-id=\"iwgw-mimigeiste-s16h\" data-element_type=\"widget\" data-e-type=\"widget\" data-widget_type=\"heading.default\">\n\t\t\t\t\t<h2 class=\"elementor-heading-title elementor-size-default\">Mimi a datov\u00e1n\u00ed skaln\u00edch maleb Aboriginc\u016f<\/h2>\t\t\t\t<\/div>\n\t\t<div class=\"elementor-element elementor-element-iwgw-mimigeiste-s16c e-con-full e-flex e-con e-child\" data-id=\"iwgw-mimigeiste-s16c\" data-element_type=\"container\" data-e-type=\"container\">\n\t\t\t\t<div class=\"elementor-element elementor-element-iwgw-mimigeiste-s16t elementor-widget elementor-widget-text-editor\" data-id=\"iwgw-mimigeiste-s16t\" data-element_type=\"widget\" data-e-type=\"widget\" data-widget_type=\"text-editor.default\">\n\t\t\t\t\t\t\t\t\t<p>Aktu\u00e1ln\u00ed v\u00fdzkumn\u00fd sm\u011br se t\u00fdk\u00e1 archeologick\u00e9ho datov\u00e1n\u00ed skaln\u00edch maleb Mimi. Takzvan\u00e9 \u201eDynamic Figures\u201c byly dlouho datov\u00e1ny na 6000-8000 let; nov\u011bj\u0161\u00ed datovac\u00ed metody (uran-thoriov\u00e1 metoda, luminiscen\u010dn\u00ed datov\u00e1n\u00ed) p\u0159in\u00e1\u0161ej\u00ed m\u00edsty star\u0161\u00ed v\u00fdsledky.<\/p><p>Paul Ta\u00e7on, Christopher Chippindale a dal\u0161\u00ed diskutovali ot\u00e1zku datov\u00e1n\u00ed v n\u011bkolika studi\u00edch. N\u011bkter\u00e9 skaln\u00ed malby jsou nyn\u00ed datov\u00e1ny a\u017e na 30 000 let, co\u017e by z tradice Mimi u\u010dinilo jednu z nejstar\u0161\u00edch dochovan\u00fdch um\u011bleck\u00fdch praktik sv\u011bta.<\/p><p>Z hlediska d\u011bjin n\u00e1bo\u017eenstv\u00ed m\u00e1 toto datov\u00e1n\u00ed z\u00e1sadn\u00ed v\u00fdznam. Znamenalo by to, \u017ee p\u0159edstava duch\u016f Mimi pat\u0159\u00ed mezi nejstar\u0161\u00ed n\u00e1bo\u017eensk\u00e9 koncepty, jak\u00e9 zn\u00e1me. V\u00fdzkum se zde nach\u00e1z\u00ed v metodologicky plodn\u00e9 f\u00e1zi.<\/p>\t\t\t\t\t\t\t\t<\/div>\n\t\t\t\t<\/div>\n\t\t\t\t\t<\/div>\n\t\t\t\t<\/div>\n\t\t<div class=\"elementor-element elementor-element-cp21604241 e-flex e-con-boxed e-con e-parent\" data-id=\"cp21604241\" data-element_type=\"container\" data-e-type=\"container\">\n\t\t\t\t\t<div class=\"e-con-inner\">\n\t\t\t\t<div class=\"elementor-element elementor-element-cp2421a483 elementor-widget elementor-widget-heading\" data-id=\"cp2421a483\" data-element_type=\"widget\" data-e-type=\"widget\" data-widget_type=\"heading.default\">\n\t\t\t\t\t<h2 class=\"elementor-heading-title elementor-size-default\">Tenk\u00e9 jako \u010d\u00e1rka a plach\u00e9: Mimihov\u00e9 v skaln\u00edm um\u011bn\u00ed Arnhemsk\u00e9 zem\u011b<\/h2>\t\t\t\t<\/div>\n\t\t<div class=\"elementor-element elementor-element-cp20d64a9e e-flex e-con-boxed e-con e-child\" data-id=\"cp20d64a9e\" data-element_type=\"container\" data-e-type=\"container\">\n\t\t\t\t\t<div class=\"e-con-inner\">\n\t\t\t\t<div class=\"elementor-element elementor-element-cp22fc4a0c elementor-widget elementor-widget-text-editor\" data-id=\"cp22fc4a0c\" data-element_type=\"widget\" data-e-type=\"widget\" data-widget_type=\"text-editor.default\">\n\t\t\t\t\t\t\t\t\t<p><em>Mimih<\/em>, v z\u00e1padn\u00edch textech \u010dasto naz\u00fdvan\u00ed duchov\u00e9 Mimi, pat\u0159\u00ed k postav\u00e1m australsk\u00e9 <span class=\"iwg-fachbegriff\" data-tooltip=\"P\u0159ed\u00e1v\u00e1n\u00ed v\u011bd\u011bn\u00ed a vypr\u00e1v\u011bn\u00ed nap\u0159\u00ed\u010d generacemi.\" tabindex=\"0\">\u00fastn\u00ed tradice<\/span>, kter\u00e9 jsou nejpevn\u011bji sv\u00e1z\u00e1ny s obrazovou tradic\u00ed. Jsou pevnou sou\u010d\u00e1st\u00ed skaln\u00edho um\u011bn\u00ed z\u00e1padn\u00edho Arnhemsk\u00e9 zem\u011b, oblasti na severu kontinentu, jej\u00ed\u017e kmenov\u00e1 \u00fazem\u00ed ob\u00fdvaj\u00ed mimo jin\u00e9 mluv\u010d\u00ed jazyka Kunwinjku a p\u0159\u00edbuzn\u00fdch jazyk\u016f.<\/p><p>Ve vypr\u00e1v\u011bn\u00edch t\u011bchto spole\u010denstv\u00ed jsou Mimih tenk\u00e9, dlouho\u00fad\u00e9 bytosti, kter\u00e9 \u017eij\u00ed ve trhlin\u00e1ch a dutin\u00e1ch p\u00edskovcov\u00fdch skal. Jejich t\u011blo je tak k\u0159ehk\u00e9, \u017ee by jim siln\u00fd n\u00e1raz v\u011btru zlomil vaz, a proto se objevuj\u00ed jen za bezv\u011bt\u0159\u00ed a p\u0159i nebezpe\u010d\u00ed miz\u00ed ve sk\u00e1le t\u00edm, \u017ee ji nafouknou jako m\u011bkk\u00e9 t\u011bsto.<\/p><p>Tato p\u0159edstava m\u00e1 n\u00e1padn\u00fd vztah k samotn\u00e9mu skaln\u00edmu um\u011bn\u00ed. Mnoh\u00e9 z dynamick\u00fdch, jemn\u011b kreslen\u00fdch postav ve star\u0161\u00edch vrstv\u00e1ch maleb Arnhemsk\u00e9 zem\u011b zobrazuj\u00ed \u0161t\u00edhl\u00e9 postavy zachycen\u00e9 v pohybu, jak lov\u00ed, b\u011b\u017e\u00ed nebo tan\u010d\u00ed. V tradici tradi\u010dn\u00edch vlastn\u00edk\u016f \u00fazem\u00ed se malby tohoto druhu \u010d\u00e1ste\u010dn\u011b p\u0159ipisuj\u00ed samotn\u00fdm Mimih.<\/p><p>Podle tohoto v\u00fdkladu nejsou nejstar\u0161\u00ed obrazy d\u00edlem lid\u00ed, n\u00fdbr\u017e Mimih, kte\u0159\u00ed lidi teprve pot\u00e9 nau\u010dili lovit, malovat a vykon\u00e1vat ur\u010dit\u00e9 ob\u0159ady. Mimih tak vystupuj\u00ed jako zprost\u0159edkovatel\u00e9 kulturn\u00edch dovednost\u00ed, podobn\u011b jako jin\u00e9 bytosti p\u0159edlidsk\u00e9ho obdob\u00ed v australsk\u00fdch tradic\u00edch.<\/p><p>Archeologick\u00fd v\u00fdzkum, nap\u0159\u00edklad pr\u00e1ce George Chaloupky a pozd\u011bj\u0161\u00edch odborn\u00edk\u016f, vypracoval pro skaln\u00ed um\u011bn\u00ed Arnhemsk\u00e9 zem\u011b dlouhou posloupnost stylov\u00fdch f\u00e1z\u00ed, sahaj\u00edc\u00ed p\u0159es mnoho tis\u00edcilet\u00ed. Je d\u016fle\u017eit\u00e9 nestav\u011bt domorod\u00e9 p\u0159isouzen\u00ed Mimih proti archeologick\u00e9 stylov\u00e9 chronologii.<\/p><p>Ob\u011b odpov\u00eddaj\u00ed na jin\u00e9 ot\u00e1zky. Archeologick\u00e1 chronologie \u0159ad\u00ed obrazy do \u010dasov\u00e9 posloupnosti, domorod\u00e1 <span class=\"iwg-fachbegriff\" data-tooltip=\"P\u0159ed\u00e1v\u00e1n\u00ed v\u011bd\u011bn\u00ed a vypr\u00e1v\u011bn\u00ed nap\u0159\u00ed\u010d generacemi.\" tabindex=\"0\">\u00fastn\u00ed tradice<\/span> je za\u010dle\u0148uje do ch\u00e1p\u00e1n\u00ed sv\u011bta, v n\u011bm\u017e je hranice mezi lidsk\u00fdm a p\u0159edlidsk\u00fdm autorstv\u00edm vedena jinak.<\/p><p>Mimih p\u0159itom nejsou pouh\u00fdmi bytostmi minulosti. V mnoha spole\u010denstv\u00edch jsou pova\u017eov\u00e1ni za p\u0159\u00edtomn\u00e9 dodnes, ne\u0161kodn\u00e9 a\u017e vrtkav\u00e9, n\u011bkdy n\u00e1pomocn\u00e9, jindy un\u00e1\u0161ej\u00edc\u00ed lidi.<\/p><p>Vy\u0159ez\u00e1van\u00e9 d\u0159ev\u011bn\u00e9 figurky Mimih pat\u0159\u00ed od druh\u00e9 poloviny 20. stolet\u00ed tak\u00e9 k celoregion\u00e1ln\u011b zn\u00e1m\u00e9 um\u011bleck\u00e9 produkci oblasti, co\u017e je p\u0159\u00edklad toho, jak star\u00e1 p\u0159edstava duch\u016f p\u0159ech\u00e1z\u00ed do nov\u00fdch forem vyj\u00e1d\u0159en\u00ed, ani\u017e by ztratila sv\u00e9 m\u00edsto v \u017eiv\u00e9 tradici.<\/p>\t\t\t\t\t\t\t\t<\/div>\n\t\t\t\t\t<\/div>\n\t\t\t\t<\/div>\n\t\t\t\t\t<\/div>\n\t\t\t\t<\/div>\n\t\t<div class=\"elementor-element elementor-element-iwgw-mimigeiste-lit e-flex e-con-boxed e-con e-parent\" data-id=\"iwgw-mimigeiste-lit\" data-element_type=\"container\" data-e-type=\"container\">\n\t\t\t\t\t<div class=\"e-con-inner\">\n\t\t\t\t<div class=\"elementor-element elementor-element-iwgw-mimigeiste-lith elementor-widget elementor-widget-heading\" data-id=\"iwgw-mimigeiste-lith\" data-element_type=\"widget\" data-e-type=\"widget\" data-widget_type=\"heading.default\">\n\t\t\t\t\t<h2 class=\"elementor-heading-title elementor-size-default\">Literatura (v\u00fdb\u011br)<\/h2>\t\t\t\t<\/div>\n\t\t<div class=\"elementor-element elementor-element-iwgw-mimigeiste-litc e-con-full e-flex e-con e-child\" data-id=\"iwgw-mimigeiste-litc\" data-element_type=\"container\" data-e-type=\"container\">\n\t\t\t\t<div class=\"elementor-element elementor-element-iwgw-mimigeiste-litt elementor-widget elementor-widget-text-editor\" data-id=\"iwgw-mimigeiste-litt\" data-element_type=\"widget\" data-e-type=\"widget\" data-widget_type=\"text-editor.default\">\n\t\t\t\t\t\t\t\t\t<ul><li>Charles P. Mountford: <em>Records of the American-Australian Scientific Expedition to Arnhem Land<\/em> (1956)<\/li><li><span data-nosnippet>Ronald M. Berndt &#038; Catherine H. Berndt: <em>Man, Land and Myth in North Australia<\/em> (1970)<\/span><\/li><li>Howard Morphy: <em>Aboriginal Art<\/em> (Phaidon 1998)<\/li><li>Luke Taylor: <em>Seeing the Inside<\/em> (1996)<\/li><li>Tony Swain: <em>A Place for Strangers<\/em> (1993)<\/li><li>Lynne Hume: <em>Ancestral Power<\/em> (2002)<\/li><\/ul>\t\t\t\t\t\t\t\t<\/div>\n\t\t\t\t<\/div>\n\t\t\t\t\t<\/div>\n\t\t\t\t<\/div>\n\t\t<div class=\"elementor-element elementor-element-iwgkw2-add-mimigeister e-flex e-con-boxed e-con e-parent\" data-id=\"iwgkw2-add-mimigeister\" data-element_type=\"container\" data-e-type=\"container\">\n\t\t\t\t\t<div class=\"e-con-inner\">\n\t\t\t\t<div class=\"elementor-element elementor-element-iwgkw2-add-mimigeister-t elementor-widget elementor-widget-text-editor\" data-id=\"iwgkw2-add-mimigeister-t\" data-element_type=\"widget\" data-e-type=\"widget\" data-widget_type=\"text-editor.default\">\n\t\t\t\t\t\t\t\t\t<p><em><span class=\"iwg-fachbegriff\" data-tooltip=\"Tradovan\u00fd p\u0159\u00edb\u011bh o boz\u00edch, po\u010d\u00e1tc\u00edch a uspo\u0159\u00e1d\u00e1n\u00ed sv\u011bta.\" tabindex=\"0\">M\u00fdtus<\/span><\/em> o du\u0161\u00edch Mimi je p\u0159ed\u00e1v\u00e1 jako vyz\u00e1bl\u00e9 obyvatele skaln\u00edch \u0161t\u011brbin Arnhemsk\u00e9 zem\u011b, kte\u0159\u00ed lidi nau\u010dili lovu, tanci a ohni; nejd\u016fle\u017eit\u011bj\u0161\u00edmi <em>prameny<\/em> jsou skaln\u00ed malby a vypr\u00e1v\u011bn\u00ed jazykov\u00fdch spole\u010denstv\u00ed Yolngu a Kunwinjku.<\/p>\t\t\t\t\t\t\t\t<\/div>\n\t\t\t\t\t<\/div>\n\t\t\t\t<\/div>\n\t\t<div class=\"elementor-element elementor-element-iwgw-mimigeiste-kwd e-flex e-con-boxed e-con e-parent\" data-id=\"iwgw-mimigeiste-kwd\" data-element_type=\"container\" data-e-type=\"container\">\n\t\t\t\t\t<div class=\"e-con-inner\">\n\t\t<div class=\"elementor-element elementor-element-iwgw-mimigeiste-kwdc e-con-full e-flex e-con e-child\" data-id=\"iwgw-mimigeiste-kwdc\" data-element_type=\"container\" data-e-type=\"container\">\n\t\t\t\t<div class=\"elementor-element elementor-element-iwgw-mimigeiste-kwdt elementor-widget elementor-widget-text-editor\" data-id=\"iwgw-mimigeiste-kwdt\" data-element_type=\"widget\" data-e-type=\"widget\" data-widget_type=\"text-editor.default\">\n\t\t\t\t\t\t\t\t\t<p><em>Souvisej\u00edc\u00ed kl\u00ed\u010dov\u00e9 pojmy: Mimi, Mimih, Arnhemsk\u00e1 zem\u011b, skaln\u00ed duchov\u00e9, u\u010ditel\u00e9 lovu, Kunwinjku.<\/em><\/p>\t\t\t\t\t\t\t\t<\/div>\n\t\t\t\t<\/div>\n\t\t\t\t\t<\/div>\n\t\t\t\t<\/div>\n\t\t<div class=\"elementor-element elementor-element-iwgw-mimigeiste-cc e-flex e-con-boxed e-con e-parent\" data-id=\"iwgw-mimigeiste-cc\" data-element_type=\"container\" data-e-type=\"container\" id=\"iwg-cc-mimi-geister\">\n\t\t\t\t\t<div class=\"e-con-inner\">\n\t\t<div class=\"elementor-element elementor-element-iwgw-mimigeiste-ccinner e-flex e-con-boxed e-con e-parent\" data-id=\"iwgw-mimigeiste-ccinner\" data-element_type=\"container\" data-e-type=\"container\" data-settings=\"{&quot;background_background&quot;:&quot;classic&quot;}\">\n\t\t\t\t\t<div class=\"e-con-inner\">\n\t\t\t\t<div class=\"elementor-element elementor-element-iwgw-mimigeiste-cch elementor-widget elementor-widget-heading\" data-id=\"iwgw-mimigeiste-cch\" data-element_type=\"widget\" data-e-type=\"widget\" data-widget_type=\"heading.default\">\n\t\t\t\t\t<h2 class=\"elementor-heading-title elementor-size-default\">iWell Guard a ochrann\u00e9 tradice<\/h2>\t\t\t\t<\/div>\n\t\t\t\t<div class=\"elementor-element elementor-element-iwgw-mimigeiste-cct elementor-widget elementor-widget-text-editor\" data-id=\"iwgw-mimigeiste-cct\" data-element_type=\"widget\" data-e-type=\"widget\" data-widget_type=\"text-editor.default\">\n\t\t\t\t\t\t\t\t\t<div data-nosnippet=\"true\"><p>iWell Guard navazuje na kulturn\u011b-historickou tradici nositeln\u00fdch ochrann\u00fdch p\u0159edm\u011bt\u016f, v tradici <a href=\"https:\/\/iwell-guard.com\/cs\/aboriginal-australie-dreamtime-tjukurpa\/\">domorod\u00fdch Australan\u016f (Aboriginal)<\/a> a mnoha dal\u0161\u00edch kultur po cel\u00e9m sv\u011bt\u011b. 41 vrstev, ryz\u00ed zlato, platina, st\u0159\u00edbro, vyrobeno v N\u011bmecku. 30denn\u00ed pr\u00e1vo na vr\u00e1cen\u00ed zbo\u017e\u00ed.<\/p><\/div>\t\t\t\t\t\t\t\t<\/div>\n\t\t\t\t<div class=\"elementor-element elementor-element-iwgw-mimigeiste-ccb iwg-cc-button iwg-cc-cta-2026-05-13 elementor-widget elementor-widget-jet-button\" data-id=\"iwgw-mimigeiste-ccb\" data-element_type=\"widget\" data-e-type=\"widget\" data-widget_type=\"jet-button.default\">\n\t\t\t\t<div class=\"elementor-widget-container\">\n\t\t\t\t\t<div class=\"elementor-jet-button jet-elements\"><div class=\"jet-button__container\"><a class=\"jet-button__instance jet-button__instance--icon-left hover-effect-1\" href=\"\/ueber-iwell-guard\/?utm_source=iwell-guard.com&amp;utm_medium=info-box&amp;utm_campaign=wesen-tradition\"><div class=\"jet-button__plane jet-button__plane-normal\"><\/div><div class=\"jet-button__plane jet-button__plane-hover\"><\/div><div class=\"jet-button__state jet-button__state-normal\"><span class=\"jet-button__label\">V\u00edce o iWell Guard<\/span><\/div><div class=\"jet-button__state jet-button__state-hover\"><span class=\"jet-button__label\">V\u00edce o iWell Guard<\/span><\/div><\/a><\/div><\/div><style>.elementor-element.elementor-element-iwgw-mimigeiste-ccb .jet-button__instance{width:320px;height:56px;}.elementor-element.elementor-element-iwgw-mimigeiste-ccb .jet-button__state-normal .jet-button__label{text-align:center;margin:0px 0px 0px 0px;color:#1a1b20;font-family:Montserrat,sans-serif;font-size:13px;font-weight:400;letter-spacing:4px;line-height:1.714em;text-transform:uppercase;}.elementor-element.elementor-element-iwgw-mimigeiste-ccb .jet-button__state-hover .jet-button__label{text-align:center;margin:0px 0px 0px 0px;color:#FECC76;font-family:Montserrat,sans-serif;font-size:13px;font-weight:400;letter-spacing:4px;line-height:1.714em;text-transform:uppercase;}.elementor-element.elementor-element-iwgw-mimigeiste-ccb .jet-button__plane-normal{background-color:#FECC76;border-style:solid;border-color:#C99540;border-width:2px 2px 2px 2px;}.elementor-element.elementor-element-iwgw-mimigeiste-ccb .jet-button__plane-hover{background-color:rgba(0,0,0,0.55);border-style:solid;border-color:#FECC76;border-width:2px 2px 2px 2px;}<\/style>\t\t\t\t<\/div>\n\t\t\t\t<\/div>\n\t\t\t\t<div class=\"elementor-element elementor-element-iwgw-mimigeiste-ccd elementor-widget elementor-widget-text-editor\" data-id=\"iwgw-mimigeiste-ccd\" data-element_type=\"widget\" data-e-type=\"widget\" data-widget_type=\"text-editor.default\">\n\t\t\t\t\t\t\t\t\t<div data-nosnippet=\"true\"><p style=\"text-align:center;font-size:13px;opacity:0.7;margin-top:14px\" data-nosnippet=\"true\">Osobn\u00ed zku\u0161enosti se mohou li\u0161it. Nejedn\u00e1 se o zdravotnick\u00fd prost\u0159edek. Nen\u00ed slibem l\u00e9\u010div\u00e9ho \u00fa\u010dinku.<\/p><\/div>\t\t\t\t\t\t\t\t<\/div>\n\t\t\t\t\t<\/div>\n\t\t\t\t<\/div>\n\t\t\t\t\t<\/div>\n\t\t\t\t<\/div>\n\t\t<div class=\"elementor-element elementor-element-iwgw-mimigeiste-disc e-flex e-con-boxed e-con e-parent\" data-id=\"iwgw-mimigeiste-disc\" data-element_type=\"container\" data-e-type=\"container\">\n\t\t\t\t\t<div class=\"e-con-inner\">\n\t\t\t\t<div class=\"elementor-element elementor-element-iwgw-mimigeiste-discw elementor-widget elementor-widget-html\" data-id=\"iwgw-mimigeiste-discw\" data-element_type=\"widget\" data-e-type=\"widget\" data-widget_type=\"html.default\">\n\t\t\t\t\t<footer data-nosnippet=\"true\" class=\"iwg-disclaimer-block\"><p data-nosnippet=\"true\">iWell Guard <strong>nen\u00ed zdravotnick\u00fd prost\u0159edek<\/strong> a nenahrazuje l\u00e9ka\u0159skou ani psychoterapeutickou l\u00e9\u010dbu. Religionistick\u00fd obsah p\u0159edstavuje kulturn\u011b-historick\u00e9 za\u0159azen\u00ed, nikoli doporu\u010den\u00ed duchovn\u00ed praxe.<\/p><\/footer>\t\t\t\t<\/div>\n\t\t\t\t\t<\/div>\n\t\t\t\t<\/div>\n\t\t\t\t<\/div>\n\t\t","protected":false},"excerpt":{"rendered":"","protected":false},"author":3,"featured_media":2867,"parent":0,"menu_order":0,"comment_status":"closed","ping_status":"closed","template":"elementor_header_footer","meta":{"_yoast_wpseo_focuskw":"Mimi duchov\u00e9 Aboriginc\u016f Arnhemsk\u00e9 zem\u011b","_yoast_wpseo_title":"Mimi duchov\u00e9 \u2013 aborigin\u0161t\u00ed skaln\u00ed duchov\u00e9, m\u00fdtus a prameny","_yoast_wpseo_metadesc":"Mimi duchov\u00e9 jsou tenc\u00ed skaln\u00ed a jeskynn\u00ed duchov\u00e9 Aboriginc\u016f Arnhemsk\u00e9 zem\u011b. Religionistick\u00e9 za\u0159azen\u00ed s m\u00fdtem a prameny.","_yoast_wpseo_meta-robots-noindex":"","_yoast_wpseo_canonical":"","_angie_page":false,"gefaehrdungsstufe":"3","wesen_kultur":"aboriginal","wesen_klasse":"geister","footnotes":""},"categories":[],"class_list":["post-145522","page","type-page","status-publish","has-post-thumbnail","hentry"],"yoast_head":"<!-- This site is optimized with the Yoast SEO Premium plugin v27.7 (Yoast SEO v28.3) - https:\/\/yoast.com\/product\/yoast-seo-premium-wordpress\/ -->\n<title>Mimi duchov\u00e9 \u2013 aborigin\u0161t\u00ed skaln\u00ed duchov\u00e9, m\u00fdtus a prameny<\/title>\n<meta name=\"description\" content=\"Mimi duchov\u00e9 jsou tenc\u00ed skaln\u00ed a jeskynn\u00ed duchov\u00e9 Aboriginc\u016f Arnhemsk\u00e9 zem\u011b. Religionistick\u00e9 za\u0159azen\u00ed s m\u00fdtem a prameny.\" \/>\n<meta name=\"robots\" content=\"index, follow, max-snippet:-1, max-image-preview:large, max-video-preview:-1\" \/>\n<link rel=\"canonical\" href=\"https:\/\/iwell-guard.com\/cs\/mimi-duchove-arnhem-land\/\" \/>\n<meta property=\"og:locale\" content=\"cs_CZ\" \/>\n<meta property=\"og:type\" content=\"article\" \/>\n<meta property=\"og:title\" content=\"Mimi duchov\u00e9 \u2013 tenc\u00ed skaln\u00ed duchov\u00e9 Aboriginc\u016f Arnhemsk\u00e9 zem\u011b\" \/>\n<meta property=\"og:description\" content=\"Mimi duchov\u00e9 jsou tenc\u00ed skaln\u00ed a jeskynn\u00ed duchov\u00e9 Aboriginc\u016f Arnhemsk\u00e9 zem\u011b. Religionistick\u00e9 za\u0159azen\u00ed s m\u00fdtem a prameny.\" \/>\n<meta property=\"og:url\" content=\"https:\/\/iwell-guard.com\/cs\/mimi-duchove-arnhem-land\/\" \/>\n<meta property=\"og:site_name\" content=\"iWell Guard\" \/>\n<meta property=\"article:modified_time\" content=\"2026-09-03T16:58:18+00:00\" \/>\n<meta property=\"og:image\" content=\"https:\/\/iwell-guard.com\/wp-content\/uploads\/2026\/05\/geister_aboriginal_mimi-geister.webp\" \/>\n\t<meta property=\"og:image:width\" content=\"1024\" \/>\n\t<meta property=\"og:image:height\" content=\"1536\" \/>\n\t<meta property=\"og:image:type\" content=\"image\/webp\" \/>\n<meta name=\"twitter:card\" content=\"summary_large_image\" \/>\n<script type=\"application\/ld+json\" class=\"yoast-schema-graph\">{\"@context\":\"https:\\\/\\\/schema.org\",\"@graph\":[{\"@type\":\"WebPage\",\"@id\":\"https:\\\/\\\/iwell-guard.com\\\/cs\\\/mimi-duchove-arnhem-land\\\/\",\"url\":\"https:\\\/\\\/iwell-guard.com\\\/cs\\\/mimi-duchove-arnhem-land\\\/\",\"name\":\"Mimi duchov\u00e9 \u2013 aborigin\u0161t\u00ed skaln\u00ed duchov\u00e9, m\u00fdtus a prameny\",\"isPartOf\":{\"@id\":\"https:\\\/\\\/iwell-guard.com\\\/cs\\\/#website\"},\"primaryImageOfPage\":{\"@id\":\"https:\\\/\\\/iwell-guard.com\\\/cs\\\/mimi-duchove-arnhem-land\\\/#primaryimage\"},\"image\":{\"@id\":\"https:\\\/\\\/iwell-guard.com\\\/cs\\\/mimi-duchove-arnhem-land\\\/#primaryimage\"},\"thumbnailUrl\":\"https:\\\/\\\/iwell-guard.com\\\/wp-content\\\/uploads\\\/2026\\\/05\\\/geister_aboriginal_mimi-geister.webp\",\"datePublished\":\"2026-09-03T16:31:11+00:00\",\"dateModified\":\"2026-09-03T16:58:18+00:00\",\"description\":\"Mimi duchov\u00e9 jsou tenc\u00ed skaln\u00ed a jeskynn\u00ed duchov\u00e9 Aboriginc\u016f Arnhemsk\u00e9 zem\u011b. Religionistick\u00e9 za\u0159azen\u00ed s m\u00fdtem a prameny.\",\"breadcrumb\":{\"@id\":\"https:\\\/\\\/iwell-guard.com\\\/cs\\\/mimi-duchove-arnhem-land\\\/#breadcrumb\"},\"inLanguage\":\"cs\",\"potentialAction\":[{\"@type\":\"ReadAction\",\"target\":[\"https:\\\/\\\/iwell-guard.com\\\/cs\\\/mimi-duchove-arnhem-land\\\/\"]}]},{\"@type\":\"ImageObject\",\"inLanguage\":\"cs\",\"@id\":\"https:\\\/\\\/iwell-guard.com\\\/cs\\\/mimi-duchove-arnhem-land\\\/#primaryimage\",\"url\":\"https:\\\/\\\/iwell-guard.com\\\/wp-content\\\/uploads\\\/2026\\\/05\\\/geister_aboriginal_mimi-geister.webp\",\"contentUrl\":\"https:\\\/\\\/iwell-guard.com\\\/wp-content\\\/uploads\\\/2026\\\/05\\\/geister_aboriginal_mimi-geister.webp\",\"width\":1024,\"height\":1536,\"caption\":\"Duchov\u00e9 z aboriginsk\u00e9 tradice.\"},{\"@type\":\"BreadcrumbList\",\"@id\":\"https:\\\/\\\/iwell-guard.com\\\/cs\\\/mimi-duchove-arnhem-land\\\/#breadcrumb\",\"itemListElement\":[{\"@type\":\"ListItem\",\"position\":1,\"name\":\"Start\",\"item\":\"https:\\\/\\\/iwell-guard.com\\\/cs\\\/?page_id=145107\"},{\"@type\":\"ListItem\",\"position\":2,\"name\":\"Mimi duchov\u00e9 \u2013 tenc\u00ed skaln\u00ed duchov\u00e9 Aboriginc\u016f Arnhemsk\u00e9 zem\u011b\"}]},{\"@type\":\"WebSite\",\"@id\":\"https:\\\/\\\/iwell-guard.com\\\/cs\\\/#website\",\"url\":\"https:\\\/\\\/iwell-guard.com\\\/cs\\\/\",\"name\":\"iWell Guard\",\"description\":\"Schutz vor dunklen Einfl\u00fcssen\",\"publisher\":{\"@id\":\"https:\\\/\\\/iwell-guard.com\\\/cs\\\/#organization\"},\"potentialAction\":[{\"@type\":\"SearchAction\",\"target\":{\"@type\":\"EntryPoint\",\"urlTemplate\":\"https:\\\/\\\/iwell-guard.com\\\/cs\\\/?s={search_term_string}\"},\"query-input\":{\"@type\":\"PropertyValueSpecification\",\"valueRequired\":true,\"valueName\":\"search_term_string\"}}],\"inLanguage\":\"cs\"},{\"@type\":\"Organization\",\"@id\":\"https:\\\/\\\/iwell-guard.com\\\/cs\\\/#organization\",\"name\":\"Ittermann electronic GmbH\",\"url\":\"https:\\\/\\\/iwell-guard.com\\\/cs\\\/\",\"logo\":{\"@type\":\"ImageObject\",\"inLanguage\":\"cs\",\"@id\":\"https:\\\/\\\/iwell-guard.com\\\/cs\\\/#\\\/schema\\\/logo\\\/image\\\/\",\"url\":\"https:\\\/\\\/iwell-guard.com\\\/wp-content\\\/uploads\\\/2026\\\/05\\\/Ittermann-Logo-1182x237-1.png\",\"contentUrl\":\"https:\\\/\\\/iwell-guard.com\\\/wp-content\\\/uploads\\\/2026\\\/05\\\/Ittermann-Logo-1182x237-1.png\",\"width\":1182,\"height\":237,\"caption\":\"Ittermann electronic GmbH\"},\"image\":{\"@id\":\"https:\\\/\\\/iwell-guard.com\\\/cs\\\/#\\\/schema\\\/logo\\\/image\\\/\"},\"sameAs\":[\"https:\\\/\\\/pantip.com\\\/profile\\\/9367242\",\"https:\\\/\\\/micro.blog\\\/iwellguard\",\"https:\\\/\\\/www.diggerslist.com\\\/iwellguard\\\/about\",\"https:\\\/\\\/skitterphoto.com\\\/photographers\\\/2870314\\\/iwell-guard\",\"https:\\\/\\\/iwellguard.wordpress.com\\\/2026\\\/06\\\/06\\\/iwell-guard\\\/\",\"https:\\\/\\\/hub.docker.com\\\/u\\\/iwellguard\",\"https:\\\/\\\/www.pinterest.com\\\/iwellguard\\\/\",\"https:\\\/\\\/bit.ly\\\/m\\\/iwellguard\",\"https:\\\/\\\/entre-vos-mains.alsace.eu\\\/profiles\\\/iwellguard\\\/activity\",\"https:\\\/\\\/gravatar.com\\\/reallybeded8fd34\",\"https:\\\/\\\/naijamatta.com\\\/iwellguard\",\"https:\\\/\\\/www.goodreads.com\\\/iwellguard\",\"https:\\\/\\\/profile.hatena.ne.jp\\\/iwellguard\\\/\",\"https:\\\/\\\/experiment.com\\\/users\\\/iwellguard\",\"https:\\\/\\\/wakelet.com\\\/@iWellGuard82270\",\"https:\\\/\\\/www.chordie.com\\\/forum\\\/profile.php?id=2555664\",\"https:\\\/\\\/www.instapaper.com\\\/p\\\/17757966\",\"https:\\\/\\\/www.mapleprimes.com\\\/users\\\/iwellguard\",\"https:\\\/\\\/businesslistingplus.com\\\/profile\\\/iwell-guard\\\/\",\"https:\\\/\\\/telegra.ph\\\/iWell-Guard-06-06\",\"https:\\\/\\\/pbase.com\\\/iwellguard\\\/iwellguard\",\"https:\\\/\\\/b.hatena.ne.jp\\\/iwellguard\\\/20260607#bookmark-4788405196491818882\",\"https:\\\/\\\/fliphtml5.com\\\/home\\\/iwellguard\",\"https:\\\/\\\/anyflip.com\\\/homepage\\\/cmiwl#About\",\"https:\\\/\\\/transfur.com\\\/Users\\\/iwellguard\",\"http:\\\/\\\/delphi.larsbo.org\\\/user\\\/iwellguard\",\"https:\\\/\\\/jobs.lajobsportal.org\\\/profiles\\\/8380803-iwell-guard\",\"https:\\\/\\\/md.chaosdorf.de\\\/s\\\/jfbe5SBdJD\",\"https:\\\/\\\/www.lingvolive.com\\\/en-us\\\/profile\\\/9ecaeaca-ce11-4e51-9e71-01d55e2bff36\\\/translations\",\"https:\\\/\\\/www.fitday.com\\\/fitness\\\/forums\\\/members\\\/iwellguard.html\",\"https:\\\/\\\/www.mymeetbook.com\\\/iwellguard\",\"https:\\\/\\\/pxhere.com\\\/en\\\/photographer-me\\\/5040798\",\"https:\\\/\\\/disqus.com\\\/by\\\/iwellguard\\\/about\\\/\",\"https:\\\/\\\/pastelink.net\\\/hjwciqwq\",\"https:\\\/\\\/pubhtml5.com\\\/homepage\\\/scjhn\\\/\",\"https:\\\/\\\/www.bitchute.com\\\/channel\\\/2O2eOKzNqujT\",\"https:\\\/\\\/audiomack.com\\\/iwellguard\"]},{\"@type\":\"Article\",\"@id\":\"https:\\\/\\\/iwell-guard.com\\\/cs\\\/mimi-duchove-arnhem-land\\\/#article\",\"isPartOf\":{\"@id\":\"https:\\\/\\\/iwell-guard.com\\\/cs\\\/mimi-duchove-arnhem-land\\\/\"},\"author\":{\"name\":\"Ralf Ittermann\",\"@id\":\"https:\\\/\\\/iwell-guard.com\\\/cs\\\/#\\\/schema\\\/person\\\/ee2a27f1cac3406c7c6fb5820cb7349f\"},\"headline\":\"Mimi duchov\u00e9 \u2013 tenc\u00ed skaln\u00ed duchov\u00e9 Aboriginc\u016f Arnhemsk\u00e9 zem\u011b\",\"datePublished\":\"2026-09-03T16:31:11+00:00\",\"dateModified\":\"2026-09-03T16:58:18+00:00\",\"mainEntityOfPage\":{\"@id\":\"https:\\\/\\\/iwell-guard.com\\\/cs\\\/mimi-duchove-arnhem-land\\\/\"},\"publisher\":{\"@id\":\"https:\\\/\\\/iwell-guard.com\\\/cs\\\/#organization\"},\"image\":{\"@id\":\"https:\\\/\\\/iwell-guard.com\\\/cs\\\/mimi-duchove-arnhem-land\\\/#primaryimage\"},\"thumbnailUrl\":\"https:\\\/\\\/iwell-guard.com\\\/wp-content\\\/uploads\\\/2026\\\/05\\\/geister_aboriginal_mimi-geister.webp\",\"inLanguage\":\"cs\",\"description\":\"Mimi duchov\u00e9 jsou tenc\u00ed skaln\u00ed a jeskynn\u00ed duchov\u00e9 Aboriginc\u016f Arnhemsk\u00e9 zem\u011b. Religionistick\u00e9 za\u0159azen\u00ed s m\u00fdtem a prameny.\"}]}<\/script>\n<!-- \/ Yoast SEO Premium plugin. -->","yoast_head_json":{"title":"Mimi duchov\u00e9 \u2013 aborigin\u0161t\u00ed skaln\u00ed duchov\u00e9, m\u00fdtus a prameny","description":"Mimi duchov\u00e9 jsou tenc\u00ed skaln\u00ed a jeskynn\u00ed duchov\u00e9 Aboriginc\u016f Arnhemsk\u00e9 zem\u011b. Religionistick\u00e9 za\u0159azen\u00ed s m\u00fdtem a prameny.","robots":{"index":"index","follow":"follow","max-snippet":"max-snippet:-1","max-image-preview":"max-image-preview:large","max-video-preview":"max-video-preview:-1"},"canonical":"https:\/\/iwell-guard.com\/cs\/mimi-duchove-arnhem-land\/","og_locale":"cs_CZ","og_type":"article","og_title":"Mimi duchov\u00e9 \u2013 tenc\u00ed skaln\u00ed duchov\u00e9 Aboriginc\u016f Arnhemsk\u00e9 zem\u011b","og_description":"Mimi duchov\u00e9 jsou tenc\u00ed skaln\u00ed a jeskynn\u00ed duchov\u00e9 Aboriginc\u016f Arnhemsk\u00e9 zem\u011b. Religionistick\u00e9 za\u0159azen\u00ed s m\u00fdtem a prameny.","og_url":"https:\/\/iwell-guard.com\/cs\/mimi-duchove-arnhem-land\/","og_site_name":"iWell Guard","article_modified_time":"2026-09-03T16:58:18+00:00","og_image":[{"width":1024,"height":1536,"url":"https:\/\/iwell-guard.com\/wp-content\/uploads\/2026\/05\/geister_aboriginal_mimi-geister.webp","type":"image\/webp"}],"twitter_card":"summary_large_image","schema":{"@context":"https:\/\/schema.org","@graph":[{"@type":"Article","@id":"https:\/\/iwell-guard.com\/cs\/mimi-duchove-arnhem-land\/#article","isPartOf":{"@id":"https:\/\/iwell-guard.com\/cs\/mimi-duchove-arnhem-land\/"},"author":{"name":"Ralf Ittermann","@id":"https:\/\/iwell-guard.com\/cs\/#\/schema\/person\/ee2a27f1cac3406c7c6fb5820cb7349f"},"headline":"Mimi duchov\u00e9 \u2013 tenc\u00ed skaln\u00ed duchov\u00e9 Aboriginc\u016f Arnhemsk\u00e9 zem\u011b","datePublished":"2026-09-03T16:31:11+00:00","dateModified":"2026-09-03T16:58:18+00:00","mainEntityOfPage":{"@id":"https:\/\/iwell-guard.com\/cs\/mimi-duchove-arnhem-land\/"},"publisher":{"@id":"https:\/\/iwell-guard.com\/cs\/#organization"},"image":{"@id":"https:\/\/iwell-guard.com\/cs\/mimi-duchove-arnhem-land\/#primaryimage"},"thumbnailUrl":"https:\/\/iwell-guard.com\/wp-content\/uploads\/2026\/05\/geister_aboriginal_mimi-geister.webp","inLanguage":"cs","description":"Mimi duchov\u00e9 jsou tenc\u00ed skaln\u00ed a jeskynn\u00ed duchov\u00e9 Aboriginc\u016f Arnhemsk\u00e9 zem\u011b. Religionistick\u00e9 za\u0159azen\u00ed s m\u00fdtem a prameny."},{"@type":"WebPage","@id":"https:\/\/iwell-guard.com\/cs\/mimi-duchove-arnhem-land\/","url":"https:\/\/iwell-guard.com\/cs\/mimi-duchove-arnhem-land\/","name":"Mimi duchov\u00e9 \u2013 aborigin\u0161t\u00ed skaln\u00ed duchov\u00e9, m\u00fdtus a prameny","isPartOf":{"@id":"https:\/\/iwell-guard.com\/cs\/#website"},"primaryImageOfPage":{"@id":"https:\/\/iwell-guard.com\/cs\/mimi-duchove-arnhem-land\/#primaryimage"},"image":{"@id":"https:\/\/iwell-guard.com\/cs\/mimi-duchove-arnhem-land\/#primaryimage"},"thumbnailUrl":"https:\/\/iwell-guard.com\/wp-content\/uploads\/2026\/05\/geister_aboriginal_mimi-geister.webp","datePublished":"2026-09-03T16:31:11+00:00","dateModified":"2026-09-03T16:58:18+00:00","description":"Mimi duchov\u00e9 jsou tenc\u00ed skaln\u00ed a jeskynn\u00ed duchov\u00e9 Aboriginc\u016f Arnhemsk\u00e9 zem\u011b. Religionistick\u00e9 za\u0159azen\u00ed s m\u00fdtem a prameny.","breadcrumb":{"@id":"https:\/\/iwell-guard.com\/cs\/mimi-duchove-arnhem-land\/#breadcrumb"},"inLanguage":"cs","potentialAction":[{"@type":"ReadAction","target":["https:\/\/iwell-guard.com\/cs\/mimi-duchove-arnhem-land\/"]}]},{"@type":"ImageObject","inLanguage":"cs","@id":"https:\/\/iwell-guard.com\/cs\/mimi-duchove-arnhem-land\/#primaryimage","url":"https:\/\/iwell-guard.com\/wp-content\/uploads\/2026\/05\/geister_aboriginal_mimi-geister.webp","contentUrl":"https:\/\/iwell-guard.com\/wp-content\/uploads\/2026\/05\/geister_aboriginal_mimi-geister.webp","width":1024,"height":1536,"caption":"Duchov\u00e9 z aboriginsk\u00e9 tradice."},{"@type":"BreadcrumbList","@id":"https:\/\/iwell-guard.com\/cs\/mimi-duchove-arnhem-land\/#breadcrumb","itemListElement":[{"@type":"ListItem","position":1,"name":"Start","item":"https:\/\/iwell-guard.com\/cs\/?page_id=145107"},{"@type":"ListItem","position":2,"name":"Mimi duchov\u00e9 \u2013 tenc\u00ed skaln\u00ed duchov\u00e9 Aboriginc\u016f Arnhemsk\u00e9 zem\u011b"}]},{"@type":"WebSite","@id":"https:\/\/iwell-guard.com\/cs\/#website","url":"https:\/\/iwell-guard.com\/cs\/","name":"iWell Guard","description":"Schutz vor dunklen Einfl\u00fcssen","publisher":{"@id":"https:\/\/iwell-guard.com\/cs\/#organization"},"potentialAction":[{"@type":"SearchAction","target":{"@type":"EntryPoint","urlTemplate":"https:\/\/iwell-guard.com\/cs\/?s={search_term_string}"},"query-input":{"@type":"PropertyValueSpecification","valueRequired":true,"valueName":"search_term_string"}}],"inLanguage":"cs"},{"@type":"Organization","@id":"https:\/\/iwell-guard.com\/cs\/#organization","name":"Ittermann electronic GmbH","url":"https:\/\/iwell-guard.com\/cs\/","logo":{"@type":"ImageObject","inLanguage":"cs","@id":"https:\/\/iwell-guard.com\/cs\/#\/schema\/logo\/image\/","url":"https:\/\/iwell-guard.com\/wp-content\/uploads\/2026\/05\/Ittermann-Logo-1182x237-1.png","contentUrl":"https:\/\/iwell-guard.com\/wp-content\/uploads\/2026\/05\/Ittermann-Logo-1182x237-1.png","width":1182,"height":237,"caption":"Ittermann electronic GmbH"},"image":{"@id":"https:\/\/iwell-guard.com\/cs\/#\/schema\/logo\/image\/"},"sameAs":["https:\/\/pantip.com\/profile\/9367242","https:\/\/micro.blog\/iwellguard","https:\/\/www.diggerslist.com\/iwellguard\/about","https:\/\/skitterphoto.com\/photographers\/2870314\/iwell-guard","https:\/\/iwellguard.wordpress.com\/2026\/06\/06\/iwell-guard\/","https:\/\/hub.docker.com\/u\/iwellguard","https:\/\/www.pinterest.com\/iwellguard\/","https:\/\/bit.ly\/m\/iwellguard","https:\/\/entre-vos-mains.alsace.eu\/profiles\/iwellguard\/activity","https:\/\/gravatar.com\/reallybeded8fd34","https:\/\/naijamatta.com\/iwellguard","https:\/\/www.goodreads.com\/iwellguard","https:\/\/profile.hatena.ne.jp\/iwellguard\/","https:\/\/experiment.com\/users\/iwellguard","https:\/\/wakelet.com\/@iWellGuard82270","https:\/\/www.chordie.com\/forum\/profile.php?id=2555664","https:\/\/www.instapaper.com\/p\/17757966","https:\/\/www.mapleprimes.com\/users\/iwellguard","https:\/\/businesslistingplus.com\/profile\/iwell-guard\/","https:\/\/telegra.ph\/iWell-Guard-06-06","https:\/\/pbase.com\/iwellguard\/iwellguard","https:\/\/b.hatena.ne.jp\/iwellguard\/20260607#bookmark-4788405196491818882","https:\/\/fliphtml5.com\/home\/iwellguard","https:\/\/anyflip.com\/homepage\/cmiwl#About","https:\/\/transfur.com\/Users\/iwellguard","http:\/\/delphi.larsbo.org\/user\/iwellguard","https:\/\/jobs.lajobsportal.org\/profiles\/8380803-iwell-guard","https:\/\/md.chaosdorf.de\/s\/jfbe5SBdJD","https:\/\/www.lingvolive.com\/en-us\/profile\/9ecaeaca-ce11-4e51-9e71-01d55e2bff36\/translations","https:\/\/www.fitday.com\/fitness\/forums\/members\/iwellguard.html","https:\/\/www.mymeetbook.com\/iwellguard","https:\/\/pxhere.com\/en\/photographer-me\/5040798","https:\/\/disqus.com\/by\/iwellguard\/about\/","https:\/\/pastelink.net\/hjwciqwq","https:\/\/pubhtml5.com\/homepage\/scjhn\/","https:\/\/www.bitchute.com\/channel\/2O2eOKzNqujT","https:\/\/audiomack.com\/iwellguard"]},{"@type":"Person","@id":"https:\/\/iwell-guard.com\/cs\/#\/schema\/person\/ee2a27f1cac3406c7c6fb5820cb7349f","name":"Ralf Ittermann","image":{"@type":"ImageObject","inLanguage":"cs","@id":"https:\/\/secure.gravatar.com\/avatar\/073c0153e350a5005b68eb752b445fea71f6b24a26da9449ad7e155e6b446c9d?s=96&d=mm&r=g","url":"https:\/\/secure.gravatar.com\/avatar\/073c0153e350a5005b68eb752b445fea71f6b24a26da9449ad7e155e6b446c9d?s=96&d=mm&r=g","contentUrl":"https:\/\/secure.gravatar.com\/avatar\/073c0153e350a5005b68eb752b445fea71f6b24a26da9449ad7e155e6b446c9d?s=96&d=mm&r=g","caption":"Ralf Ittermann"},"givenName":"Ralf","familyName":"Ittermann","jobTitle":"Gesch\u00e4ftsf\u00fchrer und redaktioneller Verantwortlicher","url":"https:\/\/iwell-guard.com\/cs\/author\/claude\/","description":"Ralf Ittermann ist Gesch\u00e4ftsf\u00fchrer der Ittermann electronic GmbH und redaktioneller Verantwortlicher des iWell-Guard-Lexikons. Er verbindet langj\u00e4hrige Erfahrung in der Pr\u00e4zisionsfertigung mit medialer Praxis und religionsgeschichtlicher Quellenarbeit.","worksFor":{"@type":"Organization","name":"Ittermann electronic GmbH","url":"https:\/\/ittermann.de\/","address":{"@type":"PostalAddress","streetAddress":"K\u00f6hlergasse 16-18","postalCode":"99842","addressLocality":"Ruhla","addressCountry":"DE"}},"knowsAbout":["Religionsgeschichte","Mythologie","Mediale Praxis","Energetische Diagnostik","Schutzpraxis","Volksglauben","Westliche Esoterik"]},{"@type":"Article","@id":"https:\/\/iwell-guard.com\/cs\/mimi-duchove-arnhem-land\/#article","isPartOf":{"@id":"https:\/\/iwell-guard.com\/cs\/mimi-duchove-arnhem-land\/"},"author":{"name":"Ralf Ittermann","@id":"https:\/\/iwell-guard.com\/cs\/#\/schema\/person\/ee2a27f1cac3406c7c6fb5820cb7349f"},"headline":"Mimi duchov\u00e9 \u2013 tenc\u00ed skaln\u00ed duchov\u00e9 Aboriginc\u016f Arnhemsk\u00e9 zem\u011b","datePublished":"2026-09-03T16:31:11+00:00","dateModified":"2026-09-03T16:58:18+00:00","mainEntityOfPage":{"@id":"https:\/\/iwell-guard.com\/cs\/mimi-duchove-arnhem-land\/"},"publisher":{"@id":"https:\/\/iwell-guard.com\/cs\/#organization"},"image":{"@id":"https:\/\/iwell-guard.com\/cs\/mimi-duchove-arnhem-land\/#primaryimage"},"thumbnailUrl":"https:\/\/iwell-guard.com\/wp-content\/uploads\/2026\/05\/geister_aboriginal_mimi-geister.webp","inLanguage":"cs","description":"Mimi duchov\u00e9 jsou tenc\u00ed skaln\u00ed a jeskynn\u00ed duchov\u00e9 Aboriginc\u016f Arnhemsk\u00e9 zem\u011b. Religionistick\u00e9 za\u0159azen\u00ed s m\u00fdtem a prameny."}]}},"_links":{"self":[{"href":"https:\/\/iwell-guard.com\/cs\/wp-json\/wp\/v2\/pages\/145522","targetHints":{"allow":["GET"]}}],"collection":[{"href":"https:\/\/iwell-guard.com\/cs\/wp-json\/wp\/v2\/pages"}],"about":[{"href":"https:\/\/iwell-guard.com\/cs\/wp-json\/wp\/v2\/types\/page"}],"author":[{"embeddable":true,"href":"https:\/\/iwell-guard.com\/cs\/wp-json\/wp\/v2\/users\/3"}],"replies":[{"embeddable":true,"href":"https:\/\/iwell-guard.com\/cs\/wp-json\/wp\/v2\/comments?post=145522"}],"version-history":[{"count":0,"href":"https:\/\/iwell-guard.com\/cs\/wp-json\/wp\/v2\/pages\/145522\/revisions"}],"wp:featuredmedia":[{"embeddable":true,"href":"https:\/\/iwell-guard.com\/cs\/wp-json\/wp\/v2\/media\/2867"}],"wp:attachment":[{"href":"https:\/\/iwell-guard.com\/cs\/wp-json\/wp\/v2\/media?parent=145522"}],"wp:term":[{"taxonomy":"category","embeddable":true,"href":"https:\/\/iwell-guard.com\/cs\/wp-json\/wp\/v2\/categories?post=145522"}],"curies":[{"name":"wp","href":"https:\/\/api.w.org\/{rel}","templated":true}]}}