{"id":145519,"date":"2026-09-03T16:31:10","date_gmt":"2026-09-03T16:31:10","guid":{"rendered":"https:\/\/iwell-guard.com\/?page_id=145519"},"modified":"2026-09-03T16:58:14","modified_gmt":"2026-09-03T16:58:14","slug":"bunjil-orli-stvoritel-kulinu","status":"publish","type":"page","link":"https:\/\/iwell-guard.com\/cs\/bunjil-orli-stvoritel-kulinu\/","title":{"rendered":"Bunjil \u2013 orl\u00ed stvo\u0159itel Kulin\u016f"},"content":{"rendered":"\t\t<div data-elementor-type=\"wp-page\" data-elementor-id=\"145519\" class=\"elementor elementor-145519 elementor-2647 elementor-bc-flex-widget\" data-elementor-post-type=\"page\">\n\t\t\t\t<div class=\"elementor-element elementor-element-iwgw-bunjil-hero e-flex e-con-boxed e-con e-parent\" data-id=\"iwgw-bunjil-hero\" data-element_type=\"container\" data-e-type=\"container\" data-settings=\"{&quot;background_background&quot;:&quot;classic&quot;}\">\n\t\t\t\t\t<div class=\"e-con-inner\">\n\t\t<div class=\"elementor-element elementor-element-iwgw-bunjil-hl e-flex e-con-boxed e-con e-child\" data-id=\"iwgw-bunjil-hl\" data-element_type=\"container\" data-e-type=\"container\">\n\t\t\t\t\t<div class=\"e-con-inner\">\n\t\t<div class=\"elementor-element elementor-element-iwgw-bunjil-htxt e-con-full e-flex e-con e-child\" data-id=\"iwgw-bunjil-htxt\" data-element_type=\"container\" data-e-type=\"container\">\n\t\t\t\t<div class=\"elementor-element elementor-element-iwgw-bunjil-h1 elementor-widget elementor-widget-heading\" data-id=\"iwgw-bunjil-h1\" data-element_type=\"widget\" data-e-type=\"widget\" data-widget_type=\"heading.default\">\n\t\t\t\t\t<h1 class=\"elementor-heading-title elementor-size-default\">Bunjil, kl\u00ednoocas\u00fd orel jako stvo\u0159itel kmen\u016f Kulin ve Victorii<\/h1>\t\t\t\t<\/div>\n\t\t\t\t<div class=\"elementor-element elementor-element-iwgw-bunjil-lead elementor-widget elementor-widget-text-editor\" data-id=\"iwgw-bunjil-lead\" data-element_type=\"widget\" data-e-type=\"widget\" data-widget_type=\"text-editor.default\">\n\t\t\t\t\t\t\t\t\t<p>Bunjil je orl\u00ed stvo\u0159itel kmenov\u00e9 konfederace Kulin ve Victorii, ji\u017en\u00ed Austr\u00e1lie. Objevuje se v podob\u011b kl\u00ednoocas\u00e9ho orla (<em>Aquila audax<\/em>) a je pova\u017eov\u00e1n za \u201eAll-Father\u201c skupiny p\u0159\u00edbuzn\u00fdch aboriginsk\u00fdch jazyk\u016f, mezi n\u011b\u017e pat\u0159\u00ed Wurundjeri, Boon Wurrung, Taungurong a Wathaurong.<\/p>\t\t\t\t\t\t\t\t<\/div>\n\t\t\t\t<\/div>\n\t\t<div class=\"elementor-element elementor-element-iwgw-bunjil-pillc e-con-full e-flex e-con e-child\" data-id=\"iwgw-bunjil-pillc\" data-element_type=\"container\" data-e-type=\"container\">\n\t\t\t\t<div class=\"elementor-element elementor-element-iwgw-bunjil-pills elementor-widget elementor-widget-html\" data-id=\"iwgw-bunjil-pills\" data-element_type=\"widget\" data-e-type=\"widget\" data-widget_type=\"html.default\">\n\t\t\t\t\t<div class=\"iwg-pill-row\"><span class=\"iwg-klasse-badge\" tabindex=\"0\" data-tooltip=\"Stvo\u0159itel tradice Aboriginci.\">Stvo\u0159itel<\/span><a href=\"https:\/\/iwell-guard.com\/cs\/aboriginal-australie-dreamtime-tjukurpa\/\" class=\"iwg-kultur-badge\" tabindex=\"0\" data-tooltip=\"Mytologie tradice Aboriginci.\">Aboriginci<\/a><span class=\"iwg-tradition-badge\" tabindex=\"0\" data-tooltip=\"Vrchn\u00ed bo\u017estvo.\">Vrchn\u00ed bo\u017estvo<\/span><\/div>\t\t\t\t<\/div>\n\t\t\t\t<\/div>\n\t\t<div class=\"elementor-element elementor-element-iwgw-bunjil-tocc e-con-full e-flex e-con e-child\" data-id=\"iwgw-bunjil-tocc\" data-element_type=\"container\" data-e-type=\"container\">\n\t\t\t\t<div class=\"elementor-element elementor-element-iwgw-bunjil-toc elementor-toc--minimized-on-tablet elementor-widget elementor-widget-table-of-contents\" data-id=\"iwgw-bunjil-toc\" data-element_type=\"widget\" data-e-type=\"widget\" data-settings=\"{&quot;headings_by_tags&quot;:[&quot;h2&quot;,&quot;h3&quot;],&quot;minimize_box&quot;:&quot;yes&quot;,&quot;marker_view&quot;:&quot;bullets&quot;,&quot;no_headings_message&quot;:&quot;Na t\\u00e9to str\\u00e1nce nebyly nalezeny \\u017e\\u00e1dn\\u00e9 nadpisy.&quot;,&quot;exclude_headings_by_selector&quot;:[],&quot;icon&quot;:{&quot;value&quot;:&quot;fas fa-circle&quot;,&quot;library&quot;:&quot;fa-solid&quot;,&quot;rendered_tag&quot;:&quot;&lt;svg class=\\&quot;e-font-icon-svg e-fas-circle\\&quot; viewBox=\\&quot;0 0 512 512\\&quot; xmlns=\\&quot;http:\\\/\\\/www.w3.org\\\/2000\\\/svg\\&quot;&gt;&lt;path d=\\&quot;M256 8C119 8 8 119 8 256s111 248 248 248 248-111 248-248S393 8 256 8z\\&quot;&gt;&lt;\\\/path&gt;&lt;\\\/svg&gt;&quot;},&quot;minimized_on&quot;:&quot;tablet&quot;,&quot;hierarchical_view&quot;:&quot;yes&quot;,&quot;min_height&quot;:{&quot;unit&quot;:&quot;px&quot;,&quot;size&quot;:&quot;&quot;,&quot;sizes&quot;:[]},&quot;min_height_tablet&quot;:{&quot;unit&quot;:&quot;px&quot;,&quot;size&quot;:&quot;&quot;,&quot;sizes&quot;:[]},&quot;min_height_mobile&quot;:{&quot;unit&quot;:&quot;px&quot;,&quot;size&quot;:&quot;&quot;,&quot;sizes&quot;:[]}}\" data-widget_type=\"table-of-contents.default\">\n\t\t\t\t\t\t\t\t\t<div class=\"elementor-toc__header\">\n\t\t\t\t\t\t<h2 class=\"elementor-toc__header-title\">\n\t\t\t\tObsah\t\t\t<\/h2>\n\t\t\t\t\t\t\t\t\t\t<div class=\"elementor-toc__toggle-button elementor-toc__toggle-button--expand\" role=\"button\" tabindex=\"0\" aria-controls=\"elementor-toc__iwgw-bunjil-toc\" aria-expanded=\"true\" aria-label=\"Open table of contents\"><svg aria-hidden=\"true\" class=\"e-font-icon-svg e-fas-chevron-down\" viewBox=\"0 0 448 512\" xmlns=\"http:\/\/www.w3.org\/2000\/svg\"><path d=\"M207.029 381.476L12.686 187.132c-9.373-9.373-9.373-24.569 0-33.941l22.667-22.667c9.357-9.357 24.522-9.375 33.901-.04L224 284.505l154.745-154.021c9.379-9.335 24.544-9.317 33.901.04l22.667 22.667c9.373 9.373 9.373 24.569 0 33.941L240.971 381.476c-9.373 9.372-24.569 9.372-33.942 0z\"><\/path><\/svg><\/div>\n\t\t\t\t<div class=\"elementor-toc__toggle-button elementor-toc__toggle-button--collapse\" role=\"button\" tabindex=\"0\" aria-controls=\"elementor-toc__iwgw-bunjil-toc\" aria-expanded=\"true\" aria-label=\"Close table of contents\"><svg aria-hidden=\"true\" class=\"e-font-icon-svg e-fas-chevron-up\" viewBox=\"0 0 448 512\" xmlns=\"http:\/\/www.w3.org\/2000\/svg\"><path d=\"M240.971 130.524l194.343 194.343c9.373 9.373 9.373 24.569 0 33.941l-22.667 22.667c-9.357 9.357-24.522 9.375-33.901.04L224 227.495 69.255 381.516c-9.379 9.335-24.544 9.317-33.901-.04l-22.667-22.667c-9.373-9.373-9.373-24.569 0-33.941L207.03 130.525c9.372-9.373 24.568-9.373 33.941-.001z\"><\/path><\/svg><\/div>\n\t\t\t\t\t<\/div>\n\t\t\t\t<div id=\"elementor-toc__iwgw-bunjil-toc\" class=\"elementor-toc__body\">\n\t\t\t<div class=\"elementor-toc__spinner-container\">\n\t\t\t\t<svg class=\"elementor-toc__spinner eicon-animation-spin e-font-icon-svg e-eicon-loading\" aria-hidden=\"true\" viewBox=\"0 0 1000 1000\" xmlns=\"http:\/\/www.w3.org\/2000\/svg\"><path d=\"M500 975V858C696 858 858 696 858 500S696 142 500 142 142 304 142 500H25C25 237 238 25 500 25S975 237 975 500 763 975 500 975Z\"><\/path><\/svg>\t\t\t<\/div>\n\t\t<\/div>\n\t\t\t\t\t\t<\/div>\n\t\t\t\t<\/div>\n\t\t\t\t\t<\/div>\n\t\t\t\t<\/div>\n\t\t<div class=\"elementor-element elementor-element-iwgw-bunjil-hr e-con-full e-flex e-con e-child\" data-id=\"iwgw-bunjil-hr\" data-element_type=\"container\" data-e-type=\"container\">\n\t\t\t\t<div class=\"elementor-element elementor-element-iwgw-bunjil-heroimg iwg-hero-image elementor-widget elementor-widget-image\" data-id=\"iwgw-bunjil-heroimg\" data-element_type=\"widget\" data-e-type=\"widget\" data-widget_type=\"image.default\">\n\t\t\t\t\t\t\t\t\t\t\t\t\t\t\t<img fetchpriority=\"high\" decoding=\"async\" width=\"683\" height=\"1024\" src=\"https:\/\/iwell-guard.com\/wp-content\/uploads\/2026\/05\/goetter_aboriginal_bunjil-683x1024.webp\" class=\"attachment-large size-large wp-image-147314\" alt=\"Bunjil \u2013 bohov\u00e9 z aboriginsk\u00e9 tradice, historicko-ilustrativn\u00ed\" srcset=\"https:\/\/iwell-guard.com\/wp-content\/uploads\/2026\/05\/goetter_aboriginal_bunjil-683x1024.webp 683w, https:\/\/iwell-guard.com\/wp-content\/uploads\/2026\/05\/goetter_aboriginal_bunjil-200x300.webp 200w, https:\/\/iwell-guard.com\/wp-content\/uploads\/2026\/05\/goetter_aboriginal_bunjil-768x1152.webp 768w, https:\/\/iwell-guard.com\/wp-content\/uploads\/2026\/05\/goetter_aboriginal_bunjil.webp 1024w\" sizes=\"(max-width: 683px) 100vw, 683px\" \/>\t\t\t\t\t\t\t\t\t\t\t\t\t\t\t<\/div>\n\t\t\t\t<\/div>\n\t\t\t\t\t<\/div>\n\t\t\t\t<\/div>\n\t\t<div class=\"elementor-element elementor-element-iwgw-bunjil-s0 e-flex e-con-boxed e-con e-parent\" data-id=\"iwgw-bunjil-s0\" data-element_type=\"container\" data-e-type=\"container\">\n\t\t\t\t\t<div class=\"e-con-inner\">\n\t\t\t\t<div class=\"elementor-element elementor-element-iwgw-bunjil-s0h elementor-widget elementor-widget-heading\" data-id=\"iwgw-bunjil-s0h\" data-element_type=\"widget\" data-e-type=\"widget\" data-widget_type=\"heading.default\">\n\t\t\t\t\t<h2 class=\"elementor-heading-title elementor-size-default\">Za\u0159azen\u00ed a stru\u010dn\u00fd profil<\/h2>\t\t\t\t<\/div>\n\t\t<div class=\"elementor-element elementor-element-iwgw-bunjil-s0c e-con-full e-flex e-con e-child\" data-id=\"iwgw-bunjil-s0c\" data-element_type=\"container\" data-e-type=\"container\">\n\t\t\t\t<div class=\"elementor-element elementor-element-iwgw-bunjil-s0t elementor-widget elementor-widget-text-editor\" data-id=\"iwgw-bunjil-s0t\" data-element_type=\"widget\" data-e-type=\"widget\" data-widget_type=\"text-editor.default\">\n\t\t\t\t\t\t\t\t\t<p>Bunjil je nejv\u00fdznamn\u011bj\u0161\u00ed n\u00e1bo\u017eenskou postavou kmenov\u00e9 konfederace Kulin ve Victorii. Kulin zahrnuj\u00ed n\u011bkolik p\u0159\u00edbuzn\u00fdch jazykov\u00fdch skupin: Wurundjeri (v \u00fadol\u00ed Yarra), Boon Wurrung (u z\u00e1livu Port Phillip), Taungurong (v \u00fadol\u00ed Goulburn), Wathaurong (v oblasti Geelong) a Djadja Wurrung, kter\u00e9 v\u0161echny uct\u00edvaj\u00ed Bunjila jako nejvy\u0161\u0161\u00ed bo\u017estvo.<\/p><p>Bunjil je ztoto\u017e\u0148ov\u00e1n s kl\u00ednoocas\u00fdm orlem (anglicky: wedge-tailed eagle), nejv\u011bt\u0161\u00edm dravcem Austr\u00e1lie. Touto ztoto\u017e\u0148ovac\u00ed vazbou se odli\u0161uje od <a href=\"https:\/\/iwell-guard.com\/cs\/?page_id=145518\">Baiame<\/a>, jen\u017e je poj\u00edm\u00e1n sp\u00ed\u0161e antropomorfn\u011b. Z hlediska religionistiky p\u0159esto pat\u0159\u00ed k typu \u201eAll-Father\u201c, jak jej systematicky popsal Alfred Howitt v roce 1884.<\/p><p>V r\u00e1mci <a href=\"https:\/\/iwell-guard.com\/cs\/aboriginal-australie-dreamtime-tjukurpa\/\">aboriginsk\u00e9 tradice<\/a> je Bunjil zaj\u00edmav\u00fd zvl\u00e1\u0161t\u011b sv\u00fdm spojen\u00edm s du\u00e1ln\u00edm syst\u00e9mem: Kulin se d\u011bl\u00ed na dv\u011b moiety (\u201epoloviny\u201c), Bunjil-Eaglehawk a Waa-Crow. Toto dualistick\u00e9 uspo\u0159\u00e1d\u00e1n\u00ed strukturuje cel\u00fd man\u017eelsk\u00fd a soci\u00e1ln\u00ed \u0159\u00e1d.<\/p>\t\t\t\t\t\t\t\t<\/div>\n\t\t\t\t<\/div>\n\t\t\t\t\t<\/div>\n\t\t\t\t<\/div>\n\t\t<div class=\"elementor-element elementor-element-iwgw-bunjil-s1 e-flex e-con-boxed e-con e-parent\" data-id=\"iwgw-bunjil-s1\" data-element_type=\"container\" data-e-type=\"container\">\n\t\t\t\t\t<div class=\"e-con-inner\">\n\t\t\t\t<div class=\"elementor-element elementor-element-iwgw-bunjil-s1h elementor-widget elementor-widget-heading\" data-id=\"iwgw-bunjil-s1h\" data-element_type=\"widget\" data-e-type=\"widget\" data-widget_type=\"heading.default\">\n\t\t\t\t\t<h2 class=\"elementor-heading-title elementor-size-default\">Jm\u00e9no a etymologie<\/h2>\t\t\t\t<\/div>\n\t\t<div class=\"elementor-element elementor-element-iwgw-bunjil-s1c e-con-full e-flex e-con e-child\" data-id=\"iwgw-bunjil-s1c\" data-element_type=\"container\" data-e-type=\"container\">\n\t\t\t\t<div class=\"elementor-element elementor-element-iwgw-bunjil-s1t elementor-widget elementor-widget-text-editor\" data-id=\"iwgw-bunjil-s1t\" data-element_type=\"widget\" data-e-type=\"widget\" data-widget_type=\"text-editor.default\">\n\t\t\t\t\t\t\t\t\t<p>Jm\u00e9no <em>Bunjil<\/em> (tak\u00e9 <em>Bundjil<\/em>, <em>Punjel<\/em>) je v jazyce Wurundjeri a v dal\u0161\u00edch jazyc\u00edch Kulin zavedeno jako vlastn\u00ed jm\u00e9no. Etymologie pravd\u011bpodobn\u011b souvis\u00ed se slovn\u00edm ko\u0159enem <em>bunj-<\/em>, \u201estar\u0161\u00ed mu\u017e, mudrc\u201c, dolo\u017een\u00fdm v mnoha jazyc\u00edch jihov\u00fdchodn\u00ed Austr\u00e1lie.<\/p><p>Robert Brough Smyth v d\u00edle <em>The Aborigines of Victoria<\/em> (1878) pou\u017e\u00edval z\u00e1pis <em>Pun-jel<\/em>. Tento z\u00e1pis se neujal; dnes je standardem <em>Bunjil<\/em>.<\/p><p>Spojen\u00ed s orlem (<em>wedge-tailed eagle<\/em>, m\u00edstn\u011b <em>willarwill<\/em> nebo <em>maliyan<\/em>) nen\u00ed jen jazykov\u00e9, ale i ikonografick\u00e9. Na skaln\u00edch malb\u00e1ch v jeskyni Bunjil u Stawellu (\u00fazem\u00ed Wurundjeri) se zachovala velk\u00e1 postava nap\u016fl orla, nap\u016fl \u010dlov\u011bka, identifikovan\u00e1 jako Bunjil.<\/p>\t\t\t\t\t\t\t\t<\/div>\n\t\t\t\t<\/div>\n\t\t\t\t\t<\/div>\n\t\t\t\t<\/div>\n\t\t<div class=\"elementor-element elementor-element-iwgw-bunjil-s2 e-flex e-con-boxed e-con e-parent\" data-id=\"iwgw-bunjil-s2\" data-element_type=\"container\" data-e-type=\"container\">\n\t\t\t\t\t<div class=\"e-con-inner\">\n\t\t\t\t<div class=\"elementor-element elementor-element-iwgw-bunjil-s2h elementor-widget elementor-widget-heading\" data-id=\"iwgw-bunjil-s2h\" data-element_type=\"widget\" data-e-type=\"widget\" data-widget_type=\"heading.default\">\n\t\t\t\t\t<h2 class=\"elementor-heading-title elementor-size-default\">Popis a ikonografie<\/h2>\t\t\t\t<\/div>\n\t\t<div class=\"elementor-element elementor-element-iwgw-bunjil-s2c e-con-full e-flex e-con e-child\" data-id=\"iwgw-bunjil-s2c\" data-element_type=\"container\" data-e-type=\"container\">\n\t\t\t\t<div class=\"elementor-element elementor-element-iwgw-bunjil-s2t elementor-widget elementor-widget-text-editor\" data-id=\"iwgw-bunjil-s2t\" data-element_type=\"widget\" data-e-type=\"widget\" data-widget_type=\"text-editor.default\">\n\t\t\t\t\t\t\t\t\t<p>Bunjil je popisov\u00e1n jako velk\u00fd, mudrcovsk\u00fd mu\u017e se dv\u011bma \u017eenami a dv\u011bma syny, kter\u00fd je z\u00e1rove\u0148 schopen p\u0159ijmout podobu mocn\u00e9ho orla. Touto dvoj\u00ed podstatou se li\u0161\u00ed od \u010dist\u011b antropomorfn\u00edch nejvy\u0161\u0161\u00edch bo\u017estev jin\u00fdch aboriginsk\u00fdch skupin.<\/p><p>Nejzn\u00e1m\u011bj\u0161\u00edm zobrazen\u00edm Bunjila je skaln\u00ed malba v jeskyni Bunjil (Bunjil Shelter) u Stawellu v z\u00e1padn\u00ed Victorii. Zobrazuje p\u0159ibli\u017en\u011b 1,2 metru vysokou postavu s rozpa\u017een\u00fdma rukama, ozdobou p\u0159ipom\u00ednaj\u00edc\u00ed pera a dv\u011bma doprovodn\u00fdmi psovit\u00fdmi bytostmi (z\u0159ejm\u011b jeho dva synov\u00e9 v podob\u011b zv\u00ed\u0159at). Toto m\u00edsto je od 80. let 20. stolet\u00ed pod aboriginskou ochranou.<\/p><p>V sou\u010dasn\u00e9m aboriginsk\u00e9m um\u011bn\u00ed Victorie je Bunjil \u010dasto zastupov\u00e1n orl\u00edmi symboly. N\u011bkolik wurundjersk\u00fdch um\u011blc\u016f vytvo\u0159ilo modern\u00ed zobrazen\u00ed Bunjila; zn\u00e1m\u00e1 socha socha\u0159e Bruce Armstronga stoj\u00ed dnes v Melbourne (Docklands).<\/p>\t\t\t\t\t\t\t\t<\/div>\n\t\t\t\t<\/div>\n\t\t\t\t\t<\/div>\n\t\t\t\t<\/div>\n\t\t<div class=\"elementor-element elementor-element-iwgw-bunjil-s3 e-flex e-con-boxed e-con e-parent\" data-id=\"iwgw-bunjil-s3\" data-element_type=\"container\" data-e-type=\"container\">\n\t\t\t\t\t<div class=\"e-con-inner\">\n\t\t\t\t<div class=\"elementor-element elementor-element-iwgw-bunjil-s3h elementor-widget elementor-widget-heading\" data-id=\"iwgw-bunjil-s3h\" data-element_type=\"widget\" data-e-type=\"widget\" data-widget_type=\"heading.default\">\n\t\t\t\t\t<h2 class=\"elementor-heading-title elementor-size-default\">Mytologick\u00e1 vypr\u00e1v\u011bn\u00ed<\/h2>\t\t\t\t<\/div>\n\t\t<div class=\"elementor-element elementor-element-iwgw-bunjil-s3c e-con-full e-flex e-con e-child\" data-id=\"iwgw-bunjil-s3c\" data-element_type=\"container\" data-e-type=\"container\">\n\t\t\t\t<div class=\"elementor-element elementor-element-iwgw-bunjil-s3t elementor-widget elementor-widget-text-editor\" data-id=\"iwgw-bunjil-s3t\" data-element_type=\"widget\" data-e-type=\"widget\" data-widget_type=\"text-editor.default\">\n\t\t\t\t\t\t\t\t\t<p>\u00dast\u0159edn\u00ed vypr\u00e1v\u011bn\u00ed o Bunjilovi popisuje stvo\u0159en\u00ed sv\u011bta Kulin\u016f: Bunjil a jeho bratr Waa-Crow sestoupili v \u010dase Dreaming na zem. Bunjil vytvo\u0159il krajinu a zv\u00ed\u0159ata; ze dvou kus\u016f d\u0159eva stvo\u0159il prvn\u00ed dva mu\u017ee; z hl\u00edny z \u0159\u00ed\u010dn\u00edho koryta prvn\u00ed dv\u011b \u017eeny.<\/p><p>Pot\u00e9 dal lidem kmenov\u00e9 z\u00e1kony a vystoupil zp\u011bt na nebe, kde je dnes viditeln\u00fd jako hv\u011bzda Altair (v tradici Kulin\u016f).<\/p><p>Druh\u00e9 vypr\u00e1v\u011bn\u00ed popisuje spor mezi Bunjilem a Waa-Crowem o to, kdo m\u00e1 do kter\u00e9 moiety rozd\u011blit lidi. Toto vypr\u00e1v\u011bn\u00ed legitimizuje du\u00e1ln\u00ed strukturu moiet ve spole\u010dnosti Kulin\u016f, kter\u00e1 p\u0159edepisuje s\u0148atky mezi polovinami Bunjil a Waa.<\/p><p>A. W. Howitt zaznamenal v d\u00edle <em>The Native Tribes of South-East Australia<\/em> (1904) n\u011bkolik vypr\u00e1v\u011bn\u00ed o Bunjilovi z r\u016fzn\u00fdch jazykov\u00fdch skupin Kulin\u016f. Tato sb\u00edrka z\u016fst\u00e1v\u00e1 kl\u00ed\u010dov\u00fdm prim\u00e1rn\u00edm pramenem, a\u010dkoli jej\u00ed vn\u011bj\u0161\u00ed perspektiva je dnes kriticky reflektov\u00e1na.<\/p>\t\t\t\t\t\t\t\t<\/div>\n\t\t\t\t<\/div>\n\t\t\t\t\t<\/div>\n\t\t\t\t<\/div>\n\t\t<div class=\"elementor-element elementor-element-iwgw-bunjil-s4 e-flex e-con-boxed e-con e-parent\" data-id=\"iwgw-bunjil-s4\" data-element_type=\"container\" data-e-type=\"container\">\n\t\t\t\t\t<div class=\"e-con-inner\">\n\t\t\t\t<div class=\"elementor-element elementor-element-iwgw-bunjil-s4h elementor-widget elementor-widget-heading\" data-id=\"iwgw-bunjil-s4h\" data-element_type=\"widget\" data-e-type=\"widget\" data-widget_type=\"heading.default\">\n\t\t\t\t\t<h2 class=\"elementor-heading-title elementor-size-default\">Kult a uct\u00edv\u00e1n\u00ed<\/h2>\t\t\t\t<\/div>\n\t\t<div class=\"elementor-element elementor-element-iwgw-bunjil-s4c e-con-full e-flex e-con e-child\" data-id=\"iwgw-bunjil-s4c\" data-element_type=\"container\" data-e-type=\"container\">\n\t\t\t\t<div class=\"elementor-element elementor-element-iwgw-bunjil-s4t elementor-widget elementor-widget-text-editor\" data-id=\"iwgw-bunjil-s4t\" data-element_type=\"widget\" data-e-type=\"widget\" data-widget_type=\"text-editor.default\">\n\t\t\t\t\t\t\t\t\t<p>Bunjil\u016fv <span class=\"iwg-fachbegriff\" data-tooltip=\"Souhrn n\u00e1bo\u017eensk\u00fdch \u00factypln\u00fdch \u00fakon\u016f v\u016f\u010di bo\u017estvu nebo svat\u00e9 bytosti.\" tabindex=\"0\">kult<\/span> byl na historick\u00e9m \u00fazem\u00ed Kulin\u016f \u00fazce spojen s <span class=\"iwg-fachbegriff\" data-tooltip=\"Ritu\u00e1ln\u00ed p\u0159echod, j\u00edm\u017e je n\u011bkdo p\u0159ijat do nov\u00e9ho postaven\u00ed nebo spole\u010denstv\u00ed.\" tabindex=\"0\">iniciac\u00ed<\/span> mlad\u00fdch mu\u017e\u016f. Howitt popisuje n\u011bkolik inicia\u010dn\u00edch sekvenc\u00ed, v nich\u017e se u\u010dily bunjilovsk\u00e9 zp\u011bvy, ukazovaly bunjilovsk\u00e9 hu\u010divky (bullroarery) a p\u0159ed\u00e1val se kosmologick\u00fd \u0159\u00e1d. <span class=\"iwg-fachbegriff\" data-tooltip=\"Ritu\u00e1ln\u00ed p\u0159echod, j\u00edm\u017e je n\u011bkdo p\u0159ijat do nov\u00e9ho postaven\u00ed nebo spole\u010denstv\u00ed.\" tabindex=\"0\">Iniciace<\/span> prob\u00edhala postupn\u011b a trvala n\u011bkolik let.<\/p><p>S evropsk\u00fdm os\u00eddlen\u00edm Victorie od roku 1834 byla n\u00e1bo\u017eensk\u00e1 praxe Kulin\u016f z\u00e1sadn\u011b naru\u0161ena. Do roku 1880 byla tradi\u010dn\u00ed bunjilovsk\u00e1 praxe z velk\u00e9 \u010d\u00e1sti p\u0159eru\u0161ena. Wurundjersk\u00e1 komunita v Coranderrku (zalo\u017een\u00e1 1863) uchovala n\u011bkter\u00e9 prvky v um\u00edrn\u011bn\u00e9 form\u011b; kniha Diane Barwick <em>Rebellion at Coranderrk<\/em> (1998) tuto historii dokumentuje.<\/p><p>Od 80. let 20. stolet\u00ed proch\u00e1z\u00ed bunjilovsk\u00e1 tradice obnovou. Rada star\u0161\u00edch Wurundjeri (Wurundjeri Council of Elders) pou\u017e\u00edv\u00e1 Bunjila jako kl\u00ed\u010dovou kulturn\u00ed identifika\u010dn\u00ed postavu; p\u0159i ob\u0159adech \u201eWelcome to Country\u201c je Bunjil pravideln\u011b vz\u00fdv\u00e1n.<\/p>\t\t\t\t\t\t\t\t<\/div>\n\t\t\t\t<\/div>\n\t\t\t\t\t<\/div>\n\t\t\t\t<\/div>\n\t\t<div class=\"elementor-element elementor-element-iwgw-bunjil-s5 e-flex e-con-boxed e-con e-parent\" data-id=\"iwgw-bunjil-s5\" data-element_type=\"container\" data-e-type=\"container\">\n\t\t\t\t\t<div class=\"e-con-inner\">\n\t\t\t\t<div class=\"elementor-element elementor-element-iwgw-bunjil-s5h elementor-widget elementor-widget-heading\" data-id=\"iwgw-bunjil-s5h\" data-element_type=\"widget\" data-e-type=\"widget\" data-widget_type=\"heading.default\">\n\t\t\t\t\t<h2 class=\"elementor-heading-title elementor-size-default\">Ochrann\u00e1 praxe a apotropaick\u00e9 prvky<\/h2>\t\t\t\t<\/div>\n\t\t<div class=\"elementor-element elementor-element-iwgw-bunjil-s5c e-con-full e-flex e-con e-child\" data-id=\"iwgw-bunjil-s5c\" data-element_type=\"container\" data-e-type=\"container\">\n\t\t\t\t<div class=\"elementor-element elementor-element-iwgw-bunjil-s5t elementor-widget elementor-widget-text-editor\" data-id=\"iwgw-bunjil-s5t\" data-element_type=\"widget\" data-e-type=\"widget\" data-widget_type=\"text-editor.default\">\n\t\t\t\t\t\t\t\t\t<p>Z religionistick\u00e9ho hlediska: apotropaick\u00e9 praktiky v r\u00e1mci bunjilovsk\u00e9ho komplexu nesm\u011b\u0159ovaly prim\u00e1rn\u011b k odvr\u00e1cen\u00ed \u0161kody, n\u00fdbr\u017e k dodr\u017eov\u00e1n\u00ed kmenov\u00e9ho \u0159\u00e1du, jak jej dal Bunjil. Zak\u00e1z\u00e1no bylo: s\u0148atek v r\u00e1mci stejn\u00e9 moiety; zabit\u00ed kl\u00ednoocas\u00e9ho orla (samotn\u00e9ho Bunjila); znesv\u011bcen\u00ed svat\u00fdch m\u00edst, jako je jeskyn\u011b Bunjil; vyzrazen\u00ed mu\u017esk\u00fdch tajemstv\u00ed.<\/p><p>Poru\u0161en\u00ed t\u011bchto pravidel bylo v r\u00e1mci tradice pova\u017eov\u00e1no za spou\u0161t\u011b\u010d nemoci a spole\u010densk\u00e9ho ne\u0161t\u011bst\u00ed. Tabu zab\u00edjen\u00ed orl\u016f bylo obzvl\u00e1\u0161t\u011b p\u0159\u00edsn\u00e9; mrtv\u00fd orel musel b\u00fdt poh\u0159ben jako \u010dlen kmene.<\/p><p>V sou\u010dasn\u00e9 praxi Wurundjeri se ochrana kl\u00ednoocas\u00e9ho orla stala trvaj\u00edc\u00ed ekologickou normou. N\u011bkolik wurundjersk\u00fdch iniciativ pracuje na znovuos\u00eddlen\u00ed orla v oblasti \u00fadol\u00ed Yarra.<\/p>\t\t\t\t\t\t\t\t<\/div>\n\t\t\t\t<\/div>\n\t\t\t\t\t<\/div>\n\t\t\t\t<\/div>\n\t\t<div class=\"elementor-element elementor-element-iwgw-bunjil-s6 e-flex e-con-boxed e-con e-parent\" data-id=\"iwgw-bunjil-s6\" data-element_type=\"container\" data-e-type=\"container\">\n\t\t\t\t\t<div class=\"e-con-inner\">\n\t\t\t\t<div class=\"elementor-element elementor-element-iwgw-bunjil-s6h elementor-widget elementor-widget-heading\" data-id=\"iwgw-bunjil-s6h\" data-element_type=\"widget\" data-e-type=\"widget\" data-widget_type=\"heading.default\">\n\t\t\t\t\t<h2 class=\"elementor-heading-title elementor-size-default\">Paralely v jin\u00fdch kultur\u00e1ch<\/h2>\t\t\t\t<\/div>\n\t\t<div class=\"elementor-element elementor-element-iwgw-bunjil-s6c e-con-full e-flex e-con e-child\" data-id=\"iwgw-bunjil-s6c\" data-element_type=\"container\" data-e-type=\"container\">\n\t\t\t\t<div class=\"elementor-element elementor-element-iwgw-bunjil-s6t elementor-widget elementor-widget-text-editor\" data-id=\"iwgw-bunjil-s6t\" data-element_type=\"widget\" data-e-type=\"widget\" data-widget_type=\"text-editor.default\">\n\t\t\t\t\t\t\t\t\t<p>Strukturn\u011b srovnateln\u00ed s Bunjilem jsou: <a href=\"https:\/\/iwell-guard.com\/cs\/?page_id=145518\">Baiame<\/a> u kmen\u016f Wiradjuri\/Kamilaroi (antropomorfn\u00ed), Daramulun u n\u011bkter\u00fdch skupin v Nov\u00e9m Ji\u017en\u00edm Walesu, Mungan-Ngana u Kurnai\u016f (v\u0161ichni typu \u201eV\u0161eotce\u201c podle Howitta 1884). V severoamerick\u00fdch Plains existuje orl\u00ed stvo\u0159itelsk\u00e1 tradice Sioux\u016f (Wakinyan), na Sibi\u0159i je orel stvo\u0159itelsk\u00fdm zv\u00ed\u0159etem v n\u011bkolika \u0161amansk\u00fdch tradic\u00edch.<\/p><p>Z hlediska fenomenologie n\u00e1bo\u017eenstv\u00ed je Bunjil zaj\u00edmav\u00fdm sm\u00ed\u0161en\u00fdm typem: nap\u016fl antropomorfn\u00ed, nap\u016fl totemick\u00fd. Tato dvoj\u00ed povaha ho odli\u0161uje od \u010dist\u011b antropomorfn\u00edch vrchn\u00edch bo\u017estev a d\u011bl\u00e1 z n\u011bj vd\u011b\u010dn\u00fd p\u0159\u00edpad pro religionistickou klasifikaci.<\/p><p>Tony Swain p\u0159edstavil Bunjila ve sv\u00e9 knize <em>A Place for Strangers<\/em> (1993) jako p\u0159\u00edklad specificky jihov\u00fdchodoaustralsk\u00e9 formy n\u00e1bo\u017eenstv\u00ed, kterou nelze vt\u011bsnat do evropsk\u00fdch kategori\u00ed boh\u016f.<\/p>\t\t\t\t\t\t\t\t<\/div>\n\t\t\t\t<\/div>\n\t\t\t\t\t<\/div>\n\t\t\t\t<\/div>\n\t\t<div class=\"elementor-element elementor-element-iwgw-bunjil-s7 e-flex e-con-boxed e-con e-parent\" data-id=\"iwgw-bunjil-s7\" data-element_type=\"container\" data-e-type=\"container\">\n\t\t\t\t\t<div class=\"e-con-inner\">\n\t\t\t\t<div class=\"elementor-element elementor-element-iwgw-bunjil-s7h elementor-widget elementor-widget-heading\" data-id=\"iwgw-bunjil-s7h\" data-element_type=\"widget\" data-e-type=\"widget\" data-widget_type=\"heading.default\">\n\t\t\t\t\t<h2 class=\"elementor-heading-title elementor-size-default\">Sou\u010dasn\u00e1 recepce a v\u00fdzkum<\/h2>\t\t\t\t<\/div>\n\t\t<div class=\"elementor-element elementor-element-iwgw-bunjil-s7c e-con-full e-flex e-con e-child\" data-id=\"iwgw-bunjil-s7c\" data-element_type=\"container\" data-e-type=\"container\">\n\t\t\t\t<div class=\"elementor-element elementor-element-iwgw-bunjil-s7t elementor-widget elementor-widget-text-editor\" data-id=\"iwgw-bunjil-s7t\" data-element_type=\"widget\" data-e-type=\"widget\" data-widget_type=\"text-editor.default\">\n\t\t\t\t\t\t\t\t\t<p>Nejd\u016fle\u017eit\u011bj\u0161\u00edmi ran\u00fdmi d\u00edly jsou Robert Brough Smyth: <em>The Aborigines of Victoria<\/em> (1878) a A. W. Howitt: <em>The Native Tribes of South-East Australia<\/em> (1904). Ob\u011b d\u00edla jsou ovlivn\u011bna koloni\u00e1ln\u00ed perspektivou, p\u0159esto z\u016fst\u00e1vaj\u00ed nepostradateln\u00fdmi prim\u00e1rn\u00edmi prameny.<\/p><p>Kniha Diane Barwick <em>Rebellion at Coranderrk<\/em> (1998, posmrtn\u011b vydan\u00e1) je nejv\u00fdznamn\u011bj\u0161\u00ed historickou studi\u00ed o komunit\u011b Wurundjeri v 19. stolet\u00ed; ukazuje, jak tradi\u010dn\u00ed religiozita p\u0159e\u017e\u00edvala a transformovala se v obdob\u00ed rezervac\u00ed.<\/p><p>V sou\u010dasn\u00e9 aboriginsk\u00e9 v\u011bd\u011b hraj\u00ed st\u00e1le d\u016fle\u017eit\u011bj\u0161\u00ed roli hlasy samotn\u00fdch Wurundjeri a Kulin\u016f. Bruce Pascoe, Marcia Langton a dal\u0161\u00ed zapojili Bunjila do aktu\u00e1ln\u00ed diskuse o aboriginsk\u00e9 identit\u011b a pr\u00e1vech na p\u016fdu.<\/p>\t\t\t\t\t\t\t\t<\/div>\n\t\t\t\t<\/div>\n\t\t\t\t\t<\/div>\n\t\t\t\t<\/div>\n\t\t<div class=\"elementor-element elementor-element-iwgw-bunjil-s8 e-flex e-con-boxed e-con e-parent\" data-id=\"iwgw-bunjil-s8\" data-element_type=\"container\" data-e-type=\"container\">\n\t\t\t\t\t<div class=\"e-con-inner\">\n\t\t\t\t<div class=\"elementor-element elementor-element-iwgw-bunjil-s8h elementor-widget elementor-widget-heading\" data-id=\"iwgw-bunjil-s8h\" data-element_type=\"widget\" data-e-type=\"widget\" data-widget_type=\"heading.default\">\n\t\t\t\t\t<h2 class=\"elementor-heading-title elementor-size-default\">V\u00fdzkumn\u00e9 debaty a otev\u0159en\u00e9 ot\u00e1zky<\/h2>\t\t\t\t<\/div>\n\t\t<div class=\"elementor-element elementor-element-iwgw-bunjil-s8c e-con-full e-flex e-con e-child\" data-id=\"iwgw-bunjil-s8c\" data-element_type=\"container\" data-e-type=\"container\">\n\t\t\t\t<div class=\"elementor-element elementor-element-iwgw-bunjil-s8t elementor-widget elementor-widget-text-editor\" data-id=\"iwgw-bunjil-s8t\" data-element_type=\"widget\" data-e-type=\"widget\" data-widget_type=\"text-editor.default\">\n\t\t\t\t\t\t\t\t\t<p>Kolem Bunjila se vede n\u011bkolik badatelsk\u00fdch debat. Za prv\u00e9: Jak\u00fd je jeho vztah k <a href=\"https:\/\/iwell-guard.com\/cs\/?page_id=145518\">Baiamemu<\/a> a Daramulunovi? Howitt je pova\u017eoval za region\u00e1ln\u00ed varianty spole\u010dn\u00e9ho typu \u201eV\u0161eotce\u201c; nov\u011bj\u0161\u00ed bad\u00e1n\u00ed (Swain) m\u00e1 tendenci vn\u00edmat je jako samostatn\u00e9 region\u00e1ln\u00ed postavy.<\/p><p>Za druh\u00e9: Jakou roli hraje syst\u00e9m moiet (Bunjil\/Waa) v dne\u0161n\u00ed identit\u011b Wurundjeri? S p\u0159eru\u0161en\u00edm tradi\u010dn\u00edho man\u017eelsk\u00e9ho \u0159\u00e1du v 19. stolet\u00ed ztratilo d\u011blen\u00ed na moiety svou p\u016fvodn\u00ed soci\u00e1ln\u00ed funkci; dnes p\u0159e\u017e\u00edv\u00e1 jako kulturn\u00ed identifika\u010dn\u00ed postava.<\/p><p>Za t\u0159et\u00ed: Jak se prom\u011b\u0148uje tradice Bunjila prost\u0159ednictv\u00edm sou\u010dasn\u00e9 aboriginsk\u00e9 renesance? Ian D. Clark p\u0159edlo\u017eil v knize <em>Aboriginal Languages and Clans of Victoria<\/em> (1990) systematick\u00fd p\u0159ehled; nov\u011bj\u0161\u00ed hlasy samotn\u00e9 komunity Wurundjeri tento obraz dopl\u0148uj\u00ed.<\/p>\t\t\t\t\t\t\t\t<\/div>\n\t\t\t\t<\/div>\n\t\t\t\t\t<\/div>\n\t\t\t\t<\/div>\n\t\t<div class=\"elementor-element elementor-element-iwgw-bunjil-s9 e-flex e-con-boxed e-con e-parent\" data-id=\"iwgw-bunjil-s9\" data-element_type=\"container\" data-e-type=\"container\">\n\t\t\t\t\t<div class=\"e-con-inner\">\n\t\t\t\t<div class=\"elementor-element elementor-element-iwgw-bunjil-s9h elementor-widget elementor-widget-heading\" data-id=\"iwgw-bunjil-s9h\" data-element_type=\"widget\" data-e-type=\"widget\" data-widget_type=\"heading.default\">\n\t\t\t\t\t<h2 class=\"elementor-heading-title elementor-size-default\">Bunjil a syst\u00e9m moiet u Kulin\u016f<\/h2>\t\t\t\t<\/div>\n\t\t<div class=\"elementor-element elementor-element-iwgw-bunjil-s9c e-con-full e-flex e-con e-child\" data-id=\"iwgw-bunjil-s9c\" data-element_type=\"container\" data-e-type=\"container\">\n\t\t\t\t<div class=\"elementor-element elementor-element-iwgw-bunjil-s9t elementor-widget elementor-widget-text-editor\" data-id=\"iwgw-bunjil-s9t\" data-element_type=\"widget\" data-e-type=\"widget\" data-widget_type=\"text-editor.default\">\n\t\t\t\t\t\t\t\t\t<p>Hlub\u0161\u00ed pozornost si zaslou\u017e\u00ed syst\u00e9m moiet u Kulin\u016f. Spole\u010dnost Kulin\u016f byla rozd\u011blena na dv\u011b \u201epoloviny\u201c (moiety): Bunjil-Eaglehawk a Waa-Crow. Ka\u017ed\u00fd \u010dlov\u011bk n\u00e1le\u017eel k jedn\u00e9 z obou polovin a s\u0148atky byly povoleny pouze p\u0159es hranici moiety. Tato du\u00e1ln\u00ed struktura upravovala p\u0159\u00edbuzenstv\u00ed a krom\u011b toho i ritu\u00e1ln\u00ed funkce, pr\u00e1va k p\u016fd\u011b a kosmologick\u00e1 p\u0159i\u0159azen\u00ed.<\/p><p>Howitt tento syst\u00e9m systematicky popsal v d\u00edle <em>The Native Tribes of South-East Australia<\/em> (1904); jeho z\u00e1pisky jsou z religionisticko-antropologick\u00e9ho hlediska d\u016fle\u017eit\u00fdm pramenem pro studium dualistick\u00fdch soci\u00e1ln\u00edch uspo\u0159\u00e1d\u00e1n\u00ed.<\/p><p>Z fenomenologick\u00e9ho hlediska n\u00e1bo\u017eenstv\u00ed je syst\u00e9m moiet jedn\u00edm z nejlep\u0161\u00edch p\u0159\u00edklad\u016f \u00fazk\u00e9ho spojen\u00ed mezi <span class=\"iwg-fachbegriff\" data-tooltip=\"Souhrn tradovan\u00fdch vypr\u00e1v\u011bn\u00ed o boz\u00edch v dan\u00e9 kultu\u0159e.\" tabindex=\"0\">mytologi\u00ed<\/span> (spor sourozenc\u016f Bunjil\/Waa) a soci\u00e1ln\u00edm \u0159\u00e1dem. N\u00e1bo\u017eenstv\u00ed tu nen\u00ed odd\u011blenou oblast\u00ed, n\u00fdbr\u017e integr\u00e1ln\u00ed sou\u010d\u00e1st\u00ed spole\u010densk\u00e9ho \u017eivota.<\/p>\t\t\t\t\t\t\t\t<\/div>\n\t\t\t\t<\/div>\n\t\t\t\t\t<\/div>\n\t\t\t\t<\/div>\n\t\t<div class=\"elementor-element elementor-element-iwgw-bunjil-s10 e-flex e-con-boxed e-con e-parent\" data-id=\"iwgw-bunjil-s10\" data-element_type=\"container\" data-e-type=\"container\">\n\t\t\t\t\t<div class=\"e-con-inner\">\n\t\t\t\t<div class=\"elementor-element elementor-element-iwgw-bunjil-s10h elementor-widget elementor-widget-heading\" data-id=\"iwgw-bunjil-s10h\" data-element_type=\"widget\" data-e-type=\"widget\" data-widget_type=\"heading.default\">\n\t\t\t\t\t<h2 class=\"elementor-heading-title elementor-size-default\">Bunjil a renesance Wurundjeri<\/h2>\t\t\t\t<\/div>\n\t\t<div class=\"elementor-element elementor-element-iwgw-bunjil-s10c e-con-full e-flex e-con e-child\" data-id=\"iwgw-bunjil-s10c\" data-element_type=\"container\" data-e-type=\"container\">\n\t\t\t\t<div class=\"elementor-element elementor-element-iwgw-bunjil-s10t elementor-widget elementor-widget-text-editor\" data-id=\"iwgw-bunjil-s10t\" data-element_type=\"widget\" data-e-type=\"widget\" data-widget_type=\"text-editor.default\">\n\t\t\t\t\t\t\t\t\t<p>Od 80. let 20. stolet\u00ed za\u017e\u00edv\u00e1 komunita Wurundjeri v Melbourne kulturn\u00ed renesanci. Bunjil se p\u0159i tom stal centr\u00e1ln\u00ed identifika\u010dn\u00ed postavou. Wurundjeri Council of Elders ho vyu\u017e\u00edv\u00e1 v ofici\u00e1ln\u00edch prohl\u00e1\u0161en\u00edch; jeskyn\u011b Bunjil u Stawellu se stala poutn\u00edm m\u00edstem.<\/p><p>P\u0159i ka\u017edoro\u010dn\u00edch ceremoni\u00edch \u201eWelcome to Country\u201c v Melbourne je Bunjil pravideln\u011b vz\u00fdv\u00e1n; samo m\u011bsto m\u00e1 od roku 2002 v oblasti Docklands velkou sochu Bunjila (od Bruce Armstronga), kter\u00e1 funguje jako symbolick\u00fd bod p\u0159iv\u00edt\u00e1n\u00ed pro n\u00e1v\u0161t\u011bvn\u00edky.<\/p><p>Z hlediska sociologie n\u00e1bo\u017eenstv\u00ed je tato renesance p\u0159\u00edkladem sou\u010dasn\u00e9 aboriginsk\u00e9 identitn\u00ed politiky: n\u00e1bo\u017eensk\u00e9 tradice se st\u00e1vaj\u00ed z\u00e1kladem modern\u00ed kulturn\u00ed reprezentace a politick\u00e9 argumentace.<\/p>\t\t\t\t\t\t\t\t<\/div>\n\t\t\t\t<\/div>\n\t\t\t\t\t<\/div>\n\t\t\t\t<\/div>\n\t\t<div class=\"elementor-element elementor-element-iwgw-bunjil-s11 e-flex e-con-boxed e-con e-parent\" data-id=\"iwgw-bunjil-s11\" data-element_type=\"container\" data-e-type=\"container\">\n\t\t\t\t\t<div class=\"e-con-inner\">\n\t\t\t\t<div class=\"elementor-element elementor-element-iwgw-bunjil-s11h elementor-widget elementor-widget-heading\" data-id=\"iwgw-bunjil-s11h\" data-element_type=\"widget\" data-e-type=\"widget\" data-widget_type=\"heading.default\">\n\t\t\t\t\t<h2 class=\"elementor-heading-title elementor-size-default\">Metodologick\u00e1 reflexe a prameny<\/h2>\t\t\t\t<\/div>\n\t\t<div class=\"elementor-element elementor-element-iwgw-bunjil-s11c e-con-full e-flex e-con e-child\" data-id=\"iwgw-bunjil-s11c\" data-element_type=\"container\" data-e-type=\"container\">\n\t\t\t\t<div class=\"elementor-element elementor-element-iwgw-bunjil-s11t elementor-widget elementor-widget-text-editor\" data-id=\"iwgw-bunjil-s11t\" data-element_type=\"widget\" data-e-type=\"widget\" data-widget_type=\"text-editor.default\">\n\t\t\t\t\t\t\t\t\t<p>P\u0159i v\u00fdzkumu Bunjila vznik\u00e1 n\u011bkolik metodologick\u00fdch probl\u00e9m\u016f. Za prv\u00e9: nejd\u016fle\u017eit\u011bj\u0161\u00ed prim\u00e1rn\u00ed prameny (Brough Smyth, Howitt) poch\u00e1zej\u00ed z 19. stolet\u00ed a jsou ovlivn\u011bny koloni\u00e1ln\u00ed perspektivou. Sou\u010dasn\u00fd v\u00fdzkum s nimi pracuje kritick\u00fdm zp\u016fsobem.<\/p><p>Za druh\u00e9: mnoho poznatk\u016f o Bunjilovi bylo po\u0161kozeno z\u00e1nikem Coranderrku v roce 1924 a n\u00e1slednou politikou rezervac\u00ed. To, co dnes v\u00edme, je proto nutn\u011b jen v\u00fdsekem tradi\u010dn\u00ed hloubky.<\/p><p>Za t\u0159et\u00ed: sou\u010dasn\u00e1 sebeprezentace Wurundjeri je samostatnou pramennou \u00farovn\u00ed. Bruce Pascoe (<em>Dark Emu<\/em>, 2014) a dal\u0161\u00ed domorod\u00ed badatel\u00e9 p\u0159in\u00e1\u0161ej\u00ed nov\u00e9 perspektivy.<\/p><p>Kdo se chce v\u011bnovat Bunjilovu komplexu v cel\u00e9 jeho \u0161\u00ed\u0159i, najde na p\u0159ehledov\u00e9 str\u00e1nce <a href=\"https:\/\/iwell-guard.com\/cs\/aboriginal-australie-dreamtime-tjukurpa\/\">Aboriginsk\u00e1 tradice<\/a> nejd\u016fle\u017eit\u011bj\u0161\u00ed odkazy na p\u0159\u00edbuzn\u00e9 postavy jako <a href=\"https:\/\/iwell-guard.com\/cs\/?page_id=145518\">Baiame<\/a> a <a href=\"https:\/\/iwell-guard.com\/cs\/?page_id=145520\">Yhi<\/a>.<\/p>\t\t\t\t\t\t\t\t<\/div>\n\t\t\t\t<\/div>\n\t\t\t\t\t<\/div>\n\t\t\t\t<\/div>\n\t\t<div class=\"elementor-element elementor-element-iwgw-bunjil-s12 e-flex e-con-boxed e-con e-parent\" data-id=\"iwgw-bunjil-s12\" data-element_type=\"container\" data-e-type=\"container\">\n\t\t\t\t\t<div class=\"e-con-inner\">\n\t\t\t\t<div class=\"elementor-element elementor-element-iwgw-bunjil-s12h elementor-widget elementor-widget-heading\" data-id=\"iwgw-bunjil-s12h\" data-element_type=\"widget\" data-e-type=\"widget\" data-widget_type=\"heading.default\">\n\t\t\t\t\t<h2 class=\"elementor-heading-title elementor-size-default\">Bunjil a odkaz Coranderrku<\/h2>\t\t\t\t<\/div>\n\t\t<div class=\"elementor-element elementor-element-iwgw-bunjil-s12c e-con-full e-flex e-con e-child\" data-id=\"iwgw-bunjil-s12c\" data-element_type=\"container\" data-e-type=\"container\">\n\t\t\t\t<div class=\"elementor-element elementor-element-iwgw-bunjil-s12t elementor-widget elementor-widget-text-editor\" data-id=\"iwgw-bunjil-s12t\" data-element_type=\"widget\" data-e-type=\"widget\" data-widget_type=\"text-editor.default\">\n\t\t\t\t\t\t\t\t\t<p>Zvl\u00e1\u0161tn\u00ed historickou pozornost si zaslou\u017e\u00ed odkaz Coranderrku. Coranderrk byla aboriginsk\u00e1 rezervace ve Victorii (1863\u20131924), kter\u00e1 se stala nejv\u00fdznamn\u011bj\u0161\u00ed komunitou Wurundjeri 19. stolet\u00ed. Byla modelem relativn\u011b autonomn\u00ed aboriginsk\u00e9 samospr\u00e1vy.<\/p><p>Kniha Diane Barwick <em>Rebellion at Coranderrk<\/em> (1998, posmrtn\u011b vydan\u00e1) je nejd\u016fle\u017eit\u011bj\u0161\u00ed historickou studi\u00ed o t\u00e9to rezervaci. Ukazuje, jak Wurundjeri v podm\u00ednk\u00e1ch Coranderrku dok\u00e1zali svou tradi\u010dn\u00ed n\u00e1bo\u017eenskou praxi zachovat v pozm\u011bn\u011bn\u00e9 form\u011b; Bunjil z\u016fstal centr\u00e1ln\u00ed referen\u010dn\u00ed postavou.<\/p><p>Uzav\u0159en\u00ed Coranderrku v roce 1924 bylo traumatick\u00fdm zlomem v d\u011bjin\u00e1ch Wurundjeri. Teprve od 80. let 20. stolet\u00ed komunita Wurundjeri otev\u0159en\u011b prosazuje svou kulturn\u00ed kontinuitu; tradice Bunjila v tom hraje \u00fast\u0159edn\u00ed roli.<\/p>\t\t\t\t\t\t\t\t<\/div>\n\t\t\t\t<\/div>\n\t\t\t\t\t<\/div>\n\t\t\t\t<\/div>\n\t\t<div class=\"elementor-element elementor-element-iwgw-bunjil-s13 e-flex e-con-boxed e-con e-parent\" data-id=\"iwgw-bunjil-s13\" data-element_type=\"container\" data-e-type=\"container\">\n\t\t\t\t\t<div class=\"e-con-inner\">\n\t\t\t\t<div class=\"elementor-element elementor-element-iwgw-bunjil-s13h elementor-widget elementor-widget-heading\" data-id=\"iwgw-bunjil-s13h\" data-element_type=\"widget\" data-e-type=\"widget\" data-widget_type=\"heading.default\">\n\t\t\t\t\t<h2 class=\"elementor-heading-title elementor-size-default\">Bunjil a Melbourne jako zem\u011b Wurundjeri<\/h2>\t\t\t\t<\/div>\n\t\t<div class=\"elementor-element elementor-element-iwgw-bunjil-s13c e-con-full e-flex e-con e-child\" data-id=\"iwgw-bunjil-s13c\" data-element_type=\"container\" data-e-type=\"container\">\n\t\t\t\t<div class=\"elementor-element elementor-element-iwgw-bunjil-s13t elementor-widget elementor-widget-text-editor\" data-id=\"iwgw-bunjil-s13t\" data-element_type=\"widget\" data-e-type=\"widget\" data-widget_type=\"text-editor.default\">\n\t\t\t\t\t\t\t\t\t<p>M\u011bsto Melbourne bylo postaveno na \u00fazem\u00ed Wurundjeri (Wurundjeri Country). Tato skute\u010dnost je od 90. let 20. stolet\u00ed st\u00e1le v\u00edce uzn\u00e1v\u00e1na v m\u011bstsk\u00e9 identitn\u00ed politice; Bunjil se zde stal symbolick\u00fdm zt\u011blesn\u011bn\u00edm domorod\u00e9ho d\u011bdictv\u00ed.<\/p><p>Socha\u0159sk\u00e9 d\u00edlo Bunjil od Bruce Armstronga (2002) v Melbourne Docklands je p\u016fsobiv\u00fdm p\u0159\u00edkladem: 25 metr\u016f vysok\u00e1 socha orla, kter\u00e1 funguje jako symbolick\u00e9 \u201eWelcome to Country\u201c pro n\u00e1v\u0161t\u011bvn\u00edky. Je nejv\u011bt\u0161\u00ed sochou spojenou s domorodou kulturou v Austr\u00e1lii.<\/p><p>Z hlediska sociologie n\u00e1bo\u017eenstv\u00ed je tato socha u\u010debnicov\u00fdm p\u0159\u00edkladem sou\u010dasn\u00e9 reprezentace domorod\u00fdch obyvatel ve m\u011bstsk\u00e9m prostoru. Zviditel\u0148uje n\u00e1bo\u017eenskou tradici pro \u0161irokou, p\u0159ev\u00e1\u017en\u011b nedomorodou ve\u0159ejnost.<\/p>\t\t\t\t\t\t\t\t<\/div>\n\t\t\t\t<\/div>\n\t\t\t\t\t<\/div>\n\t\t\t\t<\/div>\n\t\t<div class=\"elementor-element elementor-element-iwgw-bunjil-s14 e-flex e-con-boxed e-con e-parent\" data-id=\"iwgw-bunjil-s14\" data-element_type=\"container\" data-e-type=\"container\">\n\t\t\t\t\t<div class=\"e-con-inner\">\n\t\t\t\t<div class=\"elementor-element elementor-element-iwgw-bunjil-s14h elementor-widget elementor-widget-heading\" data-id=\"iwgw-bunjil-s14h\" data-element_type=\"widget\" data-e-type=\"widget\" data-widget_type=\"heading.default\">\n\t\t\t\t\t<h2 class=\"elementor-heading-title elementor-size-default\">Bunjil a domorod\u00e1 astronomie<\/h2>\t\t\t\t<\/div>\n\t\t<div class=\"elementor-element elementor-element-iwgw-bunjil-s14c e-con-full e-flex e-con e-child\" data-id=\"iwgw-bunjil-s14c\" data-element_type=\"container\" data-e-type=\"container\">\n\t\t\t\t<div class=\"elementor-element elementor-element-iwgw-bunjil-s14t elementor-widget elementor-widget-text-editor\" data-id=\"iwgw-bunjil-s14t\" data-element_type=\"widget\" data-e-type=\"widget\" data-widget_type=\"text-editor.default\">\n\t\t\t\t\t\t\t\t\t<p>V tradici Kulin\u016f je Bunjil identifikov\u00e1n s hv\u011bzdou Altair (v z\u00e1padn\u00edm syst\u00e9mu souhv\u011bzd\u00ed Orel). Toto astronomick\u00e9 zakotven\u00ed nen\u00ed n\u00e1hodn\u00e9: Altair je skute\u010dn\u011b nejjasn\u011bj\u0161\u00ed hv\u011bzdou v z\u00e1padn\u00edm souhv\u011bzd\u00ed Orel, co\u017e odpov\u00edd\u00e1 ikonografick\u00e9 identifikaci Bunjila jako kl\u00ednoocas\u00e9ho orla.<\/p><p>Domorod\u00e1 astronomie skupin Kulin\u016f zahrnuje bohatou tradici hv\u011bzdn\u00fdch vypr\u00e1v\u011bn\u00ed. John Morieson ve sv\u00e9m d\u00edle <em>The Night Sky of the Boorong<\/em> (1996) rekonstruoval astronomickou tradici skupiny Wergaia; ukazuje mimo\u0159\u00e1dnou hloubku pozorov\u00e1n\u00ed.<\/p><p>Z hlediska fenomenologie n\u00e1bo\u017eenstv\u00ed je toto astronomick\u00e9 zakotven\u00ed d\u016fle\u017eit\u00e9: Bunjil je nad r\u00e1mec sv\u00e9 mytick\u00e9 podstaty kosmologickou konstantou. \u201ePohybuje se\u201c s ro\u010dn\u00edm cyklem, co\u017e strukturovalo domorodou kalend\u00e1\u0159n\u00ed praxi. Toto propojen\u00ed n\u00e1bo\u017eenstv\u00ed a astronomie je jedn\u00edm z nejbohat\u0161\u00edch d\u011bdictv\u00ed domorod\u00e9 v\u011bdy.<\/p>\t\t\t\t\t\t\t\t<\/div>\n\t\t\t\t<\/div>\n\t\t\t\t\t<\/div>\n\t\t\t\t<\/div>\n\t\t<div class=\"elementor-element elementor-element-iwgw-bunjil-s15 e-flex e-con-boxed e-con e-parent\" data-id=\"iwgw-bunjil-s15\" data-element_type=\"container\" data-e-type=\"container\">\n\t\t\t\t\t<div class=\"e-con-inner\">\n\t\t\t\t<div class=\"elementor-element elementor-element-iwgw-bunjil-s15h elementor-widget elementor-widget-heading\" data-id=\"iwgw-bunjil-s15h\" data-element_type=\"widget\" data-e-type=\"widget\" data-widget_type=\"heading.default\">\n\t\t\t\t\t<h2 class=\"elementor-heading-title elementor-size-default\">Bunjil a socha Bruce Armstronga<\/h2>\t\t\t\t<\/div>\n\t\t<div class=\"elementor-element elementor-element-iwgw-bunjil-s15c e-con-full e-flex e-con e-child\" data-id=\"iwgw-bunjil-s15c\" data-element_type=\"container\" data-e-type=\"container\">\n\t\t\t\t<div class=\"elementor-element elementor-element-iwgw-bunjil-s15t elementor-widget elementor-widget-text-editor\" data-id=\"iwgw-bunjil-s15t\" data-element_type=\"widget\" data-e-type=\"widget\" data-widget_type=\"text-editor.default\">\n\t\t\t\t\t\t\t\t\t<p>Socha Bunjila od Bruce Armstronga vysok\u00e1 25 metr\u016f (2002) v Melbourne Docklands je jednou z nejv\u011bt\u0161\u00edch soch spojen\u00fdch s domorodou kulturou v Austr\u00e1lii. Symbolizuje sou\u010dasnou identitu Wurundjeri a funguje jako \u201eWelcome to Country\u201c pro n\u00e1v\u0161t\u011bvn\u00edky m\u011bsta.<\/p><p>Z hlediska antropologie n\u00e1bo\u017eenstv\u00ed je socha zaj\u00edmav\u00e1 t\u00edm, \u017ee p\u0159ev\u00e1d\u00ed tradi\u010dn\u011b ritu\u00e1ln\u00ed postavu do m\u011bstsk\u00e9ho prostoru. Bunjil je zde identifika\u010dn\u00ed figurou mal\u00e9ho domorod\u00e9ho spole\u010denstv\u00ed a z\u00e1rove\u0148 ve\u0159ejn\u00fdm <span class=\"iwg-fachbegriff\" data-tooltip=\"Znak, kter\u00fd zastupuje ur\u010ditou p\u0159edstavu nebo v\u00fdznam.\" tabindex=\"0\">symbolem<\/span> m\u011bsta s t\u00e9m\u011b\u0159 p\u011bti miliony obyvatel.<\/p><p>Tato dvoj\u00ed funkce (domorod\u00e9 n\u00e1bo\u017eenstv\u00ed a m\u011bstsk\u00e1 reprezentace) je z hlediska sociologie n\u00e1bo\u017eenstv\u00ed u\u010debnicov\u00fdm p\u0159\u00edpadem. Vyvol\u00e1v\u00e1 ot\u00e1zky: Jak daleko lze domorodou postavu p\u0159ev\u00e1d\u011bt do ve\u0159ejn\u00e9ho prostoru? Kdo o tom rozhoduje? Tyto ot\u00e1zky jsou v sou\u010dasn\u00e9 domorod\u00e9 diskusi \u017eiv\u011b projedn\u00e1v\u00e1ny.<\/p>\t\t\t\t\t\t\t\t<\/div>\n\t\t\t\t<\/div>\n\t\t\t\t\t<\/div>\n\t\t\t\t<\/div>\n\t\t<div class=\"elementor-element elementor-element-iwgw-bunjil-s16 e-flex e-con-boxed e-con e-parent\" data-id=\"iwgw-bunjil-s16\" data-element_type=\"container\" data-e-type=\"container\">\n\t\t\t\t\t<div class=\"e-con-inner\">\n\t\t\t\t<div class=\"elementor-element elementor-element-iwgw-bunjil-s16h elementor-widget elementor-widget-heading\" data-id=\"iwgw-bunjil-s16h\" data-element_type=\"widget\" data-e-type=\"widget\" data-widget_type=\"heading.default\">\n\t\t\t\t\t<h2 class=\"elementor-heading-title elementor-size-default\">Bunjil a diskuse o zdrav\u00ed domorod\u00e9ho obyvatelstva<\/h2>\t\t\t\t<\/div>\n\t\t<div class=\"elementor-element elementor-element-iwgw-bunjil-s16c e-con-full e-flex e-con e-child\" data-id=\"iwgw-bunjil-s16c\" data-element_type=\"container\" data-e-type=\"container\">\n\t\t\t\t<div class=\"elementor-element elementor-element-iwgw-bunjil-s16t elementor-widget elementor-widget-text-editor\" data-id=\"iwgw-bunjil-s16t\" data-element_type=\"widget\" data-e-type=\"widget\" data-widget_type=\"text-editor.default\">\n\t\t\t\t\t\t\t\t\t<p>Historickou pozornost si zaslou\u017e\u00ed role Bunjila v sou\u010dasn\u00e9 diskusi o zdrav\u00ed domorod\u00e9ho obyvatelstva. Zdravotn\u00ed stav domorod\u00e9ho obyvatelstva Victorie je v\u00fdrazn\u011b hor\u0161\u00ed ne\u017e u nedomorod\u00e9ho obyvatelstva; iniciativa \u201eClosing the Gap\u201c sm\u011b\u0159uje k odstran\u011bn\u00ed tohoto rozd\u00edlu.<\/p><p>V t\u00e9to diskusi je Bunjil st\u00e1le v\u00edce vyu\u017e\u00edv\u00e1n jako referen\u010dn\u00ed postava pro \u201ekulturn\u011b informovan\u00e9\u201c zdravotn\u00ed slu\u017eby. Domorod\u00e9 zdravotnick\u00e9 organizace, jako je VAHS (Victorian Aboriginal Health Service), za\u010dle\u0148uj\u00ed tradi\u010dn\u00ed spiritualitu do modern\u00ed l\u00e9ka\u0159sk\u00e9 praxe.<\/p><p>Z hlediska sociologie n\u00e1bo\u017eenstv\u00ed je toto za\u010dlen\u011bn\u00ed zaj\u00edmav\u00fdm studijn\u00edm p\u0159\u00edpadem. N\u00e1bo\u017eenstv\u00ed je ch\u00e1p\u00e1no jako dopln\u011bk medic\u00edny, nikoli jako alternativa k n\u00ed; Bunjil vystupuje jako sou\u010d\u00e1st holistick\u00e9ho pojet\u00ed zdrav\u00ed, konkurentem klasick\u00e9 medic\u00edny naopak nen\u00ed.<\/p>\t\t\t\t\t\t\t\t<\/div>\n\t\t\t\t<\/div>\n\t\t\t\t\t<\/div>\n\t\t\t\t<\/div>\n\t\t<div class=\"elementor-element elementor-element-iwgw-bunjil-s17 e-flex e-con-boxed e-con e-parent\" data-id=\"iwgw-bunjil-s17\" data-element_type=\"container\" data-e-type=\"container\">\n\t\t\t\t\t<div class=\"e-con-inner\">\n\t\t\t\t<div class=\"elementor-element elementor-element-iwgw-bunjil-s17h elementor-widget elementor-widget-heading\" data-id=\"iwgw-bunjil-s17h\" data-element_type=\"widget\" data-e-type=\"widget\" data-widget_type=\"heading.default\">\n\t\t\t\t\t<h2 class=\"elementor-heading-title elementor-size-default\">Bunjil a sou\u010dasn\u00fd domorod\u00fd diskurz<\/h2>\t\t\t\t<\/div>\n\t\t<div class=\"elementor-element elementor-element-iwgw-bunjil-s17c e-con-full e-flex e-con e-child\" data-id=\"iwgw-bunjil-s17c\" data-element_type=\"container\" data-e-type=\"container\">\n\t\t\t\t<div class=\"elementor-element elementor-element-iwgw-bunjil-s17t elementor-widget elementor-widget-text-editor\" data-id=\"iwgw-bunjil-s17t\" data-element_type=\"widget\" data-e-type=\"widget\" data-widget_type=\"text-editor.default\">\n\t\t\t\t\t\t\t\t\t<p>Z\u00e1v\u011bre\u010dnou zm\u00ednku si zaslou\u017e\u00ed Bunjil v sou\u010dasn\u00e9m domorod\u00e9m diskurzu. Wurundjeri Council of Elders a dal\u0161\u00ed organizace Kulin\u016f vyu\u017e\u00edvaj\u00ed Bunjila jako kl\u00ed\u010dovou referen\u010dn\u00ed postavu pro kulturn\u00ed sebepotvrzen\u00ed.<\/p><p>Stan Grant, v\u00fdznamn\u00fd domorod\u00fd \u017eurnalista a spisovatel, rozpracoval ve sv\u00fdch d\u00edlech v\u00fdznam Bunjila pro sou\u010dasnou domorodou identitu. Tato diskurzivn\u00ed praxe \u010din\u00ed z Bunjila jednu z nej\u017eiv\u011bj\u0161\u00edch domorod\u00fdch v\u016fd\u010d\u00edch postav sou\u010dasnosti.<\/p>\t\t\t\t\t\t\t\t<\/div>\n\t\t\t\t<\/div>\n\t\t\t\t\t<\/div>\n\t\t\t\t<\/div>\n\t\t<div class=\"elementor-element elementor-element-cp2b560de4 e-flex e-con-boxed e-con e-parent\" data-id=\"cp2b560de4\" data-element_type=\"container\" data-e-type=\"container\">\n\t\t\t\t\t<div class=\"e-con-inner\">\n\t\t\t\t<div class=\"elementor-element elementor-element-cp2364caff elementor-widget elementor-widget-heading\" data-id=\"cp2364caff\" data-element_type=\"widget\" data-e-type=\"widget\" data-widget_type=\"heading.default\">\n\t\t\t\t\t<h2 class=\"elementor-heading-title elementor-size-default\">Region\u00e1ln\u00ed vazba na jazykov\u00e9 skupiny Kulin\u016f<\/h2>\t\t\t\t<\/div>\n\t\t<div class=\"elementor-element elementor-element-cp21658029 e-flex e-con-boxed e-con e-child\" data-id=\"cp21658029\" data-element_type=\"container\" data-e-type=\"container\">\n\t\t\t\t\t<div class=\"e-con-inner\">\n\t\t\t\t<div class=\"elementor-element elementor-element-cp20940a10 elementor-widget elementor-widget-text-editor\" data-id=\"cp20940a10\" data-element_type=\"widget\" data-e-type=\"widget\" data-widget_type=\"text-editor.default\">\n\t\t\t\t\t\t\t\t\t<p>Bunjil nen\u00ed panaustralskou postavou, ale pat\u0159\u00ed konkr\u00e9tn\u011b k jazykov\u00fdm skupin\u00e1m takzvan\u00e9ho n\u00e1roda Kulin ve st\u0159edn\u00edm a ji\u017en\u00edm Victoria. K nim pat\u0159\u00ed mimo jin\u00e9 Wurundjeri, Boonwurrung, Taungurung, Wathaurong a Dja Dja Wurrung.<\/p><p>V t\u011bchto p\u0159\u00edbuzn\u00fdch jazyc\u00edch slovo <em>bunjil<\/em> ozna\u010duje kl\u00ednoocas\u00e9ho orla a mytologick\u00e1 postava nese toto jm\u00e9no jako orl\u00ed p\u0159edek. P\u0159en\u00e1\u0161en\u00ed tradice Bunjila na domorod\u00e9 kultury jin\u00fdch \u010d\u00e1st\u00ed zem\u011b, nap\u0159\u00edklad Arnhemsk\u00e9 zem\u011b nebo z\u00e1padn\u00ed pustiny, je v\u011bcn\u011b neopodstatn\u011bn\u00e9.<\/p><p>Ve spole\u010dnosti Kulin\u016f je Bunjil spojen s jednou ze dvou moiet, soci\u00e1ln\u00edho rozd\u011blen\u00ed na dv\u011b poloviny, kter\u00e9 upravuje s\u0148atkov\u00e1 pravidla a p\u0159\u00edbuzenstv\u00ed. Jedna polovina n\u00e1le\u017e\u00ed Bunjilovi, orlovi, druh\u00e1 Waa, vran\u00ed p\u0159edkovi.<\/p><p>Toto p\u00e1rov\u00e1n\u00ed je t\u0159eba ch\u00e1pat jako komplement\u00e1rn\u00ed uspo\u0159\u00e1d\u00e1n\u00ed, kter\u00e9 p\u0159edepisuje s\u0148atky mezi ob\u011bma polovinami, nikoli jako protiklad dobra a zla. Ran\u00ed badatel\u00e9, jako jazykov\u011bdec a osadn\u00edk William Thomas a etnograf Alfred William Howitt, tyto struktury dokumentovali v 19. stolet\u00ed, ov\u0161em ji\u017e ve f\u00e1zi masivn\u00ed koloni\u00e1ln\u00ed destrukce spole\u010dnosti Kulin\u016f.<\/p><p>Se stavem pramen\u016f je proto t\u0159eba zach\u00e1zet obez\u0159etn\u011b. Mnoh\u00e9 z toho, co se o Bunjilovi zachovalo, poch\u00e1z\u00ed ze z\u00e1pis\u016f osadn\u00edk\u016f, mision\u00e1\u0159\u016f a \u00fa\u0159edn\u00edk\u016f, kte\u0159\u00ed jazyky ovl\u00e1dali jen \u010d\u00e1ste\u010dn\u011b a sv\u00e9 inform\u00e1tory \u010dasto vysl\u00fdchali za podm\u00ednek vyh\u00e1n\u011bn\u00ed a misijn\u00ed kontroly.<\/p><p>Dne\u0161n\u00ed komunity Wurundjeri a dal\u0161\u00edch Kulin\u016f zd\u016fraz\u0148uj\u00ed, \u017ee Bunjil je \u017eivou sou\u010d\u00e1st\u00ed jejich identity a nesm\u00ed b\u00fdt redukov\u00e1n na historickou etnografii. V\u00fdroky o Bunjilovi by proto m\u011bly v\u017edy uv\u00e1d\u011bt konkr\u00e9tn\u00ed jazykovou skupinu a ozna\u010dovat koloni\u00e1ln\u00ed zprost\u0159edkov\u00e1n\u00ed jako takov\u00e9.<\/p>\t\t\t\t\t\t\t\t<\/div>\n\t\t\t\t\t<\/div>\n\t\t\t\t<\/div>\n\t\t\t\t\t<\/div>\n\t\t\t\t<\/div>\n\t\t<div class=\"elementor-element elementor-element-cp236600f0 e-flex e-con-boxed e-con e-parent\" data-id=\"cp236600f0\" data-element_type=\"container\" data-e-type=\"container\">\n\t\t\t\t\t<div class=\"e-con-inner\">\n\t\t\t\t<div class=\"elementor-element elementor-element-cp2f1dcd32 elementor-widget elementor-widget-heading\" data-id=\"cp2f1dcd32\" data-element_type=\"widget\" data-e-type=\"widget\" data-widget_type=\"heading.default\">\n\t\t\t\t\t<h2 class=\"elementor-heading-title elementor-size-default\">Skaln\u00ed \u00fato\u010di\u0161t\u011b Bunjil's Shelter u Stawellu<\/h2>\t\t\t\t<\/div>\n\t\t<div class=\"elementor-element elementor-element-cp2238c52e e-flex e-con-boxed e-con e-child\" data-id=\"cp2238c52e\" data-element_type=\"container\" data-e-type=\"container\">\n\t\t\t\t\t<div class=\"e-con-inner\">\n\t\t\t\t<div class=\"elementor-element elementor-element-cp20e1712c elementor-widget elementor-widget-text-editor\" data-id=\"cp20e1712c\" data-element_type=\"widget\" data-e-type=\"widget\" data-widget_type=\"text-editor.default\">\n\t\t\t\t\t\t\t\t\t<p>Nejzn\u00e1m\u011bj\u0161\u00edm m\u00edstem spojen\u00fdm s Bunjilem je skaln\u00ed p\u0159evis v poho\u0159\u00ed Black Range u Stawellu na z\u00e1pad\u011b Victorie, kter\u00fd je dnes ozna\u010dov\u00e1n jako Bunjil&#8217;s Shelter nebo Bunjil&#8217;s Cave.<\/p><p>Pod p\u0159evisem se nach\u00e1z\u00ed skaln\u00ed malba zobrazuj\u00edc\u00ed lidskou postavu s rozpa\u017een\u00fdmi pa\u017eemi, po jej\u00edch\u017e stran\u00e1ch jsou dv\u011b men\u0161\u00ed zv\u00ed\u0159ec\u00ed postavy, obvykle vykl\u00e1dan\u00e9 jako dingov\u00e9. Jde o jedin\u00e9 zn\u00e1m\u00e9 v\u00fdtvarn\u00e9 zobrazen\u00ed Bunjila v naskaln\u00edm um\u011bn\u00ed tohoto regionu.<\/p><p>Datov\u00e1n\u00ed malby je nejist\u00e9. Byla vytvo\u0159ena \u010derven\u00fdmi a b\u00edl\u00fdmi pigmenty a nelze vylou\u010dit opakovan\u00e9 p\u0159emalov\u00e1n\u00ed nebo obnovu. Spolehliv\u00e9 absolutn\u00ed datov\u00e1n\u00ed chyb\u00ed, co\u017e je u ochrov\u00fdch maleb tohoto typu obvykl\u00e9.<\/p><p>P\u0159i\u0159azen\u00ed postavy Bunjilovi vych\u00e1z\u00ed z m\u00edstn\u00ed <span class=\"iwg-fachbegriff\" data-tooltip=\"P\u0159ed\u00e1v\u00e1n\u00ed znalost\u00ed a vypr\u00e1v\u011bn\u00ed nap\u0159\u00ed\u010d generacemi.\" tabindex=\"0\">tradice<\/span> aboriginsk\u00fdch komunit regionu, nikoli z <span class=\"iwg-fachbegriff\" data-tooltip=\"Text vyryt\u00fd nebo vytesan\u00fd do pevn\u00e9ho materi\u00e1lu.\" tabindex=\"0\">n\u00e1pisu<\/span> nebo jednozna\u010dn\u00e9ho ikonografick\u00e9ho znaku.<\/p><p>M\u00edsto bylo ve 20. stolet\u00ed po ur\u010ditou dobu zna\u010dn\u011b po\u0161kozeno vandalismem, na\u010de\u017e byla v 50. letech a pozd\u011bji v 90. letech p\u0159ijata ochrann\u00e1 opat\u0159en\u00ed, v\u010detn\u011b m\u0159\u00ed\u017ee a upraven\u00e9 trasy p\u0159\u00edstupu. Dnes je lokalita spr\u00e1vov\u00e1na ve spolupr\u00e1ci s tradi\u010dn\u00edmi vlastn\u00edky.<\/p><p>Bunjil&#8217;s Shelter je p\u0159\u00edkladem toho, jak m\u016f\u017ee jedin\u00fd n\u00e1lezov\u00fd komplex b\u00fdt z\u00e1rove\u0148 archeologickou pam\u00e1tkou, \u017eiv\u00fdm kultovn\u00edm m\u00edstem a p\u0159edm\u011btem ochran\u00e1\u0159sk\u00e9 politiky.<\/p><p>Pro bad\u00e1n\u00ed o Bunjilovi z\u016fst\u00e1v\u00e1 toto m\u00edsto kl\u00ed\u010dov\u00e9, proto\u017ee spojuje \u00fastn\u00ed <span class=\"iwg-fachbegriff\" data-tooltip=\"P\u0159ed\u00e1v\u00e1n\u00ed znalost\u00ed a vypr\u00e1v\u011bn\u00ed nap\u0159\u00ed\u010d generacemi.\" tabindex=\"0\">tradici<\/span> s hmotn\u00fdm sv\u011bdectv\u00edm, i kdy\u017e jeho st\u00e1\u0159\u00ed a p\u016fvodn\u00ed v\u00fdznam lze rekonstruovat jen omezen\u011b. Podobn\u00e9 p\u0159edstavy o \u0159\u00e1du se objevuj\u00ed i u <a href=\"https:\/\/iwell-guard.com\/cs\/?page_id=145518\">Baiame<\/a> d\u00e1le na severu.<\/p>\t\t\t\t\t\t\t\t<\/div>\n\t\t\t\t\t<\/div>\n\t\t\t\t<\/div>\n\t\t\t\t\t<\/div>\n\t\t\t\t<\/div>\n\t\t<div class=\"elementor-element elementor-element-iwgw-bunjil-lit e-flex e-con-boxed e-con e-parent\" data-id=\"iwgw-bunjil-lit\" data-element_type=\"container\" data-e-type=\"container\">\n\t\t\t\t\t<div class=\"e-con-inner\">\n\t\t\t\t<div class=\"elementor-element elementor-element-iwgw-bunjil-lith elementor-widget elementor-widget-heading\" data-id=\"iwgw-bunjil-lith\" data-element_type=\"widget\" data-e-type=\"widget\" data-widget_type=\"heading.default\">\n\t\t\t\t\t<h2 class=\"elementor-heading-title elementor-size-default\">Literatura (v\u00fdb\u011br)<\/h2>\t\t\t\t<\/div>\n\t\t<div class=\"elementor-element elementor-element-iwgw-bunjil-litc e-con-full e-flex e-con e-child\" data-id=\"iwgw-bunjil-litc\" data-element_type=\"container\" data-e-type=\"container\">\n\t\t\t\t<div class=\"elementor-element elementor-element-iwgw-bunjil-litt elementor-widget elementor-widget-text-editor\" data-id=\"iwgw-bunjil-litt\" data-element_type=\"widget\" data-e-type=\"widget\" data-widget_type=\"text-editor.default\">\n\t\t\t\t\t\t\t\t\t<ul><li>A. W. Howitt: <em>The Native Tribes of South-East Australia<\/em> (1904)<\/li><li>Robert Brough Smyth: <em>The Aborigines of Victoria<\/em> (1878)<\/li><li>Diane Barwick: <em>Rebellion at Coranderrk<\/em> (1998)<\/li><li>Tony Swain: <em>A Place for Strangers<\/em> (Cambridge 1993)<\/li><li>Lynne Hume: <em>Ancestral Power<\/em> (Melbourne 2002)<\/li><li>Bill Edwards: <em>An Introduction to Aboriginal Societies<\/em> (1998)<\/li><li>Ian D. Clark: <em>Aboriginal Languages and Clans of Victoria<\/em> (1990)<\/li><\/ul>\t\t\t\t\t\t\t\t<\/div>\n\t\t\t\t<\/div>\n\t\t\t\t\t<\/div>\n\t\t\t\t<\/div>\n\t\t<div class=\"elementor-element elementor-element-iwgkw-add-bunjil e-flex e-con-boxed e-con e-parent\" data-id=\"iwgkw-add-bunjil\" data-element_type=\"container\" data-e-type=\"container\">\n\t\t\t\t\t<div class=\"e-con-inner\">\n\t\t\t\t<div class=\"elementor-element elementor-element-iwgkw-add-bunjil-t elementor-widget elementor-widget-text-editor\" data-id=\"iwgkw-add-bunjil-t\" data-element_type=\"widget\" data-e-type=\"widget\" data-widget_type=\"text-editor.default\">\n\t\t\t\t\t\t\t\t\t<p>Bunjil, kl\u00ednoocas\u00fd orel, je v tradic\u00edch kulinsk\u00fdch kmen\u016f v dne\u0161n\u00ed Victorii pova\u017eov\u00e1n za stvo\u0159itele a zakladatele \u0159\u00e1du. K t\u011bmto kmen\u016fm pat\u0159\u00ed mimo jin\u00e9 Wurundjeri, Boonwurrung, Taungurung, Wathaurong a Dja Dja Wurrung, z nich\u017e ka\u017ed\u00fd udr\u017euje vlastn\u00ed varianty vypr\u00e1v\u011bn\u00ed o Bunjilovi. Kmeny spojuj\u00ed orla s charakteristick\u00fdmi rysy krajiny, soci\u00e1ln\u00edmi pravidly a inicia\u010dn\u00edm v\u011bdom\u00edm.<\/p>\t\t\t\t\t\t\t\t<\/div>\n\t\t\t\t\t<\/div>\n\t\t\t\t<\/div>\n\t\t<div class=\"elementor-element elementor-element-iwgkw2-add-bunjil e-flex e-con-boxed e-con e-parent\" data-id=\"iwgkw2-add-bunjil\" data-element_type=\"container\" data-e-type=\"container\">\n\t\t\t\t\t<div class=\"e-con-inner\">\n\t\t\t\t<div class=\"elementor-element elementor-element-iwgkw2-add-bunjil-t elementor-widget elementor-widget-text-editor\" data-id=\"iwgkw2-add-bunjil-t\" data-element_type=\"widget\" data-e-type=\"widget\" data-widget_type=\"text-editor.default\">\n\t\t\t\t\t\t\t\t\t<p>U kulinsk\u00fdch kmen\u016f Victorie se Bunjil objevuje jako Wedge-Tailed Eagle a stvo\u0159itel; prameny Howitta, Smytha a Massoly zachycuj\u00ed jeho <span class=\"iwg-fachbegriff\" data-tooltip=\"Tradovan\u00e9 vypr\u00e1v\u011bn\u00ed o boz\u00edch, po\u010d\u00e1tc\u00edch a uspo\u0159\u00e1d\u00e1n\u00ed sv\u011bta.\" tabindex=\"0\">m\u00fdtus<\/span> o vzestupu na nebesa a zalo\u017een\u00ed rodov\u00e9ho \u0159\u00e1du.<\/p>\t\t\t\t\t\t\t\t<\/div>\n\t\t\t\t\t<\/div>\n\t\t\t\t<\/div>\n\t\t<div class=\"elementor-element elementor-element-iwgw-bunjil-kwd e-flex e-con-boxed e-con e-parent\" data-id=\"iwgw-bunjil-kwd\" data-element_type=\"container\" data-e-type=\"container\">\n\t\t\t\t\t<div class=\"e-con-inner\">\n\t\t<div class=\"elementor-element elementor-element-iwgw-bunjil-kwdc e-con-full e-flex e-con e-child\" data-id=\"iwgw-bunjil-kwdc\" data-element_type=\"container\" data-e-type=\"container\">\n\t\t\t\t<div class=\"elementor-element elementor-element-iwgw-bunjil-kwdt elementor-widget elementor-widget-text-editor\" data-id=\"iwgw-bunjil-kwdt\" data-element_type=\"widget\" data-e-type=\"widget\" data-widget_type=\"text-editor.default\">\n\t\t\t\t\t\t\t\t\t<p><em>Souvisej\u00edc\u00ed kl\u00ed\u010dov\u00e1 slova: Bunjil Kulin Wurundjeri Wedge-Tailed Eagle Waa Crow All-Father.<\/em><\/p>\t\t\t\t\t\t\t\t<\/div>\n\t\t\t\t<\/div>\n\t\t\t\t\t<\/div>\n\t\t\t\t<\/div>\n\t\t<div class=\"elementor-element elementor-element-iwgw-bunjil-cc e-flex e-con-boxed e-con e-parent\" data-id=\"iwgw-bunjil-cc\" data-element_type=\"container\" data-e-type=\"container\" id=\"iwg-cc-bunjil\">\n\t\t\t\t\t<div class=\"e-con-inner\">\n\t\t<div class=\"elementor-element elementor-element-iwgw-bunjil-ccinner e-flex e-con-boxed e-con e-parent\" data-id=\"iwgw-bunjil-ccinner\" data-element_type=\"container\" data-e-type=\"container\" data-settings=\"{&quot;background_background&quot;:&quot;classic&quot;}\">\n\t\t\t\t\t<div class=\"e-con-inner\">\n\t\t\t\t<div class=\"elementor-element elementor-element-iwgw-bunjil-cch elementor-widget elementor-widget-heading\" data-id=\"iwgw-bunjil-cch\" data-element_type=\"widget\" data-e-type=\"widget\" data-widget_type=\"heading.default\">\n\t\t\t\t\t<h2 class=\"elementor-heading-title elementor-size-default\">iWell Guard a ochrann\u00e9 tradice<\/h2>\t\t\t\t<\/div>\n\t\t\t\t<div class=\"elementor-element elementor-element-iwgw-bunjil-cct elementor-widget elementor-widget-text-editor\" data-id=\"iwgw-bunjil-cct\" data-element_type=\"widget\" data-e-type=\"widget\" data-widget_type=\"text-editor.default\">\n\t\t\t\t\t\t\t\t\t<div data-nosnippet=\"true\"><p>iWell Guard navazuje na kulturn\u011b-historickou tradici nositeln\u00fdch ochrann\u00fdch p\u0159edm\u011bt\u016f, v tradici <a href=\"https:\/\/iwell-guard.com\/cs\/aboriginal-australie-dreamtime-tjukurpa\/\">domorod\u00fdch Australan\u016f (Aboriginal)<\/a> a mnoha dal\u0161\u00edch kultur po cel\u00e9m sv\u011bt\u011b. 41 vrstev, ryz\u00ed zlato, platina, st\u0159\u00edbro, vyrobeno v N\u011bmecku. 30denn\u00ed pr\u00e1vo na vr\u00e1cen\u00ed zbo\u017e\u00ed.<\/p><\/div>\t\t\t\t\t\t\t\t<\/div>\n\t\t\t\t<div class=\"elementor-element elementor-element-iwgw-bunjil-ccb iwg-cc-button iwg-cc-cta-2026-05-13 elementor-widget elementor-widget-jet-button\" data-id=\"iwgw-bunjil-ccb\" data-element_type=\"widget\" data-e-type=\"widget\" data-widget_type=\"jet-button.default\">\n\t\t\t\t<div class=\"elementor-widget-container\">\n\t\t\t\t\t<div class=\"elementor-jet-button jet-elements\"><div class=\"jet-button__container\"><a class=\"jet-button__instance jet-button__instance--icon-left hover-effect-1\" href=\"\/ueber-iwell-guard\/?utm_source=iwell-guard.com&amp;utm_medium=info-box&amp;utm_campaign=wesen-tradition\"><div class=\"jet-button__plane jet-button__plane-normal\"><\/div><div class=\"jet-button__plane jet-button__plane-hover\"><\/div><div class=\"jet-button__state jet-button__state-normal\"><span class=\"jet-button__label\">V\u00edce o iWell Guard<\/span><\/div><div class=\"jet-button__state jet-button__state-hover\"><span class=\"jet-button__label\">V\u00edce o iWell Guard<\/span><\/div><\/a><\/div><\/div><style>.elementor-element.elementor-element-iwgw-bunjil-ccb .jet-button__instance{width:320px;height:56px;}.elementor-element.elementor-element-iwgw-bunjil-ccb .jet-button__state-normal .jet-button__label{text-align:center;margin:0px 0px 0px 0px;color:#1a1b20;font-family:Montserrat,sans-serif;font-size:13px;font-weight:400;letter-spacing:4px;line-height:1.714em;text-transform:uppercase;}.elementor-element.elementor-element-iwgw-bunjil-ccb .jet-button__state-hover .jet-button__label{text-align:center;margin:0px 0px 0px 0px;color:#FECC76;font-family:Montserrat,sans-serif;font-size:13px;font-weight:400;letter-spacing:4px;line-height:1.714em;text-transform:uppercase;}.elementor-element.elementor-element-iwgw-bunjil-ccb .jet-button__plane-normal{background-color:#FECC76;border-style:solid;border-color:#C99540;border-width:2px 2px 2px 2px;}.elementor-element.elementor-element-iwgw-bunjil-ccb .jet-button__plane-hover{background-color:rgba(0,0,0,0.55);border-style:solid;border-color:#FECC76;border-width:2px 2px 2px 2px;}<\/style>\t\t\t\t<\/div>\n\t\t\t\t<\/div>\n\t\t\t\t<div class=\"elementor-element elementor-element-iwgw-bunjil-ccd elementor-widget elementor-widget-text-editor\" data-id=\"iwgw-bunjil-ccd\" data-element_type=\"widget\" data-e-type=\"widget\" data-widget_type=\"text-editor.default\">\n\t\t\t\t\t\t\t\t\t<div data-nosnippet=\"true\"><p style=\"text-align:center;font-size:13px;opacity:0.7;margin-top:14px\" data-nosnippet=\"true\">Osobn\u00ed zku\u0161enosti se mohou li\u0161it. Nejedn\u00e1 se o zdravotnick\u00fd prost\u0159edek. Nen\u00ed slibem l\u00e9\u010div\u00e9ho \u00fa\u010dinku.<\/p><\/div>\t\t\t\t\t\t\t\t<\/div>\n\t\t\t\t\t<\/div>\n\t\t\t\t<\/div>\n\t\t\t\t\t<\/div>\n\t\t\t\t<\/div>\n\t\t<div class=\"elementor-element elementor-element-iwgw-bunjil-disc e-flex e-con-boxed e-con e-parent\" data-id=\"iwgw-bunjil-disc\" data-element_type=\"container\" data-e-type=\"container\">\n\t\t\t\t\t<div class=\"e-con-inner\">\n\t\t\t\t<div class=\"elementor-element elementor-element-iwgw-bunjil-discw elementor-widget elementor-widget-html\" data-id=\"iwgw-bunjil-discw\" data-element_type=\"widget\" data-e-type=\"widget\" data-widget_type=\"html.default\">\n\t\t\t\t\t<footer data-nosnippet=\"true\" class=\"iwg-disclaimer-block\"><p data-nosnippet=\"true\">iWell Guard <strong>nen\u00ed zdravotnick\u00fd prost\u0159edek<\/strong> a nenahrazuje l\u00e9ka\u0159skou ani psychoterapeutickou l\u00e9\u010dbu. Religionistick\u00fd obsah p\u0159edstavuje kulturn\u011b-historick\u00e9 za\u0159azen\u00ed, nikoli doporu\u010den\u00ed duchovn\u00ed praxe.<\/p><\/footer>\t\t\t\t<\/div>\n\t\t\t\t\t<\/div>\n\t\t\t\t<\/div>\n\t\t\t\t<\/div>\n\t\t","protected":false},"excerpt":{"rendered":"","protected":false},"author":3,"featured_media":2869,"parent":0,"menu_order":0,"comment_status":"closed","ping_status":"closed","template":"elementor_header_footer","meta":{"_yoast_wpseo_focuskw":"Bunjil aboriginsk\u00fd Kulin","_yoast_wpseo_title":"Bunjil \u2013 aboriginsk\u00fd orl\u00ed stvo\u0159itel, m\u00fdtus a prameny","_yoast_wpseo_metadesc":"Bunjil je orl\u00ed stvo\u0159itel kmen\u016f Kulin ve st\u00e1t\u011b Victoria. Religionistick\u00e9 za\u0159azen\u00ed s m\u00fdtem, kultem a prameny.","_yoast_wpseo_meta-robots-noindex":"","_yoast_wpseo_canonical":"","_angie_page":false,"gefaehrdungsstufe":"2","wesen_kultur":"aboriginal","wesen_klasse":"goetter","footnotes":""},"categories":[],"class_list":["post-145519","page","type-page","status-publish","has-post-thumbnail","hentry"],"yoast_head":"<!-- This site is optimized with the Yoast SEO Premium plugin v27.7 (Yoast SEO v28.3) - https:\/\/yoast.com\/product\/yoast-seo-premium-wordpress\/ -->\n<title>Bunjil \u2013 aboriginsk\u00fd orl\u00ed stvo\u0159itel, m\u00fdtus a prameny<\/title>\n<meta name=\"description\" content=\"Bunjil je orl\u00ed stvo\u0159itel kmen\u016f Kulin ve st\u00e1t\u011b Victoria. Religionistick\u00e9 za\u0159azen\u00ed s m\u00fdtem, kultem a prameny.\" \/>\n<meta name=\"robots\" content=\"index, follow, max-snippet:-1, max-image-preview:large, max-video-preview:-1\" \/>\n<link rel=\"canonical\" href=\"https:\/\/iwell-guard.com\/cs\/bunjil-orli-stvoritel-kulinu\/\" \/>\n<meta property=\"og:locale\" content=\"cs_CZ\" \/>\n<meta property=\"og:type\" content=\"article\" \/>\n<meta property=\"og:title\" content=\"Bunjil \u2013 orl\u00ed stvo\u0159itel Kulin\u016f\" \/>\n<meta property=\"og:description\" content=\"Bunjil je orl\u00ed stvo\u0159itel kmen\u016f Kulin ve st\u00e1t\u011b Victoria. Religionistick\u00e9 za\u0159azen\u00ed s m\u00fdtem, kultem a prameny.\" \/>\n<meta property=\"og:url\" content=\"https:\/\/iwell-guard.com\/cs\/bunjil-orli-stvoritel-kulinu\/\" \/>\n<meta property=\"og:site_name\" content=\"iWell Guard\" \/>\n<meta property=\"article:modified_time\" content=\"2026-09-03T16:58:14+00:00\" \/>\n<meta property=\"og:image\" content=\"https:\/\/iwell-guard.com\/wp-content\/uploads\/2026\/05\/goetter_aboriginal_bunjil.webp\" \/>\n\t<meta property=\"og:image:width\" content=\"1024\" \/>\n\t<meta property=\"og:image:height\" content=\"1536\" \/>\n\t<meta property=\"og:image:type\" content=\"image\/webp\" \/>\n<meta name=\"twitter:card\" content=\"summary_large_image\" \/>\n<script type=\"application\/ld+json\" class=\"yoast-schema-graph\">{\"@context\":\"https:\\\/\\\/schema.org\",\"@graph\":[{\"@type\":\"WebPage\",\"@id\":\"https:\\\/\\\/iwell-guard.com\\\/cs\\\/bunjil-orli-stvoritel-kulinu\\\/\",\"url\":\"https:\\\/\\\/iwell-guard.com\\\/cs\\\/bunjil-orli-stvoritel-kulinu\\\/\",\"name\":\"Bunjil \u2013 aboriginsk\u00fd orl\u00ed stvo\u0159itel, m\u00fdtus a prameny\",\"isPartOf\":{\"@id\":\"https:\\\/\\\/iwell-guard.com\\\/cs\\\/#website\"},\"primaryImageOfPage\":{\"@id\":\"https:\\\/\\\/iwell-guard.com\\\/cs\\\/bunjil-orli-stvoritel-kulinu\\\/#primaryimage\"},\"image\":{\"@id\":\"https:\\\/\\\/iwell-guard.com\\\/cs\\\/bunjil-orli-stvoritel-kulinu\\\/#primaryimage\"},\"thumbnailUrl\":\"https:\\\/\\\/iwell-guard.com\\\/wp-content\\\/uploads\\\/2026\\\/05\\\/goetter_aboriginal_bunjil.webp\",\"datePublished\":\"2026-09-03T16:31:10+00:00\",\"dateModified\":\"2026-09-03T16:58:14+00:00\",\"description\":\"Bunjil je orl\u00ed stvo\u0159itel kmen\u016f Kulin ve st\u00e1t\u011b Victoria. Religionistick\u00e9 za\u0159azen\u00ed s m\u00fdtem, kultem a prameny.\",\"breadcrumb\":{\"@id\":\"https:\\\/\\\/iwell-guard.com\\\/cs\\\/bunjil-orli-stvoritel-kulinu\\\/#breadcrumb\"},\"inLanguage\":\"cs\",\"potentialAction\":[{\"@type\":\"ReadAction\",\"target\":[\"https:\\\/\\\/iwell-guard.com\\\/cs\\\/bunjil-orli-stvoritel-kulinu\\\/\"]}]},{\"@type\":\"ImageObject\",\"inLanguage\":\"cs\",\"@id\":\"https:\\\/\\\/iwell-guard.com\\\/cs\\\/bunjil-orli-stvoritel-kulinu\\\/#primaryimage\",\"url\":\"https:\\\/\\\/iwell-guard.com\\\/wp-content\\\/uploads\\\/2026\\\/05\\\/goetter_aboriginal_bunjil.webp\",\"contentUrl\":\"https:\\\/\\\/iwell-guard.com\\\/wp-content\\\/uploads\\\/2026\\\/05\\\/goetter_aboriginal_bunjil.webp\",\"width\":1024,\"height\":1536,\"caption\":\"Bohov\u00e9 z tradice domorod\u00fdch Australan\u016f (Aboriginal).\"},{\"@type\":\"BreadcrumbList\",\"@id\":\"https:\\\/\\\/iwell-guard.com\\\/cs\\\/bunjil-orli-stvoritel-kulinu\\\/#breadcrumb\",\"itemListElement\":[{\"@type\":\"ListItem\",\"position\":1,\"name\":\"Start\",\"item\":\"https:\\\/\\\/iwell-guard.com\\\/cs\\\/?page_id=145107\"},{\"@type\":\"ListItem\",\"position\":2,\"name\":\"Bunjil \u2013 orl\u00ed stvo\u0159itel Kulin\u016f\"}]},{\"@type\":\"WebSite\",\"@id\":\"https:\\\/\\\/iwell-guard.com\\\/cs\\\/#website\",\"url\":\"https:\\\/\\\/iwell-guard.com\\\/cs\\\/\",\"name\":\"iWell Guard\",\"description\":\"Schutz vor dunklen Einfl\u00fcssen\",\"publisher\":{\"@id\":\"https:\\\/\\\/iwell-guard.com\\\/cs\\\/#organization\"},\"potentialAction\":[{\"@type\":\"SearchAction\",\"target\":{\"@type\":\"EntryPoint\",\"urlTemplate\":\"https:\\\/\\\/iwell-guard.com\\\/cs\\\/?s={search_term_string}\"},\"query-input\":{\"@type\":\"PropertyValueSpecification\",\"valueRequired\":true,\"valueName\":\"search_term_string\"}}],\"inLanguage\":\"cs\"},{\"@type\":\"Organization\",\"@id\":\"https:\\\/\\\/iwell-guard.com\\\/cs\\\/#organization\",\"name\":\"Ittermann electronic GmbH\",\"url\":\"https:\\\/\\\/iwell-guard.com\\\/cs\\\/\",\"logo\":{\"@type\":\"ImageObject\",\"inLanguage\":\"cs\",\"@id\":\"https:\\\/\\\/iwell-guard.com\\\/cs\\\/#\\\/schema\\\/logo\\\/image\\\/\",\"url\":\"https:\\\/\\\/iwell-guard.com\\\/wp-content\\\/uploads\\\/2026\\\/05\\\/Ittermann-Logo-1182x237-1.png\",\"contentUrl\":\"https:\\\/\\\/iwell-guard.com\\\/wp-content\\\/uploads\\\/2026\\\/05\\\/Ittermann-Logo-1182x237-1.png\",\"width\":1182,\"height\":237,\"caption\":\"Ittermann electronic GmbH\"},\"image\":{\"@id\":\"https:\\\/\\\/iwell-guard.com\\\/cs\\\/#\\\/schema\\\/logo\\\/image\\\/\"},\"sameAs\":[\"https:\\\/\\\/pantip.com\\\/profile\\\/9367242\",\"https:\\\/\\\/micro.blog\\\/iwellguard\",\"https:\\\/\\\/www.diggerslist.com\\\/iwellguard\\\/about\",\"https:\\\/\\\/skitterphoto.com\\\/photographers\\\/2870314\\\/iwell-guard\",\"https:\\\/\\\/iwellguard.wordpress.com\\\/2026\\\/06\\\/06\\\/iwell-guard\\\/\",\"https:\\\/\\\/hub.docker.com\\\/u\\\/iwellguard\",\"https:\\\/\\\/www.pinterest.com\\\/iwellguard\\\/\",\"https:\\\/\\\/bit.ly\\\/m\\\/iwellguard\",\"https:\\\/\\\/entre-vos-mains.alsace.eu\\\/profiles\\\/iwellguard\\\/activity\",\"https:\\\/\\\/gravatar.com\\\/reallybeded8fd34\",\"https:\\\/\\\/naijamatta.com\\\/iwellguard\",\"https:\\\/\\\/www.goodreads.com\\\/iwellguard\",\"https:\\\/\\\/profile.hatena.ne.jp\\\/iwellguard\\\/\",\"https:\\\/\\\/experiment.com\\\/users\\\/iwellguard\",\"https:\\\/\\\/wakelet.com\\\/@iWellGuard82270\",\"https:\\\/\\\/www.chordie.com\\\/forum\\\/profile.php?id=2555664\",\"https:\\\/\\\/www.instapaper.com\\\/p\\\/17757966\",\"https:\\\/\\\/www.mapleprimes.com\\\/users\\\/iwellguard\",\"https:\\\/\\\/businesslistingplus.com\\\/profile\\\/iwell-guard\\\/\",\"https:\\\/\\\/telegra.ph\\\/iWell-Guard-06-06\",\"https:\\\/\\\/pbase.com\\\/iwellguard\\\/iwellguard\",\"https:\\\/\\\/b.hatena.ne.jp\\\/iwellguard\\\/20260607#bookmark-4788405196491818882\",\"https:\\\/\\\/fliphtml5.com\\\/home\\\/iwellguard\",\"https:\\\/\\\/anyflip.com\\\/homepage\\\/cmiwl#About\",\"https:\\\/\\\/transfur.com\\\/Users\\\/iwellguard\",\"http:\\\/\\\/delphi.larsbo.org\\\/user\\\/iwellguard\",\"https:\\\/\\\/jobs.lajobsportal.org\\\/profiles\\\/8380803-iwell-guard\",\"https:\\\/\\\/md.chaosdorf.de\\\/s\\\/jfbe5SBdJD\",\"https:\\\/\\\/www.lingvolive.com\\\/en-us\\\/profile\\\/9ecaeaca-ce11-4e51-9e71-01d55e2bff36\\\/translations\",\"https:\\\/\\\/www.fitday.com\\\/fitness\\\/forums\\\/members\\\/iwellguard.html\",\"https:\\\/\\\/www.mymeetbook.com\\\/iwellguard\",\"https:\\\/\\\/pxhere.com\\\/en\\\/photographer-me\\\/5040798\",\"https:\\\/\\\/disqus.com\\\/by\\\/iwellguard\\\/about\\\/\",\"https:\\\/\\\/pastelink.net\\\/hjwciqwq\",\"https:\\\/\\\/pubhtml5.com\\\/homepage\\\/scjhn\\\/\",\"https:\\\/\\\/www.bitchute.com\\\/channel\\\/2O2eOKzNqujT\",\"https:\\\/\\\/audiomack.com\\\/iwellguard\"]},{\"@type\":\"Article\",\"@id\":\"https:\\\/\\\/iwell-guard.com\\\/cs\\\/bunjil-orli-stvoritel-kulinu\\\/#article\",\"isPartOf\":{\"@id\":\"https:\\\/\\\/iwell-guard.com\\\/cs\\\/bunjil-orli-stvoritel-kulinu\\\/\"},\"author\":{\"name\":\"Ralf Ittermann\",\"@id\":\"https:\\\/\\\/iwell-guard.com\\\/cs\\\/#\\\/schema\\\/person\\\/ee2a27f1cac3406c7c6fb5820cb7349f\"},\"headline\":\"Bunjil \u2013 orl\u00ed stvo\u0159itel Kulin\u016f\",\"datePublished\":\"2026-09-03T16:31:10+00:00\",\"dateModified\":\"2026-09-03T16:58:14+00:00\",\"mainEntityOfPage\":{\"@id\":\"https:\\\/\\\/iwell-guard.com\\\/cs\\\/bunjil-orli-stvoritel-kulinu\\\/\"},\"publisher\":{\"@id\":\"https:\\\/\\\/iwell-guard.com\\\/cs\\\/#organization\"},\"image\":{\"@id\":\"https:\\\/\\\/iwell-guard.com\\\/cs\\\/bunjil-orli-stvoritel-kulinu\\\/#primaryimage\"},\"thumbnailUrl\":\"https:\\\/\\\/iwell-guard.com\\\/wp-content\\\/uploads\\\/2026\\\/05\\\/goetter_aboriginal_bunjil.webp\",\"inLanguage\":\"cs\",\"description\":\"Bunjil je orl\u00ed stvo\u0159itel kmen\u016f Kulin ve st\u00e1t\u011b Victoria. Religionistick\u00e9 za\u0159azen\u00ed s m\u00fdtem, kultem a prameny.\"}]}<\/script>\n<!-- \/ Yoast SEO Premium plugin. -->","yoast_head_json":{"title":"Bunjil \u2013 aboriginsk\u00fd orl\u00ed stvo\u0159itel, m\u00fdtus a prameny","description":"Bunjil je orl\u00ed stvo\u0159itel kmen\u016f Kulin ve st\u00e1t\u011b Victoria. Religionistick\u00e9 za\u0159azen\u00ed s m\u00fdtem, kultem a prameny.","robots":{"index":"index","follow":"follow","max-snippet":"max-snippet:-1","max-image-preview":"max-image-preview:large","max-video-preview":"max-video-preview:-1"},"canonical":"https:\/\/iwell-guard.com\/cs\/bunjil-orli-stvoritel-kulinu\/","og_locale":"cs_CZ","og_type":"article","og_title":"Bunjil \u2013 orl\u00ed stvo\u0159itel Kulin\u016f","og_description":"Bunjil je orl\u00ed stvo\u0159itel kmen\u016f Kulin ve st\u00e1t\u011b Victoria. Religionistick\u00e9 za\u0159azen\u00ed s m\u00fdtem, kultem a prameny.","og_url":"https:\/\/iwell-guard.com\/cs\/bunjil-orli-stvoritel-kulinu\/","og_site_name":"iWell Guard","article_modified_time":"2026-09-03T16:58:14+00:00","og_image":[{"width":1024,"height":1536,"url":"https:\/\/iwell-guard.com\/wp-content\/uploads\/2026\/05\/goetter_aboriginal_bunjil.webp","type":"image\/webp"}],"twitter_card":"summary_large_image","schema":{"@context":"https:\/\/schema.org","@graph":[{"@type":"Article","@id":"https:\/\/iwell-guard.com\/cs\/bunjil-orli-stvoritel-kulinu\/#article","isPartOf":{"@id":"https:\/\/iwell-guard.com\/cs\/bunjil-orli-stvoritel-kulinu\/"},"author":{"name":"Ralf Ittermann","@id":"https:\/\/iwell-guard.com\/cs\/#\/schema\/person\/ee2a27f1cac3406c7c6fb5820cb7349f"},"headline":"Bunjil \u2013 orl\u00ed stvo\u0159itel Kulin\u016f","datePublished":"2026-09-03T16:31:10+00:00","dateModified":"2026-09-03T16:58:14+00:00","mainEntityOfPage":{"@id":"https:\/\/iwell-guard.com\/cs\/bunjil-orli-stvoritel-kulinu\/"},"publisher":{"@id":"https:\/\/iwell-guard.com\/cs\/#organization"},"image":{"@id":"https:\/\/iwell-guard.com\/cs\/bunjil-orli-stvoritel-kulinu\/#primaryimage"},"thumbnailUrl":"https:\/\/iwell-guard.com\/wp-content\/uploads\/2026\/05\/goetter_aboriginal_bunjil.webp","inLanguage":"cs","description":"Bunjil je orl\u00ed stvo\u0159itel kmen\u016f Kulin ve st\u00e1t\u011b Victoria. Religionistick\u00e9 za\u0159azen\u00ed s m\u00fdtem, kultem a prameny."},{"@type":"WebPage","@id":"https:\/\/iwell-guard.com\/cs\/bunjil-orli-stvoritel-kulinu\/","url":"https:\/\/iwell-guard.com\/cs\/bunjil-orli-stvoritel-kulinu\/","name":"Bunjil \u2013 aboriginsk\u00fd orl\u00ed stvo\u0159itel, m\u00fdtus a prameny","isPartOf":{"@id":"https:\/\/iwell-guard.com\/cs\/#website"},"primaryImageOfPage":{"@id":"https:\/\/iwell-guard.com\/cs\/bunjil-orli-stvoritel-kulinu\/#primaryimage"},"image":{"@id":"https:\/\/iwell-guard.com\/cs\/bunjil-orli-stvoritel-kulinu\/#primaryimage"},"thumbnailUrl":"https:\/\/iwell-guard.com\/wp-content\/uploads\/2026\/05\/goetter_aboriginal_bunjil.webp","datePublished":"2026-09-03T16:31:10+00:00","dateModified":"2026-09-03T16:58:14+00:00","description":"Bunjil je orl\u00ed stvo\u0159itel kmen\u016f Kulin ve st\u00e1t\u011b Victoria. Religionistick\u00e9 za\u0159azen\u00ed s m\u00fdtem, kultem a prameny.","breadcrumb":{"@id":"https:\/\/iwell-guard.com\/cs\/bunjil-orli-stvoritel-kulinu\/#breadcrumb"},"inLanguage":"cs","potentialAction":[{"@type":"ReadAction","target":["https:\/\/iwell-guard.com\/cs\/bunjil-orli-stvoritel-kulinu\/"]}]},{"@type":"ImageObject","inLanguage":"cs","@id":"https:\/\/iwell-guard.com\/cs\/bunjil-orli-stvoritel-kulinu\/#primaryimage","url":"https:\/\/iwell-guard.com\/wp-content\/uploads\/2026\/05\/goetter_aboriginal_bunjil.webp","contentUrl":"https:\/\/iwell-guard.com\/wp-content\/uploads\/2026\/05\/goetter_aboriginal_bunjil.webp","width":1024,"height":1536,"caption":"Bohov\u00e9 z tradice domorod\u00fdch Australan\u016f (Aboriginal)."},{"@type":"BreadcrumbList","@id":"https:\/\/iwell-guard.com\/cs\/bunjil-orli-stvoritel-kulinu\/#breadcrumb","itemListElement":[{"@type":"ListItem","position":1,"name":"Start","item":"https:\/\/iwell-guard.com\/cs\/?page_id=145107"},{"@type":"ListItem","position":2,"name":"Bunjil \u2013 orl\u00ed stvo\u0159itel Kulin\u016f"}]},{"@type":"WebSite","@id":"https:\/\/iwell-guard.com\/cs\/#website","url":"https:\/\/iwell-guard.com\/cs\/","name":"iWell Guard","description":"Schutz vor dunklen Einfl\u00fcssen","publisher":{"@id":"https:\/\/iwell-guard.com\/cs\/#organization"},"potentialAction":[{"@type":"SearchAction","target":{"@type":"EntryPoint","urlTemplate":"https:\/\/iwell-guard.com\/cs\/?s={search_term_string}"},"query-input":{"@type":"PropertyValueSpecification","valueRequired":true,"valueName":"search_term_string"}}],"inLanguage":"cs"},{"@type":"Organization","@id":"https:\/\/iwell-guard.com\/cs\/#organization","name":"Ittermann electronic GmbH","url":"https:\/\/iwell-guard.com\/cs\/","logo":{"@type":"ImageObject","inLanguage":"cs","@id":"https:\/\/iwell-guard.com\/cs\/#\/schema\/logo\/image\/","url":"https:\/\/iwell-guard.com\/wp-content\/uploads\/2026\/05\/Ittermann-Logo-1182x237-1.png","contentUrl":"https:\/\/iwell-guard.com\/wp-content\/uploads\/2026\/05\/Ittermann-Logo-1182x237-1.png","width":1182,"height":237,"caption":"Ittermann electronic GmbH"},"image":{"@id":"https:\/\/iwell-guard.com\/cs\/#\/schema\/logo\/image\/"},"sameAs":["https:\/\/pantip.com\/profile\/9367242","https:\/\/micro.blog\/iwellguard","https:\/\/www.diggerslist.com\/iwellguard\/about","https:\/\/skitterphoto.com\/photographers\/2870314\/iwell-guard","https:\/\/iwellguard.wordpress.com\/2026\/06\/06\/iwell-guard\/","https:\/\/hub.docker.com\/u\/iwellguard","https:\/\/www.pinterest.com\/iwellguard\/","https:\/\/bit.ly\/m\/iwellguard","https:\/\/entre-vos-mains.alsace.eu\/profiles\/iwellguard\/activity","https:\/\/gravatar.com\/reallybeded8fd34","https:\/\/naijamatta.com\/iwellguard","https:\/\/www.goodreads.com\/iwellguard","https:\/\/profile.hatena.ne.jp\/iwellguard\/","https:\/\/experiment.com\/users\/iwellguard","https:\/\/wakelet.com\/@iWellGuard82270","https:\/\/www.chordie.com\/forum\/profile.php?id=2555664","https:\/\/www.instapaper.com\/p\/17757966","https:\/\/www.mapleprimes.com\/users\/iwellguard","https:\/\/businesslistingplus.com\/profile\/iwell-guard\/","https:\/\/telegra.ph\/iWell-Guard-06-06","https:\/\/pbase.com\/iwellguard\/iwellguard","https:\/\/b.hatena.ne.jp\/iwellguard\/20260607#bookmark-4788405196491818882","https:\/\/fliphtml5.com\/home\/iwellguard","https:\/\/anyflip.com\/homepage\/cmiwl#About","https:\/\/transfur.com\/Users\/iwellguard","http:\/\/delphi.larsbo.org\/user\/iwellguard","https:\/\/jobs.lajobsportal.org\/profiles\/8380803-iwell-guard","https:\/\/md.chaosdorf.de\/s\/jfbe5SBdJD","https:\/\/www.lingvolive.com\/en-us\/profile\/9ecaeaca-ce11-4e51-9e71-01d55e2bff36\/translations","https:\/\/www.fitday.com\/fitness\/forums\/members\/iwellguard.html","https:\/\/www.mymeetbook.com\/iwellguard","https:\/\/pxhere.com\/en\/photographer-me\/5040798","https:\/\/disqus.com\/by\/iwellguard\/about\/","https:\/\/pastelink.net\/hjwciqwq","https:\/\/pubhtml5.com\/homepage\/scjhn\/","https:\/\/www.bitchute.com\/channel\/2O2eOKzNqujT","https:\/\/audiomack.com\/iwellguard"]},{"@type":"Person","@id":"https:\/\/iwell-guard.com\/cs\/#\/schema\/person\/ee2a27f1cac3406c7c6fb5820cb7349f","name":"Ralf Ittermann","image":{"@type":"ImageObject","inLanguage":"cs","@id":"https:\/\/secure.gravatar.com\/avatar\/073c0153e350a5005b68eb752b445fea71f6b24a26da9449ad7e155e6b446c9d?s=96&d=mm&r=g","url":"https:\/\/secure.gravatar.com\/avatar\/073c0153e350a5005b68eb752b445fea71f6b24a26da9449ad7e155e6b446c9d?s=96&d=mm&r=g","contentUrl":"https:\/\/secure.gravatar.com\/avatar\/073c0153e350a5005b68eb752b445fea71f6b24a26da9449ad7e155e6b446c9d?s=96&d=mm&r=g","caption":"Ralf Ittermann"},"givenName":"Ralf","familyName":"Ittermann","jobTitle":"Gesch\u00e4ftsf\u00fchrer und redaktioneller Verantwortlicher","url":"https:\/\/iwell-guard.com\/cs\/author\/claude\/","description":"Ralf Ittermann ist Gesch\u00e4ftsf\u00fchrer der Ittermann electronic GmbH und redaktioneller Verantwortlicher des iWell-Guard-Lexikons. Er verbindet langj\u00e4hrige Erfahrung in der Pr\u00e4zisionsfertigung mit medialer Praxis und religionsgeschichtlicher Quellenarbeit.","worksFor":{"@type":"Organization","name":"Ittermann electronic GmbH","url":"https:\/\/ittermann.de\/","address":{"@type":"PostalAddress","streetAddress":"K\u00f6hlergasse 16-18","postalCode":"99842","addressLocality":"Ruhla","addressCountry":"DE"}},"knowsAbout":["Religionsgeschichte","Mythologie","Mediale Praxis","Energetische Diagnostik","Schutzpraxis","Volksglauben","Westliche Esoterik"]},{"@type":"Article","@id":"https:\/\/iwell-guard.com\/cs\/bunjil-orli-stvoritel-kulinu\/#article","isPartOf":{"@id":"https:\/\/iwell-guard.com\/cs\/bunjil-orli-stvoritel-kulinu\/"},"author":{"name":"Ralf Ittermann","@id":"https:\/\/iwell-guard.com\/cs\/#\/schema\/person\/ee2a27f1cac3406c7c6fb5820cb7349f"},"headline":"Bunjil \u2013 orl\u00ed stvo\u0159itel Kulin\u016f","datePublished":"2026-09-03T16:31:10+00:00","dateModified":"2026-09-03T16:58:14+00:00","mainEntityOfPage":{"@id":"https:\/\/iwell-guard.com\/cs\/bunjil-orli-stvoritel-kulinu\/"},"publisher":{"@id":"https:\/\/iwell-guard.com\/cs\/#organization"},"image":{"@id":"https:\/\/iwell-guard.com\/cs\/bunjil-orli-stvoritel-kulinu\/#primaryimage"},"thumbnailUrl":"https:\/\/iwell-guard.com\/wp-content\/uploads\/2026\/05\/goetter_aboriginal_bunjil.webp","inLanguage":"cs","description":"Bunjil je orl\u00ed stvo\u0159itel kmen\u016f Kulin ve st\u00e1t\u011b Victoria. Religionistick\u00e9 za\u0159azen\u00ed s m\u00fdtem, kultem a prameny."}]}},"_links":{"self":[{"href":"https:\/\/iwell-guard.com\/cs\/wp-json\/wp\/v2\/pages\/145519","targetHints":{"allow":["GET"]}}],"collection":[{"href":"https:\/\/iwell-guard.com\/cs\/wp-json\/wp\/v2\/pages"}],"about":[{"href":"https:\/\/iwell-guard.com\/cs\/wp-json\/wp\/v2\/types\/page"}],"author":[{"embeddable":true,"href":"https:\/\/iwell-guard.com\/cs\/wp-json\/wp\/v2\/users\/3"}],"replies":[{"embeddable":true,"href":"https:\/\/iwell-guard.com\/cs\/wp-json\/wp\/v2\/comments?post=145519"}],"version-history":[{"count":0,"href":"https:\/\/iwell-guard.com\/cs\/wp-json\/wp\/v2\/pages\/145519\/revisions"}],"wp:featuredmedia":[{"embeddable":true,"href":"https:\/\/iwell-guard.com\/cs\/wp-json\/wp\/v2\/media\/2869"}],"wp:attachment":[{"href":"https:\/\/iwell-guard.com\/cs\/wp-json\/wp\/v2\/media?parent=145519"}],"wp:term":[{"taxonomy":"category","embeddable":true,"href":"https:\/\/iwell-guard.com\/cs\/wp-json\/wp\/v2\/categories?post=145519"}],"curies":[{"name":"wp","href":"https:\/\/api.w.org\/{rel}","templated":true}]}}