{"id":145518,"date":"2026-09-03T16:31:09","date_gmt":"2026-09-03T16:31:09","guid":{"rendered":"https:\/\/iwell-guard.com\/?page_id=145518"},"modified":"2026-09-03T16:58:13","modified_gmt":"2026-09-03T16:58:13","slug":"baiame-otec-nebes-aboriginci","status":"publish","type":"page","link":"https:\/\/iwell-guard.com\/cs\/baiame-otec-nebes-aboriginci\/","title":{"rendered":"Baiame \u2013 Otec nebes jihov\u00fdchodn\u00edch Aboriginc\u016f"},"content":{"rendered":"\t\t<div data-elementor-type=\"wp-page\" data-elementor-id=\"145518\" class=\"elementor elementor-145518 elementor-2646 elementor-bc-flex-widget\" data-elementor-post-type=\"page\">\n\t\t\t\t<div class=\"elementor-element elementor-element-iwgw-baiame-hero e-flex e-con-boxed e-con e-parent\" data-id=\"iwgw-baiame-hero\" data-element_type=\"container\" data-e-type=\"container\" data-settings=\"{&quot;background_background&quot;:&quot;classic&quot;}\">\n\t\t\t\t\t<div class=\"e-con-inner\">\n\t\t<div class=\"elementor-element elementor-element-iwgw-baiame-hl e-flex e-con-boxed e-con e-child\" data-id=\"iwgw-baiame-hl\" data-element_type=\"container\" data-e-type=\"container\">\n\t\t\t\t\t<div class=\"e-con-inner\">\n\t\t<div class=\"elementor-element elementor-element-iwgw-baiame-htxt e-con-full e-flex e-con e-child\" data-id=\"iwgw-baiame-htxt\" data-element_type=\"container\" data-e-type=\"container\">\n\t\t\t\t<div class=\"elementor-element elementor-element-iwgw-baiame-h1 elementor-widget elementor-widget-heading\" data-id=\"iwgw-baiame-h1\" data-element_type=\"widget\" data-e-type=\"widget\" data-widget_type=\"heading.default\">\n\t\t\t\t\t<h1 class=\"elementor-heading-title elementor-size-default\">Baiame, nejvy\u0161\u0161\u00ed bytost kmen\u016f Wiradjuri a Kamilaroi v jihov\u00fdchodn\u00ed Austr\u00e1lii<\/h1>\t\t\t\t<\/div>\n\t\t\t\t<div class=\"elementor-element elementor-element-iwgw-baiame-lead elementor-widget elementor-widget-text-editor\" data-id=\"iwgw-baiame-lead\" data-element_type=\"widget\" data-e-type=\"widget\" data-widget_type=\"text-editor.default\">\n\t\t\t\t\t\t\t\t\t<p>Baiame je vrchn\u00ed bo\u017estvo \u0159ady aboriginsk\u00fdch skupin jihov\u00fdchodn\u00ed Austr\u00e1lie, zejm\u00e9na Wiradjuri, Kamilaroi, Euahlayi a Bandjalang. Z religionistick\u00e9ho hlediska pat\u0159\u00ed ke t\u0159\u00edd\u011b postav \u201eOtec nebes\u201c nebo \u201ePraotec\u201c, kter\u00e9 jsou v jihov\u00fdchodn\u00ed Austr\u00e1lii dob\u0159e dolo\u017eeny.<\/p>\t\t\t\t\t\t\t\t<\/div>\n\t\t\t\t<\/div>\n\t\t<div class=\"elementor-element elementor-element-iwgw-baiame-pillc e-con-full e-flex e-con e-child\" data-id=\"iwgw-baiame-pillc\" data-element_type=\"container\" data-e-type=\"container\">\n\t\t\t\t<div class=\"elementor-element elementor-element-iwgw-baiame-pills elementor-widget elementor-widget-html\" data-id=\"iwgw-baiame-pills\" data-element_type=\"widget\" data-e-type=\"widget\" data-widget_type=\"html.default\">\n\t\t\t\t\t<div class=\"iwg-pill-row\"><span class=\"iwg-klasse-badge\" tabindex=\"0\" data-tooltip=\"Stvo\u0159itel tradice Aboriginci.\">Stvo\u0159itel<\/span><a href=\"https:\/\/iwell-guard.com\/cs\/aboriginal-australie-dreamtime-tjukurpa\/\" class=\"iwg-kultur-badge\" tabindex=\"0\" data-tooltip=\"Mytologie tradice Aboriginci.\">Aboriginci<\/a><span class=\"iwg-tradition-badge\" tabindex=\"0\" data-tooltip=\"Vrchn\u00ed bo\u017estvo.\">Vrchn\u00ed bo\u017estvo<\/span><\/div>\t\t\t\t<\/div>\n\t\t\t\t<\/div>\n\t\t<div class=\"elementor-element elementor-element-iwgw-baiame-tocc e-con-full e-flex e-con e-child\" data-id=\"iwgw-baiame-tocc\" data-element_type=\"container\" data-e-type=\"container\">\n\t\t\t\t<div class=\"elementor-element elementor-element-iwgw-baiame-toc elementor-toc--minimized-on-tablet elementor-widget elementor-widget-table-of-contents\" data-id=\"iwgw-baiame-toc\" data-element_type=\"widget\" data-e-type=\"widget\" data-settings=\"{&quot;headings_by_tags&quot;:[&quot;h2&quot;,&quot;h3&quot;],&quot;minimize_box&quot;:&quot;yes&quot;,&quot;marker_view&quot;:&quot;bullets&quot;,&quot;no_headings_message&quot;:&quot;Na t\\u00e9to str\\u00e1nce nebyly nalezeny \\u017e\\u00e1dn\\u00e9 nadpisy.&quot;,&quot;exclude_headings_by_selector&quot;:[],&quot;icon&quot;:{&quot;value&quot;:&quot;fas fa-circle&quot;,&quot;library&quot;:&quot;fa-solid&quot;,&quot;rendered_tag&quot;:&quot;&lt;svg class=\\&quot;e-font-icon-svg e-fas-circle\\&quot; viewBox=\\&quot;0 0 512 512\\&quot; xmlns=\\&quot;http:\\\/\\\/www.w3.org\\\/2000\\\/svg\\&quot;&gt;&lt;path d=\\&quot;M256 8C119 8 8 119 8 256s111 248 248 248 248-111 248-248S393 8 256 8z\\&quot;&gt;&lt;\\\/path&gt;&lt;\\\/svg&gt;&quot;},&quot;minimized_on&quot;:&quot;tablet&quot;,&quot;hierarchical_view&quot;:&quot;yes&quot;,&quot;min_height&quot;:{&quot;unit&quot;:&quot;px&quot;,&quot;size&quot;:&quot;&quot;,&quot;sizes&quot;:[]},&quot;min_height_tablet&quot;:{&quot;unit&quot;:&quot;px&quot;,&quot;size&quot;:&quot;&quot;,&quot;sizes&quot;:[]},&quot;min_height_mobile&quot;:{&quot;unit&quot;:&quot;px&quot;,&quot;size&quot;:&quot;&quot;,&quot;sizes&quot;:[]}}\" data-widget_type=\"table-of-contents.default\">\n\t\t\t\t\t\t\t\t\t<div class=\"elementor-toc__header\">\n\t\t\t\t\t\t<h2 class=\"elementor-toc__header-title\">\n\t\t\t\tObsah\t\t\t<\/h2>\n\t\t\t\t\t\t\t\t\t\t<div class=\"elementor-toc__toggle-button elementor-toc__toggle-button--expand\" role=\"button\" tabindex=\"0\" aria-controls=\"elementor-toc__iwgw-baiame-toc\" aria-expanded=\"true\" aria-label=\"Open table of contents\"><svg aria-hidden=\"true\" class=\"e-font-icon-svg e-fas-chevron-down\" viewBox=\"0 0 448 512\" xmlns=\"http:\/\/www.w3.org\/2000\/svg\"><path d=\"M207.029 381.476L12.686 187.132c-9.373-9.373-9.373-24.569 0-33.941l22.667-22.667c9.357-9.357 24.522-9.375 33.901-.04L224 284.505l154.745-154.021c9.379-9.335 24.544-9.317 33.901.04l22.667 22.667c9.373 9.373 9.373 24.569 0 33.941L240.971 381.476c-9.373 9.372-24.569 9.372-33.942 0z\"><\/path><\/svg><\/div>\n\t\t\t\t<div class=\"elementor-toc__toggle-button elementor-toc__toggle-button--collapse\" role=\"button\" tabindex=\"0\" aria-controls=\"elementor-toc__iwgw-baiame-toc\" aria-expanded=\"true\" aria-label=\"Close table of contents\"><svg aria-hidden=\"true\" class=\"e-font-icon-svg e-fas-chevron-up\" viewBox=\"0 0 448 512\" xmlns=\"http:\/\/www.w3.org\/2000\/svg\"><path d=\"M240.971 130.524l194.343 194.343c9.373 9.373 9.373 24.569 0 33.941l-22.667 22.667c-9.357 9.357-24.522 9.375-33.901.04L224 227.495 69.255 381.516c-9.379 9.335-24.544 9.317-33.901-.04l-22.667-22.667c-9.373-9.373-9.373-24.569 0-33.941L207.03 130.525c9.372-9.373 24.568-9.373 33.941-.001z\"><\/path><\/svg><\/div>\n\t\t\t\t\t<\/div>\n\t\t\t\t<div id=\"elementor-toc__iwgw-baiame-toc\" class=\"elementor-toc__body\">\n\t\t\t<div class=\"elementor-toc__spinner-container\">\n\t\t\t\t<svg class=\"elementor-toc__spinner eicon-animation-spin e-font-icon-svg e-eicon-loading\" aria-hidden=\"true\" viewBox=\"0 0 1000 1000\" xmlns=\"http:\/\/www.w3.org\/2000\/svg\"><path d=\"M500 975V858C696 858 858 696 858 500S696 142 500 142 142 304 142 500H25C25 237 238 25 500 25S975 237 975 500 763 975 500 975Z\"><\/path><\/svg>\t\t\t<\/div>\n\t\t<\/div>\n\t\t\t\t\t\t<\/div>\n\t\t\t\t<\/div>\n\t\t\t\t\t<\/div>\n\t\t\t\t<\/div>\n\t\t<div class=\"elementor-element elementor-element-iwgw-baiame-hr e-con-full e-flex e-con e-child\" data-id=\"iwgw-baiame-hr\" data-element_type=\"container\" data-e-type=\"container\">\n\t\t\t\t<div class=\"elementor-element elementor-element-iwgw-baiame-heroimg iwg-hero-image elementor-widget elementor-widget-image\" data-id=\"iwgw-baiame-heroimg\" data-element_type=\"widget\" data-e-type=\"widget\" data-widget_type=\"image.default\">\n\t\t\t\t\t\t\t\t\t\t\t\t\t\t\t<img fetchpriority=\"high\" decoding=\"async\" width=\"683\" height=\"1024\" src=\"https:\/\/iwell-guard.com\/wp-content\/uploads\/2026\/05\/goetter_aboriginal_baiame-683x1024.webp\" class=\"attachment-large size-large wp-image-147315\" alt=\"Baiame \u2013 bohov\u00e9 z aboriginsk\u00e9 tradice, historicko-ilustrativn\u00ed zpracov\u00e1n\u00ed\" srcset=\"https:\/\/iwell-guard.com\/wp-content\/uploads\/2026\/05\/goetter_aboriginal_baiame-683x1024.webp 683w, https:\/\/iwell-guard.com\/wp-content\/uploads\/2026\/05\/goetter_aboriginal_baiame-200x300.webp 200w, https:\/\/iwell-guard.com\/wp-content\/uploads\/2026\/05\/goetter_aboriginal_baiame-768x1152.webp 768w, https:\/\/iwell-guard.com\/wp-content\/uploads\/2026\/05\/goetter_aboriginal_baiame.webp 1024w\" sizes=\"(max-width: 683px) 100vw, 683px\" \/>\t\t\t\t\t\t\t\t\t\t\t\t\t\t\t<\/div>\n\t\t\t\t<\/div>\n\t\t\t\t\t<\/div>\n\t\t\t\t<\/div>\n\t\t<div class=\"elementor-element elementor-element-iwgw-baiame-s0 e-flex e-con-boxed e-con e-parent\" data-id=\"iwgw-baiame-s0\" data-element_type=\"container\" data-e-type=\"container\">\n\t\t\t\t\t<div class=\"e-con-inner\">\n\t\t\t\t<div class=\"elementor-element elementor-element-iwgw-baiame-s0h elementor-widget elementor-widget-heading\" data-id=\"iwgw-baiame-s0h\" data-element_type=\"widget\" data-e-type=\"widget\" data-widget_type=\"heading.default\">\n\t\t\t\t\t<h2 class=\"elementor-heading-title elementor-size-default\">Za\u0159azen\u00ed a stru\u010dn\u00fd profil<\/h2>\t\t\t\t<\/div>\n\t\t<div class=\"elementor-element elementor-element-iwgw-baiame-s0c e-con-full e-flex e-con e-child\" data-id=\"iwgw-baiame-s0c\" data-element_type=\"container\" data-e-type=\"container\">\n\t\t\t\t<div class=\"elementor-element elementor-element-iwgw-baiame-s0t elementor-widget elementor-widget-text-editor\" data-id=\"iwgw-baiame-s0t\" data-element_type=\"widget\" data-e-type=\"widget\" data-widget_type=\"text-editor.default\">\n\t\t\t\t\t\t\t\t\t<p>Baiame (tak\u00e9 <em>Biame<\/em>, <em>Baayami<\/em>, <em>Byamee<\/em>) je nejv\u00fd\u0161e postaven\u00e1 n\u00e1bo\u017eensk\u00e1 postava \u0159ady aboriginsk\u00fdch jazykov\u00fdch skupin jihov\u00fdchodn\u00ed Austr\u00e1lie, mezi nimi Wiradjuri, Kamilaroi, Euahlayi (Yuwaalaraay) a Bandjalang. Pat\u0159\u00ed k religionisticky dokumentovan\u00e9mu typu \u201eOtec nebes\u201c nebo \u201ePraotec\u201c, co\u017e je ozna\u010den\u00ed, kter\u00e9 Alfred Howitt systematicky zavedl do antropologick\u00e9ho slovn\u00edku roku 1884.<\/p><p>Uvnit\u0159 <a href=\"https:\/\/iwell-guard.com\/cs\/aboriginal-australie-dreamtime-tjukurpa\/\">aboriginsk\u00e9 tradice<\/a> zauj\u00edm\u00e1 Baiame zvl\u00e1\u0161tn\u00ed vrstvu: nejde o zlid\u0161t\u011bn\u00e9ho p\u0159edka (jako mnoh\u00e9 bytosti Sn\u011bn\u00ed), n\u00fdbr\u017e o samostatnou tvo\u0159ivou moc, kter\u00e1 v m\u00fdtu stoj\u00ed na po\u010d\u00e1tku sv\u011bta a d\u00e1v\u00e1 kmenov\u00fd z\u00e1kon.<\/p><p>Wilhelm Schmidt jej ve sv\u00e9m dvan\u00e1ctisvazkov\u00e9m d\u00edle <em>Der Ursprung der Gottesidee<\/em> (sv. 3, 1931) pou\u017eil jako vzorov\u00fd p\u0159\u00edklad \u201eprvotn\u00edho monoteismu\u201c, co\u017e byl v\u00fdklad, kter\u00fd pozd\u011bj\u0161\u00ed badatel\u00e9 kriticky p\u0159ehodnotili.<\/p><p>Tony Swain ve sv\u00e9m d\u00edle <em>A Place for Strangers<\/em> (Cambridge 1993) varoval p\u0159ed t\u00edm, aby byl Baiame ch\u00e1p\u00e1n jako \u201eaustralsk\u00fd k\u0159es\u0165ansk\u00fd b\u016fh\u201c, a doporu\u010dil \u010d\u00edst jej v r\u00e1mci specifick\u00e9 jihov\u00fdchodn\u011b australsk\u00e9 n\u00e1bo\u017eensk\u00e9 tradice. Je vrchn\u00ed bytost\u00ed, nikoli v\u0161ak bohem <span class=\"iwg-fachbegriff\" data-tooltip=\"V\u00edra v jedin\u00e9ho boha.\" tabindex=\"0\">monoteismu<\/span>.<\/p>\t\t\t\t\t\t\t\t<\/div>\n\t\t\t\t<\/div>\n\t\t\t\t\t<\/div>\n\t\t\t\t<\/div>\n\t\t<div class=\"elementor-element elementor-element-iwgw-baiame-s1 e-flex e-con-boxed e-con e-parent\" data-id=\"iwgw-baiame-s1\" data-element_type=\"container\" data-e-type=\"container\">\n\t\t\t\t\t<div class=\"e-con-inner\">\n\t\t\t\t<div class=\"elementor-element elementor-element-iwgw-baiame-s1h elementor-widget elementor-widget-heading\" data-id=\"iwgw-baiame-s1h\" data-element_type=\"widget\" data-e-type=\"widget\" data-widget_type=\"heading.default\">\n\t\t\t\t\t<h2 class=\"elementor-heading-title elementor-size-default\">Jm\u00e9no a etymologie<\/h2>\t\t\t\t<\/div>\n\t\t<div class=\"elementor-element elementor-element-iwgw-baiame-s1c e-con-full e-flex e-con e-child\" data-id=\"iwgw-baiame-s1c\" data-element_type=\"container\" data-e-type=\"container\">\n\t\t\t\t<div class=\"elementor-element elementor-element-iwgw-baiame-s1t elementor-widget elementor-widget-text-editor\" data-id=\"iwgw-baiame-s1t\" data-element_type=\"widget\" data-e-type=\"widget\" data-widget_type=\"text-editor.default\">\n\t\t\t\t\t\t\t\t\t<p>Etymologie jm\u00e9na <em>Baiame<\/em> je sporn\u00e1. Jedna tradi\u010dn\u00ed interpretace jej spojuje se slovem <em>biyay<\/em> z jazyka Wiradjuri, znamenaj\u00edc\u00edm \u201evelk\u00fd\u201c, s osobn\u00ed koncovkou <em>-mi<\/em>. Jin\u00e1 interpretace vykl\u00e1d\u00e1 jm\u00e9no jako \u201estvo\u0159itel\u201c. Ob\u011b etymologie jsou jazykov\u011bdn\u011b p\u0159ijateln\u00e9.<\/p><p>K. Langloh Parker, kter\u00e1 na konci 19. stolet\u00ed \u017eila mezi Euahlayi a jejich\u017e n\u00e1bo\u017eenstv\u00ed zdokumentovala v d\u00edle <em>Euahlayi Tribe<\/em> (1905), pou\u017e\u00edvala z\u00e1pis <em>Byamee<\/em>. Tento z\u00e1pis se v mnoha textech udr\u017eel, dnes je v\u0161ak p\u0159ekon\u00e1n ve prosp\u011bch foneticky p\u0159esn\u011bj\u0161\u00ed formy <em>Baiame<\/em>.<\/p><p>V r\u016fzn\u00fdch jazykov\u00fdch skupin\u00e1ch se jm\u00e9no lok\u00e1ln\u011b m\u00edrn\u011b li\u0161\u00ed: Wiradjuri <em>Baiame<\/em>, Kamilaroi <em>Baiamai<\/em>, Euahlayi <em>Byamee<\/em>, Bandjalang <em>Bundjalung-Baiame<\/em>. Tato jazykov\u00e1 rozmanitost ukazuje, \u017ee Baiame nen\u00ed jednotn\u00e1 postava, n\u00fdbr\u017e rodina p\u0159\u00edbuzn\u00fdch vrchn\u00edch bytost\u00ed.<\/p>\t\t\t\t\t\t\t\t<\/div>\n\t\t\t\t<\/div>\n\t\t\t\t\t<\/div>\n\t\t\t\t<\/div>\n\t\t<div class=\"elementor-element elementor-element-iwgw-baiame-s2 e-flex e-con-boxed e-con e-parent\" data-id=\"iwgw-baiame-s2\" data-element_type=\"container\" data-e-type=\"container\">\n\t\t\t\t\t<div class=\"e-con-inner\">\n\t\t\t\t<div class=\"elementor-element elementor-element-iwgw-baiame-s2h elementor-widget elementor-widget-heading\" data-id=\"iwgw-baiame-s2h\" data-element_type=\"widget\" data-e-type=\"widget\" data-widget_type=\"heading.default\">\n\t\t\t\t\t<h2 class=\"elementor-heading-title elementor-size-default\">Popis a ikonografie<\/h2>\t\t\t\t<\/div>\n\t\t<div class=\"elementor-element elementor-element-iwgw-baiame-s2c e-con-full e-flex e-con e-child\" data-id=\"iwgw-baiame-s2c\" data-element_type=\"container\" data-e-type=\"container\">\n\t\t\t\t<div class=\"elementor-element elementor-element-iwgw-baiame-s2t elementor-widget elementor-widget-text-editor\" data-id=\"iwgw-baiame-s2t\" data-element_type=\"widget\" data-e-type=\"widget\" data-widget_type=\"text-editor.default\">\n\t\t\t\t\t\t\t\t\t<p>Baiame je popisov\u00e1n jako velk\u00fd mu\u017e s b\u00edl\u00fdm vousem a pl\u00e1\u0161t\u011bm z per. V n\u011bkter\u00fdch tradic\u00edch m\u00e1 rozpa\u017een\u00e9 pa\u017ee, kter\u00e9 se klenou nad celou zem\u00ed, v jin\u00fdch spo\u010d\u00edv\u00e1 v nebesk\u00e9m t\u00e1bo\u0159e mezi hv\u011bzdami a pozoruje lidi.<\/p><p>Zvl\u00e1\u0161t\u011b zn\u00e1mou skaln\u00ed lokalitou je jeskyn\u011b Baiame u Milbrodale (\u00fazem\u00ed Wiradjuri, Nov\u00fd Ji\u017en\u00ed Wales), kde se zachovala p\u0159ibli\u017en\u011b p\u011bt metr\u016f \u0161irok\u00e1 skaln\u00ed kresba Baiame s rozpa\u017een\u00fdmi pa\u017eemi. Toto m\u00edsto je od roku 1980 pod aboriginskou ochranou a spr\u00e1vu vykon\u00e1vaj\u00ed tradi\u010dn\u00ed vlastn\u00edci.<\/p><p>V sou\u010dasn\u00e9m aboriginsk\u00e9m um\u011bn\u00ed je Baiame zpracov\u00e1n v mnoha d\u00edlech kmene Wiradjuri; um\u011blec John Patrick (Wiradjuri) a dal\u0161\u00ed vytvo\u0159ili modern\u00ed zobrazen\u00ed Baiame v akrylu a na pap\u00ed\u0159e, kter\u00e1 navazuj\u00ed na tradi\u010dn\u00ed ikonografii.<\/p>\t\t\t\t\t\t\t\t<\/div>\n\t\t\t\t<\/div>\n\t\t\t\t\t<\/div>\n\t\t\t\t<\/div>\n\t\t<div class=\"elementor-element elementor-element-iwgw-baiame-s3 e-flex e-con-boxed e-con e-parent\" data-id=\"iwgw-baiame-s3\" data-element_type=\"container\" data-e-type=\"container\">\n\t\t\t\t\t<div class=\"e-con-inner\">\n\t\t\t\t<div class=\"elementor-element elementor-element-iwgw-baiame-s3h elementor-widget elementor-widget-heading\" data-id=\"iwgw-baiame-s3h\" data-element_type=\"widget\" data-e-type=\"widget\" data-widget_type=\"heading.default\">\n\t\t\t\t\t<h2 class=\"elementor-heading-title elementor-size-default\">Mytologick\u00e1 vypr\u00e1v\u011bn\u00ed<\/h2>\t\t\t\t<\/div>\n\t\t<div class=\"elementor-element elementor-element-iwgw-baiame-s3c e-con-full e-flex e-con e-child\" data-id=\"iwgw-baiame-s3c\" data-element_type=\"container\" data-e-type=\"container\">\n\t\t\t\t<div class=\"elementor-element elementor-element-iwgw-baiame-s3t elementor-widget elementor-widget-text-editor\" data-id=\"iwgw-baiame-s3t\" data-element_type=\"widget\" data-e-type=\"widget\" data-widget_type=\"text-editor.default\">\n\t\t\t\t\t\t\t\t\t<p>Centr\u00e1ln\u00ed vypr\u00e1v\u011bn\u00ed o Baiame popisuje stvo\u0159en\u00ed sv\u011bta Wiradjuri: Baiame sestoupil v dob\u011b Sn\u011bn\u00ed z nebes, vytvo\u0159il krajinu, zv\u00ed\u0159ata a lidi, dal lidem kmenov\u00fd z\u00e1kon a pot\u00e9 se vr\u00e1til zp\u011bt na nebesa, kde od t\u00e9 doby z\u016fst\u00e1v\u00e1 viditeln\u00fd jako hv\u011bzda nebo skupina hv\u011bzd.<\/p><p>Druh\u00e9 vypr\u00e1v\u011bn\u00ed popisuje zaveden\u00ed inicia\u010dn\u00edch ob\u0159ad\u016f <em>Bora<\/em>: Baiame uk\u00e1zal prvn\u00edm mu\u017e\u016fm m\u00edsto Bora, velk\u00fd kruhov\u00fd zemn\u00ed val spojen\u00fd men\u0161\u00edm kruhem p\u0159es cestu. Toto m\u00edsto Bora je a\u017e dodnes d\u011bji\u0161t\u011bm mu\u017esk\u00e9 iniciace.<\/p><p>A. W. Howitt p\u0159edlo\u017eil ve sv\u00e9 pr\u00e1ci <em>The Native Tribes of South-East Australia<\/em> (1904) rozs\u00e1hl\u00fd soubor vypr\u00e1v\u011bn\u00ed o Baiame z n\u011bkolika jazykov\u00fdch skupin. Tento soubor z\u016fst\u00e1v\u00e1 kl\u00ed\u010dov\u00fdm prim\u00e1rn\u00edm pramenem, a\u010dkoli jeho vn\u011bj\u0161\u00ed perspektiva je dnes kriticky reflektov\u00e1na.<\/p>\t\t\t\t\t\t\t\t<\/div>\n\t\t\t\t<\/div>\n\t\t\t\t\t<\/div>\n\t\t\t\t<\/div>\n\t\t<div class=\"elementor-element elementor-element-iwgw-baiame-s4 e-flex e-con-boxed e-con e-parent\" data-id=\"iwgw-baiame-s4\" data-element_type=\"container\" data-e-type=\"container\">\n\t\t\t\t\t<div class=\"e-con-inner\">\n\t\t\t\t<div class=\"elementor-element elementor-element-iwgw-baiame-s4h elementor-widget elementor-widget-heading\" data-id=\"iwgw-baiame-s4h\" data-element_type=\"widget\" data-e-type=\"widget\" data-widget_type=\"heading.default\">\n\t\t\t\t\t<h2 class=\"elementor-heading-title elementor-size-default\">Kult a uct\u00edv\u00e1n\u00ed<\/h2>\t\t\t\t<\/div>\n\t\t<div class=\"elementor-element elementor-element-iwgw-baiame-s4c e-con-full e-flex e-con e-child\" data-id=\"iwgw-baiame-s4c\" data-element_type=\"container\" data-e-type=\"container\">\n\t\t\t\t<div class=\"elementor-element elementor-element-iwgw-baiame-s4t elementor-widget elementor-widget-text-editor\" data-id=\"iwgw-baiame-s4t\" data-element_type=\"widget\" data-e-type=\"widget\" data-widget_type=\"text-editor.default\">\n\t\t\t\t\t\t\t\t\t<p>Centr\u00e1ln\u00edm <span class=\"iwg-fachbegriff\" data-tooltip=\"Souhrn n\u00e1bo\u017eensk\u00fdch \u00factypln\u00fdch \u00fakon\u016f v\u016f\u010di bo\u017estvu nebo svat\u00e9 postav\u011b.\" tabindex=\"0\">kultem<\/span> Baiame byla <em>Bora<\/em>&#8211;<span class=\"iwg-fachbegriff\" data-tooltip=\"Ritu\u00e1ln\u00ed p\u0159echod, j\u00edm\u017e je n\u011bkdo p\u0159ijat do nov\u00e9ho stavu nebo spole\u010denstv\u00ed.\" tabindex=\"0\">iniciace<\/span>: n\u011bkolikat\u00fddenn\u00ed <span class=\"iwg-fachbegriff\" data-tooltip=\"Uspo\u0159\u00e1dan\u00fd sled symbolick\u00fdch \u00fakon\u016f s n\u00e1bo\u017eensk\u00fdm nebo kulturn\u00edm v\u00fdznamem.\" tabindex=\"0\">ritu\u00e1l<\/span>, p\u0159i kter\u00e9m byli mlad\u00ed mu\u017ei zav\u00e1d\u011bni do n\u00e1bo\u017eensk\u00fdch tajemstv\u00ed kmene. M\u00edsto Bora se skl\u00e1d\u00e1 ze dvou zemn\u00edch kruh\u016f spojen\u00fdch cestou; v\u011bt\u0161\u00ed je ve\u0159ejn\u00fd, do men\u0161\u00edho vstupuj\u00ed pouze zasv\u011bcen\u00ed a star\u0161\u00ed.<\/p><p>B\u011bhem <span class=\"iwg-fachbegriff\" data-tooltip=\"Ritu\u00e1ln\u00ed p\u0159echod, j\u00edm\u017e je n\u011bkdo p\u0159ijat do nov\u00e9ho stavu nebo spole\u010denstv\u00ed.\" tabindex=\"0\">iniciace<\/span> se mlad\u00ed mu\u017ei u\u010dili zp\u011bvy o Baiame, vid\u011bli baiamsk\u00e9 predloudky (zdoben\u00e9 d\u0159ev\u011bn\u00e9 desti\u010dky, kter\u00e9 p\u0159i rozto\u010den\u00ed na \u0161\u0148\u016f\u0159e vyd\u00e1vaj\u00ed h\u0159motn\u00fd t\u00f3n) a byli zav\u00e1d\u011bni do kosmologick\u00e9ho uspo\u0159\u00e1d\u00e1n\u00ed. Howitt tento <span class=\"iwg-fachbegriff\" data-tooltip=\"Uspo\u0159\u00e1dan\u00fd sled symbolick\u00fdch \u00fakon\u016f s n\u00e1bo\u017eensk\u00fdm nebo kulturn\u00edm v\u00fdznamem.\" tabindex=\"0\">ritu\u00e1l<\/span> podrobn\u011b popsal.<\/p><p>S evropskou kolonizac\u00ed jihov\u00fdchodn\u00ed Austr\u00e1lie (19. stolet\u00ed) byla praxe Bora do zna\u010dn\u00e9 m\u00edry p\u0159eru\u0161ena. Od 80. let 20. stolet\u00ed zaznamen\u00e1vaj\u00ed n\u011bkter\u00e1 kmenov\u00e1 spole\u010denstv\u00ed opatrn\u00e9 obnoven\u00ed; m\u00edsta Bora (nap\u0159\u00edklad u Brewarriny v NSW) jsou nov\u011b archeologicky a n\u00e1bo\u017eensky oce\u0148ov\u00e1na.<\/p>\t\t\t\t\t\t\t\t<\/div>\n\t\t\t\t<\/div>\n\t\t\t\t\t<\/div>\n\t\t\t\t<\/div>\n\t\t<div class=\"elementor-element elementor-element-iwgw-baiame-s5 e-flex e-con-boxed e-con e-parent\" data-id=\"iwgw-baiame-s5\" data-element_type=\"container\" data-e-type=\"container\">\n\t\t\t\t\t<div class=\"e-con-inner\">\n\t\t\t\t<div class=\"elementor-element elementor-element-iwgw-baiame-s5h elementor-widget elementor-widget-heading\" data-id=\"iwgw-baiame-s5h\" data-element_type=\"widget\" data-e-type=\"widget\" data-widget_type=\"heading.default\">\n\t\t\t\t\t<h2 class=\"elementor-heading-title elementor-size-default\">Ochrann\u00e1 praxe a apotropaick\u00e9 prvky<\/h2>\t\t\t\t<\/div>\n\t\t<div class=\"elementor-element elementor-element-iwgw-baiame-s5c e-con-full e-flex e-con e-child\" data-id=\"iwgw-baiame-s5c\" data-element_type=\"container\" data-e-type=\"container\">\n\t\t\t\t<div class=\"elementor-element elementor-element-iwgw-baiame-s5t elementor-widget elementor-widget-text-editor\" data-id=\"iwgw-baiame-s5t\" data-element_type=\"widget\" data-e-type=\"widget\" data-widget_type=\"text-editor.default\">\n\t\t\t\t\t\t\t\t\t<p>N\u00e1bo\u017eenskov\u011bdn\u011b pops\u00e1no: Apotropaick\u00e9 praktiky v r\u00e1mci komplexu Baiame nesm\u011b\u0159uj\u00ed tolik k odvr\u00e1cen\u00ed \u0161kody, jako sp\u00ed\u0161e k dodr\u017eov\u00e1n\u00ed kmenov\u00e9ho \u0159\u00e1du, kter\u00fd stanovil Baiame. Zak\u00e1z\u00e1ny byly: poru\u0161en\u00ed svatebn\u00edch pravidel (p\u0159\u00edbuzensk\u00e1 tabu), vyzrazen\u00ed mu\u017esk\u00fdch tajemstv\u00ed, znesv\u011bcen\u00ed m\u00edst bora, zabit\u00ed totemisticky p\u0159\u00edbuzn\u00fdch zv\u00ed\u0159at bez ritu\u00e1ln\u00edho kontextu.<\/p><p>Poru\u0161en\u00ed t\u011bchto pravidel bylo v r\u00e1mci tradice pova\u017eov\u00e1no za spou\u0161t\u011b\u010d nemoci a spole\u010densk\u00e9ho ne\u0161t\u011bst\u00ed. Z etnografick\u00e9ho vn\u011bj\u0161\u00edho pohledu p\u0159edstavuj\u00ed tato pravidla soci\u00e1ln\u00ed z\u00e1klad jihov\u00fdchodoaustralsk\u00fdch spole\u010dnost\u00ed Aboriginc\u016f: upravuj\u00ed p\u0159\u00edbuzenstv\u00ed, p\u016fdu, vztahy ke zv\u00ed\u0159at\u016fm a n\u00e1bo\u017eensk\u00e9 povinnosti.<\/p><p>Rozt\u00e1\u010den\u00ed bullroareru (<em>turndun<\/em>) bylo pova\u017eov\u00e1no za bezprost\u0159edn\u011b spojen\u00e9 s Baiame; jeho zvuk byl hlasem Baiame. \u017deny a nezasv\u011bcen\u00ed mu\u017ei je nesm\u011bli sly\u0161et; toto tabu bylo stroh\u00e9 a dodr\u017eovalo se s velkou pe\u010dlivost\u00ed.<\/p>\t\t\t\t\t\t\t\t<\/div>\n\t\t\t\t<\/div>\n\t\t\t\t\t<\/div>\n\t\t\t\t<\/div>\n\t\t<div class=\"elementor-element elementor-element-iwgw-baiame-s6 e-flex e-con-boxed e-con e-parent\" data-id=\"iwgw-baiame-s6\" data-element_type=\"container\" data-e-type=\"container\">\n\t\t\t\t\t<div class=\"e-con-inner\">\n\t\t\t\t<div class=\"elementor-element elementor-element-iwgw-baiame-s6h elementor-widget elementor-widget-heading\" data-id=\"iwgw-baiame-s6h\" data-element_type=\"widget\" data-e-type=\"widget\" data-widget_type=\"heading.default\">\n\t\t\t\t\t<h2 class=\"elementor-heading-title elementor-size-default\">Paralely v jin\u00fdch kultur\u00e1ch<\/h2>\t\t\t\t<\/div>\n\t\t<div class=\"elementor-element elementor-element-iwgw-baiame-s6c e-con-full e-flex e-con e-child\" data-id=\"iwgw-baiame-s6c\" data-element_type=\"container\" data-e-type=\"container\">\n\t\t\t\t<div class=\"elementor-element elementor-element-iwgw-baiame-s6t elementor-widget elementor-widget-text-editor\" data-id=\"iwgw-baiame-s6t\" data-element_type=\"widget\" data-e-type=\"widget\" data-widget_type=\"text-editor.default\">\n\t\t\t\t\t\t\t\t\t<p>Strukturn\u011b srovnateln\u00ed s Baiame jsou: <a href=\"https:\/\/iwell-guard.com\/cs\/?page_id=145519\">Bunjil<\/a> u kmen\u016f Kulin ve Victorii, Daramulun u n\u011bkter\u00fdch skupin v NSW, Nurelli v oblasti Murray, Mungan-Ngana u Kurnai\u016f. V\u0161echny tyto postavy pat\u0159\u00ed k typu \u201eAll-Father\u201c, kter\u00fd Howitt systematicky popsal v roce 1884.<\/p><p>V mimoaustralsk\u00e9m kontextu existuj\u00ed typologick\u00e9 paralely: <a href=\"https:\/\/iwell-guard.com\/cs\/?page_id=145506\">Tengri<\/a> u Turk\u016f (odta\u017eit\u00fd nebesk\u00fd b\u016fh), v\u00e9dsk\u00fd Dyaus Pitar, \u0159eck\u00fd Zeus Pater, seversk\u00fd Tyr. Wilhelm Schmidt tyto paralely ve sv\u00e9m dvan\u00e1ctisvazkov\u00e9m d\u00edle interpretoval jako d\u016fkaz \u201eprvotn\u00edho monoteismu\u201c, co\u017e pozd\u011bj\u0161\u00ed v\u00fdzkum kriticky revidoval.<\/p><p>Z hlediska fenomenologie n\u00e1bo\u017eenstv\u00ed pat\u0159\u00ed Baiame do t\u0159\u00eddy <em>deus otiosus<\/em>: vzne\u0161en\u00e1 bo\u017esk\u00e1 bytost, kter\u00e1 se po stvo\u0159en\u00ed vzdaluje p\u0159\u00edm\u00e9mu uct\u00edv\u00e1n\u00ed. Tuto pozici sd\u00edl\u00ed s Tengri, \u010d\u00ednsk\u00fdm Tianem a mnoh\u00fdmi dal\u0161\u00edmi vysok\u00fdmi bo\u017estvy po cel\u00e9m sv\u011bt\u011b.<\/p>\t\t\t\t\t\t\t\t<\/div>\n\t\t\t\t<\/div>\n\t\t\t\t\t<\/div>\n\t\t\t\t<\/div>\n\t\t<div class=\"elementor-element elementor-element-iwgw-baiame-s7 e-flex e-con-boxed e-con e-parent\" data-id=\"iwgw-baiame-s7\" data-element_type=\"container\" data-e-type=\"container\">\n\t\t\t\t\t<div class=\"e-con-inner\">\n\t\t\t\t<div class=\"elementor-element elementor-element-iwgw-baiame-s7h elementor-widget elementor-widget-heading\" data-id=\"iwgw-baiame-s7h\" data-element_type=\"widget\" data-e-type=\"widget\" data-widget_type=\"heading.default\">\n\t\t\t\t\t<h2 class=\"elementor-heading-title elementor-size-default\">Sou\u010dasn\u00e1 recepce a v\u00fdzkum<\/h2>\t\t\t\t<\/div>\n\t\t<div class=\"elementor-element elementor-element-iwgw-baiame-s7c e-con-full e-flex e-con e-child\" data-id=\"iwgw-baiame-s7c\" data-element_type=\"container\" data-e-type=\"container\">\n\t\t\t\t<div class=\"elementor-element elementor-element-iwgw-baiame-s7t elementor-widget elementor-widget-text-editor\" data-id=\"iwgw-baiame-s7t\" data-element_type=\"widget\" data-e-type=\"widget\" data-widget_type=\"text-editor.default\">\n\t\t\t\t\t\t\t\t\t<p>Mezi nejd\u016fle\u017eit\u011bj\u0161\u00ed ran\u00e1 d\u00edla pat\u0159\u00ed Alfred Howitt, <em>The Native Tribes of South-East Australia<\/em> (1904), a K. Langloh Parker, <em>Euahlayi Tribe<\/em> (1905). Ob\u011b d\u00edla maj\u00ed z dne\u0161n\u00edho pohledu metodick\u00e9 slabiny, jsou v\u0161ak nepostradateln\u00fdmi prim\u00e1rn\u00edmi prameny.<\/p><p>Wilhelm Schmidt ve sv\u00e9m d\u00edle <em>Der Ursprung der Gottesidee<\/em> (sv. 3, 1931) pou\u017e\u00edv\u00e1 Baiame jako d\u016fkaz \u201eprvotn\u00edho monoteismu\u201c; tato teze je dnes z velk\u00e9 \u010d\u00e1sti odm\u00edt\u00e1na, ale je religionistoricky d\u016fle\u017eit\u00e1. Mircea Eliade za\u0159adil Baiame do sv\u00e9 fenomenologie n\u00e1bo\u017eenstv\u00ed v d\u00edle <em>Australian Religions<\/em> (1973).<\/p><p>Tony Swain ve sv\u00e9m d\u00edle <em>A Place for Strangers<\/em> (1993) nab\u00edz\u00ed nejd\u016fle\u017eit\u011bj\u0161\u00ed sou\u010dasnou reflexi a varuje p\u0159ed panaboriginsk\u00fdmi a monoteistick\u00fdmi zkreslen\u00edmi. Bill Edwards, <em>An Introduction to Aboriginal Societies<\/em> (1998), je komplexn\u00edm \u00favodem do t\u00e9matu.<\/p>\t\t\t\t\t\t\t\t<\/div>\n\t\t\t\t<\/div>\n\t\t\t\t\t<\/div>\n\t\t\t\t<\/div>\n\t\t<div class=\"elementor-element elementor-element-iwgw-baiame-s8 e-flex e-con-boxed e-con e-parent\" data-id=\"iwgw-baiame-s8\" data-element_type=\"container\" data-e-type=\"container\">\n\t\t\t\t\t<div class=\"e-con-inner\">\n\t\t\t\t<div class=\"elementor-element elementor-element-iwgw-baiame-s8h elementor-widget elementor-widget-heading\" data-id=\"iwgw-baiame-s8h\" data-element_type=\"widget\" data-e-type=\"widget\" data-widget_type=\"heading.default\">\n\t\t\t\t\t<h2 class=\"elementor-heading-title elementor-size-default\">V\u00fdzkumn\u00e9 debaty a otev\u0159en\u00e9 ot\u00e1zky<\/h2>\t\t\t\t<\/div>\n\t\t<div class=\"elementor-element elementor-element-iwgw-baiame-s8c e-con-full e-flex e-con e-child\" data-id=\"iwgw-baiame-s8c\" data-element_type=\"container\" data-e-type=\"container\">\n\t\t\t\t<div class=\"elementor-element elementor-element-iwgw-baiame-s8t elementor-widget elementor-widget-text-editor\" data-id=\"iwgw-baiame-s8t\" data-element_type=\"widget\" data-e-type=\"widget\" data-widget_type=\"text-editor.default\">\n\t\t\t\t\t\t\t\t\t<p>Kolem Baiame se vede n\u011bkolik v\u00fdzkumn\u00fdch debat. Za prv\u00e9: Je p\u0159edkoloni\u00e1ln\u00ed postavou, nebo postavou spoluutv\u00e1\u0159enou ran\u00fdm k\u0159es\u0165ansk\u00fdm misijn\u00edm p\u016fsoben\u00edm? Tony Swain zde zast\u00e1val tezi, \u017ee Baiame je \u010d\u00e1ste\u010dn\u011b postavou \u201epost-contact\u201c, kter\u00e1 svou dne\u0161n\u00ed podobu z\u00edskala v konfrontaci s k\u0159es\u0165ansk\u00fdmi koncepty. Tato teze je sporn\u00e1.<\/p><p>Za druh\u00e9: Jak\u00fd je jeho vztah k jin\u00fdm postav\u00e1m typu All-Father, jako je <a href=\"https:\/\/iwell-guard.com\/cs\/?page_id=145519\">Bunjil<\/a> nebo Daramulun? Howitt je pova\u017eoval za region\u00e1ln\u00ed varianty spole\u010dn\u00e9 tradice; nov\u011bj\u0161\u00ed v\u00fdzkum m\u00e1 tendenci ch\u00e1pat je jako samostatn\u00e9 postavy.<\/p><p>Za t\u0159et\u00ed: Jakou roli hraje Baiame v sou\u010dasn\u00e9 politice identity Aboriginc\u016f? V NSW a Queenslandu je identifika\u010dn\u00edm znakem; ve Victorii se tato funkce p\u0159ekr\u00fdv\u00e1 s Bunjilem. U dne\u0161n\u00edch Wiradjuri\u016f je tradice Baiame sou\u010d\u00e1st\u00ed \u0161ir\u0161\u00ed kulturn\u00ed renesance.<\/p>\t\t\t\t\t\t\t\t<\/div>\n\t\t\t\t<\/div>\n\t\t\t\t\t<\/div>\n\t\t\t\t<\/div>\n\t\t<div class=\"elementor-element elementor-element-iwgw-baiame-s9 e-flex e-con-boxed e-con e-parent\" data-id=\"iwgw-baiame-s9\" data-element_type=\"container\" data-e-type=\"container\">\n\t\t\t\t\t<div class=\"e-con-inner\">\n\t\t\t\t<div class=\"elementor-element elementor-element-iwgw-baiame-s9h elementor-widget elementor-widget-heading\" data-id=\"iwgw-baiame-s9h\" data-element_type=\"widget\" data-e-type=\"widget\" data-widget_type=\"heading.default\">\n\t\t\t\t\t<h2 class=\"elementor-heading-title elementor-size-default\">Baiame a iniciace bora<\/h2>\t\t\t\t<\/div>\n\t\t<div class=\"elementor-element elementor-element-iwgw-baiame-s9c e-con-full e-flex e-con e-child\" data-id=\"iwgw-baiame-s9c\" data-element_type=\"container\" data-e-type=\"container\">\n\t\t\t\t<div class=\"elementor-element elementor-element-iwgw-baiame-s9t elementor-widget elementor-widget-text-editor\" data-id=\"iwgw-baiame-s9t\" data-element_type=\"widget\" data-e-type=\"widget\" data-widget_type=\"text-editor.default\">\n\t\t\t\t\t\t\t\t\t<p>Hlub\u0161\u00ed pozornost si zaslou\u017e\u00ed bora-<span class=\"iwg-fachbegriff\" data-tooltip=\"Ritu\u00e1ln\u00ed p\u0159echod, jeho\u017e prost\u0159ednictv\u00edm je n\u011bkdo p\u0159ijat do nov\u00e9ho postaven\u00ed nebo spole\u010denstv\u00ed.\" tabindex=\"0\">iniciace<\/span>, ritu\u00e1ln\u00ed j\u00e1dro kultu Baiame. M\u00edsta bora se skl\u00e1daj\u00ed ze dvou zemn\u00edch kruh\u016f spojen\u00fdch cestou, jejich\u017e pr\u016fm\u011br se pohybuje od zhruba 5 do 30 metr\u016f. N\u011bkter\u00e1 jsou archeologicky dosud zachov\u00e1na; nejzn\u00e1m\u011bj\u0161\u00edm p\u0159\u00edkladem je m\u00edsto bora u Brewarriny (NSW), kter\u00e9 pat\u0159\u00ed k National Heritage.<\/p><p>B\u011bhem <span class=\"iwg-fachbegriff\" data-tooltip=\"Ritu\u00e1ln\u00ed p\u0159echod, jeho\u017e prost\u0159ednictv\u00edm je n\u011bkdo p\u0159ijat do nov\u00e9ho postaven\u00ed nebo spole\u010denstv\u00ed.\" tabindex=\"0\">iniciace<\/span>, kter\u00e1 trvala n\u011bkolik t\u00fddn\u016f, se mlad\u00ed mu\u017ei u\u010dili p\u00edsn\u011b Baiame, vid\u011bli bullroarery Baiame, proch\u00e1zeli zkou\u0161kami bolesti (vylomen\u00ed zubu, ritu\u00e1ln\u00ed jizvy) a byli uv\u00e1d\u011bni do kosmologick\u00e9ho \u0159\u00e1du. Alfred Howitt tento pr\u016fb\u011bh iniciace podrobn\u011b zdokumentoval.<\/p><p>Z hlediska religionistick\u00e9 antropologie je bora-<span class=\"iwg-fachbegriff\" data-tooltip=\"Ritu\u00e1ln\u00ed p\u0159echod, jeho\u017e prost\u0159ednictv\u00edm je n\u011bkdo p\u0159ijat do nov\u00e9ho postaven\u00ed nebo spole\u010denstv\u00ed.\" tabindex=\"0\">iniciace<\/span> klasick\u00fdm p\u0159\u00edkladem \u201erite de passage\u201c ve smyslu van Gennepa: odlou\u010den\u00ed, pr\u00e1h, za\u010dlen\u011bn\u00ed. Zvl\u00e1\u0161\u0165 v\u00fdrazn\u00e1 je prahov\u00e1 f\u00e1ze, v n\u00ed\u017e iniciovan\u00ed symbolicky \u201eum\u00edraj\u00ed\u201c a znovu se rod\u00ed jako \u201enov\u00ed lid\u00e9\u201c.<\/p>\t\t\t\t\t\t\t\t<\/div>\n\t\t\t\t<\/div>\n\t\t\t\t\t<\/div>\n\t\t\t\t<\/div>\n\t\t<div class=\"elementor-element elementor-element-iwgw-baiame-s10 e-flex e-con-boxed e-con e-parent\" data-id=\"iwgw-baiame-s10\" data-element_type=\"container\" data-e-type=\"container\">\n\t\t\t\t\t<div class=\"e-con-inner\">\n\t\t\t\t<div class=\"elementor-element elementor-element-iwgw-baiame-s10h elementor-widget elementor-widget-heading\" data-id=\"iwgw-baiame-s10h\" data-element_type=\"widget\" data-e-type=\"widget\" data-widget_type=\"heading.default\">\n\t\t\t\t\t<h2 class=\"elementor-heading-title elementor-size-default\">Baiame a teze Wilhelma Schmidta o prvotn\u00edm monoteismu<\/h2>\t\t\t\t<\/div>\n\t\t<div class=\"elementor-element elementor-element-iwgw-baiame-s10c e-con-full e-flex e-con e-child\" data-id=\"iwgw-baiame-s10c\" data-element_type=\"container\" data-e-type=\"container\">\n\t\t\t\t<div class=\"elementor-element elementor-element-iwgw-baiame-s10t elementor-widget elementor-widget-text-editor\" data-id=\"iwgw-baiame-s10t\" data-element_type=\"widget\" data-e-type=\"widget\" data-widget_type=\"text-editor.default\">\n\t\t\t\t\t\t\t\t\t<p>Zvl\u00e1\u0161tn\u00ed historickou pozornost si zaslou\u017e\u00ed role Baiame v tezi Wilhelma Schmidta o <em>prvotn\u00edm monoteismu<\/em>. Schmidt ve sv\u00e9m dvan\u00e1ctisvazkov\u00e9m d\u00edle <em>Der Ursprung der Gottesidee<\/em> (1912, 1955) argumentoval, \u017ee v\u0161echna n\u00e1bo\u017eenstv\u00ed poch\u00e1zej\u00ed z p\u016fvodn\u00edho <span class=\"iwg-fachbegriff\" data-tooltip=\"V\u00edra v jedin\u00e9ho boha.\" tabindex=\"0\">monoteismu<\/span>. Baiame, Apistotoki severoamerick\u00fdch \u010cernonoh\u00fdch (Blackfoot) a n\u011bkolik dal\u0161\u00edch \u201eSky Fathers\u201c byli jeho nejd\u016fle\u017eit\u011bj\u0161\u00edmi p\u0159\u00edklady.<\/p><p>Tato teze je dnes z velk\u00e9 \u010d\u00e1sti odm\u00edt\u00e1na; jej\u00ed slabina spo\u010d\u00edvala v evolucionistick\u00e9m a \u010d\u00e1ste\u010dn\u011b apologetick\u00e9m p\u0159edpokladu. P\u0159esto m\u011bla religionistickohistorick\u00fd dopad a po n\u011bkolik desetilet\u00ed formovala diskusi o vysok\u00fdch bo\u017estvech. Raffaele Pettazzoni ji kriticky revidoval v d\u00edle <em>L&#8217;essere supremo nelle religioni primitive<\/em> (1957).<\/p><p>Pro sou\u010dasn\u00fd v\u00fdzkum Baiame je Schmidtova teze varuj\u00edc\u00ed minulost\u00ed: ukazuje, jak m\u016f\u017ee b\u00fdt domorod\u00e1 postava p\u0159ekryta extern\u00ed teori\u00ed a interpretov\u00e1na v ciz\u00edm v\u00fdznamov\u00e9m prost\u0159ed\u00ed.<\/p>\t\t\t\t\t\t\t\t<\/div>\n\t\t\t\t<\/div>\n\t\t\t\t\t<\/div>\n\t\t\t\t<\/div>\n\t\t<div class=\"elementor-element elementor-element-iwgw-baiame-s11 e-flex e-con-boxed e-con e-parent\" data-id=\"iwgw-baiame-s11\" data-element_type=\"container\" data-e-type=\"container\">\n\t\t\t\t\t<div class=\"e-con-inner\">\n\t\t\t\t<div class=\"elementor-element elementor-element-iwgw-baiame-s11h elementor-widget elementor-widget-heading\" data-id=\"iwgw-baiame-s11h\" data-element_type=\"widget\" data-e-type=\"widget\" data-widget_type=\"heading.default\">\n\t\t\t\t\t<h2 class=\"elementor-heading-title elementor-size-default\">Metodologick\u00e1 reflexe a prameny<\/h2>\t\t\t\t<\/div>\n\t\t<div class=\"elementor-element elementor-element-iwgw-baiame-s11c e-con-full e-flex e-con e-child\" data-id=\"iwgw-baiame-s11c\" data-element_type=\"container\" data-e-type=\"container\">\n\t\t\t\t<div class=\"elementor-element elementor-element-iwgw-baiame-s11t elementor-widget elementor-widget-text-editor\" data-id=\"iwgw-baiame-s11t\" data-element_type=\"widget\" data-e-type=\"widget\" data-widget_type=\"text-editor.default\">\n\t\t\t\t\t\t\t\t\t<p>P\u0159i v\u00fdzkumu Baiame vyvst\u00e1v\u00e1 n\u011bkolik metodologick\u00fdch probl\u00e9m\u016f. Za prv\u00e9: nejd\u016fle\u017eit\u011bj\u0161\u00ed prim\u00e1rn\u00ed prameny poch\u00e1zej\u00ed z konce 19. a za\u010d\u00e1tku 20. stolet\u00ed a jsou zat\u00ed\u017eeny koloni\u00e1ln\u00ed a \u010d\u00e1ste\u010dn\u011b mision\u00e1\u0159skou vn\u011bj\u0161\u00ed perspektivou. Tony Swain tato zkreslen\u00ed kriticky zpracoval.<\/p><p>Za druh\u00e9: velk\u00e1 \u010d\u00e1st znalost\u00ed o Baiame byla \u201erestricted\u201c, tedy mu\u017esk\u00fdm tajemstv\u00edm, kter\u00e9 nebylo ve\u0159ejn\u011b p\u0159\u00edstupn\u00e9. To, co dnes o Baiame v\u00edme, je proto nutn\u011b jen v\u00fd\u0159ez z tradi\u010dn\u00ed hloubky.<\/p><p>Za t\u0159et\u00ed: sou\u010dasn\u00e1 sebereprezentace Wiradjuri, Kamilaroi a Euahlayi p\u0159edstavuje samostatnou rovinu pramen\u016f. Domorod\u00ed badatel\u00e9, aktivist\u00e9 a um\u011blci nab\u00edzej\u00ed dnes vlastn\u00ed pohledy, kter\u00e9 by m\u011bly vstoupit do dialogu s akademickou vn\u011bj\u0161\u00ed perspektivou.<\/p><p>Kdo chce studovat komplex Baiame v cel\u00e9 jeho \u0161\u00ed\u0159i, najde na p\u0159ehledov\u00e9 str\u00e1nce <a href=\"https:\/\/iwell-guard.com\/cs\/aboriginal-australie-dreamtime-tjukurpa\/\">domorod\u00e1 australsk\u00e1 tradice<\/a> nejd\u016fle\u017eit\u011bj\u0161\u00ed odkazy na p\u0159\u00edbuzn\u00e9 postavy jako <a href=\"https:\/\/iwell-guard.com\/cs\/?page_id=145519\">Bunjil<\/a>, <a href=\"https:\/\/iwell-guard.com\/cs\/?page_id=145520\">Yhi<\/a> a <a href=\"https:\/\/iwell-guard.com\/cs\/?page_id=145516\">Rainbow Serpent<\/a>.<\/p>\t\t\t\t\t\t\t\t<\/div>\n\t\t\t\t<\/div>\n\t\t\t\t\t<\/div>\n\t\t\t\t<\/div>\n\t\t<div class=\"elementor-element elementor-element-iwgw-baiame-s12 e-flex e-con-boxed e-con e-parent\" data-id=\"iwgw-baiame-s12\" data-element_type=\"container\" data-e-type=\"container\">\n\t\t\t\t\t<div class=\"e-con-inner\">\n\t\t\t\t<div class=\"elementor-element elementor-element-iwgw-baiame-s12h elementor-widget elementor-widget-heading\" data-id=\"iwgw-baiame-s12h\" data-element_type=\"widget\" data-e-type=\"widget\" data-widget_type=\"heading.default\">\n\t\t\t\t\t<h2 class=\"elementor-heading-title elementor-size-default\">Baiame a koncept n\u00e1bo\u017eenstv\u00ed Sky-Father<\/h2>\t\t\t\t<\/div>\n\t\t<div class=\"elementor-element elementor-element-iwgw-baiame-s12c e-con-full e-flex e-con e-child\" data-id=\"iwgw-baiame-s12c\" data-element_type=\"container\" data-e-type=\"container\">\n\t\t\t\t<div class=\"elementor-element elementor-element-iwgw-baiame-s12t elementor-widget elementor-widget-text-editor\" data-id=\"iwgw-baiame-s12t\" data-element_type=\"widget\" data-e-type=\"widget\" data-widget_type=\"text-editor.default\">\n\t\t\t\t\t\t\t\t\t<p>Koncept \u201en\u00e1bo\u017eenstv\u00ed Sky-Father\u201c systematicky popsal Alfred Howitt roku 1884 a vzt\u00e1hl jej na \u0159adu jihoaustralsk\u00fdch vrchn\u00edch bo\u017estev (Baiame, <a href=\"https:\/\/iwell-guard.com\/cs\/?page_id=145519\">Bunjil<\/a>, Daramulun, Mungan-Ngana). Z pohledu fenomenologie n\u00e1bo\u017eenstv\u00ed p\u0159edstavuje samostatnou formu n\u00e1bo\u017eenstv\u00ed: \u201eAll-Father\u201c, kter\u00fd stvo\u0159il sv\u011bt, dal z\u00e1kony a pot\u00e9 se st\u00e1hl na nebesa.<\/p><p>Wilhelm Schmidt pou\u017eil tento koncept ve sv\u00e9m dvan\u00e1ctisvazkov\u00e9m d\u00edle <em>Der Ursprung der Gottesidee<\/em> (1912, 1955) jako d\u016fkaz \u201eprvotn\u00edho monoteismu\u201c. Tato teze je dnes z velk\u00e9 \u010d\u00e1sti odm\u00edt\u00e1na; n\u00e1bo\u017eenstv\u00ed typu Sky-Father jsou samostatn\u00e9 domorod\u00e9 konstrukce, nikoli poz\u016fstatky univerz\u00e1ln\u00ed prvotn\u00ed v\u00edry.<\/p><p>Tony Swain popsal ve sv\u00e9 knize <em>A Place for Strangers<\/em> (1993) specificky jihoaustralsk\u00fd vznik t\u00e9to p\u0159edstavy Sky-Father. Nelze ji ch\u00e1pat v r\u00e1mci evolu\u010dn\u011b-n\u00e1bo\u017eensk\u00e9 hierarchie, n\u00fdbr\u017e jako kulturn\u011b specifick\u00e9 zpracov\u00e1n\u00ed z\u00e1kladn\u00edho n\u00e1bo\u017eensk\u00e9ho probl\u00e9mu.<\/p>\t\t\t\t\t\t\t\t<\/div>\n\t\t\t\t<\/div>\n\t\t\t\t\t<\/div>\n\t\t\t\t<\/div>\n\t\t<div class=\"elementor-element elementor-element-iwgw-baiame-s13 e-flex e-con-boxed e-con e-parent\" data-id=\"iwgw-baiame-s13\" data-element_type=\"container\" data-e-type=\"container\">\n\t\t\t\t\t<div class=\"e-con-inner\">\n\t\t\t\t<div class=\"elementor-element elementor-element-iwgw-baiame-s13h elementor-widget elementor-widget-heading\" data-id=\"iwgw-baiame-s13h\" data-element_type=\"widget\" data-e-type=\"widget\" data-widget_type=\"heading.default\">\n\t\t\t\t\t<h2 class=\"elementor-heading-title elementor-size-default\">Baiame v sou\u010dasn\u00e9 renesanci Wiradjuri<\/h2>\t\t\t\t<\/div>\n\t\t<div class=\"elementor-element elementor-element-iwgw-baiame-s13c e-con-full e-flex e-con e-child\" data-id=\"iwgw-baiame-s13c\" data-element_type=\"container\" data-e-type=\"container\">\n\t\t\t\t<div class=\"elementor-element elementor-element-iwgw-baiame-s13t elementor-widget elementor-widget-text-editor\" data-id=\"iwgw-baiame-s13t\" data-element_type=\"widget\" data-e-type=\"widget\" data-widget_type=\"text-editor.default\">\n\t\t\t\t\t\t\t\t\t<p>Jazykov\u00e9 spole\u010denstv\u00ed Wiradjuri proch\u00e1z\u00ed od 80. let 20. stolet\u00ed kulturn\u00ed renesanc\u00ed. V\u00fduka jazyka ve \u0161kol\u00e1ch, kulturn\u00ed sv\u00e1tky a politick\u00e1 mobilizace u\u010dinily z Baiame \u00fast\u0159edn\u00ed identifika\u010dn\u00ed postavu.<\/p><p>Program Wiradjuri Language Recovery Programme (od 1991) a studia Wiradjuri na n\u011bkolika australsk\u00fdch univerzit\u00e1ch zasadily Baiame do modern\u00edho pedagogick\u00e9ho kontextu. P\u0159i ofici\u00e1ln\u00edch ceremoni\u00edch \u201eWelcome to Country\u201c je Baiame pravideln\u011b vz\u00fdv\u00e1n.<\/p><p>Z hlediska sociologie n\u00e1bo\u017eenstv\u00ed je tato renesance p\u0159\u00edkladem sou\u010dasn\u00e9 identit\u00e1rn\u00ed politiky domorod\u00e9ho obyvatelstva Austr\u00e1lie. N\u00e1bo\u017eensk\u00e9 tradice se st\u00e1vaj\u00ed z\u00e1kladem modern\u00ed kulturn\u00ed reprezentace a politick\u00e9 argumentace. Stan Grant a dal\u0161\u00ed hlasy Wiradjuri zasadili Baiame do tohoto kontextu.<\/p>\t\t\t\t\t\t\t\t<\/div>\n\t\t\t\t<\/div>\n\t\t\t\t\t<\/div>\n\t\t\t\t<\/div>\n\t\t<div class=\"elementor-element elementor-element-iwgw-baiame-s14 e-flex e-con-boxed e-con e-parent\" data-id=\"iwgw-baiame-s14\" data-element_type=\"container\" data-e-type=\"container\">\n\t\t\t\t\t<div class=\"e-con-inner\">\n\t\t\t\t<div class=\"elementor-element elementor-element-iwgw-baiame-s14h elementor-widget elementor-widget-heading\" data-id=\"iwgw-baiame-s14h\" data-element_type=\"widget\" data-e-type=\"widget\" data-widget_type=\"heading.default\">\n\t\t\t\t\t<h2 class=\"elementor-heading-title elementor-size-default\">Baiame a kosmologick\u00e1 astronomie<\/h2>\t\t\t\t<\/div>\n\t\t<div class=\"elementor-element elementor-element-iwgw-baiame-s14c e-con-full e-flex e-con e-child\" data-id=\"iwgw-baiame-s14c\" data-element_type=\"container\" data-e-type=\"container\">\n\t\t\t\t<div class=\"elementor-element elementor-element-iwgw-baiame-s14t elementor-widget elementor-widget-text-editor\" data-id=\"iwgw-baiame-s14t\" data-element_type=\"widget\" data-e-type=\"widget\" data-widget_type=\"text-editor.default\">\n\t\t\t\t\t\t\t\t\t<p>Hlub\u0161\u00ed studium si zaslou\u017e\u00ed kosmologick\u00e9 zakotven\u00ed Baiame v domorod\u00e9 australsk\u00e9 astronomii. V tradic\u00edch Wiradjuri a Kamilaroi je Baiame identifikov\u00e1n s ur\u010dit\u00fdmi souhv\u011bzd\u00edmi; konkr\u00e9tn\u00ed souhv\u011bzd\u00ed se region\u00e1ln\u011b li\u0161\u00ed, \u010dasto je v\u0161ak um\u00edst\u011bno v Ml\u00e9\u010dn\u00e9 dr\u00e1ze.<\/p><p>Domorod\u00e1 astronomie je od konce 20. stolet\u00ed samostatn\u00fdm v\u00fdzkumn\u00fdm oborem, ve kter\u00e9m se kombinuj\u00ed domorod\u00e9 a akademick\u00e9 znalosti. Badatel\u00e9 jako Ray Norris (CSIRO), Duane Hamacher a John Goldsmith uk\u00e1zali, \u017ee domorod\u00e1 tradice udr\u017euje mimo\u0159\u00e1dn\u011b detailn\u00ed praxi pozorov\u00e1n\u00ed a uchov\u00e1v\u00e1n\u00ed pam\u011bti.<\/p><p>V t\u00e9to astronomii nen\u00ed Baiame pouze n\u00e1bo\u017eenskou bytost\u00ed, ale kosmologick\u00fdm orienta\u010dn\u00edm bodem. Ze sv\u00e9ho nebesk\u00e9ho m\u00edsta \u201ehled\u00ed\u201c na lidi a \u201epohybuje se\u201c s b\u011bhem roku. Toto astronomick\u00e9 zakotven\u00ed d\u00e1v\u00e1 tradici Baiame rozm\u011br, kter\u00fd byl ve star\u0161\u00ed etnografick\u00e9 literatu\u0159e \u010dasto p\u0159ehl\u00ed\u017een.<\/p>\t\t\t\t\t\t\t\t<\/div>\n\t\t\t\t<\/div>\n\t\t\t\t\t<\/div>\n\t\t\t\t<\/div>\n\t\t<div class=\"elementor-element elementor-element-iwgw-baiame-s15 e-flex e-con-boxed e-con e-parent\" data-id=\"iwgw-baiame-s15\" data-element_type=\"container\" data-e-type=\"container\">\n\t\t\t\t\t<div class=\"e-con-inner\">\n\t\t\t\t<div class=\"elementor-element elementor-element-iwgw-baiame-s15h elementor-widget elementor-widget-heading\" data-id=\"iwgw-baiame-s15h\" data-element_type=\"widget\" data-e-type=\"widget\" data-widget_type=\"heading.default\">\n\t\t\t\t\t<h2 class=\"elementor-heading-title elementor-size-default\">Baiame a srovn\u00e1vac\u00ed v\u00fdzkum vrchn\u00edch bo\u017estev<\/h2>\t\t\t\t<\/div>\n\t\t<div class=\"elementor-element elementor-element-iwgw-baiame-s15c e-con-full e-flex e-con e-child\" data-id=\"iwgw-baiame-s15c\" data-element_type=\"container\" data-e-type=\"container\">\n\t\t\t\t<div class=\"elementor-element elementor-element-iwgw-baiame-s15t elementor-widget elementor-widget-text-editor\" data-id=\"iwgw-baiame-s15t\" data-element_type=\"widget\" data-e-type=\"widget\" data-widget_type=\"text-editor.default\">\n\t\t\t\t\t\t\t\t\t<p>Srovn\u00e1vac\u00ed zamy\u0161len\u00ed si zaslou\u017e\u00ed postaven\u00ed Baiame v mezin\u00e1rodn\u00edm v\u00fdzkumu vrchn\u00edch bo\u017estev. Z hlediska fenomenologie n\u00e1bo\u017eenstv\u00ed pat\u0159\u00ed do t\u0159\u00eddy <em>deus otiosus<\/em>, \u201ene\u010dinn\u00e9ho boha\u201c, kter\u00fd se po stvo\u0159en\u00ed vzdaluje od p\u0159\u00edm\u00e9ho uct\u00edv\u00e1n\u00ed. Tuto t\u0159\u00eddu systematicky popsal Mircea Eliade v d\u00edle <em>Patterns in Comparative Religion<\/em> (1949).<\/p><p>Struktur\u00e1ln\u011b srovnateln\u00ed s Baiame jsou krom\u011b australsk\u00fdch All-Fathers tak\u00e9: <a href=\"https:\/\/iwell-guard.com\/cs\/?page_id=145506\">Tengri<\/a> v sibi\u0159sk\u00e9m tengrismu, Olorun u Yorub\u016f, Nyame u A\u0161ant\u016f, v\u00e9dsk\u00fd Dyaus Pitar, \u010d\u00ednsk\u00fd Tian. V\u0161echna tato vrchn\u00ed bo\u017estva maj\u00ed podobnou strukturu: tvo\u0159\u00ed a pot\u00e9 se stahuj\u00ed.<\/p><p>Tony Swain popsal ve sv\u00e9 knize <em>A Place for Strangers<\/em> (1993) specificky australskou podobu tohoto typu. Baiame nen\u00ed jednodu\u0161e \u201eSky Father jako jin\u00ed\u201c; je to specificky jihoaustralsk\u00e1 konstrukce s vlastn\u00edmi lok\u00e1ln\u00edmi v\u00fdznamov\u00fdmi vrstvami.<\/p>\t\t\t\t\t\t\t\t<\/div>\n\t\t\t\t<\/div>\n\t\t\t\t\t<\/div>\n\t\t\t\t<\/div>\n\t\t<div class=\"elementor-element elementor-element-cp24ad2f92 e-flex e-con-boxed e-con e-parent\" data-id=\"cp24ad2f92\" data-element_type=\"container\" data-e-type=\"container\">\n\t\t\t\t\t<div class=\"e-con-inner\">\n\t\t\t\t<div class=\"elementor-element elementor-element-cp2f0c8651 elementor-widget elementor-widget-heading\" data-id=\"cp2f0c8651\" data-element_type=\"widget\" data-e-type=\"widget\" data-widget_type=\"heading.default\">\n\t\t\t\t\t<h2 class=\"elementor-heading-title elementor-size-default\">Region\u00e1ln\u00ed roz\u0161\u00ed\u0159en\u00ed v jihov\u00fdchodn\u00ed Austr\u00e1lii<\/h2>\t\t\t\t<\/div>\n\t\t<div class=\"elementor-element elementor-element-cp2676faf1 e-flex e-con-boxed e-con e-child\" data-id=\"cp2676faf1\" data-element_type=\"container\" data-e-type=\"container\">\n\t\t\t\t\t<div class=\"e-con-inner\">\n\t\t\t\t<div class=\"elementor-element elementor-element-cp23d14973 elementor-widget elementor-widget-text-editor\" data-id=\"cp23d14973\" data-element_type=\"widget\" data-e-type=\"widget\" data-widget_type=\"text-editor.default\">\n\t\t\t\t\t\t\t\t\t<p>Baiame pat\u0159\u00ed k jazykov\u00fdm skupin\u00e1m jihov\u00fdchodn\u00ed Austr\u00e1lie, p\u0159edev\u0161\u00edm k Kamilaroi, Wiradjuri, Euahlayi a Wonnarua, jako\u017e i dal\u0161\u00edm sousedn\u00edm skupin\u00e1m v dne\u0161n\u00edm Nov\u00e9m Ji\u017en\u00edm Walesu.<\/p><p>Jm\u00e9no se v pramenech objevuje v mnoha r\u016fzn\u00fdch podob\u00e1ch, mimo jin\u00e9 Baiame, Biame, Byamee a Baayami, co\u017e odr\u00e1\u017e\u00ed obt\u00ed\u017ee, s nimi\u017e se ran\u00ed zapisovatel\u00e9 pot\u00fdkali p\u0159i p\u0159episu australsk\u00fdch jazyk\u016f. P\u0159enesen\u00ed tradice Baiame na domorod\u00e9 kultury severn\u00ed nebo z\u00e1padn\u00ed Austr\u00e1lie je v\u011bcn\u011b myln\u00e9; Baiame je jihoaustralsk\u00e1 postava.<\/p><p>Nejd\u016fle\u017eit\u011bj\u0161\u00edmi ran\u00fdmi prameny jsou z\u00e1pisky etnografa Alfreda Williama Howitta, kter\u00fd ve sv\u00e9m d\u00edle o p\u016fvodn\u00edch kmenech jihov\u00fdchodn\u00ed Austr\u00e1lie na konci 19. stolet\u00ed popsal inicia\u010dn\u00ed ritu\u00e1ly a p\u0159edstavy, a d\u00e1le knihy Katie Langloh Parkerov\u00e9, kter\u00e1 \u017eila v oblasti Euahlayi.<\/p><p>Oba v\u0161ak p\u016fsobili v dob\u011b, kdy byly spole\u010dnosti tohoto regionu z\u00e1borem p\u016fdy, nemocemi a misijn\u00ed \u010dinnost\u00ed ji\u017e hluboce ot\u0159eseny.<\/p><p>Zvl\u00e1\u0161tn\u00edm probl\u00e9mem <span class=\"iwg-fachbegriff\" data-tooltip=\"P\u0159ed\u00e1v\u00e1n\u00ed znalost\u00ed a vypr\u00e1v\u011bn\u00ed mezi generacemi.\" tabindex=\"0\">tradov\u00e1n\u00ed<\/span> Baiame je ot\u00e1zka, do jak\u00e9 m\u00edry byl obraz nejvy\u0161\u0161\u00ed, nebesk\u00e9 stvo\u0159itelsk\u00e9 bytosti zachycen\u00fd v pramenech utv\u00e1\u0159en k\u0159es\u0165ansk\u00fdm vlivem.<\/p><p>Ji\u017e Andrew Lang vyu\u017eil Baiame v historick\u00e9 debat\u011b o takzvan\u00e9m vrchn\u00edm bohu, a pozd\u011bj\u0161\u00ed badatel\u00e9 jako Tony Swain argumentovali, \u017ee siln\u00fd d\u016fraz na jedin\u00e9ho nebesk\u00e9ho stvo\u0159itele mohl b\u00fdt \u010d\u00e1ste\u010dn\u011b reakc\u00ed na koloni\u00e1ln\u00ed kontakt.<\/p><p>P\u0159edkoloni\u00e1ln\u00ed j\u00e1dro a pokoloni\u00e1ln\u00ed p\u0159etvo\u0159en\u00ed se lze jen t\u011b\u017eko s jistotou rozli\u0161it. Ka\u017ed\u00e9 tvrzen\u00ed o Baiame mus\u00ed tuto kritiku pramen\u016f zohled\u0148ovat.<\/p>\t\t\t\t\t\t\t\t<\/div>\n\t\t\t\t\t<\/div>\n\t\t\t\t<\/div>\n\t\t\t\t\t<\/div>\n\t\t\t\t<\/div>\n\t\t<div class=\"elementor-element elementor-element-cp2c6d710e e-flex e-con-boxed e-con e-parent\" data-id=\"cp2c6d710e\" data-element_type=\"container\" data-e-type=\"container\">\n\t\t\t\t\t<div class=\"e-con-inner\">\n\t\t\t\t<div class=\"elementor-element elementor-element-cp2d893f3d elementor-widget elementor-widget-heading\" data-id=\"cp2d893f3d\" data-element_type=\"widget\" data-e-type=\"widget\" data-widget_type=\"heading.default\">\n\t\t\t\t\t<h2 class=\"elementor-heading-title elementor-size-default\">Baiame v inicia\u010dn\u00edch ritu\u00e1lech Bora<\/h2>\t\t\t\t<\/div>\n\t\t<div class=\"elementor-element elementor-element-cp256832b6 e-flex e-con-boxed e-con e-child\" data-id=\"cp256832b6\" data-element_type=\"container\" data-e-type=\"container\">\n\t\t\t\t\t<div class=\"e-con-inner\">\n\t\t\t\t<div class=\"elementor-element elementor-element-cp2b926104 elementor-widget elementor-widget-text-editor\" data-id=\"cp2b926104\" data-element_type=\"widget\" data-e-type=\"widget\" data-widget_type=\"text-editor.default\">\n\t\t\t\t\t\t\t\t\t<p>S Baiame jsou \u00fazce spjaty mu\u017esk\u00e9 zasv\u011bcovac\u00ed ob\u0159ady, kter\u00e9 jsou v regionu zn\u00e1my pod n\u00e1zvem <em>Bora<\/em>. P\u0159i t\u011bchto n\u011bkolikadenn\u00edch, n\u011bkdy i n\u011bkolikat\u00fddenn\u00edch ritu\u00e1lech byli mlad\u00ed mu\u017ei uv\u00e1d\u011bni do dosp\u011bl\u00e9ho \u017eivota a do n\u00e1bo\u017eensk\u00e9ho v\u011bd\u011bn\u00ed.<\/p><p>Howitt popsal pro n\u011bkolik skupin, \u017ee Baiame byl pova\u017eov\u00e1n za toho, kdo tyto ob\u0159ady zavedl a jeho\u017e z\u00e1kony se v nich p\u0159ed\u00e1valy d\u00e1l.<\/p><p>D\u011bji\u0161t\u011bm ob\u0159ad\u016f byla m\u00edsta Bora, \u010dasto dva kruhov\u00e9 zemn\u00ed valy spojen\u00e9 cestou, ob\u010das s vy\u0159ez\u00e1van\u00fdmi stromy, tzv. dendroglyfy, a zemn\u00edmi \u00fatvary po okraj\u00edch. N\u011bkter\u00e1 takov\u00e1 zemn\u00ed zobrazen\u00ed podle z\u00e1pis\u016f p\u0159edstavovala postavy spojovan\u00e9 s Baiame.<\/p><p>P\u0159esn\u00e1 funkce jednotliv\u00fdch prvk\u016f je zdokumentov\u00e1na jen \u010d\u00e1ste\u010dn\u011b, proto\u017ee ob\u0159ady obsahovaly tajn\u00e9 v\u011bd\u011bn\u00ed, kter\u00e9 nebylo p\u0159\u00edstupn\u00e9 nez\u00fa\u010dastn\u011bn\u00fdm, zejm\u00e9na neiniciovan\u00fdm osob\u00e1m. Ran\u00ed zapisovatel\u00e9 tak \u010dasto z\u00edskali jen d\u00edl\u010d\u00ed informace.<\/p><p>Z v\u011bdeck\u00e9ho hlediska je spojen\u00ed Baiame s Borou v\u00fdmluvn\u00e9, proto\u017ee ukazuje, \u017ee tato postava nebyla p\u0159\u00edtomna prim\u00e1rn\u011b d\u00edky vypr\u00e1v\u011bn\u00fdm m\u00fdt\u016fm, ale d\u00edky ritu\u00e1ln\u00ed praxi a p\u0159ed\u00e1v\u00e1n\u00ed z\u00e1kon\u016f a pravidel chov\u00e1n\u00ed.<\/p><p>Baiame se jev\u00ed jako garant soci\u00e1ln\u00edho a mor\u00e1ln\u00edho \u0159\u00e1du, kter\u00fd se p\u0159i <span class=\"iwg-fachbegriff\" data-tooltip=\"Ritu\u00e1ln\u00ed p\u0159echod, j\u00edm\u017e je n\u011bkdo p\u0159ijat do nov\u00e9ho statusu nebo spole\u010denstv\u00ed.\" tabindex=\"0\">iniciaci<\/span> p\u0159ed\u00e1v\u00e1 dal\u0161\u00ed generaci. Mnoh\u00e1 m\u00edsta Bora jsou dnes archeologicky prokazateln\u00e1, av\u0161ak zem\u011bd\u011blstv\u00edm siln\u011b po\u0161kozen\u00e1; jejich ochrana nyn\u00ed prob\u00edh\u00e1 ve spolupr\u00e1ci s tradi\u010dn\u00edmi vlastn\u00edky, kte\u0159\u00ed tato m\u00edsta nad\u00e1le pova\u017euj\u00ed za v\u00fdznamn\u00e1.<\/p>\t\t\t\t\t\t\t\t<\/div>\n\t\t\t\t\t<\/div>\n\t\t\t\t<\/div>\n\t\t\t\t\t<\/div>\n\t\t\t\t<\/div>\n\t\t<div class=\"elementor-element elementor-element-iwgw-baiame-lit e-flex e-con-boxed e-con e-parent\" data-id=\"iwgw-baiame-lit\" data-element_type=\"container\" data-e-type=\"container\">\n\t\t\t\t\t<div class=\"e-con-inner\">\n\t\t\t\t<div class=\"elementor-element elementor-element-iwgw-baiame-lith elementor-widget elementor-widget-heading\" data-id=\"iwgw-baiame-lith\" data-element_type=\"widget\" data-e-type=\"widget\" data-widget_type=\"heading.default\">\n\t\t\t\t\t<h2 class=\"elementor-heading-title elementor-size-default\">Literatura (v\u00fdb\u011br)<\/h2>\t\t\t\t<\/div>\n\t\t<div class=\"elementor-element elementor-element-iwgw-baiame-litc e-con-full e-flex e-con e-child\" data-id=\"iwgw-baiame-litc\" data-element_type=\"container\" data-e-type=\"container\">\n\t\t\t\t<div class=\"elementor-element elementor-element-iwgw-baiame-litt elementor-widget elementor-widget-text-editor\" data-id=\"iwgw-baiame-litt\" data-element_type=\"widget\" data-e-type=\"widget\" data-widget_type=\"text-editor.default\">\n\t\t\t\t\t\t\t\t\t<ul><li>A. W. Howitt: <em>The Native Tribes of South-East Australia<\/em> (1904)<\/li><li>K. Langloh Parker: <em>Euahlayi Tribe<\/em> (1905)<\/li><li>Tony Swain: <em>A Place for Strangers<\/em> (Cambridge 1993)<\/li><li>Mircea Eliade: <em>Australian Religions<\/em> (1973)<\/li><li>W. E. H. Stanner: <em>On Aboriginal Religion<\/em> (1966)<\/li><li>Wilhelm Schmidt: <em>Der Ursprung der Gottesidee<\/em>, sv. 3 (1931)<\/li><li>Bill Edwards: <em>An Introduction to Aboriginal Societies<\/em> (1998)<\/li><\/ul>\t\t\t\t\t\t\t\t<\/div>\n\t\t\t\t<\/div>\n\t\t\t\t\t<\/div>\n\t\t\t\t<\/div>\n\t\t<div class=\"elementor-element elementor-element-iwgkw2-add-baiame e-flex e-con-boxed e-con e-parent\" data-id=\"iwgkw2-add-baiame\" data-element_type=\"container\" data-e-type=\"container\">\n\t\t\t\t\t<div class=\"e-con-inner\">\n\t\t\t\t<div class=\"elementor-element elementor-element-iwgkw2-add-baiame-t elementor-widget elementor-widget-text-editor\" data-id=\"iwgkw2-add-baiame-t\" data-element_type=\"widget\" data-e-type=\"widget\" data-widget_type=\"text-editor.default\">\n\t\t\t\t\t\t\t\t\t<p>Baiame je u kmen\u016f Wiradjuri a Kamilaroi pova\u017eov\u00e1n za nejvy\u0161\u0161\u00ed nebeskou bytost; <span class=\"iwg-fachbegriff\" data-tooltip=\"Tradovan\u00fd p\u0159\u00edb\u011bh o boz\u00edch, po\u010d\u00e1tc\u00edch a uspo\u0159\u00e1d\u00e1n\u00ed sv\u011bta.\" tabindex=\"0\">m\u00fdtus<\/span> jej popisuje jako stvo\u0159itele krajiny, zakladatele zasv\u011bcovac\u00edch ob\u0159ad\u016f a p\u016fvodce z\u00e1kon\u016f kruhu Bora.<\/p>\t\t\t\t\t\t\t\t<\/div>\n\t\t\t\t\t<\/div>\n\t\t\t\t<\/div>\n\t\t<div class=\"elementor-element elementor-element-iwgw-baiame-kwd e-flex e-con-boxed e-con e-parent\" data-id=\"iwgw-baiame-kwd\" data-element_type=\"container\" data-e-type=\"container\">\n\t\t\t\t\t<div class=\"e-con-inner\">\n\t\t<div class=\"elementor-element elementor-element-iwgw-baiame-kwdc e-con-full e-flex e-con e-child\" data-id=\"iwgw-baiame-kwdc\" data-element_type=\"container\" data-e-type=\"container\">\n\t\t\t\t<div class=\"elementor-element elementor-element-iwgw-baiame-kwdt elementor-widget elementor-widget-text-editor\" data-id=\"iwgw-baiame-kwdt\" data-element_type=\"widget\" data-e-type=\"widget\" data-widget_type=\"text-editor.default\">\n\t\t\t\t\t\t\t\t\t<p><em>Souvisej\u00edc\u00ed kl\u00ed\u010dov\u00e9 pojmy: Baiame Wiradjuri Kamilaroi All-Father Bora Bunjil.<\/em><\/p>\t\t\t\t\t\t\t\t<\/div>\n\t\t\t\t<\/div>\n\t\t\t\t\t<\/div>\n\t\t\t\t<\/div>\n\t\t<div class=\"elementor-element elementor-element-iwgw-baiame-cc e-flex e-con-boxed e-con e-parent\" data-id=\"iwgw-baiame-cc\" data-element_type=\"container\" data-e-type=\"container\" id=\"iwg-cc-baiame\">\n\t\t\t\t\t<div class=\"e-con-inner\">\n\t\t<div class=\"elementor-element elementor-element-iwgw-baiame-ccinner e-flex e-con-boxed e-con e-parent\" data-id=\"iwgw-baiame-ccinner\" data-element_type=\"container\" data-e-type=\"container\" data-settings=\"{&quot;background_background&quot;:&quot;classic&quot;}\">\n\t\t\t\t\t<div class=\"e-con-inner\">\n\t\t\t\t<div class=\"elementor-element elementor-element-iwgw-baiame-cch elementor-widget elementor-widget-heading\" data-id=\"iwgw-baiame-cch\" data-element_type=\"widget\" data-e-type=\"widget\" data-widget_type=\"heading.default\">\n\t\t\t\t\t<h2 class=\"elementor-heading-title elementor-size-default\">iWell Guard a ochrann\u00e9 tradice<\/h2>\t\t\t\t<\/div>\n\t\t\t\t<div class=\"elementor-element elementor-element-iwgw-baiame-cct elementor-widget elementor-widget-text-editor\" data-id=\"iwgw-baiame-cct\" data-element_type=\"widget\" data-e-type=\"widget\" data-widget_type=\"text-editor.default\">\n\t\t\t\t\t\t\t\t\t<div data-nosnippet=\"true\"><p>iWell Guard navazuje na kulturn\u011b-historickou tradici nositeln\u00fdch ochrann\u00fdch p\u0159edm\u011bt\u016f, v tradici <a href=\"https:\/\/iwell-guard.com\/cs\/aboriginal-australie-dreamtime-tjukurpa\/\">domorod\u00fdch Australan\u016f (Aboriginal)<\/a> a mnoha dal\u0161\u00edch kultur po cel\u00e9m sv\u011bt\u011b. 41 vrstev, ryz\u00ed zlato, platina, st\u0159\u00edbro, vyrobeno v N\u011bmecku. 30denn\u00ed pr\u00e1vo na vr\u00e1cen\u00ed zbo\u017e\u00ed.<\/p><\/div>\t\t\t\t\t\t\t\t<\/div>\n\t\t\t\t<div class=\"elementor-element elementor-element-iwgw-baiame-ccb iwg-cc-button iwg-cc-cta-2026-05-13 elementor-widget elementor-widget-jet-button\" data-id=\"iwgw-baiame-ccb\" data-element_type=\"widget\" data-e-type=\"widget\" data-widget_type=\"jet-button.default\">\n\t\t\t\t<div class=\"elementor-widget-container\">\n\t\t\t\t\t<div class=\"elementor-jet-button jet-elements\"><div class=\"jet-button__container\"><a class=\"jet-button__instance jet-button__instance--icon-left hover-effect-1\" href=\"\/ueber-iwell-guard\/?utm_source=iwell-guard.com&amp;utm_medium=info-box&amp;utm_campaign=wesen-tradition\"><div class=\"jet-button__plane jet-button__plane-normal\"><\/div><div class=\"jet-button__plane jet-button__plane-hover\"><\/div><div class=\"jet-button__state jet-button__state-normal\"><span class=\"jet-button__label\">V\u00edce o iWell Guard<\/span><\/div><div class=\"jet-button__state jet-button__state-hover\"><span class=\"jet-button__label\">V\u00edce o iWell Guard<\/span><\/div><\/a><\/div><\/div><style>.elementor-element.elementor-element-iwgw-baiame-ccb .jet-button__instance{width:320px;height:56px;}.elementor-element.elementor-element-iwgw-baiame-ccb .jet-button__state-normal .jet-button__label{text-align:center;margin:0px 0px 0px 0px;color:#1a1b20;font-family:Montserrat,sans-serif;font-size:13px;font-weight:400;letter-spacing:4px;line-height:1.714em;text-transform:uppercase;}.elementor-element.elementor-element-iwgw-baiame-ccb .jet-button__state-hover .jet-button__label{text-align:center;margin:0px 0px 0px 0px;color:#FECC76;font-family:Montserrat,sans-serif;font-size:13px;font-weight:400;letter-spacing:4px;line-height:1.714em;text-transform:uppercase;}.elementor-element.elementor-element-iwgw-baiame-ccb .jet-button__plane-normal{background-color:#FECC76;border-style:solid;border-color:#C99540;border-width:2px 2px 2px 2px;}.elementor-element.elementor-element-iwgw-baiame-ccb .jet-button__plane-hover{background-color:rgba(0,0,0,0.55);border-style:solid;border-color:#FECC76;border-width:2px 2px 2px 2px;}<\/style>\t\t\t\t<\/div>\n\t\t\t\t<\/div>\n\t\t\t\t<div class=\"elementor-element elementor-element-iwgw-baiame-ccd elementor-widget elementor-widget-text-editor\" data-id=\"iwgw-baiame-ccd\" data-element_type=\"widget\" data-e-type=\"widget\" data-widget_type=\"text-editor.default\">\n\t\t\t\t\t\t\t\t\t<div data-nosnippet=\"true\"><p style=\"text-align:center;font-size:13px;opacity:0.7;margin-top:14px\" data-nosnippet=\"true\">Osobn\u00ed zku\u0161enosti se mohou li\u0161it. Nejedn\u00e1 se o zdravotnick\u00fd prost\u0159edek. Nen\u00ed slibem l\u00e9\u010div\u00e9ho \u00fa\u010dinku.<\/p><\/div>\t\t\t\t\t\t\t\t<\/div>\n\t\t\t\t\t<\/div>\n\t\t\t\t<\/div>\n\t\t\t\t\t<\/div>\n\t\t\t\t<\/div>\n\t\t<div class=\"elementor-element elementor-element-iwgw-baiame-disc e-flex e-con-boxed e-con e-parent\" data-id=\"iwgw-baiame-disc\" data-element_type=\"container\" data-e-type=\"container\">\n\t\t\t\t\t<div class=\"e-con-inner\">\n\t\t\t\t<div class=\"elementor-element elementor-element-iwgw-baiame-discw elementor-widget elementor-widget-html\" data-id=\"iwgw-baiame-discw\" data-element_type=\"widget\" data-e-type=\"widget\" data-widget_type=\"html.default\">\n\t\t\t\t\t<footer data-nosnippet=\"true\" class=\"iwg-disclaimer-block\"><p data-nosnippet=\"true\">iWell Guard <strong>nen\u00ed zdravotnick\u00fd prost\u0159edek<\/strong> a nenahrazuje l\u00e9ka\u0159skou ani psychoterapeutickou l\u00e9\u010dbu. Religionistick\u00fd obsah p\u0159edstavuje kulturn\u011b-historick\u00e9 za\u0159azen\u00ed, nikoli doporu\u010den\u00ed duchovn\u00ed praxe.<\/p><\/footer>\t\t\t\t<\/div>\n\t\t\t\t\t<\/div>\n\t\t\t\t<\/div>\n\t\t\t\t<\/div>\n\t\t","protected":false},"excerpt":{"rendered":"","protected":false},"author":3,"featured_media":2868,"parent":0,"menu_order":0,"comment_status":"closed","ping_status":"closed","template":"elementor_header_footer","meta":{"_yoast_wpseo_focuskw":"Baiame, aboriginsk\u00fd Otec nebes","_yoast_wpseo_title":"Baiame \u2013 Aboriginsk\u00fd Otec nebes, m\u00fdtus a prameny","_yoast_wpseo_metadesc":"Baiame je vrchn\u00ed bo\u017estvo aboriginsk\u00fdch n\u00e1bo\u017eenstv\u00ed jihov\u00fdchodn\u00ed Austr\u00e1lie. Religionistick\u00e9 za\u0159azen\u00ed s m\u00fdtem a prameny.","_yoast_wpseo_meta-robots-noindex":"","_yoast_wpseo_canonical":"","_angie_page":false,"gefaehrdungsstufe":"1","wesen_kultur":"aboriginal","wesen_klasse":"goetter","footnotes":""},"categories":[],"class_list":["post-145518","page","type-page","status-publish","has-post-thumbnail","hentry"],"yoast_head":"<!-- This site is optimized with the Yoast SEO Premium plugin v27.7 (Yoast SEO v28.3) - https:\/\/yoast.com\/product\/yoast-seo-premium-wordpress\/ -->\n<title>Baiame \u2013 Aboriginsk\u00fd Otec nebes, m\u00fdtus a prameny<\/title>\n<meta name=\"description\" content=\"Baiame je vrchn\u00ed bo\u017estvo aboriginsk\u00fdch n\u00e1bo\u017eenstv\u00ed jihov\u00fdchodn\u00ed Austr\u00e1lie. Religionistick\u00e9 za\u0159azen\u00ed s m\u00fdtem a prameny.\" \/>\n<meta name=\"robots\" content=\"index, follow, max-snippet:-1, max-image-preview:large, max-video-preview:-1\" \/>\n<link rel=\"canonical\" href=\"https:\/\/iwell-guard.com\/cs\/baiame-otec-nebes-aboriginci\/\" \/>\n<meta property=\"og:locale\" content=\"cs_CZ\" \/>\n<meta property=\"og:type\" content=\"article\" \/>\n<meta property=\"og:title\" content=\"Baiame \u2013 Otec nebes jihov\u00fdchodn\u00edch Aboriginc\u016f\" \/>\n<meta property=\"og:description\" content=\"Baiame je vrchn\u00ed bo\u017estvo aboriginsk\u00fdch n\u00e1bo\u017eenstv\u00ed jihov\u00fdchodn\u00ed Austr\u00e1lie. Religionistick\u00e9 za\u0159azen\u00ed s m\u00fdtem a prameny.\" \/>\n<meta property=\"og:url\" content=\"https:\/\/iwell-guard.com\/cs\/baiame-otec-nebes-aboriginci\/\" \/>\n<meta property=\"og:site_name\" content=\"iWell Guard\" \/>\n<meta property=\"article:modified_time\" content=\"2026-09-03T16:58:13+00:00\" \/>\n<meta property=\"og:image\" content=\"https:\/\/iwell-guard.com\/wp-content\/uploads\/2026\/05\/goetter_aboriginal_baiame.webp\" \/>\n\t<meta property=\"og:image:width\" content=\"1024\" \/>\n\t<meta property=\"og:image:height\" content=\"1536\" \/>\n\t<meta property=\"og:image:type\" content=\"image\/webp\" \/>\n<meta name=\"twitter:card\" content=\"summary_large_image\" \/>\n<script type=\"application\/ld+json\" class=\"yoast-schema-graph\">{\"@context\":\"https:\\\/\\\/schema.org\",\"@graph\":[{\"@type\":\"WebPage\",\"@id\":\"https:\\\/\\\/iwell-guard.com\\\/cs\\\/baiame-otec-nebes-aboriginci\\\/\",\"url\":\"https:\\\/\\\/iwell-guard.com\\\/cs\\\/baiame-otec-nebes-aboriginci\\\/\",\"name\":\"Baiame \u2013 Aboriginsk\u00fd Otec nebes, m\u00fdtus a prameny\",\"isPartOf\":{\"@id\":\"https:\\\/\\\/iwell-guard.com\\\/cs\\\/#website\"},\"primaryImageOfPage\":{\"@id\":\"https:\\\/\\\/iwell-guard.com\\\/cs\\\/baiame-otec-nebes-aboriginci\\\/#primaryimage\"},\"image\":{\"@id\":\"https:\\\/\\\/iwell-guard.com\\\/cs\\\/baiame-otec-nebes-aboriginci\\\/#primaryimage\"},\"thumbnailUrl\":\"https:\\\/\\\/iwell-guard.com\\\/wp-content\\\/uploads\\\/2026\\\/05\\\/goetter_aboriginal_baiame.webp\",\"datePublished\":\"2026-09-03T16:31:09+00:00\",\"dateModified\":\"2026-09-03T16:58:13+00:00\",\"description\":\"Baiame je vrchn\u00ed bo\u017estvo aboriginsk\u00fdch n\u00e1bo\u017eenstv\u00ed jihov\u00fdchodn\u00ed Austr\u00e1lie. Religionistick\u00e9 za\u0159azen\u00ed s m\u00fdtem a prameny.\",\"breadcrumb\":{\"@id\":\"https:\\\/\\\/iwell-guard.com\\\/cs\\\/baiame-otec-nebes-aboriginci\\\/#breadcrumb\"},\"inLanguage\":\"cs\",\"potentialAction\":[{\"@type\":\"ReadAction\",\"target\":[\"https:\\\/\\\/iwell-guard.com\\\/cs\\\/baiame-otec-nebes-aboriginci\\\/\"]}]},{\"@type\":\"ImageObject\",\"inLanguage\":\"cs\",\"@id\":\"https:\\\/\\\/iwell-guard.com\\\/cs\\\/baiame-otec-nebes-aboriginci\\\/#primaryimage\",\"url\":\"https:\\\/\\\/iwell-guard.com\\\/wp-content\\\/uploads\\\/2026\\\/05\\\/goetter_aboriginal_baiame.webp\",\"contentUrl\":\"https:\\\/\\\/iwell-guard.com\\\/wp-content\\\/uploads\\\/2026\\\/05\\\/goetter_aboriginal_baiame.webp\",\"width\":1024,\"height\":1536,\"caption\":\"Bohov\u00e9 z tradice domorod\u00fdch Australan\u016f (Aboriginal).\"},{\"@type\":\"BreadcrumbList\",\"@id\":\"https:\\\/\\\/iwell-guard.com\\\/cs\\\/baiame-otec-nebes-aboriginci\\\/#breadcrumb\",\"itemListElement\":[{\"@type\":\"ListItem\",\"position\":1,\"name\":\"Start\",\"item\":\"https:\\\/\\\/iwell-guard.com\\\/cs\\\/?page_id=145107\"},{\"@type\":\"ListItem\",\"position\":2,\"name\":\"Baiame \u2013 Otec nebes jihov\u00fdchodn\u00edch Aboriginc\u016f\"}]},{\"@type\":\"WebSite\",\"@id\":\"https:\\\/\\\/iwell-guard.com\\\/cs\\\/#website\",\"url\":\"https:\\\/\\\/iwell-guard.com\\\/cs\\\/\",\"name\":\"iWell Guard\",\"description\":\"Schutz vor dunklen Einfl\u00fcssen\",\"publisher\":{\"@id\":\"https:\\\/\\\/iwell-guard.com\\\/cs\\\/#organization\"},\"potentialAction\":[{\"@type\":\"SearchAction\",\"target\":{\"@type\":\"EntryPoint\",\"urlTemplate\":\"https:\\\/\\\/iwell-guard.com\\\/cs\\\/?s={search_term_string}\"},\"query-input\":{\"@type\":\"PropertyValueSpecification\",\"valueRequired\":true,\"valueName\":\"search_term_string\"}}],\"inLanguage\":\"cs\"},{\"@type\":\"Organization\",\"@id\":\"https:\\\/\\\/iwell-guard.com\\\/cs\\\/#organization\",\"name\":\"Ittermann electronic GmbH\",\"url\":\"https:\\\/\\\/iwell-guard.com\\\/cs\\\/\",\"logo\":{\"@type\":\"ImageObject\",\"inLanguage\":\"cs\",\"@id\":\"https:\\\/\\\/iwell-guard.com\\\/cs\\\/#\\\/schema\\\/logo\\\/image\\\/\",\"url\":\"https:\\\/\\\/iwell-guard.com\\\/wp-content\\\/uploads\\\/2026\\\/05\\\/Ittermann-Logo-1182x237-1.png\",\"contentUrl\":\"https:\\\/\\\/iwell-guard.com\\\/wp-content\\\/uploads\\\/2026\\\/05\\\/Ittermann-Logo-1182x237-1.png\",\"width\":1182,\"height\":237,\"caption\":\"Ittermann electronic GmbH\"},\"image\":{\"@id\":\"https:\\\/\\\/iwell-guard.com\\\/cs\\\/#\\\/schema\\\/logo\\\/image\\\/\"},\"sameAs\":[\"https:\\\/\\\/pantip.com\\\/profile\\\/9367242\",\"https:\\\/\\\/micro.blog\\\/iwellguard\",\"https:\\\/\\\/www.diggerslist.com\\\/iwellguard\\\/about\",\"https:\\\/\\\/skitterphoto.com\\\/photographers\\\/2870314\\\/iwell-guard\",\"https:\\\/\\\/iwellguard.wordpress.com\\\/2026\\\/06\\\/06\\\/iwell-guard\\\/\",\"https:\\\/\\\/hub.docker.com\\\/u\\\/iwellguard\",\"https:\\\/\\\/www.pinterest.com\\\/iwellguard\\\/\",\"https:\\\/\\\/bit.ly\\\/m\\\/iwellguard\",\"https:\\\/\\\/entre-vos-mains.alsace.eu\\\/profiles\\\/iwellguard\\\/activity\",\"https:\\\/\\\/gravatar.com\\\/reallybeded8fd34\",\"https:\\\/\\\/naijamatta.com\\\/iwellguard\",\"https:\\\/\\\/www.goodreads.com\\\/iwellguard\",\"https:\\\/\\\/profile.hatena.ne.jp\\\/iwellguard\\\/\",\"https:\\\/\\\/experiment.com\\\/users\\\/iwellguard\",\"https:\\\/\\\/wakelet.com\\\/@iWellGuard82270\",\"https:\\\/\\\/www.chordie.com\\\/forum\\\/profile.php?id=2555664\",\"https:\\\/\\\/www.instapaper.com\\\/p\\\/17757966\",\"https:\\\/\\\/www.mapleprimes.com\\\/users\\\/iwellguard\",\"https:\\\/\\\/businesslistingplus.com\\\/profile\\\/iwell-guard\\\/\",\"https:\\\/\\\/telegra.ph\\\/iWell-Guard-06-06\",\"https:\\\/\\\/pbase.com\\\/iwellguard\\\/iwellguard\",\"https:\\\/\\\/b.hatena.ne.jp\\\/iwellguard\\\/20260607#bookmark-4788405196491818882\",\"https:\\\/\\\/fliphtml5.com\\\/home\\\/iwellguard\",\"https:\\\/\\\/anyflip.com\\\/homepage\\\/cmiwl#About\",\"https:\\\/\\\/transfur.com\\\/Users\\\/iwellguard\",\"http:\\\/\\\/delphi.larsbo.org\\\/user\\\/iwellguard\",\"https:\\\/\\\/jobs.lajobsportal.org\\\/profiles\\\/8380803-iwell-guard\",\"https:\\\/\\\/md.chaosdorf.de\\\/s\\\/jfbe5SBdJD\",\"https:\\\/\\\/www.lingvolive.com\\\/en-us\\\/profile\\\/9ecaeaca-ce11-4e51-9e71-01d55e2bff36\\\/translations\",\"https:\\\/\\\/www.fitday.com\\\/fitness\\\/forums\\\/members\\\/iwellguard.html\",\"https:\\\/\\\/www.mymeetbook.com\\\/iwellguard\",\"https:\\\/\\\/pxhere.com\\\/en\\\/photographer-me\\\/5040798\",\"https:\\\/\\\/disqus.com\\\/by\\\/iwellguard\\\/about\\\/\",\"https:\\\/\\\/pastelink.net\\\/hjwciqwq\",\"https:\\\/\\\/pubhtml5.com\\\/homepage\\\/scjhn\\\/\",\"https:\\\/\\\/www.bitchute.com\\\/channel\\\/2O2eOKzNqujT\",\"https:\\\/\\\/audiomack.com\\\/iwellguard\"]},{\"@type\":\"Article\",\"@id\":\"https:\\\/\\\/iwell-guard.com\\\/cs\\\/baiame-otec-nebes-aboriginci\\\/#article\",\"isPartOf\":{\"@id\":\"https:\\\/\\\/iwell-guard.com\\\/cs\\\/baiame-otec-nebes-aboriginci\\\/\"},\"author\":{\"name\":\"Ralf Ittermann\",\"@id\":\"https:\\\/\\\/iwell-guard.com\\\/cs\\\/#\\\/schema\\\/person\\\/ee2a27f1cac3406c7c6fb5820cb7349f\"},\"headline\":\"Baiame \u2013 Otec nebes jihov\u00fdchodn\u00edch Aboriginc\u016f\",\"datePublished\":\"2026-09-03T16:31:09+00:00\",\"dateModified\":\"2026-09-03T16:58:13+00:00\",\"mainEntityOfPage\":{\"@id\":\"https:\\\/\\\/iwell-guard.com\\\/cs\\\/baiame-otec-nebes-aboriginci\\\/\"},\"publisher\":{\"@id\":\"https:\\\/\\\/iwell-guard.com\\\/cs\\\/#organization\"},\"image\":{\"@id\":\"https:\\\/\\\/iwell-guard.com\\\/cs\\\/baiame-otec-nebes-aboriginci\\\/#primaryimage\"},\"thumbnailUrl\":\"https:\\\/\\\/iwell-guard.com\\\/wp-content\\\/uploads\\\/2026\\\/05\\\/goetter_aboriginal_baiame.webp\",\"inLanguage\":\"cs\",\"description\":\"Baiame je vrchn\u00ed bo\u017estvo aboriginsk\u00fdch n\u00e1bo\u017eenstv\u00ed jihov\u00fdchodn\u00ed Austr\u00e1lie. Religionistick\u00e9 za\u0159azen\u00ed s m\u00fdtem a prameny.\"}]}<\/script>\n<!-- \/ Yoast SEO Premium plugin. -->","yoast_head_json":{"title":"Baiame \u2013 Aboriginsk\u00fd Otec nebes, m\u00fdtus a prameny","description":"Baiame je vrchn\u00ed bo\u017estvo aboriginsk\u00fdch n\u00e1bo\u017eenstv\u00ed jihov\u00fdchodn\u00ed Austr\u00e1lie. Religionistick\u00e9 za\u0159azen\u00ed s m\u00fdtem a prameny.","robots":{"index":"index","follow":"follow","max-snippet":"max-snippet:-1","max-image-preview":"max-image-preview:large","max-video-preview":"max-video-preview:-1"},"canonical":"https:\/\/iwell-guard.com\/cs\/baiame-otec-nebes-aboriginci\/","og_locale":"cs_CZ","og_type":"article","og_title":"Baiame \u2013 Otec nebes jihov\u00fdchodn\u00edch Aboriginc\u016f","og_description":"Baiame je vrchn\u00ed bo\u017estvo aboriginsk\u00fdch n\u00e1bo\u017eenstv\u00ed jihov\u00fdchodn\u00ed Austr\u00e1lie. Religionistick\u00e9 za\u0159azen\u00ed s m\u00fdtem a prameny.","og_url":"https:\/\/iwell-guard.com\/cs\/baiame-otec-nebes-aboriginci\/","og_site_name":"iWell Guard","article_modified_time":"2026-09-03T16:58:13+00:00","og_image":[{"width":1024,"height":1536,"url":"https:\/\/iwell-guard.com\/wp-content\/uploads\/2026\/05\/goetter_aboriginal_baiame.webp","type":"image\/webp"}],"twitter_card":"summary_large_image","schema":{"@context":"https:\/\/schema.org","@graph":[{"@type":"Article","@id":"https:\/\/iwell-guard.com\/cs\/baiame-otec-nebes-aboriginci\/#article","isPartOf":{"@id":"https:\/\/iwell-guard.com\/cs\/baiame-otec-nebes-aboriginci\/"},"author":{"name":"Ralf Ittermann","@id":"https:\/\/iwell-guard.com\/cs\/#\/schema\/person\/ee2a27f1cac3406c7c6fb5820cb7349f"},"headline":"Baiame \u2013 Otec nebes jihov\u00fdchodn\u00edch Aboriginc\u016f","datePublished":"2026-09-03T16:31:09+00:00","dateModified":"2026-09-03T16:58:13+00:00","mainEntityOfPage":{"@id":"https:\/\/iwell-guard.com\/cs\/baiame-otec-nebes-aboriginci\/"},"publisher":{"@id":"https:\/\/iwell-guard.com\/cs\/#organization"},"image":{"@id":"https:\/\/iwell-guard.com\/cs\/baiame-otec-nebes-aboriginci\/#primaryimage"},"thumbnailUrl":"https:\/\/iwell-guard.com\/wp-content\/uploads\/2026\/05\/goetter_aboriginal_baiame.webp","inLanguage":"cs","description":"Baiame je vrchn\u00ed bo\u017estvo aboriginsk\u00fdch n\u00e1bo\u017eenstv\u00ed jihov\u00fdchodn\u00ed Austr\u00e1lie. Religionistick\u00e9 za\u0159azen\u00ed s m\u00fdtem a prameny."},{"@type":"WebPage","@id":"https:\/\/iwell-guard.com\/cs\/baiame-otec-nebes-aboriginci\/","url":"https:\/\/iwell-guard.com\/cs\/baiame-otec-nebes-aboriginci\/","name":"Baiame \u2013 Aboriginsk\u00fd Otec nebes, m\u00fdtus a prameny","isPartOf":{"@id":"https:\/\/iwell-guard.com\/cs\/#website"},"primaryImageOfPage":{"@id":"https:\/\/iwell-guard.com\/cs\/baiame-otec-nebes-aboriginci\/#primaryimage"},"image":{"@id":"https:\/\/iwell-guard.com\/cs\/baiame-otec-nebes-aboriginci\/#primaryimage"},"thumbnailUrl":"https:\/\/iwell-guard.com\/wp-content\/uploads\/2026\/05\/goetter_aboriginal_baiame.webp","datePublished":"2026-09-03T16:31:09+00:00","dateModified":"2026-09-03T16:58:13+00:00","description":"Baiame je vrchn\u00ed bo\u017estvo aboriginsk\u00fdch n\u00e1bo\u017eenstv\u00ed jihov\u00fdchodn\u00ed Austr\u00e1lie. Religionistick\u00e9 za\u0159azen\u00ed s m\u00fdtem a prameny.","breadcrumb":{"@id":"https:\/\/iwell-guard.com\/cs\/baiame-otec-nebes-aboriginci\/#breadcrumb"},"inLanguage":"cs","potentialAction":[{"@type":"ReadAction","target":["https:\/\/iwell-guard.com\/cs\/baiame-otec-nebes-aboriginci\/"]}]},{"@type":"ImageObject","inLanguage":"cs","@id":"https:\/\/iwell-guard.com\/cs\/baiame-otec-nebes-aboriginci\/#primaryimage","url":"https:\/\/iwell-guard.com\/wp-content\/uploads\/2026\/05\/goetter_aboriginal_baiame.webp","contentUrl":"https:\/\/iwell-guard.com\/wp-content\/uploads\/2026\/05\/goetter_aboriginal_baiame.webp","width":1024,"height":1536,"caption":"Bohov\u00e9 z tradice domorod\u00fdch Australan\u016f (Aboriginal)."},{"@type":"BreadcrumbList","@id":"https:\/\/iwell-guard.com\/cs\/baiame-otec-nebes-aboriginci\/#breadcrumb","itemListElement":[{"@type":"ListItem","position":1,"name":"Start","item":"https:\/\/iwell-guard.com\/cs\/?page_id=145107"},{"@type":"ListItem","position":2,"name":"Baiame \u2013 Otec nebes jihov\u00fdchodn\u00edch Aboriginc\u016f"}]},{"@type":"WebSite","@id":"https:\/\/iwell-guard.com\/cs\/#website","url":"https:\/\/iwell-guard.com\/cs\/","name":"iWell Guard","description":"Schutz vor dunklen Einfl\u00fcssen","publisher":{"@id":"https:\/\/iwell-guard.com\/cs\/#organization"},"potentialAction":[{"@type":"SearchAction","target":{"@type":"EntryPoint","urlTemplate":"https:\/\/iwell-guard.com\/cs\/?s={search_term_string}"},"query-input":{"@type":"PropertyValueSpecification","valueRequired":true,"valueName":"search_term_string"}}],"inLanguage":"cs"},{"@type":"Organization","@id":"https:\/\/iwell-guard.com\/cs\/#organization","name":"Ittermann electronic GmbH","url":"https:\/\/iwell-guard.com\/cs\/","logo":{"@type":"ImageObject","inLanguage":"cs","@id":"https:\/\/iwell-guard.com\/cs\/#\/schema\/logo\/image\/","url":"https:\/\/iwell-guard.com\/wp-content\/uploads\/2026\/05\/Ittermann-Logo-1182x237-1.png","contentUrl":"https:\/\/iwell-guard.com\/wp-content\/uploads\/2026\/05\/Ittermann-Logo-1182x237-1.png","width":1182,"height":237,"caption":"Ittermann electronic GmbH"},"image":{"@id":"https:\/\/iwell-guard.com\/cs\/#\/schema\/logo\/image\/"},"sameAs":["https:\/\/pantip.com\/profile\/9367242","https:\/\/micro.blog\/iwellguard","https:\/\/www.diggerslist.com\/iwellguard\/about","https:\/\/skitterphoto.com\/photographers\/2870314\/iwell-guard","https:\/\/iwellguard.wordpress.com\/2026\/06\/06\/iwell-guard\/","https:\/\/hub.docker.com\/u\/iwellguard","https:\/\/www.pinterest.com\/iwellguard\/","https:\/\/bit.ly\/m\/iwellguard","https:\/\/entre-vos-mains.alsace.eu\/profiles\/iwellguard\/activity","https:\/\/gravatar.com\/reallybeded8fd34","https:\/\/naijamatta.com\/iwellguard","https:\/\/www.goodreads.com\/iwellguard","https:\/\/profile.hatena.ne.jp\/iwellguard\/","https:\/\/experiment.com\/users\/iwellguard","https:\/\/wakelet.com\/@iWellGuard82270","https:\/\/www.chordie.com\/forum\/profile.php?id=2555664","https:\/\/www.instapaper.com\/p\/17757966","https:\/\/www.mapleprimes.com\/users\/iwellguard","https:\/\/businesslistingplus.com\/profile\/iwell-guard\/","https:\/\/telegra.ph\/iWell-Guard-06-06","https:\/\/pbase.com\/iwellguard\/iwellguard","https:\/\/b.hatena.ne.jp\/iwellguard\/20260607#bookmark-4788405196491818882","https:\/\/fliphtml5.com\/home\/iwellguard","https:\/\/anyflip.com\/homepage\/cmiwl#About","https:\/\/transfur.com\/Users\/iwellguard","http:\/\/delphi.larsbo.org\/user\/iwellguard","https:\/\/jobs.lajobsportal.org\/profiles\/8380803-iwell-guard","https:\/\/md.chaosdorf.de\/s\/jfbe5SBdJD","https:\/\/www.lingvolive.com\/en-us\/profile\/9ecaeaca-ce11-4e51-9e71-01d55e2bff36\/translations","https:\/\/www.fitday.com\/fitness\/forums\/members\/iwellguard.html","https:\/\/www.mymeetbook.com\/iwellguard","https:\/\/pxhere.com\/en\/photographer-me\/5040798","https:\/\/disqus.com\/by\/iwellguard\/about\/","https:\/\/pastelink.net\/hjwciqwq","https:\/\/pubhtml5.com\/homepage\/scjhn\/","https:\/\/www.bitchute.com\/channel\/2O2eOKzNqujT","https:\/\/audiomack.com\/iwellguard"]},{"@type":"Person","@id":"https:\/\/iwell-guard.com\/cs\/#\/schema\/person\/ee2a27f1cac3406c7c6fb5820cb7349f","name":"Ralf Ittermann","image":{"@type":"ImageObject","inLanguage":"cs","@id":"https:\/\/secure.gravatar.com\/avatar\/073c0153e350a5005b68eb752b445fea71f6b24a26da9449ad7e155e6b446c9d?s=96&d=mm&r=g","url":"https:\/\/secure.gravatar.com\/avatar\/073c0153e350a5005b68eb752b445fea71f6b24a26da9449ad7e155e6b446c9d?s=96&d=mm&r=g","contentUrl":"https:\/\/secure.gravatar.com\/avatar\/073c0153e350a5005b68eb752b445fea71f6b24a26da9449ad7e155e6b446c9d?s=96&d=mm&r=g","caption":"Ralf Ittermann"},"givenName":"Ralf","familyName":"Ittermann","jobTitle":"Gesch\u00e4ftsf\u00fchrer und redaktioneller Verantwortlicher","url":"https:\/\/iwell-guard.com\/cs\/author\/claude\/","description":"Ralf Ittermann ist Gesch\u00e4ftsf\u00fchrer der Ittermann electronic GmbH und redaktioneller Verantwortlicher des iWell-Guard-Lexikons. Er verbindet langj\u00e4hrige Erfahrung in der Pr\u00e4zisionsfertigung mit medialer Praxis und religionsgeschichtlicher Quellenarbeit.","worksFor":{"@type":"Organization","name":"Ittermann electronic GmbH","url":"https:\/\/ittermann.de\/","address":{"@type":"PostalAddress","streetAddress":"K\u00f6hlergasse 16-18","postalCode":"99842","addressLocality":"Ruhla","addressCountry":"DE"}},"knowsAbout":["Religionsgeschichte","Mythologie","Mediale Praxis","Energetische Diagnostik","Schutzpraxis","Volksglauben","Westliche Esoterik"]},{"@type":"Article","@id":"https:\/\/iwell-guard.com\/cs\/baiame-otec-nebes-aboriginci\/#article","isPartOf":{"@id":"https:\/\/iwell-guard.com\/cs\/baiame-otec-nebes-aboriginci\/"},"author":{"name":"Ralf Ittermann","@id":"https:\/\/iwell-guard.com\/cs\/#\/schema\/person\/ee2a27f1cac3406c7c6fb5820cb7349f"},"headline":"Baiame \u2013 Otec nebes jihov\u00fdchodn\u00edch Aboriginc\u016f","datePublished":"2026-09-03T16:31:09+00:00","dateModified":"2026-09-03T16:58:13+00:00","mainEntityOfPage":{"@id":"https:\/\/iwell-guard.com\/cs\/baiame-otec-nebes-aboriginci\/"},"publisher":{"@id":"https:\/\/iwell-guard.com\/cs\/#organization"},"image":{"@id":"https:\/\/iwell-guard.com\/cs\/baiame-otec-nebes-aboriginci\/#primaryimage"},"thumbnailUrl":"https:\/\/iwell-guard.com\/wp-content\/uploads\/2026\/05\/goetter_aboriginal_baiame.webp","inLanguage":"cs","description":"Baiame je vrchn\u00ed bo\u017estvo aboriginsk\u00fdch n\u00e1bo\u017eenstv\u00ed jihov\u00fdchodn\u00ed Austr\u00e1lie. Religionistick\u00e9 za\u0159azen\u00ed s m\u00fdtem a prameny."}]}},"_links":{"self":[{"href":"https:\/\/iwell-guard.com\/cs\/wp-json\/wp\/v2\/pages\/145518","targetHints":{"allow":["GET"]}}],"collection":[{"href":"https:\/\/iwell-guard.com\/cs\/wp-json\/wp\/v2\/pages"}],"about":[{"href":"https:\/\/iwell-guard.com\/cs\/wp-json\/wp\/v2\/types\/page"}],"author":[{"embeddable":true,"href":"https:\/\/iwell-guard.com\/cs\/wp-json\/wp\/v2\/users\/3"}],"replies":[{"embeddable":true,"href":"https:\/\/iwell-guard.com\/cs\/wp-json\/wp\/v2\/comments?post=145518"}],"version-history":[{"count":0,"href":"https:\/\/iwell-guard.com\/cs\/wp-json\/wp\/v2\/pages\/145518\/revisions"}],"wp:featuredmedia":[{"embeddable":true,"href":"https:\/\/iwell-guard.com\/cs\/wp-json\/wp\/v2\/media\/2868"}],"wp:attachment":[{"href":"https:\/\/iwell-guard.com\/cs\/wp-json\/wp\/v2\/media?parent=145518"}],"wp:term":[{"taxonomy":"category","embeddable":true,"href":"https:\/\/iwell-guard.com\/cs\/wp-json\/wp\/v2\/categories?post=145518"}],"curies":[{"name":"wp","href":"https:\/\/api.w.org\/{rel}","templated":true}]}}