{"id":145513,"date":"2026-09-03T16:31:06","date_gmt":"2026-09-03T16:31:06","guid":{"rendered":"https:\/\/iwell-guard.com\/?page_id=145513"},"modified":"2026-09-03T16:58:04","modified_gmt":"2026-09-03T16:58:04","slug":"yhych-khan-jakutsky-pan-koni","status":"publish","type":"page","link":"https:\/\/iwell-guard.com\/cs\/yhych-khan-jakutsky-pan-koni\/","title":{"rendered":"Yhych-Khan \u2013 jakutsk\u00fd p\u00e1n kon\u00ed"},"content":{"rendered":"\t\t<div data-elementor-type=\"wp-page\" data-elementor-id=\"145513\" class=\"elementor elementor-145513 elementor-2641 elementor-bc-flex-widget\" data-elementor-post-type=\"page\">\n\t\t\t\t<div class=\"elementor-element elementor-element-iwgw-yhychkhan-hero e-flex e-con-boxed e-con e-parent\" data-id=\"iwgw-yhychkhan-hero\" data-element_type=\"container\" data-e-type=\"container\" data-settings=\"{&quot;background_background&quot;:&quot;classic&quot;}\">\n\t\t\t\t\t<div class=\"e-con-inner\">\n\t\t<div class=\"elementor-element elementor-element-iwgw-yhychkhan-hl e-flex e-con-boxed e-con e-child\" data-id=\"iwgw-yhychkhan-hl\" data-element_type=\"container\" data-e-type=\"container\">\n\t\t\t\t\t<div class=\"e-con-inner\">\n\t\t<div class=\"elementor-element elementor-element-iwgw-yhychkhan-htxt e-con-full e-flex e-con e-child\" data-id=\"iwgw-yhychkhan-htxt\" data-element_type=\"container\" data-e-type=\"container\">\n\t\t\t\t<div class=\"elementor-element elementor-element-iwgw-yhychkhan-h1 elementor-widget elementor-widget-heading\" data-id=\"iwgw-yhychkhan-h1\" data-element_type=\"widget\" data-e-type=\"widget\" data-widget_type=\"heading.default\">\n\t\t\t\t\t<h1 class=\"elementor-heading-title elementor-size-default\">Yhych-Khan, jakutsk\u00fd ochr\u00e1nce kon\u00ed a str\u00e1\u017ece Ysyakh<\/h1>\t\t\t\t<\/div>\n\t\t\t\t<div class=\"elementor-element elementor-element-iwgw-yhychkhan-lead elementor-widget elementor-widget-text-editor\" data-id=\"iwgw-yhychkhan-lead\" data-element_type=\"widget\" data-e-type=\"widget\" data-widget_type=\"text-editor.default\">\n\t\t\t\t\t\t\t\t\t<p>Yhych-Khan je ochr\u00e1ncem kon\u00ed a jejich st\u00e1da v jakutsk\u00e9m n\u00e1bo\u017eenstv\u00ed. Stoj\u00ed ve st\u0159edu velk\u00e9ho letn\u00edho sv\u00e1tku Ysyakh, kter\u00fd se ka\u017edoro\u010dn\u011b slav\u00ed po letn\u00edm slunovratu.<\/p>\t\t\t\t\t\t\t\t<\/div>\n\t\t\t\t<\/div>\n\t\t<div class=\"elementor-element elementor-element-iwgw-yhychkhan-pillc e-con-full e-flex e-con e-child\" data-id=\"iwgw-yhychkhan-pillc\" data-element_type=\"container\" data-e-type=\"container\">\n\t\t\t\t<div class=\"elementor-element elementor-element-iwgw-yhychkhan-pills elementor-widget elementor-widget-html\" data-id=\"iwgw-yhychkhan-pills\" data-element_type=\"widget\" data-e-type=\"widget\" data-widget_type=\"html.default\">\n\t\t\t\t\t<div class=\"iwg-pill-row\"><span class=\"iwg-klasse-badge\" tabindex=\"0\" data-tooltip=\"B\u016fh tradice Sibi\u0159 \/ tengrismus.\">B\u016fh<\/span><a href=\"https:\/\/iwell-guard.com\/cs\/sibirsky-samanismus-tengrismus\/\" class=\"iwg-kultur-badge\" tabindex=\"0\" data-tooltip=\"Mytologie tradice Sibi\u0159 \/ tengrismus.\">Sibi\u0159 \/ tengrismus<\/a><span class=\"iwg-tradition-badge\" tabindex=\"0\" data-tooltip=\"Ochrann\u00fd b\u016fh kon\u00ed.\">Ochrann\u00fd b\u016fh kon\u00ed<\/span><\/div>\t\t\t\t<\/div>\n\t\t\t\t<\/div>\n\t\t<div class=\"elementor-element elementor-element-iwgw-yhychkhan-tocc e-con-full e-flex e-con e-child\" data-id=\"iwgw-yhychkhan-tocc\" data-element_type=\"container\" data-e-type=\"container\">\n\t\t\t\t<div class=\"elementor-element elementor-element-iwgw-yhychkhan-toc elementor-toc--minimized-on-tablet elementor-widget elementor-widget-table-of-contents\" data-id=\"iwgw-yhychkhan-toc\" data-element_type=\"widget\" data-e-type=\"widget\" data-settings=\"{&quot;headings_by_tags&quot;:[&quot;h2&quot;,&quot;h3&quot;],&quot;minimize_box&quot;:&quot;yes&quot;,&quot;marker_view&quot;:&quot;bullets&quot;,&quot;no_headings_message&quot;:&quot;Na t\\u00e9to str\\u00e1nce nebyly nalezeny \\u017e\\u00e1dn\\u00e9 nadpisy.&quot;,&quot;exclude_headings_by_selector&quot;:[],&quot;icon&quot;:{&quot;value&quot;:&quot;fas fa-circle&quot;,&quot;library&quot;:&quot;fa-solid&quot;,&quot;rendered_tag&quot;:&quot;&lt;svg class=\\&quot;e-font-icon-svg e-fas-circle\\&quot; viewBox=\\&quot;0 0 512 512\\&quot; xmlns=\\&quot;http:\\\/\\\/www.w3.org\\\/2000\\\/svg\\&quot;&gt;&lt;path d=\\&quot;M256 8C119 8 8 119 8 256s111 248 248 248 248-111 248-248S393 8 256 8z\\&quot;&gt;&lt;\\\/path&gt;&lt;\\\/svg&gt;&quot;},&quot;minimized_on&quot;:&quot;tablet&quot;,&quot;hierarchical_view&quot;:&quot;yes&quot;,&quot;min_height&quot;:{&quot;unit&quot;:&quot;px&quot;,&quot;size&quot;:&quot;&quot;,&quot;sizes&quot;:[]},&quot;min_height_tablet&quot;:{&quot;unit&quot;:&quot;px&quot;,&quot;size&quot;:&quot;&quot;,&quot;sizes&quot;:[]},&quot;min_height_mobile&quot;:{&quot;unit&quot;:&quot;px&quot;,&quot;size&quot;:&quot;&quot;,&quot;sizes&quot;:[]}}\" data-widget_type=\"table-of-contents.default\">\n\t\t\t\t\t\t\t\t\t<div class=\"elementor-toc__header\">\n\t\t\t\t\t\t<h2 class=\"elementor-toc__header-title\">\n\t\t\t\tObsah\t\t\t<\/h2>\n\t\t\t\t\t\t\t\t\t\t<div class=\"elementor-toc__toggle-button elementor-toc__toggle-button--expand\" role=\"button\" tabindex=\"0\" aria-controls=\"elementor-toc__iwgw-yhychkhan-toc\" aria-expanded=\"true\" aria-label=\"Open table of contents\"><svg aria-hidden=\"true\" class=\"e-font-icon-svg e-fas-chevron-down\" viewBox=\"0 0 448 512\" xmlns=\"http:\/\/www.w3.org\/2000\/svg\"><path d=\"M207.029 381.476L12.686 187.132c-9.373-9.373-9.373-24.569 0-33.941l22.667-22.667c9.357-9.357 24.522-9.375 33.901-.04L224 284.505l154.745-154.021c9.379-9.335 24.544-9.317 33.901.04l22.667 22.667c9.373 9.373 9.373 24.569 0 33.941L240.971 381.476c-9.373 9.372-24.569 9.372-33.942 0z\"><\/path><\/svg><\/div>\n\t\t\t\t<div class=\"elementor-toc__toggle-button elementor-toc__toggle-button--collapse\" role=\"button\" tabindex=\"0\" aria-controls=\"elementor-toc__iwgw-yhychkhan-toc\" aria-expanded=\"true\" aria-label=\"Close table of contents\"><svg aria-hidden=\"true\" class=\"e-font-icon-svg e-fas-chevron-up\" viewBox=\"0 0 448 512\" xmlns=\"http:\/\/www.w3.org\/2000\/svg\"><path d=\"M240.971 130.524l194.343 194.343c9.373 9.373 9.373 24.569 0 33.941l-22.667 22.667c-9.357 9.357-24.522 9.375-33.901.04L224 227.495 69.255 381.516c-9.379 9.335-24.544 9.317-33.901-.04l-22.667-22.667c-9.373-9.373-9.373-24.569 0-33.941L207.03 130.525c9.372-9.373 24.568-9.373 33.941-.001z\"><\/path><\/svg><\/div>\n\t\t\t\t\t<\/div>\n\t\t\t\t<div id=\"elementor-toc__iwgw-yhychkhan-toc\" class=\"elementor-toc__body\">\n\t\t\t<div class=\"elementor-toc__spinner-container\">\n\t\t\t\t<svg class=\"elementor-toc__spinner eicon-animation-spin e-font-icon-svg e-eicon-loading\" aria-hidden=\"true\" viewBox=\"0 0 1000 1000\" xmlns=\"http:\/\/www.w3.org\/2000\/svg\"><path d=\"M500 975V858C696 858 858 696 858 500S696 142 500 142 142 304 142 500H25C25 237 238 25 500 25S975 237 975 500 763 975 500 975Z\"><\/path><\/svg>\t\t\t<\/div>\n\t\t<\/div>\n\t\t\t\t\t\t<\/div>\n\t\t\t\t<\/div>\n\t\t\t\t\t<\/div>\n\t\t\t\t<\/div>\n\t\t<div class=\"elementor-element elementor-element-iwgw-yhychkhan-hr e-con-full e-flex e-con e-child\" data-id=\"iwgw-yhychkhan-hr\" data-element_type=\"container\" data-e-type=\"container\">\n\t\t\t\t<div class=\"elementor-element elementor-element-iwgw-yhychkhan-heroimg iwg-hero-image elementor-widget elementor-widget-image\" data-id=\"iwgw-yhychkhan-heroimg\" data-element_type=\"widget\" data-e-type=\"widget\" data-widget_type=\"image.default\">\n\t\t\t\t\t\t\t\t\t\t\t\t\t\t\t<img fetchpriority=\"high\" decoding=\"async\" width=\"683\" height=\"1024\" src=\"https:\/\/iwell-guard.com\/wp-content\/uploads\/2026\/05\/goetter_sibirisch-tengrismus_yhych-khan-683x1024.webp\" class=\"attachment-large size-large wp-image-147319\" alt=\"Yhych Khan \u2013 bohov\u00e9 z tradice sibi\u0159sk\u00e9ho tengrismu, historicko-ilustra\u010dn\u00ed vyobrazen\u00ed\" srcset=\"https:\/\/iwell-guard.com\/wp-content\/uploads\/2026\/05\/goetter_sibirisch-tengrismus_yhych-khan-683x1024.webp 683w, https:\/\/iwell-guard.com\/wp-content\/uploads\/2026\/05\/goetter_sibirisch-tengrismus_yhych-khan-200x300.webp 200w, https:\/\/iwell-guard.com\/wp-content\/uploads\/2026\/05\/goetter_sibirisch-tengrismus_yhych-khan-768x1152.webp 768w, https:\/\/iwell-guard.com\/wp-content\/uploads\/2026\/05\/goetter_sibirisch-tengrismus_yhych-khan.webp 1024w\" sizes=\"(max-width: 683px) 100vw, 683px\" \/>\t\t\t\t\t\t\t\t\t\t\t\t\t\t\t<\/div>\n\t\t\t\t<\/div>\n\t\t\t\t\t<\/div>\n\t\t\t\t<\/div>\n\t\t<div class=\"elementor-element elementor-element-iwgw-yhychkhan-s0 e-flex e-con-boxed e-con e-parent\" data-id=\"iwgw-yhychkhan-s0\" data-element_type=\"container\" data-e-type=\"container\">\n\t\t\t\t\t<div class=\"e-con-inner\">\n\t\t\t\t<div class=\"elementor-element elementor-element-iwgw-yhychkhan-s0h elementor-widget elementor-widget-heading\" data-id=\"iwgw-yhychkhan-s0h\" data-element_type=\"widget\" data-e-type=\"widget\" data-widget_type=\"heading.default\">\n\t\t\t\t\t<h2 class=\"elementor-heading-title elementor-size-default\">Za\u0159azen\u00ed a stru\u010dn\u00fd profil<\/h2>\t\t\t\t<\/div>\n\t\t<div class=\"elementor-element elementor-element-iwgw-yhychkhan-s0c e-con-full e-flex e-con e-child\" data-id=\"iwgw-yhychkhan-s0c\" data-element_type=\"container\" data-e-type=\"container\">\n\t\t\t\t<div class=\"elementor-element elementor-element-iwgw-yhychkhan-s0t elementor-widget elementor-widget-text-editor\" data-id=\"iwgw-yhychkhan-s0t\" data-element_type=\"widget\" data-e-type=\"widget\" data-widget_type=\"text-editor.default\">\n\t\t\t\t\t\t\t\t\t<p>Jakutsk\u00e9 n\u00e1bo\u017eenstv\u00ed strukturuje sv\u016fj sv\u011bt boh\u016f do t\u0159\u00ed vrstev: horn\u00ed nebe (<em>aiyy<\/em>), st\u0159edn\u00ed zem\u011b (duchov\u00e9 lesa, vody, kon\u011b, dobytka), spodn\u00ed sv\u011bt (<em>abasy<\/em>).<\/p><p>Yhych-Khan pat\u0159\u00ed k prvn\u00ed vrstv\u011b a je specializov\u00e1n na kon\u011b, centr\u00e1ln\u00ed bytost jakutsk\u00e9 ekonomiky a identity. Dal\u0161\u00edmi vysok\u00fdmi postavami prvn\u00ed vrstvy jsou <a href=\"https:\/\/iwell-guard.com\/cs\/?page_id=145512\">Ajisit<\/a>, <em>\u00dcr\u00fcn Aar Tojon<\/em> a d\u00e1rkyn\u011b dobytka <em>Ynakhsyt<\/em>.<\/p><p>V r\u00e1mci <a href=\"https:\/\/iwell-guard.com\/cs\/sibirsky-samanismus-tengrismus\/\">sibi\u0159sko-tengristick\u00e9 tradice<\/a> je Yhych-Khan instruktivn\u00edm p\u0159\u00edkladem toho, jak se kosmick\u00e1 funkce vrchn\u00edho boha rozd\u011bluje na specializace v\u00e1zan\u00e9 na zv\u00ed\u0159ata. Tato specializace odpov\u00edd\u00e1 ekonomick\u00e9 logice jakutsk\u00e9ho chovu kon\u00ed v extr\u00e9mn\u011b chladn\u00fdch subarktick\u00fdch podm\u00ednk\u00e1ch.<\/p><p>Jakutsk\u00e9 plemeno kon\u00ed sacha (<em>tabuun<\/em>) je v\u00fdjime\u010dn\u011b p\u0159izp\u016fsobeno chladu, p\u0159e\u017e\u00edv\u00e1 teploty pod minus 60 stup\u0148\u016f, a je n\u00e1bo\u017eenskou i ekonomickou p\u00e1te\u0159\u00ed tradice. Yhych-Khan je n\u00e1bo\u017eensk\u00fdm odrazem tohoto ekonomicky \u00fast\u0159edn\u00edho postaven\u00ed.<\/p>\t\t\t\t\t\t\t\t<\/div>\n\t\t\t\t<\/div>\n\t\t\t\t\t<\/div>\n\t\t\t\t<\/div>\n\t\t<div class=\"elementor-element elementor-element-iwgw-yhychkhan-s1 e-flex e-con-boxed e-con e-parent\" data-id=\"iwgw-yhychkhan-s1\" data-element_type=\"container\" data-e-type=\"container\">\n\t\t\t\t\t<div class=\"e-con-inner\">\n\t\t\t\t<div class=\"elementor-element elementor-element-iwgw-yhychkhan-s1h elementor-widget elementor-widget-heading\" data-id=\"iwgw-yhychkhan-s1h\" data-element_type=\"widget\" data-e-type=\"widget\" data-widget_type=\"heading.default\">\n\t\t\t\t\t<h2 class=\"elementor-heading-title elementor-size-default\">Jm\u00e9no a etymologie<\/h2>\t\t\t\t<\/div>\n\t\t<div class=\"elementor-element elementor-element-iwgw-yhychkhan-s1c e-con-full e-flex e-con e-child\" data-id=\"iwgw-yhychkhan-s1c\" data-element_type=\"container\" data-e-type=\"container\">\n\t\t\t\t<div class=\"elementor-element elementor-element-iwgw-yhychkhan-s1t elementor-widget elementor-widget-text-editor\" data-id=\"iwgw-yhychkhan-s1t\" data-element_type=\"widget\" data-e-type=\"widget\" data-widget_type=\"text-editor.default\">\n\t\t\t\t\t\t\t\t\t<p>Jm\u00e9no se odvozuje od <em>yhyaq<\/em> (\u201ekobyl\u00ed ml\u00e9ko, kumys\u201c). Yhych-Khan je tedy doslova \u201ep\u00e1n kumysu\u201c. Etymologie ho p\u0159\u00edmo zakotvuje v jakutsk\u00e9m sv\u00e1te\u010dn\u00edm komplexu Ysyakh, jeho\u017e \u00fast\u0159edn\u00edm \u00fakonem je pit\u00ed a rozl\u00e9v\u00e1n\u00ed <em>kumysu<\/em>.<\/p><p>Ve star\u0161\u00edch etnografick\u00fdch textech se objevuje tak\u00e9 varianta <em>Yhyaqtaaq<\/em>, \u201eten s pr\u00e1vem na sv\u00e1tek kumysu\u201c, co\u017e spojuje jm\u00e9no se sv\u00e1tkem Ysyakh. Tato jazykov\u00e1 forma je z hlediska jazykov\u00e9 historie zaj\u00edmav\u00e1, proto\u017ee dokl\u00e1d\u00e1 neodd\u011blitelnost <span class=\"iwg-fachbegriff\" data-tooltip=\"Bytost uct\u00edvan\u00e1 jako bo\u017esk\u00e1 v r\u00e1mci n\u00e1bo\u017eenstv\u00ed.\" tabindex=\"0\">bo\u017estva<\/span> a formy sv\u00e1tku.<\/p><p>Jakutsk\u00fd jazyk pat\u0159\u00ed do rodiny turkick\u00fdch jazyk\u016f, a jm\u00e9no lze dob\u0159e za\u0159adit do panturkick\u00e9 n\u00e1bo\u017eensk\u00e9 slovn\u00ed z\u00e1soby; srovnateln\u00e1 by byla tvorba s jin\u00fdmi zv\u00ed\u0159eti spojen\u00fdmi jm\u00e9ny vrchn\u00edch boh\u016f, jako je altajsk\u00fd <em>Tabyt-Khan<\/em> (p\u00e1n kon\u00ed) nebo kaza\u0161sk\u00e1 speci\u00e1ln\u00ed bo\u017estva.<\/p>\t\t\t\t\t\t\t\t<\/div>\n\t\t\t\t<\/div>\n\t\t\t\t\t<\/div>\n\t\t\t\t<\/div>\n\t\t<div class=\"elementor-element elementor-element-iwgw-yhychkhan-s2 e-flex e-con-boxed e-con e-parent\" data-id=\"iwgw-yhychkhan-s2\" data-element_type=\"container\" data-e-type=\"container\">\n\t\t\t\t\t<div class=\"e-con-inner\">\n\t\t\t\t<div class=\"elementor-element elementor-element-iwgw-yhychkhan-s2h elementor-widget elementor-widget-heading\" data-id=\"iwgw-yhychkhan-s2h\" data-element_type=\"widget\" data-e-type=\"widget\" data-widget_type=\"heading.default\">\n\t\t\t\t\t<h2 class=\"elementor-heading-title elementor-size-default\">Popis a ikonografie<\/h2>\t\t\t\t<\/div>\n\t\t<div class=\"elementor-element elementor-element-iwgw-yhychkhan-s2c e-con-full e-flex e-con e-child\" data-id=\"iwgw-yhychkhan-s2c\" data-element_type=\"container\" data-e-type=\"container\">\n\t\t\t\t<div class=\"elementor-element elementor-element-iwgw-yhychkhan-s2t elementor-widget elementor-widget-text-editor\" data-id=\"iwgw-yhychkhan-s2t\" data-element_type=\"widget\" data-e-type=\"widget\" data-widget_type=\"text-editor.default\">\n\t\t\t\t\t\t\t\t\t<p>Yhych-Khan je popisov\u00e1n jako zral\u00fd mu\u017e s dlouh\u00fdm sv\u011btle \u0161ed\u00fdm vousem na ml\u00e9\u010dn\u011b b\u00edl\u00e9m h\u0159ebci, s velkou nab\u011brac\u00ed l\u017eic\u00ed z b\u0159ezov\u00e9ho d\u0159eva v ruce. Jeho pl\u00e1\u0161\u0165 je vy\u0161\u00edvan\u00fd ko\u0148sk\u00fdmi symboly; na ritu\u00e1ln\u00edch k\u016flech (<em>serge<\/em>) sv\u00e1tku Ysyakh je stylizov\u00e1n jako jezdec se zdvi\u017eenou m\u00edsou.<\/p><p>K\u016fly <em>serge<\/em> pat\u0159\u00ed k nejd\u016fle\u017eit\u011bj\u0161\u00edm n\u00e1bo\u017eenskoantropologick\u00fdm materi\u00e1l\u016fm jakutsk\u00e9 kultury. Stav\u011bj\u00ed se p\u0159ed ka\u017edou jurtou i na festivalov\u00e9m prostranstv\u00ed a jejich \u0159ezby mohou obsahovat velmi slo\u017eit\u00e9 kosmologick\u00e9 odkazy, Yhych-Khan zde b\u00fdv\u00e1 \u010dasto na t\u0159et\u00edm m\u00edst\u011b po vrchn\u00edch boz\u00edch a Ajisit.<\/p><p>Ve sb\u00edrk\u00e1ch N\u00e1rodn\u00edho muzea Sachsk\u00e9 republiky v Jakutsku je vystaveno n\u011bkolik historick\u00fdch k\u016fl\u016f <em>serge<\/em>; ukazuj\u00ed ikonografickou stabilitu tradice po dobu asi 200 let.<\/p>\t\t\t\t\t\t\t\t<\/div>\n\t\t\t\t<\/div>\n\t\t\t\t\t<\/div>\n\t\t\t\t<\/div>\n\t\t<div class=\"elementor-element elementor-element-iwgw-yhychkhan-s3 e-flex e-con-boxed e-con e-parent\" data-id=\"iwgw-yhychkhan-s3\" data-element_type=\"container\" data-e-type=\"container\">\n\t\t\t\t\t<div class=\"e-con-inner\">\n\t\t\t\t<div class=\"elementor-element elementor-element-iwgw-yhychkhan-s3h elementor-widget elementor-widget-heading\" data-id=\"iwgw-yhychkhan-s3h\" data-element_type=\"widget\" data-e-type=\"widget\" data-widget_type=\"heading.default\">\n\t\t\t\t\t<h2 class=\"elementor-heading-title elementor-size-default\">Mytologick\u00e1 vypr\u00e1v\u011bn\u00ed<\/h2>\t\t\t\t<\/div>\n\t\t<div class=\"elementor-element elementor-element-iwgw-yhychkhan-s3c e-con-full e-flex e-con e-child\" data-id=\"iwgw-yhychkhan-s3c\" data-element_type=\"container\" data-e-type=\"container\">\n\t\t\t\t<div class=\"elementor-element elementor-element-iwgw-yhychkhan-s3t elementor-widget elementor-widget-text-editor\" data-id=\"iwgw-yhychkhan-s3t\" data-element_type=\"widget\" data-e-type=\"widget\" data-widget_type=\"text-editor.default\">\n\t\t\t\t\t\t\t\t\t<p>V olonchsk\u00e9m korpusu vystupuje Yhych-Khan jako posel, kter\u00e9ho <em>\u00dcr\u00fcn Aar Tojon<\/em> v p\u0159\u00edb\u011bhu o stvo\u0159en\u00ed vys\u00edl\u00e1 s \u00fakolem p\u0159in\u00e9st kon\u011b mezi prvn\u00ed lidi. Bez kon\u00ed by podle vypr\u00e1v\u011bn\u00ed byl \u017eivot v jakutsk\u00e9 tund\u0159e nemo\u017en\u00fd; Yhych-Khan tuto mezeru vypl\u0148uje.<\/p><p>Druh\u00e9 vypr\u00e1v\u011bn\u00ed popisuje, jak po hladomoru u\u010din\u00ed kobyly tak ml\u00e9\u010dn\u011b bohat\u00e9, \u017ee lid\u00e9 mohou poprv\u00e9 vyrobit kumys, a na jeho oslavu je zaveden Ysyakh jako v\u00fdro\u010dn\u00ed sv\u00e1tek d\u00edk\u016fvzd\u00e1n\u00ed.<\/p><p>T\u0159et\u00ed vypr\u00e1v\u011bn\u00ed l\u00ed\u010d\u00ed Yhych-Khan\u016fv konflikt se spodn\u00ed \u0161kodlivou bytost\u00ed <em>abasy<\/em>, kter\u00e1 chce prokl\u00edt ko\u0148sk\u00e1 st\u00e1da; Yhych-Khan ji zah\u00e1n\u00ed nab\u011brac\u00ed l\u017eic\u00ed napln\u011bnou ml\u00e9kem, je\u017e se prom\u011bn\u00ed v hrot kop\u00ed. Takov\u00e9 kosmick\u00e9 konfliktn\u00ed p\u0159\u00edb\u011bhy jsou pro jakutskou olonchskou tradici typick\u00e9.<\/p>\t\t\t\t\t\t\t\t<\/div>\n\t\t\t\t<\/div>\n\t\t\t\t\t<\/div>\n\t\t\t\t<\/div>\n\t\t<div class=\"elementor-element elementor-element-iwgw-yhychkhan-s4 e-flex e-con-boxed e-con e-parent\" data-id=\"iwgw-yhychkhan-s4\" data-element_type=\"container\" data-e-type=\"container\">\n\t\t\t\t\t<div class=\"e-con-inner\">\n\t\t\t\t<div class=\"elementor-element elementor-element-iwgw-yhychkhan-s4h elementor-widget elementor-widget-heading\" data-id=\"iwgw-yhychkhan-s4h\" data-element_type=\"widget\" data-e-type=\"widget\" data-widget_type=\"heading.default\">\n\t\t\t\t\t<h2 class=\"elementor-heading-title elementor-size-default\">Kult a uct\u00edv\u00e1n\u00ed<\/h2>\t\t\t\t<\/div>\n\t\t<div class=\"elementor-element elementor-element-iwgw-yhychkhan-s4c e-con-full e-flex e-con e-child\" data-id=\"iwgw-yhychkhan-s4c\" data-element_type=\"container\" data-e-type=\"container\">\n\t\t\t\t<div class=\"elementor-element elementor-element-iwgw-yhychkhan-s4t elementor-widget elementor-widget-text-editor\" data-id=\"iwgw-yhychkhan-s4t\" data-element_type=\"widget\" data-e-type=\"widget\" data-widget_type=\"text-editor.default\">\n\t\t\t\t\t\t\t\t\t<p>\u00dast\u0159edn\u00edm <span class=\"iwg-fachbegriff\" data-tooltip=\"Souhrn n\u00e1bo\u017eensk\u00fdch \u00factypln\u00fdch \u00fakon\u016f v\u016f\u010di bo\u017estvu nebo svat\u00e9 postav\u011b.\" tabindex=\"0\">kultem<\/span> Yhych-Khana je sv\u00e1tek Ysyakh: t\u0159i dny v \u010dervnu, s ob\u011btov\u00e1n\u00edm kon\u011b (dnes symbolicky vypu\u0161t\u011bn\u00edm b\u00edl\u00e9ho kon\u011b), rozl\u00e9v\u00e1n\u00edm kumysu do v\u0161ech \u010dty\u0159 sv\u011btov\u00fdch stran, ritu\u00e1ln\u00edmi tanci (<em>osuokhai<\/em>) a sout\u011b\u017eemi. Nab\u011brac\u00ed l\u017eice <em>algyschyta<\/em> (ritu\u00e1ln\u00edho mluv\u010d\u00edho) je na za\u010d\u00e1tku obr\u00e1cena k Yhych-Khanovi.<\/p><p>Sv\u00e1tek Ysyakh m\u00e1 od roku 1991 st\u00e1tn\u00ed uzn\u00e1n\u00ed v Sachsk\u00e9 republice; slav\u00ed se ofici\u00e1ln\u011b jako \u201elidov\u00fd sv\u00e1tek\u201c a p\u0159itahuje tis\u00edce \u00fa\u010dastn\u00edk\u016f na velk\u00e9 festivalov\u00e9 prostranstv\u00ed <em>\u00dcrgel<\/em> u Jakutska. \u00dast\u0159edn\u00ed <span class=\"iwg-fachbegriff\" data-tooltip=\"Prosebn\u00e9 nebo zakl\u00ednac\u00ed osloven\u00ed bo\u017estva \u010di moci.\" tabindex=\"0\">vz\u00fdv\u00e1n\u00ed<\/span> Yhych-Khana z\u016fst\u00e1v\u00e1 n\u00e1bo\u017eensk\u00fdm j\u00e1drem sv\u00e1tku.<\/p><p>V sov\u011btsk\u00e9 dob\u011b byl sv\u00e1tek potla\u010dov\u00e1n, pot\u00e9 byl od roku 1956 povolen v siln\u011b sekularizovan\u00e9 form\u011b; po roce 1991 znovu nabyl sv\u00e9 n\u00e1bo\u017eensk\u00e9 hloubky. Tyto t\u0159i f\u00e1ze jsou n\u00e1bo\u017eenskohistoricky dob\u0159e zdokumentovan\u00e9, nap\u0159\u00edklad u Marjorie Balzer (1999).<\/p>\t\t\t\t\t\t\t\t<\/div>\n\t\t\t\t<\/div>\n\t\t\t\t\t<\/div>\n\t\t\t\t<\/div>\n\t\t<div class=\"elementor-element elementor-element-iwgw-yhychkhan-s5 e-flex e-con-boxed e-con e-parent\" data-id=\"iwgw-yhychkhan-s5\" data-element_type=\"container\" data-e-type=\"container\">\n\t\t\t\t\t<div class=\"e-con-inner\">\n\t\t\t\t<div class=\"elementor-element elementor-element-iwgw-yhychkhan-s5h elementor-widget elementor-widget-heading\" data-id=\"iwgw-yhychkhan-s5h\" data-element_type=\"widget\" data-e-type=\"widget\" data-widget_type=\"heading.default\">\n\t\t\t\t\t<h2 class=\"elementor-heading-title elementor-size-default\">Ochrann\u00e1 praxe a apotropaick\u00e9 prvky<\/h2>\t\t\t\t<\/div>\n\t\t<div class=\"elementor-element elementor-element-iwgw-yhychkhan-s5c e-con-full e-flex e-con e-child\" data-id=\"iwgw-yhychkhan-s5c\" data-element_type=\"container\" data-e-type=\"container\">\n\t\t\t\t<div class=\"elementor-element elementor-element-iwgw-yhychkhan-s5t elementor-widget elementor-widget-text-editor\" data-id=\"iwgw-yhychkhan-s5t\" data-element_type=\"widget\" data-e-type=\"widget\" data-widget_type=\"text-editor.default\">\n\t\t\t\t\t\t\t\t\t<p>Z religionistick\u00e9ho hlediska: Apotropaick\u00e9 praktiky kolem Yhych-Khana sm\u011b\u0159uj\u00ed k \u010distot\u011b ko\u0148sk\u00e9ho st\u00e1da. \u017delezo nesm\u00ed le\u017eet u kol\u00edku pro kobyly; \u017eeny s ne\u010distotou po porodu nesm\u00ed dojit kobyly; p\u0159ivazov\u00e1n\u00ed b\u00edl\u00fdch svazk\u016f ko\u0148sk\u00fdch \u017e\u00edn\u00ed ke k\u016flu <em>serge<\/em> je ch\u00e1p\u00e1no jako prosba o Yhych-Khanovu ochranu.<\/p><p>Zvl\u00e1\u0161tn\u00ed ochrannou prax\u00ed je <em>algys<\/em>: ritu\u00e1ln\u00ed <span class=\"iwg-fachbegriff\" data-tooltip=\"Ud\u011blen\u00ed zdrav\u00ed a ochrany, \u010dasto v ust\u00e1len\u00e9 jazykov\u00e9 form\u011b.\" tabindex=\"0\">po\u017eehn\u00e1n\u00ed<\/span>, kter\u00e9 algyschyt pron\u00e1\u0161\u00ed p\u0159ed ka\u017ed\u00fdm plemenem kon\u00ed. Text tohoto algys je zachov\u00e1n v n\u011bkolika sb\u00edrk\u00e1ch olonkho a dnes se op\u011bt pravideln\u011b praktikuje.<\/p><p>Z vnit\u0159n\u00ed perspektivy tradice je poru\u0161en\u00ed t\u011bchto pravidel \u010distoty spojov\u00e1no s konkr\u00e9tn\u00edmi d\u016fsledky, onemocn\u011bn\u00edm st\u00e1da, komplikacemi p\u0159i porodu kobyl. Z etnografick\u00e9 vn\u011bj\u0161\u00ed perspektivy jde o pravidla strukturuj\u00edc\u00ed ka\u017edodenn\u00ed \u017eivot, kter\u00e1 d\u00e1vaj\u00ed ekonomick\u00e9 zranitelnosti ko\u0148sk\u00e9ho chovu kulturn\u00ed formu.<\/p>\t\t\t\t\t\t\t\t<\/div>\n\t\t\t\t<\/div>\n\t\t\t\t\t<\/div>\n\t\t\t\t<\/div>\n\t\t<div class=\"elementor-element elementor-element-iwgw-yhychkhan-s6 e-flex e-con-boxed e-con e-parent\" data-id=\"iwgw-yhychkhan-s6\" data-element_type=\"container\" data-e-type=\"container\">\n\t\t\t\t\t<div class=\"e-con-inner\">\n\t\t\t\t<div class=\"elementor-element elementor-element-iwgw-yhychkhan-s6h elementor-widget elementor-widget-heading\" data-id=\"iwgw-yhychkhan-s6h\" data-element_type=\"widget\" data-e-type=\"widget\" data-widget_type=\"heading.default\">\n\t\t\t\t\t<h2 class=\"elementor-heading-title elementor-size-default\">Paralely v jin\u00fdch kultur\u00e1ch<\/h2>\t\t\t\t<\/div>\n\t\t<div class=\"elementor-element elementor-element-iwgw-yhychkhan-s6c e-con-full e-flex e-con e-child\" data-id=\"iwgw-yhychkhan-s6c\" data-element_type=\"container\" data-e-type=\"container\">\n\t\t\t\t<div class=\"elementor-element elementor-element-iwgw-yhychkhan-s6t elementor-widget elementor-widget-text-editor\" data-id=\"iwgw-yhychkhan-s6t\" data-element_type=\"widget\" data-e-type=\"widget\" data-widget_type=\"text-editor.default\">\n\t\t\t\t\t\t\t\t\t<p>Paralely lze nal\u00e9zt ve v\u00e9dsk\u00e9 p\u0159edstav\u011b ko\u0148sk\u00fdch A\u0161vin\u016f, v \u0159eck\u00fdch hippijsk\u00fdch epitetech Poseid\u00f3na, v keltsk\u00e9 Epon\u011b, ve staroprussk\u00e9m Pergrubriovi a v Sibi\u0159i v mongolsk\u00fdch ko\u0148sk\u00fdch ochrann\u00fdch du\u0161\u00edch (<em>guriin tngri<\/em>) a v burjatsk\u00e9m <a href=\"https:\/\/iwell-guard.com\/cs\/?page_id=145515\">Asbuiga<\/a>.<\/p><p>Z hlediska fenomenologie n\u00e1bo\u017eenstv\u00ed je zaj\u00edmav\u00e9 t\u011bsn\u00e9 spojen\u00ed aspektu vrchn\u00edho boha se zv\u00ed\u0159ec\u00ed funkc\u00ed. Srovnateln\u00fd by mohl b\u00fdt staropersk\u00fd Verethragna, b\u016fh v\u00edt\u011bzstv\u00ed, kter\u00fd je \u010dasto identifikov\u00e1n s v\u00e1le\u010dn\u00fdm kon\u011bm. Yhych-Khan je v\u0161ak z hlediska n\u00e1bo\u017eensk\u00e9ho syst\u00e9mu kompaktn\u011bj\u0161\u00ed a jasn\u011bji uchopiteln\u00fd jako zv\u00ed\u0159ec\u00ed <span class=\"iwg-fachbegriff\" data-tooltip=\"Bytost uct\u00edvan\u00e1 jako bo\u017esk\u00e1 v r\u00e1mci n\u00e1bo\u017eenstv\u00ed.\" tabindex=\"0\">bo\u017estvo<\/span>.<\/p><p>Jakutsk\u00e1 pointa: Zat\u00edmco ve v\u011bt\u0161in\u011b ostatn\u00edch kultur jsou ko\u0148\u0161t\u00ed bohov\u00e9 sp\u00ed\u0161e bohy st\u0159edn\u00ed \u00farovn\u011b, Yhych-Khan pat\u0159\u00ed k nejvy\u0161\u0161\u00ed vrstv\u011b, co\u017e odr\u00e1\u017e\u00ed v\u00fdjime\u010dn\u00e9 postaven\u00ed kon\u011b v jakutsk\u00e9 ekonomice.<\/p>\t\t\t\t\t\t\t\t<\/div>\n\t\t\t\t<\/div>\n\t\t\t\t\t<\/div>\n\t\t\t\t<\/div>\n\t\t<div class=\"elementor-element elementor-element-iwgw-yhychkhan-s7 e-flex e-con-boxed e-con e-parent\" data-id=\"iwgw-yhychkhan-s7\" data-element_type=\"container\" data-e-type=\"container\">\n\t\t\t\t\t<div class=\"e-con-inner\">\n\t\t\t\t<div class=\"elementor-element elementor-element-iwgw-yhychkhan-s7h elementor-widget elementor-widget-heading\" data-id=\"iwgw-yhychkhan-s7h\" data-element_type=\"widget\" data-e-type=\"widget\" data-widget_type=\"heading.default\">\n\t\t\t\t\t<h2 class=\"elementor-heading-title elementor-size-default\">Sou\u010dasn\u00e1 recepce a v\u00fdzkum<\/h2>\t\t\t\t<\/div>\n\t\t<div class=\"elementor-element elementor-element-iwgw-yhychkhan-s7c e-con-full e-flex e-con e-child\" data-id=\"iwgw-yhychkhan-s7c\" data-element_type=\"container\" data-e-type=\"container\">\n\t\t\t\t<div class=\"elementor-element elementor-element-iwgw-yhychkhan-s7t elementor-widget elementor-widget-text-editor\" data-id=\"iwgw-yhychkhan-s7t\" data-element_type=\"widget\" data-e-type=\"widget\" data-widget_type=\"text-editor.default\">\n\t\t\t\t\t\t\t\t\t<p>Sv\u00e1tek Ysyakh je od roku 1991 znovu ofici\u00e1ln\u00edm sv\u00e1tkem republiky Sacha. Yhych-Khan je tam kulturn\u00ed identifika\u010dn\u00ed postavou. V\u011bdeck\u00e9 odkazy: Sereshevskij (1896), Ksenofontov (1928\/1992), Roberte Hamayon (1990), Marjorie Balzer (<em>The Tenacity of Ethnicity<\/em>, 1999), N. A. Alekseev (<em>Traditionnaja religia jakutov<\/em>, 1980).<\/p><p>Studie Marjorie Balzer jsou zde zvl\u00e1\u0161\u0165 cenn\u00e9, nebo\u0165 dokumentuj\u00ed znovunastolen\u00ed kultu Yhych-Khana po roce 1991 jako antropologick\u00fd proces. Ukazuje, jak byla etnick\u00e1 sebeidentifikace Sach\u016f posilov\u00e1na obnoven\u00edm tohoto sv\u00e1tku.<\/p><p>Zvl\u00e1\u0161tn\u00ed roli ve sou\u010dasn\u00e9 v\u011bd\u011b hraj\u00ed samotn\u00ed jakut\u0161t\u00ed badatel\u00e9, nap\u0159\u00edklad Andrej P. Reshetnikova nebo Akademie v\u011bd republiky Sacha. Tyto vnit\u0159n\u00ed hlasy prom\u011b\u0148uj\u00ed badatelskou krajinu, kter\u00e1 byla dlouho ovl\u00e1d\u00e1na ruskou a z\u00e1padn\u00ed vn\u011bj\u0161\u00ed perspektivou.<\/p>\t\t\t\t\t\t\t\t<\/div>\n\t\t\t\t<\/div>\n\t\t\t\t\t<\/div>\n\t\t\t\t<\/div>\n\t\t<div class=\"elementor-element elementor-element-iwgw-yhychkhan-s8 e-flex e-con-boxed e-con e-parent\" data-id=\"iwgw-yhychkhan-s8\" data-element_type=\"container\" data-e-type=\"container\">\n\t\t\t\t\t<div class=\"e-con-inner\">\n\t\t\t\t<div class=\"elementor-element elementor-element-iwgw-yhychkhan-s8h elementor-widget elementor-widget-heading\" data-id=\"iwgw-yhychkhan-s8h\" data-element_type=\"widget\" data-e-type=\"widget\" data-widget_type=\"heading.default\">\n\t\t\t\t\t<h2 class=\"elementor-heading-title elementor-size-default\">V\u00fdzkumn\u00e9 debaty a otev\u0159en\u00e9 ot\u00e1zky<\/h2>\t\t\t\t<\/div>\n\t\t<div class=\"elementor-element elementor-element-iwgw-yhychkhan-s8c e-con-full e-flex e-con e-child\" data-id=\"iwgw-yhychkhan-s8c\" data-element_type=\"container\" data-e-type=\"container\">\n\t\t\t\t<div class=\"elementor-element elementor-element-iwgw-yhychkhan-s8t elementor-widget elementor-widget-text-editor\" data-id=\"iwgw-yhychkhan-s8t\" data-element_type=\"widget\" data-e-type=\"widget\" data-widget_type=\"text-editor.default\">\n\t\t\t\t\t\t\t\t\t<p>Aktu\u00e1ln\u00ed jsou dv\u011b badatelsk\u00e9 debaty. Zaprv\u00e9: Jak kontinu\u00e1ln\u00ed je <span class=\"iwg-fachbegriff\" data-tooltip=\"Souhrn n\u00e1bo\u017eensk\u00fdch \u00fakon\u016f uct\u00edv\u00e1n\u00ed bo\u017estva nebo svat\u00e9 postavy.\" tabindex=\"0\">kult<\/span> Yhych-Khana od p\u0159edrusk\u00e9 \u00e9ry (p\u0159ed rokem 1632) a\u017e do sou\u010dasnosti? Archeologick\u00e9 n\u00e1lezy z nejstar\u0161\u00edch s\u00eddel Sach\u016f (\u00fadol\u00ed Tujmaada) ukazuj\u00ed ko\u0148sk\u00e9 poh\u0159by, jejich\u017e n\u00e1bo\u017eensk\u00fd v\u00fdklad z\u016fst\u00e1v\u00e1 nejasn\u00fd.<\/p><p>Zadruh\u00e9: Jakou roli hraje Yhych-Khan v neotengristick\u00e9m hnut\u00ed 2000. let? Zde existuje spor mezi badateli, kte\u0159\u00ed vid\u00ed Yhych-Khana prezentovan\u00e9ho jako \u201eautentickou tradici\u201c, a t\u011bmi, kte\u0159\u00ed v modern\u00ed festivalov\u00e9 kultu\u0159e spat\u0159uj\u00ed nov\u00fd v\u00fdmysl (\u201einvented tradition\u201c ve smyslu Erica Hobsbawma).<\/p><p>Nakonec, a to je ot\u00e1zka s aktu\u00e1ln\u00ed nal\u00e9havost\u00ed, jak se <span class=\"iwg-fachbegriff\" data-tooltip=\"Souhrn n\u00e1bo\u017eensk\u00fdch \u00fakon\u016f uct\u00edv\u00e1n\u00ed bo\u017estva nebo svat\u00e9 postavy.\" tabindex=\"0\">kult<\/span> Yhych-Khana vztahuje ke klimatick\u00e9 zm\u011bn\u011b, kter\u00e1 masivn\u011b ohro\u017euje subarktick\u00fd region a s n\u00edm i chov kon\u00ed u Sach\u016f? Prvn\u00ed studie (nap\u0159\u00edklad od Susan Crate) zde otev\u0159ely religionisticko-ekologickou diskusi.<\/p>\t\t\t\t\t\t\t\t<\/div>\n\t\t\t\t<\/div>\n\t\t\t\t\t<\/div>\n\t\t\t\t<\/div>\n\t\t<div class=\"elementor-element elementor-element-iwgw-yhychkhan-s9 e-flex e-con-boxed e-con e-parent\" data-id=\"iwgw-yhychkhan-s9\" data-element_type=\"container\" data-e-type=\"container\">\n\t\t\t\t\t<div class=\"e-con-inner\">\n\t\t\t\t<div class=\"elementor-element elementor-element-iwgw-yhychkhan-s9h elementor-widget elementor-widget-heading\" data-id=\"iwgw-yhychkhan-s9h\" data-element_type=\"widget\" data-e-type=\"widget\" data-widget_type=\"heading.default\">\n\t\t\t\t\t<h2 class=\"elementor-heading-title elementor-size-default\">Yhych-Khan v kontextu ekonomiky Sach\u016f<\/h2>\t\t\t\t<\/div>\n\t\t<div class=\"elementor-element elementor-element-iwgw-yhychkhan-s9c e-con-full e-flex e-con e-child\" data-id=\"iwgw-yhychkhan-s9c\" data-element_type=\"container\" data-e-type=\"container\">\n\t\t\t\t<div class=\"elementor-element elementor-element-iwgw-yhychkhan-s9t elementor-widget elementor-widget-text-editor\" data-id=\"iwgw-yhychkhan-s9t\" data-element_type=\"widget\" data-e-type=\"widget\" data-widget_type=\"text-editor.default\">\n\t\t\t\t\t\t\t\t\t<p>N\u00e1bo\u017eensk\u00e9 centr\u00e1ln\u00ed postaven\u00ed Yhych-Khana koreluje s ekonomick\u00fdm centr\u00e1ln\u00edm postaven\u00edm kon\u011b v jakutsk\u00e9 tradici. Plemeno sachsk\u00e9ho kon\u011b, kter\u00e9 snese chlad hluboko pod minus 60 stup\u0148\u016f, teprve umo\u017enilo os\u00eddlen\u00ed subarktick\u00e9 tundry. Z pohledu n\u00e1bo\u017eensk\u00e9 antropologie tedy n\u00e1bo\u017eensk\u00e1 \u00facta ke koni nen\u00ed n\u00e1hodou, n\u00fdbr\u017e kulturn\u00edm zrcadlen\u00edm ekonomick\u00e9 nutnosti.<\/p><p>Ve 20. stolet\u00ed sov\u011btsk\u00e1 kolektivizace masivn\u011b zm\u011bnila tradi\u010dn\u00ed chov kon\u00ed; mnoho rodin ztratilo sv\u00e1 st\u00e1da kobyl, co\u017e de facto utlumilo <span class=\"iwg-fachbegriff\" data-tooltip=\"Souhrn n\u00e1bo\u017eensk\u00fdch \u00fakon\u016f uct\u00edv\u00e1n\u00ed bo\u017estva nebo svat\u00e9 postavy.\" tabindex=\"0\">kult<\/span> Yhych-Khana. Po roce 1991 prob\u011bhla re-privatizace a s n\u00ed obnova n\u00e1bo\u017eensk\u00e9 praxe. Toto ekonomicko-n\u00e1bo\u017eensk\u00e9 spojen\u00ed podrobn\u011b popsala Marjorie Balzer.<\/p><p>Aktu\u00e1ln\u00ed v\u00fdzvou je klimatick\u00e1 zm\u011bna: rozmrz\u00e1 permafrost, co\u017e ohro\u017euje sachsk\u00fd chov kon\u00ed. Susan Crate ve sv\u00e9m etnografick\u00e9m d\u00edle <em>Cows, Kin, and Globalization<\/em> (2006) zdokumentovala n\u00e1bo\u017eensk\u00e9 reakce na tuto ekologickou krizi; Yhych-Khan se zde st\u00e1v\u00e1 referen\u010dn\u00ed postavou domorod\u00e9 klimatick\u00e9 debaty.<\/p>\t\t\t\t\t\t\t\t<\/div>\n\t\t\t\t<\/div>\n\t\t\t\t\t<\/div>\n\t\t\t\t<\/div>\n\t\t<div class=\"elementor-element elementor-element-iwgw-yhychkhan-s10 e-flex e-con-boxed e-con e-parent\" data-id=\"iwgw-yhychkhan-s10\" data-element_type=\"container\" data-e-type=\"container\">\n\t\t\t\t\t<div class=\"e-con-inner\">\n\t\t\t\t<div class=\"elementor-element elementor-element-iwgw-yhychkhan-s10h elementor-widget elementor-widget-heading\" data-id=\"iwgw-yhychkhan-s10h\" data-element_type=\"widget\" data-e-type=\"widget\" data-widget_type=\"heading.default\">\n\t\t\t\t\t<h2 class=\"elementor-heading-title elementor-size-default\">Prameny a vztah ke kulturn\u00edmu hubu<\/h2>\t\t\t\t<\/div>\n\t\t<div class=\"elementor-element elementor-element-iwgw-yhychkhan-s10c e-con-full e-flex e-con e-child\" data-id=\"iwgw-yhychkhan-s10c\" data-element_type=\"container\" data-e-type=\"container\">\n\t\t\t\t<div class=\"elementor-element elementor-element-iwgw-yhychkhan-s10t elementor-widget elementor-widget-text-editor\" data-id=\"iwgw-yhychkhan-s10t\" data-element_type=\"widget\" data-e-type=\"widget\" data-widget_type=\"text-editor.default\">\n\t\t\t\t\t\t\t\t\t<p>Kdo chce studovat komplex Yhych-Khana v jeho \u0161\u00ed\u0159i, najde na p\u0159ehledov\u00e9 str\u00e1nce <a href=\"https:\/\/iwell-guard.com\/cs\/sibirsky-samanismus-tengrismus\/\">Sibi\u0159sko-tengristick\u00e1 tradice<\/a> nejd\u016fle\u017eit\u011bj\u0161\u00ed odkazy na p\u0159\u00edbuzn\u00e9 postavy jako <a href=\"https:\/\/iwell-guard.com\/cs\/?page_id=145512\">Ajisit<\/a> (matka-d\u00e1rkyn\u011b) a <a href=\"https:\/\/iwell-guard.com\/cs\/?page_id=145515\">Asbuiga<\/a> (burjatsk\u00fd ko\u0148sk\u00fd pomocn\u00fd duch).<\/p><p>W. Sereshevskijovo d\u00edlo <em>Yakuty<\/em> (1896) z\u016fst\u00e1v\u00e1 nejd\u016fle\u017eit\u011bj\u0161\u00edm etnografick\u00fdm prim\u00e1rn\u00edm pramenem. N. A. Alekseevovo <em>Traditionnaja religia jakutov<\/em> (Novosibirsk 1980) a G. V. Ksenofontovovo <em>Schamanizm. Izbrannye trudy<\/em> (nov\u00e9 vyd\u00e1n\u00ed 1992) jsou nejd\u016fle\u017eit\u011bj\u0161\u00edmi rusko-sov\u011btsk\u00fdmi synt\u00e9zami.<\/p><p>D\u00edlo Marjorie Balzer <em>The Tenacity of Ethnicity<\/em> (Princeton 1999) je nejd\u016fle\u017eit\u011bj\u0161\u00edm sou\u010dasn\u00fdm d\u00edlem a nab\u00edz\u00ed bohatou etnografickou dokumentaci sv\u00e1tku Ysyakh po roce 1991.<\/p>\t\t\t\t\t\t\t\t<\/div>\n\t\t\t\t<\/div>\n\t\t\t\t\t<\/div>\n\t\t\t\t<\/div>\n\t\t<div class=\"elementor-element elementor-element-iwgw-yhychkhan-s11 e-flex e-con-boxed e-con e-parent\" data-id=\"iwgw-yhychkhan-s11\" data-element_type=\"container\" data-e-type=\"container\">\n\t\t\t\t\t<div class=\"e-con-inner\">\n\t\t\t\t<div class=\"elementor-element elementor-element-iwgw-yhychkhan-s11h elementor-widget elementor-widget-heading\" data-id=\"iwgw-yhychkhan-s11h\" data-element_type=\"widget\" data-e-type=\"widget\" data-widget_type=\"heading.default\">\n\t\t\t\t\t<h2 class=\"elementor-heading-title elementor-size-default\">Yhych-Khan v kosmu jakutsk\u00fdch aiyy<\/h2>\t\t\t\t<\/div>\n\t\t<div class=\"elementor-element elementor-element-iwgw-yhychkhan-s11c e-con-full e-flex e-con e-child\" data-id=\"iwgw-yhychkhan-s11c\" data-element_type=\"container\" data-e-type=\"container\">\n\t\t\t\t<div class=\"elementor-element elementor-element-iwgw-yhychkhan-s11t elementor-widget elementor-widget-text-editor\" data-id=\"iwgw-yhychkhan-s11t\" data-element_type=\"widget\" data-e-type=\"widget\" data-widget_type=\"text-editor.default\">\n\t\t\t\t\t\t\t\t\t<p>Yhych-Khan je za\u010dlen\u011bn do jakutsk\u00e9ho syst\u00e9mu <em>aiyy<\/em>, systematick\u00e9ho uspo\u0159\u00e1d\u00e1n\u00ed \u201ehorn\u00edch sv\u011bteln\u00fdch bytost\u00ed\u201c, kter\u00e9 jsou hierarchicky organizov\u00e1ny. \u00dcr\u00fcn Aar Tojon je nejvy\u0161\u0161\u00ed b\u016fh; pod n\u00edm stoj\u00ed <a href=\"https:\/\/iwell-guard.com\/cs\/?page_id=145512\">Ajisit<\/a> (matka), Yhych-Khan (k\u016f\u0148), Ynakhsyt (skot), Bayanai (les a lov) a dal\u0161\u00ed specializovan\u00e9 bytosti.<\/p><p>Toto systematick\u00e9 uspo\u0159\u00e1d\u00e1n\u00ed je n\u00e1bo\u017eensko-historicky zaj\u00edmav\u00e9, proto\u017ee ukazuje, jak se funkce nejvy\u0161\u0161\u00edho boha v ekonomicky diferencovan\u00e9 spole\u010dnosti sama diferencuje: pro ka\u017edou z\u00e1sadn\u00ed ekonomickou \u017eivotn\u00ed oblast existuje vlastn\u00ed nebesk\u00e1 instance.<\/p><p>N. A. Alekseev p\u0159edlo\u017eil ve sv\u00e9m d\u00edle <em>Traditionnaja religia jakutov<\/em> (1980) \u00faplnou mapu tohoto syst\u00e9mu <em>aiyy<\/em>, kter\u00e1 je dodnes nejd\u016fle\u017eit\u011bj\u0161\u00edm systematick\u00fdm p\u0159ehledem. Yhych-Khan stoj\u00ed na t\u00e9to map\u011b na druh\u00e9 hierarchick\u00e9 \u00farovni, na stejn\u00e9 \u00farovni jako Ajisit a Bayanai.<\/p>\t\t\t\t\t\t\t\t<\/div>\n\t\t\t\t<\/div>\n\t\t\t\t\t<\/div>\n\t\t\t\t<\/div>\n\t\t<div class=\"elementor-element elementor-element-iwgw-yhychkhan-s12 e-flex e-con-boxed e-con e-parent\" data-id=\"iwgw-yhychkhan-s12\" data-element_type=\"container\" data-e-type=\"container\">\n\t\t\t\t\t<div class=\"e-con-inner\">\n\t\t\t\t<div class=\"elementor-element elementor-element-iwgw-yhychkhan-s12h elementor-widget elementor-widget-heading\" data-id=\"iwgw-yhychkhan-s12h\" data-element_type=\"widget\" data-e-type=\"widget\" data-widget_type=\"heading.default\">\n\t\t\t\t\t<h2 class=\"elementor-heading-title elementor-size-default\">Metodologick\u00e1 reflexe<\/h2>\t\t\t\t<\/div>\n\t\t<div class=\"elementor-element elementor-element-iwgw-yhychkhan-s12c e-con-full e-flex e-con e-child\" data-id=\"iwgw-yhychkhan-s12c\" data-element_type=\"container\" data-e-type=\"container\">\n\t\t\t\t<div class=\"elementor-element elementor-element-iwgw-yhychkhan-s12t elementor-widget elementor-widget-text-editor\" data-id=\"iwgw-yhychkhan-s12t\" data-element_type=\"widget\" data-e-type=\"widget\" data-widget_type=\"text-editor.default\">\n\t\t\t\t\t\t\t\t\t<p>P\u0159i v\u00fdzkumu Yhych-Khana vznik\u00e1 n\u011bkolik metodologick\u00fdch probl\u00e9m\u016f. Zaprv\u00e9: nejstar\u0161\u00ed prameny (Sereshevskij 1896) poch\u00e1zej\u00ed z obdob\u00ed politick\u00e9ho vyhnanstv\u00ed; jejich etnografick\u00e1 hloubka je velk\u00e1, ale z\u00e1rove\u0148 jsou ovlivn\u011bny situac\u00ed vyhnanstv\u00ed.<\/p><p>Zadruh\u00e9: sov\u011btsk\u00e1 folklorizace sv\u00e1tku Ysyakh \u010d\u00e1ste\u010dn\u011b zast\u0159ela n\u00e1bo\u017eensk\u00fd rozm\u011br Yhych-Khana; postsov\u011btsk\u00e9 znovunastolen\u00ed je re-sakralizac\u00ed s vlastn\u00edmi nap\u011bt\u00edmi.<\/p><p>Zat\u0159et\u00ed: sou\u010dasn\u00e1 klimatick\u00e1 krize stav\u00ed komplex Yhych-Khana p\u0159ed existenci\u00e1ln\u00ed v\u00fdzvy: Co znamen\u00e1 pro n\u00e1bo\u017eenstv\u00ed, pokud se chov sachsk\u00fdch kon\u00ed stane ekologicky nemo\u017en\u00fdm? Susan Crate tuto ot\u00e1zku koncipovala jako \u201eklimatickou antropologii\u201c.<\/p>\t\t\t\t\t\t\t\t<\/div>\n\t\t\t\t<\/div>\n\t\t\t\t\t<\/div>\n\t\t\t\t<\/div>\n\t\t<div class=\"elementor-element elementor-element-iwgw-yhychkhan-s13 e-flex e-con-boxed e-con e-parent\" data-id=\"iwgw-yhychkhan-s13\" data-element_type=\"container\" data-e-type=\"container\">\n\t\t\t\t\t<div class=\"e-con-inner\">\n\t\t\t\t<div class=\"elementor-element elementor-element-iwgw-yhychkhan-s13h elementor-widget elementor-widget-heading\" data-id=\"iwgw-yhychkhan-s13h\" data-element_type=\"widget\" data-e-type=\"widget\" data-widget_type=\"heading.default\">\n\t\t\t\t\t<h2 class=\"elementor-heading-title elementor-size-default\">Yhych-Khan a odkaz UNESCO Olonkho<\/h2>\t\t\t\t<\/div>\n\t\t<div class=\"elementor-element elementor-element-iwgw-yhychkhan-s13c e-con-full e-flex e-con e-child\" data-id=\"iwgw-yhychkhan-s13c\" data-element_type=\"container\" data-e-type=\"container\">\n\t\t\t\t<div class=\"elementor-element elementor-element-iwgw-yhychkhan-s13t elementor-widget elementor-widget-text-editor\" data-id=\"iwgw-yhychkhan-s13t\" data-element_type=\"widget\" data-e-type=\"widget\" data-widget_type=\"text-editor.default\">\n\t\t\t\t\t\t\t\t\t<p>Jakutsk\u00fd epos Olonkho byl v roce 2005 uzn\u00e1n UNESCO za \u201emistrovsk\u00e9 d\u00edlo \u00fastn\u00edho a nemateri\u00e1ln\u00edho d\u011bdictv\u00ed lidstva\u201c. Yhych-Khan je p\u0159\u00edtomen prakticky ve v\u0161ech eposech Olonkho, jako tv\u016frce ko\u0148sk\u00fdch st\u00e1d, jako ochrann\u00fd patron hrdin\u016f, jako nebesk\u00fd zadavatel kmenov\u00e9ho osudu.<\/p><p>Toto uzn\u00e1n\u00ed UNESCO institucion\u00e1ln\u011b pos\u00edlilo Olonkho; n\u011bkolik divadel Olonkho, st\u00e1tn\u00ed institut Olonkho v Jakutsku a kulturn\u00ed festivaly udr\u017euj\u00ed tradici \u017eivou. Yhych-Khan je zde \u00fast\u0159edn\u00ed postavou, n\u00e1bo\u017eenskou i liter\u00e1rn\u00ed.<\/p><p>V\u011bdecky je tato institucionalizace n\u00e1ro\u010dn\u00e1: m\u011bn\u00ed jednou \u017eivou n\u00e1bo\u017eenskou tradici v objekt kulturn\u00edho d\u011bdictv\u00ed, co\u017e prom\u011b\u0148uje samotnou praxi. Reflexivn\u00ed religionistika tuto zm\u011bnu bere v\u00e1\u017en\u011b.<\/p>\t\t\t\t\t\t\t\t<\/div>\n\t\t\t\t<\/div>\n\t\t\t\t\t<\/div>\n\t\t\t\t<\/div>\n\t\t<div class=\"elementor-element elementor-element-iwgw-yhychkhan-s14 e-flex e-con-boxed e-con e-parent\" data-id=\"iwgw-yhychkhan-s14\" data-element_type=\"container\" data-e-type=\"container\">\n\t\t\t\t\t<div class=\"e-con-inner\">\n\t\t\t\t<div class=\"elementor-element elementor-element-iwgw-yhychkhan-s14h elementor-widget elementor-widget-heading\" data-id=\"iwgw-yhychkhan-s14h\" data-element_type=\"widget\" data-e-type=\"widget\" data-widget_type=\"heading.default\">\n\t\t\t\t\t<h2 class=\"elementor-heading-title elementor-size-default\">Yhych-Khan a klimatick\u00e1 krize<\/h2>\t\t\t\t<\/div>\n\t\t<div class=\"elementor-element elementor-element-iwgw-yhychkhan-s14c e-con-full e-flex e-con e-child\" data-id=\"iwgw-yhychkhan-s14c\" data-element_type=\"container\" data-e-type=\"container\">\n\t\t\t\t<div class=\"elementor-element elementor-element-iwgw-yhychkhan-s14t elementor-widget elementor-widget-text-editor\" data-id=\"iwgw-yhychkhan-s14t\" data-element_type=\"widget\" data-e-type=\"widget\" data-widget_type=\"text-editor.default\">\n\t\t\t\t\t\t\t\t\t<p>Zvl\u00e1\u0161t\u011b aktu\u00e1ln\u00ed v\u00fdzkumn\u00e1 perspektiva propojuje Yhych-Khana s klimatickou kriz\u00ed v subarktick\u00e9m regionu. Permafrost taje, kobyl\u00ed pastviny vysychaj\u00ed, mnoh\u00e9 tradi\u010dn\u00ed oblasti chovu kon\u00ed se st\u00e1vaj\u00ed neobyvateln\u00fdmi. Susan Crate ve sv\u00e9 pr\u00e1ci <em>Cows, Kin, and Globalization<\/em> (2006) uk\u00e1zala, jak Sachov\u00e9 na tuto krizi n\u00e1bo\u017eensky reaguj\u00ed.<\/p><p><span class=\"iwg-fachbegriff\" data-tooltip=\"Souhrn n\u00e1bo\u017eensk\u00fdch \u00factyhodn\u00fdch \u00fakon\u016f v\u016f\u010di bo\u017estvu nebo svat\u00e9 bytosti.\" tabindex=\"0\">Kult<\/span> Yhych-Khana se zde st\u00e1v\u00e1 referen\u010dn\u00ed postavou domorod\u00e9 klimatick\u00e9 kritiky: Zmiz\u00ed-li k\u016f\u0148, zmiz\u00ed i n\u00e1bo\u017eenstv\u00ed. Toto existenci\u00e1ln\u00ed spojen\u00ed d\u011bl\u00e1 z Yhych-Khana kl\u00ed\u010dovou postavu v\u011bdecky relevantn\u00ed klimatick\u00e9 debaty.<\/p><p>Na v\u00fdro\u010dn\u00edch sv\u00e1tc\u00edch Ysyakh od roku 2010 jsou ekologick\u00e1 poselstv\u00ed \u010dasto sou\u010d\u00e1st\u00ed vz\u00fdv\u00e1n\u00ed; Yhych-Khan je oslovov\u00e1n jako \u201eochr\u00e1nce\u201c, jemu\u017e je sv\u011b\u0159ena starost o klimatickou budoucnost. N\u00e1bo\u017eensko-sociologicky je toto p\u0159eadresov\u00e1n\u00ed pozoruhodn\u00fdm v\u00fdvojem.<\/p>\t\t\t\t\t\t\t\t<\/div>\n\t\t\t\t<\/div>\n\t\t\t\t\t<\/div>\n\t\t\t\t<\/div>\n\t\t<div class=\"elementor-element elementor-element-iwgw-yhychkhan-s15 e-flex e-con-boxed e-con e-parent\" data-id=\"iwgw-yhychkhan-s15\" data-element_type=\"container\" data-e-type=\"container\">\n\t\t\t\t\t<div class=\"e-con-inner\">\n\t\t\t\t<div class=\"elementor-element elementor-element-iwgw-yhychkhan-s15h elementor-widget elementor-widget-heading\" data-id=\"iwgw-yhychkhan-s15h\" data-element_type=\"widget\" data-e-type=\"widget\" data-widget_type=\"heading.default\">\n\t\t\t\t\t<h2 class=\"elementor-heading-title elementor-size-default\">Yhych-Khan a sv\u00e1tek Ysyakh v kontextu UNESCO<\/h2>\t\t\t\t<\/div>\n\t\t<div class=\"elementor-element elementor-element-iwgw-yhychkhan-s15c e-con-full e-flex e-con e-child\" data-id=\"iwgw-yhychkhan-s15c\" data-element_type=\"container\" data-e-type=\"container\">\n\t\t\t\t<div class=\"elementor-element elementor-element-iwgw-yhychkhan-s15t elementor-widget elementor-widget-text-editor\" data-id=\"iwgw-yhychkhan-s15t\" data-element_type=\"widget\" data-e-type=\"widget\" data-widget_type=\"text-editor.default\">\n\t\t\t\t\t\t\t\t\t<p>Sv\u00e1tek Ysyakh, jeho\u017e st\u0159edem je Yhych-Khan, je od roku 2018 na n\u00e1vrhov\u00e9m seznamu UNESCO pro nemateri\u00e1ln\u00ed sv\u011btov\u00e9 kulturn\u00ed d\u011bdictv\u00ed. Tato n\u00e1vrhov\u00e1 dokumentace obsahuje podrobn\u00fd popis vz\u00fdv\u00e1n\u00ed Yhych-Khana, ko\u0148sk\u00fdch ritu\u00e1l\u016f a kosmologick\u00fdch souvislost\u00ed.<\/p><p>Dokumentace UNESCO p\u0159edstavuje d\u016fle\u017eitou novou pramennou vrstvu pro v\u011bdeck\u00fd v\u00fdzkum Yhych-Khana. Obsahuje rozhovory se sou\u010dasn\u00fdmi mluv\u010d\u00edmi algyschyt, z\u00e1znamy sv\u00e1te\u010dn\u00edch sekvenc\u00ed a ikonografick\u00e9 materi\u00e1ly.<\/p><p>N\u00e1bo\u017eensko-sociologicky je toto za\u0159azen\u00ed UNESCO ambivalentn\u00ed: institucion\u00e1ln\u011b sv\u00e1tek zaji\u0161\u0165uje, ale z\u00e1rove\u0148 jej prom\u011b\u0148uje v objekt \u201esv\u011btov\u00e9ho kulturn\u00edho d\u011bdictv\u00ed\u201c, co\u017e m\u011bn\u00ed samotnou n\u00e1bo\u017eenskou praxi.<\/p>\t\t\t\t\t\t\t\t<\/div>\n\t\t\t\t<\/div>\n\t\t\t\t\t<\/div>\n\t\t\t\t<\/div>\n\t\t<div class=\"elementor-element elementor-element-iwgw-yhychkhan-s16 e-flex e-con-boxed e-con e-parent\" data-id=\"iwgw-yhychkhan-s16\" data-element_type=\"container\" data-e-type=\"container\">\n\t\t\t\t\t<div class=\"e-con-inner\">\n\t\t\t\t<div class=\"elementor-element elementor-element-iwgw-yhychkhan-s16h elementor-widget elementor-widget-heading\" data-id=\"iwgw-yhychkhan-s16h\" data-element_type=\"widget\" data-e-type=\"widget\" data-widget_type=\"heading.default\">\n\t\t\t\t\t<h2 class=\"elementor-heading-title elementor-size-default\">Yhych-Khan a re-tengrizace v Sacha republice<\/h2>\t\t\t\t<\/div>\n\t\t<div class=\"elementor-element elementor-element-iwgw-yhychkhan-s16c e-con-full e-flex e-con e-child\" data-id=\"iwgw-yhychkhan-s16c\" data-element_type=\"container\" data-e-type=\"container\">\n\t\t\t\t<div class=\"elementor-element elementor-element-iwgw-yhychkhan-s16t elementor-widget elementor-widget-text-editor\" data-id=\"iwgw-yhychkhan-s16t\" data-element_type=\"widget\" data-e-type=\"widget\" data-widget_type=\"text-editor.default\">\n\t\t\t\t\t\t\t\t\t<p>Re-tengrizace v Sacha republice od roku 1991 znovu aktivovala Yhych-Khana jako \u00fast\u0159edn\u00ed identifika\u010dn\u00ed postavu. Na velk\u00fdch sv\u00e1tc\u00edch Ysyakh vystupuj\u00ed sou\u010dasn\u00ed mluv\u010d\u00ed algyschyt se vz\u00fdv\u00e1n\u00edmi, kter\u00e1 p\u0159\u00edmo \u010derpaj\u00ed z epos\u016f Olonkho a ze z\u00e1pis\u016f Sereshevskije. Toto znovunastolen\u00ed je n\u00e1bo\u017eensko-sociologicky zaj\u00edmav\u00fdm p\u0159\u00edpadem tradice, kter\u00e1 je zprost\u0159edkov\u00e1na a upev\u0148ov\u00e1na prost\u0159ednictv\u00edm v\u011bdeck\u00fdch text\u016f.<\/p><p>Marjorie Mandelstam Balzer ve sv\u00e9m d\u00edle <em>The Tenacity of Ethnicity<\/em> (1999) uk\u00e1zala, \u017ee vz\u00fdv\u00e1n\u00ed Yhych-Khana dnes napl\u0148uje dvoj\u00ed funkci: n\u00e1bo\u017eenskou praxi a etnick\u00e9 sebeuji\u0161t\u011bn\u00ed. Tato dvoj\u00ed funkce je charakteristick\u00e1 pro mnoh\u00e9 postsov\u011btsk\u00e9 domorod\u00e9 n\u00e1bo\u017eenstv\u00ed.<\/p><p>V\u011bdecky je toto znovunastolen\u00ed vd\u011b\u010dn\u00fdm v\u00fdzkumn\u00fdm objektem. Ukazuje, jak je n\u00e1bo\u017eensk\u00e1 tradice po dlouh\u00e9 represi nov\u011b organizov\u00e1na, jak\u00fdmi prost\u0159edky je vytv\u00e1\u0159ena kontinuita a jak\u00e9 zlomy jsou p\u0159i tom p\u0159ij\u00edm\u00e1ny.<\/p>\t\t\t\t\t\t\t\t<\/div>\n\t\t\t\t<\/div>\n\t\t\t\t\t<\/div>\n\t\t\t\t<\/div>\n\t\t<div class=\"elementor-element elementor-element-cp226f4b85 e-flex e-con-boxed e-con e-parent\" data-id=\"cp226f4b85\" data-element_type=\"container\" data-e-type=\"container\">\n\t\t\t\t\t<div class=\"e-con-inner\">\n\t\t\t\t<div class=\"elementor-element elementor-element-cp2686cb0d elementor-widget elementor-widget-heading\" data-id=\"cp2686cb0d\" data-element_type=\"widget\" data-e-type=\"widget\" data-widget_type=\"heading.default\">\n\t\t\t\t\t<h2 class=\"elementor-heading-title elementor-size-default\">B\u00fdk a mr\u00e1z: obraz kosmick\u00e9ho nositele chladu<\/h2>\t\t\t\t<\/div>\n\t\t<div class=\"elementor-element elementor-element-cp2cb64fe5 e-flex e-con-boxed e-con e-child\" data-id=\"cp2cb64fe5\" data-element_type=\"container\" data-e-type=\"container\">\n\t\t\t\t\t<div class=\"e-con-inner\">\n\t\t\t\t<div class=\"elementor-element elementor-element-cp2c79de06 elementor-widget elementor-widget-text-editor\" data-id=\"cp2c79de06\" data-element_type=\"widget\" data-e-type=\"widget\" data-widget_type=\"text-editor.default\">\n\t\t\t\t\t\t\t\t\t<p>Mezi duchy jakutsko-sibi\u0159sk\u00e9 <span class=\"iwg-fachbegriff\" data-tooltip=\"P\u0159ed\u00e1v\u00e1n\u00ed znalost\u00ed a vypr\u00e1v\u011bn\u00ed mezi generacemi.\" tabindex=\"0\">tradice<\/span> zauj\u00edm\u00e1 p\u00e1n mrazu, kter\u00fd se v z\u00e1padn\u00edch zpracov\u00e1n\u00edch objevuje pod jm\u00e9ny jako <em>Yhych-Khan<\/em> nebo p\u0159\u00edbuzn\u00fdmi formami, zvl\u00e1\u0161tn\u00ed postaven\u00ed. Nepat\u0159\u00ed k vzne\u0161en\u00fdm stvo\u0159itelsk\u00fdm bo\u017estv\u016fm horn\u00edho sv\u011bta, n\u00fdbr\u017e zt\u011bles\u0148uje p\u0159\u00edrodn\u00ed s\u00edlu, je\u017e pro \u017eivot na severu p\u0159edstavuje existen\u010dn\u00ed ohro\u017een\u00ed.<\/p><p>Jakutsk\u00fd zimn\u00ed mr\u00e1z dosahuje v oblasti kolem Verchojansku a Ojmjakonu hodnot, kter\u00e9 pat\u0159\u00ed k nejni\u017e\u0161\u00edm z obydlen\u00fdch oblast\u00ed Zem\u011b. N\u00e1bo\u017eensk\u00e1 postava, je\u017e tento mr\u00e1z zosob\u0148uje, tedy nen\u00ed poetickou h\u0159\u00ed\u010dkou, ale v\u00fdrazem trval\u00e9 hrozby.<\/p><p>Opakuj\u00edc\u00edm se motivem v tradic\u00edch o p\u00e1nu mrazu je zimn\u00ed b\u00fdk. Tato p\u0159edstava, kter\u00e1 se objevuje v n\u011bkolika sibi\u0159sk\u00fdch z\u00e1pisech, si zimu p\u0159edstavuje jako obrovsk\u00e9 b\u00fd\u010d\u00ed zv\u00ed\u0159e, je\u017e na pozdn\u00ed podzim vystupuje ze severn\u00edho mo\u0159e, s ka\u017ed\u00fdm dal\u0161\u00edm m\u011bs\u00edcem nejprve roste, ale na ja\u0159e pak postupn\u011b ztr\u00e1c\u00ed jednu \u010d\u00e1st t\u011bla za druhou.<\/p><p>Nejprve upadne jeden roh, pak druh\u00fd, kone\u010dn\u011b hlava, dokud zv\u00ed\u0159e s rozl\u00e1m\u00e1n\u00edm ledu \u00fapln\u011b nezmiz\u00ed. Mr\u00e1z v tomto obraze nen\u00ed stav, n\u00fdbr\u017e bytost s vlastn\u00edm \u017eivotn\u00edm osudem, a intenzita chladu je v\u00e1z\u00e1na na jednotliv\u00e9 \u010d\u00e1sti t\u011bla tohoto zv\u00ed\u0159ete.<\/p><p>Zda byli p\u00e1n mrazu a zimn\u00ed b\u00fdk v p\u016fvodn\u00ed <span class=\"iwg-fachbegriff\" data-tooltip=\"P\u0159ed\u00e1v\u00e1n\u00ed znalost\u00ed a vypr\u00e1v\u011bn\u00ed mezi generacemi.\" tabindex=\"0\">tradici<\/span> toto\u017en\u00ed, nebo \u0161lo o dv\u011b odd\u011blen\u00e9 p\u0159edstavy, kter\u00e9 se spojily a\u017e pozd\u011bji, nelze z pramen\u016f s jistotou rozhodnout.<\/p><p>Z\u00e1pisy z 19. a po\u010d\u00e1tku 20. stolet\u00ed jsou v tomto ohledu nejednotn\u00e9 a n\u011bkte\u0159\u00ed etnografov\u00e9 ch\u00e1pali b\u00fdka sp\u00ed\u0161e jako po\u010dasov\u00fd kalend\u00e1\u0159 ne\u017e jako <span class=\"iwg-fachbegriff\" data-tooltip=\"Bytost uct\u00edvan\u00e1 jako bo\u017esk\u00e1 v r\u00e1mci ur\u010dit\u00e9ho n\u00e1bo\u017eenstv\u00ed.\" tabindex=\"0\">bo\u017estvo<\/span>. Jist\u00e9 je, \u017ee ob\u011b p\u0159edstavy slou\u017e\u00ed stejn\u00e9 pot\u0159eb\u011b: p\u0159elo\u017eit nevypo\u010ditateln\u00fd a smrteln\u011b nebezpe\u010dn\u00fd mr\u00e1z do uchopiteln\u00e9, pozorovateln\u00e9 podoby.<\/p><p>Je pozoruhodn\u00e9, \u017ee p\u00e1nu mrazu se na rozd\u00edl od n\u011bkter\u00fdch duch\u016f nemoci nev\u011bnoval v\u00fdrazn\u00fd prosebn\u00fd kult. Zimu nebylo mo\u017en\u00e9 vyjedn\u00e1vat, jen p\u0159e\u010dkat.<\/p><p>Ritu\u00e1ln\u00ed pozornost se tedy soust\u0159edila m\u00e9n\u011b na usmi\u0159ov\u00e1n\u00ed ne\u017e na p\u0159echod, tedy na jarn\u00ed sv\u00e1tky, jimi\u017e se v\u00edtal konec vl\u00e1dy b\u00fdka. V tom se projevuje z\u00e1kladn\u00ed rys severoasijsk\u00e9 religiozity, kter\u00e1 p\u0159\u00edrodn\u00ed s\u00edly nepokl\u00e1d\u00e1 v\u017edy za vyjednavateln\u00e9 partnery, ale z\u010d\u00e1sti za skute\u010dnosti, je\u017e je t\u0159eba p\u0159ijmout.<\/p>\t\t\t\t\t\t\t\t<\/div>\n\t\t\t\t\t<\/div>\n\t\t\t\t<\/div>\n\t\t\t\t\t<\/div>\n\t\t\t\t<\/div>\n\t\t<div class=\"elementor-element elementor-element-iwgw-yhychkhan-lit e-flex e-con-boxed e-con e-parent\" data-id=\"iwgw-yhychkhan-lit\" data-element_type=\"container\" data-e-type=\"container\">\n\t\t\t\t\t<div class=\"e-con-inner\">\n\t\t\t\t<div class=\"elementor-element elementor-element-iwgw-yhychkhan-lith elementor-widget elementor-widget-heading\" data-id=\"iwgw-yhychkhan-lith\" data-element_type=\"widget\" data-e-type=\"widget\" data-widget_type=\"heading.default\">\n\t\t\t\t\t<h2 class=\"elementor-heading-title elementor-size-default\">Literatura (v\u00fdb\u011br)<\/h2>\t\t\t\t<\/div>\n\t\t<div class=\"elementor-element elementor-element-iwgw-yhychkhan-litc e-con-full e-flex e-con e-child\" data-id=\"iwgw-yhychkhan-litc\" data-element_type=\"container\" data-e-type=\"container\">\n\t\t\t\t<div class=\"elementor-element elementor-element-iwgw-yhychkhan-litt elementor-widget elementor-widget-text-editor\" data-id=\"iwgw-yhychkhan-litt\" data-element_type=\"widget\" data-e-type=\"widget\" data-widget_type=\"text-editor.default\">\n\t\t\t\t\t\t\t\t\t<ul><li>W. Sereshevskij: <em>Yakuty<\/em> (1896)<\/li><li>G. V. Ksenofontov: <em>Schamanizm. Izbrannye trudy<\/em> (1928 \/ 1992)<\/li><li>N. A. Alekseev: <em>Traditionnaja religia jakutov<\/em> (1980)<\/li><li>Roberte Hamayon: <em>La chasse \u00e0 l&#8217;\u00e2me<\/em> (1990)<\/li><li>Marjorie Balzer: <em>The Tenacity of Ethnicity<\/em> (1999)<\/li><li>Andrei Znamenski: <em>Shamanism and Western Imagination<\/em> (2007)<\/li><li>Vladimir Basilov: <em>Shamanism in Siberia<\/em> (1984)<\/li><\/ul>\t\t\t\t\t\t\t\t<\/div>\n\t\t\t\t<\/div>\n\t\t\t\t\t<\/div>\n\t\t\t\t<\/div>\n\t\t<div class=\"elementor-element elementor-element-iwgkw-add-yhychkhan e-flex e-con-boxed e-con e-parent\" data-id=\"iwgkw-add-yhychkhan\" data-element_type=\"container\" data-e-type=\"container\">\n\t\t\t\t\t<div class=\"e-con-inner\">\n\t\t\t\t<div class=\"elementor-element elementor-element-iwgkw-add-yhychkhan-t elementor-widget elementor-widget-text-editor\" data-id=\"iwgkw-add-yhychkhan-t\" data-element_type=\"widget\" data-e-type=\"widget\" data-widget_type=\"text-editor.default\">\n\t\t\t\t\t\t\t\t\t<p>Yhych-Khan je v jakutsk\u00e9 <span class=\"iwg-fachbegriff\" data-tooltip=\"P\u0159ed\u00e1v\u00e1n\u00ed znalost\u00ed a vypr\u00e1v\u011bn\u00ed mezi generacemi.\" tabindex=\"0\">tradici<\/span> ochrann\u00fdm p\u00e1nem kon\u00ed a z\u00e1rove\u0148 <strong>str\u00e1\u017ecem<\/strong> Ysyachu, letn\u00edho novoro\u010dn\u00edho sv\u00e1tku Sach\u016f.<\/p><p>V z\u00e1pisech jakutsk\u00fdch etnograf\u016f se objevuje jako prost\u0159edn\u00edk mezi sv\u011btl\u00fdmi mocnostmi Aiyy a majiteli st\u00e1d: hl\u00edd\u00e1 kobyly a h\u0159\u00edbata, zaji\u0161\u0165uje plodnost st\u00e1da a b\u011bhem Ysyachu p\u0159ij\u00edm\u00e1 ritu\u00e1ln\u00ed ob\u011bti kumysu. Jako str\u00e1\u017ece tohoto sv\u00e1tku spojuje chov dobytka, kalend\u00e1\u0159n\u00ed \u0159\u00e1d a kult bo\u017estev do vlastn\u00ed funk\u010dn\u00ed oblasti uvnit\u0159 jakutsk\u00e9ho panteonu.<\/p>\t\t\t\t\t\t\t\t<\/div>\n\t\t\t\t\t<\/div>\n\t\t\t\t<\/div>\n\t\t<div class=\"elementor-element elementor-element-iwgkw2-add-yhychkhan e-flex e-con-boxed e-con e-parent\" data-id=\"iwgkw2-add-yhychkhan\" data-element_type=\"container\" data-e-type=\"container\">\n\t\t\t\t\t<div class=\"e-con-inner\">\n\t\t\t\t<div class=\"elementor-element elementor-element-iwgkw2-add-yhychkhan-t elementor-widget elementor-widget-text-editor\" data-id=\"iwgkw2-add-yhychkhan-t\" data-element_type=\"widget\" data-e-type=\"widget\" data-widget_type=\"text-editor.default\">\n\t\t\t\t\t\t\t\t\t<p>U sibi\u0159sk\u00fdch Jakut\u016f plat\u00ed Yhych-Khan za <em>p\u00e1na kon\u00ed<\/em>, jeho\u017e <span class=\"iwg-fachbegriff\" data-tooltip=\"Zasl\u00edben\u00ed blaha a ochrany, \u010dasto v ust\u00e1len\u00e9 jazykov\u00e9 form\u011b.\" tabindex=\"0\">po\u017eehn\u00e1n\u00ed<\/span> bylo p\u0159i letn\u00edm sv\u00e1tku Ysyakh vypro\u0161ov\u00e1no ob\u011btinami kumysu a modlitbami; etnografick\u00e9 z\u00e1pisy Wassili Serosewsk\u00e9ho dokumentuj\u00ed tento <span class=\"iwg-fachbegriff\" data-tooltip=\"Souhrn n\u00e1bo\u017eensk\u00fdch \u00factyhodn\u00fdch \u00fakon\u016f v\u016f\u010di bo\u017estvu nebo svat\u00e9 bytosti.\" tabindex=\"0\">kult<\/span> na konci devaten\u00e1ct\u00e9ho stolet\u00ed.<\/p>\t\t\t\t\t\t\t\t<\/div>\n\t\t\t\t\t<\/div>\n\t\t\t\t<\/div>\n\t\t<div class=\"elementor-element elementor-element-iwgw-yhychkhan-kwd e-flex e-con-boxed e-con e-parent\" data-id=\"iwgw-yhychkhan-kwd\" data-element_type=\"container\" data-e-type=\"container\">\n\t\t\t\t\t<div class=\"e-con-inner\">\n\t\t<div class=\"elementor-element elementor-element-iwgw-yhychkhan-kwdc e-con-full e-flex e-con e-child\" data-id=\"iwgw-yhychkhan-kwdc\" data-element_type=\"container\" data-e-type=\"container\">\n\t\t\t\t<div class=\"elementor-element elementor-element-iwgw-yhychkhan-kwdt elementor-widget elementor-widget-text-editor\" data-id=\"iwgw-yhychkhan-kwdt\" data-element_type=\"widget\" data-e-type=\"widget\" data-widget_type=\"text-editor.default\">\n\t\t\t\t\t\t\t\t\t<p><em>Souvisej\u00edc\u00ed kl\u00ed\u010dov\u00e9 pojmy: Yhych-Khan Ysyakh Kumys Sacha Olonkho d\u00e1rce kon\u00ed serge.<\/em><\/p>\t\t\t\t\t\t\t\t<\/div>\n\t\t\t\t<\/div>\n\t\t\t\t\t<\/div>\n\t\t\t\t<\/div>\n\t\t<div class=\"elementor-element elementor-element-iwgw-yhychkhan-cc e-flex e-con-boxed e-con e-parent\" data-id=\"iwgw-yhychkhan-cc\" data-element_type=\"container\" data-e-type=\"container\" id=\"iwg-cc-yhych-khan\">\n\t\t\t\t\t<div class=\"e-con-inner\">\n\t\t<div class=\"elementor-element elementor-element-iwgw-yhychkhan-ccinner e-flex e-con-boxed e-con e-parent\" data-id=\"iwgw-yhychkhan-ccinner\" data-element_type=\"container\" data-e-type=\"container\" data-settings=\"{&quot;background_background&quot;:&quot;classic&quot;}\">\n\t\t\t\t\t<div class=\"e-con-inner\">\n\t\t\t\t<div class=\"elementor-element elementor-element-iwgw-yhychkhan-cch elementor-widget elementor-widget-heading\" data-id=\"iwgw-yhychkhan-cch\" data-element_type=\"widget\" data-e-type=\"widget\" data-widget_type=\"heading.default\">\n\t\t\t\t\t<h2 class=\"elementor-heading-title elementor-size-default\">iWell Guard a ochrann\u00e9 tradice<\/h2>\t\t\t\t<\/div>\n\t\t\t\t<div class=\"elementor-element elementor-element-iwgw-yhychkhan-cct elementor-widget elementor-widget-text-editor\" data-id=\"iwgw-yhychkhan-cct\" data-element_type=\"widget\" data-e-type=\"widget\" data-widget_type=\"text-editor.default\">\n\t\t\t\t\t\t\t\t\t<div data-nosnippet=\"true\"><p>iWell Guard navazuje na kulturn\u011b-historickou tradici nositeln\u00fdch ochrann\u00fdch p\u0159edm\u011bt\u016f, v tradici <a href=\"https:\/\/iwell-guard.com\/cs\/sibirsky-samanismus-tengrismus\/\">Sibi\u0159e \/ tengrismu<\/a> a mnoha dal\u0161\u00edch kultur po cel\u00e9m sv\u011bt\u011b. 41 vrstev, ryz\u00ed zlato, platina, st\u0159\u00edbro, vyrobeno v N\u011bmecku. 30denn\u00ed lh\u016fta na vr\u00e1cen\u00ed.<\/p><\/div>\t\t\t\t\t\t\t\t<\/div>\n\t\t\t\t<div class=\"elementor-element elementor-element-iwgw-yhychkhan-ccb iwg-cc-button iwg-cc-cta-2026-05-13 elementor-widget elementor-widget-jet-button\" data-id=\"iwgw-yhychkhan-ccb\" data-element_type=\"widget\" data-e-type=\"widget\" data-widget_type=\"jet-button.default\">\n\t\t\t\t<div class=\"elementor-widget-container\">\n\t\t\t\t\t<div class=\"elementor-jet-button jet-elements\"><div class=\"jet-button__container\"><a class=\"jet-button__instance jet-button__instance--icon-left hover-effect-1\" href=\"\/ueber-iwell-guard\/?utm_source=iwell-guard.com&amp;utm_medium=info-box&amp;utm_campaign=wesen-tradition\"><div class=\"jet-button__plane jet-button__plane-normal\"><\/div><div class=\"jet-button__plane jet-button__plane-hover\"><\/div><div class=\"jet-button__state jet-button__state-normal\"><span class=\"jet-button__label\">V\u00edce o iWell Guard<\/span><\/div><div class=\"jet-button__state jet-button__state-hover\"><span class=\"jet-button__label\">V\u00edce o iWell Guard<\/span><\/div><\/a><\/div><\/div><style>.elementor-element.elementor-element-iwgw-yhychkhan-ccb .jet-button__instance{width:320px;height:56px;}.elementor-element.elementor-element-iwgw-yhychkhan-ccb .jet-button__state-normal .jet-button__label{text-align:center;margin:0px 0px 0px 0px;color:#1a1b20;font-family:Montserrat,sans-serif;font-size:13px;font-weight:400;letter-spacing:4px;line-height:1.714em;text-transform:uppercase;}.elementor-element.elementor-element-iwgw-yhychkhan-ccb .jet-button__state-hover .jet-button__label{text-align:center;margin:0px 0px 0px 0px;color:#FECC76;font-family:Montserrat,sans-serif;font-size:13px;font-weight:400;letter-spacing:4px;line-height:1.714em;text-transform:uppercase;}.elementor-element.elementor-element-iwgw-yhychkhan-ccb .jet-button__plane-normal{background-color:#FECC76;border-style:solid;border-color:#C99540;border-width:2px 2px 2px 2px;}.elementor-element.elementor-element-iwgw-yhychkhan-ccb .jet-button__plane-hover{background-color:rgba(0,0,0,0.55);border-style:solid;border-color:#FECC76;border-width:2px 2px 2px 2px;}<\/style>\t\t\t\t<\/div>\n\t\t\t\t<\/div>\n\t\t\t\t<div class=\"elementor-element elementor-element-iwgw-yhychkhan-ccd elementor-widget elementor-widget-text-editor\" data-id=\"iwgw-yhychkhan-ccd\" data-element_type=\"widget\" data-e-type=\"widget\" data-widget_type=\"text-editor.default\">\n\t\t\t\t\t\t\t\t\t<div data-nosnippet=\"true\"><p style=\"text-align:center;font-size:13px;opacity:0.7;margin-top:14px\" data-nosnippet=\"true\">Osobn\u00ed zku\u0161enosti se mohou li\u0161it. Nejedn\u00e1 se o zdravotnick\u00fd prost\u0159edek. Nen\u00ed slibem l\u00e9\u010div\u00e9ho \u00fa\u010dinku.<\/p><\/div>\t\t\t\t\t\t\t\t<\/div>\n\t\t\t\t\t<\/div>\n\t\t\t\t<\/div>\n\t\t\t\t\t<\/div>\n\t\t\t\t<\/div>\n\t\t<div class=\"elementor-element elementor-element-iwgw-yhychkhan-disc e-flex e-con-boxed e-con e-parent\" data-id=\"iwgw-yhychkhan-disc\" data-element_type=\"container\" data-e-type=\"container\">\n\t\t\t\t\t<div class=\"e-con-inner\">\n\t\t\t\t<div class=\"elementor-element elementor-element-iwgw-yhychkhan-discw elementor-widget elementor-widget-html\" data-id=\"iwgw-yhychkhan-discw\" data-element_type=\"widget\" data-e-type=\"widget\" data-widget_type=\"html.default\">\n\t\t\t\t\t<footer data-nosnippet=\"true\" class=\"iwg-disclaimer-block\"><p data-nosnippet=\"true\">iWell Guard <strong>nen\u00ed zdravotnick\u00fd prost\u0159edek<\/strong> a nenahrazuje l\u00e9ka\u0159skou ani psychoterapeutickou l\u00e9\u010dbu. Religionistick\u00fd obsah p\u0159edstavuje kulturn\u011b-historick\u00e9 za\u0159azen\u00ed, nikoli doporu\u010den\u00ed duchovn\u00ed praxe.<\/p><\/footer>\t\t\t\t<\/div>\n\t\t\t\t\t<\/div>\n\t\t\t\t<\/div>\n\t\t\t\t<\/div>\n\t\t","protected":false},"excerpt":{"rendered":"","protected":false},"author":3,"featured_media":2864,"parent":0,"menu_order":0,"comment_status":"closed","ping_status":"closed","template":"elementor_header_footer","meta":{"_yoast_wpseo_focuskw":"Yhych-Khan jakutsk\u00e9 n\u00e1bo\u017eenstv\u00ed","_yoast_wpseo_title":"Yhych-Khan \u2013 jakutsk\u00fd p\u00e1n kon\u00ed, kult a prameny","_yoast_wpseo_metadesc":"Yhych-Khan je jakutsk\u00fd ochr\u00e1nce kon\u00ed a stoj\u00ed ve st\u0159edu sv\u00e1tku Ysyakh. Za\u0159azen\u00ed s m\u00fdtem a kultem.","_yoast_wpseo_meta-robots-noindex":"","_yoast_wpseo_canonical":"","_angie_page":false,"gefaehrdungsstufe":"1","wesen_kultur":"sibirisch-tengrismus","wesen_klasse":"goetter","footnotes":""},"categories":[],"class_list":["post-145513","page","type-page","status-publish","has-post-thumbnail","hentry"],"yoast_head":"<!-- This site is optimized with the Yoast SEO Premium plugin v27.7 (Yoast SEO v28.3) - https:\/\/yoast.com\/product\/yoast-seo-premium-wordpress\/ -->\n<title>Yhych-Khan \u2013 jakutsk\u00fd p\u00e1n kon\u00ed, kult a prameny<\/title>\n<meta name=\"description\" content=\"Yhych-Khan je jakutsk\u00fd ochr\u00e1nce kon\u00ed a stoj\u00ed ve st\u0159edu sv\u00e1tku Ysyakh. Za\u0159azen\u00ed s m\u00fdtem a kultem.\" \/>\n<meta name=\"robots\" content=\"index, follow, max-snippet:-1, max-image-preview:large, max-video-preview:-1\" \/>\n<link rel=\"canonical\" href=\"https:\/\/iwell-guard.com\/cs\/yhych-khan-jakutsky-pan-koni\/\" \/>\n<meta property=\"og:locale\" content=\"cs_CZ\" \/>\n<meta property=\"og:type\" content=\"article\" \/>\n<meta property=\"og:title\" content=\"Yhych-Khan \u2013 jakutsk\u00fd p\u00e1n kon\u00ed\" \/>\n<meta property=\"og:description\" content=\"Yhych-Khan je jakutsk\u00fd ochr\u00e1nce kon\u00ed a stoj\u00ed ve st\u0159edu sv\u00e1tku Ysyakh. Za\u0159azen\u00ed s m\u00fdtem a kultem.\" \/>\n<meta property=\"og:url\" content=\"https:\/\/iwell-guard.com\/cs\/yhych-khan-jakutsky-pan-koni\/\" \/>\n<meta property=\"og:site_name\" content=\"iWell Guard\" \/>\n<meta property=\"article:modified_time\" content=\"2026-09-03T16:58:04+00:00\" \/>\n<meta property=\"og:image\" content=\"https:\/\/iwell-guard.com\/wp-content\/uploads\/2026\/05\/goetter_sibirisch-tengrismus_yhych-khan.webp\" \/>\n\t<meta property=\"og:image:width\" content=\"1024\" \/>\n\t<meta property=\"og:image:height\" content=\"1536\" \/>\n\t<meta property=\"og:image:type\" content=\"image\/webp\" \/>\n<meta name=\"twitter:card\" content=\"summary_large_image\" \/>\n<script type=\"application\/ld+json\" class=\"yoast-schema-graph\">{\"@context\":\"https:\\\/\\\/schema.org\",\"@graph\":[{\"@type\":\"WebPage\",\"@id\":\"https:\\\/\\\/iwell-guard.com\\\/cs\\\/yhych-khan-jakutsky-pan-koni\\\/\",\"url\":\"https:\\\/\\\/iwell-guard.com\\\/cs\\\/yhych-khan-jakutsky-pan-koni\\\/\",\"name\":\"Yhych-Khan \u2013 jakutsk\u00fd p\u00e1n kon\u00ed, kult a prameny\",\"isPartOf\":{\"@id\":\"https:\\\/\\\/iwell-guard.com\\\/cs\\\/#website\"},\"primaryImageOfPage\":{\"@id\":\"https:\\\/\\\/iwell-guard.com\\\/cs\\\/yhych-khan-jakutsky-pan-koni\\\/#primaryimage\"},\"image\":{\"@id\":\"https:\\\/\\\/iwell-guard.com\\\/cs\\\/yhych-khan-jakutsky-pan-koni\\\/#primaryimage\"},\"thumbnailUrl\":\"https:\\\/\\\/iwell-guard.com\\\/wp-content\\\/uploads\\\/2026\\\/05\\\/goetter_sibirisch-tengrismus_yhych-khan.webp\",\"datePublished\":\"2026-09-03T16:31:06+00:00\",\"dateModified\":\"2026-09-03T16:58:04+00:00\",\"description\":\"Yhych-Khan je jakutsk\u00fd ochr\u00e1nce kon\u00ed a stoj\u00ed ve st\u0159edu sv\u00e1tku Ysyakh. Za\u0159azen\u00ed s m\u00fdtem a kultem.\",\"breadcrumb\":{\"@id\":\"https:\\\/\\\/iwell-guard.com\\\/cs\\\/yhych-khan-jakutsky-pan-koni\\\/#breadcrumb\"},\"inLanguage\":\"cs\",\"potentialAction\":[{\"@type\":\"ReadAction\",\"target\":[\"https:\\\/\\\/iwell-guard.com\\\/cs\\\/yhych-khan-jakutsky-pan-koni\\\/\"]}]},{\"@type\":\"ImageObject\",\"inLanguage\":\"cs\",\"@id\":\"https:\\\/\\\/iwell-guard.com\\\/cs\\\/yhych-khan-jakutsky-pan-koni\\\/#primaryimage\",\"url\":\"https:\\\/\\\/iwell-guard.com\\\/wp-content\\\/uploads\\\/2026\\\/05\\\/goetter_sibirisch-tengrismus_yhych-khan.webp\",\"contentUrl\":\"https:\\\/\\\/iwell-guard.com\\\/wp-content\\\/uploads\\\/2026\\\/05\\\/goetter_sibirisch-tengrismus_yhych-khan.webp\",\"width\":1024,\"height\":1536,\"caption\":\"Bohov\u00e9 z tradice sibi\u0159sk\u00e9ho tengrismu.\"},{\"@type\":\"BreadcrumbList\",\"@id\":\"https:\\\/\\\/iwell-guard.com\\\/cs\\\/yhych-khan-jakutsky-pan-koni\\\/#breadcrumb\",\"itemListElement\":[{\"@type\":\"ListItem\",\"position\":1,\"name\":\"Start\",\"item\":\"https:\\\/\\\/iwell-guard.com\\\/cs\\\/?page_id=145107\"},{\"@type\":\"ListItem\",\"position\":2,\"name\":\"Yhych-Khan \u2013 jakutsk\u00fd p\u00e1n kon\u00ed\"}]},{\"@type\":\"WebSite\",\"@id\":\"https:\\\/\\\/iwell-guard.com\\\/cs\\\/#website\",\"url\":\"https:\\\/\\\/iwell-guard.com\\\/cs\\\/\",\"name\":\"iWell Guard\",\"description\":\"Schutz vor dunklen Einfl\u00fcssen\",\"publisher\":{\"@id\":\"https:\\\/\\\/iwell-guard.com\\\/cs\\\/#organization\"},\"potentialAction\":[{\"@type\":\"SearchAction\",\"target\":{\"@type\":\"EntryPoint\",\"urlTemplate\":\"https:\\\/\\\/iwell-guard.com\\\/cs\\\/?s={search_term_string}\"},\"query-input\":{\"@type\":\"PropertyValueSpecification\",\"valueRequired\":true,\"valueName\":\"search_term_string\"}}],\"inLanguage\":\"cs\"},{\"@type\":\"Organization\",\"@id\":\"https:\\\/\\\/iwell-guard.com\\\/cs\\\/#organization\",\"name\":\"Ittermann electronic GmbH\",\"url\":\"https:\\\/\\\/iwell-guard.com\\\/cs\\\/\",\"logo\":{\"@type\":\"ImageObject\",\"inLanguage\":\"cs\",\"@id\":\"https:\\\/\\\/iwell-guard.com\\\/cs\\\/#\\\/schema\\\/logo\\\/image\\\/\",\"url\":\"https:\\\/\\\/iwell-guard.com\\\/wp-content\\\/uploads\\\/2026\\\/05\\\/Ittermann-Logo-1182x237-1.png\",\"contentUrl\":\"https:\\\/\\\/iwell-guard.com\\\/wp-content\\\/uploads\\\/2026\\\/05\\\/Ittermann-Logo-1182x237-1.png\",\"width\":1182,\"height\":237,\"caption\":\"Ittermann electronic GmbH\"},\"image\":{\"@id\":\"https:\\\/\\\/iwell-guard.com\\\/cs\\\/#\\\/schema\\\/logo\\\/image\\\/\"},\"sameAs\":[\"https:\\\/\\\/pantip.com\\\/profile\\\/9367242\",\"https:\\\/\\\/micro.blog\\\/iwellguard\",\"https:\\\/\\\/www.diggerslist.com\\\/iwellguard\\\/about\",\"https:\\\/\\\/skitterphoto.com\\\/photographers\\\/2870314\\\/iwell-guard\",\"https:\\\/\\\/iwellguard.wordpress.com\\\/2026\\\/06\\\/06\\\/iwell-guard\\\/\",\"https:\\\/\\\/hub.docker.com\\\/u\\\/iwellguard\",\"https:\\\/\\\/www.pinterest.com\\\/iwellguard\\\/\",\"https:\\\/\\\/bit.ly\\\/m\\\/iwellguard\",\"https:\\\/\\\/entre-vos-mains.alsace.eu\\\/profiles\\\/iwellguard\\\/activity\",\"https:\\\/\\\/gravatar.com\\\/reallybeded8fd34\",\"https:\\\/\\\/naijamatta.com\\\/iwellguard\",\"https:\\\/\\\/www.goodreads.com\\\/iwellguard\",\"https:\\\/\\\/profile.hatena.ne.jp\\\/iwellguard\\\/\",\"https:\\\/\\\/experiment.com\\\/users\\\/iwellguard\",\"https:\\\/\\\/wakelet.com\\\/@iWellGuard82270\",\"https:\\\/\\\/www.chordie.com\\\/forum\\\/profile.php?id=2555664\",\"https:\\\/\\\/www.instapaper.com\\\/p\\\/17757966\",\"https:\\\/\\\/www.mapleprimes.com\\\/users\\\/iwellguard\",\"https:\\\/\\\/businesslistingplus.com\\\/profile\\\/iwell-guard\\\/\",\"https:\\\/\\\/telegra.ph\\\/iWell-Guard-06-06\",\"https:\\\/\\\/pbase.com\\\/iwellguard\\\/iwellguard\",\"https:\\\/\\\/b.hatena.ne.jp\\\/iwellguard\\\/20260607#bookmark-4788405196491818882\",\"https:\\\/\\\/fliphtml5.com\\\/home\\\/iwellguard\",\"https:\\\/\\\/anyflip.com\\\/homepage\\\/cmiwl#About\",\"https:\\\/\\\/transfur.com\\\/Users\\\/iwellguard\",\"http:\\\/\\\/delphi.larsbo.org\\\/user\\\/iwellguard\",\"https:\\\/\\\/jobs.lajobsportal.org\\\/profiles\\\/8380803-iwell-guard\",\"https:\\\/\\\/md.chaosdorf.de\\\/s\\\/jfbe5SBdJD\",\"https:\\\/\\\/www.lingvolive.com\\\/en-us\\\/profile\\\/9ecaeaca-ce11-4e51-9e71-01d55e2bff36\\\/translations\",\"https:\\\/\\\/www.fitday.com\\\/fitness\\\/forums\\\/members\\\/iwellguard.html\",\"https:\\\/\\\/www.mymeetbook.com\\\/iwellguard\",\"https:\\\/\\\/pxhere.com\\\/en\\\/photographer-me\\\/5040798\",\"https:\\\/\\\/disqus.com\\\/by\\\/iwellguard\\\/about\\\/\",\"https:\\\/\\\/pastelink.net\\\/hjwciqwq\",\"https:\\\/\\\/pubhtml5.com\\\/homepage\\\/scjhn\\\/\",\"https:\\\/\\\/www.bitchute.com\\\/channel\\\/2O2eOKzNqujT\",\"https:\\\/\\\/audiomack.com\\\/iwellguard\"]},{\"@type\":\"Article\",\"@id\":\"https:\\\/\\\/iwell-guard.com\\\/cs\\\/yhych-khan-jakutsky-pan-koni\\\/#article\",\"isPartOf\":{\"@id\":\"https:\\\/\\\/iwell-guard.com\\\/cs\\\/yhych-khan-jakutsky-pan-koni\\\/\"},\"author\":{\"name\":\"Ralf Ittermann\",\"@id\":\"https:\\\/\\\/iwell-guard.com\\\/cs\\\/#\\\/schema\\\/person\\\/ee2a27f1cac3406c7c6fb5820cb7349f\"},\"headline\":\"Yhych-Khan \u2013 jakutsk\u00fd p\u00e1n kon\u00ed\",\"datePublished\":\"2026-09-03T16:31:06+00:00\",\"dateModified\":\"2026-09-03T16:58:04+00:00\",\"mainEntityOfPage\":{\"@id\":\"https:\\\/\\\/iwell-guard.com\\\/cs\\\/yhych-khan-jakutsky-pan-koni\\\/\"},\"publisher\":{\"@id\":\"https:\\\/\\\/iwell-guard.com\\\/cs\\\/#organization\"},\"image\":{\"@id\":\"https:\\\/\\\/iwell-guard.com\\\/cs\\\/yhych-khan-jakutsky-pan-koni\\\/#primaryimage\"},\"thumbnailUrl\":\"https:\\\/\\\/iwell-guard.com\\\/wp-content\\\/uploads\\\/2026\\\/05\\\/goetter_sibirisch-tengrismus_yhych-khan.webp\",\"inLanguage\":\"cs\",\"description\":\"Yhych-Khan je jakutsk\u00fd ochr\u00e1nce kon\u00ed a stoj\u00ed ve st\u0159edu sv\u00e1tku Ysyakh. Za\u0159azen\u00ed s m\u00fdtem a kultem.\"}]}<\/script>\n<!-- \/ Yoast SEO Premium plugin. -->","yoast_head_json":{"title":"Yhych-Khan \u2013 jakutsk\u00fd p\u00e1n kon\u00ed, kult a prameny","description":"Yhych-Khan je jakutsk\u00fd ochr\u00e1nce kon\u00ed a stoj\u00ed ve st\u0159edu sv\u00e1tku Ysyakh. Za\u0159azen\u00ed s m\u00fdtem a kultem.","robots":{"index":"index","follow":"follow","max-snippet":"max-snippet:-1","max-image-preview":"max-image-preview:large","max-video-preview":"max-video-preview:-1"},"canonical":"https:\/\/iwell-guard.com\/cs\/yhych-khan-jakutsky-pan-koni\/","og_locale":"cs_CZ","og_type":"article","og_title":"Yhych-Khan \u2013 jakutsk\u00fd p\u00e1n kon\u00ed","og_description":"Yhych-Khan je jakutsk\u00fd ochr\u00e1nce kon\u00ed a stoj\u00ed ve st\u0159edu sv\u00e1tku Ysyakh. Za\u0159azen\u00ed s m\u00fdtem a kultem.","og_url":"https:\/\/iwell-guard.com\/cs\/yhych-khan-jakutsky-pan-koni\/","og_site_name":"iWell Guard","article_modified_time":"2026-09-03T16:58:04+00:00","og_image":[{"width":1024,"height":1536,"url":"https:\/\/iwell-guard.com\/wp-content\/uploads\/2026\/05\/goetter_sibirisch-tengrismus_yhych-khan.webp","type":"image\/webp"}],"twitter_card":"summary_large_image","schema":{"@context":"https:\/\/schema.org","@graph":[{"@type":"Article","@id":"https:\/\/iwell-guard.com\/cs\/yhych-khan-jakutsky-pan-koni\/#article","isPartOf":{"@id":"https:\/\/iwell-guard.com\/cs\/yhych-khan-jakutsky-pan-koni\/"},"author":{"name":"Ralf Ittermann","@id":"https:\/\/iwell-guard.com\/cs\/#\/schema\/person\/ee2a27f1cac3406c7c6fb5820cb7349f"},"headline":"Yhych-Khan \u2013 jakutsk\u00fd p\u00e1n kon\u00ed","datePublished":"2026-09-03T16:31:06+00:00","dateModified":"2026-09-03T16:58:04+00:00","mainEntityOfPage":{"@id":"https:\/\/iwell-guard.com\/cs\/yhych-khan-jakutsky-pan-koni\/"},"publisher":{"@id":"https:\/\/iwell-guard.com\/cs\/#organization"},"image":{"@id":"https:\/\/iwell-guard.com\/cs\/yhych-khan-jakutsky-pan-koni\/#primaryimage"},"thumbnailUrl":"https:\/\/iwell-guard.com\/wp-content\/uploads\/2026\/05\/goetter_sibirisch-tengrismus_yhych-khan.webp","inLanguage":"cs","description":"Yhych-Khan je jakutsk\u00fd ochr\u00e1nce kon\u00ed a stoj\u00ed ve st\u0159edu sv\u00e1tku Ysyakh. Za\u0159azen\u00ed s m\u00fdtem a kultem."},{"@type":"WebPage","@id":"https:\/\/iwell-guard.com\/cs\/yhych-khan-jakutsky-pan-koni\/","url":"https:\/\/iwell-guard.com\/cs\/yhych-khan-jakutsky-pan-koni\/","name":"Yhych-Khan \u2013 jakutsk\u00fd p\u00e1n kon\u00ed, kult a prameny","isPartOf":{"@id":"https:\/\/iwell-guard.com\/cs\/#website"},"primaryImageOfPage":{"@id":"https:\/\/iwell-guard.com\/cs\/yhych-khan-jakutsky-pan-koni\/#primaryimage"},"image":{"@id":"https:\/\/iwell-guard.com\/cs\/yhych-khan-jakutsky-pan-koni\/#primaryimage"},"thumbnailUrl":"https:\/\/iwell-guard.com\/wp-content\/uploads\/2026\/05\/goetter_sibirisch-tengrismus_yhych-khan.webp","datePublished":"2026-09-03T16:31:06+00:00","dateModified":"2026-09-03T16:58:04+00:00","description":"Yhych-Khan je jakutsk\u00fd ochr\u00e1nce kon\u00ed a stoj\u00ed ve st\u0159edu sv\u00e1tku Ysyakh. Za\u0159azen\u00ed s m\u00fdtem a kultem.","breadcrumb":{"@id":"https:\/\/iwell-guard.com\/cs\/yhych-khan-jakutsky-pan-koni\/#breadcrumb"},"inLanguage":"cs","potentialAction":[{"@type":"ReadAction","target":["https:\/\/iwell-guard.com\/cs\/yhych-khan-jakutsky-pan-koni\/"]}]},{"@type":"ImageObject","inLanguage":"cs","@id":"https:\/\/iwell-guard.com\/cs\/yhych-khan-jakutsky-pan-koni\/#primaryimage","url":"https:\/\/iwell-guard.com\/wp-content\/uploads\/2026\/05\/goetter_sibirisch-tengrismus_yhych-khan.webp","contentUrl":"https:\/\/iwell-guard.com\/wp-content\/uploads\/2026\/05\/goetter_sibirisch-tengrismus_yhych-khan.webp","width":1024,"height":1536,"caption":"Bohov\u00e9 z tradice sibi\u0159sk\u00e9ho tengrismu."},{"@type":"BreadcrumbList","@id":"https:\/\/iwell-guard.com\/cs\/yhych-khan-jakutsky-pan-koni\/#breadcrumb","itemListElement":[{"@type":"ListItem","position":1,"name":"Start","item":"https:\/\/iwell-guard.com\/cs\/?page_id=145107"},{"@type":"ListItem","position":2,"name":"Yhych-Khan \u2013 jakutsk\u00fd p\u00e1n kon\u00ed"}]},{"@type":"WebSite","@id":"https:\/\/iwell-guard.com\/cs\/#website","url":"https:\/\/iwell-guard.com\/cs\/","name":"iWell Guard","description":"Schutz vor dunklen Einfl\u00fcssen","publisher":{"@id":"https:\/\/iwell-guard.com\/cs\/#organization"},"potentialAction":[{"@type":"SearchAction","target":{"@type":"EntryPoint","urlTemplate":"https:\/\/iwell-guard.com\/cs\/?s={search_term_string}"},"query-input":{"@type":"PropertyValueSpecification","valueRequired":true,"valueName":"search_term_string"}}],"inLanguage":"cs"},{"@type":"Organization","@id":"https:\/\/iwell-guard.com\/cs\/#organization","name":"Ittermann electronic GmbH","url":"https:\/\/iwell-guard.com\/cs\/","logo":{"@type":"ImageObject","inLanguage":"cs","@id":"https:\/\/iwell-guard.com\/cs\/#\/schema\/logo\/image\/","url":"https:\/\/iwell-guard.com\/wp-content\/uploads\/2026\/05\/Ittermann-Logo-1182x237-1.png","contentUrl":"https:\/\/iwell-guard.com\/wp-content\/uploads\/2026\/05\/Ittermann-Logo-1182x237-1.png","width":1182,"height":237,"caption":"Ittermann electronic GmbH"},"image":{"@id":"https:\/\/iwell-guard.com\/cs\/#\/schema\/logo\/image\/"},"sameAs":["https:\/\/pantip.com\/profile\/9367242","https:\/\/micro.blog\/iwellguard","https:\/\/www.diggerslist.com\/iwellguard\/about","https:\/\/skitterphoto.com\/photographers\/2870314\/iwell-guard","https:\/\/iwellguard.wordpress.com\/2026\/06\/06\/iwell-guard\/","https:\/\/hub.docker.com\/u\/iwellguard","https:\/\/www.pinterest.com\/iwellguard\/","https:\/\/bit.ly\/m\/iwellguard","https:\/\/entre-vos-mains.alsace.eu\/profiles\/iwellguard\/activity","https:\/\/gravatar.com\/reallybeded8fd34","https:\/\/naijamatta.com\/iwellguard","https:\/\/www.goodreads.com\/iwellguard","https:\/\/profile.hatena.ne.jp\/iwellguard\/","https:\/\/experiment.com\/users\/iwellguard","https:\/\/wakelet.com\/@iWellGuard82270","https:\/\/www.chordie.com\/forum\/profile.php?id=2555664","https:\/\/www.instapaper.com\/p\/17757966","https:\/\/www.mapleprimes.com\/users\/iwellguard","https:\/\/businesslistingplus.com\/profile\/iwell-guard\/","https:\/\/telegra.ph\/iWell-Guard-06-06","https:\/\/pbase.com\/iwellguard\/iwellguard","https:\/\/b.hatena.ne.jp\/iwellguard\/20260607#bookmark-4788405196491818882","https:\/\/fliphtml5.com\/home\/iwellguard","https:\/\/anyflip.com\/homepage\/cmiwl#About","https:\/\/transfur.com\/Users\/iwellguard","http:\/\/delphi.larsbo.org\/user\/iwellguard","https:\/\/jobs.lajobsportal.org\/profiles\/8380803-iwell-guard","https:\/\/md.chaosdorf.de\/s\/jfbe5SBdJD","https:\/\/www.lingvolive.com\/en-us\/profile\/9ecaeaca-ce11-4e51-9e71-01d55e2bff36\/translations","https:\/\/www.fitday.com\/fitness\/forums\/members\/iwellguard.html","https:\/\/www.mymeetbook.com\/iwellguard","https:\/\/pxhere.com\/en\/photographer-me\/5040798","https:\/\/disqus.com\/by\/iwellguard\/about\/","https:\/\/pastelink.net\/hjwciqwq","https:\/\/pubhtml5.com\/homepage\/scjhn\/","https:\/\/www.bitchute.com\/channel\/2O2eOKzNqujT","https:\/\/audiomack.com\/iwellguard"]},{"@type":"Person","@id":"https:\/\/iwell-guard.com\/cs\/#\/schema\/person\/ee2a27f1cac3406c7c6fb5820cb7349f","name":"Ralf Ittermann","image":{"@type":"ImageObject","inLanguage":"cs","@id":"https:\/\/secure.gravatar.com\/avatar\/073c0153e350a5005b68eb752b445fea71f6b24a26da9449ad7e155e6b446c9d?s=96&d=mm&r=g","url":"https:\/\/secure.gravatar.com\/avatar\/073c0153e350a5005b68eb752b445fea71f6b24a26da9449ad7e155e6b446c9d?s=96&d=mm&r=g","contentUrl":"https:\/\/secure.gravatar.com\/avatar\/073c0153e350a5005b68eb752b445fea71f6b24a26da9449ad7e155e6b446c9d?s=96&d=mm&r=g","caption":"Ralf Ittermann"},"givenName":"Ralf","familyName":"Ittermann","jobTitle":"Gesch\u00e4ftsf\u00fchrer und redaktioneller Verantwortlicher","url":"https:\/\/iwell-guard.com\/cs\/author\/claude\/","description":"Ralf Ittermann ist Gesch\u00e4ftsf\u00fchrer der Ittermann electronic GmbH und redaktioneller Verantwortlicher des iWell-Guard-Lexikons. Er verbindet langj\u00e4hrige Erfahrung in der Pr\u00e4zisionsfertigung mit medialer Praxis und religionsgeschichtlicher Quellenarbeit.","worksFor":{"@type":"Organization","name":"Ittermann electronic GmbH","url":"https:\/\/ittermann.de\/","address":{"@type":"PostalAddress","streetAddress":"K\u00f6hlergasse 16-18","postalCode":"99842","addressLocality":"Ruhla","addressCountry":"DE"}},"knowsAbout":["Religionsgeschichte","Mythologie","Mediale Praxis","Energetische Diagnostik","Schutzpraxis","Volksglauben","Westliche Esoterik"]},{"@type":"Article","@id":"https:\/\/iwell-guard.com\/cs\/yhych-khan-jakutsky-pan-koni\/#article","isPartOf":{"@id":"https:\/\/iwell-guard.com\/cs\/yhych-khan-jakutsky-pan-koni\/"},"author":{"name":"Ralf Ittermann","@id":"https:\/\/iwell-guard.com\/cs\/#\/schema\/person\/ee2a27f1cac3406c7c6fb5820cb7349f"},"headline":"Yhych-Khan \u2013 jakutsk\u00fd p\u00e1n kon\u00ed","datePublished":"2026-09-03T16:31:06+00:00","dateModified":"2026-09-03T16:58:04+00:00","mainEntityOfPage":{"@id":"https:\/\/iwell-guard.com\/cs\/yhych-khan-jakutsky-pan-koni\/"},"publisher":{"@id":"https:\/\/iwell-guard.com\/cs\/#organization"},"image":{"@id":"https:\/\/iwell-guard.com\/cs\/yhych-khan-jakutsky-pan-koni\/#primaryimage"},"thumbnailUrl":"https:\/\/iwell-guard.com\/wp-content\/uploads\/2026\/05\/goetter_sibirisch-tengrismus_yhych-khan.webp","inLanguage":"cs","description":"Yhych-Khan je jakutsk\u00fd ochr\u00e1nce kon\u00ed a stoj\u00ed ve st\u0159edu sv\u00e1tku Ysyakh. Za\u0159azen\u00ed s m\u00fdtem a kultem."}]}},"_links":{"self":[{"href":"https:\/\/iwell-guard.com\/cs\/wp-json\/wp\/v2\/pages\/145513","targetHints":{"allow":["GET"]}}],"collection":[{"href":"https:\/\/iwell-guard.com\/cs\/wp-json\/wp\/v2\/pages"}],"about":[{"href":"https:\/\/iwell-guard.com\/cs\/wp-json\/wp\/v2\/types\/page"}],"author":[{"embeddable":true,"href":"https:\/\/iwell-guard.com\/cs\/wp-json\/wp\/v2\/users\/3"}],"replies":[{"embeddable":true,"href":"https:\/\/iwell-guard.com\/cs\/wp-json\/wp\/v2\/comments?post=145513"}],"version-history":[{"count":0,"href":"https:\/\/iwell-guard.com\/cs\/wp-json\/wp\/v2\/pages\/145513\/revisions"}],"wp:featuredmedia":[{"embeddable":true,"href":"https:\/\/iwell-guard.com\/cs\/wp-json\/wp\/v2\/media\/2864"}],"wp:attachment":[{"href":"https:\/\/iwell-guard.com\/cs\/wp-json\/wp\/v2\/media?parent=145513"}],"wp:term":[{"taxonomy":"category","embeddable":true,"href":"https:\/\/iwell-guard.com\/cs\/wp-json\/wp\/v2\/categories?post=145513"}],"curies":[{"name":"wp","href":"https:\/\/api.w.org\/{rel}","templated":true}]}}