{"id":145509,"date":"2026-09-03T16:31:04","date_gmt":"2026-09-03T16:31:04","guid":{"rendered":"https:\/\/iwell-guard.com\/?page_id=145509"},"modified":"2026-09-03T16:57:59","modified_gmt":"2026-09-03T16:57:59","slug":"ulgen-buh-svetla-altajcu","status":"publish","type":"page","link":"https:\/\/iwell-guard.com\/cs\/ulgen-buh-svetla-altajcu\/","title":{"rendered":"\u00dclgen \u2013 b\u016fh sv\u011btla Altajc\u016f"},"content":{"rendered":"\t\t<div data-elementor-type=\"wp-page\" data-elementor-id=\"145509\" class=\"elementor elementor-145509 elementor-2637 elementor-bc-flex-widget\" data-elementor-post-type=\"page\">\n\t\t\t\t<div class=\"elementor-element elementor-element-iwgw-uelgen-hero e-flex e-con-boxed e-con e-parent\" data-id=\"iwgw-uelgen-hero\" data-element_type=\"container\" data-e-type=\"container\" data-settings=\"{&quot;background_background&quot;:&quot;classic&quot;}\">\n\t\t\t\t\t<div class=\"e-con-inner\">\n\t\t<div class=\"elementor-element elementor-element-iwgw-uelgen-hl e-flex e-con-boxed e-con e-child\" data-id=\"iwgw-uelgen-hl\" data-element_type=\"container\" data-e-type=\"container\">\n\t\t\t\t\t<div class=\"e-con-inner\">\n\t\t<div class=\"elementor-element elementor-element-iwgw-uelgen-htxt e-con-full e-flex e-con e-child\" data-id=\"iwgw-uelgen-htxt\" data-element_type=\"container\" data-e-type=\"container\">\n\t\t\t\t<div class=\"elementor-element elementor-element-iwgw-uelgen-h1 elementor-widget elementor-widget-heading\" data-id=\"iwgw-uelgen-h1\" data-element_type=\"widget\" data-e-type=\"widget\" data-widget_type=\"heading.default\">\n\t\t\t\t\t<h1 class=\"elementor-heading-title elementor-size-default\">\u00dclgen, altajsk\u00fd b\u016fh sv\u011btla a stvo\u0159itel horn\u00edho sv\u011bta<\/h1>\t\t\t\t<\/div>\n\t\t\t\t<div class=\"elementor-element elementor-element-iwgw-uelgen-lead elementor-widget elementor-widget-text-editor\" data-id=\"iwgw-uelgen-lead\" data-element_type=\"widget\" data-e-type=\"widget\" data-widget_type=\"text-editor.default\">\n\t\t\t\t\t\t\t\t\t<p>\u00dclgen (starotursky <em>\u00dclg\u00e4n<\/em>) je v jihosibi\u0159sko-tengristick\u00e9 v\u00ed\u0159e stvo\u0159itelem a bohem sv\u011btla horn\u00edho sv\u011bta, ochr\u00e1ncem b\u00edl\u00fdch \u0161aman\u016f a mytick\u00fdm protip\u00f3lem vl\u00e1dce podsv\u011bt\u00ed <a href=\"https:\/\/iwell-guard.com\/cs\/?page_id=145508\">Erlika Ch\u00e1na<\/a>.<\/p>\t\t\t\t\t\t\t\t<\/div>\n\t\t\t\t<\/div>\n\t\t<div class=\"elementor-element elementor-element-iwgw-uelgen-pillc e-con-full e-flex e-con e-child\" data-id=\"iwgw-uelgen-pillc\" data-element_type=\"container\" data-e-type=\"container\">\n\t\t\t\t<div class=\"elementor-element elementor-element-iwgw-uelgen-pills elementor-widget elementor-widget-html\" data-id=\"iwgw-uelgen-pills\" data-element_type=\"widget\" data-e-type=\"widget\" data-widget_type=\"html.default\">\n\t\t\t\t\t<div class=\"iwg-pill-row\"><span class=\"iwg-klasse-badge\" tabindex=\"0\" data-tooltip=\"Stvo\u0159itel tradice Sibi\u0159 \/ Tengrismus.\">Stvo\u0159itel<\/span><a href=\"https:\/\/iwell-guard.com\/cs\/sibirsky-samanismus-tengrismus\/\" class=\"iwg-kultur-badge\" tabindex=\"0\" data-tooltip=\"Mytologie tradice Sibi\u0159 \/ Tengrismus.\">Sibi\u0159 \/ Tengrismus<\/a><span class=\"iwg-tradition-badge\" tabindex=\"0\" data-tooltip=\"Vrchn\u00ed bo\u017estvo.\">Vrchn\u00ed bo\u017estvo<\/span><\/div>\t\t\t\t<\/div>\n\t\t\t\t<\/div>\n\t\t<div class=\"elementor-element elementor-element-iwgw-uelgen-tocc e-con-full e-flex e-con e-child\" data-id=\"iwgw-uelgen-tocc\" data-element_type=\"container\" data-e-type=\"container\">\n\t\t\t\t<div class=\"elementor-element elementor-element-iwgw-uelgen-toc elementor-toc--minimized-on-tablet elementor-widget elementor-widget-table-of-contents\" data-id=\"iwgw-uelgen-toc\" data-element_type=\"widget\" data-e-type=\"widget\" data-settings=\"{&quot;headings_by_tags&quot;:[&quot;h2&quot;,&quot;h3&quot;],&quot;minimize_box&quot;:&quot;yes&quot;,&quot;marker_view&quot;:&quot;bullets&quot;,&quot;no_headings_message&quot;:&quot;Na t\\u00e9to str\\u00e1nce nebyly nalezeny \\u017e\\u00e1dn\\u00e9 nadpisy.&quot;,&quot;exclude_headings_by_selector&quot;:[],&quot;icon&quot;:{&quot;value&quot;:&quot;fas fa-circle&quot;,&quot;library&quot;:&quot;fa-solid&quot;,&quot;rendered_tag&quot;:&quot;&lt;svg class=\\&quot;e-font-icon-svg e-fas-circle\\&quot; viewBox=\\&quot;0 0 512 512\\&quot; xmlns=\\&quot;http:\\\/\\\/www.w3.org\\\/2000\\\/svg\\&quot;&gt;&lt;path d=\\&quot;M256 8C119 8 8 119 8 256s111 248 248 248 248-111 248-248S393 8 256 8z\\&quot;&gt;&lt;\\\/path&gt;&lt;\\\/svg&gt;&quot;},&quot;minimized_on&quot;:&quot;tablet&quot;,&quot;hierarchical_view&quot;:&quot;yes&quot;,&quot;min_height&quot;:{&quot;unit&quot;:&quot;px&quot;,&quot;size&quot;:&quot;&quot;,&quot;sizes&quot;:[]},&quot;min_height_tablet&quot;:{&quot;unit&quot;:&quot;px&quot;,&quot;size&quot;:&quot;&quot;,&quot;sizes&quot;:[]},&quot;min_height_mobile&quot;:{&quot;unit&quot;:&quot;px&quot;,&quot;size&quot;:&quot;&quot;,&quot;sizes&quot;:[]}}\" data-widget_type=\"table-of-contents.default\">\n\t\t\t\t\t\t\t\t\t<div class=\"elementor-toc__header\">\n\t\t\t\t\t\t<h2 class=\"elementor-toc__header-title\">\n\t\t\t\tObsah\t\t\t<\/h2>\n\t\t\t\t\t\t\t\t\t\t<div class=\"elementor-toc__toggle-button elementor-toc__toggle-button--expand\" role=\"button\" tabindex=\"0\" aria-controls=\"elementor-toc__iwgw-uelgen-toc\" aria-expanded=\"true\" aria-label=\"Open table of contents\"><svg aria-hidden=\"true\" class=\"e-font-icon-svg e-fas-chevron-down\" viewBox=\"0 0 448 512\" xmlns=\"http:\/\/www.w3.org\/2000\/svg\"><path d=\"M207.029 381.476L12.686 187.132c-9.373-9.373-9.373-24.569 0-33.941l22.667-22.667c9.357-9.357 24.522-9.375 33.901-.04L224 284.505l154.745-154.021c9.379-9.335 24.544-9.317 33.901.04l22.667 22.667c9.373 9.373 9.373 24.569 0 33.941L240.971 381.476c-9.373 9.372-24.569 9.372-33.942 0z\"><\/path><\/svg><\/div>\n\t\t\t\t<div class=\"elementor-toc__toggle-button elementor-toc__toggle-button--collapse\" role=\"button\" tabindex=\"0\" aria-controls=\"elementor-toc__iwgw-uelgen-toc\" aria-expanded=\"true\" aria-label=\"Close table of contents\"><svg aria-hidden=\"true\" class=\"e-font-icon-svg e-fas-chevron-up\" viewBox=\"0 0 448 512\" xmlns=\"http:\/\/www.w3.org\/2000\/svg\"><path d=\"M240.971 130.524l194.343 194.343c9.373 9.373 9.373 24.569 0 33.941l-22.667 22.667c-9.357 9.357-24.522 9.375-33.901.04L224 227.495 69.255 381.516c-9.379 9.335-24.544 9.317-33.901-.04l-22.667-22.667c-9.373-9.373-9.373-24.569 0-33.941L207.03 130.525c9.372-9.373 24.568-9.373 33.941-.001z\"><\/path><\/svg><\/div>\n\t\t\t\t\t<\/div>\n\t\t\t\t<div id=\"elementor-toc__iwgw-uelgen-toc\" class=\"elementor-toc__body\">\n\t\t\t<div class=\"elementor-toc__spinner-container\">\n\t\t\t\t<svg class=\"elementor-toc__spinner eicon-animation-spin e-font-icon-svg e-eicon-loading\" aria-hidden=\"true\" viewBox=\"0 0 1000 1000\" xmlns=\"http:\/\/www.w3.org\/2000\/svg\"><path d=\"M500 975V858C696 858 858 696 858 500S696 142 500 142 142 304 142 500H25C25 237 238 25 500 25S975 237 975 500 763 975 500 975Z\"><\/path><\/svg>\t\t\t<\/div>\n\t\t<\/div>\n\t\t\t\t\t\t<\/div>\n\t\t\t\t<\/div>\n\t\t\t\t\t<\/div>\n\t\t\t\t<\/div>\n\t\t<div class=\"elementor-element elementor-element-iwgw-uelgen-hr e-con-full e-flex e-con e-child\" data-id=\"iwgw-uelgen-hr\" data-element_type=\"container\" data-e-type=\"container\">\n\t\t\t\t<div class=\"elementor-element elementor-element-iwgw-uelgen-heroimg iwg-hero-image elementor-widget elementor-widget-image\" data-id=\"iwgw-uelgen-heroimg\" data-element_type=\"widget\" data-e-type=\"widget\" data-widget_type=\"image.default\">\n\t\t\t\t\t\t\t\t\t\t\t\t\t\t\t<img fetchpriority=\"high\" decoding=\"async\" width=\"683\" height=\"1024\" src=\"https:\/\/iwell-guard.com\/wp-content\/uploads\/2026\/05\/goetter_sibirisch-tengrismus_uelgen-683x1024.webp\" class=\"attachment-large size-large wp-image-147325\" alt=\"Uelgen \u2013 bohov\u00e9 z tradice sibi\u0159sk\u00e9ho tengrismu, historicko-ilustra\u010dn\u00ed\" srcset=\"https:\/\/iwell-guard.com\/wp-content\/uploads\/2026\/05\/goetter_sibirisch-tengrismus_uelgen-683x1024.webp 683w, https:\/\/iwell-guard.com\/wp-content\/uploads\/2026\/05\/goetter_sibirisch-tengrismus_uelgen-200x300.webp 200w, https:\/\/iwell-guard.com\/wp-content\/uploads\/2026\/05\/goetter_sibirisch-tengrismus_uelgen-768x1152.webp 768w, https:\/\/iwell-guard.com\/wp-content\/uploads\/2026\/05\/goetter_sibirisch-tengrismus_uelgen.webp 1024w\" sizes=\"(max-width: 683px) 100vw, 683px\" \/>\t\t\t\t\t\t\t\t\t\t\t\t\t\t\t<\/div>\n\t\t\t\t<\/div>\n\t\t\t\t\t<\/div>\n\t\t\t\t<\/div>\n\t\t\t\t<section class=\"elementor-section elementor-top-section elementor-element elementor-element-sec-iwgcomp-uelgen elementor-section-boxed elementor-section-height-default elementor-section-height-default\" data-id=\"sec-iwgcomp-uelgen\" data-element_type=\"section\" data-e-type=\"section\">\n\t\t\t\t\t\t<div class=\"elementor-container elementor-column-gap-default\">\n\t\t\t\t\t<div class=\"elementor-column elementor-col-100 elementor-top-column elementor-element elementor-element-col-iwgcomp-uelgen\" data-id=\"col-iwgcomp-uelgen\" data-element_type=\"column\" data-e-type=\"column\">\n\t\t\t<div class=\"elementor-widget-wrap elementor-element-populated\">\n\t\t\t\t\t\t<div class=\"elementor-element elementor-element-iwgcomp-uelgen elementor-widget elementor-widget-text-editor\" data-id=\"iwgcomp-uelgen\" data-element_type=\"widget\" data-e-type=\"widget\" data-widget_type=\"text-editor.default\">\n\t\t\t\t\t\t\t\t\t<p>\u00dclgen, <strong>altajsk\u00fd b\u016fh sv\u011btla<\/strong>, je v altajsk\u00e9m <span class=\"iwg-fachbegriff\" data-tooltip=\"N\u00e1bo\u017eensk\u00fd syst\u00e9m, ve kter\u00e9m specialist\u00e9 komunikuj\u00ed se sv\u011btem duch\u016f.\" tabindex=\"0\">\u0161amanismu<\/span> pova\u017eov\u00e1n za stvo\u0159itele a nejvy\u0161\u0161\u00ed bo\u017estvo horn\u00edho sv\u011bta.<\/p>\t\t\t\t\t\t\t\t<\/div>\n\t\t\t\t\t<\/div>\n\t\t<\/div>\n\t\t\t\t\t<\/div>\n\t\t<\/section>\n\t\t<div class=\"elementor-element elementor-element-iwgw-uelgen-s0 e-flex e-con-boxed e-con e-parent\" data-id=\"iwgw-uelgen-s0\" data-element_type=\"container\" data-e-type=\"container\">\n\t\t\t\t\t<div class=\"e-con-inner\">\n\t\t\t\t<div class=\"elementor-element elementor-element-iwgw-uelgen-s0h elementor-widget elementor-widget-heading\" data-id=\"iwgw-uelgen-s0h\" data-element_type=\"widget\" data-e-type=\"widget\" data-widget_type=\"heading.default\">\n\t\t\t\t\t<h2 class=\"elementor-heading-title elementor-size-default\">Za\u0159azen\u00ed a stru\u010dn\u00fd profil<\/h2>\t\t\t\t<\/div>\n\t\t<div class=\"elementor-element elementor-element-iwgw-uelgen-s0c e-con-full e-flex e-con e-child\" data-id=\"iwgw-uelgen-s0c\" data-element_type=\"container\" data-e-type=\"container\">\n\t\t\t\t<div class=\"elementor-element elementor-element-iwgw-uelgen-s0t elementor-widget elementor-widget-text-editor\" data-id=\"iwgw-uelgen-s0t\" data-element_type=\"widget\" data-e-type=\"widget\" data-widget_type=\"text-editor.default\">\n\t\t\t\t\t\t\t\t\t<p>\u00dclgen je specializac\u00ed komplexu nejvy\u0161\u0161\u00edho bo\u017estva <a href=\"https:\/\/iwell-guard.com\/cs\/?page_id=145506\">Tengri<\/a> v r\u00e1mci altajsk\u00e9ho, telengitsk\u00e9ho, \u0161orsk\u00e9ho a tuvinsk\u00e9ho n\u00e1bo\u017eenstv\u00ed. Zat\u00edmco Tengri je cel\u00e1 nebesk\u00e1 klenba, \u00dclgen ob\u00fdv\u00e1 nejvy\u0161\u0161\u00edch dev\u011bt nebes a je ch\u00e1p\u00e1n jako osobn\u011b oslovovan\u00fd aktivn\u00ed stvo\u0159itel. Anochin ho v roce 1924 ozna\u010dil za \u201eskute\u010dn\u011b vz\u00fdvan\u00e9ho nejvy\u0161\u0161\u00edho boha Altajc\u016f\u201c.<\/p><p>Uvnit\u0159 <a href=\"https:\/\/iwell-guard.com\/cs\/sibirsky-samanismus-tengrismus\/\">sibi\u0159sko-tengristick\u00e9 tradice<\/a> je \u00dclgen horn\u00edm vrcholem v\u00edce\u010dlenn\u00e9ho bo\u017esk\u00e9ho domu; <a href=\"https:\/\/iwell-guard.com\/cs\/?page_id=145508\">Erlik Ch\u00e1n<\/a> je jeho du\u00e1ln\u00edm prot\u011bj\u0161kem, <a href=\"https:\/\/iwell-guard.com\/cs\/?page_id=145510\">Jer-Sub<\/a> jeho pozemsk\u00fdm dopl\u0148kem.<\/p><p>N\u00e1bo\u017eensko-sociologick\u00fdm t\u011b\u017ei\u0161t\u011bm \u00dclgena je skute\u010dnost, \u017ee na rozd\u00edl od odta\u017eit\u00e9ho Tengriho p\u0159edstavuje aktivn\u00edho stvo\u0159itelsk\u00e9ho \u010dinitele, kter\u00e9ho lze p\u0159\u00edmo vz\u00fdvat. Zapl\u0148uje tak mezeru, kterou zanech\u00e1v\u00e1 <em>deus otiosus<\/em> Tengri; v t\u00e9to funkci je typologicky srovnateln\u00fd sp\u00ed\u0161e s \u0159eck\u00fdm Zeusem nebo seversk\u00fdm \u00d3dinem ne\u017e s nezm\u011brn\u00fdm nebem samotn\u00fdm.<\/p>\t\t\t\t\t\t\t\t<\/div>\n\t\t\t\t<\/div>\n\t\t\t\t\t<\/div>\n\t\t\t\t<\/div>\n\t\t<div class=\"elementor-element elementor-element-iwgw-uelgen-s1 e-flex e-con-boxed e-con e-parent\" data-id=\"iwgw-uelgen-s1\" data-element_type=\"container\" data-e-type=\"container\">\n\t\t\t\t\t<div class=\"e-con-inner\">\n\t\t\t\t<div class=\"elementor-element elementor-element-iwgw-uelgen-s1h elementor-widget elementor-widget-heading\" data-id=\"iwgw-uelgen-s1h\" data-element_type=\"widget\" data-e-type=\"widget\" data-widget_type=\"heading.default\">\n\t\t\t\t\t<h2 class=\"elementor-heading-title elementor-size-default\">Jm\u00e9no a etymologie<\/h2>\t\t\t\t<\/div>\n\t\t<div class=\"elementor-element elementor-element-iwgw-uelgen-s1c e-con-full e-flex e-con e-child\" data-id=\"iwgw-uelgen-s1c\" data-element_type=\"container\" data-e-type=\"container\">\n\t\t\t\t<div class=\"elementor-element elementor-element-iwgw-uelgen-s1t elementor-widget elementor-widget-text-editor\" data-id=\"iwgw-uelgen-s1t\" data-element_type=\"widget\" data-e-type=\"widget\" data-widget_type=\"text-editor.default\">\n\t\t\t\t\t\t\t\t\t<p>Slovo <em>\u00fclg\u00e4n \/ \u00fclgen<\/em> je starotureck\u00e9ho p\u016fvodu a v odborn\u00e9 literatu\u0159e se spojuje s v\u00fdznamy \u201evelk\u00fd, vzne\u0161en\u00fd, mocn\u00fd\u201c; v n\u011bkter\u00fdch slovn\u00edc\u00edch tak\u00e9 \u201eten, kdo rozd\u011bluje, d\u011blitel\u201c (od <em>\u00fcl\u0113-<\/em> \u201ed\u011blit, rozd\u011blovat\u201c), co\u017e odpov\u00edd\u00e1 p\u0159edstav\u011b, \u017ee rozd\u011bluje lidem pod\u00edly na \u017eivot\u011b. P\u0159\u00edbuzn\u00fdmi tvary jsou chakassk\u00e9 <em>\u00dclg\u00e4n<\/em>, \u0161orsk\u00e9 <em>\u00dclgen<\/em>.<\/p><p>U Mongol\u016f se p\u0159\u00edm\u00fd prot\u011bj\u0161ek neobjevuje; jeho roli tam p\u0159eb\u00edr\u00e1 z\u010d\u00e1sti <em>M\u00f6ngke Tngri<\/em>, z\u010d\u00e1sti buddhisticky ovlivn\u011bn\u00ed b\u00f3dhisattvov\u00e9 jako <a href=\"https:\/\/iwell-guard.com\/cs\/?page_id=145511\">Khormusta<\/a>. Tato asymetrie d\u011bl\u00e1 z \u00dclgena specificky jihosibi\u0159sko-tureck\u00fd jev.<\/p><p>Alternativn\u00ed etymologie spojuje jm\u00e9no s <em>\u00fcligen<\/em>, \u201eten, kdo obdarov\u00e1v\u00e1\u201c, co\u017e odpov\u00edd\u00e1 mytologick\u00e9 p\u0159edstav\u011b, \u017ee \u00dclgen rozd\u011bluje bohatstv\u00ed a plodnost. Ob\u011b etymologie jsou jazykov\u011b-historicky slu\u010diteln\u00e9 a mohly historicky p\u016fsobit spole\u010dn\u011b.<\/p>\t\t\t\t\t\t\t\t<\/div>\n\t\t\t\t<\/div>\n\t\t\t\t\t<\/div>\n\t\t\t\t<\/div>\n\t\t<div class=\"elementor-element elementor-element-iwgw-uelgen-s2 e-flex e-con-boxed e-con e-parent\" data-id=\"iwgw-uelgen-s2\" data-element_type=\"container\" data-e-type=\"container\">\n\t\t\t\t\t<div class=\"e-con-inner\">\n\t\t\t\t<div class=\"elementor-element elementor-element-iwgw-uelgen-s2h elementor-widget elementor-widget-heading\" data-id=\"iwgw-uelgen-s2h\" data-element_type=\"widget\" data-e-type=\"widget\" data-widget_type=\"heading.default\">\n\t\t\t\t\t<h2 class=\"elementor-heading-title elementor-size-default\">Popis a ikonografie<\/h2>\t\t\t\t<\/div>\n\t\t<div class=\"elementor-element elementor-element-iwgw-uelgen-s2c e-con-full e-flex e-con e-child\" data-id=\"iwgw-uelgen-s2c\" data-element_type=\"container\" data-e-type=\"container\">\n\t\t\t\t<div class=\"elementor-element elementor-element-iwgw-uelgen-s2t elementor-widget elementor-widget-text-editor\" data-id=\"iwgw-uelgen-s2t\" data-element_type=\"widget\" data-e-type=\"widget\" data-widget_type=\"text-editor.default\">\n\t\t\t\t\t\t\t\t\t<p>\u00dclgen je popisov\u00e1n jako star\u00fd mu\u017e s b\u00edl\u00fdm vousem, sed\u00edc\u00ed na zlat\u00e9m tr\u016fnu v nejvy\u0161\u0161\u00edm nebi. Nos\u00ed pl\u00e1\u0161\u0165 vy\u0161\u00edvan\u00fd sluncem a m\u011bs\u00edcem, v prav\u00e9 ruce dr\u017e\u00ed z\u00e1\u0159\u00edc\u00ed luk z materi\u00e1lu duhy, v lev\u00e9 poh\u00e1r pln\u00fd kobyl\u00edho ml\u00e9ka. Jeho poslem je b\u00edl\u00fd orel.<\/p><p>Na altajsk\u00fdch \u0161amansk\u00fdch bubnov\u00fdch diagramech u Anochina a Potapova stoj\u00ed \u00dclgen \u00fapln\u011b naho\u0159e; pod n\u00edm se rozv\u011btvuje dev\u011bt dcer (<em>Ky\u0161-Kyz<\/em>) a dev\u011bt syn\u016f, kte\u0159\u00ed vl\u00e1dnou jednotliv\u00fdm nebesk\u00fdm oblastem. Tato mytologie dev\u00edti syn\u016f a dcer je klasickou sibi\u0159skou ikonografi\u00ed nejvy\u0161\u0161\u00edho boha, kter\u00e1 se opakuje i u <a href=\"https:\/\/iwell-guard.com\/cs\/?page_id=145508\">Erlika Ch\u00e1na<\/a>, ov\u0161em zrcadlov\u011b sm\u011brem dol\u016f.<\/p><p>V modern\u00edm kontextu Altajsk\u00e9 republiky byla \u00dclgenova ikonografie konsolidov\u00e1na; zn\u00e1m\u00e1 n\u00e1st\u011bnn\u00e1 malba v kulturn\u00edm dom\u011b v Gorno-Altajsku ho zobrazuje v standardn\u00ed b\u011blovous\u00e9 form\u011b. Tato modern\u00ed ikonografie navazuje na etnografick\u00e9 skici Anochina a vytv\u00e1\u0159\u00ed uzav\u0159enou obrazovou podobu, kter\u00e1 v historick\u00e9m materi\u00e1lu nikdy takto neexistovala.<\/p>\t\t\t\t\t\t\t\t<\/div>\n\t\t\t\t<\/div>\n\t\t\t\t\t<\/div>\n\t\t\t\t<\/div>\n\t\t<div class=\"elementor-element elementor-element-iwgw-uelgen-s3 e-flex e-con-boxed e-con e-parent\" data-id=\"iwgw-uelgen-s3\" data-element_type=\"container\" data-e-type=\"container\">\n\t\t\t\t\t<div class=\"e-con-inner\">\n\t\t\t\t<div class=\"elementor-element elementor-element-iwgw-uelgen-s3h elementor-widget elementor-widget-heading\" data-id=\"iwgw-uelgen-s3h\" data-element_type=\"widget\" data-e-type=\"widget\" data-widget_type=\"heading.default\">\n\t\t\t\t\t<h2 class=\"elementor-heading-title elementor-size-default\">Mytologick\u00e1 vypr\u00e1v\u011bn\u00ed<\/h2>\t\t\t\t<\/div>\n\t\t<div class=\"elementor-element elementor-element-iwgw-uelgen-s3c e-con-full e-flex e-con e-child\" data-id=\"iwgw-uelgen-s3c\" data-element_type=\"container\" data-e-type=\"container\">\n\t\t\t\t<div class=\"elementor-element elementor-element-iwgw-uelgen-s3t elementor-widget elementor-widget-text-editor\" data-id=\"iwgw-uelgen-s3t\" data-element_type=\"widget\" data-e-type=\"widget\" data-widget_type=\"text-editor.default\">\n\t\t\t\t\t\t\t\t\t<p>Altajsk\u00e9 vypr\u00e1v\u011bn\u00ed o stvo\u0159en\u00ed popisuje \u00dclgena, jak se s\u00e1m vzn\u00e1\u0161\u00ed na prvotn\u00ed vod\u011b, pov\u011b\u0159\u00ed pt\u00e1ka (n\u011bkdy kachnu, n\u011bkdy Erlika v pta\u010d\u00ed podob\u011b), aby p\u0159inesl bahno ze dna, a z n\u011bj utvo\u0159\u00ed zemi.<\/p><p>Pot\u00e9, co se Erlik odd\u011blil, stvo\u0159\u00ed \u00dclgen prvn\u00edho \u010dlov\u011bka z hl\u00edny a odu\u0161evn\u00ed ho t\u00edm, \u017ee mu do hlavy vlo\u017e\u00ed slunce, <span class=\"iwg-fachbegriff\" data-tooltip=\"Opakuj\u00edc\u00ed se obsahov\u00fd prvek v um\u011bn\u00ed nebo vypr\u00e1v\u011bn\u00ed.\" tabindex=\"0\">motiv<\/span>, kter\u00fd m\u00e1 paralely a\u017e v k\u0159es\u0165ansk\u00e9m pojet\u00ed stvo\u0159en\u00ed, ale byl bezpochyby formulov\u00e1n nez\u00e1visle.<\/p><p>Druh\u00e9 vypr\u00e1v\u011bn\u00ed popisuje vzty\u010den\u00ed kosmick\u00e9ho stromu, kosmick\u00e9ho mod\u0159\u00ednu, jeho\u017e ko\u0159eny sahaj\u00ed do Erlikovy \u0159\u00ed\u0161e a jeho\u017e vrchol vrchol\u00ed pod \u00dclgenov\u00fdm tr\u016fnem. Po t\u00e9to ose se p\u0159i sv\u00e9m v\u00fdstupu pohybuje b\u00edl\u00fd <span class=\"iwg-fachbegriff\" data-tooltip=\"N\u00e1bo\u017eensk\u00fd specialista, kter\u00e9mu se p\u0159isuzuje zprost\u0159edkov\u00e1n\u00ed mezi lidmi a sv\u011btem duch\u016f.\" tabindex=\"0\">\u0161aman<\/span>. Mircea Eliade u\u010dinil z tohoto <span class=\"iwg-fachbegriff\" data-tooltip=\"Opakuj\u00edc\u00ed se obsahov\u00fd prvek v um\u011bn\u00ed nebo vypr\u00e1v\u011bn\u00ed.\" tabindex=\"0\">motivu<\/span> \u201eAxis Mundi\u201c centr\u00e1ln\u00ed kategorii sv\u00e9ho modelu <span class=\"iwg-fachbegriff\" data-tooltip=\"N\u00e1bo\u017eensk\u00fd syst\u00e9m, ve kter\u00e9m specialist\u00e9 komunikuj\u00ed se sv\u011btem duch\u016f.\" tabindex=\"0\">\u0161amanismu<\/span>.<\/p><p>T\u0159et\u00ed vypr\u00e1v\u011bn\u00ed popisuje spor mezi \u00dclgenem a Erlikem o prvn\u00edho \u010dlov\u011bka: Erlik se sna\u017e\u00ed vdechnout sv\u016fj dech do hlin\u011bn\u00e9ho t\u011bla, ale \u00dclgen ho p\u0159edstihne. Ze vzteku Erlik stvo\u0159\u00ed prvn\u00ed nemoci a kom\u00e1ry, typick\u00fd etiologick\u00fd <span class=\"iwg-fachbegriff\" data-tooltip=\"Tradovan\u00fd p\u0159\u00edb\u011bh o boz\u00edch, po\u010d\u00e1tc\u00edch a uspo\u0159\u00e1d\u00e1n\u00ed sv\u011bta.\" tabindex=\"0\">m\u00fdtus<\/span>, kter\u00fd vysv\u011btluje existenci zla bez mor\u00e1ln\u00edho dualismu.<\/p>\t\t\t\t\t\t\t\t<\/div>\n\t\t\t\t<\/div>\n\t\t\t\t\t<\/div>\n\t\t\t\t<\/div>\n\t\t<div class=\"elementor-element elementor-element-iwgw-uelgen-s4 e-flex e-con-boxed e-con e-parent\" data-id=\"iwgw-uelgen-s4\" data-element_type=\"container\" data-e-type=\"container\">\n\t\t\t\t\t<div class=\"e-con-inner\">\n\t\t\t\t<div class=\"elementor-element elementor-element-iwgw-uelgen-s4h elementor-widget elementor-widget-heading\" data-id=\"iwgw-uelgen-s4h\" data-element_type=\"widget\" data-e-type=\"widget\" data-widget_type=\"heading.default\">\n\t\t\t\t\t<h2 class=\"elementor-heading-title elementor-size-default\">Kult a uct\u00edv\u00e1n\u00ed<\/h2>\t\t\t\t<\/div>\n\t\t<div class=\"elementor-element elementor-element-iwgw-uelgen-s4c e-con-full e-flex e-con e-child\" data-id=\"iwgw-uelgen-s4c\" data-element_type=\"container\" data-e-type=\"container\">\n\t\t\t\t<div class=\"elementor-element elementor-element-iwgw-uelgen-s4t elementor-widget elementor-widget-text-editor\" data-id=\"iwgw-uelgen-s4t\" data-element_type=\"widget\" data-e-type=\"widget\" data-widget_type=\"text-editor.default\">\n\t\t\t\t\t\t\t\t\t<p>\u00dclgen\u016fv <span class=\"iwg-fachbegriff\" data-tooltip=\"Souhrn n\u00e1bo\u017eensk\u00fdch \u00factypln\u00fdch \u00fakon\u016f v\u011bnovan\u00fdch bo\u017estvu nebo posv\u00e1tn\u00e9 bytosti.\" tabindex=\"0\">kult<\/span> byl na altajsk\u00e9 vyso\u010din\u011b ve\u0159ejn\u00fdm jarn\u00edm kultem. Na posv\u00e1tn\u00e9 ho\u0159e se v kv\u011btnu ob\u011btoval mlad\u00fd sv\u011btl\u00fd k\u016f\u0148 (b\u00edl\u00fd nebo sv\u011btle \u017elut\u00fd); \u0161amani v extatick\u00fdch seanc\u00edch jezdili \u201eskrze dev\u011bt nebes\u201c a p\u0159ed\u00e1vali \u00dclgenovi prosby kmene. Anokhin jednu z t\u011bchto seanc\u00ed podrobn\u011b zaznamenal (1909, publikov\u00e1no 1924).<\/p><p>V osobn\u00ed rovin\u011b byl \u00dclgen \u00fast\u0159edn\u00ed <span class=\"iwg-fachbegriff\" data-tooltip=\"Prosebn\u00e9 nebo zakl\u00ednac\u00ed osloven\u00ed bo\u017estva \u010di moci.\" tabindex=\"0\">vz\u00fdvanou bytost\u00ed<\/span> b\u00edl\u00fdch \u0161aman\u016f (<em>aq kam<\/em>), zat\u00edmco \u010dern\u00ed \u0161amani se obraceli k <a href=\"https:\/\/iwell-guard.com\/cs\/?page_id=145508\">Erlik Khanovi<\/a>. Jeho sv\u00e1tek \u010dasto p\u0159ipadal na sv\u00e1tek letn\u00edho slunovratu a p\u0159ekr\u00fdval se s pozd\u011bj\u0161\u00edm mongolsk\u00fdm komplexem Naadam.<\/p><p>Zvl\u00e1\u0161tn\u00ed formou uct\u00edv\u00e1n\u00ed \u00dclgena byl ritu\u00e1l <em>tagyl<\/em>: na ploch\u00e9m skalisku byl vybudov\u00e1n mal\u00fd kamenn\u00fd olt\u00e1\u0159, kter\u00e9mu se ob\u011btovalo kobyl\u00ed ml\u00e9ko a m\u00e1slov\u00e9 pe\u010divo. Takov\u00e9 skaln\u00ed olt\u00e1\u0159e se v jihosibi\u0159sk\u00fdch vysok\u00fdch step\u00edch archeologicky \u010d\u00e1ste\u010dn\u011b dochovaly a mohou sahat a\u017e do <span class=\"iwg-fachbegriff\" data-tooltip=\"Prehistorick\u00e1 epocha, ve kter\u00e9 byl bronz nejd\u016fle\u017eit\u011bj\u0161\u00edm kovem pro n\u00e1stroje.\" tabindex=\"0\">doby bronzov\u00e9<\/span>, ani\u017e by n\u00e1bo\u017eensk\u00e1 identifikace musela b\u00fdt nutn\u011b kontinu\u00e1ln\u00ed.<\/p>\t\t\t\t\t\t\t\t<\/div>\n\t\t\t\t<\/div>\n\t\t\t\t\t<\/div>\n\t\t\t\t<\/div>\n\t\t<div class=\"elementor-element elementor-element-iwgw-uelgen-s5 e-flex e-con-boxed e-con e-parent\" data-id=\"iwgw-uelgen-s5\" data-element_type=\"container\" data-e-type=\"container\">\n\t\t\t\t\t<div class=\"e-con-inner\">\n\t\t\t\t<div class=\"elementor-element elementor-element-iwgw-uelgen-s5h elementor-widget elementor-widget-heading\" data-id=\"iwgw-uelgen-s5h\" data-element_type=\"widget\" data-e-type=\"widget\" data-widget_type=\"heading.default\">\n\t\t\t\t\t<h2 class=\"elementor-heading-title elementor-size-default\">Ochrann\u00e1 praxe a apotropaick\u00e9 prvky<\/h2>\t\t\t\t<\/div>\n\t\t<div class=\"elementor-element elementor-element-iwgw-uelgen-s5c e-con-full e-flex e-con e-child\" data-id=\"iwgw-uelgen-s5c\" data-element_type=\"container\" data-e-type=\"container\">\n\t\t\t\t<div class=\"elementor-element elementor-element-iwgw-uelgen-s5t elementor-widget elementor-widget-text-editor\" data-id=\"iwgw-uelgen-s5t\" data-element_type=\"widget\" data-e-type=\"widget\" data-widget_type=\"text-editor.default\">\n\t\t\t\t\t\t\t\t\t<p>Ochrann\u00e1 praxe v \u00dclgenov\u011b komplexu m\u011bla pozitivn\u00ed konotaci: ne\u0161lo tolik o obranu jako o \u201enastolen\u00ed po\u0159\u00e1dku\u201c. Apotropaick\u00e9 prvky zahrnovaly v\u00e1z\u00e1n\u00ed b\u00edl\u00fdch l\u00e1tkov\u00fdch p\u00e1sk\u016f (<em>kyira<\/em>) na mod\u0159\u00edny na horsk\u00fdch pr\u016fsmyc\u00edch, stav\u011bn\u00ed mal\u00fdch kamenn\u00fdch pyramid (<em>obo<\/em>) a vyh\u00fdb\u00e1n\u00ed se hluku a h\u00e1dk\u00e1m na pr\u016fsmyc\u00edch.<\/p><p data-nosnippet=\"true\">V p\u0159\u00edpad\u011b nemoci d\u00edt\u011bte bylo mo\u017en\u00e9 p\u0159ivolat b\u00edl\u00e9ho <span class=\"iwg-fachbegriff\" data-tooltip=\"N\u00e1bo\u017eensk\u00fd specialista, jemu\u017e je p\u0159isuzov\u00e1no zprost\u0159edkov\u00e1n\u00ed mezi lidmi a duchovn\u00edm sv\u011btem.\" tabindex=\"0\">\u0161amana<\/span>, kter\u00fd \u00dclgena prosil o \u201enavr\u00e1cen\u00ed pod\u00edlu \u017eivota\u201c. V konceptu\u00e1ln\u00edm smyslu jde o kosmickou prosbu o \u0159\u00e1d, nikoli o slib uzdraven\u00ed. Z n\u00e1bo\u017eenskov\u011bdn\u00e9ho hlediska pat\u0159\u00ed tato praxe mezi \u201eobnovovac\u00ed ritu\u00e1ly\u201c, kter\u00e9 jsou dokumentov\u00e1ny i v mnoha jin\u00fdch domorod\u00fdch tradic\u00edch.<\/p><p>Kl\u00ed\u010dov\u00e9 je odd\u011blen\u00ed: \u00dclgen byl adres\u00e1tem proseb, nikoli s\u00e1m l\u00e9\u010ditelem. L\u00e9\u010den\u00ed bylo \u00fakolem \u0161amana jako prost\u0159edn\u00edka, d\u016fle\u017eit\u00e9 n\u00e1bo\u017eenskosociologick\u00e9 rozli\u0161en\u00ed, kter\u00e9 Roberte Hamayon (1990) ost\u0159e vymezila proti Eliadeho modelu.<\/p>\t\t\t\t\t\t\t\t<\/div>\n\t\t\t\t<\/div>\n\t\t\t\t\t<\/div>\n\t\t\t\t<\/div>\n\t\t<div class=\"elementor-element elementor-element-iwgw-uelgen-s6 e-flex e-con-boxed e-con e-parent\" data-id=\"iwgw-uelgen-s6\" data-element_type=\"container\" data-e-type=\"container\">\n\t\t\t\t\t<div class=\"e-con-inner\">\n\t\t\t\t<div class=\"elementor-element elementor-element-iwgw-uelgen-s6h elementor-widget elementor-widget-heading\" data-id=\"iwgw-uelgen-s6h\" data-element_type=\"widget\" data-e-type=\"widget\" data-widget_type=\"heading.default\">\n\t\t\t\t\t<h2 class=\"elementor-heading-title elementor-size-default\">Paralely v jin\u00fdch kultur\u00e1ch<\/h2>\t\t\t\t<\/div>\n\t\t<div class=\"elementor-element elementor-element-iwgw-uelgen-s6c e-con-full e-flex e-con e-child\" data-id=\"iwgw-uelgen-s6c\" data-element_type=\"container\" data-e-type=\"container\">\n\t\t\t\t<div class=\"elementor-element elementor-element-iwgw-uelgen-s6t elementor-widget elementor-widget-text-editor\" data-id=\"iwgw-uelgen-s6t\" data-element_type=\"widget\" data-e-type=\"widget\" data-widget_type=\"text-editor.default\">\n\t\t\t\t\t\t\t\t\t<p>Strukturn\u011b je srovnateln\u00fd s germ\u00e1nsk\u00fdm Tyrem, v\u00e9dsk\u00fdm Varunou v jeho sv\u011bteln\u00e9 funkci, \u0159\u00edmsk\u00fdm Iuppiterem jako bohem pr\u00e1va a \u0159\u00e1du a v Sibi\u0159i s jakutsk\u00fdm <em>Aar Tojonem<\/em>. N\u00e1bo\u017eensko-fenomenologicky je n\u00e1padn\u00e9, \u017ee \u00dclgen m\u00e1 na rozd\u00edl od odta\u017een\u00e9ho Tengriho konkr\u00e9tn\u00ed stvo\u0159itelsk\u00fd p\u0159\u00edb\u011bh, ani\u017e by se t\u00edm stal stvo\u0159itelsk\u00fdm demiurgem jako Yaldabaoth v gnosticismu.<\/p><p>Bl\u00edzkou paralelu nal\u00e9z\u00e1me u finsk\u00e9ho Ukka, kter\u00fd je tak\u00e9 \u201eaktivn\u011bj\u0161\u00edm vrchn\u00edm bohem\u201c pod abstraktn\u00ed nebeskou vrstvou. Finsk\u00fd badatel na kalevalskou tematiku Juha Pentik\u00e4inen provedl v d\u00edle <em>Shamanism and Culture<\/em> (1998) typologick\u00e1 srovn\u00e1n\u00ed mezi sibi\u0159sk\u00fdmi a fino-ugersk\u00fdmi vrchn\u00edmi bo\u017estvy.<\/p><p>Specificky altajsk\u00fdm rysem je striktn\u00ed rozd\u011blen\u00ed na \u201eb\u00edl\u00e9\u201c a \u201e\u010dern\u00e9\u201c \u0161amany s odd\u011blen\u00fdmi adres\u00e1ty invokac\u00ed. Tento model je v sibi\u0159sk\u00e9m srovn\u00e1n\u00ed ojedin\u011bl\u00fd a \u010din\u00ed \u00dclgena n\u00e1bo\u017eensko-fenomenologicky obzvl\u00e1\u0161t\u011b zaj\u00edmav\u00fdm.<\/p>\t\t\t\t\t\t\t\t<\/div>\n\t\t\t\t<\/div>\n\t\t\t\t\t<\/div>\n\t\t\t\t<\/div>\n\t\t<div class=\"elementor-element elementor-element-iwgw-uelgen-s7 e-flex e-con-boxed e-con e-parent\" data-id=\"iwgw-uelgen-s7\" data-element_type=\"container\" data-e-type=\"container\">\n\t\t\t\t\t<div class=\"e-con-inner\">\n\t\t\t\t<div class=\"elementor-element elementor-element-iwgw-uelgen-s7h elementor-widget elementor-widget-heading\" data-id=\"iwgw-uelgen-s7h\" data-element_type=\"widget\" data-e-type=\"widget\" data-widget_type=\"heading.default\">\n\t\t\t\t\t<h2 class=\"elementor-heading-title elementor-size-default\">Sou\u010dasn\u00e1 recepce a v\u00fdzkum<\/h2>\t\t\t\t<\/div>\n\t\t<div class=\"elementor-element elementor-element-iwgw-uelgen-s7c e-con-full e-flex e-con e-child\" data-id=\"iwgw-uelgen-s7c\" data-element_type=\"container\" data-e-type=\"container\">\n\t\t\t\t<div class=\"elementor-element elementor-element-iwgw-uelgen-s7t elementor-widget elementor-widget-text-editor\" data-id=\"iwgw-uelgen-s7t\" data-element_type=\"widget\" data-e-type=\"widget\" data-widget_type=\"text-editor.default\">\n\t\t\t\t\t\t\t\t\t<p>V modern\u00ed altajsk\u00e9 kulturn\u00ed pr\u00e1ci je \u00dclgen znovu vyzdvihov\u00e1n, zdob\u00ed po\u0161tovn\u00ed zn\u00e1mky, lidov\u00e9 slavnosti i \u0161koln\u00ed u\u010debnice Altajsk\u00e9 republiky. V\u011bdecky klasick\u00e1 zpracov\u00e1n\u00ed: Anokhin (1924), L. P. Potapov (<em>Altajskij \u0161amanizm<\/em>, 1991), Mircea Eliade (1951), Vladimir Basilov (1984) a v posledn\u00ed dob\u011b Andrei Znamenski (2007).<\/p><p>Finsk\u00fd religionista Juha Pentik\u00e4inen (<em>Shamanism and Culture<\/em>, 1998) za\u0159azuje \u00dclgena do \u0161ir\u0161\u00ed cirkumpol\u00e1rn\u00ed \u0159ady sv\u011bteln\u00fdch boh\u016f.<\/p><p>V sou\u010dasn\u00e9 altajsk\u00e9 situaci stoj\u00ed \u00dclgen\u016fv <span class=\"iwg-fachbegriff\" data-tooltip=\"Souhrn n\u00e1bo\u017eensk\u00fdch \u00factn\u00fdch \u00fakon\u016f v\u016f\u010di bo\u017estvu nebo svat\u00e9 bytosti.\" tabindex=\"0\">kult<\/span> v jist\u00e9m nap\u011bt\u00ed: je na jedn\u00e9 stran\u011b stav\u011bn jako \u201eskute\u010dn\u00e9 domorod\u00e9 n\u00e1bo\u017eenstv\u00ed\u201c proti rusk\u00e9mu k\u0159es\u0165anstv\u00ed, na druh\u00e9 stran\u011b je s\u00e1m prostoupen prvky new age, kter\u00e9 nemaj\u00ed opodstatn\u011bn\u00ed v etnografick\u00e9 tradici. Andrei Znamenski toto nap\u011bt\u00ed podrobn\u011b analyzoval ve sv\u00e9m oxfordsk\u00e9m svazku.<\/p><p>Samostatn\u00fd badatelsk\u00fd sm\u011br se zab\u00fdv\u00e1 archeologick\u00fdmi stopami ritu\u00e1l\u016f zam\u011b\u0159en\u00fdch na \u00dclgena; M. P. Grjaznow a V. D. Kubarew zdokumentovali skaln\u00ed kresby v Tuv\u011b a na Altaji, kter\u00e9 byly interpretov\u00e1ny jako jezdci \u00dclgena, ani\u017e by tato identifikace byla jist\u00e1.<\/p>\t\t\t\t\t\t\t\t<\/div>\n\t\t\t\t<\/div>\n\t\t\t\t\t<\/div>\n\t\t\t\t<\/div>\n\t\t<div class=\"elementor-element elementor-element-iwgw-uelgen-s8 e-flex e-con-boxed e-con e-parent\" data-id=\"iwgw-uelgen-s8\" data-element_type=\"container\" data-e-type=\"container\">\n\t\t\t\t\t<div class=\"e-con-inner\">\n\t\t\t\t<div class=\"elementor-element elementor-element-iwgw-uelgen-s8h elementor-widget elementor-widget-heading\" data-id=\"iwgw-uelgen-s8h\" data-element_type=\"widget\" data-e-type=\"widget\" data-widget_type=\"heading.default\">\n\t\t\t\t\t<h2 class=\"elementor-heading-title elementor-size-default\">V\u00fdzkumn\u00e9 debaty a otev\u0159en\u00e9 ot\u00e1zky<\/h2>\t\t\t\t<\/div>\n\t\t<div class=\"elementor-element elementor-element-iwgw-uelgen-s8c e-con-full e-flex e-con e-child\" data-id=\"iwgw-uelgen-s8c\" data-element_type=\"container\" data-e-type=\"container\">\n\t\t\t\t<div class=\"elementor-element elementor-element-iwgw-uelgen-s8t elementor-widget elementor-widget-text-editor\" data-id=\"iwgw-uelgen-s8t\" data-element_type=\"widget\" data-e-type=\"widget\" data-widget_type=\"text-editor.default\">\n\t\t\t\t\t\t\t\t\t<p>Studium \u00dclgena ur\u010duj\u00ed t\u0159i badatelsk\u00e9 debaty. Zaprv\u00e9: Je \u00dclgen roz\u0161t\u011bpen\u00edm Tengriho, nebo samostatnou altajskou vrstvou? Anokhin a Potapov se p\u0159ikl\u00e1n\u011bli k prvn\u00edmu v\u00fdkladu, Roux a Hamayon k druh\u00e9mu.<\/p><p>Zadruh\u00e9: Jak kontinu\u00e1ln\u00ed je uct\u00edv\u00e1n\u00ed \u00dclgena od p\u0159edisl\u00e1msk\u00e9ho obdob\u00ed a\u017e do 19.\/20. stolet\u00ed? P\u00edsemn\u00e9 prameny do zna\u010dn\u00e9 m\u00edry chyb\u00ed; etnografick\u00e1 <span class=\"iwg-fachbegriff\" data-tooltip=\"P\u0159ed\u00e1v\u00e1n\u00ed v\u011bdomost\u00ed a vypr\u00e1v\u011bn\u00ed mezi generacemi.\" tabindex=\"0\">tradice<\/span> je systematicky zaznamen\u00e1v\u00e1na a\u017e od Radloffa (60. l\u00e9ta 19. stolet\u00ed).<\/p><p>Zat\u0159et\u00ed: Jak\u00fd pod\u00edl na konsolidaci obrazu \u00dclgena m\u00e1 samotn\u00e1 rusk\u00e1 sb\u011bratelsk\u00e1 \u010dinnost? Andrei Znamenski k tomu p\u0159edlo\u017eil d\u016fle\u017eitou sebekritickou reflexi: mnoh\u00e9 z toho, co o \u00dclgenovi v\u00edme, je tak\u00e9 produktem carsk\u00e9 a sov\u011btsk\u00e9 etnografie, nikoli pouze altajsk\u00e9 vnit\u0159n\u00ed perspektivy.<\/p>\t\t\t\t\t\t\t\t<\/div>\n\t\t\t\t<\/div>\n\t\t\t\t\t<\/div>\n\t\t\t\t<\/div>\n\t\t<div class=\"elementor-element elementor-element-iwgw-uelgen-s9 e-flex e-con-boxed e-con e-parent\" data-id=\"iwgw-uelgen-s9\" data-element_type=\"container\" data-e-type=\"container\">\n\t\t\t\t\t<div class=\"e-con-inner\">\n\t\t\t\t<div class=\"elementor-element elementor-element-iwgw-uelgen-s9h elementor-widget elementor-widget-heading\" data-id=\"iwgw-uelgen-s9h\" data-element_type=\"widget\" data-e-type=\"widget\" data-widget_type=\"heading.default\">\n\t\t\t\t\t<h2 class=\"elementor-heading-title elementor-size-default\">\u00dclgen ve srovn\u00e1n\u00ed s vrchn\u00edmi bo\u017estvy sousedn\u00edch n\u00e1rod\u016f<\/h2>\t\t\t\t<\/div>\n\t\t<div class=\"elementor-element elementor-element-iwgw-uelgen-s9c e-con-full e-flex e-con e-child\" data-id=\"iwgw-uelgen-s9c\" data-element_type=\"container\" data-e-type=\"container\">\n\t\t\t\t<div class=\"elementor-element elementor-element-iwgw-uelgen-s9t elementor-widget elementor-widget-text-editor\" data-id=\"iwgw-uelgen-s9t\" data-element_type=\"widget\" data-e-type=\"widget\" data-widget_type=\"text-editor.default\">\n\t\t\t\t\t\t\t\t\t<p>Systematick\u00e9 srovn\u00e1n\u00ed \u00dclgena s dal\u0161\u00edmi sibi\u0159sk\u00fdmi vrchn\u00edmi bo\u017estvy je z religionistick\u00e9ho hlediska pou\u010dn\u00e9. Ve srovn\u00e1n\u00ed s tunguzsk\u00fdm <a href=\"https:\/\/iwell-guard.com\/cs\/?page_id=145514\">Bugou<\/a> je \u00dclgen v\u00fdrazn\u011b osobit\u011bj\u0161\u00ed a vybaven\u00fd bohat\u0161\u00ed mytologi\u00ed; ve srovn\u00e1n\u00ed s jakutsk\u00fdm <em>\u00dcr\u00fcn Aar Tojonem<\/em> je pojat jako aktivn\u011bji tvo\u0159iv\u00fd. Ve srovn\u00e1n\u00ed s mongolsk\u00fdm <a href=\"https:\/\/iwell-guard.com\/cs\/?page_id=145511\">Khormustou<\/a> u n\u011bj chyb\u00ed \u00edr\u00e1nsko-buddhistick\u00e9 vrstvy.<\/p><p>Tato srovn\u00e1n\u00ed ukazuj\u00ed, \u017ee jihosibi\u0159sk\u00e9 n\u00e1bo\u017eenstv\u00ed nen\u00ed homogenn\u00ed vrstvou, n\u00fdbr\u017e spektrem odli\u0161n\u011b profilovan\u00fdch postav vrchn\u00edch bo\u017estev, ka\u017ed\u00e1 s vlastn\u00ed mytologi\u00ed, ikonografi\u00ed a ritu\u00e1ln\u00ed prax\u00ed. Vladimir Basilov p\u0159edlo\u017eil prvn\u00ed systematickou srovn\u00e1vac\u00ed studii v d\u00edle <em>Shamanism in Siberia<\/em> (1984).<\/p><p>Z religionisticko-fenomenologick\u00e9ho hlediska je \u00dclgen zvl\u00e1\u0161\u0165 zaj\u00edmav\u00fd, proto\u017ee vypl\u0148uje mezeru mezi vzd\u00e1len\u00fdm Tengrim a konkr\u00e9tn\u00edmi specializovan\u00fdmi bo\u017estvy. Tato role prost\u0159edn\u00edka z n\u011bj \u010din\u00ed jedno z \u201enej\u017eiv\u011bj\u0161\u00edch\u201c vrchn\u00edch bo\u017estev Sibi\u0159e.<\/p>\t\t\t\t\t\t\t\t<\/div>\n\t\t\t\t<\/div>\n\t\t\t\t\t<\/div>\n\t\t\t\t<\/div>\n\t\t<div class=\"elementor-element elementor-element-iwgw-uelgen-s10 e-flex e-con-boxed e-con e-parent\" data-id=\"iwgw-uelgen-s10\" data-element_type=\"container\" data-e-type=\"container\">\n\t\t\t\t\t<div class=\"e-con-inner\">\n\t\t\t\t<div class=\"elementor-element elementor-element-iwgw-uelgen-s10h elementor-widget elementor-widget-heading\" data-id=\"iwgw-uelgen-s10h\" data-element_type=\"widget\" data-e-type=\"widget\" data-widget_type=\"heading.default\">\n\t\t\t\t\t<h2 class=\"elementor-heading-title elementor-size-default\">Prameny a vztah ke kulturn\u00edmu hubu<\/h2>\t\t\t\t<\/div>\n\t\t<div class=\"elementor-element elementor-element-iwgw-uelgen-s10c e-con-full e-flex e-con e-child\" data-id=\"iwgw-uelgen-s10c\" data-element_type=\"container\" data-e-type=\"container\">\n\t\t\t\t<div class=\"elementor-element elementor-element-iwgw-uelgen-s10t elementor-widget elementor-widget-text-editor\" data-id=\"iwgw-uelgen-s10t\" data-element_type=\"widget\" data-e-type=\"widget\" data-widget_type=\"text-editor.default\">\n\t\t\t\t\t\t\t\t\t<p>Kdo chce studovat komplex \u00dclgena v cel\u00e9 jeho \u0161\u00ed\u0159i, najde na p\u0159ehledov\u00e9 str\u00e1nce <a href=\"https:\/\/iwell-guard.com\/cs\/sibirsky-samanismus-tengrismus\/\">Sibi\u0159sko-tengristick\u00e1 tradice<\/a> nejd\u016fle\u017eit\u011bj\u0161\u00ed odkazy na p\u0159\u00edbuzn\u00e9 postavy jako <a href=\"https:\/\/iwell-guard.com\/cs\/?page_id=145506\">Tengri<\/a>, <a href=\"https:\/\/iwell-guard.com\/cs\/?page_id=145508\">Erlik Khan<\/a> a na matku-ochr\u00e1nkyni <a href=\"https:\/\/iwell-guard.com\/cs\/?page_id=145507\">Umai<\/a>.<\/p><p>D\u00edlo A. V. Anochina <em>Materi\u00e1ly k <span class=\"iwg-fachbegriff\" data-tooltip=\"N\u00e1bo\u017eensk\u00fd syst\u00e9m, v n\u011bm\u017e specialist\u00e9 komunikuj\u00ed se sv\u011btem duch\u016f.\" tabindex=\"0\">\u0161amanismu<\/span> Altajc\u016f<\/em> (1924) je nejd\u016fle\u017eit\u011bj\u0161\u00edm prim\u00e1rn\u00edm pramenem a nab\u00edz\u00ed podrobn\u00e9 popisy \u0161esti \u00fapln\u00fdch \u0161amansk\u00fdch seanc\u00ed, kter\u00e9 autor s\u00e1m zaznamenal. <em>Altajskij \u0161amanizm<\/em> L. P. Potapova (1991) je nejv\u00fdznamn\u011bj\u0161\u00ed sov\u011btsko-ruskou synt\u00e9zou.<\/p><p>Pro zasazen\u00ed do cirkumpol\u00e1rn\u00edho kontextu lze odk\u00e1zat na d\u00edlo Juhy Pentik\u00e4inena <em>Shamanism and Culture<\/em> (1998), kter\u00e9 \u00dclgena za\u0159azuje do \u0161ir\u0161\u00ed \u0159ady boh\u016f sv\u011btla od Skandin\u00e1vie po Sibi\u0159.<\/p>\t\t\t\t\t\t\t\t<\/div>\n\t\t\t\t<\/div>\n\t\t\t\t\t<\/div>\n\t\t\t\t<\/div>\n\t\t<div class=\"elementor-element elementor-element-iwgw-uelgen-s11 e-flex e-con-boxed e-con e-parent\" data-id=\"iwgw-uelgen-s11\" data-element_type=\"container\" data-e-type=\"container\">\n\t\t\t\t\t<div class=\"e-con-inner\">\n\t\t\t\t<div class=\"elementor-element elementor-element-iwgw-uelgen-s11h elementor-widget elementor-widget-heading\" data-id=\"iwgw-uelgen-s11h\" data-element_type=\"widget\" data-e-type=\"widget\" data-widget_type=\"heading.default\">\n\t\t\t\t\t<h2 class=\"elementor-heading-title elementor-size-default\">Religionistick\u00e1 fenomenologie sv\u011btla<\/h2>\t\t\t\t<\/div>\n\t\t<div class=\"elementor-element elementor-element-iwgw-uelgen-s11c e-con-full e-flex e-con e-child\" data-id=\"iwgw-uelgen-s11c\" data-element_type=\"container\" data-e-type=\"container\">\n\t\t\t\t<div class=\"elementor-element elementor-element-iwgw-uelgen-s11t elementor-widget elementor-widget-text-editor\" data-id=\"iwgw-uelgen-s11t\" data-element_type=\"widget\" data-e-type=\"widget\" data-widget_type=\"text-editor.default\">\n\t\t\t\t\t\t\t\t\t<p>\u00dclgen je u\u010debnicov\u00fdm p\u0159\u00edkladem religionisticko-fenomenologick\u00e9 kategorie \u201eb\u016fh sv\u011btla\u201c, kterou vypracoval Wilhelm Schmidt ve sv\u00e9 teorii vrchn\u00edho bo\u017estva a pozd\u011bji Friedrich Heiler v d\u00edle <em>Erscheinungsformen und Wesen der Religion<\/em> (1961). Charakteristick\u00e9 je spojen\u00ed sv\u011btla, v\u00fd\u0161ky, stvo\u0159en\u00ed a etick\u00e9ho \u0159\u00e1du.<\/p><p>Ve srovn\u00e1n\u00ed s jin\u00fdmi bohy sv\u011btla, nap\u0159\u00edklad v\u00e9dsk\u00fdm S\u00faryou, egyptsk\u00fdm Rou nebo zoroastrick\u00fdm Hvar Kh\u0161a\u00e9tou, u \u00dclgena chyb\u00ed p\u0159\u00edm\u00e1 identifikace se slune\u010dn\u00edm kotou\u010dem; je sp\u00ed\u0161e \u201ez\u00e1\u0159\u00edc\u00edm vrchn\u00edm bo\u017estvem\u201c stoj\u00edc\u00edm za astr\u00e1ln\u00edmi jevy. To ho typologicky p\u0159ibli\u017euje k indoevropsk\u00fdm vrchn\u00edm bo\u017estv\u016fm, jako je Varuna nebo Tyr, v\u00edce ne\u017e k indo\u00edr\u00e1nsk\u00fdm sol\u00e1rn\u00edm bo\u017estv\u016fm.<\/p><p>Spojen\u00ed se stromem sv\u011bta je kl\u00ed\u010dov\u00fdm motivem, kter\u00fd rozhoduj\u00edc\u00edm zp\u016fsobem ovlivnil Eliadovu koncepci \u201eAxis Mundi\u201c. I kdy\u017e je Eliadova teorie dnes hodnocena kriticky, materi\u00e1l z okruhu \u00dclgena z\u016fst\u00e1v\u00e1 jedn\u00edm z nejp\u0159esv\u011bd\u010div\u011bj\u0161\u00edch p\u0159\u00edklad\u016f vertik\u00e1ln\u00edch kosmick\u00fdch media\u010dn\u00edch struktur.<\/p>\t\t\t\t\t\t\t\t<\/div>\n\t\t\t\t<\/div>\n\t\t\t\t\t<\/div>\n\t\t\t\t<\/div>\n\t\t<div class=\"elementor-element elementor-element-iwgw-uelgen-s12 e-flex e-con-boxed e-con e-parent\" data-id=\"iwgw-uelgen-s12\" data-element_type=\"container\" data-e-type=\"container\">\n\t\t\t\t\t<div class=\"e-con-inner\">\n\t\t\t\t<div class=\"elementor-element elementor-element-iwgw-uelgen-s12h elementor-widget elementor-widget-heading\" data-id=\"iwgw-uelgen-s12h\" data-element_type=\"widget\" data-e-type=\"widget\" data-widget_type=\"heading.default\">\n\t\t\t\t\t<h2 class=\"elementor-heading-title elementor-size-default\">Metodologick\u00e1 reflexe<\/h2>\t\t\t\t<\/div>\n\t\t<div class=\"elementor-element elementor-element-iwgw-uelgen-s12c e-con-full e-flex e-con e-child\" data-id=\"iwgw-uelgen-s12c\" data-element_type=\"container\" data-e-type=\"container\">\n\t\t\t\t<div class=\"elementor-element elementor-element-iwgw-uelgen-s12t elementor-widget elementor-widget-text-editor\" data-id=\"iwgw-uelgen-s12t\" data-element_type=\"widget\" data-e-type=\"widget\" data-widget_type=\"text-editor.default\">\n\t\t\t\t\t\t\t\t\t<p>P\u0159i v\u00fdzkumu \u00dclgena vznik\u00e1 n\u011bkolik metodick\u00fdch probl\u00e9m\u016f. Za prv\u00e9: altajsk\u00e9 n\u00e1bo\u017eenstv\u00ed bylo v 19. stolet\u00ed zaznamen\u00e1v\u00e1no p\u0159edev\u0161\u00edm rusko-ortodoxn\u00edmi mision\u00e1\u0159i a pon\u011bkud pozd\u011bji rusk\u00fdmi etnografy. Ob\u011b skupiny m\u011bly interpreta\u010dn\u00ed p\u0159edpojatosti, kter\u00e9 zkresluj\u00ed dochovan\u00fd obraz.<\/p><p>Za druh\u00e9: Anochinovy podrobn\u00e9 z\u00e1pisy ze seanc\u00ed (1909) jsou vynikaj\u00edc\u00edm pramenem, jsou v\u0161ak ovlivn\u011bny p\u0159\u00edtomnost\u00ed samotn\u00e9ho pozorovatele. Metodick\u00e1 diskuse o \u201ez\u00fa\u010dastn\u011bn\u00e9m pozorov\u00e1n\u00ed\u201c v religionistick\u00e9 etnologii se p\u0159\u00edmo dot\u00fdk\u00e1 Anochinova materi\u00e1lu.<\/p><p>Za t\u0159et\u00ed: sou\u010dasn\u00e1 re-tengrizace v Altajsk\u00e9 republice vytv\u00e1\u0159\u00ed konsolidovanou obrazovou tradici \u00dclgena, kter\u00e1 v historick\u00e9m materi\u00e1lu v t\u00e9to uzav\u0159en\u00e9 podob\u011b neexistovala. Tato konstrukce je z hlediska sociologie n\u00e1bo\u017eenstv\u00ed zaj\u00edmav\u00e1, nem\u011bla by v\u0161ak b\u00fdt zam\u011b\u0148ov\u00e1na s historickou vrstvou.<\/p>\t\t\t\t\t\t\t\t<\/div>\n\t\t\t\t<\/div>\n\t\t\t\t\t<\/div>\n\t\t\t\t<\/div>\n\t\t<div class=\"elementor-element elementor-element-iwgw-uelgen-s13 e-flex e-con-boxed e-con e-parent\" data-id=\"iwgw-uelgen-s13\" data-element_type=\"container\" data-e-type=\"container\">\n\t\t\t\t\t<div class=\"e-con-inner\">\n\t\t\t\t<div class=\"elementor-element elementor-element-iwgw-uelgen-s13h elementor-widget elementor-widget-heading\" data-id=\"iwgw-uelgen-s13h\" data-element_type=\"widget\" data-e-type=\"widget\" data-widget_type=\"heading.default\">\n\t\t\t\t\t<h2 class=\"elementor-heading-title elementor-size-default\">\u00dclgen a p\u0159edstava stromu sv\u011bta<\/h2>\t\t\t\t<\/div>\n\t\t<div class=\"elementor-element elementor-element-iwgw-uelgen-s13c e-con-full e-flex e-con e-child\" data-id=\"iwgw-uelgen-s13c\" data-element_type=\"container\" data-e-type=\"container\">\n\t\t\t\t<div class=\"elementor-element elementor-element-iwgw-uelgen-s13t elementor-widget elementor-widget-text-editor\" data-id=\"iwgw-uelgen-s13t\" data-element_type=\"widget\" data-e-type=\"widget\" data-widget_type=\"text-editor.default\">\n\t\t\t\t\t\t\t\t\t<p>Kl\u00ed\u010dovou n\u00e1bo\u017eenskou symbolickou p\u0159edstavou v okruhu \u00dclgena je strom sv\u011bta, <em>baj-terek<\/em>: kosmick\u00fd mod\u0159\u00edn nebo b\u0159\u00edza, jej\u00ed\u017e ko\u0159eny sahaj\u00ed do podsv\u011bt\u00ed a jej\u00ed\u017e koruna \u00fast\u00ed pod \u00dclgenov\u00fdm tr\u016fnem. Pod\u00e9l t\u00e9to osy vystupuje b\u00edl\u00fd <span class=\"iwg-fachbegriff\" data-tooltip=\"N\u00e1bo\u017eensk\u00fd specialista, kter\u00e9mu je p\u0159ipisov\u00e1no zprost\u0159edkov\u00e1n\u00ed mezi lidmi a sv\u011btem duch\u016f.\" tabindex=\"0\">\u0161aman<\/span>.<\/p><p>Mircea Eliade z tohoto <span class=\"iwg-fachbegriff\" data-tooltip=\"Opakuj\u00edc\u00ed se obsahov\u00fd prvek v um\u011bn\u00ed nebo vypr\u00e1v\u011bn\u00ed.\" tabindex=\"0\">motivu<\/span> ud\u011blal \u00fast\u0159edn\u00ed kategorii sv\u00e9ho modelu <span class=\"iwg-fachbegriff\" data-tooltip=\"N\u00e1bo\u017eensk\u00fd syst\u00e9m, v n\u011bm\u017e specialist\u00e9 komunikuj\u00ed se sv\u011btem duch\u016f.\" tabindex=\"0\">\u0161amanismu<\/span> a systematicky jej vypracoval pod pojmem \u201eAxis Mundi\u201c v d\u00edlech <em>Le sacr\u00e9 et le profane<\/em> (1957) a <em>Le chamanisme<\/em> (1951). I kdy\u017e je Eliad\u016fv model dnes hodnocen kriticky, z\u016fst\u00e1v\u00e1 strom sv\u011bta v okruhu \u00dclgena jedn\u00edm z nejp\u0159esv\u011bd\u010div\u011bj\u0161\u00edch p\u0159\u00edklad\u016f vertik\u00e1ln\u00ed kosmick\u00e9 media\u010dn\u00ed struktury v domorod\u00e9m n\u00e1bo\u017eenstv\u00ed.<\/p><p>Sou\u010dasn\u00ed altaj\u0161t\u00ed um\u011blci navazuj\u00ed na p\u0159edstavu stromu sv\u011bta; ta je vid\u011bt na mnoha n\u00e1st\u011bnn\u00fdch malb\u00e1ch, suven\u00fdrech a na v\u00fdstav\u00e1ch lidov\u00e9ho um\u011bn\u00ed. Tato recepce je z hlediska sociologie n\u00e1bo\u017eenstv\u00ed zaj\u00edmav\u00e1, proto\u017ee transformuje n\u00e1bo\u017eensk\u00fd <span class=\"iwg-fachbegriff\" data-tooltip=\"Opakuj\u00edc\u00ed se obsahov\u00fd prvek v um\u011bn\u00ed nebo vypr\u00e1v\u011bn\u00ed.\" tabindex=\"0\">motiv<\/span> v kulturn\u00ed znak identity.<\/p>\t\t\t\t\t\t\t\t<\/div>\n\t\t\t\t<\/div>\n\t\t\t\t\t<\/div>\n\t\t\t\t<\/div>\n\t\t<div class=\"elementor-element elementor-element-iwgw-uelgen-s14 e-flex e-con-boxed e-con e-parent\" data-id=\"iwgw-uelgen-s14\" data-element_type=\"container\" data-e-type=\"container\">\n\t\t\t\t\t<div class=\"e-con-inner\">\n\t\t\t\t<div class=\"elementor-element elementor-element-iwgw-uelgen-s14h elementor-widget elementor-widget-heading\" data-id=\"iwgw-uelgen-s14h\" data-element_type=\"widget\" data-e-type=\"widget\" data-widget_type=\"heading.default\">\n\t\t\t\t\t<h2 class=\"elementor-heading-title elementor-size-default\">\u00dclgen v zrcadle sou\u010dasn\u00fdch badatelsk\u00fdch debat<\/h2>\t\t\t\t<\/div>\n\t\t<div class=\"elementor-element elementor-element-iwgw-uelgen-s14c e-con-full e-flex e-con e-child\" data-id=\"iwgw-uelgen-s14c\" data-element_type=\"container\" data-e-type=\"container\">\n\t\t\t\t<div class=\"elementor-element elementor-element-iwgw-uelgen-s14t elementor-widget elementor-widget-text-editor\" data-id=\"iwgw-uelgen-s14t\" data-element_type=\"widget\" data-e-type=\"widget\" data-widget_type=\"text-editor.default\">\n\t\t\t\t\t\t\t\t\t<p>Sou\u010dasn\u00fd v\u00fdzkum \u00dclgena se pohybuje v n\u011bkolika produktivn\u00edch nap\u011bt\u00edch. Na jedn\u00e9 stran\u011b stoj\u00ed zaveden\u00e1 rusko-sov\u011btsk\u00e1 \u0161kola (Potapov, Tokarev), kter\u00e1 pracuje s bohat\u00fdm empirick\u00fdm materi\u00e1lem, na druh\u00e9 stran\u011b z\u00e1padn\u00ed religionistick\u00e1 fenomenologie (Eliade, Pentik\u00e4inen), kter\u00e1 hled\u00e1 obecn\u00e9 n\u00e1bo\u017eensk\u00e9 struktury.<\/p><p>Ob\u011b \u0161koly se vz\u00e1jemn\u011b dopl\u0148uj\u00ed, ani\u017e by se pln\u011b shodovaly. Roberte Hamayon toto nap\u011bt\u00ed explicitn\u011b formulovala v d\u00edle <em>La chasse \u00e0 l&#8217;\u00e2me<\/em> (1990) a vyslovila se pro t\u0159et\u00ed, soci\u00e1ln\u011b-ekonomicky podlo\u017een\u00e9 \u010dten\u00ed.<\/p><p>Andrei Znamenski ve sv\u00fdch d\u00edlech od roku 2003 systematicky zpracoval metodick\u00e9 probl\u00e9my v\u00fdzkumu <span class=\"iwg-fachbegriff\" data-tooltip=\"N\u00e1bo\u017eensk\u00fd syst\u00e9m, v n\u011bm\u017e specialist\u00e9 komunikuj\u00ed se sv\u011btem duch\u016f.\" tabindex=\"0\">\u0161amanismu<\/span>: Kolik z obrazu, kter\u00fd v\u00fdzkum vytv\u00e1\u0159\u00ed, je vlastn\u011b d\u016fsledkem samotn\u00e9ho v\u00fdzkumu? Tento reflexivn\u00ed obrat dnes ovliv\u0148uje i v\u00fdzkum \u00dclgena. Pro mlad\u00e9 religionisty je to pou\u010dn\u00fd p\u0159\u00edklad.<\/p>\t\t\t\t\t\t\t\t<\/div>\n\t\t\t\t<\/div>\n\t\t\t\t\t<\/div>\n\t\t\t\t<\/div>\n\t\t<div class=\"elementor-element elementor-element-cp2bb9b29e e-flex e-con-boxed e-con e-parent\" data-id=\"cp2bb9b29e\" data-element_type=\"container\" data-e-type=\"container\">\n\t\t\t\t\t<div class=\"e-con-inner\">\n\t\t\t\t<div class=\"elementor-element elementor-element-cp26f84b97 elementor-widget elementor-widget-heading\" data-id=\"cp26f84b97\" data-element_type=\"widget\" data-e-type=\"widget\" data-widget_type=\"heading.default\">\n\t\t\t\t\t<h2 class=\"elementor-heading-title elementor-size-default\">\u00dclgen v n\u00e1bo\u017eenstv\u00ed altajsk\u00fdch Turk\u016f: prameny a zapisovatel\u00e9<\/h2>\t\t\t\t<\/div>\n\t\t<div class=\"elementor-element elementor-element-cp237ddc15 e-flex e-con-boxed e-con e-child\" data-id=\"cp237ddc15\" data-element_type=\"container\" data-e-type=\"container\">\n\t\t\t\t\t<div class=\"e-con-inner\">\n\t\t\t\t<div class=\"elementor-element elementor-element-cp28067a54 elementor-widget elementor-widget-text-editor\" data-id=\"cp28067a54\" data-element_type=\"widget\" data-e-type=\"widget\" data-widget_type=\"text-editor.default\">\n\t\t\t\t\t\t\t\t\t<p><span class=\"iwg-fachbegriff\" data-tooltip=\"Bytost uct\u00edvan\u00e1 jako bo\u017esk\u00e1 v r\u00e1mci ur\u010dit\u00e9ho n\u00e1bo\u017eenstv\u00ed.\" tabindex=\"0\">Bo\u017estvo<\/span> \u00dclgen, v p\u0159episu tak\u00e9 <em>\u00dclg\u00e4n<\/em> nebo <em>Bai \u00dclgen<\/em>, je zn\u00e1m p\u0159edev\u0161\u00edm z n\u00e1bo\u017eenstv\u00ed turkicky mluv\u00edc\u00edch n\u00e1rod\u016f Altaje. Nejd\u016fle\u017eit\u011bj\u0161\u00ed popisy vd\u011b\u010d\u00edme etnografii 19. a po\u010d\u00e1tku 20. stolet\u00ed.<\/p><p>Zvl\u00e1\u0161tn\u00ed v\u00fdznam maj\u00ed pr\u00e1ce badatele Wilhelma Radloffa a mision\u00e1\u0159e a jazykov\u011bdce Wassilije Werbick\u00e9ho, kte\u0159\u00ed v 19. stolet\u00ed p\u016fsobili mezi Altajci a sb\u00edrali texty, modlitby a popisy ritu\u00e1ln\u00ed praxe.<\/p><p>V t\u011bchto pramenech se \u00dclgen jev\u00ed jako vysok\u00fd, laskav\u00fd b\u016fh nebe, s\u00eddl\u00edc\u00ed v jedn\u00e9 z horn\u00edch nebesk\u00fdch vrstev. Mnoh\u00e9 tradice mu stav\u00ed do protikladu Erlika, p\u00e1na podsv\u011bt\u00ed. \u00dclgen je spojov\u00e1n se stvo\u0159en\u00edm, plodnost\u00ed, dobytkem a blahobytem lid\u00ed.<\/p><p>Na rozd\u00edl od vzd\u00e1len\u00e9ho, ne\u010dinn\u00e9ho boha nebes byl \u00dclgen adres\u00e1tem konkr\u00e9tn\u00edch ritu\u00e1l\u016f; p\u0159in\u00e1\u0161ely se mu zv\u00ed\u0159ec\u00ed ob\u011bti, zejm\u00e9na kon\u011b, a \u0161amansk\u00fd specialista s n\u00edm navazoval kontakt prost\u0159ednictv\u00edm ritu\u00e1ln\u00edch zp\u011bv\u016f.<\/p><p>P\u0159i pr\u00e1ci s t\u011bmito prameny je t\u0159eba m\u00edt na pam\u011bti, \u017ee Werbick\u00fd byl mision\u00e1\u0159 a altajsk\u00e9 n\u00e1bo\u017eenstv\u00ed vn\u00edmal z k\u0159es\u0165ansk\u00e9 perspektivy, zat\u00edmco Radloff se zam\u011b\u0159oval sp\u00ed\u0161e na jazykov\u011bdn\u00e9 a etnografick\u00e9 hledisko. Oba nav\u00edc zaznamenali n\u00e1bo\u017eenstv\u00ed, kter\u00e9 ji\u017e bylo ovlivn\u011bno kontaktem s buddhismem, k\u0159es\u0165anstv\u00edm a ruskou vl\u00e1dou.<\/p><p>N\u011bkte\u0159\u00ed badatel\u00e9 se v dualistick\u00e9m protikladu \u00dclgena a Erlika domn\u00edvali dokonce mo\u017en\u00fd \u00edr\u00e1nsko-zoroastrovsk\u00fd nebo k\u0159es\u0165ansk\u00fd vliv. Tato ot\u00e1zka nen\u00ed definitivn\u011b vy\u0159e\u0161ena, ale nab\u00e1d\u00e1 k tomu, nepova\u017eovat p\u0159ed\u00e1van\u00fd obraz \u00dclgena bez dal\u0161\u00edho za prad\u00e1vn\u00fd a nepoznamenan\u00fd vlivy. Podobn\u00e1 nebesk\u00e1 bo\u017estva znaj\u00ed i sousedn\u00ed <a href=\"https:\/\/iwell-guard.com\/cs\/sibirsky-samanismus-tengrismus\/\">vnitroasijsk\u00e9 kultury<\/a>.<\/p>\t\t\t\t\t\t\t\t<\/div>\n\t\t\t\t\t<\/div>\n\t\t\t\t<\/div>\n\t\t\t\t\t<\/div>\n\t\t\t\t<\/div>\n\t\t<div class=\"elementor-element elementor-element-cp299b431d e-flex e-con-boxed e-con e-parent\" data-id=\"cp299b431d\" data-element_type=\"container\" data-e-type=\"container\">\n\t\t\t\t\t<div class=\"e-con-inner\">\n\t\t\t\t<div class=\"elementor-element elementor-element-cp206c9790 elementor-widget elementor-widget-heading\" data-id=\"cp206c9790\" data-element_type=\"widget\" data-e-type=\"widget\" data-widget_type=\"heading.default\">\n\t\t\t\t\t<h2 class=\"elementor-heading-title elementor-size-default\">\u0160amansk\u00e1 nebesk\u00e1 cesta k \u00dclgenovi: ritu\u00e1ln\u00ed text v detailu<\/h2>\t\t\t\t<\/div>\n\t\t<div class=\"elementor-element elementor-element-cp262fe7ef e-flex e-con-boxed e-con e-child\" data-id=\"cp262fe7ef\" data-element_type=\"container\" data-e-type=\"container\">\n\t\t\t\t\t<div class=\"e-con-inner\">\n\t\t\t\t<div class=\"elementor-element elementor-element-cp213fcfa0 elementor-widget elementor-widget-text-editor\" data-id=\"cp213fcfa0\" data-element_type=\"widget\" data-e-type=\"widget\" data-widget_type=\"text-editor.default\">\n\t\t\t\t\t\t\t\t\t<p>K nejp\u016fsobiv\u011bj\u0161\u00edm sv\u011bdectv\u00edm altajsk\u00e9ho n\u00e1bo\u017eenstv\u00ed pat\u0159\u00ed popis ritu\u00e1ln\u00ed nebesk\u00e9 cesty k \u00dclgenovi, jak jej mimo jin\u00e9 podal Wilhelm Radloff a jak jej pozd\u011bji podrobn\u011b zpracoval religionista Mircea Eliade ve sv\u00e9m v\u00fdzkumu <span class=\"iwg-fachbegriff\" data-tooltip=\"N\u00e1bo\u017eensk\u00fd syst\u00e9m, v n\u011bm\u017e specialist\u00e9 komunikuj\u00ed se sv\u011btem duch\u016f.\" tabindex=\"0\">\u0161amanismu<\/span>. <span class=\"iwg-fachbegriff\" data-tooltip=\"Uspo\u0159\u00e1dan\u00fd sled symbolick\u00fdch jedn\u00e1n\u00ed s n\u00e1bo\u017eensk\u00fdm \u010di kulturn\u00edm v\u00fdznamem.\" tabindex=\"0\">Ritu\u00e1l<\/span> slou\u017eil k ob\u011btov\u00e1n\u00ed kon\u011b \u00dclgenovi a m\u011bl zajistit jeho p\u0159\u00edze\u0148 pro spole\u010denstv\u00ed.<\/p><p>Pr\u016fb\u011bh, jak je pops\u00e1n v pramenech, je v\u00edcestup\u0148ov\u00fd. Po p\u0159\u00edprav\u00e1ch, k nim\u017e pat\u0159il v\u00fdb\u011br a ritu\u00e1ln\u00ed o\u0161et\u0159en\u00ed ob\u011btn\u00edho zv\u00ed\u0159ete, symbolicky vystoupil \u0161amansk\u00fd specialista po \u0159ad\u011b z\u00e1\u0159ez\u016f vytesan\u00fdch do b\u0159\u00edzy, kter\u00e9 p\u0159edstavovaly po sob\u011b jdouc\u00ed nebesk\u00e9 vrstvy.<\/p><p>V ritu\u00e1ln\u00edch zp\u011bvech popisoval v\u00fdstup vrstvu po vrstv\u011b, cestou se setk\u00e1val s r\u016fzn\u00fdmi bytostmi a nakonec se p\u0159ibl\u00ed\u017eil k s\u00eddlu \u00dclgena. V tomto okam\u017eiku p\u0159ednesl p\u0159\u00e1n\u00ed spole\u010denstv\u00ed a sna\u017eil se z odpov\u011bd\u00ed z\u00edskat informace o budoucnosti, nap\u0159\u00edklad o nadch\u00e1zej\u00edc\u00ed \u00farod\u011b nebo mno\u017een\u00ed st\u00e1d.<\/p><p>P\u0159i hodnocen\u00ed tohoto popisu je vhodn\u00e1 zdr\u017eenlivost. Text, kter\u00fd zaznamenal Radloff, je konkr\u00e9tn\u00ed performance v\u00e1zan\u00e1 na m\u00edsto a \u010das, nikoli nad\u010dasov\u00fd sc\u00e9n\u00e1\u0159. Eliade jej zobecnil jako vzorov\u00fd p\u0159\u00edklad \u0161amansk\u00e9 nebesk\u00e9 cesty, av\u0161ak pozd\u011bj\u0161\u00ed badatel\u00e9 kritizovali jeho tendenci k zjednodu\u0161ov\u00e1n\u00ed.<\/p><p>Lze konstatovat, \u017ee \u00dclgen v altajsk\u00e9 praxi nebyl pouze teologickou p\u0159edstavou, n\u00fdbr\u017e c\u00edlem n\u00e1ro\u010dn\u00e9ho ritu\u00e1ln\u00edho jedn\u00e1n\u00ed, v n\u011bm\u017e se konkr\u00e9tn\u011b inscenovalo vrstven\u00ed nebes a v\u00fdstup specialisty.<\/p>\t\t\t\t\t\t\t\t<\/div>\n\t\t\t\t\t<\/div>\n\t\t\t\t<\/div>\n\t\t\t\t\t<\/div>\n\t\t\t\t<\/div>\n\t\t<div class=\"elementor-element elementor-element-cp25359e9f e-flex e-con-boxed e-con e-parent\" data-id=\"cp25359e9f\" data-element_type=\"container\" data-e-type=\"container\">\n\t\t\t\t\t<div class=\"e-con-inner\">\n\t\t\t\t<div class=\"elementor-element elementor-element-cp239a60e9 elementor-widget elementor-widget-heading\" data-id=\"cp239a60e9\" data-element_type=\"widget\" data-e-type=\"widget\" data-widget_type=\"heading.default\">\n\t\t\t\t\t<h2 class=\"elementor-heading-title elementor-size-default\">\u00dclgen a Erlik: dualistick\u00e1 struktura a jej\u00ed v\u00fdklady<\/h2>\t\t\t\t<\/div>\n\t\t<div class=\"elementor-element elementor-element-cp2c94b71a e-flex e-con-boxed e-con e-child\" data-id=\"cp2c94b71a\" data-element_type=\"container\" data-e-type=\"container\">\n\t\t\t\t\t<div class=\"e-con-inner\">\n\t\t\t\t<div class=\"elementor-element elementor-element-cp27d463c9 elementor-widget elementor-widget-text-editor\" data-id=\"cp27d463c9\" data-element_type=\"widget\" data-e-type=\"widget\" data-widget_type=\"text-editor.default\">\n\t\t\t\t\t\t\t\t\t<p>Pro p\u0159ed\u00e1van\u00fd obraz \u00dclgena je charakteristick\u00e9 jeho t\u011bsn\u00e9 spojen\u00ed s protikladnou postavou <a href=\"https:\/\/iwell-guard.com\/cs\/sibirsky-samanismus-tengrismus\/\">Erlika<\/a>. V mnoh\u00fdch altajsk\u00fdch vypr\u00e1v\u011bn\u00edch se oba jev\u00ed jako komplement\u00e1rn\u00ed dvojice: \u00dclgen naho\u0159e na nebi, p\u0159i\u0159azen\u00fd ke sv\u011btlu, stvo\u0159en\u00ed a \u017eivotu, Erlik dole, p\u0159i\u0159azen\u00fd k podsv\u011bt\u00ed, nemoci a smrti.<\/p><p>N\u011bkter\u00e1 vypr\u00e1v\u011bn\u00ed o stvo\u0159en\u00ed zapojuj\u00ed do stvo\u0159en\u00ed sv\u011bta oba, p\u0159i\u010dem\u017e Erlik\u016fv pod\u00edl \u010dasto do sv\u011bta p\u0159in\u00e1\u0161\u00ed nedokonalost \u010di \u0161kodlivost.<\/p><p>Touto dualistickou strukturou se badatel\u00e9 intenzivn\u011b zab\u00fdvali. Jedna z ot\u00e1zek zn\u00ed, zda je v\u00fdrazn\u00fd dualismus p\u016fvodn\u00edm rysem altajsk\u00e9ho n\u00e1bo\u017eenstv\u00ed, nebo zda byl pos\u00edlen kontakty s dualistick\u00fdmi n\u00e1bo\u017eensk\u00fdmi syst\u00e9my, nap\u0159\u00edklad se zoroastrovsk\u00fdmi p\u0159edstavami p\u0159enesen\u00fdmi p\u0159es vnitroasijsk\u00e9 obchodn\u00ed cesty nebo s k\u0159es\u0165ansk\u00fdmi p\u0159edstavami o Bohu a \u010f\u00e1blu prost\u0159ednictv\u00edm rusk\u00e9 mise.<\/p><p>Jednozna\u010dn\u00e1 odpov\u011b\u010f nen\u00ed mo\u017en\u00e1, proto\u017ee prameny poch\u00e1zej\u00ed a\u017e z doby, kdy takov\u00e9 kontakty ji\u017e d\u00e1vno existovaly.<\/p><p>D\u016fle\u017eit\u00e9 je tak\u00e9 to, \u017ee protiklad mezi \u00dclgenem a Erlikem by nem\u011blo b\u00fdt ch\u00e1p\u00e1no jako prost\u00fd boj dobra a zla. V mnoh\u00fdch vypr\u00e1v\u011bn\u00edch nen\u00ed Erlik \u010dist\u00fdm protivn\u00edkem, n\u00fdbr\u017e nezbytnou sou\u010d\u00e1st\u00ed sv\u011btov\u00e9ho \u0159\u00e1du, s n\u00ed\u017e bylo t\u0159eba se srovnat stejn\u011b jako s \u00dclgenem.<\/p><p>\u0160aman\u0161t\u00ed specialist\u00e9 komunikovali jak s horn\u00edm, tak s doln\u00edm sv\u011btem. Vztah obou moc\u00ed je tedy t\u0159eba popsat sp\u00ed\u0161e jako napjatou komplementaritu ne\u017e jako mor\u00e1ln\u00ed dualismus. Pro za\u0159azen\u00ed \u00dclgena z toho plyne, \u017ee jeho v\u00fdznam se pln\u011b odhaluje teprve v protikladu k Erlikovi: je nebesk\u00fdm p\u00f3lem dvojp\u00f3lov\u00e9ho v\u00fdkladu sv\u011bta.<\/p>\t\t\t\t\t\t\t\t<\/div>\n\t\t\t\t\t<\/div>\n\t\t\t\t<\/div>\n\t\t\t\t\t<\/div>\n\t\t\t\t<\/div>\n\t\t<div class=\"elementor-element elementor-element-iwgw-uelgen-lit e-flex e-con-boxed e-con e-parent\" data-id=\"iwgw-uelgen-lit\" data-element_type=\"container\" data-e-type=\"container\">\n\t\t\t\t\t<div class=\"e-con-inner\">\n\t\t\t\t<div class=\"elementor-element elementor-element-iwgw-uelgen-lith elementor-widget elementor-widget-heading\" data-id=\"iwgw-uelgen-lith\" data-element_type=\"widget\" data-e-type=\"widget\" data-widget_type=\"heading.default\">\n\t\t\t\t\t<h2 class=\"elementor-heading-title elementor-size-default\">Literatura (v\u00fdb\u011br)<\/h2>\t\t\t\t<\/div>\n\t\t<div class=\"elementor-element elementor-element-iwgw-uelgen-litc e-con-full e-flex e-con e-child\" data-id=\"iwgw-uelgen-litc\" data-element_type=\"container\" data-e-type=\"container\">\n\t\t\t\t<div class=\"elementor-element elementor-element-iwgw-uelgen-litt elementor-widget elementor-widget-text-editor\" data-id=\"iwgw-uelgen-litt\" data-element_type=\"widget\" data-e-type=\"widget\" data-widget_type=\"text-editor.default\">\n\t\t\t\t\t\t\t\t\t<ul><li>A. V. Anochin: <em>Materialy k <span class=\"iwg-fachbegriff\" data-tooltip=\"N\u00e1bo\u017eensk\u00fd syst\u00e9m, v n\u011bm\u017e specialist\u00e9 komunikuj\u00ed se sv\u011btem duch\u016f.\" tabindex=\"0\">\u0161amanismu<\/span> Altajc\u016f<\/em> (1924)<\/li><li>L. P. Potapov: <em>Altajskij \u0161amanizm<\/em> (1991)<\/li><li>Mircea Eliade: <em>Le chamanisme<\/em> (1951)<\/li><li>Vladimir Basilov: <em>Shamanism in Siberia<\/em> (1984)<\/li><li>Juha Pentik\u00e4inen: <em>Shamanism and Culture<\/em> (1998)<\/li><li>Andrei Znamenski: <em>Shamanism and Western Imagination<\/em> (2007)<\/li><li>Roberte Hamayon: <em>La chasse \u00e0 l&#8217;\u00e2me<\/em> (1990)<\/li><\/ul>\t\t\t\t\t\t\t\t<\/div>\n\t\t\t\t<\/div>\n\t\t\t\t\t<\/div>\n\t\t\t\t<\/div>\n\t\t<div class=\"elementor-element elementor-element-iwgkw-add-uelgen e-flex e-con-boxed e-con e-parent\" data-id=\"iwgkw-add-uelgen\" data-element_type=\"container\" data-e-type=\"container\">\n\t\t\t\t\t<div class=\"e-con-inner\">\n\t\t\t\t<div class=\"elementor-element elementor-element-iwgkw-add-uelgen-t elementor-widget elementor-widget-text-editor\" data-id=\"iwgkw-add-uelgen-t\" data-element_type=\"widget\" data-e-type=\"widget\" data-widget_type=\"text-editor.default\">\n\t\t\t\t\t\t\t\t\t<p>Altajsk\u00fd b\u016fh sv\u011btla je v pramenech uv\u00e1d\u011bn ve dvou b\u011b\u017en\u00fdch p\u0159episech: <strong>\u00dclgen<\/strong> v turkologick\u00e9 standardn\u00ed form\u011b a <strong>Uelgen<\/strong> v n\u011bmeck\u00fdch textech bez zvl\u00e1\u0161tn\u00edch znak\u016f.<\/p><p>Ob\u011b podoby jm\u00e9na ozna\u010duj\u00ed stejnou postavu, kter\u00e1 se v z\u00e1pisc\u00edch Wilhelma Radloffa a pozd\u011bj\u0161\u00edm sibi\u0159sk\u00e9m n\u00e1bo\u017eensk\u00e9m b\u00e1d\u00e1n\u00ed objevuje jako stvo\u0159itel horn\u00edho sv\u011bta a protiklad podsv\u011btn\u00edho Erlika. Dvoj\u00ed z\u00e1pis usnad\u0148uje vyhled\u00e1v\u00e1n\u00ed ve star\u0161\u00edch bibliografi\u00edch a v digit\u00e1ln\u00edch kataloz\u00edch, kde jsou p\u0159ehl\u00e1sky zpracov\u00e1v\u00e1ny r\u016fzn\u011b.<\/p>\t\t\t\t\t\t\t\t<\/div>\n\t\t\t\t\t<\/div>\n\t\t\t\t<\/div>\n\t\t<div class=\"elementor-element elementor-element-iwgkw2-add-uelgen e-flex e-con-boxed e-con e-parent\" data-id=\"iwgkw2-add-uelgen\" data-element_type=\"container\" data-e-type=\"container\">\n\t\t\t\t\t<div class=\"e-con-inner\">\n\t\t\t\t<div class=\"elementor-element elementor-element-iwgkw2-add-uelgen-t elementor-widget elementor-widget-text-editor\" data-id=\"iwgkw2-add-uelgen-t\" data-element_type=\"widget\" data-e-type=\"widget\" data-widget_type=\"text-editor.default\">\n\t\t\t\t\t\t\t\t\t<p><em>Altajsk\u00fd<\/em> stvo\u0159itelsk\u00fd m\u00fdtus zn\u00e1 \u00dclgena jako sv\u011btl\u00e9ho vl\u00e1dce nebes horn\u00edho sv\u011bta, jeho\u017e protivn\u00edk Erlik vl\u00e1dne podsv\u011bt\u00ed; etnografick\u00e9 z\u00e1pisky Wilhelma Radloffa z devaten\u00e1ct\u00e9ho stolet\u00ed toto <span class=\"iwg-fachbegriff\" data-tooltip=\"Souhrn boh\u016f ur\u010dit\u00e9ho n\u00e1bo\u017eenstv\u00ed nebo kultury.\" tabindex=\"0\">pantheon<\/span> podrobn\u011b dokumentuj\u00ed.<\/p>\t\t\t\t\t\t\t\t<\/div>\n\t\t\t\t\t<\/div>\n\t\t\t\t<\/div>\n\t\t<div class=\"elementor-element elementor-element-iwgw-uelgen-kwd e-flex e-con-boxed e-con e-parent\" data-id=\"iwgw-uelgen-kwd\" data-element_type=\"container\" data-e-type=\"container\">\n\t\t\t\t\t<div class=\"e-con-inner\">\n\t\t<div class=\"elementor-element elementor-element-iwgw-uelgen-kwdc e-con-full e-flex e-con e-child\" data-id=\"iwgw-uelgen-kwdc\" data-element_type=\"container\" data-e-type=\"container\">\n\t\t\t\t<div class=\"elementor-element elementor-element-iwgw-uelgen-kwdt elementor-widget elementor-widget-text-editor\" data-id=\"iwgw-uelgen-kwdt\" data-element_type=\"widget\" data-e-type=\"widget\" data-widget_type=\"text-editor.default\">\n\t\t\t\t\t\t\t\t\t<p><em>Souvisej\u00edc\u00ed kl\u00ed\u010dov\u00e9 pojmy: \u00dclgen Aq Kam b\u00edl\u00ed \u0161amani dev\u011bt nebes altajsk\u00e9 stvo\u0159en\u00ed.<\/em><\/p>\t\t\t\t\t\t\t\t<\/div>\n\t\t\t\t<\/div>\n\t\t\t\t\t<\/div>\n\t\t\t\t<\/div>\n\t\t<div class=\"elementor-element elementor-element-iwgw-uelgen-cc e-flex e-con-boxed e-con e-parent\" data-id=\"iwgw-uelgen-cc\" data-element_type=\"container\" data-e-type=\"container\" id=\"iwg-cc-uelgen\">\n\t\t\t\t\t<div class=\"e-con-inner\">\n\t\t<div class=\"elementor-element elementor-element-iwgw-uelgen-ccinner e-flex e-con-boxed e-con e-parent\" data-id=\"iwgw-uelgen-ccinner\" data-element_type=\"container\" data-e-type=\"container\" data-settings=\"{&quot;background_background&quot;:&quot;classic&quot;}\">\n\t\t\t\t\t<div class=\"e-con-inner\">\n\t\t\t\t<div class=\"elementor-element elementor-element-iwgw-uelgen-cch elementor-widget elementor-widget-heading\" data-id=\"iwgw-uelgen-cch\" data-element_type=\"widget\" data-e-type=\"widget\" data-widget_type=\"heading.default\">\n\t\t\t\t\t<h2 class=\"elementor-heading-title elementor-size-default\">iWell Guard a ochrann\u00e9 tradice<\/h2>\t\t\t\t<\/div>\n\t\t\t\t<div class=\"elementor-element elementor-element-iwgw-uelgen-cct elementor-widget elementor-widget-text-editor\" data-id=\"iwgw-uelgen-cct\" data-element_type=\"widget\" data-e-type=\"widget\" data-widget_type=\"text-editor.default\">\n\t\t\t\t\t\t\t\t\t<div data-nosnippet=\"true\"><p>iWell Guard navazuje na kulturn\u011b-historickou tradici nositeln\u00fdch ochrann\u00fdch p\u0159edm\u011bt\u016f, v tradici <a href=\"https:\/\/iwell-guard.com\/cs\/sibirsky-samanismus-tengrismus\/\">Sibi\u0159e \/ tengrismu<\/a> a mnoha dal\u0161\u00edch kultur po cel\u00e9m sv\u011bt\u011b. 41 vrstev, ryz\u00ed zlato, platina, st\u0159\u00edbro, vyrobeno v N\u011bmecku. 30denn\u00ed lh\u016fta na vr\u00e1cen\u00ed.<\/p><\/div>\t\t\t\t\t\t\t\t<\/div>\n\t\t\t\t<div class=\"elementor-element elementor-element-iwgw-uelgen-ccb iwg-cc-button iwg-cc-cta-2026-05-13 elementor-widget elementor-widget-jet-button\" data-id=\"iwgw-uelgen-ccb\" data-element_type=\"widget\" data-e-type=\"widget\" data-widget_type=\"jet-button.default\">\n\t\t\t\t<div class=\"elementor-widget-container\">\n\t\t\t\t\t<div class=\"elementor-jet-button jet-elements\"><div class=\"jet-button__container\"><a class=\"jet-button__instance jet-button__instance--icon-left hover-effect-1\" href=\"\/ueber-iwell-guard\/?utm_source=iwell-guard.com&amp;utm_medium=info-box&amp;utm_campaign=wesen-tradition\"><div class=\"jet-button__plane jet-button__plane-normal\"><\/div><div class=\"jet-button__plane jet-button__plane-hover\"><\/div><div class=\"jet-button__state jet-button__state-normal\"><span class=\"jet-button__label\">V\u00edce o iWell Guard<\/span><\/div><div class=\"jet-button__state jet-button__state-hover\"><span class=\"jet-button__label\">V\u00edce o iWell Guard<\/span><\/div><\/a><\/div><\/div><style>.elementor-element.elementor-element-iwgw-uelgen-ccb .jet-button__instance{width:320px;height:56px;}.elementor-element.elementor-element-iwgw-uelgen-ccb .jet-button__state-normal .jet-button__label{text-align:center;margin:0px 0px 0px 0px;color:#1a1b20;font-family:Montserrat,sans-serif;font-size:13px;font-weight:400;letter-spacing:4px;line-height:1.714em;text-transform:uppercase;}.elementor-element.elementor-element-iwgw-uelgen-ccb .jet-button__state-hover .jet-button__label{text-align:center;margin:0px 0px 0px 0px;color:#FECC76;font-family:Montserrat,sans-serif;font-size:13px;font-weight:400;letter-spacing:4px;line-height:1.714em;text-transform:uppercase;}.elementor-element.elementor-element-iwgw-uelgen-ccb .jet-button__plane-normal{background-color:#FECC76;border-style:solid;border-color:#C99540;border-width:2px 2px 2px 2px;}.elementor-element.elementor-element-iwgw-uelgen-ccb .jet-button__plane-hover{background-color:rgba(0,0,0,0.55);border-style:solid;border-color:#FECC76;border-width:2px 2px 2px 2px;}<\/style>\t\t\t\t<\/div>\n\t\t\t\t<\/div>\n\t\t\t\t<div class=\"elementor-element elementor-element-iwgw-uelgen-ccd elementor-widget elementor-widget-text-editor\" data-id=\"iwgw-uelgen-ccd\" data-element_type=\"widget\" data-e-type=\"widget\" data-widget_type=\"text-editor.default\">\n\t\t\t\t\t\t\t\t\t<div data-nosnippet=\"true\"><p style=\"text-align:center;font-size:13px;opacity:0.7;margin-top:14px\" data-nosnippet=\"true\">Osobn\u00ed zku\u0161enosti se mohou li\u0161it. Nejedn\u00e1 se o zdravotnick\u00fd prost\u0159edek. Nen\u00ed slibem l\u00e9\u010div\u00e9ho \u00fa\u010dinku.<\/p><\/div>\t\t\t\t\t\t\t\t<\/div>\n\t\t\t\t\t<\/div>\n\t\t\t\t<\/div>\n\t\t\t\t\t<\/div>\n\t\t\t\t<\/div>\n\t\t<div class=\"elementor-element elementor-element-iwgw-uelgen-disc e-flex e-con-boxed e-con e-parent\" data-id=\"iwgw-uelgen-disc\" data-element_type=\"container\" data-e-type=\"container\">\n\t\t\t\t\t<div class=\"e-con-inner\">\n\t\t\t\t<div class=\"elementor-element elementor-element-iwgw-uelgen-discw elementor-widget elementor-widget-html\" data-id=\"iwgw-uelgen-discw\" data-element_type=\"widget\" data-e-type=\"widget\" data-widget_type=\"html.default\">\n\t\t\t\t\t<footer data-nosnippet=\"true\" class=\"iwg-disclaimer-block\"><p data-nosnippet=\"true\">iWell Guard <strong>nen\u00ed zdravotnick\u00fd prost\u0159edek<\/strong> a nenahrazuje l\u00e9ka\u0159skou ani psychoterapeutickou l\u00e9\u010dbu. Religionistick\u00fd obsah p\u0159edstavuje kulturn\u011b-historick\u00e9 za\u0159azen\u00ed, nikoli doporu\u010den\u00ed duchovn\u00ed praxe.<\/p><\/footer>\t\t\t\t<\/div>\n\t\t\t\t\t<\/div>\n\t\t\t\t<\/div>\n\t\t\t\t<\/div>\n\t\t","protected":false},"excerpt":{"rendered":"","protected":false},"author":3,"featured_media":2858,"parent":0,"menu_order":0,"comment_status":"closed","ping_status":"closed","template":"elementor_header_footer","meta":{"_yoast_wpseo_focuskw":"\u00dclgen b\u016fh sv\u011btla Altaj","_yoast_wpseo_title":"\u00dclgen \u2013 altajsk\u00fd b\u016fh sv\u011btla, stvo\u0159en\u00ed a prameny","_yoast_wpseo_metadesc":"\u00dclgen je v jihosibi\u0159sk\u00e9m tengrismu stvo\u0159itel a b\u016fh sv\u011btla horn\u00edho sv\u011bta. Za\u0159azen\u00ed v\u010detn\u011b m\u00fdtu a kultu.","_yoast_wpseo_meta-robots-noindex":"","_yoast_wpseo_canonical":"","_angie_page":false,"gefaehrdungsstufe":"1","wesen_kultur":"sibirisch-tengrismus","wesen_klasse":"goetter","footnotes":""},"categories":[],"class_list":["post-145509","page","type-page","status-publish","has-post-thumbnail","hentry"],"yoast_head":"<!-- This site is optimized with the Yoast SEO Premium plugin v27.7 (Yoast SEO v28.3) - https:\/\/yoast.com\/product\/yoast-seo-premium-wordpress\/ -->\n<title>\u00dclgen \u2013 altajsk\u00fd b\u016fh sv\u011btla, stvo\u0159en\u00ed a prameny<\/title>\n<meta name=\"description\" content=\"\u00dclgen je v jihosibi\u0159sk\u00e9m tengrismu stvo\u0159itel a b\u016fh sv\u011btla horn\u00edho sv\u011bta. Za\u0159azen\u00ed v\u010detn\u011b m\u00fdtu a kultu.\" \/>\n<meta name=\"robots\" content=\"index, follow, max-snippet:-1, max-image-preview:large, max-video-preview:-1\" \/>\n<link rel=\"canonical\" href=\"https:\/\/iwell-guard.com\/cs\/ulgen-buh-svetla-altajcu\/\" \/>\n<meta property=\"og:locale\" content=\"cs_CZ\" \/>\n<meta property=\"og:type\" content=\"article\" \/>\n<meta property=\"og:title\" content=\"\u00dclgen \u2013 b\u016fh sv\u011btla Altajc\u016f\" \/>\n<meta property=\"og:description\" content=\"\u00dclgen je v jihosibi\u0159sk\u00e9m tengrismu stvo\u0159itel a b\u016fh sv\u011btla horn\u00edho sv\u011bta. Za\u0159azen\u00ed v\u010detn\u011b m\u00fdtu a kultu.\" \/>\n<meta property=\"og:url\" content=\"https:\/\/iwell-guard.com\/cs\/ulgen-buh-svetla-altajcu\/\" \/>\n<meta property=\"og:site_name\" content=\"iWell Guard\" \/>\n<meta property=\"article:modified_time\" content=\"2026-09-03T16:57:59+00:00\" \/>\n<meta property=\"og:image\" content=\"https:\/\/iwell-guard.com\/wp-content\/uploads\/2026\/05\/goetter_sibirisch-tengrismus_uelgen.webp\" \/>\n\t<meta property=\"og:image:width\" content=\"1024\" \/>\n\t<meta property=\"og:image:height\" content=\"1536\" \/>\n\t<meta property=\"og:image:type\" content=\"image\/webp\" \/>\n<meta name=\"twitter:card\" content=\"summary_large_image\" \/>\n<script type=\"application\/ld+json\" class=\"yoast-schema-graph\">{\"@context\":\"https:\\\/\\\/schema.org\",\"@graph\":[{\"@type\":\"WebPage\",\"@id\":\"https:\\\/\\\/iwell-guard.com\\\/cs\\\/ulgen-buh-svetla-altajcu\\\/\",\"url\":\"https:\\\/\\\/iwell-guard.com\\\/cs\\\/ulgen-buh-svetla-altajcu\\\/\",\"name\":\"\u00dclgen \u2013 altajsk\u00fd b\u016fh sv\u011btla, stvo\u0159en\u00ed a prameny\",\"isPartOf\":{\"@id\":\"https:\\\/\\\/iwell-guard.com\\\/cs\\\/#website\"},\"primaryImageOfPage\":{\"@id\":\"https:\\\/\\\/iwell-guard.com\\\/cs\\\/ulgen-buh-svetla-altajcu\\\/#primaryimage\"},\"image\":{\"@id\":\"https:\\\/\\\/iwell-guard.com\\\/cs\\\/ulgen-buh-svetla-altajcu\\\/#primaryimage\"},\"thumbnailUrl\":\"https:\\\/\\\/iwell-guard.com\\\/wp-content\\\/uploads\\\/2026\\\/05\\\/goetter_sibirisch-tengrismus_uelgen.webp\",\"datePublished\":\"2026-09-03T16:31:04+00:00\",\"dateModified\":\"2026-09-03T16:57:59+00:00\",\"description\":\"\u00dclgen je v jihosibi\u0159sk\u00e9m tengrismu stvo\u0159itel a b\u016fh sv\u011btla horn\u00edho sv\u011bta. Za\u0159azen\u00ed v\u010detn\u011b m\u00fdtu a kultu.\",\"breadcrumb\":{\"@id\":\"https:\\\/\\\/iwell-guard.com\\\/cs\\\/ulgen-buh-svetla-altajcu\\\/#breadcrumb\"},\"inLanguage\":\"cs\",\"potentialAction\":[{\"@type\":\"ReadAction\",\"target\":[\"https:\\\/\\\/iwell-guard.com\\\/cs\\\/ulgen-buh-svetla-altajcu\\\/\"]}]},{\"@type\":\"ImageObject\",\"inLanguage\":\"cs\",\"@id\":\"https:\\\/\\\/iwell-guard.com\\\/cs\\\/ulgen-buh-svetla-altajcu\\\/#primaryimage\",\"url\":\"https:\\\/\\\/iwell-guard.com\\\/wp-content\\\/uploads\\\/2026\\\/05\\\/goetter_sibirisch-tengrismus_uelgen.webp\",\"contentUrl\":\"https:\\\/\\\/iwell-guard.com\\\/wp-content\\\/uploads\\\/2026\\\/05\\\/goetter_sibirisch-tengrismus_uelgen.webp\",\"width\":1024,\"height\":1536,\"caption\":\"Bohov\u00e9 z tradice sibi\u0159sk\u00e9ho tengrismu.\"},{\"@type\":\"BreadcrumbList\",\"@id\":\"https:\\\/\\\/iwell-guard.com\\\/cs\\\/ulgen-buh-svetla-altajcu\\\/#breadcrumb\",\"itemListElement\":[{\"@type\":\"ListItem\",\"position\":1,\"name\":\"Start\",\"item\":\"https:\\\/\\\/iwell-guard.com\\\/cs\\\/?page_id=145107\"},{\"@type\":\"ListItem\",\"position\":2,\"name\":\"\u00dclgen \u2013 b\u016fh sv\u011btla Altajc\u016f\"}]},{\"@type\":\"WebSite\",\"@id\":\"https:\\\/\\\/iwell-guard.com\\\/cs\\\/#website\",\"url\":\"https:\\\/\\\/iwell-guard.com\\\/cs\\\/\",\"name\":\"iWell Guard\",\"description\":\"Schutz vor dunklen Einfl\u00fcssen\",\"publisher\":{\"@id\":\"https:\\\/\\\/iwell-guard.com\\\/cs\\\/#organization\"},\"potentialAction\":[{\"@type\":\"SearchAction\",\"target\":{\"@type\":\"EntryPoint\",\"urlTemplate\":\"https:\\\/\\\/iwell-guard.com\\\/cs\\\/?s={search_term_string}\"},\"query-input\":{\"@type\":\"PropertyValueSpecification\",\"valueRequired\":true,\"valueName\":\"search_term_string\"}}],\"inLanguage\":\"cs\"},{\"@type\":\"Organization\",\"@id\":\"https:\\\/\\\/iwell-guard.com\\\/cs\\\/#organization\",\"name\":\"Ittermann electronic GmbH\",\"url\":\"https:\\\/\\\/iwell-guard.com\\\/cs\\\/\",\"logo\":{\"@type\":\"ImageObject\",\"inLanguage\":\"cs\",\"@id\":\"https:\\\/\\\/iwell-guard.com\\\/cs\\\/#\\\/schema\\\/logo\\\/image\\\/\",\"url\":\"https:\\\/\\\/iwell-guard.com\\\/wp-content\\\/uploads\\\/2026\\\/05\\\/Ittermann-Logo-1182x237-1.png\",\"contentUrl\":\"https:\\\/\\\/iwell-guard.com\\\/wp-content\\\/uploads\\\/2026\\\/05\\\/Ittermann-Logo-1182x237-1.png\",\"width\":1182,\"height\":237,\"caption\":\"Ittermann electronic GmbH\"},\"image\":{\"@id\":\"https:\\\/\\\/iwell-guard.com\\\/cs\\\/#\\\/schema\\\/logo\\\/image\\\/\"},\"sameAs\":[\"https:\\\/\\\/pantip.com\\\/profile\\\/9367242\",\"https:\\\/\\\/micro.blog\\\/iwellguard\",\"https:\\\/\\\/www.diggerslist.com\\\/iwellguard\\\/about\",\"https:\\\/\\\/skitterphoto.com\\\/photographers\\\/2870314\\\/iwell-guard\",\"https:\\\/\\\/iwellguard.wordpress.com\\\/2026\\\/06\\\/06\\\/iwell-guard\\\/\",\"https:\\\/\\\/hub.docker.com\\\/u\\\/iwellguard\",\"https:\\\/\\\/www.pinterest.com\\\/iwellguard\\\/\",\"https:\\\/\\\/bit.ly\\\/m\\\/iwellguard\",\"https:\\\/\\\/entre-vos-mains.alsace.eu\\\/profiles\\\/iwellguard\\\/activity\",\"https:\\\/\\\/gravatar.com\\\/reallybeded8fd34\",\"https:\\\/\\\/naijamatta.com\\\/iwellguard\",\"https:\\\/\\\/www.goodreads.com\\\/iwellguard\",\"https:\\\/\\\/profile.hatena.ne.jp\\\/iwellguard\\\/\",\"https:\\\/\\\/experiment.com\\\/users\\\/iwellguard\",\"https:\\\/\\\/wakelet.com\\\/@iWellGuard82270\",\"https:\\\/\\\/www.chordie.com\\\/forum\\\/profile.php?id=2555664\",\"https:\\\/\\\/www.instapaper.com\\\/p\\\/17757966\",\"https:\\\/\\\/www.mapleprimes.com\\\/users\\\/iwellguard\",\"https:\\\/\\\/businesslistingplus.com\\\/profile\\\/iwell-guard\\\/\",\"https:\\\/\\\/telegra.ph\\\/iWell-Guard-06-06\",\"https:\\\/\\\/pbase.com\\\/iwellguard\\\/iwellguard\",\"https:\\\/\\\/b.hatena.ne.jp\\\/iwellguard\\\/20260607#bookmark-4788405196491818882\",\"https:\\\/\\\/fliphtml5.com\\\/home\\\/iwellguard\",\"https:\\\/\\\/anyflip.com\\\/homepage\\\/cmiwl#About\",\"https:\\\/\\\/transfur.com\\\/Users\\\/iwellguard\",\"http:\\\/\\\/delphi.larsbo.org\\\/user\\\/iwellguard\",\"https:\\\/\\\/jobs.lajobsportal.org\\\/profiles\\\/8380803-iwell-guard\",\"https:\\\/\\\/md.chaosdorf.de\\\/s\\\/jfbe5SBdJD\",\"https:\\\/\\\/www.lingvolive.com\\\/en-us\\\/profile\\\/9ecaeaca-ce11-4e51-9e71-01d55e2bff36\\\/translations\",\"https:\\\/\\\/www.fitday.com\\\/fitness\\\/forums\\\/members\\\/iwellguard.html\",\"https:\\\/\\\/www.mymeetbook.com\\\/iwellguard\",\"https:\\\/\\\/pxhere.com\\\/en\\\/photographer-me\\\/5040798\",\"https:\\\/\\\/disqus.com\\\/by\\\/iwellguard\\\/about\\\/\",\"https:\\\/\\\/pastelink.net\\\/hjwciqwq\",\"https:\\\/\\\/pubhtml5.com\\\/homepage\\\/scjhn\\\/\",\"https:\\\/\\\/www.bitchute.com\\\/channel\\\/2O2eOKzNqujT\",\"https:\\\/\\\/audiomack.com\\\/iwellguard\"]},{\"@type\":\"Article\",\"@id\":\"https:\\\/\\\/iwell-guard.com\\\/cs\\\/ulgen-buh-svetla-altajcu\\\/#article\",\"isPartOf\":{\"@id\":\"https:\\\/\\\/iwell-guard.com\\\/cs\\\/ulgen-buh-svetla-altajcu\\\/\"},\"author\":{\"name\":\"Ralf Ittermann\",\"@id\":\"https:\\\/\\\/iwell-guard.com\\\/cs\\\/#\\\/schema\\\/person\\\/ee2a27f1cac3406c7c6fb5820cb7349f\"},\"headline\":\"\u00dclgen \u2013 b\u016fh sv\u011btla Altajc\u016f\",\"datePublished\":\"2026-09-03T16:31:04+00:00\",\"dateModified\":\"2026-09-03T16:57:59+00:00\",\"mainEntityOfPage\":{\"@id\":\"https:\\\/\\\/iwell-guard.com\\\/cs\\\/ulgen-buh-svetla-altajcu\\\/\"},\"publisher\":{\"@id\":\"https:\\\/\\\/iwell-guard.com\\\/cs\\\/#organization\"},\"image\":{\"@id\":\"https:\\\/\\\/iwell-guard.com\\\/cs\\\/ulgen-buh-svetla-altajcu\\\/#primaryimage\"},\"thumbnailUrl\":\"https:\\\/\\\/iwell-guard.com\\\/wp-content\\\/uploads\\\/2026\\\/05\\\/goetter_sibirisch-tengrismus_uelgen.webp\",\"inLanguage\":\"cs\",\"description\":\"\u00dclgen je v jihosibi\u0159sk\u00e9m tengrismu stvo\u0159itel a b\u016fh sv\u011btla horn\u00edho sv\u011bta. Za\u0159azen\u00ed v\u010detn\u011b m\u00fdtu a kultu.\"}]}<\/script>\n<!-- \/ Yoast SEO Premium plugin. -->","yoast_head_json":{"title":"\u00dclgen \u2013 altajsk\u00fd b\u016fh sv\u011btla, stvo\u0159en\u00ed a prameny","description":"\u00dclgen je v jihosibi\u0159sk\u00e9m tengrismu stvo\u0159itel a b\u016fh sv\u011btla horn\u00edho sv\u011bta. Za\u0159azen\u00ed v\u010detn\u011b m\u00fdtu a kultu.","robots":{"index":"index","follow":"follow","max-snippet":"max-snippet:-1","max-image-preview":"max-image-preview:large","max-video-preview":"max-video-preview:-1"},"canonical":"https:\/\/iwell-guard.com\/cs\/ulgen-buh-svetla-altajcu\/","og_locale":"cs_CZ","og_type":"article","og_title":"\u00dclgen \u2013 b\u016fh sv\u011btla Altajc\u016f","og_description":"\u00dclgen je v jihosibi\u0159sk\u00e9m tengrismu stvo\u0159itel a b\u016fh sv\u011btla horn\u00edho sv\u011bta. Za\u0159azen\u00ed v\u010detn\u011b m\u00fdtu a kultu.","og_url":"https:\/\/iwell-guard.com\/cs\/ulgen-buh-svetla-altajcu\/","og_site_name":"iWell Guard","article_modified_time":"2026-09-03T16:57:59+00:00","og_image":[{"width":1024,"height":1536,"url":"https:\/\/iwell-guard.com\/wp-content\/uploads\/2026\/05\/goetter_sibirisch-tengrismus_uelgen.webp","type":"image\/webp"}],"twitter_card":"summary_large_image","schema":{"@context":"https:\/\/schema.org","@graph":[{"@type":"Article","@id":"https:\/\/iwell-guard.com\/cs\/ulgen-buh-svetla-altajcu\/#article","isPartOf":{"@id":"https:\/\/iwell-guard.com\/cs\/ulgen-buh-svetla-altajcu\/"},"author":{"name":"Ralf Ittermann","@id":"https:\/\/iwell-guard.com\/cs\/#\/schema\/person\/ee2a27f1cac3406c7c6fb5820cb7349f"},"headline":"\u00dclgen \u2013 b\u016fh sv\u011btla Altajc\u016f","datePublished":"2026-09-03T16:31:04+00:00","dateModified":"2026-09-03T16:57:59+00:00","mainEntityOfPage":{"@id":"https:\/\/iwell-guard.com\/cs\/ulgen-buh-svetla-altajcu\/"},"publisher":{"@id":"https:\/\/iwell-guard.com\/cs\/#organization"},"image":{"@id":"https:\/\/iwell-guard.com\/cs\/ulgen-buh-svetla-altajcu\/#primaryimage"},"thumbnailUrl":"https:\/\/iwell-guard.com\/wp-content\/uploads\/2026\/05\/goetter_sibirisch-tengrismus_uelgen.webp","inLanguage":"cs","description":"\u00dclgen je v jihosibi\u0159sk\u00e9m tengrismu stvo\u0159itel a b\u016fh sv\u011btla horn\u00edho sv\u011bta. Za\u0159azen\u00ed v\u010detn\u011b m\u00fdtu a kultu."},{"@type":"WebPage","@id":"https:\/\/iwell-guard.com\/cs\/ulgen-buh-svetla-altajcu\/","url":"https:\/\/iwell-guard.com\/cs\/ulgen-buh-svetla-altajcu\/","name":"\u00dclgen \u2013 altajsk\u00fd b\u016fh sv\u011btla, stvo\u0159en\u00ed a prameny","isPartOf":{"@id":"https:\/\/iwell-guard.com\/cs\/#website"},"primaryImageOfPage":{"@id":"https:\/\/iwell-guard.com\/cs\/ulgen-buh-svetla-altajcu\/#primaryimage"},"image":{"@id":"https:\/\/iwell-guard.com\/cs\/ulgen-buh-svetla-altajcu\/#primaryimage"},"thumbnailUrl":"https:\/\/iwell-guard.com\/wp-content\/uploads\/2026\/05\/goetter_sibirisch-tengrismus_uelgen.webp","datePublished":"2026-09-03T16:31:04+00:00","dateModified":"2026-09-03T16:57:59+00:00","description":"\u00dclgen je v jihosibi\u0159sk\u00e9m tengrismu stvo\u0159itel a b\u016fh sv\u011btla horn\u00edho sv\u011bta. Za\u0159azen\u00ed v\u010detn\u011b m\u00fdtu a kultu.","breadcrumb":{"@id":"https:\/\/iwell-guard.com\/cs\/ulgen-buh-svetla-altajcu\/#breadcrumb"},"inLanguage":"cs","potentialAction":[{"@type":"ReadAction","target":["https:\/\/iwell-guard.com\/cs\/ulgen-buh-svetla-altajcu\/"]}]},{"@type":"ImageObject","inLanguage":"cs","@id":"https:\/\/iwell-guard.com\/cs\/ulgen-buh-svetla-altajcu\/#primaryimage","url":"https:\/\/iwell-guard.com\/wp-content\/uploads\/2026\/05\/goetter_sibirisch-tengrismus_uelgen.webp","contentUrl":"https:\/\/iwell-guard.com\/wp-content\/uploads\/2026\/05\/goetter_sibirisch-tengrismus_uelgen.webp","width":1024,"height":1536,"caption":"Bohov\u00e9 z tradice sibi\u0159sk\u00e9ho tengrismu."},{"@type":"BreadcrumbList","@id":"https:\/\/iwell-guard.com\/cs\/ulgen-buh-svetla-altajcu\/#breadcrumb","itemListElement":[{"@type":"ListItem","position":1,"name":"Start","item":"https:\/\/iwell-guard.com\/cs\/?page_id=145107"},{"@type":"ListItem","position":2,"name":"\u00dclgen \u2013 b\u016fh sv\u011btla Altajc\u016f"}]},{"@type":"WebSite","@id":"https:\/\/iwell-guard.com\/cs\/#website","url":"https:\/\/iwell-guard.com\/cs\/","name":"iWell Guard","description":"Schutz vor dunklen Einfl\u00fcssen","publisher":{"@id":"https:\/\/iwell-guard.com\/cs\/#organization"},"potentialAction":[{"@type":"SearchAction","target":{"@type":"EntryPoint","urlTemplate":"https:\/\/iwell-guard.com\/cs\/?s={search_term_string}"},"query-input":{"@type":"PropertyValueSpecification","valueRequired":true,"valueName":"search_term_string"}}],"inLanguage":"cs"},{"@type":"Organization","@id":"https:\/\/iwell-guard.com\/cs\/#organization","name":"Ittermann electronic GmbH","url":"https:\/\/iwell-guard.com\/cs\/","logo":{"@type":"ImageObject","inLanguage":"cs","@id":"https:\/\/iwell-guard.com\/cs\/#\/schema\/logo\/image\/","url":"https:\/\/iwell-guard.com\/wp-content\/uploads\/2026\/05\/Ittermann-Logo-1182x237-1.png","contentUrl":"https:\/\/iwell-guard.com\/wp-content\/uploads\/2026\/05\/Ittermann-Logo-1182x237-1.png","width":1182,"height":237,"caption":"Ittermann electronic GmbH"},"image":{"@id":"https:\/\/iwell-guard.com\/cs\/#\/schema\/logo\/image\/"},"sameAs":["https:\/\/pantip.com\/profile\/9367242","https:\/\/micro.blog\/iwellguard","https:\/\/www.diggerslist.com\/iwellguard\/about","https:\/\/skitterphoto.com\/photographers\/2870314\/iwell-guard","https:\/\/iwellguard.wordpress.com\/2026\/06\/06\/iwell-guard\/","https:\/\/hub.docker.com\/u\/iwellguard","https:\/\/www.pinterest.com\/iwellguard\/","https:\/\/bit.ly\/m\/iwellguard","https:\/\/entre-vos-mains.alsace.eu\/profiles\/iwellguard\/activity","https:\/\/gravatar.com\/reallybeded8fd34","https:\/\/naijamatta.com\/iwellguard","https:\/\/www.goodreads.com\/iwellguard","https:\/\/profile.hatena.ne.jp\/iwellguard\/","https:\/\/experiment.com\/users\/iwellguard","https:\/\/wakelet.com\/@iWellGuard82270","https:\/\/www.chordie.com\/forum\/profile.php?id=2555664","https:\/\/www.instapaper.com\/p\/17757966","https:\/\/www.mapleprimes.com\/users\/iwellguard","https:\/\/businesslistingplus.com\/profile\/iwell-guard\/","https:\/\/telegra.ph\/iWell-Guard-06-06","https:\/\/pbase.com\/iwellguard\/iwellguard","https:\/\/b.hatena.ne.jp\/iwellguard\/20260607#bookmark-4788405196491818882","https:\/\/fliphtml5.com\/home\/iwellguard","https:\/\/anyflip.com\/homepage\/cmiwl#About","https:\/\/transfur.com\/Users\/iwellguard","http:\/\/delphi.larsbo.org\/user\/iwellguard","https:\/\/jobs.lajobsportal.org\/profiles\/8380803-iwell-guard","https:\/\/md.chaosdorf.de\/s\/jfbe5SBdJD","https:\/\/www.lingvolive.com\/en-us\/profile\/9ecaeaca-ce11-4e51-9e71-01d55e2bff36\/translations","https:\/\/www.fitday.com\/fitness\/forums\/members\/iwellguard.html","https:\/\/www.mymeetbook.com\/iwellguard","https:\/\/pxhere.com\/en\/photographer-me\/5040798","https:\/\/disqus.com\/by\/iwellguard\/about\/","https:\/\/pastelink.net\/hjwciqwq","https:\/\/pubhtml5.com\/homepage\/scjhn\/","https:\/\/www.bitchute.com\/channel\/2O2eOKzNqujT","https:\/\/audiomack.com\/iwellguard"]},{"@type":"Person","@id":"https:\/\/iwell-guard.com\/cs\/#\/schema\/person\/ee2a27f1cac3406c7c6fb5820cb7349f","name":"Ralf Ittermann","image":{"@type":"ImageObject","inLanguage":"cs","@id":"https:\/\/secure.gravatar.com\/avatar\/073c0153e350a5005b68eb752b445fea71f6b24a26da9449ad7e155e6b446c9d?s=96&d=mm&r=g","url":"https:\/\/secure.gravatar.com\/avatar\/073c0153e350a5005b68eb752b445fea71f6b24a26da9449ad7e155e6b446c9d?s=96&d=mm&r=g","contentUrl":"https:\/\/secure.gravatar.com\/avatar\/073c0153e350a5005b68eb752b445fea71f6b24a26da9449ad7e155e6b446c9d?s=96&d=mm&r=g","caption":"Ralf Ittermann"},"givenName":"Ralf","familyName":"Ittermann","jobTitle":"Gesch\u00e4ftsf\u00fchrer und redaktioneller Verantwortlicher","url":"https:\/\/iwell-guard.com\/cs\/author\/claude\/","description":"Ralf Ittermann ist Gesch\u00e4ftsf\u00fchrer der Ittermann electronic GmbH und redaktioneller Verantwortlicher des iWell-Guard-Lexikons. Er verbindet langj\u00e4hrige Erfahrung in der Pr\u00e4zisionsfertigung mit medialer Praxis und religionsgeschichtlicher Quellenarbeit.","worksFor":{"@type":"Organization","name":"Ittermann electronic GmbH","url":"https:\/\/ittermann.de\/","address":{"@type":"PostalAddress","streetAddress":"K\u00f6hlergasse 16-18","postalCode":"99842","addressLocality":"Ruhla","addressCountry":"DE"}},"knowsAbout":["Religionsgeschichte","Mythologie","Mediale Praxis","Energetische Diagnostik","Schutzpraxis","Volksglauben","Westliche Esoterik"]},{"@type":"Article","@id":"https:\/\/iwell-guard.com\/cs\/ulgen-buh-svetla-altajcu\/#article","isPartOf":{"@id":"https:\/\/iwell-guard.com\/cs\/ulgen-buh-svetla-altajcu\/"},"author":{"name":"Ralf Ittermann","@id":"https:\/\/iwell-guard.com\/cs\/#\/schema\/person\/ee2a27f1cac3406c7c6fb5820cb7349f"},"headline":"\u00dclgen \u2013 b\u016fh sv\u011btla Altajc\u016f","datePublished":"2026-09-03T16:31:04+00:00","dateModified":"2026-09-03T16:57:59+00:00","mainEntityOfPage":{"@id":"https:\/\/iwell-guard.com\/cs\/ulgen-buh-svetla-altajcu\/"},"publisher":{"@id":"https:\/\/iwell-guard.com\/cs\/#organization"},"image":{"@id":"https:\/\/iwell-guard.com\/cs\/ulgen-buh-svetla-altajcu\/#primaryimage"},"thumbnailUrl":"https:\/\/iwell-guard.com\/wp-content\/uploads\/2026\/05\/goetter_sibirisch-tengrismus_uelgen.webp","inLanguage":"cs","description":"\u00dclgen je v jihosibi\u0159sk\u00e9m tengrismu stvo\u0159itel a b\u016fh sv\u011btla horn\u00edho sv\u011bta. Za\u0159azen\u00ed v\u010detn\u011b m\u00fdtu a kultu."}]}},"_links":{"self":[{"href":"https:\/\/iwell-guard.com\/cs\/wp-json\/wp\/v2\/pages\/145509","targetHints":{"allow":["GET"]}}],"collection":[{"href":"https:\/\/iwell-guard.com\/cs\/wp-json\/wp\/v2\/pages"}],"about":[{"href":"https:\/\/iwell-guard.com\/cs\/wp-json\/wp\/v2\/types\/page"}],"author":[{"embeddable":true,"href":"https:\/\/iwell-guard.com\/cs\/wp-json\/wp\/v2\/users\/3"}],"replies":[{"embeddable":true,"href":"https:\/\/iwell-guard.com\/cs\/wp-json\/wp\/v2\/comments?post=145509"}],"version-history":[{"count":0,"href":"https:\/\/iwell-guard.com\/cs\/wp-json\/wp\/v2\/pages\/145509\/revisions"}],"wp:featuredmedia":[{"embeddable":true,"href":"https:\/\/iwell-guard.com\/cs\/wp-json\/wp\/v2\/media\/2858"}],"wp:attachment":[{"href":"https:\/\/iwell-guard.com\/cs\/wp-json\/wp\/v2\/media?parent=145509"}],"wp:term":[{"taxonomy":"category","embeddable":true,"href":"https:\/\/iwell-guard.com\/cs\/wp-json\/wp\/v2\/categories?post=145509"}],"curies":[{"name":"wp","href":"https:\/\/api.w.org\/{rel}","templated":true}]}}