{"id":145508,"date":"2026-09-03T16:31:04","date_gmt":"2026-09-03T16:31:04","guid":{"rendered":"https:\/\/iwell-guard.com\/?page_id=145508"},"modified":"2026-09-03T16:57:55","modified_gmt":"2026-09-03T16:57:55","slug":"erlik-khan-vladce-podsveti","status":"publish","type":"page","link":"https:\/\/iwell-guard.com\/cs\/erlik-khan-vladce-podsveti\/","title":{"rendered":"Erlik Khan \u2013 vl\u00e1dce podsv\u011bt\u00ed Altajc\u016f"},"content":{"rendered":"\t\t<div data-elementor-type=\"wp-page\" data-elementor-id=\"145508\" class=\"elementor elementor-145508 elementor-2636 elementor-bc-flex-widget\" data-elementor-post-type=\"page\">\n\t\t\t\t<div class=\"elementor-element elementor-element-iwgw-erlikkhan-hero e-flex e-con-boxed e-con e-parent\" data-id=\"iwgw-erlikkhan-hero\" data-element_type=\"container\" data-e-type=\"container\" data-settings=\"{&quot;background_background&quot;:&quot;classic&quot;}\">\n\t\t\t\t\t<div class=\"e-con-inner\">\n\t\t<div class=\"elementor-element elementor-element-iwgw-erlikkhan-hl e-flex e-con-boxed e-con e-child\" data-id=\"iwgw-erlikkhan-hl\" data-element_type=\"container\" data-e-type=\"container\">\n\t\t\t\t\t<div class=\"e-con-inner\">\n\t\t<div class=\"elementor-element elementor-element-iwgw-erlikkhan-htxt e-con-full e-flex e-con e-child\" data-id=\"iwgw-erlikkhan-htxt\" data-element_type=\"container\" data-e-type=\"container\">\n\t\t\t\t<div class=\"elementor-element elementor-element-iwgw-erlikkhan-h1 elementor-widget elementor-widget-heading\" data-id=\"iwgw-erlikkhan-h1\" data-element_type=\"widget\" data-e-type=\"widget\" data-widget_type=\"heading.default\">\n\t\t\t\t\t<h1 class=\"elementor-heading-title elementor-size-default\">Erlik Khan, altajsko-sibi\u0159sk\u00fd vl\u00e1dce podsv\u011bt\u00ed a protivn\u00edk \u00dclgena<\/h1>\t\t\t\t<\/div>\n\t\t\t\t<div class=\"elementor-element elementor-element-iwgw-erlikkhan-lead elementor-widget elementor-widget-text-editor\" data-id=\"iwgw-erlikkhan-lead\" data-element_type=\"widget\" data-e-type=\"widget\" data-widget_type=\"text-editor.default\">\n\t\t\t\t\t\t\t\t\t<p>Erlik Khan je v jihosibi\u0159sk\u00e9m tengrismu vl\u00e1dcem podsv\u011bt\u00ed a mytick\u00fdm protivn\u00edkem boha sv\u011btla <a href=\"https:\/\/iwell-guard.com\/cs\/?page_id=145509\">\u00dclgena<\/a>. Z\u00e1rove\u0148 p\u0159edstavuje smrt a nemoc a nutnou, uspo\u0159\u00e1danou stinnou str\u00e1nku sv\u011bta.<\/p>\t\t\t\t\t\t\t\t<\/div>\n\t\t\t\t<\/div>\n\t\t<div class=\"elementor-element elementor-element-iwgw-erlikkhan-pillc e-con-full e-flex e-con e-child\" data-id=\"iwgw-erlikkhan-pillc\" data-element_type=\"container\" data-e-type=\"container\">\n\t\t\t\t<div class=\"elementor-element elementor-element-iwgw-erlikkhan-pills elementor-widget elementor-widget-html\" data-id=\"iwgw-erlikkhan-pills\" data-element_type=\"widget\" data-e-type=\"widget\" data-widget_type=\"html.default\">\n\t\t\t\t\t<div class=\"iwg-pill-row\"><span class=\"iwg-klasse-badge\" tabindex=\"0\" data-tooltip=\"\u0160kodn\u00e1 bytost tradice Sibi\u0159 \/ tengrismus.\">\u0160kodn\u00e1 bytost<\/span><a href=\"https:\/\/iwell-guard.com\/cs\/sibirsky-samanismus-tengrismus\/\" class=\"iwg-kultur-badge\" tabindex=\"0\" data-tooltip=\"Mytologie tradice Sibi\u0159 \/ tengrismus.\">Sibi\u0159 \/ tengrismus<\/a><span class=\"iwg-tradition-badge\" tabindex=\"0\" data-tooltip=\"B\u016fh podsv\u011bt\u00ed.\">B\u016fh podsv\u011bt\u00ed<\/span><\/div>\t\t\t\t<\/div>\n\t\t\t\t<\/div>\n\t\t<div class=\"elementor-element elementor-element-iwgw-erlikkhan-tocc e-con-full e-flex e-con e-child\" data-id=\"iwgw-erlikkhan-tocc\" data-element_type=\"container\" data-e-type=\"container\">\n\t\t\t\t<div class=\"elementor-element elementor-element-iwgw-erlikkhan-toc elementor-toc--minimized-on-tablet elementor-widget elementor-widget-table-of-contents\" data-id=\"iwgw-erlikkhan-toc\" data-element_type=\"widget\" data-e-type=\"widget\" data-settings=\"{&quot;headings_by_tags&quot;:[&quot;h2&quot;,&quot;h3&quot;],&quot;minimize_box&quot;:&quot;yes&quot;,&quot;marker_view&quot;:&quot;bullets&quot;,&quot;no_headings_message&quot;:&quot;Na t\\u00e9to str\\u00e1nce nebyly nalezeny \\u017e\\u00e1dn\\u00e9 nadpisy.&quot;,&quot;exclude_headings_by_selector&quot;:[],&quot;icon&quot;:{&quot;value&quot;:&quot;fas fa-circle&quot;,&quot;library&quot;:&quot;fa-solid&quot;,&quot;rendered_tag&quot;:&quot;&lt;svg class=\\&quot;e-font-icon-svg e-fas-circle\\&quot; viewBox=\\&quot;0 0 512 512\\&quot; xmlns=\\&quot;http:\\\/\\\/www.w3.org\\\/2000\\\/svg\\&quot;&gt;&lt;path d=\\&quot;M256 8C119 8 8 119 8 256s111 248 248 248 248-111 248-248S393 8 256 8z\\&quot;&gt;&lt;\\\/path&gt;&lt;\\\/svg&gt;&quot;},&quot;minimized_on&quot;:&quot;tablet&quot;,&quot;hierarchical_view&quot;:&quot;yes&quot;,&quot;min_height&quot;:{&quot;unit&quot;:&quot;px&quot;,&quot;size&quot;:&quot;&quot;,&quot;sizes&quot;:[]},&quot;min_height_tablet&quot;:{&quot;unit&quot;:&quot;px&quot;,&quot;size&quot;:&quot;&quot;,&quot;sizes&quot;:[]},&quot;min_height_mobile&quot;:{&quot;unit&quot;:&quot;px&quot;,&quot;size&quot;:&quot;&quot;,&quot;sizes&quot;:[]}}\" data-widget_type=\"table-of-contents.default\">\n\t\t\t\t\t\t\t\t\t<div class=\"elementor-toc__header\">\n\t\t\t\t\t\t<h2 class=\"elementor-toc__header-title\">\n\t\t\t\tObsah\t\t\t<\/h2>\n\t\t\t\t\t\t\t\t\t\t<div class=\"elementor-toc__toggle-button elementor-toc__toggle-button--expand\" role=\"button\" tabindex=\"0\" aria-controls=\"elementor-toc__iwgw-erlikkhan-toc\" aria-expanded=\"true\" aria-label=\"Open table of contents\"><svg aria-hidden=\"true\" class=\"e-font-icon-svg e-fas-chevron-down\" viewBox=\"0 0 448 512\" xmlns=\"http:\/\/www.w3.org\/2000\/svg\"><path d=\"M207.029 381.476L12.686 187.132c-9.373-9.373-9.373-24.569 0-33.941l22.667-22.667c9.357-9.357 24.522-9.375 33.901-.04L224 284.505l154.745-154.021c9.379-9.335 24.544-9.317 33.901.04l22.667 22.667c9.373 9.373 9.373 24.569 0 33.941L240.971 381.476c-9.373 9.372-24.569 9.372-33.942 0z\"><\/path><\/svg><\/div>\n\t\t\t\t<div class=\"elementor-toc__toggle-button elementor-toc__toggle-button--collapse\" role=\"button\" tabindex=\"0\" aria-controls=\"elementor-toc__iwgw-erlikkhan-toc\" aria-expanded=\"true\" aria-label=\"Close table of contents\"><svg aria-hidden=\"true\" class=\"e-font-icon-svg e-fas-chevron-up\" viewBox=\"0 0 448 512\" xmlns=\"http:\/\/www.w3.org\/2000\/svg\"><path d=\"M240.971 130.524l194.343 194.343c9.373 9.373 9.373 24.569 0 33.941l-22.667 22.667c-9.357 9.357-24.522 9.375-33.901.04L224 227.495 69.255 381.516c-9.379 9.335-24.544 9.317-33.901-.04l-22.667-22.667c-9.373-9.373-9.373-24.569 0-33.941L207.03 130.525c9.372-9.373 24.568-9.373 33.941-.001z\"><\/path><\/svg><\/div>\n\t\t\t\t\t<\/div>\n\t\t\t\t<div id=\"elementor-toc__iwgw-erlikkhan-toc\" class=\"elementor-toc__body\">\n\t\t\t<div class=\"elementor-toc__spinner-container\">\n\t\t\t\t<svg class=\"elementor-toc__spinner eicon-animation-spin e-font-icon-svg e-eicon-loading\" aria-hidden=\"true\" viewBox=\"0 0 1000 1000\" xmlns=\"http:\/\/www.w3.org\/2000\/svg\"><path d=\"M500 975V858C696 858 858 696 858 500S696 142 500 142 142 304 142 500H25C25 237 238 25 500 25S975 237 975 500 763 975 500 975Z\"><\/path><\/svg>\t\t\t<\/div>\n\t\t<\/div>\n\t\t\t\t\t\t<\/div>\n\t\t\t\t<\/div>\n\t\t\t\t\t<\/div>\n\t\t\t\t<\/div>\n\t\t<div class=\"elementor-element elementor-element-iwgw-erlikkhan-hr e-con-full e-flex e-con e-child\" data-id=\"iwgw-erlikkhan-hr\" data-element_type=\"container\" data-e-type=\"container\">\n\t\t\t\t<div class=\"elementor-element elementor-element-iwgw-erlikkhan-heroimg iwg-hero-image elementor-widget elementor-widget-image\" data-id=\"iwgw-erlikkhan-heroimg\" data-element_type=\"widget\" data-e-type=\"widget\" data-widget_type=\"image.default\">\n\t\t\t\t\t\t\t\t\t\t\t\t\t\t\t<img fetchpriority=\"high\" decoding=\"async\" width=\"683\" height=\"1024\" src=\"https:\/\/iwell-guard.com\/wp-content\/uploads\/2026\/05\/daemonen_sibirisch-tengrismus_erlik-khan-683x1024.webp\" class=\"attachment-large size-large wp-image-147328\" alt=\"Erlik Khan \u2013 d\u00e9moni z tradice sibi\u0159sk\u00e9ho tengrismu, historicko-ilustrativn\u00ed\" srcset=\"https:\/\/iwell-guard.com\/wp-content\/uploads\/2026\/05\/daemonen_sibirisch-tengrismus_erlik-khan-683x1024.webp 683w, https:\/\/iwell-guard.com\/wp-content\/uploads\/2026\/05\/daemonen_sibirisch-tengrismus_erlik-khan-200x300.webp 200w, https:\/\/iwell-guard.com\/wp-content\/uploads\/2026\/05\/daemonen_sibirisch-tengrismus_erlik-khan-768x1152.webp 768w, https:\/\/iwell-guard.com\/wp-content\/uploads\/2026\/05\/daemonen_sibirisch-tengrismus_erlik-khan.webp 1024w\" sizes=\"(max-width: 683px) 100vw, 683px\" \/>\t\t\t\t\t\t\t\t\t\t\t\t\t\t\t<\/div>\n\t\t\t\t<\/div>\n\t\t\t\t\t<\/div>\n\t\t\t\t<\/div>\n\t\t\t\t<section class=\"elementor-section elementor-top-section elementor-element elementor-element-sec-iwgcomp2-erlik-khan elementor-section-boxed elementor-section-height-default elementor-section-height-default\" data-id=\"sec-iwgcomp2-erlik-khan\" data-element_type=\"section\" data-e-type=\"section\">\n\t\t\t\t\t\t<div class=\"elementor-container elementor-column-gap-default\">\n\t\t\t\t\t<div class=\"elementor-column elementor-col-100 elementor-top-column elementor-element elementor-element-col-iwgcomp2-erlik-khan\" data-id=\"col-iwgcomp2-erlik-khan\" data-element_type=\"column\" data-e-type=\"column\">\n\t\t\t<div class=\"elementor-widget-wrap elementor-element-populated\">\n\t\t\t\t\t\t<div class=\"elementor-element elementor-element-iwgcomp2-erlik-khan elementor-widget elementor-widget-text-editor\" data-id=\"iwgcomp2-erlik-khan\" data-element_type=\"widget\" data-e-type=\"widget\" data-widget_type=\"text-editor.default\">\n\t\t\t\t\t\t\t\t\t<p>Erlik Khan je <strong>altajsko-sibi\u0159sk\u00fd<\/strong> b\u016fh podsv\u011bt\u00ed tengrismu.<\/p>\t\t\t\t\t\t\t\t<\/div>\n\t\t\t\t\t<\/div>\n\t\t<\/div>\n\t\t\t\t\t<\/div>\n\t\t<\/section>\n\t\t\t\t<section class=\"elementor-section elementor-top-section elementor-element elementor-element-sec-iwgcomp-erlik-khan elementor-section-boxed elementor-section-height-default elementor-section-height-default\" data-id=\"sec-iwgcomp-erlik-khan\" data-element_type=\"section\" data-e-type=\"section\">\n\t\t\t\t\t\t<div class=\"elementor-container elementor-column-gap-default\">\n\t\t\t\t\t<div class=\"elementor-column elementor-col-100 elementor-top-column elementor-element elementor-element-col-iwgcomp-erlik-khan\" data-id=\"col-iwgcomp-erlik-khan\" data-element_type=\"column\" data-e-type=\"column\">\n\t\t\t<div class=\"elementor-widget-wrap elementor-element-populated\">\n\t\t\t\t\t\t<div class=\"elementor-element elementor-element-iwgcomp-erlik-khan elementor-widget elementor-widget-text-editor\" data-id=\"iwgcomp-erlik-khan\" data-element_type=\"widget\" data-e-type=\"widget\" data-widget_type=\"text-editor.default\">\n\t\t\t\t\t\t\t\t\t<p>Erlik Khan, <strong>altajsk\u00fd b\u016fh podsv\u011bt\u00ed<\/strong>, vl\u00e1dne mrtv\u00fdm a podzemn\u00edmu sv\u011btu tengristicko-\u0161amansk\u00e9 <span class=\"iwg-fachbegriff\" data-tooltip=\"Souhrn tradovan\u00fdch vypr\u00e1v\u011bn\u00ed o boz\u00edch ur\u010dit\u00e9 kultury.\" tabindex=\"0\">mytologie<\/span>.<\/p>\t\t\t\t\t\t\t\t<\/div>\n\t\t\t\t\t<\/div>\n\t\t<\/div>\n\t\t\t\t\t<\/div>\n\t\t<\/section>\n\t\t<div class=\"elementor-element elementor-element-iwgw-erlikkhan-s0 e-flex e-con-boxed e-con e-parent\" data-id=\"iwgw-erlikkhan-s0\" data-element_type=\"container\" data-e-type=\"container\">\n\t\t\t\t\t<div class=\"e-con-inner\">\n\t\t\t\t<div class=\"elementor-element elementor-element-iwgw-erlikkhan-s0h elementor-widget elementor-widget-heading\" data-id=\"iwgw-erlikkhan-s0h\" data-element_type=\"widget\" data-e-type=\"widget\" data-widget_type=\"heading.default\">\n\t\t\t\t\t<h2 class=\"elementor-heading-title elementor-size-default\">Za\u0159azen\u00ed a stru\u010dn\u00fd profil<\/h2>\t\t\t\t<\/div>\n\t\t<div class=\"elementor-element elementor-element-iwgw-erlikkhan-s0c e-con-full e-flex e-con e-child\" data-id=\"iwgw-erlikkhan-s0c\" data-element_type=\"container\" data-e-type=\"container\">\n\t\t\t\t<div class=\"elementor-element elementor-element-iwgw-erlikkhan-s0t elementor-widget elementor-widget-text-editor\" data-id=\"iwgw-erlikkhan-s0t\" data-element_type=\"widget\" data-e-type=\"widget\" data-widget_type=\"text-editor.default\">\n\t\t\t\t\t\t\t\t\t<p>Erlik Ch\u00e1n (tak\u00e9 Erlik, Erklik, Erlig, mong. Erlig Ch\u00e1n) pat\u0159\u00ed k nejvy\u0161\u0161\u00ed vrstv\u011b boh\u016f jihosibi\u0159sk\u00e9ho panteonu. V altajsk\u00e9 a tuvinsk\u00e9 v\u00ed\u0159e je p\u00e1nem doln\u00ed \u0159\u00ed\u0161e, nikoliv zla jako takov\u00e9ho, n\u00fdbr\u017e vymezen\u00e9 oblasti, v n\u00ed\u017e p\u0159eb\u00fdvaj\u00ed mrtv\u00ed a duchov\u00e9 moru a hladomoru.<\/p><p>V pozd\u011bj\u0161\u00ed vrstv\u011b se objevuje jako zvrhle zl\u00e1 postava, co\u017e je d\u00e1no p\u0159edev\u0161\u00edm buddhistick\u00fdm p\u0159etvo\u0159en\u00edm v mongolsk\u00e9m prost\u0159ed\u00ed (Erlig Ch\u00e1n \u2248 Jama) a k\u0159es\u0165ansko-mision\u00e1\u0159skou d\u00e9monizac\u00ed 18. a 19. stolet\u00ed.<\/p><p>V r\u00e1mci <a href=\"https:\/\/iwell-guard.com\/cs\/sibirsky-samanismus-tengrismus\/\">sibi\u0159sko-tengristick\u00e9 tradice<\/a> tvo\u0159\u00ed Erlik s <a href=\"https:\/\/iwell-guard.com\/cs\/?page_id=145509\">\u00dclgenem<\/a> dvojici protiklad\u016f. Nejde v\u0161ak v \u017e\u00e1dn\u00e9m p\u0159\u00edpad\u011b o mravn\u00ed protiklad ve smyslu manichejsk\u00e9ho dualismu, n\u00fdbr\u017e o dopl\u0148uj\u00edc\u00ed se \u0159\u00e1d naho\u0159e a dole, l\u00e9ta a zimy, zrodu a smrti. Toto pojet\u00ed jasn\u011b vylo\u017eil A. V. Anochin ve sv\u00e9m d\u00edle <em>Materi\u00e1ly k <span class=\"iwg-fachbegriff\" data-tooltip=\"N\u00e1bo\u017eensk\u00fd syst\u00e9m, v n\u011bm\u017e specialist\u00e9 komunikuj\u00ed se sv\u011btem duch\u016f.\" tabindex=\"0\">\u0161amanismu<\/span> Altajc\u016f<\/em> (1924).<\/p><p>Religionistick\u00e1 diskuze o Erlikovi je proto tak bohat\u00e1, \u017ee na jeho p\u0159\u00edpadu lze exempl\u00e1rn\u011b uk\u00e1zat, jak mision\u00e1\u0159sk\u00fd vn\u011bj\u0161\u00ed pohled dok\u00e1\u017ee zkreslit domorod\u00e9 n\u00e1bo\u017eenstv\u00ed. To, co Altajci znali jako \u201ep\u00e1na doln\u00edch\u201c, se d\u00edky ruskoortodoxn\u00edm a buddhistick\u00fdm v\u00fdklad\u016fm prom\u011bnilo v \u201e\u010f\u00e1bla\u201c, co\u017e je klasick\u00fd p\u0159\u00edklad z oblasti postkoloni\u00e1ln\u00edch religionistick\u00fdch studi\u00ed.<\/p>\t\t\t\t\t\t\t\t<\/div>\n\t\t\t\t<\/div>\n\t\t\t\t\t<\/div>\n\t\t\t\t<\/div>\n\t\t<div class=\"elementor-element elementor-element-iwgw-erlikkhan-s1 e-flex e-con-boxed e-con e-parent\" data-id=\"iwgw-erlikkhan-s1\" data-element_type=\"container\" data-e-type=\"container\">\n\t\t\t\t\t<div class=\"e-con-inner\">\n\t\t\t\t<div class=\"elementor-element elementor-element-iwgw-erlikkhan-s1h elementor-widget elementor-widget-heading\" data-id=\"iwgw-erlikkhan-s1h\" data-element_type=\"widget\" data-e-type=\"widget\" data-widget_type=\"heading.default\">\n\t\t\t\t\t<h2 class=\"elementor-heading-title elementor-size-default\">Jm\u00e9no a etymologie<\/h2>\t\t\t\t<\/div>\n\t\t<div class=\"elementor-element elementor-element-iwgw-erlikkhan-s1c e-con-full e-flex e-con e-child\" data-id=\"iwgw-erlikkhan-s1c\" data-element_type=\"container\" data-e-type=\"container\">\n\t\t\t\t<div class=\"elementor-element elementor-element-iwgw-erlikkhan-s1t elementor-widget elementor-widget-text-editor\" data-id=\"iwgw-erlikkhan-s1t\" data-element_type=\"widget\" data-e-type=\"widget\" data-widget_type=\"text-editor.default\">\n\t\t\t\t\t\t\t\t\t<p>Jm\u00e9no <em>Erlik<\/em> je starotureck\u00e9 a b\u00e1d\u00e1n\u00ed ho obvykle odvozuje od slova <em>er<\/em> (\u201emu\u017e, hrdina\u201c); alternativn\u00ed v\u00fdklad je spojuje s kmenem s v\u00fdznamem \u201eodv\u00e1\u017en\u00fd, siln\u00fd, panova\u010dn\u00fd\u201c.<\/p><p>V mongol\u0161tin\u011b se st\u00e1v\u00e1 <em>Erlig Khaan<\/em>; v buddhistick\u00e9m p\u0159etvo\u0159en\u00ed se sl\u00e9v\u00e1 s indo-tibetsk\u00fdm Yamou \/ Shinje. Walther Heissig tuto f\u00fazi podrobn\u011b popsal v d\u00edle <em>Die Religionen der Mongolei<\/em> (1970).<\/p><p>P\u0159\u00eddomek <em>Khan<\/em> jej ozna\u010duje jako vl\u00e1dce; v altajsk\u00fdch \u0161amansk\u00fdch zp\u011bvech se mu tak\u00e9 \u0159\u00edk\u00e1 <em>Yer-Tine Khan<\/em>, \u201ekr\u00e1l hlubin zem\u011b\u201c. D\u016fle\u017eit\u00e9 je, \u017ee v sibi\u0159sk\u00e9m vlastn\u00edm kontextu nen\u00ed Erlik \u010f\u00e1blem v k\u0159es\u0165ansk\u00e9m smyslu; k\u0159es\u0165an\u0161t\u00ed mision\u00e1\u0159i 19. stolet\u00ed (Verbickij a dal\u0161\u00ed) v\u0161ak tento p\u0159eklad prosadili a b\u00e1d\u00e1n\u00ed jej pak dlouho nekriticky p\u0159ij\u00edmalo.<\/p><p>Lingvisticky zaj\u00edmav\u00e9 je mo\u017en\u00e9 spojen\u00ed se slovem <em>er-lig<\/em>, \u201emu\u017e ve sv\u00e9m pln\u00e9m smyslu\u201c, kter\u00e9 charakterizuje Erlika jako \u201eVelk\u00e9ho mu\u017ee\u201c za hranic\u00ed smrti. V tomto v\u00fdkladu by byl m\u00e9n\u011b \u0161kodnou bytost\u00ed a v\u00edce reprezentantem nezbytn\u00e9 antropologick\u00e9 funkce: smrti jako sou\u010d\u00e1sti mu\u017estv\u00ed.<\/p>\t\t\t\t\t\t\t\t<\/div>\n\t\t\t\t<\/div>\n\t\t\t\t\t<\/div>\n\t\t\t\t<\/div>\n\t\t<div class=\"elementor-element elementor-element-iwgw-erlikkhan-s2 e-flex e-con-boxed e-con e-parent\" data-id=\"iwgw-erlikkhan-s2\" data-element_type=\"container\" data-e-type=\"container\">\n\t\t\t\t\t<div class=\"e-con-inner\">\n\t\t\t\t<div class=\"elementor-element elementor-element-iwgw-erlikkhan-s2h elementor-widget elementor-widget-heading\" data-id=\"iwgw-erlikkhan-s2h\" data-element_type=\"widget\" data-e-type=\"widget\" data-widget_type=\"heading.default\">\n\t\t\t\t\t<h2 class=\"elementor-heading-title elementor-size-default\">Popis a ikonografie<\/h2>\t\t\t\t<\/div>\n\t\t<div class=\"elementor-element elementor-element-iwgw-erlikkhan-s2c e-con-full e-flex e-con e-child\" data-id=\"iwgw-erlikkhan-s2c\" data-element_type=\"container\" data-e-type=\"container\">\n\t\t\t\t<div class=\"elementor-element elementor-element-iwgw-erlikkhan-s2t elementor-widget elementor-widget-text-editor\" data-id=\"iwgw-erlikkhan-s2t\" data-element_type=\"widget\" data-e-type=\"widget\" data-widget_type=\"text-editor.default\">\n\t\t\t\t\t\t\t\t\t<p>Erlik je popisov\u00e1n jako star\u00fd, \u010dernovlas\u00fd mu\u017e s kan\u010d\u00edmi kly, \u017eelezn\u00fdmi pazoury a palic\u00ed z lidsk\u00fdch obratl\u016f.<\/p><p>Jezd\u00ed na \u010dern\u00e9m b\u00fdkovi nebo na \u010dern\u00e9m koni; jeho pal\u00e1c le\u017e\u00ed na b\u0159ehu podsv\u011btn\u00ed \u0159eky, kde \u017eije s dev\u00edti syny a dev\u00edti dcerami. Altajsk\u00fd \u0161amansk\u00fd buben jej zobrazuje ve spodn\u00ed t\u0159etin\u011b, \u010dasto s obr\u00e1cen\u00fdm slune\u010dn\u00edm <span class=\"iwg-fachbegriff\" data-tooltip=\"Znak, kter\u00fd zastupuje ur\u010ditou p\u0159edstavu nebo v\u00fdznam.\" tabindex=\"0\">symbolem<\/span>.<\/p><p>Tato ikonografie je klasicky pops\u00e1na u Anokhina (1924) a N. Dyrenkova; pozd\u011bji ji recipoval Mircea Eliade v d\u00edle <em>Le chamanisme<\/em>. Buddhistick\u00e9 p\u0159etvo\u0159en\u00ed mu nav\u00edc dod\u00e1v\u00e1 atributy indo-tibetsk\u00e9ho Yamy: buvol\u00ed rohy, laso a zrcadlo skutk\u016f.<\/p><p>Ve sb\u00edrk\u00e1ch muzea Kunstkamera (Petrohrad) je zachov\u00e1no n\u011bkolik altajsk\u00fdch zobrazen\u00ed Erlika, kter\u00e9 L. P. Potapov katalogizoval ve sv\u00e9m standardn\u00edm d\u00edle <em>Altaiskij schamanizm<\/em> (1991). Ukazuj\u00ed pozoruhodnou ikonografickou stabilitu v pr\u016fb\u011bhu v\u00edce ne\u017e 200 let sb\u011bratelsk\u00e9 historie.<\/p>\t\t\t\t\t\t\t\t<\/div>\n\t\t\t\t<\/div>\n\t\t\t\t\t<\/div>\n\t\t\t\t<\/div>\n\t\t<div class=\"elementor-element elementor-element-iwgw-erlikkhan-s3 e-flex e-con-boxed e-con e-parent\" data-id=\"iwgw-erlikkhan-s3\" data-element_type=\"container\" data-e-type=\"container\">\n\t\t\t\t\t<div class=\"e-con-inner\">\n\t\t\t\t<div class=\"elementor-element elementor-element-iwgw-erlikkhan-s3h elementor-widget elementor-widget-heading\" data-id=\"iwgw-erlikkhan-s3h\" data-element_type=\"widget\" data-e-type=\"widget\" data-widget_type=\"heading.default\">\n\t\t\t\t\t<h2 class=\"elementor-heading-title elementor-size-default\">Mytologick\u00e1 vypr\u00e1v\u011bn\u00ed<\/h2>\t\t\t\t<\/div>\n\t\t<div class=\"elementor-element elementor-element-iwgw-erlikkhan-s3c e-con-full e-flex e-con e-child\" data-id=\"iwgw-erlikkhan-s3c\" data-element_type=\"container\" data-e-type=\"container\">\n\t\t\t\t<div class=\"elementor-element elementor-element-iwgw-erlikkhan-s3t elementor-widget elementor-widget-text-editor\" data-id=\"iwgw-erlikkhan-s3t\" data-element_type=\"widget\" data-e-type=\"widget\" data-widget_type=\"text-editor.default\">\n\t\t\t\t\t\t\t\t\t<p>Altajsk\u00e1 stvo\u0159itelsk\u00e1 mytologie vypr\u00e1v\u00ed, jak chce <a href=\"https:\/\/iwell-guard.com\/cs\/?page_id=145509\">\u00dclgen<\/a> vytvo\u0159it zemi z prvotn\u00edho mo\u0159e a k tomu pros\u00ed o pomoc Erlika v podob\u011b pt\u00e1ka.<\/p><p>Erlik se pono\u0159\u00ed, p\u0159inese nahoru bahno, ale \u010d\u00e1st si tajn\u011b schov\u00e1 v \u00fastech; z tohoto zbytku vznikaj\u00ed ba\u017einy, hory a kone\u010dn\u011b i Erlik samotn\u00fd jako samostatn\u00e1 moc. Z p\u0159em\u00edry sebev\u011bdom\u00ed se pozd\u011bji pokus\u00ed posadit se vedle \u00dclgena, je vyhn\u00e1n a od t\u00e9 doby vl\u00e1dne spodn\u00edmu sv\u011btu.<\/p><p>Druh\u00e9 vypr\u00e1v\u011bn\u00ed popisuje, jak Erlik nakaz\u00ed prvn\u00ed lidi nemoc\u00ed t\u00edm, \u017ee jim z t\u011bla \u201evy\u010d\u00edt\u00e1\u201c kosti. \u0160amani se zrodili proto, aby tyto kosti p\u0159inesli zp\u011bt, m\u00fdtus, kter\u00fd <span class=\"iwg-fachbegriff\" data-tooltip=\"N\u00e1le\u017eej\u00edc\u00ed k pevn\u011b stanoven\u00e9mu n\u00e1bo\u017eensk\u00e9mu \u00fakonu.\" tabindex=\"0\">ritu\u00e1ln\u011b<\/span> zakl\u00e1d\u00e1 cestu \u0161amana do podsv\u011bt\u00ed a v Eliadeho modelu <span class=\"iwg-fachbegriff\" data-tooltip=\"N\u00e1bo\u017eensk\u00fd syst\u00e9m, v n\u011bm\u017e specialist\u00e9 komunikuj\u00ed se sv\u011btem duch\u016f.\" tabindex=\"0\">\u0161amanismu<\/span> zauj\u00edm\u00e1 prototypick\u00e9 m\u00edsto.<\/p><p>T\u0159et\u00ed, m\u00e9n\u011b zn\u00e1m\u00e9 vypr\u00e1v\u011bn\u00ed l\u00ed\u010d\u00ed, jak Erlik jedn\u00e1 se posly <a href=\"https:\/\/iwell-guard.com\/cs\/?page_id=145506\">Tengriho<\/a> o du\u0161e zem\u0159el\u00fdch: kdo vedl dobr\u00fd \u017eivot, m\u016f\u017ee se vr\u00e1tit nahoru; kdo jednal \u0161patn\u011b, z\u016fst\u00e1v\u00e1 u Erlika. Tato moralizuj\u00edc\u00ed varianta m\u00e1 pravd\u011bpodobn\u011b pozd\u011bj\u0161\u00ed (postbuddhistick\u00fd) p\u016fvod.<\/p>\t\t\t\t\t\t\t\t<\/div>\n\t\t\t\t<\/div>\n\t\t\t\t\t<\/div>\n\t\t\t\t<\/div>\n\t\t<div class=\"elementor-element elementor-element-iwgw-erlikkhan-s4 e-flex e-con-boxed e-con e-parent\" data-id=\"iwgw-erlikkhan-s4\" data-element_type=\"container\" data-e-type=\"container\">\n\t\t\t\t\t<div class=\"e-con-inner\">\n\t\t\t\t<div class=\"elementor-element elementor-element-iwgw-erlikkhan-s4h elementor-widget elementor-widget-heading\" data-id=\"iwgw-erlikkhan-s4h\" data-element_type=\"widget\" data-e-type=\"widget\" data-widget_type=\"heading.default\">\n\t\t\t\t\t<h2 class=\"elementor-heading-title elementor-size-default\">Kult a uct\u00edv\u00e1n\u00ed<\/h2>\t\t\t\t<\/div>\n\t\t<div class=\"elementor-element elementor-element-iwgw-erlikkhan-s4c e-con-full e-flex e-con e-child\" data-id=\"iwgw-erlikkhan-s4c\" data-element_type=\"container\" data-e-type=\"container\">\n\t\t\t\t<div class=\"elementor-element elementor-element-iwgw-erlikkhan-s4t elementor-widget elementor-widget-text-editor\" data-id=\"iwgw-erlikkhan-s4t\" data-element_type=\"widget\" data-e-type=\"widget\" data-widget_type=\"text-editor.default\">\n\t\t\t\t\t\t\t\t\t<p>V \u00fazk\u00e9m smyslu neexistovala \u017e\u00e1dn\u00e1 \u201e\u00facta\u201c k Erlikovi, sp\u00ed\u0161e ritu\u00e1ln\u011b vymezen\u00e9 odstupov\u00e1n\u00ed. Altaj\u0161t\u00ed \u0161amani rozli\u0161ovali mezi <em>aq kam<\/em> (b\u00edl\u00fd <span class=\"iwg-fachbegriff\" data-tooltip=\"N\u00e1bo\u017eensk\u00fd specialista, kter\u00e9mu je p\u0159ipisov\u00e1no zprost\u0159edkov\u00e1n\u00ed mezi lidmi a sv\u011btem duch\u016f.\" tabindex=\"0\">\u0161aman<\/span>), kter\u00fd vystupoval k \u00dclgenovi, a <em>kara kam<\/em> (\u010dern\u00fd <span class=\"iwg-fachbegriff\" data-tooltip=\"N\u00e1bo\u017eensk\u00fd specialista, kter\u00e9mu je p\u0159ipisov\u00e1no zprost\u0159edkov\u00e1n\u00ed mezi lidmi a sv\u011btem duch\u016f.\" tabindex=\"0\">\u0161aman<\/span>), kter\u00fd sestupoval k Erlikovi.<\/p><p>Ob\u011b povol\u00e1n\u00ed byla pova\u017eov\u00e1na za legitimn\u00ed a nezbytn\u00e1; etnografick\u00fd popis u Anochina objas\u0148uje, \u017ee \u201e\u010dern\u00fd\u201c zde znamen\u00e1 \u201esm\u011b\u0159uj\u00edc\u00ed dol\u016f\u201c, a nikoli \u201ezl\u00fd\u201c.<\/p><p>P\u0159i epidemi\u00edch, n\u00e1hl\u00fdch \u00famrt\u00edch nebo ztr\u00e1t\u011b d\u00edt\u011bte byl povol\u00e1n \u010dern\u00fd <span class=\"iwg-fachbegriff\" data-tooltip=\"N\u00e1bo\u017eensk\u00fd specialista, kter\u00e9mu je p\u0159ipisov\u00e1no zprost\u0159edkov\u00e1n\u00ed mezi lidmi a sv\u011btem duch\u016f.\" tabindex=\"0\">\u0161aman<\/span>. P\u0159i ob\u0159adu <span class=\"iwg-fachbegriff\" data-tooltip=\"N\u00e1le\u017eej\u00edc\u00ed k ust\u00e1len\u00e9mu n\u00e1bo\u017eensk\u00e9mu \u00fakonu.\" tabindex=\"0\">ritu\u00e1ln\u011b<\/span> vstupoval do Erlikovy \u0159\u00ed\u0161e, jednal s n\u00edm a p\u0159iv\u00e1d\u011bl \u201eodvedenou du\u0161i\u201c zp\u011bt. <span class=\"iwg-fachbegriff\" data-tooltip=\"Dar bo\u017estvu na projev d\u00edk\u016f, prosby nebo \u00facty.\" tabindex=\"0\">Ob\u011bt\u00ed<\/span> byly \u010dern\u00e9 ovce nebo kon\u011b; krev se lila do zem\u011b, nikoli ob\u011btov\u00e1na slunci.<\/p><p>V sov\u011btsk\u00e9 dob\u011b tento <span class=\"iwg-fachbegriff\" data-tooltip=\"Souhrn n\u00e1bo\u017eensk\u00fdch \u00factypln\u00fdch \u00fakon\u016f v\u016f\u010di bo\u017estvu nebo svat\u00e9 bytosti.\" tabindex=\"0\">kult<\/span> t\u00e9m\u011b\u0159 zcela zanikl; v altajsk\u00e9 renesanci od roku 1991 za\u017e\u00edv\u00e1 opatrn\u00e9 o\u017eiven\u00ed, je v\u0161ak v\u00fdrazn\u011b m\u00e9n\u011b viditeln\u00fd ne\u017e \u00dclgen\u016fv <span class=\"iwg-fachbegriff\" data-tooltip=\"Souhrn n\u00e1bo\u017eensk\u00fdch \u00factypln\u00fdch \u00fakon\u016f v\u016f\u010di bo\u017estvu nebo svat\u00e9 bytosti.\" tabindex=\"0\">kult<\/span>, nebo\u0165 Erlik je v modern\u00edm pov\u011bdom\u00ed st\u00e1le spojov\u00e1n s \u201e\u010dernou magi\u00ed\u201c.<\/p>\t\t\t\t\t\t\t\t<\/div>\n\t\t\t\t<\/div>\n\t\t\t\t\t<\/div>\n\t\t\t\t<\/div>\n\t\t<div class=\"elementor-element elementor-element-iwgw-erlikkhan-s5 e-flex e-con-boxed e-con e-parent\" data-id=\"iwgw-erlikkhan-s5\" data-element_type=\"container\" data-e-type=\"container\">\n\t\t\t\t\t<div class=\"e-con-inner\">\n\t\t\t\t<div class=\"elementor-element elementor-element-iwgw-erlikkhan-s5h elementor-widget elementor-widget-heading\" data-id=\"iwgw-erlikkhan-s5h\" data-element_type=\"widget\" data-e-type=\"widget\" data-widget_type=\"heading.default\">\n\t\t\t\t\t<h2 class=\"elementor-heading-title elementor-size-default\">Ochrann\u00e1 praxe a apotropaick\u00e9 prvky<\/h2>\t\t\t\t<\/div>\n\t\t<div class=\"elementor-element elementor-element-iwgw-erlikkhan-s5c e-con-full e-flex e-con e-child\" data-id=\"iwgw-erlikkhan-s5c\" data-element_type=\"container\" data-e-type=\"container\">\n\t\t\t\t<div class=\"elementor-element elementor-element-iwgw-erlikkhan-s5t elementor-widget elementor-widget-text-editor\" data-id=\"iwgw-erlikkhan-s5t\" data-element_type=\"widget\" data-e-type=\"widget\" data-widget_type=\"text-editor.default\">\n\t\t\t\t\t\t\t\t\t<p>N\u00e1bo\u017eensko-v\u011bdn\u011b pops\u00e1no (bez jak\u00e9hokoli p\u0159\u00edslibu \u00fa\u010dinku): Apotropaick\u00e9 praktiky proti Erlikovi zahrnovaly zav\u011b\u0161ov\u00e1n\u00ed b\u00edl\u00fdch vln\u011bn\u00fdch p\u00e1sek na dve\u0159n\u00ed tr\u00e1m, ukl\u00e1d\u00e1n\u00ed mal\u00fdch d\u0159ev\u011bn\u00fdch figurek (\u201eErlikov\u00fdch sluh\u016f\u201c) jako symbolick\u00e9 n\u00e1hradn\u00ed ob\u011bti, tabu vyslovovat jm\u00e9no Erlik nahlas po z\u00e1padu slunce a vyku\u0159ov\u00e1n\u00ed domu jalovcem.<\/p><p>Tak\u00e9 ur\u010dit\u00e1 pravidla chov\u00e1n\u00ed m\u011bla <span class=\"iwg-fachbegriff\" data-tooltip=\"Odvracej\u00edc\u00ed ne\u0161t\u011bst\u00ed: o znamen\u00edch a p\u0159edm\u011btech, kter\u00e9 maj\u00ed odvr\u00e1tit \u0161kodliv\u00e9 vlivy.\" tabindex=\"0\">apotropaick\u00fd<\/span> r\u00e1z: n\u00e1v\u0161t\u011bvy u nemocn\u00fdch se nesm\u011bly konat s kloboukem na hlav\u011b, proto\u017ee Erlik \u201esb\u00edr\u00e1 hlavy\u201c; prahy dve\u0159\u00ed se nat\u00edraly uhl\u00edm, proto\u017ee se v\u011b\u0159ilo, \u017ee tato zabr\u00e1n\u011bn\u00e1 \u010dern\u00e1 barva zabra\u0148uje \u010dern\u00e9, co\u017e je klasick\u00fd p\u0159\u00edklad sympatetick\u00e9 <span class=\"iwg-fachbegriff\" data-tooltip=\"Praktiky, kter\u00e9 se sna\u017e\u00ed zvl\u00e1\u0161tn\u00edmi \u00fakony nebo formulemi zas\u00e1hnout do b\u011bhu v\u011bc\u00ed.\" tabindex=\"0\">magie<\/span> ve smyslu Jamese Frazera.<\/p><p>Tyto praktiky je t\u0159eba ch\u00e1pat v r\u00e1mci tabuov\u00e9ho a \u010distotn\u00edho konceptu jihosibi\u0159sk\u00e9ho n\u00e1bo\u017eenstv\u00ed, kter\u00e9 v mnoha detailn\u00edch pravidlech vymezuje uspo\u0159\u00e1dan\u00fd sv\u011bt proti spodn\u00edmu sv\u011btu. Roberte Hamayonov\u00e1 je ve sv\u00e9m d\u00edle <em>La chasse \u00e0 l&#8217;\u00e2me<\/em> (1990) interpretovala jako sou\u010d\u00e1st \u201ep\u0159\u00edbuzensk\u00e9 ekonomie\u201c, v n\u00ed\u017e se nemoc a smrt ch\u00e1pou jako naru\u0161en\u00ed \u0159\u00e1du.<\/p>\t\t\t\t\t\t\t\t<\/div>\n\t\t\t\t<\/div>\n\t\t\t\t\t<\/div>\n\t\t\t\t<\/div>\n\t\t<div class=\"elementor-element elementor-element-iwgw-erlikkhan-s6 e-flex e-con-boxed e-con e-parent\" data-id=\"iwgw-erlikkhan-s6\" data-element_type=\"container\" data-e-type=\"container\">\n\t\t\t\t\t<div class=\"e-con-inner\">\n\t\t\t\t<div class=\"elementor-element elementor-element-iwgw-erlikkhan-s6h elementor-widget elementor-widget-heading\" data-id=\"iwgw-erlikkhan-s6h\" data-element_type=\"widget\" data-e-type=\"widget\" data-widget_type=\"heading.default\">\n\t\t\t\t\t<h2 class=\"elementor-heading-title elementor-size-default\">Paralely v jin\u00fdch kultur\u00e1ch<\/h2>\t\t\t\t<\/div>\n\t\t<div class=\"elementor-element elementor-element-iwgw-erlikkhan-s6c e-con-full e-flex e-con e-child\" data-id=\"iwgw-erlikkhan-s6c\" data-element_type=\"container\" data-e-type=\"container\">\n\t\t\t\t<div class=\"elementor-element elementor-element-iwgw-erlikkhan-s6t elementor-widget elementor-widget-text-editor\" data-id=\"iwgw-erlikkhan-s6t\" data-element_type=\"widget\" data-e-type=\"widget\" data-widget_type=\"text-editor.default\">\n\t\t\t\t\t\t\t\t\t<p>Strukturn\u011b srovnateln\u00ed jsou: Jama ve v\u00e9dsk\u00e9 a buddhistick\u00e9 Indii; H\u00e1d\u00e9s v \u0159eck\u00e9 kultu\u0159e; Hel v seversk\u00e9 <span class=\"iwg-fachbegriff\" data-tooltip=\"Souhrn tradovan\u00fdch vypr\u00e1v\u011bn\u00ed o boz\u00edch v dan\u00e9 kultu\u0159e.\" tabindex=\"0\">mytologii<\/span>; Mictlantecuhtli v azt\u00e9ck\u00e9m <span class=\"iwg-fachbegriff\" data-tooltip=\"Souhrn boh\u016f n\u00e1bo\u017eenstv\u00ed nebo kultury.\" tabindex=\"0\">panteonu<\/span>; Osiris ve sv\u00e9 funkci soudce mrtv\u00fdch, m\u00e9n\u011b jako um\u00edraj\u00edc\u00ed b\u016fh. V samotn\u00e9 Sibi\u0159i existuj\u00ed paraleln\u00ed postavy jako prot\u011bj\u0161ek <em>Aiy Tojona<\/em>, <em>Jer-Chan<\/em> u Jakut\u016f.<\/p><p>Buddhisticko-tibetsk\u00e9 p\u0159etvo\u0159en\u00ed Erlika v Erlig Khaana = Jamu je p\u0159edm\u011btem samostatn\u00e9 studie u Walthera Heissiga (<em>Die Religionen der Mongolei<\/em>, 1970). Zde se ukazuje, jak byla dom\u00e1c\u00ed podsv\u011btn\u00ed postava integrov\u00e1na do tantrismu a tam obalena vlastn\u00edmi vrstvami atribut\u016f.<\/p><p>N\u00e1bo\u017eensko-fenomenologicky je zaj\u00edmav\u00e9, \u017ee t\u00e9m\u011b\u0159 v\u0161echny troj\u010dlenn\u00e9 kosmologick\u00e9 syst\u00e9my (Naho\u0159e, Uprost\u0159ed, Dole) znaj\u00ed bo\u017estvo podsv\u011bt\u00ed, kter\u00e9 je z\u00e1rove\u0148 postavou hr\u016fzy i garantem \u0159\u00e1du. Erlik tedy nen\u00ed anom\u00e1li\u00ed, ale u\u010debnicov\u00fdm p\u0159\u00edkladem.<\/p>\t\t\t\t\t\t\t\t<\/div>\n\t\t\t\t<\/div>\n\t\t\t\t\t<\/div>\n\t\t\t\t<\/div>\n\t\t<div class=\"elementor-element elementor-element-iwgw-erlikkhan-s7 e-flex e-con-boxed e-con e-parent\" data-id=\"iwgw-erlikkhan-s7\" data-element_type=\"container\" data-e-type=\"container\">\n\t\t\t\t\t<div class=\"e-con-inner\">\n\t\t\t\t<div class=\"elementor-element elementor-element-iwgw-erlikkhan-s7h elementor-widget elementor-widget-heading\" data-id=\"iwgw-erlikkhan-s7h\" data-element_type=\"widget\" data-e-type=\"widget\" data-widget_type=\"heading.default\">\n\t\t\t\t\t<h2 class=\"elementor-heading-title elementor-size-default\">Sou\u010dasn\u00e1 recepce a v\u00fdzkum<\/h2>\t\t\t\t<\/div>\n\t\t<div class=\"elementor-element elementor-element-iwgw-erlikkhan-s7c e-con-full e-flex e-con e-child\" data-id=\"iwgw-erlikkhan-s7c\" data-element_type=\"container\" data-e-type=\"container\">\n\t\t\t\t<div class=\"elementor-element elementor-element-iwgw-erlikkhan-s7t elementor-widget elementor-widget-text-editor\" data-id=\"iwgw-erlikkhan-s7t\" data-element_type=\"widget\" data-e-type=\"widget\" data-widget_type=\"text-editor.default\">\n\t\t\t\t\t\t\t\t\t<p>V modern\u00ed tuvinsk\u00e9 a altajsk\u00e9 <span class=\"iwg-fachbegriff\" data-tooltip=\"Tradovan\u00e1 lidov\u00e1 kultura se zvyky, vypr\u00e1v\u011bn\u00edmi a p\u00edsn\u011bmi.\" tabindex=\"0\">folkl\u00f3ru<\/span> je Erlik sp\u00ed\u0161e postavou strachu ne\u017e p\u0159edm\u011btem kultu; v popul\u00e1rn\u00edm pojet\u00ed (fantasy rom\u00e1ny, online hry) se m\u00edsty objevuje jako \u201etemn\u00fd protivn\u00edk\u201c. V\u011bdecky solidn\u00ed zpracov\u00e1n\u00ed nab\u00edzej\u00ed Andrei Znamenski, Roberte Hamayonov\u00e1 a rusky psan\u00e1 sb\u00edrka <em>Mify narodov mira<\/em> (sv. 2, 1992).<\/p><p>D\u016fle\u017eit\u00e1 badatelsk\u00e1 debata se t\u00fdk\u00e1 ot\u00e1zky, kolik z dne\u0161n\u00edho \u201etemn\u00e9ho\u201c obrazu Erlika je p\u0159edisl\u00e1msk\u00e9 \u010di p\u0159edbuddhistick\u00e9 a kolik vzniklo jako k\u0159es\u0165ansko-mision\u00e1\u0159sk\u00e1 d\u00e9monizace v 18. a 19. stolet\u00ed. Verbickij a dal\u0161\u00ed mision\u00e1\u0159i ve sv\u00fdch slovn\u00edc\u00edch prost\u011b p\u0159elo\u017eili \u201eErlik\u201c jako \u201e\u010dert\u201c, co\u017e pozd\u011bj\u0161\u00ed v\u011bda dlouho nekriticky p\u0159ij\u00edmala.<\/p><p>Andrei Znamenskiho <em>Shamanism and Western Imagination<\/em> (Oxford 2007) tuto d\u011bjinnou zkreslenost obs\u00e1hle rekonstruuje a h\u00e1j\u00ed obnovu historick\u00e9ho Erlika jako ambivalentn\u00ed postavy \u0159\u00e1du mimo k\u0159es\u0165ansko-dualistick\u00e1 sch\u00e9mata.<\/p>\t\t\t\t\t\t\t\t<\/div>\n\t\t\t\t<\/div>\n\t\t\t\t\t<\/div>\n\t\t\t\t<\/div>\n\t\t<div class=\"elementor-element elementor-element-iwgw-erlikkhan-s8 e-flex e-con-boxed e-con e-parent\" data-id=\"iwgw-erlikkhan-s8\" data-element_type=\"container\" data-e-type=\"container\">\n\t\t\t\t\t<div class=\"e-con-inner\">\n\t\t\t\t<div class=\"elementor-element elementor-element-iwgw-erlikkhan-s8h elementor-widget elementor-widget-heading\" data-id=\"iwgw-erlikkhan-s8h\" data-element_type=\"widget\" data-e-type=\"widget\" data-widget_type=\"heading.default\">\n\t\t\t\t\t<h2 class=\"elementor-heading-title elementor-size-default\">V\u00fdzkumn\u00e9 debaty a otev\u0159en\u00e9 ot\u00e1zky<\/h2>\t\t\t\t<\/div>\n\t\t<div class=\"elementor-element elementor-element-iwgw-erlikkhan-s8c e-con-full e-flex e-con e-child\" data-id=\"iwgw-erlikkhan-s8c\" data-element_type=\"container\" data-e-type=\"container\">\n\t\t\t\t<div class=\"elementor-element elementor-element-iwgw-erlikkhan-s8t elementor-widget elementor-widget-text-editor\" data-id=\"iwgw-erlikkhan-s8t\" data-element_type=\"widget\" data-e-type=\"widget\" data-widget_type=\"text-editor.default\">\n\t\t\t\t\t\t\t\t\t<p>Nad\u00e1le z\u016fst\u00e1vaj\u00ed otev\u0159en\u00e9 t\u0159i badatelsk\u00e9 ot\u00e1zky. Zaprv\u00e9: jakou podobu m\u011bl Erlik v prototurkick\u00e9m n\u00e1bo\u017eenstv\u00ed p\u0159ed kontaktem s buddhismem a k\u0159es\u0165anstv\u00edm? Anochinovy materi\u00e1ly nazna\u010duj\u00ed, \u017ee byl star\u0161\u00ed a samostatn\u011bj\u0161\u00ed postavou, ne\u017e jak nazna\u010duje buddhistick\u00e9 ztoto\u017en\u011bn\u00ed s Jamou.<\/p><p>Zadruh\u00e9: nakolik je altajsk\u00e1 tradice Erlika kontinu\u00e1ln\u00ed s jakutskou tradic\u00ed <em>abasy<\/em>, a naopak nekontinu\u00e1ln\u00ed s mongolskou tradic\u00ed Erlig Ch\u00e1na? L. P. Potapov zde argumentoval ve prosp\u011bch hypot\u00e9zy o roz\u0161t\u011bpen\u00ed, k n\u00ed\u017e se nov\u011bj\u0161\u00ed v\u00fdzkum op\u011bt vrac\u00ed.<\/p><p>Zat\u0159et\u00ed: jakou roli hraje Erlik v sou\u010dasn\u00e9 tuvinsk\u00e9 a altajsk\u00e9 sc\u00e9n\u011b neo-<span class=\"iwg-fachbegriff\" data-tooltip=\"N\u00e1bo\u017eensk\u00fd syst\u00e9m, v n\u011bm\u017e specialist\u00e9 komunikuj\u00ed se sv\u011btem duch\u016f.\" tabindex=\"0\">\u0161amanismu<\/span>, kter\u00e1 se rozv\u00edj\u00ed \u010d\u00e1ste\u010dn\u011b proti, \u010d\u00e1ste\u010dn\u011b ve spojen\u00ed s rusk\u00fdm mainstreamem? Marjorie Mandelstam Balzerov\u00e1 ve sv\u00fdch stat\u00edch uk\u00e1zala, \u017ee sou\u010dasn\u00ed \u0161amani c\u00edlen\u011b vyu\u017e\u00edvaj\u00ed Erlika k profilaci domorod\u00e9 alternativy v\u016f\u010di dominantn\u00ed ruskoortodoxn\u00ed symbolice.<\/p>\t\t\t\t\t\t\t\t<\/div>\n\t\t\t\t<\/div>\n\t\t\t\t\t<\/div>\n\t\t\t\t<\/div>\n\t\t<div class=\"elementor-element elementor-element-iwgw-erlikkhan-s9 e-flex e-con-boxed e-con e-parent\" data-id=\"iwgw-erlikkhan-s9\" data-element_type=\"container\" data-e-type=\"container\">\n\t\t\t\t\t<div class=\"e-con-inner\">\n\t\t\t\t<div class=\"elementor-element elementor-element-iwgw-erlikkhan-s9h elementor-widget elementor-widget-heading\" data-id=\"iwgw-erlikkhan-s9h\" data-element_type=\"widget\" data-e-type=\"widget\" data-widget_type=\"heading.default\">\n\t\t\t\t\t<h2 class=\"elementor-heading-title elementor-size-default\">Vztah k tradici Jamy<\/h2>\t\t\t\t<\/div>\n\t\t<div class=\"elementor-element elementor-element-iwgw-erlikkhan-s9c e-con-full e-flex e-con e-child\" data-id=\"iwgw-erlikkhan-s9c\" data-element_type=\"container\" data-e-type=\"container\">\n\t\t\t\t<div class=\"elementor-element elementor-element-iwgw-erlikkhan-s9t elementor-widget elementor-widget-text-editor\" data-id=\"iwgw-erlikkhan-s9t\" data-element_type=\"widget\" data-e-type=\"widget\" data-widget_type=\"text-editor.default\">\n\t\t\t\t\t\t\t\t\t<p>Ztoto\u017en\u011bn\u00ed Erlika s buddhistick\u00fdm Jamou je z religionistick\u00e9ho hlediska jedn\u00edm z nejl\u00e9pe dokumentovan\u00fdch p\u0159\u00edpad\u016f mongolsko-tibetsk\u00e9ho n\u00e1bo\u017eenstv\u00ed. Walther Heissig ve sv\u00e9 pr\u00e1ci <em>Die Religionen der Mongolei<\/em> (1970) uk\u00e1zal, jak se v pr\u016fb\u011bhu n\u011bkolika stalet\u00ed altajsk\u00fd Erlik spojoval s indicko-tibetsk\u00fdm Jamou \/ \u0160ind\u017ee, ani\u017e by do\u0161lo k \u00fapln\u00e9mu nahrazen\u00ed.<\/p><p>Vznikla tak dvouvrstevn\u00e1 postava, u n\u00ed\u017e se podle kontextu uplat\u0148uje bu\u010f altajsk\u00e1, nebo buddhistick\u00e1 vrstva.<\/p><p>Toto vrstven\u00ed je u\u010debnicov\u00fdm p\u0159\u00edkladem pro v\u011bdeck\u00e9 \u201etranslation studies\u201c: Jak p\u0159esn\u011b se koncept z jedn\u00e9 tradice p\u0159en\u00e1\u0161\u00ed do druh\u00e9, jak\u00e9 s\u00e9mantick\u00e9 posuny jsou nevyhnuteln\u00e9 a jak\u00e9 sv\u00e9bytn\u00e9 hybridn\u00ed formy vznikaj\u00ed v procesu p\u0159ekladu?<\/p><p>Konkr\u00e9tn\u00ed p\u0159\u00edpad: V tibetsk\u00e9m <em>Bardo th\u00f6drol<\/em> (\u201eTibetsk\u00e1 knize mrtv\u00fdch\u201c) vystupuje Jama jako dr\u017eitel zrcadla, kter\u00fd zesnul\u00e9mu ukazuje jeho \u017eivotn\u00ed skutky. Tato p\u0159edstava v autochtonn\u00edm altajsk\u00e9m komplexu Erlika chyb\u00ed, av\u0161ak je p\u0159\u00edtomn\u00e1 v pozdn\u011b mongolsk\u00e9 p\u0159edstav\u011b o Erlikovi, co\u017e je dokladem buddhistick\u00e9 vrstvy.<\/p>\t\t\t\t\t\t\t\t<\/div>\n\t\t\t\t<\/div>\n\t\t\t\t\t<\/div>\n\t\t\t\t<\/div>\n\t\t<div class=\"elementor-element elementor-element-iwgw-erlikkhan-s10 e-flex e-con-boxed e-con e-parent\" data-id=\"iwgw-erlikkhan-s10\" data-element_type=\"container\" data-e-type=\"container\">\n\t\t\t\t\t<div class=\"e-con-inner\">\n\t\t\t\t<div class=\"elementor-element elementor-element-iwgw-erlikkhan-s10h elementor-widget elementor-widget-heading\" data-id=\"iwgw-erlikkhan-s10h\" data-element_type=\"widget\" data-e-type=\"widget\" data-widget_type=\"heading.default\">\n\t\t\t\t\t<h2 class=\"elementor-heading-title elementor-size-default\">Prameny a vztah ke kulturn\u00edmu hubu<\/h2>\t\t\t\t<\/div>\n\t\t<div class=\"elementor-element elementor-element-iwgw-erlikkhan-s10c e-con-full e-flex e-con e-child\" data-id=\"iwgw-erlikkhan-s10c\" data-element_type=\"container\" data-e-type=\"container\">\n\t\t\t\t<div class=\"elementor-element elementor-element-iwgw-erlikkhan-s10t elementor-widget elementor-widget-text-editor\" data-id=\"iwgw-erlikkhan-s10t\" data-element_type=\"widget\" data-e-type=\"widget\" data-widget_type=\"text-editor.default\">\n\t\t\t\t\t\t\t\t\t<p>Kdo chce studovat komplex Erlika v cel\u00e9 jeho \u0161\u00ed\u0159i, najde na p\u0159ehledov\u00e9 str\u00e1nce <a href=\"https:\/\/iwell-guard.com\/cs\/sibirsky-samanismus-tengrismus\/\">Sibi\u0159sko-tengristick\u00e1 tradice<\/a> nejd\u016fle\u017eit\u011bj\u0161\u00ed odkazy na p\u0159\u00edbuzn\u00e9 postavy jako <a href=\"https:\/\/iwell-guard.com\/cs\/?page_id=145509\">\u00dclgen<\/a> a doln\u00ed \u0161kodliv\u00e9 bytosti <em>abasy<\/em>. D\u00edlo A. V. Anochina <em>Materi\u00e1ly k <span class=\"iwg-fachbegriff\" data-tooltip=\"N\u00e1bo\u017eensk\u00fd syst\u00e9m, v n\u011bm\u017e specialist\u00e9 komunikuj\u00ed se sv\u011btem duch\u016f.\" tabindex=\"0\">\u0161amanismu<\/span> Altajc\u016f<\/em> (1924) z\u016fst\u00e1v\u00e1 nejd\u016fle\u017eit\u011bj\u0161\u00edm prim\u00e1rn\u00edm pramenem.<\/p><p>Pro buddhistick\u00e9 p\u0159etvo\u0159en\u00ed jsou kl\u00ed\u010dov\u00e1 d\u00edla Walthera Heissiga <em>Die Religionen der Mongolei<\/em> (1970) a studie Klause Sagastera. Pro kritick\u00e9 zpracov\u00e1n\u00ed mision\u00e1\u0159sk\u00fdch zkreslen\u00ed je nejlep\u0161\u00edm dostupn\u00fdm d\u00edlem kniha Andreje Znamensk\u00e9ho <em>Shamanism and Western Imagination<\/em> (Oxford 2007).<\/p><p>Standardn\u00ed d\u00edlo L. P. Potapova <em>Altaiskij \u0161amanizm<\/em> (Petrohrad 1991) nab\u00edz\u00ed nejrozs\u00e1hlej\u0161\u00ed sov\u011btsko-ruskou synt\u00e9zu a v b\u00e1d\u00e1n\u00ed o Erlikovi by nem\u011blo b\u00fdt opom\u00edjeno.<\/p>\t\t\t\t\t\t\t\t<\/div>\n\t\t\t\t<\/div>\n\t\t\t\t\t<\/div>\n\t\t\t\t<\/div>\n\t\t<div class=\"elementor-element elementor-element-iwgw-erlikkhan-s11 e-flex e-con-boxed e-con e-parent\" data-id=\"iwgw-erlikkhan-s11\" data-element_type=\"container\" data-e-type=\"container\">\n\t\t\t\t\t<div class=\"e-con-inner\">\n\t\t\t\t<div class=\"elementor-element elementor-element-iwgw-erlikkhan-s11h elementor-widget elementor-widget-heading\" data-id=\"iwgw-erlikkhan-s11h\" data-element_type=\"widget\" data-e-type=\"widget\" data-widget_type=\"heading.default\">\n\t\t\t\t\t<h2 class=\"elementor-heading-title elementor-size-default\">Religionistick\u00e1 fenomenologie podsv\u011bt\u00ed<\/h2>\t\t\t\t<\/div>\n\t\t<div class=\"elementor-element elementor-element-iwgw-erlikkhan-s11c e-con-full e-flex e-con e-child\" data-id=\"iwgw-erlikkhan-s11c\" data-element_type=\"container\" data-e-type=\"container\">\n\t\t\t\t<div class=\"elementor-element elementor-element-iwgw-erlikkhan-s11t elementor-widget elementor-widget-text-editor\" data-id=\"iwgw-erlikkhan-s11t\" data-element_type=\"widget\" data-e-type=\"widget\" data-widget_type=\"text-editor.default\">\n\t\t\t\t\t\t\t\t\t<p>Erlik pat\u0159\u00ed do religionistick\u00e9ho spektra podsv\u011btn\u00edch bo\u017estev, kter\u00fdm se podrobn\u011b zab\u00fdval Mircea Eliade v d\u00edle <em>Forgerons et alchimistes<\/em> (1956) a ve sv\u00e9 knize o <span class=\"iwg-fachbegriff\" data-tooltip=\"N\u00e1bo\u017eensk\u00fd syst\u00e9m, v n\u011bm\u017e specialist\u00e9 komunikuj\u00ed se sv\u011btem duch\u016f.\" tabindex=\"0\">\u0161amanismu<\/span>. Charakteristick\u00e1 je jejich ambivalence: podsv\u011btn\u00ed bo\u017estva reprezentuj\u00ed nezbytnou stinnou oblast kosmick\u00e9ho \u0159\u00e1du, a prost\u00fdm ozna\u010den\u00edm \u201ezl\u00fd\u201c je jejich podstata zkreslena.<\/p><p>Zvl\u00e1\u0161tn\u00edm rysem Erlika je jeho funkce z\u00e1rove\u0148 jako p\u016fvodce nemoci i toho, kdo nemoc odn\u00edm\u00e1. \u010cern\u00fd <span class=\"iwg-fachbegriff\" data-tooltip=\"N\u00e1bo\u017eensk\u00fd specialista, jemu\u017e se p\u0159ipisuje zprost\u0159edkov\u00e1n\u00ed mezi lidmi a sv\u011btem duch\u016f.\" tabindex=\"0\">\u0161aman<\/span> s Erlikem vyjedn\u00e1v\u00e1 o navr\u00e1cen\u00ed ztracen\u00fdch du\u0161\u00ed, co\u017e je klasick\u00fd model \u201e\u0161amansk\u00e9ho vyjedn\u00e1v\u00e1n\u00ed\u201c, kter\u00fd Roberte Hamayonov\u00e1 vypracovala jako protiklad k Eliadovu modelu \u201eext\u00e1ze\u201c.<\/p><p>N\u00e1bo\u017eensko-antropologicky je zaj\u00edmav\u00e9 rozd\u011blen\u00ed \u201eb\u00edl\u00fdch\u201c a \u201e\u010dern\u00fdch\u201c \u0161aman\u016f, kte\u0159\u00ed se obracej\u00ed k odd\u011blen\u00fdm boh\u016fm. Tato dvojit\u00e1 struktura se v tak jasn\u00e9 podob\u011b vyskytuje jen v m\u00e1lokter\u00e9 sibi\u0159sk\u00e9 tradici tak z\u0159eteln\u011b jako u Altajc\u016f a Tuvinc\u016f; historicky patrn\u011b vznikla pom\u011brn\u011b pozd\u011b, snad pod buddhistick\u00fdm vlivem.<\/p>\t\t\t\t\t\t\t\t<\/div>\n\t\t\t\t<\/div>\n\t\t\t\t\t<\/div>\n\t\t\t\t<\/div>\n\t\t<div class=\"elementor-element elementor-element-iwgw-erlikkhan-s12 e-flex e-con-boxed e-con e-parent\" data-id=\"iwgw-erlikkhan-s12\" data-element_type=\"container\" data-e-type=\"container\">\n\t\t\t\t\t<div class=\"e-con-inner\">\n\t\t\t\t<div class=\"elementor-element elementor-element-iwgw-erlikkhan-s12h elementor-widget elementor-widget-heading\" data-id=\"iwgw-erlikkhan-s12h\" data-element_type=\"widget\" data-e-type=\"widget\" data-widget_type=\"heading.default\">\n\t\t\t\t\t<h2 class=\"elementor-heading-title elementor-size-default\">Metodologick\u00e1 reflexe<\/h2>\t\t\t\t<\/div>\n\t\t<div class=\"elementor-element elementor-element-iwgw-erlikkhan-s12c e-con-full e-flex e-con e-child\" data-id=\"iwgw-erlikkhan-s12c\" data-element_type=\"container\" data-e-type=\"container\">\n\t\t\t\t<div class=\"elementor-element elementor-element-iwgw-erlikkhan-s12t elementor-widget elementor-widget-text-editor\" data-id=\"iwgw-erlikkhan-s12t\" data-element_type=\"widget\" data-e-type=\"widget\" data-widget_type=\"text-editor.default\">\n\t\t\t\t\t\t\t\t\t<p>P\u0159i pr\u00e1ci s prameny o Erlikovi vznik\u00e1 n\u011bkolik metodologick\u00fdch probl\u00e9m\u016f. Za prv\u00e9: nejstar\u0161\u00ed prameny jsou z\u00e1pisy k\u0159es\u0165ansk\u00fdch mision\u00e1\u0159\u016f (Verbickij, Chivalkov) z 19. stolet\u00ed, kte\u0159\u00ed ho systematicky ztoto\u017e\u0148ovali s k\u0159es\u0165ansk\u00fdm \u010f\u00e1blem. Odstran\u011bn\u00ed t\u00e9to mision\u00e1\u0159sk\u00e9 vrstvy je metodologicky n\u00e1ro\u010dn\u00e9.<\/p><p>Za druh\u00e9: buddhistick\u00e1 identifikace s Jamou p\u0159inesla dal\u0161\u00ed v\u00fdznamov\u00e9 vrstvy, kter\u00e9 nelze snadno odd\u011blit od altajsk\u00e9 prap\u016fvodn\u00ed vrstvy Erlika. Heissig\u016fv model vrstven\u00ed pom\u00e1h\u00e1, ale z\u016fst\u00e1v\u00e1 diskutabiln\u00ed.<\/p><p>Za t\u0159et\u00ed: sou\u010dasn\u00e1 \u0161amansk\u00e1 praxe kolem Erlika je po sov\u011btsk\u00e9 \u00e9\u0159e fragmentovan\u00e1; to, co dnes pozorujeme, je nov\u00e1 podoba vytvo\u0159en\u00e1 na z\u00e1klad\u011b etnografick\u00fdch text\u016f, nikoli nep\u0159etr\u017eit\u00e1 kontinuita. Andrej Znamenskij to kriticky reflektoval.<\/p>\t\t\t\t\t\t\t\t<\/div>\n\t\t\t\t<\/div>\n\t\t\t\t\t<\/div>\n\t\t\t\t<\/div>\n\t\t<div class=\"elementor-element elementor-element-iwgw-erlikkhan-s13 e-flex e-con-boxed e-con e-parent\" data-id=\"iwgw-erlikkhan-s13\" data-element_type=\"container\" data-e-type=\"container\">\n\t\t\t\t\t<div class=\"e-con-inner\">\n\t\t\t\t<div class=\"elementor-element elementor-element-iwgw-erlikkhan-s13h elementor-widget elementor-widget-heading\" data-id=\"iwgw-erlikkhan-s13h\" data-element_type=\"widget\" data-e-type=\"widget\" data-widget_type=\"heading.default\">\n\t\t\t\t\t<h2 class=\"elementor-heading-title elementor-size-default\">Erlik v sou\u010dasn\u00e9 popkultu\u0159e<\/h2>\t\t\t\t<\/div>\n\t\t<div class=\"elementor-element elementor-element-iwgw-erlikkhan-s13c e-con-full e-flex e-con e-child\" data-id=\"iwgw-erlikkhan-s13c\" data-element_type=\"container\" data-e-type=\"container\">\n\t\t\t\t<div class=\"elementor-element elementor-element-iwgw-erlikkhan-s13t elementor-widget elementor-widget-text-editor\" data-id=\"iwgw-erlikkhan-s13t\" data-element_type=\"widget\" data-e-type=\"widget\" data-widget_type=\"text-editor.default\">\n\t\t\t\t\t\t\t\t\t<p>V sou\u010dasn\u00e9 popkultu\u0159e je Erlik p\u0159ekvapiv\u011b p\u0159\u00edtomn\u00fd. Objevuje se v n\u011bkolika rusk\u00fdch fantasy rom\u00e1nech, v online po\u010d\u00edta\u010dov\u00fdch hr\u00e1ch (nap\u0159\u00edklad <em>Path of Exile<\/em>, <em>Smite<\/em>), v textech heavymetalov\u00fdch p\u00edsn\u00ed i ve sv\u011bt\u011b manga a anime. Tato recepce \u010dasto siln\u011b zkresluje historick\u00fd obraz, ale z\u00e1rove\u0148 d\u011bl\u00e1 z Erlika kulturn\u011b aktivn\u00ed postavu.<\/p><p>Z v\u011bdeck\u00e9ho hlediska je tato recepce ambivalentn\u00ed: udr\u017euje Erlika v kulturn\u00ed pam\u011bti, ale z\u00e1rove\u0148 ho banalizuje. Andrej Znamenskij v d\u00edle <em>Shamanism and Western Imagination<\/em> (2007) upozornil na nap\u011bt\u00ed mezi v\u011bdeckou rekonstrukc\u00ed a popul\u00e1rn\u00edm osvojen\u00edm.<\/p><p>V samotn\u00fdch altajsk\u00fdch a tuvinsk\u00fdch republik\u00e1ch je Erlik v lidov\u00e9 kultu\u0159e m\u00e9n\u011b p\u0159\u00edtomn\u00fd ne\u017e \u00dclgen nebo Tengri; z\u016fst\u00e1v\u00e1 sp\u00ed\u0161e okrajovou postavou, kter\u00e1 hraje roli v \u0161amansk\u00e9 praxi, nikoli v\u0161ak ve ve\u0159ejn\u00e9 reprezentaci regionu.<\/p>\t\t\t\t\t\t\t\t<\/div>\n\t\t\t\t<\/div>\n\t\t\t\t\t<\/div>\n\t\t\t\t<\/div>\n\t\t<div class=\"elementor-element elementor-element-cp27518a4a e-flex e-con-boxed e-con e-parent\" data-id=\"cp27518a4a\" data-element_type=\"container\" data-e-type=\"container\">\n\t\t\t\t\t<div class=\"e-con-inner\">\n\t\t\t\t<div class=\"elementor-element elementor-element-cp20374ec2 elementor-widget elementor-widget-heading\" data-id=\"cp20374ec2\" data-element_type=\"widget\" data-e-type=\"widget\" data-widget_type=\"heading.default\">\n\t\t\t\t\t<h2 class=\"elementor-heading-title elementor-size-default\">Erlik v altajsk\u00e9m vypr\u00e1v\u011bn\u00ed o stvo\u0159en\u00ed: spolutv\u016frce nedokonal\u00e9ho sv\u011bta<\/h2>\t\t\t\t<\/div>\n\t\t<div class=\"elementor-element elementor-element-cp23d083fe e-flex e-con-boxed e-con e-child\" data-id=\"cp23d083fe\" data-element_type=\"container\" data-e-type=\"container\">\n\t\t\t\t\t<div class=\"e-con-inner\">\n\t\t\t\t<div class=\"elementor-element elementor-element-cp2fdabf2c elementor-widget elementor-widget-text-editor\" data-id=\"cp2fdabf2c\" data-element_type=\"widget\" data-e-type=\"widget\" data-widget_type=\"text-editor.default\">\n\t\t\t\t\t\t\t\t\t<p>Ve stvo\u0159itelsk\u00fdch vypr\u00e1v\u011bn\u00edch turkicky mluv\u00edc\u00edch n\u00e1rod\u016f Altaje hraje Erlik, zvan\u00fd tak\u00e9 <em>Erlik Khan<\/em> nebo <em>Erlik<\/em>, dvojzna\u010dnou, ale nezbytnou roli.<\/p><p>N\u011bkolik verz\u00ed zaznamenan\u00fdch etnografy v 19. a na po\u010d\u00e1tku 20. stolet\u00ed popisuje, jak na po\u010d\u00e1tku byla jen voda a jak stvo\u0159itelsk\u00fd b\u016fh, \u010dasto ztoto\u017e\u0148ovan\u00fd s <a href=\"https:\/\/iwell-guard.com\/cs\/?page_id=145509\">\u00dclgenem<\/a>, vyzdvihuje s Erlikovou pomoc\u00ed zemi z prap\u016fvodn\u00ed vody.<\/p><p>V roz\u0161\u00ed\u0159en\u00e9 podob\u011b vypr\u00e1v\u011bn\u00ed se oba pot\u00e1p\u011bj\u00ed v pta\u010d\u00ed podob\u011b, nebo pos\u00edlaj\u00ed pot\u00e1p\u011bj\u00edc\u00ed se tvora, aby p\u0159inesl zemi ze dna prap\u016fvodn\u00edho mo\u0159e. Erlik p\u0159i tom potaj\u00ed zadr\u017e\u00ed kousek zem\u011b v \u00fastech, s \u00famyslem stvo\u0159it vlastn\u00ed sv\u011bt.<\/p><p>Kdy\u017e stvo\u0159itelsk\u00fd b\u016fh nech\u00e1 p\u0159inesenou zemi r\u016fst, za\u010dne r\u016fst i skryt\u00e1 zem\u011b v Erlikov\u00fdch \u00fastech, tak\u017ee ji mus\u00ed vyplivnout. Z t\u00e9to vyplivnut\u00e9 zem\u011b vznikaj\u00ed ba\u017einy, neprostupn\u00e9 a ne\u00farodn\u00e9 krajiny. <span class=\"iwg-fachbegriff\" data-tooltip=\"Opakuj\u00edc\u00ed se obsahov\u00fd prvek v um\u011bn\u00ed nebo vypr\u00e1v\u011bn\u00ed.\" tabindex=\"0\">Motiv<\/span> mytologicky vysv\u011btluje, pro\u010d sv\u011bt nen\u00ed dokonal\u00fd.<\/p><p>Toto vypr\u00e1v\u011bn\u00ed pat\u0159\u00ed k roz\u0161\u00ed\u0159en\u00e9mu typu m\u00fdt\u016f o stvo\u0159en\u00ed pot\u00e1p\u011b\u010dem, dokl\u00e1dan\u00e9mu v cel\u00e9 severn\u00ed Eurasii a Severn\u00ed Americe. N\u00e1padn\u00e9 je mor\u00e1ln\u011b dvojzna\u010dn\u00e9 postaven\u00ed Erlika: m\u00fdtus v n\u011bm ukazuje nikoli pouh\u00e9ho ni\u010ditele, ale spolutv\u016frce, jeho\u017e samovolnost a lest sv\u011bt z\u00e1rove\u0148 dotv\u00e1\u0159ej\u00ed a po\u0161kozuj\u00ed.<\/p><p>P\u0159i hodnocen\u00ed t\u011bchto vypr\u00e1v\u011bn\u00ed je t\u0159eba m\u00edt na pam\u011bti, \u017ee z\u00e1znamy poch\u00e1zej\u00ed z doby, kdy altajsk\u00e9 n\u00e1bo\u017eenstv\u00ed bylo ji\u017e ovlivn\u011bno k\u0159es\u0165ansk\u00fdmi a buddhistick\u00fdmi p\u0159edstavami. N\u011bkte\u0159\u00ed badatel\u00e9 se proto ptali, zda zd\u016frazn\u011bn\u00ed role protivnick\u00e9ho spolutv\u016frce nebylo t\u011bmito vlivy pos\u00edleno. Jistou odpov\u011b\u010f nelze podat.<\/p>\t\t\t\t\t\t\t\t<\/div>\n\t\t\t\t\t<\/div>\n\t\t\t\t<\/div>\n\t\t\t\t\t<\/div>\n\t\t\t\t<\/div>\n\t\t<div class=\"elementor-element elementor-element-cp2032381e e-flex e-con-boxed e-con e-parent\" data-id=\"cp2032381e\" data-element_type=\"container\" data-e-type=\"container\">\n\t\t\t\t\t<div class=\"e-con-inner\">\n\t\t\t\t<div class=\"elementor-element elementor-element-cp2549d4d3 elementor-widget elementor-widget-heading\" data-id=\"cp2549d4d3\" data-element_type=\"widget\" data-e-type=\"widget\" data-widget_type=\"heading.default\">\n\t\t\t\t\t<h2 class=\"elementor-heading-title elementor-size-default\">P\u00e1n podsv\u011bt\u00ed: Erlikovo kr\u00e1lovstv\u00ed a \u0161amansk\u00e1 cesta do hlubin<\/h2>\t\t\t\t<\/div>\n\t\t<div class=\"elementor-element elementor-element-cp2699d7d9 e-flex e-con-boxed e-con e-child\" data-id=\"cp2699d7d9\" data-element_type=\"container\" data-e-type=\"container\">\n\t\t\t\t\t<div class=\"e-con-inner\">\n\t\t\t\t<div class=\"elementor-element elementor-element-cp215c60fe elementor-widget elementor-widget-text-editor\" data-id=\"cp215c60fe\" data-element_type=\"widget\" data-e-type=\"widget\" data-widget_type=\"text-editor.default\">\n\t\t\t\t\t\t\t\t\t<p>Nad r\u00e1mec stvo\u0159itelsk\u00fdch vypr\u00e1v\u011bn\u00ed je Erlik v altajsk\u00e9m a obecn\u011bji sibi\u0159sk\u00e9m n\u00e1bo\u017eenstv\u00ed zn\u00e1m p\u0159edev\u0161\u00edm jako p\u00e1n podsv\u011bt\u00ed a vl\u00e1dce mrtv\u00fdch. Jeho kr\u00e1lovstv\u00ed je v pramenech popisov\u00e1no jako temn\u00e1 oblast pod zem\u00ed, do n\u00ed\u017e vch\u00e1zej\u00ed zem\u0159el\u00ed.<\/p><p>Erlik je z\u00e1rove\u0148 pova\u017eov\u00e1n za p\u016fvodce nemoc\u00ed a smrti; podle altajsk\u00e9 p\u0159edstavy mohla b\u00fdt \u017eivotn\u00ed s\u00edla nebo du\u0161e t\u011b\u017ece nemocn\u00e9ho \u010dlov\u011bka unesena Erlikem nebo jeho posly do podsv\u011bt\u00ed.<\/p><p>Na tuto p\u0159edstavu navazovala ur\u010dit\u00e1 forma \u0161amansk\u00e9 praxe. Zat\u00edmco cesta do nebe k \u00dclgenovi byla v\u00fdstupem, cesta k Erlikovi byla sestupem.<\/p><p>\u0160amansk\u00fd specialista v ritu\u00e1ln\u00edch zp\u011bvech popisoval, jak sestupuje do Erlikova kr\u00e1lovstv\u00ed, jak zde p\u0159ekon\u00e1v\u00e1 p\u0159ek\u00e1\u017eky a nakonec p\u0159edstupuje p\u0159ed Erlika, aby s n\u00edm jednal, nap\u0159\u00edklad aby po\u017e\u00e1dal o navr\u00e1cen\u00ed unesen\u00e9 du\u0161e nemocn\u00e9ho nebo aby p\u0159edal ob\u011btn\u00ed dary.<\/p><p>Wilhelm Radloff takov\u00e9 popisy sestupu zaznamenal a v pozd\u011bj\u0161\u00edm srovn\u00e1vac\u00edm v\u00fdzkumu \u0161amanismu jim byla v\u011bnov\u00e1na zna\u010dn\u00e1 pozornost.<\/p><p>P\u0159i v\u00fdkladu je nam\u00edst\u011b zdr\u017eenlivost. Zaznamenan\u00e9 texty jsou konkr\u00e9tn\u00ed performance, nikoli nad\u010dasov\u00e9 sc\u00e9n\u00e1\u0159e, a jejich zobecn\u011bn\u00ed do vzoru \u0161amansk\u00e9 cesty do podsv\u011bt\u00ed, jak jej provedl nap\u0159\u00edklad Mircea Eliade, nov\u011bj\u0161\u00ed v\u00fdzkum kritizuje jako p\u0159\u00edli\u0161 zjednodu\u0161uj\u00edc\u00ed.<\/p><p>Lze konstatovat, \u017ee Erlik byl v altajsk\u00e9 praxi mnohem v\u00edc ne\u017e pouze ob\u00e1van\u00e1 bytost, kter\u00e9 se \u010dlov\u011bk vyh\u00fdbal: byl moc\u00ed, s n\u00ed\u017e specialista v <span class=\"iwg-fachbegriff\" data-tooltip=\"Uspo\u0159\u00e1dan\u00fd sled symbolick\u00fdch jedn\u00e1n\u00ed s n\u00e1bo\u017eensk\u00fdm nebo kulturn\u00edm v\u00fdznamem.\" tabindex=\"0\">ritu\u00e1lu<\/span> aktivn\u011b vyjedn\u00e1val. Zach\u00e1zen\u00ed s Erlikem p\u0159esahovalo pouhou obranu; bylo to \u0159\u00edzen\u00e9 a riskantn\u00ed komunikov\u00e1n\u00ed.<\/p>\t\t\t\t\t\t\t\t<\/div>\n\t\t\t\t\t<\/div>\n\t\t\t\t<\/div>\n\t\t\t\t\t<\/div>\n\t\t\t\t<\/div>\n\t\t<div class=\"elementor-element elementor-element-cp2907420d e-flex e-con-boxed e-con e-parent\" data-id=\"cp2907420d\" data-element_type=\"container\" data-e-type=\"container\">\n\t\t\t\t\t<div class=\"e-con-inner\">\n\t\t\t\t<div class=\"elementor-element elementor-element-cp2fc29be0 elementor-widget elementor-widget-heading\" data-id=\"cp2fc29be0\" data-element_type=\"widget\" data-e-type=\"widget\" data-widget_type=\"heading.default\">\n\t\t\t\t\t<h2 class=\"elementor-heading-title elementor-size-default\">Erlik mezi dom\u00e1c\u00ed tradic\u00ed a ciz\u00edm vlivem: badatelsk\u00e1 debata<\/h2>\t\t\t\t<\/div>\n\t\t<div class=\"elementor-element elementor-element-cp215c8e40 e-flex e-con-boxed e-con e-child\" data-id=\"cp215c8e40\" data-element_type=\"container\" data-e-type=\"container\">\n\t\t\t\t\t<div class=\"e-con-inner\">\n\t\t\t\t<div class=\"elementor-element elementor-element-cp27662833 elementor-widget elementor-widget-text-editor\" data-id=\"cp27662833\" data-element_type=\"widget\" data-e-type=\"widget\" data-widget_type=\"text-editor.default\">\n\t\t\t\t\t\t\t\t\t<p>Postava Erlika stoj\u00ed ve st\u0159edu dlouhotrvaj\u00edc\u00ed badatelsk\u00e9 debaty o ciz\u00edch vlivech na vnitroasijsk\u00e9 n\u00e1bo\u017eenstv\u00ed. N\u00e1padn\u00e9 je ji\u017e samotn\u00e9 jm\u00e9no: Erlik, respektive Erlik Khan, je jazykov\u011b i pojmov\u011b spojen s Jamou buddhistick\u00e9 tradice, kter\u00fd jako Erlik Khan pronikl do mongolsk\u00e9 a tibetsko-buddhistick\u00e9 p\u0159edstavov\u00e9 sf\u00e9ry.<\/p><p>Ot\u00e1zkou je, zda altajsk\u00e1 postava vl\u00e1dce podsv\u011bt\u00ed byla takto utv\u00e1\u0159ena od po\u010d\u00e1tku, nebo zda byla p\u0159etvo\u0159ena buddhismem.<\/p><p>Druh\u00e1 linie debaty se t\u00fdk\u00e1 dualismu.<\/p><p>Protiklad \u00dclgena naho\u0159e a Erlika dole, stvo\u0159en\u00ed a \u0161kody, nebe a podsv\u011bt\u00ed, p\u0159ipom\u00edn\u00e1 n\u011bkter\u00fdm badatel\u016fm dualistick\u00e9 n\u00e1bo\u017eensk\u00e9 syst\u00e9my, nap\u0159\u00edklad zoroastrijsk\u00e9 p\u0159edstavy, kter\u00e9 se mohly prosadit p\u0159es st\u0159edoasijsk\u00e9 obchodn\u00ed cesty, nebo k\u0159es\u0165ansk\u00e9 postaven\u00ed Boha proti \u010f\u00e1blu, kter\u00e9 p\u0159i\u0161lo s ruskou misi\u00ed.<\/p><p>Proto\u017ee prameny poch\u00e1zej\u00ed a\u017e z doby, kdy v\u0161echny tyto kontakty ji\u017e d\u00e1vno existovaly, lze p\u016fvodn\u00ed j\u00e1dro jen t\u011b\u017eko vyd\u011blit.<\/p><p>Metodicky obez\u0159etn\u00fd v\u00fdzkum z toho vyvozuje, \u017ee Erlik pravd\u011bpodobn\u011b vych\u00e1z\u00ed z dom\u00e1c\u00ed p\u0159edstavy o moci podsv\u011bt\u00ed, \u017ee v\u0161ak tato p\u0159edstava byla buddhistick\u00fdmi a mo\u017en\u00e1 dal\u0161\u00edmi vlivy p\u0159etvo\u0159ena a zost\u0159ena v kontur\u00e1ch. D\u016fle\u017eit\u00e9 je p\u0159i tom varov\u00e1n\u00ed p\u0159ed roz\u0161\u00ed\u0159en\u00fdm nedorozum\u011bn\u00edm: Erlik by nem\u011blo b\u00fdt p\u0159ed\u010dasn\u011b ztoto\u017e\u0148ov\u00e1n s k\u0159es\u0165ansk\u00fdm \u010f\u00e1blem.<\/p><p>V altajsk\u00fdch vypr\u00e1v\u011bn\u00edch nen\u00ed absolutn\u00edm zlem, n\u00fdbr\u017e nezbytnou sou\u010d\u00e1st\u00ed sv\u011btov\u00e9ho \u0159\u00e1du, s n\u00ed\u017e se lid\u00e9 a jejich ritu\u00e1ln\u00ed specialist\u00e9 musili vyrovn\u00e1vat. Jeho postaven\u00ed jako \u00dclgenova protivn\u00edka popisuje napjatou komplementaritu, nikoli mor\u00e1ln\u00ed v\u00e1lku. P\u0159\u00edbuzn\u00e9 vl\u00e1dce podsv\u011bt\u00ed znaj\u00ed i dal\u0161\u00ed <a href=\"https:\/\/iwell-guard.com\/cs\/sibirsky-samanismus-tengrismus\/\">vnitroasijsk\u00e9 kultury<\/a>.<\/p>\t\t\t\t\t\t\t\t<\/div>\n\t\t\t\t\t<\/div>\n\t\t\t\t<\/div>\n\t\t\t\t\t<\/div>\n\t\t\t\t<\/div>\n\t\t<div class=\"elementor-element elementor-element-iwgw-erlikkhan-lit e-flex e-con-boxed e-con e-parent\" data-id=\"iwgw-erlikkhan-lit\" data-element_type=\"container\" data-e-type=\"container\">\n\t\t\t\t\t<div class=\"e-con-inner\">\n\t\t\t\t<div class=\"elementor-element elementor-element-iwgw-erlikkhan-lith elementor-widget elementor-widget-heading\" data-id=\"iwgw-erlikkhan-lith\" data-element_type=\"widget\" data-e-type=\"widget\" data-widget_type=\"heading.default\">\n\t\t\t\t\t<h2 class=\"elementor-heading-title elementor-size-default\">Literatura (v\u00fdb\u011br)<\/h2>\t\t\t\t<\/div>\n\t\t<div class=\"elementor-element elementor-element-iwgw-erlikkhan-litc e-con-full e-flex e-con e-child\" data-id=\"iwgw-erlikkhan-litc\" data-element_type=\"container\" data-e-type=\"container\">\n\t\t\t\t<div class=\"elementor-element elementor-element-iwgw-erlikkhan-litt elementor-widget elementor-widget-text-editor\" data-id=\"iwgw-erlikkhan-litt\" data-element_type=\"widget\" data-e-type=\"widget\" data-widget_type=\"text-editor.default\">\n\t\t\t\t\t\t\t\t\t<ul><li>A. V. Anochin: <em>Materialien zum <span class=\"iwg-fachbegriff\" data-tooltip=\"N\u00e1bo\u017eensk\u00fd syst\u00e9m, v n\u011bm\u017e specialist\u00e9 komunikuj\u00ed se sv\u011btem duch\u016f.\" tabindex=\"0\">Schamanismus<\/span> der Altaier<\/em> (1924)<\/li><li>Mircea Eliade: <em>Le chamanisme<\/em> (1951)<\/li><li>Walther Heissig: <em>Die Religionen der Mongolei<\/em> (1970)<\/li><li>Vladimir Basilov: <em>Shamanism in Siberia<\/em> (1984)<\/li><li>Roberte Hamayon: <em>La chasse \u00e0 l&#8217;\u00e2me<\/em> (1990)<\/li><li>Andrei Znamenski: <em>Shamanism and Western Imagination<\/em> (2007)<\/li><li>L. P. Potapov: <em>Altaiskij schamanizm<\/em> (1991)<\/li><\/ul>\t\t\t\t\t\t\t\t<\/div>\n\t\t\t\t<\/div>\n\t\t\t\t\t<\/div>\n\t\t\t\t<\/div>\n\t\t<div class=\"elementor-element elementor-element-iwgkw2-add-erlikkhan e-flex e-con-boxed e-con e-parent\" data-id=\"iwgkw2-add-erlikkhan\" data-element_type=\"container\" data-e-type=\"container\">\n\t\t\t\t\t<div class=\"e-con-inner\">\n\t\t\t\t<div class=\"elementor-element elementor-element-iwgkw2-add-erlikkhan-t elementor-widget elementor-widget-text-editor\" data-id=\"iwgkw2-add-erlikkhan-t\" data-element_type=\"widget\" data-e-type=\"widget\" data-widget_type=\"text-editor.default\">\n\t\t\t\t\t\t\t\t\t<p>V <em>altajsk\u00e9<\/em> a <em>sibi\u0159sk\u00e9<\/em> v\u00ed\u0159e utv\u00e1\u0159\u00ed <em><span class=\"iwg-fachbegriff\" data-tooltip=\"Tradovan\u00fd p\u0159\u00edb\u011bh o boz\u00edch, po\u010d\u00e1tc\u00edch a uspo\u0159\u00e1d\u00e1n\u00ed sv\u011bta.\" tabindex=\"0\">m\u00fdtus<\/span><\/em> Erlika Khana jako vl\u00e1dce podsv\u011bt\u00ed a protivn\u00edka \u00dclgena; \u0161amansk\u00e9 zp\u011bvy altajsk\u00fdch Turk\u016f a Burjat\u016f dokl\u00e1daj\u00ed jeho roli p\u0159i nemoci, smrti a veden\u00ed du\u0161\u00ed.<\/p>\t\t\t\t\t\t\t\t<\/div>\n\t\t\t\t\t<\/div>\n\t\t\t\t<\/div>\n\t\t<div class=\"elementor-element elementor-element-iwgw-erlikkhan-kwd e-flex e-con-boxed e-con e-parent\" data-id=\"iwgw-erlikkhan-kwd\" data-element_type=\"container\" data-e-type=\"container\">\n\t\t\t\t\t<div class=\"e-con-inner\">\n\t\t<div class=\"elementor-element elementor-element-iwgw-erlikkhan-kwdc e-con-full e-flex e-con e-child\" data-id=\"iwgw-erlikkhan-kwdc\" data-element_type=\"container\" data-e-type=\"container\">\n\t\t\t\t<div class=\"elementor-element elementor-element-iwgw-erlikkhan-kwdt elementor-widget elementor-widget-text-editor\" data-id=\"iwgw-erlikkhan-kwdt\" data-element_type=\"widget\" data-e-type=\"widget\" data-widget_type=\"text-editor.default\">\n\t\t\t\t\t\t\t\t\t<p><em>P\u0159\u00edbuzn\u00e9 kl\u00ed\u010dov\u00e9 pojmy: Erlik Khan Erlig Khaan Altaj podsv\u011bt\u00ed Jama buddhistick\u00e9 p\u0159etvo\u0159en\u00ed.<\/em><\/p>\t\t\t\t\t\t\t\t<\/div>\n\t\t\t\t<\/div>\n\t\t\t\t\t<\/div>\n\t\t\t\t<\/div>\n\t\t<div class=\"elementor-element elementor-element-iwgw-erlikkhan-cc e-flex e-con-boxed e-con e-parent\" data-id=\"iwgw-erlikkhan-cc\" data-element_type=\"container\" data-e-type=\"container\" id=\"iwg-cc-erlik-khan\">\n\t\t\t\t\t<div class=\"e-con-inner\">\n\t\t<div class=\"elementor-element elementor-element-iwgw-erlikkhan-ccinner e-flex e-con-boxed e-con e-parent\" data-id=\"iwgw-erlikkhan-ccinner\" data-element_type=\"container\" data-e-type=\"container\" data-settings=\"{&quot;background_background&quot;:&quot;classic&quot;}\">\n\t\t\t\t\t<div class=\"e-con-inner\">\n\t\t\t\t<div class=\"elementor-element elementor-element-iwgw-erlikkhan-cch elementor-widget elementor-widget-heading\" data-id=\"iwgw-erlikkhan-cch\" data-element_type=\"widget\" data-e-type=\"widget\" data-widget_type=\"heading.default\">\n\t\t\t\t\t<h2 class=\"elementor-heading-title elementor-size-default\">iWell Guard a ochrann\u00e9 tradice<\/h2>\t\t\t\t<\/div>\n\t\t\t\t<div class=\"elementor-element elementor-element-iwgw-erlikkhan-cct elementor-widget elementor-widget-text-editor\" data-id=\"iwgw-erlikkhan-cct\" data-element_type=\"widget\" data-e-type=\"widget\" data-widget_type=\"text-editor.default\">\n\t\t\t\t\t\t\t\t\t<div data-nosnippet=\"true\"><p>iWell Guard navazuje na kulturn\u011b-historickou tradici nositeln\u00fdch ochrann\u00fdch p\u0159edm\u011bt\u016f, v tradici <a href=\"https:\/\/iwell-guard.com\/cs\/sibirsky-samanismus-tengrismus\/\">Sibi\u0159e \/ tengrismu<\/a> a mnoha dal\u0161\u00edch kultur po cel\u00e9m sv\u011bt\u011b. 41 vrstev, ryz\u00ed zlato, platina, st\u0159\u00edbro, vyrobeno v N\u011bmecku. 30denn\u00ed lh\u016fta na vr\u00e1cen\u00ed.<\/p><\/div>\t\t\t\t\t\t\t\t<\/div>\n\t\t\t\t<div class=\"elementor-element elementor-element-iwgw-erlikkhan-ccb iwg-cc-button iwg-cc-cta-2026-05-13 elementor-widget elementor-widget-jet-button\" data-id=\"iwgw-erlikkhan-ccb\" data-element_type=\"widget\" data-e-type=\"widget\" data-widget_type=\"jet-button.default\">\n\t\t\t\t<div class=\"elementor-widget-container\">\n\t\t\t\t\t<div class=\"elementor-jet-button jet-elements\"><div class=\"jet-button__container\"><a class=\"jet-button__instance jet-button__instance--icon-left hover-effect-1\" href=\"\/ueber-iwell-guard\/?utm_source=iwell-guard.com&amp;utm_medium=info-box&amp;utm_campaign=wesen-tradition\"><div class=\"jet-button__plane jet-button__plane-normal\"><\/div><div class=\"jet-button__plane jet-button__plane-hover\"><\/div><div class=\"jet-button__state jet-button__state-normal\"><span class=\"jet-button__label\">V\u00edce o iWell Guard<\/span><\/div><div class=\"jet-button__state jet-button__state-hover\"><span class=\"jet-button__label\">V\u00edce o iWell Guard<\/span><\/div><\/a><\/div><\/div><style>.elementor-element.elementor-element-iwgw-erlikkhan-ccb .jet-button__instance{width:320px;height:56px;}.elementor-element.elementor-element-iwgw-erlikkhan-ccb .jet-button__state-normal .jet-button__label{text-align:center;margin:0px 0px 0px 0px;color:#1a1b20;font-family:Montserrat,sans-serif;font-size:13px;font-weight:400;letter-spacing:4px;line-height:1.714em;text-transform:uppercase;}.elementor-element.elementor-element-iwgw-erlikkhan-ccb .jet-button__state-hover .jet-button__label{text-align:center;margin:0px 0px 0px 0px;color:#FECC76;font-family:Montserrat,sans-serif;font-size:13px;font-weight:400;letter-spacing:4px;line-height:1.714em;text-transform:uppercase;}.elementor-element.elementor-element-iwgw-erlikkhan-ccb .jet-button__plane-normal{background-color:#FECC76;border-style:solid;border-color:#C99540;border-width:2px 2px 2px 2px;}.elementor-element.elementor-element-iwgw-erlikkhan-ccb .jet-button__plane-hover{background-color:rgba(0,0,0,0.55);border-style:solid;border-color:#FECC76;border-width:2px 2px 2px 2px;}<\/style>\t\t\t\t<\/div>\n\t\t\t\t<\/div>\n\t\t\t\t<div class=\"elementor-element elementor-element-iwgw-erlikkhan-ccd elementor-widget elementor-widget-text-editor\" data-id=\"iwgw-erlikkhan-ccd\" data-element_type=\"widget\" data-e-type=\"widget\" data-widget_type=\"text-editor.default\">\n\t\t\t\t\t\t\t\t\t<div data-nosnippet=\"true\"><p style=\"text-align:center;font-size:13px;opacity:0.7;margin-top:14px\" data-nosnippet=\"true\">Osobn\u00ed zku\u0161enosti se mohou li\u0161it. Nejedn\u00e1 se o zdravotnick\u00fd prost\u0159edek. Nen\u00ed slibem l\u00e9\u010div\u00e9ho \u00fa\u010dinku.<\/p><\/div>\t\t\t\t\t\t\t\t<\/div>\n\t\t\t\t\t<\/div>\n\t\t\t\t<\/div>\n\t\t\t\t\t<\/div>\n\t\t\t\t<\/div>\n\t\t<div class=\"elementor-element elementor-element-iwgw-erlikkhan-disc e-flex e-con-boxed e-con e-parent\" data-id=\"iwgw-erlikkhan-disc\" data-element_type=\"container\" data-e-type=\"container\">\n\t\t\t\t\t<div class=\"e-con-inner\">\n\t\t\t\t<div class=\"elementor-element elementor-element-iwgw-erlikkhan-discw elementor-widget elementor-widget-html\" data-id=\"iwgw-erlikkhan-discw\" data-element_type=\"widget\" data-e-type=\"widget\" data-widget_type=\"html.default\">\n\t\t\t\t\t<footer data-nosnippet=\"true\" class=\"iwg-disclaimer-block\"><p data-nosnippet=\"true\">iWell Guard <strong>nen\u00ed zdravotnick\u00fd prost\u0159edek<\/strong> a nenahrazuje l\u00e9ka\u0159skou ani psychoterapeutickou l\u00e9\u010dbu. Religionistick\u00fd obsah p\u0159edstavuje kulturn\u011b-historick\u00e9 za\u0159azen\u00ed, nikoli doporu\u010den\u00ed duchovn\u00ed praxe.<\/p><\/footer>\t\t\t\t<\/div>\n\t\t\t\t\t<\/div>\n\t\t\t\t<\/div>\n\t\t\t\t<\/div>\n\t\t","protected":false},"excerpt":{"rendered":"","protected":false},"author":3,"featured_media":2855,"parent":0,"menu_order":0,"comment_status":"closed","ping_status":"closed","template":"elementor_header_footer","meta":{"_yoast_wpseo_focuskw":"Erlik Khan b\u016fh podsv\u011bt\u00ed Altaj","_yoast_wpseo_title":"Erlik Khan \u2013 altajsk\u00fd b\u016fh podsv\u011bt\u00ed, m\u00fdtus a prameny","_yoast_wpseo_metadesc":"Erlik Khan je v jihosibi\u0159sk\u00e9m tengrismu vl\u00e1dcem podsv\u011bt\u00ed a protivn\u00edkem \u00dclgena. Za\u0159azen\u00ed s m\u00fdtem a kultem.","_yoast_wpseo_meta-robots-noindex":"","_yoast_wpseo_canonical":"","_angie_page":false,"gefaehrdungsstufe":"4","wesen_kultur":"sibirisch-tengrismus","wesen_klasse":"daemonen","footnotes":""},"categories":[],"class_list":["post-145508","page","type-page","status-publish","has-post-thumbnail","hentry"],"yoast_head":"<!-- This site is optimized with the Yoast SEO Premium plugin v27.7 (Yoast SEO v28.3) - https:\/\/yoast.com\/product\/yoast-seo-premium-wordpress\/ -->\n<title>Erlik Khan \u2013 altajsk\u00fd b\u016fh podsv\u011bt\u00ed, m\u00fdtus a prameny<\/title>\n<meta name=\"description\" content=\"Erlik Khan je v jihosibi\u0159sk\u00e9m tengrismu vl\u00e1dcem podsv\u011bt\u00ed a protivn\u00edkem \u00dclgena. Za\u0159azen\u00ed s m\u00fdtem a kultem.\" \/>\n<meta name=\"robots\" content=\"index, follow, max-snippet:-1, max-image-preview:large, max-video-preview:-1\" \/>\n<link rel=\"canonical\" href=\"https:\/\/iwell-guard.com\/cs\/erlik-khan-vladce-podsveti\/\" \/>\n<meta property=\"og:locale\" content=\"cs_CZ\" \/>\n<meta property=\"og:type\" content=\"article\" \/>\n<meta property=\"og:title\" content=\"Erlik Khan \u2013 vl\u00e1dce podsv\u011bt\u00ed Altajc\u016f\" \/>\n<meta property=\"og:description\" content=\"Erlik Khan je v jihosibi\u0159sk\u00e9m tengrismu vl\u00e1dcem podsv\u011bt\u00ed a protivn\u00edkem \u00dclgena. Za\u0159azen\u00ed s m\u00fdtem a kultem.\" \/>\n<meta property=\"og:url\" content=\"https:\/\/iwell-guard.com\/cs\/erlik-khan-vladce-podsveti\/\" \/>\n<meta property=\"og:site_name\" content=\"iWell Guard\" \/>\n<meta property=\"article:modified_time\" content=\"2026-09-03T16:57:55+00:00\" \/>\n<meta property=\"og:image\" content=\"https:\/\/iwell-guard.com\/wp-content\/uploads\/2026\/05\/daemonen_sibirisch-tengrismus_erlik-khan.webp\" \/>\n\t<meta property=\"og:image:width\" content=\"1024\" \/>\n\t<meta property=\"og:image:height\" content=\"1536\" \/>\n\t<meta property=\"og:image:type\" content=\"image\/webp\" \/>\n<meta name=\"twitter:card\" content=\"summary_large_image\" \/>\n<script type=\"application\/ld+json\" class=\"yoast-schema-graph\">{\"@context\":\"https:\\\/\\\/schema.org\",\"@graph\":[{\"@type\":\"WebPage\",\"@id\":\"https:\\\/\\\/iwell-guard.com\\\/cs\\\/erlik-khan-vladce-podsveti\\\/\",\"url\":\"https:\\\/\\\/iwell-guard.com\\\/cs\\\/erlik-khan-vladce-podsveti\\\/\",\"name\":\"Erlik Khan \u2013 altajsk\u00fd b\u016fh podsv\u011bt\u00ed, m\u00fdtus a prameny\",\"isPartOf\":{\"@id\":\"https:\\\/\\\/iwell-guard.com\\\/cs\\\/#website\"},\"primaryImageOfPage\":{\"@id\":\"https:\\\/\\\/iwell-guard.com\\\/cs\\\/erlik-khan-vladce-podsveti\\\/#primaryimage\"},\"image\":{\"@id\":\"https:\\\/\\\/iwell-guard.com\\\/cs\\\/erlik-khan-vladce-podsveti\\\/#primaryimage\"},\"thumbnailUrl\":\"https:\\\/\\\/iwell-guard.com\\\/wp-content\\\/uploads\\\/2026\\\/05\\\/daemonen_sibirisch-tengrismus_erlik-khan.webp\",\"datePublished\":\"2026-09-03T16:31:04+00:00\",\"dateModified\":\"2026-09-03T16:57:55+00:00\",\"description\":\"Erlik Khan je v jihosibi\u0159sk\u00e9m tengrismu vl\u00e1dcem podsv\u011bt\u00ed a protivn\u00edkem \u00dclgena. Za\u0159azen\u00ed s m\u00fdtem a kultem.\",\"breadcrumb\":{\"@id\":\"https:\\\/\\\/iwell-guard.com\\\/cs\\\/erlik-khan-vladce-podsveti\\\/#breadcrumb\"},\"inLanguage\":\"cs\",\"potentialAction\":[{\"@type\":\"ReadAction\",\"target\":[\"https:\\\/\\\/iwell-guard.com\\\/cs\\\/erlik-khan-vladce-podsveti\\\/\"]}]},{\"@type\":\"ImageObject\",\"inLanguage\":\"cs\",\"@id\":\"https:\\\/\\\/iwell-guard.com\\\/cs\\\/erlik-khan-vladce-podsveti\\\/#primaryimage\",\"url\":\"https:\\\/\\\/iwell-guard.com\\\/wp-content\\\/uploads\\\/2026\\\/05\\\/daemonen_sibirisch-tengrismus_erlik-khan.webp\",\"contentUrl\":\"https:\\\/\\\/iwell-guard.com\\\/wp-content\\\/uploads\\\/2026\\\/05\\\/daemonen_sibirisch-tengrismus_erlik-khan.webp\",\"width\":1024,\"height\":1536,\"caption\":\"D\u00e9moni z tradice sibi\u0159sk\u00e9ho tengrismu.\"},{\"@type\":\"BreadcrumbList\",\"@id\":\"https:\\\/\\\/iwell-guard.com\\\/cs\\\/erlik-khan-vladce-podsveti\\\/#breadcrumb\",\"itemListElement\":[{\"@type\":\"ListItem\",\"position\":1,\"name\":\"Start\",\"item\":\"https:\\\/\\\/iwell-guard.com\\\/cs\\\/?page_id=145107\"},{\"@type\":\"ListItem\",\"position\":2,\"name\":\"Erlik Khan \u2013 vl\u00e1dce podsv\u011bt\u00ed Altajc\u016f\"}]},{\"@type\":\"WebSite\",\"@id\":\"https:\\\/\\\/iwell-guard.com\\\/cs\\\/#website\",\"url\":\"https:\\\/\\\/iwell-guard.com\\\/cs\\\/\",\"name\":\"iWell Guard\",\"description\":\"Schutz vor dunklen Einfl\u00fcssen\",\"publisher\":{\"@id\":\"https:\\\/\\\/iwell-guard.com\\\/cs\\\/#organization\"},\"potentialAction\":[{\"@type\":\"SearchAction\",\"target\":{\"@type\":\"EntryPoint\",\"urlTemplate\":\"https:\\\/\\\/iwell-guard.com\\\/cs\\\/?s={search_term_string}\"},\"query-input\":{\"@type\":\"PropertyValueSpecification\",\"valueRequired\":true,\"valueName\":\"search_term_string\"}}],\"inLanguage\":\"cs\"},{\"@type\":\"Organization\",\"@id\":\"https:\\\/\\\/iwell-guard.com\\\/cs\\\/#organization\",\"name\":\"Ittermann electronic GmbH\",\"url\":\"https:\\\/\\\/iwell-guard.com\\\/cs\\\/\",\"logo\":{\"@type\":\"ImageObject\",\"inLanguage\":\"cs\",\"@id\":\"https:\\\/\\\/iwell-guard.com\\\/cs\\\/#\\\/schema\\\/logo\\\/image\\\/\",\"url\":\"https:\\\/\\\/iwell-guard.com\\\/wp-content\\\/uploads\\\/2026\\\/05\\\/Ittermann-Logo-1182x237-1.png\",\"contentUrl\":\"https:\\\/\\\/iwell-guard.com\\\/wp-content\\\/uploads\\\/2026\\\/05\\\/Ittermann-Logo-1182x237-1.png\",\"width\":1182,\"height\":237,\"caption\":\"Ittermann electronic GmbH\"},\"image\":{\"@id\":\"https:\\\/\\\/iwell-guard.com\\\/cs\\\/#\\\/schema\\\/logo\\\/image\\\/\"},\"sameAs\":[\"https:\\\/\\\/pantip.com\\\/profile\\\/9367242\",\"https:\\\/\\\/micro.blog\\\/iwellguard\",\"https:\\\/\\\/www.diggerslist.com\\\/iwellguard\\\/about\",\"https:\\\/\\\/skitterphoto.com\\\/photographers\\\/2870314\\\/iwell-guard\",\"https:\\\/\\\/iwellguard.wordpress.com\\\/2026\\\/06\\\/06\\\/iwell-guard\\\/\",\"https:\\\/\\\/hub.docker.com\\\/u\\\/iwellguard\",\"https:\\\/\\\/www.pinterest.com\\\/iwellguard\\\/\",\"https:\\\/\\\/bit.ly\\\/m\\\/iwellguard\",\"https:\\\/\\\/entre-vos-mains.alsace.eu\\\/profiles\\\/iwellguard\\\/activity\",\"https:\\\/\\\/gravatar.com\\\/reallybeded8fd34\",\"https:\\\/\\\/naijamatta.com\\\/iwellguard\",\"https:\\\/\\\/www.goodreads.com\\\/iwellguard\",\"https:\\\/\\\/profile.hatena.ne.jp\\\/iwellguard\\\/\",\"https:\\\/\\\/experiment.com\\\/users\\\/iwellguard\",\"https:\\\/\\\/wakelet.com\\\/@iWellGuard82270\",\"https:\\\/\\\/www.chordie.com\\\/forum\\\/profile.php?id=2555664\",\"https:\\\/\\\/www.instapaper.com\\\/p\\\/17757966\",\"https:\\\/\\\/www.mapleprimes.com\\\/users\\\/iwellguard\",\"https:\\\/\\\/businesslistingplus.com\\\/profile\\\/iwell-guard\\\/\",\"https:\\\/\\\/telegra.ph\\\/iWell-Guard-06-06\",\"https:\\\/\\\/pbase.com\\\/iwellguard\\\/iwellguard\",\"https:\\\/\\\/b.hatena.ne.jp\\\/iwellguard\\\/20260607#bookmark-4788405196491818882\",\"https:\\\/\\\/fliphtml5.com\\\/home\\\/iwellguard\",\"https:\\\/\\\/anyflip.com\\\/homepage\\\/cmiwl#About\",\"https:\\\/\\\/transfur.com\\\/Users\\\/iwellguard\",\"http:\\\/\\\/delphi.larsbo.org\\\/user\\\/iwellguard\",\"https:\\\/\\\/jobs.lajobsportal.org\\\/profiles\\\/8380803-iwell-guard\",\"https:\\\/\\\/md.chaosdorf.de\\\/s\\\/jfbe5SBdJD\",\"https:\\\/\\\/www.lingvolive.com\\\/en-us\\\/profile\\\/9ecaeaca-ce11-4e51-9e71-01d55e2bff36\\\/translations\",\"https:\\\/\\\/www.fitday.com\\\/fitness\\\/forums\\\/members\\\/iwellguard.html\",\"https:\\\/\\\/www.mymeetbook.com\\\/iwellguard\",\"https:\\\/\\\/pxhere.com\\\/en\\\/photographer-me\\\/5040798\",\"https:\\\/\\\/disqus.com\\\/by\\\/iwellguard\\\/about\\\/\",\"https:\\\/\\\/pastelink.net\\\/hjwciqwq\",\"https:\\\/\\\/pubhtml5.com\\\/homepage\\\/scjhn\\\/\",\"https:\\\/\\\/www.bitchute.com\\\/channel\\\/2O2eOKzNqujT\",\"https:\\\/\\\/audiomack.com\\\/iwellguard\"]},{\"@type\":\"Article\",\"@id\":\"https:\\\/\\\/iwell-guard.com\\\/cs\\\/erlik-khan-vladce-podsveti\\\/#article\",\"isPartOf\":{\"@id\":\"https:\\\/\\\/iwell-guard.com\\\/cs\\\/erlik-khan-vladce-podsveti\\\/\"},\"author\":{\"name\":\"Ralf Ittermann\",\"@id\":\"https:\\\/\\\/iwell-guard.com\\\/cs\\\/#\\\/schema\\\/person\\\/ee2a27f1cac3406c7c6fb5820cb7349f\"},\"headline\":\"Erlik Khan \u2013 vl\u00e1dce podsv\u011bt\u00ed Altajc\u016f\",\"datePublished\":\"2026-09-03T16:31:04+00:00\",\"dateModified\":\"2026-09-03T16:57:55+00:00\",\"mainEntityOfPage\":{\"@id\":\"https:\\\/\\\/iwell-guard.com\\\/cs\\\/erlik-khan-vladce-podsveti\\\/\"},\"publisher\":{\"@id\":\"https:\\\/\\\/iwell-guard.com\\\/cs\\\/#organization\"},\"image\":{\"@id\":\"https:\\\/\\\/iwell-guard.com\\\/cs\\\/erlik-khan-vladce-podsveti\\\/#primaryimage\"},\"thumbnailUrl\":\"https:\\\/\\\/iwell-guard.com\\\/wp-content\\\/uploads\\\/2026\\\/05\\\/daemonen_sibirisch-tengrismus_erlik-khan.webp\",\"inLanguage\":\"cs\",\"description\":\"Erlik Khan je v jihosibi\u0159sk\u00e9m tengrismu vl\u00e1dcem podsv\u011bt\u00ed a protivn\u00edkem \u00dclgena. Za\u0159azen\u00ed s m\u00fdtem a kultem.\"}]}<\/script>\n<!-- \/ Yoast SEO Premium plugin. -->","yoast_head_json":{"title":"Erlik Khan \u2013 altajsk\u00fd b\u016fh podsv\u011bt\u00ed, m\u00fdtus a prameny","description":"Erlik Khan je v jihosibi\u0159sk\u00e9m tengrismu vl\u00e1dcem podsv\u011bt\u00ed a protivn\u00edkem \u00dclgena. Za\u0159azen\u00ed s m\u00fdtem a kultem.","robots":{"index":"index","follow":"follow","max-snippet":"max-snippet:-1","max-image-preview":"max-image-preview:large","max-video-preview":"max-video-preview:-1"},"canonical":"https:\/\/iwell-guard.com\/cs\/erlik-khan-vladce-podsveti\/","og_locale":"cs_CZ","og_type":"article","og_title":"Erlik Khan \u2013 vl\u00e1dce podsv\u011bt\u00ed Altajc\u016f","og_description":"Erlik Khan je v jihosibi\u0159sk\u00e9m tengrismu vl\u00e1dcem podsv\u011bt\u00ed a protivn\u00edkem \u00dclgena. Za\u0159azen\u00ed s m\u00fdtem a kultem.","og_url":"https:\/\/iwell-guard.com\/cs\/erlik-khan-vladce-podsveti\/","og_site_name":"iWell Guard","article_modified_time":"2026-09-03T16:57:55+00:00","og_image":[{"width":1024,"height":1536,"url":"https:\/\/iwell-guard.com\/wp-content\/uploads\/2026\/05\/daemonen_sibirisch-tengrismus_erlik-khan.webp","type":"image\/webp"}],"twitter_card":"summary_large_image","schema":{"@context":"https:\/\/schema.org","@graph":[{"@type":"Article","@id":"https:\/\/iwell-guard.com\/cs\/erlik-khan-vladce-podsveti\/#article","isPartOf":{"@id":"https:\/\/iwell-guard.com\/cs\/erlik-khan-vladce-podsveti\/"},"author":{"name":"Ralf Ittermann","@id":"https:\/\/iwell-guard.com\/cs\/#\/schema\/person\/ee2a27f1cac3406c7c6fb5820cb7349f"},"headline":"Erlik Khan \u2013 vl\u00e1dce podsv\u011bt\u00ed Altajc\u016f","datePublished":"2026-09-03T16:31:04+00:00","dateModified":"2026-09-03T16:57:55+00:00","mainEntityOfPage":{"@id":"https:\/\/iwell-guard.com\/cs\/erlik-khan-vladce-podsveti\/"},"publisher":{"@id":"https:\/\/iwell-guard.com\/cs\/#organization"},"image":{"@id":"https:\/\/iwell-guard.com\/cs\/erlik-khan-vladce-podsveti\/#primaryimage"},"thumbnailUrl":"https:\/\/iwell-guard.com\/wp-content\/uploads\/2026\/05\/daemonen_sibirisch-tengrismus_erlik-khan.webp","inLanguage":"cs","description":"Erlik Khan je v jihosibi\u0159sk\u00e9m tengrismu vl\u00e1dcem podsv\u011bt\u00ed a protivn\u00edkem \u00dclgena. Za\u0159azen\u00ed s m\u00fdtem a kultem."},{"@type":"WebPage","@id":"https:\/\/iwell-guard.com\/cs\/erlik-khan-vladce-podsveti\/","url":"https:\/\/iwell-guard.com\/cs\/erlik-khan-vladce-podsveti\/","name":"Erlik Khan \u2013 altajsk\u00fd b\u016fh podsv\u011bt\u00ed, m\u00fdtus a prameny","isPartOf":{"@id":"https:\/\/iwell-guard.com\/cs\/#website"},"primaryImageOfPage":{"@id":"https:\/\/iwell-guard.com\/cs\/erlik-khan-vladce-podsveti\/#primaryimage"},"image":{"@id":"https:\/\/iwell-guard.com\/cs\/erlik-khan-vladce-podsveti\/#primaryimage"},"thumbnailUrl":"https:\/\/iwell-guard.com\/wp-content\/uploads\/2026\/05\/daemonen_sibirisch-tengrismus_erlik-khan.webp","datePublished":"2026-09-03T16:31:04+00:00","dateModified":"2026-09-03T16:57:55+00:00","description":"Erlik Khan je v jihosibi\u0159sk\u00e9m tengrismu vl\u00e1dcem podsv\u011bt\u00ed a protivn\u00edkem \u00dclgena. Za\u0159azen\u00ed s m\u00fdtem a kultem.","breadcrumb":{"@id":"https:\/\/iwell-guard.com\/cs\/erlik-khan-vladce-podsveti\/#breadcrumb"},"inLanguage":"cs","potentialAction":[{"@type":"ReadAction","target":["https:\/\/iwell-guard.com\/cs\/erlik-khan-vladce-podsveti\/"]}]},{"@type":"ImageObject","inLanguage":"cs","@id":"https:\/\/iwell-guard.com\/cs\/erlik-khan-vladce-podsveti\/#primaryimage","url":"https:\/\/iwell-guard.com\/wp-content\/uploads\/2026\/05\/daemonen_sibirisch-tengrismus_erlik-khan.webp","contentUrl":"https:\/\/iwell-guard.com\/wp-content\/uploads\/2026\/05\/daemonen_sibirisch-tengrismus_erlik-khan.webp","width":1024,"height":1536,"caption":"D\u00e9moni z tradice sibi\u0159sk\u00e9ho tengrismu."},{"@type":"BreadcrumbList","@id":"https:\/\/iwell-guard.com\/cs\/erlik-khan-vladce-podsveti\/#breadcrumb","itemListElement":[{"@type":"ListItem","position":1,"name":"Start","item":"https:\/\/iwell-guard.com\/cs\/?page_id=145107"},{"@type":"ListItem","position":2,"name":"Erlik Khan \u2013 vl\u00e1dce podsv\u011bt\u00ed Altajc\u016f"}]},{"@type":"WebSite","@id":"https:\/\/iwell-guard.com\/cs\/#website","url":"https:\/\/iwell-guard.com\/cs\/","name":"iWell Guard","description":"Schutz vor dunklen Einfl\u00fcssen","publisher":{"@id":"https:\/\/iwell-guard.com\/cs\/#organization"},"potentialAction":[{"@type":"SearchAction","target":{"@type":"EntryPoint","urlTemplate":"https:\/\/iwell-guard.com\/cs\/?s={search_term_string}"},"query-input":{"@type":"PropertyValueSpecification","valueRequired":true,"valueName":"search_term_string"}}],"inLanguage":"cs"},{"@type":"Organization","@id":"https:\/\/iwell-guard.com\/cs\/#organization","name":"Ittermann electronic GmbH","url":"https:\/\/iwell-guard.com\/cs\/","logo":{"@type":"ImageObject","inLanguage":"cs","@id":"https:\/\/iwell-guard.com\/cs\/#\/schema\/logo\/image\/","url":"https:\/\/iwell-guard.com\/wp-content\/uploads\/2026\/05\/Ittermann-Logo-1182x237-1.png","contentUrl":"https:\/\/iwell-guard.com\/wp-content\/uploads\/2026\/05\/Ittermann-Logo-1182x237-1.png","width":1182,"height":237,"caption":"Ittermann electronic GmbH"},"image":{"@id":"https:\/\/iwell-guard.com\/cs\/#\/schema\/logo\/image\/"},"sameAs":["https:\/\/pantip.com\/profile\/9367242","https:\/\/micro.blog\/iwellguard","https:\/\/www.diggerslist.com\/iwellguard\/about","https:\/\/skitterphoto.com\/photographers\/2870314\/iwell-guard","https:\/\/iwellguard.wordpress.com\/2026\/06\/06\/iwell-guard\/","https:\/\/hub.docker.com\/u\/iwellguard","https:\/\/www.pinterest.com\/iwellguard\/","https:\/\/bit.ly\/m\/iwellguard","https:\/\/entre-vos-mains.alsace.eu\/profiles\/iwellguard\/activity","https:\/\/gravatar.com\/reallybeded8fd34","https:\/\/naijamatta.com\/iwellguard","https:\/\/www.goodreads.com\/iwellguard","https:\/\/profile.hatena.ne.jp\/iwellguard\/","https:\/\/experiment.com\/users\/iwellguard","https:\/\/wakelet.com\/@iWellGuard82270","https:\/\/www.chordie.com\/forum\/profile.php?id=2555664","https:\/\/www.instapaper.com\/p\/17757966","https:\/\/www.mapleprimes.com\/users\/iwellguard","https:\/\/businesslistingplus.com\/profile\/iwell-guard\/","https:\/\/telegra.ph\/iWell-Guard-06-06","https:\/\/pbase.com\/iwellguard\/iwellguard","https:\/\/b.hatena.ne.jp\/iwellguard\/20260607#bookmark-4788405196491818882","https:\/\/fliphtml5.com\/home\/iwellguard","https:\/\/anyflip.com\/homepage\/cmiwl#About","https:\/\/transfur.com\/Users\/iwellguard","http:\/\/delphi.larsbo.org\/user\/iwellguard","https:\/\/jobs.lajobsportal.org\/profiles\/8380803-iwell-guard","https:\/\/md.chaosdorf.de\/s\/jfbe5SBdJD","https:\/\/www.lingvolive.com\/en-us\/profile\/9ecaeaca-ce11-4e51-9e71-01d55e2bff36\/translations","https:\/\/www.fitday.com\/fitness\/forums\/members\/iwellguard.html","https:\/\/www.mymeetbook.com\/iwellguard","https:\/\/pxhere.com\/en\/photographer-me\/5040798","https:\/\/disqus.com\/by\/iwellguard\/about\/","https:\/\/pastelink.net\/hjwciqwq","https:\/\/pubhtml5.com\/homepage\/scjhn\/","https:\/\/www.bitchute.com\/channel\/2O2eOKzNqujT","https:\/\/audiomack.com\/iwellguard"]},{"@type":"Person","@id":"https:\/\/iwell-guard.com\/cs\/#\/schema\/person\/ee2a27f1cac3406c7c6fb5820cb7349f","name":"Ralf Ittermann","image":{"@type":"ImageObject","inLanguage":"cs","@id":"https:\/\/secure.gravatar.com\/avatar\/073c0153e350a5005b68eb752b445fea71f6b24a26da9449ad7e155e6b446c9d?s=96&d=mm&r=g","url":"https:\/\/secure.gravatar.com\/avatar\/073c0153e350a5005b68eb752b445fea71f6b24a26da9449ad7e155e6b446c9d?s=96&d=mm&r=g","contentUrl":"https:\/\/secure.gravatar.com\/avatar\/073c0153e350a5005b68eb752b445fea71f6b24a26da9449ad7e155e6b446c9d?s=96&d=mm&r=g","caption":"Ralf Ittermann"},"givenName":"Ralf","familyName":"Ittermann","jobTitle":"Gesch\u00e4ftsf\u00fchrer und redaktioneller Verantwortlicher","url":"https:\/\/iwell-guard.com\/cs\/author\/claude\/","description":"Ralf Ittermann ist Gesch\u00e4ftsf\u00fchrer der Ittermann electronic GmbH und redaktioneller Verantwortlicher des iWell-Guard-Lexikons. Er verbindet langj\u00e4hrige Erfahrung in der Pr\u00e4zisionsfertigung mit medialer Praxis und religionsgeschichtlicher Quellenarbeit.","worksFor":{"@type":"Organization","name":"Ittermann electronic GmbH","url":"https:\/\/ittermann.de\/","address":{"@type":"PostalAddress","streetAddress":"K\u00f6hlergasse 16-18","postalCode":"99842","addressLocality":"Ruhla","addressCountry":"DE"}},"knowsAbout":["Religionsgeschichte","Mythologie","Mediale Praxis","Energetische Diagnostik","Schutzpraxis","Volksglauben","Westliche Esoterik"]},{"@type":"Article","@id":"https:\/\/iwell-guard.com\/cs\/erlik-khan-vladce-podsveti\/#article","isPartOf":{"@id":"https:\/\/iwell-guard.com\/cs\/erlik-khan-vladce-podsveti\/"},"author":{"name":"Ralf Ittermann","@id":"https:\/\/iwell-guard.com\/cs\/#\/schema\/person\/ee2a27f1cac3406c7c6fb5820cb7349f"},"headline":"Erlik Khan \u2013 vl\u00e1dce podsv\u011bt\u00ed Altajc\u016f","datePublished":"2026-09-03T16:31:04+00:00","dateModified":"2026-09-03T16:57:55+00:00","mainEntityOfPage":{"@id":"https:\/\/iwell-guard.com\/cs\/erlik-khan-vladce-podsveti\/"},"publisher":{"@id":"https:\/\/iwell-guard.com\/cs\/#organization"},"image":{"@id":"https:\/\/iwell-guard.com\/cs\/erlik-khan-vladce-podsveti\/#primaryimage"},"thumbnailUrl":"https:\/\/iwell-guard.com\/wp-content\/uploads\/2026\/05\/daemonen_sibirisch-tengrismus_erlik-khan.webp","inLanguage":"cs","description":"Erlik Khan je v jihosibi\u0159sk\u00e9m tengrismu vl\u00e1dcem podsv\u011bt\u00ed a protivn\u00edkem \u00dclgena. Za\u0159azen\u00ed s m\u00fdtem a kultem."}]}},"_links":{"self":[{"href":"https:\/\/iwell-guard.com\/cs\/wp-json\/wp\/v2\/pages\/145508","targetHints":{"allow":["GET"]}}],"collection":[{"href":"https:\/\/iwell-guard.com\/cs\/wp-json\/wp\/v2\/pages"}],"about":[{"href":"https:\/\/iwell-guard.com\/cs\/wp-json\/wp\/v2\/types\/page"}],"author":[{"embeddable":true,"href":"https:\/\/iwell-guard.com\/cs\/wp-json\/wp\/v2\/users\/3"}],"replies":[{"embeddable":true,"href":"https:\/\/iwell-guard.com\/cs\/wp-json\/wp\/v2\/comments?post=145508"}],"version-history":[{"count":0,"href":"https:\/\/iwell-guard.com\/cs\/wp-json\/wp\/v2\/pages\/145508\/revisions"}],"wp:featuredmedia":[{"embeddable":true,"href":"https:\/\/iwell-guard.com\/cs\/wp-json\/wp\/v2\/media\/2855"}],"wp:attachment":[{"href":"https:\/\/iwell-guard.com\/cs\/wp-json\/wp\/v2\/media?parent=145508"}],"wp:term":[{"taxonomy":"category","embeddable":true,"href":"https:\/\/iwell-guard.com\/cs\/wp-json\/wp\/v2\/categories?post=145508"}],"curies":[{"name":"wp","href":"https:\/\/api.w.org\/{rel}","templated":true}]}}