{"id":145505,"date":"2026-09-03T16:31:02","date_gmt":"2026-09-03T16:31:02","guid":{"rendered":"https:\/\/iwell-guard.com\/?page_id=145505"},"modified":"2026-09-03T16:57:50","modified_gmt":"2026-09-03T16:57:50","slug":"reshef-fenicky-buh-moru-valky","status":"publish","type":"page","link":"https:\/\/iwell-guard.com\/cs\/reshef-fenicky-buh-moru-valky\/","title":{"rendered":"Reshef \u2013 f\u00e9nick\u00fd b\u016fh moru a v\u00e1lky"},"content":{"rendered":"\t\t<div data-elementor-type=\"wp-page\" data-elementor-id=\"145505\" class=\"elementor elementor-145505 elementor-2633 elementor-bc-flex-widget\" data-elementor-post-type=\"page\">\n\t\t\t\t<div class=\"elementor-element elementor-element-iwgw-reshef-hero e-flex e-con-boxed e-con e-parent\" data-id=\"iwgw-reshef-hero\" data-element_type=\"container\" data-e-type=\"container\" data-settings=\"{&quot;background_background&quot;:&quot;classic&quot;}\">\n\t\t\t\t\t<div class=\"e-con-inner\">\n\t\t<div class=\"elementor-element elementor-element-iwgw-reshef-hl e-flex e-con-boxed e-con e-child\" data-id=\"iwgw-reshef-hl\" data-element_type=\"container\" data-e-type=\"container\">\n\t\t\t\t\t<div class=\"e-con-inner\">\n\t\t<div class=\"elementor-element elementor-element-iwgw-reshef-htxt e-con-full e-flex e-con e-child\" data-id=\"iwgw-reshef-htxt\" data-element_type=\"container\" data-e-type=\"container\">\n\t\t\t\t<div class=\"elementor-element elementor-element-iwgw-reshef-h1 elementor-widget elementor-widget-heading\" data-id=\"iwgw-reshef-h1\" data-element_type=\"widget\" data-e-type=\"widget\" data-widget_type=\"heading.default\">\n\t\t\t\t\t<h1 class=\"elementor-heading-title elementor-size-default\">Reshef, f\u00e9nicko-kana\u00e1nsk\u00fd b\u016fh moru a v\u00e1lky<\/h1>\t\t\t\t<\/div>\n\t\t\t\t<div class=\"elementor-element elementor-element-iwgw-reshef-lead elementor-widget elementor-widget-text-editor\" data-id=\"iwgw-reshef-lead\" data-element_type=\"widget\" data-e-type=\"widget\" data-widget_type=\"text-editor.default\">\n\t\t\t\t\t\t\t\t\t<p>Reshef (f\u00e9nicky <em>r\u0161p<\/em>, ugaritsky <em>r\u0161p<\/em>) je f\u00e9nicko-kana\u00e1nsk\u00fd b\u016fh moru, v\u00e1lky a luku. Byl uct\u00edv\u00e1n na Bl\u00edzk\u00e9m v\u00fdchod\u011b a v faraonsk\u00e9m Egypt\u011b jako ambivalentn\u00ed moc: p\u0159in\u00e1\u0161el nemoc a smrt, ale z\u00e1rove\u0148 chr\u00e1nil p\u0159ed t\u011bmito zly.<\/p>\t\t\t\t\t\t\t\t<\/div>\n\t\t\t\t<\/div>\n\t\t<div class=\"elementor-element elementor-element-iwgw-reshef-pillc e-con-full e-flex e-con e-child\" data-id=\"iwgw-reshef-pillc\" data-element_type=\"container\" data-e-type=\"container\">\n\t\t\t\t<div class=\"elementor-element elementor-element-iwgw-reshef-pills elementor-widget elementor-widget-html\" data-id=\"iwgw-reshef-pills\" data-element_type=\"widget\" data-e-type=\"widget\" data-widget_type=\"html.default\">\n\t\t\t\t\t<div class=\"iwg-pill-row\"><span class=\"iwg-klasse-badge\" tabindex=\"0\" data-tooltip=\"B\u016fh tradice F\u00e9nick\u00e1.\">B\u016fh<\/span><a href=\"https:\/\/iwell-guard.com\/cs\/fenicane-a-kartago-baal-tanit\/\" class=\"iwg-kultur-badge\" tabindex=\"0\" data-tooltip=\"Mytologie tradice F\u00e9nick\u00e1.\">F\u00e9nick\u00e1<\/a><span class=\"iwg-tradition-badge\" tabindex=\"0\" data-tooltip=\"B\u016fh moru a v\u00e1lky.\">B\u016fh moru a v\u00e1lky<\/span><\/div>\t\t\t\t<\/div>\n\t\t\t\t<\/div>\n\t\t<div class=\"elementor-element elementor-element-iwgw-reshef-tocc e-con-full e-flex e-con e-child\" data-id=\"iwgw-reshef-tocc\" data-element_type=\"container\" data-e-type=\"container\">\n\t\t\t\t<div class=\"elementor-element elementor-element-iwgw-reshef-toc elementor-toc--minimized-on-tablet elementor-widget elementor-widget-table-of-contents\" data-id=\"iwgw-reshef-toc\" data-element_type=\"widget\" data-e-type=\"widget\" data-settings=\"{&quot;headings_by_tags&quot;:[&quot;h2&quot;,&quot;h3&quot;],&quot;minimize_box&quot;:&quot;yes&quot;,&quot;marker_view&quot;:&quot;bullets&quot;,&quot;no_headings_message&quot;:&quot;Na t\\u00e9to str\\u00e1nce nebyly nalezeny \\u017e\\u00e1dn\\u00e9 nadpisy.&quot;,&quot;exclude_headings_by_selector&quot;:[],&quot;icon&quot;:{&quot;value&quot;:&quot;fas fa-circle&quot;,&quot;library&quot;:&quot;fa-solid&quot;,&quot;rendered_tag&quot;:&quot;&lt;svg class=\\&quot;e-font-icon-svg e-fas-circle\\&quot; viewBox=\\&quot;0 0 512 512\\&quot; xmlns=\\&quot;http:\\\/\\\/www.w3.org\\\/2000\\\/svg\\&quot;&gt;&lt;path d=\\&quot;M256 8C119 8 8 119 8 256s111 248 248 248 248-111 248-248S393 8 256 8z\\&quot;&gt;&lt;\\\/path&gt;&lt;\\\/svg&gt;&quot;},&quot;minimized_on&quot;:&quot;tablet&quot;,&quot;hierarchical_view&quot;:&quot;yes&quot;,&quot;min_height&quot;:{&quot;unit&quot;:&quot;px&quot;,&quot;size&quot;:&quot;&quot;,&quot;sizes&quot;:[]},&quot;min_height_tablet&quot;:{&quot;unit&quot;:&quot;px&quot;,&quot;size&quot;:&quot;&quot;,&quot;sizes&quot;:[]},&quot;min_height_mobile&quot;:{&quot;unit&quot;:&quot;px&quot;,&quot;size&quot;:&quot;&quot;,&quot;sizes&quot;:[]}}\" data-widget_type=\"table-of-contents.default\">\n\t\t\t\t\t\t\t\t\t<div class=\"elementor-toc__header\">\n\t\t\t\t\t\t<h2 class=\"elementor-toc__header-title\">\n\t\t\t\tObsah\t\t\t<\/h2>\n\t\t\t\t\t\t\t\t\t\t<div class=\"elementor-toc__toggle-button elementor-toc__toggle-button--expand\" role=\"button\" tabindex=\"0\" aria-controls=\"elementor-toc__iwgw-reshef-toc\" aria-expanded=\"true\" aria-label=\"Open table of contents\"><svg aria-hidden=\"true\" class=\"e-font-icon-svg e-fas-chevron-down\" viewBox=\"0 0 448 512\" xmlns=\"http:\/\/www.w3.org\/2000\/svg\"><path d=\"M207.029 381.476L12.686 187.132c-9.373-9.373-9.373-24.569 0-33.941l22.667-22.667c9.357-9.357 24.522-9.375 33.901-.04L224 284.505l154.745-154.021c9.379-9.335 24.544-9.317 33.901.04l22.667 22.667c9.373 9.373 9.373 24.569 0 33.941L240.971 381.476c-9.373 9.372-24.569 9.372-33.942 0z\"><\/path><\/svg><\/div>\n\t\t\t\t<div class=\"elementor-toc__toggle-button elementor-toc__toggle-button--collapse\" role=\"button\" tabindex=\"0\" aria-controls=\"elementor-toc__iwgw-reshef-toc\" aria-expanded=\"true\" aria-label=\"Close table of contents\"><svg aria-hidden=\"true\" class=\"e-font-icon-svg e-fas-chevron-up\" viewBox=\"0 0 448 512\" xmlns=\"http:\/\/www.w3.org\/2000\/svg\"><path d=\"M240.971 130.524l194.343 194.343c9.373 9.373 9.373 24.569 0 33.941l-22.667 22.667c-9.357 9.357-24.522 9.375-33.901.04L224 227.495 69.255 381.516c-9.379 9.335-24.544 9.317-33.901-.04l-22.667-22.667c-9.373-9.373-9.373-24.569 0-33.941L207.03 130.525c9.372-9.373 24.568-9.373 33.941-.001z\"><\/path><\/svg><\/div>\n\t\t\t\t\t<\/div>\n\t\t\t\t<div id=\"elementor-toc__iwgw-reshef-toc\" class=\"elementor-toc__body\">\n\t\t\t<div class=\"elementor-toc__spinner-container\">\n\t\t\t\t<svg class=\"elementor-toc__spinner eicon-animation-spin e-font-icon-svg e-eicon-loading\" aria-hidden=\"true\" viewBox=\"0 0 1000 1000\" xmlns=\"http:\/\/www.w3.org\/2000\/svg\"><path d=\"M500 975V858C696 858 858 696 858 500S696 142 500 142 142 304 142 500H25C25 237 238 25 500 25S975 237 975 500 763 975 500 975Z\"><\/path><\/svg>\t\t\t<\/div>\n\t\t<\/div>\n\t\t\t\t\t\t<\/div>\n\t\t\t\t<\/div>\n\t\t\t\t\t<\/div>\n\t\t\t\t<\/div>\n\t\t<div class=\"elementor-element elementor-element-iwgw-reshef-hr e-con-full e-flex e-con e-child\" data-id=\"iwgw-reshef-hr\" data-element_type=\"container\" data-e-type=\"container\">\n\t\t\t\t<div class=\"elementor-element elementor-element-iwgw-reshef-heroimg iwg-hero-image elementor-widget elementor-widget-image\" data-id=\"iwgw-reshef-heroimg\" data-element_type=\"widget\" data-e-type=\"widget\" data-widget_type=\"image.default\">\n\t\t\t\t\t\t\t\t\t\t\t\t\t\t\t<img fetchpriority=\"high\" decoding=\"async\" width=\"683\" height=\"1024\" src=\"https:\/\/iwell-guard.com\/wp-content\/uploads\/2026\/05\/goetter_phoenizisch_reshef-683x1024.webp\" class=\"attachment-large size-large wp-image-147331\" alt=\"Re\u0161ef \u2013 b\u016fh z f\u00e9nick\u00e9 tradice, historicko-ilustrativn\u00ed zobrazen\u00ed\" srcset=\"https:\/\/iwell-guard.com\/wp-content\/uploads\/2026\/05\/goetter_phoenizisch_reshef-683x1024.webp 683w, https:\/\/iwell-guard.com\/wp-content\/uploads\/2026\/05\/goetter_phoenizisch_reshef-200x300.webp 200w, https:\/\/iwell-guard.com\/wp-content\/uploads\/2026\/05\/goetter_phoenizisch_reshef-768x1152.webp 768w, https:\/\/iwell-guard.com\/wp-content\/uploads\/2026\/05\/goetter_phoenizisch_reshef.webp 1024w\" sizes=\"(max-width: 683px) 100vw, 683px\" \/>\t\t\t\t\t\t\t\t\t\t\t\t\t\t\t<\/div>\n\t\t\t\t<\/div>\n\t\t\t\t\t<\/div>\n\t\t\t\t<\/div>\n\t\t\t\t<section class=\"elementor-section elementor-top-section elementor-element elementor-element-sec-iwgcomp2-reshef elementor-section-boxed elementor-section-height-default elementor-section-height-default\" data-id=\"sec-iwgcomp2-reshef\" data-element_type=\"section\" data-e-type=\"section\">\n\t\t\t\t\t\t<div class=\"elementor-container elementor-column-gap-default\">\n\t\t\t\t\t<div class=\"elementor-column elementor-col-100 elementor-top-column elementor-element elementor-element-col-iwgcomp2-reshef\" data-id=\"col-iwgcomp2-reshef\" data-element_type=\"column\" data-e-type=\"column\">\n\t\t\t<div class=\"elementor-widget-wrap elementor-element-populated\">\n\t\t\t\t\t\t<div class=\"elementor-element elementor-element-iwgcomp2-reshef elementor-widget elementor-widget-text-editor\" data-id=\"iwgcomp2-reshef\" data-element_type=\"widget\" data-e-type=\"widget\" data-widget_type=\"text-editor.default\">\n\t\t\t\t\t\t\t\t\t<p>Reshef vystupuje jako <strong>f\u00e9nicko-kana\u00e1nsk\u00fd<\/strong> b\u016fh moru a v\u00e1lky v textech z Ugaritu a Levanty.<\/p>\t\t\t\t\t\t\t\t<\/div>\n\t\t\t\t\t<\/div>\n\t\t<\/div>\n\t\t\t\t\t<\/div>\n\t\t<\/section>\n\t\t<div class=\"elementor-element elementor-element-iwgw-reshef-s0 e-flex e-con-boxed e-con e-parent\" data-id=\"iwgw-reshef-s0\" data-element_type=\"container\" data-e-type=\"container\">\n\t\t\t\t\t<div class=\"e-con-inner\">\n\t\t\t\t<div class=\"elementor-element elementor-element-iwgw-reshef-s0h elementor-widget elementor-widget-heading\" data-id=\"iwgw-reshef-s0h\" data-element_type=\"widget\" data-e-type=\"widget\" data-widget_type=\"heading.default\">\n\t\t\t\t\t<h2 class=\"elementor-heading-title elementor-size-default\">Za\u0159azen\u00ed a stru\u010dn\u00fd profil<\/h2>\t\t\t\t<\/div>\n\t\t<div class=\"elementor-element elementor-element-iwgw-reshef-s0c e-con-full e-flex e-con e-child\" data-id=\"iwgw-reshef-s0c\" data-element_type=\"container\" data-e-type=\"container\">\n\t\t\t\t<div class=\"elementor-element elementor-element-iwgw-reshef-s0t elementor-widget elementor-widget-text-editor\" data-id=\"iwgw-reshef-s0t\" data-element_type=\"widget\" data-e-type=\"widget\" data-widget_type=\"text-editor.default\">\n\t\t\t\t\t\t\t\t\t<p>Reshef pat\u0159\u00ed k nejstar\u0161\u00edm boh\u016fm z\u00e1padosemitsk\u00e9 tradice; je dolo\u017een ji\u017e z doby starosyrsk\u00e9 (konec 3. tis\u00edcilet\u00ed p\u0159. n. l.) v Eble a z\u016fst\u00e1v\u00e1 aktivn\u00ed a\u017e do hel\u00e9nisticko-\u0159\u00edmsk\u00e9ho obdob\u00ed.<\/p><p>Sabatino Moscati ve sv\u00e9 pr\u00e1ci <em>Die Ph\u00f6niker<\/em> (1966) uk\u00e1zal, \u017ee Reshef hr\u00e1l d\u016fle\u017eitou roli t\u00e9m\u011b\u0159 v ka\u017ed\u00e9m f\u00e9nick\u00e9m m\u011bstsk\u00e9m st\u00e1t\u011b; jeho profil boha moru a v\u00e1lky z n\u011bj \u010din\u00ed ambivalentn\u00ed postavu, ob\u00e1vanou a z\u00e1rove\u0148 vz\u00fdvanou o pomoc.<\/p><p>Paolo Xella v knize <em>I testi rituali di Ugarit<\/em> (1981) a Maciej M\u00fcnnich v knize <em>The God Resheph<\/em> (2013) podrobn\u011b zkoumali texty o Reshefovi. M\u00fcnnichova monografie je nejrozs\u00e1hlej\u0161\u00ed modern\u00ed studi\u00ed o tomto bohu a standardn\u00ed referenc\u00ed. V r\u00e1mci <a href=\"https:\/\/iwell-guard.com\/cs\/fenicane-a-kartago-baal-tanit\/\">f\u00e9nick\u00e9 tradice<\/a> je Reshef prototypem ambivalentn\u00edho boha nemoci a n\u00e1siln\u00e9 smrti.<\/p><p>N\u00e1bo\u017eensko-historicky pat\u0159\u00ed Reshef do mezin\u00e1rodn\u00ed rodiny boh\u016f &#8218;morov\u00e9ho \u0161\u00edpu&#8216;, kte\u0159\u00ed se objevuj\u00ed t\u00e9m\u011b\u0159 ve v\u0161ech p\u0159edoasijsk\u00fdch mytologi\u00edch: Erra\/Nergal v Mezopot\u00e1mii, aspekty boha moru u \u0159eck\u00e9ho Apoll\u00f3na, hetitsk\u00fd Yarri a n\u011bkolik dal\u0161\u00edch. Tito bohov\u00e9 vys\u00edlaj\u00ed \u0161\u00edpy, kter\u00e9 p\u0159in\u00e1\u0161ej\u00ed nemoc a smrt; lze je v\u0161ak tak\u00e9 vz\u00fdvat o ochranu p\u0159ed t\u011bmito zly. Tato ambivalence je kl\u00ed\u010dov\u00fdm rysem Reshefova profilu.<\/p><p>Zaj\u00edmavou zvl\u00e1\u0161tnost\u00ed Reshefa je spojen\u00ed s kon\u011bm: v ugaritsk\u00fdch textech je ob\u010das naz\u00fdv\u00e1n &#8218;Reshef kon\u00ed&#8216;, co\u017e mo\u017en\u00e1 ukazuje na jeho funkci ochrann\u00e9ho boha vozatajsk\u00fdch jednotek. Tato \u0161\u00ed\u0159e funkc\u00ed, mor, v\u00e1lka, k\u016f\u0148, luk, d\u011bl\u00e1 z Reshefa komplexn\u00edho boha s mnoha aspekty.<\/p>\t\t\t\t\t\t\t\t<\/div>\n\t\t\t\t<\/div>\n\t\t\t\t\t<\/div>\n\t\t\t\t<\/div>\n\t\t<div class=\"elementor-element elementor-element-iwgw-reshef-s1 e-flex e-con-boxed e-con e-parent\" data-id=\"iwgw-reshef-s1\" data-element_type=\"container\" data-e-type=\"container\">\n\t\t\t\t\t<div class=\"e-con-inner\">\n\t\t\t\t<div class=\"elementor-element elementor-element-iwgw-reshef-s1h elementor-widget elementor-widget-heading\" data-id=\"iwgw-reshef-s1h\" data-element_type=\"widget\" data-e-type=\"widget\" data-widget_type=\"heading.default\">\n\t\t\t\t\t<h2 class=\"elementor-heading-title elementor-size-default\">Jm\u00e9no a etymologie<\/h2>\t\t\t\t<\/div>\n\t\t<div class=\"elementor-element elementor-element-iwgw-reshef-s1c e-con-full e-flex e-con e-child\" data-id=\"iwgw-reshef-s1c\" data-element_type=\"container\" data-e-type=\"container\">\n\t\t\t\t<div class=\"elementor-element elementor-element-iwgw-reshef-s1t elementor-widget elementor-widget-text-editor\" data-id=\"iwgw-reshef-s1t\" data-element_type=\"widget\" data-e-type=\"widget\" data-widget_type=\"text-editor.default\">\n\t\t\t\t\t\t\t\t\t<p>Jm\u00e9no <em>r\u0161p<\/em> je z\u00e1padosemitsk\u00e9; etymologie nen\u00ed definitivn\u011b vyjasn\u011bna. Jedno mo\u017en\u00e9 vysv\u011btlen\u00ed jej spojuje s ko\u0159enem <em>r\u0161p<\/em> ve v\u00fdznamu &#8218;plamen, blesk, jiskra&#8216;, co\u017e by odpov\u00eddalo jeho ikonografii \u0161\u00edpu a moru. V hebrej\u0161tin\u011b se objevuje <em>re\u0161ef<\/em> jako podstatn\u00e9 jm\u00e9no pro &#8218;\u0161\u00edp&#8216; nebo &#8218;ohnivou nemoc&#8216; (Dt 32,24; Job 5,7; P\u00eds 8,6), co\u017e je p\u0159\u00edm\u00e9 s\u00e9mantick\u00e9 d\u011bdictv\u00ed.<\/p><p>V n\u00e1pisech se objevuje jako <em>r\u0161p<\/em>, \u010dasto s p\u0159\u00edvlastky: Reshef-Hagab (&#8218;Reshef kobylky&#8216;), Reshef-Mlk (&#8218;Reshef kr\u00e1l&#8216;), Reshef-\u0160uluman (&#8218;Reshef m\u00edru&#8216;). Tato pestrost p\u0159\u00edvlastk\u016f odr\u00e1\u017e\u00ed jeho mnoh\u00e9 hypostaze v r\u016fzn\u00fdch m\u00edstn\u00edch kontextech. V Eble se objevuje ji\u017e ve 24. stolet\u00ed p\u0159. n. l.; v Ugaritu je v\u00fdznamn\u00fdm bohem.<\/p><p>V Egypt\u011b se od doby Nov\u00e9 \u0159\u00ed\u0161e objevuje jako &#8218;Reshep&#8216;, importovan\u00fd do egyptsk\u00e9ho <span class=\"iwg-fachbegriff\" data-tooltip=\"Souhrn boh\u016f ur\u010dit\u00e9ho n\u00e1bo\u017eenstv\u00ed nebo kultury.\" tabindex=\"0\">panteonu<\/span>. Faraon Amenhotep II. (15. stolet\u00ed p\u0159. n. l.) ho uct\u00edval jako boha v\u00e1lky a luku; na \u010detn\u00fdch st\u00e9l\u00e1ch z oblasti Th\u00e9b se objevuje jako vousat\u00fd v\u00e1le\u010dn\u00edk s helmou a lukem.<\/p><p>Egyptsk\u00e9 uct\u00edv\u00e1n\u00ed Reshefa je pozoruhodn\u00fdm n\u00e1bo\u017eenskohistorick\u00fdm p\u0159\u00edkladem importu a je podrobn\u011b zpracov\u00e1no ve studi\u00edch Izaka Cornelia (<em>The Iconography of the Canaanite Gods Reshef and Ba\u02bfal<\/em>, 1994).<\/p><p>Reshef se objevuje tak\u00e9 v aramejsk\u00e9m materi\u00e1lu z 1. tis\u00edcilet\u00ed p\u0159. n. l., a to v n\u011bkolika n\u00e1pisech, nap\u0159\u00edklad na <span class=\"iwg-fachbegriff\" data-tooltip=\"Svisle stoj\u00edc\u00ed kamenn\u00e1 nebo d\u0159ev\u011bn\u00e1 deska s n\u00e1pisem nebo obrazem.\" tabindex=\"0\">st\u00e9le<\/span> Bar-Rakiba ze Sam&#8217;alu (8. stolet\u00ed p\u0159. n. l.). Tato aramejsk\u00e1 tradice Reshefa dokl\u00e1d\u00e1 trvalost jeho uct\u00edv\u00e1n\u00ed ve v\u00fdchodosemitsk\u00e9 <span class=\"iwg-fachbegriff\" data-tooltip=\"Prehistorick\u00e1 epocha po dob\u011b bronzov\u00e9, charakterizovan\u00e1 zpracov\u00e1n\u00edm \u017eeleza.\" tabindex=\"0\">dob\u011b \u017eelezn\u00e9<\/span>.<\/p>\t\t\t\t\t\t\t\t<\/div>\n\t\t\t\t<\/div>\n\t\t\t\t\t<\/div>\n\t\t\t\t<\/div>\n\t\t<div class=\"elementor-element elementor-element-iwgw-reshef-s2 e-flex e-con-boxed e-con e-parent\" data-id=\"iwgw-reshef-s2\" data-element_type=\"container\" data-e-type=\"container\">\n\t\t\t\t\t<div class=\"e-con-inner\">\n\t\t\t\t<div class=\"elementor-element elementor-element-iwgw-reshef-s2h elementor-widget elementor-widget-heading\" data-id=\"iwgw-reshef-s2h\" data-element_type=\"widget\" data-e-type=\"widget\" data-widget_type=\"heading.default\">\n\t\t\t\t\t<h2 class=\"elementor-heading-title elementor-size-default\">Popis a ikonografie<\/h2>\t\t\t\t<\/div>\n\t\t<div class=\"elementor-element elementor-element-iwgw-reshef-s2c e-con-full e-flex e-con e-child\" data-id=\"iwgw-reshef-s2c\" data-element_type=\"container\" data-e-type=\"container\">\n\t\t\t\t<div class=\"elementor-element elementor-element-iwgw-reshef-s2t elementor-widget elementor-widget-text-editor\" data-id=\"iwgw-reshef-s2t\" data-element_type=\"widget\" data-e-type=\"widget\" data-widget_type=\"text-editor.default\">\n\t\t\t\t\t\t\t\t\t<p>Reshef se v z\u00e1padosemitsk\u00e9 a egyptsk\u00e9 ikonografii zobrazuje jako vousat\u00fd mu\u017e v kr\u00e1tk\u00e9 z\u00e1st\u011b\u0159e, s helmou nebo vysokou \u0161pi\u010datou \u010dapkou, v jedn\u00e9 ruce s lukem nebo bojovou sekerou, v druh\u00e9 s kop\u00edm nebo \u0161t\u00edtem.<\/p><p>Charakteristick\u00e1 obrazov\u00e1 tradice ho zobrazuje se \u0161\u00edpem ve zdvi\u017een\u00e9 ruce, p\u0159ipraven\u00e9ho ke st\u0159elb\u011b; jin\u00fd typ vyobrazen\u00ed ho zobrazuje s hlavou gazely na \u010dele.<\/p><p>Jeho svat\u00fdm zv\u00ed\u0159etem je gazela; na n\u011bkter\u00fdch vyobrazen\u00edch jezd\u00ed na gazele nebo ji dr\u017e\u00ed za rohy. Gazela je z n\u00e1bo\u017eenskohistorick\u00e9ho hlediska v\u00fdmluvn\u00e1: p\u0159edstavuje rychlost morov\u00fdch \u0161\u00edp\u016f a pom\u00edjivost nemoci. P\u0159\u00edle\u017eitostn\u011b se jako jeho pr\u016fvodn\u00ed zv\u00ed\u0159ata objevuj\u00ed tak\u00e9 k\u016f\u0148 a b\u00fdk.<\/p><p>V Egypt\u011b byl Reshef \u010dasto zobrazov\u00e1n spolu s Minem (egyptsk\u00fd b\u016fh plodnosti) a Kade\u0161et (semitsk\u00e1 bohyn\u011b l\u00e1sky, p\u0159\u00edbuzn\u00e1 Astart\u011b) jako trojice; tato trojice &#8218;Reshef-Min-Kade\u0161et&#8216; se objevuje na n\u011bkolika st\u00e9l\u00e1ch z Memfidy a Tanisu. Tato egyptsk\u00e1 trojice je samostatn\u00fdm historick\u00fdm v\u00fdvojem, kter\u00fd v mate\u0159sk\u00e9 zemi F\u00e9nicii dolo\u017een nen\u00ed.<\/p><p>Zvl\u00e1\u0161tn\u00ed egyptsk\u00e1 obrazov\u00e1 tradice zobrazuje Reshefa s charakteristickou korunou &#8218;\u0161sm&#8216; z kruh\u016f nebo \u0161pi\u010dat\u00fdch \u010dapek, konvenc\u00ed, kter\u00e1 ho odli\u0161uje od egyptsk\u00fdch boh\u016f a zd\u016fraz\u0148uje jeho semitsk\u00fd p\u016fvod.<\/p>\t\t\t\t\t\t\t\t<\/div>\n\t\t\t\t<\/div>\n\t\t\t\t\t<\/div>\n\t\t\t\t<\/div>\n\t\t<div class=\"elementor-element elementor-element-iwgw-reshef-s3 e-flex e-con-boxed e-con e-parent\" data-id=\"iwgw-reshef-s3\" data-element_type=\"container\" data-e-type=\"container\">\n\t\t\t\t\t<div class=\"e-con-inner\">\n\t\t\t\t<div class=\"elementor-element elementor-element-iwgw-reshef-s3h elementor-widget elementor-widget-heading\" data-id=\"iwgw-reshef-s3h\" data-element_type=\"widget\" data-e-type=\"widget\" data-widget_type=\"heading.default\">\n\t\t\t\t\t<h2 class=\"elementor-heading-title elementor-size-default\">Mytologick\u00e1 vypr\u00e1v\u011bn\u00ed<\/h2>\t\t\t\t<\/div>\n\t\t<div class=\"elementor-element elementor-element-iwgw-reshef-s3c e-con-full e-flex e-con e-child\" data-id=\"iwgw-reshef-s3c\" data-element_type=\"container\" data-e-type=\"container\">\n\t\t\t\t<div class=\"elementor-element elementor-element-iwgw-reshef-s3t elementor-widget elementor-widget-text-editor\" data-id=\"iwgw-reshef-s3t\" data-element_type=\"widget\" data-e-type=\"widget\" data-widget_type=\"text-editor.default\">\n\t\t\t\t\t\t\t\t\t<p>Skute\u010dn\u00e9 m\u00fdty o R\u00e9\u0161efovi se zachovaly jen v minim\u00e1ln\u00ed m\u00ed\u0159e; jde p\u0159edev\u0161\u00edm o kultovn\u011b-ritu\u00e1ln\u00ed postavu. V ugaritsk\u00fdch textech se objevuje p\u0159\u00edle\u017eitostn\u011b jako posel nebo b\u016fh nemoc\u00ed, ani\u017e by m\u011bl vlastn\u00ed narativn\u00ed sekvenci. Ve f\u00e9nick\u00fdch n\u00e1pisech je vz\u00fdv\u00e1n jako b\u016fh moru a v\u00e1lky, bez mytologick\u00e9ho z\u00e1zem\u00ed.<\/p><p>Fragment\u00e1rn\u00ed vypr\u00e1v\u011bn\u00ed spojuje R\u00e9\u0161efa se &#8218;sedmi \u0161\u00edpy&#8216;, kter\u00e9 vys\u00edl\u00e1 proti nep\u0159\u00e1tel\u016fm Izraele (podle hebrejsk\u00e9ho materi\u00e1lu) nebo proti nep\u0159\u00e1tel\u016fm F\u00e9ni\u010dan\u016f (v z\u00e1padosemitsk\u00fdch textech).<\/p><p>V hebrejsk\u00e9 knize Abakuk (Ab 3,5) se R\u00e9\u0161ef objevuje jako pr\u016fvodce Jahveho, kr\u00e1\u010dej\u00edc\u00ed p\u0159ed bo\u017esk\u00fdm v\u00e1le\u010dn\u00edkem: &#8218;P\u0159ed n\u00edm kr\u00e1\u010d\u00ed mor a R\u00e9\u0161ef mu jde po stop\u00e1ch.&#8216; Tento dvojit\u00fd v\u00fdskyt je religionisticky zaj\u00edmav\u00fd a dokl\u00e1d\u00e1 p\u0159etrv\u00e1v\u00e1n\u00ed p\u0159edstav o R\u00e9\u0161efovi v hebrejsk\u00e9 poetick\u00e9 tradici.<\/p><p>V eposu o Akhatovi a v eposu o Keretovi je R\u00e9\u0161ef p\u0159\u00edle\u017eitostn\u011b vz\u00fdv\u00e1n, ani\u017e by vystupoval jako jednaj\u00edc\u00ed postava. Maciej M\u00fcnnich ve sv\u00e9m d\u00edle <em>The God Resheph<\/em> (2013) pro\u0161el a zkomentoval ve\u0161ker\u00fd dostupn\u00fd textov\u00fd materi\u00e1l; nedostatek m\u00fdt\u016f o R\u00e9\u0161efovi je zji\u0161t\u011bn\u00fd fakt, nikoli mezera v <span class=\"iwg-fachbegriff\" data-tooltip=\"P\u0159ed\u00e1v\u00e1n\u00ed v\u011bdomost\u00ed a vypr\u00e1v\u011bn\u00ed mezi generacemi.\" tabindex=\"0\">tradici<\/span>.<\/p><p>V Abakukov\u011b teofanii (Ab 3,3, 6) se R\u00e9\u0161ef objevuje v pozoruhodn\u00e9 konstelaci: p\u0159ed Jahvem kr\u00e1\u010d\u00ed &#8218;mor&#8216; (Deber) a &#8218;R\u00e9\u0161ef&#8216; jako kosmi\u010dt\u00ed p\u0159edvojov\u00e9.<\/p><p>Tento pozdn\u00ed hebrejsk\u00fd n\u00e1lez je historicky velmi zaj\u00edmav\u00fd, proto\u017ee dokl\u00e1d\u00e1 p\u0159etrv\u00e1v\u00e1n\u00ed p\u0159edstav o R\u00e9\u0161efovi v monoteistick\u00e9 <span class=\"iwg-fachbegriff\" data-tooltip=\"V\u011bdeck\u00e1 discipl\u00edna zab\u00fdvaj\u00edc\u00ed se Bohem a v\u00edrou ur\u010dit\u00e9ho n\u00e1bo\u017eenstv\u00ed.\" tabindex=\"0\">teologii<\/span>; ze samostatn\u00e9ho boha se zde st\u00e1v\u00e1 &#8218;bo\u017esk\u00fd posel&#8216; nebo personifikace trest\u016f Jahveho.<\/p>\t\t\t\t\t\t\t\t<\/div>\n\t\t\t\t<\/div>\n\t\t\t\t\t<\/div>\n\t\t\t\t<\/div>\n\t\t<div class=\"elementor-element elementor-element-iwgw-reshef-s4 e-flex e-con-boxed e-con e-parent\" data-id=\"iwgw-reshef-s4\" data-element_type=\"container\" data-e-type=\"container\">\n\t\t\t\t\t<div class=\"e-con-inner\">\n\t\t\t\t<div class=\"elementor-element elementor-element-iwgw-reshef-s4h elementor-widget elementor-widget-heading\" data-id=\"iwgw-reshef-s4h\" data-element_type=\"widget\" data-e-type=\"widget\" data-widget_type=\"heading.default\">\n\t\t\t\t\t<h2 class=\"elementor-heading-title elementor-size-default\">Kult a uct\u00edv\u00e1n\u00ed<\/h2>\t\t\t\t<\/div>\n\t\t<div class=\"elementor-element elementor-element-iwgw-reshef-s4c e-con-full e-flex e-con e-child\" data-id=\"iwgw-reshef-s4c\" data-element_type=\"container\" data-e-type=\"container\">\n\t\t\t\t<div class=\"elementor-element elementor-element-iwgw-reshef-s4t elementor-widget elementor-widget-text-editor\" data-id=\"iwgw-reshef-s4t\" data-element_type=\"widget\" data-e-type=\"widget\" data-widget_type=\"text-editor.default\">\n\t\t\t\t\t\t\t\t\t<p>Hlavn\u00ed kultovn\u00ed centra R\u00e9\u0161efa ve F\u00e9nicii byla Byblos, Tyros, Sid\u00f3n, Beir\u00fat, Idalion na Kypru a Sarepta. V faraonsk\u00e9m Egypt\u011b byl uct\u00edv\u00e1n v Memfid\u011b a Tanisu; v n\u011bkter\u00fdch textech je zmi\u0148ov\u00e1no vlastn\u00ed &#8218;R\u00e9\u0161efovo m\u011bsto&#8216; (dne\u0161n\u00ed Tell Reshef ve F\u00e9nicii?), archeologicky v\u0161ak jednozna\u010dn\u011b neidentifikovan\u00e9.<\/p><p>Nejd\u016fle\u017eit\u011bj\u0161\u00edm zdrojem jsou st\u00e9ly a votivn\u00ed n\u00e1pisy; v Kart\u00e1gu, Motyi a Sulcis se R\u00e9\u0161ef pravideln\u011b objevuje jako p\u0159\u00edjemce ob\u011btn\u00edch dar\u016f, \u010dasto spole\u010dn\u011b s <a href=\"https:\/\/iwell-guard.com\/cs\/?page_id=145500\">Baal-Hammonem<\/a>, <a href=\"https:\/\/iwell-guard.com\/cs\/?page_id=145499\">Tanit<\/a> nebo <a href=\"https:\/\/iwell-guard.com\/cs\/?page_id=145501\">E\u0161munem<\/a>. Charles Krahmalkov ve sv\u00e9 <em>A Phoenician-Punic Grammar<\/em> (2001) a Wolfgang R\u00f6llig v <em>Kanaan\u00e4ische und aram\u00e4ische Inschriften<\/em> shrom\u00e1\u017edili nejd\u016fle\u017eit\u011bj\u0161\u00ed epigrafick\u00e9 doklady.<\/p><p>V faraonsk\u00e9m Egypt\u011b pat\u0159il R\u00e9\u0161ef ke kategorii &#8218;asijsk\u00fdch boh\u016f&#8216;, kte\u0159\u00ed byli za Nov\u00e9 \u0159\u00ed\u0161e aktivn\u011b podporov\u00e1ni.<\/p><p>Faraon Amenhotep II. a jeho n\u00e1stupci ho uct\u00edvali jako boha luku a v\u00e1lky; R\u00e9\u0161efovy st\u00e9ly se objevuj\u00ed dokonce v kr\u00e1lovsk\u00e9m prost\u0159ed\u00ed, nap\u0159\u00edklad v th\u00e9bsk\u00fdch kr\u00e1lovsk\u00fdch hrobk\u00e1ch. Faraoni se s R\u00e9\u0161efem jako v\u00e1le\u010dnickou postavou identifikovali a p\u0159en\u00e1\u0161eli jeho ochrannou moc na osobu kr\u00e1le.<\/p><p>V faraonsk\u00e9m Egypt\u011b byl R\u00e9\u0161ef uct\u00edv\u00e1n i soukrom\u00fdmi osobami; slavn\u00e1 <span class=\"iwg-fachbegriff\" data-tooltip=\"Svisle stoj\u00edc\u00ed kamenn\u00e1 nebo d\u0159ev\u011bn\u00e1 deska s n\u00e1pisem nebo obrazem.\" tabindex=\"0\">st\u00e9la<\/span> z Tanisu zobrazuje soukromou osobu jm\u00e9nem &#8218;Pa-Aper-Reshef&#8216;, kter\u00e1 \u017e\u00e1d\u00e1 boha o vyl\u00e9\u010den\u00ed o\u010dn\u00ed nemoci. Tato osobn\u00ed zbo\u017enost je d\u016fle\u017eit\u00fdm doklad roz\u0161\u00ed\u0159en\u00ed kultu mezi lidem v egyptsk\u00e9 Nov\u00e9 \u0159\u00ed\u0161i.<\/p>\t\t\t\t\t\t\t\t<\/div>\n\t\t\t\t<\/div>\n\t\t\t\t\t<\/div>\n\t\t\t\t<\/div>\n\t\t<div class=\"elementor-element elementor-element-iwgw-reshef-s5 e-flex e-con-boxed e-con e-parent\" data-id=\"iwgw-reshef-s5\" data-element_type=\"container\" data-e-type=\"container\">\n\t\t\t\t\t<div class=\"e-con-inner\">\n\t\t\t\t<div class=\"elementor-element elementor-element-iwgw-reshef-s5h elementor-widget elementor-widget-heading\" data-id=\"iwgw-reshef-s5h\" data-element_type=\"widget\" data-e-type=\"widget\" data-widget_type=\"heading.default\">\n\t\t\t\t\t<h2 class=\"elementor-heading-title elementor-size-default\">Ochrann\u00e1 praxe a apotropaick\u00e9 prvky<\/h2>\t\t\t\t<\/div>\n\t\t<div class=\"elementor-element elementor-element-iwgw-reshef-s5c e-con-full e-flex e-con e-child\" data-id=\"iwgw-reshef-s5c\" data-element_type=\"container\" data-e-type=\"container\">\n\t\t\t\t<div class=\"elementor-element elementor-element-iwgw-reshef-s5t elementor-widget elementor-widget-text-editor\" data-id=\"iwgw-reshef-s5t\" data-element_type=\"widget\" data-e-type=\"widget\" data-widget_type=\"text-editor.default\">\n\t\t\t\t\t\t\t\t\t<p>R\u00e9\u0161efova ochrann\u00e1 funkce byla dvoj\u00ed: ochrana p\u0159ed nemocemi (p\u0159edev\u0161\u00edm p\u0159ed morem a hore\u010dkami) a ochrana ve v\u00e1lce. V dob\u00e1ch moru byl vz\u00fdv\u00e1n, aby epidemii ukon\u010dil; v dob\u00e1ch v\u00e1lky, aby p\u0159inesl v\u00edt\u011bzstv\u00ed nad nep\u0159\u00e1teli. Tato ambivalentn\u00ed funkce z n\u011bj d\u011bl\u00e1 typicky apotropn\u00edho boha.<\/p><p><span class=\"iwg-fachbegriff\" data-tooltip=\"Odvracej\u00edc\u00ed zlo: o znamen\u00edch a p\u0159edm\u011btech, kter\u00e9 maj\u00ed zabr\u00e1nit \u0161kodliv\u00fdm vliv\u016fm.\" tabindex=\"0\">Apotropn\u00ed<\/span> R\u00e9\u0161efovy so\u0161ky a amulety byly um\u00eds\u0165ov\u00e1ny v domech; na mnoha f\u00e9nick\u00fdch lokalit\u00e1ch byly nalezeny mal\u00e9 bronzov\u00e9 figurky vykra\u010duj\u00edc\u00edho v\u00e1le\u010dn\u00edka se zdvi\u017eenou bojovou sekerou. Skaraby s motivem R\u00e9\u0161efova luku byly no\u0161eny jako osobn\u00ed ochrann\u00e9 amulety. V Ugaritu byly roz\u0161\u00ed\u0159eny R\u00e9\u0161efovy \u0161\u00edpy jako &#8218;\u0161\u00edpov\u00e9 amulety&#8216;.<\/p><p data-nosnippet=\"true\">Ve f\u00e9nick\u00fdch osobn\u00edch jm\u00e9nech je teonym R\u00e9\u0161ef \u010dast\u00fd: Bod-Reshef, Reshef-Bar, Reshef-Jaton (&#8218;R\u00e9\u0161ef dal&#8216;). Tato \u010detnost dokl\u00e1d\u00e1 intenzivn\u00ed osobn\u00ed zbo\u017enost. Z v\u011bdeck\u00e9ho hlediska je R\u00e9\u0161efova ambivalentn\u00ed ochrann\u00e1 funkce p\u0159\u00edkladem starov\u011bk\u00e9 orient\u00e1ln\u00ed p\u0159edstavy, \u017ee destruktivn\u00ed i ochrann\u00e1 s\u00edla mohou b\u00fdt v rukou jedn\u00e9 bytosti. iWell Guard uv\u00e1d\u00ed R\u00e9\u0161efa jako historicko-religionistickou postavu bez odkazu na aktu\u00e1ln\u00ed slib uzdraven\u00ed.<\/p><p>R\u00e9\u0161efovy lukov\u00e9 amulety pat\u0159ily k nejroz\u0161\u00ed\u0159en\u011bj\u0161\u00edm f\u00e9nicko-egyptsk\u00fdm ochrann\u00fdm p\u0159edm\u011bt\u016fm. Byly ukl\u00e1d\u00e1ny do hrobov\u00fdch v\u00fdbav, v obytn\u00fdch domech a v chr\u00e1mech. Nej\u010dast\u011bj\u0161\u00ed podobou je napjat\u00fd luk nebo luk se \u0161\u00edpem; n\u011bkter\u00e9 jsou popsan\u00e9 R\u00e9\u0161efov\u00fdm jm\u00e9nem nebo f\u00e9nick\u00fdmi ochrann\u00fdmi formulemi.<\/p>\t\t\t\t\t\t\t\t<\/div>\n\t\t\t\t<\/div>\n\t\t\t\t\t<\/div>\n\t\t\t\t<\/div>\n\t\t<div class=\"elementor-element elementor-element-iwgw-reshef-s6 e-flex e-con-boxed e-con e-parent\" data-id=\"iwgw-reshef-s6\" data-element_type=\"container\" data-e-type=\"container\">\n\t\t\t\t\t<div class=\"e-con-inner\">\n\t\t\t\t<div class=\"elementor-element elementor-element-iwgw-reshef-s6h elementor-widget elementor-widget-heading\" data-id=\"iwgw-reshef-s6h\" data-element_type=\"widget\" data-e-type=\"widget\" data-widget_type=\"heading.default\">\n\t\t\t\t\t<h2 class=\"elementor-heading-title elementor-size-default\">Paralely v jin\u00fdch kultur\u00e1ch<\/h2>\t\t\t\t<\/div>\n\t\t<div class=\"elementor-element elementor-element-iwgw-reshef-s6c e-con-full e-flex e-con e-child\" data-id=\"iwgw-reshef-s6c\" data-element_type=\"container\" data-e-type=\"container\">\n\t\t\t\t<div class=\"elementor-element elementor-element-iwgw-reshef-s6t elementor-widget elementor-widget-text-editor\" data-id=\"iwgw-reshef-s6t\" data-element_type=\"widget\" data-e-type=\"widget\" data-widget_type=\"text-editor.default\">\n\t\t\t\t\t\t\t\t\t<p>Reshef je historicky \u00fazce spjat s Nergalem a Errou v Mezopot\u00e1mii, oba jsou bohy moru a v\u00e1lky. S Errou sd\u00edl\u00ed <span class=\"iwg-fachbegriff\" data-tooltip=\"Opakuj\u00edc\u00ed se obsahov\u00fd prvek v um\u011bn\u00ed nebo vypr\u00e1v\u011bn\u00ed.\" tabindex=\"0\">motiv<\/span> \u0161\u00edpu a moru; s Nergalem podsv\u011btn\u00ed slo\u017eku v n\u011bkter\u00fdch pozd\u011bj\u0161\u00edch textech.<\/p><p>Tak\u00e9 hetitsk\u00fd Yarri, b\u016fh moru s lukem, je s n\u00edm funk\u010dn\u011b velmi bl\u00edzk\u00fd; Volkert Haas se ve sv\u00e9m d\u00edle <em>Materia Magica et Medica Hethitica<\/em> (2003) v\u011bnoval <a href=\"https:\/\/iwell-guard.com\/cs\/hetitsko-anatolske-tarhunna-bohove\/\">hetitsk\u00e9<\/a> tradici boh\u016f moru.<\/p><p>S \u0159eck\u00fdm Apoll\u00f3nem sd\u00edl\u00ed Reshef slo\u017eku luku a moru; v Iliad\u011b Apoll\u00f3n vyst\u0159eluje morov\u00e9 \u0161\u00edpy na ach\u00e1jsk\u00e9 vojsko, co\u017e je p\u0159\u00edm\u00e1 paralela k Reshefov\u011b ikonografii. Walter Burkert ve sv\u00e9m d\u00edle <em>Die orientalisierende Epoche<\/em> (1984) upozornil na pravd\u011bpodobn\u00fd p\u0159enos motivu morov\u00e9ho \u0161\u00edpu ze z\u00e1padosemitsk\u00e9 oblasti do \u0159eck\u00e9 apoll\u00f3nsk\u00e9 tradice.<\/p><p>V hebrejsk\u00e9m materi\u00e1lu je Reshef st\u00e1le p\u0159\u00edtomen jako &#8218;re\u0161ef&#8216; pro \u0161\u00edp a mor; v Habakuk 3,5 se dokonce objevuje jako bo\u017esk\u00fd pr\u016fvodce. Tato p\u0159etrv\u00e1vaj\u00edc\u00ed p\u0159\u00edtomnost p\u0159edstav o Reshefovi je z hlediska n\u00e1bo\u017eensk\u00fdch d\u011bjin n\u00e1padn\u00e1. V pozd\u011bj\u0161\u00ed \u017eidovsk\u00e9 a k\u0159es\u0165ansk\u00e9 tradici je pak redukov\u00e1n na &#8218;\u0161\u00edp Bo\u017e\u00ed&#8216; nebo &#8218;r\u00e1nu&#8216;, bez vlastn\u00ed bo\u017eskosti.<\/p><p>Tak\u00e9 na kypersk\u00e9m Idalionu byl Reshef uct\u00edv\u00e1n v\u00fdznamn\u011b; bilingvn\u00ed <span class=\"iwg-fachbegriff\" data-tooltip=\"Text vyryt\u00fd nebo vytesan\u00fd do pevn\u00e9ho materi\u00e1lu.\" tabindex=\"0\">n\u00e1pis<\/span> z Idalionu (5. stolet\u00ed p\u0159. n. l., f\u00e9nicko-\u0159eck\u00fd) identifikuje Reshefa-Mikala s \u0159eck\u00fdm Apoll\u00f3nem Amyklaiem. Tato identifikace je historicky velmi zaj\u00edmav\u00e1.<\/p>\t\t\t\t\t\t\t\t<\/div>\n\t\t\t\t<\/div>\n\t\t\t\t\t<\/div>\n\t\t\t\t<\/div>\n\t\t<div class=\"elementor-element elementor-element-iwgw-reshef-s7 e-flex e-con-boxed e-con e-parent\" data-id=\"iwgw-reshef-s7\" data-element_type=\"container\" data-e-type=\"container\">\n\t\t\t\t\t<div class=\"e-con-inner\">\n\t\t\t\t<div class=\"elementor-element elementor-element-iwgw-reshef-s7h elementor-widget elementor-widget-heading\" data-id=\"iwgw-reshef-s7h\" data-element_type=\"widget\" data-e-type=\"widget\" data-widget_type=\"heading.default\">\n\t\t\t\t\t<h2 class=\"elementor-heading-title elementor-size-default\">Sou\u010dasn\u00e1 recepce a v\u00fdzkum<\/h2>\t\t\t\t<\/div>\n\t\t<div class=\"elementor-element elementor-element-iwgw-reshef-s7c e-con-full e-flex e-con e-child\" data-id=\"iwgw-reshef-s7c\" data-element_type=\"container\" data-e-type=\"container\">\n\t\t\t\t<div class=\"elementor-element elementor-element-iwgw-reshef-s7t elementor-widget elementor-widget-text-editor\" data-id=\"iwgw-reshef-s7t\" data-element_type=\"widget\" data-e-type=\"widget\" data-widget_type=\"text-editor.default\">\n\t\t\t\t\t\t\t\t\t<p>V\u00fdzkum Reshefa dosahuje dnes vysok\u00e9 \u00farovn\u011b. Monografie Macieje M\u00fcnnicha <em>The God Resheph<\/em> (2013) je standardn\u00ed referenc\u00ed; ikonografick\u00e1 studie Izaka Corneliuse (1994) nab\u00edz\u00ed egyptskou obrazovou historii; Paolo Xella vydal ritu\u00e1ln\u00ed texty z Ugaritu. Sabatino Moscati a H\u00e9l\u00e8ne Sader p\u0159isp\u011bli d\u016fle\u017eit\u00fdmi pracemi k f\u00e9nick\u00e9mu kultu Reshefa.<\/p><p>V popul\u00e1rn\u00ed recepci je Reshef zn\u00e1m p\u0159edev\u0161\u00edm d\u00edky sv\u00e9mu egyptsk\u00e9mu kultu a hebrejsko-biblick\u00fdm odkaz\u016fm. Duchovn\u00ed obnova v novopohansk\u00e9m smyslu chyb\u00ed; ambivalentn\u00ed b\u016fh moru a v\u00e1lky je pro modern\u00ed formy zbo\u017enosti p\u0159\u00edli\u0161 ciz\u00ed a teologicky problematick\u00fd.<\/p><p>V\u011bdecky je Reshef dnes pova\u017eov\u00e1n za kl\u00ed\u010dov\u00fd p\u0159edm\u011bt studia starov\u011bk\u00e9 orient\u00e1ln\u00ed teologie moru a v\u00e1lky. Aktu\u00e1ln\u00ed v\u00fdzkumn\u00e9 sm\u011bry se soust\u0159e\u010fuj\u00ed na diferenciaci m\u00edstn\u00edch Reshefov\u00fdch hypostaz\u00ed, na egyptskou tri\u00e1du Reshef-Min-Qadeshet a na ot\u00e1zku cest p\u0159enosu k \u0159eck\u00e9 apoll\u00f3nsk\u00e9 tradici. iWell Guard uv\u00e1d\u00ed Reshefa jako n\u00e1bo\u017eenskohistorick\u00fd p\u0159\u00edklad bez praktick\u00e9ho ochrann\u00e9ho vztahu.<\/p><p>Aktu\u00e1ln\u00ed v\u00fdzkumy Macieje M\u00fcnnicha a H\u00e9l\u00e8ne Sader zasazuj\u00ed Reshefa do \u0161ir\u0161\u00edho historick\u00e9ho kontextu: jako p\u0159edstavitele starosyrsko-z\u00e1padosemitsk\u00e9 rodiny boh\u016f, jej\u00ed\u017e trv\u00e1n\u00ed od 3. tis\u00edcilet\u00ed p\u0159. n. l. a\u017e do <span class=\"iwg-fachbegriff\" data-tooltip=\"Prehistorick\u00e1 epocha po dob\u011b bronzov\u00e9, charakterizovan\u00e1 zpracov\u00e1n\u00edm \u017eeleza.\" tabindex=\"0\">doby \u017eelezn\u00e9<\/span> p\u0159edstavuje n\u00e1padn\u00fd n\u00e1bo\u017eenskohistorick\u00fd jev.<\/p>\t\t\t\t\t\t\t\t<\/div>\n\t\t\t\t<\/div>\n\t\t\t\t\t<\/div>\n\t\t\t\t<\/div>\n\t\t<div class=\"elementor-element elementor-element-iwgw-reshef-s8 e-flex e-con-boxed e-con e-parent\" data-id=\"iwgw-reshef-s8\" data-element_type=\"container\" data-e-type=\"container\">\n\t\t\t\t\t<div class=\"e-con-inner\">\n\t\t\t\t<div class=\"elementor-element elementor-element-iwgw-reshef-s8h elementor-widget elementor-widget-heading\" data-id=\"iwgw-reshef-s8h\" data-element_type=\"widget\" data-e-type=\"widget\" data-widget_type=\"heading.default\">\n\t\t\t\t\t<h2 class=\"elementor-heading-title elementor-size-default\">Literatura a prameny<\/h2>\t\t\t\t<\/div>\n\t\t<div class=\"elementor-element elementor-element-iwgw-reshef-s8c e-con-full e-flex e-con e-child\" data-id=\"iwgw-reshef-s8c\" data-element_type=\"container\" data-e-type=\"container\">\n\t\t\t\t<div class=\"elementor-element elementor-element-iwgw-reshef-s8t elementor-widget elementor-widget-text-editor\" data-id=\"iwgw-reshef-s8t\" data-element_type=\"widget\" data-e-type=\"widget\" data-widget_type=\"text-editor.default\">\n\t\t\t\t\t\t\t\t\t<p>N\u00e1sleduj\u00edc\u00ed v\u00fdb\u011br shrnuje nejd\u016fle\u017eit\u011bj\u0161\u00ed standardn\u00ed d\u00edla k v\u00fdzkumu Reshefa. Zahrnuje monografie, ikonografick\u00e9 studie, textov\u00e9 edice a historick\u00e9 synt\u00e9zy. M\u00fcnnichova monografie je nejrozs\u00e1hlej\u0161\u00ed modern\u00ed studi\u00ed; Cornelius nab\u00edz\u00ed ikonografickou perspektivu; Xella textov\u00fd z\u00e1klad zam\u011b\u0159en\u00fd na ritu\u00e1ly; Moscati kulturn\u011b-historick\u00fd r\u00e1mec.<\/p>\t\t\t\t\t\t\t\t<\/div>\n\t\t\t\t<\/div>\n\t\t\t\t\t<\/div>\n\t\t\t\t<\/div>\n\t\t<div class=\"elementor-element elementor-element-cp21744d88 e-flex e-con-boxed e-con e-parent\" data-id=\"cp21744d88\" data-element_type=\"container\" data-e-type=\"container\">\n\t\t\t\t\t<div class=\"e-con-inner\">\n\t\t\t\t<div class=\"elementor-element elementor-element-cp2be1cbf0 elementor-widget elementor-widget-heading\" data-id=\"cp2be1cbf0\" data-element_type=\"widget\" data-e-type=\"widget\" data-widget_type=\"heading.default\">\n\t\t\t\t\t<h2 class=\"elementor-heading-title elementor-size-default\">Re\u0161ef v egyptsk\u00e9 tradici Nov\u00e9 \u0159\u00ed\u0161e<\/h2>\t\t\t\t<\/div>\n\t\t<div class=\"elementor-element elementor-element-cp2c20c806 e-flex e-con-boxed e-con e-child\" data-id=\"cp2c20c806\" data-element_type=\"container\" data-e-type=\"container\">\n\t\t\t\t\t<div class=\"e-con-inner\">\n\t\t\t\t<div class=\"elementor-element elementor-element-cp2f07db72 elementor-widget elementor-widget-text-editor\" data-id=\"cp2f07db72\" data-element_type=\"widget\" data-e-type=\"widget\" data-widget_type=\"text-editor.default\">\n\t\t\t\t\t\t\t\t\t<p>Zvl\u00e1\u0161tnost\u00ed <em>Re\u0161efa<\/em> je, \u017ee se objevuje ve dvou odd\u011blen\u00fdch pramenn\u00fdch celc\u00edch: v z\u00e1padosemitsk\u00fdch textech jeho domovsk\u00e9 oblasti a velmi obs\u00e1hle v egyptsk\u00fdch pam\u00e1tk\u00e1ch Nov\u00e9 \u0159\u00ed\u0161e.<\/p><p>Nejpozd\u011bji za 18. dynastie byl Re\u0161ef p\u0159ijat do Egypta, pravd\u011bpodobn\u011b d\u00edky \u00fazk\u00e9mu vojensk\u00e9mu a politick\u00e9mu propojen\u00ed s Levantou. Faraoni ramessidovsk\u00e9 doby se r\u00e1di zobrazovali v jeho bl\u00edzkosti, proto\u017ee byl pova\u017eov\u00e1n za bojovn\u00e9ho a mocn\u00e9ho boha.<\/p><p>Na egyptsk\u00fdch st\u00e9l\u00e1ch, \u010dasto darovan\u00fdch soukrom\u00fdmi osobami, se Re\u0161ef objevuje s ust\u00e1lenou ikonografi\u00ed: kr\u00e1\u010dej\u00edc\u00ed b\u016fh se zdvi\u017eenou pa\u017e\u00ed, m\u00e1vaj\u00edc\u00ed kyjem nebo sekerou, \u010dasto se \u0161t\u00edtem a kop\u00edm, na hlav\u011b hornoegyptskou korunu, na jej\u00edm\u017e \u010dele m\u00edsto uraea \u010dasto sed\u00ed hlava gazely.<\/p><p>Tato hlava gazely je pova\u017eov\u00e1na za jeden z nejspolehliv\u011bj\u0161\u00edch rozpozn\u00e1vac\u00edch znak\u016f.<\/p><p>V Egypt\u011b se jeho funkce prom\u011bnila. Z boha p\u0159in\u00e1\u0161ej\u00edc\u00edho n\u00e1kazu a n\u00e1hlou smrt se stal z\u00e1rove\u0148 b\u016fh, k n\u011bmu\u017e se lid\u00e9 obraceli o ochranu a uzdraven\u00ed. To se d\u011blo \u010d\u00e1ste\u010dn\u011b ve skupin\u011b s bohyn\u00ed Qadeshet a bohem Minem. Tato egyptsk\u00e1 vrstva je pramenn\u011b bohat\u0161\u00ed ne\u017e n\u011bkter\u00e1 levantsk\u00e1 tradice, ukazuje v\u0161ak Re\u0161efa u\u017e v ciz\u00edm prost\u0159ed\u00ed.<\/p><p>Kdo hled\u00e1 \u201ep\u016fvodn\u00edho\u201c Re\u0161efa, mus\u00ed egyptsk\u00e9 doklady \u010d\u00edst jako p\u0159isvojen\u00ed, nikoli jako nezkreslen\u00e9 zrcadlo.<\/p>\t\t\t\t\t\t\t\t<\/div>\n\t\t\t\t\t<\/div>\n\t\t\t\t<\/div>\n\t\t\t\t\t<\/div>\n\t\t\t\t<\/div>\n\t\t<div class=\"elementor-element elementor-element-cp2858e9e2 e-flex e-con-boxed e-con e-parent\" data-id=\"cp2858e9e2\" data-element_type=\"container\" data-e-type=\"container\">\n\t\t\t\t\t<div class=\"e-con-inner\">\n\t\t\t\t<div class=\"elementor-element elementor-element-cp2c2fb1d4 elementor-widget elementor-widget-heading\" data-id=\"cp2c2fb1d4\" data-element_type=\"widget\" data-e-type=\"widget\" data-widget_type=\"heading.default\">\n\t\t\t\t\t<h2 class=\"elementor-heading-title elementor-size-default\">\u0160\u00edp a mor: Re\u0161ef jako p\u00e1n n\u00e1kazy<\/h2>\t\t\t\t<\/div>\n\t\t<div class=\"elementor-element elementor-element-cp2d0acbb6 e-flex e-con-boxed e-con e-child\" data-id=\"cp2d0acbb6\" data-element_type=\"container\" data-e-type=\"container\">\n\t\t\t\t\t<div class=\"e-con-inner\">\n\t\t\t\t<div class=\"elementor-element elementor-element-cp28af87e0 elementor-widget elementor-widget-text-editor\" data-id=\"cp28af87e0\" data-element_type=\"widget\" data-e-type=\"widget\" data-widget_type=\"text-editor.default\">\n\t\t\t\t\t\t\t\t\t<p>J\u00e1drem p\u0159edstavy o Re\u0161efovi v z\u00e1padosemitsk\u00fdch pramenech je spojen\u00ed luku, \u0161\u00edpu a n\u00e1kazy. Re\u0161ef p\u0159in\u00e1\u0161\u00ed nemoc a hromadnou smrt, ch\u00e1panou jako \u0161\u00edpy, kter\u00e9 vyst\u0159eluje na lidi a dobytek.<\/p><p>Tato p\u0159edstava je zachytiteln\u00e1 nap\u0159\u00ed\u010d n\u011bkolika kulturami: v ugaritsk\u00fdch textech se <em>Ra\u0161ap<\/em> objevuje v seznamech boh\u016f a ritu\u00e1ln\u00edch textech, v mezopot\u00e1msk\u00fdch pramenech je spojov\u00e1n s bohem moru a podsv\u011bt\u00ed Nergalem.<\/p><p>Zvl\u00e1\u0161\u0165 pou\u010dn\u00e1 je hebrejsk\u00e1 bible. Tam ji\u017e <em>re\u0161ef<\/em> nen\u00ed uct\u00edvan\u00fdm bohem, ale obecn\u00fdm slovem, respektive odbo\u017e\u0161t\u011bnou moc\u00ed. V Habakuk 3,5 vyt\u00e1hne B\u016fh a <em>Re\u0161ef<\/em> ho n\u00e1sleduje jako jeho pr\u016fvodce, vedle moru.<\/p><p>Na jin\u00fdch m\u00edstech slovo znamen\u00e1 \u201e\u017e\u00e1r\u201c, \u201ejiskra\u201c nebo p\u0159\u00edmo trhav\u00e1 morov\u00e1 nemoc. Tato biblick\u00e1 dodate\u010dn\u00e1 historie je klasick\u00fdm p\u0159\u00edkladem toho, jak byl sousedn\u00ed b\u016fh autory hebrejsk\u00fdch text\u016f zredukov\u00e1n na pouhou p\u0159\u00edrodn\u00ed moc nebo poetick\u00fd obraz.<\/p><p>Symbolika \u0161\u00edpu spojuje Re\u0161efa s \u0161irokou skupinou bo\u017estev moru, nap\u0159\u00edklad s d\u00e1lkost\u0159eleck\u00fdm Apoll\u00f3nem ran\u00e9ho \u0159eck\u00e9ho b\u00e1snictv\u00ed, kter\u00fd na po\u010d\u00e1tku Iliady pos\u00edl\u00e1 mor do t\u00e1boru \u0158ek\u016f. Tato paralela je ve v\u00fdzkumu \u010dasto zmi\u0148ov\u00e1na, m\u011bla by se ale ch\u00e1pat jako typologick\u00e1 podobnost, nikoli jako p\u0159\u00edm\u00e1 z\u00e1vislost. Standardn\u00ed monografie o Re\u0161efovi poch\u00e1z\u00ed od Williama J. Fulca; d\u016fle\u017eit\u00e9 dopl\u0148ky p\u0159inesly pr\u00e1ce Paola Xelly a Macieje M\u00fcnnicha, jeho\u017e rozs\u00e1hl\u00e1 studie kriticky proch\u00e1z\u00ed ve\u0161ker\u00e9 doklady.\t\t\t\t\t\t\t\t<\/div>\n\t\t\t\t\t<\/div>\n\t\t\t\t<\/div>\n\t\t\t\t\t<\/div>\n\t\t\t\t<\/div>\n\t\t<div class=\"elementor-element elementor-element-iwgw-reshef-lit e-flex e-con-boxed e-con e-parent\" data-id=\"iwgw-reshef-lit\" data-element_type=\"container\" data-e-type=\"container\">\n\t\t\t\t\t<div class=\"e-con-inner\">\n\t\t\t\t<div class=\"elementor-element elementor-element-iwgw-reshef-lith elementor-widget elementor-widget-heading\" data-id=\"iwgw-reshef-lith\" data-element_type=\"widget\" data-e-type=\"widget\" data-widget_type=\"heading.default\">\n\t\t\t\t\t<h2 class=\"elementor-heading-title elementor-size-default\">Literatura (v\u00fdb\u011br)<\/h2>\t\t\t\t<\/div>\n\t\t<div class=\"elementor-element elementor-element-iwgw-reshef-litc e-con-full e-flex e-con e-child\" data-id=\"iwgw-reshef-litc\" data-element_type=\"container\" data-e-type=\"container\">\n\t\t\t\t<div class=\"elementor-element elementor-element-iwgw-reshef-litt elementor-widget elementor-widget-text-editor\" data-id=\"iwgw-reshef-litt\" data-element_type=\"widget\" data-e-type=\"widget\" data-widget_type=\"text-editor.default\">\n\t\t\t\t\t\t\t\t\t<div data-nosnippet=\"true\"><ul><li>Maciej M\u00fcnnich: <em>The God Resheph in the Ancient Near East<\/em> (T\u00fcbingen 2013)<\/li><li>Izak Cornelius: <em>The Iconography of the Canaanite Gods Reshef and Ba\u02bfal<\/em> (Fribourg 1994)<\/li><li>Paolo Xella: <em>I testi rituali di Ugarit<\/em> (\u0158\u00edm 1981)<\/li><li>Sabatino Moscati: <em>Die Ph\u00f6niker<\/em> (Stuttgart 1966)<\/li><li>H\u00e9l\u00e8ne Sader: <em>The History and Archaeology of Phoenicia<\/em> (Atlanta 2019)<\/li><li>Wolfgang R\u00f6llig: <em>Kanaan\u00e4ische und aram\u00e4ische Inschriften<\/em> (Wiesbaden, s Donnerem)<\/li><\/ul><\/div>\t\t\t\t\t\t\t\t<\/div>\n\t\t\t\t<\/div>\n\t\t\t\t\t<\/div>\n\t\t\t\t<\/div>\n\t\t<div class=\"elementor-element elementor-element-iwgkw-add-reshef e-flex e-con-boxed e-con e-parent\" data-id=\"iwgkw-add-reshef\" data-element_type=\"container\" data-e-type=\"container\">\n\t\t\t\t\t<div class=\"e-con-inner\">\n\t\t\t\t<div class=\"elementor-element elementor-element-iwgkw-add-reshef-t elementor-widget elementor-widget-text-editor\" data-id=\"iwgkw-add-reshef-t\" data-element_type=\"widget\" data-e-type=\"widget\" data-widget_type=\"text-editor.default\">\n\t\t\t\t\t\t\t\t\t<p><em><span class=\"iwg-fachbegriff\" data-tooltip=\"Souhrn n\u00e1bo\u017eensk\u00fdch \u00factypln\u00fdch \u00fakon\u016f v\u016f\u010di bo\u017estvu nebo svat\u00e9 postav\u011b.\" tabindex=\"0\">Kult<\/span><\/em> Reshefa (Reshef) je dolo\u017een ji\u017e od t\u0159et\u00edho tis\u00edcilet\u00ed p\u0159ed na\u0161\u00edm letopo\u010dtem v Ebla a pozd\u011bji v Ugaritu, Byblosu a na Kypru. Jako b\u016fh moru a v\u00e1lky byl zobrazov\u00e1n s lukem a \u0161\u00edpem a se \u0161t\u00edtem, byl pova\u017eov\u00e1n za \u0161i\u0159itele n\u00e1kaz, ale z\u00e1rove\u0148 za ochr\u00e1nce v\u00e1le\u010dn\u00edk\u016f. V Egypt\u011b byl Reshef za vl\u00e1dy Amenhotepa II. p\u0159ijat do ofici\u00e1ln\u00edho <span class=\"iwg-fachbegriff\" data-tooltip=\"Souhrn boh\u016f dan\u00e9ho n\u00e1bo\u017eenstv\u00ed nebo kultury.\" tabindex=\"0\">panteonu<\/span>.<\/p>\t\t\t\t\t\t\t\t<\/div>\n\t\t\t\t\t<\/div>\n\t\t\t\t<\/div>\n\t\t<div class=\"elementor-element elementor-element-iwgkw2-add-reshef e-flex e-con-boxed e-con e-parent\" data-id=\"iwgkw2-add-reshef\" data-element_type=\"container\" data-e-type=\"container\">\n\t\t\t\t\t<div class=\"e-con-inner\">\n\t\t\t\t<div class=\"elementor-element elementor-element-iwgkw2-add-reshef-t elementor-widget elementor-widget-text-editor\" data-id=\"iwgkw2-add-reshef-t\" data-element_type=\"widget\" data-e-type=\"widget\" data-widget_type=\"text-editor.default\">\n\t\t\t\t\t\t\t\t\t<p>Reshef je v pramenech z Ugaritu a Kart\u00e1ga uct\u00edv\u00e1n jako <em>kana\u00e1nsk\u00fd<\/em> a <em>f\u00e9nick\u00fd<\/em> b\u016fh n\u00e1kaz a lukost\u0159elby, jeho\u017e <span class=\"iwg-fachbegriff\" data-tooltip=\"Souhrn n\u00e1bo\u017eensk\u00fdch \u00factypln\u00fdch \u00fakon\u016f v\u016f\u010di bo\u017estvu nebo svat\u00e9 postav\u011b.\" tabindex=\"0\">kult<\/span> se \u0161\u00ed\u0159il pod\u00e9l levantsk\u00e9ho pob\u0159e\u017e\u00ed a p\u0159es Kypr a\u017e do Egypta.<\/p>\t\t\t\t\t\t\t\t<\/div>\n\t\t\t\t\t<\/div>\n\t\t\t\t<\/div>\n\t\t<div class=\"elementor-element elementor-element-iwgw-reshef-kwd e-flex e-con-boxed e-con e-parent\" data-id=\"iwgw-reshef-kwd\" data-element_type=\"container\" data-e-type=\"container\">\n\t\t\t\t\t<div class=\"e-con-inner\">\n\t\t<div class=\"elementor-element elementor-element-iwgw-reshef-kwdc e-con-full e-flex e-con e-child\" data-id=\"iwgw-reshef-kwdc\" data-element_type=\"container\" data-e-type=\"container\">\n\t\t\t\t<div class=\"elementor-element elementor-element-iwgw-reshef-kwdt elementor-widget elementor-widget-text-editor\" data-id=\"iwgw-reshef-kwdt\" data-element_type=\"widget\" data-e-type=\"widget\" data-widget_type=\"text-editor.default\">\n\t\t\t\t\t\t\t\t\t<p><em>Souvisej\u00edc\u00ed kl\u00ed\u010dov\u00e1 slova: Reshef F\u00e9ni\u010dan\u00e9 b\u016fh moru b\u016fh luku v\u00e1lka gazela Apoll\u00f3n Yarri.<\/em><\/p>\t\t\t\t\t\t\t\t<\/div>\n\t\t\t\t<\/div>\n\t\t\t\t\t<\/div>\n\t\t\t\t<\/div>\n\t\t<div class=\"elementor-element elementor-element-iwgw-reshef-cc e-flex e-con-boxed e-con e-parent\" data-id=\"iwgw-reshef-cc\" data-element_type=\"container\" data-e-type=\"container\" id=\"iwg-cc-reshef\">\n\t\t\t\t\t<div class=\"e-con-inner\">\n\t\t<div class=\"elementor-element elementor-element-iwgw-reshef-ccinner e-flex e-con-boxed e-con e-parent\" data-id=\"iwgw-reshef-ccinner\" data-element_type=\"container\" data-e-type=\"container\" data-settings=\"{&quot;background_background&quot;:&quot;classic&quot;}\">\n\t\t\t\t\t<div class=\"e-con-inner\">\n\t\t\t\t<div class=\"elementor-element elementor-element-iwgw-reshef-cch elementor-widget elementor-widget-heading\" data-id=\"iwgw-reshef-cch\" data-element_type=\"widget\" data-e-type=\"widget\" data-widget_type=\"heading.default\">\n\t\t\t\t\t<h2 class=\"elementor-heading-title elementor-size-default\">iWell Guard a ochrann\u00e9 tradice<\/h2>\t\t\t\t<\/div>\n\t\t\t\t<div class=\"elementor-element elementor-element-iwgw-reshef-cct elementor-widget elementor-widget-text-editor\" data-id=\"iwgw-reshef-cct\" data-element_type=\"widget\" data-e-type=\"widget\" data-widget_type=\"text-editor.default\">\n\t\t\t\t\t\t\t\t\t<div data-nosnippet=\"true\"><p>iWell Guard navazuje na kulturn\u011b-historickou tradici p\u0159enosn\u00fdch ochrann\u00fdch p\u0159edm\u011bt\u016f, v tradici <a href=\"https:\/\/iwell-guard.com\/cs\/fenicane-a-kartago-baal-tanit\/\">F\u00e9nick\u00e9 kultury<\/a> a mnoha dal\u0161\u00edch kultur po cel\u00e9m sv\u011bt\u011b. 41 vrstev, ryz\u00ed zlato, platina, st\u0159\u00edbro, vyrobeno v N\u011bmecku. 30denn\u00ed pr\u00e1vo na vr\u00e1cen\u00ed.<\/p><\/div>\t\t\t\t\t\t\t\t<\/div>\n\t\t\t\t<div class=\"elementor-element elementor-element-iwgw-reshef-ccb iwg-cc-button iwg-cc-cta-2026-05-13 elementor-widget elementor-widget-jet-button\" data-id=\"iwgw-reshef-ccb\" data-element_type=\"widget\" data-e-type=\"widget\" data-widget_type=\"jet-button.default\">\n\t\t\t\t<div class=\"elementor-widget-container\">\n\t\t\t\t\t<div class=\"elementor-jet-button jet-elements\"><div class=\"jet-button__container\"><a class=\"jet-button__instance jet-button__instance--icon-left hover-effect-1\" href=\"\/ueber-iwell-guard\/?utm_source=iwell-guard.com&amp;utm_medium=info-box&amp;utm_campaign=wesen-tradition\"><div class=\"jet-button__plane jet-button__plane-normal\"><\/div><div class=\"jet-button__plane jet-button__plane-hover\"><\/div><div class=\"jet-button__state jet-button__state-normal\"><span class=\"jet-button__label\">V\u00edce o iWell Guard<\/span><\/div><div class=\"jet-button__state jet-button__state-hover\"><span class=\"jet-button__label\">V\u00edce o iWell Guard<\/span><\/div><\/a><\/div><\/div><style>.elementor-element.elementor-element-iwgw-reshef-ccb .jet-button__instance{width:320px;height:56px;}.elementor-element.elementor-element-iwgw-reshef-ccb .jet-button__state-normal .jet-button__label{text-align:center;margin:0px 0px 0px 0px;color:#1a1b20;font-family:Montserrat,sans-serif;font-size:13px;font-weight:400;letter-spacing:4px;line-height:1.714em;text-transform:uppercase;}.elementor-element.elementor-element-iwgw-reshef-ccb .jet-button__state-hover .jet-button__label{text-align:center;margin:0px 0px 0px 0px;color:#FECC76;font-family:Montserrat,sans-serif;font-size:13px;font-weight:400;letter-spacing:4px;line-height:1.714em;text-transform:uppercase;}.elementor-element.elementor-element-iwgw-reshef-ccb .jet-button__plane-normal{background-color:#FECC76;border-style:solid;border-color:#C99540;border-width:2px 2px 2px 2px;}.elementor-element.elementor-element-iwgw-reshef-ccb .jet-button__plane-hover{background-color:rgba(0,0,0,0.55);border-style:solid;border-color:#FECC76;border-width:2px 2px 2px 2px;}<\/style>\t\t\t\t<\/div>\n\t\t\t\t<\/div>\n\t\t\t\t<div class=\"elementor-element elementor-element-iwgw-reshef-ccd elementor-widget elementor-widget-text-editor\" data-id=\"iwgw-reshef-ccd\" data-element_type=\"widget\" data-e-type=\"widget\" data-widget_type=\"text-editor.default\">\n\t\t\t\t\t\t\t\t\t<div data-nosnippet=\"true\"><p style=\"text-align:center;font-size:13px;opacity:0.7;margin-top:14px\" data-nosnippet=\"true\">Osobn\u00ed zku\u0161enosti se mohou li\u0161it. Nejedn\u00e1 se o zdravotnick\u00fd prost\u0159edek. Nen\u00ed slibem l\u00e9\u010div\u00e9ho \u00fa\u010dinku.<\/p><\/div>\t\t\t\t\t\t\t\t<\/div>\n\t\t\t\t\t<\/div>\n\t\t\t\t<\/div>\n\t\t\t\t\t<\/div>\n\t\t\t\t<\/div>\n\t\t<div class=\"elementor-element elementor-element-iwgw-reshef-disc e-flex e-con-boxed e-con e-parent\" data-id=\"iwgw-reshef-disc\" data-element_type=\"container\" data-e-type=\"container\">\n\t\t\t\t\t<div class=\"e-con-inner\">\n\t\t\t\t<div class=\"elementor-element elementor-element-iwgw-reshef-discw elementor-widget elementor-widget-html\" data-id=\"iwgw-reshef-discw\" data-element_type=\"widget\" data-e-type=\"widget\" data-widget_type=\"html.default\">\n\t\t\t\t\t<footer data-nosnippet=\"true\" class=\"iwg-disclaimer-block\"><p data-nosnippet=\"true\">iWell Guard <strong>nen\u00ed zdravotnick\u00fd prost\u0159edek<\/strong> a nenahrazuje l\u00e9ka\u0159skou ani psychoterapeutickou l\u00e9\u010dbu. Religionistick\u00fd obsah p\u0159edstavuje kulturn\u011b-historick\u00e9 za\u0159azen\u00ed, nikoli doporu\u010den\u00ed duchovn\u00ed praxe.<\/p><\/footer>\t\t\t\t<\/div>\n\t\t\t\t\t<\/div>\n\t\t\t\t<\/div>\n\t\t\t\t<\/div>\n\t\t","protected":false},"excerpt":{"rendered":"","protected":false},"author":3,"featured_media":2852,"parent":0,"menu_order":0,"comment_status":"closed","ping_status":"closed","template":"elementor_header_footer","meta":{"_yoast_wpseo_focuskw":"Reshef F\u00e9ni\u010dan\u00e9 b\u016fh moru b\u016fh luku","_yoast_wpseo_title":"Reshef \u2013 f\u00e9nick\u00fd b\u016fh moru, b\u016fh v\u00e1lky, kult","_yoast_wpseo_metadesc":"Reshef je f\u00e9nicko-kana\u00e1nsk\u00fd b\u016fh moru a v\u00e1lky, b\u016fh luku a ochrann\u00fd b\u016fh. Religionistick\u00e9 za\u0159azen\u00ed s prameny.","_yoast_wpseo_meta-robots-noindex":"","_yoast_wpseo_canonical":"","_angie_page":false,"gefaehrdungsstufe":"4","wesen_kultur":"phoenizisch","wesen_klasse":"goetter","footnotes":""},"categories":[],"class_list":["post-145505","page","type-page","status-publish","has-post-thumbnail","hentry"],"yoast_head":"<!-- This site is optimized with the Yoast SEO Premium plugin v27.7 (Yoast SEO v28.3) - https:\/\/yoast.com\/product\/yoast-seo-premium-wordpress\/ -->\n<title>Reshef \u2013 f\u00e9nick\u00fd b\u016fh moru, b\u016fh v\u00e1lky, kult<\/title>\n<meta name=\"description\" content=\"Reshef je f\u00e9nicko-kana\u00e1nsk\u00fd b\u016fh moru a v\u00e1lky, b\u016fh luku a ochrann\u00fd b\u016fh. Religionistick\u00e9 za\u0159azen\u00ed s prameny.\" \/>\n<meta name=\"robots\" content=\"index, follow, max-snippet:-1, max-image-preview:large, max-video-preview:-1\" \/>\n<link rel=\"canonical\" href=\"https:\/\/iwell-guard.com\/cs\/reshef-fenicky-buh-moru-valky\/\" \/>\n<meta property=\"og:locale\" content=\"cs_CZ\" \/>\n<meta property=\"og:type\" content=\"article\" \/>\n<meta property=\"og:title\" content=\"Reshef \u2013 f\u00e9nick\u00fd b\u016fh moru a v\u00e1lky\" \/>\n<meta property=\"og:description\" content=\"Reshef je f\u00e9nicko-kana\u00e1nsk\u00fd b\u016fh moru a v\u00e1lky, b\u016fh luku a ochrann\u00fd b\u016fh. Religionistick\u00e9 za\u0159azen\u00ed s prameny.\" \/>\n<meta property=\"og:url\" content=\"https:\/\/iwell-guard.com\/cs\/reshef-fenicky-buh-moru-valky\/\" \/>\n<meta property=\"og:site_name\" content=\"iWell Guard\" \/>\n<meta property=\"article:modified_time\" content=\"2026-09-03T16:57:50+00:00\" \/>\n<meta property=\"og:image\" content=\"https:\/\/iwell-guard.com\/wp-content\/uploads\/2026\/05\/goetter_phoenizisch_reshef.webp\" \/>\n\t<meta property=\"og:image:width\" content=\"1024\" \/>\n\t<meta property=\"og:image:height\" content=\"1536\" \/>\n\t<meta property=\"og:image:type\" content=\"image\/webp\" \/>\n<meta name=\"twitter:card\" content=\"summary_large_image\" \/>\n<script type=\"application\/ld+json\" class=\"yoast-schema-graph\">{\"@context\":\"https:\\\/\\\/schema.org\",\"@graph\":[{\"@type\":\"WebPage\",\"@id\":\"https:\\\/\\\/iwell-guard.com\\\/cs\\\/reshef-fenicky-buh-moru-valky\\\/\",\"url\":\"https:\\\/\\\/iwell-guard.com\\\/cs\\\/reshef-fenicky-buh-moru-valky\\\/\",\"name\":\"Reshef \u2013 f\u00e9nick\u00fd b\u016fh moru, b\u016fh v\u00e1lky, kult\",\"isPartOf\":{\"@id\":\"https:\\\/\\\/iwell-guard.com\\\/cs\\\/#website\"},\"primaryImageOfPage\":{\"@id\":\"https:\\\/\\\/iwell-guard.com\\\/cs\\\/reshef-fenicky-buh-moru-valky\\\/#primaryimage\"},\"image\":{\"@id\":\"https:\\\/\\\/iwell-guard.com\\\/cs\\\/reshef-fenicky-buh-moru-valky\\\/#primaryimage\"},\"thumbnailUrl\":\"https:\\\/\\\/iwell-guard.com\\\/wp-content\\\/uploads\\\/2026\\\/05\\\/goetter_phoenizisch_reshef.webp\",\"datePublished\":\"2026-09-03T16:31:02+00:00\",\"dateModified\":\"2026-09-03T16:57:50+00:00\",\"description\":\"Reshef je f\u00e9nicko-kana\u00e1nsk\u00fd b\u016fh moru a v\u00e1lky, b\u016fh luku a ochrann\u00fd b\u016fh. Religionistick\u00e9 za\u0159azen\u00ed s prameny.\",\"breadcrumb\":{\"@id\":\"https:\\\/\\\/iwell-guard.com\\\/cs\\\/reshef-fenicky-buh-moru-valky\\\/#breadcrumb\"},\"inLanguage\":\"cs\",\"potentialAction\":[{\"@type\":\"ReadAction\",\"target\":[\"https:\\\/\\\/iwell-guard.com\\\/cs\\\/reshef-fenicky-buh-moru-valky\\\/\"]}]},{\"@type\":\"ImageObject\",\"inLanguage\":\"cs\",\"@id\":\"https:\\\/\\\/iwell-guard.com\\\/cs\\\/reshef-fenicky-buh-moru-valky\\\/#primaryimage\",\"url\":\"https:\\\/\\\/iwell-guard.com\\\/wp-content\\\/uploads\\\/2026\\\/05\\\/goetter_phoenizisch_reshef.webp\",\"contentUrl\":\"https:\\\/\\\/iwell-guard.com\\\/wp-content\\\/uploads\\\/2026\\\/05\\\/goetter_phoenizisch_reshef.webp\",\"width\":1024,\"height\":1536,\"caption\":\"Bohov\u00e9 z f\u00e9nick\u00e9 tradice.\"},{\"@type\":\"BreadcrumbList\",\"@id\":\"https:\\\/\\\/iwell-guard.com\\\/cs\\\/reshef-fenicky-buh-moru-valky\\\/#breadcrumb\",\"itemListElement\":[{\"@type\":\"ListItem\",\"position\":1,\"name\":\"Start\",\"item\":\"https:\\\/\\\/iwell-guard.com\\\/cs\\\/?page_id=145107\"},{\"@type\":\"ListItem\",\"position\":2,\"name\":\"Reshef \u2013 f\u00e9nick\u00fd b\u016fh moru a v\u00e1lky\"}]},{\"@type\":\"WebSite\",\"@id\":\"https:\\\/\\\/iwell-guard.com\\\/cs\\\/#website\",\"url\":\"https:\\\/\\\/iwell-guard.com\\\/cs\\\/\",\"name\":\"iWell Guard\",\"description\":\"Schutz vor dunklen Einfl\u00fcssen\",\"publisher\":{\"@id\":\"https:\\\/\\\/iwell-guard.com\\\/cs\\\/#organization\"},\"potentialAction\":[{\"@type\":\"SearchAction\",\"target\":{\"@type\":\"EntryPoint\",\"urlTemplate\":\"https:\\\/\\\/iwell-guard.com\\\/cs\\\/?s={search_term_string}\"},\"query-input\":{\"@type\":\"PropertyValueSpecification\",\"valueRequired\":true,\"valueName\":\"search_term_string\"}}],\"inLanguage\":\"cs\"},{\"@type\":\"Organization\",\"@id\":\"https:\\\/\\\/iwell-guard.com\\\/cs\\\/#organization\",\"name\":\"Ittermann electronic GmbH\",\"url\":\"https:\\\/\\\/iwell-guard.com\\\/cs\\\/\",\"logo\":{\"@type\":\"ImageObject\",\"inLanguage\":\"cs\",\"@id\":\"https:\\\/\\\/iwell-guard.com\\\/cs\\\/#\\\/schema\\\/logo\\\/image\\\/\",\"url\":\"https:\\\/\\\/iwell-guard.com\\\/wp-content\\\/uploads\\\/2026\\\/05\\\/Ittermann-Logo-1182x237-1.png\",\"contentUrl\":\"https:\\\/\\\/iwell-guard.com\\\/wp-content\\\/uploads\\\/2026\\\/05\\\/Ittermann-Logo-1182x237-1.png\",\"width\":1182,\"height\":237,\"caption\":\"Ittermann electronic GmbH\"},\"image\":{\"@id\":\"https:\\\/\\\/iwell-guard.com\\\/cs\\\/#\\\/schema\\\/logo\\\/image\\\/\"},\"sameAs\":[\"https:\\\/\\\/pantip.com\\\/profile\\\/9367242\",\"https:\\\/\\\/micro.blog\\\/iwellguard\",\"https:\\\/\\\/www.diggerslist.com\\\/iwellguard\\\/about\",\"https:\\\/\\\/skitterphoto.com\\\/photographers\\\/2870314\\\/iwell-guard\",\"https:\\\/\\\/iwellguard.wordpress.com\\\/2026\\\/06\\\/06\\\/iwell-guard\\\/\",\"https:\\\/\\\/hub.docker.com\\\/u\\\/iwellguard\",\"https:\\\/\\\/www.pinterest.com\\\/iwellguard\\\/\",\"https:\\\/\\\/bit.ly\\\/m\\\/iwellguard\",\"https:\\\/\\\/entre-vos-mains.alsace.eu\\\/profiles\\\/iwellguard\\\/activity\",\"https:\\\/\\\/gravatar.com\\\/reallybeded8fd34\",\"https:\\\/\\\/naijamatta.com\\\/iwellguard\",\"https:\\\/\\\/www.goodreads.com\\\/iwellguard\",\"https:\\\/\\\/profile.hatena.ne.jp\\\/iwellguard\\\/\",\"https:\\\/\\\/experiment.com\\\/users\\\/iwellguard\",\"https:\\\/\\\/wakelet.com\\\/@iWellGuard82270\",\"https:\\\/\\\/www.chordie.com\\\/forum\\\/profile.php?id=2555664\",\"https:\\\/\\\/www.instapaper.com\\\/p\\\/17757966\",\"https:\\\/\\\/www.mapleprimes.com\\\/users\\\/iwellguard\",\"https:\\\/\\\/businesslistingplus.com\\\/profile\\\/iwell-guard\\\/\",\"https:\\\/\\\/telegra.ph\\\/iWell-Guard-06-06\",\"https:\\\/\\\/pbase.com\\\/iwellguard\\\/iwellguard\",\"https:\\\/\\\/b.hatena.ne.jp\\\/iwellguard\\\/20260607#bookmark-4788405196491818882\",\"https:\\\/\\\/fliphtml5.com\\\/home\\\/iwellguard\",\"https:\\\/\\\/anyflip.com\\\/homepage\\\/cmiwl#About\",\"https:\\\/\\\/transfur.com\\\/Users\\\/iwellguard\",\"http:\\\/\\\/delphi.larsbo.org\\\/user\\\/iwellguard\",\"https:\\\/\\\/jobs.lajobsportal.org\\\/profiles\\\/8380803-iwell-guard\",\"https:\\\/\\\/md.chaosdorf.de\\\/s\\\/jfbe5SBdJD\",\"https:\\\/\\\/www.lingvolive.com\\\/en-us\\\/profile\\\/9ecaeaca-ce11-4e51-9e71-01d55e2bff36\\\/translations\",\"https:\\\/\\\/www.fitday.com\\\/fitness\\\/forums\\\/members\\\/iwellguard.html\",\"https:\\\/\\\/www.mymeetbook.com\\\/iwellguard\",\"https:\\\/\\\/pxhere.com\\\/en\\\/photographer-me\\\/5040798\",\"https:\\\/\\\/disqus.com\\\/by\\\/iwellguard\\\/about\\\/\",\"https:\\\/\\\/pastelink.net\\\/hjwciqwq\",\"https:\\\/\\\/pubhtml5.com\\\/homepage\\\/scjhn\\\/\",\"https:\\\/\\\/www.bitchute.com\\\/channel\\\/2O2eOKzNqujT\",\"https:\\\/\\\/audiomack.com\\\/iwellguard\"]},{\"@type\":\"Article\",\"@id\":\"https:\\\/\\\/iwell-guard.com\\\/cs\\\/reshef-fenicky-buh-moru-valky\\\/#article\",\"isPartOf\":{\"@id\":\"https:\\\/\\\/iwell-guard.com\\\/cs\\\/reshef-fenicky-buh-moru-valky\\\/\"},\"author\":{\"name\":\"Ralf Ittermann\",\"@id\":\"https:\\\/\\\/iwell-guard.com\\\/cs\\\/#\\\/schema\\\/person\\\/ee2a27f1cac3406c7c6fb5820cb7349f\"},\"headline\":\"Reshef \u2013 f\u00e9nick\u00fd b\u016fh moru a v\u00e1lky\",\"datePublished\":\"2026-09-03T16:31:02+00:00\",\"dateModified\":\"2026-09-03T16:57:50+00:00\",\"mainEntityOfPage\":{\"@id\":\"https:\\\/\\\/iwell-guard.com\\\/cs\\\/reshef-fenicky-buh-moru-valky\\\/\"},\"publisher\":{\"@id\":\"https:\\\/\\\/iwell-guard.com\\\/cs\\\/#organization\"},\"image\":{\"@id\":\"https:\\\/\\\/iwell-guard.com\\\/cs\\\/reshef-fenicky-buh-moru-valky\\\/#primaryimage\"},\"thumbnailUrl\":\"https:\\\/\\\/iwell-guard.com\\\/wp-content\\\/uploads\\\/2026\\\/05\\\/goetter_phoenizisch_reshef.webp\",\"inLanguage\":\"cs\",\"description\":\"Reshef je f\u00e9nicko-kana\u00e1nsk\u00fd b\u016fh moru a v\u00e1lky, b\u016fh luku a ochrann\u00fd b\u016fh. Religionistick\u00e9 za\u0159azen\u00ed s prameny.\"}]}<\/script>\n<!-- \/ Yoast SEO Premium plugin. -->","yoast_head_json":{"title":"Reshef \u2013 f\u00e9nick\u00fd b\u016fh moru, b\u016fh v\u00e1lky, kult","description":"Reshef je f\u00e9nicko-kana\u00e1nsk\u00fd b\u016fh moru a v\u00e1lky, b\u016fh luku a ochrann\u00fd b\u016fh. Religionistick\u00e9 za\u0159azen\u00ed s prameny.","robots":{"index":"index","follow":"follow","max-snippet":"max-snippet:-1","max-image-preview":"max-image-preview:large","max-video-preview":"max-video-preview:-1"},"canonical":"https:\/\/iwell-guard.com\/cs\/reshef-fenicky-buh-moru-valky\/","og_locale":"cs_CZ","og_type":"article","og_title":"Reshef \u2013 f\u00e9nick\u00fd b\u016fh moru a v\u00e1lky","og_description":"Reshef je f\u00e9nicko-kana\u00e1nsk\u00fd b\u016fh moru a v\u00e1lky, b\u016fh luku a ochrann\u00fd b\u016fh. Religionistick\u00e9 za\u0159azen\u00ed s prameny.","og_url":"https:\/\/iwell-guard.com\/cs\/reshef-fenicky-buh-moru-valky\/","og_site_name":"iWell Guard","article_modified_time":"2026-09-03T16:57:50+00:00","og_image":[{"width":1024,"height":1536,"url":"https:\/\/iwell-guard.com\/wp-content\/uploads\/2026\/05\/goetter_phoenizisch_reshef.webp","type":"image\/webp"}],"twitter_card":"summary_large_image","schema":{"@context":"https:\/\/schema.org","@graph":[{"@type":"Article","@id":"https:\/\/iwell-guard.com\/cs\/reshef-fenicky-buh-moru-valky\/#article","isPartOf":{"@id":"https:\/\/iwell-guard.com\/cs\/reshef-fenicky-buh-moru-valky\/"},"author":{"name":"Ralf Ittermann","@id":"https:\/\/iwell-guard.com\/cs\/#\/schema\/person\/ee2a27f1cac3406c7c6fb5820cb7349f"},"headline":"Reshef \u2013 f\u00e9nick\u00fd b\u016fh moru a v\u00e1lky","datePublished":"2026-09-03T16:31:02+00:00","dateModified":"2026-09-03T16:57:50+00:00","mainEntityOfPage":{"@id":"https:\/\/iwell-guard.com\/cs\/reshef-fenicky-buh-moru-valky\/"},"publisher":{"@id":"https:\/\/iwell-guard.com\/cs\/#organization"},"image":{"@id":"https:\/\/iwell-guard.com\/cs\/reshef-fenicky-buh-moru-valky\/#primaryimage"},"thumbnailUrl":"https:\/\/iwell-guard.com\/wp-content\/uploads\/2026\/05\/goetter_phoenizisch_reshef.webp","inLanguage":"cs","description":"Reshef je f\u00e9nicko-kana\u00e1nsk\u00fd b\u016fh moru a v\u00e1lky, b\u016fh luku a ochrann\u00fd b\u016fh. Religionistick\u00e9 za\u0159azen\u00ed s prameny."},{"@type":"WebPage","@id":"https:\/\/iwell-guard.com\/cs\/reshef-fenicky-buh-moru-valky\/","url":"https:\/\/iwell-guard.com\/cs\/reshef-fenicky-buh-moru-valky\/","name":"Reshef \u2013 f\u00e9nick\u00fd b\u016fh moru, b\u016fh v\u00e1lky, kult","isPartOf":{"@id":"https:\/\/iwell-guard.com\/cs\/#website"},"primaryImageOfPage":{"@id":"https:\/\/iwell-guard.com\/cs\/reshef-fenicky-buh-moru-valky\/#primaryimage"},"image":{"@id":"https:\/\/iwell-guard.com\/cs\/reshef-fenicky-buh-moru-valky\/#primaryimage"},"thumbnailUrl":"https:\/\/iwell-guard.com\/wp-content\/uploads\/2026\/05\/goetter_phoenizisch_reshef.webp","datePublished":"2026-09-03T16:31:02+00:00","dateModified":"2026-09-03T16:57:50+00:00","description":"Reshef je f\u00e9nicko-kana\u00e1nsk\u00fd b\u016fh moru a v\u00e1lky, b\u016fh luku a ochrann\u00fd b\u016fh. Religionistick\u00e9 za\u0159azen\u00ed s prameny.","breadcrumb":{"@id":"https:\/\/iwell-guard.com\/cs\/reshef-fenicky-buh-moru-valky\/#breadcrumb"},"inLanguage":"cs","potentialAction":[{"@type":"ReadAction","target":["https:\/\/iwell-guard.com\/cs\/reshef-fenicky-buh-moru-valky\/"]}]},{"@type":"ImageObject","inLanguage":"cs","@id":"https:\/\/iwell-guard.com\/cs\/reshef-fenicky-buh-moru-valky\/#primaryimage","url":"https:\/\/iwell-guard.com\/wp-content\/uploads\/2026\/05\/goetter_phoenizisch_reshef.webp","contentUrl":"https:\/\/iwell-guard.com\/wp-content\/uploads\/2026\/05\/goetter_phoenizisch_reshef.webp","width":1024,"height":1536,"caption":"Bohov\u00e9 z f\u00e9nick\u00e9 tradice."},{"@type":"BreadcrumbList","@id":"https:\/\/iwell-guard.com\/cs\/reshef-fenicky-buh-moru-valky\/#breadcrumb","itemListElement":[{"@type":"ListItem","position":1,"name":"Start","item":"https:\/\/iwell-guard.com\/cs\/?page_id=145107"},{"@type":"ListItem","position":2,"name":"Reshef \u2013 f\u00e9nick\u00fd b\u016fh moru a v\u00e1lky"}]},{"@type":"WebSite","@id":"https:\/\/iwell-guard.com\/cs\/#website","url":"https:\/\/iwell-guard.com\/cs\/","name":"iWell Guard","description":"Schutz vor dunklen Einfl\u00fcssen","publisher":{"@id":"https:\/\/iwell-guard.com\/cs\/#organization"},"potentialAction":[{"@type":"SearchAction","target":{"@type":"EntryPoint","urlTemplate":"https:\/\/iwell-guard.com\/cs\/?s={search_term_string}"},"query-input":{"@type":"PropertyValueSpecification","valueRequired":true,"valueName":"search_term_string"}}],"inLanguage":"cs"},{"@type":"Organization","@id":"https:\/\/iwell-guard.com\/cs\/#organization","name":"Ittermann electronic GmbH","url":"https:\/\/iwell-guard.com\/cs\/","logo":{"@type":"ImageObject","inLanguage":"cs","@id":"https:\/\/iwell-guard.com\/cs\/#\/schema\/logo\/image\/","url":"https:\/\/iwell-guard.com\/wp-content\/uploads\/2026\/05\/Ittermann-Logo-1182x237-1.png","contentUrl":"https:\/\/iwell-guard.com\/wp-content\/uploads\/2026\/05\/Ittermann-Logo-1182x237-1.png","width":1182,"height":237,"caption":"Ittermann electronic GmbH"},"image":{"@id":"https:\/\/iwell-guard.com\/cs\/#\/schema\/logo\/image\/"},"sameAs":["https:\/\/pantip.com\/profile\/9367242","https:\/\/micro.blog\/iwellguard","https:\/\/www.diggerslist.com\/iwellguard\/about","https:\/\/skitterphoto.com\/photographers\/2870314\/iwell-guard","https:\/\/iwellguard.wordpress.com\/2026\/06\/06\/iwell-guard\/","https:\/\/hub.docker.com\/u\/iwellguard","https:\/\/www.pinterest.com\/iwellguard\/","https:\/\/bit.ly\/m\/iwellguard","https:\/\/entre-vos-mains.alsace.eu\/profiles\/iwellguard\/activity","https:\/\/gravatar.com\/reallybeded8fd34","https:\/\/naijamatta.com\/iwellguard","https:\/\/www.goodreads.com\/iwellguard","https:\/\/profile.hatena.ne.jp\/iwellguard\/","https:\/\/experiment.com\/users\/iwellguard","https:\/\/wakelet.com\/@iWellGuard82270","https:\/\/www.chordie.com\/forum\/profile.php?id=2555664","https:\/\/www.instapaper.com\/p\/17757966","https:\/\/www.mapleprimes.com\/users\/iwellguard","https:\/\/businesslistingplus.com\/profile\/iwell-guard\/","https:\/\/telegra.ph\/iWell-Guard-06-06","https:\/\/pbase.com\/iwellguard\/iwellguard","https:\/\/b.hatena.ne.jp\/iwellguard\/20260607#bookmark-4788405196491818882","https:\/\/fliphtml5.com\/home\/iwellguard","https:\/\/anyflip.com\/homepage\/cmiwl#About","https:\/\/transfur.com\/Users\/iwellguard","http:\/\/delphi.larsbo.org\/user\/iwellguard","https:\/\/jobs.lajobsportal.org\/profiles\/8380803-iwell-guard","https:\/\/md.chaosdorf.de\/s\/jfbe5SBdJD","https:\/\/www.lingvolive.com\/en-us\/profile\/9ecaeaca-ce11-4e51-9e71-01d55e2bff36\/translations","https:\/\/www.fitday.com\/fitness\/forums\/members\/iwellguard.html","https:\/\/www.mymeetbook.com\/iwellguard","https:\/\/pxhere.com\/en\/photographer-me\/5040798","https:\/\/disqus.com\/by\/iwellguard\/about\/","https:\/\/pastelink.net\/hjwciqwq","https:\/\/pubhtml5.com\/homepage\/scjhn\/","https:\/\/www.bitchute.com\/channel\/2O2eOKzNqujT","https:\/\/audiomack.com\/iwellguard"]},{"@type":"Person","@id":"https:\/\/iwell-guard.com\/cs\/#\/schema\/person\/ee2a27f1cac3406c7c6fb5820cb7349f","name":"Ralf Ittermann","image":{"@type":"ImageObject","inLanguage":"cs","@id":"https:\/\/secure.gravatar.com\/avatar\/073c0153e350a5005b68eb752b445fea71f6b24a26da9449ad7e155e6b446c9d?s=96&d=mm&r=g","url":"https:\/\/secure.gravatar.com\/avatar\/073c0153e350a5005b68eb752b445fea71f6b24a26da9449ad7e155e6b446c9d?s=96&d=mm&r=g","contentUrl":"https:\/\/secure.gravatar.com\/avatar\/073c0153e350a5005b68eb752b445fea71f6b24a26da9449ad7e155e6b446c9d?s=96&d=mm&r=g","caption":"Ralf Ittermann"},"givenName":"Ralf","familyName":"Ittermann","jobTitle":"Gesch\u00e4ftsf\u00fchrer und redaktioneller Verantwortlicher","url":"https:\/\/iwell-guard.com\/cs\/author\/claude\/","description":"Ralf Ittermann ist Gesch\u00e4ftsf\u00fchrer der Ittermann electronic GmbH und redaktioneller Verantwortlicher des iWell-Guard-Lexikons. Er verbindet langj\u00e4hrige Erfahrung in der Pr\u00e4zisionsfertigung mit medialer Praxis und religionsgeschichtlicher Quellenarbeit.","worksFor":{"@type":"Organization","name":"Ittermann electronic GmbH","url":"https:\/\/ittermann.de\/","address":{"@type":"PostalAddress","streetAddress":"K\u00f6hlergasse 16-18","postalCode":"99842","addressLocality":"Ruhla","addressCountry":"DE"}},"knowsAbout":["Religionsgeschichte","Mythologie","Mediale Praxis","Energetische Diagnostik","Schutzpraxis","Volksglauben","Westliche Esoterik"]},{"@type":"Article","@id":"https:\/\/iwell-guard.com\/cs\/reshef-fenicky-buh-moru-valky\/#article","isPartOf":{"@id":"https:\/\/iwell-guard.com\/cs\/reshef-fenicky-buh-moru-valky\/"},"author":{"name":"Ralf Ittermann","@id":"https:\/\/iwell-guard.com\/cs\/#\/schema\/person\/ee2a27f1cac3406c7c6fb5820cb7349f"},"headline":"Reshef \u2013 f\u00e9nick\u00fd b\u016fh moru a v\u00e1lky","datePublished":"2026-09-03T16:31:02+00:00","dateModified":"2026-09-03T16:57:50+00:00","mainEntityOfPage":{"@id":"https:\/\/iwell-guard.com\/cs\/reshef-fenicky-buh-moru-valky\/"},"publisher":{"@id":"https:\/\/iwell-guard.com\/cs\/#organization"},"image":{"@id":"https:\/\/iwell-guard.com\/cs\/reshef-fenicky-buh-moru-valky\/#primaryimage"},"thumbnailUrl":"https:\/\/iwell-guard.com\/wp-content\/uploads\/2026\/05\/goetter_phoenizisch_reshef.webp","inLanguage":"cs","description":"Reshef je f\u00e9nicko-kana\u00e1nsk\u00fd b\u016fh moru a v\u00e1lky, b\u016fh luku a ochrann\u00fd b\u016fh. Religionistick\u00e9 za\u0159azen\u00ed s prameny."}]}},"_links":{"self":[{"href":"https:\/\/iwell-guard.com\/cs\/wp-json\/wp\/v2\/pages\/145505","targetHints":{"allow":["GET"]}}],"collection":[{"href":"https:\/\/iwell-guard.com\/cs\/wp-json\/wp\/v2\/pages"}],"about":[{"href":"https:\/\/iwell-guard.com\/cs\/wp-json\/wp\/v2\/types\/page"}],"author":[{"embeddable":true,"href":"https:\/\/iwell-guard.com\/cs\/wp-json\/wp\/v2\/users\/3"}],"replies":[{"embeddable":true,"href":"https:\/\/iwell-guard.com\/cs\/wp-json\/wp\/v2\/comments?post=145505"}],"version-history":[{"count":0,"href":"https:\/\/iwell-guard.com\/cs\/wp-json\/wp\/v2\/pages\/145505\/revisions"}],"wp:featuredmedia":[{"embeddable":true,"href":"https:\/\/iwell-guard.com\/cs\/wp-json\/wp\/v2\/media\/2852"}],"wp:attachment":[{"href":"https:\/\/iwell-guard.com\/cs\/wp-json\/wp\/v2\/media?parent=145505"}],"wp:term":[{"taxonomy":"category","embeddable":true,"href":"https:\/\/iwell-guard.com\/cs\/wp-json\/wp\/v2\/categories?post=145505"}],"curies":[{"name":"wp","href":"https:\/\/api.w.org\/{rel}","templated":true}]}}