{"id":145502,"date":"2026-09-03T16:31:00","date_gmt":"2026-09-03T16:31:00","guid":{"rendered":"https:\/\/iwell-guard.com\/?page_id=145502"},"modified":"2026-09-03T16:57:46","modified_gmt":"2026-09-03T16:57:46","slug":"yam-fenicky-buh-more","status":"publish","type":"page","link":"https:\/\/iwell-guard.com\/cs\/yam-fenicky-buh-more\/","title":{"rendered":"Yam \u2013 f\u00e9nick\u00fd b\u016fh mo\u0159e"},"content":{"rendered":"\t\t<div data-elementor-type=\"wp-page\" data-elementor-id=\"145502\" class=\"elementor elementor-145502 elementor-2630 elementor-bc-flex-widget\" data-elementor-post-type=\"page\">\n\t\t\t\t<div class=\"elementor-element elementor-element-iwgw-yam-hero e-flex e-con-boxed e-con e-parent\" data-id=\"iwgw-yam-hero\" data-element_type=\"container\" data-e-type=\"container\" data-settings=\"{&quot;background_background&quot;:&quot;classic&quot;}\">\n\t\t\t\t\t<div class=\"e-con-inner\">\n\t\t<div class=\"elementor-element elementor-element-iwgw-yam-hl e-flex e-con-boxed e-con e-child\" data-id=\"iwgw-yam-hl\" data-element_type=\"container\" data-e-type=\"container\">\n\t\t\t\t\t<div class=\"e-con-inner\">\n\t\t<div class=\"elementor-element elementor-element-iwgw-yam-htxt e-con-full e-flex e-con e-child\" data-id=\"iwgw-yam-htxt\" data-element_type=\"container\" data-e-type=\"container\">\n\t\t\t\t<div class=\"elementor-element elementor-element-iwgw-yam-h1 elementor-widget elementor-widget-heading\" data-id=\"iwgw-yam-h1\" data-element_type=\"widget\" data-e-type=\"widget\" data-widget_type=\"heading.default\">\n\t\t\t\t\t<h1 class=\"elementor-heading-title elementor-size-default\">Yam, f\u00e9nicko-ugaritsk\u00fd b\u016fh mo\u0159e a protivn\u00edk Baala<\/h1>\t\t\t\t<\/div>\n\t\t\t\t<div class=\"elementor-element elementor-element-iwgw-yam-lead elementor-widget elementor-widget-text-editor\" data-id=\"iwgw-yam-lead\" data-element_type=\"widget\" data-e-type=\"widget\" data-widget_type=\"text-editor.default\">\n\t\t\t\t\t\t\t\t\t<p>Yam (ugaritsky <em>ym<\/em>, f\u00e9nicky <em>ym<\/em>) je b\u016fh mo\u0159e ugaritsko-f\u00e9nick\u00e9 tradice a hlavn\u00ed protivn\u00edk <a href=\"https:\/\/iwell-guard.com\/cs\/?page_id=145496\">Baala<\/a> v Baalov\u011b cyklu. Jeho p\u00e1d znamen\u00e1 nastolen\u00ed bo\u017esk\u00e9ho \u0159\u00e1du; pat\u0159\u00ed do rodiny chaotick\u00fdch bytost\u00ed starov\u011bk\u00e9 orient\u00e1ln\u00ed <span class=\"iwg-fachbegriff\" data-tooltip=\"Souhrn tradovan\u00fdch vypr\u00e1v\u011bn\u00ed o boz\u00edch ur\u010dit\u00e9 kultury.\" tabindex=\"0\">mytologie<\/span>.<\/p>\t\t\t\t\t\t\t\t<\/div>\n\t\t\t\t<\/div>\n\t\t<div class=\"elementor-element elementor-element-iwgw-yam-pillc e-con-full e-flex e-con e-child\" data-id=\"iwgw-yam-pillc\" data-element_type=\"container\" data-e-type=\"container\">\n\t\t\t\t<div class=\"elementor-element elementor-element-iwgw-yam-pills elementor-widget elementor-widget-html\" data-id=\"iwgw-yam-pills\" data-element_type=\"widget\" data-e-type=\"widget\" data-widget_type=\"html.default\">\n\t\t\t\t\t<div class=\"iwg-pill-row\"><span class=\"iwg-klasse-badge\" tabindex=\"0\" data-tooltip=\"Mo\u0159sk\u00e1 bytost tradice f\u00e9nick\u00e9.\">Mo\u0159sk\u00e1 bytost<\/span><a href=\"https:\/\/iwell-guard.com\/cs\/fenicane-a-kartago-baal-tanit\/\" class=\"iwg-kultur-badge\" tabindex=\"0\" data-tooltip=\"Mytologie tradice f\u00e9nick\u00e9.\">F\u00e9nick\u00e1<\/a><span class=\"iwg-tradition-badge\" tabindex=\"0\" data-tooltip=\"B\u016fh mo\u0159e.\">B\u016fh mo\u0159e<\/span><\/div>\t\t\t\t<\/div>\n\t\t\t\t<\/div>\n\t\t<div class=\"elementor-element elementor-element-iwgw-yam-tocc e-con-full e-flex e-con e-child\" data-id=\"iwgw-yam-tocc\" data-element_type=\"container\" data-e-type=\"container\">\n\t\t\t\t<div class=\"elementor-element elementor-element-iwgw-yam-toc elementor-toc--minimized-on-tablet elementor-widget elementor-widget-table-of-contents\" data-id=\"iwgw-yam-toc\" data-element_type=\"widget\" data-e-type=\"widget\" data-settings=\"{&quot;headings_by_tags&quot;:[&quot;h2&quot;,&quot;h3&quot;],&quot;minimize_box&quot;:&quot;yes&quot;,&quot;marker_view&quot;:&quot;bullets&quot;,&quot;no_headings_message&quot;:&quot;Na t\\u00e9to str\\u00e1nce nebyly nalezeny \\u017e\\u00e1dn\\u00e9 nadpisy.&quot;,&quot;exclude_headings_by_selector&quot;:[],&quot;icon&quot;:{&quot;value&quot;:&quot;fas fa-circle&quot;,&quot;library&quot;:&quot;fa-solid&quot;,&quot;rendered_tag&quot;:&quot;&lt;svg class=\\&quot;e-font-icon-svg e-fas-circle\\&quot; viewBox=\\&quot;0 0 512 512\\&quot; xmlns=\\&quot;http:\\\/\\\/www.w3.org\\\/2000\\\/svg\\&quot;&gt;&lt;path d=\\&quot;M256 8C119 8 8 119 8 256s111 248 248 248 248-111 248-248S393 8 256 8z\\&quot;&gt;&lt;\\\/path&gt;&lt;\\\/svg&gt;&quot;},&quot;minimized_on&quot;:&quot;tablet&quot;,&quot;hierarchical_view&quot;:&quot;yes&quot;,&quot;min_height&quot;:{&quot;unit&quot;:&quot;px&quot;,&quot;size&quot;:&quot;&quot;,&quot;sizes&quot;:[]},&quot;min_height_tablet&quot;:{&quot;unit&quot;:&quot;px&quot;,&quot;size&quot;:&quot;&quot;,&quot;sizes&quot;:[]},&quot;min_height_mobile&quot;:{&quot;unit&quot;:&quot;px&quot;,&quot;size&quot;:&quot;&quot;,&quot;sizes&quot;:[]}}\" data-widget_type=\"table-of-contents.default\">\n\t\t\t\t\t\t\t\t\t<div class=\"elementor-toc__header\">\n\t\t\t\t\t\t<h2 class=\"elementor-toc__header-title\">\n\t\t\t\tObsah\t\t\t<\/h2>\n\t\t\t\t\t\t\t\t\t\t<div class=\"elementor-toc__toggle-button elementor-toc__toggle-button--expand\" role=\"button\" tabindex=\"0\" aria-controls=\"elementor-toc__iwgw-yam-toc\" aria-expanded=\"true\" aria-label=\"Open table of contents\"><svg aria-hidden=\"true\" class=\"e-font-icon-svg e-fas-chevron-down\" viewBox=\"0 0 448 512\" xmlns=\"http:\/\/www.w3.org\/2000\/svg\"><path d=\"M207.029 381.476L12.686 187.132c-9.373-9.373-9.373-24.569 0-33.941l22.667-22.667c9.357-9.357 24.522-9.375 33.901-.04L224 284.505l154.745-154.021c9.379-9.335 24.544-9.317 33.901.04l22.667 22.667c9.373 9.373 9.373 24.569 0 33.941L240.971 381.476c-9.373 9.372-24.569 9.372-33.942 0z\"><\/path><\/svg><\/div>\n\t\t\t\t<div class=\"elementor-toc__toggle-button elementor-toc__toggle-button--collapse\" role=\"button\" tabindex=\"0\" aria-controls=\"elementor-toc__iwgw-yam-toc\" aria-expanded=\"true\" aria-label=\"Close table of contents\"><svg aria-hidden=\"true\" class=\"e-font-icon-svg e-fas-chevron-up\" viewBox=\"0 0 448 512\" xmlns=\"http:\/\/www.w3.org\/2000\/svg\"><path d=\"M240.971 130.524l194.343 194.343c9.373 9.373 9.373 24.569 0 33.941l-22.667 22.667c-9.357 9.357-24.522 9.375-33.901.04L224 227.495 69.255 381.516c-9.379 9.335-24.544 9.317-33.901-.04l-22.667-22.667c-9.373-9.373-9.373-24.569 0-33.941L207.03 130.525c9.372-9.373 24.568-9.373 33.941-.001z\"><\/path><\/svg><\/div>\n\t\t\t\t\t<\/div>\n\t\t\t\t<div id=\"elementor-toc__iwgw-yam-toc\" class=\"elementor-toc__body\">\n\t\t\t<div class=\"elementor-toc__spinner-container\">\n\t\t\t\t<svg class=\"elementor-toc__spinner eicon-animation-spin e-font-icon-svg e-eicon-loading\" aria-hidden=\"true\" viewBox=\"0 0 1000 1000\" xmlns=\"http:\/\/www.w3.org\/2000\/svg\"><path d=\"M500 975V858C696 858 858 696 858 500S696 142 500 142 142 304 142 500H25C25 237 238 25 500 25S975 237 975 500 763 975 500 975Z\"><\/path><\/svg>\t\t\t<\/div>\n\t\t<\/div>\n\t\t\t\t\t\t<\/div>\n\t\t\t\t<\/div>\n\t\t\t\t\t<\/div>\n\t\t\t\t<\/div>\n\t\t<div class=\"elementor-element elementor-element-iwgw-yam-hr e-con-full e-flex e-con e-child\" data-id=\"iwgw-yam-hr\" data-element_type=\"container\" data-e-type=\"container\">\n\t\t\t\t<div class=\"elementor-element elementor-element-iwgw-yam-heroimg iwg-hero-image elementor-widget elementor-widget-image\" data-id=\"iwgw-yam-heroimg\" data-element_type=\"widget\" data-e-type=\"widget\" data-widget_type=\"image.default\">\n\t\t\t\t\t\t\t\t\t\t\t\t\t\t\t<img fetchpriority=\"high\" decoding=\"async\" width=\"683\" height=\"1024\" src=\"https:\/\/iwell-guard.com\/wp-content\/uploads\/2026\/05\/goetter_phoenizisch_yam-683x1024.webp\" class=\"attachment-large size-large wp-image-147329\" alt=\"Jam - bohov\u00e9 z f\u00e9nick\u00e9 tradice, historicko-ilustrativn\u00ed\" srcset=\"https:\/\/iwell-guard.com\/wp-content\/uploads\/2026\/05\/goetter_phoenizisch_yam-683x1024.webp 683w, https:\/\/iwell-guard.com\/wp-content\/uploads\/2026\/05\/goetter_phoenizisch_yam-200x300.webp 200w, https:\/\/iwell-guard.com\/wp-content\/uploads\/2026\/05\/goetter_phoenizisch_yam-768x1152.webp 768w, https:\/\/iwell-guard.com\/wp-content\/uploads\/2026\/05\/goetter_phoenizisch_yam.webp 1024w\" sizes=\"(max-width: 683px) 100vw, 683px\" \/>\t\t\t\t\t\t\t\t\t\t\t\t\t\t\t<\/div>\n\t\t\t\t<\/div>\n\t\t\t\t\t<\/div>\n\t\t\t\t<\/div>\n\t\t\t\t<section class=\"elementor-section elementor-top-section elementor-element elementor-element-sec-iwgcomp2-yam elementor-section-boxed elementor-section-height-default elementor-section-height-default\" data-id=\"sec-iwgcomp2-yam\" data-element_type=\"section\" data-e-type=\"section\">\n\t\t\t\t\t\t<div class=\"elementor-container elementor-column-gap-default\">\n\t\t\t\t\t<div class=\"elementor-column elementor-col-100 elementor-top-column elementor-element elementor-element-col-iwgcomp2-yam\" data-id=\"col-iwgcomp2-yam\" data-element_type=\"column\" data-e-type=\"column\">\n\t\t\t<div class=\"elementor-widget-wrap elementor-element-populated\">\n\t\t\t\t\t\t<div class=\"elementor-element elementor-element-iwgcomp2-yam elementor-widget elementor-widget-text-editor\" data-id=\"iwgcomp2-yam\" data-element_type=\"widget\" data-e-type=\"widget\" data-widget_type=\"text-editor.default\">\n\t\t\t\t\t\t\t\t\t<p>Yam je <strong>f\u00e9nicko-ugaritsk\u00fd<\/strong> b\u016fh mo\u0159e a protihr\u00e1\u010d Baala v Baalov\u011b cyklu.<\/p>\t\t\t\t\t\t\t\t<\/div>\n\t\t\t\t\t<\/div>\n\t\t<\/div>\n\t\t\t\t\t<\/div>\n\t\t<\/section>\n\t\t<div class=\"elementor-element elementor-element-iwgw-yam-s0 e-flex e-con-boxed e-con e-parent\" data-id=\"iwgw-yam-s0\" data-element_type=\"container\" data-e-type=\"container\">\n\t\t\t\t\t<div class=\"e-con-inner\">\n\t\t\t\t<div class=\"elementor-element elementor-element-iwgw-yam-s0h elementor-widget elementor-widget-heading\" data-id=\"iwgw-yam-s0h\" data-element_type=\"widget\" data-e-type=\"widget\" data-widget_type=\"heading.default\">\n\t\t\t\t\t<h2 class=\"elementor-heading-title elementor-size-default\">Za\u0159azen\u00ed a stru\u010dn\u00fd profil<\/h2>\t\t\t\t<\/div>\n\t\t<div class=\"elementor-element elementor-element-iwgw-yam-s0c e-con-full e-flex e-con e-child\" data-id=\"iwgw-yam-s0c\" data-element_type=\"container\" data-e-type=\"container\">\n\t\t\t\t<div class=\"elementor-element elementor-element-iwgw-yam-s0t elementor-widget elementor-widget-text-editor\" data-id=\"iwgw-yam-s0t\" data-element_type=\"widget\" data-e-type=\"widget\" data-widget_type=\"text-editor.default\">\n\t\t\t\t\t\t\t\t\t<p>Yam je f\u00e9nicko-kananejsk\u00e9 zpodobn\u011bn\u00ed chaotick\u00e9ho mo\u0159e. Mark Smith ve sv\u00e9 pr\u00e1ci <em>The Ugaritic Baal Cycle<\/em> (1994\/2009) uk\u00e1zal, \u017ee Yam je v Baalov\u011b cyklu centr\u00e1ln\u00ed protivn\u00edk, jeho\u017e p\u00e1d zakl\u00e1d\u00e1 vlada\u0159stv\u00ed <a href=\"https:\/\/iwell-guard.com\/cs\/?page_id=145496\">Baala<\/a>. V r\u00e1mci <a href=\"https:\/\/iwell-guard.com\/cs\/fenicane-a-kartago-baal-tanit\/\">f\u00e9nick\u00e9 tradice<\/a> je Yam prototypick\u00fdm chaotick\u00fdm bohem mo\u0159e.<\/p><p>Z hlediska d\u011bjin n\u00e1bo\u017eenstv\u00ed p\u0159edstavuje Yam typ bo\u017esk\u00e9 chaotick\u00e9 vody, kter\u00fd se objevuje t\u00e9m\u011b\u0159 ve v\u0161ech mytologi\u00edch Bl\u00edzk\u00e9ho v\u00fdchodu: Tiamat v Mezopot\u00e1mii, Apsu, konflikt Marduka a Tiamat, <a href=\"https:\/\/iwell-guard.com\/cs\/?page_id=145494\">Hedammu<\/a> v <a href=\"https:\/\/iwell-guard.com\/cs\/hetitsko-anatolske-tarhunna-bohove\/\">hurritsk\u00e9 tradici<\/a>, T\u00fdf\u00f3n v \u0158ecku. Tito bohov\u00e9 chaotick\u00e9 vody nejsou pouze zl\u00ed, n\u00fdbr\u017e ambivalentn\u00ed kosmick\u00e9 bytosti, jejich\u017e p\u0159emo\u017een\u00ed nastoluje bo\u017esk\u00fd \u0159\u00e1d.<\/p><p>Na rozd\u00edl od <a href=\"https:\/\/iwell-guard.com\/cs\/?page_id=145494\">Hedammua<\/a> nebo <a href=\"https:\/\/iwell-guard.com\/cs\/?page_id=145493\">Ullikummiho<\/a> je Yam plnohodnotn\u00fdm bohem; m\u00e1 vlastn\u00ed pal\u00e1c, posly a n\u00e1rokuje si vlada\u0159stv\u00ed. Jeho por\u00e1\u017eka Baalem nen\u00ed zni\u010den\u00edm monstra, n\u00fdbr\u017e rozhodnut\u00edm v bo\u017esk\u00e9m boji o kr\u00e1lovsk\u00fd tr\u016fn. Tento teologick\u00fd rozd\u00edl je z hlediska d\u011bjin n\u00e1bo\u017eenstv\u00ed d\u016fle\u017eit\u00fd a odli\u0161uje ugaritsko-f\u00e9nickou tradici od hurritsk\u00e9.<\/p><p>Zvl\u00e1\u0161tn\u00ed teologick\u00fd akcent konfliktu Baala a Yama spo\u010d\u00edv\u00e1 v tom, \u017ee Yam byl nejprve legitimn\u011b jmenov\u00e1n kr\u00e1lem star\u00fdm otcovsk\u00fdm bohem \u00c9lem. Baal\u016fv vzestup se tak odehr\u00e1v\u00e1 proti zaveden\u00e9 bo\u017esk\u00e9 hierarchii, nikoli v souladu s n\u00ed. Tento detail podtrhuje revolu\u010dn\u00ed <span class=\"iwg-fachbegriff\" data-tooltip=\"V\u011bdeck\u00e1 nauka o Bohu a v\u00ed\u0159e ur\u010dit\u00e9ho n\u00e1bo\u017eenstv\u00ed.\" tabindex=\"0\">teologii<\/span> Baalova cyklu, kter\u00fd zakl\u00e1d\u00e1 nov\u00fd bo\u017esk\u00fd \u0159\u00e1d.<\/p><p>Tato teologick\u00e1 konfigurace s vl\u00e1dnouc\u00edm kr\u00e1lem (Yamem) a revolu\u010dn\u00edm bohem bou\u0159e (Baalem) m\u00e1 bl\u00edzk\u00e9 paralely v hetitsk\u00e9m cyklu o Kumarbim, kde se <a href=\"https:\/\/iwell-guard.com\/cs\/?page_id=145490\">Te\u0161\u0161ub<\/a> vzbou\u0159\u00ed proti zaveden\u00e9mu otcovsk\u00e9mu bohu <a href=\"https:\/\/iwell-guard.com\/cs\/?page_id=145489\">Kumarbimu<\/a>. N\u00e1bo\u017eenskohistorick\u00e9 prov\u00e1z\u00e1n\u00ed v\u00fdchodn\u00edho St\u0159edomo\u0159\u00ed v pozdn\u00ed dob\u011b bronzov\u00e9 je zde obzvl\u00e1\u0161t\u011b hlubok\u00e9.<\/p>\t\t\t\t\t\t\t\t<\/div>\n\t\t\t\t<\/div>\n\t\t\t\t\t<\/div>\n\t\t\t\t<\/div>\n\t\t<div class=\"elementor-element elementor-element-iwgw-yam-s1 e-flex e-con-boxed e-con e-parent\" data-id=\"iwgw-yam-s1\" data-element_type=\"container\" data-e-type=\"container\">\n\t\t\t\t\t<div class=\"e-con-inner\">\n\t\t\t\t<div class=\"elementor-element elementor-element-iwgw-yam-s1h elementor-widget elementor-widget-heading\" data-id=\"iwgw-yam-s1h\" data-element_type=\"widget\" data-e-type=\"widget\" data-widget_type=\"heading.default\">\n\t\t\t\t\t<h2 class=\"elementor-heading-title elementor-size-default\">Jm\u00e9no a etymologie<\/h2>\t\t\t\t<\/div>\n\t\t<div class=\"elementor-element elementor-element-iwgw-yam-s1c e-con-full e-flex e-con e-child\" data-id=\"iwgw-yam-s1c\" data-element_type=\"container\" data-e-type=\"container\">\n\t\t\t\t<div class=\"elementor-element elementor-element-iwgw-yam-s1t elementor-widget elementor-widget-text-editor\" data-id=\"iwgw-yam-s1t\" data-element_type=\"widget\" data-e-type=\"widget\" data-widget_type=\"text-editor.default\">\n\t\t\t\t\t\t\t\t\t<p>Jm\u00e9no <em>ym<\/em> je obecn\u00e9 z\u00e1padosemitsk\u00e9 slovo pro \u201emo\u0159e\u201c; Yam je tedy doslova \u201emo\u0159e\u201c samo. Tato toto\u017enost jm\u00e9na boha a kosmick\u00e9 kategorie je typick\u00e1 pro starov\u011bkou orient\u00e1ln\u00ed teogonii. V akkad\u0161tin\u011b by odpov\u00eddal v\u00fdraz <em>t\u00e2mtu<\/em> (Tiamat); v hebrej\u0161tin\u011b <em>y\u0101m<\/em> (se stejnou etymologi\u00ed, av\u0161ak bez bo\u017esk\u00e9 personifikace).<\/p><p>V ugaritsk\u00fdch textech se Yam objevuje pod n\u011bkolika p\u0159\u00edvlastky: <em>zbl ym<\/em> \u201ekn\u00ed\u017ee Yam\u201c, <em>tp\u1e6d nhr<\/em> \u201esoudce \u0158eka\u201c, <em>\u02beyl rbn<\/em> \u201emocn\u00fd b\u016fh\u201c a <em>tnn<\/em> \u201etannin\u201c (mo\u0159sk\u00fd drak). Toto v\u00edcen\u00e1sobn\u00e9 pojmenov\u00e1n\u00ed odr\u00e1\u017e\u00ed kosmickou v\u00edcefunk\u010dnost: Yam je z\u00e1rove\u0148 mo\u0159e, \u0159eka, drak i uchaze\u010d o kr\u00e1lovsk\u00fd tr\u016fn.<\/p><p>V hebrejsk\u00e9m materi\u00e1lu se Yam objevuje jako kosmick\u00fd protivn\u00edk Jahveho v n\u011bkolika \u017ealmech a prorock\u00fdch textech (\u017d 74; \u017d 89; Iz 27; Abk 3); k roz\u0161\u00ed\u0159en\u00e9 rodin\u011b Yama pat\u0159\u00ed tak\u00e9 Leviatan a Tannin.<\/p><p>John Day ve sv\u00e9 pr\u00e1ci <em>God&#8217;s Conflict with the Dragon and the Sea<\/em> (1985) podrobn\u011b zkoumal hebrejsk\u00e9 doklady; Mark Smith provedl historick\u00e9 za\u0159azen\u00ed ve sv\u00e9 pr\u00e1ci <em>The Origins of Biblical Monotheism<\/em> (2001).<\/p><p>V aramejsk\u00fdch a f\u00e9nick\u00fdch n\u00e1pisech z 1. tis\u00edcilet\u00ed p\u0159. Kr. personifikovan\u00e1 postava Yama miz\u00ed; mo\u0159e je st\u00e1le v\u00edce odkazov\u00e1no pouze jako kosmick\u00e1 sf\u00e9ra, nikoli jako jednaj\u00edc\u00ed b\u016fh. Toto \u201eodbo\u017e\u0161t\u011bn\u00ed\u201c mo\u0159e je z hlediska d\u011bjin n\u00e1bo\u017eenstv\u00ed velmi zaj\u00edmav\u00e9 a prob\u00edh\u00e1 soub\u011b\u017en\u011b s konsolidac\u00ed kultu Baala jako hlavn\u00edho kultu.<\/p>\t\t\t\t\t\t\t\t<\/div>\n\t\t\t\t<\/div>\n\t\t\t\t\t<\/div>\n\t\t\t\t<\/div>\n\t\t<div class=\"elementor-element elementor-element-iwgw-yam-s2 e-flex e-con-boxed e-con e-parent\" data-id=\"iwgw-yam-s2\" data-element_type=\"container\" data-e-type=\"container\">\n\t\t\t\t\t<div class=\"e-con-inner\">\n\t\t\t\t<div class=\"elementor-element elementor-element-iwgw-yam-s2h elementor-widget elementor-widget-heading\" data-id=\"iwgw-yam-s2h\" data-element_type=\"widget\" data-e-type=\"widget\" data-widget_type=\"heading.default\">\n\t\t\t\t\t<h2 class=\"elementor-heading-title elementor-size-default\">Popis a ikonografie<\/h2>\t\t\t\t<\/div>\n\t\t<div class=\"elementor-element elementor-element-iwgw-yam-s2c e-con-full e-flex e-con e-child\" data-id=\"iwgw-yam-s2c\" data-element_type=\"container\" data-e-type=\"container\">\n\t\t\t\t<div class=\"elementor-element elementor-element-iwgw-yam-s2t elementor-widget elementor-widget-text-editor\" data-id=\"iwgw-yam-s2t\" data-element_type=\"widget\" data-e-type=\"widget\" data-widget_type=\"text-editor.default\">\n\t\t\t\t\t\t\t\t\t<p>Yam se v ikonografii objevuje v personifikovan\u00e9 podob\u011b jen z\u0159\u00eddka; nej\u010dast\u011bji je zobrazov\u00e1n jako mo\u0159e samo nebo jako obrovsk\u00fd mo\u0159sk\u00fd had (tannin). Na n\u011bkter\u00fdch ugaritsk\u00fdch pe\u010det\u00edch ze 14.\/13. stolet\u00ed p\u0159. Kr. je boj Baala s Yamem zachycen symbolicky: Baal se zdvi\u017eenou palic\u00ed nad had\u00ed postavou.<\/p><p>Ve f\u00e9nick\u00fdch kontextech je ikonografie Yama je\u0161t\u011b vz\u00e1cn\u011bj\u0161\u00ed; mo\u0159e je \u010dast\u011bji symbolizov\u00e1no jako kosmick\u00e9 prost\u0159ed\u00ed f\u00e9nick\u00e9 mo\u0159eplavby, s motivy p\u0159\u00edd\u00ed lod\u00ed, ryb\u00edmi motivy a vlnov\u00fdm ornamentem, ani\u017e by \u0161lo o p\u0159\u00edmou personifikaci Yama.<\/p><p>D\u016fle\u017eit\u00e1 ikonografick\u00e1 tradice se rozv\u00edj\u00ed v hel\u00e9nisticko-\u0159\u00edmsk\u00e9 oblasti: Yam-Poseid\u00f3n s trojzubcem a ko\u0148sk\u00fdm sp\u0159e\u017een\u00edm. Tento p\u0159enos \u0159eck\u00fdch obraz\u016f Poseid\u00f3na na f\u00e9nicko-z\u00e1padosemitskou tradici boha mo\u0159e je v samotn\u00e9 F\u00e9nicii m\u00e9n\u011b v\u00fdrazn\u00fd ne\u017e v z\u00e1padomo\u0159sk\u00fdch koloni\u00edch, kde byl \u0159eck\u00fd vliv intenzivn\u011bj\u0161\u00ed.<\/p><p>Slavn\u00e1 b\u00fd\u010d\u00ed <span class=\"iwg-fachbegriff\" data-tooltip=\"Svisle stoj\u00edc\u00ed kamenn\u00e1 nebo d\u0159ev\u011bn\u00e1 deska s n\u00e1pisem nebo vyobrazen\u00edm.\" tabindex=\"0\">st\u00e9la<\/span> z Ras \u0160amry zobrazuje malou had\u00ed podobu pod Baalov\u00fdma nohama; badatel\u00e9 tuto had\u00ed figuru \u010dasto identifikuj\u00ed s Yamem-tanninem. Toto ikonografick\u00e9 potvrzen\u00ed Baalova v\u00edt\u011bzstv\u00ed nad hadem je jedn\u00edm z nejd\u016fle\u017eit\u011bj\u0161\u00edch obrazov\u00fdch doklad\u016f Baalova cyklu.<\/p>\t\t\t\t\t\t\t\t<\/div>\n\t\t\t\t<\/div>\n\t\t\t\t\t<\/div>\n\t\t\t\t<\/div>\n\t\t<div class=\"elementor-element elementor-element-iwgw-yam-s3 e-flex e-con-boxed e-con e-parent\" data-id=\"iwgw-yam-s3\" data-element_type=\"container\" data-e-type=\"container\">\n\t\t\t\t\t<div class=\"e-con-inner\">\n\t\t\t\t<div class=\"elementor-element elementor-element-iwgw-yam-s3h elementor-widget elementor-widget-heading\" data-id=\"iwgw-yam-s3h\" data-element_type=\"widget\" data-e-type=\"widget\" data-widget_type=\"heading.default\">\n\t\t\t\t\t<h2 class=\"elementor-heading-title elementor-size-default\">Mytologick\u00e1 vypr\u00e1v\u011bn\u00ed<\/h2>\t\t\t\t<\/div>\n\t\t<div class=\"elementor-element elementor-element-iwgw-yam-s3c e-con-full e-flex e-con e-child\" data-id=\"iwgw-yam-s3c\" data-element_type=\"container\" data-e-type=\"container\">\n\t\t\t\t<div class=\"elementor-element elementor-element-iwgw-yam-s3t elementor-widget elementor-widget-text-editor\" data-id=\"iwgw-yam-s3t\" data-element_type=\"widget\" data-e-type=\"widget\" data-widget_type=\"text-editor.default\">\n\t\t\t\t\t\t\t\t\t<p>Hlavn\u00edm pramenem pro Jamma je ugaritsk\u00fd Baal\u016fv cyklus (KTU 1.1, 1.2), kter\u00fd zachycuje konflikt mezi Jammem a <a href=\"https:\/\/iwell-guard.com\/cs\/?page_id=145496\">Baalem<\/a>. D\u011bj ve zkratce: Jamm, kter\u00e9ho El ofici\u00e1ln\u011b ur\u010dil za kr\u00e1le, vys\u00edl\u00e1 sv\u00e9 posly k rad\u011b boh\u016f a po\u017eaduje vyd\u00e1n\u00ed Baala. Bohov\u00e9 se chv\u011bj\u00ed a skl\u00e1n\u011bj\u00ed hlavu, pouze Baal odol\u00e1v\u00e1 a p\u0159ij\u00edm\u00e1 v\u00fdzvu k boji.<\/p><p>Bo\u017esk\u00fd kov\u00e1\u0159 Kothar-wa-Chasis vyrob\u00ed pro Baala dv\u011b kouzeln\u00e9 zbran\u011b jm\u00e9nem &#8218;Ajamur&#8216; a &#8218;Jagru\u0161&#8216; (&#8218;ten, co vyh\u00e1n\u00ed&#8216; a &#8218;ten, co pron\u00e1sleduje&#8216;). Baal s nimi bojuje proti Jammovi; prvn\u00ed \u00fader Jamma zvikl\u00e1, druh\u00fd ho rozdrt\u00ed.<\/p><p>Jamm pad\u00e1 k zemi a Baal prohla\u0161uje: &#8218;Jamm je mrtev, Baal je kr\u00e1l!&#8216; Mark Smith tento text podrobn\u011b okomentoval ve sv\u00e9 monument\u00e1ln\u00ed edici.<\/p><p>Dal\u0161\u00ed ugaritsk\u00e1 epizoda popisuje boj bohyn\u011b <a href=\"https:\/\/iwell-guard.com\/cs\/?page_id=145504\">Anat<\/a> proti Jammovi, kter\u00fdm podporuje sv\u00e9ho bratra Baala. Anat &#8218;zab\u00edj\u00ed mo\u0159e, ni\u010d\u00ed \u0159eku, poni\u017euje Tannina, p\u0159em\u00e1h\u00e1 klikat\u00e9ho hada&#8216;. Tato sekvence Anat\u2013Jamm je z historick\u00e9ho hlediska pou\u010dn\u00e1, nebo\u0165 ukazuje, \u017ee boj proti chaotick\u00e9 vod\u011b byl kolektivn\u00edm \u00fasil\u00edm boh\u016f, nikoli pouze Baalov\u00fdm osamocen\u00fdm \u010dinem.<\/p><p>Dal\u0161\u00ed fragment\u00e1rn\u00ed epizoda l\u00ed\u010d\u00ed Jamma ve spojen\u00ed se &#8218;syny Ela&#8216; (<em>bn \u02beil<\/em>), kte\u0159\u00ed vystupuj\u00ed jako rada boh\u016f. O Jammov\u011b po\u017eadavku se jedn\u00e1 v rad\u011b boh\u016f, El souhlas\u00ed a jen Baal se stav\u00ed na odpor. Tato tradice &#8218;bo\u017esk\u00e9 rady&#8216; m\u00e1 n\u00e1bo\u017eenskohistorick\u00fd v\u00fdznam a nach\u00e1z\u00ed paralely v hebrejsk\u00e9m <span class=\"iwg-fachbegriff\" data-tooltip=\"Opakuj\u00edc\u00ed se obsahov\u00fd prvek v um\u011bn\u00ed nebo vypr\u00e1v\u011bn\u00ed.\" tabindex=\"0\">motivu<\/span> &#8218;syn\u016f Bo\u017e\u00edch&#8216; (Job 1; \u017dl 82).<\/p><p>Ugarit\u0161t\u00ed p\u011bvci konflikt Baala a Jamma pravd\u011bpodobn\u011b p\u0159edn\u00e1\u0161eli v podob\u011b \u00fapln\u00e9ho p\u0159edstaven\u00ed, s nosi\u010di tabulek, hudebn\u00edmi n\u00e1stroji a kultovn\u00edmi tanci. Tento performativn\u00ed rozm\u011br byl v nov\u011bj\u0161\u00ed ugaritologii systematicky zpracov\u00e1n, nap\u0159\u00edklad Wilfredem Watsonem a Pierrem Bordreuilem.<\/p>\t\t\t\t\t\t\t\t<\/div>\n\t\t\t\t<\/div>\n\t\t\t\t\t<\/div>\n\t\t\t\t<\/div>\n\t\t<div class=\"elementor-element elementor-element-iwgw-yam-s4 e-flex e-con-boxed e-con e-parent\" data-id=\"iwgw-yam-s4\" data-element_type=\"container\" data-e-type=\"container\">\n\t\t\t\t\t<div class=\"e-con-inner\">\n\t\t\t\t<div class=\"elementor-element elementor-element-iwgw-yam-s4h elementor-widget elementor-widget-heading\" data-id=\"iwgw-yam-s4h\" data-element_type=\"widget\" data-e-type=\"widget\" data-widget_type=\"heading.default\">\n\t\t\t\t\t<h2 class=\"elementor-heading-title elementor-size-default\">Kult a uct\u00edv\u00e1n\u00ed<\/h2>\t\t\t\t<\/div>\n\t\t<div class=\"elementor-element elementor-element-iwgw-yam-s4c e-con-full e-flex e-con e-child\" data-id=\"iwgw-yam-s4c\" data-element_type=\"container\" data-e-type=\"container\">\n\t\t\t\t<div class=\"elementor-element elementor-element-iwgw-yam-s4t elementor-widget elementor-widget-text-editor\" data-id=\"iwgw-yam-s4t\" data-element_type=\"widget\" data-e-type=\"widget\" data-widget_type=\"text-editor.default\">\n\t\t\t\t\t\t\t\t\t<p>Jam nebyl adres\u00e1tem kultu; jako b\u016fh chaosu nebyl uct\u00edv\u00e1n, n\u00fdbr\u017e v ritu\u00e1lech <span class=\"iwg-fachbegriff\" data-tooltip=\"N\u00e1le\u017eej\u00edc\u00ed k pevn\u011b stanoven\u00e9mu n\u00e1bo\u017eensk\u00e9mu postupu.\" tabindex=\"0\">ritu\u00e1ln\u011b<\/span> p\u0159ekon\u00e1v\u00e1n. V n\u011bkter\u00fdch ochrann\u00fdch ritu\u00e1lech se objevuje jako prototypick\u00fd p\u0159\u00edklad kosmick\u00e9ho nebezpe\u010d\u00ed, kter\u00e9 mus\u00ed b\u00fdt odvr\u00e1ceno bo\u017esk\u00fdm z\u00e1sahem.<\/p><p>Jeho <span class=\"iwg-fachbegriff\" data-tooltip=\"P\u0159ed\u00e1van\u00fd p\u0159\u00edb\u011bh o boz\u00edch, po\u010d\u00e1tc\u00edch a uspo\u0159\u00e1d\u00e1n\u00ed sv\u011bta.\" tabindex=\"0\">m\u00fdtus<\/span> byl v\u0161ak recitov\u00e1n v r\u00e1mci st\u00e1tn\u00edho kultu; Baal\u016fv cyklus pat\u0159il k reperto\u00e1ru ugaritsk\u00fdch zp\u011bv\u00e1k\u016f a pravd\u011bpodobn\u011b byl p\u0159edn\u00e1\u0161en p\u0159i velk\u00fdch sv\u00e1tc\u00edch. Je mo\u017en\u00e9, \u017ee ritu\u00e1ln\u00ed znovuproveden\u00ed sekvence Baal-Jam bylo sou\u010d\u00e1st\u00ed jarn\u00edho sv\u00e1te\u010dn\u00edho ob\u0159adu, podobn\u011b jako mezopot\u00e1msk\u00fd En\u00fama eli\u0161 p\u0159i novoro\u010dn\u00edm sv\u00e1tku.<\/p><p>Ve f\u00e9nick\u00fdch n\u00e1mo\u0159n\u00edch ritu\u00e1lech bylo mo\u0159e <span class=\"iwg-fachbegriff\" data-tooltip=\"N\u00e1le\u017eej\u00edc\u00ed k pevn\u011b stanoven\u00e9mu n\u00e1bo\u017eensk\u00e9mu postupu.\" tabindex=\"0\">ritu\u00e1ln\u011b<\/span> usmi\u0159ov\u00e1no; lodn\u00ed kapit\u00e1ni a cestovatel\u00e9 p\u0159in\u00e1\u0161eli <span class=\"iwg-fachbegriff\" data-tooltip=\"Dar bo\u017estvu vyjad\u0159uj\u00edc\u00ed d\u00edk, prosbu nebo \u00factu.\" tabindex=\"0\">ob\u011bti<\/span> mo\u0159i v nad\u011bji na bezpe\u010dnou plavbu. Tato n\u00e1mo\u0159n\u00ed zbo\u017enost neodkazovala p\u0159\u00edmo na Jama, pat\u0159ila v\u0161ak do stejn\u00e9ho kosmologick\u00e9ho sv\u011bta p\u0159edstav. Sabatino Moscati popsal f\u00e9nickou n\u00e1mo\u0159n\u00ed kulturu v \u0159ad\u011b studi\u00ed.<\/p><p>D\u016fle\u017eit\u00e9 ritu\u00e1ln\u00ed spojen\u00ed existuje mezi v\u00edt\u011bzstv\u00edm nad Jamem a ugaritsk\u00fdm jarn\u00edm sv\u00e1tkem; konflikt byl pravd\u011bpodobn\u011b <span class=\"iwg-fachbegriff\" data-tooltip=\"N\u00e1le\u017eej\u00edc\u00ed k pevn\u011b stanoven\u00e9mu n\u00e1bo\u017eensk\u00e9mu postupu.\" tabindex=\"0\">ritu\u00e1ln\u011b<\/span> aktualizov\u00e1n v dob\u011b jarn\u00edch bou\u0159\u00ed, kdy odezn\u00edvaly siln\u00e9 zimn\u00ed de\u0161t\u011b a za\u010d\u00ednala plavebn\u00ed sez\u00f3na. Tato ritu\u00e1ln\u00ed sez\u00f3nnost je historicky charakteristick\u00e1 pro v\u00fdchodn\u00ed St\u0159edomo\u0159\u00ed pozdn\u00ed doby bronzov\u00e9.<\/p>\t\t\t\t\t\t\t\t<\/div>\n\t\t\t\t<\/div>\n\t\t\t\t\t<\/div>\n\t\t\t\t<\/div>\n\t\t<div class=\"elementor-element elementor-element-iwgw-yam-s5 e-flex e-con-boxed e-con e-parent\" data-id=\"iwgw-yam-s5\" data-element_type=\"container\" data-e-type=\"container\">\n\t\t\t\t\t<div class=\"e-con-inner\">\n\t\t\t\t<div class=\"elementor-element elementor-element-iwgw-yam-s5h elementor-widget elementor-widget-heading\" data-id=\"iwgw-yam-s5h\" data-element_type=\"widget\" data-e-type=\"widget\" data-widget_type=\"heading.default\">\n\t\t\t\t\t<h2 class=\"elementor-heading-title elementor-size-default\">Ochrann\u00e1 praxe a apotropaick\u00e9 prvky<\/h2>\t\t\t\t<\/div>\n\t\t<div class=\"elementor-element elementor-element-iwgw-yam-s5c e-con-full e-flex e-con e-child\" data-id=\"iwgw-yam-s5c\" data-element_type=\"container\" data-e-type=\"container\">\n\t\t\t\t<div class=\"elementor-element elementor-element-iwgw-yam-s5t elementor-widget elementor-widget-text-editor\" data-id=\"iwgw-yam-s5t\" data-element_type=\"widget\" data-e-type=\"widget\" data-widget_type=\"text-editor.default\">\n\t\t\t\t\t\t\t\t\t<p>Apotropajn\u00ed praktiky proti chaotick\u00e9mu mo\u0159i byly ve f\u00e9nick\u00fdch kontextech b\u011b\u017en\u00e9. Na zdoben\u00ed lodn\u00edch p\u0159\u00edd\u00ed se objevuj\u00ed apotropajn\u00ed o\u010di, symboly b\u00fd\u010d\u00edch roh\u016f nebo &#8218;znak Tanit&#8216; jako ochrana p\u0159ed nebezpe\u010d\u00edmi mo\u0159e. Tyto obrazy pat\u0159ily ke standardn\u00edmu vybaven\u00ed f\u00e9nick\u00fdch obchodn\u00edch a v\u00e1le\u010dn\u00fdch lod\u00ed.<\/p><p>V p\u0159\u00edstavn\u00edch m\u011bstech se pou\u017e\u00edvaly ochrann\u00e9 formule proti &#8218;zu\u0159\u00edc\u00edmu mo\u0159i a jeho bytostem&#8216;; v punsk\u00fdch n\u00e1pisech se nach\u00e1zej\u00ed votivn\u00ed dary za \u0161\u0165astn\u00fd n\u00e1vrat z mo\u0159sk\u00fdch plaveb. Tato cestovn\u00ed zbo\u017enost je n\u00e1bo\u017eensky-historicky zaj\u00edmav\u00e1, proto\u017ee p\u0159\u00edmo n\u00e1bo\u017eensk\u00fdm zp\u016fsobem r\u00e1muje mezin\u00e1rodn\u00ed mobilitu f\u00e9nick\u00e9ho sv\u011bta.<\/p><p data-nosnippet=\"true\">Z v\u011bdeck\u00e9ho hlediska je Jam p\u0159\u00edkladem personifikace chaotick\u00e9ho mo\u0159e. Jeho vypr\u00e1v\u011bn\u00e1 por\u00e1\u017eka Baalov\u00fdmi kouzeln\u00fdmi zbran\u011bmi je historicky srovnateln\u00e1 s konfliktem Marduka a Tiamat, v n\u011bm\u017e rovn\u011b\u017e kouzeln\u00e9 zbran\u011b umo\u017e\u0148uj\u00ed v\u00edt\u011bzstv\u00ed. iWell Guard uv\u00e1d\u00ed Jama jako historicko-mytologickou postavu bez aktu\u00e1ln\u00ed ochrann\u00e9 funkce a bez odkaz\u016f na modern\u00ed l\u00e9\u010debn\u00e9 sliby.<\/p><p>V punsk\u00fdch n\u00e1pisech z Kart\u00e1ga a Motyi se objevuj\u00ed &#8218;bohov\u00e9 mo\u0159e&#8216; (f\u00e9nicky <em>\u02belm ym<\/em>) jako p\u0159\u00edjemci votivn\u00edch dar\u016f p\u0159ed mo\u0159sk\u00fdmi plavbami; zda se zde jedn\u00e1 o p\u0159\u00edmou vzpom\u00ednku na Jama, nebo o obecn\u00e9 <span class=\"iwg-fachbegriff\" data-tooltip=\"Prosebn\u00e9 nebo vz\u00fdvac\u00ed osloven\u00ed bo\u017estva \u010di moci.\" tabindex=\"0\">vz\u00fdv\u00e1n\u00ed<\/span> mo\u0159sk\u00e9ho boha, je sporn\u00e9.<\/p><p>F\u00e9nick\u00e9 o\u010di na p\u0159\u00edd\u00edch lod\u00ed je t\u0159eba n\u00e1bo\u017eensky-historicky vykl\u00e1dat jako <span class=\"iwg-fachbegriff\" data-tooltip=\"Odvracej\u00edc\u00ed zlo: o znamen\u00edch a p\u0159edm\u011btech, kter\u00e9 maj\u00ed odvracet \u0161kodliv\u00e9 vlivy.\" tabindex=\"0\">apotropajn\u00ed<\/span>; p\u0159em\u011b\u0148uj\u00ed pohled lodi v ochrannou s\u00edlu proti Jamovi a jeho bytostem.<\/p>\t\t\t\t\t\t\t\t<\/div>\n\t\t\t\t<\/div>\n\t\t\t\t\t<\/div>\n\t\t\t\t<\/div>\n\t\t<div class=\"elementor-element elementor-element-iwgw-yam-s6 e-flex e-con-boxed e-con e-parent\" data-id=\"iwgw-yam-s6\" data-element_type=\"container\" data-e-type=\"container\">\n\t\t\t\t\t<div class=\"e-con-inner\">\n\t\t\t\t<div class=\"elementor-element elementor-element-iwgw-yam-s6h elementor-widget elementor-widget-heading\" data-id=\"iwgw-yam-s6h\" data-element_type=\"widget\" data-e-type=\"widget\" data-widget_type=\"heading.default\">\n\t\t\t\t\t<h2 class=\"elementor-heading-title elementor-size-default\">Paralely v jin\u00fdch kultur\u00e1ch<\/h2>\t\t\t\t<\/div>\n\t\t<div class=\"elementor-element elementor-element-iwgw-yam-s6c e-con-full e-flex e-con e-child\" data-id=\"iwgw-yam-s6c\" data-element_type=\"container\" data-e-type=\"container\">\n\t\t\t\t<div class=\"elementor-element elementor-element-iwgw-yam-s6t elementor-widget elementor-widget-text-editor\" data-id=\"iwgw-yam-s6t\" data-element_type=\"widget\" data-e-type=\"widget\" data-widget_type=\"text-editor.default\">\n\t\t\t\t\t\t\t\t\t<p>Yam pat\u0159\u00ed k mezin\u00e1rodn\u00ed rodin\u011b boh\u016f chaotick\u00fdch vod. V mezopotamsk\u00e9 tradici mu odpov\u00edd\u00e1 Tiamat z En\u00fama Eli\u0161; v <a href=\"https:\/\/iwell-guard.com\/cs\/hetitsko-anatolske-tarhunna-bohove\/\">hurritsko-hetitsk\u00e9 tradici<\/a> <a href=\"https:\/\/iwell-guard.com\/cs\/?page_id=145494\">Hedammu<\/a> a fragment\u00e1rn\u00ed \u201eP\u00edse\u0148 o mo\u0159i\u201c (CTH 346) proti <a href=\"https:\/\/iwell-guard.com\/cs\/?page_id=145490\">Te\u0161ubovi<\/a>. Mark Smith a Mary Bachvarova ve sv\u00fdch studi\u00edch zdokumentovali propojen\u00ed t\u011bchto mytologi\u00ed.<\/p><p>V hebrejsk\u00e9m materi\u00e1lu je Yam kosmick\u00fdm protivn\u00edkem Jahva v n\u011bkolika \u017ealmech; stvo\u0159en\u00ed je vykl\u00e1d\u00e1no jako v\u00edt\u011bzstv\u00ed Jahva nad Yamem, Leviatanem a Tanninem (\u017d 74,13\u201314; Iz 27,1). Tyto texty pat\u0159\u00ed k <span class=\"iwg-fachbegriff\" data-tooltip=\"V\u011bdeck\u00e1 nauka o Bohu a v\u00ed\u0159e v n\u00e1bo\u017eenstv\u00ed.\" tabindex=\"0\">teologii<\/span> boje s chaosem hebrejsk\u00e9 Bible a jsou historicky p\u0159\u00edmo z\u00e1visl\u00e9 na ugaritsk\u00e9 tradici Yama.<\/p><p>S \u0159eck\u00fdm Typhonem sd\u00edl\u00ed Yam profil protivn\u00edka chaosu; s Poseidonem personifikaci mo\u0159e, ov\u0161em v z\u0159eteln\u011b odli\u0161n\u00e9 teologick\u00e9 konfiguraci. V hel\u00e9nisticko-\u0159\u00edmsk\u00e9m obdob\u00ed byl f\u00e9nick\u00fd Yam ztoto\u017en\u011bn s Poseidonem; aktivn\u00ed profil protivn\u00edka chaosu byl p\u0159i tom modifikov\u00e1n ve prosp\u011bch funkce boha mo\u0159eplavby.<\/p><p>V urartejsk\u00fdch n\u00e1pisech se objevuje mo\u0159sk\u00fd b\u016fh Quera, jeho\u017e religionistick\u00fd vztah k Yamovi je v posledn\u00edch letech p\u0159edm\u011btem diskuse. V\u00fdzkum Mirja Salviniho p\u0159in\u00e1\u0161\u00ed v t\u00e9to oblasti d\u016fle\u017eit\u00e9 nov\u00e9 poznatky.<\/p>\t\t\t\t\t\t\t\t<\/div>\n\t\t\t\t<\/div>\n\t\t\t\t\t<\/div>\n\t\t\t\t<\/div>\n\t\t<div class=\"elementor-element elementor-element-iwgw-yam-s7 e-flex e-con-boxed e-con e-parent\" data-id=\"iwgw-yam-s7\" data-element_type=\"container\" data-e-type=\"container\">\n\t\t\t\t\t<div class=\"e-con-inner\">\n\t\t\t\t<div class=\"elementor-element elementor-element-iwgw-yam-s7h elementor-widget elementor-widget-heading\" data-id=\"iwgw-yam-s7h\" data-element_type=\"widget\" data-e-type=\"widget\" data-widget_type=\"heading.default\">\n\t\t\t\t\t<h2 class=\"elementor-heading-title elementor-size-default\">Sou\u010dasn\u00e1 recepce a v\u00fdzkum<\/h2>\t\t\t\t<\/div>\n\t\t<div class=\"elementor-element elementor-element-iwgw-yam-s7c e-con-full e-flex e-con e-child\" data-id=\"iwgw-yam-s7c\" data-element_type=\"container\" data-e-type=\"container\">\n\t\t\t\t<div class=\"elementor-element elementor-element-iwgw-yam-s7t elementor-widget elementor-widget-text-editor\" data-id=\"iwgw-yam-s7t\" data-element_type=\"widget\" data-e-type=\"widget\" data-widget_type=\"text-editor.default\">\n\t\t\t\t\t\t\t\t\t<p>V\u00fdzkum Yama je dnes na vysok\u00e9 \u00farovni. Standardn\u00ed referenc\u00ed je edice Baalova cyklu od Marka Smitha a Wayne Pitarda; John Day ve sv\u00e9 knize <em>God&#8217;s Conflict with the Dragon and the Sea<\/em> (1985) podrobn\u011b zkoumal hebrejsk\u00e9 paralely. Daniel Schwemer poskytl historick\u00fd r\u00e1mec v d\u00edle <em>Die Wettergottgestalten<\/em> (2001).<\/p><p>V popul\u00e1rn\u00ed recepci je Yam zn\u00e1m p\u0159edev\u0161\u00edm d\u00edky ugaritsk\u00fdm m\u00fdt\u016fm a hebrejsko-biblick\u00fdm odkaz\u016fm. Duchovn\u00ed obnova v novopohansk\u00e9m smyslu chyb\u00ed.<\/p><p>Z v\u011bdeck\u00e9ho hlediska je Yam dnes pova\u017eov\u00e1n za centr\u00e1ln\u00ed p\u0159edm\u011bt studia starobyl\u00e9 orient\u00e1ln\u00ed <span class=\"iwg-fachbegriff\" data-tooltip=\"V\u011bdeck\u00e1 nauka o Bohu a v\u00ed\u0159e v n\u00e1bo\u017eenstv\u00ed.\" tabindex=\"0\">teologie<\/span> chaotick\u00fdch vod a za sou\u010d\u00e1st mytologick\u00e9 rodiny boj\u016f bou\u0159n\u00e9ho boha s mo\u0159em.<\/p><p>Aktu\u00e1ln\u00ed t\u011b\u017ei\u0161t\u011b v\u00fdzkumu spo\u010d\u00edv\u00e1 v rozli\u0161en\u00ed r\u016fzn\u00fdch mo\u0159sk\u00fdch bytost\u00ed (Yam, Leviatan, Tannin), v biblick\u00fdch paralel\u00e1ch a v ot\u00e1zce p\u0159esn\u00e9ho religionistick\u00e9ho vztahu k mezopot\u00e1msk\u00e9 tradici Tiamat. iWell Guard zaznamen\u00e1v\u00e1 Yama jako historick\u00fd p\u0159\u00edklad bez praktick\u00e9ho ochrann\u00e9ho v\u00fdznamu.<\/p><p>V modern\u00edm biblick\u00e9m v\u00fdzkumu je Yam jako religionistick\u00e9 pozad\u00ed stvo\u0159itelsk\u00fdch text\u016f a text\u016f o boji s chaosem st\u00e1le systemati\u010dt\u011bji zpracov\u00e1v\u00e1n. Bernard Batto a John Day ve sv\u00fdch studi\u00edch podrobn\u011b zkoumali spojen\u00ed tradice Yama s hebrejsk\u00fdm vypr\u00e1v\u011bn\u00edm o stvo\u0159en\u00ed.<\/p>\t\t\t\t\t\t\t\t<\/div>\n\t\t\t\t<\/div>\n\t\t\t\t\t<\/div>\n\t\t\t\t<\/div>\n\t\t<div class=\"elementor-element elementor-element-iwgw-yam-s8 e-flex e-con-boxed e-con e-parent\" data-id=\"iwgw-yam-s8\" data-element_type=\"container\" data-e-type=\"container\">\n\t\t\t\t\t<div class=\"e-con-inner\">\n\t\t\t\t<div class=\"elementor-element elementor-element-iwgw-yam-s8h elementor-widget elementor-widget-heading\" data-id=\"iwgw-yam-s8h\" data-element_type=\"widget\" data-e-type=\"widget\" data-widget_type=\"heading.default\">\n\t\t\t\t\t<h2 class=\"elementor-heading-title elementor-size-default\">Literatura a prameny<\/h2>\t\t\t\t<\/div>\n\t\t<div class=\"elementor-element elementor-element-iwgw-yam-s8c e-con-full e-flex e-con e-child\" data-id=\"iwgw-yam-s8c\" data-element_type=\"container\" data-e-type=\"container\">\n\t\t\t\t<div class=\"elementor-element elementor-element-iwgw-yam-s8t elementor-widget elementor-widget-text-editor\" data-id=\"iwgw-yam-s8t\" data-element_type=\"widget\" data-e-type=\"widget\" data-widget_type=\"text-editor.default\">\n\t\t\t\t\t\t\t\t\t<p>N\u00e1sleduj\u00edc\u00ed v\u00fdb\u011br shrnuje nejd\u016fle\u017eit\u011bj\u0161\u00ed standardn\u00ed d\u00edla k v\u00fdzkumu Yama. Zahrnuje textov\u00e9 edice, historick\u00e9 synt\u00e9zy a studie hebrejsko-biblick\u00fdch paralel. Edice Baalova cyklu od Marka Smitha je z\u00e1kladem prim\u00e1rn\u00edch pramen\u016f; John Day a Schwemer poskytuj\u00ed religionistickou kontextualizaci. Mary Bachvarova nab\u00edz\u00ed spojnici k \u0159eck\u00e9 tradici.<\/p>\t\t\t\t\t\t\t\t<\/div>\n\t\t\t\t<\/div>\n\t\t\t\t\t<\/div>\n\t\t\t\t<\/div>\n\t\t<div class=\"elementor-element elementor-element-cp267ce5fe e-flex e-con-boxed e-con e-parent\" data-id=\"cp267ce5fe\" data-element_type=\"container\" data-e-type=\"container\">\n\t\t\t\t\t<div class=\"e-con-inner\">\n\t\t\t\t<div class=\"elementor-element elementor-element-cp2c5eeff3 elementor-widget elementor-widget-heading\" data-id=\"cp2c5eeff3\" data-element_type=\"widget\" data-e-type=\"widget\" data-widget_type=\"heading.default\">\n\t\t\t\t\t<h2 class=\"elementor-heading-title elementor-size-default\">Baal\u016fv cyklus z Ugaritu jako hlavn\u00ed pramen<\/h2>\t\t\t\t<\/div>\n\t\t<div class=\"elementor-element elementor-element-cp24751ec0 e-flex e-con-boxed e-con e-child\" data-id=\"cp24751ec0\" data-element_type=\"container\" data-e-type=\"container\">\n\t\t\t\t\t<div class=\"e-con-inner\">\n\t\t\t\t<div class=\"elementor-element elementor-element-cp20cca71c elementor-widget elementor-widget-text-editor\" data-id=\"cp20cca71c\" data-element_type=\"widget\" data-e-type=\"widget\" data-widget_type=\"text-editor.default\">\n\t\t\t\t\t\t\t\t\t<p>T\u00e9m\u011b\u0159 v\u0161e, co lze o <em>Yammu<\/em> jako jednaj\u00edc\u00ed postav\u011b \u0159\u00edci, poch\u00e1z\u00ed z jedin\u00e9ho textov\u00e9ho komplexu: takzvan\u00e9ho Baalova cyklu, \u0159ady hlin\u011bn\u00fdch tabulek psan\u00fdch alfabetick\u00fdm kl\u00ednov\u00fdm p\u00edsmem, kter\u00e9 vy\u0161ly na sv\u011btlo mezi rokem 1929 a 30. l\u00e9ty p\u0159i francouzsk\u00fdch vykop\u00e1vk\u00e1ch pod veden\u00edm Clauda Schaeffera na <em>Tell Ras \u0160amra<\/em> na syrsk\u00e9m pob\u0159e\u017e\u00ed.<\/p><p>Tabulky jsou dnes vedeny pod signaturami KTU 1.1 a\u017e 1.6; epizoda o Yamovi se soust\u0159e\u010fuje na KTU 1.1 a 1.2. Podle \u00fadaj\u016f v kolofonu je napsal p\u00edsa\u0159 Ilimilku, pravd\u011bpodobn\u011b ve 14. nebo 13. stolet\u00ed p\u0159. n. l.<\/p><p><span class=\"iwg-fachbegriff\" data-tooltip=\"P\u0159enos pozn\u00e1n\u00ed a vypr\u00e1v\u011bn\u00ed mezi generacemi.\" tabindex=\"0\">Tradice<\/span> je zlomkovit\u00e1. Tabulka KTU 1.1 je siln\u011b po\u0161kozena, po\u010d\u00e1tek konfliktu z velk\u00e9 \u010d\u00e1sti chyb\u00ed. Teprve KTU 1.2 za\u010d\u00edn\u00e1 souvislou sc\u00e9nou: Yam vys\u00edl\u00e1 posly do shrom\u00e1\u017ed\u011bn\u00ed boh\u016f a po\u017eaduje vyd\u00e1n\u00ed Baala.<\/p><p>Od prvn\u00edch edic Charlese Virolleauda se ve v\u00fdzkumu diskutuje, zda po\u010d\u00e1tek st\u0159etu obsahovala dal\u0161\u00ed, ztracen\u00e1 tabulka. Po\u0159ad\u00ed tabulek samo o sob\u011b nen\u00ed zaji\u0161t\u011bno kolofony, n\u00fdbr\u017e je rekonstrukc\u00ed editor\u016f.<\/p><p>Pro v\u011bdeckou pr\u00e1ci je tato pramenn\u00e1 situace rozhoduj\u00edc\u00ed: Yam nen\u00ed postavou \u0161irok\u00e9, mnohohlas\u00e9 <span class=\"iwg-fachbegriff\" data-tooltip=\"P\u0159enos pozn\u00e1n\u00ed a vypr\u00e1v\u011bn\u00ed mezi generacemi.\" tabindex=\"0\">tradice<\/span>, n\u00fdbr\u017e je uchopiteln\u00fd t\u00e9m\u011b\u0159 v\u00fdhradn\u011b z perspektivy pro-baalovsk\u00e9ho vypr\u00e1v\u011bc\u00edho textu. V\u00fdroky o samostatn\u00e9m <span class=\"iwg-fachbegriff\" data-tooltip=\"Souhrn n\u00e1bo\u017eensk\u00fdch \u00factypln\u00fdch akt\u016f v\u016f\u010di bo\u017estvu nebo svat\u00e9 postav\u011b.\" tabindex=\"0\">kultu<\/span> Yama, o hymnech na jeho po\u010dest nebo o jeho roli mimo konflikt s Baalem tak z\u016fst\u00e1vaj\u00ed spekulativn\u00ed.<\/p><p>Standardn\u00ed edic\u00ed je dnes <em>Die keilalphabetischen Texte aus Ugarit<\/em> (KTU) od Manfrieda Dietricha, Oswalda Loretze a Joaqu\u00edna Sanmart\u00edna; \u010dasto pou\u017e\u00edvan\u00fd anglick\u00fd p\u0159eklad s koment\u00e1\u0159em poch\u00e1z\u00ed od Marka S. Smithe.<\/p>\t\t\t\t\t\t\t\t<\/div>\n\t\t\t\t\t<\/div>\n\t\t\t\t<\/div>\n\t\t\t\t\t<\/div>\n\t\t\t\t<\/div>\n\t\t<div class=\"elementor-element elementor-element-cp24e2e352 e-flex e-con-boxed e-con e-parent\" data-id=\"cp24e2e352\" data-element_type=\"container\" data-e-type=\"container\">\n\t\t\t\t\t<div class=\"e-con-inner\">\n\t\t\t\t<div class=\"elementor-element elementor-element-cp22d58ce9 elementor-widget elementor-widget-heading\" data-id=\"cp22d58ce9\" data-element_type=\"widget\" data-e-type=\"widget\" data-widget_type=\"heading.default\">\n\t\t\t\t\t<h2 class=\"elementor-heading-title elementor-size-default\">Shrom\u00e1\u017ed\u011bn\u00ed boh\u016f a Yamovo poselstv\u00ed<\/h2>\t\t\t\t<\/div>\n\t\t<div class=\"elementor-element elementor-element-cp248e4b3c e-flex e-con-boxed e-con e-child\" data-id=\"cp248e4b3c\" data-element_type=\"container\" data-e-type=\"container\">\n\t\t\t\t\t<div class=\"e-con-inner\">\n\t\t\t\t<div class=\"elementor-element elementor-element-cp220d4b7a elementor-widget elementor-widget-text-editor\" data-id=\"cp220d4b7a\" data-element_type=\"widget\" data-e-type=\"widget\" data-widget_type=\"text-editor.default\">\n\t\t\t\t\t\t\t\t\t<p>Nejl\u00e9pe zachovan\u00e1 sc\u00e9na s Jamem (KTU 1.2 i) zobrazuje zased\u00e1n\u00ed boh\u016f pod veden\u00edm nejvy\u0161\u0161\u00edho boha <em>Ela<\/em>. Jam vys\u00edl\u00e1 dva posly s po\u017eadavkem, aby jim byl Baal vyd\u00e1n jako poplatn\u00edk nebo jako zajatec.<\/p><p>Text d\u00e1v\u00e1 sc\u00e9n\u011b p\u0159esnou choreografii: bohov\u00e9 p\u0159i p\u0159\u00edchodu posl\u016f skl\u00e1n\u011bj\u00ed hlavy na kolena, co\u017e je gesto strachu. Baal jim to vyt\u00fdk\u00e1 a vzp\u0159imuje se.<\/p><p>El, patriarcha shrom\u00e1\u017ed\u011bn\u00ed, reaguje sm\u00ed\u0159liv\u011b. Na n\u011bkolika m\u00edstech naz\u00fdv\u00e1 Jama sv\u00fdm obl\u00edbencem a zd\u00e1 se ochoten po\u017eadavku vyhov\u011bt, kdy\u017e Baala ozna\u010duje za Jamova sluhu.<\/p><p>Tento El\u016fv postoj je bodem, o kter\u00e9m se hodn\u011b diskutuje: ukazuje, \u017ee v ugaritsk\u00e9m <span class=\"iwg-fachbegriff\" data-tooltip=\"Souhrn boh\u016f ur\u010dit\u00e9ho n\u00e1bo\u017eenstv\u00ed nebo kultury.\" tabindex=\"0\">panteonu<\/span> nejvy\u0161\u0161\u00ed b\u016fh nen\u00ed toto\u017en\u00fd s v\u00edt\u011bzn\u00fdm bohem bou\u0159e, a dod\u00e1v\u00e1 konfliktu politick\u00fd r\u00e1z, t\u00e9m\u011b\u0159 jako spor o tr\u016fn uvnit\u0159 rodiny.<\/p><p>Jam v t\u011bchto \u0159\u00e1dc\u00edch nese pevn\u00e1 dvojit\u00e1 ozna\u010den\u00ed. Vedle <em>ym<\/em> se objevuje jako <em>tpt nhr<\/em>, \u010dasto p\u0159ekl\u00e1dan\u00e9 jako \u201esoudce \u0158eka\u201c nebo \u201evl\u00e1dce Proud\u201c. Paraleln\u00ed postaven\u00ed \u201eMo\u0159e\u201c a \u201e\u0158eky\u201c je typick\u00fdm stylistick\u00fdm prost\u0159edkem ugaritsk\u00e9 poezie a jasn\u011b ukazuje, \u017ee Jam zt\u011bles\u0148uje ve\u0161kerou nezkrocenou vodu, nikoli jen otev\u0159en\u00e9 mo\u0159e.<\/p><p>Sc\u00e9na kon\u010d\u00ed Baalov\u00fdm odm\u00edtnut\u00edm a jeho ohl\u00e1\u0161en\u00edm, \u017ee napadne posly i jejich p\u00e1na. Tvo\u0159\u00ed tak bezprost\u0159edn\u00ed p\u0159edstupe\u0148 k souboji, kter\u00fd je na t\u00e9\u017ee tabulce pops\u00e1n v KTU 1.2 iv. K protikladn\u00e9 postav\u011b viz tak\u00e9 <a href=\"https:\/\/iwell-guard.com\/cs\/?page_id=145500\">Baal-Hammon<\/a> jako pozd\u011bj\u0161\u00ed f\u00e9nickou podobu jm\u00e9na Baal.<\/p>\t\t\t\t\t\t\t\t<\/div>\n\t\t\t\t\t<\/div>\n\t\t\t\t<\/div>\n\t\t\t\t\t<\/div>\n\t\t\t\t<\/div>\n\t\t<div class=\"elementor-element elementor-element-iwgw-yam-lit e-flex e-con-boxed e-con e-parent\" data-id=\"iwgw-yam-lit\" data-element_type=\"container\" data-e-type=\"container\">\n\t\t\t\t\t<div class=\"e-con-inner\">\n\t\t\t\t<div class=\"elementor-element elementor-element-iwgw-yam-lith elementor-widget elementor-widget-heading\" data-id=\"iwgw-yam-lith\" data-element_type=\"widget\" data-e-type=\"widget\" data-widget_type=\"heading.default\">\n\t\t\t\t\t<h2 class=\"elementor-heading-title elementor-size-default\">Literatura (v\u00fdb\u011br)<\/h2>\t\t\t\t<\/div>\n\t\t<div class=\"elementor-element elementor-element-iwgw-yam-litc e-con-full e-flex e-con e-child\" data-id=\"iwgw-yam-litc\" data-element_type=\"container\" data-e-type=\"container\">\n\t\t\t\t<div class=\"elementor-element elementor-element-iwgw-yam-litt elementor-widget elementor-widget-text-editor\" data-id=\"iwgw-yam-litt\" data-element_type=\"widget\" data-e-type=\"widget\" data-widget_type=\"text-editor.default\">\n\t\t\t\t\t\t\t\t\t<div data-nosnippet=\"true\"><ul><li>Mark Smith \/ Wayne Pitard: <em>The Ugaritic Baal Cycle<\/em> (Leiden 1994\/2009)<\/li><li>John Day: <em>God&#8217;s Conflict with the Dragon and the Sea<\/em> (Cambridge 1985)<\/li><li>Daniel Schwemer: <em>Die Wettergottgestalten Mesopotamiens und Nordsyriens<\/em> (Wiesbaden 2001)<\/li><li>Mark Smith: <em>The Origins of Biblical Monotheism<\/em> (Oxford 2001)<\/li><li>Sabatino Moscati: <em>Die Ph\u00f6niker<\/em> (Stuttgart 1966)<\/li><li>Mary Bachvarova: <em>From Hittite to Homer<\/em> (Cambridge 2016)<\/li><\/ul><\/div>\t\t\t\t\t\t\t\t<\/div>\n\t\t\t\t<\/div>\n\t\t\t\t\t<\/div>\n\t\t\t\t<\/div>\n\t\t<div class=\"elementor-element elementor-element-iwgkw2-add-yam e-flex e-con-boxed e-con e-parent\" data-id=\"iwgkw2-add-yam\" data-element_type=\"container\" data-e-type=\"container\">\n\t\t\t\t\t<div class=\"e-con-inner\">\n\t\t\t\t<div class=\"elementor-element elementor-element-iwgkw2-add-yam-t elementor-widget elementor-widget-text-editor\" data-id=\"iwgkw2-add-yam-t\" data-element_type=\"widget\" data-e-type=\"widget\" data-widget_type=\"text-editor.default\">\n\t\t\t\t\t\t\t\t\t<p>V <em>ugaritsk\u00e9m<\/em> Baalov\u011b cyklu, dochovan\u00e9m na hlin\u011bn\u00fdch tabulk\u00e1ch z Ras \u0160amry ze \u010dtrn\u00e1ct\u00e9ho stolet\u00ed p\u0159ed Kristem, vystupuje Jam jako b\u016fh mo\u0159e a Baal\u016fv protivn\u00edk, kter\u00e9ho Baal nakonec poraz\u00ed vrhac\u00edmi zbran\u011bmi Ajamur a Jagru\u0161.<\/p>\t\t\t\t\t\t\t\t<\/div>\n\t\t\t\t\t<\/div>\n\t\t\t\t<\/div>\n\t\t<div class=\"elementor-element elementor-element-iwgw-yam-kwd e-flex e-con-boxed e-con e-parent\" data-id=\"iwgw-yam-kwd\" data-element_type=\"container\" data-e-type=\"container\">\n\t\t\t\t\t<div class=\"e-con-inner\">\n\t\t<div class=\"elementor-element elementor-element-iwgw-yam-kwdc e-con-full e-flex e-con e-child\" data-id=\"iwgw-yam-kwdc\" data-element_type=\"container\" data-e-type=\"container\">\n\t\t\t\t<div class=\"elementor-element elementor-element-iwgw-yam-kwdt elementor-widget elementor-widget-text-editor\" data-id=\"iwgw-yam-kwdt\" data-element_type=\"widget\" data-e-type=\"widget\" data-widget_type=\"text-editor.default\">\n\t\t\t\t\t\t\t\t\t<p><em>Souvisej\u00edc\u00ed kl\u00ed\u010dov\u00e9 pojmy: Jam F\u00e9ni\u010dan\u00e9 b\u016fh mo\u0159e Baal\u016fv cyklus Tannin Livj\u00e1tan chaosvody.<\/em><\/p>\t\t\t\t\t\t\t\t<\/div>\n\t\t\t\t<\/div>\n\t\t\t\t\t<\/div>\n\t\t\t\t<\/div>\n\t\t<div class=\"elementor-element elementor-element-iwgw-yam-cc e-flex e-con-boxed e-con e-parent\" data-id=\"iwgw-yam-cc\" data-element_type=\"container\" data-e-type=\"container\" id=\"iwg-cc-yam\">\n\t\t\t\t\t<div class=\"e-con-inner\">\n\t\t<div class=\"elementor-element elementor-element-iwgw-yam-ccinner e-flex e-con-boxed e-con e-parent\" data-id=\"iwgw-yam-ccinner\" data-element_type=\"container\" data-e-type=\"container\" data-settings=\"{&quot;background_background&quot;:&quot;classic&quot;}\">\n\t\t\t\t\t<div class=\"e-con-inner\">\n\t\t\t\t<div class=\"elementor-element elementor-element-iwgw-yam-cch elementor-widget elementor-widget-heading\" data-id=\"iwgw-yam-cch\" data-element_type=\"widget\" data-e-type=\"widget\" data-widget_type=\"heading.default\">\n\t\t\t\t\t<h2 class=\"elementor-heading-title elementor-size-default\">iWell Guard a ochrann\u00e9 tradice<\/h2>\t\t\t\t<\/div>\n\t\t\t\t<div class=\"elementor-element elementor-element-iwgw-yam-cct elementor-widget elementor-widget-text-editor\" data-id=\"iwgw-yam-cct\" data-element_type=\"widget\" data-e-type=\"widget\" data-widget_type=\"text-editor.default\">\n\t\t\t\t\t\t\t\t\t<div data-nosnippet=\"true\"><p>iWell Guard navazuje na kulturn\u011b-historickou tradici p\u0159enosn\u00fdch ochrann\u00fdch p\u0159edm\u011bt\u016f, v tradici <a href=\"https:\/\/iwell-guard.com\/cs\/fenicane-a-kartago-baal-tanit\/\">F\u00e9nick\u00e9 kultury<\/a> a mnoha dal\u0161\u00edch kultur po cel\u00e9m sv\u011bt\u011b. 41 vrstev, ryz\u00ed zlato, platina, st\u0159\u00edbro, vyrobeno v N\u011bmecku. 30denn\u00ed pr\u00e1vo na vr\u00e1cen\u00ed.<\/p><\/div>\t\t\t\t\t\t\t\t<\/div>\n\t\t\t\t<div class=\"elementor-element elementor-element-iwgw-yam-ccb iwg-cc-button iwg-cc-cta-2026-05-13 elementor-widget elementor-widget-jet-button\" data-id=\"iwgw-yam-ccb\" data-element_type=\"widget\" data-e-type=\"widget\" data-widget_type=\"jet-button.default\">\n\t\t\t\t<div class=\"elementor-widget-container\">\n\t\t\t\t\t<div class=\"elementor-jet-button jet-elements\"><div class=\"jet-button__container\"><a class=\"jet-button__instance jet-button__instance--icon-left hover-effect-1\" href=\"\/ueber-iwell-guard\/?utm_source=iwell-guard.com&amp;utm_medium=info-box&amp;utm_campaign=wesen-tradition\"><div class=\"jet-button__plane jet-button__plane-normal\"><\/div><div class=\"jet-button__plane jet-button__plane-hover\"><\/div><div class=\"jet-button__state jet-button__state-normal\"><span class=\"jet-button__label\">V\u00edce o iWell Guard<\/span><\/div><div class=\"jet-button__state jet-button__state-hover\"><span class=\"jet-button__label\">V\u00edce o iWell Guard<\/span><\/div><\/a><\/div><\/div><style>.elementor-element.elementor-element-iwgw-yam-ccb .jet-button__instance{width:320px;height:56px;}.elementor-element.elementor-element-iwgw-yam-ccb .jet-button__state-normal .jet-button__label{text-align:center;margin:0px 0px 0px 0px;color:#1a1b20;font-family:Montserrat,sans-serif;font-size:13px;font-weight:400;letter-spacing:4px;line-height:1.714em;text-transform:uppercase;}.elementor-element.elementor-element-iwgw-yam-ccb .jet-button__state-hover .jet-button__label{text-align:center;margin:0px 0px 0px 0px;color:#FECC76;font-family:Montserrat,sans-serif;font-size:13px;font-weight:400;letter-spacing:4px;line-height:1.714em;text-transform:uppercase;}.elementor-element.elementor-element-iwgw-yam-ccb .jet-button__plane-normal{background-color:#FECC76;border-style:solid;border-color:#C99540;border-width:2px 2px 2px 2px;}.elementor-element.elementor-element-iwgw-yam-ccb .jet-button__plane-hover{background-color:rgba(0,0,0,0.55);border-style:solid;border-color:#FECC76;border-width:2px 2px 2px 2px;}<\/style>\t\t\t\t<\/div>\n\t\t\t\t<\/div>\n\t\t\t\t<div class=\"elementor-element elementor-element-iwgw-yam-ccd elementor-widget elementor-widget-text-editor\" data-id=\"iwgw-yam-ccd\" data-element_type=\"widget\" data-e-type=\"widget\" data-widget_type=\"text-editor.default\">\n\t\t\t\t\t\t\t\t\t<div data-nosnippet=\"true\"><p style=\"text-align:center;font-size:13px;opacity:0.7;margin-top:14px\" data-nosnippet=\"true\">Osobn\u00ed zku\u0161enosti se mohou li\u0161it. Nejedn\u00e1 se o zdravotnick\u00fd prost\u0159edek. Nen\u00ed slibem l\u00e9\u010div\u00e9ho \u00fa\u010dinku.<\/p><\/div>\t\t\t\t\t\t\t\t<\/div>\n\t\t\t\t\t<\/div>\n\t\t\t\t<\/div>\n\t\t\t\t\t<\/div>\n\t\t\t\t<\/div>\n\t\t<div class=\"elementor-element elementor-element-iwgw-yam-disc e-flex e-con-boxed e-con e-parent\" data-id=\"iwgw-yam-disc\" data-element_type=\"container\" data-e-type=\"container\">\n\t\t\t\t\t<div class=\"e-con-inner\">\n\t\t\t\t<div class=\"elementor-element elementor-element-iwgw-yam-discw elementor-widget elementor-widget-html\" data-id=\"iwgw-yam-discw\" data-element_type=\"widget\" data-e-type=\"widget\" data-widget_type=\"html.default\">\n\t\t\t\t\t<footer data-nosnippet=\"true\" class=\"iwg-disclaimer-block\"><p data-nosnippet=\"true\">iWell Guard <strong>nen\u00ed zdravotnick\u00fd prost\u0159edek<\/strong> a nenahrazuje l\u00e9ka\u0159skou ani psychoterapeutickou l\u00e9\u010dbu. Religionistick\u00fd obsah p\u0159edstavuje kulturn\u011b-historick\u00e9 za\u0159azen\u00ed, nikoli doporu\u010den\u00ed duchovn\u00ed praxe.<\/p><\/footer>\t\t\t\t<\/div>\n\t\t\t\t\t<\/div>\n\t\t\t\t<\/div>\n\t\t\t\t<\/div>\n\t\t","protected":false},"excerpt":{"rendered":"","protected":false},"author":3,"featured_media":2854,"parent":0,"menu_order":0,"comment_status":"closed","ping_status":"closed","template":"elementor_header_footer","meta":{"_yoast_wpseo_focuskw":"Yam F\u00e9ni\u010dan\u00e9 b\u016fh mo\u0159e Baal","_yoast_wpseo_title":"Yam \u2013 f\u00e9nick\u00fd b\u016fh mo\u0159e, Baal\u016fv cyklus","_yoast_wpseo_metadesc":"Yam je f\u00e9nicko-ugaritsk\u00fd b\u016fh mo\u0159e, hlavn\u00ed protivn\u00edk Baala v Baalov\u011b cyklu. Religionistick\u00e9 za\u0159azen\u00ed v\u010detn\u011b m\u00fdtu.","_yoast_wpseo_meta-robots-noindex":"","_yoast_wpseo_canonical":"","_angie_page":false,"gefaehrdungsstufe":"3","wesen_kultur":"phoenizisch","wesen_klasse":"geister","footnotes":""},"categories":[],"class_list":["post-145502","page","type-page","status-publish","has-post-thumbnail","hentry"],"yoast_head":"<!-- This site is optimized with the Yoast SEO Premium plugin v27.7 (Yoast SEO v28.3) - https:\/\/yoast.com\/product\/yoast-seo-premium-wordpress\/ -->\n<title>Yam \u2013 f\u00e9nick\u00fd b\u016fh mo\u0159e, Baal\u016fv cyklus<\/title>\n<meta name=\"description\" content=\"Yam je f\u00e9nicko-ugaritsk\u00fd b\u016fh mo\u0159e, hlavn\u00ed protivn\u00edk Baala v Baalov\u011b cyklu. Religionistick\u00e9 za\u0159azen\u00ed v\u010detn\u011b m\u00fdtu.\" \/>\n<meta name=\"robots\" content=\"index, follow, max-snippet:-1, max-image-preview:large, max-video-preview:-1\" \/>\n<link rel=\"canonical\" href=\"https:\/\/iwell-guard.com\/cs\/yam-fenicky-buh-more\/\" \/>\n<meta property=\"og:locale\" content=\"cs_CZ\" \/>\n<meta property=\"og:type\" content=\"article\" \/>\n<meta property=\"og:title\" content=\"Yam \u2013 f\u00e9nick\u00fd b\u016fh mo\u0159e\" \/>\n<meta property=\"og:description\" content=\"Yam je f\u00e9nicko-ugaritsk\u00fd b\u016fh mo\u0159e, hlavn\u00ed protivn\u00edk Baala v Baalov\u011b cyklu. Religionistick\u00e9 za\u0159azen\u00ed v\u010detn\u011b m\u00fdtu.\" \/>\n<meta property=\"og:url\" content=\"https:\/\/iwell-guard.com\/cs\/yam-fenicky-buh-more\/\" \/>\n<meta property=\"og:site_name\" content=\"iWell Guard\" \/>\n<meta property=\"article:modified_time\" content=\"2026-09-03T16:57:46+00:00\" \/>\n<meta property=\"og:image\" content=\"https:\/\/iwell-guard.com\/wp-content\/uploads\/2026\/05\/goetter_phoenizisch_yam.webp\" \/>\n\t<meta property=\"og:image:width\" content=\"1024\" \/>\n\t<meta property=\"og:image:height\" content=\"1536\" \/>\n\t<meta property=\"og:image:type\" content=\"image\/webp\" \/>\n<meta name=\"twitter:card\" content=\"summary_large_image\" \/>\n<script type=\"application\/ld+json\" class=\"yoast-schema-graph\">{\"@context\":\"https:\\\/\\\/schema.org\",\"@graph\":[{\"@type\":\"WebPage\",\"@id\":\"https:\\\/\\\/iwell-guard.com\\\/cs\\\/yam-fenicky-buh-more\\\/\",\"url\":\"https:\\\/\\\/iwell-guard.com\\\/cs\\\/yam-fenicky-buh-more\\\/\",\"name\":\"Yam \u2013 f\u00e9nick\u00fd b\u016fh mo\u0159e, Baal\u016fv cyklus\",\"isPartOf\":{\"@id\":\"https:\\\/\\\/iwell-guard.com\\\/cs\\\/#website\"},\"primaryImageOfPage\":{\"@id\":\"https:\\\/\\\/iwell-guard.com\\\/cs\\\/yam-fenicky-buh-more\\\/#primaryimage\"},\"image\":{\"@id\":\"https:\\\/\\\/iwell-guard.com\\\/cs\\\/yam-fenicky-buh-more\\\/#primaryimage\"},\"thumbnailUrl\":\"https:\\\/\\\/iwell-guard.com\\\/wp-content\\\/uploads\\\/2026\\\/05\\\/goetter_phoenizisch_yam.webp\",\"datePublished\":\"2026-09-03T16:31:00+00:00\",\"dateModified\":\"2026-09-03T16:57:46+00:00\",\"description\":\"Yam je f\u00e9nicko-ugaritsk\u00fd b\u016fh mo\u0159e, hlavn\u00ed protivn\u00edk Baala v Baalov\u011b cyklu. Religionistick\u00e9 za\u0159azen\u00ed v\u010detn\u011b m\u00fdtu.\",\"breadcrumb\":{\"@id\":\"https:\\\/\\\/iwell-guard.com\\\/cs\\\/yam-fenicky-buh-more\\\/#breadcrumb\"},\"inLanguage\":\"cs\",\"potentialAction\":[{\"@type\":\"ReadAction\",\"target\":[\"https:\\\/\\\/iwell-guard.com\\\/cs\\\/yam-fenicky-buh-more\\\/\"]}]},{\"@type\":\"ImageObject\",\"inLanguage\":\"cs\",\"@id\":\"https:\\\/\\\/iwell-guard.com\\\/cs\\\/yam-fenicky-buh-more\\\/#primaryimage\",\"url\":\"https:\\\/\\\/iwell-guard.com\\\/wp-content\\\/uploads\\\/2026\\\/05\\\/goetter_phoenizisch_yam.webp\",\"contentUrl\":\"https:\\\/\\\/iwell-guard.com\\\/wp-content\\\/uploads\\\/2026\\\/05\\\/goetter_phoenizisch_yam.webp\",\"width\":1024,\"height\":1536,\"caption\":\"Bohov\u00e9 z f\u00e9nick\u00e9 tradice.\"},{\"@type\":\"BreadcrumbList\",\"@id\":\"https:\\\/\\\/iwell-guard.com\\\/cs\\\/yam-fenicky-buh-more\\\/#breadcrumb\",\"itemListElement\":[{\"@type\":\"ListItem\",\"position\":1,\"name\":\"Start\",\"item\":\"https:\\\/\\\/iwell-guard.com\\\/cs\\\/?page_id=145107\"},{\"@type\":\"ListItem\",\"position\":2,\"name\":\"Yam \u2013 f\u00e9nick\u00fd b\u016fh mo\u0159e\"}]},{\"@type\":\"WebSite\",\"@id\":\"https:\\\/\\\/iwell-guard.com\\\/cs\\\/#website\",\"url\":\"https:\\\/\\\/iwell-guard.com\\\/cs\\\/\",\"name\":\"iWell Guard\",\"description\":\"Schutz vor dunklen Einfl\u00fcssen\",\"publisher\":{\"@id\":\"https:\\\/\\\/iwell-guard.com\\\/cs\\\/#organization\"},\"potentialAction\":[{\"@type\":\"SearchAction\",\"target\":{\"@type\":\"EntryPoint\",\"urlTemplate\":\"https:\\\/\\\/iwell-guard.com\\\/cs\\\/?s={search_term_string}\"},\"query-input\":{\"@type\":\"PropertyValueSpecification\",\"valueRequired\":true,\"valueName\":\"search_term_string\"}}],\"inLanguage\":\"cs\"},{\"@type\":\"Organization\",\"@id\":\"https:\\\/\\\/iwell-guard.com\\\/cs\\\/#organization\",\"name\":\"Ittermann electronic GmbH\",\"url\":\"https:\\\/\\\/iwell-guard.com\\\/cs\\\/\",\"logo\":{\"@type\":\"ImageObject\",\"inLanguage\":\"cs\",\"@id\":\"https:\\\/\\\/iwell-guard.com\\\/cs\\\/#\\\/schema\\\/logo\\\/image\\\/\",\"url\":\"https:\\\/\\\/iwell-guard.com\\\/wp-content\\\/uploads\\\/2026\\\/05\\\/Ittermann-Logo-1182x237-1.png\",\"contentUrl\":\"https:\\\/\\\/iwell-guard.com\\\/wp-content\\\/uploads\\\/2026\\\/05\\\/Ittermann-Logo-1182x237-1.png\",\"width\":1182,\"height\":237,\"caption\":\"Ittermann electronic GmbH\"},\"image\":{\"@id\":\"https:\\\/\\\/iwell-guard.com\\\/cs\\\/#\\\/schema\\\/logo\\\/image\\\/\"},\"sameAs\":[\"https:\\\/\\\/pantip.com\\\/profile\\\/9367242\",\"https:\\\/\\\/micro.blog\\\/iwellguard\",\"https:\\\/\\\/www.diggerslist.com\\\/iwellguard\\\/about\",\"https:\\\/\\\/skitterphoto.com\\\/photographers\\\/2870314\\\/iwell-guard\",\"https:\\\/\\\/iwellguard.wordpress.com\\\/2026\\\/06\\\/06\\\/iwell-guard\\\/\",\"https:\\\/\\\/hub.docker.com\\\/u\\\/iwellguard\",\"https:\\\/\\\/www.pinterest.com\\\/iwellguard\\\/\",\"https:\\\/\\\/bit.ly\\\/m\\\/iwellguard\",\"https:\\\/\\\/entre-vos-mains.alsace.eu\\\/profiles\\\/iwellguard\\\/activity\",\"https:\\\/\\\/gravatar.com\\\/reallybeded8fd34\",\"https:\\\/\\\/naijamatta.com\\\/iwellguard\",\"https:\\\/\\\/www.goodreads.com\\\/iwellguard\",\"https:\\\/\\\/profile.hatena.ne.jp\\\/iwellguard\\\/\",\"https:\\\/\\\/experiment.com\\\/users\\\/iwellguard\",\"https:\\\/\\\/wakelet.com\\\/@iWellGuard82270\",\"https:\\\/\\\/www.chordie.com\\\/forum\\\/profile.php?id=2555664\",\"https:\\\/\\\/www.instapaper.com\\\/p\\\/17757966\",\"https:\\\/\\\/www.mapleprimes.com\\\/users\\\/iwellguard\",\"https:\\\/\\\/businesslistingplus.com\\\/profile\\\/iwell-guard\\\/\",\"https:\\\/\\\/telegra.ph\\\/iWell-Guard-06-06\",\"https:\\\/\\\/pbase.com\\\/iwellguard\\\/iwellguard\",\"https:\\\/\\\/b.hatena.ne.jp\\\/iwellguard\\\/20260607#bookmark-4788405196491818882\",\"https:\\\/\\\/fliphtml5.com\\\/home\\\/iwellguard\",\"https:\\\/\\\/anyflip.com\\\/homepage\\\/cmiwl#About\",\"https:\\\/\\\/transfur.com\\\/Users\\\/iwellguard\",\"http:\\\/\\\/delphi.larsbo.org\\\/user\\\/iwellguard\",\"https:\\\/\\\/jobs.lajobsportal.org\\\/profiles\\\/8380803-iwell-guard\",\"https:\\\/\\\/md.chaosdorf.de\\\/s\\\/jfbe5SBdJD\",\"https:\\\/\\\/www.lingvolive.com\\\/en-us\\\/profile\\\/9ecaeaca-ce11-4e51-9e71-01d55e2bff36\\\/translations\",\"https:\\\/\\\/www.fitday.com\\\/fitness\\\/forums\\\/members\\\/iwellguard.html\",\"https:\\\/\\\/www.mymeetbook.com\\\/iwellguard\",\"https:\\\/\\\/pxhere.com\\\/en\\\/photographer-me\\\/5040798\",\"https:\\\/\\\/disqus.com\\\/by\\\/iwellguard\\\/about\\\/\",\"https:\\\/\\\/pastelink.net\\\/hjwciqwq\",\"https:\\\/\\\/pubhtml5.com\\\/homepage\\\/scjhn\\\/\",\"https:\\\/\\\/www.bitchute.com\\\/channel\\\/2O2eOKzNqujT\",\"https:\\\/\\\/audiomack.com\\\/iwellguard\"]},{\"@type\":\"Article\",\"@id\":\"https:\\\/\\\/iwell-guard.com\\\/cs\\\/yam-fenicky-buh-more\\\/#article\",\"isPartOf\":{\"@id\":\"https:\\\/\\\/iwell-guard.com\\\/cs\\\/yam-fenicky-buh-more\\\/\"},\"author\":{\"name\":\"Ralf Ittermann\",\"@id\":\"https:\\\/\\\/iwell-guard.com\\\/cs\\\/#\\\/schema\\\/person\\\/ee2a27f1cac3406c7c6fb5820cb7349f\"},\"headline\":\"Yam \u2013 f\u00e9nick\u00fd b\u016fh mo\u0159e\",\"datePublished\":\"2026-09-03T16:31:00+00:00\",\"dateModified\":\"2026-09-03T16:57:46+00:00\",\"mainEntityOfPage\":{\"@id\":\"https:\\\/\\\/iwell-guard.com\\\/cs\\\/yam-fenicky-buh-more\\\/\"},\"publisher\":{\"@id\":\"https:\\\/\\\/iwell-guard.com\\\/cs\\\/#organization\"},\"image\":{\"@id\":\"https:\\\/\\\/iwell-guard.com\\\/cs\\\/yam-fenicky-buh-more\\\/#primaryimage\"},\"thumbnailUrl\":\"https:\\\/\\\/iwell-guard.com\\\/wp-content\\\/uploads\\\/2026\\\/05\\\/goetter_phoenizisch_yam.webp\",\"inLanguage\":\"cs\",\"description\":\"Yam je f\u00e9nicko-ugaritsk\u00fd b\u016fh mo\u0159e, hlavn\u00ed protivn\u00edk Baala v Baalov\u011b cyklu. Religionistick\u00e9 za\u0159azen\u00ed v\u010detn\u011b m\u00fdtu.\"}]}<\/script>\n<!-- \/ Yoast SEO Premium plugin. -->","yoast_head_json":{"title":"Yam \u2013 f\u00e9nick\u00fd b\u016fh mo\u0159e, Baal\u016fv cyklus","description":"Yam je f\u00e9nicko-ugaritsk\u00fd b\u016fh mo\u0159e, hlavn\u00ed protivn\u00edk Baala v Baalov\u011b cyklu. Religionistick\u00e9 za\u0159azen\u00ed v\u010detn\u011b m\u00fdtu.","robots":{"index":"index","follow":"follow","max-snippet":"max-snippet:-1","max-image-preview":"max-image-preview:large","max-video-preview":"max-video-preview:-1"},"canonical":"https:\/\/iwell-guard.com\/cs\/yam-fenicky-buh-more\/","og_locale":"cs_CZ","og_type":"article","og_title":"Yam \u2013 f\u00e9nick\u00fd b\u016fh mo\u0159e","og_description":"Yam je f\u00e9nicko-ugaritsk\u00fd b\u016fh mo\u0159e, hlavn\u00ed protivn\u00edk Baala v Baalov\u011b cyklu. Religionistick\u00e9 za\u0159azen\u00ed v\u010detn\u011b m\u00fdtu.","og_url":"https:\/\/iwell-guard.com\/cs\/yam-fenicky-buh-more\/","og_site_name":"iWell Guard","article_modified_time":"2026-09-03T16:57:46+00:00","og_image":[{"width":1024,"height":1536,"url":"https:\/\/iwell-guard.com\/wp-content\/uploads\/2026\/05\/goetter_phoenizisch_yam.webp","type":"image\/webp"}],"twitter_card":"summary_large_image","schema":{"@context":"https:\/\/schema.org","@graph":[{"@type":"Article","@id":"https:\/\/iwell-guard.com\/cs\/yam-fenicky-buh-more\/#article","isPartOf":{"@id":"https:\/\/iwell-guard.com\/cs\/yam-fenicky-buh-more\/"},"author":{"name":"Ralf Ittermann","@id":"https:\/\/iwell-guard.com\/cs\/#\/schema\/person\/ee2a27f1cac3406c7c6fb5820cb7349f"},"headline":"Yam \u2013 f\u00e9nick\u00fd b\u016fh mo\u0159e","datePublished":"2026-09-03T16:31:00+00:00","dateModified":"2026-09-03T16:57:46+00:00","mainEntityOfPage":{"@id":"https:\/\/iwell-guard.com\/cs\/yam-fenicky-buh-more\/"},"publisher":{"@id":"https:\/\/iwell-guard.com\/cs\/#organization"},"image":{"@id":"https:\/\/iwell-guard.com\/cs\/yam-fenicky-buh-more\/#primaryimage"},"thumbnailUrl":"https:\/\/iwell-guard.com\/wp-content\/uploads\/2026\/05\/goetter_phoenizisch_yam.webp","inLanguage":"cs","description":"Yam je f\u00e9nicko-ugaritsk\u00fd b\u016fh mo\u0159e, hlavn\u00ed protivn\u00edk Baala v Baalov\u011b cyklu. Religionistick\u00e9 za\u0159azen\u00ed v\u010detn\u011b m\u00fdtu."},{"@type":"WebPage","@id":"https:\/\/iwell-guard.com\/cs\/yam-fenicky-buh-more\/","url":"https:\/\/iwell-guard.com\/cs\/yam-fenicky-buh-more\/","name":"Yam \u2013 f\u00e9nick\u00fd b\u016fh mo\u0159e, Baal\u016fv cyklus","isPartOf":{"@id":"https:\/\/iwell-guard.com\/cs\/#website"},"primaryImageOfPage":{"@id":"https:\/\/iwell-guard.com\/cs\/yam-fenicky-buh-more\/#primaryimage"},"image":{"@id":"https:\/\/iwell-guard.com\/cs\/yam-fenicky-buh-more\/#primaryimage"},"thumbnailUrl":"https:\/\/iwell-guard.com\/wp-content\/uploads\/2026\/05\/goetter_phoenizisch_yam.webp","datePublished":"2026-09-03T16:31:00+00:00","dateModified":"2026-09-03T16:57:46+00:00","description":"Yam je f\u00e9nicko-ugaritsk\u00fd b\u016fh mo\u0159e, hlavn\u00ed protivn\u00edk Baala v Baalov\u011b cyklu. Religionistick\u00e9 za\u0159azen\u00ed v\u010detn\u011b m\u00fdtu.","breadcrumb":{"@id":"https:\/\/iwell-guard.com\/cs\/yam-fenicky-buh-more\/#breadcrumb"},"inLanguage":"cs","potentialAction":[{"@type":"ReadAction","target":["https:\/\/iwell-guard.com\/cs\/yam-fenicky-buh-more\/"]}]},{"@type":"ImageObject","inLanguage":"cs","@id":"https:\/\/iwell-guard.com\/cs\/yam-fenicky-buh-more\/#primaryimage","url":"https:\/\/iwell-guard.com\/wp-content\/uploads\/2026\/05\/goetter_phoenizisch_yam.webp","contentUrl":"https:\/\/iwell-guard.com\/wp-content\/uploads\/2026\/05\/goetter_phoenizisch_yam.webp","width":1024,"height":1536,"caption":"Bohov\u00e9 z f\u00e9nick\u00e9 tradice."},{"@type":"BreadcrumbList","@id":"https:\/\/iwell-guard.com\/cs\/yam-fenicky-buh-more\/#breadcrumb","itemListElement":[{"@type":"ListItem","position":1,"name":"Start","item":"https:\/\/iwell-guard.com\/cs\/?page_id=145107"},{"@type":"ListItem","position":2,"name":"Yam \u2013 f\u00e9nick\u00fd b\u016fh mo\u0159e"}]},{"@type":"WebSite","@id":"https:\/\/iwell-guard.com\/cs\/#website","url":"https:\/\/iwell-guard.com\/cs\/","name":"iWell Guard","description":"Schutz vor dunklen Einfl\u00fcssen","publisher":{"@id":"https:\/\/iwell-guard.com\/cs\/#organization"},"potentialAction":[{"@type":"SearchAction","target":{"@type":"EntryPoint","urlTemplate":"https:\/\/iwell-guard.com\/cs\/?s={search_term_string}"},"query-input":{"@type":"PropertyValueSpecification","valueRequired":true,"valueName":"search_term_string"}}],"inLanguage":"cs"},{"@type":"Organization","@id":"https:\/\/iwell-guard.com\/cs\/#organization","name":"Ittermann electronic GmbH","url":"https:\/\/iwell-guard.com\/cs\/","logo":{"@type":"ImageObject","inLanguage":"cs","@id":"https:\/\/iwell-guard.com\/cs\/#\/schema\/logo\/image\/","url":"https:\/\/iwell-guard.com\/wp-content\/uploads\/2026\/05\/Ittermann-Logo-1182x237-1.png","contentUrl":"https:\/\/iwell-guard.com\/wp-content\/uploads\/2026\/05\/Ittermann-Logo-1182x237-1.png","width":1182,"height":237,"caption":"Ittermann electronic GmbH"},"image":{"@id":"https:\/\/iwell-guard.com\/cs\/#\/schema\/logo\/image\/"},"sameAs":["https:\/\/pantip.com\/profile\/9367242","https:\/\/micro.blog\/iwellguard","https:\/\/www.diggerslist.com\/iwellguard\/about","https:\/\/skitterphoto.com\/photographers\/2870314\/iwell-guard","https:\/\/iwellguard.wordpress.com\/2026\/06\/06\/iwell-guard\/","https:\/\/hub.docker.com\/u\/iwellguard","https:\/\/www.pinterest.com\/iwellguard\/","https:\/\/bit.ly\/m\/iwellguard","https:\/\/entre-vos-mains.alsace.eu\/profiles\/iwellguard\/activity","https:\/\/gravatar.com\/reallybeded8fd34","https:\/\/naijamatta.com\/iwellguard","https:\/\/www.goodreads.com\/iwellguard","https:\/\/profile.hatena.ne.jp\/iwellguard\/","https:\/\/experiment.com\/users\/iwellguard","https:\/\/wakelet.com\/@iWellGuard82270","https:\/\/www.chordie.com\/forum\/profile.php?id=2555664","https:\/\/www.instapaper.com\/p\/17757966","https:\/\/www.mapleprimes.com\/users\/iwellguard","https:\/\/businesslistingplus.com\/profile\/iwell-guard\/","https:\/\/telegra.ph\/iWell-Guard-06-06","https:\/\/pbase.com\/iwellguard\/iwellguard","https:\/\/b.hatena.ne.jp\/iwellguard\/20260607#bookmark-4788405196491818882","https:\/\/fliphtml5.com\/home\/iwellguard","https:\/\/anyflip.com\/homepage\/cmiwl#About","https:\/\/transfur.com\/Users\/iwellguard","http:\/\/delphi.larsbo.org\/user\/iwellguard","https:\/\/jobs.lajobsportal.org\/profiles\/8380803-iwell-guard","https:\/\/md.chaosdorf.de\/s\/jfbe5SBdJD","https:\/\/www.lingvolive.com\/en-us\/profile\/9ecaeaca-ce11-4e51-9e71-01d55e2bff36\/translations","https:\/\/www.fitday.com\/fitness\/forums\/members\/iwellguard.html","https:\/\/www.mymeetbook.com\/iwellguard","https:\/\/pxhere.com\/en\/photographer-me\/5040798","https:\/\/disqus.com\/by\/iwellguard\/about\/","https:\/\/pastelink.net\/hjwciqwq","https:\/\/pubhtml5.com\/homepage\/scjhn\/","https:\/\/www.bitchute.com\/channel\/2O2eOKzNqujT","https:\/\/audiomack.com\/iwellguard"]},{"@type":"Person","@id":"https:\/\/iwell-guard.com\/cs\/#\/schema\/person\/ee2a27f1cac3406c7c6fb5820cb7349f","name":"Ralf Ittermann","image":{"@type":"ImageObject","inLanguage":"cs","@id":"https:\/\/secure.gravatar.com\/avatar\/073c0153e350a5005b68eb752b445fea71f6b24a26da9449ad7e155e6b446c9d?s=96&d=mm&r=g","url":"https:\/\/secure.gravatar.com\/avatar\/073c0153e350a5005b68eb752b445fea71f6b24a26da9449ad7e155e6b446c9d?s=96&d=mm&r=g","contentUrl":"https:\/\/secure.gravatar.com\/avatar\/073c0153e350a5005b68eb752b445fea71f6b24a26da9449ad7e155e6b446c9d?s=96&d=mm&r=g","caption":"Ralf Ittermann"},"givenName":"Ralf","familyName":"Ittermann","jobTitle":"Gesch\u00e4ftsf\u00fchrer und redaktioneller Verantwortlicher","url":"https:\/\/iwell-guard.com\/cs\/author\/claude\/","description":"Ralf Ittermann ist Gesch\u00e4ftsf\u00fchrer der Ittermann electronic GmbH und redaktioneller Verantwortlicher des iWell-Guard-Lexikons. Er verbindet langj\u00e4hrige Erfahrung in der Pr\u00e4zisionsfertigung mit medialer Praxis und religionsgeschichtlicher Quellenarbeit.","worksFor":{"@type":"Organization","name":"Ittermann electronic GmbH","url":"https:\/\/ittermann.de\/","address":{"@type":"PostalAddress","streetAddress":"K\u00f6hlergasse 16-18","postalCode":"99842","addressLocality":"Ruhla","addressCountry":"DE"}},"knowsAbout":["Religionsgeschichte","Mythologie","Mediale Praxis","Energetische Diagnostik","Schutzpraxis","Volksglauben","Westliche Esoterik"]},{"@type":"Article","@id":"https:\/\/iwell-guard.com\/cs\/yam-fenicky-buh-more\/#article","isPartOf":{"@id":"https:\/\/iwell-guard.com\/cs\/yam-fenicky-buh-more\/"},"author":{"name":"Ralf Ittermann","@id":"https:\/\/iwell-guard.com\/cs\/#\/schema\/person\/ee2a27f1cac3406c7c6fb5820cb7349f"},"headline":"Yam \u2013 f\u00e9nick\u00fd b\u016fh mo\u0159e","datePublished":"2026-09-03T16:31:00+00:00","dateModified":"2026-09-03T16:57:46+00:00","mainEntityOfPage":{"@id":"https:\/\/iwell-guard.com\/cs\/yam-fenicky-buh-more\/"},"publisher":{"@id":"https:\/\/iwell-guard.com\/cs\/#organization"},"image":{"@id":"https:\/\/iwell-guard.com\/cs\/yam-fenicky-buh-more\/#primaryimage"},"thumbnailUrl":"https:\/\/iwell-guard.com\/wp-content\/uploads\/2026\/05\/goetter_phoenizisch_yam.webp","inLanguage":"cs","description":"Yam je f\u00e9nicko-ugaritsk\u00fd b\u016fh mo\u0159e, hlavn\u00ed protivn\u00edk Baala v Baalov\u011b cyklu. Religionistick\u00e9 za\u0159azen\u00ed v\u010detn\u011b m\u00fdtu."}]}},"_links":{"self":[{"href":"https:\/\/iwell-guard.com\/cs\/wp-json\/wp\/v2\/pages\/145502","targetHints":{"allow":["GET"]}}],"collection":[{"href":"https:\/\/iwell-guard.com\/cs\/wp-json\/wp\/v2\/pages"}],"about":[{"href":"https:\/\/iwell-guard.com\/cs\/wp-json\/wp\/v2\/types\/page"}],"author":[{"embeddable":true,"href":"https:\/\/iwell-guard.com\/cs\/wp-json\/wp\/v2\/users\/3"}],"replies":[{"embeddable":true,"href":"https:\/\/iwell-guard.com\/cs\/wp-json\/wp\/v2\/comments?post=145502"}],"version-history":[{"count":0,"href":"https:\/\/iwell-guard.com\/cs\/wp-json\/wp\/v2\/pages\/145502\/revisions"}],"wp:featuredmedia":[{"embeddable":true,"href":"https:\/\/iwell-guard.com\/cs\/wp-json\/wp\/v2\/media\/2854"}],"wp:attachment":[{"href":"https:\/\/iwell-guard.com\/cs\/wp-json\/wp\/v2\/media?parent=145502"}],"wp:term":[{"taxonomy":"category","embeddable":true,"href":"https:\/\/iwell-guard.com\/cs\/wp-json\/wp\/v2\/categories?post=145502"}],"curies":[{"name":"wp","href":"https:\/\/api.w.org\/{rel}","templated":true}]}}