{"id":145496,"date":"2026-09-03T16:30:57","date_gmt":"2026-09-03T16:30:57","guid":{"rendered":"https:\/\/iwell-guard.com\/?page_id=145496"},"modified":"2026-09-03T16:57:36","modified_gmt":"2026-09-03T16:57:36","slug":"baal-hadad-fenicky-buh-pocasi","status":"publish","type":"page","link":"https:\/\/iwell-guard.com\/cs\/baal-hadad-fenicky-buh-pocasi\/","title":{"rendered":"Baal-Hadad \u2013 f\u00e9nick\u00fd b\u016fh po\u010das\u00ed"},"content":{"rendered":"\t\t<div data-elementor-type=\"wp-page\" data-elementor-id=\"145496\" class=\"elementor elementor-145496 elementor-2624 elementor-bc-flex-widget\" data-elementor-post-type=\"page\">\n\t\t\t\t<div class=\"elementor-element elementor-element-iwgw-baalhadad-hero e-flex e-con-boxed e-con e-parent\" data-id=\"iwgw-baalhadad-hero\" data-element_type=\"container\" data-e-type=\"container\" data-settings=\"{&quot;background_background&quot;:&quot;classic&quot;}\">\n\t\t\t\t\t<div class=\"e-con-inner\">\n\t\t<div class=\"elementor-element elementor-element-iwgw-baalhadad-hl e-flex e-con-boxed e-con e-child\" data-id=\"iwgw-baalhadad-hl\" data-element_type=\"container\" data-e-type=\"container\">\n\t\t\t\t\t<div class=\"e-con-inner\">\n\t\t<div class=\"elementor-element elementor-element-iwgw-baalhadad-htxt e-con-full e-flex e-con e-child\" data-id=\"iwgw-baalhadad-htxt\" data-element_type=\"container\" data-e-type=\"container\">\n\t\t\t\t<div class=\"elementor-element elementor-element-iwgw-baalhadad-h1 elementor-widget elementor-widget-heading\" data-id=\"iwgw-baalhadad-h1\" data-element_type=\"widget\" data-e-type=\"widget\" data-widget_type=\"heading.default\">\n\t\t\t\t\t<h1 class=\"elementor-heading-title elementor-size-default\">Baal-Hadad, f\u00e9nick\u00fd b\u016fh po\u010das\u00ed a nejvy\u0161\u0161\u00ed b\u016fh<\/h1>\t\t\t\t<\/div>\n\t\t\t\t<div class=\"elementor-element elementor-element-iwgw-baalhadad-lead elementor-widget elementor-widget-text-editor\" data-id=\"iwgw-baalhadad-lead\" data-element_type=\"widget\" data-e-type=\"widget\" data-widget_type=\"text-editor.default\">\n\t\t\t\t\t\t\t\t\t<p>Baal-Hadad je nejvy\u0161\u0161\u00ed b\u016fh po\u010das\u00ed f\u00e9nicko-kana\u00e1nsk\u00e9ho n\u00e1bo\u017eenstv\u00ed a hrdina Baalova cyklu z ugaritsk\u00e9ho korpusu. Jako b\u016fh bou\u0159e vl\u00e1dne bou\u0159k\u00e1m, de\u0161ti a plodnosti a bojuje s chaotick\u00fdm mo\u0159em <a href=\"https:\/\/iwell-guard.com\/cs\/?page_id=145502\">Jamem<\/a> a bohem smrti <a href=\"https:\/\/iwell-guard.com\/cs\/?page_id=145503\">Motem<\/a>. Jako b\u016fh po\u010das\u00ed a nejvy\u0161\u0161\u00ed b\u016fh vl\u00e1dne Baal-Hadad bou\u0159k\u00e1m, de\u0161ti a plodnosti f\u00e9nicko-kana\u00e1nsk\u00e9ho sv\u011bta.<\/p>\t\t\t\t\t\t\t\t<\/div>\n\t\t\t\t<\/div>\n\t\t<div class=\"elementor-element elementor-element-iwgw-baalhadad-pillc e-con-full e-flex e-con e-child\" data-id=\"iwgw-baalhadad-pillc\" data-element_type=\"container\" data-e-type=\"container\">\n\t\t\t\t<div class=\"elementor-element elementor-element-iwgw-baalhadad-pills elementor-widget elementor-widget-html\" data-id=\"iwgw-baalhadad-pills\" data-element_type=\"widget\" data-e-type=\"widget\" data-widget_type=\"html.default\">\n\t\t\t\t\t<div class=\"iwg-pill-row\"><span class=\"iwg-klasse-badge\" tabindex=\"0\" data-tooltip=\"B\u016fh po\u010das\u00ed f\u00e9nick\u00e9 tradice.\">B\u016fh po\u010das\u00ed<\/span><a href=\"https:\/\/iwell-guard.com\/cs\/fenicane-a-kartago-baal-tanit\/\" class=\"iwg-kultur-badge\" tabindex=\"0\" data-tooltip=\"Mytologie f\u00e9nick\u00e9 tradice.\">F\u00e9nick\u00e1<\/a><span class=\"iwg-tradition-badge\" tabindex=\"0\" data-tooltip=\"Nejvy\u0161\u0161\u00ed bo\u017estvo.\">Nejvy\u0161\u0161\u00ed bo\u017estvo<\/span><\/div>\t\t\t\t<\/div>\n\t\t\t\t<\/div>\n\t\t<div class=\"elementor-element elementor-element-iwgw-baalhadad-tocc e-con-full e-flex e-con e-child\" data-id=\"iwgw-baalhadad-tocc\" data-element_type=\"container\" data-e-type=\"container\">\n\t\t\t\t<div class=\"elementor-element elementor-element-iwgw-baalhadad-toc elementor-toc--minimized-on-tablet elementor-widget elementor-widget-table-of-contents\" data-id=\"iwgw-baalhadad-toc\" data-element_type=\"widget\" data-e-type=\"widget\" data-settings=\"{&quot;headings_by_tags&quot;:[&quot;h2&quot;,&quot;h3&quot;],&quot;minimize_box&quot;:&quot;yes&quot;,&quot;marker_view&quot;:&quot;bullets&quot;,&quot;no_headings_message&quot;:&quot;Na t\\u00e9to str\\u00e1nce nebyly nalezeny \\u017e\\u00e1dn\\u00e9 nadpisy.&quot;,&quot;exclude_headings_by_selector&quot;:[],&quot;icon&quot;:{&quot;value&quot;:&quot;fas fa-circle&quot;,&quot;library&quot;:&quot;fa-solid&quot;,&quot;rendered_tag&quot;:&quot;&lt;svg class=\\&quot;e-font-icon-svg e-fas-circle\\&quot; viewBox=\\&quot;0 0 512 512\\&quot; xmlns=\\&quot;http:\\\/\\\/www.w3.org\\\/2000\\\/svg\\&quot;&gt;&lt;path d=\\&quot;M256 8C119 8 8 119 8 256s111 248 248 248 248-111 248-248S393 8 256 8z\\&quot;&gt;&lt;\\\/path&gt;&lt;\\\/svg&gt;&quot;},&quot;minimized_on&quot;:&quot;tablet&quot;,&quot;hierarchical_view&quot;:&quot;yes&quot;,&quot;min_height&quot;:{&quot;unit&quot;:&quot;px&quot;,&quot;size&quot;:&quot;&quot;,&quot;sizes&quot;:[]},&quot;min_height_tablet&quot;:{&quot;unit&quot;:&quot;px&quot;,&quot;size&quot;:&quot;&quot;,&quot;sizes&quot;:[]},&quot;min_height_mobile&quot;:{&quot;unit&quot;:&quot;px&quot;,&quot;size&quot;:&quot;&quot;,&quot;sizes&quot;:[]}}\" data-widget_type=\"table-of-contents.default\">\n\t\t\t\t\t\t\t\t\t<div class=\"elementor-toc__header\">\n\t\t\t\t\t\t<h2 class=\"elementor-toc__header-title\">\n\t\t\t\tObsah\t\t\t<\/h2>\n\t\t\t\t\t\t\t\t\t\t<div class=\"elementor-toc__toggle-button elementor-toc__toggle-button--expand\" role=\"button\" tabindex=\"0\" aria-controls=\"elementor-toc__iwgw-baalhadad-toc\" aria-expanded=\"true\" aria-label=\"Open table of contents\"><svg aria-hidden=\"true\" class=\"e-font-icon-svg e-fas-chevron-down\" viewBox=\"0 0 448 512\" xmlns=\"http:\/\/www.w3.org\/2000\/svg\"><path d=\"M207.029 381.476L12.686 187.132c-9.373-9.373-9.373-24.569 0-33.941l22.667-22.667c9.357-9.357 24.522-9.375 33.901-.04L224 284.505l154.745-154.021c9.379-9.335 24.544-9.317 33.901.04l22.667 22.667c9.373 9.373 9.373 24.569 0 33.941L240.971 381.476c-9.373 9.372-24.569 9.372-33.942 0z\"><\/path><\/svg><\/div>\n\t\t\t\t<div class=\"elementor-toc__toggle-button elementor-toc__toggle-button--collapse\" role=\"button\" tabindex=\"0\" aria-controls=\"elementor-toc__iwgw-baalhadad-toc\" aria-expanded=\"true\" aria-label=\"Close table of contents\"><svg aria-hidden=\"true\" class=\"e-font-icon-svg e-fas-chevron-up\" viewBox=\"0 0 448 512\" xmlns=\"http:\/\/www.w3.org\/2000\/svg\"><path d=\"M240.971 130.524l194.343 194.343c9.373 9.373 9.373 24.569 0 33.941l-22.667 22.667c-9.357 9.357-24.522 9.375-33.901.04L224 227.495 69.255 381.516c-9.379 9.335-24.544 9.317-33.901-.04l-22.667-22.667c-9.373-9.373-9.373-24.569 0-33.941L207.03 130.525c9.372-9.373 24.568-9.373 33.941-.001z\"><\/path><\/svg><\/div>\n\t\t\t\t\t<\/div>\n\t\t\t\t<div id=\"elementor-toc__iwgw-baalhadad-toc\" class=\"elementor-toc__body\">\n\t\t\t<div class=\"elementor-toc__spinner-container\">\n\t\t\t\t<svg class=\"elementor-toc__spinner eicon-animation-spin e-font-icon-svg e-eicon-loading\" aria-hidden=\"true\" viewBox=\"0 0 1000 1000\" xmlns=\"http:\/\/www.w3.org\/2000\/svg\"><path d=\"M500 975V858C696 858 858 696 858 500S696 142 500 142 142 304 142 500H25C25 237 238 25 500 25S975 237 975 500 763 975 500 975Z\"><\/path><\/svg>\t\t\t<\/div>\n\t\t<\/div>\n\t\t\t\t\t\t<\/div>\n\t\t\t\t<\/div>\n\t\t\t\t\t<\/div>\n\t\t\t\t<\/div>\n\t\t<div class=\"elementor-element elementor-element-iwgw-baalhadad-hr e-con-full e-flex e-con e-child\" data-id=\"iwgw-baalhadad-hr\" data-element_type=\"container\" data-e-type=\"container\">\n\t\t\t\t<div class=\"elementor-element elementor-element-iwgw-baalhadad-heroimg iwg-hero-image elementor-widget elementor-widget-image\" data-id=\"iwgw-baalhadad-heroimg\" data-element_type=\"widget\" data-e-type=\"widget\" data-widget_type=\"image.default\">\n\t\t\t\t\t\t\t\t\t\t\t\t\t\t\t<img fetchpriority=\"high\" decoding=\"async\" width=\"683\" height=\"1024\" src=\"https:\/\/iwell-guard.com\/wp-content\/uploads\/2026\/05\/goetter_phoenizisch_baal-hadad-683x1024.webp\" class=\"attachment-large size-large wp-image-147338\" alt=\"Baal Hadad - bohov\u00e9 z f\u00e9nick\u00e9 tradice, historicko-ilustrativn\u00ed\" srcset=\"https:\/\/iwell-guard.com\/wp-content\/uploads\/2026\/05\/goetter_phoenizisch_baal-hadad-683x1024.webp 683w, https:\/\/iwell-guard.com\/wp-content\/uploads\/2026\/05\/goetter_phoenizisch_baal-hadad-200x300.webp 200w, https:\/\/iwell-guard.com\/wp-content\/uploads\/2026\/05\/goetter_phoenizisch_baal-hadad-768x1152.webp 768w, https:\/\/iwell-guard.com\/wp-content\/uploads\/2026\/05\/goetter_phoenizisch_baal-hadad.webp 1024w\" sizes=\"(max-width: 683px) 100vw, 683px\" \/>\t\t\t\t\t\t\t\t\t\t\t\t\t\t\t<\/div>\n\t\t\t\t<\/div>\n\t\t\t\t\t<\/div>\n\t\t\t\t<\/div>\n\t\t\t\t<section class=\"elementor-section elementor-top-section elementor-element elementor-element-sec-iwgcomp2-baal-hadad elementor-section-boxed elementor-section-height-default elementor-section-height-default\" data-id=\"sec-iwgcomp2-baal-hadad\" data-element_type=\"section\" data-e-type=\"section\">\n\t\t\t\t\t\t<div class=\"elementor-container elementor-column-gap-default\">\n\t\t\t\t\t<div class=\"elementor-column elementor-col-100 elementor-top-column elementor-element elementor-element-col-iwgcomp2-baal-hadad\" data-id=\"col-iwgcomp2-baal-hadad\" data-element_type=\"column\" data-e-type=\"column\">\n\t\t\t<div class=\"elementor-widget-wrap elementor-element-populated\">\n\t\t\t\t\t\t<div class=\"elementor-element elementor-element-iwgcomp2-baal-hadad elementor-widget elementor-widget-text-editor\" data-id=\"iwgcomp2-baal-hadad\" data-element_type=\"widget\" data-e-type=\"widget\" data-widget_type=\"text-editor.default\">\n\t\t\t\t\t\t\t\t\t<p><strong><span class=\"iwg-fachbegriff\" data-tooltip=\"Souhrn n\u00e1bo\u017eensk\u00fdch \u00factov\u00fdch \u00fakon\u016f v\u016f\u010di bo\u017estvu nebo svat\u00e9 bytosti.\" tabindex=\"0\">Kult<\/span><\/strong> Baal-Hadada zahrnuje <span class=\"iwg-fachbegriff\" data-tooltip=\"Stavba slou\u017e\u00edc\u00ed k uct\u00edv\u00e1n\u00ed jednoho nebo v\u00edce bo\u017estev.\" tabindex=\"0\">chr\u00e1my<\/span> v Levant\u011b a Mezopot\u00e1mii.<\/p>\t\t\t\t\t\t\t\t<\/div>\n\t\t\t\t\t<\/div>\n\t\t<\/div>\n\t\t\t\t\t<\/div>\n\t\t<\/section>\n\t\t<div class=\"elementor-element elementor-element-iwgw-baalhadad-s0 e-flex e-con-boxed e-con e-parent\" data-id=\"iwgw-baalhadad-s0\" data-element_type=\"container\" data-e-type=\"container\">\n\t\t\t\t\t<div class=\"e-con-inner\">\n\t\t\t\t<div class=\"elementor-element elementor-element-iwgw-baalhadad-s0h elementor-widget elementor-widget-heading\" data-id=\"iwgw-baalhadad-s0h\" data-element_type=\"widget\" data-e-type=\"widget\" data-widget_type=\"heading.default\">\n\t\t\t\t\t<h2 class=\"elementor-heading-title elementor-size-default\">Za\u0159azen\u00ed a stru\u010dn\u00fd profil<\/h2>\t\t\t\t<\/div>\n\t\t<div class=\"elementor-element elementor-element-iwgw-baalhadad-s0c e-con-full e-flex e-con e-child\" data-id=\"iwgw-baalhadad-s0c\" data-element_type=\"container\" data-e-type=\"container\">\n\t\t\t\t<div class=\"elementor-element elementor-element-iwgw-baalhadad-s0t elementor-widget elementor-widget-text-editor\" data-id=\"iwgw-baalhadad-s0t\" data-element_type=\"widget\" data-e-type=\"widget\" data-widget_type=\"text-editor.default\">\n\t\t\t\t\t\t\t\t\t<p>Baal-Hadad je nejvy\u0161\u0161\u00ed b\u016fh po\u010das\u00ed f\u00e9nick\u00e9ho panteonu a navazuje na tradici severoz\u00e1padosemitsk\u00e9ho bou\u0159kov\u00e9ho boha Hadada, kter\u00fd je dolo\u017een od starosyrsk\u00e9ho obdob\u00ed (3. tis\u00edcilet\u00ed p\u0159. Kr.) v Aleppu, Mari, Eble a Ugaritu.<\/p><p>Sabatino Moscati ve sv\u00e9 pr\u00e1ci <em>Die Ph\u00f6niker<\/em> (1965, dt. 1966) uk\u00e1zal, \u017ee Baal-Hadad tvo\u0159\u00ed centrum f\u00e9nick\u00e9ho vrcholn\u00e9ho n\u00e1bo\u017eenstv\u00ed. Uvnit\u0159 <a href=\"https:\/\/iwell-guard.com\/cs\/fenicane-a-kartago-baal-tanit\/\">f\u00e9nick\u00e9 tradice<\/a> je zdaleka nejv\u00fdznamn\u011bj\u0161\u00edm mu\u017esk\u00fdm <span class=\"iwg-fachbegriff\" data-tooltip=\"Bytost uct\u00edvan\u00e1 jako bo\u017esk\u00e1 v r\u00e1mci ur\u010dit\u00e9ho n\u00e1bo\u017eenstv\u00ed.\" tabindex=\"0\">bo\u017estvem<\/span>.<\/p><p>Jm\u00e9no Baal je semitsk\u00e9 apelativum a znamen\u00e1 \u201ep\u00e1n\u201c nebo \u201emajitel\u201c; p\u0159edch\u00e1z\u00ed mnoha lok\u00e1ln\u00edm hypostaz\u00edm (Baal-\u0160amem, Baal-Hammon, Baal-Saphon, Baal-Sidon). Baal-Hadad ozna\u010duje hlavn\u00ed formu s osobn\u00edm jm\u00e9nem Hadad, kter\u00e9 znamen\u00e1 hrom.<\/p><p>Corinne Bonnet ve sv\u00e9 pr\u00e1ci <em>Les enfants de Cadmos<\/em> (2015) podrobn\u011b popsala konfiguraci f\u00e9nick\u00e9ho <span class=\"iwg-fachbegriff\" data-tooltip=\"Souhrn boh\u016f ur\u010dit\u00e9ho n\u00e1bo\u017eenstv\u00ed nebo kultury.\" tabindex=\"0\">panteonu<\/span>; Mark Smith v <em>The Origins of Biblical Monotheism<\/em> (2001) n\u00e1bo\u017eenskohistorick\u00fd kontext.<\/p><p>Z religionistick\u00e9ho hlediska je Baal-Hadad kl\u00ed\u010dov\u00fdm severoz\u00e1padosemitsk\u00fdm bohem pro typ boha po\u010das\u00ed pozdn\u00ed doby bronzov\u00e9 a <span class=\"iwg-fachbegriff\" data-tooltip=\"Prehistorick\u00e1 epocha n\u00e1sleduj\u00edc\u00ed po dob\u011b bronzov\u00e9, charakterizovan\u00e1 zpracov\u00e1n\u00edm \u017eeleza.\" tabindex=\"0\">doby \u017eelezn\u00e9<\/span>. Jeho <span class=\"iwg-fachbegriff\" data-tooltip=\"Tradovan\u00fd p\u0159\u00edb\u011bh o boz\u00edch, po\u010d\u00e1tc\u00edch a uspo\u0159\u00e1d\u00e1n\u00ed sv\u011bta.\" tabindex=\"0\">m\u00fdtus<\/span> v Baalov\u011b cyklu z Ugaritu (14. stolet\u00ed p\u0159. Kr.) je nejv\u00fdznamn\u011bj\u0161\u00ed mytologickou skladbou z\u00e1padosemitsk\u00e9ho sv\u011bta. V <span class=\"iwg-fachbegriff\" data-tooltip=\"Prehistorick\u00e1 epocha n\u00e1sleduj\u00edc\u00ed po dob\u011b bronzov\u00e9, charakterizovan\u00e1 zpracov\u00e1n\u00edm \u017eeleza.\" tabindex=\"0\">dob\u011b \u017eelezn\u00e9<\/span> pokra\u010duje jeho uct\u00edv\u00e1n\u00ed ve f\u00e9nick\u00fdch m\u011bstsk\u00fdch st\u00e1tech Tyros, Sidon, Byblos, Arwad a jejich st\u0159edomo\u0159sk\u00fdch koloni\u00edch.<\/p><p>\u00dast\u0159edn\u00ed postaven\u00ed Baal-Hadada se odr\u00e1\u017e\u00ed i v tom, \u017ee jeho hypostaze p\u0159edstavuj\u00ed t\u00e9m\u011b\u0159 v ka\u017ed\u00e9m f\u00e9nick\u00e9m m\u011bstsk\u00e9m st\u00e1t\u011b nejv\u00fdznamn\u011bj\u0161\u00ed <span class=\"iwg-fachbegriff\" data-tooltip=\"Bytost uct\u00edvan\u00e1 jako bo\u017esk\u00e1 v r\u00e1mci ur\u010dit\u00e9ho n\u00e1bo\u017eenstv\u00ed.\" tabindex=\"0\">bo\u017estvo<\/span>.<\/p><p>V Tyru dominuje <a href=\"https:\/\/iwell-guard.com\/cs\/?page_id=145498\">Melkart<\/a>, v Sidonu E\u0161mun a A\u0161tarta, v Byblosu Baal-\u0160amem; v\u0161ichni t\u0159i jsou v \u0161ir\u0161\u00edm smyslu hypostazemi nebo syny Baala. Tato \u201ebaalizace\u201c f\u00e9nick\u00e9ho panteonu je jednou z charakteristick\u00fdch religionsd\u011bjinn\u00fdch struktur <span class=\"iwg-fachbegriff\" data-tooltip=\"Prehistorick\u00e1 epocha n\u00e1sleduj\u00edc\u00ed po dob\u011b bronzov\u00e9, charakterizovan\u00e1 zpracov\u00e1n\u00edm \u017eeleza.\" tabindex=\"0\">doby \u017eelezn\u00e9<\/span>.<\/p>\t\t\t\t\t\t\t\t<\/div>\n\t\t\t\t<\/div>\n\t\t\t\t\t<\/div>\n\t\t\t\t<\/div>\n\t\t<div class=\"elementor-element elementor-element-iwgw-baalhadad-s1 e-flex e-con-boxed e-con e-parent\" data-id=\"iwgw-baalhadad-s1\" data-element_type=\"container\" data-e-type=\"container\">\n\t\t\t\t\t<div class=\"e-con-inner\">\n\t\t\t\t<div class=\"elementor-element elementor-element-iwgw-baalhadad-s1h elementor-widget elementor-widget-heading\" data-id=\"iwgw-baalhadad-s1h\" data-element_type=\"widget\" data-e-type=\"widget\" data-widget_type=\"heading.default\">\n\t\t\t\t\t<h2 class=\"elementor-heading-title elementor-size-default\">Jm\u00e9no a etymologie<\/h2>\t\t\t\t<\/div>\n\t\t<div class=\"elementor-element elementor-element-iwgw-baalhadad-s1c e-con-full e-flex e-con e-child\" data-id=\"iwgw-baalhadad-s1c\" data-element_type=\"container\" data-e-type=\"container\">\n\t\t\t\t<div class=\"elementor-element elementor-element-iwgw-baalhadad-s1t elementor-widget elementor-widget-text-editor\" data-id=\"iwgw-baalhadad-s1t\" data-element_type=\"widget\" data-e-type=\"widget\" data-widget_type=\"text-editor.default\">\n\t\t\t\t\t\t\t\t\t<p>Dvojjm\u00e9no Baal-Hadad se skl\u00e1d\u00e1 z apelativa <em>ba\u02bfal<\/em> \u201ep\u00e1n, majitel\u201c a osobn\u00edho jm\u00e9na <em>Haddu<\/em> nebo <em>Hadad<\/em>. Ko\u0159en <em>hdd<\/em> znamen\u00e1 \u201eh\u0159m\u011bt\u201c a pat\u0159\u00ed k z\u00e1padosemitsk\u00e9 slovn\u00ed z\u00e1sob\u011b pro meteorologick\u00e9 jevy. Daniel Schwemer podrobn\u011b rozebral etymologick\u00e9 z\u00e1klady v d\u00edle <em>Die Wettergottgestalten Mesopotamiens und Nordsyriens<\/em> (2001).<\/p><p>V ugaritsk\u00fdch textech se objevuje jako <em>b\u02bfl<\/em> (Baal) nebo <em>b\u02bfl hd<\/em> (Baal-Haddu); ve f\u00e9nick\u00fdch n\u00e1pisech <span class=\"iwg-fachbegriff\" data-tooltip=\"Prehistorick\u00e1 epocha n\u00e1sleduj\u00edc\u00ed po dob\u011b bronzov\u00e9, charakterizovan\u00e1 zpracov\u00e1n\u00edm \u017eeleza.\" tabindex=\"0\">doby \u017eelezn\u00e9<\/span> p\u0159eva\u017euje \u010dist\u00e9 jm\u00e9no Baal s p\u0159\u00edslu\u0161n\u00fdm lok\u00e1ln\u00edm up\u0159esn\u011bn\u00edm. V akkadsk\u00e9m materi\u00e1lu bohovsk\u00fdch seznam\u016f je identifikov\u00e1n jako Adad; v hetitsk\u00e9m s DU\/I\u0161kur, co\u017e usnadnilo identifikaci s <a href=\"https:\/\/iwell-guard.com\/cs\/?page_id=145490\">Te\u0161ubem<\/a>.<\/p><p>Zaj\u00edmavou zvl\u00e1\u0161tn\u00ed formou je Baal-Saphon, \u201ep\u00e1n hory Saphon\u201c (Mons Casius), hory zasv\u011bcen\u00e9 jemu severn\u011b od Ugaritu. Saphon je jeho s\u00eddlem a funk\u010dn\u011b odpov\u00edd\u00e1 churritsk\u00e9mu Hazzi nebo \u0159eck\u00e9mu Olympu. Identifikace Baal-Hadad = Baal-Saphon je v ugaritsk\u00fdch textech explicitn\u011b uvedena.<\/p><p>V hieroglyfick\u00fdch luwijsk\u00fdch n\u00e1pisech severosyrsk\u00fdch m\u011bstsk\u00fdch st\u00e1t\u016f se Baal objevuje jako \u201eTarhunza vinice\u201c nebo \u201eTarhunza hory\u201c; identifikace s anatolsk\u00fdm bohem po\u010das\u00ed dokl\u00e1d\u00e1 t\u011bsn\u00e9 historick\u00e9 propojen\u00ed pozdn\u011b bronzov\u00e9 Levanty.<\/p>\t\t\t\t\t\t\t\t<\/div>\n\t\t\t\t<\/div>\n\t\t\t\t\t<\/div>\n\t\t\t\t<\/div>\n\t\t<div class=\"elementor-element elementor-element-iwgw-baalhadad-s2 e-flex e-con-boxed e-con e-parent\" data-id=\"iwgw-baalhadad-s2\" data-element_type=\"container\" data-e-type=\"container\">\n\t\t\t\t\t<div class=\"e-con-inner\">\n\t\t\t\t<div class=\"elementor-element elementor-element-iwgw-baalhadad-s2h elementor-widget elementor-widget-heading\" data-id=\"iwgw-baalhadad-s2h\" data-element_type=\"widget\" data-e-type=\"widget\" data-widget_type=\"heading.default\">\n\t\t\t\t\t<h2 class=\"elementor-heading-title elementor-size-default\">Popis a ikonografie<\/h2>\t\t\t\t<\/div>\n\t\t<div class=\"elementor-element elementor-element-iwgw-baalhadad-s2c e-con-full e-flex e-con e-child\" data-id=\"iwgw-baalhadad-s2c\" data-element_type=\"container\" data-e-type=\"container\">\n\t\t\t\t<div class=\"elementor-element elementor-element-iwgw-baalhadad-s2t elementor-widget elementor-widget-text-editor\" data-id=\"iwgw-baalhadad-s2t\" data-element_type=\"widget\" data-e-type=\"widget\" data-widget_type=\"text-editor.default\">\n\t\t\t\t\t\t\t\t\t<p>Baal-Hadad se v ikonografii zobrazuje jako mocn\u00fd, vousat\u00fd mu\u017e v kr\u00e1tk\u00e9 suknici, s bojovou sekerou nebo svazkem blesk\u016f pozdvi\u017een\u00fdmi v jedn\u00e9 ruce a s kop\u00edm nebo obiln\u00fdm \u017eezlem v druh\u00e9.<\/p><p>Nejzn\u00e1m\u011bj\u0161\u00edm vyobrazen\u00edm je <span class=\"iwg-fachbegriff\" data-tooltip=\"Svisle stoj\u00edc\u00ed kamenn\u00e1 nebo d\u0159ev\u011bn\u00e1 deska s n\u00e1pisem nebo obrazem.\" tabindex=\"0\">st\u00e9la<\/span> z Ras \u0160amry (Ugarit, 13. stolet\u00ed p\u0159. n. l.), kter\u00e1 zobrazuje Baala v klasick\u00e9m sch\u00e9matu kr\u00e1\u010dej\u00edc\u00edho postoje s pozdvi\u017eenou palic\u00ed; tato <span class=\"iwg-fachbegriff\" data-tooltip=\"Svisle stoj\u00edc\u00ed kamenn\u00e1 nebo d\u0159ev\u011bn\u00e1 deska s n\u00e1pisem nebo obrazem.\" tabindex=\"0\">st\u00e9la<\/span> je nyn\u00ed v Louvru.<\/p><p>Jeho svat\u00fdm zv\u00ed\u0159etem je b\u00fdk; na mnoha reli\u00e9fech stoj\u00ed nebo kr\u00e1\u010d\u00ed na b\u00fdku nebo vedle n\u011bj. B\u00fd\u010d\u00ed ikonografie ho spojuje s Hadadem a se starosyrsk\u00fdmi tradicemi b\u00fdka jako bou\u0159n\u00e9ho boha. Ve f\u00e9nick\u00fdch kontextech se p\u0159\u00edle\u017eitostn\u011b objevuje i orel jako jeho pr\u016fvodn\u00ed zv\u00ed\u0159e, mo\u017en\u00e1 pod mezopotamsk\u00fdm vlivem.<\/p><p>Na f\u00e9nick\u00fdch minc\u00edch a st\u00e9l\u00e1ch <span class=\"iwg-fachbegriff\" data-tooltip=\"Prehistorick\u00e1 epocha n\u00e1sleduj\u00edc\u00ed po bronzov\u00e9 dob\u011b, charakterizovan\u00e1 zpracov\u00e1n\u00edm \u017eeleza.\" tabindex=\"0\">doby \u017eelezn\u00e9<\/span> je jeho ikonografie o n\u011bco prom\u011bnliv\u011bj\u0161\u00ed; objevuje se sed\u00edc\u00ed na tr\u016fn\u011b, kr\u00e1\u010dej\u00edc\u00ed nebo jako kosmick\u00fd vl\u00e1dce na hv\u011bzdn\u00e9m pozad\u00ed. V z\u00e1padomediter\u00e1nn\u00edch koloni\u00edch (Kart\u00e1go, Sic\u00edlie) se jeho obrazov\u00e1 tradice sl\u00e9v\u00e1 s <a href=\"https:\/\/iwell-guard.com\/cs\/?page_id=145500\">Baal-Hammonem<\/a>, kter\u00fd se rozv\u00edj\u00ed v samostatnou teologickou postavu.<\/p><p>Na kart\u00e1ginsk\u00fdch st\u00e9l\u00e1ch z tofetsk\u00e9 <span class=\"iwg-fachbegriff\" data-tooltip=\"M\u00edsto zasv\u011bcen\u00e9 uct\u00edv\u00e1n\u00ed bo\u017estva.\" tabindex=\"0\">svatyn\u011b<\/span> se Baal-Hammon \u010dasto zobrazuje jako sed\u00edc\u00ed vousat\u00fd b\u016fh se <span class=\"iwg-fachbegriff\" data-tooltip=\"Znak, kter\u00fd zastupuje ur\u010ditou p\u0159edstavu nebo v\u00fdznam.\" tabindex=\"0\">symbolem<\/span> \u201eruky Tanit\u201c nad n\u00edm, co\u017e je obrazov\u00e1 formule pozdn\u011b punsk\u00e9 <span class=\"iwg-fachbegriff\" data-tooltip=\"Pro\u017e\u00edvan\u00fd n\u00e1bo\u017eensk\u00fd postoj a praxe \u010dlov\u011bka.\" tabindex=\"0\">zbo\u017enosti<\/span>.<\/p>\t\t\t\t\t\t\t\t<\/div>\n\t\t\t\t<\/div>\n\t\t\t\t\t<\/div>\n\t\t\t\t<\/div>\n\t\t<div class=\"elementor-element elementor-element-iwgw-baalhadad-s3 e-flex e-con-boxed e-con e-parent\" data-id=\"iwgw-baalhadad-s3\" data-element_type=\"container\" data-e-type=\"container\">\n\t\t\t\t\t<div class=\"e-con-inner\">\n\t\t\t\t<div class=\"elementor-element elementor-element-iwgw-baalhadad-s3h elementor-widget elementor-widget-heading\" data-id=\"iwgw-baalhadad-s3h\" data-element_type=\"widget\" data-e-type=\"widget\" data-widget_type=\"heading.default\">\n\t\t\t\t\t<h2 class=\"elementor-heading-title elementor-size-default\">Mytologick\u00e1 vypr\u00e1v\u011bn\u00ed<\/h2>\t\t\t\t<\/div>\n\t\t<div class=\"elementor-element elementor-element-iwgw-baalhadad-s3c e-con-full e-flex e-con e-child\" data-id=\"iwgw-baalhadad-s3c\" data-element_type=\"container\" data-e-type=\"container\">\n\t\t\t\t<div class=\"elementor-element elementor-element-iwgw-baalhadad-s3t elementor-widget elementor-widget-text-editor\" data-id=\"iwgw-baalhadad-s3t\" data-element_type=\"widget\" data-e-type=\"widget\" data-widget_type=\"text-editor.default\">\n\t\t\t\t\t\t\t\t\t<p>Nejd\u016fle\u017eit\u011bj\u0161\u00edm mytologick\u00fdm pramenem je ugaritsk\u00fd Baal\u016fv cyklus (KTU 1.1, 1.6), skl\u00e1daj\u00edc\u00ed se ze \u0161esti tabulek, poch\u00e1zej\u00edc\u00ed ze 14. stolet\u00ed p\u0159. n. l., kter\u00fd vydal Mark Smith v d\u00edle <em>The Ugaritic Baal Cycle<\/em> (sv. I 1994, sv. II s Waynem Pitardem 2009).<\/p><p>Cyklus obsahuje t\u0159i hlavn\u00ed konflikty: Baal proti <a href=\"https:\/\/iwell-guard.com\/cs\/?page_id=145502\">Jamovi<\/a> (Mo\u0159i), Baal jako stavitel chr\u00e1mu a Baal proti <a href=\"https:\/\/iwell-guard.com\/cs\/?page_id=145503\">Motovi<\/a> (Smrti).<\/p><p>V prvn\u00edm konfliktu si Jam n\u00e1rokuje kr\u00e1lovskou vl\u00e1du a z\u00edsk\u00e1 souhlas Ela; Baal bojuje se dv\u011bma magick\u00fdmi zbran\u011bmi, kter\u00e9 vyrobil kov\u00e1\u0159sk\u00fd b\u016fh Kothar-wa-Chasis, a Jama poraz\u00ed. Ve druh\u00e9m konfliktu Baal s dovolen\u00edm otcovsk\u00e9ho boha Ela a za zprost\u0159edkov\u00e1n\u00ed Athirat postav\u00ed pal\u00e1c na ho\u0159e Sapon.<\/p><p>Ve t\u0159et\u00edm konfliktu odvede Mot Baala do podsv\u011bt\u00ed; <a href=\"https:\/\/iwell-guard.com\/cs\/?page_id=145504\">Anat<\/a>, Baalova sestra a spole\u010dnice, pot\u00e9 zabije Mota a Baala vysvobod\u00ed, kter\u00fd znovu vstane z mrtv\u00fdch.<\/p><p>Tato sekvence \u201ev\u00edt\u011bzstv\u00ed nad chaosem, <span class=\"iwg-fachbegriff\" data-tooltip=\"Stavba slou\u017e\u00edc\u00ed uct\u00edv\u00e1n\u00ed jednoho nebo v\u00edce bo\u017estev.\" tabindex=\"0\">chr\u00e1m<\/span>, smrt a zmrtv\u00fdchvst\u00e1n\u00ed\u201c je jedn\u00edm z nejp\u016fsobiv\u011bj\u0161\u00edch mytologick\u00fdch sch\u00e9mat starov\u011bk\u00e9ho Bl\u00edzk\u00e9ho v\u00fdchodu. Baalovo probuzen\u00ed na ja\u0159e bylo ch\u00e1p\u00e1no jako znamen\u00ed ro\u010dn\u00edho obdob\u00ed: kdy\u017e Baal \u017eije, pr\u0161\u00ed; kdy\u017e zem\u0159e, panuje sucho. Z hlediska d\u011bjin n\u00e1bo\u017eenstv\u00ed pat\u0159\u00ed tento <span class=\"iwg-fachbegriff\" data-tooltip=\"Tradovan\u00fd p\u0159\u00edb\u011bh o boz\u00edch, po\u010d\u00e1tc\u00edch a uspo\u0159\u00e1d\u00e1n\u00ed sv\u011bta.\" tabindex=\"0\">m\u00fdtus<\/span> do \u0159ady s Tarhunna-Illujankou, Marduk-Tiamat, Te\u0161ub-Ullikummim a \u0159eck\u00fdm bojem Zeus-Tyf\u00f3n.<\/p><p>D\u016fle\u017eit\u00fdm vedlej\u0161\u00edm pod\u00e1n\u00edm je huritsko-hetitsk\u00fd <span class=\"iwg-fachbegriff\" data-tooltip=\"Tradovan\u00fd p\u0159\u00edb\u011bh o boz\u00edch, po\u010d\u00e1tc\u00edch a uspo\u0159\u00e1d\u00e1n\u00ed sv\u011bta.\" tabindex=\"0\">m\u00fdtus<\/span> o \u201eP\u00edsni o Mo\u0159i\u201c (CTH 346), v n\u011bm\u017e <a href=\"https:\/\/iwell-guard.com\/cs\/?page_id=145490\">Te\u0161ub<\/a> bojuje proti Mo\u0159i. Podobnosti s Baal-Jamov\u00fdm bojem jsou tak \u00fazk\u00e9, \u017ee p\u0159\u00edm\u00e1 liter\u00e1rn\u00ed souvislost je pravd\u011bpodobn\u00e1. Mary Bachvarov\u00e1 podrobn\u011b zmapovala cesty v\u00fdvoje t\u011bchto vypr\u00e1v\u011bn\u00ed o boji s mo\u0159em v d\u00edle <em>From Hittite to Homer<\/em> (2016).<\/p>\t\t\t\t\t\t\t\t<\/div>\n\t\t\t\t<\/div>\n\t\t\t\t\t<\/div>\n\t\t\t\t<\/div>\n\t\t<div class=\"elementor-element elementor-element-iwgw-baalhadad-s4 e-flex e-con-boxed e-con e-parent\" data-id=\"iwgw-baalhadad-s4\" data-element_type=\"container\" data-e-type=\"container\">\n\t\t\t\t\t<div class=\"e-con-inner\">\n\t\t\t\t<div class=\"elementor-element elementor-element-iwgw-baalhadad-s4h elementor-widget elementor-widget-heading\" data-id=\"iwgw-baalhadad-s4h\" data-element_type=\"widget\" data-e-type=\"widget\" data-widget_type=\"heading.default\">\n\t\t\t\t\t<h2 class=\"elementor-heading-title elementor-size-default\">Kult a uct\u00edv\u00e1n\u00ed<\/h2>\t\t\t\t<\/div>\n\t\t<div class=\"elementor-element elementor-element-iwgw-baalhadad-s4c e-con-full e-flex e-con e-child\" data-id=\"iwgw-baalhadad-s4c\" data-element_type=\"container\" data-e-type=\"container\">\n\t\t\t\t<div class=\"elementor-element elementor-element-iwgw-baalhadad-s4t elementor-widget elementor-widget-text-editor\" data-id=\"iwgw-baalhadad-s4t\" data-element_type=\"widget\" data-e-type=\"widget\" data-widget_type=\"text-editor.default\">\n\t\t\t\t\t\t\t\t\t<p>Hlavn\u00edmi kultovn\u00edmi centry Baal-Hadada byla Ugarit (<span class=\"iwg-fachbegriff\" data-tooltip=\"Stavba slou\u017e\u00edc\u00ed k uct\u00edv\u00e1n\u00ed jednoho nebo v\u00edce bo\u017estev.\" tabindex=\"0\">chr\u00e1m<\/span> na tellov\u00e9m n\u00e1vr\u0161\u00ed), T\u00fdros (<span class=\"iwg-fachbegriff\" data-tooltip=\"Stavba slou\u017e\u00edc\u00ed k uct\u00edv\u00e1n\u00ed jednoho nebo v\u00edce bo\u017estev.\" tabindex=\"0\">chr\u00e1m<\/span> Baal-Safona), Sid\u00f3n, Byblos (s Baal-\u0160amemem) a vnitrozemsk\u00e9 m\u011bsto Aleppo. V T\u00fdru byl chr\u00e1m Baal-\u0160amema spojen s kr\u00e1lovskou vl\u00e1dou; Ch\u00edram I. T\u00fdrsk\u00fd podle Josefa Flavia postavil ve 10. stolet\u00ed p\u0159. n. l. n\u00e1dhern\u00fd Baal\u016fv <span class=\"iwg-fachbegriff\" data-tooltip=\"Stavba slou\u017e\u00edc\u00ed k uct\u00edv\u00e1n\u00ed jednoho nebo v\u00edce bo\u017estev.\" tabindex=\"0\">chr\u00e1m<\/span>.<\/p><p>Sabatino Moscati popsal ve sv\u00e9 knize <em>Die Ph\u00f6niker<\/em> f\u00e9nickou chr\u00e1movou architekturu a ritu\u00e1ln\u00ed praxi. <span class=\"iwg-fachbegriff\" data-tooltip=\"Stavba slou\u017e\u00edc\u00ed k uct\u00edv\u00e1n\u00ed jednoho nebo v\u00edce bo\u017estev.\" tabindex=\"0\">Chr\u00e1my<\/span> tvo\u0159ily podlouhl\u00e9 prostory s p\u0159eds\u00edn\u00ed, hlavn\u00edm s\u00e1lem a nejsv\u011bt\u011bj\u0161\u00ed svatyn\u00ed (adytonem), kde st\u00e1la <span class=\"iwg-fachbegriff\" data-tooltip=\"Obrazov\u00e9 zobrazen\u00ed bo\u017estva uct\u00edvan\u00e9 v chr\u00e1mu nebo svatyni.\" tabindex=\"0\">kultovn\u00ed socha<\/span>. <span class=\"iwg-fachbegriff\" data-tooltip=\"Dar bo\u017estvu jako v\u00fdraz d\u00edk\u016f, prosby nebo \u00facty.\" tabindex=\"0\">Ob\u011bti<\/span> zahrnovaly z\u00e1paln\u00e9, kadidlov\u00e9 a n\u00e1pojov\u00e9 ob\u011bti; d\u016fle\u017eit\u00fdm v\u00fdro\u010dn\u00edm ritu\u00e1lem bylo ka\u017edoro\u010dn\u00ed &#8218;probouzen\u00ed&#8216; Baala na ja\u0159e.<\/p><p>V <span class=\"iwg-fachbegriff\" data-tooltip=\"Prehistorick\u00e1 epocha n\u00e1sleduj\u00edc\u00ed po bronzov\u00e9 dob\u011b, charakterizovan\u00e1 zpracov\u00e1n\u00edm \u017eeleza.\" tabindex=\"0\">dob\u011b \u017eelezn\u00e9<\/span> se kult Baala roz\u0161\u00ed\u0159il s f\u00e9nick\u00fdmi koloniemi po cel\u00e9m St\u0159edomo\u0159\u00ed: na Kypr (Kition, Salamis), Sic\u00edlii (Motya, Lilybaeum), Sardinii (Tharros, Sulcis), do Tuniska (Kart\u00e1go, Utika) a \u0160pan\u011blska (Gades, Tartessos). Corinne Bonnetov\u00e1 podrobn\u011b zdokumentovala toto st\u0159edomo\u0159sk\u00e9 \u0161\u00ed\u0159en\u00ed v d\u00edle <em>Melqart<\/em> (1988) a v n\u011bkolika pozd\u011bj\u0161\u00edch prac\u00edch.<\/p><p>V Kart\u00e1gu se kult Baala rozvinul do samostatn\u00e9 historick\u00e9 tradice s <a href=\"https:\/\/iwell-guard.com\/cs\/?page_id=145500\">Baal-Hammonem<\/a> a <a href=\"https:\/\/iwell-guard.com\/cs\/?page_id=145499\">Tanit<\/a> jako nejvy\u0161\u0161\u00ed bo\u017eskou rodinou. Maria Eugenia Aubetov\u00e1 ve sv\u00e9 knize <em>The Phoenicians and the West<\/em> (2001) popsala p\u0159em\u011bnu v\u00fdchodn\u00edho kultu Baala v punsk\u00fd <span class=\"iwg-fachbegriff\" data-tooltip=\"Souhrn boh\u016f ur\u010dit\u00e9ho n\u00e1bo\u017eenstv\u00ed nebo kultury.\" tabindex=\"0\">panteon<\/span>.<\/p>\t\t\t\t\t\t\t\t<\/div>\n\t\t\t\t<\/div>\n\t\t\t\t\t<\/div>\n\t\t\t\t<\/div>\n\t\t<div class=\"elementor-element elementor-element-iwgw-baalhadad-s5 e-flex e-con-boxed e-con e-parent\" data-id=\"iwgw-baalhadad-s5\" data-element_type=\"container\" data-e-type=\"container\">\n\t\t\t\t\t<div class=\"e-con-inner\">\n\t\t\t\t<div class=\"elementor-element elementor-element-iwgw-baalhadad-s5h elementor-widget elementor-widget-heading\" data-id=\"iwgw-baalhadad-s5h\" data-element_type=\"widget\" data-e-type=\"widget\" data-widget_type=\"heading.default\">\n\t\t\t\t\t<h2 class=\"elementor-heading-title elementor-size-default\">Ochrann\u00e1 praxe a apotropaick\u00e9 prvky<\/h2>\t\t\t\t<\/div>\n\t\t<div class=\"elementor-element elementor-element-iwgw-baalhadad-s5c e-con-full e-flex e-con e-child\" data-id=\"iwgw-baalhadad-s5c\" data-element_type=\"container\" data-e-type=\"container\">\n\t\t\t\t<div class=\"elementor-element elementor-element-iwgw-baalhadad-s5t elementor-widget elementor-widget-text-editor\" data-id=\"iwgw-baalhadad-s5t\" data-element_type=\"widget\" data-e-type=\"widget\" data-widget_type=\"text-editor.default\">\n\t\t\t\t\t\t\t\t\t<p>Baal-Hadad byl ochrann\u00fdm bohem kr\u00e1le, m\u011bsta a plodnosti. Ve f\u00e9nick\u00fdch n\u00e1pisech je vz\u00fdv\u00e1n jako ru\u010ditel p\u0159\u00edsahy; smluvn\u00ed texty mezi f\u00e9nick\u00fdmi kr\u00e1li a ciz\u00edmi vl\u00e1dci za\u010d\u00ednaj\u00ed jeho <span class=\"iwg-fachbegriff\" data-tooltip=\"Prosebn\u00e9 nebo vz\u00fdvaj\u00edc\u00ed osloven\u00ed bo\u017estva \u010di moci.\" tabindex=\"0\">vz\u00fdv\u00e1n\u00edm<\/span>. Na kr\u00e1lovsk\u00fdch pe\u010det\u00edch se objevuje jeho vyobrazen\u00ed nebo jm\u00e9no jako ochrann\u00e1 formule.<\/p><p>Apotropaick\u00e9 praktiky \u010dasto vyu\u017e\u00edvaly b\u00fdka jako <span class=\"iwg-fachbegriff\" data-tooltip=\"Znak, kter\u00fd zastupuje ur\u010ditou p\u0159edstavu nebo v\u00fdznam.\" tabindex=\"0\">symbol<\/span>; formy b\u00fd\u010d\u00edch roh\u016f se objevuj\u00ed na amuletech a olt\u00e1\u0159\u00edch. Ve f\u00e9nick\u00fdch domech byly um\u00eds\u0165ov\u00e1ny bronzov\u00e9 so\u0161ky Baala, obvykle se zdvi\u017eenou bojovou sekerou. Tato praxe soch &#8218;kr\u00e1\u010dej\u00edc\u00edho Baala&#8216; je archeologicky dob\u0159e dokumentov\u00e1na a byla p\u0159edm\u011btem n\u011bkolika studi\u00ed, nap\u0159\u00edklad H\u00e9l\u00e8ne Saderov\u00e9.<\/p><p data-nosnippet=\"true\">Z v\u011bdeck\u00e9ho hlediska je ochrann\u00e1 funkce Baal-Hadada spojena s uspo\u0159\u00e1d\u00e1n\u00edm \u0159\u00ed\u0161e a plodnost\u00ed. Nezaru\u010duje prim\u00e1rn\u011b individu\u00e1ln\u00ed uzdraven\u00ed, n\u00fdbr\u017e n\u00e1vrat obdob\u00ed de\u0161\u0165\u016f, stabilitu kr\u00e1lovstv\u00ed a v\u00edt\u011bzstv\u00ed v bitv\u011b. iWell Guard jej vn\u00edm\u00e1 jako historickou a religionistickou postavu bez souvislosti s dne\u0161n\u00edmi sliby uzdraven\u00ed.<\/p><p>Ve f\u00e9nick\u00fdch p\u0159\u00edse\u017en\u00edch formul\u00edch 1. tis\u00edcilet\u00ed p\u0159. n. l. se Baal pravideln\u011b objevuje jako prvn\u00ed ru\u010ditel p\u0159\u00edsahy; d\u016fle\u017eit\u00fdm sv\u011bdectv\u00edm jsou v tomto ohledu smlouvy Esarhaddonovy ad\u00ea mezi asyrsk\u00fdm velkokr\u00e1lem a f\u00e9nick\u00fdmi vazalsk\u00fdmi vl\u00e1dci (7. stolet\u00ed p\u0159. n. l.).<\/p>\t\t\t\t\t\t\t\t<\/div>\n\t\t\t\t<\/div>\n\t\t\t\t\t<\/div>\n\t\t\t\t<\/div>\n\t\t<div class=\"elementor-element elementor-element-iwgw-baalhadad-s6 e-flex e-con-boxed e-con e-parent\" data-id=\"iwgw-baalhadad-s6\" data-element_type=\"container\" data-e-type=\"container\">\n\t\t\t\t\t<div class=\"e-con-inner\">\n\t\t\t\t<div class=\"elementor-element elementor-element-iwgw-baalhadad-s6h elementor-widget elementor-widget-heading\" data-id=\"iwgw-baalhadad-s6h\" data-element_type=\"widget\" data-e-type=\"widget\" data-widget_type=\"heading.default\">\n\t\t\t\t\t<h2 class=\"elementor-heading-title elementor-size-default\">Paralely v jin\u00fdch kultur\u00e1ch<\/h2>\t\t\t\t<\/div>\n\t\t<div class=\"elementor-element elementor-element-iwgw-baalhadad-s6c e-con-full e-flex e-con e-child\" data-id=\"iwgw-baalhadad-s6c\" data-element_type=\"container\" data-e-type=\"container\">\n\t\t\t\t<div class=\"elementor-element elementor-element-iwgw-baalhadad-s6t elementor-widget elementor-widget-text-editor\" data-id=\"iwgw-baalhadad-s6t\" data-element_type=\"widget\" data-e-type=\"widget\" data-widget_type=\"text-editor.default\">\n\t\t\t\t\t\t\t\t\t<p>Baal-Hadad je bl\u00edzce spjat s hurritsk\u00fdm <a href=\"https:\/\/iwell-guard.com\/cs\/?page_id=145490\">Te\u0161ubem<\/a>, hetitsk\u00fdm <a href=\"https:\/\/iwell-guard.com\/cs\/?page_id=145486\">Tarhunnem<\/a>, mezopot\u00e1msk\u00fdm Adadem\/I\u0161kurem a s urartejsk\u00fdm Tei\u0161ebou. Jeho <span class=\"iwg-fachbegriff\" data-tooltip=\"Opakuj\u00edc\u00ed se obsahov\u00fd prvek v um\u011bn\u00ed nebo vypr\u00e1v\u011bn\u00ed.\" tabindex=\"0\">motiv<\/span> boje s drakem m\u00e1 \u00fazk\u00e9 paralely s Indrov\u00fdm v\u00edt\u011bzstv\u00edm nad Vritrou, s Mardukov\u00fdm v\u00edt\u011bzstv\u00edm nad Tiamat a se Zeusov\u00fdm bojem proti Typh\u00f3novi. Daniel Schwemer se v\u0161em t\u011bmto paralel\u00e1m podrobn\u011b v\u011bnoval ve sv\u00e9 monografii.<\/p><p>V hebrejsk\u00e9m materi\u00e1lu vystupuje Baal jako velk\u00fd protivn\u00edk Jahveho; polemick\u00e9 texty Star\u00e9ho z\u00e1kona (zejm\u00e9na 1. Kr\u00e1lovsk\u00e1 18, Oze\u00e1\u0161, Jeremj\u00e1\u0161) jej vykresluj\u00ed negativn\u011b.<\/p><p>Historicky nebyl Baal-Hadad pro starov\u011bk\u00e9 Hebrejce ciz\u00edm bohem, n\u00fdbr\u017e konkuren\u010dn\u00edm bo\u017estvem t\u00e9\u017ee kana\u00e1nsk\u00e9 tradice; biblick\u00fd antibaalismus je teologickou reakc\u00ed na skute\u010dn\u00e9 n\u00e1bo\u017eensk\u00e9 sousedstv\u00ed. Mark Smith se t\u00edmto podrobn\u011b zab\u00fdval ve sv\u00e9m d\u00edle <em>The Early History of God<\/em> (1990).<\/p><p>S \u0159eck\u00fdm Zeem byl Baal-Hadad ztoto\u017e\u0148ov\u00e1n v hel\u00e9nistick\u00e9m obdob\u00ed; Baal-\u0160amem odpov\u00edd\u00e1 Zeusi Hypsistovi, Baal-Safon Zeusi Kasiovi. V Kart\u00e1gu se z Baalovy tradice vyvinula samostatn\u00e1 postava <a href=\"https:\/\/iwell-guard.com\/cs\/?page_id=145500\">Baal-Hammon<\/a> s odli\u0161nou funk\u010dn\u00ed n\u00e1pln\u00ed.<\/p><p>V pozdn\u00ed kart\u00e1ginsk\u00e9 tradici je Baal-Hammon ztoto\u017e\u0148ov\u00e1n s \u0159\u00edmsk\u00fdm Saturnem; touto saturnizac\u00ed f\u00e9nick\u00e9ho Baalova kultu v severoafrick\u00e9m prostoru se podrobn\u011b zab\u00fdval Marcel Le Glay ve sv\u00e9m d\u00edle <em>Saturne africain<\/em> (1966), p\u0159i\u010dem\u017e jde o klasick\u00fd p\u0159\u00edklad religionistick\u00e9ho synkretismu.<\/p>\t\t\t\t\t\t\t\t<\/div>\n\t\t\t\t<\/div>\n\t\t\t\t\t<\/div>\n\t\t\t\t<\/div>\n\t\t<div class=\"elementor-element elementor-element-iwgw-baalhadad-s7 e-flex e-con-boxed e-con e-parent\" data-id=\"iwgw-baalhadad-s7\" data-element_type=\"container\" data-e-type=\"container\">\n\t\t\t\t\t<div class=\"e-con-inner\">\n\t\t\t\t<div class=\"elementor-element elementor-element-iwgw-baalhadad-s7h elementor-widget elementor-widget-heading\" data-id=\"iwgw-baalhadad-s7h\" data-element_type=\"widget\" data-e-type=\"widget\" data-widget_type=\"heading.default\">\n\t\t\t\t\t<h2 class=\"elementor-heading-title elementor-size-default\">Sou\u010dasn\u00e1 recepce a v\u00fdzkum<\/h2>\t\t\t\t<\/div>\n\t\t<div class=\"elementor-element elementor-element-iwgw-baalhadad-s7c e-con-full e-flex e-con e-child\" data-id=\"iwgw-baalhadad-s7c\" data-element_type=\"container\" data-e-type=\"container\">\n\t\t\t\t<div class=\"elementor-element elementor-element-iwgw-baalhadad-s7t elementor-widget elementor-widget-text-editor\" data-id=\"iwgw-baalhadad-s7t\" data-element_type=\"widget\" data-e-type=\"widget\" data-widget_type=\"text-editor.default\">\n\t\t\t\t\t\t\t\t\t<p>V\u00fdzkum Baala je dnes na vysok\u00e9 \u00farovni. Standardn\u00ed edice Baalova cyklu od Marka Smithe a Wayne Pitarda je referen\u010dn\u00edm d\u00edlem; Daniel Schwemerova monografie o postav\u00e1ch boh\u016f bou\u0159e je nejkomplexn\u011bj\u0161\u00ed synt\u00e9zou. Corinne Bonnet ve sv\u00fdch prac\u00edch komplexn\u011b zpracovala f\u00e9nick\u00e9 n\u00e1bo\u017eensk\u00e9 d\u011bjiny. Sabatino Moscati a Maria Eugenia Aubet jsou autoritami pro roz\u0161\u00ed\u0159en\u00ed f\u00e9nick\u00e9ho n\u00e1bo\u017eenstv\u00ed ve St\u0159edomo\u0159\u00ed.<\/p><p>V popul\u00e1rn\u00ed recepci je Baal zn\u00e1m p\u0159edev\u0161\u00edm d\u00edky biblick\u00e9 polemice; slovo \u201eBaal\u201c m\u00e1 v modern\u00edm jazykov\u00e9m \u00fazu \u010dasto pejorativn\u00ed zabarven\u00ed. V\u011bdecky diferencovan\u011bj\u0161\u00ed pojedn\u00e1n\u00ed lze naj\u00edt ve zm\u00edn\u011bn\u00fdch standardn\u00edch d\u00edlech i v \u010detn\u00fdch sborn\u00edc\u00edch v\u011bnovan\u00fdch f\u00e9nick\u00e9 <span class=\"iwg-fachbegriff\" data-tooltip=\"V\u011bda, kter\u00e1 zkoum\u00e1 minul\u00e9 kultury na z\u00e1klad\u011b hmotn\u00fdch n\u00e1lez\u016f.\" tabindex=\"0\">archeologii<\/span>.<\/p><p data-nosnippet=\"true\">Aktu\u00e1ln\u00ed t\u011b\u017ei\u0161t\u011b v\u00fdzkumu spo\u010d\u00edv\u00e1 v rozli\u0161ov\u00e1n\u00ed Baalov\u00fdch hypostaz\u00ed (Baal-\u0160amem, Baal-Saphon, Baal-Hammon, Baal-Sidon atd.), v \u0161\u00ed\u0159en\u00ed kultu ve St\u0159edomo\u0159\u00ed a v ot\u00e1zce, jak byl Baal\u016fv cyklus <span class=\"iwg-fachbegriff\" data-tooltip=\"N\u00e1le\u017eej\u00edc\u00ed k pevn\u011b stanoven\u00e9mu n\u00e1bo\u017eensk\u00e9mu ob\u0159adn\u00edmu postupu.\" tabindex=\"0\">ritu\u00e1ln\u011b<\/span> aktualizov\u00e1n. iWell Guard uv\u00e1d\u00ed Baala-Hadada jako centr\u00e1ln\u00edho historick\u00e9ho \u010dlena <span class=\"iwg-fachbegriff\" data-tooltip=\"Souhrn boh\u016f ur\u010dit\u00e9ho n\u00e1bo\u017eenstv\u00ed nebo kultury.\" tabindex=\"0\">panteonu<\/span>, nikoli jako sou\u010dasn\u00fd adres\u00e1t ochrany. Slib uzdraven\u00ed nebo modern\u00ed spiritu\u00e1ln\u00ed \u00fa\u010dinek nejsou sou\u010d\u00e1st\u00ed tohoto zpracov\u00e1n\u00ed.<\/p><p>Zaj\u00edmav\u00fd nov\u00fd sm\u011br v\u00fdzkumu se t\u00fdk\u00e1 ikonografick\u00e9 trvalosti Baala v hel\u00e9nistick\u00e9m a \u0159\u00edmsk\u00e9m P\u0159edn\u00edm v\u00fdchod\u011b. Klaus St\u00e4hler a Andreas Kropp zkoumali ve sv\u00fdch publikac\u00edch p\u0159echody mezi f\u00e9nick\u00fdmi, hel\u00e9nistick\u00fdmi a \u0159\u00edmsk\u00fdmi obrazov\u00fdmi tradicemi.<\/p>\t\t\t\t\t\t\t\t<\/div>\n\t\t\t\t<\/div>\n\t\t\t\t\t<\/div>\n\t\t\t\t<\/div>\n\t\t<div class=\"elementor-element elementor-element-iwgw-baalhadad-s8 e-flex e-con-boxed e-con e-parent\" data-id=\"iwgw-baalhadad-s8\" data-element_type=\"container\" data-e-type=\"container\">\n\t\t\t\t\t<div class=\"e-con-inner\">\n\t\t\t\t<div class=\"elementor-element elementor-element-iwgw-baalhadad-s8h elementor-widget elementor-widget-heading\" data-id=\"iwgw-baalhadad-s8h\" data-element_type=\"widget\" data-e-type=\"widget\" data-widget_type=\"heading.default\">\n\t\t\t\t\t<h2 class=\"elementor-heading-title elementor-size-default\">Literatura a prameny<\/h2>\t\t\t\t<\/div>\n\t\t<div class=\"elementor-element elementor-element-iwgw-baalhadad-s8c e-con-full e-flex e-con e-child\" data-id=\"iwgw-baalhadad-s8c\" data-element_type=\"container\" data-e-type=\"container\">\n\t\t\t\t<div class=\"elementor-element elementor-element-iwgw-baalhadad-s8t elementor-widget elementor-widget-text-editor\" data-id=\"iwgw-baalhadad-s8t\" data-element_type=\"widget\" data-e-type=\"widget\" data-widget_type=\"text-editor.default\">\n\t\t\t\t\t\t\t\t\t<p>N\u00e1sleduj\u00edc\u00ed v\u00fdb\u011br zahrnuje nejd\u016fle\u017eit\u011bj\u0161\u00ed standardn\u00ed d\u00edla k v\u00fdzkumu Baala-Hadada. Shrnuje textov\u00e9 edice, historick\u00e9 synt\u00e9zy a archeologick\u00e9 publikace. Edice Baalova cyklu od Marka Smithe je z\u00e1kladem prim\u00e1rn\u00edch pramen\u016f; Schwemer, Bonnet a Moscati poskytuj\u00ed n\u00e1bo\u017eenskohistorickou kontextualizaci. Kdo se chce do materi\u00e1lu pono\u0159it hloub\u011bji, najde u Aubet a Bonnet vynikaj\u00edc\u00ed bibliografie k \u0161\u00ed\u0159en\u00ed kultu ve St\u0159edomo\u0159\u00ed.<\/p>\t\t\t\t\t\t\t\t<\/div>\n\t\t\t\t<\/div>\n\t\t\t\t\t<\/div>\n\t\t\t\t<\/div>\n\t\t<div class=\"elementor-element elementor-element-cp23eb14dd e-flex e-con-boxed e-con e-parent\" data-id=\"cp23eb14dd\" data-element_type=\"container\" data-e-type=\"container\">\n\t\t\t\t\t<div class=\"e-con-inner\">\n\t\t\t\t<div class=\"elementor-element elementor-element-cp2cd30715 elementor-widget elementor-widget-heading\" data-id=\"cp2cd30715\" data-element_type=\"widget\" data-e-type=\"widget\" data-widget_type=\"heading.default\">\n\t\t\t\t\t<h2 class=\"elementor-heading-title elementor-size-default\">Boj proti Jamovi v Baalov\u011b cyklu<\/h2>\t\t\t\t<\/div>\n\t\t<div class=\"elementor-element elementor-element-cp2885aeb7 e-flex e-con-boxed e-con e-child\" data-id=\"cp2885aeb7\" data-element_type=\"container\" data-e-type=\"container\">\n\t\t\t\t\t<div class=\"e-con-inner\">\n\t\t\t\t<div class=\"elementor-element elementor-element-cp23bca9d3 elementor-widget elementor-widget-text-editor\" data-id=\"cp23bca9d3\" data-element_type=\"widget\" data-e-type=\"widget\" data-widget_type=\"text-editor.default\">\n\t\t\t\t\t\t\t\t\t<p>\u00dast\u0159edn\u00ed epizodou ugaritsk\u00e9ho Baalova cyklu je st\u0159et mezi Baalem a Jamem, zbo\u017e\u0161t\u011bn\u00fdm mo\u0159em. Na tabulce, kter\u00e1 je v \u010d\u00edslov\u00e1n\u00ed KTU vedena jako <em>1.2<\/em>, po\u017eaduje Jam p\u0159ed shrom\u00e1\u017ed\u011bn\u00edm boh\u016f vyd\u00e1n\u00ed Baala. Star\u00fd kr\u00e1l boh\u016f El, usiluj\u00edc\u00ed o m\u00edr, nejprve souhlas\u00ed a naz\u00fdv\u00e1 Baala Jamov\u00fdm zajatcem. Baal se v\u0161ak odm\u00edt\u00e1 pod\u0159\u00eddit.<\/p><p>Rozhoduj\u00edc\u00ed roli hraje bo\u017e\u00ed \u0159emesln\u00edk Kothar-wa-Hasis. Vykove dv\u011b kouzeln\u00e9 zbran\u011b se jm\u00e9ny <em>Jagrusch<\/em> a <em>Ajjamur<\/em>, jejich\u017e ozna\u010den\u00ed se vykl\u00e1daj\u00ed jako Vyh\u00e1n\u011b\u010d a Zah\u00e1n\u011b\u010d.<\/p><p>Prvn\u00ed zbran\u00ed zas\u00e1hne Baal Jama do ramene, druhou mezi o\u010dima. Jam pad\u00e1 k zemi a Baal je prohl\u00e1\u0161en vl\u00e1dcem. Astarte mu zabr\u00e1n\u00ed porazen\u00e9ho roz\u010dtvrtit.<\/p><p>Z v\u011bdeck\u00e9ho hlediska pat\u0159\u00ed toto vypr\u00e1v\u011bn\u00ed k \u0161iroce roz\u0161\u00ed\u0159en\u00e9mu typu boje s chaosem, v n\u011bm\u017e mlad\u00fd b\u016fh bou\u0159e p\u0159em\u016f\u017ee vodn\u00ed mocnost zt\u011bles\u0148uj\u00edc\u00ed chaos a t\u00edm zajist\u00ed uspo\u0159\u00e1d\u00e1n\u00ed sv\u011bta.<\/p><p>Srovnateln\u00fd motiv nalezneme v babylonsk\u00e9m <em>Enuma eli\u0161<\/em> s Mardukem a Tiamat i v hetitsk\u00e9m Illujankov\u011b <span class=\"iwg-fachbegriff\" data-tooltip=\"Tradovan\u00e9 vypr\u00e1v\u011bn\u00ed o boz\u00edch, po\u010d\u00e1tc\u00edch a uspo\u0159\u00e1d\u00e1n\u00ed sv\u011bta.\" tabindex=\"0\">m\u00fdtu<\/span>. Hermann Gunkel na takov\u00e9 paralely na star\u00e9m P\u0159edn\u00edm v\u00fdchod\u011b upozornil ji\u017e v roce 1895, dlouho p\u0159edt\u00edm, ne\u017e byly ugaritsk\u00e9 tabulky zn\u00e1my.<\/p><p>Dnes se biblick\u00e9 zm\u00ednky o Jahvov\u011b v\u00edt\u011bzstv\u00ed nad mo\u0159em, nad Rahabem a Leviatanem \u010dtou na pozad\u00ed pr\u00e1v\u011b t\u00e9to severoz\u00e1padosemitsk\u00e9 tradice. Baal\u016fv-Jam\u016fv <span class=\"iwg-fachbegriff\" data-tooltip=\"Tradovan\u00e9 vypr\u00e1v\u011bn\u00ed o boz\u00edch, po\u010d\u00e1tc\u00edch a uspo\u0159\u00e1d\u00e1n\u00ed sv\u011bta.\" tabindex=\"0\">m\u00fdtus<\/span> je tak kl\u00ed\u010dov\u00fdm textem pro pochopen\u00ed starov\u011bk\u00e9 orient\u00e1ln\u00ed kr\u00e1lovsk\u00e9 ideologie.<\/p>\t\t\t\t\t\t\t\t<\/div>\n\t\t\t\t\t<\/div>\n\t\t\t\t<\/div>\n\t\t\t\t\t<\/div>\n\t\t\t\t<\/div>\n\t\t<div class=\"elementor-element elementor-element-cp274a5cdf e-flex e-con-boxed e-con e-parent\" data-id=\"cp274a5cdf\" data-element_type=\"container\" data-e-type=\"container\">\n\t\t\t\t\t<div class=\"e-con-inner\">\n\t\t\t\t<div class=\"elementor-element elementor-element-cp2566e22a elementor-widget elementor-widget-heading\" data-id=\"cp2566e22a\" data-element_type=\"widget\" data-e-type=\"widget\" data-widget_type=\"heading.default\">\n\t\t\t\t\t<h2 class=\"elementor-heading-title elementor-size-default\">Baalova smrt, podsv\u011bt\u00ed a n\u00e1vrat<\/h2>\t\t\t\t<\/div>\n\t\t<div class=\"elementor-element elementor-element-cp21a7bae2 e-flex e-con-boxed e-con e-child\" data-id=\"cp21a7bae2\" data-element_type=\"container\" data-e-type=\"container\">\n\t\t\t\t\t<div class=\"e-con-inner\">\n\t\t\t\t<div class=\"elementor-element elementor-element-cp248db3f1 elementor-widget elementor-widget-text-editor\" data-id=\"cp248db3f1\" data-element_type=\"widget\" data-e-type=\"widget\" data-widget_type=\"text-editor.default\">\n\t\t\t\t\t\t\t\t\t<p>Druh\u00fd velk\u00fd vypr\u00e1v\u011bc\u00ed oblouk Baalova cyklu vede boha bou\u0159e k smrti. Mot, b\u016fh sucha, smrti a podsv\u011bt\u00ed, zve Baala do sv\u00e9 \u0159\u00ed\u0161e.<\/p><p>Baal pozv\u00e1n\u00ed p\u0159ijme a tabulky vypr\u00e1v\u00ed, \u017ee sestupuje do Motovy tlamy jako sousto do hrdla. Zpr\u00e1va o jeho smrti doraz\u00ed k Elovi, kter\u00fd sestoup\u00ed z tr\u016fnu, oble\u010de si smute\u010dn\u00ed \u0161at, zran\u00ed si k\u016f\u017ei a truchl\u00ed nad Baalem.<\/p><p>N\u00e1sleduje p\u00e1tr\u00e1n\u00ed sestry <a href=\"https:\/\/iwell-guard.com\/cs\/?page_id=145504\">Anat<\/a>, kter\u00e1 najde Baalovo t\u011blo a s pomoc\u00ed slune\u010dn\u00ed bohyn\u011b \u0160apa\u0161 je poh\u0159b\u00ed. N\u011bjakou dobu vl\u00e1dne n\u00e1hradn\u00ed vlada\u0159, av\u0161ak zem\u011b vysych\u00e1.<\/p><p>Nakonec se Baal zjev\u00ed Elovi ve snu \u017eiv\u00fd a pole se znovu zal\u00e9vaj\u00ed medem. V posledn\u00edm st\u0159etu bojuj\u00ed Baal a Mot jako div\u00e1 zv\u011b\u0159, dokud \u0160apa\u0161 nezas\u00e1hne a Mot neustoup\u00ed.<\/p><p>Star\u0161\u00ed v\u00fdzkum \u010detl tuto sekvenci jako \u010dist\u011b sez\u00f3nn\u00ed m\u00fdtus, jako obraz letn\u00edho vysych\u00e1n\u00ed a podzimn\u00edho obdob\u00ed de\u0161\u0165\u016f na syrsk\u00e9m pob\u0159e\u017e\u00ed. Nov\u011bj\u0161\u00ed pr\u00e1ce, nap\u0159\u00edklad koment\u00e1\u0159 Marka Smithe a Wayne Pitarda, pova\u017euj\u00ed tento v\u00fdklad za p\u0159\u00edli\u0161 \u00fazk\u00fd.<\/p><p>Ugaritsk\u00fd kalend\u00e1\u0159 neznal \u017e\u00e1dn\u00e9 ro\u010dn\u00ed Baalovo \u00famrt\u00ed jako pevn\u011b stanoven\u00e9 ritu\u00e1ln\u00ed datum a text samotn\u00fd hovo\u0159\u00ed sp\u00ed\u0161e o sedmilet\u00e9m rytmu. Epizoda spojuje legitimizaci vl\u00e1dy, plodnost a zku\u0161enost sucha, ani\u017e by se dala omezit na jedin\u00e9 v\u00fdkladov\u00e9 sch\u00e9ma. Z\u016fst\u00e1v\u00e1 jedn\u00edm z nejdiskutovan\u011bj\u0161\u00edch text\u016f starov\u011bk\u00fdch orient\u00e1ln\u00edch n\u00e1bo\u017eensk\u00fdch d\u011bjin.<\/p>\t\t\t\t\t\t\t\t<\/div>\n\t\t\t\t\t<\/div>\n\t\t\t\t<\/div>\n\t\t\t\t\t<\/div>\n\t\t\t\t<\/div>\n\t\t<div class=\"elementor-element elementor-element-cp269d2191 e-flex e-con-boxed e-con e-parent\" data-id=\"cp269d2191\" data-element_type=\"container\" data-e-type=\"container\">\n\t\t\t\t\t<div class=\"e-con-inner\">\n\t\t\t\t<div class=\"elementor-element elementor-element-cp2677d35b elementor-widget elementor-widget-heading\" data-id=\"cp2677d35b\" data-element_type=\"widget\" data-e-type=\"widget\" data-widget_type=\"heading.default\">\n\t\t\t\t\t<h2 class=\"elementor-heading-title elementor-size-default\">Hadad v amarnsk\u00fdch dopisech a v tradici z doby Mari<\/h2>\t\t\t\t<\/div>\n\t\t<div class=\"elementor-element elementor-element-cp2998a58b e-flex e-con-boxed e-con e-child\" data-id=\"cp2998a58b\" data-element_type=\"container\" data-e-type=\"container\">\n\t\t\t\t\t<div class=\"e-con-inner\">\n\t\t\t\t<div class=\"elementor-element elementor-element-cp2af41bb3 elementor-widget elementor-widget-text-editor\" data-id=\"cp2af41bb3\" data-element_type=\"widget\" data-e-type=\"widget\" data-widget_type=\"text-editor.default\">\n\t\t\t\t\t\t\t\t\t<p>B\u016fh, kter\u00e9ho Ugarit\u0161t\u00ed naz\u00fdvali Baal, nesl vlastn\u00ed jm\u00e9no Hadad nebo Haddu. Toto jm\u00e9no je mnohem star\u0161\u00ed a roz\u0161\u00ed\u0159en\u011bj\u0161\u00ed ne\u017e ugaritsk\u00e9 tabulky. V archivech Mari na st\u0159edn\u00edm Eufratu, kter\u00e9 jsou datov\u00e1ny do 18. stolet\u00ed p\u0159ed na\u0161\u00edm letopo\u010dtem, se objevuje b\u016fh po\u010das\u00ed z Aleppa, naz\u00fdvan\u00fd Adad, jako v\u00fdznamn\u00e1 politick\u00e1 veli\u010dina.<\/p><p>Slavn\u00fd dopis nech\u00e1v\u00e1 proroka mluvit jm\u00e9nem boha ke kr\u00e1li Zimri-Limovi a p\u0159ipom\u00edn\u00e1 mu, \u017ee ho Adad dosadil na tr\u016fn jeho otce a za to o\u010dek\u00e1v\u00e1 protislu\u017eby.<\/p><p>V amarnsk\u00fdch dopisech ze 14. stolet\u00ed, diplomatick\u00e9 korespondenci egyptsk\u00fdch faraon\u016f s kn\u00ed\u017eaty S\u00fdrie a Palestiny, se b\u016fh objevuje v osobn\u00edch jm\u00e9nech a ve srovn\u00e1n\u00edch.<\/p><p>M\u00edstn\u00ed vl\u00e1dci popisuj\u00ed hr\u016fzu z faraona obrazy, kter\u00e9 jsou vyp\u016fj\u010deny z Hadadova hromu. Tyto doklady ukazuj\u00ed, \u017ee Hadad byl dlouho p\u0159ed f\u00e9nickou epochou centr\u00e1ln\u00edm bo\u017estvem \u0159\u00ed\u0161e, t\u011bsn\u011b spojen\u00fdm s kr\u00e1lovstv\u00edm a vojenskou moc\u00ed.<\/p><p>Pro f\u00e9nick\u00e9 n\u00e1bo\u017eenstv\u00ed to znamen\u00e1: Baal f\u00e9nick\u00fdch m\u011bst je pozdn\u00edm d\u011bdicem stalet\u00ed trvaj\u00edc\u00ed tradice boha po\u010das\u00ed. V Tyru vystoupil <a href=\"https:\/\/iwell-guard.com\/cs\/?page_id=145498\">Melqart<\/a> jako m\u011bstsk\u00fd b\u016fh, jinde z\u016fstal titul Baal spojen s Hadadem.<\/p><p>Asyrsk\u00e9 ozna\u010den\u00ed Adad a aramejsk\u00e1 forma Hadad z\u00e1rove\u0148 dokl\u00e1daj\u00ed, \u017ee tat\u00e1\u017e <span class=\"iwg-fachbegriff\" data-tooltip=\"Bytost uct\u00edvan\u00e1 jako bo\u017esk\u00e1 v r\u00e1mci n\u00e1bo\u017eenstv\u00ed.\" tabindex=\"0\">bo\u017estvo<\/span> byla uct\u00edv\u00e1na nap\u0159\u00ed\u010d jazykov\u00fdmi a \u0159\u00ed\u0161sk\u00fdmi hranicemi. Prameny z Mari a Amarny jsou nezbytn\u00e9 pro historick\u00e9 za\u0159azen\u00ed f\u00e9nick\u00e9ho n\u00e1lezu.<\/p>\t\t\t\t\t\t\t\t<\/div>\n\t\t\t\t\t<\/div>\n\t\t\t\t<\/div>\n\t\t\t\t\t<\/div>\n\t\t\t\t<\/div>\n\t\t<div class=\"elementor-element elementor-element-cp27a103e5 e-flex e-con-boxed e-con e-parent\" data-id=\"cp27a103e5\" data-element_type=\"container\" data-e-type=\"container\">\n\t\t\t\t\t<div class=\"e-con-inner\">\n\t\t\t\t<div class=\"elementor-element elementor-element-cp2c2c9948 elementor-widget elementor-widget-heading\" data-id=\"cp2c2c9948\" data-element_type=\"widget\" data-e-type=\"widget\" data-widget_type=\"heading.default\">\n\t\t\t\t\t<h2 class=\"elementor-heading-title elementor-size-default\">St\u00e9la Baal au foudre a jej\u00ed obrazov\u00fd program<\/h2>\t\t\t\t<\/div>\n\t\t<div class=\"elementor-element elementor-element-cp26b7dfef e-flex e-con-boxed e-con e-child\" data-id=\"cp26b7dfef\" data-element_type=\"container\" data-e-type=\"container\">\n\t\t\t\t\t<div class=\"e-con-inner\">\n\t\t\t\t<div class=\"elementor-element elementor-element-cp2cd9f9fb elementor-widget elementor-widget-text-editor\" data-id=\"cp2cd9f9fb\" data-element_type=\"widget\" data-e-type=\"widget\" data-widget_type=\"text-editor.default\">\n\t\t\t\t\t\t\t\t\t<p>Mezi n\u00e1lezy z Ras \u0160amry vynik\u00e1 v\u00e1pencov\u00e1 st\u00e9la, zn\u00e1m\u00e1 v badatelsk\u00e9 literatu\u0159e jako <em>Baal au foudre<\/em>, Baal s bleskem. Byla nalezena v bl\u00edzkosti velk\u00e9ho Baalova chr\u00e1mu na akropoli Ugaritu a dnes se nach\u00e1z\u00ed v Louvru.<\/p><p><span class=\"iwg-fachbegriff\" data-tooltip=\"Vzp\u0159\u00edmen\u011b stoj\u00edc\u00ed, popsan\u00e1 nebo obr\u00e1zkov\u00e1 kamenn\u00e1 \u010di d\u0159ev\u011bn\u00e1 deska.\" tabindex=\"0\">St\u00e9la<\/span> zobrazuje boha v kroku, s pravou pa\u017e\u00ed zvednutou, kter\u00e1 sv\u00edr\u00e1 kyj, zat\u00edmco lev\u00e1 ruka dr\u017e\u00ed kop\u00ed, jeho\u017e hrot sm\u011b\u0159uje dol\u016f do zem\u011b a jeho\u017e horn\u00ed konec se rozv\u011btvuje do rostlinn\u00fdch tvar\u016f.<\/p><p>Tento detail je v\u00fdmluvn\u00fd. Kop\u00ed, kter\u00e9 je z\u00e1rove\u0148 bleskem a rostouc\u00ed rostlinou, spojuje ob\u011b oblasti p\u016fsobnosti boha po\u010das\u00ed: ni\u010divou s\u00edlu bou\u0159e a o\u017eivuj\u00edc\u00ed s\u00edlu de\u0161t\u011b.<\/p><p>Pod nohama boha vlnit\u00e9 linie nazna\u010duj\u00ed hory nebo mo\u0159e. Mal\u00e1 lidsk\u00e1 postava na okraji je v\u011bt\u0161inou vykl\u00e1d\u00e1na jako kr\u00e1l Ugaritu, kter\u00fd se stav\u00ed pod Baalovu ochranu.<\/p><p>Rohat\u00e1 \u010dapka, kterou b\u016fh nos\u00ed, je starosv\u011btsk\u00fdm znamen\u00edm bo\u017esk\u00e9ho postaven\u00ed. Cel\u00e1 kompozice se \u0159\u00edd\u00ed typem zobrazen\u00ed, kter\u00fd byl roz\u0161\u00ed\u0159en od anatolsk\u00e9 oblasti a\u017e po Egypt, kde se objevuje nap\u0159\u00edklad v zobrazen\u00edch boha po\u010das\u00ed spojen\u00e9ho se Sethem.<\/p><p>Marguerite Yon ve sv\u00e9 monografii o Ugaritu podrobn\u011b popsala <span class=\"iwg-fachbegriff\" data-tooltip=\"Vzp\u0159\u00edmen\u011b stoj\u00edc\u00ed, popsan\u00e1 nebo obr\u00e1zkov\u00e1 kamenn\u00e1 \u010di d\u0159ev\u011bn\u00e1 deska.\" tabindex=\"0\">st\u00e9lu<\/span> a upozornila na jej\u00ed v\u00fdznam jako spojen\u00ed <span class=\"iwg-fachbegriff\" data-tooltip=\"Stavba slou\u017e\u00edc\u00ed uct\u00edv\u00e1n\u00ed jednoho nebo v\u00edce bo\u017estev.\" tabindex=\"0\">chr\u00e1mu<\/span>, kr\u00e1lovstv\u00ed a bohova obrazu. Pro ikonografii f\u00e9nick\u00e9ho Baala je nejd\u016fle\u017eit\u011bj\u0161\u00edm dochovan\u00fdm sv\u011bdectv\u00edm, i kdy\u017e p\u0159\u00edsn\u011b vzato poch\u00e1z\u00ed z Ugaritu, nikoli z f\u00e9nick\u00e9ho m\u011bsta.<\/p>\t\t\t\t\t\t\t\t<\/div>\n\t\t\t\t\t<\/div>\n\t\t\t\t<\/div>\n\t\t\t\t\t<\/div>\n\t\t\t\t<\/div>\n\t\t<div class=\"elementor-element elementor-element-iwgw-baalhadad-lit e-flex e-con-boxed e-con e-parent\" data-id=\"iwgw-baalhadad-lit\" data-element_type=\"container\" data-e-type=\"container\">\n\t\t\t\t\t<div class=\"e-con-inner\">\n\t\t\t\t<div class=\"elementor-element elementor-element-iwgw-baalhadad-lith elementor-widget elementor-widget-heading\" data-id=\"iwgw-baalhadad-lith\" data-element_type=\"widget\" data-e-type=\"widget\" data-widget_type=\"heading.default\">\n\t\t\t\t\t<h2 class=\"elementor-heading-title elementor-size-default\">Literatura (v\u00fdb\u011br)<\/h2>\t\t\t\t<\/div>\n\t\t<div class=\"elementor-element elementor-element-iwgw-baalhadad-litc e-con-full e-flex e-con e-child\" data-id=\"iwgw-baalhadad-litc\" data-element_type=\"container\" data-e-type=\"container\">\n\t\t\t\t<div class=\"elementor-element elementor-element-iwgw-baalhadad-litt elementor-widget elementor-widget-text-editor\" data-id=\"iwgw-baalhadad-litt\" data-element_type=\"widget\" data-e-type=\"widget\" data-widget_type=\"text-editor.default\">\n\t\t\t\t\t\t\t\t\t<div data-nosnippet=\"true\"><ul><li>Mark Smith \/ Wayne Pitard: <em>The Ugaritic Baal Cycle<\/em> (Leiden 1994\/2009)<\/li><li>Daniel Schwemer: <em>Die Wettergottgestalten Mesopotamiens und Nordsyriens<\/em> (Wiesbaden 2001)<\/li><li>Sabatino Moscati: <em>Die Ph\u00f6niker<\/em> (Stuttgart 1966)<\/li><li>Corinne Bonnet: <em>Les enfants de Cadmos<\/em> (Paris 2015)<\/li><li>Mark Smith: <em>The Early History of God<\/em> (San Francisco 1990)<\/li><li>Maria Eugenia Aubet: <em>The Phoenicians and the West<\/em> (Cambridge 2001)<\/li><\/ul><\/div>\t\t\t\t\t\t\t\t<\/div>\n\t\t\t\t<\/div>\n\t\t\t\t\t<\/div>\n\t\t\t\t<\/div>\n\t\t<div class=\"elementor-element elementor-element-iwgkw2-add-baalhadad e-flex e-con-boxed e-con e-parent\" data-id=\"iwgkw2-add-baalhadad\" data-element_type=\"container\" data-e-type=\"container\">\n\t\t\t\t\t<div class=\"e-con-inner\">\n\t\t\t\t<div class=\"elementor-element elementor-element-iwgkw2-add-baalhadad-t elementor-widget elementor-widget-text-editor\" data-id=\"iwgkw2-add-baalhadad-t\" data-element_type=\"widget\" data-e-type=\"widget\" data-widget_type=\"text-editor.default\">\n\t\t\t\t\t\t\t\t\t<p>Jako f\u00e9nick\u00fd nejvy\u0161\u0161\u00ed b\u016fh ovl\u00e1d\u00e1 Baal-Hadad po\u010das\u00ed, tedy bou\u0159i, d\u00e9\u0161\u0165 a vegetaci; v ugaritsk\u00fdch textech v\u00edt\u011bz\u00ed nad Yamem a Motem a zaji\u0161\u0165uje kosmick\u00fd \u0159\u00e1d f\u00e9nick\u00e9ho panteonu.<\/p>\t\t\t\t\t\t\t\t<\/div>\n\t\t\t\t\t<\/div>\n\t\t\t\t<\/div>\n\t\t<div class=\"elementor-element elementor-element-iwgw-baalhadad-kwd e-flex e-con-boxed e-con e-parent\" data-id=\"iwgw-baalhadad-kwd\" data-element_type=\"container\" data-e-type=\"container\">\n\t\t\t\t\t<div class=\"e-con-inner\">\n\t\t<div class=\"elementor-element elementor-element-iwgw-baalhadad-kwdc e-con-full e-flex e-con e-child\" data-id=\"iwgw-baalhadad-kwdc\" data-element_type=\"container\" data-e-type=\"container\">\n\t\t\t\t<div class=\"elementor-element elementor-element-iwgw-baalhadad-kwdt elementor-widget elementor-widget-text-editor\" data-id=\"iwgw-baalhadad-kwdt\" data-element_type=\"widget\" data-e-type=\"widget\" data-widget_type=\"text-editor.default\">\n\t\t\t\t\t\t\t\t\t<p><em>Souvisej\u00edc\u00ed kl\u00ed\u010dov\u00e9 pojmy: Baal-Hadad F\u00e9ni\u010dan\u00e9 b\u016fh po\u010das\u00ed Baal\u016fv cyklus Saphon Ugarit Aleppo Yam Mot.<\/em><\/p>\t\t\t\t\t\t\t\t<\/div>\n\t\t\t\t<\/div>\n\t\t\t\t\t<\/div>\n\t\t\t\t<\/div>\n\t\t<div class=\"elementor-element elementor-element-iwgw-baalhadad-cc e-flex e-con-boxed e-con e-parent\" data-id=\"iwgw-baalhadad-cc\" data-element_type=\"container\" data-e-type=\"container\" id=\"iwg-cc-baal-hadad\">\n\t\t\t\t\t<div class=\"e-con-inner\">\n\t\t<div class=\"elementor-element elementor-element-iwgw-baalhadad-ccinner e-flex e-con-boxed e-con e-parent\" data-id=\"iwgw-baalhadad-ccinner\" data-element_type=\"container\" data-e-type=\"container\" data-settings=\"{&quot;background_background&quot;:&quot;classic&quot;}\">\n\t\t\t\t\t<div class=\"e-con-inner\">\n\t\t\t\t<div class=\"elementor-element elementor-element-iwgw-baalhadad-cch elementor-widget elementor-widget-heading\" data-id=\"iwgw-baalhadad-cch\" data-element_type=\"widget\" data-e-type=\"widget\" data-widget_type=\"heading.default\">\n\t\t\t\t\t<h2 class=\"elementor-heading-title elementor-size-default\">iWell Guard a ochrann\u00e9 tradice<\/h2>\t\t\t\t<\/div>\n\t\t\t\t<div class=\"elementor-element elementor-element-iwgw-baalhadad-cct elementor-widget elementor-widget-text-editor\" data-id=\"iwgw-baalhadad-cct\" data-element_type=\"widget\" data-e-type=\"widget\" data-widget_type=\"text-editor.default\">\n\t\t\t\t\t\t\t\t\t<div data-nosnippet=\"true\"><p>iWell Guard navazuje na kulturn\u011b-historickou tradici p\u0159enosn\u00fdch ochrann\u00fdch p\u0159edm\u011bt\u016f, v tradici <a href=\"https:\/\/iwell-guard.com\/cs\/fenicane-a-kartago-baal-tanit\/\">F\u00e9nick\u00e9 kultury<\/a> a mnoha dal\u0161\u00edch kultur po cel\u00e9m sv\u011bt\u011b. 41 vrstev, ryz\u00ed zlato, platina, st\u0159\u00edbro, vyrobeno v N\u011bmecku. 30denn\u00ed pr\u00e1vo na vr\u00e1cen\u00ed.<\/p><\/div>\t\t\t\t\t\t\t\t<\/div>\n\t\t\t\t<div class=\"elementor-element elementor-element-iwgw-baalhadad-ccb iwg-cc-button iwg-cc-cta-2026-05-13 elementor-widget elementor-widget-jet-button\" data-id=\"iwgw-baalhadad-ccb\" data-element_type=\"widget\" data-e-type=\"widget\" data-widget_type=\"jet-button.default\">\n\t\t\t\t<div class=\"elementor-widget-container\">\n\t\t\t\t\t<div class=\"elementor-jet-button jet-elements\"><div class=\"jet-button__container\"><a class=\"jet-button__instance jet-button__instance--icon-left hover-effect-1\" href=\"\/ueber-iwell-guard\/?utm_source=iwell-guard.com&amp;utm_medium=info-box&amp;utm_campaign=wesen-tradition\"><div class=\"jet-button__plane jet-button__plane-normal\"><\/div><div class=\"jet-button__plane jet-button__plane-hover\"><\/div><div class=\"jet-button__state jet-button__state-normal\"><span class=\"jet-button__label\">V\u00edce o iWell Guard<\/span><\/div><div class=\"jet-button__state jet-button__state-hover\"><span class=\"jet-button__label\">V\u00edce o iWell Guard<\/span><\/div><\/a><\/div><\/div><style>.elementor-element.elementor-element-iwgw-baalhadad-ccb .jet-button__instance{width:320px;height:56px;}.elementor-element.elementor-element-iwgw-baalhadad-ccb .jet-button__state-normal .jet-button__label{text-align:center;margin:0px 0px 0px 0px;color:#1a1b20;font-family:Montserrat,sans-serif;font-size:13px;font-weight:400;letter-spacing:4px;line-height:1.714em;text-transform:uppercase;}.elementor-element.elementor-element-iwgw-baalhadad-ccb .jet-button__state-hover .jet-button__label{text-align:center;margin:0px 0px 0px 0px;color:#FECC76;font-family:Montserrat,sans-serif;font-size:13px;font-weight:400;letter-spacing:4px;line-height:1.714em;text-transform:uppercase;}.elementor-element.elementor-element-iwgw-baalhadad-ccb .jet-button__plane-normal{background-color:#FECC76;border-style:solid;border-color:#C99540;border-width:2px 2px 2px 2px;}.elementor-element.elementor-element-iwgw-baalhadad-ccb .jet-button__plane-hover{background-color:rgba(0,0,0,0.55);border-style:solid;border-color:#FECC76;border-width:2px 2px 2px 2px;}<\/style>\t\t\t\t<\/div>\n\t\t\t\t<\/div>\n\t\t\t\t<div class=\"elementor-element elementor-element-iwgw-baalhadad-ccd elementor-widget elementor-widget-text-editor\" data-id=\"iwgw-baalhadad-ccd\" data-element_type=\"widget\" data-e-type=\"widget\" data-widget_type=\"text-editor.default\">\n\t\t\t\t\t\t\t\t\t<div data-nosnippet=\"true\"><p style=\"text-align:center;font-size:13px;opacity:0.7;margin-top:14px\" data-nosnippet=\"true\">Osobn\u00ed zku\u0161enosti se mohou li\u0161it. Nejedn\u00e1 se o zdravotnick\u00fd prost\u0159edek. Nen\u00ed slibem l\u00e9\u010div\u00e9ho \u00fa\u010dinku.<\/p><\/div>\t\t\t\t\t\t\t\t<\/div>\n\t\t\t\t\t<\/div>\n\t\t\t\t<\/div>\n\t\t\t\t\t<\/div>\n\t\t\t\t<\/div>\n\t\t<div class=\"elementor-element elementor-element-iwgw-baalhadad-disc e-flex e-con-boxed e-con e-parent\" data-id=\"iwgw-baalhadad-disc\" data-element_type=\"container\" data-e-type=\"container\">\n\t\t\t\t\t<div class=\"e-con-inner\">\n\t\t\t\t<div class=\"elementor-element elementor-element-iwgw-baalhadad-discw elementor-widget elementor-widget-html\" data-id=\"iwgw-baalhadad-discw\" data-element_type=\"widget\" data-e-type=\"widget\" data-widget_type=\"html.default\">\n\t\t\t\t\t<footer data-nosnippet=\"true\" class=\"iwg-disclaimer-block\"><p data-nosnippet=\"true\">iWell Guard <strong>nen\u00ed zdravotnick\u00fd prost\u0159edek<\/strong> a nenahrazuje l\u00e9ka\u0159skou ani psychoterapeutickou l\u00e9\u010dbu. Religionistick\u00fd obsah p\u0159edstavuje kulturn\u011b-historick\u00e9 za\u0159azen\u00ed, nikoli doporu\u010den\u00ed duchovn\u00ed praxe.<\/p><\/footer>\t\t\t\t<\/div>\n\t\t\t\t\t<\/div>\n\t\t\t\t<\/div>\n\t\t\t\t<\/div>\n\t\t","protected":false},"excerpt":{"rendered":"","protected":false},"author":3,"featured_media":2845,"parent":0,"menu_order":0,"comment_status":"closed","ping_status":"closed","template":"elementor_header_footer","meta":{"_yoast_wpseo_focuskw":"Baal-Hadad F\u00e9ni\u010dan\u00e9 b\u016fh po\u010das\u00ed","_yoast_wpseo_title":"Baal-Hadad \u2013 f\u00e9nick\u00fd b\u016fh po\u010das\u00ed, m\u00fdtus, kult","_yoast_wpseo_metadesc":"Baal-Hadad je f\u00e9nicko-kana\u00e1nsk\u00fd b\u016fh po\u010das\u00ed a hrdina Baalova cyklu. Religionistick\u00e9 za\u0159azen\u00ed s mytologi\u00ed a kultem.","_yoast_wpseo_meta-robots-noindex":"","_yoast_wpseo_canonical":"","_angie_page":false,"gefaehrdungsstufe":"2","wesen_kultur":"phoenizisch","wesen_klasse":"goetter","footnotes":""},"categories":[],"class_list":["post-145496","page","type-page","status-publish","has-post-thumbnail","hentry"],"yoast_head":"<!-- This site is optimized with the Yoast SEO Premium plugin v27.7 (Yoast SEO v28.3) - https:\/\/yoast.com\/product\/yoast-seo-premium-wordpress\/ -->\n<title>Baal-Hadad \u2013 f\u00e9nick\u00fd b\u016fh po\u010das\u00ed, m\u00fdtus, kult<\/title>\n<meta name=\"description\" content=\"Baal-Hadad je f\u00e9nicko-kana\u00e1nsk\u00fd b\u016fh po\u010das\u00ed a hrdina Baalova cyklu. Religionistick\u00e9 za\u0159azen\u00ed s mytologi\u00ed a kultem.\" \/>\n<meta name=\"robots\" content=\"index, follow, max-snippet:-1, max-image-preview:large, max-video-preview:-1\" \/>\n<link rel=\"canonical\" href=\"https:\/\/iwell-guard.com\/cs\/baal-hadad-fenicky-buh-pocasi\/\" \/>\n<meta property=\"og:locale\" content=\"cs_CZ\" \/>\n<meta property=\"og:type\" content=\"article\" \/>\n<meta property=\"og:title\" content=\"Baal-Hadad \u2013 f\u00e9nick\u00fd b\u016fh po\u010das\u00ed\" \/>\n<meta property=\"og:description\" content=\"Baal-Hadad je f\u00e9nicko-kana\u00e1nsk\u00fd b\u016fh po\u010das\u00ed a hrdina Baalova cyklu. Religionistick\u00e9 za\u0159azen\u00ed s mytologi\u00ed a kultem.\" \/>\n<meta property=\"og:url\" content=\"https:\/\/iwell-guard.com\/cs\/baal-hadad-fenicky-buh-pocasi\/\" \/>\n<meta property=\"og:site_name\" content=\"iWell Guard\" \/>\n<meta property=\"article:modified_time\" content=\"2026-09-03T16:57:36+00:00\" \/>\n<meta property=\"og:image\" content=\"https:\/\/iwell-guard.com\/wp-content\/uploads\/2026\/05\/goetter_phoenizisch_baal-hadad.webp\" \/>\n\t<meta property=\"og:image:width\" content=\"1024\" \/>\n\t<meta property=\"og:image:height\" content=\"1536\" \/>\n\t<meta property=\"og:image:type\" content=\"image\/webp\" \/>\n<meta name=\"twitter:card\" content=\"summary_large_image\" \/>\n<script type=\"application\/ld+json\" class=\"yoast-schema-graph\">{\"@context\":\"https:\\\/\\\/schema.org\",\"@graph\":[{\"@type\":\"WebPage\",\"@id\":\"https:\\\/\\\/iwell-guard.com\\\/cs\\\/baal-hadad-fenicky-buh-pocasi\\\/\",\"url\":\"https:\\\/\\\/iwell-guard.com\\\/cs\\\/baal-hadad-fenicky-buh-pocasi\\\/\",\"name\":\"Baal-Hadad \u2013 f\u00e9nick\u00fd b\u016fh po\u010das\u00ed, m\u00fdtus, kult\",\"isPartOf\":{\"@id\":\"https:\\\/\\\/iwell-guard.com\\\/cs\\\/#website\"},\"primaryImageOfPage\":{\"@id\":\"https:\\\/\\\/iwell-guard.com\\\/cs\\\/baal-hadad-fenicky-buh-pocasi\\\/#primaryimage\"},\"image\":{\"@id\":\"https:\\\/\\\/iwell-guard.com\\\/cs\\\/baal-hadad-fenicky-buh-pocasi\\\/#primaryimage\"},\"thumbnailUrl\":\"https:\\\/\\\/iwell-guard.com\\\/wp-content\\\/uploads\\\/2026\\\/05\\\/goetter_phoenizisch_baal-hadad.webp\",\"datePublished\":\"2026-09-03T16:30:57+00:00\",\"dateModified\":\"2026-09-03T16:57:36+00:00\",\"description\":\"Baal-Hadad je f\u00e9nicko-kana\u00e1nsk\u00fd b\u016fh po\u010das\u00ed a hrdina Baalova cyklu. Religionistick\u00e9 za\u0159azen\u00ed s mytologi\u00ed a kultem.\",\"breadcrumb\":{\"@id\":\"https:\\\/\\\/iwell-guard.com\\\/cs\\\/baal-hadad-fenicky-buh-pocasi\\\/#breadcrumb\"},\"inLanguage\":\"cs\",\"potentialAction\":[{\"@type\":\"ReadAction\",\"target\":[\"https:\\\/\\\/iwell-guard.com\\\/cs\\\/baal-hadad-fenicky-buh-pocasi\\\/\"]}]},{\"@type\":\"ImageObject\",\"inLanguage\":\"cs\",\"@id\":\"https:\\\/\\\/iwell-guard.com\\\/cs\\\/baal-hadad-fenicky-buh-pocasi\\\/#primaryimage\",\"url\":\"https:\\\/\\\/iwell-guard.com\\\/wp-content\\\/uploads\\\/2026\\\/05\\\/goetter_phoenizisch_baal-hadad.webp\",\"contentUrl\":\"https:\\\/\\\/iwell-guard.com\\\/wp-content\\\/uploads\\\/2026\\\/05\\\/goetter_phoenizisch_baal-hadad.webp\",\"width\":1024,\"height\":1536,\"caption\":\"Bohov\u00e9 z f\u00e9nick\u00e9 tradice.\"},{\"@type\":\"BreadcrumbList\",\"@id\":\"https:\\\/\\\/iwell-guard.com\\\/cs\\\/baal-hadad-fenicky-buh-pocasi\\\/#breadcrumb\",\"itemListElement\":[{\"@type\":\"ListItem\",\"position\":1,\"name\":\"Start\",\"item\":\"https:\\\/\\\/iwell-guard.com\\\/cs\\\/?page_id=145107\"},{\"@type\":\"ListItem\",\"position\":2,\"name\":\"Baal-Hadad \u2013 f\u00e9nick\u00fd b\u016fh po\u010das\u00ed\"}]},{\"@type\":\"WebSite\",\"@id\":\"https:\\\/\\\/iwell-guard.com\\\/cs\\\/#website\",\"url\":\"https:\\\/\\\/iwell-guard.com\\\/cs\\\/\",\"name\":\"iWell Guard\",\"description\":\"Schutz vor dunklen Einfl\u00fcssen\",\"publisher\":{\"@id\":\"https:\\\/\\\/iwell-guard.com\\\/cs\\\/#organization\"},\"potentialAction\":[{\"@type\":\"SearchAction\",\"target\":{\"@type\":\"EntryPoint\",\"urlTemplate\":\"https:\\\/\\\/iwell-guard.com\\\/cs\\\/?s={search_term_string}\"},\"query-input\":{\"@type\":\"PropertyValueSpecification\",\"valueRequired\":true,\"valueName\":\"search_term_string\"}}],\"inLanguage\":\"cs\"},{\"@type\":\"Organization\",\"@id\":\"https:\\\/\\\/iwell-guard.com\\\/cs\\\/#organization\",\"name\":\"Ittermann electronic GmbH\",\"url\":\"https:\\\/\\\/iwell-guard.com\\\/cs\\\/\",\"logo\":{\"@type\":\"ImageObject\",\"inLanguage\":\"cs\",\"@id\":\"https:\\\/\\\/iwell-guard.com\\\/cs\\\/#\\\/schema\\\/logo\\\/image\\\/\",\"url\":\"https:\\\/\\\/iwell-guard.com\\\/wp-content\\\/uploads\\\/2026\\\/05\\\/Ittermann-Logo-1182x237-1.png\",\"contentUrl\":\"https:\\\/\\\/iwell-guard.com\\\/wp-content\\\/uploads\\\/2026\\\/05\\\/Ittermann-Logo-1182x237-1.png\",\"width\":1182,\"height\":237,\"caption\":\"Ittermann electronic GmbH\"},\"image\":{\"@id\":\"https:\\\/\\\/iwell-guard.com\\\/cs\\\/#\\\/schema\\\/logo\\\/image\\\/\"},\"sameAs\":[\"https:\\\/\\\/pantip.com\\\/profile\\\/9367242\",\"https:\\\/\\\/micro.blog\\\/iwellguard\",\"https:\\\/\\\/www.diggerslist.com\\\/iwellguard\\\/about\",\"https:\\\/\\\/skitterphoto.com\\\/photographers\\\/2870314\\\/iwell-guard\",\"https:\\\/\\\/iwellguard.wordpress.com\\\/2026\\\/06\\\/06\\\/iwell-guard\\\/\",\"https:\\\/\\\/hub.docker.com\\\/u\\\/iwellguard\",\"https:\\\/\\\/www.pinterest.com\\\/iwellguard\\\/\",\"https:\\\/\\\/bit.ly\\\/m\\\/iwellguard\",\"https:\\\/\\\/entre-vos-mains.alsace.eu\\\/profiles\\\/iwellguard\\\/activity\",\"https:\\\/\\\/gravatar.com\\\/reallybeded8fd34\",\"https:\\\/\\\/naijamatta.com\\\/iwellguard\",\"https:\\\/\\\/www.goodreads.com\\\/iwellguard\",\"https:\\\/\\\/profile.hatena.ne.jp\\\/iwellguard\\\/\",\"https:\\\/\\\/experiment.com\\\/users\\\/iwellguard\",\"https:\\\/\\\/wakelet.com\\\/@iWellGuard82270\",\"https:\\\/\\\/www.chordie.com\\\/forum\\\/profile.php?id=2555664\",\"https:\\\/\\\/www.instapaper.com\\\/p\\\/17757966\",\"https:\\\/\\\/www.mapleprimes.com\\\/users\\\/iwellguard\",\"https:\\\/\\\/businesslistingplus.com\\\/profile\\\/iwell-guard\\\/\",\"https:\\\/\\\/telegra.ph\\\/iWell-Guard-06-06\",\"https:\\\/\\\/pbase.com\\\/iwellguard\\\/iwellguard\",\"https:\\\/\\\/b.hatena.ne.jp\\\/iwellguard\\\/20260607#bookmark-4788405196491818882\",\"https:\\\/\\\/fliphtml5.com\\\/home\\\/iwellguard\",\"https:\\\/\\\/anyflip.com\\\/homepage\\\/cmiwl#About\",\"https:\\\/\\\/transfur.com\\\/Users\\\/iwellguard\",\"http:\\\/\\\/delphi.larsbo.org\\\/user\\\/iwellguard\",\"https:\\\/\\\/jobs.lajobsportal.org\\\/profiles\\\/8380803-iwell-guard\",\"https:\\\/\\\/md.chaosdorf.de\\\/s\\\/jfbe5SBdJD\",\"https:\\\/\\\/www.lingvolive.com\\\/en-us\\\/profile\\\/9ecaeaca-ce11-4e51-9e71-01d55e2bff36\\\/translations\",\"https:\\\/\\\/www.fitday.com\\\/fitness\\\/forums\\\/members\\\/iwellguard.html\",\"https:\\\/\\\/www.mymeetbook.com\\\/iwellguard\",\"https:\\\/\\\/pxhere.com\\\/en\\\/photographer-me\\\/5040798\",\"https:\\\/\\\/disqus.com\\\/by\\\/iwellguard\\\/about\\\/\",\"https:\\\/\\\/pastelink.net\\\/hjwciqwq\",\"https:\\\/\\\/pubhtml5.com\\\/homepage\\\/scjhn\\\/\",\"https:\\\/\\\/www.bitchute.com\\\/channel\\\/2O2eOKzNqujT\",\"https:\\\/\\\/audiomack.com\\\/iwellguard\"]},{\"@type\":\"Article\",\"@id\":\"https:\\\/\\\/iwell-guard.com\\\/cs\\\/baal-hadad-fenicky-buh-pocasi\\\/#article\",\"isPartOf\":{\"@id\":\"https:\\\/\\\/iwell-guard.com\\\/cs\\\/baal-hadad-fenicky-buh-pocasi\\\/\"},\"author\":{\"name\":\"Ralf Ittermann\",\"@id\":\"https:\\\/\\\/iwell-guard.com\\\/cs\\\/#\\\/schema\\\/person\\\/ee2a27f1cac3406c7c6fb5820cb7349f\"},\"headline\":\"Baal-Hadad \u2013 f\u00e9nick\u00fd b\u016fh po\u010das\u00ed\",\"datePublished\":\"2026-09-03T16:30:57+00:00\",\"dateModified\":\"2026-09-03T16:57:36+00:00\",\"mainEntityOfPage\":{\"@id\":\"https:\\\/\\\/iwell-guard.com\\\/cs\\\/baal-hadad-fenicky-buh-pocasi\\\/\"},\"publisher\":{\"@id\":\"https:\\\/\\\/iwell-guard.com\\\/cs\\\/#organization\"},\"image\":{\"@id\":\"https:\\\/\\\/iwell-guard.com\\\/cs\\\/baal-hadad-fenicky-buh-pocasi\\\/#primaryimage\"},\"thumbnailUrl\":\"https:\\\/\\\/iwell-guard.com\\\/wp-content\\\/uploads\\\/2026\\\/05\\\/goetter_phoenizisch_baal-hadad.webp\",\"inLanguage\":\"cs\",\"description\":\"Baal-Hadad je f\u00e9nicko-kana\u00e1nsk\u00fd b\u016fh po\u010das\u00ed a hrdina Baalova cyklu. Religionistick\u00e9 za\u0159azen\u00ed s mytologi\u00ed a kultem.\"}]}<\/script>\n<!-- \/ Yoast SEO Premium plugin. -->","yoast_head_json":{"title":"Baal-Hadad \u2013 f\u00e9nick\u00fd b\u016fh po\u010das\u00ed, m\u00fdtus, kult","description":"Baal-Hadad je f\u00e9nicko-kana\u00e1nsk\u00fd b\u016fh po\u010das\u00ed a hrdina Baalova cyklu. Religionistick\u00e9 za\u0159azen\u00ed s mytologi\u00ed a kultem.","robots":{"index":"index","follow":"follow","max-snippet":"max-snippet:-1","max-image-preview":"max-image-preview:large","max-video-preview":"max-video-preview:-1"},"canonical":"https:\/\/iwell-guard.com\/cs\/baal-hadad-fenicky-buh-pocasi\/","og_locale":"cs_CZ","og_type":"article","og_title":"Baal-Hadad \u2013 f\u00e9nick\u00fd b\u016fh po\u010das\u00ed","og_description":"Baal-Hadad je f\u00e9nicko-kana\u00e1nsk\u00fd b\u016fh po\u010das\u00ed a hrdina Baalova cyklu. Religionistick\u00e9 za\u0159azen\u00ed s mytologi\u00ed a kultem.","og_url":"https:\/\/iwell-guard.com\/cs\/baal-hadad-fenicky-buh-pocasi\/","og_site_name":"iWell Guard","article_modified_time":"2026-09-03T16:57:36+00:00","og_image":[{"width":1024,"height":1536,"url":"https:\/\/iwell-guard.com\/wp-content\/uploads\/2026\/05\/goetter_phoenizisch_baal-hadad.webp","type":"image\/webp"}],"twitter_card":"summary_large_image","schema":{"@context":"https:\/\/schema.org","@graph":[{"@type":"Article","@id":"https:\/\/iwell-guard.com\/cs\/baal-hadad-fenicky-buh-pocasi\/#article","isPartOf":{"@id":"https:\/\/iwell-guard.com\/cs\/baal-hadad-fenicky-buh-pocasi\/"},"author":{"name":"Ralf Ittermann","@id":"https:\/\/iwell-guard.com\/cs\/#\/schema\/person\/ee2a27f1cac3406c7c6fb5820cb7349f"},"headline":"Baal-Hadad \u2013 f\u00e9nick\u00fd b\u016fh po\u010das\u00ed","datePublished":"2026-09-03T16:30:57+00:00","dateModified":"2026-09-03T16:57:36+00:00","mainEntityOfPage":{"@id":"https:\/\/iwell-guard.com\/cs\/baal-hadad-fenicky-buh-pocasi\/"},"publisher":{"@id":"https:\/\/iwell-guard.com\/cs\/#organization"},"image":{"@id":"https:\/\/iwell-guard.com\/cs\/baal-hadad-fenicky-buh-pocasi\/#primaryimage"},"thumbnailUrl":"https:\/\/iwell-guard.com\/wp-content\/uploads\/2026\/05\/goetter_phoenizisch_baal-hadad.webp","inLanguage":"cs","description":"Baal-Hadad je f\u00e9nicko-kana\u00e1nsk\u00fd b\u016fh po\u010das\u00ed a hrdina Baalova cyklu. Religionistick\u00e9 za\u0159azen\u00ed s mytologi\u00ed a kultem."},{"@type":"WebPage","@id":"https:\/\/iwell-guard.com\/cs\/baal-hadad-fenicky-buh-pocasi\/","url":"https:\/\/iwell-guard.com\/cs\/baal-hadad-fenicky-buh-pocasi\/","name":"Baal-Hadad \u2013 f\u00e9nick\u00fd b\u016fh po\u010das\u00ed, m\u00fdtus, kult","isPartOf":{"@id":"https:\/\/iwell-guard.com\/cs\/#website"},"primaryImageOfPage":{"@id":"https:\/\/iwell-guard.com\/cs\/baal-hadad-fenicky-buh-pocasi\/#primaryimage"},"image":{"@id":"https:\/\/iwell-guard.com\/cs\/baal-hadad-fenicky-buh-pocasi\/#primaryimage"},"thumbnailUrl":"https:\/\/iwell-guard.com\/wp-content\/uploads\/2026\/05\/goetter_phoenizisch_baal-hadad.webp","datePublished":"2026-09-03T16:30:57+00:00","dateModified":"2026-09-03T16:57:36+00:00","description":"Baal-Hadad je f\u00e9nicko-kana\u00e1nsk\u00fd b\u016fh po\u010das\u00ed a hrdina Baalova cyklu. Religionistick\u00e9 za\u0159azen\u00ed s mytologi\u00ed a kultem.","breadcrumb":{"@id":"https:\/\/iwell-guard.com\/cs\/baal-hadad-fenicky-buh-pocasi\/#breadcrumb"},"inLanguage":"cs","potentialAction":[{"@type":"ReadAction","target":["https:\/\/iwell-guard.com\/cs\/baal-hadad-fenicky-buh-pocasi\/"]}]},{"@type":"ImageObject","inLanguage":"cs","@id":"https:\/\/iwell-guard.com\/cs\/baal-hadad-fenicky-buh-pocasi\/#primaryimage","url":"https:\/\/iwell-guard.com\/wp-content\/uploads\/2026\/05\/goetter_phoenizisch_baal-hadad.webp","contentUrl":"https:\/\/iwell-guard.com\/wp-content\/uploads\/2026\/05\/goetter_phoenizisch_baal-hadad.webp","width":1024,"height":1536,"caption":"Bohov\u00e9 z f\u00e9nick\u00e9 tradice."},{"@type":"BreadcrumbList","@id":"https:\/\/iwell-guard.com\/cs\/baal-hadad-fenicky-buh-pocasi\/#breadcrumb","itemListElement":[{"@type":"ListItem","position":1,"name":"Start","item":"https:\/\/iwell-guard.com\/cs\/?page_id=145107"},{"@type":"ListItem","position":2,"name":"Baal-Hadad \u2013 f\u00e9nick\u00fd b\u016fh po\u010das\u00ed"}]},{"@type":"WebSite","@id":"https:\/\/iwell-guard.com\/cs\/#website","url":"https:\/\/iwell-guard.com\/cs\/","name":"iWell Guard","description":"Schutz vor dunklen Einfl\u00fcssen","publisher":{"@id":"https:\/\/iwell-guard.com\/cs\/#organization"},"potentialAction":[{"@type":"SearchAction","target":{"@type":"EntryPoint","urlTemplate":"https:\/\/iwell-guard.com\/cs\/?s={search_term_string}"},"query-input":{"@type":"PropertyValueSpecification","valueRequired":true,"valueName":"search_term_string"}}],"inLanguage":"cs"},{"@type":"Organization","@id":"https:\/\/iwell-guard.com\/cs\/#organization","name":"Ittermann electronic GmbH","url":"https:\/\/iwell-guard.com\/cs\/","logo":{"@type":"ImageObject","inLanguage":"cs","@id":"https:\/\/iwell-guard.com\/cs\/#\/schema\/logo\/image\/","url":"https:\/\/iwell-guard.com\/wp-content\/uploads\/2026\/05\/Ittermann-Logo-1182x237-1.png","contentUrl":"https:\/\/iwell-guard.com\/wp-content\/uploads\/2026\/05\/Ittermann-Logo-1182x237-1.png","width":1182,"height":237,"caption":"Ittermann electronic GmbH"},"image":{"@id":"https:\/\/iwell-guard.com\/cs\/#\/schema\/logo\/image\/"},"sameAs":["https:\/\/pantip.com\/profile\/9367242","https:\/\/micro.blog\/iwellguard","https:\/\/www.diggerslist.com\/iwellguard\/about","https:\/\/skitterphoto.com\/photographers\/2870314\/iwell-guard","https:\/\/iwellguard.wordpress.com\/2026\/06\/06\/iwell-guard\/","https:\/\/hub.docker.com\/u\/iwellguard","https:\/\/www.pinterest.com\/iwellguard\/","https:\/\/bit.ly\/m\/iwellguard","https:\/\/entre-vos-mains.alsace.eu\/profiles\/iwellguard\/activity","https:\/\/gravatar.com\/reallybeded8fd34","https:\/\/naijamatta.com\/iwellguard","https:\/\/www.goodreads.com\/iwellguard","https:\/\/profile.hatena.ne.jp\/iwellguard\/","https:\/\/experiment.com\/users\/iwellguard","https:\/\/wakelet.com\/@iWellGuard82270","https:\/\/www.chordie.com\/forum\/profile.php?id=2555664","https:\/\/www.instapaper.com\/p\/17757966","https:\/\/www.mapleprimes.com\/users\/iwellguard","https:\/\/businesslistingplus.com\/profile\/iwell-guard\/","https:\/\/telegra.ph\/iWell-Guard-06-06","https:\/\/pbase.com\/iwellguard\/iwellguard","https:\/\/b.hatena.ne.jp\/iwellguard\/20260607#bookmark-4788405196491818882","https:\/\/fliphtml5.com\/home\/iwellguard","https:\/\/anyflip.com\/homepage\/cmiwl#About","https:\/\/transfur.com\/Users\/iwellguard","http:\/\/delphi.larsbo.org\/user\/iwellguard","https:\/\/jobs.lajobsportal.org\/profiles\/8380803-iwell-guard","https:\/\/md.chaosdorf.de\/s\/jfbe5SBdJD","https:\/\/www.lingvolive.com\/en-us\/profile\/9ecaeaca-ce11-4e51-9e71-01d55e2bff36\/translations","https:\/\/www.fitday.com\/fitness\/forums\/members\/iwellguard.html","https:\/\/www.mymeetbook.com\/iwellguard","https:\/\/pxhere.com\/en\/photographer-me\/5040798","https:\/\/disqus.com\/by\/iwellguard\/about\/","https:\/\/pastelink.net\/hjwciqwq","https:\/\/pubhtml5.com\/homepage\/scjhn\/","https:\/\/www.bitchute.com\/channel\/2O2eOKzNqujT","https:\/\/audiomack.com\/iwellguard"]},{"@type":"Person","@id":"https:\/\/iwell-guard.com\/cs\/#\/schema\/person\/ee2a27f1cac3406c7c6fb5820cb7349f","name":"Ralf Ittermann","image":{"@type":"ImageObject","inLanguage":"cs","@id":"https:\/\/secure.gravatar.com\/avatar\/073c0153e350a5005b68eb752b445fea71f6b24a26da9449ad7e155e6b446c9d?s=96&d=mm&r=g","url":"https:\/\/secure.gravatar.com\/avatar\/073c0153e350a5005b68eb752b445fea71f6b24a26da9449ad7e155e6b446c9d?s=96&d=mm&r=g","contentUrl":"https:\/\/secure.gravatar.com\/avatar\/073c0153e350a5005b68eb752b445fea71f6b24a26da9449ad7e155e6b446c9d?s=96&d=mm&r=g","caption":"Ralf Ittermann"},"givenName":"Ralf","familyName":"Ittermann","jobTitle":"Gesch\u00e4ftsf\u00fchrer und redaktioneller Verantwortlicher","url":"https:\/\/iwell-guard.com\/cs\/author\/claude\/","description":"Ralf Ittermann ist Gesch\u00e4ftsf\u00fchrer der Ittermann electronic GmbH und redaktioneller Verantwortlicher des iWell-Guard-Lexikons. Er verbindet langj\u00e4hrige Erfahrung in der Pr\u00e4zisionsfertigung mit medialer Praxis und religionsgeschichtlicher Quellenarbeit.","worksFor":{"@type":"Organization","name":"Ittermann electronic GmbH","url":"https:\/\/ittermann.de\/","address":{"@type":"PostalAddress","streetAddress":"K\u00f6hlergasse 16-18","postalCode":"99842","addressLocality":"Ruhla","addressCountry":"DE"}},"knowsAbout":["Religionsgeschichte","Mythologie","Mediale Praxis","Energetische Diagnostik","Schutzpraxis","Volksglauben","Westliche Esoterik"]},{"@type":"Article","@id":"https:\/\/iwell-guard.com\/cs\/baal-hadad-fenicky-buh-pocasi\/#article","isPartOf":{"@id":"https:\/\/iwell-guard.com\/cs\/baal-hadad-fenicky-buh-pocasi\/"},"author":{"name":"Ralf Ittermann","@id":"https:\/\/iwell-guard.com\/cs\/#\/schema\/person\/ee2a27f1cac3406c7c6fb5820cb7349f"},"headline":"Baal-Hadad \u2013 f\u00e9nick\u00fd b\u016fh po\u010das\u00ed","datePublished":"2026-09-03T16:30:57+00:00","dateModified":"2026-09-03T16:57:36+00:00","mainEntityOfPage":{"@id":"https:\/\/iwell-guard.com\/cs\/baal-hadad-fenicky-buh-pocasi\/"},"publisher":{"@id":"https:\/\/iwell-guard.com\/cs\/#organization"},"image":{"@id":"https:\/\/iwell-guard.com\/cs\/baal-hadad-fenicky-buh-pocasi\/#primaryimage"},"thumbnailUrl":"https:\/\/iwell-guard.com\/wp-content\/uploads\/2026\/05\/goetter_phoenizisch_baal-hadad.webp","inLanguage":"cs","description":"Baal-Hadad je f\u00e9nicko-kana\u00e1nsk\u00fd b\u016fh po\u010das\u00ed a hrdina Baalova cyklu. Religionistick\u00e9 za\u0159azen\u00ed s mytologi\u00ed a kultem."}]}},"_links":{"self":[{"href":"https:\/\/iwell-guard.com\/cs\/wp-json\/wp\/v2\/pages\/145496","targetHints":{"allow":["GET"]}}],"collection":[{"href":"https:\/\/iwell-guard.com\/cs\/wp-json\/wp\/v2\/pages"}],"about":[{"href":"https:\/\/iwell-guard.com\/cs\/wp-json\/wp\/v2\/types\/page"}],"author":[{"embeddable":true,"href":"https:\/\/iwell-guard.com\/cs\/wp-json\/wp\/v2\/users\/3"}],"replies":[{"embeddable":true,"href":"https:\/\/iwell-guard.com\/cs\/wp-json\/wp\/v2\/comments?post=145496"}],"version-history":[{"count":0,"href":"https:\/\/iwell-guard.com\/cs\/wp-json\/wp\/v2\/pages\/145496\/revisions"}],"wp:featuredmedia":[{"embeddable":true,"href":"https:\/\/iwell-guard.com\/cs\/wp-json\/wp\/v2\/media\/2845"}],"wp:attachment":[{"href":"https:\/\/iwell-guard.com\/cs\/wp-json\/wp\/v2\/media?parent=145496"}],"wp:term":[{"taxonomy":"category","embeddable":true,"href":"https:\/\/iwell-guard.com\/cs\/wp-json\/wp\/v2\/categories?post=145496"}],"curies":[{"name":"wp","href":"https:\/\/api.w.org\/{rel}","templated":true}]}}