{"id":145478,"date":"2026-09-03T16:30:47","date_gmt":"2026-09-03T16:30:47","guid":{"rendered":"https:\/\/iwell-guard.com\/?page_id=145478"},"modified":"2026-09-03T16:57:08","modified_gmt":"2026-09-03T16:57:08","slug":"menrva-etruska-bohyne-moudrosti-valky","status":"publish","type":"page","link":"https:\/\/iwell-guard.com\/cs\/menrva-etruska-bohyne-moudrosti-valky\/","title":{"rendered":"Menrva &#8211; Etrusk\u00e1 bohyn\u011b moudrosti a v\u00e1lky"},"content":{"rendered":"\t\t<div data-elementor-type=\"wp-page\" data-elementor-id=\"145478\" class=\"elementor elementor-145478 elementor-2606 elementor-bc-flex-widget\" data-elementor-post-type=\"page\">\n\t\t\t\t<div class=\"elementor-element elementor-element-iwgw-menrva-hero e-flex e-con-boxed e-con e-parent\" data-id=\"iwgw-menrva-hero\" data-element_type=\"container\" data-e-type=\"container\" data-settings=\"{&quot;background_background&quot;:&quot;classic&quot;}\">\n\t\t\t\t\t<div class=\"e-con-inner\">\n\t\t<div class=\"elementor-element elementor-element-iwgw-menrva-hl e-flex e-con-boxed e-con e-child\" data-id=\"iwgw-menrva-hl\" data-element_type=\"container\" data-e-type=\"container\">\n\t\t\t\t\t<div class=\"e-con-inner\">\n\t\t<div class=\"elementor-element elementor-element-iwgw-menrva-htxt e-con-full e-flex e-con e-child\" data-id=\"iwgw-menrva-htxt\" data-element_type=\"container\" data-e-type=\"container\">\n\t\t\t\t<div class=\"elementor-element elementor-element-iwgw-menrva-h1 elementor-widget elementor-widget-heading\" data-id=\"iwgw-menrva-h1\" data-element_type=\"widget\" data-e-type=\"widget\" data-widget_type=\"heading.default\">\n\t\t\t\t\t<h1 class=\"elementor-heading-title elementor-size-default\">Menrva - Etrusk\u00e1 bohyn\u011b moudrosti, \u0159emesel a v\u00e1lky<\/h1>\t\t\t\t<\/div>\n\t\t\t\t<div class=\"elementor-element elementor-element-iwgw-menrva-lead elementor-widget elementor-widget-text-editor\" data-id=\"iwgw-menrva-lead\" data-element_type=\"widget\" data-e-type=\"widget\" data-widget_type=\"text-editor.default\">\n\t\t\t\t\t\t\t\t\t<p>Menrva (ps\u00e1no i Menerva, Menarva) je v etrusk\u00e9m n\u00e1bo\u017eenstv\u00ed bohyn\u011b moudrosti, \u0159emesel, v\u00e1lky a l\u00e9\u010den\u00ed. Spolu s <a href=\"https:\/\/iwell-guard.com\/cs\/?page_id=145476\">Tinia<\/a> a <a href=\"https:\/\/iwell-guard.com\/cs\/?page_id=145477\">Uni<\/a> tvo\u0159\u00ed kapitolskou trojici a je bezprost\u0159edn\u00ed p\u0159edch\u016fdkyn\u00ed \u0159\u00edmsk\u00e9 Minervy. Tento text popisuje jej\u00ed religionistick\u00e9 postaven\u00ed v etrusk\u00e9m <span class=\"iwg-fachbegriff\" data-tooltip=\"Souhrn boh\u016f ur\u010dit\u00e9ho n\u00e1bo\u017eenstv\u00ed nebo kultury.\" tabindex=\"0\">panteonu<\/span>.<\/p>\t\t\t\t\t\t\t\t<\/div>\n\t\t\t\t<\/div>\n\t\t<div class=\"elementor-element elementor-element-iwgw-menrva-pillc e-con-full e-flex e-con e-child\" data-id=\"iwgw-menrva-pillc\" data-element_type=\"container\" data-e-type=\"container\">\n\t\t\t\t<div class=\"elementor-element elementor-element-iwgw-menrva-pills elementor-widget elementor-widget-html\" data-id=\"iwgw-menrva-pills\" data-element_type=\"widget\" data-e-type=\"widget\" data-widget_type=\"html.default\">\n\t\t\t\t\t<div class=\"iwg-pill-row\"><span class=\"iwg-klasse-badge\" tabindex=\"0\" data-tooltip=\"Bohyn\u011b tradice etrusk\u00e9.\">Bohyn\u011b<\/span><a href=\"https:\/\/iwell-guard.com\/cs\/etruske-nabozenstvi-haruspex-disciplina-praxe\/\" class=\"iwg-kultur-badge\" tabindex=\"0\" data-tooltip=\"Mytologie etrusk\u00e9 tradice.\">Etrusk\u00e1<\/a><span class=\"iwg-tradition-badge\" tabindex=\"0\" data-tooltip=\"Bohyn\u011b moudrosti.\">Bohyn\u011b moudrosti<\/span><\/div>\t\t\t\t<\/div>\n\t\t\t\t<\/div>\n\t\t<div class=\"elementor-element elementor-element-iwgw-menrva-tocc e-con-full e-flex e-con e-child\" data-id=\"iwgw-menrva-tocc\" data-element_type=\"container\" data-e-type=\"container\">\n\t\t\t\t<div class=\"elementor-element elementor-element-iwgw-menrva-toc elementor-toc--minimized-on-tablet elementor-widget elementor-widget-table-of-contents\" data-id=\"iwgw-menrva-toc\" data-element_type=\"widget\" data-e-type=\"widget\" data-settings=\"{&quot;headings_by_tags&quot;:[&quot;h2&quot;,&quot;h3&quot;],&quot;minimize_box&quot;:&quot;yes&quot;,&quot;marker_view&quot;:&quot;bullets&quot;,&quot;no_headings_message&quot;:&quot;Na t\\u00e9to str\\u00e1nce nebyly nalezeny \\u017e\\u00e1dn\\u00e9 nadpisy.&quot;,&quot;exclude_headings_by_selector&quot;:[],&quot;icon&quot;:{&quot;value&quot;:&quot;fas fa-circle&quot;,&quot;library&quot;:&quot;fa-solid&quot;,&quot;rendered_tag&quot;:&quot;&lt;svg class=\\&quot;e-font-icon-svg e-fas-circle\\&quot; viewBox=\\&quot;0 0 512 512\\&quot; xmlns=\\&quot;http:\\\/\\\/www.w3.org\\\/2000\\\/svg\\&quot;&gt;&lt;path d=\\&quot;M256 8C119 8 8 119 8 256s111 248 248 248 248-111 248-248S393 8 256 8z\\&quot;&gt;&lt;\\\/path&gt;&lt;\\\/svg&gt;&quot;},&quot;minimized_on&quot;:&quot;tablet&quot;,&quot;hierarchical_view&quot;:&quot;yes&quot;,&quot;min_height&quot;:{&quot;unit&quot;:&quot;px&quot;,&quot;size&quot;:&quot;&quot;,&quot;sizes&quot;:[]},&quot;min_height_tablet&quot;:{&quot;unit&quot;:&quot;px&quot;,&quot;size&quot;:&quot;&quot;,&quot;sizes&quot;:[]},&quot;min_height_mobile&quot;:{&quot;unit&quot;:&quot;px&quot;,&quot;size&quot;:&quot;&quot;,&quot;sizes&quot;:[]}}\" data-widget_type=\"table-of-contents.default\">\n\t\t\t\t\t\t\t\t\t<div class=\"elementor-toc__header\">\n\t\t\t\t\t\t<h2 class=\"elementor-toc__header-title\">\n\t\t\t\tObsah\t\t\t<\/h2>\n\t\t\t\t\t\t\t\t\t\t<div class=\"elementor-toc__toggle-button elementor-toc__toggle-button--expand\" role=\"button\" tabindex=\"0\" aria-controls=\"elementor-toc__iwgw-menrva-toc\" aria-expanded=\"true\" aria-label=\"Open table of contents\"><svg aria-hidden=\"true\" class=\"e-font-icon-svg e-fas-chevron-down\" viewBox=\"0 0 448 512\" xmlns=\"http:\/\/www.w3.org\/2000\/svg\"><path d=\"M207.029 381.476L12.686 187.132c-9.373-9.373-9.373-24.569 0-33.941l22.667-22.667c9.357-9.357 24.522-9.375 33.901-.04L224 284.505l154.745-154.021c9.379-9.335 24.544-9.317 33.901.04l22.667 22.667c9.373 9.373 9.373 24.569 0 33.941L240.971 381.476c-9.373 9.372-24.569 9.372-33.942 0z\"><\/path><\/svg><\/div>\n\t\t\t\t<div class=\"elementor-toc__toggle-button elementor-toc__toggle-button--collapse\" role=\"button\" tabindex=\"0\" aria-controls=\"elementor-toc__iwgw-menrva-toc\" aria-expanded=\"true\" aria-label=\"Close table of contents\"><svg aria-hidden=\"true\" class=\"e-font-icon-svg e-fas-chevron-up\" viewBox=\"0 0 448 512\" xmlns=\"http:\/\/www.w3.org\/2000\/svg\"><path d=\"M240.971 130.524l194.343 194.343c9.373 9.373 9.373 24.569 0 33.941l-22.667 22.667c-9.357 9.357-24.522 9.375-33.901.04L224 227.495 69.255 381.516c-9.379 9.335-24.544 9.317-33.901-.04l-22.667-22.667c-9.373-9.373-9.373-24.569 0-33.941L207.03 130.525c9.372-9.373 24.568-9.373 33.941-.001z\"><\/path><\/svg><\/div>\n\t\t\t\t\t<\/div>\n\t\t\t\t<div id=\"elementor-toc__iwgw-menrva-toc\" class=\"elementor-toc__body\">\n\t\t\t<div class=\"elementor-toc__spinner-container\">\n\t\t\t\t<svg class=\"elementor-toc__spinner eicon-animation-spin e-font-icon-svg e-eicon-loading\" aria-hidden=\"true\" viewBox=\"0 0 1000 1000\" xmlns=\"http:\/\/www.w3.org\/2000\/svg\"><path d=\"M500 975V858C696 858 858 696 858 500S696 142 500 142 142 304 142 500H25C25 237 238 25 500 25S975 237 975 500 763 975 500 975Z\"><\/path><\/svg>\t\t\t<\/div>\n\t\t<\/div>\n\t\t\t\t\t\t<\/div>\n\t\t\t\t<\/div>\n\t\t\t\t\t<\/div>\n\t\t\t\t<\/div>\n\t\t<div class=\"elementor-element elementor-element-iwgw-menrva-hr e-con-full e-flex e-con e-child\" data-id=\"iwgw-menrva-hr\" data-element_type=\"container\" data-e-type=\"container\">\n\t\t\t\t<div class=\"elementor-element elementor-element-iwgw-menrva-heroimg iwg-hero-image elementor-widget elementor-widget-image\" data-id=\"iwgw-menrva-heroimg\" data-element_type=\"widget\" data-e-type=\"widget\" data-widget_type=\"image.default\">\n\t\t\t\t\t\t\t\t\t\t\t\t\t\t\t<img fetchpriority=\"high\" decoding=\"async\" width=\"683\" height=\"1024\" src=\"https:\/\/iwell-guard.com\/wp-content\/uploads\/2026\/05\/goetter_etruskisch_menrva-683x1024.webp\" class=\"attachment-large size-large wp-image-147356\" alt=\"Menrva \u2013 bohov\u00e9 z etrusk\u00e9 tradice, historicko-ilustrativn\u00ed\" srcset=\"https:\/\/iwell-guard.com\/wp-content\/uploads\/2026\/05\/goetter_etruskisch_menrva-683x1024.webp 683w, https:\/\/iwell-guard.com\/wp-content\/uploads\/2026\/05\/goetter_etruskisch_menrva-200x300.webp 200w, https:\/\/iwell-guard.com\/wp-content\/uploads\/2026\/05\/goetter_etruskisch_menrva-768x1152.webp 768w, https:\/\/iwell-guard.com\/wp-content\/uploads\/2026\/05\/goetter_etruskisch_menrva.webp 1024w\" sizes=\"(max-width: 683px) 100vw, 683px\" \/>\t\t\t\t\t\t\t\t\t\t\t\t\t\t\t<\/div>\n\t\t\t\t<\/div>\n\t\t\t\t\t<\/div>\n\t\t\t\t<\/div>\n\t\t<div class=\"elementor-element elementor-element-iwgw-menrva-s0 e-flex e-con-boxed e-con e-parent\" data-id=\"iwgw-menrva-s0\" data-element_type=\"container\" data-e-type=\"container\">\n\t\t\t\t\t<div class=\"e-con-inner\">\n\t\t\t\t<div class=\"elementor-element elementor-element-iwgw-menrva-s0h elementor-widget elementor-widget-heading\" data-id=\"iwgw-menrva-s0h\" data-element_type=\"widget\" data-e-type=\"widget\" data-widget_type=\"heading.default\">\n\t\t\t\t\t<h2 class=\"elementor-heading-title elementor-size-default\">Za\u0159azen\u00ed v etrusk\u00e9m panteonu<\/h2>\t\t\t\t<\/div>\n\t\t<div class=\"elementor-element elementor-element-iwgw-menrva-s0c e-con-full e-flex e-con e-child\" data-id=\"iwgw-menrva-s0c\" data-element_type=\"container\" data-e-type=\"container\">\n\t\t\t\t<div class=\"elementor-element elementor-element-iwgw-menrva-s0t elementor-widget elementor-widget-text-editor\" data-id=\"iwgw-menrva-s0t\" data-element_type=\"widget\" data-e-type=\"widget\" data-widget_type=\"text-editor.default\">\n\t\t\t\t\t\t\t\t\t<p>Menrva pat\u0159\u00ed mezi nejvy\u0161\u0161\u00ed bohy etrusk\u00e9ho n\u00e1bo\u017eenstv\u00ed. Jako sou\u010d\u00e1st kapitolsk\u00e9 trojice Tinia-Uni-Menrva byla kl\u00ed\u010dov\u00e1 pro etrusk\u00fd st\u00e1tn\u00ed kult, kter\u00fd se s etrusk\u00fdm vybudov\u00e1n\u00edm \u0159\u00edmsk\u00e9ho Kapitolu (konec 6. stolet\u00ed p\u0159. n. l.) p\u0159enesl i do \u0159\u00edmsk\u00e9ho st\u00e1tn\u00edho z\u0159\u00edzen\u00ed.<\/p><p>Larissa Bonfante a Nancy Thomson de Grummond se Menrv\u011b v\u011bnovaly ve sv\u00fdch standardn\u00edch d\u00edlech o etrusk\u00e9m n\u00e1bo\u017eenstv\u00ed. V etrusk\u00e9m v\u00fdtvarn\u00e9m um\u011bn\u00ed je jednou z nej\u010dast\u011bji zobrazovan\u00fdch bohyn\u00ed, co\u017e dokl\u00e1d\u00e1 jej\u00ed v\u00fdznam.<\/p><p>Menrva je sou\u010d\u00e1st\u00ed n\u00e1bo\u017eenstv\u00ed, jeho\u017e religionistick\u00e1 p\u0159ita\u017elivost spo\u010d\u00edv\u00e1 v tom, \u017ee zprost\u0159edkov\u00e1v\u00e1 mezi \u0159ecko-st\u0159edomo\u0159skou a italsko-\u0159\u00edmskou <span class=\"iwg-fachbegriff\" data-tooltip=\"P\u0159ed\u00e1v\u00e1n\u00ed znalost\u00ed a vypr\u00e1v\u011bn\u00ed nap\u0159\u00ed\u010d generacemi.\" tabindex=\"0\">tradic\u00ed<\/span>. Z\u00e1sadn\u00ed badatelsk\u00e9 p\u0159\u00edsp\u011bvky p\u0159edlo\u017eili Massimo Pallottino, Jacques Heurgon, Sybille Haynes, Mauro Cristofani a Giovanni Colonna, jejich\u017e pr\u00e1ce uk\u00e1zaly, \u017ee etrusk\u00e9 n\u00e1bo\u017eenstv\u00ed p\u0159edstavuje sv\u00e9bytnou tradici.<\/p><p>Etrusk\u00e1 <span class=\"iwg-fachbegriff\" data-tooltip=\"V\u011bdeck\u00e1 nauka o Bohu a v\u00ed\u0159e ur\u010dit\u00e9ho n\u00e1bo\u017eenstv\u00ed.\" tabindex=\"0\">teologie<\/span> disponovala jasn\u011b uspo\u0159\u00e1dan\u00fdm <span class=\"iwg-fachbegriff\" data-tooltip=\"Souhrn boh\u016f ur\u010dit\u00e9ho n\u00e1bo\u017eenstv\u00ed nebo kultury.\" tabindex=\"0\">panteonem<\/span> s pevn\u00fdmi hierarchick\u00fdmi stupni a p\u0159esn\u011b rozd\u011blen\u00fdmi kompetencemi; Menrva v n\u011bm byla pevn\u011b zakotvena jako bohyn\u011b moudrosti, \u0159emesel a v\u00e1lky. Zat\u00edmco star\u0161\u00ed studie tento syst\u00e9m boh\u016f r\u00e1dy popisovaly jako tajemn\u00fd nebo cizorod\u00fd, dnes je pova\u017eov\u00e1n za sv\u00e9bytnou variantu st\u0159edomo\u0159sk\u00e9ho n\u00e1bo\u017eenstv\u00ed.<\/p><p>V n\u00e1bo\u017eensk\u00fdch d\u011bjin\u00e1ch It\u00e1lie zauj\u00edmali Etruskov\u00e9 zprost\u0159edkuj\u00edc\u00ed postaven\u00ed mezi \u0159eck\u00fdmi vlivy a vznikaj\u00edc\u00edm \u0159\u00edmsk\u00fdm n\u00e1bo\u017eenstv\u00edm. To, \u017ee se z Menrvy stala \u0159\u00edmsk\u00e1 Minerva, je p\u0159\u00edkladem t\u00e9to zprost\u0159edkuj\u00edc\u00ed role, kter\u00e1 vzbuzuje zvl\u00e1\u0161tn\u00ed v\u011bdeck\u00fd z\u00e1jem.<\/p><p>N\u00e1bo\u017eensko-etnologick\u00fd v\u00fdzkum posledn\u00edch desetilet\u00ed ch\u00e1pe etrusk\u00e9 n\u00e1bo\u017eenstv\u00ed jako uzav\u0159en\u00fd, religionisticko-fenomenologicky sv\u00e9bytn\u00fd celek. Na m\u00edsto star\u0161\u00edho v\u00fdkladu, kter\u00fd jej ch\u00e1pal jako pouhou odvozeninu \u0159eck\u00e9ho n\u00e1bo\u017eenstv\u00ed, nastoupil v\u00fdrazn\u011b diferencovan\u011bj\u0161\u00ed pohled, z n\u011bho\u017e t\u011b\u017e\u00ed i ch\u00e1p\u00e1n\u00ed Menrvy.<\/p>\t\t\t\t\t\t\t\t<\/div>\n\t\t\t\t<\/div>\n\t\t\t\t\t<\/div>\n\t\t\t\t<\/div>\n\t\t<div class=\"elementor-element elementor-element-iwgw-menrva-s1 e-flex e-con-boxed e-con e-parent\" data-id=\"iwgw-menrva-s1\" data-element_type=\"container\" data-e-type=\"container\">\n\t\t\t\t\t<div class=\"e-con-inner\">\n\t\t\t\t<div class=\"elementor-element elementor-element-iwgw-menrva-s1h elementor-widget elementor-widget-heading\" data-id=\"iwgw-menrva-s1h\" data-element_type=\"widget\" data-e-type=\"widget\" data-widget_type=\"heading.default\">\n\t\t\t\t\t<h2 class=\"elementor-heading-title elementor-size-default\">Jm\u00e9no a etymologie<\/h2>\t\t\t\t<\/div>\n\t\t<div class=\"elementor-element elementor-element-iwgw-menrva-s1c e-con-full e-flex e-con e-child\" data-id=\"iwgw-menrva-s1c\" data-element_type=\"container\" data-e-type=\"container\">\n\t\t\t\t<div class=\"elementor-element elementor-element-iwgw-menrva-s1t elementor-widget elementor-widget-text-editor\" data-id=\"iwgw-menrva-s1t\" data-element_type=\"widget\" data-e-type=\"widget\" data-widget_type=\"text-editor.default\">\n\t\t\t\t\t\t\t\t\t<p>Jm\u00e9no Menrva souvis\u00ed s indoevropsk\u00fdm ko\u0159enem *men- (&#8218;myslet, m\u00ednit, vzpom\u00ednat&#8216;), co\u017e odpov\u00edd\u00e1 jej\u00ed funkci bohyn\u011b moudrosti. Tato etymologie je dolo\u017eena i pro \u0159\u00edmskou Minervu; etrusk\u00e9 Menrva a \u0159\u00edmsk\u00e9 Minerva jsou tedy jazykov\u011b p\u0159\u00edbuzn\u00e1.<\/p><p>V etrusk\u00fdch n\u00e1pisech se objevuje tak\u00e9 jako Menerva nebo Menarva. P\u0159esn\u00fd hl\u00e1skov\u00fd v\u00fdvoj je p\u0159edm\u011btem v\u00fdzkumu. Helmut Rix ve sv\u00e9m d\u00edle <em>Editio Minor<\/em> shrom\u00e1\u017edil epigrafick\u00e9 doklady.<\/p><p>Etru\u0161tinu nelze za\u0159adit do \u017e\u00e1dn\u00e9 jist\u00e9 jazykov\u00e9 rodiny; je pova\u017eov\u00e1na za izolovan\u00fd jazyk, nebo je hypoteticky p\u0159i\u0159azov\u00e1na k tyrh\u00e9nsk\u00e9 skupin\u011b, k n\u00ed\u017e p\u0159\u00edpadn\u011b pat\u0159\u00ed i lemn\u0161tina a r\u00e9t\u0161tina. Rozlu\u0161t\u011bn\u00ed text\u016f zam\u011bstn\u00e1v\u00e1 badatele od 19. stolet\u00ed a dosud nebylo dokon\u010deno.<\/p><p>Z\u00e1kladn\u00edm epigrafick\u00fdm d\u00edlem je Rixova Editio Minor, kter\u00e1 shrnuje etrusk\u00fd jazykov\u00fd korpus; jsou v n\u00ed zaznamen\u00e1ny i pravopisn\u00e9 varianty jm\u00e9na Menrva. Dnes ji dopl\u0148uje Thesaurus Linguae Etruscae a online datab\u00e1ze ETP, Etruscan Texts Project.<\/p><p>O p\u016fvodu Etrusk\u016f panovaly neshody u\u017e ve <span class=\"iwg-fachbegriff\" data-tooltip=\"Obdob\u00ed \u0159eck\u00e9 a \u0159\u00edmsk\u00e9 kultury, zhruba od 800 p\u0159. n. l. do 600 n. l.\" tabindex=\"0\">antice<\/span>: H\u00e9rodotos odvozoval jejich p\u016fvod z Lydie, Dionysios z Halikarnassu v nich vid\u011bl dom\u00e1c\u00ed italick\u00fd n\u00e1rod. Tato ot\u00e1zka je religionisticky relevantn\u00ed, proto\u017ee se dot\u00fdk\u00e1 mo\u017en\u00fdch vazeb etrusk\u00e9ho n\u00e1bo\u017eenstv\u00ed na maloasijsk\u00e9 kulty.<\/p><p>Jazykov\u011bda a epigrafika dnes \u00fazce spolupracuj\u00ed. Srovn\u00e1vac\u00ed v\u00fdzkumy, v\u010detn\u011b t\u011bch zam\u011b\u0159en\u00fdch na teonyma jako Menrva, v\u00fdrazn\u011b usnadnila digit\u00e1ln\u00ed edice etrusk\u00fdch text\u016f, Etruscan Texts Project (ETP). Pr\u016fkopnick\u00e9 p\u0159\u00edsp\u011bvky k tomuto t\u00e9matu poch\u00e1zej\u00ed od Marie-Laurence Haack a Vincenta Jolivet.<\/p>\t\t\t\t\t\t\t\t<\/div>\n\t\t\t\t<\/div>\n\t\t\t\t\t<\/div>\n\t\t\t\t<\/div>\n\t\t<div class=\"elementor-element elementor-element-iwgw-menrva-s2 e-flex e-con-boxed e-con e-parent\" data-id=\"iwgw-menrva-s2\" data-element_type=\"container\" data-e-type=\"container\">\n\t\t\t\t\t<div class=\"e-con-inner\">\n\t\t\t\t<div class=\"elementor-element elementor-element-iwgw-menrva-s2h elementor-widget elementor-widget-heading\" data-id=\"iwgw-menrva-s2h\" data-element_type=\"widget\" data-e-type=\"widget\" data-widget_type=\"heading.default\">\n\t\t\t\t\t<h2 class=\"elementor-heading-title elementor-size-default\">Popis a ikonografie<\/h2>\t\t\t\t<\/div>\n\t\t<div class=\"elementor-element elementor-element-iwgw-menrva-s2c e-con-full e-flex e-con e-child\" data-id=\"iwgw-menrva-s2c\" data-element_type=\"container\" data-e-type=\"container\">\n\t\t\t\t<div class=\"elementor-element elementor-element-iwgw-menrva-s2t elementor-widget elementor-widget-text-editor\" data-id=\"iwgw-menrva-s2t\" data-element_type=\"widget\" data-e-type=\"widget\" data-widget_type=\"text-editor.default\">\n\t\t\t\t\t\t\t\t\t<p>Menrva je v etrusk\u00e9m um\u011bn\u00ed zobrazov\u00e1na jako bojovn\u00e1 bohyn\u011b &#8211; s helmou, kop\u00edm, \u0161t\u00edtem a n\u011bkdy i s gorgoneionem na aegis. Tato <span class=\"iwg-fachbegriff\" data-tooltip=\"Nauka o obsahu obraz\u016f a jejich v\u00fdznamu.\" tabindex=\"0\">ikonografie<\/span> je p\u0159evzata od \u0159eck\u00e9 Ath\u00e9ny, s vlastn\u00edmi etrusk\u00fdmi akcenty.<\/p><p>Na etrusk\u00fdch zrcadlech se Menrva \u010dasto objevuje v mytologick\u00fdch sc\u00e9n\u00e1ch, obvykle s doprovodn\u00fdm n\u00e1pisem. V\u00fdznamn\u00e9 zobrazen\u00ed ji ukazuje p\u0159i zrodu z hlavy Tinie &#8211; p\u0159\u00edmou paralelu k zrozen\u00ed Ath\u00e9ny z hlavy Zeuse. Tato sc\u00e9na je dochov\u00e1na na n\u011bkolika zrcadlech ze 4.\/3. stolet\u00ed p\u0159. n. l.<\/p><p>Z hlediska religionistiky je obrazov\u00e9 um\u011bn\u00ed Etrusk\u016f nesm\u00edrn\u011b bohat\u00e9 a z\u00e1rove\u0148 tvo\u0159\u00ed hlavn\u00ed pramen na\u0161ich znalost\u00ed, zejm\u00e9na pokud jde o \u010dast\u00e9 v\u00fdjevy Menrvy. Zrcadla, v\u00e1zy, hrobn\u00ed malby a bronzy poskytuj\u00ed v\u011bt\u0161inu materi\u00e1lu. Larissa Bonfante ve sv\u00fdch studi\u00edch zd\u016fraznila, \u017ee tento obrazov\u00fd jazyk je samostatnou tradic\u00ed, nikoli pouze odvozenou.<\/p><p>Prvo\u0159ad\u00fdm pramenem k n\u00e1bo\u017eenstv\u00ed a eschatologii Etrusk\u016f jsou hrobn\u00ed malby, zejm\u00e9na z Tarquinie, Cerveteri a Vulci. Jejich obrazy zobrazuj\u00ed hostiny, mytologick\u00e9 epizody i tanec a hudbu a vytv\u00e1\u0159ej\u00ed obraz posmrtn\u00e9ho \u017eivota, kter\u00fd je ch\u00e1p\u00e1n jako pokra\u010dov\u00e1n\u00ed \u017eivota pozemsk\u00e9ho.<\/p><p>V etrusk\u00e9 <span class=\"iwg-fachbegriff\" data-tooltip=\"Nauka o obsahu obraz\u016f a jejich v\u00fdznamu.\" tabindex=\"0\">ikonografii<\/span> p\u0159eva\u017euj\u00ed sc\u00e9ny s mno\u017estv\u00edm postav, narativn\u00ed souvislosti a symbolicky zhu\u0161t\u011bn\u00e1 sd\u011blen\u00ed; i Menrva se v takov\u00fdch obrazov\u00fdch kontextech pravideln\u011b objevuje. Zkoum\u00e1n\u00edm tohoto obrazov\u00e9ho jazyka se zab\u00fdv\u00e1 etrusk\u00e1 n\u00e1bo\u017eensk\u00e1 ikonografie.<\/p><p>Pro etrusk\u00e9 v\u00fdtvarn\u00e9 um\u011bn\u00ed je typick\u00e1 hust\u00e1 narativn\u00ed vrstevnatost. U\u017e jedin\u00e9 zrcadlo nebo jedin\u00e1 v\u00e1za m\u016f\u017ee obsahovat n\u011bkolik mytologick\u00fdch odkaz\u016f najednou, nap\u0159\u00edklad kdy\u017e se Menrva objevuje vedle dal\u0161\u00edch postav. Tato hustota vy\u017eaduje od badatel\u016f pe\u010dlivou anal\u00fdzu obrazov\u00e9ho kontextu.<\/p>\t\t\t\t\t\t\t\t<\/div>\n\t\t\t\t<\/div>\n\t\t\t\t\t<\/div>\n\t\t\t\t<\/div>\n\t\t<div class=\"elementor-element elementor-element-iwgw-menrva-s3 e-flex e-con-boxed e-con e-parent\" data-id=\"iwgw-menrva-s3\" data-element_type=\"container\" data-e-type=\"container\">\n\t\t\t\t\t<div class=\"e-con-inner\">\n\t\t\t\t<div class=\"elementor-element elementor-element-iwgw-menrva-s3h elementor-widget elementor-widget-heading\" data-id=\"iwgw-menrva-s3h\" data-element_type=\"widget\" data-e-type=\"widget\" data-widget_type=\"heading.default\">\n\t\t\t\t\t<h2 class=\"elementor-heading-title elementor-size-default\">Mytologick\u00e1 vypr\u00e1v\u011bn\u00ed<\/h2>\t\t\t\t<\/div>\n\t\t<div class=\"elementor-element elementor-element-iwgw-menrva-s3c e-con-full e-flex e-con e-child\" data-id=\"iwgw-menrva-s3c\" data-element_type=\"container\" data-e-type=\"container\">\n\t\t\t\t<div class=\"elementor-element elementor-element-iwgw-menrva-s3t elementor-widget elementor-widget-text-editor\" data-id=\"iwgw-menrva-s3t\" data-element_type=\"widget\" data-e-type=\"widget\" data-widget_type=\"text-editor.default\">\n\t\t\t\t\t\t\t\t\t<p>Etrusk\u00e1 <span class=\"iwg-fachbegriff\" data-tooltip=\"Souhrn dochovan\u00fdch vypr\u00e1v\u011bn\u00ed o boz\u00edch v dan\u00e9 kultu\u0159e.\" tabindex=\"0\">mytologie<\/span> Menrvy ukazuje \u0159adu souvislost\u00ed s \u0159eckou tradic\u00ed o Ath\u00e9n\u011b. Zn\u00e1m\u00e9 je vypr\u00e1v\u011bn\u00ed o zrodu Menrvy z hlavy Tinie &#8211; p\u0159\u00edm\u00e1 adaptace \u0159eck\u00e9ho <span class=\"iwg-fachbegriff\" data-tooltip=\"Dochovan\u00e9 vypr\u00e1v\u011bn\u00ed o boz\u00edch, po\u010d\u00e1tc\u00edch a uspo\u0159\u00e1d\u00e1n\u00ed sv\u011bta.\" tabindex=\"0\">m\u00fdtu<\/span>. Na etrusk\u00fdch zrcadlech je tato sc\u00e9na dolo\u017eena s doprovodn\u00fdm n\u00e1pisem &#8218;Menrva&#8216;.<\/p><p>Dal\u0161\u00ed vypr\u00e1v\u011bn\u00ed ukazuj\u00ed Menrvu jako pomocnici hrdin\u016f, r\u00e1dkyni a ochr\u00e1nkyni. V etrusk\u00e9 adaptaci trojsk\u00e9 v\u00e1lky (na zrcadlech a sarkof\u00e1gech) se Menrva \u010dasto objevuje na stran\u011b \u0159eck\u00fdch hrdin\u016f.<\/p><p><span class=\"iwg-fachbegriff\" data-tooltip=\"Souhrn dochovan\u00fdch vypr\u00e1v\u011bn\u00ed o boz\u00edch v dan\u00e9 kultu\u0159e.\" tabindex=\"0\">Mytologie<\/span> Etrusk\u016f nen\u00ed, na rozd\u00edl od \u0159eck\u00e9 nebo \u0159\u00edmsk\u00e9, dochov\u00e1na v podob\u011b rozvinut\u00fdch vypr\u00e1v\u011bc\u00edch text\u016f. M\u00fdty spojen\u00e9 s Menrvou je t\u0159eba rekonstruovat z obrazov\u00fdch vyobrazen\u00ed, n\u00e1pis\u016f a \u0159ecko-\u0159\u00edmsk\u00e9ho zprost\u0159edkovan\u00e9ho pod\u00e1n\u00ed. Tato nep\u0159\u00edm\u00e1 pramenn\u00e1 situace vy\u017eaduje zvl\u00e1\u0161tn\u00ed metodickou obez\u0159etnost.<\/p><p>Vztah etrusk\u00e9 a \u0159eck\u00e9 <span class=\"iwg-fachbegriff\" data-tooltip=\"Souhrn dochovan\u00fdch vypr\u00e1v\u011bn\u00ed o boz\u00edch v dan\u00e9 kultu\u0159e.\" tabindex=\"0\">mytologie<\/span> je mnohovrstevn\u00fd. Etruskov\u00e9 na jedn\u00e9 stran\u011b p\u0159evzali \u0159adu \u0159eck\u00fdch l\u00e1tek, nap\u0159\u00edklad o Achilleovi, Odysseovi a Oidipovi, na druh\u00e9 stran\u011b jim ale dali vlastn\u00ed v\u00fdklady a d\u016frazy. T\u00edm, jak toto p\u0159ej\u00edm\u00e1n\u00ed prob\u00edhalo v jednotlivostech, nap\u0159\u00edklad p\u0159i p\u0159en\u00e1\u0161en\u00ed Ath\u00e9nin\u00fdch rys\u016f na Menrvu, se intenzivn\u011b zab\u00fdv\u00e1 badatelsk\u00e1 literatura.<\/p><p>Typick\u00fdm znakem etrusk\u00e9 <span class=\"iwg-fachbegriff\" data-tooltip=\"V\u011bdeck\u00e1 nauka o Bohu a v\u00ed\u0159e dan\u00e9 n\u00e1bo\u017eensk\u00e9 tradice.\" tabindex=\"0\">teologie<\/span> je rada boh\u016f, consensus deorum. Nejvy\u0161\u0161\u00ed b\u016fh Tinia, z jeho\u017e hlavy se podle etrusk\u00e9 <span class=\"iwg-fachbegriff\" data-tooltip=\"P\u0159ed\u00e1v\u00e1n\u00ed v\u011bdomost\u00ed a vypr\u00e1v\u011bn\u00ed nap\u0159\u00ed\u010d generacemi.\" tabindex=\"0\">tradice<\/span> Menrva rod\u00ed, nejedn\u00e1 s\u00e1m, ale rad\u00ed se s ostatn\u00edmi bohy. Z hlediska religionistiky p\u0159edstavuje tento sbor boh\u016f zvl\u00e1\u0161tnost.<\/p><p>Uzav\u0159enou vypr\u00e1v\u011bc\u00ed tradici etrusk\u00e1 <span class=\"iwg-fachbegriff\" data-tooltip=\"Souhrn dochovan\u00fdch vypr\u00e1v\u011bn\u00ed o boz\u00edch v dan\u00e9 kultu\u0159e.\" tabindex=\"0\">mytologie<\/span> nezanechala; mus\u00ed b\u00fdt sestavena z obrazov\u00fdch sc\u00e9n, n\u00e1pis\u016f a zprost\u0159edkovan\u00fdch pramen\u016f, co\u017e vy\u017eaduje pe\u010dliv\u00fd v\u00fdklad. U bohyn\u011b, jako je Menrva, se p\u0159i tom osv\u011bd\u010duje zejm\u00e9na postup, kter\u00fd spojuje etrusk\u00fd doprovodn\u00fd n\u00e1pis, \u0159eck\u00fd obrazov\u00fd vzor a kontextov\u00e9 \u010dten\u00ed sc\u00e9ny.<\/p>\t\t\t\t\t\t\t\t<\/div>\n\t\t\t\t<\/div>\n\t\t\t\t\t<\/div>\n\t\t\t\t<\/div>\n\t\t<div class=\"elementor-element elementor-element-iwgw-menrva-s4 e-flex e-con-boxed e-con e-parent\" data-id=\"iwgw-menrva-s4\" data-element_type=\"container\" data-e-type=\"container\">\n\t\t\t\t\t<div class=\"e-con-inner\">\n\t\t\t\t<div class=\"elementor-element elementor-element-iwgw-menrva-s4h elementor-widget elementor-widget-heading\" data-id=\"iwgw-menrva-s4h\" data-element_type=\"widget\" data-e-type=\"widget\" data-widget_type=\"heading.default\">\n\t\t\t\t\t<h2 class=\"elementor-heading-title elementor-size-default\">Menrva jako bohyn\u011b \u0159emesel<\/h2>\t\t\t\t<\/div>\n\t\t<div class=\"elementor-element elementor-element-iwgw-menrva-s4c e-con-full e-flex e-con e-child\" data-id=\"iwgw-menrva-s4c\" data-element_type=\"container\" data-e-type=\"container\">\n\t\t\t\t<div class=\"elementor-element elementor-element-iwgw-menrva-s4t elementor-widget elementor-widget-text-editor\" data-id=\"iwgw-menrva-s4t\" data-element_type=\"widget\" data-e-type=\"widget\" data-widget_type=\"text-editor.default\">\n\t\t\t\t\t\t\t\t\t<p>Menrva nen\u00ed jen bohyn\u00ed v\u00e1lky, ale tak\u00e9 bohyn\u00ed \u0159emesel, tkalcovsk\u00e9ho um\u011bn\u00ed, l\u00e9\u010ditelstv\u00ed a tv\u016fr\u010d\u00edch um\u011bn\u00ed. Tato mnohovrstevn\u00e1 funkce odpov\u00edd\u00e1 \u0159eck\u00e9 Ath\u00e9n\u011b. Etrusk\u00e1 tradice v\u0161ak zvl\u00e1\u0161t\u011b siln\u011b zd\u016fraz\u0148uje \u0159emeslnou a um\u011bleckou str\u00e1nku.<\/p><p>Etru\u0161t\u00ed \u0159emesln\u00edci, zejm\u00e9na bronzov\u00ed kov\u00e1\u0159i a socha\u0159i, se dovol\u00e1vali Menrvy jako sv\u00e9 ochrann\u00e9 bohyn\u011b. Etrusk\u00e9 bronzov\u00e9 um\u011bn\u00ed je pova\u017eov\u00e1no za vynikaj\u00edc\u00ed v <span class=\"iwg-fachbegriff\" data-tooltip=\"Epocha \u0159eck\u00e9 a \u0159\u00edmsk\u00e9 kultury, p\u0159ibli\u017en\u011b 800 p\u0159. n. l. a\u017e 600 n. l.\" tabindex=\"0\">antice<\/span>, co\u017e tuto vazbu na Menrvu n\u00e1bo\u017eensky zakotvilo. Larissa Bonfante tuto souvislost dokumentovala ve sv\u00e9m d\u00edle <em>Etruscan Bronzes<\/em>.<\/p><p>Disciplina Etrusca, uspo\u0159\u00e1dan\u00fd syst\u00e9m etrusk\u00e9ho v\u011b\u0161t\u011bn\u00ed, zahrnuje t\u0159i obory: prohl\u00eddku vnit\u0159nost\u00ed (haruspicina), v\u00fdklad blesk\u016f (fulguratio) a pozorov\u00e1n\u00ed pt\u00e1k\u016f (auspicia). Byla p\u0159ed\u00e1na Etrusky \u0158\u00edman\u016fm a z\u016fstala v praxi a\u017e do 4. stolet\u00ed n. l. Podrobn\u00e9 popisy m\u00e1me d\u00edky Cicerovi a Senekovi.<\/p><p>Disciplina Etrusca byla vyu\u010dov\u00e1na ve zvl\u00e1\u0161tn\u00edch kn\u011b\u017esk\u00fdch \u0161kol\u00e1ch z\u0159\u00edzen\u00fdch pr\u00e1v\u011b k tomuto \u00fa\u010delu. K jej\u00edm d\u016fle\u017eit\u00fdm spis\u016fm pat\u0159ily Libri Rituales, Libri Haruspicini a Libri Fulgurales. Tyto knihy se nezachovaly, ale lze je \u010d\u00e1ste\u010dn\u011b rekonstruovat z citac\u00ed \u0159\u00edmsk\u00fdch autor\u016f, jako byli Cicero, Festus a Macrobius.<\/p><p>Etrusk\u00fd kult byl siln\u011b v\u00e1z\u00e1n na jednotliv\u00e1 m\u011bsta. Ka\u017ed\u00e9 z velk\u00fdch center, tedy Tarquinia, Caere, Vulci, Veje, Clusium, Volsinii, Cortona, Perugia, Arezzo, Volterra, Populonia a Roselle, m\u011blo sv\u00e9 vlastn\u00ed hlavn\u00ed kulty a n\u00e1bo\u017eensk\u00e1 specifika, tak\u017ee i uct\u00edv\u00e1n\u00ed Menrvy se m\u00edstn\u011b li\u0161ilo.<\/p><p>Jako uzav\u0159en\u00fd n\u00e1bo\u017eensko-v\u011b\u0161tebn\u00fd syst\u00e9m pat\u0159\u00ed Disciplina Etrusca k nejrozvinut\u011bj\u0161\u00edm v\u011b\u0161teck\u00fdm praktik\u00e1m <span class=\"iwg-fachbegriff\" data-tooltip=\"Epocha \u0159eck\u00e9 a \u0159\u00edmsk\u00e9 kultury, p\u0159ibli\u017en\u011b 800 p\u0159. n. l. a\u017e 600 n. l.\" tabindex=\"0\">antiky<\/span>. \u0158\u00edman\u00e9 ji pl\u00e1novit\u011b p\u0159evzali a byla praktikov\u00e1na a\u017e do pozdn\u00ed <span class=\"iwg-fachbegriff\" data-tooltip=\"Epocha \u0159eck\u00e9 a \u0159\u00edmsk\u00e9 kultury, p\u0159ibli\u017en\u011b 800 p\u0159. n. l. a\u017e 600 n. l.\" tabindex=\"0\">antiky<\/span>. Tato kontinuita je historicky pozoruhodn\u00e1.<\/p>\t\t\t\t\t\t\t\t<\/div>\n\t\t\t\t<\/div>\n\t\t\t\t\t<\/div>\n\t\t\t\t<\/div>\n\t\t<div class=\"elementor-element elementor-element-iwgw-menrva-s5 e-flex e-con-boxed e-con e-parent\" data-id=\"iwgw-menrva-s5\" data-element_type=\"container\" data-e-type=\"container\">\n\t\t\t\t\t<div class=\"e-con-inner\">\n\t\t\t\t<div class=\"elementor-element elementor-element-iwgw-menrva-s5h elementor-widget elementor-widget-heading\" data-id=\"iwgw-menrva-s5h\" data-element_type=\"widget\" data-e-type=\"widget\" data-widget_type=\"heading.default\">\n\t\t\t\t\t<h2 class=\"elementor-heading-title elementor-size-default\">Kult a ritu\u00e1ly<\/h2>\t\t\t\t<\/div>\n\t\t<div class=\"elementor-element elementor-element-iwgw-menrva-s5c e-con-full e-flex e-con e-child\" data-id=\"iwgw-menrva-s5c\" data-element_type=\"container\" data-e-type=\"container\">\n\t\t\t\t<div class=\"elementor-element elementor-element-iwgw-menrva-s5t elementor-widget elementor-widget-text-editor\" data-id=\"iwgw-menrva-s5t\" data-element_type=\"widget\" data-e-type=\"widget\" data-widget_type=\"text-editor.default\">\n\t\t\t\t\t\t\t\t\t<p>Menrva byla uct\u00edv\u00e1na v mnoha etrusk\u00fdch m\u011bstsk\u00fdch chr\u00e1mech. Mezi d\u016fle\u017eit\u00e1 kultovn\u00ed m\u00edsta pat\u0159ily Veje, Tarquinia, Volsinii a Kapitol v \u0158\u00edm\u011b. <span class=\"iwg-fachbegriff\" data-tooltip=\"Stavba slou\u017e\u200b\u00edc\u00ed uct\u00edv\u00e1n\u00ed jednoho nebo v\u00edce bo\u017estev.\" tabindex=\"0\">Chr\u00e1m<\/span> v Portonacciu u Vej\u00ed (6. stol. p\u0159. n. l.) j\u00ed byl zasv\u011bcen a pat\u0159\u00ed k nejl\u00e9pe zachovan\u00fdm etrusk\u00fdm svatyn\u00edm.<\/p><p>Ritu\u00e1ly zahrnovaly <span class=\"iwg-fachbegriff\" data-tooltip=\"Dar bo\u017estvu vyjad\u0159uj\u00edc\u00ed d\u00edky, prosbu nebo \u00factu.\" tabindex=\"0\">ob\u011bti<\/span>, modlitby a proces\u00ed. Mezi jej\u00ed nejv\u00fdznamn\u011bj\u0161\u00ed ctitele pat\u0159ili \u0159emesln\u00edci a voj\u00e1ci. Sv\u00e1tky Quinquatria v \u0158\u00edm\u011b (19.-23. b\u0159ezna), zasv\u011bcen\u00e9 Minerv\u011b, maj\u00ed pravd\u011bpodobn\u011b etrusk\u00e9 p\u0159edch\u016fdce.<\/p><p>Architektonicky se etrusk\u00e9 <span class=\"iwg-fachbegriff\" data-tooltip=\"Stavba slou\u017e\u200b\u00edc\u00ed uct\u00edv\u00e1n\u00ed jednoho nebo v\u00edce bo\u017estev.\" tabindex=\"0\">chr\u00e1my<\/span>, v nich\u017e byla uct\u00edv\u00e1na i Menrva, vyzna\u010dovaly tosk\u00e1nsk\u00fdm stylem, vlastn\u00edm sloupov\u00fdm \u0159\u00e1dem, kter\u00fd popisuje Vitruvius v d\u00edle De Architectura. Jejich p\u016fdorysy zd\u016fraz\u0148uj\u00ed cellu a \u0161irokou p\u0159edn\u00ed s\u00ed\u0148 a v tomto se v\u00fdrazn\u011b li\u0161\u00ed od \u0159eck\u00fdch p\u0159edloh.<\/p><p>Mnoh\u00e9 etrusk\u00e9 <span class=\"iwg-fachbegriff\" data-tooltip=\"Stavba slou\u017e\u200b\u00edc\u00ed uct\u00edv\u00e1n\u00ed jednoho nebo v\u00edce bo\u017estev.\" tabindex=\"0\">chr\u00e1my<\/span> byly monument\u00e1ln\u00edch rozm\u011br\u016f. Nap\u0159\u00edklad Iuppiter\u016fv <span class=\"iwg-fachbegriff\" data-tooltip=\"Stavba slou\u017e\u200b\u00edc\u00ed uct\u00edv\u00e1n\u00ed jednoho nebo v\u00edce bo\u017estev.\" tabindex=\"0\">chr\u00e1m<\/span> na \u0159\u00edmsk\u00e9m Kapitolu postavili etru\u0161t\u00ed architekti a um\u011blci, p\u0159edev\u0161\u00edm Vulca z Vej\u00ed. Proto\u017ee tato stavba hostila kapitolskou trias s Minervou, tedy Menrvou, je pova\u017eov\u00e1na za architektonick\u00fd doklad etrusk\u00e9 religiozity v ran\u00e9m \u0158\u00edm\u011b.<\/p><p>Svaz dvan\u00e1cti etrusk\u00fdch m\u011bst se ka\u017edoro\u010dn\u011b sch\u00e1zel u Fanum Voltumnae pobl\u00ed\u017e Volsini\u00ed na n\u00e1bo\u017eensk\u00e9m i politick\u00e9m shrom\u00e1\u017ed\u011bn\u00ed. Ochrann\u00fdm bo\u017estvem tohoto svazu byla Voltumna, jeho\u017e n\u00e1bo\u017eensk\u00fd v\u00fdznam p\u0159esahoval jednotliv\u00e9 m\u011bstsk\u00e9 kulty.<\/p>\t\t\t\t\t\t\t\t<\/div>\n\t\t\t\t<\/div>\n\t\t\t\t\t<\/div>\n\t\t\t\t<\/div>\n\t\t<div class=\"elementor-element elementor-element-iwgw-menrva-s6 e-flex e-con-boxed e-con e-parent\" data-id=\"iwgw-menrva-s6\" data-element_type=\"container\" data-e-type=\"container\">\n\t\t\t\t\t<div class=\"e-con-inner\">\n\t\t\t\t<div class=\"elementor-element elementor-element-iwgw-menrva-s6h elementor-widget elementor-widget-heading\" data-id=\"iwgw-menrva-s6h\" data-element_type=\"widget\" data-e-type=\"widget\" data-widget_type=\"heading.default\">\n\t\t\t\t\t<h2 class=\"elementor-heading-title elementor-size-default\">Ochrann\u00e9 tradice a apotropaika<\/h2>\t\t\t\t<\/div>\n\t\t<div class=\"elementor-element elementor-element-iwgw-menrva-s6c e-con-full e-flex e-con e-child\" data-id=\"iwgw-menrva-s6c\" data-element_type=\"container\" data-e-type=\"container\">\n\t\t\t\t<div class=\"elementor-element elementor-element-iwgw-menrva-s6t elementor-widget elementor-widget-text-editor\" data-id=\"iwgw-menrva-s6t\" data-element_type=\"widget\" data-e-type=\"widget\" data-widget_type=\"text-editor.default\">\n\t\t\t\t\t\t\t\t\t<p>Menrva byla v ochrann\u00fdch souvislostech vz\u00fdv\u00e1na zejm\u00e9na ve vztahu k v\u00e1lce, \u0159emeslu a l\u00e9\u010den\u00ed. Voj\u00e1ci se k n\u00ed modlili p\u0159ed bitvou, \u0159emesln\u00edci p\u0159ed d\u016fle\u017eit\u00fdmi pracemi, l\u00e9\u010ditel\u00e9 p\u0159ed o\u0161et\u0159en\u00edm. Gorgoneion na aegis je centr\u00e1ln\u00edm apotropaick\u00fdm <span class=\"iwg-fachbegriff\" data-tooltip=\"Znak, kter\u00fd zastupuje p\u0159edstavu nebo v\u00fdznam.\" tabindex=\"0\">symbolem<\/span> Menrvy.<\/p><p>Apotropaick\u00e1 zobrazen\u00ed spojen\u00e1 s Menrvou se nach\u00e1zej\u00ed na \u0161t\u00edtech, na fas\u00e1d\u00e1ch chr\u00e1m\u016f i na osobn\u00edch amuletech. Larissa Bonfante tuto obrazovou symboliku zpracovala v n\u011bkolika sv\u00fdch prac\u00edch.<\/p><p><span data-nosnippet>Etrusk\u00fd ochrann\u00fd zvykov\u00fd reperto\u00e1r disponuje mnoha odvracej\u00edc\u00edmi znamen\u00edmi: falick\u00fdmi amulety, gorgoneiony, symboly oka, bullami a ur\u010dit\u00fdmi formulemi. Gorgoneion se objevuje i na Menrvin\u011b aegis. Obrazovou \u0159e\u010d t\u011bchto ochrann\u00fdch symbol\u016f zpracovala Larissa Bonfante ve sv\u00e9m d\u00edle Etruscan Mirrors, vyd\u00e1van\u00e9m od roku 1980.<\/span><\/p><p>Odvracej\u00edc\u00ed symboly byly v etrusk\u00e9 kultu\u0159e velmi roz\u0161\u00ed\u0159en\u00e9, nap\u0159\u00edklad oko Tinie, falick\u00e9 amulety a gorgoneiony. Um\u00eds\u0165ovaly se na chr\u00e1my, hroby, dom\u00e1c\u00ed svatyn\u011b a osobn\u00ed p\u0159edm\u011bty. Tato praxe p\u0159etrvala i v \u0159\u00edmsk\u00e9m a \u0161ir\u0161\u00edm st\u0159edomo\u0159sk\u00e9m lidov\u00e9m n\u00e1bo\u017eenstv\u00ed.<\/p><p>V etrusk\u00e9m kontextu byla ochrann\u00e1 praxe \u00fazce spojena s Disciplina Etrusca. P\u0159ed ka\u017ed\u00fdm v\u00fdznamn\u00fdm po\u010dinem, a\u0165 \u0161lo o zalo\u017een\u00ed m\u011bsta, v\u00e1le\u010dn\u00e9 ta\u017een\u00ed nebo stavbu domu, se prost\u0159ednictv\u00edm <span class=\"iwg-fachbegriff\" data-tooltip=\"Vykl\u00e1d\u00e1n\u00ed znamen\u00ed za \u00fa\u010delem rozpozn\u00e1n\u00ed skryt\u00e9ho nebo budouc\u00edho.\" tabindex=\"0\">v\u011b\u0161t\u011bn\u00ed<\/span> zji\u0161\u0165ovala v\u016fle boh\u016f.<\/p>\t\t\t\t\t\t\t\t<\/div>\n\t\t\t\t<\/div>\n\t\t\t\t\t<\/div>\n\t\t\t\t<\/div>\n\t\t<div class=\"elementor-element elementor-element-iwgw-menrva-s7 e-flex e-con-boxed e-con e-parent\" data-id=\"iwgw-menrva-s7\" data-element_type=\"container\" data-e-type=\"container\">\n\t\t\t\t\t<div class=\"e-con-inner\">\n\t\t\t\t<div class=\"elementor-element elementor-element-iwgw-menrva-s7h elementor-widget elementor-widget-heading\" data-id=\"iwgw-menrva-s7h\" data-element_type=\"widget\" data-e-type=\"widget\" data-widget_type=\"heading.default\">\n\t\t\t\t\t<h2 class=\"elementor-heading-title elementor-size-default\">Paralely v jin\u00fdch kultur\u00e1ch<\/h2>\t\t\t\t<\/div>\n\t\t<div class=\"elementor-element elementor-element-iwgw-menrva-s7c e-con-full e-flex e-con e-child\" data-id=\"iwgw-menrva-s7c\" data-element_type=\"container\" data-e-type=\"container\">\n\t\t\t\t<div class=\"elementor-element elementor-element-iwgw-menrva-s7t elementor-widget elementor-widget-text-editor\" data-id=\"iwgw-menrva-s7t\" data-element_type=\"widget\" data-e-type=\"widget\" data-widget_type=\"text-editor.default\">\n\t\t\t\t\t\t\t\t\t<p>Menrva funk\u010dn\u011b odpov\u00edd\u00e1 \u0159eck\u00e9 Ath\u00e9n\u011b a \u0159\u00edmsk\u00e9 Minerv\u011b. Spojen\u00ed mezi Ath\u00e9nou a Menrvou je \u00fazk\u00e9 jak ikonograficky, tak mytologicky &#8211; Etruskov\u00e9 p\u0159evzali obrazov\u00fd typ Ath\u00e9ny a tak\u00e9 \u0159adu ath\u00e9nsk\u00fdch m\u00fdt\u016f. \u0158\u00edmsk\u00e1 tradice Minervy pak p\u0159es etrusk\u00e9 zprost\u0159edkov\u00e1n\u00ed navazuje na \u0159eck\u00fd <span class=\"iwg-fachbegriff\" data-tooltip=\"Souhrn n\u00e1bo\u017eensk\u00fdch \u00factyhodn\u00fdch \u00fakon\u016f v\u016f\u010di bo\u017estvu nebo svat\u00e9 postav\u011b.\" tabindex=\"0\">kult<\/span> Ath\u00e9ny.<\/p><p>Z hlediska srovn\u00e1vac\u00ed religionistiky lze Menrvu spojovat s dal\u0161\u00edmi bohyn\u011bmi moudrosti a \u0159emesla: Sarasvat\u00ed (v\u00e9dsk\u00e1), Brigid (keltsk\u00e1), Neit (egyptsk\u00e1). Tato srovnatelnost ukazuje univerz\u00e1ln\u00ed n\u00e1bo\u017eenskou konfiguraci &#8218;mysl\u00edc\u00ed bohyn\u011b&#8216;.<\/p><p>Interpretatio Romana p\u0159inesla etrusk\u00fdm bo\u017estv\u016fm \u0159\u00edmsk\u00e1 jm\u00e9na: Tinia se stal Iupiterem, Uni se stala Iunonou a Menrva Minervou. Takov\u00e1 ztoto\u017en\u011bn\u00ed zpravidla zachycovala jen vybran\u00e9 rysy, nikoli celou postavu. V\u00fdzkum posledn\u00edch pades\u00e1ti let objas\u0148uje, kter\u00e9 etrusk\u00e9 specifick\u00e9 rysy Menrvy se p\u0159itom zachovaly.<\/p><p>Etrusk\u00e9 n\u00e1bo\u017eenstv\u00ed formovaly \u010detn\u00e9 kontakty s anatolsk\u00fdmi, f\u00e9nick\u00fdmi a p\u0159edoasijsk\u00fdmi tradicemi. F\u00e9nick\u00fd v\u00fdm\u011bnn\u00fd styk dokl\u00e1daj\u00ed zejm\u00e9na Pyrgsk\u00e9 tabulky. Toto propojen\u00ed nap\u0159\u00ed\u010d St\u0159edomo\u0159\u00edm pat\u0159\u00ed k d\u016fle\u017eit\u00fdm badatelsk\u00fdm oblastem posledn\u00edch desetilet\u00ed.<\/p><p>V perspektiv\u011b srovn\u00e1vac\u00ed religionistiky pat\u0159\u00ed etrusk\u00fd <span class=\"iwg-fachbegriff\" data-tooltip=\"Souhrn n\u00e1bo\u017eensk\u00fdch \u00factyhodn\u00fdch \u00fakon\u016f v\u016f\u010di bo\u017estvu nebo svat\u00e9 postav\u011b.\" tabindex=\"0\">kult<\/span>, v\u010detn\u011b uct\u00edv\u00e1n\u00ed Menrvy, k \u0161ir\u0161\u00ed st\u0159edomo\u0159sk\u00e9 n\u00e1bo\u017eensk\u00e9 rodin\u011b a je ve vztahu k \u0158ecku, F\u00e9nicii, Egyptu, Anatolii a Latiu. Toto propojen\u00ed tvo\u0159\u00ed v\u00fdznamnou badatelskou oblast.<\/p>\t\t\t\t\t\t\t\t<\/div>\n\t\t\t\t<\/div>\n\t\t\t\t\t<\/div>\n\t\t\t\t<\/div>\n\t\t<div class=\"elementor-element elementor-element-iwgw-menrva-s8 e-flex e-con-boxed e-con e-parent\" data-id=\"iwgw-menrva-s8\" data-element_type=\"container\" data-e-type=\"container\">\n\t\t\t\t\t<div class=\"e-con-inner\">\n\t\t\t\t<div class=\"elementor-element elementor-element-iwgw-menrva-s8h elementor-widget elementor-widget-heading\" data-id=\"iwgw-menrva-s8h\" data-element_type=\"widget\" data-e-type=\"widget\" data-widget_type=\"heading.default\">\n\t\t\t\t\t<h2 class=\"elementor-heading-title elementor-size-default\">Sou\u010dasn\u00fd v\u00fdzkum<\/h2>\t\t\t\t<\/div>\n\t\t<div class=\"elementor-element elementor-element-iwgw-menrva-s8c e-con-full e-flex e-con e-child\" data-id=\"iwgw-menrva-s8c\" data-element_type=\"container\" data-e-type=\"container\">\n\t\t\t\t<div class=\"elementor-element elementor-element-iwgw-menrva-s8t elementor-widget elementor-widget-text-editor\" data-id=\"iwgw-menrva-s8t\" data-element_type=\"widget\" data-e-type=\"widget\" data-widget_type=\"text-editor.default\">\n\t\t\t\t\t\t\t\t\t<p>V\u00fdzkum Menrvy zaznamenal v posledn\u00edch 50 letech v\u00fdznamn\u00fd pokrok. Nov\u00e9 n\u00e1lezy z Vej\u00ed, Tarquinie, Cerveteri a Volsini\u00ed up\u0159esnily celkov\u00fd obraz. Mezi v\u00fdznamn\u00e9 badatele a badatelky pat\u0159\u00ed Larissa Bonfante, Nancy Thomson de Grummond, Mauro Cristofani a Anna Marina Moretti Sgubini.<\/p><p>V\u00fdzkum intenzivn\u011b zkoum\u00e1 vztah mezi \u0159eckou Ath\u00e9nou a etruskou Menrvou: Kde jde o p\u0159\u00edm\u00e1 p\u0159evzet\u00ed a kde o samostatn\u00fd etrusk\u00fd v\u00fdvoj? Tato ot\u00e1zka je p\u0159edm\u011btem aktu\u00e1ln\u00ed diskuse.<\/p><p>Etrusk\u00fdm n\u00e1bo\u017eenstv\u00edm, a t\u00edm i bohyn\u011bmi jako Menrva, se dnes zab\u00fdv\u00e1 mezin\u00e1rodn\u011b propojen\u00fd v\u00fdzkum. K v\u00fdznamn\u00fdm pracovi\u0161t\u00edm pat\u0159\u00ed univerzity ve Florencii, \u0158\u00edm\u011b (Sapienza), Pise, T\u00fcbingenu a Princetonu. Ro\u010dn\u011b se konaj\u00ed des\u00edtky mezin\u00e1rodn\u00edch konferenc\u00ed v\u011bnovan\u00fdch d\u00edl\u010d\u00edm aspekt\u016fm t\u00e9matu.<\/p><p>Mezin\u00e1rodn\u00ed projekty zab\u00fdvaj\u00edc\u00ed se etrusk\u00fdm n\u00e1bo\u017eenstv\u00edm dnes vyu\u017e\u00edvaj\u00ed digit\u00e1ln\u00ed metody: trojrozm\u011brn\u00e9 skenov\u00e1n\u00ed chr\u00e1m\u016f a hrob\u016f, datab\u00e1ze n\u00e1pis\u016f a obrazov\u00fdch pramen\u016f i GIS anal\u00fdzy s\u00eddeln\u00ed struktury. Tyto metody p\u0159in\u00e1\u0161ej\u00ed nov\u00e9 poznatky, tak\u00e9 k Menrvin\u00fdm kultovn\u00edm m\u00edst\u016fm.<\/p><p>\u0160ir\u0161\u00ed ve\u0159ejnosti je sou\u010dasn\u00fd etrusk\u00fd v\u00fdzkum zprost\u0159edkov\u00e1v\u00e1n prost\u0159ednictv\u00edm v\u00fdstav, nap\u0159\u00edklad ve Vatik\u00e1nsk\u00e9m muzeu, v Museo Nazionale Etrusco di Villa Giulia a v Boston Museum of Fine Arts, i prost\u0159ednictv\u00edm \u010detn\u00fdch publikac\u00ed.<\/p>\t\t\t\t\t\t\t\t<\/div>\n\t\t\t\t<\/div>\n\t\t\t\t\t<\/div>\n\t\t\t\t<\/div>\n\t\t<div class=\"elementor-element elementor-element-iwgw-menrva-s9 e-flex e-con-boxed e-con e-parent\" data-id=\"iwgw-menrva-s9\" data-element_type=\"container\" data-e-type=\"container\">\n\t\t\t\t\t<div class=\"e-con-inner\">\n\t\t\t\t<div class=\"elementor-element elementor-element-iwgw-menrva-s9h elementor-widget elementor-widget-heading\" data-id=\"iwgw-menrva-s9h\" data-element_type=\"widget\" data-e-type=\"widget\" data-widget_type=\"heading.default\">\n\t\t\t\t\t<h2 class=\"elementor-heading-title elementor-size-default\">Prameny a stav v\u00fdzkumu<\/h2>\t\t\t\t<\/div>\n\t\t<div class=\"elementor-element elementor-element-iwgw-menrva-s9c e-con-full e-flex e-con e-child\" data-id=\"iwgw-menrva-s9c\" data-element_type=\"container\" data-e-type=\"container\">\n\t\t\t\t<div class=\"elementor-element elementor-element-iwgw-menrva-s9t elementor-widget elementor-widget-text-editor\" data-id=\"iwgw-menrva-s9t\" data-element_type=\"widget\" data-e-type=\"widget\" data-widget_type=\"text-editor.default\">\n\t\t\t\t\t\t\t\t\t<p>Nejd\u016fle\u017eit\u011bj\u0161\u00edmi prameny pro v\u00fdzkum Menrvy jsou etrusk\u00e9 n\u00e1pisy, etrusk\u00e1 zrcadla s doprovodn\u00fdmi n\u00e1pisy, chr\u00e1mov\u00e9 komplexy (Portonaccio, Veje) a \u0159ecko-\u0159\u00edmsk\u00e9 druhotn\u00e9 prameny. Standardn\u00edm vyd\u00e1n\u00edm text\u016f je <em>Editio Minor<\/em> Helmuta Rixe.<\/p><p>Hlub\u0161\u00ed za\u0159azen\u00ed do celkov\u00fdch <a href=\"https:\/\/iwell-guard.com\/cs\/etruske-nabozenstvi-haruspex-disciplina-praxe\/\">d\u011bjin etrusk\u00e9ho n\u00e1bo\u017eenstv\u00ed<\/a> ukazuje, jak je t\u0159eba Menrvu ch\u00e1pat ve vztahov\u00e9m r\u00e1mci s Tiniou, Uni a dal\u0161\u00edmi Atua. Toto propojen\u00ed je v\u011bdecky z\u00e1sadn\u00ed pro pochopen\u00ed etrusk\u00e9ho panteonu.<\/p><p>Pramenn\u00e1 z\u00e1kladna k etrusk\u00e9mu n\u00e1bo\u017eenstv\u00ed je nejednotn\u00e1: epigrafick\u00e1 sv\u011bdectv\u00ed shrom\u00e1\u017ed\u011bn\u00e1 v Editio Minor Helmuta Rixe, archeologick\u00e9 n\u00e1lezy, obrazov\u00e9 prameny a sekund\u00e1rn\u00ed literatura. Kdo chce Menrvu adekv\u00e1tn\u011b uchopit, mus\u00ed tuto r\u016fznorodost vyhodnotit mezioborov\u011b; nov\u011bj\u0161\u00ed v\u00fdzkum k tomu systematicky spojuje filologii, <span class=\"iwg-fachbegriff\" data-tooltip=\"V\u011bda, kter\u00e1 zkoum\u00e1 minul\u00e9 kultury na z\u00e1klad\u011b materi\u00e1ln\u00edch n\u00e1lez\u016f.\" tabindex=\"0\">archeologii<\/span>, <span class=\"iwg-fachbegriff\" data-tooltip=\"V\u011bda, kter\u00e1 zkoum\u00e1 n\u00e1bo\u017eenstv\u00ed srovn\u00e1vac\u00edm zp\u016fsobem a bez vazby na v\u00edru.\" tabindex=\"0\">religionistiku<\/span> a antropologii.<\/p><p>V\u011bcn\u011b p\u0159im\u011b\u0159en\u00e1 pramenn\u00e1 kritika vy\u017eaduje znalost jak etrusk\u00fdch origin\u00e1ln\u00edch sv\u011bdectv\u00ed, tak \u0159ecko-\u0159\u00edmsk\u00e9 druhotn\u00e9 tradice. Tento dvoj\u00ed p\u0159\u00edstup je n\u00e1ro\u010dn\u00fd, av\u0161ak pro udr\u017eitelnou n\u00e1bo\u017eenskohistorickou rekonstrukci Menrvy nezbytn\u00fd.<\/p><p>D\u016fkladn\u00e9 historick\u00e9 za\u0159azen\u00ed Menrvy p\u0159edpokl\u00e1d\u00e1, \u017ee \u010dlov\u011bk p\u0159ehl\u00e9dne epigrafick\u00e9, archeologick\u00e9 a liter\u00e1rn\u00ed prameny stejn\u011b jako p\u0159\u00edstupy modern\u00ed <span class=\"iwg-fachbegriff\" data-tooltip=\"V\u011bda, kter\u00e1 zkoum\u00e1 n\u00e1bo\u017eenstv\u00ed srovn\u00e1vac\u00edm zp\u016fsobem a bez vazby na v\u00edru.\" tabindex=\"0\">religionistiky<\/span>. Toto mnohovrstevn\u00e9 zpracov\u00e1n\u00ed je ve v\u00fdzkumu pova\u017eov\u00e1no za standard.<\/p>\t\t\t\t\t\t\t\t<\/div>\n\t\t\t\t<\/div>\n\t\t\t\t\t<\/div>\n\t\t\t\t<\/div>\n\t\t<div class=\"elementor-element elementor-element-cp2831c424 e-flex e-con-boxed e-con e-parent\" data-id=\"cp2831c424\" data-element_type=\"container\" data-e-type=\"container\">\n\t\t\t\t\t<div class=\"e-con-inner\">\n\t\t\t\t<div class=\"elementor-element elementor-element-cp209d5a25 elementor-widget elementor-widget-heading\" data-id=\"cp209d5a25\" data-element_type=\"widget\" data-e-type=\"widget\" data-widget_type=\"heading.default\">\n\t\t\t\t\t<h2 class=\"elementor-heading-title elementor-size-default\">Menrva na etrusk\u00fdch bronzov\u00fdch zrcadlech: nejd\u016fle\u017eit\u011bj\u0161\u00ed obrazov\u00fd pramen<\/h2>\t\t\t\t<\/div>\n\t\t<div class=\"elementor-element elementor-element-cp25a0aa3d e-flex e-con-boxed e-con e-child\" data-id=\"cp25a0aa3d\" data-element_type=\"container\" data-e-type=\"container\">\n\t\t\t\t\t<div class=\"e-con-inner\">\n\t\t\t\t<div class=\"elementor-element elementor-element-cp2f1bb64a elementor-widget elementor-widget-text-editor\" data-id=\"cp2f1bb64a\" data-element_type=\"widget\" data-e-type=\"widget\" data-widget_type=\"text-editor.default\">\n\t\t\t\t\t\t\t\t\t<p>Etrusk\u00e1 bohyn\u011b Menrva se n\u00e1m dochovala p\u0159edev\u0161\u00edm d\u00edky ryt\u00fdm bronzov\u00fdm zrcadl\u016fm, kter\u00e1 byla ve velk\u00e9m po\u010dtu vyr\u00e1b\u011bna mezi 5. a 2. stolet\u00edm p\u0159ed na\u0161\u00edm letopo\u010dtem.<\/p><p>Tato zrcadla, na rubu zdoben\u00e1 mytologick\u00fdmi v\u00fdjevy, jsou v\u016fbec nejbohat\u0161\u00edm obrazov\u00fdm pramenem pro etruskou <span class=\"iwg-fachbegriff\" data-tooltip=\"Souhrn dochovan\u00fdch vypr\u00e1v\u011bn\u00ed o boz\u00edch v dan\u00e9 kultu\u0159e.\" tabindex=\"0\">mytologii<\/span>. Menrva se na nich objevuje obzvl\u00e1\u0161\u0165 \u010dasto, p\u0159i\u010dem\u017e je nez\u0159\u00eddka jednozna\u010dn\u011b ozna\u010dena doprovodn\u00fdm n\u00e1pisem, co\u017e z n\u00ed \u010din\u00ed jedno z nejl\u00e9pe identifikovateln\u00fdch etrusk\u00fdch bo\u017estev.<\/p><p>Na zrcadlech je Menrva obvykle zobrazov\u00e1na jako ozbrojen\u00e1 bohyn\u011b, s helmou, kop\u00edm a \u0161t\u00edtem, ob\u010das s hady na od\u011bvu nebo s d\u011bsivou tv\u00e1\u0159\u00ed Gorgony.<\/p><p>Tato bojovn\u00e1 <span class=\"iwg-fachbegriff\" data-tooltip=\"Nauka o obsahu obraz\u016f a jejich v\u00fdznamu.\" tabindex=\"0\">ikonografie<\/span> se do zna\u010dn\u00e9 m\u00edry shoduje s obrazem \u0159eck\u00e9 Ath\u00e9ny, a etrusk\u00e9 um\u011bn\u00ed se zde jasn\u011b inspirovalo \u0159eck\u00fdmi p\u0159edlohami. Menrva se v\u0161ak sou\u010dasn\u011b objevuje ve specificky etrusk\u00fdch v\u00fdjevech, kter\u00e9 v \u0159eck\u00e9 <span class=\"iwg-fachbegriff\" data-tooltip=\"Souhrn dochovan\u00fdch vypr\u00e1v\u011bn\u00ed o boz\u00edch v dan\u00e9 kultu\u0159e.\" tabindex=\"0\">mytologii<\/span> nemaj\u00ed p\u0159esnou obdobu.<\/p><p>Hojn\u011b diskutovan\u00fdm p\u0159\u00edkladem je zrcadlov\u00e9 zobrazen\u00ed, na n\u011bm\u017e Menrva vytahuje d\u00edt\u011b z n\u00e1doby nebo mu poskytuje pomoc; tento v\u00fdjev je spojov\u00e1n s etrusk\u00fdm Marisem a nazna\u010duje p\u0159edstavy o zrozen\u00ed, vychov\u00e1v\u00e1n\u00ed \u010di dokonce jak\u00e9msi znovuzrozen\u00ed, je\u017e p\u0159esahuj\u00ed funkci \u0159eck\u00e9 Ath\u00e9ny.<\/p><p>Takov\u00e1 zobrazen\u00ed ukazuj\u00ed, \u017ee Menrva nebyla pouhou etruskou obdobou Ath\u00e9ny, n\u00fdbr\u017e samostatn\u00fdm <span class=\"iwg-fachbegriff\" data-tooltip=\"Bytost uct\u00edvan\u00e1 jako bo\u017esk\u00e1 v r\u00e1mci n\u00e1bo\u017eenstv\u00ed.\" tabindex=\"0\">bo\u017estvem<\/span> s \u010d\u00e1ste\u010dn\u011b odli\u0161n\u00fdm okruhem p\u016fsobnosti, do n\u011bho\u017e pat\u0159ily i oblasti l\u00e9\u010den\u00ed, r\u016fstu a d\u011btstv\u00ed. P\u0159\u00edbuzn\u00e9 bohy\u0148sk\u00e9 postavy znaj\u00ed i sousedn\u00ed <a href=\"https:\/\/iwell-guard.com\/cs\/etruske-nabozenstvi-haruspex-disciplina-praxe\/\">italick\u00e9 kultury<\/a>.<\/p>\t\t\t\t\t\t\t\t<\/div>\n\t\t\t\t\t<\/div>\n\t\t\t\t<\/div>\n\t\t\t\t\t<\/div>\n\t\t\t\t<\/div>\n\t\t<div class=\"elementor-element elementor-element-cp23cfeee3 e-flex e-con-boxed e-con e-parent\" data-id=\"cp23cfeee3\" data-element_type=\"container\" data-e-type=\"container\">\n\t\t\t\t\t<div class=\"e-con-inner\">\n\t\t\t\t<div class=\"elementor-element elementor-element-cp2f04d6ba elementor-widget elementor-widget-heading\" data-id=\"cp2f04d6ba\" data-element_type=\"widget\" data-e-type=\"widget\" data-widget_type=\"heading.default\">\n\t\t\t\t\t<h2 class=\"elementor-heading-title elementor-size-default\">Od etrusk\u00e9 Menrvy k \u0159\u00edmsk\u00e9 Minerv\u011b: proces p\u0159evzet\u00ed<\/h2>\t\t\t\t<\/div>\n\t\t<div class=\"elementor-element elementor-element-cp260f78a4 e-flex e-con-boxed e-con e-child\" data-id=\"cp260f78a4\" data-element_type=\"container\" data-e-type=\"container\">\n\t\t\t\t\t<div class=\"e-con-inner\">\n\t\t\t\t<div class=\"elementor-element elementor-element-cp2934c062 elementor-widget elementor-widget-text-editor\" data-id=\"cp2934c062\" data-element_type=\"widget\" data-e-type=\"widget\" data-widget_type=\"text-editor.default\">\n\t\t\t\t\t\t\t\t\t<p>Jm\u00e9no Menrva a jm\u00e9no \u0159\u00edmsk\u00e9 bohyn\u011b Minervy jsou zjevn\u011b p\u0159\u00edbuzn\u00e1, a jazykov\u011bdn\u00fd v\u00fdzkum vych\u00e1z\u00ed z toho, \u017ee si \u0159\u00edmsk\u00e1 Minerva sv\u00e9 jm\u00e9no vyp\u016fj\u010dila z etru\u0161tiny nebo ze spole\u010dn\u00e9ho italick\u00e9ho prost\u0159ed\u00ed. Menrva je tak jedn\u00edm z m\u00e1la p\u0159\u00edpad\u016f, kdy se etrusk\u00e9 jm\u00e9no bohyn\u011b p\u0159\u00edmo p\u0159en\u00e1\u0161\u00ed do \u0159\u00edmsk\u00e9ho n\u00e1bo\u017eenstv\u00ed.<\/p><p>Pr\u016fb\u011bh tohoto p\u0159evzet\u00ed lze ov\u0161em rekonstruovat jen v hrub\u00fdch rysech. \u0158\u00edm a etrusk\u00e1 m\u011bsta byla po stalet\u00ed v \u00fazk\u00e9m kontaktu, po ur\u010ditou dobu pat\u0159il \u0158\u00edm s\u00e1m do etrusk\u00e9 sf\u00e9ry vlivu. V t\u00e9to f\u00e1zi se p\u0159en\u00e1\u0161elo mnoho kulturn\u00edch a n\u00e1bo\u017eensk\u00fdch prvk\u016f, mimo jin\u00e9 aspekty chr\u00e1mov\u00e9 architektury, <span class=\"iwg-fachbegriff\" data-tooltip=\"P\u0159edv\u00edd\u00e1n\u00ed budouc\u00edch ud\u00e1lost\u00ed n\u00e1bo\u017eensk\u00fdmi nebo magick\u00fdmi prost\u0159edky.\" tabindex=\"0\">v\u011b\u0161t\u011bn\u00ed<\/span> a pr\u00e1v\u011b i jm\u00e9na boh\u016f.<\/p><p>Minerva se v \u0158\u00edm\u011b stala sou\u010d\u00e1st\u00ed kapitolsk\u00e9 trojice vedle Jupitera a Junony, tedy zaujala postaven\u00ed, kter\u00e9 by mohlo odpov\u00eddat etrusk\u00e9 trojici Tinia, <a href=\"https:\/\/iwell-guard.com\/cs\/?page_id=145477\">Uni<\/a> a Menrva.<\/p><p>Pr\u00e1v\u011b v tomto bod\u011b je v\u0161ak na m\u00edst\u011b opatrnost. P\u0159esn\u00e1 shoda obou trojic p\u016fsob\u00ed p\u0159esv\u011bd\u010div\u011b, m\u016f\u017ee v\u0161ak b\u00fdt z\u010d\u00e1sti z\u00e1v\u011brem odvozen\u00fdm z l\u00e9pe zn\u00e1m\u00e9ho \u0159\u00edmsk\u00e9ho modelu sm\u011brem na etruskou stranu. Jist\u00e9 je, \u017ee Menrva byla <span class=\"iwg-fachbegriff\" data-tooltip=\"Bytost uct\u00edvan\u00e1 jako bo\u017esk\u00e1 v r\u00e1mci n\u00e1bo\u017eenstv\u00ed.\" tabindex=\"0\">bo\u017estvem<\/span> prvn\u00edho \u0159\u00e1du a \u017ee se jej\u00ed jm\u00e9no dostalo do \u0159\u00edmsk\u00e9ho n\u00e1bo\u017eenstv\u00ed.<\/p><p>Jak p\u0159esn\u011b se p\u0159itom jej\u00ed funkce posunuly, zda byla etrusk\u00e1 Menrva se sv\u00fdmi vazbami na \u0159emeslo, l\u00e9\u010den\u00ed a d\u011btstv\u00ed p\u0159evzata beze zm\u011bny nebo naopak p\u0159etvo\u0159ena, nelze z pramen\u016f podrobn\u011b zjistit.<\/p><p>P\u0159\u00edpad Menrvy ukazuje p\u0159\u00edkladn\u011b, jak \u00fazce byla etrusk\u00e1 a \u0159\u00edmsk\u00e1 n\u00e1bo\u017eenstv\u00ed propletena, a z\u00e1rove\u0148 jak obt\u00ed\u017en\u00e9 je p\u0159esn\u011b ur\u010dit sm\u011br a obsah takov\u00fdch p\u0159ej\u00edmek.<\/p>\t\t\t\t\t\t\t\t<\/div>\n\t\t\t\t\t<\/div>\n\t\t\t\t<\/div>\n\t\t\t\t\t<\/div>\n\t\t\t\t<\/div>\n\t\t<div class=\"elementor-element elementor-element-cp2d8bee14 e-flex e-con-boxed e-con e-parent\" data-id=\"cp2d8bee14\" data-element_type=\"container\" data-e-type=\"container\">\n\t\t\t\t\t<div class=\"e-con-inner\">\n\t\t\t\t<div class=\"elementor-element elementor-element-cp24a35acd elementor-widget elementor-widget-heading\" data-id=\"cp24a35acd\" data-element_type=\"widget\" data-e-type=\"widget\" data-widget_type=\"heading.default\">\n\t\t\t\t\t<h2 class=\"elementor-heading-title elementor-size-default\">Menrva na bronzov\u00fdch jatrech z Piacenzy a ve v\u011b\u0161tebn\u00e9m syst\u00e9mu<\/h2>\t\t\t\t<\/div>\n\t\t<div class=\"elementor-element elementor-element-cp24f26b71 e-flex e-con-boxed e-con e-child\" data-id=\"cp24f26b71\" data-element_type=\"container\" data-e-type=\"container\">\n\t\t\t\t\t<div class=\"e-con-inner\">\n\t\t\t\t<div class=\"elementor-element elementor-element-cp22f28ce4 elementor-widget elementor-widget-text-editor\" data-id=\"cp22f28ce4\" data-element_type=\"widget\" data-e-type=\"widget\" data-widget_type=\"text-editor.default\">\n\t\t\t\t\t\t\t\t\t<p><span data-nosnippet>Stejn\u011b jako dal\u0161\u00ed v\u00fdznamn\u00e9 etrusk\u00e9 bohyn\u011b a bohov\u00e9 je i Menrva zaznamen\u00e1na na bronzov\u00fdch jaterech z Piacenzy, onom bronzov\u00e9m modelu jater nalezen\u00e9m roku 1877 a poch\u00e1zej\u00edc\u00edm z 2. nebo 1. stolet\u00ed p\u0159ed na\u0161\u00edm letopo\u010dtem, kter\u00fd z\u0159ejm\u011b slou\u017eil jako u\u010debn\u00ed pom\u016fcka pro v\u011b\u0161tce zkoumaj\u00edc\u00ed vnit\u0159nosti ob\u011btn\u00edch zv\u00ed\u0159at. Povrch je rozd\u011blen do \u0159ady pol\u00ed s vyryt\u00fdmi jm\u00e9ny boh\u016f a Menrva v n\u011bm zauj\u00edm\u00e1 pevn\u00e9 m\u00edsto.<\/span><\/p><p>Skute\u010dnost, \u017ee se Menrva na j\u00e1trech objevuje, je v\u00edc ne\u017e jen okrajov\u00fd detail. Ukazuje, \u017ee byla zapojena do vysoce formalizovan\u00e9ho syst\u00e9mu etrusk\u00e9 v\u011b\u0161teck\u00e9 nauky, <em>disciplina etrusca<\/em>. \u0160estn\u00e1ct pol\u00ed na okraji jater b\u00fdv\u00e1 vykl\u00e1d\u00e1no jako obraz rozd\u011blen\u00ed nebe na \u0161estn\u00e1ct oblast\u00ed, z nich\u017e ka\u017ed\u00e9 byla p\u0159i\u0159azena ur\u010dit\u00e1 bohyn\u011b nebo b\u016fh.<\/p><p>Z polohy zvl\u00e1\u0161tnost\u00ed nalezen\u00fdch na zkouman\u00fdch zv\u00ed\u0159ec\u00edch j\u00e1trech usuzoval odborn\u00edk na v\u016fli p\u0159\u00edslu\u0161n\u00e9 <span class=\"iwg-fachbegriff\" data-tooltip=\"Bytost uct\u00edvan\u00e1 jako bo\u017esk\u00e1 v r\u00e1mci ur\u010dit\u00e9ho n\u00e1bo\u017eenstv\u00ed.\" tabindex=\"0\">bohyn\u011b<\/span>. Menrva tak nebyla jen p\u0159edm\u011btem <span class=\"iwg-fachbegriff\" data-tooltip=\"Tradovan\u00fd p\u0159\u00edb\u011bh o boz\u00edch, po\u010d\u00e1tc\u00edch a \u0159\u00e1du sv\u011bta.\" tabindex=\"0\">m\u00fdtu<\/span>, zrcadlov\u00e9ho um\u011bn\u00ed a chr\u00e1mov\u00e9ho kultu, ale i veli\u010dinou, se kterou <span class=\"iwg-fachbegriff\" data-tooltip=\"P\u0159edpov\u00edd\u00e1n\u00ed budouc\u00edch ud\u00e1lost\u00ed n\u00e1bo\u017eensk\u00fdmi nebo magick\u00fdmi prost\u0159edky.\" tabindex=\"0\">v\u011b\u0161t\u011bn\u00ed<\/span> prakticky po\u010d\u00edtalo.<\/p><p>P\u0159esn\u00fd zp\u016fsob fungov\u00e1n\u00ed tohoto syst\u00e9mu v\u0161ak z\u016fst\u00e1v\u00e1 nejasn\u00fd, proto\u017ee se nedochoval \u017e\u00e1dn\u00fd \u00fapln\u00fd etrusk\u00fd naukov\u00fd text o v\u011b\u0161t\u011bn\u00ed z jater. V\u00edme, \u017ee Menrva m\u011bla v syst\u00e9mu sv\u00e9 m\u00edsto, ale nev\u00edme p\u0159esn\u011b, jak\u00fd v\u00fdznam jej\u00ed pole neslo ani v jak\u00e9m vztahu bylo k pol\u00edm sousedn\u00edch boh\u016f a bohy\u0148.<\/p><p>Bronzov\u00e1 j\u00e1tra z\u016fst\u00e1vaj\u00ed fascinuj\u00edc\u00edm, by\u0165 jen \u010d\u00e1ste\u010dn\u011b \u010diteln\u00fdm dokladem. Pro za\u0159azen\u00ed Menrvy jsou p\u0159esto d\u016fle\u017eit\u00e1: dokazuj\u00ed, \u017ee bohyn\u011b byla p\u0159\u00edtomna ve v\u0161ech t\u0159ech velk\u00fdch oblastech etrusk\u00e9ho n\u00e1bo\u017eenstv\u00ed, v <span class=\"iwg-fachbegriff\" data-tooltip=\"Tradovan\u00fd p\u0159\u00edb\u011bh o boz\u00edch, po\u010d\u00e1tc\u00edch a \u0159\u00e1du sv\u011bta.\" tabindex=\"0\">m\u00fdtu<\/span> zrcadel, ve ve\u0159ejn\u00e9m <span class=\"iwg-fachbegriff\" data-tooltip=\"Souhrn n\u00e1bo\u017eensk\u00fdch \u00factn\u00fdch \u00fakon\u016f v\u016f\u010di bohu nebo posv\u00e1tn\u00e9 bytosti.\" tabindex=\"0\">kultu<\/span> a v u\u010den\u00e9 v\u011b\u0161teck\u00e9 discipl\u00edn\u011b, kter\u00e1 Etrusk\u016fm v antick\u00e9m sv\u011bt\u011b p\u0159inesla zvl\u00e1\u0161tn\u00ed pov\u011bst.<\/p>\t\t\t\t\t\t\t\t<\/div>\n\t\t\t\t\t<\/div>\n\t\t\t\t<\/div>\n\t\t\t\t\t<\/div>\n\t\t\t\t<\/div>\n\t\t<div class=\"elementor-element elementor-element-iwgw-menrva-lit e-flex e-con-boxed e-con e-parent\" data-id=\"iwgw-menrva-lit\" data-element_type=\"container\" data-e-type=\"container\">\n\t\t\t\t\t<div class=\"e-con-inner\">\n\t\t\t\t<div class=\"elementor-element elementor-element-iwgw-menrva-lith elementor-widget elementor-widget-heading\" data-id=\"iwgw-menrva-lith\" data-element_type=\"widget\" data-e-type=\"widget\" data-widget_type=\"heading.default\">\n\t\t\t\t\t<h2 class=\"elementor-heading-title elementor-size-default\">Literatura (v\u00fdb\u011br)<\/h2>\t\t\t\t<\/div>\n\t\t<div class=\"elementor-element elementor-element-iwgw-menrva-litc e-con-full e-flex e-con e-child\" data-id=\"iwgw-menrva-litc\" data-element_type=\"container\" data-e-type=\"container\">\n\t\t\t\t<div class=\"elementor-element elementor-element-iwgw-menrva-litt elementor-widget elementor-widget-text-editor\" data-id=\"iwgw-menrva-litt\" data-element_type=\"widget\" data-e-type=\"widget\" data-widget_type=\"text-editor.default\">\n\t\t\t\t\t\t\t\t\t<ul><li>Larissa Bonfante: <em>Etruscan Mythology<\/em> (2006)<\/li><li>Jean-Rene Jannot: <em>Religion in Ancient Etruria<\/em> (2005)<\/li><li>Massimo Pallottino: <em>Die Etrusker<\/em> (1942)<\/li><li>Larissa Bonfante: <em>Etruscan Bronzes<\/em><\/li><\/ul>\n<p class=\"iwg-bib-more\"><span data-nosnippet>Dal\u0161\u00ed standardn\u00ed d\u00edla v <a href=\"https:\/\/iwell-guard.com\/cs\/literatura\/\">seznamu literatury<\/a>.<\/span><\/p>\t\t\t\t\t\t\t\t<\/div>\n\t\t\t\t<\/div>\n\t\t\t\t\t<\/div>\n\t\t\t\t<\/div>\n\t\t<div class=\"elementor-element elementor-element-iwgw-menrva-kwd e-flex e-con-boxed e-con e-parent\" data-id=\"iwgw-menrva-kwd\" data-element_type=\"container\" data-e-type=\"container\">\n\t\t\t\t\t<div class=\"e-con-inner\">\n\t\t<div class=\"elementor-element elementor-element-iwgw-menrva-kwdc e-con-full e-flex e-con e-child\" data-id=\"iwgw-menrva-kwdc\" data-element_type=\"container\" data-e-type=\"container\">\n\t\t\t\t<div class=\"elementor-element elementor-element-iwgw-menrva-kwdt elementor-widget elementor-widget-text-editor\" data-id=\"iwgw-menrva-kwdt\" data-element_type=\"widget\" data-e-type=\"widget\" data-widget_type=\"text-editor.default\">\n\t\t\t\t\t\t\t\t\t<p><em>Souvisej\u00edc\u00ed kl\u00ed\u010dov\u00e9 pojmy: Menrva Etruskov\u00e9 bohyn\u011b moudrost v\u00e1lka \u0159emesla Portonaccio Veje Ath\u00e9na.<\/em><\/p>\t\t\t\t\t\t\t\t<\/div>\n\t\t\t\t<\/div>\n\t\t\t\t\t<\/div>\n\t\t\t\t<\/div>\n\t\t<div class=\"elementor-element elementor-element-iwgw-menrva-cc e-flex e-con-boxed e-con e-parent\" data-id=\"iwgw-menrva-cc\" data-element_type=\"container\" data-e-type=\"container\" id=\"iwg-cc-menrva\">\n\t\t\t\t\t<div class=\"e-con-inner\">\n\t\t<div class=\"elementor-element elementor-element-iwgw-menrva-ccinner e-flex e-con-boxed e-con e-parent\" data-id=\"iwgw-menrva-ccinner\" data-element_type=\"container\" data-e-type=\"container\" data-settings=\"{&quot;background_background&quot;:&quot;classic&quot;}\">\n\t\t\t\t\t<div class=\"e-con-inner\">\n\t\t\t\t<div class=\"elementor-element elementor-element-iwgw-menrva-cch elementor-widget elementor-widget-heading\" data-id=\"iwgw-menrva-cch\" data-element_type=\"widget\" data-e-type=\"widget\" data-widget_type=\"heading.default\">\n\t\t\t\t\t<h2 class=\"elementor-heading-title elementor-size-default\">iWell Guard a ochrann\u00e9 tradice<\/h2>\t\t\t\t<\/div>\n\t\t\t\t<div class=\"elementor-element elementor-element-iwgw-menrva-cct elementor-widget elementor-widget-text-editor\" data-id=\"iwgw-menrva-cct\" data-element_type=\"widget\" data-e-type=\"widget\" data-widget_type=\"text-editor.default\">\n\t\t\t\t\t\t\t\t\t<div data-nosnippet=\"true\"><p>iWell Guard navazuje na kulturn\u011b-historickou tradici p\u0159enosn\u00fdch ochrann\u00fdch p\u0159edm\u011bt\u016f, v tradici <a href=\"https:\/\/iwell-guard.com\/cs\/etruske-nabozenstvi-haruspex-disciplina-praxe\/\">etrusk\u00e9 kultury<\/a> a mnoha dal\u0161\u00edch kultur po cel\u00e9m sv\u011bt\u011b. 41 vrstev, ryz\u00ed zlato, platina, st\u0159\u00edbro, vyrobeno v N\u011bmecku. 30denn\u00ed pr\u00e1vo na vr\u00e1cen\u00ed.<\/p><\/div>\t\t\t\t\t\t\t\t<\/div>\n\t\t\t\t<div class=\"elementor-element elementor-element-iwgw-menrva-ccb iwg-cc-button iwg-cc-cta-2026-05-13 elementor-widget elementor-widget-jet-button\" data-id=\"iwgw-menrva-ccb\" data-element_type=\"widget\" data-e-type=\"widget\" data-widget_type=\"jet-button.default\">\n\t\t\t\t<div class=\"elementor-widget-container\">\n\t\t\t\t\t<div class=\"elementor-jet-button jet-elements\"><div class=\"jet-button__container\"><a class=\"jet-button__instance jet-button__instance--icon-left hover-effect-1\" href=\"\/ueber-iwell-guard\/?utm_source=iwell-guard.com&amp;utm_medium=info-box&amp;utm_campaign=wesen-tradition\"><div class=\"jet-button__plane jet-button__plane-normal\"><\/div><div class=\"jet-button__plane jet-button__plane-hover\"><\/div><div class=\"jet-button__state jet-button__state-normal\"><span class=\"jet-button__label\">V\u00edce o iWell Guard<\/span><\/div><div class=\"jet-button__state jet-button__state-hover\"><span class=\"jet-button__label\">V\u00edce o iWell Guard<\/span><\/div><\/a><\/div><\/div><style>.elementor-element.elementor-element-iwgw-menrva-ccb .jet-button__instance{width:320px;height:56px;}.elementor-element.elementor-element-iwgw-menrva-ccb .jet-button__state-normal .jet-button__label{text-align:center;margin:0px 0px 0px 0px;color:#1a1b20;font-family:Montserrat,sans-serif;font-size:13px;font-weight:400;letter-spacing:4px;line-height:1.714em;text-transform:uppercase;}.elementor-element.elementor-element-iwgw-menrva-ccb .jet-button__state-hover .jet-button__label{text-align:center;margin:0px 0px 0px 0px;color:#FECC76;font-family:Montserrat,sans-serif;font-size:13px;font-weight:400;letter-spacing:4px;line-height:1.714em;text-transform:uppercase;}.elementor-element.elementor-element-iwgw-menrva-ccb .jet-button__plane-normal{background-color:#FECC76;border-style:solid;border-color:#C99540;border-width:2px 2px 2px 2px;}.elementor-element.elementor-element-iwgw-menrva-ccb .jet-button__plane-hover{background-color:rgba(0,0,0,0.55);border-style:solid;border-color:#FECC76;border-width:2px 2px 2px 2px;}<\/style>\t\t\t\t<\/div>\n\t\t\t\t<\/div>\n\t\t\t\t<div class=\"elementor-element elementor-element-iwgw-menrva-ccd elementor-widget elementor-widget-text-editor\" data-id=\"iwgw-menrva-ccd\" data-element_type=\"widget\" data-e-type=\"widget\" data-widget_type=\"text-editor.default\">\n\t\t\t\t\t\t\t\t\t<div data-nosnippet=\"true\"><p style=\"text-align:center;font-size:13px;opacity:0.7;margin-top:14px\" data-nosnippet=\"true\">Osobn\u00ed zku\u0161enosti se mohou li\u0161it. Nejedn\u00e1 se o zdravotnick\u00fd prost\u0159edek. Nen\u00ed slibem l\u00e9\u010div\u00e9ho \u00fa\u010dinku.<\/p><\/div>\t\t\t\t\t\t\t\t<\/div>\n\t\t\t\t\t<\/div>\n\t\t\t\t<\/div>\n\t\t\t\t\t<\/div>\n\t\t\t\t<\/div>\n\t\t<div class=\"elementor-element elementor-element-iwgw-menrva-disc e-flex e-con-boxed e-con e-parent\" data-id=\"iwgw-menrva-disc\" data-element_type=\"container\" data-e-type=\"container\">\n\t\t\t\t\t<div class=\"e-con-inner\">\n\t\t\t\t<div class=\"elementor-element elementor-element-iwgw-menrva-discw elementor-widget elementor-widget-html\" data-id=\"iwgw-menrva-discw\" data-element_type=\"widget\" data-e-type=\"widget\" data-widget_type=\"html.default\">\n\t\t\t\t\t<footer data-nosnippet=\"true\" class=\"iwg-disclaimer-block\"><p data-nosnippet=\"true\">iWell Guard <strong>nen\u00ed zdravotnick\u00fd prost\u0159edek<\/strong> a nenahrazuje l\u00e9ka\u0159skou ani psychoterapeutickou l\u00e9\u010dbu. Religionistick\u00fd obsah p\u0159edstavuje kulturn\u011b-historick\u00e9 za\u0159azen\u00ed, nikoli doporu\u010den\u00ed duchovn\u00ed praxe.<\/p><\/footer>\t\t\t\t<\/div>\n\t\t\t\t\t<\/div>\n\t\t\t\t<\/div>\n\t\t\t\t<\/div>\n\t\t","protected":false},"excerpt":{"rendered":"","protected":false},"author":3,"featured_media":2817,"parent":0,"menu_order":0,"comment_status":"closed","ping_status":"closed","template":"elementor_header_footer","meta":{"_yoast_wpseo_focuskw":"Menrva Etruskov\u00e9","_yoast_wpseo_title":"Menrva - Etrusk\u00e1 bohyn\u011b, m\u00fdtus a kult","_yoast_wpseo_metadesc":"Menrva je etrusk\u00e1 bohyn\u011b moudrosti, \u0159emesel a v\u00e1lky. Religionistick\u00e9 za\u0159azen\u00ed s m\u00fdtem, kultem a prameny.","_yoast_wpseo_meta-robots-noindex":"","_yoast_wpseo_canonical":"","_angie_page":false,"gefaehrdungsstufe":"2","wesen_kultur":"etruskisch","wesen_klasse":"goetter","footnotes":""},"categories":[],"class_list":["post-145478","page","type-page","status-publish","has-post-thumbnail","hentry"],"yoast_head":"<!-- This site is optimized with the Yoast SEO Premium plugin v27.7 (Yoast SEO v28.3) - https:\/\/yoast.com\/product\/yoast-seo-premium-wordpress\/ -->\n<title>Menrva - Etrusk\u00e1 bohyn\u011b, m\u00fdtus a kult<\/title>\n<meta name=\"description\" content=\"Menrva je etrusk\u00e1 bohyn\u011b moudrosti, \u0159emesel a v\u00e1lky. Religionistick\u00e9 za\u0159azen\u00ed s m\u00fdtem, kultem a prameny.\" \/>\n<meta name=\"robots\" content=\"index, follow, max-snippet:-1, max-image-preview:large, max-video-preview:-1\" \/>\n<link rel=\"canonical\" href=\"https:\/\/iwell-guard.com\/cs\/menrva-etruska-bohyne-moudrosti-valky\/\" \/>\n<meta property=\"og:locale\" content=\"cs_CZ\" \/>\n<meta property=\"og:type\" content=\"article\" \/>\n<meta property=\"og:title\" content=\"Menrva - Etrusk\u00e1 bohyn\u011b moudrosti a v\u00e1lky\" \/>\n<meta property=\"og:description\" content=\"Menrva je etrusk\u00e1 bohyn\u011b moudrosti, \u0159emesel a v\u00e1lky. Religionistick\u00e9 za\u0159azen\u00ed s m\u00fdtem, kultem a prameny.\" \/>\n<meta property=\"og:url\" content=\"https:\/\/iwell-guard.com\/cs\/menrva-etruska-bohyne-moudrosti-valky\/\" \/>\n<meta property=\"og:site_name\" content=\"iWell Guard\" \/>\n<meta property=\"article:modified_time\" content=\"2026-09-03T16:57:08+00:00\" \/>\n<meta property=\"og:image\" content=\"https:\/\/iwell-guard.com\/wp-content\/uploads\/2026\/05\/goetter_etruskisch_menrva.webp\" \/>\n\t<meta property=\"og:image:width\" content=\"1024\" \/>\n\t<meta property=\"og:image:height\" content=\"1536\" \/>\n\t<meta property=\"og:image:type\" content=\"image\/webp\" \/>\n<meta name=\"twitter:card\" content=\"summary_large_image\" \/>\n<script type=\"application\/ld+json\" class=\"yoast-schema-graph\">{\"@context\":\"https:\\\/\\\/schema.org\",\"@graph\":[{\"@type\":\"WebPage\",\"@id\":\"https:\\\/\\\/iwell-guard.com\\\/cs\\\/menrva-etruska-bohyne-moudrosti-valky\\\/\",\"url\":\"https:\\\/\\\/iwell-guard.com\\\/cs\\\/menrva-etruska-bohyne-moudrosti-valky\\\/\",\"name\":\"Menrva - Etrusk\u00e1 bohyn\u011b, m\u00fdtus a kult\",\"isPartOf\":{\"@id\":\"https:\\\/\\\/iwell-guard.com\\\/cs\\\/#website\"},\"primaryImageOfPage\":{\"@id\":\"https:\\\/\\\/iwell-guard.com\\\/cs\\\/menrva-etruska-bohyne-moudrosti-valky\\\/#primaryimage\"},\"image\":{\"@id\":\"https:\\\/\\\/iwell-guard.com\\\/cs\\\/menrva-etruska-bohyne-moudrosti-valky\\\/#primaryimage\"},\"thumbnailUrl\":\"https:\\\/\\\/iwell-guard.com\\\/wp-content\\\/uploads\\\/2026\\\/05\\\/goetter_etruskisch_menrva.webp\",\"datePublished\":\"2026-09-03T16:30:47+00:00\",\"dateModified\":\"2026-09-03T16:57:08+00:00\",\"description\":\"Menrva je etrusk\u00e1 bohyn\u011b moudrosti, \u0159emesel a v\u00e1lky. Religionistick\u00e9 za\u0159azen\u00ed s m\u00fdtem, kultem a prameny.\",\"breadcrumb\":{\"@id\":\"https:\\\/\\\/iwell-guard.com\\\/cs\\\/menrva-etruska-bohyne-moudrosti-valky\\\/#breadcrumb\"},\"inLanguage\":\"cs\",\"potentialAction\":[{\"@type\":\"ReadAction\",\"target\":[\"https:\\\/\\\/iwell-guard.com\\\/cs\\\/menrva-etruska-bohyne-moudrosti-valky\\\/\"]}]},{\"@type\":\"ImageObject\",\"inLanguage\":\"cs\",\"@id\":\"https:\\\/\\\/iwell-guard.com\\\/cs\\\/menrva-etruska-bohyne-moudrosti-valky\\\/#primaryimage\",\"url\":\"https:\\\/\\\/iwell-guard.com\\\/wp-content\\\/uploads\\\/2026\\\/05\\\/goetter_etruskisch_menrva.webp\",\"contentUrl\":\"https:\\\/\\\/iwell-guard.com\\\/wp-content\\\/uploads\\\/2026\\\/05\\\/goetter_etruskisch_menrva.webp\",\"width\":1024,\"height\":1536,\"caption\":\"B\u016fh z etrusk\u00e9 tradice.\"},{\"@type\":\"BreadcrumbList\",\"@id\":\"https:\\\/\\\/iwell-guard.com\\\/cs\\\/menrva-etruska-bohyne-moudrosti-valky\\\/#breadcrumb\",\"itemListElement\":[{\"@type\":\"ListItem\",\"position\":1,\"name\":\"Start\",\"item\":\"https:\\\/\\\/iwell-guard.com\\\/cs\\\/?page_id=145107\"},{\"@type\":\"ListItem\",\"position\":2,\"name\":\"Menrva &#8211; Etrusk\u00e1 bohyn\u011b moudrosti a v\u00e1lky\"}]},{\"@type\":\"WebSite\",\"@id\":\"https:\\\/\\\/iwell-guard.com\\\/cs\\\/#website\",\"url\":\"https:\\\/\\\/iwell-guard.com\\\/cs\\\/\",\"name\":\"iWell Guard\",\"description\":\"Schutz vor dunklen Einfl\u00fcssen\",\"publisher\":{\"@id\":\"https:\\\/\\\/iwell-guard.com\\\/cs\\\/#organization\"},\"potentialAction\":[{\"@type\":\"SearchAction\",\"target\":{\"@type\":\"EntryPoint\",\"urlTemplate\":\"https:\\\/\\\/iwell-guard.com\\\/cs\\\/?s={search_term_string}\"},\"query-input\":{\"@type\":\"PropertyValueSpecification\",\"valueRequired\":true,\"valueName\":\"search_term_string\"}}],\"inLanguage\":\"cs\"},{\"@type\":\"Organization\",\"@id\":\"https:\\\/\\\/iwell-guard.com\\\/cs\\\/#organization\",\"name\":\"Ittermann electronic GmbH\",\"url\":\"https:\\\/\\\/iwell-guard.com\\\/cs\\\/\",\"logo\":{\"@type\":\"ImageObject\",\"inLanguage\":\"cs\",\"@id\":\"https:\\\/\\\/iwell-guard.com\\\/cs\\\/#\\\/schema\\\/logo\\\/image\\\/\",\"url\":\"https:\\\/\\\/iwell-guard.com\\\/wp-content\\\/uploads\\\/2026\\\/05\\\/Ittermann-Logo-1182x237-1.png\",\"contentUrl\":\"https:\\\/\\\/iwell-guard.com\\\/wp-content\\\/uploads\\\/2026\\\/05\\\/Ittermann-Logo-1182x237-1.png\",\"width\":1182,\"height\":237,\"caption\":\"Ittermann electronic GmbH\"},\"image\":{\"@id\":\"https:\\\/\\\/iwell-guard.com\\\/cs\\\/#\\\/schema\\\/logo\\\/image\\\/\"},\"sameAs\":[\"https:\\\/\\\/pantip.com\\\/profile\\\/9367242\",\"https:\\\/\\\/micro.blog\\\/iwellguard\",\"https:\\\/\\\/www.diggerslist.com\\\/iwellguard\\\/about\",\"https:\\\/\\\/skitterphoto.com\\\/photographers\\\/2870314\\\/iwell-guard\",\"https:\\\/\\\/iwellguard.wordpress.com\\\/2026\\\/06\\\/06\\\/iwell-guard\\\/\",\"https:\\\/\\\/hub.docker.com\\\/u\\\/iwellguard\",\"https:\\\/\\\/www.pinterest.com\\\/iwellguard\\\/\",\"https:\\\/\\\/bit.ly\\\/m\\\/iwellguard\",\"https:\\\/\\\/entre-vos-mains.alsace.eu\\\/profiles\\\/iwellguard\\\/activity\",\"https:\\\/\\\/gravatar.com\\\/reallybeded8fd34\",\"https:\\\/\\\/naijamatta.com\\\/iwellguard\",\"https:\\\/\\\/www.goodreads.com\\\/iwellguard\",\"https:\\\/\\\/profile.hatena.ne.jp\\\/iwellguard\\\/\",\"https:\\\/\\\/experiment.com\\\/users\\\/iwellguard\",\"https:\\\/\\\/wakelet.com\\\/@iWellGuard82270\",\"https:\\\/\\\/www.chordie.com\\\/forum\\\/profile.php?id=2555664\",\"https:\\\/\\\/www.instapaper.com\\\/p\\\/17757966\",\"https:\\\/\\\/www.mapleprimes.com\\\/users\\\/iwellguard\",\"https:\\\/\\\/businesslistingplus.com\\\/profile\\\/iwell-guard\\\/\",\"https:\\\/\\\/telegra.ph\\\/iWell-Guard-06-06\",\"https:\\\/\\\/pbase.com\\\/iwellguard\\\/iwellguard\",\"https:\\\/\\\/b.hatena.ne.jp\\\/iwellguard\\\/20260607#bookmark-4788405196491818882\",\"https:\\\/\\\/fliphtml5.com\\\/home\\\/iwellguard\",\"https:\\\/\\\/anyflip.com\\\/homepage\\\/cmiwl#About\",\"https:\\\/\\\/transfur.com\\\/Users\\\/iwellguard\",\"http:\\\/\\\/delphi.larsbo.org\\\/user\\\/iwellguard\",\"https:\\\/\\\/jobs.lajobsportal.org\\\/profiles\\\/8380803-iwell-guard\",\"https:\\\/\\\/md.chaosdorf.de\\\/s\\\/jfbe5SBdJD\",\"https:\\\/\\\/www.lingvolive.com\\\/en-us\\\/profile\\\/9ecaeaca-ce11-4e51-9e71-01d55e2bff36\\\/translations\",\"https:\\\/\\\/www.fitday.com\\\/fitness\\\/forums\\\/members\\\/iwellguard.html\",\"https:\\\/\\\/www.mymeetbook.com\\\/iwellguard\",\"https:\\\/\\\/pxhere.com\\\/en\\\/photographer-me\\\/5040798\",\"https:\\\/\\\/disqus.com\\\/by\\\/iwellguard\\\/about\\\/\",\"https:\\\/\\\/pastelink.net\\\/hjwciqwq\",\"https:\\\/\\\/pubhtml5.com\\\/homepage\\\/scjhn\\\/\",\"https:\\\/\\\/www.bitchute.com\\\/channel\\\/2O2eOKzNqujT\",\"https:\\\/\\\/audiomack.com\\\/iwellguard\"]},{\"@type\":\"Article\",\"@id\":\"https:\\\/\\\/iwell-guard.com\\\/cs\\\/menrva-etruska-bohyne-moudrosti-valky\\\/#article\",\"isPartOf\":{\"@id\":\"https:\\\/\\\/iwell-guard.com\\\/cs\\\/menrva-etruska-bohyne-moudrosti-valky\\\/\"},\"author\":{\"name\":\"Ralf Ittermann\",\"@id\":\"https:\\\/\\\/iwell-guard.com\\\/cs\\\/#\\\/schema\\\/person\\\/ee2a27f1cac3406c7c6fb5820cb7349f\"},\"headline\":\"Menrva &#8211; Etrusk\u00e1 bohyn\u011b moudrosti a v\u00e1lky\",\"datePublished\":\"2026-09-03T16:30:47+00:00\",\"dateModified\":\"2026-09-03T16:57:08+00:00\",\"mainEntityOfPage\":{\"@id\":\"https:\\\/\\\/iwell-guard.com\\\/cs\\\/menrva-etruska-bohyne-moudrosti-valky\\\/\"},\"publisher\":{\"@id\":\"https:\\\/\\\/iwell-guard.com\\\/cs\\\/#organization\"},\"image\":{\"@id\":\"https:\\\/\\\/iwell-guard.com\\\/cs\\\/menrva-etruska-bohyne-moudrosti-valky\\\/#primaryimage\"},\"thumbnailUrl\":\"https:\\\/\\\/iwell-guard.com\\\/wp-content\\\/uploads\\\/2026\\\/05\\\/goetter_etruskisch_menrva.webp\",\"inLanguage\":\"cs\",\"description\":\"Menrva je etrusk\u00e1 bohyn\u011b moudrosti, \u0159emesel a v\u00e1lky. Religionistick\u00e9 za\u0159azen\u00ed s m\u00fdtem, kultem a prameny.\"}]}<\/script>\n<!-- \/ Yoast SEO Premium plugin. -->","yoast_head_json":{"title":"Menrva - Etrusk\u00e1 bohyn\u011b, m\u00fdtus a kult","description":"Menrva je etrusk\u00e1 bohyn\u011b moudrosti, \u0159emesel a v\u00e1lky. Religionistick\u00e9 za\u0159azen\u00ed s m\u00fdtem, kultem a prameny.","robots":{"index":"index","follow":"follow","max-snippet":"max-snippet:-1","max-image-preview":"max-image-preview:large","max-video-preview":"max-video-preview:-1"},"canonical":"https:\/\/iwell-guard.com\/cs\/menrva-etruska-bohyne-moudrosti-valky\/","og_locale":"cs_CZ","og_type":"article","og_title":"Menrva - Etrusk\u00e1 bohyn\u011b moudrosti a v\u00e1lky","og_description":"Menrva je etrusk\u00e1 bohyn\u011b moudrosti, \u0159emesel a v\u00e1lky. Religionistick\u00e9 za\u0159azen\u00ed s m\u00fdtem, kultem a prameny.","og_url":"https:\/\/iwell-guard.com\/cs\/menrva-etruska-bohyne-moudrosti-valky\/","og_site_name":"iWell Guard","article_modified_time":"2026-09-03T16:57:08+00:00","og_image":[{"width":1024,"height":1536,"url":"https:\/\/iwell-guard.com\/wp-content\/uploads\/2026\/05\/goetter_etruskisch_menrva.webp","type":"image\/webp"}],"twitter_card":"summary_large_image","schema":{"@context":"https:\/\/schema.org","@graph":[{"@type":"Article","@id":"https:\/\/iwell-guard.com\/cs\/menrva-etruska-bohyne-moudrosti-valky\/#article","isPartOf":{"@id":"https:\/\/iwell-guard.com\/cs\/menrva-etruska-bohyne-moudrosti-valky\/"},"author":{"name":"Ralf Ittermann","@id":"https:\/\/iwell-guard.com\/cs\/#\/schema\/person\/ee2a27f1cac3406c7c6fb5820cb7349f"},"headline":"Menrva &#8211; Etrusk\u00e1 bohyn\u011b moudrosti a v\u00e1lky","datePublished":"2026-09-03T16:30:47+00:00","dateModified":"2026-09-03T16:57:08+00:00","mainEntityOfPage":{"@id":"https:\/\/iwell-guard.com\/cs\/menrva-etruska-bohyne-moudrosti-valky\/"},"publisher":{"@id":"https:\/\/iwell-guard.com\/cs\/#organization"},"image":{"@id":"https:\/\/iwell-guard.com\/cs\/menrva-etruska-bohyne-moudrosti-valky\/#primaryimage"},"thumbnailUrl":"https:\/\/iwell-guard.com\/wp-content\/uploads\/2026\/05\/goetter_etruskisch_menrva.webp","inLanguage":"cs","description":"Menrva je etrusk\u00e1 bohyn\u011b moudrosti, \u0159emesel a v\u00e1lky. Religionistick\u00e9 za\u0159azen\u00ed s m\u00fdtem, kultem a prameny."},{"@type":"WebPage","@id":"https:\/\/iwell-guard.com\/cs\/menrva-etruska-bohyne-moudrosti-valky\/","url":"https:\/\/iwell-guard.com\/cs\/menrva-etruska-bohyne-moudrosti-valky\/","name":"Menrva - Etrusk\u00e1 bohyn\u011b, m\u00fdtus a kult","isPartOf":{"@id":"https:\/\/iwell-guard.com\/cs\/#website"},"primaryImageOfPage":{"@id":"https:\/\/iwell-guard.com\/cs\/menrva-etruska-bohyne-moudrosti-valky\/#primaryimage"},"image":{"@id":"https:\/\/iwell-guard.com\/cs\/menrva-etruska-bohyne-moudrosti-valky\/#primaryimage"},"thumbnailUrl":"https:\/\/iwell-guard.com\/wp-content\/uploads\/2026\/05\/goetter_etruskisch_menrva.webp","datePublished":"2026-09-03T16:30:47+00:00","dateModified":"2026-09-03T16:57:08+00:00","description":"Menrva je etrusk\u00e1 bohyn\u011b moudrosti, \u0159emesel a v\u00e1lky. Religionistick\u00e9 za\u0159azen\u00ed s m\u00fdtem, kultem a prameny.","breadcrumb":{"@id":"https:\/\/iwell-guard.com\/cs\/menrva-etruska-bohyne-moudrosti-valky\/#breadcrumb"},"inLanguage":"cs","potentialAction":[{"@type":"ReadAction","target":["https:\/\/iwell-guard.com\/cs\/menrva-etruska-bohyne-moudrosti-valky\/"]}]},{"@type":"ImageObject","inLanguage":"cs","@id":"https:\/\/iwell-guard.com\/cs\/menrva-etruska-bohyne-moudrosti-valky\/#primaryimage","url":"https:\/\/iwell-guard.com\/wp-content\/uploads\/2026\/05\/goetter_etruskisch_menrva.webp","contentUrl":"https:\/\/iwell-guard.com\/wp-content\/uploads\/2026\/05\/goetter_etruskisch_menrva.webp","width":1024,"height":1536,"caption":"B\u016fh z etrusk\u00e9 tradice."},{"@type":"BreadcrumbList","@id":"https:\/\/iwell-guard.com\/cs\/menrva-etruska-bohyne-moudrosti-valky\/#breadcrumb","itemListElement":[{"@type":"ListItem","position":1,"name":"Start","item":"https:\/\/iwell-guard.com\/cs\/?page_id=145107"},{"@type":"ListItem","position":2,"name":"Menrva &#8211; Etrusk\u00e1 bohyn\u011b moudrosti a v\u00e1lky"}]},{"@type":"WebSite","@id":"https:\/\/iwell-guard.com\/cs\/#website","url":"https:\/\/iwell-guard.com\/cs\/","name":"iWell Guard","description":"Schutz vor dunklen Einfl\u00fcssen","publisher":{"@id":"https:\/\/iwell-guard.com\/cs\/#organization"},"potentialAction":[{"@type":"SearchAction","target":{"@type":"EntryPoint","urlTemplate":"https:\/\/iwell-guard.com\/cs\/?s={search_term_string}"},"query-input":{"@type":"PropertyValueSpecification","valueRequired":true,"valueName":"search_term_string"}}],"inLanguage":"cs"},{"@type":"Organization","@id":"https:\/\/iwell-guard.com\/cs\/#organization","name":"Ittermann electronic GmbH","url":"https:\/\/iwell-guard.com\/cs\/","logo":{"@type":"ImageObject","inLanguage":"cs","@id":"https:\/\/iwell-guard.com\/cs\/#\/schema\/logo\/image\/","url":"https:\/\/iwell-guard.com\/wp-content\/uploads\/2026\/05\/Ittermann-Logo-1182x237-1.png","contentUrl":"https:\/\/iwell-guard.com\/wp-content\/uploads\/2026\/05\/Ittermann-Logo-1182x237-1.png","width":1182,"height":237,"caption":"Ittermann electronic GmbH"},"image":{"@id":"https:\/\/iwell-guard.com\/cs\/#\/schema\/logo\/image\/"},"sameAs":["https:\/\/pantip.com\/profile\/9367242","https:\/\/micro.blog\/iwellguard","https:\/\/www.diggerslist.com\/iwellguard\/about","https:\/\/skitterphoto.com\/photographers\/2870314\/iwell-guard","https:\/\/iwellguard.wordpress.com\/2026\/06\/06\/iwell-guard\/","https:\/\/hub.docker.com\/u\/iwellguard","https:\/\/www.pinterest.com\/iwellguard\/","https:\/\/bit.ly\/m\/iwellguard","https:\/\/entre-vos-mains.alsace.eu\/profiles\/iwellguard\/activity","https:\/\/gravatar.com\/reallybeded8fd34","https:\/\/naijamatta.com\/iwellguard","https:\/\/www.goodreads.com\/iwellguard","https:\/\/profile.hatena.ne.jp\/iwellguard\/","https:\/\/experiment.com\/users\/iwellguard","https:\/\/wakelet.com\/@iWellGuard82270","https:\/\/www.chordie.com\/forum\/profile.php?id=2555664","https:\/\/www.instapaper.com\/p\/17757966","https:\/\/www.mapleprimes.com\/users\/iwellguard","https:\/\/businesslistingplus.com\/profile\/iwell-guard\/","https:\/\/telegra.ph\/iWell-Guard-06-06","https:\/\/pbase.com\/iwellguard\/iwellguard","https:\/\/b.hatena.ne.jp\/iwellguard\/20260607#bookmark-4788405196491818882","https:\/\/fliphtml5.com\/home\/iwellguard","https:\/\/anyflip.com\/homepage\/cmiwl#About","https:\/\/transfur.com\/Users\/iwellguard","http:\/\/delphi.larsbo.org\/user\/iwellguard","https:\/\/jobs.lajobsportal.org\/profiles\/8380803-iwell-guard","https:\/\/md.chaosdorf.de\/s\/jfbe5SBdJD","https:\/\/www.lingvolive.com\/en-us\/profile\/9ecaeaca-ce11-4e51-9e71-01d55e2bff36\/translations","https:\/\/www.fitday.com\/fitness\/forums\/members\/iwellguard.html","https:\/\/www.mymeetbook.com\/iwellguard","https:\/\/pxhere.com\/en\/photographer-me\/5040798","https:\/\/disqus.com\/by\/iwellguard\/about\/","https:\/\/pastelink.net\/hjwciqwq","https:\/\/pubhtml5.com\/homepage\/scjhn\/","https:\/\/www.bitchute.com\/channel\/2O2eOKzNqujT","https:\/\/audiomack.com\/iwellguard"]},{"@type":"Person","@id":"https:\/\/iwell-guard.com\/cs\/#\/schema\/person\/ee2a27f1cac3406c7c6fb5820cb7349f","name":"Ralf Ittermann","image":{"@type":"ImageObject","inLanguage":"cs","@id":"https:\/\/secure.gravatar.com\/avatar\/073c0153e350a5005b68eb752b445fea71f6b24a26da9449ad7e155e6b446c9d?s=96&d=mm&r=g","url":"https:\/\/secure.gravatar.com\/avatar\/073c0153e350a5005b68eb752b445fea71f6b24a26da9449ad7e155e6b446c9d?s=96&d=mm&r=g","contentUrl":"https:\/\/secure.gravatar.com\/avatar\/073c0153e350a5005b68eb752b445fea71f6b24a26da9449ad7e155e6b446c9d?s=96&d=mm&r=g","caption":"Ralf Ittermann"},"givenName":"Ralf","familyName":"Ittermann","jobTitle":"Gesch\u00e4ftsf\u00fchrer und redaktioneller Verantwortlicher","url":"https:\/\/iwell-guard.com\/cs\/author\/claude\/","description":"Ralf Ittermann ist Gesch\u00e4ftsf\u00fchrer der Ittermann electronic GmbH und redaktioneller Verantwortlicher des iWell-Guard-Lexikons. Er verbindet langj\u00e4hrige Erfahrung in der Pr\u00e4zisionsfertigung mit medialer Praxis und religionsgeschichtlicher Quellenarbeit.","worksFor":{"@type":"Organization","name":"Ittermann electronic GmbH","url":"https:\/\/ittermann.de\/","address":{"@type":"PostalAddress","streetAddress":"K\u00f6hlergasse 16-18","postalCode":"99842","addressLocality":"Ruhla","addressCountry":"DE"}},"knowsAbout":["Religionsgeschichte","Mythologie","Mediale Praxis","Energetische Diagnostik","Schutzpraxis","Volksglauben","Westliche Esoterik"]},{"@type":"Article","@id":"https:\/\/iwell-guard.com\/cs\/menrva-etruska-bohyne-moudrosti-valky\/#article","isPartOf":{"@id":"https:\/\/iwell-guard.com\/cs\/menrva-etruska-bohyne-moudrosti-valky\/"},"author":{"name":"Ralf Ittermann","@id":"https:\/\/iwell-guard.com\/cs\/#\/schema\/person\/ee2a27f1cac3406c7c6fb5820cb7349f"},"headline":"Menrva &#8211; Etrusk\u00e1 bohyn\u011b moudrosti a v\u00e1lky","datePublished":"2026-09-03T16:30:47+00:00","dateModified":"2026-09-03T16:57:08+00:00","mainEntityOfPage":{"@id":"https:\/\/iwell-guard.com\/cs\/menrva-etruska-bohyne-moudrosti-valky\/"},"publisher":{"@id":"https:\/\/iwell-guard.com\/cs\/#organization"},"image":{"@id":"https:\/\/iwell-guard.com\/cs\/menrva-etruska-bohyne-moudrosti-valky\/#primaryimage"},"thumbnailUrl":"https:\/\/iwell-guard.com\/wp-content\/uploads\/2026\/05\/goetter_etruskisch_menrva.webp","inLanguage":"cs","description":"Menrva je etrusk\u00e1 bohyn\u011b moudrosti, \u0159emesel a v\u00e1lky. Religionistick\u00e9 za\u0159azen\u00ed s m\u00fdtem, kultem a prameny."}]}},"_links":{"self":[{"href":"https:\/\/iwell-guard.com\/cs\/wp-json\/wp\/v2\/pages\/145478","targetHints":{"allow":["GET"]}}],"collection":[{"href":"https:\/\/iwell-guard.com\/cs\/wp-json\/wp\/v2\/pages"}],"about":[{"href":"https:\/\/iwell-guard.com\/cs\/wp-json\/wp\/v2\/types\/page"}],"author":[{"embeddable":true,"href":"https:\/\/iwell-guard.com\/cs\/wp-json\/wp\/v2\/users\/3"}],"replies":[{"embeddable":true,"href":"https:\/\/iwell-guard.com\/cs\/wp-json\/wp\/v2\/comments?post=145478"}],"version-history":[{"count":0,"href":"https:\/\/iwell-guard.com\/cs\/wp-json\/wp\/v2\/pages\/145478\/revisions"}],"wp:featuredmedia":[{"embeddable":true,"href":"https:\/\/iwell-guard.com\/cs\/wp-json\/wp\/v2\/media\/2817"}],"wp:attachment":[{"href":"https:\/\/iwell-guard.com\/cs\/wp-json\/wp\/v2\/media?parent=145478"}],"wp:term":[{"taxonomy":"category","embeddable":true,"href":"https:\/\/iwell-guard.com\/cs\/wp-json\/wp\/v2\/categories?post=145478"}],"curies":[{"name":"wp","href":"https:\/\/api.w.org\/{rel}","templated":true}]}}