{"id":145460,"date":"2026-09-03T16:30:37","date_gmt":"2026-09-03T16:30:37","guid":{"rendered":"https:\/\/iwell-guard.com\/?page_id=145460"},"modified":"2026-09-03T16:56:36","modified_gmt":"2026-09-03T16:56:36","slug":"wendigo-kanibalsky-duch-lesnich-narodu","status":"publish","type":"page","link":"https:\/\/iwell-guard.com\/cs\/wendigo-kanibalsky-duch-lesnich-narodu\/","title":{"rendered":"Wendigo \u2013 kanibalsk\u00fd duch severoamerick\u00fdch lesn\u00edch n\u00e1rod\u016f"},"content":{"rendered":"\t\t<div data-elementor-type=\"wp-page\" data-elementor-id=\"145460\" class=\"elementor elementor-145460 elementor-2588 elementor-bc-flex-widget\" data-elementor-post-type=\"page\">\n\t\t\t\t<div class=\"elementor-element elementor-element-iwgw-wendigo-hero e-flex e-con-boxed e-con e-parent\" data-id=\"iwgw-wendigo-hero\" data-element_type=\"container\" data-e-type=\"container\" data-settings=\"{&quot;background_background&quot;:&quot;classic&quot;}\">\n\t\t\t\t\t<div class=\"e-con-inner\">\n\t\t<div class=\"elementor-element elementor-element-iwgw-wendigo-hl e-flex e-con-boxed e-con e-child\" data-id=\"iwgw-wendigo-hl\" data-element_type=\"container\" data-e-type=\"container\">\n\t\t\t\t\t<div class=\"e-con-inner\">\n\t\t<div class=\"elementor-element elementor-element-iwgw-wendigo-htxt e-con-full e-flex e-con e-child\" data-id=\"iwgw-wendigo-htxt\" data-element_type=\"container\" data-e-type=\"container\">\n\t\t\t\t<div class=\"elementor-element elementor-element-iwgw-wendigo-h1 elementor-widget elementor-widget-heading\" data-id=\"iwgw-wendigo-h1\" data-element_type=\"widget\" data-e-type=\"widget\" data-widget_type=\"heading.default\">\n\t\t\t\t\t<h1 class=\"elementor-heading-title elementor-size-default\">Wendigo, kanibalsk\u00fd duch a d\u00e9mon chladu severoamerick\u00fdch lesn\u00edch n\u00e1rod\u016f<\/h1>\t\t\t\t<\/div>\n\t\t\t\t<div class=\"elementor-element elementor-element-iwgw-wendigo-lead elementor-widget elementor-widget-text-editor\" data-id=\"iwgw-wendigo-lead\" data-element_type=\"widget\" data-e-type=\"widget\" data-widget_type=\"text-editor.default\">\n\t\t\t\t\t\t\t\t\t<p>Wendigo (algonkinsky <em>Wiindigoo<\/em>, v r\u016fzn\u00fdch jazyc\u00edch tak\u00e9 Witiko, Wetiko, Windigo) je kanibalsk\u00fd duch a d\u00e9mon chladu severoamerick\u00fdch lesn\u00edch n\u00e1rod\u016f, zejm\u00e9na Anishinabe (Od\u017eibwejov\u00e9, Algonkinov\u00e9, Creeov\u00e9). Pat\u0159\u00ed k nejintenzivn\u011bji ob\u00e1van\u00fdm \u0161kodliv\u00fdm duch\u016fm americk\u00e9 n\u00e1bo\u017eensk\u00e9 historie.<\/p>\t\t\t\t\t\t\t\t<\/div>\n\t\t\t\t<\/div>\n\t\t<div class=\"elementor-element elementor-element-iwgw-wendigo-pillc e-con-full e-flex e-con e-child\" data-id=\"iwgw-wendigo-pillc\" data-element_type=\"container\" data-e-type=\"container\">\n\t\t\t\t<div class=\"elementor-element elementor-element-iwgw-wendigo-pills elementor-widget elementor-widget-html\" data-id=\"iwgw-wendigo-pills\" data-element_type=\"widget\" data-e-type=\"widget\" data-widget_type=\"html.default\">\n\t\t\t\t\t<div class=\"iwg-pill-row\"><span class=\"iwg-klasse-badge\" tabindex=\"0\" data-tooltip=\"\u0160kodliv\u00fd duch tradice Native American.\">\u0160kodliv\u00fd duch<\/span><a href=\"https:\/\/iwell-guard.com\/cs\/?page_id=145437\" class=\"iwg-kultur-badge\" tabindex=\"0\" data-tooltip=\"Mytologie tradice Native American.\">Native American<\/a><span class=\"iwg-tradition-badge\" tabindex=\"0\" data-tooltip=\"Kanibalsk\u00fd d\u00e9mon.\">Kanibalsk\u00fd d\u00e9mon<\/span><\/div>\t\t\t\t<\/div>\n\t\t\t\t<\/div>\n\t\t<div class=\"elementor-element elementor-element-iwgw-wendigo-tocc e-con-full e-flex e-con e-child\" data-id=\"iwgw-wendigo-tocc\" data-element_type=\"container\" data-e-type=\"container\">\n\t\t\t\t<div class=\"elementor-element elementor-element-iwgw-wendigo-toc elementor-toc--minimized-on-tablet elementor-widget elementor-widget-table-of-contents\" data-id=\"iwgw-wendigo-toc\" data-element_type=\"widget\" data-e-type=\"widget\" data-settings=\"{&quot;headings_by_tags&quot;:[&quot;h2&quot;,&quot;h3&quot;],&quot;minimize_box&quot;:&quot;yes&quot;,&quot;marker_view&quot;:&quot;bullets&quot;,&quot;no_headings_message&quot;:&quot;Na t\\u00e9to str\\u00e1nce nebyly nalezeny \\u017e\\u00e1dn\\u00e9 nadpisy.&quot;,&quot;exclude_headings_by_selector&quot;:[],&quot;icon&quot;:{&quot;value&quot;:&quot;fas fa-circle&quot;,&quot;library&quot;:&quot;fa-solid&quot;,&quot;rendered_tag&quot;:&quot;&lt;svg class=\\&quot;e-font-icon-svg e-fas-circle\\&quot; viewBox=\\&quot;0 0 512 512\\&quot; xmlns=\\&quot;http:\\\/\\\/www.w3.org\\\/2000\\\/svg\\&quot;&gt;&lt;path d=\\&quot;M256 8C119 8 8 119 8 256s111 248 248 248 248-111 248-248S393 8 256 8z\\&quot;&gt;&lt;\\\/path&gt;&lt;\\\/svg&gt;&quot;},&quot;minimized_on&quot;:&quot;tablet&quot;,&quot;hierarchical_view&quot;:&quot;yes&quot;,&quot;min_height&quot;:{&quot;unit&quot;:&quot;px&quot;,&quot;size&quot;:&quot;&quot;,&quot;sizes&quot;:[]},&quot;min_height_tablet&quot;:{&quot;unit&quot;:&quot;px&quot;,&quot;size&quot;:&quot;&quot;,&quot;sizes&quot;:[]},&quot;min_height_mobile&quot;:{&quot;unit&quot;:&quot;px&quot;,&quot;size&quot;:&quot;&quot;,&quot;sizes&quot;:[]}}\" data-widget_type=\"table-of-contents.default\">\n\t\t\t\t\t\t\t\t\t<div class=\"elementor-toc__header\">\n\t\t\t\t\t\t<h2 class=\"elementor-toc__header-title\">\n\t\t\t\tObsah\t\t\t<\/h2>\n\t\t\t\t\t\t\t\t\t\t<div class=\"elementor-toc__toggle-button elementor-toc__toggle-button--expand\" role=\"button\" tabindex=\"0\" aria-controls=\"elementor-toc__iwgw-wendigo-toc\" aria-expanded=\"true\" aria-label=\"Open table of contents\"><svg aria-hidden=\"true\" class=\"e-font-icon-svg e-fas-chevron-down\" viewBox=\"0 0 448 512\" xmlns=\"http:\/\/www.w3.org\/2000\/svg\"><path d=\"M207.029 381.476L12.686 187.132c-9.373-9.373-9.373-24.569 0-33.941l22.667-22.667c9.357-9.357 24.522-9.375 33.901-.04L224 284.505l154.745-154.021c9.379-9.335 24.544-9.317 33.901.04l22.667 22.667c9.373 9.373 9.373 24.569 0 33.941L240.971 381.476c-9.373 9.372-24.569 9.372-33.942 0z\"><\/path><\/svg><\/div>\n\t\t\t\t<div class=\"elementor-toc__toggle-button elementor-toc__toggle-button--collapse\" role=\"button\" tabindex=\"0\" aria-controls=\"elementor-toc__iwgw-wendigo-toc\" aria-expanded=\"true\" aria-label=\"Close table of contents\"><svg aria-hidden=\"true\" class=\"e-font-icon-svg e-fas-chevron-up\" viewBox=\"0 0 448 512\" xmlns=\"http:\/\/www.w3.org\/2000\/svg\"><path d=\"M240.971 130.524l194.343 194.343c9.373 9.373 9.373 24.569 0 33.941l-22.667 22.667c-9.357 9.357-24.522 9.375-33.901.04L224 227.495 69.255 381.516c-9.379 9.335-24.544 9.317-33.901-.04l-22.667-22.667c-9.373-9.373-9.373-24.569 0-33.941L207.03 130.525c9.372-9.373 24.568-9.373 33.941-.001z\"><\/path><\/svg><\/div>\n\t\t\t\t\t<\/div>\n\t\t\t\t<div id=\"elementor-toc__iwgw-wendigo-toc\" class=\"elementor-toc__body\">\n\t\t\t<div class=\"elementor-toc__spinner-container\">\n\t\t\t\t<svg class=\"elementor-toc__spinner eicon-animation-spin e-font-icon-svg e-eicon-loading\" aria-hidden=\"true\" viewBox=\"0 0 1000 1000\" xmlns=\"http:\/\/www.w3.org\/2000\/svg\"><path d=\"M500 975V858C696 858 858 696 858 500S696 142 500 142 142 304 142 500H25C25 237 238 25 500 25S975 237 975 500 763 975 500 975Z\"><\/path><\/svg>\t\t\t<\/div>\n\t\t<\/div>\n\t\t\t\t\t\t<\/div>\n\t\t\t\t<\/div>\n\t\t\t\t\t<\/div>\n\t\t\t\t<\/div>\n\t\t<div class=\"elementor-element elementor-element-iwgw-wendigo-hr e-con-full e-flex e-con e-child\" data-id=\"iwgw-wendigo-hr\" data-element_type=\"container\" data-e-type=\"container\">\n\t\t\t\t<div class=\"elementor-element elementor-element-iwgw-wendigo-heroimg iwg-hero-image elementor-widget elementor-widget-image\" data-id=\"iwgw-wendigo-heroimg\" data-element_type=\"widget\" data-e-type=\"widget\" data-widget_type=\"image.default\">\n\t\t\t\t\t\t\t\t\t\t\t\t\t\t\t<img fetchpriority=\"high\" decoding=\"async\" width=\"683\" height=\"1024\" src=\"https:\/\/iwell-guard.com\/wp-content\/uploads\/2026\/05\/geister_native-american_wendigo-683x1024.webp\" class=\"attachment-large size-large wp-image-147377\" alt=\"Wendigo \u2013 duchov\u00e9 z tradice severoamerick\u00fdch indi\u00e1n\u016f, historicko-ilustrativn\u00ed zobrazen\u00ed\" srcset=\"https:\/\/iwell-guard.com\/wp-content\/uploads\/2026\/05\/geister_native-american_wendigo-683x1024.webp 683w, https:\/\/iwell-guard.com\/wp-content\/uploads\/2026\/05\/geister_native-american_wendigo-200x300.webp 200w, https:\/\/iwell-guard.com\/wp-content\/uploads\/2026\/05\/geister_native-american_wendigo-768x1152.webp 768w, https:\/\/iwell-guard.com\/wp-content\/uploads\/2026\/05\/geister_native-american_wendigo.webp 1024w\" sizes=\"(max-width: 683px) 100vw, 683px\" \/>\t\t\t\t\t\t\t\t\t\t\t\t\t\t\t<\/div>\n\t\t\t\t<\/div>\n\t\t\t\t\t<\/div>\n\t\t\t\t<\/div>\n\t\t\t\t<section class=\"elementor-section elementor-top-section elementor-element elementor-element-sec-iwgcomp-wendigo elementor-section-boxed elementor-section-height-default elementor-section-height-default\" data-id=\"sec-iwgcomp-wendigo\" data-element_type=\"section\" data-e-type=\"section\">\n\t\t\t\t\t\t<div class=\"elementor-container elementor-column-gap-default\">\n\t\t\t\t\t<div class=\"elementor-column elementor-col-100 elementor-top-column elementor-element elementor-element-col-iwgcomp-wendigo\" data-id=\"col-iwgcomp-wendigo\" data-element_type=\"column\" data-e-type=\"column\">\n\t\t\t<div class=\"elementor-widget-wrap elementor-element-populated\">\n\t\t\t\t\t\t<div class=\"elementor-element elementor-element-iwgcomp-wendigo elementor-widget elementor-widget-text-editor\" data-id=\"iwgcomp-wendigo\" data-element_type=\"widget\" data-e-type=\"widget\" data-widget_type=\"text-editor.default\">\n\t\t\t\t\t\t\t\t\t<p>Wendigo je jako <strong>algonkinsk\u00fd kanibalsk\u00fd duch<\/strong> \u00fast\u0159edn\u00ed zt\u011blesn\u011bn\u00ed hladu, zimn\u00ed hrozby a kulturn\u00edho tabu v vypr\u00e1v\u011bn\u00edch mluv\u010d\u00edch severoamerick\u00fdch algonkinsk\u00fdch jazyk\u016f.<\/p>\t\t\t\t\t\t\t\t<\/div>\n\t\t\t\t\t<\/div>\n\t\t<\/div>\n\t\t\t\t\t<\/div>\n\t\t<\/section>\n\t\t<div class=\"elementor-element elementor-element-iwgw-wendigo-s0 e-flex e-con-boxed e-con e-parent\" data-id=\"iwgw-wendigo-s0\" data-element_type=\"container\" data-e-type=\"container\">\n\t\t\t\t\t<div class=\"e-con-inner\">\n\t\t\t\t<div class=\"elementor-element elementor-element-iwgw-wendigo-s0h elementor-widget elementor-widget-heading\" data-id=\"iwgw-wendigo-s0h\" data-element_type=\"widget\" data-e-type=\"widget\" data-widget_type=\"heading.default\">\n\t\t\t\t\t<h2 class=\"elementor-heading-title elementor-size-default\">Za\u0159azen\u00ed v algonkinsk\u00e9m n\u00e1bo\u017eenstv\u00ed<\/h2>\t\t\t\t<\/div>\n\t\t<div class=\"elementor-element elementor-element-iwgw-wendigo-s0c e-con-full e-flex e-con e-child\" data-id=\"iwgw-wendigo-s0c\" data-element_type=\"container\" data-e-type=\"container\">\n\t\t\t\t<div class=\"elementor-element elementor-element-iwgw-wendigo-s0t elementor-widget elementor-widget-text-editor\" data-id=\"iwgw-wendigo-s0t\" data-element_type=\"widget\" data-e-type=\"widget\" data-widget_type=\"text-editor.default\">\n\t\t\t\t\t\t\t\t\t<p>Wendigo pat\u0159\u00ed ke \u0161kodliv\u00fdm duch\u016fm v <span class=\"iwg-fachbegriff\" data-tooltip=\"Souhrn boh\u016f n\u00e1bo\u017eenstv\u00ed nebo kultury.\" tabindex=\"0\">panteonu<\/span> algonkinsky mluv\u00edc\u00edch n\u00e1rod\u016f severoamerick\u00e9 lesn\u00ed oblasti, Anishinabe (Od\u017eibwejov\u00e9, \u010cipevejov\u00e9, Algonkinov\u00e9), Cree\u016f, Innu\u016f, Naskapi\u016f.<\/p><p>Geograficky sah\u00e1 oblast v\u00fdskytu wendigo-vypr\u00e1v\u011bn\u00ed od Velk\u00fdch jezer na jihu a\u017e po Labradorsk\u00fd poloostrov na severu a od atlantick\u00e9ho pob\u0159e\u017e\u00ed na v\u00fdchod\u011b a\u017e po Skalnat\u00e9 hory na z\u00e1pad\u011b. Wendigo je tak panalgonkinskou tradic\u00ed, kter\u00e1 se \u0161\u00ed\u0159\u00ed p\u0159es jazykov\u00e9 a kmenov\u00e9 hranice s pozoruhodnou konzistenc\u00ed.<\/p><p>Z religionistick\u00e9ho hlediska pat\u0159\u00ed Wendigo ke t\u0159\u00edd\u011b <em>kanibalsk\u00fdch duch\u016f<\/em>, bytost\u00ed, kter\u00e9 vznikaj\u00ed poj\u00edd\u00e1n\u00edm lidsk\u00e9ho masa nebo kter\u00e9 samy poj\u00eddaj\u00ed lidi. Strukturn\u011b srovnateln\u00e9 jsou australsko-domorod\u00e9 bytosti Kurdaitcha, slovansko-jihoevropsk\u00e9 up\u00ed\u0159\u00ed bytosti, japonsk\u00e9 Onibaba a s velk\u00fdmi kulturn\u00edmi odli\u0161nostmi karibsk\u00e9 bytosti Soucouyant.<\/p><p>Specifick\u00e1 algonkinsk\u00e1 koncepce wendiga v\u0161ak spojuje kanibalsk\u00fd <span class=\"iwg-fachbegriff\" data-tooltip=\"Opakuj\u00edc\u00ed se obsahov\u00fd prvek v um\u011bn\u00ed nebo vypr\u00e1v\u011bn\u00ed.\" tabindex=\"0\">motiv<\/span> s motivem chladu <span class=\"iwg-fachbegriff\" data-tooltip=\"Opakuj\u00edc\u00ed se obsahov\u00fd prvek v um\u011bn\u00ed nebo vypr\u00e1v\u011bn\u00ed.\" tabindex=\"0\">motivem<\/span>: Wendigo nen\u00ed jen lido\u017erout, ale i zosobn\u011bn\u00fd chlad a hlad.<\/p><p>Nejstar\u0161\u00ed evropsk\u00e9 z\u00e1pisy o wendigovi poch\u00e1zej\u00ed ze zpr\u00e1v francouzsk\u00fdch jezuitsk\u00fdch mision\u00e1\u0159\u016f z prvn\u00ed poloviny 17. stolet\u00ed. Paul LeJeune se o t\u00e9to bytosti zmi\u0148uje roku 1636 ve sv\u00fdch <em>Relations<\/em>; pozd\u011bj\u0161\u00ed jezuit\u00e9 poskytli podrobn\u011bj\u0161\u00ed popisy.<\/p><p><span data-nosnippet>Modern\u00ed etnografick\u00e9 studium je ovlivn\u011bno zejm\u00e9na pracemi Diamonda Jenesse (<em>The Ojibwa Indians<\/em>, 1935), Ruth Landesov\u00e9 (<em>Ojibwa Religion and the Midewiwin<\/em>, 1968) a Basila Johnstona (<em>The Manitous<\/em>, 1995).<\/span><\/p><p>Pozoruhodn\u00fdm zji\u0161t\u011bn\u00edm je, \u017ee tradice wendiga i p\u0159es sv\u00e9 geografick\u00e9 roz\u0161\u00ed\u0159en\u00ed vykazuje v detailech zna\u010dnou region\u00e1ln\u00ed variabilitu. U severn\u011bji \u017eij\u00edc\u00edch Cree\u016f a Innu\u016f je ledov\u00e1 slo\u017eka zvl\u00e1\u0161\u0165 siln\u011b vyj\u00e1d\u0159ena, proto\u017ee zimy jsou tam nejtvrd\u0161\u00ed.<\/p><p>U ji\u017en\u011bj\u0161\u00edch Anishinabe v oblasti Velk\u00fdch jezer vystupuje v\u00edce do pop\u0159ed\u00ed soci\u00e1ln\u00ed slo\u017eka: Wendigo je zde m\u00e9n\u011b zosobn\u011bn\u00fdm chladem, v\u00edce zosobn\u011bnou chamtivost\u00ed ni\u010d\u00edc\u00ed spole\u010denstv\u00ed. Tuto region\u00e1ln\u00ed diferenciaci popsala kanadsk\u00e1 antropolo\u017eka Heather Howardov\u00e1 v d\u00edle <em>Aboriginal Peoples in Canadian Cities<\/em> (2011) jako p\u0159\u00edklad kulturn\u011bhistorick\u00e9 rozmanitosti domorod\u00e9ho n\u00e1bo\u017eenstv\u00ed uvnit\u0159 zd\u00e1nliv\u011b jednotn\u00e9 tradice.<\/p>\t\t\t\t\t\t\t\t<\/div>\n\t\t\t\t<\/div>\n\t\t\t\t\t<\/div>\n\t\t\t\t<\/div>\n\t\t<div class=\"elementor-element elementor-element-iwgw-wendigo-s1 e-flex e-con-boxed e-con e-parent\" data-id=\"iwgw-wendigo-s1\" data-element_type=\"container\" data-e-type=\"container\">\n\t\t\t\t\t<div class=\"e-con-inner\">\n\t\t\t\t<div class=\"elementor-element elementor-element-iwgw-wendigo-s1h elementor-widget elementor-widget-heading\" data-id=\"iwgw-wendigo-s1h\" data-element_type=\"widget\" data-e-type=\"widget\" data-widget_type=\"heading.default\">\n\t\t\t\t\t<h2 class=\"elementor-heading-title elementor-size-default\">Jm\u00e9no a etymologie<\/h2>\t\t\t\t<\/div>\n\t\t<div class=\"elementor-element elementor-element-iwgw-wendigo-s1c e-con-full e-flex e-con e-child\" data-id=\"iwgw-wendigo-s1c\" data-element_type=\"container\" data-e-type=\"container\">\n\t\t\t\t<div class=\"elementor-element elementor-element-iwgw-wendigo-s1t elementor-widget elementor-widget-text-editor\" data-id=\"iwgw-wendigo-s1t\" data-element_type=\"widget\" data-e-type=\"widget\" data-widget_type=\"text-editor.default\">\n\t\t\t\t\t\t\t\t\t<p>Algonkinsk\u00fd n\u00e1zev se li\u0161\u00ed podle jazyka. V od\u017eibwej\u0161tin\u011b se bytost jmenuje <em>Wiindigoo<\/em> nebo <em>Windigo<\/em>; v kr\u00edj\u0161tin\u011b <em>Witiko<\/em> nebo <em>Wetiko<\/em>; v innu\u0161tin\u011b <em>Atshen<\/em>; ve francouzsko-kanadsk\u00e9 voyageursk\u00e9 tradici (pozoruhodn\u00e9 p\u0159ejet\u00ed domorod\u00e9 tradice neindi\u00e1nsk\u00fdmi obchodn\u00edky s ko\u017ee\u0161inami) <em>Wendigo<\/em>. Standardn\u00ed anglick\u00fd p\u0159epis <em>Wendigo<\/em> se roz\u0161\u00ed\u0159il a\u017e v 19. stolet\u00ed.<\/p><p>Etymologie nen\u00ed jednozna\u010dn\u011b vysv\u011btlena. Kanadsk\u00fd lingvista Rand Valentine navrhuje odvodit <em>wiindigoo<\/em> z ko\u0159ene <em>wiind-<\/em> (zl\u00fd, \u0161kod\u00edc\u00ed) a bytostn\u00e9ho sufixu <em>-igoo<\/em>, tak\u017ee by Wiindigoo znamenal doslova <em>Ten zl\u00fd<\/em>. Alternativn\u00ed etymologie spojuje ko\u0159en s v\u00fdznamem <em>poj\u00eddat<\/em>, z \u010deho\u017e by vzniklo <em>Ten poj\u00eddaj\u00edc\u00ed<\/em>.<\/p><p>Zaj\u00edmav\u00e1 je jazykov\u00e1 funkce slova <em>wiindigoo<\/em>: V od\u017eibwej\u0161tin\u011b se pou\u017e\u00edv\u00e1 nejen jako podstatn\u00e9 jm\u00e9no (bytost Wendigo), ale i jako sloveso (<em>wiindigowin<\/em>, p\u0159em\u011bnit se ve wendiga) a jako p\u0159\u00eddavn\u00e9 jm\u00e9no (chov\u00e1n\u00ed podobn\u00e9 wendigovi). Tato flexibiln\u00ed gramatick\u00e1 funkce ukazuje \u00fast\u0159edn\u00ed postaven\u00ed tohoto konceptu v algonkinsk\u00e9m my\u0161len\u00ed.<\/p>\t\t\t\t\t\t\t\t<\/div>\n\t\t\t\t<\/div>\n\t\t\t\t\t<\/div>\n\t\t\t\t<\/div>\n\t\t<div class=\"elementor-element elementor-element-iwgw-wendigo-s2 e-flex e-con-boxed e-con e-parent\" data-id=\"iwgw-wendigo-s2\" data-element_type=\"container\" data-e-type=\"container\">\n\t\t\t\t\t<div class=\"e-con-inner\">\n\t\t\t\t<div class=\"elementor-element elementor-element-iwgw-wendigo-s2h elementor-widget elementor-widget-heading\" data-id=\"iwgw-wendigo-s2h\" data-element_type=\"widget\" data-e-type=\"widget\" data-widget_type=\"heading.default\">\n\t\t\t\t\t<h2 class=\"elementor-heading-title elementor-size-default\">Popis a ikonografie<\/h2>\t\t\t\t<\/div>\n\t\t<div class=\"elementor-element elementor-element-iwgw-wendigo-s2c e-con-full e-flex e-con e-child\" data-id=\"iwgw-wendigo-s2c\" data-element_type=\"container\" data-e-type=\"container\">\n\t\t\t\t<div class=\"elementor-element elementor-element-iwgw-wendigo-s2t elementor-widget elementor-widget-text-editor\" data-id=\"iwgw-wendigo-s2t\" data-element_type=\"widget\" data-e-type=\"widget\" data-widget_type=\"text-editor.default\">\n\t\t\t\t\t\t\t\t\t<p>V tradi\u010dn\u00edch algonkinsk\u00fdch vypr\u00e1v\u011bn\u00edch je Wendigo popisov\u00e1n jako velk\u00e1, vyz\u00e1bl\u00e1, vyhubl\u00e1 postava. Jeho t\u011blo je vychrtl\u00e9 a pokryt\u00e9 k\u016f\u017e\u00ed napjatou na kostech; jeho tlama je vybavena dlouh\u00fdmi ostr\u00fdmi zuby, dech je ledov\u011b chladn\u00fd a p\u00e1chne rozkladem.<\/p><p>N\u011bkdy je zobrazov\u00e1n jako vy\u0161\u0161\u00ed varianta lidsk\u00e9ho t\u011bla, n\u011bkolik metr\u016f vysok\u00fd, jindy jako zdeformovan\u00e1, vysu\u0161en\u00e1 postava s ledovou k\u016f\u017e\u00ed.<\/p><p>Charakteristick\u00e1 je jeho spojitost s ledem: Wendigo je \u010dasto popisov\u00e1n jako bytost <em>tvo\u0159en\u00e1 ledem<\/em> nebo <em>protkan\u00e1 ledem<\/em>. Jeho dech m\u00e1 vytv\u00e1\u0159et mrazivou mlhu; kam vejde, tam vzduch mrzne. Tato ledov\u00e1 slo\u017eka jej spojuje s tvrdou kanadskou zimn\u00ed tradic\u00ed a d\u011bl\u00e1 z n\u011bj zosobn\u011bn\u00e9 vn\u00edm\u00e1n\u00ed zimn\u00edho nebezpe\u010d\u00ed.<\/p><p>V modern\u00ed popul\u00e1rn\u00ed ikonografii, zejm\u00e9na d\u00edky \u0161\u00ed\u0159en\u00ed motivu wendiga v hororov\u00fdch filmech a fantasy literatu\u0159e od 80. let 20. stolet\u00ed, vznikla vlastn\u00ed obrazov\u00e1 tradice, kter\u00e1 wendiga vybavuje jelen\u00edmi parohy, zv\u00ed\u0159ec\u00ed hlavou a nadp\u0159irozen\u00fdmi proporcemi. Tato obrazov\u00e1 tradice ov\u0161em nen\u00ed algonkinskou tradic\u00ed, n\u00fdbr\u017e sou\u010dasn\u00fdm popkulturn\u00edm p\u0159ejet\u00edm, kter\u00e9 je v domorod\u00e9 diskusi \u010dasto kritizov\u00e1no.<\/p>\t\t\t\t\t\t\t\t<\/div>\n\t\t\t\t<\/div>\n\t\t\t\t\t<\/div>\n\t\t\t\t<\/div>\n\t\t<div class=\"elementor-element elementor-element-iwgw-wendigo-s3 e-flex e-con-boxed e-con e-parent\" data-id=\"iwgw-wendigo-s3\" data-element_type=\"container\" data-e-type=\"container\">\n\t\t\t\t\t<div class=\"e-con-inner\">\n\t\t\t\t<div class=\"elementor-element elementor-element-iwgw-wendigo-s3h elementor-widget elementor-widget-heading\" data-id=\"iwgw-wendigo-s3h\" data-element_type=\"widget\" data-e-type=\"widget\" data-widget_type=\"heading.default\">\n\t\t\t\t\t<h2 class=\"elementor-heading-title elementor-size-default\">Mytologick\u00e1 vypr\u00e1v\u011bn\u00ed<\/h2>\t\t\t\t<\/div>\n\t\t<div class=\"elementor-element elementor-element-iwgw-wendigo-s3c e-con-full e-flex e-con e-child\" data-id=\"iwgw-wendigo-s3c\" data-element_type=\"container\" data-e-type=\"container\">\n\t\t\t\t<div class=\"elementor-element elementor-element-iwgw-wendigo-s3t elementor-widget elementor-widget-text-editor\" data-id=\"iwgw-wendigo-s3t\" data-element_type=\"widget\" data-e-type=\"widget\" data-widget_type=\"text-editor.default\">\n\t\t\t\t\t\t\t\t\t<p>Mytologick\u00e1 <span class=\"iwg-fachbegriff\" data-tooltip=\"P\u0159ed\u00e1v\u00e1n\u00ed znalost\u00ed a vypr\u00e1v\u011bn\u00ed nap\u0159\u00ed\u010d generacemi.\" tabindex=\"0\">tradice<\/span> o Wendigovi je rozs\u00e1hl\u00e1 a dochovala se v mnoha verz\u00edch. Jedna \u00fast\u0159edn\u00ed skupina vypr\u00e1v\u011bn\u00ed popisuje, jak se \u010dlov\u011bk stane Wendigem t\u00edm, \u017ee poj\u00edd\u00e1 lidsk\u00e9 maso.<\/p><p>Tento proces je podle p\u0159edstav Algonkin\u016f nezvratn\u00fd: kdo jednou jedl lidsk\u00e9 maso (nap\u0159\u00edklad v extr\u00e9mn\u00ed nouzi severokanadsk\u00e9 zimy), vyvine v sob\u011b neukojiteln\u00fd hlad po dal\u0161\u00edm a stane se kanibalsk\u00fdm duchem.<\/p><p>Druh\u00e1 skupina vypr\u00e1v\u011bn\u00ed popisuje <em>sen o Wendigovi<\/em>: mlad\u00fd mu\u017e nebo mlad\u00e1 \u017eena opakovan\u011b sn\u00ed, \u017ee se st\u00e1v\u00e1 Wendigem. Tento snov\u00fd jev je ch\u00e1p\u00e1n jako z\u00e1va\u017en\u00e1 duchovn\u00ed krize, kter\u00e1 vy\u017eaduje ritu\u00e1ln\u00ed z\u00e1sah.<\/p><p>Pokud se sny nepoda\u0159\u00ed zvl\u00e1dnout, m\u016f\u017ee sn\u00edc\u00ed skute\u010dn\u011b sklouznout do byt\u00ed Wendiga, co\u017e je du\u0161evn\u00ed onemocn\u011bn\u00ed popisovan\u00e9 v etnopsychiatrick\u00e9 literatu\u0159e jako <em>Wendigo-psych\u00f3za<\/em> nebo <em>Wiindigoo Syndrome<\/em>.<\/p><p>T\u0159et\u00ed skupina vypr\u00e1v\u011bn\u00ed se t\u00fdk\u00e1 setk\u00e1n\u00ed s Wendigem v divo\u010din\u011b. Mlad\u00ed lovci, kte\u0159\u00ed lov\u00ed p\u0159\u00edli\u0161 daleko od hlavn\u00ed skupiny, mohou Wendigovi potkat, nej\u010dast\u011bji po setm\u011bn\u00ed, \u010dasto v zimn\u00edch m\u011bs\u00edc\u00edch bohat\u00fdch na sn\u00edh.<\/p><p>Setk\u00e1n\u00ed b\u00fdv\u00e1 zpravidla smrteln\u00e9; jen m\u00e1lokdo o n\u011bm v\u016fbec pod\u00e1 zpr\u00e1vu, a v takov\u00fdch p\u0159\u00edpadech mus\u00ed b\u00fdt dan\u00e1 osoba okam\u017eit\u011b podrobena n\u00e1ro\u010dn\u00e9 \u010dist\u00edc\u00ed <span class=\"iwg-fachbegriff\" data-tooltip=\"Slavnostn\u00ed \u00fakon prob\u00edhaj\u00edc\u00ed podle pevn\u00fdch pravidel.\" tabindex=\"0\">ceremonii<\/span>, aby se sama nestala Wendigem.<\/p><p>\u010ctvrt\u00e1 d\u016fle\u017eit\u00e1 skupina vypr\u00e1v\u011bn\u00ed se t\u00fdk\u00e1 <em>Wendigo-rodiny<\/em>: v n\u011bkter\u00fdch tradic\u00edch vystupuje Wendigo v r\u00e1mci rodiny, s Wendigo-man\u017eelkou, Wendigo-d\u011btmi a Wendigo-\u0161irokou rodinou.<\/p><p>Tato soci\u00e1ln\u00ed forma Wendiga ukazuje, \u017ee se nejedn\u00e1 o osamocenou stra\u0161idelnou postavu, ale o vlastn\u00ed spole\u010densk\u00fd anti-sv\u011bt, kter\u00fd by m\u011bl v\u00e9st paraleln\u00ed existenci v odlehl\u00fdch divo\u010din\u00e1ch severn\u00ed Kanady a oblasti Velk\u00fdch jezer.<\/p><p>Tento soci\u00e1ln\u00ed sv\u011bt Wendig\u016f se ve vypr\u00e1v\u011bn\u00edch jev\u00ed jako groteskn\u00edmu zrcadlu lidsk\u00e9 spole\u010dnosti, s podobn\u00fdmi strukturami, av\u0161ak d\u016fsledn\u011b kanibalsk\u00fdmi a zka\u017een\u00fdmi.<\/p>\t\t\t\t\t\t\t\t<\/div>\n\t\t\t\t<\/div>\n\t\t\t\t\t<\/div>\n\t\t\t\t<\/div>\n\t\t<div class=\"elementor-element elementor-element-iwgw-wendigo-s4 e-flex e-con-boxed e-con e-parent\" data-id=\"iwgw-wendigo-s4\" data-element_type=\"container\" data-e-type=\"container\">\n\t\t\t\t\t<div class=\"e-con-inner\">\n\t\t\t\t<div class=\"elementor-element elementor-element-iwgw-wendigo-s4h elementor-widget elementor-widget-heading\" data-id=\"iwgw-wendigo-s4h\" data-element_type=\"widget\" data-e-type=\"widget\" data-widget_type=\"heading.default\">\n\t\t\t\t\t<h2 class=\"elementor-heading-title elementor-size-default\">Wendigo-psych\u00f3za a etnopsychiatrick\u00e1 diskuze<\/h2>\t\t\t\t<\/div>\n\t\t<div class=\"elementor-element elementor-element-iwgw-wendigo-s4c e-con-full e-flex e-con e-child\" data-id=\"iwgw-wendigo-s4c\" data-element_type=\"container\" data-e-type=\"container\">\n\t\t\t\t<div class=\"elementor-element elementor-element-iwgw-wendigo-s4t elementor-widget elementor-widget-text-editor\" data-id=\"iwgw-wendigo-s4t\" data-element_type=\"widget\" data-e-type=\"widget\" data-widget_type=\"text-editor.default\">\n\t\t\t\t\t\t\t\t\t<p>V etnopsychiatrick\u00e9 literatu\u0159e je takzvan\u00e1 <em>Wendigo-psych\u00f3za<\/em> nebo <em>Wiindigoo Syndrome<\/em> hojn\u011b diskutovan\u00fdm konceptem. Popisuje klinick\u00fd obraz, v n\u011bm\u017e \u010dlov\u011bk v\u011b\u0159\u00ed, \u017ee se m\u011bn\u00ed ve Wendiga, s neukojiteln\u00fdm hladem po lidsk\u00e9m mase, s p\u0159edpov\u011bdmi sv\u00fdch budouc\u00edch kanibalsk\u00fdch \u010din\u016f a v n\u011bkter\u00fdch p\u0159\u00edpadech se skute\u010dn\u00fdm kanibalsk\u00fdm chov\u00e1n\u00edm.<\/p><p><span data-nosnippet>Psychiatrick\u00fd status Wendigo-psych\u00f3zy je sporn\u00fd. Star\u0161\u00ed etnopsychiatrick\u00e1 literatura (Morton Teicher, <em>Windigo Psychosis<\/em>, 1960) za\u0159adila tuto diagn\u00f3zu jako kulturn\u011b specifick\u00fd psychiatrick\u00fd syndrom.<\/span><\/p><p><span data-nosnippet>Nov\u011bj\u0161\u00ed kritick\u00e9 studie, zejm\u00e9na pr\u00e1ce Loua Marana (<em>Windigo Psychosis: The Anatomy of an Emic-Etic Confusion<\/em>, 1982), tuto diagn\u00f3zu odm\u00edtly jako etnografick\u00fd konstrukt, kter\u00fd zast\u00edr\u00e1 skute\u010dn\u00e9 soci\u00e1ln\u011b-ekonomick\u00e9 reality severokanadsk\u00e9ho zimn\u00edho hladu.<\/span><\/p><p>Religionistick\u00fd pohled je takov\u00fd, \u017ee tradice Wendiga je prim\u00e1rn\u011b kulturn\u00edm zpracov\u00e1n\u00edm existen\u010dn\u00ed nouze severokanadsk\u00e9 zimy.<\/p><p>V extr\u00e9mn\u00edch podm\u00ednk\u00e1ch, kdy se izolovan\u00e9 loveck\u00e9 rodiny musely t\u00fddny nebo m\u011bs\u00edce protloukat bez z\u00e1sob, byl kanibalismus re\u00e1lnou hrozbou, kter\u00e1 byla ch\u00e1p\u00e1na nejen jako fyzick\u00fd, ale i jako n\u00e1bo\u017eensko-duchovn\u00ed probl\u00e9m. Wendigo je personifikovan\u00fdm zt\u011blesn\u011bn\u00edm t\u00e9to hrozby a z\u00e1rove\u0148 ritu\u00e1ln\u011b-praktickou formou jej\u00edho odvr\u00e1cen\u00ed.<\/p>\t\t\t\t\t\t\t\t<\/div>\n\t\t\t\t<\/div>\n\t\t\t\t\t<\/div>\n\t\t\t\t<\/div>\n\t\t<div class=\"elementor-element elementor-element-iwgw-wendigo-s5 e-flex e-con-boxed e-con e-parent\" data-id=\"iwgw-wendigo-s5\" data-element_type=\"container\" data-e-type=\"container\">\n\t\t\t\t\t<div class=\"e-con-inner\">\n\t\t\t\t<div class=\"elementor-element elementor-element-iwgw-wendigo-s5h elementor-widget elementor-widget-heading\" data-id=\"iwgw-wendigo-s5h\" data-element_type=\"widget\" data-e-type=\"widget\" data-widget_type=\"heading.default\">\n\t\t\t\t\t<h2 class=\"elementor-heading-title elementor-size-default\">Ochrann\u00e1 praxe a apotropaick\u00e9 p\u016fsoben\u00ed<\/h2>\t\t\t\t<\/div>\n\t\t<div class=\"elementor-element elementor-element-iwgw-wendigo-s5c e-con-full e-flex e-con e-child\" data-id=\"iwgw-wendigo-s5c\" data-element_type=\"container\" data-e-type=\"container\">\n\t\t\t\t<div class=\"elementor-element elementor-element-iwgw-wendigo-s5t elementor-widget elementor-widget-text-editor\" data-id=\"iwgw-wendigo-s5t\" data-element_type=\"widget\" data-e-type=\"widget\" data-widget_type=\"text-editor.default\">\n\t\t\t\t\t\t\t\t\t<p>Ochrann\u00e1 praxe proti Wendigovi tvo\u0159\u00ed d\u016fle\u017eitou oblast n\u00e1bo\u017eenstv\u00ed Algonkin\u016f. Soust\u0159ed\u00ed se na \u010dty\u0159i oblasti: vyh\u00fdb\u00e1n\u00ed se kanibalismu (i v extr\u00e9mn\u00ed nouzi), o\u010di\u0161t\u011bn\u00ed po mo\u017en\u00e9 kontaminaci Wendigem, rozpozn\u00e1n\u00ed p\u0159\u00edznak\u016f Wendiga u sebe \u010di u druh\u00fdch a ritu\u00e1ln\u00ed zabit\u00ed potvrzen\u00e9ho Wendiga.<\/p><p>Konkr\u00e9tn\u00ed ochrann\u00e9 praktiky zahrnuj\u00ed p\u00e1len\u00ed tab\u00e1ku ve \u010dty\u0159ech sv\u011btov\u00fdch stran\u00e1ch p\u0159ed ka\u017edou del\u0161\u00ed expedic\u00ed do divo\u010diny, roz\u0161i\u0159ov\u00e1n\u00ed bizon\u00ed <span class=\"iwg-fachbegriff\" data-tooltip=\"P\u0159ed\u00e1van\u00fd vypr\u00e1v\u011bn\u00fd p\u0159\u00edb\u011bh s \u010dasto historick\u00fdm j\u00e1drem a nadp\u0159irozen\u00fdmi rysy.\" tabindex=\"0\">pov\u011bsti<\/span> a santalov\u00e9 tr\u00e1vy v t\u00e1borov\u00e9 oblasti, ritu\u00e1ln\u00ed pit\u00ed tuku k pos\u00edlen\u00ed vnit\u0159n\u00edho tepla (konkr\u00e9tn\u00ed antikanibalsk\u00e1 praktika) a no\u0161en\u00ed mal\u00fdch ochrann\u00fdch amulet\u016f z kost\u00ed nebo kamene, ud\u011blen\u00fdch ve vid\u011bn\u00ed.<\/p><p>Zvl\u00e1\u0161t\u011b p\u016fsobivou ochrannou praktikou je ritu\u00e1ln\u00ed zabit\u00ed potvrzen\u00e9ho Wendiga. Pokud se \u010dlov\u011bk definitivn\u011b p\u0159em\u011bnil ve Wendiga, obvykle pozn\u00e1n podle sv\u00e9ho chov\u00e1n\u00ed, sv\u00fdch p\u0159edpov\u011bd\u00ed nebo sv\u00fdch kanibalsk\u00fdch \u010din\u016f, musel b\u00fdt podle tradice Algonkin\u016f <span class=\"iwg-fachbegriff\" data-tooltip=\"N\u00e1le\u017eej\u00edc\u00ed k pevn\u011b stanoven\u00e9mu n\u00e1bo\u017eensk\u00e9mu postupu.\" tabindex=\"0\">ritu\u00e1ln\u011b<\/span> zabit.<\/p><p>Toto zabit\u00ed bylo kolektivn\u011b rozhodnuto a provedeno spole\u010denstv\u00edm; t\u011blo pak musela b\u00fdt sp\u00e1lena ohn\u011bm a srdce probodnuto \u017eelezem nebo kamenem, aby se zabr\u00e1nilo n\u00e1vratu. Tato praxe byla v n\u011bkolika historick\u00fdch p\u0159\u00edpadech zdokumentov\u00e1na kanadsk\u00fdmi \u00fa\u0159ady, co\u017e vedlo ke komplikovan\u00fdm koloni\u00e1ln\u011b-pr\u00e1vn\u00edm spor\u016fm.<\/p><p>Uvnit\u0159 n\u00e1bo\u017eenstv\u00ed Anishinabe-Mide (Midewiwin, institucionalizovan\u00e1 svat\u00e1 spole\u010dnost Ojibw\u016f) existuj\u00ed specifick\u00e9 ritu\u00e1ln\u00ed postupy k \u0159e\u0161en\u00ed hrozby Wendiga. <em>Mide<\/em>-l\u00e9\u010ditel, vysoce zasv\u011bcen\u00fd \u010dlen spole\u010dnosti Mide, disponuje l\u00e9\u010debn\u00fdmi postupy proti prvn\u00edm zn\u00e1mk\u00e1m p\u0159em\u011bny ve Wendiga.<\/p><p>Pat\u0159\u00ed k nim pit\u00ed mastn\u00e9ho s\u00e1dla, vyku\u0159ov\u00e1n\u00ed jehli\u010dnatou prysky\u0159ic\u00ed, ritu\u00e1ln\u00ed zp\u011bv zvl\u00e1\u0161tn\u00edch p\u00edsn\u00ed Mide a v extr\u00e9mn\u00edch p\u0159\u00edpadech vyhn\u00e1n\u00ed ducha Wendiga prost\u0159ednictv\u00edm kolektivn\u00edho bubnov\u00e1n\u00ed. Ruth Landes tuto l\u00e9\u010debnou praxi Mide proti Wendigovi systematicky popsala ve sv\u00fdch etnografick\u00fdch d\u00edlech.<\/p>\t\t\t\t\t\t\t\t<\/div>\n\t\t\t\t<\/div>\n\t\t\t\t\t<\/div>\n\t\t\t\t<\/div>\n\t\t<div class=\"elementor-element elementor-element-iwgw-wendigo-s6 e-flex e-con-boxed e-con e-parent\" data-id=\"iwgw-wendigo-s6\" data-element_type=\"container\" data-e-type=\"container\">\n\t\t\t\t\t<div class=\"e-con-inner\">\n\t\t\t\t<div class=\"elementor-element elementor-element-iwgw-wendigo-s6h elementor-widget elementor-widget-heading\" data-id=\"iwgw-wendigo-s6h\" data-element_type=\"widget\" data-e-type=\"widget\" data-widget_type=\"heading.default\">\n\t\t\t\t\t<h2 class=\"elementor-heading-title elementor-size-default\">Paralely v jin\u00fdch kultur\u00e1ch<\/h2>\t\t\t\t<\/div>\n\t\t<div class=\"elementor-element elementor-element-iwgw-wendigo-s6c e-con-full e-flex e-con e-child\" data-id=\"iwgw-wendigo-s6c\" data-element_type=\"container\" data-e-type=\"container\">\n\t\t\t\t<div class=\"elementor-element elementor-element-iwgw-wendigo-s6t elementor-widget elementor-widget-text-editor\" data-id=\"iwgw-wendigo-s6t\" data-element_type=\"widget\" data-e-type=\"widget\" data-widget_type=\"text-editor.default\">\n\t\t\t\t\t\t\t\t\t<p>Wendigo byl v komparativn\u00ed <span class=\"iwg-fachbegriff\" data-tooltip=\"V\u011bda, kter\u00e1 zkoum\u00e1 n\u00e1bo\u017eenstv\u00ed srovn\u00e1vac\u00edm zp\u016fsobem a bez vyznava\u010dsk\u00e9 v\u00e1zanosti.\" tabindex=\"0\">religionistice<\/span> opakovan\u011b srovn\u00e1v\u00e1n s jin\u00fdmi koncepcemi kanibalsk\u00fdch duch\u016f. Struktur\u00e1ln\u011b srovnateln\u00ed jsou: jihoevropsk\u00fd vlkodlak up\u00edr (zejm\u00e9na v srbsk\u00e9 tradici <em>vrykolakas<\/em>), z\u00e1padoafrick\u00fd Were-Hyaena, mexick\u00e1 Tlazolteotl ve sv\u00fdch kanibalsk\u00fdch aspektech, japonsk\u00e1 Onibaba a polyn\u00e9sk\u00fd Atua-Kasai.<\/p><p>V r\u00e1mci Severn\u00ed Ameriky je wendigsk\u00e1 tradice \u00fazce spjata s <em>Skadegamutc<\/em> Wabanaki a s kanibalsk\u00fdmi duchy n\u00e1rod\u016f severoz\u00e1padn\u00edho pob\u0159e\u017e\u00ed (nap\u0159\u00edklad s kanibalsk\u00fdm tancem <em>Hamatsa<\/em> Kwakwaka&#8217;wakw\u016f). Ten je religionisticky obzvl\u00e1\u0161\u0165 zaj\u00edmav\u00fd, proto\u017ee p\u0159ev\u00e1d\u00ed wendigu podobnou tradici v ritualizovan\u00e9 form\u011b do mladistv\u00e9ho <span class=\"iwg-fachbegriff\" data-tooltip=\"Ritu\u00e1ln\u00ed p\u0159echod, j\u00edm\u017e je n\u011bkdo p\u0159ijat do nov\u00e9ho postaven\u00ed nebo do spole\u010denstv\u00ed.\" tabindex=\"0\">inicia\u010dn\u00edho<\/span> <span class=\"iwg-fachbegriff\" data-tooltip=\"Uspo\u0159\u00e1dan\u00e1 posloupnost symbolick\u00fdch jedn\u00e1n\u00ed s n\u00e1bo\u017eensk\u00fdm nebo kulturn\u00edm v\u00fdznamem.\" tabindex=\"0\">ritu\u00e1lu<\/span>.<\/p><p>Psychoanalytick\u00e1 diskuse od Junga interpretovala wendiga jako symbolick\u00fd v\u00fdraz nev\u011bdom\u00e9ho st\u00ednov\u00e9ho pod\u00edlu. Americk\u00fd psychiatr John Mack popsal wendiga jako kulturn\u011b specifick\u00e9 zt\u011blesn\u011bn\u00ed <em>or\u00e1ln\u00ed agrese<\/em>. Tyto psychoanalytick\u00e9 v\u00fdklady jsou v\u011bdecky sporn\u00e9, proto\u017ee ob\u011btuj\u00ed kulturn\u011b-historickou specifi\u010dnost algonkinsk\u00e9 tradice ve prosp\u011bch univerzalistick\u00e9 hlubinn\u00e9 psychologie.<\/p><p>Dal\u0161\u00ed paralelu ukazuje severoevropsk\u00e1 tradice <em>troll\u016f<\/em> a <em>draugr\u016f<\/em>, v n\u00ed\u017e je stejn\u011b tak destruktivn\u00ed s\u00edla zimy a nepoh\u0159ben\u00fdch mrtv\u00fdch spojena v jedinou postavu.<\/p><p>Tato konvergence mezi geograficky vzd\u00e1len\u00fdmi subarktick\u00fdmi kulturami je religionisticky zaj\u00edmav\u00e1 a nazna\u010duje, \u017ee existenci\u00e1ln\u00ed zku\u0161enost dlouh\u00e9, temn\u00e9 a hladov\u00e9 zimy sm\u011b\u0159uje n\u00e1bo\u017eenskou imaginaci ur\u010dit\u00fdm sm\u011brem. Historick\u00e1 souvislost mezi algonkinsk\u00fdmi wendigsk\u00fdmi tradicemi a seversk\u00fdmi draugrsk\u00fdmi tradicemi je v\u0161ak vylou\u010dena; jedn\u00e1 se o konvergentn\u00ed v\u00fdvoj za podobn\u00fdch ekologick\u00fdch podm\u00ednek.<\/p>\t\t\t\t\t\t\t\t<\/div>\n\t\t\t\t<\/div>\n\t\t\t\t\t<\/div>\n\t\t\t\t<\/div>\n\t\t<div class=\"elementor-element elementor-element-iwgw-wendigo-s7 e-flex e-con-boxed e-con e-parent\" data-id=\"iwgw-wendigo-s7\" data-element_type=\"container\" data-e-type=\"container\">\n\t\t\t\t\t<div class=\"e-con-inner\">\n\t\t\t\t<div class=\"elementor-element elementor-element-iwgw-wendigo-s7h elementor-widget elementor-widget-heading\" data-id=\"iwgw-wendigo-s7h\" data-element_type=\"widget\" data-e-type=\"widget\" data-widget_type=\"heading.default\">\n\t\t\t\t\t<h2 class=\"elementor-heading-title elementor-size-default\">Sou\u010dasn\u00e1 recepce a v\u00fdzkum<\/h2>\t\t\t\t<\/div>\n\t\t<div class=\"elementor-element elementor-element-iwgw-wendigo-s7c e-con-full e-flex e-con e-child\" data-id=\"iwgw-wendigo-s7c\" data-element_type=\"container\" data-e-type=\"container\">\n\t\t\t\t<div class=\"elementor-element elementor-element-iwgw-wendigo-s7t elementor-widget elementor-widget-text-editor\" data-id=\"iwgw-wendigo-s7t\" data-element_type=\"widget\" data-e-type=\"widget\" data-widget_type=\"text-editor.default\">\n\t\t\t\t\t\t\t\t\t<p>Wendigo je dnes jednou z nejzn\u00e1m\u011bj\u0161\u00edch indi\u00e1nsk\u00fdch n\u00e1bo\u017eensk\u00fdch postav v z\u00e1padn\u00ed popkultu\u0159e. Rom\u00e1n Stephena Kinga <em>Pet Sematary<\/em> (1983), jeho filmov\u00e1 adaptace <em>Wendigo<\/em> (2001) od Larryho Fessendena a \u0159ada dal\u0161\u00edch rom\u00e1n\u016f, film\u016f a komiks\u016f roz\u0161\u00ed\u0159ily <span class=\"iwg-fachbegriff\" data-tooltip=\"Opakuj\u00edc\u00ed se obsahov\u00fd prvek v um\u011bn\u00ed nebo vypr\u00e1v\u011bn\u00ed.\" tabindex=\"0\">motiv<\/span> wendiga do \u0161irok\u00e9ho pov\u011bdom\u00ed. Toto popkulturn\u00ed \u0161\u00ed\u0159en\u00ed v\u0161ak \u010dasto zkomolilo specificky algonkinsko-n\u00e1bo\u017eenskou tradici a redukovalo ji na voln\u011b plovouc\u00ed hororovou postavu.<\/p><p>V r\u00e1mci domorod\u00e9 akademick\u00e9 diskuse h\u00e1jil anishinabsk\u00fd teolog Basil Johnston (<em>The Manitous<\/em>, 1995) autentickou wendigskou tradici proti popkulturn\u00edmu p\u0159isvojen\u00ed. Johnston interpretuje wendiga jako kulturn\u011b kritickou symbolickou postavu: reprezentuje s\u00edlu ni\u010d\u00edc\u00ed spole\u010denstv\u00ed, kterou je hrabivost, nezkrotn\u00e1 spot\u0159eba a sebectv\u00ed. Modern\u00ed kapitalistick\u00e1 ekonomika je z t\u00e9to perspektivy formou spole\u010densk\u00e9 wendigovsk\u00e9 p\u0159\u00edslu\u0161nosti.<\/p><p>Z v\u011bdeck\u00e9ho hlediska je wendigo d\u016fle\u017eit\u00fdm upozorn\u011bn\u00edm, \u017ee domorod\u00e9 \u0161kodliv\u00e9 duchy nelze jednodu\u0161e za\u0159adit do evropsk\u00fdch kategori\u00ed <span class=\"iwg-fachbegriff\" data-tooltip=\"Duchovn\u00ed bytost, j\u00ed\u017e je p\u0159ipisov\u00e1n \u0161kodliv\u00fd nebo rozporupln\u00fd \u00fa\u010dinek.\" tabindex=\"0\">d\u00e9mona<\/span>. Specifick\u00e9 propojen\u00ed kanibalismu, chladu, \u0161\u00edlenstv\u00ed a soci\u00e1ln\u00ed krize v konceptu wendiga je autentickou algonkinskou <span class=\"iwg-fachbegriff\" data-tooltip=\"V\u011bdeck\u00e1 nauka o Bohu a v\u00ed\u0159e dan\u00e9ho n\u00e1bo\u017eenstv\u00ed.\" tabindex=\"0\">teologickou<\/span> konstrukc\u00ed, kter\u00e1 si v komparativn\u00ed historii n\u00e1bo\u017eenstv\u00ed zaslou\u017e\u00ed samostatnou pozornost.<\/p><p>Odkaz iWell Guard na wendigskou tradici popisuje tato zji\u0161t\u011bn\u00ed n\u00e1bo\u017eensko-historicky, bez p\u0159\u00edslibu \u00fa\u010dinku nebo duchovn\u00edch doporu\u010den\u00ed. V panindi\u00e1nsk\u00e9m lexik\u00e1ln\u00edm kontextu pat\u0159\u00ed wendigo mezi postavy <a href=\"https:\/\/iwell-guard.com\/cs\/?page_id=145437\">domorod\u00fdch obyvatel Severn\u00ed Ameriky<\/a> s nejvy\u0161\u0161\u00edm historick\u00fdm z\u00e1jmem.<\/p><p>D\u016fle\u017eit\u00fd nov\u011bj\u0161\u00ed badatelsk\u00fd sm\u011br spojuje wendiga s ekologick\u00fdmi diskurzy. Sou\u010dasn\u00e1 anishinabsk\u00e1 spisovatelka Louise Erdrich ve sv\u00e9m rom\u00e1nu <em>The Sentence<\/em> (2021) a indi\u00e1nsk\u00e1 aktivistka Winona LaDuke v <em>The Winona LaDuke Reader<\/em> (2002) interpretovaly wendiga jako <span class=\"iwg-fachbegriff\" data-tooltip=\"Znak, kter\u00fd zastupuje ur\u010ditou p\u0159edstavu nebo v\u00fdznam.\" tabindex=\"0\">symbol<\/span> pr\u016fmyslov\u00e9ho vyko\u0159is\u0165ov\u00e1n\u00ed zdroj\u016f.<\/p><p>Tento v\u00fdklad spojuje tradi\u010dn\u00ed wendigskou tradici s modern\u00ed domorodou klimatickou diskus\u00ed a d\u011bl\u00e1 z kanibalsk\u00e9ho ducha varovnou postavu proti destruktivn\u00ed ekonomice fosiln\u00edho v\u011bku. Wendigo se tak prom\u011b\u0148uje z v\u00fdhradn\u011b negativn\u00ed postavy \u0161kodliv\u00e9ho ducha v kritickou reflexn\u00ed postavu nad destruktivn\u00edmi tendencemi lidsk\u00fdch spole\u010dnost\u00ed.<\/p>\t\t\t\t\t\t\t\t<\/div>\n\t\t\t\t<\/div>\n\t\t\t\t\t<\/div>\n\t\t\t\t<\/div>\n\t\t<div class=\"elementor-element elementor-element-iwgw-wendigo-s8 e-flex e-con-boxed e-con e-parent\" data-id=\"iwgw-wendigo-s8\" data-element_type=\"container\" data-e-type=\"container\">\n\t\t\t\t\t<div class=\"e-con-inner\">\n\t\t\t\t<div class=\"elementor-element elementor-element-iwgw-wendigo-s8h elementor-widget elementor-widget-heading\" data-id=\"iwgw-wendigo-s8h\" data-element_type=\"widget\" data-e-type=\"widget\" data-widget_type=\"heading.default\">\n\t\t\t\t\t<h2 class=\"elementor-heading-title elementor-size-default\">Literatura a prameny<\/h2>\t\t\t\t<\/div>\n\t\t<div class=\"elementor-element elementor-element-iwgw-wendigo-s8c e-con-full e-flex e-con e-child\" data-id=\"iwgw-wendigo-s8c\" data-element_type=\"container\" data-e-type=\"container\">\n\t\t\t\t<div class=\"elementor-element elementor-element-iwgw-wendigo-s8t elementor-widget elementor-widget-text-editor\" data-id=\"iwgw-wendigo-s8t\" data-element_type=\"widget\" data-e-type=\"widget\" data-widget_type=\"text-editor.default\">\n\t\t\t\t\t\t\t\t\t<p>N\u00e1sleduj\u00edc\u00ed v\u00fdb\u011br uv\u00e1d\u00ed kl\u00ed\u010dov\u00e1 d\u00edla algonkinsk\u00e9ho n\u00e1bo\u017eenstv\u00ed a etnopsychiatrick\u00e9ho v\u00fdzkumu wendigsk\u00e9 tradice.<\/p>\t\t\t\t\t\t\t\t<\/div>\n\t\t\t\t<\/div>\n\t\t\t\t\t<\/div>\n\t\t\t\t<\/div>\n\t\t<div class=\"elementor-element elementor-element-cp23d235ba e-flex e-con-boxed e-con e-parent\" data-id=\"cp23d235ba\" data-element_type=\"container\" data-e-type=\"container\">\n\t\t\t\t\t<div class=\"e-con-inner\">\n\t\t\t\t<div class=\"elementor-element elementor-element-cp2ba62cba elementor-widget elementor-widget-heading\" data-id=\"cp2ba62cba\" data-element_type=\"widget\" data-e-type=\"widget\" data-widget_type=\"heading.default\">\n\t\t\t\t\t<h2 class=\"elementor-heading-title elementor-size-default\">Etnografick\u00e1 dokumentace u algonkinsk\u00fdch skupin<\/h2>\t\t\t\t<\/div>\n\t\t<div class=\"elementor-element elementor-element-cp28ccd276 e-flex e-con-boxed e-con e-child\" data-id=\"cp28ccd276\" data-element_type=\"container\" data-e-type=\"container\">\n\t\t\t\t\t<div class=\"e-con-inner\">\n\t\t\t\t<div class=\"elementor-element elementor-element-cp2c891751 elementor-widget elementor-widget-text-editor\" data-id=\"cp2c891751\" data-element_type=\"widget\" data-e-type=\"widget\" data-widget_type=\"text-editor.default\">\n\t\t\t\t\t\t\t\t\t<p>P\u0159edstava wendiga (Wendigo) je roz\u0161\u00ed\u0159en\u00e1 mezi skupinami mluv\u00edc\u00edmi algonkinsk\u00fdmi jazyky v severov\u00fdchodn\u00edch lesn\u00edch oblastech a subarktick\u00e9m regionu, mimo jin\u00e9 u Od\u017eibwej\u016f (Ojibwe), Cree\u016f a Innu\u016f.<\/p><p>Pravopis se v\u00fdrazn\u011b li\u0161\u00ed, proto\u017ee poch\u00e1z\u00ed z r\u016fzn\u00fdch jazyk\u016f a z\u00e1pisn\u00fdch syst\u00e9m\u016f; b\u011b\u017en\u00e9 jsou mimo jin\u00e9 podoby <em>wiindigoo<\/em> v od\u017eibwej\u0161tin\u011b a <em>witiko<\/em> v cree bl\u00edzk\u00e9 transkripci. U\u017e tato pestrost ukazuje, \u017ee se nejedn\u00e1 o jednotnou postavu, ale o komplex region\u00e1ln\u011b odli\u0161n\u00fdch p\u0159edstav.<\/p><p>Prvn\u00ed zm\u00ednky se objevuj\u00ed ve zpr\u00e1v\u00e1ch jezuit\u016f ze 17. stolet\u00ed a v z\u00e1pisc\u00edch obchodn\u00edk\u016f s ko\u017ee\u0161inami. Systematicky byla l\u00e1tka zdokumentov\u00e1na ve 20. stolet\u00ed, nap\u0159\u00edklad A. Irvingem Hallowellem, kter\u00fd pracoval u Od\u017eibwej\u016f v oblasti \u0159eky Berens, a dal\u0161\u00edmi pracemi v\u011bnovan\u00fdmi Cree\u016fm a Innu\u016fm.<\/p><p>V t\u011bchto pramenech se wendigo jev\u00ed jako bytost spojen\u00e1 se zimou, hladem a kanibalismem. M\u016f\u017ee se jednat o samostatnou duchovn\u00ed entitu nebo o \u010dlov\u011bka, kter\u00fd se poj\u00edd\u00e1n\u00edm lidsk\u00e9ho masa v takovou bytost prom\u011bnil.<\/p><p>B\u00e1d\u00e1n\u00ed zd\u016fraz\u0148uje, \u017ee wendigo nebyl ve sv\u00e9m p\u016fvodn\u00edm kontextu pouhou stra\u0161idelnou postavou. P\u0159edstavoval re\u00e1ln\u00e9 nebezpe\u010d\u00ed v prost\u0159ed\u00ed, kde bylo umrznut\u00ed hladem v zim\u011b zn\u00e1m\u00fdm osudem, a z\u00e1rove\u0148 mor\u00e1ln\u00ed z\u00e1kaz.<\/p><p>Poj\u00edd\u00e1n\u00ed lid\u00ed bylo pokl\u00e1d\u00e1no za nejzaz\u0161\u00ed p\u0159ekro\u010den\u00ed hranice a wendigo zt\u011bles\u0148oval jak sv\u00e1d\u011bn\u00ed k tomuto p\u0159estupku, tak jeho n\u00e1sledek. Zobrazen\u00ed, kter\u00e9 jej redukuje na pouh\u00e9 monstrum, tuto soci\u00e1ln\u00ed a mor\u00e1ln\u00ed dimenzi opom\u00edj\u00ed.<\/p>\t\t\t\t\t\t\t\t<\/div>\n\t\t\t\t\t<\/div>\n\t\t\t\t<\/div>\n\t\t\t\t\t<\/div>\n\t\t\t\t<\/div>\n\t\t<div class=\"elementor-element elementor-element-cp27114041 e-flex e-con-boxed e-con e-parent\" data-id=\"cp27114041\" data-element_type=\"container\" data-e-type=\"container\">\n\t\t\t\t\t<div class=\"e-con-inner\">\n\t\t\t\t<div class=\"elementor-element elementor-element-cp217c0701 elementor-widget elementor-widget-heading\" data-id=\"cp217c0701\" data-element_type=\"widget\" data-e-type=\"widget\" data-widget_type=\"heading.default\">\n\t\t\t\t\t<h2 class=\"elementor-heading-title elementor-size-default\">Debata o konceptu tzv. windigo psych\u00f3zy<\/h2>\t\t\t\t<\/div>\n\t\t<div class=\"elementor-element elementor-element-cp203ce08e e-flex e-con-boxed e-con e-child\" data-id=\"cp203ce08e\" data-element_type=\"container\" data-e-type=\"container\">\n\t\t\t\t\t<div class=\"e-con-inner\">\n\t\t\t\t<div class=\"elementor-element elementor-element-cp2971d777 elementor-widget elementor-widget-text-editor\" data-id=\"cp2971d777\" data-element_type=\"widget\" data-e-type=\"widget\" data-widget_type=\"text-editor.default\">\n\t\t\t\t\t\t\t\t\t<p>Samostatn\u00e1 linie b\u00e1d\u00e1n\u00ed se t\u00fdk\u00e1 ot\u00e1zky, zda existovala vlastn\u00ed psychick\u00e1 porucha, kter\u00e1 byla ve star\u0161\u00ed literatu\u0159e ozna\u010dov\u00e1na jako windigo psych\u00f3za.<\/p><p>Antropologov\u00e9 z po\u010d\u00e1tku 20. stolet\u00ed t\u00edmto pojmem popisovali p\u0159\u00edpady, kdy si lid\u00e9 \u00fadajn\u011b vyvinuli nutkavou touhu po lidsk\u00e9m mase a sami se pova\u017eovali za wendiga. Tento koncept byl dlouho uv\u00e1d\u011bn jako p\u0159\u00edklad kulturn\u011b podm\u00edn\u011bn\u00e9 poruchy.<\/p><p>Od 80. let 20. stolet\u00ed je tento v\u00fdklad z\u00e1sadn\u011b zpochyb\u0148ov\u00e1n. Lou Marano ve sv\u00e9 vlivn\u00e9 pr\u00e1ci uk\u00e1zal, \u017ee se st\u011b\u017e\u00ed poda\u0159\u00ed naj\u00edt dokumentovan\u00fd p\u0159\u00edpad, kter\u00fd by tuto diagn\u00f3zu potvrzoval.<\/p><p>P\u0159ed\u00e1van\u00e9 zpr\u00e1vy se p\u0159i bli\u017e\u0161\u00edm zkoum\u00e1n\u00ed \u010dasto uk\u00e1zaly b\u00fdt vypr\u00e1v\u011bn\u00edmi z druh\u00e9 nebo t\u0159et\u00ed ruky, zabit\u00edmi od\u016fvodn\u011bn\u00fdmi podez\u0159en\u00edm z wendiga, nebo materi\u00e1lem, kter\u00fd byl interpretov\u00e1n zven\u010d\u00ed. Marano hovo\u0159il o konstruktu samotn\u00e9 antropologie.<\/p><p>Sou\u010dasn\u00e9 b\u00e1d\u00e1n\u00ed vid\u00ed ve windigo psych\u00f3ze p\u0159edev\u0161\u00edm p\u0159\u00edklad toho, jak vznikaj\u00ed v\u011bdeck\u00e9 m\u00fdty. Domorod\u00ed auto\u0159i dodali, \u017ee fixace na exotickou du\u0161evn\u00ed chorobu zast\u00ednila skute\u010dn\u00e9 pochopen\u00ed wendiga. V pohledu Cree\u016f a Od\u017eibwej\u016f je wendigo st\u00e1le v\u00edce ch\u00e1p\u00e1n jako obraz nenasytnosti, vyko\u0159is\u0165ov\u00e1n\u00ed a bezohledn\u00e9ho r\u016fstu.<\/p><p>Auto\u0159i jako Basil Johnston, od\u017eibwejsk\u00fd u\u010denec, vzt\u00e1hli wendiga v\u00fdslovn\u011b k ni\u010den\u00ed p\u016fdy a spole\u010denstv\u00ed nekontrolovanou spot\u0159ebou.<\/p><p>Tento v\u00fdklad nen\u00ed pouh\u00fdm modern\u00edm p\u0159enosem, ale navazuje na p\u016fvodn\u00ed spojen\u00ed wendiga s nez\u0159\u00edzenou sobeckost\u00ed. Diskuse v b\u00e1d\u00e1n\u00ed tak ukazuje dvoj\u00ed: nespolehlivost star\u0161\u00edch etnografick\u00fdch zji\u0161t\u011bn\u00ed a \u017eivost t\u00e9to postavy v sou\u010dasn\u00e9 domorod\u00e9 reflexi.<\/p>\t\t\t\t\t\t\t\t<\/div>\n\t\t\t\t\t<\/div>\n\t\t\t\t<\/div>\n\t\t\t\t\t<\/div>\n\t\t\t\t<\/div>\n\t\t<div class=\"elementor-element elementor-element-iwgw-wendigo-lit e-flex e-con-boxed e-con e-parent\" data-id=\"iwgw-wendigo-lit\" data-element_type=\"container\" data-e-type=\"container\">\n\t\t\t\t\t<div class=\"e-con-inner\">\n\t\t\t\t<div class=\"elementor-element elementor-element-iwgw-wendigo-lith elementor-widget elementor-widget-heading\" data-id=\"iwgw-wendigo-lith\" data-element_type=\"widget\" data-e-type=\"widget\" data-widget_type=\"heading.default\">\n\t\t\t\t\t<h2 class=\"elementor-heading-title elementor-size-default\">Literatura (v\u00fdb\u011br)<\/h2>\t\t\t\t<\/div>\n\t\t<div class=\"elementor-element elementor-element-iwgw-wendigo-litc e-con-full e-flex e-con e-child\" data-id=\"iwgw-wendigo-litc\" data-element_type=\"container\" data-e-type=\"container\">\n\t\t\t\t<div class=\"elementor-element elementor-element-iwgw-wendigo-litt elementor-widget elementor-widget-text-editor\" data-id=\"iwgw-wendigo-litt\" data-element_type=\"widget\" data-e-type=\"widget\" data-widget_type=\"text-editor.default\">\n\t\t\t\t\t\t\t\t\t<ul><li>Basil Johnston: <em>The Manitous<\/em> (1995)<\/li><li>Morton Teicher: <em>Windigo Psychosis<\/em> (1960)<\/li><li><span data-nosnippet>Lou Marano: <em>Windigo Psychosis: The Anatomy of an Emic-Etic Confusion<\/em> (1982)<\/span><\/li><li>Diamond Jenness: <em>The Ojibwa Indians<\/em> (1935)<\/li><li>Ruth Landes: <em>Ojibwa Religion and the Midewiwin<\/em> (1968)<\/li><li>Paul LeJeune: <em>Relations<\/em> (1636)<\/li><\/ul>\t\t\t\t\t\t\t\t<\/div>\n\t\t\t\t<\/div>\n\t\t\t\t\t<\/div>\n\t\t\t\t<\/div>\n\t\t<div class=\"elementor-element elementor-element-iwgw-wendigo-kwd e-flex e-con-boxed e-con e-parent\" data-id=\"iwgw-wendigo-kwd\" data-element_type=\"container\" data-e-type=\"container\">\n\t\t\t\t\t<div class=\"e-con-inner\">\n\t\t<div class=\"elementor-element elementor-element-iwgw-wendigo-kwdc e-con-full e-flex e-con e-child\" data-id=\"iwgw-wendigo-kwdc\" data-element_type=\"container\" data-e-type=\"container\">\n\t\t\t\t<div class=\"elementor-element elementor-element-iwgw-wendigo-kwdt elementor-widget elementor-widget-text-editor\" data-id=\"iwgw-wendigo-kwdt\" data-element_type=\"widget\" data-e-type=\"widget\" data-widget_type=\"text-editor.default\">\n\t\t\t\t\t\t\t\t\t<p><em>Souvisej\u00edc\u00ed kl\u00ed\u010dov\u00e9 pojmy: Wendigo Wiindigoo Witiko Wetiko Algonkin Ojibwa Cree Wendigo psych\u00f3za Hamatsa.<\/em><\/p>\t\t\t\t\t\t\t\t<\/div>\n\t\t\t\t<\/div>\n\t\t\t\t\t<\/div>\n\t\t\t\t<\/div>\n\t\t<div class=\"elementor-element elementor-element-iwgw-wendigo-cc e-flex e-con-boxed e-con e-parent\" data-id=\"iwgw-wendigo-cc\" data-element_type=\"container\" data-e-type=\"container\" id=\"iwg-cc-wendigo\">\n\t\t\t\t\t<div class=\"e-con-inner\">\n\t\t<div class=\"elementor-element elementor-element-iwgw-wendigo-ccinner e-flex e-con-boxed e-con e-parent\" data-id=\"iwgw-wendigo-ccinner\" data-element_type=\"container\" data-e-type=\"container\" data-settings=\"{&quot;background_background&quot;:&quot;classic&quot;}\">\n\t\t\t\t\t<div class=\"e-con-inner\">\n\t\t\t\t<div class=\"elementor-element elementor-element-iwgw-wendigo-cch elementor-widget elementor-widget-heading\" data-id=\"iwgw-wendigo-cch\" data-element_type=\"widget\" data-e-type=\"widget\" data-widget_type=\"heading.default\">\n\t\t\t\t\t<h2 class=\"elementor-heading-title elementor-size-default\">iWell Guard a ochrann\u00e9 tradice<\/h2>\t\t\t\t<\/div>\n\t\t\t\t<div class=\"elementor-element elementor-element-iwgw-wendigo-cct elementor-widget elementor-widget-text-editor\" data-id=\"iwgw-wendigo-cct\" data-element_type=\"widget\" data-e-type=\"widget\" data-widget_type=\"text-editor.default\">\n\t\t\t\t\t\t\t\t\t<div data-nosnippet=\"true\"><p>iWell Guard navazuje na kulturn\u011b-historickou tradici nositeln\u00fdch ochrann\u00fdch p\u0159edm\u011bt\u016f, v tradici <a href=\"https:\/\/iwell-guard.com\/cs\/?page_id=145437\">Native American<\/a> a mnoha dal\u0161\u00edch kultur po cel\u00e9m sv\u011bt\u011b. 41 vrstev, ryz\u00ed zlato, platina, st\u0159\u00edbro, vyrobeno v N\u011bmecku. 30denn\u00ed pr\u00e1vo na vr\u00e1cen\u00ed zbo\u017e\u00ed.<\/p><\/div>\t\t\t\t\t\t\t\t<\/div>\n\t\t\t\t<div class=\"elementor-element elementor-element-iwgw-wendigo-ccb iwg-cc-button iwg-cc-cta-2026-05-13 elementor-widget elementor-widget-jet-button\" data-id=\"iwgw-wendigo-ccb\" data-element_type=\"widget\" data-e-type=\"widget\" data-widget_type=\"jet-button.default\">\n\t\t\t\t<div class=\"elementor-widget-container\">\n\t\t\t\t\t<div class=\"elementor-jet-button jet-elements\"><div class=\"jet-button__container\"><a class=\"jet-button__instance jet-button__instance--icon-left hover-effect-1\" href=\"\/ueber-iwell-guard\/?utm_source=iwell-guard.com&amp;utm_medium=info-box&amp;utm_campaign=wesen-tradition\"><div class=\"jet-button__plane jet-button__plane-normal\"><\/div><div class=\"jet-button__plane jet-button__plane-hover\"><\/div><div class=\"jet-button__state jet-button__state-normal\"><span class=\"jet-button__label\">V\u00edce o iWell Guard<\/span><\/div><div class=\"jet-button__state jet-button__state-hover\"><span class=\"jet-button__label\">V\u00edce o iWell Guard<\/span><\/div><\/a><\/div><\/div><style>.elementor-element.elementor-element-iwgw-wendigo-ccb .jet-button__instance{width:320px;height:56px;}.elementor-element.elementor-element-iwgw-wendigo-ccb .jet-button__state-normal .jet-button__label{text-align:center;margin:0px 0px 0px 0px;color:#1a1b20;font-family:Montserrat,sans-serif;font-size:13px;font-weight:400;letter-spacing:4px;line-height:1.714em;text-transform:uppercase;}.elementor-element.elementor-element-iwgw-wendigo-ccb .jet-button__state-hover .jet-button__label{text-align:center;margin:0px 0px 0px 0px;color:#FECC76;font-family:Montserrat,sans-serif;font-size:13px;font-weight:400;letter-spacing:4px;line-height:1.714em;text-transform:uppercase;}.elementor-element.elementor-element-iwgw-wendigo-ccb .jet-button__plane-normal{background-color:#FECC76;border-style:solid;border-color:#C99540;border-width:2px 2px 2px 2px;}.elementor-element.elementor-element-iwgw-wendigo-ccb .jet-button__plane-hover{background-color:rgba(0,0,0,0.55);border-style:solid;border-color:#FECC76;border-width:2px 2px 2px 2px;}<\/style>\t\t\t\t<\/div>\n\t\t\t\t<\/div>\n\t\t\t\t<div class=\"elementor-element elementor-element-iwgw-wendigo-ccd elementor-widget elementor-widget-text-editor\" data-id=\"iwgw-wendigo-ccd\" data-element_type=\"widget\" data-e-type=\"widget\" data-widget_type=\"text-editor.default\">\n\t\t\t\t\t\t\t\t\t<div data-nosnippet=\"true\"><p style=\"text-align:center;font-size:13px;opacity:0.7;margin-top:14px\" data-nosnippet=\"true\">Osobn\u00ed zku\u0161enosti se mohou li\u0161it. Nejedn\u00e1 se o zdravotnick\u00fd prost\u0159edek. Nen\u00ed slibem l\u00e9\u010div\u00e9ho \u00fa\u010dinku.<\/p><\/div>\t\t\t\t\t\t\t\t<\/div>\n\t\t\t\t\t<\/div>\n\t\t\t\t<\/div>\n\t\t\t\t\t<\/div>\n\t\t\t\t<\/div>\n\t\t<div class=\"elementor-element elementor-element-iwgw-wendigo-disc e-flex e-con-boxed e-con e-parent\" data-id=\"iwgw-wendigo-disc\" data-element_type=\"container\" data-e-type=\"container\">\n\t\t\t\t\t<div class=\"e-con-inner\">\n\t\t\t\t<div class=\"elementor-element elementor-element-iwgw-wendigo-discw elementor-widget elementor-widget-html\" data-id=\"iwgw-wendigo-discw\" data-element_type=\"widget\" data-e-type=\"widget\" data-widget_type=\"html.default\">\n\t\t\t\t\t<footer data-nosnippet=\"true\" class=\"iwg-disclaimer-block\"><p data-nosnippet=\"true\">iWell Guard <strong>nen\u00ed zdravotnick\u00fd prost\u0159edek<\/strong> a nenahrazuje l\u00e9ka\u0159skou ani psychoterapeutickou l\u00e9\u010dbu. Religionistick\u00fd obsah p\u0159edstavuje kulturn\u011b-historick\u00e9 za\u0159azen\u00ed, nikoli doporu\u010den\u00ed duchovn\u00ed praxe.<\/p><\/footer>\t\t\t\t<\/div>\n\t\t\t\t\t<\/div>\n\t\t\t\t<\/div>\n\t\t\t\t<\/div>\n\t\t","protected":false},"excerpt":{"rendered":"","protected":false},"author":3,"featured_media":2701,"parent":0,"menu_order":0,"comment_status":"closed","ping_status":"closed","template":"elementor_header_footer","meta":{"_yoast_wpseo_focuskw":"Wendigo algonkinsk\u00fd kanibalsk\u00fd duch","_yoast_wpseo_title":"Wendigo \u2013 algonkinsk\u00fd kanibalsk\u00fd duch","_yoast_wpseo_metadesc":"Wendigo, kanibalsk\u00fd duch severoamerick\u00fdch lesn\u00edch n\u00e1rod\u016f, je kl\u00ed\u010dov\u00fd \u0161kodliv\u00fd duch algonkinsk\u00e9 tradice s vlastn\u00edm m\u00fdtem.","_yoast_wpseo_meta-robots-noindex":"","_yoast_wpseo_canonical":"","_angie_page":false,"gefaehrdungsstufe":"5","wesen_kultur":"native-american","wesen_klasse":"geister","footnotes":""},"categories":[],"class_list":["post-145460","page","type-page","status-publish","has-post-thumbnail","hentry"],"yoast_head":"<!-- This site is optimized with the Yoast SEO Premium plugin v27.7 (Yoast SEO v28.3) - https:\/\/yoast.com\/product\/yoast-seo-premium-wordpress\/ -->\n<title>Wendigo \u2013 algonkinsk\u00fd kanibalsk\u00fd duch<\/title>\n<meta name=\"description\" content=\"Wendigo, kanibalsk\u00fd duch severoamerick\u00fdch lesn\u00edch n\u00e1rod\u016f, je kl\u00ed\u010dov\u00fd \u0161kodliv\u00fd duch algonkinsk\u00e9 tradice s vlastn\u00edm m\u00fdtem.\" \/>\n<meta name=\"robots\" content=\"index, follow, max-snippet:-1, max-image-preview:large, max-video-preview:-1\" \/>\n<link rel=\"canonical\" href=\"https:\/\/iwell-guard.com\/cs\/wendigo-kanibalsky-duch-lesnich-narodu\/\" \/>\n<meta property=\"og:locale\" content=\"cs_CZ\" \/>\n<meta property=\"og:type\" content=\"article\" \/>\n<meta property=\"og:title\" content=\"Wendigo \u2013 kanibalsk\u00fd duch severoamerick\u00fdch lesn\u00edch n\u00e1rod\u016f\" \/>\n<meta property=\"og:description\" content=\"Wendigo, kanibalsk\u00fd duch severoamerick\u00fdch lesn\u00edch n\u00e1rod\u016f, je kl\u00ed\u010dov\u00fd \u0161kodliv\u00fd duch algonkinsk\u00e9 tradice s vlastn\u00edm m\u00fdtem.\" \/>\n<meta property=\"og:url\" content=\"https:\/\/iwell-guard.com\/cs\/wendigo-kanibalsky-duch-lesnich-narodu\/\" \/>\n<meta property=\"og:site_name\" content=\"iWell Guard\" \/>\n<meta property=\"article:modified_time\" content=\"2026-09-03T16:56:36+00:00\" \/>\n<meta property=\"og:image\" content=\"https:\/\/iwell-guard.com\/wp-content\/uploads\/2026\/05\/geister_native-american_wendigo.webp\" \/>\n\t<meta property=\"og:image:width\" content=\"1024\" \/>\n\t<meta property=\"og:image:height\" content=\"1536\" \/>\n\t<meta property=\"og:image:type\" content=\"image\/webp\" \/>\n<meta name=\"twitter:card\" content=\"summary_large_image\" \/>\n<script type=\"application\/ld+json\" class=\"yoast-schema-graph\">{\"@context\":\"https:\\\/\\\/schema.org\",\"@graph\":[{\"@type\":\"WebPage\",\"@id\":\"https:\\\/\\\/iwell-guard.com\\\/cs\\\/wendigo-kanibalsky-duch-lesnich-narodu\\\/\",\"url\":\"https:\\\/\\\/iwell-guard.com\\\/cs\\\/wendigo-kanibalsky-duch-lesnich-narodu\\\/\",\"name\":\"Wendigo \u2013 algonkinsk\u00fd kanibalsk\u00fd duch\",\"isPartOf\":{\"@id\":\"https:\\\/\\\/iwell-guard.com\\\/cs\\\/#website\"},\"primaryImageOfPage\":{\"@id\":\"https:\\\/\\\/iwell-guard.com\\\/cs\\\/wendigo-kanibalsky-duch-lesnich-narodu\\\/#primaryimage\"},\"image\":{\"@id\":\"https:\\\/\\\/iwell-guard.com\\\/cs\\\/wendigo-kanibalsky-duch-lesnich-narodu\\\/#primaryimage\"},\"thumbnailUrl\":\"https:\\\/\\\/iwell-guard.com\\\/wp-content\\\/uploads\\\/2026\\\/05\\\/geister_native-american_wendigo.webp\",\"datePublished\":\"2026-09-03T16:30:37+00:00\",\"dateModified\":\"2026-09-03T16:56:36+00:00\",\"description\":\"Wendigo, kanibalsk\u00fd duch severoamerick\u00fdch lesn\u00edch n\u00e1rod\u016f, je kl\u00ed\u010dov\u00fd \u0161kodliv\u00fd duch algonkinsk\u00e9 tradice s vlastn\u00edm m\u00fdtem.\",\"breadcrumb\":{\"@id\":\"https:\\\/\\\/iwell-guard.com\\\/cs\\\/wendigo-kanibalsky-duch-lesnich-narodu\\\/#breadcrumb\"},\"inLanguage\":\"cs\",\"potentialAction\":[{\"@type\":\"ReadAction\",\"target\":[\"https:\\\/\\\/iwell-guard.com\\\/cs\\\/wendigo-kanibalsky-duch-lesnich-narodu\\\/\"]}]},{\"@type\":\"ImageObject\",\"inLanguage\":\"cs\",\"@id\":\"https:\\\/\\\/iwell-guard.com\\\/cs\\\/wendigo-kanibalsky-duch-lesnich-narodu\\\/#primaryimage\",\"url\":\"https:\\\/\\\/iwell-guard.com\\\/wp-content\\\/uploads\\\/2026\\\/05\\\/geister_native-american_wendigo.webp\",\"contentUrl\":\"https:\\\/\\\/iwell-guard.com\\\/wp-content\\\/uploads\\\/2026\\\/05\\\/geister_native-american_wendigo.webp\",\"width\":1024,\"height\":1536,\"caption\":\"Duchov\u00e9 z indi\u00e1nsk\u00e9 tradice.\"},{\"@type\":\"BreadcrumbList\",\"@id\":\"https:\\\/\\\/iwell-guard.com\\\/cs\\\/wendigo-kanibalsky-duch-lesnich-narodu\\\/#breadcrumb\",\"itemListElement\":[{\"@type\":\"ListItem\",\"position\":1,\"name\":\"Start\",\"item\":\"https:\\\/\\\/iwell-guard.com\\\/cs\\\/?page_id=145107\"},{\"@type\":\"ListItem\",\"position\":2,\"name\":\"Wendigo \u2013 kanibalsk\u00fd duch severoamerick\u00fdch lesn\u00edch n\u00e1rod\u016f\"}]},{\"@type\":\"WebSite\",\"@id\":\"https:\\\/\\\/iwell-guard.com\\\/cs\\\/#website\",\"url\":\"https:\\\/\\\/iwell-guard.com\\\/cs\\\/\",\"name\":\"iWell Guard\",\"description\":\"Schutz vor dunklen Einfl\u00fcssen\",\"publisher\":{\"@id\":\"https:\\\/\\\/iwell-guard.com\\\/cs\\\/#organization\"},\"potentialAction\":[{\"@type\":\"SearchAction\",\"target\":{\"@type\":\"EntryPoint\",\"urlTemplate\":\"https:\\\/\\\/iwell-guard.com\\\/cs\\\/?s={search_term_string}\"},\"query-input\":{\"@type\":\"PropertyValueSpecification\",\"valueRequired\":true,\"valueName\":\"search_term_string\"}}],\"inLanguage\":\"cs\"},{\"@type\":\"Organization\",\"@id\":\"https:\\\/\\\/iwell-guard.com\\\/cs\\\/#organization\",\"name\":\"Ittermann electronic GmbH\",\"url\":\"https:\\\/\\\/iwell-guard.com\\\/cs\\\/\",\"logo\":{\"@type\":\"ImageObject\",\"inLanguage\":\"cs\",\"@id\":\"https:\\\/\\\/iwell-guard.com\\\/cs\\\/#\\\/schema\\\/logo\\\/image\\\/\",\"url\":\"https:\\\/\\\/iwell-guard.com\\\/wp-content\\\/uploads\\\/2026\\\/05\\\/Ittermann-Logo-1182x237-1.png\",\"contentUrl\":\"https:\\\/\\\/iwell-guard.com\\\/wp-content\\\/uploads\\\/2026\\\/05\\\/Ittermann-Logo-1182x237-1.png\",\"width\":1182,\"height\":237,\"caption\":\"Ittermann electronic GmbH\"},\"image\":{\"@id\":\"https:\\\/\\\/iwell-guard.com\\\/cs\\\/#\\\/schema\\\/logo\\\/image\\\/\"},\"sameAs\":[\"https:\\\/\\\/pantip.com\\\/profile\\\/9367242\",\"https:\\\/\\\/micro.blog\\\/iwellguard\",\"https:\\\/\\\/www.diggerslist.com\\\/iwellguard\\\/about\",\"https:\\\/\\\/skitterphoto.com\\\/photographers\\\/2870314\\\/iwell-guard\",\"https:\\\/\\\/iwellguard.wordpress.com\\\/2026\\\/06\\\/06\\\/iwell-guard\\\/\",\"https:\\\/\\\/hub.docker.com\\\/u\\\/iwellguard\",\"https:\\\/\\\/www.pinterest.com\\\/iwellguard\\\/\",\"https:\\\/\\\/bit.ly\\\/m\\\/iwellguard\",\"https:\\\/\\\/entre-vos-mains.alsace.eu\\\/profiles\\\/iwellguard\\\/activity\",\"https:\\\/\\\/gravatar.com\\\/reallybeded8fd34\",\"https:\\\/\\\/naijamatta.com\\\/iwellguard\",\"https:\\\/\\\/www.goodreads.com\\\/iwellguard\",\"https:\\\/\\\/profile.hatena.ne.jp\\\/iwellguard\\\/\",\"https:\\\/\\\/experiment.com\\\/users\\\/iwellguard\",\"https:\\\/\\\/wakelet.com\\\/@iWellGuard82270\",\"https:\\\/\\\/www.chordie.com\\\/forum\\\/profile.php?id=2555664\",\"https:\\\/\\\/www.instapaper.com\\\/p\\\/17757966\",\"https:\\\/\\\/www.mapleprimes.com\\\/users\\\/iwellguard\",\"https:\\\/\\\/businesslistingplus.com\\\/profile\\\/iwell-guard\\\/\",\"https:\\\/\\\/telegra.ph\\\/iWell-Guard-06-06\",\"https:\\\/\\\/pbase.com\\\/iwellguard\\\/iwellguard\",\"https:\\\/\\\/b.hatena.ne.jp\\\/iwellguard\\\/20260607#bookmark-4788405196491818882\",\"https:\\\/\\\/fliphtml5.com\\\/home\\\/iwellguard\",\"https:\\\/\\\/anyflip.com\\\/homepage\\\/cmiwl#About\",\"https:\\\/\\\/transfur.com\\\/Users\\\/iwellguard\",\"http:\\\/\\\/delphi.larsbo.org\\\/user\\\/iwellguard\",\"https:\\\/\\\/jobs.lajobsportal.org\\\/profiles\\\/8380803-iwell-guard\",\"https:\\\/\\\/md.chaosdorf.de\\\/s\\\/jfbe5SBdJD\",\"https:\\\/\\\/www.lingvolive.com\\\/en-us\\\/profile\\\/9ecaeaca-ce11-4e51-9e71-01d55e2bff36\\\/translations\",\"https:\\\/\\\/www.fitday.com\\\/fitness\\\/forums\\\/members\\\/iwellguard.html\",\"https:\\\/\\\/www.mymeetbook.com\\\/iwellguard\",\"https:\\\/\\\/pxhere.com\\\/en\\\/photographer-me\\\/5040798\",\"https:\\\/\\\/disqus.com\\\/by\\\/iwellguard\\\/about\\\/\",\"https:\\\/\\\/pastelink.net\\\/hjwciqwq\",\"https:\\\/\\\/pubhtml5.com\\\/homepage\\\/scjhn\\\/\",\"https:\\\/\\\/www.bitchute.com\\\/channel\\\/2O2eOKzNqujT\",\"https:\\\/\\\/audiomack.com\\\/iwellguard\"]},{\"@type\":\"Article\",\"@id\":\"https:\\\/\\\/iwell-guard.com\\\/cs\\\/wendigo-kanibalsky-duch-lesnich-narodu\\\/#article\",\"isPartOf\":{\"@id\":\"https:\\\/\\\/iwell-guard.com\\\/cs\\\/wendigo-kanibalsky-duch-lesnich-narodu\\\/\"},\"author\":{\"name\":\"Ralf Ittermann\",\"@id\":\"https:\\\/\\\/iwell-guard.com\\\/cs\\\/#\\\/schema\\\/person\\\/ee2a27f1cac3406c7c6fb5820cb7349f\"},\"headline\":\"Wendigo \u2013 kanibalsk\u00fd duch severoamerick\u00fdch lesn\u00edch n\u00e1rod\u016f\",\"datePublished\":\"2026-09-03T16:30:37+00:00\",\"dateModified\":\"2026-09-03T16:56:36+00:00\",\"mainEntityOfPage\":{\"@id\":\"https:\\\/\\\/iwell-guard.com\\\/cs\\\/wendigo-kanibalsky-duch-lesnich-narodu\\\/\"},\"publisher\":{\"@id\":\"https:\\\/\\\/iwell-guard.com\\\/cs\\\/#organization\"},\"image\":{\"@id\":\"https:\\\/\\\/iwell-guard.com\\\/cs\\\/wendigo-kanibalsky-duch-lesnich-narodu\\\/#primaryimage\"},\"thumbnailUrl\":\"https:\\\/\\\/iwell-guard.com\\\/wp-content\\\/uploads\\\/2026\\\/05\\\/geister_native-american_wendigo.webp\",\"inLanguage\":\"cs\",\"description\":\"Wendigo, kanibalsk\u00fd duch severoamerick\u00fdch lesn\u00edch n\u00e1rod\u016f, je kl\u00ed\u010dov\u00fd \u0161kodliv\u00fd duch algonkinsk\u00e9 tradice s vlastn\u00edm m\u00fdtem.\"}]}<\/script>\n<!-- \/ Yoast SEO Premium plugin. -->","yoast_head_json":{"title":"Wendigo \u2013 algonkinsk\u00fd kanibalsk\u00fd duch","description":"Wendigo, kanibalsk\u00fd duch severoamerick\u00fdch lesn\u00edch n\u00e1rod\u016f, je kl\u00ed\u010dov\u00fd \u0161kodliv\u00fd duch algonkinsk\u00e9 tradice s vlastn\u00edm m\u00fdtem.","robots":{"index":"index","follow":"follow","max-snippet":"max-snippet:-1","max-image-preview":"max-image-preview:large","max-video-preview":"max-video-preview:-1"},"canonical":"https:\/\/iwell-guard.com\/cs\/wendigo-kanibalsky-duch-lesnich-narodu\/","og_locale":"cs_CZ","og_type":"article","og_title":"Wendigo \u2013 kanibalsk\u00fd duch severoamerick\u00fdch lesn\u00edch n\u00e1rod\u016f","og_description":"Wendigo, kanibalsk\u00fd duch severoamerick\u00fdch lesn\u00edch n\u00e1rod\u016f, je kl\u00ed\u010dov\u00fd \u0161kodliv\u00fd duch algonkinsk\u00e9 tradice s vlastn\u00edm m\u00fdtem.","og_url":"https:\/\/iwell-guard.com\/cs\/wendigo-kanibalsky-duch-lesnich-narodu\/","og_site_name":"iWell Guard","article_modified_time":"2026-09-03T16:56:36+00:00","og_image":[{"width":1024,"height":1536,"url":"https:\/\/iwell-guard.com\/wp-content\/uploads\/2026\/05\/geister_native-american_wendigo.webp","type":"image\/webp"}],"twitter_card":"summary_large_image","schema":{"@context":"https:\/\/schema.org","@graph":[{"@type":"Article","@id":"https:\/\/iwell-guard.com\/cs\/wendigo-kanibalsky-duch-lesnich-narodu\/#article","isPartOf":{"@id":"https:\/\/iwell-guard.com\/cs\/wendigo-kanibalsky-duch-lesnich-narodu\/"},"author":{"name":"Ralf Ittermann","@id":"https:\/\/iwell-guard.com\/cs\/#\/schema\/person\/ee2a27f1cac3406c7c6fb5820cb7349f"},"headline":"Wendigo \u2013 kanibalsk\u00fd duch severoamerick\u00fdch lesn\u00edch n\u00e1rod\u016f","datePublished":"2026-09-03T16:30:37+00:00","dateModified":"2026-09-03T16:56:36+00:00","mainEntityOfPage":{"@id":"https:\/\/iwell-guard.com\/cs\/wendigo-kanibalsky-duch-lesnich-narodu\/"},"publisher":{"@id":"https:\/\/iwell-guard.com\/cs\/#organization"},"image":{"@id":"https:\/\/iwell-guard.com\/cs\/wendigo-kanibalsky-duch-lesnich-narodu\/#primaryimage"},"thumbnailUrl":"https:\/\/iwell-guard.com\/wp-content\/uploads\/2026\/05\/geister_native-american_wendigo.webp","inLanguage":"cs","description":"Wendigo, kanibalsk\u00fd duch severoamerick\u00fdch lesn\u00edch n\u00e1rod\u016f, je kl\u00ed\u010dov\u00fd \u0161kodliv\u00fd duch algonkinsk\u00e9 tradice s vlastn\u00edm m\u00fdtem."},{"@type":"WebPage","@id":"https:\/\/iwell-guard.com\/cs\/wendigo-kanibalsky-duch-lesnich-narodu\/","url":"https:\/\/iwell-guard.com\/cs\/wendigo-kanibalsky-duch-lesnich-narodu\/","name":"Wendigo \u2013 algonkinsk\u00fd kanibalsk\u00fd duch","isPartOf":{"@id":"https:\/\/iwell-guard.com\/cs\/#website"},"primaryImageOfPage":{"@id":"https:\/\/iwell-guard.com\/cs\/wendigo-kanibalsky-duch-lesnich-narodu\/#primaryimage"},"image":{"@id":"https:\/\/iwell-guard.com\/cs\/wendigo-kanibalsky-duch-lesnich-narodu\/#primaryimage"},"thumbnailUrl":"https:\/\/iwell-guard.com\/wp-content\/uploads\/2026\/05\/geister_native-american_wendigo.webp","datePublished":"2026-09-03T16:30:37+00:00","dateModified":"2026-09-03T16:56:36+00:00","description":"Wendigo, kanibalsk\u00fd duch severoamerick\u00fdch lesn\u00edch n\u00e1rod\u016f, je kl\u00ed\u010dov\u00fd \u0161kodliv\u00fd duch algonkinsk\u00e9 tradice s vlastn\u00edm m\u00fdtem.","breadcrumb":{"@id":"https:\/\/iwell-guard.com\/cs\/wendigo-kanibalsky-duch-lesnich-narodu\/#breadcrumb"},"inLanguage":"cs","potentialAction":[{"@type":"ReadAction","target":["https:\/\/iwell-guard.com\/cs\/wendigo-kanibalsky-duch-lesnich-narodu\/"]}]},{"@type":"ImageObject","inLanguage":"cs","@id":"https:\/\/iwell-guard.com\/cs\/wendigo-kanibalsky-duch-lesnich-narodu\/#primaryimage","url":"https:\/\/iwell-guard.com\/wp-content\/uploads\/2026\/05\/geister_native-american_wendigo.webp","contentUrl":"https:\/\/iwell-guard.com\/wp-content\/uploads\/2026\/05\/geister_native-american_wendigo.webp","width":1024,"height":1536,"caption":"Duchov\u00e9 z indi\u00e1nsk\u00e9 tradice."},{"@type":"BreadcrumbList","@id":"https:\/\/iwell-guard.com\/cs\/wendigo-kanibalsky-duch-lesnich-narodu\/#breadcrumb","itemListElement":[{"@type":"ListItem","position":1,"name":"Start","item":"https:\/\/iwell-guard.com\/cs\/?page_id=145107"},{"@type":"ListItem","position":2,"name":"Wendigo \u2013 kanibalsk\u00fd duch severoamerick\u00fdch lesn\u00edch n\u00e1rod\u016f"}]},{"@type":"WebSite","@id":"https:\/\/iwell-guard.com\/cs\/#website","url":"https:\/\/iwell-guard.com\/cs\/","name":"iWell Guard","description":"Schutz vor dunklen Einfl\u00fcssen","publisher":{"@id":"https:\/\/iwell-guard.com\/cs\/#organization"},"potentialAction":[{"@type":"SearchAction","target":{"@type":"EntryPoint","urlTemplate":"https:\/\/iwell-guard.com\/cs\/?s={search_term_string}"},"query-input":{"@type":"PropertyValueSpecification","valueRequired":true,"valueName":"search_term_string"}}],"inLanguage":"cs"},{"@type":"Organization","@id":"https:\/\/iwell-guard.com\/cs\/#organization","name":"Ittermann electronic GmbH","url":"https:\/\/iwell-guard.com\/cs\/","logo":{"@type":"ImageObject","inLanguage":"cs","@id":"https:\/\/iwell-guard.com\/cs\/#\/schema\/logo\/image\/","url":"https:\/\/iwell-guard.com\/wp-content\/uploads\/2026\/05\/Ittermann-Logo-1182x237-1.png","contentUrl":"https:\/\/iwell-guard.com\/wp-content\/uploads\/2026\/05\/Ittermann-Logo-1182x237-1.png","width":1182,"height":237,"caption":"Ittermann electronic GmbH"},"image":{"@id":"https:\/\/iwell-guard.com\/cs\/#\/schema\/logo\/image\/"},"sameAs":["https:\/\/pantip.com\/profile\/9367242","https:\/\/micro.blog\/iwellguard","https:\/\/www.diggerslist.com\/iwellguard\/about","https:\/\/skitterphoto.com\/photographers\/2870314\/iwell-guard","https:\/\/iwellguard.wordpress.com\/2026\/06\/06\/iwell-guard\/","https:\/\/hub.docker.com\/u\/iwellguard","https:\/\/www.pinterest.com\/iwellguard\/","https:\/\/bit.ly\/m\/iwellguard","https:\/\/entre-vos-mains.alsace.eu\/profiles\/iwellguard\/activity","https:\/\/gravatar.com\/reallybeded8fd34","https:\/\/naijamatta.com\/iwellguard","https:\/\/www.goodreads.com\/iwellguard","https:\/\/profile.hatena.ne.jp\/iwellguard\/","https:\/\/experiment.com\/users\/iwellguard","https:\/\/wakelet.com\/@iWellGuard82270","https:\/\/www.chordie.com\/forum\/profile.php?id=2555664","https:\/\/www.instapaper.com\/p\/17757966","https:\/\/www.mapleprimes.com\/users\/iwellguard","https:\/\/businesslistingplus.com\/profile\/iwell-guard\/","https:\/\/telegra.ph\/iWell-Guard-06-06","https:\/\/pbase.com\/iwellguard\/iwellguard","https:\/\/b.hatena.ne.jp\/iwellguard\/20260607#bookmark-4788405196491818882","https:\/\/fliphtml5.com\/home\/iwellguard","https:\/\/anyflip.com\/homepage\/cmiwl#About","https:\/\/transfur.com\/Users\/iwellguard","http:\/\/delphi.larsbo.org\/user\/iwellguard","https:\/\/jobs.lajobsportal.org\/profiles\/8380803-iwell-guard","https:\/\/md.chaosdorf.de\/s\/jfbe5SBdJD","https:\/\/www.lingvolive.com\/en-us\/profile\/9ecaeaca-ce11-4e51-9e71-01d55e2bff36\/translations","https:\/\/www.fitday.com\/fitness\/forums\/members\/iwellguard.html","https:\/\/www.mymeetbook.com\/iwellguard","https:\/\/pxhere.com\/en\/photographer-me\/5040798","https:\/\/disqus.com\/by\/iwellguard\/about\/","https:\/\/pastelink.net\/hjwciqwq","https:\/\/pubhtml5.com\/homepage\/scjhn\/","https:\/\/www.bitchute.com\/channel\/2O2eOKzNqujT","https:\/\/audiomack.com\/iwellguard"]},{"@type":"Person","@id":"https:\/\/iwell-guard.com\/cs\/#\/schema\/person\/ee2a27f1cac3406c7c6fb5820cb7349f","name":"Ralf Ittermann","image":{"@type":"ImageObject","inLanguage":"cs","@id":"https:\/\/secure.gravatar.com\/avatar\/073c0153e350a5005b68eb752b445fea71f6b24a26da9449ad7e155e6b446c9d?s=96&d=mm&r=g","url":"https:\/\/secure.gravatar.com\/avatar\/073c0153e350a5005b68eb752b445fea71f6b24a26da9449ad7e155e6b446c9d?s=96&d=mm&r=g","contentUrl":"https:\/\/secure.gravatar.com\/avatar\/073c0153e350a5005b68eb752b445fea71f6b24a26da9449ad7e155e6b446c9d?s=96&d=mm&r=g","caption":"Ralf Ittermann"},"givenName":"Ralf","familyName":"Ittermann","jobTitle":"Gesch\u00e4ftsf\u00fchrer und redaktioneller Verantwortlicher","url":"https:\/\/iwell-guard.com\/cs\/author\/claude\/","description":"Ralf Ittermann ist Gesch\u00e4ftsf\u00fchrer der Ittermann electronic GmbH und redaktioneller Verantwortlicher des iWell-Guard-Lexikons. Er verbindet langj\u00e4hrige Erfahrung in der Pr\u00e4zisionsfertigung mit medialer Praxis und religionsgeschichtlicher Quellenarbeit.","worksFor":{"@type":"Organization","name":"Ittermann electronic GmbH","url":"https:\/\/ittermann.de\/","address":{"@type":"PostalAddress","streetAddress":"K\u00f6hlergasse 16-18","postalCode":"99842","addressLocality":"Ruhla","addressCountry":"DE"}},"knowsAbout":["Religionsgeschichte","Mythologie","Mediale Praxis","Energetische Diagnostik","Schutzpraxis","Volksglauben","Westliche Esoterik"]},{"@type":"Article","@id":"https:\/\/iwell-guard.com\/cs\/wendigo-kanibalsky-duch-lesnich-narodu\/#article","isPartOf":{"@id":"https:\/\/iwell-guard.com\/cs\/wendigo-kanibalsky-duch-lesnich-narodu\/"},"author":{"name":"Ralf Ittermann","@id":"https:\/\/iwell-guard.com\/cs\/#\/schema\/person\/ee2a27f1cac3406c7c6fb5820cb7349f"},"headline":"Wendigo \u2013 kanibalsk\u00fd duch severoamerick\u00fdch lesn\u00edch n\u00e1rod\u016f","datePublished":"2026-09-03T16:30:37+00:00","dateModified":"2026-09-03T16:56:36+00:00","mainEntityOfPage":{"@id":"https:\/\/iwell-guard.com\/cs\/wendigo-kanibalsky-duch-lesnich-narodu\/"},"publisher":{"@id":"https:\/\/iwell-guard.com\/cs\/#organization"},"image":{"@id":"https:\/\/iwell-guard.com\/cs\/wendigo-kanibalsky-duch-lesnich-narodu\/#primaryimage"},"thumbnailUrl":"https:\/\/iwell-guard.com\/wp-content\/uploads\/2026\/05\/geister_native-american_wendigo.webp","inLanguage":"cs","description":"Wendigo, kanibalsk\u00fd duch severoamerick\u00fdch lesn\u00edch n\u00e1rod\u016f, je kl\u00ed\u010dov\u00fd \u0161kodliv\u00fd duch algonkinsk\u00e9 tradice s vlastn\u00edm m\u00fdtem."}]}},"_links":{"self":[{"href":"https:\/\/iwell-guard.com\/cs\/wp-json\/wp\/v2\/pages\/145460","targetHints":{"allow":["GET"]}}],"collection":[{"href":"https:\/\/iwell-guard.com\/cs\/wp-json\/wp\/v2\/pages"}],"about":[{"href":"https:\/\/iwell-guard.com\/cs\/wp-json\/wp\/v2\/types\/page"}],"author":[{"embeddable":true,"href":"https:\/\/iwell-guard.com\/cs\/wp-json\/wp\/v2\/users\/3"}],"replies":[{"embeddable":true,"href":"https:\/\/iwell-guard.com\/cs\/wp-json\/wp\/v2\/comments?post=145460"}],"version-history":[{"count":0,"href":"https:\/\/iwell-guard.com\/cs\/wp-json\/wp\/v2\/pages\/145460\/revisions"}],"wp:featuredmedia":[{"embeddable":true,"href":"https:\/\/iwell-guard.com\/cs\/wp-json\/wp\/v2\/media\/2701"}],"wp:attachment":[{"href":"https:\/\/iwell-guard.com\/cs\/wp-json\/wp\/v2\/media?parent=145460"}],"wp:term":[{"taxonomy":"category","embeddable":true,"href":"https:\/\/iwell-guard.com\/cs\/wp-json\/wp\/v2\/categories?post=145460"}],"curies":[{"name":"wp","href":"https:\/\/api.w.org\/{rel}","templated":true}]}}