{"id":145449,"date":"2026-09-03T16:30:31","date_gmt":"2026-09-03T16:30:31","guid":{"rendered":"https:\/\/iwell-guard.com\/?page_id=145449"},"modified":"2026-09-03T16:56:19","modified_gmt":"2026-09-03T16:56:19","slug":"mama-killa-mesicni-bohyne-inku","status":"publish","type":"page","link":"https:\/\/iwell-guard.com\/cs\/mama-killa-mesicni-bohyne-inku\/","title":{"rendered":"Mama Killa \u2013 M\u011bs\u00ed\u010dn\u00ed bohyn\u011b Ink\u016f"},"content":{"rendered":"\t\t<div data-elementor-type=\"wp-page\" data-elementor-id=\"145449\" class=\"elementor elementor-145449 elementor-2577 elementor-bc-flex-widget\" data-elementor-post-type=\"page\">\n\t\t\t\t<div class=\"elementor-element elementor-element-iwgw-mamakilla-hero e-flex e-con-boxed e-con e-parent\" data-id=\"iwgw-mamakilla-hero\" data-element_type=\"container\" data-e-type=\"container\" data-settings=\"{&quot;background_background&quot;:&quot;classic&quot;}\">\n\t\t\t\t\t<div class=\"e-con-inner\">\n\t\t<div class=\"elementor-element elementor-element-iwgw-mamakilla-hl e-flex e-con-boxed e-con e-child\" data-id=\"iwgw-mamakilla-hl\" data-element_type=\"container\" data-e-type=\"container\">\n\t\t\t\t\t<div class=\"e-con-inner\">\n\t\t<div class=\"elementor-element elementor-element-iwgw-mamakilla-htxt e-con-full e-flex e-con e-child\" data-id=\"iwgw-mamakilla-htxt\" data-element_type=\"container\" data-e-type=\"container\">\n\t\t\t\t<div class=\"elementor-element elementor-element-iwgw-mamakilla-h1 elementor-widget elementor-widget-heading\" data-id=\"iwgw-mamakilla-h1\" data-element_type=\"widget\" data-e-type=\"widget\" data-widget_type=\"heading.default\">\n\t\t\t\t\t<h1 class=\"elementor-heading-title elementor-size-default\">Mama Killa, m\u011bs\u00ed\u010dn\u00ed bohyn\u011b a sestra-man\u017eelka slune\u010dn\u00edho boha<\/h1>\t\t\t\t<\/div>\n\t\t\t\t<div class=\"elementor-element elementor-element-iwgw-mamakilla-lead elementor-widget elementor-widget-text-editor\" data-id=\"iwgw-mamakilla-lead\" data-element_type=\"widget\" data-e-type=\"widget\" data-widget_type=\"text-editor.default\">\n\t\t\t\t\t\t\t\t\t<p>Mama Killa (ke\u010du\u00e1nsky <em>Mama Killa<\/em>) je m\u011bs\u00ed\u010dn\u00ed bohyn\u011b Ink\u016f, sestra-man\u017eelka slune\u010dn\u00edho boha <a href=\"https:\/\/iwell-guard.com\/cs\/?page_id=145446\">Intiho<\/a> a patronka \u017een, kalend\u00e1\u0159n\u00edho uspo\u0159\u00e1d\u00e1n\u00ed \u010dasu a ritu\u00e1ln\u00ed \u010distoty. Jej\u00ed chr\u00e1mov\u00fd okrsek v Coricanche v Cuscu byl oblo\u017een st\u0159\u00edbrn\u00fdmi deskami.<\/p>\t\t\t\t\t\t\t\t<\/div>\n\t\t\t\t<\/div>\n\t\t<div class=\"elementor-element elementor-element-iwgw-mamakilla-pillc e-con-full e-flex e-con e-child\" data-id=\"iwgw-mamakilla-pillc\" data-element_type=\"container\" data-e-type=\"container\">\n\t\t\t\t<div class=\"elementor-element elementor-element-iwgw-mamakilla-pills elementor-widget elementor-widget-html\" data-id=\"iwgw-mamakilla-pills\" data-element_type=\"widget\" data-e-type=\"widget\" data-widget_type=\"html.default\">\n\t\t\t\t\t<div class=\"iwg-pill-row\"><span class=\"iwg-klasse-badge\" tabindex=\"0\" data-tooltip=\"Bohyn\u011b tradice Andy \/ Inkov\u00e9.\">Bohyn\u011b<\/span><a href=\"https:\/\/iwell-guard.com\/cs\/?page_id=145436\" class=\"iwg-kultur-badge\" tabindex=\"0\" data-tooltip=\"Mytologie tradice Andy \/ Inkov\u00e9.\">Andy \/ Inkov\u00e9<\/a><span class=\"iwg-tradition-badge\" tabindex=\"0\" data-tooltip=\"M\u011bs\u00ed\u010dn\u00ed bohyn\u011b.\">M\u011bs\u00ed\u010dn\u00ed bohyn\u011b<\/span><\/div>\t\t\t\t<\/div>\n\t\t\t\t<\/div>\n\t\t<div class=\"elementor-element elementor-element-iwgw-mamakilla-tocc e-con-full e-flex e-con e-child\" data-id=\"iwgw-mamakilla-tocc\" data-element_type=\"container\" data-e-type=\"container\">\n\t\t\t\t<div class=\"elementor-element elementor-element-iwgw-mamakilla-toc elementor-toc--minimized-on-tablet elementor-widget elementor-widget-table-of-contents\" data-id=\"iwgw-mamakilla-toc\" data-element_type=\"widget\" data-e-type=\"widget\" data-settings=\"{&quot;headings_by_tags&quot;:[&quot;h2&quot;,&quot;h3&quot;],&quot;minimize_box&quot;:&quot;yes&quot;,&quot;marker_view&quot;:&quot;bullets&quot;,&quot;no_headings_message&quot;:&quot;Na t\\u00e9to str\\u00e1nce nebyly nalezeny \\u017e\\u00e1dn\\u00e9 nadpisy.&quot;,&quot;exclude_headings_by_selector&quot;:[],&quot;icon&quot;:{&quot;value&quot;:&quot;fas fa-circle&quot;,&quot;library&quot;:&quot;fa-solid&quot;,&quot;rendered_tag&quot;:&quot;&lt;svg class=\\&quot;e-font-icon-svg e-fas-circle\\&quot; viewBox=\\&quot;0 0 512 512\\&quot; xmlns=\\&quot;http:\\\/\\\/www.w3.org\\\/2000\\\/svg\\&quot;&gt;&lt;path d=\\&quot;M256 8C119 8 8 119 8 256s111 248 248 248 248-111 248-248S393 8 256 8z\\&quot;&gt;&lt;\\\/path&gt;&lt;\\\/svg&gt;&quot;},&quot;minimized_on&quot;:&quot;tablet&quot;,&quot;hierarchical_view&quot;:&quot;yes&quot;,&quot;min_height&quot;:{&quot;unit&quot;:&quot;px&quot;,&quot;size&quot;:&quot;&quot;,&quot;sizes&quot;:[]},&quot;min_height_tablet&quot;:{&quot;unit&quot;:&quot;px&quot;,&quot;size&quot;:&quot;&quot;,&quot;sizes&quot;:[]},&quot;min_height_mobile&quot;:{&quot;unit&quot;:&quot;px&quot;,&quot;size&quot;:&quot;&quot;,&quot;sizes&quot;:[]}}\" data-widget_type=\"table-of-contents.default\">\n\t\t\t\t\t\t\t\t\t<div class=\"elementor-toc__header\">\n\t\t\t\t\t\t<h2 class=\"elementor-toc__header-title\">\n\t\t\t\tObsah\t\t\t<\/h2>\n\t\t\t\t\t\t\t\t\t\t<div class=\"elementor-toc__toggle-button elementor-toc__toggle-button--expand\" role=\"button\" tabindex=\"0\" aria-controls=\"elementor-toc__iwgw-mamakilla-toc\" aria-expanded=\"true\" aria-label=\"Open table of contents\"><svg aria-hidden=\"true\" class=\"e-font-icon-svg e-fas-chevron-down\" viewBox=\"0 0 448 512\" xmlns=\"http:\/\/www.w3.org\/2000\/svg\"><path d=\"M207.029 381.476L12.686 187.132c-9.373-9.373-9.373-24.569 0-33.941l22.667-22.667c9.357-9.357 24.522-9.375 33.901-.04L224 284.505l154.745-154.021c9.379-9.335 24.544-9.317 33.901.04l22.667 22.667c9.373 9.373 9.373 24.569 0 33.941L240.971 381.476c-9.373 9.372-24.569 9.372-33.942 0z\"><\/path><\/svg><\/div>\n\t\t\t\t<div class=\"elementor-toc__toggle-button elementor-toc__toggle-button--collapse\" role=\"button\" tabindex=\"0\" aria-controls=\"elementor-toc__iwgw-mamakilla-toc\" aria-expanded=\"true\" aria-label=\"Close table of contents\"><svg aria-hidden=\"true\" class=\"e-font-icon-svg e-fas-chevron-up\" viewBox=\"0 0 448 512\" xmlns=\"http:\/\/www.w3.org\/2000\/svg\"><path d=\"M240.971 130.524l194.343 194.343c9.373 9.373 9.373 24.569 0 33.941l-22.667 22.667c-9.357 9.357-24.522 9.375-33.901.04L224 227.495 69.255 381.516c-9.379 9.335-24.544 9.317-33.901-.04l-22.667-22.667c-9.373-9.373-9.373-24.569 0-33.941L207.03 130.525c9.372-9.373 24.568-9.373 33.941-.001z\"><\/path><\/svg><\/div>\n\t\t\t\t\t<\/div>\n\t\t\t\t<div id=\"elementor-toc__iwgw-mamakilla-toc\" class=\"elementor-toc__body\">\n\t\t\t<div class=\"elementor-toc__spinner-container\">\n\t\t\t\t<svg class=\"elementor-toc__spinner eicon-animation-spin e-font-icon-svg e-eicon-loading\" aria-hidden=\"true\" viewBox=\"0 0 1000 1000\" xmlns=\"http:\/\/www.w3.org\/2000\/svg\"><path d=\"M500 975V858C696 858 858 696 858 500S696 142 500 142 142 304 142 500H25C25 237 238 25 500 25S975 237 975 500 763 975 500 975Z\"><\/path><\/svg>\t\t\t<\/div>\n\t\t<\/div>\n\t\t\t\t\t\t<\/div>\n\t\t\t\t<\/div>\n\t\t\t\t\t<\/div>\n\t\t\t\t<\/div>\n\t\t<div class=\"elementor-element elementor-element-iwgw-mamakilla-hr e-con-full e-flex e-con e-child\" data-id=\"iwgw-mamakilla-hr\" data-element_type=\"container\" data-e-type=\"container\">\n\t\t\t\t<div class=\"elementor-element elementor-element-iwgw-mamakilla-heroimg iwg-hero-image elementor-widget elementor-widget-image\" data-id=\"iwgw-mamakilla-heroimg\" data-element_type=\"widget\" data-e-type=\"widget\" data-widget_type=\"image.default\">\n\t\t\t\t\t\t\t\t\t\t\t\t\t\t\t<img fetchpriority=\"high\" decoding=\"async\" width=\"683\" height=\"1024\" src=\"https:\/\/iwell-guard.com\/wp-content\/uploads\/2026\/05\/goetter_anden-inka_mama-killa-683x1024.webp\" class=\"attachment-large size-large wp-image-2680\" alt=\"Mama Killa \u2013 M\u011bs\u00ed\u010dn\u00ed bohyn\u011b Ink\u016f\" srcset=\"https:\/\/iwell-guard.com\/wp-content\/uploads\/2026\/05\/goetter_anden-inka_mama-killa-683x1024.webp 683w, https:\/\/iwell-guard.com\/wp-content\/uploads\/2026\/05\/goetter_anden-inka_mama-killa-200x300.webp 200w, https:\/\/iwell-guard.com\/wp-content\/uploads\/2026\/05\/goetter_anden-inka_mama-killa-768x1152.webp 768w, https:\/\/iwell-guard.com\/wp-content\/uploads\/2026\/05\/goetter_anden-inka_mama-killa.webp 1024w\" sizes=\"(max-width: 683px) 100vw, 683px\" \/>\t\t\t\t\t\t\t\t\t\t\t\t\t\t\t<\/div>\n\t\t\t\t<\/div>\n\t\t\t\t\t<\/div>\n\t\t\t\t<\/div>\n\t\t\t\t<section class=\"elementor-section elementor-top-section elementor-element elementor-element-sec-iwgcomp-mama-killa elementor-section-boxed elementor-section-height-default elementor-section-height-default\" data-id=\"sec-iwgcomp-mama-killa\" data-element_type=\"section\" data-e-type=\"section\">\n\t\t\t\t\t\t<div class=\"elementor-container elementor-column-gap-default\">\n\t\t\t\t\t<div class=\"elementor-column elementor-col-100 elementor-top-column elementor-element elementor-element-col-iwgcomp-mama-killa\" data-id=\"col-iwgcomp-mama-killa\" data-element_type=\"column\" data-e-type=\"column\">\n\t\t\t<div class=\"elementor-widget-wrap elementor-element-populated\">\n\t\t\t\t\t\t<div class=\"elementor-element elementor-element-iwgcomp-mama-killa elementor-widget elementor-widget-text-editor\" data-id=\"iwgcomp-mama-killa\" data-element_type=\"widget\" data-e-type=\"widget\" data-widget_type=\"text-editor.default\">\n\t\t\t\t\t\t\t\t\t<p>Mama Killa, <strong>inksk\u00e1 m\u011bs\u00ed\u010dn\u00ed bohyn\u011b<\/strong>, je pova\u017eov\u00e1na za sestru a man\u017eelku Intiho a vl\u00e1dne no\u010dn\u00ed sf\u00e9\u0159e.<\/p>\t\t\t\t\t\t\t\t<\/div>\n\t\t\t\t\t<\/div>\n\t\t<\/div>\n\t\t\t\t\t<\/div>\n\t\t<\/section>\n\t\t<div class=\"elementor-element elementor-element-iwgw-mamakilla-s0 e-flex e-con-boxed e-con e-parent\" data-id=\"iwgw-mamakilla-s0\" data-element_type=\"container\" data-e-type=\"container\">\n\t\t\t\t\t<div class=\"e-con-inner\">\n\t\t\t\t<div class=\"elementor-element elementor-element-iwgw-mamakilla-s0h elementor-widget elementor-widget-heading\" data-id=\"iwgw-mamakilla-s0h\" data-element_type=\"widget\" data-e-type=\"widget\" data-widget_type=\"heading.default\">\n\t\t\t\t\t<h2 class=\"elementor-heading-title elementor-size-default\">Za\u0159azen\u00ed v andsk\u00e9m panteonu<\/h2>\t\t\t\t<\/div>\n\t\t<div class=\"elementor-element elementor-element-iwgw-mamakilla-s0c e-con-full e-flex e-con e-child\" data-id=\"iwgw-mamakilla-s0c\" data-element_type=\"container\" data-e-type=\"container\">\n\t\t\t\t<div class=\"elementor-element elementor-element-iwgw-mamakilla-s0t elementor-widget elementor-widget-text-editor\" data-id=\"iwgw-mamakilla-s0t\" data-element_type=\"widget\" data-e-type=\"widget\" data-widget_type=\"text-editor.default\">\n\t\t\t\t\t\t\t\t\t<p>Mama Killa pat\u0159\u00ed k nejvy\u0161\u0161\u00edm \u017eensk\u00fdm bo\u017estv\u016fm inck\u00e9ho st\u00e1tn\u00edho kultu.<\/p><p>Garcilaso de la Vega ji ve sv\u00fdch <em>Comentarios Reales<\/em> (1609) popisuje jako sestru a man\u017eelku <a href=\"https:\/\/iwell-guard.com\/cs\/?page_id=145446\">Intiho<\/a>; jej\u00ed vlastn\u00ed chr\u00e1mov\u00fd okrsek v Coricanche v Cuscu se nach\u00e1zel p\u0159\u00edmo u Slune\u010dn\u00edho chr\u00e1mu, byl v\u0161ak oblo\u017een st\u0159\u00edbrn\u00fdmi, nikoli zlat\u00fdmi deskami, co\u017e je d\u016fsledn\u00fd ikonografick\u00fd v\u00fdraz pod\u0159azen\u00e9ho, av\u0161ak samostatn\u00e9ho postaven\u00ed m\u011bs\u00ed\u010dn\u00ed bohyn\u011b.<\/p><p>Z religionistick\u00e9ho hlediska se \u0159ad\u00ed do roz\u0161\u00ed\u0159en\u00e9ho vzorce lun\u00e1rn\u011b-sol\u00e1rn\u00edch sestersk\u00fdch p\u00e1r\u016f, kter\u00fd sah\u00e1 od staroegyptsk\u00e9 konstelace Hathor\/Re p\u0159es japonsk\u00fd p\u00e1r Tsukuyomi\/Amaterasu a\u017e po mezopotamsk\u00fd vztah I\u0161tar\/\u0160ama\u0161. V r\u00e1mci Andsk\u00e9ho prostoru tvo\u0159\u00ed \u017eensk\u00fd dopln\u011bk k mu\u017esk\u00e9mu komplexu sol\u00e1rn\u00ed teologie a z\u00e1rove\u0148 vymezuje kultovn\u00ed postaven\u00ed vysoce postaven\u00e9 <em>Coya<\/em>, hlavn\u00ed man\u017eelky Inky.<\/p><p>Catherine Allen upozor\u0148uje, \u017ee Mama Killa je v modern\u00edch ke\u010du\u00e1nsky mluv\u00edc\u00edch vesnic\u00edch v\u00fdrazn\u011b m\u00e9n\u011b p\u0159\u00edtomn\u00e1 ne\u017e <a href=\"https:\/\/iwell-guard.com\/cs\/?page_id=145447\">Pachamama<\/a>; p\u016fsob\u00ed sp\u00ed\u0161e jako \u010dasov\u011b-kalend\u00e1\u0159n\u00ed \u0159\u00eddic\u00ed princip, kter\u00fd ur\u010duje doby set\u00ed a sklizn\u011b, m\u00e9n\u011b jako osobn\u011b vz\u00fdvan\u00e9 ochrann\u00e9 bo\u017estvo.<\/p><p>Tento odstup se vysv\u011btluje st\u00e1tn\u011b-imperi\u00e1ln\u00edm charakterem jej\u00ed inck\u00e9ho uct\u00edv\u00e1n\u00ed, kter\u00e9 s z\u00e1nikem politick\u00e9 inck\u00e9ho struktury ztratilo institucion\u00e1ln\u00ed op\u043e\u0440\u0443.<\/p><p>Inksk\u00e1 metropole Cusco byla kosmologicky rozd\u011blena na <em>hanan<\/em> (horn\u00ed) a <em>hurin<\/em> (doln\u00ed) Cusco, kter\u00e9 podle Toma Zuidemy nesly komplement\u00e1rn\u00ed konotace mu\u017esk\u00e9\/\u017eensk\u00e9, sol\u00e1rn\u00ed\/lun\u00e1rn\u00ed.<\/p><p>Mama Killa byla uct\u00edv\u00e1na zejm\u00e9na ve \u010dtvrt\u00edch hurin-Cusca, kter\u00e9 p\u0159edstavovaly doln\u00ed, vlh\u010d\u00ed a \u017een\u0161t\u011bji konotovanou polovinu m\u011bsta. Toto uspo\u0159\u00e1d\u00e1n\u00ed nebylo pouh\u00fdm form\u00e1ln\u00edm sch\u00e9matem, ale ur\u010dovalo pravidla s\u0148atk\u016f, povinnosti mezi \u010dtvrt\u011bmi i kalend\u00e1\u0159n\u00ed ritu\u00e1ln\u00ed funkce.<\/p>\t\t\t\t\t\t\t\t<\/div>\n\t\t\t\t<\/div>\n\t\t\t\t\t<\/div>\n\t\t\t\t<\/div>\n\t\t<div class=\"elementor-element elementor-element-iwgw-mamakilla-s1 e-flex e-con-boxed e-con e-parent\" data-id=\"iwgw-mamakilla-s1\" data-element_type=\"container\" data-e-type=\"container\">\n\t\t\t\t\t<div class=\"e-con-inner\">\n\t\t\t\t<div class=\"elementor-element elementor-element-iwgw-mamakilla-s1h elementor-widget elementor-widget-heading\" data-id=\"iwgw-mamakilla-s1h\" data-element_type=\"widget\" data-e-type=\"widget\" data-widget_type=\"heading.default\">\n\t\t\t\t\t<h2 class=\"elementor-heading-title elementor-size-default\">Jm\u00e9no a etymologie<\/h2>\t\t\t\t<\/div>\n\t\t<div class=\"elementor-element elementor-element-iwgw-mamakilla-s1c e-con-full e-flex e-con e-child\" data-id=\"iwgw-mamakilla-s1c\" data-element_type=\"container\" data-e-type=\"container\">\n\t\t\t\t<div class=\"elementor-element elementor-element-iwgw-mamakilla-s1t elementor-widget elementor-widget-text-editor\" data-id=\"iwgw-mamakilla-s1t\" data-element_type=\"widget\" data-e-type=\"widget\" data-widget_type=\"text-editor.default\">\n\t\t\t\t\t\t\t\t\t<p>Jm\u00e9no <em>Mama Killa<\/em> je jednoduch\u00e9 ke\u010du\u00e1nsk\u00e9 slo\u017een\u00e9 slovo z <em>mama<\/em> (matka, \u017eena, vysoce postaven\u00e1 \u017eena) a <em>killa<\/em> (m\u011bs\u00edc, m\u011bs\u00edc jako \u010dasov\u00e1 jednotka). Podobn\u011b jako u <em>inti<\/em> ozna\u010duje toto slovo jak fyzick\u00e9 nebesk\u00e9 t\u011bleso, tak personifikovan\u00e9 <span class=\"iwg-fachbegriff\" data-tooltip=\"Bytost uct\u00edvan\u00e1 jako bo\u017esk\u00e1 v r\u00e1mci n\u00e1bo\u017eenstv\u00ed.\" tabindex=\"0\">bo\u017estvo<\/span>, co\u017e je pro andsk\u00e9 my\u0161len\u00ed typick\u00e9 splynut\u00ed p\u0159\u00edrodn\u00ed a numin\u00f3zn\u00ed roviny.<\/p><p>Diego Gonz\u00e1lez Holgu\u00edn ve sv\u00e9m <em>Vocabulario<\/em> (1608) uv\u00e1d\u00ed v\u00fdznam <em>killa<\/em> jako <em>luna o mes<\/em>. Dvojzna\u010dnost m\u011bs\u00edc\/m\u011bs\u00edc jako doba je charakteristick\u00e1: Mama Killa nen\u00ed jen m\u011bs\u00ed\u010dn\u00ed podobou na obloze, ale tak\u00e9 personifikac\u00ed kalend\u00e1\u0159n\u00ed doby m\u011bs\u00edce, podle n\u00ed\u017e se \u0159\u00edd\u00ed \u017eensk\u00e1 biologie, set\u00ed a sklize\u0148.<\/p><p>V ajmarsk\u00e9 oblasti se setk\u00e1v\u00e1me s ekvivalentem <em>Phaxsi Mama<\/em>, takt\u00e9\u017e m\u011bs\u00ed\u010dn\u00ed matka. Region\u00e1ln\u00ed varianta <em>Quilla<\/em> s dvojit\u00fdm <em>l<\/em> se objevuje v n\u011bkter\u00fdch star\u0161\u00edch \u0161pan\u011blsk\u00fdch kronik\u00e1ch (Sarmiento, Cobo) a odr\u00e1\u017e\u00ed ranou ortografii \u0161pan\u011blsk\u00fdch mision\u00e1\u0159\u016f.<\/p><p>Jazykov\u011b zaj\u00edmav\u00e1 je bl\u00edzk\u00e1 p\u0159\u00edbuznost slov <em>killa<\/em> a <em>killay<\/em>, ke\u010du\u00e1nsk\u00e9ho slovesa pro <em>\u010dekat<\/em> nebo <em>\u010dekat na<\/em>. Cesar Itier ve sv\u00fdch jazykov\u011bdn\u00fdch prac\u00edch o inck\u00e9m <span class=\"iwg-fachbegriff\" data-tooltip=\"V\u011bdeck\u00e1 nauka o Bohu a v\u00ed\u0159e v r\u00e1mci n\u00e1bo\u017eenstv\u00ed.\" tabindex=\"0\">teologii<\/span> vyslovil hypot\u00e9zu, \u017ee <em>killa<\/em> mohlo p\u016fvodn\u011b ozna\u010dovat \u010dekac\u00ed f\u00e1zi mezi jednotliv\u00fdmi seji, v n\u00ed\u017e m\u011bs\u00ed\u010dn\u00ed cykly strukturovaly zem\u011bd\u011blc\u016fm trp\u011blivost mezi set\u00edm a sklizn\u00ed.<\/p><p>Tato hypot\u00e9za vysv\u011btluje neobvyklou dvoj\u00ed funkci m\u011bs\u00ed\u010dn\u00ed bohyn\u011b jako personifikace \u010dekac\u00ed doby a kalend\u00e1\u0159n\u00edho \u0159\u00eddic\u00edho principu zp\u016fsobem, kter\u00fd p\u0159evy\u0161uje \u010dist\u011b astronomickou interpretaci.<\/p>\t\t\t\t\t\t\t\t<\/div>\n\t\t\t\t<\/div>\n\t\t\t\t\t<\/div>\n\t\t\t\t<\/div>\n\t\t<div class=\"elementor-element elementor-element-iwgw-mamakilla-s2 e-flex e-con-boxed e-con e-parent\" data-id=\"iwgw-mamakilla-s2\" data-element_type=\"container\" data-e-type=\"container\">\n\t\t\t\t\t<div class=\"e-con-inner\">\n\t\t\t\t<div class=\"elementor-element elementor-element-iwgw-mamakilla-s2h elementor-widget elementor-widget-heading\" data-id=\"iwgw-mamakilla-s2h\" data-element_type=\"widget\" data-e-type=\"widget\" data-widget_type=\"heading.default\">\n\t\t\t\t\t<h2 class=\"elementor-heading-title elementor-size-default\">Popis a ikonografie<\/h2>\t\t\t\t<\/div>\n\t\t<div class=\"elementor-element elementor-element-iwgw-mamakilla-s2c e-con-full e-flex e-con e-child\" data-id=\"iwgw-mamakilla-s2c\" data-element_type=\"container\" data-e-type=\"container\">\n\t\t\t\t<div class=\"elementor-element elementor-element-iwgw-mamakilla-s2t elementor-widget elementor-widget-text-editor\" data-id=\"iwgw-mamakilla-s2t\" data-element_type=\"widget\" data-e-type=\"widget\" data-widget_type=\"text-editor.default\">\n\t\t\t\t\t\t\t\t\t<p>Mama Killa je v pramenech popisov\u00e1na jako st\u0159\u00edbrn\u011b z\u00e1\u0159\u00edc\u00ed kotou\u010d s antropomorfn\u00ed tv\u00e1\u0159\u00ed, \u017eensk\u00fd prot\u011bj\u0161ek zlat\u00e9ho Punchao Intiho. Tento st\u0159\u00edbrn\u00fd kotou\u010d st\u00e1l v tzv. <em>Killakancha<\/em>, m\u011bs\u00ed\u010dn\u00ed komo\u0159e v r\u00e1mci Coricancha. Polo de Ondegardo a Bernab\u00e9 Cobo uv\u00e1d\u011bj\u00ed, \u017ee m\u011bs\u00ed\u010dn\u00ed kotou\u010d byl po \u0161pan\u011blsk\u00e9m dobyt\u00ed roztaven a tedy se nezachoval.<\/p><p>V koloni\u00e1ln\u00edm mal\u00ed\u0159stv\u00ed cusquensk\u00e9 \u0161koly se Mama Killa \u010dasto objevuje jako \u017eensk\u00e1 postava se st\u0159\u00edbrn\u00fdm diad\u00e9mem ve tvaru m\u011bs\u00ed\u010dn\u00edho kotou\u010de, \u010dasto doprov\u00e1zen\u00e1 stylizovanou hv\u011bzdnou obloho. V n\u011bkter\u00fdch d\u00edlech cuscsk\u00e9 \u0161koly je zobrazov\u00e1na jako <em>synkreze Panny Marie, Pachamamy a Mama Killy<\/em>, nap\u0159\u00edklad na and\u011blsk\u00fdch v\u00fdjevech v kostele San Pedro v Andahuaylillas.<\/p><p>Zaj\u00edmav\u00e9 je astronomick\u00e9 pozorov\u00e1n\u00ed m\u011bs\u00ed\u010dn\u00edch skvrn v inck\u00e9m <span class=\"iwg-fachbegriff\" data-tooltip=\"V\u011bdeck\u00e1 nauka o Bohu a v\u00ed\u0159e n\u00e1bo\u017eenstv\u00ed.\" tabindex=\"0\">theologii<\/span>: temn\u00e9 skvrny na M\u011bs\u00edci byly vykl\u00e1d\u00e1ny jako li\u0161ka, kter\u00e1 se z l\u00e1sky p\u0159itiskla k Mama Kille a nav\u011bky se vp\u00e1lila do jej\u00edho obli\u010deje. Tento p\u0159\u00edb\u011bh o m\u011bs\u00ed\u010dn\u00edch skvrn\u00e1ch zaznamenal Crist\u00f3bal de Molina a pat\u0159\u00ed k vz\u00e1cn\u011b zachovan\u00fdm inck\u00fdm m\u00fdt\u016fm s astronomicko-aitiologick\u00fdm charakterem.<\/p><p>St\u0159\u00edbrn\u00fd kotou\u010d Mama Killy v Killakanche m\u011bl podle Garcilasa p\u0159ibli\u017en\u011b stejnou velikost jako zlat\u00e9 zobrazen\u00ed Punchao Intiho.<\/p><p>Na rozd\u00edl od Punchaa, kter\u00fd byl vyn\u00e1\u0161en z nejsv\u011bt\u011bj\u0161\u00ed svatyn\u011b jen ve sv\u00e1te\u010dn\u00edch dnech, byl m\u011bs\u00ed\u010dn\u00ed kotou\u010d vystaven trvale, proto\u017ee m\u011bs\u00ed\u010dn\u00ed <span class=\"iwg-fachbegriff\" data-tooltip=\"V\u011bdeck\u00e1 nauka o Bohu a v\u00ed\u0159e n\u00e1bo\u017eenstv\u00ed.\" tabindex=\"0\">theologie<\/span> nebyla t\u011b\u017ei\u0161t\u011bm politick\u00e9 sebeprezentace Ink\u016f, a proto nemusela b\u00fdt inscenov\u00e1na tak restriktivn\u011b.<\/p><p>Na vnit\u0159n\u00edch st\u011bn\u00e1ch Killakanchy st\u00e1ly nav\u00edc mumifikovan\u00e1 t\u011bla zesnul\u00fdch hlavn\u00edch man\u017eelek (<em>Mallqui Coya<\/em>), \u017eensk\u00fd prot\u011bj\u0161ek galerie p\u0159edk\u016f Mallqui v chr\u00e1mu Intiho.<\/p>\t\t\t\t\t\t\t\t<\/div>\n\t\t\t\t<\/div>\n\t\t\t\t\t<\/div>\n\t\t\t\t<\/div>\n\t\t<div class=\"elementor-element elementor-element-iwgw-mamakilla-s3 e-flex e-con-boxed e-con e-parent\" data-id=\"iwgw-mamakilla-s3\" data-element_type=\"container\" data-e-type=\"container\">\n\t\t\t\t\t<div class=\"e-con-inner\">\n\t\t\t\t<div class=\"elementor-element elementor-element-iwgw-mamakilla-s3h elementor-widget elementor-widget-heading\" data-id=\"iwgw-mamakilla-s3h\" data-element_type=\"widget\" data-e-type=\"widget\" data-widget_type=\"heading.default\">\n\t\t\t\t\t<h2 class=\"elementor-heading-title elementor-size-default\">Mytologick\u00e1 vypr\u00e1v\u011bn\u00ed<\/h2>\t\t\t\t<\/div>\n\t\t<div class=\"elementor-element elementor-element-iwgw-mamakilla-s3c e-con-full e-flex e-con e-child\" data-id=\"iwgw-mamakilla-s3c\" data-element_type=\"container\" data-e-type=\"container\">\n\t\t\t\t<div class=\"elementor-element elementor-element-iwgw-mamakilla-s3t elementor-widget elementor-widget-text-editor\" data-id=\"iwgw-mamakilla-s3t\" data-element_type=\"widget\" data-e-type=\"widget\" data-widget_type=\"text-editor.default\">\n\t\t\t\t\t\t\t\t\t<p>Nejv\u00fdznamn\u011bj\u0161\u00ed <span class=\"iwg-fachbegriff\" data-tooltip=\"Tradovan\u00e9 vypr\u00e1v\u011bn\u00ed o boz\u00edch, po\u010d\u00e1tc\u00edch a uspo\u0159\u00e1d\u00e1n\u00ed sv\u011bta.\" tabindex=\"0\">m\u00fdtus<\/span> o Mama Kille vysv\u011btluje m\u011bs\u00ed\u010dn\u00ed zatm\u011bn\u00ed. Podle Garcilasa de la Vegy Inkov\u00e9 v\u011b\u0159ili, \u017ee p\u0159i m\u011bs\u00ed\u010dn\u00edm zatm\u011bn\u00ed napad\u00e1 bohyni M\u011bs\u00edce kosmick\u00fd <em>puma<\/em> nebo <em>had<\/em> a hroz\u00ed, \u017ee ji pohlt\u00ed.<\/p><p>Aby tomuto \u00fatoku zabr\u00e1nili, d\u011blali lid\u00e9 v noci m\u011bs\u00ed\u010dn\u00edho zatm\u011bn\u00ed v Cuscu velk\u00fd hluk: bu\u0161ili do p\u00e1nv\u00ed, \u0161tvali psy ke \u0161t\u011bk\u00e1n\u00ed, st\u0159\u00edleli \u0161\u00edpy sm\u011brem k M\u011bs\u00edci a sna\u017eili se tak \u00fato\u010d\u00edc\u00ed zv\u00ed\u0159e zahnat. Tato praxe je zaznamen\u00e1na i v kronice Felipeho Guamana Pomy de Ayala (1615).<\/p><p>Dal\u0161\u00ed vypr\u00e1v\u011bn\u00ed spojuje Mama Killu s aitiologi\u00ed st\u0159\u00edbrn\u00fdch lo\u017eisek v And\u00e1ch. Podle <span class=\"iwg-fachbegriff\" data-tooltip=\"P\u0159ed\u00e1v\u00e1n\u00ed znalost\u00ed a vypr\u00e1v\u011bn\u00ed mezi generacemi.\" tabindex=\"0\">tradice<\/span> kronik\u00e1\u0159e Antonia V\u00e1zqueze de Espinosa plakala Mama Killa st\u0159\u00edbrn\u00e9 slzy, kter\u00e9 v horsk\u00fdch trhlin\u00e1ch ztuhly ve st\u0159\u00edbrn\u00e9 \u017e\u00edly, mytick\u00e9 vysv\u011btlen\u00ed andsk\u00e9ho bohatstv\u00ed na st\u0159\u00edbro, je\u017e u\u010dinilo \u0161pan\u011blskou kolonizaci ekonomicky l\u00e1kavou.<\/p><p>V m\u00fdtech o \u017eivotn\u00edm cyklu Ink\u016f je Mama Killa patronkou \u017eensk\u00e9 zralosti. P\u0159i prvn\u00edm ritu\u00e1lu menstruace mlad\u00e9 d\u00edvky (<em>quikuchikuy<\/em>) byla Mama Killa vz\u00fdv\u00e1na, stejn\u011b jako p\u0159i svatb\u00e1ch a v dob\u011b po porodu. Cobo uv\u00e1d\u00ed ust\u00e1len\u00fd ritu\u00e1ln\u00ed text, v n\u011bm\u017e byla bohyn\u011b M\u011bs\u00edce prosena o ochranu matky a d\u00edt\u011bte.<\/p><p>T\u0159et\u00ed mytologick\u00e9 vypr\u00e1v\u011bn\u00ed spojuje Mama Killu se zalo\u017een\u00edm inck\u00e9 \u0159\u00ed\u0161e. Podle zpr\u00e1vy Sarmienta de Gamboy m\u011bla Mama Ocllo, jedna z m\u00fdtick\u00fdch sester Manco C\u00e1paca, sv\u00e9 jm\u00e9no od aspektu <em>Ocllo<\/em> samotn\u00e9 bohyn\u011b M\u011bs\u00edce.<\/p><p>Zakladatelka \u0159\u00ed\u0161e tak nen\u00ed jen dcerou Intiho, ale z\u00e1rove\u0148 manifestac\u00ed Mama Killy, teologick\u00fd konstrukt, kter\u00fd dvojn\u00e1sobn\u011b zaji\u0161\u0165oval legitimitu inck\u00e9 dynastie a legitimizoval postaven\u00ed Coyi nejen krv\u00ed Slunce, ale i krv\u00ed M\u011bs\u00edce.<\/p>\t\t\t\t\t\t\t\t<\/div>\n\t\t\t\t<\/div>\n\t\t\t\t\t<\/div>\n\t\t\t\t<\/div>\n\t\t<div class=\"elementor-element elementor-element-iwgw-mamakilla-s4 e-flex e-con-boxed e-con e-parent\" data-id=\"iwgw-mamakilla-s4\" data-element_type=\"container\" data-e-type=\"container\">\n\t\t\t\t\t<div class=\"e-con-inner\">\n\t\t\t\t<div class=\"elementor-element elementor-element-iwgw-mamakilla-s4h elementor-widget elementor-widget-heading\" data-id=\"iwgw-mamakilla-s4h\" data-element_type=\"widget\" data-e-type=\"widget\" data-widget_type=\"heading.default\">\n\t\t\t\t\t<h2 class=\"elementor-heading-title elementor-size-default\">Kult a uct\u00edv\u00e1n\u00ed<\/h2>\t\t\t\t<\/div>\n\t\t<div class=\"elementor-element elementor-element-iwgw-mamakilla-s4c e-con-full e-flex e-con e-child\" data-id=\"iwgw-mamakilla-s4c\" data-element_type=\"container\" data-e-type=\"container\">\n\t\t\t\t<div class=\"elementor-element elementor-element-iwgw-mamakilla-s4t elementor-widget elementor-widget-text-editor\" data-id=\"iwgw-mamakilla-s4t\" data-element_type=\"widget\" data-e-type=\"widget\" data-widget_type=\"text-editor.default\">\n\t\t\t\t\t\t\t\t\t<p><span class=\"iwg-fachbegriff\" data-tooltip=\"Souhrn kultovn\u00edch \u00factu vzd\u00e1vaj\u00edc\u00edch \u00fakon\u016f v\u016f\u010di bo\u017estvu nebo svat\u00e9 postav\u011b.\" tabindex=\"0\">Kult<\/span> Mama Killy byl institucionalizov\u00e1n v <span class=\"iwg-fachbegriff\" data-tooltip=\"Stavba slou\u017e\u00edc\u00ed uct\u00edv\u00e1n\u00ed jednoho nebo v\u00edce bo\u017estev.\" tabindex=\"0\">chr\u00e1mu<\/span> Coricancha v Cusku. Jeho person\u00e1l tvo\u0159ily v\u00fdhradn\u011b \u017eeny, v jejich \u010dele hlavn\u00ed kn\u011b\u017eka, kterou pravideln\u011b byla sestra vl\u00e1dnouc\u00ed <em>Coyi<\/em> (hlavn\u00ed man\u017eelky Inky). Tyto \u017eeny, <em>Acllacuna<\/em> (viz tak\u00e9 <a href=\"https:\/\/iwell-guard.com\/cs\/?page_id=145446\">Inti<\/a>), tkaly st\u0159\u00edbrem zdoben\u00e9 m\u011bs\u00ed\u010dn\u00ed roucha, va\u0159ily \u010dichu z b\u00edl\u00e9 kuku\u0159ice a provozovaly m\u011bs\u00ed\u010dn\u00ed ritu\u00e1ly.<\/p><p>Vrcholem kultovn\u00edho roku byl z\u00e1\u0159ijov\u00fd sv\u00e1tek <em>Coya Raymi<\/em> (Sv\u00e1tek Coyi\/bohyn\u011b M\u011bs\u00edce), kter\u00fd ozna\u010doval po\u010d\u00e1tek osevn\u00edho cyklu.<\/p><p>P\u0159i tomto sv\u00e1tku prob\u00edhal tak\u00e9 o\u010distn\u00fd ritu\u00e1l <em>citua<\/em>, p\u0159i n\u011bm\u017e mu\u017ei bojovn\u00edci inck\u00e9 metropole b\u011bhali s pochodn\u011bmi ulicemi, vyh\u00e1n\u011bli z m\u011bsta v\u0161echny zn\u00e1m\u00e9 nemoci a zl\u00e9 duchy, mezi nimi \u0161kodliv\u00e9 <a href=\"https:\/\/iwell-guard.com\/cs\/?page_id=145452\">Supay<\/a>, a na konci byli symbolicky odplaveni do \u010dty\u0159 sv\u011btov\u00fdch stran.<\/p><p>Astronomick\u00e9 sledov\u00e1n\u00ed m\u011bs\u00ed\u010dn\u00edch f\u00e1z\u00ed bylo \u00fakolem specializovan\u00fdch kn\u011b\u017e\u00ed (<em>kallpa-rikoq<\/em>), kte\u0159\u00ed na kamenn\u00fdch observato\u0159\u00edch Cusca (nap\u0159. na <em>Saqsaywamanu<\/em>) stanovovali m\u011bs\u00ed\u010dn\u00ed kalend\u00e1\u0159. Brian Bauer ve sv\u00e9 pr\u00e1ci <em>The Sacred Landscape of the Inca<\/em> (1998) rekonstruoval topografii t\u011bchto m\u011bs\u00ed\u010dn\u00edch observato\u0159\u00ed.<\/p><p>M\u011bs\u00ed\u010dn\u00ed sled sv\u00e1tk\u016f inck\u00e9 \u0159\u00ed\u0161e byl pravideln\u011b v\u00e1z\u00e1n na Mama Killu: m\u011bs\u00ed\u010dn\u00ed kalend\u00e1\u0159 ur\u010doval jak dobu setby, tak vnit\u0159n\u00ed spr\u00e1vn\u00ed obdob\u00ed. Cieza de Le\u00f3n a Polo de Ondegardo popisuj\u00ed, \u017ee ka\u017ed\u00e1 f\u00e1ze M\u011bs\u00edce m\u011bla v b\u011b\u017en\u00e9m \u017eivot\u011b \u0159\u00ed\u0161e ur\u010ditou funkci: \u00fapln\u011bk pro sv\u00e1tky a setbu, nov pro o\u010distn\u00e9 ob\u0159ady a smutek.<\/p><p>Tato na M\u011bs\u00edci zalo\u017een\u00e1 \u010dasov\u00e1 struktura st\u00e1la v komplexn\u00ed korespondenci se sol\u00e1rn\u00ed \u010dasovou strukturou velk\u00fdch slune\u010dn\u00edch sv\u00e1tk\u016f a vytv\u00e1\u0159ela dvouvrstv\u00fd kalend\u00e1\u0159n\u00ed syst\u00e9m, jeho\u017e \u00fapln\u00e1 rekonstrukce zam\u011bstn\u00e1v\u00e1 andsk\u00fd v\u00fdzkum a\u017e dodnes.<\/p>\t\t\t\t\t\t\t\t<\/div>\n\t\t\t\t<\/div>\n\t\t\t\t\t<\/div>\n\t\t\t\t<\/div>\n\t\t<div class=\"elementor-element elementor-element-iwgw-mamakilla-s5 e-flex e-con-boxed e-con e-parent\" data-id=\"iwgw-mamakilla-s5\" data-element_type=\"container\" data-e-type=\"container\">\n\t\t\t\t\t<div class=\"e-con-inner\">\n\t\t\t\t<div class=\"elementor-element elementor-element-iwgw-mamakilla-s5h elementor-widget elementor-widget-heading\" data-id=\"iwgw-mamakilla-s5h\" data-element_type=\"widget\" data-e-type=\"widget\" data-widget_type=\"heading.default\">\n\t\t\t\t\t<h2 class=\"elementor-heading-title elementor-size-default\">Ochrann\u00e1 praxe a apotropaick\u00e9 prvky<\/h2>\t\t\t\t<\/div>\n\t\t<div class=\"elementor-element elementor-element-iwgw-mamakilla-s5c e-con-full e-flex e-con e-child\" data-id=\"iwgw-mamakilla-s5c\" data-element_type=\"container\" data-e-type=\"container\">\n\t\t\t\t<div class=\"elementor-element elementor-element-iwgw-mamakilla-s5t elementor-widget elementor-widget-text-editor\" data-id=\"iwgw-mamakilla-s5t\" data-element_type=\"widget\" data-e-type=\"widget\" data-widget_type=\"text-editor.default\">\n\t\t\t\t\t\t\t\t\t<p>Mama Killa byla v inck\u00e9m obdob\u00ed uct\u00edv\u00e1na p\u0159edev\u0161\u00edm p\u0159i porodech, \u017eensk\u00fdch nemocech a no\u010dn\u00edch cest\u00e1ch. Cobo popisuje <span class=\"iwg-fachbegriff\" data-tooltip=\"Tradovan\u00fd zvyk, opakovan\u011b vykon\u00e1van\u00fd v r\u00e1mci spole\u010denstv\u00ed.\" tabindex=\"0\">zvyk<\/span> vkl\u00e1dat noc p\u0159ed dlouhou cestou st\u0159\u00edbrnou minci (v inck\u00fdch dob\u00e1ch st\u0159\u00edbrn\u00fd pl\u00ed\u0161ek) pod pol\u0161t\u00e1\u0159, aby si cestuj\u00edc\u00ed vyprosil ochranu m\u011bs\u00ed\u010dn\u00ed bohyn\u011b.<\/p><p><span class=\"iwg-fachbegriff\" data-tooltip=\"Odvracej\u00edc\u00ed zlo: o znamen\u00edch a p\u0159edm\u011btech, kter\u00e9 maj\u00ed zamezit \u0161kodliv\u00fdm vliv\u016fm.\" tabindex=\"0\">Apotropaicky<\/span> proti no\u010dn\u00edm d\u011bs\u016fm a \u0161kodliv\u00fdm duch\u016fm noci, zejm\u00e9na proti <a href=\"https:\/\/iwell-guard.com\/cs\/?page_id=145452\">Supay<\/a>, kte\u0159\u00ed byli pova\u017eov\u00e1ni za no\u010dn\u00ed bytosti, slou\u017eily mal\u00e9 st\u0159\u00edbrn\u00e9 amulety ve tvaru polokruhov\u00e9ho kotou\u010de (<em>tumi<\/em>) nebo stylizovan\u00e9 \u017eensk\u00e9 postavy. Ty se d\u011btem p\u0159ed span\u00edm kladly na \u010delo nebo se p\u0159ipev\u0148ovaly k r\u00e1mu postele.<\/p><p>V dne\u0161n\u00edch ke\u010du\u00e1nsky mluv\u00edc\u00edch vesnic\u00edch tato praxe do zna\u010dn\u00e9 m\u00edry p\u0159e\u0161la do katolick\u00e9ho uct\u00edv\u00e1n\u00ed Panny Marie. Medailonky s Pannou Mari\u00ed, kter\u00e9 nos\u00ed mnoho andsk\u00fdch mestic\u016f, funk\u010dn\u011b nahradily st\u0159\u00edbrn\u00e9 amulety Mama Killy. N\u00e1bo\u017eenskoetnologick\u00fd v\u00fdzkum, zejm\u00e9na pr\u00e1ce Olivie Harrisov\u00e9 a Marisol de la Cadena, tuto funk\u010dn\u00ed kontinuitu p\u0159i sou\u010dasn\u00e9m teologick\u00e9m zvratu podrobn\u011b popsal.<\/p><p>Zvl\u00e1\u0161tn\u00ed ochrannou prax\u00ed je pou\u017eit\u00ed m\u011bs\u00ed\u010dn\u00edho st\u0159\u00edbra proti m\u011bs\u00ed\u010dn\u00edm zatm\u011bn\u00edm: ve dnech ohl\u00e1\u0161en\u00e9ho zatm\u011bn\u00ed nosily matky s mal\u00fdmi d\u011btmi st\u0159\u00edbrn\u00e9 \u010delenky, aby zabr\u00e1nily \u00fato\u010d\u00edc\u00edmu zv\u00ed\u0159eti z\u00edskat p\u0159\u00edstup do sv\u011bta \u017eiv\u00fdch prost\u0159ednictv\u00edm zeslaben\u00e9 Mama Killy.<\/p><p>Tuto praxi shodn\u011b popisuj\u00ed Cobo i Albornoz a ukazuje, jak byla astronomick\u00e1 ud\u00e1lost kosmologicky interpretov\u00e1na a spojena s konkr\u00e9tn\u00edmi apotropaick\u00fdmi \u00fakony.<\/p>\t\t\t\t\t\t\t\t<\/div>\n\t\t\t\t<\/div>\n\t\t\t\t\t<\/div>\n\t\t\t\t<\/div>\n\t\t<div class=\"elementor-element elementor-element-iwgw-mamakilla-s6 e-flex e-con-boxed e-con e-parent\" data-id=\"iwgw-mamakilla-s6\" data-element_type=\"container\" data-e-type=\"container\">\n\t\t\t\t\t<div class=\"e-con-inner\">\n\t\t\t\t<div class=\"elementor-element elementor-element-iwgw-mamakilla-s6h elementor-widget elementor-widget-heading\" data-id=\"iwgw-mamakilla-s6h\" data-element_type=\"widget\" data-e-type=\"widget\" data-widget_type=\"heading.default\">\n\t\t\t\t\t<h2 class=\"elementor-heading-title elementor-size-default\">Paralely v jin\u00fdch kultur\u00e1ch<\/h2>\t\t\t\t<\/div>\n\t\t<div class=\"elementor-element elementor-element-iwgw-mamakilla-s6c e-con-full e-flex e-con e-child\" data-id=\"iwgw-mamakilla-s6c\" data-element_type=\"container\" data-e-type=\"container\">\n\t\t\t\t<div class=\"elementor-element elementor-element-iwgw-mamakilla-s6t elementor-widget elementor-widget-text-editor\" data-id=\"iwgw-mamakilla-s6t\" data-element_type=\"widget\" data-e-type=\"widget\" data-widget_type=\"text-editor.default\">\n\t\t\t\t\t\t\t\t\t<p>Mama Killa zapad\u00e1 do celosv\u011btov\u00e9ho vzorce \u017eensk\u00fdch m\u011bs\u00ed\u010dn\u00edch bo\u017estev. Strukturn\u011b srovnateln\u00e9 jsou \u0159eck\u00e1 <em>Artemis-Selene<\/em>, \u0159\u00edmsk\u00e1 <em>Diana-Luna<\/em>, egyptsk\u00e1 <em>Isis<\/em> v jej\u00edm lun\u00e1rn\u00edm aspektu, mezopotamsk\u00fd vztah <em>Nanna-Sin<\/em> a hinduistick\u00e1 postava <em>Chandra<\/em> (ta je ov\u0161em koncipov\u00e1na jako mu\u017e).<\/p><p>V r\u00e1mci Ameriky vykazuje Mama Killa podobnosti s azt\u00e9ckou m\u011bs\u00ed\u010dn\u00ed bohyn\u00ed <em>Coyolxauhqui<\/em>, kterou v azt\u00e9ck\u00e9m hlavn\u00edm m\u00fdtu o zrozen\u00ed slunce Huitzilopochtliho zab\u00edj\u00ed jej\u00ed bratr. Agresivn\u00ed dynamika mezi sluncem a m\u011bs\u00edcem je v azt\u00e9ck\u00e9m <span class=\"iwg-fachbegriff\" data-tooltip=\"Tradovan\u00e9 vypr\u00e1v\u011bn\u00ed o boz\u00edch, po\u010d\u00e1tc\u00edch a \u0159\u00e1du sv\u011bta.\" tabindex=\"0\">m\u00fdtu<\/span> ost\u0159ej\u0161\u00ed ne\u017e v inck\u00e9m, kde je vztah sestry-man\u017eelky pojat harmoni\u010dt\u011bji.<\/p><p>Za pov\u0161imnut\u00ed stoj\u00ed tak\u00e9 srovn\u00e1n\u00ed se severoamerickou <a href=\"https:\/\/iwell-guard.com\/cs\/?page_id=145464\">Changing Woman<\/a> Navaj\u016f, kter\u00e1 rovn\u011b\u017e propojuje \u017eivotn\u00ed cyklus, \u017eenskou zralost a kalend\u00e1\u0159n\u00ed \u010das v jedn\u00e9 postav\u011b, ov\u0161em bez specificky lun\u00e1rn\u00edho rozm\u011bru. Eliade ve sv\u00e9m d\u00edle <em>Patterns in Comparative Religion<\/em> (1958) systematicky popsal vzorec m\u011bs\u00edc-\u017eena.<\/p><p>V r\u00e1mci srovn\u00e1vac\u00ed perspektivy inck\u00e9ho obdob\u00ed jsou d\u00e1le v\u00fdznamn\u00e9 aymarsk\u00e1 varianta <em>Phaxsi Mama<\/em> a severoandsk\u00e1 varianta n\u00e1bo\u017eenstv\u00ed Cara u Quita. Ta znala m\u011bs\u00ed\u010dn\u00ed bohyni <em>Quilla<\/em>, jej\u00ed\u017e <span class=\"iwg-fachbegriff\" data-tooltip=\"Stavba slou\u017e\u00edc\u00ed uct\u00edv\u00e1n\u00ed jednoho nebo v\u00edce bo\u017estev.\" tabindex=\"0\">chr\u00e1m<\/span> popisuje \u0161pan\u011blsk\u00fd kronik\u00e1\u0159 Padre Velasco; existuj\u00ed tedy n\u00e1znaky p\u0159edinck\u00e9ho m\u011bs\u00ed\u010dn\u00edho <span class=\"iwg-fachbegriff\" data-tooltip=\"V\u011bdeck\u00e1 nauka o Bohu a v\u00ed\u0159e n\u00e1bo\u017eenstv\u00ed.\" tabindex=\"0\">teologie<\/span> na dalek\u00e9m severu Tawantinsuyu.<\/p><p>Frank Salomon ve sv\u00e9 pr\u00e1ci <em>Native Lords of Quito<\/em> (1986) tento severoandsk\u00fd m\u011bs\u00ed\u010dn\u00ed kult systematicky popsal a odli\u0161il jej od incko-st\u00e1tn\u00ed <span class=\"iwg-fachbegriff\" data-tooltip=\"V\u011bdeck\u00e1 nauka o Bohu a v\u00ed\u0159e n\u00e1bo\u017eenstv\u00ed.\" tabindex=\"0\">teologie<\/span>.<\/p>\t\t\t\t\t\t\t\t<\/div>\n\t\t\t\t<\/div>\n\t\t\t\t\t<\/div>\n\t\t\t\t<\/div>\n\t\t<div class=\"elementor-element elementor-element-iwgw-mamakilla-s7 e-flex e-con-boxed e-con e-parent\" data-id=\"iwgw-mamakilla-s7\" data-element_type=\"container\" data-e-type=\"container\">\n\t\t\t\t\t<div class=\"e-con-inner\">\n\t\t\t\t<div class=\"elementor-element elementor-element-iwgw-mamakilla-s7h elementor-widget elementor-widget-heading\" data-id=\"iwgw-mamakilla-s7h\" data-element_type=\"widget\" data-e-type=\"widget\" data-widget_type=\"heading.default\">\n\t\t\t\t\t<h2 class=\"elementor-heading-title elementor-size-default\">Sou\u010dasn\u00e1 recepce a v\u00fdzkum<\/h2>\t\t\t\t<\/div>\n\t\t<div class=\"elementor-element elementor-element-iwgw-mamakilla-s7c e-con-full e-flex e-con e-child\" data-id=\"iwgw-mamakilla-s7c\" data-element_type=\"container\" data-e-type=\"container\">\n\t\t\t\t<div class=\"elementor-element elementor-element-iwgw-mamakilla-s7t elementor-widget elementor-widget-text-editor\" data-id=\"iwgw-mamakilla-s7t\" data-element_type=\"widget\" data-e-type=\"widget\" data-widget_type=\"text-editor.default\">\n\t\t\t\t\t\t\t\t\t<p>V modern\u00edm andsk\u00e9m prostoru u\u017e Mama Killa nen\u00ed samostatn\u00fdm kultovn\u00edm objektem, ale \u017eije d\u00e1l ve <span class=\"iwg-fachbegriff\" data-tooltip=\"Tradovan\u00e1 lidov\u00e1 kultura se zvyky, vypr\u00e1v\u011bn\u00edmi a p\u00edsn\u011bmi.\" tabindex=\"0\">folkl\u00f3ru<\/span>, na sv\u00e1tc\u00edch a v rostouc\u00edm indigenn\u00edm kulturn\u00edm hnut\u00ed. Na rekonstruovan\u00e9m sv\u00e1tku <em>Coya Raymi<\/em> (obnoven\u00e9m od 90. let 20. stolet\u00ed v n\u011bkter\u00fdch vesnic\u00edch v okol\u00ed Cuska) je vz\u00fdv\u00e1na jako patronka \u017eenstv\u00ed a doby setby.<\/p><p>V akademick\u00e9m v\u00fdzkumu dnes v pop\u0159ed\u00ed nen\u00ed ani tak institucion\u00e1ln\u00ed m\u011bs\u00ed\u010dn\u00ed <span class=\"iwg-fachbegriff\" data-tooltip=\"V\u011bdeck\u00e1 nauka o Bohu a v\u00ed\u0159e n\u00e1bo\u017eenstv\u00ed.\" tabindex=\"0\">teologie<\/span>, jako sp\u00ed\u0161e archeoastronomick\u00e1 ot\u00e1zka inck\u00e9ho m\u011bs\u00ed\u010dn\u00edho kalend\u00e1\u0159e.<\/p><p>Tom Zuidema ve sv\u00e9m d\u00edle <em>The Calendar of the Incas<\/em> (2010, vyd\u00e1no posmrtn\u011b) zast\u00e1val tezi, \u017ee Inkov\u00e9 pou\u017e\u00edvali 328denn\u00ed m\u011bs\u00ed\u010dn\u00ed rok, kter\u00fd korespondoval s 328 huaca-svatyn\u011bmi syst\u00e9mu ceque. Tato teze je sporn\u00e1; Brian Bauer a Gary Urton ji \u010d\u00e1ste\u010dn\u011b relativizovali.<\/p><p>Z n\u00e1bo\u017eenskov\u011bdn\u00edho hlediska z\u016fst\u00e1v\u00e1 Mama Killa d\u016fle\u017eit\u00fdm p\u0159\u00edkladem institucion\u00e1ln\u00edho \u017eensk\u00e9ho bo\u017estva uvnit\u0159 mu\u017esky dominovan\u00e9 vysok\u00e9 kultury. Jej\u00ed postaven\u00ed ukazuje, \u017ee inck\u00e1 \u0159\u00ed\u0161e neznala \u010dist\u011b patriarch\u00e1ln\u00ed <span class=\"iwg-fachbegriff\" data-tooltip=\"V\u011bdeck\u00e1 nauka o Bohu a v\u00ed\u0159e n\u00e1bo\u017eenstv\u00ed.\" tabindex=\"0\">teologii<\/span>, ale rozvinula komplement\u00e1rn\u00ed genderov\u00e9 struktury, kter\u00e9 nach\u00e1zely sv\u016fj v\u00fdraz politicky ve dvojic\u00edch panovn\u00edk\u016f Coya-Inka a teologicky v sourozeneck\u00e9m man\u017eelstv\u00ed Inti-Killa.<\/p><p>V sou\u010dasn\u00e9m hnut\u00ed Pachakuti Mama v Bol\u00edvii a Peru se Mama Killa nav\u00edc objevuje jako identifika\u010dn\u00ed postava indigenn\u00edch feministek. Autorky jako Domitila Barrios de Chungara a pozd\u011bji Silvia Rivera Cusicanqui u\u010dinily znovuobjeven\u00ed \u017eensk\u00e9 komplementarity v andsk\u00e9m n\u00e1bo\u017eensk\u00e9m syst\u00e9mu p\u0159edm\u011btem sociologick\u00e9ho v\u00fdzkumu.<\/p><p>Postava Mama Killy tu neslou\u017e\u00ed jako historick\u00e1 rekonstrukce kultovn\u00edho objektu, n\u00fdbr\u017e jako symbolick\u00fd referen\u010dn\u00ed bod vlastn\u00edho indigenn\u00edho genderov\u00e9ho \u0159\u00e1du, kter\u00fd p\u0159esahuje eurocentrickou kritiku patriarch\u00e1tu.<\/p>\t\t\t\t\t\t\t\t<\/div>\n\t\t\t\t<\/div>\n\t\t\t\t\t<\/div>\n\t\t\t\t<\/div>\n\t\t<div class=\"elementor-element elementor-element-iwgw-mamakilla-s8 e-flex e-con-boxed e-con e-parent\" data-id=\"iwgw-mamakilla-s8\" data-element_type=\"container\" data-e-type=\"container\">\n\t\t\t\t\t<div class=\"e-con-inner\">\n\t\t\t\t<div class=\"elementor-element elementor-element-iwgw-mamakilla-s8h elementor-widget elementor-widget-heading\" data-id=\"iwgw-mamakilla-s8h\" data-element_type=\"widget\" data-e-type=\"widget\" data-widget_type=\"heading.default\">\n\t\t\t\t\t<h2 class=\"elementor-heading-title elementor-size-default\">Literatura a prameny<\/h2>\t\t\t\t<\/div>\n\t\t<div class=\"elementor-element elementor-element-iwgw-mamakilla-s8c e-con-full e-flex e-con e-child\" data-id=\"iwgw-mamakilla-s8c\" data-element_type=\"container\" data-e-type=\"container\">\n\t\t\t\t<div class=\"elementor-element elementor-element-iwgw-mamakilla-s8t elementor-widget elementor-widget-text-editor\" data-id=\"iwgw-mamakilla-s8t\" data-element_type=\"widget\" data-e-type=\"widget\" data-widget_type=\"text-editor.default\">\n\t\t\t\t\t\t\t\t\t<p>N\u00e1sleduj\u00edc\u00ed v\u00fdb\u011br uv\u00e1d\u00ed kl\u00ed\u010dov\u00e1 d\u00edla andsk\u00e9 etnologie a n\u00e1bo\u017eensk\u00fdch d\u011bjin t\u00fdkaj\u00edc\u00ed se Mama Killy, se zam\u011b\u0159en\u00edm na archeoastronomick\u00e9 a genderov\u011b-historick\u00e9 studie.<\/p>\t\t\t\t\t\t\t\t<\/div>\n\t\t\t\t<\/div>\n\t\t\t\t\t<\/div>\n\t\t\t\t<\/div>\n\t\t<div class=\"elementor-element elementor-element-cp2d79402e e-flex e-con-boxed e-con e-parent\" data-id=\"cp2d79402e\" data-element_type=\"container\" data-e-type=\"container\">\n\t\t\t\t\t<div class=\"e-con-inner\">\n\t\t\t\t<div class=\"elementor-element elementor-element-cp236ff127 elementor-widget elementor-widget-heading\" data-id=\"cp236ff127\" data-element_type=\"widget\" data-e-type=\"widget\" data-widget_type=\"heading.default\">\n\t\t\t\t\t<h2 class=\"elementor-heading-title elementor-size-default\">Mama Killa v m\u011bs\u00ed\u010dn\u00edm kalend\u00e1\u0159i a ve v\u00fdkladu m\u011bs\u00ed\u010dn\u00edch zatm\u011bn\u00ed<\/h2>\t\t\t\t<\/div>\n\t\t<div class=\"elementor-element elementor-element-cp26302e24 e-flex e-con-boxed e-con e-child\" data-id=\"cp26302e24\" data-element_type=\"container\" data-e-type=\"container\">\n\t\t\t\t\t<div class=\"e-con-inner\">\n\t\t\t\t<div class=\"elementor-element elementor-element-cp23bc8ee2 elementor-widget elementor-widget-text-editor\" data-id=\"cp23bc8ee2\" data-element_type=\"widget\" data-e-type=\"widget\" data-widget_type=\"text-editor.default\">\n\t\t\t\t\t\t\t\t\t<p>Mama Killa, m\u011bs\u00ed\u010dn\u00ed bohyn\u011b Ink\u016f, byla \u00fazce spojena s m\u011b\u0159en\u00edm \u010dasu v \u0159\u00ed\u0161i. Zat\u00edmco slune\u010dn\u00ed b\u016fh <em>Inti<\/em> strukturoval b\u011bh roku a velk\u00e9 sv\u00e1tky set\u00ed a sklizn\u011b, m\u011bs\u00edc \u0159\u00eddil krat\u0161\u00ed cyklus, podle kter\u00e9ho se orientovaly n\u00e1bo\u017eensk\u00e9 sv\u00e1tky a pravd\u011bpodobn\u011b i \u010d\u00e1sti zem\u011bd\u011blsk\u00e9ho kalend\u00e1\u0159e.<\/p><p>\u0160pan\u011bl\u0161t\u00ed kronik\u00e1\u0159i jako Bernab\u00e9 Cobo uv\u00e1d\u011bj\u00ed, \u017ee n\u011bkolik sv\u00e1tk\u016f ve sv\u00e1te\u010dn\u00edm kalend\u00e1\u0159i Cusca se po\u010d\u00edtalo podle m\u011bs\u00edce, i kdy\u017e p\u0159esn\u00e9 fungov\u00e1n\u00ed inck\u00e9ho kalend\u00e1\u0159e z\u016fst\u00e1v\u00e1 dodnes sporn\u00e9.<\/p><p>Zvl\u00e1\u0161t\u011b zaj\u00edmav\u00e9 jsou zpr\u00e1vy o v\u00fdkladu m\u011bs\u00ed\u010dn\u00edho zatm\u011bn\u00ed. Kronik\u00e1\u0159i uv\u00e1d\u011bj\u00ed, \u017ee Inkov\u00e9 ch\u00e1pali ztmavnut\u00ed m\u011bs\u00edce jako \u00fatok dravce, nej\u010dast\u011bji se uv\u00e1d\u00ed puma nebo had, na Mama Killu.<\/p><p>Aby bohyni zachr\u00e1nili, d\u011blali lid\u00e9 hluk: bu\u0161ili do n\u00e1dob, k\u0159i\u010deli a nech\u00e1vali \u0161t\u011bkat psy, aby \u00fato\u010d\u00edc\u00ed zv\u00ed\u0159e zahnali. Tato praxe nen\u00ed specifick\u00e1 jen pro Inky, je dolo\u017eena v mnoha kultur\u00e1ch, av\u0161ak jej\u00ed dosv\u011bd\u010den\u00ed v And\u00e1ch ukazuje, \u017ee m\u011bs\u00edc byl ch\u00e1p\u00e1n jako zraniteln\u00e1 bytost pot\u0159ebuj\u00edc\u00ed p\u00e9\u010di.<\/p><p>Z pramenn\u00e9ho hlediska je t\u0159eba poznamenat, \u017ee kronik\u00e1\u0159i tyto ritu\u00e1ly \u010dasto popisovali z druh\u00e9 ruky a se z\u00e1m\u011brem p\u0159edstavit andsk\u00e9 n\u00e1bo\u017eenstv\u00ed jako pov\u011bru. P\u0159esto se r\u016fzn\u00e9 zpr\u00e1vy v z\u00e1kladn\u00edch rysech shoduj\u00ed, co\u017e tuto epizodu \u010din\u00ed d\u016fv\u011bryhodnou.<\/p><p>Strach o Mama Killu p\u0159i zatm\u011bn\u00ed dokl\u00e1d\u00e1 jej\u00ed postaven\u00ed jako\u017eto garantky spolehliv\u00e9ho b\u011bhu \u010dasu, jeho\u017e do\u010dasn\u00e9 zmizen\u00ed bylo poci\u0165ov\u00e1no jako kosmick\u00e9 ohro\u017een\u00ed. K slune\u010dn\u00ed stran\u011b tohoto bo\u017esk\u00e9ho p\u00e1ru viz p\u0159\u00edsp\u011bvek o <a href=\"https:\/\/iwell-guard.com\/cs\/?page_id=145446\">Inti<\/a>.<\/p>\t\t\t\t\t\t\t\t<\/div>\n\t\t\t\t\t<\/div>\n\t\t\t\t<\/div>\n\t\t\t\t\t<\/div>\n\t\t\t\t<\/div>\n\t\t<div class=\"elementor-element elementor-element-cp260f00e7 e-flex e-con-boxed e-con e-parent\" data-id=\"cp260f00e7\" data-element_type=\"container\" data-e-type=\"container\">\n\t\t\t\t\t<div class=\"e-con-inner\">\n\t\t\t\t<div class=\"elementor-element elementor-element-cp2d717866 elementor-widget elementor-widget-heading\" data-id=\"cp2d717866\" data-element_type=\"widget\" data-e-type=\"widget\" data-widget_type=\"heading.default\">\n\t\t\t\t\t<h2 class=\"elementor-heading-title elementor-size-default\">M\u011bs\u00ed\u010dn\u00ed chr\u00e1m v Coricanche a st\u0159\u00edbrn\u00e1 ikonografie<\/h2>\t\t\t\t<\/div>\n\t\t<div class=\"elementor-element elementor-element-cp25918dee e-flex e-con-boxed e-con e-child\" data-id=\"cp25918dee\" data-element_type=\"container\" data-e-type=\"container\">\n\t\t\t\t\t<div class=\"e-con-inner\">\n\t\t\t\t<div class=\"elementor-element elementor-element-cp2a3e6774 elementor-widget elementor-widget-text-editor\" data-id=\"cp2a3e6774\" data-element_type=\"widget\" data-e-type=\"widget\" data-widget_type=\"text-editor.default\">\n\t\t\t\t\t\t\t\t\t<p>V Coricanche, centr\u00e1ln\u00ed <span class=\"iwg-fachbegriff\" data-tooltip=\"M\u00edsto zasv\u011bcen\u00e9 uct\u00edv\u00e1n\u00ed bo\u017estva.\" tabindex=\"0\">svatyni<\/span> Cusca, m\u011bla Mama Killa podle shodn\u00fdch zpr\u00e1v kronik\u00e1\u0159\u016f vlastn\u00ed oblast. Zat\u00edmco chr\u00e1mov\u00e1 \u010d\u00e1st boha <em>Inti<\/em> byla vybavena zlatem, kovem spojovan\u00fdm se sluncem, prameny uv\u00e1d\u011bj\u00ed, \u017ee m\u011bs\u00ed\u010dn\u00ed oblast byla oblo\u017eena st\u0159\u00edbrem.<\/p><p>Garcilaso de la Vega, s\u00e1m syn inckn\u00e9 matky, popisuje st\u0159\u00edbrn\u00fd kotou\u010d nebo zpodoben\u00ed Mama Killy a zd\u016fraz\u0148uje symboliku pohlav\u00ed: zlato a slunce jako mu\u017esk\u00e9, st\u0159\u00edbro a m\u011bs\u00edc jako \u017eensk\u00e9.<\/p><p>Tyto zpr\u00e1vy je t\u0159eba \u010d\u00edst s opatrnost\u00ed. Garcilaso psal sv\u00e1 <em>Comentarios Reales<\/em> des\u00edtky let po dobyt\u00ed ve \u0160pan\u011blsku, z pam\u011bti a se snahou zobrazit inckou minulost d\u016fstojn\u011b.<\/p><p>Samotn\u00fd Coricancha byl \u0160pan\u011bly z velk\u00e9 \u010d\u00e1sti zbour\u00e1n; na jeho zdech dnes stoj\u00ed kl\u00e1\u0161ter Santo Domingo. Archeologicky lze proto st\u0159\u00edbrn\u00e9 oblo\u017een\u00ed jen t\u011b\u017eko ov\u011b\u0159it, av\u0161ak plen\u011bn\u00ed drah\u00fdch kov\u016f dobyvateli je dob\u0159e dolo\u017eeno, co\u017e zpr\u00e1vu d\u011bl\u00e1 plausibiln\u00ed.<\/p><p>V t\u00e9to m\u011bs\u00ed\u010dn\u00ed oblasti byla podle kronik\u00e1\u0159\u016f uchov\u00e1v\u00e1na a uct\u00edv\u00e1na i mumifikovan\u00e1 t\u011bla zem\u0159el\u00fdch <em>Coy\u00ed<\/em>, inck\u00fdch kr\u00e1loven. Mama Killa tak nebyla jen kosmickou bohyn\u00ed, ale byla zapojena i do uct\u00edv\u00e1n\u00ed p\u0159edk\u016f \u017eensk\u00e9 vl\u00e1dnouc\u00ed linie.<\/p><p>Spojen\u00ed m\u011bs\u00edce, st\u0159\u00edbra, \u017eenstv\u00ed a kr\u00e1lovsk\u00e9 linie p\u0159edk\u016f ukazuje, \u017ee Mama Killa zauj\u00edmala v n\u00e1bo\u017eensk\u00e9m syst\u00e9mu Ink\u016f jasn\u011b vymezenou sf\u00e9ru, kter\u00e1 st\u00e1la komplement\u00e1rn\u011b vedle sf\u00e9ry slune\u010dn\u00edho boha, ani\u017e by mu byla pod\u0159\u00edzena ve smyslu \u00fapln\u00e9 z\u00e1vislosti.<\/p>\t\t\t\t\t\t\t\t<\/div>\n\t\t\t\t\t<\/div>\n\t\t\t\t<\/div>\n\t\t\t\t\t<\/div>\n\t\t\t\t<\/div>\n\t\t<div class=\"elementor-element elementor-element-iwgw-mamakilla-lit e-flex e-con-boxed e-con e-parent\" data-id=\"iwgw-mamakilla-lit\" data-element_type=\"container\" data-e-type=\"container\">\n\t\t\t\t\t<div class=\"e-con-inner\">\n\t\t\t\t<div class=\"elementor-element elementor-element-iwgw-mamakilla-lith elementor-widget elementor-widget-heading\" data-id=\"iwgw-mamakilla-lith\" data-element_type=\"widget\" data-e-type=\"widget\" data-widget_type=\"heading.default\">\n\t\t\t\t\t<h2 class=\"elementor-heading-title elementor-size-default\">Literatura (v\u00fdb\u011br)<\/h2>\t\t\t\t<\/div>\n\t\t<div class=\"elementor-element elementor-element-iwgw-mamakilla-litc e-con-full e-flex e-con e-child\" data-id=\"iwgw-mamakilla-litc\" data-element_type=\"container\" data-e-type=\"container\">\n\t\t\t\t<div class=\"elementor-element elementor-element-iwgw-mamakilla-litt elementor-widget elementor-widget-text-editor\" data-id=\"iwgw-mamakilla-litt\" data-element_type=\"widget\" data-e-type=\"widget\" data-widget_type=\"text-editor.default\">\n\t\t\t\t\t\t\t\t\t<ul><li>Garcilaso de la Vega: <em>Comentarios Reales de los Incas<\/em> (1609)<\/li><li>Bernabe Cobo: <em>Historia del Nuevo Mundo<\/em> (1653)<\/li><li>Tom Zuidema: <em>The Calendar of the Incas<\/em> (2010)<\/li><li>Brian Bauer: <em>The Sacred Landscape of the Inca<\/em> (1998)<\/li><li>Felipe Guaman Poma de Ayala: <em>Nueva Coronica y Buen Gobierno<\/em> (1615)<\/li><li>Catherine Allen: <em>The Hold Life Has<\/em> (2002)<\/li><li>Sabine MacCormack: <em>Religion in the Andes<\/em> (1991)<\/li><\/ul>\t\t\t\t\t\t\t\t<\/div>\n\t\t\t\t<\/div>\n\t\t\t\t\t<\/div>\n\t\t\t\t<\/div>\n\t\t<div class=\"elementor-element elementor-element-iwgw-mamakilla-kwd e-flex e-con-boxed e-con e-parent\" data-id=\"iwgw-mamakilla-kwd\" data-element_type=\"container\" data-e-type=\"container\">\n\t\t\t\t\t<div class=\"e-con-inner\">\n\t\t<div class=\"elementor-element elementor-element-iwgw-mamakilla-kwdc e-con-full e-flex e-con e-child\" data-id=\"iwgw-mamakilla-kwdc\" data-element_type=\"container\" data-e-type=\"container\">\n\t\t\t\t<div class=\"elementor-element elementor-element-iwgw-mamakilla-kwdt elementor-widget elementor-widget-text-editor\" data-id=\"iwgw-mamakilla-kwdt\" data-element_type=\"widget\" data-e-type=\"widget\" data-widget_type=\"text-editor.default\">\n\t\t\t\t\t\t\t\t\t<p><em>Souvisej\u00edc\u00ed kl\u00ed\u010dov\u00e9 pojmy: Mama Killa Quilla Killakancha Coya Raymi Quikuchikuy Citua m\u011bs\u00ed\u010dn\u00ed zatm\u011bn\u00ed.<\/em><\/p>\t\t\t\t\t\t\t\t<\/div>\n\t\t\t\t<\/div>\n\t\t\t\t\t<\/div>\n\t\t\t\t<\/div>\n\t\t<div class=\"elementor-element elementor-element-iwgw-mamakilla-cc e-flex e-con-boxed e-con e-parent\" data-id=\"iwgw-mamakilla-cc\" data-element_type=\"container\" data-e-type=\"container\" id=\"iwg-cc-mama-killa\">\n\t\t\t\t\t<div class=\"e-con-inner\">\n\t\t<div class=\"elementor-element elementor-element-iwgw-mamakilla-ccinner e-flex e-con-boxed e-con e-parent\" data-id=\"iwgw-mamakilla-ccinner\" data-element_type=\"container\" data-e-type=\"container\" data-settings=\"{&quot;background_background&quot;:&quot;classic&quot;}\">\n\t\t\t\t\t<div class=\"e-con-inner\">\n\t\t\t\t<div class=\"elementor-element elementor-element-iwgw-mamakilla-cch elementor-widget elementor-widget-heading\" data-id=\"iwgw-mamakilla-cch\" data-element_type=\"widget\" data-e-type=\"widget\" data-widget_type=\"heading.default\">\n\t\t\t\t\t<h2 class=\"elementor-heading-title elementor-size-default\">iWell Guard a ochrann\u00e9 tradice<\/h2>\t\t\t\t<\/div>\n\t\t\t\t<div class=\"elementor-element elementor-element-iwgw-mamakilla-cct elementor-widget elementor-widget-text-editor\" data-id=\"iwgw-mamakilla-cct\" data-element_type=\"widget\" data-e-type=\"widget\" data-widget_type=\"text-editor.default\">\n\t\t\t\t\t\t\t\t\t<div data-nosnippet=\"true\"><p>iWell Guard navazuje na kulturn\u011b-historickou tradici p\u0159enosn\u00fdch ochrann\u00fdch p\u0159edm\u011bt\u016f, v tradici <a href=\"https:\/\/iwell-guard.com\/cs\/?page_id=145436\">Andy \/ Inkov\u00e9<\/a> a mnoha dal\u0161\u00edch kultur po cel\u00e9m sv\u011bt\u011b. 41 vrstev, ryz\u00ed zlato, platina, st\u0159\u00edbro, vyrobeno v N\u011bmecku. 30denn\u00ed pr\u00e1vo na vr\u00e1cen\u00ed zbo\u017e\u00ed.<\/p><\/div>\t\t\t\t\t\t\t\t<\/div>\n\t\t\t\t<div class=\"elementor-element elementor-element-iwgw-mamakilla-ccb iwg-cc-button iwg-cc-cta-2026-05-13 elementor-widget elementor-widget-jet-button\" data-id=\"iwgw-mamakilla-ccb\" data-element_type=\"widget\" data-e-type=\"widget\" data-widget_type=\"jet-button.default\">\n\t\t\t\t<div class=\"elementor-widget-container\">\n\t\t\t\t\t<div class=\"elementor-jet-button jet-elements\"><div class=\"jet-button__container\"><a class=\"jet-button__instance jet-button__instance--icon-left hover-effect-1\" href=\"\/ueber-iwell-guard\/?utm_source=iwell-guard.com&amp;utm_medium=info-box&amp;utm_campaign=wesen-tradition\"><div class=\"jet-button__plane jet-button__plane-normal\"><\/div><div class=\"jet-button__plane jet-button__plane-hover\"><\/div><div class=\"jet-button__state jet-button__state-normal\"><span class=\"jet-button__label\">V\u00edce o iWell Guard<\/span><\/div><div class=\"jet-button__state jet-button__state-hover\"><span class=\"jet-button__label\">V\u00edce o iWell Guard<\/span><\/div><\/a><\/div><\/div><style>.elementor-element.elementor-element-iwgw-mamakilla-ccb .jet-button__instance{width:320px;height:56px;}.elementor-element.elementor-element-iwgw-mamakilla-ccb .jet-button__state-normal .jet-button__label{text-align:center;margin:0px 0px 0px 0px;color:#1a1b20;font-family:Montserrat,sans-serif;font-size:13px;font-weight:400;letter-spacing:4px;line-height:1.714em;text-transform:uppercase;}.elementor-element.elementor-element-iwgw-mamakilla-ccb .jet-button__state-hover .jet-button__label{text-align:center;margin:0px 0px 0px 0px;color:#FECC76;font-family:Montserrat,sans-serif;font-size:13px;font-weight:400;letter-spacing:4px;line-height:1.714em;text-transform:uppercase;}.elementor-element.elementor-element-iwgw-mamakilla-ccb .jet-button__plane-normal{background-color:#FECC76;border-style:solid;border-color:#C99540;border-width:2px 2px 2px 2px;}.elementor-element.elementor-element-iwgw-mamakilla-ccb .jet-button__plane-hover{background-color:rgba(0,0,0,0.55);border-style:solid;border-color:#FECC76;border-width:2px 2px 2px 2px;}<\/style>\t\t\t\t<\/div>\n\t\t\t\t<\/div>\n\t\t\t\t<div class=\"elementor-element elementor-element-iwgw-mamakilla-ccd elementor-widget elementor-widget-text-editor\" data-id=\"iwgw-mamakilla-ccd\" data-element_type=\"widget\" data-e-type=\"widget\" data-widget_type=\"text-editor.default\">\n\t\t\t\t\t\t\t\t\t<div data-nosnippet=\"true\"><p style=\"text-align:center;font-size:13px;opacity:0.7;margin-top:14px\" data-nosnippet=\"true\">Osobn\u00ed zku\u0161enosti se mohou li\u0161it. Nejedn\u00e1 se o zdravotnick\u00fd prost\u0159edek. Nen\u00ed slibem l\u00e9\u010div\u00e9ho \u00fa\u010dinku.<\/p><\/div>\t\t\t\t\t\t\t\t<\/div>\n\t\t\t\t\t<\/div>\n\t\t\t\t<\/div>\n\t\t\t\t\t<\/div>\n\t\t\t\t<\/div>\n\t\t<div class=\"elementor-element elementor-element-iwgw-mamakilla-disc e-flex e-con-boxed e-con e-parent\" data-id=\"iwgw-mamakilla-disc\" data-element_type=\"container\" data-e-type=\"container\">\n\t\t\t\t\t<div class=\"e-con-inner\">\n\t\t\t\t<div class=\"elementor-element elementor-element-iwgw-mamakilla-discw elementor-widget elementor-widget-html\" data-id=\"iwgw-mamakilla-discw\" data-element_type=\"widget\" data-e-type=\"widget\" data-widget_type=\"html.default\">\n\t\t\t\t\t<footer data-nosnippet=\"true\" class=\"iwg-disclaimer-block\"><p data-nosnippet=\"true\">iWell Guard <strong>nen\u00ed zdravotnick\u00fd prost\u0159edek<\/strong> a nenahrazuje l\u00e9ka\u0159skou ani psychoterapeutickou l\u00e9\u010dbu. Religionistick\u00fd obsah p\u0159edstavuje kulturn\u011b-historick\u00e9 za\u0159azen\u00ed, nikoli doporu\u010den\u00ed duchovn\u00ed praxe.<\/p><\/footer>\t\t\t\t<\/div>\n\t\t\t\t\t<\/div>\n\t\t\t\t<\/div>\n\t\t\t\t<\/div>\n\t\t","protected":false},"excerpt":{"rendered":"","protected":false},"author":3,"featured_media":2680,"parent":0,"menu_order":0,"comment_status":"closed","ping_status":"closed","template":"elementor_header_footer","meta":{"_yoast_wpseo_focuskw":"Mama Killa m\u011bs\u00ed\u010dn\u00ed bohyn\u011b Inkov\u00e9","_yoast_wpseo_title":"Mama Killa \u2013 M\u011bs\u00ed\u010dn\u00ed bohyn\u011b Ink\u016f","_yoast_wpseo_metadesc":"Mama Killa, m\u011bs\u00ed\u010dn\u00ed bohyn\u011b Ink\u016f, je sestra-man\u017eelka Intiho a patronka \u017een, kalend\u00e1\u0159e a \u010dasu. Religionistick\u00e9 za\u0159azen\u00ed.","_yoast_wpseo_meta-robots-noindex":"","_yoast_wpseo_canonical":"","_angie_page":false,"gefaehrdungsstufe":"","wesen_kultur":"","wesen_klasse":"","footnotes":""},"categories":[],"class_list":["post-145449","page","type-page","status-publish","has-post-thumbnail","hentry"],"yoast_head":"<!-- This site is optimized with the Yoast SEO Premium plugin v27.7 (Yoast SEO v28.3) - https:\/\/yoast.com\/product\/yoast-seo-premium-wordpress\/ -->\n<title>Mama Killa \u2013 M\u011bs\u00ed\u010dn\u00ed bohyn\u011b Ink\u016f<\/title>\n<meta name=\"description\" content=\"Mama Killa, m\u011bs\u00ed\u010dn\u00ed bohyn\u011b Ink\u016f, je sestra-man\u017eelka Intiho a patronka \u017een, kalend\u00e1\u0159e a \u010dasu. Religionistick\u00e9 za\u0159azen\u00ed.\" \/>\n<meta name=\"robots\" content=\"index, follow, max-snippet:-1, max-image-preview:large, max-video-preview:-1\" \/>\n<link rel=\"canonical\" href=\"https:\/\/iwell-guard.com\/cs\/mama-killa-mesicni-bohyne-inku\/\" \/>\n<meta property=\"og:locale\" content=\"cs_CZ\" \/>\n<meta property=\"og:type\" content=\"article\" \/>\n<meta property=\"og:title\" content=\"Mama Killa \u2013 M\u011bs\u00ed\u010dn\u00ed bohyn\u011b Ink\u016f\" \/>\n<meta property=\"og:description\" content=\"Mama Killa, m\u011bs\u00ed\u010dn\u00ed bohyn\u011b Ink\u016f, je sestra-man\u017eelka Intiho a patronka \u017een, kalend\u00e1\u0159e a \u010dasu. Religionistick\u00e9 za\u0159azen\u00ed.\" \/>\n<meta property=\"og:url\" content=\"https:\/\/iwell-guard.com\/cs\/mama-killa-mesicni-bohyne-inku\/\" \/>\n<meta property=\"og:site_name\" content=\"iWell Guard\" \/>\n<meta property=\"article:modified_time\" content=\"2026-09-03T16:56:19+00:00\" \/>\n<meta property=\"og:image\" content=\"https:\/\/iwell-guard.com\/wp-content\/uploads\/2026\/05\/goetter_anden-inka_mama-killa.webp\" \/>\n\t<meta property=\"og:image:width\" content=\"1024\" \/>\n\t<meta property=\"og:image:height\" content=\"1536\" \/>\n\t<meta property=\"og:image:type\" content=\"image\/webp\" \/>\n<meta name=\"twitter:card\" content=\"summary_large_image\" \/>\n<script type=\"application\/ld+json\" class=\"yoast-schema-graph\">{\"@context\":\"https:\\\/\\\/schema.org\",\"@graph\":[{\"@type\":\"WebPage\",\"@id\":\"https:\\\/\\\/iwell-guard.com\\\/cs\\\/mama-killa-mesicni-bohyne-inku\\\/\",\"url\":\"https:\\\/\\\/iwell-guard.com\\\/cs\\\/mama-killa-mesicni-bohyne-inku\\\/\",\"name\":\"Mama Killa \u2013 M\u011bs\u00ed\u010dn\u00ed bohyn\u011b Ink\u016f\",\"isPartOf\":{\"@id\":\"https:\\\/\\\/iwell-guard.com\\\/cs\\\/#website\"},\"primaryImageOfPage\":{\"@id\":\"https:\\\/\\\/iwell-guard.com\\\/cs\\\/mama-killa-mesicni-bohyne-inku\\\/#primaryimage\"},\"image\":{\"@id\":\"https:\\\/\\\/iwell-guard.com\\\/cs\\\/mama-killa-mesicni-bohyne-inku\\\/#primaryimage\"},\"thumbnailUrl\":\"https:\\\/\\\/iwell-guard.com\\\/wp-content\\\/uploads\\\/2026\\\/05\\\/goetter_anden-inka_mama-killa.webp\",\"datePublished\":\"2026-09-03T16:30:31+00:00\",\"dateModified\":\"2026-09-03T16:56:19+00:00\",\"description\":\"Mama Killa, m\u011bs\u00ed\u010dn\u00ed bohyn\u011b Ink\u016f, je sestra-man\u017eelka Intiho a patronka \u017een, kalend\u00e1\u0159e a \u010dasu. Religionistick\u00e9 za\u0159azen\u00ed.\",\"breadcrumb\":{\"@id\":\"https:\\\/\\\/iwell-guard.com\\\/cs\\\/mama-killa-mesicni-bohyne-inku\\\/#breadcrumb\"},\"inLanguage\":\"cs\",\"potentialAction\":[{\"@type\":\"ReadAction\",\"target\":[\"https:\\\/\\\/iwell-guard.com\\\/cs\\\/mama-killa-mesicni-bohyne-inku\\\/\"]}]},{\"@type\":\"ImageObject\",\"inLanguage\":\"cs\",\"@id\":\"https:\\\/\\\/iwell-guard.com\\\/cs\\\/mama-killa-mesicni-bohyne-inku\\\/#primaryimage\",\"url\":\"https:\\\/\\\/iwell-guard.com\\\/wp-content\\\/uploads\\\/2026\\\/05\\\/goetter_anden-inka_mama-killa.webp\",\"contentUrl\":\"https:\\\/\\\/iwell-guard.com\\\/wp-content\\\/uploads\\\/2026\\\/05\\\/goetter_anden-inka_mama-killa.webp\",\"width\":1024,\"height\":1536,\"caption\":\"Bohov\u00e9 z andsko-inksk\u00e9 tradice.\"},{\"@type\":\"BreadcrumbList\",\"@id\":\"https:\\\/\\\/iwell-guard.com\\\/cs\\\/mama-killa-mesicni-bohyne-inku\\\/#breadcrumb\",\"itemListElement\":[{\"@type\":\"ListItem\",\"position\":1,\"name\":\"Start\",\"item\":\"https:\\\/\\\/iwell-guard.com\\\/cs\\\/?page_id=145107\"},{\"@type\":\"ListItem\",\"position\":2,\"name\":\"Mama Killa \u2013 M\u011bs\u00ed\u010dn\u00ed bohyn\u011b Ink\u016f\"}]},{\"@type\":\"WebSite\",\"@id\":\"https:\\\/\\\/iwell-guard.com\\\/cs\\\/#website\",\"url\":\"https:\\\/\\\/iwell-guard.com\\\/cs\\\/\",\"name\":\"iWell Guard\",\"description\":\"Schutz vor dunklen Einfl\u00fcssen\",\"publisher\":{\"@id\":\"https:\\\/\\\/iwell-guard.com\\\/cs\\\/#organization\"},\"potentialAction\":[{\"@type\":\"SearchAction\",\"target\":{\"@type\":\"EntryPoint\",\"urlTemplate\":\"https:\\\/\\\/iwell-guard.com\\\/cs\\\/?s={search_term_string}\"},\"query-input\":{\"@type\":\"PropertyValueSpecification\",\"valueRequired\":true,\"valueName\":\"search_term_string\"}}],\"inLanguage\":\"cs\"},{\"@type\":\"Organization\",\"@id\":\"https:\\\/\\\/iwell-guard.com\\\/cs\\\/#organization\",\"name\":\"Ittermann electronic GmbH\",\"url\":\"https:\\\/\\\/iwell-guard.com\\\/cs\\\/\",\"logo\":{\"@type\":\"ImageObject\",\"inLanguage\":\"cs\",\"@id\":\"https:\\\/\\\/iwell-guard.com\\\/cs\\\/#\\\/schema\\\/logo\\\/image\\\/\",\"url\":\"https:\\\/\\\/iwell-guard.com\\\/wp-content\\\/uploads\\\/2026\\\/05\\\/Ittermann-Logo-1182x237-1.png\",\"contentUrl\":\"https:\\\/\\\/iwell-guard.com\\\/wp-content\\\/uploads\\\/2026\\\/05\\\/Ittermann-Logo-1182x237-1.png\",\"width\":1182,\"height\":237,\"caption\":\"Ittermann electronic GmbH\"},\"image\":{\"@id\":\"https:\\\/\\\/iwell-guard.com\\\/cs\\\/#\\\/schema\\\/logo\\\/image\\\/\"},\"sameAs\":[\"https:\\\/\\\/pantip.com\\\/profile\\\/9367242\",\"https:\\\/\\\/micro.blog\\\/iwellguard\",\"https:\\\/\\\/www.diggerslist.com\\\/iwellguard\\\/about\",\"https:\\\/\\\/skitterphoto.com\\\/photographers\\\/2870314\\\/iwell-guard\",\"https:\\\/\\\/iwellguard.wordpress.com\\\/2026\\\/06\\\/06\\\/iwell-guard\\\/\",\"https:\\\/\\\/hub.docker.com\\\/u\\\/iwellguard\",\"https:\\\/\\\/www.pinterest.com\\\/iwellguard\\\/\",\"https:\\\/\\\/bit.ly\\\/m\\\/iwellguard\",\"https:\\\/\\\/entre-vos-mains.alsace.eu\\\/profiles\\\/iwellguard\\\/activity\",\"https:\\\/\\\/gravatar.com\\\/reallybeded8fd34\",\"https:\\\/\\\/naijamatta.com\\\/iwellguard\",\"https:\\\/\\\/www.goodreads.com\\\/iwellguard\",\"https:\\\/\\\/profile.hatena.ne.jp\\\/iwellguard\\\/\",\"https:\\\/\\\/experiment.com\\\/users\\\/iwellguard\",\"https:\\\/\\\/wakelet.com\\\/@iWellGuard82270\",\"https:\\\/\\\/www.chordie.com\\\/forum\\\/profile.php?id=2555664\",\"https:\\\/\\\/www.instapaper.com\\\/p\\\/17757966\",\"https:\\\/\\\/www.mapleprimes.com\\\/users\\\/iwellguard\",\"https:\\\/\\\/businesslistingplus.com\\\/profile\\\/iwell-guard\\\/\",\"https:\\\/\\\/telegra.ph\\\/iWell-Guard-06-06\",\"https:\\\/\\\/pbase.com\\\/iwellguard\\\/iwellguard\",\"https:\\\/\\\/b.hatena.ne.jp\\\/iwellguard\\\/20260607#bookmark-4788405196491818882\",\"https:\\\/\\\/fliphtml5.com\\\/home\\\/iwellguard\",\"https:\\\/\\\/anyflip.com\\\/homepage\\\/cmiwl#About\",\"https:\\\/\\\/transfur.com\\\/Users\\\/iwellguard\",\"http:\\\/\\\/delphi.larsbo.org\\\/user\\\/iwellguard\",\"https:\\\/\\\/jobs.lajobsportal.org\\\/profiles\\\/8380803-iwell-guard\",\"https:\\\/\\\/md.chaosdorf.de\\\/s\\\/jfbe5SBdJD\",\"https:\\\/\\\/www.lingvolive.com\\\/en-us\\\/profile\\\/9ecaeaca-ce11-4e51-9e71-01d55e2bff36\\\/translations\",\"https:\\\/\\\/www.fitday.com\\\/fitness\\\/forums\\\/members\\\/iwellguard.html\",\"https:\\\/\\\/www.mymeetbook.com\\\/iwellguard\",\"https:\\\/\\\/pxhere.com\\\/en\\\/photographer-me\\\/5040798\",\"https:\\\/\\\/disqus.com\\\/by\\\/iwellguard\\\/about\\\/\",\"https:\\\/\\\/pastelink.net\\\/hjwciqwq\",\"https:\\\/\\\/pubhtml5.com\\\/homepage\\\/scjhn\\\/\",\"https:\\\/\\\/www.bitchute.com\\\/channel\\\/2O2eOKzNqujT\",\"https:\\\/\\\/audiomack.com\\\/iwellguard\"]}]}<\/script>\n<!-- \/ Yoast SEO Premium plugin. -->","yoast_head_json":{"title":"Mama Killa \u2013 M\u011bs\u00ed\u010dn\u00ed bohyn\u011b Ink\u016f","description":"Mama Killa, m\u011bs\u00ed\u010dn\u00ed bohyn\u011b Ink\u016f, je sestra-man\u017eelka Intiho a patronka \u017een, kalend\u00e1\u0159e a \u010dasu. Religionistick\u00e9 za\u0159azen\u00ed.","robots":{"index":"index","follow":"follow","max-snippet":"max-snippet:-1","max-image-preview":"max-image-preview:large","max-video-preview":"max-video-preview:-1"},"canonical":"https:\/\/iwell-guard.com\/cs\/mama-killa-mesicni-bohyne-inku\/","og_locale":"cs_CZ","og_type":"article","og_title":"Mama Killa \u2013 M\u011bs\u00ed\u010dn\u00ed bohyn\u011b Ink\u016f","og_description":"Mama Killa, m\u011bs\u00ed\u010dn\u00ed bohyn\u011b Ink\u016f, je sestra-man\u017eelka Intiho a patronka \u017een, kalend\u00e1\u0159e a \u010dasu. Religionistick\u00e9 za\u0159azen\u00ed.","og_url":"https:\/\/iwell-guard.com\/cs\/mama-killa-mesicni-bohyne-inku\/","og_site_name":"iWell Guard","article_modified_time":"2026-09-03T16:56:19+00:00","og_image":[{"width":1024,"height":1536,"url":"https:\/\/iwell-guard.com\/wp-content\/uploads\/2026\/05\/goetter_anden-inka_mama-killa.webp","type":"image\/webp"}],"twitter_card":"summary_large_image","schema":{"@context":"https:\/\/schema.org","@graph":[{"@type":"WebPage","@id":"https:\/\/iwell-guard.com\/cs\/mama-killa-mesicni-bohyne-inku\/","url":"https:\/\/iwell-guard.com\/cs\/mama-killa-mesicni-bohyne-inku\/","name":"Mama Killa \u2013 M\u011bs\u00ed\u010dn\u00ed bohyn\u011b Ink\u016f","isPartOf":{"@id":"https:\/\/iwell-guard.com\/cs\/#website"},"primaryImageOfPage":{"@id":"https:\/\/iwell-guard.com\/cs\/mama-killa-mesicni-bohyne-inku\/#primaryimage"},"image":{"@id":"https:\/\/iwell-guard.com\/cs\/mama-killa-mesicni-bohyne-inku\/#primaryimage"},"thumbnailUrl":"https:\/\/iwell-guard.com\/wp-content\/uploads\/2026\/05\/goetter_anden-inka_mama-killa.webp","datePublished":"2026-09-03T16:30:31+00:00","dateModified":"2026-09-03T16:56:19+00:00","description":"Mama Killa, m\u011bs\u00ed\u010dn\u00ed bohyn\u011b Ink\u016f, je sestra-man\u017eelka Intiho a patronka \u017een, kalend\u00e1\u0159e a \u010dasu. Religionistick\u00e9 za\u0159azen\u00ed.","breadcrumb":{"@id":"https:\/\/iwell-guard.com\/cs\/mama-killa-mesicni-bohyne-inku\/#breadcrumb"},"inLanguage":"cs","potentialAction":[{"@type":"ReadAction","target":["https:\/\/iwell-guard.com\/cs\/mama-killa-mesicni-bohyne-inku\/"]}]},{"@type":"ImageObject","inLanguage":"cs","@id":"https:\/\/iwell-guard.com\/cs\/mama-killa-mesicni-bohyne-inku\/#primaryimage","url":"https:\/\/iwell-guard.com\/wp-content\/uploads\/2026\/05\/goetter_anden-inka_mama-killa.webp","contentUrl":"https:\/\/iwell-guard.com\/wp-content\/uploads\/2026\/05\/goetter_anden-inka_mama-killa.webp","width":1024,"height":1536,"caption":"Bohov\u00e9 z andsko-inksk\u00e9 tradice."},{"@type":"BreadcrumbList","@id":"https:\/\/iwell-guard.com\/cs\/mama-killa-mesicni-bohyne-inku\/#breadcrumb","itemListElement":[{"@type":"ListItem","position":1,"name":"Start","item":"https:\/\/iwell-guard.com\/cs\/?page_id=145107"},{"@type":"ListItem","position":2,"name":"Mama Killa \u2013 M\u011bs\u00ed\u010dn\u00ed bohyn\u011b Ink\u016f"}]},{"@type":"WebSite","@id":"https:\/\/iwell-guard.com\/cs\/#website","url":"https:\/\/iwell-guard.com\/cs\/","name":"iWell Guard","description":"Schutz vor dunklen Einfl\u00fcssen","publisher":{"@id":"https:\/\/iwell-guard.com\/cs\/#organization"},"potentialAction":[{"@type":"SearchAction","target":{"@type":"EntryPoint","urlTemplate":"https:\/\/iwell-guard.com\/cs\/?s={search_term_string}"},"query-input":{"@type":"PropertyValueSpecification","valueRequired":true,"valueName":"search_term_string"}}],"inLanguage":"cs"},{"@type":"Organization","@id":"https:\/\/iwell-guard.com\/cs\/#organization","name":"Ittermann electronic GmbH","url":"https:\/\/iwell-guard.com\/cs\/","logo":{"@type":"ImageObject","inLanguage":"cs","@id":"https:\/\/iwell-guard.com\/cs\/#\/schema\/logo\/image\/","url":"https:\/\/iwell-guard.com\/wp-content\/uploads\/2026\/05\/Ittermann-Logo-1182x237-1.png","contentUrl":"https:\/\/iwell-guard.com\/wp-content\/uploads\/2026\/05\/Ittermann-Logo-1182x237-1.png","width":1182,"height":237,"caption":"Ittermann electronic GmbH"},"image":{"@id":"https:\/\/iwell-guard.com\/cs\/#\/schema\/logo\/image\/"},"sameAs":["https:\/\/pantip.com\/profile\/9367242","https:\/\/micro.blog\/iwellguard","https:\/\/www.diggerslist.com\/iwellguard\/about","https:\/\/skitterphoto.com\/photographers\/2870314\/iwell-guard","https:\/\/iwellguard.wordpress.com\/2026\/06\/06\/iwell-guard\/","https:\/\/hub.docker.com\/u\/iwellguard","https:\/\/www.pinterest.com\/iwellguard\/","https:\/\/bit.ly\/m\/iwellguard","https:\/\/entre-vos-mains.alsace.eu\/profiles\/iwellguard\/activity","https:\/\/gravatar.com\/reallybeded8fd34","https:\/\/naijamatta.com\/iwellguard","https:\/\/www.goodreads.com\/iwellguard","https:\/\/profile.hatena.ne.jp\/iwellguard\/","https:\/\/experiment.com\/users\/iwellguard","https:\/\/wakelet.com\/@iWellGuard82270","https:\/\/www.chordie.com\/forum\/profile.php?id=2555664","https:\/\/www.instapaper.com\/p\/17757966","https:\/\/www.mapleprimes.com\/users\/iwellguard","https:\/\/businesslistingplus.com\/profile\/iwell-guard\/","https:\/\/telegra.ph\/iWell-Guard-06-06","https:\/\/pbase.com\/iwellguard\/iwellguard","https:\/\/b.hatena.ne.jp\/iwellguard\/20260607#bookmark-4788405196491818882","https:\/\/fliphtml5.com\/home\/iwellguard","https:\/\/anyflip.com\/homepage\/cmiwl#About","https:\/\/transfur.com\/Users\/iwellguard","http:\/\/delphi.larsbo.org\/user\/iwellguard","https:\/\/jobs.lajobsportal.org\/profiles\/8380803-iwell-guard","https:\/\/md.chaosdorf.de\/s\/jfbe5SBdJD","https:\/\/www.lingvolive.com\/en-us\/profile\/9ecaeaca-ce11-4e51-9e71-01d55e2bff36\/translations","https:\/\/www.fitday.com\/fitness\/forums\/members\/iwellguard.html","https:\/\/www.mymeetbook.com\/iwellguard","https:\/\/pxhere.com\/en\/photographer-me\/5040798","https:\/\/disqus.com\/by\/iwellguard\/about\/","https:\/\/pastelink.net\/hjwciqwq","https:\/\/pubhtml5.com\/homepage\/scjhn\/","https:\/\/www.bitchute.com\/channel\/2O2eOKzNqujT","https:\/\/audiomack.com\/iwellguard"]}]}},"_links":{"self":[{"href":"https:\/\/iwell-guard.com\/cs\/wp-json\/wp\/v2\/pages\/145449","targetHints":{"allow":["GET"]}}],"collection":[{"href":"https:\/\/iwell-guard.com\/cs\/wp-json\/wp\/v2\/pages"}],"about":[{"href":"https:\/\/iwell-guard.com\/cs\/wp-json\/wp\/v2\/types\/page"}],"author":[{"embeddable":true,"href":"https:\/\/iwell-guard.com\/cs\/wp-json\/wp\/v2\/users\/3"}],"replies":[{"embeddable":true,"href":"https:\/\/iwell-guard.com\/cs\/wp-json\/wp\/v2\/comments?post=145449"}],"version-history":[{"count":0,"href":"https:\/\/iwell-guard.com\/cs\/wp-json\/wp\/v2\/pages\/145449\/revisions"}],"wp:featuredmedia":[{"embeddable":true,"href":"https:\/\/iwell-guard.com\/cs\/wp-json\/wp\/v2\/media\/2680"}],"wp:attachment":[{"href":"https:\/\/iwell-guard.com\/cs\/wp-json\/wp\/v2\/media?parent=145449"}],"wp:term":[{"taxonomy":"category","embeddable":true,"href":"https:\/\/iwell-guard.com\/cs\/wp-json\/wp\/v2\/categories?post=145449"}],"curies":[{"name":"wp","href":"https:\/\/api.w.org\/{rel}","templated":true}]}}