{"id":145448,"date":"2026-09-03T16:30:30","date_gmt":"2026-09-03T16:30:30","guid":{"rendered":"https:\/\/iwell-guard.com\/?page_id=145448"},"modified":"2026-09-03T16:56:17","modified_gmt":"2026-09-03T16:56:17","slug":"viracocha-stvoritelsky-buh-and","status":"publish","type":"page","link":"https:\/\/iwell-guard.com\/cs\/viracocha-stvoritelsky-buh-and\/","title":{"rendered":"Viracocha \u2013 stvo\u0159itelsk\u00fd b\u016fh And"},"content":{"rendered":"\t\t<div data-elementor-type=\"wp-page\" data-elementor-id=\"145448\" class=\"elementor elementor-145448 elementor-2576 elementor-bc-flex-widget\" data-elementor-post-type=\"page\">\n\t\t\t\t<div class=\"elementor-element elementor-element-iwgw-viracocha-hero e-flex e-con-boxed e-con e-parent\" data-id=\"iwgw-viracocha-hero\" data-element_type=\"container\" data-e-type=\"container\" data-settings=\"{&quot;background_background&quot;:&quot;classic&quot;}\">\n\t\t\t\t\t<div class=\"e-con-inner\">\n\t\t<div class=\"elementor-element elementor-element-iwgw-viracocha-hl e-flex e-con-boxed e-con e-child\" data-id=\"iwgw-viracocha-hl\" data-element_type=\"container\" data-e-type=\"container\">\n\t\t\t\t\t<div class=\"e-con-inner\">\n\t\t<div class=\"elementor-element elementor-element-iwgw-viracocha-htxt e-con-full e-flex e-con e-child\" data-id=\"iwgw-viracocha-htxt\" data-element_type=\"container\" data-e-type=\"container\">\n\t\t\t\t<div class=\"elementor-element elementor-element-iwgw-viracocha-h1 elementor-widget elementor-widget-heading\" data-id=\"iwgw-viracocha-h1\" data-element_type=\"widget\" data-e-type=\"widget\" data-widget_type=\"heading.default\">\n\t\t\t\t\t<h1 class=\"elementor-heading-title elementor-size-default\">Viracocha, stvo\u0159itel a kosmick\u00fd zakladatel \u0159\u00e1du andsk\u00e9ho sv\u011bta<\/h1>\t\t\t\t<\/div>\n\t\t\t\t<div class=\"elementor-element elementor-element-iwgw-viracocha-lead elementor-widget elementor-widget-text-editor\" data-id=\"iwgw-viracocha-lead\" data-element_type=\"widget\" data-e-type=\"widget\" data-widget_type=\"text-editor.default\">\n\t\t\t\t\t\t\t\t\t<p>Viracocha (ke\u010du\u00e1nsky: <em>Wiraqucha<\/em>) je v ran\u00fdch kronik\u00e1ch \u0161pan\u011blsk\u00e9ho Peru nejvy\u0161\u0161\u00ed stvo\u0159itelsk\u00fd b\u016fh And, kter\u00fd stvo\u0159il sv\u011bt z jezera Titicaca a vytvo\u0159il lidstvo z kamene. Ve st\u00e1tn\u00ed <span class=\"iwg-fachbegriff\" data-tooltip=\"V\u011bdeck\u00e1 nauka o Bohu a v\u00ed\u0159e n\u00e1bo\u017eenstv\u00ed.\" tabindex=\"0\">teologii<\/span> pozdn\u00ed Incksk\u00e9 \u0159\u00ed\u0161e ustoupil do pozad\u00ed za <a href=\"https:\/\/iwell-guard.com\/cs\/?page_id=145446\">Intim<\/a>, p\u0159esto z\u016fstal v\u00fdznamn\u00fd jako kosmologick\u00fd princip.<\/p>\t\t\t\t\t\t\t\t<\/div>\n\t\t\t\t<\/div>\n\t\t<div class=\"elementor-element elementor-element-iwgw-viracocha-pillc e-con-full e-flex e-con e-child\" data-id=\"iwgw-viracocha-pillc\" data-element_type=\"container\" data-e-type=\"container\">\n\t\t\t\t<div class=\"elementor-element elementor-element-iwgw-viracocha-pills elementor-widget elementor-widget-html\" data-id=\"iwgw-viracocha-pills\" data-element_type=\"widget\" data-e-type=\"widget\" data-widget_type=\"html.default\">\n\t\t\t\t\t<div class=\"iwg-pill-row\"><span class=\"iwg-klasse-badge\" tabindex=\"0\" data-tooltip=\"Stvo\u0159itel tradice Andy \/ Inkov\u00e9.\">Stvo\u0159itel<\/span><a href=\"https:\/\/iwell-guard.com\/cs\/?page_id=145436\" class=\"iwg-kultur-badge\" tabindex=\"0\" data-tooltip=\"Mytologie tradice Andy \/ Inkov\u00e9.\">Andy \/ Inkov\u00e9<\/a><span class=\"iwg-tradition-badge\" tabindex=\"0\" data-tooltip=\"Stvo\u0159itelsk\u00fd b\u016fh.\">Stvo\u0159itelsk\u00fd b\u016fh<\/span><\/div>\t\t\t\t<\/div>\n\t\t\t\t<\/div>\n\t\t<div class=\"elementor-element elementor-element-iwgw-viracocha-tocc e-con-full e-flex e-con e-child\" data-id=\"iwgw-viracocha-tocc\" data-element_type=\"container\" data-e-type=\"container\">\n\t\t\t\t<div class=\"elementor-element elementor-element-iwgw-viracocha-toc elementor-toc--minimized-on-tablet elementor-widget elementor-widget-table-of-contents\" data-id=\"iwgw-viracocha-toc\" data-element_type=\"widget\" data-e-type=\"widget\" data-settings=\"{&quot;headings_by_tags&quot;:[&quot;h2&quot;,&quot;h3&quot;],&quot;minimize_box&quot;:&quot;yes&quot;,&quot;marker_view&quot;:&quot;bullets&quot;,&quot;no_headings_message&quot;:&quot;Na t\\u00e9to str\\u00e1nce nebyly nalezeny \\u017e\\u00e1dn\\u00e9 nadpisy.&quot;,&quot;exclude_headings_by_selector&quot;:[],&quot;icon&quot;:{&quot;value&quot;:&quot;fas fa-circle&quot;,&quot;library&quot;:&quot;fa-solid&quot;,&quot;rendered_tag&quot;:&quot;&lt;svg class=\\&quot;e-font-icon-svg e-fas-circle\\&quot; viewBox=\\&quot;0 0 512 512\\&quot; xmlns=\\&quot;http:\\\/\\\/www.w3.org\\\/2000\\\/svg\\&quot;&gt;&lt;path d=\\&quot;M256 8C119 8 8 119 8 256s111 248 248 248 248-111 248-248S393 8 256 8z\\&quot;&gt;&lt;\\\/path&gt;&lt;\\\/svg&gt;&quot;},&quot;minimized_on&quot;:&quot;tablet&quot;,&quot;hierarchical_view&quot;:&quot;yes&quot;,&quot;min_height&quot;:{&quot;unit&quot;:&quot;px&quot;,&quot;size&quot;:&quot;&quot;,&quot;sizes&quot;:[]},&quot;min_height_tablet&quot;:{&quot;unit&quot;:&quot;px&quot;,&quot;size&quot;:&quot;&quot;,&quot;sizes&quot;:[]},&quot;min_height_mobile&quot;:{&quot;unit&quot;:&quot;px&quot;,&quot;size&quot;:&quot;&quot;,&quot;sizes&quot;:[]}}\" data-widget_type=\"table-of-contents.default\">\n\t\t\t\t\t\t\t\t\t<div class=\"elementor-toc__header\">\n\t\t\t\t\t\t<h2 class=\"elementor-toc__header-title\">\n\t\t\t\tObsah\t\t\t<\/h2>\n\t\t\t\t\t\t\t\t\t\t<div class=\"elementor-toc__toggle-button elementor-toc__toggle-button--expand\" role=\"button\" tabindex=\"0\" aria-controls=\"elementor-toc__iwgw-viracocha-toc\" aria-expanded=\"true\" aria-label=\"Open table of contents\"><svg aria-hidden=\"true\" class=\"e-font-icon-svg e-fas-chevron-down\" viewBox=\"0 0 448 512\" xmlns=\"http:\/\/www.w3.org\/2000\/svg\"><path d=\"M207.029 381.476L12.686 187.132c-9.373-9.373-9.373-24.569 0-33.941l22.667-22.667c9.357-9.357 24.522-9.375 33.901-.04L224 284.505l154.745-154.021c9.379-9.335 24.544-9.317 33.901.04l22.667 22.667c9.373 9.373 9.373 24.569 0 33.941L240.971 381.476c-9.373 9.372-24.569 9.372-33.942 0z\"><\/path><\/svg><\/div>\n\t\t\t\t<div class=\"elementor-toc__toggle-button elementor-toc__toggle-button--collapse\" role=\"button\" tabindex=\"0\" aria-controls=\"elementor-toc__iwgw-viracocha-toc\" aria-expanded=\"true\" aria-label=\"Close table of contents\"><svg aria-hidden=\"true\" class=\"e-font-icon-svg e-fas-chevron-up\" viewBox=\"0 0 448 512\" xmlns=\"http:\/\/www.w3.org\/2000\/svg\"><path d=\"M240.971 130.524l194.343 194.343c9.373 9.373 9.373 24.569 0 33.941l-22.667 22.667c-9.357 9.357-24.522 9.375-33.901.04L224 227.495 69.255 381.516c-9.379 9.335-24.544 9.317-33.901-.04l-22.667-22.667c-9.373-9.373-9.373-24.569 0-33.941L207.03 130.525c9.372-9.373 24.568-9.373 33.941-.001z\"><\/path><\/svg><\/div>\n\t\t\t\t\t<\/div>\n\t\t\t\t<div id=\"elementor-toc__iwgw-viracocha-toc\" class=\"elementor-toc__body\">\n\t\t\t<div class=\"elementor-toc__spinner-container\">\n\t\t\t\t<svg class=\"elementor-toc__spinner eicon-animation-spin e-font-icon-svg e-eicon-loading\" aria-hidden=\"true\" viewBox=\"0 0 1000 1000\" xmlns=\"http:\/\/www.w3.org\/2000\/svg\"><path d=\"M500 975V858C696 858 858 696 858 500S696 142 500 142 142 304 142 500H25C25 237 238 25 500 25S975 237 975 500 763 975 500 975Z\"><\/path><\/svg>\t\t\t<\/div>\n\t\t<\/div>\n\t\t\t\t\t\t<\/div>\n\t\t\t\t<\/div>\n\t\t\t\t\t<\/div>\n\t\t\t\t<\/div>\n\t\t<div class=\"elementor-element elementor-element-iwgw-viracocha-hr e-con-full e-flex e-con e-child\" data-id=\"iwgw-viracocha-hr\" data-element_type=\"container\" data-e-type=\"container\">\n\t\t\t\t<div class=\"elementor-element elementor-element-iwgw-viracocha-heroimg iwg-hero-image elementor-widget elementor-widget-image\" data-id=\"iwgw-viracocha-heroimg\" data-element_type=\"widget\" data-e-type=\"widget\" data-widget_type=\"image.default\">\n\t\t\t\t\t\t\t\t\t\t\t\t\t\t\t<img fetchpriority=\"high\" decoding=\"async\" width=\"683\" height=\"1024\" src=\"https:\/\/iwell-guard.com\/wp-content\/uploads\/2026\/05\/goetter_anden-inka_viracocha-683x1024.webp\" class=\"attachment-large size-large wp-image-2684\" alt=\"Viracocha \u2013 stvo\u0159itelsk\u00fd b\u016fh And\" srcset=\"https:\/\/iwell-guard.com\/wp-content\/uploads\/2026\/05\/goetter_anden-inka_viracocha-683x1024.webp 683w, https:\/\/iwell-guard.com\/wp-content\/uploads\/2026\/05\/goetter_anden-inka_viracocha-200x300.webp 200w, https:\/\/iwell-guard.com\/wp-content\/uploads\/2026\/05\/goetter_anden-inka_viracocha-768x1152.webp 768w, https:\/\/iwell-guard.com\/wp-content\/uploads\/2026\/05\/goetter_anden-inka_viracocha.webp 1024w\" sizes=\"(max-width: 683px) 100vw, 683px\" \/>\t\t\t\t\t\t\t\t\t\t\t\t\t\t\t<\/div>\n\t\t\t\t<\/div>\n\t\t\t\t\t<\/div>\n\t\t\t\t<\/div>\n\t\t\t\t<section class=\"elementor-section elementor-top-section elementor-element elementor-element-sec-iwgcomp-viracocha elementor-section-boxed elementor-section-height-default elementor-section-height-default\" data-id=\"sec-iwgcomp-viracocha\" data-element_type=\"section\" data-e-type=\"section\">\n\t\t\t\t\t\t<div class=\"elementor-container elementor-column-gap-default\">\n\t\t\t\t\t<div class=\"elementor-column elementor-col-100 elementor-top-column elementor-element elementor-element-col-iwgcomp-viracocha\" data-id=\"col-iwgcomp-viracocha\" data-element_type=\"column\" data-e-type=\"column\">\n\t\t\t<div class=\"elementor-widget-wrap elementor-element-populated\">\n\t\t\t\t\t\t<div class=\"elementor-element elementor-element-iwgcomp-viracocha elementor-widget elementor-widget-text-editor\" data-id=\"iwgcomp-viracocha\" data-element_type=\"widget\" data-e-type=\"widget\" data-widget_type=\"text-editor.default\">\n\t\t\t\t\t\t\t\t\t<p>Viracocha, <strong>incksk\u00fd stvo\u0159itelsk\u00fd b\u016fh<\/strong>, je pova\u017eov\u00e1n za nejstar\u0161\u00ed a nejvy\u0161\u0161\u00ed vysok\u00e9 bo\u017estvo inksk\u00e9 <span class=\"iwg-fachbegriff\" data-tooltip=\"P\u0159edstava o stavb\u011b a uspo\u0159\u00e1d\u00e1n\u00ed sv\u011bta v r\u00e1mci ur\u010dit\u00e9 kultury.\" tabindex=\"0\">kosmologie<\/span>.<\/p>\t\t\t\t\t\t\t\t<\/div>\n\t\t\t\t\t<\/div>\n\t\t<\/div>\n\t\t\t\t\t<\/div>\n\t\t<\/section>\n\t\t<div class=\"elementor-element elementor-element-iwgw-viracocha-s0 e-flex e-con-boxed e-con e-parent\" data-id=\"iwgw-viracocha-s0\" data-element_type=\"container\" data-e-type=\"container\">\n\t\t\t\t\t<div class=\"e-con-inner\">\n\t\t\t\t<div class=\"elementor-element elementor-element-iwgw-viracocha-s0h elementor-widget elementor-widget-heading\" data-id=\"iwgw-viracocha-s0h\" data-element_type=\"widget\" data-e-type=\"widget\" data-widget_type=\"heading.default\">\n\t\t\t\t\t<h2 class=\"elementor-heading-title elementor-size-default\">Za\u0159azen\u00ed v andsk\u00e9m panteonu<\/h2>\t\t\t\t<\/div>\n\t\t<div class=\"elementor-element elementor-element-iwgw-viracocha-s0c e-con-full e-flex e-con e-child\" data-id=\"iwgw-viracocha-s0c\" data-element_type=\"container\" data-e-type=\"container\">\n\t\t\t\t<div class=\"elementor-element elementor-element-iwgw-viracocha-s0t elementor-widget elementor-widget-text-editor\" data-id=\"iwgw-viracocha-s0t\" data-element_type=\"widget\" data-e-type=\"widget\" data-widget_type=\"text-editor.default\">\n\t\t\t\t\t\t\t\t\t<p>Viracocha je teologicky komplexn\u00ed postava, kter\u00e1 se v kronik\u00e1ch objevuje pod \u0159adou p\u0159\u00edzvisek: <em>Apu Qun Tiqsi Wiraqucha<\/em>, <em>Pachayachachiq<\/em> (u\u010ditel sv\u011bta), <em>Illa Tiqsi Wiraqucha<\/em> (Wiraqucha z\u00e1\u0159iv\u00e9ho z\u00e1kladu). Podle Pierra Duviola je t\u0159eba tato aspektov\u00e1 jm\u00e9na \u010d\u00edst jako doklad ryze andsk\u00e9, filozoficko-spekulativn\u00ed <span class=\"iwg-fachbegriff\" data-tooltip=\"V\u011bdeck\u00e1 nauka o Bohu a v\u00ed\u0159e n\u00e1bo\u017eenstv\u00ed.\" tabindex=\"0\">teologie<\/span>, kter\u00e1 fungovala pod povrchem osobn\u00edho vysok\u00e9ho kultu.<\/p><p>Ran\u00e1 d\u00edla kronik\u00e1\u0159\u016f (Cieza de Le\u00f3n, Sarmiento de Gamboa, Crist\u00f3bal de Molina) stav\u00ed Viracochu jako nejvy\u0161\u0161\u00ed bytost p\u0159ed v\u0161echna ostatn\u00ed bo\u017estva.<\/p><p>Garcilaso de la Vega, kter\u00fd p\u00ed\u0161e pozd\u011bji a je v\u00edce orientov\u00e1n na inckou pozd\u011bj\u0161\u00ed nad\u0159azenost Intiho, popisuje tento vztah komplikovan\u011bji: Inti je viditeln\u00fd vl\u00e1dce, Viracocha neviditeln\u00fd stvo\u0159itel. Z religionistick\u00e9ho hlediska je zde patrn\u00e9 teologick\u00e9 zvrstven\u00ed, v n\u011bm\u017e vedle sebe existuje star\u0161\u00ed v\u00edra ve stvo\u0159itelsk\u00e9ho boha a mlad\u0161\u00ed imperi\u00e1ln\u00ed sol\u00e1rn\u00ed <span class=\"iwg-fachbegriff\" data-tooltip=\"V\u011bdeck\u00e1 nauka o Bohu a v\u00ed\u0159e n\u00e1bo\u017eenstv\u00ed.\" tabindex=\"0\">teologie<\/span>.<\/p><p>Zaj\u00edmav\u00e9 je, \u017ee v aymarsk\u00e9 oblasti byl Viracocha ozna\u010dov\u00e1n jako <em>Tunupa<\/em> nebo <em>Tonopa<\/em>, postava s vlastn\u00edmi mytologick\u00fdmi vypr\u00e1v\u011bn\u00edmi, kterou podrobn\u011b zkoumala religionistka Th\u00e9rese Bouysse-Cassagne v d\u00edle <em>Lluvias y cenizas<\/em> (1988).<\/p><p>U Aymar\u016f je Tunupa m\u00e9n\u011b jednozna\u010dn\u011b stvo\u0159itelem ne\u017e incksk\u00fd Viracocha, vykazuje tak\u00e9 rysy podobn\u00e9 triksterovi a je \u00fazce spojen s vulkanismem regionu.<\/p>\t\t\t\t\t\t\t\t<\/div>\n\t\t\t\t<\/div>\n\t\t\t\t\t<\/div>\n\t\t\t\t<\/div>\n\t\t<div class=\"elementor-element elementor-element-iwgw-viracocha-s1 e-flex e-con-boxed e-con e-parent\" data-id=\"iwgw-viracocha-s1\" data-element_type=\"container\" data-e-type=\"container\">\n\t\t\t\t\t<div class=\"e-con-inner\">\n\t\t\t\t<div class=\"elementor-element elementor-element-iwgw-viracocha-s1h elementor-widget elementor-widget-heading\" data-id=\"iwgw-viracocha-s1h\" data-element_type=\"widget\" data-e-type=\"widget\" data-widget_type=\"heading.default\">\n\t\t\t\t\t<h2 class=\"elementor-heading-title elementor-size-default\">Jm\u00e9no a etymologie<\/h2>\t\t\t\t<\/div>\n\t\t<div class=\"elementor-element elementor-element-iwgw-viracocha-s1c e-con-full e-flex e-con e-child\" data-id=\"iwgw-viracocha-s1c\" data-element_type=\"container\" data-e-type=\"container\">\n\t\t\t\t<div class=\"elementor-element elementor-element-iwgw-viracocha-s1t elementor-widget elementor-widget-text-editor\" data-id=\"iwgw-viracocha-s1t\" data-element_type=\"widget\" data-e-type=\"widget\" data-widget_type=\"text-editor.default\">\n\t\t\t\t\t\t\t\t\t<p>Etymologie jm\u00e9na <em>Wiraqucha<\/em> je dlouho sporn\u00e1. Garcilaso de la Vega ho odvozuje od <em>wira<\/em> (tuk, smetana) a <em>qucha<\/em> (jezero) a p\u0159ekl\u00e1d\u00e1 jako <em>tuk jezera<\/em> nebo <em>p\u011bna na vod\u011b<\/em>. Tato etymologie dob\u0159e zapad\u00e1 do <span class=\"iwg-fachbegriff\" data-tooltip=\"P\u0159ed\u00e1van\u00fd p\u0159\u00edb\u011bh o boz\u00edch, po\u010d\u00e1tc\u00edch a uspo\u0159\u00e1d\u00e1n\u00ed sv\u011bta.\" tabindex=\"0\">m\u00fdtu<\/span> o vodn\u00edm stvo\u0159iteli z Titicaky, jazykov\u011bdn\u011b v\u0161ak nen\u00ed z\u00e1vazn\u00e1.<\/p><p>Alternativn\u00ed v\u00fdklad spojuje prvn\u00ed slabiku se slovem <em>wila<\/em> (aymarsky: krev) a doch\u00e1z\u00ed k v\u00fdznamu <em>krev jezera<\/em> nebo k p\u0159edstav\u011b rud\u00e9, vulkanick\u00e9 vody.<\/p><p>C\u00e9sar Itier upozornil ve sv\u00fdch jazykov\u011bdn\u00fdch prac\u00edch (2008, 2013) na mo\u017en\u00fd t\u0159et\u00ed v\u00fdklad, podle kter\u00e9ho by <em>wira<\/em> mohlo vych\u00e1zet ze starobyl\u00e9ho ko\u0159ene <em>wir-<\/em> ve v\u00fdznamu <em>z\u00e1\u0159e<\/em> nebo <em>sv\u011bteln\u00fd svit<\/em>, tak\u017ee by Wiraqucha byl <em>sv\u011bteln\u00fd svit jezera<\/em>.<\/p><p>V koloni\u00e1ln\u00edm jazykov\u00e9m \u00fazu se <em>wiraqucha<\/em> velmi rychle stalo osloven\u00edm pro \u0160pan\u011bly, nejprve proto, \u017ee Inkov\u00e9 pova\u017eovali vousat\u00e9 dobyvatele za projevy vousat\u00e9ho stvo\u0159itelsk\u00e9ho boha, pot\u00e9 jako obecn\u00e9 \u010destn\u00e9 osloven\u00ed, kter\u00e9 se v n\u011bkter\u00fdch ke\u010du\u00e1nsky mluv\u00edc\u00edch oblastech dodnes pou\u017e\u00edv\u00e1 ve v\u00fdznamu <em>p\u00e1n<\/em> nebo <em>se\u00f1or<\/em>.<\/p>\t\t\t\t\t\t\t\t<\/div>\n\t\t\t\t<\/div>\n\t\t\t\t\t<\/div>\n\t\t\t\t<\/div>\n\t\t<div class=\"elementor-element elementor-element-iwgw-viracocha-s2 e-flex e-con-boxed e-con e-parent\" data-id=\"iwgw-viracocha-s2\" data-element_type=\"container\" data-e-type=\"container\">\n\t\t\t\t\t<div class=\"e-con-inner\">\n\t\t\t\t<div class=\"elementor-element elementor-element-iwgw-viracocha-s2h elementor-widget elementor-widget-heading\" data-id=\"iwgw-viracocha-s2h\" data-element_type=\"widget\" data-e-type=\"widget\" data-widget_type=\"heading.default\">\n\t\t\t\t\t<h2 class=\"elementor-heading-title elementor-size-default\">Popis a ikonografie<\/h2>\t\t\t\t<\/div>\n\t\t<div class=\"elementor-element elementor-element-iwgw-viracocha-s2c e-con-full e-flex e-con e-child\" data-id=\"iwgw-viracocha-s2c\" data-element_type=\"container\" data-e-type=\"container\">\n\t\t\t\t<div class=\"elementor-element elementor-element-iwgw-viracocha-s2t elementor-widget elementor-widget-text-editor\" data-id=\"iwgw-viracocha-s2t\" data-element_type=\"widget\" data-e-type=\"widget\" data-widget_type=\"text-editor.default\">\n\t\t\t\t\t\t\t\t\t<p>Viracocha je v pramenech nezvykle \u010dasto popisov\u00e1n jako vousat\u00fd sta\u0159ec, kter\u00fd putuje Andami v dlouh\u00e9m pl\u00e1\u0161ti, s berlou a se slune\u010dn\u00ed korunou.<\/p><p>Tento popis se odli\u0161uje od typick\u00e9 domorod\u00e9 ikonografie And, kde jsou vousat\u00ed mu\u017ei prakticky nezn\u00e1m\u00ed, a vedl k d\u0159\u00edv\u011bj\u0161\u00ed spekulaci, \u017ee Viracocha je historick\u00fdm odrazem p\u0159edkolumbovsk\u00e9ho n\u00e1v\u0161t\u011bvn\u00edka z Eurasie. Tuto spekulaci modern\u00ed badatel\u00e9 odm\u00edtli.<\/p><p>Hlavn\u00edm ikonografick\u00fdm pramenem je proslul\u00e1 <em>Slune\u010dn\u00ed br\u00e1na z Tiwanaku<\/em> (asi 600 a\u017e 1000 n. l.), v jej\u00edm\u017e st\u0159edu se objevuje centr\u00e1ln\u00ed postava s paprskovitou korunou a symetricky rozev\u0159en\u00fdma pa\u017eemi, v nich\u017e dr\u017e\u00ed dv\u011b berly (\u010dasto interpretovan\u00e9 jako vrhac\u00ed kop\u00ed).<\/p><p>Tato tzv. postava <em>Staffgod<\/em> b\u00fdv\u00e1 v archeologick\u00e9 literatu\u0159e pravideln\u011b identifikov\u00e1na s Viracochou, a\u010dkoli emick\u00fd n\u00e1zev kultury Tiwanaku pro tuto postavu se nedochoval. Karen Wise a John Janusek ve sv\u00e9m v\u00fdzkumu Tiwanaku opakovan\u011b nab\u00e1dali k opatrnosti p\u0159i t\u00e9to identifikaci.<\/p><p>Roz\u0161\u00ed\u0159eno je tak\u00e9 spojen\u00ed Viracochy s inck\u00fdm hlavn\u00edm m\u011bstem Cusco a jeho centr\u00e1ln\u00edm <span class=\"iwg-fachbegriff\" data-tooltip=\"Stavba slouz\u00edc\u00ed k uct\u00edv\u00e1n\u00ed jednoho nebo v\u00edce bo\u017estev.\" tabindex=\"0\">chr\u00e1mem<\/span>, Coricanchou. Inka Pachacuti m\u011bl podle Sarmienta nechat v Coricanche postavit vlastn\u00ed sochu Wiraquchy, celou sochu ze zlata, na kterou v roce 1532 je\u0161t\u011b narazili \u0160pan\u011bl\u00e9.<\/p>\t\t\t\t\t\t\t\t<\/div>\n\t\t\t\t<\/div>\n\t\t\t\t\t<\/div>\n\t\t\t\t<\/div>\n\t\t<div class=\"elementor-element elementor-element-iwgw-viracocha-s3 e-flex e-con-boxed e-con e-parent\" data-id=\"iwgw-viracocha-s3\" data-element_type=\"container\" data-e-type=\"container\">\n\t\t\t\t\t<div class=\"e-con-inner\">\n\t\t\t\t<div class=\"elementor-element elementor-element-iwgw-viracocha-s3h elementor-widget elementor-widget-heading\" data-id=\"iwgw-viracocha-s3h\" data-element_type=\"widget\" data-e-type=\"widget\" data-widget_type=\"heading.default\">\n\t\t\t\t\t<h2 class=\"elementor-heading-title elementor-size-default\">Mytologick\u00e1 vypr\u00e1v\u011bn\u00ed<\/h2>\t\t\t\t<\/div>\n\t\t<div class=\"elementor-element elementor-element-iwgw-viracocha-s3c e-con-full e-flex e-con e-child\" data-id=\"iwgw-viracocha-s3c\" data-element_type=\"container\" data-e-type=\"container\">\n\t\t\t\t<div class=\"elementor-element elementor-element-iwgw-viracocha-s3t elementor-widget elementor-widget-text-editor\" data-id=\"iwgw-viracocha-s3t\" data-element_type=\"widget\" data-e-type=\"widget\" data-widget_type=\"text-editor.default\">\n\t\t\t\t\t\t\t\t\t<p>Hlavn\u00ed m\u00fdtus za\u010d\u00edn\u00e1 ve f\u00e1zi sv\u011btov\u00e9 temnoty. Viracocha se zjevuje na ostrov\u011b <em>Isla del Sol<\/em> v jeze\u0159e Titicaca a nejprve stvo\u0159\u00ed prvn\u00ed lidstvo z kamene, kter\u00e9 v\u0161ak pro neposlu\u0161nost zahub\u00ed ve velk\u00e9 potop\u011b.<\/p><p>Podle Crist\u00f3bala de Molina pot\u00e9 v <em>Tiwanaku<\/em> vytvo\u0159\u00ed druh\u00e9 lidstvo z hl\u00edny, ka\u017ed\u00e9 skupin\u011b p\u0159id\u011bl\u00ed jazyk, od\u011bv a domovinu a vy\u0161le je, aby se roze\u0161ly p\u0159es Andy.<\/p><p>N\u00e1sledn\u011b Viracocha s\u00e1m putuje Andami na sever, u\u010d\u00ed lidi zem\u011bd\u011blstv\u00ed, tkalcovstv\u00ed a n\u00e1bo\u017eenstv\u00ed a nakonec opou\u0161t\u00ed sv\u011bt na pacifick\u00e9m pob\u0159e\u017e\u00ed, kde kr\u00e1\u010d\u00ed po vod\u011b a miz\u00ed sm\u011brem na z\u00e1pad.<\/p><p>Tuto z\u00e1v\u011bre\u010dnou epizodu vylo\u017eili n\u011bkte\u0159\u00ed inck\u00ed teologov\u00e9 tak, \u017ee se Viracocha jednoho dne vr\u00e1t\u00ed ze z\u00e1padu. Toto mesi\u00e1\u0161sk\u00e9 o\u010dek\u00e1v\u00e1n\u00ed bylo v ran\u00fdch letech \u0161pan\u011blsk\u00e9ho dobyt\u00ed kr\u00e1tce prom\u00edtnuto na conquistadory, co\u017e \u010d\u00e1ste\u010dn\u011b vysv\u011btluje rychlou vojenskou por\u00e1\u017eku Inck\u00e9 \u0159\u00ed\u0161e.<\/p><p>Syn Viracochy vystupuje v n\u011bkter\u00fdch pramenech jako <em>Imaymana Viracocha<\/em> nebo jako <em>Tocapo Viracocha<\/em>, kte\u0159\u00ed jako brat\u0159i \u010di pr\u016fvodci Stvo\u0159itele putuj\u00ed Andami a vytv\u00e1\u0159ej\u00ed kosmick\u00fd \u0159\u00e1d.<\/p><p>Tato trojice Wiraqoch\u016f p\u0159ipom\u00ednala \u0161pan\u011blsk\u00fdm kronik\u00e1\u0159\u016fm k\u0159es\u0165anskou Trojici, co\u017e vedlo k diskus\u00edm o mo\u017en\u00e9 p\u0159edk\u0159es\u0165ansk\u00e9 andsk\u00e9 misii, tato hypot\u00e9za v\u0161ak historicky nen\u00ed dolo\u017eiteln\u00e1.<\/p><p>Zvl\u00e1\u0161\u0165 d\u016fle\u017eit\u00fdm pramenem je <span class=\"iwg-fachbegriff\" data-tooltip=\"Vypr\u00e1v\u011bn\u00ed o boz\u00edch, po\u010d\u00e1tc\u00edch a \u0159\u00e1du sv\u011bta, kter\u00e9 se dochovalo tradic\u00ed.\" tabindex=\"0\">m\u00fdtus<\/span> o <em>sopce Cacha<\/em>, zaznamenan\u00fd Ciezou de Le\u00f3n (1553): podle n\u011bj p\u0159i\u0161el Viracocha do Cachy, kde mu obyvatel\u00e9 pro jeho ciz\u00ed vzhled necht\u011bli v\u011b\u0159it a napadli ho.<\/p><p>Stvo\u0159itel proto seslal z nebe ohe\u0148 a vyp\u00e1lil zemi, dokud si obyvatel\u00e9 Cachy neuv\u011bdomili svou vinu a neprosili o odpu\u0161t\u011bn\u00ed.<\/p><p>Archeologick\u00fd n\u00e1lez vulkanick\u00e9ho l\u00e1vov\u00e9ho lo\u017ee u Raqchi\/Cacha dal tomuto <span class=\"iwg-fachbegriff\" data-tooltip=\"Vypr\u00e1v\u011bn\u00ed o boz\u00edch, po\u010d\u00e1tc\u00edch a \u0159\u00e1du sv\u011bta, kter\u00e9 se dochovalo tradic\u00ed.\" tabindex=\"0\">m\u00fdtu<\/span> vysv\u011btliteln\u00fd geologick\u00fd z\u00e1klad. Sarmiento de Gamboa uv\u00e1d\u00ed, \u017ee Inkov\u00e9 na tomto m\u00edst\u011b pozd\u011bji postavili velk\u00fd dvojchr\u00e1m s vysok\u00fdmi zdmi z nep\u00e1len\u00fdch cihel, jeho\u017e zbytky dodnes dominuj\u00ed \u00fadol\u00ed.<\/p>\t\t\t\t\t\t\t\t<\/div>\n\t\t\t\t<\/div>\n\t\t\t\t\t<\/div>\n\t\t\t\t<\/div>\n\t\t<div class=\"elementor-element elementor-element-iwgw-viracocha-s4 e-flex e-con-boxed e-con e-parent\" data-id=\"iwgw-viracocha-s4\" data-element_type=\"container\" data-e-type=\"container\">\n\t\t\t\t\t<div class=\"e-con-inner\">\n\t\t\t\t<div class=\"elementor-element elementor-element-iwgw-viracocha-s4h elementor-widget elementor-widget-heading\" data-id=\"iwgw-viracocha-s4h\" data-element_type=\"widget\" data-e-type=\"widget\" data-widget_type=\"heading.default\">\n\t\t\t\t\t<h2 class=\"elementor-heading-title elementor-size-default\">Kult a uct\u00edv\u00e1n\u00ed<\/h2>\t\t\t\t<\/div>\n\t\t<div class=\"elementor-element elementor-element-iwgw-viracocha-s4c e-con-full e-flex e-con e-child\" data-id=\"iwgw-viracocha-s4c\" data-element_type=\"container\" data-e-type=\"container\">\n\t\t\t\t<div class=\"elementor-element elementor-element-iwgw-viracocha-s4t elementor-widget elementor-widget-text-editor\" data-id=\"iwgw-viracocha-s4t\" data-element_type=\"widget\" data-e-type=\"widget\" data-widget_type=\"text-editor.default\">\n\t\t\t\t\t\t\t\t\t<p>Specifick\u00fd kult Viracochy byl m\u00e9n\u011b institucion\u00e1ln\u011b rozvinut\u00fd ne\u017e kult Inti. Hlavn\u00ed kultovn\u00ed m\u00edsta se nach\u00e1zela v Coricanche v Cuscu, kde existovala samostatn\u00e1 komnata zasv\u011bcen\u00e1 Viracochovi, d\u00e1le v p\u0159edinck\u00fdch svatyn\u00edch Pacaritambo, Tiwanaku a na ostrov\u011b Isla del Sol.<\/p><p>Tak\u00e9 velk\u00fd kultovn\u00ed komplex Pachacamac na peru\u00e1nsk\u00e9m pob\u0159e\u017e\u00ed Pacifiku p\u0159i\u0159azovali n\u011bkte\u0159\u00ed kronik\u00e1\u0159i Viracochovi, a\u010dkoli se tam sp\u00ed\u0161e uct\u00edval v\u011b\u0161teck\u00fd vrchn\u00ed b\u016fh <a href=\"https:\/\/iwell-guard.com\/cs\/?page_id=145450\">Pachakamak<\/a>.<\/p><p>Inka Pachacuti (vl\u00e1dl 1438, 1471) je podle Sarmienta de Gamboy pova\u017eov\u00e1n za velk\u00e9ho podporovatele kultu Viracochy. Pachacuti m\u011bl ve vid\u011bn\u00ed zaslechnout hlas Stvo\u0159itele a na z\u00e1klad\u011b toho nechal postavit <span class=\"iwg-fachbegriff\" data-tooltip=\"Stavba, kter\u00e1 slou\u017e\u00ed uct\u00edv\u00e1n\u00ed jednoho nebo v\u00edce bo\u017estev.\" tabindex=\"0\">chr\u00e1my<\/span> jak v Cuscu, tak v oblasti Cacha.<\/p><p>Archeologick\u00fd komplex <em>Raqchi<\/em> u San Pedro de Cacha s monument\u00e1ln\u00edmi hlin\u011bn\u00fdmi lo\u010fovit\u00fdmi zdmi je tradi\u010dn\u011b pova\u017eov\u00e1n za velk\u00fd Viracoch\u016fv <span class=\"iwg-fachbegriff\" data-tooltip=\"Stavba, kter\u00e1 slou\u017e\u00ed uct\u00edv\u00e1n\u00ed jednoho nebo v\u00edce bo\u017estev.\" tabindex=\"0\">chr\u00e1m<\/span> Pachacutiho.<\/p><p>Ritu\u00e1ln\u00ed ob\u011btn\u00ed praxe pro Viracochu zahrnovala ob\u011btov\u00e1n\u00ed lam (obvykle b\u00edl\u00e9 lam\u00ed klisny, na rozd\u00edl od hn\u011bd\u00e9 klisny ob\u011btovan\u00e9 Inti), p\u00e1len\u00ed kuku\u0159i\u010dn\u00fdch a koka list\u016f a \u00falitby chichy. Na rozd\u00edl od kultu Inti nebyla stanovena pevn\u00e1 denn\u00ed doba, proto\u017ee Viracocha byl ch\u00e1p\u00e1n jako bytost stoj\u00edc\u00ed nad nebesk\u00fdmi t\u011blesy.<\/p>\t\t\t\t\t\t\t\t<\/div>\n\t\t\t\t<\/div>\n\t\t\t\t\t<\/div>\n\t\t\t\t<\/div>\n\t\t<div class=\"elementor-element elementor-element-iwgw-viracocha-s5 e-flex e-con-boxed e-con e-parent\" data-id=\"iwgw-viracocha-s5\" data-element_type=\"container\" data-e-type=\"container\">\n\t\t\t\t\t<div class=\"e-con-inner\">\n\t\t\t\t<div class=\"elementor-element elementor-element-iwgw-viracocha-s5h elementor-widget elementor-widget-heading\" data-id=\"iwgw-viracocha-s5h\" data-element_type=\"widget\" data-e-type=\"widget\" data-widget_type=\"heading.default\">\n\t\t\t\t\t<h2 class=\"elementor-heading-title elementor-size-default\">Ochrann\u00e1 praxe a apotropaick\u00e9 prvky<\/h2>\t\t\t\t<\/div>\n\t\t<div class=\"elementor-element elementor-element-iwgw-viracocha-s5c e-con-full e-flex e-con e-child\" data-id=\"iwgw-viracocha-s5c\" data-element_type=\"container\" data-e-type=\"container\">\n\t\t\t\t<div class=\"elementor-element elementor-element-iwgw-viracocha-s5t elementor-widget elementor-widget-text-editor\" data-id=\"iwgw-viracocha-s5t\" data-element_type=\"widget\" data-e-type=\"widget\" data-widget_type=\"text-editor.default\">\n\t\t\t\t\t\t\t\t\t<p>Konkr\u00e9tn\u00ed ochrann\u00e1 praxe vztahuj\u00edc\u00ed se k Viracochovi je v pramenech jen t\u011b\u017eko zachytiteln\u00e1. Stvo\u0159itelsk\u00fd b\u016fh byl v inck\u00e9m <span class=\"iwg-fachbegriff\" data-tooltip=\"V\u011bdeck\u00e9 u\u010den\u00ed o Bohu a v\u00ed\u0159e n\u011bjak\u00e9ho n\u00e1bo\u017eenstv\u00ed.\" tabindex=\"0\">teologick\u00e9m<\/span> pojet\u00ed p\u0159\u00edli\u0161 vzd\u00e1len\u00fd a p\u0159\u00edli\u0161 obecn\u00fd, aby byl p\u0159\u00edmo vz\u00fdv\u00e1n v jednotliv\u00fdch \u017eivotn\u00edch situac\u00edch. Ochrann\u00e1 \u00facta sm\u011b\u0159ovala sp\u00ed\u0161e k prost\u0159edn\u00edk\u016fm, Inti, <a href=\"https:\/\/iwell-guard.com\/cs\/?page_id=145451\">Illapovi<\/a> a m\u00edstn\u00edm horsk\u00fdm p\u00e1n\u016fm <em>Apu<\/em>, zat\u00edmco Viracocha p\u016fsobil jako skryt\u00fd \u0159\u00e1dotvorn\u00fd princip.<\/p><p>P\u0159esto se v aktech <em>extirpaci\u00f3n de idolatr\u00edas<\/em> (17. stolet\u00ed) opakovan\u011b mluv\u00ed o dom\u00e1c\u00edch amuletech ve form\u011b mal\u00fdch kamenn\u00fdch figurek, ozna\u010dovan\u00fdch jako <em>conopa<\/em> nebo <em>illa<\/em>, kter\u00e9 vykazuj\u00ed souvislost s Viracochovou <span class=\"iwg-fachbegriff\" data-tooltip=\"V\u011bdeck\u00e9 u\u010den\u00ed o Bohu a v\u00ed\u0159e n\u011bjak\u00e9ho n\u00e1bo\u017eenstv\u00ed.\" tabindex=\"0\">teologi\u00ed<\/span>.<\/p><p>Tyto kamenn\u00e9 figurky, nej\u010dast\u011bji v podob\u011b mal\u00fdch lam, kuku\u0159ice nebo lidsk\u00fdch postav, byly pova\u017eov\u00e1ny za zt\u011blesn\u011bn\u00ed tvo\u0159iv\u00e9 s\u00edly, kter\u00e1 m\u011bla vstoupit do dom\u00e1cnosti a chr\u00e1nit ji. Uchov\u00e1valy se ve spodn\u00edch vrstv\u00e1ch oblo\u017een\u00ed st\u011bn nebo pod ohni\u0161t\u011bm a p\u0159i sv\u00e1tc\u00edch se pokr\u00e1p\u011bly lam\u00edm tukem a chichou.<\/p><p>Z religionistick\u00e9ho hlediska je v\u00fdznamn\u00e9, \u017ee tato praxe conopa nebyla ch\u00e1p\u00e1na magicky-n\u00e1tlakov\u011b, n\u00fdbr\u017e jako p\u00e9\u010de o vztah k tvo\u0159iv\u00e9 substanci sv\u011bta, je\u017e byla p\u0159\u00edtomna v dom\u011b, na poli i ve st\u00e1du. Kontext iWell Guard popisuje tuto praxi jako historick\u00fd jev, nikoli jako doporu\u010den\u00ed k jej\u00edmu \u00fa\u010dinku.<\/p><p>V dne\u0161n\u00ed lidov\u00e9 n\u00e1bo\u017eensk\u00e9 praxi peru\u00e1nsk\u00fdch a bolivijsk\u00fdch horsk\u00fdch komunit jsou kamenn\u00e9 figurky conopa v mnoha p\u0159\u00edpadech d\u00e1le v u\u017e\u00edv\u00e1n\u00ed pod nov\u00fdm n\u00e1zvem <em>illa<\/em>.<\/p><p>Pou\u017e\u00edvaj\u00ed je p\u0159edev\u0161\u00edm pastevci, kte\u0159\u00ed pod prahem dve\u0159\u00ed nebo v lo\u017enici uchov\u00e1vaj\u00ed mal\u00e9 kamenn\u00e9 lamy nebo vy\u0159ez\u00e1van\u00e9 figurky alpak, aby zajistili zdrav\u00ed st\u00e1da. Olivia Harris ve sv\u00e9 pr\u00e1ci <em>Of Bread and Blood<\/em> (2000) zdokumentovala trvaj\u00edc\u00ed p\u0159\u00edtomnost t\u00e9to praxe v aymarsk\u00fdch vesnic\u00edch Bol\u00edvie.<\/p>\t\t\t\t\t\t\t\t<\/div>\n\t\t\t\t<\/div>\n\t\t\t\t\t<\/div>\n\t\t\t\t<\/div>\n\t\t<div class=\"elementor-element elementor-element-iwgw-viracocha-s6 e-flex e-con-boxed e-con e-parent\" data-id=\"iwgw-viracocha-s6\" data-element_type=\"container\" data-e-type=\"container\">\n\t\t\t\t\t<div class=\"e-con-inner\">\n\t\t\t\t<div class=\"elementor-element elementor-element-iwgw-viracocha-s6h elementor-widget elementor-widget-heading\" data-id=\"iwgw-viracocha-s6h\" data-element_type=\"widget\" data-e-type=\"widget\" data-widget_type=\"heading.default\">\n\t\t\t\t\t<h2 class=\"elementor-heading-title elementor-size-default\">Paralely v jin\u00fdch kultur\u00e1ch<\/h2>\t\t\t\t<\/div>\n\t\t<div class=\"elementor-element elementor-element-iwgw-viracocha-s6c e-con-full e-flex e-con e-child\" data-id=\"iwgw-viracocha-s6c\" data-element_type=\"container\" data-e-type=\"container\">\n\t\t\t\t<div class=\"elementor-element elementor-element-iwgw-viracocha-s6t elementor-widget elementor-widget-text-editor\" data-id=\"iwgw-viracocha-s6t\" data-element_type=\"widget\" data-e-type=\"widget\" data-widget_type=\"text-editor.default\">\n\t\t\t\t\t\t\t\t\t<p>Struktur\u00e1ln\u011b lze Viracochu srovnat s dal\u0161\u00edmi postavami typu <em>deus otiosus<\/em> v d\u011bjin\u00e1ch n\u00e1bo\u017eenstv\u00ed, se stvo\u0159itelsk\u00fdmi bohy, kte\u0159\u00ed po stvo\u0159en\u00ed ustupuj\u00ed do pozad\u00ed a p\u0159ij\u00edmaj\u00ed m\u00e9n\u011b p\u0159\u00edm\u00fd <span class=\"iwg-fachbegriff\" data-tooltip=\"Souhrn n\u00e1bo\u017eensk\u00fdch \u00fakon\u016f uct\u00edv\u00e1n\u00ed bo\u017estva nebo posv\u00e1tn\u00e9 bytosti.\" tabindex=\"0\">kult<\/span> ne\u017e mlad\u0161\u00ed specializovan\u00ed bohov\u00e9. Mircea Eliade tento vzorec popsal pro africk\u00e1 a sibi\u0159sk\u00e1 n\u00e1bo\u017eenstv\u00ed; Pierre Duviols a Henrique Urbano jej aplikovali na Viracochu.<\/p><p>P\u0159\u00edbuzn\u00ed jsou nap\u0159\u00edklad star\u00fd africk\u00fd vrchn\u00ed b\u016fh <em>Nyame<\/em> Akan\u016f, polyn\u00e9sk\u00fd vrchn\u00ed b\u016fh <em>Io<\/em> Maor\u016f nebo australsko-aboriginsk\u00fd <em>Baiame<\/em>. Ve v\u0161ech t\u011bchto p\u0159\u00edpadech se setk\u00e1v\u00e1me se stvo\u0159itelem, kter\u00fd odpo\u010d\u00edv\u00e1 odta\u017eit\u011b na nebi, zat\u00edmco ka\u017edodenn\u00ed n\u00e1bo\u017eensk\u00e1 praxe se obrac\u00ed k mlad\u0161\u00edm, bli\u017e\u0161\u00edm bo\u017estv\u016fm.<\/p><p>V r\u00e1mci Andsk\u00e9ho prostoru je Viracocha \u00fazce sp\u0159\u00edzn\u011bn s pob\u0159e\u017en\u00edm bohem Pachakamakem; v n\u011bkter\u00fdch kronik\u00e1ch jsou tito dva popisov\u00e1ni jako otec a syn nebo jako brat\u0159i.<\/p><p>Mary Eyzaguirre ve sv\u00e9 pr\u00e1ci o kultu Pachakamaka (2003) podrobn\u011b zkoumala teologick\u00e9 propojen\u00ed obou vrchn\u00edch boh\u016f. Srovnateln\u00e9 postavy stvo\u0159itelsk\u00fdch boh\u016f nach\u00e1z\u00edme v severoamerick\u00e9m kontextu nap\u0159\u00edklad u <a href=\"https:\/\/iwell-guard.com\/cs\/?page_id=145456\">Wakan Tanka<\/a> Lakot\u016f a u d\u011bde\u010dka <a href=\"https:\/\/iwell-guard.com\/cs\/?page_id=145459\">Tunka\u0161ily<\/a>.<\/p><p>Odborn\u00e1 diskuse o Viracochovi rovn\u011b\u017e nastolila ot\u00e1zku, do jak\u00e9 m\u00edry lze andskou stvo\u0159itelskou teologii klasifikovat jako monoteistickou, nebo polyteistickou.<\/p><p>Pierre Duviols v d\u00edle <em>Cultura andina y represion<\/em> (1986) argumentoval, \u017ee inckdob\u00e1 <span class=\"iwg-fachbegriff\" data-tooltip=\"V\u011bdeck\u00e1 nauka o Bohu a o v\u00ed\u0159e dan\u00e9ho n\u00e1bo\u017eenstv\u00ed.\" tabindex=\"0\">teologie<\/span> neodpov\u00edd\u00e1 ani klasick\u00e9mu <span class=\"iwg-fachbegriff\" data-tooltip=\"V\u00edra v jedin\u00e9ho Boha.\" tabindex=\"0\">monoteismu<\/span>, ani klasick\u00e9mu <span class=\"iwg-fachbegriff\" data-tooltip=\"V\u00edra ve v\u00edce boh\u016f.\" tabindex=\"0\">polyteismu<\/span>, n\u00fdbr\u017e sp\u00ed\u0161e <em>henoteismu<\/em>, v n\u011bm\u017e vrchn\u00ed b\u016fh z\u016fst\u00e1v\u00e1 v pozad\u00ed, zat\u00edmco je uct\u00edv\u00e1no mnoho ni\u017e\u0161\u00edch bytost\u00ed.<\/p><p>Tuto kategorii zavedl Max Mueller v 19. stolet\u00ed pro v\u00e9dsk\u00fd hinduismus a lze ji p\u0159en\u00e9st i na andsk\u00e9 pom\u011bry.<\/p><p>Stopy zanechalo v odborn\u00e9 literatu\u0159e i srovn\u00e1n\u00ed se staropersk\u00fdm <em>Ahura Mazdou<\/em>, mezopotamsk\u00fdm <em>Anem<\/em> nebo staro\u0159eck\u00fdm <em>\u00daranem<\/em>. Ve v\u0161ech t\u0159ech p\u0159\u00edpadech jde o stvo\u0159itelsk\u00e9 postavy, kter\u00e9 struktur\u00e1ln\u011b ustupuj\u00ed do pozad\u00ed za mlad\u0161\u00ed hlavn\u00ed bohy (Mithra, Marduk, Zeus), a p\u0159esto z\u016fst\u00e1vaj\u00ed v teologicko-filozofick\u00e9 reflexi \u00fast\u0159edn\u00ed.<\/p>\t\t\t\t\t\t\t\t<\/div>\n\t\t\t\t<\/div>\n\t\t\t\t\t<\/div>\n\t\t\t\t<\/div>\n\t\t<div class=\"elementor-element elementor-element-iwgw-viracocha-s7 e-flex e-con-boxed e-con e-parent\" data-id=\"iwgw-viracocha-s7\" data-element_type=\"container\" data-e-type=\"container\">\n\t\t\t\t\t<div class=\"e-con-inner\">\n\t\t\t\t<div class=\"elementor-element elementor-element-iwgw-viracocha-s7h elementor-widget elementor-widget-heading\" data-id=\"iwgw-viracocha-s7h\" data-element_type=\"widget\" data-e-type=\"widget\" data-widget_type=\"heading.default\">\n\t\t\t\t\t<h2 class=\"elementor-heading-title elementor-size-default\">Sou\u010dasn\u00e1 recepce a v\u00fdzkum<\/h2>\t\t\t\t<\/div>\n\t\t<div class=\"elementor-element elementor-element-iwgw-viracocha-s7c e-con-full e-flex e-con e-child\" data-id=\"iwgw-viracocha-s7c\" data-element_type=\"container\" data-e-type=\"container\">\n\t\t\t\t<div class=\"elementor-element elementor-element-iwgw-viracocha-s7t elementor-widget elementor-widget-text-editor\" data-id=\"iwgw-viracocha-s7t\" data-element_type=\"widget\" data-e-type=\"widget\" data-widget_type=\"text-editor.default\">\n\t\t\t\t\t\t\t\t\t<p><span class=\"iwg-fachbegriff\" data-tooltip=\"Die Gesamtheit der religi\u00f6sen Verehrungshandlungen f\u00fcr eine Gottheit oder heilige Gestalt.\" tabindex=\"0\">Kult<\/span> Viracochy z velk\u00e9 \u010d\u00e1sti zanikl s dobyt\u00edm \u0159\u00ed\u0161e. \u0160pan\u011blsk\u00e1 misie rychle ztoto\u017enila boha stvo\u0159itele s k\u0159es\u0165ansk\u00fdm Bohem, co\u017e usnadnilo christianizaci, ale z\u00e1rove\u0148 zp\u016fsobilo, \u017ee samostatn\u00e1 \u00facta k Viracoche vybledla.<\/p><p>V modern\u00edch ke\u010du\u00e1nsky mluv\u00edc\u00edch komunit\u00e1ch horsk\u00e9 oblasti dnes <em>Wiraqucha<\/em> u\u017e nen\u00ed samostatn\u00fdm kultovn\u00edm objektem, ale ozna\u010den\u00edm pro katolicko-k\u0159es\u0165ansk\u00e9ho Boha (<em>Dios Wiraqucha<\/em>) nebo pro v\u00e1\u017een\u00e9ho star\u00e9ho mu\u017ee.<\/p><p>V akademick\u00e9m v\u00fdzkumu m\u00e1 Viracocha jako postava p\u0159edimperi\u00e1ln\u00ed teologie stvo\u0159en\u00ed nad\u00e1le v\u00fdznam. Henrique Urbano (<em>Wiraqocha y Ayar<\/em>, 1981), Pierre Duviols, Therese Bouysse-Cassagne a Cesar Itier v posledn\u00edch desetilet\u00edch uk\u00e1zali, jak \u0161pan\u011bl\u0161t\u00ed kronik\u00e1\u0159i \u010detli andsk\u00e9 koncepty <span class=\"iwg-fachbegriff\" data-tooltip=\"Die wissenschaftliche Lehre von Gott und vom Glauben einer Religion.\" tabindex=\"0\">teologie<\/span> skrze k\u0159es\u0165anskou optiku a \u010d\u00e1ste\u010dn\u011b je p\u0159etv\u00e1\u0159eli.<\/p><p>Je proto metodicky obt\u00ed\u017en\u00e9 rekonstruovat za kronik\u00e1\u0159sk\u00fdmi prameny autentick\u00e9ho Viracochu z p\u0159edinck\u00e9ho i inck\u00e9ho obdob\u00ed.<\/p><p>Archeologicky p\u0159inesl v\u00fdzkum tzv. <em>Staffgod<\/em> (b\u016fh s hol\u00ed) v Tiwanaku, Chav\u00ednu (se slavn\u00fdm reli\u00e9fem na Raimondiho <span class=\"iwg-fachbegriff\" data-tooltip=\"Eine aufrecht stehende, beschriftete oder bebilderte Stein- oder Holzplatte.\" tabindex=\"0\">st\u00e9le<\/span>) a Wari nov\u00e9 indicie o mo\u017en\u00e1 velmi dlouho sahaj\u00edc\u00ed kontinu\u00e1ln\u00ed tradici boha stvo\u0159itele.<\/p><p>Oblouk od Chav\u00ednu (cca 900 p\u0159. n. l.) p\u0159es Tiwanaku\/Wari (cca 500, 1000 n. l.) a\u017e k Ink\u016fm (1438, 1532) by, pokud se potvrd\u00ed, byl jedn\u00edm z dlouh\u00fdch oblouk\u016f latinskoamerick\u00fdch n\u00e1bo\u017eensk\u00fdch d\u011bjin.<\/p><p>D\u016fle\u017eitou nov\u011bj\u0161\u00ed v\u00fdzkumnou linii tvo\u0159\u00ed archeoastronomick\u00e9 zkoum\u00e1n\u00ed vztahu Viracochy k hv\u011bzdn\u00e9mu nebi. Gary Urton ve sv\u00e9 pr\u00e1ci <em>At the Crossroads of the Earth and the Sky<\/em> (1981) uk\u00e1zal, \u017ee Inkov\u00e9 ch\u00e1pali <em>Ml\u00e9\u010dnou dr\u00e1hu<\/em> (Mayu) jako kosmickou \u0159eku, kterou Wiraqucha vede po obloze.<\/p><p>Tato kosmologick\u00e1 hloubkov\u00e1 struktura z\u016fst\u00e1vala b\u011bhem \u0161pan\u011blsk\u00e9 misie bez pov\u0161imnut\u00ed a p\u0159\u00edstupnou se stala a\u017e d\u00edky modern\u00ed etnoastronomii.<\/p>\t\t\t\t\t\t\t\t<\/div>\n\t\t\t\t<\/div>\n\t\t\t\t\t<\/div>\n\t\t\t\t<\/div>\n\t\t<div class=\"elementor-element elementor-element-iwgw-viracocha-s8 e-flex e-con-boxed e-con e-parent\" data-id=\"iwgw-viracocha-s8\" data-element_type=\"container\" data-e-type=\"container\">\n\t\t\t\t\t<div class=\"e-con-inner\">\n\t\t\t\t<div class=\"elementor-element elementor-element-iwgw-viracocha-s8h elementor-widget elementor-widget-heading\" data-id=\"iwgw-viracocha-s8h\" data-element_type=\"widget\" data-e-type=\"widget\" data-widget_type=\"heading.default\">\n\t\t\t\t\t<h2 class=\"elementor-heading-title elementor-size-default\">Literatura a prameny<\/h2>\t\t\t\t<\/div>\n\t\t<div class=\"elementor-element elementor-element-iwgw-viracocha-s8c e-con-full e-flex e-con e-child\" data-id=\"iwgw-viracocha-s8c\" data-element_type=\"container\" data-e-type=\"container\">\n\t\t\t\t<div class=\"elementor-element elementor-element-iwgw-viracocha-s8t elementor-widget elementor-widget-text-editor\" data-id=\"iwgw-viracocha-s8t\" data-element_type=\"widget\" data-e-type=\"widget\" data-widget_type=\"text-editor.default\">\n\t\t\t\t\t\t\t\t\t<p>N\u00e1sleduj\u00edc\u00ed v\u00fdb\u011br uv\u00e1d\u00ed kl\u00ed\u010dov\u00e1 d\u00edla andsk\u00e9 etnologie a n\u00e1bo\u017eensk\u00fdch d\u011bjin k ot\u00e1zce Viracochy, se zvl\u00e1\u0161tn\u00edm z\u0159etelem na teologicko-filozofickou hloubkovou vrstvu n\u00e1bo\u017eenstv\u00ed z doby Ink\u016f.<\/p>\t\t\t\t\t\t\t\t<\/div>\n\t\t\t\t<\/div>\n\t\t\t\t\t<\/div>\n\t\t\t\t<\/div>\n\t\t<div class=\"elementor-element elementor-element-cp20b19ce8 e-flex e-con-boxed e-con e-parent\" data-id=\"cp20b19ce8\" data-element_type=\"container\" data-e-type=\"container\">\n\t\t\t\t\t<div class=\"e-con-inner\">\n\t\t\t\t<div class=\"elementor-element elementor-element-cp2cd2ff6b elementor-widget elementor-widget-heading\" data-id=\"cp2cd2ff6b\" data-element_type=\"widget\" data-e-type=\"widget\" data-widget_type=\"heading.default\">\n\t\t\t\t\t<h2 class=\"elementor-heading-title elementor-size-default\">Viracocha v kronik\u00e1ch 16. stolet\u00ed<\/h2>\t\t\t\t<\/div>\n\t\t<div class=\"elementor-element elementor-element-cp270124ee e-flex e-con-boxed e-con e-child\" data-id=\"cp270124ee\" data-element_type=\"container\" data-e-type=\"container\">\n\t\t\t\t\t<div class=\"e-con-inner\">\n\t\t\t\t<div class=\"elementor-element elementor-element-cp2c92af90 elementor-widget elementor-widget-text-editor\" data-id=\"cp2c92af90\" data-element_type=\"widget\" data-e-type=\"widget\" data-widget_type=\"text-editor.default\">\n\t\t\t\t\t\t\t\t\t<p>T\u00e9m\u011b\u0159 v\u0161e, co je o Viracochovi zn\u00e1mo, poch\u00e1z\u00ed ze \u0161pan\u011blsk\u00fdch a mestick\u00fdch kronik, kter\u00e9 vznikly po dobyt\u00ed inck\u00e9 \u0159\u00ed\u0161e.<\/p><p>Mezi nejd\u016fle\u017eit\u011bj\u0161\u00ed prameny pat\u0159\u00ed d\u00edla Juana de Betanzos, kter\u00fd byl \u017eenat\u00fd se \u017eenou z inck\u00e9ho \u0161lechtick\u00e9ho rodu a psal kolem roku 1551, d\u00e1le Pedra Ciezy de Le\u00f3n, Crist\u00f3bala de Molina z Cuska a rozs\u00e1hl\u00e9 d\u00edlo Bernab\u00e9 Coba ze 17. stolet\u00ed.<\/p><p>Tyto texty se v hlavn\u00edch rysech shoduj\u00ed, ale v jednotlivostech se od sebe podstatn\u011b li\u0161\u00ed.<\/p><p>V kronik\u00e1ch vystupuje Viracocha jako stvo\u0159itelsk\u00e1 postava, kter\u00e1 u jezera Titicaca stvo\u0159ila sv\u011bt, slunce, m\u011bs\u00edc a prvn\u00ed lidi a pot\u00e9 proch\u00e1zela zem\u00ed, a\u017e kone\u010dn\u011b zmizela za mo\u0159e.<\/p><p>Badatel\u00e9 si ji\u017e brzy pov\u0161imli, \u017ee toto vypr\u00e1v\u011bn\u00ed mohlo b\u00fdt siln\u011b p\u0159izp\u016fsobeno evropsk\u00fdm p\u0159edstav\u00e1m. N\u011bkte\u0159\u00ed kronik\u00e1\u0159i m\u011bli tendenci p\u0159ibli\u017eovat Viracochu nejvy\u0161\u0161\u00edmu, t\u00e9m\u011b\u0159 monoteistick\u00e9mu bohu, co\u017e vyhovovalo misijn\u00edm z\u00e1jm\u016fm naj\u00edt spojnici s k\u0159es\u0165ansk\u00fdm stvo\u0159itelsk\u00fdm bohem.<\/p><p>Sabine MacCormack a dal\u0161\u00ed uk\u00e1zali, \u017ee kroniky Viracochu \u010d\u00e1ste\u010dn\u011b stylizovaly do abstraktn\u00ed nejvy\u0161\u0161\u00ed bytosti, kter\u00e1 v p\u0159edkoloni\u00e1ln\u00edm <span class=\"iwg-fachbegriff\" data-tooltip=\"Souhrn n\u00e1bo\u017eensk\u00fdch \u00fakon\u016f uct\u00edv\u00e1n\u00ed bo\u017estva nebo svat\u00e9 postavy.\" tabindex=\"0\">kultu<\/span> mo\u017en\u00e1 nest\u00e1la ve st\u0159edu z\u00e1jmu. Situaci je\u0161t\u011b komplikuje skute\u010dnost, \u017ee Viracocha bylo tak\u00e9 jm\u00e9no historick\u00e9ho inck\u00e9ho panovn\u00edka a \u017ee \u0161pan\u011bl\u0161t\u00ed pozorovatel\u00e9 tyto dv\u011b roviny ne v\u017edy d\u016fsledn\u011b rozli\u0161ovali.<\/p><p>Seri\u00f3zn\u00ed v\u00fdklad mus\u00ed proto zd\u016fraznit, \u017ee tradovan\u00fd obraz Viracochy obsahuje koloni\u00e1ln\u00ed konstrukt, jeho\u017e p\u0159edkoloni\u00e1ln\u00ed z\u00e1klad lze rekonstruovat jen s nejistotou. K region\u00e1ln\u00ed n\u00e1bo\u017eensk\u00e9 praxi Ink\u016f viz tak\u00e9 <a href=\"https:\/\/iwell-guard.com\/cs\/?page_id=145446\">Inti<\/a>.<\/p>\t\t\t\t\t\t\t\t<\/div>\n\t\t\t\t\t<\/div>\n\t\t\t\t<\/div>\n\t\t\t\t\t<\/div>\n\t\t\t\t<\/div>\n\t\t<div class=\"elementor-element elementor-element-cp287f08ac e-flex e-con-boxed e-con e-parent\" data-id=\"cp287f08ac\" data-element_type=\"container\" data-e-type=\"container\">\n\t\t\t\t\t<div class=\"e-con-inner\">\n\t\t\t\t<div class=\"elementor-element elementor-element-cp286b8694 elementor-widget elementor-widget-heading\" data-id=\"cp286b8694\" data-element_type=\"widget\" data-e-type=\"widget\" data-widget_type=\"heading.default\">\n\t\t\t\t\t<h2 class=\"elementor-heading-title elementor-size-default\">Spor o Viracochu jako nejvy\u0161\u0161\u00edho boha<\/h2>\t\t\t\t<\/div>\n\t\t<div class=\"elementor-element elementor-element-cp2779dfd9 e-flex e-con-boxed e-con e-child\" data-id=\"cp2779dfd9\" data-element_type=\"container\" data-e-type=\"container\">\n\t\t\t\t\t<div class=\"e-con-inner\">\n\t\t\t\t<div class=\"elementor-element elementor-element-cp27b87720 elementor-widget elementor-widget-text-editor\" data-id=\"cp27b87720\" data-element_type=\"widget\" data-e-type=\"widget\" data-widget_type=\"text-editor.default\">\n\t\t\t\t\t\t\t\t\t<p>Dlouhotrvaj\u00edc\u00ed debata andsk\u00e9ho v\u00fdzkumu se t\u00fdk\u00e1 ot\u00e1zky, zda byl Viracocha v p\u0159edkoloni\u00e1ln\u00ed inck\u00e9 \u0159\u00ed\u0161i nejvy\u0161\u0161\u00edm bohem, stoj\u00edc\u00edm nad ostatn\u00edmi bo\u017estvy.<\/p><p>Na konci 19. a po\u010d\u00e1tku 20. stolet\u00ed zast\u00e1vali n\u011bkte\u0159\u00ed badatel\u00e9 n\u00e1zor, \u017ee Inkov\u00e9 pod povrchem slune\u010dn\u00edho kultu uct\u00edvali abstraktn\u00edho stvo\u0159itelsk\u00e9ho boha, kter\u00fd se bl\u00ed\u017eil k\u0159es\u0165ansk\u00e9mu pojet\u00ed Boha. Tento pohled odpov\u00eddal teori\u00edm, je\u017e ve vysp\u011bl\u00fdch kultur\u00e1ch hledaly tendenci k <span class=\"iwg-fachbegriff\" data-tooltip=\"V\u00edra v jedin\u00e9ho boha.\" tabindex=\"0\">monoteismu<\/span>.<\/p><p>Pozd\u011bj\u0161\u00ed v\u00fdzkum tento v\u00fdklad v\u00fdrazn\u011b zpochybnil. Kritici jako Pierre Duviols a R. T. Zuidema upozornili, \u017ee prameny, kter\u00e9 vykresluj\u00ed Viracochu jako nejvy\u0161\u0161\u00edho boha, jsou t\u00e9m\u011b\u0159 v\u0161echny ovlivn\u011bny misijn\u00ed perspektivou.<\/p><p>Ve skute\u010dn\u011b dolo\u017een\u00e9m <span class=\"iwg-fachbegriff\" data-tooltip=\"Souhrn n\u00e1bo\u017eensk\u00fdch \u00fakon\u016f uct\u00edv\u00e1n\u00ed bo\u017estva nebo svat\u00e9 postavy.\" tabindex=\"0\">kultu<\/span> Ink\u016f st\u00e1l ve st\u0159edu st\u00e1tn\u00edho uct\u00edv\u00e1n\u00ed slune\u010dn\u00ed b\u016fh, s Coricanchou v Cuscu jako nejd\u016fle\u017eit\u011bj\u0161\u00ed <span class=\"iwg-fachbegriff\" data-tooltip=\"Svat\u00e9 m\u00edsto v\u011bnovan\u00e9 uct\u00edv\u00e1n\u00ed bo\u017estva.\" tabindex=\"0\">svatyn\u00ed<\/span>. Viracocha m\u011bl sice sv\u016fj <span class=\"iwg-fachbegriff\" data-tooltip=\"Stavba slou\u017e\u00edc\u00ed k uct\u00edv\u00e1n\u00ed jednoho nebo v\u00edce bo\u017estev.\" tabindex=\"0\">chr\u00e1m<\/span> i <span class=\"iwg-fachbegriff\" data-tooltip=\"Souhrn n\u00e1bo\u017eensk\u00fdch \u00fakon\u016f uct\u00edv\u00e1n\u00ed bo\u017estva nebo svat\u00e9 postavy.\" tabindex=\"0\">kult<\/span>, av\u0161ak jeho \u00fadajnou nad\u0159azenost nad v\u0161emi ostatn\u00edmi bo\u017estvy je v pramenech obt\u00ed\u017en\u00e9 prok\u00e1zat.<\/p><p>Sou\u010dasn\u00fd v\u00fdzkum se klon\u00ed ke st\u0159edn\u00ed pozici. Viracocha byl v\u00fdznamnou stvo\u0159itelskou a prvopo\u010d\u00e1te\u010dn\u00ed postavou, jej\u00ed\u017e uct\u00edv\u00e1n\u00ed bylo d\u016fle\u017eit\u00e9 region\u00e1ln\u011b a v ur\u010dit\u00fdch kontextech, nikoli v\u0161ak st\u0159edem monoteisticky pojat\u00e9ho syst\u00e9mu.<\/p><p>P\u0159edstava o nejvy\u0161\u0161\u00edm bohu Viracochovi je dnes v\u011bt\u0161inou pova\u017eov\u00e1na za produkt koloni\u00e1ln\u00ed <span class=\"iwg-fachbegriff\" data-tooltip=\"V\u011bdeck\u00e1 nauka o Bohu a o v\u00ed\u0159e n\u011bjak\u00e9ho n\u00e1bo\u017eenstv\u00ed.\" tabindex=\"0\">teologie<\/span>, kter\u00e1 v andsk\u00e9m n\u00e1bo\u017eenstv\u00ed hledala prot\u011bj\u0161ek k vlastn\u00edmu obrazu Boha.<\/p><p>Tento p\u0159\u00edpad je v <span class=\"iwg-fachbegriff\" data-tooltip=\"V\u011bda, kter\u00e1 zkoum\u00e1 n\u00e1bo\u017eenstv\u00ed srovn\u00e1vac\u00edm zp\u016fsobem a bez vyznava\u010dsk\u00e9 vazby.\" tabindex=\"0\">religionistice<\/span> \u010dasto uv\u00e1d\u011bn\u00fdm p\u0159\u00edkladem toho, jak mohou misijn\u00ed z\u00e1jmy ovlivnit rekonstrukci zanikl\u00e9ho n\u00e1bo\u017eenstv\u00ed. Pro popis Viracochy to znamen\u00e1, \u017ee ka\u017ed\u00e9 tvrzen\u00ed o jeho postaven\u00ed v <span class=\"iwg-fachbegriff\" data-tooltip=\"Souhrn boh\u016f n\u011bjak\u00e9ho n\u00e1bo\u017eenstv\u00ed nebo kultury.\" tabindex=\"0\">panteonu<\/span> je t\u0159eba uv\u00e1d\u011bt s v\u00fdhradou.<\/p>\t\t\t\t\t\t\t\t<\/div>\n\t\t\t\t\t<\/div>\n\t\t\t\t<\/div>\n\t\t\t\t\t<\/div>\n\t\t\t\t<\/div>\n\t\t<div class=\"elementor-element elementor-element-iwgw-viracocha-lit e-flex e-con-boxed e-con e-parent\" data-id=\"iwgw-viracocha-lit\" data-element_type=\"container\" data-e-type=\"container\">\n\t\t\t\t\t<div class=\"e-con-inner\">\n\t\t\t\t<div class=\"elementor-element elementor-element-iwgw-viracocha-lith elementor-widget elementor-widget-heading\" data-id=\"iwgw-viracocha-lith\" data-element_type=\"widget\" data-e-type=\"widget\" data-widget_type=\"heading.default\">\n\t\t\t\t\t<h2 class=\"elementor-heading-title elementor-size-default\">Literatura (v\u00fdb\u011br)<\/h2>\t\t\t\t<\/div>\n\t\t<div class=\"elementor-element elementor-element-iwgw-viracocha-litc e-con-full e-flex e-con e-child\" data-id=\"iwgw-viracocha-litc\" data-element_type=\"container\" data-e-type=\"container\">\n\t\t\t\t<div class=\"elementor-element elementor-element-iwgw-viracocha-litt elementor-widget elementor-widget-text-editor\" data-id=\"iwgw-viracocha-litt\" data-element_type=\"widget\" data-e-type=\"widget\" data-widget_type=\"text-editor.default\">\n\t\t\t\t\t\t\t\t\t<ul><li>Henrique Urbano: <em>Wiraqocha y Ayar<\/em> (1981)<\/li><li>Pierre Duviols: <em>La lutte contre les religions autochtones<\/em> (1971)<\/li><li>Therese Bouysse-Cassagne: <em>Lluvias y cenizas<\/em> (1988)<\/li><li>Cesar Itier: <em>Les Incas<\/em> (2008)<\/li><li>Pedro Sarmiento de Gamboa: <em>Historia indica<\/em> (1572)<\/li><li>Cristobal de Molina: <em>Relacion de las fabulas y ritos de los Incas<\/em> (1575)<\/li><li>John Janusek: <em>Ancient Tiwanaku<\/em> (2008)<\/li><\/ul>\t\t\t\t\t\t\t\t<\/div>\n\t\t\t\t<\/div>\n\t\t\t\t\t<\/div>\n\t\t\t\t<\/div>\n\t\t<div class=\"elementor-element elementor-element-iwgkw2-add-viracocha e-flex e-con-boxed e-con e-parent\" data-id=\"iwgkw2-add-viracocha\" data-element_type=\"container\" data-e-type=\"container\">\n\t\t\t\t\t<div class=\"e-con-inner\">\n\t\t\t\t<div class=\"elementor-element elementor-element-iwgkw2-add-viracocha-t elementor-widget elementor-widget-text-editor\" data-id=\"iwgkw2-add-viracocha-t\" data-element_type=\"widget\" data-e-type=\"widget\" data-widget_type=\"text-editor.default\">\n\t\t\t\t\t\t\t\t\t<p>V andsk\u00fdch tradic\u00edch je Viracocha pova\u017eov\u00e1n za <em>kosmick\u00e9ho<\/em> <em>tv\u016frce \u0159\u00e1du<\/em>, kter\u00fd stanovil slunce, m\u011bs\u00edc a hv\u011bzdy a stvo\u0159il lidi z vod jezera Titicaca; \u0161pan\u011bl\u0161t\u00ed kronik\u00e1\u0159i Cieza de Le\u00f3n a Betanzos dokumentuj\u00ed tento <span class=\"iwg-fachbegriff\" data-tooltip=\"Souhrn boh\u016f n\u011bjak\u00e9ho n\u00e1bo\u017eenstv\u00ed nebo kultury.\" tabindex=\"0\">panteon<\/span>.<\/p>\t\t\t\t\t\t\t\t<\/div>\n\t\t\t\t\t<\/div>\n\t\t\t\t<\/div>\n\t\t<div class=\"elementor-element elementor-element-iwgw-viracocha-kwd e-flex e-con-boxed e-con e-parent\" data-id=\"iwgw-viracocha-kwd\" data-element_type=\"container\" data-e-type=\"container\">\n\t\t\t\t\t<div class=\"e-con-inner\">\n\t\t<div class=\"elementor-element elementor-element-iwgw-viracocha-kwdc e-con-full e-flex e-con e-child\" data-id=\"iwgw-viracocha-kwdc\" data-element_type=\"container\" data-e-type=\"container\">\n\t\t\t\t<div class=\"elementor-element elementor-element-iwgw-viracocha-kwdt elementor-widget elementor-widget-text-editor\" data-id=\"iwgw-viracocha-kwdt\" data-element_type=\"widget\" data-e-type=\"widget\" data-widget_type=\"text-editor.default\">\n\t\t\t\t\t\t\t\t\t<p><em>Souvisej\u00edc\u00ed kl\u00ed\u010dov\u00e9 pojmy: Viracocha Wiraqucha Tunupa Pachayachachiq Tiwanaku Staffgod Pacaritambo Raqchi Cacha.<\/em><\/p>\t\t\t\t\t\t\t\t<\/div>\n\t\t\t\t<\/div>\n\t\t\t\t\t<\/div>\n\t\t\t\t<\/div>\n\t\t<div class=\"elementor-element elementor-element-iwgw-viracocha-cc e-flex e-con-boxed e-con e-parent\" data-id=\"iwgw-viracocha-cc\" data-element_type=\"container\" data-e-type=\"container\" id=\"iwg-cc-viracocha\">\n\t\t\t\t\t<div class=\"e-con-inner\">\n\t\t<div class=\"elementor-element elementor-element-iwgw-viracocha-ccinner e-flex e-con-boxed e-con e-parent\" data-id=\"iwgw-viracocha-ccinner\" data-element_type=\"container\" data-e-type=\"container\" data-settings=\"{&quot;background_background&quot;:&quot;classic&quot;}\">\n\t\t\t\t\t<div class=\"e-con-inner\">\n\t\t\t\t<div class=\"elementor-element elementor-element-iwgw-viracocha-cch elementor-widget elementor-widget-heading\" data-id=\"iwgw-viracocha-cch\" data-element_type=\"widget\" data-e-type=\"widget\" data-widget_type=\"heading.default\">\n\t\t\t\t\t<h2 class=\"elementor-heading-title elementor-size-default\">iWell Guard a ochrann\u00e9 tradice<\/h2>\t\t\t\t<\/div>\n\t\t\t\t<div class=\"elementor-element elementor-element-iwgw-viracocha-cct elementor-widget elementor-widget-text-editor\" data-id=\"iwgw-viracocha-cct\" data-element_type=\"widget\" data-e-type=\"widget\" data-widget_type=\"text-editor.default\">\n\t\t\t\t\t\t\t\t\t<div data-nosnippet=\"true\"><p>iWell Guard navazuje na kulturn\u011b-historickou tradici p\u0159enosn\u00fdch ochrann\u00fdch p\u0159edm\u011bt\u016f, v tradici <a href=\"https:\/\/iwell-guard.com\/cs\/?page_id=145436\">Andy \/ Inkov\u00e9<\/a> a mnoha dal\u0161\u00edch kultur po cel\u00e9m sv\u011bt\u011b. 41 vrstev, ryz\u00ed zlato, platina, st\u0159\u00edbro, vyrobeno v N\u011bmecku. 30denn\u00ed pr\u00e1vo na vr\u00e1cen\u00ed zbo\u017e\u00ed.<\/p><\/div>\t\t\t\t\t\t\t\t<\/div>\n\t\t\t\t<div class=\"elementor-element elementor-element-iwgw-viracocha-ccb iwg-cc-button iwg-cc-cta-2026-05-13 elementor-widget elementor-widget-jet-button\" data-id=\"iwgw-viracocha-ccb\" data-element_type=\"widget\" data-e-type=\"widget\" data-widget_type=\"jet-button.default\">\n\t\t\t\t<div class=\"elementor-widget-container\">\n\t\t\t\t\t<div class=\"elementor-jet-button jet-elements\"><div class=\"jet-button__container\"><a class=\"jet-button__instance jet-button__instance--icon-left hover-effect-1\" href=\"\/ueber-iwell-guard\/?utm_source=iwell-guard.com&amp;utm_medium=info-box&amp;utm_campaign=wesen-tradition\"><div class=\"jet-button__plane jet-button__plane-normal\"><\/div><div class=\"jet-button__plane jet-button__plane-hover\"><\/div><div class=\"jet-button__state jet-button__state-normal\"><span class=\"jet-button__label\">V\u00edce o iWell Guard<\/span><\/div><div class=\"jet-button__state jet-button__state-hover\"><span class=\"jet-button__label\">V\u00edce o iWell Guard<\/span><\/div><\/a><\/div><\/div><style>.elementor-element.elementor-element-iwgw-viracocha-ccb .jet-button__instance{width:320px;height:56px;}.elementor-element.elementor-element-iwgw-viracocha-ccb .jet-button__state-normal .jet-button__label{text-align:center;margin:0px 0px 0px 0px;color:#1a1b20;font-family:Montserrat,sans-serif;font-size:13px;font-weight:400;letter-spacing:4px;line-height:1.714em;text-transform:uppercase;}.elementor-element.elementor-element-iwgw-viracocha-ccb .jet-button__state-hover .jet-button__label{text-align:center;margin:0px 0px 0px 0px;color:#FECC76;font-family:Montserrat,sans-serif;font-size:13px;font-weight:400;letter-spacing:4px;line-height:1.714em;text-transform:uppercase;}.elementor-element.elementor-element-iwgw-viracocha-ccb .jet-button__plane-normal{background-color:#FECC76;border-style:solid;border-color:#C99540;border-width:2px 2px 2px 2px;}.elementor-element.elementor-element-iwgw-viracocha-ccb .jet-button__plane-hover{background-color:rgba(0,0,0,0.55);border-style:solid;border-color:#FECC76;border-width:2px 2px 2px 2px;}<\/style>\t\t\t\t<\/div>\n\t\t\t\t<\/div>\n\t\t\t\t<div class=\"elementor-element elementor-element-iwgw-viracocha-ccd elementor-widget elementor-widget-text-editor\" data-id=\"iwgw-viracocha-ccd\" data-element_type=\"widget\" data-e-type=\"widget\" data-widget_type=\"text-editor.default\">\n\t\t\t\t\t\t\t\t\t<div data-nosnippet=\"true\"><p style=\"text-align:center;font-size:13px;opacity:0.7;margin-top:14px\" data-nosnippet=\"true\">Osobn\u00ed zku\u0161enosti se mohou li\u0161it. Nejedn\u00e1 se o zdravotnick\u00fd prost\u0159edek. Nen\u00ed slibem l\u00e9\u010div\u00e9ho \u00fa\u010dinku.<\/p><\/div>\t\t\t\t\t\t\t\t<\/div>\n\t\t\t\t\t<\/div>\n\t\t\t\t<\/div>\n\t\t\t\t\t<\/div>\n\t\t\t\t<\/div>\n\t\t<div class=\"elementor-element elementor-element-iwgw-viracocha-disc e-flex e-con-boxed e-con e-parent\" data-id=\"iwgw-viracocha-disc\" data-element_type=\"container\" data-e-type=\"container\">\n\t\t\t\t\t<div class=\"e-con-inner\">\n\t\t\t\t<div class=\"elementor-element elementor-element-iwgw-viracocha-discw elementor-widget elementor-widget-html\" data-id=\"iwgw-viracocha-discw\" data-element_type=\"widget\" data-e-type=\"widget\" data-widget_type=\"html.default\">\n\t\t\t\t\t<footer data-nosnippet=\"true\" class=\"iwg-disclaimer-block\"><p data-nosnippet=\"true\">iWell Guard <strong>nen\u00ed zdravotnick\u00fd prost\u0159edek<\/strong> a nenahrazuje l\u00e9ka\u0159skou ani psychoterapeutickou l\u00e9\u010dbu. Religionistick\u00fd obsah p\u0159edstavuje kulturn\u011b-historick\u00e9 za\u0159azen\u00ed, nikoli doporu\u010den\u00ed duchovn\u00ed praxe.<\/p><\/footer>\t\t\t\t<\/div>\n\t\t\t\t\t<\/div>\n\t\t\t\t<\/div>\n\t\t\t\t<\/div>\n\t\t","protected":false},"excerpt":{"rendered":"","protected":false},"author":3,"featured_media":2684,"parent":0,"menu_order":0,"comment_status":"closed","ping_status":"closed","template":"elementor_header_footer","meta":{"_yoast_wpseo_focuskw":"Viracocha stvo\u0159itelsk\u00fd b\u016fh Ink\u016f","_yoast_wpseo_title":"Viracocha \u2013 incksk\u00fd stvo\u0159itelsk\u00fd b\u016fh a m\u00fdtus","_yoast_wpseo_metadesc":"Viracocha, stvo\u0159itelsk\u00fd b\u016fh And, je v ran\u00fdch kronik\u00e1ch pova\u017eov\u00e1n za nejvy\u0161\u0161\u00ed bytost p\u0159ed Intim. Religionistick\u00e9 za\u0159azen\u00ed v\u010detn\u011b kultu.","_yoast_wpseo_meta-robots-noindex":"","_yoast_wpseo_canonical":"","_angie_page":false,"gefaehrdungsstufe":"1","wesen_kultur":"anden-inka","wesen_klasse":"goetter","footnotes":""},"categories":[],"class_list":["post-145448","page","type-page","status-publish","has-post-thumbnail","hentry"],"yoast_head":"<!-- This site is optimized with the Yoast SEO Premium plugin v27.7 (Yoast SEO v28.3) - https:\/\/yoast.com\/product\/yoast-seo-premium-wordpress\/ -->\n<title>Viracocha \u2013 incksk\u00fd stvo\u0159itelsk\u00fd b\u016fh a m\u00fdtus<\/title>\n<meta name=\"description\" content=\"Viracocha, stvo\u0159itelsk\u00fd b\u016fh And, je v ran\u00fdch kronik\u00e1ch pova\u017eov\u00e1n za nejvy\u0161\u0161\u00ed bytost p\u0159ed Intim. Religionistick\u00e9 za\u0159azen\u00ed v\u010detn\u011b kultu.\" \/>\n<meta name=\"robots\" content=\"index, follow, max-snippet:-1, max-image-preview:large, max-video-preview:-1\" \/>\n<link rel=\"canonical\" href=\"https:\/\/iwell-guard.com\/cs\/viracocha-stvoritelsky-buh-and\/\" \/>\n<meta property=\"og:locale\" content=\"cs_CZ\" \/>\n<meta property=\"og:type\" content=\"article\" \/>\n<meta property=\"og:title\" content=\"Viracocha \u2013 stvo\u0159itelsk\u00fd b\u016fh And\" \/>\n<meta property=\"og:description\" content=\"Viracocha, stvo\u0159itelsk\u00fd b\u016fh And, je v ran\u00fdch kronik\u00e1ch pova\u017eov\u00e1n za nejvy\u0161\u0161\u00ed bytost p\u0159ed Intim. Religionistick\u00e9 za\u0159azen\u00ed v\u010detn\u011b kultu.\" \/>\n<meta property=\"og:url\" content=\"https:\/\/iwell-guard.com\/cs\/viracocha-stvoritelsky-buh-and\/\" \/>\n<meta property=\"og:site_name\" content=\"iWell Guard\" \/>\n<meta property=\"article:modified_time\" content=\"2026-09-03T16:56:17+00:00\" \/>\n<meta property=\"og:image\" content=\"https:\/\/iwell-guard.com\/wp-content\/uploads\/2026\/05\/goetter_anden-inka_viracocha.webp\" \/>\n\t<meta property=\"og:image:width\" content=\"1024\" \/>\n\t<meta property=\"og:image:height\" content=\"1536\" \/>\n\t<meta property=\"og:image:type\" content=\"image\/webp\" \/>\n<meta name=\"twitter:card\" content=\"summary_large_image\" \/>\n<script type=\"application\/ld+json\" class=\"yoast-schema-graph\">{\"@context\":\"https:\\\/\\\/schema.org\",\"@graph\":[{\"@type\":\"WebPage\",\"@id\":\"https:\\\/\\\/iwell-guard.com\\\/cs\\\/viracocha-stvoritelsky-buh-and\\\/\",\"url\":\"https:\\\/\\\/iwell-guard.com\\\/cs\\\/viracocha-stvoritelsky-buh-and\\\/\",\"name\":\"Viracocha \u2013 incksk\u00fd stvo\u0159itelsk\u00fd b\u016fh a m\u00fdtus\",\"isPartOf\":{\"@id\":\"https:\\\/\\\/iwell-guard.com\\\/cs\\\/#website\"},\"primaryImageOfPage\":{\"@id\":\"https:\\\/\\\/iwell-guard.com\\\/cs\\\/viracocha-stvoritelsky-buh-and\\\/#primaryimage\"},\"image\":{\"@id\":\"https:\\\/\\\/iwell-guard.com\\\/cs\\\/viracocha-stvoritelsky-buh-and\\\/#primaryimage\"},\"thumbnailUrl\":\"https:\\\/\\\/iwell-guard.com\\\/wp-content\\\/uploads\\\/2026\\\/05\\\/goetter_anden-inka_viracocha.webp\",\"datePublished\":\"2026-09-03T16:30:30+00:00\",\"dateModified\":\"2026-09-03T16:56:17+00:00\",\"description\":\"Viracocha, stvo\u0159itelsk\u00fd b\u016fh And, je v ran\u00fdch kronik\u00e1ch pova\u017eov\u00e1n za nejvy\u0161\u0161\u00ed bytost p\u0159ed Intim. Religionistick\u00e9 za\u0159azen\u00ed v\u010detn\u011b kultu.\",\"breadcrumb\":{\"@id\":\"https:\\\/\\\/iwell-guard.com\\\/cs\\\/viracocha-stvoritelsky-buh-and\\\/#breadcrumb\"},\"inLanguage\":\"cs\",\"potentialAction\":[{\"@type\":\"ReadAction\",\"target\":[\"https:\\\/\\\/iwell-guard.com\\\/cs\\\/viracocha-stvoritelsky-buh-and\\\/\"]}]},{\"@type\":\"ImageObject\",\"inLanguage\":\"cs\",\"@id\":\"https:\\\/\\\/iwell-guard.com\\\/cs\\\/viracocha-stvoritelsky-buh-and\\\/#primaryimage\",\"url\":\"https:\\\/\\\/iwell-guard.com\\\/wp-content\\\/uploads\\\/2026\\\/05\\\/goetter_anden-inka_viracocha.webp\",\"contentUrl\":\"https:\\\/\\\/iwell-guard.com\\\/wp-content\\\/uploads\\\/2026\\\/05\\\/goetter_anden-inka_viracocha.webp\",\"width\":1024,\"height\":1536,\"caption\":\"Bohov\u00e9 z andsko-inksk\u00e9 tradice.\"},{\"@type\":\"BreadcrumbList\",\"@id\":\"https:\\\/\\\/iwell-guard.com\\\/cs\\\/viracocha-stvoritelsky-buh-and\\\/#breadcrumb\",\"itemListElement\":[{\"@type\":\"ListItem\",\"position\":1,\"name\":\"Start\",\"item\":\"https:\\\/\\\/iwell-guard.com\\\/cs\\\/?page_id=145107\"},{\"@type\":\"ListItem\",\"position\":2,\"name\":\"Viracocha \u2013 stvo\u0159itelsk\u00fd b\u016fh And\"}]},{\"@type\":\"WebSite\",\"@id\":\"https:\\\/\\\/iwell-guard.com\\\/cs\\\/#website\",\"url\":\"https:\\\/\\\/iwell-guard.com\\\/cs\\\/\",\"name\":\"iWell Guard\",\"description\":\"Schutz vor dunklen Einfl\u00fcssen\",\"publisher\":{\"@id\":\"https:\\\/\\\/iwell-guard.com\\\/cs\\\/#organization\"},\"potentialAction\":[{\"@type\":\"SearchAction\",\"target\":{\"@type\":\"EntryPoint\",\"urlTemplate\":\"https:\\\/\\\/iwell-guard.com\\\/cs\\\/?s={search_term_string}\"},\"query-input\":{\"@type\":\"PropertyValueSpecification\",\"valueRequired\":true,\"valueName\":\"search_term_string\"}}],\"inLanguage\":\"cs\"},{\"@type\":\"Organization\",\"@id\":\"https:\\\/\\\/iwell-guard.com\\\/cs\\\/#organization\",\"name\":\"Ittermann electronic GmbH\",\"url\":\"https:\\\/\\\/iwell-guard.com\\\/cs\\\/\",\"logo\":{\"@type\":\"ImageObject\",\"inLanguage\":\"cs\",\"@id\":\"https:\\\/\\\/iwell-guard.com\\\/cs\\\/#\\\/schema\\\/logo\\\/image\\\/\",\"url\":\"https:\\\/\\\/iwell-guard.com\\\/wp-content\\\/uploads\\\/2026\\\/05\\\/Ittermann-Logo-1182x237-1.png\",\"contentUrl\":\"https:\\\/\\\/iwell-guard.com\\\/wp-content\\\/uploads\\\/2026\\\/05\\\/Ittermann-Logo-1182x237-1.png\",\"width\":1182,\"height\":237,\"caption\":\"Ittermann electronic GmbH\"},\"image\":{\"@id\":\"https:\\\/\\\/iwell-guard.com\\\/cs\\\/#\\\/schema\\\/logo\\\/image\\\/\"},\"sameAs\":[\"https:\\\/\\\/pantip.com\\\/profile\\\/9367242\",\"https:\\\/\\\/micro.blog\\\/iwellguard\",\"https:\\\/\\\/www.diggerslist.com\\\/iwellguard\\\/about\",\"https:\\\/\\\/skitterphoto.com\\\/photographers\\\/2870314\\\/iwell-guard\",\"https:\\\/\\\/iwellguard.wordpress.com\\\/2026\\\/06\\\/06\\\/iwell-guard\\\/\",\"https:\\\/\\\/hub.docker.com\\\/u\\\/iwellguard\",\"https:\\\/\\\/www.pinterest.com\\\/iwellguard\\\/\",\"https:\\\/\\\/bit.ly\\\/m\\\/iwellguard\",\"https:\\\/\\\/entre-vos-mains.alsace.eu\\\/profiles\\\/iwellguard\\\/activity\",\"https:\\\/\\\/gravatar.com\\\/reallybeded8fd34\",\"https:\\\/\\\/naijamatta.com\\\/iwellguard\",\"https:\\\/\\\/www.goodreads.com\\\/iwellguard\",\"https:\\\/\\\/profile.hatena.ne.jp\\\/iwellguard\\\/\",\"https:\\\/\\\/experiment.com\\\/users\\\/iwellguard\",\"https:\\\/\\\/wakelet.com\\\/@iWellGuard82270\",\"https:\\\/\\\/www.chordie.com\\\/forum\\\/profile.php?id=2555664\",\"https:\\\/\\\/www.instapaper.com\\\/p\\\/17757966\",\"https:\\\/\\\/www.mapleprimes.com\\\/users\\\/iwellguard\",\"https:\\\/\\\/businesslistingplus.com\\\/profile\\\/iwell-guard\\\/\",\"https:\\\/\\\/telegra.ph\\\/iWell-Guard-06-06\",\"https:\\\/\\\/pbase.com\\\/iwellguard\\\/iwellguard\",\"https:\\\/\\\/b.hatena.ne.jp\\\/iwellguard\\\/20260607#bookmark-4788405196491818882\",\"https:\\\/\\\/fliphtml5.com\\\/home\\\/iwellguard\",\"https:\\\/\\\/anyflip.com\\\/homepage\\\/cmiwl#About\",\"https:\\\/\\\/transfur.com\\\/Users\\\/iwellguard\",\"http:\\\/\\\/delphi.larsbo.org\\\/user\\\/iwellguard\",\"https:\\\/\\\/jobs.lajobsportal.org\\\/profiles\\\/8380803-iwell-guard\",\"https:\\\/\\\/md.chaosdorf.de\\\/s\\\/jfbe5SBdJD\",\"https:\\\/\\\/www.lingvolive.com\\\/en-us\\\/profile\\\/9ecaeaca-ce11-4e51-9e71-01d55e2bff36\\\/translations\",\"https:\\\/\\\/www.fitday.com\\\/fitness\\\/forums\\\/members\\\/iwellguard.html\",\"https:\\\/\\\/www.mymeetbook.com\\\/iwellguard\",\"https:\\\/\\\/pxhere.com\\\/en\\\/photographer-me\\\/5040798\",\"https:\\\/\\\/disqus.com\\\/by\\\/iwellguard\\\/about\\\/\",\"https:\\\/\\\/pastelink.net\\\/hjwciqwq\",\"https:\\\/\\\/pubhtml5.com\\\/homepage\\\/scjhn\\\/\",\"https:\\\/\\\/www.bitchute.com\\\/channel\\\/2O2eOKzNqujT\",\"https:\\\/\\\/audiomack.com\\\/iwellguard\"]},{\"@type\":\"Article\",\"@id\":\"https:\\\/\\\/iwell-guard.com\\\/cs\\\/viracocha-stvoritelsky-buh-and\\\/#article\",\"isPartOf\":{\"@id\":\"https:\\\/\\\/iwell-guard.com\\\/cs\\\/viracocha-stvoritelsky-buh-and\\\/\"},\"author\":{\"name\":\"Ralf Ittermann\",\"@id\":\"https:\\\/\\\/iwell-guard.com\\\/cs\\\/#\\\/schema\\\/person\\\/ee2a27f1cac3406c7c6fb5820cb7349f\"},\"headline\":\"Viracocha \u2013 stvo\u0159itelsk\u00fd b\u016fh And\",\"datePublished\":\"2026-09-03T16:30:30+00:00\",\"dateModified\":\"2026-09-03T16:56:17+00:00\",\"mainEntityOfPage\":{\"@id\":\"https:\\\/\\\/iwell-guard.com\\\/cs\\\/viracocha-stvoritelsky-buh-and\\\/\"},\"publisher\":{\"@id\":\"https:\\\/\\\/iwell-guard.com\\\/cs\\\/#organization\"},\"image\":{\"@id\":\"https:\\\/\\\/iwell-guard.com\\\/cs\\\/viracocha-stvoritelsky-buh-and\\\/#primaryimage\"},\"thumbnailUrl\":\"https:\\\/\\\/iwell-guard.com\\\/wp-content\\\/uploads\\\/2026\\\/05\\\/goetter_anden-inka_viracocha.webp\",\"inLanguage\":\"cs\",\"description\":\"Viracocha, stvo\u0159itelsk\u00fd b\u016fh And, je v ran\u00fdch kronik\u00e1ch pova\u017eov\u00e1n za nejvy\u0161\u0161\u00ed bytost p\u0159ed Intim. Religionistick\u00e9 za\u0159azen\u00ed v\u010detn\u011b kultu.\"}]}<\/script>\n<!-- \/ Yoast SEO Premium plugin. -->","yoast_head_json":{"title":"Viracocha \u2013 incksk\u00fd stvo\u0159itelsk\u00fd b\u016fh a m\u00fdtus","description":"Viracocha, stvo\u0159itelsk\u00fd b\u016fh And, je v ran\u00fdch kronik\u00e1ch pova\u017eov\u00e1n za nejvy\u0161\u0161\u00ed bytost p\u0159ed Intim. Religionistick\u00e9 za\u0159azen\u00ed v\u010detn\u011b kultu.","robots":{"index":"index","follow":"follow","max-snippet":"max-snippet:-1","max-image-preview":"max-image-preview:large","max-video-preview":"max-video-preview:-1"},"canonical":"https:\/\/iwell-guard.com\/cs\/viracocha-stvoritelsky-buh-and\/","og_locale":"cs_CZ","og_type":"article","og_title":"Viracocha \u2013 stvo\u0159itelsk\u00fd b\u016fh And","og_description":"Viracocha, stvo\u0159itelsk\u00fd b\u016fh And, je v ran\u00fdch kronik\u00e1ch pova\u017eov\u00e1n za nejvy\u0161\u0161\u00ed bytost p\u0159ed Intim. Religionistick\u00e9 za\u0159azen\u00ed v\u010detn\u011b kultu.","og_url":"https:\/\/iwell-guard.com\/cs\/viracocha-stvoritelsky-buh-and\/","og_site_name":"iWell Guard","article_modified_time":"2026-09-03T16:56:17+00:00","og_image":[{"width":1024,"height":1536,"url":"https:\/\/iwell-guard.com\/wp-content\/uploads\/2026\/05\/goetter_anden-inka_viracocha.webp","type":"image\/webp"}],"twitter_card":"summary_large_image","schema":{"@context":"https:\/\/schema.org","@graph":[{"@type":"Article","@id":"https:\/\/iwell-guard.com\/cs\/viracocha-stvoritelsky-buh-and\/#article","isPartOf":{"@id":"https:\/\/iwell-guard.com\/cs\/viracocha-stvoritelsky-buh-and\/"},"author":{"name":"Ralf Ittermann","@id":"https:\/\/iwell-guard.com\/cs\/#\/schema\/person\/ee2a27f1cac3406c7c6fb5820cb7349f"},"headline":"Viracocha \u2013 stvo\u0159itelsk\u00fd b\u016fh And","datePublished":"2026-09-03T16:30:30+00:00","dateModified":"2026-09-03T16:56:17+00:00","mainEntityOfPage":{"@id":"https:\/\/iwell-guard.com\/cs\/viracocha-stvoritelsky-buh-and\/"},"publisher":{"@id":"https:\/\/iwell-guard.com\/cs\/#organization"},"image":{"@id":"https:\/\/iwell-guard.com\/cs\/viracocha-stvoritelsky-buh-and\/#primaryimage"},"thumbnailUrl":"https:\/\/iwell-guard.com\/wp-content\/uploads\/2026\/05\/goetter_anden-inka_viracocha.webp","inLanguage":"cs","description":"Viracocha, stvo\u0159itelsk\u00fd b\u016fh And, je v ran\u00fdch kronik\u00e1ch pova\u017eov\u00e1n za nejvy\u0161\u0161\u00ed bytost p\u0159ed Intim. Religionistick\u00e9 za\u0159azen\u00ed v\u010detn\u011b kultu."},{"@type":"WebPage","@id":"https:\/\/iwell-guard.com\/cs\/viracocha-stvoritelsky-buh-and\/","url":"https:\/\/iwell-guard.com\/cs\/viracocha-stvoritelsky-buh-and\/","name":"Viracocha \u2013 incksk\u00fd stvo\u0159itelsk\u00fd b\u016fh a m\u00fdtus","isPartOf":{"@id":"https:\/\/iwell-guard.com\/cs\/#website"},"primaryImageOfPage":{"@id":"https:\/\/iwell-guard.com\/cs\/viracocha-stvoritelsky-buh-and\/#primaryimage"},"image":{"@id":"https:\/\/iwell-guard.com\/cs\/viracocha-stvoritelsky-buh-and\/#primaryimage"},"thumbnailUrl":"https:\/\/iwell-guard.com\/wp-content\/uploads\/2026\/05\/goetter_anden-inka_viracocha.webp","datePublished":"2026-09-03T16:30:30+00:00","dateModified":"2026-09-03T16:56:17+00:00","description":"Viracocha, stvo\u0159itelsk\u00fd b\u016fh And, je v ran\u00fdch kronik\u00e1ch pova\u017eov\u00e1n za nejvy\u0161\u0161\u00ed bytost p\u0159ed Intim. Religionistick\u00e9 za\u0159azen\u00ed v\u010detn\u011b kultu.","breadcrumb":{"@id":"https:\/\/iwell-guard.com\/cs\/viracocha-stvoritelsky-buh-and\/#breadcrumb"},"inLanguage":"cs","potentialAction":[{"@type":"ReadAction","target":["https:\/\/iwell-guard.com\/cs\/viracocha-stvoritelsky-buh-and\/"]}]},{"@type":"ImageObject","inLanguage":"cs","@id":"https:\/\/iwell-guard.com\/cs\/viracocha-stvoritelsky-buh-and\/#primaryimage","url":"https:\/\/iwell-guard.com\/wp-content\/uploads\/2026\/05\/goetter_anden-inka_viracocha.webp","contentUrl":"https:\/\/iwell-guard.com\/wp-content\/uploads\/2026\/05\/goetter_anden-inka_viracocha.webp","width":1024,"height":1536,"caption":"Bohov\u00e9 z andsko-inksk\u00e9 tradice."},{"@type":"BreadcrumbList","@id":"https:\/\/iwell-guard.com\/cs\/viracocha-stvoritelsky-buh-and\/#breadcrumb","itemListElement":[{"@type":"ListItem","position":1,"name":"Start","item":"https:\/\/iwell-guard.com\/cs\/?page_id=145107"},{"@type":"ListItem","position":2,"name":"Viracocha \u2013 stvo\u0159itelsk\u00fd b\u016fh And"}]},{"@type":"WebSite","@id":"https:\/\/iwell-guard.com\/cs\/#website","url":"https:\/\/iwell-guard.com\/cs\/","name":"iWell Guard","description":"Schutz vor dunklen Einfl\u00fcssen","publisher":{"@id":"https:\/\/iwell-guard.com\/cs\/#organization"},"potentialAction":[{"@type":"SearchAction","target":{"@type":"EntryPoint","urlTemplate":"https:\/\/iwell-guard.com\/cs\/?s={search_term_string}"},"query-input":{"@type":"PropertyValueSpecification","valueRequired":true,"valueName":"search_term_string"}}],"inLanguage":"cs"},{"@type":"Organization","@id":"https:\/\/iwell-guard.com\/cs\/#organization","name":"Ittermann electronic GmbH","url":"https:\/\/iwell-guard.com\/cs\/","logo":{"@type":"ImageObject","inLanguage":"cs","@id":"https:\/\/iwell-guard.com\/cs\/#\/schema\/logo\/image\/","url":"https:\/\/iwell-guard.com\/wp-content\/uploads\/2026\/05\/Ittermann-Logo-1182x237-1.png","contentUrl":"https:\/\/iwell-guard.com\/wp-content\/uploads\/2026\/05\/Ittermann-Logo-1182x237-1.png","width":1182,"height":237,"caption":"Ittermann electronic GmbH"},"image":{"@id":"https:\/\/iwell-guard.com\/cs\/#\/schema\/logo\/image\/"},"sameAs":["https:\/\/pantip.com\/profile\/9367242","https:\/\/micro.blog\/iwellguard","https:\/\/www.diggerslist.com\/iwellguard\/about","https:\/\/skitterphoto.com\/photographers\/2870314\/iwell-guard","https:\/\/iwellguard.wordpress.com\/2026\/06\/06\/iwell-guard\/","https:\/\/hub.docker.com\/u\/iwellguard","https:\/\/www.pinterest.com\/iwellguard\/","https:\/\/bit.ly\/m\/iwellguard","https:\/\/entre-vos-mains.alsace.eu\/profiles\/iwellguard\/activity","https:\/\/gravatar.com\/reallybeded8fd34","https:\/\/naijamatta.com\/iwellguard","https:\/\/www.goodreads.com\/iwellguard","https:\/\/profile.hatena.ne.jp\/iwellguard\/","https:\/\/experiment.com\/users\/iwellguard","https:\/\/wakelet.com\/@iWellGuard82270","https:\/\/www.chordie.com\/forum\/profile.php?id=2555664","https:\/\/www.instapaper.com\/p\/17757966","https:\/\/www.mapleprimes.com\/users\/iwellguard","https:\/\/businesslistingplus.com\/profile\/iwell-guard\/","https:\/\/telegra.ph\/iWell-Guard-06-06","https:\/\/pbase.com\/iwellguard\/iwellguard","https:\/\/b.hatena.ne.jp\/iwellguard\/20260607#bookmark-4788405196491818882","https:\/\/fliphtml5.com\/home\/iwellguard","https:\/\/anyflip.com\/homepage\/cmiwl#About","https:\/\/transfur.com\/Users\/iwellguard","http:\/\/delphi.larsbo.org\/user\/iwellguard","https:\/\/jobs.lajobsportal.org\/profiles\/8380803-iwell-guard","https:\/\/md.chaosdorf.de\/s\/jfbe5SBdJD","https:\/\/www.lingvolive.com\/en-us\/profile\/9ecaeaca-ce11-4e51-9e71-01d55e2bff36\/translations","https:\/\/www.fitday.com\/fitness\/forums\/members\/iwellguard.html","https:\/\/www.mymeetbook.com\/iwellguard","https:\/\/pxhere.com\/en\/photographer-me\/5040798","https:\/\/disqus.com\/by\/iwellguard\/about\/","https:\/\/pastelink.net\/hjwciqwq","https:\/\/pubhtml5.com\/homepage\/scjhn\/","https:\/\/www.bitchute.com\/channel\/2O2eOKzNqujT","https:\/\/audiomack.com\/iwellguard"]},{"@type":"Person","@id":"https:\/\/iwell-guard.com\/cs\/#\/schema\/person\/ee2a27f1cac3406c7c6fb5820cb7349f","name":"Ralf Ittermann","image":{"@type":"ImageObject","inLanguage":"cs","@id":"https:\/\/secure.gravatar.com\/avatar\/073c0153e350a5005b68eb752b445fea71f6b24a26da9449ad7e155e6b446c9d?s=96&d=mm&r=g","url":"https:\/\/secure.gravatar.com\/avatar\/073c0153e350a5005b68eb752b445fea71f6b24a26da9449ad7e155e6b446c9d?s=96&d=mm&r=g","contentUrl":"https:\/\/secure.gravatar.com\/avatar\/073c0153e350a5005b68eb752b445fea71f6b24a26da9449ad7e155e6b446c9d?s=96&d=mm&r=g","caption":"Ralf Ittermann"},"givenName":"Ralf","familyName":"Ittermann","jobTitle":"Gesch\u00e4ftsf\u00fchrer und redaktioneller Verantwortlicher","url":"https:\/\/iwell-guard.com\/cs\/author\/claude\/","description":"Ralf Ittermann ist Gesch\u00e4ftsf\u00fchrer der Ittermann electronic GmbH und redaktioneller Verantwortlicher des iWell-Guard-Lexikons. Er verbindet langj\u00e4hrige Erfahrung in der Pr\u00e4zisionsfertigung mit medialer Praxis und religionsgeschichtlicher Quellenarbeit.","worksFor":{"@type":"Organization","name":"Ittermann electronic GmbH","url":"https:\/\/ittermann.de\/","address":{"@type":"PostalAddress","streetAddress":"K\u00f6hlergasse 16-18","postalCode":"99842","addressLocality":"Ruhla","addressCountry":"DE"}},"knowsAbout":["Religionsgeschichte","Mythologie","Mediale Praxis","Energetische Diagnostik","Schutzpraxis","Volksglauben","Westliche Esoterik"]},{"@type":"Article","@id":"https:\/\/iwell-guard.com\/cs\/viracocha-stvoritelsky-buh-and\/#article","isPartOf":{"@id":"https:\/\/iwell-guard.com\/cs\/viracocha-stvoritelsky-buh-and\/"},"author":{"name":"Ralf Ittermann","@id":"https:\/\/iwell-guard.com\/cs\/#\/schema\/person\/ee2a27f1cac3406c7c6fb5820cb7349f"},"headline":"Viracocha \u2013 stvo\u0159itelsk\u00fd b\u016fh And","datePublished":"2026-09-03T16:30:30+00:00","dateModified":"2026-09-03T16:56:17+00:00","mainEntityOfPage":{"@id":"https:\/\/iwell-guard.com\/cs\/viracocha-stvoritelsky-buh-and\/"},"publisher":{"@id":"https:\/\/iwell-guard.com\/cs\/#organization"},"image":{"@id":"https:\/\/iwell-guard.com\/cs\/viracocha-stvoritelsky-buh-and\/#primaryimage"},"thumbnailUrl":"https:\/\/iwell-guard.com\/wp-content\/uploads\/2026\/05\/goetter_anden-inka_viracocha.webp","inLanguage":"cs","description":"Viracocha, stvo\u0159itelsk\u00fd b\u016fh And, je v ran\u00fdch kronik\u00e1ch pova\u017eov\u00e1n za nejvy\u0161\u0161\u00ed bytost p\u0159ed Intim. Religionistick\u00e9 za\u0159azen\u00ed v\u010detn\u011b kultu."}]}},"_links":{"self":[{"href":"https:\/\/iwell-guard.com\/cs\/wp-json\/wp\/v2\/pages\/145448","targetHints":{"allow":["GET"]}}],"collection":[{"href":"https:\/\/iwell-guard.com\/cs\/wp-json\/wp\/v2\/pages"}],"about":[{"href":"https:\/\/iwell-guard.com\/cs\/wp-json\/wp\/v2\/types\/page"}],"author":[{"embeddable":true,"href":"https:\/\/iwell-guard.com\/cs\/wp-json\/wp\/v2\/users\/3"}],"replies":[{"embeddable":true,"href":"https:\/\/iwell-guard.com\/cs\/wp-json\/wp\/v2\/comments?post=145448"}],"version-history":[{"count":0,"href":"https:\/\/iwell-guard.com\/cs\/wp-json\/wp\/v2\/pages\/145448\/revisions"}],"wp:featuredmedia":[{"embeddable":true,"href":"https:\/\/iwell-guard.com\/cs\/wp-json\/wp\/v2\/media\/2684"}],"wp:attachment":[{"href":"https:\/\/iwell-guard.com\/cs\/wp-json\/wp\/v2\/media?parent=145448"}],"wp:term":[{"taxonomy":"category","embeddable":true,"href":"https:\/\/iwell-guard.com\/cs\/wp-json\/wp\/v2\/categories?post=145448"}],"curies":[{"name":"wp","href":"https:\/\/api.w.org\/{rel}","templated":true}]}}