{"id":145446,"date":"2026-09-03T16:30:29","date_gmt":"2026-09-03T16:30:29","guid":{"rendered":"https:\/\/iwell-guard.com\/?page_id=145446"},"modified":"2026-09-03T16:56:14","modified_gmt":"2026-09-03T16:56:14","slug":"inti-buh-slunce-inku","status":"publish","type":"page","link":"https:\/\/iwell-guard.com\/cs\/inti-buh-slunce-inku\/","title":{"rendered":"Inti \u2013 b\u016fh Slunce Ink\u016f"},"content":{"rendered":"\t\t<div data-elementor-type=\"wp-page\" data-elementor-id=\"145446\" class=\"elementor elementor-145446 elementor-2574 elementor-bc-flex-widget\" data-elementor-post-type=\"page\">\n\t\t\t\t<div class=\"elementor-element elementor-element-iwgw-inti-hero e-flex e-con-boxed e-con e-parent\" data-id=\"iwgw-inti-hero\" data-element_type=\"container\" data-e-type=\"container\" data-settings=\"{&quot;background_background&quot;:&quot;classic&quot;}\">\n\t\t\t\t\t<div class=\"e-con-inner\">\n\t\t<div class=\"elementor-element elementor-element-iwgw-inti-hl e-flex e-con-boxed e-con e-child\" data-id=\"iwgw-inti-hl\" data-element_type=\"container\" data-e-type=\"container\">\n\t\t\t\t\t<div class=\"e-con-inner\">\n\t\t<div class=\"elementor-element elementor-element-iwgw-inti-htxt e-con-full e-flex e-con e-child\" data-id=\"iwgw-inti-htxt\" data-element_type=\"container\" data-e-type=\"container\">\n\t\t\t\t<div class=\"elementor-element elementor-element-iwgw-inti-h1 elementor-widget elementor-widget-heading\" data-id=\"iwgw-inti-h1\" data-element_type=\"widget\" data-e-type=\"widget\" data-widget_type=\"heading.default\">\n\t\t\t\t\t<h1 class=\"elementor-heading-title elementor-size-default\">Inti, b\u016fh Slunce Ink\u016f a praotec vl\u00e1dnouc\u00ed dynastie<\/h1>\t\t\t\t<\/div>\n\t\t\t\t<div class=\"elementor-element elementor-element-iwgw-inti-lead elementor-widget elementor-widget-text-editor\" data-id=\"iwgw-inti-lead\" data-element_type=\"widget\" data-e-type=\"widget\" data-widget_type=\"text-editor.default\">\n\t\t\t\t\t\t\t\t\t<p>Inti, b\u016fh Slunce Ink\u016f, je pova\u017eov\u00e1n za otce vl\u00e1dnouc\u00ed dynastie a stoj\u00ed ve st\u0159edu velk\u00e9 slavnosti Slunce Inti Raymi. Jeho <span class=\"iwg-fachbegriff\" data-tooltip=\"Souhrn n\u00e1bo\u017eensk\u00fdch \u00factn\u00fdch \u00fakon\u016f v\u016f\u010di bo\u017estvu nebo svat\u00e9 bytosti.\" tabindex=\"0\">kult<\/span> je kl\u00ed\u010dovou sou\u010d\u00e1st\u00ed andsk\u00fdch n\u00e1bo\u017eensk\u00fdch d\u011bjin a byl Inckou \u0159\u00ed\u0161\u00ed pov\u00fd\u0161en na st\u00e1tn\u00ed n\u00e1bo\u017eenstv\u00ed.<\/p>\t\t\t\t\t\t\t\t<\/div>\n\t\t\t\t<\/div>\n\t\t<div class=\"elementor-element elementor-element-iwgw-inti-pillc e-con-full e-flex e-con e-child\" data-id=\"iwgw-inti-pillc\" data-element_type=\"container\" data-e-type=\"container\">\n\t\t\t\t<div class=\"elementor-element elementor-element-iwgw-inti-pills elementor-widget elementor-widget-html\" data-id=\"iwgw-inti-pills\" data-element_type=\"widget\" data-e-type=\"widget\" data-widget_type=\"html.default\">\n\t\t\t\t\t<div class=\"iwg-pill-row\"><span class=\"iwg-klasse-badge\" tabindex=\"0\" data-tooltip=\"B\u016fh tradice Andy \/ Inkov\u00e9.\">B\u016fh<\/span><a href=\"https:\/\/iwell-guard.com\/cs\/?page_id=145436\" class=\"iwg-kultur-badge\" tabindex=\"0\" data-tooltip=\"Mytologie tradice Andy \/ Inkov\u00e9.\">Andy \/ Inkov\u00e9<\/a><span class=\"iwg-tradition-badge\" tabindex=\"0\" data-tooltip=\"Nejvy\u0161\u0161\u00ed bo\u017estvo.\">Nejvy\u0161\u0161\u00ed bo\u017estvo<\/span><\/div>\t\t\t\t<\/div>\n\t\t\t\t<\/div>\n\t\t<div class=\"elementor-element elementor-element-iwgw-inti-tocc e-con-full e-flex e-con e-child\" data-id=\"iwgw-inti-tocc\" data-element_type=\"container\" data-e-type=\"container\">\n\t\t\t\t<div class=\"elementor-element elementor-element-iwgw-inti-toc elementor-toc--minimized-on-tablet elementor-widget elementor-widget-table-of-contents\" data-id=\"iwgw-inti-toc\" data-element_type=\"widget\" data-e-type=\"widget\" data-settings=\"{&quot;headings_by_tags&quot;:[&quot;h2&quot;,&quot;h3&quot;],&quot;minimize_box&quot;:&quot;yes&quot;,&quot;marker_view&quot;:&quot;bullets&quot;,&quot;no_headings_message&quot;:&quot;Na t\\u00e9to str\\u00e1nce nebyly nalezeny \\u017e\\u00e1dn\\u00e9 nadpisy.&quot;,&quot;exclude_headings_by_selector&quot;:[],&quot;icon&quot;:{&quot;value&quot;:&quot;fas fa-circle&quot;,&quot;library&quot;:&quot;fa-solid&quot;,&quot;rendered_tag&quot;:&quot;&lt;svg class=\\&quot;e-font-icon-svg e-fas-circle\\&quot; viewBox=\\&quot;0 0 512 512\\&quot; xmlns=\\&quot;http:\\\/\\\/www.w3.org\\\/2000\\\/svg\\&quot;&gt;&lt;path d=\\&quot;M256 8C119 8 8 119 8 256s111 248 248 248 248-111 248-248S393 8 256 8z\\&quot;&gt;&lt;\\\/path&gt;&lt;\\\/svg&gt;&quot;},&quot;minimized_on&quot;:&quot;tablet&quot;,&quot;hierarchical_view&quot;:&quot;yes&quot;,&quot;min_height&quot;:{&quot;unit&quot;:&quot;px&quot;,&quot;size&quot;:&quot;&quot;,&quot;sizes&quot;:[]},&quot;min_height_tablet&quot;:{&quot;unit&quot;:&quot;px&quot;,&quot;size&quot;:&quot;&quot;,&quot;sizes&quot;:[]},&quot;min_height_mobile&quot;:{&quot;unit&quot;:&quot;px&quot;,&quot;size&quot;:&quot;&quot;,&quot;sizes&quot;:[]}}\" data-widget_type=\"table-of-contents.default\">\n\t\t\t\t\t\t\t\t\t<div class=\"elementor-toc__header\">\n\t\t\t\t\t\t<h2 class=\"elementor-toc__header-title\">\n\t\t\t\tObsah\t\t\t<\/h2>\n\t\t\t\t\t\t\t\t\t\t<div class=\"elementor-toc__toggle-button elementor-toc__toggle-button--expand\" role=\"button\" tabindex=\"0\" aria-controls=\"elementor-toc__iwgw-inti-toc\" aria-expanded=\"true\" aria-label=\"Open table of contents\"><svg aria-hidden=\"true\" class=\"e-font-icon-svg e-fas-chevron-down\" viewBox=\"0 0 448 512\" xmlns=\"http:\/\/www.w3.org\/2000\/svg\"><path d=\"M207.029 381.476L12.686 187.132c-9.373-9.373-9.373-24.569 0-33.941l22.667-22.667c9.357-9.357 24.522-9.375 33.901-.04L224 284.505l154.745-154.021c9.379-9.335 24.544-9.317 33.901.04l22.667 22.667c9.373 9.373 9.373 24.569 0 33.941L240.971 381.476c-9.373 9.372-24.569 9.372-33.942 0z\"><\/path><\/svg><\/div>\n\t\t\t\t<div class=\"elementor-toc__toggle-button elementor-toc__toggle-button--collapse\" role=\"button\" tabindex=\"0\" aria-controls=\"elementor-toc__iwgw-inti-toc\" aria-expanded=\"true\" aria-label=\"Close table of contents\"><svg aria-hidden=\"true\" class=\"e-font-icon-svg e-fas-chevron-up\" viewBox=\"0 0 448 512\" xmlns=\"http:\/\/www.w3.org\/2000\/svg\"><path d=\"M240.971 130.524l194.343 194.343c9.373 9.373 9.373 24.569 0 33.941l-22.667 22.667c-9.357 9.357-24.522 9.375-33.901.04L224 227.495 69.255 381.516c-9.379 9.335-24.544 9.317-33.901-.04l-22.667-22.667c-9.373-9.373-9.373-24.569 0-33.941L207.03 130.525c9.372-9.373 24.568-9.373 33.941-.001z\"><\/path><\/svg><\/div>\n\t\t\t\t\t<\/div>\n\t\t\t\t<div id=\"elementor-toc__iwgw-inti-toc\" class=\"elementor-toc__body\">\n\t\t\t<div class=\"elementor-toc__spinner-container\">\n\t\t\t\t<svg class=\"elementor-toc__spinner eicon-animation-spin e-font-icon-svg e-eicon-loading\" aria-hidden=\"true\" viewBox=\"0 0 1000 1000\" xmlns=\"http:\/\/www.w3.org\/2000\/svg\"><path d=\"M500 975V858C696 858 858 696 858 500S696 142 500 142 142 304 142 500H25C25 237 238 25 500 25S975 237 975 500 763 975 500 975Z\"><\/path><\/svg>\t\t\t<\/div>\n\t\t<\/div>\n\t\t\t\t\t\t<\/div>\n\t\t\t\t<\/div>\n\t\t\t\t\t<\/div>\n\t\t\t\t<\/div>\n\t\t<div class=\"elementor-element elementor-element-iwgw-inti-hr e-con-full e-flex e-con e-child\" data-id=\"iwgw-inti-hr\" data-element_type=\"container\" data-e-type=\"container\">\n\t\t\t\t<div class=\"elementor-element elementor-element-iwgw-inti-heroimg iwg-hero-image elementor-widget elementor-widget-image\" data-id=\"iwgw-inti-heroimg\" data-element_type=\"widget\" data-e-type=\"widget\" data-widget_type=\"image.default\">\n\t\t\t\t\t\t\t\t\t\t\t\t\t\t\t<img fetchpriority=\"high\" decoding=\"async\" width=\"683\" height=\"1024\" src=\"https:\/\/iwell-guard.com\/wp-content\/uploads\/2026\/05\/goetter_anden-inka_inti-683x1024.webp\" class=\"attachment-large size-large wp-image-147390\" alt=\"Inti \u2013 bohov\u00e9 andsko-inksk\u00e9 tradice, historicko-ilustrativn\u00ed\" srcset=\"https:\/\/iwell-guard.com\/wp-content\/uploads\/2026\/05\/goetter_anden-inka_inti-683x1024.webp 683w, https:\/\/iwell-guard.com\/wp-content\/uploads\/2026\/05\/goetter_anden-inka_inti-200x300.webp 200w, https:\/\/iwell-guard.com\/wp-content\/uploads\/2026\/05\/goetter_anden-inka_inti-768x1152.webp 768w, https:\/\/iwell-guard.com\/wp-content\/uploads\/2026\/05\/goetter_anden-inka_inti.webp 1024w\" sizes=\"(max-width: 683px) 100vw, 683px\" \/>\t\t\t\t\t\t\t\t\t\t\t\t\t\t\t<\/div>\n\t\t\t\t<\/div>\n\t\t\t\t\t<\/div>\n\t\t\t\t<\/div>\n\t\t\t\t<section class=\"elementor-section elementor-top-section elementor-element elementor-element-sec-iwgcomp-inti elementor-section-boxed elementor-section-height-default elementor-section-height-default\" data-id=\"sec-iwgcomp-inti\" data-element_type=\"section\" data-e-type=\"section\">\n\t\t\t\t\t\t<div class=\"elementor-container elementor-column-gap-default\">\n\t\t\t\t\t<div class=\"elementor-column elementor-col-100 elementor-top-column elementor-element elementor-element-col-iwgcomp-inti\" data-id=\"col-iwgcomp-inti\" data-element_type=\"column\" data-e-type=\"column\">\n\t\t\t<div class=\"elementor-widget-wrap elementor-element-populated\">\n\t\t\t\t\t\t<div class=\"elementor-element elementor-element-iwgcomp-inti elementor-widget elementor-widget-text-editor\" data-id=\"iwgcomp-inti\" data-element_type=\"widget\" data-e-type=\"widget\" data-widget_type=\"text-editor.default\">\n\t\t\t\t\t\t\t\t\t<p>Inti je <strong>insk\u00fd b\u016fh Slunce<\/strong> a jako centr\u00e1ln\u00ed postava stoj\u00ed v <span class=\"iwg-fachbegriff\" data-tooltip=\"Souhrn boh\u016f n\u00e1bo\u017eenstv\u00ed nebo kultury.\" tabindex=\"0\">panteonu<\/span> andsk\u00e9 vysp\u011bl\u00e9 kultury.<\/p>\t\t\t\t\t\t\t\t<\/div>\n\t\t\t\t\t<\/div>\n\t\t<\/div>\n\t\t\t\t\t<\/div>\n\t\t<\/section>\n\t\t<div class=\"elementor-element elementor-element-iwgw-inti-s0 e-flex e-con-boxed e-con e-parent\" data-id=\"iwgw-inti-s0\" data-element_type=\"container\" data-e-type=\"container\">\n\t\t\t\t\t<div class=\"e-con-inner\">\n\t\t\t\t<div class=\"elementor-element elementor-element-iwgw-inti-s0h elementor-widget elementor-widget-heading\" data-id=\"iwgw-inti-s0h\" data-element_type=\"widget\" data-e-type=\"widget\" data-widget_type=\"heading.default\">\n\t\t\t\t\t<h2 class=\"elementor-heading-title elementor-size-default\">Za\u0159azen\u00ed v andsk\u00e9m panteonu<\/h2>\t\t\t\t<\/div>\n\t\t<div class=\"elementor-element elementor-element-iwgw-inti-s0c e-con-full e-flex e-con e-child\" data-id=\"iwgw-inti-s0c\" data-element_type=\"container\" data-e-type=\"container\">\n\t\t\t\t<div class=\"elementor-element elementor-element-iwgw-inti-s0t elementor-widget elementor-widget-text-editor\" data-id=\"iwgw-inti-s0t\" data-element_type=\"widget\" data-e-type=\"widget\" data-widget_type=\"text-editor.default\">\n\t\t\t\t\t\t\t\t\t<p>Inti (ke\u010du\u00e1nsky: <em>inti<\/em>, Slunce) tvo\u0159\u00ed v ofici\u00e1ln\u00edm <span class=\"iwg-fachbegriff\" data-tooltip=\"Souhrn boh\u016f n\u00e1bo\u017eenstv\u00ed nebo kultury.\" tabindex=\"0\">panteonu<\/span> Inksk\u00e9 \u0159\u00ed\u0161e (Tawantinsuyu, cca 1438, 1533) jedno z \u00fast\u0159edn\u00edch nejvy\u0161\u0161\u00edch bo\u017estev a v koloni\u00e1ln\u00edch kronik\u00e1ch se pravideln\u011b objevuje vedle stvo\u0159itelsk\u00e9ho boha <a href=\"https:\/\/iwell-guard.com\/cs\/?page_id=145448\">Viracochy<\/a> a m\u011bs\u00ed\u010dn\u00ed bohyn\u011b <a href=\"https:\/\/iwell-guard.com\/cs\/?page_id=145449\">Mamy Killy<\/a>.<\/p><p>Peru\u00e1nsk\u00fd kronik\u00e1\u0159 Garcilaso de la Vega jej ve sv\u00e9m d\u00edle <em>Comentarios Reales de los Incas<\/em> (1609) ozna\u010duje za viditelnou tv\u00e1\u0159 nejvy\u0161\u0161\u00ed bytosti, kter\u00e1 legitimizovala inksk\u00e9 vl\u00e1dce a organizovala \u0159\u00ed\u0161i hospod\u00e1\u0159sky i kalend\u00e1\u0159n\u011b.<\/p><p>Z religionistick\u00e9ho hlediska pat\u0159\u00ed Inti do skupiny dynastick\u00fdch sol\u00e1rn\u00edch teologi\u00ed, jak jsou ve srovnateln\u00e9 podob\u011b zn\u00e1m\u00e9 ze staroegyptsk\u00e9ho <span class=\"iwg-fachbegriff\" data-tooltip=\"Souhrn n\u00e1bo\u017eensk\u00fdch \u00factn\u00fdch \u00fakon\u016f v\u016f\u010di bo\u017estvu nebo svat\u00e9 bytosti.\" tabindex=\"0\">kultu<\/span> boha Re, japonsk\u00e9ho <span class=\"iwg-fachbegriff\" data-tooltip=\"Souhrn n\u00e1bo\u017eensk\u00fdch \u00factn\u00fdch \u00fakon\u016f v\u016f\u010di bo\u017estvu nebo svat\u00e9 bytosti.\" tabindex=\"0\">kultu<\/span> Amaterasu nebo z p\u0159edoasijsk\u00fdch slune\u010dn\u00edch kult\u016f.<\/p><p>Mircea Eliade ve sv\u00e9 <em>Geschichte der religi\u00f6sen Ideen<\/em> popisuje tendenci pozdn\u00edch vysp\u011bl\u00fdch kultur povy\u0161ovat slune\u010dn\u00ed bo\u017estvo na garanta politick\u00e9ho \u0159\u00e1du; Inti se do tohoto vzorce zapad\u00e1. Ink\u0161t\u00ed vl\u00e1dci nesli titul <em>Intip Churin<\/em> (Syn Slunce) a z n\u011bj odvozovali sv\u016fj univerz\u00e1ln\u00ed n\u00e1rok na vl\u00e1du nad andskou vyso\u010dinou a sv\u011btem <a href=\"https:\/\/iwell-guard.com\/cs\/?page_id=145436\">Andy-Inkov\u00e9<\/a>.<\/p><p>Za pov\u0161imnut\u00ed stoj\u00ed, \u017ee Inti nem\u00edval v p\u0159edinck\u00fdch vysp\u011bl\u00fdch kultur\u00e1ch Andy (Chav\u00edn, Moche, Tiwanaku, Wari) srovnateln\u011b v\u00fdznamn\u00e9 postaven\u00ed. Teprve st\u00e1totvorn\u00e1 <span class=\"iwg-fachbegriff\" data-tooltip=\"V\u011bdeck\u00e1 nauka o Bohu a v\u00ed\u0159e ur\u010dit\u00e9ho n\u00e1bo\u017eenstv\u00ed.\" tabindex=\"0\">teologie<\/span> Inksk\u00e9 \u0159\u00ed\u0161e jej postavila do \u010dela viditeln\u00e9ho panteonu.<\/p><p>Catherine Allen v d\u00edle <em>The Hold Life Has<\/em> (2002) upozor\u0148uje, \u017ee uct\u00edv\u00e1n\u00ed matky Zem\u011b <a href=\"https:\/\/iwell-guard.com\/cs\/?page_id=145447\">Pachamamy<\/a> a m\u00edstn\u00edch horsk\u00fdch duch\u016f Apu je v mnoha komunit\u00e1ch dodnes prakticky d\u016fle\u017eit\u011bj\u0161\u00ed ne\u017e vy\u0161\u0161\u00ed sol\u00e1rn\u00ed teologie Intiho, co\u017e ukazuje, \u017ee Inti fungoval p\u0159edev\u0161\u00edm jako imperi\u00e1ln\u00ed <span class=\"iwg-fachbegriff\" data-tooltip=\"Bytost uct\u00edvan\u00e1 jako bo\u017esk\u00e1 v r\u00e1mci n\u00e1bo\u017eenstv\u00ed.\" tabindex=\"0\">bo\u017estvo<\/span>, zat\u00edmco konkr\u00e9tn\u00ed ka\u017edodenn\u00ed andskou religiozitu ur\u010dovaly sp\u00ed\u0161e matka Zem\u011b a m\u00edstn\u00ed p\u00e1ni hor.<\/p>\t\t\t\t\t\t\t\t<\/div>\n\t\t\t\t<\/div>\n\t\t\t\t\t<\/div>\n\t\t\t\t<\/div>\n\t\t<div class=\"elementor-element elementor-element-iwgw-inti-s1 e-flex e-con-boxed e-con e-parent\" data-id=\"iwgw-inti-s1\" data-element_type=\"container\" data-e-type=\"container\">\n\t\t\t\t\t<div class=\"e-con-inner\">\n\t\t\t\t<div class=\"elementor-element elementor-element-iwgw-inti-s1h elementor-widget elementor-widget-heading\" data-id=\"iwgw-inti-s1h\" data-element_type=\"widget\" data-e-type=\"widget\" data-widget_type=\"heading.default\">\n\t\t\t\t\t<h2 class=\"elementor-heading-title elementor-size-default\">Jm\u00e9no a etymologie<\/h2>\t\t\t\t<\/div>\n\t\t<div class=\"elementor-element elementor-element-iwgw-inti-s1c e-con-full e-flex e-con e-child\" data-id=\"iwgw-inti-s1c\" data-element_type=\"container\" data-e-type=\"container\">\n\t\t\t\t<div class=\"elementor-element elementor-element-iwgw-inti-s1t elementor-widget elementor-widget-text-editor\" data-id=\"iwgw-inti-s1t\" data-element_type=\"widget\" data-e-type=\"widget\" data-widget_type=\"text-editor.default\">\n\t\t\t\t\t\t\t\t\t<p>Jm\u00e9no <em>Inti<\/em> je dolo\u017eeno ji\u017e v nejstar\u0161\u00edch koloni\u00e1ln\u00edch ke\u010du\u00e1nsk\u00fdch slovn\u00edc\u00edch (Domingo de Santo Thomas 1560, Diego Gonzalez Holguin 1608) jako obecn\u00e9 ozna\u010den\u00ed pro Slunce coby nebesk\u00e9 t\u011bleso i pro zosobn\u011bn\u00e9 <span class=\"iwg-fachbegriff\" data-tooltip=\"Bytost uct\u00edvan\u00e1 jako bo\u017esk\u00e1 v r\u00e1mci n\u00e1bo\u017eenstv\u00ed.\" tabindex=\"0\">bo\u017estvo<\/span>.<\/p><p>Tento dvoj\u00ed v\u00fdznam, fyzick\u00e9 t\u011bleso a bo\u017esk\u00e1 osoba, je typick\u00fd pro andsk\u00e9 n\u00e1bo\u017eensk\u00e9 my\u0161len\u00ed, v n\u011bm\u017e je hranice mezi rovinou p\u0159\u00edrodn\u00ed a numin\u00f3zn\u00ed m\u00e9n\u011b ostr\u00e1 ne\u017e v evropsk\u00fdch teologi\u00edch.<\/p><p>Inti se v pramenech objevuje pod n\u011bkolika aspektn\u00edmi jm\u00e9ny: <em>Apu Inti<\/em> (P\u00e1n Slunce), <em>Churi Inti<\/em> (Syn-Slunce), <em>Wayna Inti<\/em> (Mlad\u00e9 Slunce) a <em>Inti Illapa<\/em> (Hromov\u00e9 Slunce) ozna\u010duj\u00ed jednotliv\u00e9 formy zjeven\u00ed, kter\u00e9 kronik\u00e1\u0159 Juan de Betanzos ve sv\u00e9m d\u00edle <em>Suma y narracion de los Incas<\/em> (1551) popisuje jako t\u0159i osoby triadick\u00e9 slune\u010dn\u00ed teologie.<\/p><p>Tato tri\u00e1da vedla religionisty jako Pierre Duviols k opatrnosti: k\u0159es\u0165ansk\u00e1 nauka o Trojici u \u0161pan\u011blsk\u00fdch kronik\u00e1\u0159\u016f zde mo\u017en\u00e1 zast\u00edr\u00e1 skute\u010dnou domorodou v\u00edcetv\u00e1rnost.<\/p><p>Nejvy\u0161\u0161\u00ed sv\u00e1tek <em>Inti Raymi<\/em> je ke\u010du\u00e1nsk\u00e9 slovo slo\u017een\u00e9 z <em>inti<\/em> a <em>raymi<\/em> (sv\u00e1tek, shrom\u00e1\u017ed\u011bn\u00ed). Ozna\u010duje slavnost letn\u00edho slunovratu ji\u017en\u00ed zimy (\u010derven) a od roku 1944 je v Cuscu ka\u017edoro\u010dn\u011b znovu inscenov\u00e1n jako rekonstruovan\u00fd folklorn\u00ed sv\u00e1tek, ov\u0161em bez historick\u00e9 praxe zv\u00ed\u0159ec\u00edch ob\u011bt\u00ed.<\/p><p>N\u00e1zev sv\u00e1tku se nav\u00edc etabloval jako ozna\u010den\u00ed vlastn\u00edho andsk\u00e9ho po\u010d\u00edt\u00e1n\u00ed \u010dasu, v n\u011bm\u017e se roky po\u010d\u00edtaj\u00ed od mytologick\u00e9ho po\u010d\u00e1tku \u0159\u00ed\u0161e.<\/p>\t\t\t\t\t\t\t\t<\/div>\n\t\t\t\t<\/div>\n\t\t\t\t\t<\/div>\n\t\t\t\t<\/div>\n\t\t<div class=\"elementor-element elementor-element-iwgw-inti-s2 e-flex e-con-boxed e-con e-parent\" data-id=\"iwgw-inti-s2\" data-element_type=\"container\" data-e-type=\"container\">\n\t\t\t\t\t<div class=\"e-con-inner\">\n\t\t\t\t<div class=\"elementor-element elementor-element-iwgw-inti-s2h elementor-widget elementor-widget-heading\" data-id=\"iwgw-inti-s2h\" data-element_type=\"widget\" data-e-type=\"widget\" data-widget_type=\"heading.default\">\n\t\t\t\t\t<h2 class=\"elementor-heading-title elementor-size-default\">Popis a ikonografie<\/h2>\t\t\t\t<\/div>\n\t\t<div class=\"elementor-element elementor-element-iwgw-inti-s2c e-con-full e-flex e-con e-child\" data-id=\"iwgw-inti-s2c\" data-element_type=\"container\" data-e-type=\"container\">\n\t\t\t\t<div class=\"elementor-element elementor-element-iwgw-inti-s2t elementor-widget elementor-widget-text-editor\" data-id=\"iwgw-inti-s2t\" data-element_type=\"widget\" data-e-type=\"widget\" data-widget_type=\"text-editor.default\">\n\t\t\t\t\t\t\t\t\t<p>Ikonografick\u00e9 zobrazen\u00ed Intiho je v p\u0159edhisp\u00e1nsk\u00fdch pramenech dochov\u00e1no jen fragment\u00e1rn\u011b, proto\u017ee Inckou \u0159\u00ed\u0161i nezaznamen\u00e1vala \u017e\u00e1dn\u00e1 p\u00edsemn\u00e1 obrazov\u00e1 tradice v \u00fazk\u00e9m slova smyslu.<\/p><p>Hlavn\u00edm pramenem je koloni\u00e1ln\u00ed sekund\u00e1rn\u00ed tradice a proslul\u00e1 zlat\u00e1 deska, kter\u00e1 m\u011bla b\u00fdt um\u00edst\u011bna ve slune\u010dn\u00edm chr\u00e1mu <em>Coricancha<\/em> v Cuscu: kulat\u00fd kotou\u010d obklopen\u00fd paprsky s antropomorfn\u00ed tv\u00e1\u0159\u00ed, tzv. <em>Punchao<\/em>. Tento <span class=\"iwg-fachbegriff\" data-tooltip=\"Obrazov\u00e9 zobrazen\u00ed bo\u017estva, je\u017e je uct\u00edv\u00e1no v chr\u00e1mu nebo svatyni.\" tabindex=\"0\">kultovn\u00ed obraz<\/span> byl p\u0159i dobyt\u00ed Vilcabamby v roce 1572 \u0160pan\u011bly zabaven a odvezen do \u0160pan\u011blska, od t\u00e9 doby je v\u0161ak nezv\u011bstn\u00fd.<\/p><p>Garcilaso de la Vega popisuje <span class=\"iwg-fachbegriff\" data-tooltip=\"M\u00edsto posv\u011bcen\u00e9 uct\u00edv\u00e1n\u00ed bo\u017estva.\" tabindex=\"0\">svatyni<\/span> Coricancha jako vnit\u0159n\u00ed prostor zcela oblo\u017een\u00fd zlat\u00fdmi deskami. Ve st\u0159edu st\u00e1lo Punchao, po jeho\u017e stran\u00e1ch byly um\u00edst\u011bny zmumifikovan\u00e9 ostatky zesnul\u00fdch inck\u00fdch vl\u00e1dc\u016f (<em>mallqui<\/em>), kte\u0159\u00ed byli ch\u00e1p\u00e1ni jako v\u011b\u010dn\u011b \u017eij\u00edc\u00ed zt\u011blesn\u011bn\u00ed Intiho rodov\u00e9 linie.<\/p><p>\u0160pan\u011bl\u0161t\u00ed kronik\u00e1\u0159i Polo de Ondegardo a Crist\u00f3bal de Albornoz toto uspo\u0159\u00e1d\u00e1n\u00ed potvrzuj\u00ed ve sv\u00fdch inspek\u010dn\u00edch zpr\u00e1v\u00e1ch z 60. let 16. stolet\u00ed. In\u010dt\u00ed dvo\u0159an\u00e9 se p\u0159i sv\u00e1tc\u00edch objevovali se zlat\u00fdmi korunami s paprsky, kter\u00e9 form\u00e1ln\u011b navazovaly na Punchao.<\/p><p>Na dochovan\u00fdch inck\u00fdch textili\u00edch, na keros (poh\u00e1rech) a koloni\u00e1ln\u00edch n\u00e1st\u011bnn\u00fdch malb\u00e1ch (nap\u0159\u00edklad \u0161koly z Cusca) b\u00fdv\u00e1 Inti nej\u010dast\u011bji zobrazov\u00e1n jako zlat\u00e1 tv\u00e1\u0159 se zubat\u00fdmi paprsky, n\u011bkdy s v\u011bncem z klas\u016f kuku\u0159ice nebo quinoy.<\/p><p>Ve vy\u0161\u0161\u00edch obrazov\u00fdch vrstv\u00e1ch koloni\u00e1ln\u00edch andsk\u00fdch maleb (nap\u0159. <em>Triumf svat\u00e9ho Michaela<\/em>, cuzcosk\u00e1 \u0161kola, 17. stol.) se ikonografie Intiho prol\u00edn\u00e1 s k\u0159es\u0165ansk\u00fdmi motivy <span class=\"iwg-fachbegriff\" data-tooltip=\"V abrah\u00e1movsk\u00fdch n\u00e1bo\u017eenstv\u00edch nebesk\u00e1 bytost slou\u017e\u00edc\u00ed jako Bo\u017e\u00ed posel.\" tabindex=\"0\">and\u011bla<\/span> a Sol Iustitiae, co\u017e je stopa ikonografick\u00e9ho synkretismu, kterou systematicky zmapovala histori\u010dka um\u011bn\u00ed Teresa Gisbert v d\u00edle <em>Iconograf\u00eda y mitos ind\u00edgenas en el arte<\/em> (1980).<\/p>\t\t\t\t\t\t\t\t<\/div>\n\t\t\t\t<\/div>\n\t\t\t\t\t<\/div>\n\t\t\t\t<\/div>\n\t\t<div class=\"elementor-element elementor-element-iwgw-inti-s3 e-flex e-con-boxed e-con e-parent\" data-id=\"iwgw-inti-s3\" data-element_type=\"container\" data-e-type=\"container\">\n\t\t\t\t\t<div class=\"e-con-inner\">\n\t\t\t\t<div class=\"elementor-element elementor-element-iwgw-inti-s3h elementor-widget elementor-widget-heading\" data-id=\"iwgw-inti-s3h\" data-element_type=\"widget\" data-e-type=\"widget\" data-widget_type=\"heading.default\">\n\t\t\t\t\t<h2 class=\"elementor-heading-title elementor-size-default\">Mytologick\u00e1 vypr\u00e1v\u011bn\u00ed<\/h2>\t\t\t\t<\/div>\n\t\t<div class=\"elementor-element elementor-element-iwgw-inti-s3c e-con-full e-flex e-con e-child\" data-id=\"iwgw-inti-s3c\" data-element_type=\"container\" data-e-type=\"container\">\n\t\t\t\t<div class=\"elementor-element elementor-element-iwgw-inti-s3t elementor-widget elementor-widget-text-editor\" data-id=\"iwgw-inti-s3t\" data-element_type=\"widget\" data-e-type=\"widget\" data-widget_type=\"text-editor.default\">\n\t\t\t\t\t\t\t\t\t<p>Nejv\u00fdznamn\u011bj\u0161\u00edm <span class=\"iwg-fachbegriff\" data-tooltip=\"Tradovan\u00fd p\u0159\u00edb\u011bh o boz\u00edch, po\u010d\u00e1tc\u00edch a \u0159\u00e1du sv\u011bta.\" tabindex=\"0\">m\u00fdtem<\/span> o Intim je inck\u00fd m\u00fdtus o p\u016fvodu z jezera Titicaca, kter\u00fd zaznamenali p\u0159edev\u0161\u00edm Garcilaso de la Vega a Juan de Betanzos. Podle n\u011bj se Inti po obdob\u00ed temnoty sv\u011bta vyno\u0159uje z jezera Titicaca a vys\u00edl\u00e1 sv\u00e9 d\u011bti <em>Manca Capaca<\/em> a <em>Mamu Ocllo<\/em>, aby lidi nau\u010dili zem\u011bd\u011blstv\u00ed, tkalcovstv\u00ed a n\u00e1bo\u017eensk\u00fd \u0159\u00e1d.<\/p><p>Na m\u00edst\u011b, kde se Mancova zlat\u00e1 ty\u010d zabo\u0159ila do zem\u011b, m\u011bla b\u00fdt zalo\u017eena Cusco, pozd\u011bj\u0161\u00ed hlavn\u00ed m\u011bsto Tawantinsuyu.<\/p><p>V paraleln\u00ed tradici, zaznamenan\u00e9 Pedrem Sarmientem de Gamboa v d\u00edle <em>Historia \u00edndica<\/em> (1572), se naopak Manco Capac a jeho sourozenci objevuj\u00ed z jeskynn\u00edho syst\u00e9mu Pacaritambo u Cusca. Tyto dv\u011b tradice o p\u016fvodu byly ji\u017e v inck\u00e9m obdob\u00ed slad\u011bny v r\u00e1mci <span class=\"iwg-fachbegriff\" data-tooltip=\"V\u011bdeck\u00e1 nauka o Bohu a v\u00ed\u0159e dan\u00e9ho n\u00e1bo\u017eenstv\u00ed.\" tabindex=\"0\">teologie<\/span>, p\u0159i\u010dem\u017e ud\u00e1lost u Titicaky byla vykl\u00e1d\u00e1na jako kosmick\u00e1 a ud\u00e1lost v Pacaritambu jako pozemsk\u00e1 f\u00e1ze t\u00e9ho\u017e posl\u00e1n\u00ed.<\/p><p>Dal\u0161\u00ed mytologick\u00e1 linie spojuje Intiho se stvo\u0159itelsk\u00fdm bohem <a href=\"https:\/\/iwell-guard.com\/cs\/?page_id=145448\">Viracochou<\/a>. Podle Crist\u00f3bala de Molina (<em>Relaci\u00f3n de las f\u00e1bulas y ritos de los Incas<\/em>, 1575) stvo\u0159il Viracocha u Titicaky slunce, m\u011bs\u00edc a hv\u011bzdy a p\u0159ik\u00e1zal jim, aby se vydaly na sv\u00e9 dr\u00e1hy po nebi.<\/p><p>Inti je zde druhotn\u00fdm v\u00fdtvorem vy\u0161\u0161\u00edho stvo\u0159itelsk\u00e9ho principu. Tato kosmogonick\u00e1 hierarchie byla n\u011bkter\u00fdmi inck\u00fdmi vl\u00e1dci, zejm\u00e9na <em>Pachacutim<\/em> (vl\u00e1dl 1438\u20131471), p\u0159ehodnocena ve prosp\u011bch siln\u011bj\u0161\u00edho postaven\u00ed Intiho, co\u017e ur\u010dilo pozd\u011bj\u0161\u00ed st\u00e1tn\u00ed teologii.<\/p><p>S Intim je mytologicky spojena i jeho sestersk\u00e1 man\u017eelka <a href=\"https:\/\/iwell-guard.com\/cs\/?page_id=145449\">Mama Killa<\/a> (m\u011bs\u00edc) a b\u016fh hromu <a href=\"https:\/\/iwell-guard.com\/cs\/?page_id=145451\">Illapa<\/a>, kter\u00fd je v n\u011bkter\u00fdch pramenech ch\u00e1p\u00e1n jako aspekt nebo bratr Intiho. Zatm\u011bn\u00ed M\u011bs\u00edce vykl\u00e1dali in\u010dt\u00ed kn\u011b\u017e\u00ed jako \u00fatok kosmick\u00e9ho zv\u00ed\u0159ete na Mamu Killu, kter\u00e9mu bylo t\u0159eba \u010delit hlukem a v\u00fdst\u0159ely \u0161\u00edp\u016f.<\/p>\t\t\t\t\t\t\t\t<\/div>\n\t\t\t\t<\/div>\n\t\t\t\t\t<\/div>\n\t\t\t\t<\/div>\n\t\t<div class=\"elementor-element elementor-element-iwgw-inti-s4 e-flex e-con-boxed e-con e-parent\" data-id=\"iwgw-inti-s4\" data-element_type=\"container\" data-e-type=\"container\">\n\t\t\t\t\t<div class=\"e-con-inner\">\n\t\t\t\t<div class=\"elementor-element elementor-element-iwgw-inti-s4h elementor-widget elementor-widget-heading\" data-id=\"iwgw-inti-s4h\" data-element_type=\"widget\" data-e-type=\"widget\" data-widget_type=\"heading.default\">\n\t\t\t\t\t<h2 class=\"elementor-heading-title elementor-size-default\">Kult a uct\u00edv\u00e1n\u00ed v Tawantinsuyu<\/h2>\t\t\t\t<\/div>\n\t\t<div class=\"elementor-element elementor-element-iwgw-inti-s4c e-con-full e-flex e-con e-child\" data-id=\"iwgw-inti-s4c\" data-element_type=\"container\" data-e-type=\"container\">\n\t\t\t\t<div class=\"elementor-element elementor-element-iwgw-inti-s4t elementor-widget elementor-widget-text-editor\" data-id=\"iwgw-inti-s4t\" data-element_type=\"widget\" data-e-type=\"widget\" data-widget_type=\"text-editor.default\">\n\t\t\t\t\t\t\t\t\t<p>St\u00e1tn\u00ed incksk\u00fd <span class=\"iwg-fachbegriff\" data-tooltip=\"Souhrn n\u00e1bo\u017eensk\u00fdch \u00fakon\u016f uct\u00edv\u00e1n\u00ed bo\u017estva nebo svat\u00e9 bytosti.\" tabindex=\"0\">kult<\/span> byl v Inck\u00e9 \u0159\u00ed\u0161i rozs\u00e1hle institucionalizov\u00e1n. Jeho st\u0159edem byl slune\u010dn\u00ed chr\u00e1m <em>Coricancha<\/em> (ke\u010du\u00e1nsky <em>quri kancha<\/em>, zlat\u00fd okrsek) v Cuscu, jeho\u017e z\u00e1klady dnes tvo\u0159\u00ed podstavec dominik\u00e1nsk\u00e9ho kl\u00e1\u0161tera Santo Domingo.<\/p><p>Zde byly udr\u017eov\u00e1ny mumie inck\u00fdch vl\u00e1dc\u016f jako \u017eiv\u00ed p\u0159edkov\u00e9, denn\u011b jim byla pod\u00e1v\u00e1na strava a p\u0159i sv\u00e1tc\u00edch byly v proces\u00edch neseny p\u0159es hlavn\u00ed n\u00e1m\u011bst\u00ed <em>Huacaypata<\/em>.<\/p><p><span class=\"iwg-fachbegriff\" data-tooltip=\"Stavba slou\u017e\u00edc\u00ed uct\u00edv\u00e1n\u00ed jednoho nebo v\u00edce bo\u017estev.\" tabindex=\"0\">Chr\u00e1mu<\/span> bylo p\u0159i\u0159azeno v\u00edce ne\u017e 4 000 kn\u011b\u017e\u00ed a <em>Acllacuna<\/em>, vybran\u00e9 slune\u010dn\u00ed panny.<\/p><p>Ty \u017eily v uzav\u0159en\u00fdch \u017eensk\u00fdch domech (<em>acllahuasi<\/em>), tkaly nejjemn\u011bj\u0161\u00ed l\u00e1tky (<em>cumbi<\/em>) pro <span class=\"iwg-fachbegriff\" data-tooltip=\"Souhrn n\u00e1bo\u017eensk\u00fdch \u00fakon\u016f uct\u00edv\u00e1n\u00ed bo\u017estva nebo svat\u00e9 bytosti.\" tabindex=\"0\">kult<\/span> a va\u0159ily ritu\u00e1ln\u00ed kuku\u0159i\u010dn\u00e9 pivo <em>chicha<\/em>. Skromn\u00e9 zbytky Acllahuasi v Cuscu (dnes Santa Catalina) i incksk\u00e9 n\u00e1pisy z Choquequirao d\u00e1vaj\u00ed tu\u0161it materi\u00e1ln\u00ed rozm\u011br tohoto \u017eensk\u00e9ho kn\u011b\u017estv\u00ed.<\/p><p>Vrcholem kultovn\u00edho roku byl <em>Inti Raymi<\/em>, sv\u00e1tek slunovratu 21.\/24. \u010dervna. Inka s\u00e1m ob\u011btoval na hlavn\u00edm n\u00e1m\u011bst\u00ed Cusca lamy a mor\u010data, na zlat\u00e9 m\u00edse vyl\u00edval ob\u011b\u0165 z chichy a pron\u00e1\u0161el sv\u00e9 <span class=\"iwg-fachbegriff\" data-tooltip=\"Slovn\u00ed obr\u00e1cen\u00ed \u010dlov\u011bka k bo\u017estvu.\" tabindex=\"0\">modlitby<\/span> k vych\u00e1zej\u00edc\u00edmu slunci.<\/p><p>Polo de Ondegardo popisuje proces\u00ed pod\u00e9l lini\u00ed <em>ceque<\/em>, syst\u00e9mu paprskovit\u011b z Coricanchy vych\u00e1zej\u00edc\u00edch lini\u00ed, jen\u017e tvo\u0159\u00ed <span class=\"iwg-fachbegriff\" data-tooltip=\"Svat\u00e9 m\u00edsto zasv\u011bcen\u00e9 uct\u00edv\u00e1n\u00ed bo\u017estva.\" tabindex=\"0\">svaty\u0148ov\u00fd<\/span> syst\u00e9m 41 p\u0159\u00edmek a 328 tzv. huaca svatyn\u00ed, kter\u00fd poprv\u00e9 systematicky rekonstruoval Tom Zuidema v knize <em>The Ceque System of Cuzco<\/em> (1964).<\/p><p>Vedle hlavn\u00edho kultu v Cuscu existovaly region\u00e1ln\u00ed slune\u010dn\u00ed chr\u00e1my mimo jin\u00e9 ve Vilcashuamanu, v Pachacamacu (v synkrezi se star\u0161\u00edm or\u00e1kuln\u00edm bo\u017estvem <a href=\"https:\/\/iwell-guard.com\/cs\/?page_id=145450\">Pachakamak<\/a>), na ostrov\u011b <em>Isla del Sol<\/em> v jeze\u0159e Titicaca a v severoperu\u00e1nsk\u00e9 provincii Cajamarca.<\/p><p>Tyto region\u00e1ln\u00ed svatyn\u011b byly propojeny s\u00edt\u00ed cest <em>Qhapaq Nan<\/em> a tvo\u0159ily imperi\u00e1ln\u00ed komunika\u010dn\u00ed s\u00ed\u0165, v n\u00ed\u017e byla slune\u010dn\u00ed <span class=\"iwg-fachbegriff\" data-tooltip=\"V\u011bdeck\u00e1 nauka o Bohu a v\u00ed\u0159e n\u00e1bo\u017eenstv\u00ed.\" tabindex=\"0\">teologie<\/span> neodd\u011bliteln\u011b spojena s administrativn\u00ed kontrolou.<\/p>\t\t\t\t\t\t\t\t<\/div>\n\t\t\t\t<\/div>\n\t\t\t\t\t<\/div>\n\t\t\t\t<\/div>\n\t\t<div class=\"elementor-element elementor-element-iwgw-inti-s5 e-flex e-con-boxed e-con e-parent\" data-id=\"iwgw-inti-s5\" data-element_type=\"container\" data-e-type=\"container\">\n\t\t\t\t\t<div class=\"e-con-inner\">\n\t\t\t\t<div class=\"elementor-element elementor-element-iwgw-inti-s5h elementor-widget elementor-widget-heading\" data-id=\"iwgw-inti-s5h\" data-element_type=\"widget\" data-e-type=\"widget\" data-widget_type=\"heading.default\">\n\t\t\t\t\t<h2 class=\"elementor-heading-title elementor-size-default\">Ochrann\u00e1 praxe a apotropaick\u00e9 prvky<\/h2>\t\t\t\t<\/div>\n\t\t<div class=\"elementor-element elementor-element-iwgw-inti-s5c e-con-full e-flex e-con e-child\" data-id=\"iwgw-inti-s5c\" data-element_type=\"container\" data-e-type=\"container\">\n\t\t\t\t<div class=\"elementor-element elementor-element-iwgw-inti-s5t elementor-widget elementor-widget-text-editor\" data-id=\"iwgw-inti-s5t\" data-element_type=\"widget\" data-e-type=\"widget\" data-widget_type=\"text-editor.default\">\n\t\t\t\t\t\t\t\t\t<p>Zat\u00edmco Inti jako nejvy\u0161\u0161\u00ed bo\u017estvo p\u016fsobil na \u0159\u00ed\u0161sk\u00e9 \u00farovni, existovala vedle toho i ka\u017edodenn\u00ed sol\u00e1rn\u00ed praxe, kter\u00e1 \u010d\u00e1ste\u010dn\u011b p\u0159etrv\u00e1v\u00e1 a\u017e do sou\u010dasnosti ve vesnic\u00edch cusquensk\u00e9 a bolivijsk\u00e9 vyso\u010diny. Nelze ji ch\u00e1pat ve smyslu modern\u00edch p\u0159\u00edslib\u016f \u00fa\u010dinku, sp\u00ed\u0161e dokumentuje ur\u010ditou n\u00e1bo\u017eenskou praxi vn\u00edm\u00e1n\u00ed.<\/p><p>Catherine Allen (<em>The Hold Life Has<\/em>, 2002) popisuje nap\u0159\u00edklad pro vesnici Sonqo, \u017ee star\u0161\u00ed \u017eeny r\u00e1no otev\u00edraj\u00ed dve\u0159e sm\u011brem na v\u00fdchod a p\u0159ej\u00ed\u017ed\u011bj\u00ed rukou p\u0159es hlavu v prvn\u00edm slune\u010dn\u00edm sv\u011btle, doprov\u00e1zeno ke\u010du\u00e1nsk\u00fdm muml\u00e1n\u00edm, j\u00edm\u017e pros\u00ed Inti o <em>samay<\/em> (dech \u017eivota).<\/p><p>V inck\u00e9m obdob\u00ed kn\u011b\u017e\u00ed pou\u017e\u00edvali zlat\u00e9 zrcadla k soust\u0159ed\u011bn\u00ed slune\u010dn\u00edho sv\u011btla a zap\u00e1len\u00ed ritu\u00e1ln\u00edho ohn\u011b na <span class=\"iwg-fachbegriff\" data-tooltip=\"Vyv\u00fd\u0161en\u00e9 m\u00edsto nebo st\u016fl pro ob\u011bti a n\u00e1bo\u017eensk\u00e9 \u00fakony.\" tabindex=\"0\">olt\u00e1\u0159i<\/span> v Coricanche. Cobo popisuje odpov\u00eddaj\u00edc\u00ed za\u0159\u00edzen\u00ed s vyle\u0161t\u011bn\u00fdmi konk\u00e1vn\u00edmi zrcadly.<\/p><p>Jako <span class=\"iwg-fachbegriff\" data-tooltip=\"Odvracej\u00edc\u00ed ne\u0161t\u011bst\u00ed: o znamen\u00edch a p\u0159edm\u011btech, kter\u00e9 maj\u00ed odvracet \u0161kodliv\u00e9 vlivy.\" tabindex=\"0\">apotropaick\u00e9<\/span> proti no\u010dn\u00edm nebezpe\u010d\u00edm, zejm\u00e9na proti zl\u00fdm duch\u016fm, kte\u0159\u00ed jsou v <span class=\"iwg-fachbegriff\" data-tooltip=\"Tradovan\u00fd p\u0159\u00edb\u011bh o boz\u00edch, po\u010d\u00e1tc\u00edch a uspo\u0159\u00e1d\u00e1n\u00ed sv\u011bta.\" tabindex=\"0\">m\u00fdtu<\/span> ozna\u010dov\u00e1ni jako <em>supay<\/em> (viz <a href=\"https:\/\/iwell-guard.com\/cs\/?page_id=145452\">Supay<\/a>), platily slune\u010dn\u00ed amulety ze zlat\u00e9ho plechu, no\u0161en\u00e9 na hrudi jako <em>chacana<\/em> nebo jako kulat\u00e9 repliky Punchao.<\/p><p>Z n\u00e1bo\u017eenskov\u011bdn\u00edho hlediska je d\u016fle\u017eit\u00e9, \u017ee tyto praktiky nebyly ch\u00e1p\u00e1ny jako magick\u00e9 ovl\u00e1dnut\u00ed, n\u00fdbr\u017e jako <em>ayni<\/em>, tedy vz\u00e1jemn\u00fd vztah povinnosti. Kdo r\u00e1no zdrav\u00ed slunce, stav\u00ed se do recipro\u010dn\u00ed s\u00edt\u011b, kter\u00e1 podle andsk\u00e9ho pojet\u00ed spojuje \u010dlov\u011bka, p\u0159edky, hory a nebesk\u00e1 t\u011blesa.<\/p><p>Religionista Frank Salomon uk\u00e1zal v d\u00edle <em>The Cord Keepers<\/em> (2004), jak tato recipro\u010dn\u00ed logika zasahuje a\u017e do modern\u00edch ke\u010du\u00e1nsk\u00fdch komunit.<\/p>\t\t\t\t\t\t\t\t<\/div>\n\t\t\t\t<\/div>\n\t\t\t\t\t<\/div>\n\t\t\t\t<\/div>\n\t\t<div class=\"elementor-element elementor-element-iwgw-inti-s6 e-flex e-con-boxed e-con e-parent\" data-id=\"iwgw-inti-s6\" data-element_type=\"container\" data-e-type=\"container\">\n\t\t\t\t\t<div class=\"e-con-inner\">\n\t\t\t\t<div class=\"elementor-element elementor-element-iwgw-inti-s6h elementor-widget elementor-widget-heading\" data-id=\"iwgw-inti-s6h\" data-element_type=\"widget\" data-e-type=\"widget\" data-widget_type=\"heading.default\">\n\t\t\t\t\t<h2 class=\"elementor-heading-title elementor-size-default\">Paralely v jin\u00fdch kultur\u00e1ch<\/h2>\t\t\t\t<\/div>\n\t\t<div class=\"elementor-element elementor-element-iwgw-inti-s6c e-con-full e-flex e-con e-child\" data-id=\"iwgw-inti-s6c\" data-element_type=\"container\" data-e-type=\"container\">\n\t\t\t\t<div class=\"elementor-element elementor-element-iwgw-inti-s6t elementor-widget elementor-widget-text-editor\" data-id=\"iwgw-inti-s6t\" data-element_type=\"widget\" data-e-type=\"widget\" data-widget_type=\"text-editor.default\">\n\t\t\t\t\t\t\t\t\t<p>V\u011bdecko-srovn\u00e1vac\u00ed v\u00fdzkum od dob Eduarda Selera a Konrada Theodora Preusse opakovan\u011b odhalil paralely mezi Intim a jin\u00fdmi dynastick\u00fdmi sol\u00e1rn\u00edmi teologiemi. Zvl\u00e1\u0161t\u011b n\u00e1padn\u00e9 jsou struktur\u00e1ln\u00ed podobnosti se staroegyptsk\u00fdm <span class=\"iwg-fachbegriff\" data-tooltip=\"Souhrn n\u00e1bo\u017eensk\u00fdch \u00factyhodn\u00fdch \u00fakon\u016f v\u016f\u010di bo\u017estvu nebo svat\u00e9 postav\u011b.\" tabindex=\"0\">kultem<\/span> Re, resp. Atona, s japonsk\u00fdm <span class=\"iwg-fachbegriff\" data-tooltip=\"Souhrn n\u00e1bo\u017eensk\u00fdch \u00factyhodn\u00fdch \u00fakon\u016f v\u016f\u010di bo\u017estvu nebo svat\u00e9 postav\u011b.\" tabindex=\"0\">kultem<\/span> Amaterasu dynastie Yamato a s \u0159\u00edmskou <span class=\"iwg-fachbegriff\" data-tooltip=\"V\u011bdeck\u00e1 nauka o Bohu a v\u00ed\u0159e n\u00e1bo\u017eenstv\u00ed.\" tabindex=\"0\">teologi\u00ed<\/span> <em>Sol Invictus<\/em> ve 3. stolet\u00ed.<\/p><p>Ve v\u0161ech t\u011bchto p\u0159\u00edpadech se slunce jev\u00ed jako garant panovnick\u00e9 dynastie, jako kalend\u00e1\u0159n\u00ed centr\u00e1ln\u00ed princip a jako ikonograficky dominantn\u00ed prvek st\u00e1tn\u00edho um\u011bn\u00ed. Francouzsk\u00fd religionista Henri Frankfort popsal ve sv\u00e9 knize <em>Kingship and the Gods<\/em> (1948) struktur\u00e1ln\u00ed vzorec bo\u017esk\u00e9ho kr\u00e1lovstv\u00ed, v n\u011bm\u017e Inti, Re a Amaterasu zauj\u00edmaj\u00ed funk\u010dn\u011b srovnateln\u00e9 postaven\u00ed.<\/p><p>Je v\u0161ak d\u016fle\u017eit\u00e9 zd\u016fraznit, \u017ee Frankfort\u016fv vzorec neznamen\u00e1 genealogick\u00e9 spojen\u00ed mezi jednotliv\u00fdmi sol\u00e1rn\u00edmi teologiemi, jde o konvergentn\u00ed v\u00fdvoj za podobn\u00fdch soci\u00e1ln\u011b-strukturn\u00edch podm\u00ednek agr\u00e1rn\u011b zalo\u017een\u00e9 vysok\u00e9 kultury.<\/p><p>V r\u00e1mci Ameriky vykazuje Inti v\u00fdrazn\u00e9 paralely s azt\u00e9ck\u00fdm Huitzilopochtlim a s mezoamerick\u00fdm slune\u010dn\u00edm bohem Tonatiuhem, ani\u017e by bylo prokazateln\u00e9 p\u0159\u00edm\u00e9 propojen\u00ed kultur p\u0159ed rokem 1532. Andsk\u00e9 kulturn\u00ed komplexy z\u016fst\u00e1valy do zna\u010dn\u00e9 m\u00edry izolovan\u00e9. V \u0161ir\u0161\u00edm americk\u00e9m prostoru je slune\u010dn\u00ed hlavn\u00ed postava m\u00e9n\u011b p\u0159\u00edtomn\u00e1: u severoamerick\u00fdch Lakot\u016f tvo\u0159\u00ed <a href=\"https:\/\/iwell-guard.com\/cs\/?page_id=145456\">Wakan Tanka<\/a> sp\u00ed\u0161e obecnou, m\u00e9n\u011b specificky sol\u00e1rn\u00ed nejvy\u0161\u0161\u00ed bytost.<\/p>\t\t\t\t\t\t\t\t<\/div>\n\t\t\t\t<\/div>\n\t\t\t\t\t<\/div>\n\t\t\t\t<\/div>\n\t\t<div class=\"elementor-element elementor-element-iwgw-inti-s7 e-flex e-con-boxed e-con e-parent\" data-id=\"iwgw-inti-s7\" data-element_type=\"container\" data-e-type=\"container\">\n\t\t\t\t\t<div class=\"e-con-inner\">\n\t\t\t\t<div class=\"elementor-element elementor-element-iwgw-inti-s7h elementor-widget elementor-widget-heading\" data-id=\"iwgw-inti-s7h\" data-element_type=\"widget\" data-e-type=\"widget\" data-widget_type=\"heading.default\">\n\t\t\t\t\t<h2 class=\"elementor-heading-title elementor-size-default\">Sou\u010dasn\u00e1 recepce a v\u00fdzkum<\/h2>\t\t\t\t<\/div>\n\t\t<div class=\"elementor-element elementor-element-iwgw-inti-s7c e-con-full e-flex e-con e-child\" data-id=\"iwgw-inti-s7c\" data-element_type=\"container\" data-e-type=\"container\">\n\t\t\t\t<div class=\"elementor-element elementor-element-iwgw-inti-s7t elementor-widget elementor-widget-text-editor\" data-id=\"iwgw-inti-s7t\" data-element_type=\"widget\" data-e-type=\"widget\" data-widget_type=\"text-editor.default\">\n\t\t\t\t\t\t\t\t\t<p>Po dobyt\u00ed v roce 1532 byl st\u00e1tn\u00ed <span class=\"iwg-fachbegriff\" data-tooltip=\"Souhrn n\u00e1bo\u017eensk\u00fdch \u00factyhodn\u00fdch \u00fakon\u016f v\u016f\u010di bo\u017estvu nebo svat\u00e9 postav\u011b.\" tabindex=\"0\">kult<\/span> Intiho od roku 1572 systematicky potla\u010dov\u00e1n \u0161pan\u011blskou koloni\u00e1ln\u00ed spr\u00e1vou. Arcibiskup Bartolom\u00e9 Lobo Guerrero a jeho visit\u00e1tor Francisco de \u00c1vila v letech 1610 a\u017e 1620 vedli rozs\u00e1hl\u00e9 kampan\u011b <em>extirpaci\u00f3n de idolatr\u00edas<\/em>, v jejich\u017e d\u016fsledku byly zni\u010deny tis\u00edce svatyn\u00ed huaca.<\/p><p>P\u0159esto se slune\u010dn\u00ed kult zachoval v podob\u011b lidov\u00e9 religiozity, nap\u0159\u00edklad v horsk\u00fdch proces\u00edch <em>Qoyllur Rit&#8217;i<\/em> u Cusca, kde je posledn\u00ed rann\u00ed led z ledovce (dnes v d\u016fsledku klimatick\u00fdch zm\u011bn siln\u011b ustupuj\u00edc\u00ed) ch\u00e1p\u00e1n jako manifestace Intiho.<\/p><p>Od roku 1944 se v Cuscu ka\u017edoro\u010dn\u011b 24. \u010dervna po\u0159\u00e1d\u00e1 slavnost <em>Inti Raymi<\/em> jako rekonstruovan\u00fd folklorn\u00ed sv\u00e1tek na pevnosti Sacsayhuam\u00e1n.<\/p><p>Toto zpracov\u00e1n\u00ed vych\u00e1z\u00ed z peru\u00e1nsk\u00e9ho spisovatele Faustina Espinozy Navarra a op\u00edr\u00e1 se p\u0159edev\u0161\u00edm o vyl\u00ed\u010den\u00ed Garcilasa de la Vegy. M\u00e1 zna\u010dn\u00fd turistick\u00fd charakter, ale sou\u010dasn\u011b je kotvou znovuobjeven\u00e9 domorod\u00e9 identity (<em>movimiento indigenista<\/em>).<\/p><p>V akademick\u00e9m v\u00fdzkumu dnes nen\u00ed v pop\u0159ed\u00ed ani tak monolitick\u00fd <span class=\"iwg-fachbegriff\" data-tooltip=\"Souhrn n\u00e1bo\u017eensk\u00fdch \u00factyhodn\u00fdch \u00fakon\u016f v\u016f\u010di bo\u017estvu nebo svat\u00e9 postav\u011b.\" tabindex=\"0\">kult<\/span> Intiho, jako ot\u00e1zka lok\u00e1ln\u00ed religiozity.<\/p><p>Frank Salomon, Tom Zuidema, Catherine Allen, Sabine MacCormack (<em>Religion in the Andes<\/em>, 1991) a Brian Bauer (<em>The Sacred Landscape of the Inca<\/em>, 1998) uk\u00e1zali, jak se st\u00e1tn\u00ed slune\u010dn\u00ed kult navroubil na hustou s\u00ed\u0165 m\u00edstn\u00edch svatyn\u00ed huaca a horsk\u00fdch kult\u016f apu a jak po roce 1532 d\u00e1le p\u016fsobil v synkretick\u00e9 podob\u011b.<\/p><p>Sou\u010dasn\u00e9 archeoastronomick\u00e9 studie kamenn\u00fdch svatyn\u00ed, jako je Machu Picchu (Reinhard 2007, Ziegler 2015), tento obraz neust\u00e1le zp\u0159es\u0148uj\u00ed.<\/p>\t\t\t\t\t\t\t\t<\/div>\n\t\t\t\t<\/div>\n\t\t\t\t\t<\/div>\n\t\t\t\t<\/div>\n\t\t<div class=\"elementor-element elementor-element-iwgw-inti-s8 e-flex e-con-boxed e-con e-parent\" data-id=\"iwgw-inti-s8\" data-element_type=\"container\" data-e-type=\"container\">\n\t\t\t\t\t<div class=\"e-con-inner\">\n\t\t\t\t<div class=\"elementor-element elementor-element-iwgw-inti-s8h elementor-widget elementor-widget-heading\" data-id=\"iwgw-inti-s8h\" data-element_type=\"widget\" data-e-type=\"widget\" data-widget_type=\"heading.default\">\n\t\t\t\t\t<h2 class=\"elementor-heading-title elementor-size-default\">Literatura a prameny<\/h2>\t\t\t\t<\/div>\n\t\t<div class=\"elementor-element elementor-element-iwgw-inti-s8c e-con-full e-flex e-con e-child\" data-id=\"iwgw-inti-s8c\" data-element_type=\"container\" data-e-type=\"container\">\n\t\t\t\t<div class=\"elementor-element elementor-element-iwgw-inti-s8t elementor-widget elementor-widget-text-editor\" data-id=\"iwgw-inti-s8t\" data-element_type=\"widget\" data-e-type=\"widget\" data-widget_type=\"text-editor.default\">\n\t\t\t\t\t\t\t\t\t<p>N\u00e1sleduj\u00edc\u00ed v\u00fdb\u011br uv\u00e1d\u00ed kl\u00ed\u010dov\u00e9 historick\u00e9 prameny a modern\u00ed v\u011bdeck\u00e9 studie o <span class=\"iwg-fachbegriff\" data-tooltip=\"Souhrn n\u00e1bo\u017eensk\u00fdch \u00factyhodn\u00fdch \u00fakon\u016f v\u016f\u010di bo\u017estvu nebo svat\u00e9 postav\u011b.\" tabindex=\"0\">kultu<\/span> Intiho v Inck\u00e9m imp\u00e9riu. Sah\u00e1 od koloni\u00e1ln\u00edch kronik 16. a 17. stolet\u00ed a\u017e po d\u00edla modern\u00ed andsk\u00e9 etnologie a <span class=\"iwg-fachbegriff\" data-tooltip=\"V\u011bda, kter\u00e1 zkoum\u00e1 minul\u00e9 kultury na z\u00e1klad\u011b hmotn\u00fdch n\u00e1lez\u016f.\" tabindex=\"0\">archeologie<\/span>.<\/p>\t\t\t\t\t\t\t\t<\/div>\n\t\t\t\t<\/div>\n\t\t\t\t\t<\/div>\n\t\t\t\t<\/div>\n\t\t<div class=\"elementor-element elementor-element-cp2e221a20 e-flex e-con-boxed e-con e-parent\" data-id=\"cp2e221a20\" data-element_type=\"container\" data-e-type=\"container\">\n\t\t\t\t\t<div class=\"e-con-inner\">\n\t\t\t\t<div class=\"elementor-element elementor-element-cp28758ced elementor-widget elementor-widget-heading\" data-id=\"cp28758ced\" data-element_type=\"widget\" data-e-type=\"widget\" data-widget_type=\"heading.default\">\n\t\t\t\t\t<h2 class=\"elementor-heading-title elementor-size-default\">Inti Raymi jako st\u00e1tn\u00ed sv\u00e1tek \u0159\u00ed\u0161e Ink\u016f<\/h2>\t\t\t\t<\/div>\n\t\t<div class=\"elementor-element elementor-element-cp264cc543 e-flex e-con-boxed e-con e-child\" data-id=\"cp264cc543\" data-element_type=\"container\" data-e-type=\"container\">\n\t\t\t\t\t<div class=\"e-con-inner\">\n\t\t\t\t<div class=\"elementor-element elementor-element-cp2c0825f5 elementor-widget elementor-widget-text-editor\" data-id=\"cp2c0825f5\" data-element_type=\"widget\" data-e-type=\"widget\" data-widget_type=\"text-editor.default\">\n\t\t\t\t\t\t\t\t\t<p>Nejv\u00fdznamn\u011bj\u0161\u00edm dochovan\u00fdm sv\u00e1tkem slune\u010dn\u00edho kultu byl <em>Inti Raymi<\/em>, kter\u00fd se slavil v obdob\u00ed zimn\u00edho slunovratu v \u010dervnu v Cuscu.<\/p><p>Je zn\u00e1m p\u0159edev\u0161\u00edm z popisu kronik\u00e1\u0159e Crist\u00f3bala de Molina z Cusca, kter\u00fd v 70. letech 16. stolet\u00ed zaznamenal inck\u00fdch sv\u00e1tky, a d\u00e1le z \u00fadaj\u016f u Garcilasa de la Vegy a Bernab\u00e9ho Coba. Sv\u00e1tek ozna\u010doval po\u010d\u00e1tek nov\u00e9ho ro\u010dn\u00edho cyklu a spojoval slunce, plodnost zem\u011b a vl\u00e1du Inky.<\/p><p>Podle kronik se \u0161lechta shroma\u017e\u010fovala na centr\u00e1ln\u00edm n\u00e1m\u011bst\u00ed Cusca. Ob\u011btovaly se lamy, p\u0159in\u00e1\u0161ela se kuku\u0159ice a kuku\u0159i\u010dn\u00e9 pivo a slunci se vzd\u00e1vala pocta v <span class=\"iwg-fachbegriff\" data-tooltip=\"Slavnostn\u00ed \u00fakon prob\u00edhaj\u00edc\u00ed podle pevn\u00fdch pravidel.\" tabindex=\"0\">ob\u0159adu<\/span>, v n\u011bm\u017e m\u011bl Inka jako syn slunce v\u00fdznamnou \u00falohu.<\/p><p>Sv\u00e1tek tak slou\u017eil z\u00e1rove\u0148 n\u00e1bo\u017eensk\u00e9 \u00fact\u011b i potvrzen\u00ed politick\u00e9ho po\u0159\u00e1dku. \u0160pan\u011blsk\u00e1 koloni\u00e1ln\u00ed spr\u00e1va sv\u00e1tek na konci 16. stolet\u00ed zak\u00e1zala jako modloslu\u017ebu.<\/p><p>Dne\u0161n\u00ed <em>Inti Raymi<\/em>, kter\u00e9 se od roku 1944 ka\u017edoro\u010dn\u011b po\u0159\u00e1d\u00e1 v Cuscu, nen\u00ed nep\u0159eru\u0161en\u00fdm pokra\u010dov\u00e1n\u00edm, n\u00fdbr\u017e modern\u00ed rekonstrukc\u00ed. Vych\u00e1z\u00ed z iniciativy spisovatele a indigenisty Faustina Espinozy Navarra a op\u00edr\u00e1 se p\u0159edev\u0161\u00edm o text Garcilasa.<\/p><p>V\u00fdzkum za\u0159azuje modern\u00ed sv\u00e1tek do peru\u00e1nsk\u00e9ho indigenismu 20. stolet\u00ed, hnut\u00ed, kter\u00e9 zd\u016fraz\u0148ovalo inckou d\u011bdictv\u00ed jako z\u00e1klad n\u00e1rodn\u00ed identity. Jde tedy o dob\u0159e zdokumentovan\u00fd p\u0159\u00edpad, kdy byl p\u0159edkoloniza\u010dn\u00ed <span class=\"iwg-fachbegriff\" data-tooltip=\"Uspo\u0159\u00e1dan\u00fd sled symbolick\u00fdch \u00fakon\u016f s n\u00e1bo\u017eensk\u00fdm nebo kulturn\u00edm v\u00fdznamem.\" tabindex=\"0\">ritu\u00e1l<\/span> na z\u00e1klad\u011b kronik znovu vytvo\u0159en a stal se prvkem modern\u00ed identity, ani\u017e by existovala nep\u0159etr\u017eit\u00e1 kultovn\u00ed <span class=\"iwg-fachbegriff\" data-tooltip=\"P\u0159ed\u00e1v\u00e1n\u00ed v\u011bdomost\u00ed a vypr\u00e1v\u011bn\u00ed nap\u0159\u00ed\u010d generacemi.\" tabindex=\"0\">tradice<\/span>.<\/p>\t\t\t\t\t\t\t\t<\/div>\n\t\t\t\t\t<\/div>\n\t\t\t\t<\/div>\n\t\t\t\t\t<\/div>\n\t\t\t\t<\/div>\n\t\t<div class=\"elementor-element elementor-element-cp220ba088 e-flex e-con-boxed e-con e-parent\" data-id=\"cp220ba088\" data-element_type=\"container\" data-e-type=\"container\">\n\t\t\t\t\t<div class=\"e-con-inner\">\n\t\t\t\t<div class=\"elementor-element elementor-element-cp2dc475fc elementor-widget elementor-widget-heading\" data-id=\"cp2dc475fc\" data-element_type=\"widget\" data-e-type=\"widget\" data-widget_type=\"heading.default\">\n\t\t\t\t\t<h2 class=\"elementor-heading-title elementor-size-default\">Coricancha a hmotn\u00e9 d\u011bdictv\u00ed slune\u010dn\u00edho kultu<\/h2>\t\t\t\t<\/div>\n\t\t<div class=\"elementor-element elementor-element-cp259331e8 e-flex e-con-boxed e-con e-child\" data-id=\"cp259331e8\" data-element_type=\"container\" data-e-type=\"container\">\n\t\t\t\t\t<div class=\"e-con-inner\">\n\t\t\t\t<div class=\"elementor-element elementor-element-cp2dcafdd8 elementor-widget elementor-widget-text-editor\" data-id=\"cp2dcafdd8\" data-element_type=\"widget\" data-e-type=\"widget\" data-widget_type=\"text-editor.default\">\n\t\t\t\t\t\t\t\t\t<p>\u00dast\u0159edn\u00ed <span class=\"iwg-fachbegriff\" data-tooltip=\"Posv\u00e1tn\u00e9 m\u00edsto zasv\u011bcen\u00e9 uct\u00edv\u00e1n\u00ed bo\u017estva.\" tabindex=\"0\">svatyn\u00ed<\/span> boha slunce byl <em>Coricancha<\/em> v Cuscu, jeho\u017e n\u00e1zev lze p\u0159elo\u017eit jako Zlat\u00e9 n\u00e1dvo\u0159\u00ed nebo zlat\u00e1 ohrada. \u0160pan\u011blsk\u00e9 prameny ji popisuj\u00ed jako bohat\u011b zdobenou zlatem, se st\u011bnami, kter\u00e9 m\u011bly b\u00fdt \u010d\u00e1ste\u010dn\u011b oblo\u017eeny zlat\u00fdmi deskami.<\/p><p>Po dobyt\u00ed bylo zlato roztaveno a na z\u00e1kladech svatyn\u011b postavili \u0160pan\u011bl\u00e9 kl\u00e1\u0161ter Santo Domingo. Mohutn\u00e1 incksk\u00e1 kamenn\u00e1 ze\u010f se dochovala dodnes a je viditeln\u00e1 v centru Cusca.<\/p><p>Pro v\u011bdeck\u00e9 b\u00e1d\u00e1n\u00ed je <em>Coricancha<\/em> v\u00fdznamn\u00e1 t\u00edm, \u017ee p\u0159edstavuje vz\u00e1cn\u00fd p\u0159\u00edpad, kdy se setk\u00e1vaj\u00ed p\u00edsemn\u00e9 prameny se stavebn\u00edmi poz\u016fstatky. Dochovan\u00e1 architektura umo\u017e\u0148uje vyvodit z\u00e1v\u011bry o uspo\u0159\u00e1d\u00e1n\u00ed jednotliv\u00fdch prostor, i kdy\u017e p\u0159esn\u00e1 funkce n\u011bkter\u00fdch z nich z\u016fst\u00e1v\u00e1 sporn\u00e1.<\/p><p>Diskutuje se mimo jin\u00e9 o tom, \u017ee v <em>Coricanche<\/em> nebylo um\u00edst\u011bno pouze slunce, ale n\u011bkolik bo\u017estev a rovn\u011b\u017e nabalzamovan\u00e1 t\u011bla zem\u0159el\u00fdch vl\u00e1dc\u016f.<\/p><p>Astronom a antropolog R. T. Zuidema v \u0159ad\u011b prac\u00ed zast\u00e1val tezi, \u017ee z <em>Coricanchy<\/em> vych\u00e1zel syst\u00e9m my\u0161len\u00fdch lini\u00ed, takzvan\u00fdch <em>ceque<\/em>, na nich\u017e le\u017eelo mnoho svatyn\u00ed v okol\u00ed Cusca. Tyto linie m\u011bly m\u00edt jak ritu\u00e1ln\u00ed, tak kalend\u00e1\u0159n\u00ed funkci.<\/p><p>Tato teze je vlivn\u00e1, ale ne bez odporu, proto\u017ee se op\u00edr\u00e1 p\u0159edev\u0161\u00edm o seznam svatyn\u00ed u Bernab\u00e9ho Coba, jeho\u017e interpretace je sporn\u00e1. <em>Coricancha<\/em> tak z\u016fst\u00e1v\u00e1 kl\u00ed\u010dov\u00fdm, av\u0161ak jen \u010d\u00e1ste\u010dn\u011b prozkouman\u00fdm bodem pro pochopen\u00ed kultu slunce.<\/p>\t\t\t\t\t\t\t\t<\/div>\n\t\t\t\t\t<\/div>\n\t\t\t\t<\/div>\n\t\t\t\t\t<\/div>\n\t\t\t\t<\/div>\n\t\t<div class=\"elementor-element elementor-element-iwgw-inti-lit e-flex e-con-boxed e-con e-parent\" data-id=\"iwgw-inti-lit\" data-element_type=\"container\" data-e-type=\"container\">\n\t\t\t\t\t<div class=\"e-con-inner\">\n\t\t\t\t<div class=\"elementor-element elementor-element-iwgw-inti-lith elementor-widget elementor-widget-heading\" data-id=\"iwgw-inti-lith\" data-element_type=\"widget\" data-e-type=\"widget\" data-widget_type=\"heading.default\">\n\t\t\t\t\t<h2 class=\"elementor-heading-title elementor-size-default\">Literatura (v\u00fdb\u011br)<\/h2>\t\t\t\t<\/div>\n\t\t<div class=\"elementor-element elementor-element-iwgw-inti-litc e-con-full e-flex e-con e-child\" data-id=\"iwgw-inti-litc\" data-element_type=\"container\" data-e-type=\"container\">\n\t\t\t\t<div class=\"elementor-element elementor-element-iwgw-inti-litt elementor-widget elementor-widget-text-editor\" data-id=\"iwgw-inti-litt\" data-element_type=\"widget\" data-e-type=\"widget\" data-widget_type=\"text-editor.default\">\n\t\t\t\t\t\t\t\t\t<ul><li>Garcilaso de la Vega: <em>Comentarios Reales de los Incas<\/em> (1609)<\/li><li>Bernabe Cobo: <em>Historia del Nuevo Mundo<\/em> (1653)<\/li><li>Catherine Allen: <em>The Hold Life Has<\/em> (2002)<\/li><li>Tom Zuidema: <em>The Ceque System of Cuzco<\/em> (1964)<\/li><li>Sabine MacCormack: <em>Religion in the Andes<\/em> (1991)<\/li><li>Brian Bauer: <em>The Sacred Landscape of the Inca<\/em> (1998)<\/li><li>Teresa Gisbert: <em>Iconografia y mitos indigenas en el arte<\/em> (1980)<\/li><\/ul>\t\t\t\t\t\t\t\t<\/div>\n\t\t\t\t<\/div>\n\t\t\t\t\t<\/div>\n\t\t\t\t<\/div>\n\t\t<div class=\"elementor-element elementor-element-iwgkw2-add-inti e-flex e-con-boxed e-con e-parent\" data-id=\"iwgkw2-add-inti\" data-element_type=\"container\" data-e-type=\"container\">\n\t\t\t\t\t<div class=\"e-con-inner\">\n\t\t\t\t<div class=\"elementor-element elementor-element-iwgkw2-add-inti-t elementor-widget elementor-widget-text-editor\" data-id=\"iwgkw2-add-inti-t\" data-element_type=\"widget\" data-e-type=\"widget\" data-widget_type=\"text-editor.default\">\n\t\t\t\t\t\t\t\t\t<p>Jako <strong>zakladatel rodu<\/strong> vl\u00e1dc\u016f Ink\u016f legitimizoval Inti kr\u00e1lovskou linii z Cusca a spojoval politick\u00e9 centrum \u0159\u00ed\u0161e s kosmick\u00fdm vypr\u00e1v\u011bn\u00edm o p\u016fvodu.<\/p>\t\t\t\t\t\t\t\t<\/div>\n\t\t\t\t\t<\/div>\n\t\t\t\t<\/div>\n\t\t<div class=\"elementor-element elementor-element-iwgw-inti-kwd e-flex e-con-boxed e-con e-parent\" data-id=\"iwgw-inti-kwd\" data-element_type=\"container\" data-e-type=\"container\">\n\t\t\t\t\t<div class=\"e-con-inner\">\n\t\t<div class=\"elementor-element elementor-element-iwgw-inti-kwdc e-con-full e-flex e-con e-child\" data-id=\"iwgw-inti-kwdc\" data-element_type=\"container\" data-e-type=\"container\">\n\t\t\t\t<div class=\"elementor-element elementor-element-iwgw-inti-kwdt elementor-widget elementor-widget-text-editor\" data-id=\"iwgw-inti-kwdt\" data-element_type=\"widget\" data-e-type=\"widget\" data-widget_type=\"text-editor.default\">\n\t\t\t\t\t\t\t\t\t<p><em>Souvisej\u00edc\u00ed kl\u00ed\u010dov\u00e9 pojmy: Inti Quechua Capac Inti Raymi Cusco Coricancha Pachakuti Punchao Tawantinsuyu.<\/em><\/p>\t\t\t\t\t\t\t\t<\/div>\n\t\t\t\t<\/div>\n\t\t\t\t\t<\/div>\n\t\t\t\t<\/div>\n\t\t<div class=\"elementor-element elementor-element-iwgw-inti-cc e-flex e-con-boxed e-con e-parent\" data-id=\"iwgw-inti-cc\" data-element_type=\"container\" data-e-type=\"container\" id=\"iwg-cc-inti\">\n\t\t\t\t\t<div class=\"e-con-inner\">\n\t\t<div class=\"elementor-element elementor-element-iwgw-inti-ccinner e-flex e-con-boxed e-con e-parent\" data-id=\"iwgw-inti-ccinner\" data-element_type=\"container\" data-e-type=\"container\" data-settings=\"{&quot;background_background&quot;:&quot;classic&quot;}\">\n\t\t\t\t\t<div class=\"e-con-inner\">\n\t\t\t\t<div class=\"elementor-element elementor-element-iwgw-inti-cch elementor-widget elementor-widget-heading\" data-id=\"iwgw-inti-cch\" data-element_type=\"widget\" data-e-type=\"widget\" data-widget_type=\"heading.default\">\n\t\t\t\t\t<h2 class=\"elementor-heading-title elementor-size-default\">iWell Guard a ochrann\u00e9 tradice<\/h2>\t\t\t\t<\/div>\n\t\t\t\t<div class=\"elementor-element elementor-element-iwgw-inti-cct elementor-widget elementor-widget-text-editor\" data-id=\"iwgw-inti-cct\" data-element_type=\"widget\" data-e-type=\"widget\" data-widget_type=\"text-editor.default\">\n\t\t\t\t\t\t\t\t\t<div data-nosnippet=\"true\"><p>iWell Guard navazuje na kulturn\u011b-historickou tradici p\u0159enosn\u00fdch ochrann\u00fdch p\u0159edm\u011bt\u016f, v tradici <a href=\"https:\/\/iwell-guard.com\/cs\/?page_id=145436\">Andy \/ Inkov\u00e9<\/a> a mnoha dal\u0161\u00edch kultur po cel\u00e9m sv\u011bt\u011b. 41 vrstev, ryz\u00ed zlato, platina, st\u0159\u00edbro, vyrobeno v N\u011bmecku. 30denn\u00ed pr\u00e1vo na vr\u00e1cen\u00ed zbo\u017e\u00ed.<\/p><\/div>\t\t\t\t\t\t\t\t<\/div>\n\t\t\t\t<div class=\"elementor-element elementor-element-iwgw-inti-ccb iwg-cc-button iwg-cc-cta-2026-05-13 elementor-widget elementor-widget-jet-button\" data-id=\"iwgw-inti-ccb\" data-element_type=\"widget\" data-e-type=\"widget\" data-widget_type=\"jet-button.default\">\n\t\t\t\t<div class=\"elementor-widget-container\">\n\t\t\t\t\t<div class=\"elementor-jet-button jet-elements\"><div class=\"jet-button__container\"><a class=\"jet-button__instance jet-button__instance--icon-left hover-effect-1\" href=\"\/ueber-iwell-guard\/?utm_source=iwell-guard.com&amp;utm_medium=info-box&amp;utm_campaign=wesen-tradition\"><div class=\"jet-button__plane jet-button__plane-normal\"><\/div><div class=\"jet-button__plane jet-button__plane-hover\"><\/div><div class=\"jet-button__state jet-button__state-normal\"><span class=\"jet-button__label\">V\u00edce o iWell Guard<\/span><\/div><div class=\"jet-button__state jet-button__state-hover\"><span class=\"jet-button__label\">V\u00edce o iWell Guard<\/span><\/div><\/a><\/div><\/div><style>.elementor-element.elementor-element-iwgw-inti-ccb .jet-button__instance{width:320px;height:56px;}.elementor-element.elementor-element-iwgw-inti-ccb .jet-button__state-normal .jet-button__label{text-align:center;margin:0px 0px 0px 0px;color:#1a1b20;font-family:Montserrat,sans-serif;font-size:13px;font-weight:400;letter-spacing:4px;line-height:1.714em;text-transform:uppercase;}.elementor-element.elementor-element-iwgw-inti-ccb .jet-button__state-hover .jet-button__label{text-align:center;margin:0px 0px 0px 0px;color:#FECC76;font-family:Montserrat,sans-serif;font-size:13px;font-weight:400;letter-spacing:4px;line-height:1.714em;text-transform:uppercase;}.elementor-element.elementor-element-iwgw-inti-ccb .jet-button__plane-normal{background-color:#FECC76;border-style:solid;border-color:#C99540;border-width:2px 2px 2px 2px;}.elementor-element.elementor-element-iwgw-inti-ccb .jet-button__plane-hover{background-color:rgba(0,0,0,0.55);border-style:solid;border-color:#FECC76;border-width:2px 2px 2px 2px;}<\/style>\t\t\t\t<\/div>\n\t\t\t\t<\/div>\n\t\t\t\t<div class=\"elementor-element elementor-element-iwgw-inti-ccd elementor-widget elementor-widget-text-editor\" data-id=\"iwgw-inti-ccd\" data-element_type=\"widget\" data-e-type=\"widget\" data-widget_type=\"text-editor.default\">\n\t\t\t\t\t\t\t\t\t<div data-nosnippet=\"true\"><p style=\"text-align:center;font-size:13px;opacity:0.7;margin-top:14px\" data-nosnippet=\"true\">Osobn\u00ed zku\u0161enosti se mohou li\u0161it. Nejedn\u00e1 se o zdravotnick\u00fd prost\u0159edek. Nen\u00ed slibem l\u00e9\u010div\u00e9ho \u00fa\u010dinku.<\/p><\/div>\t\t\t\t\t\t\t\t<\/div>\n\t\t\t\t\t<\/div>\n\t\t\t\t<\/div>\n\t\t\t\t\t<\/div>\n\t\t\t\t<\/div>\n\t\t<div class=\"elementor-element elementor-element-iwgw-inti-disc e-flex e-con-boxed e-con e-parent\" data-id=\"iwgw-inti-disc\" data-element_type=\"container\" data-e-type=\"container\">\n\t\t\t\t\t<div class=\"e-con-inner\">\n\t\t\t\t<div class=\"elementor-element elementor-element-iwgw-inti-discw elementor-widget elementor-widget-html\" data-id=\"iwgw-inti-discw\" data-element_type=\"widget\" data-e-type=\"widget\" data-widget_type=\"html.default\">\n\t\t\t\t\t<footer data-nosnippet=\"true\" class=\"iwg-disclaimer-block\"><p data-nosnippet=\"true\">iWell Guard <strong>nen\u00ed zdravotnick\u00fd prost\u0159edek<\/strong> a nenahrazuje l\u00e9ka\u0159skou ani psychoterapeutickou l\u00e9\u010dbu. Religionistick\u00fd obsah p\u0159edstavuje kulturn\u011b-historick\u00e9 za\u0159azen\u00ed, nikoli doporu\u010den\u00ed duchovn\u00ed praxe.<\/p><\/footer>\t\t\t\t<\/div>\n\t\t\t\t\t<\/div>\n\t\t\t\t<\/div>\n\t\t\t\t<\/div>\n\t\t","protected":false},"excerpt":{"rendered":"","protected":false},"author":3,"featured_media":2678,"parent":0,"menu_order":0,"comment_status":"closed","ping_status":"closed","template":"elementor_header_footer","meta":{"_yoast_wpseo_focuskw":"Inti insk\u00fd b\u016fh Slunce","_yoast_wpseo_title":"Inti \u2013 insk\u00fd b\u016fh Slunce a panteon","_yoast_wpseo_metadesc":"Inti, b\u016fh Slunce Ink\u016f, je pova\u017eov\u00e1n za otce vl\u00e1dnouc\u00ed dynastie a st\u0159edobod slavnosti Inti Raymi, st\u00e1tn\u00edho kultu vedle Viracochy a Mamy Killy.","_yoast_wpseo_meta-robots-noindex":"","_yoast_wpseo_canonical":"","_angie_page":false,"gefaehrdungsstufe":"2","wesen_kultur":"anden-inka","wesen_klasse":"goetter","footnotes":""},"categories":[],"class_list":["post-145446","page","type-page","status-publish","has-post-thumbnail","hentry"],"yoast_head":"<!-- This site is optimized with the Yoast SEO Premium plugin v27.7 (Yoast SEO v28.3) - https:\/\/yoast.com\/product\/yoast-seo-premium-wordpress\/ -->\n<title>Inti \u2013 insk\u00fd b\u016fh Slunce a panteon<\/title>\n<meta name=\"description\" content=\"Inti, b\u016fh Slunce Ink\u016f, je pova\u017eov\u00e1n za otce vl\u00e1dnouc\u00ed dynastie a st\u0159edobod slavnosti Inti Raymi, st\u00e1tn\u00edho kultu vedle Viracochy a Mamy Killy.\" \/>\n<meta name=\"robots\" content=\"index, follow, max-snippet:-1, max-image-preview:large, max-video-preview:-1\" \/>\n<link rel=\"canonical\" href=\"https:\/\/iwell-guard.com\/cs\/inti-buh-slunce-inku\/\" \/>\n<meta property=\"og:locale\" content=\"cs_CZ\" \/>\n<meta property=\"og:type\" content=\"article\" \/>\n<meta property=\"og:title\" content=\"Inti \u2013 b\u016fh Slunce Ink\u016f\" \/>\n<meta property=\"og:description\" content=\"Inti, b\u016fh Slunce Ink\u016f, je pova\u017eov\u00e1n za otce vl\u00e1dnouc\u00ed dynastie a st\u0159edobod slavnosti Inti Raymi, st\u00e1tn\u00edho kultu vedle Viracochy a Mamy Killy.\" \/>\n<meta property=\"og:url\" content=\"https:\/\/iwell-guard.com\/cs\/inti-buh-slunce-inku\/\" \/>\n<meta property=\"og:site_name\" content=\"iWell Guard\" \/>\n<meta property=\"article:modified_time\" content=\"2026-09-03T16:56:14+00:00\" \/>\n<meta property=\"og:image\" content=\"https:\/\/iwell-guard.com\/wp-content\/uploads\/2026\/05\/goetter_anden-inka_inti.webp\" \/>\n\t<meta property=\"og:image:width\" content=\"1024\" \/>\n\t<meta property=\"og:image:height\" content=\"1536\" \/>\n\t<meta property=\"og:image:type\" content=\"image\/webp\" \/>\n<meta name=\"twitter:card\" content=\"summary_large_image\" \/>\n<script type=\"application\/ld+json\" class=\"yoast-schema-graph\">{\"@context\":\"https:\\\/\\\/schema.org\",\"@graph\":[{\"@type\":\"WebPage\",\"@id\":\"https:\\\/\\\/iwell-guard.com\\\/cs\\\/inti-buh-slunce-inku\\\/\",\"url\":\"https:\\\/\\\/iwell-guard.com\\\/cs\\\/inti-buh-slunce-inku\\\/\",\"name\":\"Inti \u2013 insk\u00fd b\u016fh Slunce a panteon\",\"isPartOf\":{\"@id\":\"https:\\\/\\\/iwell-guard.com\\\/cs\\\/#website\"},\"primaryImageOfPage\":{\"@id\":\"https:\\\/\\\/iwell-guard.com\\\/cs\\\/inti-buh-slunce-inku\\\/#primaryimage\"},\"image\":{\"@id\":\"https:\\\/\\\/iwell-guard.com\\\/cs\\\/inti-buh-slunce-inku\\\/#primaryimage\"},\"thumbnailUrl\":\"https:\\\/\\\/iwell-guard.com\\\/wp-content\\\/uploads\\\/2026\\\/05\\\/goetter_anden-inka_inti.webp\",\"datePublished\":\"2026-09-03T16:30:29+00:00\",\"dateModified\":\"2026-09-03T16:56:14+00:00\",\"description\":\"Inti, b\u016fh Slunce Ink\u016f, je pova\u017eov\u00e1n za otce vl\u00e1dnouc\u00ed dynastie a st\u0159edobod slavnosti Inti Raymi, st\u00e1tn\u00edho kultu vedle Viracochy a Mamy Killy.\",\"breadcrumb\":{\"@id\":\"https:\\\/\\\/iwell-guard.com\\\/cs\\\/inti-buh-slunce-inku\\\/#breadcrumb\"},\"inLanguage\":\"cs\",\"potentialAction\":[{\"@type\":\"ReadAction\",\"target\":[\"https:\\\/\\\/iwell-guard.com\\\/cs\\\/inti-buh-slunce-inku\\\/\"]}]},{\"@type\":\"ImageObject\",\"inLanguage\":\"cs\",\"@id\":\"https:\\\/\\\/iwell-guard.com\\\/cs\\\/inti-buh-slunce-inku\\\/#primaryimage\",\"url\":\"https:\\\/\\\/iwell-guard.com\\\/wp-content\\\/uploads\\\/2026\\\/05\\\/goetter_anden-inka_inti.webp\",\"contentUrl\":\"https:\\\/\\\/iwell-guard.com\\\/wp-content\\\/uploads\\\/2026\\\/05\\\/goetter_anden-inka_inti.webp\",\"width\":1024,\"height\":1536,\"caption\":\"Bohov\u00e9 z andsko-inksk\u00e9 tradice.\"},{\"@type\":\"BreadcrumbList\",\"@id\":\"https:\\\/\\\/iwell-guard.com\\\/cs\\\/inti-buh-slunce-inku\\\/#breadcrumb\",\"itemListElement\":[{\"@type\":\"ListItem\",\"position\":1,\"name\":\"Start\",\"item\":\"https:\\\/\\\/iwell-guard.com\\\/cs\\\/?page_id=145107\"},{\"@type\":\"ListItem\",\"position\":2,\"name\":\"Inti \u2013 b\u016fh Slunce Ink\u016f\"}]},{\"@type\":\"WebSite\",\"@id\":\"https:\\\/\\\/iwell-guard.com\\\/cs\\\/#website\",\"url\":\"https:\\\/\\\/iwell-guard.com\\\/cs\\\/\",\"name\":\"iWell Guard\",\"description\":\"Schutz vor dunklen Einfl\u00fcssen\",\"publisher\":{\"@id\":\"https:\\\/\\\/iwell-guard.com\\\/cs\\\/#organization\"},\"potentialAction\":[{\"@type\":\"SearchAction\",\"target\":{\"@type\":\"EntryPoint\",\"urlTemplate\":\"https:\\\/\\\/iwell-guard.com\\\/cs\\\/?s={search_term_string}\"},\"query-input\":{\"@type\":\"PropertyValueSpecification\",\"valueRequired\":true,\"valueName\":\"search_term_string\"}}],\"inLanguage\":\"cs\"},{\"@type\":\"Organization\",\"@id\":\"https:\\\/\\\/iwell-guard.com\\\/cs\\\/#organization\",\"name\":\"Ittermann electronic GmbH\",\"url\":\"https:\\\/\\\/iwell-guard.com\\\/cs\\\/\",\"logo\":{\"@type\":\"ImageObject\",\"inLanguage\":\"cs\",\"@id\":\"https:\\\/\\\/iwell-guard.com\\\/cs\\\/#\\\/schema\\\/logo\\\/image\\\/\",\"url\":\"https:\\\/\\\/iwell-guard.com\\\/wp-content\\\/uploads\\\/2026\\\/05\\\/Ittermann-Logo-1182x237-1.png\",\"contentUrl\":\"https:\\\/\\\/iwell-guard.com\\\/wp-content\\\/uploads\\\/2026\\\/05\\\/Ittermann-Logo-1182x237-1.png\",\"width\":1182,\"height\":237,\"caption\":\"Ittermann electronic GmbH\"},\"image\":{\"@id\":\"https:\\\/\\\/iwell-guard.com\\\/cs\\\/#\\\/schema\\\/logo\\\/image\\\/\"},\"sameAs\":[\"https:\\\/\\\/pantip.com\\\/profile\\\/9367242\",\"https:\\\/\\\/micro.blog\\\/iwellguard\",\"https:\\\/\\\/www.diggerslist.com\\\/iwellguard\\\/about\",\"https:\\\/\\\/skitterphoto.com\\\/photographers\\\/2870314\\\/iwell-guard\",\"https:\\\/\\\/iwellguard.wordpress.com\\\/2026\\\/06\\\/06\\\/iwell-guard\\\/\",\"https:\\\/\\\/hub.docker.com\\\/u\\\/iwellguard\",\"https:\\\/\\\/www.pinterest.com\\\/iwellguard\\\/\",\"https:\\\/\\\/bit.ly\\\/m\\\/iwellguard\",\"https:\\\/\\\/entre-vos-mains.alsace.eu\\\/profiles\\\/iwellguard\\\/activity\",\"https:\\\/\\\/gravatar.com\\\/reallybeded8fd34\",\"https:\\\/\\\/naijamatta.com\\\/iwellguard\",\"https:\\\/\\\/www.goodreads.com\\\/iwellguard\",\"https:\\\/\\\/profile.hatena.ne.jp\\\/iwellguard\\\/\",\"https:\\\/\\\/experiment.com\\\/users\\\/iwellguard\",\"https:\\\/\\\/wakelet.com\\\/@iWellGuard82270\",\"https:\\\/\\\/www.chordie.com\\\/forum\\\/profile.php?id=2555664\",\"https:\\\/\\\/www.instapaper.com\\\/p\\\/17757966\",\"https:\\\/\\\/www.mapleprimes.com\\\/users\\\/iwellguard\",\"https:\\\/\\\/businesslistingplus.com\\\/profile\\\/iwell-guard\\\/\",\"https:\\\/\\\/telegra.ph\\\/iWell-Guard-06-06\",\"https:\\\/\\\/pbase.com\\\/iwellguard\\\/iwellguard\",\"https:\\\/\\\/b.hatena.ne.jp\\\/iwellguard\\\/20260607#bookmark-4788405196491818882\",\"https:\\\/\\\/fliphtml5.com\\\/home\\\/iwellguard\",\"https:\\\/\\\/anyflip.com\\\/homepage\\\/cmiwl#About\",\"https:\\\/\\\/transfur.com\\\/Users\\\/iwellguard\",\"http:\\\/\\\/delphi.larsbo.org\\\/user\\\/iwellguard\",\"https:\\\/\\\/jobs.lajobsportal.org\\\/profiles\\\/8380803-iwell-guard\",\"https:\\\/\\\/md.chaosdorf.de\\\/s\\\/jfbe5SBdJD\",\"https:\\\/\\\/www.lingvolive.com\\\/en-us\\\/profile\\\/9ecaeaca-ce11-4e51-9e71-01d55e2bff36\\\/translations\",\"https:\\\/\\\/www.fitday.com\\\/fitness\\\/forums\\\/members\\\/iwellguard.html\",\"https:\\\/\\\/www.mymeetbook.com\\\/iwellguard\",\"https:\\\/\\\/pxhere.com\\\/en\\\/photographer-me\\\/5040798\",\"https:\\\/\\\/disqus.com\\\/by\\\/iwellguard\\\/about\\\/\",\"https:\\\/\\\/pastelink.net\\\/hjwciqwq\",\"https:\\\/\\\/pubhtml5.com\\\/homepage\\\/scjhn\\\/\",\"https:\\\/\\\/www.bitchute.com\\\/channel\\\/2O2eOKzNqujT\",\"https:\\\/\\\/audiomack.com\\\/iwellguard\"]},{\"@type\":\"Article\",\"@id\":\"https:\\\/\\\/iwell-guard.com\\\/cs\\\/inti-buh-slunce-inku\\\/#article\",\"isPartOf\":{\"@id\":\"https:\\\/\\\/iwell-guard.com\\\/cs\\\/inti-buh-slunce-inku\\\/\"},\"author\":{\"name\":\"Ralf Ittermann\",\"@id\":\"https:\\\/\\\/iwell-guard.com\\\/cs\\\/#\\\/schema\\\/person\\\/ee2a27f1cac3406c7c6fb5820cb7349f\"},\"headline\":\"Inti \u2013 b\u016fh Slunce Ink\u016f\",\"datePublished\":\"2026-09-03T16:30:29+00:00\",\"dateModified\":\"2026-09-03T16:56:14+00:00\",\"mainEntityOfPage\":{\"@id\":\"https:\\\/\\\/iwell-guard.com\\\/cs\\\/inti-buh-slunce-inku\\\/\"},\"publisher\":{\"@id\":\"https:\\\/\\\/iwell-guard.com\\\/cs\\\/#organization\"},\"image\":{\"@id\":\"https:\\\/\\\/iwell-guard.com\\\/cs\\\/inti-buh-slunce-inku\\\/#primaryimage\"},\"thumbnailUrl\":\"https:\\\/\\\/iwell-guard.com\\\/wp-content\\\/uploads\\\/2026\\\/05\\\/goetter_anden-inka_inti.webp\",\"inLanguage\":\"cs\",\"description\":\"Inti, b\u016fh Slunce Ink\u016f, je pova\u017eov\u00e1n za otce vl\u00e1dnouc\u00ed dynastie a st\u0159edobod slavnosti Inti Raymi, st\u00e1tn\u00edho kultu vedle Viracochy a Mamy Killy.\"}]}<\/script>\n<!-- \/ Yoast SEO Premium plugin. -->","yoast_head_json":{"title":"Inti \u2013 insk\u00fd b\u016fh Slunce a panteon","description":"Inti, b\u016fh Slunce Ink\u016f, je pova\u017eov\u00e1n za otce vl\u00e1dnouc\u00ed dynastie a st\u0159edobod slavnosti Inti Raymi, st\u00e1tn\u00edho kultu vedle Viracochy a Mamy Killy.","robots":{"index":"index","follow":"follow","max-snippet":"max-snippet:-1","max-image-preview":"max-image-preview:large","max-video-preview":"max-video-preview:-1"},"canonical":"https:\/\/iwell-guard.com\/cs\/inti-buh-slunce-inku\/","og_locale":"cs_CZ","og_type":"article","og_title":"Inti \u2013 b\u016fh Slunce Ink\u016f","og_description":"Inti, b\u016fh Slunce Ink\u016f, je pova\u017eov\u00e1n za otce vl\u00e1dnouc\u00ed dynastie a st\u0159edobod slavnosti Inti Raymi, st\u00e1tn\u00edho kultu vedle Viracochy a Mamy Killy.","og_url":"https:\/\/iwell-guard.com\/cs\/inti-buh-slunce-inku\/","og_site_name":"iWell Guard","article_modified_time":"2026-09-03T16:56:14+00:00","og_image":[{"width":1024,"height":1536,"url":"https:\/\/iwell-guard.com\/wp-content\/uploads\/2026\/05\/goetter_anden-inka_inti.webp","type":"image\/webp"}],"twitter_card":"summary_large_image","schema":{"@context":"https:\/\/schema.org","@graph":[{"@type":"Article","@id":"https:\/\/iwell-guard.com\/cs\/inti-buh-slunce-inku\/#article","isPartOf":{"@id":"https:\/\/iwell-guard.com\/cs\/inti-buh-slunce-inku\/"},"author":{"name":"Ralf Ittermann","@id":"https:\/\/iwell-guard.com\/cs\/#\/schema\/person\/ee2a27f1cac3406c7c6fb5820cb7349f"},"headline":"Inti \u2013 b\u016fh Slunce Ink\u016f","datePublished":"2026-09-03T16:30:29+00:00","dateModified":"2026-09-03T16:56:14+00:00","mainEntityOfPage":{"@id":"https:\/\/iwell-guard.com\/cs\/inti-buh-slunce-inku\/"},"publisher":{"@id":"https:\/\/iwell-guard.com\/cs\/#organization"},"image":{"@id":"https:\/\/iwell-guard.com\/cs\/inti-buh-slunce-inku\/#primaryimage"},"thumbnailUrl":"https:\/\/iwell-guard.com\/wp-content\/uploads\/2026\/05\/goetter_anden-inka_inti.webp","inLanguage":"cs","description":"Inti, b\u016fh Slunce Ink\u016f, je pova\u017eov\u00e1n za otce vl\u00e1dnouc\u00ed dynastie a st\u0159edobod slavnosti Inti Raymi, st\u00e1tn\u00edho kultu vedle Viracochy a Mamy Killy."},{"@type":"WebPage","@id":"https:\/\/iwell-guard.com\/cs\/inti-buh-slunce-inku\/","url":"https:\/\/iwell-guard.com\/cs\/inti-buh-slunce-inku\/","name":"Inti \u2013 insk\u00fd b\u016fh Slunce a panteon","isPartOf":{"@id":"https:\/\/iwell-guard.com\/cs\/#website"},"primaryImageOfPage":{"@id":"https:\/\/iwell-guard.com\/cs\/inti-buh-slunce-inku\/#primaryimage"},"image":{"@id":"https:\/\/iwell-guard.com\/cs\/inti-buh-slunce-inku\/#primaryimage"},"thumbnailUrl":"https:\/\/iwell-guard.com\/wp-content\/uploads\/2026\/05\/goetter_anden-inka_inti.webp","datePublished":"2026-09-03T16:30:29+00:00","dateModified":"2026-09-03T16:56:14+00:00","description":"Inti, b\u016fh Slunce Ink\u016f, je pova\u017eov\u00e1n za otce vl\u00e1dnouc\u00ed dynastie a st\u0159edobod slavnosti Inti Raymi, st\u00e1tn\u00edho kultu vedle Viracochy a Mamy Killy.","breadcrumb":{"@id":"https:\/\/iwell-guard.com\/cs\/inti-buh-slunce-inku\/#breadcrumb"},"inLanguage":"cs","potentialAction":[{"@type":"ReadAction","target":["https:\/\/iwell-guard.com\/cs\/inti-buh-slunce-inku\/"]}]},{"@type":"ImageObject","inLanguage":"cs","@id":"https:\/\/iwell-guard.com\/cs\/inti-buh-slunce-inku\/#primaryimage","url":"https:\/\/iwell-guard.com\/wp-content\/uploads\/2026\/05\/goetter_anden-inka_inti.webp","contentUrl":"https:\/\/iwell-guard.com\/wp-content\/uploads\/2026\/05\/goetter_anden-inka_inti.webp","width":1024,"height":1536,"caption":"Bohov\u00e9 z andsko-inksk\u00e9 tradice."},{"@type":"BreadcrumbList","@id":"https:\/\/iwell-guard.com\/cs\/inti-buh-slunce-inku\/#breadcrumb","itemListElement":[{"@type":"ListItem","position":1,"name":"Start","item":"https:\/\/iwell-guard.com\/cs\/?page_id=145107"},{"@type":"ListItem","position":2,"name":"Inti \u2013 b\u016fh Slunce Ink\u016f"}]},{"@type":"WebSite","@id":"https:\/\/iwell-guard.com\/cs\/#website","url":"https:\/\/iwell-guard.com\/cs\/","name":"iWell Guard","description":"Schutz vor dunklen Einfl\u00fcssen","publisher":{"@id":"https:\/\/iwell-guard.com\/cs\/#organization"},"potentialAction":[{"@type":"SearchAction","target":{"@type":"EntryPoint","urlTemplate":"https:\/\/iwell-guard.com\/cs\/?s={search_term_string}"},"query-input":{"@type":"PropertyValueSpecification","valueRequired":true,"valueName":"search_term_string"}}],"inLanguage":"cs"},{"@type":"Organization","@id":"https:\/\/iwell-guard.com\/cs\/#organization","name":"Ittermann electronic GmbH","url":"https:\/\/iwell-guard.com\/cs\/","logo":{"@type":"ImageObject","inLanguage":"cs","@id":"https:\/\/iwell-guard.com\/cs\/#\/schema\/logo\/image\/","url":"https:\/\/iwell-guard.com\/wp-content\/uploads\/2026\/05\/Ittermann-Logo-1182x237-1.png","contentUrl":"https:\/\/iwell-guard.com\/wp-content\/uploads\/2026\/05\/Ittermann-Logo-1182x237-1.png","width":1182,"height":237,"caption":"Ittermann electronic GmbH"},"image":{"@id":"https:\/\/iwell-guard.com\/cs\/#\/schema\/logo\/image\/"},"sameAs":["https:\/\/pantip.com\/profile\/9367242","https:\/\/micro.blog\/iwellguard","https:\/\/www.diggerslist.com\/iwellguard\/about","https:\/\/skitterphoto.com\/photographers\/2870314\/iwell-guard","https:\/\/iwellguard.wordpress.com\/2026\/06\/06\/iwell-guard\/","https:\/\/hub.docker.com\/u\/iwellguard","https:\/\/www.pinterest.com\/iwellguard\/","https:\/\/bit.ly\/m\/iwellguard","https:\/\/entre-vos-mains.alsace.eu\/profiles\/iwellguard\/activity","https:\/\/gravatar.com\/reallybeded8fd34","https:\/\/naijamatta.com\/iwellguard","https:\/\/www.goodreads.com\/iwellguard","https:\/\/profile.hatena.ne.jp\/iwellguard\/","https:\/\/experiment.com\/users\/iwellguard","https:\/\/wakelet.com\/@iWellGuard82270","https:\/\/www.chordie.com\/forum\/profile.php?id=2555664","https:\/\/www.instapaper.com\/p\/17757966","https:\/\/www.mapleprimes.com\/users\/iwellguard","https:\/\/businesslistingplus.com\/profile\/iwell-guard\/","https:\/\/telegra.ph\/iWell-Guard-06-06","https:\/\/pbase.com\/iwellguard\/iwellguard","https:\/\/b.hatena.ne.jp\/iwellguard\/20260607#bookmark-4788405196491818882","https:\/\/fliphtml5.com\/home\/iwellguard","https:\/\/anyflip.com\/homepage\/cmiwl#About","https:\/\/transfur.com\/Users\/iwellguard","http:\/\/delphi.larsbo.org\/user\/iwellguard","https:\/\/jobs.lajobsportal.org\/profiles\/8380803-iwell-guard","https:\/\/md.chaosdorf.de\/s\/jfbe5SBdJD","https:\/\/www.lingvolive.com\/en-us\/profile\/9ecaeaca-ce11-4e51-9e71-01d55e2bff36\/translations","https:\/\/www.fitday.com\/fitness\/forums\/members\/iwellguard.html","https:\/\/www.mymeetbook.com\/iwellguard","https:\/\/pxhere.com\/en\/photographer-me\/5040798","https:\/\/disqus.com\/by\/iwellguard\/about\/","https:\/\/pastelink.net\/hjwciqwq","https:\/\/pubhtml5.com\/homepage\/scjhn\/","https:\/\/www.bitchute.com\/channel\/2O2eOKzNqujT","https:\/\/audiomack.com\/iwellguard"]},{"@type":"Person","@id":"https:\/\/iwell-guard.com\/cs\/#\/schema\/person\/ee2a27f1cac3406c7c6fb5820cb7349f","name":"Ralf Ittermann","image":{"@type":"ImageObject","inLanguage":"cs","@id":"https:\/\/secure.gravatar.com\/avatar\/073c0153e350a5005b68eb752b445fea71f6b24a26da9449ad7e155e6b446c9d?s=96&d=mm&r=g","url":"https:\/\/secure.gravatar.com\/avatar\/073c0153e350a5005b68eb752b445fea71f6b24a26da9449ad7e155e6b446c9d?s=96&d=mm&r=g","contentUrl":"https:\/\/secure.gravatar.com\/avatar\/073c0153e350a5005b68eb752b445fea71f6b24a26da9449ad7e155e6b446c9d?s=96&d=mm&r=g","caption":"Ralf Ittermann"},"givenName":"Ralf","familyName":"Ittermann","jobTitle":"Gesch\u00e4ftsf\u00fchrer und redaktioneller Verantwortlicher","url":"https:\/\/iwell-guard.com\/cs\/author\/claude\/","description":"Ralf Ittermann ist Gesch\u00e4ftsf\u00fchrer der Ittermann electronic GmbH und redaktioneller Verantwortlicher des iWell-Guard-Lexikons. Er verbindet langj\u00e4hrige Erfahrung in der Pr\u00e4zisionsfertigung mit medialer Praxis und religionsgeschichtlicher Quellenarbeit.","worksFor":{"@type":"Organization","name":"Ittermann electronic GmbH","url":"https:\/\/ittermann.de\/","address":{"@type":"PostalAddress","streetAddress":"K\u00f6hlergasse 16-18","postalCode":"99842","addressLocality":"Ruhla","addressCountry":"DE"}},"knowsAbout":["Religionsgeschichte","Mythologie","Mediale Praxis","Energetische Diagnostik","Schutzpraxis","Volksglauben","Westliche Esoterik"]},{"@type":"Article","@id":"https:\/\/iwell-guard.com\/cs\/inti-buh-slunce-inku\/#article","isPartOf":{"@id":"https:\/\/iwell-guard.com\/cs\/inti-buh-slunce-inku\/"},"author":{"name":"Ralf Ittermann","@id":"https:\/\/iwell-guard.com\/cs\/#\/schema\/person\/ee2a27f1cac3406c7c6fb5820cb7349f"},"headline":"Inti \u2013 b\u016fh Slunce Ink\u016f","datePublished":"2026-09-03T16:30:29+00:00","dateModified":"2026-09-03T16:56:14+00:00","mainEntityOfPage":{"@id":"https:\/\/iwell-guard.com\/cs\/inti-buh-slunce-inku\/"},"publisher":{"@id":"https:\/\/iwell-guard.com\/cs\/#organization"},"image":{"@id":"https:\/\/iwell-guard.com\/cs\/inti-buh-slunce-inku\/#primaryimage"},"thumbnailUrl":"https:\/\/iwell-guard.com\/wp-content\/uploads\/2026\/05\/goetter_anden-inka_inti.webp","inLanguage":"cs","description":"Inti, b\u016fh Slunce Ink\u016f, je pova\u017eov\u00e1n za otce vl\u00e1dnouc\u00ed dynastie a st\u0159edobod slavnosti Inti Raymi, st\u00e1tn\u00edho kultu vedle Viracochy a Mamy Killy."}]}},"_links":{"self":[{"href":"https:\/\/iwell-guard.com\/cs\/wp-json\/wp\/v2\/pages\/145446","targetHints":{"allow":["GET"]}}],"collection":[{"href":"https:\/\/iwell-guard.com\/cs\/wp-json\/wp\/v2\/pages"}],"about":[{"href":"https:\/\/iwell-guard.com\/cs\/wp-json\/wp\/v2\/types\/page"}],"author":[{"embeddable":true,"href":"https:\/\/iwell-guard.com\/cs\/wp-json\/wp\/v2\/users\/3"}],"replies":[{"embeddable":true,"href":"https:\/\/iwell-guard.com\/cs\/wp-json\/wp\/v2\/comments?post=145446"}],"version-history":[{"count":0,"href":"https:\/\/iwell-guard.com\/cs\/wp-json\/wp\/v2\/pages\/145446\/revisions"}],"wp:featuredmedia":[{"embeddable":true,"href":"https:\/\/iwell-guard.com\/cs\/wp-json\/wp\/v2\/media\/2678"}],"wp:attachment":[{"href":"https:\/\/iwell-guard.com\/cs\/wp-json\/wp\/v2\/media?parent=145446"}],"wp:term":[{"taxonomy":"category","embeddable":true,"href":"https:\/\/iwell-guard.com\/cs\/wp-json\/wp\/v2\/categories?post=145446"}],"curies":[{"name":"wp","href":"https:\/\/api.w.org\/{rel}","templated":true}]}}