{"id":145436,"date":"2026-09-03T16:30:24","date_gmt":"2026-09-03T16:30:24","guid":{"rendered":"https:\/\/iwell-guard.com\/?page_id=145436"},"modified":"2026-09-03T16:55:58","modified_gmt":"2026-09-03T16:55:58","slug":"andske-kultury-inkove-inti-pachamama-viracocha","status":"publish","type":"page","link":"https:\/\/iwell-guard.com\/cs\/andske-kultury-inkove-inti-pachamama-viracocha\/","title":{"rendered":"Andsk\u00e9 kultury a Inkov\u00e9 \u2013 Inti, Pachamama a Viracocha"},"content":{"rendered":"\t\t<div data-elementor-type=\"wp-page\" data-elementor-id=\"145436\" class=\"elementor elementor-145436 elementor-2564 elementor-bc-flex-widget\" data-elementor-post-type=\"page\">\n\t\t\t\t<div class=\"elementor-element elementor-element-iwgcn-andeninka-hero iwg-kultur-hero e-flex e-con-boxed e-con e-parent\" data-id=\"iwgcn-andeninka-hero\" data-element_type=\"container\" data-e-type=\"container\">\n\t\t\t\t\t<div class=\"e-con-inner\">\n\t\t<div class=\"elementor-element elementor-element-iwgcn-andeninka-hl iwg-kultur-hero-left e-flex e-con-boxed e-con e-child\" data-id=\"iwgcn-andeninka-hl\" data-element_type=\"container\" data-e-type=\"container\">\n\t\t\t\t\t<div class=\"e-con-inner\">\n\t\t\t\t<div class=\"elementor-element elementor-element-iwgcn-andeninka-h1 elementor-widget elementor-widget-heading\" data-id=\"iwgcn-andeninka-h1\" data-element_type=\"widget\" data-e-type=\"widget\" data-widget_type=\"heading.default\">\n\t\t\t\t\t<h1 class=\"elementor-heading-title elementor-size-default\">Andsk\u00e9 kultury, Inkov\u00e9, Pachamama a chakana<\/h1>\t\t\t\t<\/div>\n\t\t<div class=\"elementor-element elementor-element-iwgcn-andeninka-leadc e-con-full e-flex e-con e-child\" data-id=\"iwgcn-andeninka-leadc\" data-element_type=\"container\" data-e-type=\"container\">\n\t\t\t\t<div class=\"elementor-element elementor-element-iwgcn-andeninka-lead elementor-widget elementor-widget-text-editor\" data-id=\"iwgcn-andeninka-lead\" data-element_type=\"widget\" data-e-type=\"widget\" data-widget_type=\"text-editor.default\">\n\t\t\t\t\t\t\t\t\t<p>Andsk\u00e1 oblast, od Kolumbie po severn\u00ed Chile, host\u00ed od t\u0159et\u00edho tis\u00edcilet\u00ed p\u0159. n. l. komplexn\u00ed vysp\u011bl\u00e9 kultury: Caral, Chav\u00edn, Mochica, Nazca, Wari, Tiwanaku a kone\u010dn\u011b Inky. Ke\u010du\u00e1nsky a aymarsky mluv\u00edc\u00ed spole\u010denstv\u00ed dodnes udr\u017euj\u00ed n\u00e1bo\u017eensk\u00e9 tradice, v nich\u017e jsou zemsk\u00e1 matka Pachamama, slune\u010dn\u00ed bo\u017estvo Inti a hory (apu) kl\u00ed\u010dov\u00fdmi body odkazu.<\/p><p>Andsk\u00e1 ochrann\u00e1 praxe je pops\u00e1na v samostatn\u00e9 \u010d\u00e1sti.<\/p>\t\t\t\t\t\t\t\t<\/div>\n\t\t\t\t<\/div>\n\t\t\t\t\t<\/div>\n\t\t\t\t<\/div>\n\t\t<div class=\"elementor-element elementor-element-iwgcn-andeninka-hr iwg-kultur-hero-right e-flex e-con-boxed e-con e-child\" data-id=\"iwgcn-andeninka-hr\" data-element_type=\"container\" data-e-type=\"container\">\n\t\t\t\t\t<div class=\"e-con-inner\">\n\t\t\t\t<div class=\"elementor-element elementor-element-iwgcn-andeninka-himg iwg-hero-image elementor-widget elementor-widget-image\" data-id=\"iwgcn-andeninka-himg\" data-element_type=\"widget\" data-e-type=\"widget\" data-widget_type=\"image.default\">\n\t\t\t\t\t\t\t\t\t\t\t\t\t\t\t<img fetchpriority=\"high\" decoding=\"async\" width=\"683\" height=\"1024\" src=\"https:\/\/iwell-guard.com\/wp-content\/uploads\/2026\/05\/goetter_anden-inka_illapa-683x1024.webp\" class=\"attachment-large size-large wp-image-2677\" alt=\"Andsk\u00e9 kultury a Inkov\u00e9 \u2013 Inti, Pachamama a Viracocha\" srcset=\"https:\/\/iwell-guard.com\/wp-content\/uploads\/2026\/05\/goetter_anden-inka_illapa-683x1024.webp 683w, https:\/\/iwell-guard.com\/wp-content\/uploads\/2026\/05\/goetter_anden-inka_illapa-200x300.webp 200w, https:\/\/iwell-guard.com\/wp-content\/uploads\/2026\/05\/goetter_anden-inka_illapa-768x1152.webp 768w, https:\/\/iwell-guard.com\/wp-content\/uploads\/2026\/05\/goetter_anden-inka_illapa.webp 1024w\" sizes=\"(max-width: 683px) 100vw, 683px\" \/>\t\t\t\t\t\t\t\t\t\t\t\t\t\t\t<\/div>\n\t\t\t\t\t<\/div>\n\t\t\t\t<\/div>\n\t\t\t\t\t<\/div>\n\t\t\t\t<\/div>\n\t\t<div class=\"elementor-element elementor-element-iwgcn-andeninka-s0 e-flex e-con-boxed e-con e-parent\" data-id=\"iwgcn-andeninka-s0\" data-element_type=\"container\" data-e-type=\"container\">\n\t\t\t\t\t<div class=\"e-con-inner\">\n\t\t\t\t<div class=\"elementor-element elementor-element-iwgcn-andeninka-s0h elementor-widget elementor-widget-heading\" data-id=\"iwgcn-andeninka-s0h\" data-element_type=\"widget\" data-e-type=\"widget\" data-widget_type=\"heading.default\">\n\t\t\t\t\t<h2 class=\"elementor-heading-title elementor-size-default\">Historick\u00e9 f\u00e1ze, doba p\u0159ed Inky a Inkov\u00e9<\/h2>\t\t\t\t<\/div>\n\t\t<div class=\"elementor-element elementor-element-iwgcn-andeninka-s0-c e-con-full e-flex e-con e-child\" data-id=\"iwgcn-andeninka-s0-c\" data-element_type=\"container\" data-e-type=\"container\">\n\t\t\t\t<div class=\"elementor-element elementor-element-iwgcn-andeninka-s0t elementor-widget elementor-widget-text-editor\" data-id=\"iwgcn-andeninka-s0t\" data-element_type=\"widget\" data-e-type=\"widget\" data-widget_type=\"text-editor.default\">\n\t\t\t\t\t\t\t\t\t<p>Dlouho p\u0159ed Inky vytvo\u0159ily andsk\u00e9 spole\u010dnosti n\u00e1bo\u017eensk\u00e9 komplexy: Caral jako nejstar\u0161\u00ed chr\u00e1mov\u00e9 m\u00edsto Nov\u00e9ho sv\u011bta (od cca 2600 p\u0159. n. l.), Chav\u00edn de Hu\u00e1ntar (1200\u2013500 p\u0159. n. l.) s <span class=\"iwg-fachbegriff\" data-tooltip=\"Vzp\u0159\u00edmen\u011b stoj\u00edc\u00ed, popsan\u00e1 nebo vyobrazen\u00e1 kamenn\u00e1 \u010di d\u0159ev\u011bn\u00e1 deska.\" tabindex=\"0\">st\u00e9lou<\/span> Lanz\u00f3n jako centr\u00e1ln\u00edm kultovn\u00edm p\u0159edm\u011btem, Mochica (100\u2013800 n. l.) s pyramidami huaca a ob\u011btn\u00ed prax\u00ed, Tiwanaku u jezera Titicaca jako kosmologick\u00e9 centrum se Slune\u010dn\u00ed branou a ikonografi\u00ed Viracochy.<\/p><p>Inkov\u00e9 (p\u0159ibli\u017en\u011b 1438\u20131533 n. l.) se ch\u00e1pali jako n\u00e1stupci a syntetiz\u00e1to\u0159i t\u011bchto tradic.<\/p>\t\t\t\t\t\t\t\t<\/div>\n\t\t\t\t<\/div>\n\t\t\t\t\t<\/div>\n\t\t\t\t<\/div>\n\t\t<div class=\"elementor-element elementor-element-iwgcn-andeninka-s1 e-flex e-con-boxed e-con e-parent\" data-id=\"iwgcn-andeninka-s1\" data-element_type=\"container\" data-e-type=\"container\">\n\t\t\t\t\t<div class=\"e-con-inner\">\n\t\t\t\t<div class=\"elementor-element elementor-element-iwgcn-andeninka-s1h elementor-widget elementor-widget-heading\" data-id=\"iwgcn-andeninka-s1h\" data-element_type=\"widget\" data-e-type=\"widget\" data-widget_type=\"heading.default\">\n\t\t\t\t\t<h2 class=\"elementor-heading-title elementor-size-default\">Inti, Pachamama, Viracocha, panteon Ink\u016f<\/h2>\t\t\t\t<\/div>\n\t\t<div class=\"elementor-element elementor-element-iwgcn-andeninka-s1-c e-con-full e-flex e-con e-child\" data-id=\"iwgcn-andeninka-s1-c\" data-element_type=\"container\" data-e-type=\"container\">\n\t\t\t\t<div class=\"elementor-element elementor-element-iwgcn-andeninka-s1t elementor-widget elementor-widget-text-editor\" data-id=\"iwgcn-andeninka-s1t\" data-element_type=\"widget\" data-e-type=\"widget\" data-widget_type=\"text-editor.default\">\n\t\t\t\t\t\t\t\t\t<p>Inti, slune\u010dn\u00ed b\u016fh, je pova\u017eov\u00e1n za otce inkovsk\u00e9 vl\u00e1dnouc\u00ed dynastie. Pachamama (matka Zem\u011b) je \u00fast\u0159edn\u00ed \u017eensk\u00e9 <span class=\"iwg-fachbegriff\" data-tooltip=\"Bytost uct\u00edvan\u00e1 v r\u00e1mci n\u00e1bo\u017eenstv\u00ed jako bo\u017esk\u00e1.\" tabindex=\"0\">bo\u017estvo<\/span>, odpov\u011bdn\u00e9 za plodnost pol\u00ed a zv\u00ed\u0159at.<\/p><p>Viracocha vystupuje jako stvo\u0159itel v\u0161ech v\u011bc\u00ed, vystoupil z jezera Titicaca, stvo\u0159il slunce a m\u011bs\u00edc, stvo\u0159il lidi. Mama Killa (bohyn\u011b m\u011bs\u00edce) je sestrou a man\u017eelkou Intiho. Pachakamak je samostatn\u00e9 panandsk\u00e9 <span class=\"iwg-fachbegriff\" data-tooltip=\"Bytost uct\u00edvan\u00e1 v r\u00e1mci n\u00e1bo\u017eenstv\u00ed jako bo\u017esk\u00e1.\" tabindex=\"0\">bo\u017estvo<\/span> (Zem\u011b, zem\u011bt\u0159esen\u00ed), jeho\u017e <span class=\"iwg-fachbegriff\" data-tooltip=\"M\u00edsto zasv\u011bcen\u00e9 uct\u00edv\u00e1n\u00ed bo\u017estva.\" tabindex=\"0\">svatyn\u011b<\/span> u Limy byla poutn\u00edm m\u00edstem po cel\u00e1 tis\u00edcilet\u00ed.<\/p>\t\t\t\t\t\t\t\t<\/div>\n\t\t\t\t<\/div>\n\t\t\t\t\t<\/div>\n\t\t\t\t<\/div>\n\t\t<div class=\"elementor-element elementor-element-iwgcn-andeninka-s2 e-flex e-con-boxed e-con e-parent\" data-id=\"iwgcn-andeninka-s2\" data-element_type=\"container\" data-e-type=\"container\">\n\t\t\t\t\t<div class=\"e-con-inner\">\n\t\t\t\t<div class=\"elementor-element elementor-element-iwgcn-andeninka-s2h elementor-widget elementor-widget-heading\" data-id=\"iwgcn-andeninka-s2h\" data-element_type=\"widget\" data-e-type=\"widget\" data-widget_type=\"heading.default\">\n\t\t\t\t\t<h2 class=\"elementor-heading-title elementor-size-default\">Apu, hory jako \u017eiv\u00e9 bytosti<\/h2>\t\t\t\t<\/div>\n\t\t<div class=\"elementor-element elementor-element-iwgcn-andeninka-s2-c e-con-full e-flex e-con e-child\" data-id=\"iwgcn-andeninka-s2-c\" data-element_type=\"container\" data-e-type=\"container\">\n\t\t\t\t<div class=\"elementor-element elementor-element-iwgcn-andeninka-s2t elementor-widget elementor-widget-text-editor\" data-id=\"iwgcn-andeninka-s2t\" data-element_type=\"widget\" data-e-type=\"widget\" data-widget_type=\"text-editor.default\">\n\t\t\t\t\t\t\t\t\t<p>Hory (apu) nejsou v andsk\u00e9 p\u0159edstav\u011b prvky krajiny, ale \u017eiv\u00fdmi bytostmi s vlastn\u00ed osobnost\u00ed, pohlav\u00edm a hierarchi\u00ed. V\u00fdznamn\u00e9 apu: Ausangate (region Cusco), Salkantay, Illimani (La Paz), Huayna Picchu, Chimborazo (Ekv\u00e1dor). Uct\u00edvaj\u00ed se despacho ob\u011btinami (ob\u0159adn\u00edmi bal\u00ed\u010dky s koka listy, kuku\u0159i\u010dn\u00fdmi vl\u00e1sky, sladkostmi, sladk\u00fdmi v\u00edny). Tato praxe je \u017eiv\u00e1 i dnes ve venkovsk\u00fdch ke\u010du\u00e1nsky a aymarsky mluv\u00edc\u00edch komunit\u00e1ch.<\/p>\t\t\t\t\t\t\t\t<\/div>\n\t\t\t\t<\/div>\n\t\t\t\t\t<\/div>\n\t\t\t\t<\/div>\n\t\t<div class=\"elementor-element elementor-element-iwgcn-andeninka-s3 e-flex e-con-boxed e-con e-parent\" data-id=\"iwgcn-andeninka-s3\" data-element_type=\"container\" data-e-type=\"container\">\n\t\t\t\t\t<div class=\"e-con-inner\">\n\t\t\t\t<div class=\"elementor-element elementor-element-iwgcn-andeninka-s3h elementor-widget elementor-widget-heading\" data-id=\"iwgcn-andeninka-s3h\" data-element_type=\"widget\" data-e-type=\"widget\" data-widget_type=\"heading.default\">\n\t\t\t\t\t<h2 class=\"elementor-heading-title elementor-size-default\">Chakana, andsk\u00fd k\u0159\u00ed\u017e<\/h2>\t\t\t\t<\/div>\n\t\t<div class=\"elementor-element elementor-element-iwgcn-andeninka-s3-c e-con-full e-flex e-con e-child\" data-id=\"iwgcn-andeninka-s3-c\" data-element_type=\"container\" data-e-type=\"container\">\n\t\t\t\t<div class=\"elementor-element elementor-element-iwgcn-andeninka-s3t elementor-widget elementor-widget-text-editor\" data-id=\"iwgcn-andeninka-s3t\" data-element_type=\"widget\" data-e-type=\"widget\" data-widget_type=\"text-editor.default\">\n\t\t\t\t\t\t\t\t\t<p>Chakana, stup\u0148ovit\u00fd \u010dty\u0159ramenn\u00fd andsk\u00fd k\u0159\u00ed\u017e, je nejv\u00fdrazn\u011bj\u0161\u00edm <span class=\"iwg-fachbegriff\" data-tooltip=\"Znak, kter\u00fd zastupuje ur\u010ditou p\u0159edstavu nebo v\u00fdznam.\" tabindex=\"0\">symbolem<\/span> andsk\u00e9 <span class=\"iwg-fachbegriff\" data-tooltip=\"P\u0159edstava o struktu\u0159e a uspo\u0159\u00e1d\u00e1n\u00ed sv\u011bta v r\u00e1mci ur\u010dit\u00e9 kultury.\" tabindex=\"0\">kosmologie<\/span>. P\u0159edstavuje t\u0159i sv\u011bty, Hanan Pacha (horn\u00ed sv\u011bt, hv\u011bzdy, bohov\u00e9), Kay Pacha (st\u0159edn\u00ed sv\u011bt, lid\u00e9) a Uku Pacha (podsv\u011bt\u00ed, zem\u0159el\u00ed, osivo), a rovn\u011b\u017e \u010dty\u0159i sv\u011btov\u00e9 strany a \u010dty\u0159i hlavn\u00ed ctnosti (ayni, reciprocita, munay, l\u00e1ska, yachay, v\u011bd\u011bn\u00ed, llank&#8217;ay, pr\u00e1ce).<\/p><p>P\u0159enosn\u00e9 p\u0159\u00edv\u011bsky s chakanou ze st\u0159\u00edbra jsou dnes velmi roz\u0161\u00ed\u0159en\u00e9.<\/p>\t\t\t\t\t\t\t\t<\/div>\n\t\t\t\t<\/div>\n\t\t\t\t\t<\/div>\n\t\t\t\t<\/div>\n\t\t<div class=\"elementor-element elementor-element-iwgcn-andeninka-s4 e-flex e-con-boxed e-con e-parent\" data-id=\"iwgcn-andeninka-s4\" data-element_type=\"container\" data-e-type=\"container\">\n\t\t\t\t\t<div class=\"e-con-inner\">\n\t\t\t\t<div class=\"elementor-element elementor-element-iwgcn-andeninka-s4h elementor-widget elementor-widget-heading\" data-id=\"iwgcn-andeninka-s4h\" data-element_type=\"widget\" data-e-type=\"widget\" data-widget_type=\"heading.default\">\n\t\t\t\t\t<h2 class=\"elementor-heading-title elementor-size-default\">Ochrann\u00e9 p\u0159edm\u011bty: aguayo, despacho, mesa<\/h2>\t\t\t\t<\/div>\n\t\t<div class=\"elementor-element elementor-element-iwgcn-andeninka-s4-c e-con-full e-flex e-con e-child\" data-id=\"iwgcn-andeninka-s4-c\" data-element_type=\"container\" data-e-type=\"container\">\n\t\t\t\t<div class=\"elementor-element elementor-element-iwgcn-andeninka-s4t elementor-widget elementor-widget-text-editor\" data-id=\"iwgcn-andeninka-s4t\" data-element_type=\"widget\" data-e-type=\"widget\" data-widget_type=\"text-editor.default\">\n\t\t\t\t\t\t\t\t\t<p>Ochrann\u00e9 a ritu\u00e1ln\u00ed p\u0159edm\u011bty: aguayo (tkan\u00e1 deka z alpaky nebo ov\u010d\u00ed vlny se symbolick\u00fdmi vzory, no\u0161en\u00e1, pou\u017e\u00edvan\u00e1 jako z\u00e1v\u011bsn\u00fd \u0161\u00e1tek i p\u0159i ob\u0159adech), despacho (ritu\u00e1ln\u00ed ob\u011btn\u00ed bal\u00ed\u010dky pro Pachamamu), mesa (ob\u0159adn\u00ed st\u016fl s kameny, pery, figurkami). Koka listy jsou v\u0161udyp\u0159\u00edtomn\u00e9, <span class=\"iwg-fachbegriff\" data-tooltip=\"Prost\u0159ednictv\u00edm n\u00e1bo\u017eensk\u00e9ho \u00fakonu odevzdan\u00e9 svat\u00e9mu, a t\u00edm povznesen\u00e9 nad v\u0161edn\u00ed.\" tabindex=\"0\">zasv\u011bcen\u00e9<\/span>, \u017ev\u00fdkan\u00e9, vyku\u0159ovan\u00e9, pou\u017e\u00edvan\u00e9 jako <span class=\"iwg-fachbegriff\" data-tooltip=\"M\u00edsto nebo instituce, kde se z\u00edsk\u00e1v\u00e1 bo\u017esk\u00e1 odpov\u011b\u010f.\" tabindex=\"0\">or\u00e1kulum<\/span> (coca-leyendo). Khipu (uzlov\u00e9 \u0161\u0148\u016fry) slou\u017eily p\u016fvodn\u011b ke spr\u00e1v\u011b, m\u011bly ale i ob\u0159adn\u00ed funkci.<\/p>\t\t\t\t\t\t\t\t<\/div>\n\t\t\t\t<\/div>\n\t\t\t\t\t<\/div>\n\t\t\t\t<\/div>\n\t\t<div class=\"elementor-element elementor-element-iwgcn-andeninka-s5 e-flex e-con-boxed e-con e-parent\" data-id=\"iwgcn-andeninka-s5\" data-element_type=\"container\" data-e-type=\"container\">\n\t\t\t\t\t<div class=\"e-con-inner\">\n\t\t\t\t<div class=\"elementor-element elementor-element-iwgcn-andeninka-s5h elementor-widget elementor-widget-heading\" data-id=\"iwgcn-andeninka-s5h\" data-element_type=\"widget\" data-e-type=\"widget\" data-widget_type=\"heading.default\">\n\t\t\t\t\t<h2 class=\"elementor-heading-title elementor-size-default\">\u0160pan\u011blsk\u00e1 conquista a synkretismus<\/h2>\t\t\t\t<\/div>\n\t\t<div class=\"elementor-element elementor-element-iwgcn-andeninka-s5-c e-con-full e-flex e-con e-child\" data-id=\"iwgcn-andeninka-s5-c\" data-element_type=\"container\" data-e-type=\"container\">\n\t\t\t\t<div class=\"elementor-element elementor-element-iwgcn-andeninka-s5t elementor-widget elementor-widget-text-editor\" data-id=\"iwgcn-andeninka-s5t\" data-element_type=\"widget\" data-e-type=\"widget\" data-widget_type=\"text-editor.default\">\n\t\t\t\t\t\t\t\t\t<p>Se \u0161pan\u011blsk\u00fdm dobyt\u00edm (Pizarro 1532) byla inkovsk\u00e1 n\u00e1bo\u017eenstv\u00ed form\u00e1ln\u011b vytla\u010dena, fakticky se v\u0161ak zachovala prost\u0159ednictv\u00edm <span class=\"iwg-fachbegriff\" data-tooltip=\"Splynut\u00ed p\u0159edstav nebo bo\u017estev z r\u016fzn\u00fdch n\u00e1bo\u017eensk\u00fdch tradic.\" tabindex=\"0\">synkretismu<\/span>. Dne\u0161n\u00ed andsk\u00e1 <span class=\"iwg-fachbegriff\" data-tooltip=\"N\u00e1bo\u017eenskost \u017eit\u00e1 v ka\u017edodenn\u00edm \u017eivot\u011b, \u010dasto vedle ofici\u00e1ln\u00ed nauky.\" tabindex=\"0\">lidov\u00e1 zbo\u017enost<\/span> spojuje katolickou \u00factu ke svat\u00fdm s ritu\u00e1ly k Pachamam\u011b: na Velk\u00fd t\u00fdden stoupaj\u00ed <span class=\"iwg-fachbegriff\" data-tooltip=\"\u010clov\u011bk, kter\u00fd podnik\u00e1 n\u00e1bo\u017eensky motivovanou cestu na svat\u00e9 m\u00edsto.\" tabindex=\"0\">poutn\u00edci<\/span> k Apu Qoyllur Riti, na Du\u0161i\u010dky se p\u0159ipravuj\u00ed despacho pro zem\u0159el\u00e9, Panna z Copacabany je z\u00e1rove\u0148 Pachamama. Z religionistick\u00e9ho hlediska je to paradigmatick\u00fd p\u0159\u00edklad odolnosti domorod\u00fdch tradic.<\/p>\t\t\t\t\t\t\t\t<\/div>\n\t\t\t\t<\/div>\n\t\t\t\t\t<\/div>\n\t\t\t\t<\/div>\n\t\t<div class=\"elementor-element elementor-element-iwgcn-andeninka-s6 e-flex e-con-boxed e-con e-parent\" data-id=\"iwgcn-andeninka-s6\" data-element_type=\"container\" data-e-type=\"container\">\n\t\t\t\t\t<div class=\"e-con-inner\">\n\t\t\t\t<div class=\"elementor-element elementor-element-iwgcn-andeninka-s6h elementor-widget elementor-widget-heading\" data-id=\"iwgcn-andeninka-s6h\" data-element_type=\"widget\" data-e-type=\"widget\" data-widget_type=\"heading.default\">\n\t\t\t\t\t<h2 class=\"elementor-heading-title elementor-size-default\">Stav pramen\u016f a v\u00fdzkum<\/h2>\t\t\t\t<\/div>\n\t\t<div class=\"elementor-element elementor-element-iwgcn-andeninka-s6-c e-con-full e-flex e-con e-child\" data-id=\"iwgcn-andeninka-s6-c\" data-element_type=\"container\" data-e-type=\"container\">\n\t\t\t\t<div class=\"elementor-element elementor-element-iwgcn-andeninka-s6t elementor-widget elementor-widget-text-editor\" data-id=\"iwgcn-andeninka-s6t\" data-element_type=\"widget\" data-e-type=\"widget\" data-widget_type=\"text-editor.default\">\n\t\t\t\t\t\t\t\t\t<p>D\u016fle\u017eit\u00e1 d\u00edla: Frank Salomon a Stuart Schwartz <em>South America<\/em> (Cambridge History of the Native Peoples), Catherine Allen <em>The Hold Life Has<\/em>, Tom Zuidema o struktu\u0159e kalend\u00e1\u0159e, Gary Urton o khipu. \u0160pan\u011bl\u0161t\u00ed kronik\u00e1\u0159i: Garcilaso de la Vega (s\u00e1m mestic), Crist\u00f3bal de Molina, Bernab\u00e9 Cobo. Prameny jsou \u010dasto koloni\u00e1ln\u011b zabarven\u00e9 a je t\u0159eba je \u010d\u00edst kriticky.<\/p>\t\t\t\t\t\t\t\t<\/div>\n\t\t\t\t<\/div>\n\t\t\t\t\t<\/div>\n\t\t\t\t<\/div>\n\t\t<div class=\"elementor-element elementor-element-cp2b1ebdc1 e-flex e-con-boxed e-con e-parent\" data-id=\"cp2b1ebdc1\" data-element_type=\"container\" data-e-type=\"container\">\n\t\t\t\t\t<div class=\"e-con-inner\">\n\t\t\t\t<div class=\"elementor-element elementor-element-cp2b5140c5 elementor-widget elementor-widget-heading\" data-id=\"cp2b5140c5\" data-element_type=\"widget\" data-e-type=\"widget\" data-widget_type=\"heading.default\">\n\t\t\t\t\t<h2 class=\"elementor-heading-title elementor-size-default\">P\u0159ed Inky: andsk\u00e9 kultury<\/h2>\t\t\t\t<\/div>\n\t\t<div class=\"elementor-element elementor-element-cp28d11653 e-flex e-con-boxed e-con e-child\" data-id=\"cp28d11653\" data-element_type=\"container\" data-e-type=\"container\">\n\t\t\t\t\t<div class=\"e-con-inner\">\n\t\t\t\t<div class=\"elementor-element elementor-element-cp2b82f5cb elementor-widget elementor-widget-text-editor\" data-id=\"cp2b82f5cb\" data-element_type=\"widget\" data-e-type=\"widget\" data-widget_type=\"text-editor.default\">\n\t\t\t\t\t\t\t\t\t<p>\u0158\u00ed\u0161e Ink\u016f byla v dlouh\u00fdch d\u011bjin\u00e1ch andsk\u00e9ho kulturn\u00edho prostoru pozdn\u00edm a kr\u00e1tkodob\u00fdm jevem. Ve sv\u00e9 imperi\u00e1ln\u00ed podob\u011b trvala pouze zhruba jedno stolet\u00ed p\u0159ed \u0161pan\u011blsk\u00fdm dobyt\u00edm. P\u0159ed n\u00ed se po tis\u00edcilet\u00ed vyv\u00edjely \u010detn\u00e9 kultury, jejich\u017e n\u00e1bo\u017eensk\u00e9 p\u0159edstavy \u0159\u00ed\u0161e Ink\u016f \u010d\u00e1ste\u010dn\u011b p\u0159evzala a \u010d\u00e1ste\u010dn\u011b p\u0159etvo\u0159ila.<\/p><p>K ran\u00fdm centr\u016fm pat\u0159\u00ed chr\u00e1mov\u00fd komplex Chav\u00edn de Hu\u00e1ntar v peru\u00e1nsk\u00e9 vyso\u010din\u011b, jeho\u017e v\u00fdtvarn\u00e9 um\u011bn\u00ed se roz\u0161\u00ed\u0159ilo p\u0159ibli\u017en\u011b v polovin\u011b prvn\u00edho tis\u00edcilet\u00ed p\u0159ed na\u0161\u00edm letopo\u010dtem.<\/p><p>Na severn\u00edm pob\u0159e\u017e\u00ed Peru pozd\u011bji vznikla kultura Moch\u016f s jejich v\u00fdraznou keramikou a ob\u011btn\u00edmi ritu\u00e1ly a pot\u00e9 \u0159\u00ed\u0161e Chim\u00fa s velk\u00fdm hlin\u011bn\u00fdm m\u011bstem Chan Chan. Ve vyso\u010din\u011b kolem jezera Titicaca se nach\u00e1zelo centrum Tiwanaku, jeho\u017e monument\u00e1ln\u00ed architektura a <span class=\"iwg-fachbegriff\" data-tooltip=\"Nauka o obrazov\u00fdch obsaz\u00edch a jejich v\u00fdznamu.\" tabindex=\"0\">ikonografie<\/span> siln\u011b ovlivnily pozd\u011bj\u0161\u00ed andsk\u00e9 my\u0161len\u00ed.<\/p><p>Tyto kultury sd\u00edlely z\u00e1kladn\u00ed rysy, jako je uct\u00edv\u00e1n\u00ed hor, vodn\u00edch pramen\u016f a p\u0159edk\u016f, v\u00fdznam textili\u00ed jako nositel\u016f v\u00fdznamu a v\u00fdrazn\u00fd vztah mezi \u017eiv\u00fdmi a mrtv\u00fdmi. Z\u00e1rove\u0148 se v\u0161ak v\u00fdrazn\u011b li\u0161ily jazykem, politickou formou a obrazovou symbolikou.<\/p><p>Sami Inkov\u00e9 vykl\u00e1dali svou vl\u00e1du ve vlastn\u00edch p\u0159\u00edb\u011bz\u00edch o p\u016fvodu a star\u0161\u00ed svatyn\u011b za\u0159azovali do sv\u00e9ho vlastn\u00edho n\u00e1bo\u017eensk\u00e9ho syst\u00e9mu. V\u00fdzkum proto zd\u016fraz\u0148uje, \u017ee mnoh\u00e9 z toho, co se pova\u017euje za typicky inksk\u00e9, spo\u010d\u00edv\u00e1 na star\u0161\u00edch andsk\u00fdch z\u00e1kladech. P\u0159\u00edbuzn\u00e1 t\u00e9mata pojedn\u00e1v\u00e1 rubrika <a href=\"https:\/\/iwell-guard.com\/cs\/?page_id=145435\">Mytologie Mezoameriky<\/a>.<\/p>\t\t\t\t\t\t\t\t<\/div>\n\t\t\t\t\t<\/div>\n\t\t\t\t<\/div>\n\t\t\t\t\t<\/div>\n\t\t\t\t<\/div>\n\t\t<div class=\"elementor-element elementor-element-cp20a5d715 e-flex e-con-boxed e-con e-parent\" data-id=\"cp20a5d715\" data-element_type=\"container\" data-e-type=\"container\">\n\t\t\t\t\t<div class=\"e-con-inner\">\n\t\t\t\t<div class=\"elementor-element elementor-element-cp2f80471b elementor-widget elementor-widget-heading\" data-id=\"cp2f80471b\" data-element_type=\"widget\" data-e-type=\"widget\" data-widget_type=\"heading.default\">\n\t\t\t\t\t<h2 class=\"elementor-heading-title elementor-size-default\">Andsk\u00fd obraz sv\u011bta: huaca, ayllu a reciprocita<\/h2>\t\t\t\t<\/div>\n\t\t<div class=\"elementor-element elementor-element-cp23ccae05 e-flex e-con-boxed e-con e-child\" data-id=\"cp23ccae05\" data-element_type=\"container\" data-e-type=\"container\">\n\t\t\t\t\t<div class=\"e-con-inner\">\n\t\t\t\t<div class=\"elementor-element elementor-element-cp2ce08c02 elementor-widget elementor-widget-text-editor\" data-id=\"cp2ce08c02\" data-element_type=\"widget\" data-e-type=\"widget\" data-widget_type=\"text-editor.default\">\n\t\t\t\t\t\t\t\t\t<p>V andsk\u00e9m my\u0161len\u00ed je samotn\u00e1 krajina odu\u0161evn\u011bl\u00e1. Hory, sk\u00e1ly, prameny, jezera a zvl\u00e1\u0161tn\u00ed m\u00edsta se pova\u017euj\u00ed za <em>huaca<\/em>, tedy nositele vlastn\u00ed moci a adres\u00e1ty uct\u00edv\u00e1n\u00ed.<\/p><p>Vysok\u00e9 horsk\u00e9 vrcholy, naz\u00fdvan\u00e9 <em>apu<\/em>, plat\u00ed za mocn\u00e9 ochrann\u00e9 bytosti, kter\u00e9 dohl\u00ed\u017eej\u00ed na po\u010das\u00ed, st\u00e1da a lidi. Tato p\u0159edstava \u00fazce spojuje n\u00e1bo\u017eenstv\u00ed s konkr\u00e9tn\u00ed geografi\u00ed vyso\u010diny.<\/p><p>Zem\u011b je oslovov\u00e1na jako <em>Pachamama<\/em>, \u017eensk\u00fd princip plodnosti a ob\u017eivy. Pojem <em>pacha<\/em> ozna\u010duje z\u00e1rove\u0148 prostor i \u010das, tak\u017ee p\u0159esn\u00fd p\u0159eklad je obt\u00ed\u017en\u00fd.<\/p><p>Roz\u0161\u00ed\u0159eno je \u010dlen\u011bn\u00ed sv\u011bta na horn\u00ed, st\u0159edn\u00ed a doln\u00ed sf\u00e9ru, kter\u00e9 se nech\u00e1pou striktn\u011b jako dobro a zlo, ale jako navz\u00e1jem propojen\u00e9 oblasti.<\/p><p>Z\u00e1kladn\u00ed jednotkou spole\u010dnosti byl <em>ayllu<\/em>, p\u0159\u00edbuzensk\u00e1 a hospod\u00e1\u0159sk\u00e1 skupina spojen\u00e1 spole\u010dn\u00fdmi p\u0159edky, spole\u010dnou p\u016fdou a spole\u010dn\u00fdmi svatyn\u011bmi. N\u00e1bo\u017eenskou praxi a spole\u010densk\u00fd \u0159\u00e1d zde lze jen t\u011b\u017eko odd\u011blit, proto\u017ee p\u0159edkov\u00e9, \u010dasto uchov\u00e1van\u00ed jako mumifikovan\u00e1 t\u011bla, byli i nad\u00e1le pova\u017eov\u00e1ni za \u010dleny spole\u010denstv\u00ed a \u00fa\u010dastnili se slavnost\u00ed.<\/p><p>V\u016fd\u010d\u00edm principem je reciprocita, tedy uspo\u0159\u00e1dan\u00e1 vz\u00e1jemn\u00e1 v\u00fdm\u011bna. Mezi lidmi se projevuje pracovn\u00edmi povinnostmi a v\u00fdm\u011bnou dar\u016f, mezi lidmi a mocnostmi ob\u011btn\u00edmi dary.<\/p><p>Roz\u0161\u00ed\u0159enou formou je ob\u011btn\u00ed dar zemi, tzv. <em>despacho<\/em>, p\u0159i kter\u00e9m se vybran\u00e9 p\u0159edm\u011bty, listy a potraviny sestav\u00ed do bal\u00ed\u010dku a p\u0159edlo\u017e\u00ed zemi nebo hor\u00e1m. Reciprocita tak nen\u00ed pouh\u00fdm <span class=\"iwg-fachbegriff\" data-tooltip=\"P\u0159ed\u00e1van\u00fd, v r\u00e1mci spole\u010denstv\u00ed pravideln\u011b opakovan\u00fd \u00fakon.\" tabindex=\"0\">zvykem<\/span>, ale z\u00e1kladn\u00edm vzorem, podle kter\u00e9ho se utv\u00e1\u0159\u00ed vztah mezi \u010dlov\u011bkem a kosmem.<\/p>\t\t\t\t\t\t\t\t<\/div>\n\t\t\t\t\t<\/div>\n\t\t\t\t<\/div>\n\t\t\t\t\t<\/div>\n\t\t\t\t<\/div>\n\t\t<div class=\"elementor-element elementor-element-cp277927fd e-flex e-con-boxed e-con e-parent\" data-id=\"cp277927fd\" data-element_type=\"container\" data-e-type=\"container\">\n\t\t\t\t\t<div class=\"e-con-inner\">\n\t\t\t\t<div class=\"elementor-element elementor-element-cp29f1ffb8 elementor-widget elementor-widget-heading\" data-id=\"cp29f1ffb8\" data-element_type=\"widget\" data-e-type=\"widget\" data-widget_type=\"heading.default\">\n\t\t\t\t\t<h2 class=\"elementor-heading-title elementor-size-default\">Situace pramen\u016f: chronistas a khipu<\/h2>\t\t\t\t<\/div>\n\t\t<div class=\"elementor-element elementor-element-cp20258d08 e-flex e-con-boxed e-con e-child\" data-id=\"cp20258d08\" data-element_type=\"container\" data-e-type=\"container\">\n\t\t\t\t\t<div class=\"e-con-inner\">\n\t\t\t\t<div class=\"elementor-element elementor-element-cp27717277 elementor-widget elementor-widget-text-editor\" data-id=\"cp27717277\" data-element_type=\"widget\" data-e-type=\"widget\" data-widget_type=\"text-editor.default\">\n\t\t\t\t\t\t\t\t\t<p>Andsk\u00e9 kultury neznaly p\u00edsmo v \u00fazk\u00e9m slova smyslu. Nejd\u016fle\u017eit\u011bj\u0161\u00edm z\u00e1znamov\u00fdm prost\u0159edkem bylo <em>khipu<\/em>, syst\u00e9m uzlovan\u00fdch \u0161\u0148\u016fr, kter\u00fdm se zaznamen\u00e1valy p\u0159edev\u0161\u00edm \u010d\u00edsla, spr\u00e1vn\u00ed \u00fadaje a pravd\u011bpodobn\u011b i vypr\u00e1v\u011bc\u00ed obsahy.<\/p><p>V\u00fdzkum um\u00ed \u010d\u00edseln\u011b orientovan\u00e9 khipu do zna\u010dn\u00e9 m\u00edry p\u0159e\u010d\u00edst, zat\u00edmco jejich p\u0159\u00edpadn\u00e9 vypr\u00e1v\u011bc\u00ed pou\u017eit\u00ed z\u016fst\u00e1v\u00e1 sporn\u00e9. Pro d\u011bjiny n\u00e1bo\u017eenstv\u00ed tak chyb\u00ed dom\u00e1c\u00ed p\u00edsemn\u00e1 tradice srovnateln\u00e1 s mezoamerickou.<\/p><p>Hlavn\u00ed p\u00edsemn\u00e9 prameny proto poch\u00e1zej\u00ed z koloni\u00e1ln\u00edho obdob\u00ed a sepsali je \u0160pan\u011bl\u00e9 nebo Andan\u00e9 vy\u0161kolen\u00ed ve \u0161pan\u011blsk\u00e9 p\u00edsa\u0159sk\u00e9 tradici. K ran\u00fdm kronik\u00e1\u0159\u016fm pat\u0159\u00ed Pedro de Cieza de Le\u00f3n a Juan de Betanzos.<\/p><p>Zvl\u00e1\u0161t\u011b hodnotn\u00e9 je rozs\u00e1hl\u00e9 d\u00edlo Felipeho Guam\u00e1na Pomy de Ayala, dom\u00e1c\u00edho autora, kter\u00fd kolem roku 1615 sepsal ilustrovanou kroniku s ostrou kritikou kolonialismu. Metis Inca Garcilaso de la Vega naopak psal z pozice nap\u016fl inksk\u00e9ho p\u016fvodu.<\/p><p>Samostatnou skupinu pramen\u016f p\u0159edstavuj\u00ed tzv. akta o vyhlazov\u00e1n\u00ed idol\u016f. V 17. stolet\u00ed vedly c\u00edrkevn\u00ed kampan\u011b v arcibiskupstv\u00ed Lima systematick\u00e1 \u0159\u00edzen\u00ed proti andsk\u00fdm kult\u016fm.<\/p><p>Vznikl\u00e9 v\u00fdslechov\u00e9 protokoly, nap\u0159\u00edklad z okruhu Francisca de \u00c1vily, p\u0159in\u00e1\u0161ej\u00ed i proti sv\u00e9mu \u00fa\u010delu podrobn\u00e9 popisy m\u00edstn\u00edho n\u00e1bo\u017eenstv\u00ed, mezi nimi text z Huarochir\u00ed sepsan\u00fd v jazyce ke\u010dua, jednu z m\u00e1la dom\u00e1c\u00edch sb\u00edrek andsk\u00fdch m\u00fdt\u016f.<\/p><p>V\u0161echny tyto prameny jsou zabarveny okolnostmi sv\u00e9ho vzniku. Kronik\u00e1\u0159i za\u0159azovali andsk\u00e9 p\u0159edstavy do evropsk\u00fdch kategori\u00ed, akta o vyhlazov\u00e1n\u00ed idol\u016f vznikala pod n\u00e1tlakem. Modern\u00ed v\u00fdzkum, nap\u0159\u00edklad pr\u00e1ce Franka Salomona nebo Sabine MacCormack, k nim proto p\u0159istupuje kriticky a dopl\u0148uje je <span class=\"iwg-fachbegriff\" data-tooltip=\"V\u011bda, kter\u00e1 zkoum\u00e1 minul\u00e9 kultury na z\u00e1klad\u011b hmotn\u00fdch n\u00e1lez\u016f.\" tabindex=\"0\">archeologi\u00ed<\/span> a etnografick\u00fdm ter\u00e9nn\u00edm v\u00fdzkumem v sou\u010dasn\u00fdch andsk\u00fdch komunit\u00e1ch.<\/p>\t\t\t\t\t\t\t\t<\/div>\n\t\t\t\t\t<\/div>\n\t\t\t\t<\/div>\n\t\t\t\t\t<\/div>\n\t\t\t\t<\/div>\n\t\t<div class=\"elementor-element elementor-element-cp24230570 e-flex e-con-boxed e-con e-parent\" data-id=\"cp24230570\" data-element_type=\"container\" data-e-type=\"container\">\n\t\t\t\t\t<div class=\"e-con-inner\">\n\t\t\t\t<div class=\"elementor-element elementor-element-cp24a3102c elementor-widget elementor-widget-heading\" data-id=\"cp24a3102c\" data-element_type=\"widget\" data-e-type=\"widget\" data-widget_type=\"heading.default\">\n\t\t\t\t\t<h2 class=\"elementor-heading-title elementor-size-default\">Andsk\u00e9 n\u00e1bo\u017eenstv\u00ed v sou\u010dasnosti<\/h2>\t\t\t\t<\/div>\n\t\t<div class=\"elementor-element elementor-element-cp231a8b7a e-flex e-con-boxed e-con e-child\" data-id=\"cp231a8b7a\" data-element_type=\"container\" data-e-type=\"container\">\n\t\t\t\t\t<div class=\"e-con-inner\">\n\t\t\t\t<div class=\"elementor-element elementor-element-cp2b976005 elementor-widget elementor-widget-text-editor\" data-id=\"cp2b976005\" data-element_type=\"widget\" data-e-type=\"widget\" data-widget_type=\"text-editor.default\">\n\t\t\t\t\t\t\t\t\t<p>\u0160pan\u011blsk\u00e9 dobyt\u00ed a n\u00e1sledn\u00e1 mision\u00e1\u0159sk\u00e1 \u010dinnost andsk\u00e9 n\u00e1bo\u017eenstv\u00ed nevymazaly, ale donutily je k nov\u00fdm form\u00e1m. V mnoha vysokohorsk\u00fdch obc\u00edch Peru, Bol\u00edvie a Ekv\u00e1doru p\u0159etrv\u00e1vaj\u00ed do dne\u0161n\u00edch dn\u016f praktiky, kter\u00e9 spojuj\u00ed star\u0161\u00ed p\u0159edstavy s katolicismem. Svat\u00ed c\u00edrkve jsou spojov\u00e1ni s horami a m\u00edsty, poutn\u00ed sv\u00e1tky se shoduj\u00ed se zem\u011bd\u011blsk\u00fdm a slavnostn\u00edm kalend\u00e1\u0159em.<\/p><p>Ob\u011bti zem\u011b pro <em>Pachamamu<\/em> a hory jsou st\u00e1le roz\u0161\u00ed\u0159en\u00e9, zejm\u00e9na na po\u010d\u00e1tku p\u011bstitelsk\u00e9ho obdob\u00ed, p\u0159i stavb\u011b domu nebo na za\u010d\u00e1tku d\u016fle\u017eit\u00fdch podnik\u016f. Specialist\u00e9, v regionech mluv\u00edc\u00edch ke\u010du\u00e1nsky a aymarsky zn\u00e1m\u00ed pod r\u016fzn\u00fdmi ozna\u010den\u00edmi, prov\u00e1d\u011bj\u00ed tyto ob\u0159ady, vykl\u00e1daj\u00ed znamen\u00ed a l\u00e9\u010d\u00ed nemoci, kter\u00e9 jsou ch\u00e1p\u00e1ny jako naru\u0161en\u00fd vztah k m\u00edst\u016fm a mocnostem.<\/p><p>N\u011bkter\u00e9 z t\u011bchto praktik se v posledn\u00edch desetilet\u00edch dostaly na turistick\u00fd a esoterick\u00fd trh. Pojmy jako Pachamama nebo Apu jsou mezin\u00e1rodn\u011b komercializov\u00e1ny a ob\u0159ady se inscenuj\u00ed pro plat\u00edc\u00ed n\u00e1v\u0161t\u011bvn\u00edky. <span class=\"iwg-fachbegriff\" data-tooltip=\"V\u011bda, kter\u00e1 zkoum\u00e1 n\u00e1bo\u017eenstv\u00ed srovn\u00e1vac\u00edm zp\u016fsobem a bez vyznava\u010dsk\u00e9 v\u00e1zanosti.\" tabindex=\"0\">Religionistika<\/span> zde varuje p\u0159ed nutnost\u00ed rozli\u0161ovat mezi \u017eitou prax\u00ed m\u00edstn\u00edch komunit a jej\u00edm komer\u010dn\u00edm osvojen\u00edm.<\/p><p>Andsk\u00e1 tradice z\u00e1rove\u0148 z\u00edskala politick\u00fd v\u00fdznam. V Bol\u00edvii a Ekv\u00e1doru nalezly pojmy jako <em>Pachamama<\/em> a ide\u00e1l dobr\u00e9ho \u017eit\u00ed, <em>sumak kawsay<\/em> respektive <em>suma qama\u00f1a<\/em>, cestu do \u00fastavn\u00edch text\u016f a politick\u00fdch program\u016f.<\/p><p>Do jak\u00e9 m\u00edry to odr\u00e1\u017e\u00ed \u017eit\u00e9 n\u00e1bo\u017eenstv\u00ed, nebo je to sp\u00ed\u0161e st\u00e1tn\u00ed symbolick\u00fd projekt, je p\u0159edm\u011btem spor\u016f. Odpov\u00eddaj\u00edc\u00ed zobrazen\u00ed tak ukazuje andsk\u00e9 n\u00e1bo\u017eenstv\u00ed jako \u017eiv\u00e9, sporn\u00e9 a region\u00e1ln\u011b velmi rozd\u00edln\u00e9 pole, nikoli jako ztracen\u00e9 d\u011bdictv\u00ed Ink\u016f.<\/p>\t\t\t\t\t\t\t\t<\/div>\n\t\t\t\t\t<\/div>\n\t\t\t\t<\/div>\n\t\t\t\t\t<\/div>\n\t\t\t\t<\/div>\n\t\t<div class=\"elementor-element elementor-element-iwgha-andeninka-sec e-flex e-con-boxed e-con e-parent\" data-id=\"iwgha-andeninka-sec\" data-element_type=\"container\" data-e-type=\"container\">\n\t\t\t\t\t<div class=\"e-con-inner\">\n\t\t\t\t<div class=\"elementor-element elementor-element-iwgha-andeninka-h elementor-widget elementor-widget-heading\" data-id=\"iwgha-andeninka-h\" data-element_type=\"widget\" data-e-type=\"widget\" data-widget_type=\"heading.default\">\n\t\t\t\t\t<h2 class=\"elementor-heading-title elementor-size-default\">Bytosti t\u00e9to tradice (10)<\/h2>\t\t\t\t<\/div>\n\t\t<div class=\"elementor-element elementor-element-iwgha-andeninka-gc e-flex e-con-boxed e-con e-parent\" data-id=\"iwgha-andeninka-gc\" data-element_type=\"container\" data-e-type=\"container\">\n\t\t\t\t\t<div class=\"e-con-inner\">\n\t\t\t\t<div class=\"elementor-element elementor-element-iwgha-andeninka-grid elementor-widget elementor-widget-text-editor\" data-id=\"iwgha-andeninka-grid\" data-element_type=\"widget\" data-e-type=\"widget\" data-widget_type=\"text-editor.default\">\n\t\t\t\t\t\t\t\t\t<div class=\"iwg-wesen-grid\"><a class=\"iwg-wesen-card\" href=\"https:\/\/iwell-guard.com\/cs\/apu-ausangate-bozstvo-andy\/\" aria-label=\"Apu Ausangate \u2013 Horsk\u00e9 bo\u017estvo Andy\"><div class=\"iwg-wesen-card-imgwrap\"><img decoding=\"async\" src=\"https:\/\/iwell-guard.com\/wp-content\/uploads\/2026\/05\/geister_anden-inka_apu-ausangate-200x300.webp\" alt=\"Apu Ausangate \u2013 Horsk\u00e9 bo\u017estvo Andy\" loading=\"lazy\"><\/div><div class=\"iwg-wesen-card-body\"><div class=\"iwg-wesen-card-name\">Apu Ausangate \u2013 Horsk\u00e9 bo\u017estvo Andy<\/div><div class=\"iwg-wesen-card-arrow\">\u2192 K bytosti<\/div><\/div><\/a><a class=\"iwg-wesen-card\" href=\"https:\/\/iwell-guard.com\/cs\/illapa-buh-hromu-a-pocasi-inku\/\" aria-label=\"Illapa \u2013 b\u016fh hromu a po\u010das\u00ed Ink\u016f\"><div class=\"iwg-wesen-card-imgwrap\"><img decoding=\"async\" src=\"https:\/\/iwell-guard.com\/wp-content\/uploads\/2026\/05\/goetter_anden-inka_illapa-200x300.webp\" alt=\"Illapa \u2013 b\u016fh hromu a po\u010das\u00ed Ink\u016f\" loading=\"lazy\"><\/div><div class=\"iwg-wesen-card-body\"><div class=\"iwg-wesen-card-name\">Illapa \u2013 b\u016fh hromu a po\u010das\u00ed Ink\u016f<\/div><div class=\"iwg-wesen-card-arrow\">\u2192 K bytosti<\/div><\/div><\/a><a class=\"iwg-wesen-card\" href=\"https:\/\/iwell-guard.com\/cs\/inti-buh-slunce-inku\/\" aria-label=\"Inti \u2013 b\u016fh Slunce Ink\u016f\"><div class=\"iwg-wesen-card-imgwrap\"><img decoding=\"async\" src=\"https:\/\/iwell-guard.com\/wp-content\/uploads\/2026\/05\/goetter_anden-inka_inti-200x300.webp\" alt=\"Inti \u2013 b\u016fh Slunce Ink\u016f\" loading=\"lazy\"><\/div><div class=\"iwg-wesen-card-body\"><div class=\"iwg-wesen-card-name\">Inti \u2013 b\u016fh Slunce Ink\u016f<\/div><div class=\"iwg-wesen-card-arrow\">\u2192 K bytosti<\/div><\/div><\/a><a class=\"iwg-wesen-card\" href=\"https:\/\/iwell-guard.com\/cs\/mama-cocha-bohyne-more-andy\/\" aria-label=\"Mama Cocha \u2013 bohyn\u011b mo\u0159e v And\u00e1ch\"><div class=\"iwg-wesen-card-imgwrap\"><img decoding=\"async\" src=\"https:\/\/iwell-guard.com\/wp-content\/uploads\/2026\/05\/goetter_anden-inka_mama-cocha-200x300.webp\" alt=\"Mama Cocha \u2013 bohyn\u011b mo\u0159e v And\u00e1ch\" loading=\"lazy\"><\/div><div class=\"iwg-wesen-card-body\"><div class=\"iwg-wesen-card-name\">Mama Cocha \u2013 bohyn\u011b mo\u0159e v And\u00e1ch<\/div><div class=\"iwg-wesen-card-arrow\">\u2192 K bytosti<\/div><\/div><\/a><a class=\"iwg-wesen-card\" href=\"https:\/\/iwell-guard.com\/cs\/mama-killa-mesicni-bohyne-inku\/\" aria-label=\"Mama Killa \u2013 M\u011bs\u00ed\u010dn\u00ed bohyn\u011b Ink\u016f\"><div class=\"iwg-wesen-card-imgwrap\"><img decoding=\"async\" src=\"https:\/\/iwell-guard.com\/wp-content\/uploads\/2026\/05\/goetter_anden-inka_mama-killa-200x300.webp\" alt=\"Mama Killa \u2013 M\u011bs\u00ed\u010dn\u00ed bohyn\u011b Ink\u016f\" loading=\"lazy\"><\/div><div class=\"iwg-wesen-card-body\"><div class=\"iwg-wesen-card-name\">Mama Killa \u2013 M\u011bs\u00ed\u010dn\u00ed bohyn\u011b Ink\u016f<\/div><div class=\"iwg-wesen-card-arrow\">\u2192 K bytosti<\/div><\/div><\/a><a class=\"iwg-wesen-card\" href=\"https:\/\/iwell-guard.com\/cs\/pachakamak-orakulovy-buh-and\/\" aria-label=\"Pachakamak \u2013 or\u00e1kulov\u00fd b\u016fh And\"><div class=\"iwg-wesen-card-imgwrap\"><img decoding=\"async\" src=\"https:\/\/iwell-guard.com\/wp-content\/uploads\/2026\/05\/goetter_anden-inka_pachakamak-200x300.webp\" alt=\"Pachakamak \u2013 or\u00e1kulov\u00fd b\u016fh And\" loading=\"lazy\"><\/div><div class=\"iwg-wesen-card-body\"><div class=\"iwg-wesen-card-name\">Pachakamak \u2013 or\u00e1kulov\u00fd b\u016fh And<\/div><div class=\"iwg-wesen-card-arrow\">\u2192 K bytosti<\/div><\/div><\/a><a class=\"iwg-wesen-card\" href=\"https:\/\/iwell-guard.com\/cs\/pachamama-matka-zeme-and\/\" aria-label=\"Pachamama \u2013 matka Zem\u011b And\"><div class=\"iwg-wesen-card-imgwrap\"><img decoding=\"async\" src=\"https:\/\/iwell-guard.com\/wp-content\/uploads\/2026\/05\/goetter_anden-inka_pachamama-1-200x300.webp\" alt=\"Pachamama \u2013 matka Zem\u011b And\" loading=\"lazy\"><\/div><div class=\"iwg-wesen-card-body\"><div class=\"iwg-wesen-card-name\">Pachamama \u2013 matka Zem\u011b And<\/div><div class=\"iwg-wesen-card-arrow\">\u2192 K bytosti<\/div><\/div><\/a><a class=\"iwg-wesen-card\" href=\"https:\/\/iwell-guard.com\/cs\/supay-skodlivi-duchove-podsveti-and\/\" aria-label=\"Supay \u2013 \u0161kodliv\u00ed duchov\u00e9 a vl\u00e1dce podsv\u011bt\u00ed And\"><div class=\"iwg-wesen-card-imgwrap\"><img decoding=\"async\" src=\"https:\/\/iwell-guard.com\/wp-content\/uploads\/2026\/05\/geister_anden-inka_supay-200x300.webp\" alt=\"Supay \u2013 \u0161kodliv\u00ed duchov\u00e9 a vl\u00e1dce podsv\u011bt\u00ed And\" loading=\"lazy\"><\/div><div class=\"iwg-wesen-card-body\"><div class=\"iwg-wesen-card-name\">Supay \u2013 \u0161kodliv\u00ed duchov\u00e9 a vl\u00e1dce podsv\u011bt\u00ed And<\/div><div class=\"iwg-wesen-card-arrow\">\u2192 K bytosti<\/div><\/div><\/a><a class=\"iwg-wesen-card\" href=\"https:\/\/iwell-guard.com\/cs\/viracocha-stvoritelsky-buh-and\/\" aria-label=\"Viracocha \u2013 stvo\u0159itelsk\u00fd b\u016fh And\"><div class=\"iwg-wesen-card-imgwrap\"><img decoding=\"async\" src=\"https:\/\/iwell-guard.com\/wp-content\/uploads\/2026\/05\/goetter_anden-inka_viracocha-200x300.webp\" alt=\"Viracocha \u2013 stvo\u0159itelsk\u00fd b\u016fh And\" loading=\"lazy\"><\/div><div class=\"iwg-wesen-card-body\"><div class=\"iwg-wesen-card-name\">Viracocha \u2013 stvo\u0159itelsk\u00fd b\u016fh And<\/div><div class=\"iwg-wesen-card-arrow\">\u2192 K bytosti<\/div><\/div><\/a><a class=\"iwg-wesen-card\" href=\"https:\/\/iwell-guard.com\/cs\/yacumama-vodni-had-andy-amazonie\/\" aria-label=\"Yacumama \u2013 vodn\u00ed had And a Amazonie\"><div class=\"iwg-wesen-card-imgwrap\"><img decoding=\"async\" src=\"https:\/\/iwell-guard.com\/wp-content\/uploads\/2026\/05\/geister_anden-inka_yacumama-200x300.webp\" alt=\"Yacumama \u2013 vodn\u00ed had And a Amazonie\" loading=\"lazy\"><\/div><div class=\"iwg-wesen-card-body\"><div class=\"iwg-wesen-card-name\">Yacumama \u2013 vodn\u00ed had And a Amazonie<\/div><div class=\"iwg-wesen-card-arrow\">\u2192 K bytosti<\/div><\/div><\/a><\/div>\t\t\t\t\t\t\t\t<\/div>\n\t\t\t\t\t<\/div>\n\t\t\t\t<\/div>\n\t\t\t\t\t<\/div>\n\t\t\t\t<\/div>\n\t\t<div class=\"elementor-element elementor-element-iwgcn-andeninka-kwd e-flex e-con-boxed e-con e-parent\" data-id=\"iwgcn-andeninka-kwd\" data-element_type=\"container\" data-e-type=\"container\">\n\t\t\t\t\t<div class=\"e-con-inner\">\n\t\t<div class=\"elementor-element elementor-element-iwgcn-andeninka-kwd-c e-con-full e-flex e-con e-child\" data-id=\"iwgcn-andeninka-kwd-c\" data-element_type=\"container\" data-e-type=\"container\">\n\t\t\t\t<div class=\"elementor-element elementor-element-iwgcn-andeninka-kwdt elementor-widget elementor-widget-text-editor\" data-id=\"iwgcn-andeninka-kwdt\" data-element_type=\"widget\" data-e-type=\"widget\" data-widget_type=\"text-editor.default\">\n\t\t\t\t\t\t\t\t\t<p><em>Souvisej\u00edc\u00ed kl\u00ed\u010dov\u00e9 pojmy: Pachamama Inti Viracocha Mama Killa Apus Chakana Aguayo Ke\u010du\u00e1nci Aymarov\u00e9 Cusco Tiwanaku Sacsayhuam\u00e1n Despacho.<\/em><\/p>\t\t\t\t\t\t\t\t<\/div>\n\t\t\t\t<\/div>\n\t\t\t\t\t<\/div>\n\t\t\t\t<\/div>\n\t\t<div class=\"elementor-element elementor-element-iwgcn-andeninka-cc e-flex e-con-boxed e-con e-parent\" data-id=\"iwgcn-andeninka-cc\" data-element_type=\"container\" data-e-type=\"container\" id=\"iwg-cc-anden-inka\">\n\t\t\t\t\t<div class=\"e-con-inner\">\n\t\t<div class=\"elementor-element elementor-element-iwgcn-andeninka-ccinner e-flex e-con-boxed e-con e-parent\" data-id=\"iwgcn-andeninka-ccinner\" data-element_type=\"container\" data-e-type=\"container\" data-settings=\"{&quot;background_background&quot;:&quot;classic&quot;}\">\n\t\t\t\t\t<div class=\"e-con-inner\">\n\t\t\t\t<div class=\"elementor-element elementor-element-iwgcn-andeninka-cch elementor-widget elementor-widget-heading\" data-id=\"iwgcn-andeninka-cch\" data-element_type=\"widget\" data-e-type=\"widget\" data-widget_type=\"heading.default\">\n\t\t\t\t\t<h2 class=\"elementor-heading-title elementor-size-default\">Ochrann\u00e9 p\u0159edm\u011bty v t\u00e9to kulturn\u00ed tradici<\/h2>\t\t\t\t<\/div>\n\t\t\t\t<div class=\"elementor-element elementor-element-iwgcn-andeninka-cct elementor-widget elementor-widget-text-editor\" data-id=\"iwgcn-andeninka-cct\" data-element_type=\"widget\" data-e-type=\"widget\" data-widget_type=\"text-editor.default\">\n\t\t\t\t\t\t\t\t\t<p>Andsk\u00e9 kultury, od Chav\u00ednu a\u017e po Inky, pou\u017e\u00edvaj\u00ed p\u0159\u00edv\u011bsky Chakana, tkaniny Aguayo, pytl\u00edky Despacho a listy koky jako p\u0159enosn\u00e9 ochrann\u00e9 p\u0159edm\u011bty; hory Apus jsou uct\u00edv\u00e1ny kamenn\u00fdmi pyramidami (Apachetas) pod\u00e9l cest.<\/p><div data-nosnippet=\"true\"><p>iWell Guard zapad\u00e1 do t\u00e9to kulturn\u011bhistorick\u00e9 linie p\u0159enosn\u00fdch ochrann\u00fdch p\u0159edm\u011bt\u016f, v podob\u011b sou\u010dasn\u00e9 materi\u00e1lov\u00e9 architektury, vyr\u00e1b\u011bn\u00e9 v N\u011bmecku. 41 vrstev, ryz\u00ed zlato, platina, st\u0159\u00edbro. 30denn\u00ed pr\u00e1vo na vr\u00e1cen\u00ed.<\/p><\/div>\t\t\t\t\t\t\t\t<\/div>\n\t\t\t\t<div class=\"elementor-element elementor-element-iwgcn-andeninka-ccb iwg-cc-button iwg-cc-cta-2026-05-13 elementor-widget elementor-widget-jet-button\" data-id=\"iwgcn-andeninka-ccb\" data-element_type=\"widget\" data-e-type=\"widget\" data-widget_type=\"jet-button.default\">\n\t\t\t\t<div class=\"elementor-widget-container\">\n\t\t\t\t\t<div class=\"elementor-jet-button jet-elements\"><div class=\"jet-button__container\"><a class=\"jet-button__instance jet-button__instance--icon-left hover-effect-1\" href=\"\/ueber-iwell-guard\/?utm_source=iwell-guard.com&amp;utm_medium=info-box&amp;utm_campaign=kultur-tradition\"><div class=\"jet-button__plane jet-button__plane-normal\"><\/div><div class=\"jet-button__plane jet-button__plane-hover\"><\/div><div class=\"jet-button__state jet-button__state-normal\"><span class=\"jet-button__label\">V\u00edce o iWell Guard<\/span><\/div><div class=\"jet-button__state jet-button__state-hover\"><span class=\"jet-button__label\">V\u00edce o iWell Guard<\/span><\/div><\/a><\/div><\/div><style>.elementor-element.elementor-element-iwgcn-andeninka-ccb .jet-button__instance{width:320px;height:56px;}.elementor-element.elementor-element-iwgcn-andeninka-ccb .jet-button__state-normal .jet-button__label{text-align:center;margin:0px 0px 0px 0px;color:#1a1b20;font-family:Montserrat,sans-serif;font-size:13px;font-weight:400;letter-spacing:4px;line-height:1.714em;text-transform:uppercase;}.elementor-element.elementor-element-iwgcn-andeninka-ccb .jet-button__state-hover .jet-button__label{text-align:center;margin:0px 0px 0px 0px;color:#FECC76;font-family:Montserrat,sans-serif;font-size:13px;font-weight:400;letter-spacing:4px;line-height:1.714em;text-transform:uppercase;}.elementor-element.elementor-element-iwgcn-andeninka-ccb .jet-button__plane-normal{background-color:#FECC76;border-style:solid;border-color:#C99540;border-width:2px 2px 2px 2px;}.elementor-element.elementor-element-iwgcn-andeninka-ccb .jet-button__plane-hover{background-color:rgba(0,0,0,0.55);border-style:solid;border-color:#FECC76;border-width:2px 2px 2px 2px;}<\/style>\t\t\t\t<\/div>\n\t\t\t\t<\/div>\n\t\t\t\t<div class=\"elementor-element elementor-element-iwgcn-andeninka-ccd elementor-widget elementor-widget-text-editor\" data-id=\"iwgcn-andeninka-ccd\" data-element_type=\"widget\" data-e-type=\"widget\" data-widget_type=\"text-editor.default\">\n\t\t\t\t\t\t\t\t\t<div data-nosnippet=\"true\"><p style=\"text-align:center;font-size:13px;opacity:0.7;margin-top:14px\" data-nosnippet=\"true\">Osobn\u00ed zku\u0161enosti se mohou li\u0161it. Nejedn\u00e1 se o zdravotnick\u00fd prost\u0159edek. Nen\u00ed slibem l\u00e9\u010div\u00e9ho \u00fa\u010dinku.<\/p><\/div>\t\t\t\t\t\t\t\t<\/div>\n\t\t\t\t\t<\/div>\n\t\t\t\t<\/div>\n\t\t\t\t\t<\/div>\n\t\t\t\t<\/div>\n\t\t<div class=\"elementor-element elementor-element-iwgcn-andeninka-disc e-flex e-con-boxed e-con e-parent\" data-id=\"iwgcn-andeninka-disc\" data-element_type=\"container\" data-e-type=\"container\">\n\t\t\t\t\t<div class=\"e-con-inner\">\n\t\t\t\t<div class=\"elementor-element elementor-element-iwgcn-andeninka-discw elementor-widget elementor-widget-html\" data-id=\"iwgcn-andeninka-discw\" data-element_type=\"widget\" data-e-type=\"widget\" data-widget_type=\"html.default\">\n\t\t\t\t\t<footer data-nosnippet=\"true\" class=\"iwg-disclaimer-block\"><p data-nosnippet=\"true\">iWell Guard <strong>nen\u00ed zdravotnick\u00fd prost\u0159edek<\/strong> a nenahrazuje l\u00e9ka\u0159skou ani psychoterapeutickou l\u00e9\u010dbu. Religionistick\u00fd obsah p\u0159edstavuje kulturn\u011b-historick\u00e9 za\u0159azen\u00ed, nikoli doporu\u010den\u00ed duchovn\u00ed praxe.<\/p><\/footer>\t\t\t\t<\/div>\n\t\t\t\t\t<\/div>\n\t\t\t\t<\/div>\n\t\t<div class=\"elementor-element elementor-element-iwgssrev-andeninka e-flex e-con-boxed e-con e-parent\" data-id=\"iwgssrev-andeninka\" data-element_type=\"container\" data-e-type=\"container\">\n\t\t\t\t\t<div class=\"e-con-inner\">\n\t\t\t\t<div class=\"elementor-element elementor-element-iwgssrev-andeninka-h elementor-widget elementor-widget-heading\" data-id=\"iwgssrev-andeninka-h\" data-element_type=\"widget\" data-e-type=\"widget\" data-widget_type=\"heading.default\">\n\t\t\t\t\t<h2 class=\"elementor-heading-title elementor-size-default\">Ochrann\u00e9 symboly z Andy<\/h2>\t\t\t\t<\/div>\n\t\t\t\t<div class=\"elementor-element elementor-element-iwgssrev-andeninka-t elementor-widget elementor-widget-text-editor\" data-id=\"iwgssrev-andeninka-t\" data-element_type=\"widget\" data-e-type=\"widget\" data-widget_type=\"text-editor.default\">\n\t\t\t\t\t\t\t\t\t<p>Lexikon ochrann\u00fdch symbol\u016f se na vlastn\u00edch str\u00e1nk\u00e1ch v\u011bnuje n\u011bkolika znak\u016fm a p\u0159edm\u011bt\u016fm z Andy: <a href=\"https:\/\/iwell-guard.com\/cs\/?page_id=145686\">Chakana<\/a>. Mezikulturn\u00ed p\u0159ehled nab\u00edz\u00ed str\u00e1nka o <a href=\"https:\/\/iwell-guard.com\/cs\/?page_id=145429\">ochrann\u00fdch symbolech<\/a>.<\/p>\t\t\t\t\t\t\t\t<\/div>\n\t\t\t\t\t<\/div>\n\t\t\t\t<\/div>\n\t\t\t\t<\/div>\n\t\t","protected":false},"excerpt":{"rendered":"","protected":false},"author":3,"featured_media":2677,"parent":0,"menu_order":0,"comment_status":"closed","ping_status":"closed","template":"elementor_header_footer","meta":{"_yoast_wpseo_focuskw":"Andsk\u00e9 kultury Inkov\u00e9","_yoast_wpseo_title":"Andsk\u00e9 kultury \u2013 Inkov\u00e9, Pachamama a ochrann\u00e1 praxe","_yoast_wpseo_metadesc":"Andsk\u00e9 kultury na iWell Guard: Inti, Pachamama, Viracocha a ochrann\u00e9 p\u0159edm\u011bty jako chakana a kameny apu, religionistick\u00fd v\u00fdklad.","_yoast_wpseo_meta-robots-noindex":"","_yoast_wpseo_canonical":"","_angie_page":false,"gefaehrdungsstufe":"","wesen_kultur":"","wesen_klasse":"","footnotes":""},"categories":[],"class_list":["post-145436","page","type-page","status-publish","has-post-thumbnail","hentry"],"yoast_head":"<!-- This site is optimized with the Yoast SEO Premium plugin v27.7 (Yoast SEO v28.3) - https:\/\/yoast.com\/product\/yoast-seo-premium-wordpress\/ -->\n<title>Andsk\u00e9 kultury \u2013 Inkov\u00e9, Pachamama a ochrann\u00e1 praxe<\/title>\n<meta name=\"description\" content=\"Andsk\u00e9 kultury na iWell Guard: Inti, Pachamama, Viracocha a ochrann\u00e9 p\u0159edm\u011bty jako chakana a kameny apu, religionistick\u00fd v\u00fdklad.\" \/>\n<meta name=\"robots\" content=\"index, follow, max-snippet:-1, max-image-preview:large, max-video-preview:-1\" \/>\n<link rel=\"canonical\" href=\"https:\/\/iwell-guard.com\/cs\/andske-kultury-inkove-inti-pachamama-viracocha\/\" \/>\n<meta property=\"og:locale\" content=\"cs_CZ\" \/>\n<meta property=\"og:type\" content=\"article\" \/>\n<meta property=\"og:title\" content=\"Andsk\u00e9 kultury a Inkov\u00e9 \u2013 Inti, Pachamama a Viracocha\" \/>\n<meta property=\"og:description\" content=\"Andsk\u00e9 kultury na iWell Guard: Inti, Pachamama, Viracocha a ochrann\u00e9 p\u0159edm\u011bty jako chakana a kameny apu, religionistick\u00fd v\u00fdklad.\" \/>\n<meta property=\"og:url\" content=\"https:\/\/iwell-guard.com\/cs\/andske-kultury-inkove-inti-pachamama-viracocha\/\" \/>\n<meta property=\"og:site_name\" content=\"iWell Guard\" \/>\n<meta property=\"article:modified_time\" content=\"2026-09-03T16:55:58+00:00\" \/>\n<meta property=\"og:image\" content=\"https:\/\/iwell-guard.com\/wp-content\/uploads\/2026\/05\/goetter_anden-inka_illapa.webp\" \/>\n\t<meta property=\"og:image:width\" content=\"1024\" \/>\n\t<meta property=\"og:image:height\" content=\"1536\" \/>\n\t<meta property=\"og:image:type\" content=\"image\/webp\" \/>\n<meta name=\"twitter:card\" content=\"summary_large_image\" \/>\n<script type=\"application\/ld+json\" class=\"yoast-schema-graph\">{\"@context\":\"https:\\\/\\\/schema.org\",\"@graph\":[{\"@type\":\"WebPage\",\"@id\":\"https:\\\/\\\/iwell-guard.com\\\/cs\\\/andske-kultury-inkove-inti-pachamama-viracocha\\\/\",\"url\":\"https:\\\/\\\/iwell-guard.com\\\/cs\\\/andske-kultury-inkove-inti-pachamama-viracocha\\\/\",\"name\":\"Andsk\u00e9 kultury \u2013 Inkov\u00e9, Pachamama a ochrann\u00e1 praxe\",\"isPartOf\":{\"@id\":\"https:\\\/\\\/iwell-guard.com\\\/cs\\\/#website\"},\"primaryImageOfPage\":{\"@id\":\"https:\\\/\\\/iwell-guard.com\\\/cs\\\/andske-kultury-inkove-inti-pachamama-viracocha\\\/#primaryimage\"},\"image\":{\"@id\":\"https:\\\/\\\/iwell-guard.com\\\/cs\\\/andske-kultury-inkove-inti-pachamama-viracocha\\\/#primaryimage\"},\"thumbnailUrl\":\"https:\\\/\\\/iwell-guard.com\\\/wp-content\\\/uploads\\\/2026\\\/05\\\/goetter_anden-inka_illapa.webp\",\"datePublished\":\"2026-09-03T16:30:24+00:00\",\"dateModified\":\"2026-09-03T16:55:58+00:00\",\"description\":\"Andsk\u00e9 kultury na iWell Guard: Inti, Pachamama, Viracocha a ochrann\u00e9 p\u0159edm\u011bty jako chakana a kameny apu, religionistick\u00fd v\u00fdklad.\",\"breadcrumb\":{\"@id\":\"https:\\\/\\\/iwell-guard.com\\\/cs\\\/andske-kultury-inkove-inti-pachamama-viracocha\\\/#breadcrumb\"},\"inLanguage\":\"cs\",\"potentialAction\":[{\"@type\":\"ReadAction\",\"target\":[\"https:\\\/\\\/iwell-guard.com\\\/cs\\\/andske-kultury-inkove-inti-pachamama-viracocha\\\/\"]}]},{\"@type\":\"ImageObject\",\"inLanguage\":\"cs\",\"@id\":\"https:\\\/\\\/iwell-guard.com\\\/cs\\\/andske-kultury-inkove-inti-pachamama-viracocha\\\/#primaryimage\",\"url\":\"https:\\\/\\\/iwell-guard.com\\\/wp-content\\\/uploads\\\/2026\\\/05\\\/goetter_anden-inka_illapa.webp\",\"contentUrl\":\"https:\\\/\\\/iwell-guard.com\\\/wp-content\\\/uploads\\\/2026\\\/05\\\/goetter_anden-inka_illapa.webp\",\"width\":1024,\"height\":1536,\"caption\":\"Bohov\u00e9 z andsko-inksk\u00e9 tradice.\"},{\"@type\":\"BreadcrumbList\",\"@id\":\"https:\\\/\\\/iwell-guard.com\\\/cs\\\/andske-kultury-inkove-inti-pachamama-viracocha\\\/#breadcrumb\",\"itemListElement\":[{\"@type\":\"ListItem\",\"position\":1,\"name\":\"Start\",\"item\":\"https:\\\/\\\/iwell-guard.com\\\/cs\\\/?page_id=145107\"},{\"@type\":\"ListItem\",\"position\":2,\"name\":\"Andsk\u00e9 kultury a Inkov\u00e9 \u2013 Inti, Pachamama a Viracocha\"}]},{\"@type\":\"WebSite\",\"@id\":\"https:\\\/\\\/iwell-guard.com\\\/cs\\\/#website\",\"url\":\"https:\\\/\\\/iwell-guard.com\\\/cs\\\/\",\"name\":\"iWell Guard\",\"description\":\"Schutz vor dunklen Einfl\u00fcssen\",\"publisher\":{\"@id\":\"https:\\\/\\\/iwell-guard.com\\\/cs\\\/#organization\"},\"potentialAction\":[{\"@type\":\"SearchAction\",\"target\":{\"@type\":\"EntryPoint\",\"urlTemplate\":\"https:\\\/\\\/iwell-guard.com\\\/cs\\\/?s={search_term_string}\"},\"query-input\":{\"@type\":\"PropertyValueSpecification\",\"valueRequired\":true,\"valueName\":\"search_term_string\"}}],\"inLanguage\":\"cs\"},{\"@type\":\"Organization\",\"@id\":\"https:\\\/\\\/iwell-guard.com\\\/cs\\\/#organization\",\"name\":\"Ittermann electronic GmbH\",\"url\":\"https:\\\/\\\/iwell-guard.com\\\/cs\\\/\",\"logo\":{\"@type\":\"ImageObject\",\"inLanguage\":\"cs\",\"@id\":\"https:\\\/\\\/iwell-guard.com\\\/cs\\\/#\\\/schema\\\/logo\\\/image\\\/\",\"url\":\"https:\\\/\\\/iwell-guard.com\\\/wp-content\\\/uploads\\\/2026\\\/05\\\/Ittermann-Logo-1182x237-1.png\",\"contentUrl\":\"https:\\\/\\\/iwell-guard.com\\\/wp-content\\\/uploads\\\/2026\\\/05\\\/Ittermann-Logo-1182x237-1.png\",\"width\":1182,\"height\":237,\"caption\":\"Ittermann electronic GmbH\"},\"image\":{\"@id\":\"https:\\\/\\\/iwell-guard.com\\\/cs\\\/#\\\/schema\\\/logo\\\/image\\\/\"},\"sameAs\":[\"https:\\\/\\\/pantip.com\\\/profile\\\/9367242\",\"https:\\\/\\\/micro.blog\\\/iwellguard\",\"https:\\\/\\\/www.diggerslist.com\\\/iwellguard\\\/about\",\"https:\\\/\\\/skitterphoto.com\\\/photographers\\\/2870314\\\/iwell-guard\",\"https:\\\/\\\/iwellguard.wordpress.com\\\/2026\\\/06\\\/06\\\/iwell-guard\\\/\",\"https:\\\/\\\/hub.docker.com\\\/u\\\/iwellguard\",\"https:\\\/\\\/www.pinterest.com\\\/iwellguard\\\/\",\"https:\\\/\\\/bit.ly\\\/m\\\/iwellguard\",\"https:\\\/\\\/entre-vos-mains.alsace.eu\\\/profiles\\\/iwellguard\\\/activity\",\"https:\\\/\\\/gravatar.com\\\/reallybeded8fd34\",\"https:\\\/\\\/naijamatta.com\\\/iwellguard\",\"https:\\\/\\\/www.goodreads.com\\\/iwellguard\",\"https:\\\/\\\/profile.hatena.ne.jp\\\/iwellguard\\\/\",\"https:\\\/\\\/experiment.com\\\/users\\\/iwellguard\",\"https:\\\/\\\/wakelet.com\\\/@iWellGuard82270\",\"https:\\\/\\\/www.chordie.com\\\/forum\\\/profile.php?id=2555664\",\"https:\\\/\\\/www.instapaper.com\\\/p\\\/17757966\",\"https:\\\/\\\/www.mapleprimes.com\\\/users\\\/iwellguard\",\"https:\\\/\\\/businesslistingplus.com\\\/profile\\\/iwell-guard\\\/\",\"https:\\\/\\\/telegra.ph\\\/iWell-Guard-06-06\",\"https:\\\/\\\/pbase.com\\\/iwellguard\\\/iwellguard\",\"https:\\\/\\\/b.hatena.ne.jp\\\/iwellguard\\\/20260607#bookmark-4788405196491818882\",\"https:\\\/\\\/fliphtml5.com\\\/home\\\/iwellguard\",\"https:\\\/\\\/anyflip.com\\\/homepage\\\/cmiwl#About\",\"https:\\\/\\\/transfur.com\\\/Users\\\/iwellguard\",\"http:\\\/\\\/delphi.larsbo.org\\\/user\\\/iwellguard\",\"https:\\\/\\\/jobs.lajobsportal.org\\\/profiles\\\/8380803-iwell-guard\",\"https:\\\/\\\/md.chaosdorf.de\\\/s\\\/jfbe5SBdJD\",\"https:\\\/\\\/www.lingvolive.com\\\/en-us\\\/profile\\\/9ecaeaca-ce11-4e51-9e71-01d55e2bff36\\\/translations\",\"https:\\\/\\\/www.fitday.com\\\/fitness\\\/forums\\\/members\\\/iwellguard.html\",\"https:\\\/\\\/www.mymeetbook.com\\\/iwellguard\",\"https:\\\/\\\/pxhere.com\\\/en\\\/photographer-me\\\/5040798\",\"https:\\\/\\\/disqus.com\\\/by\\\/iwellguard\\\/about\\\/\",\"https:\\\/\\\/pastelink.net\\\/hjwciqwq\",\"https:\\\/\\\/pubhtml5.com\\\/homepage\\\/scjhn\\\/\",\"https:\\\/\\\/www.bitchute.com\\\/channel\\\/2O2eOKzNqujT\",\"https:\\\/\\\/audiomack.com\\\/iwellguard\"]}]}<\/script>\n<!-- \/ Yoast SEO Premium plugin. -->","yoast_head_json":{"title":"Andsk\u00e9 kultury \u2013 Inkov\u00e9, Pachamama a ochrann\u00e1 praxe","description":"Andsk\u00e9 kultury na iWell Guard: Inti, Pachamama, Viracocha a ochrann\u00e9 p\u0159edm\u011bty jako chakana a kameny apu, religionistick\u00fd v\u00fdklad.","robots":{"index":"index","follow":"follow","max-snippet":"max-snippet:-1","max-image-preview":"max-image-preview:large","max-video-preview":"max-video-preview:-1"},"canonical":"https:\/\/iwell-guard.com\/cs\/andske-kultury-inkove-inti-pachamama-viracocha\/","og_locale":"cs_CZ","og_type":"article","og_title":"Andsk\u00e9 kultury a Inkov\u00e9 \u2013 Inti, Pachamama a Viracocha","og_description":"Andsk\u00e9 kultury na iWell Guard: Inti, Pachamama, Viracocha a ochrann\u00e9 p\u0159edm\u011bty jako chakana a kameny apu, religionistick\u00fd v\u00fdklad.","og_url":"https:\/\/iwell-guard.com\/cs\/andske-kultury-inkove-inti-pachamama-viracocha\/","og_site_name":"iWell Guard","article_modified_time":"2026-09-03T16:55:58+00:00","og_image":[{"width":1024,"height":1536,"url":"https:\/\/iwell-guard.com\/wp-content\/uploads\/2026\/05\/goetter_anden-inka_illapa.webp","type":"image\/webp"}],"twitter_card":"summary_large_image","schema":{"@context":"https:\/\/schema.org","@graph":[{"@type":"WebPage","@id":"https:\/\/iwell-guard.com\/cs\/andske-kultury-inkove-inti-pachamama-viracocha\/","url":"https:\/\/iwell-guard.com\/cs\/andske-kultury-inkove-inti-pachamama-viracocha\/","name":"Andsk\u00e9 kultury \u2013 Inkov\u00e9, Pachamama a ochrann\u00e1 praxe","isPartOf":{"@id":"https:\/\/iwell-guard.com\/cs\/#website"},"primaryImageOfPage":{"@id":"https:\/\/iwell-guard.com\/cs\/andske-kultury-inkove-inti-pachamama-viracocha\/#primaryimage"},"image":{"@id":"https:\/\/iwell-guard.com\/cs\/andske-kultury-inkove-inti-pachamama-viracocha\/#primaryimage"},"thumbnailUrl":"https:\/\/iwell-guard.com\/wp-content\/uploads\/2026\/05\/goetter_anden-inka_illapa.webp","datePublished":"2026-09-03T16:30:24+00:00","dateModified":"2026-09-03T16:55:58+00:00","description":"Andsk\u00e9 kultury na iWell Guard: Inti, Pachamama, Viracocha a ochrann\u00e9 p\u0159edm\u011bty jako chakana a kameny apu, religionistick\u00fd v\u00fdklad.","breadcrumb":{"@id":"https:\/\/iwell-guard.com\/cs\/andske-kultury-inkove-inti-pachamama-viracocha\/#breadcrumb"},"inLanguage":"cs","potentialAction":[{"@type":"ReadAction","target":["https:\/\/iwell-guard.com\/cs\/andske-kultury-inkove-inti-pachamama-viracocha\/"]}]},{"@type":"ImageObject","inLanguage":"cs","@id":"https:\/\/iwell-guard.com\/cs\/andske-kultury-inkove-inti-pachamama-viracocha\/#primaryimage","url":"https:\/\/iwell-guard.com\/wp-content\/uploads\/2026\/05\/goetter_anden-inka_illapa.webp","contentUrl":"https:\/\/iwell-guard.com\/wp-content\/uploads\/2026\/05\/goetter_anden-inka_illapa.webp","width":1024,"height":1536,"caption":"Bohov\u00e9 z andsko-inksk\u00e9 tradice."},{"@type":"BreadcrumbList","@id":"https:\/\/iwell-guard.com\/cs\/andske-kultury-inkove-inti-pachamama-viracocha\/#breadcrumb","itemListElement":[{"@type":"ListItem","position":1,"name":"Start","item":"https:\/\/iwell-guard.com\/cs\/?page_id=145107"},{"@type":"ListItem","position":2,"name":"Andsk\u00e9 kultury a Inkov\u00e9 \u2013 Inti, Pachamama a Viracocha"}]},{"@type":"WebSite","@id":"https:\/\/iwell-guard.com\/cs\/#website","url":"https:\/\/iwell-guard.com\/cs\/","name":"iWell Guard","description":"Schutz vor dunklen Einfl\u00fcssen","publisher":{"@id":"https:\/\/iwell-guard.com\/cs\/#organization"},"potentialAction":[{"@type":"SearchAction","target":{"@type":"EntryPoint","urlTemplate":"https:\/\/iwell-guard.com\/cs\/?s={search_term_string}"},"query-input":{"@type":"PropertyValueSpecification","valueRequired":true,"valueName":"search_term_string"}}],"inLanguage":"cs"},{"@type":"Organization","@id":"https:\/\/iwell-guard.com\/cs\/#organization","name":"Ittermann electronic GmbH","url":"https:\/\/iwell-guard.com\/cs\/","logo":{"@type":"ImageObject","inLanguage":"cs","@id":"https:\/\/iwell-guard.com\/cs\/#\/schema\/logo\/image\/","url":"https:\/\/iwell-guard.com\/wp-content\/uploads\/2026\/05\/Ittermann-Logo-1182x237-1.png","contentUrl":"https:\/\/iwell-guard.com\/wp-content\/uploads\/2026\/05\/Ittermann-Logo-1182x237-1.png","width":1182,"height":237,"caption":"Ittermann electronic GmbH"},"image":{"@id":"https:\/\/iwell-guard.com\/cs\/#\/schema\/logo\/image\/"},"sameAs":["https:\/\/pantip.com\/profile\/9367242","https:\/\/micro.blog\/iwellguard","https:\/\/www.diggerslist.com\/iwellguard\/about","https:\/\/skitterphoto.com\/photographers\/2870314\/iwell-guard","https:\/\/iwellguard.wordpress.com\/2026\/06\/06\/iwell-guard\/","https:\/\/hub.docker.com\/u\/iwellguard","https:\/\/www.pinterest.com\/iwellguard\/","https:\/\/bit.ly\/m\/iwellguard","https:\/\/entre-vos-mains.alsace.eu\/profiles\/iwellguard\/activity","https:\/\/gravatar.com\/reallybeded8fd34","https:\/\/naijamatta.com\/iwellguard","https:\/\/www.goodreads.com\/iwellguard","https:\/\/profile.hatena.ne.jp\/iwellguard\/","https:\/\/experiment.com\/users\/iwellguard","https:\/\/wakelet.com\/@iWellGuard82270","https:\/\/www.chordie.com\/forum\/profile.php?id=2555664","https:\/\/www.instapaper.com\/p\/17757966","https:\/\/www.mapleprimes.com\/users\/iwellguard","https:\/\/businesslistingplus.com\/profile\/iwell-guard\/","https:\/\/telegra.ph\/iWell-Guard-06-06","https:\/\/pbase.com\/iwellguard\/iwellguard","https:\/\/b.hatena.ne.jp\/iwellguard\/20260607#bookmark-4788405196491818882","https:\/\/fliphtml5.com\/home\/iwellguard","https:\/\/anyflip.com\/homepage\/cmiwl#About","https:\/\/transfur.com\/Users\/iwellguard","http:\/\/delphi.larsbo.org\/user\/iwellguard","https:\/\/jobs.lajobsportal.org\/profiles\/8380803-iwell-guard","https:\/\/md.chaosdorf.de\/s\/jfbe5SBdJD","https:\/\/www.lingvolive.com\/en-us\/profile\/9ecaeaca-ce11-4e51-9e71-01d55e2bff36\/translations","https:\/\/www.fitday.com\/fitness\/forums\/members\/iwellguard.html","https:\/\/www.mymeetbook.com\/iwellguard","https:\/\/pxhere.com\/en\/photographer-me\/5040798","https:\/\/disqus.com\/by\/iwellguard\/about\/","https:\/\/pastelink.net\/hjwciqwq","https:\/\/pubhtml5.com\/homepage\/scjhn\/","https:\/\/www.bitchute.com\/channel\/2O2eOKzNqujT","https:\/\/audiomack.com\/iwellguard"]}]}},"_links":{"self":[{"href":"https:\/\/iwell-guard.com\/cs\/wp-json\/wp\/v2\/pages\/145436","targetHints":{"allow":["GET"]}}],"collection":[{"href":"https:\/\/iwell-guard.com\/cs\/wp-json\/wp\/v2\/pages"}],"about":[{"href":"https:\/\/iwell-guard.com\/cs\/wp-json\/wp\/v2\/types\/page"}],"author":[{"embeddable":true,"href":"https:\/\/iwell-guard.com\/cs\/wp-json\/wp\/v2\/users\/3"}],"replies":[{"embeddable":true,"href":"https:\/\/iwell-guard.com\/cs\/wp-json\/wp\/v2\/comments?post=145436"}],"version-history":[{"count":0,"href":"https:\/\/iwell-guard.com\/cs\/wp-json\/wp\/v2\/pages\/145436\/revisions"}],"wp:featuredmedia":[{"embeddable":true,"href":"https:\/\/iwell-guard.com\/cs\/wp-json\/wp\/v2\/media\/2677"}],"wp:attachment":[{"href":"https:\/\/iwell-guard.com\/cs\/wp-json\/wp\/v2\/media?parent=145436"}],"wp:term":[{"taxonomy":"category","embeddable":true,"href":"https:\/\/iwell-guard.com\/cs\/wp-json\/wp\/v2\/categories?post=145436"}],"curies":[{"name":"wp","href":"https:\/\/api.w.org\/{rel}","templated":true}]}}