{"id":145410,"date":"2026-09-03T16:30:06","date_gmt":"2026-09-03T16:30:06","guid":{"rendered":"https:\/\/iwell-guard.com\/?page_id=145410"},"modified":"2026-09-03T16:55:14","modified_gmt":"2026-09-03T16:55:14","slug":"bael","status":"publish","type":"page","link":"https:\/\/iwell-guard.com\/cs\/bael\/","title":{"rendered":"Bael"},"content":{"rendered":"\t\t<div data-elementor-type=\"wp-page\" data-elementor-id=\"145410\" class=\"elementor elementor-145410 elementor-2256 elementor-bc-flex-widget\" data-elementor-post-type=\"page\">\n\t\t\t\t<div class=\"elementor-element elementor-element-10fdade e-flex e-con-boxed e-con e-parent\" data-id=\"10fdade\" data-element_type=\"container\" data-e-type=\"container\" data-settings=\"{&quot;background_background&quot;:&quot;classic&quot;}\">\n\t\t\t\t\t<div class=\"e-con-inner\">\n\t\t<div class=\"elementor-element elementor-element-herohlft0 e-flex e-con-boxed e-con e-child\" data-id=\"herohlft0\" data-element_type=\"container\" data-e-type=\"container\">\n\t\t\t\t\t<div class=\"e-con-inner\">\n\t\t<div class=\"elementor-element elementor-element-c3ceb64 e-con-full e-flex e-con e-child\" data-id=\"c3ceb64\" data-element_type=\"container\" data-e-type=\"container\">\n\t\t\t\t<div class=\"elementor-element elementor-element-96ae5e1 elementor-widget elementor-widget-heading\" data-id=\"96ae5e1\" data-element_type=\"widget\" data-e-type=\"widget\" data-widget_type=\"heading.default\">\n\t\t\t\t\t<h1 class=\"elementor-heading-title elementor-size-default\">Bael, prvn\u00ed kr\u00e1l Goetie<\/h1>\t\t\t\t<\/div>\n\t\t\t\t<div class=\"elementor-element elementor-element-e45238a elementor-widget elementor-widget-text-editor\" data-id=\"e45238a\" data-element_type=\"widget\" data-e-type=\"widget\" data-widget_type=\"text-editor.default\">\n\t\t\t\t\t\t\t\t\t<p><strong>Bael je prvn\u00ed<\/strong> ze sedmdes\u00e1ti dvou duch\u016f Ars Goetia, knihy z Lemegetonu, kter\u00e1 je dolo\u017eena od 17. stolet\u00ed a v 19. stolet\u00ed ji nov\u011b p\u0159elo\u017eil S. L. MacGregor Mathers.<\/p><p>V r\u00e1mci d\u00e9monick\u00e9 hierarchie stoj\u00ed Bael jako kr\u00e1l na vrcholu seznamu a vel\u00ed \u0161edes\u00e1ti \u0161esti legi\u00edm. Jeho jm\u00e9no odkazuje na semitsk\u00e9ho boha Baala, b\u00fdval\u00e9ho nejvy\u0161\u0161\u00edho boha syrsko-kana\u00e1nsk\u00e9 oblasti, kter\u00e9ho k\u0159es\u0165ansk\u00e1 demonologie p\u0159esunula do rejst\u0159\u00edku padl\u00fdch duch\u016f. Bael se jako prvn\u00ed kr\u00e1l \u0159ad\u00ed mezi bytosti, kter\u00e9 tradice shrnuje jako 72 duch\u016f Goetie.<\/p>\t\t\t\t\t\t\t\t<\/div>\n\t\t\t\t<\/div>\n\t\t<div class=\"elementor-element elementor-element-klsbdg01 e-con-full e-flex e-con e-parent\" data-id=\"klsbdg01\" data-element_type=\"container\" data-e-type=\"container\">\n\t\t\t\t<div class=\"elementor-element elementor-element-klshtm01 elementor-widget elementor-widget-html\" data-id=\"klshtm01\" data-element_type=\"widget\" data-e-type=\"widget\" data-widget_type=\"html.default\">\n\t\t\t\t\t<div class=\"iwg-pill-row\"><span class=\"iwg-klasse-badge\" tabindex=\"0\" data-tooltip=\"D\u00e9mon: nadp\u0159irozen\u00e1 bytost, obvykle \u0161kodliv\u00e1, stoj\u00edc\u00ed mezi bohy a lidmi.\">D\u00e9mon<\/span><a href=\"https:\/\/iwell-guard.com\/cs\/?page_id=145139\" class=\"iwg-kultur-badge\" tabindex=\"0\" data-tooltip=\"K\u0159es\u0165ansk\u00e1 tradice od 1. stolet\u00ed n. l.\">K\u0159es\u0165anstv\u00ed<\/a><\/div>\t\t\t\t<\/div>\n\t\t\t\t<\/div>\n\t\t<div class=\"elementor-element elementor-element-3f74855 e-con-full e-flex e-con e-child\" data-id=\"3f74855\" data-element_type=\"container\" data-e-type=\"container\">\n\t\t\t\t<div class=\"elementor-element elementor-element-1c30362 elementor-toc--minimized-on-tablet elementor-widget elementor-widget-table-of-contents\" data-id=\"1c30362\" data-element_type=\"widget\" data-e-type=\"widget\" data-settings=\"{&quot;exclude_headings_by_selector&quot;:[],&quot;no_headings_message&quot;:&quot;Na t\\u00e9to str\\u00e1nce nebyly nalezeny \\u017e\\u00e1dn\\u00e9 nadpisy.&quot;,&quot;headings_by_tags&quot;:[&quot;h2&quot;,&quot;h3&quot;],&quot;marker_view&quot;:&quot;bullets&quot;,&quot;minimize_box&quot;:&quot;yes&quot;,&quot;icon&quot;:{&quot;value&quot;:&quot;fas fa-circle&quot;,&quot;library&quot;:&quot;fa-solid&quot;,&quot;rendered_tag&quot;:&quot;&lt;svg class=\\&quot;e-font-icon-svg e-fas-circle\\&quot; viewBox=\\&quot;0 0 512 512\\&quot; xmlns=\\&quot;http:\\\/\\\/www.w3.org\\\/2000\\\/svg\\&quot;&gt;&lt;path d=\\&quot;M256 8C119 8 8 119 8 256s111 248 248 248 248-111 248-248S393 8 256 8z\\&quot;&gt;&lt;\\\/path&gt;&lt;\\\/svg&gt;&quot;},&quot;minimized_on&quot;:&quot;tablet&quot;,&quot;hierarchical_view&quot;:&quot;yes&quot;,&quot;min_height&quot;:{&quot;unit&quot;:&quot;px&quot;,&quot;size&quot;:&quot;&quot;,&quot;sizes&quot;:[]},&quot;min_height_tablet&quot;:{&quot;unit&quot;:&quot;px&quot;,&quot;size&quot;:&quot;&quot;,&quot;sizes&quot;:[]},&quot;min_height_mobile&quot;:{&quot;unit&quot;:&quot;px&quot;,&quot;size&quot;:&quot;&quot;,&quot;sizes&quot;:[]}}\" data-widget_type=\"table-of-contents.default\">\n\t\t\t\t\t\t\t\t\t<div class=\"elementor-toc__header\">\n\t\t\t\t\t\t<h2 class=\"elementor-toc__header-title\">\n\t\t\t\tObsah\t\t\t<\/h2>\n\t\t\t\t\t\t\t\t\t\t<div class=\"elementor-toc__toggle-button elementor-toc__toggle-button--expand\" role=\"button\" tabindex=\"0\" aria-controls=\"elementor-toc__1c30362\" aria-expanded=\"true\" aria-label=\"Open table of contents\"><svg aria-hidden=\"true\" class=\"e-font-icon-svg e-fas-chevron-down\" viewBox=\"0 0 448 512\" xmlns=\"http:\/\/www.w3.org\/2000\/svg\"><path d=\"M207.029 381.476L12.686 187.132c-9.373-9.373-9.373-24.569 0-33.941l22.667-22.667c9.357-9.357 24.522-9.375 33.901-.04L224 284.505l154.745-154.021c9.379-9.335 24.544-9.317 33.901.04l22.667 22.667c9.373 9.373 9.373 24.569 0 33.941L240.971 381.476c-9.373 9.372-24.569 9.372-33.942 0z\"><\/path><\/svg><\/div>\n\t\t\t\t<div class=\"elementor-toc__toggle-button elementor-toc__toggle-button--collapse\" role=\"button\" tabindex=\"0\" aria-controls=\"elementor-toc__1c30362\" aria-expanded=\"true\" aria-label=\"Close table of contents\"><svg aria-hidden=\"true\" class=\"e-font-icon-svg e-fas-chevron-up\" viewBox=\"0 0 448 512\" xmlns=\"http:\/\/www.w3.org\/2000\/svg\"><path d=\"M240.971 130.524l194.343 194.343c9.373 9.373 9.373 24.569 0 33.941l-22.667 22.667c-9.357 9.357-24.522 9.375-33.901.04L224 227.495 69.255 381.516c-9.379 9.335-24.544 9.317-33.901-.04l-22.667-22.667c-9.373-9.373-9.373-24.569 0-33.941L207.03 130.525c9.372-9.373 24.568-9.373 33.941-.001z\"><\/path><\/svg><\/div>\n\t\t\t\t\t<\/div>\n\t\t\t\t<div id=\"elementor-toc__1c30362\" class=\"elementor-toc__body\">\n\t\t\t<div class=\"elementor-toc__spinner-container\">\n\t\t\t\t<svg class=\"elementor-toc__spinner eicon-animation-spin e-font-icon-svg e-eicon-loading\" aria-hidden=\"true\" viewBox=\"0 0 1000 1000\" xmlns=\"http:\/\/www.w3.org\/2000\/svg\"><path d=\"M500 975V858C696 858 858 696 858 500S696 142 500 142 142 304 142 500H25C25 237 238 25 500 25S975 237 975 500 763 975 500 975Z\"><\/path><\/svg>\t\t\t<\/div>\n\t\t<\/div>\n\t\t\t\t\t\t<\/div>\n\t\t\t\t<\/div>\n\t\t\t\t\t<\/div>\n\t\t\t\t<\/div>\n\t\t<div class=\"elementor-element elementor-element-herorght0 e-con-full e-flex e-con e-child\" data-id=\"herorght0\" data-element_type=\"container\" data-e-type=\"container\">\n\t\t\t\t<div class=\"elementor-element elementor-element-heroimg00 iwg-hero-image elementor-widget elementor-widget-image\" data-id=\"heroimg00\" data-element_type=\"widget\" data-e-type=\"widget\" data-widget_type=\"image.default\">\n\t\t\t\t\t\t\t\t\t\t\t\t\t\t\t<img fetchpriority=\"high\" decoding=\"async\" width=\"683\" height=\"1024\" src=\"https:\/\/iwell-guard.com\/wp-content\/uploads\/2026\/05\/daemonen_christentum_bael-683x1024.webp\" class=\"attachment-large size-large wp-image-147403\" alt=\"Bael, d\u00e9mon k\u0159es\u0165ansko-okultistick\u00e9 tradice goetie\" srcset=\"https:\/\/iwell-guard.com\/wp-content\/uploads\/2026\/05\/daemonen_christentum_bael-683x1024.webp 683w, https:\/\/iwell-guard.com\/wp-content\/uploads\/2026\/05\/daemonen_christentum_bael-200x300.webp 200w, https:\/\/iwell-guard.com\/wp-content\/uploads\/2026\/05\/daemonen_christentum_bael-768x1152.webp 768w, https:\/\/iwell-guard.com\/wp-content\/uploads\/2026\/05\/daemonen_christentum_bael.webp 1024w\" sizes=\"(max-width: 683px) 100vw, 683px\" \/>\t\t\t\t\t\t\t\t\t\t\t\t\t\t\t<\/div>\n\t\t\t\t<\/div>\n\t\t\t\t\t<\/div>\n\t\t\t\t<\/div>\n\t\t<div class=\"elementor-element elementor-element-32917199 e-flex e-con-boxed e-con e-parent\" data-id=\"32917199\" data-element_type=\"container\" data-e-type=\"container\">\n\t\t\t\t\t<div class=\"e-con-inner\">\n\t\t<div class=\"elementor-element elementor-element-26e916cb e-flex e-con-boxed e-con e-child\" data-id=\"26e916cb\" data-element_type=\"container\" data-e-type=\"container\">\n\t\t\t\t\t<div class=\"e-con-inner\">\n\t\t<div class=\"elementor-element elementor-element-253a40d4 e-flex e-con-boxed e-con e-child\" data-id=\"253a40d4\" data-element_type=\"container\" data-e-type=\"container\">\n\t\t\t\t\t<div class=\"e-con-inner\">\n\t\t\t\t<div class=\"elementor-element elementor-element-1200c304 elementor-widget elementor-widget-heading\" data-id=\"1200c304\" data-element_type=\"widget\" data-e-type=\"widget\" data-widget_type=\"heading.default\">\n\t\t\t\t\t<h2 class=\"elementor-heading-title elementor-size-default\">Bael<\/h2>\t\t\t\t<\/div>\n\t\t\t\t<div class=\"elementor-element elementor-element-11758e7f elementor-widget elementor-widget-text-editor\" data-id=\"11758e7f\" data-element_type=\"widget\" data-e-type=\"widget\" data-widget_type=\"text-editor.default\">\n\t\t\t\t\t\t\t\t\t<p><strong>Bael je prvn\u00ed<\/strong> ze sedmdes\u00e1ti dvou duch\u016f Ars Goetia, knihy z Lemegetonu, kter\u00e1 je dolo\u017eena od 17. stolet\u00ed a v 19. stolet\u00ed ji nov\u011b p\u0159elo\u017eil S. L. MacGregor Mathers.<\/p><p>V r\u00e1mci d\u00e9monick\u00e9 hierarchie stoj\u00ed Bael jako kr\u00e1l na vrcholu seznamu a vel\u00ed \u0161edes\u00e1ti \u0161esti legi\u00edm. Jeho jm\u00e9no odkazuje na semitsk\u00e9ho boha Baala, b\u00fdval\u00e9ho nejvy\u0161\u0161\u00edho boha syrsko-kana\u00e1nsk\u00e9 oblasti, kter\u00e9ho k\u0159es\u0165ansk\u00e1 demonologie p\u0159esunula do rejst\u0159\u00edku padl\u00fdch duch\u016f.<\/p>\t\t\t\t\t\t\t\t<\/div>\n\t\t\t\t\t<\/div>\n\t\t\t\t<\/div>\n\t\t<div class=\"elementor-element elementor-element-159dcf9a e-flex e-con-boxed e-con e-child\" data-id=\"159dcf9a\" data-element_type=\"container\" data-e-type=\"container\">\n\t\t\t\t\t<div class=\"e-con-inner\">\n\t\t\t\t<div class=\"elementor-element elementor-element-48cee66f elementor-widget elementor-widget-heading\" data-id=\"48cee66f\" data-element_type=\"widget\" data-e-type=\"widget\" data-widget_type=\"heading.default\">\n\t\t\t\t\t<h2 class=\"elementor-heading-title elementor-size-default\">Rychl\u00fd p\u0159ehled: Bael<\/h2>\t\t\t\t<\/div>\n\t\t\t\t<div class=\"elementor-element elementor-element-3f50d82c elementor-widget elementor-widget-text-editor\" data-id=\"3f50d82c\" data-element_type=\"widget\" data-e-type=\"widget\" data-widget_type=\"text-editor.default\">\n\t\t\t\t\t\t\t\t\t<p><span data-nosnippet><strong>Typ:<\/strong> <span class=\"iwg-fachbegriff\" data-tooltip=\"Duchovn\u00ed bytost, j\u00ed\u017e je p\u0159isuzov\u00e1no \u0161kodliv\u00e9 nebo rozporupln\u00e9 p\u016fsoben\u00ed.\" tabindex=\"0\">D\u00e9mon<\/span>, kr\u00e1l Ars Goetia<br><strong>P\u016fvod:<\/strong> z\u00e1padosemitsk\u00e1 oblast, odvozeno od jm\u00e9na boha Baala<br><strong>Po\u0159ad\u00ed:<\/strong> prvn\u00ed ze 72 duch\u016f, kr\u00e1l nad 66 legiemi<br><strong>Prameny:<\/strong> Pseudomonarchia Daemonum (1577), Ars Goetia, Dictionnaire infernal<br><strong>P\u0159\u00edbuzn\u00ed:<\/strong> Belzebub, Paimon, Belial, Asmodeus<\/span><\/p>\t\t\t\t\t\t\t\t<\/div>\n\t\t\t\t\t<\/div>\n\t\t\t\t<\/div>\n\t\t\t\t\t<\/div>\n\t\t\t\t<\/div>\n\t\t\t\t\t<\/div>\n\t\t\t\t<\/div>\n\t\t<div class=\"elementor-element elementor-element-18613602 e-flex e-con-boxed e-con e-parent\" data-id=\"18613602\" data-element_type=\"container\" data-e-type=\"container\">\n\t\t\t\t\t<div class=\"e-con-inner\">\n\t\t\t\t<div class=\"elementor-element elementor-element-262b8a9f elementor-widget elementor-widget-heading\" data-id=\"262b8a9f\" data-element_type=\"widget\" data-e-type=\"widget\" data-widget_type=\"heading.default\">\n\t\t\t\t\t<h2 class=\"elementor-heading-title elementor-size-default\">Za\u0159azen\u00ed<\/h2>\t\t\t\t<\/div>\n\t\t<div class=\"elementor-element elementor-element-46dcb7d e-con-full e-flex e-con e-child\" data-id=\"46dcb7d\" data-element_type=\"container\" data-e-type=\"container\">\n\t\t<div class=\"elementor-element elementor-element-61d3ab3 e-flex e-con-boxed e-con e-child\" data-id=\"61d3ab3\" data-element_type=\"container\" data-e-type=\"container\">\n\t\t\t\t\t<div class=\"e-con-inner\">\n\t\t\t\t<div class=\"elementor-element elementor-element-117c166 elementor-widget elementor-widget-heading\" data-id=\"117c166\" data-element_type=\"widget\" data-e-type=\"widget\" data-widget_type=\"heading.default\">\n\t\t\t\t\t<div class=\"elementor-heading-title elementor-size-default\">Zeitraum der Texte<\/div>\t\t\t\t<\/div>\n\t\t\t\t<div class=\"elementor-element elementor-element-73997a0 elementor-widget elementor-widget-text-editor\" data-id=\"73997a0\" data-element_type=\"widget\" data-e-type=\"widget\" data-widget_type=\"text-editor.default\">\n\t\t\t\t\t\t\t\t\t<p>Rozhoduj\u00edc\u00ed prameny poch\u00e1zej\u00ed z ran\u00e9ho novov\u011bku. Pseudomonarchia Daemonum vy\u0161la v roce 1577 jako p\u0159\u00edloha k d\u00edlu Johanna Weyera De praestigiis daemonum. Rukopisn\u00e1 <span class=\"iwg-fachbegriff\" data-tooltip=\"P\u0159enos znalost\u00ed a vypr\u00e1v\u011bn\u00ed mezi generacemi.\" tabindex=\"0\">tradice<\/span> Lemegetonu je dolo\u017eena a\u017e od 17. stolet\u00ed, a\u010dkoli jej\u00ed prameny sahaj\u00ed z\u010d\u00e1sti d\u00e1le do minulosti.<\/p><p>Dictionnaire infernal od Collina de Plancy vy\u0161el v roce 1818, vlivn\u00e9 ilustrovan\u00e9 vyd\u00e1n\u00ed n\u00e1sledovalo v roce 1863. N\u00e1bo\u017eenskohistorick\u00fd kontext jm\u00e9na sah\u00e1 a\u017e do druh\u00e9ho tis\u00edcilet\u00ed p\u0159ed na\u0161\u00edm letopo\u010dtem.<\/p>\t\t\t\t\t\t\t\t<\/div>\n\t\t\t\t\t<\/div>\n\t\t\t\t<\/div>\n\t\t<div class=\"elementor-element elementor-element-d47b156 e-flex e-con-boxed e-con e-child\" data-id=\"d47b156\" data-element_type=\"container\" data-e-type=\"container\">\n\t\t\t\t\t<div class=\"e-con-inner\">\n\t\t\t\t<div class=\"elementor-element elementor-element-ff38c2b elementor-widget elementor-widget-heading\" data-id=\"ff38c2b\" data-element_type=\"widget\" data-e-type=\"widget\" data-widget_type=\"heading.default\">\n\t\t\t\t\t<div class=\"elementor-heading-title elementor-size-default\">Verbreitungsraum<\/div>\t\t\t\t<\/div>\n\t\t\t\t<div class=\"elementor-element elementor-element-4e49fcc elementor-widget elementor-widget-text-editor\" data-id=\"4e49fcc\" data-element_type=\"widget\" data-e-type=\"widget\" data-widget_type=\"text-editor.default\">\n\t\t\t\t\t\t\t\t\t<p><span data-nosnippet>Jm\u00e9no Bael odkazuje na z\u00e1padosemitskou oblast, tedy S\u00fdrii, F\u00e9nicii a starov\u011bk\u00fd Izrael, kde bylo jm\u00e9no boha Baala b\u011b\u017en\u00e9. Naproti tomu d\u00e9monologick\u00e1 postava Baela je produktem z\u00e1padoevropsk\u00e9 grimo\u00e1rov\u00e9 tradice a je dochov\u00e1na p\u0159edev\u0161\u00edm ve Francii, Anglii a n\u011bmeckojazy\u010dn\u00e9 oblasti. Prost\u0159ednictv\u00edm anglick\u00e9ho vyd\u00e1n\u00ed Goetie z roku 1904 dos\u00e1hla postava mezin\u00e1rodn\u00edho publika.<\/span><\/p>\t\t\t\t\t\t\t\t<\/div>\n\t\t\t\t\t<\/div>\n\t\t\t\t<\/div>\n\t\t\t\t<\/div>\n\t\t<div class=\"elementor-element elementor-element-db03c39 e-con-full e-flex e-con e-child\" data-id=\"db03c39\" data-element_type=\"container\" data-e-type=\"container\">\n\t\t<div class=\"elementor-element elementor-element-229a87b e-flex e-con-boxed e-con e-child\" data-id=\"229a87b\" data-element_type=\"container\" data-e-type=\"container\">\n\t\t\t\t\t<div class=\"e-con-inner\">\n\t\t\t\t<div class=\"elementor-element elementor-element-1f471fc elementor-widget elementor-widget-heading\" data-id=\"1f471fc\" data-element_type=\"widget\" data-e-type=\"widget\" data-widget_type=\"heading.default\">\n\t\t\t\t\t<div class=\"elementor-heading-title elementor-size-default\">Quellenlage<\/div>\t\t\t\t<\/div>\n\t\t\t\t<div class=\"elementor-element elementor-element-36b1201 elementor-widget elementor-widget-text-editor\" data-id=\"36b1201\" data-element_type=\"widget\" data-e-type=\"widget\" data-widget_type=\"text-editor.default\">\n\t\t\t\t\t\t\t\t\t<p>Kl\u00ed\u010dov\u00fdmi texty jsou Pseudomonarchia Daemonum od Johanna Weyera, Ars Goetia jako prvn\u00ed kniha Lemegetonu a Dictionnaire infernal. Weyer p\u0159evzal star\u0161\u00ed seznam a znovu jej uspo\u0159\u00e1dal.<\/p><p>Zda seznam Goetie vych\u00e1z\u00ed z jednotn\u00e9ho historick\u00e9ho j\u00e1dra, nebo byl sestaven z n\u011bkolika pramen\u016f, z\u016fst\u00e1v\u00e1 ve v\u00fdzkumu otev\u0159enou ot\u00e1zkou. Joseph Peterson, editor komentovan\u00e9ho vyd\u00e1n\u00ed, se p\u0159ikl\u00e1n\u00ed k tezi o kompilaci a odkazuje na star\u0161\u00ed arabsk\u00e9 a \u017eidovsk\u00e9 seznamy duch\u016f.<\/p>\t\t\t\t\t\t\t\t<\/div>\n\t\t\t\t\t<\/div>\n\t\t\t\t<\/div>\n\t\t\t\t<\/div>\n\t\t\t\t\t<\/div>\n\t\t\t\t<\/div>\n\t\t<div class=\"elementor-element elementor-element-3ae0637c e-flex e-con-boxed e-con e-parent\" data-id=\"3ae0637c\" data-element_type=\"container\" data-e-type=\"container\">\n\t\t\t\t\t<div class=\"e-con-inner\">\n\t\t\t\t<div class=\"elementor-element elementor-element-31d07739 elementor-widget elementor-widget-heading\" data-id=\"31d07739\" data-element_type=\"widget\" data-e-type=\"widget\" data-widget_type=\"heading.default\">\n\t\t\t\t\t<h2 class=\"elementor-heading-title elementor-size-default\">Jm\u00e9no<\/h2>\t\t\t\t<\/div>\n\t\t<div class=\"elementor-element elementor-element-b7642947 e-con-full e-flex e-con e-child\" data-id=\"b7642947\" data-element_type=\"container\" data-e-type=\"container\">\n\t\t\t\t<div class=\"elementor-element elementor-element-a086266 elementor-widget elementor-widget-text-editor\" data-id=\"a086266\" data-element_type=\"widget\" data-e-type=\"widget\" data-widget_type=\"text-editor.default\">\n\t\t\t\t\t\t\t\t\t<p>Jm\u00e9no Bael je jednou z mnoha pravopisn\u00fdch variant semitsk\u00e9ho slova ba\u02bfal, kter\u00e9 jednodu\u0161e znamen\u00e1 p\u00e1n nebo vlastn\u00edk. V z\u00e1padosemitsk\u00e9 oblasti nebylo Ba\u02bfal vlastn\u00edm jm\u00e9nem, n\u00fdbr\u017e titulem, kter\u00fd n\u00e1le\u017eel r\u016fzn\u00fdm m\u00edstn\u00edm bo\u017estv\u016fm.<\/p><p>Nejzn\u00e1m\u011bj\u0161\u00ed je ugaritsk\u00fd b\u016fh po\u010das\u00ed Ba\u02bfal, jeho\u017e m\u00fdty dochovaly hlin\u011bn\u00e9 tabulky z Ras \u0160amry. Krom\u011b n\u011bj existoval Ba\u02bfal z T\u00fdru, Ba\u02bfal-Hammon Kart\u00e1ga a \u0159ada m\u00edstn\u00edch bo\u017estev, z nich\u017e ka\u017ed\u00e9 bylo pova\u017eov\u00e1no za p\u00e1na sv\u00e9ho kultovn\u00edho m\u00edsta.<\/p><p>V grimo\u00e1rov\u00e9 tradici se postava objevuje jako Bael, v popul\u00e1rn\u00ed kultu\u0159e tak\u00e9 jako Baal nebo Bhaal. Bl\u00edzce p\u0159\u00edbuzn\u00fdm mezistupn\u011bm je Belzebub, jeho\u017e jm\u00e9no se objevuje ve Druh\u00e9 knize kr\u00e1lovsk\u00e9 jako ba\u02bfal z\u0259b\u00fbb, p\u00e1n mu\u0161ek. Tyto pravopisn\u00e9 varianty zast\u00edraj\u00ed, \u017ee se za nimi skr\u00fdv\u00e1 n\u011bkolik odd\u011blen\u00fdch lini\u00ed tradice: <span class=\"iwg-fachbegriff\" data-tooltip=\"Epocha \u0159eck\u00e9 a \u0159\u00edmsk\u00e9 kultury, p\u0159ibli\u017en\u011b od 800 p\u0159. n. l. do 600 n. l.\" tabindex=\"0\">antick\u00fd<\/span> b\u016fh po\u010das\u00ed, biblick\u00e1 polemika a ran\u011b novov\u011bk\u00fd kn\u00ed\u017ee pekel.<\/p>\t\t\t\t\t\t\t\t<\/div>\n\t\t\t\t<\/div>\n\t\t\t\t\t<\/div>\n\t\t\t\t<\/div>\n\t\t<div class=\"elementor-element elementor-element-709a44a8 e-flex e-con-boxed e-con e-parent\" data-id=\"709a44a8\" data-element_type=\"container\" data-e-type=\"container\">\n\t\t\t\t\t<div class=\"e-con-inner\">\n\t\t\t\t<div class=\"elementor-element elementor-element-2f585873 elementor-widget elementor-widget-heading\" data-id=\"2f585873\" data-element_type=\"widget\" data-e-type=\"widget\" data-widget_type=\"heading.default\">\n\t\t\t\t\t<h2 class=\"elementor-heading-title elementor-size-default\">Popis<\/h2>\t\t\t\t<\/div>\n\t\t<div class=\"elementor-element elementor-element-70621c12 e-con-full e-flex e-con e-child\" data-id=\"70621c12\" data-element_type=\"container\" data-e-type=\"container\">\n\t\t\t\t<div class=\"elementor-element elementor-element-4296eb49 elementor-widget elementor-widget-text-editor\" data-id=\"4296eb49\" data-element_type=\"widget\" data-e-type=\"widget\" data-widget_type=\"text-editor.default\">\n\t\t\t\t\t\t\t\t\t<p>Ikonografick\u00e1 tradice Baela je n\u00e1padn\u00e1. Podle Ars Goetia se objevuje se t\u0159emi hlavami, v jedn\u00e9 variant\u011b s hlavou ropuchy, lidskou hlavou a ko\u010di\u010d\u00ed hlavou, nesen\u00fdmi na pavou\u010d\u00edch noh\u00e1ch. Krom\u011b toho existuj\u00ed zobrazen\u00ed se dv\u011bma zv\u00ed\u0159ec\u00edmi hlavami m\u00edsto t\u0159\u00ed. Text Lemegetonu popisuje jeho hlas jako drsn\u00fd a chraplav\u00fd.<\/p><p><span data-nosnippet>Schopnost, kterou mu texty p\u0159isuzuj\u00ed, je schopnost ud\u011blit vyvol\u00e1vaj\u00edc\u00edmu neviditelnost, a d\u00e1le lstivost. Hybridn\u00ed forma zv\u00ed\u0159e-\u010dlov\u011bk nen\u00ed v z\u00e1padoevropsk\u00e9m grimo\u00e1rov\u00e9m materi\u00e1lu neobvykl\u00e1, av\u0161ak kombinace \u010dlov\u011bk-ko\u010dka-ropucha je omezena pouze na Baela. Ikonograficky ji vytvo\u0159il Collin de Plancy v ilustrovan\u00e9m vyd\u00e1n\u00ed Dictionnaire infernal z roku 1863.<\/span><\/p><p>Tato ilustrace ur\u010duje popul\u00e1rn\u00ed p\u0159edstavu o Baelovi a\u017e do dne\u0161ka. Star\u0161\u00ed prameny jako Munich Handbook of Necromancy z 15. stolet\u00ed neobsahuj\u00ed \u017e\u00e1dn\u00e9 obrazy a p\u0159ed\u00e1vaj\u00ed popis pouze slovn\u011b. Ikonografie ropu\u0161\u00ed hlavy nem\u00e1 s historick\u00fdm bohem po\u010das\u00ed Baalem nic spole\u010dn\u00e9ho, n\u00fdbr\u017e je samostatn\u00fdm produktem pozdn\u011b st\u0159edov\u011bk\u00e9ho a ran\u011b novov\u011bk\u00e9ho sv\u011bta p\u0159edstav.<\/p>\t\t\t\t\t\t\t\t<\/div>\n\t\t\t\t<\/div>\n\t\t\t\t\t<\/div>\n\t\t\t\t<\/div>\n\t\t<div class=\"elementor-element elementor-element-44e71476 e-flex e-con-boxed e-con e-parent\" data-id=\"44e71476\" data-element_type=\"container\" data-e-type=\"container\">\n\t\t\t\t\t<div class=\"e-con-inner\">\n\t\t\t\t<div class=\"elementor-element elementor-element-3c1fc3f0 elementor-widget elementor-widget-heading\" data-id=\"3c1fc3f0\" data-element_type=\"widget\" data-e-type=\"widget\" data-widget_type=\"heading.default\">\n\t\t\t\t\t<h2 class=\"elementor-heading-title elementor-size-default\">Profil: Bael<\/h2>\t\t\t\t<\/div>\n\t\t<div class=\"elementor-element elementor-element-84f33b8e e-con-full e-flex e-con e-child\" data-id=\"84f33b8e\" data-element_type=\"container\" data-e-type=\"container\">\n\t\t\t\t<div class=\"elementor-element elementor-element-hqkdc67p elementor-widget elementor-widget-text-editor\" data-id=\"hqkdc67p\" data-element_type=\"widget\" data-e-type=\"widget\" data-widget_type=\"text-editor.default\">\n\t\t\t\t\t\t\t\t\t<p>N\u00e1sleduj\u00edc\u00ed pole shrnuj\u00ed nejd\u016fle\u017eit\u011bj\u0161\u00ed \u00fadaje pramen\u016f o Baelovi.<\/p>\t\t\t\t\t\t\t\t<\/div>\n\t\t\t\t<\/div>\n\t\t<div class=\"elementor-element elementor-element-pemmx7c5 e-con-full e-flex e-con e-child\" data-id=\"pemmx7c5\" data-element_type=\"container\" data-e-type=\"container\">\n\t\t<div class=\"elementor-element elementor-element-pemmx7c1 e-con-full e-flex e-con e-child\" data-id=\"pemmx7c1\" data-element_type=\"container\" data-e-type=\"container\">\n\t\t<div class=\"elementor-element elementor-element-qh9oavvu iwg-steckbrief-card e-flex e-con-boxed e-con e-child\" data-id=\"qh9oavvu\" data-element_type=\"container\" data-e-type=\"container\">\n\t\t\t\t\t<div class=\"e-con-inner\">\n\t\t\t\t<div class=\"elementor-element elementor-element-awzx8k2k elementor-widget elementor-widget-heading\" data-id=\"awzx8k2k\" data-element_type=\"widget\" data-e-type=\"widget\" data-widget_type=\"heading.default\">\n\t\t\t\t\t<div class=\"elementor-heading-title elementor-size-default\">P\u016fvod<\/div>\t\t\t\t<\/div>\n\t\t\t\t<div class=\"elementor-element elementor-element-x6rowhv0 elementor-widget elementor-widget-text-editor\" data-id=\"x6rowhv0\" data-element_type=\"widget\" data-e-type=\"widget\" data-widget_type=\"text-editor.default\">\n\t\t\t\t\t\t\t\t\t<p>Jm\u00e9no se odvozuje od semitsk\u00e9ho Baala, jednoho z nejv\u00fdznamn\u011bj\u0161\u00edch jmen boh\u016f syrsko-kana\u00e1nsk\u00e9 oblasti. Baal znamen\u00e1 p\u00e1n a ozna\u010doval jak Hadada, boha bou\u0159e a po\u010das\u00ed, tak m\u00edstn\u00ed ochrann\u00e1 bo\u017estva. K\u0159es\u0165ansk\u00e1 demonologie p\u0159esunula tohoto b\u00fdval\u00e9ho nejvy\u0161\u0161\u00edho boha do rejst\u0159\u00edku padl\u00fdch duch\u016f. Z funkce boha bou\u0159e nebo plodnosti nen\u00ed v Lemegetonu ji\u017e nic patrn\u00e9.<\/p>\t\t\t\t\t\t\t\t<\/div>\n\t\t\t\t\t<\/div>\n\t\t\t\t<\/div>\n\t\t<div class=\"elementor-element elementor-element-8e3o4kxs iwg-steckbrief-card e-flex e-con-boxed e-con e-child\" data-id=\"8e3o4kxs\" data-element_type=\"container\" data-e-type=\"container\">\n\t\t\t\t\t<div class=\"e-con-inner\">\n\t\t\t\t<div class=\"elementor-element elementor-element-08rkdgov elementor-widget elementor-widget-heading\" data-id=\"08rkdgov\" data-element_type=\"widget\" data-e-type=\"widget\" data-widget_type=\"heading.default\">\n\t\t\t\t\t<div class=\"elementor-heading-title elementor-size-default\">Po\u0159ad\u00ed a funkce<\/div>\t\t\t\t<\/div>\n\t\t\t\t<div class=\"elementor-element elementor-element-uwjelx8s elementor-widget elementor-widget-text-editor\" data-id=\"uwjelx8s\" data-element_type=\"widget\" data-e-type=\"widget\" data-widget_type=\"text-editor.default\">\n\t\t\t\t\t\t\t\t\t<p>Bael je kr\u00e1l a stoj\u00ed na prvn\u00edm m\u00edst\u011b seznamu Goetia. Podl\u00e9h\u00e1 mu \u0161edes\u00e1t \u0161est legi\u00ed. Podle Pseudomonarchia Daemonum vl\u00e1dne v\u00fdchodn\u00ed \u010d\u00e1sti pekeln\u00e9ho kr\u00e1lovstv\u00ed. Kr\u00e1l stoj\u00ed v hierarchii Goetia nad v\u00e9vodami, mark\u00fdzi, hrabaty, prezidenty a ryt\u00ed\u0159i, kte\u0159\u00ed n\u00e1sleduj\u00ed d\u00e1le.<\/p>\t\t\t\t\t\t\t\t<\/div>\n\t\t\t\t\t<\/div>\n\t\t\t\t<\/div>\n\t\t<div class=\"elementor-element elementor-element-jm2n74ec iwg-steckbrief-card e-flex e-con-boxed e-con e-child\" data-id=\"jm2n74ec\" data-element_type=\"container\" data-e-type=\"container\">\n\t\t\t\t\t<div class=\"e-con-inner\">\n\t\t\t\t<div class=\"elementor-element elementor-element-8vufse4c elementor-widget elementor-widget-heading\" data-id=\"8vufse4c\" data-element_type=\"widget\" data-e-type=\"widget\" data-widget_type=\"heading.default\">\n\t\t\t\t\t<div class=\"elementor-heading-title elementor-size-default\">Zjeven\u00ed<\/div>\t\t\t\t<\/div>\n\t\t\t\t<div class=\"elementor-element elementor-element-mwb9u015 elementor-widget elementor-widget-text-editor\" data-id=\"mwb9u015\" data-element_type=\"widget\" data-e-type=\"widget\" data-widget_type=\"text-editor.default\">\n\t\t\t\t\t\t\t\t\t<p><span data-nosnippet>Podle Ars Goetia se Bael zjevuje se t\u0159emi hlavami, hlavou ropuchy, hlavou \u010dlov\u011bka a hlavou ko\u010dky, neseny pavou\u010d\u00edma nohama. Jeho hlas je popisov\u00e1n jako drsn\u00fd a chraplav\u00fd. Existuj\u00ed tak\u00e9 zobrazen\u00ed se dv\u011bma hlavami m\u00edsto t\u0159\u00ed. Dnes b\u011b\u017en\u00e9 vyobrazen\u00ed poch\u00e1z\u00ed z Dictionnaire infernal z roku 1863.<\/span><\/p>\t\t\t\t\t\t\t\t<\/div>\n\t\t\t\t\t<\/div>\n\t\t\t\t<\/div>\n\t\t\t\t<\/div>\n\t\t<div class=\"elementor-element elementor-element-pemmx7c2 e-con-full e-flex e-con e-child\" data-id=\"pemmx7c2\" data-element_type=\"container\" data-e-type=\"container\">\n\t\t<div class=\"elementor-element elementor-element-37ss2yr6 iwg-steckbrief-card e-flex e-con-boxed e-con e-child\" data-id=\"37ss2yr6\" data-element_type=\"container\" data-e-type=\"container\">\n\t\t\t\t\t<div class=\"e-con-inner\">\n\t\t\t\t<div class=\"elementor-element elementor-element-3v0wp3wx elementor-widget elementor-widget-heading\" data-id=\"3v0wp3wx\" data-element_type=\"widget\" data-e-type=\"widget\" data-widget_type=\"heading.default\">\n\t\t\t\t\t<div class=\"elementor-heading-title elementor-size-default\">Ritu\u00e1ln\u00ed vz\u00fdv\u00e1n\u00ed<\/div>\t\t\t\t<\/div>\n\t\t\t\t<div class=\"elementor-element elementor-element-w3247g2m elementor-widget elementor-widget-text-editor\" data-id=\"w3247g2m\" data-element_type=\"widget\" data-e-type=\"widget\" data-widget_type=\"text-editor.default\">\n\t\t\t\t\t\t\t\t\t<p>V ritu\u00e1ln\u00edm kontextu Goetia se Bael vz\u00fdv\u00e1 s ohledem na astrologick\u00e9 korespondence, obvykle ve vztahu ke Slunci a \u017eivlu ohn\u011b. <span class=\"iwg-fachbegriff\" data-tooltip=\"Prosebn\u00e9 nebo zakl\u00ednaj\u00edc\u00ed osloven\u00ed bo\u017estva nebo moci.\" tabindex=\"0\">Vz\u00fdv\u00e1n\u00ed<\/span> se \u0159\u00edd\u00ed pokyny salomonsk\u00fdch text\u016f. iWell Guard se dr\u017e\u00edreligionistick\u00e9ho popisu a zdr\u017euje se n\u00e1vodu k <span class=\"iwg-fachbegriff\" data-tooltip=\"Jazykov\u00fd ritu\u00e1l, kter\u00fd m\u00e1 moc p\u0159ivolat nebo sv\u00e1zat.\" tabindex=\"0\">zakl\u00edn\u00e1n\u00ed<\/span>.<\/p>\t\t\t\t\t\t\t\t<\/div>\n\t\t\t\t\t<\/div>\n\t\t\t\t<\/div>\n\t\t<div class=\"elementor-element elementor-element-0qpjal9w iwg-steckbrief-card e-flex e-con-boxed e-con e-child\" data-id=\"0qpjal9w\" data-element_type=\"container\" data-e-type=\"container\">\n\t\t\t\t\t<div class=\"e-con-inner\">\n\t\t\t\t<div class=\"elementor-element elementor-element-6ndoih0o elementor-widget elementor-widget-heading\" data-id=\"6ndoih0o\" data-element_type=\"widget\" data-e-type=\"widget\" data-widget_type=\"heading.default\">\n\t\t\t\t\t<div class=\"elementor-heading-title elementor-size-default\">Pe\u010de\u0165 a symboly<\/div>\t\t\t\t<\/div>\n\t\t\t\t<div class=\"elementor-element elementor-element-6684tyh9 elementor-widget elementor-widget-text-editor\" data-id=\"6684tyh9\" data-element_type=\"widget\" data-e-type=\"widget\" data-widget_type=\"text-editor.default\">\n\t\t\t\t\t\t\t\t\t<p><span data-nosnippet>Bael je v Lemegetonu opat\u0159en pe\u010det\u00ed, geometrickou kresbou z lini\u00ed a kruh\u016f, kter\u00e1 je reprodukov\u00e1na v modern\u00edch vyd\u00e1n\u00edch grimo\u00e1r\u016f. Pe\u010de\u0165 slou\u017e\u00ed jako kotva <span class=\"iwg-fachbegriff\" data-tooltip=\"Prosebn\u00e9 nebo zakl\u00ednaj\u00edc\u00ed osloven\u00ed bo\u017estva nebo moci.\" tabindex=\"0\">vz\u00fdv\u00e1n\u00ed<\/span> a v ob\u0159adn\u00ed <span class=\"iwg-fachbegriff\" data-tooltip=\"Praktiky, kter\u00e9 se sna\u017e\u00ed zvl\u00e1\u0161tn\u00edmi \u00fakony nebo formulemi zas\u00e1hnout do b\u011bhu v\u011bc\u00ed.\" tabindex=\"0\">magii<\/span> se tradi\u010dn\u011b vyhotovuje na pergamenu nebo kovu. Vyd\u00e1n\u00ed Aleistera Crowleyho z roku 1904 p\u0159eneslo pe\u010de\u0165 do modern\u00edho okultn\u00edho v\u00fdkladu.<\/span><\/p>\t\t\t\t\t\t\t\t<\/div>\n\t\t\t\t\t<\/div>\n\t\t\t\t<\/div>\n\t\t<div class=\"elementor-element elementor-element-3lfi7x32 iwg-steckbrief-card e-flex e-con-boxed e-con e-child\" data-id=\"3lfi7x32\" data-element_type=\"container\" data-e-type=\"container\">\n\t\t\t\t\t<div class=\"e-con-inner\">\n\t\t\t\t<div class=\"elementor-element elementor-element-0kg99ga1 elementor-widget elementor-widget-heading\" data-id=\"0kg99ga1\" data-element_type=\"widget\" data-e-type=\"widget\" data-widget_type=\"heading.default\">\n\t\t\t\t\t<div class=\"elementor-heading-title elementor-size-default\">P\u0159\u00edbuzn\u00ed duchov\u00e9<\/div>\t\t\t\t<\/div>\n\t\t\t\t<div class=\"elementor-element elementor-element-n0fum6kp elementor-widget elementor-widget-text-editor\" data-id=\"n0fum6kp\" data-element_type=\"widget\" data-e-type=\"widget\" data-widget_type=\"text-editor.default\">\n\t\t\t\t\t\t\t\t\t<p>V r\u00e1mci Lemegetonu otev\u00edr\u00e1 Bael \u0159adu kr\u00e1l\u016f, k nim\u017e pat\u0159\u00ed Paimon jako dev\u00e1t\u00fd <span class=\"iwg-fachbegriff\" data-tooltip=\"Net\u011blesn\u00e1 bytost, j\u00ed\u017e se p\u0159isuzuje p\u016fsoben\u00ed ve sv\u011bt\u011b.\" tabindex=\"0\">duch<\/span>, Asmodai jako t\u0159ic\u00e1t\u00fd druh\u00fd <span class=\"iwg-fachbegriff\" data-tooltip=\"Net\u011blesn\u00e1 bytost, j\u00ed\u017e se p\u0159isuzuje p\u016fsoben\u00ed ve sv\u011bt\u011b.\" tabindex=\"0\">duch<\/span> a Belial jako \u0161edes\u00e1t\u00fd osm\u00fd <span class=\"iwg-fachbegriff\" data-tooltip=\"Net\u011blesn\u00e1 bytost, j\u00ed\u017e se p\u0159isuzuje p\u016fsoben\u00ed ve sv\u011bt\u011b.\" tabindex=\"0\">duch<\/span>. Bl\u00edzce p\u0159\u00edbuzn\u00fd je tak\u00e9 Belzebub, kter\u00fd stejn\u011b jako Bael vych\u00e1z\u00ed z jm\u00e9na boha Baal. Rozd\u00edly mezi jednotliv\u00fdmi kr\u00e1li jsou v origin\u00e1ln\u00edm textu nepatrn\u00e9.<\/p>\t\t\t\t\t\t\t\t<\/div>\n\t\t\t\t\t<\/div>\n\t\t\t\t<\/div>\n\t\t\t\t<\/div>\n\t\t\t\t<\/div>\n\t\t\t\t\t<\/div>\n\t\t\t\t<\/div>\n\t\t<div class=\"elementor-element elementor-element-7533bc7a e-flex e-con-boxed e-con e-parent\" data-id=\"7533bc7a\" data-element_type=\"container\" data-e-type=\"container\">\n\t\t\t\t\t<div class=\"e-con-inner\">\n\t\t\t\t<div class=\"elementor-element elementor-element-2447d18d elementor-widget elementor-widget-heading\" data-id=\"2447d18d\" data-element_type=\"widget\" data-e-type=\"widget\" data-widget_type=\"heading.default\">\n\t\t\t\t\t<h2 class=\"elementor-heading-title elementor-size-default\">Recepce a d\u011bjiny vlivu<\/h2>\t\t\t\t<\/div>\n\t\t<div class=\"elementor-element elementor-element-d5d0260c e-con-full e-flex e-con e-child\" data-id=\"d5d0260c\" data-element_type=\"container\" data-e-type=\"container\">\n\t\t\t\t<div class=\"elementor-element elementor-element-341be2ac elementor-widget elementor-widget-text-editor\" data-id=\"341be2ac\" data-element_type=\"widget\" data-e-type=\"widget\" data-widget_type=\"text-editor.default\">\n\t\t\t\t\t\t\t\t\t<p>Pro za\u0159azen\u00ed je d\u016fle\u017eit\u00e9, \u017ee Johann Weyer necht\u011bl napsat zakl\u00ednac\u00ed knihu. Byl l\u00e9ka\u0159em a \u017e\u00e1kem Heinricha Cornelia Agrippy z Nettesheimu a sledoval osv\u00edcensk\u00fd c\u00edl: cht\u011bl uk\u00e1zat, jak absurdn\u00ed a rozporn\u00e9 jsou p\u0159edstavy magik\u016f, aby tak vzal p\u016fdu pod nohama pron\u00e1sledov\u00e1n\u00ed \u010darod\u011bjnic.<\/p><p>Skute\u010dnost, \u017ee jeho katalog byl pozd\u011bji \u010dten jako praktick\u00fd n\u00e1vod, byla v rozporu s jeho z\u00e1m\u011brem. Owen Davies vypracoval tento posun od polemiky k n\u00e1vodu k pou\u017eit\u00ed jako typick\u00fd pro d\u011bjiny vlivu takov\u00fdch text\u016f.<\/p><p><span data-nosnippet>S op\u011btovn\u00fdm objeven\u00edm grimo\u00e1r\u016f okultn\u00edmi proudy 19. stolet\u00ed se Bael vr\u00e1til do popul\u00e1rn\u00ed p\u0159edstavivosti. Kl\u00ed\u010dovou roli sehr\u00e1l Samuel Liddell MacGregor Mathers, kter\u00fd v roce 1904 vydal anglickou edici Lemegetonu pod n\u00e1zvem The Goetia, na n\u00ed\u017e se pod\u00edlel i Aleister Crowley.<\/span><\/p><p>Toto vyd\u00e1n\u00ed zp\u0159\u00edstupnilo katalog 72 duch\u016f \u0161ir\u0161\u00ed ve\u0159ejnosti a stalo se z\u00e1kladem t\u00e9m\u011b\u0159 v\u0161ech pozd\u011bj\u0161\u00edch odkaz\u016f. Crowley vykl\u00e1dal duchy jako aspekty vlastn\u00edho v\u011bdom\u00ed, psychologizuj\u00edc\u00ed v\u00fdklad, kter\u00fd se z\u00e1sadn\u011b li\u0161\u00ed od star\u0161\u00ed ob\u0159adn\u00ed tradice.<\/p><p>Ve fantasy literatu\u0159e, hran\u00fdch rol\u00edch a po\u010d\u00edta\u010dov\u00fdch hr\u00e1ch se jm\u00e9no objevuje v nes\u010detn\u00fdch pravopisn\u00fdch variant\u00e1ch, \u010dasto jako Baal nebo Bhaal.<\/p><p>P\u0159itom se pravideln\u011b sm\u011b\u0161uj\u00ed dva odd\u011blen\u00e9 proudy tradice: <span class=\"iwg-fachbegriff\" data-tooltip=\"Epocha \u0159eck\u00e9 a \u0159\u00edmsk\u00e9 kultury, p\u0159ibli\u017en\u011b 800 p\u0159. n. l. a\u017e 600 n. l.\" tabindex=\"0\">antick\u00fd<\/span> b\u016fh po\u010das\u00ed a grimo\u00e1rov\u00fd <span class=\"iwg-fachbegriff\" data-tooltip=\"Duchovn\u00ed bytost, j\u00ed\u017e se p\u0159isuzuje \u0161kodliv\u00e9 nebo rozporn\u00e9 p\u016fsoben\u00ed.\" tabindex=\"0\">d\u00e9mon<\/span>. Toto sm\u00ed\u0161en\u00ed nen\u00ed chybou tradice, n\u00fdbr\u017e typick\u00fdm procesem popul\u00e1rn\u011b-kulturn\u00edho p\u0159isvojen\u00ed, p\u0159i n\u011bm\u017e se zvu\u010dn\u00e9 jm\u00e9no odpojuje od sv\u00fdch historick\u00fdch v\u00fdznam\u016f. Ji\u017e John Milton ve sv\u00e9m Paradise Lost uv\u00e1d\u00ed Baala jako padl\u00e9ho <span class=\"iwg-fachbegriff\" data-tooltip=\"V abrah\u00e1msk\u00fdch n\u00e1bo\u017eenstv\u00edch nebesk\u00fd posel Boha.\" tabindex=\"0\">and\u011bla<\/span>, ov\u0161em bez aspektu t\u0159\u00ed hlav.<\/p>\t\t\t\t\t\t\t\t<\/div>\n\t\t\t\t<\/div>\n\t\t\t\t\t<\/div>\n\t\t\t\t<\/div>\n\t\t<div class=\"elementor-element elementor-element-5a584676 e-flex e-con-boxed e-con e-parent\" data-id=\"5a584676\" data-element_type=\"container\" data-e-type=\"container\">\n\t\t\t\t\t<div class=\"e-con-inner\">\n\t\t\t\t<div class=\"elementor-element elementor-element-6d0757bf elementor-widget elementor-widget-heading\" data-id=\"6d0757bf\" data-element_type=\"widget\" data-e-type=\"widget\" data-widget_type=\"heading.default\">\n\t\t\t\t\t<h2 class=\"elementor-heading-title elementor-size-default\">Bael, paralely v jin\u00fdch kultur\u00e1ch<\/h2>\t\t\t\t<\/div>\n\t\t<div class=\"elementor-element elementor-element-60563f68 e-con-full e-flex e-con e-child\" data-id=\"60563f68\" data-element_type=\"container\" data-e-type=\"container\">\n\t\t\t\t<div class=\"elementor-element elementor-element-5a93fdd6 elementor-widget elementor-widget-text-editor\" data-id=\"5a93fdd6\" data-element_type=\"widget\" data-e-type=\"widget\" data-widget_type=\"text-editor.default\">\n\t\t\t\t\t\t\t\t\t<p>Ve srovn\u00e1vac\u00ed <span class=\"iwg-fachbegriff\" data-tooltip=\"V\u011bdn\u00ed obor, kter\u00fd zkoum\u00e1 n\u00e1bo\u017eenstv\u00ed srovn\u00e1vac\u00edm zp\u016fsobem a bez vyzn\u00e1n\u00ed v\u00edry.\" tabindex=\"0\">religionistice<\/span> je Bael srovn\u00e1v\u00e1n s bou\u0159kov\u00fdmi a kr\u00e1lovsk\u00fdmi bo\u017estvy p\u0159\u00edbuzn\u00fdch kultur, nap\u0159\u00edklad mezopot\u00e1msk\u00fdm Adadem, hetitsk\u00fdm Tarhunem nebo ugaritsk\u00fdm Baalem-Hadadem. Tato srovn\u00e1n\u00ed nesm\u011b\u0159uj\u00ed k historick\u00e9 filiaci, n\u00fdbr\u017e k typologick\u00e9 p\u0159\u00edbuznosti. N\u00e1bo\u017eenskohistorick\u00e1 linie je zde z\u0159eteln\u011bj\u0161\u00ed ne\u017e u jin\u00fdch duch\u016f Goetia, proto\u017ee samo jm\u00e9no vytv\u00e1\u0159\u00ed spojen\u00ed se z\u00e1padosemitsk\u00fdm <span class=\"iwg-fachbegriff\" data-tooltip=\"Souhrn boh\u016f ur\u010dit\u00e9ho n\u00e1bo\u017eenstv\u00ed nebo kultury.\" tabindex=\"0\">panteonem<\/span>.<\/p><p>Bael z Goetia je p\u0159\u00edkladem p\u0159ehodnocen\u00ed antick\u00fdch boh\u016f k\u0159es\u0165anstv\u00edm, procesu, kter\u00fd <span class=\"iwg-fachbegriff\" data-tooltip=\"V\u011bdn\u00ed obor, kter\u00fd zkoum\u00e1 n\u00e1bo\u017eenstv\u00ed srovn\u00e1vac\u00edm zp\u016fsobem a bez vyzn\u00e1n\u00ed v\u00edry.\" tabindex=\"0\">religionistika<\/span> ozna\u010duje jako interpretatio diabolica. C\u00edrkevn\u00ed otec Augustin formuloval princip, \u017ee bohov\u00e9 pohan\u016f jsou d\u00e9moni.<\/p><p>Touto cestou se b\u00fdval\u00fd vysok\u00fd b\u016fh dostal do k\u0159es\u0165ansk\u00e9 demonologie. Kdo chce Baela studovat, m\u011bl by proto odd\u011blit jednotliv\u00e9 vrstvy: kanaansk\u00e9ho boha po\u010das\u00ed, biblickou polemiku a ran\u011b novov\u011bk\u00e9ho pekeln\u00e9ho vl\u00e1dce.<\/p>\t\t\t\t\t\t\t\t<\/div>\n\t\t\t\t<\/div>\n\t\t\t\t\t<\/div>\n\t\t\t\t<\/div>\n\t\t<div class=\"elementor-element elementor-element-36dd7469 e-flex e-con-boxed e-con e-parent\" data-id=\"36dd7469\" data-element_type=\"container\" data-e-type=\"container\">\n\t\t\t\t\t<div class=\"e-con-inner\">\n\t\t\t\t<div class=\"elementor-element elementor-element-13760ab4 elementor-widget elementor-widget-heading\" data-id=\"13760ab4\" data-element_type=\"widget\" data-e-type=\"widget\" data-widget_type=\"heading.default\">\n\t\t\t\t\t<h2 class=\"elementor-heading-title elementor-size-default\">Souvisej\u00edc\u00ed odkazy<\/h2>\t\t\t\t<\/div>\n\t\t<div class=\"elementor-element elementor-element-28c87796 e-con-full e-flex e-con e-child\" data-id=\"28c87796\" data-element_type=\"container\" data-e-type=\"container\">\n\t\t\t\t<div class=\"elementor-element elementor-element-5d6538df elementor-widget elementor-widget-text-editor\" data-id=\"5d6538df\" data-element_type=\"widget\" data-e-type=\"widget\" data-widget_type=\"text-editor.default\">\n\t\t\t\t\t\t\t\t\t<ul><li><a href=\"https:\/\/iwell-guard.com\/cs\/?page_id=145108\">D\u00e9moni<\/a>: p\u0159ehled d\u00e9mon\u016f<\/li><li><a href=\"https:\/\/iwell-guard.com\/cs\/?page_id=145396\">Goetia<\/a>: tradice Ars Goetia<\/li><li><a href=\"https:\/\/iwell-guard.com\/cs\/?page_id=145139\">K\u0159es\u0165anstv\u00ed<\/a>: kulturn\u00ed za\u0159azen\u00ed<\/li><li><a href=\"https:\/\/iwell-guard.com\/cs\/?page_id=145136\">Asmodai<\/a>: dal\u0161\u00ed kr\u00e1l Goetia<\/li><li><a href=\"https:\/\/iwell-guard.com\/cs\/?page_id=145145\">Lucifer<\/a>: centr\u00e1ln\u00ed postava k\u0159es\u0165ansk\u00e9 demonologie<\/li><\/ul>\t\t\t\t\t\t\t\t<\/div>\n\t\t\t\t<\/div>\n\t\t\t\t\t<\/div>\n\t\t\t\t<\/div>\n\t\t<div class=\"elementor-element elementor-element-grl4kl40 e-flex e-con-boxed e-con e-parent\" data-id=\"grl4kl40\" data-element_type=\"container\" data-e-type=\"container\">\n\t\t\t\t\t<div class=\"e-con-inner\">\n\t\t\t\t<div class=\"elementor-element elementor-element-bzsbfrmh elementor-widget elementor-widget-heading\" data-id=\"bzsbfrmh\" data-element_type=\"widget\" data-e-type=\"widget\" data-widget_type=\"heading.default\">\n\t\t\t\t\t<h2 class=\"elementor-heading-title elementor-size-default\">Literatura (v\u00fdb\u011br)<\/h2>\t\t\t\t<\/div>\n\t\t<div class=\"elementor-element elementor-element-2c13224a e-con-full e-flex e-con e-child\" data-id=\"2c13224a\" data-element_type=\"container\" data-e-type=\"container\">\n\t\t\t\t<div class=\"elementor-element elementor-element-0eymh9ub elementor-widget elementor-widget-text-editor\" data-id=\"0eymh9ub\" data-element_type=\"widget\" data-e-type=\"widget\" data-widget_type=\"text-editor.default\">\n\t\t\t\t\t\t\t\t\t<footer class=\"iwg-literatur\"><ul><li><span data-nosnippet>Joseph H. Peterson (Hg.): The Lesser Key of Solomon, Weiser 2001.<\/span><\/li><li><span data-nosnippet>Mark S. Smith: The Early History of God. Yahweh and the Other Deities in Ancient Israel, Eerdmans 2002.<\/span><\/li><li><span data-nosnippet>Wolfgang Behringer: Hexen. Glaube, Verfolgung, Vermarktung, M\u00fcnchen 2005.<\/span><\/li><li><span data-nosnippet>Henk Vreekamp: The Land of Baal, Eerdmans 2014.<\/span><\/li><\/ul><\/footer>\t\t\t\t\t\t\t\t<\/div>\n\t\t\t\t<\/div>\n\t\t\t\t\t<\/div>\n\t\t\t\t<\/div>\n\t\t<div class=\"elementor-element elementor-element-iwgca-bael-sec e-flex e-con-boxed e-con e-parent\" data-id=\"iwgca-bael-sec\" data-element_type=\"container\" data-e-type=\"container\" id=\"iwg-ca-bael\">\n\t\t\t\t\t<div class=\"e-con-inner\">\n\t\t\t\t<div class=\"elementor-element elementor-element-iwgca-bael-te iwg-ca-textwrap elementor-widget elementor-widget-text-editor\" data-id=\"iwgca-bael-te\" data-element_type=\"widget\" data-e-type=\"widget\" data-widget_type=\"text-editor.default\">\n\t\t\t\t\t\t\t\t\t<div data-nosnippet=\"true\"><p class=\"iwg-ca-bridge\">Zde popsan\u00e1 ochrann\u00e1 praxe je v\u011bdeck\u00fdm za\u0159azen\u00edm historick\u00fdch tradic. iWell Guard navazuje na tuto kulturn\u011b-historickou linii nositeln\u00fdch ochrann\u00fdch p\u0159edm\u011bt\u016f a p\u0159edstavuje jejich sou\u010dasnou formu. <a href=\"\/ueber-iwell-guard\/?utm_source=iwell-guard.com&#038;utm_medium=text-link&#038;utm_campaign=schadwesen-tradition\">V\u00edce o iWell Guard \u2192<\/a><\/p><\/div>\t\t\t\t\t\t\t\t<\/div>\n\t\t\t\t\t<\/div>\n\t\t\t\t<\/div>\n\t\t\t\t<section class=\"elementor-section elementor-top-section elementor-element elementor-element-wv-bael-faq elementor-section-boxed elementor-section-height-default elementor-section-height-default\" data-id=\"wv-bael-faq\" data-element_type=\"section\" data-e-type=\"section\">\n\t\t\t\t\t\t<div class=\"elementor-container elementor-column-gap-default\">\n\t\t\t\t\t<div class=\"elementor-column elementor-col-100 elementor-top-column elementor-element elementor-element-wv-bael-faq-col\" data-id=\"wv-bael-faq-col\" data-element_type=\"column\" data-e-type=\"column\">\n\t\t\t<div class=\"elementor-widget-wrap elementor-element-populated\">\n\t\t\t\t\t\t<div class=\"elementor-element elementor-element-wv-bael-h elementor-widget elementor-widget-heading\" data-id=\"wv-bael-h\" data-element_type=\"widget\" data-e-type=\"widget\" data-widget_type=\"heading.default\">\n\t\t\t\t\t<h2 class=\"elementor-heading-title elementor-size-default\">\u010casto kladen\u00e9 ot\u00e1zky o Baelovi<\/h2>\t\t\t\t<\/div>\n\t\t\t\t<div class=\"elementor-element elementor-element-wv-bael-t elementor-widget elementor-widget-text-editor\" data-id=\"wv-bael-t\" data-element_type=\"widget\" data-e-type=\"widget\" data-widget_type=\"text-editor.default\">\n\t\t\t\t\t\t\t\t\t\n<details class=\"iwg-faq-item\">\n  <summary><strong>Kdo je Bael?<\/strong><\/summary>\n  <p>Bael je prvn\u00ed ze sedmdes\u00e1ti dvou duch\u016f Ars Goetia, prvn\u00ed knihy Lemegetonu. V d\u00e9monick\u00e9 hierarchii stoj\u00ed jako kr\u00e1l na vrcholu seznamu a vel\u00ed \u0161edes\u00e1ti \u0161esti legi\u00edm. Jeho jm\u00e9no odkazuje na semitsk\u00e9ho boha Baala, b\u00fdval\u00e9ho vrchn\u00edho boha syrsko-kana\u00e1nsk\u00e9 oblasti. Ten byl k\u0159es\u0165anskou demonologi\u00ed p\u0159e\u0159azen do rejst\u0159\u00edku padl\u00fdch duch\u016f.<\/p>\n<\/details>\n\n<details class=\"iwg-faq-item\">\n  <summary><strong>Odkud poch\u00e1z\u00ed jm\u00e9no Bael?<\/strong><\/summary>\n  <p>Jm\u00e9no Bael je pravopisn\u00e1 varianta z\u00e1padosemitsk\u00e9ho slova ba\u02bfal, kter\u00e9 jednodu\u0161e znamen\u00e1 p\u00e1n nebo majitel. V z\u00e1padosemitsk\u00e9 oblasti nebyl Ba\u02bfal vlastn\u00edm jm\u00e9nem, n\u00fdbr\u017e titulem, kter\u00fd n\u00e1le\u017eel r\u016fzn\u00fdm m\u00edstn\u00edm bo\u017estv\u016fm, nap\u0159\u00edklad ugaritsk\u00e9mu bohu po\u010das\u00ed nebo Ba\u02bfalovi z Tyru. Za pravopisn\u00fdmi variantami se skr\u00fdv\u00e1 n\u011bkolik odd\u011blen\u00fdch lini\u00ed tradice. Pat\u0159\u00ed k nim antick\u00fd b\u016fh po\u010das\u00ed, biblick\u00e1 polemika a ran\u011b novov\u011bk\u00fd kn\u00ed\u017eka pekla.<\/p>\n<\/details>\n\n<details class=\"iwg-faq-item\">\n  <summary><strong>Jak je Bael popisov\u00e1n v pramenech?<\/strong><\/summary>\n  <p>Podle Ars Goetia se Bael zjevuje se t\u0159emi hlavami, v jedn\u00e9 variant\u011b s hlavou ropuchy, hlavou \u010dlov\u011bka a hlavou ko\u010dky, neseny pavou\u010d\u00edma nohama. Krom\u011b toho existuj\u00ed zobrazen\u00ed se dv\u011bma zv\u00ed\u0159ec\u00edmi hlavami m\u00edsto t\u0159\u00ed. Text Lemegetonu mluv\u00ed o drsn\u00e9m, chraplav\u00e9m hlase. Texty mu p\u0159isuzuj\u00ed schopnost ud\u011blit vyvol\u00e1vaj\u00edc\u00edmu neviditelnost. Dnes b\u011b\u017enou ikonografii ust\u00e1lil Collin de Plancy v illustrovan\u00e9m vyd\u00e1n\u00ed Dictionnaire infernal z roku 1863.<\/p>\n<\/details>\n\n<details class=\"iwg-faq-item\">\n  <summary><strong>Kter\u00e9 prameny pod\u00e1vaj\u00ed zpr\u00e1vy o Baelovi?<\/strong><\/summary>\n  <p>Kl\u00ed\u010dov\u00fdmi texty jsou Pseudomonarchia Daemonum Johanna Weyera z roku 1577, Ars Goetia jako prvn\u00ed kniha Lemegetonu a Dictionnaire infernal Collina de Plancy. Weyer p\u0159evzal star\u0161\u00ed seznam a nov\u011b jej uspo\u0159\u00e1dal, sv\u00fdm d\u00edlem v\u0161ak sledoval osv\u00edcensk\u00fd c\u00edl, nikoli n\u00e1vod k vyvol\u00e1v\u00e1n\u00ed. Prost\u0159ednictv\u00edm anglick\u00e9ho vyd\u00e1n\u00ed Goetie z roku 1904, na n\u011bm\u017e se pod\u00edleli Samuel Liddell MacGregor Mathers a Aleister Crowley, se postava dostala k mezin\u00e1rodn\u00edmu publiku.<\/p>\n<\/details>\n\t\t\t\t\t\t\t\t<\/div>\n\t\t\t\t<div class=\"elementor-element elementor-element-wv-bael-s elementor-widget elementor-widget-html\" data-id=\"wv-bael-s\" data-element_type=\"widget\" data-e-type=\"widget\" data-widget_type=\"html.default\">\n\t\t\t\t\t<script type=\"application\/ld+json\">{\"@context\": \"https:\/\/schema.org\", \"@type\": \"FAQPage\", \"mainEntity\": [{\"@type\": \"Question\", \"name\": \"Kdo je Bael?\", \"acceptedAnswer\": {\"@type\": \"Answer\", \"text\": \"Bael je prvn\u00ed ze sedmdes\u00e1ti dvou duch\u016f Ars Goetia, prvn\u00ed knihy Lemegetonu. V d\u00e9monick\u00e9 hierarchii stoj\u00ed jako kr\u00e1l na vrcholu seznamu a vel\u00ed \u0161edes\u00e1ti \u0161esti legi\u00edm. Jeho jm\u00e9no odkazuje na semitsk\u00e9ho boha Baala, b\u00fdval\u00e9ho vrchn\u00edho boha syrsko-kana\u00e1nsk\u00e9 oblasti, kter\u00fd byl k\u0159es\u0165anskou demonologi\u00ed p\u0159e\u0159azen do rejst\u0159\u00edku padl\u00fdch duch\u016f.\"}}, {\"@type\": \"Question\", \"name\": \"Odkud poch\u00e1z\u00ed jm\u00e9no Bael?\", \"acceptedAnswer\": {\"@type\": \"Answer\", \"text\": \"Jm\u00e9no Bael je pravopisn\u00e1 varianta z\u00e1padosemitsk\u00e9ho slova ba\u02bfal, kter\u00e9 jednodu\u0161e znamen\u00e1 p\u00e1n nebo majitel. V z\u00e1padosemitsk\u00e9 oblasti nebyl Ba\u02bfal vlastn\u00edm jm\u00e9nem, n\u00fdbr\u017e titulem, kter\u00fd n\u00e1le\u017eel r\u016fzn\u00fdm m\u00edstn\u00edm bo\u017estv\u016fm, nap\u0159\u00edklad ugaritsk\u00e9mu bohu po\u010das\u00ed nebo Ba\u02bfalovi z Tyru. Za pravopisn\u00fdmi variantami se skr\u00fdv\u00e1 n\u011bkolik odd\u011blen\u00fdch lini\u00ed tradice: antick\u00fd b\u016fh po\u010das\u00ed, biblick\u00e1 polemika a ran\u011b novov\u011bk\u00fd kn\u00ed\u017eka pekla.\"}}, {\"@type\": \"Question\", \"name\": \"Jak je Bael popisov\u00e1n v pramenech?\", \"acceptedAnswer\": {\"@type\": \"Answer\", \"text\": \"Podle Ars Goetia se Bael zjevuje se t\u0159emi hlavami, v jedn\u00e9 variant\u011b s hlavou ropuchy, hlavou \u010dlov\u011bka a hlavou ko\u010dky, neseny pavou\u010d\u00edma nohama. Krom\u011b toho existuj\u00ed zobrazen\u00ed se dv\u011bma zv\u00ed\u0159ec\u00edmi hlavami m\u00edsto t\u0159\u00ed, a text Lemegetonu mluv\u00ed o drsn\u00e9m, chraplav\u00e9m hlase. Texty mu p\u0159isuzuj\u00ed schopnost ud\u011blit vyvol\u00e1vaj\u00edc\u00edmu neviditelnost. Dnes b\u011b\u017enou ikonografii ust\u00e1lil Collin de Plancy v illustrovan\u00e9m vyd\u00e1n\u00ed Dictionnaire infernal z roku 1863.\"}}, {\"@type\": \"Question\", \"name\": \"Kter\u00e9 prameny pod\u00e1vaj\u00ed zpr\u00e1vy o Baelovi?\", \"acceptedAnswer\": {\"@type\": \"Answer\", \"text\": \"Kl\u00ed\u010dov\u00fdmi texty jsou Pseudomonarchia Daemonum Johanna Weyera z roku 1577, Ars Goetia jako prvn\u00ed kniha Lemegetonu a Dictionnaire infernal Collina de Plancy. Weyer p\u0159evzal star\u0161\u00ed seznam a nov\u011b jej uspo\u0159\u00e1dal, sv\u00fdm d\u00edlem v\u0161ak sledoval osv\u00edcensk\u00fd c\u00edl, nikoli n\u00e1vod k vyvol\u00e1v\u00e1n\u00ed. Prost\u0159ednictv\u00edm anglick\u00e9ho vyd\u00e1n\u00ed Goetie z roku 1904, na n\u011bm\u017e se pod\u00edleli Samuel Liddell MacGregor Mathers a Aleister Crowley, se postava dostala k mezin\u00e1rodn\u00edmu publiku.\"}}]}<\/script>\t\t\t\t<\/div>\n\t\t\t\t\t<\/div>\n\t\t<\/div>\n\t\t\t\t\t<\/div>\n\t\t<\/section>\n\t\t\t\t<\/div>\n\t\t","protected":false},"excerpt":{"rendered":"","protected":false},"author":3,"featured_media":2427,"parent":0,"menu_order":0,"comment_status":"closed","ping_status":"closed","template":"elementor_header_footer","meta":{"_yoast_wpseo_focuskw":"Bael","_yoast_wpseo_title":"Bael, prvn\u00ed kr\u00e1l 72 duch\u016f Goetie | iWell Guard","_yoast_wpseo_metadesc":"Bael v Goetii: f\u00e9nick\u00fd p\u016fvod, ikonografie t\u0159\u00ed hlav, tradice Lemegetonu a historie recepce.","_yoast_wpseo_meta-robots-noindex":"","_yoast_wpseo_canonical":"","_angie_page":false,"gefaehrdungsstufe":"4","wesen_kultur":"christentum","wesen_klasse":"daemonen","footnotes":""},"categories":[],"class_list":["post-145410","page","type-page","status-publish","has-post-thumbnail","hentry"],"yoast_head":"<!-- This site is optimized with the Yoast SEO Premium plugin v27.7 (Yoast SEO v28.3) - https:\/\/yoast.com\/product\/yoast-seo-premium-wordpress\/ -->\n<title>Bael, prvn\u00ed kr\u00e1l 72 duch\u016f Goetie | iWell Guard<\/title>\n<meta name=\"description\" content=\"Bael v Goetii: f\u00e9nick\u00fd p\u016fvod, ikonografie t\u0159\u00ed hlav, tradice Lemegetonu a historie recepce.\" \/>\n<meta name=\"robots\" content=\"index, follow, max-snippet:-1, max-image-preview:large, max-video-preview:-1\" \/>\n<link rel=\"canonical\" href=\"https:\/\/iwell-guard.com\/cs\/bael\/\" \/>\n<meta property=\"og:locale\" content=\"cs_CZ\" \/>\n<meta property=\"og:type\" content=\"article\" \/>\n<meta property=\"og:title\" content=\"Bael\" \/>\n<meta property=\"og:description\" content=\"Bael v Goetii: f\u00e9nick\u00fd p\u016fvod, ikonografie t\u0159\u00ed hlav, tradice Lemegetonu a historie recepce.\" \/>\n<meta property=\"og:url\" content=\"https:\/\/iwell-guard.com\/cs\/bael\/\" \/>\n<meta property=\"og:site_name\" content=\"iWell Guard\" \/>\n<meta property=\"article:modified_time\" content=\"2026-09-03T16:55:14+00:00\" \/>\n<meta property=\"og:image\" content=\"https:\/\/iwell-guard.com\/wp-content\/uploads\/2026\/05\/daemonen_christentum_bael.webp\" \/>\n\t<meta property=\"og:image:width\" content=\"1024\" \/>\n\t<meta property=\"og:image:height\" content=\"1536\" \/>\n\t<meta property=\"og:image:type\" content=\"image\/webp\" \/>\n<meta name=\"twitter:card\" content=\"summary_large_image\" \/>\n<script type=\"application\/ld+json\" class=\"yoast-schema-graph\">{\"@context\":\"https:\\\/\\\/schema.org\",\"@graph\":[{\"@type\":\"WebPage\",\"@id\":\"https:\\\/\\\/iwell-guard.com\\\/cs\\\/bael\\\/\",\"url\":\"https:\\\/\\\/iwell-guard.com\\\/cs\\\/bael\\\/\",\"name\":\"Bael, prvn\u00ed kr\u00e1l 72 duch\u016f Goetie | iWell Guard\",\"isPartOf\":{\"@id\":\"https:\\\/\\\/iwell-guard.com\\\/cs\\\/#website\"},\"primaryImageOfPage\":{\"@id\":\"https:\\\/\\\/iwell-guard.com\\\/cs\\\/bael\\\/#primaryimage\"},\"image\":{\"@id\":\"https:\\\/\\\/iwell-guard.com\\\/cs\\\/bael\\\/#primaryimage\"},\"thumbnailUrl\":\"https:\\\/\\\/iwell-guard.com\\\/wp-content\\\/uploads\\\/2026\\\/05\\\/daemonen_christentum_bael.webp\",\"datePublished\":\"2026-09-03T16:30:06+00:00\",\"dateModified\":\"2026-09-03T16:55:14+00:00\",\"description\":\"Bael v Goetii: f\u00e9nick\u00fd p\u016fvod, ikonografie t\u0159\u00ed hlav, tradice Lemegetonu a historie recepce.\",\"breadcrumb\":{\"@id\":\"https:\\\/\\\/iwell-guard.com\\\/cs\\\/bael\\\/#breadcrumb\"},\"inLanguage\":\"cs\",\"potentialAction\":[{\"@type\":\"ReadAction\",\"target\":[\"https:\\\/\\\/iwell-guard.com\\\/cs\\\/bael\\\/\"]}]},{\"@type\":\"ImageObject\",\"inLanguage\":\"cs\",\"@id\":\"https:\\\/\\\/iwell-guard.com\\\/cs\\\/bael\\\/#primaryimage\",\"url\":\"https:\\\/\\\/iwell-guard.com\\\/wp-content\\\/uploads\\\/2026\\\/05\\\/daemonen_christentum_bael.webp\",\"contentUrl\":\"https:\\\/\\\/iwell-guard.com\\\/wp-content\\\/uploads\\\/2026\\\/05\\\/daemonen_christentum_bael.webp\",\"width\":1024,\"height\":1536,\"caption\":\"Bael, d\u00e9mon k\u0159es\u0165ansko-okultistick\u00e9 tradice goetie\"},{\"@type\":\"BreadcrumbList\",\"@id\":\"https:\\\/\\\/iwell-guard.com\\\/cs\\\/bael\\\/#breadcrumb\",\"itemListElement\":[{\"@type\":\"ListItem\",\"position\":1,\"name\":\"Start\",\"item\":\"https:\\\/\\\/iwell-guard.com\\\/cs\\\/?page_id=145107\"},{\"@type\":\"ListItem\",\"position\":2,\"name\":\"Bael\"}]},{\"@type\":\"WebSite\",\"@id\":\"https:\\\/\\\/iwell-guard.com\\\/cs\\\/#website\",\"url\":\"https:\\\/\\\/iwell-guard.com\\\/cs\\\/\",\"name\":\"iWell Guard\",\"description\":\"Schutz vor dunklen Einfl\u00fcssen\",\"publisher\":{\"@id\":\"https:\\\/\\\/iwell-guard.com\\\/cs\\\/#organization\"},\"potentialAction\":[{\"@type\":\"SearchAction\",\"target\":{\"@type\":\"EntryPoint\",\"urlTemplate\":\"https:\\\/\\\/iwell-guard.com\\\/cs\\\/?s={search_term_string}\"},\"query-input\":{\"@type\":\"PropertyValueSpecification\",\"valueRequired\":true,\"valueName\":\"search_term_string\"}}],\"inLanguage\":\"cs\"},{\"@type\":\"Organization\",\"@id\":\"https:\\\/\\\/iwell-guard.com\\\/cs\\\/#organization\",\"name\":\"Ittermann electronic GmbH\",\"url\":\"https:\\\/\\\/iwell-guard.com\\\/cs\\\/\",\"logo\":{\"@type\":\"ImageObject\",\"inLanguage\":\"cs\",\"@id\":\"https:\\\/\\\/iwell-guard.com\\\/cs\\\/#\\\/schema\\\/logo\\\/image\\\/\",\"url\":\"https:\\\/\\\/iwell-guard.com\\\/wp-content\\\/uploads\\\/2026\\\/05\\\/Ittermann-Logo-1182x237-1.png\",\"contentUrl\":\"https:\\\/\\\/iwell-guard.com\\\/wp-content\\\/uploads\\\/2026\\\/05\\\/Ittermann-Logo-1182x237-1.png\",\"width\":1182,\"height\":237,\"caption\":\"Ittermann electronic GmbH\"},\"image\":{\"@id\":\"https:\\\/\\\/iwell-guard.com\\\/cs\\\/#\\\/schema\\\/logo\\\/image\\\/\"},\"sameAs\":[\"https:\\\/\\\/pantip.com\\\/profile\\\/9367242\",\"https:\\\/\\\/micro.blog\\\/iwellguard\",\"https:\\\/\\\/www.diggerslist.com\\\/iwellguard\\\/about\",\"https:\\\/\\\/skitterphoto.com\\\/photographers\\\/2870314\\\/iwell-guard\",\"https:\\\/\\\/iwellguard.wordpress.com\\\/2026\\\/06\\\/06\\\/iwell-guard\\\/\",\"https:\\\/\\\/hub.docker.com\\\/u\\\/iwellguard\",\"https:\\\/\\\/www.pinterest.com\\\/iwellguard\\\/\",\"https:\\\/\\\/bit.ly\\\/m\\\/iwellguard\",\"https:\\\/\\\/entre-vos-mains.alsace.eu\\\/profiles\\\/iwellguard\\\/activity\",\"https:\\\/\\\/gravatar.com\\\/reallybeded8fd34\",\"https:\\\/\\\/naijamatta.com\\\/iwellguard\",\"https:\\\/\\\/www.goodreads.com\\\/iwellguard\",\"https:\\\/\\\/profile.hatena.ne.jp\\\/iwellguard\\\/\",\"https:\\\/\\\/experiment.com\\\/users\\\/iwellguard\",\"https:\\\/\\\/wakelet.com\\\/@iWellGuard82270\",\"https:\\\/\\\/www.chordie.com\\\/forum\\\/profile.php?id=2555664\",\"https:\\\/\\\/www.instapaper.com\\\/p\\\/17757966\",\"https:\\\/\\\/www.mapleprimes.com\\\/users\\\/iwellguard\",\"https:\\\/\\\/businesslistingplus.com\\\/profile\\\/iwell-guard\\\/\",\"https:\\\/\\\/telegra.ph\\\/iWell-Guard-06-06\",\"https:\\\/\\\/pbase.com\\\/iwellguard\\\/iwellguard\",\"https:\\\/\\\/b.hatena.ne.jp\\\/iwellguard\\\/20260607#bookmark-4788405196491818882\",\"https:\\\/\\\/fliphtml5.com\\\/home\\\/iwellguard\",\"https:\\\/\\\/anyflip.com\\\/homepage\\\/cmiwl#About\",\"https:\\\/\\\/transfur.com\\\/Users\\\/iwellguard\",\"http:\\\/\\\/delphi.larsbo.org\\\/user\\\/iwellguard\",\"https:\\\/\\\/jobs.lajobsportal.org\\\/profiles\\\/8380803-iwell-guard\",\"https:\\\/\\\/md.chaosdorf.de\\\/s\\\/jfbe5SBdJD\",\"https:\\\/\\\/www.lingvolive.com\\\/en-us\\\/profile\\\/9ecaeaca-ce11-4e51-9e71-01d55e2bff36\\\/translations\",\"https:\\\/\\\/www.fitday.com\\\/fitness\\\/forums\\\/members\\\/iwellguard.html\",\"https:\\\/\\\/www.mymeetbook.com\\\/iwellguard\",\"https:\\\/\\\/pxhere.com\\\/en\\\/photographer-me\\\/5040798\",\"https:\\\/\\\/disqus.com\\\/by\\\/iwellguard\\\/about\\\/\",\"https:\\\/\\\/pastelink.net\\\/hjwciqwq\",\"https:\\\/\\\/pubhtml5.com\\\/homepage\\\/scjhn\\\/\",\"https:\\\/\\\/www.bitchute.com\\\/channel\\\/2O2eOKzNqujT\",\"https:\\\/\\\/audiomack.com\\\/iwellguard\"]},{\"@type\":\"Article\",\"@id\":\"https:\\\/\\\/iwell-guard.com\\\/cs\\\/bael\\\/#article\",\"isPartOf\":{\"@id\":\"https:\\\/\\\/iwell-guard.com\\\/cs\\\/bael\\\/\"},\"author\":{\"name\":\"Ralf Ittermann\",\"@id\":\"https:\\\/\\\/iwell-guard.com\\\/cs\\\/#\\\/schema\\\/person\\\/ee2a27f1cac3406c7c6fb5820cb7349f\"},\"headline\":\"Bael\",\"datePublished\":\"2026-09-03T16:30:06+00:00\",\"dateModified\":\"2026-09-03T16:55:14+00:00\",\"mainEntityOfPage\":{\"@id\":\"https:\\\/\\\/iwell-guard.com\\\/cs\\\/bael\\\/\"},\"publisher\":{\"@id\":\"https:\\\/\\\/iwell-guard.com\\\/cs\\\/#organization\"},\"image\":{\"@id\":\"https:\\\/\\\/iwell-guard.com\\\/cs\\\/bael\\\/#primaryimage\"},\"thumbnailUrl\":\"https:\\\/\\\/iwell-guard.com\\\/wp-content\\\/uploads\\\/2026\\\/05\\\/daemonen_christentum_bael.webp\",\"inLanguage\":\"cs\",\"description\":\"Bael v Goetii: f\u00e9nick\u00fd p\u016fvod, ikonografie t\u0159\u00ed hlav, tradice Lemegetonu a historie recepce.\"}]}<\/script>\n<!-- \/ Yoast SEO Premium plugin. -->","yoast_head_json":{"title":"Bael, prvn\u00ed kr\u00e1l 72 duch\u016f Goetie | iWell Guard","description":"Bael v Goetii: f\u00e9nick\u00fd p\u016fvod, ikonografie t\u0159\u00ed hlav, tradice Lemegetonu a historie recepce.","robots":{"index":"index","follow":"follow","max-snippet":"max-snippet:-1","max-image-preview":"max-image-preview:large","max-video-preview":"max-video-preview:-1"},"canonical":"https:\/\/iwell-guard.com\/cs\/bael\/","og_locale":"cs_CZ","og_type":"article","og_title":"Bael","og_description":"Bael v Goetii: f\u00e9nick\u00fd p\u016fvod, ikonografie t\u0159\u00ed hlav, tradice Lemegetonu a historie recepce.","og_url":"https:\/\/iwell-guard.com\/cs\/bael\/","og_site_name":"iWell Guard","article_modified_time":"2026-09-03T16:55:14+00:00","og_image":[{"width":1024,"height":1536,"url":"https:\/\/iwell-guard.com\/wp-content\/uploads\/2026\/05\/daemonen_christentum_bael.webp","type":"image\/webp"}],"twitter_card":"summary_large_image","schema":{"@context":"https:\/\/schema.org","@graph":[{"@type":"Article","@id":"https:\/\/iwell-guard.com\/cs\/bael\/#article","isPartOf":{"@id":"https:\/\/iwell-guard.com\/cs\/bael\/"},"author":{"name":"Ralf Ittermann","@id":"https:\/\/iwell-guard.com\/cs\/#\/schema\/person\/ee2a27f1cac3406c7c6fb5820cb7349f"},"headline":"Bael","datePublished":"2026-09-03T16:30:06+00:00","dateModified":"2026-09-03T16:55:14+00:00","mainEntityOfPage":{"@id":"https:\/\/iwell-guard.com\/cs\/bael\/"},"publisher":{"@id":"https:\/\/iwell-guard.com\/cs\/#organization"},"image":{"@id":"https:\/\/iwell-guard.com\/cs\/bael\/#primaryimage"},"thumbnailUrl":"https:\/\/iwell-guard.com\/wp-content\/uploads\/2026\/05\/daemonen_christentum_bael.webp","inLanguage":"cs","description":"Bael v Goetii: f\u00e9nick\u00fd p\u016fvod, ikonografie t\u0159\u00ed hlav, tradice Lemegetonu a historie recepce."},{"@type":"WebPage","@id":"https:\/\/iwell-guard.com\/cs\/bael\/","url":"https:\/\/iwell-guard.com\/cs\/bael\/","name":"Bael, prvn\u00ed kr\u00e1l 72 duch\u016f Goetie | iWell Guard","isPartOf":{"@id":"https:\/\/iwell-guard.com\/cs\/#website"},"primaryImageOfPage":{"@id":"https:\/\/iwell-guard.com\/cs\/bael\/#primaryimage"},"image":{"@id":"https:\/\/iwell-guard.com\/cs\/bael\/#primaryimage"},"thumbnailUrl":"https:\/\/iwell-guard.com\/wp-content\/uploads\/2026\/05\/daemonen_christentum_bael.webp","datePublished":"2026-09-03T16:30:06+00:00","dateModified":"2026-09-03T16:55:14+00:00","description":"Bael v Goetii: f\u00e9nick\u00fd p\u016fvod, ikonografie t\u0159\u00ed hlav, tradice Lemegetonu a historie recepce.","breadcrumb":{"@id":"https:\/\/iwell-guard.com\/cs\/bael\/#breadcrumb"},"inLanguage":"cs","potentialAction":[{"@type":"ReadAction","target":["https:\/\/iwell-guard.com\/cs\/bael\/"]}]},{"@type":"ImageObject","inLanguage":"cs","@id":"https:\/\/iwell-guard.com\/cs\/bael\/#primaryimage","url":"https:\/\/iwell-guard.com\/wp-content\/uploads\/2026\/05\/daemonen_christentum_bael.webp","contentUrl":"https:\/\/iwell-guard.com\/wp-content\/uploads\/2026\/05\/daemonen_christentum_bael.webp","width":1024,"height":1536,"caption":"Bael, d\u00e9mon k\u0159es\u0165ansko-okultistick\u00e9 tradice goetie"},{"@type":"BreadcrumbList","@id":"https:\/\/iwell-guard.com\/cs\/bael\/#breadcrumb","itemListElement":[{"@type":"ListItem","position":1,"name":"Start","item":"https:\/\/iwell-guard.com\/cs\/?page_id=145107"},{"@type":"ListItem","position":2,"name":"Bael"}]},{"@type":"WebSite","@id":"https:\/\/iwell-guard.com\/cs\/#website","url":"https:\/\/iwell-guard.com\/cs\/","name":"iWell Guard","description":"Schutz vor dunklen Einfl\u00fcssen","publisher":{"@id":"https:\/\/iwell-guard.com\/cs\/#organization"},"potentialAction":[{"@type":"SearchAction","target":{"@type":"EntryPoint","urlTemplate":"https:\/\/iwell-guard.com\/cs\/?s={search_term_string}"},"query-input":{"@type":"PropertyValueSpecification","valueRequired":true,"valueName":"search_term_string"}}],"inLanguage":"cs"},{"@type":"Organization","@id":"https:\/\/iwell-guard.com\/cs\/#organization","name":"Ittermann electronic GmbH","url":"https:\/\/iwell-guard.com\/cs\/","logo":{"@type":"ImageObject","inLanguage":"cs","@id":"https:\/\/iwell-guard.com\/cs\/#\/schema\/logo\/image\/","url":"https:\/\/iwell-guard.com\/wp-content\/uploads\/2026\/05\/Ittermann-Logo-1182x237-1.png","contentUrl":"https:\/\/iwell-guard.com\/wp-content\/uploads\/2026\/05\/Ittermann-Logo-1182x237-1.png","width":1182,"height":237,"caption":"Ittermann electronic GmbH"},"image":{"@id":"https:\/\/iwell-guard.com\/cs\/#\/schema\/logo\/image\/"},"sameAs":["https:\/\/pantip.com\/profile\/9367242","https:\/\/micro.blog\/iwellguard","https:\/\/www.diggerslist.com\/iwellguard\/about","https:\/\/skitterphoto.com\/photographers\/2870314\/iwell-guard","https:\/\/iwellguard.wordpress.com\/2026\/06\/06\/iwell-guard\/","https:\/\/hub.docker.com\/u\/iwellguard","https:\/\/www.pinterest.com\/iwellguard\/","https:\/\/bit.ly\/m\/iwellguard","https:\/\/entre-vos-mains.alsace.eu\/profiles\/iwellguard\/activity","https:\/\/gravatar.com\/reallybeded8fd34","https:\/\/naijamatta.com\/iwellguard","https:\/\/www.goodreads.com\/iwellguard","https:\/\/profile.hatena.ne.jp\/iwellguard\/","https:\/\/experiment.com\/users\/iwellguard","https:\/\/wakelet.com\/@iWellGuard82270","https:\/\/www.chordie.com\/forum\/profile.php?id=2555664","https:\/\/www.instapaper.com\/p\/17757966","https:\/\/www.mapleprimes.com\/users\/iwellguard","https:\/\/businesslistingplus.com\/profile\/iwell-guard\/","https:\/\/telegra.ph\/iWell-Guard-06-06","https:\/\/pbase.com\/iwellguard\/iwellguard","https:\/\/b.hatena.ne.jp\/iwellguard\/20260607#bookmark-4788405196491818882","https:\/\/fliphtml5.com\/home\/iwellguard","https:\/\/anyflip.com\/homepage\/cmiwl#About","https:\/\/transfur.com\/Users\/iwellguard","http:\/\/delphi.larsbo.org\/user\/iwellguard","https:\/\/jobs.lajobsportal.org\/profiles\/8380803-iwell-guard","https:\/\/md.chaosdorf.de\/s\/jfbe5SBdJD","https:\/\/www.lingvolive.com\/en-us\/profile\/9ecaeaca-ce11-4e51-9e71-01d55e2bff36\/translations","https:\/\/www.fitday.com\/fitness\/forums\/members\/iwellguard.html","https:\/\/www.mymeetbook.com\/iwellguard","https:\/\/pxhere.com\/en\/photographer-me\/5040798","https:\/\/disqus.com\/by\/iwellguard\/about\/","https:\/\/pastelink.net\/hjwciqwq","https:\/\/pubhtml5.com\/homepage\/scjhn\/","https:\/\/www.bitchute.com\/channel\/2O2eOKzNqujT","https:\/\/audiomack.com\/iwellguard"]},{"@type":"Person","@id":"https:\/\/iwell-guard.com\/cs\/#\/schema\/person\/ee2a27f1cac3406c7c6fb5820cb7349f","name":"Ralf Ittermann","image":{"@type":"ImageObject","inLanguage":"cs","@id":"https:\/\/secure.gravatar.com\/avatar\/073c0153e350a5005b68eb752b445fea71f6b24a26da9449ad7e155e6b446c9d?s=96&d=mm&r=g","url":"https:\/\/secure.gravatar.com\/avatar\/073c0153e350a5005b68eb752b445fea71f6b24a26da9449ad7e155e6b446c9d?s=96&d=mm&r=g","contentUrl":"https:\/\/secure.gravatar.com\/avatar\/073c0153e350a5005b68eb752b445fea71f6b24a26da9449ad7e155e6b446c9d?s=96&d=mm&r=g","caption":"Ralf Ittermann"},"givenName":"Ralf","familyName":"Ittermann","jobTitle":"Gesch\u00e4ftsf\u00fchrer und redaktioneller Verantwortlicher","url":"https:\/\/iwell-guard.com\/cs\/author\/claude\/","description":"Ralf Ittermann ist Gesch\u00e4ftsf\u00fchrer der Ittermann electronic GmbH und redaktioneller Verantwortlicher des iWell-Guard-Lexikons. Er verbindet langj\u00e4hrige Erfahrung in der Pr\u00e4zisionsfertigung mit medialer Praxis und religionsgeschichtlicher Quellenarbeit.","worksFor":{"@type":"Organization","name":"Ittermann electronic GmbH","url":"https:\/\/ittermann.de\/","address":{"@type":"PostalAddress","streetAddress":"K\u00f6hlergasse 16-18","postalCode":"99842","addressLocality":"Ruhla","addressCountry":"DE"}},"knowsAbout":["Religionsgeschichte","Mythologie","Mediale Praxis","Energetische Diagnostik","Schutzpraxis","Volksglauben","Westliche Esoterik"]},{"@type":"Article","@id":"https:\/\/iwell-guard.com\/cs\/bael\/#article","isPartOf":{"@id":"https:\/\/iwell-guard.com\/cs\/bael\/"},"author":{"name":"Ralf Ittermann","@id":"https:\/\/iwell-guard.com\/cs\/#\/schema\/person\/ee2a27f1cac3406c7c6fb5820cb7349f"},"headline":"Bael","datePublished":"2026-09-03T16:30:06+00:00","dateModified":"2026-09-03T16:55:14+00:00","mainEntityOfPage":{"@id":"https:\/\/iwell-guard.com\/cs\/bael\/"},"publisher":{"@id":"https:\/\/iwell-guard.com\/cs\/#organization"},"image":{"@id":"https:\/\/iwell-guard.com\/cs\/bael\/#primaryimage"},"thumbnailUrl":"https:\/\/iwell-guard.com\/wp-content\/uploads\/2026\/05\/daemonen_christentum_bael.webp","inLanguage":"cs","description":"Bael v Goetii: f\u00e9nick\u00fd p\u016fvod, ikonografie t\u0159\u00ed hlav, tradice Lemegetonu a historie recepce."}]}},"_links":{"self":[{"href":"https:\/\/iwell-guard.com\/cs\/wp-json\/wp\/v2\/pages\/145410","targetHints":{"allow":["GET"]}}],"collection":[{"href":"https:\/\/iwell-guard.com\/cs\/wp-json\/wp\/v2\/pages"}],"about":[{"href":"https:\/\/iwell-guard.com\/cs\/wp-json\/wp\/v2\/types\/page"}],"author":[{"embeddable":true,"href":"https:\/\/iwell-guard.com\/cs\/wp-json\/wp\/v2\/users\/3"}],"replies":[{"embeddable":true,"href":"https:\/\/iwell-guard.com\/cs\/wp-json\/wp\/v2\/comments?post=145410"}],"version-history":[{"count":0,"href":"https:\/\/iwell-guard.com\/cs\/wp-json\/wp\/v2\/pages\/145410\/revisions"}],"wp:featuredmedia":[{"embeddable":true,"href":"https:\/\/iwell-guard.com\/cs\/wp-json\/wp\/v2\/media\/2427"}],"wp:attachment":[{"href":"https:\/\/iwell-guard.com\/cs\/wp-json\/wp\/v2\/media?parent=145410"}],"wp:term":[{"taxonomy":"category","embeddable":true,"href":"https:\/\/iwell-guard.com\/cs\/wp-json\/wp\/v2\/categories?post=145410"}],"curies":[{"name":"wp","href":"https:\/\/api.w.org\/{rel}","templated":true}]}}