{"id":145409,"date":"2026-09-03T16:30:06","date_gmt":"2026-09-03T16:30:06","guid":{"rendered":"https:\/\/iwell-guard.com\/?page_id=145409"},"modified":"2026-09-03T16:55:17","modified_gmt":"2026-09-03T16:55:17","slug":"belial","status":"publish","type":"page","link":"https:\/\/iwell-guard.com\/cs\/belial\/","title":{"rendered":"Belial"},"content":{"rendered":"\t\t<div data-elementor-type=\"wp-page\" data-elementor-id=\"145409\" class=\"elementor elementor-145409 elementor-2257 elementor-bc-flex-widget\" data-elementor-post-type=\"page\">\n\t\t\t\t<div class=\"elementor-element elementor-element-10fdade e-flex e-con-boxed e-con e-parent\" data-id=\"10fdade\" data-element_type=\"container\" data-e-type=\"container\" data-settings=\"{&quot;background_background&quot;:&quot;classic&quot;}\">\n\t\t\t\t\t<div class=\"e-con-inner\">\n\t\t<div class=\"elementor-element elementor-element-herohlft0 e-flex e-con-boxed e-con e-child\" data-id=\"herohlft0\" data-element_type=\"container\" data-e-type=\"container\">\n\t\t\t\t\t<div class=\"e-con-inner\">\n\t\t<div class=\"elementor-element elementor-element-c3ceb64 e-con-full e-flex e-con e-child\" data-id=\"c3ceb64\" data-element_type=\"container\" data-e-type=\"container\">\n\t\t\t\t<div class=\"elementor-element elementor-element-96ae5e1 elementor-widget elementor-widget-heading\" data-id=\"96ae5e1\" data-element_type=\"widget\" data-e-type=\"widget\" data-widget_type=\"heading.default\">\n\t\t\t\t\t<h1 class=\"elementor-heading-title elementor-size-default\">Belial, kr\u00e1l a and\u011bl slov<\/h1>\t\t\t\t<\/div>\n\t\t\t\t<div class=\"elementor-element elementor-element-e45238a elementor-widget elementor-widget-text-editor\" data-id=\"e45238a\" data-element_type=\"widget\" data-e-type=\"widget\" data-widget_type=\"text-editor.default\">\n\t\t\t\t\t\t\t\t\t<p><strong>Belial pat\u0159\u00ed<\/strong> k nejstar\u0161\u00edm a jazykov\u011b nejbohat\u0161\u00edm postav\u00e1m judaistick\u00e9 a k\u0159es\u0165ansk\u00e9 demonologie. Na rozd\u00edl od Baala nebo Paimona, jejich\u017e linie vede p\u0159es f\u00e9nicko-orient\u00e1ln\u00ed bohy, m\u00e1 Belial ko\u0159eny v hebrejsk\u00e9m jazykov\u00e9m \u00fazu a v ran\u011b judaistick\u00e9 apokalyptice.<\/p><p>Z mor\u00e1ln\u00edho abstraktn\u00edho pojmu se p\u0159es kumr\u00e1nsk\u00e9 spisy vyvinul jmenovan\u00fd kosmick\u00fd protivn\u00edk. V Goetii figuruje jako \u0161edes\u00e1t\u00fd osm\u00fd <span class=\"iwg-fachbegriff\" data-tooltip=\"Net\u011blesn\u00e1 bytost, j\u00ed\u017e je p\u0159ipisov\u00e1no p\u016fsoben\u00ed ve sv\u011bt\u011b.\" tabindex=\"0\">duch<\/span> a je pova\u017eov\u00e1n za kr\u00e1le s velen\u00edm nad osmdes\u00e1ti legiemi.<\/p>\t\t\t\t\t\t\t\t<\/div>\n\t\t\t\t<\/div>\n\t\t<div class=\"elementor-element elementor-element-klsbdg01 e-con-full e-flex e-con e-parent\" data-id=\"klsbdg01\" data-element_type=\"container\" data-e-type=\"container\">\n\t\t\t\t<div class=\"elementor-element elementor-element-klshtm01 elementor-widget elementor-widget-html\" data-id=\"klshtm01\" data-element_type=\"widget\" data-e-type=\"widget\" data-widget_type=\"html.default\">\n\t\t\t\t\t<div class=\"iwg-pill-row\"><span class=\"iwg-klasse-badge\" tabindex=\"0\" data-tooltip=\"D\u00e9mon: nadp\u0159irozen\u00e1 bytost, obvykle \u0161kodliv\u00e1, stoj\u00edc\u00ed mezi bohy a lidmi.\">D\u00e9mon<\/span><a href=\"https:\/\/iwell-guard.com\/cs\/?page_id=145139\" class=\"iwg-kultur-badge\" tabindex=\"0\" data-tooltip=\"K\u0159es\u0165ansk\u00e1 tradice od 1. stolet\u00ed n. l.\">K\u0159es\u0165anstv\u00ed<\/a><\/div>\t\t\t\t<\/div>\n\t\t\t\t<\/div>\n\t\t<div class=\"elementor-element elementor-element-3f74855 e-con-full e-flex e-con e-child\" data-id=\"3f74855\" data-element_type=\"container\" data-e-type=\"container\">\n\t\t\t\t<div class=\"elementor-element elementor-element-1c30362 elementor-toc--minimized-on-tablet elementor-widget elementor-widget-table-of-contents\" data-id=\"1c30362\" data-element_type=\"widget\" data-e-type=\"widget\" data-settings=\"{&quot;exclude_headings_by_selector&quot;:[],&quot;no_headings_message&quot;:&quot;Na t\\u00e9to str\\u00e1nce nebyly nalezeny \\u017e\\u00e1dn\\u00e9 nadpisy.&quot;,&quot;headings_by_tags&quot;:[&quot;h2&quot;,&quot;h3&quot;],&quot;marker_view&quot;:&quot;bullets&quot;,&quot;minimize_box&quot;:&quot;yes&quot;,&quot;icon&quot;:{&quot;value&quot;:&quot;fas fa-circle&quot;,&quot;library&quot;:&quot;fa-solid&quot;,&quot;rendered_tag&quot;:&quot;&lt;svg class=\\&quot;e-font-icon-svg e-fas-circle\\&quot; viewBox=\\&quot;0 0 512 512\\&quot; xmlns=\\&quot;http:\\\/\\\/www.w3.org\\\/2000\\\/svg\\&quot;&gt;&lt;path d=\\&quot;M256 8C119 8 8 119 8 256s111 248 248 248 248-111 248-248S393 8 256 8z\\&quot;&gt;&lt;\\\/path&gt;&lt;\\\/svg&gt;&quot;},&quot;minimized_on&quot;:&quot;tablet&quot;,&quot;hierarchical_view&quot;:&quot;yes&quot;,&quot;min_height&quot;:{&quot;unit&quot;:&quot;px&quot;,&quot;size&quot;:&quot;&quot;,&quot;sizes&quot;:[]},&quot;min_height_tablet&quot;:{&quot;unit&quot;:&quot;px&quot;,&quot;size&quot;:&quot;&quot;,&quot;sizes&quot;:[]},&quot;min_height_mobile&quot;:{&quot;unit&quot;:&quot;px&quot;,&quot;size&quot;:&quot;&quot;,&quot;sizes&quot;:[]}}\" data-widget_type=\"table-of-contents.default\">\n\t\t\t\t\t\t\t\t\t<div class=\"elementor-toc__header\">\n\t\t\t\t\t\t<h2 class=\"elementor-toc__header-title\">\n\t\t\t\tObsah\t\t\t<\/h2>\n\t\t\t\t\t\t\t\t\t\t<div class=\"elementor-toc__toggle-button elementor-toc__toggle-button--expand\" role=\"button\" tabindex=\"0\" aria-controls=\"elementor-toc__1c30362\" aria-expanded=\"true\" aria-label=\"Open table of contents\"><svg aria-hidden=\"true\" class=\"e-font-icon-svg e-fas-chevron-down\" viewBox=\"0 0 448 512\" xmlns=\"http:\/\/www.w3.org\/2000\/svg\"><path d=\"M207.029 381.476L12.686 187.132c-9.373-9.373-9.373-24.569 0-33.941l22.667-22.667c9.357-9.357 24.522-9.375 33.901-.04L224 284.505l154.745-154.021c9.379-9.335 24.544-9.317 33.901.04l22.667 22.667c9.373 9.373 9.373 24.569 0 33.941L240.971 381.476c-9.373 9.372-24.569 9.372-33.942 0z\"><\/path><\/svg><\/div>\n\t\t\t\t<div class=\"elementor-toc__toggle-button elementor-toc__toggle-button--collapse\" role=\"button\" tabindex=\"0\" aria-controls=\"elementor-toc__1c30362\" aria-expanded=\"true\" aria-label=\"Close table of contents\"><svg aria-hidden=\"true\" class=\"e-font-icon-svg e-fas-chevron-up\" viewBox=\"0 0 448 512\" xmlns=\"http:\/\/www.w3.org\/2000\/svg\"><path d=\"M240.971 130.524l194.343 194.343c9.373 9.373 9.373 24.569 0 33.941l-22.667 22.667c-9.357 9.357-24.522 9.375-33.901.04L224 227.495 69.255 381.516c-9.379 9.335-24.544 9.317-33.901-.04l-22.667-22.667c-9.373-9.373-9.373-24.569 0-33.941L207.03 130.525c9.372-9.373 24.568-9.373 33.941-.001z\"><\/path><\/svg><\/div>\n\t\t\t\t\t<\/div>\n\t\t\t\t<div id=\"elementor-toc__1c30362\" class=\"elementor-toc__body\">\n\t\t\t<div class=\"elementor-toc__spinner-container\">\n\t\t\t\t<svg class=\"elementor-toc__spinner eicon-animation-spin e-font-icon-svg e-eicon-loading\" aria-hidden=\"true\" viewBox=\"0 0 1000 1000\" xmlns=\"http:\/\/www.w3.org\/2000\/svg\"><path d=\"M500 975V858C696 858 858 696 858 500S696 142 500 142 142 304 142 500H25C25 237 238 25 500 25S975 237 975 500 763 975 500 975Z\"><\/path><\/svg>\t\t\t<\/div>\n\t\t<\/div>\n\t\t\t\t\t\t<\/div>\n\t\t\t\t<\/div>\n\t\t\t\t\t<\/div>\n\t\t\t\t<\/div>\n\t\t<div class=\"elementor-element elementor-element-herorght0 e-con-full e-flex e-con e-child\" data-id=\"herorght0\" data-element_type=\"container\" data-e-type=\"container\">\n\t\t\t\t<div class=\"elementor-element elementor-element-heroimg00 iwg-hero-image elementor-widget elementor-widget-image\" data-id=\"heroimg00\" data-element_type=\"widget\" data-e-type=\"widget\" data-widget_type=\"image.default\">\n\t\t\t\t\t\t\t\t\t\t\t\t\t\t\t<img fetchpriority=\"high\" decoding=\"async\" width=\"683\" height=\"1024\" src=\"https:\/\/iwell-guard.com\/wp-content\/uploads\/2026\/05\/daemonen_christentum_belial-683x1024.webp\" class=\"attachment-large size-large wp-image-147402\" alt=\"Belial, d\u00e9mon k\u0159es\u0165ansko-okultn\u00ed tradice Goetie\" srcset=\"https:\/\/iwell-guard.com\/wp-content\/uploads\/2026\/05\/daemonen_christentum_belial-683x1024.webp 683w, https:\/\/iwell-guard.com\/wp-content\/uploads\/2026\/05\/daemonen_christentum_belial-200x300.webp 200w, https:\/\/iwell-guard.com\/wp-content\/uploads\/2026\/05\/daemonen_christentum_belial-768x1152.webp 768w, https:\/\/iwell-guard.com\/wp-content\/uploads\/2026\/05\/daemonen_christentum_belial.webp 1024w\" sizes=\"(max-width: 683px) 100vw, 683px\" \/>\t\t\t\t\t\t\t\t\t\t\t\t\t\t\t<\/div>\n\t\t\t\t<\/div>\n\t\t\t\t\t<\/div>\n\t\t\t\t<\/div>\n\t\t<div class=\"elementor-element elementor-element-32917199 e-flex e-con-boxed e-con e-parent\" data-id=\"32917199\" data-element_type=\"container\" data-e-type=\"container\">\n\t\t\t\t\t<div class=\"e-con-inner\">\n\t\t<div class=\"elementor-element elementor-element-26e916cb e-flex e-con-boxed e-con e-child\" data-id=\"26e916cb\" data-element_type=\"container\" data-e-type=\"container\">\n\t\t\t\t\t<div class=\"e-con-inner\">\n\t\t<div class=\"elementor-element elementor-element-253a40d4 e-flex e-con-boxed e-con e-child\" data-id=\"253a40d4\" data-element_type=\"container\" data-e-type=\"container\">\n\t\t\t\t\t<div class=\"e-con-inner\">\n\t\t\t\t<div class=\"elementor-element elementor-element-1200c304 elementor-widget elementor-widget-heading\" data-id=\"1200c304\" data-element_type=\"widget\" data-e-type=\"widget\" data-widget_type=\"heading.default\">\n\t\t\t\t\t<h2 class=\"elementor-heading-title elementor-size-default\">Belial<\/h2>\t\t\t\t<\/div>\n\t\t\t\t<div class=\"elementor-element elementor-element-11758e7f elementor-widget elementor-widget-text-editor\" data-id=\"11758e7f\" data-element_type=\"widget\" data-e-type=\"widget\" data-widget_type=\"text-editor.default\">\n\t\t\t\t\t\t\t\t\t<p><strong>Belial pat\u0159\u00ed<\/strong> k nejstar\u0161\u00edm a jazykov\u011b nejbohat\u0161\u00edm postav\u00e1m judaistick\u00e9 a k\u0159es\u0165ansk\u00e9 demonologie. Na rozd\u00edl od Baala nebo Paimona, jejich\u017e linie vede p\u0159es f\u00e9nicko-orient\u00e1ln\u00ed bohy, m\u00e1 Belial ko\u0159eny v hebrejsk\u00e9m jazykov\u00e9m \u00fazu a v ran\u011b judaistick\u00e9 apokalyptice.<\/p><p>Z mor\u00e1ln\u00edho abstraktn\u00edho pojmu se p\u0159es kumr\u00e1nsk\u00e9 spisy vyvinul jmenovan\u00fd kosmick\u00fd protivn\u00edk. V Goetii figuruje jako \u0161edes\u00e1t\u00fd osm\u00fd <span class=\"iwg-fachbegriff\" data-tooltip=\"Net\u011blesn\u00e1 bytost, j\u00ed\u017e je p\u0159ipisov\u00e1no p\u016fsoben\u00ed ve sv\u011bt\u011b.\" tabindex=\"0\">duch<\/span> a je pova\u017eov\u00e1n za kr\u00e1le s velen\u00edm nad osmdes\u00e1ti legiemi.<\/p>\t\t\t\t\t\t\t\t<\/div>\n\t\t\t\t\t<\/div>\n\t\t\t\t<\/div>\n\t\t<div class=\"elementor-element elementor-element-159dcf9a e-flex e-con-boxed e-con e-child\" data-id=\"159dcf9a\" data-element_type=\"container\" data-e-type=\"container\">\n\t\t\t\t\t<div class=\"e-con-inner\">\n\t\t\t\t<div class=\"elementor-element elementor-element-48cee66f elementor-widget elementor-widget-heading\" data-id=\"48cee66f\" data-element_type=\"widget\" data-e-type=\"widget\" data-widget_type=\"heading.default\">\n\t\t\t\t\t<h2 class=\"elementor-heading-title elementor-size-default\">Rychl\u00fd p\u0159ehled: Belial<\/h2>\t\t\t\t<\/div>\n\t\t\t\t<div class=\"elementor-element elementor-element-3f50d82c elementor-widget elementor-widget-text-editor\" data-id=\"3f50d82c\" data-element_type=\"widget\" data-e-type=\"widget\" data-widget_type=\"text-editor.default\">\n\t\t\t\t\t\t\t\t\t<p><strong>Typ:<\/strong> <span class=\"iwg-fachbegriff\" data-tooltip=\"Duchovn\u00ed bytost, j\u00ed\u017e je p\u0159ipisov\u00e1no \u0161kodliv\u00e9 nebo dvojzna\u010dn\u00e9 p\u016fsoben\u00ed.\" tabindex=\"0\">d\u00e9mon<\/span>, kr\u00e1l-<span class=\"iwg-fachbegriff\" data-tooltip=\"Net\u011blesn\u00e1 bytost, j\u00ed\u017e je p\u0159ipisov\u00e1no p\u016fsoben\u00ed ve sv\u011bt\u011b.\" tabindex=\"0\">duch<\/span> Ars Goetie<br><strong>P\u016fvod:<\/strong> Hebrejsk\u00e1 Bible, ran\u011b judaistick\u00e1 apokalyptika<br><strong>Rang:<\/strong> kr\u00e1l, 68. <span class=\"iwg-fachbegriff\" data-tooltip=\"Net\u011blesn\u00e1 bytost, j\u00ed\u017e je p\u0159ipisov\u00e1no p\u016fsoben\u00ed ve sv\u011bt\u011b.\" tabindex=\"0\">duch<\/span> Goetie, velen\u00ed nad 80 legiemi<br><strong>Prameny:<\/strong> Kumr\u00e1nsk\u00e9 spisy, Testament dvan\u00e1cti patriarch\u016f, Lemegeton<br><strong>P\u0159\u00edbuzn\u00e9 postavy:<\/strong> Lucifer, Samael, Azazel, Mastema<\/p>\t\t\t\t\t\t\t\t<\/div>\n\t\t\t\t\t<\/div>\n\t\t\t\t<\/div>\n\t\t\t\t\t<\/div>\n\t\t\t\t<\/div>\n\t\t\t\t\t<\/div>\n\t\t\t\t<\/div>\n\t\t<div class=\"elementor-element elementor-element-18613602 e-flex e-con-boxed e-con e-parent\" data-id=\"18613602\" data-element_type=\"container\" data-e-type=\"container\">\n\t\t\t\t\t<div class=\"e-con-inner\">\n\t\t\t\t<div class=\"elementor-element elementor-element-262b8a9f elementor-widget elementor-widget-heading\" data-id=\"262b8a9f\" data-element_type=\"widget\" data-e-type=\"widget\" data-widget_type=\"heading.default\">\n\t\t\t\t\t<h2 class=\"elementor-heading-title elementor-size-default\">Za\u0159azen\u00ed<\/h2>\t\t\t\t<\/div>\n\t\t<div class=\"elementor-element elementor-element-46dcb7d e-con-full e-flex e-con e-child\" data-id=\"46dcb7d\" data-element_type=\"container\" data-e-type=\"container\">\n\t\t<div class=\"elementor-element elementor-element-61d3ab3 e-flex e-con-boxed e-con e-child\" data-id=\"61d3ab3\" data-element_type=\"container\" data-e-type=\"container\">\n\t\t\t\t\t<div class=\"e-con-inner\">\n\t\t\t\t<div class=\"elementor-element elementor-element-117c166 elementor-widget elementor-widget-heading\" data-id=\"117c166\" data-element_type=\"widget\" data-e-type=\"widget\" data-widget_type=\"heading.default\">\n\t\t\t\t\t<div class=\"elementor-heading-title elementor-size-default\">Zeitraum der Texte<\/div>\t\t\t\t<\/div>\n\t\t\t\t<div class=\"elementor-element elementor-element-73997a0 elementor-widget elementor-widget-text-editor\" data-id=\"73997a0\" data-element_type=\"widget\" data-e-type=\"widget\" data-widget_type=\"text-editor.default\">\n\t\t\t\t\t\t\t\t\t<p>Belialova <span class=\"iwg-fachbegriff\" data-tooltip=\"P\u0159ed\u00e1v\u00e1n\u00ed znalost\u00ed a vypr\u00e1v\u011bn\u00ed nap\u0159\u00ed\u010d generacemi.\" tabindex=\"0\">tradice<\/span> sah\u00e1 p\u0159es v\u00edce ne\u017e dv\u011b tis\u00edcilet\u00ed. V hebrejsk\u00e9 Bibli se toto slovo objevuje jako druhov\u00fd pojem, bez osobn\u00ed podoby.<\/p><p>Specificky demonologick\u00e1 postava se st\u00e1v\u00e1 uchopitelnou v kumr\u00e1nsk\u00fdch spisech 2. a 1. stolet\u00ed p\u0159ed na\u0161\u00edm letopo\u010dtem. Liter\u00e1rn\u00ed konjunktura n\u00e1sleduje v pozdn\u00edm st\u0159edov\u011bku s d\u00edlem Liber Belial kolem roku 1382, magicko-okultn\u00ed podoba pak v Lemegetonu 17. stolet\u00ed.<\/p>\t\t\t\t\t\t\t\t<\/div>\n\t\t\t\t\t<\/div>\n\t\t\t\t<\/div>\n\t\t<div class=\"elementor-element elementor-element-d47b156 e-flex e-con-boxed e-con e-child\" data-id=\"d47b156\" data-element_type=\"container\" data-e-type=\"container\">\n\t\t\t\t\t<div class=\"e-con-inner\">\n\t\t\t\t<div class=\"elementor-element elementor-element-ff38c2b elementor-widget elementor-widget-heading\" data-id=\"ff38c2b\" data-element_type=\"widget\" data-e-type=\"widget\" data-widget_type=\"heading.default\">\n\t\t\t\t\t<div class=\"elementor-heading-title elementor-size-default\">Verbreitungsraum<\/div>\t\t\t\t<\/div>\n\t\t\t\t<div class=\"elementor-element elementor-element-4e49fcc elementor-widget elementor-widget-text-editor\" data-id=\"4e49fcc\" data-element_type=\"widget\" data-e-type=\"widget\" data-widget_type=\"text-editor.default\">\n\t\t\t\t\t\t\t\t\t<p>V\u00fdchoz\u00edm prostorem je <span class=\"iwg-fachbegriff\" data-tooltip=\"Epocha \u0159eck\u00e9 a \u0159\u00edmsk\u00e9 kultury, zhruba 800 p\u0159. n. l. a\u017e 600 n. l.\" tabindex=\"0\">antick\u00fd<\/span> Izrael a ran\u00e9 judaismus Palestiny, uchopiteln\u00fd p\u0159edev\u0161\u00edm v textech kumr\u00e1nsk\u00e9 komunity u Mrtv\u00e9ho mo\u0159e. P\u0159es Nov\u00fd z\u00e1kon se jm\u00e9no dostalo do \u0159ecky mluv\u00edc\u00edho k\u0159es\u0165ansk\u00e9ho sv\u011bta.<\/p><p>V latinsk\u00e9 st\u0159edn\u00ed Evrop\u011b se Belial roz\u0161\u00ed\u0159il s ran\u00fdm knihtiskem, v ran\u00e9m novov\u011bku p\u0159es grimo\u00e1ry a\u017e do dne\u0161n\u00ed z\u00e1padn\u00ed <span class=\"iwg-fachbegriff\" data-tooltip=\"Souhrnn\u00fd pojem pro u\u010den\u00ed, kter\u00e1 si n\u00e1rokuj\u00ed skryt\u00e9 pozn\u00e1n\u00ed dostupn\u00e9 pouze zasv\u011bcen\u00fdm.\" tabindex=\"0\">esoteriky<\/span>.<\/p>\t\t\t\t\t\t\t\t<\/div>\n\t\t\t\t\t<\/div>\n\t\t\t\t<\/div>\n\t\t\t\t<\/div>\n\t\t<div class=\"elementor-element elementor-element-db03c39 e-con-full e-flex e-con e-child\" data-id=\"db03c39\" data-element_type=\"container\" data-e-type=\"container\">\n\t\t<div class=\"elementor-element elementor-element-229a87b e-flex e-con-boxed e-con e-child\" data-id=\"229a87b\" data-element_type=\"container\" data-e-type=\"container\">\n\t\t\t\t\t<div class=\"e-con-inner\">\n\t\t\t\t<div class=\"elementor-element elementor-element-1f471fc elementor-widget elementor-widget-heading\" data-id=\"1f471fc\" data-element_type=\"widget\" data-e-type=\"widget\" data-widget_type=\"heading.default\">\n\t\t\t\t\t<div class=\"elementor-heading-title elementor-size-default\">Quellenlage<\/div>\t\t\t\t<\/div>\n\t\t\t\t<div class=\"elementor-element elementor-element-36b1201 elementor-widget elementor-widget-text-editor\" data-id=\"36b1201\" data-element_type=\"widget\" data-e-type=\"widget\" data-widget_type=\"text-editor.default\">\n\t\t\t\t\t\t\t\t\t<p>Nejd\u016fle\u017eit\u011bj\u0161\u00ed skupinou pramen\u016f jsou kumr\u00e1nsk\u00e9 spisy, jmenovit\u011b V\u00e1le\u010dn\u00fd svitek (1QM), \u0158\u00e1d obce (1QS) a H\u00f3dajoty. K nim se p\u0159id\u00e1v\u00e1 Testament dvan\u00e1cti patriarch\u016f a jedin\u00e9 novoz\u00e1konn\u00ed m\u00edsto (2 Kor 6, 15).<\/p><p>Pro pozd\u011bj\u0161\u00ed tradici jsou z\u00e1sadn\u00ed Liber Belial Jacoba de Theramo a Lemegeton. Akademick\u00fd v\u00fdzkum se Belialem zab\u00fdv\u00e1 p\u0159edev\u0161\u00edm v kontextu kumr\u00e1nsk\u00fdch studi\u00ed a tradice Liber Belial.<\/p>\t\t\t\t\t\t\t\t<\/div>\n\t\t\t\t\t<\/div>\n\t\t\t\t<\/div>\n\t\t\t\t<\/div>\n\t\t\t\t\t<\/div>\n\t\t\t\t<\/div>\n\t\t<div class=\"elementor-element elementor-element-3ae0637c e-flex e-con-boxed e-con e-parent\" data-id=\"3ae0637c\" data-element_type=\"container\" data-e-type=\"container\">\n\t\t\t\t\t<div class=\"e-con-inner\">\n\t\t\t\t<div class=\"elementor-element elementor-element-31d07739 elementor-widget elementor-widget-heading\" data-id=\"31d07739\" data-element_type=\"widget\" data-e-type=\"widget\" data-widget_type=\"heading.default\">\n\t\t\t\t\t<h2 class=\"elementor-heading-title elementor-size-default\">Jm\u00e9no<\/h2>\t\t\t\t<\/div>\n\t\t<div class=\"elementor-element elementor-element-b7642947 e-con-full e-flex e-con e-child\" data-id=\"b7642947\" data-element_type=\"container\" data-e-type=\"container\">\n\t\t\t\t<div class=\"elementor-element elementor-element-a086266 elementor-widget elementor-widget-text-editor\" data-id=\"a086266\" data-element_type=\"widget\" data-e-type=\"widget\" data-widget_type=\"text-editor.default\">\n\t\t\t\t\t\t\t\t\t<p>Jm\u00e9no je jazykov\u011b sporn\u00e9. Nejroz\u0161\u00ed\u0159en\u011bj\u0161\u00ed v\u00fdklad rozkl\u00e1d\u00e1 hebrejsk\u00e9 beliyya&#8217;al (\u05d1\u05b0\u05bc\u05dc\u05b4\u05d9\u05b7\u05bc\u05e2\u05b7\u05dc) na negaci beli (bez, ne) a druh\u00fd prvek. Pokud se tento ch\u00e1pe jako ya&#8217;al ve smyslu u\u017eitek, vznik\u00e1 v\u00fdznam bez u\u017eitku nebo nicotnost.<\/p><p>Jin\u00fd v\u00fdklad spojuje druhou slo\u017eku s ko\u0159enem pro vystoupit a doch\u00e1z\u00ed k v\u00fdrazu ten, kdo nevystupuje, co\u017e bylo ch\u00e1p\u00e1no jako ozna\u010den\u00ed podsv\u011bt\u00ed. Septuaginta p\u0159ekl\u00e1d\u00e1 belial \u010dasto jako paranomos (nez\u00e1konn\u00fd) nebo asebes (bezbo\u017en\u00fd).<\/p><p>V Nov\u00e9m z\u00e1kon\u011b se jm\u00e9no objevuje v podob\u011b Beliar, s r m\u00edsto l. Tato hl\u00e1skov\u00e1 varianta je dob\u0159e dolo\u017eena a vyskytuje se i v jin\u00fdch ran\u011b judaistick\u00fdch a ran\u011b k\u0159es\u0165ansk\u00fdch textech.<\/p><p>V hebrejsk\u00e9 Bibli se objevuje v\u00fdraz bene beli&#8217;al, synov\u00e9 Belialovi, jako ozna\u010den\u00ed pro n\u00e1siln\u00e9, nez\u00e1konn\u00e9 mu\u017ee (Sd 19, 22; 1 Sam 10, 27), je\u0161t\u011b bez jak\u00e9hokoli vztahu k ur\u010dit\u00e9mu <span class=\"iwg-fachbegriff\" data-tooltip=\"Duchovn\u00ed bytost, j\u00ed\u017e je p\u0159ipisov\u00e1no \u0161kodliv\u00e9 nebo dvojzna\u010dn\u00e9 p\u016fsoben\u00ed.\" tabindex=\"0\">d\u00e9monovi<\/span>.<\/p>\t\t\t\t\t\t\t\t<\/div>\n\t\t\t\t<\/div>\n\t\t\t\t\t<\/div>\n\t\t\t\t<\/div>\n\t\t<div class=\"elementor-element elementor-element-709a44a8 e-flex e-con-boxed e-con e-parent\" data-id=\"709a44a8\" data-element_type=\"container\" data-e-type=\"container\">\n\t\t\t\t\t<div class=\"e-con-inner\">\n\t\t\t\t<div class=\"elementor-element elementor-element-2f585873 elementor-widget elementor-widget-heading\" data-id=\"2f585873\" data-element_type=\"widget\" data-e-type=\"widget\" data-widget_type=\"heading.default\">\n\t\t\t\t\t<h2 class=\"elementor-heading-title elementor-size-default\">Popis<\/h2>\t\t\t\t<\/div>\n\t\t<div class=\"elementor-element elementor-element-70621c12 e-con-full e-flex e-con e-child\" data-id=\"70621c12\" data-element_type=\"container\" data-e-type=\"container\">\n\t\t\t\t<div class=\"elementor-element elementor-element-4296eb49 elementor-widget elementor-widget-text-editor\" data-id=\"4296eb49\" data-element_type=\"widget\" data-e-type=\"widget\" data-widget_type=\"text-editor.default\">\n\t\t\t\t\t\t\t\t\t<p>Belial nen\u00ed v ran\u00e9m judaismu bytost\u00ed s pevnou t\u011blesnou podobou, n\u00fdbr\u017e osobn\u00ed moc\u00ed, ch\u00e1panou jako v\u016fdce temnoty.<\/p><p>Ve V\u00e1le\u010dn\u00e9m svitku stoj\u00ed v \u010dele nep\u0159\u00e1telsk\u00e9ho vojska, \u0158\u00e1d obce popisuje omezenou vl\u00e1du Belialovu, v n\u00ed\u017e temnota vykon\u00e1v\u00e1 moc nad sv\u011btem a nad srdci lid\u00ed. H\u00f3dajoty mluv\u00ed o provazech a smy\u010dk\u00e1ch Belialov\u00fdch, z nich\u017e B\u016fh zachra\u0148uje ty, kdo se modl\u00ed.<\/p><p>Teprve Goetia mu d\u00e1v\u00e1 pevnou obrazovou podobu. Tam se Belial objevuje jako kr\u00e1l-<span class=\"iwg-fachbegriff\" data-tooltip=\"Net\u011blesn\u00e1 bytost, j\u00ed\u017e je p\u0159ipisov\u00e1no p\u016fsoben\u00ed ve sv\u011bt\u011b.\" tabindex=\"0\">duch<\/span> zvl\u00e1\u0161tn\u00ed prominence, textem ozna\u010den\u00fd za stvo\u0159en\u00e9ho bezprost\u0159edn\u011b po Luciferovi. Ikonografie zobrazuje dva z\u00e1\u0159\u00edc\u00ed <span class=\"iwg-fachbegriff\" data-tooltip=\"V abrah\u00e1movsk\u00fdch n\u00e1bo\u017eenstv\u00edch nebesk\u00e1 poselsk\u00e1 bytost Bo\u017e\u00ed.\" tabindex=\"0\">and\u011bly<\/span> na ohniv\u00e9m v\u00e1le\u010dn\u00e9m vozu, obrazov\u00e1 podoba, kter\u00e1 p\u0159ipom\u00edn\u00e1 Ezechielovo vid\u011bn\u00ed tr\u016fnn\u00edho vozu (Ez 1) a spojuje Beliala s vy\u0161\u0161\u00edmi and\u011blsk\u00fdmi t\u0159\u00eddami.<\/p><p>V liter\u00e1rn\u00ed recepci b\u00fdv\u00e1 Belial \u010dasto zobrazov\u00e1n jako zt\u011blesn\u011bn\u00ed l\u017ei a kr\u00e1sn\u00fdch slov bez podstaty. John Milton\u016fv Ztracen\u00fd r\u00e1j z n\u011bj \u010din\u00ed jednoho z nejv\u00fdmluvn\u011bj\u0161\u00edch padl\u00fdch <span class=\"iwg-fachbegriff\" data-tooltip=\"V abrah\u00e1movsk\u00fdch n\u00e1bo\u017eenstv\u00edch nebesk\u00e1 poselsk\u00e1 bytost Bo\u017e\u00ed.\" tabindex=\"0\">and\u011bl\u016f<\/span> v peklu, elegantn\u00edho mluv\u010d\u00edho, kter\u00fd v jedn\u00e1n\u00ed z\u016fst\u00e1v\u00e1 v\u00e1hav\u00fd.<\/p><p>Toto vyobrazen\u00ed nen\u00ed historicky dolo\u017eeno, ale navazuje na starou kumr\u00e1nskou p\u0159edstavu Beliala jako protikn\u00ed\u017eete pravdy.<\/p>\t\t\t\t\t\t\t\t<\/div>\n\t\t\t\t<\/div>\n\t\t\t\t\t<\/div>\n\t\t\t\t<\/div>\n\t\t<div class=\"elementor-element elementor-element-44e71476 e-flex e-con-boxed e-con e-parent\" data-id=\"44e71476\" data-element_type=\"container\" data-e-type=\"container\">\n\t\t\t\t\t<div class=\"e-con-inner\">\n\t\t\t\t<div class=\"elementor-element elementor-element-3c1fc3f0 elementor-widget elementor-widget-heading\" data-id=\"3c1fc3f0\" data-element_type=\"widget\" data-e-type=\"widget\" data-widget_type=\"heading.default\">\n\t\t\t\t\t<h2 class=\"elementor-heading-title elementor-size-default\">Profil: Belial<\/h2>\t\t\t\t<\/div>\n\t\t<div class=\"elementor-element elementor-element-84f33b8e e-con-full e-flex e-con e-child\" data-id=\"84f33b8e\" data-element_type=\"container\" data-e-type=\"container\">\n\t\t\t\t<div class=\"elementor-element elementor-element-hqkdc67p elementor-widget elementor-widget-text-editor\" data-id=\"hqkdc67p\" data-element_type=\"widget\" data-e-type=\"widget\" data-widget_type=\"text-editor.default\">\n\t\t\t\t\t\t\t\t\t<p>N\u00e1sleduj\u00edc\u00ed pole shrnuj\u00ed goetickou tradici o Belialovi a jej\u00ed religionistick\u00e9 ko\u0159eny.<\/p>\t\t\t\t\t\t\t\t<\/div>\n\t\t\t\t<\/div>\n\t\t<div class=\"elementor-element elementor-element-pemmx7c5 e-con-full e-flex e-con e-child\" data-id=\"pemmx7c5\" data-element_type=\"container\" data-e-type=\"container\">\n\t\t<div class=\"elementor-element elementor-element-pemmx7c1 e-con-full e-flex e-con e-child\" data-id=\"pemmx7c1\" data-element_type=\"container\" data-e-type=\"container\">\n\t\t<div class=\"elementor-element elementor-element-qh9oavvu iwg-steckbrief-card e-flex e-con-boxed e-con e-child\" data-id=\"qh9oavvu\" data-element_type=\"container\" data-e-type=\"container\">\n\t\t\t\t\t<div class=\"e-con-inner\">\n\t\t\t\t<div class=\"elementor-element elementor-element-awzx8k2k elementor-widget elementor-widget-heading\" data-id=\"awzx8k2k\" data-element_type=\"widget\" data-e-type=\"widget\" data-widget_type=\"heading.default\">\n\t\t\t\t\t<div class=\"elementor-heading-title elementor-size-default\">P\u016fvod<\/div>\t\t\t\t<\/div>\n\t\t\t\t<div class=\"elementor-element elementor-element-x6rowhv0 elementor-widget elementor-widget-text-editor\" data-id=\"x6rowhv0\" data-element_type=\"widget\" data-e-type=\"widget\" data-widget_type=\"text-editor.default\">\n\t\t\t\t\t\t\t\t\t<p>Belial m\u00e1 ko\u0159eny v hebrejsk\u00e9m jazykov\u00e9m \u00fazu, kde bylo beliyya&#8217;al zprvu mor\u00e1ln\u00edm abstraktem s v\u00fdznamem zk\u00e1za nebo zlov\u016fle. Osobn\u00ed moc\u00ed se tato postava stala a\u017e v ran\u011b judaistick\u00e9 apokalyptice, zejm\u00e9na v kumr\u00e1nsk\u00fdch spisech. Goetia jej ozna\u010duje za stvo\u0159en\u00e9ho bezprost\u0159edn\u011b po Luciferovi a za\u0159azuje ho tak do sv\u011bta padl\u00fdch and\u011bl\u016f.<\/p>\t\t\t\t\t\t\t\t<\/div>\n\t\t\t\t\t<\/div>\n\t\t\t\t<\/div>\n\t\t<div class=\"elementor-element elementor-element-8e3o4kxs iwg-steckbrief-card e-flex e-con-boxed e-con e-child\" data-id=\"8e3o4kxs\" data-element_type=\"container\" data-e-type=\"container\">\n\t\t\t\t\t<div class=\"e-con-inner\">\n\t\t\t\t<div class=\"elementor-element elementor-element-08rkdgov elementor-widget elementor-widget-heading\" data-id=\"08rkdgov\" data-element_type=\"widget\" data-e-type=\"widget\" data-widget_type=\"heading.default\">\n\t\t\t\t\t<div class=\"elementor-heading-title elementor-size-default\">Po\u0159ad\u00ed a funkce<\/div>\t\t\t\t<\/div>\n\t\t\t\t<div class=\"elementor-element elementor-element-uwjelx8s elementor-widget elementor-widget-text-editor\" data-id=\"uwjelx8s\" data-element_type=\"widget\" data-e-type=\"widget\" data-widget_type=\"text-editor.default\">\n\t\t\t\t\t\t\t\t\t<p>V Goetii je Belial kr\u00e1l-<span class=\"iwg-fachbegriff\" data-tooltip=\"Net\u011blesn\u00e1 bytost, j\u00ed\u017e se p\u0159isuzuje p\u016fsoben\u00ed ve sv\u011bt\u011b.\" tabindex=\"0\">duch<\/span> s velitelskou moc\u00ed nad osmdes\u00e1ti legiemi a v seznamu figuruje jako \u0161edes\u00e1t\u00fd osm\u00fd <span class=\"iwg-fachbegriff\" data-tooltip=\"Net\u011blesn\u00e1 bytost, j\u00ed\u017e se p\u0159isuzuje p\u016fsoben\u00ed ve sv\u011bt\u011b.\" tabindex=\"0\">duch<\/span>. Podle Lemegetonu ud\u011bluje hodnosti, sen\u00e1torsk\u00e9 tituly a projevy p\u0159\u00edzn\u011b a d\u00e1v\u00e1 pravdiv\u00e9 odpov\u011bdi na ot\u00e1zky. V qumransk\u00e9 tradici je jeho funkce jin\u00e1: tam vede syny temnoty jako protivn\u00edk kn\u00ed\u017eete sv\u011btla.<\/p>\t\t\t\t\t\t\t\t<\/div>\n\t\t\t\t\t<\/div>\n\t\t\t\t<\/div>\n\t\t<div class=\"elementor-element elementor-element-jm2n74ec iwg-steckbrief-card e-flex e-con-boxed e-con e-child\" data-id=\"jm2n74ec\" data-element_type=\"container\" data-e-type=\"container\">\n\t\t\t\t\t<div class=\"e-con-inner\">\n\t\t\t\t<div class=\"elementor-element elementor-element-8vufse4c elementor-widget elementor-widget-heading\" data-id=\"8vufse4c\" data-element_type=\"widget\" data-e-type=\"widget\" data-widget_type=\"heading.default\">\n\t\t\t\t\t<div class=\"elementor-heading-title elementor-size-default\">Zjeven\u00ed<\/div>\t\t\t\t<\/div>\n\t\t\t\t<div class=\"elementor-element elementor-element-mwb9u015 elementor-widget elementor-widget-text-editor\" data-id=\"mwb9u015\" data-element_type=\"widget\" data-e-type=\"widget\" data-widget_type=\"text-editor.default\">\n\t\t\t\t\t\t\t\t\t<p>Goetia nepopisuje Belial ve zv\u00ed\u0159ec\u00ed podob\u011b, n\u00fdbr\u017e jako dva z\u00e1\u0159\u00edc\u00ed <span class=\"iwg-fachbegriff\" data-tooltip=\"V abrah\u00e1movsk\u00fdch n\u00e1bo\u017eenstv\u00edch nebesk\u00e1 poslov\u00e1 bytost Bo\u017e\u00ed.\" tabindex=\"0\">and\u011bly<\/span> na ohniv\u00e9m v\u00e1le\u010dn\u00e9m vozu. Tato obrazov\u00e1 podoba navazuje na Ezechielovo vid\u011bn\u00ed vozu-tr\u016fnu a zd\u016fraz\u0148uje jeho bl\u00edzkost vy\u0161\u0161\u00edm and\u011blsk\u00fdm t\u0159\u00edd\u00e1m. V qumransk\u00fdch textech z\u016fst\u00e1v\u00e1 bez popisu podoby, jako \u010dist\u011b mocensk\u00e1 postava temnoty.<\/p>\t\t\t\t\t\t\t\t<\/div>\n\t\t\t\t\t<\/div>\n\t\t\t\t<\/div>\n\t\t\t\t<\/div>\n\t\t<div class=\"elementor-element elementor-element-pemmx7c2 e-con-full e-flex e-con e-child\" data-id=\"pemmx7c2\" data-element_type=\"container\" data-e-type=\"container\">\n\t\t<div class=\"elementor-element elementor-element-37ss2yr6 iwg-steckbrief-card e-flex e-con-boxed e-con e-child\" data-id=\"37ss2yr6\" data-element_type=\"container\" data-e-type=\"container\">\n\t\t\t\t\t<div class=\"e-con-inner\">\n\t\t\t\t<div class=\"elementor-element elementor-element-3v0wp3wx elementor-widget elementor-widget-heading\" data-id=\"3v0wp3wx\" data-element_type=\"widget\" data-e-type=\"widget\" data-widget_type=\"heading.default\">\n\t\t\t\t\t<div class=\"elementor-heading-title elementor-size-default\">Ritu\u00e1ln\u00ed vz\u00fdv\u00e1n\u00ed<\/div>\t\t\t\t<\/div>\n\t\t\t\t<div class=\"elementor-element elementor-element-w3247g2m elementor-widget elementor-widget-text-editor\" data-id=\"w3247g2m\" data-element_type=\"widget\" data-e-type=\"widget\" data-widget_type=\"text-editor.default\">\n\t\t\t\t\t\t\t\t\t<p>Pro goetick\u00e9 ztv\u00e1rn\u011bn\u00ed je charakteristick\u00fd po\u017eadavek ob\u011btn\u00edch dar\u016f. Bez p\u0159\u00edslu\u0161n\u00e9ho gesta, jak text uv\u00e1d\u00ed, Belial nepod\u00e1 pravdivou informaci. Tato podm\u00edn\u011bnost magick\u00e9 praxe je v Lemegetonu u Belialem zvl\u00e1\u0161\u0165 v\u00fdrazn\u011b formulov\u00e1na a odli\u0161uje ho od duch\u016f, kte\u0159\u00ed odpov\u00eddaj\u00ed bez p\u0159edb\u011b\u017en\u00e9 podm\u00ednky.<\/p>\t\t\t\t\t\t\t\t<\/div>\n\t\t\t\t\t<\/div>\n\t\t\t\t<\/div>\n\t\t<div class=\"elementor-element elementor-element-0qpjal9w iwg-steckbrief-card e-flex e-con-boxed e-con e-child\" data-id=\"0qpjal9w\" data-element_type=\"container\" data-e-type=\"container\">\n\t\t\t\t\t<div class=\"e-con-inner\">\n\t\t\t\t<div class=\"elementor-element elementor-element-6ndoih0o elementor-widget elementor-widget-heading\" data-id=\"6ndoih0o\" data-element_type=\"widget\" data-e-type=\"widget\" data-widget_type=\"heading.default\">\n\t\t\t\t\t<div class=\"elementor-heading-title elementor-size-default\">Pe\u010de\u0165 a symboly<\/div>\t\t\t\t<\/div>\n\t\t\t\t<div class=\"elementor-element elementor-element-6684tyh9 elementor-widget elementor-widget-text-editor\" data-id=\"6684tyh9\" data-element_type=\"widget\" data-e-type=\"widget\" data-widget_type=\"text-editor.default\">\n\t\t\t\t\t\t\t\t\t<p>Belialova pe\u010de\u0165 (sigilum) v Goetii ukazuje geometricky slo\u017eit\u00fd vzor z lini\u00ed a kruh\u016f. Astrologicky je Belial spojov\u00e1n s Vodn\u00e1\u0159em, jako \u017eivel se mu p\u0159i\u0159azuje Zem\u011b, jako planeta Saturn. V hermetick\u00e9 renesanci byl za\u0159azen mezi \u010dty\u0159i pekeln\u00e9 kn\u00ed\u017eata oblasti Zem\u011b a spojov\u00e1n s inertnost\u00ed hmoty.<\/p>\t\t\t\t\t\t\t\t<\/div>\n\t\t\t\t\t<\/div>\n\t\t\t\t<\/div>\n\t\t<div class=\"elementor-element elementor-element-3lfi7x32 iwg-steckbrief-card e-flex e-con-boxed e-con e-child\" data-id=\"3lfi7x32\" data-element_type=\"container\" data-e-type=\"container\">\n\t\t\t\t\t<div class=\"e-con-inner\">\n\t\t\t\t<div class=\"elementor-element elementor-element-0kg99ga1 elementor-widget elementor-widget-heading\" data-id=\"0kg99ga1\" data-element_type=\"widget\" data-e-type=\"widget\" data-widget_type=\"heading.default\">\n\t\t\t\t\t<div class=\"elementor-heading-title elementor-size-default\">P\u0159\u00edbuzn\u00ed duchov\u00e9<\/div>\t\t\t\t<\/div>\n\t\t\t\t<div class=\"elementor-element elementor-element-n0fum6kp elementor-widget elementor-widget-text-editor\" data-id=\"n0fum6kp\" data-element_type=\"widget\" data-e-type=\"widget\" data-widget_type=\"text-editor.default\">\n\t\t\t\t\t\t\t\t\t<p>V ran\u00e9m judaismu stoj\u00ed Belial vedle dal\u0161\u00edch jmen pro protibo\u017eskou moc, mezi nimi\u017e jsou Satan, Mastema, Azazel a Sammael. Tato jm\u00e9na nedesignuj\u00ed v\u017edy jednu a tut\u00e9\u017e ost\u0159e vymezenou postavu, n\u00fdbr\u017e se podle textu p\u0159ekr\u00fdvaj\u00ed. V Goetii je mu bezprost\u0159edn\u011b nad\u0159azen Lucifer, se Samaelem ho spojuje pozd\u011bj\u0161\u00ed kabalistick\u00fd v\u00fdklad.<\/p>\t\t\t\t\t\t\t\t<\/div>\n\t\t\t\t\t<\/div>\n\t\t\t\t<\/div>\n\t\t\t\t<\/div>\n\t\t\t\t<\/div>\n\t\t\t\t\t<\/div>\n\t\t\t\t<\/div>\n\t\t<div class=\"elementor-element elementor-element-7533bc7a e-flex e-con-boxed e-con e-parent\" data-id=\"7533bc7a\" data-element_type=\"container\" data-e-type=\"container\">\n\t\t\t\t\t<div class=\"e-con-inner\">\n\t\t\t\t<div class=\"elementor-element elementor-element-2447d18d elementor-widget elementor-widget-heading\" data-id=\"2447d18d\" data-element_type=\"widget\" data-e-type=\"widget\" data-widget_type=\"heading.default\">\n\t\t\t\t\t<h2 class=\"elementor-heading-title elementor-size-default\">Recepce a d\u011bjiny vlivu<\/h2>\t\t\t\t<\/div>\n\t\t<div class=\"elementor-element elementor-element-d5d0260c e-con-full e-flex e-con e-child\" data-id=\"d5d0260c\" data-element_type=\"container\" data-e-type=\"container\">\n\t\t\t\t<div class=\"elementor-element elementor-element-341be2ac elementor-widget elementor-widget-text-editor\" data-id=\"341be2ac\" data-element_type=\"widget\" data-e-type=\"widget\" data-widget_type=\"text-editor.default\">\n\t\t\t\t\t\t\t\t\t<p>V k\u0159es\u0165anstv\u00ed se Belial z velk\u00e9 \u010d\u00e1sti slil s postavou \u010f\u00e1bla, ale zachoval si dost vlastn\u00edho profilu, aby v ur\u010dit\u00fdch textov\u00fdch \u017e\u00e1nrech p\u0159e\u017e\u00edval jako samostatn\u00e9 jm\u00e9no. Ran\u011b k\u0159es\u0165ansk\u00e9 spisy jako Nanebevzet\u00ed Izai\u00e1\u0161ovo pou\u017e\u00edvaj\u00ed jm\u00e9no Beliar jako ozna\u010den\u00ed protibo\u017esk\u00e9 moci, n\u011bkdy s eschatologick\u00fdmi, antikristovsk\u00fdmi rysy.<\/p><p>Zaj\u00edmavou pozd\u011bj\u0161\u00ed kari\u00e9ru u\u010dinil Belial ve vrcholn\u00e9m st\u0159edov\u011bku prost\u0159ednictv\u00edm Liber Belial, latinsk\u00e9ho procesn\u00edho trakt\u00e1tu Jacoba de Theramo z konce 14. stolet\u00ed.<\/p><p>V n\u011bm \u017ealuje Belial jm\u00e9nem pekla Krista, proto\u017ee tento p\u0159i sv\u00e9m sestupu do podsv\u011bt\u00ed uloupil du\u0161e. Moj\u017e\u00ed\u0161 a Salomoun vystupuj\u00ed jako obh\u00e1jci. D\u00edlo se stalo jednou z prvn\u00edch ti\u0161t\u011bn\u00fdch n\u011bmeck\u00fdch knih.<\/p><p>V ran\u011b novov\u011bk\u00e9 demonologii za\u0159azovaly grimo\u00e1ry Beliala do hierarchi\u00ed pekeln\u00fdch kn\u00ed\u017eat. Pseudomonarchia Daemonum Johanna Weyera a Ars Goetia ho uv\u00e1d\u011bj\u00ed jako mocn\u00e9ho kr\u00e1le s pevn\u00fdm po\u010dtem pod\u0159\u00edzen\u00fdch duchovn\u00edch legi\u00ed.<\/p><p>Heinrich Cornelius Agrippa ho v d\u00edle De occulta philosophia (1533) jmenuje jako zodpov\u011bdn\u00e9ho za fale\u0161n\u00e9 modloslu\u017eby a \u010f\u00e1belsk\u00e9 spory. Tyto systematizace jsou u\u010den\u00e9 konstrukce ran\u00e9ho novov\u011bku a nejsou pokra\u010dov\u00e1n\u00edm antick\u00e9 <span class=\"iwg-fachbegriff\" data-tooltip=\"P\u0159ed\u00e1v\u00e1n\u00ed pozn\u00e1n\u00ed a vypr\u00e1v\u011bn\u00ed p\u0159es generace.\" tabindex=\"0\">tradice<\/span>, p\u0159esto ale utv\u00e1\u0159ely modern\u00ed obraz Beliala.<\/p><p><span data-nosnippet>Crowleyho-Mathersovo vyd\u00e1n\u00ed Goetie (1904) ho zpopularizovalo v tehdej\u0161\u00ed <span class=\"iwg-fachbegriff\" data-tooltip=\"Souhrnn\u00fd pojem pro u\u010den\u00ed, kter\u00e1 si n\u00e1rokuj\u00ed skryt\u00e9 pozn\u00e1n\u00ed dostupn\u00e9 jen zasv\u011bcen\u00fdm.\" tabindex=\"0\">esoterice<\/span>, Peterson-Josephovo vyd\u00e1n\u00ed (2001) ho u\u010dinilo filologicky p\u0159\u00edstupn\u00fdm. Crowley ch\u00e1pe Beliala jako personifikovan\u00fd odpor proti v\u016fli, tedy psychologick\u00fd v\u00fdklad, kter\u00fd je p\u0159ej\u00edm\u00e1n v modern\u00ed chaos-<span class=\"iwg-fachbegriff\" data-tooltip=\"Praktiky, kter\u00e9 se sna\u017e\u00ed zvl\u00e1\u0161tn\u00edmi \u00fakony nebo formulemi zas\u00e1hnout do b\u011bhu v\u011bc\u00ed.\" tabindex=\"0\">magii<\/span>.<\/span><\/p><p>Religionistick\u00fd v\u00fdzkum v tom vid\u00ed modern\u00ed vlastn\u00ed interpretaci, kter\u00e1 m\u00e1 s judaisticko-k\u0159es\u0165anskou tradic\u00ed Beliala m\u00e1lo spole\u010dn\u00e9ho. Kdo se s Belialem setk\u00e1 dnes, setk\u00e1v\u00e1 se v\u011bt\u0161inou s touto pozdn\u00ed, liter\u00e1rn\u011b propracovanou postavou, nikoli s Belialem z qumransk\u00fdch text\u016f.<\/p>\t\t\t\t\t\t\t\t<\/div>\n\t\t\t\t<\/div>\n\t\t\t\t\t<\/div>\n\t\t\t\t<\/div>\n\t\t<div class=\"elementor-element elementor-element-5a584676 e-flex e-con-boxed e-con e-parent\" data-id=\"5a584676\" data-element_type=\"container\" data-e-type=\"container\">\n\t\t\t\t\t<div class=\"e-con-inner\">\n\t\t\t\t<div class=\"elementor-element elementor-element-6d0757bf elementor-widget elementor-widget-heading\" data-id=\"6d0757bf\" data-element_type=\"widget\" data-e-type=\"widget\" data-widget_type=\"heading.default\">\n\t\t\t\t\t<h2 class=\"elementor-heading-title elementor-size-default\">Belial, paralely v jin\u00fdch kultur\u00e1ch<\/h2>\t\t\t\t<\/div>\n\t\t<div class=\"elementor-element elementor-element-60563f68 e-con-full e-flex e-con e-child\" data-id=\"60563f68\" data-element_type=\"container\" data-e-type=\"container\">\n\t\t\t\t<div class=\"elementor-element elementor-element-5a93fdd6 elementor-widget elementor-widget-text-editor\" data-id=\"5a93fdd6\" data-element_type=\"widget\" data-e-type=\"widget\" data-widget_type=\"text-editor.default\">\n\t\t\t\t\t\t\t\t\t<p>Postava Beliala stoj\u00ed v n\u00e1bo\u017eenskohistorick\u00e9m propletenci. V persk\u00e9m zoroastrismu se objevuje Aeshma Daeva, <span class=\"iwg-fachbegriff\" data-tooltip=\"Net\u011blesn\u00e1 bytost, j\u00ed\u017e se p\u0159isuzuje p\u016fsoben\u00ed ve sv\u011bt\u011b.\" tabindex=\"0\">duch<\/span> hn\u011bvu, kter\u00fd zahaluje pravdu, se strukturn\u011b podobnou funkc\u00ed.<\/p><p>Mezopot\u00e1msk\u00e1 tradice Lamashtu zn\u00e1 bytosti, kter\u00e9 sv\u016fdnou v\u00fd\u0159e\u010dnost\u00ed poru\u0161uj\u00ed slib. V hinduistick\u00e9m kontextu odpov\u00edd\u00e1 belialsk\u00e9mu t\u00e9matu asura Vritra, kter\u00fd blokuje \u017eivotn\u00ed tok podvodn\u00fdmi sliby.<\/p><p>Tyto paralely nejsou kauz\u00e1ln\u00edmi spoji, ukazuj\u00ed ale opakuj\u00edc\u00ed se n\u00e1bo\u017eenskofenomenologick\u00fd vzorec: odpor proti svat\u00e9mu jako sv\u016fdn\u00e1 moc \u0159e\u010di, nikoli jako hrub\u00e1 hr\u016fza. V samotn\u00e9 \u017eidovsk\u00e9 <span class=\"iwg-fachbegriff\" data-tooltip=\"N\u00e1bo\u017eensk\u00fd proud zam\u011b\u0159en\u00fd na bezprost\u0159edn\u00ed zku\u0161enost Boha.\" tabindex=\"0\">mystice<\/span> se postava op\u011bt prom\u011b\u0148uje.<\/p><p>Luri\u00e1nsk\u00e1 <span class=\"iwg-fachbegriff\" data-tooltip=\"Proud \u017eidovsk\u00e9 mystiky s hlavn\u00edmi d\u00edly jako Sefer Jecira a Zohar.\" tabindex=\"0\">kabala<\/span> za\u0159azuje Beliala do oblasti Sitra Achra, druh\u00e9 strany, a ch\u00e1pe ho jako strukturn\u00ed s\u00edlu v kosmick\u00e9m dramatu obnovy rozt\u0159\u00ed\u0161t\u011bn\u00fdch n\u00e1dob sv\u011btla. Chasidsk\u00e1 tradice pak vykl\u00e1d\u00e1 belialovsk\u00e9 s\u00edly p\u0159edev\u0161\u00edm jako vnit\u0159n\u00ed p\u0159ek\u00e1\u017eky na duchovn\u00ed cest\u011b.<\/p>\t\t\t\t\t\t\t\t<\/div>\n\t\t\t\t<\/div>\n\t\t\t\t\t<\/div>\n\t\t\t\t<\/div>\n\t\t<div class=\"elementor-element elementor-element-36dd7469 e-flex e-con-boxed e-con e-parent\" data-id=\"36dd7469\" data-element_type=\"container\" data-e-type=\"container\">\n\t\t\t\t\t<div class=\"e-con-inner\">\n\t\t\t\t<div class=\"elementor-element elementor-element-13760ab4 elementor-widget elementor-widget-heading\" data-id=\"13760ab4\" data-element_type=\"widget\" data-e-type=\"widget\" data-widget_type=\"heading.default\">\n\t\t\t\t\t<h2 class=\"elementor-heading-title elementor-size-default\">Souvisej\u00edc\u00ed odkazy<\/h2>\t\t\t\t<\/div>\n\t\t<div class=\"elementor-element elementor-element-28c87796 e-con-full e-flex e-con e-child\" data-id=\"28c87796\" data-element_type=\"container\" data-e-type=\"container\">\n\t\t\t\t<div class=\"elementor-element elementor-element-5d6538df elementor-widget elementor-widget-text-editor\" data-id=\"5d6538df\" data-element_type=\"widget\" data-e-type=\"widget\" data-widget_type=\"text-editor.default\">\n\t\t\t\t\t\t\t\t\t<ul><li><a href=\"https:\/\/iwell-guard.com\/cs\/?page_id=145108\">D\u00e9moni<\/a>: p\u0159ehled d\u00e9mon\u016f<\/li><li><a href=\"https:\/\/iwell-guard.com\/cs\/?page_id=145396\">Goetia<\/a>: tradice Ars Goetia<\/li><li><a href=\"https:\/\/iwell-guard.com\/cs\/?page_id=145139\">K\u0159es\u0165anstv\u00ed<\/a>: kulturn\u00ed za\u0159azen\u00ed<\/li><li><a href=\"https:\/\/iwell-guard.com\/cs\/?page_id=145145\">Lucifer<\/a>: <span class=\"iwg-fachbegriff\" data-tooltip=\"Net\u011blesn\u00e1 bytost, j\u00ed\u017e se p\u0159isuzuje p\u016fsoben\u00ed ve sv\u011bt\u011b.\" tabindex=\"0\">duch<\/span> bezprost\u0159edn\u011b nad\u0159azen\u00fd Belialovi<\/li><li><a href=\"https:\/\/iwell-guard.com\/cs\/?page_id=145285\">Samael<\/a>: p\u0159\u00edbuzn\u00e1 postava protivn\u00edka v \u017eidovsk\u00e9 tradici<\/li><\/ul>\t\t\t\t\t\t\t\t<\/div>\n\t\t\t\t<\/div>\n\t\t\t\t\t<\/div>\n\t\t\t\t<\/div>\n\t\t<div class=\"elementor-element elementor-element-grl4kl40 e-flex e-con-boxed e-con e-parent\" data-id=\"grl4kl40\" data-element_type=\"container\" data-e-type=\"container\">\n\t\t\t\t\t<div class=\"e-con-inner\">\n\t\t\t\t<div class=\"elementor-element elementor-element-bzsbfrmh elementor-widget elementor-widget-heading\" data-id=\"bzsbfrmh\" data-element_type=\"widget\" data-e-type=\"widget\" data-widget_type=\"heading.default\">\n\t\t\t\t\t<h2 class=\"elementor-heading-title elementor-size-default\">Literatura (v\u00fdb\u011br)<\/h2>\t\t\t\t<\/div>\n\t\t<div class=\"elementor-element elementor-element-2c13224a e-con-full e-flex e-con e-child\" data-id=\"2c13224a\" data-element_type=\"container\" data-e-type=\"container\">\n\t\t\t\t<div class=\"elementor-element elementor-element-0eymh9ub elementor-widget elementor-widget-text-editor\" data-id=\"0eymh9ub\" data-element_type=\"widget\" data-e-type=\"widget\" data-widget_type=\"text-editor.default\">\n\t\t\t\t\t\t\t\t\t<footer class=\"iwg-literatur\"><ul><li><span data-nosnippet>Joseph H. Peterson (Hg.): The Lesser Key of Solomon, Weiser 2001.<\/span><\/li><li><span data-nosnippet>Florentino Garc\u00eda Mart\u00ednez: The Dead Sea Scrolls Translated, Brill 1996.<\/span><\/li><li><span data-nosnippet>Heinrich Cornelius Agrippa: De occulta philosophia libri tres, K\u00f6ln 1533, Buch III.<\/span><\/li><li><span data-nosnippet>Jeffrey Burton Russell: The Devil. Perceptions of Evil from Antiquity to Primitive Christianity, Cornell UP 1977.<\/span><\/li><li><span data-nosnippet>Stephen Skinner, David Rankine: The Goetia of Dr. Rudd, Llewellyn 2007.<\/span><\/li><\/ul><\/footer>\t\t\t\t\t\t\t\t<\/div>\n\t\t\t\t<\/div>\n\t\t\t\t\t<\/div>\n\t\t\t\t<\/div>\n\t\t<div class=\"elementor-element elementor-element-iwgca-belial-sec e-flex e-con-boxed e-con e-parent\" data-id=\"iwgca-belial-sec\" data-element_type=\"container\" data-e-type=\"container\" id=\"iwg-ca-belial\">\n\t\t\t\t\t<div class=\"e-con-inner\">\n\t\t\t\t<div class=\"elementor-element elementor-element-iwgca-belial-te iwg-ca-textwrap elementor-widget elementor-widget-text-editor\" data-id=\"iwgca-belial-te\" data-element_type=\"widget\" data-e-type=\"widget\" data-widget_type=\"text-editor.default\">\n\t\t\t\t\t\t\t\t\t<div data-nosnippet=\"true\"><p class=\"iwg-ca-bridge\">Zde popsan\u00e1 ochrann\u00e1 praxe je v\u011bdeck\u00fdm za\u0159azen\u00edm historick\u00fdch tradic. iWell Guard navazuje na tuto kulturn\u011b-historickou linii nositeln\u00fdch ochrann\u00fdch p\u0159edm\u011bt\u016f a p\u0159edstavuje jejich sou\u010dasnou formu. <a href=\"\/ueber-iwell-guard\/?utm_source=iwell-guard.com&#038;utm_medium=text-link&#038;utm_campaign=schadwesen-tradition\">V\u00edce o iWell Guard \u2192<\/a><\/p><\/div>\t\t\t\t\t\t\t\t<\/div>\n\t\t\t\t\t<\/div>\n\t\t\t\t<\/div>\n\t\t\t\t<section class=\"elementor-section elementor-top-section elementor-element elementor-element-wv-belial-faq elementor-section-boxed elementor-section-height-default elementor-section-height-default\" data-id=\"wv-belial-faq\" data-element_type=\"section\" data-e-type=\"section\">\n\t\t\t\t\t\t<div class=\"elementor-container elementor-column-gap-default\">\n\t\t\t\t\t<div class=\"elementor-column elementor-col-100 elementor-top-column elementor-element elementor-element-wv-belial-faq-col\" data-id=\"wv-belial-faq-col\" data-element_type=\"column\" data-e-type=\"column\">\n\t\t\t<div class=\"elementor-widget-wrap elementor-element-populated\">\n\t\t\t\t\t\t<div class=\"elementor-element elementor-element-wv-belial-h elementor-widget elementor-widget-heading\" data-id=\"wv-belial-h\" data-element_type=\"widget\" data-e-type=\"widget\" data-widget_type=\"heading.default\">\n\t\t\t\t\t<h2 class=\"elementor-heading-title elementor-size-default\">\u010cast\u00e9 ot\u00e1zky o Belialovi<\/h2>\t\t\t\t<\/div>\n\t\t\t\t<div class=\"elementor-element elementor-element-wv-belial-t elementor-widget elementor-widget-text-editor\" data-id=\"wv-belial-t\" data-element_type=\"widget\" data-e-type=\"widget\" data-widget_type=\"text-editor.default\">\n\t\t\t\t\t\t\t\t\t\n<details class=\"iwg-faq-item\">\n  <summary><strong>Kdo je Belial?<\/strong><\/summary>\n  <p>Belial pat\u0159\u00ed k nejstar\u0161\u00edm postav\u00e1m \u017eidovsk\u00e9 a k\u0159es\u0165ansk\u00e9 demonologie. Jeho ko\u0159eny sahaj\u00ed do hebrejsk\u00e9ho jazykov\u00e9ho \u00fazu i do ran\u00e9 \u017eidovsk\u00e9 apokalyptiky. Z mor\u00e1ln\u00edho abstraktn\u00edho pojmu se p\u0159es kumr\u00e1nsk\u00e9 svitky vyvinul pojmenovan\u00fd kosmick\u00fd protivn\u00edk, kter\u00fd v nich vede syny temnoty. V Goetii je Belial uveden jako \u0161edes\u00e1t\u00fd osm\u00fd duch a je pova\u017eov\u00e1n za kr\u00e1le s velen\u00edm nad osmdes\u00e1ti legiemi.<\/p>\n<\/details>\n\n<details class=\"iwg-faq-item\">\n  <summary><strong>Odkud poch\u00e1z\u00ed jm\u00e9no Belial?<\/strong><\/summary>\n  <p>Jazykov\u00fd p\u016fvod jm\u00e9na je sporn\u00fd. Nejroz\u0161\u00ed\u0159en\u011bj\u0161\u00ed v\u00fdklad rozkl\u00e1d\u00e1 hebrejsk\u00e9 beliyya&#8217;al na negaci beli a druh\u00fd prvek. Ten je ch\u00e1p\u00e1n jako u\u017eitek a vede k v\u00fdkladu bez u\u017eitku neboli neu\u017eite\u010dnost. Jin\u00fd v\u00fdklad spojuje druhou slo\u017eku s ko\u0159enem pro vystupovat, co\u017e bylo vykl\u00e1d\u00e1no jako ozna\u010den\u00ed podsv\u011bt\u00ed. V Nov\u00e9m z\u00e1kon\u011b se jm\u00e9no objevuje ve tvaru Beliar, s r m\u00edsto l.<\/p>\n<\/details>\n\n<details class=\"iwg-faq-item\">\n  <summary><strong>Jak je Belial zobrazov\u00e1n v Goetii?<\/strong><\/summary>\n  <p>Pevnou obrazovou podobu dost\u00e1v\u00e1 Belial a\u017e v Goetii. Ta ho popisuje nikoli ve zv\u00ed\u0159ec\u00ed form\u011b, ale jako dva z\u00e1\u0159\u00edc\u00ed and\u011bly na ohniv\u00e9m v\u00e1le\u010dn\u00e9m voze. Tato podoba se bl\u00ed\u017e\u00ed Ezechielov\u011b vizi tr\u016fnn\u00edho vozu a spojuje ho s vy\u0161\u0161\u00edmi t\u0159\u00eddami and\u011bl\u016f. Text ozna\u010duje Beliala za bytost stvo\u0159enou bezprost\u0159edn\u011b po Luciferovi. Charakteristick\u00fd je po\u017eadavek na ob\u011btiny, bez nich\u017e podle textu neposkytuje pravdiv\u00e9 odpov\u011bdi.<\/p>\n<\/details>\n\n<details class=\"iwg-faq-item\">\n  <summary><strong>Jak\u00e9 prameny se o Belialovi zmi\u0148uj\u00ed?<\/strong><\/summary>\n  <p>Nejd\u016fle\u017eit\u011bj\u0161\u00ed skupinou pramen\u016f jsou kumr\u00e1nsk\u00e9 svitky, konkr\u00e9tn\u011b V\u00e1le\u010dn\u00fd svitek, \u0158\u00e1d komunity a Hodajot. K nim se p\u0159id\u00e1v\u00e1 Testament dvan\u00e1cti patriarch\u016f a jedin\u00e9 novoz\u00e1konn\u00ed m\u00edsto v 2 Kor 6, 15. Pro pozd\u011bj\u0161\u00ed tradici jsou z\u00e1sadn\u00ed Liber Belial Jacoba de Theramo z konce 14. stolet\u00ed a Lemegeton ze 17. stolet\u00ed. Akademick\u00fd v\u00fdzkum se Belialem zab\u00fdv\u00e1 p\u0159edev\u0161\u00edm v kontextu kumr\u00e1nsk\u00fdch studi\u00ed a tradice Liber Belial.<\/p>\n<\/details>\n\t\t\t\t\t\t\t\t<\/div>\n\t\t\t\t<div class=\"elementor-element elementor-element-wv-belial-s elementor-widget elementor-widget-html\" data-id=\"wv-belial-s\" data-element_type=\"widget\" data-e-type=\"widget\" data-widget_type=\"html.default\">\n\t\t\t\t\t<script type=\"application\/ld+json\">{\"@context\": \"https:\/\/schema.org\", \"@type\": \"FAQPage\", \"mainEntity\": [{\"@type\": \"Question\", \"name\": \"Kdo je Belial?\", \"acceptedAnswer\": {\"@type\": \"Answer\", \"text\": \"Belial pat\u0159\u00ed k nejstar\u0161\u00edm postav\u00e1m \u017eidovsk\u00e9 a k\u0159es\u0165ansk\u00e9 demonologie a jeho ko\u0159eny sahaj\u00ed do hebrejsk\u00e9ho jazykov\u00e9ho \u00fazu i do ran\u00e9 \u017eidovsk\u00e9 apokalyptiky. Z mor\u00e1ln\u00edho abstraktn\u00edho pojmu se p\u0159es kumr\u00e1nsk\u00e9 svitky vyvinul pojmenovan\u00fd kosmick\u00fd protivn\u00edk, kter\u00fd v nich vede syny temnoty. V Goetii je Belial uveden jako \u0161edes\u00e1t\u00fd osm\u00fd duch a je pova\u017eov\u00e1n za kr\u00e1le s velen\u00edm nad osmdes\u00e1ti legiemi.\"}}, {\"@type\": \"Question\", \"name\": \"Odkud poch\u00e1z\u00ed jm\u00e9no Belial?\", \"acceptedAnswer\": {\"@type\": \"Answer\", \"text\": \"Jazykov\u00fd p\u016fvod jm\u00e9na je sporn\u00fd. Nejroz\u0161\u00ed\u0159en\u011bj\u0161\u00ed v\u00fdklad rozkl\u00e1d\u00e1 hebrejsk\u00e9 beliyya'al na negaci beli a druh\u00fd prvek, kter\u00fd je ch\u00e1p\u00e1n jako u\u017eitek a vede k v\u00fdkladu bez u\u017eitku neboli neu\u017eite\u010dnost. Jin\u00fd v\u00fdklad spojuje druhou slo\u017eku s ko\u0159enem pro vystupovat, co\u017e bylo vykl\u00e1d\u00e1no jako ozna\u010den\u00ed podsv\u011bt\u00ed. V Nov\u00e9m z\u00e1kon\u011b se jm\u00e9no objevuje ve tvaru Beliar, s r m\u00edsto l.\"}}, {\"@type\": \"Question\", \"name\": \"Jak je Belial zobrazov\u00e1n v Goetii?\", \"acceptedAnswer\": {\"@type\": \"Answer\", \"text\": \"Pevnou obrazovou podobu dost\u00e1v\u00e1 Belial a\u017e v Goetii. Ta ho popisuje nikoli ve zv\u00ed\u0159ec\u00ed form\u011b, ale jako dva z\u00e1\u0159\u00edc\u00ed and\u011bly na ohniv\u00e9m v\u00e1le\u010dn\u00e9m voze, podobu, kter\u00e1 se bl\u00ed\u017e\u00ed Ezechielov\u011b vizi tr\u016fnn\u00edho vozu a spojuje ho s vy\u0161\u0161\u00edmi t\u0159\u00eddami and\u011bl\u016f. Text ozna\u010duje Beliala za bytost stvo\u0159enou bezprost\u0159edn\u011b po Luciferovi. Charakteristick\u00fd je po\u017eadavek na ob\u011btiny, bez nich\u017e podle textu neposkytuje pravdiv\u00e9 odpov\u011bdi.\"}}, {\"@type\": \"Question\", \"name\": \"Jak\u00e9 prameny se o Belialovi zmi\u0148uj\u00ed?\", \"acceptedAnswer\": {\"@type\": \"Answer\", \"text\": \"Nejd\u016fle\u017eit\u011bj\u0161\u00ed skupinou pramen\u016f jsou kumr\u00e1nsk\u00e9 svitky, konkr\u00e9tn\u011b V\u00e1le\u010dn\u00fd svitek, \u0158\u00e1d komunity a Hodajot. K nim se p\u0159id\u00e1v\u00e1 Testament dvan\u00e1cti patriarch\u016f a jedin\u00e9 novoz\u00e1konn\u00ed m\u00edsto v 2 Kor 6, 15. Pro pozd\u011bj\u0161\u00ed tradici jsou z\u00e1sadn\u00ed Liber Belial Jacoba de Theramo z konce 14. stolet\u00ed a Lemegeton ze 17. stolet\u00ed. Akademick\u00fd v\u00fdzkum se Belialem zab\u00fdv\u00e1 p\u0159edev\u0161\u00edm v kontextu kumr\u00e1nsk\u00fdch studi\u00ed a tradice Liber Belial.\"}}]}<\/script>\t\t\t\t<\/div>\n\t\t\t\t\t<\/div>\n\t\t<\/div>\n\t\t\t\t\t<\/div>\n\t\t<\/section>\n\t\t\t\t<\/div>\n\t\t","protected":false},"excerpt":{"rendered":"","protected":false},"author":3,"featured_media":2428,"parent":0,"menu_order":0,"comment_status":"closed","ping_status":"closed","template":"elementor_header_footer","meta":{"_yoast_wpseo_focuskw":"Belial","_yoast_wpseo_title":"Belial: 68. duch Goetie a Protivn\u00edk | iWell Guard","_yoast_wpseo_metadesc":"Belial v hebrejsk\u00e9 Bibli, v Kumr\u00e1nu a v Goetii. Etymologie, kr\u00e1lovsk\u00fd rang, pe\u010de\u0165 a religionistick\u00e9 za\u0159azen\u00ed.","_yoast_wpseo_meta-robots-noindex":"","_yoast_wpseo_canonical":"","_angie_page":false,"gefaehrdungsstufe":"4","wesen_kultur":"christentum","wesen_klasse":"daemonen","footnotes":""},"categories":[],"class_list":["post-145409","page","type-page","status-publish","has-post-thumbnail","hentry"],"yoast_head":"<!-- This site is optimized with the Yoast SEO Premium plugin v27.7 (Yoast SEO v28.3) - https:\/\/yoast.com\/product\/yoast-seo-premium-wordpress\/ -->\n<title>Belial: 68. duch Goetie a Protivn\u00edk | iWell Guard<\/title>\n<meta name=\"description\" content=\"Belial v hebrejsk\u00e9 Bibli, v Kumr\u00e1nu a v Goetii. Etymologie, kr\u00e1lovsk\u00fd rang, pe\u010de\u0165 a religionistick\u00e9 za\u0159azen\u00ed.\" \/>\n<meta name=\"robots\" content=\"index, follow, max-snippet:-1, max-image-preview:large, max-video-preview:-1\" \/>\n<link rel=\"canonical\" href=\"https:\/\/iwell-guard.com\/cs\/belial\/\" \/>\n<meta property=\"og:locale\" content=\"cs_CZ\" \/>\n<meta property=\"og:type\" content=\"article\" \/>\n<meta property=\"og:title\" content=\"Belial\" \/>\n<meta property=\"og:description\" content=\"Belial v hebrejsk\u00e9 Bibli, v Kumr\u00e1nu a v Goetii. Etymologie, kr\u00e1lovsk\u00fd rang, pe\u010de\u0165 a religionistick\u00e9 za\u0159azen\u00ed.\" \/>\n<meta property=\"og:url\" content=\"https:\/\/iwell-guard.com\/cs\/belial\/\" \/>\n<meta property=\"og:site_name\" content=\"iWell Guard\" \/>\n<meta property=\"article:modified_time\" content=\"2026-09-03T16:55:17+00:00\" \/>\n<meta property=\"og:image\" content=\"https:\/\/iwell-guard.com\/wp-content\/uploads\/2026\/05\/daemonen_christentum_belial.webp\" \/>\n\t<meta property=\"og:image:width\" content=\"1024\" \/>\n\t<meta property=\"og:image:height\" content=\"1536\" \/>\n\t<meta property=\"og:image:type\" content=\"image\/webp\" \/>\n<meta name=\"twitter:card\" content=\"summary_large_image\" \/>\n<script type=\"application\/ld+json\" class=\"yoast-schema-graph\">{\"@context\":\"https:\\\/\\\/schema.org\",\"@graph\":[{\"@type\":\"WebPage\",\"@id\":\"https:\\\/\\\/iwell-guard.com\\\/cs\\\/belial\\\/\",\"url\":\"https:\\\/\\\/iwell-guard.com\\\/cs\\\/belial\\\/\",\"name\":\"Belial: 68. duch Goetie a Protivn\u00edk | iWell Guard\",\"isPartOf\":{\"@id\":\"https:\\\/\\\/iwell-guard.com\\\/cs\\\/#website\"},\"primaryImageOfPage\":{\"@id\":\"https:\\\/\\\/iwell-guard.com\\\/cs\\\/belial\\\/#primaryimage\"},\"image\":{\"@id\":\"https:\\\/\\\/iwell-guard.com\\\/cs\\\/belial\\\/#primaryimage\"},\"thumbnailUrl\":\"https:\\\/\\\/iwell-guard.com\\\/wp-content\\\/uploads\\\/2026\\\/05\\\/daemonen_christentum_belial.webp\",\"datePublished\":\"2026-09-03T16:30:06+00:00\",\"dateModified\":\"2026-09-03T16:55:17+00:00\",\"description\":\"Belial v hebrejsk\u00e9 Bibli, v Kumr\u00e1nu a v Goetii. Etymologie, kr\u00e1lovsk\u00fd rang, pe\u010de\u0165 a religionistick\u00e9 za\u0159azen\u00ed.\",\"breadcrumb\":{\"@id\":\"https:\\\/\\\/iwell-guard.com\\\/cs\\\/belial\\\/#breadcrumb\"},\"inLanguage\":\"cs\",\"potentialAction\":[{\"@type\":\"ReadAction\",\"target\":[\"https:\\\/\\\/iwell-guard.com\\\/cs\\\/belial\\\/\"]}]},{\"@type\":\"ImageObject\",\"inLanguage\":\"cs\",\"@id\":\"https:\\\/\\\/iwell-guard.com\\\/cs\\\/belial\\\/#primaryimage\",\"url\":\"https:\\\/\\\/iwell-guard.com\\\/wp-content\\\/uploads\\\/2026\\\/05\\\/daemonen_christentum_belial.webp\",\"contentUrl\":\"https:\\\/\\\/iwell-guard.com\\\/wp-content\\\/uploads\\\/2026\\\/05\\\/daemonen_christentum_belial.webp\",\"width\":1024,\"height\":1536,\"caption\":\"Belial, d\u00e9mon k\u0159es\u0165ansko-okultn\u00ed tradice Goetie\"},{\"@type\":\"BreadcrumbList\",\"@id\":\"https:\\\/\\\/iwell-guard.com\\\/cs\\\/belial\\\/#breadcrumb\",\"itemListElement\":[{\"@type\":\"ListItem\",\"position\":1,\"name\":\"Start\",\"item\":\"https:\\\/\\\/iwell-guard.com\\\/cs\\\/?page_id=145107\"},{\"@type\":\"ListItem\",\"position\":2,\"name\":\"Belial\"}]},{\"@type\":\"WebSite\",\"@id\":\"https:\\\/\\\/iwell-guard.com\\\/cs\\\/#website\",\"url\":\"https:\\\/\\\/iwell-guard.com\\\/cs\\\/\",\"name\":\"iWell Guard\",\"description\":\"Schutz vor dunklen Einfl\u00fcssen\",\"publisher\":{\"@id\":\"https:\\\/\\\/iwell-guard.com\\\/cs\\\/#organization\"},\"potentialAction\":[{\"@type\":\"SearchAction\",\"target\":{\"@type\":\"EntryPoint\",\"urlTemplate\":\"https:\\\/\\\/iwell-guard.com\\\/cs\\\/?s={search_term_string}\"},\"query-input\":{\"@type\":\"PropertyValueSpecification\",\"valueRequired\":true,\"valueName\":\"search_term_string\"}}],\"inLanguage\":\"cs\"},{\"@type\":\"Organization\",\"@id\":\"https:\\\/\\\/iwell-guard.com\\\/cs\\\/#organization\",\"name\":\"Ittermann electronic GmbH\",\"url\":\"https:\\\/\\\/iwell-guard.com\\\/cs\\\/\",\"logo\":{\"@type\":\"ImageObject\",\"inLanguage\":\"cs\",\"@id\":\"https:\\\/\\\/iwell-guard.com\\\/cs\\\/#\\\/schema\\\/logo\\\/image\\\/\",\"url\":\"https:\\\/\\\/iwell-guard.com\\\/wp-content\\\/uploads\\\/2026\\\/05\\\/Ittermann-Logo-1182x237-1.png\",\"contentUrl\":\"https:\\\/\\\/iwell-guard.com\\\/wp-content\\\/uploads\\\/2026\\\/05\\\/Ittermann-Logo-1182x237-1.png\",\"width\":1182,\"height\":237,\"caption\":\"Ittermann electronic GmbH\"},\"image\":{\"@id\":\"https:\\\/\\\/iwell-guard.com\\\/cs\\\/#\\\/schema\\\/logo\\\/image\\\/\"},\"sameAs\":[\"https:\\\/\\\/pantip.com\\\/profile\\\/9367242\",\"https:\\\/\\\/micro.blog\\\/iwellguard\",\"https:\\\/\\\/www.diggerslist.com\\\/iwellguard\\\/about\",\"https:\\\/\\\/skitterphoto.com\\\/photographers\\\/2870314\\\/iwell-guard\",\"https:\\\/\\\/iwellguard.wordpress.com\\\/2026\\\/06\\\/06\\\/iwell-guard\\\/\",\"https:\\\/\\\/hub.docker.com\\\/u\\\/iwellguard\",\"https:\\\/\\\/www.pinterest.com\\\/iwellguard\\\/\",\"https:\\\/\\\/bit.ly\\\/m\\\/iwellguard\",\"https:\\\/\\\/entre-vos-mains.alsace.eu\\\/profiles\\\/iwellguard\\\/activity\",\"https:\\\/\\\/gravatar.com\\\/reallybeded8fd34\",\"https:\\\/\\\/naijamatta.com\\\/iwellguard\",\"https:\\\/\\\/www.goodreads.com\\\/iwellguard\",\"https:\\\/\\\/profile.hatena.ne.jp\\\/iwellguard\\\/\",\"https:\\\/\\\/experiment.com\\\/users\\\/iwellguard\",\"https:\\\/\\\/wakelet.com\\\/@iWellGuard82270\",\"https:\\\/\\\/www.chordie.com\\\/forum\\\/profile.php?id=2555664\",\"https:\\\/\\\/www.instapaper.com\\\/p\\\/17757966\",\"https:\\\/\\\/www.mapleprimes.com\\\/users\\\/iwellguard\",\"https:\\\/\\\/businesslistingplus.com\\\/profile\\\/iwell-guard\\\/\",\"https:\\\/\\\/telegra.ph\\\/iWell-Guard-06-06\",\"https:\\\/\\\/pbase.com\\\/iwellguard\\\/iwellguard\",\"https:\\\/\\\/b.hatena.ne.jp\\\/iwellguard\\\/20260607#bookmark-4788405196491818882\",\"https:\\\/\\\/fliphtml5.com\\\/home\\\/iwellguard\",\"https:\\\/\\\/anyflip.com\\\/homepage\\\/cmiwl#About\",\"https:\\\/\\\/transfur.com\\\/Users\\\/iwellguard\",\"http:\\\/\\\/delphi.larsbo.org\\\/user\\\/iwellguard\",\"https:\\\/\\\/jobs.lajobsportal.org\\\/profiles\\\/8380803-iwell-guard\",\"https:\\\/\\\/md.chaosdorf.de\\\/s\\\/jfbe5SBdJD\",\"https:\\\/\\\/www.lingvolive.com\\\/en-us\\\/profile\\\/9ecaeaca-ce11-4e51-9e71-01d55e2bff36\\\/translations\",\"https:\\\/\\\/www.fitday.com\\\/fitness\\\/forums\\\/members\\\/iwellguard.html\",\"https:\\\/\\\/www.mymeetbook.com\\\/iwellguard\",\"https:\\\/\\\/pxhere.com\\\/en\\\/photographer-me\\\/5040798\",\"https:\\\/\\\/disqus.com\\\/by\\\/iwellguard\\\/about\\\/\",\"https:\\\/\\\/pastelink.net\\\/hjwciqwq\",\"https:\\\/\\\/pubhtml5.com\\\/homepage\\\/scjhn\\\/\",\"https:\\\/\\\/www.bitchute.com\\\/channel\\\/2O2eOKzNqujT\",\"https:\\\/\\\/audiomack.com\\\/iwellguard\"]},{\"@type\":\"Article\",\"@id\":\"https:\\\/\\\/iwell-guard.com\\\/cs\\\/belial\\\/#article\",\"isPartOf\":{\"@id\":\"https:\\\/\\\/iwell-guard.com\\\/cs\\\/belial\\\/\"},\"author\":{\"name\":\"Ralf Ittermann\",\"@id\":\"https:\\\/\\\/iwell-guard.com\\\/cs\\\/#\\\/schema\\\/person\\\/ee2a27f1cac3406c7c6fb5820cb7349f\"},\"headline\":\"Belial\",\"datePublished\":\"2026-09-03T16:30:06+00:00\",\"dateModified\":\"2026-09-03T16:55:17+00:00\",\"mainEntityOfPage\":{\"@id\":\"https:\\\/\\\/iwell-guard.com\\\/cs\\\/belial\\\/\"},\"publisher\":{\"@id\":\"https:\\\/\\\/iwell-guard.com\\\/cs\\\/#organization\"},\"image\":{\"@id\":\"https:\\\/\\\/iwell-guard.com\\\/cs\\\/belial\\\/#primaryimage\"},\"thumbnailUrl\":\"https:\\\/\\\/iwell-guard.com\\\/wp-content\\\/uploads\\\/2026\\\/05\\\/daemonen_christentum_belial.webp\",\"inLanguage\":\"cs\",\"description\":\"Belial v hebrejsk\u00e9 Bibli, v Kumr\u00e1nu a v Goetii. Etymologie, kr\u00e1lovsk\u00fd rang, pe\u010de\u0165 a religionistick\u00e9 za\u0159azen\u00ed.\"}]}<\/script>\n<!-- \/ Yoast SEO Premium plugin. -->","yoast_head_json":{"title":"Belial: 68. duch Goetie a Protivn\u00edk | iWell Guard","description":"Belial v hebrejsk\u00e9 Bibli, v Kumr\u00e1nu a v Goetii. Etymologie, kr\u00e1lovsk\u00fd rang, pe\u010de\u0165 a religionistick\u00e9 za\u0159azen\u00ed.","robots":{"index":"index","follow":"follow","max-snippet":"max-snippet:-1","max-image-preview":"max-image-preview:large","max-video-preview":"max-video-preview:-1"},"canonical":"https:\/\/iwell-guard.com\/cs\/belial\/","og_locale":"cs_CZ","og_type":"article","og_title":"Belial","og_description":"Belial v hebrejsk\u00e9 Bibli, v Kumr\u00e1nu a v Goetii. Etymologie, kr\u00e1lovsk\u00fd rang, pe\u010de\u0165 a religionistick\u00e9 za\u0159azen\u00ed.","og_url":"https:\/\/iwell-guard.com\/cs\/belial\/","og_site_name":"iWell Guard","article_modified_time":"2026-09-03T16:55:17+00:00","og_image":[{"width":1024,"height":1536,"url":"https:\/\/iwell-guard.com\/wp-content\/uploads\/2026\/05\/daemonen_christentum_belial.webp","type":"image\/webp"}],"twitter_card":"summary_large_image","schema":{"@context":"https:\/\/schema.org","@graph":[{"@type":"Article","@id":"https:\/\/iwell-guard.com\/cs\/belial\/#article","isPartOf":{"@id":"https:\/\/iwell-guard.com\/cs\/belial\/"},"author":{"name":"Ralf Ittermann","@id":"https:\/\/iwell-guard.com\/cs\/#\/schema\/person\/ee2a27f1cac3406c7c6fb5820cb7349f"},"headline":"Belial","datePublished":"2026-09-03T16:30:06+00:00","dateModified":"2026-09-03T16:55:17+00:00","mainEntityOfPage":{"@id":"https:\/\/iwell-guard.com\/cs\/belial\/"},"publisher":{"@id":"https:\/\/iwell-guard.com\/cs\/#organization"},"image":{"@id":"https:\/\/iwell-guard.com\/cs\/belial\/#primaryimage"},"thumbnailUrl":"https:\/\/iwell-guard.com\/wp-content\/uploads\/2026\/05\/daemonen_christentum_belial.webp","inLanguage":"cs","description":"Belial v hebrejsk\u00e9 Bibli, v Kumr\u00e1nu a v Goetii. Etymologie, kr\u00e1lovsk\u00fd rang, pe\u010de\u0165 a religionistick\u00e9 za\u0159azen\u00ed."},{"@type":"WebPage","@id":"https:\/\/iwell-guard.com\/cs\/belial\/","url":"https:\/\/iwell-guard.com\/cs\/belial\/","name":"Belial: 68. duch Goetie a Protivn\u00edk | iWell Guard","isPartOf":{"@id":"https:\/\/iwell-guard.com\/cs\/#website"},"primaryImageOfPage":{"@id":"https:\/\/iwell-guard.com\/cs\/belial\/#primaryimage"},"image":{"@id":"https:\/\/iwell-guard.com\/cs\/belial\/#primaryimage"},"thumbnailUrl":"https:\/\/iwell-guard.com\/wp-content\/uploads\/2026\/05\/daemonen_christentum_belial.webp","datePublished":"2026-09-03T16:30:06+00:00","dateModified":"2026-09-03T16:55:17+00:00","description":"Belial v hebrejsk\u00e9 Bibli, v Kumr\u00e1nu a v Goetii. Etymologie, kr\u00e1lovsk\u00fd rang, pe\u010de\u0165 a religionistick\u00e9 za\u0159azen\u00ed.","breadcrumb":{"@id":"https:\/\/iwell-guard.com\/cs\/belial\/#breadcrumb"},"inLanguage":"cs","potentialAction":[{"@type":"ReadAction","target":["https:\/\/iwell-guard.com\/cs\/belial\/"]}]},{"@type":"ImageObject","inLanguage":"cs","@id":"https:\/\/iwell-guard.com\/cs\/belial\/#primaryimage","url":"https:\/\/iwell-guard.com\/wp-content\/uploads\/2026\/05\/daemonen_christentum_belial.webp","contentUrl":"https:\/\/iwell-guard.com\/wp-content\/uploads\/2026\/05\/daemonen_christentum_belial.webp","width":1024,"height":1536,"caption":"Belial, d\u00e9mon k\u0159es\u0165ansko-okultn\u00ed tradice Goetie"},{"@type":"BreadcrumbList","@id":"https:\/\/iwell-guard.com\/cs\/belial\/#breadcrumb","itemListElement":[{"@type":"ListItem","position":1,"name":"Start","item":"https:\/\/iwell-guard.com\/cs\/?page_id=145107"},{"@type":"ListItem","position":2,"name":"Belial"}]},{"@type":"WebSite","@id":"https:\/\/iwell-guard.com\/cs\/#website","url":"https:\/\/iwell-guard.com\/cs\/","name":"iWell Guard","description":"Schutz vor dunklen Einfl\u00fcssen","publisher":{"@id":"https:\/\/iwell-guard.com\/cs\/#organization"},"potentialAction":[{"@type":"SearchAction","target":{"@type":"EntryPoint","urlTemplate":"https:\/\/iwell-guard.com\/cs\/?s={search_term_string}"},"query-input":{"@type":"PropertyValueSpecification","valueRequired":true,"valueName":"search_term_string"}}],"inLanguage":"cs"},{"@type":"Organization","@id":"https:\/\/iwell-guard.com\/cs\/#organization","name":"Ittermann electronic GmbH","url":"https:\/\/iwell-guard.com\/cs\/","logo":{"@type":"ImageObject","inLanguage":"cs","@id":"https:\/\/iwell-guard.com\/cs\/#\/schema\/logo\/image\/","url":"https:\/\/iwell-guard.com\/wp-content\/uploads\/2026\/05\/Ittermann-Logo-1182x237-1.png","contentUrl":"https:\/\/iwell-guard.com\/wp-content\/uploads\/2026\/05\/Ittermann-Logo-1182x237-1.png","width":1182,"height":237,"caption":"Ittermann electronic GmbH"},"image":{"@id":"https:\/\/iwell-guard.com\/cs\/#\/schema\/logo\/image\/"},"sameAs":["https:\/\/pantip.com\/profile\/9367242","https:\/\/micro.blog\/iwellguard","https:\/\/www.diggerslist.com\/iwellguard\/about","https:\/\/skitterphoto.com\/photographers\/2870314\/iwell-guard","https:\/\/iwellguard.wordpress.com\/2026\/06\/06\/iwell-guard\/","https:\/\/hub.docker.com\/u\/iwellguard","https:\/\/www.pinterest.com\/iwellguard\/","https:\/\/bit.ly\/m\/iwellguard","https:\/\/entre-vos-mains.alsace.eu\/profiles\/iwellguard\/activity","https:\/\/gravatar.com\/reallybeded8fd34","https:\/\/naijamatta.com\/iwellguard","https:\/\/www.goodreads.com\/iwellguard","https:\/\/profile.hatena.ne.jp\/iwellguard\/","https:\/\/experiment.com\/users\/iwellguard","https:\/\/wakelet.com\/@iWellGuard82270","https:\/\/www.chordie.com\/forum\/profile.php?id=2555664","https:\/\/www.instapaper.com\/p\/17757966","https:\/\/www.mapleprimes.com\/users\/iwellguard","https:\/\/businesslistingplus.com\/profile\/iwell-guard\/","https:\/\/telegra.ph\/iWell-Guard-06-06","https:\/\/pbase.com\/iwellguard\/iwellguard","https:\/\/b.hatena.ne.jp\/iwellguard\/20260607#bookmark-4788405196491818882","https:\/\/fliphtml5.com\/home\/iwellguard","https:\/\/anyflip.com\/homepage\/cmiwl#About","https:\/\/transfur.com\/Users\/iwellguard","http:\/\/delphi.larsbo.org\/user\/iwellguard","https:\/\/jobs.lajobsportal.org\/profiles\/8380803-iwell-guard","https:\/\/md.chaosdorf.de\/s\/jfbe5SBdJD","https:\/\/www.lingvolive.com\/en-us\/profile\/9ecaeaca-ce11-4e51-9e71-01d55e2bff36\/translations","https:\/\/www.fitday.com\/fitness\/forums\/members\/iwellguard.html","https:\/\/www.mymeetbook.com\/iwellguard","https:\/\/pxhere.com\/en\/photographer-me\/5040798","https:\/\/disqus.com\/by\/iwellguard\/about\/","https:\/\/pastelink.net\/hjwciqwq","https:\/\/pubhtml5.com\/homepage\/scjhn\/","https:\/\/www.bitchute.com\/channel\/2O2eOKzNqujT","https:\/\/audiomack.com\/iwellguard"]},{"@type":"Person","@id":"https:\/\/iwell-guard.com\/cs\/#\/schema\/person\/ee2a27f1cac3406c7c6fb5820cb7349f","name":"Ralf Ittermann","image":{"@type":"ImageObject","inLanguage":"cs","@id":"https:\/\/secure.gravatar.com\/avatar\/073c0153e350a5005b68eb752b445fea71f6b24a26da9449ad7e155e6b446c9d?s=96&d=mm&r=g","url":"https:\/\/secure.gravatar.com\/avatar\/073c0153e350a5005b68eb752b445fea71f6b24a26da9449ad7e155e6b446c9d?s=96&d=mm&r=g","contentUrl":"https:\/\/secure.gravatar.com\/avatar\/073c0153e350a5005b68eb752b445fea71f6b24a26da9449ad7e155e6b446c9d?s=96&d=mm&r=g","caption":"Ralf Ittermann"},"givenName":"Ralf","familyName":"Ittermann","jobTitle":"Gesch\u00e4ftsf\u00fchrer und redaktioneller Verantwortlicher","url":"https:\/\/iwell-guard.com\/cs\/author\/claude\/","description":"Ralf Ittermann ist Gesch\u00e4ftsf\u00fchrer der Ittermann electronic GmbH und redaktioneller Verantwortlicher des iWell-Guard-Lexikons. Er verbindet langj\u00e4hrige Erfahrung in der Pr\u00e4zisionsfertigung mit medialer Praxis und religionsgeschichtlicher Quellenarbeit.","worksFor":{"@type":"Organization","name":"Ittermann electronic GmbH","url":"https:\/\/ittermann.de\/","address":{"@type":"PostalAddress","streetAddress":"K\u00f6hlergasse 16-18","postalCode":"99842","addressLocality":"Ruhla","addressCountry":"DE"}},"knowsAbout":["Religionsgeschichte","Mythologie","Mediale Praxis","Energetische Diagnostik","Schutzpraxis","Volksglauben","Westliche Esoterik"]},{"@type":"Article","@id":"https:\/\/iwell-guard.com\/cs\/belial\/#article","isPartOf":{"@id":"https:\/\/iwell-guard.com\/cs\/belial\/"},"author":{"name":"Ralf Ittermann","@id":"https:\/\/iwell-guard.com\/cs\/#\/schema\/person\/ee2a27f1cac3406c7c6fb5820cb7349f"},"headline":"Belial","datePublished":"2026-09-03T16:30:06+00:00","dateModified":"2026-09-03T16:55:17+00:00","mainEntityOfPage":{"@id":"https:\/\/iwell-guard.com\/cs\/belial\/"},"publisher":{"@id":"https:\/\/iwell-guard.com\/cs\/#organization"},"image":{"@id":"https:\/\/iwell-guard.com\/cs\/belial\/#primaryimage"},"thumbnailUrl":"https:\/\/iwell-guard.com\/wp-content\/uploads\/2026\/05\/daemonen_christentum_belial.webp","inLanguage":"cs","description":"Belial v hebrejsk\u00e9 Bibli, v Kumr\u00e1nu a v Goetii. Etymologie, kr\u00e1lovsk\u00fd rang, pe\u010de\u0165 a religionistick\u00e9 za\u0159azen\u00ed."}]}},"_links":{"self":[{"href":"https:\/\/iwell-guard.com\/cs\/wp-json\/wp\/v2\/pages\/145409","targetHints":{"allow":["GET"]}}],"collection":[{"href":"https:\/\/iwell-guard.com\/cs\/wp-json\/wp\/v2\/pages"}],"about":[{"href":"https:\/\/iwell-guard.com\/cs\/wp-json\/wp\/v2\/types\/page"}],"author":[{"embeddable":true,"href":"https:\/\/iwell-guard.com\/cs\/wp-json\/wp\/v2\/users\/3"}],"replies":[{"embeddable":true,"href":"https:\/\/iwell-guard.com\/cs\/wp-json\/wp\/v2\/comments?post=145409"}],"version-history":[{"count":0,"href":"https:\/\/iwell-guard.com\/cs\/wp-json\/wp\/v2\/pages\/145409\/revisions"}],"wp:featuredmedia":[{"embeddable":true,"href":"https:\/\/iwell-guard.com\/cs\/wp-json\/wp\/v2\/media\/2428"}],"wp:attachment":[{"href":"https:\/\/iwell-guard.com\/cs\/wp-json\/wp\/v2\/media?parent=145409"}],"wp:term":[{"taxonomy":"category","embeddable":true,"href":"https:\/\/iwell-guard.com\/cs\/wp-json\/wp\/v2\/categories?post=145409"}],"curies":[{"name":"wp","href":"https:\/\/api.w.org\/{rel}","templated":true}]}}