{"id":145391,"date":"2026-09-03T16:29:52","date_gmt":"2026-09-03T16:29:52","guid":{"rendered":"https:\/\/iwell-guard.com\/?page_id=145391"},"modified":"2026-09-03T16:54:44","modified_gmt":"2026-09-03T16:54:44","slug":"genius","status":"publish","type":"page","link":"https:\/\/iwell-guard.com\/cs\/genius\/","title":{"rendered":"Genius"},"content":{"rendered":"\t\t<div data-elementor-type=\"wp-page\" data-elementor-id=\"145391\" class=\"elementor elementor-145391 elementor-2194 elementor-bc-flex-widget\" data-elementor-post-type=\"page\">\n\t\t\t\t<div class=\"elementor-element elementor-element-10fdade e-flex e-con-boxed e-con e-parent\" data-id=\"10fdade\" data-element_type=\"container\" data-e-type=\"container\" data-settings=\"{&quot;background_background&quot;:&quot;classic&quot;}\">\n\t\t\t\t\t<div class=\"e-con-inner\">\n\t\t<div class=\"elementor-element elementor-element-herohlft0 e-flex e-con-boxed e-con e-child\" data-id=\"herohlft0\" data-element_type=\"container\" data-e-type=\"container\">\n\t\t\t\t\t<div class=\"e-con-inner\">\n\t\t<div class=\"elementor-element elementor-element-c3ceb64 e-con-full e-flex e-con e-child\" data-id=\"c3ceb64\" data-element_type=\"container\" data-e-type=\"container\">\n\t\t\t\t<div class=\"elementor-element elementor-element-96ae5e1 elementor-widget elementor-widget-heading\" data-id=\"96ae5e1\" data-element_type=\"widget\" data-e-type=\"widget\" data-widget_type=\"heading.default\">\n\t\t\t\t\t<h1 class=\"elementor-heading-title elementor-size-default\">Genius \u0159\u00edmsk\u00fd, duch \u0159\u00edmsk\u00e9 tradice<\/h1>\t\t\t\t<\/div>\n\t\t\t\t<div class=\"elementor-element elementor-element-e45238a elementor-widget elementor-widget-text-editor\" data-id=\"e45238a\" data-element_type=\"widget\" data-e-type=\"widget\" data-widget_type=\"text-editor.default\">\n\t\t\t\t\t\t\t\t\t<p>Genius je ochrann\u00fd duch osoby, rodiny nebo m\u00edsta v \u0159\u00edmsk\u00e9 tradici. Jm\u00e9no v dosloven\u00e9m p\u0159ekladu znamen\u00e1 \u201eplodi\u010d\u201d a odkazuje na s\u00edlu, kter\u00e1 vytv\u00e1\u0159\u00ed a udr\u017euje \u017eivot. Z religionistick\u00e9ho hlediska je Genius p\u0159\u00edkladem <span class=\"iwg-fachbegriff\" data-tooltip=\"P\u0159edstava, podle n\u00ed\u017e maj\u00ed du\u0161i i zv\u00ed\u0159ata, rostliny a v\u011bci.\" tabindex=\"0\">animismu<\/span> v r\u00e1mci <span class=\"iwg-fachbegriff\" data-tooltip=\"V\u00edra ve v\u00edce boh\u016f.\" tabindex=\"0\">polyteismu<\/span>, nikoli v\u0161echny bytosti jsou bohov\u00e9, ale v\u0161echny maj\u00ed sv\u00e9ho ochrann\u00e9ho <span class=\"iwg-fachbegriff\" data-tooltip=\"Net\u011blesn\u00e1 bytost, j\u00ed\u017e je p\u0159ipisov\u00e1no p\u016fsoben\u00ed ve sv\u011bt\u011b.\" tabindex=\"0\">ducha<\/span>. Jako \u0159\u00edmsk\u00fd ochrann\u00fd duch doprov\u00e1z\u00ed Genius jednotliv\u00e9ho \u010dlov\u011bka od narozen\u00ed a\u017e do smrti.<\/p>\t\t\t\t\t\t\t\t<\/div>\n\t\t\t\t<\/div>\n\t\t<div class=\"elementor-element elementor-element-klsbdg01 e-con-full e-flex e-con e-parent\" data-id=\"klsbdg01\" data-element_type=\"container\" data-e-type=\"container\">\n\t\t\t\t<div class=\"elementor-element elementor-element-klshtm01 elementor-widget elementor-widget-html\" data-id=\"klshtm01\" data-element_type=\"widget\" data-e-type=\"widget\" data-widget_type=\"html.default\">\n\t\t\t\t\t<div class=\"iwg-pill-row\"><span class=\"iwg-klasse-badge\" tabindex=\"0\" data-tooltip=\"Duch: Net\u011blesn\u00e1 nebo polovi\u010dn\u00ed bytost, zesnul\u00ed, p\u0159\u00edrodn\u00ed bytosti, dom\u00e1c\u00ed duchov\u00e9 nebo str\u00e1\u017eci prahu. P\u016fsob\u00ed v ka\u017edodenn\u00edm \u017eivot\u011b, \u010dasto v\u00e1z\u00e1n na m\u00edsta nebo rodiny.\">Duch<\/span><a href=\"https:\/\/iwell-guard.com\/cs\/?page_id=145122\" class=\"iwg-kultur-badge\" tabindex=\"0\" data-tooltip=\"\u0158\u00edmsk\u00e9 n\u00e1bo\u017eenstv\u00ed od kr\u00e1lovstv\u00ed a\u017e po pozdn\u00ed antiku, synkretick\u00e9 s \u0159eck\u00fdmi a etrusk\u00fdmi vrstvami.\">\u0158\u00edm<\/a><a href=\"https:\/\/iwell-guard.com\/cs\/?page_id=145236\" class=\"iwg-tradition-badge\" tabindex=\"0\" data-tooltip=\"Ochrann\u00e1 bo\u017estva, str\u00e1\u017eci domu, m\u011bsta, porod\u016f, cest nebo \u017eivotn\u00edch f\u00e1z\u00ed.\">Ochrann\u00e9 bo\u017estvo<\/a><\/div>\t\t\t\t<\/div>\n\t\t\t\t<\/div>\n\t\t<div class=\"elementor-element elementor-element-3f74855 e-con-full e-flex e-con e-child\" data-id=\"3f74855\" data-element_type=\"container\" data-e-type=\"container\">\n\t\t\t\t<div class=\"elementor-element elementor-element-1c30362 elementor-toc--minimized-on-tablet elementor-widget elementor-widget-table-of-contents\" data-id=\"1c30362\" data-element_type=\"widget\" data-e-type=\"widget\" data-settings=\"{&quot;exclude_headings_by_selector&quot;:[],&quot;no_headings_message&quot;:&quot;Na t\\u00e9to str\\u00e1nce nebyly nalezeny \\u017e\\u00e1dn\\u00e9 nadpisy.&quot;,&quot;headings_by_tags&quot;:[&quot;h2&quot;,&quot;h3&quot;],&quot;marker_view&quot;:&quot;bullets&quot;,&quot;minimize_box&quot;:&quot;yes&quot;,&quot;icon&quot;:{&quot;value&quot;:&quot;fas fa-circle&quot;,&quot;library&quot;:&quot;fa-solid&quot;,&quot;rendered_tag&quot;:&quot;&lt;svg class=\\&quot;e-font-icon-svg e-fas-circle\\&quot; viewBox=\\&quot;0 0 512 512\\&quot; xmlns=\\&quot;http:\\\/\\\/www.w3.org\\\/2000\\\/svg\\&quot;&gt;&lt;path d=\\&quot;M256 8C119 8 8 119 8 256s111 248 248 248 248-111 248-248S393 8 256 8z\\&quot;&gt;&lt;\\\/path&gt;&lt;\\\/svg&gt;&quot;},&quot;minimized_on&quot;:&quot;tablet&quot;,&quot;hierarchical_view&quot;:&quot;yes&quot;,&quot;min_height&quot;:{&quot;unit&quot;:&quot;px&quot;,&quot;size&quot;:&quot;&quot;,&quot;sizes&quot;:[]},&quot;min_height_tablet&quot;:{&quot;unit&quot;:&quot;px&quot;,&quot;size&quot;:&quot;&quot;,&quot;sizes&quot;:[]},&quot;min_height_mobile&quot;:{&quot;unit&quot;:&quot;px&quot;,&quot;size&quot;:&quot;&quot;,&quot;sizes&quot;:[]}}\" data-widget_type=\"table-of-contents.default\">\n\t\t\t\t\t\t\t\t\t<div class=\"elementor-toc__header\">\n\t\t\t\t\t\t<h2 class=\"elementor-toc__header-title\">\n\t\t\t\tObsah\t\t\t<\/h2>\n\t\t\t\t\t\t\t\t\t\t<div class=\"elementor-toc__toggle-button elementor-toc__toggle-button--expand\" role=\"button\" tabindex=\"0\" aria-controls=\"elementor-toc__1c30362\" aria-expanded=\"true\" aria-label=\"Open table of contents\"><svg aria-hidden=\"true\" class=\"e-font-icon-svg e-fas-chevron-down\" viewBox=\"0 0 448 512\" xmlns=\"http:\/\/www.w3.org\/2000\/svg\"><path d=\"M207.029 381.476L12.686 187.132c-9.373-9.373-9.373-24.569 0-33.941l22.667-22.667c9.357-9.357 24.522-9.375 33.901-.04L224 284.505l154.745-154.021c9.379-9.335 24.544-9.317 33.901.04l22.667 22.667c9.373 9.373 9.373 24.569 0 33.941L240.971 381.476c-9.373 9.372-24.569 9.372-33.942 0z\"><\/path><\/svg><\/div>\n\t\t\t\t<div class=\"elementor-toc__toggle-button elementor-toc__toggle-button--collapse\" role=\"button\" tabindex=\"0\" aria-controls=\"elementor-toc__1c30362\" aria-expanded=\"true\" aria-label=\"Close table of contents\"><svg aria-hidden=\"true\" class=\"e-font-icon-svg e-fas-chevron-up\" viewBox=\"0 0 448 512\" xmlns=\"http:\/\/www.w3.org\/2000\/svg\"><path d=\"M240.971 130.524l194.343 194.343c9.373 9.373 9.373 24.569 0 33.941l-22.667 22.667c-9.357 9.357-24.522 9.375-33.901.04L224 227.495 69.255 381.516c-9.379 9.335-24.544 9.317-33.901-.04l-22.667-22.667c-9.373-9.373-9.373-24.569 0-33.941L207.03 130.525c9.372-9.373 24.568-9.373 33.941-.001z\"><\/path><\/svg><\/div>\n\t\t\t\t\t<\/div>\n\t\t\t\t<div id=\"elementor-toc__1c30362\" class=\"elementor-toc__body\">\n\t\t\t<div class=\"elementor-toc__spinner-container\">\n\t\t\t\t<svg class=\"elementor-toc__spinner eicon-animation-spin e-font-icon-svg e-eicon-loading\" aria-hidden=\"true\" viewBox=\"0 0 1000 1000\" xmlns=\"http:\/\/www.w3.org\/2000\/svg\"><path d=\"M500 975V858C696 858 858 696 858 500S696 142 500 142 142 304 142 500H25C25 237 238 25 500 25S975 237 975 500 763 975 500 975Z\"><\/path><\/svg>\t\t\t<\/div>\n\t\t<\/div>\n\t\t\t\t\t\t<\/div>\n\t\t\t\t<\/div>\n\t\t\t\t\t<\/div>\n\t\t\t\t<\/div>\n\t\t<div class=\"elementor-element elementor-element-herorght0 e-con-full e-flex e-con e-child\" data-id=\"herorght0\" data-element_type=\"container\" data-e-type=\"container\">\n\t\t\t\t<div class=\"elementor-element elementor-element-heroimg00 iwg-hero-image elementor-widget elementor-widget-image\" data-id=\"heroimg00\" data-element_type=\"widget\" data-e-type=\"widget\" data-widget_type=\"image.default\">\n\t\t\t\t\t\t\t\t\t\t\t\t\t\t\t<img fetchpriority=\"high\" decoding=\"async\" width=\"683\" height=\"1024\" src=\"https:\/\/iwell-guard.com\/wp-content\/uploads\/2026\/04\/goetter_rom_genius-683x1024.webp\" class=\"attachment-large size-large wp-image-147467\" alt=\"Genius \u2013 bohov\u00e9 z \u0159\u00edmsk\u00e9 tradice, historicko-ilustrativn\u00ed\" srcset=\"https:\/\/iwell-guard.com\/wp-content\/uploads\/2026\/04\/goetter_rom_genius-683x1024.webp 683w, https:\/\/iwell-guard.com\/wp-content\/uploads\/2026\/04\/goetter_rom_genius-200x300.webp 200w, https:\/\/iwell-guard.com\/wp-content\/uploads\/2026\/04\/goetter_rom_genius-768x1152.webp 768w, https:\/\/iwell-guard.com\/wp-content\/uploads\/2026\/04\/goetter_rom_genius.webp 1024w\" sizes=\"(max-width: 683px) 100vw, 683px\" \/>\t\t\t\t\t\t\t\t\t\t\t\t\t\t\t<\/div>\n\t\t\t\t<\/div>\n\t\t\t\t\t<\/div>\n\t\t\t\t<\/div>\n\t\t<div class=\"elementor-element elementor-element-32917199 e-flex e-con-boxed e-con e-parent\" data-id=\"32917199\" data-element_type=\"container\" data-e-type=\"container\">\n\t\t\t\t\t<div class=\"e-con-inner\">\n\t\t<div class=\"elementor-element elementor-element-26e916cb e-flex e-con-boxed e-con e-child\" data-id=\"26e916cb\" data-element_type=\"container\" data-e-type=\"container\">\n\t\t\t\t\t<div class=\"e-con-inner\">\n\t\t<div class=\"elementor-element elementor-element-253a40d4 e-flex e-con-boxed e-con e-child\" data-id=\"253a40d4\" data-element_type=\"container\" data-e-type=\"container\">\n\t\t\t\t\t<div class=\"e-con-inner\">\n\t\t\t\t<div class=\"elementor-element elementor-element-1200c304 elementor-widget elementor-widget-heading\" data-id=\"1200c304\" data-element_type=\"widget\" data-e-type=\"widget\" data-widget_type=\"heading.default\">\n\t\t\t\t\t<h2 class=\"elementor-heading-title elementor-size-default\">Genius \u0159\u00edmsk\u00fd<\/h2>\t\t\t\t<\/div>\n\t\t\t\t<div class=\"elementor-element elementor-element-11758e7f elementor-widget elementor-widget-text-editor\" data-id=\"11758e7f\" data-element_type=\"widget\" data-e-type=\"widget\" data-widget_type=\"text-editor.default\">\n\t\t\t\t\t\t\t\t\t<p>Genius je osobn\u00ed nebo kolektivn\u00ed ochrann\u00fd duch, nejedn\u00e1 samostatn\u011b jako bohov\u00e9, ale je \u00fa\u010dinn\u00fd v ochran\u011b a obnov\u011b. Ka\u017ed\u00fd \u010dlov\u011bk m\u00e1 sv\u00e9ho Genia (lat. tutelaris), ka\u017ed\u00e1 rodina sv\u00e9ho dom\u00e1c\u00edho Genia a ka\u017ed\u00e9 m\u011bsto sv\u00e9ho m\u011bstsk\u00e9ho Genia.<\/p><p>Kl\u00ed\u010dov\u00fdmi aspekty jsou t\u011blesn\u00e1 pohoda, plodnost, hojnost a kontinuita. Genius c\u00edsa\u0159e byl uct\u00edv\u00e1n ve st\u00e1tn\u00edm kultu, co\u017e bylo znamen\u00ed c\u00edsa\u0159sk\u00e9 apote\u00f3zy.<\/p>\t\t\t\t\t\t\t\t<\/div>\n\t\t\t\t\t<\/div>\n\t\t\t\t<\/div>\n\t\t<div class=\"elementor-element elementor-element-159dcf9a e-flex e-con-boxed e-con e-child\" data-id=\"159dcf9a\" data-element_type=\"container\" data-e-type=\"container\">\n\t\t\t\t\t<div class=\"e-con-inner\">\n\t\t\t\t<div class=\"elementor-element elementor-element-48cee66f elementor-widget elementor-widget-heading\" data-id=\"48cee66f\" data-element_type=\"widget\" data-e-type=\"widget\" data-widget_type=\"heading.default\">\n\t\t\t\t\t<h2 class=\"elementor-heading-title elementor-size-default\">Na prvn\u00ed pohled: Genius \u0159\u00edmsk\u00fd<\/h2>\t\t\t\t<\/div>\n\t\t\t\t<div class=\"elementor-element elementor-element-3f50d82c elementor-widget elementor-widget-text-editor\" data-id=\"3f50d82c\" data-element_type=\"widget\" data-e-type=\"widget\" data-widget_type=\"text-editor.default\">\n\t\t\t\t\t\t\t\t\t<p>Prameny: Cicero De Natura Deorum, Seneca, Martial, Plinius Naturalis Historia, Valerius Maximus, latinsk\u00e9 Inscriptiones a dom\u00e1c\u00ed olt\u00e1\u0159e (reli\u00e9fy lararia). Druhotn\u011b: Georg Wissowa, Rudolf Simek (pro germ\u00e1nsk\u00e9 paralely), Hubert Cancik, Karl Latte. V\u00edra v Genia byla roz\u0161\u00ed\u0159ena ve v\u0161ech spole\u010densk\u00fdch vrstv\u00e1ch a je bohat\u011b dokumentov\u00e1na archeologick\u00fdmi n\u00e1lezy z Pompej\u00ed, Herculanea a Galie.<\/p>\t\t\t\t\t\t\t\t<\/div>\n\t\t\t\t\t<\/div>\n\t\t\t\t<\/div>\n\t\t\t\t\t<\/div>\n\t\t\t\t<\/div>\n\t\t\t\t\t<\/div>\n\t\t\t\t<\/div>\n\t\t<div class=\"elementor-element elementor-element-18613602 e-flex e-con-boxed e-con e-parent\" data-id=\"18613602\" data-element_type=\"container\" data-e-type=\"container\">\n\t\t\t\t\t<div class=\"e-con-inner\">\n\t\t\t\t<div class=\"elementor-element elementor-element-262b8a9f elementor-widget elementor-widget-heading\" data-id=\"262b8a9f\" data-element_type=\"widget\" data-e-type=\"widget\" data-widget_type=\"heading.default\">\n\t\t\t\t\t<h2 class=\"elementor-heading-title elementor-size-default\">Kontext<\/h2>\t\t\t\t<\/div>\n\t\t<div class=\"elementor-element elementor-element-46dcb7d e-con-full e-flex e-con e-child\" data-id=\"46dcb7d\" data-element_type=\"container\" data-e-type=\"container\">\n\t\t<div class=\"elementor-element elementor-element-61d3ab3 e-flex e-con-boxed e-con e-child\" data-id=\"61d3ab3\" data-element_type=\"container\" data-e-type=\"container\">\n\t\t\t\t\t<div class=\"e-con-inner\">\n\t\t\t\t<div class=\"elementor-element elementor-element-117c166 elementor-widget elementor-widget-heading\" data-id=\"117c166\" data-element_type=\"widget\" data-e-type=\"widget\" data-widget_type=\"heading.default\">\n\t\t\t\t\t<h3 class=\"elementor-heading-title elementor-size-default\">Zeitraum der Texte<\/h3>\t\t\t\t<\/div>\n\t\t\t\t<div class=\"elementor-element elementor-element-73997a0 elementor-widget elementor-widget-text-editor\" data-id=\"73997a0\" data-element_type=\"widget\" data-e-type=\"widget\" data-widget_type=\"text-editor.default\">\n\t\t\t\t\t\t\t\t\t<p><span class=\"iwg-fachbegriff\" data-tooltip=\"P\u0159ed\u00e1v\u00e1n\u00ed znalost\u00ed a vypr\u00e1v\u011bn\u00ed nap\u0159\u00ed\u010d generacemi.\" tabindex=\"0\">Tradice<\/span> Genia sah\u00e1 hluboko do d\u011bjin \u0158\u00edma, dolo\u017eena je od 1. stolet\u00ed, p\u0159i\u010dem\u017e pravd\u011bpodobn\u011b existovaly i star\u0161\u00ed \u00fastn\u00ed tradice. P\u00edsemn\u00e9 prameny jsou fragment\u00e1rn\u00ed, ale konzistentn\u00ed, ukazuj\u00ed stabiln\u00ed obraz t\u00e9to entity po dlouh\u00e1 obdob\u00ed.<\/p><p>Kulturn\u00ed kontinuita byla pozoruhodn\u00e1: tradice a praktiky se p\u0159ed\u00e1valy po generace, \u010dasto \u00fastn\u011b, \u010dasto ve form\u011b ka\u017edodenn\u00edch ritu\u00e1l\u016f. \u0158\u00edman\u00e9 tuto postavu nebo koncept hluboko zakotvili do sv\u00fdch duchovn\u00edch syst\u00e9m\u016f, tak\u017ee p\u0159etrvala a\u017e do modern\u00ed doby.<\/p>\t\t\t\t\t\t\t\t<\/div>\n\t\t\t\t\t<\/div>\n\t\t\t\t<\/div>\n\t\t<div class=\"elementor-element elementor-element-d47b156 e-flex e-con-boxed e-con e-child\" data-id=\"d47b156\" data-element_type=\"container\" data-e-type=\"container\">\n\t\t\t\t\t<div class=\"e-con-inner\">\n\t\t\t\t<div class=\"elementor-element elementor-element-ff38c2b elementor-widget elementor-widget-heading\" data-id=\"ff38c2b\" data-element_type=\"widget\" data-e-type=\"widget\" data-widget_type=\"heading.default\">\n\t\t\t\t\t<h3 class=\"elementor-heading-title elementor-size-default\">Verbreitungsraum<\/h3>\t\t\t\t<\/div>\n\t\t\t\t<div class=\"elementor-element elementor-element-4e49fcc elementor-widget elementor-widget-text-editor\" data-id=\"4e49fcc\" data-element_type=\"widget\" data-e-type=\"widget\" data-widget_type=\"text-editor.default\">\n\t\t\t\t\t\t\t\t\t<p>Genius byl roz\u0161\u00ed\u0159en po cel\u00e9m \u0159\u00edmsk\u00e9m sv\u011bt\u011b, nikoli jen region\u00e1ln\u011b, n\u00fdbr\u017e univers\u00e1ln\u011b. A\u0165 v m\u011bstsk\u00fdch centrech nebo na venkovsk\u00fdch vesnic\u00edch, uct\u00edv\u00e1n\u00ed nebo ch\u00e1p\u00e1n\u00ed t\u00e9to entity bylo konzistentn\u00ed. To sv\u011bd\u010d\u00ed o jej\u00ed z\u00e1sadn\u00ed roli v kulturn\u00edm a duchovn\u00edm \u017eivot\u011b \u0158\u00edma. Zem\u011bpisn\u00e1 jednotnost t\u00e9to praxe je pozoruhodn\u00e1 a odkazuje na hlubok\u00e9 kulturn\u00ed ko\u0159eny.<\/p>\t\t\t\t\t\t\t\t<\/div>\n\t\t\t\t\t<\/div>\n\t\t\t\t<\/div>\n\t\t\t\t<\/div>\n\t\t<div class=\"elementor-element elementor-element-db03c39 e-con-full e-flex e-con e-child\" data-id=\"db03c39\" data-element_type=\"container\" data-e-type=\"container\">\n\t\t<div class=\"elementor-element elementor-element-229a87b e-flex e-con-boxed e-con e-child\" data-id=\"229a87b\" data-element_type=\"container\" data-e-type=\"container\">\n\t\t\t\t\t<div class=\"e-con-inner\">\n\t\t\t\t<div class=\"elementor-element elementor-element-1f471fc elementor-widget elementor-widget-heading\" data-id=\"1f471fc\" data-element_type=\"widget\" data-e-type=\"widget\" data-widget_type=\"heading.default\">\n\t\t\t\t\t<h3 class=\"elementor-heading-title elementor-size-default\">Quellenlage<\/h3>\t\t\t\t<\/div>\n\t\t\t\t<div class=\"elementor-element elementor-element-36b1201 elementor-widget elementor-widget-text-editor\" data-id=\"36b1201\" data-element_type=\"widget\" data-e-type=\"widget\" data-widget_type=\"text-editor.default\">\n\t\t\t\t\t\t\t\t\t<p>Prim\u00e1rn\u00edmi prameny jsou <span class=\"iwg-fachbegriff\" data-tooltip=\"Obdob\u00ed \u0159eck\u00e9 a \u0159\u00edmsk\u00e9 kultury, p\u0159ibli\u017en\u011b 800 p\u0159. n. l. a\u017e 600 n. l.\" tabindex=\"0\">antick\u00e9<\/span> texty, liter\u00e1rn\u00ed d\u00edla a n\u00e1bo\u017eensk\u00e9 k\u00e1nony \u0158\u00edma. Druhotn\u011b jsou to etnografick\u00e9 z\u00e1znamy, lidov\u00e9 tradice a archeologick\u00e9 n\u00e1lezy. \u00dastn\u00ed tradice, kter\u00e9 jsou \u017eiv\u00e9 dodnes, poskytuj\u00ed dal\u0161\u00ed pohledy. Celkov\u00e9 spektrum pramen\u016f umo\u017e\u0148uje vytvo\u0159it koherentn\u00ed obraz Genia a jeho v\u00fdznamu.<\/p>\t\t\t\t\t\t\t\t<\/div>\n\t\t\t\t\t<\/div>\n\t\t\t\t<\/div>\n\t\t\t\t<\/div>\n\t\t\t\t\t<\/div>\n\t\t\t\t<\/div>\n\t\t<div class=\"elementor-element elementor-element-3ae0637c e-flex e-con-boxed e-con e-parent\" data-id=\"3ae0637c\" data-element_type=\"container\" data-e-type=\"container\">\n\t\t\t\t\t<div class=\"e-con-inner\">\n\t\t\t\t<div class=\"elementor-element elementor-element-31d07739 elementor-widget elementor-widget-heading\" data-id=\"31d07739\" data-element_type=\"widget\" data-e-type=\"widget\" data-widget_type=\"heading.default\">\n\t\t\t\t\t<h2 class=\"elementor-heading-title elementor-size-default\">Ozna\u010den\u00ed a zp\u016fsoby psan\u00ed<\/h2>\t\t\t\t<\/div>\n\t\t<div class=\"elementor-element elementor-element-b7642947 e-con-full e-flex e-con e-child\" data-id=\"b7642947\" data-element_type=\"container\" data-e-type=\"container\">\n\t\t\t\t<div class=\"elementor-element elementor-element-a086266 elementor-widget elementor-widget-text-editor\" data-id=\"a086266\" data-element_type=\"widget\" data-e-type=\"widget\" data-widget_type=\"text-editor.default\">\n\t\t\t\t\t\t\t\t\t<p>Genius je v r\u016fzn\u00fdch tradic\u00edch zobrazov\u00e1n s ur\u010dit\u00fdmi ikonografick\u00fdmi prvky, kter\u00e9 z\u016fst\u00e1vaj\u00ed relativn\u011b konzistentn\u00ed nap\u0159\u00ed\u010d \u010dasem a prostorem. Tyto prvky nejsou n\u00e1hodn\u00e9, nesou symbolick\u00fd v\u00fdznam.<\/p><p>Vyjad\u0159uj\u00ed funkce, s\u00edly a pravomoci. Barvy, p\u0159edm\u011bty, t\u011blesn\u00e9 atributy, v\u0161e m\u00e1 svou v\u00e1hu. Vizu\u00e1ln\u00ed syst\u00e9m je zak\u00f3dovan\u00fd a zasv\u011bcen\u00ed jej mohou \u010d\u00edst jako text.<\/p>\t\t\t\t\t\t\t\t<\/div>\n\t\t\t\t<\/div>\n\t\t\t\t\t<\/div>\n\t\t\t\t<\/div>\n\t\t<div class=\"elementor-element elementor-element-709a44a8 e-flex e-con-boxed e-con e-parent\" data-id=\"709a44a8\" data-element_type=\"container\" data-e-type=\"container\">\n\t\t\t\t\t<div class=\"e-con-inner\">\n\t\t\t\t<div class=\"elementor-element elementor-element-2f585873 elementor-widget elementor-widget-heading\" data-id=\"2f585873\" data-element_type=\"widget\" data-e-type=\"widget\" data-widget_type=\"heading.default\">\n\t\t\t\t\t<h2 class=\"elementor-heading-title elementor-size-default\">Povahov\u00e9 rysy<\/h2>\t\t\t\t<\/div>\n\t\t<div class=\"elementor-element elementor-element-70621c12 e-con-full e-flex e-con e-child\" data-id=\"70621c12\" data-element_type=\"container\" data-e-type=\"container\">\n\t\t\t\t<div class=\"elementor-element elementor-element-4296eb49 elementor-widget elementor-widget-text-editor\" data-id=\"4296eb49\" data-element_type=\"widget\" data-e-type=\"widget\" data-widget_type=\"text-editor.default\">\n\t\t\t\t\t\t\t\t\t<p>Funkce Genia v n\u00e1bo\u017eensk\u00e9m a spole\u010densk\u00e9m \u017eivot\u011b \u0158\u00edma byla z\u00e1sadn\u00ed. Lid\u00e9 se k t\u00e9to entit\u011b obraceli v ur\u010dit\u00fdch \u017eivotn\u00edch situac\u00edch s konkr\u00e9tn\u00edmi modlitbami nebo ritu\u00e1ly.<\/p><p>Praxe nebyla libovoln\u00e1, ale strukturovan\u00e1 a tradovan\u00e1. Generace lid\u00ed tyto formy uct\u00edv\u00e1n\u00ed p\u011bstovaly, p\u0159ed\u00e1valy a p\u0159izp\u016fsobovaly. Kontinuita ukazuje, \u017ee praxe byla \u00fa\u010dinn\u00e1, nebo p\u0159inejmen\u0161\u00edm za \u00fa\u010dinnou pova\u017eov\u00e1na.<\/p>\t\t\t\t\t\t\t\t<\/div>\n\t\t\t\t<\/div>\n\t\t\t\t\t<\/div>\n\t\t\t\t<\/div>\n\t\t<div class=\"elementor-element elementor-element-44e71476 e-flex e-con-boxed e-con e-parent\" data-id=\"44e71476\" data-element_type=\"container\" data-e-type=\"container\">\n\t\t\t\t\t<div class=\"e-con-inner\">\n\t\t\t\t<div class=\"elementor-element elementor-element-3c1fc3f0 elementor-widget elementor-widget-heading\" data-id=\"3c1fc3f0\" data-element_type=\"widget\" data-e-type=\"widget\" data-widget_type=\"heading.default\">\n\t\t\t\t\t<h2 class=\"elementor-heading-title elementor-size-default\">Profil: Genius \u0159\u00edmsk\u00fd<\/h2>\t\t\t\t<\/div>\n\t\t<div class=\"elementor-element elementor-element-84f33b8e e-con-full e-flex e-con e-child\" data-id=\"84f33b8e\" data-element_type=\"container\" data-e-type=\"container\">\n\t\t\t\t<div class=\"elementor-element elementor-element-hqkdc67p elementor-widget elementor-widget-text-editor\" data-id=\"hqkdc67p\" data-element_type=\"widget\" data-e-type=\"widget\" data-widget_type=\"text-editor.default\">\n\t\t\t\t\t\t\t\t\t<p>Profil rozv\u00edj\u00ed postavu Genia z \u0161esti perspektiv: jeho ideov\u00fd a kulturn\u00ed p\u016fvod, \u017eitou praxi jeho uct\u00edv\u00e1n\u00ed v priv\u00e1tn\u00edch i st\u00e1tn\u00edch kontextech, jeho typick\u00e9 zobrazen\u00ed na dom\u00e1c\u00edch olt\u00e1\u0159\u00edch a v um\u011bn\u00ed, v\u00fdznam <span class=\"iwg-fachbegriff\" data-tooltip=\"Prosebn\u00e9 nebo zakl\u00ednac\u00ed osloven\u00ed bo\u017estva nebo moci.\" tabindex=\"0\">vz\u00fdv\u00e1n\u00ed<\/span> a ochrann\u00fdch praktik, srovnateln\u00e9 postavy ochrann\u00fdch duch\u016f v jin\u00fdch kultur\u00e1ch a z\u00e1v\u011bre\u010dnou celkovou interpretaci jeho role v kosmu.<\/p>\t\t\t\t\t\t\t\t<\/div>\n\t\t\t\t<\/div>\n\t\t<div class=\"elementor-element elementor-element-pemmx7c5 e-con-full e-flex e-con e-child\" data-id=\"pemmx7c5\" data-element_type=\"container\" data-e-type=\"container\">\n\t\t<div class=\"elementor-element elementor-element-pemmx7c1 e-con-full e-flex e-con e-child\" data-id=\"pemmx7c1\" data-element_type=\"container\" data-e-type=\"container\">\n\t\t<div class=\"elementor-element elementor-element-qh9oavvu iwg-steckbrief-card e-flex e-con-boxed e-con e-child\" data-id=\"qh9oavvu\" data-element_type=\"container\" data-e-type=\"container\">\n\t\t\t\t\t<div class=\"e-con-inner\">\n\t\t\t\t<div class=\"elementor-element elementor-element-awzx8k2k elementor-widget elementor-widget-heading\" data-id=\"awzx8k2k\" data-element_type=\"widget\" data-e-type=\"widget\" data-widget_type=\"heading.default\">\n\t\t\t\t\t<h3 class=\"elementor-heading-title elementor-size-default\">Tradice<\/h3>\t\t\t\t<\/div>\n\t\t\t\t<div class=\"elementor-element elementor-element-x6rowhv0 elementor-widget elementor-widget-text-editor\" data-id=\"x6rowhv0\" data-element_type=\"widget\" data-e-type=\"widget\" data-widget_type=\"text-editor.default\">\n\t\t\t\t\t\t\t\t\t<p>Genius je \u010dist\u011b \u0159\u00edmsk\u00fdm v\u00fdtvorem bez p\u0159\u00edm\u00fdch \u0159eck\u00fdch nebo etrusk\u00fdch p\u0159edch\u016fdc\u016f. Ko\u0159eny m\u00e1 v italick\u00fdch d\u00e9monech plodnosti a v indoevropsk\u00fdch konceptech osobn\u00edch ochrann\u00fdch duch\u016f. Nejstar\u0161\u00ed doklady poch\u00e1zej\u00ed ze 3. stolet\u00ed p\u0159. n. l., av\u0161ak zesiluj\u00ed za vl\u00e1dy Augusta.<\/p><p><span class=\"iwg-fachbegriff\" data-tooltip=\"Souhrn n\u00e1bo\u017eensk\u00fdch \u00factyhodn\u00fdch \u00fakon\u016f k bo\u017estvu nebo svat\u00e9 postav\u011b.\" tabindex=\"0\">Kult<\/span> Genia byl zvl\u00e1\u0161t\u011b zakotven v Laciu a \u0161\u00ed\u0159il se s expanz\u00ed \u0158\u00edma. Sv\u00e9ho vrcholu dos\u00e1hl za c\u00edsa\u0159\u016f, kdy byl ofici\u00e1ln\u011b uct\u00edv\u00e1n Genius Caesaris (c\u00edsa\u0159sk\u00fd ochrann\u00fd duch).<\/p>\t\t\t\t\t\t\t\t<\/div>\n\t\t\t\t\t<\/div>\n\t\t\t\t<\/div>\n\t\t<div class=\"elementor-element elementor-element-8e3o4kxs iwg-steckbrief-card e-flex e-con-boxed e-con e-child\" data-id=\"8e3o4kxs\" data-element_type=\"container\" data-e-type=\"container\">\n\t\t\t\t\t<div class=\"e-con-inner\">\n\t\t\t\t<div class=\"elementor-element elementor-element-08rkdgov elementor-widget elementor-widget-heading\" data-id=\"08rkdgov\" data-element_type=\"widget\" data-e-type=\"widget\" data-widget_type=\"heading.default\">\n\t\t\t\t\t<h3 class=\"elementor-heading-title elementor-size-default\">C\u00edlov\u00e1 skupina Genia \u0159\u00edmsk\u00e9ho<\/h3>\t\t\t\t<\/div>\n\t\t\t\t<div class=\"elementor-element elementor-element-uwjelx8s elementor-widget elementor-widget-text-editor\" data-id=\"uwjelx8s\" data-element_type=\"widget\" data-e-type=\"widget\" data-widget_type=\"text-editor.default\">\n\t\t\t\t\t\t\t\t\t<p>Genia vz\u00fdvali ka\u017ed\u00fd ob\u010dan, ka\u017ed\u00e1 rodina i st\u00e1t. V dom\u00e1cnostech se denn\u011b modlilo k Geniovi a Lar\u016fm (dom\u00e1c\u00edm duch\u016fm) v lararium (dom\u00e1c\u00ed svatyni). Narozeniny \u010dlov\u011bka byly sv\u00e1tkem jeho vlastn\u00edho Genia.<\/p><p>Zem\u011bd\u011blci se modlili k Geniu agri (Genius pol\u00ed), \u0159emesln\u00edci ke Geniu sv\u00e9ho cechu, voj\u00e1ci ke Geniu legie. C\u00edsa\u0159 ve\u0159ejn\u011b ob\u011btoval Geniu Caesaris, co\u017e byla praxe, je\u017e formovala pozd\u011bj\u0161\u00ed kult c\u00edsa\u0159\u016f.<\/p>\t\t\t\t\t\t\t\t<\/div>\n\t\t\t\t\t<\/div>\n\t\t\t\t<\/div>\n\t\t<div class=\"elementor-element elementor-element-jm2n74ec iwg-steckbrief-card e-flex e-con-boxed e-con e-child\" data-id=\"jm2n74ec\" data-element_type=\"container\" data-e-type=\"container\">\n\t\t\t\t\t<div class=\"e-con-inner\">\n\t\t\t\t<div class=\"elementor-element elementor-element-8vufse4c elementor-widget elementor-widget-heading\" data-id=\"8vufse4c\" data-element_type=\"widget\" data-e-type=\"widget\" data-widget_type=\"heading.default\">\n\t\t\t\t\t<h3 class=\"elementor-heading-title elementor-size-default\">Zobrazen\u00ed<\/h3>\t\t\t\t<\/div>\n\t\t\t\t<div class=\"elementor-element elementor-element-mwb9u015 elementor-widget elementor-widget-text-editor\" data-id=\"mwb9u015\" data-element_type=\"widget\" data-e-type=\"widget\" data-widget_type=\"text-editor.default\">\n\t\t\t\t\t\t\t\t\t<p>Genius byl zobrazov\u00e1n jako mlad\u00edk nebo mu\u017e s miskou (patella) k <span class=\"iwg-fachbegriff\" data-tooltip=\"Dar bohu vyjad\u0159uj\u00edc\u00ed d\u00edky, prosbu nebo \u00factu.\" tabindex=\"0\">ob\u011bti<\/span>, \u010dasto vedle Lar\u016f nebo na dom\u00e1c\u00edch olt\u00e1\u0159\u00edch. Na minc\u00edch nese n\u011bkdy modius (obilnou m\u00edru), <span class=\"iwg-fachbegriff\" data-tooltip=\"Znak, kter\u00fd zastupuje p\u0159edstavu nebo v\u00fdznam.\" tabindex=\"0\">symbol<\/span> po\u017eehn\u00e1n\u00ed.<\/p><p>Na reli\u00e9fech dom\u00e1c\u00edch olt\u00e1\u0159\u016f sed\u00ed mezi dom\u00e1c\u00edmi bohy. Ikonografie je abstraktn\u011bj\u0161\u00ed a prom\u011bnliv\u011bj\u0161\u00ed ne\u017e u boh\u016f. \u010casto byl zobrazov\u00e1n jako hadovit\u00e9 stvo\u0159en\u00ed, p\u0159i\u010dem\u017e had symbolizoval regenera\u010dn\u00ed, podzemn\u00ed s\u00edlu.<\/p>\t\t\t\t\t\t\t\t<\/div>\n\t\t\t\t\t<\/div>\n\t\t\t\t<\/div>\n\t\t\t\t<\/div>\n\t\t<div class=\"elementor-element elementor-element-pemmx7c2 e-con-full e-flex e-con e-child\" data-id=\"pemmx7c2\" data-element_type=\"container\" data-e-type=\"container\">\n\t\t<div class=\"elementor-element elementor-element-37ss2yr6 iwg-steckbrief-card e-flex e-con-boxed e-con e-child\" data-id=\"37ss2yr6\" data-element_type=\"container\" data-e-type=\"container\">\n\t\t\t\t\t<div class=\"e-con-inner\">\n\t\t\t\t<div class=\"elementor-element elementor-element-3v0wp3wx elementor-widget elementor-widget-heading\" data-id=\"3v0wp3wx\" data-element_type=\"widget\" data-e-type=\"widget\" data-widget_type=\"heading.default\">\n\t\t\t\t\t<h3 class=\"elementor-heading-title elementor-size-default\">Funkce<\/h3>\t\t\t\t<\/div>\n\t\t\t\t<div class=\"elementor-element elementor-element-w3247g2m elementor-widget elementor-widget-text-editor\" data-id=\"w3247g2m\" data-element_type=\"widget\" data-e-type=\"widget\" data-widget_type=\"text-editor.default\">\n\t\t\t\t\t\t\t\t\t<p><strong>Oblast p\u016fsobnosti:<\/strong> <em>Genius<\/em> je v \u0159\u00edmsk\u00e9m n\u00e1bo\u017eensk\u00e9m ch\u00e1p\u00e1n\u00ed tvo\u0159iv\u011b-vit\u00e1ln\u00ed \u017eivotn\u00ed duch mu\u017ee, jeho bo\u017esk\u00fd dvojn\u00edk, kter\u00fd se s n\u00edm rod\u00ed a v den jeho smrti s n\u00edm zanik\u00e1. Ka\u017ed\u00fd pater familias m\u011bl sv\u00e9ho <em>Genia<\/em>, ka\u017ed\u00e1 \u017eena svou <em>Iuno<\/em> (paraleln\u00ed \u017eensk\u00e1 forma).<\/p><p>Nad r\u00e1mec osobn\u00ed roviny se pojem rozvinul v kolektivn\u00ed ochrannou moc m\u00edst (<em>Genius loci<\/em>), korporac\u00ed (<em>Genius collegii<\/em>), sen\u00e1tu (<em>Genius Senatus<\/em>) a od dob Augusta i c\u00edsa\u0159e (<em>Genius Augusti<\/em>).<\/p><p>Plinius star\u0161\u00ed (<em>Naturalis Historia<\/em> II, 16) a Servius (koment\u00e1\u0159 k Vergiliovi, <em>Aen.<\/em> V, 95) dokl\u00e1daj\u00ed dom\u00e1c\u00ed rozm\u011br kultu. Ovidius (<em>Tristia<\/em> III, 13) popisuje narozeniny (<em>dies natalis<\/em>) jako hlavn\u00ed sv\u00e1tek Genia, slaven\u00fd v\u00ednem, kadidlem a medov\u00fdmi kol\u00e1\u010dky u Lararia.<\/p>\t\t\t\t\t\t\t\t<\/div>\n\t\t\t\t\t<\/div>\n\t\t\t\t<\/div>\n\t\t<div class=\"elementor-element elementor-element-0qpjal9w iwg-steckbrief-card e-flex e-con-boxed e-con e-child\" data-id=\"0qpjal9w\" data-element_type=\"container\" data-e-type=\"container\">\n\t\t\t\t\t<div class=\"e-con-inner\">\n\t\t\t\t<div class=\"elementor-element elementor-element-6ndoih0o elementor-widget elementor-widget-heading\" data-id=\"6ndoih0o\" data-element_type=\"widget\" data-e-type=\"widget\" data-widget_type=\"heading.default\">\n\t\t\t\t\t<h3 class=\"elementor-heading-title elementor-size-default\">Ochrann\u00e9 prost\u0159edky<\/h3>\t\t\t\t<\/div>\n\t\t\t\t<div class=\"elementor-element elementor-element-6684tyh9 elementor-widget elementor-widget-text-editor\" data-id=\"6684tyh9\" data-element_type=\"widget\" data-e-type=\"widget\" data-widget_type=\"text-editor.default\">\n\t\t\t\t\t\t\t\t\t<p>Genius byl p\u0159edm\u011btem uctiv\u00e9ho <span class=\"iwg-fachbegriff\" data-tooltip=\"Prosebn\u00e9 nebo vz\u00fdvaj\u00edc\u00ed osloven\u00ed bo\u017estva nebo moci.\" tabindex=\"0\">vz\u00fdv\u00e1n\u00ed<\/span> a <span class=\"iwg-fachbegriff\" data-tooltip=\"Dar bohu vyjad\u0159uj\u00edc\u00ed d\u00edky, prosbu nebo \u00factu.\" tabindex=\"0\">ob\u011bt\u00ed<\/span>, nikoli za \u00fa\u010delem ochrany p\u0159ed \u0161kodou, ale k zaji\u0161t\u011bn\u00ed blahobytu a kontinuity. <span class=\"iwg-fachbegriff\" data-tooltip=\"Dar bohu vyjad\u0159uj\u00edc\u00ed d\u00edky, prosbu nebo \u00factu.\" tabindex=\"0\">Ob\u011b\u0165mi<\/span> byly v\u00edno, med, prvn\u00ed plody sklizn\u011b a p\u0159\u00edle\u017eitostn\u011b mal\u00e9 krevn\u00ed ob\u011bti.<\/p><p>V den narozenin se ob\u011btovaly kol\u00e1\u010dov\u00e9 dary. Man\u017eelky ob\u011btovaly v den svatby. P\u0159\u00edsaha na vlastn\u00edho Genia platila za absolutn\u011b z\u00e1vaznou. Ur\u00e1\u017eka c\u00edsa\u0159ova Genia byla trestn\u00fdm \u010dinem ur\u00e1\u017eky majest\u00e1tu.<\/p>\t\t\t\t\t\t\t\t<\/div>\n\t\t\t\t\t<\/div>\n\t\t\t\t<\/div>\n\t\t<div class=\"elementor-element elementor-element-3lfi7x32 iwg-steckbrief-card e-flex e-con-boxed e-con e-child\" data-id=\"3lfi7x32\" data-element_type=\"container\" data-e-type=\"container\">\n\t\t\t\t\t<div class=\"e-con-inner\">\n\t\t\t\t<div class=\"elementor-element elementor-element-0kg99ga1 elementor-widget elementor-widget-heading\" data-id=\"0kg99ga1\" data-element_type=\"widget\" data-e-type=\"widget\" data-widget_type=\"heading.default\">\n\t\t\t\t\t<h3 class=\"elementor-heading-title elementor-size-default\">Obdoby<\/h3>\t\t\t\t<\/div>\n\t\t\t\t<div class=\"elementor-element elementor-element-n0fum6kp elementor-widget elementor-widget-text-editor\" data-id=\"n0fum6kp\" data-element_type=\"widget\" data-e-type=\"widget\" data-widget_type=\"text-editor.default\">\n\t\t\t\t\t\t\t\t\t<p>V germ\u00e1nsk\u00e9 tradici odpov\u00edd\u00e1 konceptu osobn\u00edho ochrann\u00e9ho ducha Hamramr nebo Fylgja (seversk\u00e1). Podobn\u00fd je egyptsk\u00fd Ka, \u017eivotn\u00ed s\u00edla ka\u017ed\u00e9ho \u010dlov\u011bka. V \u0159eck\u00e9m prost\u0159ed\u00ed existuje daimon (daimonion) jako osobn\u00ed ochrann\u00fd duch, av\u0161ak m\u00e9n\u011b institucionalizovan\u00fd ne\u017e \u0159\u00edmsk\u00fd Genius. \u017didovsk\u00fd koncept and\u011bla str\u00e1\u017en\u00e9ho vykazuje struktur\u00e1ln\u00ed paralely, je v\u0161ak teologicky zakotven jinak.<\/p>\t\t\t\t\t\t\t\t<\/div>\n\t\t\t\t\t<\/div>\n\t\t\t\t<\/div>\n\t\t\t\t<\/div>\n\t\t\t\t<\/div>\n\t\t\t\t\t<\/div>\n\t\t\t\t<\/div>\n\t\t<div class=\"elementor-element elementor-element-5a584676 e-flex e-con-boxed e-con e-parent\" data-id=\"5a584676\" data-element_type=\"container\" data-e-type=\"container\">\n\t\t\t\t\t<div class=\"e-con-inner\">\n\t\t\t\t<div class=\"elementor-element elementor-element-6d0757bf elementor-widget elementor-widget-heading\" data-id=\"6d0757bf\" data-element_type=\"widget\" data-e-type=\"widget\" data-widget_type=\"heading.default\">\n\t\t\t\t\t<h2 class=\"elementor-heading-title elementor-size-default\">Genius \u0159\u00edmsk\u00fd, paralely v jin\u00fdch kultur\u00e1ch<\/h2>\t\t\t\t<\/div>\n\t\t<div class=\"elementor-element elementor-element-60563f68 e-con-full e-flex e-con e-child\" data-id=\"60563f68\" data-element_type=\"container\" data-e-type=\"container\">\n\t\t\t\t<div class=\"elementor-element elementor-element-5a93fdd6 elementor-widget elementor-widget-text-editor\" data-id=\"5a93fdd6\" data-element_type=\"widget\" data-e-type=\"widget\" data-widget_type=\"text-editor.default\">\n\t\t\t\t\t\t\t\t\t<p>V jin\u00fdch kultur\u00e1ch se objevuj\u00ed podobn\u00e9 archetypy, \u010dasto s obdobn\u00fdmi funkcemi a atributy, av\u0161ak lokalizovan\u00e9 a p\u0159izp\u016fsoben\u00e9 dan\u00e9 kultu\u0159e. Univerz\u00e1lnost t\u011bchto vzor\u016f sv\u011bd\u010d\u00ed o hlubok\u00fdch archetyp\u00e1ln\u00edch struktur\u00e1ch v lidsk\u00e9 psychice a spiritualit\u011b. R\u016fzn\u00e9 manifestace t\u00e9ho\u017e z\u00e1kladn\u00edho t\u00e9matu.<\/p>\n<p><p><strong>\u017didovsk\u00e1 tradice:<\/strong> <span class=\"iwg-fachbegriff\" data-tooltip=\"And\u011bl, jemu\u017e je p\u0159isuzov\u00e1na ochrana jednotliv\u00e9ho \u010dlov\u011bka.\" tabindex=\"0\">And\u011bl str\u00e1\u017en\u00fd<\/span> v pozd\u011bj\u0161\u00ed \u017eidovsk\u00e9 and\u011blologii (zejm\u00e9na v <span class=\"iwg-fachbegriff\" tabindex=\"0\" data-tooltip=\"N\u00e1bo\u017eensk\u00e9 texty mimo biblick\u00fd k\u00e1non; v \u017eidovsk\u00e9 a k\u0159es\u0165ansk\u00e9 tradici za\u0159azovan\u00e9 mezi kanonick\u00e9 a nekanonick\u00e9.\">apokryfech<\/span> a <span class=\"iwg-fachbegriff\" tabindex=\"0\" data-tooltip=\"\u017didovsk\u00e1 mystika s hlavn\u00edmi d\u00edly Sefer Yetzira, Sohar a luri\u00e1nskou \u0161kolou.\">kabale<\/span>) nen\u00ed p\u0159\u00edmo odvozen z Genia, vykazuje v\u0161ak podobnou funkci: osobn\u00ed ochranu a p\u0159\u00edmluvu. V Tanachu se objevuj\u00ed n\u00e1znaky ochrann\u00fdch duch\u016f, ale \u017e\u00e1dn\u00e1 systematick\u00e1 teologie jako u Genia.<\/p><p><strong>\u0158ecko-\u0159\u00edmsk\u00fd sv\u011bt:<\/strong> \u0158eck\u00fd daimonion (osobn\u00ed <span class=\"iwg-fachbegriff\" data-tooltip=\"Duchovn\u00ed bytost, j\u00ed\u017e je p\u0159isuzov\u00e1n \u0161kodliv\u00fd nebo rozporn\u00fd \u00fa\u010dinek.\" tabindex=\"0\">d\u00e9mon<\/span> podle Plat\u00f3na a S\u00f3krata) je Geniovi podobn\u00fd, av\u0161ak zakotven sp\u00ed\u0161e filosoficky ne\u017e kultovn\u011b. Synt\u00e9za u pozd\u011bj\u0161\u00edch novoplatonik\u016f spojila oba koncepty do jednoho kosmick\u00e9ho \u0159\u00e1dotvorn\u00e9ho principu.<\/p><p><strong>Mezopot\u00e1mie:<\/strong> Ochrann\u00fd duch (koncept ilu) v Mezopot\u00e1mii je Geniovi funk\u010dn\u011b podobn\u00fd, av\u0161ak m\u00e9n\u011b vzta\u017een\u00fd k jednotliv\u00fdm osob\u00e1m ne\u017e k zem\u00edm a \u0159emesln\u00fdm cech\u016fm. V <span class=\"iwg-fachbegriff\" data-tooltip=\"Souhrn n\u00e1bo\u017eensk\u00fdch \u00factypln\u00fdch \u00fakon\u016f v\u016f\u010di bo\u017estvu nebo svat\u00e9 postav\u011b.\" tabindex=\"0\">kultu<\/span> a hierarchii neexistuje p\u0159\u00edm\u00e1 paralela.<\/p><p><strong>Indie\/Asie:<\/strong> V hinduismu ani buddhismu neexistuje p\u0159\u00edm\u00e1 paralela. Koncept osobn\u00edho osudov\u00e9ho ducha (souvislost s <span class=\"iwg-fachbegriff\" tabindex=\"0\" data-tooltip=\"V hinduismu povinnost a kosmick\u00fd \u0159\u00e1d; v buddhismu Buddhovo u\u010den\u00ed.\">dharmou<\/span>\/<span class=\"iwg-fachbegriff\" tabindex=\"0\" data-tooltip=\"V hinduismu, buddhismu a d\u017einismu z\u00e1kon p\u0159\u00ed\u010diny a n\u00e1sledku: ka\u017ed\u00fd \u010din zp\u011btn\u011b p\u016fsob\u00ed na n\u00e1sleduj\u00edc\u00ed existence.\">karmou<\/span>) je tematicky vzd\u00e1len, av\u0161ak bez p\u0159\u00edm\u00e9ho <span class=\"iwg-fachbegriff\" data-tooltip=\"Souhrn n\u00e1bo\u017eensk\u00fdch \u00factypln\u00fdch \u00fakon\u016f v\u016f\u010di bo\u017estvu nebo svat\u00e9 postav\u011b.\" tabindex=\"0\">kultu<\/span>, jak\u00fd m\u011bl Genius.<\/p>\t\t\t\t\t\t\t\t<\/div>\n\t\t\t\t<\/div>\n\t\t\t\t\t<\/div>\n\t\t\t\t<\/div>\n\t\t<div class=\"elementor-element elementor-element-cp4f16ba0 e-flex e-con-boxed e-con e-parent\" data-id=\"cp4f16ba0\" data-element_type=\"container\" data-e-type=\"container\">\n\t\t\t\t\t<div class=\"e-con-inner\">\n\t\t\t\t<div class=\"elementor-element elementor-element-cpd95ba75 elementor-widget elementor-widget-heading\" data-id=\"cpd95ba75\" data-element_type=\"widget\" data-e-type=\"widget\" data-widget_type=\"heading.default\">\n\t\t\t\t\t<h2 class=\"elementor-heading-title elementor-size-default\">Genius a Iuno: Ochrann\u00fd duch mu\u017ee a \u017eeny<\/h2>\t\t\t\t<\/div>\n\t\t<div class=\"elementor-element elementor-element-cp2c52a1a e-con-full e-flex e-con e-child\" data-id=\"cp2c52a1a\" data-element_type=\"container\" data-e-type=\"container\">\n\t\t\t\t<div class=\"elementor-element elementor-element-cpd79e1b5 elementor-widget elementor-widget-text-editor\" data-id=\"cpd79e1b5\" data-element_type=\"widget\" data-e-type=\"widget\" data-widget_type=\"text-editor.default\">\n\t\t\t\t\t\t\t\t\t<p>\u0158\u00edmsk\u00e1 p\u0159edstava o g\u00e9niovi byla p\u016fvodn\u011b v\u00e1z\u00e1na na pohlav\u00ed. <em>Genius<\/em> byl plodiv\u00fd, \u017eivot doprov\u00e1zej\u00edc\u00ed <span class=\"iwg-fachbegriff\" data-tooltip=\"Net\u011blesn\u00e1 bytost, j\u00ed\u017e se p\u0159isuzuje p\u016fsoben\u00ed ve sv\u011bt\u011b.\" tabindex=\"0\">duch<\/span> mu\u017ee; jeho \u017eensk\u00fdm prot\u011bj\u0161kem byla <em>Iuno<\/em>, kterou m\u011bla ka\u017ed\u00e1 \u017eena. Tak jako ka\u017ed\u00fd mu\u017e m\u011bl sv\u00e9ho g\u00e9nia, m\u011bla ka\u017ed\u00e1 \u017eena svou Iunu, a oba doprov\u00e1zely \u010dlov\u011bka od narozen\u00ed a\u017e po smrt.<\/p><p>Jm\u00e9no <em>Genius<\/em> souvis\u00ed jazykov\u011b se slovesem <em>gignere<\/em>, plodit, p\u0159iv\u00e1d\u011bt na sv\u011bt. Tato etymologie odkazuje na j\u00e1dro t\u00e9to p\u0159edstavy: Genius je s\u00edla, kter\u00e1 zt\u011bles\u0148uje \u017eivot a zejm\u00e9na plodivou schopnost mu\u017ee.<\/p><p>Byl \u00fazce spojen se svatebn\u00edm l\u016f\u017ekem, kter\u00e9 se proto naz\u00fdvalo <em>lectus genialis<\/em>. Bezstarostn\u00e9, radostn\u00e9 oslavov\u00e1n\u00ed se ozna\u010dovalo jako <em>indulgere genio<\/em>, tedy oddat se vlastn\u00edmu g\u00e9niovi, co\u017e se v n\u011bm\u010din\u011b oz\u00fdv\u00e1 ve slov\u011b genie\u00dfen (u\u017e\u00edvat si).<\/p><p>\u00dazk\u00e9 spojen\u00ed s jednotlivcem se projevovalo i na nejd\u016fle\u017eit\u011bj\u0161\u00edm sv\u00e1tku: Narozeniny, <em>dies natalis<\/em>, byly z\u00e1rove\u0148 sv\u00e1tkem osobn\u00edho g\u00e9nia.<\/p><p>Toho dne p\u0159in\u00e1\u0161el \u010dlov\u011bk sv\u00e9mu g\u00e9niovi nekrvav\u00e9 <span class=\"iwg-fachbegriff\" data-tooltip=\"Dar bo\u017estvu na projev vd\u011bku, prosby nebo \u00facty.\" tabindex=\"0\">ob\u011bti<\/span>, zejm\u00e9na v\u00edno, kadidlo a kv\u011btiny, a zdobil se. Genius byl tak n\u00e1bo\u017eensk\u00fdm referen\u010dn\u00edm bodem pro identitu a blaho jednotlivce.<\/p><p>B\u00e1d\u00e1n\u00ed diskutuje, zda byl genius p\u016fvodn\u011b ch\u00e1p\u00e1n sp\u00ed\u0161e jako vn\u011bj\u0161\u00ed ochrann\u00fd duch, nebo jako sou\u010d\u00e1st samotn\u00e9 osoby. Prameny ukazuj\u00ed ob\u011b pojet\u00ed vedle sebe. V ka\u017ed\u00e9m p\u0159\u00edpad\u011b genius nestoj\u00ed mimo \u010dlov\u011bka, n\u00fdbr\u017e je nej\u00fa\u017eeji spojen s jeho \u017eivotn\u00ed silou.<\/p>\t\t\t\t\t\t\t\t<\/div>\n\t\t\t\t<\/div>\n\t\t\t\t\t<\/div>\n\t\t\t\t<\/div>\n\t\t<div class=\"elementor-element elementor-element-cpcb60698 e-flex e-con-boxed e-con e-parent\" data-id=\"cpcb60698\" data-element_type=\"container\" data-e-type=\"container\">\n\t\t\t\t\t<div class=\"e-con-inner\">\n\t\t\t\t<div class=\"elementor-element elementor-element-cp747ad47 elementor-widget elementor-widget-heading\" data-id=\"cp747ad47\" data-element_type=\"widget\" data-e-type=\"widget\" data-widget_type=\"heading.default\">\n\t\t\t\t\t<h2 class=\"elementor-heading-title elementor-size-default\">Genius m\u00edst a spole\u010denstv\u00ed<\/h2>\t\t\t\t<\/div>\n\t\t<div class=\"elementor-element elementor-element-cp7b04ee0 e-con-full e-flex e-con e-child\" data-id=\"cp7b04ee0\" data-element_type=\"container\" data-e-type=\"container\">\n\t\t\t\t<div class=\"elementor-element elementor-element-cp0d0a7b1 elementor-widget elementor-widget-text-editor\" data-id=\"cp0d0a7b1\" data-element_type=\"widget\" data-e-type=\"widget\" data-widget_type=\"text-editor.default\">\n\t\t\t\t\t\t\t\t\t<p>Nad r\u00e1mec osobn\u00edho ochrann\u00e9ho duchapan\u00ed se vyvinula p\u0159edstava, \u017ee vlastn\u00edho g\u00e9nia maj\u00ed tak\u00e9 m\u00edsta, skupiny a instituce. Toto roz\u0161\u00ed\u0159en\u00ed je z hlediska n\u00e1bo\u017eensk\u00fdch d\u011bjin obzvl\u00e1\u0161t\u011b zaj\u00edmav\u00e9, proto\u017ee ukazuje, jak flexibiln\u011b \u0159\u00edmsk\u00e9 my\u0161len\u00ed s t\u00edmto konceptem zach\u00e1zelo.<\/p><p>Zn\u00e1m\u00fd je <em>Genius loci<\/em>, <span class=\"iwg-fachbegriff\" data-tooltip=\"Net\u011blesn\u00e1 bytost, j\u00ed\u017e se p\u0159isuzuje p\u016fsoben\u00ed ve sv\u011bt\u011b.\" tabindex=\"0\">duch<\/span> m\u00edsta. D\u016fm, <span class=\"iwg-fachbegriff\" data-tooltip=\"Svat\u00fd h\u00e1j, slou\u017e\u00edc\u00ed jako kultovn\u00ed m\u00edsto.\" tabindex=\"0\">h\u00e1j<\/span>, prameny, m\u011bsto mohly m\u00edt sv\u00e9ho g\u00e9nia, kter\u00fd dohl\u00ed\u017eel na zdar tohoto m\u00edsta.<\/p><p>V dom\u00e1c\u00edch svatyn\u00edch, <em>Lararia<\/em>, se genius hospod\u00e1\u0159e \u010dasto objevuje spole\u010dn\u011b s Lary a Pen\u00e1ty; na pompejsk\u00fdch n\u00e1st\u011bnn\u00fdch malb\u00e1ch je \u010dasto zobrazen jako ob\u011btuj\u00edc\u00ed postava zahalen\u00e1 do t\u00f3gy, n\u011bkdy po boku dvou Lar\u016f a hada, kter\u00fd zt\u011bles\u0148uje g\u00e9nia m\u00edsta.<\/p><p>Sv\u00e9ho g\u00e9nia m\u011blo i kolektivy. Existoval <em>Genius populi Romani<\/em>, genius \u0159\u00edmsk\u00e9ho lidu, <em>Genius<\/em> vojensk\u00fdch jednotek jako legi\u00ed a kohort, cech\u016f, trh\u016f a dokonce divadel.<\/p><p>Voj\u00e1ci vzty\u010dovali votivn\u00ed n\u00e1pisy g\u00e9niovi sv\u00e9 jednotky; takov\u00e9 n\u00e1pisy jsou rozpt\u00fdleny po cel\u00e9 \u0159\u00ed\u0161i a pat\u0159\u00ed k nejd\u016fle\u017eit\u011bj\u0161\u00edm sv\u011bdectv\u00edm o roz\u0161\u00ed\u0159en\u00ed tohoto kultu.<\/p><p>Toto rozmno\u017een\u00ed pojmu genius z n\u011bj u\u010dinilo jeden z nejrozs\u00e1hleji dosv\u011bd\u010den\u00fdch n\u00e1bo\u017eensk\u00fdch koncept\u016f \u0159\u00edmsk\u00e9ho ka\u017edodenn\u00edho \u017eivota. Umo\u017e\u0148ovalo p\u0159i\u0159adit vlastn\u00ed ochrannou moc t\u00e9m\u011b\u0159 ka\u017ed\u00e9 soci\u00e1ln\u00ed nebo prostorov\u00e9 jednotce, ani\u017e by bylo nutn\u00e9 pro ni vynal\u00e9zat novou pojmenovanou <span class=\"iwg-fachbegriff\" data-tooltip=\"Bytost uct\u00edvan\u00e1 jako bo\u017esk\u00e1 v r\u00e1mci n\u00e1bo\u017eenstv\u00ed.\" tabindex=\"0\">bo\u017estvo<\/span>.<\/p>\t\t\t\t\t\t\t\t<\/div>\n\t\t\t\t<\/div>\n\t\t\t\t\t<\/div>\n\t\t\t\t<\/div>\n\t\t<div class=\"elementor-element elementor-element-cpcd7f3af e-flex e-con-boxed e-con e-parent\" data-id=\"cpcd7f3af\" data-element_type=\"container\" data-e-type=\"container\">\n\t\t\t\t\t<div class=\"e-con-inner\">\n\t\t\t\t<div class=\"elementor-element elementor-element-cp83701b3 elementor-widget elementor-widget-heading\" data-id=\"cp83701b3\" data-element_type=\"widget\" data-e-type=\"widget\" data-widget_type=\"heading.default\">\n\t\t\t\t\t<h2 class=\"elementor-heading-title elementor-size-default\">Genius c\u00edsa\u0159e a politick\u00e9 n\u00e1bo\u017eenstv\u00ed<\/h2>\t\t\t\t<\/div>\n\t\t<div class=\"elementor-element elementor-element-cpdabaae1 e-con-full e-flex e-con e-child\" data-id=\"cpdabaae1\" data-element_type=\"container\" data-e-type=\"container\">\n\t\t\t\t<div class=\"elementor-element elementor-element-cp08bd109 elementor-widget elementor-widget-text-editor\" data-id=\"cp08bd109\" data-element_type=\"widget\" data-e-type=\"widget\" data-widget_type=\"text-editor.default\">\n\t\t\t\t\t\t\t\t\t<p>Zvl\u00e1\u0161t\u011b v\u00fdznamn\u00fd v\u00fdvoj p\u0159edstavovalo propojen\u00ed kultu genia s c\u00edsa\u0159stv\u00edm. Podle ofici\u00e1ln\u00edho \u0159\u00edmsk\u00e9ho ch\u00e1p\u00e1n\u00ed nemohl b\u00fdt \u017eij\u00edc\u00ed c\u00edsa\u0159 bez dal\u0161\u00edho uct\u00edv\u00e1n jako b\u016fh; to by bylo vn\u00edm\u00e1no jako opov\u00e1\u017elivost a form\u00e1ln\u011b to z\u016fst\u00e1valo vyhrazeno zem\u0159el\u00fdm vl\u00e1dc\u016fm, kter\u00e9 sen\u00e1t prohl\u00e1sil za bohy. Genius c\u00edsa\u0159e zde nab\u00edzel v\u00fdchodisko.<\/p><p>Uct\u00edv\u00e1n nebyl s\u00e1m c\u00edsa\u0159, n\u00fdbr\u017e jeho genius, tedy jeho osobn\u00ed ochrann\u00e1 a \u017eivotn\u00ed s\u00edla. Toto rozli\u0161en\u00ed umo\u017e\u0148ovalo panovnick\u00fd kult, kter\u00fd form\u00e1ln\u011b zachov\u00e1val n\u00e1bo\u017eenskou tradici.<\/p><p>Augustus tuto formu podporoval: p\u0159i reorganizaci \u0159\u00edmsk\u00fdch m\u011bstsk\u00fdch kult\u016f kolem roku 7 p\u0159. n. l. byl genius Augusta p\u0159idru\u017een k lar\u016fm k\u0159i\u017eovatek, <em>Lares Compitales<\/em>, tak\u017ee na ka\u017ed\u00e9 k\u0159i\u017eovatce byl spoluuct\u00edv\u00e1n i genius princepse.<\/p><p>P\u0159\u00edsaha na genia c\u00edsa\u0159e se stala jednou z nejz\u00e1vazn\u011bj\u0161\u00edch formul\u00ed ve\u0159ejn\u00e9ho \u017eivota. Jej\u00ed poru\u0161en\u00ed nebo odm\u00edtnut\u00ed m\u011blo politick\u00fd v\u00fdznam. P\u0159i pron\u00e1sledov\u00e1n\u00ed k\u0159es\u0165an\u016f hr\u00e1la konkr\u00e9tn\u00ed roli ot\u00e1zka, zda je n\u011bkdo ochoten ob\u011btovat geniovi c\u00edsa\u0159e, nebo\u0165 odm\u00edtnut\u00ed bylo hodnoceno jako neloj\u00e1lnost.<\/p><p>Kult genia tak ukazuje, jak se p\u016fvodn\u011b soukrom\u00e1 v\u00edra vzta\u017een\u00e1 k jednotliv\u00e9mu mu\u017ei mohla st\u00e1t n\u00e1strojem integrace \u0159\u00ed\u0161e. V\u011bdeck\u00fd v\u00fdzkum, nap\u0159\u00edklad pr\u00e1ce Duncana Fishwicka o panovnick\u00e9m kultu, tento v\u00fdvoj podrobn\u011b zmapoval a zd\u016fraz\u0148uje, \u017ee kult genia se roz\u0161\u00ed\u0159il tak \u0161iroce pr\u00e1v\u011b d\u00edky sv\u00e9 p\u0159izp\u016fsobivosti.<\/p>\t\t\t\t\t\t\t\t<\/div>\n\t\t\t\t<\/div>\n\t\t\t\t\t<\/div>\n\t\t\t\t<\/div>\n\t\t<div class=\"elementor-element elementor-element-cped3481e e-flex e-con-boxed e-con e-parent\" data-id=\"cped3481e\" data-element_type=\"container\" data-e-type=\"container\">\n\t\t\t\t\t<div class=\"e-con-inner\">\n\t\t\t\t<div class=\"elementor-element elementor-element-cpe35807e elementor-widget elementor-widget-heading\" data-id=\"cpe35807e\" data-element_type=\"widget\" data-e-type=\"widget\" data-widget_type=\"heading.default\">\n\t\t\t\t\t<h2 class=\"elementor-heading-title elementor-size-default\">Genius v um\u011bn\u00ed, n\u00e1pisech a pozd\u011bj\u0161\u00edm p\u0159e\u017e\u00edv\u00e1n\u00ed<\/h2>\t\t\t\t<\/div>\n\t\t<div class=\"elementor-element elementor-element-cp0c2ebf8 e-con-full e-flex e-con e-child\" data-id=\"cp0c2ebf8\" data-element_type=\"container\" data-e-type=\"container\">\n\t\t\t\t<div class=\"elementor-element elementor-element-cp2611286 elementor-widget elementor-widget-text-editor\" data-id=\"cp2611286\" data-element_type=\"widget\" data-e-type=\"widget\" data-widget_type=\"text-editor.default\">\n\t\t\t\t\t\t\t\t\t<p>Materi\u00e1ln\u00ed <span class=\"iwg-fachbegriff\" data-tooltip=\"P\u0159ed\u00e1v\u00e1n\u00ed znalost\u00ed a vypr\u00e1v\u011bn\u00ed nap\u0159\u00ed\u010d generacemi.\" tabindex=\"0\">tradice<\/span> t\u00fdkaj\u00edc\u00ed se genia je bohat\u00e1. Na reli\u00e9fech, minc\u00edch, n\u00e1st\u011bnn\u00fdch malb\u00e1ch a so\u0161k\u00e1ch se genius obvykle zobrazuje jako mu\u017e v t\u00f3ze, \u010dasto se zahalenou hlavou v gestu ob\u011btn\u00edka, s rohem hojnosti nebo ob\u011btn\u00ed miskou v ruce.<\/p><p>Genius spole\u010denstv\u00ed mohl b\u00fdt tak\u00e9 zobrazen jako mlad\u00edk s hradbovou korunou, podobn\u011b jako m\u011bstsk\u00e1 bohyn\u011b. Had, kter\u00fd se v lararij\u00edch objevuje vedle nebo pod obrazem genia, je pova\u017eov\u00e1n za zt\u011blesn\u011bn\u00ed ochrann\u00e9ho duch\u0430 domu a je zachov\u00e1n na \u0159ad\u011b pompejsk\u00fdch n\u00e1st\u011bnn\u00fdch maleb.<\/p><p>Votivn\u00ed n\u00e1pisy v\u011bnovan\u00e9 g\u00e9niovi se po\u010d\u00edtaj\u00ed na tis\u00edce. Sahaj\u00ed od <em>Genia<\/em> jednotliv\u00e9 osoby p\u0159es genia spolk\u016f, d\u00edlen a vojensk\u00fdch jednotek a\u017e po <em>Genia loci<\/em> cel\u00fdch provin\u010dn\u00edch m\u011bst.<\/p><p>Tyto n\u00e1pisy jsou z\u00e1sadn\u00edm pramenem, proto\u017ee ukazuj\u00ed, jak samoz\u0159ejm\u011b byl genius zakotven v ka\u017edodenn\u00edm \u017eivot\u011b v\u0161ech vrstev obyvatelstva, v\u010detn\u011b otrok\u016f a propu\u0161t\u011bnc\u016f, kte\u0159\u00ed uct\u00edvali vlastn\u00ed genia sv\u00fdch spolk\u016f.<\/p><p>Dozvuky tohoto pojmu jsou zna\u010dn\u00e9. V latinsk\u00e9 <span class=\"iwg-fachbegriff\" data-tooltip=\"P\u0159echodn\u00e9 obdob\u00ed mezi antikou a st\u0159edov\u011bkem, p\u0159ibli\u017en\u011b 3. a\u017e 7. stolet\u00ed.\" tabindex=\"0\">pozdn\u00ed antice<\/span> a ve st\u0159edov\u011bku se genius m\u00edsty spojoval s k\u0159es\u0165anskou p\u0159edstavou <span class=\"iwg-fachbegriff\" data-tooltip=\"And\u011bl, jemu\u017e je p\u0159isuzov\u00e1na ochrana konkr\u00e9tn\u00edho \u010dlov\u011bka.\" tabindex=\"0\">str\u00e1\u017en\u00e9ho and\u011bla<\/span>, m\u00edsty p\u0159etrval jako u\u010den\u00fd pojem.<\/p><p>V italsk\u00e9 renesanci a v ran\u00e9m novov\u011bku se jeho v\u00fdznam prom\u011bnil: z ochrann\u00e9ho ducha se stalo vrozen\u00e9 du\u0161evn\u00ed nad\u00e1n\u00ed, a nakonec vznikl modern\u00ed pojem g\u00e9nia jako tvo\u0159iv\u011b v\u00fdjime\u010dn\u00e9ho \u010dlov\u011bka.<\/p><p>Tento posun v\u00fdznamu je p\u0159\u00edkladem toho, jak n\u00e1bo\u017eensk\u00fd koncept <span class=\"iwg-fachbegriff\" data-tooltip=\"Epocha \u0159eck\u00e9 a \u0159\u00edmsk\u00e9 kultury, p\u0159ibli\u017en\u011b 800 p\u0159. n. l. a\u017e 600 n. l.\" tabindex=\"0\">antiky<\/span> d\u00e1le p\u016fsob\u00ed v evropsk\u00fdch d\u011bjin\u00e1ch my\u0161len\u00ed, ani\u017e by si zachoval sv\u016fj kultovn\u00ed p\u016fvod.<\/p>\t\t\t\t\t\t\t\t<\/div>\n\t\t\t\t<\/div>\n\t\t\t\t\t<\/div>\n\t\t\t\t<\/div>\n\t\t<div class=\"elementor-element elementor-element-36dd7469 e-flex e-con-boxed e-con e-parent\" data-id=\"36dd7469\" data-element_type=\"container\" data-e-type=\"container\">\n\t\t\t\t\t<div class=\"e-con-inner\">\n\t\t\t\t<div class=\"elementor-element elementor-element-13760ab4 elementor-widget elementor-widget-heading\" data-id=\"13760ab4\" data-element_type=\"widget\" data-e-type=\"widget\" data-widget_type=\"heading.default\">\n\t\t\t\t\t<h2 class=\"elementor-heading-title elementor-size-default\">Souvisej\u00edc\u00ed odkazy<\/h2>\t\t\t\t<\/div>\n\t\t<div class=\"elementor-element elementor-element-28c87796 e-con-full e-flex e-con e-child\" data-id=\"28c87796\" data-element_type=\"container\" data-e-type=\"container\">\n\t\t\t\t<div class=\"elementor-element elementor-element-5d6538df elementor-widget elementor-widget-text-editor\" data-id=\"5d6538df\" data-element_type=\"widget\" data-e-type=\"widget\" data-widget_type=\"text-editor.default\">\n\t\t\t\t\t\t\t\t\t<ul><li><a href=\"https:\/\/iwell-guard.com\/cs\/?page_id=145363\">Iuno, \u017eensk\u00fd prot\u011bj\u0161ek pro \u017eeny<\/a><\/li><li><a href=\"https:\/\/iwell-guard.com\/cs\/?page_id=145122\">\u0158\u00edmsk\u00e9 n\u00e1bo\u017eenstv\u00ed, celkov\u00fd kontext<\/a><\/li><\/ul>\t\t\t\t\t\t\t\t<\/div>\n\t\t\t\t<\/div>\n\t\t\t\t\t<\/div>\n\t\t\t\t<\/div>\n\t\t<div class=\"elementor-element elementor-element-grl4kl40 e-flex e-con-boxed e-con e-parent\" data-id=\"grl4kl40\" data-element_type=\"container\" data-e-type=\"container\">\n\t\t\t\t\t<div class=\"e-con-inner\">\n\t\t\t\t<div class=\"elementor-element elementor-element-bzsbfrmh elementor-widget elementor-widget-heading\" data-id=\"bzsbfrmh\" data-element_type=\"widget\" data-e-type=\"widget\" data-widget_type=\"heading.default\">\n\t\t\t\t\t<h2 class=\"elementor-heading-title elementor-size-default\">Odborn\u00e1 literatura<\/h2>\t\t\t\t<\/div>\n\t\t<div class=\"elementor-element elementor-element-2c13224a e-con-full e-flex e-con e-child\" data-id=\"2c13224a\" data-element_type=\"container\" data-e-type=\"container\">\n\t\t\t\t<div class=\"elementor-element elementor-element-0eymh9ub elementor-widget elementor-widget-text-editor\" data-id=\"0eymh9ub\" data-element_type=\"widget\" data-e-type=\"widget\" data-widget_type=\"text-editor.default\">\n\t\t\t\t\t\t\t\t\t<footer class=\"iwg-literatur\" data-nosnippet=\"true\"><ul><li><span data-nosnippet>Beard, Mary \/ North, John \/ Price, Simon: <em>Religions of Rome<\/em>. 2 Bde. Cambridge UP, Cambridge 1998.<\/span><\/li><li><span data-nosnippet>Scheid, John: <em>An Introduction to Roman Religion<\/em>. Edinburgh UP, Edinburgh 2003.<\/span><\/li><li><span data-nosnippet>Dum\u00e9zil, Georges: <em>La religion romaine archa\u00efque<\/em>. Payot, Paris 1974.<\/span><\/li><li><span data-nosnippet>Latte, Kurt: <em>R\u00f6mische Religionsgeschichte<\/em>. C.H. Beck, M\u00fcnchen 1960.<\/span><\/li><li><span data-nosnippet>Wissowa, Georg: <em>Religion und Kultus der R\u00f6mer<\/em>. Beck, M\u00fcnchen 1912.<\/span><\/li><li><span data-nosnippet>Orr, David G.: <em>Roman Domestic Religion: The Evidence of the Household Shrines<\/em>. ANRW II.16.2 (1978), 1557-1591.<\/span><\/li><\/ul><\/footer>\t\t\t\t\t\t\t\t<\/div>\n\t\t\t\t<\/div>\n\t\t\t\t\t<\/div>\n\t\t\t\t<\/div>\n\t\t<div class=\"elementor-element elementor-element-iwgkw2-add-geniusroemisch e-flex e-con-boxed e-con e-parent\" data-id=\"iwgkw2-add-geniusroemisch\" data-element_type=\"container\" data-e-type=\"container\">\n\t\t\t\t\t<div class=\"e-con-inner\">\n\t\t\t\t<div class=\"elementor-element elementor-element-iwgkw2-add-geniusroemisch-t elementor-widget elementor-widget-text-editor\" data-id=\"iwgkw2-add-geniusroemisch-t\" data-element_type=\"widget\" data-e-type=\"widget\" data-widget_type=\"text-editor.default\">\n\t\t\t\t\t\t\t\t\t<p>Genius v <em>\u0159\u00edmsk\u00e9m<\/em> pojet\u00ed ozna\u010duje osobn\u00edho ochrann\u00e9ho ducha mu\u017ee, kter\u00fd vznik\u00e1 s jeho narozen\u00edm a byl uct\u00edv\u00e1n v dom\u00e1c\u00edm kultu prost\u0159ednictv\u00edm ob\u011btn\u00edch dar\u016f v den narozen\u00ed a u lar\u00e1riov\u00fdch olt\u00e1\u0159\u016f.<\/p>\t\t\t\t\t\t\t\t<\/div>\n\t\t\t\t\t<\/div>\n\t\t\t\t<\/div>\n\t\t\t\t<\/div>\n\t\t","protected":false},"excerpt":{"rendered":"","protected":false},"author":3,"featured_media":1761,"parent":0,"menu_order":0,"comment_status":"closed","ping_status":"closed","template":"elementor_header_footer","meta":{"_yoast_wpseo_focuskw":"Genius","_yoast_wpseo_title":"Genius \u2013 \u0159\u00edmsk\u00fd ochrann\u00fd duch jednotlivce","_yoast_wpseo_metadesc":"Tradice Genia sah\u00e1 hluboko do d\u011bjin \u0158\u00edma, dolo\u017eena je od 1.","_yoast_wpseo_meta-robots-noindex":"","_yoast_wpseo_canonical":"","_angie_page":false,"gefaehrdungsstufe":"","wesen_kultur":"rom","wesen_klasse":"lichtwesen","footnotes":""},"categories":[],"class_list":["post-145391","page","type-page","status-publish","has-post-thumbnail","hentry"],"yoast_head":"<!-- This site is optimized with the Yoast SEO Premium plugin v27.7 (Yoast SEO v28.3) - https:\/\/yoast.com\/product\/yoast-seo-premium-wordpress\/ -->\n<title>Genius \u2013 \u0159\u00edmsk\u00fd ochrann\u00fd duch jednotlivce<\/title>\n<meta name=\"description\" content=\"Tradice Genia sah\u00e1 hluboko do d\u011bjin \u0158\u00edma, dolo\u017eena je od 1.\" \/>\n<meta name=\"robots\" content=\"index, follow, max-snippet:-1, max-image-preview:large, max-video-preview:-1\" \/>\n<link rel=\"canonical\" href=\"https:\/\/iwell-guard.com\/cs\/genius\/\" \/>\n<meta property=\"og:locale\" content=\"cs_CZ\" \/>\n<meta property=\"og:type\" content=\"article\" \/>\n<meta property=\"og:title\" content=\"Genius\" \/>\n<meta property=\"og:description\" content=\"Tradice Genia sah\u00e1 hluboko do d\u011bjin \u0158\u00edma, dolo\u017eena je od 1.\" \/>\n<meta property=\"og:url\" content=\"https:\/\/iwell-guard.com\/cs\/genius\/\" \/>\n<meta property=\"og:site_name\" content=\"iWell Guard\" \/>\n<meta property=\"article:modified_time\" content=\"2026-09-03T16:54:44+00:00\" \/>\n<meta property=\"og:image\" content=\"https:\/\/iwell-guard.com\/wp-content\/uploads\/2026\/04\/goetter_rom_genius.webp\" \/>\n\t<meta property=\"og:image:width\" content=\"1024\" \/>\n\t<meta property=\"og:image:height\" content=\"1536\" \/>\n\t<meta property=\"og:image:type\" content=\"image\/webp\" \/>\n<meta name=\"twitter:card\" content=\"summary_large_image\" \/>\n<script type=\"application\/ld+json\" class=\"yoast-schema-graph\">{\"@context\":\"https:\\\/\\\/schema.org\",\"@graph\":[{\"@type\":\"WebPage\",\"@id\":\"https:\\\/\\\/iwell-guard.com\\\/cs\\\/genius\\\/\",\"url\":\"https:\\\/\\\/iwell-guard.com\\\/cs\\\/genius\\\/\",\"name\":\"Genius \u2013 \u0159\u00edmsk\u00fd ochrann\u00fd duch jednotlivce\",\"isPartOf\":{\"@id\":\"https:\\\/\\\/iwell-guard.com\\\/cs\\\/#website\"},\"primaryImageOfPage\":{\"@id\":\"https:\\\/\\\/iwell-guard.com\\\/cs\\\/genius\\\/#primaryimage\"},\"image\":{\"@id\":\"https:\\\/\\\/iwell-guard.com\\\/cs\\\/genius\\\/#primaryimage\"},\"thumbnailUrl\":\"https:\\\/\\\/iwell-guard.com\\\/wp-content\\\/uploads\\\/2026\\\/04\\\/goetter_rom_genius.webp\",\"datePublished\":\"2026-09-03T16:29:52+00:00\",\"dateModified\":\"2026-09-03T16:54:44+00:00\",\"description\":\"Tradice Genia sah\u00e1 hluboko do d\u011bjin \u0158\u00edma, dolo\u017eena je od 1.\",\"breadcrumb\":{\"@id\":\"https:\\\/\\\/iwell-guard.com\\\/cs\\\/genius\\\/#breadcrumb\"},\"inLanguage\":\"cs\",\"potentialAction\":[{\"@type\":\"ReadAction\",\"target\":[\"https:\\\/\\\/iwell-guard.com\\\/cs\\\/genius\\\/\"]}]},{\"@type\":\"ImageObject\",\"inLanguage\":\"cs\",\"@id\":\"https:\\\/\\\/iwell-guard.com\\\/cs\\\/genius\\\/#primaryimage\",\"url\":\"https:\\\/\\\/iwell-guard.com\\\/wp-content\\\/uploads\\\/2026\\\/04\\\/goetter_rom_genius.webp\",\"contentUrl\":\"https:\\\/\\\/iwell-guard.com\\\/wp-content\\\/uploads\\\/2026\\\/04\\\/goetter_rom_genius.webp\",\"width\":1024,\"height\":1536,\"caption\":\"Bohov\u00e9 z \u0159\u00edmsk\u00e9 tradice.\"},{\"@type\":\"BreadcrumbList\",\"@id\":\"https:\\\/\\\/iwell-guard.com\\\/cs\\\/genius\\\/#breadcrumb\",\"itemListElement\":[{\"@type\":\"ListItem\",\"position\":1,\"name\":\"Start\",\"item\":\"https:\\\/\\\/iwell-guard.com\\\/cs\\\/?page_id=145107\"},{\"@type\":\"ListItem\",\"position\":2,\"name\":\"Genius\"}]},{\"@type\":\"WebSite\",\"@id\":\"https:\\\/\\\/iwell-guard.com\\\/cs\\\/#website\",\"url\":\"https:\\\/\\\/iwell-guard.com\\\/cs\\\/\",\"name\":\"iWell Guard\",\"description\":\"Schutz vor dunklen Einfl\u00fcssen\",\"publisher\":{\"@id\":\"https:\\\/\\\/iwell-guard.com\\\/cs\\\/#organization\"},\"potentialAction\":[{\"@type\":\"SearchAction\",\"target\":{\"@type\":\"EntryPoint\",\"urlTemplate\":\"https:\\\/\\\/iwell-guard.com\\\/cs\\\/?s={search_term_string}\"},\"query-input\":{\"@type\":\"PropertyValueSpecification\",\"valueRequired\":true,\"valueName\":\"search_term_string\"}}],\"inLanguage\":\"cs\"},{\"@type\":\"Organization\",\"@id\":\"https:\\\/\\\/iwell-guard.com\\\/cs\\\/#organization\",\"name\":\"Ittermann electronic GmbH\",\"url\":\"https:\\\/\\\/iwell-guard.com\\\/cs\\\/\",\"logo\":{\"@type\":\"ImageObject\",\"inLanguage\":\"cs\",\"@id\":\"https:\\\/\\\/iwell-guard.com\\\/cs\\\/#\\\/schema\\\/logo\\\/image\\\/\",\"url\":\"https:\\\/\\\/iwell-guard.com\\\/wp-content\\\/uploads\\\/2026\\\/05\\\/Ittermann-Logo-1182x237-1.png\",\"contentUrl\":\"https:\\\/\\\/iwell-guard.com\\\/wp-content\\\/uploads\\\/2026\\\/05\\\/Ittermann-Logo-1182x237-1.png\",\"width\":1182,\"height\":237,\"caption\":\"Ittermann electronic GmbH\"},\"image\":{\"@id\":\"https:\\\/\\\/iwell-guard.com\\\/cs\\\/#\\\/schema\\\/logo\\\/image\\\/\"},\"sameAs\":[\"https:\\\/\\\/pantip.com\\\/profile\\\/9367242\",\"https:\\\/\\\/micro.blog\\\/iwellguard\",\"https:\\\/\\\/www.diggerslist.com\\\/iwellguard\\\/about\",\"https:\\\/\\\/skitterphoto.com\\\/photographers\\\/2870314\\\/iwell-guard\",\"https:\\\/\\\/iwellguard.wordpress.com\\\/2026\\\/06\\\/06\\\/iwell-guard\\\/\",\"https:\\\/\\\/hub.docker.com\\\/u\\\/iwellguard\",\"https:\\\/\\\/www.pinterest.com\\\/iwellguard\\\/\",\"https:\\\/\\\/bit.ly\\\/m\\\/iwellguard\",\"https:\\\/\\\/entre-vos-mains.alsace.eu\\\/profiles\\\/iwellguard\\\/activity\",\"https:\\\/\\\/gravatar.com\\\/reallybeded8fd34\",\"https:\\\/\\\/naijamatta.com\\\/iwellguard\",\"https:\\\/\\\/www.goodreads.com\\\/iwellguard\",\"https:\\\/\\\/profile.hatena.ne.jp\\\/iwellguard\\\/\",\"https:\\\/\\\/experiment.com\\\/users\\\/iwellguard\",\"https:\\\/\\\/wakelet.com\\\/@iWellGuard82270\",\"https:\\\/\\\/www.chordie.com\\\/forum\\\/profile.php?id=2555664\",\"https:\\\/\\\/www.instapaper.com\\\/p\\\/17757966\",\"https:\\\/\\\/www.mapleprimes.com\\\/users\\\/iwellguard\",\"https:\\\/\\\/businesslistingplus.com\\\/profile\\\/iwell-guard\\\/\",\"https:\\\/\\\/telegra.ph\\\/iWell-Guard-06-06\",\"https:\\\/\\\/pbase.com\\\/iwellguard\\\/iwellguard\",\"https:\\\/\\\/b.hatena.ne.jp\\\/iwellguard\\\/20260607#bookmark-4788405196491818882\",\"https:\\\/\\\/fliphtml5.com\\\/home\\\/iwellguard\",\"https:\\\/\\\/anyflip.com\\\/homepage\\\/cmiwl#About\",\"https:\\\/\\\/transfur.com\\\/Users\\\/iwellguard\",\"http:\\\/\\\/delphi.larsbo.org\\\/user\\\/iwellguard\",\"https:\\\/\\\/jobs.lajobsportal.org\\\/profiles\\\/8380803-iwell-guard\",\"https:\\\/\\\/md.chaosdorf.de\\\/s\\\/jfbe5SBdJD\",\"https:\\\/\\\/www.lingvolive.com\\\/en-us\\\/profile\\\/9ecaeaca-ce11-4e51-9e71-01d55e2bff36\\\/translations\",\"https:\\\/\\\/www.fitday.com\\\/fitness\\\/forums\\\/members\\\/iwellguard.html\",\"https:\\\/\\\/www.mymeetbook.com\\\/iwellguard\",\"https:\\\/\\\/pxhere.com\\\/en\\\/photographer-me\\\/5040798\",\"https:\\\/\\\/disqus.com\\\/by\\\/iwellguard\\\/about\\\/\",\"https:\\\/\\\/pastelink.net\\\/hjwciqwq\",\"https:\\\/\\\/pubhtml5.com\\\/homepage\\\/scjhn\\\/\",\"https:\\\/\\\/www.bitchute.com\\\/channel\\\/2O2eOKzNqujT\",\"https:\\\/\\\/audiomack.com\\\/iwellguard\"]},{\"@type\":\"Article\",\"@id\":\"https:\\\/\\\/iwell-guard.com\\\/cs\\\/genius\\\/#article\",\"isPartOf\":{\"@id\":\"https:\\\/\\\/iwell-guard.com\\\/cs\\\/genius\\\/\"},\"author\":{\"name\":\"Ralf Ittermann\",\"@id\":\"https:\\\/\\\/iwell-guard.com\\\/cs\\\/#\\\/schema\\\/person\\\/ee2a27f1cac3406c7c6fb5820cb7349f\"},\"headline\":\"Genius\",\"datePublished\":\"2026-09-03T16:29:52+00:00\",\"dateModified\":\"2026-09-03T16:54:44+00:00\",\"mainEntityOfPage\":{\"@id\":\"https:\\\/\\\/iwell-guard.com\\\/cs\\\/genius\\\/\"},\"publisher\":{\"@id\":\"https:\\\/\\\/iwell-guard.com\\\/cs\\\/#organization\"},\"image\":{\"@id\":\"https:\\\/\\\/iwell-guard.com\\\/cs\\\/genius\\\/#primaryimage\"},\"thumbnailUrl\":\"https:\\\/\\\/iwell-guard.com\\\/wp-content\\\/uploads\\\/2026\\\/04\\\/goetter_rom_genius.webp\",\"inLanguage\":\"cs\",\"description\":\"Tradice Genia sah\u00e1 hluboko do d\u011bjin \u0158\u00edma, dolo\u017eena je od 1.\"}]}<\/script>\n<!-- \/ Yoast SEO Premium plugin. -->","yoast_head_json":{"title":"Genius \u2013 \u0159\u00edmsk\u00fd ochrann\u00fd duch jednotlivce","description":"Tradice Genia sah\u00e1 hluboko do d\u011bjin \u0158\u00edma, dolo\u017eena je od 1.","robots":{"index":"index","follow":"follow","max-snippet":"max-snippet:-1","max-image-preview":"max-image-preview:large","max-video-preview":"max-video-preview:-1"},"canonical":"https:\/\/iwell-guard.com\/cs\/genius\/","og_locale":"cs_CZ","og_type":"article","og_title":"Genius","og_description":"Tradice Genia sah\u00e1 hluboko do d\u011bjin \u0158\u00edma, dolo\u017eena je od 1.","og_url":"https:\/\/iwell-guard.com\/cs\/genius\/","og_site_name":"iWell Guard","article_modified_time":"2026-09-03T16:54:44+00:00","og_image":[{"width":1024,"height":1536,"url":"https:\/\/iwell-guard.com\/wp-content\/uploads\/2026\/04\/goetter_rom_genius.webp","type":"image\/webp"}],"twitter_card":"summary_large_image","schema":{"@context":"https:\/\/schema.org","@graph":[{"@type":"Article","@id":"https:\/\/iwell-guard.com\/cs\/genius\/#article","isPartOf":{"@id":"https:\/\/iwell-guard.com\/cs\/genius\/"},"author":{"name":"Ralf Ittermann","@id":"https:\/\/iwell-guard.com\/cs\/#\/schema\/person\/ee2a27f1cac3406c7c6fb5820cb7349f"},"headline":"Genius","datePublished":"2026-09-03T16:29:52+00:00","dateModified":"2026-09-03T16:54:44+00:00","mainEntityOfPage":{"@id":"https:\/\/iwell-guard.com\/cs\/genius\/"},"publisher":{"@id":"https:\/\/iwell-guard.com\/cs\/#organization"},"image":{"@id":"https:\/\/iwell-guard.com\/cs\/genius\/#primaryimage"},"thumbnailUrl":"https:\/\/iwell-guard.com\/wp-content\/uploads\/2026\/04\/goetter_rom_genius.webp","inLanguage":"cs","description":"Tradice Genia sah\u00e1 hluboko do d\u011bjin \u0158\u00edma, dolo\u017eena je od 1."},{"@type":"WebPage","@id":"https:\/\/iwell-guard.com\/cs\/genius\/","url":"https:\/\/iwell-guard.com\/cs\/genius\/","name":"Genius \u2013 \u0159\u00edmsk\u00fd ochrann\u00fd duch jednotlivce","isPartOf":{"@id":"https:\/\/iwell-guard.com\/cs\/#website"},"primaryImageOfPage":{"@id":"https:\/\/iwell-guard.com\/cs\/genius\/#primaryimage"},"image":{"@id":"https:\/\/iwell-guard.com\/cs\/genius\/#primaryimage"},"thumbnailUrl":"https:\/\/iwell-guard.com\/wp-content\/uploads\/2026\/04\/goetter_rom_genius.webp","datePublished":"2026-09-03T16:29:52+00:00","dateModified":"2026-09-03T16:54:44+00:00","description":"Tradice Genia sah\u00e1 hluboko do d\u011bjin \u0158\u00edma, dolo\u017eena je od 1.","breadcrumb":{"@id":"https:\/\/iwell-guard.com\/cs\/genius\/#breadcrumb"},"inLanguage":"cs","potentialAction":[{"@type":"ReadAction","target":["https:\/\/iwell-guard.com\/cs\/genius\/"]}]},{"@type":"ImageObject","inLanguage":"cs","@id":"https:\/\/iwell-guard.com\/cs\/genius\/#primaryimage","url":"https:\/\/iwell-guard.com\/wp-content\/uploads\/2026\/04\/goetter_rom_genius.webp","contentUrl":"https:\/\/iwell-guard.com\/wp-content\/uploads\/2026\/04\/goetter_rom_genius.webp","width":1024,"height":1536,"caption":"Bohov\u00e9 z \u0159\u00edmsk\u00e9 tradice."},{"@type":"BreadcrumbList","@id":"https:\/\/iwell-guard.com\/cs\/genius\/#breadcrumb","itemListElement":[{"@type":"ListItem","position":1,"name":"Start","item":"https:\/\/iwell-guard.com\/cs\/?page_id=145107"},{"@type":"ListItem","position":2,"name":"Genius"}]},{"@type":"WebSite","@id":"https:\/\/iwell-guard.com\/cs\/#website","url":"https:\/\/iwell-guard.com\/cs\/","name":"iWell Guard","description":"Schutz vor dunklen Einfl\u00fcssen","publisher":{"@id":"https:\/\/iwell-guard.com\/cs\/#organization"},"potentialAction":[{"@type":"SearchAction","target":{"@type":"EntryPoint","urlTemplate":"https:\/\/iwell-guard.com\/cs\/?s={search_term_string}"},"query-input":{"@type":"PropertyValueSpecification","valueRequired":true,"valueName":"search_term_string"}}],"inLanguage":"cs"},{"@type":"Organization","@id":"https:\/\/iwell-guard.com\/cs\/#organization","name":"Ittermann electronic GmbH","url":"https:\/\/iwell-guard.com\/cs\/","logo":{"@type":"ImageObject","inLanguage":"cs","@id":"https:\/\/iwell-guard.com\/cs\/#\/schema\/logo\/image\/","url":"https:\/\/iwell-guard.com\/wp-content\/uploads\/2026\/05\/Ittermann-Logo-1182x237-1.png","contentUrl":"https:\/\/iwell-guard.com\/wp-content\/uploads\/2026\/05\/Ittermann-Logo-1182x237-1.png","width":1182,"height":237,"caption":"Ittermann electronic GmbH"},"image":{"@id":"https:\/\/iwell-guard.com\/cs\/#\/schema\/logo\/image\/"},"sameAs":["https:\/\/pantip.com\/profile\/9367242","https:\/\/micro.blog\/iwellguard","https:\/\/www.diggerslist.com\/iwellguard\/about","https:\/\/skitterphoto.com\/photographers\/2870314\/iwell-guard","https:\/\/iwellguard.wordpress.com\/2026\/06\/06\/iwell-guard\/","https:\/\/hub.docker.com\/u\/iwellguard","https:\/\/www.pinterest.com\/iwellguard\/","https:\/\/bit.ly\/m\/iwellguard","https:\/\/entre-vos-mains.alsace.eu\/profiles\/iwellguard\/activity","https:\/\/gravatar.com\/reallybeded8fd34","https:\/\/naijamatta.com\/iwellguard","https:\/\/www.goodreads.com\/iwellguard","https:\/\/profile.hatena.ne.jp\/iwellguard\/","https:\/\/experiment.com\/users\/iwellguard","https:\/\/wakelet.com\/@iWellGuard82270","https:\/\/www.chordie.com\/forum\/profile.php?id=2555664","https:\/\/www.instapaper.com\/p\/17757966","https:\/\/www.mapleprimes.com\/users\/iwellguard","https:\/\/businesslistingplus.com\/profile\/iwell-guard\/","https:\/\/telegra.ph\/iWell-Guard-06-06","https:\/\/pbase.com\/iwellguard\/iwellguard","https:\/\/b.hatena.ne.jp\/iwellguard\/20260607#bookmark-4788405196491818882","https:\/\/fliphtml5.com\/home\/iwellguard","https:\/\/anyflip.com\/homepage\/cmiwl#About","https:\/\/transfur.com\/Users\/iwellguard","http:\/\/delphi.larsbo.org\/user\/iwellguard","https:\/\/jobs.lajobsportal.org\/profiles\/8380803-iwell-guard","https:\/\/md.chaosdorf.de\/s\/jfbe5SBdJD","https:\/\/www.lingvolive.com\/en-us\/profile\/9ecaeaca-ce11-4e51-9e71-01d55e2bff36\/translations","https:\/\/www.fitday.com\/fitness\/forums\/members\/iwellguard.html","https:\/\/www.mymeetbook.com\/iwellguard","https:\/\/pxhere.com\/en\/photographer-me\/5040798","https:\/\/disqus.com\/by\/iwellguard\/about\/","https:\/\/pastelink.net\/hjwciqwq","https:\/\/pubhtml5.com\/homepage\/scjhn\/","https:\/\/www.bitchute.com\/channel\/2O2eOKzNqujT","https:\/\/audiomack.com\/iwellguard"]},{"@type":"Person","@id":"https:\/\/iwell-guard.com\/cs\/#\/schema\/person\/ee2a27f1cac3406c7c6fb5820cb7349f","name":"Ralf Ittermann","image":{"@type":"ImageObject","inLanguage":"cs","@id":"https:\/\/secure.gravatar.com\/avatar\/073c0153e350a5005b68eb752b445fea71f6b24a26da9449ad7e155e6b446c9d?s=96&d=mm&r=g","url":"https:\/\/secure.gravatar.com\/avatar\/073c0153e350a5005b68eb752b445fea71f6b24a26da9449ad7e155e6b446c9d?s=96&d=mm&r=g","contentUrl":"https:\/\/secure.gravatar.com\/avatar\/073c0153e350a5005b68eb752b445fea71f6b24a26da9449ad7e155e6b446c9d?s=96&d=mm&r=g","caption":"Ralf Ittermann"},"givenName":"Ralf","familyName":"Ittermann","jobTitle":"Gesch\u00e4ftsf\u00fchrer und redaktioneller Verantwortlicher","url":"https:\/\/iwell-guard.com\/cs\/author\/claude\/","description":"Ralf Ittermann ist Gesch\u00e4ftsf\u00fchrer der Ittermann electronic GmbH und redaktioneller Verantwortlicher des iWell-Guard-Lexikons. Er verbindet langj\u00e4hrige Erfahrung in der Pr\u00e4zisionsfertigung mit medialer Praxis und religionsgeschichtlicher Quellenarbeit.","worksFor":{"@type":"Organization","name":"Ittermann electronic GmbH","url":"https:\/\/ittermann.de\/","address":{"@type":"PostalAddress","streetAddress":"K\u00f6hlergasse 16-18","postalCode":"99842","addressLocality":"Ruhla","addressCountry":"DE"}},"knowsAbout":["Religionsgeschichte","Mythologie","Mediale Praxis","Energetische Diagnostik","Schutzpraxis","Volksglauben","Westliche Esoterik"]},{"@type":"Article","@id":"https:\/\/iwell-guard.com\/cs\/genius\/#article","isPartOf":{"@id":"https:\/\/iwell-guard.com\/cs\/genius\/"},"author":{"name":"Ralf Ittermann","@id":"https:\/\/iwell-guard.com\/cs\/#\/schema\/person\/ee2a27f1cac3406c7c6fb5820cb7349f"},"headline":"Genius","datePublished":"2026-09-03T16:29:52+00:00","dateModified":"2026-09-03T16:54:44+00:00","mainEntityOfPage":{"@id":"https:\/\/iwell-guard.com\/cs\/genius\/"},"publisher":{"@id":"https:\/\/iwell-guard.com\/cs\/#organization"},"image":{"@id":"https:\/\/iwell-guard.com\/cs\/genius\/#primaryimage"},"thumbnailUrl":"https:\/\/iwell-guard.com\/wp-content\/uploads\/2026\/04\/goetter_rom_genius.webp","inLanguage":"cs","description":"Tradice Genia sah\u00e1 hluboko do d\u011bjin \u0158\u00edma, dolo\u017eena je od 1."}]}},"_links":{"self":[{"href":"https:\/\/iwell-guard.com\/cs\/wp-json\/wp\/v2\/pages\/145391","targetHints":{"allow":["GET"]}}],"collection":[{"href":"https:\/\/iwell-guard.com\/cs\/wp-json\/wp\/v2\/pages"}],"about":[{"href":"https:\/\/iwell-guard.com\/cs\/wp-json\/wp\/v2\/types\/page"}],"author":[{"embeddable":true,"href":"https:\/\/iwell-guard.com\/cs\/wp-json\/wp\/v2\/users\/3"}],"replies":[{"embeddable":true,"href":"https:\/\/iwell-guard.com\/cs\/wp-json\/wp\/v2\/comments?post=145391"}],"version-history":[{"count":0,"href":"https:\/\/iwell-guard.com\/cs\/wp-json\/wp\/v2\/pages\/145391\/revisions"}],"wp:featuredmedia":[{"embeddable":true,"href":"https:\/\/iwell-guard.com\/cs\/wp-json\/wp\/v2\/media\/1761"}],"wp:attachment":[{"href":"https:\/\/iwell-guard.com\/cs\/wp-json\/wp\/v2\/media?parent=145391"}],"wp:term":[{"taxonomy":"category","embeddable":true,"href":"https:\/\/iwell-guard.com\/cs\/wp-json\/wp\/v2\/categories?post=145391"}],"curies":[{"name":"wp","href":"https:\/\/api.w.org\/{rel}","templated":true}]}}