{"id":145388,"date":"2026-09-03T16:29:50","date_gmt":"2026-09-03T16:29:50","guid":{"rendered":"https:\/\/iwell-guard.com\/?page_id=145388"},"modified":"2026-09-03T16:54:39","modified_gmt":"2026-09-03T16:54:39","slug":"leanan-sidhe","status":"publish","type":"page","link":"https:\/\/iwell-guard.com\/cs\/leanan-sidhe\/","title":{"rendered":"Leanan Sidhe"},"content":{"rendered":"\t\t<div data-elementor-type=\"wp-page\" data-elementor-id=\"145388\" class=\"elementor elementor-145388 elementor-2189 elementor-bc-flex-widget\" data-elementor-post-type=\"page\">\n\t\t\t\t<div class=\"elementor-element elementor-element-10fdade e-flex e-con-boxed e-con e-parent\" data-id=\"10fdade\" data-element_type=\"container\" data-e-type=\"container\" data-settings=\"{&quot;background_background&quot;:&quot;classic&quot;}\">\n\t\t\t\t\t<div class=\"e-con-inner\">\n\t\t<div class=\"elementor-element elementor-element-herohlft0 e-flex e-con-boxed e-con e-child\" data-id=\"herohlft0\" data-element_type=\"container\" data-e-type=\"container\">\n\t\t\t\t\t<div class=\"e-con-inner\">\n\t\t<div class=\"elementor-element elementor-element-c3ceb64 e-con-full e-flex e-con e-child\" data-id=\"c3ceb64\" data-element_type=\"container\" data-e-type=\"container\">\n\t\t\t\t<div class=\"elementor-element elementor-element-96ae5e1 elementor-widget elementor-widget-heading\" data-id=\"96ae5e1\" data-element_type=\"widget\" data-e-type=\"widget\" data-widget_type=\"heading.default\">\n\t\t\t\t\t<h1 class=\"elementor-heading-title elementor-size-default\">Leanan Sidhe, duch keltsk\u00e9 tradice<\/h1>\t\t\t\t<\/div>\n\t\t\t\t<div class=\"elementor-element elementor-element-e45238a elementor-widget elementor-widget-text-editor\" data-id=\"e45238a\" data-element_type=\"widget\" data-e-type=\"widget\" data-widget_type=\"text-editor.default\">\n\t\t\t\t\t\t\t\t\t<p>Leanan Sidhe je <span class=\"iwg-fachbegriff\" data-tooltip=\"Net\u011blesn\u00e1 bytost, j\u00ed\u017e se p\u0159isuzuje p\u016fsoben\u00ed ve sv\u011bt\u011b.\" tabindex=\"0\">duch<\/span> keltsk\u00e9 tradice, nadp\u0159irozen\u00e1 \u017eena nebo F\u00e9in, kter\u00e1 se zjevuje b\u00e1sn\u00edk\u016fm a um\u011blc\u016fm, inspiruje je a z\u00e1rove\u0148 je vys\u00e1v\u00e1. Z n\u00e1bo\u017eensko-historick\u00e9ho hlediska p\u0159edstavuje typ \u00bbv\u00edl\u00ed milenky\u00ab, postavu p\u0159ekra\u010duj\u00edc\u00ed hranici mezi lidsk\u00fdm sv\u011btem a On\u00edm sv\u011btem.<\/p>\t\t\t\t\t\t\t\t<\/div>\n\t\t\t\t<\/div>\n\t\t<div class=\"elementor-element elementor-element-klsbdg01 e-con-full e-flex e-con e-parent\" data-id=\"klsbdg01\" data-element_type=\"container\" data-e-type=\"container\">\n\t\t\t\t<div class=\"elementor-element elementor-element-klshtm01 elementor-widget elementor-widget-html\" data-id=\"klshtm01\" data-element_type=\"widget\" data-e-type=\"widget\" data-widget_type=\"html.default\">\n\t\t\t\t\t<div class=\"iwg-pill-row\"><span class=\"iwg-klasse-badge\" tabindex=\"0\" data-tooltip=\"Duch: Net\u011blesn\u00e1 nebo \u010d\u00e1ste\u010dn\u011b t\u011blesn\u00e1 bytost, zesnul\u00ed, p\u0159\u00edrodn\u00ed bytosti, dom\u00e1c\u00ed duchov\u00e9 nebo str\u00e1\u017eci prah\u016f. P\u016fsob\u00ed v b\u011b\u017en\u00e9m \u017eivot\u011b, \u010dasto v\u00e1zan\u00e1 na m\u00edsta nebo rodiny.\">Duch<\/span><a href=\"https:\/\/iwell-guard.com\/cs\/?page_id=145142\" class=\"iwg-kultur-badge\" tabindex=\"0\" data-tooltip=\"Keltsk\u00e9 n\u00e1bo\u017eenstv\u00ed z\u00e1padn\u00ed Evropy a Britsk\u00fdch ostrov\u016f, mytologicky dochovan\u00e9 prost\u0159ednictv\u00edm irsko-vel\u0161sk\u00fdch text\u016f.\">Keltsk\u00e1<\/a><\/div>\t\t\t\t<\/div>\n\t\t\t\t<\/div>\n\t\t<div class=\"elementor-element elementor-element-3f74855 e-con-full e-flex e-con e-child\" data-id=\"3f74855\" data-element_type=\"container\" data-e-type=\"container\">\n\t\t\t\t<div class=\"elementor-element elementor-element-1c30362 elementor-toc--minimized-on-tablet elementor-widget elementor-widget-table-of-contents\" data-id=\"1c30362\" data-element_type=\"widget\" data-e-type=\"widget\" data-settings=\"{&quot;exclude_headings_by_selector&quot;:[],&quot;no_headings_message&quot;:&quot;Na t\\u00e9to str\\u00e1nce nebyly nalezeny \\u017e\\u00e1dn\\u00e9 nadpisy.&quot;,&quot;headings_by_tags&quot;:[&quot;h2&quot;,&quot;h3&quot;],&quot;marker_view&quot;:&quot;bullets&quot;,&quot;minimize_box&quot;:&quot;yes&quot;,&quot;icon&quot;:{&quot;value&quot;:&quot;fas fa-circle&quot;,&quot;library&quot;:&quot;fa-solid&quot;,&quot;rendered_tag&quot;:&quot;&lt;svg class=\\&quot;e-font-icon-svg e-fas-circle\\&quot; viewBox=\\&quot;0 0 512 512\\&quot; xmlns=\\&quot;http:\\\/\\\/www.w3.org\\\/2000\\\/svg\\&quot;&gt;&lt;path d=\\&quot;M256 8C119 8 8 119 8 256s111 248 248 248 248-111 248-248S393 8 256 8z\\&quot;&gt;&lt;\\\/path&gt;&lt;\\\/svg&gt;&quot;},&quot;minimized_on&quot;:&quot;tablet&quot;,&quot;hierarchical_view&quot;:&quot;yes&quot;,&quot;min_height&quot;:{&quot;unit&quot;:&quot;px&quot;,&quot;size&quot;:&quot;&quot;,&quot;sizes&quot;:[]},&quot;min_height_tablet&quot;:{&quot;unit&quot;:&quot;px&quot;,&quot;size&quot;:&quot;&quot;,&quot;sizes&quot;:[]},&quot;min_height_mobile&quot;:{&quot;unit&quot;:&quot;px&quot;,&quot;size&quot;:&quot;&quot;,&quot;sizes&quot;:[]}}\" data-widget_type=\"table-of-contents.default\">\n\t\t\t\t\t\t\t\t\t<div class=\"elementor-toc__header\">\n\t\t\t\t\t\t<h2 class=\"elementor-toc__header-title\">\n\t\t\t\tObsah\t\t\t<\/h2>\n\t\t\t\t\t\t\t\t\t\t<div class=\"elementor-toc__toggle-button elementor-toc__toggle-button--expand\" role=\"button\" tabindex=\"0\" aria-controls=\"elementor-toc__1c30362\" aria-expanded=\"true\" aria-label=\"Open table of contents\"><svg aria-hidden=\"true\" class=\"e-font-icon-svg e-fas-chevron-down\" viewBox=\"0 0 448 512\" xmlns=\"http:\/\/www.w3.org\/2000\/svg\"><path d=\"M207.029 381.476L12.686 187.132c-9.373-9.373-9.373-24.569 0-33.941l22.667-22.667c9.357-9.357 24.522-9.375 33.901-.04L224 284.505l154.745-154.021c9.379-9.335 24.544-9.317 33.901.04l22.667 22.667c9.373 9.373 9.373 24.569 0 33.941L240.971 381.476c-9.373 9.372-24.569 9.372-33.942 0z\"><\/path><\/svg><\/div>\n\t\t\t\t<div class=\"elementor-toc__toggle-button elementor-toc__toggle-button--collapse\" role=\"button\" tabindex=\"0\" aria-controls=\"elementor-toc__1c30362\" aria-expanded=\"true\" aria-label=\"Close table of contents\"><svg aria-hidden=\"true\" class=\"e-font-icon-svg e-fas-chevron-up\" viewBox=\"0 0 448 512\" xmlns=\"http:\/\/www.w3.org\/2000\/svg\"><path d=\"M240.971 130.524l194.343 194.343c9.373 9.373 9.373 24.569 0 33.941l-22.667 22.667c-9.357 9.357-24.522 9.375-33.901.04L224 227.495 69.255 381.516c-9.379 9.335-24.544 9.317-33.901-.04l-22.667-22.667c-9.373-9.373-9.373-24.569 0-33.941L207.03 130.525c9.372-9.373 24.568-9.373 33.941-.001z\"><\/path><\/svg><\/div>\n\t\t\t\t\t<\/div>\n\t\t\t\t<div id=\"elementor-toc__1c30362\" class=\"elementor-toc__body\">\n\t\t\t<div class=\"elementor-toc__spinner-container\">\n\t\t\t\t<svg class=\"elementor-toc__spinner eicon-animation-spin e-font-icon-svg e-eicon-loading\" aria-hidden=\"true\" viewBox=\"0 0 1000 1000\" xmlns=\"http:\/\/www.w3.org\/2000\/svg\"><path d=\"M500 975V858C696 858 858 696 858 500S696 142 500 142 142 304 142 500H25C25 237 238 25 500 25S975 237 975 500 763 975 500 975Z\"><\/path><\/svg>\t\t\t<\/div>\n\t\t<\/div>\n\t\t\t\t\t\t<\/div>\n\t\t\t\t<\/div>\n\t\t\t\t\t<\/div>\n\t\t\t\t<\/div>\n\t\t<div class=\"elementor-element elementor-element-herorght0 e-con-full e-flex e-con e-child\" data-id=\"herorght0\" data-element_type=\"container\" data-e-type=\"container\">\n\t\t\t\t<div class=\"elementor-element elementor-element-heroimg00 iwg-hero-image elementor-widget elementor-widget-image\" data-id=\"heroimg00\" data-element_type=\"widget\" data-e-type=\"widget\" data-widget_type=\"image.default\">\n\t\t\t\t\t\t\t\t\t\t\t\t\t\t\t<img fetchpriority=\"high\" decoding=\"async\" width=\"683\" height=\"1024\" src=\"https:\/\/iwell-guard.com\/wp-content\/uploads\/2026\/04\/geister_keltisch_leanan-sidhe-683x1024.webp\" class=\"attachment-large size-large wp-image-1612\" alt=\"Leanan Sidhe\" srcset=\"https:\/\/iwell-guard.com\/wp-content\/uploads\/2026\/04\/geister_keltisch_leanan-sidhe-683x1024.webp 683w, https:\/\/iwell-guard.com\/wp-content\/uploads\/2026\/04\/geister_keltisch_leanan-sidhe-200x300.webp 200w, https:\/\/iwell-guard.com\/wp-content\/uploads\/2026\/04\/geister_keltisch_leanan-sidhe-768x1152.webp 768w, https:\/\/iwell-guard.com\/wp-content\/uploads\/2026\/04\/geister_keltisch_leanan-sidhe.webp 1024w\" sizes=\"(max-width: 683px) 100vw, 683px\" \/>\t\t\t\t\t\t\t\t\t\t\t\t\t\t\t<\/div>\n\t\t\t\t<\/div>\n\t\t\t\t\t<\/div>\n\t\t\t\t<\/div>\n\t\t<div class=\"elementor-element elementor-element-32917199 e-flex e-con-boxed e-con e-parent\" data-id=\"32917199\" data-element_type=\"container\" data-e-type=\"container\">\n\t\t\t\t\t<div class=\"e-con-inner\">\n\t\t<div class=\"elementor-element elementor-element-26e916cb e-flex e-con-boxed e-con e-child\" data-id=\"26e916cb\" data-element_type=\"container\" data-e-type=\"container\">\n\t\t\t\t\t<div class=\"e-con-inner\">\n\t\t<div class=\"elementor-element elementor-element-253a40d4 e-flex e-con-boxed e-con e-child\" data-id=\"253a40d4\" data-element_type=\"container\" data-e-type=\"container\">\n\t\t\t\t\t<div class=\"e-con-inner\">\n\t\t\t\t<div class=\"elementor-element elementor-element-1200c304 elementor-widget elementor-widget-heading\" data-id=\"1200c304\" data-element_type=\"widget\" data-e-type=\"widget\" data-widget_type=\"heading.default\">\n\t\t\t\t\t<h2 class=\"elementor-heading-title elementor-size-default\">Leanan Sidhe<\/h2>\t\t\t\t<\/div>\n\t\t\t\t<div class=\"elementor-element elementor-element-11758e7f elementor-widget elementor-widget-text-editor\" data-id=\"11758e7f\" data-element_type=\"widget\" data-e-type=\"widget\" data-widget_type=\"text-editor.default\">\n\t\t\t\t\t\t\t\t\t<p>Leanan Sidhe (\u00bbv\u00edl\u00ed \u017eena\u00ab neboli \u00bbv\u00edl\u00ed milenka\u00ab) je zobrazov\u00e1na jako nadp\u0159irozen\u00e1 \u017eensk\u00e1 s\u00edla, kter\u00e1 b\u00e1sn\u00edk\u016fm d\u00e1v\u00e1 inspiraci, ale z\u00e1rove\u0148 jim p\u0159in\u00e1\u0161\u00ed utrpen\u00ed a vys\u00edlen\u00ed. N\u00e1le\u017e\u00ed mezi Sidhe, irsk\u00e9 v\u00edl\u00ed bytosti.<\/p><p>Podle legend navazuje s b\u00e1sn\u00edky, jako byl Ois\u00edn, nebo s jin\u00fdmi um\u011blci milostn\u00e9 \u010di duchovn\u00ed vztahy, kter\u00e9 vedou k um\u011bleck\u00e9mu g\u00e9niu, ale tak\u00e9 k \u0161\u00edlenstv\u00ed nebo smrti. Zt\u011bles\u0148uje ambivalentn\u00ed s\u00edlu um\u011bleck\u00e9 inspirace.<\/p>\t\t\t\t\t\t\t\t<\/div>\n\t\t\t\t\t<\/div>\n\t\t\t\t<\/div>\n\t\t<div class=\"elementor-element elementor-element-159dcf9a e-flex e-con-boxed e-con e-child\" data-id=\"159dcf9a\" data-element_type=\"container\" data-e-type=\"container\">\n\t\t\t\t\t<div class=\"e-con-inner\">\n\t\t\t\t<div class=\"elementor-element elementor-element-48cee66f elementor-widget elementor-widget-heading\" data-id=\"48cee66f\" data-element_type=\"widget\" data-e-type=\"widget\" data-widget_type=\"heading.default\">\n\t\t\t\t\t<h2 class=\"elementor-heading-title elementor-size-default\">P\u0159ehled: Leanan Sidhe<\/h2>\t\t\t\t<\/div>\n\t\t\t\t<div class=\"elementor-element elementor-element-3f50d82c elementor-widget elementor-widget-text-editor\" data-id=\"3f50d82c\" data-element_type=\"widget\" data-e-type=\"widget\" data-widget_type=\"text-editor.default\">\n\t\t\t\t\t\t\t\t\t<p>Doklady poch\u00e1zej\u00ed z irsk\u00fdch sb\u00edrek sag a b\u00e1snick\u00fdch cykl\u016f, zejm\u00e9na z Fenian Tales (Fiannaigecht), kde se v\u00edl\u00ed \u017eeny objevuj\u00ed jako milenky nebo m\u00fazy. P\u00edsemn\u00e9 z\u00e1pisy vznikaj\u00ed od st\u0159edov\u011bku. Postava je roz\u0161\u00ed\u0159ena v keltsk\u00fdch kulturn\u00edch oblastech (Irsko, Skotsko, Wales) s odli\u0161n\u00fdmi jm\u00e9ny a funkcemi. Modern\u00ed folkloristick\u00e9 sb\u00edrky a liter\u00e1rn\u00ed ohlasy (nap\u0159\u00edklad u W. B. <span class=\"iwg-fachbegriff\" tabindex=\"0\" data-tooltip=\"William Butler Yeats (1865\u20131939); irsk\u00fd b\u00e1sn\u00edk a folklorista; \u010dlen \u0158\u00e1du Zlat\u00e9ho \u00fasvitu.\">Yeatse<\/span>) u\u010dinily postavu popul\u00e1rn\u00ed.<\/p>\t\t\t\t\t\t\t\t<\/div>\n\t\t\t\t\t<\/div>\n\t\t\t\t<\/div>\n\t\t\t\t\t<\/div>\n\t\t\t\t<\/div>\n\t\t\t\t\t<\/div>\n\t\t\t\t<\/div>\n\t\t<div class=\"elementor-element elementor-element-18613602 e-flex e-con-boxed e-con e-parent\" data-id=\"18613602\" data-element_type=\"container\" data-e-type=\"container\">\n\t\t\t\t\t<div class=\"e-con-inner\">\n\t\t\t\t<div class=\"elementor-element elementor-element-262b8a9f elementor-widget elementor-widget-heading\" data-id=\"262b8a9f\" data-element_type=\"widget\" data-e-type=\"widget\" data-widget_type=\"heading.default\">\n\t\t\t\t\t<h2 class=\"elementor-heading-title elementor-size-default\">Za\u0159azen\u00ed<\/h2>\t\t\t\t<\/div>\n\t\t<div class=\"elementor-element elementor-element-46dcb7d e-con-full e-flex e-con e-child\" data-id=\"46dcb7d\" data-element_type=\"container\" data-e-type=\"container\">\n\t\t<div class=\"elementor-element elementor-element-61d3ab3 e-flex e-con-boxed e-con e-child\" data-id=\"61d3ab3\" data-element_type=\"container\" data-e-type=\"container\">\n\t\t\t\t\t<div class=\"e-con-inner\">\n\t\t\t\t<div class=\"elementor-element elementor-element-117c166 elementor-widget elementor-widget-heading\" data-id=\"117c166\" data-element_type=\"widget\" data-e-type=\"widget\" data-widget_type=\"heading.default\">\n\t\t\t\t\t<div class=\"elementor-heading-title elementor-size-default\">Zeitraum der Texte<\/div>\t\t\t\t<\/div>\n\t\t\t\t<div class=\"elementor-element elementor-element-73997a0 elementor-widget elementor-widget-text-editor\" data-id=\"73997a0\" data-element_type=\"widget\" data-e-type=\"widget\" data-widget_type=\"text-editor.default\">\n\t\t\t\t\t\t\t\t\t<p>Postavu Leanan S\u00eddhe lze sledovat od st\u0159edov\u011bk\u00fdch irsk\u00fdch v\u00edl\u00edch tradic a\u017e po sb\u00edrky 19. stolet\u00ed, v nich\u017e folklorist\u00e9 zaznamen\u00e1vali \u00fastn\u00ed vypr\u00e1v\u011bn\u00ed. W. B. Yeats ji za\u0159adil do sv\u00e9 antologie irsk\u00fdch poh\u00e1dek a pov\u011bst\u00ed a formoval dnes b\u011b\u017en\u00fd obraz vys\u00e1vaj\u00edc\u00ed m\u00fazy. V t\u00e9to liter\u00e1rn\u00ed podob\u011b \u017eije d\u00e1l, prom\u011bn\u011bn\u00e1 oproti vesnick\u00e9 tradici, ale ve sv\u00e9m j\u00e1dru jasn\u011b rozpoznateln\u00e1 jako nebezpe\u010dn\u00e1 milenka.<\/p>\t\t\t\t\t\t\t\t<\/div>\n\t\t\t\t\t<\/div>\n\t\t\t\t<\/div>\n\t\t<div class=\"elementor-element elementor-element-d47b156 e-flex e-con-boxed e-con e-child\" data-id=\"d47b156\" data-element_type=\"container\" data-e-type=\"container\">\n\t\t\t\t\t<div class=\"e-con-inner\">\n\t\t\t\t<div class=\"elementor-element elementor-element-ff38c2b elementor-widget elementor-widget-heading\" data-id=\"ff38c2b\" data-element_type=\"widget\" data-e-type=\"widget\" data-widget_type=\"heading.default\">\n\t\t\t\t\t<div class=\"elementor-heading-title elementor-size-default\">Verbreitungsraum<\/div>\t\t\t\t<\/div>\n\t\t\t\t<div class=\"elementor-element elementor-element-4e49fcc elementor-widget elementor-widget-text-editor\" data-id=\"4e49fcc\" data-element_type=\"widget\" data-e-type=\"widget\" data-widget_type=\"text-editor.default\">\n\t\t\t\t\t\t\t\t\t<p>Leanan Sidhe nebyla omezena na ur\u010dit\u00fd region \u010di m\u00edsta, ale byla univerz\u00e1ln\u011b zn\u00e1ma v cel\u00e9m keltsk\u00e9m sv\u011bt\u011b a byla uct\u00edv\u00e1na nebo s respektem ob\u00e1v\u00e1na. A\u0165 ve velk\u00fdch m\u011bstsk\u00fdch centrech, nebo v odlehl\u00fdch venkovsk\u00fdch oblastech, a\u0165 u spole\u010densk\u00e9 elity, nebo u prost\u00e9ho lidu, duchovn\u00ed a kulturn\u00ed v\u00fdznam t\u00e9to bytosti byl uzn\u00e1v\u00e1n v\u0161ude a univerz\u00e1ln\u011b.<\/p><p>Leanan S\u00eddhe nebyla okrajov\u00fdm motivem, ale sou\u010d\u00e1st\u00ed irsk\u00e9 v\u00edl\u00ed v\u00edry, kter\u00e1 upravovala vztah lid\u00ed k Onomu sv\u011btu jako celku, a byla tak sou\u010d\u00e1st\u00ed sebeobrazu venkovsk\u00fdch spole\u010denstv\u00ed. S irskou emigrac\u00ed 19. stolet\u00ed a d\u00edky spis\u016fm Yeatse a dal\u0161\u00edch sb\u011bratel\u016f se vypr\u00e1v\u011bn\u00ed o n\u00ed dostala do Velk\u00e9 Brit\u00e1nie a Severn\u00ed Ameriky, kde byla pod\u00e1v\u00e1na v p\u0159ekvapiv\u011b nem\u011bnn\u00e9 podob\u011b.<\/p>\t\t\t\t\t\t\t\t<\/div>\n\t\t\t\t\t<\/div>\n\t\t\t\t<\/div>\n\t\t\t\t<\/div>\n\t\t<div class=\"elementor-element elementor-element-db03c39 e-con-full e-flex e-con e-child\" data-id=\"db03c39\" data-element_type=\"container\" data-e-type=\"container\">\n\t\t<div class=\"elementor-element elementor-element-229a87b e-flex e-con-boxed e-con e-child\" data-id=\"229a87b\" data-element_type=\"container\" data-e-type=\"container\">\n\t\t\t\t\t<div class=\"e-con-inner\">\n\t\t\t\t<div class=\"elementor-element elementor-element-1f471fc elementor-widget elementor-widget-heading\" data-id=\"1f471fc\" data-element_type=\"widget\" data-e-type=\"widget\" data-widget_type=\"heading.default\">\n\t\t\t\t\t<div class=\"elementor-heading-title elementor-size-default\">Quellenlage<\/div>\t\t\t\t<\/div>\n\t\t\t\t<div class=\"elementor-element elementor-element-36b1201 elementor-widget elementor-widget-text-editor\" data-id=\"36b1201\" data-element_type=\"widget\" data-e-type=\"widget\" data-widget_type=\"text-editor.default\">\n\t\t\t\t\t\t\t\t\t<p>Prim\u00e1rn\u00ed prameny: Achtneigh \u00d3enfhir, irsk\u00e9 hrdinsk\u00e9 pov\u011bsti a b\u00e1snick\u00e9 cykly (Fenian Tales), fragment\u00e1rn\u011b zachovan\u00e9 v rukopisech Yellow Book of Lecan a dal\u0161\u00edch st\u0159edov\u011bk\u00fdch kodexech. Obdob\u00ed: vypr\u00e1v\u011bn\u00ed jsou \u00fastn\u011b <span class=\"iwg-fachbegriff\" data-tooltip=\"Poch\u00e1zej\u00edc\u00ed z doby p\u0159ed \u0161\u00ed\u0159en\u00edm k\u0159es\u0165anstv\u00ed.\" tabindex=\"0\">p\u0159edk\u0159es\u0165ansk\u00e1<\/span>, p\u00edsemn\u011b zaznamenan\u00e1 od 8.\u20139. stolet\u00ed. <span class=\"iwg-fachbegriff\" data-tooltip=\"Souhrn tradovan\u00fdch vypr\u00e1v\u011bn\u00ed o boz\u00edch ur\u010dit\u00e9 kultury.\" tabindex=\"0\">Mytologie<\/span> Onoho sv\u011bta je charakteristick\u00e1 pro ostrovn\u00ed keltsk\u00e9 n\u00e1bo\u017eenstv\u00ed.<\/p><p>Badatel\u00e9: Proinsias Mac Cana (Celtic Mythology), Patrice Colum (Legends of Ireland) popisuj\u00ed Sidhe a v\u00edl\u00ed \u017eeny. Modern\u00ed: folkloristick\u00e9 pr\u00e1ce Katharine Briggsov\u00e9 a dal\u0161\u00edch.<\/p>\t\t\t\t\t\t\t\t<\/div>\n\t\t\t\t\t<\/div>\n\t\t\t\t<\/div>\n\t\t\t\t<\/div>\n\t\t\t\t\t<\/div>\n\t\t\t\t<\/div>\n\t\t<div class=\"elementor-element elementor-element-3ae0637c e-flex e-con-boxed e-con e-parent\" data-id=\"3ae0637c\" data-element_type=\"container\" data-e-type=\"container\">\n\t\t\t\t\t<div class=\"e-con-inner\">\n\t\t\t\t<div class=\"elementor-element elementor-element-31d07739 elementor-widget elementor-widget-heading\" data-id=\"31d07739\" data-element_type=\"widget\" data-e-type=\"widget\" data-widget_type=\"heading.default\">\n\t\t\t\t\t<h2 class=\"elementor-heading-title elementor-size-default\">Jm\u00e9no<\/h2>\t\t\t\t<\/div>\n\t\t<div class=\"elementor-element elementor-element-b7642947 e-con-full e-flex e-con e-child\" data-id=\"b7642947\" data-element_type=\"container\" data-e-type=\"container\">\n\t\t\t\t<div class=\"elementor-element elementor-element-a086266 elementor-widget elementor-widget-text-editor\" data-id=\"a086266\" data-element_type=\"widget\" data-e-type=\"widget\" data-widget_type=\"text-editor.default\">\n\t\t\t\t\t\t\t\t\t<p>Leanan Sidhe je v r\u016fzn\u00fdch pramenech a um\u011bleck\u00fdch tradic\u00edch zobrazov\u00e1na s ur\u010dit\u00fdmi opakuj\u00edc\u00edmi se ikonografick\u00fdmi prvky, kter\u00e9 z\u016fst\u00e1vaj\u00ed po desetilet\u00ed a v r\u016fzn\u00fdch geografick\u00fdch oblastech relativn\u011b st\u00e1l\u00e9. Tyto prvky nejsou \u010dist\u011b dekorativn\u00ed nebo zvolen\u00e9 n\u00e1hodn\u011b, ale jsou hluboce symbolicky k\u00f3dovan\u00e9 a nesou velk\u00fd v\u00fdznam.<\/p><p>To, co irsk\u00e1 vypr\u00e1v\u011bn\u00ed o Leanan S\u00eddhe pod\u00e1vaj\u00ed, popisuje z\u00e1rove\u0148 i jej\u00ed p\u016fsoben\u00ed: jej\u00ed kr\u00e1su, kter\u00e1 p\u0159itahuje b\u00e1sn\u00edky a hudebn\u00edky, jej\u00ed schopnost probouzet tv\u016fr\u010d\u00ed s\u00edly, a cenu, kterou za to vyb\u00edr\u00e1, toti\u017e \u017eivotn\u00ed \u010das milence. U\u017e jej\u00ed jm\u00e9no, v podstat\u011b v\u00edl\u00ed milenka, shrnuje tuto dvojakost. Kdo zn\u00e1 irskou vypr\u00e1v\u011bc\u00ed tradici, rozum\u00ed znamen\u00edm okam\u017eit\u011b: brzy doho\u0159\u00edvaj\u00edc\u00ed, hore\u010dn\u011b tvo\u0159\u00edc\u00ed um\u011blec platil z\u00e1rove\u0148 za jej\u00ed ob\u011b\u0165 a vyvolence. W. B. Yeats toto v\u00fdkladov\u00e9 sch\u00e9ma p\u0159ijal a popsal ji jako m\u00fazu, jej\u00ed\u017e l\u00e1ska stravuje. Ka\u017ed\u00fd detail popis\u016f n\u00e1le\u017e\u00ed k tomuto tradovan\u00e9mu obrazu.<\/p>\t\t\t\t\t\t\t\t<\/div>\n\t\t\t\t<\/div>\n\t\t\t\t\t<\/div>\n\t\t\t\t<\/div>\n\t\t<div class=\"elementor-element elementor-element-709a44a8 e-flex e-con-boxed e-con e-parent\" data-id=\"709a44a8\" data-element_type=\"container\" data-e-type=\"container\">\n\t\t\t\t\t<div class=\"e-con-inner\">\n\t\t\t\t<div class=\"elementor-element elementor-element-2f585873 elementor-widget elementor-widget-heading\" data-id=\"2f585873\" data-element_type=\"widget\" data-e-type=\"widget\" data-widget_type=\"heading.default\">\n\t\t\t\t\t<h2 class=\"elementor-heading-title elementor-size-default\">Charakteristiky<\/h2>\t\t\t\t<\/div>\n\t\t<div class=\"elementor-element elementor-element-70621c12 e-con-full e-flex e-con e-child\" data-id=\"70621c12\" data-element_type=\"container\" data-e-type=\"container\">\n\t\t\t\t<div class=\"elementor-element elementor-element-4296eb49 elementor-widget elementor-widget-text-editor\" data-id=\"4296eb49\" data-element_type=\"widget\" data-e-type=\"widget\" data-widget_type=\"text-editor.default\">\n\t\t\t\t\t\t\t\t\t<p>Leanan S\u00eddhe hr\u00e1la \u00fast\u0159edn\u00ed roli v n\u00e1bo\u017eensk\u00e9 praxi, ka\u017edodenn\u00edch ritu\u00e1lech a lidov\u00e9m ch\u00e1p\u00e1n\u00ed keltsk\u00e9 kultury. Lid\u00e9 se v kritick\u00fdch nebo zvl\u00e1\u0161tn\u00edch \u017eivotn\u00edch situac\u00edch, p\u0159\u00edpadn\u011b o ur\u010dit\u00fdch ritu\u00e1ln\u00edch ro\u010dn\u00edch obdob\u00edch, obraceli k t\u00e9to bytosti se strukturovan\u00fdmi, \u010dasto n\u00e1ro\u010dn\u00fdmi ritu\u00e1ly, modlitbami nebo ob\u011btn\u00edmi dary.<\/p><p>Zach\u00e1zen\u00ed s Leanan S\u00eddhe se v irsk\u00fdch lidov\u00fdch vypr\u00e1v\u011bn\u00edch \u0159\u00eddilo pevn\u00fdmi pravidly: v\u011bd\u011blo se, \u017ee jej\u00ed p\u0159\u00edze\u0148 p\u0159in\u00e1\u0161\u00ed inspiraci, ale stoj\u00ed \u017eivotn\u00ed s\u00edlu, a toto v\u011bd\u011bn\u00ed se p\u0159ed\u00e1valo v rodin\u00e1ch a vesnick\u00fdch spole\u010denstv\u00edch. Na rozd\u00edl od chr\u00e1mov\u00fdch ritu\u00e1l\u016f zde nebyli \u017e\u00e1dn\u00ed kn\u011b\u017e\u00ed, ale zku\u0161en\u00ed vyprav\u011b\u010di a znalci, kte\u0159\u00ed pou\u010dovali, jak se s v\u00edlou setkat nebo se j\u00ed vyhnout.<\/p><p>To, \u017ee se p\u0159\u00edb\u011bhy o Leanan S\u00eddhe v Irsku vypr\u00e1v\u011bly po stalet\u00ed d\u00e1l, m\u011blo praktick\u00fd d\u016fvod: vysv\u011btlovaly, pro\u010d nadan\u00ed um\u011blci \u010dasto um\u00edrali mlad\u00ed, a z\u00e1rove\u0148 varovaly p\u0159ed paktem, za kter\u00fd se draze plat\u00ed. Vypr\u00e1v\u011bn\u00ed p\u016fsobila preventivn\u011b t\u00edm, \u017ee nab\u00e1dala k opatrnosti v\u016f\u010di sv\u011btu v\u00edl, vysv\u011btlovala nemoc a ch\u0159adnut\u00ed a prov\u00e1zela vyrovn\u00e1v\u00e1n\u00ed se s p\u0159echodem od \u017eivota ke smrti, jen\u017e u jej\u00edch milenc\u016f p\u0159ich\u00e1zel p\u0159ed\u010dasn\u011b.<\/p>\t\t\t\t\t\t\t\t<\/div>\n\t\t\t\t<\/div>\n\t\t\t\t\t<\/div>\n\t\t\t\t<\/div>\n\t\t<div class=\"elementor-element elementor-element-44e71476 e-flex e-con-boxed e-con e-parent\" data-id=\"44e71476\" data-element_type=\"container\" data-e-type=\"container\">\n\t\t\t\t\t<div class=\"e-con-inner\">\n\t\t\t\t<div class=\"elementor-element elementor-element-3c1fc3f0 elementor-widget elementor-widget-heading\" data-id=\"3c1fc3f0\" data-element_type=\"widget\" data-e-type=\"widget\" data-widget_type=\"heading.default\">\n\t\t\t\t\t<h2 class=\"elementor-heading-title elementor-size-default\">Profil: Leanan Sidhe<\/h2>\t\t\t\t<\/div>\n\t\t<div class=\"elementor-element elementor-element-84f33b8e e-con-full e-flex e-con e-child\" data-id=\"84f33b8e\" data-element_type=\"container\" data-e-type=\"container\">\n\t\t\t\t<div class=\"elementor-element elementor-element-hqkdc67p elementor-widget elementor-widget-text-editor\" data-id=\"hqkdc67p\" data-element_type=\"widget\" data-e-type=\"widget\" data-widget_type=\"text-editor.default\">\n\t\t\t\t\t\t\t\t\t<p>Profil se v\u011bnuje Leanan Sidhe v \u0161esti aspektech: jej\u00edmu p\u016fvodu v Onom sv\u011bt\u011b a keltsk\u00e9 <span class=\"iwg-fachbegriff\" data-tooltip=\"Souhrn tradovan\u00fdch vypr\u00e1v\u011bn\u00ed o boz\u00edch ur\u010dit\u00e9 kultury.\" tabindex=\"0\">mytologii<\/span>, jej\u00edm vazb\u00e1m k b\u00e1sn\u00edk\u016fm a um\u011blc\u016fm, jej\u00ed ikonografii a nadp\u0159irozen\u00fdm atribut\u016fm, jej\u00edm ambivalentn\u00edm inspiruj\u00edc\u00edm a \u0161kodliv\u00fdm sil\u00e1m, jako\u017e i duchovn\u00edm ochrann\u00fdm opat\u0159en\u00edm a kulturn\u00edm obdob\u00e1m. T\u00edm vznik\u00e1 profil t\u00e9to tajemn\u00e9 hrani\u010dn\u00ed postavy.<\/p>\t\t\t\t\t\t\t\t<\/div>\n\t\t\t\t<\/div>\n\t\t<div class=\"elementor-element elementor-element-pemmx7c5 e-con-full e-flex e-con e-child\" data-id=\"pemmx7c5\" data-element_type=\"container\" data-e-type=\"container\">\n\t\t<div class=\"elementor-element elementor-element-pemmx7c1 e-con-full e-flex e-con e-child\" data-id=\"pemmx7c1\" data-element_type=\"container\" data-e-type=\"container\">\n\t\t<div class=\"elementor-element elementor-element-qh9oavvu iwg-steckbrief-card e-flex e-con-boxed e-con e-child\" data-id=\"qh9oavvu\" data-element_type=\"container\" data-e-type=\"container\">\n\t\t\t\t\t<div class=\"e-con-inner\">\n\t\t\t\t<div class=\"elementor-element elementor-element-awzx8k2k elementor-widget elementor-widget-heading\" data-id=\"awzx8k2k\" data-element_type=\"widget\" data-e-type=\"widget\" data-widget_type=\"heading.default\">\n\t\t\t\t\t<div class=\"elementor-heading-title elementor-size-default\">P\u016fvod<\/div>\t\t\t\t<\/div>\n\t\t\t\t<div class=\"elementor-element elementor-element-x6rowhv0 elementor-widget elementor-widget-text-editor\" data-id=\"x6rowhv0\" data-element_type=\"widget\" data-e-type=\"widget\" data-widget_type=\"text-editor.default\">\n\t\t\t\t\t\t\t\t\t<p>Leanan Sidhe poch\u00e1z\u00ed z Jin\u00e9ho sv\u011bta (T\u00edr na n\u00d3g, Mag Mell), on\u00e9 nadp\u0159irozen\u00e9 sf\u00e9ry keltsk\u00e9 <span class=\"iwg-fachbegriff\" data-tooltip=\"P\u0159edstava o struktu\u0159e a \u0159\u00e1du sv\u011bta v r\u00e1mci ur\u010dit\u00e9 kultury.\" tabindex=\"0\">kosmologie<\/span>. B\u00fdv\u00e1 pova\u017eov\u00e1na za jednu z Tuatha D\u00e9 Danann nebo za samostatnou v\u00edl\u00ed bytost.<\/p><p>Geograficky je us\u00eddlena v irsk\u00fdch tradic\u00edch, se skotsk\u00fdmi a vel\u0161sk\u00fdmi variantami. Jej\u00ed prvn\u00ed zm\u00ednky se nach\u00e1zej\u00ed v sag\u00e1ch z 8. a\u017e 10. stolet\u00ed, kter\u00e9 uchov\u00e1vaj\u00ed star\u0161\u00ed materi\u00e1l.<\/p>\t\t\t\t\t\t\t\t<\/div>\n\t\t\t\t\t<\/div>\n\t\t\t\t<\/div>\n\t\t<div class=\"elementor-element elementor-element-8e3o4kxs iwg-steckbrief-card e-flex e-con-boxed e-con e-child\" data-id=\"8e3o4kxs\" data-element_type=\"container\" data-e-type=\"container\">\n\t\t\t\t\t<div class=\"e-con-inner\">\n\t\t\t\t<div class=\"elementor-element elementor-element-08rkdgov elementor-widget elementor-widget-heading\" data-id=\"08rkdgov\" data-element_type=\"widget\" data-e-type=\"widget\" data-widget_type=\"heading.default\">\n\t\t\t\t\t<div class=\"elementor-heading-title elementor-size-default\">Vztahuje se na<\/div>\t\t\t\t<\/div>\n\t\t\t\t<div class=\"elementor-element elementor-element-uwjelx8s elementor-widget elementor-widget-text-editor\" data-id=\"uwjelx8s\" data-element_type=\"widget\" data-e-type=\"widget\" data-widget_type=\"text-editor.default\">\n\t\t\t\t\t\t\t\t\t<p>Leanan Sidhe byla vz\u00fdv\u00e1na b\u00e1sn\u00edky, zp\u011bv\u00e1ky, hudebn\u00edky a um\u011blecky nadan\u00fdmi lidmi, aby jim poskytla inspiraci a um\u011bleck\u00e9 nad\u00e1n\u00ed. Zjevuje se p\u0159edev\u0161\u00edm mu\u017esk\u00fdm um\u011blc\u016fm, zejm\u00e9na v\u00e1le\u010dn\u00fdm b\u00e1sn\u00edk\u016fm (fil\u00ed). Jej\u00ed uct\u00edv\u00e1n\u00ed nen\u00ed organizovan\u00e9 ani kultovn\u00ed, n\u00fdbr\u017e folklorn\u00ed a individu\u00e1ln\u00ed. V n\u011bkter\u00fdch tradic\u00edch se konaj\u00ed <span class=\"iwg-fachbegriff\" data-tooltip=\"Dar bo\u017estvu vyjad\u0159uj\u00edc\u00ed d\u00edky, prosbu nebo \u00factu.\" tabindex=\"0\">ob\u011bti<\/span> nebo pokusy o usm\u00ed\u0159en\u00ed, aby se usm\u011brnilo jej\u00ed ambivalentn\u00ed p\u016fsoben\u00ed.<\/p>\t\t\t\t\t\t\t\t<\/div>\n\t\t\t\t\t<\/div>\n\t\t\t\t<\/div>\n\t\t<div class=\"elementor-element elementor-element-jm2n74ec iwg-steckbrief-card e-flex e-con-boxed e-con e-child\" data-id=\"jm2n74ec\" data-element_type=\"container\" data-e-type=\"container\">\n\t\t\t\t\t<div class=\"e-con-inner\">\n\t\t\t\t<div class=\"elementor-element elementor-element-8vufse4c elementor-widget elementor-widget-heading\" data-id=\"8vufse4c\" data-element_type=\"widget\" data-e-type=\"widget\" data-widget_type=\"heading.default\">\n\t\t\t\t\t<div class=\"elementor-heading-title elementor-size-default\">Zobrazen\u00ed<\/div>\t\t\t\t<\/div>\n\t\t\t\t<div class=\"elementor-element elementor-element-mwb9u015 elementor-widget elementor-widget-text-editor\" data-id=\"mwb9u015\" data-element_type=\"widget\" data-e-type=\"widget\" data-widget_type=\"text-editor.default\">\n\t\t\t\t\t\t\t\t\t<p>Leanan Sidhe je \u010dasto zobrazov\u00e1na jako v\u00fdjime\u010dn\u011b kr\u00e1sn\u00e1, nadp\u0159irozen\u00e1 \u017eena s jemn\u011bj\u0161\u00edmi nebo z\u00e1\u0159iv\u00fdmi rysy, kter\u00e9 nazna\u010duj\u00ed jej\u00ed nelidskou podstatu. Mytologicky nos\u00ed v\u00edl\u00ed roucha nebo z\u00e1\u0159iv\u00e9 l\u00e1tky. V n\u011bkter\u00fdch vypr\u00e1v\u011bn\u00edch se objevuje zelenav\u00e1 nebo od\u011bn\u00e1 do zv\u00ed\u0159ec\u00edch k\u016f\u017e\u00ed. Je mlad\u00e1, av\u0161ak nad\u010dasov\u00e1, a vyza\u0159uje stejnou m\u011brou touhu i nebezpe\u010d\u00ed.<\/p>\t\t\t\t\t\t\t\t<\/div>\n\t\t\t\t\t<\/div>\n\t\t\t\t<\/div>\n\t\t\t\t<\/div>\n\t\t<div class=\"elementor-element elementor-element-pemmx7c2 e-con-full e-flex e-con e-child\" data-id=\"pemmx7c2\" data-element_type=\"container\" data-e-type=\"container\">\n\t\t<div class=\"elementor-element elementor-element-37ss2yr6 iwg-steckbrief-card e-flex e-con-boxed e-con e-child\" data-id=\"37ss2yr6\" data-element_type=\"container\" data-e-type=\"container\">\n\t\t\t\t\t<div class=\"e-con-inner\">\n\t\t\t\t<div class=\"elementor-element elementor-element-3v0wp3wx elementor-widget elementor-widget-heading\" data-id=\"3v0wp3wx\" data-element_type=\"widget\" data-e-type=\"widget\" data-widget_type=\"heading.default\">\n\t\t\t\t\t<div class=\"elementor-heading-title elementor-size-default\">Funkce<\/div>\t\t\t\t<\/div>\n\t\t\t\t<div class=\"elementor-element elementor-element-w3247g2m elementor-widget elementor-widget-text-editor\" data-id=\"w3247g2m\" data-element_type=\"widget\" data-e-type=\"widget\" data-widget_type=\"text-editor.default\">\n\t\t\t\t\t\t\t\t\t<strong>Wirkungsbereich:<\/strong><p>Leanan Sidhe je d\u00e9monick\u00e1 nebo ambivalentn\u00ed postava z irsko-skotsk\u00e9 <span class=\"iwg-fachbegriff\" data-tooltip=\"Tradovan\u00e1 lidov\u00e1 kultura se zvyky, vypr\u00e1v\u011bn\u00edmi a p\u00edsn\u011bmi.\" tabindex=\"0\">folkl\u00f3ru<\/span>, kter\u00e1 p\u016fsob\u00ed v oblasti utrpen\u00ed a um\u011bleck\u00e9 inspirace. Slou\u017e\u00ed jako m\u00faza b\u00e1sn\u00edk\u016fm a hudebn\u00edk\u016fm, av\u0161ak cenou za to je \u010dasto \u0161\u00edlenstv\u00ed nebo p\u0159ed\u010dasn\u00e1 smrt milovan\u00e9ho. P\u016fsob\u00ed ve dvou oblastech: um\u011bleck\u00e9 inspiraci (ext\u00e1ze, genialita) a erotick\u00e9m zk\u00e1ze (z\u00e1vislost, ch\u0159adnut\u00ed).<\/p>\t\t\t\t\t\t\t\t<\/div>\n\t\t\t\t\t<\/div>\n\t\t\t\t<\/div>\n\t\t<div class=\"elementor-element elementor-element-0qpjal9w iwg-steckbrief-card e-flex e-con-boxed e-con e-child\" data-id=\"0qpjal9w\" data-element_type=\"container\" data-e-type=\"container\">\n\t\t\t\t\t<div class=\"e-con-inner\">\n\t\t\t\t<div class=\"elementor-element elementor-element-6ndoih0o elementor-widget elementor-widget-heading\" data-id=\"6ndoih0o\" data-element_type=\"widget\" data-e-type=\"widget\" data-widget_type=\"heading.default\">\n\t\t\t\t\t<div class=\"elementor-heading-title elementor-size-default\">Ochrana p\u0159ed Leanan Sidhe<\/div>\t\t\t\t<\/div>\n\t\t\t\t<div class=\"elementor-element elementor-element-6684tyh9 elementor-widget elementor-widget-text-editor\" data-id=\"6684tyh9\" data-element_type=\"widget\" data-e-type=\"widget\" data-widget_type=\"text-editor.default\">\n\t\t\t\t\t\t\t\t\t<p>Leanan Sidhe je ambivalentn\u00ed: inspiruje um\u011bleck\u00fd g\u00e9nius, ale za vysokou cenu, \u0161\u00edlenstv\u00ed, vy\u010derp\u00e1n\u00ed nebo smrt um\u011blce. Nen\u00ed zl\u00e1, ale je nebezpe\u010dn\u00e1.<\/p><p>Ochrann\u00e9 praktiky spo\u010d\u00edvaj\u00ed v omezen\u00ed kontaktu nebo v udr\u017eov\u00e1n\u00ed odstupu pomoc\u00ed p\u0159edm\u011bt\u016f obsahuj\u00edc\u00edch \u017eelezo a zp\u011bv\u016f. N\u011bkter\u00e9 tradice doporu\u010duj\u00ed <span class=\"iwg-fachbegriff\" data-tooltip=\"Osloven\u00ed nebo vz\u00fdv\u00e1n\u00ed bo\u017estva \u010di moci s prosbou.\" tabindex=\"0\">vz\u00fdv\u00e1n\u00ed<\/span> s respektem, ale bez emocion\u00e1ln\u00edho zapleten\u00ed. Modern\u00ed v\u00fdklad doporu\u010duje psychologickou opatrnost v\u016f\u010di t\u00e9to \u201einspiruj\u00edc\u00ed obsesi\u201c.<\/p>\t\t\t\t\t\t\t\t<\/div>\n\t\t\t\t\t<\/div>\n\t\t\t\t<\/div>\n\t\t<div class=\"elementor-element elementor-element-3lfi7x32 iwg-steckbrief-card e-flex e-con-boxed e-con e-child\" data-id=\"3lfi7x32\" data-element_type=\"container\" data-e-type=\"container\">\n\t\t\t\t\t<div class=\"e-con-inner\">\n\t\t\t\t<div class=\"elementor-element elementor-element-0kg99ga1 elementor-widget elementor-widget-heading\" data-id=\"0kg99ga1\" data-element_type=\"widget\" data-e-type=\"widget\" data-widget_type=\"heading.default\">\n\t\t\t\t\t<div class=\"elementor-heading-title elementor-size-default\">Srovnateln\u00e9 bytosti<\/div>\t\t\t\t<\/div>\n\t\t\t\t<div class=\"elementor-element elementor-element-n0fum6kp elementor-widget elementor-widget-text-editor\" data-id=\"n0fum6kp\" data-element_type=\"widget\" data-e-type=\"widget\" data-widget_type=\"text-editor.default\">\n\t\t\t\t\t\t\t\t\t<p>Srovnateln\u00e9 jsou m\u00fazy (\u0159eck\u00e9) jako inspir\u00e1torky, kter\u00e9 v\u0161ak p\u016fsob\u00ed m\u00e9n\u011b ambivalentn\u011b. \u0158\u00edmsk\u00e1 Libitina jako <span class=\"iwg-fachbegriff\" data-tooltip=\"Bezt\u011blesn\u00e1 bytost, j\u00ed\u017e je p\u0159isuzov\u00e1no p\u016fsoben\u00ed ve sv\u011bt\u011b.\" tabindex=\"0\">duch<\/span> tane\u010dnic a smrti. V evropsk\u00e9m <span class=\"iwg-fachbegriff\" data-tooltip=\"Tradovan\u00e1 lidov\u00e1 kultura se zvyky, vypr\u00e1v\u011bn\u00edmi a p\u00edsn\u011bmi.\" tabindex=\"0\">folkl\u00f3ru<\/span>: Lorelei (germ\u00e1nsk\u00e1), v\u00edly st\u0159edov\u011bku, tak\u00e9 italsk\u00e9 streghe (\u010darod\u011bjnice-v\u00edly). Typ \u201enadp\u0159irozen\u00e9 milenky\u201c je roz\u0161\u00ed\u0159en po cel\u00e9 Evrop\u011b.<\/p>\t\t\t\t\t\t\t\t<\/div>\n\t\t\t\t\t<\/div>\n\t\t\t\t<\/div>\n\t\t\t\t<\/div>\n\t\t\t\t<\/div>\n\t\t\t\t\t<\/div>\n\t\t\t\t<\/div>\n\t\t<div class=\"elementor-element elementor-element-7533bc7a e-flex e-con-boxed e-con e-parent\" data-id=\"7533bc7a\" data-element_type=\"container\" data-e-type=\"container\">\n\t\t\t\t\t<div class=\"e-con-inner\">\n\t\t\t\t<div class=\"elementor-element elementor-element-2447d18d elementor-widget elementor-widget-heading\" data-id=\"2447d18d\" data-element_type=\"widget\" data-e-type=\"widget\" data-widget_type=\"heading.default\">\n\t\t\t\t\t<h2 class=\"elementor-heading-title elementor-size-default\">Ochrana v ka\u017edodenn\u00edm \u017eivot\u011b<\/h2>\t\t\t\t<\/div>\n\t\t<div class=\"elementor-element elementor-element-d5d0260c e-con-full e-flex e-con e-child\" data-id=\"d5d0260c\" data-element_type=\"container\" data-e-type=\"container\">\n\t\t\t\t<div class=\"elementor-element elementor-element-341be2ac elementor-widget elementor-widget-text-editor\" data-id=\"341be2ac\" data-element_type=\"widget\" data-e-type=\"widget\" data-widget_type=\"text-editor.default\">\n\t\t\t\t\t\t\t\t\t<p><strong>Ritu\u00e1ly uct\u00edv\u00e1n\u00ed a usm\u00ed\u0159en\u00ed<\/strong><\/p><p>Keltsk\u00e1 praxe nep\u0159edpokl\u00e1d\u00e1 p\u0159\u00edm\u00e9 vz\u00fdvac\u00ed formule; uct\u00edv\u00e1n\u00ed prob\u00edh\u00e1 prost\u0159ednictv\u00edm poezie, hudby a melancholick\u00e9 meditace na limin\u00e1ln\u00edch m\u00edstech (u b\u0159eh\u016f \u0159ek, na kopc\u00edch, za soumraku).<\/p><p><strong>Zakl\u00edn\u00e1n\u00ed a vz\u00fdv\u00e1n\u00ed<\/strong><\/p><p>Nejsou zaznamen\u00e1na \u017e\u00e1dn\u00e1 pevn\u011b formulovan\u00e1 zakl\u00ednac\u00ed slova; vz\u00fdv\u00e1n\u00ed je sp\u00ed\u0161e implicitn\u00ed, obsa\u017een\u00e9 v poezii a hudb\u011b.<\/p><p><strong>Amulety a ochrann\u00e9 praktiky<\/strong><\/p><p>Ochrana p\u0159ed Leanan Sidhe vy\u017eaduje \u0161perky ze \u017eeleza a vyh\u00fdb\u00e1n\u00ed se v\u00edl\u00edm m\u00edst\u016fm za soumraku.<\/p>\t\t\t\t\t\t\t\t<\/div>\n\t\t\t\t<\/div>\n\t\t\t\t\t<\/div>\n\t\t\t\t<\/div>\n\t\t<div class=\"elementor-element elementor-element-5a584676 e-flex e-con-boxed e-con e-parent\" data-id=\"5a584676\" data-element_type=\"container\" data-e-type=\"container\">\n\t\t\t\t\t<div class=\"e-con-inner\">\n\t\t\t\t<div class=\"elementor-element elementor-element-6d0757bf elementor-widget elementor-widget-heading\" data-id=\"6d0757bf\" data-element_type=\"widget\" data-e-type=\"widget\" data-widget_type=\"heading.default\">\n\t\t\t\t\t<h2 class=\"elementor-heading-title elementor-size-default\">Leanan Sidhe, paralely v jin\u00fdch kultur\u00e1ch<\/h2>\t\t\t\t<\/div>\n\t\t<div class=\"elementor-element elementor-element-60563f68 e-con-full e-flex e-con e-child\" data-id=\"60563f68\" data-element_type=\"container\" data-e-type=\"container\">\n\t\t\t\t<div class=\"elementor-element elementor-element-5a93fdd6 elementor-widget elementor-widget-text-editor\" data-id=\"5a93fdd6\" data-element_type=\"widget\" data-e-type=\"widget\" data-widget_type=\"text-editor.default\">\n\t\t\t\t\t\t\t\t\t<p><p><strong>\u017didovsk\u00e1 tradice:<\/strong> \u017d\u00e1dn\u00e1 p\u0159\u00edm\u00e1 obdoba. Vzd\u00e1len\u011b p\u0159\u00edbuznou by mohla b\u00fdt Lilith jako nadp\u0159irozen\u00e1 \u017eensk\u00e1 s\u00edla, kter\u00e1 v apokryfn\u00edch textech sv\u00e1d\u00ed nebo \u0161kod\u00ed Adamovi.<\/p><p><strong>\u0158ecko-\u0159\u00edmsk\u00fd sv\u011bt:<\/strong> M\u00fazy jako inspir\u00e1torky um\u011bn\u00ed, ani\u017e by v\u0161ak sd\u00edlely ambivalenci Leanan Sidhe. H\u00e9ra nebo Afrodita ve sv\u00e9 roli nebezpe\u010dn\u00e9 sv\u016fdkyn\u011b. Tak\u00e9 \u0159eck\u00fd d\u00e9mon Eros\/Cupido jako zaslepuj\u00edc\u00ed, ambivalentn\u00ed s\u00edla.<\/p><p><strong>Mezopot\u00e1mie:<\/strong> Inanna jako bohyn\u011b l\u00e1sky a podsv\u011btn\u00edho nebezpe\u010d\u00ed, kter\u00e1 sv\u00e1d\u00ed a prokl\u00edn\u00e1 smrteln\u00edky. Sd\u00edl\u00ed s Leanan ambivalenci mezi milost\u00ed a zk\u00e1zou.<\/p><p><strong>Indie\/Asie:<\/strong> Apsary (nebesk\u00e9 tane\u010dnice a sv\u016fdkyn\u011b) v hinduistick\u00e9 <span class=\"iwg-fachbegriff\" data-tooltip=\"Souhrn tradovan\u00fdch vypr\u00e1v\u011bn\u00ed o boz\u00edch ur\u010dit\u00e9 kultury.\" tabindex=\"0\">mytologii<\/span>, kter\u00e9 korumpuj\u00ed nebo zmate\u0148uj\u00ed mudrce. Tak\u00e9 japonsk\u00e1 kitsune jako nadp\u0159irozen\u00e1 sv\u016fdkyn\u011b s dvoj\u00ed povahou dobra a \u0161kody.<\/p>\t\t\t\t\t\t\t\t<\/div>\n\t\t\t\t<\/div>\n\t\t\t\t\t<\/div>\n\t\t\t\t<\/div>\n\t\t<div class=\"elementor-element elementor-element-cp1975c4c e-flex e-con-boxed e-con e-parent\" data-id=\"cp1975c4c\" data-element_type=\"container\" data-e-type=\"container\">\n\t\t\t\t\t<div class=\"e-con-inner\">\n\t\t\t\t<div class=\"elementor-element elementor-element-cp10d1e36 elementor-widget elementor-widget-heading\" data-id=\"cp10d1e36\" data-element_type=\"widget\" data-e-type=\"widget\" data-widget_type=\"heading.default\">\n\t\t\t\t\t<h2 class=\"elementor-heading-title elementor-size-default\">Kritika pramen\u016f: mezi lidovou tradic\u00ed a liter\u00e1rn\u00ed konstrukc\u00ed<\/h2>\t\t\t\t<\/div>\n\t\t<div class=\"elementor-element elementor-element-cp6d4a22a e-con-full e-flex e-con e-child\" data-id=\"cp6d4a22a\" data-element_type=\"container\" data-e-type=\"container\">\n\t\t\t\t<div class=\"elementor-element elementor-element-cpea9a5b2 elementor-widget elementor-widget-text-editor\" data-id=\"cpea9a5b2\" data-element_type=\"widget\" data-e-type=\"widget\" data-widget_type=\"text-editor.default\">\n\t\t\t\t\t\t\t\t\t<p>Leanan S\u00eddhe je bytost, u n\u00ed\u017e prameny vy\u017eaduj\u00ed zvl\u00e1\u0161tn\u00ed obez\u0159etnost. Na rozd\u00edl od mnoha postav irsk\u00e9 <span class=\"iwg-fachbegriff\" data-tooltip=\"Souhrn tradovan\u00fdch vypr\u00e1v\u011bn\u00ed o boz\u00edch v dan\u00e9 kultu\u0159e.\" tabindex=\"0\">mytologie<\/span> neexistuje \u017e\u00e1dn\u00e9 st\u0159edov\u011bk\u00e9 liter\u00e1rn\u00ed <span class=\"iwg-fachbegriff\" data-tooltip=\"P\u0159ed\u00e1v\u00e1n\u00ed v\u011bdomost\u00ed a vypr\u00e1v\u011bn\u00ed mezi generacemi.\" tabindex=\"0\">pod\u00e1n\u00ed<\/span>, kter\u00e9 by ji znalo pod t\u00edmto jm\u00e9nem a v t\u00e9to v\u00fdrazn\u00e9 podob\u011b.<\/p><p>V\u00fdraz <em>leann\u00e1n s\u00eddhe<\/em> se skl\u00e1d\u00e1 z <em>leann\u00e1n<\/em> (&#8222;milovan\u00fd&#8220;, &#8222;milenec&#8220;, tak\u00e9 &#8222;v\u011brn\u00fd spole\u010dn\u00edk&#8220;) a <em>s\u00eddhe<\/em> (genitiv od <em>s\u00edd<\/em>, &#8222;jin\u00e9ho sv\u011bta&#8220; \u010di &#8222;kopce v\u00edl&#8220;) a znamen\u00e1 v podstat\u011b &#8222;milovan\u00e1 z jin\u00e9ho sv\u011bta&#8220;.<\/p><p>Dnes b\u011b\u017en\u00e1 p\u0159edstava, podle n\u00ed\u017e si kr\u00e1sn\u00e1 \u017eena z jin\u00e9ho sv\u011bta vyhled\u00e1v\u00e1 lidsk\u00e9 um\u011blce jako milence, obda\u0159uje je inspirac\u00ed a za to jim ub\u00edr\u00e1 \u017eivot, tak\u017ee um\u00edraj\u00ed mlad\u00ed a slavn\u00ed, je v t\u00e9to vyhran\u011bn\u00e9 podob\u011b siln\u011b ovlivn\u011bna liter\u00e1rn\u00ed kulturou devaten\u00e1ct\u00e9ho a po\u010d\u00e1tku dvac\u00e1t\u00e9ho stolet\u00ed.<\/p><p><span data-nosnippet>William Butler Yeats tuto bytost za\u0159adil do sv\u00e9 sb\u00edrky <em>Fairy and Folk Tales of the Irish Peasantry<\/em> z roku 1888 a dal j\u00ed v\u00fdraznou liter\u00e1rn\u00ed podobu. Anglo-irsk\u00e1 literatura keltsk\u00e9 renesance toto <span class=\"iwg-fachbegriff\" data-tooltip=\"Opakuj\u00edc\u00ed se obsahov\u00fd prvek v um\u011bn\u00ed nebo vypr\u00e1v\u011bn\u00ed.\" tabindex=\"0\">motiv<\/span> ochotn\u011b p\u0159ejala, proto\u017ee se v n\u011bm spojovala romantick\u00e1 p\u0159edstava um\u011blce, kter\u00fd se pro sv\u00e9 um\u011bn\u00ed zahub\u00ed.<\/span><\/p><p>To neznamen\u00e1, \u017ee Leanan S\u00eddhe je \u010dist\u00fdm v\u00fdmyslem. Z\u00e1kladn\u00ed v\u00edra v milence z jin\u00e9ho sv\u011bta, v pohlcuj\u00edc\u00ed nadp\u0159irozenou l\u00e1sku a v nebezpe\u010dnou inspiraci je v irsk\u00e9 a skotsko-gaelsk\u00e9 lidov\u00e9 tradici hojn\u011b dosv\u011bd\u010dena.<\/p><p>Ale konkr\u00e9tn\u00ed, uzav\u0159en\u00e1 postava &#8222;um\u011bleck\u00e9 m\u00fazy&#8220; je zhu\u0161t\u011bn\u00edm, jeho\u017e autorem je a\u017e literatura. Seri\u00f3zn\u00ed pojedn\u00e1n\u00ed mus\u00ed tyto dv\u011b rovniny, roztrou\u0161en\u00fd materi\u00e1l <span class=\"iwg-fachbegriff\" data-tooltip=\"Tradovan\u00e1 lidov\u00e1 kultura se zvyky, vypr\u00e1v\u011bn\u00edmi a p\u00edsn\u011bmi.\" tabindex=\"0\">folkl\u00f3ru<\/span> a liter\u00e1rn\u00ed synt\u00e9zu, d\u016fsledn\u011b rozli\u0161ovat.<\/p>\t\t\t\t\t\t\t\t<\/div>\n\t\t\t\t<\/div>\n\t\t\t\t\t<\/div>\n\t\t\t\t<\/div>\n\t\t<div class=\"elementor-element elementor-element-cpbde8da4 e-flex e-con-boxed e-con e-parent\" data-id=\"cpbde8da4\" data-element_type=\"container\" data-e-type=\"container\">\n\t\t\t\t\t<div class=\"e-con-inner\">\n\t\t\t\t<div class=\"elementor-element elementor-element-cp422a771 elementor-widget elementor-widget-heading\" data-id=\"cp422a771\" data-element_type=\"widget\" data-e-type=\"widget\" data-widget_type=\"heading.default\">\n\t\t\t\t\t<h2 class=\"elementor-heading-title elementor-size-default\">\u0160ir\u0161\u00ed souvislosti: milenci z jin\u00e9ho sv\u011bta v gaelsk\u00e9 tradici<\/h2>\t\t\t\t<\/div>\n\t\t<div class=\"elementor-element elementor-element-cp2e3e3df e-con-full e-flex e-con e-child\" data-id=\"cp2e3e3df\" data-element_type=\"container\" data-e-type=\"container\">\n\t\t\t\t<div class=\"elementor-element elementor-element-cpa04c149 elementor-widget elementor-widget-text-editor\" data-id=\"cpa04c149\" data-element_type=\"widget\" data-e-type=\"widget\" data-widget_type=\"text-editor.default\">\n\t\t\t\t\t\t\t\t\t<p>Zasad\u00ed-li se Leanan S\u00eddhe do \u0161ir\u0161\u00edho r\u00e1mce gaelsk\u00fdch p\u0159edstav o jin\u00e9m sv\u011bt\u011b, uk\u00e1\u017ee se jej\u00ed p\u0159esv\u011bd\u010divost jako folklorn\u00ed postavy. St\u0159edov\u011bk\u00e1 irsk\u00e1 literatura zn\u00e1zor\u0148uje \u0159adu vypr\u00e1v\u011bn\u00ed o <em>aithed<\/em>, tedy o \u00fanosu \u010di odchodu, a o dvo\u0159en\u00ed \u017eeny z jin\u00e9ho sv\u011bta smrteln\u00edkovi.<\/p><p>V textech jako <em>Echtrae Connlai<\/em> nebo <em>Immram Brain<\/em> zve \u017eena z <em>s\u00edd<\/em> mu\u017ee do jin\u00e9ho sv\u011bta; setk\u00e1n\u00ed nezvratn\u011b zm\u011bn\u00ed jeho \u017eivot a vy\u0159ad\u00ed ho z b\u011b\u017en\u00e9ho sv\u011bta.<\/p><p>Tato vypr\u00e1v\u011bn\u00ed nejsou v\u017edy zlov\u011bstn\u00e1, ale v\u0161echna maj\u00ed spole\u010dn\u00fd rys, \u017ee kontakt s \u017eenou z jin\u00e9ho sv\u011bta vytrhne \u010dlov\u011bka z jeho spole\u010densk\u00e9ho \u0159\u00e1du. Ztr\u00e1c\u00ed p\u0159ehled o \u010dase, vazbu k rodin\u011b a kmeni, n\u011bkdy i \u017eivot.<\/p><p>Skotsko-gaelsk\u00e1 <span class=\"iwg-fachbegriff\" data-tooltip=\"P\u0159ed\u00e1v\u00e1n\u00ed v\u011bdomost\u00ed a vypr\u00e1v\u011bn\u00ed mezi generacemi.\" tabindex=\"0\">tradice<\/span> zn\u00e1 p\u0159\u00edbuzn\u00e9 postavy a v\u00edra v nadp\u0159irozen\u00e9ho milence, kter\u00fd p\u0159in\u00e1\u0161\u00ed \u0161t\u011bst\u00ed i zk\u00e1zu z\u00e1rove\u0148, je dob\u0159e dolo\u017eena v lidopisn\u00fdch sb\u00edrk\u00e1ch devaten\u00e1ct\u00e9ho stolet\u00ed.<\/p><p>Na tomto pozad\u00ed se Leanan S\u00eddhe jev\u00ed jako vyhrocen\u00ed roz\u0161\u00ed\u0159en\u00e9ho vzorce na zvl\u00e1\u0161tn\u00ed p\u0159\u00edpad um\u011blce. L\u00e1ska z jin\u00e9ho sv\u011bta, kter\u00e1 ve star\u00fdch textech pat\u0159ila kr\u00e1l\u016fm a hrdin\u016fm, je v modern\u00ed podob\u011b p\u0159i\u0159azena b\u00e1sn\u00edkovi, hudebn\u00edkovi a mal\u00ed\u0159i. To odpov\u00edd\u00e1 dob\u011b, kter\u00e1 postavila um\u011blce na m\u00edsto hrdiny.<\/p><p>Z religionistick\u00e9ho hlediska lze Leanan S\u00eddhe \u010d\u00edst jako p\u0159\u00edklad toho, jak se star\u00fd mytick\u00fd vzorec v modern\u00ed dob\u011b znovu obsazuje, ani\u017e by se zm\u011bnila jeho z\u00e1kladn\u00ed logika, nebezpe\u010dn\u00e1 sm\u011bna mezi sv\u011bty. P\u0159\u00edbuzn\u00fdmi postavami irsk\u00e9ho jin\u00e9ho sv\u011bta jsou <a href=\"https:\/\/iwell-guard.com\/cs\/?page_id=145159\">banshee<\/a> a obyvatel\u00e9 <a href=\"https:\/\/iwell-guard.com\/cs\/?page_id=145552\">Aos S\u00ed<\/a>.<\/p>\t\t\t\t\t\t\t\t<\/div>\n\t\t\t\t<\/div>\n\t\t\t\t\t<\/div>\n\t\t\t\t<\/div>\n\t\t<div class=\"elementor-element elementor-element-cp40630f5 e-flex e-con-boxed e-con e-parent\" data-id=\"cp40630f5\" data-element_type=\"container\" data-e-type=\"container\">\n\t\t\t\t\t<div class=\"e-con-inner\">\n\t\t\t\t<div class=\"elementor-element elementor-element-cp8aa7acb elementor-widget elementor-widget-heading\" data-id=\"cp8aa7acb\" data-element_type=\"widget\" data-e-type=\"widget\" data-widget_type=\"heading.default\">\n\t\t\t\t\t<h2 class=\"elementor-heading-title elementor-size-default\">V\u00fdm\u011bna \u010dasu \u017eivota za dar<\/h2>\t\t\t\t<\/div>\n\t\t<div class=\"elementor-element elementor-element-cp5bfbc7a e-con-full e-flex e-con e-child\" data-id=\"cp5bfbc7a\" data-element_type=\"container\" data-e-type=\"container\">\n\t\t\t\t<div class=\"elementor-element elementor-element-cp4134262 elementor-widget elementor-widget-text-editor\" data-id=\"cp4134262\" data-element_type=\"widget\" data-e-type=\"widget\" data-widget_type=\"text-editor.default\">\n\t\t\t\t\t\t\t\t\t<p>\u00dast\u0159edn\u00edm motivem <span class=\"iwg-fachbegriff\" data-tooltip=\"P\u0159ed\u00e1v\u00e1n\u00ed v\u011bdomost\u00ed a vypr\u00e1v\u011bn\u00ed mezi generacemi.\" tabindex=\"0\">pod\u00e1n\u00ed<\/span> o Leanan S\u00eddhe je v\u00fdm\u011bna: nadp\u0159irozen\u00fd talent a sl\u00e1vu za \u010das \u017eivota. Tento vzorec je v komparativn\u00ed folkloristice velmi roz\u0161\u00ed\u0159en\u00fd a nen\u00ed omezen jen na Irsko.<\/p><p>Pat\u0159\u00ed do skupiny p\u0159edstav, v nich\u017e mimo\u0159\u00e1dn\u00e9 schopnosti nejsou zadarmo, n\u00fdbr\u017e si \u017e\u00e1daj\u00ed cenu, kter\u00e1 se \u010dasto spl\u00e1c\u00ed pozd\u011b a nevyhnuteln\u011b.<\/p><p>V irsk\u00e9 podob\u011b je um\u011blec, milovan\u00fd Leanan S\u00eddhe, tvo\u0159iv\u00fd a z\u00e1\u0159iv\u00fd, ale bez klidu a kr\u00e1tkov\u011bk\u00fd. Dar a vy\u010derp\u00e1n\u00ed jsou dv\u011b strany t\u00e9ho\u017e vztahu.<\/p><p>Yeats a po n\u011bm dal\u0161\u00ed auto\u0159i to vykl\u00e1dali jako obraz romantick\u00e9ho pojet\u00ed g\u00e9nia, kter\u00fd se spot\u0159ebuje ve sv\u00e9m d\u00edle. Postava nab\u00eddla mytick\u00fd jazyk pro re\u00e1ln\u00fd jev, toti\u017e p\u0159ed\u010dasnou smrt nadan\u00fdch um\u011blc\u016f, kterou ne\u0161lo vysv\u011btlit, a proto se p\u0159elo\u017eila do nadp\u0159irozen\u00e9ho vztahu.<\/p><p>Je n\u00e1padn\u00e9, \u017ee <span class=\"iwg-fachbegriff\" data-tooltip=\"P\u0159ed\u00e1v\u00e1n\u00ed v\u011bdomost\u00ed a vypr\u00e1v\u011bn\u00ed mezi generacemi.\" tabindex=\"0\">pod\u00e1n\u00ed<\/span> \u010dlov\u011bku \u010dasto ponech\u00e1v\u00e1 volbu, kter\u00e1 je v\u0161ak konstruov\u00e1na tragicky. Kdo p\u0159ijme l\u00e1sku Leanan S\u00eddhe, z\u00edsk\u00e1 dar a p\u0159ijde o dlouh\u00fd \u017eivot; kdo ji odm\u00edtne, z\u016fstane bez talentu.<\/p><p>Neexistuje dobr\u00fd v\u00fdsledek, jen r\u016fzn\u00e9 ztr\u00e1ty. Tato struktura spojuje Leanan S\u00eddhe s velk\u00fdmi p\u0159\u00edb\u011bhy o paktu a o prodan\u00e9m \u0161t\u011bst\u00ed.<\/p><p>Li\u0161\u00ed se od nich v\u0161ak t\u00edm, \u017ee se neuzav\u00edr\u00e1 \u017e\u00e1dn\u00e1 smlouva a nejde o \u017e\u00e1dnou vinu: um\u011blec je milov\u00e1n, nikoli oklam\u00e1n. Cena je zakotvena v samotn\u00e9 l\u00e1sce. Pr\u00e1v\u011b toto splynut\u00ed n\u00e1klonnosti a zk\u00e1zy d\u011bl\u00e1 postavu liter\u00e1rn\u011b tak p\u016fsobivou a religionisticky tak v\u00fdmluvnou.<\/p>\t\t\t\t\t\t\t\t<\/div>\n\t\t\t\t<\/div>\n\t\t\t\t\t<\/div>\n\t\t\t\t<\/div>\n\t\t<div class=\"elementor-element elementor-element-36dd7469 e-flex e-con-boxed e-con e-parent\" data-id=\"36dd7469\" data-element_type=\"container\" data-e-type=\"container\">\n\t\t\t\t\t<div class=\"e-con-inner\">\n\t\t\t\t<div class=\"elementor-element elementor-element-13760ab4 elementor-widget elementor-widget-heading\" data-id=\"13760ab4\" data-element_type=\"widget\" data-e-type=\"widget\" data-widget_type=\"heading.default\">\n\t\t\t\t\t<h2 class=\"elementor-heading-title elementor-size-default\">Souvisej\u00edc\u00ed odkazy<\/h2>\t\t\t\t<\/div>\n\t\t<div class=\"elementor-element elementor-element-28c87796 e-con-full e-flex e-con e-child\" data-id=\"28c87796\" data-element_type=\"container\" data-e-type=\"container\">\n\t\t\t\t<div class=\"elementor-element elementor-element-5d6538df elementor-widget elementor-widget-text-editor\" data-id=\"5d6538df\" data-element_type=\"widget\" data-e-type=\"widget\" data-widget_type=\"text-editor.default\">\n\t\t\t\t\t\t\t\t\t<ul><li><a href=\"https:\/\/iwell-guard.com\/cs\/?page_id=145159\">Banshee<\/a><\/li><li><a href=\"https:\/\/iwell-guard.com\/cs\/?page_id=145134\">Lilith<\/a><\/li><\/ul>\t\t\t\t\t\t\t\t<\/div>\n\t\t\t\t<\/div>\n\t\t\t\t\t<\/div>\n\t\t\t\t<\/div>\n\t\t<div class=\"elementor-element elementor-element-grl4kl40 e-flex e-con-boxed e-con e-parent\" data-id=\"grl4kl40\" data-element_type=\"container\" data-e-type=\"container\">\n\t\t\t\t\t<div class=\"e-con-inner\">\n\t\t\t\t<div class=\"elementor-element elementor-element-bzsbfrmh elementor-widget elementor-widget-heading\" data-id=\"bzsbfrmh\" data-element_type=\"widget\" data-e-type=\"widget\" data-widget_type=\"heading.default\">\n\t\t\t\t\t<h2 class=\"elementor-heading-title elementor-size-default\">Prameny a literatura<\/h2>\t\t\t\t<\/div>\n\t\t<div class=\"elementor-element elementor-element-2c13224a e-con-full e-flex e-con e-child\" data-id=\"2c13224a\" data-element_type=\"container\" data-e-type=\"container\">\n\t\t\t\t<div class=\"elementor-element elementor-element-0eymh9ub elementor-widget elementor-widget-text-editor\" data-id=\"0eymh9ub\" data-element_type=\"widget\" data-e-type=\"widget\" data-widget_type=\"text-editor.default\">\n\t\t\t\t\t\t\t\t\t<ul><li><span data-nosnippet>William Butler <span class=\"iwg-fachbegriff\" tabindex=\"0\" data-tooltip=\"William Butler Yeats (1865\u20131939); irsk\u00fd b\u00e1sn\u00edk a folklorista; \u010dlen Zlat\u00e9ho \u00fasvitu.\">Yeats<\/span>: <em>Fairy and Folk Tales of the Irish Peasantry<\/em>. Walter Scott, 1888.<\/span><\/li><\/ul>\t\t\t\t\t\t\t\t<\/div>\n\t\t\t\t<\/div>\n\t\t\t\t\t<\/div>\n\t\t\t\t<\/div>\n\t\t\t\t<\/div>\n\t\t","protected":false},"excerpt":{"rendered":"","protected":false},"author":3,"featured_media":1612,"parent":0,"menu_order":0,"comment_status":"closed","ping_status":"closed","template":"elementor_header_footer","meta":{"_yoast_wpseo_focuskw":"Leanan Sidhe","_yoast_wpseo_title":"Leanan Sidhe \u2013 v\u00edl\u00ed milenka vys\u00e1vaj\u00edc\u00ed b\u00e1sn\u00edky","_yoast_wpseo_metadesc":"Leanan Sidhe, v\u00edl\u00ed milenka irsk\u00fdch b\u00e1sn\u00edk\u016f: inspirace za \u017eivotn\u00ed s\u00edly. Lidov\u00e1 v\u00edra, Yeatsovo ztv\u00e1rn\u011bn\u00ed a tradi\u010dn\u00ed ochrann\u00e9 prost\u0159edky jako \u017eelezo.","_yoast_wpseo_meta-robots-noindex":"","_yoast_wpseo_canonical":"","_angie_page":false,"gefaehrdungsstufe":"4","wesen_kultur":"keltisch","wesen_klasse":"geister","footnotes":""},"categories":[],"class_list":["post-145388","page","type-page","status-publish","has-post-thumbnail","hentry"],"yoast_head":"<!-- This site is optimized with the Yoast SEO Premium plugin v27.7 (Yoast SEO v28.3) - https:\/\/yoast.com\/product\/yoast-seo-premium-wordpress\/ -->\n<title>Leanan Sidhe \u2013 v\u00edl\u00ed milenka vys\u00e1vaj\u00edc\u00ed b\u00e1sn\u00edky<\/title>\n<meta name=\"description\" content=\"Leanan Sidhe, v\u00edl\u00ed milenka irsk\u00fdch b\u00e1sn\u00edk\u016f: inspirace za \u017eivotn\u00ed s\u00edly. Lidov\u00e1 v\u00edra, Yeatsovo ztv\u00e1rn\u011bn\u00ed a tradi\u010dn\u00ed ochrann\u00e9 prost\u0159edky jako \u017eelezo.\" \/>\n<meta name=\"robots\" content=\"index, follow, max-snippet:-1, max-image-preview:large, max-video-preview:-1\" \/>\n<link rel=\"canonical\" href=\"https:\/\/iwell-guard.com\/cs\/leanan-sidhe\/\" \/>\n<meta property=\"og:locale\" content=\"cs_CZ\" \/>\n<meta property=\"og:type\" content=\"article\" \/>\n<meta property=\"og:title\" content=\"Leanan Sidhe\" \/>\n<meta property=\"og:description\" content=\"Leanan Sidhe, v\u00edl\u00ed milenka irsk\u00fdch b\u00e1sn\u00edk\u016f: inspirace za \u017eivotn\u00ed s\u00edly. Lidov\u00e1 v\u00edra, Yeatsovo ztv\u00e1rn\u011bn\u00ed a tradi\u010dn\u00ed ochrann\u00e9 prost\u0159edky jako \u017eelezo.\" \/>\n<meta property=\"og:url\" content=\"https:\/\/iwell-guard.com\/cs\/leanan-sidhe\/\" \/>\n<meta property=\"og:site_name\" content=\"iWell Guard\" \/>\n<meta property=\"article:modified_time\" content=\"2026-09-03T16:54:39+00:00\" \/>\n<meta property=\"og:image\" content=\"https:\/\/iwell-guard.com\/wp-content\/uploads\/2026\/04\/geister_keltisch_leanan-sidhe.webp\" \/>\n\t<meta property=\"og:image:width\" content=\"1024\" \/>\n\t<meta property=\"og:image:height\" content=\"1536\" \/>\n\t<meta property=\"og:image:type\" content=\"image\/webp\" \/>\n<meta name=\"twitter:card\" content=\"summary_large_image\" \/>\n<script type=\"application\/ld+json\" class=\"yoast-schema-graph\">{\"@context\":\"https:\\\/\\\/schema.org\",\"@graph\":[{\"@type\":\"WebPage\",\"@id\":\"https:\\\/\\\/iwell-guard.com\\\/cs\\\/leanan-sidhe\\\/\",\"url\":\"https:\\\/\\\/iwell-guard.com\\\/cs\\\/leanan-sidhe\\\/\",\"name\":\"Leanan Sidhe \u2013 v\u00edl\u00ed milenka vys\u00e1vaj\u00edc\u00ed b\u00e1sn\u00edky\",\"isPartOf\":{\"@id\":\"https:\\\/\\\/iwell-guard.com\\\/cs\\\/#website\"},\"primaryImageOfPage\":{\"@id\":\"https:\\\/\\\/iwell-guard.com\\\/cs\\\/leanan-sidhe\\\/#primaryimage\"},\"image\":{\"@id\":\"https:\\\/\\\/iwell-guard.com\\\/cs\\\/leanan-sidhe\\\/#primaryimage\"},\"thumbnailUrl\":\"https:\\\/\\\/iwell-guard.com\\\/wp-content\\\/uploads\\\/2026\\\/04\\\/geister_keltisch_leanan-sidhe.webp\",\"datePublished\":\"2026-09-03T16:29:50+00:00\",\"dateModified\":\"2026-09-03T16:54:39+00:00\",\"description\":\"Leanan Sidhe, v\u00edl\u00ed milenka irsk\u00fdch b\u00e1sn\u00edk\u016f: inspirace za \u017eivotn\u00ed s\u00edly. Lidov\u00e1 v\u00edra, Yeatsovo ztv\u00e1rn\u011bn\u00ed a tradi\u010dn\u00ed ochrann\u00e9 prost\u0159edky jako \u017eelezo.\",\"breadcrumb\":{\"@id\":\"https:\\\/\\\/iwell-guard.com\\\/cs\\\/leanan-sidhe\\\/#breadcrumb\"},\"inLanguage\":\"cs\",\"potentialAction\":[{\"@type\":\"ReadAction\",\"target\":[\"https:\\\/\\\/iwell-guard.com\\\/cs\\\/leanan-sidhe\\\/\"]}]},{\"@type\":\"ImageObject\",\"inLanguage\":\"cs\",\"@id\":\"https:\\\/\\\/iwell-guard.com\\\/cs\\\/leanan-sidhe\\\/#primaryimage\",\"url\":\"https:\\\/\\\/iwell-guard.com\\\/wp-content\\\/uploads\\\/2026\\\/04\\\/geister_keltisch_leanan-sidhe.webp\",\"contentUrl\":\"https:\\\/\\\/iwell-guard.com\\\/wp-content\\\/uploads\\\/2026\\\/04\\\/geister_keltisch_leanan-sidhe.webp\",\"width\":1024,\"height\":1536,\"caption\":\"Duchov\u00e9 z keltsk\u00e9 tradice.\"},{\"@type\":\"BreadcrumbList\",\"@id\":\"https:\\\/\\\/iwell-guard.com\\\/cs\\\/leanan-sidhe\\\/#breadcrumb\",\"itemListElement\":[{\"@type\":\"ListItem\",\"position\":1,\"name\":\"Start\",\"item\":\"https:\\\/\\\/iwell-guard.com\\\/cs\\\/?page_id=145107\"},{\"@type\":\"ListItem\",\"position\":2,\"name\":\"Leanan Sidhe\"}]},{\"@type\":\"WebSite\",\"@id\":\"https:\\\/\\\/iwell-guard.com\\\/cs\\\/#website\",\"url\":\"https:\\\/\\\/iwell-guard.com\\\/cs\\\/\",\"name\":\"iWell Guard\",\"description\":\"Schutz vor dunklen Einfl\u00fcssen\",\"publisher\":{\"@id\":\"https:\\\/\\\/iwell-guard.com\\\/cs\\\/#organization\"},\"potentialAction\":[{\"@type\":\"SearchAction\",\"target\":{\"@type\":\"EntryPoint\",\"urlTemplate\":\"https:\\\/\\\/iwell-guard.com\\\/cs\\\/?s={search_term_string}\"},\"query-input\":{\"@type\":\"PropertyValueSpecification\",\"valueRequired\":true,\"valueName\":\"search_term_string\"}}],\"inLanguage\":\"cs\"},{\"@type\":\"Organization\",\"@id\":\"https:\\\/\\\/iwell-guard.com\\\/cs\\\/#organization\",\"name\":\"Ittermann electronic GmbH\",\"url\":\"https:\\\/\\\/iwell-guard.com\\\/cs\\\/\",\"logo\":{\"@type\":\"ImageObject\",\"inLanguage\":\"cs\",\"@id\":\"https:\\\/\\\/iwell-guard.com\\\/cs\\\/#\\\/schema\\\/logo\\\/image\\\/\",\"url\":\"https:\\\/\\\/iwell-guard.com\\\/wp-content\\\/uploads\\\/2026\\\/05\\\/Ittermann-Logo-1182x237-1.png\",\"contentUrl\":\"https:\\\/\\\/iwell-guard.com\\\/wp-content\\\/uploads\\\/2026\\\/05\\\/Ittermann-Logo-1182x237-1.png\",\"width\":1182,\"height\":237,\"caption\":\"Ittermann electronic GmbH\"},\"image\":{\"@id\":\"https:\\\/\\\/iwell-guard.com\\\/cs\\\/#\\\/schema\\\/logo\\\/image\\\/\"},\"sameAs\":[\"https:\\\/\\\/pantip.com\\\/profile\\\/9367242\",\"https:\\\/\\\/micro.blog\\\/iwellguard\",\"https:\\\/\\\/www.diggerslist.com\\\/iwellguard\\\/about\",\"https:\\\/\\\/skitterphoto.com\\\/photographers\\\/2870314\\\/iwell-guard\",\"https:\\\/\\\/iwellguard.wordpress.com\\\/2026\\\/06\\\/06\\\/iwell-guard\\\/\",\"https:\\\/\\\/hub.docker.com\\\/u\\\/iwellguard\",\"https:\\\/\\\/www.pinterest.com\\\/iwellguard\\\/\",\"https:\\\/\\\/bit.ly\\\/m\\\/iwellguard\",\"https:\\\/\\\/entre-vos-mains.alsace.eu\\\/profiles\\\/iwellguard\\\/activity\",\"https:\\\/\\\/gravatar.com\\\/reallybeded8fd34\",\"https:\\\/\\\/naijamatta.com\\\/iwellguard\",\"https:\\\/\\\/www.goodreads.com\\\/iwellguard\",\"https:\\\/\\\/profile.hatena.ne.jp\\\/iwellguard\\\/\",\"https:\\\/\\\/experiment.com\\\/users\\\/iwellguard\",\"https:\\\/\\\/wakelet.com\\\/@iWellGuard82270\",\"https:\\\/\\\/www.chordie.com\\\/forum\\\/profile.php?id=2555664\",\"https:\\\/\\\/www.instapaper.com\\\/p\\\/17757966\",\"https:\\\/\\\/www.mapleprimes.com\\\/users\\\/iwellguard\",\"https:\\\/\\\/businesslistingplus.com\\\/profile\\\/iwell-guard\\\/\",\"https:\\\/\\\/telegra.ph\\\/iWell-Guard-06-06\",\"https:\\\/\\\/pbase.com\\\/iwellguard\\\/iwellguard\",\"https:\\\/\\\/b.hatena.ne.jp\\\/iwellguard\\\/20260607#bookmark-4788405196491818882\",\"https:\\\/\\\/fliphtml5.com\\\/home\\\/iwellguard\",\"https:\\\/\\\/anyflip.com\\\/homepage\\\/cmiwl#About\",\"https:\\\/\\\/transfur.com\\\/Users\\\/iwellguard\",\"http:\\\/\\\/delphi.larsbo.org\\\/user\\\/iwellguard\",\"https:\\\/\\\/jobs.lajobsportal.org\\\/profiles\\\/8380803-iwell-guard\",\"https:\\\/\\\/md.chaosdorf.de\\\/s\\\/jfbe5SBdJD\",\"https:\\\/\\\/www.lingvolive.com\\\/en-us\\\/profile\\\/9ecaeaca-ce11-4e51-9e71-01d55e2bff36\\\/translations\",\"https:\\\/\\\/www.fitday.com\\\/fitness\\\/forums\\\/members\\\/iwellguard.html\",\"https:\\\/\\\/www.mymeetbook.com\\\/iwellguard\",\"https:\\\/\\\/pxhere.com\\\/en\\\/photographer-me\\\/5040798\",\"https:\\\/\\\/disqus.com\\\/by\\\/iwellguard\\\/about\\\/\",\"https:\\\/\\\/pastelink.net\\\/hjwciqwq\",\"https:\\\/\\\/pubhtml5.com\\\/homepage\\\/scjhn\\\/\",\"https:\\\/\\\/www.bitchute.com\\\/channel\\\/2O2eOKzNqujT\",\"https:\\\/\\\/audiomack.com\\\/iwellguard\"]},{\"@type\":\"Article\",\"@id\":\"https:\\\/\\\/iwell-guard.com\\\/cs\\\/leanan-sidhe\\\/#article\",\"isPartOf\":{\"@id\":\"https:\\\/\\\/iwell-guard.com\\\/cs\\\/leanan-sidhe\\\/\"},\"author\":{\"name\":\"Ralf Ittermann\",\"@id\":\"https:\\\/\\\/iwell-guard.com\\\/cs\\\/#\\\/schema\\\/person\\\/ee2a27f1cac3406c7c6fb5820cb7349f\"},\"headline\":\"Leanan Sidhe\",\"datePublished\":\"2026-09-03T16:29:50+00:00\",\"dateModified\":\"2026-09-03T16:54:39+00:00\",\"mainEntityOfPage\":{\"@id\":\"https:\\\/\\\/iwell-guard.com\\\/cs\\\/leanan-sidhe\\\/\"},\"publisher\":{\"@id\":\"https:\\\/\\\/iwell-guard.com\\\/cs\\\/#organization\"},\"image\":{\"@id\":\"https:\\\/\\\/iwell-guard.com\\\/cs\\\/leanan-sidhe\\\/#primaryimage\"},\"thumbnailUrl\":\"https:\\\/\\\/iwell-guard.com\\\/wp-content\\\/uploads\\\/2026\\\/04\\\/geister_keltisch_leanan-sidhe.webp\",\"inLanguage\":\"cs\",\"description\":\"Leanan Sidhe, v\u00edl\u00ed milenka irsk\u00fdch b\u00e1sn\u00edk\u016f: inspirace za \u017eivotn\u00ed s\u00edly. Lidov\u00e1 v\u00edra, Yeatsovo ztv\u00e1rn\u011bn\u00ed a tradi\u010dn\u00ed ochrann\u00e9 prost\u0159edky jako \u017eelezo.\"}]}<\/script>\n<!-- \/ Yoast SEO Premium plugin. -->","yoast_head_json":{"title":"Leanan Sidhe \u2013 v\u00edl\u00ed milenka vys\u00e1vaj\u00edc\u00ed b\u00e1sn\u00edky","description":"Leanan Sidhe, v\u00edl\u00ed milenka irsk\u00fdch b\u00e1sn\u00edk\u016f: inspirace za \u017eivotn\u00ed s\u00edly. Lidov\u00e1 v\u00edra, Yeatsovo ztv\u00e1rn\u011bn\u00ed a tradi\u010dn\u00ed ochrann\u00e9 prost\u0159edky jako \u017eelezo.","robots":{"index":"index","follow":"follow","max-snippet":"max-snippet:-1","max-image-preview":"max-image-preview:large","max-video-preview":"max-video-preview:-1"},"canonical":"https:\/\/iwell-guard.com\/cs\/leanan-sidhe\/","og_locale":"cs_CZ","og_type":"article","og_title":"Leanan Sidhe","og_description":"Leanan Sidhe, v\u00edl\u00ed milenka irsk\u00fdch b\u00e1sn\u00edk\u016f: inspirace za \u017eivotn\u00ed s\u00edly. Lidov\u00e1 v\u00edra, Yeatsovo ztv\u00e1rn\u011bn\u00ed a tradi\u010dn\u00ed ochrann\u00e9 prost\u0159edky jako \u017eelezo.","og_url":"https:\/\/iwell-guard.com\/cs\/leanan-sidhe\/","og_site_name":"iWell Guard","article_modified_time":"2026-09-03T16:54:39+00:00","og_image":[{"width":1024,"height":1536,"url":"https:\/\/iwell-guard.com\/wp-content\/uploads\/2026\/04\/geister_keltisch_leanan-sidhe.webp","type":"image\/webp"}],"twitter_card":"summary_large_image","schema":{"@context":"https:\/\/schema.org","@graph":[{"@type":"Article","@id":"https:\/\/iwell-guard.com\/cs\/leanan-sidhe\/#article","isPartOf":{"@id":"https:\/\/iwell-guard.com\/cs\/leanan-sidhe\/"},"author":{"name":"Ralf Ittermann","@id":"https:\/\/iwell-guard.com\/cs\/#\/schema\/person\/ee2a27f1cac3406c7c6fb5820cb7349f"},"headline":"Leanan Sidhe","datePublished":"2026-09-03T16:29:50+00:00","dateModified":"2026-09-03T16:54:39+00:00","mainEntityOfPage":{"@id":"https:\/\/iwell-guard.com\/cs\/leanan-sidhe\/"},"publisher":{"@id":"https:\/\/iwell-guard.com\/cs\/#organization"},"image":{"@id":"https:\/\/iwell-guard.com\/cs\/leanan-sidhe\/#primaryimage"},"thumbnailUrl":"https:\/\/iwell-guard.com\/wp-content\/uploads\/2026\/04\/geister_keltisch_leanan-sidhe.webp","inLanguage":"cs","description":"Leanan Sidhe, v\u00edl\u00ed milenka irsk\u00fdch b\u00e1sn\u00edk\u016f: inspirace za \u017eivotn\u00ed s\u00edly. Lidov\u00e1 v\u00edra, Yeatsovo ztv\u00e1rn\u011bn\u00ed a tradi\u010dn\u00ed ochrann\u00e9 prost\u0159edky jako \u017eelezo."},{"@type":"WebPage","@id":"https:\/\/iwell-guard.com\/cs\/leanan-sidhe\/","url":"https:\/\/iwell-guard.com\/cs\/leanan-sidhe\/","name":"Leanan Sidhe \u2013 v\u00edl\u00ed milenka vys\u00e1vaj\u00edc\u00ed b\u00e1sn\u00edky","isPartOf":{"@id":"https:\/\/iwell-guard.com\/cs\/#website"},"primaryImageOfPage":{"@id":"https:\/\/iwell-guard.com\/cs\/leanan-sidhe\/#primaryimage"},"image":{"@id":"https:\/\/iwell-guard.com\/cs\/leanan-sidhe\/#primaryimage"},"thumbnailUrl":"https:\/\/iwell-guard.com\/wp-content\/uploads\/2026\/04\/geister_keltisch_leanan-sidhe.webp","datePublished":"2026-09-03T16:29:50+00:00","dateModified":"2026-09-03T16:54:39+00:00","description":"Leanan Sidhe, v\u00edl\u00ed milenka irsk\u00fdch b\u00e1sn\u00edk\u016f: inspirace za \u017eivotn\u00ed s\u00edly. Lidov\u00e1 v\u00edra, Yeatsovo ztv\u00e1rn\u011bn\u00ed a tradi\u010dn\u00ed ochrann\u00e9 prost\u0159edky jako \u017eelezo.","breadcrumb":{"@id":"https:\/\/iwell-guard.com\/cs\/leanan-sidhe\/#breadcrumb"},"inLanguage":"cs","potentialAction":[{"@type":"ReadAction","target":["https:\/\/iwell-guard.com\/cs\/leanan-sidhe\/"]}]},{"@type":"ImageObject","inLanguage":"cs","@id":"https:\/\/iwell-guard.com\/cs\/leanan-sidhe\/#primaryimage","url":"https:\/\/iwell-guard.com\/wp-content\/uploads\/2026\/04\/geister_keltisch_leanan-sidhe.webp","contentUrl":"https:\/\/iwell-guard.com\/wp-content\/uploads\/2026\/04\/geister_keltisch_leanan-sidhe.webp","width":1024,"height":1536,"caption":"Duchov\u00e9 z keltsk\u00e9 tradice."},{"@type":"BreadcrumbList","@id":"https:\/\/iwell-guard.com\/cs\/leanan-sidhe\/#breadcrumb","itemListElement":[{"@type":"ListItem","position":1,"name":"Start","item":"https:\/\/iwell-guard.com\/cs\/?page_id=145107"},{"@type":"ListItem","position":2,"name":"Leanan Sidhe"}]},{"@type":"WebSite","@id":"https:\/\/iwell-guard.com\/cs\/#website","url":"https:\/\/iwell-guard.com\/cs\/","name":"iWell Guard","description":"Schutz vor dunklen Einfl\u00fcssen","publisher":{"@id":"https:\/\/iwell-guard.com\/cs\/#organization"},"potentialAction":[{"@type":"SearchAction","target":{"@type":"EntryPoint","urlTemplate":"https:\/\/iwell-guard.com\/cs\/?s={search_term_string}"},"query-input":{"@type":"PropertyValueSpecification","valueRequired":true,"valueName":"search_term_string"}}],"inLanguage":"cs"},{"@type":"Organization","@id":"https:\/\/iwell-guard.com\/cs\/#organization","name":"Ittermann electronic GmbH","url":"https:\/\/iwell-guard.com\/cs\/","logo":{"@type":"ImageObject","inLanguage":"cs","@id":"https:\/\/iwell-guard.com\/cs\/#\/schema\/logo\/image\/","url":"https:\/\/iwell-guard.com\/wp-content\/uploads\/2026\/05\/Ittermann-Logo-1182x237-1.png","contentUrl":"https:\/\/iwell-guard.com\/wp-content\/uploads\/2026\/05\/Ittermann-Logo-1182x237-1.png","width":1182,"height":237,"caption":"Ittermann electronic GmbH"},"image":{"@id":"https:\/\/iwell-guard.com\/cs\/#\/schema\/logo\/image\/"},"sameAs":["https:\/\/pantip.com\/profile\/9367242","https:\/\/micro.blog\/iwellguard","https:\/\/www.diggerslist.com\/iwellguard\/about","https:\/\/skitterphoto.com\/photographers\/2870314\/iwell-guard","https:\/\/iwellguard.wordpress.com\/2026\/06\/06\/iwell-guard\/","https:\/\/hub.docker.com\/u\/iwellguard","https:\/\/www.pinterest.com\/iwellguard\/","https:\/\/bit.ly\/m\/iwellguard","https:\/\/entre-vos-mains.alsace.eu\/profiles\/iwellguard\/activity","https:\/\/gravatar.com\/reallybeded8fd34","https:\/\/naijamatta.com\/iwellguard","https:\/\/www.goodreads.com\/iwellguard","https:\/\/profile.hatena.ne.jp\/iwellguard\/","https:\/\/experiment.com\/users\/iwellguard","https:\/\/wakelet.com\/@iWellGuard82270","https:\/\/www.chordie.com\/forum\/profile.php?id=2555664","https:\/\/www.instapaper.com\/p\/17757966","https:\/\/www.mapleprimes.com\/users\/iwellguard","https:\/\/businesslistingplus.com\/profile\/iwell-guard\/","https:\/\/telegra.ph\/iWell-Guard-06-06","https:\/\/pbase.com\/iwellguard\/iwellguard","https:\/\/b.hatena.ne.jp\/iwellguard\/20260607#bookmark-4788405196491818882","https:\/\/fliphtml5.com\/home\/iwellguard","https:\/\/anyflip.com\/homepage\/cmiwl#About","https:\/\/transfur.com\/Users\/iwellguard","http:\/\/delphi.larsbo.org\/user\/iwellguard","https:\/\/jobs.lajobsportal.org\/profiles\/8380803-iwell-guard","https:\/\/md.chaosdorf.de\/s\/jfbe5SBdJD","https:\/\/www.lingvolive.com\/en-us\/profile\/9ecaeaca-ce11-4e51-9e71-01d55e2bff36\/translations","https:\/\/www.fitday.com\/fitness\/forums\/members\/iwellguard.html","https:\/\/www.mymeetbook.com\/iwellguard","https:\/\/pxhere.com\/en\/photographer-me\/5040798","https:\/\/disqus.com\/by\/iwellguard\/about\/","https:\/\/pastelink.net\/hjwciqwq","https:\/\/pubhtml5.com\/homepage\/scjhn\/","https:\/\/www.bitchute.com\/channel\/2O2eOKzNqujT","https:\/\/audiomack.com\/iwellguard"]},{"@type":"Person","@id":"https:\/\/iwell-guard.com\/cs\/#\/schema\/person\/ee2a27f1cac3406c7c6fb5820cb7349f","name":"Ralf Ittermann","image":{"@type":"ImageObject","inLanguage":"cs","@id":"https:\/\/secure.gravatar.com\/avatar\/073c0153e350a5005b68eb752b445fea71f6b24a26da9449ad7e155e6b446c9d?s=96&d=mm&r=g","url":"https:\/\/secure.gravatar.com\/avatar\/073c0153e350a5005b68eb752b445fea71f6b24a26da9449ad7e155e6b446c9d?s=96&d=mm&r=g","contentUrl":"https:\/\/secure.gravatar.com\/avatar\/073c0153e350a5005b68eb752b445fea71f6b24a26da9449ad7e155e6b446c9d?s=96&d=mm&r=g","caption":"Ralf Ittermann"},"givenName":"Ralf","familyName":"Ittermann","jobTitle":"Gesch\u00e4ftsf\u00fchrer und redaktioneller Verantwortlicher","url":"https:\/\/iwell-guard.com\/cs\/author\/claude\/","description":"Ralf Ittermann ist Gesch\u00e4ftsf\u00fchrer der Ittermann electronic GmbH und redaktioneller Verantwortlicher des iWell-Guard-Lexikons. Er verbindet langj\u00e4hrige Erfahrung in der Pr\u00e4zisionsfertigung mit medialer Praxis und religionsgeschichtlicher Quellenarbeit.","worksFor":{"@type":"Organization","name":"Ittermann electronic GmbH","url":"https:\/\/ittermann.de\/","address":{"@type":"PostalAddress","streetAddress":"K\u00f6hlergasse 16-18","postalCode":"99842","addressLocality":"Ruhla","addressCountry":"DE"}},"knowsAbout":["Religionsgeschichte","Mythologie","Mediale Praxis","Energetische Diagnostik","Schutzpraxis","Volksglauben","Westliche Esoterik"]},{"@type":"Article","@id":"https:\/\/iwell-guard.com\/cs\/leanan-sidhe\/#article","isPartOf":{"@id":"https:\/\/iwell-guard.com\/cs\/leanan-sidhe\/"},"author":{"name":"Ralf Ittermann","@id":"https:\/\/iwell-guard.com\/cs\/#\/schema\/person\/ee2a27f1cac3406c7c6fb5820cb7349f"},"headline":"Leanan Sidhe","datePublished":"2026-09-03T16:29:50+00:00","dateModified":"2026-09-03T16:54:39+00:00","mainEntityOfPage":{"@id":"https:\/\/iwell-guard.com\/cs\/leanan-sidhe\/"},"publisher":{"@id":"https:\/\/iwell-guard.com\/cs\/#organization"},"image":{"@id":"https:\/\/iwell-guard.com\/cs\/leanan-sidhe\/#primaryimage"},"thumbnailUrl":"https:\/\/iwell-guard.com\/wp-content\/uploads\/2026\/04\/geister_keltisch_leanan-sidhe.webp","inLanguage":"cs","description":"Leanan Sidhe, v\u00edl\u00ed milenka irsk\u00fdch b\u00e1sn\u00edk\u016f: inspirace za \u017eivotn\u00ed s\u00edly. Lidov\u00e1 v\u00edra, Yeatsovo ztv\u00e1rn\u011bn\u00ed a tradi\u010dn\u00ed ochrann\u00e9 prost\u0159edky jako \u017eelezo."}]}},"_links":{"self":[{"href":"https:\/\/iwell-guard.com\/cs\/wp-json\/wp\/v2\/pages\/145388","targetHints":{"allow":["GET"]}}],"collection":[{"href":"https:\/\/iwell-guard.com\/cs\/wp-json\/wp\/v2\/pages"}],"about":[{"href":"https:\/\/iwell-guard.com\/cs\/wp-json\/wp\/v2\/types\/page"}],"author":[{"embeddable":true,"href":"https:\/\/iwell-guard.com\/cs\/wp-json\/wp\/v2\/users\/3"}],"replies":[{"embeddable":true,"href":"https:\/\/iwell-guard.com\/cs\/wp-json\/wp\/v2\/comments?post=145388"}],"version-history":[{"count":0,"href":"https:\/\/iwell-guard.com\/cs\/wp-json\/wp\/v2\/pages\/145388\/revisions"}],"wp:featuredmedia":[{"embeddable":true,"href":"https:\/\/iwell-guard.com\/cs\/wp-json\/wp\/v2\/media\/1612"}],"wp:attachment":[{"href":"https:\/\/iwell-guard.com\/cs\/wp-json\/wp\/v2\/media?parent=145388"}],"wp:term":[{"taxonomy":"category","embeddable":true,"href":"https:\/\/iwell-guard.com\/cs\/wp-json\/wp\/v2\/categories?post=145388"}],"curies":[{"name":"wp","href":"https:\/\/api.w.org\/{rel}","templated":true}]}}