{"id":145384,"date":"2026-09-03T16:29:47","date_gmt":"2026-09-03T16:29:47","guid":{"rendered":"https:\/\/iwell-guard.com\/?page_id=145384"},"modified":"2026-09-03T16:54:31","modified_gmt":"2026-09-03T16:54:31","slug":"erzulie-freda","status":"publish","type":"page","link":"https:\/\/iwell-guard.com\/cs\/erzulie-freda\/","title":{"rendered":"Erzulie Freda"},"content":{"rendered":"\t\t<div data-elementor-type=\"wp-page\" data-elementor-id=\"145384\" class=\"elementor elementor-145384 elementor-2177 elementor-bc-flex-widget\" data-elementor-post-type=\"page\">\n\t\t\t\t<div class=\"elementor-element elementor-element-10fdade e-flex e-con-boxed e-con e-parent\" data-id=\"10fdade\" data-element_type=\"container\" data-e-type=\"container\" data-settings=\"{&quot;background_background&quot;:&quot;classic&quot;}\">\n\t\t\t\t\t<div class=\"e-con-inner\">\n\t\t<div class=\"elementor-element elementor-element-herohlft0 e-flex e-con-boxed e-con e-child\" data-id=\"herohlft0\" data-element_type=\"container\" data-e-type=\"container\">\n\t\t\t\t\t<div class=\"e-con-inner\">\n\t\t<div class=\"elementor-element elementor-element-c3ceb64 e-con-full e-flex e-con e-child\" data-id=\"c3ceb64\" data-element_type=\"container\" data-e-type=\"container\">\n\t\t\t\t<div class=\"elementor-element elementor-element-96ae5e1 elementor-widget elementor-widget-heading\" data-id=\"96ae5e1\" data-element_type=\"widget\" data-e-type=\"widget\" data-widget_type=\"heading.default\">\n\t\t\t\t\t<h1 class=\"elementor-heading-title elementor-size-default\">Erzulie, bohyn\u011b haitsk\u00e9 tradice<\/h1>\t\t\t\t<\/div>\n\t\t\t\t<div class=\"elementor-element elementor-element-e45238a elementor-widget elementor-widget-text-editor\" data-id=\"e45238a\" data-element_type=\"widget\" data-e-type=\"widget\" data-widget_type=\"text-editor.default\">\n\t\t\t\t\t\t\t\t\t<p>Erzulie je bohyn\u011b haitsk\u00e9 tradice.<\/p><p><strong>Bohyn\u011b l\u00e1sky, kr\u00e1sy a touhy, kr\u00e1lovna p\u016fvabu.<\/strong> Erzulie Freda je loa \u017eensk\u00e9 jemnosti, luxusu, erotiky a rafinovan\u00fdch cit\u016f. Objevuje se v r\u016f\u017eov\u00fdch a sv\u011btle modr\u00fdch \u0161\u00e1tc\u00edch, obklopena zrcadly, parf\u00e9my a r\u016f\u017eemi.<\/p><p>Jej\u00ed slzy jsou skute\u010dn\u00e9, proto\u017ee c\u00edt\u00ed utrpen\u00ed lidstva. Ale jej\u00ed sm\u00edch je bo\u017esk\u00fd a pln\u00fd \u017eivota. Kdo ct\u00ed Erzulie Fredu, za\u017e\u00edv\u00e1 l\u00e1sku, kr\u00e1su a \u00fat\u011bchu d\u016fv\u011brn\u00e9 bl\u00edzkosti.<\/p>\t\t\t\t\t\t\t\t<\/div>\n\t\t\t\t<\/div>\n\t\t<div class=\"elementor-element elementor-element-klsbdg01 e-con-full e-flex e-con e-parent\" data-id=\"klsbdg01\" data-element_type=\"container\" data-e-type=\"container\">\n\t\t\t\t<div class=\"elementor-element elementor-element-klshtm01 elementor-widget elementor-widget-html\" data-id=\"klshtm01\" data-element_type=\"widget\" data-e-type=\"widget\" data-widget_type=\"html.default\">\n\t\t\t\t\t<div class=\"iwg-pill-row\"><span class=\"iwg-klasse-badge\" tabindex=\"0\" data-tooltip=\"B\u016fh \/ Bohyn\u011b: Personifikovan\u00e1 nejvy\u0161\u0161\u00ed moc v panteonu ur\u010dit\u00e9 kultury s jasn\u011b vymezen\u00fdmi oblastmi p\u016fsobnosti, jako jsou p\u0159\u00edrodn\u00ed s\u00edly, osud, v\u00e1lka nebo plodnost. Uct\u00edv\u00e1na prost\u0159ednictv\u00edm kult\u016f, ob\u011bt\u00ed a chr\u00e1mov\u00fdch instituc\u00ed.\">Bohyn\u011b<\/span><a href=\"https:\/\/iwell-guard.com\/cs\/?page_id=145392\" class=\"iwg-kultur-badge\" tabindex=\"0\" data-tooltip=\"Haitsko-z\u00e1padoafrick\u00e1 vodou tradice s bytostmi lwa, kter\u00e1 se z n\u00e1bo\u017eenskohistorick\u00e9ho hlediska roz\u0161\u00ed\u0159ila ze z\u00e1padn\u00ed Afriky do Karibiku.\">Vodou<\/a><\/div>\t\t\t\t<\/div>\n\t\t\t\t<\/div>\n\t\t<div class=\"elementor-element elementor-element-3f74855 e-con-full e-flex e-con e-child\" data-id=\"3f74855\" data-element_type=\"container\" data-e-type=\"container\">\n\t\t\t\t<div class=\"elementor-element elementor-element-1c30362 elementor-toc--minimized-on-tablet elementor-widget elementor-widget-table-of-contents\" data-id=\"1c30362\" data-element_type=\"widget\" data-e-type=\"widget\" data-settings=\"{&quot;exclude_headings_by_selector&quot;:[],&quot;no_headings_message&quot;:&quot;Na t\\u00e9to str\\u00e1nce nebyly nalezeny \\u017e\\u00e1dn\\u00e9 nadpisy.&quot;,&quot;headings_by_tags&quot;:[&quot;h2&quot;,&quot;h3&quot;],&quot;marker_view&quot;:&quot;bullets&quot;,&quot;minimize_box&quot;:&quot;yes&quot;,&quot;icon&quot;:{&quot;value&quot;:&quot;fas fa-circle&quot;,&quot;library&quot;:&quot;fa-solid&quot;,&quot;rendered_tag&quot;:&quot;&lt;svg class=\\&quot;e-font-icon-svg e-fas-circle\\&quot; viewBox=\\&quot;0 0 512 512\\&quot; xmlns=\\&quot;http:\\\/\\\/www.w3.org\\\/2000\\\/svg\\&quot;&gt;&lt;path d=\\&quot;M256 8C119 8 8 119 8 256s111 248 248 248 248-111 248-248S393 8 256 8z\\&quot;&gt;&lt;\\\/path&gt;&lt;\\\/svg&gt;&quot;},&quot;minimized_on&quot;:&quot;tablet&quot;,&quot;hierarchical_view&quot;:&quot;yes&quot;,&quot;min_height&quot;:{&quot;unit&quot;:&quot;px&quot;,&quot;size&quot;:&quot;&quot;,&quot;sizes&quot;:[]},&quot;min_height_tablet&quot;:{&quot;unit&quot;:&quot;px&quot;,&quot;size&quot;:&quot;&quot;,&quot;sizes&quot;:[]},&quot;min_height_mobile&quot;:{&quot;unit&quot;:&quot;px&quot;,&quot;size&quot;:&quot;&quot;,&quot;sizes&quot;:[]}}\" data-widget_type=\"table-of-contents.default\">\n\t\t\t\t\t\t\t\t\t<div class=\"elementor-toc__header\">\n\t\t\t\t\t\t<h2 class=\"elementor-toc__header-title\">\n\t\t\t\tObsah\t\t\t<\/h2>\n\t\t\t\t\t\t\t\t\t\t<div class=\"elementor-toc__toggle-button elementor-toc__toggle-button--expand\" role=\"button\" tabindex=\"0\" aria-controls=\"elementor-toc__1c30362\" aria-expanded=\"true\" aria-label=\"Open table of contents\"><svg aria-hidden=\"true\" class=\"e-font-icon-svg e-fas-chevron-down\" viewBox=\"0 0 448 512\" xmlns=\"http:\/\/www.w3.org\/2000\/svg\"><path d=\"M207.029 381.476L12.686 187.132c-9.373-9.373-9.373-24.569 0-33.941l22.667-22.667c9.357-9.357 24.522-9.375 33.901-.04L224 284.505l154.745-154.021c9.379-9.335 24.544-9.317 33.901.04l22.667 22.667c9.373 9.373 9.373 24.569 0 33.941L240.971 381.476c-9.373 9.372-24.569 9.372-33.942 0z\"><\/path><\/svg><\/div>\n\t\t\t\t<div class=\"elementor-toc__toggle-button elementor-toc__toggle-button--collapse\" role=\"button\" tabindex=\"0\" aria-controls=\"elementor-toc__1c30362\" aria-expanded=\"true\" aria-label=\"Close table of contents\"><svg aria-hidden=\"true\" class=\"e-font-icon-svg e-fas-chevron-up\" viewBox=\"0 0 448 512\" xmlns=\"http:\/\/www.w3.org\/2000\/svg\"><path d=\"M240.971 130.524l194.343 194.343c9.373 9.373 9.373 24.569 0 33.941l-22.667 22.667c-9.357 9.357-24.522 9.375-33.901.04L224 227.495 69.255 381.516c-9.379 9.335-24.544 9.317-33.901-.04l-22.667-22.667c-9.373-9.373-9.373-24.569 0-33.941L207.03 130.525c9.372-9.373 24.568-9.373 33.941-.001z\"><\/path><\/svg><\/div>\n\t\t\t\t\t<\/div>\n\t\t\t\t<div id=\"elementor-toc__1c30362\" class=\"elementor-toc__body\">\n\t\t\t<div class=\"elementor-toc__spinner-container\">\n\t\t\t\t<svg class=\"elementor-toc__spinner eicon-animation-spin e-font-icon-svg e-eicon-loading\" aria-hidden=\"true\" viewBox=\"0 0 1000 1000\" xmlns=\"http:\/\/www.w3.org\/2000\/svg\"><path d=\"M500 975V858C696 858 858 696 858 500S696 142 500 142 142 304 142 500H25C25 237 238 25 500 25S975 237 975 500 763 975 500 975Z\"><\/path><\/svg>\t\t\t<\/div>\n\t\t<\/div>\n\t\t\t\t\t\t<\/div>\n\t\t\t\t<\/div>\n\t\t\t\t\t<\/div>\n\t\t\t\t<\/div>\n\t\t<div class=\"elementor-element elementor-element-herorght0 e-con-full e-flex e-con e-child\" data-id=\"herorght0\" data-element_type=\"container\" data-e-type=\"container\">\n\t\t\t\t<div class=\"elementor-element elementor-element-heroimg00 iwg-hero-image elementor-widget elementor-widget-image\" data-id=\"heroimg00\" data-element_type=\"widget\" data-e-type=\"widget\" data-widget_type=\"image.default\">\n\t\t\t\t\t\t\t\t\t\t\t\t\t\t\t<img fetchpriority=\"high\" decoding=\"async\" width=\"683\" height=\"1024\" src=\"https:\/\/iwell-guard.com\/wp-content\/uploads\/2026\/04\/goetter_vodou_erzulie-freda-683x1024.webp\" class=\"attachment-large size-large wp-image-147455\" alt=\"Erzulie Freda - bohov\u00e9 z vodou tradice, historicko-ilustrativn\u00ed\" srcset=\"https:\/\/iwell-guard.com\/wp-content\/uploads\/2026\/04\/goetter_vodou_erzulie-freda-683x1024.webp 683w, https:\/\/iwell-guard.com\/wp-content\/uploads\/2026\/04\/goetter_vodou_erzulie-freda-200x300.webp 200w, https:\/\/iwell-guard.com\/wp-content\/uploads\/2026\/04\/goetter_vodou_erzulie-freda-768x1152.webp 768w, https:\/\/iwell-guard.com\/wp-content\/uploads\/2026\/04\/goetter_vodou_erzulie-freda.webp 1024w\" sizes=\"(max-width: 683px) 100vw, 683px\" \/>\t\t\t\t\t\t\t\t\t\t\t\t\t\t\t<\/div>\n\t\t\t\t<\/div>\n\t\t\t\t\t<\/div>\n\t\t\t\t<\/div>\n\t\t<div class=\"elementor-element elementor-element-32917199 e-flex e-con-boxed e-con e-parent\" data-id=\"32917199\" data-element_type=\"container\" data-e-type=\"container\">\n\t\t\t\t\t<div class=\"e-con-inner\">\n\t\t<div class=\"elementor-element elementor-element-26e916cb e-flex e-con-boxed e-con e-child\" data-id=\"26e916cb\" data-element_type=\"container\" data-e-type=\"container\">\n\t\t\t\t\t<div class=\"e-con-inner\">\n\t\t<div class=\"elementor-element elementor-element-253a40d4 e-flex e-con-boxed e-con e-child\" data-id=\"253a40d4\" data-element_type=\"container\" data-e-type=\"container\">\n\t\t\t\t\t<div class=\"e-con-inner\">\n\t\t\t\t<div class=\"elementor-element elementor-element-1200c304 elementor-widget elementor-widget-heading\" data-id=\"1200c304\" data-element_type=\"widget\" data-e-type=\"widget\" data-widget_type=\"heading.default\">\n\t\t\t\t\t<h2 class=\"elementor-heading-title elementor-size-default\">Erzulie<\/h2>\t\t\t\t<\/div>\n\t\t\t\t\t<\/div>\n\t\t\t\t<\/div>\n\t\t<div class=\"elementor-element elementor-element-159dcf9a e-flex e-con-boxed e-con e-child\" data-id=\"159dcf9a\" data-element_type=\"container\" data-e-type=\"container\">\n\t\t\t\t\t<div class=\"e-con-inner\">\n\t\t\t\t<div class=\"elementor-element elementor-element-48cee66f elementor-widget elementor-widget-heading\" data-id=\"48cee66f\" data-element_type=\"widget\" data-e-type=\"widget\" data-widget_type=\"heading.default\">\n\t\t\t\t\t<h2 class=\"elementor-heading-title elementor-size-default\">Rychl\u00fd p\u0159ehled: Erzulie<\/h2>\t\t\t\t<\/div>\n\t\t\t\t<div class=\"elementor-element elementor-element-3f50d82c elementor-widget elementor-widget-text-editor\" data-id=\"3f50d82c\" data-element_type=\"widget\" data-e-type=\"widget\" data-widget_type=\"text-editor.default\">\n\t\t\t\t\t\t\t\t\t<p><strong>Typ:<\/strong> vodou loa l\u00e1sky a kr\u00e1sy (rodina Rada)<br><span class=\"iwg-fachbegriff\" data-tooltip=\"Souhrn boh\u016f ur\u010dit\u00e9ho n\u00e1bo\u017eenstv\u00ed nebo kultury.\" tabindex=\"0\">Panteon<\/span>: vodou (Haiti), louisiansk\u00e9 vodou (Erzulie Freda Dahomey)<br>Funkce: l\u00e1ska, touha, kr\u00e1sa, bohatstv\u00ed, marnivost<br>Hlavn\u00ed atributy: zlat\u00e9 \u0161perky, sladkosti, parf\u00e9m, t\u0159i prsteny (svatebn\u00ed <span class=\"iwg-fachbegriff\" data-tooltip=\"Znak, kter\u00fd zastupuje ur\u010ditou my\u0161lenku nebo v\u00fdznam.\" tabindex=\"0\">symbol<\/span>)<br>Hlavn\u00ed kultovn\u00ed m\u00edsta: hounfor-<span class=\"iwg-fachbegriff\" data-tooltip=\"Stavba slou\u017e\u00edc\u00ed k uct\u00edv\u00e1n\u00ed jednoho nebo v\u00edce bo\u017estev.\" tabindex=\"0\">chr\u00e1m<\/span>, \u017eensk\u00e9 svatyn\u011b, soukrom\u00e9 olt\u00e1\u0159e<br><span class=\"iwg-fachbegriff\" tabindex=\"0\" data-tooltip=\"Splynut\u00ed prvk\u016f r\u016fzn\u00fdch n\u00e1bo\u017eenstv\u00ed nebo kult\u016f do nov\u00fdch sm\u00ed\u0161en\u00fdch forem, nap\u0159\u00edklad v haitsk\u00e9m vodou (lwa a katoli\u010dt\u00ed svat\u00ed).\">Synkretismus<\/span> s Mari\u00ed: Mater Dolorosa<\/p>\t\t\t\t\t\t\t\t<\/div>\n\t\t\t\t\t<\/div>\n\t\t\t\t<\/div>\n\t\t\t\t\t<\/div>\n\t\t\t\t<\/div>\n\t\t\t\t\t<\/div>\n\t\t\t\t<\/div>\n\t\t<div class=\"elementor-element elementor-element-18613602 e-flex e-con-boxed e-con e-parent\" data-id=\"18613602\" data-element_type=\"container\" data-e-type=\"container\">\n\t\t\t\t\t<div class=\"e-con-inner\">\n\t\t\t\t<div class=\"elementor-element elementor-element-262b8a9f elementor-widget elementor-widget-heading\" data-id=\"262b8a9f\" data-element_type=\"widget\" data-e-type=\"widget\" data-widget_type=\"heading.default\">\n\t\t\t\t\t<h2 class=\"elementor-heading-title elementor-size-default\">Kontext<\/h2>\t\t\t\t<\/div>\n\t\t<div class=\"elementor-element elementor-element-46dcb7d e-con-full e-flex e-con e-child\" data-id=\"46dcb7d\" data-element_type=\"container\" data-e-type=\"container\">\n\t\t<div class=\"elementor-element elementor-element-61d3ab3 e-flex e-con-boxed e-con e-child\" data-id=\"61d3ab3\" data-element_type=\"container\" data-e-type=\"container\">\n\t\t\t\t\t<div class=\"e-con-inner\">\n\t\t\t\t<div class=\"elementor-element elementor-element-117c166 elementor-widget elementor-widget-heading\" data-id=\"117c166\" data-element_type=\"widget\" data-e-type=\"widget\" data-widget_type=\"heading.default\">\n\t\t\t\t\t<h3 class=\"elementor-heading-title elementor-size-default\">Zeitraum der Texte<\/h3>\t\t\t\t<\/div>\n\t\t\t\t<div class=\"elementor-element elementor-element-73997a0 elementor-widget elementor-widget-text-editor\" data-id=\"73997a0\" data-element_type=\"widget\" data-e-type=\"widget\" data-widget_type=\"text-editor.default\">\n\t\t\t\t\t\t\t\t\t<p>Erzulie (kreolsky <em>Ezili<\/em>) se vyvinula ze z\u00e1padoafrick\u00fdch ko\u0159en\u016f, zejm\u00e9na z vodunsk\u00e9 bohyn\u011b l\u00e1sky <em>Aziri\/Azili<\/em> z dahomejsk\u00e9 tradice. Na Haiti se rozd\u011blila do nejm\u00e9n\u011b t\u0159\u00ed manifestac\u00ed: <em>Erzulie Freda Dahomey<\/em> (elegantn\u00ed, b\u00edl\u00e1, \u017e\u00e1rliv\u00e1), <em>Erzulie Dantor<\/em> (\u010dern\u00e1, bojovn\u011b posiluj\u00edc\u00ed, matka), <em>Erzulie Mapian<\/em> (petro aspekt). Synkreticky je ztoto\u017e\u0148ov\u00e1na s katolickou <em>Mater Dolorosa<\/em>.<\/p>\t\t\t\t\t\t\t\t<\/div>\n\t\t\t\t\t<\/div>\n\t\t\t\t<\/div>\n\t\t<div class=\"elementor-element elementor-element-d47b156 e-flex e-con-boxed e-con e-child\" data-id=\"d47b156\" data-element_type=\"container\" data-e-type=\"container\">\n\t\t\t\t\t<div class=\"e-con-inner\">\n\t\t\t\t<div class=\"elementor-element elementor-element-ff38c2b elementor-widget elementor-widget-heading\" data-id=\"ff38c2b\" data-element_type=\"widget\" data-e-type=\"widget\" data-widget_type=\"heading.default\">\n\t\t\t\t\t<h3 class=\"elementor-heading-title elementor-size-default\">Verbreitungsraum<\/h3>\t\t\t\t<\/div>\n\t\t\t\t<div class=\"elementor-element elementor-element-4e49fcc elementor-widget elementor-widget-text-editor\" data-id=\"4e49fcc\" data-element_type=\"widget\" data-e-type=\"widget\" data-widget_type=\"text-editor.default\">\n\t\t\t\t\t\t\t\t\t<p>Uct\u00edv\u00e1na t\u00e9m\u011b\u0159 v ka\u017ed\u00e9m haitsk\u00e9m hounfor-<span class=\"iwg-fachbegriff\" data-tooltip=\"Stavba slou\u017e\u00edc\u00ed k uct\u00edv\u00e1n\u00ed jednoho nebo v\u00edce bo\u017estev.\" tabindex=\"0\">chr\u00e1mu<\/span>; \u017eensk\u00e9 dom\u00e1c\u00ed olt\u00e1\u0159e na jej\u00ed po\u010dest jsou b\u011b\u017en\u00e9. V haitsk\u00e9 diaspo\u0159e je aktivn\u00ed v New Orleansu, New Yorku, Miami, Montr\u00e9alu a Pa\u0159\u00ed\u017ei. Jej\u00edm sv\u00e1tkem je \u00fater\u00fd (den l\u00e1sky v mnoha kreolsk\u00fdch tradic\u00edch). \u00dast\u0159edn\u00ed identifikace v haitsk\u00fdch komunit\u00e1ch: ka\u017ed\u00e1 \u017eena m\u00e1 vztah k Erzulie v n\u011bkter\u00e9 z jej\u00edch podob.<\/p>\t\t\t\t\t\t\t\t<\/div>\n\t\t\t\t\t<\/div>\n\t\t\t\t<\/div>\n\t\t\t\t<\/div>\n\t\t<div class=\"elementor-element elementor-element-db03c39 e-con-full e-flex e-con e-child\" data-id=\"db03c39\" data-element_type=\"container\" data-e-type=\"container\">\n\t\t<div class=\"elementor-element elementor-element-229a87b e-flex e-con-boxed e-con e-child\" data-id=\"229a87b\" data-element_type=\"container\" data-e-type=\"container\">\n\t\t\t\t\t<div class=\"e-con-inner\">\n\t\t\t\t<div class=\"elementor-element elementor-element-1f471fc elementor-widget elementor-widget-heading\" data-id=\"1f471fc\" data-element_type=\"widget\" data-e-type=\"widget\" data-widget_type=\"heading.default\">\n\t\t\t\t\t<h3 class=\"elementor-heading-title elementor-size-default\">Quellenlage<\/h3>\t\t\t\t<\/div>\n\t\t\t\t<div class=\"elementor-element elementor-element-36b1201 elementor-widget elementor-widget-text-editor\" data-id=\"36b1201\" data-element_type=\"widget\" data-e-type=\"widget\" data-widget_type=\"text-editor.default\">\n\t\t\t\t\t\t\t\t\t<p><span data-nosnippet>Kl\u00ed\u010dov\u00e9 zdroje: Maya Deren, <em>Divine Horsemen<\/em> (1953), McCarthy Brown, <em>Mama Lola<\/em> (1991, podrobn\u00e1 pozorov\u00e1n\u00ed Erzulie), M\u00e9traux, <em>Le Vaudou ha\u00eftien<\/em> (1958), Desmangles, <em>The Faces of the Gods<\/em> (1992). Speci\u00e1ln\u00ed studie: Joan Dayan, <em>Haiti, History, and the Gods<\/em> (1995); studie Sharae Deckard o symbolice Erzulie v haitsk\u00e9 literatu\u0159e.<\/span><\/p>\t\t\t\t\t\t\t\t<\/div>\n\t\t\t\t\t<\/div>\n\t\t\t\t<\/div>\n\t\t\t\t<\/div>\n\t\t\t\t\t<\/div>\n\t\t\t\t<\/div>\n\t\t<div class=\"elementor-element elementor-element-3ae0637c e-flex e-con-boxed e-con e-parent\" data-id=\"3ae0637c\" data-element_type=\"container\" data-e-type=\"container\">\n\t\t\t\t\t<div class=\"e-con-inner\">\n\t\t\t\t<div class=\"elementor-element elementor-element-31d07739 elementor-widget elementor-widget-heading\" data-id=\"31d07739\" data-element_type=\"widget\" data-e-type=\"widget\" data-widget_type=\"heading.default\">\n\t\t\t\t\t<h2 class=\"elementor-heading-title elementor-size-default\">Jm\u00e9no a varianty<\/h2>\t\t\t\t<\/div>\n\t\t<div class=\"elementor-element elementor-element-b7642947 e-con-full e-flex e-con e-child\" data-id=\"b7642947\" data-element_type=\"container\" data-e-type=\"container\">\n\t\t\t\t<div class=\"elementor-element elementor-element-a086266 elementor-widget elementor-widget-text-editor\" data-id=\"a086266\" data-element_type=\"widget\" data-e-type=\"widget\" data-widget_type=\"text-editor.default\">\n\t\t\t\t\t\t\t\t\t<p>Erzulie Freda b\u00fdv\u00e1 zobrazov\u00e1na jako kr\u00e1sn\u00e1, elegantn\u00ed \u017eena v r\u016f\u017eov\u00fdch, sv\u011btle modr\u00fdch nebo zlat\u00fdch rouch\u00e1ch, \u010dasto se zrc\u00e1tkem v ruce, obklopen\u00e1 kv\u011btinami. Nos\u00ed \u0161perky, n\u00e1ramky, n\u00e1hrdeln\u00edky a n\u00e1u\u0161nice z vz\u00e1cn\u00fdch materi\u00e1l\u016f.<\/p><p>Jej\u00ed pohled je jemn\u00fd, ale hlubok\u00fd; jej\u00ed hlas melodick\u00fd. Jej\u00ed veve (loa-<span class=\"iwg-fachbegriff\" data-tooltip=\"Znak, kter\u00fd zastupuje ur\u010ditou my\u0161lenku nebo v\u00fdznam.\" tabindex=\"0\">symbol<\/span>) ukazuje srdce, \u0159eky a ornamenty. Vonn\u00e9 ty\u010dinky, \u010derstv\u00e9 kv\u011btiny, vybran\u00e9 pokrmy (\u0161ampa\u0148sk\u00e9, bonb\u00f3ny) a parf\u00e9m jsou jej\u00edmi obl\u00edben\u00fdmi dary.<\/p>\t\t\t\t\t\t\t\t<\/div>\n\t\t\t\t<\/div>\n\t\t\t\t\t<\/div>\n\t\t\t\t<\/div>\n\t\t<div class=\"elementor-element elementor-element-709a44a8 e-flex e-con-boxed e-con e-parent\" data-id=\"709a44a8\" data-element_type=\"container\" data-e-type=\"container\">\n\t\t\t\t\t<div class=\"e-con-inner\">\n\t\t\t\t<div class=\"elementor-element elementor-element-2f585873 elementor-widget elementor-widget-heading\" data-id=\"2f585873\" data-element_type=\"widget\" data-e-type=\"widget\" data-widget_type=\"heading.default\">\n\t\t\t\t\t<h2 class=\"elementor-heading-title elementor-size-default\">Charakteristiky<\/h2>\t\t\t\t<\/div>\n\t\t<div class=\"elementor-element elementor-element-70621c12 e-con-full e-flex e-con e-child\" data-id=\"70621c12\" data-element_type=\"container\" data-e-type=\"container\">\n\t\t\t\t<div class=\"elementor-element elementor-element-4296eb49 elementor-widget elementor-widget-text-editor\" data-id=\"4296eb49\" data-element_type=\"widget\" data-e-type=\"widget\" data-widget_type=\"text-editor.default\">\n\t\t\t\t\t\t\t\t\t<p>Erzulie Freda je vz\u00fdv\u00e1na mu\u017ei a \u017eenami, kte\u0159\u00ed hledaj\u00ed romantickou l\u00e1sku, p\u0159ej\u00ed si man\u017eelskou harmonii nebo cht\u011bj\u00ed pos\u00edlit svou vlastn\u00ed kr\u00e1su a osobn\u00ed kouzlo. Jej\u00ed ritu\u00e1ly maj\u00ed v\u00fdrazn\u011b \u017eensk\u00fd charakter a \u010dasto je vedou mambo (kn\u011b\u017eky) a \u017eensk\u00e9 skupiny. P\u0159i posednut\u00ed na sebe Erzulie Freda bere jemnou, n\u011bkdy melancholickou energii; pl\u00e1\u010de, sm\u011bje se, tan\u010d\u00ed s gr\u00e1ci\u00ed.<\/p><p>M\u016f\u017ee se ale tak\u00e9 rozzlobit, pokud je zran\u011bna jej\u00ed d\u016fstojnost nebo je-li milenec nev\u011brn\u00fd. Jej\u00ed uct\u00edv\u00e1n\u00ed je m\u00e9n\u011b bojovn\u00e9 ne\u017e u jin\u00fdch loa, jde v n\u011bm o vyt\u0159\u00edbenost, respekt a emocion\u00e1ln\u00ed hloubku. Mnoz\u00ed Hai\u0165an\u00e9 nos\u00ed mal\u00e9 amulety Erzulie nebo se k n\u00ed modl\u00ed na poutn\u00edch m\u00edstech.<\/p><p><strong>Vzhled a symbolika<\/strong><\/p><p><em>Erzulie<\/em> b\u00fdv\u00e1 zobrazov\u00e1na jako kr\u00e1sn\u00e1, elegantn\u00ed \u017eena v \u010derven\u00e9m nebo r\u016f\u017eov\u00e9m od\u011bvu, \u010dasto se \u0161perky a zrc\u00e1tky. Nos\u00ed parf\u00e9m a je pova\u017eov\u00e1na za koketn\u00ed a sv\u016fdnou. Jej\u00edmi atributy jsou srdce, r\u016f\u017ee a zrcadla. N\u011bkdy je synkretizov\u00e1na s Panenkou Mari\u00ed. \u010cerven\u00e1 je jej\u00ed charakteristick\u00e1 barva.<\/p>\t\t\t\t\t\t\t\t<\/div>\n\t\t\t\t<\/div>\n\t\t\t\t\t<\/div>\n\t\t\t\t<\/div>\n\t\t<div class=\"elementor-element elementor-element-44e71476 e-flex e-con-boxed e-con e-parent\" data-id=\"44e71476\" data-element_type=\"container\" data-e-type=\"container\">\n\t\t\t\t\t<div class=\"e-con-inner\">\n\t\t\t\t<div class=\"elementor-element elementor-element-3c1fc3f0 elementor-widget elementor-widget-heading\" data-id=\"3c1fc3f0\" data-element_type=\"widget\" data-e-type=\"widget\" data-widget_type=\"heading.default\">\n\t\t\t\t\t<h2 class=\"elementor-heading-title elementor-size-default\">Profil: Erzulie<\/h2>\t\t\t\t<\/div>\n\t\t<div class=\"elementor-element elementor-element-84f33b8e e-con-full e-flex e-con e-child\" data-id=\"84f33b8e\" data-element_type=\"container\" data-e-type=\"container\">\n\t\t\t\t<div class=\"elementor-element elementor-element-hqkdc67p elementor-widget elementor-widget-text-editor\" data-id=\"hqkdc67p\" data-element_type=\"widget\" data-e-type=\"widget\" data-widget_type=\"text-editor.default\">\n\t\t\t\t\t\t\t\t\t<p>Nejd\u016fle\u017eit\u011bj\u0161\u00ed aspekty Erzulie na prvn\u00ed pohled. N\u00e1sleduj\u00edc\u00ed pole shrnuj\u00ed p\u016fvod, funkci, vzhled, uct\u00edv\u00e1n\u00ed, symboly a paralely.<\/p>\t\t\t\t\t\t\t\t<\/div>\n\t\t\t\t<\/div>\n\t\t<div class=\"elementor-element elementor-element-pemmx7c5 e-con-full e-flex e-con e-child\" data-id=\"pemmx7c5\" data-element_type=\"container\" data-e-type=\"container\">\n\t\t<div class=\"elementor-element elementor-element-pemmx7c1 e-con-full e-flex e-con e-child\" data-id=\"pemmx7c1\" data-element_type=\"container\" data-e-type=\"container\">\n\t\t<div class=\"elementor-element elementor-element-qh9oavvu iwg-steckbrief-card e-flex e-con-boxed e-con e-child\" data-id=\"qh9oavvu\" data-element_type=\"container\" data-e-type=\"container\">\n\t\t\t\t\t<div class=\"e-con-inner\">\n\t\t\t\t<div class=\"elementor-element elementor-element-awzx8k2k elementor-widget elementor-widget-heading\" data-id=\"awzx8k2k\" data-element_type=\"widget\" data-e-type=\"widget\" data-widget_type=\"heading.default\">\n\t\t\t\t\t<div class=\"elementor-heading-title elementor-size-default\">Kulturn\u00ed kontext<\/div>\t\t\t\t<\/div>\n\t\t\t\t<div class=\"elementor-element elementor-element-x6rowhv0 elementor-widget elementor-widget-text-editor\" data-id=\"x6rowhv0\" data-element_type=\"widget\" data-e-type=\"widget\" data-widget_type=\"text-editor.default\">\n\t\t\t\t\t\t\t\t\t<p>Erzulie vznikla v z\u00e1padoafrick\u00e9m vodun z bohyn\u011b l\u00e1sky <em>Aziri<\/em>. Na Haiti m\u00e1 mezi loa n\u011bkolik man\u017eel\u016f: Damballah (had\u00ed b\u016fh), Ogou (bojovn\u00edk), Agw\u00e9 (b\u016fh mo\u0159e), co\u017e vysv\u011btluje jej\u00ed \u017e\u00e1rlivost a prom\u011bnlivou n\u00e1ladu. <em>Erzulie Freda<\/em> je vyt\u0159\u00edben\u00e1, koketn\u00ed, nedosa\u017eiteln\u00e1 milenka; <em>Erzulie Dantor<\/em> je \u010dern\u00e1 matka, bojovn\u00e1, se synem Anaizem na ruce.<\/p>\t\t\t\t\t\t\t\t<\/div>\n\t\t\t\t\t<\/div>\n\t\t\t\t<\/div>\n\t\t<div class=\"elementor-element elementor-element-8e3o4kxs iwg-steckbrief-card e-flex e-con-boxed e-con e-child\" data-id=\"8e3o4kxs\" data-element_type=\"container\" data-e-type=\"container\">\n\t\t\t\t\t<div class=\"e-con-inner\">\n\t\t\t\t<div class=\"elementor-element elementor-element-08rkdgov elementor-widget elementor-widget-heading\" data-id=\"08rkdgov\" data-element_type=\"widget\" data-e-type=\"widget\" data-widget_type=\"heading.default\">\n\t\t\t\t\t<div class=\"elementor-heading-title elementor-size-default\">P\u0159edm\u011bt p\u016fsoben\u00ed<\/div>\t\t\t\t<\/div>\n\t\t\t\t<div class=\"elementor-element elementor-element-uwjelx8s elementor-widget elementor-widget-text-editor\" data-id=\"uwjelx8s\" data-element_type=\"widget\" data-e-type=\"widget\" data-widget_type=\"text-editor.default\">\n\t\t\t\t\t\t\t\t\t<p>Patronka l\u00e1sky, kr\u00e1sy, touhy, bohatstv\u00ed, luxusu, ale tak\u00e9 zklam\u00e1n\u00ed, \u017e\u00e1rlivosti a slz. Erzulie Freda je vz\u00fdv\u00e1na pro milostn\u00e9 pom\u011bry a kr\u00e1sn\u00e9 \u017eeny vyhled\u00e1vaj\u00ed jej\u00ed patron\u00e1t. Erzulie Dantor chr\u00e1n\u00ed matky, samostatn\u011b \u017eij\u00edc\u00ed \u017eeny, zneu\u017e\u00edvan\u00e9 \u017eeny, je vz\u00fdv\u00e1na pro sebeobranu a pos\u00edlen\u00ed. Oba aspekty jsou sexu\u00e1ln\u011b posiluj\u00edc\u00ed.<\/p>\t\t\t\t\t\t\t\t<\/div>\n\t\t\t\t\t<\/div>\n\t\t\t\t<\/div>\n\t\t<div class=\"elementor-element elementor-element-jm2n74ec iwg-steckbrief-card e-flex e-con-boxed e-con e-child\" data-id=\"jm2n74ec\" data-element_type=\"container\" data-e-type=\"container\">\n\t\t\t\t\t<div class=\"e-con-inner\">\n\t\t\t\t<div class=\"elementor-element elementor-element-8vufse4c elementor-widget elementor-widget-heading\" data-id=\"8vufse4c\" data-element_type=\"widget\" data-e-type=\"widget\" data-widget_type=\"heading.default\">\n\t\t\t\t\t<div class=\"elementor-heading-title elementor-size-default\">Vzhled Erzulie<\/div>\t\t\t\t<\/div>\n\t\t\t\t<div class=\"elementor-element elementor-element-mwb9u015 elementor-widget elementor-widget-text-editor\" data-id=\"mwb9u015\" data-element_type=\"widget\" data-e-type=\"widget\" data-widget_type=\"text-editor.default\">\n\t\t\t\t\t\t\t\t\t<p><strong>Erzulie Freda:<\/strong> elegantn\u011b oble\u010den\u00e1 mlad\u00e1 \u017eena v b\u00edlo-r\u016f\u017eov\u00e9 krajce, se zlat\u00fdmi \u0161perky, t\u0159emi prsteny (provdan\u00e1 za t\u0159i loa), parf\u00e9mem, krajkov\u00fdm kapesn\u00edkem, slune\u010dn\u00ed br\u00fdle (ob\u010das). Sv\u011btl\u00e1 ple\u0165, t\u00e9m\u011b\u0159 b\u00edl\u00e1.<\/p><p><strong>Erzulie Dantor:<\/strong> tmavoplet\u00e1 \u017eena se dv\u011bma jizvami na prav\u00e9 tv\u00e1\u0159i, v ruce dr\u017e\u00ed d\u00edt\u011b Anaiz, dok\u00e1\u017ee vyd\u00e1vat jen bublav\u00e9 zvuky (podle tradice j\u00ed byl v bitv\u011b vy\u0159\u00edznut jazyk). \u010cern\u00fd nebo \u010derven\u00fd \u0161\u00e1tek na hlav\u011b, zlat\u00fd n\u00e1hrdeln\u00edk s k\u0159\u00ed\u017eem.<\/p>\t\t\t\t\t\t\t\t<\/div>\n\t\t\t\t\t<\/div>\n\t\t\t\t<\/div>\n\t\t\t\t<\/div>\n\t\t<div class=\"elementor-element elementor-element-pemmx7c2 e-con-full e-flex e-con e-child\" data-id=\"pemmx7c2\" data-element_type=\"container\" data-e-type=\"container\">\n\t\t<div class=\"elementor-element elementor-element-37ss2yr6 iwg-steckbrief-card e-flex e-con-boxed e-con e-child\" data-id=\"37ss2yr6\" data-element_type=\"container\" data-e-type=\"container\">\n\t\t\t\t\t<div class=\"e-con-inner\">\n\t\t\t\t<div class=\"elementor-element elementor-element-3v0wp3wx elementor-widget elementor-widget-heading\" data-id=\"3v0wp3wx\" data-element_type=\"widget\" data-e-type=\"widget\" data-widget_type=\"heading.default\">\n\t\t\t\t\t<div class=\"elementor-heading-title elementor-size-default\">Erzuliino p\u016fsoben\u00ed<\/div>\t\t\t\t<\/div>\n\t\t\t\t<div class=\"elementor-element elementor-element-w3247g2m elementor-widget elementor-widget-text-editor\" data-id=\"w3247g2m\" data-element_type=\"widget\" data-e-type=\"widget\" data-widget_type=\"text-editor.default\">\n\t\t\t\t\t\t\t\t\t<p><strong>Oblast p\u016fsoben\u00ed:<\/strong> Erzulie Freda je vz\u00fdv\u00e1na pro \u00fasp\u011bch v l\u00e1sce, man\u017eelsk\u00e9 \u00famysly, p\u00e9\u010di o kr\u00e1su a touhu. \u017deny udr\u017euj\u00ed dom\u00e1c\u00ed olt\u00e1\u0159e se zrcadlem, parf\u00e9mem, sladkostmi a t\u0159emi prsteny. Erzulie Dantor je vyhled\u00e1v\u00e1na v krizov\u00fdch situac\u00edch: proti zneu\u017e\u00edv\u00e1n\u00ed, pro sebeobranu, pro osam\u011bl\u00e9 matky.<\/p><p><span data-nosnippet>V historick\u00e9m kontextu: Erzulie Dantor byla \u00fadajn\u011b loa, kter\u00e1 b\u011bhem <span class=\"iwg-fachbegriff\" data-tooltip=\"\u0158\u00edzen\u00fd sled symbolick\u00fdch \u00fakon\u016f s n\u00e1bo\u017eensk\u00fdm nebo kulturn\u00edm v\u00fdznamem.\" tabindex=\"0\">ritu\u00e1lu<\/span> v Bois-Ca\u00efman zah\u00e1jila haitskou revoluci v roce 1791, jej\u00ed <span class=\"iwg-fachbegriff\" data-tooltip=\"Prosebn\u00e9 nebo zakl\u00ednaj\u00edc\u00ed osloven\u00ed bo\u017estva nebo moci.\" tabindex=\"0\">vz\u00fdv\u00e1n\u00ed<\/span> je politicky citliv\u00e9.<\/span><\/p>\t\t\t\t\t\t\t\t<\/div>\n\t\t\t\t\t<\/div>\n\t\t\t\t<\/div>\n\t\t<div class=\"elementor-element elementor-element-0qpjal9w iwg-steckbrief-card e-flex e-con-boxed e-con e-child\" data-id=\"0qpjal9w\" data-element_type=\"container\" data-e-type=\"container\">\n\t\t\t\t\t<div class=\"e-con-inner\">\n\t\t\t\t<div class=\"elementor-element elementor-element-6ndoih0o elementor-widget elementor-widget-heading\" data-id=\"6ndoih0o\" data-element_type=\"widget\" data-e-type=\"widget\" data-widget_type=\"heading.default\">\n\t\t\t\t\t<div class=\"elementor-heading-title elementor-size-default\">Formy ochrany<\/div>\t\t\t\t<\/div>\n\t\t\t\t<div class=\"elementor-element elementor-element-6684tyh9 elementor-widget elementor-widget-text-editor\" data-id=\"6684tyh9\" data-element_type=\"widget\" data-e-type=\"widget\" data-widget_type=\"text-editor.default\">\n\t\t\t\t\t\t\t\t\t<p><em>Erzulie Freda:<\/em> t\u0159i zlat\u00e9 prsteny, parf\u00e9m, krajkov\u00fd kapesn\u00edk, sladkosti, \u0161ampa\u0148sk\u00e9, r\u016f\u017eov\u00e9 r\u016f\u017ee, zrcadlo, holubice, \u0161perky. <em>Erzulie Dantor:<\/em> d\u00edt\u011b Anaiz, \u010dern\u00e1 madona z \u010censtochov\u00e9 (<span class=\"iwg-fachbegriff\" tabindex=\"0\" data-tooltip=\"Splynut\u00ed prvk\u016f r\u016fzn\u00fdch n\u00e1bo\u017eenstv\u00ed nebo kult\u016f do sm\u00ed\u0161en\u00fdch forem, nap\u0159\u00edklad v haitsk\u00e9m vod\u00fa.\">synkretismus<\/span>), kohout (ob\u011btn\u00ed zv\u00ed\u0159e), n\u016f\u017e, \u010derven\u00e9 nebo \u010dern\u00e9 sv\u00edce, ostr\u00e1 j\u00eddla s pep\u0159em. Svat\u00e9 rostliny: r\u016f\u017ee, fialka, magn\u00f3lie.<\/p>\t\t\t\t\t\t\t\t<\/div>\n\t\t\t\t\t<\/div>\n\t\t\t\t<\/div>\n\t\t<div class=\"elementor-element elementor-element-3lfi7x32 iwg-steckbrief-card e-flex e-con-boxed e-con e-child\" data-id=\"3lfi7x32\" data-element_type=\"container\" data-e-type=\"container\">\n\t\t\t\t\t<div class=\"e-con-inner\">\n\t\t\t\t<div class=\"elementor-element elementor-element-0kg99ga1 elementor-widget elementor-widget-heading\" data-id=\"0kg99ga1\" data-element_type=\"widget\" data-e-type=\"widget\" data-widget_type=\"heading.default\">\n\t\t\t\t\t<div class=\"elementor-heading-title elementor-size-default\">Erzuliiny paralely<\/div>\t\t\t\t<\/div>\n\t\t\t\t<div class=\"elementor-element elementor-element-n0fum6kp elementor-widget elementor-widget-text-editor\" data-id=\"n0fum6kp\" data-element_type=\"widget\" data-e-type=\"widget\" data-widget_type=\"text-editor.default\">\n\t\t\t\t\t\t\t\t\t<p>Z\u00e1padoafrick\u00fd ko\u0159en: <em>Aziri\/Azili<\/em> (Dahomey, Joruba). Karib\u0161t\u00ed p\u0159\u00edbuzn\u00ed: <em>Oshun<\/em> (Joruba\/santer\u00eda, milostn\u00e1 orisha s podobnou komplexnost\u00ed), <em>Yemaya<\/em> (matka-orisha). Glob\u00e1ln\u00ed paralely bohy\u0148 l\u00e1sky: <em>Afrodita<\/em> (\u0158ecko), <em>Inanna\/I\u0161tar<\/em> (Mezopot\u00e1mie, podobn\u011b vrtkav\u00e1 moc l\u00e1sky), <em>Hathor<\/em> (Egypt), <em>Freya<\/em> (germ\u00e1nsk\u00e1 tradice), <em>Lak\u0161m\u00ed<\/em> (hinduismus), <em>Marie<\/em> (k\u0159es\u0165ansk\u00e1 tradice Mater Dolorosa).<\/p>\t\t\t\t\t\t\t\t<\/div>\n\t\t\t\t\t<\/div>\n\t\t\t\t<\/div>\n\t\t\t\t<\/div>\n\t\t\t\t<\/div>\n\t\t\t\t\t<\/div>\n\t\t\t\t<\/div>\n\t\t<div class=\"elementor-element elementor-element-7533bc7a e-flex e-con-boxed e-con e-parent\" data-id=\"7533bc7a\" data-element_type=\"container\" data-e-type=\"container\">\n\t\t\t\t\t<div class=\"e-con-inner\">\n\t\t\t\t<div class=\"elementor-element elementor-element-2447d18d elementor-widget elementor-widget-heading\" data-id=\"2447d18d\" data-element_type=\"widget\" data-e-type=\"widget\" data-widget_type=\"heading.default\">\n\t\t\t\t\t<h2 class=\"elementor-heading-title elementor-size-default\">Ochrann\u00e1 praxe<\/h2>\t\t\t\t<\/div>\n\t\t<div class=\"elementor-element elementor-element-d5d0260c e-con-full e-flex e-con e-child\" data-id=\"d5d0260c\" data-element_type=\"container\" data-e-type=\"container\">\n\t\t\t\t<div class=\"elementor-element elementor-element-341be2ac elementor-widget elementor-widget-text-editor\" data-id=\"341be2ac\" data-element_type=\"widget\" data-e-type=\"widget\" data-widget_type=\"text-editor.default\">\n\t\t\t\t\t\t\t\t\t<p><strong>Ritu\u00e1ly uct\u00edv\u00e1n\u00ed<\/strong><\/p><p>Erzulie Freda (haitsk\u00e1 kreol\u0161tina <em>\u00c8zili Freda<\/em>) je loa l\u00e1sky, kr\u00e1sy, elegance a romantick\u00e9 touhy v haitsk\u00e9m vod\u00fa, synkretisticky ztoto\u017e\u0148ovan\u00e1 s katolickou Mater Dolorosa. Jej\u00ed sv\u00e1tky se slav\u00ed 11. \u00fanora (den Mater Dolorosa) a na Mardi Gras (karneval).<\/p><p>Ctitel\u00e9 se obl\u00e9kaj\u00ed do r\u016f\u017eovo-b\u00edl\u00e9, ob\u011btuj\u00ed b\u00edl\u00e9 jasm\u00ednov\u00e9 kv\u011bty, \u010derstv\u00e9 jahody, b\u00edl\u00e9 \u0161ampa\u0148sk\u00e9 a pa\u0161tiky. Vo\u0148av\u00fd toaletn\u00ed stolek se zrcadlem je centr\u00e1ln\u00edm prvkem <span class=\"iwg-fachbegriff\" data-tooltip=\"Souhrn n\u00e1bo\u017eensk\u00fdch \u00fakon\u016f uct\u00edv\u00e1n\u00ed ur\u010dit\u00e9ho bo\u017estva nebo svat\u00e9 postavy.\" tabindex=\"0\">kultu<\/span>. Erzuliino posednut\u00ed se vyzna\u010duje rafinovan\u00fdm chov\u00e1n\u00edm, v\u00fdbuchy pl\u00e1\u010de a touhou plnou \u017e\u00e1dosti (srov. Deren, <em>Divine Horsemen<\/em>; M\u00e9traux).<\/p><p><strong>Vz\u00fdv\u00e1n\u00ed<\/strong><\/p><p>Houngani vz\u00fdvaj\u00ed Erzulie rytmem <em>Yanvalou<\/em>. Kreolsk\u00e9 zp\u011bvy (<em>chants Erzulie<\/em>) op\u011bvuj\u00ed jej\u00ed kr\u00e1su a p\u016fvab. Typick\u00e1 je jej\u00ed vz\u00fdvac\u00ed p\u00edse\u0148 \u201eM&#8217;pra mande \u00c8zili&#8220; (vol\u00e1m Erzulie). <span class=\"iwg-fachbegriff\" data-tooltip=\"Prosebn\u00e9 nebo zakl\u00ednaj\u00edc\u00ed osloven\u00ed bo\u017estva nebo moci.\" tabindex=\"0\">Vz\u00fdv\u00e1n\u00ed<\/span> \u010dasto prob\u00edh\u00e1 jako prosba o pomoc v l\u00e1sce a vztaz\u00edch.<\/p><p><strong>Amulety a ochrann\u00e9 symboly<\/strong><\/p><p>V\u00e8v\u00e8 diagram: stylizovan\u00e9 srdce se \u0161\u00edpem, kreslen\u00e9 kuku\u0159i\u010dnou moukou na zem. P\u0159\u00edv\u011bsky z r\u016f\u017een\u00ednu a perle\u0165 jako Erzuliiny kameny. Lahvi\u010dky parf\u00e9mu s jasm\u00ednovou nebo r\u016f\u017eovou esenc\u00ed jako ob\u011btiny do <span class=\"iwg-fachbegriff\" data-tooltip=\"Stavba slou\u017e\u00edc\u00ed uct\u00edv\u00e1n\u00ed jednoho nebo v\u00edce bo\u017estev.\" tabindex=\"0\">chr\u00e1mu<\/span>. T\u0159i zlat\u00e9 snubn\u00ed prsteny (<span class=\"iwg-fachbegriff\" data-tooltip=\"Znak, kter\u00fd zastupuje p\u0159edstavu nebo v\u00fdznam.\" tabindex=\"0\">symbol<\/span> t\u0159\u00ed mytick\u00fdch man\u017eel\u016f Erzulie: Damballaha, Agw\u00e9ho a Ogoua) jako ochrann\u00fd kruh. Pohlednice s Mater Dolorosa nebo devo\u010dn\u00ed obr\u00e1zky na dom\u00e1c\u00edm <span class=\"iwg-fachbegriff\" data-tooltip=\"Vyv\u00fd\u0161en\u00e9 m\u00edsto nebo st\u016fl pro ob\u011bti a n\u00e1bo\u017eensk\u00e9 \u00fakony.\" tabindex=\"0\">olt\u00e1\u0159i<\/span>.<\/p>\t\t\t\t\t\t\t\t<\/div>\n\t\t\t\t<\/div>\n\t\t\t\t\t<\/div>\n\t\t\t\t<\/div>\n\t\t<div class=\"elementor-element elementor-element-5a584676 e-flex e-con-boxed e-con e-parent\" data-id=\"5a584676\" data-element_type=\"container\" data-e-type=\"container\">\n\t\t\t\t\t<div class=\"e-con-inner\">\n\t\t\t\t<div class=\"elementor-element elementor-element-6d0757bf elementor-widget elementor-widget-heading\" data-id=\"6d0757bf\" data-element_type=\"widget\" data-e-type=\"widget\" data-widget_type=\"heading.default\">\n\t\t\t\t\t<h2 class=\"elementor-heading-title elementor-size-default\">Erzulie, paralely v jin\u00fdch kultur\u00e1ch<\/h2>\t\t\t\t<\/div>\n\t\t<div class=\"elementor-element elementor-element-60563f68 e-con-full e-flex e-con e-child\" data-id=\"60563f68\" data-element_type=\"container\" data-e-type=\"container\">\n\t\t\t\t<div class=\"elementor-element elementor-element-5a93fdd6 elementor-widget elementor-widget-text-editor\" data-id=\"5a93fdd6\" data-element_type=\"widget\" data-e-type=\"widget\" data-widget_type=\"text-editor.default\">\n\t\t\t\t\t\t\t\t\t<p>Oshun (Joruba\/candombl\u00e9), p\u016fvodn\u00ed africk\u00e1 bohyn\u011b l\u00e1sky a \u0159eky, od n\u00ed\u017e Erzulie funk\u010dn\u011b i kulturn\u011b odvozuje sv\u016fj p\u016fvod. Afrodita (\u0158ecko) jako bohyn\u011b l\u00e1sky a kr\u00e1sy.<\/p><p>Freya (germ\u00e1nsk\u00e1 tradice) jako bohyn\u011b l\u00e1sky a p\u0159ita\u017elivosti. V k\u0159es\u0165ansk\u00e9 tradici Matka Bo\u017e\u00ed nebo Marie Magdal\u00e9na, ob\u011b splynuly v uct\u00edv\u00e1n\u00ed Erzulie do jedn\u00e9 \u017eensk\u00e9 svat\u00e9 postavy p\u016fvabu.<\/p>\t\t\t\t\t\t\t\t<\/div>\n\t\t\t\t<\/div>\n\t\t\t\t\t<\/div>\n\t\t\t\t<\/div>\n\t\t<div class=\"elementor-element elementor-element-cp37d6115 e-flex e-con-boxed e-con e-parent\" data-id=\"cp37d6115\" data-element_type=\"container\" data-e-type=\"container\">\n\t\t\t\t\t<div class=\"e-con-inner\">\n\t\t\t\t<div class=\"elementor-element elementor-element-cp6d698ce elementor-widget elementor-widget-heading\" data-id=\"cp6d698ce\" data-element_type=\"widget\" data-e-type=\"widget\" data-widget_type=\"heading.default\">\n\t\t\t\t\t<h2 class=\"elementor-heading-title elementor-size-default\">Lwa s mnoha tv\u00e1\u0159emi<\/h2>\t\t\t\t<\/div>\n\t\t<div class=\"elementor-element elementor-element-cp6affe20 e-con-full e-flex e-con e-child\" data-id=\"cp6affe20\" data-element_type=\"container\" data-e-type=\"container\">\n\t\t\t\t<div class=\"elementor-element elementor-element-cpcbcf72e elementor-widget elementor-widget-text-editor\" data-id=\"cpcbcf72e\" data-element_type=\"widget\" data-e-type=\"widget\" data-widget_type=\"text-editor.default\">\n\t\t\t\t\t\t\t\t\t<p>Erzulie nen\u00ed v haitsk\u00e9m vod\u00fa jedin\u00fd, jasn\u011b vymezen\u00fd <span class=\"iwg-fachbegriff\" data-tooltip=\"Net\u011blesn\u00e1 bytost, j\u00ed\u017e je p\u0159ipisov\u00e1no p\u016fsoben\u00ed ve sv\u011bt\u011b.\" tabindex=\"0\">duch<\/span>, ale skupina p\u0159\u00edbuzn\u00fdch \u017eensk\u00fdch <em>lwa<\/em>, z nich\u017e ka\u017ed\u00e1 zosob\u0148uje jin\u00fd aspekt \u017eenstv\u00ed, l\u00e1sky a osudu.<\/p><p>Nejzn\u00e1m\u011bj\u0161\u00ed jsou Erzulie Freda a Erzulie Dantor, v\u00fdzkum i praxe v\u0161ak znaj\u00ed i dal\u0161\u00ed formy zjeven\u00ed. Tato mnohotv\u00e1rnost nen\u00ed nedostatkem jednozna\u010dnosti, n\u00fdbr\u017e v\u00fdrazem toho, \u017ee vod\u00fa rozd\u011bluje rozporupln\u00e9 \u017eivotn\u00ed zku\u0161enosti mezi r\u016fzn\u00e9 podoby.<\/p><p>Erzulie Freda je pova\u017eov\u00e1na za <em>lwa<\/em> rafinovan\u00e9 l\u00e1sky, kr\u00e1sy, luxusu a touhy. Je za\u0159azov\u00e1na do skupiny rada-<em>lwa<\/em>, duch\u016f pova\u017eovan\u00fdch za chladn\u011bj\u0161\u00ed a m\u00edrn\u011bj\u0161\u00ed, jejich\u017e ko\u0159eny sahaj\u00ed do tradic Dahomeje.<\/p><p>Erzulie Freda miluje jemn\u00e9 v\u011bci, parf\u00e9my, sladkosti, \u0161perky a r\u016f\u017eovou barvu. Charakteristick\u00e9 je, \u017ee jej\u00ed projevy \u010dasto kon\u010d\u00ed slzami, proto\u017ee j\u00ed \u017e\u00e1dn\u00e1 l\u00e1ska ani \u017e\u00e1dn\u00e9 bohatstv\u00ed nikdy nesta\u010d\u00ed. Zosob\u0148uje nenaplnitelnou touhu.<\/p><p>Erzulie Dantor naproti tomu pat\u0159\u00ed k petwo-<em>lwa<\/em>, \u017ehav\u011bj\u0161\u00ed a tvrd\u0161\u00ed skupin\u011b, jej\u00ed\u017e vznik je spojov\u00e1n se zku\u0161enost\u00ed otroctv\u00ed a odporu v Nov\u00e9m sv\u011bt\u011b. Je <em>lwa<\/em> ochranitelsk\u00e9, bojovn\u00e9 mate\u0159sk\u00e9 l\u00e1sky, pracuj\u00edc\u00ed \u017eeny a osam\u011bl\u00e9 matky. Je pova\u017eov\u00e1na za bojovnou a nesmi\u0159itelnou, jsou-li ohro\u017eeny jej\u00ed d\u011bti.<\/p><p>Tyto dv\u011b hlavn\u00ed podoby stoj\u00ed ve vz\u00e1jemn\u00e9m nap\u011bt\u00ed, kter\u00e9 je ve vod\u00fask\u00e9 <span class=\"iwg-fachbegriff\" data-tooltip=\"Souhrn tradovan\u00fdch vypr\u00e1v\u011bn\u00ed o boz\u00edch ur\u010dit\u00e9 kultury.\" tabindex=\"0\">mytologii<\/span> dokonce vypr\u00e1v\u011bno jako konflikt. Spole\u010dn\u011b vymezuj\u00ed \u0161irok\u00e9 pole \u017eensk\u00e9 existence, od rafinovan\u00e9 v\u00e1\u0161nivosti a\u017e po nel\u00edtostnou ochranitelskou s\u00edlu. Kdo chce Erzulii pochopit, mus\u00ed tuto mnohotv\u00e1rnost ch\u00e1pat jako jej\u00ed podstatu.<\/p>\t\t\t\t\t\t\t\t<\/div>\n\t\t\t\t<\/div>\n\t\t\t\t\t<\/div>\n\t\t\t\t<\/div>\n\t\t<div class=\"elementor-element elementor-element-cp54bf0b2 e-flex e-con-boxed e-con e-parent\" data-id=\"cp54bf0b2\" data-element_type=\"container\" data-e-type=\"container\">\n\t\t\t\t\t<div class=\"e-con-inner\">\n\t\t\t\t<div class=\"elementor-element elementor-element-cp3582cd7 elementor-widget elementor-widget-heading\" data-id=\"cp3582cd7\" data-element_type=\"widget\" data-e-type=\"widget\" data-widget_type=\"heading.default\">\n\t\t\t\t\t<h2 class=\"elementor-heading-title elementor-size-default\">Ikonografie a katolick\u00e9 mari\u00e1nsk\u00e9 obrazy<\/h2>\t\t\t\t<\/div>\n\t\t<div class=\"elementor-element elementor-element-cpba2584c e-con-full e-flex e-con e-child\" data-id=\"cpba2584c\" data-element_type=\"container\" data-e-type=\"container\">\n\t\t\t\t<div class=\"elementor-element elementor-element-cp58d50b0 elementor-widget elementor-widget-text-editor\" data-id=\"cp58d50b0\" data-element_type=\"widget\" data-e-type=\"widget\" data-widget_type=\"text-editor.default\">\n\t\t\t\t\t\t\t\t\t<p>Jako v\u011bt\u0161ina <em>lwa<\/em> byla i Erzulie pod tlakem vynucen\u00e9 christianizace spojena s katolick\u00fdmi obrazy, v jej\u00edm p\u0159\u00edpad\u011b se zobrazen\u00edmi Panny Marie. Toto obrazov\u00e9 p\u0159ekryt\u00ed dodnes utv\u00e1\u0159\u00ed <span class=\"iwg-fachbegriff\" data-tooltip=\"Nauka o obsahu obraz\u016f a jejich v\u00fdznamu.\" tabindex=\"0\">ikonografii<\/span> obou hlavn\u00edch podob.<\/p><p>Erzulie Freda je \u010dasto zobrazov\u00e1na jako Mater Dolorosa, bohat\u011b zdoben\u00e1 mari\u00e1nsk\u00e1 postava poznamenan\u00e1 me\u010di nebo ranami, \u010dasto se \u0161perky, drah\u00fdmi rouchy a v\u00fdrazem pln\u00fdm slz.<\/p><p>Tato volba odpov\u00edd\u00e1 povaze Erzulie Fredy, jej\u00edmu sklonu k kr\u00e1sn\u00e9mu a z\u00e1rove\u0148 jej\u00ed nekonej\u0161iteln\u00e9 smutnosti. Na jej\u00edm <span class=\"iwg-fachbegriff\" data-tooltip=\"Vyv\u00fd\u0161en\u00e9 m\u00edsto nebo st\u016fl pro ob\u011bti a n\u00e1bo\u017eensk\u00e9 \u00fakony.\" tabindex=\"0\">olt\u00e1\u0159i<\/span> se nach\u00e1zej\u00ed zrcadla, h\u0159ebeny, parf\u00e9my, \u0161perky a b\u00edl\u00e1 a r\u016f\u017eov\u00e1 l\u00e1tka.<\/p><p>Erzulie Dantor je naproti tomu obvykle spojov\u00e1na s temnou mari\u00e1nskou postavou, \u010dasto s obrazem zobrazuj\u00edc\u00edm \u010cernou Madonu s d\u00edt\u011btem, kter\u00fd se v Haiti do\u010dk\u00e1v\u00e1 velk\u00e9 \u00facty.<\/p><p>Charakteristick\u00e9 jsou v mnoha vyobrazen\u00edch jizvy na tv\u00e1\u0159i postavy, kter\u00e9 jsou ve vypr\u00e1v\u011bn\u00edch vykl\u00e1d\u00e1ny jako d\u016fsledek jej\u00edho boje se sestrou nebo jej\u00ed role v haitsk\u00e9 v\u00e1lce za nez\u00e1vislost.<\/p><p>Erzulie Dantor b\u00fdv\u00e1 \u010dasto zobrazov\u00e1na s d\u00edt\u011btem, svou dcerou, a v mnoha tradic\u00edch je pova\u017eov\u00e1na za n\u011bmou, proto\u017ee j\u00ed m\u011bl b\u00fdt ve v\u00e1lce vy\u0159\u00edznut jazyk.<\/p><p>Religionistick\u00fd v\u00fdklad t\u011bchto obraz\u016f je stejn\u00fd jako u ostatn\u00edch <em>lwa<\/em>, jde o maskov\u00e1n\u00ed a korespondenci, nikoli o splynut\u00ed teologi\u00ed.<\/p><p>Mari\u00e1nsk\u00fd obraz poskytuje povolen\u00e9, ve\u0159ejn\u011b ukazateln\u00e9 vyobrazen\u00ed, av\u0161ak <em>lwa<\/em> si zachov\u00e1v\u00e1 svou vlastn\u00ed podstatu, sv\u00e9 vlastn\u00ed p\u00edsn\u011b, pokrmy, tance a sv\u016fj vlastn\u00ed charakter. <span class=\"iwg-fachbegriff\" data-tooltip=\"Nauka o obsahu obraz\u016f a jejich v\u00fdznamu.\" tabindex=\"0\">Ikonografie<\/span> je tak dokladem p\u0159izp\u016fsoben\u00ed pod n\u00e1tlakem a z\u00e1rove\u0148 hou\u017eevnat\u00e9ho zachov\u00e1n\u00ed vlastn\u00ed identity.<\/p>\t\t\t\t\t\t\t\t<\/div>\n\t\t\t\t<\/div>\n\t\t\t\t\t<\/div>\n\t\t\t\t<\/div>\n\t\t<div class=\"elementor-element elementor-element-cp3fd0277 e-flex e-con-boxed e-con e-parent\" data-id=\"cp3fd0277\" data-element_type=\"container\" data-e-type=\"container\">\n\t\t\t\t\t<div class=\"e-con-inner\">\n\t\t\t\t<div class=\"elementor-element elementor-element-cp24cf9de elementor-widget elementor-widget-heading\" data-id=\"cp24cf9de\" data-element_type=\"widget\" data-e-type=\"widget\" data-widget_type=\"heading.default\">\n\t\t\t\t\t<h2 class=\"elementor-heading-title elementor-size-default\">Erzulie Dantor a pakt z Bois Caiman<\/h2>\t\t\t\t<\/div>\n\t\t<div class=\"elementor-element elementor-element-cp89928b5 e-con-full e-flex e-con e-child\" data-id=\"cp89928b5\" data-element_type=\"container\" data-e-type=\"container\">\n\t\t\t\t<div class=\"elementor-element elementor-element-cpbc23c54 elementor-widget elementor-widget-text-editor\" data-id=\"cpbc23c54\" data-element_type=\"widget\" data-e-type=\"widget\" data-widget_type=\"text-editor.default\">\n\t\t\t\t\t\t\t\t\t<p><span data-nosnippet>Erzulie Dantor m\u00e1 zvl\u00e1\u0161tn\u00ed v\u00fdznam d\u00edky sv\u00e9mu spojen\u00ed s haitskou revoluc\u00ed. Podle roz\u0161\u00ed\u0159en\u00e9 <span class=\"iwg-fachbegriff\" data-tooltip=\"P\u0159ed\u00e1v\u00e1n\u00ed v\u011bdomost\u00ed a vypr\u00e1v\u011bn\u00ed mezi generacemi.\" tabindex=\"0\">tradice<\/span> byla vod\u00faistick\u00e1 <span class=\"iwg-fachbegriff\" data-tooltip=\"Slavnostn\u00ed ob\u0159ad prob\u00edhaj\u00edc\u00ed podle pevn\u00fdch pravidel.\" tabindex=\"0\">ceremonie<\/span> v srpnu 1791 na m\u00edst\u011b zvan\u00e9m Bois Ca\u00efman podn\u011btem k velk\u00e9mu povst\u00e1n\u00ed otrok\u016f, kter\u00e9 nakonec vedlo k nez\u00e1vislosti Haiti v roce 1804, tedy k prvn\u00edmu vzniku st\u00e1tu prost\u0159ednictv\u00edm \u00fasp\u011b\u0161n\u00e9 otrock\u00e9 revoluce.<\/span><\/p><p>V pam\u011b\u0165ov\u00e9 kultu\u0159e haitsk\u00e9ho vod\u00fa je Erzulie Dantor s touto <span class=\"iwg-fachbegriff\" data-tooltip=\"Slavnostn\u00ed ob\u0159ad prob\u00edhaj\u00edc\u00ed podle pevn\u00fdch pravidel.\" tabindex=\"0\">ceremoni\u00ed<\/span> \u00fazce spojena. Mnoz\u00ed ji pova\u017euj\u00ed za <em>lwa<\/em>, kter\u00e1 byla p\u0159\u00edtomna p\u0159i Bois Ca\u00efman a dod\u00e1vala povstalc\u016fm s\u00edlu a ochranu. Jej\u00ed obraz bojovn\u00e9, ne\u00falomn\u00e9 matky, kter\u00e1 h\u00e1j\u00ed sv\u00e9 d\u011bti, se p\u0159irozen\u011b vztahoval k boji za osvobozen\u00ed.<\/p><p>Historikov\u00e9 varuj\u00ed p\u0159ed p\u0159\u00edli\u0161nou jistotou p\u0159i rekonstrukci samotn\u00fdch ud\u00e1lost\u00ed Bois Ca\u00efman, proto\u017ee pramenn\u00e1 z\u00e1kladna je \u00fatl\u00e1 a m\u00edsty p\u0159etvo\u0159en\u00e1 pozd\u011bj\u0161\u00edmi v\u00fdklady. S jistotou lze v\u0161ak \u0159\u00edci, \u017ee vod\u00fa a s n\u00edm Erzulie Dantor se staly \u00fast\u0159edn\u00edm bodem haitsk\u00e9 n\u00e1rodn\u00ed identity.<\/p><p><em>Lwa<\/em> v tomto v\u00fdkladu zt\u011bles\u0148uje odpor zotro\u010den\u00fdch, solidaritu utla\u010dovan\u00fdch a ochotu bojovat za vlastn\u00ed d\u011bti a za svobodu.<\/p><p>Toto spojen\u00ed vysv\u011btluje, pro\u010d je Erzulie Dantor na Haiti nejen n\u00e1bo\u017eenskou, ale i politickou a kulturn\u00ed postavou. Zosob\u0148uje p\u0159\u00edb\u011bh, v n\u011bm\u017e se spole\u010denstv\u00ed nesen\u00e9 africk\u00fdmi n\u00e1bo\u017eenstv\u00edmi zbavilo otroctv\u00ed.<\/p><p>Tato <em>lwa<\/em>, pova\u017eovan\u00e1 za n\u011bmou a nesouc\u00ed jizvy, se tak stala <span class=\"iwg-fachbegriff\" data-tooltip=\"V\u00fdsti\u017en\u00fd obraz, kter\u00fd zastupuje abstraktn\u00ed my\u0161lenku.\" tabindex=\"0\">symbolem<\/span> toho, \u017ee zku\u0161enost n\u00e1sil\u00ed a uml\u010den\u00ed nemus\u00ed m\u00edt posledn\u00ed slovo.<\/p>\t\t\t\t\t\t\t\t<\/div>\n\t\t\t\t<\/div>\n\t\t\t\t\t<\/div>\n\t\t\t\t<\/div>\n\t\t<div class=\"elementor-element elementor-element-36dd7469 e-flex e-con-boxed e-con e-parent\" data-id=\"36dd7469\" data-element_type=\"container\" data-e-type=\"container\">\n\t\t\t\t\t<div class=\"e-con-inner\">\n\t\t\t\t<div class=\"elementor-element elementor-element-13760ab4 elementor-widget elementor-widget-heading\" data-id=\"13760ab4\" data-element_type=\"widget\" data-e-type=\"widget\" data-widget_type=\"heading.default\">\n\t\t\t\t\t<h2 class=\"elementor-heading-title elementor-size-default\">Souvisej\u00edc\u00ed odkazy<\/h2>\t\t\t\t<\/div>\n\t\t<div class=\"elementor-element elementor-element-28c87796 e-con-full e-flex e-con e-child\" data-id=\"28c87796\" data-element_type=\"container\" data-e-type=\"container\">\n\t\t\t\t<div class=\"elementor-element elementor-element-5d6538df elementor-widget elementor-widget-text-editor\" data-id=\"5d6538df\" data-element_type=\"widget\" data-e-type=\"widget\" data-widget_type=\"text-editor.default\">\n\t\t\t\t\t\t\t\t\t<ul><li><a href=\"https:\/\/iwell-guard.com\/cs\/?page_id=145379\">Papa Legba, loa otev\u00edraj\u00edc\u00ed br\u00e1ny<\/a><\/li><li><a href=\"https:\/\/iwell-guard.com\/cs\/?page_id=145380\">Baron Samedi, patron loa mrtv\u00fdch<\/a><\/li><li><a href=\"https:\/\/iwell-guard.com\/cs\/?page_id=145384\">Erzulie Freda Dahomey, speci\u00e1ln\u00ed aspekt<\/a><\/li><li><a href=\"https:\/\/iwell-guard.com\/cs\/?page_id=145406\">Afrodita, \u0159eck\u00e1 bohyn\u011b l\u00e1sky<\/a><\/li><li><a href=\"https:\/\/iwell-guard.com\/cs\/?page_id=145392\">Vod\u00fa, p\u0159ehled panteonu<\/a><\/li><li><a href=\"https:\/\/iwell-guard.com\/cs\/?page_id=145205\">Bohov\u00e9, p\u0159ehled kategori\u00ed<\/a><\/li><\/ul>\t\t\t\t\t\t\t\t<\/div>\n\t\t\t\t<\/div>\n\t\t\t\t\t<\/div>\n\t\t\t\t<\/div>\n\t\t<div class=\"elementor-element elementor-element-grl4kl40 e-flex e-con-boxed e-con e-parent\" data-id=\"grl4kl40\" data-element_type=\"container\" data-e-type=\"container\">\n\t\t\t\t\t<div class=\"e-con-inner\">\n\t\t\t\t<div class=\"elementor-element elementor-element-bzsbfrmh elementor-widget elementor-widget-heading\" data-id=\"bzsbfrmh\" data-element_type=\"widget\" data-e-type=\"widget\" data-widget_type=\"heading.default\">\n\t\t\t\t\t<h2 class=\"elementor-heading-title elementor-size-default\">Prameny a literatura<\/h2>\t\t\t\t<\/div>\n\t\t<div class=\"elementor-element elementor-element-2c13224a e-con-full e-flex e-con e-child\" data-id=\"2c13224a\" data-element_type=\"container\" data-e-type=\"container\">\n\t\t\t\t<div class=\"elementor-element elementor-element-0eymh9ub elementor-widget elementor-widget-text-editor\" data-id=\"0eymh9ub\" data-element_type=\"widget\" data-e-type=\"widget\" data-widget_type=\"text-editor.default\">\n\t\t\t\t\t\t\t\t\t<footer class=\"iwg-literatur\"><ul><li><span data-nosnippet>Desmangles, Leslie G.: <em>The Faces of the Gods. Vodou and Roman Catholicism in Haiti<\/em>. Chapel Hill 1992.<\/span><\/li><li><span data-nosnippet>Dayan, Joan: <em>Haiti, History, and the Gods<\/em>. Berkeley 1995.<\/span><\/li><\/ul>\n<p class=\"iwg-bib-more\"><span data-nosnippet>Dal\u0161\u00ed standardn\u00ed d\u00edla naleznete v <a href=\"https:\/\/iwell-guard.com\/cs\/?page_id=145257\">seznamu literatury<\/a>.<\/span><\/p><\/footer>\t\t\t\t\t\t\t\t<\/div>\n\t\t\t\t<\/div>\n\t\t\t\t\t<\/div>\n\t\t\t\t<\/div>\n\t\t<div class=\"elementor-element elementor-element-751b3b4 e-con-boxed e-flex e-con e-parent\" data-id=\"751b3b4\" data-element_type=\"container\" data-e-type=\"container\">\n\t\t\t\t\t<div class=\"e-con-inner\">\n\t\t\t\t<div class=\"elementor-element elementor-element-de779c8 elementor-widget elementor-widget-text-editor\" data-id=\"de779c8\" data-element_type=\"widget\" data-e-type=\"widget\" data-widget_type=\"text-editor.default\">\n\t\t\t\t\t\t\t\t\t\n<h2>\u010casto kladen\u00e9 ot\u00e1zky o Erzulii<\/h2>\n<div class=\"iwg-faq-q\"><h3>Kdo je Erzulie ve vodou?<\/h3><p>Erzulie (kreolsky Ezili) je v haitsk\u00e9m vodou loa l\u00e1sky, kr\u00e1sy a \u017eenskosti. Nejde o jedinou postavu, ale o celou rodinu p\u0159\u00edbuzn\u00fdch duch\u016f s odli\u0161n\u00fdmi povahov\u00fdmi rysy.<\/p><p>Erzulie zt\u011bles\u0148uje ide\u00e1l \u017eensk\u00e9 p\u016fvabnosti, ale tak\u00e9 touhu, \u017e\u00e1rlivost a hlubokou bolest. Je uct\u00edv\u00e1na \u0161perky, parf\u00e9my, sladkostmi a r\u016f\u017eovou barvou a je pova\u017eov\u00e1na za jednu z nejmilovan\u011bj\u0161\u00edch loa vodou.<\/p><\/div>\n<div class=\"iwg-faq-q\"><h3>\u010c\u00edm se li\u0161\u00ed Erzulie Freda od Erzulie Dantor?<\/h3><p>Dv\u011b nejzn\u00e1m\u011bj\u0161\u00ed podoby stoj\u00ed v napjat\u00e9m protikladu. Erzulie Freda je sv\u011btl\u00e1, vyt\u0159\u00edben\u00e1 loa romantick\u00e9 l\u00e1sky a luxusu, \u010dasto spojovan\u00e1 s Panenkou Mari\u00ed; \u010dasto pl\u00e1\u010de, proto\u017ee \u017e\u00e1dn\u00e1 pozemsk\u00e1 l\u00e1ska nedok\u00e1\u017ee naplnit jej\u00ed touhu.<\/p><p>Erzulie Dantor je naproti tomu temn\u00e1, bojovn\u00e1 matka-loa, ochr\u00e1nkyn\u011b \u017een a d\u011bt\u00ed, \u010dasto spojovan\u00e1 se zobrazen\u00edm madony s jizvami na tv\u00e1\u0159i. Freda zt\u011bles\u0148uje romantickou str\u00e1nku \u017eenskosti, Dantor jej\u00ed ochranitelskou a pracovitou str\u00e1nku.<\/p><\/div>\n<script type=\"application\/ld+json\">{\"@context\":\"https:\/\/schema.org\",\"@type\":\"FAQPage\",\"mainEntity\":[{\"@type\":\"Question\",\"name\":\"Kdo je Erzulie ve vodou?\",\"acceptedAnswer\":{\"@type\":\"Answer\",\"text\":\"Erzulie (kreolsky Ezili) je v haitsk\u00e9m vodou loa l\u00e1sky, kr\u00e1sy a \u017eenskosti. Nejde o jedinou postavu, ale o celou rodinu p\u0159\u00edbuzn\u00fdch duch\u016f s odli\u0161n\u00fdmi povahov\u00fdmi rysy. Erzulie zt\u011bles\u0148uje ide\u00e1l \u017eensk\u00e9 p\u016fvabnosti, ale tak\u00e9 touhu, \u017e\u00e1rlivost a hlubokou bolest. Je uct\u00edv\u00e1na \u0161perky, parf\u00e9my, sladkostmi a r\u016f\u017eovou barvou a je pova\u017eov\u00e1na za jednu z nejmilovan\u011bj\u0161\u00edch loa vodou.\"}},{\"@type\":\"Question\",\"name\":\"\u010c\u00edm se li\u0161\u00ed Erzulie Freda od Erzulie Dantor?\",\"acceptedAnswer\":{\"@type\":\"Answer\",\"text\":\"Dv\u011b nejzn\u00e1m\u011bj\u0161\u00ed podoby stoj\u00ed v napjat\u00e9m protikladu. Erzulie Freda je sv\u011btl\u00e1, vyt\u0159\u00edben\u00e1 loa romantick\u00e9 l\u00e1sky a luxusu, \u010dasto spojovan\u00e1 s Panenkou Mari\u00ed; \u010dasto pl\u00e1\u010de, proto\u017ee \u017e\u00e1dn\u00e1 pozemsk\u00e1 l\u00e1ska nedok\u00e1\u017ee naplnit jej\u00ed touhu. Erzulie Dantor je naproti tomu temn\u00e1, bojovn\u00e1 matka-loa, ochr\u00e1nkyn\u011b \u017een a d\u011bt\u00ed, \u010dasto spojovan\u00e1 se zobrazen\u00edm madony s jizvami na tv\u00e1\u0159i. Freda zt\u011bles\u0148uje romantickou str\u00e1nku \u017eenskosti, Dantor jej\u00ed ochranitelskou a pracovitou str\u00e1nku.\"}}]}<\/script>\t\t\t\t\t\t\t\t<\/div>\n\t\t\t\t\t<\/div>\n\t\t\t\t<\/div>\n\t\t\t\t<\/div>\n\t\t","protected":false},"excerpt":{"rendered":"","protected":false},"author":3,"featured_media":1773,"parent":0,"menu_order":0,"comment_status":"closed","ping_status":"closed","template":"elementor_header_footer","meta":{"_yoast_wpseo_focuskw":"Erzulie Freda","_yoast_wpseo_title":"Erzulie Freda \u2013 bohyn\u011b l\u00e1sky v haitsk\u00e9m vodou","_yoast_wpseo_metadesc":"Erzulie Freda, loa l\u00e1sky v haitsk\u00e9m vodou. Zrcadla, r\u016f\u017ee, r\u016f\u017eov\u00e9 \u0161\u00e1tky a ritu\u00e1ly pro l\u00e1sku a p\u0159ita\u017elivost","_yoast_wpseo_meta-robots-noindex":"","_yoast_wpseo_canonical":"","_angie_page":false,"gefaehrdungsstufe":"1","wesen_kultur":"vodou","wesen_klasse":"goetter","footnotes":""},"categories":[],"class_list":["post-145384","page","type-page","status-publish","has-post-thumbnail","hentry"],"yoast_head":"<!-- This site is optimized with the Yoast SEO Premium plugin v27.7 (Yoast SEO v28.3) - https:\/\/yoast.com\/product\/yoast-seo-premium-wordpress\/ -->\n<title>Erzulie Freda \u2013 bohyn\u011b l\u00e1sky v haitsk\u00e9m vodou<\/title>\n<meta name=\"description\" content=\"Erzulie Freda, loa l\u00e1sky v haitsk\u00e9m vodou. Zrcadla, r\u016f\u017ee, r\u016f\u017eov\u00e9 \u0161\u00e1tky a ritu\u00e1ly pro l\u00e1sku a p\u0159ita\u017elivost\" \/>\n<meta name=\"robots\" content=\"index, follow, max-snippet:-1, max-image-preview:large, max-video-preview:-1\" \/>\n<link rel=\"canonical\" href=\"https:\/\/iwell-guard.com\/cs\/erzulie-freda\/\" \/>\n<meta property=\"og:locale\" content=\"cs_CZ\" \/>\n<meta property=\"og:type\" content=\"article\" \/>\n<meta property=\"og:title\" content=\"Erzulie Freda\" \/>\n<meta property=\"og:description\" content=\"Erzulie Freda, loa l\u00e1sky v haitsk\u00e9m vodou. Zrcadla, r\u016f\u017ee, r\u016f\u017eov\u00e9 \u0161\u00e1tky a ritu\u00e1ly pro l\u00e1sku a p\u0159ita\u017elivost\" \/>\n<meta property=\"og:url\" content=\"https:\/\/iwell-guard.com\/cs\/erzulie-freda\/\" \/>\n<meta property=\"og:site_name\" content=\"iWell Guard\" \/>\n<meta property=\"article:modified_time\" content=\"2026-09-03T16:54:31+00:00\" \/>\n<meta property=\"og:image\" content=\"https:\/\/iwell-guard.com\/wp-content\/uploads\/2026\/04\/goetter_vodou_erzulie-freda.webp\" \/>\n\t<meta property=\"og:image:width\" content=\"1024\" \/>\n\t<meta property=\"og:image:height\" content=\"1536\" \/>\n\t<meta property=\"og:image:type\" content=\"image\/webp\" \/>\n<meta name=\"twitter:card\" content=\"summary_large_image\" \/>\n<script type=\"application\/ld+json\" class=\"yoast-schema-graph\">{\"@context\":\"https:\\\/\\\/schema.org\",\"@graph\":[{\"@type\":\"WebPage\",\"@id\":\"https:\\\/\\\/iwell-guard.com\\\/cs\\\/erzulie-freda\\\/\",\"url\":\"https:\\\/\\\/iwell-guard.com\\\/cs\\\/erzulie-freda\\\/\",\"name\":\"Erzulie Freda \u2013 bohyn\u011b l\u00e1sky v haitsk\u00e9m vodou\",\"isPartOf\":{\"@id\":\"https:\\\/\\\/iwell-guard.com\\\/cs\\\/#website\"},\"primaryImageOfPage\":{\"@id\":\"https:\\\/\\\/iwell-guard.com\\\/cs\\\/erzulie-freda\\\/#primaryimage\"},\"image\":{\"@id\":\"https:\\\/\\\/iwell-guard.com\\\/cs\\\/erzulie-freda\\\/#primaryimage\"},\"thumbnailUrl\":\"https:\\\/\\\/iwell-guard.com\\\/wp-content\\\/uploads\\\/2026\\\/04\\\/goetter_vodou_erzulie-freda.webp\",\"datePublished\":\"2026-09-03T16:29:47+00:00\",\"dateModified\":\"2026-09-03T16:54:31+00:00\",\"description\":\"Erzulie Freda, loa l\u00e1sky v haitsk\u00e9m vodou. Zrcadla, r\u016f\u017ee, r\u016f\u017eov\u00e9 \u0161\u00e1tky a ritu\u00e1ly pro l\u00e1sku a p\u0159ita\u017elivost\",\"breadcrumb\":{\"@id\":\"https:\\\/\\\/iwell-guard.com\\\/cs\\\/erzulie-freda\\\/#breadcrumb\"},\"inLanguage\":\"cs\",\"potentialAction\":[{\"@type\":\"ReadAction\",\"target\":[\"https:\\\/\\\/iwell-guard.com\\\/cs\\\/erzulie-freda\\\/\"]}]},{\"@type\":\"ImageObject\",\"inLanguage\":\"cs\",\"@id\":\"https:\\\/\\\/iwell-guard.com\\\/cs\\\/erzulie-freda\\\/#primaryimage\",\"url\":\"https:\\\/\\\/iwell-guard.com\\\/wp-content\\\/uploads\\\/2026\\\/04\\\/goetter_vodou_erzulie-freda.webp\",\"contentUrl\":\"https:\\\/\\\/iwell-guard.com\\\/wp-content\\\/uploads\\\/2026\\\/04\\\/goetter_vodou_erzulie-freda.webp\",\"width\":1024,\"height\":1536,\"caption\":\"Bohov\u00e9 z voduistick\u00e9 tradice.\"},{\"@type\":\"BreadcrumbList\",\"@id\":\"https:\\\/\\\/iwell-guard.com\\\/cs\\\/erzulie-freda\\\/#breadcrumb\",\"itemListElement\":[{\"@type\":\"ListItem\",\"position\":1,\"name\":\"Start\",\"item\":\"https:\\\/\\\/iwell-guard.com\\\/cs\\\/?page_id=145107\"},{\"@type\":\"ListItem\",\"position\":2,\"name\":\"Erzulie Freda\"}]},{\"@type\":\"WebSite\",\"@id\":\"https:\\\/\\\/iwell-guard.com\\\/cs\\\/#website\",\"url\":\"https:\\\/\\\/iwell-guard.com\\\/cs\\\/\",\"name\":\"iWell Guard\",\"description\":\"Schutz vor dunklen Einfl\u00fcssen\",\"publisher\":{\"@id\":\"https:\\\/\\\/iwell-guard.com\\\/cs\\\/#organization\"},\"potentialAction\":[{\"@type\":\"SearchAction\",\"target\":{\"@type\":\"EntryPoint\",\"urlTemplate\":\"https:\\\/\\\/iwell-guard.com\\\/cs\\\/?s={search_term_string}\"},\"query-input\":{\"@type\":\"PropertyValueSpecification\",\"valueRequired\":true,\"valueName\":\"search_term_string\"}}],\"inLanguage\":\"cs\"},{\"@type\":\"Organization\",\"@id\":\"https:\\\/\\\/iwell-guard.com\\\/cs\\\/#organization\",\"name\":\"Ittermann electronic GmbH\",\"url\":\"https:\\\/\\\/iwell-guard.com\\\/cs\\\/\",\"logo\":{\"@type\":\"ImageObject\",\"inLanguage\":\"cs\",\"@id\":\"https:\\\/\\\/iwell-guard.com\\\/cs\\\/#\\\/schema\\\/logo\\\/image\\\/\",\"url\":\"https:\\\/\\\/iwell-guard.com\\\/wp-content\\\/uploads\\\/2026\\\/05\\\/Ittermann-Logo-1182x237-1.png\",\"contentUrl\":\"https:\\\/\\\/iwell-guard.com\\\/wp-content\\\/uploads\\\/2026\\\/05\\\/Ittermann-Logo-1182x237-1.png\",\"width\":1182,\"height\":237,\"caption\":\"Ittermann electronic GmbH\"},\"image\":{\"@id\":\"https:\\\/\\\/iwell-guard.com\\\/cs\\\/#\\\/schema\\\/logo\\\/image\\\/\"},\"sameAs\":[\"https:\\\/\\\/pantip.com\\\/profile\\\/9367242\",\"https:\\\/\\\/micro.blog\\\/iwellguard\",\"https:\\\/\\\/www.diggerslist.com\\\/iwellguard\\\/about\",\"https:\\\/\\\/skitterphoto.com\\\/photographers\\\/2870314\\\/iwell-guard\",\"https:\\\/\\\/iwellguard.wordpress.com\\\/2026\\\/06\\\/06\\\/iwell-guard\\\/\",\"https:\\\/\\\/hub.docker.com\\\/u\\\/iwellguard\",\"https:\\\/\\\/www.pinterest.com\\\/iwellguard\\\/\",\"https:\\\/\\\/bit.ly\\\/m\\\/iwellguard\",\"https:\\\/\\\/entre-vos-mains.alsace.eu\\\/profiles\\\/iwellguard\\\/activity\",\"https:\\\/\\\/gravatar.com\\\/reallybeded8fd34\",\"https:\\\/\\\/naijamatta.com\\\/iwellguard\",\"https:\\\/\\\/www.goodreads.com\\\/iwellguard\",\"https:\\\/\\\/profile.hatena.ne.jp\\\/iwellguard\\\/\",\"https:\\\/\\\/experiment.com\\\/users\\\/iwellguard\",\"https:\\\/\\\/wakelet.com\\\/@iWellGuard82270\",\"https:\\\/\\\/www.chordie.com\\\/forum\\\/profile.php?id=2555664\",\"https:\\\/\\\/www.instapaper.com\\\/p\\\/17757966\",\"https:\\\/\\\/www.mapleprimes.com\\\/users\\\/iwellguard\",\"https:\\\/\\\/businesslistingplus.com\\\/profile\\\/iwell-guard\\\/\",\"https:\\\/\\\/telegra.ph\\\/iWell-Guard-06-06\",\"https:\\\/\\\/pbase.com\\\/iwellguard\\\/iwellguard\",\"https:\\\/\\\/b.hatena.ne.jp\\\/iwellguard\\\/20260607#bookmark-4788405196491818882\",\"https:\\\/\\\/fliphtml5.com\\\/home\\\/iwellguard\",\"https:\\\/\\\/anyflip.com\\\/homepage\\\/cmiwl#About\",\"https:\\\/\\\/transfur.com\\\/Users\\\/iwellguard\",\"http:\\\/\\\/delphi.larsbo.org\\\/user\\\/iwellguard\",\"https:\\\/\\\/jobs.lajobsportal.org\\\/profiles\\\/8380803-iwell-guard\",\"https:\\\/\\\/md.chaosdorf.de\\\/s\\\/jfbe5SBdJD\",\"https:\\\/\\\/www.lingvolive.com\\\/en-us\\\/profile\\\/9ecaeaca-ce11-4e51-9e71-01d55e2bff36\\\/translations\",\"https:\\\/\\\/www.fitday.com\\\/fitness\\\/forums\\\/members\\\/iwellguard.html\",\"https:\\\/\\\/www.mymeetbook.com\\\/iwellguard\",\"https:\\\/\\\/pxhere.com\\\/en\\\/photographer-me\\\/5040798\",\"https:\\\/\\\/disqus.com\\\/by\\\/iwellguard\\\/about\\\/\",\"https:\\\/\\\/pastelink.net\\\/hjwciqwq\",\"https:\\\/\\\/pubhtml5.com\\\/homepage\\\/scjhn\\\/\",\"https:\\\/\\\/www.bitchute.com\\\/channel\\\/2O2eOKzNqujT\",\"https:\\\/\\\/audiomack.com\\\/iwellguard\"]},{\"@type\":\"Article\",\"@id\":\"https:\\\/\\\/iwell-guard.com\\\/cs\\\/erzulie-freda\\\/#article\",\"isPartOf\":{\"@id\":\"https:\\\/\\\/iwell-guard.com\\\/cs\\\/erzulie-freda\\\/\"},\"author\":{\"name\":\"Ralf Ittermann\",\"@id\":\"https:\\\/\\\/iwell-guard.com\\\/cs\\\/#\\\/schema\\\/person\\\/ee2a27f1cac3406c7c6fb5820cb7349f\"},\"headline\":\"Erzulie Freda\",\"datePublished\":\"2026-09-03T16:29:47+00:00\",\"dateModified\":\"2026-09-03T16:54:31+00:00\",\"mainEntityOfPage\":{\"@id\":\"https:\\\/\\\/iwell-guard.com\\\/cs\\\/erzulie-freda\\\/\"},\"publisher\":{\"@id\":\"https:\\\/\\\/iwell-guard.com\\\/cs\\\/#organization\"},\"image\":{\"@id\":\"https:\\\/\\\/iwell-guard.com\\\/cs\\\/erzulie-freda\\\/#primaryimage\"},\"thumbnailUrl\":\"https:\\\/\\\/iwell-guard.com\\\/wp-content\\\/uploads\\\/2026\\\/04\\\/goetter_vodou_erzulie-freda.webp\",\"inLanguage\":\"cs\",\"description\":\"Erzulie Freda, loa l\u00e1sky v haitsk\u00e9m vodou. Zrcadla, r\u016f\u017ee, r\u016f\u017eov\u00e9 \u0161\u00e1tky a ritu\u00e1ly pro l\u00e1sku a p\u0159ita\u017elivost\"}]}<\/script>\n<!-- \/ Yoast SEO Premium plugin. -->","yoast_head_json":{"title":"Erzulie Freda \u2013 bohyn\u011b l\u00e1sky v haitsk\u00e9m vodou","description":"Erzulie Freda, loa l\u00e1sky v haitsk\u00e9m vodou. Zrcadla, r\u016f\u017ee, r\u016f\u017eov\u00e9 \u0161\u00e1tky a ritu\u00e1ly pro l\u00e1sku a p\u0159ita\u017elivost","robots":{"index":"index","follow":"follow","max-snippet":"max-snippet:-1","max-image-preview":"max-image-preview:large","max-video-preview":"max-video-preview:-1"},"canonical":"https:\/\/iwell-guard.com\/cs\/erzulie-freda\/","og_locale":"cs_CZ","og_type":"article","og_title":"Erzulie Freda","og_description":"Erzulie Freda, loa l\u00e1sky v haitsk\u00e9m vodou. Zrcadla, r\u016f\u017ee, r\u016f\u017eov\u00e9 \u0161\u00e1tky a ritu\u00e1ly pro l\u00e1sku a p\u0159ita\u017elivost","og_url":"https:\/\/iwell-guard.com\/cs\/erzulie-freda\/","og_site_name":"iWell Guard","article_modified_time":"2026-09-03T16:54:31+00:00","og_image":[{"width":1024,"height":1536,"url":"https:\/\/iwell-guard.com\/wp-content\/uploads\/2026\/04\/goetter_vodou_erzulie-freda.webp","type":"image\/webp"}],"twitter_card":"summary_large_image","schema":{"@context":"https:\/\/schema.org","@graph":[{"@type":"Article","@id":"https:\/\/iwell-guard.com\/cs\/erzulie-freda\/#article","isPartOf":{"@id":"https:\/\/iwell-guard.com\/cs\/erzulie-freda\/"},"author":{"name":"Ralf Ittermann","@id":"https:\/\/iwell-guard.com\/cs\/#\/schema\/person\/ee2a27f1cac3406c7c6fb5820cb7349f"},"headline":"Erzulie Freda","datePublished":"2026-09-03T16:29:47+00:00","dateModified":"2026-09-03T16:54:31+00:00","mainEntityOfPage":{"@id":"https:\/\/iwell-guard.com\/cs\/erzulie-freda\/"},"publisher":{"@id":"https:\/\/iwell-guard.com\/cs\/#organization"},"image":{"@id":"https:\/\/iwell-guard.com\/cs\/erzulie-freda\/#primaryimage"},"thumbnailUrl":"https:\/\/iwell-guard.com\/wp-content\/uploads\/2026\/04\/goetter_vodou_erzulie-freda.webp","inLanguage":"cs","description":"Erzulie Freda, loa l\u00e1sky v haitsk\u00e9m vodou. Zrcadla, r\u016f\u017ee, r\u016f\u017eov\u00e9 \u0161\u00e1tky a ritu\u00e1ly pro l\u00e1sku a p\u0159ita\u017elivost"},{"@type":"WebPage","@id":"https:\/\/iwell-guard.com\/cs\/erzulie-freda\/","url":"https:\/\/iwell-guard.com\/cs\/erzulie-freda\/","name":"Erzulie Freda \u2013 bohyn\u011b l\u00e1sky v haitsk\u00e9m vodou","isPartOf":{"@id":"https:\/\/iwell-guard.com\/cs\/#website"},"primaryImageOfPage":{"@id":"https:\/\/iwell-guard.com\/cs\/erzulie-freda\/#primaryimage"},"image":{"@id":"https:\/\/iwell-guard.com\/cs\/erzulie-freda\/#primaryimage"},"thumbnailUrl":"https:\/\/iwell-guard.com\/wp-content\/uploads\/2026\/04\/goetter_vodou_erzulie-freda.webp","datePublished":"2026-09-03T16:29:47+00:00","dateModified":"2026-09-03T16:54:31+00:00","description":"Erzulie Freda, loa l\u00e1sky v haitsk\u00e9m vodou. Zrcadla, r\u016f\u017ee, r\u016f\u017eov\u00e9 \u0161\u00e1tky a ritu\u00e1ly pro l\u00e1sku a p\u0159ita\u017elivost","breadcrumb":{"@id":"https:\/\/iwell-guard.com\/cs\/erzulie-freda\/#breadcrumb"},"inLanguage":"cs","potentialAction":[{"@type":"ReadAction","target":["https:\/\/iwell-guard.com\/cs\/erzulie-freda\/"]}]},{"@type":"ImageObject","inLanguage":"cs","@id":"https:\/\/iwell-guard.com\/cs\/erzulie-freda\/#primaryimage","url":"https:\/\/iwell-guard.com\/wp-content\/uploads\/2026\/04\/goetter_vodou_erzulie-freda.webp","contentUrl":"https:\/\/iwell-guard.com\/wp-content\/uploads\/2026\/04\/goetter_vodou_erzulie-freda.webp","width":1024,"height":1536,"caption":"Bohov\u00e9 z voduistick\u00e9 tradice."},{"@type":"BreadcrumbList","@id":"https:\/\/iwell-guard.com\/cs\/erzulie-freda\/#breadcrumb","itemListElement":[{"@type":"ListItem","position":1,"name":"Start","item":"https:\/\/iwell-guard.com\/cs\/?page_id=145107"},{"@type":"ListItem","position":2,"name":"Erzulie Freda"}]},{"@type":"WebSite","@id":"https:\/\/iwell-guard.com\/cs\/#website","url":"https:\/\/iwell-guard.com\/cs\/","name":"iWell Guard","description":"Schutz vor dunklen Einfl\u00fcssen","publisher":{"@id":"https:\/\/iwell-guard.com\/cs\/#organization"},"potentialAction":[{"@type":"SearchAction","target":{"@type":"EntryPoint","urlTemplate":"https:\/\/iwell-guard.com\/cs\/?s={search_term_string}"},"query-input":{"@type":"PropertyValueSpecification","valueRequired":true,"valueName":"search_term_string"}}],"inLanguage":"cs"},{"@type":"Organization","@id":"https:\/\/iwell-guard.com\/cs\/#organization","name":"Ittermann electronic GmbH","url":"https:\/\/iwell-guard.com\/cs\/","logo":{"@type":"ImageObject","inLanguage":"cs","@id":"https:\/\/iwell-guard.com\/cs\/#\/schema\/logo\/image\/","url":"https:\/\/iwell-guard.com\/wp-content\/uploads\/2026\/05\/Ittermann-Logo-1182x237-1.png","contentUrl":"https:\/\/iwell-guard.com\/wp-content\/uploads\/2026\/05\/Ittermann-Logo-1182x237-1.png","width":1182,"height":237,"caption":"Ittermann electronic GmbH"},"image":{"@id":"https:\/\/iwell-guard.com\/cs\/#\/schema\/logo\/image\/"},"sameAs":["https:\/\/pantip.com\/profile\/9367242","https:\/\/micro.blog\/iwellguard","https:\/\/www.diggerslist.com\/iwellguard\/about","https:\/\/skitterphoto.com\/photographers\/2870314\/iwell-guard","https:\/\/iwellguard.wordpress.com\/2026\/06\/06\/iwell-guard\/","https:\/\/hub.docker.com\/u\/iwellguard","https:\/\/www.pinterest.com\/iwellguard\/","https:\/\/bit.ly\/m\/iwellguard","https:\/\/entre-vos-mains.alsace.eu\/profiles\/iwellguard\/activity","https:\/\/gravatar.com\/reallybeded8fd34","https:\/\/naijamatta.com\/iwellguard","https:\/\/www.goodreads.com\/iwellguard","https:\/\/profile.hatena.ne.jp\/iwellguard\/","https:\/\/experiment.com\/users\/iwellguard","https:\/\/wakelet.com\/@iWellGuard82270","https:\/\/www.chordie.com\/forum\/profile.php?id=2555664","https:\/\/www.instapaper.com\/p\/17757966","https:\/\/www.mapleprimes.com\/users\/iwellguard","https:\/\/businesslistingplus.com\/profile\/iwell-guard\/","https:\/\/telegra.ph\/iWell-Guard-06-06","https:\/\/pbase.com\/iwellguard\/iwellguard","https:\/\/b.hatena.ne.jp\/iwellguard\/20260607#bookmark-4788405196491818882","https:\/\/fliphtml5.com\/home\/iwellguard","https:\/\/anyflip.com\/homepage\/cmiwl#About","https:\/\/transfur.com\/Users\/iwellguard","http:\/\/delphi.larsbo.org\/user\/iwellguard","https:\/\/jobs.lajobsportal.org\/profiles\/8380803-iwell-guard","https:\/\/md.chaosdorf.de\/s\/jfbe5SBdJD","https:\/\/www.lingvolive.com\/en-us\/profile\/9ecaeaca-ce11-4e51-9e71-01d55e2bff36\/translations","https:\/\/www.fitday.com\/fitness\/forums\/members\/iwellguard.html","https:\/\/www.mymeetbook.com\/iwellguard","https:\/\/pxhere.com\/en\/photographer-me\/5040798","https:\/\/disqus.com\/by\/iwellguard\/about\/","https:\/\/pastelink.net\/hjwciqwq","https:\/\/pubhtml5.com\/homepage\/scjhn\/","https:\/\/www.bitchute.com\/channel\/2O2eOKzNqujT","https:\/\/audiomack.com\/iwellguard"]},{"@type":"Person","@id":"https:\/\/iwell-guard.com\/cs\/#\/schema\/person\/ee2a27f1cac3406c7c6fb5820cb7349f","name":"Ralf Ittermann","image":{"@type":"ImageObject","inLanguage":"cs","@id":"https:\/\/secure.gravatar.com\/avatar\/073c0153e350a5005b68eb752b445fea71f6b24a26da9449ad7e155e6b446c9d?s=96&d=mm&r=g","url":"https:\/\/secure.gravatar.com\/avatar\/073c0153e350a5005b68eb752b445fea71f6b24a26da9449ad7e155e6b446c9d?s=96&d=mm&r=g","contentUrl":"https:\/\/secure.gravatar.com\/avatar\/073c0153e350a5005b68eb752b445fea71f6b24a26da9449ad7e155e6b446c9d?s=96&d=mm&r=g","caption":"Ralf Ittermann"},"givenName":"Ralf","familyName":"Ittermann","jobTitle":"Gesch\u00e4ftsf\u00fchrer und redaktioneller Verantwortlicher","url":"https:\/\/iwell-guard.com\/cs\/author\/claude\/","description":"Ralf Ittermann ist Gesch\u00e4ftsf\u00fchrer der Ittermann electronic GmbH und redaktioneller Verantwortlicher des iWell-Guard-Lexikons. Er verbindet langj\u00e4hrige Erfahrung in der Pr\u00e4zisionsfertigung mit medialer Praxis und religionsgeschichtlicher Quellenarbeit.","worksFor":{"@type":"Organization","name":"Ittermann electronic GmbH","url":"https:\/\/ittermann.de\/","address":{"@type":"PostalAddress","streetAddress":"K\u00f6hlergasse 16-18","postalCode":"99842","addressLocality":"Ruhla","addressCountry":"DE"}},"knowsAbout":["Religionsgeschichte","Mythologie","Mediale Praxis","Energetische Diagnostik","Schutzpraxis","Volksglauben","Westliche Esoterik"]},{"@type":"Article","@id":"https:\/\/iwell-guard.com\/cs\/erzulie-freda\/#article","isPartOf":{"@id":"https:\/\/iwell-guard.com\/cs\/erzulie-freda\/"},"author":{"name":"Ralf Ittermann","@id":"https:\/\/iwell-guard.com\/cs\/#\/schema\/person\/ee2a27f1cac3406c7c6fb5820cb7349f"},"headline":"Erzulie Freda","datePublished":"2026-09-03T16:29:47+00:00","dateModified":"2026-09-03T16:54:31+00:00","mainEntityOfPage":{"@id":"https:\/\/iwell-guard.com\/cs\/erzulie-freda\/"},"publisher":{"@id":"https:\/\/iwell-guard.com\/cs\/#organization"},"image":{"@id":"https:\/\/iwell-guard.com\/cs\/erzulie-freda\/#primaryimage"},"thumbnailUrl":"https:\/\/iwell-guard.com\/wp-content\/uploads\/2026\/04\/goetter_vodou_erzulie-freda.webp","inLanguage":"cs","description":"Erzulie Freda, loa l\u00e1sky v haitsk\u00e9m vodou. Zrcadla, r\u016f\u017ee, r\u016f\u017eov\u00e9 \u0161\u00e1tky a ritu\u00e1ly pro l\u00e1sku a p\u0159ita\u017elivost"}]}},"_links":{"self":[{"href":"https:\/\/iwell-guard.com\/cs\/wp-json\/wp\/v2\/pages\/145384","targetHints":{"allow":["GET"]}}],"collection":[{"href":"https:\/\/iwell-guard.com\/cs\/wp-json\/wp\/v2\/pages"}],"about":[{"href":"https:\/\/iwell-guard.com\/cs\/wp-json\/wp\/v2\/types\/page"}],"author":[{"embeddable":true,"href":"https:\/\/iwell-guard.com\/cs\/wp-json\/wp\/v2\/users\/3"}],"replies":[{"embeddable":true,"href":"https:\/\/iwell-guard.com\/cs\/wp-json\/wp\/v2\/comments?post=145384"}],"version-history":[{"count":0,"href":"https:\/\/iwell-guard.com\/cs\/wp-json\/wp\/v2\/pages\/145384\/revisions"}],"wp:featuredmedia":[{"embeddable":true,"href":"https:\/\/iwell-guard.com\/cs\/wp-json\/wp\/v2\/media\/1773"}],"wp:attachment":[{"href":"https:\/\/iwell-guard.com\/cs\/wp-json\/wp\/v2\/media?parent=145384"}],"wp:term":[{"taxonomy":"category","embeddable":true,"href":"https:\/\/iwell-guard.com\/cs\/wp-json\/wp\/v2\/categories?post=145384"}],"curies":[{"name":"wp","href":"https:\/\/api.w.org\/{rel}","templated":true}]}}