{"id":145365,"date":"2026-09-03T16:29:37","date_gmt":"2026-09-03T16:29:37","guid":{"rendered":"https:\/\/iwell-guard.com\/?page_id=145365"},"modified":"2026-09-03T16:54:02","modified_gmt":"2026-09-03T16:54:02","slug":"gabriel","status":"publish","type":"page","link":"https:\/\/iwell-guard.com\/cs\/gabriel\/","title":{"rendered":"Gabriel"},"content":{"rendered":"\t\t<div data-elementor-type=\"wp-page\" data-elementor-id=\"145365\" class=\"elementor elementor-145365 elementor-2140 elementor-bc-flex-widget\" data-elementor-post-type=\"page\">\n\t\t\t\t<div class=\"elementor-element elementor-element-10fdade e-flex e-con-boxed e-con e-parent\" data-id=\"10fdade\" data-element_type=\"container\" data-e-type=\"container\" data-settings=\"{&quot;background_background&quot;:&quot;classic&quot;}\">\n\t\t\t\t\t<div class=\"e-con-inner\">\n\t\t<div class=\"elementor-element elementor-element-herohlft0 e-flex e-con-boxed e-con e-child\" data-id=\"herohlft0\" data-element_type=\"container\" data-e-type=\"container\">\n\t\t\t\t\t<div class=\"e-con-inner\">\n\t\t<div class=\"elementor-element elementor-element-c3ceb64 e-con-full e-flex e-con e-child\" data-id=\"c3ceb64\" data-element_type=\"container\" data-e-type=\"container\">\n\t\t\t\t<div class=\"elementor-element elementor-element-96ae5e1 elementor-widget elementor-widget-heading\" data-id=\"96ae5e1\" data-element_type=\"widget\" data-e-type=\"widget\" data-widget_type=\"heading.default\">\n\t\t\t\t\t<h1 class=\"elementor-heading-title elementor-size-default\">Gabriel, b\u016fh \u017eidovsk\u00e9 tradice<\/h1>\t\t\t\t<\/div>\n\t\t\t\t<div class=\"elementor-element elementor-element-e45238a elementor-widget elementor-widget-text-editor\" data-id=\"e45238a\" data-element_type=\"widget\" data-e-type=\"widget\" data-widget_type=\"text-editor.default\">\n\t\t\t\t\t\t\t\t\t<p>Gabriel je postavou archand\u011bla \u017eidovsk\u00e9 tradice, hlasatelem bo\u017e\u00edch poselstv\u00ed a akt\u00e9rem eschatologick\u00fdch sc\u00e9n. Jeho religionistick\u00fd v\u00fdznam spo\u010d\u00edv\u00e1 ve zprost\u0159edkov\u00e1n\u00ed mezi nebem a zem\u00ed, ve zjevov\u00e1n\u00ed Bo\u017e\u00ed v\u016fle a v ustanoven\u00ed \u017eidovsk\u00e9ho k\u00e1nonu and\u011blologie.<\/p>\t\t\t\t\t\t\t\t<\/div>\n\t\t\t\t<\/div>\n\t\t<div class=\"elementor-element elementor-element-klsbdg01 e-con-full e-flex e-con e-parent\" data-id=\"klsbdg01\" data-element_type=\"container\" data-e-type=\"container\">\n\t\t\t\t<div class=\"elementor-element elementor-element-klshtm01 elementor-widget elementor-widget-html\" data-id=\"klshtm01\" data-element_type=\"widget\" data-e-type=\"widget\" data-widget_type=\"html.default\">\n\t\t\t\t\t<div class=\"iwg-pill-row\"><span class=\"iwg-klasse-badge\" tabindex=\"0\" data-tooltip=\"Bytosti sv\u011btla: osv\u00edcen\u00e9, ochrann\u00e9 nebo u\u010d\u00edc\u00ed bytosti, archand\u011bl\u00e9, mist\u0159i vzestupu, sv\u011bteln\u00e9 p\u0159\u00edrodn\u00ed bytosti. V novodob\u00fdch i star\u0161\u00edch duchovn\u00edch tradic\u00edch popisov\u00e1ny jako pomocn\u00edci a u\u010ditel\u00e9.\">Bytosti sv\u011btla<\/span><a href=\"https:\/\/iwell-guard.com\/cs\/?page_id=145140\" class=\"iwg-kultur-badge\" tabindex=\"0\" data-tooltip=\"Isl\u00e1msk\u00fd sv\u011bt v\u00edry s archand\u011bly, d\u017einy a n\u00e1bo\u017eensk\u00fdmi bytostmi.\">Isl\u00e1m<\/a><span class=\"iwg-tradition-badge\" tabindex=\"0\" data-tooltip=\"Archand\u011bl, nejvy\u0161\u0161\u00ed t\u0159\u00edda and\u011bl\u016f v \u017eidovsk\u00e9, k\u0159es\u0165ansk\u00e9 a isl\u00e1msk\u00e9 tradici.\">Archand\u011bl<\/span><\/div>\t\t\t\t<\/div>\n\t\t\t\t<\/div>\n\t\t<div class=\"elementor-element elementor-element-3f74855 e-con-full e-flex e-con e-child\" data-id=\"3f74855\" data-element_type=\"container\" data-e-type=\"container\">\n\t\t\t\t<div class=\"elementor-element elementor-element-1c30362 elementor-toc--minimized-on-tablet elementor-widget elementor-widget-table-of-contents\" data-id=\"1c30362\" data-element_type=\"widget\" data-e-type=\"widget\" data-settings=\"{&quot;exclude_headings_by_selector&quot;:[],&quot;no_headings_message&quot;:&quot;Na t\\u00e9to str\\u00e1nce nebyly nalezeny \\u017e\\u00e1dn\\u00e9 nadpisy.&quot;,&quot;headings_by_tags&quot;:[&quot;h2&quot;,&quot;h3&quot;],&quot;marker_view&quot;:&quot;bullets&quot;,&quot;minimize_box&quot;:&quot;yes&quot;,&quot;icon&quot;:{&quot;value&quot;:&quot;fas fa-circle&quot;,&quot;library&quot;:&quot;fa-solid&quot;,&quot;rendered_tag&quot;:&quot;&lt;svg class=\\&quot;e-font-icon-svg e-fas-circle\\&quot; viewBox=\\&quot;0 0 512 512\\&quot; xmlns=\\&quot;http:\\\/\\\/www.w3.org\\\/2000\\\/svg\\&quot;&gt;&lt;path d=\\&quot;M256 8C119 8 8 119 8 256s111 248 248 248 248-111 248-248S393 8 256 8z\\&quot;&gt;&lt;\\\/path&gt;&lt;\\\/svg&gt;&quot;},&quot;minimized_on&quot;:&quot;tablet&quot;,&quot;hierarchical_view&quot;:&quot;yes&quot;,&quot;min_height&quot;:{&quot;unit&quot;:&quot;px&quot;,&quot;size&quot;:&quot;&quot;,&quot;sizes&quot;:[]},&quot;min_height_tablet&quot;:{&quot;unit&quot;:&quot;px&quot;,&quot;size&quot;:&quot;&quot;,&quot;sizes&quot;:[]},&quot;min_height_mobile&quot;:{&quot;unit&quot;:&quot;px&quot;,&quot;size&quot;:&quot;&quot;,&quot;sizes&quot;:[]}}\" data-widget_type=\"table-of-contents.default\">\n\t\t\t\t\t\t\t\t\t<div class=\"elementor-toc__header\">\n\t\t\t\t\t\t<h2 class=\"elementor-toc__header-title\">\n\t\t\t\tObsah\t\t\t<\/h2>\n\t\t\t\t\t\t\t\t\t\t<div class=\"elementor-toc__toggle-button elementor-toc__toggle-button--expand\" role=\"button\" tabindex=\"0\" aria-controls=\"elementor-toc__1c30362\" aria-expanded=\"true\" aria-label=\"Open table of contents\"><svg aria-hidden=\"true\" class=\"e-font-icon-svg e-fas-chevron-down\" viewBox=\"0 0 448 512\" xmlns=\"http:\/\/www.w3.org\/2000\/svg\"><path d=\"M207.029 381.476L12.686 187.132c-9.373-9.373-9.373-24.569 0-33.941l22.667-22.667c9.357-9.357 24.522-9.375 33.901-.04L224 284.505l154.745-154.021c9.379-9.335 24.544-9.317 33.901.04l22.667 22.667c9.373 9.373 9.373 24.569 0 33.941L240.971 381.476c-9.373 9.372-24.569 9.372-33.942 0z\"><\/path><\/svg><\/div>\n\t\t\t\t<div class=\"elementor-toc__toggle-button elementor-toc__toggle-button--collapse\" role=\"button\" tabindex=\"0\" aria-controls=\"elementor-toc__1c30362\" aria-expanded=\"true\" aria-label=\"Close table of contents\"><svg aria-hidden=\"true\" class=\"e-font-icon-svg e-fas-chevron-up\" viewBox=\"0 0 448 512\" xmlns=\"http:\/\/www.w3.org\/2000\/svg\"><path d=\"M240.971 130.524l194.343 194.343c9.373 9.373 9.373 24.569 0 33.941l-22.667 22.667c-9.357 9.357-24.522 9.375-33.901.04L224 227.495 69.255 381.516c-9.379 9.335-24.544 9.317-33.901-.04l-22.667-22.667c-9.373-9.373-9.373-24.569 0-33.941L207.03 130.525c9.372-9.373 24.568-9.373 33.941-.001z\"><\/path><\/svg><\/div>\n\t\t\t\t\t<\/div>\n\t\t\t\t<div id=\"elementor-toc__1c30362\" class=\"elementor-toc__body\">\n\t\t\t<div class=\"elementor-toc__spinner-container\">\n\t\t\t\t<svg class=\"elementor-toc__spinner eicon-animation-spin e-font-icon-svg e-eicon-loading\" aria-hidden=\"true\" viewBox=\"0 0 1000 1000\" xmlns=\"http:\/\/www.w3.org\/2000\/svg\"><path d=\"M500 975V858C696 858 858 696 858 500S696 142 500 142 142 304 142 500H25C25 237 238 25 500 25S975 237 975 500 763 975 500 975Z\"><\/path><\/svg>\t\t\t<\/div>\n\t\t<\/div>\n\t\t\t\t\t\t<\/div>\n\t\t\t\t<\/div>\n\t\t\t\t\t<\/div>\n\t\t\t\t<\/div>\n\t\t<div class=\"elementor-element elementor-element-herorght0 e-con-full e-flex e-con e-child\" data-id=\"herorght0\" data-element_type=\"container\" data-e-type=\"container\">\n\t\t\t\t<div class=\"elementor-element elementor-element-heroimg00 iwg-hero-image elementor-widget elementor-widget-image\" data-id=\"heroimg00\" data-element_type=\"widget\" data-e-type=\"widget\" data-widget_type=\"image.default\">\n\t\t\t\t\t\t\t\t\t\t\t\t\t\t\t<img fetchpriority=\"high\" decoding=\"async\" width=\"683\" height=\"1024\" src=\"https:\/\/iwell-guard.com\/wp-content\/uploads\/2026\/04\/goetter_judentum_gabriel-683x1024.webp\" class=\"attachment-large size-large wp-image-1609\" alt=\"Gabriel\" srcset=\"https:\/\/iwell-guard.com\/wp-content\/uploads\/2026\/04\/goetter_judentum_gabriel-683x1024.webp 683w, https:\/\/iwell-guard.com\/wp-content\/uploads\/2026\/04\/goetter_judentum_gabriel-200x300.webp 200w, https:\/\/iwell-guard.com\/wp-content\/uploads\/2026\/04\/goetter_judentum_gabriel-768x1152.webp 768w, https:\/\/iwell-guard.com\/wp-content\/uploads\/2026\/04\/goetter_judentum_gabriel.webp 1024w\" sizes=\"(max-width: 683px) 100vw, 683px\" \/>\t\t\t\t\t\t\t\t\t\t\t\t\t\t\t<\/div>\n\t\t\t\t<\/div>\n\t\t\t\t\t<\/div>\n\t\t\t\t<\/div>\n\t\t<div class=\"elementor-element elementor-element-32917199 e-flex e-con-boxed e-con e-parent\" data-id=\"32917199\" data-element_type=\"container\" data-e-type=\"container\">\n\t\t\t\t\t<div class=\"e-con-inner\">\n\t\t<div class=\"elementor-element elementor-element-26e916cb e-flex e-con-boxed e-con e-child\" data-id=\"26e916cb\" data-element_type=\"container\" data-e-type=\"container\">\n\t\t\t\t\t<div class=\"e-con-inner\">\n\t\t<div class=\"elementor-element elementor-element-253a40d4 e-flex e-con-boxed e-con e-child\" data-id=\"253a40d4\" data-element_type=\"container\" data-e-type=\"container\">\n\t\t\t\t\t<div class=\"e-con-inner\">\n\t\t\t\t<div class=\"elementor-element elementor-element-1200c304 elementor-widget elementor-widget-heading\" data-id=\"1200c304\" data-element_type=\"widget\" data-e-type=\"widget\" data-widget_type=\"heading.default\">\n\t\t\t\t\t<h2 class=\"elementor-heading-title elementor-size-default\">Gabriel<\/h2>\t\t\t\t<\/div>\n\t\t\t\t<div class=\"elementor-element elementor-element-11758e7f elementor-widget elementor-widget-text-editor\" data-id=\"11758e7f\" data-element_type=\"widget\" data-e-type=\"widget\" data-widget_type=\"text-editor.default\">\n\t\t\t\t\t\t\t\t\t<p>Gabriel funguje jako Bo\u017e\u00ed posel a prost\u0159edn\u00edk Bo\u017e\u00ed v\u016fle. Mezi jeho vlastnosti pat\u0159\u00ed s\u00edla, pravda a bezprost\u0159edn\u00ed bl\u00edzkost Bo\u017e\u00edmu tr\u016fnu. \u00dast\u0159edn\u00edmi m\u00fdty jsou: Danielovy vize (Dan 8, 9), v nich\u017e Gabriel odhaluje eschatologick\u00e9 \u010dasy; zv\u011bstov\u00e1n\u00ed narozen\u00ed Jana K\u0159titele (Lk 1,11.20, pouze v k\u0159es\u0165ansk\u00e9 tradici); a kabalisticko-mystick\u00e9 role v henochovsk\u00e9 literatu\u0159e a zoharsk\u00fdch tradic\u00edch.<\/p>\t\t\t\t\t\t\t\t<\/div>\n\t\t\t\t\t<\/div>\n\t\t\t\t<\/div>\n\t\t<div class=\"elementor-element elementor-element-159dcf9a e-flex e-con-boxed e-con e-child\" data-id=\"159dcf9a\" data-element_type=\"container\" data-e-type=\"container\">\n\t\t\t\t\t<div class=\"e-con-inner\">\n\t\t\t\t<div class=\"elementor-element elementor-element-48cee66f elementor-widget elementor-widget-heading\" data-id=\"48cee66f\" data-element_type=\"widget\" data-e-type=\"widget\" data-widget_type=\"heading.default\">\n\t\t\t\t\t<h2 class=\"elementor-heading-title elementor-size-default\">Kr\u00e1tk\u00fd profil: Gabriel<\/h2>\t\t\t\t<\/div>\n\t\t\t\t<div class=\"elementor-element elementor-element-3f50d82c elementor-widget elementor-widget-text-editor\" data-id=\"3f50d82c\" data-element_type=\"widget\" data-e-type=\"widget\" data-widget_type=\"text-editor.default\">\n\t\t\t\t\t\t\t\t\t<p>Gabriel poch\u00e1z\u00ed z biblick\u00fdch prim\u00e1rn\u00edch pramen\u016f: knihy Daniel (8,16; 9,21) a apokryfn\u00edch spis\u016f (Henoch 1-2, Tobi\u00e1\u0161 3,17). Jeho za\u0159azen\u00ed spad\u00e1 do hel\u00e9nistick\u00e9ho obdob\u00ed (2. 1. stolet\u00ed p\u0159. n. l.).<\/p><p>\u017didovsk\u00fd v\u00fdzkum dokumentuje Gabriela u Scholema (Judaica, <span class=\"iwg-fachbegriff\" tabindex=\"0\" data-tooltip=\"N\u00e1bo\u017eensk\u00fd proud zam\u011b\u0159en\u00fd na p\u0159\u00edmou zku\u0161enost s Bohem; kl\u00ed\u010dov\u00fd v \u017eidovsk\u00e9, k\u0159es\u0165ansk\u00e9 a isl\u00e1msk\u00e9 tradici.\">mystika<\/span>), Bietenharda (and\u011blologie), Hughese (Dictionary of Islam, komparativn\u00ed pohled) a McLeoda (\u017eidovsko-isl\u00e1msk\u00e9 paralely). Sou\u010dasn\u00fd stav v\u00fdzkumu ukazuje Gabriela jako archetyp\u00e1ln\u00edho archand\u011bla Bl\u00edzk\u00e9ho v\u00fdchodu.<\/p>\t\t\t\t\t\t\t\t<\/div>\n\t\t\t\t\t<\/div>\n\t\t\t\t<\/div>\n\t\t\t\t\t<\/div>\n\t\t\t\t<\/div>\n\t\t\t\t\t<\/div>\n\t\t\t\t<\/div>\n\t\t<div class=\"elementor-element elementor-element-18613602 e-flex e-con-boxed e-con e-parent\" data-id=\"18613602\" data-element_type=\"container\" data-e-type=\"container\">\n\t\t\t\t\t<div class=\"e-con-inner\">\n\t\t\t\t<div class=\"elementor-element elementor-element-262b8a9f elementor-widget elementor-widget-heading\" data-id=\"262b8a9f\" data-element_type=\"widget\" data-e-type=\"widget\" data-widget_type=\"heading.default\">\n\t\t\t\t\t<h2 class=\"elementor-heading-title elementor-size-default\">Kontext<\/h2>\t\t\t\t<\/div>\n\t\t<div class=\"elementor-element elementor-element-46dcb7d e-con-full e-flex e-con e-child\" data-id=\"46dcb7d\" data-element_type=\"container\" data-e-type=\"container\">\n\t\t<div class=\"elementor-element elementor-element-61d3ab3 e-flex e-con-boxed e-con e-child\" data-id=\"61d3ab3\" data-element_type=\"container\" data-e-type=\"container\">\n\t\t\t\t\t<div class=\"e-con-inner\">\n\t\t\t\t<div class=\"elementor-element elementor-element-117c166 elementor-widget elementor-widget-heading\" data-id=\"117c166\" data-element_type=\"widget\" data-e-type=\"widget\" data-widget_type=\"heading.default\">\n\t\t\t\t\t<div class=\"elementor-heading-title elementor-size-default\">Zeitraum der Texte<\/div>\t\t\t\t<\/div>\n\t\t\t\t<div class=\"elementor-element elementor-element-73997a0 elementor-widget elementor-widget-text-editor\" data-id=\"73997a0\" data-element_type=\"widget\" data-e-type=\"widget\" data-widget_type=\"text-editor.default\">\n\t\t\t\t\t\t\t\t\t<p>Od viz\u00ed v knize Daniel a\u017e po sou\u010dasnost lze Gabrielovu cestu sledovat v pramenech: p\u0159es Luk\u00e1\u0161ovo evangelium, isl\u00e1mskou tradici a k\u0159es\u0165anskou zv\u011bstovac\u00ed ikonografii. Uct\u00edv\u00e1n\u00ed trv\u00e1 dodnes, nap\u0159\u00edklad na sv\u00e1tek archand\u011bl\u016f katolick\u00e9 c\u00edrkve 29. z\u00e1\u0159\u00ed nebo p\u0159i vz\u00fdv\u00e1n\u00ed jako ochr\u00e1nce posl\u016f a doru\u010dovatel\u016f zpr\u00e1v. J\u00e1dro jeho obrazu, and\u011bl p\u0159in\u00e1\u0161ej\u00edc\u00ed Bo\u017e\u00ed slovo, p\u0159itom z\u016fstalo nezm\u011bn\u011bno.<\/p>\t\t\t\t\t\t\t\t<\/div>\n\t\t\t\t\t<\/div>\n\t\t\t\t<\/div>\n\t\t<div class=\"elementor-element elementor-element-d47b156 e-flex e-con-boxed e-con e-child\" data-id=\"d47b156\" data-element_type=\"container\" data-e-type=\"container\">\n\t\t\t\t\t<div class=\"e-con-inner\">\n\t\t\t\t<div class=\"elementor-element elementor-element-ff38c2b elementor-widget elementor-widget-heading\" data-id=\"ff38c2b\" data-element_type=\"widget\" data-e-type=\"widget\" data-widget_type=\"heading.default\">\n\t\t\t\t\t<div class=\"elementor-heading-title elementor-size-default\">Verbreitungsraum<\/div>\t\t\t\t<\/div>\n\t\t\t\t<div class=\"elementor-element elementor-element-4e49fcc elementor-widget elementor-widget-text-editor\" data-id=\"4e49fcc\" data-element_type=\"widget\" data-e-type=\"widget\" data-widget_type=\"text-editor.default\">\n\t\t\t\t\t\t\t\t\t<p>Gabriel nebyl omezen na ur\u010dit\u00fd region \u010di lokalitu, ale byl zn\u00e1m a uct\u00edv\u00e1n nebo s respektem ob\u00e1v\u00e1n v cel\u00e9m judaistick\u00e9m sv\u011bt\u011b. A\u0165 ve velk\u00fdch m\u011bstsk\u00fdch centrech, nebo na periferii venkovsk\u00fdch oblast\u00ed, a\u0165 mezi spole\u010denskou elitou, nebo mezi prost\u00fdm lidem, duchovn\u00ed a kulturn\u00ed v\u00fdznam t\u00e9to bytosti byl uzn\u00e1v\u00e1n v\u0161ude a stejnou m\u011brou.<\/p><p>Gabriel pat\u0159\u00ed k n\u011bkolika m\u00e1lo and\u011bl\u016fm, kte\u0159\u00ed jsou jmenovit\u011b zmi\u0148ov\u00e1ni a uct\u00edv\u00e1ni v judaismu, k\u0159es\u0165anstv\u00ed i isl\u00e1mu. Toto roz\u0161\u00ed\u0159en\u00ed nap\u0159\u00ed\u010d t\u0159emi n\u00e1bo\u017eenstv\u00edmi se vysv\u011btluje spole\u010dn\u00fdm odkazem na biblickou tradici: kniha Daniel dala and\u011blovi jeho jm\u00e9no a \u00fa\u0159ad, Luk\u00e1\u0161ovo evangelium a Kor\u00e1n na to oboj\u00ed nav\u00e1zaly. Tak vznikl jednotn\u00fd obraz Bo\u017e\u00edho posla, kter\u00fd p\u0159esahuje jazykov\u00e9 i kulturn\u00ed hranice.<\/p>\t\t\t\t\t\t\t\t<\/div>\n\t\t\t\t\t<\/div>\n\t\t\t\t<\/div>\n\t\t\t\t<\/div>\n\t\t<div class=\"elementor-element elementor-element-db03c39 e-con-full e-flex e-con e-child\" data-id=\"db03c39\" data-element_type=\"container\" data-e-type=\"container\">\n\t\t<div class=\"elementor-element elementor-element-229a87b e-flex e-con-boxed e-con e-child\" data-id=\"229a87b\" data-element_type=\"container\" data-e-type=\"container\">\n\t\t\t\t\t<div class=\"e-con-inner\">\n\t\t\t\t<div class=\"elementor-element elementor-element-1f471fc elementor-widget elementor-widget-heading\" data-id=\"1f471fc\" data-element_type=\"widget\" data-e-type=\"widget\" data-widget_type=\"heading.default\">\n\t\t\t\t\t<div class=\"elementor-heading-title elementor-size-default\">Quellenlage<\/div>\t\t\t\t<\/div>\n\t\t\t\t<div class=\"elementor-element elementor-element-36b1201 elementor-widget elementor-widget-text-editor\" data-id=\"36b1201\" data-element_type=\"widget\" data-e-type=\"widget\" data-widget_type=\"text-editor.default\">\n\t\t\t\t\t\t\t\t\t<p>Prim\u00e1rn\u00edmi prameny jsou kniha Daniel (8,16; 9,21, hebrejsky, 164 p\u0159. n. l.), 1. Henoch 9,3; 10,9.10; 20,5 (hebrejsky, 150 p\u0159. n. l.), Tobi\u00e1\u0161 3,17; 5,4 (\u0159ecky, 2. stol. p\u0159. n. l.), a d\u00e1le kabalistick\u00e9 materi\u00e1ly (Sefer ha-bahir, 12. stol.; Zohar, 13. stol.).<\/p><p><span data-nosnippet>Ve druhotn\u00e9 anal\u00fdze zkoumali postavu Gabriela jako centrum \u017eidovsk\u00e9ho syst\u00e9mu archand\u011bl\u016f Scholem (<span class=\"iwg-fachbegriff\" tabindex=\"0\" data-tooltip=\"N\u00e1bo\u017eensk\u00fd proud zam\u011b\u0159en\u00fd na p\u0159\u00edmou zku\u0161enost s Bohem; kl\u00ed\u010dov\u00fd v \u017eidovsk\u00e9, k\u0159es\u0165ansk\u00e9 a isl\u00e1msk\u00e9 tradici.\">mystika<\/span> a and\u011blologie), Bietenhard (Christliche Engelmystik, 1949), Hans Karppe (\u00c9sot\u00e9risme et Cabale, francouzsky) a sborn\u00edk McLeod (Judeo-Islamic Angelology, 2002).<\/span><\/p>\t\t\t\t\t\t\t\t<\/div>\n\t\t\t\t\t<\/div>\n\t\t\t\t<\/div>\n\t\t\t\t<\/div>\n\t\t\t\t\t<\/div>\n\t\t\t\t<\/div>\n\t\t<div class=\"elementor-element elementor-element-3ae0637c e-flex e-con-boxed e-con e-parent\" data-id=\"3ae0637c\" data-element_type=\"container\" data-e-type=\"container\">\n\t\t\t\t\t<div class=\"e-con-inner\">\n\t\t\t\t<div class=\"elementor-element elementor-element-31d07739 elementor-widget elementor-widget-heading\" data-id=\"31d07739\" data-element_type=\"widget\" data-e-type=\"widget\" data-widget_type=\"heading.default\">\n\t\t\t\t\t<h2 class=\"elementor-heading-title elementor-size-default\">Jm\u00e9no<\/h2>\t\t\t\t<\/div>\n\t\t<div class=\"elementor-element elementor-element-b7642947 e-con-full e-flex e-con e-child\" data-id=\"b7642947\" data-element_type=\"container\" data-e-type=\"container\">\n\t\t\t\t<div class=\"elementor-element elementor-element-a086266 elementor-widget elementor-widget-text-editor\" data-id=\"a086266\" data-element_type=\"widget\" data-e-type=\"widget\" data-widget_type=\"text-editor.default\">\n\t\t\t\t\t\t\t\t\t<p>Gabriel je v r\u016fzn\u00fdch pramenech a um\u011bleck\u00fdch tradic\u00edch zobrazov\u00e1n s ur\u010dit\u00fdmi opakuj\u00edc\u00edmi se ikonografick\u00fdmi prvky, kter\u00e9 z\u016fst\u00e1vaj\u00ed relativn\u011b konstantn\u00ed po desetilet\u00ed i nap\u0159\u00ed\u010d r\u016fzn\u00fdmi geografick\u00fdmi oblastmi. Tyto prvky nejsou \u010dist\u011b dekorativn\u00ed ani zvolen\u00e9 n\u00e1hodn\u011b, ale nesou hlubok\u00fd symbolick\u00fd v\u00fdznam.<\/p><p>V k\u0159es\u0165ansk\u00e9m um\u011bn\u00ed je Gabriel poznateln\u00fd podle pevn\u00fdch znak\u016f: lilie v ruce jako symbol Mariiny \u010distoty, \u010dasto poselsk\u00e1 berla nebo svitek se slovy pozdravu z Luk\u00e1\u0161e 1, k tomu gesto zdvi\u017een\u00e9 nebo ukazuj\u00edc\u00ed ruky na pozdrav. Tato obrazov\u00e1 \u0159e\u010d byla pro pozorovatele \u010diteln\u00e1 jako text. Kdo znal sc\u00e9nu Zv\u011bstov\u00e1n\u00ed, okam\u017eit\u011b poznal: zde promlouv\u00e1 Bo\u017e\u00ed posel k Marii. Ka\u017ed\u00fd detail, od postoje and\u011bla a\u017e po barvu jeho roucha, se \u0159\u00eddil ikonografick\u00fdmi z\u00e1sadami, kter\u00e9 mal\u00ed\u0159i p\u0159ed\u00e1vali po stalet\u00ed.<\/p>\t\t\t\t\t\t\t\t<\/div>\n\t\t\t\t<\/div>\n\t\t\t\t\t<\/div>\n\t\t\t\t<\/div>\n\t\t<div class=\"elementor-element elementor-element-709a44a8 e-flex e-con-boxed e-con e-parent\" data-id=\"709a44a8\" data-element_type=\"container\" data-e-type=\"container\">\n\t\t\t\t\t<div class=\"e-con-inner\">\n\t\t\t\t<div class=\"elementor-element elementor-element-2f585873 elementor-widget elementor-widget-heading\" data-id=\"2f585873\" data-element_type=\"widget\" data-e-type=\"widget\" data-widget_type=\"heading.default\">\n\t\t\t\t\t<h2 class=\"elementor-heading-title elementor-size-default\">Charakteristiky<\/h2>\t\t\t\t<\/div>\n\t\t<div class=\"elementor-element elementor-element-70621c12 e-con-full e-flex e-con e-child\" data-id=\"70621c12\" data-element_type=\"container\" data-e-type=\"container\">\n\t\t\t\t<div class=\"elementor-element elementor-element-4296eb49 elementor-widget elementor-widget-text-editor\" data-id=\"4296eb49\" data-element_type=\"widget\" data-e-type=\"widget\" data-widget_type=\"text-editor.default\">\n\t\t\t\t\t\t\t\t\t<p>Gabriel byl \u00fast\u0159edn\u00ed postavou n\u00e1bo\u017eensk\u00e9 praxe, ka\u017edodenn\u00edch ritu\u00e1l\u016f a b\u011b\u017en\u00e9ho ch\u00e1p\u00e1n\u00ed judaismu. Lid\u00e9 se k t\u00e9to bytosti obraceli v kritick\u00fdch nebo ur\u010dit\u00fdch \u017eivotn\u00edch situac\u00edch \u010di v ur\u010dit\u00fdch ritu\u00e1ln\u00edch ro\u010dn\u00edch obdob\u00edch, s propracovan\u00fdmi a \u010dasto n\u00e1ro\u010dn\u00fdmi ritu\u00e1ly, modlitbami nebo ob\u011btn\u00edmi dary.<\/p><p>V\u00fdklad m\u00edst o Gabrielovi se \u0159\u00eddil pevn\u00fdmi pravidly: v judaismu vykl\u00e1dali u\u010denci Danielovy vize podle metod rab\u00ednsk\u00e9 exegeze, v c\u00edrkv\u00edch vykl\u00e1dali teologov\u00e9 a kazatel\u00e9 sc\u00e9nu Zv\u011bstov\u00e1n\u00ed z Luk\u00e1\u0161e 1 podle c\u00edrkevn\u00ed v\u00fdkladov\u00e9 tradice. Kdo o and\u011blu mluvil, ne\u010dinil to podle vlastn\u00edho uv\u00e1\u017een\u00ed, ale v r\u00e1mci \u0161kolen\u00e9ho v\u00fdkladu P\u00edsma.<\/p><p>To, \u017ee se Gabriel objevuje jako posel od knihy Daniel p\u0159es Luk\u00e1\u0161ovo evangelium a\u017e po isl\u00e1m, ukazuje, jak pevn\u011b byla jeho funkce zakotvena ve v\u0161ech t\u0159ech n\u00e1bo\u017eenstv\u00edch. Jeho \u00falohy se li\u0161\u00ed podle kontextu: v knize Daniel vykl\u00e1d\u00e1 vize a oznamuje nadch\u00e1zej\u00edc\u00ed ud\u00e1losti, v Luk\u00e1\u0161ov\u011b evangeliu p\u0159in\u00e1\u0161\u00ed Marii zpr\u00e1vu o narozen\u00ed Je\u017e\u00ed\u0161e, v isl\u00e1mu je pova\u017eov\u00e1n za prost\u0159edn\u00edka zjeven\u00ed prorokovi Mohamedovi.<\/p>\t\t\t\t\t\t\t\t<\/div>\n\t\t\t\t<\/div>\n\t\t\t\t\t<\/div>\n\t\t\t\t<\/div>\n\t\t<div class=\"elementor-element elementor-element-44e71476 e-flex e-con-boxed e-con e-parent\" data-id=\"44e71476\" data-element_type=\"container\" data-e-type=\"container\">\n\t\t\t\t\t<div class=\"e-con-inner\">\n\t\t\t\t<div class=\"elementor-element elementor-element-3c1fc3f0 elementor-widget elementor-widget-heading\" data-id=\"3c1fc3f0\" data-element_type=\"widget\" data-e-type=\"widget\" data-widget_type=\"heading.default\">\n\t\t\t\t\t<h2 class=\"elementor-heading-title elementor-size-default\">Profil: Gabriel<\/h2>\t\t\t\t<\/div>\n\t\t<div class=\"elementor-element elementor-element-84f33b8e e-con-full e-flex e-con e-child\" data-id=\"84f33b8e\" data-element_type=\"container\" data-e-type=\"container\">\n\t\t\t\t<div class=\"elementor-element elementor-element-hqkdc67p elementor-widget elementor-widget-text-editor\" data-id=\"hqkdc67p\" data-element_type=\"widget\" data-e-type=\"widget\" data-widget_type=\"text-editor.default\">\n\t\t\t\t\t\t\t\t\t<p>Profil p\u0159edstavuje Gabriela prost\u0159ednictv\u00edm \u0161esti dimenz\u00ed: jeho geograficko-kulturn\u00ed p\u016fvod v Judeji a st\u0159edomo\u0159sk\u00e9 <span class=\"iwg-fachbegriff\" data-tooltip=\"Epocha \u0159eck\u00e9 a \u0159\u00edmsk\u00e9 kultury, p\u0159ibli\u017en\u011b od 800 p\u0159. n. l. do 600 n. l.\" tabindex=\"0\">antice<\/span>, jeho c\u00edlovou skupinu ve zbo\u017en\u00fdch v\u011b\u0159\u00edc\u00edch a mystic\u00edch, ikonografick\u00e9 rysy archand\u011blsk\u00e9 <span class=\"iwg-fachbegriff\" data-tooltip=\"Nauka o obrazov\u00e9m obsahu a jeho v\u00fdznamu.\" tabindex=\"0\">ikonografie<\/span>, jeho funk\u010dn\u00ed roli Bo\u017e\u00edho posla, srovn\u00e1n\u00ed s archand\u011bly jin\u00fdch kultur a jeho mystick\u00fd status v \u017eidovsk\u00e9 <span class=\"iwg-fachbegriff\" data-tooltip=\"Souhrnn\u00fd pojem pro u\u010den\u00ed, kter\u00e1 si n\u00e1rokuj\u00ed skryt\u00e9 pozn\u00e1n\u00ed dostupn\u00e9 pouze zasv\u011bcen\u00fdm.\" tabindex=\"0\">esoterice<\/span>.<\/p>\t\t\t\t\t\t\t\t<\/div>\n\t\t\t\t<\/div>\n\t\t<div class=\"elementor-element elementor-element-pemmx7c5 e-con-full e-flex e-con e-child\" data-id=\"pemmx7c5\" data-element_type=\"container\" data-e-type=\"container\">\n\t\t<div class=\"elementor-element elementor-element-pemmx7c1 e-con-full e-flex e-con e-child\" data-id=\"pemmx7c1\" data-element_type=\"container\" data-e-type=\"container\">\n\t\t<div class=\"elementor-element elementor-element-qh9oavvu iwg-steckbrief-card e-flex e-con-boxed e-con e-child\" data-id=\"qh9oavvu\" data-element_type=\"container\" data-e-type=\"container\">\n\t\t\t\t\t<div class=\"e-con-inner\">\n\t\t\t\t<div class=\"elementor-element elementor-element-awzx8k2k elementor-widget elementor-widget-heading\" data-id=\"awzx8k2k\" data-element_type=\"widget\" data-e-type=\"widget\" data-widget_type=\"heading.default\">\n\t\t\t\t\t<div class=\"elementor-heading-title elementor-size-default\">P\u016fvod<\/div>\t\t\t\t<\/div>\n\t\t\t\t<div class=\"elementor-element elementor-element-x6rowhv0 elementor-widget elementor-widget-text-editor\" data-id=\"x6rowhv0\" data-element_type=\"widget\" data-e-type=\"widget\" data-widget_type=\"text-editor.default\">\n\t\t\t\t\t\t\t\t\t<p>Gabriel se objevuje poprv\u00e9 v knize Daniel, vznikl\u00e9 v hel\u00e9nistick\u00e9m pozdn\u00edm obdob\u00ed Judeje (164 p\u0159. n. l., seleukovsk\u00e9 obdob\u00ed).<\/p><p>Geografick\u00fd p\u016fvod le\u017e\u00ed v Jeruzal\u00e9m\u011b a Judeji; teologick\u00fd r\u00e1mcov\u00fd v\u00fdvoj prob\u00edhal v obdob\u00ed babylonsk\u00e9ho exilu (6. 5. stolet\u00ed p\u0159. n. l.) s novou <span class=\"iwg-fachbegriff\" data-tooltip=\"V abrah\u00e1movsk\u00fdch n\u00e1bo\u017eenstv\u00edch nebesk\u00e1 bytost, posel Boha.\" tabindex=\"0\">and\u011blskou<\/span> systematikou. Kniha Daniel je naps\u00e1na v Babylonu, co\u017e utv\u00e1\u0159\u00ed Gabrielovu prezentaci jako kosmick\u00e9ho prost\u0159edn\u00edka v hel\u00e9nistick\u00e9 angelologii.<\/p>\t\t\t\t\t\t\t\t<\/div>\n\t\t\t\t\t<\/div>\n\t\t\t\t<\/div>\n\t\t<div class=\"elementor-element elementor-element-8e3o4kxs iwg-steckbrief-card e-flex e-con-boxed e-con e-child\" data-id=\"8e3o4kxs\" data-element_type=\"container\" data-e-type=\"container\">\n\t\t\t\t\t<div class=\"e-con-inner\">\n\t\t\t\t<div class=\"elementor-element elementor-element-08rkdgov elementor-widget elementor-widget-heading\" data-id=\"08rkdgov\" data-element_type=\"widget\" data-e-type=\"widget\" data-widget_type=\"heading.default\">\n\t\t\t\t\t<div class=\"elementor-heading-title elementor-size-default\">P\u0159edm\u011bt p\u016fsoben\u00ed<\/div>\t\t\t\t<\/div>\n\t\t\t\t<div class=\"elementor-element elementor-element-uwjelx8s elementor-widget elementor-widget-text-editor\" data-id=\"uwjelx8s\" data-element_type=\"widget\" data-e-type=\"widget\" data-widget_type=\"text-editor.default\">\n\t\t\t\t\t\t\t\t\t<p>Gabriel se obracel p\u0159edev\u0161\u00edm k pobo\u017en\u00fdm \u017did\u016fm a mystik\u016fm jako ru\u010ditel Bo\u017e\u00ed v\u016fle. Soci\u00e1ln\u00ed c\u00edlovou skupinou byli kn\u011b\u017e\u00ed, proroci, svat\u00ed a pozd\u011bji kabalist\u00e9. P\u0159\u00edle\u017eitostmi byly okam\u017eiky zjeven\u00ed, krizov\u00e1 obdob\u00ed (exil, \u00fatlak), sv\u00e1tky (Purim, Chanuka, kdy Gabrielova s\u00edla p\u016fsob\u00ed mytologicky) a osobn\u00ed duchovn\u00ed hled\u00e1n\u00ed. <span class=\"iwg-fachbegriff\" data-tooltip=\"Prosebn\u00e9 nebo vz\u00fdvaj\u00edc\u00ed osloven\u00ed bo\u017estva \u010di moci.\" tabindex=\"0\">Vz\u00fdv\u00e1n\u00ed<\/span> prob\u00edh\u00e1 v <span class=\"iwg-fachbegriff\" data-tooltip=\"Jazykov\u00e9 obr\u00e1cen\u00ed \u010dlov\u011bka k bo\u017estvu.\" tabindex=\"0\">modlitb\u011b<\/span> a mystick\u00e9 kontemplaci.<\/p>\t\t\t\t\t\t\t\t<\/div>\n\t\t\t\t\t<\/div>\n\t\t\t\t<\/div>\n\t\t<div class=\"elementor-element elementor-element-jm2n74ec iwg-steckbrief-card e-flex e-con-boxed e-con e-child\" data-id=\"jm2n74ec\" data-element_type=\"container\" data-e-type=\"container\">\n\t\t\t\t\t<div class=\"e-con-inner\">\n\t\t\t\t<div class=\"elementor-element elementor-element-8vufse4c elementor-widget elementor-widget-heading\" data-id=\"8vufse4c\" data-element_type=\"widget\" data-e-type=\"widget\" data-widget_type=\"heading.default\">\n\t\t\t\t\t<div class=\"elementor-heading-title elementor-size-default\">Vzhled<\/div>\t\t\t\t<\/div>\n\t\t\t\t<div class=\"elementor-element elementor-element-mwb9u015 elementor-widget elementor-widget-text-editor\" data-id=\"mwb9u015\" data-element_type=\"widget\" data-e-type=\"widget\" data-widget_type=\"text-editor.default\">\n\t\t\t\t\t\t\t\t\t<p>Gabriel ikonograficky: mu\u017esk\u00e1 postava s k\u0159\u00eddly, me\u010dem nebo hol\u00ed, sv\u011btelnou aurou (svatoz\u00e1\u0159\u00ed), n\u011bkdy s liliov\u00fdm <span class=\"iwg-fachbegriff\" data-tooltip=\"Znak, kter\u00fd zastupuje ur\u010ditou p\u0159edstavu nebo v\u00fdznam.\" tabindex=\"0\">symbolem<\/span> (pozd\u011bji p\u0159ejat\u00fdm k\u0159es\u0165anstv\u00edm). Mezi atributy pat\u0159\u00ed kop\u00ed, listina (zjeven\u00ed), v\u00e1hy (soud). V judaisticko-mystick\u00e9m um\u011bn\u00ed: b\u00edl\u00e9 roucho, \u0161est k\u0159\u00eddel, bl\u00edzkost k \u0160echin\u011b (Bo\u017e\u00ed p\u0159\u00edtomnosti). Typick\u00e9 zobrazen\u00ed navazuje na pozdn\u00ed popisy v <span class=\"iwg-fachbegriff\" tabindex=\"0\" data-tooltip=\"Hlavn\u00ed d\u00edlo rab\u00ednsk\u00e9ho judaismu, v babylonsk\u00e9 a jeruzal\u00e9msk\u00e9 verzi; obsahuje Mi\u0161nu a Gemaru.\">Talmudu<\/span> a na <span class=\"iwg-fachbegriff\" data-tooltip=\"Nauka o obrazov\u00fdch obsaz\u00edch a jejich v\u00fdznamu.\" tabindex=\"0\">ikonografii<\/span> <span class=\"iwg-fachbegriff\" tabindex=\"0\" data-tooltip=\"\u017didovsk\u00e1 mystika s hlavn\u00edmi d\u00edly Sefer jecira, Zohar a luri\u00e1nskou \u0161kolou; nauka o sefirotech, tetragramatu a tikkunu.\">kabaly<\/span>.<\/p>\t\t\t\t\t\t\t\t<\/div>\n\t\t\t\t\t<\/div>\n\t\t\t\t<\/div>\n\t\t\t\t<\/div>\n\t\t<div class=\"elementor-element elementor-element-pemmx7c2 e-con-full e-flex e-con e-child\" data-id=\"pemmx7c2\" data-element_type=\"container\" data-e-type=\"container\">\n\t\t<div class=\"elementor-element elementor-element-37ss2yr6 iwg-steckbrief-card e-flex e-con-boxed e-con e-child\" data-id=\"37ss2yr6\" data-element_type=\"container\" data-e-type=\"container\">\n\t\t\t\t\t<div class=\"e-con-inner\">\n\t\t\t\t<div class=\"elementor-element elementor-element-3v0wp3wx elementor-widget elementor-widget-heading\" data-id=\"3v0wp3wx\" data-element_type=\"widget\" data-e-type=\"widget\" data-widget_type=\"heading.default\">\n\t\t\t\t\t<div class=\"elementor-heading-title elementor-size-default\">Funkce<\/div>\t\t\t\t<\/div>\n\t\t\t\t<div class=\"elementor-element elementor-element-w3247g2m elementor-widget elementor-widget-text-editor\" data-id=\"w3247g2m\" data-element_type=\"widget\" data-e-type=\"widget\" data-widget_type=\"text-editor.default\">\n\t\t\t\t\t\t\t\t\t<strong>Oblast p\u016fsoben\u00ed:<\/strong><p>Gabriel je v k\u0159es\u0165ansko-\u017eidovsk\u00e9m a isl\u00e1msk\u00e9m kontextu archand\u011bl, jeho\u017e prim\u00e1rn\u00ed funkc\u00ed je p\u0159ed\u00e1v\u00e1n\u00ed Bo\u017e\u00edch poselstv\u00ed.<\/p>\t\t\t\t\t\t\t\t<\/div>\n\t\t\t\t\t<\/div>\n\t\t\t\t<\/div>\n\t\t<div class=\"elementor-element elementor-element-0qpjal9w iwg-steckbrief-card e-flex e-con-boxed e-con e-child\" data-id=\"0qpjal9w\" data-element_type=\"container\" data-e-type=\"container\">\n\t\t\t\t\t<div class=\"e-con-inner\">\n\t\t\t\t<div class=\"elementor-element elementor-element-6ndoih0o elementor-widget elementor-widget-heading\" data-id=\"6ndoih0o\" data-element_type=\"widget\" data-e-type=\"widget\" data-widget_type=\"heading.default\">\n\t\t\t\t\t<div class=\"elementor-heading-title elementor-size-default\">Ochrana<\/div>\t\t\t\t<\/div>\n\t\t\t\t<div class=\"elementor-element elementor-element-6684tyh9 elementor-widget elementor-widget-text-editor\" data-id=\"6684tyh9\" data-element_type=\"widget\" data-e-type=\"widget\" data-widget_type=\"text-editor.default\">\n\t\t\t\t\t\t\t\t\t<p>Gabriel byl pova\u017eov\u00e1n za dobrou, sp\u00e1su p\u0159in\u00e1\u0161ej\u00edc\u00ed bytost. Praktiky vz\u00fdv\u00e1n\u00ed zahrnovaly modlitby za moudrost, zjeven\u00ed a ochranu p\u0159ed d\u00e9mony. V <span class=\"iwg-fachbegriff\" tabindex=\"0\" data-tooltip=\"\u017didovsk\u00e1 mystika s hlavn\u00edmi d\u00edly Sefer Jecira, Zohar a lurianskou \u0161kolou; u\u010den\u00ed o sefirotech, tetragrammatu a tikkunu.\">kabale<\/span> se praktikovaly meditace na Gabriela (jichudim, mystick\u00e1 sjednocen\u00ed), aby se usm\u011brnila nebesk\u00e1 s\u00edla. Respekt k Gabrielovi se projevoval b\u00e1zn\u00ed, p\u0159\u00edkazem \u010distoty, ritu\u00e1ln\u00edm o\u010di\u0161\u0165ov\u00e1n\u00edm a postem p\u0159ed mystick\u00fdmi pokusy o kontakt.<\/p>\t\t\t\t\t\t\t\t<\/div>\n\t\t\t\t\t<\/div>\n\t\t\t\t<\/div>\n\t\t<div class=\"elementor-element elementor-element-3lfi7x32 iwg-steckbrief-card e-flex e-con-boxed e-con e-child\" data-id=\"3lfi7x32\" data-element_type=\"container\" data-e-type=\"container\">\n\t\t\t\t\t<div class=\"e-con-inner\">\n\t\t\t\t<div class=\"elementor-element elementor-element-0kg99ga1 elementor-widget elementor-widget-heading\" data-id=\"0kg99ga1\" data-element_type=\"widget\" data-e-type=\"widget\" data-widget_type=\"heading.default\">\n\t\t\t\t\t<div class=\"elementor-heading-title elementor-size-default\">Srovnateln\u00e9 bytosti<\/div>\t\t\t\t<\/div>\n\t\t\t\t<div class=\"elementor-element elementor-element-n0fum6kp elementor-widget elementor-widget-text-editor\" data-id=\"n0fum6kp\" data-element_type=\"widget\" data-e-type=\"widget\" data-widget_type=\"text-editor.default\">\n\t\t\t\t\t\t\t\t\t<p>Srovnateln\u00e9 postavy: Raguel (archand\u011bl harmonie, <span class=\"iwg-fachbegriff\" tabindex=\"0\" data-tooltip=\"\u017didovsk\u00e1 mystika s hlavn\u00edmi d\u00edly Sefer Jecira, Zohar a lurianskou \u0161kolou.\">kabala<\/span>), Michael (vojev\u016fdce, p\u0159emo\u017eitel d\u00e9mon\u016f), Uriel (ohniv\u00fd <span class=\"iwg-fachbegriff\" data-tooltip=\"V abrah\u00e1movsk\u00fdch n\u00e1bo\u017eenstv\u00edch nebesk\u00e1 bytost, posel Boha.\" tabindex=\"0\">and\u011bl<\/span>, soud), Metatron (tr\u016fnn\u00ed and\u011bl <span class=\"iwg-fachbegriff\" tabindex=\"0\" data-tooltip=\"\u017didovsk\u00e1 mystika s hlavn\u00edmi d\u00edly Sefer Jecira, Zohar a lurianskou \u0161kolou.\">kabaly<\/span>). Mimo judaismus: isl\u00e1msk\u00fd D\u017eibr\u00edl (toto\u017en\u00fd s Gabrielem, Kor\u00e1n, s\u00fara 2:97), k\u0159es\u0165ansk\u00fd Gabriel (Lk 1, Zv\u011bstov\u00e1n\u00ed), zoroastrij\u0161t\u00ed jazatov\u00e9 (nebe\u0161t\u00ed prost\u0159edn\u00edci).<\/p>\t\t\t\t\t\t\t\t<\/div>\n\t\t\t\t\t<\/div>\n\t\t\t\t<\/div>\n\t\t\t\t<\/div>\n\t\t\t\t<\/div>\n\t\t\t\t\t<\/div>\n\t\t\t\t<\/div>\n\t\t<div class=\"elementor-element elementor-element-7533bc7a e-flex e-con-boxed e-con e-parent\" data-id=\"7533bc7a\" data-element_type=\"container\" data-e-type=\"container\">\n\t\t\t\t\t<div class=\"e-con-inner\">\n\t\t\t\t<div class=\"elementor-element elementor-element-2447d18d elementor-widget elementor-widget-heading\" data-id=\"2447d18d\" data-element_type=\"widget\" data-e-type=\"widget\" data-widget_type=\"heading.default\">\n\t\t\t\t\t<h2 class=\"elementor-heading-title elementor-size-default\">Ochrana v ka\u017edodenn\u00edm \u017eivot\u011b<\/h2>\t\t\t\t<\/div>\n\t\t<div class=\"elementor-element elementor-element-d5d0260c e-con-full e-flex e-con e-child\" data-id=\"d5d0260c\" data-element_type=\"container\" data-e-type=\"container\">\n\t\t\t\t<div class=\"elementor-element elementor-element-341be2ac elementor-widget elementor-widget-text-editor\" data-id=\"341be2ac\" data-element_type=\"widget\" data-e-type=\"widget\" data-widget_type=\"text-editor.default\">\n\t\t\t\t\t\t\t\t\t<p><strong>Uct\u00edv\u00e1n\u00ed a liturgick\u00e1 vzpom\u00ednka<\/strong><\/p><p>Gabriel je v k\u0159es\u0165ansk\u00fdch c\u00edrkv\u00edch uct\u00edv\u00e1n na sv\u00e1tek archand\u011bla Michaela (29. z\u00e1\u0159\u00ed) nebo na sv\u00e1tek Gabriela.<\/p><p><strong>Zv\u011bstov\u00e1n\u00ed Marii a jeho opakov\u00e1n\u00ed<\/strong><\/p><p>Liturgick\u00e9 praxe (zejm\u00e9na ve v\u00fdchodn\u00edm k\u0159es\u0165anstv\u00ed a katolick\u00e9 <span class=\"iwg-fachbegriff\" data-tooltip=\"Kr\u00e1tk\u00e9, osobn\u00ed nebo spole\u010dn\u00e9 n\u00e1bo\u017eensk\u00e9 zamy\u0161len\u00ed.\" tabindex=\"0\">pobo\u017enosti<\/span>) denn\u011b vzpom\u00ednaj\u00ed na Zv\u011bstov\u00e1n\u00ed.<\/p><p><strong>Ochrann\u00e9 amulety a znamen\u00ed milosti<\/strong><\/p><p>Lilie (z renesan\u010dn\u00ed <span class=\"iwg-fachbegriff\" data-tooltip=\"U\u010den\u00ed o obsahu obraz\u016f a jejich v\u00fdznamu.\" tabindex=\"0\">ikonografie<\/span>) je Gabrielov\u00fdm kv\u011btinov\u00fdm <span class=\"iwg-fachbegriff\" data-tooltip=\"Znak, kter\u00fd zastupuje p\u0159edstavu nebo v\u00fdznam.\" tabindex=\"0\">symbolem<\/span>.<\/p>\t\t\t\t\t\t\t\t<\/div>\n\t\t\t\t<\/div>\n\t\t\t\t\t<\/div>\n\t\t\t\t<\/div>\n\t\t<div class=\"elementor-element elementor-element-5a584676 e-flex e-con-boxed e-con e-parent\" data-id=\"5a584676\" data-element_type=\"container\" data-e-type=\"container\">\n\t\t\t\t\t<div class=\"e-con-inner\">\n\t\t\t\t<div class=\"elementor-element elementor-element-6d0757bf elementor-widget elementor-widget-heading\" data-id=\"6d0757bf\" data-element_type=\"widget\" data-e-type=\"widget\" data-widget_type=\"heading.default\">\n\t\t\t\t\t<h2 class=\"elementor-heading-title elementor-size-default\">Gabriel, paralely v jin\u00fdch kultur\u00e1ch<\/h2>\t\t\t\t<\/div>\n\t\t<div class=\"elementor-element elementor-element-60563f68 e-con-full e-flex e-con e-child\" data-id=\"60563f68\" data-element_type=\"container\" data-e-type=\"container\">\n\t\t\t\t<div class=\"elementor-element elementor-element-5a93fdd6 elementor-widget elementor-widget-text-editor\" data-id=\"5a93fdd6\" data-element_type=\"widget\" data-e-type=\"widget\" data-widget_type=\"text-editor.default\">\n\t\t\t\t\t\t\t\t\t<p><p><strong>\u017didovsk\u00e1 tradice:<\/strong> Gabriel je zde \u00fast\u0159edn\u00ed postavou. Paralely tvo\u0159\u00ed Michael (and\u011bl v\u00e1lky), Uriel (soudce ohn\u011b), Raguel (spravedlnost) a Tzaphkiel (kontemplace, <span class=\"iwg-fachbegriff\" tabindex=\"0\" data-tooltip=\"\u017didovsk\u00e1 mystika s hlavn\u00edmi d\u00edly Sefer jecira, Zohar a luri\u00e1nskou \u0161kolou.\">kabala<\/span>). V\u0161ichni \u010dty\u0159i jsou v <span class=\"iwg-fachbegriff\" tabindex=\"0\" data-tooltip=\"Hlavn\u00ed d\u00edlo rab\u00ednsk\u00e9ho judaismu, v babylonsk\u00e9 a jeruzal\u00e9msk\u00e9 verzi; obsahuje Mi\u0161nu a Gemaru.\">Talmudu<\/span> a <span class=\"iwg-fachbegriff\" tabindex=\"0\" data-tooltip=\"\u017didovsk\u00e1 mystika s hlavn\u00edmi d\u00edly Sefer jecira, Zohar a luri\u00e1nskou \u0161kolou.\">kabale<\/span> ustanoveni jako archand\u011blsk\u00e1 \u010dtve\u0159ice (Scholem). Gabrielova funkce jako and\u011bla zjeven\u00ed je <span class=\"iwg-fachbegriff\" tabindex=\"0\" data-tooltip=\"N\u00e1le\u017eej\u00edc\u00ed k pevn\u011b stanoven\u00e9mu svat\u00e9mu textov\u00e9mu korpusu ur\u010dit\u00e9ho n\u00e1bo\u017eenstv\u00ed; nekanonick\u00e9 texty se pova\u017euj\u00ed za apokryfn\u00ed.\">kanonicky<\/span> zakotvena v Henochovi 1:9.<\/p><p><strong>\u0158ecko-\u0159\u00edmsk\u00fd sv\u011bt:<\/strong> V antice neexistuj\u00ed p\u0159\u00edm\u00e9 \u017eidovsk\u00e9 <span class=\"iwg-fachbegriff\" data-tooltip=\"V abrah\u00e1msk\u00fdch n\u00e1bo\u017eenstv\u00edch nebesk\u00e1 bytost, posel Bo\u017e\u00ed.\" tabindex=\"0\">and\u011bl\u00e9<\/span>. Vzd\u00e1len\u011b p\u0159\u00edbuzn\u00ed jsou \u0159e\u010dt\u00ed bohov\u00e9-poslov\u00e9 jako Hermes nebo Iris (poslov\u00e9 boh\u016f), p\u0159\u00edpadn\u011b d\u00e9mon\u0161t\u00ed Daimoni z Hesiodovy tradice. Spole\u010dn\u00e1 je role prost\u0159edn\u00edka a posla.<\/p><p><strong>Mezopot\u00e1mie:<\/strong> Mezopotamsk\u00e1 paralela: Nabu (p\u00edsa\u0159 Marduka, zjeven\u00ed), \u0160ama\u0161 (b\u016fh slunce, spravedlnost). Roli prost\u0159edn\u00edka mezi bohy a lidmi sd\u00edl\u00ed Gabriel s Nabuem. Akkadsk\u00e9 seznamy d\u00e9mon\u016f (En\u00fama eli\u0161) ukazuj\u00ed podobn\u00e9 hierarchie.<\/p><p><strong>Indie\/Asie:<\/strong> P\u0159\u00edm\u00e9 paralely zde chyb\u00ed. Vzd\u00e1len\u011b p\u0159\u00edbuzn\u00ed jsou Indrovi poslov\u00e9 (hinduistick\u00e1 <span class=\"iwg-fachbegriff\" data-tooltip=\"Souhrn tradovan\u00fdch vypr\u00e1v\u011bn\u00ed o boz\u00edch ur\u010dit\u00e9 kultury.\" tabindex=\"0\">mytologie<\/span>), b\u00f3dhisattvov\u00e9 jako prost\u0159edn\u00edci zjeven\u00ed (buddhismus) nebo apsary jako nebesk\u00e9 posly (sanskrtsk\u00e1 literatura). Spole\u010dn\u00e1 je funkce kosmick\u00e9ho prost\u0159edn\u00edka.<\/p>\t\t\t\t\t\t\t\t<\/div>\n\t\t\t\t<\/div>\n\t\t\t\t\t<\/div>\n\t\t\t\t<\/div>\n\t\t<div class=\"elementor-element elementor-element-cp071532f e-flex e-con-boxed e-con e-parent\" data-id=\"cp071532f\" data-element_type=\"container\" data-e-type=\"container\">\n\t\t\t\t\t<div class=\"e-con-inner\">\n\t\t\t\t<div class=\"elementor-element elementor-element-cp4d85ae2 elementor-widget elementor-widget-heading\" data-id=\"cp4d85ae2\" data-element_type=\"widget\" data-e-type=\"widget\" data-widget_type=\"heading.default\">\n\t\t\t\t\t<h2 class=\"elementor-heading-title elementor-size-default\">Gabriel u Daniela: prvn\u00ed v\u00fdskyty<\/h2>\t\t\t\t<\/div>\n\t\t<div class=\"elementor-element elementor-element-cpe5177d4 e-con-full e-flex e-con e-child\" data-id=\"cpe5177d4\" data-element_type=\"container\" data-e-type=\"container\">\n\t\t\t\t<div class=\"elementor-element elementor-element-cp7fe7aec elementor-widget elementor-widget-text-editor\" data-id=\"cp7fe7aec\" data-element_type=\"widget\" data-e-type=\"widget\" data-widget_type=\"text-editor.default\">\n\t\t\t\t\t\t\t\t\t<p>Gabriel je prvn\u00ed <span class=\"iwg-fachbegriff\" data-tooltip=\"V abrah\u00e1movsk\u00fdch n\u00e1bo\u017eenstv\u00edch nebesk\u00e1 poselsk\u00e1 bytost Bo\u017e\u00ed.\" tabindex=\"0\">and\u011bl<\/span> hebrejsk\u00e9 bible, kter\u00fd nese vlastn\u00ed jm\u00e9no. Objevuje se v <em>Knize Daniel<\/em>, spisu, kter\u00fd ve sv\u00e9 dne\u0161n\u00ed podob\u011b vznikl v hel\u00e9nistick\u00e9 dob\u011b, ve druh\u00e9m stolet\u00ed p\u0159ed p\u0159elomem letopo\u010dtu.<\/p><p>V <em>Danielovi<\/em> 8 je Gabriel posl\u00e1n, aby vykladateli viz\u00ed Danielovi vysv\u011btlil vid\u011bn\u00ed berana a kozla. V <em>Danielovi<\/em> 9 se objevuje znovu, aby Danielovi vylo\u017eil slavn\u00e9 <span class=\"iwg-fachbegriff\" data-tooltip=\"P\u0159edpov\u00edd\u00e1n\u00ed budouc\u00edch ud\u00e1lost\u00ed n\u00e1bo\u017eensk\u00fdmi nebo magick\u00fdmi prost\u0159edky.\" tabindex=\"0\">proroctv\u00ed<\/span> o sedmdes\u00e1ti letot\u00fddnech.<\/p><p>U\u017e v t\u011bchto ran\u00fdch v\u00fdstupech se projevuje Gabrielova charakteristick\u00e1 role. Je <span class=\"iwg-fachbegriff\" data-tooltip=\"V abrah\u00e1movsk\u00fdch n\u00e1bo\u017eenstv\u00edch nebesk\u00e1 poselsk\u00e1 bytost Bo\u017e\u00ed.\" tabindex=\"0\">and\u011blem<\/span> v\u00fdkladu a poselstv\u00ed. Nep\u0159in\u00e1\u0161\u00ed prim\u00e1rn\u011b trest nebo v\u00e1lku, jak je tomu u Michaela, ale pochopen\u00ed.<\/p><p>Vysv\u011btluje \u010dlov\u011bku to, co ten s\u00e1m o sob\u011b nedok\u00e1\u017ee pochopit. Je n\u00e1padn\u00e9, \u017ee Daniel p\u0159i pohledu na Gabriela pad\u00e1 v hr\u016fze na zem, co\u017e zd\u016fraz\u0148uje nadlidsk\u00fd vzhled and\u011bla.<\/p><p>Badatel\u00e9 pova\u017euj\u00ed Knihu Daniel za d\u016fle\u017eit\u00fd krok v \u017eidovsk\u00e9 angelologii. Zde jsou <span class=\"iwg-fachbegriff\" data-tooltip=\"V abrah\u00e1movsk\u00fdch n\u00e1bo\u017eenstv\u00edch nebesk\u00e1 poselsk\u00e1 bytost Bo\u017e\u00ed.\" tabindex=\"0\">and\u011bl\u00e9<\/span> poprv\u00e9 individualizov\u00e1ni, z\u00edsk\u00e1vaj\u00ed jm\u00e9na a vymezen\u00e9 \u00fakoly. Gabriel a Michael tvo\u0159\u00ed v Danielovi j\u00e1dro rozv\u00edjej\u00edc\u00ed se p\u0159edstavy o pojmenovan\u00fdch, vysoce postaven\u00fdch and\u011bl\u00edch.<\/p><p>Tento v\u00fdvoj pokra\u010duje v apokalyptick\u00e9 literatu\u0159e n\u00e1sleduj\u00edc\u00edch stolet\u00ed a tvo\u0159\u00ed z\u00e1klad pozd\u011bj\u0161\u00ed \u017eidovsk\u00e9, k\u0159es\u0165ansk\u00e9 a isl\u00e1msk\u00e9 and\u011blologie.<\/p>\t\t\t\t\t\t\t\t<\/div>\n\t\t\t\t<\/div>\n\t\t\t\t\t<\/div>\n\t\t\t\t<\/div>\n\t\t<div class=\"elementor-element elementor-element-cp8abf03a e-flex e-con-boxed e-con e-parent\" data-id=\"cp8abf03a\" data-element_type=\"container\" data-e-type=\"container\">\n\t\t\t\t\t<div class=\"e-con-inner\">\n\t\t\t\t<div class=\"elementor-element elementor-element-cp0111206 elementor-widget elementor-widget-heading\" data-id=\"cp0111206\" data-element_type=\"widget\" data-e-type=\"widget\" data-widget_type=\"heading.default\">\n\t\t\t\t\t<h2 class=\"elementor-heading-title elementor-size-default\">Zv\u011bstov\u00e1n\u00ed Marii a Zachari\u00e1\u0161i<\/h2>\t\t\t\t<\/div>\n\t\t<div class=\"elementor-element elementor-element-cp5fcef28 e-con-full e-flex e-con e-child\" data-id=\"cp5fcef28\" data-element_type=\"container\" data-e-type=\"container\">\n\t\t\t\t<div class=\"elementor-element elementor-element-cp3b131d7 elementor-widget elementor-widget-text-editor\" data-id=\"cp3b131d7\" data-element_type=\"widget\" data-e-type=\"widget\" data-widget_type=\"text-editor.default\">\n\t\t\t\t\t\t\t\t\t<p>V k\u0159es\u0165anstv\u00ed z\u00edsk\u00e1v\u00e1 Gabriel sv\u016fj nejv\u011bt\u0161\u00ed v\u00fdznam d\u00edky <em>Luk\u00e1\u0161ovu evangeliu<\/em>. V prvn\u00ed kapitole vystupuje Gabriel dvakr\u00e1t. Nejprve se zjevuje kn\u011bzi Zachari\u00e1\u0161i v <span class=\"iwg-fachbegriff\" data-tooltip=\"Stavba slou\u017e\u00edc\u00ed uct\u00edv\u00e1n\u00ed jednoho nebo v\u00edce bo\u017estev.\" tabindex=\"0\">chr\u00e1mu<\/span> a zv\u011bstuje mu narozen\u00ed Jana, kter\u00fd se pozd\u011bji stane Janem K\u0159titelem.<\/p><p>Proto\u017ee Zachari\u00e1\u0161 pochybuje, on\u011bm\u00ed a\u017e do narozen\u00ed d\u00edt\u011bte. Gabriel se p\u0159i tom v\u00fdslovn\u011b p\u0159edstavuje slovy, \u017ee je ten, kdo stoj\u00ed p\u0159ed Bohem.<\/p><p>Kr\u00e1tce pot\u00e9 se Gabriel zjevuje mlad\u00e9 Marii v Nazaret\u011b a zv\u011bstuje j\u00ed narozen\u00ed Jezuse. Tato sc\u00e9na, zv\u011bstov\u00e1n\u00ed Marii, se stala jedn\u00edm z nejv\u00fdznamn\u011bj\u0161\u00edch and\u011blsk\u00fdch zjeven\u00ed cel\u00e9 k\u0159es\u0165ansk\u00e9 tradice.<\/p><p>Pozdrav, kter\u00fdm Gabriel Marii oslovuje, se stal sou\u010d\u00e1st\u00ed k\u0159es\u0165ansk\u00e9 <span class=\"iwg-fachbegriff\" data-tooltip=\"Pevn\u011b stanoven\u00fd \u0159\u00e1d bohoslu\u017eby n\u00e1bo\u017eensk\u00e9 obce.\" tabindex=\"0\">liturgie<\/span> a <span class=\"iwg-fachbegriff\" data-tooltip=\"Jazykov\u00e9 obr\u00e1cen\u00ed \u010dlov\u011bka k bo\u017estvu.\" tabindex=\"0\">modlitby<\/span> Zdr\u00e1vas Maria. Ve v\u00fdtvarn\u00e9m um\u011bn\u00ed st\u0159edov\u011bku a renesance pat\u0159\u00ed zv\u011bstov\u00e1n\u00ed k nej\u010dast\u011bji zobrazovan\u00fdm motiv\u016fm v\u016fbec.<\/p><p>N\u00e1padn\u00e1 je kontinuita od Daniela k Luk\u00e1\u0161ovu evangeliu. V obou p\u0159\u00edpadech je Gabriel <span class=\"iwg-fachbegriff\" data-tooltip=\"V abrah\u00e1movsk\u00fdch n\u00e1bo\u017eenstv\u00edch nebesk\u00e1 poselsk\u00e1 bytost Bo\u017e\u00ed.\" tabindex=\"0\">and\u011blem<\/span>, kter\u00fd ohla\u0161uje a vykl\u00e1d\u00e1 v\u00fdznamnou budoucnost. Luk\u00e1\u0161 v\u011bdom\u011b navazuje na danielovskou tradici. Gabriel nen\u00ed n\u00e1hodn\u011b zvolen\u00fd posel, ale <span class=\"iwg-fachbegriff\" data-tooltip=\"V abrah\u00e1movsk\u00fdch n\u00e1bo\u017eenstv\u00edch nebesk\u00e1 poselsk\u00e1 bytost Bo\u017e\u00ed.\" tabindex=\"0\">and\u011bl<\/span> zv\u011bstov\u00e1n\u00ed d\u011bjin sp\u00e1sy, ji\u017e etablovan\u00fd v \u017eidovsk\u00e9 <span class=\"iwg-fachbegriff\" data-tooltip=\"P\u0159ed\u00e1v\u00e1n\u00ed v\u011bdomost\u00ed a vypr\u00e1v\u011bn\u00ed po generace.\" tabindex=\"0\">tradici<\/span>.<\/p><p>K\u0159es\u0165ansk\u00e1 <span class=\"iwg-fachbegriff\" data-tooltip=\"Nauka o obrazov\u00fdch obsaz\u00edch a jejich v\u00fdznamu.\" tabindex=\"0\">ikonografie<\/span> ho proto pevn\u011b vybavila atributy poselstv\u00ed, liliou jako znamen\u00edm Mariiny \u010distoty, svitkem s n\u00e1pisem nebo berlou.<\/p>\t\t\t\t\t\t\t\t<\/div>\n\t\t\t\t<\/div>\n\t\t\t\t\t<\/div>\n\t\t\t\t<\/div>\n\t\t<div class=\"elementor-element elementor-element-cp01e140b e-flex e-con-boxed e-con e-parent\" data-id=\"cp01e140b\" data-element_type=\"container\" data-e-type=\"container\">\n\t\t\t\t\t<div class=\"e-con-inner\">\n\t\t\t\t<div class=\"elementor-element elementor-element-cp787b02a elementor-widget elementor-widget-heading\" data-id=\"cp787b02a\" data-element_type=\"widget\" data-e-type=\"widget\" data-widget_type=\"heading.default\">\n\t\t\t\t\t<h2 class=\"elementor-heading-title elementor-size-default\">D\u017eibr\u00edl a p\u0159ed\u00e1n\u00ed Kor\u00e1nu<\/h2>\t\t\t\t<\/div>\n\t\t<div class=\"elementor-element elementor-element-cp84e0ad9 e-con-full e-flex e-con e-child\" data-id=\"cp84e0ad9\" data-element_type=\"container\" data-e-type=\"container\">\n\t\t\t\t<div class=\"elementor-element elementor-element-cp0e7df94 elementor-widget elementor-widget-text-editor\" data-id=\"cp0e7df94\" data-element_type=\"widget\" data-e-type=\"widget\" data-widget_type=\"text-editor.default\">\n\t\t\t\t\t\t\t\t\t<p>V isl\u00e1mu je Gabriel pod jm\u00e9nem <em>D\u017eibr\u00edl<\/em> nejd\u016fle\u017eit\u011bj\u0161\u00edm <span class=\"iwg-fachbegriff\" data-tooltip=\"V abrah\u00e1movsk\u00fdch n\u00e1bo\u017eenstv\u00edch nebesk\u00e1 poselsk\u00e1 bytost Bo\u017e\u00ed.\" tabindex=\"0\">and\u011blem<\/span> v\u016fbec. Je <span class=\"iwg-fachbegriff\" data-tooltip=\"V abrah\u00e1movsk\u00fdch n\u00e1bo\u017eenstv\u00edch nebesk\u00e1 poselsk\u00e1 bytost Bo\u017e\u00ed.\" tabindex=\"0\">and\u011blem<\/span> zjeven\u00ed, jeho\u017e prost\u0159ednictv\u00edm byl podle isl\u00e1msk\u00e9 nauky prorokovi Muhammadovi p\u0159ed\u00e1n Kor\u00e1n.<\/p><p>Isl\u00e1msk\u00e1 tradice spojuje s D\u017eibr\u00edlem po\u010d\u00e1tek zjeven\u00ed v jeskyni Hira, kde se Muhammadovi zjevil poprv\u00e9 a vyzval ho k recitaci.<\/p><p>D\u017eibr\u00edl je v Kor\u00e1nu na n\u011bkolika m\u00edstech zm\u00edn\u011bn jmenovit\u011b, nap\u0159\u00edklad v s\u00fa\u0159e 2 a s\u00fa\u0159e 66. \u010cast\u011bji se objevuje pod opisy jako d\u016fv\u011bryhodn\u00fd <span class=\"iwg-fachbegriff\" data-tooltip=\"Net\u011blesn\u00e1 bytost, j\u00ed\u017e je p\u0159isuzov\u00e1no p\u016fsoben\u00ed ve sv\u011bt\u011b.\" tabindex=\"0\">duch<\/span> nebo svat\u00fd <span class=\"iwg-fachbegriff\" data-tooltip=\"Net\u011blesn\u00e1 bytost, j\u00ed\u017e je p\u0159isuzov\u00e1no p\u016fsoben\u00ed ve sv\u011bt\u011b.\" tabindex=\"0\">duch<\/span>, p\u0159i\u010dem\u017e svat\u00fd <span class=\"iwg-fachbegriff\" data-tooltip=\"Net\u011blesn\u00e1 bytost, j\u00ed\u017e je p\u0159isuzov\u00e1no p\u016fsoben\u00ed ve sv\u011bt\u011b.\" tabindex=\"0\">duch<\/span> je v isl\u00e1msk\u00e9m ch\u00e1p\u00e1n\u00ed ztoto\u017e\u0148ov\u00e1n s D\u017eibr\u00edlem a neznamen\u00e1, na rozd\u00edl od k\u0159es\u0165anstv\u00ed, samostatnou bo\u017eskou osobu.<\/p><p>Isl\u00e1msk\u00e1 tradice p\u0159isuzuje D\u017eibr\u00edlovi nad r\u00e1mec p\u0159ed\u00e1n\u00ed Kor\u00e1nu i dal\u0161\u00ed \u00fakoly, nap\u0159\u00edklad doprovod Muhammada na no\u010dn\u00ed cest\u011b a nanebevzet\u00ed.<\/p><p>Ve srovn\u00e1n\u00ed v\u0161ech t\u0159\u00ed n\u00e1bo\u017eenstv\u00ed se ukazuje pozoruhodn\u00e1 st\u00e1lost. V \u017eidovsk\u00e9, k\u0159es\u0165ansk\u00e9 a isl\u00e1msk\u00e9 <span class=\"iwg-fachbegriff\" data-tooltip=\"P\u0159ed\u00e1v\u00e1n\u00ed v\u011bdomost\u00ed a vypr\u00e1v\u011bn\u00ed po generace.\" tabindex=\"0\">tradici<\/span> je Gabriel v\u017edy <span class=\"iwg-fachbegriff\" data-tooltip=\"V abrah\u00e1movsk\u00fdch n\u00e1bo\u017eenstv\u00edch nebesk\u00e1 poselsk\u00e1 bytost Bo\u017e\u00ed.\" tabindex=\"0\">and\u011blem<\/span>, kter\u00fd p\u0159in\u00e1\u0161\u00ed z\u00e1sadn\u00ed bo\u017esk\u00e9 sd\u011blen\u00ed. U Daniela vykl\u00e1d\u00e1 vid\u011bn\u00ed, u Luk\u00e1\u0161e ohla\u0161uje rozhoduj\u00edc\u00ed narozen\u00ed, v isl\u00e1mu p\u0159ed\u00e1v\u00e1 cel\u00e9 zjeven\u00ed.<\/p><p>Tato trval\u00e1 funkce posla a prost\u0159edn\u00edka \u010din\u00ed z Gabriela jednu z m\u00e1la postav, kter\u00e9 hraj\u00ed v\u00fdznamnou a v j\u00e1dru p\u0159\u00edbuznou roli ve v\u0161ech t\u0159ech abrah\u00e1movsk\u00fdch n\u00e1bo\u017eenstv\u00edch. V hierarchii and\u011bl\u016f stoj\u00ed v\u011bt\u0161inou na nejvy\u0161\u0161\u00edm m\u00edst\u011b, \u010dasto je zmi\u0148ov\u00e1n spole\u010dn\u011b s Michaelem.<\/p>\t\t\t\t\t\t\t\t<\/div>\n\t\t\t\t<\/div>\n\t\t\t\t\t<\/div>\n\t\t\t\t<\/div>\n\t\t<div class=\"elementor-element elementor-element-36dd7469 e-flex e-con-boxed e-con e-parent\" data-id=\"36dd7469\" data-element_type=\"container\" data-e-type=\"container\">\n\t\t\t\t\t<div class=\"e-con-inner\">\n\t\t\t\t<div class=\"elementor-element elementor-element-13760ab4 elementor-widget elementor-widget-heading\" data-id=\"13760ab4\" data-element_type=\"widget\" data-e-type=\"widget\" data-widget_type=\"heading.default\">\n\t\t\t\t\t<h2 class=\"elementor-heading-title elementor-size-default\">Souvisej\u00edc\u00ed odkazy<\/h2>\t\t\t\t<\/div>\n\t\t<div class=\"elementor-element elementor-element-28c87796 e-con-full e-flex e-con e-child\" data-id=\"28c87796\" data-element_type=\"container\" data-e-type=\"container\">\n\t\t\t\t<div class=\"elementor-element elementor-element-5d6538df elementor-widget elementor-widget-text-editor\" data-id=\"5d6538df\" data-element_type=\"widget\" data-e-type=\"widget\" data-widget_type=\"text-editor.default\">\n\t\t\t\t\t\t\t\t\t<ul><li><a href=\"https:\/\/iwell-guard.com\/cs\/?page_id=145364\">Uriel<\/a><\/li><\/ul>\t\t\t\t\t\t\t\t<\/div>\n\t\t\t\t<\/div>\n\t\t\t\t\t<\/div>\n\t\t\t\t<\/div>\n\t\t<div class=\"elementor-element elementor-element-grl4kl40 e-flex e-con-boxed e-con e-parent\" data-id=\"grl4kl40\" data-element_type=\"container\" data-e-type=\"container\">\n\t\t\t\t\t<div class=\"e-con-inner\">\n\t\t\t\t<div class=\"elementor-element elementor-element-bzsbfrmh elementor-widget elementor-widget-heading\" data-id=\"bzsbfrmh\" data-element_type=\"widget\" data-e-type=\"widget\" data-widget_type=\"heading.default\">\n\t\t\t\t\t<h2 class=\"elementor-heading-title elementor-size-default\">Prameny a literatura<\/h2>\t\t\t\t<\/div>\n\t\t<div class=\"elementor-element elementor-element-2c13224a e-con-full e-flex e-con e-child\" data-id=\"2c13224a\" data-element_type=\"container\" data-e-type=\"container\">\n\t\t\t\t<div class=\"elementor-element elementor-element-0eymh9ub elementor-widget elementor-widget-text-editor\" data-id=\"0eymh9ub\" data-element_type=\"widget\" data-e-type=\"widget\" data-widget_type=\"text-editor.default\">\n\t\t\t\t\t\t\t\t\t<ul><li><span data-nosnippet>David Mach: <em>Archangels in the Bible<\/em>. Biblical Archaeology Review, 1997.<\/span><\/li><\/ul>\t\t\t\t\t\t\t\t<\/div>\n\t\t\t\t<\/div>\n\t\t\t\t\t<\/div>\n\t\t\t\t<\/div>\n\t\t\t\t<\/div>\n\t\t","protected":false},"excerpt":{"rendered":"","protected":false},"author":3,"featured_media":1609,"parent":0,"menu_order":0,"comment_status":"closed","ping_status":"closed","template":"elementor_header_footer","meta":{"_yoast_wpseo_focuskw":"Gabriel","_yoast_wpseo_title":"Gabriel - hlasatel bo\u017e\u00edch poselstv\u00ed","_yoast_wpseo_metadesc":"Gabriel, archand\u011bl \u017eidovsk\u00e9 tradice ve stalet\u00ed star\u00e9 p\u00edsemn\u00e9 tradici: Bo\u017e\u00ed posel Danielov\u00fdch viz\u00ed, prost\u0159edn\u00edk mezi nebem a zem\u00ed.","_yoast_wpseo_meta-robots-noindex":"","_yoast_wpseo_canonical":"","_angie_page":false,"gefaehrdungsstufe":"","wesen_kultur":"christentum","wesen_klasse":"lichtwesen","footnotes":""},"categories":[],"class_list":["post-145365","page","type-page","status-publish","has-post-thumbnail","hentry"],"yoast_head":"<!-- This site is optimized with the Yoast SEO Premium plugin v27.7 (Yoast SEO v28.3) - https:\/\/yoast.com\/product\/yoast-seo-premium-wordpress\/ -->\n<title>Gabriel - hlasatel bo\u017e\u00edch poselstv\u00ed<\/title>\n<meta name=\"description\" content=\"Gabriel, archand\u011bl \u017eidovsk\u00e9 tradice ve stalet\u00ed star\u00e9 p\u00edsemn\u00e9 tradici: Bo\u017e\u00ed posel Danielov\u00fdch viz\u00ed, prost\u0159edn\u00edk mezi nebem a zem\u00ed.\" \/>\n<meta name=\"robots\" content=\"index, follow, max-snippet:-1, max-image-preview:large, max-video-preview:-1\" \/>\n<link rel=\"canonical\" href=\"https:\/\/iwell-guard.com\/cs\/gabriel\/\" \/>\n<meta property=\"og:locale\" content=\"cs_CZ\" \/>\n<meta property=\"og:type\" content=\"article\" \/>\n<meta property=\"og:title\" content=\"Gabriel\" \/>\n<meta property=\"og:description\" content=\"Gabriel, archand\u011bl \u017eidovsk\u00e9 tradice ve stalet\u00ed star\u00e9 p\u00edsemn\u00e9 tradici: Bo\u017e\u00ed posel Danielov\u00fdch viz\u00ed, prost\u0159edn\u00edk mezi nebem a zem\u00ed.\" \/>\n<meta property=\"og:url\" content=\"https:\/\/iwell-guard.com\/cs\/gabriel\/\" \/>\n<meta property=\"og:site_name\" content=\"iWell Guard\" \/>\n<meta property=\"article:modified_time\" content=\"2026-09-03T16:54:02+00:00\" \/>\n<meta property=\"og:image\" content=\"https:\/\/iwell-guard.com\/wp-content\/uploads\/2026\/04\/goetter_judentum_gabriel.webp\" \/>\n\t<meta property=\"og:image:width\" content=\"1024\" \/>\n\t<meta property=\"og:image:height\" content=\"1536\" \/>\n\t<meta property=\"og:image:type\" content=\"image\/webp\" \/>\n<meta name=\"twitter:card\" content=\"summary_large_image\" \/>\n<script type=\"application\/ld+json\" class=\"yoast-schema-graph\">{\"@context\":\"https:\\\/\\\/schema.org\",\"@graph\":[{\"@type\":\"WebPage\",\"@id\":\"https:\\\/\\\/iwell-guard.com\\\/cs\\\/gabriel\\\/\",\"url\":\"https:\\\/\\\/iwell-guard.com\\\/cs\\\/gabriel\\\/\",\"name\":\"Gabriel - hlasatel bo\u017e\u00edch poselstv\u00ed\",\"isPartOf\":{\"@id\":\"https:\\\/\\\/iwell-guard.com\\\/cs\\\/#website\"},\"primaryImageOfPage\":{\"@id\":\"https:\\\/\\\/iwell-guard.com\\\/cs\\\/gabriel\\\/#primaryimage\"},\"image\":{\"@id\":\"https:\\\/\\\/iwell-guard.com\\\/cs\\\/gabriel\\\/#primaryimage\"},\"thumbnailUrl\":\"https:\\\/\\\/iwell-guard.com\\\/wp-content\\\/uploads\\\/2026\\\/04\\\/goetter_judentum_gabriel.webp\",\"datePublished\":\"2026-09-03T16:29:37+00:00\",\"dateModified\":\"2026-09-03T16:54:02+00:00\",\"description\":\"Gabriel, archand\u011bl \u017eidovsk\u00e9 tradice ve stalet\u00ed star\u00e9 p\u00edsemn\u00e9 tradici: Bo\u017e\u00ed posel Danielov\u00fdch viz\u00ed, prost\u0159edn\u00edk mezi nebem a zem\u00ed.\",\"breadcrumb\":{\"@id\":\"https:\\\/\\\/iwell-guard.com\\\/cs\\\/gabriel\\\/#breadcrumb\"},\"inLanguage\":\"cs\",\"potentialAction\":[{\"@type\":\"ReadAction\",\"target\":[\"https:\\\/\\\/iwell-guard.com\\\/cs\\\/gabriel\\\/\"]}]},{\"@type\":\"ImageObject\",\"inLanguage\":\"cs\",\"@id\":\"https:\\\/\\\/iwell-guard.com\\\/cs\\\/gabriel\\\/#primaryimage\",\"url\":\"https:\\\/\\\/iwell-guard.com\\\/wp-content\\\/uploads\\\/2026\\\/04\\\/goetter_judentum_gabriel.webp\",\"contentUrl\":\"https:\\\/\\\/iwell-guard.com\\\/wp-content\\\/uploads\\\/2026\\\/04\\\/goetter_judentum_gabriel.webp\",\"width\":1024,\"height\":1536,\"caption\":\"B\u016fh z tradice judaismu.\"},{\"@type\":\"BreadcrumbList\",\"@id\":\"https:\\\/\\\/iwell-guard.com\\\/cs\\\/gabriel\\\/#breadcrumb\",\"itemListElement\":[{\"@type\":\"ListItem\",\"position\":1,\"name\":\"Start\",\"item\":\"https:\\\/\\\/iwell-guard.com\\\/cs\\\/?page_id=145107\"},{\"@type\":\"ListItem\",\"position\":2,\"name\":\"Gabriel\"}]},{\"@type\":\"WebSite\",\"@id\":\"https:\\\/\\\/iwell-guard.com\\\/cs\\\/#website\",\"url\":\"https:\\\/\\\/iwell-guard.com\\\/cs\\\/\",\"name\":\"iWell Guard\",\"description\":\"Schutz vor dunklen Einfl\u00fcssen\",\"publisher\":{\"@id\":\"https:\\\/\\\/iwell-guard.com\\\/cs\\\/#organization\"},\"potentialAction\":[{\"@type\":\"SearchAction\",\"target\":{\"@type\":\"EntryPoint\",\"urlTemplate\":\"https:\\\/\\\/iwell-guard.com\\\/cs\\\/?s={search_term_string}\"},\"query-input\":{\"@type\":\"PropertyValueSpecification\",\"valueRequired\":true,\"valueName\":\"search_term_string\"}}],\"inLanguage\":\"cs\"},{\"@type\":\"Organization\",\"@id\":\"https:\\\/\\\/iwell-guard.com\\\/cs\\\/#organization\",\"name\":\"Ittermann electronic GmbH\",\"url\":\"https:\\\/\\\/iwell-guard.com\\\/cs\\\/\",\"logo\":{\"@type\":\"ImageObject\",\"inLanguage\":\"cs\",\"@id\":\"https:\\\/\\\/iwell-guard.com\\\/cs\\\/#\\\/schema\\\/logo\\\/image\\\/\",\"url\":\"https:\\\/\\\/iwell-guard.com\\\/wp-content\\\/uploads\\\/2026\\\/05\\\/Ittermann-Logo-1182x237-1.png\",\"contentUrl\":\"https:\\\/\\\/iwell-guard.com\\\/wp-content\\\/uploads\\\/2026\\\/05\\\/Ittermann-Logo-1182x237-1.png\",\"width\":1182,\"height\":237,\"caption\":\"Ittermann electronic GmbH\"},\"image\":{\"@id\":\"https:\\\/\\\/iwell-guard.com\\\/cs\\\/#\\\/schema\\\/logo\\\/image\\\/\"},\"sameAs\":[\"https:\\\/\\\/pantip.com\\\/profile\\\/9367242\",\"https:\\\/\\\/micro.blog\\\/iwellguard\",\"https:\\\/\\\/www.diggerslist.com\\\/iwellguard\\\/about\",\"https:\\\/\\\/skitterphoto.com\\\/photographers\\\/2870314\\\/iwell-guard\",\"https:\\\/\\\/iwellguard.wordpress.com\\\/2026\\\/06\\\/06\\\/iwell-guard\\\/\",\"https:\\\/\\\/hub.docker.com\\\/u\\\/iwellguard\",\"https:\\\/\\\/www.pinterest.com\\\/iwellguard\\\/\",\"https:\\\/\\\/bit.ly\\\/m\\\/iwellguard\",\"https:\\\/\\\/entre-vos-mains.alsace.eu\\\/profiles\\\/iwellguard\\\/activity\",\"https:\\\/\\\/gravatar.com\\\/reallybeded8fd34\",\"https:\\\/\\\/naijamatta.com\\\/iwellguard\",\"https:\\\/\\\/www.goodreads.com\\\/iwellguard\",\"https:\\\/\\\/profile.hatena.ne.jp\\\/iwellguard\\\/\",\"https:\\\/\\\/experiment.com\\\/users\\\/iwellguard\",\"https:\\\/\\\/wakelet.com\\\/@iWellGuard82270\",\"https:\\\/\\\/www.chordie.com\\\/forum\\\/profile.php?id=2555664\",\"https:\\\/\\\/www.instapaper.com\\\/p\\\/17757966\",\"https:\\\/\\\/www.mapleprimes.com\\\/users\\\/iwellguard\",\"https:\\\/\\\/businesslistingplus.com\\\/profile\\\/iwell-guard\\\/\",\"https:\\\/\\\/telegra.ph\\\/iWell-Guard-06-06\",\"https:\\\/\\\/pbase.com\\\/iwellguard\\\/iwellguard\",\"https:\\\/\\\/b.hatena.ne.jp\\\/iwellguard\\\/20260607#bookmark-4788405196491818882\",\"https:\\\/\\\/fliphtml5.com\\\/home\\\/iwellguard\",\"https:\\\/\\\/anyflip.com\\\/homepage\\\/cmiwl#About\",\"https:\\\/\\\/transfur.com\\\/Users\\\/iwellguard\",\"http:\\\/\\\/delphi.larsbo.org\\\/user\\\/iwellguard\",\"https:\\\/\\\/jobs.lajobsportal.org\\\/profiles\\\/8380803-iwell-guard\",\"https:\\\/\\\/md.chaosdorf.de\\\/s\\\/jfbe5SBdJD\",\"https:\\\/\\\/www.lingvolive.com\\\/en-us\\\/profile\\\/9ecaeaca-ce11-4e51-9e71-01d55e2bff36\\\/translations\",\"https:\\\/\\\/www.fitday.com\\\/fitness\\\/forums\\\/members\\\/iwellguard.html\",\"https:\\\/\\\/www.mymeetbook.com\\\/iwellguard\",\"https:\\\/\\\/pxhere.com\\\/en\\\/photographer-me\\\/5040798\",\"https:\\\/\\\/disqus.com\\\/by\\\/iwellguard\\\/about\\\/\",\"https:\\\/\\\/pastelink.net\\\/hjwciqwq\",\"https:\\\/\\\/pubhtml5.com\\\/homepage\\\/scjhn\\\/\",\"https:\\\/\\\/www.bitchute.com\\\/channel\\\/2O2eOKzNqujT\",\"https:\\\/\\\/audiomack.com\\\/iwellguard\"]},{\"@type\":\"Article\",\"@id\":\"https:\\\/\\\/iwell-guard.com\\\/cs\\\/gabriel\\\/#article\",\"isPartOf\":{\"@id\":\"https:\\\/\\\/iwell-guard.com\\\/cs\\\/gabriel\\\/\"},\"author\":{\"name\":\"Ralf Ittermann\",\"@id\":\"https:\\\/\\\/iwell-guard.com\\\/cs\\\/#\\\/schema\\\/person\\\/ee2a27f1cac3406c7c6fb5820cb7349f\"},\"headline\":\"Gabriel\",\"datePublished\":\"2026-09-03T16:29:37+00:00\",\"dateModified\":\"2026-09-03T16:54:02+00:00\",\"mainEntityOfPage\":{\"@id\":\"https:\\\/\\\/iwell-guard.com\\\/cs\\\/gabriel\\\/\"},\"publisher\":{\"@id\":\"https:\\\/\\\/iwell-guard.com\\\/cs\\\/#organization\"},\"image\":{\"@id\":\"https:\\\/\\\/iwell-guard.com\\\/cs\\\/gabriel\\\/#primaryimage\"},\"thumbnailUrl\":\"https:\\\/\\\/iwell-guard.com\\\/wp-content\\\/uploads\\\/2026\\\/04\\\/goetter_judentum_gabriel.webp\",\"inLanguage\":\"cs\",\"description\":\"Gabriel, archand\u011bl \u017eidovsk\u00e9 tradice ve stalet\u00ed star\u00e9 p\u00edsemn\u00e9 tradici: Bo\u017e\u00ed posel Danielov\u00fdch viz\u00ed, prost\u0159edn\u00edk mezi nebem a zem\u00ed.\"}]}<\/script>\n<!-- \/ Yoast SEO Premium plugin. -->","yoast_head_json":{"title":"Gabriel - hlasatel bo\u017e\u00edch poselstv\u00ed","description":"Gabriel, archand\u011bl \u017eidovsk\u00e9 tradice ve stalet\u00ed star\u00e9 p\u00edsemn\u00e9 tradici: Bo\u017e\u00ed posel Danielov\u00fdch viz\u00ed, prost\u0159edn\u00edk mezi nebem a zem\u00ed.","robots":{"index":"index","follow":"follow","max-snippet":"max-snippet:-1","max-image-preview":"max-image-preview:large","max-video-preview":"max-video-preview:-1"},"canonical":"https:\/\/iwell-guard.com\/cs\/gabriel\/","og_locale":"cs_CZ","og_type":"article","og_title":"Gabriel","og_description":"Gabriel, archand\u011bl \u017eidovsk\u00e9 tradice ve stalet\u00ed star\u00e9 p\u00edsemn\u00e9 tradici: Bo\u017e\u00ed posel Danielov\u00fdch viz\u00ed, prost\u0159edn\u00edk mezi nebem a zem\u00ed.","og_url":"https:\/\/iwell-guard.com\/cs\/gabriel\/","og_site_name":"iWell Guard","article_modified_time":"2026-09-03T16:54:02+00:00","og_image":[{"width":1024,"height":1536,"url":"https:\/\/iwell-guard.com\/wp-content\/uploads\/2026\/04\/goetter_judentum_gabriel.webp","type":"image\/webp"}],"twitter_card":"summary_large_image","schema":{"@context":"https:\/\/schema.org","@graph":[{"@type":"Article","@id":"https:\/\/iwell-guard.com\/cs\/gabriel\/#article","isPartOf":{"@id":"https:\/\/iwell-guard.com\/cs\/gabriel\/"},"author":{"name":"Ralf Ittermann","@id":"https:\/\/iwell-guard.com\/cs\/#\/schema\/person\/ee2a27f1cac3406c7c6fb5820cb7349f"},"headline":"Gabriel","datePublished":"2026-09-03T16:29:37+00:00","dateModified":"2026-09-03T16:54:02+00:00","mainEntityOfPage":{"@id":"https:\/\/iwell-guard.com\/cs\/gabriel\/"},"publisher":{"@id":"https:\/\/iwell-guard.com\/cs\/#organization"},"image":{"@id":"https:\/\/iwell-guard.com\/cs\/gabriel\/#primaryimage"},"thumbnailUrl":"https:\/\/iwell-guard.com\/wp-content\/uploads\/2026\/04\/goetter_judentum_gabriel.webp","inLanguage":"cs","description":"Gabriel, archand\u011bl \u017eidovsk\u00e9 tradice ve stalet\u00ed star\u00e9 p\u00edsemn\u00e9 tradici: Bo\u017e\u00ed posel Danielov\u00fdch viz\u00ed, prost\u0159edn\u00edk mezi nebem a zem\u00ed."},{"@type":"WebPage","@id":"https:\/\/iwell-guard.com\/cs\/gabriel\/","url":"https:\/\/iwell-guard.com\/cs\/gabriel\/","name":"Gabriel - hlasatel bo\u017e\u00edch poselstv\u00ed","isPartOf":{"@id":"https:\/\/iwell-guard.com\/cs\/#website"},"primaryImageOfPage":{"@id":"https:\/\/iwell-guard.com\/cs\/gabriel\/#primaryimage"},"image":{"@id":"https:\/\/iwell-guard.com\/cs\/gabriel\/#primaryimage"},"thumbnailUrl":"https:\/\/iwell-guard.com\/wp-content\/uploads\/2026\/04\/goetter_judentum_gabriel.webp","datePublished":"2026-09-03T16:29:37+00:00","dateModified":"2026-09-03T16:54:02+00:00","description":"Gabriel, archand\u011bl \u017eidovsk\u00e9 tradice ve stalet\u00ed star\u00e9 p\u00edsemn\u00e9 tradici: Bo\u017e\u00ed posel Danielov\u00fdch viz\u00ed, prost\u0159edn\u00edk mezi nebem a zem\u00ed.","breadcrumb":{"@id":"https:\/\/iwell-guard.com\/cs\/gabriel\/#breadcrumb"},"inLanguage":"cs","potentialAction":[{"@type":"ReadAction","target":["https:\/\/iwell-guard.com\/cs\/gabriel\/"]}]},{"@type":"ImageObject","inLanguage":"cs","@id":"https:\/\/iwell-guard.com\/cs\/gabriel\/#primaryimage","url":"https:\/\/iwell-guard.com\/wp-content\/uploads\/2026\/04\/goetter_judentum_gabriel.webp","contentUrl":"https:\/\/iwell-guard.com\/wp-content\/uploads\/2026\/04\/goetter_judentum_gabriel.webp","width":1024,"height":1536,"caption":"B\u016fh z tradice judaismu."},{"@type":"BreadcrumbList","@id":"https:\/\/iwell-guard.com\/cs\/gabriel\/#breadcrumb","itemListElement":[{"@type":"ListItem","position":1,"name":"Start","item":"https:\/\/iwell-guard.com\/cs\/?page_id=145107"},{"@type":"ListItem","position":2,"name":"Gabriel"}]},{"@type":"WebSite","@id":"https:\/\/iwell-guard.com\/cs\/#website","url":"https:\/\/iwell-guard.com\/cs\/","name":"iWell Guard","description":"Schutz vor dunklen Einfl\u00fcssen","publisher":{"@id":"https:\/\/iwell-guard.com\/cs\/#organization"},"potentialAction":[{"@type":"SearchAction","target":{"@type":"EntryPoint","urlTemplate":"https:\/\/iwell-guard.com\/cs\/?s={search_term_string}"},"query-input":{"@type":"PropertyValueSpecification","valueRequired":true,"valueName":"search_term_string"}}],"inLanguage":"cs"},{"@type":"Organization","@id":"https:\/\/iwell-guard.com\/cs\/#organization","name":"Ittermann electronic GmbH","url":"https:\/\/iwell-guard.com\/cs\/","logo":{"@type":"ImageObject","inLanguage":"cs","@id":"https:\/\/iwell-guard.com\/cs\/#\/schema\/logo\/image\/","url":"https:\/\/iwell-guard.com\/wp-content\/uploads\/2026\/05\/Ittermann-Logo-1182x237-1.png","contentUrl":"https:\/\/iwell-guard.com\/wp-content\/uploads\/2026\/05\/Ittermann-Logo-1182x237-1.png","width":1182,"height":237,"caption":"Ittermann electronic GmbH"},"image":{"@id":"https:\/\/iwell-guard.com\/cs\/#\/schema\/logo\/image\/"},"sameAs":["https:\/\/pantip.com\/profile\/9367242","https:\/\/micro.blog\/iwellguard","https:\/\/www.diggerslist.com\/iwellguard\/about","https:\/\/skitterphoto.com\/photographers\/2870314\/iwell-guard","https:\/\/iwellguard.wordpress.com\/2026\/06\/06\/iwell-guard\/","https:\/\/hub.docker.com\/u\/iwellguard","https:\/\/www.pinterest.com\/iwellguard\/","https:\/\/bit.ly\/m\/iwellguard","https:\/\/entre-vos-mains.alsace.eu\/profiles\/iwellguard\/activity","https:\/\/gravatar.com\/reallybeded8fd34","https:\/\/naijamatta.com\/iwellguard","https:\/\/www.goodreads.com\/iwellguard","https:\/\/profile.hatena.ne.jp\/iwellguard\/","https:\/\/experiment.com\/users\/iwellguard","https:\/\/wakelet.com\/@iWellGuard82270","https:\/\/www.chordie.com\/forum\/profile.php?id=2555664","https:\/\/www.instapaper.com\/p\/17757966","https:\/\/www.mapleprimes.com\/users\/iwellguard","https:\/\/businesslistingplus.com\/profile\/iwell-guard\/","https:\/\/telegra.ph\/iWell-Guard-06-06","https:\/\/pbase.com\/iwellguard\/iwellguard","https:\/\/b.hatena.ne.jp\/iwellguard\/20260607#bookmark-4788405196491818882","https:\/\/fliphtml5.com\/home\/iwellguard","https:\/\/anyflip.com\/homepage\/cmiwl#About","https:\/\/transfur.com\/Users\/iwellguard","http:\/\/delphi.larsbo.org\/user\/iwellguard","https:\/\/jobs.lajobsportal.org\/profiles\/8380803-iwell-guard","https:\/\/md.chaosdorf.de\/s\/jfbe5SBdJD","https:\/\/www.lingvolive.com\/en-us\/profile\/9ecaeaca-ce11-4e51-9e71-01d55e2bff36\/translations","https:\/\/www.fitday.com\/fitness\/forums\/members\/iwellguard.html","https:\/\/www.mymeetbook.com\/iwellguard","https:\/\/pxhere.com\/en\/photographer-me\/5040798","https:\/\/disqus.com\/by\/iwellguard\/about\/","https:\/\/pastelink.net\/hjwciqwq","https:\/\/pubhtml5.com\/homepage\/scjhn\/","https:\/\/www.bitchute.com\/channel\/2O2eOKzNqujT","https:\/\/audiomack.com\/iwellguard"]},{"@type":"Person","@id":"https:\/\/iwell-guard.com\/cs\/#\/schema\/person\/ee2a27f1cac3406c7c6fb5820cb7349f","name":"Ralf Ittermann","image":{"@type":"ImageObject","inLanguage":"cs","@id":"https:\/\/secure.gravatar.com\/avatar\/073c0153e350a5005b68eb752b445fea71f6b24a26da9449ad7e155e6b446c9d?s=96&d=mm&r=g","url":"https:\/\/secure.gravatar.com\/avatar\/073c0153e350a5005b68eb752b445fea71f6b24a26da9449ad7e155e6b446c9d?s=96&d=mm&r=g","contentUrl":"https:\/\/secure.gravatar.com\/avatar\/073c0153e350a5005b68eb752b445fea71f6b24a26da9449ad7e155e6b446c9d?s=96&d=mm&r=g","caption":"Ralf Ittermann"},"givenName":"Ralf","familyName":"Ittermann","jobTitle":"Gesch\u00e4ftsf\u00fchrer und redaktioneller Verantwortlicher","url":"https:\/\/iwell-guard.com\/cs\/author\/claude\/","description":"Ralf Ittermann ist Gesch\u00e4ftsf\u00fchrer der Ittermann electronic GmbH und redaktioneller Verantwortlicher des iWell-Guard-Lexikons. Er verbindet langj\u00e4hrige Erfahrung in der Pr\u00e4zisionsfertigung mit medialer Praxis und religionsgeschichtlicher Quellenarbeit.","worksFor":{"@type":"Organization","name":"Ittermann electronic GmbH","url":"https:\/\/ittermann.de\/","address":{"@type":"PostalAddress","streetAddress":"K\u00f6hlergasse 16-18","postalCode":"99842","addressLocality":"Ruhla","addressCountry":"DE"}},"knowsAbout":["Religionsgeschichte","Mythologie","Mediale Praxis","Energetische Diagnostik","Schutzpraxis","Volksglauben","Westliche Esoterik"]},{"@type":"Article","@id":"https:\/\/iwell-guard.com\/cs\/gabriel\/#article","isPartOf":{"@id":"https:\/\/iwell-guard.com\/cs\/gabriel\/"},"author":{"name":"Ralf Ittermann","@id":"https:\/\/iwell-guard.com\/cs\/#\/schema\/person\/ee2a27f1cac3406c7c6fb5820cb7349f"},"headline":"Gabriel","datePublished":"2026-09-03T16:29:37+00:00","dateModified":"2026-09-03T16:54:02+00:00","mainEntityOfPage":{"@id":"https:\/\/iwell-guard.com\/cs\/gabriel\/"},"publisher":{"@id":"https:\/\/iwell-guard.com\/cs\/#organization"},"image":{"@id":"https:\/\/iwell-guard.com\/cs\/gabriel\/#primaryimage"},"thumbnailUrl":"https:\/\/iwell-guard.com\/wp-content\/uploads\/2026\/04\/goetter_judentum_gabriel.webp","inLanguage":"cs","description":"Gabriel, archand\u011bl \u017eidovsk\u00e9 tradice ve stalet\u00ed star\u00e9 p\u00edsemn\u00e9 tradici: Bo\u017e\u00ed posel Danielov\u00fdch viz\u00ed, prost\u0159edn\u00edk mezi nebem a zem\u00ed."}]}},"_links":{"self":[{"href":"https:\/\/iwell-guard.com\/cs\/wp-json\/wp\/v2\/pages\/145365","targetHints":{"allow":["GET"]}}],"collection":[{"href":"https:\/\/iwell-guard.com\/cs\/wp-json\/wp\/v2\/pages"}],"about":[{"href":"https:\/\/iwell-guard.com\/cs\/wp-json\/wp\/v2\/types\/page"}],"author":[{"embeddable":true,"href":"https:\/\/iwell-guard.com\/cs\/wp-json\/wp\/v2\/users\/3"}],"replies":[{"embeddable":true,"href":"https:\/\/iwell-guard.com\/cs\/wp-json\/wp\/v2\/comments?post=145365"}],"version-history":[{"count":0,"href":"https:\/\/iwell-guard.com\/cs\/wp-json\/wp\/v2\/pages\/145365\/revisions"}],"wp:featuredmedia":[{"embeddable":true,"href":"https:\/\/iwell-guard.com\/cs\/wp-json\/wp\/v2\/media\/1609"}],"wp:attachment":[{"href":"https:\/\/iwell-guard.com\/cs\/wp-json\/wp\/v2\/media?parent=145365"}],"wp:term":[{"taxonomy":"category","embeddable":true,"href":"https:\/\/iwell-guard.com\/cs\/wp-json\/wp\/v2\/categories?post=145365"}],"curies":[{"name":"wp","href":"https:\/\/api.w.org\/{rel}","templated":true}]}}