{"id":145360,"date":"2026-09-03T16:29:34","date_gmt":"2026-09-03T16:29:34","guid":{"rendered":"https:\/\/iwell-guard.com\/?page_id=145360"},"modified":"2026-09-03T16:53:53","modified_gmt":"2026-09-03T16:53:53","slug":"manannan-mac-lir","status":"publish","type":"page","link":"https:\/\/iwell-guard.com\/cs\/manannan-mac-lir\/","title":{"rendered":"Manannan mac Lir"},"content":{"rendered":"\t\t<div data-elementor-type=\"wp-page\" data-elementor-id=\"145360\" class=\"elementor elementor-145360 elementor-2127 elementor-bc-flex-widget\" data-elementor-post-type=\"page\">\n\t\t\t\t<div class=\"elementor-element elementor-element-10fdade e-flex e-con-boxed e-con e-parent\" data-id=\"10fdade\" data-element_type=\"container\" data-e-type=\"container\" data-settings=\"{&quot;background_background&quot;:&quot;classic&quot;}\">\n\t\t\t\t\t<div class=\"e-con-inner\">\n\t\t<div class=\"elementor-element elementor-element-herohlft0 e-flex e-con-boxed e-con e-child\" data-id=\"herohlft0\" data-element_type=\"container\" data-e-type=\"container\">\n\t\t\t\t\t<div class=\"e-con-inner\">\n\t\t<div class=\"elementor-element elementor-element-c3ceb64 e-con-full e-flex e-con e-child\" data-id=\"c3ceb64\" data-element_type=\"container\" data-e-type=\"container\">\n\t\t\t\t<div class=\"elementor-element elementor-element-96ae5e1 elementor-widget elementor-widget-heading\" data-id=\"96ae5e1\" data-element_type=\"widget\" data-e-type=\"widget\" data-widget_type=\"heading.default\">\n\t\t\t\t\t<h1 class=\"elementor-heading-title elementor-size-default\">Manannan Mac Lir, b\u016fh keltsk\u00e9 tradice<\/h1>\t\t\t\t<\/div>\n\t\t\t\t<div class=\"elementor-element elementor-element-e45238a elementor-widget elementor-widget-text-editor\" data-id=\"e45238a\" data-element_type=\"widget\" data-e-type=\"widget\" data-widget_type=\"text-editor.default\">\n\t\t\t\t\t\t\t\t\t<p>Manannan mac Lir je b\u016fh keltsk\u00e9 tradice, p\u00e1n mo\u0159\u00ed a Jin\u00e9ho sv\u011bta (T\u00edr na n\u00d3g), ochrann\u00fd b\u016fh p\u0159echod\u016f a duchovn\u00edch sf\u00e9r. Z hlediska d\u011bjin n\u00e1bo\u017eenstv\u00ed p\u0159edstavuje indoevropsk\u00fd typ hrani\u010dn\u00edho a vodn\u00edho boha a je kl\u00ed\u010dov\u00fd pro insul\u00e1rn\u011b-keltskou koncepci \u201ejin\u00fdch\u201c sv\u011bt\u016f.<\/p>\t\t\t\t\t\t\t\t<\/div>\n\t\t\t\t<\/div>\n\t\t<div class=\"elementor-element elementor-element-klsbdg01 e-con-full e-flex e-con e-parent\" data-id=\"klsbdg01\" data-element_type=\"container\" data-e-type=\"container\">\n\t\t\t\t<div class=\"elementor-element elementor-element-klshtm01 elementor-widget elementor-widget-html\" data-id=\"klshtm01\" data-element_type=\"widget\" data-e-type=\"widget\" data-widget_type=\"html.default\">\n\t\t\t\t\t<div class=\"iwg-pill-row\"><span class=\"iwg-klasse-badge\" tabindex=\"0\" data-tooltip=\"B\u016fh \/ Bohyn\u011b: Zpersonifikovan\u00e1 nejvy\u0161\u0161\u00ed moc v panteonu kultury, s jasn\u00fdmi kompetencemi, p\u0159\u00edrodn\u00ed s\u00edly, osud, v\u00e1lka, plodnost. Uct\u00edvan\u00e1 prost\u0159ednictv\u00edm kult\u016f, ob\u011bt\u00ed a chr\u00e1mov\u00fdch instituc\u00ed.\">B\u016fh<\/span><a href=\"https:\/\/iwell-guard.com\/cs\/?page_id=145142\" class=\"iwg-kultur-badge\" tabindex=\"0\" data-tooltip=\"Keltsk\u00e9 n\u00e1bo\u017eenstv\u00ed z\u00e1padn\u00ed Evropy a Britsk\u00fdch ostrov\u016f, mytologicky dochovan\u00e9 prost\u0159ednictv\u00edm irsk\u00fdch a vel\u0161sk\u00fdch text\u016f.\">Keltsk\u00fd<\/a><\/div>\t\t\t\t<\/div>\n\t\t\t\t<\/div>\n\t\t<div class=\"elementor-element elementor-element-3f74855 e-con-full e-flex e-con e-child\" data-id=\"3f74855\" data-element_type=\"container\" data-e-type=\"container\">\n\t\t\t\t<div class=\"elementor-element elementor-element-1c30362 elementor-toc--minimized-on-tablet elementor-widget elementor-widget-table-of-contents\" data-id=\"1c30362\" data-element_type=\"widget\" data-e-type=\"widget\" data-settings=\"{&quot;exclude_headings_by_selector&quot;:[],&quot;no_headings_message&quot;:&quot;Na t\\u00e9to str\\u00e1nce nebyly nalezeny \\u017e\\u00e1dn\\u00e9 nadpisy.&quot;,&quot;headings_by_tags&quot;:[&quot;h2&quot;,&quot;h3&quot;],&quot;marker_view&quot;:&quot;bullets&quot;,&quot;minimize_box&quot;:&quot;yes&quot;,&quot;icon&quot;:{&quot;value&quot;:&quot;fas fa-circle&quot;,&quot;library&quot;:&quot;fa-solid&quot;,&quot;rendered_tag&quot;:&quot;&lt;svg class=\\&quot;e-font-icon-svg e-fas-circle\\&quot; viewBox=\\&quot;0 0 512 512\\&quot; xmlns=\\&quot;http:\\\/\\\/www.w3.org\\\/2000\\\/svg\\&quot;&gt;&lt;path d=\\&quot;M256 8C119 8 8 119 8 256s111 248 248 248 248-111 248-248S393 8 256 8z\\&quot;&gt;&lt;\\\/path&gt;&lt;\\\/svg&gt;&quot;},&quot;minimized_on&quot;:&quot;tablet&quot;,&quot;hierarchical_view&quot;:&quot;yes&quot;,&quot;min_height&quot;:{&quot;unit&quot;:&quot;px&quot;,&quot;size&quot;:&quot;&quot;,&quot;sizes&quot;:[]},&quot;min_height_tablet&quot;:{&quot;unit&quot;:&quot;px&quot;,&quot;size&quot;:&quot;&quot;,&quot;sizes&quot;:[]},&quot;min_height_mobile&quot;:{&quot;unit&quot;:&quot;px&quot;,&quot;size&quot;:&quot;&quot;,&quot;sizes&quot;:[]}}\" data-widget_type=\"table-of-contents.default\">\n\t\t\t\t\t\t\t\t\t<div class=\"elementor-toc__header\">\n\t\t\t\t\t\t<h2 class=\"elementor-toc__header-title\">\n\t\t\t\tObsah\t\t\t<\/h2>\n\t\t\t\t\t\t\t\t\t\t<div class=\"elementor-toc__toggle-button elementor-toc__toggle-button--expand\" role=\"button\" tabindex=\"0\" aria-controls=\"elementor-toc__1c30362\" aria-expanded=\"true\" aria-label=\"Open table of contents\"><svg aria-hidden=\"true\" class=\"e-font-icon-svg e-fas-chevron-down\" viewBox=\"0 0 448 512\" xmlns=\"http:\/\/www.w3.org\/2000\/svg\"><path d=\"M207.029 381.476L12.686 187.132c-9.373-9.373-9.373-24.569 0-33.941l22.667-22.667c9.357-9.357 24.522-9.375 33.901-.04L224 284.505l154.745-154.021c9.379-9.335 24.544-9.317 33.901.04l22.667 22.667c9.373 9.373 9.373 24.569 0 33.941L240.971 381.476c-9.373 9.372-24.569 9.372-33.942 0z\"><\/path><\/svg><\/div>\n\t\t\t\t<div class=\"elementor-toc__toggle-button elementor-toc__toggle-button--collapse\" role=\"button\" tabindex=\"0\" aria-controls=\"elementor-toc__1c30362\" aria-expanded=\"true\" aria-label=\"Close table of contents\"><svg aria-hidden=\"true\" class=\"e-font-icon-svg e-fas-chevron-up\" viewBox=\"0 0 448 512\" xmlns=\"http:\/\/www.w3.org\/2000\/svg\"><path d=\"M240.971 130.524l194.343 194.343c9.373 9.373 9.373 24.569 0 33.941l-22.667 22.667c-9.357 9.357-24.522 9.375-33.901.04L224 227.495 69.255 381.516c-9.379 9.335-24.544 9.317-33.901-.04l-22.667-22.667c-9.373-9.373-9.373-24.569 0-33.941L207.03 130.525c9.372-9.373 24.568-9.373 33.941-.001z\"><\/path><\/svg><\/div>\n\t\t\t\t\t<\/div>\n\t\t\t\t<div id=\"elementor-toc__1c30362\" class=\"elementor-toc__body\">\n\t\t\t<div class=\"elementor-toc__spinner-container\">\n\t\t\t\t<svg class=\"elementor-toc__spinner eicon-animation-spin e-font-icon-svg e-eicon-loading\" aria-hidden=\"true\" viewBox=\"0 0 1000 1000\" xmlns=\"http:\/\/www.w3.org\/2000\/svg\"><path d=\"M500 975V858C696 858 858 696 858 500S696 142 500 142 142 304 142 500H25C25 237 238 25 500 25S975 237 975 500 763 975 500 975Z\"><\/path><\/svg>\t\t\t<\/div>\n\t\t<\/div>\n\t\t\t\t\t\t<\/div>\n\t\t\t\t<\/div>\n\t\t\t\t\t<\/div>\n\t\t\t\t<\/div>\n\t\t<div class=\"elementor-element elementor-element-herorght0 e-con-full e-flex e-con e-child\" data-id=\"herorght0\" data-element_type=\"container\" data-e-type=\"container\">\n\t\t\t\t<div class=\"elementor-element elementor-element-heroimg00 iwg-hero-image elementor-widget elementor-widget-image\" data-id=\"heroimg00\" data-element_type=\"widget\" data-e-type=\"widget\" data-widget_type=\"image.default\">\n\t\t\t\t\t\t\t\t\t\t\t\t\t\t\t<img fetchpriority=\"high\" decoding=\"async\" width=\"683\" height=\"1024\" src=\"https:\/\/iwell-guard.com\/wp-content\/uploads\/2026\/04\/goetter_keltisch_manannan-mac-lir-683x1024.webp\" class=\"attachment-large size-large wp-image-1617\" alt=\"Manannan mac Lir\" srcset=\"https:\/\/iwell-guard.com\/wp-content\/uploads\/2026\/04\/goetter_keltisch_manannan-mac-lir-683x1024.webp 683w, https:\/\/iwell-guard.com\/wp-content\/uploads\/2026\/04\/goetter_keltisch_manannan-mac-lir-200x300.webp 200w, https:\/\/iwell-guard.com\/wp-content\/uploads\/2026\/04\/goetter_keltisch_manannan-mac-lir-768x1152.webp 768w, https:\/\/iwell-guard.com\/wp-content\/uploads\/2026\/04\/goetter_keltisch_manannan-mac-lir.webp 1024w\" sizes=\"(max-width: 683px) 100vw, 683px\" \/>\t\t\t\t\t\t\t\t\t\t\t\t\t\t\t<\/div>\n\t\t\t\t<\/div>\n\t\t\t\t\t<\/div>\n\t\t\t\t<\/div>\n\t\t<div class=\"elementor-element elementor-element-32917199 e-flex e-con-boxed e-con e-parent\" data-id=\"32917199\" data-element_type=\"container\" data-e-type=\"container\">\n\t\t\t\t\t<div class=\"e-con-inner\">\n\t\t<div class=\"elementor-element elementor-element-26e916cb e-flex e-con-boxed e-con e-child\" data-id=\"26e916cb\" data-element_type=\"container\" data-e-type=\"container\">\n\t\t\t\t\t<div class=\"e-con-inner\">\n\t\t<div class=\"elementor-element elementor-element-253a40d4 e-flex e-con-boxed e-con e-child\" data-id=\"253a40d4\" data-element_type=\"container\" data-e-type=\"container\">\n\t\t\t\t\t<div class=\"e-con-inner\">\n\t\t\t\t<div class=\"elementor-element elementor-element-1200c304 elementor-widget elementor-widget-heading\" data-id=\"1200c304\" data-element_type=\"widget\" data-e-type=\"widget\" data-widget_type=\"heading.default\">\n\t\t\t\t\t<h3 class=\"elementor-heading-title elementor-size-default\">Manannan Mac Lir<\/h3>\t\t\t\t<\/div>\n\t\t\t\t<div class=\"elementor-element elementor-element-11758e7f elementor-widget elementor-widget-text-editor\" data-id=\"11758e7f\" data-element_type=\"widget\" data-e-type=\"widget\" data-widget_type=\"text-editor.default\">\n\t\t\t\t\t\t\t\t\t<p>Manannan je zobrazov\u00e1n jako nadp\u0159irozen\u00fd mo\u0159sk\u00fd kr\u00e1l a lodn\u00edk, kter\u00fd se pohybuje mezi lidsk\u00fdm sv\u011btem a Jin\u00fdm sv\u011btem (T\u00edr na n\u00d3g, Mag Mell). Vlastn\u00ed kon\u011b, kter\u00fd dok\u00e1\u017ee zneviditelnit (Enbarr), a samohybnou lo\u010f (Scuabtuinne).<\/p><p>V irsk\u00fdch s\u00e1z\u00edch vystupuje jako pr\u016fvodce du\u0161\u00ed a ochr\u00e1nce cestuj\u00edc\u00edch. Podle legend odr\u00e1\u017e\u00ed d\u00e9mony a d\u00e9monick\u00e9 bytosti udr\u017euje na uzd\u011b. V n\u011bkter\u00fdch textech je u\u010ditelem nebo p\u011bstounem hrdin\u016f, jako je C\u00fa Chulainn.<\/p>\t\t\t\t\t\t\t\t<\/div>\n\t\t\t\t\t<\/div>\n\t\t\t\t<\/div>\n\t\t<div class=\"elementor-element elementor-element-159dcf9a e-flex e-con-boxed e-con e-child\" data-id=\"159dcf9a\" data-element_type=\"container\" data-e-type=\"container\">\n\t\t\t\t\t<div class=\"e-con-inner\">\n\t\t\t\t<div class=\"elementor-element elementor-element-48cee66f elementor-widget elementor-widget-heading\" data-id=\"48cee66f\" data-element_type=\"widget\" data-e-type=\"widget\" data-widget_type=\"heading.default\">\n\t\t\t\t\t<h2 class=\"elementor-heading-title elementor-size-default\">Na jeden pohled: Manannan Mac Lir<\/h2>\t\t\t\t<\/div>\n\t\t\t\t<div class=\"elementor-element elementor-element-3f50d82c elementor-widget elementor-widget-text-editor\" data-id=\"3f50d82c\" data-element_type=\"widget\" data-e-type=\"widget\" data-widget_type=\"text-editor.default\">\n\t\t\t\t\t\t\t\t\t<p>Doklady poch\u00e1zej\u00ed z Immram Brain maic Febail (\u00bbPlavba Brana mac Febaila\u00ab), z Imram Curaig Ma\u00e9l D\u00fain (\u00bbMo\u0159sk\u00e1 plavba M\u00e1ela D\u00faina\u00ab) a z dal\u0161\u00edch dobrodru\u017en\u00fdch m\u00fdt\u016f, kter\u00e9 byly zaznamen\u00e1ny od 8. 9. stolet\u00ed.<\/p><p>Manannan je zmi\u0148ov\u00e1n v genealogick\u00fdch textech a v s\u00e1ze o Ulaidech. Jeho funkce psychopompa a hrani\u010dn\u00edho str\u00e1\u017ece je charakteristick\u00e1 pro insul\u00e1rn\u011b-keltskou <span class=\"iwg-fachbegriff\" data-tooltip=\"P\u0159edstava o stavb\u011b a uspo\u0159\u00e1d\u00e1n\u00ed sv\u011bta v r\u00e1mci ur\u010dit\u00e9 kultury.\" tabindex=\"0\">kosmologii<\/span>. Modern\u00ed prameny: folklorn\u00ed <span class=\"iwg-fachbegriff\" data-tooltip=\"P\u0159ed\u00e1v\u00e1n\u00ed znalost\u00ed a vypr\u00e1v\u011bn\u00ed nap\u0159\u00ed\u010d generacemi.\" tabindex=\"0\">tradice<\/span> v Irsku a Skotsku (Hebridy, ostrov Man).<\/p>\t\t\t\t\t\t\t\t<\/div>\n\t\t\t\t\t<\/div>\n\t\t\t\t<\/div>\n\t\t\t\t\t<\/div>\n\t\t\t\t<\/div>\n\t\t\t\t\t<\/div>\n\t\t\t\t<\/div>\n\t\t<div class=\"elementor-element elementor-element-18613602 e-flex e-con-boxed e-con e-parent\" data-id=\"18613602\" data-element_type=\"container\" data-e-type=\"container\">\n\t\t\t\t\t<div class=\"e-con-inner\">\n\t\t\t\t<div class=\"elementor-element elementor-element-262b8a9f elementor-widget elementor-widget-heading\" data-id=\"262b8a9f\" data-element_type=\"widget\" data-e-type=\"widget\" data-widget_type=\"heading.default\">\n\t\t\t\t\t<h2 class=\"elementor-heading-title elementor-size-default\">Kontext<\/h2>\t\t\t\t<\/div>\n\t\t<div class=\"elementor-element elementor-element-46dcb7d e-con-full e-flex e-con e-child\" data-id=\"46dcb7d\" data-element_type=\"container\" data-e-type=\"container\">\n\t\t<div class=\"elementor-element elementor-element-61d3ab3 e-flex e-con-boxed e-con e-child\" data-id=\"61d3ab3\" data-element_type=\"container\" data-e-type=\"container\">\n\t\t\t\t\t<div class=\"e-con-inner\">\n\t\t\t\t<div class=\"elementor-element elementor-element-117c166 elementor-widget elementor-widget-heading\" data-id=\"117c166\" data-element_type=\"widget\" data-e-type=\"widget\" data-widget_type=\"heading.default\">\n\t\t\t\t\t<h3 class=\"elementor-heading-title elementor-size-default\">Zeitraum der Texte<\/h3>\t\t\t\t<\/div>\n\t\t\t\t<div class=\"elementor-element elementor-element-73997a0 elementor-widget elementor-widget-text-editor\" data-id=\"73997a0\" data-element_type=\"widget\" data-e-type=\"widget\" data-widget_type=\"text-editor.default\">\n\t\t\t\t\t\t\t\t\t<p>Manann\u00e1n mac Lir je dolo\u017eiteln\u00fd od ran\u011b st\u0159edov\u011bk\u00fdch irsk\u00fdch text\u016f a\u017e po novodob\u00fd folklor ostrova Man, jeho\u017e jm\u00e9no se od n\u011bj odvozuje. Je\u0161t\u011b v 19. stolet\u00ed obyvatel\u00e9 ostrova o svatoj\u00e1nsk\u00e9 noci klopili na horsk\u00e9 vrcholy s\u00edtinu jako ob\u011btinu Manannanovi; ze star\u00e9ho boha mo\u0159e se tak stala pov\u011bstn\u00e1 zakladatelsk\u00e1 postava ostrova, v n\u00ed\u017e v\u0161ak z\u016fstaly zachov\u00e1ny p\u016fvodn\u00ed rysy.<\/p><h3>Mytologick\u00e9 za\u0159azen\u00ed<\/h3><p>Manannan mac Lir je b\u016fh a nadp\u0159irozen\u00e1 bytost irsk\u00e9 a vel\u0161sk\u00e9 keltsk\u00e9 <span class=\"iwg-fachbegriff\" data-tooltip=\"Souhrn tradovan\u00fdch vypr\u00e1v\u011bn\u00ed o boz\u00edch ur\u010dit\u00e9 kultury.\" tabindex=\"0\">mytologie<\/span>. Je p\u00e1nem mo\u0159e, <span class=\"iwg-fachbegriff\" data-tooltip=\"Praktiky, kter\u00e9 se pomoc\u00ed zvl\u00e1\u0161tn\u00edch \u00fakon\u016f nebo formul\u00ed sna\u017e\u00ed ovlivnit b\u011bh v\u011bc\u00ed.\" tabindex=\"0\">magie<\/span> a Jin\u00e9ho sv\u011bta. Manannan je poutn\u00edk mezi sv\u011bty a ochr\u00e1nce. Jeho role je kl\u00ed\u010dov\u00e1 pro keltsk\u00e9 ch\u00e1p\u00e1n\u00ed sv\u011bta.<\/p>\t\t\t\t\t\t\t\t<\/div>\n\t\t\t\t\t<\/div>\n\t\t\t\t<\/div>\n\t\t<div class=\"elementor-element elementor-element-d47b156 e-flex e-con-boxed e-con e-child\" data-id=\"d47b156\" data-element_type=\"container\" data-e-type=\"container\">\n\t\t\t\t\t<div class=\"e-con-inner\">\n\t\t\t\t<div class=\"elementor-element elementor-element-ff38c2b elementor-widget elementor-widget-heading\" data-id=\"ff38c2b\" data-element_type=\"widget\" data-e-type=\"widget\" data-widget_type=\"heading.default\">\n\t\t\t\t\t<h3 class=\"elementor-heading-title elementor-size-default\">Verbreitungsraum<\/h3>\t\t\t\t<\/div>\n\t\t\t\t<div class=\"elementor-element elementor-element-4e49fcc elementor-widget elementor-widget-text-editor\" data-id=\"4e49fcc\" data-element_type=\"widget\" data-e-type=\"widget\" data-widget_type=\"text-editor.default\">\n\t\t\t\t\t\t\t\t\t<p>Manannan mac Lir nebyl omezen na ur\u010dit\u00fd region nebo m\u00edsto, ale byl zn\u00e1m a uct\u00edv\u00e1n, p\u0159\u00edpadn\u011b s respektem ob\u00e1v\u00e1n, v cel\u00e9m keltsk\u00e9m sv\u011bt\u011b. A\u0165 ve velk\u00fdch m\u011bstsk\u00fdch centrech nebo v odlehl\u00fdch venkovsk\u00fdch oblastech, a\u0165 u spole\u010densk\u00e9 elity nebo u prost\u00e9ho lidu, duchovn\u00ed i kulturn\u00ed v\u00fdznam t\u00e9to bytosti byl obecn\u011b uzn\u00e1van\u00fd a univerz\u00e1ln\u00ed.<\/p><p>Roz\u0161\u00ed\u0159en\u00ed Manann\u00e1na mac Lira sleduje mo\u0159sk\u00e9 cesty Irsk\u00e9ho mo\u0159e: byl zn\u00e1m v Irsku, na ostrov\u011b Man i ve Skotsku, a ostrov Man nese jeho jm\u00e9no. Tento rozptyl p\u0159es n\u011bkolik gaelsky mluv\u00edc\u00edch pob\u0159e\u017en\u00edch oblast\u00ed se vysv\u011btluje \u00fazk\u00fdmi lo\u010fa\u0159sk\u00fdmi a obchodn\u00edmi vazbami mezi nimi; z\u00e1kladn\u00ed podoba boha p\u0159itom z\u016fst\u00e1vala ve v\u0161ech oblastech stejn\u00e1, p\u00e1n mo\u0159e a p\u0159eplavby.<\/p>\t\t\t\t\t\t\t\t<\/div>\n\t\t\t\t\t<\/div>\n\t\t\t\t<\/div>\n\t\t\t\t<\/div>\n\t\t<div class=\"elementor-element elementor-element-db03c39 e-con-full e-flex e-con e-child\" data-id=\"db03c39\" data-element_type=\"container\" data-e-type=\"container\">\n\t\t<div class=\"elementor-element elementor-element-229a87b e-flex e-con-boxed e-con e-child\" data-id=\"229a87b\" data-element_type=\"container\" data-e-type=\"container\">\n\t\t\t\t\t<div class=\"e-con-inner\">\n\t\t\t\t<div class=\"elementor-element elementor-element-1f471fc elementor-widget elementor-widget-heading\" data-id=\"1f471fc\" data-element_type=\"widget\" data-e-type=\"widget\" data-widget_type=\"heading.default\">\n\t\t\t\t\t<h3 class=\"elementor-heading-title elementor-size-default\">Quellenlage<\/h3>\t\t\t\t<\/div>\n\t\t\t\t<div class=\"elementor-element elementor-element-36b1201 elementor-widget elementor-widget-text-editor\" data-id=\"36b1201\" data-element_type=\"widget\" data-e-type=\"widget\" data-widget_type=\"text-editor.default\">\n\t\t\t\t\t\t\t\t\t<p>Prim\u00e1rn\u00ed prameny: Immram Brain maic Febail (asi 8. stol.), Imram Curaig Ma\u00e9l D\u00fain (asi 9. stol.), Togail Bruidne D\u00e1 Derga (\u00bbZk\u00e1za domu Da Derga\u00ab), pozd\u011bji tak\u00e9 Mabinogion (vel\u0161sky, 11. 13. stol., s Manawydanem).<\/p><p>Obdob\u00ed: \u00fastn\u00ed tradice je star\u0161\u00ed (mo\u017en\u00e1 je\u0161t\u011b z doby \u017eelezn\u00e9), p\u00edsemn\u00e9 zaznamen\u00e1n\u00ed prob\u011bhlo ve st\u0159edov\u011bku. Badatel\u00e9: Mac Cana (Celtic Mythology), Jenny Rowland (Early Welsh Saga Poetry), W.Y. Evans-Wentz (The Fairy Faith in Celtic Countries) dokumentuj\u00ed tradice o Manannanovi.<\/p>\t\t\t\t\t\t\t\t<\/div>\n\t\t\t\t\t<\/div>\n\t\t\t\t<\/div>\n\t\t\t\t<\/div>\n\t\t\t\t\t<\/div>\n\t\t\t\t<\/div>\n\t\t<div class=\"elementor-element elementor-element-3ae0637c e-flex e-con-boxed e-con e-parent\" data-id=\"3ae0637c\" data-element_type=\"container\" data-e-type=\"container\">\n\t\t\t\t\t<div class=\"e-con-inner\">\n\t\t\t\t<div class=\"elementor-element elementor-element-31d07739 elementor-widget elementor-widget-heading\" data-id=\"31d07739\" data-element_type=\"widget\" data-e-type=\"widget\" data-widget_type=\"heading.default\">\n\t\t\t\t\t<h2 class=\"elementor-heading-title elementor-size-default\">Jm\u00e9no<\/h2>\t\t\t\t<\/div>\n\t\t<div class=\"elementor-element elementor-element-b7642947 e-con-full e-flex e-con e-child\" data-id=\"b7642947\" data-element_type=\"container\" data-e-type=\"container\">\n\t\t\t\t<div class=\"elementor-element elementor-element-a086266 elementor-widget elementor-widget-text-editor\" data-id=\"a086266\" data-element_type=\"widget\" data-e-type=\"widget\" data-widget_type=\"text-editor.default\">\n\t\t\t\t\t\t\t\t\t<p>Manannan mac Lir je v r\u016fzn\u00fdch pramenech a um\u011bleck\u00fdch tradic\u00edch zobrazov\u00e1n s ur\u010dit\u00fdmi opakuj\u00edc\u00edmi se ikonografick\u00fdmi prvky, kter\u00e9 z\u016fst\u00e1vaj\u00ed relativn\u011b st\u00e1l\u00e9 nap\u0159\u00ed\u010d desetilet\u00edmi i geografick\u00fdmi prostory. Tyto prvky nejsou zvoleny \u010dist\u011b dekorativn\u011b nebo n\u00e1hodn\u011b, ale jsou hluboce symbolicky k\u00f3dovan\u00e9 a nesou velk\u00fd v\u00fdznam.<\/p><p>Atributy Manann\u00e1na mac Lira tvo\u0159\u00ed \u010diteln\u00fd znakov\u00fd syst\u00e9m: pl\u00e1\u0161\u0165 z mlhy vyjad\u0159uje jeho moc v\u011bci skr\u00fdvat a hranice zahalovat, samohybn\u00e1 lo\u010f Vlnobijec jeho vl\u00e1du nad mo\u0159em, k\u016f\u0148 Aonbharr, kter\u00fd b\u011bh\u00e1 po vod\u011b, zru\u0161en\u00ed hranice mezi zem\u00ed a mo\u0159em, a jable\u010dn\u00fd ostrov Emain Ablach jeho vztah k Jin\u00e9mu sv\u011btu. Kdo zn\u00e1 irskou vypr\u00e1v\u011bc\u00ed tradici, rozpozn\u00e1 d\u00edky t\u011bmto p\u0159edm\u011bt\u016fm p\u0159\u00edmo p\u0159\u00edslu\u0161nost a postaven\u00ed boha; \u017e\u00e1dn\u00fd z atribut\u016f nen\u00ed zvolen libovoln\u011b, v\u0161echny jsou pevn\u011b dosv\u011bd\u010deny ve st\u0159edov\u011bk\u00fdch textech.<\/p>\t\t\t\t\t\t\t\t<\/div>\n\t\t\t\t<\/div>\n\t\t\t\t\t<\/div>\n\t\t\t\t<\/div>\n\t\t<div class=\"elementor-element elementor-element-709a44a8 e-flex e-con-boxed e-con e-parent\" data-id=\"709a44a8\" data-element_type=\"container\" data-e-type=\"container\">\n\t\t\t\t\t<div class=\"e-con-inner\">\n\t\t\t\t<div class=\"elementor-element elementor-element-2f585873 elementor-widget elementor-widget-heading\" data-id=\"2f585873\" data-element_type=\"widget\" data-e-type=\"widget\" data-widget_type=\"heading.default\">\n\t\t\t\t\t<h2 class=\"elementor-heading-title elementor-size-default\">Charakteristiky<\/h2>\t\t\t\t<\/div>\n\t\t<div class=\"elementor-element elementor-element-70621c12 e-con-full e-flex e-con e-child\" data-id=\"70621c12\" data-element_type=\"container\" data-e-type=\"container\">\n\t\t\t\t<div class=\"elementor-element elementor-element-4296eb49 elementor-widget elementor-widget-text-editor\" data-id=\"4296eb49\" data-element_type=\"widget\" data-e-type=\"widget\" data-widget_type=\"text-editor.default\">\n\t\t\t\t\t\t\t\t\t<p>Manannan mac Lir zauj\u00edmal \u00fast\u0159edn\u00ed m\u00edsto v n\u00e1bo\u017eensk\u00e9 praxi, ka\u017edodenn\u00edch ritu\u00e1lech a v\u0161eobecn\u00e9m vn\u00edm\u00e1n\u00ed Kelt\u016f. Lid\u00e9 se k t\u00e9to bytosti obraceli v kritick\u00fdch nebo ur\u010dit\u00fdch \u017eivotn\u00edch situac\u00edch, p\u0159\u00edpadn\u011b v konkr\u00e9tn\u00edch ritu\u00e1ln\u00edch ro\u010dn\u00edch dob\u00e1ch, a to prost\u0159ednictv\u00edm strukturovan\u00fdch, \u010dasto n\u00e1ro\u010dn\u00fdch ritu\u00e1l\u016f, modliteb nebo ob\u011btn\u00edch dar\u016f.<\/p><p>Uct\u00edv\u00e1n\u00ed Manann\u00e1na mac Lira se \u0159\u00eddilo pevn\u00fdmi tradi\u010dn\u00edmi liniemi: v Irsku uchov\u00e1vali vypr\u00e1v\u011bn\u00ed o mo\u0159sk\u00e9m bohu v ust\u00e1len\u00e9 form\u011b u\u010den\u00ed b\u00e1sn\u00edci a pozd\u011bji k\u0159es\u0165an\u0161t\u00ed p\u00edsa\u0159i v kl\u00e1\u0161terech. Na ostrov\u011b Man se nav\u00edc udr\u017eovaly lidov\u00e9 zvyky, nap\u0159\u00edklad ob\u011btov\u00e1n\u00ed r\u00e1kosu na svatoj\u00e1nsk\u00fd ve\u010der, kter\u00e9 se konalo podle tradovan\u00fdch pravidel, nikoli podle vlastn\u00ed v\u016fle.<\/p><p>To, \u017ee byl Manann\u00e1n mac Lir po stalet\u00ed vz\u00fdv\u00e1n a vypr\u00e1v\u011bn, souvis\u00ed s jeho jasn\u011b vymezen\u00fdmi \u00fakoly: n\u00e1mo\u0159n\u00edci od n\u011bj o\u010dek\u00e1vali ochranu p\u0159ed bou\u0159\u00ed a bezpe\u010dn\u00fd doprovod, tedy odvr\u00e1cen\u00ed hroz\u00edc\u00edho ne\u0161t\u011bst\u00ed na mo\u0159i. V p\u0159\u00edb\u011bz\u00edch tak\u00e9 vystupuje jako pr\u016fvodce do jin\u00e9ho sv\u011bta, kter\u00fd prov\u00e1z\u00ed hrdiny p\u0159es hranici mezi sv\u011bty, a na ostrov\u011b Man mu byly ob\u011btov\u00e1ny dary, je\u017e m\u011bly zajistit dobr\u00e9 po\u010das\u00ed a \u00fasp\u011b\u0161n\u00fd rybolov.<\/p><h3>Vzhled a symbolika<\/h3><p>Manannan je zobrazov\u00e1n jako n\u00e1dhern\u00fd, tajemn\u00fd mu\u017e v prom\u011bnliv\u00e9m od\u011bvu. Jezd\u00ed na sv\u00e9m koni Enbarr p\u0159es mo\u0159e. Mlha je jeho pl\u00e1\u0161\u0165, kter\u00fd prop\u016fj\u010duje neviditelnost. Jeho kouzeln\u00fd pl\u00e1\u0161\u0165 a me\u010d jsou legend\u00e1rn\u00ed artefakty. <span class=\"iwg-fachbegriff\" data-tooltip=\"Praktiky, kter\u00e9 se sna\u017e\u00ed zvl\u00e1\u0161tn\u00edmi \u00fakony nebo formulemi ovlivnit b\u011bh v\u011bc\u00ed.\" tabindex=\"0\">Magie<\/span> napl\u0148uje jeho p\u0159\u00edtomnost.<\/p>\t\t\t\t\t\t\t\t<\/div>\n\t\t\t\t<\/div>\n\t\t\t\t\t<\/div>\n\t\t\t\t<\/div>\n\t\t<div class=\"elementor-element elementor-element-44e71476 e-flex e-con-boxed e-con e-parent\" data-id=\"44e71476\" data-element_type=\"container\" data-e-type=\"container\">\n\t\t\t\t\t<div class=\"e-con-inner\">\n\t\t\t\t<div class=\"elementor-element elementor-element-3c1fc3f0 elementor-widget elementor-widget-heading\" data-id=\"3c1fc3f0\" data-element_type=\"widget\" data-e-type=\"widget\" data-widget_type=\"heading.default\">\n\t\t\t\t\t<h2 class=\"elementor-heading-title elementor-size-default\">Profil: Manannan Mac Lir<\/h2>\t\t\t\t<\/div>\n\t\t<div class=\"elementor-element elementor-element-84f33b8e e-con-full e-flex e-con e-child\" data-id=\"84f33b8e\" data-element_type=\"container\" data-e-type=\"container\">\n\t\t\t\t<div class=\"elementor-element elementor-element-hqkdc67p elementor-widget elementor-widget-text-editor\" data-id=\"hqkdc67p\" data-element_type=\"widget\" data-e-type=\"widget\" data-widget_type=\"text-editor.default\">\n\t\t\t\t\t\t\t\t\t<p>Profil p\u0159edstavuje Manannana v \u0161esti aspektech: jeho postaven\u00ed jako p\u00e1na jin\u00e9ho sv\u011bta a mo\u0159sk\u00e9 p\u0159\u00edrody, jeho roli psychopompa a pr\u016fvodce na cest\u00e1ch, jeho charakteristick\u00e9 atributy a kouzeln\u00e9 p\u0159edm\u011bty, jeho kosmick\u00e9 a ochrann\u00e9 s\u00edly, a rovn\u011b\u017e zp\u016fsoby duchovn\u00edho vz\u00fdv\u00e1n\u00ed a kulturn\u00ed obdoby. Vznik\u00e1 tak profil tohoto tajemn\u00e9ho boha hranic.<\/p>\t\t\t\t\t\t\t\t<\/div>\n\t\t\t\t<\/div>\n\t\t<div class=\"elementor-element elementor-element-pemmx7c5 e-con-full e-flex e-con e-child\" data-id=\"pemmx7c5\" data-element_type=\"container\" data-e-type=\"container\">\n\t\t<div class=\"elementor-element elementor-element-pemmx7c1 e-con-full e-flex e-con e-child\" data-id=\"pemmx7c1\" data-element_type=\"container\" data-e-type=\"container\">\n\t\t<div class=\"elementor-element elementor-element-qh9oavvu iwg-steckbrief-card e-flex e-con-boxed e-con e-child\" data-id=\"qh9oavvu\" data-element_type=\"container\" data-e-type=\"container\">\n\t\t\t\t\t<div class=\"e-con-inner\">\n\t\t\t\t<div class=\"elementor-element elementor-element-awzx8k2k elementor-widget elementor-widget-heading\" data-id=\"awzx8k2k\" data-element_type=\"widget\" data-e-type=\"widget\" data-widget_type=\"heading.default\">\n\t\t\t\t\t<div class=\"elementor-heading-title elementor-size-default\">Tradice<\/div>\t\t\t\t<\/div>\n\t\t\t\t<div class=\"elementor-element elementor-element-x6rowhv0 elementor-widget elementor-widget-text-editor\" data-id=\"x6rowhv0\" data-element_type=\"widget\" data-e-type=\"widget\" data-widget_type=\"text-editor.default\">\n\t\t\t\t\t\t\t\t\t<p>Manannan poch\u00e1z\u00ed z jin\u00e9ho sv\u011bta, nebo je samostatnou nadp\u0159irozenou bytost\u00ed bez jasn\u00e9ho genealogick\u00e9ho za\u0159azen\u00ed mezi Tuatha D\u00e9 Danann. Jeho jm\u00e9no spojuje \u00bbMana\u00ab (mo\u017en\u00e1 \u00bbm\u011bs\u00edc\u00ab nebo \u00bbs\u00edla\u00ab) s \u00bbmac Lir\u00ab (\u00bbsyn mo\u0159e\u00ab, Lir je mo\u0159sk\u00fd b\u016fh).<\/p><p>Geograficky je spojen s Irskem a ostrovn\u00edm sv\u011btem, se stopami na ostrov\u011b Man (Mona Innis, nazvan\u00e9m po n\u011bm). Liter\u00e1rn\u00ed doklady od 8. stolet\u00ed.<\/p>\t\t\t\t\t\t\t\t<\/div>\n\t\t\t\t\t<\/div>\n\t\t\t\t<\/div>\n\t\t<div class=\"elementor-element elementor-element-8e3o4kxs iwg-steckbrief-card e-flex e-con-boxed e-con e-child\" data-id=\"8e3o4kxs\" data-element_type=\"container\" data-e-type=\"container\">\n\t\t\t\t\t<div class=\"e-con-inner\">\n\t\t\t\t<div class=\"elementor-element elementor-element-08rkdgov elementor-widget elementor-widget-heading\" data-id=\"08rkdgov\" data-element_type=\"widget\" data-e-type=\"widget\" data-widget_type=\"heading.default\">\n\t\t\t\t\t<div class=\"elementor-heading-title elementor-size-default\">Adres\u00e1ti<\/div>\t\t\t\t<\/div>\n\t\t\t\t<div class=\"elementor-element elementor-element-uwjelx8s elementor-widget elementor-widget-text-editor\" data-id=\"uwjelx8s\" data-element_type=\"widget\" data-e-type=\"widget\" data-widget_type=\"text-editor.default\">\n\t\t\t\t\t\t\t\t\t<p>Manannana vz\u00fdvali n\u00e1mo\u0159n\u00edci, poutn\u00edci, hrdinov\u00e9 a duchovn\u00ed hledaj\u00edc\u00ed za \u00fa\u010delem ochrany na mo\u0159i, veden\u00ed do jin\u00e9ho sv\u011bta a ochrany p\u0159ed d\u00e9monick\u00fdmi silami. Byl patronem cestuj\u00edc\u00edch mezi sv\u011bty. V magick\u00fdch kontextech byl \u017e\u00e1d\u00e1n o tajemstv\u00ed a zast\u0159en\u00ed. Jeho uct\u00edv\u00e1n\u00ed nem\u00e1 kultovn\u011b organizovanou podobu, ale je folklorn\u00ed a \u0161amansk\u00e9.<\/p>\t\t\t\t\t\t\t\t<\/div>\n\t\t\t\t\t<\/div>\n\t\t\t\t<\/div>\n\t\t<div class=\"elementor-element elementor-element-jm2n74ec iwg-steckbrief-card e-flex e-con-boxed e-con e-child\" data-id=\"jm2n74ec\" data-element_type=\"container\" data-e-type=\"container\">\n\t\t\t\t\t<div class=\"e-con-inner\">\n\t\t\t\t<div class=\"elementor-element elementor-element-8vufse4c elementor-widget elementor-widget-heading\" data-id=\"8vufse4c\" data-element_type=\"widget\" data-e-type=\"widget\" data-widget_type=\"heading.default\">\n\t\t\t\t\t<div class=\"elementor-heading-title elementor-size-default\">Zobrazen\u00ed<\/div>\t\t\t\t<\/div>\n\t\t\t\t<div class=\"elementor-element elementor-element-mwb9u015 elementor-widget elementor-widget-text-editor\" data-id=\"mwb9u015\" data-element_type=\"widget\" data-e-type=\"widget\" data-widget_type=\"text-editor.default\">\n\t\t\t\t\t\t\t\t\t<p>Manannan je zobrazov\u00e1n jako vzne\u0161en\u00fd, nadp\u0159irozen\u00fd mu\u017e, \u010dasto s kr\u00e1lovsk\u00fdmi insigniemi a v nejjemn\u011bj\u0161\u00edm od\u011bvu. N\u011bkdy nos\u00ed zelenou nebo z\u00e1\u0159ivou zbroj. Jeho k\u016f\u0148 Enbarr je popisov\u00e1n jako b\u00edl\u00fd a nadp\u0159irozen\u011b rychl\u00fd. Jeho lo\u010f se pohybuje sama a je neviditeln\u00e1. V n\u011bkter\u00fdch textech m\u00e1 nadp\u0159irozen\u00e9 o\u010di nebo pronikav\u00fd pohled, kter\u00fd odhaluje pravdu.<\/p>\t\t\t\t\t\t\t\t<\/div>\n\t\t\t\t\t<\/div>\n\t\t\t\t<\/div>\n\t\t\t\t<\/div>\n\t\t<div class=\"elementor-element elementor-element-pemmx7c2 e-con-full e-flex e-con e-child\" data-id=\"pemmx7c2\" data-element_type=\"container\" data-e-type=\"container\">\n\t\t<div class=\"elementor-element elementor-element-37ss2yr6 iwg-steckbrief-card e-flex e-con-boxed e-con e-child\" data-id=\"37ss2yr6\" data-element_type=\"container\" data-e-type=\"container\">\n\t\t\t\t\t<div class=\"e-con-inner\">\n\t\t\t\t<div class=\"elementor-element elementor-element-3v0wp3wx elementor-widget elementor-widget-heading\" data-id=\"3v0wp3wx\" data-element_type=\"widget\" data-e-type=\"widget\" data-widget_type=\"heading.default\">\n\t\t\t\t\t<div class=\"elementor-heading-title elementor-size-default\">P\u016fsoben\u00ed<\/div>\t\t\t\t<\/div>\n\t\t\t\t<div class=\"elementor-element elementor-element-w3247g2m elementor-widget elementor-widget-text-editor\" data-id=\"w3247g2m\" data-element_type=\"widget\" data-e-type=\"widget\" data-widget_type=\"text-editor.default\">\n\t\t\t\t\t\t\t\t\t<strong>Oblast p\u016fsobnosti:<\/strong> Manannan mac Lir je v irsk\u00e9 tradici bohem mo\u0159e, mlhy a p\u0159echodu mezi sv\u011bty. Jeho moc se rozprost\u00edr\u00e1 nad v\u0161emi vodn\u00edmi plochami, od rozbou\u0159en\u00e9ho mo\u0159e a\u017e po skryt\u00e9 jezera a kouzeln\u00e9 ostrovy. Zt\u011bles\u0148uje hranici mezi t\u00edmto a on\u00edm sv\u011btem (T\u00edr na n\u00d3g). Jeho p\u016fsoben\u00ed se projevuje v ud\u00edlen\u00ed po\u010das\u00ed, v bezpe\u010dnosti mo\u0159eplavby a v otev\u00edr\u00e1n\u00ed p\u0159\u00edstup\u016f do nadp\u0159irozen\u00fdch \u0159\u00ed\u0161\u00ed. V Sanas Cormaic je popisov\u00e1n jako nejvy\u0161\u0161\u00ed p\u00e1n jin\u00e9ho sv\u011bta, kter\u00fd prov\u00e1z\u00ed putuj\u00edc\u00ed du\u0161e a zprost\u0159edkov\u00e1v\u00e1 mystick\u00e9 v\u011bd\u011bn\u00ed.\n\t\t\t\t\t\t\t\t<\/div>\n\t\t\t\t\t<\/div>\n\t\t\t\t<\/div>\n\t\t<div class=\"elementor-element elementor-element-0qpjal9w iwg-steckbrief-card e-flex e-con-boxed e-con e-child\" data-id=\"0qpjal9w\" data-element_type=\"container\" data-e-type=\"container\">\n\t\t\t\t\t<div class=\"e-con-inner\">\n\t\t\t\t<div class=\"elementor-element elementor-element-6ndoih0o elementor-widget elementor-widget-heading\" data-id=\"6ndoih0o\" data-element_type=\"widget\" data-e-type=\"widget\" data-widget_type=\"heading.default\">\n\t\t\t\t\t<div class=\"elementor-heading-title elementor-size-default\">Ochrana<\/div>\t\t\t\t<\/div>\n\t\t\t\t<div class=\"elementor-element elementor-element-6684tyh9 elementor-widget elementor-widget-text-editor\" data-id=\"6684tyh9\" data-element_type=\"widget\" data-e-type=\"widget\" data-widget_type=\"text-editor.default\">\n\t\t\t\t\t\t\t\t\t<p>Manannan nen\u00ed nebezpe\u010dn\u00fd ve zl\u00e9m smyslu, je v\u0161ak mocn\u00fd a pon\u011bkud nep\u0159edv\u00eddateln\u00fd. Chr\u00e1n\u00ed p\u0159ed d\u00e9monick\u00fdmi bytostmi, ale jeho znalost jin\u00e9ho sv\u011bta jej \u010din\u00ed neovladateln\u00fdm.<\/p><p>P\u0159i jeho vz\u00fdv\u00e1n\u00ed je t\u0159eba respekt a opatrnost. Modern\u00ed duchovn\u00ed praxe jej vn\u00edm\u00e1 jako pomocn\u00edka p\u0159i p\u0159echodech na hranic\u00edch a p\u0159i vnit\u0159n\u00edch cest\u00e1ch. N\u011bkter\u00e9 tradice u\u010d\u00ed ochrann\u00e9 mantry nebo usmi\u0159ovac\u00ed ob\u0159ady, aby si jeho podporu spolehliv\u011b zajistily.<\/p>\t\t\t\t\t\t\t\t<\/div>\n\t\t\t\t\t<\/div>\n\t\t\t\t<\/div>\n\t\t<div class=\"elementor-element elementor-element-3lfi7x32 iwg-steckbrief-card e-flex e-con-boxed e-con e-child\" data-id=\"3lfi7x32\" data-element_type=\"container\" data-e-type=\"container\">\n\t\t\t\t\t<div class=\"e-con-inner\">\n\t\t\t\t<div class=\"elementor-element elementor-element-0kg99ga1 elementor-widget elementor-widget-heading\" data-id=\"0kg99ga1\" data-element_type=\"widget\" data-e-type=\"widget\" data-widget_type=\"heading.default\">\n\t\t\t\t\t<div class=\"elementor-heading-title elementor-size-default\">Obdoby<\/div>\t\t\t\t<\/div>\n\t\t\t\t<div class=\"elementor-element elementor-element-n0fum6kp elementor-widget elementor-widget-text-editor\" data-id=\"n0fum6kp\" data-element_type=\"widget\" data-e-type=\"widget\" data-widget_type=\"text-editor.default\">\n\t\t\t\t\t\t\t\t\t<p>Srovnateln\u00fdmi postavami jsou Char\u00f3n (\u0159eck\u00fd) jako p\u0159evozn\u00edk mrtv\u00fdch, Poseid\u00f3n jako mo\u0159sk\u00fd b\u016fh a p\u00e1n p\u0159echod\u016f, germ\u00e1nsk\u00fd Forseti jako b\u016fh hranic a sm\u00edru a \u0159\u00edmsk\u00fd Neptun jako mo\u0159sk\u00fd b\u016fh. V asijsk\u00fdch tradic\u00edch: Jama jako b\u016fh smrti a pr\u016fvodce, Buddha Amit\u00e1bha jako zachr\u00e1nce a v\u016fdce do posmrtn\u00e9ho \u017eivota.<\/p>\t\t\t\t\t\t\t\t<\/div>\n\t\t\t\t\t<\/div>\n\t\t\t\t<\/div>\n\t\t\t\t<\/div>\n\t\t\t\t<\/div>\n\t\t\t\t\t<\/div>\n\t\t\t\t<\/div>\n\t\t<div class=\"elementor-element elementor-element-5a584676 e-flex e-con-boxed e-con e-parent\" data-id=\"5a584676\" data-element_type=\"container\" data-e-type=\"container\">\n\t\t\t\t\t<div class=\"e-con-inner\">\n\t\t\t\t<div class=\"elementor-element elementor-element-6d0757bf elementor-widget elementor-widget-heading\" data-id=\"6d0757bf\" data-element_type=\"widget\" data-e-type=\"widget\" data-widget_type=\"heading.default\">\n\t\t\t\t\t<h2 class=\"elementor-heading-title elementor-size-default\">Manannan Mac Lir, paralely v jin\u00fdch kultur\u00e1ch<\/h2>\t\t\t\t<\/div>\n\t\t<div class=\"elementor-element elementor-element-60563f68 e-con-full e-flex e-con e-child\" data-id=\"60563f68\" data-element_type=\"container\" data-e-type=\"container\">\n\t\t\t\t<div class=\"elementor-element elementor-element-5a93fdd6 elementor-widget elementor-widget-text-editor\" data-id=\"5a93fdd6\" data-element_type=\"widget\" data-e-type=\"widget\" data-widget_type=\"text-editor.default\">\n\t\t\t\t\t\t\t\t\t<h3>Ritu\u00e1ly a uct\u00edv\u00e1n\u00ed<\/h3><p>V pob\u0159e\u017en\u00edch osad\u00e1ch Irska byly Manannanovi mac Lirovi p\u0159in\u00e1\u0161eny ob\u011btiny u vody, \u0161perky, ob\u011btn\u00ed n\u00e1poje \u010di pokrmy p\u0159ed del\u0161\u00edmi plavbami. Druidov\u00e9 ho vz\u00fdvali pomoc\u00ed mo\u0159sk\u00e9ho zp\u011bvu (geis) p\u0159i zvl\u00e1\u0161tn\u00edch m\u011bs\u00ed\u010dn\u00edch f\u00e1z\u00edch. V <span class=\"iwg-fachbegriff\" data-tooltip=\"Souhrn n\u00e1bo\u017eensk\u00fdch \u00fakon\u016f uct\u00edv\u00e1n\u00ed bo\u017estva nebo svat\u00e9 postavy.\" tabindex=\"0\">kultu<\/span> Tuatha D\u00e9 Danann byla jeho <span class=\"iwg-fachbegriff\" data-tooltip=\"Prosebn\u00e9 nebo za\u0159\u00edk\u00e1vac\u00ed obracen\u00ed se k bo\u017estvu nebo s\u00edle.\" tabindex=\"0\">invokace<\/span> <span class=\"iwg-fachbegriff\" data-tooltip=\"N\u00e1le\u017eej\u00edc\u00ed k pevn\u011b stanoven\u00e9mu n\u00e1bo\u017eensk\u00e9mu \u00fakonu.\" tabindex=\"0\">ritu\u00e1ln\u011b<\/span> vyhrazena zasv\u011bcen\u00fdm str\u00e1\u017ec\u016fm magick\u00e9ho v\u011bd\u011bn\u00ed.<\/p><h3>Za\u0159\u00edk\u00e1v\u00e1n\u00ed a invokace<\/h3><p>Historick\u00e9 textov\u00e9 prameny (osraigsk\u00e1 tradice) uchov\u00e1vaj\u00ed formule pro <span class=\"iwg-fachbegriff\" data-tooltip=\"Prosebn\u00e9 nebo za\u0159\u00edk\u00e1vac\u00ed obracen\u00ed se k bo\u017estvu nebo s\u00edle.\" tabindex=\"0\">invokaci<\/span> Manannana v mlze: \u201eManannane, pane p\u0159\u00edboje, otev\u0159i neviditeln\u00e9 stezky.\u201c V literatu\u0159e vystupuje jako r\u00e1dce a doprovodn\u00fd duch, kter\u00e9ho p\u0159ivol\u00e1vaj\u00ed odv\u00e1\u017en\u00ed hrdinov\u00e9. Zn\u00e1m\u00e1 <span class=\"iwg-fachbegriff\" data-tooltip=\"Prosebn\u00e9 nebo za\u0159\u00edk\u00e1vac\u00ed obracen\u00ed se k bo\u017estvu nebo s\u00edle.\" tabindex=\"0\">invokace<\/span> u\u017e\u00edvan\u00e1 p\u0159i mo\u0159eplavb\u011b zn\u011bla: \u201eManannane mac Lire, u\u010d m\u011b bezpe\u010dn\u00e9 cesty.\u201c<\/p><h3>Amulety a ochrann\u00e9 symboly<\/h3><p>Symboly vlny, p\u016flm\u011bs\u00edce a spir\u00e1ly byly vyryty na ochrann\u00e9 amulety. Plavci nosili \u201eManannan\u016fv prsten\u201c, uzlov\u00fd <span class=\"iwg-fachbegriff\" data-tooltip=\"Znak, kter\u00fd zastupuje ur\u010ditou p\u0159edstavu nebo v\u00fdznam.\" tabindex=\"0\">symbol<\/span> z m\u011bdi, pro bezpe\u010d\u00ed na mo\u0159i. V modern\u00ed esoterick\u00e9 praxi jsou s Manannanem spojov\u00e1ny thalasso-krystaly (akvamar\u00edn, modr\u00fd topaz).<\/p>\n<p><p><strong>\u017didovsk\u00e1 tradice:<\/strong> \u017d\u00e1dn\u00e1 p\u0159\u00edm\u00e1 obdoba. Vzd\u00e1len\u011b p\u0159\u00edbuzn\u00fd by mohl b\u00fdt Eli\u00e1\u0161, kter\u00fd se pohybuje mezi nebem a zem\u00ed a podnik\u00e1 nadp\u0159irozen\u00e9 cesty.<\/p><p><strong>\u0158ecko-\u0159\u00edmsk\u00fd sv\u011bt:<\/strong> Char\u00f3n jako p\u0159evozn\u00edk mezi \u017eivotem a smrt\u00ed. Herm\u00e9s\/Merkur jako psychopompos a b\u016fh hranic, v\u016fdce du\u0161\u00ed. Poseid\u00f3n jako b\u016fh mo\u0159e a p\u00e1n p\u0159echod\u016f, H\u00e1d\u00e9s jako kr\u00e1l podsv\u011bt\u00ed. Funkce se v\u00fdrazn\u011b p\u0159ekr\u00fdvaj\u00ed.<\/p><p><strong>Mezopot\u00e1mie:<\/strong> Anu jako b\u016fh nebes a str\u00e1\u017ece hranic, Ere\u0161kigal jako kr\u00e1lovna podsv\u011bt\u00ed, Nergal jako vl\u00e1dce chtonick\u00fdch oblast\u00ed. Tak\u00e9 Enki se sv\u00fdm vztahem k skryt\u00fdm vod\u00e1m a moudrosti.<\/p><p><strong>Indie\/Asie:<\/strong> Jama jako b\u016fh smrti a p\u0159echod\u016f, podobn\u00fd Char\u00f3novi. V buddhismu: Mah\u00e1k\u00e1la jako ochrann\u00fd b\u016fh a vl\u00e1dce podsv\u011bt\u00ed. Tak\u00e9 tibet\u0161t\u00ed jidamov\u00e9 jako medita\u010dn\u00ed pom\u016fcky pro zku\u0161enosti na hranic\u00edch odpov\u00eddaj\u00ed Manannanovi funk\u010dn\u011b.<\/p>\t\t\t\t\t\t\t\t<\/div>\n\t\t\t\t<\/div>\n\t\t\t\t\t<\/div>\n\t\t\t\t<\/div>\n\t\t<div class=\"elementor-element elementor-element-cp3033f03 e-flex e-con-boxed e-con e-parent\" data-id=\"cp3033f03\" data-element_type=\"container\" data-e-type=\"container\">\n\t\t\t\t\t<div class=\"e-con-inner\">\n\t\t\t\t<div class=\"elementor-element elementor-element-cpd855ff9 elementor-widget elementor-widget-heading\" data-id=\"cpd855ff9\" data-element_type=\"widget\" data-e-type=\"widget\" data-widget_type=\"heading.default\">\n\t\t\t\t\t<h2 class=\"elementor-heading-title elementor-size-default\">Irsk\u00e9 a vel\u0161sk\u00e9 prameny a jejich vrstven\u00ed<\/h2>\t\t\t\t<\/div>\n\t\t<div class=\"elementor-element elementor-element-cpb3465a7 e-con-full e-flex e-con e-child\" data-id=\"cpb3465a7\" data-element_type=\"container\" data-e-type=\"container\">\n\t\t\t\t<div class=\"elementor-element elementor-element-cp34f70bc elementor-widget elementor-widget-text-editor\" data-id=\"cp34f70bc\" data-element_type=\"widget\" data-e-type=\"widget\" data-widget_type=\"text-editor.default\">\n\t\t\t\t\t\t\t\t\t<p>Manannan mac Lir, jeho\u017e jm\u00e9no ozna\u010duje syna mo\u0159e nebo toho, kdo je spojen s mo\u0159em, je v st\u0159edov\u011bk\u00fdch irsk\u00fdch rukopisech \u0161iroce dolo\u017een, prameny jsou v\u0161ak nerovnom\u011brn\u00e9 a mnoh\u00e9 zaps\u00e1ny a\u017e stalet\u00ed po christianizaci.<\/p><p>Mni\u0161i, kte\u0159\u00ed tyto texty sepsali, za\u0159adili star\u00e9 bohy do nov\u00e9ho, k\u0159es\u0165ansky r\u00e1movan\u00e9ho pojet\u00ed d\u011bjin, nap\u0159\u00edklad jako d\u0159\u00edv\u011bj\u0161\u00ed obyvatele Irska nebo jako smrteln\u00e9 kr\u00e1le d\u00e1vnov\u011bku.<\/p><p>Manannan se objevuje v n\u011bkolika vypr\u00e1v\u011bc\u00edch okruz\u00edch. V takzvan\u00e9m Mytologick\u00e9m cyklu pat\u0159\u00ed k <em>Tuatha De Danann<\/em>, bo\u017esk\u00e9mu lidu, kter\u00fd ob\u00fdval Irsko p\u0159ed lidsk\u00fdmi Goidely.<\/p><p><em>Lebor Gabala Erenn<\/em>, Kniha o dob\u00fdv\u00e1n\u00ed Irska, ho za\u0159azuje do genealogi\u00ed tohoto lidu. V p\u0159\u00edb\u011bz\u00edch jako <em>Immram Brain<\/em>, plavba Brana, a v textech o hrdinovi C\u00fa Chulainnovi vystupuje jako p\u00e1n ostrovn\u00edho z\u00e1hrobn\u00edho sv\u011bta.<\/p><p>Vel\u0161sk\u00e1 <span class=\"iwg-fachbegriff\" data-tooltip=\"P\u0159ed\u00e1v\u00e1n\u00ed v\u011bd\u011bn\u00ed a vypr\u00e1v\u011bn\u00ed nap\u0159\u00ed\u010d generacemi.\" tabindex=\"0\">tradice<\/span> zn\u00e1 p\u0159\u00edbuznou postavu jm\u00e9nem Manawydan, syn Ll\u0177ra, kter\u00fd vystupuje v druh\u00e9 a t\u0159et\u00ed v\u011btvi <em>Mabinogi<\/em>. Manawydan je tam ov\u0161em m\u00e9n\u011b mo\u0159sk\u00fdm bohem ne\u017e chytr\u00fdm, trp\u011bliv\u00fdm mu\u017eem, kter\u00fd \u0159emeslem a lst\u00ed odvrac\u00ed ne\u0161t\u011bst\u00ed.<\/p><p>Vztah obou postav je v bad\u00e1n\u00ed sporn\u00fd, sd\u00edlej\u00ed jm\u00e9no otce a n\u011bkter\u00e9 rysy, av\u0161ak v\u00fdrazn\u011b se li\u0161\u00ed charakterem a funkc\u00ed.<\/p><p>Tato pramenn\u00e1 situace vy\u017eaduje obez\u0159etnost. Jednotn\u00fd, p\u016fvodn\u00ed obraz boha se ned\u00e1 rekonstruovat. To, co rukopisy uchov\u00e1vaj\u00ed, jsou ji\u017e liter\u00e1rn\u011b utv\u00e1\u0159en\u00e9, k\u0159es\u0165ansky filtrovan\u00e9 a region\u00e1ln\u011b odli\u0161n\u00e9 verze postavy, jej\u00ed\u017e p\u0159edp\u00edsemn\u00e1 forma z\u016fst\u00e1v\u00e1 z velk\u00e9 \u010d\u00e1sti skryta.<\/p>\t\t\t\t\t\t\t\t<\/div>\n\t\t\t\t<\/div>\n\t\t\t\t\t<\/div>\n\t\t\t\t<\/div>\n\t\t<div class=\"elementor-element elementor-element-cp79ddb12 e-flex e-con-boxed e-con e-parent\" data-id=\"cp79ddb12\" data-element_type=\"container\" data-e-type=\"container\">\n\t\t\t\t\t<div class=\"e-con-inner\">\n\t\t\t\t<div class=\"elementor-element elementor-element-cpf5e0c2f elementor-widget elementor-widget-heading\" data-id=\"cpf5e0c2f\" data-element_type=\"widget\" data-e-type=\"widget\" data-widget_type=\"heading.default\">\n\t\t\t\t\t<h2 class=\"elementor-heading-title elementor-size-default\">P\u00e1n z\u00e1hrobn\u00edch ostrov\u016f a jeho poklady<\/h2>\t\t\t\t<\/div>\n\t\t<div class=\"elementor-element elementor-element-cp6d9e349 e-con-full e-flex e-con e-child\" data-id=\"cp6d9e349\" data-element_type=\"container\" data-e-type=\"container\">\n\t\t\t\t<div class=\"elementor-element elementor-element-cp41bd734 elementor-widget elementor-widget-text-editor\" data-id=\"cp41bd734\" data-element_type=\"widget\" data-e-type=\"widget\" data-widget_type=\"text-editor.default\">\n\t\t\t\t\t\t\t\t\t<p>Manannan je v irsk\u00e9 <span class=\"iwg-fachbegriff\" data-tooltip=\"P\u0159ed\u00e1v\u00e1n\u00ed v\u011bd\u011bn\u00ed a vypr\u00e1v\u011bn\u00ed nap\u0159\u00ed\u010d generacemi.\" tabindex=\"0\">tradici<\/span> p\u00e1nem z\u00e1hrob\u00ed, kter\u00e9 je p\u0159edstavov\u00e1no jako ostrovn\u00ed \u0159\u00ed\u0161e za mo\u0159em nebo pod vlnami. Jeho nejzn\u00e1m\u011bj\u0161\u00ed s\u00eddlo se jmenuje <em>Emain Ablach<\/em>, Ostrov jablon\u00ed, m\u00edsto vzd\u00e1len\u00e9 st\u00e1\u0159\u00ed, nemoci a nedostatku.<\/p><p>V plavb\u011b Brana se mu Manannan zjevuje na vod\u011b a popisuje mu pravou podobu mo\u0159e, kter\u00e9 je pro boha kvetouc\u00ed planinou, po n\u00ed\u017e jezd\u00ed ve sv\u00e9m voze, zat\u00edmco Bran vid\u00ed jen vlny.<\/p><p>K Manannanovi pat\u0159\u00ed \u0159ada jmenovit\u011b dochovan\u00fdch poklad\u016f, kter\u00e9 se v textech opakovan\u011b zmi\u0148uj\u00ed. Jeho lo\u010f pluje bez plachet a vesel, poslu\u0161na jen v\u016fle sv\u00e9ho kormideln\u00edka.<\/p><p>Jeho k\u016f\u0148, v n\u011bkter\u00fdch pramenech naz\u00fdvan\u00fd Aonbharr, m\u016f\u017ee b\u011b\u017eet po zemi i po vod\u011b stejn\u011b dob\u0159e. Jeho pl\u00e1\u0161\u0165, kdy\u017e j\u00edm zat\u0159ese mezi dv\u011bma lidmi, zp\u016fsob\u00ed, \u017ee se navz\u00e1jem zapomenou. Jeho me\u010d nese vlastn\u00ed jm\u00e9no a n\u011bkter\u00e9 texty mluv\u00ed o brn\u011bn\u00ed, kter\u00e9 u\u010din\u00ed nezraniteln\u00fdm.<\/p><p>Opakuj\u00edc\u00edm se <span class=\"iwg-fachbegriff\" data-tooltip=\"Opakuj\u00edc\u00ed se obsahov\u00fd prvek v um\u011bn\u00ed nebo vypr\u00e1v\u011bn\u00ed.\" tabindex=\"0\">motivem<\/span> jsou Manannanova prasata, kter\u00e1 lze zab\u00edt a sn\u00edst a druh\u00fd den jsou znovu \u017eiv\u00e1, tak\u017ee jeho druzi nikdy nestr\u00e1daj\u00ed. Tento pokrm nesmrtelnosti spojuje boha s p\u0159edstavou z\u00e1hrobn\u00ed hostiny, kter\u00e1 nikdy nekon\u010d\u00ed.<\/p><p>Tyto poklady jsou v\u00edc ne\u017e jen vyprav\u011b\u010dsk\u00e1 v\u00fdbava. Vymezuj\u00ed moc boha nad hranicemi mezi sv\u011bty, nad mo\u0159em a zem\u00ed, nad vzpom\u00edn\u00e1n\u00edm a zapom\u00edn\u00e1n\u00edm, nad smrt\u00ed a n\u00e1vratem. Manannan je hrani\u010d\u00e1\u0159 v prav\u00e9m slova smyslu a jeho p\u0159edm\u011bty jsou n\u00e1stroji, jimi\u017e lze tyto hranice p\u0159ekra\u010dovat.<\/p>\t\t\t\t\t\t\t\t<\/div>\n\t\t\t\t<\/div>\n\t\t\t\t\t<\/div>\n\t\t\t\t<\/div>\n\t\t<div class=\"elementor-element elementor-element-cpb04ffd2 e-flex e-con-boxed e-con e-parent\" data-id=\"cpb04ffd2\" data-element_type=\"container\" data-e-type=\"container\">\n\t\t\t\t\t<div class=\"e-con-inner\">\n\t\t\t\t<div class=\"elementor-element elementor-element-cpd9ce4c0 elementor-widget elementor-widget-heading\" data-id=\"cpd9ce4c0\" data-element_type=\"widget\" data-e-type=\"widget\" data-widget_type=\"heading.default\">\n\t\t\t\t\t<h2 class=\"elementor-heading-title elementor-size-default\">Manannan, Lugh a p\u011bstounstv\u00ed v bo\u017esk\u00e9m lidu<\/h2>\t\t\t\t<\/div>\n\t\t<div class=\"elementor-element elementor-element-cpc5279ee e-con-full e-flex e-con e-child\" data-id=\"cpc5279ee\" data-element_type=\"container\" data-e-type=\"container\">\n\t\t\t\t<div class=\"elementor-element elementor-element-cpecea760 elementor-widget elementor-widget-text-editor\" data-id=\"cpecea760\" data-element_type=\"widget\" data-e-type=\"widget\" data-widget_type=\"text-editor.default\">\n\t\t\t\t\t\t\t\t\t<p>V irsk\u00e9 <span class=\"iwg-fachbegriff\" data-tooltip=\"P\u0159ed\u00e1v\u00e1n\u00ed v\u011bdomost\u00ed a vypr\u00e1v\u011bn\u00ed mezi generacemi.\" tabindex=\"0\">tradici<\/span> je Manannan pevn\u011b zapojen do vztahov\u00e9 s\u00edt\u011b <em>Tuatha De Danann<\/em>, a to zejm\u00e9na prost\u0159ednictv\u00edm instituce p\u011bstounstv\u00ed. Ve st\u0159edov\u011bk\u00e9m Irsku bylo p\u0159ed\u00e1n\u00ed d\u00edt\u011bte p\u011bstounovi v\u00fdznamnou spole\u010denskou prax\u00ed, kter\u00e1 zakl\u00e1dala spojenectv\u00ed. Vypr\u00e1v\u011bn\u00ed p\u0159en\u00e1\u0161ej\u00ed tento vzorec na bohy.<\/p><p>Nejzn\u00e1m\u011bj\u0161\u00ed je Manannanova role p\u011bstouna boha sv\u011btla Lugha. Podle <span class=\"iwg-fachbegriff\" data-tooltip=\"P\u0159ed\u00e1v\u00e1n\u00ed v\u011bdomost\u00ed a vypr\u00e1v\u011bn\u00ed mezi generacemi.\" tabindex=\"0\">tradice<\/span> vyr\u016fstal Lugh u Manannana v jeho z\u00e1hrobn\u00ed \u0159\u00ed\u0161i, a mo\u0159sk\u00fd b\u016fh ho vybavil n\u011bkter\u00fdmi sv\u00fdmi dary, ne\u017e se Lugh p\u0159ipojil k <em>Tuatha De Danann<\/em>. Manannan tak stoj\u00ed na po\u010d\u00e1tku hrdinsk\u00e9 dr\u00e1hy jedn\u00e9 z \u00fast\u0159edn\u00edch postav irsk\u00e9ho panteonu.<\/p><p>I po por\u00e1\u017ece <em>Tuatha De Danann<\/em> lidsk\u00fdmi dobyvateli si Manannan zachov\u00e1v\u00e1 uspo\u0159\u00e1d\u00e1vac\u00ed funkci.<\/p><p><span class=\"iwg-fachbegriff\" data-tooltip=\"P\u0159ed\u00e1v\u00e1n\u00ed v\u011bdomost\u00ed a vypr\u00e1v\u011bn\u00ed mezi generacemi.\" tabindex=\"0\">Tradice<\/span> zn\u00e1m\u00e1 jako <em>Altram Tige Da Medar<\/em>, tedy V\u00fdchova v dom\u011b dvou ml\u00e9\u010dn\u00fdch n\u00e1dob, mu p\u0159isuzuje, \u017ee po \u00fastupu bo\u017esk\u00e9ho lidu do <em>s\u00edd\u016f<\/em>, tedy do pahork\u016f a z\u00e1hrobn\u00edch s\u00eddel, tato m\u00edsta rozd\u011blil mezi jednotliv\u00e9 bohy a t\u00edm uspo\u0159\u00e1dal Jinosv\u011bt.<\/p><p>V t\u00e9to roli Manannan p\u016fsob\u00ed t\u00e9m\u011b\u0159 jako organiz\u00e1tor p\u0159echodu od v\u011bku boh\u016f k v\u011bku lid\u00ed.<\/p><p>Jeho p\u0159\u00edbuzensk\u00e1 s\u00ed\u0165 je v pramenech nejednotn\u00e1. Je s n\u00edm spojov\u00e1no n\u011bkolik \u017een, mezi nimi Fand, kter\u00e1 hraje roli ve vypr\u00e1v\u011bn\u00ed o nemoci C\u00fa Chulainna. P\u0159ipisuj\u00ed se mu tak\u00e9 r\u016fzn\u00e9 d\u011bti.<\/p><p>Tato nejasnost je typick\u00e1 pro irskou tradici o boz\u00edch, kde se genealogie li\u0161\u00ed podle textu a oblasti. Podstatn\u00e9 je, \u017ee Manannan nen\u00ed izolovan\u00fdm bohem mo\u0159e, n\u00fdbr\u017e postavou, kter\u00e1 udr\u017euje bo\u017esk\u00fd lid v jednot\u011b pomoc\u00ed p\u011bstounsk\u00fdch svazk\u016f a uspo\u0159\u00e1d\u00e1n\u00ed Jinosv\u011bta.<\/p>\t\t\t\t\t\t\t\t<\/div>\n\t\t\t\t<\/div>\n\t\t\t\t\t<\/div>\n\t\t\t\t<\/div>\n\t\t<div class=\"elementor-element elementor-element-cpa5d3d19 e-flex e-con-boxed e-con e-parent\" data-id=\"cpa5d3d19\" data-element_type=\"container\" data-e-type=\"container\">\n\t\t\t\t\t<div class=\"e-con-inner\">\n\t\t\t\t<div class=\"elementor-element elementor-element-cpcf56e79 elementor-widget elementor-widget-heading\" data-id=\"cpcf56e79\" data-element_type=\"widget\" data-e-type=\"widget\" data-widget_type=\"heading.default\">\n\t\t\t\t\t<h2 class=\"elementor-heading-title elementor-size-default\">Ostrov Man a p\u0159etrv\u00e1n\u00ed v lidov\u00e9 v\u00ed\u0159e<\/h2>\t\t\t\t<\/div>\n\t\t<div class=\"elementor-element elementor-element-cp2ced30c e-con-full e-flex e-con e-child\" data-id=\"cp2ced30c\" data-element_type=\"container\" data-e-type=\"container\">\n\t\t\t\t<div class=\"elementor-element elementor-element-cp06133ed elementor-widget elementor-widget-text-editor\" data-id=\"cp06133ed\" data-element_type=\"widget\" data-e-type=\"widget\" data-widget_type=\"text-editor.default\">\n\t\t\t\t\t\t\t\t\t<p>Ostrov Man v Irsk\u00e9m mo\u0159i nese podle roz\u0161\u00ed\u0159en\u00e9ho a ji\u017e ve st\u0159edov\u011bku dolo\u017een\u00e9ho n\u00e1zoru sv\u016fj n\u00e1zev ve spojen\u00ed s Manannanem. St\u0159edov\u011bk\u00e9 irsk\u00e9 texty jej uv\u00e1d\u011bj\u00ed jako prvn\u00edho vl\u00e1dce nebo ochrann\u00e9ho ducha ostrova a p\u0159ipisuj\u00ed mu, \u017ee jej zahaloval mlhou, aby jej skryl p\u0159ed nep\u0159\u00e1teli.<\/p><p>Zda je jm\u00e9no ostrova skute\u010dn\u011b odvozeno od jm\u00e9na boha, nebo zda bylo toto spojen\u00ed vytvo\u0159eno druhotn\u011b, nen\u00ed jazykov\u011bdn\u011b definitivn\u011b objasn\u011bno, av\u0161ak toto t\u011bsn\u00e9 spojen\u00ed je star\u00e9 a kulturn\u011b velmi p\u016fsobiv\u00e9.<\/p><p>Na ostrov\u011b Man se vzpom\u00ednka na Manannana udr\u017eela a\u017e do novov\u011bku.<\/p><p>Etnografick\u00e9 z\u00e1pisy z osmn\u00e1ct\u00e9ho a devaten\u00e1ct\u00e9ho stolet\u00ed dokl\u00e1daj\u00ed <span class=\"iwg-fachbegriff\" data-tooltip=\"P\u0159ed\u00e1van\u00fd, v r\u00e1mci spole\u010denstv\u00ed pravideln\u011b opakovan\u00fd \u00fakon.\" tabindex=\"0\">zvyk<\/span> p\u0159in\u00e1\u0161et bytosti vzpom\u00ednan\u00e9 jako <em>Manannan beg mac y Leirr<\/em> p\u0159i letn\u00edm slunovratu nebo v p\u0159edve\u010der ur\u010dit\u00fdch sv\u00e1tk\u016f dar v podob\u011b s\u00edt\u00ed nebo zelen\u00e9ho r\u00e1kosu, \u010dasto na n\u00e1vr\u0161\u00ed. Tento <span class=\"iwg-fachbegriff\" data-tooltip=\"P\u0159ed\u00e1van\u00fd, v r\u00e1mci spole\u010denstv\u00ed pravideln\u011b opakovan\u00fd \u00fakon.\" tabindex=\"0\">zvyk<\/span> spojoval starou postavu s rytmem zem\u011bd\u011blsk\u00e9ho a ryb\u00e1\u0159sk\u00e9ho \u017eivota.<\/p><p>V samotn\u00e9m Irsku \u017eilo jm\u00e9no d\u00e1l v m\u00edstn\u00edch n\u00e1zvech, p\u0159\u00edslov\u00ed a vypr\u00e1v\u011bn\u00edch, \u010dasto siln\u011b prom\u011bn\u011bn\u00e9 a odd\u011blen\u00e9 od u\u010den\u00e9 <span class=\"iwg-fachbegriff\" data-tooltip=\"P\u0159ed\u00e1v\u00e1n\u00ed v\u011bdomost\u00ed a vypr\u00e1v\u011bn\u00ed mezi generacemi.\" tabindex=\"0\">tradice<\/span>. Znovuobjeven\u00ed st\u0159edov\u011bk\u00fdch rukopis\u016f keltskou filologi\u00ed devaten\u00e1ct\u00e9ho a dvac\u00e1t\u00e9ho stolet\u00ed pak boha vr\u00e1tilo i do liter\u00e1rn\u00edho pov\u011bdom\u00ed.<\/p><p>V modern\u00edm kulturn\u00edm \u017eivot\u011b je Manannan na ostrov\u011b Man p\u0159\u00edtomen, nap\u0159\u00edklad ve ve\u0159ejn\u00e9m um\u011bn\u00ed a v p\u00e9\u010di o m\u00edstn\u00ed identitu.<\/p><p>Tato trvalost ukazuje, \u017ee tato postava nen\u00ed jen p\u0159edm\u011btem rukopisn\u00e9ho b\u00e1d\u00e1n\u00ed, ale d\u00edky ostrovn\u00ed kultu\u0159e m\u00e1 nep\u0159etr\u017eitou, by\u0165 prom\u011bn\u011bnou linii a\u017e do sou\u010dasnosti. Manannan tak pat\u0159\u00ed k nemnoh\u00fdm keltsk\u00fdm bo\u017esk\u00fdm postav\u00e1m, jejich\u017e jm\u00e9no se nikdy zcela neztratilo.<\/p>\t\t\t\t\t\t\t\t<\/div>\n\t\t\t\t<\/div>\n\t\t\t\t\t<\/div>\n\t\t\t\t<\/div>\n\t\t<div class=\"elementor-element elementor-element-36dd7469 e-flex e-con-boxed e-con e-parent\" data-id=\"36dd7469\" data-element_type=\"container\" data-e-type=\"container\">\n\t\t\t\t\t<div class=\"e-con-inner\">\n\t\t\t\t<div class=\"elementor-element elementor-element-13760ab4 elementor-widget elementor-widget-heading\" data-id=\"13760ab4\" data-element_type=\"widget\" data-e-type=\"widget\" data-widget_type=\"heading.default\">\n\t\t\t\t\t<h2 class=\"elementor-heading-title elementor-size-default\">Souvisej\u00edc\u00ed odkazy<\/h2>\t\t\t\t<\/div>\n\t\t<div class=\"elementor-element elementor-element-28c87796 e-con-full e-flex e-con e-child\" data-id=\"28c87796\" data-element_type=\"container\" data-e-type=\"container\">\n\t\t\t\t<div class=\"elementor-element elementor-element-5d6538df elementor-widget elementor-widget-text-editor\" data-id=\"5d6538df\" data-element_type=\"widget\" data-e-type=\"widget\" data-widget_type=\"text-editor.default\">\n\t\t\t\t\t\t\t\t\t<ul><li><a href=\"https:\/\/iwell-guard.com\/cs\/?page_id=145359\">Lugh, b\u016fh sv\u011btla a v\u00e1le\u010dn\u00edk<\/a><\/li><li><a href=\"https:\/\/iwell-guard.com\/cs\/?page_id=145288\">Dagda, otcovsk\u00fd b\u016fh a v\u0161ev\u011bdouc\u00ed<\/a><\/li><\/ul>\n\t\t\t\t\t\t\t\t<\/div>\n\t\t\t\t<\/div>\n\t\t\t\t\t<\/div>\n\t\t\t\t<\/div>\n\t\t<div class=\"elementor-element elementor-element-grl4kl40 e-flex e-con-boxed e-con e-parent\" data-id=\"grl4kl40\" data-element_type=\"container\" data-e-type=\"container\">\n\t\t\t\t\t<div class=\"e-con-inner\">\n\t\t\t\t<div class=\"elementor-element elementor-element-bzsbfrmh elementor-widget elementor-widget-heading\" data-id=\"bzsbfrmh\" data-element_type=\"widget\" data-e-type=\"widget\" data-widget_type=\"heading.default\">\n\t\t\t\t\t<h2 class=\"elementor-heading-title elementor-size-default\">Literatura (v\u00fdb\u011br)<\/h2>\t\t\t\t<\/div>\n\t\t<div class=\"elementor-element elementor-element-2c13224a e-con-full e-flex e-con e-child\" data-id=\"2c13224a\" data-element_type=\"container\" data-e-type=\"container\">\n\t\t\t\t<div class=\"elementor-element elementor-element-0eymh9ub elementor-widget elementor-widget-text-editor\" data-id=\"0eymh9ub\" data-element_type=\"widget\" data-e-type=\"widget\" data-widget_type=\"text-editor.default\">\n\t\t\t\t\t\t\t\t\t<footer class=\"iwg-literatur\" data-nosnippet=\"true\"><ul><li><span data-nosnippet>\u00d3 h\u00d3g\u00e1in, D.: <em>The Sacred Isle: Belief and Religion in Pre-Christian Ireland<\/em>. Cork University Press, 1999.<\/span><\/li><li><span data-nosnippet>MacKillop, J.: <em>Dictionary of Celtic Mythology<\/em>. Oxford University Press, 2004.<\/span><\/li><\/ul>\n<\/footer>\n<p class=\"iwg-bib-more\"><span data-nosnippet>Dal\u0161\u00ed standardn\u00ed d\u00edla v <a href=\"https:\/\/iwell-guard.com\/cs\/?page_id=145257\">seznamu literatury<\/a>.<\/span><\/p>\t\t\t\t\t\t\t\t<\/div>\n\t\t\t\t<\/div>\n\t\t\t\t\t<\/div>\n\t\t\t\t<\/div>\n\t\t\t\t<\/div>\n\t\t","protected":false},"excerpt":{"rendered":"","protected":false},"author":3,"featured_media":1617,"parent":0,"menu_order":0,"comment_status":"closed","ping_status":"closed","template":"elementor_header_footer","meta":{"_yoast_wpseo_focuskw":"Manannan mac Lir","_yoast_wpseo_title":"Manannan mac Lir - p\u00e1n mo\u0159\u00ed a Jin\u00e9ho sv\u011bta","_yoast_wpseo_metadesc":"Manann\u00e1n mac Lir, keltsk\u00fd b\u016fh mo\u0159e a p\u00e1n Jin\u00e9ho sv\u011bta: pl\u00e1\u0161\u0165 z mlhy, T\u00edr na n\u00d3g a zvyk ostrova Man. M\u00fdtus a prameny.","_yoast_wpseo_meta-robots-noindex":"","_yoast_wpseo_canonical":"","_angie_page":false,"gefaehrdungsstufe":"2","wesen_kultur":"keltisch","wesen_klasse":"goetter","footnotes":""},"categories":[],"class_list":["post-145360","page","type-page","status-publish","has-post-thumbnail","hentry"],"yoast_head":"<!-- This site is optimized with the Yoast SEO Premium plugin v27.7 (Yoast SEO v28.3) - https:\/\/yoast.com\/product\/yoast-seo-premium-wordpress\/ -->\n<title>Manannan mac Lir - p\u00e1n mo\u0159\u00ed a Jin\u00e9ho sv\u011bta<\/title>\n<meta name=\"description\" content=\"Manann\u00e1n mac Lir, keltsk\u00fd b\u016fh mo\u0159e a p\u00e1n Jin\u00e9ho sv\u011bta: pl\u00e1\u0161\u0165 z mlhy, T\u00edr na n\u00d3g a zvyk ostrova Man. M\u00fdtus a prameny.\" \/>\n<meta name=\"robots\" content=\"index, follow, max-snippet:-1, max-image-preview:large, max-video-preview:-1\" \/>\n<link rel=\"canonical\" href=\"https:\/\/iwell-guard.com\/cs\/manannan-mac-lir\/\" \/>\n<meta property=\"og:locale\" content=\"cs_CZ\" \/>\n<meta property=\"og:type\" content=\"article\" \/>\n<meta property=\"og:title\" content=\"Manannan mac Lir\" \/>\n<meta property=\"og:description\" content=\"Manann\u00e1n mac Lir, keltsk\u00fd b\u016fh mo\u0159e a p\u00e1n Jin\u00e9ho sv\u011bta: pl\u00e1\u0161\u0165 z mlhy, T\u00edr na n\u00d3g a zvyk ostrova Man. M\u00fdtus a prameny.\" \/>\n<meta property=\"og:url\" content=\"https:\/\/iwell-guard.com\/cs\/manannan-mac-lir\/\" \/>\n<meta property=\"og:site_name\" content=\"iWell Guard\" \/>\n<meta property=\"article:modified_time\" content=\"2026-09-03T16:53:53+00:00\" \/>\n<meta property=\"og:image\" content=\"https:\/\/iwell-guard.com\/wp-content\/uploads\/2026\/04\/goetter_keltisch_manannan-mac-lir.webp\" \/>\n\t<meta property=\"og:image:width\" content=\"1024\" \/>\n\t<meta property=\"og:image:height\" content=\"1536\" \/>\n\t<meta property=\"og:image:type\" content=\"image\/webp\" \/>\n<meta name=\"twitter:card\" content=\"summary_large_image\" \/>\n<script type=\"application\/ld+json\" class=\"yoast-schema-graph\">{\"@context\":\"https:\\\/\\\/schema.org\",\"@graph\":[{\"@type\":\"WebPage\",\"@id\":\"https:\\\/\\\/iwell-guard.com\\\/cs\\\/manannan-mac-lir\\\/\",\"url\":\"https:\\\/\\\/iwell-guard.com\\\/cs\\\/manannan-mac-lir\\\/\",\"name\":\"Manannan mac Lir - p\u00e1n mo\u0159\u00ed a Jin\u00e9ho sv\u011bta\",\"isPartOf\":{\"@id\":\"https:\\\/\\\/iwell-guard.com\\\/cs\\\/#website\"},\"primaryImageOfPage\":{\"@id\":\"https:\\\/\\\/iwell-guard.com\\\/cs\\\/manannan-mac-lir\\\/#primaryimage\"},\"image\":{\"@id\":\"https:\\\/\\\/iwell-guard.com\\\/cs\\\/manannan-mac-lir\\\/#primaryimage\"},\"thumbnailUrl\":\"https:\\\/\\\/iwell-guard.com\\\/wp-content\\\/uploads\\\/2026\\\/04\\\/goetter_keltisch_manannan-mac-lir.webp\",\"datePublished\":\"2026-09-03T16:29:34+00:00\",\"dateModified\":\"2026-09-03T16:53:53+00:00\",\"description\":\"Manann\u00e1n mac Lir, keltsk\u00fd b\u016fh mo\u0159e a p\u00e1n Jin\u00e9ho sv\u011bta: pl\u00e1\u0161\u0165 z mlhy, T\u00edr na n\u00d3g a zvyk ostrova Man. M\u00fdtus a prameny.\",\"breadcrumb\":{\"@id\":\"https:\\\/\\\/iwell-guard.com\\\/cs\\\/manannan-mac-lir\\\/#breadcrumb\"},\"inLanguage\":\"cs\",\"potentialAction\":[{\"@type\":\"ReadAction\",\"target\":[\"https:\\\/\\\/iwell-guard.com\\\/cs\\\/manannan-mac-lir\\\/\"]}]},{\"@type\":\"ImageObject\",\"inLanguage\":\"cs\",\"@id\":\"https:\\\/\\\/iwell-guard.com\\\/cs\\\/manannan-mac-lir\\\/#primaryimage\",\"url\":\"https:\\\/\\\/iwell-guard.com\\\/wp-content\\\/uploads\\\/2026\\\/04\\\/goetter_keltisch_manannan-mac-lir.webp\",\"contentUrl\":\"https:\\\/\\\/iwell-guard.com\\\/wp-content\\\/uploads\\\/2026\\\/04\\\/goetter_keltisch_manannan-mac-lir.webp\",\"width\":1024,\"height\":1536,\"caption\":\"Bohov\u00e9 z keltsk\u00e9 tradice.\"},{\"@type\":\"BreadcrumbList\",\"@id\":\"https:\\\/\\\/iwell-guard.com\\\/cs\\\/manannan-mac-lir\\\/#breadcrumb\",\"itemListElement\":[{\"@type\":\"ListItem\",\"position\":1,\"name\":\"Start\",\"item\":\"https:\\\/\\\/iwell-guard.com\\\/cs\\\/?page_id=145107\"},{\"@type\":\"ListItem\",\"position\":2,\"name\":\"Manannan mac Lir\"}]},{\"@type\":\"WebSite\",\"@id\":\"https:\\\/\\\/iwell-guard.com\\\/cs\\\/#website\",\"url\":\"https:\\\/\\\/iwell-guard.com\\\/cs\\\/\",\"name\":\"iWell Guard\",\"description\":\"Schutz vor dunklen Einfl\u00fcssen\",\"publisher\":{\"@id\":\"https:\\\/\\\/iwell-guard.com\\\/cs\\\/#organization\"},\"potentialAction\":[{\"@type\":\"SearchAction\",\"target\":{\"@type\":\"EntryPoint\",\"urlTemplate\":\"https:\\\/\\\/iwell-guard.com\\\/cs\\\/?s={search_term_string}\"},\"query-input\":{\"@type\":\"PropertyValueSpecification\",\"valueRequired\":true,\"valueName\":\"search_term_string\"}}],\"inLanguage\":\"cs\"},{\"@type\":\"Organization\",\"@id\":\"https:\\\/\\\/iwell-guard.com\\\/cs\\\/#organization\",\"name\":\"Ittermann electronic GmbH\",\"url\":\"https:\\\/\\\/iwell-guard.com\\\/cs\\\/\",\"logo\":{\"@type\":\"ImageObject\",\"inLanguage\":\"cs\",\"@id\":\"https:\\\/\\\/iwell-guard.com\\\/cs\\\/#\\\/schema\\\/logo\\\/image\\\/\",\"url\":\"https:\\\/\\\/iwell-guard.com\\\/wp-content\\\/uploads\\\/2026\\\/05\\\/Ittermann-Logo-1182x237-1.png\",\"contentUrl\":\"https:\\\/\\\/iwell-guard.com\\\/wp-content\\\/uploads\\\/2026\\\/05\\\/Ittermann-Logo-1182x237-1.png\",\"width\":1182,\"height\":237,\"caption\":\"Ittermann electronic GmbH\"},\"image\":{\"@id\":\"https:\\\/\\\/iwell-guard.com\\\/cs\\\/#\\\/schema\\\/logo\\\/image\\\/\"},\"sameAs\":[\"https:\\\/\\\/pantip.com\\\/profile\\\/9367242\",\"https:\\\/\\\/micro.blog\\\/iwellguard\",\"https:\\\/\\\/www.diggerslist.com\\\/iwellguard\\\/about\",\"https:\\\/\\\/skitterphoto.com\\\/photographers\\\/2870314\\\/iwell-guard\",\"https:\\\/\\\/iwellguard.wordpress.com\\\/2026\\\/06\\\/06\\\/iwell-guard\\\/\",\"https:\\\/\\\/hub.docker.com\\\/u\\\/iwellguard\",\"https:\\\/\\\/www.pinterest.com\\\/iwellguard\\\/\",\"https:\\\/\\\/bit.ly\\\/m\\\/iwellguard\",\"https:\\\/\\\/entre-vos-mains.alsace.eu\\\/profiles\\\/iwellguard\\\/activity\",\"https:\\\/\\\/gravatar.com\\\/reallybeded8fd34\",\"https:\\\/\\\/naijamatta.com\\\/iwellguard\",\"https:\\\/\\\/www.goodreads.com\\\/iwellguard\",\"https:\\\/\\\/profile.hatena.ne.jp\\\/iwellguard\\\/\",\"https:\\\/\\\/experiment.com\\\/users\\\/iwellguard\",\"https:\\\/\\\/wakelet.com\\\/@iWellGuard82270\",\"https:\\\/\\\/www.chordie.com\\\/forum\\\/profile.php?id=2555664\",\"https:\\\/\\\/www.instapaper.com\\\/p\\\/17757966\",\"https:\\\/\\\/www.mapleprimes.com\\\/users\\\/iwellguard\",\"https:\\\/\\\/businesslistingplus.com\\\/profile\\\/iwell-guard\\\/\",\"https:\\\/\\\/telegra.ph\\\/iWell-Guard-06-06\",\"https:\\\/\\\/pbase.com\\\/iwellguard\\\/iwellguard\",\"https:\\\/\\\/b.hatena.ne.jp\\\/iwellguard\\\/20260607#bookmark-4788405196491818882\",\"https:\\\/\\\/fliphtml5.com\\\/home\\\/iwellguard\",\"https:\\\/\\\/anyflip.com\\\/homepage\\\/cmiwl#About\",\"https:\\\/\\\/transfur.com\\\/Users\\\/iwellguard\",\"http:\\\/\\\/delphi.larsbo.org\\\/user\\\/iwellguard\",\"https:\\\/\\\/jobs.lajobsportal.org\\\/profiles\\\/8380803-iwell-guard\",\"https:\\\/\\\/md.chaosdorf.de\\\/s\\\/jfbe5SBdJD\",\"https:\\\/\\\/www.lingvolive.com\\\/en-us\\\/profile\\\/9ecaeaca-ce11-4e51-9e71-01d55e2bff36\\\/translations\",\"https:\\\/\\\/www.fitday.com\\\/fitness\\\/forums\\\/members\\\/iwellguard.html\",\"https:\\\/\\\/www.mymeetbook.com\\\/iwellguard\",\"https:\\\/\\\/pxhere.com\\\/en\\\/photographer-me\\\/5040798\",\"https:\\\/\\\/disqus.com\\\/by\\\/iwellguard\\\/about\\\/\",\"https:\\\/\\\/pastelink.net\\\/hjwciqwq\",\"https:\\\/\\\/pubhtml5.com\\\/homepage\\\/scjhn\\\/\",\"https:\\\/\\\/www.bitchute.com\\\/channel\\\/2O2eOKzNqujT\",\"https:\\\/\\\/audiomack.com\\\/iwellguard\"]},{\"@type\":\"Article\",\"@id\":\"https:\\\/\\\/iwell-guard.com\\\/cs\\\/manannan-mac-lir\\\/#article\",\"isPartOf\":{\"@id\":\"https:\\\/\\\/iwell-guard.com\\\/cs\\\/manannan-mac-lir\\\/\"},\"author\":{\"name\":\"Ralf Ittermann\",\"@id\":\"https:\\\/\\\/iwell-guard.com\\\/cs\\\/#\\\/schema\\\/person\\\/ee2a27f1cac3406c7c6fb5820cb7349f\"},\"headline\":\"Manannan mac Lir\",\"datePublished\":\"2026-09-03T16:29:34+00:00\",\"dateModified\":\"2026-09-03T16:53:53+00:00\",\"mainEntityOfPage\":{\"@id\":\"https:\\\/\\\/iwell-guard.com\\\/cs\\\/manannan-mac-lir\\\/\"},\"publisher\":{\"@id\":\"https:\\\/\\\/iwell-guard.com\\\/cs\\\/#organization\"},\"image\":{\"@id\":\"https:\\\/\\\/iwell-guard.com\\\/cs\\\/manannan-mac-lir\\\/#primaryimage\"},\"thumbnailUrl\":\"https:\\\/\\\/iwell-guard.com\\\/wp-content\\\/uploads\\\/2026\\\/04\\\/goetter_keltisch_manannan-mac-lir.webp\",\"inLanguage\":\"cs\",\"description\":\"Manann\u00e1n mac Lir, keltsk\u00fd b\u016fh mo\u0159e a p\u00e1n Jin\u00e9ho sv\u011bta: pl\u00e1\u0161\u0165 z mlhy, T\u00edr na n\u00d3g a zvyk ostrova Man. M\u00fdtus a prameny.\"}]}<\/script>\n<!-- \/ Yoast SEO Premium plugin. -->","yoast_head_json":{"title":"Manannan mac Lir - p\u00e1n mo\u0159\u00ed a Jin\u00e9ho sv\u011bta","description":"Manann\u00e1n mac Lir, keltsk\u00fd b\u016fh mo\u0159e a p\u00e1n Jin\u00e9ho sv\u011bta: pl\u00e1\u0161\u0165 z mlhy, T\u00edr na n\u00d3g a zvyk ostrova Man. M\u00fdtus a prameny.","robots":{"index":"index","follow":"follow","max-snippet":"max-snippet:-1","max-image-preview":"max-image-preview:large","max-video-preview":"max-video-preview:-1"},"canonical":"https:\/\/iwell-guard.com\/cs\/manannan-mac-lir\/","og_locale":"cs_CZ","og_type":"article","og_title":"Manannan mac Lir","og_description":"Manann\u00e1n mac Lir, keltsk\u00fd b\u016fh mo\u0159e a p\u00e1n Jin\u00e9ho sv\u011bta: pl\u00e1\u0161\u0165 z mlhy, T\u00edr na n\u00d3g a zvyk ostrova Man. M\u00fdtus a prameny.","og_url":"https:\/\/iwell-guard.com\/cs\/manannan-mac-lir\/","og_site_name":"iWell Guard","article_modified_time":"2026-09-03T16:53:53+00:00","og_image":[{"width":1024,"height":1536,"url":"https:\/\/iwell-guard.com\/wp-content\/uploads\/2026\/04\/goetter_keltisch_manannan-mac-lir.webp","type":"image\/webp"}],"twitter_card":"summary_large_image","schema":{"@context":"https:\/\/schema.org","@graph":[{"@type":"Article","@id":"https:\/\/iwell-guard.com\/cs\/manannan-mac-lir\/#article","isPartOf":{"@id":"https:\/\/iwell-guard.com\/cs\/manannan-mac-lir\/"},"author":{"name":"Ralf Ittermann","@id":"https:\/\/iwell-guard.com\/cs\/#\/schema\/person\/ee2a27f1cac3406c7c6fb5820cb7349f"},"headline":"Manannan mac Lir","datePublished":"2026-09-03T16:29:34+00:00","dateModified":"2026-09-03T16:53:53+00:00","mainEntityOfPage":{"@id":"https:\/\/iwell-guard.com\/cs\/manannan-mac-lir\/"},"publisher":{"@id":"https:\/\/iwell-guard.com\/cs\/#organization"},"image":{"@id":"https:\/\/iwell-guard.com\/cs\/manannan-mac-lir\/#primaryimage"},"thumbnailUrl":"https:\/\/iwell-guard.com\/wp-content\/uploads\/2026\/04\/goetter_keltisch_manannan-mac-lir.webp","inLanguage":"cs","description":"Manann\u00e1n mac Lir, keltsk\u00fd b\u016fh mo\u0159e a p\u00e1n Jin\u00e9ho sv\u011bta: pl\u00e1\u0161\u0165 z mlhy, T\u00edr na n\u00d3g a zvyk ostrova Man. M\u00fdtus a prameny."},{"@type":"WebPage","@id":"https:\/\/iwell-guard.com\/cs\/manannan-mac-lir\/","url":"https:\/\/iwell-guard.com\/cs\/manannan-mac-lir\/","name":"Manannan mac Lir - p\u00e1n mo\u0159\u00ed a Jin\u00e9ho sv\u011bta","isPartOf":{"@id":"https:\/\/iwell-guard.com\/cs\/#website"},"primaryImageOfPage":{"@id":"https:\/\/iwell-guard.com\/cs\/manannan-mac-lir\/#primaryimage"},"image":{"@id":"https:\/\/iwell-guard.com\/cs\/manannan-mac-lir\/#primaryimage"},"thumbnailUrl":"https:\/\/iwell-guard.com\/wp-content\/uploads\/2026\/04\/goetter_keltisch_manannan-mac-lir.webp","datePublished":"2026-09-03T16:29:34+00:00","dateModified":"2026-09-03T16:53:53+00:00","description":"Manann\u00e1n mac Lir, keltsk\u00fd b\u016fh mo\u0159e a p\u00e1n Jin\u00e9ho sv\u011bta: pl\u00e1\u0161\u0165 z mlhy, T\u00edr na n\u00d3g a zvyk ostrova Man. M\u00fdtus a prameny.","breadcrumb":{"@id":"https:\/\/iwell-guard.com\/cs\/manannan-mac-lir\/#breadcrumb"},"inLanguage":"cs","potentialAction":[{"@type":"ReadAction","target":["https:\/\/iwell-guard.com\/cs\/manannan-mac-lir\/"]}]},{"@type":"ImageObject","inLanguage":"cs","@id":"https:\/\/iwell-guard.com\/cs\/manannan-mac-lir\/#primaryimage","url":"https:\/\/iwell-guard.com\/wp-content\/uploads\/2026\/04\/goetter_keltisch_manannan-mac-lir.webp","contentUrl":"https:\/\/iwell-guard.com\/wp-content\/uploads\/2026\/04\/goetter_keltisch_manannan-mac-lir.webp","width":1024,"height":1536,"caption":"Bohov\u00e9 z keltsk\u00e9 tradice."},{"@type":"BreadcrumbList","@id":"https:\/\/iwell-guard.com\/cs\/manannan-mac-lir\/#breadcrumb","itemListElement":[{"@type":"ListItem","position":1,"name":"Start","item":"https:\/\/iwell-guard.com\/cs\/?page_id=145107"},{"@type":"ListItem","position":2,"name":"Manannan mac Lir"}]},{"@type":"WebSite","@id":"https:\/\/iwell-guard.com\/cs\/#website","url":"https:\/\/iwell-guard.com\/cs\/","name":"iWell Guard","description":"Schutz vor dunklen Einfl\u00fcssen","publisher":{"@id":"https:\/\/iwell-guard.com\/cs\/#organization"},"potentialAction":[{"@type":"SearchAction","target":{"@type":"EntryPoint","urlTemplate":"https:\/\/iwell-guard.com\/cs\/?s={search_term_string}"},"query-input":{"@type":"PropertyValueSpecification","valueRequired":true,"valueName":"search_term_string"}}],"inLanguage":"cs"},{"@type":"Organization","@id":"https:\/\/iwell-guard.com\/cs\/#organization","name":"Ittermann electronic GmbH","url":"https:\/\/iwell-guard.com\/cs\/","logo":{"@type":"ImageObject","inLanguage":"cs","@id":"https:\/\/iwell-guard.com\/cs\/#\/schema\/logo\/image\/","url":"https:\/\/iwell-guard.com\/wp-content\/uploads\/2026\/05\/Ittermann-Logo-1182x237-1.png","contentUrl":"https:\/\/iwell-guard.com\/wp-content\/uploads\/2026\/05\/Ittermann-Logo-1182x237-1.png","width":1182,"height":237,"caption":"Ittermann electronic GmbH"},"image":{"@id":"https:\/\/iwell-guard.com\/cs\/#\/schema\/logo\/image\/"},"sameAs":["https:\/\/pantip.com\/profile\/9367242","https:\/\/micro.blog\/iwellguard","https:\/\/www.diggerslist.com\/iwellguard\/about","https:\/\/skitterphoto.com\/photographers\/2870314\/iwell-guard","https:\/\/iwellguard.wordpress.com\/2026\/06\/06\/iwell-guard\/","https:\/\/hub.docker.com\/u\/iwellguard","https:\/\/www.pinterest.com\/iwellguard\/","https:\/\/bit.ly\/m\/iwellguard","https:\/\/entre-vos-mains.alsace.eu\/profiles\/iwellguard\/activity","https:\/\/gravatar.com\/reallybeded8fd34","https:\/\/naijamatta.com\/iwellguard","https:\/\/www.goodreads.com\/iwellguard","https:\/\/profile.hatena.ne.jp\/iwellguard\/","https:\/\/experiment.com\/users\/iwellguard","https:\/\/wakelet.com\/@iWellGuard82270","https:\/\/www.chordie.com\/forum\/profile.php?id=2555664","https:\/\/www.instapaper.com\/p\/17757966","https:\/\/www.mapleprimes.com\/users\/iwellguard","https:\/\/businesslistingplus.com\/profile\/iwell-guard\/","https:\/\/telegra.ph\/iWell-Guard-06-06","https:\/\/pbase.com\/iwellguard\/iwellguard","https:\/\/b.hatena.ne.jp\/iwellguard\/20260607#bookmark-4788405196491818882","https:\/\/fliphtml5.com\/home\/iwellguard","https:\/\/anyflip.com\/homepage\/cmiwl#About","https:\/\/transfur.com\/Users\/iwellguard","http:\/\/delphi.larsbo.org\/user\/iwellguard","https:\/\/jobs.lajobsportal.org\/profiles\/8380803-iwell-guard","https:\/\/md.chaosdorf.de\/s\/jfbe5SBdJD","https:\/\/www.lingvolive.com\/en-us\/profile\/9ecaeaca-ce11-4e51-9e71-01d55e2bff36\/translations","https:\/\/www.fitday.com\/fitness\/forums\/members\/iwellguard.html","https:\/\/www.mymeetbook.com\/iwellguard","https:\/\/pxhere.com\/en\/photographer-me\/5040798","https:\/\/disqus.com\/by\/iwellguard\/about\/","https:\/\/pastelink.net\/hjwciqwq","https:\/\/pubhtml5.com\/homepage\/scjhn\/","https:\/\/www.bitchute.com\/channel\/2O2eOKzNqujT","https:\/\/audiomack.com\/iwellguard"]},{"@type":"Person","@id":"https:\/\/iwell-guard.com\/cs\/#\/schema\/person\/ee2a27f1cac3406c7c6fb5820cb7349f","name":"Ralf Ittermann","image":{"@type":"ImageObject","inLanguage":"cs","@id":"https:\/\/secure.gravatar.com\/avatar\/073c0153e350a5005b68eb752b445fea71f6b24a26da9449ad7e155e6b446c9d?s=96&d=mm&r=g","url":"https:\/\/secure.gravatar.com\/avatar\/073c0153e350a5005b68eb752b445fea71f6b24a26da9449ad7e155e6b446c9d?s=96&d=mm&r=g","contentUrl":"https:\/\/secure.gravatar.com\/avatar\/073c0153e350a5005b68eb752b445fea71f6b24a26da9449ad7e155e6b446c9d?s=96&d=mm&r=g","caption":"Ralf Ittermann"},"givenName":"Ralf","familyName":"Ittermann","jobTitle":"Gesch\u00e4ftsf\u00fchrer und redaktioneller Verantwortlicher","url":"https:\/\/iwell-guard.com\/cs\/author\/claude\/","description":"Ralf Ittermann ist Gesch\u00e4ftsf\u00fchrer der Ittermann electronic GmbH und redaktioneller Verantwortlicher des iWell-Guard-Lexikons. Er verbindet langj\u00e4hrige Erfahrung in der Pr\u00e4zisionsfertigung mit medialer Praxis und religionsgeschichtlicher Quellenarbeit.","worksFor":{"@type":"Organization","name":"Ittermann electronic GmbH","url":"https:\/\/ittermann.de\/","address":{"@type":"PostalAddress","streetAddress":"K\u00f6hlergasse 16-18","postalCode":"99842","addressLocality":"Ruhla","addressCountry":"DE"}},"knowsAbout":["Religionsgeschichte","Mythologie","Mediale Praxis","Energetische Diagnostik","Schutzpraxis","Volksglauben","Westliche Esoterik"]},{"@type":"Article","@id":"https:\/\/iwell-guard.com\/cs\/manannan-mac-lir\/#article","isPartOf":{"@id":"https:\/\/iwell-guard.com\/cs\/manannan-mac-lir\/"},"author":{"name":"Ralf Ittermann","@id":"https:\/\/iwell-guard.com\/cs\/#\/schema\/person\/ee2a27f1cac3406c7c6fb5820cb7349f"},"headline":"Manannan mac Lir","datePublished":"2026-09-03T16:29:34+00:00","dateModified":"2026-09-03T16:53:53+00:00","mainEntityOfPage":{"@id":"https:\/\/iwell-guard.com\/cs\/manannan-mac-lir\/"},"publisher":{"@id":"https:\/\/iwell-guard.com\/cs\/#organization"},"image":{"@id":"https:\/\/iwell-guard.com\/cs\/manannan-mac-lir\/#primaryimage"},"thumbnailUrl":"https:\/\/iwell-guard.com\/wp-content\/uploads\/2026\/04\/goetter_keltisch_manannan-mac-lir.webp","inLanguage":"cs","description":"Manann\u00e1n mac Lir, keltsk\u00fd b\u016fh mo\u0159e a p\u00e1n Jin\u00e9ho sv\u011bta: pl\u00e1\u0161\u0165 z mlhy, T\u00edr na n\u00d3g a zvyk ostrova Man. M\u00fdtus a prameny."}]}},"_links":{"self":[{"href":"https:\/\/iwell-guard.com\/cs\/wp-json\/wp\/v2\/pages\/145360","targetHints":{"allow":["GET"]}}],"collection":[{"href":"https:\/\/iwell-guard.com\/cs\/wp-json\/wp\/v2\/pages"}],"about":[{"href":"https:\/\/iwell-guard.com\/cs\/wp-json\/wp\/v2\/types\/page"}],"author":[{"embeddable":true,"href":"https:\/\/iwell-guard.com\/cs\/wp-json\/wp\/v2\/users\/3"}],"replies":[{"embeddable":true,"href":"https:\/\/iwell-guard.com\/cs\/wp-json\/wp\/v2\/comments?post=145360"}],"version-history":[{"count":0,"href":"https:\/\/iwell-guard.com\/cs\/wp-json\/wp\/v2\/pages\/145360\/revisions"}],"wp:featuredmedia":[{"embeddable":true,"href":"https:\/\/iwell-guard.com\/cs\/wp-json\/wp\/v2\/media\/1617"}],"wp:attachment":[{"href":"https:\/\/iwell-guard.com\/cs\/wp-json\/wp\/v2\/media?parent=145360"}],"wp:term":[{"taxonomy":"category","embeddable":true,"href":"https:\/\/iwell-guard.com\/cs\/wp-json\/wp\/v2\/categories?post=145360"}],"curies":[{"name":"wp","href":"https:\/\/api.w.org\/{rel}","templated":true}]}}