{"id":145359,"date":"2026-09-03T16:29:33","date_gmt":"2026-09-03T16:29:33","guid":{"rendered":"https:\/\/iwell-guard.com\/?page_id=145359"},"modified":"2026-09-03T16:53:52","modified_gmt":"2026-09-03T16:53:52","slug":"lugh","status":"publish","type":"page","link":"https:\/\/iwell-guard.com\/cs\/lugh\/","title":{"rendered":"Lugh"},"content":{"rendered":"\t\t<div data-elementor-type=\"wp-page\" data-elementor-id=\"145359\" class=\"elementor elementor-145359 elementor-2126 elementor-bc-flex-widget\" data-elementor-post-type=\"page\">\n\t\t\t\t<div class=\"elementor-element elementor-element-10fdade e-flex e-con-boxed e-con e-parent\" data-id=\"10fdade\" data-element_type=\"container\" data-e-type=\"container\" data-settings=\"{&quot;background_background&quot;:&quot;classic&quot;}\">\n\t\t\t\t\t<div class=\"e-con-inner\">\n\t\t<div class=\"elementor-element elementor-element-herohlft0 e-flex e-con-boxed e-con e-child\" data-id=\"herohlft0\" data-element_type=\"container\" data-e-type=\"container\">\n\t\t\t\t\t<div class=\"e-con-inner\">\n\t\t<div class=\"elementor-element elementor-element-c3ceb64 e-con-full e-flex e-con e-child\" data-id=\"c3ceb64\" data-element_type=\"container\" data-e-type=\"container\">\n\t\t\t\t<div class=\"elementor-element elementor-element-96ae5e1 elementor-widget elementor-widget-heading\" data-id=\"96ae5e1\" data-element_type=\"widget\" data-e-type=\"widget\" data-widget_type=\"heading.default\">\n\t\t\t\t\t<h1 class=\"elementor-heading-title elementor-size-default\">Lugh, b\u016fh keltsk\u00e9 tradice<\/h1>\t\t\t\t<\/div>\n\t\t\t\t<div class=\"elementor-element elementor-element-e45238a elementor-widget elementor-widget-text-editor\" data-id=\"e45238a\" data-element_type=\"widget\" data-e-type=\"widget\" data-widget_type=\"text-editor.default\">\n\t\t\t\t\t\t\t\t\t<p>Lugh je b\u016fh keltsk\u00e9 tradice, zn\u00e1m\u00fd jako \u201eDlouh\u00e1 pa\u017ee\u201c (Lugh L\u00e1mfhada), b\u016fh um\u011bn\u00ed, v\u00e1le\u010dnick\u00e9ho um\u011bn\u00ed, sv\u011btla a \u0159emesln\u00e9 dovednosti. Z n\u00e1bo\u017eenskohistorick\u00e9ho hlediska p\u0159edstavuje indoevropsk\u00fd typ univerz\u00e1ln\u011b nadan\u00e9ho kulturn\u00edho boha a z kulturn\u011bhistorick\u00e9ho pohledu pat\u0159\u00ed k nejl\u00e9pe dolo\u017een\u00fdm keltsk\u00fdm bo\u017estv\u016fm.<\/p>\t\t\t\t\t\t\t\t<\/div>\n\t\t\t\t<\/div>\n\t\t<div class=\"elementor-element elementor-element-klsbdg01 e-con-full e-flex e-con e-parent\" data-id=\"klsbdg01\" data-element_type=\"container\" data-e-type=\"container\">\n\t\t\t\t<div class=\"elementor-element elementor-element-klshtm01 elementor-widget elementor-widget-html\" data-id=\"klshtm01\" data-element_type=\"widget\" data-e-type=\"widget\" data-widget_type=\"html.default\">\n\t\t\t\t\t<div class=\"iwg-pill-row\"><span class=\"iwg-klasse-badge\" tabindex=\"0\" data-tooltip=\"B\u016fh \/ bohyn\u011b: Zpodobn\u011bn\u00e1 nejvy\u0161\u0161\u00ed moc v panteonu kultury s jasn\u00fdmi pravomocemi, p\u0159\u00edrodn\u00ed s\u00edly, osud, v\u00e1lka, plodnost. Uct\u00edv\u00e1n kulty, ob\u011btmi a chr\u00e1mov\u00fdmi institucemi.\">B\u016fh<\/span><a href=\"https:\/\/iwell-guard.com\/cs\/?page_id=145142\" class=\"iwg-kultur-badge\" tabindex=\"0\" data-tooltip=\"Keltsk\u00e9 n\u00e1bo\u017eenstv\u00ed z\u00e1padn\u00ed Evropy a Britsk\u00fdch ostrov\u016f, mytologicky dochovan\u00e9 irsko-vel\u0161sk\u00fdmi texty.\">Keltsk\u00e1<\/a><a href=\"https:\/\/iwell-guard.com\/cs\/?page_id=145234\" class=\"iwg-tradition-badge\" tabindex=\"0\" data-tooltip=\"Nejvy\u0161\u0161\u00ed bohov\u00e9 panteonu, kosmick\u00e1 svrchovanost, tv\u016fr\u010d\u00ed nebo vl\u00e1dnouc\u00ed aspekt.\">Vrchn\u00ed bo\u017estvo<\/a><\/div>\t\t\t\t<\/div>\n\t\t\t\t<\/div>\n\t\t<div class=\"elementor-element elementor-element-3f74855 e-con-full e-flex e-con e-child\" data-id=\"3f74855\" data-element_type=\"container\" data-e-type=\"container\">\n\t\t\t\t<div class=\"elementor-element elementor-element-1c30362 elementor-toc--minimized-on-tablet elementor-widget elementor-widget-table-of-contents\" data-id=\"1c30362\" data-element_type=\"widget\" data-e-type=\"widget\" data-settings=\"{&quot;exclude_headings_by_selector&quot;:[],&quot;no_headings_message&quot;:&quot;Na t\\u00e9to str\\u00e1nce nebyly nalezeny \\u017e\\u00e1dn\\u00e9 nadpisy.&quot;,&quot;headings_by_tags&quot;:[&quot;h2&quot;,&quot;h3&quot;],&quot;marker_view&quot;:&quot;bullets&quot;,&quot;minimize_box&quot;:&quot;yes&quot;,&quot;icon&quot;:{&quot;value&quot;:&quot;fas fa-circle&quot;,&quot;library&quot;:&quot;fa-solid&quot;,&quot;rendered_tag&quot;:&quot;&lt;svg class=\\&quot;e-font-icon-svg e-fas-circle\\&quot; viewBox=\\&quot;0 0 512 512\\&quot; xmlns=\\&quot;http:\\\/\\\/www.w3.org\\\/2000\\\/svg\\&quot;&gt;&lt;path d=\\&quot;M256 8C119 8 8 119 8 256s111 248 248 248 248-111 248-248S393 8 256 8z\\&quot;&gt;&lt;\\\/path&gt;&lt;\\\/svg&gt;&quot;},&quot;minimized_on&quot;:&quot;tablet&quot;,&quot;hierarchical_view&quot;:&quot;yes&quot;,&quot;min_height&quot;:{&quot;unit&quot;:&quot;px&quot;,&quot;size&quot;:&quot;&quot;,&quot;sizes&quot;:[]},&quot;min_height_tablet&quot;:{&quot;unit&quot;:&quot;px&quot;,&quot;size&quot;:&quot;&quot;,&quot;sizes&quot;:[]},&quot;min_height_mobile&quot;:{&quot;unit&quot;:&quot;px&quot;,&quot;size&quot;:&quot;&quot;,&quot;sizes&quot;:[]}}\" data-widget_type=\"table-of-contents.default\">\n\t\t\t\t\t\t\t\t\t<div class=\"elementor-toc__header\">\n\t\t\t\t\t\t<h2 class=\"elementor-toc__header-title\">\n\t\t\t\tObsah\t\t\t<\/h2>\n\t\t\t\t\t\t\t\t\t\t<div class=\"elementor-toc__toggle-button elementor-toc__toggle-button--expand\" role=\"button\" tabindex=\"0\" aria-controls=\"elementor-toc__1c30362\" aria-expanded=\"true\" aria-label=\"Open table of contents\"><svg aria-hidden=\"true\" class=\"e-font-icon-svg e-fas-chevron-down\" viewBox=\"0 0 448 512\" xmlns=\"http:\/\/www.w3.org\/2000\/svg\"><path d=\"M207.029 381.476L12.686 187.132c-9.373-9.373-9.373-24.569 0-33.941l22.667-22.667c9.357-9.357 24.522-9.375 33.901-.04L224 284.505l154.745-154.021c9.379-9.335 24.544-9.317 33.901.04l22.667 22.667c9.373 9.373 9.373 24.569 0 33.941L240.971 381.476c-9.373 9.372-24.569 9.372-33.942 0z\"><\/path><\/svg><\/div>\n\t\t\t\t<div class=\"elementor-toc__toggle-button elementor-toc__toggle-button--collapse\" role=\"button\" tabindex=\"0\" aria-controls=\"elementor-toc__1c30362\" aria-expanded=\"true\" aria-label=\"Close table of contents\"><svg aria-hidden=\"true\" class=\"e-font-icon-svg e-fas-chevron-up\" viewBox=\"0 0 448 512\" xmlns=\"http:\/\/www.w3.org\/2000\/svg\"><path d=\"M240.971 130.524l194.343 194.343c9.373 9.373 9.373 24.569 0 33.941l-22.667 22.667c-9.357 9.357-24.522 9.375-33.901.04L224 227.495 69.255 381.516c-9.379 9.335-24.544 9.317-33.901-.04l-22.667-22.667c-9.373-9.373-9.373-24.569 0-33.941L207.03 130.525c9.372-9.373 24.568-9.373 33.941-.001z\"><\/path><\/svg><\/div>\n\t\t\t\t\t<\/div>\n\t\t\t\t<div id=\"elementor-toc__1c30362\" class=\"elementor-toc__body\">\n\t\t\t<div class=\"elementor-toc__spinner-container\">\n\t\t\t\t<svg class=\"elementor-toc__spinner eicon-animation-spin e-font-icon-svg e-eicon-loading\" aria-hidden=\"true\" viewBox=\"0 0 1000 1000\" xmlns=\"http:\/\/www.w3.org\/2000\/svg\"><path d=\"M500 975V858C696 858 858 696 858 500S696 142 500 142 142 304 142 500H25C25 237 238 25 500 25S975 237 975 500 763 975 500 975Z\"><\/path><\/svg>\t\t\t<\/div>\n\t\t<\/div>\n\t\t\t\t\t\t<\/div>\n\t\t\t\t<\/div>\n\t\t\t\t\t<\/div>\n\t\t\t\t<\/div>\n\t\t<div class=\"elementor-element elementor-element-herorght0 e-con-full e-flex e-con e-child\" data-id=\"herorght0\" data-element_type=\"container\" data-e-type=\"container\">\n\t\t\t\t<div class=\"elementor-element elementor-element-heroimg00 iwg-hero-image elementor-widget elementor-widget-image\" data-id=\"heroimg00\" data-element_type=\"widget\" data-e-type=\"widget\" data-widget_type=\"image.default\">\n\t\t\t\t\t\t\t\t\t\t\t\t\t\t\t<img fetchpriority=\"high\" decoding=\"async\" width=\"683\" height=\"1024\" src=\"https:\/\/iwell-guard.com\/wp-content\/uploads\/2026\/04\/goetter_keltisch_lugh-683x1024.webp\" class=\"attachment-large size-large wp-image-1616\" alt=\"Lugh\" srcset=\"https:\/\/iwell-guard.com\/wp-content\/uploads\/2026\/04\/goetter_keltisch_lugh-683x1024.webp 683w, https:\/\/iwell-guard.com\/wp-content\/uploads\/2026\/04\/goetter_keltisch_lugh-200x300.webp 200w, https:\/\/iwell-guard.com\/wp-content\/uploads\/2026\/04\/goetter_keltisch_lugh-768x1152.webp 768w, https:\/\/iwell-guard.com\/wp-content\/uploads\/2026\/04\/goetter_keltisch_lugh.webp 1024w\" sizes=\"(max-width: 683px) 100vw, 683px\" \/>\t\t\t\t\t\t\t\t\t\t\t\t\t\t\t<\/div>\n\t\t\t\t<\/div>\n\t\t\t\t\t<\/div>\n\t\t\t\t<\/div>\n\t\t<div class=\"elementor-element elementor-element-32917199 e-flex e-con-boxed e-con e-parent\" data-id=\"32917199\" data-element_type=\"container\" data-e-type=\"container\">\n\t\t\t\t\t<div class=\"e-con-inner\">\n\t\t<div class=\"elementor-element elementor-element-26e916cb e-flex e-con-boxed e-con e-child\" data-id=\"26e916cb\" data-element_type=\"container\" data-e-type=\"container\">\n\t\t\t\t\t<div class=\"e-con-inner\">\n\t\t<div class=\"elementor-element elementor-element-253a40d4 e-flex e-con-boxed e-con e-child\" data-id=\"253a40d4\" data-element_type=\"container\" data-e-type=\"container\">\n\t\t\t\t\t<div class=\"e-con-inner\">\n\t\t\t\t<div class=\"elementor-element elementor-element-1200c304 elementor-widget elementor-widget-heading\" data-id=\"1200c304\" data-element_type=\"widget\" data-e-type=\"widget\" data-widget_type=\"heading.default\">\n\t\t\t\t\t<h2 class=\"elementor-heading-title elementor-size-default\">Lugh<\/h2>\t\t\t\t<\/div>\n\t\t\t\t<div class=\"elementor-element elementor-element-11758e7f elementor-widget elementor-widget-text-editor\" data-id=\"11758e7f\" data-element_type=\"widget\" data-e-type=\"widget\" data-widget_type=\"text-editor.default\">\n\t\t\t\t\t\t\t\t\t<p>Lugh je popisov\u00e1n jako v\u00e1le\u010dn\u00fd hrdina, um\u011blec, druid a univerz\u00e1ln\u00ed mistr v\u0161ech um\u011bn\u00ed a dovednost\u00ed. Pat\u0159\u00ed k Tuatha D\u00e9 Danann a bojuje v bitv\u00e1ch u Mag Tuired proti Fomo\u0159an\u016fm. Legend\u00e1rn\u00ed jsou jeho nadp\u0159irozen\u00e9 zbran\u011b a jeho harfa.<\/p><p>Jeho sv\u00e1tek, Lughnasadh (1. srpna), ozna\u010duje p\u0159echod k podzimu. Je \u010dasto zmi\u0148ov\u00e1n jako syn Dian C\u00e9cht nebo jin\u00fdch bo\u017estev, genealogie se v\u0161ak li\u0161\u00ed.<\/p>\t\t\t\t\t\t\t\t<\/div>\n\t\t\t\t\t<\/div>\n\t\t\t\t<\/div>\n\t\t<div class=\"elementor-element elementor-element-159dcf9a e-flex e-con-boxed e-con e-child\" data-id=\"159dcf9a\" data-element_type=\"container\" data-e-type=\"container\">\n\t\t\t\t\t<div class=\"e-con-inner\">\n\t\t\t\t<div class=\"elementor-element elementor-element-48cee66f elementor-widget elementor-widget-heading\" data-id=\"48cee66f\" data-element_type=\"widget\" data-e-type=\"widget\" data-widget_type=\"heading.default\">\n\t\t\t\t\t<h2 class=\"elementor-heading-title elementor-size-default\">P\u0159ehled: Lugh<\/h2>\t\t\t\t<\/div>\n\t\t\t\t<div class=\"elementor-element elementor-element-3f50d82c elementor-widget elementor-widget-text-editor\" data-id=\"3f50d82c\" data-element_type=\"widget\" data-e-type=\"widget\" data-widget_type=\"text-editor.default\">\n\t\t\t\t\t\t\t\t\t<p>Prim\u00e1rn\u00edmi prameny jsou Cath Maige Tuired (\u201eBitva na pl\u00e1n\u00edch Mag Tuired\u201c), Oidheadh Chloinne Tuireann (\u201eOsud d\u011bt\u00ed Tuireannov\u00fdch\u201c) a Lebor Gab\u00e1la \u00c9renn. Lugh je zmi\u0148ov\u00e1n tak\u00e9 u \u0159\u00edmsk\u00fdch spisovatel\u016f (Loucetius Mars = Lugh-Mars).<\/p><p>Jm\u00e9no a sv\u00e1tek Lughnasadh jsou bohat\u011b dolo\u017eeny v gaelsk\u00fdch pramenech. Bernhard Maier a Proinsias Mac Cana ozna\u010duj\u00ed Lugha za jednu z v\u00fdrazn\u011b dolo\u017een\u00fdch postav keltsk\u00e9ho n\u00e1bo\u017eenstv\u00ed.<\/p>\t\t\t\t\t\t\t\t<\/div>\n\t\t\t\t\t<\/div>\n\t\t\t\t<\/div>\n\t\t\t\t\t<\/div>\n\t\t\t\t<\/div>\n\t\t\t\t\t<\/div>\n\t\t\t\t<\/div>\n\t\t<div class=\"elementor-element elementor-element-18613602 e-flex e-con-boxed e-con e-parent\" data-id=\"18613602\" data-element_type=\"container\" data-e-type=\"container\">\n\t\t\t\t\t<div class=\"e-con-inner\">\n\t\t\t\t<div class=\"elementor-element elementor-element-262b8a9f elementor-widget elementor-widget-heading\" data-id=\"262b8a9f\" data-element_type=\"widget\" data-e-type=\"widget\" data-widget_type=\"heading.default\">\n\t\t\t\t\t<h2 class=\"elementor-heading-title elementor-size-default\">Kontext<\/h2>\t\t\t\t<\/div>\n\t\t<div class=\"elementor-element elementor-element-46dcb7d e-con-full e-flex e-con e-child\" data-id=\"46dcb7d\" data-element_type=\"container\" data-e-type=\"container\">\n\t\t<div class=\"elementor-element elementor-element-61d3ab3 e-flex e-con-boxed e-con e-child\" data-id=\"61d3ab3\" data-element_type=\"container\" data-e-type=\"container\">\n\t\t\t\t\t<div class=\"e-con-inner\">\n\t\t\t\t<div class=\"elementor-element elementor-element-117c166 elementor-widget elementor-widget-heading\" data-id=\"117c166\" data-element_type=\"widget\" data-e-type=\"widget\" data-widget_type=\"heading.default\">\n\t\t\t\t\t<h3 class=\"elementor-heading-title elementor-size-default\">Zeitraum der Texte<\/h3>\t\t\t\t<\/div>\n\t\t\t\t<div class=\"elementor-element elementor-element-73997a0 elementor-widget elementor-widget-text-editor\" data-id=\"73997a0\" data-element_type=\"widget\" data-e-type=\"widget\" data-widget_type=\"text-editor.default\">\n\t\t\t\t\t\t\t\t\t<p>Stopa Lugha sah\u00e1 od kontinent\u00e1ln\u011b keltsk\u00e9ho boha Luguse, jeho\u017e jm\u00e9no se skr\u00fdv\u00e1 v m\u00edstn\u00edch n\u00e1zvech jako Lugdunum, dne\u0161n\u00ed Lyon, p\u0159es st\u0159edov\u011bk\u00e9 irsk\u00e9 rukopisy a\u017e po novodob\u00e9 zvyky sv\u00e1tku Lughnasadh. Je\u0161t\u011b irsk\u00fd n\u00e1zev m\u011bs\u00edce srpna, L\u00fanasa, nese jeho jm\u00e9no. Dne\u0161n\u00ed podoby, nap\u0159\u00edklad pout\u011b na hory posledn\u00ed \u010dervencovou ned\u011bli, jsou k\u0159es\u0165ansky p\u0159etvo\u0159eny, ale vztah ke star\u00e9mu sv\u00e1tku sklizn\u011b je v nich st\u00e1le patrn\u00fd.<\/p><h3>Mytologick\u00e9 za\u0159azen\u00ed<\/h3><p>Lugh je bohem um\u011bn\u00ed, \u0159emesel, sv\u011btla a v\u00e1lky v irsk\u00e9 <span class=\"iwg-fachbegriff\" data-tooltip=\"Souhrn tradovan\u00fdch vypr\u00e1v\u011bn\u00ed o boz\u00edch ur\u010dit\u00e9 kultury.\" tabindex=\"0\">mytologii<\/span>. Je jedn\u00edm z nejv\u0161estrann\u011bj\u0161\u00edch boh\u016f s mnoha schopnostmi: v\u011b\u0161t\u011bn\u00edm, kov\u00e1\u0159stv\u00edm, hudbou, b\u00e1snictv\u00edm, bojem. Sv\u00e1tek Lughnasadh ho uct\u00edv\u00e1. Jeho postaven\u00ed je \u00fast\u0159edn\u00ed.<\/p>\t\t\t\t\t\t\t\t<\/div>\n\t\t\t\t\t<\/div>\n\t\t\t\t<\/div>\n\t\t<div class=\"elementor-element elementor-element-d47b156 e-flex e-con-boxed e-con e-child\" data-id=\"d47b156\" data-element_type=\"container\" data-e-type=\"container\">\n\t\t\t\t\t<div class=\"e-con-inner\">\n\t\t\t\t<div class=\"elementor-element elementor-element-ff38c2b elementor-widget elementor-widget-heading\" data-id=\"ff38c2b\" data-element_type=\"widget\" data-e-type=\"widget\" data-widget_type=\"heading.default\">\n\t\t\t\t\t<h3 class=\"elementor-heading-title elementor-size-default\">Verbreitungsraum<\/h3>\t\t\t\t<\/div>\n\t\t\t\t<div class=\"elementor-element elementor-element-4e49fcc elementor-widget elementor-widget-text-editor\" data-id=\"4e49fcc\" data-element_type=\"widget\" data-e-type=\"widget\" data-widget_type=\"text-editor.default\">\n\t\t\t\t\t\t\t\t\t<p>Lugh nebyl omezen na konkr\u00e9tn\u00ed region nebo m\u00edsta, ale byl univerz\u00e1ln\u011b zn\u00e1m a uct\u00edv\u00e1n, p\u0159\u00edpadn\u011b s respektem ob\u00e1v\u00e1n v cel\u00e9m keltsk\u00e9m sv\u011bt\u011b. A\u0165 ve velk\u00fdch urb\u00e1nn\u00edch centrech, nebo na okraji venkovsk\u00fdch oblast\u00ed, a\u0165 u spole\u010densk\u00e9 elity, nebo u prost\u00e9ho lidu, duchovn\u00ed a kulturn\u00ed v\u00fdznam t\u00e9to entity byl uzn\u00e1v\u00e1n v\u0161ude a stejn\u011b.<\/p><p>Skute\u010dnost, \u017ee se srpen v ir\u0161tin\u011b dodnes naz\u00fdv\u00e1 L\u00fanasa a \u017ee m\u00edstn\u00ed n\u00e1zvy od Lyonu a\u017e po Leiden jsou odvozov\u00e1ny od boha Lugus, ukazuje, jak t\u011bsn\u011b byl Lugh spjat se sebepojet\u00edm keltsk\u00fdch spole\u010denstv\u00ed. St\u011bhov\u00e1n\u00ed keltsk\u00fdch kmen\u016f a v\u00fdm\u011bna pod\u00e9l obchodn\u00edch cest \u0161\u00ed\u0159ily jeho kult z kontinentu a\u017e do Irska, kde jej lze dosud rozpoznat v n\u00e1padn\u011b jednotn\u00e9 podob\u011b: jako boha um\u011bn\u00ed s vlastn\u00edm sv\u00e1tkem na po\u010d\u00e1tku sklizn\u011b.<\/p>\t\t\t\t\t\t\t\t<\/div>\n\t\t\t\t\t<\/div>\n\t\t\t\t<\/div>\n\t\t\t\t<\/div>\n\t\t<div class=\"elementor-element elementor-element-db03c39 e-con-full e-flex e-con e-child\" data-id=\"db03c39\" data-element_type=\"container\" data-e-type=\"container\">\n\t\t<div class=\"elementor-element elementor-element-229a87b e-flex e-con-boxed e-con e-child\" data-id=\"229a87b\" data-element_type=\"container\" data-e-type=\"container\">\n\t\t\t\t\t<div class=\"e-con-inner\">\n\t\t\t\t<div class=\"elementor-element elementor-element-1f471fc elementor-widget elementor-widget-heading\" data-id=\"1f471fc\" data-element_type=\"widget\" data-e-type=\"widget\" data-widget_type=\"heading.default\">\n\t\t\t\t\t<h3 class=\"elementor-heading-title elementor-size-default\">Quellenlage<\/h3>\t\t\t\t<\/div>\n\t\t\t\t<div class=\"elementor-element elementor-element-36b1201 elementor-widget elementor-widget-text-editor\" data-id=\"36b1201\" data-element_type=\"widget\" data-e-type=\"widget\" data-widget_type=\"text-editor.default\">\n\t\t\t\t\t\t\t\t\t<p>Prim\u00e1rn\u00ed prameny: Cath Maige Tuired (recenze A, zaps\u00e1na cca v 9. 10. stolet\u00ed), Lebor Gab\u00e1la \u00c9renn (recenze s Lughov\u00fdmi genealogick\u00fdmi rolemi), Oidheadh Chloinne Tuireann. \u0158\u00edmsk\u00e1 epigrafika: n\u00e1pisy Loucetia Marta v Galii (nap\u0159. z oblasti Mosely).<\/p><p>\u010casov\u00e9 obdob\u00ed: m\u00fdty odr\u00e1\u017eej\u00ed kulty doby \u017eelezn\u00e9 a ran\u00e9ho st\u0159edov\u011bku (cca 500 p\u0159. n. l. 800 n. l.). Badatel\u00e9: Mac Cana (Celtic Mythology), Maier (Die Religion der Kelten), Sjoestedt (Gods and Heroes of the Celts) a Green (The Gods of the Celts) se Lughovi v\u011bnuj\u00ed podrobn\u011b.<\/p>\t\t\t\t\t\t\t\t<\/div>\n\t\t\t\t\t<\/div>\n\t\t\t\t<\/div>\n\t\t\t\t<\/div>\n\t\t\t\t\t<\/div>\n\t\t\t\t<\/div>\n\t\t<div class=\"elementor-element elementor-element-3ae0637c e-flex e-con-boxed e-con e-parent\" data-id=\"3ae0637c\" data-element_type=\"container\" data-e-type=\"container\">\n\t\t\t\t\t<div class=\"e-con-inner\">\n\t\t\t\t<div class=\"elementor-element elementor-element-31d07739 elementor-widget elementor-widget-heading\" data-id=\"31d07739\" data-element_type=\"widget\" data-e-type=\"widget\" data-widget_type=\"heading.default\">\n\t\t\t\t\t<h2 class=\"elementor-heading-title elementor-size-default\">Jm\u00e9no<\/h2>\t\t\t\t<\/div>\n\t\t<div class=\"elementor-element elementor-element-b7642947 e-con-full e-flex e-con e-child\" data-id=\"b7642947\" data-element_type=\"container\" data-e-type=\"container\">\n\t\t\t\t<div class=\"elementor-element elementor-element-a086266 elementor-widget elementor-widget-text-editor\" data-id=\"a086266\" data-element_type=\"widget\" data-e-type=\"widget\" data-widget_type=\"text-editor.default\">\n\t\t\t\t\t\t\t\t\t<p>Lugh je v r\u016fzn\u00fdch pramenech a um\u011bleck\u00fdch tradic\u00edch zobrazov\u00e1n s ur\u010dit\u00fdmi opakuj\u00edc\u00edmi se ikonografick\u00fdmi prvky, kter\u00e9 z\u016fst\u00e1vaj\u00ed po desetilet\u00ed a nap\u0159\u00ed\u010d r\u016fzn\u00fdmi geografick\u00fdmi oblastmi pom\u011brn\u011b st\u00e1l\u00e9. Tyto prvky nejsou \u010dist\u011b dekorativn\u00ed nebo n\u00e1hodn\u011b zvolen\u00e9, n\u00fdbr\u017e jsou hluboce symbolicky k\u00f3dovan\u00e9 a nesou velk\u00fd v\u00fdznam.<\/p><p>Atributy Lugha p\u0159esn\u011b vymezuj\u00ed jeho postaven\u00ed mezi Tuatha D\u00e9 Danann: jeho p\u0159\u00edzvisko Samild\u00e1nach, znalec v\u0161ech um\u011bn\u00ed, popisuje jeho \u00fa\u0159ad, a p\u0159\u00edb\u011bh o jeho p\u0159\u00edchodu do Tary to dokl\u00e1d\u00e1, nebo\u0165 je vpu\u0161t\u011bn a\u017e pot\u00e9, co se uk\u00e1\u017ee, \u017ee je z\u00e1rove\u0148 kov\u00e1\u0159em, harfen\u00edkem, b\u00e1sn\u00edkem, l\u00e9\u010ditelem a v\u00e1le\u010dn\u00edkem. Jeho kop\u00ed pat\u0159\u00ed mezi \u010dty\u0159i poklady Tuatha D\u00e9 Danann a symbolizuje nezvratn\u00e9 v\u00edt\u011bzstv\u00ed; jeho vrh proti oku Balora rozhoduje bitvu u Mag Tuired. Kdo zn\u00e1 irsk\u00fd sv\u011bt pov\u011bst\u00ed, vy\u010dte z kop\u00ed, p\u0159\u00edzviska a sv\u00e1tku profil boha, kter\u00fd spojuje dovednost, kr\u00e1lovstv\u00ed a sklize\u0148.<\/p>\t\t\t\t\t\t\t\t<\/div>\n\t\t\t\t<\/div>\n\t\t\t\t\t<\/div>\n\t\t\t\t<\/div>\n\t\t<div class=\"elementor-element elementor-element-709a44a8 e-flex e-con-boxed e-con e-parent\" data-id=\"709a44a8\" data-element_type=\"container\" data-e-type=\"container\">\n\t\t\t\t\t<div class=\"e-con-inner\">\n\t\t\t\t<div class=\"elementor-element elementor-element-2f585873 elementor-widget elementor-widget-heading\" data-id=\"2f585873\" data-element_type=\"widget\" data-e-type=\"widget\" data-widget_type=\"heading.default\">\n\t\t\t\t\t<h2 class=\"elementor-heading-title elementor-size-default\">Povahov\u00e9 rysy<\/h2>\t\t\t\t<\/div>\n\t\t<div class=\"elementor-element elementor-element-70621c12 e-con-full e-flex e-con e-child\" data-id=\"70621c12\" data-element_type=\"container\" data-e-type=\"container\">\n\t\t\t\t<div class=\"elementor-element elementor-element-4296eb49 elementor-widget elementor-widget-text-editor\" data-id=\"4296eb49\" data-element_type=\"widget\" data-e-type=\"widget\" data-widget_type=\"text-editor.default\">\n\t\t\t\t\t\t\t\t\t<p>Lugh byl z\u00e1sadn\u00ed pro n\u00e1bo\u017eenskou praxi, ka\u017edodenn\u00ed ritu\u00e1ly a v\u0161edn\u00ed ch\u00e1p\u00e1n\u00ed keltsk\u00e9 tradice. Lid\u00e9 se k t\u00e9to entit\u011b obraceli v kritick\u00fdch nebo konkr\u00e9tn\u00edch \u017eivotn\u00edch situac\u00edch, nebo v ur\u010dit\u00fdch ritu\u00e1ln\u00edch obdob\u00edch roku, se strukturovan\u00fdmi, \u010dasto n\u00e1ro\u010dn\u00fdmi ritu\u00e1ly, modlitbami \u010di ob\u011btn\u00edmi dary.<\/p><p>Uct\u00edv\u00e1n\u00ed Lugha bylo pravideln\u00e9 a \u010dasov\u011b v\u00e1zan\u00e9: sv\u00e1tek Lughnasadh se slavil na po\u010d\u00e1tku srpna, na za\u010d\u00e1tku sklizn\u011b, se shrom\u00e1\u017ed\u011bn\u00edmi, sout\u011b\u017eemi a trhy na pevn\u011b stanoven\u00fdch m\u00edstech, jako byl Tailtiu. Irsk\u00e1 tradice odvozuje sv\u00e1tek od samotn\u00e9ho Lugha, kter\u00fd jej m\u011bl zalo\u017eit na po\u010dest sv\u00e9 p\u011bstounky, a popisuje tak instituci s pevn\u011b ur\u010den\u00fdm d\u016fvodem, m\u00edstem a pr\u016fb\u011bhem.<\/p><p>Skute\u010dnost, \u017ee se Lughnasadh v Irsku slavil po mnoho stalet\u00ed a p\u0159e\u017e\u00edval ve zbytc\u00edch, jako jsou skliz\u0148ov\u00e9 zvyky a pout\u011b na hory, a\u017e do novodob\u00e9 \u00e9ry, dokl\u00e1d\u00e1 praktickou hodnotu sv\u00e1tku pro zem\u011bd\u011blsk\u00e1 spole\u010denstv\u00ed. Vztahy k Lughovi byly rozmanit\u00e9: jeho v\u00edt\u011bzstv\u00ed nad Balorem v p\u0159\u00edb\u011bhu odvr\u00e1tilo ohro\u017een\u00ed sklizn\u011b, jeho spojen\u00ed s po\u010d\u00e1tkem sklizn\u011b zaji\u0161\u0165ovalo ob\u017eivu a samotn\u00fd sv\u00e1tek doprov\u00e1zel p\u0159echod z l\u00e9ta do doby sklizn\u011b.<\/p><h3>Vzhled a symbolika<\/h3><p>Lugh je zobrazov\u00e1n jako mlad\u00fd, z\u00e1\u0159iv\u00fd v\u00e1le\u010dn\u00edk se zlat\u00fdm jasem. Nos\u00ed zbroj a kouzeln\u00e9 kop\u00ed. Jeho o\u010di sv\u00edt\u00ed jako slunce. Doprov\u00e1zej\u00ed ho pes, havran a vla\u0161tovka. N\u00e1stroje um\u011bleck\u00fdch \u0159emesel jsou jeho atributy. Vyza\u0159uje z n\u011bj sv\u011btlo.<\/p>\t\t\t\t\t\t\t\t<\/div>\n\t\t\t\t<\/div>\n\t\t\t\t\t<\/div>\n\t\t\t\t<\/div>\n\t\t<div class=\"elementor-element elementor-element-44e71476 e-flex e-con-boxed e-con e-parent\" data-id=\"44e71476\" data-element_type=\"container\" data-e-type=\"container\">\n\t\t\t\t\t<div class=\"e-con-inner\">\n\t\t\t\t<div class=\"elementor-element elementor-element-3c1fc3f0 elementor-widget elementor-widget-heading\" data-id=\"3c1fc3f0\" data-element_type=\"widget\" data-e-type=\"widget\" data-widget_type=\"heading.default\">\n\t\t\t\t\t<h2 class=\"elementor-heading-title elementor-size-default\">Profil: Lugh<\/h2>\t\t\t\t<\/div>\n\t\t<div class=\"elementor-element elementor-element-84f33b8e e-con-full e-flex e-con e-child\" data-id=\"84f33b8e\" data-element_type=\"container\" data-e-type=\"container\">\n\t\t\t\t<div class=\"elementor-element elementor-element-hqkdc67p elementor-widget elementor-widget-text-editor\" data-id=\"hqkdc67p\" data-element_type=\"widget\" data-e-type=\"widget\" data-widget_type=\"text-editor.default\">\n\t\t\t\t\t\t\t\t\t<p>Profil zachycuje Lugha v \u0161esti dimenz\u00edch: jeho mytologicko-genealogick\u00fd p\u016fvod a postaven\u00ed mezi Tuatha D\u00e9 Danann, okruhy jeho uct\u00edv\u00e1n\u00ed a spole\u010densk\u00e9 role, jeho ikonografii a magick\u00e9 atributy, jeho v\u00e1le\u010dnick\u00e9 a um\u011bleck\u00e9 schopnosti a rovn\u011b\u017e duchovn\u00ed praktiky vz\u00fdv\u00e1n\u00ed a kulturn\u00ed obdoby. To vykresluje profil tohoto v\u0161estrann\u011b nadan\u00e9ho kulturn\u00edho boha.<\/p>\t\t\t\t\t\t\t\t<\/div>\n\t\t\t\t<\/div>\n\t\t<div class=\"elementor-element elementor-element-pemmx7c5 e-con-full e-flex e-con e-child\" data-id=\"pemmx7c5\" data-element_type=\"container\" data-e-type=\"container\">\n\t\t<div class=\"elementor-element elementor-element-pemmx7c1 e-con-full e-flex e-con e-child\" data-id=\"pemmx7c1\" data-element_type=\"container\" data-e-type=\"container\">\n\t\t<div class=\"elementor-element elementor-element-qh9oavvu iwg-steckbrief-card e-flex e-con-boxed e-con e-child\" data-id=\"qh9oavvu\" data-element_type=\"container\" data-e-type=\"container\">\n\t\t\t\t\t<div class=\"e-con-inner\">\n\t\t\t\t<div class=\"elementor-element elementor-element-awzx8k2k elementor-widget elementor-widget-heading\" data-id=\"awzx8k2k\" data-element_type=\"widget\" data-e-type=\"widget\" data-widget_type=\"heading.default\">\n\t\t\t\t\t<div class=\"elementor-heading-title elementor-size-default\">P\u016fvod<\/div>\t\t\t\t<\/div>\n\t\t\t\t<div class=\"elementor-element elementor-element-x6rowhv0 elementor-widget elementor-widget-text-editor\" data-id=\"x6rowhv0\" data-element_type=\"widget\" data-e-type=\"widget\" data-widget_type=\"text-editor.default\">\n\t\t\t\t\t\t\t\t\t<p>Lugh n\u00e1le\u017e\u00ed k Tuatha D\u00e9 Danann a b\u00fdv\u00e1 r\u016fzn\u011b ozna\u010dov\u00e1n jako syn Dian C\u00e9cht (boha l\u00e9\u010ditelstv\u00ed), Ethniu nebo abstraktn\u011bj\u0161\u00edch sil.<\/p><p>Zt\u011bles\u0148uje mlad\u0161\u00ed bo\u017esk\u00e9 generace (na rozd\u00edl od starobylej\u0161\u00edho Dagdy). Geograficky je spjat p\u0159edev\u0161\u00edm s Irskem, s \u0159\u00edmsko-galsk\u00fdmi prot\u011bj\u0161ky (Loucetius). Jeho prvn\u00ed liter\u00e1rn\u00ed dolo\u017een\u00ed se nach\u00e1z\u00ed v textech z 9. a\u017e 10. stolet\u00ed, popisuje v\u0161ak star\u0161\u00ed kult.<\/p>\t\t\t\t\t\t\t\t<\/div>\n\t\t\t\t\t<\/div>\n\t\t\t\t<\/div>\n\t\t<div class=\"elementor-element elementor-element-8e3o4kxs iwg-steckbrief-card e-flex e-con-boxed e-con e-child\" data-id=\"8e3o4kxs\" data-element_type=\"container\" data-e-type=\"container\">\n\t\t\t\t\t<div class=\"e-con-inner\">\n\t\t\t\t<div class=\"elementor-element elementor-element-08rkdgov elementor-widget elementor-widget-heading\" data-id=\"08rkdgov\" data-element_type=\"widget\" data-e-type=\"widget\" data-widget_type=\"heading.default\">\n\t\t\t\t\t<div class=\"elementor-heading-title elementor-size-default\">Adres\u00e1ti<\/div>\t\t\t\t<\/div>\n\t\t\t\t<div class=\"elementor-element elementor-element-uwjelx8s elementor-widget elementor-widget-text-editor\" data-id=\"uwjelx8s\" data-element_type=\"widget\" data-e-type=\"widget\" data-widget_type=\"text-editor.default\">\n\t\t\t\t\t\t\t\t\t<p>Lugha uct\u00edvali v\u00e1le\u010dn\u00edci, \u0159emesln\u00edci, um\u011blci, druid\u0161t\u00ed kn\u011b\u017e\u00ed a kr\u00e1lovsk\u00e9 rody. Jeho sv\u00e1tek Lughnasadh byl ve\u0159ejn\u00fd a lidov\u00fd, spojen\u00fd s obchodn\u00edmi a bojov\u00fdmi hrami i pr\u00e1vn\u00edmi spory. V\u00e1le\u010dn\u00edci ho v boji vz\u00fdvali pro taktickou genialitu a nad\u0159azenost. \u0158emesln\u00edci a um\u011blci ho ctili jako patrona sv\u00fdch um\u011bn\u00ed.<\/p>\t\t\t\t\t\t\t\t<\/div>\n\t\t\t\t\t<\/div>\n\t\t\t\t<\/div>\n\t\t<div class=\"elementor-element elementor-element-jm2n74ec iwg-steckbrief-card e-flex e-con-boxed e-con e-child\" data-id=\"jm2n74ec\" data-element_type=\"container\" data-e-type=\"container\">\n\t\t\t\t\t<div class=\"e-con-inner\">\n\t\t\t\t<div class=\"elementor-element elementor-element-8vufse4c elementor-widget elementor-widget-heading\" data-id=\"8vufse4c\" data-element_type=\"widget\" data-e-type=\"widget\" data-widget_type=\"heading.default\">\n\t\t\t\t\t<div class=\"elementor-heading-title elementor-size-default\">Zobrazen\u00ed<\/div>\t\t\t\t<\/div>\n\t\t\t\t<div class=\"elementor-element elementor-element-mwb9u015 elementor-widget elementor-widget-text-editor\" data-id=\"mwb9u015\" data-element_type=\"widget\" data-e-type=\"widget\" data-widget_type=\"text-editor.default\">\n\t\t\t\t\t\t\t\t\t<p>Lugh je zobrazov\u00e1n jako mladistv\u00fd, z\u00e1\u0159iv\u00fd a um\u011blecky nadan\u00fd, \u010dasto obklopen\u00fd sv\u011btlem nebo jasem (jeho jm\u00e9no m\u016f\u017ee znamenat \u00bbsv\u011btlo\u00ab). Nos\u00ed typick\u00e9 v\u00e1le\u010dnick\u00e9 atributy: kop\u00ed, me\u010d nebo magick\u00e9 zbran\u011b. N\u011bkdy je zobrazov\u00e1n s harfou. Na v\u00fdtvarn\u00fdch vyobrazen\u00edch je elegantn\u00ed, atletick\u00fd, bez masivnosti star\u00e9ho Dagdy. Jeho tv\u00e1\u0159e jsou jemn\u00e9 a vzne\u0161en\u00e9.<\/p>\t\t\t\t\t\t\t\t<\/div>\n\t\t\t\t\t<\/div>\n\t\t\t\t<\/div>\n\t\t\t\t<\/div>\n\t\t<div class=\"elementor-element elementor-element-pemmx7c2 e-con-full e-flex e-con e-child\" data-id=\"pemmx7c2\" data-element_type=\"container\" data-e-type=\"container\">\n\t\t<div class=\"elementor-element elementor-element-37ss2yr6 iwg-steckbrief-card e-flex e-con-boxed e-con e-child\" data-id=\"37ss2yr6\" data-element_type=\"container\" data-e-type=\"container\">\n\t\t\t\t\t<div class=\"e-con-inner\">\n\t\t\t\t<div class=\"elementor-element elementor-element-3v0wp3wx elementor-widget elementor-widget-heading\" data-id=\"3v0wp3wx\" data-element_type=\"widget\" data-e-type=\"widget\" data-widget_type=\"heading.default\">\n\t\t\t\t\t<div class=\"elementor-heading-title elementor-size-default\">P\u016fsoben\u00ed<\/div>\t\t\t\t<\/div>\n\t\t\t\t<div class=\"elementor-element elementor-element-w3247g2m elementor-widget elementor-widget-text-editor\" data-id=\"w3247g2m\" data-element_type=\"widget\" data-e-type=\"widget\" data-widget_type=\"text-editor.default\">\n\t\t\t\t\t\t\t\t\t<strong>Oblast p\u016fsobnosti:<\/strong> Lugh je keltsk\u00fd b\u016fh sv\u011btla, v\u00e1lky, um\u011bn\u00ed a \u0159emesel. Jeho moc se rozprost\u00edr\u00e1 na v\u0161echny oblasti lidsk\u00e9ho tvo\u0159en\u00ed: poezii, hudbu, kov\u00e1\u0159sk\u00e9 um\u011bn\u00ed a v\u00e1le\u010dn\u00e9 \u0159emeslo. Zt\u011bles\u0148uje aspekt z\u00e1\u0159iv\u00e9ho, v\u0161e p\u0159ehl\u00ed\u017eej\u00edc\u00edho v\u011bdom\u00ed. Historicky je Lugh \u00fazce spjat se sv\u00e1tkem Lughnasa (1. srpna), kter\u00fd p\u0159e\u017e\u00edv\u00e1 i v k\u0159es\u0165anstv\u00ed jako sv\u00e1tek Lammas. Jeho p\u016fsoben\u00ed se projevuje v um\u011bleck\u00e9 inspiraci, strategick\u00e9m my\u0161len\u00ed a v\u00edt\u011bzn\u00e9m p\u0159ekon\u00e1v\u00e1n\u00ed p\u0159ek\u00e1\u017eek. V mytologick\u00e9 <span class=\"iwg-fachbegriff\" data-tooltip=\"P\u0159ed\u00e1v\u00e1n\u00ed v\u011bdomost\u00ed a vypr\u00e1v\u011bn\u00ed po generace.\" tabindex=\"0\">tradici<\/span> (Cath Maige Tuired) triumfuje Lugh nad nep\u0159\u00e1telskou rasou Fomor\u00e9.\n\t\t\t\t\t\t\t\t<\/div>\n\t\t\t\t\t<\/div>\n\t\t\t\t<\/div>\n\t\t<div class=\"elementor-element elementor-element-0qpjal9w iwg-steckbrief-card e-flex e-con-boxed e-con e-child\" data-id=\"0qpjal9w\" data-element_type=\"container\" data-e-type=\"container\">\n\t\t\t\t\t<div class=\"e-con-inner\">\n\t\t\t\t<div class=\"elementor-element elementor-element-6ndoih0o elementor-widget elementor-widget-heading\" data-id=\"6ndoih0o\" data-element_type=\"widget\" data-e-type=\"widget\" data-widget_type=\"heading.default\">\n\t\t\t\t\t<div class=\"elementor-heading-title elementor-size-default\">Formy ochrany<\/div>\t\t\t\t<\/div>\n\t\t\t\t<div class=\"elementor-element elementor-element-6684tyh9 elementor-widget elementor-widget-text-editor\" data-id=\"6684tyh9\" data-element_type=\"widget\" data-e-type=\"widget\" data-widget_type=\"text-editor.default\">\n\t\t\t\t\t\t\t\t\t<p>Lugh je vl\u00eddn\u00fd a hrdinsk\u00fd. V\u00e1le\u010dn\u00edci a um\u011blci ho vz\u00fdvali pro zru\u010dnost, p\u0159ekon\u00e1v\u00e1n\u00ed p\u0159ek\u00e1\u017eek a um\u011bleck\u00fd genius. Jeho sv\u00e1tek Lughnasadh byl p\u0159\u00edle\u017eitost\u00ed k z\u00e1vod\u016fm a ritu\u00e1ln\u00edmu pos\u00edlen\u00ed pospolitosti. Lugh nen\u00ed nebezpe\u010dn\u00fd ani \u0161kodliv\u00fd, n\u00fdbr\u017e ochrann\u00fd a povzn\u00e1\u0161ej\u00edc\u00ed. Odh\u00e1n\u011bc\u00ed praktiky odpadaj\u00ed; m\u00edsto nich platila <span class=\"iwg-fachbegriff\" data-tooltip=\"Prosebn\u00e9 nebo vz\u00fdvaj\u00edc\u00ed osloven\u00ed bo\u017estva \u010di moci.\" tabindex=\"0\">invokace<\/span> a <span class=\"iwg-fachbegriff\" data-tooltip=\"Dar bo\u017estvu na projev d\u00edk\u016f, prosby nebo uct\u011bn\u00ed.\" tabindex=\"0\">ob\u011b\u0165<\/span> k roz\u0161\u00ed\u0159en\u00ed jeho cti.<\/p>\t\t\t\t\t\t\t\t<\/div>\n\t\t\t\t\t<\/div>\n\t\t\t\t<\/div>\n\t\t<div class=\"elementor-element elementor-element-3lfi7x32 iwg-steckbrief-card e-flex e-con-boxed e-con e-child\" data-id=\"3lfi7x32\" data-element_type=\"container\" data-e-type=\"container\">\n\t\t\t\t\t<div class=\"e-con-inner\">\n\t\t\t\t<div class=\"elementor-element elementor-element-0kg99ga1 elementor-widget elementor-widget-heading\" data-id=\"0kg99ga1\" data-element_type=\"widget\" data-e-type=\"widget\" data-widget_type=\"heading.default\">\n\t\t\t\t\t<div class=\"elementor-heading-title elementor-size-default\">Obdoby<\/div>\t\t\t\t<\/div>\n\t\t\t\t<div class=\"elementor-element elementor-element-n0fum6kp elementor-widget elementor-widget-text-editor\" data-id=\"n0fum6kp\" data-element_type=\"widget\" data-e-type=\"widget\" data-widget_type=\"text-editor.default\">\n\t\t\t\t\t\t\t\t\t<p>Srovnateln\u00fd je Apoll\u00f3n (\u0159eck\u00fd) jako b\u016fh um\u011bn\u00ed, v\u00e1le\u010dnictv\u00ed, sv\u011btla a hudby, Merkur\/Herm\u00e9s jako univerz\u00e1ln\u00ed um\u011blec a d\u00e1rce ochrany, germ\u00e1nsk\u00fd Wodan jako b\u016fh um\u011bn\u00ed a moudrosti, a indick\u00fd Indra jako b\u016fh v\u00e1lky a d\u00e1rce <span class=\"iwg-fachbegriff\" data-tooltip=\"P\u0159\u00edslib zdrav\u00ed a ochrany, \u010dasto v pevn\u00e9 jazykov\u00e9 form\u011b.\" tabindex=\"0\">po\u017eehn\u00e1n\u00ed<\/span>. Typ \u00bbuniverz\u00e1ln\u00edho mistra\u00ab je indoevropsk\u00fd <span class=\"iwg-fachbegriff\" data-tooltip=\"Opakuj\u00edc\u00ed se obsahov\u00fd prvek v um\u011bn\u00ed nebo vypr\u00e1v\u011bn\u00ed.\" tabindex=\"0\">motiv<\/span>.<\/p>\t\t\t\t\t\t\t\t<\/div>\n\t\t\t\t\t<\/div>\n\t\t\t\t<\/div>\n\t\t\t\t<\/div>\n\t\t\t\t<\/div>\n\t\t\t\t\t<\/div>\n\t\t\t\t<\/div>\n\t\t<div class=\"elementor-element elementor-element-5a584676 e-flex e-con-boxed e-con e-parent\" data-id=\"5a584676\" data-element_type=\"container\" data-e-type=\"container\">\n\t\t\t\t\t<div class=\"e-con-inner\">\n\t\t\t\t<div class=\"elementor-element elementor-element-6d0757bf elementor-widget elementor-widget-heading\" data-id=\"6d0757bf\" data-element_type=\"widget\" data-e-type=\"widget\" data-widget_type=\"heading.default\">\n\t\t\t\t\t<h2 class=\"elementor-heading-title elementor-size-default\">Lugh, paralely v jin\u00fdch kultur\u00e1ch<\/h2>\t\t\t\t<\/div>\n\t\t<div class=\"elementor-element elementor-element-60563f68 e-con-full e-flex e-con e-child\" data-id=\"60563f68\" data-element_type=\"container\" data-e-type=\"container\">\n\t\t\t\t<div class=\"elementor-element elementor-element-5a93fdd6 elementor-widget elementor-widget-text-editor\" data-id=\"5a93fdd6\" data-element_type=\"widget\" data-e-type=\"widget\" data-widget_type=\"text-editor.default\">\n\t\t\t\t\t\t\t\t\t<h3>Ritu\u00e1ly a uct\u00edv\u00e1n\u00ed<\/h3><p>Sv\u00e1tek Lughnasadh (1. srpna) byl hlavn\u00edm ob\u011btn\u00edm sv\u00e1tkem zasv\u011bcen\u00fdm Lughovi, ob\u011bti z prvn\u00edch plod\u016f se p\u0159in\u00e1\u0161ely na vrcholc\u00edch posv\u00e1tn\u00fdch hor. V Ta\u0159e, kr\u00e1lovsk\u00e9m s\u00eddle, se konala shrom\u00e1\u017ed\u011bn\u00ed, p\u0159i nich\u017e sout\u011b\u017eili \u0159emesln\u00edci a bojovn\u00edci ve sv\u00e9m um\u011bn\u00ed. Druidov\u00e9 zde konali ob\u0159ady zasv\u011bcen\u00ed nov\u00fdch v\u00e1le\u010dn\u00edk\u016f na Lughovu po\u010dest.<\/p><h3>Za\u0159\u00edk\u00e1n\u00ed a vz\u00fdv\u00e1n\u00ed<\/h3><p>Vz\u00fdv\u00e1n\u00ed Lugha m\u011blo typicky podobu rann\u00edch ob\u0159ad\u016f p\u0159ed bojem nebo um\u011bleck\u00fdm d\u00edlem: \u201eLughu, sv\u011btlo v\u0161ech um\u011bn\u00ed, oza\u0159 mi cestu.\u201c Bardi jej vz\u00fdvali, aby jim dodal inspiraci v b\u00e1snick\u00fdch sout\u011b\u017e\u00edch. Klasick\u00e9 <span class=\"iwg-fachbegriff\" data-tooltip=\"Prosebn\u00e9 nebo zakl\u00ednaj\u00edc\u00ed osloven\u00ed bo\u017estva \u010di moci.\" tabindex=\"0\">vz\u00fdv\u00e1n\u00ed<\/span> zn\u011blo: \u201eSamild\u00e1nachu Lughu, kter\u00fd ovl\u00e1d\u00e1\u0161 v\u0161echna um\u011bn\u00ed, dej mi moudrost a s\u00edlu.\u201c<\/p><h3>Amulety a ochrann\u00e9 symboly<\/h3><p>Slune\u010dn\u00ed kolo a zlat\u00e1 spir\u00e1la byly Lughov\u00fdmi symboly. V\u00e1le\u010dn\u00edci nosili \u201eLughovo kop\u00ed\u201c (symbolick\u00fd zbra\u0148ov\u00fd <span class=\"iwg-fachbegriff\" data-tooltip=\"No\u0161en\u00fd p\u0159edm\u011bt, kter\u00e9mu je p\u0159isuzov\u00e1n ochrann\u00fd, zlo odvracej\u00edc\u00ed \u00fa\u010dinek.\" tabindex=\"0\">amulet<\/span>), um\u011blci nosili slune\u010dn\u00ed kameny a jantar jako nositele inspirace. Zlat\u00e9 \u0161perky se spir\u00e1lov\u00fdmi vzory byly pova\u017eov\u00e1ny za Lughovo <span class=\"iwg-fachbegriff\" data-tooltip=\"P\u0159\u00e1n\u00ed blaha a ochrany, \u010dasto v ust\u00e1len\u00e9 jazykov\u00e9 podob\u011b.\" tabindex=\"0\">po\u017eehn\u00e1n\u00ed<\/span>.<\/p>\n<p><p><strong>\u017didovsk\u00e1 tradice:<\/strong> \u017d\u00e1dn\u00e1 p\u0159\u00edm\u00e1 obdoba. Vzd\u00e1len\u011b p\u0159\u00edbuzn\u00ed jsou David jako v\u00e1le\u010dn\u00edk-kr\u00e1l a hudebn\u00edk (\u017ealmista) nebo postava \u0160alomouna jako univerz\u00e1ln\u00edho mudrce a um\u011blce.<\/p><p><strong>\u0158ecko-\u0159\u00edmsk\u00fd sv\u011bt:<\/strong> Apoll\u00f3n jako b\u016fh sv\u011btla, hudby, v\u00e1lky a l\u00e9\u010den\u00ed. Merkur\/Herm\u00e9s jako um\u011blec, vyn\u00e1lezce (lyra) a univerz\u00e1ln\u00ed ochrann\u00fd b\u016fh. Tak\u00e9 Ar\u00e9s \u010di Mars ve sv\u00e9m v\u00e1le\u010dn\u00e9m aspektu. Podobnost je zde velmi t\u011bsn\u00e1.<\/p><p><strong>Mezopot\u00e1mie:<\/strong> \u0160ama\u0161 jako b\u016fh sv\u011btla a spravedlnosti, Nab\u00fa jako b\u016fh um\u011bn\u00ed a v\u011bd\u011bn\u00ed, Adad jako b\u016fh v\u00e1lky. V\u0161ichni s Lughem sd\u00edlej\u00ed aspekty boje, v\u011bd\u011bn\u00ed a bo\u017esk\u00e9 z\u00e1\u0159e.<\/p><p><strong>Indie\/Asie:<\/strong> Indra jako v\u00e1le\u010dn\u00fd hrdina a d\u00e1rce <span class=\"iwg-fachbegriff\" data-tooltip=\"P\u0159\u00e1n\u00ed blaha a ochrany, \u010dasto v ust\u00e1len\u00e9 jazykov\u00e9 podob\u011b.\" tabindex=\"0\">po\u017eehn\u00e1n\u00ed<\/span>, Sarasvat\u00ed jako bohyn\u011b um\u011bn\u00ed a hudby. V buddhistick\u00e9m kontextu Man\u0434\u0436u\u0161r\u00ed jako b\u016fh moudrosti a um\u011bn\u00ed. Ty ukazuj\u00ed kulturn\u011b specifick\u00e9 paralely k Lughovu mnohostrann\u00e9mu nad\u00e1n\u00ed.<\/p>\t\t\t\t\t\t\t\t<\/div>\n\t\t\t\t<\/div>\n\t\t\t\t\t<\/div>\n\t\t\t\t<\/div>\n\t\t<div class=\"elementor-element elementor-element-cp977bc6b e-flex e-con-boxed e-con e-parent\" data-id=\"cp977bc6b\" data-element_type=\"container\" data-e-type=\"container\">\n\t\t\t\t\t<div class=\"e-con-inner\">\n\t\t\t\t<div class=\"elementor-element elementor-element-cp5f2b077 elementor-widget elementor-widget-heading\" data-id=\"cp5f2b077\" data-element_type=\"widget\" data-e-type=\"widget\" data-widget_type=\"heading.default\">\n\t\t\t\t\t<h2 class=\"elementor-heading-title elementor-size-default\">Lugh v bitv\u011b u Mag Tuired<\/h2>\t\t\t\t<\/div>\n\t\t<div class=\"elementor-element elementor-element-cpeedcba8 e-con-full e-flex e-con e-child\" data-id=\"cpeedcba8\" data-element_type=\"container\" data-e-type=\"container\">\n\t\t\t\t<div class=\"elementor-element elementor-element-cp91d9c27 elementor-widget elementor-widget-text-editor\" data-id=\"cp91d9c27\" data-element_type=\"widget\" data-e-type=\"widget\" data-widget_type=\"text-editor.default\">\n\t\t\t\t\t\t\t\t\t<p>Nejd\u016fle\u017eit\u011bj\u0161\u00edm vypr\u00e1v\u011bn\u00edm o Lughovi je <em>Cath Maige Tuired<\/em>, bitva u Mag Tuired, v n\u00ed\u017e T\u00faatha D\u00e9 Danann bojuj\u00ed proti Fomo\u0159an\u016fm. Lughovo vystoupen\u00ed v tomto vypr\u00e1v\u011bn\u00ed pat\u0159\u00ed k nejzn\u00e1m\u011bj\u0161\u00edm sc\u00e9n\u00e1m irsk\u00e9 sagov\u00e9 literatury.<\/p><p>Lugh p\u0159ich\u00e1z\u00ed na dv\u016fr kr\u00e1le Nuady a \u017e\u00e1d\u00e1 o vstup. Vr\u00e1tn\u00fd ho odm\u00edt\u00e1 s t\u00edm, \u017ee ka\u017ed\u00fd, kdo m\u00e1 b\u00fdt vpu\u0161t\u011bn, mus\u00ed ovl\u00e1dat n\u011bjak\u00e9 um\u011bn\u00ed.<\/p><p>Lugh pak postupn\u011b vypo\u010d\u00edt\u00e1v\u00e1 \u0159adu schopnost\u00ed, je tesa\u0159em, kov\u00e1\u0159em, v\u00e1le\u010dn\u00edkem, harfen\u00edkem, b\u00e1sn\u00edkem, l\u00e9\u010ditelem, \u010d\u00ed\u0161n\u00edkem a mnoho dal\u0161\u00edho. Na ka\u017ed\u00e9 jeho tvrzen\u00ed vr\u00e1tn\u00fd odpov\u00edd\u00e1, \u017ee takov\u00e9ho mu\u017ee na dvo\u0159e ji\u017e maj\u00ed. Lugh se kone\u010dn\u011b zept\u00e1, zda na dvo\u0159e existuje n\u011bkdo, kdo by ovl\u00e1dal v\u0161echna tato um\u011bn\u00ed najednou. Proto\u017ee to mus\u00ed pop\u0159\u00edt, je Lugh vpu\u0161t\u011bn.<\/p><p>Z t\u00e9to epizody poch\u00e1z\u00ed jedna z nejzn\u00e1m\u011bj\u0161\u00edch Lughov\u00fdch p\u0159ezd\u00edvek, <em>Samild\u00e1nach<\/em>, co\u017e znamen\u00e1 p\u0159ibli\u017en\u011b zb\u011bhl\u00fd v mnoha um\u011bn\u00edch. Lugh nen\u00ed odborn\u00edkem na jedinou dovednost, ale t\u00edm, kdo v sob\u011b spojuje v\u0161echny. V samotn\u00e9 bitv\u011b p\u0159ej\u00edm\u00e1 veden\u00ed a sv\u00fdm bojov\u00fdm kouzlem i pokyny podstatn\u011b p\u0159isp\u00edv\u00e1 k v\u00edt\u011bzstv\u00ed.<\/p><p>Kl\u00ed\u010dov\u00fdm okam\u017eikem je zabit\u00ed Balora, v\u016fdce Fomo\u0159an\u016f, kter\u00fd m\u00e1 zni\u010duj\u00edc\u00ed oko. Podle <span class=\"iwg-fachbegriff\" data-tooltip=\"P\u0159ed\u00e1v\u00e1n\u00ed v\u011bd\u011bn\u00ed a vypr\u00e1v\u011bn\u00ed mezi generacemi.\" tabindex=\"0\">\u00fastn\u00ed tradice<\/span> je Balor Lughov\u00fdm d\u011bdem, nebo\u0165 proroctv\u00ed p\u0159edpov\u00eddalo, \u017ee Balor zem\u0159e rukou sv\u00e9ho vnuka.<\/p><p>Lugh zas\u00e1hne Balorovo smrt\u00edc\u00ed oko a napln\u00ed tak <span class=\"iwg-fachbegriff\" data-tooltip=\"P\u0159edpov\u00edd\u00e1n\u00ed budouc\u00edch ud\u00e1lost\u00ed n\u00e1bo\u017eensk\u00fdmi nebo magick\u00fdmi prost\u0159edky.\" tabindex=\"0\">v\u011b\u0161tbu<\/span>. Toto propojen\u00ed hrdinsk\u00e9ho a rodinn\u00e9ho p\u0159\u00edb\u011bhu, vnuk, kter\u00fd zab\u00edj\u00ed sv\u00e9ho d\u011bda, je star\u00fd narativn\u00ed vzorec, kter\u00fd pozved\u00e1 bitvu u Mag Tuired nad pouh\u00e9 v\u00e1le\u010dn\u00e9 d\u011bn\u00ed.<\/p>\t\t\t\t\t\t\t\t<\/div>\n\t\t\t\t<\/div>\n\t\t\t\t\t<\/div>\n\t\t\t\t<\/div>\n\t\t<div class=\"elementor-element elementor-element-cpfc80b04 e-flex e-con-boxed e-con e-parent\" data-id=\"cpfc80b04\" data-element_type=\"container\" data-e-type=\"container\">\n\t\t\t\t\t<div class=\"e-con-inner\">\n\t\t\t\t<div class=\"elementor-element elementor-element-cpd6c6169 elementor-widget elementor-widget-heading\" data-id=\"cpd6c6169\" data-element_type=\"widget\" data-e-type=\"widget\" data-widget_type=\"heading.default\">\n\t\t\t\t\t<h2 class=\"elementor-heading-title elementor-size-default\">Lugnasad: sv\u00e1tek a jm\u00e9no v krajin\u011b<\/h2>\t\t\t\t<\/div>\n\t\t<div class=\"elementor-element elementor-element-cp670b9ce e-con-full e-flex e-con e-child\" data-id=\"cp670b9ce\" data-element_type=\"container\" data-e-type=\"container\">\n\t\t\t\t<div class=\"elementor-element elementor-element-cp154f098 elementor-widget elementor-widget-text-editor\" data-id=\"cp154f098\" data-element_type=\"widget\" data-e-type=\"widget\" data-widget_type=\"text-editor.default\">\n\t\t\t\t\t\t\t\t\t<p>S Lughem je spojen jeden ze \u010dty\u0159 velk\u00fdch sv\u00e1tk\u016f irsk\u00e9ho roku, <em>Lugnasad<\/em>, kter\u00fd se slavil na za\u010d\u00e1tku srpna. Jm\u00e9no znamen\u00e1 p\u0159ibli\u017en\u011b shrom\u00e1\u017ed\u011bn\u00ed Lughovo.<\/p><p>St\u0159edov\u011bk\u00e9 irsk\u00e9 texty vysv\u011btluj\u00ed sv\u00e1tek t\u00edm, \u017ee jej Lugh zavedl na po\u010dest sv\u00e9 p\u011bstounky nebo p\u011bstounsk\u00e9 matky Tailtiu, kter\u00e1 zem\u0159ela po vyk\u00e1cen\u00ed pl\u00e1n\u011b. Sv\u00e1tek byl tedy p\u016fvodn\u011b vzpom\u00ednkov\u00fdm a shroma\u017e\u010fovac\u00edm festivalem.<\/p><p>Lugnasad p\u0159ipadal na obdob\u00ed po\u010d\u00e1tku obiln\u00e9 sklizn\u011b a byl spojen se shrom\u00e1\u017ed\u011bn\u00edmi, sout\u011b\u017eemi, trhy a pr\u00e1vn\u00edmi jedn\u00e1n\u00edmi. Takov\u00e1 sez\u00f3nn\u011b v\u00e1zan\u00e1 velk\u00e1 shrom\u00e1\u017ed\u011bn\u00ed m\u011bla v irsk\u00e9 spole\u010dnosti d\u016fle\u017eitou spole\u010denskou a politickou funkci.<\/p><p>Skute\u010dnost, \u017ee b\u016fh byl pova\u017eov\u00e1n za zakladatele takov\u00e9ho sv\u00e1tku, ukazuje, jak t\u011bsn\u011b byly mytick\u00e9 vypr\u00e1v\u011bn\u00ed a \u017eit\u00fd spole\u010densk\u00fd \u0159\u00e1d v <span class=\"iwg-fachbegriff\" data-tooltip=\"P\u0159ed\u00e1v\u00e1n\u00ed v\u011bd\u011bn\u00ed a vypr\u00e1v\u011bn\u00ed mezi generacemi.\" tabindex=\"0\">\u00fastn\u00ed tradici<\/span> propojeny.<\/p><p>Jm\u00e9no Lugh zanechalo stopy i v evropsk\u00e9 krajin\u011b. \u0158ada m\u00edstn\u00edch jmen tvo\u0159en\u00fdch prvkem Lug- je ve v\u00fdzkumu spojov\u00e1na s bohem, kter\u00fd odpov\u00edd\u00e1 irsk\u00e9mu Lughovi a hrdinovi zn\u00e1m\u00e9mu ve vel\u0161tin\u011b jako Lleu.<\/p><p>Nejzn\u00e1m\u011bj\u0161\u00edm p\u0159\u00edpadem je francouzsk\u00e9 m\u011bsto Lyon, jeho\u017e starobyl\u00fd n\u00e1zev Lugdunum b\u00fdv\u00e1 vykl\u00e1d\u00e1n jako pevnost nebo vrch Lug\u016fv, i kdy\u017e p\u0159esn\u00fd v\u00fdklad prvn\u00ed \u010d\u00e1sti jm\u00e9na je ve v\u00fdzkumu p\u0159edm\u011btem diskuse. Takov\u00e1 jm\u00e9na nazna\u010duj\u00ed, \u017ee p\u0159\u00edbuzn\u00e9 <span class=\"iwg-fachbegriff\" data-tooltip=\"Bytost uct\u00edvan\u00e1 jako bo\u017esk\u00e1 v r\u00e1mci n\u00e1bo\u017eenstv\u00ed.\" tabindex=\"0\">bo\u017estvo<\/span> bylo uct\u00edv\u00e1no nejen v Irsku, ale i v \u0161ir\u0161\u00edm keltsk\u00e9m prostoru.<\/p>\t\t\t\t\t\t\t\t<\/div>\n\t\t\t\t<\/div>\n\t\t\t\t\t<\/div>\n\t\t\t\t<\/div>\n\t\t<div class=\"elementor-element elementor-element-cpcc3173c e-flex e-con-boxed e-con e-parent\" data-id=\"cpcc3173c\" data-element_type=\"container\" data-e-type=\"container\">\n\t\t\t\t\t<div class=\"e-con-inner\">\n\t\t\t\t<div class=\"elementor-element elementor-element-cp3c06964 elementor-widget elementor-widget-heading\" data-id=\"cp3c06964\" data-element_type=\"widget\" data-e-type=\"widget\" data-widget_type=\"heading.default\">\n\t\t\t\t\t<h2 class=\"elementor-heading-title elementor-size-default\">Lleu Llaw Gyffes: vel\u0161sk\u00fd p\u0159\u00edbuzn\u00fd<\/h2>\t\t\t\t<\/div>\n\t\t<div class=\"elementor-element elementor-element-cpdca373e e-con-full e-flex e-con e-child\" data-id=\"cpdca373e\" data-element_type=\"container\" data-e-type=\"container\">\n\t\t\t\t<div class=\"elementor-element elementor-element-cpe868a3a elementor-widget elementor-widget-text-editor\" data-id=\"cpe868a3a\" data-element_type=\"widget\" data-e-type=\"widget\" data-widget_type=\"text-editor.default\">\n\t\t\t\t\t\t\t\t\t<p>Ve vel\u0161sk\u00e9m vypr\u00e1v\u011bn\u00ed m\u00e1 Lugh svou obdobu v podob\u011b Lleu Llaw Gyffese, jeho\u017e p\u0159\u00edb\u011bh vypr\u00e1v\u00ed \u010dtvrt\u00e1 v\u011btev <em>Mabinogi<\/em>, sb\u00edrky st\u0159edov\u011bk\u00fdch vel\u0161sk\u00fdch vypr\u00e1v\u011bn\u00ed.<\/p><p>Lleu se narod\u00ed za nezvykl\u00fdch okolnost\u00ed a jeho matka Arianrhod na n\u011bj vlo\u017e\u00ed t\u0159i osudy: nem\u00e1 dostat jm\u00e9no, nem\u00e1 nosit zbran\u011b a nem\u00e1 dostat za man\u017eelku \u017eenu z pozemsk\u00e9ho rodu.<\/p><p>Kouzeln\u00edk Gwydion ka\u017ed\u00fd z t\u011bchto osud\u016f obelst\u00ed, lst\u00ed d\u00e1 Lleuovi jm\u00e9no, obstar\u00e1 mu zbran\u011b a spole\u010dn\u011b s dal\u0161\u00edm kouzeln\u00edkem mu stvo\u0159\u00ed \u017eenu z kv\u011btin, Blodeuwedd.<\/p><p>P\u0159\u00edb\u011bh se zvrtne v temnou stranu, kdy\u017e se Blodeuwedd obr\u00e1t\u00ed k jin\u00e9mu mu\u017ei a s jeho pomoc\u00ed Lleu t\u00e9m\u011b\u0159 zabije.<\/p><p>Lleu m\u016f\u017ee b\u00fdt zran\u011bn jen za velmi zvl\u00e1\u0161tn\u00edch podm\u00ednek, a kdy\u017e se tyto podm\u00ednky lst\u00ed zajist\u00ed, je zasa\u017een, prom\u011bn\u00ed se v orla a unik\u00e1 t\u011b\u017ece zran\u011bn. Gwydion ho kone\u010dn\u011b najde, navr\u00e1t\u00ed mu jeho podobu a pom\u016f\u017ee mu vykonat pomstu.<\/p><p>V\u00fdzkum ji\u017e dlouho diskutuje o vztahu mezi Lughem a Lleuem. Jm\u00e9na jsou jazykov\u011b p\u0159\u00edbuzn\u00e1 a ob\u011b postavy sd\u00edlej\u00ed rysy jako nezvykl\u00e9 zrozen\u00ed a spojen\u00ed se zvl\u00e1\u0161tn\u00edmi podm\u00ednkami sv\u00e9ho \u017eivota a smrti.<\/p><p>Z\u00e1rove\u0148 jsou vypr\u00e1v\u011bn\u00ed velmi odli\u0161n\u00e1 a bylo by chybn\u00e9 \u010d\u00edst Lleua prost\u011b jako vel\u0161skou obdobu irsk\u00e9ho Lugha. Pravd\u011bpodobn\u011bj\u0161\u00ed je, \u017ee oba vych\u00e1zej\u00ed ze spole\u010dn\u00e9 star\u0161\u00ed postavy, kter\u00e1 se v Irsku a ve Walesu vydala vlastn\u00ed cestou. P\u0159\u00edbuzn\u00fdmi postavami irsk\u00e9 sagov\u00e9 l\u00e1tky jsou nap\u0159\u00edklad <a href=\"https:\/\/iwell-guard.com\/cs\/?page_id=145287\">Morr\u00edgan<\/a> a <a href=\"https:\/\/iwell-guard.com\/cs\/?page_id=145288\">Dagda<\/a>.<\/p>\t\t\t\t\t\t\t\t<\/div>\n\t\t\t\t<\/div>\n\t\t\t\t\t<\/div>\n\t\t\t\t<\/div>\n\t\t<div class=\"elementor-element elementor-element-36dd7469 e-flex e-con-boxed e-con e-parent\" data-id=\"36dd7469\" data-element_type=\"container\" data-e-type=\"container\">\n\t\t\t\t\t<div class=\"e-con-inner\">\n\t\t\t\t<div class=\"elementor-element elementor-element-13760ab4 elementor-widget elementor-widget-heading\" data-id=\"13760ab4\" data-element_type=\"widget\" data-e-type=\"widget\" data-widget_type=\"heading.default\">\n\t\t\t\t\t<h2 class=\"elementor-heading-title elementor-size-default\">Souvisej\u00edc\u00ed odkazy<\/h2>\t\t\t\t<\/div>\n\t\t<div class=\"elementor-element elementor-element-28c87796 e-con-full e-flex e-con e-child\" data-id=\"28c87796\" data-element_type=\"container\" data-e-type=\"container\">\n\t\t\t\t<div class=\"elementor-element elementor-element-5d6538df elementor-widget elementor-widget-text-editor\" data-id=\"5d6538df\" data-element_type=\"widget\" data-e-type=\"widget\" data-widget_type=\"text-editor.default\">\n\t\t\t\t\t\t\t\t\t<ul><li><a href=\"https:\/\/iwell-guard.com\/cs\/?page_id=145360\">Manannan mac Lir, b\u016fh mo\u0159e<\/a><\/li><li><a href=\"https:\/\/iwell-guard.com\/cs\/?page_id=145288\">Dagda, otcovsk\u00fd b\u016fh<\/a><\/li><\/ul>\n\t\t\t\t\t\t\t\t<\/div>\n\t\t\t\t<\/div>\n\t\t\t\t\t<\/div>\n\t\t\t\t<\/div>\n\t\t<div class=\"elementor-element elementor-element-grl4kl40 e-flex e-con-boxed e-con e-parent\" data-id=\"grl4kl40\" data-element_type=\"container\" data-e-type=\"container\">\n\t\t\t\t\t<div class=\"e-con-inner\">\n\t\t\t\t<div class=\"elementor-element elementor-element-bzsbfrmh elementor-widget elementor-widget-heading\" data-id=\"bzsbfrmh\" data-element_type=\"widget\" data-e-type=\"widget\" data-widget_type=\"heading.default\">\n\t\t\t\t\t<h2 class=\"elementor-heading-title elementor-size-default\">Odborn\u00e1 literatura<\/h2>\t\t\t\t<\/div>\n\t\t<div class=\"elementor-element elementor-element-2c13224a e-con-full e-flex e-con e-child\" data-id=\"2c13224a\" data-element_type=\"container\" data-e-type=\"container\">\n\t\t\t\t<div class=\"elementor-element elementor-element-0eymh9ub elementor-widget elementor-widget-text-editor\" data-id=\"0eymh9ub\" data-element_type=\"widget\" data-e-type=\"widget\" data-widget_type=\"text-editor.default\">\n\t\t\t\t\t\t\t\t\t<footer class=\"iwg-literatur\" data-nosnippet=\"true\"><ul><li><span data-nosnippet>\u00d3 h\u00d3g\u00e1in, D.: <em>Myth, Legend and Romance<\/em>. Prentice Hall, 1990.<\/span><\/li><li><span data-nosnippet>MacKillop, J.: <em>Dictionary of Celtic Mythology<\/em>. Oxford University Press, 2004.<\/span><\/li><\/ul>\n<\/footer>\n<p class=\"iwg-bib-more\"><span data-nosnippet>Dal\u0161\u00ed standardn\u00ed d\u00edla v <a href=\"https:\/\/iwell-guard.com\/cs\/?page_id=145257\">seznamu literatury<\/a>.<\/span><\/p>\t\t\t\t\t\t\t\t<\/div>\n\t\t\t\t<\/div>\n\t\t\t\t\t<\/div>\n\t\t\t\t<\/div>\n\t\t\t\t<\/div>\n\t\t","protected":false},"excerpt":{"rendered":"","protected":false},"author":3,"featured_media":1616,"parent":0,"menu_order":0,"comment_status":"closed","ping_status":"closed","template":"elementor_header_footer","meta":{"_yoast_wpseo_focuskw":"Lugh","_yoast_wpseo_title":"Lugh \u2013 keltsk\u00fd b\u016fh sv\u011btla a um\u011bn\u00ed","_yoast_wpseo_metadesc":"Lugh, keltsk\u00fd mistr v\u0161ech um\u011bn\u00ed: v\u00edt\u011bzstv\u00ed nad Balorem, sv\u00e1tek Lughnasadh a jeho stopy od Tary a\u017e po Lyon. Vysv\u011btlen\u00ed p\u016fvodu a v\u00fdznamu.","_yoast_wpseo_meta-robots-noindex":"","_yoast_wpseo_canonical":"","_angie_page":false,"gefaehrdungsstufe":"2","wesen_kultur":"keltisch","wesen_klasse":"goetter","footnotes":""},"categories":[],"class_list":["post-145359","page","type-page","status-publish","has-post-thumbnail","hentry"],"yoast_head":"<!-- This site is optimized with the Yoast SEO Premium plugin v27.7 (Yoast SEO v28.3) - https:\/\/yoast.com\/product\/yoast-seo-premium-wordpress\/ -->\n<title>Lugh \u2013 keltsk\u00fd b\u016fh sv\u011btla a um\u011bn\u00ed<\/title>\n<meta name=\"description\" content=\"Lugh, keltsk\u00fd mistr v\u0161ech um\u011bn\u00ed: v\u00edt\u011bzstv\u00ed nad Balorem, sv\u00e1tek Lughnasadh a jeho stopy od Tary a\u017e po Lyon. Vysv\u011btlen\u00ed p\u016fvodu a v\u00fdznamu.\" \/>\n<meta name=\"robots\" content=\"index, follow, max-snippet:-1, max-image-preview:large, max-video-preview:-1\" \/>\n<link rel=\"canonical\" href=\"https:\/\/iwell-guard.com\/cs\/lugh\/\" \/>\n<meta property=\"og:locale\" content=\"cs_CZ\" \/>\n<meta property=\"og:type\" content=\"article\" \/>\n<meta property=\"og:title\" content=\"Lugh\" \/>\n<meta property=\"og:description\" content=\"Lugh, keltsk\u00fd mistr v\u0161ech um\u011bn\u00ed: v\u00edt\u011bzstv\u00ed nad Balorem, sv\u00e1tek Lughnasadh a jeho stopy od Tary a\u017e po Lyon. Vysv\u011btlen\u00ed p\u016fvodu a v\u00fdznamu.\" \/>\n<meta property=\"og:url\" content=\"https:\/\/iwell-guard.com\/cs\/lugh\/\" \/>\n<meta property=\"og:site_name\" content=\"iWell Guard\" \/>\n<meta property=\"article:modified_time\" content=\"2026-09-03T16:53:52+00:00\" \/>\n<meta property=\"og:image\" content=\"https:\/\/iwell-guard.com\/wp-content\/uploads\/2026\/04\/goetter_keltisch_lugh.webp\" \/>\n\t<meta property=\"og:image:width\" content=\"1024\" \/>\n\t<meta property=\"og:image:height\" content=\"1536\" \/>\n\t<meta property=\"og:image:type\" content=\"image\/webp\" \/>\n<meta name=\"twitter:card\" content=\"summary_large_image\" \/>\n<script type=\"application\/ld+json\" class=\"yoast-schema-graph\">{\"@context\":\"https:\\\/\\\/schema.org\",\"@graph\":[{\"@type\":\"WebPage\",\"@id\":\"https:\\\/\\\/iwell-guard.com\\\/cs\\\/lugh\\\/\",\"url\":\"https:\\\/\\\/iwell-guard.com\\\/cs\\\/lugh\\\/\",\"name\":\"Lugh \u2013 keltsk\u00fd b\u016fh sv\u011btla a um\u011bn\u00ed\",\"isPartOf\":{\"@id\":\"https:\\\/\\\/iwell-guard.com\\\/cs\\\/#website\"},\"primaryImageOfPage\":{\"@id\":\"https:\\\/\\\/iwell-guard.com\\\/cs\\\/lugh\\\/#primaryimage\"},\"image\":{\"@id\":\"https:\\\/\\\/iwell-guard.com\\\/cs\\\/lugh\\\/#primaryimage\"},\"thumbnailUrl\":\"https:\\\/\\\/iwell-guard.com\\\/wp-content\\\/uploads\\\/2026\\\/04\\\/goetter_keltisch_lugh.webp\",\"datePublished\":\"2026-09-03T16:29:33+00:00\",\"dateModified\":\"2026-09-03T16:53:52+00:00\",\"description\":\"Lugh, keltsk\u00fd mistr v\u0161ech um\u011bn\u00ed: v\u00edt\u011bzstv\u00ed nad Balorem, sv\u00e1tek Lughnasadh a jeho stopy od Tary a\u017e po Lyon. Vysv\u011btlen\u00ed p\u016fvodu a v\u00fdznamu.\",\"breadcrumb\":{\"@id\":\"https:\\\/\\\/iwell-guard.com\\\/cs\\\/lugh\\\/#breadcrumb\"},\"inLanguage\":\"cs\",\"potentialAction\":[{\"@type\":\"ReadAction\",\"target\":[\"https:\\\/\\\/iwell-guard.com\\\/cs\\\/lugh\\\/\"]}]},{\"@type\":\"ImageObject\",\"inLanguage\":\"cs\",\"@id\":\"https:\\\/\\\/iwell-guard.com\\\/cs\\\/lugh\\\/#primaryimage\",\"url\":\"https:\\\/\\\/iwell-guard.com\\\/wp-content\\\/uploads\\\/2026\\\/04\\\/goetter_keltisch_lugh.webp\",\"contentUrl\":\"https:\\\/\\\/iwell-guard.com\\\/wp-content\\\/uploads\\\/2026\\\/04\\\/goetter_keltisch_lugh.webp\",\"width\":1024,\"height\":1536,\"caption\":\"Bohov\u00e9 z keltsk\u00e9 tradice.\"},{\"@type\":\"BreadcrumbList\",\"@id\":\"https:\\\/\\\/iwell-guard.com\\\/cs\\\/lugh\\\/#breadcrumb\",\"itemListElement\":[{\"@type\":\"ListItem\",\"position\":1,\"name\":\"Start\",\"item\":\"https:\\\/\\\/iwell-guard.com\\\/cs\\\/?page_id=145107\"},{\"@type\":\"ListItem\",\"position\":2,\"name\":\"Lugh\"}]},{\"@type\":\"WebSite\",\"@id\":\"https:\\\/\\\/iwell-guard.com\\\/cs\\\/#website\",\"url\":\"https:\\\/\\\/iwell-guard.com\\\/cs\\\/\",\"name\":\"iWell Guard\",\"description\":\"Schutz vor dunklen Einfl\u00fcssen\",\"publisher\":{\"@id\":\"https:\\\/\\\/iwell-guard.com\\\/cs\\\/#organization\"},\"potentialAction\":[{\"@type\":\"SearchAction\",\"target\":{\"@type\":\"EntryPoint\",\"urlTemplate\":\"https:\\\/\\\/iwell-guard.com\\\/cs\\\/?s={search_term_string}\"},\"query-input\":{\"@type\":\"PropertyValueSpecification\",\"valueRequired\":true,\"valueName\":\"search_term_string\"}}],\"inLanguage\":\"cs\"},{\"@type\":\"Organization\",\"@id\":\"https:\\\/\\\/iwell-guard.com\\\/cs\\\/#organization\",\"name\":\"Ittermann electronic GmbH\",\"url\":\"https:\\\/\\\/iwell-guard.com\\\/cs\\\/\",\"logo\":{\"@type\":\"ImageObject\",\"inLanguage\":\"cs\",\"@id\":\"https:\\\/\\\/iwell-guard.com\\\/cs\\\/#\\\/schema\\\/logo\\\/image\\\/\",\"url\":\"https:\\\/\\\/iwell-guard.com\\\/wp-content\\\/uploads\\\/2026\\\/05\\\/Ittermann-Logo-1182x237-1.png\",\"contentUrl\":\"https:\\\/\\\/iwell-guard.com\\\/wp-content\\\/uploads\\\/2026\\\/05\\\/Ittermann-Logo-1182x237-1.png\",\"width\":1182,\"height\":237,\"caption\":\"Ittermann electronic GmbH\"},\"image\":{\"@id\":\"https:\\\/\\\/iwell-guard.com\\\/cs\\\/#\\\/schema\\\/logo\\\/image\\\/\"},\"sameAs\":[\"https:\\\/\\\/pantip.com\\\/profile\\\/9367242\",\"https:\\\/\\\/micro.blog\\\/iwellguard\",\"https:\\\/\\\/www.diggerslist.com\\\/iwellguard\\\/about\",\"https:\\\/\\\/skitterphoto.com\\\/photographers\\\/2870314\\\/iwell-guard\",\"https:\\\/\\\/iwellguard.wordpress.com\\\/2026\\\/06\\\/06\\\/iwell-guard\\\/\",\"https:\\\/\\\/hub.docker.com\\\/u\\\/iwellguard\",\"https:\\\/\\\/www.pinterest.com\\\/iwellguard\\\/\",\"https:\\\/\\\/bit.ly\\\/m\\\/iwellguard\",\"https:\\\/\\\/entre-vos-mains.alsace.eu\\\/profiles\\\/iwellguard\\\/activity\",\"https:\\\/\\\/gravatar.com\\\/reallybeded8fd34\",\"https:\\\/\\\/naijamatta.com\\\/iwellguard\",\"https:\\\/\\\/www.goodreads.com\\\/iwellguard\",\"https:\\\/\\\/profile.hatena.ne.jp\\\/iwellguard\\\/\",\"https:\\\/\\\/experiment.com\\\/users\\\/iwellguard\",\"https:\\\/\\\/wakelet.com\\\/@iWellGuard82270\",\"https:\\\/\\\/www.chordie.com\\\/forum\\\/profile.php?id=2555664\",\"https:\\\/\\\/www.instapaper.com\\\/p\\\/17757966\",\"https:\\\/\\\/www.mapleprimes.com\\\/users\\\/iwellguard\",\"https:\\\/\\\/businesslistingplus.com\\\/profile\\\/iwell-guard\\\/\",\"https:\\\/\\\/telegra.ph\\\/iWell-Guard-06-06\",\"https:\\\/\\\/pbase.com\\\/iwellguard\\\/iwellguard\",\"https:\\\/\\\/b.hatena.ne.jp\\\/iwellguard\\\/20260607#bookmark-4788405196491818882\",\"https:\\\/\\\/fliphtml5.com\\\/home\\\/iwellguard\",\"https:\\\/\\\/anyflip.com\\\/homepage\\\/cmiwl#About\",\"https:\\\/\\\/transfur.com\\\/Users\\\/iwellguard\",\"http:\\\/\\\/delphi.larsbo.org\\\/user\\\/iwellguard\",\"https:\\\/\\\/jobs.lajobsportal.org\\\/profiles\\\/8380803-iwell-guard\",\"https:\\\/\\\/md.chaosdorf.de\\\/s\\\/jfbe5SBdJD\",\"https:\\\/\\\/www.lingvolive.com\\\/en-us\\\/profile\\\/9ecaeaca-ce11-4e51-9e71-01d55e2bff36\\\/translations\",\"https:\\\/\\\/www.fitday.com\\\/fitness\\\/forums\\\/members\\\/iwellguard.html\",\"https:\\\/\\\/www.mymeetbook.com\\\/iwellguard\",\"https:\\\/\\\/pxhere.com\\\/en\\\/photographer-me\\\/5040798\",\"https:\\\/\\\/disqus.com\\\/by\\\/iwellguard\\\/about\\\/\",\"https:\\\/\\\/pastelink.net\\\/hjwciqwq\",\"https:\\\/\\\/pubhtml5.com\\\/homepage\\\/scjhn\\\/\",\"https:\\\/\\\/www.bitchute.com\\\/channel\\\/2O2eOKzNqujT\",\"https:\\\/\\\/audiomack.com\\\/iwellguard\"]},{\"@type\":\"Article\",\"@id\":\"https:\\\/\\\/iwell-guard.com\\\/cs\\\/lugh\\\/#article\",\"isPartOf\":{\"@id\":\"https:\\\/\\\/iwell-guard.com\\\/cs\\\/lugh\\\/\"},\"author\":{\"name\":\"Ralf Ittermann\",\"@id\":\"https:\\\/\\\/iwell-guard.com\\\/cs\\\/#\\\/schema\\\/person\\\/ee2a27f1cac3406c7c6fb5820cb7349f\"},\"headline\":\"Lugh\",\"datePublished\":\"2026-09-03T16:29:33+00:00\",\"dateModified\":\"2026-09-03T16:53:52+00:00\",\"mainEntityOfPage\":{\"@id\":\"https:\\\/\\\/iwell-guard.com\\\/cs\\\/lugh\\\/\"},\"publisher\":{\"@id\":\"https:\\\/\\\/iwell-guard.com\\\/cs\\\/#organization\"},\"image\":{\"@id\":\"https:\\\/\\\/iwell-guard.com\\\/cs\\\/lugh\\\/#primaryimage\"},\"thumbnailUrl\":\"https:\\\/\\\/iwell-guard.com\\\/wp-content\\\/uploads\\\/2026\\\/04\\\/goetter_keltisch_lugh.webp\",\"inLanguage\":\"cs\",\"description\":\"Lugh, keltsk\u00fd mistr v\u0161ech um\u011bn\u00ed: v\u00edt\u011bzstv\u00ed nad Balorem, sv\u00e1tek Lughnasadh a jeho stopy od Tary a\u017e po Lyon. Vysv\u011btlen\u00ed p\u016fvodu a v\u00fdznamu.\"}]}<\/script>\n<!-- \/ Yoast SEO Premium plugin. -->","yoast_head_json":{"title":"Lugh \u2013 keltsk\u00fd b\u016fh sv\u011btla a um\u011bn\u00ed","description":"Lugh, keltsk\u00fd mistr v\u0161ech um\u011bn\u00ed: v\u00edt\u011bzstv\u00ed nad Balorem, sv\u00e1tek Lughnasadh a jeho stopy od Tary a\u017e po Lyon. Vysv\u011btlen\u00ed p\u016fvodu a v\u00fdznamu.","robots":{"index":"index","follow":"follow","max-snippet":"max-snippet:-1","max-image-preview":"max-image-preview:large","max-video-preview":"max-video-preview:-1"},"canonical":"https:\/\/iwell-guard.com\/cs\/lugh\/","og_locale":"cs_CZ","og_type":"article","og_title":"Lugh","og_description":"Lugh, keltsk\u00fd mistr v\u0161ech um\u011bn\u00ed: v\u00edt\u011bzstv\u00ed nad Balorem, sv\u00e1tek Lughnasadh a jeho stopy od Tary a\u017e po Lyon. Vysv\u011btlen\u00ed p\u016fvodu a v\u00fdznamu.","og_url":"https:\/\/iwell-guard.com\/cs\/lugh\/","og_site_name":"iWell Guard","article_modified_time":"2026-09-03T16:53:52+00:00","og_image":[{"width":1024,"height":1536,"url":"https:\/\/iwell-guard.com\/wp-content\/uploads\/2026\/04\/goetter_keltisch_lugh.webp","type":"image\/webp"}],"twitter_card":"summary_large_image","schema":{"@context":"https:\/\/schema.org","@graph":[{"@type":"Article","@id":"https:\/\/iwell-guard.com\/cs\/lugh\/#article","isPartOf":{"@id":"https:\/\/iwell-guard.com\/cs\/lugh\/"},"author":{"name":"Ralf Ittermann","@id":"https:\/\/iwell-guard.com\/cs\/#\/schema\/person\/ee2a27f1cac3406c7c6fb5820cb7349f"},"headline":"Lugh","datePublished":"2026-09-03T16:29:33+00:00","dateModified":"2026-09-03T16:53:52+00:00","mainEntityOfPage":{"@id":"https:\/\/iwell-guard.com\/cs\/lugh\/"},"publisher":{"@id":"https:\/\/iwell-guard.com\/cs\/#organization"},"image":{"@id":"https:\/\/iwell-guard.com\/cs\/lugh\/#primaryimage"},"thumbnailUrl":"https:\/\/iwell-guard.com\/wp-content\/uploads\/2026\/04\/goetter_keltisch_lugh.webp","inLanguage":"cs","description":"Lugh, keltsk\u00fd mistr v\u0161ech um\u011bn\u00ed: v\u00edt\u011bzstv\u00ed nad Balorem, sv\u00e1tek Lughnasadh a jeho stopy od Tary a\u017e po Lyon. Vysv\u011btlen\u00ed p\u016fvodu a v\u00fdznamu."},{"@type":"WebPage","@id":"https:\/\/iwell-guard.com\/cs\/lugh\/","url":"https:\/\/iwell-guard.com\/cs\/lugh\/","name":"Lugh \u2013 keltsk\u00fd b\u016fh sv\u011btla a um\u011bn\u00ed","isPartOf":{"@id":"https:\/\/iwell-guard.com\/cs\/#website"},"primaryImageOfPage":{"@id":"https:\/\/iwell-guard.com\/cs\/lugh\/#primaryimage"},"image":{"@id":"https:\/\/iwell-guard.com\/cs\/lugh\/#primaryimage"},"thumbnailUrl":"https:\/\/iwell-guard.com\/wp-content\/uploads\/2026\/04\/goetter_keltisch_lugh.webp","datePublished":"2026-09-03T16:29:33+00:00","dateModified":"2026-09-03T16:53:52+00:00","description":"Lugh, keltsk\u00fd mistr v\u0161ech um\u011bn\u00ed: v\u00edt\u011bzstv\u00ed nad Balorem, sv\u00e1tek Lughnasadh a jeho stopy od Tary a\u017e po Lyon. Vysv\u011btlen\u00ed p\u016fvodu a v\u00fdznamu.","breadcrumb":{"@id":"https:\/\/iwell-guard.com\/cs\/lugh\/#breadcrumb"},"inLanguage":"cs","potentialAction":[{"@type":"ReadAction","target":["https:\/\/iwell-guard.com\/cs\/lugh\/"]}]},{"@type":"ImageObject","inLanguage":"cs","@id":"https:\/\/iwell-guard.com\/cs\/lugh\/#primaryimage","url":"https:\/\/iwell-guard.com\/wp-content\/uploads\/2026\/04\/goetter_keltisch_lugh.webp","contentUrl":"https:\/\/iwell-guard.com\/wp-content\/uploads\/2026\/04\/goetter_keltisch_lugh.webp","width":1024,"height":1536,"caption":"Bohov\u00e9 z keltsk\u00e9 tradice."},{"@type":"BreadcrumbList","@id":"https:\/\/iwell-guard.com\/cs\/lugh\/#breadcrumb","itemListElement":[{"@type":"ListItem","position":1,"name":"Start","item":"https:\/\/iwell-guard.com\/cs\/?page_id=145107"},{"@type":"ListItem","position":2,"name":"Lugh"}]},{"@type":"WebSite","@id":"https:\/\/iwell-guard.com\/cs\/#website","url":"https:\/\/iwell-guard.com\/cs\/","name":"iWell Guard","description":"Schutz vor dunklen Einfl\u00fcssen","publisher":{"@id":"https:\/\/iwell-guard.com\/cs\/#organization"},"potentialAction":[{"@type":"SearchAction","target":{"@type":"EntryPoint","urlTemplate":"https:\/\/iwell-guard.com\/cs\/?s={search_term_string}"},"query-input":{"@type":"PropertyValueSpecification","valueRequired":true,"valueName":"search_term_string"}}],"inLanguage":"cs"},{"@type":"Organization","@id":"https:\/\/iwell-guard.com\/cs\/#organization","name":"Ittermann electronic GmbH","url":"https:\/\/iwell-guard.com\/cs\/","logo":{"@type":"ImageObject","inLanguage":"cs","@id":"https:\/\/iwell-guard.com\/cs\/#\/schema\/logo\/image\/","url":"https:\/\/iwell-guard.com\/wp-content\/uploads\/2026\/05\/Ittermann-Logo-1182x237-1.png","contentUrl":"https:\/\/iwell-guard.com\/wp-content\/uploads\/2026\/05\/Ittermann-Logo-1182x237-1.png","width":1182,"height":237,"caption":"Ittermann electronic GmbH"},"image":{"@id":"https:\/\/iwell-guard.com\/cs\/#\/schema\/logo\/image\/"},"sameAs":["https:\/\/pantip.com\/profile\/9367242","https:\/\/micro.blog\/iwellguard","https:\/\/www.diggerslist.com\/iwellguard\/about","https:\/\/skitterphoto.com\/photographers\/2870314\/iwell-guard","https:\/\/iwellguard.wordpress.com\/2026\/06\/06\/iwell-guard\/","https:\/\/hub.docker.com\/u\/iwellguard","https:\/\/www.pinterest.com\/iwellguard\/","https:\/\/bit.ly\/m\/iwellguard","https:\/\/entre-vos-mains.alsace.eu\/profiles\/iwellguard\/activity","https:\/\/gravatar.com\/reallybeded8fd34","https:\/\/naijamatta.com\/iwellguard","https:\/\/www.goodreads.com\/iwellguard","https:\/\/profile.hatena.ne.jp\/iwellguard\/","https:\/\/experiment.com\/users\/iwellguard","https:\/\/wakelet.com\/@iWellGuard82270","https:\/\/www.chordie.com\/forum\/profile.php?id=2555664","https:\/\/www.instapaper.com\/p\/17757966","https:\/\/www.mapleprimes.com\/users\/iwellguard","https:\/\/businesslistingplus.com\/profile\/iwell-guard\/","https:\/\/telegra.ph\/iWell-Guard-06-06","https:\/\/pbase.com\/iwellguard\/iwellguard","https:\/\/b.hatena.ne.jp\/iwellguard\/20260607#bookmark-4788405196491818882","https:\/\/fliphtml5.com\/home\/iwellguard","https:\/\/anyflip.com\/homepage\/cmiwl#About","https:\/\/transfur.com\/Users\/iwellguard","http:\/\/delphi.larsbo.org\/user\/iwellguard","https:\/\/jobs.lajobsportal.org\/profiles\/8380803-iwell-guard","https:\/\/md.chaosdorf.de\/s\/jfbe5SBdJD","https:\/\/www.lingvolive.com\/en-us\/profile\/9ecaeaca-ce11-4e51-9e71-01d55e2bff36\/translations","https:\/\/www.fitday.com\/fitness\/forums\/members\/iwellguard.html","https:\/\/www.mymeetbook.com\/iwellguard","https:\/\/pxhere.com\/en\/photographer-me\/5040798","https:\/\/disqus.com\/by\/iwellguard\/about\/","https:\/\/pastelink.net\/hjwciqwq","https:\/\/pubhtml5.com\/homepage\/scjhn\/","https:\/\/www.bitchute.com\/channel\/2O2eOKzNqujT","https:\/\/audiomack.com\/iwellguard"]},{"@type":"Person","@id":"https:\/\/iwell-guard.com\/cs\/#\/schema\/person\/ee2a27f1cac3406c7c6fb5820cb7349f","name":"Ralf Ittermann","image":{"@type":"ImageObject","inLanguage":"cs","@id":"https:\/\/secure.gravatar.com\/avatar\/073c0153e350a5005b68eb752b445fea71f6b24a26da9449ad7e155e6b446c9d?s=96&d=mm&r=g","url":"https:\/\/secure.gravatar.com\/avatar\/073c0153e350a5005b68eb752b445fea71f6b24a26da9449ad7e155e6b446c9d?s=96&d=mm&r=g","contentUrl":"https:\/\/secure.gravatar.com\/avatar\/073c0153e350a5005b68eb752b445fea71f6b24a26da9449ad7e155e6b446c9d?s=96&d=mm&r=g","caption":"Ralf Ittermann"},"givenName":"Ralf","familyName":"Ittermann","jobTitle":"Gesch\u00e4ftsf\u00fchrer und redaktioneller Verantwortlicher","url":"https:\/\/iwell-guard.com\/cs\/author\/claude\/","description":"Ralf Ittermann ist Gesch\u00e4ftsf\u00fchrer der Ittermann electronic GmbH und redaktioneller Verantwortlicher des iWell-Guard-Lexikons. Er verbindet langj\u00e4hrige Erfahrung in der Pr\u00e4zisionsfertigung mit medialer Praxis und religionsgeschichtlicher Quellenarbeit.","worksFor":{"@type":"Organization","name":"Ittermann electronic GmbH","url":"https:\/\/ittermann.de\/","address":{"@type":"PostalAddress","streetAddress":"K\u00f6hlergasse 16-18","postalCode":"99842","addressLocality":"Ruhla","addressCountry":"DE"}},"knowsAbout":["Religionsgeschichte","Mythologie","Mediale Praxis","Energetische Diagnostik","Schutzpraxis","Volksglauben","Westliche Esoterik"]},{"@type":"Article","@id":"https:\/\/iwell-guard.com\/cs\/lugh\/#article","isPartOf":{"@id":"https:\/\/iwell-guard.com\/cs\/lugh\/"},"author":{"name":"Ralf Ittermann","@id":"https:\/\/iwell-guard.com\/cs\/#\/schema\/person\/ee2a27f1cac3406c7c6fb5820cb7349f"},"headline":"Lugh","datePublished":"2026-09-03T16:29:33+00:00","dateModified":"2026-09-03T16:53:52+00:00","mainEntityOfPage":{"@id":"https:\/\/iwell-guard.com\/cs\/lugh\/"},"publisher":{"@id":"https:\/\/iwell-guard.com\/cs\/#organization"},"image":{"@id":"https:\/\/iwell-guard.com\/cs\/lugh\/#primaryimage"},"thumbnailUrl":"https:\/\/iwell-guard.com\/wp-content\/uploads\/2026\/04\/goetter_keltisch_lugh.webp","inLanguage":"cs","description":"Lugh, keltsk\u00fd mistr v\u0161ech um\u011bn\u00ed: v\u00edt\u011bzstv\u00ed nad Balorem, sv\u00e1tek Lughnasadh a jeho stopy od Tary a\u017e po Lyon. Vysv\u011btlen\u00ed p\u016fvodu a v\u00fdznamu."}]}},"_links":{"self":[{"href":"https:\/\/iwell-guard.com\/cs\/wp-json\/wp\/v2\/pages\/145359","targetHints":{"allow":["GET"]}}],"collection":[{"href":"https:\/\/iwell-guard.com\/cs\/wp-json\/wp\/v2\/pages"}],"about":[{"href":"https:\/\/iwell-guard.com\/cs\/wp-json\/wp\/v2\/types\/page"}],"author":[{"embeddable":true,"href":"https:\/\/iwell-guard.com\/cs\/wp-json\/wp\/v2\/users\/3"}],"replies":[{"embeddable":true,"href":"https:\/\/iwell-guard.com\/cs\/wp-json\/wp\/v2\/comments?post=145359"}],"version-history":[{"count":0,"href":"https:\/\/iwell-guard.com\/cs\/wp-json\/wp\/v2\/pages\/145359\/revisions"}],"wp:featuredmedia":[{"embeddable":true,"href":"https:\/\/iwell-guard.com\/cs\/wp-json\/wp\/v2\/media\/1616"}],"wp:attachment":[{"href":"https:\/\/iwell-guard.com\/cs\/wp-json\/wp\/v2\/media?parent=145359"}],"wp:term":[{"taxonomy":"category","embeddable":true,"href":"https:\/\/iwell-guard.com\/cs\/wp-json\/wp\/v2\/categories?post=145359"}],"curies":[{"name":"wp","href":"https:\/\/api.w.org\/{rel}","templated":true}]}}