{"id":145355,"date":"2026-09-03T16:29:31","date_gmt":"2026-09-03T16:29:31","guid":{"rendered":"https:\/\/iwell-guard.com\/?page_id=145355"},"modified":"2026-09-03T16:53:47","modified_gmt":"2026-09-03T16:53:47","slug":"brigid","status":"publish","type":"page","link":"https:\/\/iwell-guard.com\/cs\/brigid\/","title":{"rendered":"Brigid"},"content":{"rendered":"\t\t<div data-elementor-type=\"wp-page\" data-elementor-id=\"145355\" class=\"elementor elementor-145355 elementor-2122 elementor-bc-flex-widget\" data-elementor-post-type=\"page\">\n\t\t\t\t<div class=\"elementor-element elementor-element-10fdade e-flex e-con-boxed e-con e-parent\" data-id=\"10fdade\" data-element_type=\"container\" data-e-type=\"container\" data-settings=\"{&quot;background_background&quot;:&quot;classic&quot;}\">\n\t\t\t\t\t<div class=\"e-con-inner\">\n\t\t<div class=\"elementor-element elementor-element-herohlft0 e-flex e-con-boxed e-con e-child\" data-id=\"herohlft0\" data-element_type=\"container\" data-e-type=\"container\">\n\t\t\t\t\t<div class=\"e-con-inner\">\n\t\t<div class=\"elementor-element elementor-element-c3ceb64 e-con-full e-flex e-con e-child\" data-id=\"c3ceb64\" data-element_type=\"container\" data-e-type=\"container\">\n\t\t\t\t<div class=\"elementor-element elementor-element-96ae5e1 elementor-widget elementor-widget-heading\" data-id=\"96ae5e1\" data-element_type=\"widget\" data-e-type=\"widget\" data-widget_type=\"heading.default\">\n\t\t\t\t\t<h1 class=\"elementor-heading-title elementor-size-default\">Brigid, bohyn\u011b keltsk\u00e9 tradice<\/h1>\t\t\t\t<\/div>\n\t\t\t\t<div class=\"elementor-element elementor-element-e45238a elementor-widget elementor-widget-text-editor\" data-id=\"e45238a\" data-element_type=\"widget\" data-e-type=\"widget\" data-widget_type=\"text-editor.default\">\n\t\t\t\t\t\t\t\t\t<p>Brigid je bohyn\u011b keltsk\u00e9 tradice, kter\u00e1 zt\u011bles\u0148uje ohe\u0148, l\u00e9\u010ditelstv\u00ed, poezii a \u0159emeslnou dovednost. Reprezentuje jeden z m\u00e1la k\u0159es\u0165ansko-pohansk\u00fdch synkretism\u016f ran\u011b st\u0159edov\u011bk\u00e9 ostrovn\u00ed kultury a je z religionistick\u00e9ho hlediska kl\u00ed\u010dov\u00fdm sv\u011bdectv\u00edm kontinuity p\u0159edkeltsk\u00fdch forem uct\u00edv\u00e1n\u00ed v nomin\u00e1ln\u011b christianizovan\u00e9 spole\u010dnosti.<\/p>\t\t\t\t\t\t\t\t<\/div>\n\t\t\t\t<\/div>\n\t\t<div class=\"elementor-element elementor-element-klsbdg01 e-con-full e-flex e-con e-parent\" data-id=\"klsbdg01\" data-element_type=\"container\" data-e-type=\"container\">\n\t\t\t\t<div class=\"elementor-element elementor-element-klshtm01 elementor-widget elementor-widget-html\" data-id=\"klshtm01\" data-element_type=\"widget\" data-e-type=\"widget\" data-widget_type=\"html.default\">\n\t\t\t\t\t<div class=\"iwg-pill-row\"><span class=\"iwg-klasse-badge\" tabindex=\"0\" data-tooltip=\"B\u016fh \/ bohyn\u011b: Personifikovan\u00e1 nejvy\u0161\u0161\u00ed moc v panteonu kultury, s jasn\u00fdmi p\u016fsobnostmi, p\u0159\u00edrodn\u00ed s\u00edly, osud, v\u00e1lka, plodnost. Uct\u00edv\u00e1ni prost\u0159ednictv\u00edm kult\u016f, ob\u011bt\u00ed a chr\u00e1mov\u00fdch instituc\u00ed.\">Bohyn\u011b<\/span><a href=\"https:\/\/iwell-guard.com\/cs\/?page_id=145142\" class=\"iwg-kultur-badge\" tabindex=\"0\" data-tooltip=\"Keltsk\u00e9 n\u00e1bo\u017eenstv\u00ed z\u00e1padn\u00ed Evropy a Britsk\u00fdch ostrov\u016f, mytologicky dolo\u017een\u00e9 irsko-vel\u0161sk\u00fdmi texty.\">Keltsk\u00fd<\/a><a href=\"https:\/\/iwell-guard.com\/cs\/?page_id=145236\" class=\"iwg-tradition-badge\" tabindex=\"0\" data-tooltip=\"Ochrann\u00e1 bo\u017estva, str\u00e1\u017eci domu, m\u011bsta, porod\u016f, cest nebo \u017eivotn\u00edch f\u00e1z\u00ed.\">Ochrann\u00e9 bo\u017estvo<\/a><\/div>\t\t\t\t<\/div>\n\t\t\t\t<\/div>\n\t\t<div class=\"elementor-element elementor-element-3f74855 e-con-full e-flex e-con e-child\" data-id=\"3f74855\" data-element_type=\"container\" data-e-type=\"container\">\n\t\t\t\t<div class=\"elementor-element elementor-element-1c30362 elementor-toc--minimized-on-tablet elementor-widget elementor-widget-table-of-contents\" data-id=\"1c30362\" data-element_type=\"widget\" data-e-type=\"widget\" data-settings=\"{&quot;exclude_headings_by_selector&quot;:[],&quot;no_headings_message&quot;:&quot;Na t\\u00e9to str\\u00e1nce nebyly nalezeny \\u017e\\u00e1dn\\u00e9 nadpisy.&quot;,&quot;headings_by_tags&quot;:[&quot;h2&quot;,&quot;h3&quot;],&quot;marker_view&quot;:&quot;bullets&quot;,&quot;minimize_box&quot;:&quot;yes&quot;,&quot;icon&quot;:{&quot;value&quot;:&quot;fas fa-circle&quot;,&quot;library&quot;:&quot;fa-solid&quot;,&quot;rendered_tag&quot;:&quot;&lt;svg class=\\&quot;e-font-icon-svg e-fas-circle\\&quot; viewBox=\\&quot;0 0 512 512\\&quot; xmlns=\\&quot;http:\\\/\\\/www.w3.org\\\/2000\\\/svg\\&quot;&gt;&lt;path d=\\&quot;M256 8C119 8 8 119 8 256s111 248 248 248 248-111 248-248S393 8 256 8z\\&quot;&gt;&lt;\\\/path&gt;&lt;\\\/svg&gt;&quot;},&quot;minimized_on&quot;:&quot;tablet&quot;,&quot;hierarchical_view&quot;:&quot;yes&quot;,&quot;min_height&quot;:{&quot;unit&quot;:&quot;px&quot;,&quot;size&quot;:&quot;&quot;,&quot;sizes&quot;:[]},&quot;min_height_tablet&quot;:{&quot;unit&quot;:&quot;px&quot;,&quot;size&quot;:&quot;&quot;,&quot;sizes&quot;:[]},&quot;min_height_mobile&quot;:{&quot;unit&quot;:&quot;px&quot;,&quot;size&quot;:&quot;&quot;,&quot;sizes&quot;:[]}}\" data-widget_type=\"table-of-contents.default\">\n\t\t\t\t\t\t\t\t\t<div class=\"elementor-toc__header\">\n\t\t\t\t\t\t<h2 class=\"elementor-toc__header-title\">\n\t\t\t\tObsah\t\t\t<\/h2>\n\t\t\t\t\t\t\t\t\t\t<div class=\"elementor-toc__toggle-button elementor-toc__toggle-button--expand\" role=\"button\" tabindex=\"0\" aria-controls=\"elementor-toc__1c30362\" aria-expanded=\"true\" aria-label=\"Open table of contents\"><svg aria-hidden=\"true\" class=\"e-font-icon-svg e-fas-chevron-down\" viewBox=\"0 0 448 512\" xmlns=\"http:\/\/www.w3.org\/2000\/svg\"><path d=\"M207.029 381.476L12.686 187.132c-9.373-9.373-9.373-24.569 0-33.941l22.667-22.667c9.357-9.357 24.522-9.375 33.901-.04L224 284.505l154.745-154.021c9.379-9.335 24.544-9.317 33.901.04l22.667 22.667c9.373 9.373 9.373 24.569 0 33.941L240.971 381.476c-9.373 9.372-24.569 9.372-33.942 0z\"><\/path><\/svg><\/div>\n\t\t\t\t<div class=\"elementor-toc__toggle-button elementor-toc__toggle-button--collapse\" role=\"button\" tabindex=\"0\" aria-controls=\"elementor-toc__1c30362\" aria-expanded=\"true\" aria-label=\"Close table of contents\"><svg aria-hidden=\"true\" class=\"e-font-icon-svg e-fas-chevron-up\" viewBox=\"0 0 448 512\" xmlns=\"http:\/\/www.w3.org\/2000\/svg\"><path d=\"M240.971 130.524l194.343 194.343c9.373 9.373 9.373 24.569 0 33.941l-22.667 22.667c-9.357 9.357-24.522 9.375-33.901.04L224 227.495 69.255 381.516c-9.379 9.335-24.544 9.317-33.901-.04l-22.667-22.667c-9.373-9.373-9.373-24.569 0-33.941L207.03 130.525c9.372-9.373 24.568-9.373 33.941-.001z\"><\/path><\/svg><\/div>\n\t\t\t\t\t<\/div>\n\t\t\t\t<div id=\"elementor-toc__1c30362\" class=\"elementor-toc__body\">\n\t\t\t<div class=\"elementor-toc__spinner-container\">\n\t\t\t\t<svg class=\"elementor-toc__spinner eicon-animation-spin e-font-icon-svg e-eicon-loading\" aria-hidden=\"true\" viewBox=\"0 0 1000 1000\" xmlns=\"http:\/\/www.w3.org\/2000\/svg\"><path d=\"M500 975V858C696 858 858 696 858 500S696 142 500 142 142 304 142 500H25C25 237 238 25 500 25S975 237 975 500 763 975 500 975Z\"><\/path><\/svg>\t\t\t<\/div>\n\t\t<\/div>\n\t\t\t\t\t\t<\/div>\n\t\t\t\t<\/div>\n\t\t\t\t\t<\/div>\n\t\t\t\t<\/div>\n\t\t<div class=\"elementor-element elementor-element-herorght0 e-con-full e-flex e-con e-child\" data-id=\"herorght0\" data-element_type=\"container\" data-e-type=\"container\">\n\t\t\t\t<div class=\"elementor-element elementor-element-heroimg00 iwg-hero-image elementor-widget elementor-widget-image\" data-id=\"heroimg00\" data-element_type=\"widget\" data-e-type=\"widget\" data-widget_type=\"image.default\">\n\t\t\t\t\t\t\t\t\t\t\t\t\t\t\t<img fetchpriority=\"high\" decoding=\"async\" width=\"683\" height=\"1024\" src=\"https:\/\/iwell-guard.com\/wp-content\/uploads\/2026\/04\/goetter_keltisch_brigid-683x1024.webp\" class=\"attachment-large size-large wp-image-1613\" alt=\"Brigid\" srcset=\"https:\/\/iwell-guard.com\/wp-content\/uploads\/2026\/04\/goetter_keltisch_brigid-683x1024.webp 683w, https:\/\/iwell-guard.com\/wp-content\/uploads\/2026\/04\/goetter_keltisch_brigid-200x300.webp 200w, https:\/\/iwell-guard.com\/wp-content\/uploads\/2026\/04\/goetter_keltisch_brigid-768x1152.webp 768w, https:\/\/iwell-guard.com\/wp-content\/uploads\/2026\/04\/goetter_keltisch_brigid.webp 1024w\" sizes=\"(max-width: 683px) 100vw, 683px\" \/>\t\t\t\t\t\t\t\t\t\t\t\t\t\t\t<\/div>\n\t\t\t\t<\/div>\n\t\t\t\t\t<\/div>\n\t\t\t\t<\/div>\n\t\t<div class=\"elementor-element elementor-element-32917199 e-flex e-con-boxed e-con e-parent\" data-id=\"32917199\" data-element_type=\"container\" data-e-type=\"container\">\n\t\t\t\t\t<div class=\"e-con-inner\">\n\t\t<div class=\"elementor-element elementor-element-26e916cb e-flex e-con-boxed e-con e-child\" data-id=\"26e916cb\" data-element_type=\"container\" data-e-type=\"container\">\n\t\t\t\t\t<div class=\"e-con-inner\">\n\t\t<div class=\"elementor-element elementor-element-253a40d4 e-flex e-con-boxed e-con e-child\" data-id=\"253a40d4\" data-element_type=\"container\" data-e-type=\"container\">\n\t\t\t\t\t<div class=\"e-con-inner\">\n\t\t\t\t<div class=\"elementor-element elementor-element-1200c304 elementor-widget elementor-widget-heading\" data-id=\"1200c304\" data-element_type=\"widget\" data-e-type=\"widget\" data-widget_type=\"heading.default\">\n\t\t\t\t\t<div class=\"elementor-heading-title elementor-size-default\">Brigid<\/div>\t\t\t\t<\/div>\n\t\t\t\t<div class=\"elementor-element elementor-element-11758e7f elementor-widget elementor-widget-text-editor\" data-id=\"11758e7f\" data-element_type=\"widget\" data-e-type=\"widget\" data-widget_type=\"text-editor.default\">\n\t\t\t\t\t\t\t\t\t<p>Brigid je v literatu\u0159e popisov\u00e1na jako bohyn\u011b troj\u00ed podstaty: l\u00e9\u010ditelstv\u00ed, poezie a um\u011bleck\u00e9ho \u0159emesla. N\u00e1le\u017e\u00ed k Tuatha D\u00e9 Danann, bo\u017esk\u00e9mu rodu keltsk\u00e9 <span class=\"iwg-fachbegriff\" data-tooltip=\"P\u0159ed\u00e1v\u00e1n\u00ed znalost\u00ed a vypr\u00e1v\u011bn\u00ed nap\u0159\u00ed\u010d generacemi.\" tabindex=\"0\">tradice<\/span>, a je tradov\u00e1na jako man\u017eelka Brese nebo jin\u00fdch v\u00fdznamn\u00fdch postav.<\/p><p>Po christianizaci byla d\u00e1le uct\u00edv\u00e1na jako svat\u00e1 Brigita, patronka Irska. \u00dast\u0159edn\u00ed je jej\u00ed sv\u00e1tek Imbolc, prvn\u00ed \u00fanor, p\u0159echodov\u00fd den k jaru, spojovan\u00fd s plodnost\u00ed a nov\u00fdm \u017eivotem.<\/p>\t\t\t\t\t\t\t\t<\/div>\n\t\t\t\t\t<\/div>\n\t\t\t\t<\/div>\n\t\t<div class=\"elementor-element elementor-element-159dcf9a e-flex e-con-boxed e-con e-child\" data-id=\"159dcf9a\" data-element_type=\"container\" data-e-type=\"container\">\n\t\t\t\t\t<div class=\"e-con-inner\">\n\t\t\t\t<div class=\"elementor-element elementor-element-48cee66f elementor-widget elementor-widget-heading\" data-id=\"48cee66f\" data-element_type=\"widget\" data-e-type=\"widget\" data-widget_type=\"heading.default\">\n\t\t\t\t\t<h2 class=\"elementor-heading-title elementor-size-default\">Rychl\u00fd p\u0159ehled: Brigid<\/h2>\t\t\t\t<\/div>\n\t\t\t\t<div class=\"elementor-element elementor-element-3f50d82c elementor-widget elementor-widget-text-editor\" data-id=\"3f50d82c\" data-element_type=\"widget\" data-e-type=\"widget\" data-widget_type=\"text-editor.default\">\n\t\t\t\t\t\t\t\t\t<p>Doklady poch\u00e1zej\u00ed p\u0159edev\u0161\u00edm ze st\u0159edov\u011bk\u00fdch irsk\u00fdch rukopis\u016f, jako je Metrical Dindshenchas, kter\u00fd shroma\u017e\u010fuje m\u00edstn\u00ed legendy, a z hagiografick\u00fdch text\u016f o svat\u00e9 Brigit\u011b, vznikaj\u00edc\u00edch od 7. stolet\u00ed.<\/p><p>Bernhard Maier a Birkhan uk\u00e1zali, \u017ee kontinuita t\u00e9to postavy mezi pohanskou bohyn\u00ed a k\u0159es\u0165anskou svatou z\u016fst\u00e1v\u00e1 nevyjasn\u011bn\u00e1, ale textov\u011b nevyhnuteln\u00e1. Irsk\u00e1 ostrovn\u00ed c\u00edrkev zachov\u00e1vala keltsk\u00e9 tradice intenzivn\u011bji ne\u017e kontinent\u00e1ln\u00ed k\u0159es\u0165anstv\u00ed.<\/p>\t\t\t\t\t\t\t\t<\/div>\n\t\t\t\t\t<\/div>\n\t\t\t\t<\/div>\n\t\t\t\t\t<\/div>\n\t\t\t\t<\/div>\n\t\t\t\t\t<\/div>\n\t\t\t\t<\/div>\n\t\t<div class=\"elementor-element elementor-element-18613602 e-flex e-con-boxed e-con e-parent\" data-id=\"18613602\" data-element_type=\"container\" data-e-type=\"container\">\n\t\t\t\t\t<div class=\"e-con-inner\">\n\t\t\t\t<div class=\"elementor-element elementor-element-262b8a9f elementor-widget elementor-widget-heading\" data-id=\"262b8a9f\" data-element_type=\"widget\" data-e-type=\"widget\" data-widget_type=\"heading.default\">\n\t\t\t\t\t<h2 class=\"elementor-heading-title elementor-size-default\">Kontext<\/h2>\t\t\t\t<\/div>\n\t\t<div class=\"elementor-element elementor-element-46dcb7d e-con-full e-flex e-con e-child\" data-id=\"46dcb7d\" data-element_type=\"container\" data-e-type=\"container\">\n\t\t<div class=\"elementor-element elementor-element-61d3ab3 e-flex e-con-boxed e-con e-child\" data-id=\"61d3ab3\" data-element_type=\"container\" data-e-type=\"container\">\n\t\t\t\t\t<div class=\"e-con-inner\">\n\t\t\t\t<div class=\"elementor-element elementor-element-117c166 elementor-widget elementor-widget-heading\" data-id=\"117c166\" data-element_type=\"widget\" data-e-type=\"widget\" data-widget_type=\"heading.default\">\n\t\t\t\t\t<div class=\"elementor-heading-title elementor-size-default\">Zeitraum der Texte<\/div>\t\t\t\t<\/div>\n\t\t\t\t<div class=\"elementor-element elementor-element-73997a0 elementor-widget elementor-widget-text-editor\" data-id=\"73997a0\" data-element_type=\"widget\" data-e-type=\"widget\" data-widget_type=\"text-editor.default\">\n\t\t\t\t\t\t\t\t\t<p>Od bohyn\u011b Tuatha D\u00e9 Danann p\u0159es svatou Brigidu z Kildare a\u017e k brigidsk\u00fdm zvyk\u016fm 20. stolet\u00ed lze tradici v Irsku sledovat po dlouh\u00e1 stalet\u00ed. Pleten\u00ed brigidsk\u00fdch k\u0159\u00ed\u017e\u016f 1. \u00fanora se praktikuje dodnes, od roku 2023 je Den svat\u00e9 Brigity v Irsku st\u00e1tn\u00edm sv\u00e1tkem. K\u0159es\u0165ansk\u00e1 svat\u00e1 p\u0159i tom p\u0159evzala rysy star\u0161\u00ed bohyn\u011b, tak\u017ee z\u00e1kladn\u00ed postava z\u016fstala i p\u0159es zm\u011bnu n\u00e1bo\u017eenstv\u00ed rozpoznateln\u00e1.<\/p><h3>Mytologick\u00e9 za\u0159azen\u00ed<\/h3><p>Brigid je jednou z nejv\u00fdznamn\u011bj\u0161\u00edch bohyn\u00ed irsk\u00e9 a britsk\u00e9 keltsk\u00e9 tradice. Je bohyn\u00ed ohn\u011b, l\u00e9\u010ditelstv\u00ed, b\u00e1snictv\u00ed a kov\u00e1\u0159sk\u00e9ho um\u011bn\u00ed. V genealogii je trojn\u00e1 nebo dev\u00edtin\u00e1sobn\u00e1. Brigid byla tak v\u00fdznamn\u00e1, \u017ee byla p\u0159ijata do k\u0159es\u0165ansk\u00e9ho kultu svat\u00fdch.<\/p>\t\t\t\t\t\t\t\t<\/div>\n\t\t\t\t\t<\/div>\n\t\t\t\t<\/div>\n\t\t<div class=\"elementor-element elementor-element-d47b156 e-flex e-con-boxed e-con e-child\" data-id=\"d47b156\" data-element_type=\"container\" data-e-type=\"container\">\n\t\t\t\t\t<div class=\"e-con-inner\">\n\t\t\t\t<div class=\"elementor-element elementor-element-ff38c2b elementor-widget elementor-widget-heading\" data-id=\"ff38c2b\" data-element_type=\"widget\" data-e-type=\"widget\" data-widget_type=\"heading.default\">\n\t\t\t\t\t<div class=\"elementor-heading-title elementor-size-default\">Verbreitungsraum<\/div>\t\t\t\t<\/div>\n\t\t\t\t<div class=\"elementor-element elementor-element-4e49fcc elementor-widget elementor-widget-text-editor\" data-id=\"4e49fcc\" data-element_type=\"widget\" data-e-type=\"widget\" data-widget_type=\"text-editor.default\">\n\t\t\t\t\t\t\t\t\t<p>Brigid nebyla omezena na ur\u010dit\u00fd region nebo m\u00edsto, ale byla univerz\u00e1ln\u011b zn\u00e1m\u00e1 a uct\u00edvan\u00e1, p\u0159\u00edpadn\u011b s respektem ob\u00e1van\u00e1, v cel\u00e9m keltsk\u00e9m sv\u011bt\u011b. A\u0165 ve velk\u00fdch m\u011bstsk\u00fdch centrech, nebo v odlehl\u00e9 venkovsk\u00e9 oblasti, a\u0165 u spole\u010densk\u00e9 elity, nebo u prost\u00e9ho lidu, duchovn\u00ed a kulturn\u00ed v\u00fdznam t\u00e9to entity byl uzn\u00e1van\u00fd soustavn\u011b a v\u0161ude stejn\u011b.<\/p><p>Cormac\u016fv glos\u00e1\u0159 naz\u00fdv\u00e1 Brigid bohyn\u00ed, kterou uct\u00edvali v\u0161ichni ir\u0161t\u00ed b\u00e1sn\u00edci, co\u017e dokl\u00e1d\u00e1 jej\u00ed postaven\u00ed mezi vzd\u011blan\u00fdmi vrstvami Irska. Jej\u00ed jm\u00e9no se nav\u00edc objevuje v Britannii a Galii v p\u0159\u00edbuzn\u00fdch form\u00e1ch jako Brigantia, kmenov\u00e1 bohyn\u011b Brigant\u016f. Toto roz\u0161\u00ed\u0159en\u00ed nap\u0159\u00ed\u010d keltsky os\u00eddlen\u00fdmi oblastmi se vysv\u011btluje spole\u010dn\u00fdmi jazykov\u00fdmi ko\u0159eny a spojen\u00edmi mezi keltsk\u00fdmi skupinami ostrov\u016f a kontinentu.<\/p>\t\t\t\t\t\t\t\t<\/div>\n\t\t\t\t\t<\/div>\n\t\t\t\t<\/div>\n\t\t\t\t<\/div>\n\t\t<div class=\"elementor-element elementor-element-db03c39 e-con-full e-flex e-con e-child\" data-id=\"db03c39\" data-element_type=\"container\" data-e-type=\"container\">\n\t\t<div class=\"elementor-element elementor-element-229a87b e-flex e-con-boxed e-con e-child\" data-id=\"229a87b\" data-element_type=\"container\" data-e-type=\"container\">\n\t\t\t\t\t<div class=\"e-con-inner\">\n\t\t\t\t<div class=\"elementor-element elementor-element-1f471fc elementor-widget elementor-widget-heading\" data-id=\"1f471fc\" data-element_type=\"widget\" data-e-type=\"widget\" data-widget_type=\"heading.default\">\n\t\t\t\t\t<div class=\"elementor-heading-title elementor-size-default\">Quellenlage<\/div>\t\t\t\t<\/div>\n\t\t\t\t<div class=\"elementor-element elementor-element-36b1201 elementor-widget elementor-widget-text-editor\" data-id=\"36b1201\" data-element_type=\"widget\" data-e-type=\"widget\" data-widget_type=\"text-editor.default\">\n\t\t\t\t\t\t\t\t\t<p>Prim\u00e1rn\u00ed prameny: Metrical Dindshenchas (st\u0159edov\u011bk\u00fd, shroma\u017e\u010fuje p\u0159edk\u0159es\u0165ansk\u00fd materi\u00e1l), \u017eivotopisy svat\u00e9 Brigity (7.\u20139. stol.) a fragment\u00e1rn\u00ed seznamy boh\u016f v Yellow Book of Lecan.<\/p><p>\u010casov\u00e1 obdob\u00ed: mytologick\u00e1 vypr\u00e1v\u011bn\u00ed rekonstruuj\u00ed pom\u011bry z doby \u017eelezn\u00e9 a \u0159\u00edmsk\u00e9 (cca 500 p\u0159. n. l. \u2013 400 n. l.), z\u00e1pisy v\u0161ak vznikly v 8.\u201312. stol. Badatel\u00e9 Proinsias Mac Cana (Celtic Mythology), Bernhard Maier (Die Religion der Kelten) a Helmut Birkhan (Kelten) analyzuj\u00ed jevy synkretismu.<\/p>\t\t\t\t\t\t\t\t<\/div>\n\t\t\t\t\t<\/div>\n\t\t\t\t<\/div>\n\t\t\t\t<\/div>\n\t\t\t\t\t<\/div>\n\t\t\t\t<\/div>\n\t\t<div class=\"elementor-element elementor-element-3ae0637c e-flex e-con-boxed e-con e-parent\" data-id=\"3ae0637c\" data-element_type=\"container\" data-e-type=\"container\">\n\t\t\t\t\t<div class=\"e-con-inner\">\n\t\t\t\t<div class=\"elementor-element elementor-element-31d07739 elementor-widget elementor-widget-heading\" data-id=\"31d07739\" data-element_type=\"widget\" data-e-type=\"widget\" data-widget_type=\"heading.default\">\n\t\t\t\t\t<h2 class=\"elementor-heading-title elementor-size-default\">Jm\u00e9no a varianty<\/h2>\t\t\t\t<\/div>\n\t\t<div class=\"elementor-element elementor-element-b7642947 e-con-full e-flex e-con e-child\" data-id=\"b7642947\" data-element_type=\"container\" data-e-type=\"container\">\n\t\t\t\t<div class=\"elementor-element elementor-element-a086266 elementor-widget elementor-widget-text-editor\" data-id=\"a086266\" data-element_type=\"widget\" data-e-type=\"widget\" data-widget_type=\"text-editor.default\">\n\t\t\t\t\t\t\t\t\t<p>Brigid je v r\u016fzn\u00fdch pramenech a um\u011bleck\u00fdch tradic\u00edch zobrazov\u00e1na s ur\u010dit\u00fdmi opakuj\u00edc\u00edmi se ikonografick\u00fdmi prvky, kter\u00e9 z\u016fst\u00e1vaj\u00ed relativn\u011b konstantn\u00ed nap\u0159\u00ed\u010d desetilet\u00edmi i geografick\u00fdmi oblastmi. Tyto prvky nejsou \u010dist\u011b dekorativn\u00ed nebo n\u00e1hodn\u011b zvolen\u00e9, ale jsou hluboce symbolicky k\u00f3dovan\u00e9 a nesou velk\u00fd v\u00fdznam.<\/p><p>Znaky Brigidy v\u017edy nesou ur\u010dit\u00e9 sd\u011blen\u00ed: spojen\u00ed s ohn\u011bm a kov\u00e1rnou odkazuje na jej\u00ed \u0159emesln\u00fd \u00fa\u0159ad, svat\u00fd ohe\u0148 z Kildare na jej\u00ed l\u00e9\u010ditelskou funkci, p\u0159i\u0159azen\u00ed k poezii na jej\u00ed postaven\u00ed jako ochr\u00e1nkyn\u011b filid\u016f, u\u010den\u00fdch irsk\u00fdch b\u00e1sn\u00edk\u016f. Brigidsk\u00fd k\u0159\u00ed\u017e ze spl\u00e9tan\u00e9ho s\u00edt\u00ed, vztah ke prameni a jarn\u00ed sv\u00e1tek Imbolc dohromady tvo\u0159\u00ed \u010diteln\u00fd syst\u00e9m znak\u016f. Kdo byl obezn\u00e1men s irskou tradic\u00ed, mohl z toho vy\u010d\u00edst kompetenci a postaven\u00ed bohyn\u011b: postavu spojuj\u00edc\u00ed poezii, kov\u00e1\u0159sk\u00e9 um\u011bn\u00ed a l\u00e9\u010den\u00ed v troj\u00ed podob\u011b, jak ji ve 9. stolet\u00ed popisuje Cormac\u016fv glos\u00e1\u0159.<\/p>\t\t\t\t\t\t\t\t<\/div>\n\t\t\t\t<\/div>\n\t\t\t\t\t<\/div>\n\t\t\t\t<\/div>\n\t\t<div class=\"elementor-element elementor-element-709a44a8 e-flex e-con-boxed e-con e-parent\" data-id=\"709a44a8\" data-element_type=\"container\" data-e-type=\"container\">\n\t\t\t\t\t<div class=\"e-con-inner\">\n\t\t\t\t<div class=\"elementor-element elementor-element-2f585873 elementor-widget elementor-widget-heading\" data-id=\"2f585873\" data-element_type=\"widget\" data-e-type=\"widget\" data-widget_type=\"heading.default\">\n\t\t\t\t\t<h2 class=\"elementor-heading-title elementor-size-default\">Popis<\/h2>\t\t\t\t<\/div>\n\t\t<div class=\"elementor-element elementor-element-70621c12 e-con-full e-flex e-con e-child\" data-id=\"70621c12\" data-element_type=\"container\" data-e-type=\"container\">\n\t\t\t\t<div class=\"elementor-element elementor-element-4296eb49 elementor-widget elementor-widget-text-editor\" data-id=\"4296eb49\" data-element_type=\"widget\" data-e-type=\"widget\" data-widget_type=\"text-editor.default\">\n\t\t\t\t\t\t\t\t\t<p>Brigid byla \u00fast\u0159edn\u00ed postavou n\u00e1bo\u017eensk\u00e9 praxe, ka\u017edodenn\u00edch ritu\u00e1l\u016f a v\u0161eobecn\u00e9ho ch\u00e1p\u00e1n\u00ed keltsk\u00e9ho sv\u011bta. Lid\u00e9 se k t\u00e9to entit\u011b obraceli v kritick\u00fdch nebo ur\u010dit\u00fdch \u017eivotn\u00edch situac\u00edch, p\u0159\u00edpadn\u011b v ur\u010dit\u00fdch ob\u0159adn\u00edch ro\u010dn\u00edch dob\u00e1ch, se strukturovan\u00fdmi, \u010dasto n\u00e1ro\u010dn\u00fdmi ritu\u00e1ly, modlitbami nebo ob\u011btn\u00edmi dary.<\/p><p>Uct\u00edv\u00e1n\u00ed Brigidy se \u0159\u00eddilo pevn\u00fdmi pravidly: sv\u00e1tek Imbolc 1. \u00fanora ozna\u010doval jasn\u011b stanoven\u00fd term\u00edn v ro\u010dn\u00edm kolob\u011bhu, a zvyky spojen\u00e9 s brigidsk\u00fdmi k\u0159\u00ed\u017ei ze s\u00edt\u00ed nebo pokl\u00e1d\u00e1n\u00edm l\u00e1tek v noci sv\u00e1tku se p\u0159ed\u00e1valy v ust\u00e1len\u00e9 form\u011b. Po splynut\u00ed se svatou Brigitou z Kildare byla p\u00e9\u010de o tamn\u00ed kult v rukou uspo\u0159\u00e1dan\u00e9ho kl\u00e1\u0161tern\u00edho spole\u010denstv\u00ed, jeho\u017e \u017eeny udr\u017eovaly tradovan\u00fd ohe\u0148.<\/p><p>Skute\u010dnost, \u017ee Imbolc se slavil od p\u0159edk\u0159es\u0165ansk\u00e9ho Irska a\u017e po k\u0159es\u0165anskou dobu jako Den svat\u00e9 Brigity (L\u00e1 Fh\u00e9ile Br\u00edde), ukazuje, jak\u00fd prosp\u011bch se t\u011bmto zvyk\u016fm p\u0159isuzoval. Jej\u00ed \u00fakoly zahrnovaly v\u00edce oblast\u00ed: brigidsk\u00fd k\u0159\u00ed\u017e nade dve\u0159mi m\u011bl chr\u00e1nit d\u016fm a dobytek p\u0159ed \u0161kodou, jej\u00ed p\u016fsobnost v oblasti l\u00e9\u010den\u00ed se t\u00fdkala nemocn\u00fdch a rodi\u010dek, a sv\u00e1tek 1. \u00fanora doprov\u00e1zel p\u0159echod od zimy k po\u010d\u00ednaj\u00edc\u00edmu pastevn\u00edmu obdob\u00ed s prvn\u00edm jehn\u011bn\u00edm ovc\u00ed.<\/p><h3>Vzhled a symbolika<\/h3><p>Brigid je zobrazov\u00e1na jako z\u00e1\u0159iv\u011b kr\u00e1sn\u00e1 \u017eena s rud\u00fdmi nebo zlat\u00fdmi vlasy, \u010dasto zahalen\u00e1 v ohni. Obklopuje ji koruna. Jej\u00edmi atributy jsou pochode\u0148, kovadlina a kladivo, l\u00e9\u010div\u00e9 byliny a harfa. Prameny a studny jsou <span class=\"iwg-fachbegriff\" data-tooltip=\"N\u00e1le\u017eej\u00edc\u00ed bo\u017esk\u00e9mu, a t\u00edm vy\u0148at\u00e9 z b\u011b\u017en\u00e9ho u\u017e\u00edv\u00e1n\u00ed.\" tabindex=\"0\">svat\u00e9<\/span>. Brigidsk\u00fd k\u0159\u00ed\u017e je jej\u00edm <span class=\"iwg-fachbegriff\" data-tooltip=\"Znak, kter\u00fd zastupuje ur\u010ditou p\u0159edstavu nebo v\u00fdznam.\" tabindex=\"0\">symbolem<\/span>.<\/p>\t\t\t\t\t\t\t\t<\/div>\n\t\t\t\t<\/div>\n\t\t\t\t\t<\/div>\n\t\t\t\t<\/div>\n\t\t<div class=\"elementor-element elementor-element-44e71476 e-flex e-con-boxed e-con e-parent\" data-id=\"44e71476\" data-element_type=\"container\" data-e-type=\"container\">\n\t\t\t\t\t<div class=\"e-con-inner\">\n\t\t\t\t<div class=\"elementor-element elementor-element-3c1fc3f0 elementor-widget elementor-widget-heading\" data-id=\"3c1fc3f0\" data-element_type=\"widget\" data-e-type=\"widget\" data-widget_type=\"heading.default\">\n\t\t\t\t\t<div class=\"elementor-heading-title elementor-size-default\">Profil: Brigid<\/div>\t\t\t\t<\/div>\n\t\t<div class=\"elementor-element elementor-element-84f33b8e e-con-full e-flex e-con e-child\" data-id=\"84f33b8e\" data-element_type=\"container\" data-e-type=\"container\">\n\t\t\t\t<div class=\"elementor-element elementor-element-hqkdc67p elementor-widget elementor-widget-text-editor\" data-id=\"hqkdc67p\" data-element_type=\"widget\" data-e-type=\"widget\" data-widget_type=\"text-editor.default\">\n\t\t\t\t\t\t\t\t\t<p>Profil p\u0159edstavuje Brigid v \u0161esti dimenz\u00edch: jej\u00ed kulturn\u00ed p\u016fvod, okruhy uct\u00edv\u00e1n\u00ed, ikonografii, j\u00ed p\u0159isuzovan\u00e9 s\u00edly, zp\u016fsoby uct\u00edv\u00e1n\u00ed a vz\u00fdv\u00e1n\u00ed a tak\u00e9 obdoby v sousedn\u00edch kultur\u00e1ch. To umo\u017e\u0148uje systematick\u00fd p\u0159ehled t\u00e9to mnohovrstevn\u00e9 bohyn\u011b.<\/p>\t\t\t\t\t\t\t\t<\/div>\n\t\t\t\t<\/div>\n\t\t<div class=\"elementor-element elementor-element-pemmx7c5 e-con-full e-flex e-con e-child\" data-id=\"pemmx7c5\" data-element_type=\"container\" data-e-type=\"container\">\n\t\t<div class=\"elementor-element elementor-element-pemmx7c1 e-con-full e-flex e-con e-child\" data-id=\"pemmx7c1\" data-element_type=\"container\" data-e-type=\"container\">\n\t\t<div class=\"elementor-element elementor-element-qh9oavvu iwg-steckbrief-card e-flex e-con-boxed e-con e-child\" data-id=\"qh9oavvu\" data-element_type=\"container\" data-e-type=\"container\">\n\t\t\t\t\t<div class=\"e-con-inner\">\n\t\t\t\t<div class=\"elementor-element elementor-element-awzx8k2k elementor-widget elementor-widget-heading\" data-id=\"awzx8k2k\" data-element_type=\"widget\" data-e-type=\"widget\" data-widget_type=\"heading.default\">\n\t\t\t\t\t<div class=\"elementor-heading-title elementor-size-default\">Kulturn\u00ed kontext<\/div>\t\t\t\t<\/div>\n\t\t\t\t<div class=\"elementor-element elementor-element-x6rowhv0 elementor-widget elementor-widget-text-editor\" data-id=\"x6rowhv0\" data-element_type=\"widget\" data-e-type=\"widget\" data-widget_type=\"text-editor.default\">\n\t\t\t\t\t\t\t\t\t<p>Brigid poch\u00e1z\u00ed z p\u0159edkeltsk\u00e9 nebo ran\u011b indoevropsk\u00e9 vrstvy irsk\u00e9 tradice, na co\u017e odkazuje rada boh\u016f Tuatha D\u00e9 Danann. Jej\u00ed prvn\u00ed liter\u00e1rn\u00ed zm\u00ednka se nach\u00e1z\u00ed v Metrical Dindshenchas a v genealogi\u00edch z 9. a 10. stolet\u00ed. Geograficky je spjata p\u0159edev\u0161\u00edm s Irskem, se sekund\u00e1rn\u00edmi doklady ze skotsk\u00fdch Highlands.<\/p><p>Postava svat\u00e9 Brigity, dosv\u011bd\u010den\u00e1 od 7. stolet\u00ed, se p\u0159ekr\u00fdv\u00e1 s bo\u017eskou postavou a ukazuje kontinuitu <span class=\"iwg-fachbegriff\" data-tooltip=\"Souhrn n\u00e1bo\u017eensk\u00fdch \u00fakon\u016f uct\u00edv\u00e1n\u00ed bo\u017estva nebo svat\u00e9 postavy.\" tabindex=\"0\">kultu<\/span> p\u0159es obdob\u00ed christianizace.<\/p>\t\t\t\t\t\t\t\t<\/div>\n\t\t\t\t\t<\/div>\n\t\t\t\t<\/div>\n\t\t<div class=\"elementor-element elementor-element-8e3o4kxs iwg-steckbrief-card e-flex e-con-boxed e-con e-child\" data-id=\"8e3o4kxs\" data-element_type=\"container\" data-e-type=\"container\">\n\t\t\t\t\t<div class=\"e-con-inner\">\n\t\t\t\t<div class=\"elementor-element elementor-element-08rkdgov elementor-widget elementor-widget-heading\" data-id=\"08rkdgov\" data-element_type=\"widget\" data-e-type=\"widget\" data-widget_type=\"heading.default\">\n\t\t\t\t\t<div class=\"elementor-heading-title elementor-size-default\">P\u0159edm\u011bt p\u016fsoben\u00ed<\/div>\t\t\t\t<\/div>\n\t\t\t\t<div class=\"elementor-element elementor-element-uwjelx8s elementor-widget elementor-widget-text-editor\" data-id=\"uwjelx8s\" data-element_type=\"widget\" data-e-type=\"widget\" data-widget_type=\"text-editor.default\">\n\t\t\t\t\t\t\t\t\t<p>Brigid byla vz\u00fdv\u00e1na b\u00e1snick\u00fdmi rodinami (fil\u00ed), l\u00e9\u010diteli, kov\u00e1\u0159i a \u0159emeslnicemi. Jej\u00ed sv\u00e1tek Imbolc byl p\u0159\u00edle\u017eitost\u00ed k o\u010distn\u00fdm ritu\u00e1l\u016fm a oslav\u00e1m plodnosti. V k\u0159es\u0165ansk\u00e9 dob\u011b se \u017eeny v porodn\u00edch bolestech a p\u0159i nemoc\u00edch obracely na svatou Brigitu. Zvl\u00e1\u0161tn\u00ed \u00fact\u011b se j\u00ed v\u011bnovaly kl\u00e1\u0161tery, nap\u0159\u00edklad kl\u00e1\u0161ter v Kildare, kter\u00fd p\u011bstoval brigitskou tradici a stal se hospod\u00e1\u0159sk\u00fdm i intelektu\u00e1ln\u00edm centrem.<\/p>\t\t\t\t\t\t\t\t<\/div>\n\t\t\t\t\t<\/div>\n\t\t\t\t<\/div>\n\t\t<div class=\"elementor-element elementor-element-jm2n74ec iwg-steckbrief-card e-flex e-con-boxed e-con e-child\" data-id=\"jm2n74ec\" data-element_type=\"container\" data-e-type=\"container\">\n\t\t\t\t\t<div class=\"e-con-inner\">\n\t\t\t\t<div class=\"elementor-element elementor-element-8vufse4c elementor-widget elementor-widget-heading\" data-id=\"8vufse4c\" data-element_type=\"widget\" data-e-type=\"widget\" data-widget_type=\"heading.default\">\n\t\t\t\t\t<div class=\"elementor-heading-title elementor-size-default\">Forma<\/div>\t\t\t\t<\/div>\n\t\t\t\t<div class=\"elementor-element elementor-element-mwb9u015 elementor-widget elementor-widget-text-editor\" data-id=\"mwb9u015\" data-element_type=\"widget\" data-e-type=\"widget\" data-widget_type=\"text-editor.default\">\n\t\t\t\t\t\t\t\t\t<p>Brigid je v um\u011bleck\u00e9m \u0159emesle i v liter\u00e1rn\u00edch popisech spojov\u00e1na s ohn\u011bm, jako plamen inspirace, l\u00e9\u010den\u00ed a kov\u00e1\u0159sk\u00e9ho um\u011bn\u00ed. Ohe\u0148 v Kildare m\u011bl b\u00fdt <span class=\"iwg-fachbegriff\" data-tooltip=\"Prost\u0159ednictv\u00edm n\u00e1bo\u017eensk\u00e9ho \u00fakonu odevzdan\u00fd bo\u017estvu a t\u00edm vy\u0148at\u00fd z b\u011b\u017en\u00e9ho \u017eivota.\" tabindex=\"0\">zasv\u011bcen<\/span> j\u00ed, opatrovan\u00fd jepti\u0161kami.<\/p><p>N\u011bkdy nese atributy porodn\u00ed asistentky a l\u00e9ka\u0159ky. Ve st\u0159edov\u011bk\u00fdch rukopisech se objevuje d\u016fstojn\u00e1 a obklopen\u00e1 z\u00e1\u0159ivost\u00ed, \u010dasto doprov\u00e1zen\u00e1 plameny nebo l\u00e9\u010div\u00fdmi vodami.<\/p>\t\t\t\t\t\t\t\t<\/div>\n\t\t\t\t\t<\/div>\n\t\t\t\t<\/div>\n\t\t\t\t<\/div>\n\t\t<div class=\"elementor-element elementor-element-pemmx7c2 e-con-full e-flex e-con e-child\" data-id=\"pemmx7c2\" data-element_type=\"container\" data-e-type=\"container\">\n\t\t<div class=\"elementor-element elementor-element-37ss2yr6 iwg-steckbrief-card e-flex e-con-boxed e-con e-child\" data-id=\"37ss2yr6\" data-element_type=\"container\" data-e-type=\"container\">\n\t\t\t\t\t<div class=\"e-con-inner\">\n\t\t\t\t<div class=\"elementor-element elementor-element-3v0wp3wx elementor-widget elementor-widget-heading\" data-id=\"3v0wp3wx\" data-element_type=\"widget\" data-e-type=\"widget\" data-widget_type=\"heading.default\">\n\t\t\t\t\t<div class=\"elementor-heading-title elementor-size-default\">P\u016fsoben\u00ed<\/div>\t\t\t\t<\/div>\n\t\t\t\t<div class=\"elementor-element elementor-element-w3247g2m elementor-widget elementor-widget-text-editor\" data-id=\"w3247g2m\" data-element_type=\"widget\" data-e-type=\"widget\" data-widget_type=\"text-editor.default\">\n\t\t\t\t\t\t\t\t\t<p>Brigid p\u016fsobila jako patronka v neobvykle \u0161irok\u00e9m spektru funkc\u00ed: jako l\u00e9\u010ditelka, str\u00e1\u017ekyn\u011b kov\u00e1\u0159sk\u00e9ho um\u011bn\u00ed, ochr\u00e1nkyn\u011b b\u00e1sn\u00edk\u016f a d\u00e1rkyn\u011b plodnosti pro dobytek i lidi. V d\u00edle <em>Cath Maige Tuired<\/em> vystupuje jako kulturotvorn\u00e1 postava, jej\u00ed\u017e \u017ealozp\u011bv nad padl\u00fdm synem Ruad\u00e1nem zakl\u00e1d\u00e1 prvn\u00ed takovou p\u00edse\u0148 irsk\u00e9 tradice.<\/p><p>Pozd\u011bj\u0161\u00ed hagiografick\u00e9 texty, nap\u0159\u00edklad <em>Bethu Brigte<\/em> (9. stol.), p\u0159en\u00e1\u0161ej\u00ed jej\u00ed p\u016fsoben\u00ed na k\u0159es\u0165anskou svatou Brigidu z Kildare a p\u0159ipisuj\u00ed j\u00ed uzdravov\u00e1n\u00ed nemocn\u00fdch, rozmno\u017eov\u00e1n\u00ed potravin a ochranu st\u00e1d.<\/p>\t\t\t\t\t\t\t\t<\/div>\n\t\t\t\t\t<\/div>\n\t\t\t\t<\/div>\n\t\t<div class=\"elementor-element elementor-element-0qpjal9w iwg-steckbrief-card e-flex e-con-boxed e-con e-child\" data-id=\"0qpjal9w\" data-element_type=\"container\" data-e-type=\"container\">\n\t\t\t\t\t<div class=\"e-con-inner\">\n\t\t\t\t<div class=\"elementor-element elementor-element-6ndoih0o elementor-widget elementor-widget-heading\" data-id=\"6ndoih0o\" data-element_type=\"widget\" data-e-type=\"widget\" data-widget_type=\"heading.default\">\n\t\t\t\t\t<div class=\"elementor-heading-title elementor-size-default\">Formy ochrany<\/div>\t\t\t\t<\/div>\n\t\t\t\t<div class=\"elementor-element elementor-element-6684tyh9 elementor-widget elementor-widget-text-editor\" data-id=\"6684tyh9\" data-element_type=\"widget\" data-e-type=\"widget\" data-widget_type=\"text-editor.default\">\n\t\t\t\t\t\t\t\t\t<p>Brigid je pova\u017eov\u00e1na za dobrotivou a podporuj\u00edc\u00ed bytost. \u017deny a \u0159emesln\u00edci ji vz\u00fdvali, aby z\u00edskali dovednost a ochranu p\u0159i sv\u00e9 pr\u00e1ci. V hagiografick\u00fdch textech pom\u00e1h\u00e1 trp\u00edc\u00edm pomoc\u00ed z\u00e1zrak\u016f. Dnes je postavou vz\u00fdvanou pro um\u011bleck\u00e9 tvo\u0159en\u00ed, uzdraven\u00ed a ochranu domova. Neexistuj\u00ed \u017e\u00e1dn\u00e9 obrann\u00e9 praktiky, nebo\u0165 Brigid nen\u00ed pova\u017eov\u00e1na za \u0161kodlivou nebo nebezpe\u010dnou.<\/p>\t\t\t\t\t\t\t\t<\/div>\n\t\t\t\t\t<\/div>\n\t\t\t\t<\/div>\n\t\t<div class=\"elementor-element elementor-element-3lfi7x32 iwg-steckbrief-card e-flex e-con-boxed e-con e-child\" data-id=\"3lfi7x32\" data-element_type=\"container\" data-e-type=\"container\">\n\t\t\t\t\t<div class=\"e-con-inner\">\n\t\t\t\t<div class=\"elementor-element elementor-element-0kg99ga1 elementor-widget elementor-widget-heading\" data-id=\"0kg99ga1\" data-element_type=\"widget\" data-e-type=\"widget\" data-widget_type=\"heading.default\">\n\t\t\t\t\t<div class=\"elementor-heading-title elementor-size-default\">P\u0159\u00edbuzn\u00e9 bytosti<\/div>\t\t\t\t<\/div>\n\t\t\t\t<div class=\"elementor-element elementor-element-n0fum6kp elementor-widget elementor-widget-text-editor\" data-id=\"n0fum6kp\" data-element_type=\"widget\" data-e-type=\"widget\" data-widget_type=\"text-editor.default\">\n\t\t\t\t\t\t\t\t\t<p>Srovnateln\u00e9 jsou \u0159eck\u00e1 Ath\u00e9na (\u0159emeslo, boj, mudrost), \u0159\u00edmsk\u00e1 Vesta (dom\u00e1c\u00ed ohni\u0161t\u011b, ochrana) a v indick\u00e9 tradici bohyn\u011b Sarasvat\u00ed (um\u011bn\u00ed, poezie). Trojit\u00e9 pojet\u00ed aspekt\u016f p\u0159ipom\u00edn\u00e1 zobrazen\u00ed Hekat\u00e9 nebo trojjedin\u00e9 bo\u017esk\u00e9 tri\u00e1dy na keltsk\u00fdch pam\u00e1tk\u00e1ch. Tyto paralely ukazuj\u00ed univerz\u00e1ln\u00ed n\u00e1bo\u017eensk\u00e9 vzorce uct\u00edv\u00e1n\u00ed kulturotvorn\u00fdch bo\u017estev.<\/p>\t\t\t\t\t\t\t\t<\/div>\n\t\t\t\t\t<\/div>\n\t\t\t\t<\/div>\n\t\t\t\t<\/div>\n\t\t\t\t<\/div>\n\t\t\t\t\t<\/div>\n\t\t\t\t<\/div>\n\t\t<div class=\"elementor-element elementor-element-5a584676 e-flex e-con-boxed e-con e-parent\" data-id=\"5a584676\" data-element_type=\"container\" data-e-type=\"container\">\n\t\t\t\t\t<div class=\"e-con-inner\">\n\t\t\t\t<div class=\"elementor-element elementor-element-6d0757bf elementor-widget elementor-widget-heading\" data-id=\"6d0757bf\" data-element_type=\"widget\" data-e-type=\"widget\" data-widget_type=\"heading.default\">\n\t\t\t\t\t<h2 class=\"elementor-heading-title elementor-size-default\">Brigid, paralely v jin\u00fdch kultur\u00e1ch<\/h2>\t\t\t\t<\/div>\n\t\t<div class=\"elementor-element elementor-element-60563f68 e-con-full e-flex e-con e-child\" data-id=\"60563f68\" data-element_type=\"container\" data-e-type=\"container\">\n\t\t\t\t<div class=\"elementor-element elementor-element-5a93fdd6 elementor-widget elementor-widget-text-editor\" data-id=\"5a93fdd6\" data-element_type=\"widget\" data-e-type=\"widget\" data-widget_type=\"text-editor.default\">\n\t\t\t\t\t\t\t\t\t<p>Svat\u00e9 \u017eeny, kter\u00e9 v jedn\u00e9 osob\u011b spojuj\u00ed l\u00e9\u010ditelsk\u00e9 um\u011bn\u00ed, kov\u00e1\u0159sk\u00e9 \u0159emeslo a poezii, se objevuj\u00ed v mnoha mytologi\u00edch, od \u0159\u00edmsk\u00e9 Minervy p\u0159es severskou Eir a\u017e po slovanskou Moko\u0161; ka\u017ed\u00e1 tradice v\u00e1hu t\u011bchto t\u0159\u00ed aspekt\u016f rozd\u011bluje jinak.<\/p>\n<p><p><strong>\u017didovsk\u00e1 tradice:<\/strong> P\u0159\u00edm\u00e1 obdoba neexistuje. Vzd\u00e1len\u011b p\u0159\u00edbuzn\u00e9 jsou Mirjam (prorokyn\u011b, hudba, v\u016fdkyn\u011b) v exodov\u00e9 tradici nebo zosobn\u011bn\u00e1 Mudrost (Chokma\/Sofia) jako postava podobn\u00e1 \u017eensk\u00e9mu stvo\u0159itelsk\u00e9mu bo\u017estvu.<\/p><p><strong>\u0158ecko-\u0159\u00edmsk\u00fd sv\u011bt:<\/strong> Ath\u00e9na zt\u011bles\u0148uje um\u011bleck\u00e9 \u0159emeslo a strategickou mudrost, zat\u00edmco Hestia\/Vesta p\u0159edstavuj\u00ed dom\u00e1c\u00ed ohni\u0161t\u011b a soudr\u017enost spole\u010denstv\u00ed. Askl\u00e9pios a Hygieia odpov\u00eddaj\u00ed Brigidinu l\u00e9\u010ditelsk\u00e9mu aspektu. \u0158\u00edmsk\u00e1 Vestina <span class=\"iwg-fachbegriff\" data-tooltip=\"Svat\u00e9 m\u00edsto zasv\u011bcen\u00e9 uct\u00edv\u00e1n\u00ed bo\u017estva.\" tabindex=\"0\">svatyn\u011b<\/span> s v\u011b\u010dn\u00fdm ohn\u011bm je paralelou k Brigidinu ohni v Kildare.<\/p><p><strong>Mezopot\u00e1mie:<\/strong> Nin\u1e2bursa\u011da, bohyn\u011b zrozen\u00ed a l\u00e9\u010den\u00ed, a Inanna, bohyn\u011b um\u011bleck\u00e9 dovednosti a l\u00e1sky, ukazuj\u00ed tematick\u00e9 shody. Tak\u00e9 Enki, b\u016fh um\u011bleck\u00e9ho \u0159emesla, by mohl b\u00fdt pova\u017eov\u00e1n za mu\u017eskou paralelu.<\/p><p><strong>Indie\/Asie:<\/strong> Sarasvat\u00ed (poezie, um\u011bn\u00ed, mudrost) a Lak\u0161m\u00ed (bohatstv\u00ed, podpora \u0159emesel) sd\u00edlej\u00ed s Brigid roli podporovatelky lidsk\u00e9ho tvo\u0159en\u00ed. V japonsk\u00e9m \u0161intoismu j\u00ed \u010d\u00e1ste\u010dn\u011b odpov\u00edd\u00e1 Benzaiten (um\u011bn\u00ed, hudba).<\/p>\t\t\t\t\t\t\t\t<\/div>\n\t\t\t\t<\/div>\n\t\t\t\t\t<\/div>\n\t\t\t\t<\/div>\n\t\t<div class=\"elementor-element elementor-element-cp963119b e-flex e-con-boxed e-con e-parent\" data-id=\"cp963119b\" data-element_type=\"container\" data-e-type=\"container\">\n\t\t\t\t\t<div class=\"e-con-inner\">\n\t\t\t\t<div class=\"elementor-element elementor-element-cpb656ff4 elementor-widget elementor-widget-heading\" data-id=\"cpb656ff4\" data-element_type=\"widget\" data-e-type=\"widget\" data-widget_type=\"heading.default\">\n\t\t\t\t\t<h2 class=\"elementor-heading-title elementor-size-default\">Splynut\u00ed se svatou Brigidou z Kildare<\/h2>\t\t\t\t<\/div>\n\t\t<div class=\"elementor-element elementor-element-cp41801bb e-con-full e-flex e-con e-child\" data-id=\"cp41801bb\" data-element_type=\"container\" data-e-type=\"container\">\n\t\t\t\t<div class=\"elementor-element elementor-element-cp6ed9bb7 elementor-widget elementor-widget-text-editor\" data-id=\"cp6ed9bb7\" data-element_type=\"widget\" data-e-type=\"widget\" data-widget_type=\"text-editor.default\">\n\t\t\t\t\t\t\t\t\t<p>Jedna z nejdiskutovan\u011bj\u0161\u00edch ot\u00e1zek irsk\u00fdch n\u00e1bo\u017eensk\u00fdch d\u011bjin se t\u00fdk\u00e1 vztahu mezi bohyn\u00ed Brigid a k\u0159es\u0165anskou svatou Brigidou z Kildare, jej\u00ed\u017e sv\u00e1tek se slav\u00ed 1. \u00fanora, v den <em>Imbolc<\/em>.<\/p><p>Svat\u00e1 m\u011bla \u017e\u00edt v 5. nebo na po\u010d\u00e1tku 6. stolet\u00ed; jej\u00ed nejstar\u0161\u00ed vitu napsal mnich Cogitosus kolem roku 650, <em>Vita Sanctae Brigitae<\/em>.<\/p><p>Cogitosus vypr\u00e1v\u00ed o kl\u00e1\u0161te\u0159e v Kildare (<em>Cill Dara<\/em>, Kostel dubu), v n\u011bm\u017e ho\u0159el svat\u00fd ohe\u0148, kter\u00fd opatrovaly jepti\u0161ky a kter\u00fd nesm\u011bl nikdy uhasnout.<\/p><p>Giraldus Cambrensis popsal tento ohe\u0148 je\u0161t\u011b ve 12. stolet\u00ed. Tato \u00facta k ohni, spojen\u00ed s dobytkem, ml\u00e9kem a plodnost\u00ed i term\u00edn sv\u00e1tku p\u0159ivedly \u0159adu badatel\u016f k n\u00e1zoru, \u017ee ve svat\u00e9 je t\u0159eba vid\u011bt christianizovanou formu bohyn\u011b.<\/p><p>Nov\u011bj\u0161\u00ed v\u00fdzkum v\u0161ak nab\u00e1d\u00e1 k opatrnosti. Historikov\u00e9 jako Lisa Bitel upozornili, \u017ee skute\u010dn\u00e1 abaty\u0161e jm\u00e9nem Brigida mohla klidn\u011b existovat a \u017ee hagiografie se \u0159\u00edd\u00ed vlastn\u00edmi liter\u00e1rn\u00edmi z\u00e1konitostmi. Shody lze vysv\u011btlit \u010d\u00e1ste\u010dn\u011b jako v\u011bdom\u00e9 p\u0159ej\u00edm\u00e1n\u00ed p\u0159edk\u0159es\u0165ansk\u00fdch motiv\u016f kl\u00e1\u0161tern\u00ed komunitou, \u010d\u00e1ste\u010dn\u011b jako obecn\u00e9 podobnosti ran\u011b st\u0159edov\u011bk\u00fdch \u017eivot\u016f svat\u00fdch.<\/p><p>Jist\u00e9 je, \u017ee <span class=\"iwg-fachbegriff\" data-tooltip=\"Souhrn n\u00e1bo\u017eensk\u00fdch \u00fakon\u016f uct\u00edv\u00e1n\u00ed bo\u017estva nebo svat\u00e9 postavy.\" tabindex=\"0\">kult<\/span> svat\u00e9 se p\u0159ekryl s kultem bohyn\u011b a spojil star\u0161\u00ed zvyky, nap\u0159\u00edklad pleten\u00ed <em>Brigid&#8217;s Cross<\/em> z r\u00e1kos\u00ed, s k\u0159es\u0165ansk\u00fdm sv\u00e1tkem. Kontinuita je re\u00e1ln\u00e1, jej\u00ed p\u0159esn\u00e1 forma v\u0161ak z\u016fst\u00e1v\u00e1 sporn\u00e1.<\/p>\t\t\t\t\t\t\t\t<\/div>\n\t\t\t\t<\/div>\n\t\t\t\t\t<\/div>\n\t\t\t\t<\/div>\n\t\t<div class=\"elementor-element elementor-element-cp82e756a e-flex e-con-boxed e-con e-parent\" data-id=\"cp82e756a\" data-element_type=\"container\" data-e-type=\"container\">\n\t\t\t\t\t<div class=\"e-con-inner\">\n\t\t\t\t<div class=\"elementor-element elementor-element-cp7acc7a0 elementor-widget elementor-widget-heading\" data-id=\"cp7acc7a0\" data-element_type=\"widget\" data-e-type=\"widget\" data-widget_type=\"heading.default\">\n\t\t\t\t\t<h2 class=\"elementor-heading-title elementor-size-default\">Brigid ve st\u0159edov\u011bk\u00e9 textov\u00e9 tradici<\/h2>\t\t\t\t<\/div>\n\t\t<div class=\"elementor-element elementor-element-cpff2cb9f e-con-full e-flex e-con e-child\" data-id=\"cpff2cb9f\" data-element_type=\"container\" data-e-type=\"container\">\n\t\t\t\t<div class=\"elementor-element elementor-element-cp425ffe9 elementor-widget elementor-widget-text-editor\" data-id=\"cp425ffe9\" data-element_type=\"widget\" data-e-type=\"widget\" data-widget_type=\"text-editor.default\">\n\t\t\t\t\t\t\t\t\t<p>V\u011bt\u0161ina toho, co je o bohyni Brigid zn\u00e1mo, nepoch\u00e1z\u00ed z dobov\u00fdch pohansk\u00fdch pramen\u016f, ale z text\u016f, kter\u00e9 ve st\u0159edov\u011bku sepsali k\u0159es\u0165an\u0161t\u00ed u\u010denci. Nejd\u016fle\u017eit\u011bj\u0161\u00ed m\u00edsto se nach\u00e1z\u00ed v <em>Sanas Cormaic<\/em> (Cormacov\u011b glos\u00e1\u0159i), etymologick\u00e9 sb\u00edrce, je\u017e je tradi\u010dn\u011b p\u0159ipisov\u00e1na biskupu Cormacovi mac Cuilenn\u00e1inovi (zem\u0159el 908).<\/p><p>Uv\u00e1d\u00ed se tam, \u017ee Brigid byla b\u00e1sn\u00ed\u0159ka (<em>banfili<\/em>), dcera <a href=\"https:\/\/iwell-guard.com\/cs\/?page_id=145288\">Dagdy<\/a>, a \u017ee existovaly je\u0161t\u011b dv\u011b dal\u0161\u00ed Brigid, jedna zodpov\u011bdn\u00e1 za l\u00e9\u010ditelsk\u00e9 um\u011bn\u00ed a druh\u00e1 za kov\u00e1\u0159sk\u00e9 um\u011bn\u00ed.<\/p><p>Z t\u00e9to zm\u00ednky badatel\u00e9 odvozuj\u00ed p\u0159edstavu trojjedin\u00e9 bohyn\u011b nebo t\u0159\u00ed stejnojmenn\u00fdch sester. Zda se jedn\u00e1 o skute\u010dn\u011b starou p\u0159edstavu, nebo o u\u010denou konstrukci glos\u00e1tora, nelze definitivn\u011b rozhodnout.<\/p><p>Dal\u0161\u00ed zm\u00ednky se nach\u00e1zej\u00ed v <em>Lebor Gab\u00e1la \u00c9renn<\/em> (Knize invaz\u00ed) a v vypr\u00e1v\u011bn\u00ed <em>Cath Maige Tuired<\/em> (Bitva u Mag Tuired), kde se Brigid objevuje jako \u017eena Brese a matka Ruad\u00e1na a po jeho smrti m\u011bla vynal\u00e9zt \u017ealozp\u011bv (<em>keening<\/em>).<\/p><p>Tyto prameny se dochovaly v rukopisech z 11. a\u017e 15. stolet\u00ed, \u010d\u00e1ste\u010dn\u011b v\u0161ak vych\u00e1zej\u00ed ze star\u0161\u00edch p\u0159edloh. <span class=\"iwg-fachbegriff\" data-tooltip=\"V\u011bda, kter\u00e1 zkoum\u00e1 n\u00e1bo\u017eenstv\u00ed srovn\u00e1vac\u00edm zp\u016fsobem a bez vyzn\u00e1n\u00ed v\u00edry.\" tabindex=\"0\">Religionistika<\/span> proto zd\u016fraz\u0148uje, \u017ee ka\u017ed\u00e9 tvrzen\u00ed o Brigid pro\u0161lo filtrem kl\u00e1\u0161tern\u00ed u\u010denosti.<\/p>\t\t\t\t\t\t\t\t<\/div>\n\t\t\t\t<\/div>\n\t\t\t\t\t<\/div>\n\t\t\t\t<\/div>\n\t\t<div class=\"elementor-element elementor-element-cpe440084 e-flex e-con-boxed e-con e-parent\" data-id=\"cpe440084\" data-element_type=\"container\" data-e-type=\"container\">\n\t\t\t\t\t<div class=\"e-con-inner\">\n\t\t\t\t<div class=\"elementor-element elementor-element-cpbc2fb09 elementor-widget elementor-widget-heading\" data-id=\"cpbc2fb09\" data-element_type=\"widget\" data-e-type=\"widget\" data-widget_type=\"heading.default\">\n\t\t\t\t\t<h2 class=\"elementor-heading-title elementor-size-default\">Imbolc: Sv\u00e1tek po\u010d\u00e1tku jara<\/h2>\t\t\t\t<\/div>\n\t\t<div class=\"elementor-element elementor-element-cpfe97b11 e-con-full e-flex e-con e-child\" data-id=\"cpfe97b11\" data-element_type=\"container\" data-e-type=\"container\">\n\t\t\t\t<div class=\"elementor-element elementor-element-cp8c339ee elementor-widget elementor-widget-text-editor\" data-id=\"cp8c339ee\" data-element_type=\"widget\" data-e-type=\"widget\" data-widget_type=\"text-editor.default\">\n\t\t\t\t\t\t\t\t\t<p>S Brigid je \u00fazce spojen <em>Imbolc<\/em>, jeden ze \u010dty\u0159 velk\u00fdch sv\u00e1tk\u016f irsk\u00e9ho ro\u010dn\u00edho kolob\u011bhu, kter\u00fd p\u0159ipad\u00e1 na 1. \u00fanora a ozna\u010duje po\u010d\u00e1tek jara.<\/p><p>Jm\u00e9no se nej\u010dast\u011bji spojuje s jehn\u011bn\u00edm ovc\u00ed a n\u00e1stupem produkce ml\u00e9ka; roz\u0161\u00ed\u0159en\u00e1 etymologie jej vykl\u00e1d\u00e1 jako <em>i mbolg<\/em> (v b\u0159i\u0161e) ve smyslu b\u0159ez\u00edch matek ovc\u00ed, ale ani zde se badatel\u00e9 neshoduj\u00ed.<\/p><p>Nejstar\u0161\u00ed doklady o sv\u00e1tku poch\u00e1zej\u00ed ze st\u0159edov\u011bk\u00fdch text\u016f, jako je vypr\u00e1v\u011bn\u00ed <em>Tochmarc Emire<\/em> (Namlouv\u00e1n\u00ed Emer), kter\u00e9 jmenuje Imbolc vedle <em>Samhainu<\/em>, <em>Beltaine<\/em> a <em>Lugnasadu<\/em>. Konkr\u00e9tn\u00ed ritu\u00e1ln\u00ed podrobnosti z pohansk\u00e9 doby t\u00e9m\u011b\u0159 zcela chyb\u00ed; poznatky o zvyc\u00edch poch\u00e1zej\u00ed z novodob\u00e9 lidov\u00e9 <span class=\"iwg-fachbegriff\" data-tooltip=\"P\u0159ed\u00e1v\u00e1n\u00ed poznatk\u016f a vypr\u00e1v\u011bn\u00ed mezi generacemi.\" tabindex=\"0\">tradice<\/span>.<\/p><p>Z venkovsk\u00e9ho Irska a Skotska je dokumentov\u00e1no pleten\u00ed Brigidina k\u0159\u00ed\u017ee, v\u00fdroba slam\u011bn\u00e9 panenky (<em>Br\u00edde\u00f3g<\/em>), kter\u00e1 se nosila od domu k domu, a tak\u00e9 p\u0159es noc rozlo\u017een\u00e1 l\u00e1tka nebo p\u00e1ska, <em>Brat Br\u00edde<\/em>, j\u00ed\u017e byla p\u0159isuzov\u00e1na l\u00e9\u010div\u00e1 s\u00edla.<\/p><p>Tyto praktiky zaznamenali v 19. a na po\u010d\u00e1tku 20. stolet\u00ed sb\u011bratel\u00e9 jako Alexander Carmichael v d\u00edle <em>Carmina Gadelica<\/em>. Jak velk\u00e1 \u010d\u00e1st z toho sah\u00e1 a\u017e k p\u0159edk\u0159es\u0165ansk\u00e9 bohyni, je metodicky obt\u00ed\u017en\u00e9 ur\u010dit.<\/p>\t\t\t\t\t\t\t\t<\/div>\n\t\t\t\t<\/div>\n\t\t\t\t\t<\/div>\n\t\t\t\t<\/div>\n\t\t<div class=\"elementor-element elementor-element-cp87ef1ee e-flex e-con-boxed e-con e-parent\" data-id=\"cp87ef1ee\" data-element_type=\"container\" data-e-type=\"container\">\n\t\t\t\t\t<div class=\"e-con-inner\">\n\t\t\t\t<div class=\"elementor-element elementor-element-cp18a755f elementor-widget elementor-widget-heading\" data-id=\"cp18a755f\" data-element_type=\"widget\" data-e-type=\"widget\" data-widget_type=\"heading.default\">\n\t\t\t\t\t<h2 class=\"elementor-heading-title elementor-size-default\">Brigantia a ot\u00e1zka roz\u0161\u00ed\u0159en\u00ed na kontinentu Kelt\u016f<\/h2>\t\t\t\t<\/div>\n\t\t<div class=\"elementor-element elementor-element-cp0dfc208 e-con-full e-flex e-con e-child\" data-id=\"cp0dfc208\" data-element_type=\"container\" data-e-type=\"container\">\n\t\t\t\t<div class=\"elementor-element elementor-element-cp61715b4 elementor-widget elementor-widget-text-editor\" data-id=\"cp61715b4\" data-element_type=\"widget\" data-e-type=\"widget\" data-widget_type=\"text-editor.default\">\n\t\t\t\t\t\t\t\t\t<p>Jm\u00e9no Brigid je jazykov\u011b odvozov\u00e1no od praketsk\u00e9ho ko\u0159ene <em>*brigant\u012b<\/em>, kter\u00fd znamen\u00e1 p\u0159ibli\u017en\u011b vzne\u0161en\u00e1 nebo vysok\u00e1. Stejn\u00fd ko\u0159en se skr\u00fdv\u00e1 ve jm\u00e9n\u011b bohyn\u011b Brigantia, je\u017e je v \u0159\u00edmsk\u00e9 Brit\u00e1nii, zvl\u00e1\u0161t\u011b na \u00fazem\u00ed kmene Brigant\u016f v severn\u00ed Anglii, dosv\u011bd\u010dena n\u00e1pisy a votivn\u00edmi kameny.<\/p><p>Na <span class=\"iwg-fachbegriff\" data-tooltip=\"Plastick\u00e9 zobrazen\u00ed vypracovan\u00e9 z plochy do reli\u00e9fu.\" tabindex=\"0\">reli\u00e9fu<\/span> z Birrens ve Skotsku se Brigantia zjevuje v podob\u011b Minervy nebo Victorie, s kop\u00edm, \u0161t\u00edtem a hradebn\u00ed korunou. N\u00e1pisy ji n\u011bkdy jmenuj\u00ed spole\u010dn\u011b s \u0159\u00edmsk\u00fdm st\u00e1tn\u00edm bo\u017estvem, co\u017e ukazuje na jej\u00ed ofici\u00e1ln\u00ed funkci ochrann\u00e9 bohyn\u011b kmenov\u00e9ho svazu.<\/p><p>Zda Brigantia a irsk\u00e1 Brigid sahaj\u00ed k jednomu spole\u010dn\u00e9mu, \u0161iroce roz\u0161\u00ed\u0159en\u00e9mu keltsk\u00e9mu <span class=\"iwg-fachbegriff\" data-tooltip=\"Bytost uct\u00edvan\u00e1 jako bo\u017esk\u00e1 v r\u00e1mci n\u00e1bo\u017eenstv\u00ed.\" tabindex=\"0\">bo\u017estvu<\/span>, nebo zda je pouze jm\u00e9no p\u0159\u00edbuzn\u00e9, pat\u0159\u00ed k otev\u0159en\u00fdm ot\u00e1zk\u00e1m keltsk\u00e9ho n\u00e1bo\u017eensk\u00e9ho v\u00fdzkumu.<\/p><p>Podobn\u00e1 jm\u00e9na se objevuj\u00ed i v kontinent\u00e1ln\u00ed keltsk\u00e9 oblasti, nap\u0159\u00edklad v m\u00edstn\u00edch jm\u00e9nech jako Bregenz (<em>Brigantion<\/em>) na Bodamsk\u00e9m jeze\u0159e.<\/p><p>N\u011bkte\u0159\u00ed badatel\u00e9, mimo jin\u00e9 religionist\u00e9 navazuj\u00edc\u00ed na tradici Georgese Dum\u00e9zila, srovn\u00e1vali Brigid s indoevropsk\u00fdmi p\u0159edstavami bohyn\u011b sv\u00edt\u00e1n\u00ed nebo b\u00e1snick\u00e9 inspirace a odkazovali na paralely k v\u00e9dsk\u00e9 bohyni Bharat\u00ed nebo k Sarasvat\u00ed. Takov\u00e1 srovn\u00e1n\u00ed z\u016fst\u00e1vaj\u00ed hypotetick\u00e1, ukazuj\u00ed v\u0161ak, jak hluboko je toto jm\u00e9no jazykov\u011b zakotveno.<\/p>\t\t\t\t\t\t\t\t<\/div>\n\t\t\t\t<\/div>\n\t\t\t\t\t<\/div>\n\t\t\t\t<\/div>\n\t\t<div class=\"elementor-element elementor-element-cpd9c7750 e-flex e-con-boxed e-con e-parent\" data-id=\"cpd9c7750\" data-element_type=\"container\" data-e-type=\"container\">\n\t\t\t\t\t<div class=\"e-con-inner\">\n\t\t\t\t<div class=\"elementor-element elementor-element-cpac607fa elementor-widget elementor-widget-heading\" data-id=\"cpac607fa\" data-element_type=\"widget\" data-e-type=\"widget\" data-widget_type=\"heading.default\">\n\t\t\t\t\t<h2 class=\"elementor-heading-title elementor-size-default\">Modern\u00ed recepce: novopohanstv\u00ed a kulturn\u00ed obnova<\/h2>\t\t\t\t<\/div>\n\t\t<div class=\"elementor-element elementor-element-cp1f5ec82 e-con-full e-flex e-con e-child\" data-id=\"cp1f5ec82\" data-element_type=\"container\" data-e-type=\"container\">\n\t\t\t\t<div class=\"elementor-element elementor-element-cp7c7a406 elementor-widget elementor-widget-text-editor\" data-id=\"cp7c7a406\" data-element_type=\"widget\" data-e-type=\"widget\" data-widget_type=\"text-editor.default\">\n\t\t\t\t\t\t\t\t\t<p>Od pozdn\u00edho 20. stolet\u00ed za\u017e\u00edv\u00e1 Brigid n\u00e1padnou renesanci. V novopohansk\u00fdch a wiccansk\u00fdch proudech pat\u0159\u00ed k nej\u010dast\u011bji uct\u00edvan\u00fdm bo\u017estv\u016fm, \u010dasto je ch\u00e1p\u00e1na jako trojjedin\u00e1 bohyn\u011b poezie, l\u00e9\u010ditelstv\u00ed a kov\u00e1\u0159stv\u00ed. Imbolc byl p\u0159evzat jako jeden z osmi sv\u00e1tk\u016f do modern\u00edho pohansk\u00e9ho kalend\u00e1\u0159e ro\u010dn\u00edho kolob\u011bhu.<\/p><p>Tato recepce \u010dasto sl\u00e9v\u00e1 materi\u00e1ly r\u016fzn\u00e9ho p\u016fvodu: st\u0159edov\u011bk\u00e9 irsk\u00e9 texty, novodob\u00e9 lidov\u00e9 zvyky, hagiografii svat\u00e9 a romantick\u00e9 rekonstrukce z 19. stolet\u00ed. Z religionistick\u00e9ho hlediska je d\u016fle\u017eit\u00e9 rozli\u0161ovat mezi historicky dolo\u017een\u00fdm a soudob\u00fdm p\u0159isvojen\u00edm. Modern\u00ed Brigid je samostatn\u00fdm n\u00e1bo\u017eensk\u00fdm jevem, nikoli pouh\u00fdm pokra\u010dov\u00e1n\u00edm st\u0159edov\u011bk\u00e9 bohyn\u011b.<\/p><p><span data-nosnippet>Soub\u011b\u017en\u011b s t\u00edm prob\u00edh\u00e1 kulturn\u00ed obnova p\u0159\u00edmo v Irsku. V Kildare od roku 1993 udr\u017euje komunita Brigidin symbolick\u00fd v\u011b\u010dn\u00fd ohe\u0148. Od roku 2023 je 1. \u00fanor v Irsk\u00e9 republice st\u00e1tn\u00edm sv\u00e1tkem nazvan\u00fdm po Brigid, co\u017e dokl\u00e1d\u00e1 trvalou identitotvornou s\u00edlu t\u00e9to postavy.<\/span><\/p><p>Ve feministick\u00e9 <span class=\"iwg-fachbegriff\" data-tooltip=\"V\u011bdeck\u00e9 u\u010den\u00ed o Bohu a v\u00ed\u0159e n\u00e1bo\u017eenstv\u00ed.\" tabindex=\"0\">teologii<\/span> a v m\u00edrov\u00e9m hnut\u00ed je Brigid rovn\u011b\u017e ch\u00e1p\u00e1na jako <span class=\"iwg-fachbegriff\" data-tooltip=\"Znak, kter\u00fd zastupuje p\u0159edstavu nebo v\u00fdznam.\" tabindex=\"0\">symbol<\/span> \u017eensk\u00e9 autority a tv\u016fr\u010d\u00ed s\u00edly. Tato postava tak z\u016fst\u00e1v\u00e1 p\u0159\u00edkladem toho, jak je mytologick\u00e1 figura po stalet\u00ed znovu a znovu napl\u0148ov\u00e1na nov\u00fdm v\u00fdznamem.<\/p>\t\t\t\t\t\t\t\t<\/div>\n\t\t\t\t<\/div>\n\t\t\t\t\t<\/div>\n\t\t\t\t<\/div>\n\t\t<div class=\"elementor-element elementor-element-cp1c8a1f7 e-flex e-con-boxed e-con e-parent\" data-id=\"cp1c8a1f7\" data-element_type=\"container\" data-e-type=\"container\">\n\t\t\t\t\t<div class=\"e-con-inner\">\n\t\t\t\t<div class=\"elementor-element elementor-element-cpb9e96f0 elementor-widget elementor-widget-heading\" data-id=\"cpb9e96f0\" data-element_type=\"widget\" data-e-type=\"widget\" data-widget_type=\"heading.default\">\n\t\t\t\t\t<h2 class=\"elementor-heading-title elementor-size-default\">Brigid v rodin\u011b T\u00faatha D\u00e9 Danann<\/h2>\t\t\t\t<\/div>\n\t\t<div class=\"elementor-element elementor-element-cpabc4612 e-con-full e-flex e-con e-child\" data-id=\"cpabc4612\" data-element_type=\"container\" data-e-type=\"container\">\n\t\t\t\t<div class=\"elementor-element elementor-element-cpb80a943 elementor-widget elementor-widget-text-editor\" data-id=\"cpb80a943\" data-element_type=\"widget\" data-e-type=\"widget\" data-widget_type=\"text-editor.default\">\n\t\t\t\t\t\t\t\t\t<p>V r\u00e1mci mytologick\u00e9 genealogie <em>T\u00faatha D\u00e9 Danann<\/em>, rodu boh\u016f irsk\u00e9 <span class=\"iwg-fachbegriff\" data-tooltip=\"P\u0159ed\u00e1v\u00e1n\u00ed znalost\u00ed a vypr\u00e1v\u011bn\u00ed mezi generacemi.\" tabindex=\"0\">tradice<\/span>, zauj\u00edm\u00e1 Brigid centr\u00e1ln\u00ed p\u0159\u00edbuzensk\u00e9 postaven\u00ed. Je pova\u017eov\u00e1na za dceru Dagdy, velk\u00e9ho otcovsk\u00e9ho boha, a tedy za sestru postav jako Aengus, Bodb Derg a Cermait.<\/p><p>V <em>Cath Maige Tuired<\/em> je ozna\u010dena za man\u017eelku Brese, kr\u00e1le, kter\u00fd poch\u00e1zel zpolovice z T\u00faatha D\u00e9, zpolovice z nep\u0159\u00e1telsk\u00fdch Fomori\u016f. Z tohoto svazku vze\u0161el syn Ruad\u00e1n.<\/p><p>Brigid tak stoj\u00ed na sty\u010dn\u00e9m bod\u011b mezi ob\u011bma znesv\u00e1\u0159en\u00fdmi mytick\u00fdmi rody, co\u017e z n\u00ed \u010din\u00ed prost\u0159ednici. Kdy\u017e Ruad\u00e1n padl v boji, m\u011bla Brigid zp\u00edvat prvn\u00ed \u017ealozp\u011bv Irska, \u010d\u00edm\u017e se j\u00ed p\u0159i\u010d\u00edt\u00e1 vyn\u00e1lez ritu\u00e1ln\u00edho truchlen\u00ed.<\/p><p>Tyto genealogick\u00e9 \u00fadaje nejsou zcela konzistentn\u00ed. R\u016fzn\u00e9 rukopisy a textov\u00e9 tradice p\u0159i\u0159azuj\u00ed Brigid odli\u0161n\u00e9 p\u0159\u00edbuzn\u00e9, a ji\u017e zm\u00edn\u011bn\u00e9 rozd\u011blen\u00ed do t\u0159\u00ed stejnojmenn\u00fdch sester obraz d\u00e1le komplikuje.<\/p><p>Badatel\u00e9 v tom nevid\u00ed ani tak rozpor, jako sp\u00ed\u0161e rys \u00fastn\u011b p\u0159ed\u00e1van\u00e9 <span class=\"iwg-fachbegriff\" data-tooltip=\"P\u0159ed\u00e1v\u00e1n\u00ed znalost\u00ed a vypr\u00e1v\u011bn\u00ed mezi generacemi.\" tabindex=\"0\">tradice<\/span>, kter\u00e1 umo\u017e\u0148ovala existenci v\u00edce verz\u00ed vedle sebe. Lze konstatovat, \u017ee Brigid vystupuje prakticky ve v\u0161ech lini\u00edch jako vysoce postaven\u00e1 postava, t\u011bsn\u011b sv\u00e1zan\u00e1 s Dagdou a spojen\u00e1 s kl\u00ed\u010dov\u00fdmi oblastmi poezie, l\u00e9\u010den\u00ed a \u0159emesla.<\/p>\t\t\t\t\t\t\t\t<\/div>\n\t\t\t\t<\/div>\n\t\t\t\t\t<\/div>\n\t\t\t\t<\/div>\n\t\t<div class=\"elementor-element elementor-element-36dd7469 e-flex e-con-boxed e-con e-parent\" data-id=\"36dd7469\" data-element_type=\"container\" data-e-type=\"container\">\n\t\t\t\t\t<div class=\"e-con-inner\">\n\t\t\t\t<div class=\"elementor-element elementor-element-13760ab4 elementor-widget elementor-widget-heading\" data-id=\"13760ab4\" data-element_type=\"widget\" data-e-type=\"widget\" data-widget_type=\"heading.default\">\n\t\t\t\t\t<h2 class=\"elementor-heading-title elementor-size-default\">Souvisej\u00edc\u00ed odkazy<\/h2>\t\t\t\t<\/div>\n\t\t<div class=\"elementor-element elementor-element-28c87796 e-con-full e-flex e-con e-child\" data-id=\"28c87796\" data-element_type=\"container\" data-e-type=\"container\">\n\t\t\t\t<div class=\"elementor-element elementor-element-5d6538df elementor-widget elementor-widget-text-editor\" data-id=\"5d6538df\" data-element_type=\"widget\" data-e-type=\"widget\" data-widget_type=\"text-editor.default\">\n\t\t\t\t\t\t\t\t\t<p>Doporu\u010den\u00e9 intern\u00ed odkazy pro tuto str\u00e1nku:<\/p><ul><li><a href=\"https:\/\/iwell-guard.com\/cs\/?page_id=145142\">Keltov\u00e9<\/a> (nad\u0159azen\u00e1 kulturn\u00ed str\u00e1nka)<\/li><li><a href=\"https:\/\/iwell-guard.com\/cs\/?page_id=145357\">Cernunnos<\/a> (paraleln\u00ed b\u016fh v keltsk\u00e9m <span class=\"iwg-fachbegriff\" data-tooltip=\"Souhrn boh\u016f n\u00e1bo\u017eenstv\u00ed nebo kultury.\" tabindex=\"0\">panteonu<\/span>)<\/li><li><a href=\"https:\/\/iwell-guard.com\/cs\/?page_id=145159\">Banshee<\/a> (\u017eensk\u00e1 duchovn\u00ed postava stejn\u00e9 tradice)<\/li><li><a href=\"https:\/\/iwell-guard.com\/cs\/?page_id=145236\">Ochrann\u00e1 bo\u017estva<\/a> (p\u0159ehled kategorie)<\/li><\/ul>\t\t\t\t\t\t\t\t<\/div>\n\t\t\t\t<\/div>\n\t\t\t\t\t<\/div>\n\t\t\t\t<\/div>\n\t\t<div class=\"elementor-element elementor-element-grl4kl40 e-flex e-con-boxed e-con e-parent\" data-id=\"grl4kl40\" data-element_type=\"container\" data-e-type=\"container\">\n\t\t\t\t\t<div class=\"e-con-inner\">\n\t\t\t\t<div class=\"elementor-element elementor-element-bzsbfrmh elementor-widget elementor-widget-heading\" data-id=\"bzsbfrmh\" data-element_type=\"widget\" data-e-type=\"widget\" data-widget_type=\"heading.default\">\n\t\t\t\t\t<h2 class=\"elementor-heading-title elementor-size-default\">Literatura (v\u00fdb\u011br)<\/h2>\t\t\t\t<\/div>\n\t\t<div class=\"elementor-element elementor-element-2c13224a e-con-full e-flex e-con e-child\" data-id=\"2c13224a\" data-element_type=\"container\" data-e-type=\"container\">\n\t\t\t\t<div class=\"elementor-element elementor-element-0eymh9ub elementor-widget elementor-widget-text-editor\" data-id=\"0eymh9ub\" data-element_type=\"widget\" data-e-type=\"widget\" data-widget_type=\"text-editor.default\">\n\t\t\t\t\t\t\t\t\t<footer class=\"iwg-literatur\" data-nosnippet=\"true\"><p>Prameny k Brigid:<\/p><ul><li><span data-nosnippet>\u00d3 h\u00d3g\u00e1in, D\u00e1ith\u00ed: <em>The Lore of Ireland. An Encyclopaedia of Myth, Legend and Romance.<\/em> Boydell Press, Woodbridge 2006.<\/span><\/li><li><span data-nosnippet>Aldhouse-Green, Miranda: <em>The Celtic Goddesses. Warriors, Virgins and Mothers.<\/em> British Museum Press, London 1995.<\/span><\/li><li><span data-nosnippet>Wright, Brian: <em>Brigid. Goddess, Druidess and Saint.<\/em> The History Press, Stroud 2009.<\/span><\/li><\/ul><\/footer>\n<p class=\"iwg-bib-more\"><span data-nosnippet>Dal\u0161\u00ed standardn\u00ed d\u00edla v <a href=\"https:\/\/iwell-guard.com\/cs\/?page_id=145257\">seznamu literatury<\/a>.<\/span><\/p>\t\t\t\t\t\t\t\t<\/div>\n\t\t\t\t<\/div>\n\t\t\t\t\t<\/div>\n\t\t\t\t<\/div>\n\t\t<div class=\"elementor-element elementor-element-07f6324 e-con-boxed e-flex e-con e-parent\" data-id=\"07f6324\" data-element_type=\"container\" data-e-type=\"container\">\n\t\t\t\t\t<div class=\"e-con-inner\">\n\t\t\t\t<div class=\"elementor-element elementor-element-a5cd9dc elementor-widget elementor-widget-text-editor\" data-id=\"a5cd9dc\" data-element_type=\"widget\" data-e-type=\"widget\" data-widget_type=\"text-editor.default\">\n\t\t\t\t\t\t\t\t\t\n<h2>\u010casto kladen\u00e9 ot\u00e1zky o Brigid<\/h2>\n<div class=\"iwg-faq-q\"><h3>Kdo je Brigid v keltsko-irsk\u00e9 tradici?<\/h3><p>Brigid (starobrigirsky Brigit, waelsky Ffraid) je jednou z nejv\u00fdznamn\u011bj\u0161\u00edch bohyn\u00ed irsko-keltsk\u00e9 <span class=\"iwg-fachbegriff\" data-tooltip=\"Souhrn tradovan\u00fdch vypr\u00e1v\u011bn\u00ed o boz\u00edch ur\u010dit\u00e9 kultury.\" tabindex=\"0\">mytologie<\/span>, dcera Dagdy, patronka b\u00e1sn\u00edk\u016f, kov\u00e1\u0159\u016f a l\u00e9\u010ditel\u016f.<\/p><p>Zt\u011bles\u0148uje t\u0159i velk\u00e9 kulturn\u00ed oblasti keltsk\u00e9ho sv\u011bta: mluven\u00e9 slovo (filidh, b\u00e1sn\u00edci), ohnivou prom\u011bnu (kov\u00e1\u0159stv\u00ed) a l\u00e9\u010den\u00ed. V trojjedin\u00e9 tradici vystupuje jako t\u0159i sestry, Brigid b\u00e1sn\u00ed\u0159ka, Brigid kov\u00e1\u0159ka, Brigid l\u00e9\u010ditelka.<\/p><\/div>\n<div class=\"iwg-faq-q\"><h3>Jak souvis\u00ed pohansk\u00e1 Brigid a k\u0159es\u0165ansk\u00e1 svat\u00e1 Brigita?<\/h3><p>Svat\u00e1 Brigita z Kildare (cca 451-525), irsk\u00e1 patronka, je z hlediska religionistiky jednou z nejv\u00fdrazn\u011bj\u0161\u00edch <span class=\"iwg-fachbegriff\" data-tooltip=\"Splynut\u00ed p\u0159edstav nebo bo\u017estev z r\u016fzn\u00fdch n\u00e1bo\u017eensk\u00fdch tradic.\" tabindex=\"0\">synkretismu<\/span>-postav. K\u0159es\u0165ansk\u00e1 c\u00edrkev p\u0159evzala <span class=\"iwg-fachbegriff\" data-tooltip=\"Souhrn n\u00e1bo\u017eensk\u00fdch \u00factyhodn\u00fdch \u00fakon\u016f v\u016f\u010di bo\u017estvu nebo svat\u00e9 postav\u011b.\" tabindex=\"0\">kult<\/span>, sv\u00e1tek (Imbolc\/Hromnice 1.\/2. \u00fanora), <span class=\"iwg-fachbegriff\" data-tooltip=\"Svat\u00e9 m\u00edsto zasv\u011bcen\u00e9 uct\u00edv\u00e1n\u00ed bo\u017estva.\" tabindex=\"0\">svatyni<\/span> (v\u011b\u010dn\u00fd Brigidin ohn\u011b v Kildare byl udr\u017eov\u00e1n a\u017e do roku 1220) a dokonce mnoho z\u00e1zra\u010dn\u00fdch p\u0159\u00edb\u011bh\u016f od pohansk\u00e9 bohyn\u011b.<\/p><p>Irsk\u00e1 <span class=\"iwg-fachbegriff\" data-tooltip=\"N\u00e1bo\u017eensk\u00e9 p\u0159edstavy a zvyky roz\u0161\u00ed\u0159en\u00e9 v b\u011b\u017en\u00e9m \u017eivot\u011b.\" tabindex=\"0\">lidov\u00e1 v\u00edra<\/span> spojila ob\u011b postavy tak t\u011bsn\u011b, \u017ee ji\u017e nelze odd\u011blit, kter\u00e1 vlastnost pat\u0159ila p\u016fvodn\u011b kter\u00e9 z nich.<\/p><\/div>\n<script type=\"application\/ld+json\">{\"@context\":\"https:\/\/schema.org\",\"@type\":\"FAQPage\",\"mainEntity\":[{\"@type\":\"Question\",\"name\":\"Wer ist Brigid in der keltisch-irischen Tradition?\",\"acceptedAnswer\":{\"@type\":\"Answer\",\"text\":\"Brigid (alt-irisch Brigit, walisisch Ffraid) ist eine der wichtigsten G\u00f6ttinnen der irisch-keltischen Mythologie, Tochter des Dagda, Patronin der Dichter, Schmiede und Heiler.Sie verk\u00f6rpert die drei gro\u00dfen kulturellen Dom\u00e4nen der keltischen Welt: das gesprochene Wort (Filidh, Dichter), die feurige Verwandlung (Schmiede) und die Heilung. In der dreigestaltigen Tradition tritt sie als drei Schwestern auf, Brigid die Dichterin, Brigid die Schmiedin, Brigid die Heilerin.\"}},{\"@type\":\"Question\",\"name\":\"Wie h\u00e4ngen die heidnische Brigid und die christliche Heilige Brigida zusammen?\",\"acceptedAnswer\":{\"@type\":\"Answer\",\"text\":\"Die heilige Brigida von Kildare (ca. 451-525), die irische Schutzpatronin, ist religionshistorisch eine der eindrucksvollsten Synkretismus-Figuren. Die christliche Kirche \u00fcbernahm Kult, Festtag (Imbolc\/Lichtmess am 1.\/2. Februar), Heiligtum (das ewige Brigid-Feuer in Kildare wurde bis 1220 unterhalten) und sogar viele Wundergeschichten von der heidnischen G\u00f6ttin.Der irische Volksglaube verband beide Figuren so eng, dass sich nicht mehr trennen l\u00e4sst, welche Eigenschaft urspr\u00fcnglich zu welcher geh\u00f6rt.\"}}]}<\/script>\t\t\t\t\t\t\t\t<\/div>\n\t\t\t\t\t<\/div>\n\t\t\t\t<\/div>\n\t\t\t\t<\/div>\n\t\t","protected":false},"excerpt":{"rendered":"","protected":false},"author":3,"featured_media":1613,"parent":0,"menu_order":0,"comment_status":"closed","ping_status":"closed","template":"elementor_header_footer","meta":{"_yoast_wpseo_focuskw":"Brigid","_yoast_wpseo_title":"Brigid - bohyn\u011b ohn\u011b, l\u00e9\u010ditelstv\u00ed a poezie","_yoast_wpseo_metadesc":"Brigid, bohyn\u011b keltsk\u00e9 tradice pro ohe\u0148, l\u00e9\u010ditelstv\u00ed a poezii, tradovan\u00e1 po stalet\u00ed a p\u0159etrv\u00e1vaj\u00edc\u00ed jako svat\u00e1 Brigita Irsk\u00e1.","_yoast_wpseo_meta-robots-noindex":"","_yoast_wpseo_canonical":"","_angie_page":false,"gefaehrdungsstufe":"1","wesen_kultur":"keltisch","wesen_klasse":"goetter","footnotes":""},"categories":[],"class_list":["post-145355","page","type-page","status-publish","has-post-thumbnail","hentry"],"yoast_head":"<!-- This site is optimized with the Yoast SEO Premium plugin v27.7 (Yoast SEO v28.3) - https:\/\/yoast.com\/product\/yoast-seo-premium-wordpress\/ -->\n<title>Brigid - bohyn\u011b ohn\u011b, l\u00e9\u010ditelstv\u00ed a poezie<\/title>\n<meta name=\"description\" content=\"Brigid, bohyn\u011b keltsk\u00e9 tradice pro ohe\u0148, l\u00e9\u010ditelstv\u00ed a poezii, tradovan\u00e1 po stalet\u00ed a p\u0159etrv\u00e1vaj\u00edc\u00ed jako svat\u00e1 Brigita Irsk\u00e1.\" \/>\n<meta name=\"robots\" content=\"index, follow, max-snippet:-1, max-image-preview:large, max-video-preview:-1\" \/>\n<link rel=\"canonical\" href=\"https:\/\/iwell-guard.com\/cs\/brigid\/\" \/>\n<meta property=\"og:locale\" content=\"cs_CZ\" \/>\n<meta property=\"og:type\" content=\"article\" \/>\n<meta property=\"og:title\" content=\"Brigid\" \/>\n<meta property=\"og:description\" content=\"Brigid, bohyn\u011b keltsk\u00e9 tradice pro ohe\u0148, l\u00e9\u010ditelstv\u00ed a poezii, tradovan\u00e1 po stalet\u00ed a p\u0159etrv\u00e1vaj\u00edc\u00ed jako svat\u00e1 Brigita Irsk\u00e1.\" \/>\n<meta property=\"og:url\" content=\"https:\/\/iwell-guard.com\/cs\/brigid\/\" \/>\n<meta property=\"og:site_name\" content=\"iWell Guard\" \/>\n<meta property=\"article:modified_time\" content=\"2026-09-03T16:53:47+00:00\" \/>\n<meta property=\"og:image\" content=\"https:\/\/iwell-guard.com\/wp-content\/uploads\/2026\/04\/goetter_keltisch_brigid.webp\" \/>\n\t<meta property=\"og:image:width\" content=\"1024\" \/>\n\t<meta property=\"og:image:height\" content=\"1536\" \/>\n\t<meta property=\"og:image:type\" content=\"image\/webp\" \/>\n<meta name=\"twitter:card\" content=\"summary_large_image\" \/>\n<script type=\"application\/ld+json\" class=\"yoast-schema-graph\">{\"@context\":\"https:\\\/\\\/schema.org\",\"@graph\":[{\"@type\":\"WebPage\",\"@id\":\"https:\\\/\\\/iwell-guard.com\\\/cs\\\/brigid\\\/\",\"url\":\"https:\\\/\\\/iwell-guard.com\\\/cs\\\/brigid\\\/\",\"name\":\"Brigid - bohyn\u011b ohn\u011b, l\u00e9\u010ditelstv\u00ed a poezie\",\"isPartOf\":{\"@id\":\"https:\\\/\\\/iwell-guard.com\\\/cs\\\/#website\"},\"primaryImageOfPage\":{\"@id\":\"https:\\\/\\\/iwell-guard.com\\\/cs\\\/brigid\\\/#primaryimage\"},\"image\":{\"@id\":\"https:\\\/\\\/iwell-guard.com\\\/cs\\\/brigid\\\/#primaryimage\"},\"thumbnailUrl\":\"https:\\\/\\\/iwell-guard.com\\\/wp-content\\\/uploads\\\/2026\\\/04\\\/goetter_keltisch_brigid.webp\",\"datePublished\":\"2026-09-03T16:29:31+00:00\",\"dateModified\":\"2026-09-03T16:53:47+00:00\",\"description\":\"Brigid, bohyn\u011b keltsk\u00e9 tradice pro ohe\u0148, l\u00e9\u010ditelstv\u00ed a poezii, tradovan\u00e1 po stalet\u00ed a p\u0159etrv\u00e1vaj\u00edc\u00ed jako svat\u00e1 Brigita Irsk\u00e1.\",\"breadcrumb\":{\"@id\":\"https:\\\/\\\/iwell-guard.com\\\/cs\\\/brigid\\\/#breadcrumb\"},\"inLanguage\":\"cs\",\"potentialAction\":[{\"@type\":\"ReadAction\",\"target\":[\"https:\\\/\\\/iwell-guard.com\\\/cs\\\/brigid\\\/\"]}]},{\"@type\":\"ImageObject\",\"inLanguage\":\"cs\",\"@id\":\"https:\\\/\\\/iwell-guard.com\\\/cs\\\/brigid\\\/#primaryimage\",\"url\":\"https:\\\/\\\/iwell-guard.com\\\/wp-content\\\/uploads\\\/2026\\\/04\\\/goetter_keltisch_brigid.webp\",\"contentUrl\":\"https:\\\/\\\/iwell-guard.com\\\/wp-content\\\/uploads\\\/2026\\\/04\\\/goetter_keltisch_brigid.webp\",\"width\":1024,\"height\":1536,\"caption\":\"Bohov\u00e9 z keltsk\u00e9 tradice.\"},{\"@type\":\"BreadcrumbList\",\"@id\":\"https:\\\/\\\/iwell-guard.com\\\/cs\\\/brigid\\\/#breadcrumb\",\"itemListElement\":[{\"@type\":\"ListItem\",\"position\":1,\"name\":\"Start\",\"item\":\"https:\\\/\\\/iwell-guard.com\\\/cs\\\/?page_id=145107\"},{\"@type\":\"ListItem\",\"position\":2,\"name\":\"Brigid\"}]},{\"@type\":\"WebSite\",\"@id\":\"https:\\\/\\\/iwell-guard.com\\\/cs\\\/#website\",\"url\":\"https:\\\/\\\/iwell-guard.com\\\/cs\\\/\",\"name\":\"iWell Guard\",\"description\":\"Schutz vor dunklen Einfl\u00fcssen\",\"publisher\":{\"@id\":\"https:\\\/\\\/iwell-guard.com\\\/cs\\\/#organization\"},\"potentialAction\":[{\"@type\":\"SearchAction\",\"target\":{\"@type\":\"EntryPoint\",\"urlTemplate\":\"https:\\\/\\\/iwell-guard.com\\\/cs\\\/?s={search_term_string}\"},\"query-input\":{\"@type\":\"PropertyValueSpecification\",\"valueRequired\":true,\"valueName\":\"search_term_string\"}}],\"inLanguage\":\"cs\"},{\"@type\":\"Organization\",\"@id\":\"https:\\\/\\\/iwell-guard.com\\\/cs\\\/#organization\",\"name\":\"Ittermann electronic GmbH\",\"url\":\"https:\\\/\\\/iwell-guard.com\\\/cs\\\/\",\"logo\":{\"@type\":\"ImageObject\",\"inLanguage\":\"cs\",\"@id\":\"https:\\\/\\\/iwell-guard.com\\\/cs\\\/#\\\/schema\\\/logo\\\/image\\\/\",\"url\":\"https:\\\/\\\/iwell-guard.com\\\/wp-content\\\/uploads\\\/2026\\\/05\\\/Ittermann-Logo-1182x237-1.png\",\"contentUrl\":\"https:\\\/\\\/iwell-guard.com\\\/wp-content\\\/uploads\\\/2026\\\/05\\\/Ittermann-Logo-1182x237-1.png\",\"width\":1182,\"height\":237,\"caption\":\"Ittermann electronic GmbH\"},\"image\":{\"@id\":\"https:\\\/\\\/iwell-guard.com\\\/cs\\\/#\\\/schema\\\/logo\\\/image\\\/\"},\"sameAs\":[\"https:\\\/\\\/pantip.com\\\/profile\\\/9367242\",\"https:\\\/\\\/micro.blog\\\/iwellguard\",\"https:\\\/\\\/www.diggerslist.com\\\/iwellguard\\\/about\",\"https:\\\/\\\/skitterphoto.com\\\/photographers\\\/2870314\\\/iwell-guard\",\"https:\\\/\\\/iwellguard.wordpress.com\\\/2026\\\/06\\\/06\\\/iwell-guard\\\/\",\"https:\\\/\\\/hub.docker.com\\\/u\\\/iwellguard\",\"https:\\\/\\\/www.pinterest.com\\\/iwellguard\\\/\",\"https:\\\/\\\/bit.ly\\\/m\\\/iwellguard\",\"https:\\\/\\\/entre-vos-mains.alsace.eu\\\/profiles\\\/iwellguard\\\/activity\",\"https:\\\/\\\/gravatar.com\\\/reallybeded8fd34\",\"https:\\\/\\\/naijamatta.com\\\/iwellguard\",\"https:\\\/\\\/www.goodreads.com\\\/iwellguard\",\"https:\\\/\\\/profile.hatena.ne.jp\\\/iwellguard\\\/\",\"https:\\\/\\\/experiment.com\\\/users\\\/iwellguard\",\"https:\\\/\\\/wakelet.com\\\/@iWellGuard82270\",\"https:\\\/\\\/www.chordie.com\\\/forum\\\/profile.php?id=2555664\",\"https:\\\/\\\/www.instapaper.com\\\/p\\\/17757966\",\"https:\\\/\\\/www.mapleprimes.com\\\/users\\\/iwellguard\",\"https:\\\/\\\/businesslistingplus.com\\\/profile\\\/iwell-guard\\\/\",\"https:\\\/\\\/telegra.ph\\\/iWell-Guard-06-06\",\"https:\\\/\\\/pbase.com\\\/iwellguard\\\/iwellguard\",\"https:\\\/\\\/b.hatena.ne.jp\\\/iwellguard\\\/20260607#bookmark-4788405196491818882\",\"https:\\\/\\\/fliphtml5.com\\\/home\\\/iwellguard\",\"https:\\\/\\\/anyflip.com\\\/homepage\\\/cmiwl#About\",\"https:\\\/\\\/transfur.com\\\/Users\\\/iwellguard\",\"http:\\\/\\\/delphi.larsbo.org\\\/user\\\/iwellguard\",\"https:\\\/\\\/jobs.lajobsportal.org\\\/profiles\\\/8380803-iwell-guard\",\"https:\\\/\\\/md.chaosdorf.de\\\/s\\\/jfbe5SBdJD\",\"https:\\\/\\\/www.lingvolive.com\\\/en-us\\\/profile\\\/9ecaeaca-ce11-4e51-9e71-01d55e2bff36\\\/translations\",\"https:\\\/\\\/www.fitday.com\\\/fitness\\\/forums\\\/members\\\/iwellguard.html\",\"https:\\\/\\\/www.mymeetbook.com\\\/iwellguard\",\"https:\\\/\\\/pxhere.com\\\/en\\\/photographer-me\\\/5040798\",\"https:\\\/\\\/disqus.com\\\/by\\\/iwellguard\\\/about\\\/\",\"https:\\\/\\\/pastelink.net\\\/hjwciqwq\",\"https:\\\/\\\/pubhtml5.com\\\/homepage\\\/scjhn\\\/\",\"https:\\\/\\\/www.bitchute.com\\\/channel\\\/2O2eOKzNqujT\",\"https:\\\/\\\/audiomack.com\\\/iwellguard\"]},{\"@type\":\"Article\",\"@id\":\"https:\\\/\\\/iwell-guard.com\\\/cs\\\/brigid\\\/#article\",\"isPartOf\":{\"@id\":\"https:\\\/\\\/iwell-guard.com\\\/cs\\\/brigid\\\/\"},\"author\":{\"name\":\"Ralf Ittermann\",\"@id\":\"https:\\\/\\\/iwell-guard.com\\\/cs\\\/#\\\/schema\\\/person\\\/ee2a27f1cac3406c7c6fb5820cb7349f\"},\"headline\":\"Brigid\",\"datePublished\":\"2026-09-03T16:29:31+00:00\",\"dateModified\":\"2026-09-03T16:53:47+00:00\",\"mainEntityOfPage\":{\"@id\":\"https:\\\/\\\/iwell-guard.com\\\/cs\\\/brigid\\\/\"},\"publisher\":{\"@id\":\"https:\\\/\\\/iwell-guard.com\\\/cs\\\/#organization\"},\"image\":{\"@id\":\"https:\\\/\\\/iwell-guard.com\\\/cs\\\/brigid\\\/#primaryimage\"},\"thumbnailUrl\":\"https:\\\/\\\/iwell-guard.com\\\/wp-content\\\/uploads\\\/2026\\\/04\\\/goetter_keltisch_brigid.webp\",\"inLanguage\":\"cs\",\"description\":\"Brigid, bohyn\u011b keltsk\u00e9 tradice pro ohe\u0148, l\u00e9\u010ditelstv\u00ed a poezii, tradovan\u00e1 po stalet\u00ed a p\u0159etrv\u00e1vaj\u00edc\u00ed jako svat\u00e1 Brigita Irsk\u00e1.\"}]}<\/script>\n<!-- \/ Yoast SEO Premium plugin. -->","yoast_head_json":{"title":"Brigid - bohyn\u011b ohn\u011b, l\u00e9\u010ditelstv\u00ed a poezie","description":"Brigid, bohyn\u011b keltsk\u00e9 tradice pro ohe\u0148, l\u00e9\u010ditelstv\u00ed a poezii, tradovan\u00e1 po stalet\u00ed a p\u0159etrv\u00e1vaj\u00edc\u00ed jako svat\u00e1 Brigita Irsk\u00e1.","robots":{"index":"index","follow":"follow","max-snippet":"max-snippet:-1","max-image-preview":"max-image-preview:large","max-video-preview":"max-video-preview:-1"},"canonical":"https:\/\/iwell-guard.com\/cs\/brigid\/","og_locale":"cs_CZ","og_type":"article","og_title":"Brigid","og_description":"Brigid, bohyn\u011b keltsk\u00e9 tradice pro ohe\u0148, l\u00e9\u010ditelstv\u00ed a poezii, tradovan\u00e1 po stalet\u00ed a p\u0159etrv\u00e1vaj\u00edc\u00ed jako svat\u00e1 Brigita Irsk\u00e1.","og_url":"https:\/\/iwell-guard.com\/cs\/brigid\/","og_site_name":"iWell Guard","article_modified_time":"2026-09-03T16:53:47+00:00","og_image":[{"width":1024,"height":1536,"url":"https:\/\/iwell-guard.com\/wp-content\/uploads\/2026\/04\/goetter_keltisch_brigid.webp","type":"image\/webp"}],"twitter_card":"summary_large_image","schema":{"@context":"https:\/\/schema.org","@graph":[{"@type":"Article","@id":"https:\/\/iwell-guard.com\/cs\/brigid\/#article","isPartOf":{"@id":"https:\/\/iwell-guard.com\/cs\/brigid\/"},"author":{"name":"Ralf Ittermann","@id":"https:\/\/iwell-guard.com\/cs\/#\/schema\/person\/ee2a27f1cac3406c7c6fb5820cb7349f"},"headline":"Brigid","datePublished":"2026-09-03T16:29:31+00:00","dateModified":"2026-09-03T16:53:47+00:00","mainEntityOfPage":{"@id":"https:\/\/iwell-guard.com\/cs\/brigid\/"},"publisher":{"@id":"https:\/\/iwell-guard.com\/cs\/#organization"},"image":{"@id":"https:\/\/iwell-guard.com\/cs\/brigid\/#primaryimage"},"thumbnailUrl":"https:\/\/iwell-guard.com\/wp-content\/uploads\/2026\/04\/goetter_keltisch_brigid.webp","inLanguage":"cs","description":"Brigid, bohyn\u011b keltsk\u00e9 tradice pro ohe\u0148, l\u00e9\u010ditelstv\u00ed a poezii, tradovan\u00e1 po stalet\u00ed a p\u0159etrv\u00e1vaj\u00edc\u00ed jako svat\u00e1 Brigita Irsk\u00e1."},{"@type":"WebPage","@id":"https:\/\/iwell-guard.com\/cs\/brigid\/","url":"https:\/\/iwell-guard.com\/cs\/brigid\/","name":"Brigid - bohyn\u011b ohn\u011b, l\u00e9\u010ditelstv\u00ed a poezie","isPartOf":{"@id":"https:\/\/iwell-guard.com\/cs\/#website"},"primaryImageOfPage":{"@id":"https:\/\/iwell-guard.com\/cs\/brigid\/#primaryimage"},"image":{"@id":"https:\/\/iwell-guard.com\/cs\/brigid\/#primaryimage"},"thumbnailUrl":"https:\/\/iwell-guard.com\/wp-content\/uploads\/2026\/04\/goetter_keltisch_brigid.webp","datePublished":"2026-09-03T16:29:31+00:00","dateModified":"2026-09-03T16:53:47+00:00","description":"Brigid, bohyn\u011b keltsk\u00e9 tradice pro ohe\u0148, l\u00e9\u010ditelstv\u00ed a poezii, tradovan\u00e1 po stalet\u00ed a p\u0159etrv\u00e1vaj\u00edc\u00ed jako svat\u00e1 Brigita Irsk\u00e1.","breadcrumb":{"@id":"https:\/\/iwell-guard.com\/cs\/brigid\/#breadcrumb"},"inLanguage":"cs","potentialAction":[{"@type":"ReadAction","target":["https:\/\/iwell-guard.com\/cs\/brigid\/"]}]},{"@type":"ImageObject","inLanguage":"cs","@id":"https:\/\/iwell-guard.com\/cs\/brigid\/#primaryimage","url":"https:\/\/iwell-guard.com\/wp-content\/uploads\/2026\/04\/goetter_keltisch_brigid.webp","contentUrl":"https:\/\/iwell-guard.com\/wp-content\/uploads\/2026\/04\/goetter_keltisch_brigid.webp","width":1024,"height":1536,"caption":"Bohov\u00e9 z keltsk\u00e9 tradice."},{"@type":"BreadcrumbList","@id":"https:\/\/iwell-guard.com\/cs\/brigid\/#breadcrumb","itemListElement":[{"@type":"ListItem","position":1,"name":"Start","item":"https:\/\/iwell-guard.com\/cs\/?page_id=145107"},{"@type":"ListItem","position":2,"name":"Brigid"}]},{"@type":"WebSite","@id":"https:\/\/iwell-guard.com\/cs\/#website","url":"https:\/\/iwell-guard.com\/cs\/","name":"iWell Guard","description":"Schutz vor dunklen Einfl\u00fcssen","publisher":{"@id":"https:\/\/iwell-guard.com\/cs\/#organization"},"potentialAction":[{"@type":"SearchAction","target":{"@type":"EntryPoint","urlTemplate":"https:\/\/iwell-guard.com\/cs\/?s={search_term_string}"},"query-input":{"@type":"PropertyValueSpecification","valueRequired":true,"valueName":"search_term_string"}}],"inLanguage":"cs"},{"@type":"Organization","@id":"https:\/\/iwell-guard.com\/cs\/#organization","name":"Ittermann electronic GmbH","url":"https:\/\/iwell-guard.com\/cs\/","logo":{"@type":"ImageObject","inLanguage":"cs","@id":"https:\/\/iwell-guard.com\/cs\/#\/schema\/logo\/image\/","url":"https:\/\/iwell-guard.com\/wp-content\/uploads\/2026\/05\/Ittermann-Logo-1182x237-1.png","contentUrl":"https:\/\/iwell-guard.com\/wp-content\/uploads\/2026\/05\/Ittermann-Logo-1182x237-1.png","width":1182,"height":237,"caption":"Ittermann electronic GmbH"},"image":{"@id":"https:\/\/iwell-guard.com\/cs\/#\/schema\/logo\/image\/"},"sameAs":["https:\/\/pantip.com\/profile\/9367242","https:\/\/micro.blog\/iwellguard","https:\/\/www.diggerslist.com\/iwellguard\/about","https:\/\/skitterphoto.com\/photographers\/2870314\/iwell-guard","https:\/\/iwellguard.wordpress.com\/2026\/06\/06\/iwell-guard\/","https:\/\/hub.docker.com\/u\/iwellguard","https:\/\/www.pinterest.com\/iwellguard\/","https:\/\/bit.ly\/m\/iwellguard","https:\/\/entre-vos-mains.alsace.eu\/profiles\/iwellguard\/activity","https:\/\/gravatar.com\/reallybeded8fd34","https:\/\/naijamatta.com\/iwellguard","https:\/\/www.goodreads.com\/iwellguard","https:\/\/profile.hatena.ne.jp\/iwellguard\/","https:\/\/experiment.com\/users\/iwellguard","https:\/\/wakelet.com\/@iWellGuard82270","https:\/\/www.chordie.com\/forum\/profile.php?id=2555664","https:\/\/www.instapaper.com\/p\/17757966","https:\/\/www.mapleprimes.com\/users\/iwellguard","https:\/\/businesslistingplus.com\/profile\/iwell-guard\/","https:\/\/telegra.ph\/iWell-Guard-06-06","https:\/\/pbase.com\/iwellguard\/iwellguard","https:\/\/b.hatena.ne.jp\/iwellguard\/20260607#bookmark-4788405196491818882","https:\/\/fliphtml5.com\/home\/iwellguard","https:\/\/anyflip.com\/homepage\/cmiwl#About","https:\/\/transfur.com\/Users\/iwellguard","http:\/\/delphi.larsbo.org\/user\/iwellguard","https:\/\/jobs.lajobsportal.org\/profiles\/8380803-iwell-guard","https:\/\/md.chaosdorf.de\/s\/jfbe5SBdJD","https:\/\/www.lingvolive.com\/en-us\/profile\/9ecaeaca-ce11-4e51-9e71-01d55e2bff36\/translations","https:\/\/www.fitday.com\/fitness\/forums\/members\/iwellguard.html","https:\/\/www.mymeetbook.com\/iwellguard","https:\/\/pxhere.com\/en\/photographer-me\/5040798","https:\/\/disqus.com\/by\/iwellguard\/about\/","https:\/\/pastelink.net\/hjwciqwq","https:\/\/pubhtml5.com\/homepage\/scjhn\/","https:\/\/www.bitchute.com\/channel\/2O2eOKzNqujT","https:\/\/audiomack.com\/iwellguard"]},{"@type":"Person","@id":"https:\/\/iwell-guard.com\/cs\/#\/schema\/person\/ee2a27f1cac3406c7c6fb5820cb7349f","name":"Ralf Ittermann","image":{"@type":"ImageObject","inLanguage":"cs","@id":"https:\/\/secure.gravatar.com\/avatar\/073c0153e350a5005b68eb752b445fea71f6b24a26da9449ad7e155e6b446c9d?s=96&d=mm&r=g","url":"https:\/\/secure.gravatar.com\/avatar\/073c0153e350a5005b68eb752b445fea71f6b24a26da9449ad7e155e6b446c9d?s=96&d=mm&r=g","contentUrl":"https:\/\/secure.gravatar.com\/avatar\/073c0153e350a5005b68eb752b445fea71f6b24a26da9449ad7e155e6b446c9d?s=96&d=mm&r=g","caption":"Ralf Ittermann"},"givenName":"Ralf","familyName":"Ittermann","jobTitle":"Gesch\u00e4ftsf\u00fchrer und redaktioneller Verantwortlicher","url":"https:\/\/iwell-guard.com\/cs\/author\/claude\/","description":"Ralf Ittermann ist Gesch\u00e4ftsf\u00fchrer der Ittermann electronic GmbH und redaktioneller Verantwortlicher des iWell-Guard-Lexikons. Er verbindet langj\u00e4hrige Erfahrung in der Pr\u00e4zisionsfertigung mit medialer Praxis und religionsgeschichtlicher Quellenarbeit.","worksFor":{"@type":"Organization","name":"Ittermann electronic GmbH","url":"https:\/\/ittermann.de\/","address":{"@type":"PostalAddress","streetAddress":"K\u00f6hlergasse 16-18","postalCode":"99842","addressLocality":"Ruhla","addressCountry":"DE"}},"knowsAbout":["Religionsgeschichte","Mythologie","Mediale Praxis","Energetische Diagnostik","Schutzpraxis","Volksglauben","Westliche Esoterik"]},{"@type":"Article","@id":"https:\/\/iwell-guard.com\/cs\/brigid\/#article","isPartOf":{"@id":"https:\/\/iwell-guard.com\/cs\/brigid\/"},"author":{"name":"Ralf Ittermann","@id":"https:\/\/iwell-guard.com\/cs\/#\/schema\/person\/ee2a27f1cac3406c7c6fb5820cb7349f"},"headline":"Brigid","datePublished":"2026-09-03T16:29:31+00:00","dateModified":"2026-09-03T16:53:47+00:00","mainEntityOfPage":{"@id":"https:\/\/iwell-guard.com\/cs\/brigid\/"},"publisher":{"@id":"https:\/\/iwell-guard.com\/cs\/#organization"},"image":{"@id":"https:\/\/iwell-guard.com\/cs\/brigid\/#primaryimage"},"thumbnailUrl":"https:\/\/iwell-guard.com\/wp-content\/uploads\/2026\/04\/goetter_keltisch_brigid.webp","inLanguage":"cs","description":"Brigid, bohyn\u011b keltsk\u00e9 tradice pro ohe\u0148, l\u00e9\u010ditelstv\u00ed a poezii, tradovan\u00e1 po stalet\u00ed a p\u0159etrv\u00e1vaj\u00edc\u00ed jako svat\u00e1 Brigita Irsk\u00e1."}]}},"_links":{"self":[{"href":"https:\/\/iwell-guard.com\/cs\/wp-json\/wp\/v2\/pages\/145355","targetHints":{"allow":["GET"]}}],"collection":[{"href":"https:\/\/iwell-guard.com\/cs\/wp-json\/wp\/v2\/pages"}],"about":[{"href":"https:\/\/iwell-guard.com\/cs\/wp-json\/wp\/v2\/types\/page"}],"author":[{"embeddable":true,"href":"https:\/\/iwell-guard.com\/cs\/wp-json\/wp\/v2\/users\/3"}],"replies":[{"embeddable":true,"href":"https:\/\/iwell-guard.com\/cs\/wp-json\/wp\/v2\/comments?post=145355"}],"version-history":[{"count":0,"href":"https:\/\/iwell-guard.com\/cs\/wp-json\/wp\/v2\/pages\/145355\/revisions"}],"wp:featuredmedia":[{"embeddable":true,"href":"https:\/\/iwell-guard.com\/cs\/wp-json\/wp\/v2\/media\/1613"}],"wp:attachment":[{"href":"https:\/\/iwell-guard.com\/cs\/wp-json\/wp\/v2\/media?parent=145355"}],"wp:term":[{"taxonomy":"category","embeddable":true,"href":"https:\/\/iwell-guard.com\/cs\/wp-json\/wp\/v2\/categories?post=145355"}],"curies":[{"name":"wp","href":"https:\/\/api.w.org\/{rel}","templated":true}]}}