{"id":145354,"date":"2026-09-03T16:29:31","date_gmt":"2026-09-03T16:29:31","guid":{"rendered":"https:\/\/iwell-guard.com\/?page_id=145354"},"modified":"2026-09-03T16:53:44","modified_gmt":"2026-09-03T16:53:44","slug":"mago-halmi","status":"publish","type":"page","link":"https:\/\/iwell-guard.com\/cs\/mago-halmi\/","title":{"rendered":"Mago Halmi"},"content":{"rendered":"\t\t<div data-elementor-type=\"wp-page\" data-elementor-id=\"145354\" class=\"elementor elementor-145354 elementor-2115 elementor-bc-flex-widget\" data-elementor-post-type=\"page\">\n\t\t\t\t<div class=\"elementor-element elementor-element-10fdade e-flex e-con-boxed e-con e-parent\" data-id=\"10fdade\" data-element_type=\"container\" data-e-type=\"container\" data-settings=\"{&quot;background_background&quot;:&quot;classic&quot;}\">\n\t\t\t\t\t<div class=\"e-con-inner\">\n\t\t<div class=\"elementor-element elementor-element-herohlft0 e-flex e-con-boxed e-con e-child\" data-id=\"herohlft0\" data-element_type=\"container\" data-e-type=\"container\">\n\t\t\t\t\t<div class=\"e-con-inner\">\n\t\t<div class=\"elementor-element elementor-element-c3ceb64 e-con-full e-flex e-con e-child\" data-id=\"c3ceb64\" data-element_type=\"container\" data-e-type=\"container\">\n\t\t\t\t<div class=\"elementor-element elementor-element-96ae5e1 elementor-widget elementor-widget-heading\" data-id=\"96ae5e1\" data-element_type=\"widget\" data-e-type=\"widget\" data-widget_type=\"heading.default\">\n\t\t\t\t\t<h1 class=\"elementor-heading-title elementor-size-default\">Mago Halmi, bohyn\u011b korejsk\u00e9 tradice<\/h1>\t\t\t\t<\/div>\n\t\t\t\t<div class=\"elementor-element elementor-element-e45238a elementor-widget elementor-widget-text-editor\" data-id=\"e45238a\" data-element_type=\"widget\" data-e-type=\"widget\" data-widget_type=\"text-editor.default\">\n\t\t\t\t\t\t\t\t\t<p>Mago Halmi (prababi\u010dka Mago) je kosmick\u00e1 prabohyn\u011b korejsk\u00e9 <span class=\"iwg-fachbegriff\" data-tooltip=\"P\u0159ed\u00e1v\u00e1n\u00ed v\u011bdomost\u00ed a vypr\u00e1v\u011bn\u00ed nap\u0159\u00ed\u010d generacemi.\" tabindex=\"0\">tradice<\/span>, uct\u00edvan\u00e1 jako prap\u016fvod v\u0161ech v\u011bc\u00ed. Jej\u00ed teologick\u00fd status je sporn\u00fd, ale v taoismu a v novon\u00e1bo\u017eensk\u00fdch hnut\u00edch je pova\u017eov\u00e1na za prvotn\u00ed s\u00edlu, z n\u00ed\u017e vznikly nebe a zem\u011b.\t\t\t\t\t\t\t\t<\/div>\n\t\t\t\t<\/div>\n\t\t<div class=\"elementor-element elementor-element-klsbdg01 e-con-full e-flex e-con e-parent\" data-id=\"klsbdg01\" data-element_type=\"container\" data-e-type=\"container\">\n\t\t\t\t<div class=\"elementor-element elementor-element-klshtm01 elementor-widget elementor-widget-html\" data-id=\"klshtm01\" data-element_type=\"widget\" data-e-type=\"widget\" data-widget_type=\"html.default\">\n\t\t\t\t\t<div class=\"iwg-pill-row\"><span class=\"iwg-klasse-badge\" tabindex=\"0\" data-tooltip=\"B\u016fh \/ bohyn\u011b: Personifikovan\u00e1 nejvy\u0161\u0161\u00ed moc v panteonu kultury s jasn\u011b vymezen\u00fdmi oblastmi p\u016fsobnosti, nap\u0159\u00edklad p\u0159\u00edrodn\u00ed s\u00edly, osud, v\u00e1lka nebo plodnost. Uct\u00edvan\u00e1 prost\u0159ednictv\u00edm kult\u016f, ob\u011bt\u00ed a chr\u00e1mov\u00fdch instituc\u00ed.\">Bohyn\u011b<\/span><a href=\"https:\/\/iwell-guard.com\/cs\/?page_id=145187\" class=\"iwg-kultur-badge\" tabindex=\"0\" data-tooltip=\"Korejsk\u00fd sv\u011bt boh\u016f, \u0161aman\u016f a lidov\u00fdch duch\u016f.\">Korea<\/a><a href=\"https:\/\/iwell-guard.com\/cs\/?page_id=145236\" class=\"iwg-tradition-badge\" tabindex=\"0\" data-tooltip=\"Ochrann\u00e1 bo\u017estva, str\u00e1\u017eci domu, m\u011bsta, porod\u016f, cest nebo \u017eivotn\u00edch etap.\">Ochrann\u00e9 bo\u017estvo<\/a><\/div>\t\t\t\t<\/div>\n\t\t\t\t<\/div>\n\t\t<div class=\"elementor-element elementor-element-3f74855 e-con-full e-flex e-con e-child\" data-id=\"3f74855\" data-element_type=\"container\" data-e-type=\"container\">\n\t\t\t\t<div class=\"elementor-element elementor-element-1c30362 elementor-toc--minimized-on-tablet elementor-widget elementor-widget-table-of-contents\" data-id=\"1c30362\" data-element_type=\"widget\" data-e-type=\"widget\" data-settings=\"{&quot;exclude_headings_by_selector&quot;:[],&quot;no_headings_message&quot;:&quot;Na t\\u00e9to str\\u00e1nce nebyly nalezeny \\u017e\\u00e1dn\\u00e9 nadpisy.&quot;,&quot;headings_by_tags&quot;:[&quot;h2&quot;,&quot;h3&quot;],&quot;marker_view&quot;:&quot;bullets&quot;,&quot;minimize_box&quot;:&quot;yes&quot;,&quot;icon&quot;:{&quot;value&quot;:&quot;fas fa-circle&quot;,&quot;library&quot;:&quot;fa-solid&quot;,&quot;rendered_tag&quot;:&quot;&lt;svg class=\\&quot;e-font-icon-svg e-fas-circle\\&quot; viewBox=\\&quot;0 0 512 512\\&quot; xmlns=\\&quot;http:\\\/\\\/www.w3.org\\\/2000\\\/svg\\&quot;&gt;&lt;path d=\\&quot;M256 8C119 8 8 119 8 256s111 248 248 248 248-111 248-248S393 8 256 8z\\&quot;&gt;&lt;\\\/path&gt;&lt;\\\/svg&gt;&quot;},&quot;minimized_on&quot;:&quot;tablet&quot;,&quot;hierarchical_view&quot;:&quot;yes&quot;,&quot;min_height&quot;:{&quot;unit&quot;:&quot;px&quot;,&quot;size&quot;:&quot;&quot;,&quot;sizes&quot;:[]},&quot;min_height_tablet&quot;:{&quot;unit&quot;:&quot;px&quot;,&quot;size&quot;:&quot;&quot;,&quot;sizes&quot;:[]},&quot;min_height_mobile&quot;:{&quot;unit&quot;:&quot;px&quot;,&quot;size&quot;:&quot;&quot;,&quot;sizes&quot;:[]}}\" data-widget_type=\"table-of-contents.default\">\n\t\t\t\t\t\t\t\t\t<div class=\"elementor-toc__header\">\n\t\t\t\t\t\t<h2 class=\"elementor-toc__header-title\">\n\t\t\t\tObsah\t\t\t<\/h2>\n\t\t\t\t\t\t\t\t\t\t<div class=\"elementor-toc__toggle-button elementor-toc__toggle-button--expand\" role=\"button\" tabindex=\"0\" aria-controls=\"elementor-toc__1c30362\" aria-expanded=\"true\" aria-label=\"Open table of contents\"><svg aria-hidden=\"true\" class=\"e-font-icon-svg e-fas-chevron-down\" viewBox=\"0 0 448 512\" xmlns=\"http:\/\/www.w3.org\/2000\/svg\"><path d=\"M207.029 381.476L12.686 187.132c-9.373-9.373-9.373-24.569 0-33.941l22.667-22.667c9.357-9.357 24.522-9.375 33.901-.04L224 284.505l154.745-154.021c9.379-9.335 24.544-9.317 33.901.04l22.667 22.667c9.373 9.373 9.373 24.569 0 33.941L240.971 381.476c-9.373 9.372-24.569 9.372-33.942 0z\"><\/path><\/svg><\/div>\n\t\t\t\t<div class=\"elementor-toc__toggle-button elementor-toc__toggle-button--collapse\" role=\"button\" tabindex=\"0\" aria-controls=\"elementor-toc__1c30362\" aria-expanded=\"true\" aria-label=\"Close table of contents\"><svg aria-hidden=\"true\" class=\"e-font-icon-svg e-fas-chevron-up\" viewBox=\"0 0 448 512\" xmlns=\"http:\/\/www.w3.org\/2000\/svg\"><path d=\"M240.971 130.524l194.343 194.343c9.373 9.373 9.373 24.569 0 33.941l-22.667 22.667c-9.357 9.357-24.522 9.375-33.901.04L224 227.495 69.255 381.516c-9.379 9.335-24.544 9.317-33.901-.04l-22.667-22.667c-9.373-9.373-9.373-24.569 0-33.941L207.03 130.525c9.372-9.373 24.568-9.373 33.941-.001z\"><\/path><\/svg><\/div>\n\t\t\t\t\t<\/div>\n\t\t\t\t<div id=\"elementor-toc__1c30362\" class=\"elementor-toc__body\">\n\t\t\t<div class=\"elementor-toc__spinner-container\">\n\t\t\t\t<svg class=\"elementor-toc__spinner eicon-animation-spin e-font-icon-svg e-eicon-loading\" aria-hidden=\"true\" viewBox=\"0 0 1000 1000\" xmlns=\"http:\/\/www.w3.org\/2000\/svg\"><path d=\"M500 975V858C696 858 858 696 858 500S696 142 500 142 142 304 142 500H25C25 237 238 25 500 25S975 237 975 500 763 975 500 975Z\"><\/path><\/svg>\t\t\t<\/div>\n\t\t<\/div>\n\t\t\t\t\t\t<\/div>\n\t\t\t\t<\/div>\n\t\t\t\t\t<\/div>\n\t\t\t\t<\/div>\n\t\t<div class=\"elementor-element elementor-element-herorght0 e-con-full e-flex e-con e-child\" data-id=\"herorght0\" data-element_type=\"container\" data-e-type=\"container\">\n\t\t\t\t<div class=\"elementor-element elementor-element-heroimg00 iwg-hero-image elementor-widget elementor-widget-image\" data-id=\"heroimg00\" data-element_type=\"widget\" data-e-type=\"widget\" data-widget_type=\"image.default\">\n\t\t\t\t\t\t\t\t\t\t\t\t\t\t\t<img fetchpriority=\"high\" decoding=\"async\" width=\"683\" height=\"1024\" src=\"https:\/\/iwell-guard.com\/wp-content\/uploads\/2026\/04\/goetter_korea_mago-halmi-683x1024.webp\" class=\"attachment-large size-large wp-image-147606\" alt=\"Mago Halmi \u2013 bohov\u00e9 z korejsk\u00e9 tradice, historicko-ilustrativn\u00ed\" srcset=\"https:\/\/iwell-guard.com\/wp-content\/uploads\/2026\/04\/goetter_korea_mago-halmi-683x1024.webp 683w, https:\/\/iwell-guard.com\/wp-content\/uploads\/2026\/04\/goetter_korea_mago-halmi-200x300.webp 200w, https:\/\/iwell-guard.com\/wp-content\/uploads\/2026\/04\/goetter_korea_mago-halmi-768x1152.webp 768w, https:\/\/iwell-guard.com\/wp-content\/uploads\/2026\/04\/goetter_korea_mago-halmi.webp 1024w\" sizes=\"(max-width: 683px) 100vw, 683px\" \/>\t\t\t\t\t\t\t\t\t\t\t\t\t\t\t<\/div>\n\t\t\t\t<\/div>\n\t\t\t\t\t<\/div>\n\t\t\t\t<\/div>\n\t\t<div class=\"elementor-element elementor-element-32917199 e-flex e-con-boxed e-con e-parent\" data-id=\"32917199\" data-element_type=\"container\" data-e-type=\"container\">\n\t\t\t\t\t<div class=\"e-con-inner\">\n\t\t<div class=\"elementor-element elementor-element-26e916cb e-flex e-con-boxed e-con e-child\" data-id=\"26e916cb\" data-element_type=\"container\" data-e-type=\"container\">\n\t\t\t\t\t<div class=\"e-con-inner\">\n\t\t<div class=\"elementor-element elementor-element-253a40d4 e-flex e-con-boxed e-con e-child\" data-id=\"253a40d4\" data-element_type=\"container\" data-e-type=\"container\">\n\t\t\t\t\t<div class=\"e-con-inner\">\n\t\t\t\t<div class=\"elementor-element elementor-element-1200c304 elementor-widget elementor-widget-heading\" data-id=\"1200c304\" data-element_type=\"widget\" data-e-type=\"widget\" data-widget_type=\"heading.default\">\n\t\t\t\t\t<h2 class=\"elementor-heading-title elementor-size-default\">Mago Halmi<\/h2>\t\t\t\t<\/div>\n\t\t\t\t<div class=\"elementor-element elementor-element-11758e7f elementor-widget elementor-widget-text-editor\" data-id=\"11758e7f\" data-element_type=\"widget\" data-e-type=\"widget\" data-widget_type=\"text-editor.default\">\n\t\t\t\t\t\t\t\t\t<p>Mago Halmi je v pozd\u011bj\u0161\u00edch kosmologick\u00fdch textech (zejm\u00e9na v korejsk\u00e9m taoismu a novon\u00e1bo\u017eensk\u00fdch tradic\u00edch) popisov\u00e1na jako prvotn\u00ed bohyn\u011b, z n\u00ed\u017e vze\u0161li v\u0161ichni ostatn\u00ed bohov\u00e9. Zt\u011bles\u0148uje \u017eensk\u00fd princip stvo\u0159en\u00ed a s\u00edlu p\u0159\u00edrody.<\/p><p>Na rozd\u00edl od Hwanunga a Danguna, kte\u0159\u00ed jsou dolo\u017eeni v ran\u00fdch pramenech, se Mago Halmi ve star\u0161\u00edch textech objevuje m\u00e9n\u011b, av\u0161ak v modern\u00edch esoterick\u00fdch a n\u00e1bo\u017eensk\u00fdch hnut\u00edch na v\u00fdznamu z\u00edsk\u00e1v\u00e1. N\u011bkdy je zobrazov\u00e1na jako matka Hwanunga.<\/p>\t\t\t\t\t\t\t\t<\/div>\n\t\t\t\t\t<\/div>\n\t\t\t\t<\/div>\n\t\t<div class=\"elementor-element elementor-element-159dcf9a e-flex e-con-boxed e-con e-child\" data-id=\"159dcf9a\" data-element_type=\"container\" data-e-type=\"container\">\n\t\t\t\t\t<div class=\"e-con-inner\">\n\t\t\t\t<div class=\"elementor-element elementor-element-48cee66f elementor-widget elementor-widget-heading\" data-id=\"48cee66f\" data-element_type=\"widget\" data-e-type=\"widget\" data-widget_type=\"heading.default\">\n\t\t\t\t\t<h2 class=\"elementor-heading-title elementor-size-default\">Stru\u010dn\u00fd profil: Mago Halmi<\/h2>\t\t\t\t<\/div>\n\t\t\t\t<div class=\"elementor-element elementor-element-3f50d82c elementor-widget elementor-widget-text-editor\" data-id=\"3f50d82c\" data-element_type=\"widget\" data-e-type=\"widget\" data-widget_type=\"text-editor.default\">\n\t\t\t\t\t\t\t\t\t<p>Mago Halmi se neobjevuje v klasick\u00e9 Samguk yusa, n\u00fdbr\u017e v pozd\u011bj\u0161\u00edch taoistick\u00fdch a novon\u00e1bo\u017eensk\u00fdch spisech 20. stolet\u00ed. Jej\u00ed uct\u00edv\u00e1n\u00ed je siln\u011b spjato s modern\u00edmi spiritu\u00e1ln\u00edmi hnut\u00edmi (zejm\u00e9na s hnut\u00edm Damoismu a dal\u0161\u00edmi synkretick\u00fdmi n\u00e1bo\u017eenstv\u00edmi).<\/p><p>N\u00e1bo\u017een\u0161t\u00ed etnologov\u00e9 jako Kim Tae-gon dokumentuj\u00ed jej\u00ed n\u00e1r\u016fst v lidov\u00fdch a novo\u0161amansk\u00fdch praktik\u00e1ch. Je akademicky zkoum\u00e1na m\u00e9n\u011b ne\u017e jin\u00e1 korejsk\u00e1 bo\u017estva, kulturn\u011b v\u0161ak na v\u00fdznamu roste.<\/p>\t\t\t\t\t\t\t\t<\/div>\n\t\t\t\t\t<\/div>\n\t\t\t\t<\/div>\n\t\t\t\t\t<\/div>\n\t\t\t\t<\/div>\n\t\t\t\t\t<\/div>\n\t\t\t\t<\/div>\n\t\t<div class=\"elementor-element elementor-element-18613602 e-flex e-con-boxed e-con e-parent\" data-id=\"18613602\" data-element_type=\"container\" data-e-type=\"container\">\n\t\t\t\t\t<div class=\"e-con-inner\">\n\t\t\t\t<div class=\"elementor-element elementor-element-262b8a9f elementor-widget elementor-widget-heading\" data-id=\"262b8a9f\" data-element_type=\"widget\" data-e-type=\"widget\" data-widget_type=\"heading.default\">\n\t\t\t\t\t<h2 class=\"elementor-heading-title elementor-size-default\">Za\u0159azen\u00ed<\/h2>\t\t\t\t<\/div>\n\t\t<div class=\"elementor-element elementor-element-46dcb7d e-con-full e-flex e-con e-child\" data-id=\"46dcb7d\" data-element_type=\"container\" data-e-type=\"container\">\n\t\t<div class=\"elementor-element elementor-element-61d3ab3 e-flex e-con-boxed e-con e-child\" data-id=\"61d3ab3\" data-element_type=\"container\" data-e-type=\"container\">\n\t\t\t\t\t<div class=\"e-con-inner\">\n\t\t\t\t<div class=\"elementor-element elementor-element-117c166 elementor-widget elementor-widget-heading\" data-id=\"117c166\" data-element_type=\"widget\" data-e-type=\"widget\" data-widget_type=\"heading.default\">\n\t\t\t\t\t<h3 class=\"elementor-heading-title elementor-size-default\">Zeitraum der Texte<\/h3>\t\t\t\t<\/div>\n\t\t\t\t<div class=\"elementor-element elementor-element-73997a0 elementor-widget elementor-widget-text-editor\" data-id=\"73997a0\" data-element_type=\"widget\" data-e-type=\"widget\" data-widget_type=\"text-editor.default\">\n\t\t\t\t\t\t\t\t\t<p>Pov\u011bsti o stvo\u0159itelsk\u00e9 prababi\u010dce se v korejsk\u00e9 lidov\u00e9 tradici udr\u017eely po mnoho stalet\u00ed, a\u010dkoli nikdy nebyly sou\u010d\u00e1st\u00ed \u017e\u00e1dn\u00e9ho ofici\u00e1ln\u00edho st\u00e1tn\u00edho n\u00e1bo\u017eenstv\u00ed. Na Jeju je tato postava dodnes zn\u00e1m\u00e1 jako Seolmundae Halmang; m\u00edstn\u00ed n\u00e1zvy, skaln\u00ed \u00fatvary a m\u00edstn\u00ed slavnosti udr\u017euj\u00ed vzpom\u00ednku \u017eivou, i kdy\u017e se z p\u016fvodn\u00edho kultu na mnoha m\u00edstech stalo pouh\u00e9 vypr\u00e1v\u011bc\u00ed d\u011bdictv\u00ed.<\/p><h3>Mytologick\u00e9 za\u0159azen\u00ed<\/h3><p><em>Mago Halmi<\/em> (\ub9c8\uace0\ud560\ubbf8, &#8222;babi\u010dka Mago&#8220;) je prvotn\u00ed \u017eensk\u00e1 s\u00edla v korejsk\u00fdch \u0161amansk\u00fdch a \u0161amanismem ovlivn\u011bn\u00fdch tradic\u00edch. Je ch\u00e1p\u00e1na jako stvo\u0159itelka sv\u011bta nebo jako kosmick\u00e1 babi\u010dka. Jej\u00ed genealogie je zako\u0159en\u011bna v prehistorick\u00fdch korejsk\u00fdch n\u00e1bo\u017eenstv\u00edch, s vlivy tantrick\u00fdch a taoistick\u00fdch syst\u00e9m\u016f.<\/p>\t\t\t\t\t\t\t\t<\/div>\n\t\t\t\t\t<\/div>\n\t\t\t\t<\/div>\n\t\t<div class=\"elementor-element elementor-element-d47b156 e-flex e-con-boxed e-con e-child\" data-id=\"d47b156\" data-element_type=\"container\" data-e-type=\"container\">\n\t\t\t\t\t<div class=\"e-con-inner\">\n\t\t\t\t<div class=\"elementor-element elementor-element-ff38c2b elementor-widget elementor-widget-heading\" data-id=\"ff38c2b\" data-element_type=\"widget\" data-e-type=\"widget\" data-widget_type=\"heading.default\">\n\t\t\t\t\t<h3 class=\"elementor-heading-title elementor-size-default\">Verbreitungsraum<\/h3>\t\t\t\t<\/div>\n\t\t\t\t<div class=\"elementor-element elementor-element-4e49fcc elementor-widget elementor-widget-text-editor\" data-id=\"4e49fcc\" data-element_type=\"widget\" data-e-type=\"widget\" data-widget_type=\"text-editor.default\">\n\t\t\t\t\t\t\t\t\t<p>Mago Halmi byla zn\u00e1ma a uct\u00edv\u00e1na, p\u0159\u00edpadn\u011b s respektem ob\u00e1v\u00e1na, v cel\u00e9m korejsk\u00e9m sv\u011bt\u011b bez omezen\u00ed na ur\u010dit\u00e9 regiony \u010di lokality. A\u0165 ve velk\u00fdch m\u011bstsk\u00fdch centrech nebo v odlehl\u00fdch venkovsk\u00fdch oblastech, a\u0165 u spole\u010densk\u00e9 elity nebo u oby\u010dejn\u00e9ho lidu, duchovn\u00ed i kulturn\u00ed v\u00fdznam t\u00e9to bytosti byl uzn\u00e1v\u00e1n v\u0161ude a stejn\u011b.<\/p><p>Zaj\u00edmav\u00e9 je, \u017ee pov\u011bsti o obryn\u00edch postav\u00e1ch typu Mago Halmi vznikaly v mnoha regionech Koreje nez\u00e1visle na sob\u011b, od pevniny a\u017e po Jeju. Toto \u0161irok\u00e9 roz\u0161\u00ed\u0159en\u00ed vzniklo \u00fastn\u00edm p\u0159ed\u00e1v\u00e1n\u00edm uvnit\u0159 vesnic, bez obchodu nebo organizovan\u00e9 mise; z\u00e1kladn\u00ed rysy postavy z\u016fst\u00e1valy nap\u0159\u00ed\u010d regiony p\u0159ekvapiv\u011b jednotn\u00e9, zat\u00edmco m\u00edstn\u00ed vazby a jednotliv\u00e9 motivy se li\u0161ily.<\/p>\t\t\t\t\t\t\t\t<\/div>\n\t\t\t\t\t<\/div>\n\t\t\t\t<\/div>\n\t\t\t\t<\/div>\n\t\t<div class=\"elementor-element elementor-element-db03c39 e-con-full e-flex e-con e-child\" data-id=\"db03c39\" data-element_type=\"container\" data-e-type=\"container\">\n\t\t<div class=\"elementor-element elementor-element-229a87b e-flex e-con-boxed e-con e-child\" data-id=\"229a87b\" data-element_type=\"container\" data-e-type=\"container\">\n\t\t\t\t\t<div class=\"e-con-inner\">\n\t\t\t\t<div class=\"elementor-element elementor-element-1f471fc elementor-widget elementor-widget-heading\" data-id=\"1f471fc\" data-element_type=\"widget\" data-e-type=\"widget\" data-widget_type=\"heading.default\">\n\t\t\t\t\t<h3 class=\"elementor-heading-title elementor-size-default\">Quellenlage<\/h3>\t\t\t\t<\/div>\n\t\t\t\t<div class=\"elementor-element elementor-element-36b1201 elementor-widget elementor-widget-text-editor\" data-id=\"36b1201\" data-element_type=\"widget\" data-e-type=\"widget\" data-widget_type=\"text-editor.default\">\n\t\t\t\t\t\t\t\t\t<p>Mago Halmi nem\u00e1 \u017e\u00e1dn\u00e9 ran\u00e9 liter\u00e1rn\u00ed doklady v klasick\u00fdch pramenech, jako je Samguk yusa.<\/p><p>Poprv\u00e9 je zmi\u0148ov\u00e1na v modern\u00edch novon\u00e1bo\u017eensk\u00fdch textech, zejm\u00e9na ve spisech hnut\u00ed Damoismu (Korea, konec 20. stolet\u00ed), a v esoterick\u00fdch interpretac\u00edch korejsk\u00e9 <span class=\"iwg-fachbegriff\" data-tooltip=\"Souhrn tradovan\u00fdch vypr\u00e1v\u011bn\u00ed o boz\u00edch ur\u010dit\u00e9 kultury.\" tabindex=\"0\">mytologie<\/span>. Kim Tae-gon se j\u00ed zab\u00fdv\u00e1 ve sv\u00e9m d\u00edle o korejsk\u00e9m uct\u00edv\u00e1n\u00ed p\u0159\u00edrody a <span class=\"iwg-fachbegriff\" data-tooltip=\"N\u00e1bo\u017eensk\u00fd syst\u00e9m, v n\u011bm\u017e specialist\u00e9 komunikuj\u00ed s duchovn\u00edm sv\u011btem.\" tabindex=\"0\">\u0161amanismu<\/span>. Taoismus (\u010d\u00ednsk\u00e9 prameny jako Daodejing) nab\u00edz\u00ed koncep\u010dn\u00ed paralely pro princip prap\u016fvodn\u00ed matky nebo prap\u016fvodu (Tao\/Te).<\/p><p>Z pohledu d\u011bjin n\u00e1bo\u017eenstv\u00ed je ch\u00e1p\u00e1na jako novodob\u00e1 rekonstrukce nebo reinterpretace archaick\u00fdch kult\u016f plodnosti a p\u0159\u00edrodn\u00edch matek.<\/p>\t\t\t\t\t\t\t\t<\/div>\n\t\t\t\t\t<\/div>\n\t\t\t\t<\/div>\n\t\t\t\t<\/div>\n\t\t\t\t\t<\/div>\n\t\t\t\t<\/div>\n\t\t<div class=\"elementor-element elementor-element-3ae0637c e-flex e-con-boxed e-con e-parent\" data-id=\"3ae0637c\" data-element_type=\"container\" data-e-type=\"container\">\n\t\t\t\t\t<div class=\"e-con-inner\">\n\t\t\t\t<div class=\"elementor-element elementor-element-31d07739 elementor-widget elementor-widget-heading\" data-id=\"31d07739\" data-element_type=\"widget\" data-e-type=\"widget\" data-widget_type=\"heading.default\">\n\t\t\t\t\t<h2 class=\"elementor-heading-title elementor-size-default\">Jm\u00e9no<\/h2>\t\t\t\t<\/div>\n\t\t<div class=\"elementor-element elementor-element-b7642947 e-con-full e-flex e-con e-child\" data-id=\"b7642947\" data-element_type=\"container\" data-e-type=\"container\">\n\t\t\t\t<div class=\"elementor-element elementor-element-a086266 elementor-widget elementor-widget-text-editor\" data-id=\"a086266\" data-element_type=\"widget\" data-e-type=\"widget\" data-widget_type=\"text-editor.default\">\n\t\t\t\t\t\t\t\t\t<p>Mago Halmi je v r\u016fzn\u00fdch pramenech a um\u011bleck\u00fdch tradic\u00edch zobrazov\u00e1na s ur\u010dit\u00fdmi opakuj\u00edc\u00edmi se ikonografick\u00fdmi prvky, kter\u00e9 z\u016fst\u00e1vaj\u00ed po desetilet\u00ed a nap\u0159\u00ed\u010d r\u016fzn\u00fdmi geografick\u00fdmi oblastmi relativn\u011b konstantn\u00ed. Tyto prvky jsou hluboce symbolicky k\u00f3dovan\u00e9 a nesou velk\u00fd v\u00fdznam; nejsou zdaleka voleny \u010dist\u011b dekorativn\u011b nebo n\u00e1hodn\u011b.<\/p><p>Znaky Mago Halmi jsou v pov\u011bstech pevn\u011b zakotveny a ka\u017ed\u00fd z nich nese rozpoznateln\u00e9 sd\u011blen\u00ed: jej\u00ed obrovsk\u00e1 v\u00fd\u0161ka odkazuje na stvo\u0159itelskou s\u00edlu, hl\u00edna, kterou nese ve sv\u00e9 z\u00e1st\u011b\u0159e a nech\u00e1v\u00e1 padat, vysv\u011btluje vznik hor a ostrov\u016f, jej\u00ed mo\u010d nebo jej\u00ed kroky formuj\u00ed \u0159\u00ed\u010dn\u00ed toky a sk\u00e1ly. Kdo zn\u00e1 m\u00edstn\u00ed vypr\u00e1v\u011bc\u00ed tradice, p\u0159\u00edmo z t\u011bchto detail\u016f vy\u010dte, jak\u00fd tvar krajiny m\u00e1 dan\u00e1 pov\u011bst objasnit. Nic z toho nen\u00ed n\u00e1hodn\u00e1 ozdoba, ka\u017ed\u00fd motiv pat\u0159\u00ed k tradovan\u00e9mu souboru p\u0159\u00edb\u011bh\u016f.<\/p>\t\t\t\t\t\t\t\t<\/div>\n\t\t\t\t<\/div>\n\t\t\t\t\t<\/div>\n\t\t\t\t<\/div>\n\t\t<div class=\"elementor-element elementor-element-709a44a8 e-flex e-con-boxed e-con e-parent\" data-id=\"709a44a8\" data-element_type=\"container\" data-e-type=\"container\">\n\t\t\t\t\t<div class=\"e-con-inner\">\n\t\t\t\t<div class=\"elementor-element elementor-element-2f585873 elementor-widget elementor-widget-heading\" data-id=\"2f585873\" data-element_type=\"widget\" data-e-type=\"widget\" data-widget_type=\"heading.default\">\n\t\t\t\t\t<h2 class=\"elementor-heading-title elementor-size-default\">Charakteristiky<\/h2>\t\t\t\t<\/div>\n\t\t<div class=\"elementor-element elementor-element-70621c12 e-con-full e-flex e-con e-child\" data-id=\"70621c12\" data-element_type=\"container\" data-e-type=\"container\">\n\t\t\t\t<div class=\"elementor-element elementor-element-4296eb49 elementor-widget elementor-widget-text-editor\" data-id=\"4296eb49\" data-element_type=\"widget\" data-e-type=\"widget\" data-widget_type=\"text-editor.default\">\n\t\t\t\t\t\t\t\t\t<p>Mago Halmi m\u011bla kl\u00ed\u010dov\u00e9 postaven\u00ed v n\u00e1bo\u017eensk\u00e9 praxi, ka\u017edodenn\u00edch ritu\u00e1lech i v obecn\u00e9m ch\u00e1p\u00e1n\u00ed korejsk\u00e9ho sv\u011bta. Lid\u00e9 se na tuto bytost obraceli v kritick\u00fdch nebo ur\u010dit\u00fdch \u017eivotn\u00edch situac\u00edch i v ur\u010dit\u00fdch ritu\u00e1ln\u00edch ro\u010dn\u00edch dob\u00e1ch, se strukturovan\u00fdmi, \u010dasto n\u00e1ro\u010dn\u00fdmi ritu\u00e1ly, modlitbami nebo ob\u011btinami.<\/p><p>Vypr\u00e1v\u011bn\u00ed o Mago Halmi byla \u00fastn\u011b p\u0159ed\u00e1v\u00e1na vesnick\u00fdmi spole\u010denstv\u00edmi, vyprav\u011b\u010di a \u0161amansk\u00fdmi specialisty, \u017e\u00e1dn\u00e9 organizovan\u00e9 kn\u011b\u017estvo pro n\u011b neexistovalo. Pr\u00e1v\u011b na Jeju to byly tamn\u00ed \u0161amanky, kter\u00e9 tyto l\u00e1tky uchov\u00e1valy v pevn\u00fdch ritu\u00e1ln\u00edch zp\u011bvn\u00edch form\u00e1ch a p\u0159edn\u00e1\u0161ely je p\u0159i zvl\u00e1\u0161tn\u00edch p\u0159\u00edle\u017eitostech.<\/p><p>To, \u017ee se pov\u011bsti o Mago Halmi vypr\u00e1v\u011bly po dlouhou dobu, m\u011blo praktick\u00e9 d\u016fvody: vysv\u011btlovaly lidem jejich okol\u00ed. P\u0159\u00edb\u011bhy vykl\u00e1daly n\u00e1padn\u00e9 hory, skaln\u00ed \u00fatvary a ostrovy jako d\u00edlo obryn\u011b, spojovaly krajinu se spole\u010dn\u00fdm p\u0159\u00edb\u011bhem o p\u016fvodu a d\u00e1valy jednotliv\u00fdm m\u00edst\u016fm jm\u00e9no a historii. Napl\u0148ovaly tak z\u00e1rove\u0148 funkci vysv\u011btluj\u00edc\u00ed, identitu utv\u00e1\u0159ej\u00edc\u00ed a k m\u00edstu v\u00e1zaj\u00edc\u00ed.<\/p><h3>Vzhled a symbolika<\/h3><p><em>Mago Halmi<\/em> je zobrazov\u00e1na jako prastar\u00e1 babi\u010dka s nekone\u010dnou moudrost\u00ed, \u010dasto v tradi\u010dn\u00edm od\u011bvu. Je spojov\u00e1na se samotnou zem\u00ed, n\u011bkdy jako kombinace Tian (nebe) a zem\u011b. Jej\u00edmi symboly jsou p\u0159\u00edrodn\u00ed \u017eivly: k\u00e1men, voda, rostliny. \u010casto je zobrazov\u00e1na vsed\u011b nebo v meditaci.<\/p>\t\t\t\t\t\t\t\t<\/div>\n\t\t\t\t<\/div>\n\t\t\t\t\t<\/div>\n\t\t\t\t<\/div>\n\t\t<div class=\"elementor-element elementor-element-44e71476 e-flex e-con-boxed e-con e-parent\" data-id=\"44e71476\" data-element_type=\"container\" data-e-type=\"container\">\n\t\t\t\t\t<div class=\"e-con-inner\">\n\t\t\t\t<div class=\"elementor-element elementor-element-3c1fc3f0 elementor-widget elementor-widget-heading\" data-id=\"3c1fc3f0\" data-element_type=\"widget\" data-e-type=\"widget\" data-widget_type=\"heading.default\">\n\t\t\t\t\t<h2 class=\"elementor-heading-title elementor-size-default\">Profil: Mago Halmi<\/h2>\t\t\t\t<\/div>\n\t\t<div class=\"elementor-element elementor-element-84f33b8e e-con-full e-flex e-con e-child\" data-id=\"84f33b8e\" data-element_type=\"container\" data-e-type=\"container\">\n\t\t\t\t<div class=\"elementor-element elementor-element-hqkdc67p elementor-widget elementor-widget-text-editor\" data-id=\"hqkdc67p\" data-element_type=\"widget\" data-e-type=\"widget\" data-widget_type=\"text-editor.default\">\n\t\t\t\t\t\t\t\t\t<p>Profil se v\u011bnuje Mago Halmi ze \u0161esti perspektiv: jej\u00edmu kosmologick\u00e9mu p\u016fvodu a roli, skupin\u00e1m jej\u00ed modern\u00ed \u00facty, jej\u00ed ikonografii a symbolice, jej\u00edm ochrann\u00fdm funkc\u00edm a podobnostem v sousedn\u00edch kultur\u00e1ch. Tyto dimenze ukazuj\u00ed jej\u00ed postaven\u00ed jako prapraob\u011btkyn\u011b mezi archaick\u00fdm kultem plodnosti a modern\u00ed neon\u00e1bo\u017eenskou interpretac\u00ed.<\/p>\t\t\t\t\t\t\t\t<\/div>\n\t\t\t\t<\/div>\n\t\t<div class=\"elementor-element elementor-element-pemmx7c5 e-con-full e-flex e-con e-child\" data-id=\"pemmx7c5\" data-element_type=\"container\" data-e-type=\"container\">\n\t\t<div class=\"elementor-element elementor-element-pemmx7c1 e-con-full e-flex e-con e-child\" data-id=\"pemmx7c1\" data-element_type=\"container\" data-e-type=\"container\">\n\t\t<div class=\"elementor-element elementor-element-qh9oavvu iwg-steckbrief-card e-flex e-con-boxed e-con e-child\" data-id=\"qh9oavvu\" data-element_type=\"container\" data-e-type=\"container\">\n\t\t\t\t\t<div class=\"e-con-inner\">\n\t\t\t\t<div class=\"elementor-element elementor-element-awzx8k2k elementor-widget elementor-widget-heading\" data-id=\"awzx8k2k\" data-element_type=\"widget\" data-e-type=\"widget\" data-widget_type=\"heading.default\">\n\t\t\t\t\t<div class=\"elementor-heading-title elementor-size-default\">Tradice<\/div>\t\t\t\t<\/div>\n\t\t\t\t<div class=\"elementor-element elementor-element-x6rowhv0 elementor-widget elementor-widget-text-editor\" data-id=\"x6rowhv0\" data-element_type=\"widget\" data-e-type=\"widget\" data-widget_type=\"text-editor.default\">\n\t\t\t\t\t\t\t\t\t<p>Mago Halmi je kosmologicky situov\u00e1na jako prap\u016fvodn\u00ed z\u00e1klad nebo pras\u00edla-matka, existuj\u00edc\u00ed je\u0161t\u011b p\u0159ed rozli\u0161en\u00edm na nebe a zemi. Geograficky je zobrazov\u00e1na jako v\u0161udyp\u0159\u00edtomn\u00e1 imanentn\u00ed s\u00edla, na rozd\u00edl od lok\u00e1ln\u011b v\u00e1zan\u00fdch horsk\u00fdch bo\u017estev.<\/p><p>Jej\u00ed \u00facta je v ran\u00fdch pramenech jen t\u011b\u017eko zachytiteln\u00e1. Rekonstruovala se a\u017e ve 20. stolet\u00ed z fragment\u016f lidov\u00e9 <span class=\"iwg-fachbegriff\" data-tooltip=\"Souhrn tradovan\u00fdch vypr\u00e1v\u011bn\u00ed o boz\u00edch v r\u00e1mci kultury.\" tabindex=\"0\">mytologie<\/span> a neon\u00e1bo\u017eensk\u00e9 interpretace. Formalizace jej\u00edho modern\u00edho <span class=\"iwg-fachbegriff\" data-tooltip=\"Souhrn n\u00e1bo\u017eensk\u00fdch \u00factov\u00fdch praktik v\u011bnovan\u00fdch bo\u017estvu nebo svat\u00e9 postav\u011b.\" tabindex=\"0\">kultu<\/span> spad\u00e1 do pozdn\u00edho 20. stolet\u00ed.<\/p>\t\t\t\t\t\t\t\t<\/div>\n\t\t\t\t\t<\/div>\n\t\t\t\t<\/div>\n\t\t<div class=\"elementor-element elementor-element-8e3o4kxs iwg-steckbrief-card e-flex e-con-boxed e-con e-child\" data-id=\"8e3o4kxs\" data-element_type=\"container\" data-e-type=\"container\">\n\t\t\t\t\t<div class=\"e-con-inner\">\n\t\t\t\t<div class=\"elementor-element elementor-element-08rkdgov elementor-widget elementor-widget-heading\" data-id=\"08rkdgov\" data-element_type=\"widget\" data-e-type=\"widget\" data-widget_type=\"heading.default\">\n\t\t\t\t\t<div class=\"elementor-heading-title elementor-size-default\">P\u0159edm\u011bt p\u016fsoben\u00ed<\/div>\t\t\t\t<\/div>\n\t\t\t\t<div class=\"elementor-element elementor-element-uwjelx8s elementor-widget elementor-widget-text-editor\" data-id=\"uwjelx8s\" data-element_type=\"widget\" data-e-type=\"widget\" data-widget_type=\"text-editor.default\">\n\t\t\t\t\t\t\t\t\t<p>Mago Halmi je uct\u00edv\u00e1na p\u0159edev\u0161\u00edm stoupenci neon\u00e1bo\u017eensk\u00fdch hnut\u00ed (damoismus, \u017echeungsansk\u00e1 n\u00e1bo\u017eenstv\u00ed, synkretick\u00e9 skupiny), m\u00e9n\u011b pak tradi\u010dn\u00edmi \u0161amany nebo konfuci\u00e1nsk\u00fdmi elitami. Jej\u00ed \u00facta oslovuje \u017eeny, ochr\u00e1nce p\u0159\u00edrody a duchovn\u00ed hleda\u010de, kte\u0159\u00ed vyhled\u00e1vaj\u00ed prap\u016fvodn\u00ed \u017eenskou s\u00edlu. D\u016fvodem k \u00fact\u011b je osobn\u00ed duchovn\u00ed praxe, ochrana p\u0159\u00edrody a hled\u00e1n\u00ed autentick\u00e9 \u017eensk\u00e9 spirituality mimo patriarch\u00e1ln\u00ed tradice.<\/p>\t\t\t\t\t\t\t\t<\/div>\n\t\t\t\t\t<\/div>\n\t\t\t\t<\/div>\n\t\t<div class=\"elementor-element elementor-element-jm2n74ec iwg-steckbrief-card e-flex e-con-boxed e-con e-child\" data-id=\"jm2n74ec\" data-element_type=\"container\" data-e-type=\"container\">\n\t\t\t\t\t<div class=\"e-con-inner\">\n\t\t\t\t<div class=\"elementor-element elementor-element-8vufse4c elementor-widget elementor-widget-heading\" data-id=\"8vufse4c\" data-element_type=\"widget\" data-e-type=\"widget\" data-widget_type=\"heading.default\">\n\t\t\t\t\t<div class=\"elementor-heading-title elementor-size-default\">Zobrazen\u00ed<\/div>\t\t\t\t<\/div>\n\t\t\t\t<div class=\"elementor-element elementor-element-mwb9u015 elementor-widget elementor-widget-text-editor\" data-id=\"mwb9u015\" data-element_type=\"widget\" data-e-type=\"widget\" data-widget_type=\"text-editor.default\">\n\t\t\t\t\t\t\t\t\t<p>Mago Halmi je v modern\u00edch zobrazen\u00edch p\u0159edstavov\u00e1na jako star\u00e1 \u017eena, prapraob\u011btkyn\u011b nebo abstraktn\u00ed kosmick\u00e1 s\u00edla, \u010dasto s b\u00edlou nebo zlatou svatoz\u00e1\u0159\u00ed. Mezi jej\u00ed atributy pat\u0159\u00ed zem\u011b, rostliny, hory nebo taoistick\u00fd <span class=\"iwg-fachbegriff\" data-tooltip=\"Znak, kter\u00fd zastupuje ur\u010ditou p\u0159edstavu nebo v\u00fdznam.\" tabindex=\"0\">symbol<\/span> (jin-jang).<\/p><p>N\u011bkdy je zobrazov\u00e1na s k\u0159\u00eddly, co\u017e nazna\u010duje jej\u00ed nadp\u0159irozenou povahu. V esoterick\u00fdch um\u011bleck\u00fdch d\u00edlech se objevuje jako z\u00e1\u0159iv\u00e1 nebo sv\u011bt\u00e9lkuj\u00edc\u00ed postava vyza\u0159uj\u00edc\u00ed sv\u011btlo a \u017eivot. \u010casto je ukazov\u00e1na v horsk\u00e9 nebo lesn\u00ed krajin\u011b, \u010d\u00edm\u017e se symbolizuje jej\u00ed spojen\u00ed s p\u0159\u00edrodou.<\/p>\t\t\t\t\t\t\t\t<\/div>\n\t\t\t\t\t<\/div>\n\t\t\t\t<\/div>\n\t\t\t\t<\/div>\n\t\t<div class=\"elementor-element elementor-element-pemmx7c2 e-con-full e-flex e-con e-child\" data-id=\"pemmx7c2\" data-element_type=\"container\" data-e-type=\"container\">\n\t\t<div class=\"elementor-element elementor-element-37ss2yr6 iwg-steckbrief-card e-flex e-con-boxed e-con e-child\" data-id=\"37ss2yr6\" data-element_type=\"container\" data-e-type=\"container\">\n\t\t\t\t\t<div class=\"e-con-inner\">\n\t\t\t\t<div class=\"elementor-element elementor-element-3v0wp3wx elementor-widget elementor-widget-heading\" data-id=\"3v0wp3wx\" data-element_type=\"widget\" data-e-type=\"widget\" data-widget_type=\"heading.default\">\n\t\t\t\t\t<div class=\"elementor-heading-title elementor-size-default\">P\u016fsoben\u00ed Mago Halmi<\/div>\t\t\t\t<\/div>\n\t\t\t\t<div class=\"elementor-element elementor-element-w3247g2m elementor-widget elementor-widget-text-editor\" data-id=\"w3247g2m\" data-element_type=\"widget\" data-e-type=\"widget\" data-widget_type=\"text-editor.default\">\n\t\t\t\t\t\t\t\t\t<strong>Oblast p\u016fsobnosti:<\/strong> Mago Halmi je v korejsk\u00e9 \u0161amansk\u00e9 tradici bohyn\u011b-obryn\u011b stvo\u0159itelka, kter\u00e1 podle mu-ismu a mudangsk\u00e9 <span class=\"iwg-fachbegriff\" data-tooltip=\"P\u0159edstava o uspo\u0159\u00e1d\u00e1n\u00ed a \u0159\u00e1du sv\u011bta v r\u00e1mci kultury.\" tabindex=\"0\">kosmologie<\/span> stvo\u0159ila vesm\u00edr. Jej\u00ed moc se rozprost\u00edr\u00e1 nad zem\u00ed, r\u016fstem a \u017eenskou tvo\u0159ivou silou. Zt\u011bles\u0148uje prap\u016fvodn\u00ed chaotick\u00fd l\u016fno, z n\u011bho\u017e vze\u0161ly v\u0161echny v\u011bci. V mu-<span class=\"iwg-fachbegriff\" data-tooltip=\"N\u00e1bo\u017eensk\u00fd syst\u00e9m, v n\u011bm\u017e specialist\u00e9 komunikuj\u00ed s duchovn\u00edm sv\u011btem.\" tabindex=\"0\">\u0161amanismu<\/span> je matkou v\u0161ech boh\u016f a duch\u016f. Jej\u00ed vliv se projevuje v plodnosti, spojen\u00ed se zem\u00ed a hlubok\u00e9m kosmick\u00e9m ch\u00e1p\u00e1n\u00ed. Stoj\u00ed u po\u010d\u00e1tku v\u0161ech genealogi\u00ed, mytologicky je matkou kr\u00e1le Danguna.\n\t\t\t\t\t\t\t\t<\/div>\n\t\t\t\t\t<\/div>\n\t\t\t\t<\/div>\n\t\t<div class=\"elementor-element elementor-element-0qpjal9w iwg-steckbrief-card e-flex e-con-boxed e-con e-child\" data-id=\"0qpjal9w\" data-element_type=\"container\" data-e-type=\"container\">\n\t\t\t\t\t<div class=\"e-con-inner\">\n\t\t\t\t<div class=\"elementor-element elementor-element-6ndoih0o elementor-widget elementor-widget-heading\" data-id=\"6ndoih0o\" data-element_type=\"widget\" data-e-type=\"widget\" data-widget_type=\"heading.default\">\n\t\t\t\t\t<div class=\"elementor-heading-title elementor-size-default\">Ochrana<\/div>\t\t\t\t<\/div>\n\t\t\t\t<div class=\"elementor-element elementor-element-6684tyh9 elementor-widget elementor-widget-text-editor\" data-id=\"6684tyh9\" data-element_type=\"widget\" data-e-type=\"widget\" data-widget_type=\"text-editor.default\">\n\t\t\t\t\t\t\t\t\t<p>Mago Halmi je dobrotiv\u00e1, tvo\u0159iv\u00e1 bytost. Jej\u00ed \u00facta slou\u017e\u00ed k harmonizaci s p\u0159\u00edrodou, ochran\u011b zem\u011b a jednot\u011b s kosmick\u00fdm principem. Ob\u0159ady \u00facty zahrnuj\u00ed modlitby k p\u0159\u00edrod\u011b, d\u011bkovn\u00e9 ob\u011bti za plodnost a meditaci na pras\u00edlu-matku.<\/p><p>V modern\u00edm neon\u00e1bo\u017eensk\u00e9m kontextu se s n\u00ed spojuj\u00ed i ob\u0159ady na ochranu \u017eivotn\u00edho prost\u0159ed\u00ed a pos\u00edlen\u00ed postaven\u00ed \u017een. Ochrana zde prob\u00edh\u00e1 m\u00e9n\u011b prost\u0159ednictv\u00edm apotropaick\u00fdch opat\u0159en\u00ed a v\u00edce duchovn\u00edm zam\u011b\u0159en\u00edm na prap\u016fvodn\u00ed zdroj.<\/p>\t\t\t\t\t\t\t\t<\/div>\n\t\t\t\t\t<\/div>\n\t\t\t\t<\/div>\n\t\t<div class=\"elementor-element elementor-element-3lfi7x32 iwg-steckbrief-card e-flex e-con-boxed e-con e-child\" data-id=\"3lfi7x32\" data-element_type=\"container\" data-e-type=\"container\">\n\t\t\t\t\t<div class=\"e-con-inner\">\n\t\t\t\t<div class=\"elementor-element elementor-element-0kg99ga1 elementor-widget elementor-widget-heading\" data-id=\"0kg99ga1\" data-element_type=\"widget\" data-e-type=\"widget\" data-widget_type=\"heading.default\">\n\t\t\t\t\t<div class=\"elementor-heading-title elementor-size-default\">P\u0159\u00edbuzn\u00e9 bytosti<\/div>\t\t\t\t<\/div>\n\t\t\t\t<div class=\"elementor-element elementor-element-n0fum6kp elementor-widget elementor-widget-text-editor\" data-id=\"n0fum6kp\" data-element_type=\"widget\" data-e-type=\"widget\" data-widget_type=\"text-editor.default\">\n\t\t\t\t\t\t\t\t\t<p>Srovnateln\u00e9 jsou dal\u0161\u00ed prapraob\u011btkyn\u011b nebo matky stvo\u0159en\u00ed: Gaia v \u0159eck\u00e9 <span class=\"iwg-fachbegriff\" data-tooltip=\"Souhrn tradovan\u00fdch vypr\u00e1v\u011bn\u00ed o boz\u00edch v r\u00e1mci kultury.\" tabindex=\"0\">mytologii<\/span>, prvotn\u00ed matka Zem\u011b, Iyoba nebo jin\u00e9 bohyn\u011b plodnosti v z\u00e1padn\u00ed Africe a Papat\u016b\u0101nuku v polyn\u00e9sk\u00e9 tradici. V\u0161em je spole\u010dn\u00e9 zt\u011blesn\u011bn\u00ed tvo\u0159iv\u00e9 s\u00edly zem\u011b a funkce zdroje ve\u0161ker\u00e9ho \u017eivota.<\/p>\t\t\t\t\t\t\t\t<\/div>\n\t\t\t\t\t<\/div>\n\t\t\t\t<\/div>\n\t\t\t\t<\/div>\n\t\t\t\t<\/div>\n\t\t\t\t\t<\/div>\n\t\t\t\t<\/div>\n\t\t<div class=\"elementor-element elementor-element-5a584676 e-flex e-con-boxed e-con e-parent\" data-id=\"5a584676\" data-element_type=\"container\" data-e-type=\"container\">\n\t\t\t\t\t<div class=\"e-con-inner\">\n\t\t\t\t<div class=\"elementor-element elementor-element-6d0757bf elementor-widget elementor-widget-heading\" data-id=\"6d0757bf\" data-element_type=\"widget\" data-e-type=\"widget\" data-widget_type=\"heading.default\">\n\t\t\t\t\t<h2 class=\"elementor-heading-title elementor-size-default\">Mago Halmi, paralely v jin\u00fdch kultur\u00e1ch<\/h2>\t\t\t\t<\/div>\n\t\t<div class=\"elementor-element elementor-element-60563f68 e-con-full e-flex e-con e-child\" data-id=\"60563f68\" data-element_type=\"container\" data-e-type=\"container\">\n\t\t\t\t<div class=\"elementor-element elementor-element-5a93fdd6 elementor-widget elementor-widget-text-editor\" data-id=\"5a93fdd6\" data-element_type=\"widget\" data-e-type=\"widget\" data-widget_type=\"text-editor.default\">\n\t\t\t\t\t\t\t\t\t<h3>Ritu\u00e1ly a uct\u00edv\u00e1n\u00ed<\/h3><p>V ritu\u00e1lech mudang (kut) je Mago-halmi vz\u00fdv\u00e1na tancem a zp\u011bvem. \u0160amanka zt\u011bles\u0148uje bohyni, aby vyprosila <span class=\"iwg-fachbegriff\" data-tooltip=\"Vysloven\u00ed po\u017eehn\u00e1n\u00ed a ochrany, \u010dasto v pevn\u00e9 jazykov\u00e9 form\u011b.\" tabindex=\"0\">po\u017eehn\u00e1n\u00ed<\/span> pro \u00farodu a rodinn\u00fd blahobyt. Ob\u011btiny zahrnovaly obil\u00ed, ovoce a v\u00edno. <span class=\"iwg-fachbegriff\" data-tooltip=\"Stavba slou\u017e\u00edc\u00ed uct\u00edv\u00e1n\u00ed jednoho nebo v\u00edce bo\u017estev.\" tabindex=\"0\">Chr\u00e1my<\/span> a svatyn\u011b byly roz\u0161\u00ed\u0159eny v horsk\u00fdch oblastech, zejm\u00e9na v pramenn\u00fdch oblastech (jako synkretismus vodn\u00edho kultu, <span class=\"iwg-fachbegriff\" data-tooltip=\"Splynut\u00ed p\u0159edstav nebo bo\u017estev z r\u016fzn\u00fdch n\u00e1bo\u017eensk\u00fdch tradic.\" tabindex=\"0\">synkretismus<\/span>).<\/p><h3>Za\u0159\u00edk\u00e1v\u00e1n\u00ed a vz\u00fdv\u00e1n\u00ed<\/h3><p>Klasick\u00e1 vz\u00fdv\u00e1n\u00ed v ritu\u00e1lech mudang zn\u00ed: \u201eMago-halmi, prvotn\u00ed matko nebes, po\u017eehnej t\u00e9to rodin\u011b.\u201c \u0160amani p\u0159edn\u00e1\u0161eli za\u0159\u00edk\u00e1vac\u00ed zp\u011bvy, zasazen\u00e9 do rytm\u016f zemn\u00edch bubn\u016f. Tradovan\u00e1 formule zd\u016fraz\u0148uje jej\u00ed dvoj\u00ed povahu (jin-jang): \u201eVelk\u00e1 matko, z tebe plyne ve\u0161ker\u00fd \u017eivot.\u201c<\/p><h3>Amulety a ochrann\u00e9 symboly<\/h3><p><span class=\"iwg-fachbegriff\" data-tooltip=\"Znak, kter\u00fd zastupuje p\u0159edstavu nebo v\u00fdznam.\" tabindex=\"0\">Symbol<\/span> \u017eensk\u00e9 spir\u00e1ly a zem\u011b (znak sanggeum) byl no\u0161en jako amulet. \u017deny nosily p\u00e1sky a \u0161\u0148\u016fry s uzl\u00edky, kde ka\u017ed\u00fd uzel p\u0159edstavoval prosbu k Mago-halmi. Slavnosti sklizn\u011b se konaly s ritu\u00e1ln\u00edmi \u0161\u00e1tky a v\u011bnci z kv\u011btin.<\/p>\n<p><strong>\u017didovsk\u00e1 tradice:<\/strong> V judaismu neexistuje p\u0159\u00edm\u00e1 obdoba Mago Halmi. Tradice zn\u00e1 \u0160echinu (\u017eenskou p\u0159\u00edtomnost Boha), kter\u00e1 v pozd\u011bj\u0161\u00edch mystick\u00fdch interpretac\u00edch z\u00edsk\u00e1v\u00e1 tv\u016fr\u010d\u00ed roli, ale nez\u016fst\u00e1v\u00e1 hypostazovan\u00e1 jako samostatn\u00e1 bohyn\u011b. Kabala nab\u00edz\u00ed v Binah (rozum\/matka) konceptu\u00e1ln\u00ed paralelu k prvotn\u00ed matce, ale nikoli jako kultovn\u00ed postavu.<\/p><p><strong>\u0158ecko-\u0159\u00edmsk\u00fd sv\u011bt:<\/strong> Gaia (Zem\u011b) a Rhea (prvotn\u00ed matka Tit\u00e1n\u016f) odpov\u00eddaj\u00ed Mago Halmi funk\u010dn\u011b. Ob\u011b jsou prvotn\u00edmi zdroji, z nich\u017e vze\u0161li dal\u0161\u00ed bohov\u00e9 i samo byt\u00ed. Zejm\u00e9na Gaia jako prvotn\u00ed s\u00edla zem\u011b a matka v\u0161ech v\u011bc\u00ed vykazuje struktur\u00e1ln\u00ed podobnosti. Jej\u00ed uct\u00edv\u00e1n\u00ed v\u0161ak bylo dezentralizovan\u011bj\u0161\u00ed a m\u00e9n\u011b dogmatizovan\u00e9 ne\u017e modern\u00ed forma <span class=\"iwg-fachbegriff\" data-tooltip=\"Souhrn n\u00e1bo\u017eensk\u00fdch \u00fakon\u016f uct\u00edv\u00e1n\u00ed ur\u010dit\u00e9ho bo\u017estva nebo svat\u00e9 bytosti.\" tabindex=\"0\">kultu<\/span> Mago Halmi.<\/p><p><strong>Mezopot\u00e1mie:<\/strong> Tiamat v babylonsk\u00e9 <span class=\"iwg-fachbegriff\" data-tooltip=\"Souhrn tradovan\u00fdch vypr\u00e1v\u011bn\u00ed o boz\u00edch ur\u010dit\u00e9 kultury.\" tabindex=\"0\">mytologii<\/span> (Enuma Elish) je prvotn\u00ed matka, z jej\u00edho\u017e t\u011bla byl stvo\u0159en sv\u011bt. Je chaotickou, prvotn\u00ed silou, kterou p\u0159em\u00e1h\u00e1 a reorganizuje b\u016fh Marduk. Mago Halmi se li\u0161\u00ed svou dobrotivou povahou, zat\u00edmco Tiamat je ambivalentn\u00ed nebo destruktivn\u00ed.<\/p><p><strong>Indie\/Asie:<\/strong> Indick\u00e1 Prakriti (prvotn\u00ed hmota) nebo \u0160akti (\u017eensk\u00e1 energie) se podobaj\u00ed Mago Halmi jako prvotn\u00ed \u017eensk\u00e1 s\u00edla. V taoismu je Tao prvotn\u00ed matkou nebo prvotn\u00edm principem, z n\u011bho\u017e v\u0161e plyne, co\u017e je paralela ke kosmologick\u00e9 funkci Mago Halmi. V tibetsk\u00e9 <span class=\"iwg-fachbegriff\" data-tooltip=\"P\u0159ed\u00e1v\u00e1n\u00ed znalost\u00ed a vypr\u00e1v\u011bn\u00ed nap\u0159\u00ed\u010d generacemi.\" tabindex=\"0\">tradici<\/span> existuj\u00ed podobn\u00e9 aspekty prvotn\u00ed matky absolutna.<\/p>\t\t\t\t\t\t\t\t<\/div>\n\t\t\t\t<\/div>\n\t\t\t\t\t<\/div>\n\t\t\t\t<\/div>\n\t\t<div class=\"elementor-element elementor-element-cp35010eb e-flex e-con-boxed e-con e-parent\" data-id=\"cp35010eb\" data-element_type=\"container\" data-e-type=\"container\">\n\t\t\t\t\t<div class=\"e-con-inner\">\n\t\t\t\t<div class=\"elementor-element elementor-element-cpbfca030 elementor-widget elementor-widget-heading\" data-id=\"cpbfca030\" data-element_type=\"widget\" data-e-type=\"widget\" data-widget_type=\"heading.default\">\n\t\t\t\t\t<h2 class=\"elementor-heading-title elementor-size-default\">Mago Halmi jako prvotn\u00ed tv\u016frkyn\u011b krajiny<\/h2>\t\t\t\t<\/div>\n\t\t<div class=\"elementor-element elementor-element-cp026fbaa e-con-full e-flex e-con e-child\" data-id=\"cp026fbaa\" data-element_type=\"container\" data-e-type=\"container\">\n\t\t\t\t<div class=\"elementor-element elementor-element-cpe9e70a7 elementor-widget elementor-widget-text-editor\" data-id=\"cpe9e70a7\" data-element_type=\"widget\" data-e-type=\"widget\" data-widget_type=\"text-editor.default\">\n\t\t\t\t\t\t\t\t\t<p>Mago Halmi, \u010dasto p\u0159ekl\u00e1dan\u00e1 jako \u201ebabi\u010dka Mago\u201c, je v korejsk\u00e9 <span class=\"iwg-fachbegriff\" data-tooltip=\"P\u0159ed\u00e1v\u00e1n\u00ed znalost\u00ed a vypr\u00e1v\u011bn\u00ed nap\u0159\u00ed\u010d generacemi.\" tabindex=\"0\">tradici<\/span> obrovsk\u00e1 \u017eensk\u00e1 postava, kter\u00e1 v prvotn\u00edch dob\u00e1ch formovala krajinu.<\/p><p>Pat\u0159\u00ed k roz\u0161\u00ed\u0159en\u00e9mu mytologick\u00e9mu typu obryn\u011b-stvo\u0159itelky, kter\u00e1 sv\u00fdm t\u011blem a v\u0161edn\u00edmi \u00fakony vytv\u00e1\u0159\u00ed krajinu, bez slova \u010di pl\u00e1nu. Hory vznikaj\u00ed tam, kde nasypala zemi, \u00fadol\u00ed tam, kde kopala, ostrovy tam, kde j\u00ed ze z\u00e1st\u011bry vypadla zem\u011b.<\/p><p>Zvl\u00e1\u0161t\u011b bohat\u00e1 je <span class=\"iwg-fachbegriff\" data-tooltip=\"P\u0159ed\u00e1v\u00e1n\u00ed znalost\u00ed a vypr\u00e1v\u011bn\u00ed nap\u0159\u00ed\u010d generacemi.\" tabindex=\"0\">tradice<\/span> na ostrov\u011b Jeju, kde se obryn\u011b-stvo\u0159itelka nej\u010dast\u011bji jmenuje <em>Seolmundae Halmang<\/em> a je pova\u017eov\u00e1na za tv\u016frkyni cel\u00e9ho ostrova; centr\u00e1ln\u00ed sopka Hallasan je s n\u00ed spojov\u00e1na.<\/p><p>Na pevnin\u011b a v jin\u00fdch regionech se pod jm\u00e9nem Mago Halmi nebo podobn\u00fdmi ozna\u010den\u00edmi objevuj\u00ed srovnateln\u00e9 obryn\u011b, kter\u00fdm se p\u0159isuzuj\u00ed jednotliv\u00e9 hory, skaln\u00ed \u00fatvary, pr\u016fsmyky a vodn\u00ed toky. Vypr\u00e1v\u011bn\u00ed jsou siln\u011b v\u00e1z\u00e1na na konkr\u00e9tn\u00ed m\u00edstn\u00ed krajinu a vysv\u011btluj\u00ed n\u00e1padn\u00e9 tvary ter\u00e9nu.<\/p><p>Charakteristick\u00e9 je spojen\u00ed ohromn\u00e9 velikosti a d\u016fv\u011brn\u00e9 dom\u00e1c\u00ed v\u0161ednosti. Mago Halmi va\u0159\u00ed, pere, tk\u00e1, j\u00ed a vylu\u010duje, a pr\u00e1v\u011b tyto v\u0161edn\u00ed \u010dinnosti maj\u00ed kosmick\u00e9 d\u016fsledky. Tato sm\u011bs vzne\u0161enosti a dom\u00e1cnosti ji odli\u0161uje od vzd\u00e1len\u00fdch, abstraktn\u00edch tv\u016fr\u010d\u00edch bo\u017estev jin\u00fdch tradic.<\/p><p>Badatel\u00e9 za\u0159azuj\u00ed Mago Halmi k \u0161iroce roz\u0161\u00ed\u0159en\u00e9mu typu \u201eobryn\u011b jako tv\u016frkyn\u011b krajiny\u201c, kter\u00fd je v Koreji zvl\u00e1\u0161t\u011b bohat\u011b rozvinut\u00fd a p\u0159edstavuje starou, lidovou vrstvu korejsk\u00e9 <span class=\"iwg-fachbegriff\" data-tooltip=\"Souhrn tradovan\u00fdch vypr\u00e1v\u011bn\u00ed o boz\u00edch ur\u010dit\u00e9 kultury.\" tabindex=\"0\">mytologie<\/span>. P\u0159\u00edbuzn\u00e9 tv\u016fr\u010d\u00ed \u017eensk\u00e9 postavy se vyskytuj\u00ed v \u0161ir\u0161\u00ed <a href=\"https:\/\/iwell-guard.com\/cs\/?page_id=145187\">korejsk\u00e9<\/a> <span class=\"iwg-fachbegriff\" data-tooltip=\"P\u0159ed\u00e1v\u00e1n\u00ed znalost\u00ed a vypr\u00e1v\u011bn\u00ed nap\u0159\u00ed\u010d generacemi.\" tabindex=\"0\">tradici<\/span>.<\/p>\t\t\t\t\t\t\t\t<\/div>\n\t\t\t\t<\/div>\n\t\t\t\t\t<\/div>\n\t\t\t\t<\/div>\n\t\t<div class=\"elementor-element elementor-element-cp3658809 e-flex e-con-boxed e-con e-parent\" data-id=\"cp3658809\" data-element_type=\"container\" data-e-type=\"container\">\n\t\t\t\t\t<div class=\"e-con-inner\">\n\t\t\t\t<div class=\"elementor-element elementor-element-cp26b9195 elementor-widget elementor-widget-heading\" data-id=\"cp26b9195\" data-element_type=\"widget\" data-e-type=\"widget\" data-widget_type=\"heading.default\">\n\t\t\t\t\t<h2 class=\"elementor-heading-title elementor-size-default\">Region\u00e1ln\u00ed varianty a v\u00e1zanost na konkr\u00e9tn\u00ed m\u00edsta<\/h2>\t\t\t\t<\/div>\n\t\t<div class=\"elementor-element elementor-element-cp1faf716 e-con-full e-flex e-con e-child\" data-id=\"cp1faf716\" data-element_type=\"container\" data-e-type=\"container\">\n\t\t\t\t<div class=\"elementor-element elementor-element-cp4531c17 elementor-widget elementor-widget-text-editor\" data-id=\"cp4531c17\" data-element_type=\"widget\" data-e-type=\"widget\" data-widget_type=\"text-editor.default\">\n\t\t\t\t\t\t\t\t\t<p>Mago Halmi nen\u00ed jednotnou postavou celokorejsk\u00e9ho panteonu, ale postavou, kter\u00e1 existuje v mnoha m\u00edstn\u00edch variant\u00e1ch. T\u00e9m\u011b\u0159 ka\u017ed\u00fd region m\u00e1 vlastn\u00ed vypr\u00e1v\u011bn\u00ed o obryni, kter\u00e1 utvo\u0159ila m\u00edstn\u00ed krajinu, a jm\u00e9na se li\u0161\u00ed: Seolmundae Halmang na Jeju, Mago Halmi nebo Mago Halmae v mnoha pevninsk\u00fdch oblastech, krom\u011b toho dal\u0161\u00ed m\u00edstn\u00ed ozna\u010den\u00ed.<\/p><p>Zda se jedn\u00e1 o p\u016fvodn\u011b jednotnou <span class=\"iwg-fachbegriff\" data-tooltip=\"Bytost uct\u00edvan\u00e1 jako bo\u017esk\u00e1 v r\u00e1mci n\u00e1bo\u017eenstv\u00ed.\" tabindex=\"0\">bo\u017eskou bytost<\/span>, kter\u00e1 se region\u00e1ln\u011b rozr\u016fznila, nebo o r\u016fzn\u00e9 m\u00edstn\u00ed obryn\u011b, kter\u00e9 byly teprve druhotn\u011b shrnuty pod jm\u00e9nem Mago, je ve v\u00fdzkumu sporn\u00e9.<\/p><p>Vypr\u00e1v\u011bn\u00ed se \u0159\u00edd\u00ed opakuj\u00edc\u00edmi se vzory. \u010cast\u00fdm <span class=\"iwg-fachbegriff\" data-tooltip=\"Opakuj\u00edc\u00ed se obsahov\u00fd prvek v um\u011bn\u00ed nebo vypr\u00e1v\u011bn\u00ed.\" tabindex=\"0\">motivem<\/span> je, \u017ee Mago Halmi chce n\u011bco postavit, nap\u0159\u00edklad most na pevninu nebo hr\u00e1z, a d\u00edlo z\u016fstane nedokon\u010den\u00e9; nehotov\u00fd skaln\u00ed \u00fatvar je pak viditeln\u00fdm d\u016fkazem.<\/p><p>Roz\u0161\u00ed\u0159en\u00fd je i <span class=\"iwg-fachbegriff\" data-tooltip=\"Opakuj\u00edc\u00ed se obsahov\u00fd prvek v um\u011bn\u00ed nebo vypr\u00e1v\u011bn\u00ed.\" tabindex=\"0\">motiv<\/span> jej\u00edho oble\u010den\u00ed: z jej\u00ed roztrhan\u00e9 z\u00e1st\u011bry pad\u00e1 hl\u00edna a vytv\u00e1\u0159\u00ed kopce a ostrovy. Jin\u00e1 vypr\u00e1v\u011bn\u00ed l\u00ed\u010d\u00ed jej\u00ed obrovsk\u00e1 j\u00eddla, sk\u00e1ly, kter\u00e9 pou\u017e\u00edvala jako varn\u00e9 kameny, nebo prohlubn\u011b v kamen\u00ed, kter\u00e9 jsou vykl\u00e1d\u00e1ny jako jej\u00ed stopy.<\/p><p>Toto siln\u00e9 v\u00e1z\u00e1n\u00ed na m\u00edsto je pro Mago Halmi to podstatn\u00e9. M\u00fdty nejsou abstraktn\u00edmi kosmogoniemi, ale vysv\u011btlen\u00edmi konkr\u00e9tn\u00edho kusu krajiny, kter\u00fd je vyprav\u011b\u010di i poslucha\u010di zn\u00e1m. N\u00e1padn\u00e1 sk\u00e1la, roklina, mal\u00fd ostrov u pob\u0159e\u017e\u00ed jsou vypr\u00e1v\u011bn\u00edm nabity v\u00fdznamem a zasazeny do mytick\u00e9 minulosti.<\/p><p>V\u00fdzkum zde hovo\u0159\u00ed o m\u00edstn\u00edch pov\u011bstech nebo etiologick\u00fdch vypr\u00e1v\u011bn\u00edch. Pro pochopen\u00ed Mago Halmi z toho plyne, \u017ee je t\u0159eba ji ch\u00e1pat jako vypr\u00e1v\u011bc\u00ed motiv rozv\u011btven\u00fd do mnoha m\u00edstn\u00edch podob, kter\u00fd se objevuje v\u0161ude tam, kde krajina vy\u017eadovala vysv\u011btlen\u00ed. Jednotnou, jasn\u011b vymezenou bohyn\u00ed pr\u00e1v\u011b nen\u00ed.<\/p>\t\t\t\t\t\t\t\t<\/div>\n\t\t\t\t<\/div>\n\t\t\t\t\t<\/div>\n\t\t\t\t<\/div>\n\t\t<div class=\"elementor-element elementor-element-cp413ff75 e-flex e-con-boxed e-con e-parent\" data-id=\"cp413ff75\" data-element_type=\"container\" data-e-type=\"container\">\n\t\t\t\t\t<div class=\"e-con-inner\">\n\t\t\t\t<div class=\"elementor-element elementor-element-cpfb1781f elementor-widget elementor-widget-heading\" data-id=\"cpfb1781f\" data-element_type=\"widget\" data-e-type=\"widget\" data-widget_type=\"heading.default\">\n\t\t\t\t\t<h2 class=\"elementor-heading-title elementor-size-default\">Probl\u00e9m modern\u00edho v\u00fdkladu Mago<\/h2>\t\t\t\t<\/div>\n\t\t<div class=\"elementor-element elementor-element-cp4904600 e-con-full e-flex e-con e-child\" data-id=\"cp4904600\" data-element_type=\"container\" data-e-type=\"container\">\n\t\t\t\t<div class=\"elementor-element elementor-element-cpd2e8423 elementor-widget elementor-widget-text-editor\" data-id=\"cpd2e8423\" data-element_type=\"widget\" data-e-type=\"widget\" data-widget_type=\"text-editor.default\">\n\t\t\t\t\t\t\t\t\t<p>Postava Mago Halmi se v pozdn\u00edm 20. a v 21. stolet\u00ed stala p\u0159edm\u011btem vlastn\u00edho, m\u00edsty ideologicky nabit\u00e9ho v\u00fdkladov\u00e9ho hnut\u00ed, kter\u00e9 je t\u0159eba pe\u010dliv\u011b odd\u011blovat od tradovan\u00e9ho lidov\u00e9ho vypr\u00e1v\u011bn\u00ed.<\/p><p>V ur\u010dit\u00fdch proudech, kter\u00e9 se odvol\u00e1vaj\u00ed na text zvan\u00fd <em>Budoji<\/em>, je &#8222;Mago&#8220; povy\u0161ov\u00e1na na kosmickou prapraduchmatku a stvo\u0159itelku sv\u011bta na po\u010d\u00e1tku, na prakmatku lidstva nebo p\u0159inejmen\u0161\u00edm korejsk\u00e9ho n\u00e1roda.<\/p><p>Zde je t\u0159eba opatrnosti. <em>Budoji<\/em> je text, jeho\u017e st\u00e1\u0159\u00ed a pravost jsou v odborn\u00e9 v\u011bd\u011b velmi sporn\u00e9; mnoz\u00ed badatel\u00e9 jej pova\u017euj\u00ed za v\u00fdtvor 20. stolet\u00ed nebo p\u0159inejmen\u0161\u00edm za siln\u011b p\u0159epracovan\u00fd a vid\u00ed jej v souvislosti s modern\u00edmi n\u00e1rodn\u011b-n\u00e1bo\u017eensk\u00fdmi hnut\u00edmi.<\/p><p>Na tom zalo\u017een\u00e1 p\u0159edstava jednotn\u00e9, vysoce postaven\u00e9 prabohyn\u011b Mago proto nen\u00ed dolo\u017eenou <span class=\"iwg-fachbegriff\" data-tooltip=\"P\u0159ed\u00e1v\u00e1n\u00ed v\u011bdomost\u00ed a vypr\u00e1v\u011bn\u00ed mezi generacemi.\" tabindex=\"0\">tradic\u00ed<\/span> tradi\u010dn\u00edho korejsk\u00e9ho n\u00e1bo\u017eenstv\u00ed, ale modern\u00ed konstrukc\u00ed. Krom\u011b toho existuje feministicky motivovan\u00e1 recepce, kter\u00e1 v Mago hled\u00e1 p\u0159edpatriarch\u00e1ln\u00ed matku bohyni; i ona pracuje v\u00edce s v\u00fdkladem a p\u0159isvojen\u00edm ne\u017e s dolo\u017een\u00fdm pramenn\u00fdm materi\u00e1lem.<\/p><p>Pro seri\u00f3zn\u00ed zpracov\u00e1n\u00ed to znamen\u00e1 jasn\u00e9 rozli\u0161en\u00ed. Dolo\u017eiteln\u00e1 a dob\u0159e zdokumentovan\u00e1 je lidov\u00e1 Mago Halmi: obryn\u011b tvo\u0159\u00edc\u00ed krajinu z m\u00edstn\u00edch pov\u011bst\u00ed, mnohotv\u00e1rn\u00e1, region\u00e1ln\u00ed, v\u00e1zan\u00e1 na konkr\u00e9tn\u00ed tvary ter\u00e9nu. Ve stejn\u00e9 m\u00ed\u0159e nedolo\u017eiteln\u00e1 je p\u0159edstava jednotn\u00e9 kosmick\u00e9 prabohyn\u011b Mago; ta pat\u0159\u00ed do oblasti modern\u00edho n\u00e1bo\u017eensk\u00e9ho a kulturn\u00edho p\u0159isvojen\u00ed.<\/p><p>Oba proudy existuj\u00ed a ob\u011b pat\u0159\u00ed k d\u011bjin\u00e1m p\u016fsoben\u00ed tohoto jm\u00e9na, ale maj\u00ed velmi odli\u0161nou pramennou hodnotu. Kdo p\u00ed\u0161e o Mago Halmi, m\u011bl by do pop\u0159ed\u00ed postavit dob\u0159e dolo\u017eenou lidovou postavu a modern\u00ed teorii prapraduchmatky ozna\u010dit za to, co skute\u010dn\u011b je: v\u00fdklad, nikoli <span class=\"iwg-fachbegriff\" data-tooltip=\"P\u0159ed\u00e1v\u00e1n\u00ed v\u011bdomost\u00ed a vypr\u00e1v\u011bn\u00ed mezi generacemi.\" tabindex=\"0\">tradici<\/span>.<\/p>\t\t\t\t\t\t\t\t<\/div>\n\t\t\t\t<\/div>\n\t\t\t\t\t<\/div>\n\t\t\t\t<\/div>\n\t\t<div class=\"elementor-element elementor-element-36dd7469 e-flex e-con-boxed e-con e-parent\" data-id=\"36dd7469\" data-element_type=\"container\" data-e-type=\"container\">\n\t\t\t\t\t<div class=\"e-con-inner\">\n\t\t\t\t<div class=\"elementor-element elementor-element-13760ab4 elementor-widget elementor-widget-heading\" data-id=\"13760ab4\" data-element_type=\"widget\" data-e-type=\"widget\" data-widget_type=\"heading.default\">\n\t\t\t\t\t<h2 class=\"elementor-heading-title elementor-size-default\">Souvisej\u00edc\u00ed odkazy<\/h2>\t\t\t\t<\/div>\n\t\t<div class=\"elementor-element elementor-element-28c87796 e-con-full e-flex e-con e-child\" data-id=\"28c87796\" data-element_type=\"container\" data-e-type=\"container\">\n\t\t\t\t<div class=\"elementor-element elementor-element-5d6538df elementor-widget elementor-widget-text-editor\" data-id=\"5d6538df\" data-element_type=\"widget\" data-e-type=\"widget\" data-widget_type=\"text-editor.default\">\n\t\t\t\t\t\t\t\t\t<ul><li><a href=\"https:\/\/iwell-guard.com\/cs\/?page_id=145352\">Hwanung, syn nebesk\u00e9ho boha<\/a><\/li><li><a href=\"https:\/\/iwell-guard.com\/cs\/?page_id=145353\">Dangun, zakladatel Gojoseonu<\/a><\/li><\/ul>\n\t\t\t\t\t\t\t\t<\/div>\n\t\t\t\t<\/div>\n\t\t\t\t\t<\/div>\n\t\t\t\t<\/div>\n\t\t<div class=\"elementor-element elementor-element-grl4kl40 e-flex e-con-boxed e-con e-parent\" data-id=\"grl4kl40\" data-element_type=\"container\" data-e-type=\"container\">\n\t\t\t\t\t<div class=\"e-con-inner\">\n\t\t\t\t<div class=\"elementor-element elementor-element-bzsbfrmh elementor-widget elementor-widget-heading\" data-id=\"bzsbfrmh\" data-element_type=\"widget\" data-e-type=\"widget\" data-widget_type=\"heading.default\">\n\t\t\t\t\t<h2 class=\"elementor-heading-title elementor-size-default\">Prameny a literatura<\/h2>\t\t\t\t<\/div>\n\t\t<div class=\"elementor-element elementor-element-2c13224a e-con-full e-flex e-con e-child\" data-id=\"2c13224a\" data-element_type=\"container\" data-e-type=\"container\">\n\t\t\t\t<div class=\"elementor-element elementor-element-0eymh9ub elementor-widget elementor-widget-text-editor\" data-id=\"0eymh9ub\" data-element_type=\"widget\" data-e-type=\"widget\" data-widget_type=\"text-editor.default\">\n\t\t\t\t\t\t\t\t\t<footer class=\"iwg-literatur\" data-nosnippet=\"true\"><ul><li><span data-nosnippet>Kim, Tae-gon: <em>Korean Shamanism: Its History and Behavior<\/em>. Korean Shamanistic Society, 2000.<\/span><\/li><li><span data-nosnippet>Grayson, J. H.: <em>Korea, A Religious History<\/em>. Routledge, 2002.<\/span><\/li><\/ul>\n<\/footer>\n<p class=\"iwg-bib-more\"><span data-nosnippet>Dal\u0161\u00ed standardn\u00ed d\u00edla v <a href=\"https:\/\/iwell-guard.com\/cs\/?page_id=145257\">bibliografii<\/a>.<\/span><\/p>\t\t\t\t\t\t\t\t<\/div>\n\t\t\t\t<\/div>\n\t\t\t\t\t<\/div>\n\t\t\t\t<\/div>\n\t\t\t\t<\/div>\n\t\t","protected":false},"excerpt":{"rendered":"","protected":false},"author":3,"featured_media":1620,"parent":0,"menu_order":0,"comment_status":"closed","ping_status":"closed","template":"elementor_header_footer","meta":{"_yoast_wpseo_focuskw":"Mago Halmi","_yoast_wpseo_title":"Mago Halmi \u2013 bo\u017estvo Koreje","_yoast_wpseo_metadesc":"Mago Halmi, obrovsk\u00e1 stvo\u0159itelka korejsk\u00fdch m\u00edstn\u00edch pov\u011bst\u00ed: krajinn\u00e9 m\u00fdty o prapra\u043c\u0430\u0442ce a kritick\u00fd pohled na modern\u00ed v\u00fdklady.","_yoast_wpseo_meta-robots-noindex":"","_yoast_wpseo_canonical":"","_angie_page":false,"gefaehrdungsstufe":"2","wesen_kultur":"korea","wesen_klasse":"goetter","footnotes":""},"categories":[],"class_list":["post-145354","page","type-page","status-publish","has-post-thumbnail","hentry"],"yoast_head":"<!-- This site is optimized with the Yoast SEO Premium plugin v27.7 (Yoast SEO v28.3) - https:\/\/yoast.com\/product\/yoast-seo-premium-wordpress\/ -->\n<title>Mago Halmi \u2013 bo\u017estvo Koreje<\/title>\n<meta name=\"description\" content=\"Mago Halmi, obrovsk\u00e1 stvo\u0159itelka korejsk\u00fdch m\u00edstn\u00edch pov\u011bst\u00ed: krajinn\u00e9 m\u00fdty o prapra\u043c\u0430\u0442ce a kritick\u00fd pohled na modern\u00ed v\u00fdklady.\" \/>\n<meta name=\"robots\" content=\"index, follow, max-snippet:-1, max-image-preview:large, max-video-preview:-1\" \/>\n<link rel=\"canonical\" href=\"https:\/\/iwell-guard.com\/cs\/mago-halmi\/\" \/>\n<meta property=\"og:locale\" content=\"cs_CZ\" \/>\n<meta property=\"og:type\" content=\"article\" \/>\n<meta property=\"og:title\" content=\"Mago Halmi\" \/>\n<meta property=\"og:description\" content=\"Mago Halmi, obrovsk\u00e1 stvo\u0159itelka korejsk\u00fdch m\u00edstn\u00edch pov\u011bst\u00ed: krajinn\u00e9 m\u00fdty o prapra\u043c\u0430\u0442ce a kritick\u00fd pohled na modern\u00ed v\u00fdklady.\" \/>\n<meta property=\"og:url\" content=\"https:\/\/iwell-guard.com\/cs\/mago-halmi\/\" \/>\n<meta property=\"og:site_name\" content=\"iWell Guard\" \/>\n<meta property=\"article:modified_time\" content=\"2026-09-03T16:53:44+00:00\" \/>\n<meta property=\"og:image\" content=\"https:\/\/iwell-guard.com\/wp-content\/uploads\/2026\/04\/goetter_korea_mago-halmi.webp\" \/>\n\t<meta property=\"og:image:width\" content=\"1024\" \/>\n\t<meta property=\"og:image:height\" content=\"1536\" \/>\n\t<meta property=\"og:image:type\" content=\"image\/webp\" \/>\n<meta name=\"twitter:card\" content=\"summary_large_image\" \/>\n<script type=\"application\/ld+json\" class=\"yoast-schema-graph\">{\"@context\":\"https:\\\/\\\/schema.org\",\"@graph\":[{\"@type\":\"WebPage\",\"@id\":\"https:\\\/\\\/iwell-guard.com\\\/cs\\\/mago-halmi\\\/\",\"url\":\"https:\\\/\\\/iwell-guard.com\\\/cs\\\/mago-halmi\\\/\",\"name\":\"Mago Halmi \u2013 bo\u017estvo Koreje\",\"isPartOf\":{\"@id\":\"https:\\\/\\\/iwell-guard.com\\\/cs\\\/#website\"},\"primaryImageOfPage\":{\"@id\":\"https:\\\/\\\/iwell-guard.com\\\/cs\\\/mago-halmi\\\/#primaryimage\"},\"image\":{\"@id\":\"https:\\\/\\\/iwell-guard.com\\\/cs\\\/mago-halmi\\\/#primaryimage\"},\"thumbnailUrl\":\"https:\\\/\\\/iwell-guard.com\\\/wp-content\\\/uploads\\\/2026\\\/04\\\/goetter_korea_mago-halmi.webp\",\"datePublished\":\"2026-09-03T16:29:31+00:00\",\"dateModified\":\"2026-09-03T16:53:44+00:00\",\"description\":\"Mago Halmi, obrovsk\u00e1 stvo\u0159itelka korejsk\u00fdch m\u00edstn\u00edch pov\u011bst\u00ed: krajinn\u00e9 m\u00fdty o prapra\u043c\u0430\u0442ce a kritick\u00fd pohled na modern\u00ed v\u00fdklady.\",\"breadcrumb\":{\"@id\":\"https:\\\/\\\/iwell-guard.com\\\/cs\\\/mago-halmi\\\/#breadcrumb\"},\"inLanguage\":\"cs\",\"potentialAction\":[{\"@type\":\"ReadAction\",\"target\":[\"https:\\\/\\\/iwell-guard.com\\\/cs\\\/mago-halmi\\\/\"]}]},{\"@type\":\"ImageObject\",\"inLanguage\":\"cs\",\"@id\":\"https:\\\/\\\/iwell-guard.com\\\/cs\\\/mago-halmi\\\/#primaryimage\",\"url\":\"https:\\\/\\\/iwell-guard.com\\\/wp-content\\\/uploads\\\/2026\\\/04\\\/goetter_korea_mago-halmi.webp\",\"contentUrl\":\"https:\\\/\\\/iwell-guard.com\\\/wp-content\\\/uploads\\\/2026\\\/04\\\/goetter_korea_mago-halmi.webp\",\"width\":1024,\"height\":1536,\"caption\":\"B\u016fh z korejsk\u00e9 tradice.\"},{\"@type\":\"BreadcrumbList\",\"@id\":\"https:\\\/\\\/iwell-guard.com\\\/cs\\\/mago-halmi\\\/#breadcrumb\",\"itemListElement\":[{\"@type\":\"ListItem\",\"position\":1,\"name\":\"Start\",\"item\":\"https:\\\/\\\/iwell-guard.com\\\/cs\\\/?page_id=145107\"},{\"@type\":\"ListItem\",\"position\":2,\"name\":\"Mago Halmi\"}]},{\"@type\":\"WebSite\",\"@id\":\"https:\\\/\\\/iwell-guard.com\\\/cs\\\/#website\",\"url\":\"https:\\\/\\\/iwell-guard.com\\\/cs\\\/\",\"name\":\"iWell Guard\",\"description\":\"Schutz vor dunklen Einfl\u00fcssen\",\"publisher\":{\"@id\":\"https:\\\/\\\/iwell-guard.com\\\/cs\\\/#organization\"},\"potentialAction\":[{\"@type\":\"SearchAction\",\"target\":{\"@type\":\"EntryPoint\",\"urlTemplate\":\"https:\\\/\\\/iwell-guard.com\\\/cs\\\/?s={search_term_string}\"},\"query-input\":{\"@type\":\"PropertyValueSpecification\",\"valueRequired\":true,\"valueName\":\"search_term_string\"}}],\"inLanguage\":\"cs\"},{\"@type\":\"Organization\",\"@id\":\"https:\\\/\\\/iwell-guard.com\\\/cs\\\/#organization\",\"name\":\"Ittermann electronic GmbH\",\"url\":\"https:\\\/\\\/iwell-guard.com\\\/cs\\\/\",\"logo\":{\"@type\":\"ImageObject\",\"inLanguage\":\"cs\",\"@id\":\"https:\\\/\\\/iwell-guard.com\\\/cs\\\/#\\\/schema\\\/logo\\\/image\\\/\",\"url\":\"https:\\\/\\\/iwell-guard.com\\\/wp-content\\\/uploads\\\/2026\\\/05\\\/Ittermann-Logo-1182x237-1.png\",\"contentUrl\":\"https:\\\/\\\/iwell-guard.com\\\/wp-content\\\/uploads\\\/2026\\\/05\\\/Ittermann-Logo-1182x237-1.png\",\"width\":1182,\"height\":237,\"caption\":\"Ittermann electronic GmbH\"},\"image\":{\"@id\":\"https:\\\/\\\/iwell-guard.com\\\/cs\\\/#\\\/schema\\\/logo\\\/image\\\/\"},\"sameAs\":[\"https:\\\/\\\/pantip.com\\\/profile\\\/9367242\",\"https:\\\/\\\/micro.blog\\\/iwellguard\",\"https:\\\/\\\/www.diggerslist.com\\\/iwellguard\\\/about\",\"https:\\\/\\\/skitterphoto.com\\\/photographers\\\/2870314\\\/iwell-guard\",\"https:\\\/\\\/iwellguard.wordpress.com\\\/2026\\\/06\\\/06\\\/iwell-guard\\\/\",\"https:\\\/\\\/hub.docker.com\\\/u\\\/iwellguard\",\"https:\\\/\\\/www.pinterest.com\\\/iwellguard\\\/\",\"https:\\\/\\\/bit.ly\\\/m\\\/iwellguard\",\"https:\\\/\\\/entre-vos-mains.alsace.eu\\\/profiles\\\/iwellguard\\\/activity\",\"https:\\\/\\\/gravatar.com\\\/reallybeded8fd34\",\"https:\\\/\\\/naijamatta.com\\\/iwellguard\",\"https:\\\/\\\/www.goodreads.com\\\/iwellguard\",\"https:\\\/\\\/profile.hatena.ne.jp\\\/iwellguard\\\/\",\"https:\\\/\\\/experiment.com\\\/users\\\/iwellguard\",\"https:\\\/\\\/wakelet.com\\\/@iWellGuard82270\",\"https:\\\/\\\/www.chordie.com\\\/forum\\\/profile.php?id=2555664\",\"https:\\\/\\\/www.instapaper.com\\\/p\\\/17757966\",\"https:\\\/\\\/www.mapleprimes.com\\\/users\\\/iwellguard\",\"https:\\\/\\\/businesslistingplus.com\\\/profile\\\/iwell-guard\\\/\",\"https:\\\/\\\/telegra.ph\\\/iWell-Guard-06-06\",\"https:\\\/\\\/pbase.com\\\/iwellguard\\\/iwellguard\",\"https:\\\/\\\/b.hatena.ne.jp\\\/iwellguard\\\/20260607#bookmark-4788405196491818882\",\"https:\\\/\\\/fliphtml5.com\\\/home\\\/iwellguard\",\"https:\\\/\\\/anyflip.com\\\/homepage\\\/cmiwl#About\",\"https:\\\/\\\/transfur.com\\\/Users\\\/iwellguard\",\"http:\\\/\\\/delphi.larsbo.org\\\/user\\\/iwellguard\",\"https:\\\/\\\/jobs.lajobsportal.org\\\/profiles\\\/8380803-iwell-guard\",\"https:\\\/\\\/md.chaosdorf.de\\\/s\\\/jfbe5SBdJD\",\"https:\\\/\\\/www.lingvolive.com\\\/en-us\\\/profile\\\/9ecaeaca-ce11-4e51-9e71-01d55e2bff36\\\/translations\",\"https:\\\/\\\/www.fitday.com\\\/fitness\\\/forums\\\/members\\\/iwellguard.html\",\"https:\\\/\\\/www.mymeetbook.com\\\/iwellguard\",\"https:\\\/\\\/pxhere.com\\\/en\\\/photographer-me\\\/5040798\",\"https:\\\/\\\/disqus.com\\\/by\\\/iwellguard\\\/about\\\/\",\"https:\\\/\\\/pastelink.net\\\/hjwciqwq\",\"https:\\\/\\\/pubhtml5.com\\\/homepage\\\/scjhn\\\/\",\"https:\\\/\\\/www.bitchute.com\\\/channel\\\/2O2eOKzNqujT\",\"https:\\\/\\\/audiomack.com\\\/iwellguard\"]},{\"@type\":\"Article\",\"@id\":\"https:\\\/\\\/iwell-guard.com\\\/cs\\\/mago-halmi\\\/#article\",\"isPartOf\":{\"@id\":\"https:\\\/\\\/iwell-guard.com\\\/cs\\\/mago-halmi\\\/\"},\"author\":{\"name\":\"Ralf Ittermann\",\"@id\":\"https:\\\/\\\/iwell-guard.com\\\/cs\\\/#\\\/schema\\\/person\\\/ee2a27f1cac3406c7c6fb5820cb7349f\"},\"headline\":\"Mago Halmi\",\"datePublished\":\"2026-09-03T16:29:31+00:00\",\"dateModified\":\"2026-09-03T16:53:44+00:00\",\"mainEntityOfPage\":{\"@id\":\"https:\\\/\\\/iwell-guard.com\\\/cs\\\/mago-halmi\\\/\"},\"publisher\":{\"@id\":\"https:\\\/\\\/iwell-guard.com\\\/cs\\\/#organization\"},\"image\":{\"@id\":\"https:\\\/\\\/iwell-guard.com\\\/cs\\\/mago-halmi\\\/#primaryimage\"},\"thumbnailUrl\":\"https:\\\/\\\/iwell-guard.com\\\/wp-content\\\/uploads\\\/2026\\\/04\\\/goetter_korea_mago-halmi.webp\",\"inLanguage\":\"cs\",\"description\":\"Mago Halmi, obrovsk\u00e1 stvo\u0159itelka korejsk\u00fdch m\u00edstn\u00edch pov\u011bst\u00ed: krajinn\u00e9 m\u00fdty o prapra\u043c\u0430\u0442ce a kritick\u00fd pohled na modern\u00ed v\u00fdklady.\"}]}<\/script>\n<!-- \/ Yoast SEO Premium plugin. -->","yoast_head_json":{"title":"Mago Halmi \u2013 bo\u017estvo Koreje","description":"Mago Halmi, obrovsk\u00e1 stvo\u0159itelka korejsk\u00fdch m\u00edstn\u00edch pov\u011bst\u00ed: krajinn\u00e9 m\u00fdty o prapra\u043c\u0430\u0442ce a kritick\u00fd pohled na modern\u00ed v\u00fdklady.","robots":{"index":"index","follow":"follow","max-snippet":"max-snippet:-1","max-image-preview":"max-image-preview:large","max-video-preview":"max-video-preview:-1"},"canonical":"https:\/\/iwell-guard.com\/cs\/mago-halmi\/","og_locale":"cs_CZ","og_type":"article","og_title":"Mago Halmi","og_description":"Mago Halmi, obrovsk\u00e1 stvo\u0159itelka korejsk\u00fdch m\u00edstn\u00edch pov\u011bst\u00ed: krajinn\u00e9 m\u00fdty o prapra\u043c\u0430\u0442ce a kritick\u00fd pohled na modern\u00ed v\u00fdklady.","og_url":"https:\/\/iwell-guard.com\/cs\/mago-halmi\/","og_site_name":"iWell Guard","article_modified_time":"2026-09-03T16:53:44+00:00","og_image":[{"width":1024,"height":1536,"url":"https:\/\/iwell-guard.com\/wp-content\/uploads\/2026\/04\/goetter_korea_mago-halmi.webp","type":"image\/webp"}],"twitter_card":"summary_large_image","schema":{"@context":"https:\/\/schema.org","@graph":[{"@type":"Article","@id":"https:\/\/iwell-guard.com\/cs\/mago-halmi\/#article","isPartOf":{"@id":"https:\/\/iwell-guard.com\/cs\/mago-halmi\/"},"author":{"name":"Ralf Ittermann","@id":"https:\/\/iwell-guard.com\/cs\/#\/schema\/person\/ee2a27f1cac3406c7c6fb5820cb7349f"},"headline":"Mago Halmi","datePublished":"2026-09-03T16:29:31+00:00","dateModified":"2026-09-03T16:53:44+00:00","mainEntityOfPage":{"@id":"https:\/\/iwell-guard.com\/cs\/mago-halmi\/"},"publisher":{"@id":"https:\/\/iwell-guard.com\/cs\/#organization"},"image":{"@id":"https:\/\/iwell-guard.com\/cs\/mago-halmi\/#primaryimage"},"thumbnailUrl":"https:\/\/iwell-guard.com\/wp-content\/uploads\/2026\/04\/goetter_korea_mago-halmi.webp","inLanguage":"cs","description":"Mago Halmi, obrovsk\u00e1 stvo\u0159itelka korejsk\u00fdch m\u00edstn\u00edch pov\u011bst\u00ed: krajinn\u00e9 m\u00fdty o prapra\u043c\u0430\u0442ce a kritick\u00fd pohled na modern\u00ed v\u00fdklady."},{"@type":"WebPage","@id":"https:\/\/iwell-guard.com\/cs\/mago-halmi\/","url":"https:\/\/iwell-guard.com\/cs\/mago-halmi\/","name":"Mago Halmi \u2013 bo\u017estvo Koreje","isPartOf":{"@id":"https:\/\/iwell-guard.com\/cs\/#website"},"primaryImageOfPage":{"@id":"https:\/\/iwell-guard.com\/cs\/mago-halmi\/#primaryimage"},"image":{"@id":"https:\/\/iwell-guard.com\/cs\/mago-halmi\/#primaryimage"},"thumbnailUrl":"https:\/\/iwell-guard.com\/wp-content\/uploads\/2026\/04\/goetter_korea_mago-halmi.webp","datePublished":"2026-09-03T16:29:31+00:00","dateModified":"2026-09-03T16:53:44+00:00","description":"Mago Halmi, obrovsk\u00e1 stvo\u0159itelka korejsk\u00fdch m\u00edstn\u00edch pov\u011bst\u00ed: krajinn\u00e9 m\u00fdty o prapra\u043c\u0430\u0442ce a kritick\u00fd pohled na modern\u00ed v\u00fdklady.","breadcrumb":{"@id":"https:\/\/iwell-guard.com\/cs\/mago-halmi\/#breadcrumb"},"inLanguage":"cs","potentialAction":[{"@type":"ReadAction","target":["https:\/\/iwell-guard.com\/cs\/mago-halmi\/"]}]},{"@type":"ImageObject","inLanguage":"cs","@id":"https:\/\/iwell-guard.com\/cs\/mago-halmi\/#primaryimage","url":"https:\/\/iwell-guard.com\/wp-content\/uploads\/2026\/04\/goetter_korea_mago-halmi.webp","contentUrl":"https:\/\/iwell-guard.com\/wp-content\/uploads\/2026\/04\/goetter_korea_mago-halmi.webp","width":1024,"height":1536,"caption":"B\u016fh z korejsk\u00e9 tradice."},{"@type":"BreadcrumbList","@id":"https:\/\/iwell-guard.com\/cs\/mago-halmi\/#breadcrumb","itemListElement":[{"@type":"ListItem","position":1,"name":"Start","item":"https:\/\/iwell-guard.com\/cs\/?page_id=145107"},{"@type":"ListItem","position":2,"name":"Mago Halmi"}]},{"@type":"WebSite","@id":"https:\/\/iwell-guard.com\/cs\/#website","url":"https:\/\/iwell-guard.com\/cs\/","name":"iWell Guard","description":"Schutz vor dunklen Einfl\u00fcssen","publisher":{"@id":"https:\/\/iwell-guard.com\/cs\/#organization"},"potentialAction":[{"@type":"SearchAction","target":{"@type":"EntryPoint","urlTemplate":"https:\/\/iwell-guard.com\/cs\/?s={search_term_string}"},"query-input":{"@type":"PropertyValueSpecification","valueRequired":true,"valueName":"search_term_string"}}],"inLanguage":"cs"},{"@type":"Organization","@id":"https:\/\/iwell-guard.com\/cs\/#organization","name":"Ittermann electronic GmbH","url":"https:\/\/iwell-guard.com\/cs\/","logo":{"@type":"ImageObject","inLanguage":"cs","@id":"https:\/\/iwell-guard.com\/cs\/#\/schema\/logo\/image\/","url":"https:\/\/iwell-guard.com\/wp-content\/uploads\/2026\/05\/Ittermann-Logo-1182x237-1.png","contentUrl":"https:\/\/iwell-guard.com\/wp-content\/uploads\/2026\/05\/Ittermann-Logo-1182x237-1.png","width":1182,"height":237,"caption":"Ittermann electronic GmbH"},"image":{"@id":"https:\/\/iwell-guard.com\/cs\/#\/schema\/logo\/image\/"},"sameAs":["https:\/\/pantip.com\/profile\/9367242","https:\/\/micro.blog\/iwellguard","https:\/\/www.diggerslist.com\/iwellguard\/about","https:\/\/skitterphoto.com\/photographers\/2870314\/iwell-guard","https:\/\/iwellguard.wordpress.com\/2026\/06\/06\/iwell-guard\/","https:\/\/hub.docker.com\/u\/iwellguard","https:\/\/www.pinterest.com\/iwellguard\/","https:\/\/bit.ly\/m\/iwellguard","https:\/\/entre-vos-mains.alsace.eu\/profiles\/iwellguard\/activity","https:\/\/gravatar.com\/reallybeded8fd34","https:\/\/naijamatta.com\/iwellguard","https:\/\/www.goodreads.com\/iwellguard","https:\/\/profile.hatena.ne.jp\/iwellguard\/","https:\/\/experiment.com\/users\/iwellguard","https:\/\/wakelet.com\/@iWellGuard82270","https:\/\/www.chordie.com\/forum\/profile.php?id=2555664","https:\/\/www.instapaper.com\/p\/17757966","https:\/\/www.mapleprimes.com\/users\/iwellguard","https:\/\/businesslistingplus.com\/profile\/iwell-guard\/","https:\/\/telegra.ph\/iWell-Guard-06-06","https:\/\/pbase.com\/iwellguard\/iwellguard","https:\/\/b.hatena.ne.jp\/iwellguard\/20260607#bookmark-4788405196491818882","https:\/\/fliphtml5.com\/home\/iwellguard","https:\/\/anyflip.com\/homepage\/cmiwl#About","https:\/\/transfur.com\/Users\/iwellguard","http:\/\/delphi.larsbo.org\/user\/iwellguard","https:\/\/jobs.lajobsportal.org\/profiles\/8380803-iwell-guard","https:\/\/md.chaosdorf.de\/s\/jfbe5SBdJD","https:\/\/www.lingvolive.com\/en-us\/profile\/9ecaeaca-ce11-4e51-9e71-01d55e2bff36\/translations","https:\/\/www.fitday.com\/fitness\/forums\/members\/iwellguard.html","https:\/\/www.mymeetbook.com\/iwellguard","https:\/\/pxhere.com\/en\/photographer-me\/5040798","https:\/\/disqus.com\/by\/iwellguard\/about\/","https:\/\/pastelink.net\/hjwciqwq","https:\/\/pubhtml5.com\/homepage\/scjhn\/","https:\/\/www.bitchute.com\/channel\/2O2eOKzNqujT","https:\/\/audiomack.com\/iwellguard"]},{"@type":"Person","@id":"https:\/\/iwell-guard.com\/cs\/#\/schema\/person\/ee2a27f1cac3406c7c6fb5820cb7349f","name":"Ralf Ittermann","image":{"@type":"ImageObject","inLanguage":"cs","@id":"https:\/\/secure.gravatar.com\/avatar\/073c0153e350a5005b68eb752b445fea71f6b24a26da9449ad7e155e6b446c9d?s=96&d=mm&r=g","url":"https:\/\/secure.gravatar.com\/avatar\/073c0153e350a5005b68eb752b445fea71f6b24a26da9449ad7e155e6b446c9d?s=96&d=mm&r=g","contentUrl":"https:\/\/secure.gravatar.com\/avatar\/073c0153e350a5005b68eb752b445fea71f6b24a26da9449ad7e155e6b446c9d?s=96&d=mm&r=g","caption":"Ralf Ittermann"},"givenName":"Ralf","familyName":"Ittermann","jobTitle":"Gesch\u00e4ftsf\u00fchrer und redaktioneller Verantwortlicher","url":"https:\/\/iwell-guard.com\/cs\/author\/claude\/","description":"Ralf Ittermann ist Gesch\u00e4ftsf\u00fchrer der Ittermann electronic GmbH und redaktioneller Verantwortlicher des iWell-Guard-Lexikons. Er verbindet langj\u00e4hrige Erfahrung in der Pr\u00e4zisionsfertigung mit medialer Praxis und religionsgeschichtlicher Quellenarbeit.","worksFor":{"@type":"Organization","name":"Ittermann electronic GmbH","url":"https:\/\/ittermann.de\/","address":{"@type":"PostalAddress","streetAddress":"K\u00f6hlergasse 16-18","postalCode":"99842","addressLocality":"Ruhla","addressCountry":"DE"}},"knowsAbout":["Religionsgeschichte","Mythologie","Mediale Praxis","Energetische Diagnostik","Schutzpraxis","Volksglauben","Westliche Esoterik"]},{"@type":"Article","@id":"https:\/\/iwell-guard.com\/cs\/mago-halmi\/#article","isPartOf":{"@id":"https:\/\/iwell-guard.com\/cs\/mago-halmi\/"},"author":{"name":"Ralf Ittermann","@id":"https:\/\/iwell-guard.com\/cs\/#\/schema\/person\/ee2a27f1cac3406c7c6fb5820cb7349f"},"headline":"Mago Halmi","datePublished":"2026-09-03T16:29:31+00:00","dateModified":"2026-09-03T16:53:44+00:00","mainEntityOfPage":{"@id":"https:\/\/iwell-guard.com\/cs\/mago-halmi\/"},"publisher":{"@id":"https:\/\/iwell-guard.com\/cs\/#organization"},"image":{"@id":"https:\/\/iwell-guard.com\/cs\/mago-halmi\/#primaryimage"},"thumbnailUrl":"https:\/\/iwell-guard.com\/wp-content\/uploads\/2026\/04\/goetter_korea_mago-halmi.webp","inLanguage":"cs","description":"Mago Halmi, obrovsk\u00e1 stvo\u0159itelka korejsk\u00fdch m\u00edstn\u00edch pov\u011bst\u00ed: krajinn\u00e9 m\u00fdty o prapra\u043c\u0430\u0442ce a kritick\u00fd pohled na modern\u00ed v\u00fdklady."}]}},"_links":{"self":[{"href":"https:\/\/iwell-guard.com\/cs\/wp-json\/wp\/v2\/pages\/145354","targetHints":{"allow":["GET"]}}],"collection":[{"href":"https:\/\/iwell-guard.com\/cs\/wp-json\/wp\/v2\/pages"}],"about":[{"href":"https:\/\/iwell-guard.com\/cs\/wp-json\/wp\/v2\/types\/page"}],"author":[{"embeddable":true,"href":"https:\/\/iwell-guard.com\/cs\/wp-json\/wp\/v2\/users\/3"}],"replies":[{"embeddable":true,"href":"https:\/\/iwell-guard.com\/cs\/wp-json\/wp\/v2\/comments?post=145354"}],"version-history":[{"count":0,"href":"https:\/\/iwell-guard.com\/cs\/wp-json\/wp\/v2\/pages\/145354\/revisions"}],"wp:featuredmedia":[{"embeddable":true,"href":"https:\/\/iwell-guard.com\/cs\/wp-json\/wp\/v2\/media\/1620"}],"wp:attachment":[{"href":"https:\/\/iwell-guard.com\/cs\/wp-json\/wp\/v2\/media?parent=145354"}],"wp:term":[{"taxonomy":"category","embeddable":true,"href":"https:\/\/iwell-guard.com\/cs\/wp-json\/wp\/v2\/categories?post=145354"}],"curies":[{"name":"wp","href":"https:\/\/api.w.org\/{rel}","templated":true}]}}