{"id":145353,"date":"2026-09-03T16:29:30","date_gmt":"2026-09-03T16:29:30","guid":{"rendered":"https:\/\/iwell-guard.com\/?page_id=145353"},"modified":"2026-09-03T16:53:43","modified_gmt":"2026-09-03T16:53:43","slug":"dangun","status":"publish","type":"page","link":"https:\/\/iwell-guard.com\/cs\/dangun\/","title":{"rendered":"Dangun"},"content":{"rendered":"\t\t<div data-elementor-type=\"wp-page\" data-elementor-id=\"145353\" class=\"elementor elementor-145353 elementor-2114 elementor-bc-flex-widget\" data-elementor-post-type=\"page\">\n\t\t\t\t<div class=\"elementor-element elementor-element-10fdade e-flex e-con-boxed e-con e-parent\" data-id=\"10fdade\" data-element_type=\"container\" data-e-type=\"container\" data-settings=\"{&quot;background_background&quot;:&quot;classic&quot;}\">\n\t\t\t\t\t<div class=\"e-con-inner\">\n\t\t<div class=\"elementor-element elementor-element-herohlft0 e-flex e-con-boxed e-con e-child\" data-id=\"herohlft0\" data-element_type=\"container\" data-e-type=\"container\">\n\t\t\t\t\t<div class=\"e-con-inner\">\n\t\t<div class=\"elementor-element elementor-element-c3ceb64 e-con-full e-flex e-con e-child\" data-id=\"c3ceb64\" data-element_type=\"container\" data-e-type=\"container\">\n\t\t\t\t<div class=\"elementor-element elementor-element-96ae5e1 elementor-widget elementor-widget-heading\" data-id=\"96ae5e1\" data-element_type=\"widget\" data-e-type=\"widget\" data-widget_type=\"heading.default\">\n\t\t\t\t\t<h1 class=\"elementor-heading-title elementor-size-default\">Dangun, b\u016fh korejsk\u00e9 tradice<\/h1>\t\t\t\t<\/div>\n\t\t\t\t<div class=\"elementor-element elementor-element-e45238a elementor-widget elementor-widget-text-editor\" data-id=\"e45238a\" data-element_type=\"widget\" data-e-type=\"widget\" data-widget_type=\"text-editor.default\">\n\t\t\t\t\t\t\t\t\t<p>Dangun je b\u016fh korejsk\u00e9 zakladatelsk\u00e9 mytologie a je pova\u017eov\u00e1n za op\u011bvovan\u00e9ho zakladatele prvn\u00edho korejsk\u00e9ho st\u00e1tu Gojoseon. Jeho uct\u00edv\u00e1n\u00ed je t\u011bsn\u011b spjato se vznikem st\u00e1tu a kolektivn\u00ed pam\u011bt\u00ed Koreje a z\u016fst\u00e1v\u00e1 <span class=\"iwg-fachbegriff\" data-tooltip=\"Znak, kter\u00fd zastupuje ur\u010ditou p\u0159edstavu nebo v\u00fdznam.\" tabindex=\"0\">symbolem<\/span> n\u00e1rodn\u00ed identity a legitimity. V korejsk\u00e9 mytologii je pova\u017eov\u00e1n za zakladatelsk\u00e9ho kr\u00e1le, jeho\u017e postava zakl\u00e1d\u00e1 vl\u00e1du a p\u016fvod n\u00e1roda.\t\t\t\t\t\t\t\t<\/div>\n\t\t\t\t<\/div>\n\t\t<div class=\"elementor-element elementor-element-klsbdg01 e-con-full e-flex e-con e-parent\" data-id=\"klsbdg01\" data-element_type=\"container\" data-e-type=\"container\">\n\t\t\t\t<div class=\"elementor-element elementor-element-klshtm01 elementor-widget elementor-widget-html\" data-id=\"klshtm01\" data-element_type=\"widget\" data-e-type=\"widget\" data-widget_type=\"html.default\">\n\t\t\t\t\t<div class=\"iwg-pill-row\"><span class=\"iwg-klasse-badge\" tabindex=\"0\" data-tooltip=\"B\u016fh \/ bohyn\u011b: Zosobn\u011bn\u00e1 nejvy\u0161\u0161\u00ed moc v panteonu ur\u010dit\u00e9 kultury s jasn\u011b vymezen\u00fdmi oblastmi p\u016fsobnosti, p\u0159\u00edrodn\u00ed s\u00edly, osud, v\u00e1lka, plodnost. Uct\u00edv\u00e1ni prost\u0159ednictv\u00edm kult\u016f, ob\u011bt\u00ed a chr\u00e1mov\u00fdch instituc\u00ed.\">B\u016fh<\/span><a href=\"https:\/\/iwell-guard.com\/cs\/?page_id=145187\" class=\"iwg-kultur-badge\" tabindex=\"0\" data-tooltip=\"Korejsk\u00fd sv\u011bt boh\u016f, \u0161aman\u016f a lidov\u00fdch duch\u016f.\">Korea<\/a><a href=\"https:\/\/iwell-guard.com\/cs\/?page_id=145234\" class=\"iwg-tradition-badge\" tabindex=\"0\" data-tooltip=\"Nejvy\u0161\u0161\u00ed bohov\u00e9 panteonu, kosmick\u00e1 svrchovanost, aspekt stvo\u0159itele nebo vl\u00e1dce.\">Nejvy\u0161\u0161\u00ed bo\u017estvo<\/a><\/div>\t\t\t\t<\/div>\n\t\t\t\t<\/div>\n\t\t<div class=\"elementor-element elementor-element-3f74855 e-con-full e-flex e-con e-child\" data-id=\"3f74855\" data-element_type=\"container\" data-e-type=\"container\">\n\t\t\t\t<div class=\"elementor-element elementor-element-1c30362 elementor-toc--minimized-on-tablet elementor-widget elementor-widget-table-of-contents\" data-id=\"1c30362\" data-element_type=\"widget\" data-e-type=\"widget\" data-settings=\"{&quot;exclude_headings_by_selector&quot;:[],&quot;no_headings_message&quot;:&quot;Na t\\u00e9to str\\u00e1nce nebyly nalezeny \\u017e\\u00e1dn\\u00e9 nadpisy.&quot;,&quot;headings_by_tags&quot;:[&quot;h2&quot;,&quot;h3&quot;],&quot;marker_view&quot;:&quot;bullets&quot;,&quot;minimize_box&quot;:&quot;yes&quot;,&quot;icon&quot;:{&quot;value&quot;:&quot;fas fa-circle&quot;,&quot;library&quot;:&quot;fa-solid&quot;,&quot;rendered_tag&quot;:&quot;&lt;svg class=\\&quot;e-font-icon-svg e-fas-circle\\&quot; viewBox=\\&quot;0 0 512 512\\&quot; xmlns=\\&quot;http:\\\/\\\/www.w3.org\\\/2000\\\/svg\\&quot;&gt;&lt;path d=\\&quot;M256 8C119 8 8 119 8 256s111 248 248 248 248-111 248-248S393 8 256 8z\\&quot;&gt;&lt;\\\/path&gt;&lt;\\\/svg&gt;&quot;},&quot;minimized_on&quot;:&quot;tablet&quot;,&quot;hierarchical_view&quot;:&quot;yes&quot;,&quot;min_height&quot;:{&quot;unit&quot;:&quot;px&quot;,&quot;size&quot;:&quot;&quot;,&quot;sizes&quot;:[]},&quot;min_height_tablet&quot;:{&quot;unit&quot;:&quot;px&quot;,&quot;size&quot;:&quot;&quot;,&quot;sizes&quot;:[]},&quot;min_height_mobile&quot;:{&quot;unit&quot;:&quot;px&quot;,&quot;size&quot;:&quot;&quot;,&quot;sizes&quot;:[]}}\" data-widget_type=\"table-of-contents.default\">\n\t\t\t\t\t\t\t\t\t<div class=\"elementor-toc__header\">\n\t\t\t\t\t\t<h2 class=\"elementor-toc__header-title\">\n\t\t\t\tObsah\t\t\t<\/h2>\n\t\t\t\t\t\t\t\t\t\t<div class=\"elementor-toc__toggle-button elementor-toc__toggle-button--expand\" role=\"button\" tabindex=\"0\" aria-controls=\"elementor-toc__1c30362\" aria-expanded=\"true\" aria-label=\"Open table of contents\"><svg aria-hidden=\"true\" class=\"e-font-icon-svg e-fas-chevron-down\" viewBox=\"0 0 448 512\" xmlns=\"http:\/\/www.w3.org\/2000\/svg\"><path d=\"M207.029 381.476L12.686 187.132c-9.373-9.373-9.373-24.569 0-33.941l22.667-22.667c9.357-9.357 24.522-9.375 33.901-.04L224 284.505l154.745-154.021c9.379-9.335 24.544-9.317 33.901.04l22.667 22.667c9.373 9.373 9.373 24.569 0 33.941L240.971 381.476c-9.373 9.372-24.569 9.372-33.942 0z\"><\/path><\/svg><\/div>\n\t\t\t\t<div class=\"elementor-toc__toggle-button elementor-toc__toggle-button--collapse\" role=\"button\" tabindex=\"0\" aria-controls=\"elementor-toc__1c30362\" aria-expanded=\"true\" aria-label=\"Close table of contents\"><svg aria-hidden=\"true\" class=\"e-font-icon-svg e-fas-chevron-up\" viewBox=\"0 0 448 512\" xmlns=\"http:\/\/www.w3.org\/2000\/svg\"><path d=\"M240.971 130.524l194.343 194.343c9.373 9.373 9.373 24.569 0 33.941l-22.667 22.667c-9.357 9.357-24.522 9.375-33.901.04L224 227.495 69.255 381.516c-9.379 9.335-24.544 9.317-33.901-.04l-22.667-22.667c-9.373-9.373-9.373-24.569 0-33.941L207.03 130.525c9.372-9.373 24.568-9.373 33.941-.001z\"><\/path><\/svg><\/div>\n\t\t\t\t\t<\/div>\n\t\t\t\t<div id=\"elementor-toc__1c30362\" class=\"elementor-toc__body\">\n\t\t\t<div class=\"elementor-toc__spinner-container\">\n\t\t\t\t<svg class=\"elementor-toc__spinner eicon-animation-spin e-font-icon-svg e-eicon-loading\" aria-hidden=\"true\" viewBox=\"0 0 1000 1000\" xmlns=\"http:\/\/www.w3.org\/2000\/svg\"><path d=\"M500 975V858C696 858 858 696 858 500S696 142 500 142 142 304 142 500H25C25 237 238 25 500 25S975 237 975 500 763 975 500 975Z\"><\/path><\/svg>\t\t\t<\/div>\n\t\t<\/div>\n\t\t\t\t\t\t<\/div>\n\t\t\t\t<\/div>\n\t\t\t\t\t<\/div>\n\t\t\t\t<\/div>\n\t\t<div class=\"elementor-element elementor-element-herorght0 e-con-full e-flex e-con e-child\" data-id=\"herorght0\" data-element_type=\"container\" data-e-type=\"container\">\n\t\t\t\t<div class=\"elementor-element elementor-element-heroimg00 iwg-hero-image elementor-widget elementor-widget-image\" data-id=\"heroimg00\" data-element_type=\"widget\" data-e-type=\"widget\" data-widget_type=\"image.default\">\n\t\t\t\t\t\t\t\t\t\t\t\t\t\t\t<img fetchpriority=\"high\" decoding=\"async\" width=\"683\" height=\"1024\" src=\"https:\/\/iwell-guard.com\/wp-content\/uploads\/2026\/04\/goetter_korea_dangun-683x1024.webp\" class=\"attachment-large size-large wp-image-147608\" alt=\"Dangun \u2013 bohov\u00e9 z korejsk\u00e9 tradice, historicky-ilustrativn\u00ed\" srcset=\"https:\/\/iwell-guard.com\/wp-content\/uploads\/2026\/04\/goetter_korea_dangun-683x1024.webp 683w, https:\/\/iwell-guard.com\/wp-content\/uploads\/2026\/04\/goetter_korea_dangun-200x300.webp 200w, https:\/\/iwell-guard.com\/wp-content\/uploads\/2026\/04\/goetter_korea_dangun-768x1152.webp 768w, https:\/\/iwell-guard.com\/wp-content\/uploads\/2026\/04\/goetter_korea_dangun.webp 1024w\" sizes=\"(max-width: 683px) 100vw, 683px\" \/>\t\t\t\t\t\t\t\t\t\t\t\t\t\t\t<\/div>\n\t\t\t\t<\/div>\n\t\t\t\t\t<\/div>\n\t\t\t\t<\/div>\n\t\t<div class=\"elementor-element elementor-element-32917199 e-flex e-con-boxed e-con e-parent\" data-id=\"32917199\" data-element_type=\"container\" data-e-type=\"container\">\n\t\t\t\t\t<div class=\"e-con-inner\">\n\t\t<div class=\"elementor-element elementor-element-26e916cb e-flex e-con-boxed e-con e-child\" data-id=\"26e916cb\" data-element_type=\"container\" data-e-type=\"container\">\n\t\t\t\t\t<div class=\"e-con-inner\">\n\t\t<div class=\"elementor-element elementor-element-253a40d4 e-flex e-con-boxed e-con e-child\" data-id=\"253a40d4\" data-element_type=\"container\" data-e-type=\"container\">\n\t\t\t\t\t<div class=\"e-con-inner\">\n\t\t\t\t<div class=\"elementor-element elementor-element-1200c304 elementor-widget elementor-widget-heading\" data-id=\"1200c304\" data-element_type=\"widget\" data-e-type=\"widget\" data-widget_type=\"heading.default\">\n\t\t\t\t\t<h2 class=\"elementor-heading-title elementor-size-default\">Dangun<\/h2>\t\t\t\t<\/div>\n\t\t\t\t<div class=\"elementor-element elementor-element-11758e7f elementor-widget elementor-widget-text-editor\" data-id=\"11758e7f\" data-element_type=\"widget\" data-e-type=\"widget\" data-widget_type=\"text-editor.default\">\n\t\t\t\t\t\t\t\t\t<p>Dangun je v Samguk yusa p\u0159edstaven jako syn nebesk\u00e9ho boha Hwanunga a lidsk\u00e9 \u017eeny. Zalo\u017eil Gojoseon roku 2333 p\u0159. n. l. a vl\u00e1dl ze sv\u00e9ho hlavn\u00edho m\u011bsta Asadal.<\/p><p>Jeho zakladatelsk\u00fd p\u0159\u00edb\u011bh spojuje bo\u017eskou a lidskou linii: smrteln\u00fd Dangun zprost\u0159edkov\u00e1v\u00e1 mezi nebeskou a pozemskou sf\u00e9rou. Na rozd\u00edl od \u010dist\u00fdch boh\u016f zast\u00e1val Dangun jako kr\u00e1l historicko-mytologickou roli, kter\u00e1 legitimizovala vl\u00e1du prost\u0159ednictv\u00edm bo\u017esk\u00e9ho p\u016fvodu.<\/p>\t\t\t\t\t\t\t\t<\/div>\n\t\t\t\t\t<\/div>\n\t\t\t\t<\/div>\n\t\t<div class=\"elementor-element elementor-element-159dcf9a e-flex e-con-boxed e-con e-child\" data-id=\"159dcf9a\" data-element_type=\"container\" data-e-type=\"container\">\n\t\t\t\t\t<div class=\"e-con-inner\">\n\t\t\t\t<div class=\"elementor-element elementor-element-48cee66f elementor-widget elementor-widget-heading\" data-id=\"48cee66f\" data-element_type=\"widget\" data-e-type=\"widget\" data-widget_type=\"heading.default\">\n\t\t\t\t\t<h2 class=\"elementor-heading-title elementor-size-default\">P\u0159ehled: Dangun<\/h2>\t\t\t\t<\/div>\n\t\t\t\t<div class=\"elementor-element elementor-element-3f50d82c elementor-widget elementor-widget-text-editor\" data-id=\"3f50d82c\" data-element_type=\"widget\" data-e-type=\"widget\" data-widget_type=\"text-editor.default\">\n\t\t\t\t\t\t\t\t\t<p>\u00dast\u0159edn\u00edm pramenem je Samguk yusa (Pam\u00e1tky T\u0159\u00ed kr\u00e1lovstv\u00ed) mnicha Iryona ze 13. stolet\u00ed. Dangunova <span class=\"iwg-fachbegriff\" data-tooltip=\"Vzd\u011bl\u00e1vac\u00ed vypr\u00e1v\u011bn\u00ed, obvykle o \u017eivot\u011b svat\u00fdch.\" tabindex=\"0\">legenda<\/span> je tradov\u00e1na region\u00e1ln\u011b po cel\u00e9 Koreji a tvo\u0159\u00ed z\u00e1klad modern\u00ed n\u00e1rodn\u00ed historiografie.<\/p><p>Ve 20. stolet\u00ed byl jeho sv\u00e1tek (3. \u0159\u00edjna, Gaecheonjeol) za\u0159azen do n\u00e1rodn\u00edho sv\u00e1te\u010dn\u00edho kalend\u00e1\u0159e. James H. Grayson a dal\u0161\u00ed religionist\u00e9 ch\u00e1pou Danguna jako pr\u016fse\u010d\u00edk \u0161amansko-mytologick\u00e9 a konfuci\u00e1nsky legitimizuj\u00edc\u00ed tradice.<\/p>\t\t\t\t\t\t\t\t<\/div>\n\t\t\t\t\t<\/div>\n\t\t\t\t<\/div>\n\t\t\t\t\t<\/div>\n\t\t\t\t<\/div>\n\t\t\t\t\t<\/div>\n\t\t\t\t<\/div>\n\t\t<div class=\"elementor-element elementor-element-18613602 e-flex e-con-boxed e-con e-parent\" data-id=\"18613602\" data-element_type=\"container\" data-e-type=\"container\">\n\t\t\t\t\t<div class=\"e-con-inner\">\n\t\t\t\t<div class=\"elementor-element elementor-element-262b8a9f elementor-widget elementor-widget-heading\" data-id=\"262b8a9f\" data-element_type=\"widget\" data-e-type=\"widget\" data-widget_type=\"heading.default\">\n\t\t\t\t\t<h2 class=\"elementor-heading-title elementor-size-default\">Kontext<\/h2>\t\t\t\t<\/div>\n\t\t<div class=\"elementor-element elementor-element-46dcb7d e-con-full e-flex e-con e-child\" data-id=\"46dcb7d\" data-element_type=\"container\" data-e-type=\"container\">\n\t\t<div class=\"elementor-element elementor-element-61d3ab3 e-flex e-con-boxed e-con e-child\" data-id=\"61d3ab3\" data-element_type=\"container\" data-e-type=\"container\">\n\t\t\t\t\t<div class=\"e-con-inner\">\n\t\t\t\t<div class=\"elementor-element elementor-element-117c166 elementor-widget elementor-widget-heading\" data-id=\"117c166\" data-element_type=\"widget\" data-e-type=\"widget\" data-widget_type=\"heading.default\">\n\t\t\t\t\t<h3 class=\"elementor-heading-title elementor-size-default\">Zeitraum der Texte<\/h3>\t\t\t\t<\/div>\n\t\t\t\t<div class=\"elementor-element elementor-element-73997a0 elementor-widget elementor-widget-text-editor\" data-id=\"73997a0\" data-element_type=\"widget\" data-e-type=\"widget\" data-widget_type=\"text-editor.default\">\n\t\t\t\t\t\t\t\t\t<p><span data-nosnippet>Mezi z\u00e1pisem v Samguk Yusa ve 13. stolet\u00ed a sou\u010dasnost\u00ed uplynula stalet\u00ed, b\u011bhem nich\u017e byl p\u0159\u00edb\u011bh o Dangunovi opakovan\u011b znovu o\u017eivov\u00e1n: v historick\u00fdch d\u00edlech obdob\u00ed Joseon, v n\u00e1bo\u017eenstv\u00ed Daejongggyo zalo\u017een\u00e9m roku 1909 a ve sv\u00e1tku Gaecheonjeol, kter\u00fd Ji\u017en\u00ed Korea slav\u00ed 3. \u0159\u00edjna.<\/span><\/p><p>Severn\u00ed Korea nechala v roce 1994 postavit mauzoleum u Pchjongjangu, kter\u00e9 je ozna\u010dov\u00e1no za hrob Danguna. Postava zakladatele \u0159\u00ed\u0161e je tak v prom\u011bn\u011bn\u00fdch form\u00e1ch ve\u0159ejn\u011b p\u0159\u00edtomn\u00e1 a\u017e do sou\u010dasnosti.<\/p><h3>Mytologick\u00e9 za\u0159azen\u00ed<\/h3><p><em>Dangun<\/em> (\ub2e8\uad70, &#8222;p\u00e1n \u0161\u00edpu&#8220;) je legend\u00e1rn\u00ed historick\u00e1 postava, zakladatel star\u00e9ho korejsk\u00e9ho kr\u00e1lovstv\u00ed Gojoseon (2333 p\u0159. n. l. podle <span class=\"iwg-fachbegriff\" data-tooltip=\"Vzd\u011bl\u00e1vac\u00ed vypr\u00e1v\u011bn\u00ed, obvykle o \u017eivot\u011b svat\u00fdch.\" tabindex=\"0\">legendy<\/span>). Je uct\u00edv\u00e1n jako syn nebesk\u00e9ho prince Hwanunga a medv\u011bdice. Jeho genealogie spojuje lidskou a nebeskou linii, klasicky jako ve v\u00fdchodoasijsk\u00fdch mytologi\u00edch.<\/p>\t\t\t\t\t\t\t\t<\/div>\n\t\t\t\t\t<\/div>\n\t\t\t\t<\/div>\n\t\t<div class=\"elementor-element elementor-element-d47b156 e-flex e-con-boxed e-con e-child\" data-id=\"d47b156\" data-element_type=\"container\" data-e-type=\"container\">\n\t\t\t\t\t<div class=\"e-con-inner\">\n\t\t\t\t<div class=\"elementor-element elementor-element-ff38c2b elementor-widget elementor-widget-heading\" data-id=\"ff38c2b\" data-element_type=\"widget\" data-e-type=\"widget\" data-widget_type=\"heading.default\">\n\t\t\t\t\t<h3 class=\"elementor-heading-title elementor-size-default\">Verbreitungsraum<\/h3>\t\t\t\t<\/div>\n\t\t\t\t<div class=\"elementor-element elementor-element-4e49fcc elementor-widget elementor-widget-text-editor\" data-id=\"4e49fcc\" data-element_type=\"widget\" data-e-type=\"widget\" data-widget_type=\"text-editor.default\">\n\t\t\t\t\t\t\t\t\t<p>Dangun nebyl omezen na ur\u010dit\u00fd region nebo m\u00edsta, ale byl univerz\u00e1ln\u011b zn\u00e1m a uct\u00edv\u00e1n nebo s respektem ob\u00e1v\u00e1n v cel\u00e9m korejsk\u00e9m sv\u011bt\u011b. A\u0165 ve velk\u00fdch m\u011bstsk\u00fdch centrech, nebo v odlehl\u00e9 venkovsk\u00e9 oblasti, a\u0165 u spole\u010densk\u00e9 elity nebo u prost\u00e9ho lidu, duchovn\u00ed i kulturn\u00ed v\u00fdznam t\u00e9to postavy byl uzn\u00e1v\u00e1n v\u0161ude stejn\u011b.<\/p><p>Dangun je v korejsk\u00e9 tradici pokl\u00e1d\u00e1n za praotce, k n\u011bmu\u017e se odvozuje cel\u00fd n\u00e1rod; letopo\u010det Dangi po\u010d\u00edt\u00e1 roky od zalo\u017een\u00ed \u0159\u00ed\u0161e roku 2333 p\u0159. n. l.<\/p><p>Na rozd\u00edl od kult\u016f, kter\u00e9 se \u0161\u00ed\u0159ily po obchodn\u00edch cest\u00e1ch, z\u016fstalo jeho uct\u00edv\u00e1n\u00ed v\u00e1z\u00e1no na Koreu a pr\u00e1v\u011b z t\u00e9to vazby \u010derpalo svou platnost: V koloni\u00e1ln\u00edm obdob\u00ed se odkaz na zakladatele Gojoseonu stal spole\u010dn\u00fdm znakem Korejc\u016f nap\u0159\u00ed\u010d v\u0161emi politick\u00fdmi sm\u011bry, a jak Severn\u00ed, tak Ji\u017en\u00ed Korea se na n\u011bj dovol\u00e1vaj\u00ed i dnes.<\/p>\t\t\t\t\t\t\t\t<\/div>\n\t\t\t\t\t<\/div>\n\t\t\t\t<\/div>\n\t\t\t\t<\/div>\n\t\t<div class=\"elementor-element elementor-element-db03c39 e-con-full e-flex e-con e-child\" data-id=\"db03c39\" data-element_type=\"container\" data-e-type=\"container\">\n\t\t<div class=\"elementor-element elementor-element-229a87b e-flex e-con-boxed e-con e-child\" data-id=\"229a87b\" data-element_type=\"container\" data-e-type=\"container\">\n\t\t\t\t\t<div class=\"e-con-inner\">\n\t\t\t\t<div class=\"elementor-element elementor-element-1f471fc elementor-widget elementor-widget-heading\" data-id=\"1f471fc\" data-element_type=\"widget\" data-e-type=\"widget\" data-widget_type=\"heading.default\">\n\t\t\t\t\t<h3 class=\"elementor-heading-title elementor-size-default\">Quellenlage<\/h3>\t\t\t\t<\/div>\n\t\t\t\t<div class=\"elementor-element elementor-element-36b1201 elementor-widget elementor-widget-text-editor\" data-id=\"36b1201\" data-element_type=\"widget\" data-e-type=\"widget\" data-widget_type=\"text-editor.default\">\n\t\t\t\t\t\t\t\t\t<p>Dangunova tradice je zaznamen\u00e1na v Samguk yusa, kterou kolem roku 1281 sepsal Iryon. Nejstar\u0161\u00ed zm\u00ednky pravd\u011bpodobn\u011b poch\u00e1zej\u00ed z protokorejsk\u00fdch tradic, ale liter\u00e1rn\u011b jsou zachytiteln\u00e9 a\u017e d\u00edky tomuto prameni. Dal\u0161\u00ed zm\u00ednky se nach\u00e1zej\u00ed v pozd\u011bj\u0161\u00edch kronik\u00e1ch, jako je Dongguk yeoji seungnam (Zem\u011bpisn\u00fd soupis V\u00fdchodn\u00ed zem\u011b).<\/p><p>James H. Grayson ve sv\u00e9 studii \u201eKorea, A Religious History\u201d ozna\u010duje Danguna za synt\u00e9zu uct\u00edv\u00e1n\u00ed nebes a uct\u00edv\u00e1n\u00ed p\u0159edk\u016f. Yi Sang-ok a dal\u0161\u00ed korej\u0161t\u00ed religionist\u00e9 zkoumaj\u00ed jeho roli p\u0159i p\u0159echodu od <span class=\"iwg-fachbegriff\" data-tooltip=\"Souhrn tradovan\u00fdch vypr\u00e1v\u011bn\u00ed o boz\u00edch ur\u010dit\u00e9 kultury.\" tabindex=\"0\">mytologie<\/span> k historick\u00e9mu vypr\u00e1v\u011bn\u00ed.<\/p>\t\t\t\t\t\t\t\t<\/div>\n\t\t\t\t\t<\/div>\n\t\t\t\t<\/div>\n\t\t\t\t<\/div>\n\t\t\t\t\t<\/div>\n\t\t\t\t<\/div>\n\t\t<div class=\"elementor-element elementor-element-3ae0637c e-flex e-con-boxed e-con e-parent\" data-id=\"3ae0637c\" data-element_type=\"container\" data-e-type=\"container\">\n\t\t\t\t\t<div class=\"e-con-inner\">\n\t\t\t\t<div class=\"elementor-element elementor-element-31d07739 elementor-widget elementor-widget-heading\" data-id=\"31d07739\" data-element_type=\"widget\" data-e-type=\"widget\" data-widget_type=\"heading.default\">\n\t\t\t\t\t<h2 class=\"elementor-heading-title elementor-size-default\">Jm\u00e9no a varianty<\/h2>\t\t\t\t<\/div>\n\t\t<div class=\"elementor-element elementor-element-b7642947 e-con-full e-flex e-con e-child\" data-id=\"b7642947\" data-element_type=\"container\" data-e-type=\"container\">\n\t\t\t\t<div class=\"elementor-element elementor-element-a086266 elementor-widget elementor-widget-text-editor\" data-id=\"a086266\" data-element_type=\"widget\" data-e-type=\"widget\" data-widget_type=\"text-editor.default\">\n\t\t\t\t\t\t\t\t\t<p>Dangun je v r\u016fzn\u00fdch pramenech a um\u011bleck\u00fdch tradic\u00edch zobrazov\u00e1n s ur\u010dit\u00fdmi opakuj\u00edc\u00edmi se ikonografick\u00fdmi prvky, kter\u00e9 z\u016fst\u00e1vaj\u00ed relativn\u011b konstantn\u00ed po desetilet\u00ed a p\u0159es r\u016fzn\u00e9 geografick\u00e9 oblasti. Tyto prvky nejsou \u010dist\u011b dekorativn\u00ed nebo zvolen\u00e9 n\u00e1hodn\u011b, ale jsou hluboce symbolicky k\u00f3dovan\u00e9 a nesou velk\u00fd v\u00fdznam.<\/p><p>Ka\u017ed\u00fd prvek Dangunova p\u0159\u00edb\u011bhu vyjad\u0159uje ur\u010dit\u00e9 poselstv\u00ed: P\u016fvod od nebesk\u00e9ho prince Hwanunga zakl\u00e1d\u00e1 nebeskou legitimitu vl\u00e1dce, medv\u011bd\u00ed matka Ungnyeo, kter\u00e1 d\u00edky trp\u011blivosti s pely\u0148kem a \u010desnekem v jeskyni z\u00edskala lidskou podobu, v\u00e1\u017ee zalo\u017een\u00ed \u0159\u00ed\u0161e k zemi a jej\u00edm zkou\u0161k\u00e1m.<\/p><p>Baektusan jako m\u00edsto sestupu, svat\u00e9 m\u011bsto Sinsi a zalo\u017een\u00ed Gojoseonu v tradovan\u00e9m roce 2333 p\u0159. n. l. \u0159ad\u00ed p\u0159\u00edb\u011bh prostorov\u011b a \u010dasov\u011b. Kdo je obezn\u00e1men s korejskou tradic\u00ed, \u010dte v tom n\u00e1rok, \u017ee st\u00e1t a n\u00e1rod vych\u00e1zej\u00ed ze spojen\u00ed nebes a zem\u011b.<\/p>\t\t\t\t\t\t\t\t<\/div>\n\t\t\t\t<\/div>\n\t\t\t\t\t<\/div>\n\t\t\t\t<\/div>\n\t\t<div class=\"elementor-element elementor-element-709a44a8 e-flex e-con-boxed e-con e-parent\" data-id=\"709a44a8\" data-element_type=\"container\" data-e-type=\"container\">\n\t\t\t\t\t<div class=\"e-con-inner\">\n\t\t\t\t<div class=\"elementor-element elementor-element-2f585873 elementor-widget elementor-widget-heading\" data-id=\"2f585873\" data-element_type=\"widget\" data-e-type=\"widget\" data-widget_type=\"heading.default\">\n\t\t\t\t\t<h2 class=\"elementor-heading-title elementor-size-default\">Charakteristiky<\/h2>\t\t\t\t<\/div>\n\t\t<div class=\"elementor-element elementor-element-70621c12 e-con-full e-flex e-con e-child\" data-id=\"70621c12\" data-element_type=\"container\" data-e-type=\"container\">\n\t\t\t\t<div class=\"elementor-element elementor-element-4296eb49 elementor-widget elementor-widget-text-editor\" data-id=\"4296eb49\" data-element_type=\"widget\" data-e-type=\"widget\" data-widget_type=\"text-editor.default\">\n\t\t\t\t\t\t\t\t\t<p>Dangun st\u00e1l v centru n\u00e1bo\u017eensk\u00e9 praxe, ka\u017edodenn\u00edch ritu\u00e1l\u016f a obecn\u00e9ho ch\u00e1p\u00e1n\u00ed korejsk\u00e9 kultury. Lid\u00e9 se k t\u00e9to entit\u011b obraceli v kritick\u00fdch nebo zvl\u00e1\u0161tn\u00edch \u017eivotn\u00edch situac\u00edch i v ur\u010dit\u00fdch ritu\u00e1ln\u00edch obdob\u00edch roku, s uspo\u0159\u00e1dan\u00fdmi, \u010dasto n\u00e1ro\u010dn\u00fdmi ritu\u00e1ly, modlitbami nebo ob\u011btn\u00edmi dary.<\/p><p>Vzpom\u00ednka na Danguna byla udr\u017eov\u00e1na v ust\u00e1len\u00fdch form\u00e1ch: mnich Iryeon zaznamenal zakladatelsk\u00fd p\u0159\u00edb\u011bh ve 13. stolet\u00ed v d\u00edle Samguk Yusa podle star\u0161\u00edch pramen\u016f, a pozd\u011bj\u0161\u00ed korejsk\u00e9 dynastie po\u0159\u00e1daly st\u00e1tn\u00ed ob\u0159ady na po\u010dest zakladatele \u0159\u00ed\u0161e.<\/p><p>Ve 20. stolet\u00ed p\u0159ijalo n\u00e1bo\u017eenstv\u00ed Daejongggyo uct\u00edv\u00e1n\u00ed Danguna v pevn\u00e9 doktrin\u00e1ln\u00ed podob\u011b. P\u00e9\u010de o tuto postavu tak spo\u010d\u00edvala na u\u010denc\u00edch, \u00fa\u0159edn\u00edc\u00edch a n\u00e1bo\u017eensk\u00fdch komunit\u00e1ch s ust\u00e1lenou prax\u00ed.<\/p><p>Skute\u010dnost, \u017ee se p\u0159\u00edb\u011bh o Dangunovi p\u0159ed\u00e1val od d\u00edla Samguk Yusa ze 13. stolet\u00ed p\u0159es ob\u0159ady doby Joseon a\u017e po dne\u0161n\u00ed st\u00e1tn\u00ed sv\u00e1tek Gaecheonjeol slaven\u00fd 3. \u0159\u00edjna, dokl\u00e1d\u00e1 jeho trvaj\u00edc\u00ed u\u017eitnost.<\/p><p>Jeho \u00falohy se m\u011bnily podle okolnost\u00ed: za mongolsk\u00e9 vl\u00e1dy, kdy Iryeon psal, zakl\u00e1dal soudr\u017enost, v dob\u011b japonsk\u00e9 kolonizace slou\u017eil k sebeprosazen\u00ed a jako datum zalo\u017een\u00ed ozna\u010duje rok 2333 p\u0159. n. l. dodnes po\u010d\u00e1tek korejsk\u00e9ho letopo\u010dtu Dangi.<\/p><h3>Vzhled a symbolika<\/h3><p><em>Dangun<\/em> je zobrazov\u00e1n jako mlad\u00fd, siln\u00fd v\u016fdce v tradi\u010dn\u00edm korejsk\u00e9m od\u011bvu, \u010dasto s \u017eezlem nebo me\u010dem. N\u011bkdy je zobrazen s mytologick\u00fdmi atributy (nebesk\u00e1 aura, hory, orel). Jeho barvou je \u010dasto zlat\u00e1 nebo \u010derven\u00e1, kr\u00e1lovsk\u00e9 barvy. \u010casto sed\u00ed na tr\u016fnu nebo na ho\u0159e.<\/p>\t\t\t\t\t\t\t\t<\/div>\n\t\t\t\t<\/div>\n\t\t\t\t\t<\/div>\n\t\t\t\t<\/div>\n\t\t<div class=\"elementor-element elementor-element-44e71476 e-flex e-con-boxed e-con e-parent\" data-id=\"44e71476\" data-element_type=\"container\" data-e-type=\"container\">\n\t\t\t\t\t<div class=\"e-con-inner\">\n\t\t\t\t<div class=\"elementor-element elementor-element-3c1fc3f0 elementor-widget elementor-widget-heading\" data-id=\"3c1fc3f0\" data-element_type=\"widget\" data-e-type=\"widget\" data-widget_type=\"heading.default\">\n\t\t\t\t\t<h2 class=\"elementor-heading-title elementor-size-default\">Profil: Dangun<\/h2>\t\t\t\t<\/div>\n\t\t<div class=\"elementor-element elementor-element-84f33b8e e-con-full e-flex e-con e-child\" data-id=\"84f33b8e\" data-element_type=\"container\" data-e-type=\"container\">\n\t\t\t\t<div class=\"elementor-element elementor-element-hqkdc67p elementor-widget elementor-widget-text-editor\" data-id=\"hqkdc67p\" data-element_type=\"widget\" data-e-type=\"widget\" data-widget_type=\"text-editor.default\">\n\t\t\t\t\t\t\t\t\t<p>Profil ukazuje Danguna ze \u0161esti hledisek: p\u016fvod a datov\u00e1n\u00ed jeho legend\u00e1rn\u00edho zalo\u017een\u00ed, soci\u00e1ln\u00ed skupiny jeho uct\u00edv\u00e1n\u00ed, jeho ikonografick\u00e9 zobrazen\u00ed, vztahy k ochran\u011b a st\u00e1tn\u00edmu kultu a kulturn\u00ed paralely v sousedn\u00edch tradic\u00edch. Tyto rozm\u011bry spole\u010dn\u011b vytv\u00e1\u0159ej\u00ed obraz jeho funkce v korejsk\u00e9m n\u00e1bo\u017eensk\u00e9m syst\u00e9mu.<\/p>\t\t\t\t\t\t\t\t<\/div>\n\t\t\t\t<\/div>\n\t\t<div class=\"elementor-element elementor-element-pemmx7c5 e-con-full e-flex e-con e-child\" data-id=\"pemmx7c5\" data-element_type=\"container\" data-e-type=\"container\">\n\t\t<div class=\"elementor-element elementor-element-pemmx7c1 e-con-full e-flex e-con e-child\" data-id=\"pemmx7c1\" data-element_type=\"container\" data-e-type=\"container\">\n\t\t<div class=\"elementor-element elementor-element-qh9oavvu iwg-steckbrief-card e-flex e-con-boxed e-con e-child\" data-id=\"qh9oavvu\" data-element_type=\"container\" data-e-type=\"container\">\n\t\t\t\t\t<div class=\"e-con-inner\">\n\t\t\t\t<div class=\"elementor-element elementor-element-awzx8k2k elementor-widget elementor-widget-heading\" data-id=\"awzx8k2k\" data-element_type=\"widget\" data-e-type=\"widget\" data-widget_type=\"heading.default\">\n\t\t\t\t\t<div class=\"elementor-heading-title elementor-size-default\">Tradice<\/div>\t\t\t\t<\/div>\n\t\t\t\t<div class=\"elementor-element elementor-element-x6rowhv0 elementor-widget elementor-widget-text-editor\" data-id=\"x6rowhv0\" data-element_type=\"widget\" data-e-type=\"widget\" data-widget_type=\"text-editor.default\">\n\t\t\t\t\t\t\t\t\t<p>Dangun je zobrazov\u00e1n jako syn nebesk\u00e9ho boha Hwanunga a medv\u011bdice-bohyn\u011b Ungnyeo. Legend\u00e1rn\u00ed zalo\u017een\u00ed Gojoseonu se odehr\u00e1lo roku 2333 p\u0159. n. l. v Asadalu (p\u0159edpokl\u00e1dan\u00e1 lokalita: Mand\u017eusko nebo severn\u00ed \u010d\u00e1st poloostrova).<\/p><p>Archeologicky je datov\u00e1n\u00ed obt\u00ed\u017en\u00e9; z hlediska d\u011bjin n\u00e1bo\u017eenstv\u00ed je <span class=\"iwg-fachbegriff\" data-tooltip=\"Pou\u010dn\u00fd p\u0159\u00edb\u011bh, zpravidla o \u017eivot\u011b svat\u00fdch.\" tabindex=\"0\">legenda<\/span> ch\u00e1p\u00e1na jako mytologick\u00fd konstrukt vzniku st\u00e1tu. P\u00edsemn\u00e9 zachycen\u00ed prob\u011bhlo a\u017e d\u00edky d\u00edlu Samguk yusa ze 13. stolet\u00ed, \u010d\u00edm\u017e byl lok\u00e1ln\u011b tradovan\u00fd \u00fastn\u00ed zakladatelsk\u00fd m\u00fdtus p\u00edsemn\u011b kanonizov\u00e1n.<\/p>\t\t\t\t\t\t\t\t<\/div>\n\t\t\t\t\t<\/div>\n\t\t\t\t<\/div>\n\t\t<div class=\"elementor-element elementor-element-8e3o4kxs iwg-steckbrief-card e-flex e-con-boxed e-con e-child\" data-id=\"8e3o4kxs\" data-element_type=\"container\" data-e-type=\"container\">\n\t\t\t\t\t<div class=\"e-con-inner\">\n\t\t\t\t<div class=\"elementor-element elementor-element-08rkdgov elementor-widget elementor-widget-heading\" data-id=\"08rkdgov\" data-element_type=\"widget\" data-e-type=\"widget\" data-widget_type=\"heading.default\">\n\t\t\t\t\t<div class=\"elementor-heading-title elementor-size-default\">Kdo Danguna uct\u00edval<\/div>\t\t\t\t<\/div>\n\t\t\t\t<div class=\"elementor-element elementor-element-uwjelx8s elementor-widget elementor-widget-text-editor\" data-id=\"uwjelx8s\" data-element_type=\"widget\" data-e-type=\"widget\" data-widget_type=\"text-editor.default\">\n\t\t\t\t\t\t\t\t\t<p>Danguna uct\u00edvali kr\u00e1lov\u00e9, st\u00e1tn\u00ed \u00fa\u0159edn\u00edci a vzd\u011blan\u00e1 elita jako zt\u011blesn\u011bn\u00ed legitimn\u00ed vl\u00e1dy. Na po\u010d\u00e1tku 20. stolet\u00ed se jeho <span class=\"iwg-fachbegriff\" data-tooltip=\"Souhrn n\u00e1bo\u017eensk\u00fdch \u00factyhodn\u00fdch akt\u016f v\u016f\u010di bo\u017estvu nebo svat\u00e9 postav\u011b.\" tabindex=\"0\">kult<\/span> stal sou\u010d\u00e1st\u00ed modern\u00edho korejsk\u00e9ho nacionalismu, zejm\u00e9na za japonsk\u00e9 koloni\u00e1ln\u00ed vl\u00e1dy, kdy Dangun slou\u017eil jako <span class=\"iwg-fachbegriff\" data-tooltip=\"Znak, kter\u00fd zastupuje ur\u010ditou p\u0159edstavu nebo v\u00fdznam.\" tabindex=\"0\">symbol<\/span> nez\u00e1vislosti a kulturn\u00ed kontinuity.<\/p><p>Jeho uct\u00edv\u00e1n\u00ed bylo m\u00e9n\u011b lidov\u00fdm kultem ne\u017e sp\u00ed\u0161e st\u00e1tn\u00edm a elitn\u00edm n\u00e1bo\u017eenstv\u00edm, pozd\u011bji i n\u00e1rodn\u00ed ideologi\u00ed. Dodnes se v den jeho zalo\u017een\u00ed (3. \u0159\u00edjna) konaj\u00ed st\u00e1tn\u00ed ob\u0159ady.<\/p>\t\t\t\t\t\t\t\t<\/div>\n\t\t\t\t\t<\/div>\n\t\t\t\t<\/div>\n\t\t<div class=\"elementor-element elementor-element-jm2n74ec iwg-steckbrief-card e-flex e-con-boxed e-con e-child\" data-id=\"jm2n74ec\" data-element_type=\"container\" data-e-type=\"container\">\n\t\t\t\t\t<div class=\"e-con-inner\">\n\t\t\t\t<div class=\"elementor-element elementor-element-8vufse4c elementor-widget elementor-widget-heading\" data-id=\"8vufse4c\" data-element_type=\"widget\" data-e-type=\"widget\" data-widget_type=\"heading.default\">\n\t\t\t\t\t<div class=\"elementor-heading-title elementor-size-default\">Vzhled Danguna<\/div>\t\t\t\t<\/div>\n\t\t\t\t<div class=\"elementor-element elementor-element-mwb9u015 elementor-widget elementor-widget-text-editor\" data-id=\"mwb9u015\" data-element_type=\"widget\" data-e-type=\"widget\" data-widget_type=\"text-editor.default\">\n\t\t\t\t\t\t\t\t\t<p>Dangun je v modern\u00edch zobrazen\u00edch p\u0159edstavov\u00e1n jako mlad\u00fd kr\u00e1l s korunami a insigniemi vl\u00e1dy, n\u011bkdy s bo\u017eskou svatoz\u00e1\u0159\u00ed. Na star\u0161\u00edch obrazech nos\u00ed roucha z doby T\u0159\u00ed kr\u00e1lovstv\u00ed. Typick\u00fdmi atributy jsou kr\u00e1lovsk\u00e9 \u017eezlo nebo h\u016fl, pe\u010de\u0165 Gojoseonu a vlajka.<\/p><p>\u010casto je zobrazov\u00e1n ve sc\u00e9n\u00e1ch zalo\u017een\u00ed st\u00e1tu: p\u0159i zakladatelsk\u00e9m ob\u0159adu na Asadalu nebo p\u0159i uct\u00edv\u00e1n\u00ed sv\u00fdmi poddan\u00fdmi. Ikonografie m\u00eds\u00ed znaky bo\u017esk\u00e9 bytosti (z\u00e1\u0159e, aura) se znaky pozemsk\u00e9ho vl\u00e1dce.<\/p>\t\t\t\t\t\t\t\t<\/div>\n\t\t\t\t\t<\/div>\n\t\t\t\t<\/div>\n\t\t\t\t<\/div>\n\t\t<div class=\"elementor-element elementor-element-pemmx7c2 e-con-full e-flex e-con e-child\" data-id=\"pemmx7c2\" data-element_type=\"container\" data-e-type=\"container\">\n\t\t<div class=\"elementor-element elementor-element-37ss2yr6 iwg-steckbrief-card e-flex e-con-boxed e-con e-child\" data-id=\"37ss2yr6\" data-element_type=\"container\" data-e-type=\"container\">\n\t\t\t\t\t<div class=\"e-con-inner\">\n\t\t\t\t<div class=\"elementor-element elementor-element-3v0wp3wx elementor-widget elementor-widget-heading\" data-id=\"3v0wp3wx\" data-element_type=\"widget\" data-e-type=\"widget\" data-widget_type=\"heading.default\">\n\t\t\t\t\t<div class=\"elementor-heading-title elementor-size-default\">P\u016fsoben\u00ed<\/div>\t\t\t\t<\/div>\n\t\t\t\t<div class=\"elementor-element elementor-element-w3247g2m elementor-widget elementor-widget-text-editor\" data-id=\"w3247g2m\" data-element_type=\"widget\" data-e-type=\"widget\" data-widget_type=\"text-editor.default\">\n\t\t\t\t\t\t\t\t\t<strong>Oblast p\u016fsobnosti:<\/strong> Dangun je mytologick\u00fdm zakladatelem kr\u00e1lovstv\u00ed Gojoseon (2333 p\u0159. n. l. podle korejsk\u00e9 tradice) a <span class=\"iwg-fachbegriff\" data-tooltip=\"Znak, kter\u00fd zastupuje ur\u010ditou p\u0159edstavu nebo v\u00fdznam.\" tabindex=\"0\">symbolem<\/span> korejsk\u00e9ho vzniku st\u00e1tu. Jeho moc zt\u011bles\u0148uje svrchovanou vl\u00e1du, zalo\u017een\u00ed st\u00e1tu a p\u0159echod od p\u0159\u00edrodn\u00edho stavu k organizovan\u00e9 civilizaci. Samguk Yusa (1280 n. l.) jej uv\u00e1d\u00ed jako syna nebesk\u00e9ho boha Hwanunga a medv\u011bd\u00ed \u017eeny (mytologick\u00e9 symboly lidsko-bo\u017esk\u00e9ho p\u016fvodu). Jeho p\u016fsoben\u00ed se projevuje v dynastick\u00e9m pr\u00e1vu, politick\u00e9 legitimit\u011b a n\u00e1rodn\u00ed soudr\u017enosti. Dangun symbolizuje ide\u00e1l mudrce-zakladatele kr\u00e1lovstv\u00ed.\n\t\t\t\t\t\t\t\t<\/div>\n\t\t\t\t\t<\/div>\n\t\t\t\t<\/div>\n\t\t<div class=\"elementor-element elementor-element-0qpjal9w iwg-steckbrief-card e-flex e-con-boxed e-con e-child\" data-id=\"0qpjal9w\" data-element_type=\"container\" data-e-type=\"container\">\n\t\t\t\t\t<div class=\"e-con-inner\">\n\t\t\t\t<div class=\"elementor-element elementor-element-6ndoih0o elementor-widget elementor-widget-heading\" data-id=\"6ndoih0o\" data-element_type=\"widget\" data-e-type=\"widget\" data-widget_type=\"heading.default\">\n\t\t\t\t\t<div class=\"elementor-heading-title elementor-size-default\">Ochrana p\u0159ed Dangunem<\/div>\t\t\t\t<\/div>\n\t\t\t\t<div class=\"elementor-element elementor-element-6684tyh9 elementor-widget elementor-widget-text-editor\" data-id=\"6684tyh9\" data-element_type=\"widget\" data-e-type=\"widget\" data-widget_type=\"text-editor.default\">\n\t\t\t\t\t\t\t\t\t<p>Dangun nen\u00ed \u0161kodlivou bytost\u00ed, n\u00fdbr\u017e kulturn\u00ed ochrannou postavou. Uct\u00edv\u00e1n\u00ed prob\u00edh\u00e1 prost\u0159ednictv\u00edm st\u00e1tn\u00edch ritu\u00e1l\u016f a n\u00e1rodn\u00edch sv\u00e1tk\u016f (Gaecheonjeol 3. \u0159\u00edjna). Tradicionalistick\u00e9 \u0161koly po\u0159\u00e1daj\u00ed vzpom\u00ednkov\u00e9 ob\u0159ady, p\u0159i nich\u017e je Dangun vz\u00fdv\u00e1n s \u00factou jako praotec Koreje.<\/p><p>V tradi\u010dn\u00edm <span class=\"iwg-fachbegriff\" data-tooltip=\"N\u00e1bo\u017eensk\u00fd syst\u00e9m, v n\u011bm\u017e specialist\u00e9 komunikuj\u00ed se sv\u011btem duch\u016f.\" tabindex=\"0\">\u0161amanismu<\/span> je uct\u00edv\u00e1n m\u00e9n\u011b centr\u00e1ln\u011b; jeho kult m\u00e1 p\u0159edev\u0161\u00edm konfuci\u00e1nsko-n\u00e1rodn\u00ed charakter. \u00dacta se projevuje vzpom\u00ednkov\u00fdmi slavnostmi a p\u00edsemn\u00fdmi \u00factyhodn\u00fdmi akty, nikoli ochrann\u00fdmi ritu\u00e1ly proti \u00fajm\u011b.<\/p>\t\t\t\t\t\t\t\t<\/div>\n\t\t\t\t\t<\/div>\n\t\t\t\t<\/div>\n\t\t<div class=\"elementor-element elementor-element-3lfi7x32 iwg-steckbrief-card e-flex e-con-boxed e-con e-child\" data-id=\"3lfi7x32\" data-element_type=\"container\" data-e-type=\"container\">\n\t\t\t\t\t<div class=\"e-con-inner\">\n\t\t\t\t<div class=\"elementor-element elementor-element-0kg99ga1 elementor-widget elementor-widget-heading\" data-id=\"0kg99ga1\" data-element_type=\"widget\" data-e-type=\"widget\" data-widget_type=\"heading.default\">\n\t\t\t\t\t<div class=\"elementor-heading-title elementor-size-default\">P\u0159\u00edbuzn\u00e9 bytosti<\/div>\t\t\t\t<\/div>\n\t\t\t\t<div class=\"elementor-element elementor-element-n0fum6kp elementor-widget elementor-widget-text-editor\" data-id=\"n0fum6kp\" data-element_type=\"widget\" data-e-type=\"widget\" data-widget_type=\"text-editor.default\">\n\t\t\t\t\t\t\t\t\t<p>Srovnateln\u00ed jsou mytologi\u010dt\u00ed zakladatel\u00e9 st\u00e1t\u016f v jin\u00fdch kultur\u00e1ch: J\u00fc Velik\u00fd v \u010c\u00edn\u011b (<span class=\"iwg-fachbegriff\" data-tooltip=\"Tradovan\u00fd p\u0159\u00edb\u011bh s \u010dasto historick\u00fdm j\u00e1drem a nadp\u0159irozen\u00fdmi rysy.\" tabindex=\"0\">pov\u011bst<\/span> o zvl\u00e1dnut\u00ed potopy a zalo\u017een\u00ed dynastie), Aeneas v \u0159\u00edmsk\u00e9 zakladatelsk\u00e9 legend\u011b (prost\u0159edn\u00edk mezi bo\u017esk\u00fdm a lidsk\u00fdm) a Ragnar Lothbrok v seversk\u00e9 <span class=\"iwg-fachbegriff\" data-tooltip=\"P\u0159ed\u00e1v\u00e1n\u00ed v\u011bdomost\u00ed a p\u0159\u00edb\u011bh\u016f z generace na generaci.\" tabindex=\"0\">tradici<\/span> (mytick\u00fd zakladatel dynastick\u00fdch lini\u00ed).<\/p><p>V\u0161em je spole\u010dn\u00e9 spojen\u00ed bo\u017esk\u00e9ho p\u016fvodu s historick\u00fdm zalo\u017een\u00edm \u0159\u00ed\u0161e a legitimace vl\u00e1dnouc\u00edho \u0159\u00e1du prost\u0159ednictv\u00edm mytick\u00e9 genealogie.<\/p>\t\t\t\t\t\t\t\t<\/div>\n\t\t\t\t\t<\/div>\n\t\t\t\t<\/div>\n\t\t\t\t<\/div>\n\t\t\t\t<\/div>\n\t\t\t\t\t<\/div>\n\t\t\t\t<\/div>\n\t\t<div class=\"elementor-element elementor-element-5a584676 e-flex e-con-boxed e-con e-parent\" data-id=\"5a584676\" data-element_type=\"container\" data-e-type=\"container\">\n\t\t\t\t\t<div class=\"e-con-inner\">\n\t\t\t\t<div class=\"elementor-element elementor-element-6d0757bf elementor-widget elementor-widget-heading\" data-id=\"6d0757bf\" data-element_type=\"widget\" data-e-type=\"widget\" data-widget_type=\"heading.default\">\n\t\t\t\t\t<h2 class=\"elementor-heading-title elementor-size-default\">Dangun, paralely v jin\u00fdch kultur\u00e1ch<\/h2>\t\t\t\t<\/div>\n\t\t<div class=\"elementor-element elementor-element-60563f68 e-con-full e-flex e-con e-child\" data-id=\"60563f68\" data-element_type=\"container\" data-e-type=\"container\">\n\t\t\t\t<div class=\"elementor-element elementor-element-5a93fdd6 elementor-widget elementor-widget-text-editor\" data-id=\"5a93fdd6\" data-element_type=\"widget\" data-e-type=\"widget\" data-widget_type=\"text-editor.default\">\n\t\t\t\t\t\t\t\t\t<h3>Ritu\u00e1ly a uct\u00edv\u00e1n\u00ed<\/h3><p>Den Danguna (3. \u0159\u00edjna podle tradi\u010dn\u00edho kalend\u00e1\u0159e) je st\u00e1tn\u00edm sv\u00e1tkem. Na Dangunov\u011b <span class=\"iwg-fachbegriff\" data-tooltip=\"Mal\u00e9 svat\u00e9 m\u00edsto \u00faschovy nebo modlitby.\" tabindex=\"0\">svatyni<\/span> (Taery\u014fng) se konaly ob\u0159ady s ob\u011btinami, ob\u011btmi obil\u00ed, n\u00e1pojov\u00fdmi ob\u011btmi a pozd\u011bji, po konfucianizaci, i vonn\u00fdmi ty\u010dinkami. Vojensk\u00e9 ob\u0159ady jej ctily jako ochr\u00e1nce st\u00e1tn\u00ed jednoty.<\/p><h3>Zakl\u00edn\u00e1n\u00ed a vz\u00fdv\u00e1n\u00ed<\/h3><p>Klasick\u00e1 vz\u00fdv\u00e1n\u00ed zd\u016fraz\u0148ovala v\u00e1le\u010dnickou moc a kr\u00e1lovskou legitimitu: \u201eDangune, zakladateli na\u0161eho n\u00e1roda, zachovej jednotu.\u201c V konfuci\u00e1nsk\u00fdch ob\u0159adech se vykon\u00e1valy ritu\u00e1ly za st\u00e1t a dv\u016fr. Modern\u00ed nacionalistick\u00e1 symbolika jej poj\u00edm\u00e1 jako zt\u011blesn\u011bn\u00ed korejsk\u00e9 nez\u00e1vislosti.<\/p><h3>Amulety a ochrann\u00e9 symboly<\/h3><p><span class=\"iwg-fachbegriff\" data-tooltip=\"Znak, kter\u00fd zastupuje ur\u010ditou p\u0159edstavu nebo v\u00fdznam.\" tabindex=\"0\">Symbol<\/span> Taegeuk (jin-jang v \u010derven\u00e9 a modr\u00e9) na vlajce p\u0159edstavuje jeho <span class=\"iwg-fachbegriff\" data-tooltip=\"P\u0159edstava o uspo\u0159\u00e1d\u00e1n\u00ed a \u0159\u00e1du sv\u011bta v r\u00e1mci ur\u010dit\u00e9 kultury.\" tabindex=\"0\">kosmologii<\/span>. \u201eDangun\u016fv <span class=\"iwg-fachbegriff\" data-tooltip=\"P\u0159edm\u011bt, kter\u00e9mu je p\u0159isuzov\u00e1na schopnost p\u0159in\u00e1\u0161et \u0161t\u011bst\u00ed nebo \u00fasp\u011bch.\" tabindex=\"0\">talisman<\/span>\u201c se t\u0159emi korunami byl <span class=\"iwg-fachbegriff\" data-tooltip=\"Znak, kter\u00fd zastupuje ur\u010ditou p\u0159edstavu nebo v\u00fdznam.\" tabindex=\"0\">symbolem<\/span> t\u0159\u00ed kr\u00e1lovstv\u00ed (Goguryeo, Baekje, Silla). Historick\u00e9 v\u00e1lcov\u00e9 pe\u010deti zobrazovaly jeho vlada\u0159skou ikonografii.<\/p>\n<p><strong>\u017didovsk\u00e1 tradice:<\/strong> V judaismu neexistuje p\u0159\u00edm\u00e1 obdoba Danguna jako bo\u017esk\u00e9ho zakladatele st\u00e1tu. \u017didovsk\u00e1 tradice zn\u00e1 legitimizaci kr\u00e1le prost\u0159ednictv\u00edm proroctv\u00ed (kr\u00e1l David), nikoli prost\u0159ednictv\u00edm bo\u017esk\u00e9ho p\u016fvodu. Abraham jako praotec vykazuje funk\u010dn\u00ed podobnost: oba zprost\u0159edkov\u00e1vaj\u00ed mezi bo\u017esk\u00fdm zasl\u00edben\u00edm a lidsk\u00fdm potomstvem, ale Abraham nen\u00ed zakladatelem st\u00e1tu v politick\u00e9m smyslu.<\/p><p><strong>\u0158ecko-\u0159\u00edmsk\u00fd sv\u011bt:<\/strong> Romulus a Remus v \u0159\u00edmsk\u00e9 zakladatelsk\u00e9 legend\u011b odpov\u00eddaj\u00ed Dangunovi svou rol\u00ed zakladatel\u016f st\u00e1tu. Oba jsou zobrazov\u00e1ni jako synov\u00e9 boha (Marta) a smrteln\u00e9 \u017eeny.<\/p><p>Zalo\u017een\u00ed \u0158\u00edma (753 p\u0159. n. l. podle tradi\u010dn\u00ed chronologie) se podob\u00e1 legend\u00e1rn\u00edmu zalo\u017een\u00ed Gojoseonu ve sv\u00e9m mytologick\u00e9m zveleben\u00ed. Romulus i Dangun funguj\u00ed jako n\u00e1rodn\u00ed symboly a zdroje legitimity vl\u00e1dy.<\/p><p><strong>Mezopot\u00e1mie:<\/strong> Sumersk\u00fd kr\u00e1l Gilgame\u0161 je popisov\u00e1n jako ze dvou t\u0159etin b\u016fh a z jedn\u00e9 t\u0159etiny \u010dlov\u011bk, podobn\u011b jako Dangun jako syn Hwanunga. Oba zt\u011bles\u0148uj\u00ed hranici mezi sv\u011btem boh\u016f a lid\u00ed. Gilgame\u0161 v\u0161ak byl historicky dolo\u017een\u00fdm kr\u00e1lem s legend\u00e1rn\u00edmi p\u0159\u00eddavky, zat\u00edmco Dangun je \u010dist\u011b mytologick\u00fd. Li\u0161\u00ed se i zp\u016fsob uct\u00edv\u00e1n\u00ed: Gilgame\u0161 byl uct\u00edv\u00e1n heroicko-vzpom\u00ednkov\u011b, Dangun kultovn\u011b-nacion\u00e1ln\u011b.<\/p><p><strong>Indie\/Asie:<\/strong> V indick\u00e9 tradici se podob\u00e1 Kr\u0161nova role jako inkarnace a zakladatele st\u00e1tu (zalo\u017een\u00ed Mathury a Dv\u00e1raky). Tak\u00e9 v \u010c\u00edn\u011b je J\u00fc Velik\u00fd uct\u00edv\u00e1n jako b\u016fh-\u010dlov\u011bk, kter\u00fd kosmick\u00fdm zvl\u00e1dnut\u00edm potopy zakl\u00e1d\u00e1 nov\u00fd \u0159\u00e1d. V\u0161em t\u011bmto postav\u00e1m je spole\u010dn\u00e9 propojen\u00ed bo\u017esk\u00e9ho p\u016fvodu s historick\u00fdm nebo kvazihistorick\u00fdm zakl\u00e1d\u00e1n\u00edm \u0159\u00ed\u0161e.<\/p>\t\t\t\t\t\t\t\t<\/div>\n\t\t\t\t<\/div>\n\t\t\t\t\t<\/div>\n\t\t\t\t<\/div>\n\t\t<div class=\"elementor-element elementor-element-cp47e335f e-flex e-con-boxed e-con e-parent\" data-id=\"cp47e335f\" data-element_type=\"container\" data-e-type=\"container\">\n\t\t\t\t\t<div class=\"e-con-inner\">\n\t\t\t\t<div class=\"elementor-element elementor-element-cp60a5608 elementor-widget elementor-widget-heading\" data-id=\"cp60a5608\" data-element_type=\"widget\" data-e-type=\"widget\" data-widget_type=\"heading.default\">\n\t\t\t\t\t<h2 class=\"elementor-heading-title elementor-size-default\">Dangun jako zakladatel Gojoseonu<\/h2>\t\t\t\t<\/div>\n\t\t<div class=\"elementor-element elementor-element-cpa9c9499 e-con-full e-flex e-con e-child\" data-id=\"cpa9c9499\" data-element_type=\"container\" data-e-type=\"container\">\n\t\t\t\t<div class=\"elementor-element elementor-element-cpe2de080 elementor-widget elementor-widget-text-editor\" data-id=\"cpe2de080\" data-element_type=\"widget\" data-e-type=\"widget\" data-widget_type=\"text-editor.default\">\n\t\t\t\t\t\t\t\t\t<p>Dangun, cel\u00fdm jm\u00e9nem <em>Dangun Wanggeom<\/em>, je v korejsk\u00e9 <span class=\"iwg-fachbegriff\" data-tooltip=\"P\u0159ed\u00e1v\u00e1n\u00ed v\u011bdomost\u00ed a vypr\u00e1v\u011bn\u00ed z generace na generaci.\" tabindex=\"0\">tradici<\/span> zakladatelem prvn\u00edho korejsk\u00e9ho st\u00e1tu, <em>Gojoseonu<\/em>, \u201eStar\u00e9ho Joseonu\u201c.<\/p><p>Podle zpr\u00e1vy z d\u00edla <em>Samguk Yusa<\/em> ze 13. stolet\u00ed je synem nebesk\u00e9ho syna <a href=\"https:\/\/iwell-guard.com\/cs\/?page_id=145352\">Hwanunga<\/a> a medv\u011bdice-\u017eeny Ungnyeo. Spojuje tak v sob\u011b nebesk\u00fd a pozemsk\u00fd p\u016fvod a jako takov\u00fd je p\u0159edur\u010den k vl\u00e1d\u011b nad lidmi.<\/p><p>Text uv\u00e1d\u00ed konkr\u00e9tn\u00ed, by\u0165 mytickou chronologii. Dangun m\u011bl nastoupit na tr\u016fn a zalo\u017eit sv\u00e9 hlavn\u00ed m\u011bsto v roce, kter\u00fd se tradi\u010dn\u011b ztoto\u017e\u0148uje s rokem 2333 p\u0159. n. l.; jako s\u00eddlo je uv\u00e1d\u011bn Asadal, m\u00edsto spojovan\u00e9 s oblast\u00ed dne\u0161n\u00edho Pchjongjangu.<\/p><p>Dangun m\u011bl vl\u00e1dnout a \u017e\u00edt mimo\u0159\u00e1dn\u011b dlouho, text uv\u00e1d\u00ed \u010d\u00edsla v rozsahu jednoho a\u017e dvou tis\u00edc let, co\u017e zd\u016fraz\u0148uje mytickou povahu vypr\u00e1v\u011bn\u00ed.<\/p><p>Na konci sv\u00e9 vl\u00e1dy se Dangun podle <span class=\"iwg-fachbegriff\" data-tooltip=\"P\u0159ed\u00e1v\u00e1n\u00ed v\u011bdomost\u00ed a vypr\u00e1v\u011bn\u00ed z generace na generaci.\" tabindex=\"0\">tradice<\/span> uch\u00fdlil do \u00fastran\u00ed a stal se <em>Sansinem<\/em>, horsk\u00fdm bohem. Jeho p\u0159\u00edb\u011bh tak nekon\u010d\u00ed oby\u010dejnou smrt\u00ed, n\u00fdbr\u017e zbo\u017e\u0161t\u011bn\u00edm.<\/p><p>Tato konstrukce je z hlediska religionistiky v\u00fdznamn\u00e1: Dangun je z\u00e1rove\u0148 mytick\u00fdm praotcem, prvn\u00edm kr\u00e1lem a <span class=\"iwg-fachbegriff\" data-tooltip=\"Bytost uct\u00edvan\u00e1 jako bo\u017esk\u00e1 v r\u00e1mci ur\u010dit\u00e9ho n\u00e1bo\u017eenstv\u00ed.\" tabindex=\"0\">bo\u017estvem<\/span>. Stoj\u00ed na po\u010d\u00e1tku korejsk\u00fdch politick\u00fdch d\u011bjin a spojuje je s nebeskou sf\u00e9rou. Badatel\u00e9 vid\u00ed v Dangunov\u011b zpr\u00e1v\u011b zakladatelsk\u00fd a legitimiza\u010dn\u00ed m\u00fdtus, kter\u00fd odvozuje existenci korejsk\u00e9ho spole\u010denstv\u00ed od bo\u017esk\u00e9ho p\u016fvodu.<\/p>\t\t\t\t\t\t\t\t<\/div>\n\t\t\t\t<\/div>\n\t\t\t\t\t<\/div>\n\t\t\t\t<\/div>\n\t\t<div class=\"elementor-element elementor-element-cp8691d94 e-flex e-con-boxed e-con e-parent\" data-id=\"cp8691d94\" data-element_type=\"container\" data-e-type=\"container\">\n\t\t\t\t\t<div class=\"e-con-inner\">\n\t\t\t\t<div class=\"elementor-element elementor-element-cpb7c6860 elementor-widget elementor-widget-heading\" data-id=\"cpb7c6860\" data-element_type=\"widget\" data-e-type=\"widget\" data-widget_type=\"heading.default\">\n\t\t\t\t\t<h2 class=\"elementor-heading-title elementor-size-default\">Ot\u00e1zka datace a korejsk\u00fd zakladatelsk\u00fd m\u00fdtus<\/h2>\t\t\t\t<\/div>\n\t\t<div class=\"elementor-element elementor-element-cpb8f7304 e-con-full e-flex e-con e-child\" data-id=\"cpb8f7304\" data-element_type=\"container\" data-e-type=\"container\">\n\t\t\t\t<div class=\"elementor-element elementor-element-cp4c00c22 elementor-widget elementor-widget-text-editor\" data-id=\"cp4c00c22\" data-element_type=\"widget\" data-e-type=\"widget\" data-widget_type=\"text-editor.default\">\n\t\t\t\t\t\t\t\t\t<p>Tradi\u010dn\u00ed datum zalo\u017een\u00ed, rok 2333 p\u0159ed na\u0161\u00edm letopo\u010dtem, vy\u017eaduje pe\u010dliv\u00e9 prameno-kritick\u00e9 za\u0159azen\u00ed. Toto \u010d\u00edslo vych\u00e1z\u00ed z \u00fadaje v d\u00edle <em>Samguk Yusa<\/em>, podle kter\u00e9ho k zalo\u017een\u00ed Dangunem do\u0161lo za vl\u00e1dy legend\u00e1rn\u00edho \u010d\u00ednsk\u00e9ho panovn\u00edka, a z pozd\u011bj\u0161\u00edch chronologick\u00fdch v\u00fdpo\u010dt\u016f korejsk\u00fdch u\u010denc\u016f. Jde tedy o v\u00fdsledek st\u0159edov\u011bk\u00e9 a ran\u011b novov\u011bk\u00e9 konstrukce d\u011bjin, nikoli o historicky dolo\u017een\u00e9 datum.<\/p><p>Archeologick\u00fd a historick\u00fd v\u00fdzkum nedokl\u00e1d\u00e1 st\u00e1tn\u00ed organizaci v oblasti severn\u00ed Koreje a Mand\u017euska pro t\u0159et\u00ed tis\u00edcilet\u00ed, ale a\u017e pro v\u00fdrazn\u011b pozd\u011bj\u0161\u00ed dobu; o p\u0159esn\u00fdch po\u010d\u00e1tc\u00edch Gojoseonu jako re\u00e1ln\u00e9ho politick\u00e9ho \u00fatvaru nepanuje ve v\u011bd\u011b \u00fapln\u00e1 shoda, nikdo je v\u0161ak neklade tak brzy jako <span class=\"iwg-fachbegriff\" data-tooltip=\"Tradovan\u00e9 vypr\u00e1v\u011bn\u00ed o boz\u00edch, po\u010d\u00e1tc\u00edch a uspo\u0159\u00e1d\u00e1n\u00ed sv\u011bta.\" tabindex=\"0\">m\u00fdtus<\/span>.<\/p><p>Je metodicky z\u00e1sadn\u00ed rozli\u0161ovat mezi mytick\u00fdm datem zalo\u017een\u00ed a skute\u010dn\u00fdmi ran\u011b d\u011bjinn\u00fdmi ud\u00e1lostmi.<\/p><p>Zpr\u00e1va o Dangunovi je mytick\u00fdm vypr\u00e1v\u011bn\u00edm o p\u016fvodu, nikoli historick\u00fdm protokolem.<\/p><p>P\u0159esto tradi\u010dn\u00ed datum vyvinulo zna\u010dn\u00fd praktick\u00fd dopad. Korejsk\u00fd letopo\u010det <em>Dangi<\/em> po\u010d\u00edt\u00e1 roky od tohoto mytick\u00e9ho roku zalo\u017een\u00ed a v Ji\u017en\u00ed Koreji byl po ur\u010ditou dobu \u00fa\u0159edn\u011b pou\u017e\u00edv\u00e1n. P\u0159edpokl\u00e1dan\u00fd den zalo\u017een\u00ed se slav\u00ed jako <em>Gaecheonjeol<\/em>, \u201eden otev\u0159en\u00ed nebes\u201c, jako z\u00e1konn\u00fd sv\u00e1tek.<\/p><p>Zde se ukazuje, jak se mytick\u00e9 datum m\u016f\u017ee st\u00e1t pevn\u00fdm referen\u010dn\u00edm bodem n\u00e1rodn\u00ed identity. Pro v\u011bdeck\u00e9 zpracov\u00e1n\u00ed plat\u00ed: datum 2333 je t\u0159eba prezentovat jako tradi\u010dn\u00ed, n\u00e1bo\u017eensky a n\u00e1rodn\u011b v\u00fdznamn\u00e9 stanoven\u00ed, nikoli jako historickou skute\u010dnost. Toto rozli\u0161en\u00ed neub\u00edr\u00e1 <span class=\"iwg-fachbegriff\" data-tooltip=\"Tradovan\u00e9 vypr\u00e1v\u011bn\u00ed o boz\u00edch, po\u010d\u00e1tc\u00edch a uspo\u0159\u00e1d\u00e1n\u00ed sv\u011bta.\" tabindex=\"0\">m\u00fdtu<\/span> na kulturn\u00edm v\u00fdznamu, ale spr\u00e1vn\u011b jej za\u0159azuje.<\/p>\t\t\t\t\t\t\t\t<\/div>\n\t\t\t\t<\/div>\n\t\t\t\t\t<\/div>\n\t\t\t\t<\/div>\n\t\t<div class=\"elementor-element elementor-element-cp0e4b48e e-flex e-con-boxed e-con e-parent\" data-id=\"cp0e4b48e\" data-element_type=\"container\" data-e-type=\"container\">\n\t\t\t\t\t<div class=\"e-con-inner\">\n\t\t\t\t<div class=\"elementor-element elementor-element-cpf414c06 elementor-widget elementor-widget-heading\" data-id=\"cpf414c06\" data-element_type=\"widget\" data-e-type=\"widget\" data-widget_type=\"heading.default\">\n\t\t\t\t\t<h2 class=\"elementor-heading-title elementor-size-default\">Od m\u00fdtu k n\u00e1rodn\u00edmu symbolu: modern\u00ed uct\u00edv\u00e1n\u00ed Danguna<\/h2>\t\t\t\t<\/div>\n\t\t<div class=\"elementor-element elementor-element-cp21ed36d e-con-full e-flex e-con e-child\" data-id=\"cp21ed36d\" data-element_type=\"container\" data-e-type=\"container\">\n\t\t\t\t<div class=\"elementor-element elementor-element-cpdb3fa46 elementor-widget elementor-widget-text-editor\" data-id=\"cpdb3fa46\" data-element_type=\"widget\" data-e-type=\"widget\" data-widget_type=\"text-editor.default\">\n\t\t\t\t\t\t\t\t\t<p>Dangun pro\u0161el v korejsk\u00fdch d\u011bjin\u00e1ch n\u011bkolika f\u00e1zemi odli\u0161n\u00e9ho v\u00fdznamu a jeho dne\u0161n\u00ed role je do zna\u010dn\u00e9 m\u00edry produktem novov\u011bku.<\/p><p>V obdob\u00ed Joseon byl Dangun skute\u010dn\u011b uzn\u00e1v\u00e1n jako p\u0159edek a byl mu poskytov\u00e1n st\u00e1tn\u00ed kult vedle \u010d\u00ednsky ovlivn\u011bn\u00e9ho konfuci\u00e1nsk\u00e9ho <span class=\"iwg-fachbegriff\" data-tooltip=\"Souhrn n\u00e1bo\u017eensk\u00fdch \u00factyhodn\u00fdch \u00fakon\u016f v\u016f\u010di bo\u017estvu nebo svat\u00e9 postav\u011b.\" tabindex=\"0\">kultu<\/span>. Zcela nov\u00fd v\u00fdznam v\u0161ak z\u00edskal na konci 19. a po\u010d\u00e1tku 20. stolet\u00ed, v dob\u011b ohro\u017een\u00ed ciz\u00edmi mocnostmi a japonsk\u00e9 koloni\u00e1ln\u00ed vl\u00e1dy.<\/p><p>V t\u00e9to f\u00e1zi se Dangun stal \u00fast\u0159edn\u00edm <span class=\"iwg-fachbegriff\" data-tooltip=\"Znak, kter\u00fd zastupuje p\u0159edstavu nebo v\u00fdznam.\" tabindex=\"0\">symbolem<\/span> samostatn\u00e9 korejsk\u00e9 identity. Nab\u00edzel p\u016fvod star\u0161\u00ed a nez\u00e1visl\u00fd na \u010c\u00edn\u011b a Japonsku a zakl\u00e1dal korejsk\u00fd n\u00e1rod jako jednotn\u00e9 spole\u010denstv\u00ed poch\u00e1zej\u00edc\u00ed od spole\u010dn\u00e9ho p\u0159edka.<\/p><p>S <em>Daejonggyo<\/em> vzniklo dokonce samostatn\u00e9 n\u00e1bo\u017eenstv\u00ed, kter\u00e9 stav\u011blo Danguna jako bo\u017esk\u00e9ho p\u0159edka do sv\u00e9ho centra a hr\u00e1lo roli v protikoloni\u00e1ln\u00edm odporu. Japonsk\u00e1 koloni\u00e1ln\u00ed spr\u00e1va se proto k uct\u00edv\u00e1n\u00ed Danguna stav\u011bla kriticky.<\/p><p>Po osvobozen\u00ed a rozd\u011blen\u00ed p\u016fsobil dangunsk\u00fd <span class=\"iwg-fachbegriff\" data-tooltip=\"Tradovan\u00e9 vypr\u00e1v\u011bn\u00ed o boz\u00edch, po\u010d\u00e1tc\u00edch a uspo\u0159\u00e1d\u00e1n\u00ed sv\u011bta.\" tabindex=\"0\">m\u00fdtus<\/span> d\u00e1l v obou korejsk\u00fdch st\u00e1tech, by\u0165 s odli\u0161n\u00fdm d\u016frazem. V Ji\u017en\u00ed Koreji z\u016fstal kulturn\u00edm referen\u010dn\u00edm bodem a je p\u0159\u00edtomen i prost\u0159ednictv\u00edm sv\u00e1tku Gaecheonjeol.<\/p><p>V Severn\u00ed Koreji bylo v 90. letech 20. stolet\u00ed ozn\u00e1meno objeven\u00ed \u00fadajn\u00e9ho Dangunova hrobu, kter\u00fd byl propagandisticky vyu\u017eit, co\u017e mezin\u00e1rodn\u00ed odborn\u00e1 v\u011bda hodnot\u00ed s velkou skeps\u00ed.<\/p><p>Tato modern\u00ed historie ukazuje, \u017ee Dangun nen\u00ed zdaleka jen postavou st\u0159edov\u011bk\u00e9 mytologick\u00e9 sb\u00edrky, ale postavou, na n\u00ed\u017e se v\u00e1\u017ee n\u00e1rodn\u00ed sebeobrana, n\u00e1bo\u017eensk\u00e1 obnova i politick\u00e1 instrumentalizace. Seri\u00f3zn\u00ed zpracov\u00e1n\u00ed mus\u00ed tuto d\u011bjinnou p\u016fsobnost zohlednit, ani\u017e by p\u0159ej\u00edmalo jednotliv\u00e9 politick\u00e9 interpretace.<\/p>\t\t\t\t\t\t\t\t<\/div>\n\t\t\t\t<\/div>\n\t\t\t\t\t<\/div>\n\t\t\t\t<\/div>\n\t\t<div class=\"elementor-element elementor-element-36dd7469 e-flex e-con-boxed e-con e-parent\" data-id=\"36dd7469\" data-element_type=\"container\" data-e-type=\"container\">\n\t\t\t\t\t<div class=\"e-con-inner\">\n\t\t\t\t<div class=\"elementor-element elementor-element-13760ab4 elementor-widget elementor-widget-heading\" data-id=\"13760ab4\" data-element_type=\"widget\" data-e-type=\"widget\" data-widget_type=\"heading.default\">\n\t\t\t\t\t<h3 class=\"elementor-heading-title elementor-size-default\">Souvisej\u00edc\u00ed odkazy<\/h3>\t\t\t\t<\/div>\n\t\t<div class=\"elementor-element elementor-element-28c87796 e-con-full e-flex e-con e-child\" data-id=\"28c87796\" data-element_type=\"container\" data-e-type=\"container\">\n\t\t\t\t<div class=\"elementor-element elementor-element-5d6538df elementor-widget elementor-widget-text-editor\" data-id=\"5d6538df\" data-element_type=\"widget\" data-e-type=\"widget\" data-widget_type=\"text-editor.default\">\n\t\t\t\t\t\t\t\t\t<ul><li><a href=\"https:\/\/iwell-guard.com\/cs\/?page_id=145352\">Hwanung, otec Danguna<\/a><\/li><li><a href=\"https:\/\/iwell-guard.com\/cs\/?page_id=145354\">Mago-halmi, prap\u0159edch\u016fdkyn\u011b<\/a><\/li><\/ul>\n\t\t\t\t\t\t\t\t<\/div>\n\t\t\t\t<\/div>\n\t\t\t\t\t<\/div>\n\t\t\t\t<\/div>\n\t\t<div class=\"elementor-element elementor-element-grl4kl40 e-flex e-con-boxed e-con e-parent\" data-id=\"grl4kl40\" data-element_type=\"container\" data-e-type=\"container\">\n\t\t\t\t\t<div class=\"e-con-inner\">\n\t\t\t\t<div class=\"elementor-element elementor-element-bzsbfrmh elementor-widget elementor-widget-heading\" data-id=\"bzsbfrmh\" data-element_type=\"widget\" data-e-type=\"widget\" data-widget_type=\"heading.default\">\n\t\t\t\t\t<h2 class=\"elementor-heading-title elementor-size-default\">Prameny a literatura<\/h2>\t\t\t\t<\/div>\n\t\t<div class=\"elementor-element elementor-element-2c13224a e-con-full e-flex e-con e-child\" data-id=\"2c13224a\" data-element_type=\"container\" data-e-type=\"container\">\n\t\t\t\t<div class=\"elementor-element elementor-element-0eymh9ub elementor-widget elementor-widget-text-editor\" data-id=\"0eymh9ub\" data-element_type=\"widget\" data-e-type=\"widget\" data-widget_type=\"text-editor.default\">\n\t\t\t\t\t\t\t\t\t<footer class=\"iwg-literatur\" data-nosnippet=\"true\"><ul><li><span data-nosnippet>Ledyard, G.: <em>The Spiritual Foundations of Korea<\/em>. Bethesda, 1995.<\/span><\/li><\/ul>\n<\/footer>\n<p class=\"iwg-bib-more\"><span data-nosnippet>Dal\u0161\u00ed standardn\u00ed d\u00edla v <a href=\"https:\/\/iwell-guard.com\/cs\/?page_id=145257\">seznamu literatury<\/a>.<\/span><\/p>\t\t\t\t\t\t\t\t<\/div>\n\t\t\t\t<\/div>\n\t\t\t\t\t<\/div>\n\t\t\t\t<\/div>\n\t\t\t\t<\/div>\n\t\t","protected":false},"excerpt":{"rendered":"","protected":false},"author":3,"featured_media":1618,"parent":0,"menu_order":0,"comment_status":"closed","ping_status":"closed","template":"elementor_header_footer","meta":{"_yoast_wpseo_focuskw":"Dangun","_yoast_wpseo_title":"Dangun \u2013 zakladatelsk\u00fd kr\u00e1l korejsk\u00e9 mytologie","_yoast_wpseo_metadesc":"Dangun, zakladatelsk\u00fd kr\u00e1l korejsk\u00e9 mytologie: podle Samguk yusa syn Hwanunga, zakladatel Gojoseonu roku 2333 p\u0159. n. l. s hlavn\u00edm m\u011bstem Asadal.","_yoast_wpseo_meta-robots-noindex":"","_yoast_wpseo_canonical":"","_angie_page":false,"gefaehrdungsstufe":"1","wesen_kultur":"korea","wesen_klasse":"goetter","footnotes":""},"categories":[],"class_list":["post-145353","page","type-page","status-publish","has-post-thumbnail","hentry"],"yoast_head":"<!-- This site is optimized with the Yoast SEO Premium plugin v27.7 (Yoast SEO v28.3) - https:\/\/yoast.com\/product\/yoast-seo-premium-wordpress\/ -->\n<title>Dangun \u2013 zakladatelsk\u00fd kr\u00e1l korejsk\u00e9 mytologie<\/title>\n<meta name=\"description\" content=\"Dangun, zakladatelsk\u00fd kr\u00e1l korejsk\u00e9 mytologie: podle Samguk yusa syn Hwanunga, zakladatel Gojoseonu roku 2333 p\u0159. n. l. s hlavn\u00edm m\u011bstem Asadal.\" \/>\n<meta name=\"robots\" content=\"index, follow, max-snippet:-1, max-image-preview:large, max-video-preview:-1\" \/>\n<link rel=\"canonical\" href=\"https:\/\/iwell-guard.com\/cs\/dangun\/\" \/>\n<meta property=\"og:locale\" content=\"cs_CZ\" \/>\n<meta property=\"og:type\" content=\"article\" \/>\n<meta property=\"og:title\" content=\"Dangun\" \/>\n<meta property=\"og:description\" content=\"Dangun, zakladatelsk\u00fd kr\u00e1l korejsk\u00e9 mytologie: podle Samguk yusa syn Hwanunga, zakladatel Gojoseonu roku 2333 p\u0159. n. l. s hlavn\u00edm m\u011bstem Asadal.\" \/>\n<meta property=\"og:url\" content=\"https:\/\/iwell-guard.com\/cs\/dangun\/\" \/>\n<meta property=\"og:site_name\" content=\"iWell Guard\" \/>\n<meta property=\"article:modified_time\" content=\"2026-09-03T16:53:43+00:00\" \/>\n<meta property=\"og:image\" content=\"https:\/\/iwell-guard.com\/wp-content\/uploads\/2026\/04\/goetter_korea_dangun.webp\" \/>\n\t<meta property=\"og:image:width\" content=\"1024\" \/>\n\t<meta property=\"og:image:height\" content=\"1536\" \/>\n\t<meta property=\"og:image:type\" content=\"image\/webp\" \/>\n<meta name=\"twitter:card\" content=\"summary_large_image\" \/>\n<script type=\"application\/ld+json\" class=\"yoast-schema-graph\">{\"@context\":\"https:\\\/\\\/schema.org\",\"@graph\":[{\"@type\":\"WebPage\",\"@id\":\"https:\\\/\\\/iwell-guard.com\\\/cs\\\/dangun\\\/\",\"url\":\"https:\\\/\\\/iwell-guard.com\\\/cs\\\/dangun\\\/\",\"name\":\"Dangun \u2013 zakladatelsk\u00fd kr\u00e1l korejsk\u00e9 mytologie\",\"isPartOf\":{\"@id\":\"https:\\\/\\\/iwell-guard.com\\\/cs\\\/#website\"},\"primaryImageOfPage\":{\"@id\":\"https:\\\/\\\/iwell-guard.com\\\/cs\\\/dangun\\\/#primaryimage\"},\"image\":{\"@id\":\"https:\\\/\\\/iwell-guard.com\\\/cs\\\/dangun\\\/#primaryimage\"},\"thumbnailUrl\":\"https:\\\/\\\/iwell-guard.com\\\/wp-content\\\/uploads\\\/2026\\\/04\\\/goetter_korea_dangun.webp\",\"datePublished\":\"2026-09-03T16:29:30+00:00\",\"dateModified\":\"2026-09-03T16:53:43+00:00\",\"description\":\"Dangun, zakladatelsk\u00fd kr\u00e1l korejsk\u00e9 mytologie: podle Samguk yusa syn Hwanunga, zakladatel Gojoseonu roku 2333 p\u0159. n. l. s hlavn\u00edm m\u011bstem Asadal.\",\"breadcrumb\":{\"@id\":\"https:\\\/\\\/iwell-guard.com\\\/cs\\\/dangun\\\/#breadcrumb\"},\"inLanguage\":\"cs\",\"potentialAction\":[{\"@type\":\"ReadAction\",\"target\":[\"https:\\\/\\\/iwell-guard.com\\\/cs\\\/dangun\\\/\"]}]},{\"@type\":\"ImageObject\",\"inLanguage\":\"cs\",\"@id\":\"https:\\\/\\\/iwell-guard.com\\\/cs\\\/dangun\\\/#primaryimage\",\"url\":\"https:\\\/\\\/iwell-guard.com\\\/wp-content\\\/uploads\\\/2026\\\/04\\\/goetter_korea_dangun.webp\",\"contentUrl\":\"https:\\\/\\\/iwell-guard.com\\\/wp-content\\\/uploads\\\/2026\\\/04\\\/goetter_korea_dangun.webp\",\"width\":1024,\"height\":1536,\"caption\":\"B\u016fh z korejsk\u00e9 tradice.\"},{\"@type\":\"BreadcrumbList\",\"@id\":\"https:\\\/\\\/iwell-guard.com\\\/cs\\\/dangun\\\/#breadcrumb\",\"itemListElement\":[{\"@type\":\"ListItem\",\"position\":1,\"name\":\"Start\",\"item\":\"https:\\\/\\\/iwell-guard.com\\\/cs\\\/?page_id=145107\"},{\"@type\":\"ListItem\",\"position\":2,\"name\":\"Dangun\"}]},{\"@type\":\"WebSite\",\"@id\":\"https:\\\/\\\/iwell-guard.com\\\/cs\\\/#website\",\"url\":\"https:\\\/\\\/iwell-guard.com\\\/cs\\\/\",\"name\":\"iWell Guard\",\"description\":\"Schutz vor dunklen Einfl\u00fcssen\",\"publisher\":{\"@id\":\"https:\\\/\\\/iwell-guard.com\\\/cs\\\/#organization\"},\"potentialAction\":[{\"@type\":\"SearchAction\",\"target\":{\"@type\":\"EntryPoint\",\"urlTemplate\":\"https:\\\/\\\/iwell-guard.com\\\/cs\\\/?s={search_term_string}\"},\"query-input\":{\"@type\":\"PropertyValueSpecification\",\"valueRequired\":true,\"valueName\":\"search_term_string\"}}],\"inLanguage\":\"cs\"},{\"@type\":\"Organization\",\"@id\":\"https:\\\/\\\/iwell-guard.com\\\/cs\\\/#organization\",\"name\":\"Ittermann electronic GmbH\",\"url\":\"https:\\\/\\\/iwell-guard.com\\\/cs\\\/\",\"logo\":{\"@type\":\"ImageObject\",\"inLanguage\":\"cs\",\"@id\":\"https:\\\/\\\/iwell-guard.com\\\/cs\\\/#\\\/schema\\\/logo\\\/image\\\/\",\"url\":\"https:\\\/\\\/iwell-guard.com\\\/wp-content\\\/uploads\\\/2026\\\/05\\\/Ittermann-Logo-1182x237-1.png\",\"contentUrl\":\"https:\\\/\\\/iwell-guard.com\\\/wp-content\\\/uploads\\\/2026\\\/05\\\/Ittermann-Logo-1182x237-1.png\",\"width\":1182,\"height\":237,\"caption\":\"Ittermann electronic GmbH\"},\"image\":{\"@id\":\"https:\\\/\\\/iwell-guard.com\\\/cs\\\/#\\\/schema\\\/logo\\\/image\\\/\"},\"sameAs\":[\"https:\\\/\\\/pantip.com\\\/profile\\\/9367242\",\"https:\\\/\\\/micro.blog\\\/iwellguard\",\"https:\\\/\\\/www.diggerslist.com\\\/iwellguard\\\/about\",\"https:\\\/\\\/skitterphoto.com\\\/photographers\\\/2870314\\\/iwell-guard\",\"https:\\\/\\\/iwellguard.wordpress.com\\\/2026\\\/06\\\/06\\\/iwell-guard\\\/\",\"https:\\\/\\\/hub.docker.com\\\/u\\\/iwellguard\",\"https:\\\/\\\/www.pinterest.com\\\/iwellguard\\\/\",\"https:\\\/\\\/bit.ly\\\/m\\\/iwellguard\",\"https:\\\/\\\/entre-vos-mains.alsace.eu\\\/profiles\\\/iwellguard\\\/activity\",\"https:\\\/\\\/gravatar.com\\\/reallybeded8fd34\",\"https:\\\/\\\/naijamatta.com\\\/iwellguard\",\"https:\\\/\\\/www.goodreads.com\\\/iwellguard\",\"https:\\\/\\\/profile.hatena.ne.jp\\\/iwellguard\\\/\",\"https:\\\/\\\/experiment.com\\\/users\\\/iwellguard\",\"https:\\\/\\\/wakelet.com\\\/@iWellGuard82270\",\"https:\\\/\\\/www.chordie.com\\\/forum\\\/profile.php?id=2555664\",\"https:\\\/\\\/www.instapaper.com\\\/p\\\/17757966\",\"https:\\\/\\\/www.mapleprimes.com\\\/users\\\/iwellguard\",\"https:\\\/\\\/businesslistingplus.com\\\/profile\\\/iwell-guard\\\/\",\"https:\\\/\\\/telegra.ph\\\/iWell-Guard-06-06\",\"https:\\\/\\\/pbase.com\\\/iwellguard\\\/iwellguard\",\"https:\\\/\\\/b.hatena.ne.jp\\\/iwellguard\\\/20260607#bookmark-4788405196491818882\",\"https:\\\/\\\/fliphtml5.com\\\/home\\\/iwellguard\",\"https:\\\/\\\/anyflip.com\\\/homepage\\\/cmiwl#About\",\"https:\\\/\\\/transfur.com\\\/Users\\\/iwellguard\",\"http:\\\/\\\/delphi.larsbo.org\\\/user\\\/iwellguard\",\"https:\\\/\\\/jobs.lajobsportal.org\\\/profiles\\\/8380803-iwell-guard\",\"https:\\\/\\\/md.chaosdorf.de\\\/s\\\/jfbe5SBdJD\",\"https:\\\/\\\/www.lingvolive.com\\\/en-us\\\/profile\\\/9ecaeaca-ce11-4e51-9e71-01d55e2bff36\\\/translations\",\"https:\\\/\\\/www.fitday.com\\\/fitness\\\/forums\\\/members\\\/iwellguard.html\",\"https:\\\/\\\/www.mymeetbook.com\\\/iwellguard\",\"https:\\\/\\\/pxhere.com\\\/en\\\/photographer-me\\\/5040798\",\"https:\\\/\\\/disqus.com\\\/by\\\/iwellguard\\\/about\\\/\",\"https:\\\/\\\/pastelink.net\\\/hjwciqwq\",\"https:\\\/\\\/pubhtml5.com\\\/homepage\\\/scjhn\\\/\",\"https:\\\/\\\/www.bitchute.com\\\/channel\\\/2O2eOKzNqujT\",\"https:\\\/\\\/audiomack.com\\\/iwellguard\"]},{\"@type\":\"Article\",\"@id\":\"https:\\\/\\\/iwell-guard.com\\\/cs\\\/dangun\\\/#article\",\"isPartOf\":{\"@id\":\"https:\\\/\\\/iwell-guard.com\\\/cs\\\/dangun\\\/\"},\"author\":{\"name\":\"Ralf Ittermann\",\"@id\":\"https:\\\/\\\/iwell-guard.com\\\/cs\\\/#\\\/schema\\\/person\\\/ee2a27f1cac3406c7c6fb5820cb7349f\"},\"headline\":\"Dangun\",\"datePublished\":\"2026-09-03T16:29:30+00:00\",\"dateModified\":\"2026-09-03T16:53:43+00:00\",\"mainEntityOfPage\":{\"@id\":\"https:\\\/\\\/iwell-guard.com\\\/cs\\\/dangun\\\/\"},\"publisher\":{\"@id\":\"https:\\\/\\\/iwell-guard.com\\\/cs\\\/#organization\"},\"image\":{\"@id\":\"https:\\\/\\\/iwell-guard.com\\\/cs\\\/dangun\\\/#primaryimage\"},\"thumbnailUrl\":\"https:\\\/\\\/iwell-guard.com\\\/wp-content\\\/uploads\\\/2026\\\/04\\\/goetter_korea_dangun.webp\",\"inLanguage\":\"cs\",\"description\":\"Dangun, zakladatelsk\u00fd kr\u00e1l korejsk\u00e9 mytologie: podle Samguk yusa syn Hwanunga, zakladatel Gojoseonu roku 2333 p\u0159. n. l. s hlavn\u00edm m\u011bstem Asadal.\"}]}<\/script>\n<!-- \/ Yoast SEO Premium plugin. -->","yoast_head_json":{"title":"Dangun \u2013 zakladatelsk\u00fd kr\u00e1l korejsk\u00e9 mytologie","description":"Dangun, zakladatelsk\u00fd kr\u00e1l korejsk\u00e9 mytologie: podle Samguk yusa syn Hwanunga, zakladatel Gojoseonu roku 2333 p\u0159. n. l. s hlavn\u00edm m\u011bstem Asadal.","robots":{"index":"index","follow":"follow","max-snippet":"max-snippet:-1","max-image-preview":"max-image-preview:large","max-video-preview":"max-video-preview:-1"},"canonical":"https:\/\/iwell-guard.com\/cs\/dangun\/","og_locale":"cs_CZ","og_type":"article","og_title":"Dangun","og_description":"Dangun, zakladatelsk\u00fd kr\u00e1l korejsk\u00e9 mytologie: podle Samguk yusa syn Hwanunga, zakladatel Gojoseonu roku 2333 p\u0159. n. l. s hlavn\u00edm m\u011bstem Asadal.","og_url":"https:\/\/iwell-guard.com\/cs\/dangun\/","og_site_name":"iWell Guard","article_modified_time":"2026-09-03T16:53:43+00:00","og_image":[{"width":1024,"height":1536,"url":"https:\/\/iwell-guard.com\/wp-content\/uploads\/2026\/04\/goetter_korea_dangun.webp","type":"image\/webp"}],"twitter_card":"summary_large_image","schema":{"@context":"https:\/\/schema.org","@graph":[{"@type":"Article","@id":"https:\/\/iwell-guard.com\/cs\/dangun\/#article","isPartOf":{"@id":"https:\/\/iwell-guard.com\/cs\/dangun\/"},"author":{"name":"Ralf Ittermann","@id":"https:\/\/iwell-guard.com\/cs\/#\/schema\/person\/ee2a27f1cac3406c7c6fb5820cb7349f"},"headline":"Dangun","datePublished":"2026-09-03T16:29:30+00:00","dateModified":"2026-09-03T16:53:43+00:00","mainEntityOfPage":{"@id":"https:\/\/iwell-guard.com\/cs\/dangun\/"},"publisher":{"@id":"https:\/\/iwell-guard.com\/cs\/#organization"},"image":{"@id":"https:\/\/iwell-guard.com\/cs\/dangun\/#primaryimage"},"thumbnailUrl":"https:\/\/iwell-guard.com\/wp-content\/uploads\/2026\/04\/goetter_korea_dangun.webp","inLanguage":"cs","description":"Dangun, zakladatelsk\u00fd kr\u00e1l korejsk\u00e9 mytologie: podle Samguk yusa syn Hwanunga, zakladatel Gojoseonu roku 2333 p\u0159. n. l. s hlavn\u00edm m\u011bstem Asadal."},{"@type":"WebPage","@id":"https:\/\/iwell-guard.com\/cs\/dangun\/","url":"https:\/\/iwell-guard.com\/cs\/dangun\/","name":"Dangun \u2013 zakladatelsk\u00fd kr\u00e1l korejsk\u00e9 mytologie","isPartOf":{"@id":"https:\/\/iwell-guard.com\/cs\/#website"},"primaryImageOfPage":{"@id":"https:\/\/iwell-guard.com\/cs\/dangun\/#primaryimage"},"image":{"@id":"https:\/\/iwell-guard.com\/cs\/dangun\/#primaryimage"},"thumbnailUrl":"https:\/\/iwell-guard.com\/wp-content\/uploads\/2026\/04\/goetter_korea_dangun.webp","datePublished":"2026-09-03T16:29:30+00:00","dateModified":"2026-09-03T16:53:43+00:00","description":"Dangun, zakladatelsk\u00fd kr\u00e1l korejsk\u00e9 mytologie: podle Samguk yusa syn Hwanunga, zakladatel Gojoseonu roku 2333 p\u0159. n. l. s hlavn\u00edm m\u011bstem Asadal.","breadcrumb":{"@id":"https:\/\/iwell-guard.com\/cs\/dangun\/#breadcrumb"},"inLanguage":"cs","potentialAction":[{"@type":"ReadAction","target":["https:\/\/iwell-guard.com\/cs\/dangun\/"]}]},{"@type":"ImageObject","inLanguage":"cs","@id":"https:\/\/iwell-guard.com\/cs\/dangun\/#primaryimage","url":"https:\/\/iwell-guard.com\/wp-content\/uploads\/2026\/04\/goetter_korea_dangun.webp","contentUrl":"https:\/\/iwell-guard.com\/wp-content\/uploads\/2026\/04\/goetter_korea_dangun.webp","width":1024,"height":1536,"caption":"B\u016fh z korejsk\u00e9 tradice."},{"@type":"BreadcrumbList","@id":"https:\/\/iwell-guard.com\/cs\/dangun\/#breadcrumb","itemListElement":[{"@type":"ListItem","position":1,"name":"Start","item":"https:\/\/iwell-guard.com\/cs\/?page_id=145107"},{"@type":"ListItem","position":2,"name":"Dangun"}]},{"@type":"WebSite","@id":"https:\/\/iwell-guard.com\/cs\/#website","url":"https:\/\/iwell-guard.com\/cs\/","name":"iWell Guard","description":"Schutz vor dunklen Einfl\u00fcssen","publisher":{"@id":"https:\/\/iwell-guard.com\/cs\/#organization"},"potentialAction":[{"@type":"SearchAction","target":{"@type":"EntryPoint","urlTemplate":"https:\/\/iwell-guard.com\/cs\/?s={search_term_string}"},"query-input":{"@type":"PropertyValueSpecification","valueRequired":true,"valueName":"search_term_string"}}],"inLanguage":"cs"},{"@type":"Organization","@id":"https:\/\/iwell-guard.com\/cs\/#organization","name":"Ittermann electronic GmbH","url":"https:\/\/iwell-guard.com\/cs\/","logo":{"@type":"ImageObject","inLanguage":"cs","@id":"https:\/\/iwell-guard.com\/cs\/#\/schema\/logo\/image\/","url":"https:\/\/iwell-guard.com\/wp-content\/uploads\/2026\/05\/Ittermann-Logo-1182x237-1.png","contentUrl":"https:\/\/iwell-guard.com\/wp-content\/uploads\/2026\/05\/Ittermann-Logo-1182x237-1.png","width":1182,"height":237,"caption":"Ittermann electronic GmbH"},"image":{"@id":"https:\/\/iwell-guard.com\/cs\/#\/schema\/logo\/image\/"},"sameAs":["https:\/\/pantip.com\/profile\/9367242","https:\/\/micro.blog\/iwellguard","https:\/\/www.diggerslist.com\/iwellguard\/about","https:\/\/skitterphoto.com\/photographers\/2870314\/iwell-guard","https:\/\/iwellguard.wordpress.com\/2026\/06\/06\/iwell-guard\/","https:\/\/hub.docker.com\/u\/iwellguard","https:\/\/www.pinterest.com\/iwellguard\/","https:\/\/bit.ly\/m\/iwellguard","https:\/\/entre-vos-mains.alsace.eu\/profiles\/iwellguard\/activity","https:\/\/gravatar.com\/reallybeded8fd34","https:\/\/naijamatta.com\/iwellguard","https:\/\/www.goodreads.com\/iwellguard","https:\/\/profile.hatena.ne.jp\/iwellguard\/","https:\/\/experiment.com\/users\/iwellguard","https:\/\/wakelet.com\/@iWellGuard82270","https:\/\/www.chordie.com\/forum\/profile.php?id=2555664","https:\/\/www.instapaper.com\/p\/17757966","https:\/\/www.mapleprimes.com\/users\/iwellguard","https:\/\/businesslistingplus.com\/profile\/iwell-guard\/","https:\/\/telegra.ph\/iWell-Guard-06-06","https:\/\/pbase.com\/iwellguard\/iwellguard","https:\/\/b.hatena.ne.jp\/iwellguard\/20260607#bookmark-4788405196491818882","https:\/\/fliphtml5.com\/home\/iwellguard","https:\/\/anyflip.com\/homepage\/cmiwl#About","https:\/\/transfur.com\/Users\/iwellguard","http:\/\/delphi.larsbo.org\/user\/iwellguard","https:\/\/jobs.lajobsportal.org\/profiles\/8380803-iwell-guard","https:\/\/md.chaosdorf.de\/s\/jfbe5SBdJD","https:\/\/www.lingvolive.com\/en-us\/profile\/9ecaeaca-ce11-4e51-9e71-01d55e2bff36\/translations","https:\/\/www.fitday.com\/fitness\/forums\/members\/iwellguard.html","https:\/\/www.mymeetbook.com\/iwellguard","https:\/\/pxhere.com\/en\/photographer-me\/5040798","https:\/\/disqus.com\/by\/iwellguard\/about\/","https:\/\/pastelink.net\/hjwciqwq","https:\/\/pubhtml5.com\/homepage\/scjhn\/","https:\/\/www.bitchute.com\/channel\/2O2eOKzNqujT","https:\/\/audiomack.com\/iwellguard"]},{"@type":"Person","@id":"https:\/\/iwell-guard.com\/cs\/#\/schema\/person\/ee2a27f1cac3406c7c6fb5820cb7349f","name":"Ralf Ittermann","image":{"@type":"ImageObject","inLanguage":"cs","@id":"https:\/\/secure.gravatar.com\/avatar\/073c0153e350a5005b68eb752b445fea71f6b24a26da9449ad7e155e6b446c9d?s=96&d=mm&r=g","url":"https:\/\/secure.gravatar.com\/avatar\/073c0153e350a5005b68eb752b445fea71f6b24a26da9449ad7e155e6b446c9d?s=96&d=mm&r=g","contentUrl":"https:\/\/secure.gravatar.com\/avatar\/073c0153e350a5005b68eb752b445fea71f6b24a26da9449ad7e155e6b446c9d?s=96&d=mm&r=g","caption":"Ralf Ittermann"},"givenName":"Ralf","familyName":"Ittermann","jobTitle":"Gesch\u00e4ftsf\u00fchrer und redaktioneller Verantwortlicher","url":"https:\/\/iwell-guard.com\/cs\/author\/claude\/","description":"Ralf Ittermann ist Gesch\u00e4ftsf\u00fchrer der Ittermann electronic GmbH und redaktioneller Verantwortlicher des iWell-Guard-Lexikons. Er verbindet langj\u00e4hrige Erfahrung in der Pr\u00e4zisionsfertigung mit medialer Praxis und religionsgeschichtlicher Quellenarbeit.","worksFor":{"@type":"Organization","name":"Ittermann electronic GmbH","url":"https:\/\/ittermann.de\/","address":{"@type":"PostalAddress","streetAddress":"K\u00f6hlergasse 16-18","postalCode":"99842","addressLocality":"Ruhla","addressCountry":"DE"}},"knowsAbout":["Religionsgeschichte","Mythologie","Mediale Praxis","Energetische Diagnostik","Schutzpraxis","Volksglauben","Westliche Esoterik"]},{"@type":"Article","@id":"https:\/\/iwell-guard.com\/cs\/dangun\/#article","isPartOf":{"@id":"https:\/\/iwell-guard.com\/cs\/dangun\/"},"author":{"name":"Ralf Ittermann","@id":"https:\/\/iwell-guard.com\/cs\/#\/schema\/person\/ee2a27f1cac3406c7c6fb5820cb7349f"},"headline":"Dangun","datePublished":"2026-09-03T16:29:30+00:00","dateModified":"2026-09-03T16:53:43+00:00","mainEntityOfPage":{"@id":"https:\/\/iwell-guard.com\/cs\/dangun\/"},"publisher":{"@id":"https:\/\/iwell-guard.com\/cs\/#organization"},"image":{"@id":"https:\/\/iwell-guard.com\/cs\/dangun\/#primaryimage"},"thumbnailUrl":"https:\/\/iwell-guard.com\/wp-content\/uploads\/2026\/04\/goetter_korea_dangun.webp","inLanguage":"cs","description":"Dangun, zakladatelsk\u00fd kr\u00e1l korejsk\u00e9 mytologie: podle Samguk yusa syn Hwanunga, zakladatel Gojoseonu roku 2333 p\u0159. n. l. s hlavn\u00edm m\u011bstem Asadal."}]}},"_links":{"self":[{"href":"https:\/\/iwell-guard.com\/cs\/wp-json\/wp\/v2\/pages\/145353","targetHints":{"allow":["GET"]}}],"collection":[{"href":"https:\/\/iwell-guard.com\/cs\/wp-json\/wp\/v2\/pages"}],"about":[{"href":"https:\/\/iwell-guard.com\/cs\/wp-json\/wp\/v2\/types\/page"}],"author":[{"embeddable":true,"href":"https:\/\/iwell-guard.com\/cs\/wp-json\/wp\/v2\/users\/3"}],"replies":[{"embeddable":true,"href":"https:\/\/iwell-guard.com\/cs\/wp-json\/wp\/v2\/comments?post=145353"}],"version-history":[{"count":0,"href":"https:\/\/iwell-guard.com\/cs\/wp-json\/wp\/v2\/pages\/145353\/revisions"}],"wp:featuredmedia":[{"embeddable":true,"href":"https:\/\/iwell-guard.com\/cs\/wp-json\/wp\/v2\/media\/1618"}],"wp:attachment":[{"href":"https:\/\/iwell-guard.com\/cs\/wp-json\/wp\/v2\/media?parent=145353"}],"wp:term":[{"taxonomy":"category","embeddable":true,"href":"https:\/\/iwell-guard.com\/cs\/wp-json\/wp\/v2\/categories?post=145353"}],"curies":[{"name":"wp","href":"https:\/\/api.w.org\/{rel}","templated":true}]}}