{"id":145347,"date":"2026-09-03T16:29:27","date_gmt":"2026-09-03T16:29:27","guid":{"rendered":"https:\/\/iwell-guard.com\/?page_id=145347"},"modified":"2026-09-03T16:53:34","modified_gmt":"2026-09-03T16:53:34","slug":"svarog","status":"publish","type":"page","link":"https:\/\/iwell-guard.com\/cs\/svarog\/","title":{"rendered":"Svarog"},"content":{"rendered":"\t\t<div data-elementor-type=\"wp-page\" data-elementor-id=\"145347\" class=\"elementor elementor-145347 elementor-2100 elementor-bc-flex-widget\" data-elementor-post-type=\"page\">\n\t\t\t\t<div class=\"elementor-element elementor-element-10fdade e-flex e-con-boxed e-con e-parent\" data-id=\"10fdade\" data-element_type=\"container\" data-e-type=\"container\" data-settings=\"{&quot;background_background&quot;:&quot;classic&quot;}\">\n\t\t\t\t\t<div class=\"e-con-inner\">\n\t\t<div class=\"elementor-element elementor-element-herohlft0 e-flex e-con-boxed e-con e-child\" data-id=\"herohlft0\" data-element_type=\"container\" data-e-type=\"container\">\n\t\t\t\t\t<div class=\"e-con-inner\">\n\t\t<div class=\"elementor-element elementor-element-c3ceb64 e-con-full e-flex e-con e-child\" data-id=\"c3ceb64\" data-element_type=\"container\" data-e-type=\"container\">\n\t\t\t\t<div class=\"elementor-element elementor-element-96ae5e1 elementor-widget elementor-widget-heading\" data-id=\"96ae5e1\" data-element_type=\"widget\" data-e-type=\"widget\" data-widget_type=\"heading.default\">\n\t\t\t\t\t<h1 class=\"elementor-heading-title elementor-size-default\">Svarog, b\u016fh slovansk\u00e9 tradice<\/h1>\t\t\t\t<\/div>\n\t\t\t\t<div class=\"elementor-element elementor-element-e45238a elementor-widget elementor-widget-text-editor\" data-id=\"e45238a\" data-element_type=\"widget\" data-e-type=\"widget\" data-widget_type=\"text-editor.default\">\n\t\t\t\t\t\t\t\t\t<p>Svarog je b\u016fh nebes a otec boh\u016f slovansk\u00e9 <span class=\"iwg-fachbegriff\" data-tooltip=\"Souhrn dochovan\u00fdch vypr\u00e1v\u011bn\u00ed o boz\u00edch ur\u010dit\u00e9 kultury.\" tabindex=\"0\">mytologie<\/span>, \u010dasto vykl\u00e1dan\u00fd jako b\u016fh kov\u00e1\u0159stv\u00ed nebo ohn\u011b. Reprezentuje kosmick\u00fd \u0159\u00e1d, \u0159emeslnou kulturu a tv\u016fr\u010d\u00ed ohe\u0148. Jeho v\u00fdskyt v ran\u011b st\u0159edov\u011bk\u00fdch pramenech je sporn\u00fd, av\u0161ak pozd\u011bj\u0161\u00ed folklorn\u00ed texty jej dokl\u00e1daj\u00ed trvale.<\/p>\t\t\t\t\t\t\t\t<\/div>\n\t\t\t\t<\/div>\n\t\t<div class=\"elementor-element elementor-element-klsbdg01 e-con-full e-flex e-con e-parent\" data-id=\"klsbdg01\" data-element_type=\"container\" data-e-type=\"container\">\n\t\t\t\t<div class=\"elementor-element elementor-element-klshtm01 elementor-widget elementor-widget-html\" data-id=\"klshtm01\" data-element_type=\"widget\" data-e-type=\"widget\" data-widget_type=\"html.default\">\n\t\t\t\t\t<div class=\"iwg-pill-row\"><span class=\"iwg-klasse-badge\" tabindex=\"0\" data-tooltip=\"B\u016fh \/ bohyn\u011b: Zosobn\u011bn\u00e1 nejvy\u0161\u0161\u00ed moc v panteonu ur\u010dit\u00e9 kultury, s jasn\u011b vymezen\u00fdmi p\u016fsobnostmi, p\u0159\u00edrodn\u00ed s\u00edly, osud, v\u00e1lka, plodnost. Uct\u00edv\u00e1na prost\u0159ednictv\u00edm kult\u016f, ob\u011bt\u00ed a chr\u00e1mov\u00fdch instituc\u00ed.\">B\u016fh<\/span><a href=\"https:\/\/iwell-guard.com\/cs\/?page_id=145143\" class=\"iwg-kultur-badge\" tabindex=\"0\" data-tooltip=\"Slovansk\u00e1 mytologie a lidov\u00e9 n\u00e1bo\u017eenstv\u00ed, od 10. stolet\u00ed p\u0159ekryt\u00e9 k\u0159es\u0165anstv\u00edm.\">Slovansk\u00fd<\/a><\/div>\t\t\t\t<\/div>\n\t\t\t\t<\/div>\n\t\t<div class=\"elementor-element elementor-element-3f74855 e-con-full e-flex e-con e-child\" data-id=\"3f74855\" data-element_type=\"container\" data-e-type=\"container\">\n\t\t\t\t<div class=\"elementor-element elementor-element-1c30362 elementor-toc--minimized-on-tablet elementor-widget elementor-widget-table-of-contents\" data-id=\"1c30362\" data-element_type=\"widget\" data-e-type=\"widget\" data-settings=\"{&quot;exclude_headings_by_selector&quot;:[],&quot;no_headings_message&quot;:&quot;Na t\\u00e9to str\\u00e1nce nebyly nalezeny \\u017e\\u00e1dn\\u00e9 nadpisy.&quot;,&quot;headings_by_tags&quot;:[&quot;h2&quot;,&quot;h3&quot;],&quot;marker_view&quot;:&quot;bullets&quot;,&quot;minimize_box&quot;:&quot;yes&quot;,&quot;icon&quot;:{&quot;value&quot;:&quot;fas fa-circle&quot;,&quot;library&quot;:&quot;fa-solid&quot;,&quot;rendered_tag&quot;:&quot;&lt;svg class=\\&quot;e-font-icon-svg e-fas-circle\\&quot; viewBox=\\&quot;0 0 512 512\\&quot; xmlns=\\&quot;http:\\\/\\\/www.w3.org\\\/2000\\\/svg\\&quot;&gt;&lt;path d=\\&quot;M256 8C119 8 8 119 8 256s111 248 248 248 248-111 248-248S393 8 256 8z\\&quot;&gt;&lt;\\\/path&gt;&lt;\\\/svg&gt;&quot;},&quot;minimized_on&quot;:&quot;tablet&quot;,&quot;hierarchical_view&quot;:&quot;yes&quot;,&quot;min_height&quot;:{&quot;unit&quot;:&quot;px&quot;,&quot;size&quot;:&quot;&quot;,&quot;sizes&quot;:[]},&quot;min_height_tablet&quot;:{&quot;unit&quot;:&quot;px&quot;,&quot;size&quot;:&quot;&quot;,&quot;sizes&quot;:[]},&quot;min_height_mobile&quot;:{&quot;unit&quot;:&quot;px&quot;,&quot;size&quot;:&quot;&quot;,&quot;sizes&quot;:[]}}\" data-widget_type=\"table-of-contents.default\">\n\t\t\t\t\t\t\t\t\t<div class=\"elementor-toc__header\">\n\t\t\t\t\t\t<h2 class=\"elementor-toc__header-title\">\n\t\t\t\tObsah\t\t\t<\/h2>\n\t\t\t\t\t\t\t\t\t\t<div class=\"elementor-toc__toggle-button elementor-toc__toggle-button--expand\" role=\"button\" tabindex=\"0\" aria-controls=\"elementor-toc__1c30362\" aria-expanded=\"true\" aria-label=\"Open table of contents\"><svg aria-hidden=\"true\" class=\"e-font-icon-svg e-fas-chevron-down\" viewBox=\"0 0 448 512\" xmlns=\"http:\/\/www.w3.org\/2000\/svg\"><path d=\"M207.029 381.476L12.686 187.132c-9.373-9.373-9.373-24.569 0-33.941l22.667-22.667c9.357-9.357 24.522-9.375 33.901-.04L224 284.505l154.745-154.021c9.379-9.335 24.544-9.317 33.901.04l22.667 22.667c9.373 9.373 9.373 24.569 0 33.941L240.971 381.476c-9.373 9.372-24.569 9.372-33.942 0z\"><\/path><\/svg><\/div>\n\t\t\t\t<div class=\"elementor-toc__toggle-button elementor-toc__toggle-button--collapse\" role=\"button\" tabindex=\"0\" aria-controls=\"elementor-toc__1c30362\" aria-expanded=\"true\" aria-label=\"Close table of contents\"><svg aria-hidden=\"true\" class=\"e-font-icon-svg e-fas-chevron-up\" viewBox=\"0 0 448 512\" xmlns=\"http:\/\/www.w3.org\/2000\/svg\"><path d=\"M240.971 130.524l194.343 194.343c9.373 9.373 9.373 24.569 0 33.941l-22.667 22.667c-9.357 9.357-24.522 9.375-33.901.04L224 227.495 69.255 381.516c-9.379 9.335-24.544 9.317-33.901-.04l-22.667-22.667c-9.373-9.373-9.373-24.569 0-33.941L207.03 130.525c9.372-9.373 24.568-9.373 33.941-.001z\"><\/path><\/svg><\/div>\n\t\t\t\t\t<\/div>\n\t\t\t\t<div id=\"elementor-toc__1c30362\" class=\"elementor-toc__body\">\n\t\t\t<div class=\"elementor-toc__spinner-container\">\n\t\t\t\t<svg class=\"elementor-toc__spinner eicon-animation-spin e-font-icon-svg e-eicon-loading\" aria-hidden=\"true\" viewBox=\"0 0 1000 1000\" xmlns=\"http:\/\/www.w3.org\/2000\/svg\"><path d=\"M500 975V858C696 858 858 696 858 500S696 142 500 142 142 304 142 500H25C25 237 238 25 500 25S975 237 975 500 763 975 500 975Z\"><\/path><\/svg>\t\t\t<\/div>\n\t\t<\/div>\n\t\t\t\t\t\t<\/div>\n\t\t\t\t<\/div>\n\t\t\t\t\t<\/div>\n\t\t\t\t<\/div>\n\t\t<div class=\"elementor-element elementor-element-herorght0 e-con-full e-flex e-con e-child\" data-id=\"herorght0\" data-element_type=\"container\" data-e-type=\"container\">\n\t\t\t\t<div class=\"elementor-element elementor-element-heroimg00 iwg-hero-image elementor-widget elementor-widget-image\" data-id=\"heroimg00\" data-element_type=\"widget\" data-e-type=\"widget\" data-widget_type=\"image.default\">\n\t\t\t\t\t\t\t\t\t\t\t\t\t\t\t<img fetchpriority=\"high\" decoding=\"async\" width=\"683\" height=\"1024\" src=\"https:\/\/iwell-guard.com\/wp-content\/uploads\/2026\/04\/goetter_slawisch_svarog-683x1024.webp\" class=\"attachment-large size-large wp-image-147576\" alt=\"Svarog - bohov\u00e9 ze slovansk\u00e9 tradice, historicky-ilustrativn\u00ed\" srcset=\"https:\/\/iwell-guard.com\/wp-content\/uploads\/2026\/04\/goetter_slawisch_svarog-683x1024.webp 683w, https:\/\/iwell-guard.com\/wp-content\/uploads\/2026\/04\/goetter_slawisch_svarog-200x300.webp 200w, https:\/\/iwell-guard.com\/wp-content\/uploads\/2026\/04\/goetter_slawisch_svarog-768x1152.webp 768w, https:\/\/iwell-guard.com\/wp-content\/uploads\/2026\/04\/goetter_slawisch_svarog.webp 1024w\" sizes=\"(max-width: 683px) 100vw, 683px\" \/>\t\t\t\t\t\t\t\t\t\t\t\t\t\t\t<\/div>\n\t\t\t\t<\/div>\n\t\t\t\t\t<\/div>\n\t\t\t\t<\/div>\n\t\t<div class=\"elementor-element elementor-element-32917199 e-flex e-con-boxed e-con e-parent\" data-id=\"32917199\" data-element_type=\"container\" data-e-type=\"container\">\n\t\t\t\t\t<div class=\"e-con-inner\">\n\t\t<div class=\"elementor-element elementor-element-26e916cb e-flex e-con-boxed e-con e-child\" data-id=\"26e916cb\" data-element_type=\"container\" data-e-type=\"container\">\n\t\t\t\t\t<div class=\"e-con-inner\">\n\t\t<div class=\"elementor-element elementor-element-253a40d4 e-flex e-con-boxed e-con e-child\" data-id=\"253a40d4\" data-element_type=\"container\" data-e-type=\"container\">\n\t\t\t\t\t<div class=\"e-con-inner\">\n\t\t\t\t<div class=\"elementor-element elementor-element-1200c304 elementor-widget elementor-widget-heading\" data-id=\"1200c304\" data-element_type=\"widget\" data-e-type=\"widget\" data-widget_type=\"heading.default\">\n\t\t\t\t\t<h2 class=\"elementor-heading-title elementor-size-default\">Svarog<\/h2>\t\t\t\t<\/div>\n\t\t\t\t<div class=\"elementor-element elementor-element-11758e7f elementor-widget elementor-widget-text-editor\" data-id=\"11758e7f\" data-element_type=\"widget\" data-e-type=\"widget\" data-widget_type=\"text-editor.default\">\n\t\t\t\t\t\t\t\t\t<p>Svarog je spojov\u00e1n s nebem, ohn\u011bm a kov\u00e1\u0159sk\u00fdm um\u011bn\u00edm. Jeho jm\u00e9no je jazykov\u011b p\u0159\u00edbuzn\u00e9 s \u00edr\u00e1nsk\u00fdm Ahura Mazdou. V lidov\u00fdch textech se objevuje jako nejvy\u0161\u0161\u00ed b\u016fh a otec Peruna. Jeho kultovn\u00edmi m\u00edsty byly vyv\u00fd\u0161en\u00e9 plochy a oh\u0148ov\u00e9 olt\u00e1\u0159e.<\/p>\t\t\t\t\t\t\t\t<\/div>\n\t\t\t\t\t<\/div>\n\t\t\t\t<\/div>\n\t\t<div class=\"elementor-element elementor-element-159dcf9a e-flex e-con-boxed e-con e-child\" data-id=\"159dcf9a\" data-element_type=\"container\" data-e-type=\"container\">\n\t\t\t\t\t<div class=\"e-con-inner\">\n\t\t\t\t<div class=\"elementor-element elementor-element-48cee66f elementor-widget elementor-widget-heading\" data-id=\"48cee66f\" data-element_type=\"widget\" data-e-type=\"widget\" data-widget_type=\"heading.default\">\n\t\t\t\t\t<h2 class=\"elementor-heading-title elementor-size-default\">Stru\u010dn\u00fd profil: Svarog<\/h2>\t\t\t\t<\/div>\n\t\t\t\t<div class=\"elementor-element elementor-element-3f50d82c elementor-widget elementor-widget-text-editor\" data-id=\"3f50d82c\" data-element_type=\"widget\" data-e-type=\"widget\" data-widget_type=\"text-editor.default\">\n\t\t\t\t\t\t\t\t\t<p><strong>Typ:<\/strong> Slovansk\u00e9 hlavn\u00ed bo\u017estvo, b\u016fh kov\u00e1\u0159stv\u00ed a slunce, &bdquo;otec boh\u016f&ldquo;<br><span class=\"iwg-fachbegriff\" data-tooltip=\"Souhrn boh\u016f n\u00e1bo\u017eenstv\u00ed nebo kultury.\" tabindex=\"0\">Panteon<\/span>: slovansk\u00fd (v\u00fdchodoslovansk\u00fd, z\u00e1padoslovansk\u00fd, jihoslovansk\u00fd)<br>Funkce: kov\u00e1\u0159stv\u00ed, ohe\u0148, slunce (v jedn\u00e9 tradici), stvo\u0159itelsk\u00e1 funkce, otec Da\u017eboga<br>Hlavn\u00ed atributy: kov\u00e1\u0159sk\u00e9 kladivo, kovadlina, ohe\u0148, slune\u010dn\u00ed kotou\u010d<br>Hlavn\u00ed kultovn\u00ed m\u00edsta: \u0160t\u011bt\u00edn (Pomo\u0159any, zm\u00ednka u Helmolda), ve slovansk\u00fdch kov\u00e1\u0159sk\u00fdch svatyn\u00edch<br>Syn: Da\u017ebog (b\u016fh slunce)<\/p>\t\t\t\t\t\t\t\t<\/div>\n\t\t\t\t\t<\/div>\n\t\t\t\t<\/div>\n\t\t\t\t\t<\/div>\n\t\t\t\t<\/div>\n\t\t\t\t\t<\/div>\n\t\t\t\t<\/div>\n\t\t<div class=\"elementor-element elementor-element-18613602 e-flex e-con-boxed e-con e-parent\" data-id=\"18613602\" data-element_type=\"container\" data-e-type=\"container\">\n\t\t\t\t\t<div class=\"e-con-inner\">\n\t\t\t\t<div class=\"elementor-element elementor-element-262b8a9f elementor-widget elementor-widget-heading\" data-id=\"262b8a9f\" data-element_type=\"widget\" data-e-type=\"widget\" data-widget_type=\"heading.default\">\n\t\t\t\t\t<h2 class=\"elementor-heading-title elementor-size-default\">Historick\u00e9 za\u0159azen\u00ed<\/h2>\t\t\t\t<\/div>\n\t\t<div class=\"elementor-element elementor-element-46dcb7d e-con-full e-flex e-con e-child\" data-id=\"46dcb7d\" data-element_type=\"container\" data-e-type=\"container\">\n\t\t<div class=\"elementor-element elementor-element-61d3ab3 e-flex e-con-boxed e-con e-child\" data-id=\"61d3ab3\" data-element_type=\"container\" data-e-type=\"container\">\n\t\t\t\t\t<div class=\"e-con-inner\">\n\t\t\t\t<div class=\"elementor-element elementor-element-117c166 elementor-widget elementor-widget-heading\" data-id=\"117c166\" data-element_type=\"widget\" data-e-type=\"widget\" data-widget_type=\"heading.default\">\n\t\t\t\t\t<h3 class=\"elementor-heading-title elementor-size-default\">Zeitraum der Texte<\/h3>\t\t\t\t<\/div>\n\t\t\t\t<div class=\"elementor-element elementor-element-73997a0 elementor-widget elementor-widget-text-editor\" data-id=\"73997a0\" data-element_type=\"widget\" data-e-type=\"widget\" data-widget_type=\"text-editor.default\">\n\t\t\t\t\t\t\t\t\t<p>Svarog (rusky <em>Svarog<\/em>, polsky <em>Swarog<\/em>) je centr\u00e1ln\u00ed slovansk\u00e9 stvo\u0159itelsk\u00e9 bo\u017estvo. Hlavn\u00ed pramen: <em>Ipa\u0165jevsk\u00fd letopis<\/em> (12.\/13. stol.) interpoluje \u0159eck\u00fd Chronicon slovansk\u00fdmi vsuvkami, ztoto\u017e\u0148uje Svaroga s H\u00e9faistem a jeho syna Da\u017eboga s H\u00e9liem.<\/p><p>Hlavn\u00ed obdob\u00ed rozkv\u011btu: p\u0159edk\u0159es\u0165ansk\u00e1 doba (do cca 988). Helmold z Bosau (12. stol.) zmi\u0148uje <span class=\"iwg-fachbegriff\" data-tooltip=\"Stavba slou\u017e\u00edc\u00ed k uct\u00edv\u00e1n\u00ed jednoho nebo v\u00edce bo\u017estev.\" tabindex=\"0\">chr\u00e1m<\/span> <em>Svaro\u017ei\u010de<\/em> (syna Svaroga) v Pomo\u0159anech. V modern\u00ed tradici rodnov\u011b\u0159\u00ed je znovu uct\u00edv\u00e1n, n\u011bkdy jako hlavn\u00ed b\u016fh (zejm\u00e9na v Polsku).<\/p>\t\t\t\t\t\t\t\t<\/div>\n\t\t\t\t\t<\/div>\n\t\t\t\t<\/div>\n\t\t<div class=\"elementor-element elementor-element-d47b156 e-flex e-con-boxed e-con e-child\" data-id=\"d47b156\" data-element_type=\"container\" data-e-type=\"container\">\n\t\t\t\t\t<div class=\"e-con-inner\">\n\t\t\t\t<div class=\"elementor-element elementor-element-ff38c2b elementor-widget elementor-widget-heading\" data-id=\"ff38c2b\" data-element_type=\"widget\" data-e-type=\"widget\" data-widget_type=\"heading.default\">\n\t\t\t\t\t<h3 class=\"elementor-heading-title elementor-size-default\">Verbreitungsraum<\/h3>\t\t\t\t<\/div>\n\t\t\t\t<div class=\"elementor-element elementor-element-4e49fcc elementor-widget elementor-widget-text-editor\" data-id=\"4e49fcc\" data-element_type=\"widget\" data-e-type=\"widget\" data-widget_type=\"text-editor.default\">\n\t\t\t\t\t\t\t\t\t<p>Hlavn\u00ed kultovn\u00ed m\u00edsta: <strong>\u0160t\u011bt\u00edn<\/strong> v Pomo\u0159anech (se slavnou trojhlavou <span class=\"iwg-fachbegriff\" data-tooltip=\"Obraz nebo socha uct\u00edvan\u00e1 jako bo\u017esk\u00e1.\" tabindex=\"0\">modlou<\/span> Triglava, ve kter\u00e9 n\u011bkte\u0159\u00ed badatel\u00e9 identifikuj\u00ed Svaroga), <strong>Rethra<\/strong> (hlavn\u00ed svatyn\u011b Luti\u010d\u016f v Meklenbursku). Slovansk\u00e9 kov\u00e1\u0159sk\u00e9 svatyn\u011b v mnoha regionech. V modern\u00edm hnut\u00ed rodnov\u011b\u0159\u00ed (zejm\u00e9na v polsk\u00e9 v\u011btvi) je uct\u00edv\u00e1n jako hlavn\u00ed b\u016fh; v Rusku jako jeden z hlavn\u00edch boh\u016f.<\/p>\t\t\t\t\t\t\t\t<\/div>\n\t\t\t\t\t<\/div>\n\t\t\t\t<\/div>\n\t\t\t\t<\/div>\n\t\t<div class=\"elementor-element elementor-element-db03c39 e-con-full e-flex e-con e-child\" data-id=\"db03c39\" data-element_type=\"container\" data-e-type=\"container\">\n\t\t<div class=\"elementor-element elementor-element-229a87b e-flex e-con-boxed e-con e-child\" data-id=\"229a87b\" data-element_type=\"container\" data-e-type=\"container\">\n\t\t\t\t\t<div class=\"e-con-inner\">\n\t\t\t\t<div class=\"elementor-element elementor-element-1f471fc elementor-widget elementor-widget-heading\" data-id=\"1f471fc\" data-element_type=\"widget\" data-e-type=\"widget\" data-widget_type=\"heading.default\">\n\t\t\t\t\t<h3 class=\"elementor-heading-title elementor-size-default\">Quellenlage<\/h3>\t\t\t\t<\/div>\n\t\t\t\t<div class=\"elementor-element elementor-element-36b1201 elementor-widget elementor-widget-text-editor\" data-id=\"36b1201\" data-element_type=\"widget\" data-e-type=\"widget\" data-widget_type=\"text-editor.default\">\n\t\t\t\t\t\t\t\t\t<p>Hlavn\u00ed prameny: <em>Ipa\u0165jevsk\u00fd letopis<\/em> (12.\/13. stol. s identifikac\u00ed Svaroga s H\u00e9faistem), Helmold z Bosau <em>Chronica Slavorum<\/em>, <em>Nestor\u016fv letopis<\/em>. Lidov\u00e1 vypr\u00e1v\u011bn\u00ed, etnografick\u00e9 sb\u00edrky z 19. stol. Sekund\u00e1rn\u00ed literatura: V\u00e1\u0148a, <em><span class=\"iwg-fachbegriff\" data-tooltip=\"Souhrn dochovan\u00fdch vypr\u00e1v\u011bn\u00ed o boz\u00edch ur\u010dit\u00e9 kultury.\" tabindex=\"0\">Mytologie<\/span> slovansk\u00fdch n\u00e1rod\u016f<\/em>; Iv\u00e1nov\/Toporov; Pittner, <em>Slovansk\u00e1 <span class=\"iwg-fachbegriff\" data-tooltip=\"Souhrn dochovan\u00fdch vypr\u00e1v\u011bn\u00ed o boz\u00edch ur\u010dit\u00e9 kultury.\" tabindex=\"0\">mytologie<\/span><\/em>; Brueckner, <em>Mitologia Slowianska<\/em>.<\/p>\t\t\t\t\t\t\t\t<\/div>\n\t\t\t\t\t<\/div>\n\t\t\t\t<\/div>\n\t\t\t\t<\/div>\n\t\t\t\t\t<\/div>\n\t\t\t\t<\/div>\n\t\t<div class=\"elementor-element elementor-element-3ae0637c e-flex e-con-boxed e-con e-parent\" data-id=\"3ae0637c\" data-element_type=\"container\" data-e-type=\"container\">\n\t\t\t\t\t<div class=\"e-con-inner\">\n\t\t\t\t<div class=\"elementor-element elementor-element-31d07739 elementor-widget elementor-widget-heading\" data-id=\"31d07739\" data-element_type=\"widget\" data-e-type=\"widget\" data-widget_type=\"heading.default\">\n\t\t\t\t\t<h2 class=\"elementor-heading-title elementor-size-default\">Ozna\u010den\u00ed a zp\u016fsoby psan\u00ed<\/h2>\t\t\t\t<\/div>\n\t\t<div class=\"elementor-element elementor-element-b7642947 e-con-full e-flex e-con e-child\" data-id=\"b7642947\" data-element_type=\"container\" data-e-type=\"container\">\n\t\t\t\t<div class=\"elementor-element elementor-element-a086266 elementor-widget elementor-widget-text-editor\" data-id=\"a086266\" data-element_type=\"widget\" data-e-type=\"widget\" data-widget_type=\"text-editor.default\">\n\t\t\t\t\t\t\t\t\t<p>Svarog je zobrazov\u00e1n s ur\u010dit\u00fdmi ikonografick\u00fdmi prvky, kter\u00e9 jsou symbolicky k\u00f3dovan\u00e9 a nesou hlub\u0161\u00ed v\u00fdznam. Tyto prvky zprost\u0159edkov\u00e1vaj\u00ed p\u0159edev\u0161\u00edm funkce, zdroje moci, p\u016fsobnost a kosmickou roli t\u00e9to entity. Vizu\u00e1ln\u00ed syst\u00e9m umo\u017e\u0148uje zasv\u011bcen\u00fdm a kulturn\u011b vzd\u011blan\u00fdm lidem tento hlub\u0161\u00ed v\u00fdznam pochopit.<\/p><p>U Svaroga lze charakteristick\u00e9 znaky odvodit z p\u00edsemn\u00fdch pramen\u016f: Ipa\u0165jevsk\u00fd letopis jej ve sv\u00e9m p\u0159ekladu Jana Malaly ztoto\u017e\u0148uje s kov\u00e1\u0159sk\u00fdm bohem H\u00e9faistem a ozna\u010duje jej za otce slune\u010dn\u00edho boha Da\u017eboga. Z toho vypl\u00fdvaj\u00ed nebe, kov\u00e1\u0159sk\u00fd ohe\u0148 a kov\u00e1\u0159sk\u00e9 n\u00e1stroje jako pevn\u00e9 atributy. Toto p\u0159i\u0159azen\u00ed z\u016fstalo ve slovansk\u00e9 tradici stabiln\u00ed, tak\u017ee Svarog je i p\u0159es nedostatek pramen\u016f uchopiteln\u00fd jako postava s jasn\u00fdm profilem.<\/p>\t\t\t\t\t\t\t\t<\/div>\n\t\t\t\t<\/div>\n\t\t\t\t\t<\/div>\n\t\t\t\t<\/div>\n\t\t<div class=\"elementor-element elementor-element-709a44a8 e-flex e-con-boxed e-con e-parent\" data-id=\"709a44a8\" data-element_type=\"container\" data-e-type=\"container\">\n\t\t\t\t\t<div class=\"e-con-inner\">\n\t\t\t\t<div class=\"elementor-element elementor-element-2f585873 elementor-widget elementor-widget-heading\" data-id=\"2f585873\" data-element_type=\"widget\" data-e-type=\"widget\" data-widget_type=\"heading.default\">\n\t\t\t\t\t<h2 class=\"elementor-heading-title elementor-size-default\">Popis<\/h2>\t\t\t\t<\/div>\n\t\t<div class=\"elementor-element elementor-element-70621c12 e-con-full e-flex e-con e-child\" data-id=\"70621c12\" data-element_type=\"container\" data-e-type=\"container\">\n\t\t\t\t<div class=\"elementor-element elementor-element-4296eb49 elementor-widget elementor-widget-text-editor\" data-id=\"4296eb49\" data-element_type=\"widget\" data-e-type=\"widget\" data-widget_type=\"text-editor.default\">\n\t\t\t\t\t\t\t\t\t<p>Svarog m\u011bl kl\u00ed\u010dov\u00e9 postaven\u00ed v n\u00e1bo\u017eensk\u00e9 praxi a v\u0161edn\u00edm ch\u00e1p\u00e1n\u00ed Slovan\u016f. Lid\u00e9 se v kritick\u00fdch situac\u00edch nebo v ur\u010dit\u00fdch ritu\u00e1ln\u00edch obdob\u00edch roku obraceli k tomuto bo\u017estvu strukturovan\u00fdmi ritu\u00e1ly, modlitbami nebo ob\u011btinami. Praxe se d\u011bdila p\u0159esn\u011b a \u010dasto ji vedli kn\u011b\u017e\u00ed nebo specialist\u00e9.<\/p><p>Uct\u00edv\u00e1n\u00ed ohn\u011b na ohni\u0161ti, kter\u00e9 tradice spojuje se Svarogem a jeho synem Svaro\u017ei\u010dem, se u Slovan\u016f udr\u017eelo dlouho po christianizaci. Ohni se p\u0159isuzovalo n\u011bkolik \u00fakol\u016f: m\u011bl chr\u00e1nit d\u016fm a dv\u016fr p\u0159ed ne\u0161t\u011bst\u00edm, m\u00edrnit nemoc kou\u0159en\u00edm a o\u010distou, doprov\u00e1zet rodinu p\u0159i p\u0159echodov\u00fdch okam\u017eic\u00edch jako svatba nebo st\u011bhov\u00e1n\u00ed a jako neust\u00e1le ho\u0159\u00edc\u00ed plamen trvale opatrovat obydl\u00ed.<\/p><h3>Vzhled a symbolika<\/h3><p>Svarog je zobrazov\u00e1n jako zral\u00fd, siln\u00fd mu\u017e, \u010dasto s kov\u00e1\u0159sk\u00fdm kladivem. K jeho atribut\u016fm pat\u0159\u00ed nebesk\u00fd ohe\u0148 a blesky. \u0158emeslo je jeho oblast\u00ed. Ohe\u0148, zlato a kov\u00e1\u0159sk\u00e9 n\u00e1stroje symbolizuj\u00ed jeho s\u00edlu.<\/p>\t\t\t\t\t\t\t\t<\/div>\n\t\t\t\t<\/div>\n\t\t\t\t\t<\/div>\n\t\t\t\t<\/div>\n\t\t<div class=\"elementor-element elementor-element-44e71476 e-flex e-con-boxed e-con e-parent\" data-id=\"44e71476\" data-element_type=\"container\" data-e-type=\"container\">\n\t\t\t\t\t<div class=\"e-con-inner\">\n\t\t\t\t<div class=\"elementor-element elementor-element-3c1fc3f0 elementor-widget elementor-widget-heading\" data-id=\"3c1fc3f0\" data-element_type=\"widget\" data-e-type=\"widget\" data-widget_type=\"heading.default\">\n\t\t\t\t\t<h2 class=\"elementor-heading-title elementor-size-default\">Profil: Svarog<\/h2>\t\t\t\t<\/div>\n\t\t<div class=\"elementor-element elementor-element-84f33b8e e-con-full e-flex e-con e-child\" data-id=\"84f33b8e\" data-element_type=\"container\" data-e-type=\"container\">\n\t\t\t\t<div class=\"elementor-element elementor-element-hqkdc67p elementor-widget elementor-widget-text-editor\" data-id=\"hqkdc67p\" data-element_type=\"widget\" data-e-type=\"widget\" data-widget_type=\"text-editor.default\">\n\t\t\t\t\t\t\t\t\t<p>Nejd\u016fle\u017eit\u011bj\u0161\u00ed aspekty Svaroga na prvn\u00ed pohled. N\u00e1sleduj\u00edc\u00ed pole shrnuj\u00ed p\u016fvod, funkci, vzhled, uct\u00edv\u00e1n\u00ed, symboly a kulturn\u00ed paralely.<\/p>\t\t\t\t\t\t\t\t<\/div>\n\t\t\t\t<\/div>\n\t\t<div class=\"elementor-element elementor-element-pemmx7c5 e-con-full e-flex e-con e-child\" data-id=\"pemmx7c5\" data-element_type=\"container\" data-e-type=\"container\">\n\t\t<div class=\"elementor-element elementor-element-pemmx7c1 e-con-full e-flex e-con e-child\" data-id=\"pemmx7c1\" data-element_type=\"container\" data-e-type=\"container\">\n\t\t<div class=\"elementor-element elementor-element-qh9oavvu iwg-steckbrief-card e-flex e-con-boxed e-con e-child\" data-id=\"qh9oavvu\" data-element_type=\"container\" data-e-type=\"container\">\n\t\t\t\t\t<div class=\"e-con-inner\">\n\t\t\t\t<div class=\"elementor-element elementor-element-awzx8k2k elementor-widget elementor-widget-heading\" data-id=\"awzx8k2k\" data-element_type=\"widget\" data-e-type=\"widget\" data-widget_type=\"heading.default\">\n\t\t\t\t\t<h3 class=\"elementor-heading-title elementor-size-default\">P\u016fvod<\/h3>\t\t\t\t<\/div>\n\t\t\t\t<div class=\"elementor-element elementor-element-x6rowhv0 elementor-widget elementor-widget-text-editor\" data-id=\"x6rowhv0\" data-element_type=\"widget\" data-e-type=\"widget\" data-widget_type=\"text-editor.default\">\n\t\t\t\t\t\t\t\t\t<p>Svarog je ve slovansk\u00e9 stvo\u0159itelsk\u00e9 tradici <em>otcem boh\u016f<\/em> (v n\u011bkter\u00fdch pramenech). Otec <em>Da\u017eboga<\/em> (&bdquo;d\u00e1rcovsk\u00fd b\u016fh&ldquo;, b\u016fh slunce) a <em>Svaro\u017ei\u010de<\/em> (&bdquo;syn Svarog\u016fv&ldquo; = b\u016fh ohn\u011b).<\/p><p>Jeho jm\u00e9no je odvozeno indoevropsky od <em>svar-<\/em> (&bdquo;nebe&ldquo;, srovnej sanskrtsk\u00e9 <em>svar<\/em> = slunce, nebe). V Ipa\u0165jevsk\u00e9m letopisu je ztoto\u017en\u011bn s \u0159eck\u00fdm H\u00e9faistem, odtud jeho funkce boha kov\u00e1\u0159stv\u00ed. V modern\u00ed rodnov\u011b\u0159\u00ed-<span class=\"iwg-fachbegriff\" data-tooltip=\"V\u011bdeck\u00e9 u\u010den\u00ed o Bohu a v\u00ed\u0159e n\u00e1bo\u017eenstv\u00ed.\" tabindex=\"0\">teologii<\/span> je \u010dasto ch\u00e1p\u00e1n jako &bdquo;nestvo\u0159en\u00fd stvo\u0159itel&ldquo;.<\/p>\t\t\t\t\t\t\t\t<\/div>\n\t\t\t\t\t<\/div>\n\t\t\t\t<\/div>\n\t\t<div class=\"elementor-element elementor-element-8e3o4kxs iwg-steckbrief-card e-flex e-con-boxed e-con e-child\" data-id=\"8e3o4kxs\" data-element_type=\"container\" data-e-type=\"container\">\n\t\t\t\t\t<div class=\"e-con-inner\">\n\t\t\t\t<div class=\"elementor-element elementor-element-08rkdgov elementor-widget elementor-widget-heading\" data-id=\"08rkdgov\" data-element_type=\"widget\" data-e-type=\"widget\" data-widget_type=\"heading.default\">\n\t\t\t\t\t<h3 class=\"elementor-heading-title elementor-size-default\">Vztahuje se na<\/h3>\t\t\t\t<\/div>\n\t\t\t\t<div class=\"elementor-element elementor-element-uwjelx8s elementor-widget elementor-widget-text-editor\" data-id=\"uwjelx8s\" data-element_type=\"widget\" data-e-type=\"widget\" data-widget_type=\"text-editor.default\">\n\t\t\t\t\t\t\t\t\t<p>Patron kov\u00e1\u0159\u016f a b\u016fh ohn\u011b. V hypatijevsk\u00e9 tradici u\u010d\u00ed lidi kov\u00e1\u0159sk\u00e9mu um\u011bn\u00ed a zpracov\u00e1n\u00ed \u017eeleza, \u010d\u00edm\u017e jim p\u0159in\u00e1\u0161\u00ed civiliza\u010dn\u00ed techniku. Lidstvu d\u00e1v\u00e1 <em>pr\u00e1vo na vlastnictv\u00ed<\/em> (prost\u0159ednictv\u00edm vymezen\u00ed n\u00e1stroj\u016f a zbran\u00ed).<\/p><p>V n\u011bkter\u00fdch tradic\u00edch je bohem slunce (p\u0159ed sv\u00fdm synem Da\u017ebogem), v jin\u00fdch \u010dist\u011b bohem kov\u00e1\u0159stv\u00ed. V osobn\u00edm lidov\u00e9m kultu je p\u0159edm\u011btem <span class=\"iwg-fachbegriff\" data-tooltip=\"Prosebn\u00e9 nebo zakl\u00ednaj\u00edc\u00ed obracen\u00ed se k bo\u017estvu \u010di moci.\" tabindex=\"0\">vz\u00fdv\u00e1n\u00ed<\/span> kov\u00e1\u0159\u016f, kovod\u011bln\u00edk\u016f a hasi\u010d\u016f. V modern\u00ed rodnov\u011brsk\u00e9 tradici je p\u0159edm\u011btem <span class=\"iwg-fachbegriff\" data-tooltip=\"Prosebn\u00e9 nebo zakl\u00ednaj\u00edc\u00ed obracen\u00ed se k bo\u017estvu \u010di moci.\" tabindex=\"0\">vz\u00fdv\u00e1n\u00ed<\/span> v \u0159emesln\u00fdch profes\u00edch.<\/p>\t\t\t\t\t\t\t\t<\/div>\n\t\t\t\t\t<\/div>\n\t\t\t\t<\/div>\n\t\t<div class=\"elementor-element elementor-element-jm2n74ec iwg-steckbrief-card e-flex e-con-boxed e-con e-child\" data-id=\"jm2n74ec\" data-element_type=\"container\" data-e-type=\"container\">\n\t\t\t\t\t<div class=\"e-con-inner\">\n\t\t\t\t<div class=\"elementor-element elementor-element-8vufse4c elementor-widget elementor-widget-heading\" data-id=\"8vufse4c\" data-element_type=\"widget\" data-e-type=\"widget\" data-widget_type=\"heading.default\">\n\t\t\t\t\t<h3 class=\"elementor-heading-title elementor-size-default\">Zobrazen\u00ed<\/h3>\t\t\t\t<\/div>\n\t\t\t\t<div class=\"elementor-element elementor-element-mwb9u015 elementor-widget elementor-widget-text-editor\" data-id=\"mwb9u015\" data-element_type=\"widget\" data-e-type=\"widget\" data-widget_type=\"text-editor.default\">\n\t\t\t\t\t\t\t\t\t<p>Charakteristicky je zobrazov\u00e1n jako vousat\u00fd siln\u00fd kov\u00e1\u0159 ve slovansk\u00e9m kroji, s ko\u017eenou z\u00e1st\u011brou, kladivem a kovadlinou. \u010casto je zobrazen p\u0159ed kov\u00e1\u0159skou vyhn\u00ed. V pozd\u011bj\u0161\u00ed rodnov\u011brsk\u00e9 v\u00fdtvarn\u00e9 tradici tak\u00e9 jako b\u016fh slunce se slune\u010dn\u00edm kotou\u010dem a paprskovou korunou. N\u011bkdy s dlouh\u00fdm \u0161ediv\u00fdm vousem (postava star\u00e9ho otce). Barva pleti z\u010dervenal\u00e1 od ohn\u011b a kov\u00e1\u0159sk\u00e9 pr\u00e1ce.<\/p>\t\t\t\t\t\t\t\t<\/div>\n\t\t\t\t\t<\/div>\n\t\t\t\t<\/div>\n\t\t\t\t<\/div>\n\t\t<div class=\"elementor-element elementor-element-pemmx7c2 e-con-full e-flex e-con e-child\" data-id=\"pemmx7c2\" data-element_type=\"container\" data-e-type=\"container\">\n\t\t<div class=\"elementor-element elementor-element-37ss2yr6 iwg-steckbrief-card e-flex e-con-boxed e-con e-child\" data-id=\"37ss2yr6\" data-element_type=\"container\" data-e-type=\"container\">\n\t\t\t\t\t<div class=\"e-con-inner\">\n\t\t\t\t<div class=\"elementor-element elementor-element-3v0wp3wx elementor-widget elementor-widget-heading\" data-id=\"3v0wp3wx\" data-element_type=\"widget\" data-e-type=\"widget\" data-widget_type=\"heading.default\">\n\t\t\t\t\t<h3 class=\"elementor-heading-title elementor-size-default\">P\u016fsoben\u00ed<\/h3>\t\t\t\t<\/div>\n\t\t\t\t<div class=\"elementor-element elementor-element-w3247g2m elementor-widget elementor-widget-text-editor\" data-id=\"w3247g2m\" data-element_type=\"widget\" data-e-type=\"widget\" data-widget_type=\"text-editor.default\">\n\t\t\t\t\t\t\t\t\t<p><strong>Oblast p\u016fsoben\u00ed:<\/strong> Ve star\u00e9m slovansk\u00e9m lidov\u00e9m kultu byli kov\u00e1\u0159i a kovod\u011bln\u00edci vz\u00fdv\u00e1ni pod Svarogovou patronac\u00ed. Kov\u00e1\u0159i samotn\u00ed m\u011bli ve slovansk\u00e9 lidov\u00e9 tradici sakr\u00e1ln\u00ed status (podobn\u011b jako v mnoha jin\u00fdch archaick\u00fdch kultur\u00e1ch), kov\u00e1\u0159stv\u00ed platilo za magick\u00e9 um\u011bn\u00ed, kter\u00e9 p\u0159etv\u00e1\u0159\u00ed hmotu.<\/p><p>V modern\u00ed rodnov\u011brsk\u00e9 tradici (zejm\u00e9na v polsk\u00e9 a rusk\u00e9 v\u011btvi) je hlavn\u00edm bohem tv\u016fr\u010d\u00ed <span class=\"iwg-fachbegriff\" data-tooltip=\"V\u011bdeck\u00e1 nauka o Bohu a v\u00ed\u0159e n\u00e1bo\u017eenstv\u00ed.\" tabindex=\"0\">teologie<\/span>. Svat\u00fd den t\u00fddne: v n\u011bkter\u00fdch tradic\u00edch st\u0159eda (v jin\u00fdch ned\u011ble).<\/p>\t\t\t\t\t\t\t\t<\/div>\n\t\t\t\t\t<\/div>\n\t\t\t\t<\/div>\n\t\t<div class=\"elementor-element elementor-element-0qpjal9w iwg-steckbrief-card e-flex e-con-boxed e-con e-child\" data-id=\"0qpjal9w\" data-element_type=\"container\" data-e-type=\"container\">\n\t\t\t\t\t<div class=\"e-con-inner\">\n\t\t\t\t<div class=\"elementor-element elementor-element-6ndoih0o elementor-widget elementor-widget-heading\" data-id=\"6ndoih0o\" data-element_type=\"widget\" data-e-type=\"widget\" data-widget_type=\"heading.default\">\n\t\t\t\t\t<h3 class=\"elementor-heading-title elementor-size-default\">Ochrana<\/h3>\t\t\t\t<\/div>\n\t\t\t\t<div class=\"elementor-element elementor-element-6684tyh9 elementor-widget elementor-widget-text-editor\" data-id=\"6684tyh9\" data-element_type=\"widget\" data-e-type=\"widget\" data-widget_type=\"text-editor.default\">\n\t\t\t\t\t\t\t\t\t<p>Kov\u00e1\u0159sk\u00e9 kladivo, kovadlina, ohe\u0148, slune\u010dn\u00ed kotou\u010d (ve funkci slunce), ko\u017een\u00e1 z\u00e1st\u011bra, vous, n\u00e1stroje (kle\u0161t\u011b, sek\u00e1\u010d). Svat\u00e1 zv\u00ed\u0159ata: k\u016f\u0148 (paralela k h\u00e9faistovsk\u00e9 tradici), orel. Svat\u00e9 rostliny: dub (zdroj palivov\u00e9ho d\u0159eva). Svat\u00fd \u017eivel: ohe\u0148. Svat\u00fd den: st\u0159eda (v n\u011bkter\u00fdch tradic\u00edch).<\/p>\t\t\t\t\t\t\t\t<\/div>\n\t\t\t\t\t<\/div>\n\t\t\t\t<\/div>\n\t\t<div class=\"elementor-element elementor-element-3lfi7x32 iwg-steckbrief-card e-flex e-con-boxed e-con e-child\" data-id=\"3lfi7x32\" data-element_type=\"container\" data-e-type=\"container\">\n\t\t\t\t\t<div class=\"e-con-inner\">\n\t\t\t\t<div class=\"elementor-element elementor-element-0kg99ga1 elementor-widget elementor-widget-heading\" data-id=\"0kg99ga1\" data-element_type=\"widget\" data-e-type=\"widget\" data-widget_type=\"heading.default\">\n\t\t\t\t\t<h3 class=\"elementor-heading-title elementor-size-default\">Obdoby<\/h3>\t\t\t\t<\/div>\n\t\t\t\t<div class=\"elementor-element elementor-element-n0fum6kp elementor-widget elementor-widget-text-editor\" data-id=\"n0fum6kp\" data-element_type=\"widget\" data-e-type=\"widget\" data-widget_type=\"text-editor.default\">\n\t\t\t\t\t\t\t\t\t<p><em>H\u00e9faistos<\/em> (\u0158ecko, v Hypatijevsk\u00e9m letopisu p\u0159\u00edmo identifikov\u00e1n), <em>Vulcanus<\/em> (\u0158\u00edm), <em>Tva&#7779;&#7789;&#7771;<\/em> (hinduismus, v\u00e9dsk\u00fd b\u016fh kov\u00e1\u0159stv\u00ed), <em>Vishvakarman<\/em> (hinduismus, architekt boh\u016f), <em>Goibniu<\/em> (keltsk\u00fd, kov\u00e1\u0159), <em>Ilmarinen<\/em> (finsk\u00fd, tv\u016frce-kov\u00e1\u0159), <em>Ptah<\/em> (Egypt, tv\u016fr\u010d\u00ed patron \u0159emesln\u00edk\u016f), <em>Wieland<\/em> (germ\u00e1nsk\u00fd, mytick\u00fd kov\u00e1\u0159). Indoevropsk\u00e1 tradice boha-kov\u00e1\u0159e je \u0161iroce dolo\u017eena; Svarog je slovansk\u00e1 varianta.<\/p>\t\t\t\t\t\t\t\t<\/div>\n\t\t\t\t\t<\/div>\n\t\t\t\t<\/div>\n\t\t\t\t<\/div>\n\t\t\t\t<\/div>\n\t\t\t\t\t<\/div>\n\t\t\t\t<\/div>\n\t\t<div class=\"elementor-element elementor-element-5a584676 e-flex e-con-boxed e-con e-parent\" data-id=\"5a584676\" data-element_type=\"container\" data-e-type=\"container\">\n\t\t\t\t\t<div class=\"e-con-inner\">\n\t\t\t\t<div class=\"elementor-element elementor-element-6d0757bf elementor-widget elementor-widget-heading\" data-id=\"6d0757bf\" data-element_type=\"widget\" data-e-type=\"widget\" data-widget_type=\"heading.default\">\n\t\t\t\t\t<h2 class=\"elementor-heading-title elementor-size-default\">Svarog, paralely v jin\u00fdch kultur\u00e1ch<\/h2>\t\t\t\t<\/div>\n\t\t<div class=\"elementor-element elementor-element-60563f68 e-con-full e-flex e-con e-child\" data-id=\"60563f68\" data-element_type=\"container\" data-e-type=\"container\">\n\t\t\t\t<div class=\"elementor-element elementor-element-5a93fdd6 elementor-widget elementor-widget-text-editor\" data-id=\"5a93fdd6\" data-element_type=\"widget\" data-e-type=\"widget\" data-widget_type=\"text-editor.default\">\n\t\t\t\t\t\t\t\t\t<p>Svarog je paralelou \u0159eck\u00e9ho H\u00e9faista a germ\u00e1nsk\u00e9ho Wielanda: je z\u00e1rove\u0148 bohem kov\u00e1\u0159stv\u00ed a kosmick\u00fdm uspo\u0159adatelem. Ve slovansk\u00e9m syst\u00e9mu vystupuje jako otec Da\u017eboga spolu se sluncem, co\u017e je genealogick\u00e9 spojen\u00ed kov\u00e1\u0159sk\u00e9ho um\u011bn\u00ed a slune\u010dn\u00edho ohn\u011b, je\u017e by v klasick\u00e9m <span class=\"iwg-fachbegriff\" data-tooltip=\"Souhrn boh\u016f n\u00e1bo\u017eenstv\u00ed nebo kultury.\" tabindex=\"0\">panteonu<\/span> byly odd\u011blen\u00fdmi postavami.<\/p>\n<p><strong>Judaistick\u00e1 tradice:<\/strong> YHWH jako stvo\u0159itel a nebesk\u00fd b\u016fh sd\u00edl\u00ed se Svarogem funkci nejvy\u0161\u0161\u00edho \u0159\u00e1dotv\u016frce a kosmick\u00e9 autority.<\/p><p><strong>\u0158ecko-\u0159\u00edmsk\u00fd sv\u011bt:<\/strong> Zeus\/Iuppiter jako b\u016fh nebes a \u00d6nnur jako b\u016fh kov\u00e1\u0159stv\u00ed (srovnateln\u00fd s \u0159\u00edmsk\u00fdm Vulk\u00e1nem) sd\u00edlej\u00ed Svarogovy funkce. Indoevropsk\u00e1 genealogie boha nebes je dolo\u017eena.<\/p><p><strong>Germ\u00e1nsk\u00e1 tradice:<\/strong> \u00d3din a Wodan zt\u011bles\u0148uj\u00ed kosmick\u00fd \u0159\u00e1d a moudrost, podobn\u011b jako Svarogova nebesk\u00e1 funkce. B\u016fh kov\u00e1\u0159stv\u00ed Wayland sd\u00edl\u00ed \u0159emesln\u00fd rozm\u011br.<\/p><p><strong>Hinduismus:<\/strong> Surja jako b\u016fh nebes a Vishvakarman jako kosmick\u00fd \u0159emesln\u00edk\/stvo\u0159itel odpov\u00eddaj\u00ed Svarogov\u00fdm dimenz\u00edm.<\/p>\t\t\t\t\t\t\t\t<\/div>\n\t\t\t\t<\/div>\n\t\t\t\t\t<\/div>\n\t\t\t\t<\/div>\n\t\t<div class=\"elementor-element elementor-element-cp1652d1f e-flex e-con-boxed e-con e-parent\" data-id=\"cp1652d1f\" data-element_type=\"container\" data-e-type=\"container\">\n\t\t\t\t\t<div class=\"e-con-inner\">\n\t\t\t\t<div class=\"elementor-element elementor-element-cp33363ec elementor-widget elementor-widget-heading\" data-id=\"cp33363ec\" data-element_type=\"widget\" data-e-type=\"widget\" data-widget_type=\"heading.default\">\n\t\t\t\t\t<h2 class=\"elementor-heading-title elementor-size-default\">Hypatijevsk\u00fd letopis: \u00fazk\u00e1 textov\u00e1 z\u00e1kladna<\/h2>\t\t\t\t<\/div>\n\t\t<div class=\"elementor-element elementor-element-cp5f62e73 e-con-full e-flex e-con e-child\" data-id=\"cp5f62e73\" data-element_type=\"container\" data-e-type=\"container\">\n\t\t\t\t<div class=\"elementor-element elementor-element-cp78423a6 elementor-widget elementor-widget-text-editor\" data-id=\"cp78423a6\" data-element_type=\"widget\" data-e-type=\"widget\" data-widget_type=\"text-editor.default\">\n\t\t\t\t\t\t\t\t\t<p>O Svarogovi v\u00edme p\u0159ekvapiv\u011b m\u00e1lo, a to m\u00e1lo poch\u00e1z\u00ed t\u00e9m\u011b\u0159 v\u00fdhradn\u011b z jednoho jedin\u00e9ho m\u00edsta. <em>Hypatijevsk\u00fd letopis<\/em>, starorusk\u00e1 historick\u00e1 kompilace, p\u0159in\u00e1\u0161\u00ed pod rokem 1114 vlo\u017eenou pas\u00e1\u017e, kter\u00e1 ztoto\u017e\u0148uje starobyl\u00e9 slovansk\u00e9 <span class=\"iwg-fachbegriff\" data-tooltip=\"Bytost uct\u00edvan\u00e1 jako bo\u017esk\u00e1 v r\u00e1mci n\u00e1bo\u017eenstv\u00ed.\" tabindex=\"0\">bo\u017estvo<\/span> s \u0159eck\u00fdm H\u00e9faistem a se sluncem.<\/p><p>Tato vlo\u017een\u00e1 pas\u00e1\u017e je p\u0159ekladem, respektive \u00fapravou, byzantsk\u00e9 kroniky Jana Malaly, kde se p\u016fvodn\u011b mluvilo o egyptsk\u00fdch kr\u00e1l\u00edch.<\/p><p>Slovansk\u00fd zpracovatel nahradil ciz\u00ed jm\u00e9na dom\u00e1c\u00edmi: ze slune\u010dn\u00edho kr\u00e1le se stal <em>Da\u017ebog<\/em>, syn <em>Svaroga<\/em>, kter\u00fd byl ztoto\u017en\u011bn s H\u00e9faistem a ch\u00e1p\u00e1n jako b\u016fh ohn\u011b a kov\u00e1\u0159sk\u00e9ho um\u011bn\u00ed. Z t\u00e9to pas\u00e1\u017ee poch\u00e1z\u00ed ve\u0161ker\u00e1 spolehliv\u00e1 informace o Svarogovi. V\u0161e ostatn\u00ed je rekonstrukce.<\/p><p>Badatel\u00e9 z patronymika <em>Da\u017ebog Svaro\u017ei\u010d<\/em>, tedy &#8222;Da\u017ebog, syn Svaroga&#8220;, vyvodili, \u017ee Svarog mohl b\u00fdt otcovsk\u00fdm bo\u017estvem nebes a ohn\u011b. Jazykov\u011b je jm\u00e9no \u010dasto spojov\u00e1no s ko\u0159enem, kter\u00fd m\u00e1 souvislost s &#8222;jasem&#8220;, &#8222;nebem&#8220; nebo se sanskrtsk\u00fdm slovem <em>svar<\/em> pro &#8222;nebe&#8220;.<\/p><p>Tato etymologie je roz\u0161\u00ed\u0159en\u00e1, nikoli v\u0161ak nesporn\u00e1, a je t\u0159eba k n\u00ed p\u0159istupovat s opatrnost\u00ed. Kdo mluv\u00ed o Svarogovi, mluv\u00ed o <span class=\"iwg-fachbegriff\" data-tooltip=\"Bytost uct\u00edvan\u00e1 jako bo\u017esk\u00e1 v r\u00e1mci n\u00e1bo\u017eenstv\u00ed.\" tabindex=\"0\">bo\u017estvu<\/span>, jeho\u017e profil v\u011bda skl\u00e1d\u00e1 z jedin\u00e9ho st\u0159edov\u011bk\u00e9ho textov\u00e9ho zlomku a z jazykov\u00fdch indici\u00ed.<\/p>\t\t\t\t\t\t\t\t<\/div>\n\t\t\t\t<\/div>\n\t\t\t\t\t<\/div>\n\t\t\t\t<\/div>\n\t\t<div class=\"elementor-element elementor-element-cp19a9a5b e-flex e-con-boxed e-con e-parent\" data-id=\"cp19a9a5b\" data-element_type=\"container\" data-e-type=\"container\">\n\t\t\t\t\t<div class=\"e-con-inner\">\n\t\t\t\t<div class=\"elementor-element elementor-element-cpe14f758 elementor-widget elementor-widget-heading\" data-id=\"cpe14f758\" data-element_type=\"widget\" data-e-type=\"widget\" data-widget_type=\"heading.default\">\n\t\t\t\t\t<h2 class=\"elementor-heading-title elementor-size-default\">Svaro\u017ei\u010d: syn, kter\u00fd je l\u00e9pe dolo\u017een ne\u017e otec<\/h2>\t\t\t\t<\/div>\n\t\t<div class=\"elementor-element elementor-element-cp0ab3799 e-con-full e-flex e-con e-child\" data-id=\"cp0ab3799\" data-element_type=\"container\" data-e-type=\"container\">\n\t\t\t\t<div class=\"elementor-element elementor-element-cp37146b9 elementor-widget elementor-widget-text-editor\" data-id=\"cp37146b9\" data-element_type=\"widget\" data-e-type=\"widget\" data-widget_type=\"text-editor.default\">\n\t\t\t\t\t\t\t\t\t<p>Zaj\u00edmav\u00e9 je, \u017ee prameny se zmi\u0148uj\u00ed o potomku Svaroga v\u00edce ne\u017e o n\u011bm samotn\u00e9m. Jm\u00e9no <em>Svaro\u017ei\u010d<\/em>, tedy \u201esyn\u00e1\u010dek Svaroga\u201c nebo \u201eSvarog\u016fv syn\u201c, se objevuje u dvou na sob\u011b nez\u00e1visl\u00fdch sv\u011bdk\u016f ze z\u00e1padoslovansk\u00e9 oblasti.<\/p><p>Thietmar z Merseburku popisuje kolem roku 1018 ve sv\u00e9 <em>Kronice<\/em> <span class=\"iwg-fachbegriff\" data-tooltip=\"Ein der Verehrung einer Gottheit gewidmeter heiliger Ort.\" tabindex=\"0\">svatyni<\/span> v Riedegostu v zemi Lutic\u016f, kde byl uct\u00edv\u00e1n b\u016fh jm\u00e9nem <em>Zuarasici<\/em>. Bruno z Querfurtu uv\u00e1d\u00ed tot\u00e9\u017e jm\u00e9no v dopise c\u00edsa\u0159i Heinrichovi II.<\/p><p>Tyto z\u00e1padoslovansk\u00e9 doklady p\u0159in\u00e1\u0161ej\u00ed metodick\u00fd probl\u00e9m. Je <em>Svaro\u017ei\u010d<\/em> vlastn\u00edm jm\u00e9nem samostatn\u00e9ho ohniv\u00e9ho bo\u017estva, nebo je to, jak napov\u00edd\u00e1 v\u00fdchodoslovansk\u00fd materi\u00e1l, patronymikum Da\u017eboga? Badatel\u00e9 o tom diskutuj\u00ed a\u017e dodnes.<\/p><p>N\u011bkte\u0159\u00ed slavist\u00e9 pova\u017euj\u00ed Svaro\u017ei\u010de za samostatn\u00e9 ozna\u010den\u00ed svat\u00e9ho ohn\u011b, jin\u00ed za p\u0159\u00edzvisko, kter\u00e9 bylo podle oblasti pou\u017e\u00edv\u00e1no pro r\u016fzn\u00e1 bo\u017estva.<\/p><p>Co z toho vypl\u00fdv\u00e1 pro Svaroga samotn\u00e9ho, je t\u0159eba formulovat opatrn\u011b. \u0160irok\u00e9 geografick\u00e9 roz\u0161\u00ed\u0159en\u00ed kmene tohoto jm\u00e9na, od v\u00fdchodoslovansk\u00e9 oblasti a\u017e k Lutic\u016fm na Baltu, sv\u011bd\u010d\u00ed o tom, \u017ee dan\u00e1 p\u0159edstava byla star\u00e1 a nadregion\u00e1ln\u00ed.<\/p><p>Nedovoluje to v\u0161ak \u017e\u00e1dnou podrobnou <span class=\"iwg-fachbegriff\" data-tooltip=\"Die Gesamtheit der \u00fcberlieferten G\u00f6ttererz\u00e4hlungen einer Kultur.\" tabindex=\"0\">mytologii<\/span>. Pozd\u011bj\u0161\u00ed romanti\u010dt\u00ed a n\u00e1rodn\u011b obrozene\u010dt\u00ed auto\u0159i z Svaroga vytvo\u0159ili mocn\u00e9ho boha nebes a stvo\u0159itele, \u010dasto s vymy\u0161len\u00fdmi detaily. Takov\u00e9 ozdoby pat\u0159\u00ed do d\u011bjin recepce, nikoli do pramenn\u00e9 v\u011bdy. Seri\u00f3zn\u00ed zpracov\u00e1n\u00ed mus\u00ed tuto mezeru ponechat otev\u0159enou.<\/p>\t\t\t\t\t\t\t\t<\/div>\n\t\t\t\t<\/div>\n\t\t\t\t\t<\/div>\n\t\t\t\t<\/div>\n\t\t<div class=\"elementor-element elementor-element-36dd7469 e-flex e-con-boxed e-con e-parent\" data-id=\"36dd7469\" data-element_type=\"container\" data-e-type=\"container\">\n\t\t\t\t\t<div class=\"e-con-inner\">\n\t\t\t\t<div class=\"elementor-element elementor-element-13760ab4 elementor-widget elementor-widget-heading\" data-id=\"13760ab4\" data-element_type=\"widget\" data-e-type=\"widget\" data-widget_type=\"heading.default\">\n\t\t\t\t\t<h2 class=\"elementor-heading-title elementor-size-default\">Souvisej\u00edc\u00ed odkazy<\/h2>\t\t\t\t<\/div>\n\t\t<div class=\"elementor-element elementor-element-28c87796 e-con-full e-flex e-con e-child\" data-id=\"28c87796\" data-element_type=\"container\" data-e-type=\"container\">\n\t\t\t\t<div class=\"elementor-element elementor-element-5d6538df elementor-widget elementor-widget-text-editor\" data-id=\"5d6538df\" data-element_type=\"widget\" data-e-type=\"widget\" data-widget_type=\"text-editor.default\">\n\t\t\t\t\t\t\t\t\t<ul><li><a href=\"https:\/\/iwell-guard.com\/cs\/?page_id=145290\">Perun, p\u0159\u00edbuzn\u00fd slovansk\u00fd hlavn\u00ed b\u016fh<\/a><\/li><li><a href=\"https:\/\/iwell-guard.com\/cs\/?page_id=145291\">Veles, chtonick\u00fd protivn\u00edk<\/a><\/li><li><a href=\"https:\/\/iwell-guard.com\/cs\/?page_id=145293\">Moko\u0161, \u017eensk\u00e9 slovansk\u00e9 hlavn\u00ed bo\u017estvo<\/a><\/li><li><a href=\"https:\/\/iwell-guard.com\/cs\/?page_id=145346\">Morana, p\u0159\u00edbuzn\u00e9 slovansk\u00e9 bo\u017estvo<\/a><\/li><li><a href=\"https:\/\/iwell-guard.com\/cs\/?page_id=145325\">Ptah, egyptsk\u00e1 paralela kov\u00e1\u0159e-stvo\u0159itele<\/a><\/li><li><a href=\"https:\/\/iwell-guard.com\/cs\/?page_id=145143\">Slovansk\u00e1, p\u0159ehled panteonu<\/a><\/li><li><a href=\"https:\/\/iwell-guard.com\/cs\/?page_id=145205\">Bohov\u00e9, p\u0159ehled t\u0159\u00edd<\/a><\/li><\/ul>\t\t\t\t\t\t\t\t<\/div>\n\t\t\t\t<\/div>\n\t\t\t\t\t<\/div>\n\t\t\t\t<\/div>\n\t\t<div class=\"elementor-element elementor-element-grl4kl40 e-flex e-con-boxed e-con e-parent\" data-id=\"grl4kl40\" data-element_type=\"container\" data-e-type=\"container\">\n\t\t\t\t\t<div class=\"e-con-inner\">\n\t\t\t\t<div class=\"elementor-element elementor-element-bzsbfrmh elementor-widget elementor-widget-heading\" data-id=\"bzsbfrmh\" data-element_type=\"widget\" data-e-type=\"widget\" data-widget_type=\"heading.default\">\n\t\t\t\t\t<h2 class=\"elementor-heading-title elementor-size-default\">Literatura (v\u00fdb\u011br)<\/h2>\t\t\t\t<\/div>\n\t\t<div class=\"elementor-element elementor-element-2c13224a e-con-full e-flex e-con e-child\" data-id=\"2c13224a\" data-element_type=\"container\" data-e-type=\"container\">\n\t\t\t\t<div class=\"elementor-element elementor-element-0eymh9ub elementor-widget elementor-widget-text-editor\" data-id=\"0eymh9ub\" data-element_type=\"widget\" data-e-type=\"widget\" data-widget_type=\"text-editor.default\">\n\t\t\t\t\t\t\t\t\t<footer class=\"iwg-literatur\" data-nosnippet=\"true\"><ul><li>V\u00e1\u0148a, Zden\u011bk: <em><span class=\"iwg-fachbegriff\" data-tooltip=\"Die Gesamtheit der \u00fcberlieferten G\u00f6ttererz\u00e4hlungen einer Kultur.\" tabindex=\"0\">Mytologie<\/span> a bohov\u00e9 slovansk\u00fdch n\u00e1rod\u016f<\/em>. Stuttgart 1992.<\/li><li><span data-nosnippet>Ivanov, Vja\u010deslav \/ Toporov, Vladimir: <em>Issledovanija v oblasti slavjanskich drevnostej<\/em>. Moskva 1974.<\/span><\/li><li><span data-nosnippet>Pittner, Manfred: <em>Slovansk\u00e1 <span class=\"iwg-fachbegriff\" data-tooltip=\"Die Gesamtheit der \u00fcberlieferten G\u00f6ttererz\u00e4hlungen einer Kultur.\" tabindex=\"0\">mytologie<\/span><\/em>. Kol\u00edn nad R\u00fdnem 2009.<\/span><\/li><li><span data-nosnippet>Brueckner, Aleksander: <em>Mitologia Slowianska i Polska<\/em>. Krakov 1980.<\/span><\/li><li>Hypatsk\u00e1 kronika (\u010detn\u00e9 rusk\u00e9 a anglick\u00e9 p\u0159eklady).<\/li><li>Walde, Christine (ed.): <em>Der Neue Pauly<\/em> (heslo \u201eSvarog\u201c).<\/li><\/ul><\/footer>\t\t\t\t\t\t\t\t<\/div>\n\t\t\t\t<\/div>\n\t\t\t\t\t<\/div>\n\t\t\t\t<\/div>\n\t\t\t\t<\/div>\n\t\t","protected":false},"excerpt":{"rendered":"","protected":false},"author":3,"featured_media":1650,"parent":0,"menu_order":0,"comment_status":"closed","ping_status":"closed","template":"elementor_header_footer","meta":{"_yoast_wpseo_focuskw":"Svarog","_yoast_wpseo_title":"Svarog - b\u016fh nebes a kov\u00e1\u0159 Slovan\u016f","_yoast_wpseo_metadesc":"Svarog, slovansk\u00fd b\u016fh kov\u00e1\u0159\u016f a stvo\u0159itel. Otec Da\u017eboga a Svaro\u017ei\u010de, str\u00e1\u017ece nebesk\u00e9ho ohn\u011b","_yoast_wpseo_meta-robots-noindex":"","_yoast_wpseo_canonical":"","_angie_page":false,"gefaehrdungsstufe":"2","wesen_kultur":"slawisch","wesen_klasse":"goetter","footnotes":""},"categories":[],"class_list":["post-145347","page","type-page","status-publish","has-post-thumbnail","hentry"],"yoast_head":"<!-- This site is optimized with the Yoast SEO Premium plugin v27.7 (Yoast SEO v28.3) - https:\/\/yoast.com\/product\/yoast-seo-premium-wordpress\/ -->\n<title>Svarog - b\u016fh nebes a kov\u00e1\u0159 Slovan\u016f<\/title>\n<meta name=\"description\" content=\"Svarog, slovansk\u00fd b\u016fh kov\u00e1\u0159\u016f a stvo\u0159itel. Otec Da\u017eboga a Svaro\u017ei\u010de, str\u00e1\u017ece nebesk\u00e9ho ohn\u011b\" \/>\n<meta name=\"robots\" content=\"index, follow, max-snippet:-1, max-image-preview:large, max-video-preview:-1\" \/>\n<link rel=\"canonical\" href=\"https:\/\/iwell-guard.com\/cs\/svarog\/\" \/>\n<meta property=\"og:locale\" content=\"cs_CZ\" \/>\n<meta property=\"og:type\" content=\"article\" \/>\n<meta property=\"og:title\" content=\"Svarog\" \/>\n<meta property=\"og:description\" content=\"Svarog, slovansk\u00fd b\u016fh kov\u00e1\u0159\u016f a stvo\u0159itel. Otec Da\u017eboga a Svaro\u017ei\u010de, str\u00e1\u017ece nebesk\u00e9ho ohn\u011b\" \/>\n<meta property=\"og:url\" content=\"https:\/\/iwell-guard.com\/cs\/svarog\/\" \/>\n<meta property=\"og:site_name\" content=\"iWell Guard\" \/>\n<meta property=\"article:modified_time\" content=\"2026-09-03T16:53:34+00:00\" \/>\n<meta property=\"og:image\" content=\"https:\/\/iwell-guard.com\/wp-content\/uploads\/2026\/04\/goetter_slawisch_svarog.webp\" \/>\n\t<meta property=\"og:image:width\" content=\"1024\" \/>\n\t<meta property=\"og:image:height\" content=\"1536\" \/>\n\t<meta property=\"og:image:type\" content=\"image\/webp\" \/>\n<meta name=\"twitter:card\" content=\"summary_large_image\" \/>\n<script type=\"application\/ld+json\" class=\"yoast-schema-graph\">{\"@context\":\"https:\\\/\\\/schema.org\",\"@graph\":[{\"@type\":\"WebPage\",\"@id\":\"https:\\\/\\\/iwell-guard.com\\\/cs\\\/svarog\\\/\",\"url\":\"https:\\\/\\\/iwell-guard.com\\\/cs\\\/svarog\\\/\",\"name\":\"Svarog - b\u016fh nebes a kov\u00e1\u0159 Slovan\u016f\",\"isPartOf\":{\"@id\":\"https:\\\/\\\/iwell-guard.com\\\/cs\\\/#website\"},\"primaryImageOfPage\":{\"@id\":\"https:\\\/\\\/iwell-guard.com\\\/cs\\\/svarog\\\/#primaryimage\"},\"image\":{\"@id\":\"https:\\\/\\\/iwell-guard.com\\\/cs\\\/svarog\\\/#primaryimage\"},\"thumbnailUrl\":\"https:\\\/\\\/iwell-guard.com\\\/wp-content\\\/uploads\\\/2026\\\/04\\\/goetter_slawisch_svarog.webp\",\"datePublished\":\"2026-09-03T16:29:27+00:00\",\"dateModified\":\"2026-09-03T16:53:34+00:00\",\"description\":\"Svarog, slovansk\u00fd b\u016fh kov\u00e1\u0159\u016f a stvo\u0159itel. Otec Da\u017eboga a Svaro\u017ei\u010de, str\u00e1\u017ece nebesk\u00e9ho ohn\u011b\",\"breadcrumb\":{\"@id\":\"https:\\\/\\\/iwell-guard.com\\\/cs\\\/svarog\\\/#breadcrumb\"},\"inLanguage\":\"cs\",\"potentialAction\":[{\"@type\":\"ReadAction\",\"target\":[\"https:\\\/\\\/iwell-guard.com\\\/cs\\\/svarog\\\/\"]}]},{\"@type\":\"ImageObject\",\"inLanguage\":\"cs\",\"@id\":\"https:\\\/\\\/iwell-guard.com\\\/cs\\\/svarog\\\/#primaryimage\",\"url\":\"https:\\\/\\\/iwell-guard.com\\\/wp-content\\\/uploads\\\/2026\\\/04\\\/goetter_slawisch_svarog.webp\",\"contentUrl\":\"https:\\\/\\\/iwell-guard.com\\\/wp-content\\\/uploads\\\/2026\\\/04\\\/goetter_slawisch_svarog.webp\",\"width\":1024,\"height\":1536,\"caption\":\"Bohov\u00e9 ze slovansk\u00e9 tradice.\"},{\"@type\":\"BreadcrumbList\",\"@id\":\"https:\\\/\\\/iwell-guard.com\\\/cs\\\/svarog\\\/#breadcrumb\",\"itemListElement\":[{\"@type\":\"ListItem\",\"position\":1,\"name\":\"Start\",\"item\":\"https:\\\/\\\/iwell-guard.com\\\/cs\\\/?page_id=145107\"},{\"@type\":\"ListItem\",\"position\":2,\"name\":\"Svarog\"}]},{\"@type\":\"WebSite\",\"@id\":\"https:\\\/\\\/iwell-guard.com\\\/cs\\\/#website\",\"url\":\"https:\\\/\\\/iwell-guard.com\\\/cs\\\/\",\"name\":\"iWell Guard\",\"description\":\"Schutz vor dunklen Einfl\u00fcssen\",\"publisher\":{\"@id\":\"https:\\\/\\\/iwell-guard.com\\\/cs\\\/#organization\"},\"potentialAction\":[{\"@type\":\"SearchAction\",\"target\":{\"@type\":\"EntryPoint\",\"urlTemplate\":\"https:\\\/\\\/iwell-guard.com\\\/cs\\\/?s={search_term_string}\"},\"query-input\":{\"@type\":\"PropertyValueSpecification\",\"valueRequired\":true,\"valueName\":\"search_term_string\"}}],\"inLanguage\":\"cs\"},{\"@type\":\"Organization\",\"@id\":\"https:\\\/\\\/iwell-guard.com\\\/cs\\\/#organization\",\"name\":\"Ittermann electronic GmbH\",\"url\":\"https:\\\/\\\/iwell-guard.com\\\/cs\\\/\",\"logo\":{\"@type\":\"ImageObject\",\"inLanguage\":\"cs\",\"@id\":\"https:\\\/\\\/iwell-guard.com\\\/cs\\\/#\\\/schema\\\/logo\\\/image\\\/\",\"url\":\"https:\\\/\\\/iwell-guard.com\\\/wp-content\\\/uploads\\\/2026\\\/05\\\/Ittermann-Logo-1182x237-1.png\",\"contentUrl\":\"https:\\\/\\\/iwell-guard.com\\\/wp-content\\\/uploads\\\/2026\\\/05\\\/Ittermann-Logo-1182x237-1.png\",\"width\":1182,\"height\":237,\"caption\":\"Ittermann electronic GmbH\"},\"image\":{\"@id\":\"https:\\\/\\\/iwell-guard.com\\\/cs\\\/#\\\/schema\\\/logo\\\/image\\\/\"},\"sameAs\":[\"https:\\\/\\\/pantip.com\\\/profile\\\/9367242\",\"https:\\\/\\\/micro.blog\\\/iwellguard\",\"https:\\\/\\\/www.diggerslist.com\\\/iwellguard\\\/about\",\"https:\\\/\\\/skitterphoto.com\\\/photographers\\\/2870314\\\/iwell-guard\",\"https:\\\/\\\/iwellguard.wordpress.com\\\/2026\\\/06\\\/06\\\/iwell-guard\\\/\",\"https:\\\/\\\/hub.docker.com\\\/u\\\/iwellguard\",\"https:\\\/\\\/www.pinterest.com\\\/iwellguard\\\/\",\"https:\\\/\\\/bit.ly\\\/m\\\/iwellguard\",\"https:\\\/\\\/entre-vos-mains.alsace.eu\\\/profiles\\\/iwellguard\\\/activity\",\"https:\\\/\\\/gravatar.com\\\/reallybeded8fd34\",\"https:\\\/\\\/naijamatta.com\\\/iwellguard\",\"https:\\\/\\\/www.goodreads.com\\\/iwellguard\",\"https:\\\/\\\/profile.hatena.ne.jp\\\/iwellguard\\\/\",\"https:\\\/\\\/experiment.com\\\/users\\\/iwellguard\",\"https:\\\/\\\/wakelet.com\\\/@iWellGuard82270\",\"https:\\\/\\\/www.chordie.com\\\/forum\\\/profile.php?id=2555664\",\"https:\\\/\\\/www.instapaper.com\\\/p\\\/17757966\",\"https:\\\/\\\/www.mapleprimes.com\\\/users\\\/iwellguard\",\"https:\\\/\\\/businesslistingplus.com\\\/profile\\\/iwell-guard\\\/\",\"https:\\\/\\\/telegra.ph\\\/iWell-Guard-06-06\",\"https:\\\/\\\/pbase.com\\\/iwellguard\\\/iwellguard\",\"https:\\\/\\\/b.hatena.ne.jp\\\/iwellguard\\\/20260607#bookmark-4788405196491818882\",\"https:\\\/\\\/fliphtml5.com\\\/home\\\/iwellguard\",\"https:\\\/\\\/anyflip.com\\\/homepage\\\/cmiwl#About\",\"https:\\\/\\\/transfur.com\\\/Users\\\/iwellguard\",\"http:\\\/\\\/delphi.larsbo.org\\\/user\\\/iwellguard\",\"https:\\\/\\\/jobs.lajobsportal.org\\\/profiles\\\/8380803-iwell-guard\",\"https:\\\/\\\/md.chaosdorf.de\\\/s\\\/jfbe5SBdJD\",\"https:\\\/\\\/www.lingvolive.com\\\/en-us\\\/profile\\\/9ecaeaca-ce11-4e51-9e71-01d55e2bff36\\\/translations\",\"https:\\\/\\\/www.fitday.com\\\/fitness\\\/forums\\\/members\\\/iwellguard.html\",\"https:\\\/\\\/www.mymeetbook.com\\\/iwellguard\",\"https:\\\/\\\/pxhere.com\\\/en\\\/photographer-me\\\/5040798\",\"https:\\\/\\\/disqus.com\\\/by\\\/iwellguard\\\/about\\\/\",\"https:\\\/\\\/pastelink.net\\\/hjwciqwq\",\"https:\\\/\\\/pubhtml5.com\\\/homepage\\\/scjhn\\\/\",\"https:\\\/\\\/www.bitchute.com\\\/channel\\\/2O2eOKzNqujT\",\"https:\\\/\\\/audiomack.com\\\/iwellguard\"]},{\"@type\":\"Article\",\"@id\":\"https:\\\/\\\/iwell-guard.com\\\/cs\\\/svarog\\\/#article\",\"isPartOf\":{\"@id\":\"https:\\\/\\\/iwell-guard.com\\\/cs\\\/svarog\\\/\"},\"author\":{\"name\":\"Ralf Ittermann\",\"@id\":\"https:\\\/\\\/iwell-guard.com\\\/cs\\\/#\\\/schema\\\/person\\\/ee2a27f1cac3406c7c6fb5820cb7349f\"},\"headline\":\"Svarog\",\"datePublished\":\"2026-09-03T16:29:27+00:00\",\"dateModified\":\"2026-09-03T16:53:34+00:00\",\"mainEntityOfPage\":{\"@id\":\"https:\\\/\\\/iwell-guard.com\\\/cs\\\/svarog\\\/\"},\"publisher\":{\"@id\":\"https:\\\/\\\/iwell-guard.com\\\/cs\\\/#organization\"},\"image\":{\"@id\":\"https:\\\/\\\/iwell-guard.com\\\/cs\\\/svarog\\\/#primaryimage\"},\"thumbnailUrl\":\"https:\\\/\\\/iwell-guard.com\\\/wp-content\\\/uploads\\\/2026\\\/04\\\/goetter_slawisch_svarog.webp\",\"inLanguage\":\"cs\",\"description\":\"Svarog, slovansk\u00fd b\u016fh kov\u00e1\u0159\u016f a stvo\u0159itel. Otec Da\u017eboga a Svaro\u017ei\u010de, str\u00e1\u017ece nebesk\u00e9ho ohn\u011b\"}]}<\/script>\n<!-- \/ Yoast SEO Premium plugin. -->","yoast_head_json":{"title":"Svarog - b\u016fh nebes a kov\u00e1\u0159 Slovan\u016f","description":"Svarog, slovansk\u00fd b\u016fh kov\u00e1\u0159\u016f a stvo\u0159itel. Otec Da\u017eboga a Svaro\u017ei\u010de, str\u00e1\u017ece nebesk\u00e9ho ohn\u011b","robots":{"index":"index","follow":"follow","max-snippet":"max-snippet:-1","max-image-preview":"max-image-preview:large","max-video-preview":"max-video-preview:-1"},"canonical":"https:\/\/iwell-guard.com\/cs\/svarog\/","og_locale":"cs_CZ","og_type":"article","og_title":"Svarog","og_description":"Svarog, slovansk\u00fd b\u016fh kov\u00e1\u0159\u016f a stvo\u0159itel. Otec Da\u017eboga a Svaro\u017ei\u010de, str\u00e1\u017ece nebesk\u00e9ho ohn\u011b","og_url":"https:\/\/iwell-guard.com\/cs\/svarog\/","og_site_name":"iWell Guard","article_modified_time":"2026-09-03T16:53:34+00:00","og_image":[{"width":1024,"height":1536,"url":"https:\/\/iwell-guard.com\/wp-content\/uploads\/2026\/04\/goetter_slawisch_svarog.webp","type":"image\/webp"}],"twitter_card":"summary_large_image","schema":{"@context":"https:\/\/schema.org","@graph":[{"@type":"Article","@id":"https:\/\/iwell-guard.com\/cs\/svarog\/#article","isPartOf":{"@id":"https:\/\/iwell-guard.com\/cs\/svarog\/"},"author":{"name":"Ralf Ittermann","@id":"https:\/\/iwell-guard.com\/cs\/#\/schema\/person\/ee2a27f1cac3406c7c6fb5820cb7349f"},"headline":"Svarog","datePublished":"2026-09-03T16:29:27+00:00","dateModified":"2026-09-03T16:53:34+00:00","mainEntityOfPage":{"@id":"https:\/\/iwell-guard.com\/cs\/svarog\/"},"publisher":{"@id":"https:\/\/iwell-guard.com\/cs\/#organization"},"image":{"@id":"https:\/\/iwell-guard.com\/cs\/svarog\/#primaryimage"},"thumbnailUrl":"https:\/\/iwell-guard.com\/wp-content\/uploads\/2026\/04\/goetter_slawisch_svarog.webp","inLanguage":"cs","description":"Svarog, slovansk\u00fd b\u016fh kov\u00e1\u0159\u016f a stvo\u0159itel. Otec Da\u017eboga a Svaro\u017ei\u010de, str\u00e1\u017ece nebesk\u00e9ho ohn\u011b"},{"@type":"WebPage","@id":"https:\/\/iwell-guard.com\/cs\/svarog\/","url":"https:\/\/iwell-guard.com\/cs\/svarog\/","name":"Svarog - b\u016fh nebes a kov\u00e1\u0159 Slovan\u016f","isPartOf":{"@id":"https:\/\/iwell-guard.com\/cs\/#website"},"primaryImageOfPage":{"@id":"https:\/\/iwell-guard.com\/cs\/svarog\/#primaryimage"},"image":{"@id":"https:\/\/iwell-guard.com\/cs\/svarog\/#primaryimage"},"thumbnailUrl":"https:\/\/iwell-guard.com\/wp-content\/uploads\/2026\/04\/goetter_slawisch_svarog.webp","datePublished":"2026-09-03T16:29:27+00:00","dateModified":"2026-09-03T16:53:34+00:00","description":"Svarog, slovansk\u00fd b\u016fh kov\u00e1\u0159\u016f a stvo\u0159itel. Otec Da\u017eboga a Svaro\u017ei\u010de, str\u00e1\u017ece nebesk\u00e9ho ohn\u011b","breadcrumb":{"@id":"https:\/\/iwell-guard.com\/cs\/svarog\/#breadcrumb"},"inLanguage":"cs","potentialAction":[{"@type":"ReadAction","target":["https:\/\/iwell-guard.com\/cs\/svarog\/"]}]},{"@type":"ImageObject","inLanguage":"cs","@id":"https:\/\/iwell-guard.com\/cs\/svarog\/#primaryimage","url":"https:\/\/iwell-guard.com\/wp-content\/uploads\/2026\/04\/goetter_slawisch_svarog.webp","contentUrl":"https:\/\/iwell-guard.com\/wp-content\/uploads\/2026\/04\/goetter_slawisch_svarog.webp","width":1024,"height":1536,"caption":"Bohov\u00e9 ze slovansk\u00e9 tradice."},{"@type":"BreadcrumbList","@id":"https:\/\/iwell-guard.com\/cs\/svarog\/#breadcrumb","itemListElement":[{"@type":"ListItem","position":1,"name":"Start","item":"https:\/\/iwell-guard.com\/cs\/?page_id=145107"},{"@type":"ListItem","position":2,"name":"Svarog"}]},{"@type":"WebSite","@id":"https:\/\/iwell-guard.com\/cs\/#website","url":"https:\/\/iwell-guard.com\/cs\/","name":"iWell Guard","description":"Schutz vor dunklen Einfl\u00fcssen","publisher":{"@id":"https:\/\/iwell-guard.com\/cs\/#organization"},"potentialAction":[{"@type":"SearchAction","target":{"@type":"EntryPoint","urlTemplate":"https:\/\/iwell-guard.com\/cs\/?s={search_term_string}"},"query-input":{"@type":"PropertyValueSpecification","valueRequired":true,"valueName":"search_term_string"}}],"inLanguage":"cs"},{"@type":"Organization","@id":"https:\/\/iwell-guard.com\/cs\/#organization","name":"Ittermann electronic GmbH","url":"https:\/\/iwell-guard.com\/cs\/","logo":{"@type":"ImageObject","inLanguage":"cs","@id":"https:\/\/iwell-guard.com\/cs\/#\/schema\/logo\/image\/","url":"https:\/\/iwell-guard.com\/wp-content\/uploads\/2026\/05\/Ittermann-Logo-1182x237-1.png","contentUrl":"https:\/\/iwell-guard.com\/wp-content\/uploads\/2026\/05\/Ittermann-Logo-1182x237-1.png","width":1182,"height":237,"caption":"Ittermann electronic GmbH"},"image":{"@id":"https:\/\/iwell-guard.com\/cs\/#\/schema\/logo\/image\/"},"sameAs":["https:\/\/pantip.com\/profile\/9367242","https:\/\/micro.blog\/iwellguard","https:\/\/www.diggerslist.com\/iwellguard\/about","https:\/\/skitterphoto.com\/photographers\/2870314\/iwell-guard","https:\/\/iwellguard.wordpress.com\/2026\/06\/06\/iwell-guard\/","https:\/\/hub.docker.com\/u\/iwellguard","https:\/\/www.pinterest.com\/iwellguard\/","https:\/\/bit.ly\/m\/iwellguard","https:\/\/entre-vos-mains.alsace.eu\/profiles\/iwellguard\/activity","https:\/\/gravatar.com\/reallybeded8fd34","https:\/\/naijamatta.com\/iwellguard","https:\/\/www.goodreads.com\/iwellguard","https:\/\/profile.hatena.ne.jp\/iwellguard\/","https:\/\/experiment.com\/users\/iwellguard","https:\/\/wakelet.com\/@iWellGuard82270","https:\/\/www.chordie.com\/forum\/profile.php?id=2555664","https:\/\/www.instapaper.com\/p\/17757966","https:\/\/www.mapleprimes.com\/users\/iwellguard","https:\/\/businesslistingplus.com\/profile\/iwell-guard\/","https:\/\/telegra.ph\/iWell-Guard-06-06","https:\/\/pbase.com\/iwellguard\/iwellguard","https:\/\/b.hatena.ne.jp\/iwellguard\/20260607#bookmark-4788405196491818882","https:\/\/fliphtml5.com\/home\/iwellguard","https:\/\/anyflip.com\/homepage\/cmiwl#About","https:\/\/transfur.com\/Users\/iwellguard","http:\/\/delphi.larsbo.org\/user\/iwellguard","https:\/\/jobs.lajobsportal.org\/profiles\/8380803-iwell-guard","https:\/\/md.chaosdorf.de\/s\/jfbe5SBdJD","https:\/\/www.lingvolive.com\/en-us\/profile\/9ecaeaca-ce11-4e51-9e71-01d55e2bff36\/translations","https:\/\/www.fitday.com\/fitness\/forums\/members\/iwellguard.html","https:\/\/www.mymeetbook.com\/iwellguard","https:\/\/pxhere.com\/en\/photographer-me\/5040798","https:\/\/disqus.com\/by\/iwellguard\/about\/","https:\/\/pastelink.net\/hjwciqwq","https:\/\/pubhtml5.com\/homepage\/scjhn\/","https:\/\/www.bitchute.com\/channel\/2O2eOKzNqujT","https:\/\/audiomack.com\/iwellguard"]},{"@type":"Person","@id":"https:\/\/iwell-guard.com\/cs\/#\/schema\/person\/ee2a27f1cac3406c7c6fb5820cb7349f","name":"Ralf Ittermann","image":{"@type":"ImageObject","inLanguage":"cs","@id":"https:\/\/secure.gravatar.com\/avatar\/073c0153e350a5005b68eb752b445fea71f6b24a26da9449ad7e155e6b446c9d?s=96&d=mm&r=g","url":"https:\/\/secure.gravatar.com\/avatar\/073c0153e350a5005b68eb752b445fea71f6b24a26da9449ad7e155e6b446c9d?s=96&d=mm&r=g","contentUrl":"https:\/\/secure.gravatar.com\/avatar\/073c0153e350a5005b68eb752b445fea71f6b24a26da9449ad7e155e6b446c9d?s=96&d=mm&r=g","caption":"Ralf Ittermann"},"givenName":"Ralf","familyName":"Ittermann","jobTitle":"Gesch\u00e4ftsf\u00fchrer und redaktioneller Verantwortlicher","url":"https:\/\/iwell-guard.com\/cs\/author\/claude\/","description":"Ralf Ittermann ist Gesch\u00e4ftsf\u00fchrer der Ittermann electronic GmbH und redaktioneller Verantwortlicher des iWell-Guard-Lexikons. Er verbindet langj\u00e4hrige Erfahrung in der Pr\u00e4zisionsfertigung mit medialer Praxis und religionsgeschichtlicher Quellenarbeit.","worksFor":{"@type":"Organization","name":"Ittermann electronic GmbH","url":"https:\/\/ittermann.de\/","address":{"@type":"PostalAddress","streetAddress":"K\u00f6hlergasse 16-18","postalCode":"99842","addressLocality":"Ruhla","addressCountry":"DE"}},"knowsAbout":["Religionsgeschichte","Mythologie","Mediale Praxis","Energetische Diagnostik","Schutzpraxis","Volksglauben","Westliche Esoterik"]},{"@type":"Article","@id":"https:\/\/iwell-guard.com\/cs\/svarog\/#article","isPartOf":{"@id":"https:\/\/iwell-guard.com\/cs\/svarog\/"},"author":{"name":"Ralf Ittermann","@id":"https:\/\/iwell-guard.com\/cs\/#\/schema\/person\/ee2a27f1cac3406c7c6fb5820cb7349f"},"headline":"Svarog","datePublished":"2026-09-03T16:29:27+00:00","dateModified":"2026-09-03T16:53:34+00:00","mainEntityOfPage":{"@id":"https:\/\/iwell-guard.com\/cs\/svarog\/"},"publisher":{"@id":"https:\/\/iwell-guard.com\/cs\/#organization"},"image":{"@id":"https:\/\/iwell-guard.com\/cs\/svarog\/#primaryimage"},"thumbnailUrl":"https:\/\/iwell-guard.com\/wp-content\/uploads\/2026\/04\/goetter_slawisch_svarog.webp","inLanguage":"cs","description":"Svarog, slovansk\u00fd b\u016fh kov\u00e1\u0159\u016f a stvo\u0159itel. Otec Da\u017eboga a Svaro\u017ei\u010de, str\u00e1\u017ece nebesk\u00e9ho ohn\u011b"}]}},"_links":{"self":[{"href":"https:\/\/iwell-guard.com\/cs\/wp-json\/wp\/v2\/pages\/145347","targetHints":{"allow":["GET"]}}],"collection":[{"href":"https:\/\/iwell-guard.com\/cs\/wp-json\/wp\/v2\/pages"}],"about":[{"href":"https:\/\/iwell-guard.com\/cs\/wp-json\/wp\/v2\/types\/page"}],"author":[{"embeddable":true,"href":"https:\/\/iwell-guard.com\/cs\/wp-json\/wp\/v2\/users\/3"}],"replies":[{"embeddable":true,"href":"https:\/\/iwell-guard.com\/cs\/wp-json\/wp\/v2\/comments?post=145347"}],"version-history":[{"count":0,"href":"https:\/\/iwell-guard.com\/cs\/wp-json\/wp\/v2\/pages\/145347\/revisions"}],"wp:featuredmedia":[{"embeddable":true,"href":"https:\/\/iwell-guard.com\/cs\/wp-json\/wp\/v2\/media\/1650"}],"wp:attachment":[{"href":"https:\/\/iwell-guard.com\/cs\/wp-json\/wp\/v2\/media?parent=145347"}],"wp:term":[{"taxonomy":"category","embeddable":true,"href":"https:\/\/iwell-guard.com\/cs\/wp-json\/wp\/v2\/categories?post=145347"}],"curies":[{"name":"wp","href":"https:\/\/api.w.org\/{rel}","templated":true}]}}