{"id":145345,"date":"2026-09-03T16:29:26","date_gmt":"2026-09-03T16:29:26","guid":{"rendered":"https:\/\/iwell-guard.com\/?page_id=145345"},"modified":"2026-09-03T16:53:30","modified_gmt":"2026-09-03T16:53:30","slug":"frigg","status":"publish","type":"page","link":"https:\/\/iwell-guard.com\/cs\/frigg\/","title":{"rendered":"Frigg"},"content":{"rendered":"\t\t<div data-elementor-type=\"wp-page\" data-elementor-id=\"145345\" class=\"elementor elementor-145345 elementor-2098 elementor-bc-flex-widget\" data-elementor-post-type=\"page\">\n\t\t\t\t<div class=\"elementor-element elementor-element-10fdade e-flex e-con-boxed e-con e-parent\" data-id=\"10fdade\" data-element_type=\"container\" data-e-type=\"container\" data-settings=\"{&quot;background_background&quot;:&quot;classic&quot;}\">\n\t\t\t\t\t<div class=\"e-con-inner\">\n\t\t<div class=\"elementor-element elementor-element-herohlft0 e-flex e-con-boxed e-con e-child\" data-id=\"herohlft0\" data-element_type=\"container\" data-e-type=\"container\">\n\t\t\t\t\t<div class=\"e-con-inner\">\n\t\t<div class=\"elementor-element elementor-element-c3ceb64 e-con-full e-flex e-con e-child\" data-id=\"c3ceb64\" data-element_type=\"container\" data-e-type=\"container\">\n\t\t\t\t<div class=\"elementor-element elementor-element-96ae5e1 elementor-widget elementor-widget-heading\" data-id=\"96ae5e1\" data-element_type=\"widget\" data-e-type=\"widget\" data-widget_type=\"heading.default\">\n\t\t\t\t\t<h1 class=\"elementor-heading-title elementor-size-default\">Frigg, bohyn\u011b germ\u00e1nsk\u00e9 tradice<\/h1>\t\t\t\t<\/div>\n\t\t\t\t<div class=\"elementor-element elementor-element-e45238a elementor-widget elementor-widget-text-editor\" data-id=\"e45238a\" data-element_type=\"widget\" data-e-type=\"widget\" data-widget_type=\"text-editor.default\">\n\t\t\t\t\t\t\t\t\t<p>Nejvy\u0161\u0161\u00ed bohyn\u011b germ\u00e1nsk\u00e9 <span class=\"iwg-fachbegriff\" data-tooltip=\"Souhrn tradovan\u00fdch vypr\u00e1v\u011bn\u00ed o boz\u00edch v dan\u00e9 kultu\u0159e.\" tabindex=\"0\">mytologie<\/span>, man\u017eelka \u00d3dina, matka Baldera. Frigg je v seversk\u00fdch pramenech pova\u017eov\u00e1na za nejvy\u0161\u0161\u00ed bohyni \u00e1sovsk\u00e9ho rodu a vl\u00e1dkyni Fensaliru. Zosob\u0148uje man\u017eelstv\u00ed, mate\u0159stv\u00ed a \u0159\u00e1dn\u00e9 hospod\u00e1\u0159stv\u00ed, a z\u00e1rove\u0148 m\u00e1 dar vid\u011bt osud, ani\u017e by o n\u011bm hovo\u0159ila.<\/p>\t\t\t\t\t\t\t\t<\/div>\n\t\t\t\t<\/div>\n\t\t<div class=\"elementor-element elementor-element-klsbdg01 e-con-full e-flex e-con e-parent\" data-id=\"klsbdg01\" data-element_type=\"container\" data-e-type=\"container\">\n\t\t\t\t<div class=\"elementor-element elementor-element-klshtm01 elementor-widget elementor-widget-html\" data-id=\"klshtm01\" data-element_type=\"widget\" data-e-type=\"widget\" data-widget_type=\"html.default\">\n\t\t\t\t\t<div class=\"iwg-pill-row\"><span class=\"iwg-klasse-badge\" tabindex=\"0\" data-tooltip=\"B\u016fh \/ bohyn\u011b: Zosobn\u011bn\u00e1 nejvy\u0161\u0161\u00ed moc v panteonu dan\u00e9 kultury s jasn\u00fdmi oblastmi p\u016fsobnosti, jako jsou p\u0159\u00edrodn\u00ed s\u00edly, osud, v\u00e1lka nebo plodnost. Uct\u00edvan\u00e1 prost\u0159ednictv\u00edm kult\u016f, ob\u011bt\u00ed a chr\u00e1mov\u00fdch instituc\u00ed.\">Bohyn\u011b<\/span><a href=\"https:\/\/iwell-guard.com\/cs\/?page_id=145141\" class=\"iwg-kultur-badge\" tabindex=\"0\" data-tooltip=\"P\u0159edk\u0159es\u0165ansk\u00fd sv\u011bt boh\u016f a duch\u016f severn\u00ed a st\u0159edn\u00ed Evropy.\">Germ\u00e1nsk\u00e1<\/a><a href=\"https:\/\/iwell-guard.com\/cs\/?page_id=145236\" class=\"iwg-tradition-badge\" tabindex=\"0\" data-tooltip=\"Ochrann\u00e1 bo\u017estva, str\u00e1\u017eci domu, m\u011bsta, porod\u016f, cest nebo \u017eivotn\u00edch etap.\">Ochrann\u00e9 bo\u017estvo<\/a><\/div>\t\t\t\t<\/div>\n\t\t\t\t<\/div>\n\t\t<div class=\"elementor-element elementor-element-3f74855 e-con-full e-flex e-con e-child\" data-id=\"3f74855\" data-element_type=\"container\" data-e-type=\"container\">\n\t\t\t\t<div class=\"elementor-element elementor-element-1c30362 elementor-toc--minimized-on-tablet elementor-widget elementor-widget-table-of-contents\" data-id=\"1c30362\" data-element_type=\"widget\" data-e-type=\"widget\" data-settings=\"{&quot;exclude_headings_by_selector&quot;:[],&quot;no_headings_message&quot;:&quot;Na t\\u00e9to str\\u00e1nce nebyly nalezeny \\u017e\\u00e1dn\\u00e9 nadpisy.&quot;,&quot;headings_by_tags&quot;:[&quot;h2&quot;,&quot;h3&quot;],&quot;marker_view&quot;:&quot;bullets&quot;,&quot;minimize_box&quot;:&quot;yes&quot;,&quot;icon&quot;:{&quot;value&quot;:&quot;fas fa-circle&quot;,&quot;library&quot;:&quot;fa-solid&quot;,&quot;rendered_tag&quot;:&quot;&lt;svg class=\\&quot;e-font-icon-svg e-fas-circle\\&quot; viewBox=\\&quot;0 0 512 512\\&quot; xmlns=\\&quot;http:\\\/\\\/www.w3.org\\\/2000\\\/svg\\&quot;&gt;&lt;path d=\\&quot;M256 8C119 8 8 119 8 256s111 248 248 248 248-111 248-248S393 8 256 8z\\&quot;&gt;&lt;\\\/path&gt;&lt;\\\/svg&gt;&quot;},&quot;minimized_on&quot;:&quot;tablet&quot;,&quot;hierarchical_view&quot;:&quot;yes&quot;,&quot;min_height&quot;:{&quot;unit&quot;:&quot;px&quot;,&quot;size&quot;:&quot;&quot;,&quot;sizes&quot;:[]},&quot;min_height_tablet&quot;:{&quot;unit&quot;:&quot;px&quot;,&quot;size&quot;:&quot;&quot;,&quot;sizes&quot;:[]},&quot;min_height_mobile&quot;:{&quot;unit&quot;:&quot;px&quot;,&quot;size&quot;:&quot;&quot;,&quot;sizes&quot;:[]}}\" data-widget_type=\"table-of-contents.default\">\n\t\t\t\t\t\t\t\t\t<div class=\"elementor-toc__header\">\n\t\t\t\t\t\t<h2 class=\"elementor-toc__header-title\">\n\t\t\t\tObsah\t\t\t<\/h2>\n\t\t\t\t\t\t\t\t\t\t<div class=\"elementor-toc__toggle-button elementor-toc__toggle-button--expand\" role=\"button\" tabindex=\"0\" aria-controls=\"elementor-toc__1c30362\" aria-expanded=\"true\" aria-label=\"Open table of contents\"><svg aria-hidden=\"true\" class=\"e-font-icon-svg e-fas-chevron-down\" viewBox=\"0 0 448 512\" xmlns=\"http:\/\/www.w3.org\/2000\/svg\"><path d=\"M207.029 381.476L12.686 187.132c-9.373-9.373-9.373-24.569 0-33.941l22.667-22.667c9.357-9.357 24.522-9.375 33.901-.04L224 284.505l154.745-154.021c9.379-9.335 24.544-9.317 33.901.04l22.667 22.667c9.373 9.373 9.373 24.569 0 33.941L240.971 381.476c-9.373 9.372-24.569 9.372-33.942 0z\"><\/path><\/svg><\/div>\n\t\t\t\t<div class=\"elementor-toc__toggle-button elementor-toc__toggle-button--collapse\" role=\"button\" tabindex=\"0\" aria-controls=\"elementor-toc__1c30362\" aria-expanded=\"true\" aria-label=\"Close table of contents\"><svg aria-hidden=\"true\" class=\"e-font-icon-svg e-fas-chevron-up\" viewBox=\"0 0 448 512\" xmlns=\"http:\/\/www.w3.org\/2000\/svg\"><path d=\"M240.971 130.524l194.343 194.343c9.373 9.373 9.373 24.569 0 33.941l-22.667 22.667c-9.357 9.357-24.522 9.375-33.901.04L224 227.495 69.255 381.516c-9.379 9.335-24.544 9.317-33.901-.04l-22.667-22.667c-9.373-9.373-9.373-24.569 0-33.941L207.03 130.525c9.372-9.373 24.568-9.373 33.941-.001z\"><\/path><\/svg><\/div>\n\t\t\t\t\t<\/div>\n\t\t\t\t<div id=\"elementor-toc__1c30362\" class=\"elementor-toc__body\">\n\t\t\t<div class=\"elementor-toc__spinner-container\">\n\t\t\t\t<svg class=\"elementor-toc__spinner eicon-animation-spin e-font-icon-svg e-eicon-loading\" aria-hidden=\"true\" viewBox=\"0 0 1000 1000\" xmlns=\"http:\/\/www.w3.org\/2000\/svg\"><path d=\"M500 975V858C696 858 858 696 858 500S696 142 500 142 142 304 142 500H25C25 237 238 25 500 25S975 237 975 500 763 975 500 975Z\"><\/path><\/svg>\t\t\t<\/div>\n\t\t<\/div>\n\t\t\t\t\t\t<\/div>\n\t\t\t\t<\/div>\n\t\t\t\t\t<\/div>\n\t\t\t\t<\/div>\n\t\t<div class=\"elementor-element elementor-element-herorght0 e-con-full e-flex e-con e-child\" data-id=\"herorght0\" data-element_type=\"container\" data-e-type=\"container\">\n\t\t\t\t<div class=\"elementor-element elementor-element-heroimg00 iwg-hero-image elementor-widget elementor-widget-image\" data-id=\"heroimg00\" data-element_type=\"widget\" data-e-type=\"widget\" data-widget_type=\"image.default\">\n\t\t\t\t\t\t\t\t\t\t\t\t\t\t\t<img fetchpriority=\"high\" decoding=\"async\" width=\"683\" height=\"1024\" src=\"https:\/\/iwell-guard.com\/wp-content\/uploads\/2026\/04\/goetter_germanisch_frigg-683x1024.webp\" class=\"attachment-large size-large wp-image-1572\" alt=\"Frigg\" srcset=\"https:\/\/iwell-guard.com\/wp-content\/uploads\/2026\/04\/goetter_germanisch_frigg-683x1024.webp 683w, https:\/\/iwell-guard.com\/wp-content\/uploads\/2026\/04\/goetter_germanisch_frigg-200x300.webp 200w, https:\/\/iwell-guard.com\/wp-content\/uploads\/2026\/04\/goetter_germanisch_frigg-768x1152.webp 768w, https:\/\/iwell-guard.com\/wp-content\/uploads\/2026\/04\/goetter_germanisch_frigg.webp 1024w\" sizes=\"(max-width: 683px) 100vw, 683px\" \/>\t\t\t\t\t\t\t\t\t\t\t\t\t\t\t<\/div>\n\t\t\t\t<\/div>\n\t\t\t\t\t<\/div>\n\t\t\t\t<\/div>\n\t\t<div class=\"elementor-element elementor-element-32917199 e-flex e-con-boxed e-con e-parent\" data-id=\"32917199\" data-element_type=\"container\" data-e-type=\"container\">\n\t\t\t\t\t<div class=\"e-con-inner\">\n\t\t<div class=\"elementor-element elementor-element-26e916cb e-flex e-con-boxed e-con e-child\" data-id=\"26e916cb\" data-element_type=\"container\" data-e-type=\"container\">\n\t\t\t\t\t<div class=\"e-con-inner\">\n\t\t<div class=\"elementor-element elementor-element-253a40d4 e-flex e-con-boxed e-con e-child\" data-id=\"253a40d4\" data-element_type=\"container\" data-e-type=\"container\">\n\t\t\t\t\t<div class=\"e-con-inner\">\n\t\t\t\t<div class=\"elementor-element elementor-element-1200c304 elementor-widget elementor-widget-heading\" data-id=\"1200c304\" data-element_type=\"widget\" data-e-type=\"widget\" data-widget_type=\"heading.default\">\n\t\t\t\t\t<h2 class=\"elementor-heading-title elementor-size-default\">Frigg<\/h2>\t\t\t\t<\/div>\n\t\t\t\t\t<\/div>\n\t\t\t\t<\/div>\n\t\t<div class=\"elementor-element elementor-element-159dcf9a e-flex e-con-boxed e-con e-child\" data-id=\"159dcf9a\" data-element_type=\"container\" data-e-type=\"container\">\n\t\t\t\t\t<div class=\"e-con-inner\">\n\t\t\t\t<div class=\"elementor-element elementor-element-48cee66f elementor-widget elementor-widget-heading\" data-id=\"48cee66f\" data-element_type=\"widget\" data-e-type=\"widget\" data-widget_type=\"heading.default\">\n\t\t\t\t\t<h3 class=\"elementor-heading-title elementor-size-default\">P\u0159ehledn\u011b: Frigg<\/h3>\t\t\t\t<\/div>\n\t\t\t\t<div class=\"elementor-element elementor-element-3f50d82c elementor-widget elementor-widget-text-editor\" data-id=\"3f50d82c\" data-element_type=\"widget\" data-e-type=\"widget\" data-widget_type=\"text-editor.default\">\n\t\t\t\t\t\t\t\t\t<p><strong>Typ:<\/strong> Germ\u00e1nsk\u00e1 hlavn\u00ed bohyn\u011b, \u00c1synja, man\u017eelka \u00d3dina, matka-bohyn\u011b<br><span class=\"iwg-fachbegriff\" data-tooltip=\"Souhrn boh\u016f ur\u010dit\u00e9ho n\u00e1bo\u017eenstv\u00ed nebo kultury.\" tabindex=\"0\">Panteon<\/span>: Germ\u00e1nsk\u00fd \/ Seversk\u00fd (rod \u00c1s\u016f)<br>Funkce: mate\u0159stv\u00ed, ochrana domu, v\u011bd\u011bn\u00ed (moudrost ml\u010den\u00ed), v\u011b\u0161t\u011bn\u00ed (v\u0161eznalost, o n\u00ed\u017e nemluv\u00ed)<br>Hlavn\u00ed atributy: kolovrat, svazek kl\u00ed\u010d\u016f (ochrana domu), sokol\u00ed pl\u00e1\u0161\u0165 z pe\u0159\u00ed, dvorsk\u00fd \u0161at<br>Hlavn\u00ed kultovn\u00ed m\u00edsta: \u017e\u00e1dn\u00e9 vlastn\u00ed <span class=\"iwg-fachbegriff\" data-tooltip=\"Stavba slou\u017e\u00edc\u00ed k uct\u00edv\u00e1n\u00ed jednoho nebo v\u00edce bo\u017estev.\" tabindex=\"0\">chr\u00e1my<\/span> nejsou zdokumentov\u00e1ny, v Sasku a Doln\u00edm Sasku byla <span class=\"iwg-fachbegriff\" data-tooltip=\"Poch\u00e1zej\u00edc\u00ed z doby p\u0159ed \u0161\u00ed\u0159en\u00edm k\u0159es\u0165anstv\u00ed.\" tabindex=\"0\">p\u0159edk\u0159es\u0165ansky<\/span> roz\u0161\u00ed\u0159ena<br>\u0158\u00edmsk\u00e1 identifikace: Venu\u0161e (v tradici t\u00fddenn\u00edch dn\u016f: p\u00e1tek = den Frigg, paraleln\u011b k Veneris dies)<\/p>\t\t\t\t\t\t\t\t<\/div>\n\t\t\t\t\t<\/div>\n\t\t\t\t<\/div>\n\t\t\t\t\t<\/div>\n\t\t\t\t<\/div>\n\t\t\t\t\t<\/div>\n\t\t\t\t<\/div>\n\t\t<div class=\"elementor-element elementor-element-18613602 e-flex e-con-boxed e-con e-parent\" data-id=\"18613602\" data-element_type=\"container\" data-e-type=\"container\">\n\t\t\t\t\t<div class=\"e-con-inner\">\n\t\t\t\t<div class=\"elementor-element elementor-element-262b8a9f elementor-widget elementor-widget-heading\" data-id=\"262b8a9f\" data-element_type=\"widget\" data-e-type=\"widget\" data-widget_type=\"heading.default\">\n\t\t\t\t\t<h2 class=\"elementor-heading-title elementor-size-default\">Historick\u00e9 za\u0159azen\u00ed<\/h2>\t\t\t\t<\/div>\n\t\t<div class=\"elementor-element elementor-element-46dcb7d e-con-full e-flex e-con e-child\" data-id=\"46dcb7d\" data-element_type=\"container\" data-e-type=\"container\">\n\t\t<div class=\"elementor-element elementor-element-61d3ab3 e-flex e-con-boxed e-con e-child\" data-id=\"61d3ab3\" data-element_type=\"container\" data-e-type=\"container\">\n\t\t\t\t\t<div class=\"e-con-inner\">\n\t\t\t\t<div class=\"elementor-element elementor-element-117c166 elementor-widget elementor-widget-heading\" data-id=\"117c166\" data-element_type=\"widget\" data-e-type=\"widget\" data-widget_type=\"heading.default\">\n\t\t\t\t\t<h3 class=\"elementor-heading-title elementor-size-default\">Zeitraum der Texte<\/h3>\t\t\t\t<\/div>\n\t\t\t\t<div class=\"elementor-element elementor-element-73997a0 elementor-widget elementor-widget-text-editor\" data-id=\"73997a0\" data-element_type=\"widget\" data-e-type=\"widget\" data-widget_type=\"text-editor.default\">\n\t\t\t\t\t\t\t\t\t<p>Frigg je \u00fast\u0159edn\u00ed postavou u\u017e od nejstar\u0161\u00edch germ\u00e1nsk\u00fdch pramen\u016f (\u0159\u00edmsk\u00fd Tacitus, 1. stol. n. l., pot\u00e9 Snorri Sturlusonova <em>Edda<\/em>, 13. stol.). Hlavn\u00edm liter\u00e1rn\u00edm pramenem je <em>Snorra-Edda<\/em> (1220) a <em>P\u00eds\u0148ov\u00e1 Edda<\/em> (sestavena ve 13. stol., obsahuje star\u0161\u00ed mytologick\u00e9 p\u00edsn\u011b).<\/p><p>V germansk\u00e9m syst\u00e9mu n\u00e1zv\u016f dn\u016f v t\u00fddnu je <em>p\u00e1tek<\/em> pojmenov\u00e1n po Frigg (germ\u00e1nsky <em>Frij\u0101dagaz<\/em>, obdoba latinsk\u00e9ho <em>dies Veneris<\/em>). Christianizace Skandin\u00e1vie (10.\u201312. stol.) p\u0159eru\u0161ila <span class=\"iwg-fachbegriff\" data-tooltip=\"Souhrn n\u00e1bo\u017eensk\u00fdch \u00factypln\u00fdch \u00fakon\u016f v\u016f\u010di bo\u017estvu nebo posv\u00e1tn\u00e9 bytosti.\" tabindex=\"0\">kult<\/span>, ten se v\u0161ak zachoval v n\u00e1zvu dne v t\u00fddnu, v lidov\u00fdch zvyc\u00edch i v liter\u00e1rn\u00ed tradici. V 19.\/20. stol. do\u0161lo k germ\u00e1nsko-romantick\u00e9mu a novopohansk\u00e9mu (\u00e1satr\u00fa) obrozen\u00ed.<\/p>\t\t\t\t\t\t\t\t<\/div>\n\t\t\t\t\t<\/div>\n\t\t\t\t<\/div>\n\t\t<div class=\"elementor-element elementor-element-d47b156 e-flex e-con-boxed e-con e-child\" data-id=\"d47b156\" data-element_type=\"container\" data-e-type=\"container\">\n\t\t\t\t\t<div class=\"e-con-inner\">\n\t\t\t\t<div class=\"elementor-element elementor-element-ff38c2b elementor-widget elementor-widget-heading\" data-id=\"ff38c2b\" data-element_type=\"widget\" data-e-type=\"widget\" data-widget_type=\"heading.default\">\n\t\t\t\t\t<h3 class=\"elementor-heading-title elementor-size-default\">Verbreitungsraum<\/h3>\t\t\t\t<\/div>\n\t\t\t\t<div class=\"elementor-element elementor-element-4e49fcc elementor-widget elementor-widget-text-editor\" data-id=\"4e49fcc\" data-element_type=\"widget\" data-e-type=\"widget\" data-widget_type=\"text-editor.default\">\n\t\t\t\t\t\t\t\t\t<p>P\u0159\u00edm\u00e9 <span class=\"iwg-fachbegriff\" data-tooltip=\"Stavba slou\u017e\u00edc\u00ed k uct\u00edv\u00e1n\u00ed jednoho nebo v\u00edce bo\u017estev.\" tabindex=\"0\">chr\u00e1my<\/span> zasv\u011bcen\u00e9 Frigg nejsou jednozna\u010dn\u011b zdokumentov\u00e1ny. Star\u00e9 germ\u00e1nsk\u00e9 uct\u00edv\u00e1n\u00ed bylo p\u0159edev\u0161\u00edm dom\u00e1c\u00edm kultem a <span class=\"iwg-fachbegriff\" data-tooltip=\"N\u00e1bo\u017eensk\u00e9 p\u0159edstavy a zvyky roz\u0161\u00ed\u0159en\u00e9 v ka\u017edodenn\u00edm \u017eivot\u011b.\" tabindex=\"0\">lidovou v\u00edrou<\/span>. Tacitus zmi\u0148uje \u010dernolesn\u00ed <span class=\"iwg-fachbegriff\" data-tooltip=\"Svat\u00fd h\u00e1jek, kter\u00fd slou\u017eil jako kultovn\u00ed m\u00edsto.\" tabindex=\"0\">h\u00e1j<\/span> jako svat\u00e9 m\u00edsto.<\/p><p>Ve skandin\u00e1vsk\u00e9m st\u0159edov\u011bku jsou zm\u00ednky o n\u00ed p\u0159ev\u00e1\u017en\u011b liter\u00e1rn\u00ed povahy (Edda, skaldsk\u00e1 poezie). V modern\u00ed tradici <em>\u00e1satr\u00fa<\/em> (germ\u00e1nsko-pohansk\u00e9 n\u00e1bo\u017eenstv\u00ed od 70. let 20. stol.) je op\u011bt aktivn\u011b uct\u00edv\u00e1na; dnes existuj\u00ed \u00e1satr\u00fa bl\u00f3tov\u00e1 shrom\u00e1\u017ed\u011bn\u00ed v N\u011bmecku, USA a Skandin\u00e1vii.<\/p>\t\t\t\t\t\t\t\t<\/div>\n\t\t\t\t\t<\/div>\n\t\t\t\t<\/div>\n\t\t\t\t<\/div>\n\t\t<div class=\"elementor-element elementor-element-db03c39 e-con-full e-flex e-con e-child\" data-id=\"db03c39\" data-element_type=\"container\" data-e-type=\"container\">\n\t\t<div class=\"elementor-element elementor-element-229a87b e-flex e-con-boxed e-con e-child\" data-id=\"229a87b\" data-element_type=\"container\" data-e-type=\"container\">\n\t\t\t\t\t<div class=\"e-con-inner\">\n\t\t\t\t<div class=\"elementor-element elementor-element-1f471fc elementor-widget elementor-widget-heading\" data-id=\"1f471fc\" data-element_type=\"widget\" data-e-type=\"widget\" data-widget_type=\"heading.default\">\n\t\t\t\t\t<h3 class=\"elementor-heading-title elementor-size-default\">Quellenlage<\/h3>\t\t\t\t<\/div>\n\t\t\t\t<div class=\"elementor-element elementor-element-36b1201 elementor-widget elementor-widget-text-editor\" data-id=\"36b1201\" data-element_type=\"widget\" data-e-type=\"widget\" data-widget_type=\"text-editor.default\">\n\t\t\t\t\t\t\t\t\t<p>Hlavn\u00ed prameny: <span class=\"iwg-fachbegriff\" tabindex=\"0\" data-tooltip=\"Islandsk\u00fd u\u010denec (1179\u20131241); autor Prosaick\u00e9 Eddy a Heimskringly.\">Snorri Sturluson<\/span>, <em>Snorra-Edda<\/em> (Gylfaginning, Sk\u00e1ldskaparm\u00e1l); <em>P\u00eds\u0148ov\u00e1 Edda<\/em> (Vafthrudnismal, Lokasenna s Friggnin\u00fdm obhajovac\u00edm projevem); Saxo Grammaticus, <em>Gesta Danorum<\/em> (12. stol., euhemerizovan\u00e9 germ\u00e1nsk\u00e9 m\u00fdty); Tacitus, <em>Germania<\/em> (1. stol.).<\/p><p>Sekund\u00e1rn\u00ed literatura: Simek, <em>Lexikon der germanischen <span class=\"iwg-fachbegriff\" data-tooltip=\"Souhrn tradovan\u00fdch vypr\u00e1v\u011bn\u00ed o boz\u00edch v dan\u00e9 kultu\u0159e.\" tabindex=\"0\">Mythologie<\/span><\/em>; de Vries, <em>Altgermanische Religionsgeschichte<\/em>; Lindow, <em>Norse Mythology. A Guide to the Gods, Heroes, Rituals, and Beliefs<\/em>; Davidson, <em>Roles of the Northern Goddess<\/em>.<\/p>\t\t\t\t\t\t\t\t<\/div>\n\t\t\t\t\t<\/div>\n\t\t\t\t<\/div>\n\t\t\t\t<\/div>\n\t\t\t\t\t<\/div>\n\t\t\t\t<\/div>\n\t\t<div class=\"elementor-element elementor-element-3ae0637c e-flex e-con-boxed e-con e-parent\" data-id=\"3ae0637c\" data-element_type=\"container\" data-e-type=\"container\">\n\t\t\t\t\t<div class=\"e-con-inner\">\n\t\t\t\t<div class=\"elementor-element elementor-element-31d07739 elementor-widget elementor-widget-heading\" data-id=\"31d07739\" data-element_type=\"widget\" data-e-type=\"widget\" data-widget_type=\"heading.default\">\n\t\t\t\t\t<h2 class=\"elementor-heading-title elementor-size-default\">Jm\u00e9no<\/h2>\t\t\t\t<\/div>\n\t\t<div class=\"elementor-element elementor-element-b7642947 e-con-full e-flex e-con e-child\" data-id=\"b7642947\" data-element_type=\"container\" data-e-type=\"container\">\n\t\t\t\t<div class=\"elementor-element elementor-element-a086266 elementor-widget elementor-widget-text-editor\" data-id=\"a086266\" data-element_type=\"widget\" data-e-type=\"widget\" data-widget_type=\"text-editor.default\">\n\t\t\t\t\t\t\t\t\t<p>Frigg je zobrazov\u00e1na jako zral\u00e1, d\u016fstojn\u00e1 \u017eena, \u010dasto s p\u0159eslic\u00ed nebo svazkem kl\u00ed\u010d\u016f, oba symboly hospod\u00e1\u0159sk\u00e9 moci ve vikinsk\u00e9 dob\u011b severu. Jej\u00ed sokol\u00ed pl\u00e1\u0161\u0165 d\u00e1v\u00e1 j\u00ed, a p\u0159\u00edle\u017eitostn\u011b i vyp\u016fj\u010duj\u00edc\u00edm boh\u016fm jako Loki, schopnost l\u00e9tat.<\/p><p>Dvan\u00e1ct \u00c1synj\u00ed, pod\u0159\u00edzen\u00fdch bohyn\u00ed, jsou pova\u017eov\u00e1ny za jej\u00ed slu\u017eebnice. Jej\u00edmi barvami jsou b\u00edl\u00e1, st\u0159\u00edbrn\u00e1 a bled\u011b modr\u00e1; jej\u00edm zv\u00ed\u0159etem je sokol.<\/p>\t\t\t\t\t\t\t\t<\/div>\n\t\t\t\t<\/div>\n\t\t\t\t\t<\/div>\n\t\t\t\t<\/div>\n\t\t<div class=\"elementor-element elementor-element-709a44a8 e-flex e-con-boxed e-con e-parent\" data-id=\"709a44a8\" data-element_type=\"container\" data-e-type=\"container\">\n\t\t\t\t\t<div class=\"e-con-inner\">\n\t\t\t\t<div class=\"elementor-element elementor-element-2f585873 elementor-widget elementor-widget-heading\" data-id=\"2f585873\" data-element_type=\"widget\" data-e-type=\"widget\" data-widget_type=\"heading.default\">\n\t\t\t\t\t<h2 class=\"elementor-heading-title elementor-size-default\">Popis<\/h2>\t\t\t\t<\/div>\n\t\t<div class=\"elementor-element elementor-element-70621c12 e-con-full e-flex e-con e-child\" data-id=\"70621c12\" data-element_type=\"container\" data-e-type=\"container\">\n\t\t\t\t<div class=\"elementor-element elementor-element-4296eb49 elementor-widget elementor-widget-text-editor\" data-id=\"4296eb49\" data-element_type=\"widget\" data-e-type=\"widget\" data-widget_type=\"text-editor.default\">\n\t\t\t\t\t\t\t\t\t<p>Frigg zaru\u010duje \u0159\u00e1d dom\u00e1cnosti a p\u0159\u00edbuzenstva. Zn\u00e1 osud v\u0161ech bytost\u00ed, ale ml\u010d\u00ed o n\u011bm. Tento dar z n\u00ed \u010din\u00ed tragickou matku: v\u00ed o smrti sv\u00e9ho syna Baldera, ale nem\u016f\u017ee ji zabr\u00e1nit.<\/p><p>V <span class=\"iwg-fachbegriff\" data-tooltip=\"Tradovan\u00e9 vypr\u00e1v\u011bn\u00ed o boz\u00edch, po\u010d\u00e1tc\u00edch a \u0159\u00e1du sv\u011bta.\" tabindex=\"0\">m\u00fdtu<\/span> o smrti Baldera se sna\u017e\u00ed zav\u00e1zat v\u0161echny v\u011bci kosmu p\u0159\u00edsahou, \u017ee nikdy nezran\u00ed jej\u00edho syna, a p\u0159ehl\u00e9dne p\u0159i tom mladou jmel\u00ed, kter\u00fdm ho Loki nakonec zabije.<\/p>\t\t\t\t\t\t\t\t<\/div>\n\t\t\t\t<\/div>\n\t\t\t\t\t<\/div>\n\t\t\t\t<\/div>\n\t\t<div class=\"elementor-element elementor-element-44e71476 e-flex e-con-boxed e-con e-parent\" data-id=\"44e71476\" data-element_type=\"container\" data-e-type=\"container\">\n\t\t\t\t\t<div class=\"e-con-inner\">\n\t\t\t\t<div class=\"elementor-element elementor-element-3c1fc3f0 elementor-widget elementor-widget-heading\" data-id=\"3c1fc3f0\" data-element_type=\"widget\" data-e-type=\"widget\" data-widget_type=\"heading.default\">\n\t\t\t\t\t<h2 class=\"elementor-heading-title elementor-size-default\">Profil: Frigg<\/h2>\t\t\t\t<\/div>\n\t\t<div class=\"elementor-element elementor-element-84f33b8e e-con-full e-flex e-con e-child\" data-id=\"84f33b8e\" data-element_type=\"container\" data-e-type=\"container\">\n\t\t\t\t<div class=\"elementor-element elementor-element-hqkdc67p elementor-widget elementor-widget-text-editor\" data-id=\"hqkdc67p\" data-element_type=\"widget\" data-e-type=\"widget\" data-widget_type=\"text-editor.default\">\n\t\t\t\t\t\t\t\t\t<p>Nejd\u016fle\u017eit\u011bj\u0161\u00ed aspekty Frigg v p\u0159ehledu. N\u00e1sleduj\u00edc\u00ed pole shrnuj\u00ed p\u016fvod, funkci, zobrazen\u00ed, uct\u00edv\u00e1n\u00ed, symboly a kulturn\u00ed paralely.<\/p>\t\t\t\t\t\t\t\t<\/div>\n\t\t\t\t<\/div>\n\t\t<div class=\"elementor-element elementor-element-pemmx7c5 e-con-full e-flex e-con e-child\" data-id=\"pemmx7c5\" data-element_type=\"container\" data-e-type=\"container\">\n\t\t<div class=\"elementor-element elementor-element-pemmx7c1 e-con-full e-flex e-con e-child\" data-id=\"pemmx7c1\" data-element_type=\"container\" data-e-type=\"container\">\n\t\t<div class=\"elementor-element elementor-element-qh9oavvu iwg-steckbrief-card e-flex e-con-boxed e-con e-child\" data-id=\"qh9oavvu\" data-element_type=\"container\" data-e-type=\"container\">\n\t\t\t\t\t<div class=\"e-con-inner\">\n\t\t\t\t<div class=\"elementor-element elementor-element-awzx8k2k elementor-widget elementor-widget-heading\" data-id=\"awzx8k2k\" data-element_type=\"widget\" data-e-type=\"widget\" data-widget_type=\"heading.default\">\n\t\t\t\t\t<h3 class=\"elementor-heading-title elementor-size-default\">Tradice<\/h3>\t\t\t\t<\/div>\n\t\t\t\t<div class=\"elementor-element elementor-element-x6rowhv0 elementor-widget elementor-widget-text-editor\" data-id=\"x6rowhv0\" data-element_type=\"widget\" data-e-type=\"widget\" data-widget_type=\"text-editor.default\">\n\t\t\t\t\t\t\t\t\t<p>Frigg je man\u017eelkou \u00d3dina (germ. Wodan) a matkou z\u00e1\u0159iv\u00e9ho boha <em>Baldura<\/em>. Dcera Fjorgyn (v jedn\u00e9 tradici; genealogie nen\u00ed jasn\u00e1). Vedouc\u00ed <em>\u00c1synj\u00ed<\/em> (Asynjur).<\/p><p>Jej\u00edm hlavn\u00edm m\u00fdtem je v\u011b\u0161t\u011bn\u00ed a marn\u00fd pokus zachr\u00e1nit syna Baldura p\u0159ed smrt\u00ed: d\u00e1 v\u0161em v\u011bcem sv\u011bta p\u0159\u00edsahat, \u017ee mu neubl\u00ed\u017e\u00ed, ale p\u0159ehl\u00e9dne jmel\u00ed, kter\u00e9 Loki pozd\u011bji pou\u017eije k zabit\u00ed Baldura.<\/p>\t\t\t\t\t\t\t\t<\/div>\n\t\t\t\t\t<\/div>\n\t\t\t\t<\/div>\n\t\t<div class=\"elementor-element elementor-element-8e3o4kxs iwg-steckbrief-card e-flex e-con-boxed e-con e-child\" data-id=\"8e3o4kxs\" data-element_type=\"container\" data-e-type=\"container\">\n\t\t\t\t\t<div class=\"e-con-inner\">\n\t\t\t\t<div class=\"elementor-element elementor-element-08rkdgov elementor-widget elementor-widget-heading\" data-id=\"08rkdgov\" data-element_type=\"widget\" data-e-type=\"widget\" data-widget_type=\"heading.default\">\n\t\t\t\t\t<h3 class=\"elementor-heading-title elementor-size-default\">P\u0159edm\u011bt p\u016fsoben\u00ed<\/h3>\t\t\t\t<\/div>\n\t\t\t\t<div class=\"elementor-element elementor-element-uwjelx8s elementor-widget elementor-widget-text-editor\" data-id=\"uwjelx8s\" data-element_type=\"widget\" data-e-type=\"widget\" data-widget_type=\"text-editor.default\">\n\t\t\t\t\t\t\t\t\t<p>Matka-bohyn\u011b, patronka man\u017eelstv\u00ed a dom\u00e1cnosti. Str\u00e1\u017ekyn\u011b kl\u00ed\u010d\u016f domu (<span class=\"iwg-fachbegriff\" data-tooltip=\"Znak, kter\u00fd zastupuje p\u0159edstavu nebo v\u00fdznam.\" tabindex=\"0\">symbol<\/span> vl\u00e1dy nad domem, ve starogerm\u00e1nsk\u00e9 tradici nosila hospodyn\u011b svazek kl\u00ed\u010d\u016f u pasu).<\/p><p>V\u0161ev\u011bdouc\u00ed v\u011b\u0161tkyn\u011b, kter\u00e1 v\u0161ak zachov\u00e1v\u00e1 ml\u010den\u00ed (na rozd\u00edl od Odina, jen\u017e promlouv\u00e1). V lidov\u00e9m kultu byla <span class=\"iwg-fachbegriff\" data-tooltip=\"Prosebn\u00e9 nebo vz\u00fdvaj\u00edc\u00ed obr\u00e1cen\u00ed se k bo\u017estvu \u010di moci.\" tabindex=\"0\">vz\u00fdv\u00e1na<\/span> p\u0159i porodn\u00edch bolestech, svatb\u00e1ch a pro ochranu domu. V hnut\u00ed \u00c1satr\u00fa je patronkou \u017eensk\u00e9 <span class=\"iwg-fachbegriff\" data-tooltip=\"Ritu\u00e1ln\u00ed p\u0159echod, j\u00edm\u017e je n\u011bkdo p\u0159ijat do nov\u00e9ho postaven\u00ed nebo spole\u010denstv\u00ed.\" tabindex=\"0\">iniciace<\/span> a rodinn\u00fdch bl\u00f3t\u016f.<\/p>\t\t\t\t\t\t\t\t<\/div>\n\t\t\t\t\t<\/div>\n\t\t\t\t<\/div>\n\t\t<div class=\"elementor-element elementor-element-jm2n74ec iwg-steckbrief-card e-flex e-con-boxed e-con e-child\" data-id=\"jm2n74ec\" data-element_type=\"container\" data-e-type=\"container\">\n\t\t\t\t\t<div class=\"e-con-inner\">\n\t\t\t\t<div class=\"elementor-element elementor-element-8vufse4c elementor-widget elementor-widget-heading\" data-id=\"8vufse4c\" data-element_type=\"widget\" data-e-type=\"widget\" data-widget_type=\"heading.default\">\n\t\t\t\t\t<h3 class=\"elementor-heading-title elementor-size-default\">Zjeven\u00ed Frigg<\/h3>\t\t\t\t<\/div>\n\t\t\t\t<div class=\"elementor-element elementor-element-mwb9u015 elementor-widget elementor-widget-text-editor\" data-id=\"mwb9u015\" data-element_type=\"widget\" data-e-type=\"widget\" data-widget_type=\"text-editor.default\">\n\t\t\t\t\t\t\t\t\t<p>Frigg nem\u00e1 pevn\u011b stanovenou ikonografickou podobu z doby vikinsk\u00e9 (obrazov\u00fdch zobrazen\u00ed germ\u00e1nsk\u00fdch bo\u017estev je velmi m\u00e1lo). V liter\u00e1rn\u00ed tradici je to matronsk\u00e1 \u017eensk\u00e1 postava s dlouh\u00fdmi sv\u011btl\u00fdmi vlasy, ve slavnostn\u00edm dvorsk\u00e9m rouchu, se svazkem kl\u00ed\u010d\u016f u pasu, \u010dasto sed\u00edc\u00ed u kolovratu (sp\u0159\u00e1d\u00e1 osud).<\/p><p>V lidov\u00e9 tradici je spojov\u00e1na s hv\u011bzdn\u00fdm p\u00e1sem Orionu (v severn\u00edm N\u011bmecku <em>Friggerock<\/em>, Friggin kolovrat). V modern\u00edm asatr\u00fask\u00e9m um\u011bn\u00ed je zpravidla zobrazov\u00e1na jako vzne\u0161en\u00e1 matronsk\u00e1 kr\u00e1lovna s korunou a \u0161perky.<\/p>\t\t\t\t\t\t\t\t<\/div>\n\t\t\t\t\t<\/div>\n\t\t\t\t<\/div>\n\t\t\t\t<\/div>\n\t\t<div class=\"elementor-element elementor-element-pemmx7c2 e-con-full e-flex e-con e-child\" data-id=\"pemmx7c2\" data-element_type=\"container\" data-e-type=\"container\">\n\t\t<div class=\"elementor-element elementor-element-37ss2yr6 iwg-steckbrief-card e-flex e-con-boxed e-con e-child\" data-id=\"37ss2yr6\" data-element_type=\"container\" data-e-type=\"container\">\n\t\t\t\t\t<div class=\"e-con-inner\">\n\t\t\t\t<div class=\"elementor-element elementor-element-3v0wp3wx elementor-widget elementor-widget-heading\" data-id=\"3v0wp3wx\" data-element_type=\"widget\" data-e-type=\"widget\" data-widget_type=\"heading.default\">\n\t\t\t\t\t<h3 class=\"elementor-heading-title elementor-size-default\">P\u016fsoben\u00ed Frigg<\/h3>\t\t\t\t<\/div>\n\t\t\t\t<div class=\"elementor-element elementor-element-w3247g2m elementor-widget elementor-widget-text-editor\" data-id=\"w3247g2m\" data-element_type=\"widget\" data-e-type=\"widget\" data-widget_type=\"text-editor.default\">\n\t\t\t\t\t\t\t\t\t<p><strong>Oblast p\u016fsoben\u00ed:<\/strong> Ve starogerm\u00e1nsk\u00e9m dom\u00e1c\u00edm kultu byla <span class=\"iwg-fachbegriff\" data-tooltip=\"Prosebn\u00e9 nebo vz\u00fdvaj\u00edc\u00ed obr\u00e1cen\u00ed se k bo\u017estvu \u010di moci.\" tabindex=\"0\">vz\u00fdv\u00e1na<\/span> p\u0159i porodn\u00edch z\u00e1le\u017eitostech, p\u0159ed svatbami a pro ochranu domu. <em>Friggin kolovrat<\/em> (souhv\u011bzd\u00ed) byl v severon\u011bmeck\u00e9 lidov\u00e9 tradici spojov\u00e1n s p\u0159edpov\u00edd\u00e1n\u00edm po\u010das\u00ed a ochranou sp\u0159\u00e1da\u010dek. V k\u0159es\u0165anstv\u00ed byl p\u0159etvo\u0159en na Marii (Marie-Sp\u0159\u00e1da\u010dka).<\/p><p>V modern\u00ed tradici \u00c1satr\u00fa (od 70. let 20. stolet\u00ed op\u011bt aktivn\u00ed v N\u011bmecku, Skandin\u00e1vii, USA a Velk\u00e9 Brit\u00e1nii) je vz\u00fdv\u00e1na p\u0159i \u017eensk\u00fdch inicia\u010dn\u00edch bl\u00f3tech a rodinn\u00fdch slavnostech. \u017d\u00e1dn\u00fd \u00fast\u0159edn\u00ed sv\u00e1tek nen\u00ed dokumentov\u00e1n, ale <em>p\u00e1tek<\/em> (Friggin den) je tradi\u010dn\u011b pova\u017eov\u00e1n za jej\u00ed den v t\u00fddnu.<\/p>\t\t\t\t\t\t\t\t<\/div>\n\t\t\t\t\t<\/div>\n\t\t\t\t<\/div>\n\t\t<div class=\"elementor-element elementor-element-0qpjal9w iwg-steckbrief-card e-flex e-con-boxed e-con e-child\" data-id=\"0qpjal9w\" data-element_type=\"container\" data-e-type=\"container\">\n\t\t\t\t\t<div class=\"e-con-inner\">\n\t\t\t\t<div class=\"elementor-element elementor-element-6ndoih0o elementor-widget elementor-widget-heading\" data-id=\"6ndoih0o\" data-element_type=\"widget\" data-e-type=\"widget\" data-widget_type=\"heading.default\">\n\t\t\t\t\t<h3 class=\"elementor-heading-title elementor-size-default\">Ochrann\u00e9 prost\u0159edky<\/h3>\t\t\t\t<\/div>\n\t\t\t\t<div class=\"elementor-element elementor-element-6684tyh9 elementor-widget elementor-widget-text-editor\" data-id=\"6684tyh9\" data-element_type=\"widget\" data-e-type=\"widget\" data-widget_type=\"text-editor.default\">\n\t\t\t\t\t\t\t\t\t<p>Svazek kl\u00ed\u010d\u016f (vl\u00e1da nad domem), kolovrat, pl\u00e1\u0161\u0165 z jest\u0159\u00e1b\u00edch\/sokol\u00edch per (kter\u00fd p\u016fj\u010duje Lokimu), slavnostn\u00ed dvorsk\u00e9 roucho, koruna. Svat\u00e9 rostliny: jmel\u00ed (v <span class=\"iwg-fachbegriff\" data-tooltip=\"Tradovan\u00fd p\u0159\u00edb\u011bh o boz\u00edch, po\u010d\u00e1tc\u00edch a \u0159\u00e1du sv\u011bta.\" tabindex=\"0\">m\u00fdtu<\/span> o Baldrovi \u00fast\u0159edn\u00ed, paradoxn\u011b jako jej\u00ed opomenut\u00ed), kontryhel (v lidov\u00e9 tradici Friggina rostlina). Svat\u00e1 zv\u00ed\u0159ata: sokol (d\u00edky jej\u00edmu pl\u00e1\u0161ti z per), kuka\u010dka (v lidov\u00e9 tradici), \u010d\u00e1p (p\u0159in\u00e1\u0161\u00ed d\u011bti, symbolika porodu). Svat\u00fd den v t\u00fddnu: p\u00e1tek.<\/p>\t\t\t\t\t\t\t\t<\/div>\n\t\t\t\t\t<\/div>\n\t\t\t\t<\/div>\n\t\t<div class=\"elementor-element elementor-element-3lfi7x32 iwg-steckbrief-card e-flex e-con-boxed e-con e-child\" data-id=\"3lfi7x32\" data-element_type=\"container\" data-e-type=\"container\">\n\t\t\t\t\t<div class=\"e-con-inner\">\n\t\t\t\t<div class=\"elementor-element elementor-element-0kg99ga1 elementor-widget elementor-widget-heading\" data-id=\"0kg99ga1\" data-element_type=\"widget\" data-e-type=\"widget\" data-widget_type=\"heading.default\">\n\t\t\t\t\t<h3 class=\"elementor-heading-title elementor-size-default\">Obdoby<\/h3>\t\t\t\t<\/div>\n\t\t\t\t<div class=\"elementor-element elementor-element-n0fum6kp elementor-widget elementor-widget-text-editor\" data-id=\"n0fum6kp\" data-element_type=\"widget\" data-e-type=\"widget\" data-widget_type=\"text-editor.default\">\n\t\t\t\t\t\t\t\t\t<p><em>Freya<\/em> (germ\u00e1nsk\u00e1, vansk\u00e1 bohyn\u011b l\u00e1sky; podle n\u011bkter\u00fdch v\u011bdeck\u00fdch teori\u00ed toto\u017en\u00e1 nebo bl\u00edzce p\u0159\u00edbuzn\u00e1 s Frigg, v eddick\u00e9 tradici v\u0161ak jasn\u011b odli\u0161en\u00e1), <em>Fricka<\/em> (staron\u011bmecky, pozd\u011bj\u0161\u00ed varianta), <em>H\u00e9ra<\/em> (\u0158ecko, man\u017eelka Zeuse, patronka man\u017eelstv\u00ed), <em>Iuno<\/em> (\u0158\u00edm), <em>Inanna\/I\u0161tar<\/em> (Mezopot\u00e1mie, ale v\u00fdrazn\u011bji erotick\u00e1). N\u011bmeck\u00e9 jazykov\u011b p\u0159\u00edbuzn\u00e9 v\u00fdrazy: <em>Friede<\/em>, <em>Frigerich<\/em>. Funk\u010dn\u011b je jako \u201ematka-bohyn\u011b a patronka dom\u00e1cnosti\u201c srovn\u00e1v\u00e1na s H\u00e9rou a Iuno.<\/p>\t\t\t\t\t\t\t\t<\/div>\n\t\t\t\t\t<\/div>\n\t\t\t\t<\/div>\n\t\t\t\t<\/div>\n\t\t\t\t<\/div>\n\t\t\t\t\t<\/div>\n\t\t\t\t<\/div>\n\t\t<div class=\"elementor-element elementor-element-5a584676 e-flex e-con-boxed e-con e-parent\" data-id=\"5a584676\" data-element_type=\"container\" data-e-type=\"container\">\n\t\t\t\t\t<div class=\"e-con-inner\">\n\t\t\t\t<div class=\"elementor-element elementor-element-6d0757bf elementor-widget elementor-widget-heading\" data-id=\"6d0757bf\" data-element_type=\"widget\" data-e-type=\"widget\" data-widget_type=\"heading.default\">\n\t\t\t\t\t<h2 class=\"elementor-heading-title elementor-size-default\">Frigg, paralely v jin\u00fdch kultur\u00e1ch<\/h2>\t\t\t\t<\/div>\n\t\t<div class=\"elementor-element elementor-element-60563f68 e-con-full e-flex e-con e-child\" data-id=\"60563f68\" data-element_type=\"container\" data-e-type=\"container\">\n\t\t\t\t<div class=\"elementor-element elementor-element-5a93fdd6 elementor-widget elementor-widget-text-editor\" data-id=\"5a93fdd6\" data-element_type=\"widget\" data-e-type=\"widget\" data-widget_type=\"text-editor.default\">\n\t\t\t\t\t\t\t\t\t<p>Funk\u010dn\u011b srovnateln\u00e9 jsou Iuno (\u0158\u00edm) jako bohyn\u011b man\u017eelstv\u00ed a m\u011bsta, H\u00e9ra (\u0158ecko) jako nejvy\u0161\u0161\u00ed bohyn\u011b a man\u017eelka hlavn\u00edho boha, a tak\u00e9 Frigga jako jihon\u011bmeck\u00e1 varianta. Etymologicky je p\u0159\u00edbuzn\u00e1 s Freyou, ob\u011b jm\u00e9na vych\u00e1zej\u00ed z indoevropsk\u00e9ho *priH-jaH (milovan\u00e1). V anglosask\u00e9 tradici vystupuje jako Frige.<\/p>\n<p><strong>Indoevropsk\u00e9 srovnateln\u00e9 bohyn\u011b:<\/strong> Frigg je v religionistick\u00e9m v\u00fdzkumu ch\u00e1p\u00e1na jako p\u0159edstavitelka indoevropsk\u00e9 vrstvy bohyn\u00ed, kter\u00e1 se t\u00e1hne nap\u0159\u00ed\u010d r\u016fzn\u00fdmi kulturami. Strukturn\u00ed podobnost s H\u00e9rou v \u0159eck\u00e9m n\u00e1bo\u017eenstv\u00ed (jako man\u017eelkou kr\u00e1le boh\u016f, ochr\u00e1nkyn\u00ed man\u017eelstv\u00ed a rodiny) ukazuje na spole\u010dn\u00e9 indoevropsk\u00e9 d\u011bdictv\u00ed.<\/p><p>Podobn\u011b se ukazuj\u00ed paralely s \u0159\u00edmskou Iuno (latinizovan\u011b Juno), kter\u00e1 st\u00e1la v kapitolsk\u00e9 tri\u00e1d\u011b vedle Jupitera a Minervy. Ob\u011b bohyn\u011b sd\u00edlej\u00ed s Frigg atributy man\u017eelsk\u00e9 bohyn\u011b, plodnosti a dom\u00e1c\u00ed ochrany. V\u00e9dsk\u00e1 Sarasvat\u00ed naproti tomu p\u0159edstavuje sp\u00ed\u0161e aspekty mudrosti a pozn\u00e1n\u00ed, av\u0161ak i u n\u00ed se nach\u00e1zej\u00ed stopy funkce matky-bohyn\u011b.<\/p><p><strong>Slovansko-baltsk\u00e9 paralely:<\/strong> Ve slovansk\u00fdch tradic\u00edch vystupuje Moko\u0161 jako bohyn\u011b zem\u011b a matky, spojovan\u00e1 s plodnost\u00ed, \u0159emeslem a \u017eensk\u00fdm osudem. Baltsk\u00e1 Lauma m\u00e1 podobn\u00e9 rysy jako bohyn\u011b osudu a ochr\u00e1nkyn\u011b rodiny.<\/p><p>Ob\u011b vykazuj\u00ed strukturn\u00ed p\u0159\u00edbuznost s Frigg: p\u016fsob\u00ed jako prost\u0159ednice mezi sv\u011btem boh\u016f a lid\u00ed, tkaj\u00ed osud smrteln\u00edk\u016f a utv\u00e1\u0159ej\u00ed dom\u00e1c\u00ed a kultovn\u00ed \u017eivot. Frigg jako tkadlena a sp\u0159\u00e1da\u010dka, kter\u00e1 zn\u00e1m osudy v\u0161ech, ale nezjevuje je, p\u0159\u00edmo rezonuje s t\u011bmito v\u00fdchodoevropsk\u00fdmi bohyn\u011bmi.<\/p><p><strong>Keltsko-skandin\u00e1vsk\u00e9 synkretismy:<\/strong> Irsk\u00e1 Brigit vykazuje podobnosti s Frigg ve sv\u00e9 roli ochr\u00e1nkyn\u011b \u0159emesel (zejm\u00e9na kov\u00e1\u0159stv\u00ed a tkalcovstv\u00ed) a bohyn\u011b svat\u00fdch m\u00edst. Bojovn\u00e1 Macha naopak sd\u00edl\u00ed s Frigg autoritu nad osudem bojovn\u00edk\u016f a vl\u00e1dc\u016f.<\/p><p>V seversk\u00e9m <span class=\"iwg-fachbegriff\" tabindex=\"0\" data-tooltip=\"Splynut\u00ed prvk\u016f r\u016fzn\u00fdch n\u00e1bo\u017eenstv\u00ed nebo kult\u016f do sm\u00ed\u0161en\u00fdch forem, nap\u0159\u00edklad na Haiti ve vod\u00fa.\">synkretismu<\/span>, zejm\u00e9na tam, kde se Vanov\u00e9 (bohov\u00e9 plodnosti a dom\u00e1cnosti jako Freya) prol\u00ednali s \u00c1sy (vl\u00e1dnouc\u00edmi bohy jako Odin a Frigg), vznikaly hybridn\u00ed formy, v nich\u017e se rysy Friggy (ochrana, tkan\u00ed, man\u017eelstv\u00ed) m\u00edchaly s rysy Freyi (l\u00e1ska, sexualita, v\u00e1le\u010dn\u00fd v\u00fdcvik).<\/p><p>Tyto synkretistick\u00e9 procesy ukazuj\u00ed na spole\u010dn\u00e9 indoevropsk\u00e9 j\u00e1dro, kter\u00e9 se v jednotliv\u00fdch kultur\u00e1ch odli\u0161n\u011b vyvinulo.<\/p>\t\t\t\t\t\t\t\t<\/div>\n\t\t\t\t<\/div>\n\t\t\t\t\t<\/div>\n\t\t\t\t<\/div>\n\t\t<div class=\"elementor-element elementor-element-cp0bf895f e-flex e-con-boxed e-con e-parent\" data-id=\"cp0bf895f\" data-element_type=\"container\" data-e-type=\"container\">\n\t\t\t\t\t<div class=\"e-con-inner\">\n\t\t\t\t<div class=\"elementor-element elementor-element-cp56cc4ad elementor-widget elementor-widget-heading\" data-id=\"cp56cc4ad\" data-element_type=\"widget\" data-e-type=\"widget\" data-widget_type=\"heading.default\">\n\t\t\t\t\t<h2 class=\"elementor-heading-title elementor-size-default\">Frigg v P\u00eds\u0148ov\u00e9 Edd\u011b a Snorriho Edd\u011b<\/h2>\t\t\t\t<\/div>\n\t\t<div class=\"elementor-element elementor-element-cp29e9373 e-con-full e-flex e-con e-child\" data-id=\"cp29e9373\" data-element_type=\"container\" data-e-type=\"container\">\n\t\t\t\t<div class=\"elementor-element elementor-element-cp8315ca5 elementor-widget elementor-widget-text-editor\" data-id=\"cp8315ca5\" data-element_type=\"widget\" data-e-type=\"widget\" data-widget_type=\"text-editor.default\">\n\t\t\t\t\t\t\t\t\t<p>Nejd\u016fle\u017eit\u011bj\u0161\u00ed sv\u011bdectv\u00ed o Frigg poch\u00e1zej\u00ed ze dvou st\u0159edov\u011bk\u00fdch sb\u00edrek, kter\u00e9 jsou zn\u00e1my pod n\u00e1zvem <em>Edda<\/em>. Star\u0161\u00ed z nich, P\u00edse\u0148ov\u00e1 Edda, pod\u00e1v\u00e1 n\u00e1zorn\u00fd obraz p\u0159edev\u0161\u00edm v p\u00edsni <em>Lokasenna<\/em>: Bohov\u00e9 se tam h\u00e1daj\u00ed a Loki obvin\u00ed Frigg, \u017ee se b\u011bhem \u00d3dinovy nep\u0159\u00edtomnosti spojila s jin\u00fdmi.<\/p><p>Frigg odpov\u00edd\u00e1 zdr\u017eenliv\u011b a Freyja ji h\u00e1j\u00ed s poukazem na to, \u017ee Frigg zn\u00e1zajist\u011b zn\u00e1z osud v\u0161ech, i kdy\u017e ho nevyslovuje. Toto m\u00edsto je kl\u00ed\u010dov\u00e9, proto\u017ee Frigg p\u0159izn\u00e1v\u00e1 znalost osudu, kterou si v\u0161ak ponech\u00e1v\u00e1 pro sebe.<\/p><p>Podrobn\u011bj\u0161\u00ed je Snorriho Edda, u\u010debnice b\u00e1snick\u00e9ho um\u011bn\u00ed, kterou ve t\u0159in\u00e1ct\u00e9m stolet\u00ed sepsal Snorri Sturluson. Snorri naz\u00fdv\u00e1 Frigg nejvzne\u0161en\u011bj\u0161\u00ed z \u00c1syn\u00ed, man\u017eelkou \u00d3dina a matkou Baldra.<\/p><p>U n\u011bj se tak\u00e9 nach\u00e1z\u00ed nejpodrobn\u011bj\u0161\u00ed <span class=\"iwg-fachbegriff\" data-tooltip=\"Tradovan\u00fd p\u0159\u00edb\u011bh o boz\u00edch, po\u010d\u00e1tc\u00edch a \u0159\u00e1du sv\u011bta.\" tabindex=\"0\">m\u00fdtus<\/span> o Frigg, p\u0159edehra k Baldrovy smrti. Frigg si vy\u017e\u00e1d\u00e1 p\u0159\u00edsahu od v\u0161ech v\u011bc\u00ed sv\u011bta, \u017ee Baldrovi neubl\u00ed\u017e\u00ed, p\u0159ehl\u00e9dne v\u0161ak mladou jmel\u00ed, kterou pova\u017euje za p\u0159\u00edli\u0161 bezv\u00fdznamnou. Loki tuto mezeru p\u0159esn\u011b vyu\u017eije.<\/p><p>Snorri je cenn\u00fd, ale nikoli bezprobl\u00e9mov\u00fd pramen. Psal zhruba dv\u011b stalet\u00ed po christianizaci Islandu a tradovan\u00fd materi\u00e1l uspo\u0159\u00e1dal do syst\u00e9mu, kter\u00fd je \u010d\u00e1ste\u010dn\u011b ovlivn\u011bn u\u010deneck\u00fdmi a k\u0159es\u0165ansk\u00fdmi p\u0159edstavami.<\/p><p>Religionistick\u00fd v\u00fdzkum proto \u010dte Snorriho jako zpracovatele, nikoli jako p\u0159\u00edm\u00e9ho sv\u011bdka pohansk\u00e9ho n\u00e1bo\u017eenstv\u00ed. Jeho pod\u00e1n\u00ed v\u0161ak zachov\u00e1v\u00e1 j\u00e1dra p\u0159\u00edb\u011bh\u016f, kter\u00e1 se \u010d\u00e1ste\u010dn\u011b objevuj\u00ed i ve star\u0161\u00ed poezii, a proto jsou pova\u017eov\u00e1na za pom\u011brn\u011b star\u00e1.<\/p>\t\t\t\t\t\t\t\t<\/div>\n\t\t\t\t<\/div>\n\t\t\t\t\t<\/div>\n\t\t\t\t<\/div>\n\t\t<div class=\"elementor-element elementor-element-cpc3f2470 e-flex e-con-boxed e-con e-parent\" data-id=\"cpc3f2470\" data-element_type=\"container\" data-e-type=\"container\">\n\t\t\t\t\t<div class=\"e-con-inner\">\n\t\t\t\t<div class=\"elementor-element elementor-element-cpab01758 elementor-widget elementor-widget-heading\" data-id=\"cpab01758\" data-element_type=\"widget\" data-e-type=\"widget\" data-widget_type=\"heading.default\">\n\t\t\t\t\t<h2 class=\"elementor-heading-title elementor-size-default\">M\u00fdtus o Baldrovi a Friggina marn\u00e1 p\u0159edv\u00eddavost<\/h2>\t\t\t\t<\/div>\n\t\t<div class=\"elementor-element elementor-element-cpadb449b e-con-full e-flex e-con e-child\" data-id=\"cpadb449b\" data-element_type=\"container\" data-e-type=\"container\">\n\t\t\t\t<div class=\"elementor-element elementor-element-cp1c6dfe0 elementor-widget elementor-widget-text-editor\" data-id=\"cp1c6dfe0\" data-element_type=\"widget\" data-e-type=\"widget\" data-widget_type=\"text-editor.default\">\n\t\t\t\t\t\t\t\t\t<p>Nejzn\u00e1m\u011bj\u0161\u00ed <span class=\"iwg-fachbegriff\" data-tooltip=\"Tradovan\u00fd p\u0159\u00edb\u011bh o boz\u00edch, po\u010d\u00e1tc\u00edch a \u0159\u00e1du sv\u011bta.\" tabindex=\"0\">m\u00fdtus<\/span>, v n\u011bm\u017e Frigg hraje rozhoduj\u00edc\u00ed roli, je smrt jej\u00edho syna Baldra. Vypr\u00e1v\u011bn\u00ed spojuje n\u011bkolik t\u00e9mat d\u016fle\u017eit\u00fdch pro seversk\u00fd obraz boh\u016f: nevyhnutelnost osudu, hranice bo\u017esk\u00e9 moci a destruktivn\u00ed p\u016fsoben\u00ed Lokiho. Frigg stoj\u00ed ve st\u0159edu snahy odvr\u00e1tit p\u0159edv\u00eddan\u00e9 ne\u0161t\u011bst\u00ed.<\/p><p>Kdy\u017e Baldra su\u017euj\u00ed zl\u00e9 sny, Frigg cestuje po sv\u011bt\u011b a od v\u0161ech v\u011bc\u00ed, ohn\u011b, vody, \u017eeleza, kamen\u016f, zv\u00ed\u0159at i nemoc\u00ed, si vy\u017e\u00e1d\u00e1 slib, \u017ee jej\u00edmu synovi neubl\u00ed\u017e\u00ed.<\/p><p>Jen jmel\u00ed opomene. Loki se o tom dozv\u00ed, z jmelov\u00e9 v\u011btvi\u010dky vyrob\u00ed st\u0159elu a p\u0159esv\u011bd\u010d\u00ed slep\u00e9ho H\u00f6dra, aby ji na Baldra vrhl. Baldr zem\u0159e a Friggina pe\u010dliv\u00e1 p\u0159edv\u00eddavost se uk\u00e1\u017ee jako nedostate\u010dn\u00e1.<\/p><p>Ve v\u00fdzkumu je tento <span class=\"iwg-fachbegriff\" data-tooltip=\"Tradovan\u00fd p\u0159\u00edb\u011bh o boz\u00edch, po\u010d\u00e1tc\u00edch a \u0159\u00e1du sv\u011bta.\" tabindex=\"0\">m\u00fdtus<\/span> vykl\u00e1d\u00e1n r\u016fzn\u011b. N\u011bkte\u0159\u00ed v n\u011bm vid\u00ed starou vypr\u00e1v\u011bn\u00ed o um\u00edraj\u00edc\u00edm a nen\u00e1vratn\u00e9m bohu, jin\u00ed zd\u016fraz\u0148uj\u00ed liter\u00e1rn\u00ed <span class=\"iwg-fachbegriff\" data-tooltip=\"Opakuj\u00edc\u00ed se obsahov\u00fd prvek v um\u011bn\u00ed nebo vypr\u00e1v\u011bn\u00ed.\" tabindex=\"0\">motiv<\/span> jedin\u00e9 opomenut\u00e9 mo\u017enosti, kter\u00e1 cel\u00fd pl\u00e1n zma\u0159\u00ed. D\u016fle\u017eit\u00e1 je dvoj\u00ed role Friggy: je tou, kdo osud zn\u00e1z, a z\u00e1rove\u0148 tou, kdo ho nem\u016f\u017ee odvr\u00e1tit.<\/p><p>Po Baldrov\u011b smrti vy\u0161le posla do podsv\u011bt\u00ed a jeho navr\u00e1cen\u00ed se t\u00e9m\u011b\u0159 poda\u0159\u00ed, ale op\u011bt mu zabr\u00e1n\u00ed Loki. <span class=\"iwg-fachbegriff\" data-tooltip=\"Tradovan\u00fd p\u0159\u00edb\u011bh o boz\u00edch, po\u010d\u00e1tc\u00edch a \u0159\u00e1du sv\u011bta.\" tabindex=\"0\">M\u00fdtus<\/span> ukazuje Frigg jako jednaj\u00edc\u00ed, p\u0159edv\u00eddavou postavu, jej\u00ed\u017e moc v\u0161ak nar\u00e1z na hranice v \u0159\u00e1du osudu. Dal\u0161\u00ed souvislosti vedou k dal\u0161\u00edm postav\u00e1m <a href=\"https:\/\/iwell-guard.com\/cs\/?page_id=145141\">germ\u00e1nsk\u00e9ho panteonu<\/a>.<\/p>\t\t\t\t\t\t\t\t<\/div>\n\t\t\t\t<\/div>\n\t\t\t\t\t<\/div>\n\t\t\t\t<\/div>\n\t\t<div class=\"elementor-element elementor-element-cp7ba8148 e-flex e-con-boxed e-con e-parent\" data-id=\"cp7ba8148\" data-element_type=\"container\" data-e-type=\"container\">\n\t\t\t\t\t<div class=\"e-con-inner\">\n\t\t\t\t<div class=\"elementor-element elementor-element-cpeaa0648 elementor-widget elementor-widget-heading\" data-id=\"cpeaa0648\" data-element_type=\"widget\" data-e-type=\"widget\" data-widget_type=\"heading.default\">\n\t\t\t\t\t<h2 class=\"elementor-heading-title elementor-size-default\">Frigg, Freyja a probl\u00e9m zdvojen\u00e9 bohyn\u011b<\/h2>\t\t\t\t<\/div>\n\t\t<div class=\"elementor-element elementor-element-cpdbeb154 e-con-full e-flex e-con e-child\" data-id=\"cpdbeb154\" data-element_type=\"container\" data-e-type=\"container\">\n\t\t\t\t<div class=\"elementor-element elementor-element-cpda43d24 elementor-widget elementor-widget-text-editor\" data-id=\"cpda43d24\" data-element_type=\"widget\" data-e-type=\"widget\" data-widget_type=\"text-editor.default\">\n\t\t\t\t\t\t\t\t\t<p>Jednou z nejstar\u0161\u00edch a nejdiskutovan\u011bj\u0161\u00edch ot\u00e1zek seversk\u00e9 n\u00e1bo\u017eensk\u00e9 historie je vztah mezi Frigg a Freyjou. Ob\u011b bohyn\u011b vykazuj\u00ed n\u00e1padn\u00e9 podobnosti. Ob\u011bma je p\u0159isuzov\u00e1n pernat\u00fd pl\u00e1\u0161\u0165, s jeho\u017e pomoc\u00ed lze l\u00e9tat.<\/p><p>Ob\u011b jsou spojov\u00e1ny s l\u00e1skou, man\u017eelstv\u00edm a plodnost\u00ed. Jm\u00e9na obou lze jazykov\u011b odvodit z podobn\u00fdch ko\u0159en\u016f, p\u0159i\u010dem\u017e <em>Frigg<\/em> se spojuje se slovem pro \u201el\u00e1sku\u201c a <em>Freyja<\/em> se slovem \u201epan\u00ed\u201c.<\/p><p>\u010c\u00e1st star\u0161\u00ed v\u011bdy, nap\u0159\u00edklad v okol\u00ed Jana de Vriese, se proto domn\u00edvala, \u017ee Frigg a Freyja byly p\u016fvodn\u011b jedinou bohyn\u00ed, kter\u00e1 se v pr\u016fb\u011bhu <span class=\"iwg-fachbegriff\" data-tooltip=\"P\u0159ed\u00e1v\u00e1n\u00ed znalost\u00ed a p\u0159\u00edb\u011bh\u016f mezi generacemi.\" tabindex=\"0\">tradice<\/span> rozd\u011blila do dvou postav.<\/p><p>Jin\u00ed badatel\u00e9, v\u010detn\u011b nov\u011bj\u0161\u00edch prac\u00ed o dob\u011b viking\u016f, naopak upozor\u0148uj\u00ed, \u017ee ob\u011b bohyn\u011b jsou v pramenech jasn\u011b odli\u0161eny: Frigg pat\u0159\u00ed k \u00c1s\u016fm, Freyja k Van\u016fm, maj\u00ed odli\u0161n\u00e9 man\u017eely a odli\u0161n\u00e9 hlavn\u00ed funkce.<\/p><p>Frigg je siln\u011bji spojov\u00e1na s man\u017eelstv\u00edm, dom\u00e1cnost\u00ed a materstv\u00edm, Freyja s touhou, v\u00e1lkou a vlastn\u00ed formou kouzelnictv\u00ed, <em>sei\u00f0r<\/em>.<\/p><p>Diskuse dosud nebyla uzav\u0159ena, proto\u017ee prameny neumo\u017e\u0148uj\u00ed jednozna\u010dn\u00fd \u00fasudek. Lze konstatovat, \u017ee ob\u011b bohyn\u011b byly v tradovan\u00e9m n\u00e1bo\u017eenstv\u00ed doby viking\u016f uct\u00edv\u00e1ny jako odd\u011blen\u00e9 postavy, jejich podobnost v\u0161ak m\u016f\u017ee ukazovat na spole\u010dn\u00fd p\u016fvod nebo na vz\u00e1jemn\u00e9 ovliv\u0148ov\u00e1n\u00ed.<\/p><p>Pro pochopen\u00ed Friggy je toto vymezen\u00ed d\u016fle\u017eit\u00e9: nejde o bohyni l\u00e1sky ve smyslu touhy, n\u00fdbr\u017e o pan\u00ed domu, man\u017eelstv\u00ed a p\u0159edv\u00eddav\u00e9 starosti. Srovn\u00e1n\u00ed s <a href=\"https:\/\/iwell-guard.com\/cs\/?page_id=145141\">p\u0159\u00edbuzn\u00fdmi \u017eensk\u00fdmi postavami<\/a> <span class=\"iwg-fachbegriff\" data-tooltip=\"P\u0159ed\u00e1v\u00e1n\u00ed znalost\u00ed a p\u0159\u00edb\u011bh\u016f mezi generacemi.\" tabindex=\"0\">tradice<\/span> tento profil zp\u0159es\u0148uje.<\/p>\t\t\t\t\t\t\t\t<\/div>\n\t\t\t\t<\/div>\n\t\t\t\t\t<\/div>\n\t\t\t\t<\/div>\n\t\t<div class=\"elementor-element elementor-element-cp967972e e-flex e-con-boxed e-con e-parent\" data-id=\"cp967972e\" data-element_type=\"container\" data-e-type=\"container\">\n\t\t\t\t\t<div class=\"e-con-inner\">\n\t\t\t\t<div class=\"elementor-element elementor-element-cp4b21c27 elementor-widget elementor-widget-heading\" data-id=\"cp4b21c27\" data-element_type=\"widget\" data-e-type=\"widget\" data-widget_type=\"heading.default\">\n\t\t\t\t\t<h2 class=\"elementor-heading-title elementor-size-default\">Stopy na kontinentu, v m\u00edstn\u00edch jm\u00e9nech a ve dnu t\u00fddne<\/h2>\t\t\t\t<\/div>\n\t\t<div class=\"elementor-element elementor-element-cp7a1b465 e-con-full e-flex e-con e-child\" data-id=\"cp7a1b465\" data-element_type=\"container\" data-e-type=\"container\">\n\t\t\t\t<div class=\"elementor-element elementor-element-cp193b30a elementor-widget elementor-widget-text-editor\" data-id=\"cp193b30a\" data-element_type=\"widget\" data-e-type=\"widget\" data-widget_type=\"text-editor.default\">\n\t\t\t\t\t\t\t\t\t<p>Frigg nen\u00ed jen postavou staroseversk\u00e9 poezie, ale zanechala stopy v cel\u00e9 germ\u00e1nsk\u00e9 jazykov\u00e9 oblasti. Nejz\u0159eteln\u011bj\u0161\u00edm dokladem je n\u00e1zev dne v t\u00fddnu, p\u00e1tek. \u0158\u00edmsk\u00e9 pojmenov\u00e1n\u00ed dn\u016f v t\u00fddnu p\u0159i\u0159azovalo dn\u016fm planet\u00e1rn\u00ed bohy, a den Venu\u0161e byl p\u0159i p\u0159ej\u00edm\u00e1n\u00ed do germ\u00e1nsk\u00fdch jazyk\u016f p\u0159i\u0159azen vlastn\u00ed bohyni.<\/p><p>V angli\u010dtin\u011b <em>Friday<\/em>, v n\u011bm\u010din\u011b <em>Freitag<\/em>, v seversk\u00fdch jazyc\u00edch podobn\u011b, se v tomto pojmenov\u00e1n\u00ed skr\u00fdv\u00e1 tot\u00e9\u017e ztoto\u017en\u011bn\u00ed. Kter\u00e1 bohyn\u011b byla p\u0159esn\u011b m\u00edn\u011bna, Frigg nebo Freyja, je vzhledem k ji\u017e zm\u00edn\u011bn\u00e9 p\u0159\u00edbuznosti sporn\u00e9, av\u0161ak v\u011bt\u0161ina jazykov\u00fdch historik\u016f se p\u0159ikl\u00e1n\u00ed k Frigg, p\u0159\u00edpadn\u011b jej\u00ed kontinent\u00e1ln\u00ed obdob\u011b.<\/p><p>Na kontinent\u011b se s Frigg p\u0159\u00edbuzn\u00e1 bohyn\u011b objevuje v langobardsk\u00e9 <span class=\"iwg-fachbegriff\" data-tooltip=\"P\u0159enos znalost\u00ed a vypr\u00e1v\u011bn\u00ed mezi generacemi.\" tabindex=\"0\">tradici<\/span> pod jm\u00e9nem <em>Frea<\/em>. Paulus Diaconus ve sv\u00e9m d\u00edle <em>Historia Langobardorum<\/em> z osm\u00e9ho stolet\u00ed l\u00ed\u010d\u00ed p\u0159\u00edb\u011bh, v n\u011bm\u017e Frea pom\u016f\u017ee sv\u00e9mu mu\u017ei Godanovi, tedy \u00d3dinovi, lst\u00ed k v\u00edt\u011bzstv\u00ed.<\/p><p>Tato epizoda je pova\u017eov\u00e1na za d\u016fle\u017eit\u00fd doklad toho, \u017ee uct\u00edv\u00e1n\u00ed postavy podobn\u00e9 Frigg nebylo omezeno na Skandin\u00e1vii, ale bylo zn\u00e1m\u00e9 u r\u016fzn\u00fdch germ\u00e1nsk\u00fdch n\u00e1rod\u016f.<\/p><p>M\u00edstn\u00ed jm\u00e9na odkazuj\u00edc\u00ed na Frigg jsou vz\u00e1cn\u011bj\u0161\u00ed a m\u00e9n\u011b jist\u00e1 ne\u017e u n\u011bkter\u00fdch jin\u00fdch bo\u017estev, co\u017e badatel\u00e9 \u010d\u00e1ste\u010dn\u011b vysv\u011btluj\u00ed dom\u00e1c\u00edm, m\u00e9n\u011b ve\u0159ejn\u011b kultovn\u00edm charakterem jej\u00edho uct\u00edv\u00e1n\u00ed. Star\u00e9 ozna\u010den\u00ed souhv\u011bzd\u00ed, kter\u00e9 dnes zn\u00e1me jako Orion\u016fv p\u00e1s, bylo ve Skandin\u00e1vii \u010d\u00e1ste\u010dn\u011b spojov\u00e1no s Frigg, av\u0161ak tato <span class=\"iwg-fachbegriff\" data-tooltip=\"P\u0159enos znalost\u00ed a vypr\u00e1v\u011bn\u00ed mezi generacemi.\" tabindex=\"0\">tradice<\/span> je pozdn\u00ed a nejist\u00e1.<\/p><p>Celkov\u011b p\u00e1tr\u00e1n\u00ed po stop\u00e1ch ukazuje, \u017ee Frigg byla postavou hluboce zakotvenou i mimo islandsk\u00e9 texty, jej\u00ed\u017e uct\u00edv\u00e1n\u00ed se v\u0161ak odehr\u00e1valo v\u00edce v dom\u00e1c\u00ed ne\u017e v monument\u00e1ln\u00ed sf\u00e9\u0159e, a proto zanechalo m\u00e9n\u011b viditeln\u00fdch archeologick\u00fdch stop.<\/p>\t\t\t\t\t\t\t\t<\/div>\n\t\t\t\t<\/div>\n\t\t\t\t\t<\/div>\n\t\t\t\t<\/div>\n\t\t<div class=\"elementor-element elementor-element-36dd7469 e-flex e-con-boxed e-con e-parent\" data-id=\"36dd7469\" data-element_type=\"container\" data-e-type=\"container\">\n\t\t\t\t\t<div class=\"e-con-inner\">\n\t\t\t\t<div class=\"elementor-element elementor-element-13760ab4 elementor-widget elementor-widget-heading\" data-id=\"13760ab4\" data-element_type=\"widget\" data-e-type=\"widget\" data-widget_type=\"heading.default\">\n\t\t\t\t\t<h2 class=\"elementor-heading-title elementor-size-default\">Souvisej\u00edc\u00ed odkazy<\/h2>\t\t\t\t<\/div>\n\t\t<div class=\"elementor-element elementor-element-28c87796 e-con-full e-flex e-con e-child\" data-id=\"28c87796\" data-element_type=\"container\" data-e-type=\"container\">\n\t\t\t\t<div class=\"elementor-element elementor-element-5d6538df elementor-widget elementor-widget-text-editor\" data-id=\"5d6538df\" data-element_type=\"widget\" data-e-type=\"widget\" data-widget_type=\"text-editor.default\">\n\t\t\t\t\t\t\t\t\t<ul><li><a href=\"https:\/\/iwell-guard.com\/cs\/?page_id=145240\">\u00d3din, man\u017eel<\/a><\/li><li><a href=\"https:\/\/iwell-guard.com\/cs\/?page_id=145341\">Freyja, p\u0159\u00edbuzn\u00e1 germ\u00e1nsk\u00e1 bohyn\u011b<\/a><\/li><li><a href=\"https:\/\/iwell-guard.com\/cs\/?page_id=145289\">Loki, protivn\u00edk v m\u00fdtu o Baldrovi<\/a><\/li><li><a href=\"https:\/\/iwell-guard.com\/cs\/?page_id=145141\">Germ\u00e1nsk\u00e9, p\u0159ehled panteonu<\/a><\/li><li><a href=\"https:\/\/iwell-guard.com\/cs\/?page_id=145234\">Vysok\u00e1 bo\u017estva, podkategorie<\/a><\/li><li><a href=\"https:\/\/iwell-guard.com\/cs\/?page_id=145205\">Bohov\u00e9, p\u0159ehled t\u0159\u00edd<\/a><\/li><\/ul>\t\t\t\t\t\t\t\t<\/div>\n\t\t\t\t<\/div>\n\t\t\t\t\t<\/div>\n\t\t\t\t<\/div>\n\t\t<div class=\"elementor-element elementor-element-grl4kl40 e-flex e-con-boxed e-con e-parent\" data-id=\"grl4kl40\" data-element_type=\"container\" data-e-type=\"container\">\n\t\t\t\t\t<div class=\"e-con-inner\">\n\t\t\t\t<div class=\"elementor-element elementor-element-bzsbfrmh elementor-widget elementor-widget-heading\" data-id=\"bzsbfrmh\" data-element_type=\"widget\" data-e-type=\"widget\" data-widget_type=\"heading.default\">\n\t\t\t\t\t<h2 class=\"elementor-heading-title elementor-size-default\">Literatura (v\u00fdb\u011br)<\/h2>\t\t\t\t<\/div>\n\t\t<div class=\"elementor-element elementor-element-2c13224a e-con-full e-flex e-con e-child\" data-id=\"2c13224a\" data-element_type=\"container\" data-e-type=\"container\">\n\t\t\t\t<div class=\"elementor-element elementor-element-0eymh9ub elementor-widget elementor-widget-text-editor\" data-id=\"0eymh9ub\" data-element_type=\"widget\" data-e-type=\"widget\" data-widget_type=\"text-editor.default\">\n\t\t\t\t\t\t\t\t\t<footer class=\"iwg-literatur\" data-nosnippet=\"true\"><ul><li><span data-nosnippet>Simek, Rudolf: <em>Lexikon der germanischen <span class=\"iwg-fachbegriff\" data-tooltip=\"Souhrn dochovan\u00fdch vypr\u00e1v\u011bn\u00ed o boz\u00edch ur\u010dit\u00e9 kultury.\" tabindex=\"0\">mytologie<\/span><\/em>. Stuttgart 2006.<\/span><\/li><li><span data-nosnippet>de Vries, Jan: <em>Altgermanische Religionsgeschichte<\/em>. 2 svazky, Berlin 1956\/57.<\/span><\/li><li><span data-nosnippet>Lindow, John: <em>Norse Mythology. A Guide to the Gods, Heroes, Rituals, and Beliefs<\/em>. Oxford 2001.<\/span><\/li><li><span data-nosnippet>Davidson, Hilda Ellis: <em>Roles of the Northern Goddess<\/em>. London 1998.<\/span><\/li><li><span class=\"iwg-fachbegriff\" tabindex=\"0\" data-tooltip=\"Islandsk\u00fd u\u010denec (1179\u20131241); autor Prosaick\u00e9 Eddy a Heimskringly.\">Snorri Sturluson<\/span>: <em>Snorra-Edda<\/em> (\u010detn\u00e9 p&#345;eklady).<\/li><li>Walde, Christine (vyd.): <em>Der Neue Pauly<\/em> (heslo &bdquo;Frigg&ldquo;).<\/li><\/ul><\/footer>\t\t\t\t\t\t\t\t<\/div>\n\t\t\t\t<\/div>\n\t\t\t\t\t<\/div>\n\t\t\t\t<\/div>\n\t\t<div class=\"elementor-element elementor-element-iwgkw2-add-frigg e-flex e-con-boxed e-con e-parent\" data-id=\"iwgkw2-add-frigg\" data-element_type=\"container\" data-e-type=\"container\">\n\t\t\t\t\t<div class=\"e-con-inner\">\n\t\t\t\t<div class=\"elementor-element elementor-element-iwgkw2-add-frigg-t elementor-widget elementor-widget-text-editor\" data-id=\"iwgkw2-add-frigg-t\" data-element_type=\"widget\" data-e-type=\"widget\" data-widget_type=\"text-editor.default\">\n\t\t\t\t\t\t\t\t\t<p>Frigg je v seversk\u00e9 <span class=\"iwg-fachbegriff\" data-tooltip=\"P\u0159enos znalost\u00ed a vypr\u00e1v\u011bn\u00ed mezi generacemi.\" tabindex=\"0\">tradici<\/span> pova\u017eov\u00e1na za <em>nejvy\u0161\u0161\u00ed bohyni<\/em> \u00c1s\u016f, man\u017eelku \u00d3dina a matku Baldra; Edda ji popisuje jako str\u00e1\u017ekyni osudov\u00fdch nit\u00ed a ochr\u00e1nkyni p\u0159\u00edsah.<\/p>\t\t\t\t\t\t\t\t<\/div>\n\t\t\t\t\t<\/div>\n\t\t\t\t<\/div>\n\t\t\t\t<\/div>\n\t\t","protected":false},"excerpt":{"rendered":"","protected":false},"author":3,"featured_media":1572,"parent":0,"menu_order":0,"comment_status":"closed","ping_status":"closed","template":"elementor_header_footer","meta":{"_yoast_wpseo_focuskw":"frigg","_yoast_wpseo_title":"Frigg - Nejvy\u0161\u0161\u00ed bohyn\u011b \u00c1s\u016f, matka Baldera","_yoast_wpseo_metadesc":"Frigg, nejvy\u0161\u0161\u00ed bohyn\u011b \u00c1s\u016f a matka Baldera. Dar osudu, matka, hospod\u00e1\u0159stv\u00ed. Prameny v Edd\u011b, u Saxona a stopy v germ\u00e1nsk\u00fdch kultech.","_yoast_wpseo_meta-robots-noindex":"","_yoast_wpseo_canonical":"","_angie_page":false,"gefaehrdungsstufe":"1","wesen_kultur":"germanisch","wesen_klasse":"goetter","footnotes":""},"categories":[],"class_list":["post-145345","page","type-page","status-publish","has-post-thumbnail","hentry"],"yoast_head":"<!-- This site is optimized with the Yoast SEO Premium plugin v27.7 (Yoast SEO v28.3) - https:\/\/yoast.com\/product\/yoast-seo-premium-wordpress\/ -->\n<title>Frigg - Nejvy\u0161\u0161\u00ed bohyn\u011b \u00c1s\u016f, matka Baldera<\/title>\n<meta name=\"description\" content=\"Frigg, nejvy\u0161\u0161\u00ed bohyn\u011b \u00c1s\u016f a matka Baldera. Dar osudu, matka, hospod\u00e1\u0159stv\u00ed. Prameny v Edd\u011b, u Saxona a stopy v germ\u00e1nsk\u00fdch kultech.\" \/>\n<meta name=\"robots\" content=\"index, follow, max-snippet:-1, max-image-preview:large, max-video-preview:-1\" \/>\n<link rel=\"canonical\" href=\"https:\/\/iwell-guard.com\/cs\/frigg\/\" \/>\n<meta property=\"og:locale\" content=\"cs_CZ\" \/>\n<meta property=\"og:type\" content=\"article\" \/>\n<meta property=\"og:title\" content=\"Frigg\" \/>\n<meta property=\"og:description\" content=\"Frigg, nejvy\u0161\u0161\u00ed bohyn\u011b \u00c1s\u016f a matka Baldera. Dar osudu, matka, hospod\u00e1\u0159stv\u00ed. Prameny v Edd\u011b, u Saxona a stopy v germ\u00e1nsk\u00fdch kultech.\" \/>\n<meta property=\"og:url\" content=\"https:\/\/iwell-guard.com\/cs\/frigg\/\" \/>\n<meta property=\"og:site_name\" content=\"iWell Guard\" \/>\n<meta property=\"article:modified_time\" content=\"2026-09-03T16:53:30+00:00\" \/>\n<meta property=\"og:image\" content=\"https:\/\/iwell-guard.com\/wp-content\/uploads\/2026\/04\/goetter_germanisch_frigg.webp\" \/>\n\t<meta property=\"og:image:width\" content=\"1024\" \/>\n\t<meta property=\"og:image:height\" content=\"1536\" \/>\n\t<meta property=\"og:image:type\" content=\"image\/webp\" \/>\n<meta name=\"twitter:card\" content=\"summary_large_image\" \/>\n<script type=\"application\/ld+json\" class=\"yoast-schema-graph\">{\"@context\":\"https:\\\/\\\/schema.org\",\"@graph\":[{\"@type\":\"WebPage\",\"@id\":\"https:\\\/\\\/iwell-guard.com\\\/cs\\\/frigg\\\/\",\"url\":\"https:\\\/\\\/iwell-guard.com\\\/cs\\\/frigg\\\/\",\"name\":\"Frigg - Nejvy\u0161\u0161\u00ed bohyn\u011b \u00c1s\u016f, matka Baldera\",\"isPartOf\":{\"@id\":\"https:\\\/\\\/iwell-guard.com\\\/cs\\\/#website\"},\"primaryImageOfPage\":{\"@id\":\"https:\\\/\\\/iwell-guard.com\\\/cs\\\/frigg\\\/#primaryimage\"},\"image\":{\"@id\":\"https:\\\/\\\/iwell-guard.com\\\/cs\\\/frigg\\\/#primaryimage\"},\"thumbnailUrl\":\"https:\\\/\\\/iwell-guard.com\\\/wp-content\\\/uploads\\\/2026\\\/04\\\/goetter_germanisch_frigg.webp\",\"datePublished\":\"2026-09-03T16:29:26+00:00\",\"dateModified\":\"2026-09-03T16:53:30+00:00\",\"description\":\"Frigg, nejvy\u0161\u0161\u00ed bohyn\u011b \u00c1s\u016f a matka Baldera. Dar osudu, matka, hospod\u00e1\u0159stv\u00ed. Prameny v Edd\u011b, u Saxona a stopy v germ\u00e1nsk\u00fdch kultech.\",\"breadcrumb\":{\"@id\":\"https:\\\/\\\/iwell-guard.com\\\/cs\\\/frigg\\\/#breadcrumb\"},\"inLanguage\":\"cs\",\"potentialAction\":[{\"@type\":\"ReadAction\",\"target\":[\"https:\\\/\\\/iwell-guard.com\\\/cs\\\/frigg\\\/\"]}]},{\"@type\":\"ImageObject\",\"inLanguage\":\"cs\",\"@id\":\"https:\\\/\\\/iwell-guard.com\\\/cs\\\/frigg\\\/#primaryimage\",\"url\":\"https:\\\/\\\/iwell-guard.com\\\/wp-content\\\/uploads\\\/2026\\\/04\\\/goetter_germanisch_frigg.webp\",\"contentUrl\":\"https:\\\/\\\/iwell-guard.com\\\/wp-content\\\/uploads\\\/2026\\\/04\\\/goetter_germanisch_frigg.webp\",\"width\":1024,\"height\":1536,\"caption\":\"Bohov\u00e9 z germ\u00e1nsk\u00e9 tradice.\"},{\"@type\":\"BreadcrumbList\",\"@id\":\"https:\\\/\\\/iwell-guard.com\\\/cs\\\/frigg\\\/#breadcrumb\",\"itemListElement\":[{\"@type\":\"ListItem\",\"position\":1,\"name\":\"Start\",\"item\":\"https:\\\/\\\/iwell-guard.com\\\/cs\\\/?page_id=145107\"},{\"@type\":\"ListItem\",\"position\":2,\"name\":\"Frigg\"}]},{\"@type\":\"WebSite\",\"@id\":\"https:\\\/\\\/iwell-guard.com\\\/cs\\\/#website\",\"url\":\"https:\\\/\\\/iwell-guard.com\\\/cs\\\/\",\"name\":\"iWell Guard\",\"description\":\"Schutz vor dunklen Einfl\u00fcssen\",\"publisher\":{\"@id\":\"https:\\\/\\\/iwell-guard.com\\\/cs\\\/#organization\"},\"potentialAction\":[{\"@type\":\"SearchAction\",\"target\":{\"@type\":\"EntryPoint\",\"urlTemplate\":\"https:\\\/\\\/iwell-guard.com\\\/cs\\\/?s={search_term_string}\"},\"query-input\":{\"@type\":\"PropertyValueSpecification\",\"valueRequired\":true,\"valueName\":\"search_term_string\"}}],\"inLanguage\":\"cs\"},{\"@type\":\"Organization\",\"@id\":\"https:\\\/\\\/iwell-guard.com\\\/cs\\\/#organization\",\"name\":\"Ittermann electronic GmbH\",\"url\":\"https:\\\/\\\/iwell-guard.com\\\/cs\\\/\",\"logo\":{\"@type\":\"ImageObject\",\"inLanguage\":\"cs\",\"@id\":\"https:\\\/\\\/iwell-guard.com\\\/cs\\\/#\\\/schema\\\/logo\\\/image\\\/\",\"url\":\"https:\\\/\\\/iwell-guard.com\\\/wp-content\\\/uploads\\\/2026\\\/05\\\/Ittermann-Logo-1182x237-1.png\",\"contentUrl\":\"https:\\\/\\\/iwell-guard.com\\\/wp-content\\\/uploads\\\/2026\\\/05\\\/Ittermann-Logo-1182x237-1.png\",\"width\":1182,\"height\":237,\"caption\":\"Ittermann electronic GmbH\"},\"image\":{\"@id\":\"https:\\\/\\\/iwell-guard.com\\\/cs\\\/#\\\/schema\\\/logo\\\/image\\\/\"},\"sameAs\":[\"https:\\\/\\\/pantip.com\\\/profile\\\/9367242\",\"https:\\\/\\\/micro.blog\\\/iwellguard\",\"https:\\\/\\\/www.diggerslist.com\\\/iwellguard\\\/about\",\"https:\\\/\\\/skitterphoto.com\\\/photographers\\\/2870314\\\/iwell-guard\",\"https:\\\/\\\/iwellguard.wordpress.com\\\/2026\\\/06\\\/06\\\/iwell-guard\\\/\",\"https:\\\/\\\/hub.docker.com\\\/u\\\/iwellguard\",\"https:\\\/\\\/www.pinterest.com\\\/iwellguard\\\/\",\"https:\\\/\\\/bit.ly\\\/m\\\/iwellguard\",\"https:\\\/\\\/entre-vos-mains.alsace.eu\\\/profiles\\\/iwellguard\\\/activity\",\"https:\\\/\\\/gravatar.com\\\/reallybeded8fd34\",\"https:\\\/\\\/naijamatta.com\\\/iwellguard\",\"https:\\\/\\\/www.goodreads.com\\\/iwellguard\",\"https:\\\/\\\/profile.hatena.ne.jp\\\/iwellguard\\\/\",\"https:\\\/\\\/experiment.com\\\/users\\\/iwellguard\",\"https:\\\/\\\/wakelet.com\\\/@iWellGuard82270\",\"https:\\\/\\\/www.chordie.com\\\/forum\\\/profile.php?id=2555664\",\"https:\\\/\\\/www.instapaper.com\\\/p\\\/17757966\",\"https:\\\/\\\/www.mapleprimes.com\\\/users\\\/iwellguard\",\"https:\\\/\\\/businesslistingplus.com\\\/profile\\\/iwell-guard\\\/\",\"https:\\\/\\\/telegra.ph\\\/iWell-Guard-06-06\",\"https:\\\/\\\/pbase.com\\\/iwellguard\\\/iwellguard\",\"https:\\\/\\\/b.hatena.ne.jp\\\/iwellguard\\\/20260607#bookmark-4788405196491818882\",\"https:\\\/\\\/fliphtml5.com\\\/home\\\/iwellguard\",\"https:\\\/\\\/anyflip.com\\\/homepage\\\/cmiwl#About\",\"https:\\\/\\\/transfur.com\\\/Users\\\/iwellguard\",\"http:\\\/\\\/delphi.larsbo.org\\\/user\\\/iwellguard\",\"https:\\\/\\\/jobs.lajobsportal.org\\\/profiles\\\/8380803-iwell-guard\",\"https:\\\/\\\/md.chaosdorf.de\\\/s\\\/jfbe5SBdJD\",\"https:\\\/\\\/www.lingvolive.com\\\/en-us\\\/profile\\\/9ecaeaca-ce11-4e51-9e71-01d55e2bff36\\\/translations\",\"https:\\\/\\\/www.fitday.com\\\/fitness\\\/forums\\\/members\\\/iwellguard.html\",\"https:\\\/\\\/www.mymeetbook.com\\\/iwellguard\",\"https:\\\/\\\/pxhere.com\\\/en\\\/photographer-me\\\/5040798\",\"https:\\\/\\\/disqus.com\\\/by\\\/iwellguard\\\/about\\\/\",\"https:\\\/\\\/pastelink.net\\\/hjwciqwq\",\"https:\\\/\\\/pubhtml5.com\\\/homepage\\\/scjhn\\\/\",\"https:\\\/\\\/www.bitchute.com\\\/channel\\\/2O2eOKzNqujT\",\"https:\\\/\\\/audiomack.com\\\/iwellguard\"]},{\"@type\":\"Article\",\"@id\":\"https:\\\/\\\/iwell-guard.com\\\/cs\\\/frigg\\\/#article\",\"isPartOf\":{\"@id\":\"https:\\\/\\\/iwell-guard.com\\\/cs\\\/frigg\\\/\"},\"author\":{\"name\":\"Ralf Ittermann\",\"@id\":\"https:\\\/\\\/iwell-guard.com\\\/cs\\\/#\\\/schema\\\/person\\\/ee2a27f1cac3406c7c6fb5820cb7349f\"},\"headline\":\"Frigg\",\"datePublished\":\"2026-09-03T16:29:26+00:00\",\"dateModified\":\"2026-09-03T16:53:30+00:00\",\"mainEntityOfPage\":{\"@id\":\"https:\\\/\\\/iwell-guard.com\\\/cs\\\/frigg\\\/\"},\"publisher\":{\"@id\":\"https:\\\/\\\/iwell-guard.com\\\/cs\\\/#organization\"},\"image\":{\"@id\":\"https:\\\/\\\/iwell-guard.com\\\/cs\\\/frigg\\\/#primaryimage\"},\"thumbnailUrl\":\"https:\\\/\\\/iwell-guard.com\\\/wp-content\\\/uploads\\\/2026\\\/04\\\/goetter_germanisch_frigg.webp\",\"inLanguage\":\"cs\",\"description\":\"Frigg, nejvy\u0161\u0161\u00ed bohyn\u011b \u00c1s\u016f a matka Baldera. Dar osudu, matka, hospod\u00e1\u0159stv\u00ed. Prameny v Edd\u011b, u Saxona a stopy v germ\u00e1nsk\u00fdch kultech.\"}]}<\/script>\n<!-- \/ Yoast SEO Premium plugin. -->","yoast_head_json":{"title":"Frigg - Nejvy\u0161\u0161\u00ed bohyn\u011b \u00c1s\u016f, matka Baldera","description":"Frigg, nejvy\u0161\u0161\u00ed bohyn\u011b \u00c1s\u016f a matka Baldera. Dar osudu, matka, hospod\u00e1\u0159stv\u00ed. Prameny v Edd\u011b, u Saxona a stopy v germ\u00e1nsk\u00fdch kultech.","robots":{"index":"index","follow":"follow","max-snippet":"max-snippet:-1","max-image-preview":"max-image-preview:large","max-video-preview":"max-video-preview:-1"},"canonical":"https:\/\/iwell-guard.com\/cs\/frigg\/","og_locale":"cs_CZ","og_type":"article","og_title":"Frigg","og_description":"Frigg, nejvy\u0161\u0161\u00ed bohyn\u011b \u00c1s\u016f a matka Baldera. Dar osudu, matka, hospod\u00e1\u0159stv\u00ed. Prameny v Edd\u011b, u Saxona a stopy v germ\u00e1nsk\u00fdch kultech.","og_url":"https:\/\/iwell-guard.com\/cs\/frigg\/","og_site_name":"iWell Guard","article_modified_time":"2026-09-03T16:53:30+00:00","og_image":[{"width":1024,"height":1536,"url":"https:\/\/iwell-guard.com\/wp-content\/uploads\/2026\/04\/goetter_germanisch_frigg.webp","type":"image\/webp"}],"twitter_card":"summary_large_image","schema":{"@context":"https:\/\/schema.org","@graph":[{"@type":"Article","@id":"https:\/\/iwell-guard.com\/cs\/frigg\/#article","isPartOf":{"@id":"https:\/\/iwell-guard.com\/cs\/frigg\/"},"author":{"name":"Ralf Ittermann","@id":"https:\/\/iwell-guard.com\/cs\/#\/schema\/person\/ee2a27f1cac3406c7c6fb5820cb7349f"},"headline":"Frigg","datePublished":"2026-09-03T16:29:26+00:00","dateModified":"2026-09-03T16:53:30+00:00","mainEntityOfPage":{"@id":"https:\/\/iwell-guard.com\/cs\/frigg\/"},"publisher":{"@id":"https:\/\/iwell-guard.com\/cs\/#organization"},"image":{"@id":"https:\/\/iwell-guard.com\/cs\/frigg\/#primaryimage"},"thumbnailUrl":"https:\/\/iwell-guard.com\/wp-content\/uploads\/2026\/04\/goetter_germanisch_frigg.webp","inLanguage":"cs","description":"Frigg, nejvy\u0161\u0161\u00ed bohyn\u011b \u00c1s\u016f a matka Baldera. Dar osudu, matka, hospod\u00e1\u0159stv\u00ed. Prameny v Edd\u011b, u Saxona a stopy v germ\u00e1nsk\u00fdch kultech."},{"@type":"WebPage","@id":"https:\/\/iwell-guard.com\/cs\/frigg\/","url":"https:\/\/iwell-guard.com\/cs\/frigg\/","name":"Frigg - Nejvy\u0161\u0161\u00ed bohyn\u011b \u00c1s\u016f, matka Baldera","isPartOf":{"@id":"https:\/\/iwell-guard.com\/cs\/#website"},"primaryImageOfPage":{"@id":"https:\/\/iwell-guard.com\/cs\/frigg\/#primaryimage"},"image":{"@id":"https:\/\/iwell-guard.com\/cs\/frigg\/#primaryimage"},"thumbnailUrl":"https:\/\/iwell-guard.com\/wp-content\/uploads\/2026\/04\/goetter_germanisch_frigg.webp","datePublished":"2026-09-03T16:29:26+00:00","dateModified":"2026-09-03T16:53:30+00:00","description":"Frigg, nejvy\u0161\u0161\u00ed bohyn\u011b \u00c1s\u016f a matka Baldera. Dar osudu, matka, hospod\u00e1\u0159stv\u00ed. Prameny v Edd\u011b, u Saxona a stopy v germ\u00e1nsk\u00fdch kultech.","breadcrumb":{"@id":"https:\/\/iwell-guard.com\/cs\/frigg\/#breadcrumb"},"inLanguage":"cs","potentialAction":[{"@type":"ReadAction","target":["https:\/\/iwell-guard.com\/cs\/frigg\/"]}]},{"@type":"ImageObject","inLanguage":"cs","@id":"https:\/\/iwell-guard.com\/cs\/frigg\/#primaryimage","url":"https:\/\/iwell-guard.com\/wp-content\/uploads\/2026\/04\/goetter_germanisch_frigg.webp","contentUrl":"https:\/\/iwell-guard.com\/wp-content\/uploads\/2026\/04\/goetter_germanisch_frigg.webp","width":1024,"height":1536,"caption":"Bohov\u00e9 z germ\u00e1nsk\u00e9 tradice."},{"@type":"BreadcrumbList","@id":"https:\/\/iwell-guard.com\/cs\/frigg\/#breadcrumb","itemListElement":[{"@type":"ListItem","position":1,"name":"Start","item":"https:\/\/iwell-guard.com\/cs\/?page_id=145107"},{"@type":"ListItem","position":2,"name":"Frigg"}]},{"@type":"WebSite","@id":"https:\/\/iwell-guard.com\/cs\/#website","url":"https:\/\/iwell-guard.com\/cs\/","name":"iWell Guard","description":"Schutz vor dunklen Einfl\u00fcssen","publisher":{"@id":"https:\/\/iwell-guard.com\/cs\/#organization"},"potentialAction":[{"@type":"SearchAction","target":{"@type":"EntryPoint","urlTemplate":"https:\/\/iwell-guard.com\/cs\/?s={search_term_string}"},"query-input":{"@type":"PropertyValueSpecification","valueRequired":true,"valueName":"search_term_string"}}],"inLanguage":"cs"},{"@type":"Organization","@id":"https:\/\/iwell-guard.com\/cs\/#organization","name":"Ittermann electronic GmbH","url":"https:\/\/iwell-guard.com\/cs\/","logo":{"@type":"ImageObject","inLanguage":"cs","@id":"https:\/\/iwell-guard.com\/cs\/#\/schema\/logo\/image\/","url":"https:\/\/iwell-guard.com\/wp-content\/uploads\/2026\/05\/Ittermann-Logo-1182x237-1.png","contentUrl":"https:\/\/iwell-guard.com\/wp-content\/uploads\/2026\/05\/Ittermann-Logo-1182x237-1.png","width":1182,"height":237,"caption":"Ittermann electronic GmbH"},"image":{"@id":"https:\/\/iwell-guard.com\/cs\/#\/schema\/logo\/image\/"},"sameAs":["https:\/\/pantip.com\/profile\/9367242","https:\/\/micro.blog\/iwellguard","https:\/\/www.diggerslist.com\/iwellguard\/about","https:\/\/skitterphoto.com\/photographers\/2870314\/iwell-guard","https:\/\/iwellguard.wordpress.com\/2026\/06\/06\/iwell-guard\/","https:\/\/hub.docker.com\/u\/iwellguard","https:\/\/www.pinterest.com\/iwellguard\/","https:\/\/bit.ly\/m\/iwellguard","https:\/\/entre-vos-mains.alsace.eu\/profiles\/iwellguard\/activity","https:\/\/gravatar.com\/reallybeded8fd34","https:\/\/naijamatta.com\/iwellguard","https:\/\/www.goodreads.com\/iwellguard","https:\/\/profile.hatena.ne.jp\/iwellguard\/","https:\/\/experiment.com\/users\/iwellguard","https:\/\/wakelet.com\/@iWellGuard82270","https:\/\/www.chordie.com\/forum\/profile.php?id=2555664","https:\/\/www.instapaper.com\/p\/17757966","https:\/\/www.mapleprimes.com\/users\/iwellguard","https:\/\/businesslistingplus.com\/profile\/iwell-guard\/","https:\/\/telegra.ph\/iWell-Guard-06-06","https:\/\/pbase.com\/iwellguard\/iwellguard","https:\/\/b.hatena.ne.jp\/iwellguard\/20260607#bookmark-4788405196491818882","https:\/\/fliphtml5.com\/home\/iwellguard","https:\/\/anyflip.com\/homepage\/cmiwl#About","https:\/\/transfur.com\/Users\/iwellguard","http:\/\/delphi.larsbo.org\/user\/iwellguard","https:\/\/jobs.lajobsportal.org\/profiles\/8380803-iwell-guard","https:\/\/md.chaosdorf.de\/s\/jfbe5SBdJD","https:\/\/www.lingvolive.com\/en-us\/profile\/9ecaeaca-ce11-4e51-9e71-01d55e2bff36\/translations","https:\/\/www.fitday.com\/fitness\/forums\/members\/iwellguard.html","https:\/\/www.mymeetbook.com\/iwellguard","https:\/\/pxhere.com\/en\/photographer-me\/5040798","https:\/\/disqus.com\/by\/iwellguard\/about\/","https:\/\/pastelink.net\/hjwciqwq","https:\/\/pubhtml5.com\/homepage\/scjhn\/","https:\/\/www.bitchute.com\/channel\/2O2eOKzNqujT","https:\/\/audiomack.com\/iwellguard"]},{"@type":"Person","@id":"https:\/\/iwell-guard.com\/cs\/#\/schema\/person\/ee2a27f1cac3406c7c6fb5820cb7349f","name":"Ralf Ittermann","image":{"@type":"ImageObject","inLanguage":"cs","@id":"https:\/\/secure.gravatar.com\/avatar\/073c0153e350a5005b68eb752b445fea71f6b24a26da9449ad7e155e6b446c9d?s=96&d=mm&r=g","url":"https:\/\/secure.gravatar.com\/avatar\/073c0153e350a5005b68eb752b445fea71f6b24a26da9449ad7e155e6b446c9d?s=96&d=mm&r=g","contentUrl":"https:\/\/secure.gravatar.com\/avatar\/073c0153e350a5005b68eb752b445fea71f6b24a26da9449ad7e155e6b446c9d?s=96&d=mm&r=g","caption":"Ralf Ittermann"},"givenName":"Ralf","familyName":"Ittermann","jobTitle":"Gesch\u00e4ftsf\u00fchrer und redaktioneller Verantwortlicher","url":"https:\/\/iwell-guard.com\/cs\/author\/claude\/","description":"Ralf Ittermann ist Gesch\u00e4ftsf\u00fchrer der Ittermann electronic GmbH und redaktioneller Verantwortlicher des iWell-Guard-Lexikons. Er verbindet langj\u00e4hrige Erfahrung in der Pr\u00e4zisionsfertigung mit medialer Praxis und religionsgeschichtlicher Quellenarbeit.","worksFor":{"@type":"Organization","name":"Ittermann electronic GmbH","url":"https:\/\/ittermann.de\/","address":{"@type":"PostalAddress","streetAddress":"K\u00f6hlergasse 16-18","postalCode":"99842","addressLocality":"Ruhla","addressCountry":"DE"}},"knowsAbout":["Religionsgeschichte","Mythologie","Mediale Praxis","Energetische Diagnostik","Schutzpraxis","Volksglauben","Westliche Esoterik"]},{"@type":"Article","@id":"https:\/\/iwell-guard.com\/cs\/frigg\/#article","isPartOf":{"@id":"https:\/\/iwell-guard.com\/cs\/frigg\/"},"author":{"name":"Ralf Ittermann","@id":"https:\/\/iwell-guard.com\/cs\/#\/schema\/person\/ee2a27f1cac3406c7c6fb5820cb7349f"},"headline":"Frigg","datePublished":"2026-09-03T16:29:26+00:00","dateModified":"2026-09-03T16:53:30+00:00","mainEntityOfPage":{"@id":"https:\/\/iwell-guard.com\/cs\/frigg\/"},"publisher":{"@id":"https:\/\/iwell-guard.com\/cs\/#organization"},"image":{"@id":"https:\/\/iwell-guard.com\/cs\/frigg\/#primaryimage"},"thumbnailUrl":"https:\/\/iwell-guard.com\/wp-content\/uploads\/2026\/04\/goetter_germanisch_frigg.webp","inLanguage":"cs","description":"Frigg, nejvy\u0161\u0161\u00ed bohyn\u011b \u00c1s\u016f a matka Baldera. Dar osudu, matka, hospod\u00e1\u0159stv\u00ed. Prameny v Edd\u011b, u Saxona a stopy v germ\u00e1nsk\u00fdch kultech."}]}},"_links":{"self":[{"href":"https:\/\/iwell-guard.com\/cs\/wp-json\/wp\/v2\/pages\/145345","targetHints":{"allow":["GET"]}}],"collection":[{"href":"https:\/\/iwell-guard.com\/cs\/wp-json\/wp\/v2\/pages"}],"about":[{"href":"https:\/\/iwell-guard.com\/cs\/wp-json\/wp\/v2\/types\/page"}],"author":[{"embeddable":true,"href":"https:\/\/iwell-guard.com\/cs\/wp-json\/wp\/v2\/users\/3"}],"replies":[{"embeddable":true,"href":"https:\/\/iwell-guard.com\/cs\/wp-json\/wp\/v2\/comments?post=145345"}],"version-history":[{"count":0,"href":"https:\/\/iwell-guard.com\/cs\/wp-json\/wp\/v2\/pages\/145345\/revisions"}],"wp:featuredmedia":[{"embeddable":true,"href":"https:\/\/iwell-guard.com\/cs\/wp-json\/wp\/v2\/media\/1572"}],"wp:attachment":[{"href":"https:\/\/iwell-guard.com\/cs\/wp-json\/wp\/v2\/media?parent=145345"}],"wp:term":[{"taxonomy":"category","embeddable":true,"href":"https:\/\/iwell-guard.com\/cs\/wp-json\/wp\/v2\/categories?post=145345"}],"curies":[{"name":"wp","href":"https:\/\/api.w.org\/{rel}","templated":true}]}}