{"id":145317,"date":"2026-09-03T16:29:10","date_gmt":"2026-09-03T16:29:10","guid":{"rendered":"https:\/\/iwell-guard.com\/?page_id=145317"},"modified":"2026-09-03T16:52:47","modified_gmt":"2026-09-03T16:52:47","slug":"ate","status":"publish","type":"page","link":"https:\/\/iwell-guard.com\/cs\/ate\/","title":{"rendered":"At\u00e9"},"content":{"rendered":"\t\t<div data-elementor-type=\"wp-page\" data-elementor-id=\"145317\" class=\"elementor elementor-145317 elementor-2043 elementor-bc-flex-widget\" data-elementor-post-type=\"page\">\n\t\t\t\t<div class=\"elementor-element elementor-element-10fdade e-flex e-con-boxed e-con e-parent\" data-id=\"10fdade\" data-element_type=\"container\" data-e-type=\"container\" data-settings=\"{&quot;background_background&quot;:&quot;classic&quot;}\">\n\t\t\t\t\t<div class=\"e-con-inner\">\n\t\t<div class=\"elementor-element elementor-element-herohlft0 e-flex e-con-boxed e-con e-child\" data-id=\"herohlft0\" data-element_type=\"container\" data-e-type=\"container\">\n\t\t\t\t\t<div class=\"e-con-inner\">\n\t\t<div class=\"elementor-element elementor-element-c3ceb64 e-con-full e-flex e-con e-child\" data-id=\"c3ceb64\" data-element_type=\"container\" data-e-type=\"container\">\n\t\t\t\t<div class=\"elementor-element elementor-element-96ae5e1 elementor-widget elementor-widget-heading\" data-id=\"96ae5e1\" data-element_type=\"widget\" data-e-type=\"widget\" data-widget_type=\"heading.default\">\n\t\t\t\t\t<h1 class=\"elementor-heading-title elementor-size-default\">At\u00e9, bohyn\u011b \u0159eck\u00e9 tradice<\/h1>\t\t\t\t<\/div>\n\t\t\t\t<div class=\"elementor-element elementor-element-e45238a elementor-widget elementor-widget-text-editor\" data-id=\"e45238a\" data-element_type=\"widget\" data-e-type=\"widget\" data-widget_type=\"text-editor.default\">\n\t\t\t\t\t\t\t\t\t<p><strong>Bohyn\u011b zaslepen\u00ed, ne\u0161t\u011bst\u00ed a osudn\u00fdch rozhodnut\u00ed.<\/strong> At\u00e9 je temnou silou v \u0159eck\u00e9 <span class=\"iwg-fachbegriff\" data-tooltip=\"Souhrn tradovan\u00fdch vypr\u00e1v\u011bn\u00ed o boz\u00edch v ur\u010dit\u00e9 kultu\u0159e.\" tabindex=\"0\">mytologii<\/span>, nen\u00ed zl\u00e1, ale zhoubn\u00e1.<\/p><p>Ses\u00edl\u00e1 \u0161\u00edlenstv\u00ed a chybn\u00fd \u00fasudek do srdc\u00ed hrdin\u016f a kr\u00e1l\u016f. Jej\u00ed kroky jsou tich\u00e9, jej\u00ed vliv z\u00e1ludn\u00fd. Chod\u00ed po zemi a vede lidi do katastrof t\u00edm, \u017ee zatem\u0148uje jejich \u00fasudek.<\/p>\t\t\t\t\t\t\t\t<\/div>\n\t\t\t\t<\/div>\n\t\t<div class=\"elementor-element elementor-element-klsbdg01 e-con-full e-flex e-con e-parent\" data-id=\"klsbdg01\" data-element_type=\"container\" data-e-type=\"container\">\n\t\t\t\t<div class=\"elementor-element elementor-element-klshtm01 elementor-widget elementor-widget-html\" data-id=\"klshtm01\" data-element_type=\"widget\" data-e-type=\"widget\" data-widget_type=\"html.default\">\n\t\t\t\t\t<div class=\"iwg-pill-row\"><span class=\"iwg-klasse-badge\" tabindex=\"0\" data-tooltip=\"B\u016fh \/ bohyn\u011b: Personifikovan\u00e1 nejvy\u0161\u0161\u00ed moc v panteonu dan\u00e9 kultury, s jasn\u00fdmi pravomocemi, p\u0159\u00edrodn\u00ed s\u00edly, osud, v\u00e1lka, plodnost. Uct\u00edv\u00e1na prost\u0159ednictv\u00edm kult\u016f, ob\u011bt\u00ed a chr\u00e1mov\u00fdch instituc\u00ed.\">Bohyn\u011b<\/span><a href=\"https:\/\/iwell-guard.com\/cs\/?page_id=145121\" class=\"iwg-kultur-badge\" tabindex=\"0\" data-tooltip=\"N\u00e1bo\u017eenstv\u00ed a mytologie starov\u011bk\u00e9ho \u0158ecka od myk\u00e9nsk\u00e9 doby a\u017e po pozdn\u00ed antiku.\">\u0158ecko<\/a><\/div>\t\t\t\t<\/div>\n\t\t\t\t<\/div>\n\t\t<div class=\"elementor-element elementor-element-3f74855 e-con-full e-flex e-con e-child\" data-id=\"3f74855\" data-element_type=\"container\" data-e-type=\"container\">\n\t\t\t\t<div class=\"elementor-element elementor-element-1c30362 elementor-toc--minimized-on-tablet elementor-widget elementor-widget-table-of-contents\" data-id=\"1c30362\" data-element_type=\"widget\" data-e-type=\"widget\" data-settings=\"{&quot;exclude_headings_by_selector&quot;:[],&quot;no_headings_message&quot;:&quot;Na t\\u00e9to str\\u00e1nce nebyly nalezeny \\u017e\\u00e1dn\\u00e9 nadpisy.&quot;,&quot;headings_by_tags&quot;:[&quot;h2&quot;,&quot;h3&quot;],&quot;marker_view&quot;:&quot;bullets&quot;,&quot;minimize_box&quot;:&quot;yes&quot;,&quot;icon&quot;:{&quot;value&quot;:&quot;fas fa-circle&quot;,&quot;library&quot;:&quot;fa-solid&quot;,&quot;rendered_tag&quot;:&quot;&lt;svg class=\\&quot;e-font-icon-svg e-fas-circle\\&quot; viewBox=\\&quot;0 0 512 512\\&quot; xmlns=\\&quot;http:\\\/\\\/www.w3.org\\\/2000\\\/svg\\&quot;&gt;&lt;path d=\\&quot;M256 8C119 8 8 119 8 256s111 248 248 248 248-111 248-248S393 8 256 8z\\&quot;&gt;&lt;\\\/path&gt;&lt;\\\/svg&gt;&quot;},&quot;minimized_on&quot;:&quot;tablet&quot;,&quot;hierarchical_view&quot;:&quot;yes&quot;,&quot;min_height&quot;:{&quot;unit&quot;:&quot;px&quot;,&quot;size&quot;:&quot;&quot;,&quot;sizes&quot;:[]},&quot;min_height_tablet&quot;:{&quot;unit&quot;:&quot;px&quot;,&quot;size&quot;:&quot;&quot;,&quot;sizes&quot;:[]},&quot;min_height_mobile&quot;:{&quot;unit&quot;:&quot;px&quot;,&quot;size&quot;:&quot;&quot;,&quot;sizes&quot;:[]}}\" data-widget_type=\"table-of-contents.default\">\n\t\t\t\t\t\t\t\t\t<div class=\"elementor-toc__header\">\n\t\t\t\t\t\t<h2 class=\"elementor-toc__header-title\">\n\t\t\t\tObsah\t\t\t<\/h2>\n\t\t\t\t\t\t\t\t\t\t<div class=\"elementor-toc__toggle-button elementor-toc__toggle-button--expand\" role=\"button\" tabindex=\"0\" aria-controls=\"elementor-toc__1c30362\" aria-expanded=\"true\" aria-label=\"Open table of contents\"><svg aria-hidden=\"true\" class=\"e-font-icon-svg e-fas-chevron-down\" viewBox=\"0 0 448 512\" xmlns=\"http:\/\/www.w3.org\/2000\/svg\"><path d=\"M207.029 381.476L12.686 187.132c-9.373-9.373-9.373-24.569 0-33.941l22.667-22.667c9.357-9.357 24.522-9.375 33.901-.04L224 284.505l154.745-154.021c9.379-9.335 24.544-9.317 33.901.04l22.667 22.667c9.373 9.373 9.373 24.569 0 33.941L240.971 381.476c-9.373 9.372-24.569 9.372-33.942 0z\"><\/path><\/svg><\/div>\n\t\t\t\t<div class=\"elementor-toc__toggle-button elementor-toc__toggle-button--collapse\" role=\"button\" tabindex=\"0\" aria-controls=\"elementor-toc__1c30362\" aria-expanded=\"true\" aria-label=\"Close table of contents\"><svg aria-hidden=\"true\" class=\"e-font-icon-svg e-fas-chevron-up\" viewBox=\"0 0 448 512\" xmlns=\"http:\/\/www.w3.org\/2000\/svg\"><path d=\"M240.971 130.524l194.343 194.343c9.373 9.373 9.373 24.569 0 33.941l-22.667 22.667c-9.357 9.357-24.522 9.375-33.901.04L224 227.495 69.255 381.516c-9.379 9.335-24.544 9.317-33.901-.04l-22.667-22.667c-9.373-9.373-9.373-24.569 0-33.941L207.03 130.525c9.372-9.373 24.568-9.373 33.941-.001z\"><\/path><\/svg><\/div>\n\t\t\t\t\t<\/div>\n\t\t\t\t<div id=\"elementor-toc__1c30362\" class=\"elementor-toc__body\">\n\t\t\t<div class=\"elementor-toc__spinner-container\">\n\t\t\t\t<svg class=\"elementor-toc__spinner eicon-animation-spin e-font-icon-svg e-eicon-loading\" aria-hidden=\"true\" viewBox=\"0 0 1000 1000\" xmlns=\"http:\/\/www.w3.org\/2000\/svg\"><path d=\"M500 975V858C696 858 858 696 858 500S696 142 500 142 142 304 142 500H25C25 237 238 25 500 25S975 237 975 500 763 975 500 975Z\"><\/path><\/svg>\t\t\t<\/div>\n\t\t<\/div>\n\t\t\t\t\t\t<\/div>\n\t\t\t\t<\/div>\n\t\t\t\t\t<\/div>\n\t\t\t\t<\/div>\n\t\t<div class=\"elementor-element elementor-element-herorght0 e-con-full e-flex e-con e-child\" data-id=\"herorght0\" data-element_type=\"container\" data-e-type=\"container\">\n\t\t\t\t<div class=\"elementor-element elementor-element-heroimg00 iwg-hero-image elementor-widget elementor-widget-image\" data-id=\"heroimg00\" data-element_type=\"widget\" data-e-type=\"widget\" data-widget_type=\"image.default\">\n\t\t\t\t\t\t\t\t\t\t\t\t\t\t\t<img fetchpriority=\"high\" decoding=\"async\" width=\"683\" height=\"1024\" src=\"https:\/\/iwell-guard.com\/wp-content\/uploads\/2026\/04\/goetter_griechenland_ate-683x1024.webp\" class=\"attachment-large size-large wp-image-147646\" alt=\"At\u00e9 - bohov\u00e9 z \u0159eck\u00e9 tradice, historicko-ilustrativn\u00ed\" srcset=\"https:\/\/iwell-guard.com\/wp-content\/uploads\/2026\/04\/goetter_griechenland_ate-683x1024.webp 683w, https:\/\/iwell-guard.com\/wp-content\/uploads\/2026\/04\/goetter_griechenland_ate-200x300.webp 200w, https:\/\/iwell-guard.com\/wp-content\/uploads\/2026\/04\/goetter_griechenland_ate-768x1152.webp 768w, https:\/\/iwell-guard.com\/wp-content\/uploads\/2026\/04\/goetter_griechenland_ate.webp 1024w\" sizes=\"(max-width: 683px) 100vw, 683px\" \/>\t\t\t\t\t\t\t\t\t\t\t\t\t\t\t<\/div>\n\t\t\t\t<\/div>\n\t\t\t\t\t<\/div>\n\t\t\t\t<\/div>\n\t\t<div class=\"elementor-element elementor-element-32917199 e-flex e-con-boxed e-con e-parent\" data-id=\"32917199\" data-element_type=\"container\" data-e-type=\"container\">\n\t\t\t\t\t<div class=\"e-con-inner\">\n\t\t<div class=\"elementor-element elementor-element-26e916cb e-flex e-con-boxed e-con e-child\" data-id=\"26e916cb\" data-element_type=\"container\" data-e-type=\"container\">\n\t\t\t\t\t<div class=\"e-con-inner\">\n\t\t<div class=\"elementor-element elementor-element-253a40d4 e-flex e-con-boxed e-con e-child\" data-id=\"253a40d4\" data-element_type=\"container\" data-e-type=\"container\">\n\t\t\t\t\t<div class=\"e-con-inner\">\n\t\t\t\t<div class=\"elementor-element elementor-element-1200c304 elementor-widget elementor-widget-heading\" data-id=\"1200c304\" data-element_type=\"widget\" data-e-type=\"widget\" data-widget_type=\"heading.default\">\n\t\t\t\t\t<h2 class=\"elementor-heading-title elementor-size-default\">At\u00e9<\/h2>\t\t\t\t<\/div>\n\t\t\t\t<div class=\"elementor-element elementor-element-11758e7f elementor-widget elementor-widget-text-editor\" data-id=\"11758e7f\" data-element_type=\"widget\" data-e-type=\"widget\" data-widget_type=\"text-editor.default\">\n\t\t\t\t\t\t\t\t\t<div><p><strong>At\u00e9 v Hom\u00e9rov\u011b Iliad\u011b: bohyn\u011b zaslepen\u00ed a zk\u00e1zy<\/strong><\/p><p>Hom\u00e9rova <em>Ilias<\/em> 9.502-512 obsahuje klasick\u00e9 vyl\u00ed\u010den\u00ed: Zeus vysv\u011btluje, \u017ee At\u00e9, bohyn\u011b zaslepen\u00ed a \u0161patn\u00fdch rad, oklamala i jej samotn\u00e9ho, a byla proto vyhn\u00e1na z Olympu. At\u00e9 p\u0159edstavuje neschopnost p\u0159edv\u00eddat d\u016fsledky a poku\u0161en\u00ed fale\u0161n\u00fdch rozhodnut\u00ed.<\/p><p>V 19.85-138 je podrobn\u011b pops\u00e1na jako bohyn\u011b, kter\u00e1 lehce kr\u00e1\u010d\u00ed po zemi a hub\u00ed cel\u00e9 n\u00e1rody t\u00edm, \u017ee vnik\u00e1 do smysl\u016f smrteln\u00edk\u016f a zaslepuje je.<\/p><p>Pro Hom\u00e9ra je tato bohyn\u011b kosmologickou silou. Nehodnot\u00ed ji mor\u00e1ln\u011b, ale ch\u00e1pe ji jako realitu lidsk\u00e9 n\u00e1chylnosti k omylu. Zt\u011bles\u0148uje tragick\u00fd osud pochyben\u00ed, zejm\u00e9na ve v\u00e1lce, kde chybn\u00fd rozkaz stoj\u00ed tis\u00edce \u017eivot\u016f.<\/p><\/div>\t\t\t\t\t\t\t\t<\/div>\n\t\t\t\t\t<\/div>\n\t\t\t\t<\/div>\n\t\t<div class=\"elementor-element elementor-element-159dcf9a e-flex e-con-boxed e-con e-child\" data-id=\"159dcf9a\" data-element_type=\"container\" data-e-type=\"container\">\n\t\t\t\t\t<div class=\"e-con-inner\">\n\t\t\t\t<div class=\"elementor-element elementor-element-48cee66f elementor-widget elementor-widget-heading\" data-id=\"48cee66f\" data-element_type=\"widget\" data-e-type=\"widget\" data-widget_type=\"heading.default\">\n\t\t\t\t\t<h2 class=\"elementor-heading-title elementor-size-default\">Stru\u010dn\u00fd profil: At\u00e9<\/h2>\t\t\t\t<\/div>\n\t\t\t\t<div class=\"elementor-element elementor-element-3f50d82c elementor-widget elementor-widget-text-editor\" data-id=\"3f50d82c\" data-element_type=\"widget\" data-e-type=\"widget\" data-widget_type=\"text-editor.default\">\n\t\t\t\t\t\t\t\t\t<p><strong>Typ:<\/strong> Personifikace<br><strong>Tradice:<\/strong> \u0158eck\u00e1 <span class=\"iwg-fachbegriff\" data-tooltip=\"Souhrn tradovan\u00fdch vypr\u00e1v\u011bn\u00ed o boz\u00edch v ur\u010dit\u00e9 kultu\u0159e.\" tabindex=\"0\">mytologie<\/span><br><strong>T\u0159\u00edda:<\/strong> <span class=\"iwg-fachbegriff\" data-tooltip=\"Duchovn\u00ed bytost, j\u00ed\u017e je p\u0159isuzov\u00e1n \u0161kodliv\u00fd nebo dvojzna\u010dn\u00fd \u00fa\u010dinek.\" tabindex=\"0\">d\u00e9mon<\/span>\/bohyn\u011b<br><strong>Role:<\/strong> zaslepen\u00ed, pomaten\u00ed, \u0161\u00edlenstv\u00ed<br><strong>Prameny:<\/strong> H\u00e9siodos, Theogonie 230, 232, Hom\u00e9r, Apollod\u00f3ros, Plat\u00f3n<br><strong>Oblast p\u016fsoben\u00ed:<\/strong> rozum, \u00fasudek, mravn\u00ed zmatek<br><strong>Hlavn\u00ed konflikt:<\/strong> bo\u017esk\u00e1 v\u016fle vs. lidsk\u00fd rozum<\/p>\t\t\t\t\t\t\t\t<\/div>\n\t\t\t\t\t<\/div>\n\t\t\t\t<\/div>\n\t\t\t\t\t<\/div>\n\t\t\t\t<\/div>\n\t\t\t\t\t<\/div>\n\t\t\t\t<\/div>\n\t\t<div class=\"elementor-element elementor-element-18613602 e-flex e-con-boxed e-con e-parent\" data-id=\"18613602\" data-element_type=\"container\" data-e-type=\"container\">\n\t\t\t\t\t<div class=\"e-con-inner\">\n\t\t\t\t<div class=\"elementor-element elementor-element-262b8a9f elementor-widget elementor-widget-heading\" data-id=\"262b8a9f\" data-element_type=\"widget\" data-e-type=\"widget\" data-widget_type=\"heading.default\">\n\t\t\t\t\t<h2 class=\"elementor-heading-title elementor-size-default\">Kontext<\/h2>\t\t\t\t<\/div>\n\t\t<div class=\"elementor-element elementor-element-46dcb7d e-con-full e-flex e-con e-child\" data-id=\"46dcb7d\" data-element_type=\"container\" data-e-type=\"container\">\n\t\t<div class=\"elementor-element elementor-element-61d3ab3 e-flex e-con-boxed e-con e-child\" data-id=\"61d3ab3\" data-element_type=\"container\" data-e-type=\"container\">\n\t\t\t\t\t<div class=\"e-con-inner\">\n\t\t\t\t<div class=\"elementor-element elementor-element-117c166 elementor-widget elementor-widget-heading\" data-id=\"117c166\" data-element_type=\"widget\" data-e-type=\"widget\" data-widget_type=\"heading.default\">\n\t\t\t\t\t<h3 class=\"elementor-heading-title elementor-size-default\">Zeitraum der Texte<\/h3>\t\t\t\t<\/div>\n\t\t\t\t<div class=\"elementor-element elementor-element-73997a0 elementor-widget elementor-widget-text-editor\" data-id=\"73997a0\" data-element_type=\"widget\" data-e-type=\"widget\" data-widget_type=\"text-editor.default\">\n\t\t\t\t\t\t\t\t\t<p>H\u00e9siodova Theogonie z doby kolem 700 p\u0159. n. l. je nejstar\u0161\u00edm pramenem (At\u00e9 je zde dcerou Zeuse). Hom\u00e9rova Ilias IX, 500, 512 charakterizaci roz\u0161i\u0159uje. \u0158eck\u00e1 trag\u00e9die 5. stol. p\u0159. n. l. (Sofokl\u00e9s, Aischylos) vyu\u017e\u00edv\u00e1 At\u00e9 jako dramatickou s\u00edlu. Pozd\u011bji: Plat\u00f3n, Pl\u00fatarchos, stoikov\u00e9 (At\u00e9 jako vnit\u0159n\u00ed zatemn\u011bn\u00ed).<\/p>\t\t\t\t\t\t\t\t<\/div>\n\t\t\t\t\t<\/div>\n\t\t\t\t<\/div>\n\t\t<div class=\"elementor-element elementor-element-d47b156 e-flex e-con-boxed e-con e-child\" data-id=\"d47b156\" data-element_type=\"container\" data-e-type=\"container\">\n\t\t\t\t\t<div class=\"e-con-inner\">\n\t\t\t\t<div class=\"elementor-element elementor-element-ff38c2b elementor-widget elementor-widget-heading\" data-id=\"ff38c2b\" data-element_type=\"widget\" data-e-type=\"widget\" data-widget_type=\"heading.default\">\n\t\t\t\t\t<h3 class=\"elementor-heading-title elementor-size-default\">Verbreitungsraum<\/h3>\t\t\t\t<\/div>\n\t\t\t\t<div class=\"elementor-element elementor-element-4e49fcc elementor-widget elementor-widget-text-editor\" data-id=\"4e49fcc\" data-element_type=\"widget\" data-e-type=\"widget\" data-widget_type=\"text-editor.default\">\n\t\t\t\t\t\t\t\t\t<p>At\u00e9 pat\u0159\u00ed k v\u0161e\u0159eck\u00e9mu mytologick\u00e9mu fondu a nen\u00ed v\u00e1z\u00e1na na ur\u010ditou svatyni ani krajinu. Je dosv\u011bd\u010dena p\u0159edev\u0161\u00edm v epick\u00e9 a tragick\u00e9 poezii, od Hom\u00e9ra p\u0159es H\u00e9sioda a\u017e k Aischylovi, jejich\u017e texty byly roz\u0161\u00ed\u0159eny po cel\u00e9m \u0159ecky mluv\u00edc\u00edm St\u0159edomo\u0159\u00ed. Vlastn\u00ed kultovn\u00ed m\u00edsto At\u00e9 nen\u00ed dolo\u017eeno, v Ilionu v\u0161ak m\u00edstn\u00ed tradice spojovala jeden pahorek s jej\u00edm p\u00e1dem z Olympu.<\/p>\t\t\t\t\t\t\t\t<\/div>\n\t\t\t\t\t<\/div>\n\t\t\t\t<\/div>\n\t\t\t\t<\/div>\n\t\t<div class=\"elementor-element elementor-element-db03c39 e-con-full e-flex e-con e-child\" data-id=\"db03c39\" data-element_type=\"container\" data-e-type=\"container\">\n\t\t<div class=\"elementor-element elementor-element-229a87b e-flex e-con-boxed e-con e-child\" data-id=\"229a87b\" data-element_type=\"container\" data-e-type=\"container\">\n\t\t\t\t\t<div class=\"e-con-inner\">\n\t\t\t\t<div class=\"elementor-element elementor-element-1f471fc elementor-widget elementor-widget-heading\" data-id=\"1f471fc\" data-element_type=\"widget\" data-e-type=\"widget\" data-widget_type=\"heading.default\">\n\t\t\t\t\t<h3 class=\"elementor-heading-title elementor-size-default\">Quellenlage<\/h3>\t\t\t\t<\/div>\n\t\t\t\t<div class=\"elementor-element elementor-element-36b1201 elementor-widget elementor-widget-text-editor\" data-id=\"36b1201\" data-element_type=\"widget\" data-e-type=\"widget\" data-widget_type=\"text-editor.default\">\n\t\t\t\t\t\t\t\t\t<p><span data-nosnippet><strong>Prim\u00e1rn\u00ed prameny:<\/strong><br><em>H\u00e9siodos, Theogonie<\/em> 230, 232<br><em>Hom\u00e9r, Ilias<\/em> IX, 500, 512<br><em>Sofokl\u00e9s, Elektra<\/em> 621<br><em>Aischylos, Agamemn\u00f3n<\/em><br><strong>Sekund\u00e1rn\u00ed prameny:<\/strong> Burkert, Griechische Religion 1977; Bremmer, Greek Religion 1994; Pauly, Der kleine Pauly; Graf, Greek Mythology 1993<\/span><\/p>\t\t\t\t\t\t\t\t<\/div>\n\t\t\t\t\t<\/div>\n\t\t\t\t<\/div>\n\t\t\t\t<\/div>\n\t\t\t\t\t<\/div>\n\t\t\t\t<\/div>\n\t\t<div class=\"elementor-element elementor-element-3ae0637c e-flex e-con-boxed e-con e-parent\" data-id=\"3ae0637c\" data-element_type=\"container\" data-e-type=\"container\">\n\t\t\t\t\t<div class=\"e-con-inner\">\n\t\t\t\t<div class=\"elementor-element elementor-element-31d07739 elementor-widget elementor-widget-heading\" data-id=\"31d07739\" data-element_type=\"widget\" data-e-type=\"widget\" data-widget_type=\"heading.default\">\n\t\t\t\t\t<h2 class=\"elementor-heading-title elementor-size-default\">Jm\u00e9no a varianty<\/h2>\t\t\t\t<\/div>\n\t\t<div class=\"elementor-element elementor-element-b7642947 e-con-full e-flex e-con e-child\" data-id=\"b7642947\" data-element_type=\"container\" data-e-type=\"container\">\n\t\t\t\t<div class=\"elementor-element elementor-element-a086266 elementor-widget elementor-widget-text-editor\" data-id=\"a086266\" data-element_type=\"widget\" data-e-type=\"widget\" data-widget_type=\"text-editor.default\">\n\t\t\t\t\t\t\t\t\t<p>At\u00e9 b\u00fdv\u00e1 zobrazov\u00e1na jen z\u0159\u00eddka, proto\u017ee jej\u00ed s\u00edla je neviditeln\u00e1. Popisuje se jako rychlonoh\u00e1, \u010dasto s \u0161\u00edlenstv\u00edm v pohledu, a n\u011bkdy jako \u017een. <span class=\"iwg-fachbegriff\" tabindex=\"0\" data-tooltip=\"V antick\u00e9m \u0158ecku prost\u0159edn\u00ed bytost mezi bohem a \u010dlov\u011bkem, \u010dasto ch\u00e1pan\u00e1 jako ochrann\u00fd duch nebo vnit\u0159n\u00ed g\u00e9nius.\">daimon<\/span> s temn\u00fdm z\u00e1\u0159en\u00edm. Jej\u00edmi symboly jsou zmatek, fale\u0161n\u00e9 slovo, osudn\u00e9 rozhodnut\u00ed.<\/p><p>N\u011bkdy je zobrazov\u00e1na, jak je vytahov\u00e1na vzh\u016fru k nebi (podle Hom\u00e9ra), kde za n\u00ed b\u011b\u017e\u00ed Litai (prosby o odpu\u0161t\u011bn\u00ed), aby napravily \u0161kodu. Jej\u00ed p\u0159\u00edtomnost se projevuje jako zm\u011bna atmosf\u00e9ry, zatemn\u011bn\u00ed \u00fasudku.<\/p>\t\t\t\t\t\t\t\t<\/div>\n\t\t\t\t<\/div>\n\t\t\t\t\t<\/div>\n\t\t\t\t<\/div>\n\t\t<div class=\"elementor-element elementor-element-709a44a8 e-flex e-con-boxed e-con e-parent\" data-id=\"709a44a8\" data-element_type=\"container\" data-e-type=\"container\">\n\t\t\t\t\t<div class=\"e-con-inner\">\n\t\t\t\t<div class=\"elementor-element elementor-element-2f585873 elementor-widget elementor-widget-heading\" data-id=\"2f585873\" data-element_type=\"widget\" data-e-type=\"widget\" data-widget_type=\"heading.default\">\n\t\t\t\t\t<h2 class=\"elementor-heading-title elementor-size-default\">Charakteristiky<\/h2>\t\t\t\t<\/div>\n\t\t<div class=\"elementor-element elementor-element-70621c12 e-con-full e-flex e-con e-child\" data-id=\"70621c12\" data-element_type=\"container\" data-e-type=\"container\">\n\t\t\t\t<div class=\"elementor-element elementor-element-4296eb49 elementor-widget elementor-widget-text-editor\" data-id=\"4296eb49\" data-element_type=\"widget\" data-e-type=\"widget\" data-widget_type=\"text-editor.default\">\n\t\t\t\t\t\t\t\t\t<p>At\u00e9 se lid\u00e9 ob\u00e1vaj\u00ed a bojuj\u00ed proti n\u00ed, aktivn\u00ed kult neexistuje. Je vz\u00fdv\u00e1na v modlitb\u00e1ch o ochranu p\u0159ed zaslepen\u00edm. Je silou, kterou je t\u0159eba rozpoznat, Sofokl\u00e9s a dal\u0161\u00ed tragikov\u00e9 jsou mistry v zobrazov\u00e1n\u00ed Atina vlivu na hrdiny.<\/p><p>Ses\u00edl\u00e1 <em>at\u00ea<\/em> (zaslepen\u00ed, po\u0161etilost), kter\u00e1 vede ke zk\u00e1ze. V trag\u00e9dii je \u010dasto skrytou silou stoj\u00edc\u00ed za p\u00e1dem hrdiny. Jej\u00ed uct\u00edv\u00e1n\u00ed spo\u010d\u00edv\u00e1 sp\u00ed\u0161e v ob\u0159adech odvracej\u00edc\u00edch ne\u0161t\u011bst\u00ed: <span class=\"iwg-fachbegriff\" data-tooltip=\"Dar bo\u017estvu vyjad\u0159uj\u00edc\u00ed d\u00edk, prosbu nebo \u00factu.\" tabindex=\"0\">ob\u011btiny<\/span> k usm\u00ed\u0159en\u00ed Litai, modlitby o jasnost mysli.<\/p><p><strong>Podoba a symbolika<\/strong><\/p><p>At\u00e9 b\u00fdv\u00e1 zobrazov\u00e1na jako slep\u00e1 nebo lehkonoh\u00e1 bohyn\u011b, kter\u00e1 rychle proch\u00e1z\u00ed zem\u00ed a Olympem, ani\u017e by se vracela. Hom\u00e9r ji popisuje se zlat\u00fdmi vlasy, klamavou a sv\u00e1divou. N\u011bkdy nos\u00ed k\u0159\u00eddla, aby zd\u016fraznila svou pom\u00edjivost.<\/p><p>Na rozd\u00edl od personifikovan\u00e9 zlov\u016fle byla sp\u00ed\u0161e zt\u011blesn\u011bnou lidskou zaslepenost\u00ed samou. Jej\u00edmi atributy byly zmatek, klam a zatemn\u011bn\u00ed rozumu. Byla v \u00fazk\u00e9m vztahu k Nemesis (odplat\u011b), kter\u00e1 ji \u010dasto n\u00e1sledovala, kdo byl svedl At\u00e9, musel sn\u00e9st Nemesin trest.<\/p><div><p><strong>At\u00e9 u H\u00e9sioda a v aischylovsk\u00e9m v\u00fdkladu<\/strong><\/p><p>H\u00e9siodova <em>Theogonie<\/em> uv\u00e1d\u00ed At\u00e9 (n\u011bkdy naz\u00fdvanou Eris) jako dceru Noci nebo sestru Area. Nen\u00ed tak v\u00fdrazn\u011b personifikovan\u00e1 jako Zeusova At\u00e9 u Hom\u00e9ra, ale jej\u00ed p\u016fsoben\u00ed je p\u0159\u00edtomn\u00e9: seje sv\u00e1ry a ne\u0161t\u011bst\u00ed.<\/p><p>Aischylos pou\u017e\u00edv\u00e1 At\u00e9 ve sv\u00fdch trag\u00e9di\u00edch jako motivuj\u00edc\u00ed koncept; <em>Agamemn\u00f3n<\/em> je j\u00ed nap\u0159\u00edklad prostoupen: kr\u00e1l je zaslepen p\u00fdchou (<em>hybris<\/em>), d\u00edky n\u00ed\u017e znesv\u011bt\u00ed <span class=\"iwg-fachbegriff\" data-tooltip=\"Stavba slou\u017e\u00edc\u00ed uct\u00edv\u00e1n\u00ed jednoho nebo v\u00edce bo\u017estev.\" tabindex=\"0\">chr\u00e1m<\/span> a uvrhne kletbu na svou rodinu.<\/p><p>Aischylos d\u011bl\u00e1 z At\u00e9 spojnici mezi vin\u00edkem a trestem, a to jako vnit\u0159n\u00ed mravn\u00ed zatemn\u011bn\u00ed, nikoli jako vn\u011bj\u0161\u00ed moc. To utv\u00e1\u0159\u00ed \u0159eckou trag\u00e9dii jako celek: At\u00e9 nen\u00ed osud v pouh\u00e9m smyslu nevyhnutelnosti. Je sp\u00ed\u0161e zaslepen\u00edm, kter\u00e9 p\u0159ipravuje vinu a umo\u017e\u0148uje zk\u00e1zu.<\/p><\/div>\t\t\t\t\t\t\t\t<\/div>\n\t\t\t\t<\/div>\n\t\t\t\t\t<\/div>\n\t\t\t\t<\/div>\n\t\t<div class=\"elementor-element elementor-element-44e71476 e-flex e-con-boxed e-con e-parent\" data-id=\"44e71476\" data-element_type=\"container\" data-e-type=\"container\">\n\t\t\t\t\t<div class=\"e-con-inner\">\n\t\t\t\t<div class=\"elementor-element elementor-element-3c1fc3f0 elementor-widget elementor-widget-heading\" data-id=\"3c1fc3f0\" data-element_type=\"widget\" data-e-type=\"widget\" data-widget_type=\"heading.default\">\n\t\t\t\t\t<h2 class=\"elementor-heading-title elementor-size-default\">Profil: At\u00e9<\/h2>\t\t\t\t<\/div>\n\t\t<div class=\"elementor-element elementor-element-84f33b8e e-con-full e-flex e-con e-child\" data-id=\"84f33b8e\" data-element_type=\"container\" data-e-type=\"container\">\n\t\t\t\t<div class=\"elementor-element elementor-element-hqkdc67p elementor-widget elementor-widget-text-editor\" data-id=\"hqkdc67p\" data-element_type=\"widget\" data-e-type=\"widget\" data-widget_type=\"text-editor.default\">\n\t\t\t\t\t\t\t\t\t<p>At\u00e9 je v \u0159eck\u00e9 mytologii personifikac\u00ed zaslepen\u00ed, kter\u00e9 sv\u00e1d\u00ed bohy i lidi k nerozv\u00e1\u017en\u00fdm \u010din\u016fm. Hom\u00e9r ji naz\u00fdv\u00e1 dcerou Zeuse, u H\u00e9sioda se objevuje jako dcera Eridy, bohyn\u011b sv\u00e1ru. Jej\u00ed p\u016fsoben\u00ed se projevuje v okam\u017eiku rozhodov\u00e1n\u00ed, kdy zklame \u00fasudek a rozvaha.<\/p>\t\t\t\t\t\t\t\t<\/div>\n\t\t\t\t<\/div>\n\t\t<div class=\"elementor-element elementor-element-pemmx7c5 e-con-full e-flex e-con e-child\" data-id=\"pemmx7c5\" data-element_type=\"container\" data-e-type=\"container\">\n\t\t<div class=\"elementor-element elementor-element-pemmx7c1 e-con-full e-flex e-con e-child\" data-id=\"pemmx7c1\" data-element_type=\"container\" data-e-type=\"container\">\n\t\t<div class=\"elementor-element elementor-element-qh9oavvu iwg-steckbrief-card e-flex e-con-boxed e-con e-child\" data-id=\"qh9oavvu\" data-element_type=\"container\" data-e-type=\"container\">\n\t\t\t\t\t<div class=\"e-con-inner\">\n\t\t\t\t<div class=\"elementor-element elementor-element-awzx8k2k elementor-widget elementor-widget-heading\" data-id=\"awzx8k2k\" data-element_type=\"widget\" data-e-type=\"widget\" data-widget_type=\"heading.default\">\n\t\t\t\t\t<div class=\"elementor-heading-title elementor-size-default\">Kulturn\u00ed kontext<\/div>\t\t\t\t<\/div>\n\t\t\t\t<div class=\"elementor-element elementor-element-x6rowhv0 elementor-widget elementor-widget-text-editor\" data-id=\"x6rowhv0\" data-element_type=\"widget\" data-e-type=\"widget\" data-widget_type=\"text-editor.default\">\n\t\t\t\t\t\t\t\t\t<p><strong>Genealogie:<\/strong> Dcera Dia a Themidy (bohyn\u011b \u0159\u00e1du). Antiteze: \u0159\u00e1d rod\u00ed zmatek. At\u00e9 existuje jako autonomn\u00ed kosmick\u00e1 s\u00edla, star\u0161\u00ed ne\u017e v\u011bdom\u00e9 rozhodov\u00e1n\u00ed. P\u016fsob\u00ed na rozum d\u0159\u00edve, ne\u017e nastane pozn\u00e1n\u00ed.<\/p>\t\t\t\t\t\t\t\t<\/div>\n\t\t\t\t\t<\/div>\n\t\t\t\t<\/div>\n\t\t<div class=\"elementor-element elementor-element-8e3o4kxs iwg-steckbrief-card e-flex e-con-boxed e-con e-child\" data-id=\"8e3o4kxs\" data-element_type=\"container\" data-e-type=\"container\">\n\t\t\t\t\t<div class=\"e-con-inner\">\n\t\t\t\t<div class=\"elementor-element elementor-element-08rkdgov elementor-widget elementor-widget-heading\" data-id=\"08rkdgov\" data-element_type=\"widget\" data-e-type=\"widget\" data-widget_type=\"heading.default\">\n\t\t\t\t\t<div class=\"elementor-heading-title elementor-size-default\">Vztahuje se na<\/div>\t\t\t\t<\/div>\n\t\t\t\t<div class=\"elementor-element elementor-element-uwjelx8s elementor-widget elementor-widget-text-editor\" data-id=\"uwjelx8s\" data-element_type=\"widget\" data-e-type=\"widget\" data-widget_type=\"text-editor.default\">\n\t\t\t\t\t\t\t\t\t<p><strong>Funkce:<\/strong> At\u00e9 zp\u016fsobuje zaslepen\u00ed (\u1f04\u03c4\u03b7), kognitivn\u011b-mor\u00e1ln\u00ed zatemn\u011bn\u00ed. Nezam\u00fd\u0161len\u00e1 kosmick\u00e1 s\u00edla, nikoli zl\u00e1 v aktivn\u00edm smyslu. Postihuje p\u0159edev\u0161\u00edm vl\u00e1dce a kr\u00e1le, jejich\u017e chybn\u00e1 rozhodnut\u00ed vyvol\u00e1vaj\u00ed kolektivn\u00ed katastrofy. V trag\u00e9dii: mezigenera\u010dn\u00ed <span class=\"iwg-fachbegriff\" data-tooltip=\"Slovn\u00ed formule, kterou m\u00e1 b\u00fdt osob\u011b nebo v\u011bci zp\u016fsobeno ne\u0161t\u011bst\u00ed.\" tabindex=\"0\">kletba<\/span>.<\/p>\t\t\t\t\t\t\t\t<\/div>\n\t\t\t\t\t<\/div>\n\t\t\t\t<\/div>\n\t\t<div class=\"elementor-element elementor-element-jm2n74ec iwg-steckbrief-card e-flex e-con-boxed e-con e-child\" data-id=\"jm2n74ec\" data-element_type=\"container\" data-e-type=\"container\">\n\t\t\t\t\t<div class=\"e-con-inner\">\n\t\t\t\t<div class=\"elementor-element elementor-element-8vufse4c elementor-widget elementor-widget-heading\" data-id=\"8vufse4c\" data-element_type=\"widget\" data-e-type=\"widget\" data-widget_type=\"heading.default\">\n\t\t\t\t\t<div class=\"elementor-heading-title elementor-size-default\">Zobrazen\u00ed<\/div>\t\t\t\t<\/div>\n\t\t\t\t<div class=\"elementor-element elementor-element-mwb9u015 elementor-widget elementor-widget-text-editor\" data-id=\"mwb9u015\" data-element_type=\"widget\" data-e-type=\"widget\" data-widget_type=\"text-editor.default\">\n\t\t\t\t\t\t\t\t\t<p>Pevn\u00e9 v\u00fdtvarn\u00e9 zobrazen\u00ed At\u00e9 \u0159eck\u00e9 um\u011bn\u00ed nevytvo\u0159ilo; z\u016fst\u00e1v\u00e1 p\u0159edev\u0161\u00edm postavou poezie. Hom\u00e9r ji popisuje jako lehkonohou: m\u00edsto dot\u00fdk\u00e1n\u00ed se zem\u011b kr\u00e1\u010d\u00ed nad hlavami lid\u00ed a zatem\u0148uje jejich mysl. Ilias d\u00e1le vypr\u00e1v\u00ed, \u017ee Zeus ji po podvodu p\u0159i narozen\u00ed H\u00e9rakla popadl za vlasy a svrhl z Olympu na zem, od t\u00e9 doby p\u016fsob\u00ed mezi lidmi.<\/p>\t\t\t\t\t\t\t\t<\/div>\n\t\t\t\t\t<\/div>\n\t\t\t\t<\/div>\n\t\t\t\t<\/div>\n\t\t<div class=\"elementor-element elementor-element-pemmx7c2 e-con-full e-flex e-con e-child\" data-id=\"pemmx7c2\" data-element_type=\"container\" data-e-type=\"container\">\n\t\t<div class=\"elementor-element elementor-element-37ss2yr6 iwg-steckbrief-card e-flex e-con-boxed e-con e-child\" data-id=\"37ss2yr6\" data-element_type=\"container\" data-e-type=\"container\">\n\t\t\t\t\t<div class=\"e-con-inner\">\n\t\t\t\t<div class=\"elementor-element elementor-element-3v0wp3wx elementor-widget elementor-widget-heading\" data-id=\"3v0wp3wx\" data-element_type=\"widget\" data-e-type=\"widget\" data-widget_type=\"heading.default\">\n\t\t\t\t\t<div class=\"elementor-heading-title elementor-size-default\">Funkce<\/div>\t\t\t\t<\/div>\n\t\t\t\t<div class=\"elementor-element elementor-element-w3247g2m elementor-widget elementor-widget-text-editor\" data-id=\"w3247g2m\" data-element_type=\"widget\" data-e-type=\"widget\" data-widget_type=\"text-editor.default\">\n\t\t\t\t\t\t\t\t\t<p><strong>Mytologick\u00e9 p\u016fsoben\u00ed:<\/strong> Hom\u00e9rova Ilias: At\u00e9 zaslepuje Dia, kter\u00fd slo\u017e\u00ed neblahou p\u0159\u00edsahu a rozpout\u00e1 trojskou v\u00e1lku. Aischyl\u016fv Agamemn\u00f3n: At\u00e9 Klytaimn\u00e9stry a Agamemnona = rodov\u00e1 <span class=\"iwg-fachbegriff\" data-tooltip=\"Slovn\u00ed formule, kterou m\u00e1 b\u00fdt osob\u011b nebo v\u011bci zp\u016fsobeno ne\u0161t\u011bst\u00ed.\" tabindex=\"0\">kletba<\/span> rodu Atreovc\u016f. P\u0159\u00edklady: Faeth\u00f3n (slune\u010dn\u00ed kon\u011b), Pentheus (Bakchantky), Ai\u00e1s (\u0161\u00edlenstv\u00ed). Oblast: v\u00e1lka, krev, \u017eal, katastrofy.<\/p>\t\t\t\t\t\t\t\t<\/div>\n\t\t\t\t\t<\/div>\n\t\t\t\t<\/div>\n\t\t<div class=\"elementor-element elementor-element-0qpjal9w iwg-steckbrief-card e-flex e-con-boxed e-con e-child\" data-id=\"0qpjal9w\" data-element_type=\"container\" data-e-type=\"container\">\n\t\t\t\t\t<div class=\"e-con-inner\">\n\t\t\t\t<div class=\"elementor-element elementor-element-6ndoih0o elementor-widget elementor-widget-heading\" data-id=\"6ndoih0o\" data-element_type=\"widget\" data-e-type=\"widget\" data-widget_type=\"heading.default\">\n\t\t\t\t\t<div class=\"elementor-heading-title elementor-size-default\">Ochrann\u00e9 prost\u0159edky<\/div>\t\t\t\t<\/div>\n\t\t\t\t<div class=\"elementor-element elementor-element-6684tyh9 elementor-widget elementor-widget-text-editor\" data-id=\"6684tyh9\" data-element_type=\"widget\" data-e-type=\"widget\" data-widget_type=\"text-editor.default\">\n\t\t\t\t\t\t\t\t\t<p>Jako ochrann\u00e9 s\u00edly proti At\u00e9 uv\u00e1d\u00ed Ilias Litai, personifikovan\u00e9 prosby, kter\u00e9 jako dcery Diovy kr\u00e1\u010dej\u00ed za zaslepen\u00edm a zm\u00edr\u0148uj\u00ed jeho n\u00e1sledky. Kdo Litai uct\u00edv\u00e1 a pros\u00ed o odpu\u0161t\u011bn\u00ed, m\u016f\u017ee podle Hom\u00e9ra omezit \u0161kodu zp\u016fsobenou At\u00e9; kdo je odm\u00edtne, p\u0159ivol\u00e1 na sebe dal\u0161\u00ed ne\u0161t\u011bst\u00ed. Hmotn\u00fd amulet proti At\u00e9 se z antick\u00fdch pramen\u016f nedochoval, ochrana spo\u010d\u00edv\u00e1 v chov\u00e1n\u00ed: rozvaha, um\u00edrn\u011bnost a v\u010dasn\u00e9 pok\u00e1n\u00ed.<\/p>\t\t\t\t\t\t\t\t<\/div>\n\t\t\t\t\t<\/div>\n\t\t\t\t<\/div>\n\t\t<div class=\"elementor-element elementor-element-3lfi7x32 iwg-steckbrief-card e-flex e-con-boxed e-con e-child\" data-id=\"3lfi7x32\" data-element_type=\"container\" data-e-type=\"container\">\n\t\t\t\t\t<div class=\"e-con-inner\">\n\t\t\t\t<div class=\"elementor-element elementor-element-0kg99ga1 elementor-widget elementor-widget-heading\" data-id=\"0kg99ga1\" data-element_type=\"widget\" data-e-type=\"widget\" data-widget_type=\"heading.default\">\n\t\t\t\t\t<div class=\"elementor-heading-title elementor-size-default\">Srovnateln\u00e9 bytosti<\/div>\t\t\t\t<\/div>\n\t\t\t\t<div class=\"elementor-element elementor-element-n0fum6kp elementor-widget elementor-widget-text-editor\" data-id=\"n0fum6kp\" data-element_type=\"widget\" data-e-type=\"widget\" data-widget_type=\"text-editor.default\">\n\t\t\t\t\t\t\t\t\t<p><strong>P\u0159\u00edbuzn\u00e9 personifikace v jin\u00fdch kultur\u00e1ch:<\/strong> \u0158eck\u00e1 <em>At\u00e9<\/em> jako zt\u011blesn\u011bn\u00ed zaslepen\u00ed m\u00e1 vlastn\u00ed postaven\u00ed v hel\u00e9nsk\u00e9m my\u0161len\u00ed, funk\u010dn\u011b ji v\u0161ak lze srovnat s podobn\u00fdmi koncepty jin\u00fdch tradic.<\/p><p>V Mezopot\u00e1mii vystupuje akkadsk\u00fd <em>Namtar<\/em> jako personifikovan\u00fd osud; v hebrejsk\u00e9 tradici zn\u00e1 Kniha p\u0159\u00edslov\u00ed (<em>Mi\u0161lej<\/em>) zatvrzen\u00ed srdce jako bo\u017esk\u00fd trest (srov. zatvrzen\u00ed faraonova srdce Ex 7-14).<\/p><p>V \u0159\u00edmsk\u00e9 adaptaci se objevuje <em>Discordia<\/em> jako sestersk\u00fd koncept personifikac\u00ed bl\u00edzk\u00fdch Eriny\u00edm; <em>Furor<\/em> u Vergilia (<em>Aeneida<\/em> I, 294) dramatizuje srovnatelnou slepou hnac\u00ed s\u00edlu. V indick\u00e9m my\u0161lenkov\u00e9m okruhu tomuto komplexu odpov\u00edd\u00e1 <em>moha<\/em> (zaslepen\u00ed, zmatek) jako jedno ze t\u0159\u00ed ko\u0159enov\u00fdch zel buddhismu.<\/p><p>D\u016fle\u017eit\u00e9 je v\u0161ak: At\u00e9 je mnohem v\u00edc ne\u017e pouh\u00e1 personifikace, je jednaj\u00edc\u00ed moc\u00ed, jej\u00ed vyhn\u00e1n\u00ed Zeusem (Hom. Il. XIX, 91-133) znamen\u00e1 mytick\u00fd zlom mezi bo\u017eskou sf\u00e9rou a lidsk\u00fdm pom\u00fdlen\u00edm.<\/p>\t\t\t\t\t\t\t\t<\/div>\n\t\t\t\t\t<\/div>\n\t\t\t\t<\/div>\n\t\t\t\t<\/div>\n\t\t\t\t<\/div>\n\t\t\t\t\t<\/div>\n\t\t\t\t<\/div>\n\t\t<div class=\"elementor-element elementor-element-7533bc7a e-flex e-con-boxed e-con e-parent\" data-id=\"7533bc7a\" data-element_type=\"container\" data-e-type=\"container\">\n\t\t\t\t\t<div class=\"e-con-inner\">\n\t\t\t\t<div class=\"elementor-element elementor-element-2447d18d elementor-widget elementor-widget-heading\" data-id=\"2447d18d\" data-element_type=\"widget\" data-e-type=\"widget\" data-widget_type=\"heading.default\">\n\t\t\t\t\t<h2 class=\"elementor-heading-title elementor-size-default\">Ochrana v ka\u017edodenn\u00edm \u017eivot\u011b<\/h2>\t\t\t\t<\/div>\n\t\t<div class=\"elementor-element elementor-element-d5d0260c e-con-full e-flex e-con e-child\" data-id=\"d5d0260c\" data-element_type=\"container\" data-e-type=\"container\">\n\t\t\t\t<div class=\"elementor-element elementor-element-341be2ac elementor-widget elementor-widget-text-editor\" data-id=\"341be2ac\" data-element_type=\"widget\" data-e-type=\"widget\" data-widget_type=\"text-editor.default\">\n\t\t\t\t\t\t\t\t\t<p><strong>Ritu\u00e1ly a obrana<\/strong><\/p><p><span class=\"iwg-fachbegriff\" data-tooltip=\"Epocha \u0159eck\u00e9 a \u0159\u00edmsk\u00e9 kultury, p\u0159ibli\u017en\u011b 800 p\u0159. n. l. a\u017e 600 n. l.\" tabindex=\"0\">Antika<\/span>: prim\u00e1rn\u011b filosoficko-liter\u00e1rn\u00ed. Stoikov\u00e9 doporu\u010dovali sebekontrolu a vhled. Svatyn\u011b M\u00e9tis provozovaly ritu\u00e1ly pro bo\u017esk\u00fd vhled. <span class=\"iwg-fachbegriff\" data-tooltip=\"Dar bo\u017estvu vyjad\u0159uj\u00edc\u00ed d\u00edky, prosbu nebo \u00factu.\" tabindex=\"0\">Ob\u011bti<\/span> Zeusovi a Themid\u011b platily jako ochrana proti rodov\u00fdm kletb\u00e1m.<\/p><p><strong>Za\u0159\u00edk\u00e1v\u00e1n\u00ed a vz\u00fdv\u00e1n\u00ed<\/strong><\/p><p>M\u00e1lo p\u0159\u00edm\u00fdch za\u0159\u00edk\u00e1v\u00e1n\u00ed, At\u00e9 nebyla samostatn\u00fdm <span class=\"iwg-fachbegriff\" data-tooltip=\"Bytost uct\u00edvan\u00e1 jako bo\u017esk\u00e1 v r\u00e1mci n\u00e1bo\u017eenstv\u00ed.\" tabindex=\"0\">bo\u017estvem<\/span>. Trag\u00e9die: modlitby k Ath\u00e9n\u011b nebo M\u00e9tis. Stoi\u010dt\u00ed filosofov\u00e9 u\u010dili vnit\u0159n\u00ed <span class=\"iwg-fachbegriff\" data-tooltip=\"Jazykov\u00fd ritu\u00e1l, kter\u00fd m\u00e1 moc p\u0159ivolat nebo spoutat.\" tabindex=\"0\">za\u0159\u00edk\u00e1v\u00e1n\u00ed<\/span> pomoc\u00ed rozumu a ctnosti.<\/p><p><strong>Amulety a ochrann\u00e9 symboly<\/strong><\/p><p>Sovinn\u00fd <span class=\"iwg-fachbegriff\" data-tooltip=\"No\u0161en\u00fd p\u0159edm\u011bt, kter\u00e9mu je p\u0159isuzov\u00e1n ochrann\u00fd, ne\u0161t\u011bst\u00ed odvracej\u00edc\u00ed \u00fa\u010dinek.\" tabindex=\"0\">amulet<\/span> (<span class=\"iwg-fachbegriff\" data-tooltip=\"Znak, kter\u00fd zastupuje my\u0161lenku nebo v\u00fdznam.\" tabindex=\"0\">symbol<\/span> Ath\u00e9ny) platil jako ochrana p\u0159ed zaslepen\u00edm. K\u00e1men \u03bb\u1fc6\u03b8\u03bf\u03bd m\u011bl pom\u00e1hat odhodit minulou At\u00e9. \u0158\u00edmsk\u00e9 dom\u00e1cnosti: ochrana proti chybn\u00e9mu \u00fasudku v rodin\u011b (amulety Minervy).<\/p>\t\t\t\t\t\t\t\t<\/div>\n\t\t\t\t<\/div>\n\t\t\t\t\t<\/div>\n\t\t\t\t<\/div>\n\t\t<div class=\"elementor-element elementor-element-5a584676 e-flex e-con-boxed e-con e-parent\" data-id=\"5a584676\" data-element_type=\"container\" data-e-type=\"container\">\n\t\t\t\t\t<div class=\"e-con-inner\">\n\t\t\t\t<div class=\"elementor-element elementor-element-6d0757bf elementor-widget elementor-widget-heading\" data-id=\"6d0757bf\" data-element_type=\"widget\" data-e-type=\"widget\" data-widget_type=\"heading.default\">\n\t\t\t\t\t<h2 class=\"elementor-heading-title elementor-size-default\">At\u00e9: paralely v jin\u00fdch kultur\u00e1ch<\/h2>\t\t\t\t<\/div>\n\t\t<div class=\"elementor-element elementor-element-60563f68 e-con-full e-flex e-con e-child\" data-id=\"60563f68\" data-element_type=\"container\" data-e-type=\"container\">\n\t\t\t\t<div class=\"elementor-element elementor-element-5a93fdd6 elementor-widget elementor-widget-text-editor\" data-id=\"5a93fdd6\" data-element_type=\"widget\" data-e-type=\"widget\" data-widget_type=\"text-editor.default\">\n\t\t\t\t\t\t\t\t\t<p>Bohov\u00e9 a d\u00e9moni ne\u0161t\u011bst\u00ed a zaslepen\u00ed existuj\u00ed v\u0161ude: Erinye (\u0158ecko, pomsta), Hekat\u00e9 (zmatek a rozcest\u00ed), Lilith (hebrejsk\u00e1 tradice, sv\u00e1d\u011bn\u00ed k chyb\u00e1m). Funkce At\u00e9 se podob\u00e1 sanskrtsk\u00fdm koncept\u016fm <em>avidya<\/em> (nev\u011bdomost) nebo <em>maya<\/em> (iluze).<\/p><p>S Eris (spor) a Nemesis (odplata) sd\u00edl\u00ed roli str\u00e1\u017ekyn\u011b kosmick\u00e9 rovnov\u00e1hy, jej\u00edm\u017e c\u00edlem je m\u00e9n\u011b trestat a v\u00edce krotit hybris. Odli\u0161nost At\u00e9 od jin\u00fdch sil ne\u0161t\u011bst\u00ed spo\u010d\u00edv\u00e1 v jej\u00ed subtilnosti: zatem\u0148uje rozum, nikoli rozum samotn\u00fd.<\/p><div><p><strong>At\u00e9 a kosmick\u00e1 spravedlnost u Euripida a pozd\u011bj\u0161\u00edch autor\u016f<\/strong><\/p><p>Euripides pou\u017e\u00edv\u00e1 At\u00e9 jako koncept k prohlouben\u00ed ironie lidsk\u00e9 trag\u00e9die. V d\u00edle <em>Bakchantky<\/em> je nap\u0159\u00edklad Pentheus prost\u0159ednictv\u00edm At\u00e9, jako slepoty v\u016f\u010di pravd\u011b Dion\u00fdsov\u011b, hn\u00e1n do sv\u00e9ho z\u00e1niku. Nejde o trest vn\u011bj\u0161\u00edho boha. Je to d\u016fsledek jeho vlastn\u00ed neschopnosti vid\u011bt.<\/p><p>Plat\u00f3n a pozd\u011bj\u0161\u00ed filosofov\u00e9 za\u0159adili At\u00e9 do teoretick\u00e9 etiky: je nep\u0159\u00edtomnost\u00ed <em>phronesis<\/em> (praktick\u00e9 moudrosti), nedokonal\u00e9ho ch\u00e1p\u00e1n\u00ed, kter\u00e9 otravuje rozhodov\u00e1n\u00ed.<\/p><p>V tomto v\u00fdkladu se At\u00e9 st\u00e1v\u00e1 vnit\u0159n\u00edm psychologick\u00fdm stavem, nikoli bohyn\u00ed, konceptem, kter\u00fd d\u00e1le rozvinula modern\u00ed psychologie. Mytologicky z\u016fst\u00e1v\u00e1 moc\u00ed, kterou je t\u0159eba br\u00e1t v\u00e1\u017en\u011b; teologicky popisem lidsk\u00e9 n\u00e1chylnosti k chyb\u00e1m.<\/p><\/div>\t\t\t\t\t\t\t\t<\/div>\n\t\t\t\t<\/div>\n\t\t\t\t\t<\/div>\n\t\t\t\t<\/div>\n\t\t<div class=\"elementor-element elementor-element-cp328a356 e-flex e-con-boxed e-con e-parent\" data-id=\"cp328a356\" data-element_type=\"container\" data-e-type=\"container\">\n\t\t\t\t\t<div class=\"e-con-inner\">\n\t\t\t\t<div class=\"elementor-element elementor-element-cp21dbe71 elementor-widget elementor-widget-heading\" data-id=\"cp21dbe71\" data-element_type=\"widget\" data-e-type=\"widget\" data-widget_type=\"heading.default\">\n\t\t\t\t\t<h2 class=\"elementor-heading-title elementor-size-default\">At\u00e9 u Hom\u00e9ra a p\u00e1d z Olympu<\/h2>\t\t\t\t<\/div>\n\t\t<div class=\"elementor-element elementor-element-cp7b80bb5 e-con-full e-flex e-con e-child\" data-id=\"cp7b80bb5\" data-element_type=\"container\" data-e-type=\"container\">\n\t\t\t\t<div class=\"elementor-element elementor-element-cpff2e3a2 elementor-widget elementor-widget-text-editor\" data-id=\"cpff2e3a2\" data-element_type=\"widget\" data-e-type=\"widget\" data-widget_type=\"text-editor.default\">\n\t\t\t\t\t\t\t\t\t<p>Nejstar\u0161\u00ed podrobn\u00e9 zpodoben\u00ed At\u00e9 se nach\u00e1z\u00ed v <em>Iliad\u011b<\/em>. Vystupuje tam jako jednaj\u00edc\u00ed postava, nikoli jen jako abstraktn\u00ed pojem pro zaslepen\u00ed.<\/p><p>V devaten\u00e1ct\u00e9m zp\u011bvu vypr\u00e1v\u00ed Agamemn\u00f3n, aby vysv\u011btlil sv\u016fj spor s Achilleem, p\u0159\u00edb\u011bh, v n\u011bm\u017e je za jeho zaslepen\u00ed odpov\u011bdn\u00e1 At\u00e9. Vinu od sebe odsouv\u00e1: tvrd\u00ed, \u017ee mu smysly zm\u00e1tli Zeus, osud a v temnot\u00e1ch kr\u00e1\u010dej\u00edc\u00ed At\u00e9.<\/p><p>V t\u00e9to souvislosti je proslul\u00e1 epizoda o p\u00e1du samotn\u00e9 At\u00e9.<\/p><p>Hom\u00e9r vypr\u00e1v\u00ed, \u017ee At\u00e9 kdysi obalamutila samotn\u00e9ho Zea, kdy\u017e \u0161lo o narozen\u00ed H\u00e9rakla, a \u017ee jej pak ve hn\u011bvu chytil za vlasy a shodil z Olympu mezi lidi, se slibem, \u017ee se u\u017e nikdy nesm\u00ed vr\u00e1tit na nebe.<\/p><p>Od t\u00e9 doby, jak text uv\u00e1d\u00ed, chod\u00ed At\u00e9 po hlav\u00e1ch lid\u00ed a mezi smrteln\u00edky rozs\u00e9v\u00e1 ne\u0161t\u011bst\u00ed.<\/p><p>Toto vypr\u00e1v\u011bn\u00ed m\u00e1 z n\u00e1bo\u017eenskov\u011bdn\u00edho hlediska velk\u00fd v\u00fdznam, nebo\u0165 popisuje zaslepen\u00ed jako moc, kterou dok\u00e1zal p\u0159emoci i samotn\u00fd Zeus, ale kter\u00e1 je nyn\u00ed trvale vyhn\u00e1na do lidsk\u00e9ho sv\u011bta. At\u00e9 u\u017e nen\u00ed moc\u00ed Olympu, ale pozemsk\u00fdm proklet\u00edm.<\/p><p>Hom\u00e9r popisuje At\u00e9 jako lehkonohou, nebo\u0165 se nedot\u00fdk\u00e1 zem\u011b, ale kr\u00e1\u010d\u00ed po hlav\u00e1ch lid\u00ed a p\u0159in\u00e1\u0161\u00ed jim \u0161kodu. V <em>Iliad\u011b<\/em> j\u00ed jsou postaveny do protikladu <em>Litai<\/em>, prosby \u010di pokorn\u00e9 modlitby, kter\u00e9 za n\u00ed kulhaj\u00ed, chrom\u00e9 a vr\u00e1s\u010dit\u00e9, a sna\u017e\u00ed se napravit \u0161kodu, kterou At\u00e9 zp\u016fsobila.<\/p><p>Tento obraz spojuje zaslepen\u00ed s ot\u00e1zkou viny, l\u00edtosti a sm\u00ed\u0159en\u00ed a \u010din\u00ed z At\u00e9 jednu z nejp\u016fsobiv\u011bj\u0161\u00edch alegorick\u00fdch postav hom\u00e9rsk\u00e9 epiky.<\/p>\t\t\t\t\t\t\t\t<\/div>\n\t\t\t\t<\/div>\n\t\t\t\t\t<\/div>\n\t\t\t\t<\/div>\n\t\t<div class=\"elementor-element elementor-element-cp148fd64 e-flex e-con-boxed e-con e-parent\" data-id=\"cp148fd64\" data-element_type=\"container\" data-e-type=\"container\">\n\t\t\t\t\t<div class=\"e-con-inner\">\n\t\t\t\t<div class=\"elementor-element elementor-element-cpd5ff433 elementor-widget elementor-widget-heading\" data-id=\"cpd5ff433\" data-element_type=\"widget\" data-e-type=\"widget\" data-widget_type=\"heading.default\">\n\t\t\t\t\t<h2 class=\"elementor-heading-title elementor-size-default\">At\u00e9 v H\u00e9siodov\u011b rodokmenu \u0161kodliv\u00fdch sil<\/h2>\t\t\t\t<\/div>\n\t\t<div class=\"elementor-element elementor-element-cpa1df825 e-con-full e-flex e-con e-child\" data-id=\"cpa1df825\" data-element_type=\"container\" data-e-type=\"container\">\n\t\t\t\t<div class=\"elementor-element elementor-element-cp536bd53 elementor-widget elementor-widget-text-editor\" data-id=\"cp536bd53\" data-element_type=\"widget\" data-e-type=\"widget\" data-widget_type=\"text-editor.default\">\n\t\t\t\t\t\t\t\t\t<p>Jin\u00e9 za\u0159azen\u00ed At\u00e9 nab\u00edz\u00ed H\u00e9siodova <em>Theogonie<\/em>, velk\u00e9 d\u00edlo o vzniku boh\u016f a sv\u011btov\u00e9ho \u0159\u00e1du. H\u00e9siodos za\u0159azuje At\u00e9 do genealogie, kter\u00e1 jasn\u011b ukazuje, do jak\u00e9 sf\u00e9ry ji \u0159ad\u00ed. At\u00e9 se tam objevuje jako d\u00edt\u011b Eridy, bohyn\u011b sv\u00e1ru a rozkolu.<\/p><p>Tento p\u016fvod m\u00e1 programov\u00fd v\u00fdznam. Erida podle H\u00e9sioda p\u0159iv\u00e1d\u00ed na sv\u011bt celou \u0159adu temn\u00fdch sil, mezi nimi \u00fatrapy, zapomn\u011bn\u00ed, hlad, bolesti, boje, vra\u017edy, spory, k\u0159iv\u00e1 slova a kone\u010dn\u011b At\u00e9, zaslepen\u00ed, a tak\u00e9 P\u0159\u00edsahu, kter\u00e1 trest\u00e1 k\u0159ivop\u0159\u00edse\u017en\u00edky.<\/p><p>At\u00e9 tak n\u00e1le\u017e\u00ed do rodiny, je\u017e pokr\u00fdv\u00e1 celou oblast spole\u010densk\u00e9ho ne\u0161t\u011bst\u00ed, od sv\u00e1ru p\u0159es le\u017e a\u017e k n\u00e1sil\u00ed.<\/p><p>T\u00edm, \u017ee z At\u00e9 \u010din\u00ed dceru Eridy, pod\u00e1v\u00e1 H\u00e9siodos v\u00fdklad jej\u00ed podstaty. Zaslepen\u00ed tedy nen\u00ed n\u00e1hodn\u00fdm nezdarem, n\u00fdbr\u017e vyv\u011br\u00e1 ze sv\u00e1ru. Kde vl\u00e1dne rozkol, tam roste zaslepen\u00ed, a ze zaslepen\u00ed plynou dal\u0161\u00ed zl\u00e9 v\u011bci. Tato genealogie je H\u00e9siodovou metodou, jak abstraktn\u00ed souvislosti p\u0159ev\u00e9st do vztah\u016f p\u0159\u00edbuzenstv\u00ed.<\/p><p>Za pov\u0161imnut\u00ed stoj\u00ed, \u017ee Hom\u00e9r a H\u00e9siodos um\u00eds\u0165uj\u00ed At\u00e9 odli\u0161n\u011b, Hom\u00e9r ji v\u00e1\u017ee k Zeovi a Olympu a vypr\u00e1v\u00ed o jej\u00edm p\u00e1du, H\u00e9siodos ji za\u0159azuje do rodokmenu pohrom zplozen\u00fdch Eridou. Ob\u011b pod\u00e1n\u00ed si v z\u00e1sad\u011b neodporuj\u00ed, ka\u017ed\u00e9 osv\u011btluje jin\u00fd aspekt.<\/p><p>Zaslepen\u00ed je moc, kter\u00e1 kdysi st\u00e1la bl\u00edzko boh\u016fm, av\u0161ak svou podstatou n\u00e1le\u017e\u00ed do oblasti sv\u00e1ru a lidsk\u00e9 sebezk\u00e1zy. Tato dvojzna\u010dnost utv\u00e1\u0159\u00ed <span class=\"iwg-fachbegriff\" data-tooltip=\"Epocha \u0159eck\u00e9 a \u0159\u00edmsk\u00e9 kultury, p\u0159ibli\u017en\u011b 800 p\u0159. n. l. a\u017e 600 n. l.\" tabindex=\"0\">antick\u00e9<\/span> ch\u00e1p\u00e1n\u00ed At\u00e9 a\u017e do pozd\u011bj\u0161\u00ed literatury.<\/p>\t\t\t\t\t\t\t\t<\/div>\n\t\t\t\t<\/div>\n\t\t\t\t\t<\/div>\n\t\t\t\t<\/div>\n\t\t<div class=\"elementor-element elementor-element-cp8177c43 e-flex e-con-boxed e-con e-parent\" data-id=\"cp8177c43\" data-element_type=\"container\" data-e-type=\"container\">\n\t\t\t\t\t<div class=\"e-con-inner\">\n\t\t\t\t<div class=\"elementor-element elementor-element-cp1fe23eb elementor-widget elementor-widget-heading\" data-id=\"cp1fe23eb\" data-element_type=\"widget\" data-e-type=\"widget\" data-widget_type=\"heading.default\">\n\t\t\t\t\t<h2 class=\"elementor-heading-title elementor-size-default\">Zaslepen\u00ed, vina a trest v attick\u00e9 trag\u00e9dii<\/h2>\t\t\t\t<\/div>\n\t\t<div class=\"elementor-element elementor-element-cp5a0c8fe e-con-full e-flex e-con e-child\" data-id=\"cp5a0c8fe\" data-element_type=\"container\" data-e-type=\"container\">\n\t\t\t\t<div class=\"elementor-element elementor-element-cp22ec60b elementor-widget elementor-widget-text-editor\" data-id=\"cp22ec60b\" data-element_type=\"widget\" data-e-type=\"widget\" data-widget_type=\"text-editor.default\">\n\t\t\t\t\t\t\t\t\t<p>V attick\u00e9 trag\u00e9dii p\u00e1t\u00e9ho stolet\u00ed p\u0159ed na\u0161\u00edm letopo\u010dtem se At\u00e9 st\u00e1v\u00e1 kl\u00ed\u010dov\u00fdm pojmem pro v\u00fdklad z\u00e1niku jednotlivc\u016f i cel\u00fdch rod\u016f. Zvl\u00e1\u0161t\u011b u Aischyla prostupuje my\u0161lenka zaslepen\u00ed cel\u00fdm d\u00edlem.<\/p><p>V <em>Oresteji<\/em> a v th\u00e9bsk\u00fdch hr\u00e1ch se At\u00e9 objevuje jako moc, kter\u00e1 se d\u011bd\u00ed z generace na generaci a strh\u00e1v\u00e1 cel\u00e9 rody do propasti.<\/p><p>Pro tragick\u00e9 ch\u00e1p\u00e1n\u00ed je charakteristick\u00e9 \u00fazk\u00e9 spojen\u00ed At\u00e9 se dv\u011bma dal\u0161\u00edmi pojmy, s <em>hybris<\/em>, nez\u0159\u00edzenou zpupnost\u00ed, a s <em>nemesis<\/em> \u010di <em>tisis<\/em>, vyrovn\u00e1vaj\u00edc\u00edm trestem.<\/p><p>Trag\u00e9die \u010dasto zobrazuje \u0159et\u011bzec, na jeho\u017e po\u010d\u00e1tku stoj\u00ed blahobyt, jen\u017e vede k sytosti, sytost plod\u00ed zpupnost, zpupnost p\u0159iv\u00e1d\u00ed zaslepen\u00ed, a zaslepen\u00ed vede k osudov\u00e9mu \u010dinu a t\u00edm k z\u00e1niku.<\/p><p>At\u00e9 je v tomto sch\u00e9matu \u010dl\u00e1nkem, kter\u00fd p\u0159ev\u00e1d\u00ed vnit\u0159n\u00ed stav \u010dlov\u011bka do vn\u011bj\u0161\u00edho osudu.<\/p><p>D\u016fle\u017eit\u00fd je p\u0159i tom probl\u00e9m viny. Zaslepen\u00ed p\u0159ich\u00e1z\u00ed zven\u010d\u00ed, \u010dasto se popisuje jako seslan\u00e9 n\u011bjak\u00fdm <span class=\"iwg-fachbegriff\" data-tooltip=\"Bytost uct\u00edvan\u00e1 jako bo\u017esk\u00e1 v r\u00e1mci ur\u010dit\u00e9ho n\u00e1bo\u017eenstv\u00ed.\" tabindex=\"0\">bo\u017estvem<\/span>, a p\u0159ece jedn\u00e1 zaslepen\u00fd s\u00e1m a nese i n\u00e1sledky.<\/p><p>Trag\u00e9die toto nap\u011bt\u00ed v\u011bdom\u011b zachov\u00e1v\u00e1, \u010dlov\u011bk je z\u00e1rove\u0148 <span class=\"iwg-fachbegriff\" data-tooltip=\"Dar bo\u017estvu vyjad\u0159uj\u00edc\u00ed d\u00edky, prosbu nebo \u00factu.\" tabindex=\"0\">ob\u011bt\u00ed<\/span> i pachatelem. At\u00e9 je pojem, na n\u011bm\u017e se tento dvoj\u00ed pohled upev\u0148uje.<\/p><p>I u Sofokla a Euripida z\u016fst\u00e1v\u00e1 zaslepen\u00ed kl\u00ed\u010dov\u00fdm motivem, nap\u0159\u00edklad tam, kde hrdina nedb\u00e1 varovn\u00fdch znamen\u00ed a \u0159\u00edt\u00ed se do vlastn\u00ed zk\u00e1zy.<\/p><p>Trag\u00e9die tak z hom\u00e9rsk\u00e9 postavy vytvo\u0159ila hlubok\u00fd pojem lidsk\u00e9 existence, j\u00edm\u017e se klasi\u010dt\u00ed filologov\u00e9 a religionist\u00e9, nap\u0159\u00edklad v prac\u00edch o \u0159eck\u00e9m ch\u00e1p\u00e1n\u00ed viny, d\u016fkladn\u011b zab\u00fdvaj\u00ed a\u017e do sou\u010dasnosti.<\/p>\t\t\t\t\t\t\t\t<\/div>\n\t\t\t\t<\/div>\n\t\t\t\t\t<\/div>\n\t\t\t\t<\/div>\n\t\t<div class=\"elementor-element elementor-element-36dd7469 e-flex e-con-boxed e-con e-parent\" data-id=\"36dd7469\" data-element_type=\"container\" data-e-type=\"container\">\n\t\t\t\t\t<div class=\"e-con-inner\">\n\t\t\t\t<div class=\"elementor-element elementor-element-13760ab4 elementor-widget elementor-widget-heading\" data-id=\"13760ab4\" data-element_type=\"widget\" data-e-type=\"widget\" data-widget_type=\"heading.default\">\n\t\t\t\t\t<h2 class=\"elementor-heading-title elementor-size-default\">Souvisej\u00edc\u00ed odkazy<\/h2>\t\t\t\t<\/div>\n\t\t<div class=\"elementor-element elementor-element-28c87796 e-con-full e-flex e-con e-child\" data-id=\"28c87796\" data-element_type=\"container\" data-e-type=\"container\">\n\t\t\t\t<div class=\"elementor-element elementor-element-5d6538df elementor-widget elementor-widget-text-editor\" data-id=\"5d6538df\" data-element_type=\"widget\" data-e-type=\"widget\" data-widget_type=\"text-editor.default\">\n\t\t\t\t\t\t\t\t\t<ul><li><a href=\"https:\/\/iwell-guard.com\/cs\/?page_id=145315\">Hypnos, p\u0159in\u00e1\u0161ej\u00edc\u00ed zapomn\u011bn\u00ed<\/a><\/li><li><a href=\"https:\/\/iwell-guard.com\/cs\/?page_id=145127\">Erinye, mstitelky n\u00e1sledk\u016f At\u00e9<\/a><\/li><li><a href=\"https:\/\/iwell-guard.com\/cs\/?page_id=145279\">Nyx, bohyn\u011b noci, v jej\u00ed\u017e temnot\u011b At\u00e9 p\u016fsob\u00ed<\/a><\/li><\/ul>\t\t\t\t\t\t\t\t<\/div>\n\t\t\t\t<\/div>\n\t\t\t\t\t<\/div>\n\t\t\t\t<\/div>\n\t\t<div class=\"elementor-element elementor-element-grl4kl40 e-flex e-con-boxed e-con e-parent\" data-id=\"grl4kl40\" data-element_type=\"container\" data-e-type=\"container\">\n\t\t\t\t\t<div class=\"e-con-inner\">\n\t\t\t\t<div class=\"elementor-element elementor-element-bzsbfrmh elementor-widget elementor-widget-heading\" data-id=\"bzsbfrmh\" data-element_type=\"widget\" data-e-type=\"widget\" data-widget_type=\"heading.default\">\n\t\t\t\t\t<h2 class=\"elementor-heading-title elementor-size-default\">Literatura (v\u00fdb\u011br)<\/h2>\t\t\t\t<\/div>\n\t\t<div class=\"elementor-element elementor-element-2c13224a e-con-full e-flex e-con e-child\" data-id=\"2c13224a\" data-element_type=\"container\" data-e-type=\"container\">\n\t\t\t\t<div class=\"elementor-element elementor-element-0eymh9ub elementor-widget elementor-widget-text-editor\" data-id=\"0eymh9ub\" data-element_type=\"widget\" data-e-type=\"widget\" data-widget_type=\"text-editor.default\">\n\t\t\t\t\t\t\t\t\t<footer class=\"iwg-literatur\" data-nosnippet=\"true\"><ul><li><span data-nosnippet>Burkert, Walter: Griechische Religion. Kohlhammer, 1977<\/span><\/li><li><span data-nosnippet>Bremmer, Jan N.: Greek Religion. Brill, 1994<\/span><\/li><li><span data-nosnippet>Dodds, E.R.: The Greeks and the Irrational. UC Press, 1951<\/span><\/li><li><span data-nosnippet>Graf, Fritz: Greek Mythology. Johns Hopkins, 1993<\/span><\/li><li><span data-nosnippet>Pauly, Wilhelm: Der kleine Pauly. Dtv, 1979<\/span><\/li><\/ul><\/footer>\t\t\t\t\t\t\t\t<\/div>\n\t\t\t\t<\/div>\n\t\t\t\t\t<\/div>\n\t\t\t\t<\/div>\n\t\t\t\t<\/div>\n\t\t","protected":false},"excerpt":{"rendered":"","protected":false},"author":3,"featured_media":1579,"parent":0,"menu_order":0,"comment_status":"closed","ping_status":"closed","template":"elementor_header_footer","meta":{"_yoast_wpseo_focuskw":"At\u00e9","_yoast_wpseo_title":"At\u00e9 - bohyn\u011b zaslepen\u00ed a ne\u0161t\u011bst\u00ed","_yoast_wpseo_metadesc":"Bohyn\u011b zaslepen\u00ed a ne\u0161t\u011bst\u00ed, dcera Eridy. Zmatek, osudn\u00e1 rozhodnut\u00ed a kosmick\u00e1 spravedlnost v Iliad\u011b.","_yoast_wpseo_meta-robots-noindex":"","_yoast_wpseo_canonical":"","_angie_page":false,"gefaehrdungsstufe":"3","wesen_kultur":"griechenland","wesen_klasse":"goetter","footnotes":""},"categories":[],"class_list":["post-145317","page","type-page","status-publish","has-post-thumbnail","hentry"],"yoast_head":"<!-- This site is optimized with the Yoast SEO Premium plugin v27.7 (Yoast SEO v28.3) - https:\/\/yoast.com\/product\/yoast-seo-premium-wordpress\/ -->\n<title>At\u00e9 - bohyn\u011b zaslepen\u00ed a ne\u0161t\u011bst\u00ed<\/title>\n<meta name=\"description\" content=\"Bohyn\u011b zaslepen\u00ed a ne\u0161t\u011bst\u00ed, dcera Eridy. Zmatek, osudn\u00e1 rozhodnut\u00ed a kosmick\u00e1 spravedlnost v Iliad\u011b.\" \/>\n<meta name=\"robots\" content=\"index, follow, max-snippet:-1, max-image-preview:large, max-video-preview:-1\" \/>\n<link rel=\"canonical\" href=\"https:\/\/iwell-guard.com\/cs\/ate\/\" \/>\n<meta property=\"og:locale\" content=\"cs_CZ\" \/>\n<meta property=\"og:type\" content=\"article\" \/>\n<meta property=\"og:title\" content=\"At\u00e9\" \/>\n<meta property=\"og:description\" content=\"Bohyn\u011b zaslepen\u00ed a ne\u0161t\u011bst\u00ed, dcera Eridy. Zmatek, osudn\u00e1 rozhodnut\u00ed a kosmick\u00e1 spravedlnost v Iliad\u011b.\" \/>\n<meta property=\"og:url\" content=\"https:\/\/iwell-guard.com\/cs\/ate\/\" \/>\n<meta property=\"og:site_name\" content=\"iWell Guard\" \/>\n<meta property=\"article:modified_time\" content=\"2026-09-03T16:52:47+00:00\" \/>\n<meta property=\"og:image\" content=\"https:\/\/iwell-guard.com\/wp-content\/uploads\/2026\/04\/goetter_griechenland_ate.webp\" \/>\n\t<meta property=\"og:image:width\" content=\"1024\" \/>\n\t<meta property=\"og:image:height\" content=\"1536\" \/>\n\t<meta property=\"og:image:type\" content=\"image\/webp\" \/>\n<meta name=\"twitter:card\" content=\"summary_large_image\" \/>\n<script type=\"application\/ld+json\" class=\"yoast-schema-graph\">{\"@context\":\"https:\\\/\\\/schema.org\",\"@graph\":[{\"@type\":\"WebPage\",\"@id\":\"https:\\\/\\\/iwell-guard.com\\\/cs\\\/ate\\\/\",\"url\":\"https:\\\/\\\/iwell-guard.com\\\/cs\\\/ate\\\/\",\"name\":\"At\u00e9 - bohyn\u011b zaslepen\u00ed a ne\u0161t\u011bst\u00ed\",\"isPartOf\":{\"@id\":\"https:\\\/\\\/iwell-guard.com\\\/cs\\\/#website\"},\"primaryImageOfPage\":{\"@id\":\"https:\\\/\\\/iwell-guard.com\\\/cs\\\/ate\\\/#primaryimage\"},\"image\":{\"@id\":\"https:\\\/\\\/iwell-guard.com\\\/cs\\\/ate\\\/#primaryimage\"},\"thumbnailUrl\":\"https:\\\/\\\/iwell-guard.com\\\/wp-content\\\/uploads\\\/2026\\\/04\\\/goetter_griechenland_ate.webp\",\"datePublished\":\"2026-09-03T16:29:10+00:00\",\"dateModified\":\"2026-09-03T16:52:47+00:00\",\"description\":\"Bohyn\u011b zaslepen\u00ed a ne\u0161t\u011bst\u00ed, dcera Eridy. Zmatek, osudn\u00e1 rozhodnut\u00ed a kosmick\u00e1 spravedlnost v Iliad\u011b.\",\"breadcrumb\":{\"@id\":\"https:\\\/\\\/iwell-guard.com\\\/cs\\\/ate\\\/#breadcrumb\"},\"inLanguage\":\"cs\",\"potentialAction\":[{\"@type\":\"ReadAction\",\"target\":[\"https:\\\/\\\/iwell-guard.com\\\/cs\\\/ate\\\/\"]}]},{\"@type\":\"ImageObject\",\"inLanguage\":\"cs\",\"@id\":\"https:\\\/\\\/iwell-guard.com\\\/cs\\\/ate\\\/#primaryimage\",\"url\":\"https:\\\/\\\/iwell-guard.com\\\/wp-content\\\/uploads\\\/2026\\\/04\\\/goetter_griechenland_ate.webp\",\"contentUrl\":\"https:\\\/\\\/iwell-guard.com\\\/wp-content\\\/uploads\\\/2026\\\/04\\\/goetter_griechenland_ate.webp\",\"width\":1024,\"height\":1536,\"caption\":\"Bohov\u00e9 z \u0159eck\u00e9 tradice.\"},{\"@type\":\"BreadcrumbList\",\"@id\":\"https:\\\/\\\/iwell-guard.com\\\/cs\\\/ate\\\/#breadcrumb\",\"itemListElement\":[{\"@type\":\"ListItem\",\"position\":1,\"name\":\"Start\",\"item\":\"https:\\\/\\\/iwell-guard.com\\\/cs\\\/?page_id=145107\"},{\"@type\":\"ListItem\",\"position\":2,\"name\":\"At\u00e9\"}]},{\"@type\":\"WebSite\",\"@id\":\"https:\\\/\\\/iwell-guard.com\\\/cs\\\/#website\",\"url\":\"https:\\\/\\\/iwell-guard.com\\\/cs\\\/\",\"name\":\"iWell Guard\",\"description\":\"Schutz vor dunklen Einfl\u00fcssen\",\"publisher\":{\"@id\":\"https:\\\/\\\/iwell-guard.com\\\/cs\\\/#organization\"},\"potentialAction\":[{\"@type\":\"SearchAction\",\"target\":{\"@type\":\"EntryPoint\",\"urlTemplate\":\"https:\\\/\\\/iwell-guard.com\\\/cs\\\/?s={search_term_string}\"},\"query-input\":{\"@type\":\"PropertyValueSpecification\",\"valueRequired\":true,\"valueName\":\"search_term_string\"}}],\"inLanguage\":\"cs\"},{\"@type\":\"Organization\",\"@id\":\"https:\\\/\\\/iwell-guard.com\\\/cs\\\/#organization\",\"name\":\"Ittermann electronic GmbH\",\"url\":\"https:\\\/\\\/iwell-guard.com\\\/cs\\\/\",\"logo\":{\"@type\":\"ImageObject\",\"inLanguage\":\"cs\",\"@id\":\"https:\\\/\\\/iwell-guard.com\\\/cs\\\/#\\\/schema\\\/logo\\\/image\\\/\",\"url\":\"https:\\\/\\\/iwell-guard.com\\\/wp-content\\\/uploads\\\/2026\\\/05\\\/Ittermann-Logo-1182x237-1.png\",\"contentUrl\":\"https:\\\/\\\/iwell-guard.com\\\/wp-content\\\/uploads\\\/2026\\\/05\\\/Ittermann-Logo-1182x237-1.png\",\"width\":1182,\"height\":237,\"caption\":\"Ittermann electronic GmbH\"},\"image\":{\"@id\":\"https:\\\/\\\/iwell-guard.com\\\/cs\\\/#\\\/schema\\\/logo\\\/image\\\/\"},\"sameAs\":[\"https:\\\/\\\/pantip.com\\\/profile\\\/9367242\",\"https:\\\/\\\/micro.blog\\\/iwellguard\",\"https:\\\/\\\/www.diggerslist.com\\\/iwellguard\\\/about\",\"https:\\\/\\\/skitterphoto.com\\\/photographers\\\/2870314\\\/iwell-guard\",\"https:\\\/\\\/iwellguard.wordpress.com\\\/2026\\\/06\\\/06\\\/iwell-guard\\\/\",\"https:\\\/\\\/hub.docker.com\\\/u\\\/iwellguard\",\"https:\\\/\\\/www.pinterest.com\\\/iwellguard\\\/\",\"https:\\\/\\\/bit.ly\\\/m\\\/iwellguard\",\"https:\\\/\\\/entre-vos-mains.alsace.eu\\\/profiles\\\/iwellguard\\\/activity\",\"https:\\\/\\\/gravatar.com\\\/reallybeded8fd34\",\"https:\\\/\\\/naijamatta.com\\\/iwellguard\",\"https:\\\/\\\/www.goodreads.com\\\/iwellguard\",\"https:\\\/\\\/profile.hatena.ne.jp\\\/iwellguard\\\/\",\"https:\\\/\\\/experiment.com\\\/users\\\/iwellguard\",\"https:\\\/\\\/wakelet.com\\\/@iWellGuard82270\",\"https:\\\/\\\/www.chordie.com\\\/forum\\\/profile.php?id=2555664\",\"https:\\\/\\\/www.instapaper.com\\\/p\\\/17757966\",\"https:\\\/\\\/www.mapleprimes.com\\\/users\\\/iwellguard\",\"https:\\\/\\\/businesslistingplus.com\\\/profile\\\/iwell-guard\\\/\",\"https:\\\/\\\/telegra.ph\\\/iWell-Guard-06-06\",\"https:\\\/\\\/pbase.com\\\/iwellguard\\\/iwellguard\",\"https:\\\/\\\/b.hatena.ne.jp\\\/iwellguard\\\/20260607#bookmark-4788405196491818882\",\"https:\\\/\\\/fliphtml5.com\\\/home\\\/iwellguard\",\"https:\\\/\\\/anyflip.com\\\/homepage\\\/cmiwl#About\",\"https:\\\/\\\/transfur.com\\\/Users\\\/iwellguard\",\"http:\\\/\\\/delphi.larsbo.org\\\/user\\\/iwellguard\",\"https:\\\/\\\/jobs.lajobsportal.org\\\/profiles\\\/8380803-iwell-guard\",\"https:\\\/\\\/md.chaosdorf.de\\\/s\\\/jfbe5SBdJD\",\"https:\\\/\\\/www.lingvolive.com\\\/en-us\\\/profile\\\/9ecaeaca-ce11-4e51-9e71-01d55e2bff36\\\/translations\",\"https:\\\/\\\/www.fitday.com\\\/fitness\\\/forums\\\/members\\\/iwellguard.html\",\"https:\\\/\\\/www.mymeetbook.com\\\/iwellguard\",\"https:\\\/\\\/pxhere.com\\\/en\\\/photographer-me\\\/5040798\",\"https:\\\/\\\/disqus.com\\\/by\\\/iwellguard\\\/about\\\/\",\"https:\\\/\\\/pastelink.net\\\/hjwciqwq\",\"https:\\\/\\\/pubhtml5.com\\\/homepage\\\/scjhn\\\/\",\"https:\\\/\\\/www.bitchute.com\\\/channel\\\/2O2eOKzNqujT\",\"https:\\\/\\\/audiomack.com\\\/iwellguard\"]},{\"@type\":\"Article\",\"@id\":\"https:\\\/\\\/iwell-guard.com\\\/cs\\\/ate\\\/#article\",\"isPartOf\":{\"@id\":\"https:\\\/\\\/iwell-guard.com\\\/cs\\\/ate\\\/\"},\"author\":{\"name\":\"Ralf Ittermann\",\"@id\":\"https:\\\/\\\/iwell-guard.com\\\/cs\\\/#\\\/schema\\\/person\\\/ee2a27f1cac3406c7c6fb5820cb7349f\"},\"headline\":\"At\u00e9\",\"datePublished\":\"2026-09-03T16:29:10+00:00\",\"dateModified\":\"2026-09-03T16:52:47+00:00\",\"mainEntityOfPage\":{\"@id\":\"https:\\\/\\\/iwell-guard.com\\\/cs\\\/ate\\\/\"},\"publisher\":{\"@id\":\"https:\\\/\\\/iwell-guard.com\\\/cs\\\/#organization\"},\"image\":{\"@id\":\"https:\\\/\\\/iwell-guard.com\\\/cs\\\/ate\\\/#primaryimage\"},\"thumbnailUrl\":\"https:\\\/\\\/iwell-guard.com\\\/wp-content\\\/uploads\\\/2026\\\/04\\\/goetter_griechenland_ate.webp\",\"inLanguage\":\"cs\",\"description\":\"Bohyn\u011b zaslepen\u00ed a ne\u0161t\u011bst\u00ed, dcera Eridy. Zmatek, osudn\u00e1 rozhodnut\u00ed a kosmick\u00e1 spravedlnost v Iliad\u011b.\"}]}<\/script>\n<!-- \/ Yoast SEO Premium plugin. -->","yoast_head_json":{"title":"At\u00e9 - bohyn\u011b zaslepen\u00ed a ne\u0161t\u011bst\u00ed","description":"Bohyn\u011b zaslepen\u00ed a ne\u0161t\u011bst\u00ed, dcera Eridy. Zmatek, osudn\u00e1 rozhodnut\u00ed a kosmick\u00e1 spravedlnost v Iliad\u011b.","robots":{"index":"index","follow":"follow","max-snippet":"max-snippet:-1","max-image-preview":"max-image-preview:large","max-video-preview":"max-video-preview:-1"},"canonical":"https:\/\/iwell-guard.com\/cs\/ate\/","og_locale":"cs_CZ","og_type":"article","og_title":"At\u00e9","og_description":"Bohyn\u011b zaslepen\u00ed a ne\u0161t\u011bst\u00ed, dcera Eridy. Zmatek, osudn\u00e1 rozhodnut\u00ed a kosmick\u00e1 spravedlnost v Iliad\u011b.","og_url":"https:\/\/iwell-guard.com\/cs\/ate\/","og_site_name":"iWell Guard","article_modified_time":"2026-09-03T16:52:47+00:00","og_image":[{"width":1024,"height":1536,"url":"https:\/\/iwell-guard.com\/wp-content\/uploads\/2026\/04\/goetter_griechenland_ate.webp","type":"image\/webp"}],"twitter_card":"summary_large_image","schema":{"@context":"https:\/\/schema.org","@graph":[{"@type":"Article","@id":"https:\/\/iwell-guard.com\/cs\/ate\/#article","isPartOf":{"@id":"https:\/\/iwell-guard.com\/cs\/ate\/"},"author":{"name":"Ralf Ittermann","@id":"https:\/\/iwell-guard.com\/cs\/#\/schema\/person\/ee2a27f1cac3406c7c6fb5820cb7349f"},"headline":"At\u00e9","datePublished":"2026-09-03T16:29:10+00:00","dateModified":"2026-09-03T16:52:47+00:00","mainEntityOfPage":{"@id":"https:\/\/iwell-guard.com\/cs\/ate\/"},"publisher":{"@id":"https:\/\/iwell-guard.com\/cs\/#organization"},"image":{"@id":"https:\/\/iwell-guard.com\/cs\/ate\/#primaryimage"},"thumbnailUrl":"https:\/\/iwell-guard.com\/wp-content\/uploads\/2026\/04\/goetter_griechenland_ate.webp","inLanguage":"cs","description":"Bohyn\u011b zaslepen\u00ed a ne\u0161t\u011bst\u00ed, dcera Eridy. Zmatek, osudn\u00e1 rozhodnut\u00ed a kosmick\u00e1 spravedlnost v Iliad\u011b."},{"@type":"WebPage","@id":"https:\/\/iwell-guard.com\/cs\/ate\/","url":"https:\/\/iwell-guard.com\/cs\/ate\/","name":"At\u00e9 - bohyn\u011b zaslepen\u00ed a ne\u0161t\u011bst\u00ed","isPartOf":{"@id":"https:\/\/iwell-guard.com\/cs\/#website"},"primaryImageOfPage":{"@id":"https:\/\/iwell-guard.com\/cs\/ate\/#primaryimage"},"image":{"@id":"https:\/\/iwell-guard.com\/cs\/ate\/#primaryimage"},"thumbnailUrl":"https:\/\/iwell-guard.com\/wp-content\/uploads\/2026\/04\/goetter_griechenland_ate.webp","datePublished":"2026-09-03T16:29:10+00:00","dateModified":"2026-09-03T16:52:47+00:00","description":"Bohyn\u011b zaslepen\u00ed a ne\u0161t\u011bst\u00ed, dcera Eridy. Zmatek, osudn\u00e1 rozhodnut\u00ed a kosmick\u00e1 spravedlnost v Iliad\u011b.","breadcrumb":{"@id":"https:\/\/iwell-guard.com\/cs\/ate\/#breadcrumb"},"inLanguage":"cs","potentialAction":[{"@type":"ReadAction","target":["https:\/\/iwell-guard.com\/cs\/ate\/"]}]},{"@type":"ImageObject","inLanguage":"cs","@id":"https:\/\/iwell-guard.com\/cs\/ate\/#primaryimage","url":"https:\/\/iwell-guard.com\/wp-content\/uploads\/2026\/04\/goetter_griechenland_ate.webp","contentUrl":"https:\/\/iwell-guard.com\/wp-content\/uploads\/2026\/04\/goetter_griechenland_ate.webp","width":1024,"height":1536,"caption":"Bohov\u00e9 z \u0159eck\u00e9 tradice."},{"@type":"BreadcrumbList","@id":"https:\/\/iwell-guard.com\/cs\/ate\/#breadcrumb","itemListElement":[{"@type":"ListItem","position":1,"name":"Start","item":"https:\/\/iwell-guard.com\/cs\/?page_id=145107"},{"@type":"ListItem","position":2,"name":"At\u00e9"}]},{"@type":"WebSite","@id":"https:\/\/iwell-guard.com\/cs\/#website","url":"https:\/\/iwell-guard.com\/cs\/","name":"iWell Guard","description":"Schutz vor dunklen Einfl\u00fcssen","publisher":{"@id":"https:\/\/iwell-guard.com\/cs\/#organization"},"potentialAction":[{"@type":"SearchAction","target":{"@type":"EntryPoint","urlTemplate":"https:\/\/iwell-guard.com\/cs\/?s={search_term_string}"},"query-input":{"@type":"PropertyValueSpecification","valueRequired":true,"valueName":"search_term_string"}}],"inLanguage":"cs"},{"@type":"Organization","@id":"https:\/\/iwell-guard.com\/cs\/#organization","name":"Ittermann electronic GmbH","url":"https:\/\/iwell-guard.com\/cs\/","logo":{"@type":"ImageObject","inLanguage":"cs","@id":"https:\/\/iwell-guard.com\/cs\/#\/schema\/logo\/image\/","url":"https:\/\/iwell-guard.com\/wp-content\/uploads\/2026\/05\/Ittermann-Logo-1182x237-1.png","contentUrl":"https:\/\/iwell-guard.com\/wp-content\/uploads\/2026\/05\/Ittermann-Logo-1182x237-1.png","width":1182,"height":237,"caption":"Ittermann electronic GmbH"},"image":{"@id":"https:\/\/iwell-guard.com\/cs\/#\/schema\/logo\/image\/"},"sameAs":["https:\/\/pantip.com\/profile\/9367242","https:\/\/micro.blog\/iwellguard","https:\/\/www.diggerslist.com\/iwellguard\/about","https:\/\/skitterphoto.com\/photographers\/2870314\/iwell-guard","https:\/\/iwellguard.wordpress.com\/2026\/06\/06\/iwell-guard\/","https:\/\/hub.docker.com\/u\/iwellguard","https:\/\/www.pinterest.com\/iwellguard\/","https:\/\/bit.ly\/m\/iwellguard","https:\/\/entre-vos-mains.alsace.eu\/profiles\/iwellguard\/activity","https:\/\/gravatar.com\/reallybeded8fd34","https:\/\/naijamatta.com\/iwellguard","https:\/\/www.goodreads.com\/iwellguard","https:\/\/profile.hatena.ne.jp\/iwellguard\/","https:\/\/experiment.com\/users\/iwellguard","https:\/\/wakelet.com\/@iWellGuard82270","https:\/\/www.chordie.com\/forum\/profile.php?id=2555664","https:\/\/www.instapaper.com\/p\/17757966","https:\/\/www.mapleprimes.com\/users\/iwellguard","https:\/\/businesslistingplus.com\/profile\/iwell-guard\/","https:\/\/telegra.ph\/iWell-Guard-06-06","https:\/\/pbase.com\/iwellguard\/iwellguard","https:\/\/b.hatena.ne.jp\/iwellguard\/20260607#bookmark-4788405196491818882","https:\/\/fliphtml5.com\/home\/iwellguard","https:\/\/anyflip.com\/homepage\/cmiwl#About","https:\/\/transfur.com\/Users\/iwellguard","http:\/\/delphi.larsbo.org\/user\/iwellguard","https:\/\/jobs.lajobsportal.org\/profiles\/8380803-iwell-guard","https:\/\/md.chaosdorf.de\/s\/jfbe5SBdJD","https:\/\/www.lingvolive.com\/en-us\/profile\/9ecaeaca-ce11-4e51-9e71-01d55e2bff36\/translations","https:\/\/www.fitday.com\/fitness\/forums\/members\/iwellguard.html","https:\/\/www.mymeetbook.com\/iwellguard","https:\/\/pxhere.com\/en\/photographer-me\/5040798","https:\/\/disqus.com\/by\/iwellguard\/about\/","https:\/\/pastelink.net\/hjwciqwq","https:\/\/pubhtml5.com\/homepage\/scjhn\/","https:\/\/www.bitchute.com\/channel\/2O2eOKzNqujT","https:\/\/audiomack.com\/iwellguard"]},{"@type":"Person","@id":"https:\/\/iwell-guard.com\/cs\/#\/schema\/person\/ee2a27f1cac3406c7c6fb5820cb7349f","name":"Ralf Ittermann","image":{"@type":"ImageObject","inLanguage":"cs","@id":"https:\/\/secure.gravatar.com\/avatar\/073c0153e350a5005b68eb752b445fea71f6b24a26da9449ad7e155e6b446c9d?s=96&d=mm&r=g","url":"https:\/\/secure.gravatar.com\/avatar\/073c0153e350a5005b68eb752b445fea71f6b24a26da9449ad7e155e6b446c9d?s=96&d=mm&r=g","contentUrl":"https:\/\/secure.gravatar.com\/avatar\/073c0153e350a5005b68eb752b445fea71f6b24a26da9449ad7e155e6b446c9d?s=96&d=mm&r=g","caption":"Ralf Ittermann"},"givenName":"Ralf","familyName":"Ittermann","jobTitle":"Gesch\u00e4ftsf\u00fchrer und redaktioneller Verantwortlicher","url":"https:\/\/iwell-guard.com\/cs\/author\/claude\/","description":"Ralf Ittermann ist Gesch\u00e4ftsf\u00fchrer der Ittermann electronic GmbH und redaktioneller Verantwortlicher des iWell-Guard-Lexikons. Er verbindet langj\u00e4hrige Erfahrung in der Pr\u00e4zisionsfertigung mit medialer Praxis und religionsgeschichtlicher Quellenarbeit.","worksFor":{"@type":"Organization","name":"Ittermann electronic GmbH","url":"https:\/\/ittermann.de\/","address":{"@type":"PostalAddress","streetAddress":"K\u00f6hlergasse 16-18","postalCode":"99842","addressLocality":"Ruhla","addressCountry":"DE"}},"knowsAbout":["Religionsgeschichte","Mythologie","Mediale Praxis","Energetische Diagnostik","Schutzpraxis","Volksglauben","Westliche Esoterik"]},{"@type":"Article","@id":"https:\/\/iwell-guard.com\/cs\/ate\/#article","isPartOf":{"@id":"https:\/\/iwell-guard.com\/cs\/ate\/"},"author":{"name":"Ralf Ittermann","@id":"https:\/\/iwell-guard.com\/cs\/#\/schema\/person\/ee2a27f1cac3406c7c6fb5820cb7349f"},"headline":"At\u00e9","datePublished":"2026-09-03T16:29:10+00:00","dateModified":"2026-09-03T16:52:47+00:00","mainEntityOfPage":{"@id":"https:\/\/iwell-guard.com\/cs\/ate\/"},"publisher":{"@id":"https:\/\/iwell-guard.com\/cs\/#organization"},"image":{"@id":"https:\/\/iwell-guard.com\/cs\/ate\/#primaryimage"},"thumbnailUrl":"https:\/\/iwell-guard.com\/wp-content\/uploads\/2026\/04\/goetter_griechenland_ate.webp","inLanguage":"cs","description":"Bohyn\u011b zaslepen\u00ed a ne\u0161t\u011bst\u00ed, dcera Eridy. Zmatek, osudn\u00e1 rozhodnut\u00ed a kosmick\u00e1 spravedlnost v Iliad\u011b."}]}},"_links":{"self":[{"href":"https:\/\/iwell-guard.com\/cs\/wp-json\/wp\/v2\/pages\/145317","targetHints":{"allow":["GET"]}}],"collection":[{"href":"https:\/\/iwell-guard.com\/cs\/wp-json\/wp\/v2\/pages"}],"about":[{"href":"https:\/\/iwell-guard.com\/cs\/wp-json\/wp\/v2\/types\/page"}],"author":[{"embeddable":true,"href":"https:\/\/iwell-guard.com\/cs\/wp-json\/wp\/v2\/users\/3"}],"replies":[{"embeddable":true,"href":"https:\/\/iwell-guard.com\/cs\/wp-json\/wp\/v2\/comments?post=145317"}],"version-history":[{"count":0,"href":"https:\/\/iwell-guard.com\/cs\/wp-json\/wp\/v2\/pages\/145317\/revisions"}],"wp:featuredmedia":[{"embeddable":true,"href":"https:\/\/iwell-guard.com\/cs\/wp-json\/wp\/v2\/media\/1579"}],"wp:attachment":[{"href":"https:\/\/iwell-guard.com\/cs\/wp-json\/wp\/v2\/media?parent=145317"}],"wp:term":[{"taxonomy":"category","embeddable":true,"href":"https:\/\/iwell-guard.com\/cs\/wp-json\/wp\/v2\/categories?post=145317"}],"curies":[{"name":"wp","href":"https:\/\/api.w.org\/{rel}","templated":true}]}}