{"id":145277,"date":"2026-09-03T16:28:47","date_gmt":"2026-09-03T16:28:47","guid":{"rendered":"https:\/\/iwell-guard.com\/?page_id=145277"},"modified":"2026-09-03T16:51:41","modified_gmt":"2026-09-03T16:51:41","slug":"persefona","status":"publish","type":"page","link":"https:\/\/iwell-guard.com\/cs\/persefona\/","title":{"rendered":"Persefona"},"content":{"rendered":"\t\t<div data-elementor-type=\"wp-page\" data-elementor-id=\"145277\" class=\"elementor elementor-145277 elementor-1963 elementor-bc-flex-widget\" data-elementor-post-type=\"page\">\n\t\t\t\t<div class=\"elementor-element elementor-element-10fdade e-flex e-con-boxed e-con e-parent\" data-id=\"10fdade\" data-element_type=\"container\" data-e-type=\"container\" data-settings=\"{&quot;background_background&quot;:&quot;classic&quot;}\">\n\t\t\t\t\t<div class=\"e-con-inner\">\n\t\t<div class=\"elementor-element elementor-element-herohlft0 e-flex e-con-boxed e-con e-child\" data-id=\"herohlft0\" data-element_type=\"container\" data-e-type=\"container\">\n\t\t\t\t\t<div class=\"e-con-inner\">\n\t\t<div class=\"elementor-element elementor-element-c3ceb64 e-con-full e-flex e-con e-child\" data-id=\"c3ceb64\" data-element_type=\"container\" data-e-type=\"container\">\n\t\t\t\t<div class=\"elementor-element elementor-element-96ae5e1 elementor-widget elementor-widget-heading\" data-id=\"96ae5e1\" data-element_type=\"widget\" data-e-type=\"widget\" data-widget_type=\"heading.default\">\n\t\t\t\t\t<h1 class=\"elementor-heading-title elementor-size-default\">Persefona, bohyn\u011b \u0159eck\u00e9 tradice<\/h1>\t\t\t\t<\/div>\n\t\t\t\t<div class=\"elementor-element elementor-element-e45238a elementor-widget elementor-widget-text-editor\" data-id=\"e45238a\" data-element_type=\"widget\" data-e-type=\"widget\" data-widget_type=\"text-editor.default\">\n\t\t\t\t\t\t\t\t\t<p>Dcera plodnosti, kr\u00e1lovna podsv\u011bt\u00ed, zt\u011blesn\u011bn\u00ed prom\u011bny. Persefona (naz\u00fdvan\u00e1 tak\u00e9 Kor\u00e9) je dcerou D\u00e9m\u00e9t\u00e9r a spojnic\u00ed mezi zem\u00ed a podsv\u011bt\u00edm.<\/p><p>Jej\u00ed \u00fanos H\u00e1dem formuje pojet\u00ed smrti, znovuzrozen\u00ed a kolob\u011bhu ro\u010dn\u00edch obdob\u00ed v \u0159eck\u00e9 kultu\u0159e. Vl\u00e1dne d\u016fstojn\u011b po H\u00e1dov\u011b boku jako jeho man\u017eelka, bohyn\u011b spojuj\u00edc\u00ed p\u0159\u00edsnost a soucit.<\/p><p>Persefona je bohyn\u011b \u0159eck\u00e9 tradice, dcera D\u00e9m\u00e9t\u00e9r a kr\u00e1lovna podsv\u011bt\u00ed.<\/p>\t\t\t\t\t\t\t\t<\/div>\n\t\t\t\t<\/div>\n\t\t<div class=\"elementor-element elementor-element-klsbdg01 e-con-full e-flex e-con e-parent\" data-id=\"klsbdg01\" data-element_type=\"container\" data-e-type=\"container\">\n\t\t\t\t<div class=\"elementor-element elementor-element-klshtm01 elementor-widget elementor-widget-html\" data-id=\"klshtm01\" data-element_type=\"widget\" data-e-type=\"widget\" data-widget_type=\"html.default\">\n\t\t\t\t\t<div class=\"iwg-pill-row\"><span class=\"iwg-klasse-badge\" tabindex=\"0\" data-tooltip=\"B\u016fh \/ bohyn\u011b: Zosobn\u011bn\u00e1 nejvy\u0161\u0161\u00ed moc v panteonu ur\u010dit\u00e9 kultury s jasn\u011b vymezen\u00fdmi oblastmi p\u016fsobnosti, p\u0159\u00edrodn\u00ed s\u00edly, osud, v\u00e1lka, plodnost. Uct\u00edv\u00e1n\u00ed prost\u0159ednictv\u00edm kult\u016f, ob\u011bt\u00ed a chr\u00e1mov\u00fdch instituc\u00ed.\">Bohyn\u011b<\/span><a href=\"https:\/\/iwell-guard.com\/cs\/?page_id=145121\" class=\"iwg-kultur-badge\" tabindex=\"0\" data-tooltip=\"N\u00e1bo\u017eenstv\u00ed a mytologie starov\u011bk\u00e9ho \u0158ecka od myk\u00e9nsk\u00e9 doby a\u017e po pozdn\u00ed antiku.\">\u0158ecko<\/a><a href=\"https:\/\/iwell-guard.com\/cs\/?page_id=145235\" class=\"iwg-tradition-badge\" tabindex=\"0\" data-tooltip=\"Bohov\u00e9 podsv\u011bt\u00ed a smrti, vl\u00e1dci onoho sv\u011bta, soudci mrtv\u00fdch, pr\u016fvodci du\u0161\u00ed.\">B\u016fh podsv\u011bt\u00ed<\/a><\/div>\t\t\t\t<\/div>\n\t\t\t\t<\/div>\n\t\t<div class=\"elementor-element elementor-element-3f74855 e-con-full e-flex e-con e-child\" data-id=\"3f74855\" data-element_type=\"container\" data-e-type=\"container\">\n\t\t\t\t<div class=\"elementor-element elementor-element-1c30362 elementor-toc--minimized-on-tablet elementor-widget elementor-widget-table-of-contents\" data-id=\"1c30362\" data-element_type=\"widget\" data-e-type=\"widget\" data-settings=\"{&quot;exclude_headings_by_selector&quot;:[],&quot;no_headings_message&quot;:&quot;Na t\\u00e9to str\\u00e1nce nebyly nalezeny \\u017e\\u00e1dn\\u00e9 nadpisy.&quot;,&quot;headings_by_tags&quot;:[&quot;h2&quot;,&quot;h3&quot;],&quot;marker_view&quot;:&quot;bullets&quot;,&quot;minimize_box&quot;:&quot;yes&quot;,&quot;icon&quot;:{&quot;value&quot;:&quot;fas fa-circle&quot;,&quot;library&quot;:&quot;fa-solid&quot;,&quot;rendered_tag&quot;:&quot;&lt;svg class=\\&quot;e-font-icon-svg e-fas-circle\\&quot; viewBox=\\&quot;0 0 512 512\\&quot; xmlns=\\&quot;http:\\\/\\\/www.w3.org\\\/2000\\\/svg\\&quot;&gt;&lt;path d=\\&quot;M256 8C119 8 8 119 8 256s111 248 248 248 248-111 248-248S393 8 256 8z\\&quot;&gt;&lt;\\\/path&gt;&lt;\\\/svg&gt;&quot;},&quot;minimized_on&quot;:&quot;tablet&quot;,&quot;hierarchical_view&quot;:&quot;yes&quot;,&quot;min_height&quot;:{&quot;unit&quot;:&quot;px&quot;,&quot;size&quot;:&quot;&quot;,&quot;sizes&quot;:[]},&quot;min_height_tablet&quot;:{&quot;unit&quot;:&quot;px&quot;,&quot;size&quot;:&quot;&quot;,&quot;sizes&quot;:[]},&quot;min_height_mobile&quot;:{&quot;unit&quot;:&quot;px&quot;,&quot;size&quot;:&quot;&quot;,&quot;sizes&quot;:[]}}\" data-widget_type=\"table-of-contents.default\">\n\t\t\t\t\t\t\t\t\t<div class=\"elementor-toc__header\">\n\t\t\t\t\t\t<h2 class=\"elementor-toc__header-title\">\n\t\t\t\tObsah\t\t\t<\/h2>\n\t\t\t\t\t\t\t\t\t\t<div class=\"elementor-toc__toggle-button elementor-toc__toggle-button--expand\" role=\"button\" tabindex=\"0\" aria-controls=\"elementor-toc__1c30362\" aria-expanded=\"true\" aria-label=\"Open table of contents\"><svg aria-hidden=\"true\" class=\"e-font-icon-svg e-fas-chevron-down\" viewBox=\"0 0 448 512\" xmlns=\"http:\/\/www.w3.org\/2000\/svg\"><path d=\"M207.029 381.476L12.686 187.132c-9.373-9.373-9.373-24.569 0-33.941l22.667-22.667c9.357-9.357 24.522-9.375 33.901-.04L224 284.505l154.745-154.021c9.379-9.335 24.544-9.317 33.901.04l22.667 22.667c9.373 9.373 9.373 24.569 0 33.941L240.971 381.476c-9.373 9.372-24.569 9.372-33.942 0z\"><\/path><\/svg><\/div>\n\t\t\t\t<div class=\"elementor-toc__toggle-button elementor-toc__toggle-button--collapse\" role=\"button\" tabindex=\"0\" aria-controls=\"elementor-toc__1c30362\" aria-expanded=\"true\" aria-label=\"Close table of contents\"><svg aria-hidden=\"true\" class=\"e-font-icon-svg e-fas-chevron-up\" viewBox=\"0 0 448 512\" xmlns=\"http:\/\/www.w3.org\/2000\/svg\"><path d=\"M240.971 130.524l194.343 194.343c9.373 9.373 9.373 24.569 0 33.941l-22.667 22.667c-9.357 9.357-24.522 9.375-33.901.04L224 227.495 69.255 381.516c-9.379 9.335-24.544 9.317-33.901-.04l-22.667-22.667c-9.373-9.373-9.373-24.569 0-33.941L207.03 130.525c9.372-9.373 24.568-9.373 33.941-.001z\"><\/path><\/svg><\/div>\n\t\t\t\t\t<\/div>\n\t\t\t\t<div id=\"elementor-toc__1c30362\" class=\"elementor-toc__body\">\n\t\t\t<div class=\"elementor-toc__spinner-container\">\n\t\t\t\t<svg class=\"elementor-toc__spinner eicon-animation-spin e-font-icon-svg e-eicon-loading\" aria-hidden=\"true\" viewBox=\"0 0 1000 1000\" xmlns=\"http:\/\/www.w3.org\/2000\/svg\"><path d=\"M500 975V858C696 858 858 696 858 500S696 142 500 142 142 304 142 500H25C25 237 238 25 500 25S975 237 975 500 763 975 500 975Z\"><\/path><\/svg>\t\t\t<\/div>\n\t\t<\/div>\n\t\t\t\t\t\t<\/div>\n\t\t\t\t<\/div>\n\t\t\t\t\t<\/div>\n\t\t\t\t<\/div>\n\t\t<div class=\"elementor-element elementor-element-herorght0 e-con-full e-flex e-con e-child\" data-id=\"herorght0\" data-element_type=\"container\" data-e-type=\"container\">\n\t\t\t\t<div class=\"elementor-element elementor-element-heroimg00 iwg-hero-image elementor-widget elementor-widget-image\" data-id=\"heroimg00\" data-element_type=\"widget\" data-e-type=\"widget\" data-widget_type=\"image.default\">\n\t\t\t\t\t\t\t\t\t\t\t\t\t\t\t<img fetchpriority=\"high\" decoding=\"async\" width=\"683\" height=\"1024\" src=\"https:\/\/iwell-guard.com\/wp-content\/uploads\/2026\/04\/goetter_griechenland_persephone-683x1024.webp\" class=\"attachment-large size-large wp-image-1725\" alt=\"Persefona\" srcset=\"https:\/\/iwell-guard.com\/wp-content\/uploads\/2026\/04\/goetter_griechenland_persephone-683x1024.webp 683w, https:\/\/iwell-guard.com\/wp-content\/uploads\/2026\/04\/goetter_griechenland_persephone-200x300.webp 200w, https:\/\/iwell-guard.com\/wp-content\/uploads\/2026\/04\/goetter_griechenland_persephone-768x1152.webp 768w, https:\/\/iwell-guard.com\/wp-content\/uploads\/2026\/04\/goetter_griechenland_persephone.webp 1024w\" sizes=\"(max-width: 683px) 100vw, 683px\" \/>\t\t\t\t\t\t\t\t\t\t\t\t\t\t\t<\/div>\n\t\t\t\t<\/div>\n\t\t\t\t\t<\/div>\n\t\t\t\t<\/div>\n\t\t<div class=\"elementor-element elementor-element-32917199 e-flex e-con-boxed e-con e-parent\" data-id=\"32917199\" data-element_type=\"container\" data-e-type=\"container\">\n\t\t\t\t\t<div class=\"e-con-inner\">\n\t\t<div class=\"elementor-element elementor-element-26e916cb e-flex e-con-boxed e-con e-child\" data-id=\"26e916cb\" data-element_type=\"container\" data-e-type=\"container\">\n\t\t\t\t\t<div class=\"e-con-inner\">\n\t\t<div class=\"elementor-element elementor-element-253a40d4 e-flex e-con-boxed e-con e-child\" data-id=\"253a40d4\" data-element_type=\"container\" data-e-type=\"container\">\n\t\t\t\t\t<div class=\"e-con-inner\">\n\t\t\t\t<div class=\"elementor-element elementor-element-1200c304 elementor-widget elementor-widget-heading\" data-id=\"1200c304\" data-element_type=\"widget\" data-e-type=\"widget\" data-widget_type=\"heading.default\">\n\t\t\t\t\t<h2 class=\"elementor-heading-title elementor-size-default\">Persefona<\/h2>\t\t\t\t<\/div>\n\t\t\t\t\t<\/div>\n\t\t\t\t<\/div>\n\t\t<div class=\"elementor-element elementor-element-159dcf9a e-flex e-con-boxed e-con e-child\" data-id=\"159dcf9a\" data-element_type=\"container\" data-e-type=\"container\">\n\t\t\t\t\t<div class=\"e-con-inner\">\n\t\t\t\t<div class=\"elementor-element elementor-element-48cee66f elementor-widget elementor-widget-heading\" data-id=\"48cee66f\" data-element_type=\"widget\" data-e-type=\"widget\" data-widget_type=\"heading.default\">\n\t\t\t\t\t<h2 class=\"elementor-heading-title elementor-size-default\">Rychl\u00fd p\u0159ehled: Persefona<\/h2>\t\t\t\t<\/div>\n\t\t\t\t<div class=\"elementor-element elementor-element-3f50d82c elementor-widget elementor-widget-text-editor\" data-id=\"3f50d82c\" data-element_type=\"widget\" data-e-type=\"widget\" data-widget_type=\"text-editor.default\">\n\t\t\t\t\t\t\t\t\t<p><strong>Typ:<\/strong> Hlavn\u00ed \u0159eck\u00e9 bo\u017estvo, bohyn\u011b podsv\u011bt\u00ed a vegetace<br><span class=\"iwg-fachbegriff\" data-tooltip=\"Souhrn v\u0161ech boh\u016f ur\u010dit\u00e9ho n\u00e1bo\u017eenstv\u00ed nebo kultury.\" tabindex=\"0\">Panteon<\/span>: \u0158ecko (Olymp a podsv\u011bt\u00ed)<br>Funkce: Kr\u00e1lovna podsv\u011bt\u00ed, r\u016fst a odum\u00edr\u00e1n\u00ed vegetace, myst\u00e9ria<br>Hlavn\u00ed atributy: gran\u00e1tov\u00e9 jablko, pochode\u0148, v\u011bnec z klas\u016f<br>Hlavn\u00ed kultovn\u00ed m\u00edsta: Eleusis, Lokroi Epizephyrioi, Sic\u00edlie (Enna)<br>\u0158\u00edmsk\u00fd prot\u011bj\u0161ek: Proserpina<\/p>\t\t\t\t\t\t\t\t<\/div>\n\t\t\t\t\t<\/div>\n\t\t\t\t<\/div>\n\t\t\t\t\t<\/div>\n\t\t\t\t<\/div>\n\t\t\t\t\t<\/div>\n\t\t\t\t<\/div>\n\t\t<div class=\"elementor-element elementor-element-18613602 e-flex e-con-boxed e-con e-parent\" data-id=\"18613602\" data-element_type=\"container\" data-e-type=\"container\">\n\t\t\t\t\t<div class=\"e-con-inner\">\n\t\t\t\t<div class=\"elementor-element elementor-element-262b8a9f elementor-widget elementor-widget-heading\" data-id=\"262b8a9f\" data-element_type=\"widget\" data-e-type=\"widget\" data-widget_type=\"heading.default\">\n\t\t\t\t\t<h2 class=\"elementor-heading-title elementor-size-default\">Kontext<\/h2>\t\t\t\t<\/div>\n\t\t<div class=\"elementor-element elementor-element-46dcb7d e-con-full e-flex e-con e-child\" data-id=\"46dcb7d\" data-element_type=\"container\" data-e-type=\"container\">\n\t\t<div class=\"elementor-element elementor-element-61d3ab3 e-flex e-con-boxed e-con e-child\" data-id=\"61d3ab3\" data-element_type=\"container\" data-e-type=\"container\">\n\t\t\t\t\t<div class=\"e-con-inner\">\n\t\t\t\t<div class=\"elementor-element elementor-element-117c166 elementor-widget elementor-widget-heading\" data-id=\"117c166\" data-element_type=\"widget\" data-e-type=\"widget\" data-widget_type=\"heading.default\">\n\t\t\t\t\t<h3 class=\"elementor-heading-title elementor-size-default\">Zeitraum der Texte<\/h3>\t\t\t\t<\/div>\n\t\t\t\t<div class=\"elementor-element elementor-element-73997a0 elementor-widget elementor-widget-text-editor\" data-id=\"73997a0\" data-element_type=\"widget\" data-e-type=\"widget\" data-widget_type=\"text-editor.default\">\n\t\t\t\t\t\t\t\t\t<p><span data-nosnippet>M\u00fdty o Persefon\u011b jsou p\u00edsemn\u011b dolo\u017eeny ji\u017e od Hom\u00e9ra (8. stol. p\u0159. n. l.); hlavn\u00ed m\u00fdtus (\u00fanos H\u00e1dem) je podrobn\u011b vypr\u00e1v\u011bn v <em>Hom\u00e9rsk\u00e9m hymnu na D\u00e9m\u00e9t\u00e9r<\/em>. Eleusinsk\u00e1 myst\u00e9ria, jeden z nejv\u00fdznamn\u011bj\u0161\u00edch mysterijn\u00edch kult\u016f antick\u00e9ho sv\u011bta, se soust\u0159edila kolem p\u0159\u00edb\u011bhu matky a dcery, D\u00e9m\u00e9t\u00e9r a Persefony, a prob\u00edhala nep\u0159etr\u017eit\u011b t\u00e9m\u011b\u0159 2000 let, dokud je roku 392 n. l. nezak\u00e1zal Theodosius.<\/span><\/p>\t\t\t\t\t\t\t\t<\/div>\n\t\t\t\t\t<\/div>\n\t\t\t\t<\/div>\n\t\t<div class=\"elementor-element elementor-element-d47b156 e-flex e-con-boxed e-con e-child\" data-id=\"d47b156\" data-element_type=\"container\" data-e-type=\"container\">\n\t\t\t\t\t<div class=\"e-con-inner\">\n\t\t\t\t<div class=\"elementor-element elementor-element-ff38c2b elementor-widget elementor-widget-heading\" data-id=\"ff38c2b\" data-element_type=\"widget\" data-e-type=\"widget\" data-widget_type=\"heading.default\">\n\t\t\t\t\t<h3 class=\"elementor-heading-title elementor-size-default\">Verbreitungsraum<\/h3>\t\t\t\t<\/div>\n\t\t\t\t<div class=\"elementor-element elementor-element-4e49fcc elementor-widget elementor-widget-text-editor\" data-id=\"4e49fcc\" data-element_type=\"widget\" data-e-type=\"widget\" data-widget_type=\"text-editor.default\">\n\t\t\t\t\t\t\t\t\t<p>Nejv\u00fdznamn\u011bj\u0161\u00ed kultovn\u00ed m\u00edsto: <strong>Eleusis<\/strong> u Ath\u00e9n (nejproslulej\u0161\u00ed myst\u00e9ria). D\u00e1le: Sic\u00edlie (Enna jako m\u00edsto \u00fanosu), Lokroi Epizephyrioi (jihoitalsk\u00fd zvl\u00e1\u0161tn\u00ed <span class=\"iwg-fachbegriff\" data-tooltip=\"Souhrn n\u00e1bo\u017eensk\u00fdch \u00fakon\u016f uct\u00edv\u00e1n\u00ed ur\u010dit\u00e9ho bo\u017estva nebo posv\u00e1tn\u00e9 bytosti.\" tabindex=\"0\">kult<\/span> s pinaky), Korint, Th\u00e9by. V hel\u00e9nisticko-\u0159\u00edmsk\u00e9 dob\u011b se uct\u00edv\u00e1n\u00ed Persefony jako Proserpiny roz\u0161\u00ed\u0159ilo po cel\u00e9m St\u0159edomo\u0159\u00ed.<\/p>\t\t\t\t\t\t\t\t<\/div>\n\t\t\t\t\t<\/div>\n\t\t\t\t<\/div>\n\t\t\t\t<\/div>\n\t\t<div class=\"elementor-element elementor-element-db03c39 e-con-full e-flex e-con e-child\" data-id=\"db03c39\" data-element_type=\"container\" data-e-type=\"container\">\n\t\t<div class=\"elementor-element elementor-element-229a87b e-flex e-con-boxed e-con e-child\" data-id=\"229a87b\" data-element_type=\"container\" data-e-type=\"container\">\n\t\t\t\t\t<div class=\"e-con-inner\">\n\t\t\t\t<div class=\"elementor-element elementor-element-1f471fc elementor-widget elementor-widget-heading\" data-id=\"1f471fc\" data-element_type=\"widget\" data-e-type=\"widget\" data-widget_type=\"heading.default\">\n\t\t\t\t\t<h3 class=\"elementor-heading-title elementor-size-default\">Quellenlage<\/h3>\t\t\t\t<\/div>\n\t\t\t\t<div class=\"elementor-element elementor-element-36b1201 elementor-widget elementor-widget-text-editor\" data-id=\"36b1201\" data-element_type=\"widget\" data-e-type=\"widget\" data-widget_type=\"text-editor.default\">\n\t\t\t\t\t\t\t\t\t<p>Kl\u00ed\u010dov\u00e9 prameny: <em>Hom\u00e9rsk\u00fd hymnus na D\u00e9m\u00e9t\u00e9r<\/em> (nejdel\u0161\u00ed <span class=\"iwg-fachbegriff\" data-tooltip=\"Epocha \u0159eck\u00e9 a \u0159\u00edmsk\u00e9 kultury, p\u0159ibli\u017en\u011b 800 p\u0159. n. l. a\u017e 600 n. l.\" tabindex=\"0\">antick\u00e9<\/span> vypr\u00e1v\u011bn\u00ed <span class=\"iwg-fachbegriff\" data-tooltip=\"Tradovan\u00fd p\u0159\u00edb\u011bh o boz\u00edch, po\u010d\u00e1tc\u00edch a \u0159\u00e1du sv\u011bta.\" tabindex=\"0\">m\u00fdtu<\/span>), H\u00e9siodova <em>Theogonie<\/em>, h\u00e9sychiovsk\u00e9 glosy k eleus\u00ednsk\u00fdm ob\u0159ad\u016fm, lokrijsk\u00e9 pinaky (hlin\u011bn\u00e9 desti\u010dky s reli\u00e9fy), Pausani\u016fv <em>Popis \u0158ecka<\/em> (kapitola o Eleus\u00edn\u011b). Sekund\u00e1rn\u00ed literatura: Burkert, <em><span class=\"iwg-fachbegriff\" data-tooltip=\"Epocha \u0159eck\u00e9 a \u0159\u00edmsk\u00e9 kultury, p\u0159ibli\u017en\u011b 800 p\u0159. n. l. a\u017e 600 n. l.\" tabindex=\"0\">Antick\u00e1<\/span> myst\u00e9ria<\/em>; Foley, <em>The Homeric Hymn to Demeter<\/em>; Clinton, <em>The Eleusinian Mysteries<\/em>.<\/p>\t\t\t\t\t\t\t\t<\/div>\n\t\t\t\t\t<\/div>\n\t\t\t\t<\/div>\n\t\t\t\t<\/div>\n\t\t\t\t\t<\/div>\n\t\t\t\t<\/div>\n\t\t<div class=\"elementor-element elementor-element-3ae0637c e-flex e-con-boxed e-con e-parent\" data-id=\"3ae0637c\" data-element_type=\"container\" data-e-type=\"container\">\n\t\t\t\t\t<div class=\"e-con-inner\">\n\t\t\t\t<div class=\"elementor-element elementor-element-31d07739 elementor-widget elementor-widget-heading\" data-id=\"31d07739\" data-element_type=\"widget\" data-e-type=\"widget\" data-widget_type=\"heading.default\">\n\t\t\t\t\t<h2 class=\"elementor-heading-title elementor-size-default\">Jm\u00e9no<\/h2>\t\t\t\t<\/div>\n\t\t<div class=\"elementor-element elementor-element-b7642947 e-con-full e-flex e-con e-child\" data-id=\"b7642947\" data-element_type=\"container\" data-e-type=\"container\">\n\t\t\t\t<div class=\"elementor-element elementor-element-a086266 elementor-widget elementor-widget-text-editor\" data-id=\"a086266\" data-element_type=\"widget\" data-e-type=\"widget\" data-widget_type=\"text-editor.default\">\n\t\t\t\t\t\t\t\t\t<p>Persefona b\u00fdv\u00e1 zobrazov\u00e1na jako d\u016fstojn\u00e1 \u017eena, \u010dasto s korunou nebo diad\u00e9mem, mnohdy tr\u016fn\u00edc\u00ed po boku H\u00e1da. Jej\u00edmi atributy jsou gran\u00e1tov\u00e9 jablko (<span class=\"iwg-fachbegriff\" data-tooltip=\"Znak, kter\u00fd zastupuje ur\u010ditou my\u0161lenku nebo v\u00fdznam.\" tabindex=\"0\">symbol<\/span> jej\u00edho svazku s podsv\u011bt\u00edm), pochode\u0148 (D\u00e9m\u00e9t\u00e9r ji hledala s pochodn\u00ed), m\u00e1k a obil\u00ed.<\/p><p>V podsv\u011bt\u00ed nos\u00ed honosn\u00e1 roucha, p\u0159i sv\u00e9m pobytu na zemi je zobrazov\u00e1na jako mlad\u00e1 a rozkvetl\u00e1.<\/p>\t\t\t\t\t\t\t\t<\/div>\n\t\t\t\t<\/div>\n\t\t\t\t\t<\/div>\n\t\t\t\t<\/div>\n\t\t<div class=\"elementor-element elementor-element-709a44a8 e-flex e-con-boxed e-con e-parent\" data-id=\"709a44a8\" data-element_type=\"container\" data-e-type=\"container\">\n\t\t\t\t\t<div class=\"e-con-inner\">\n\t\t\t\t<div class=\"elementor-element elementor-element-2f585873 elementor-widget elementor-widget-heading\" data-id=\"2f585873\" data-element_type=\"widget\" data-e-type=\"widget\" data-widget_type=\"heading.default\">\n\t\t\t\t\t<h2 class=\"elementor-heading-title elementor-size-default\">Povahov\u00e9 rysy<\/h2>\t\t\t\t<\/div>\n\t\t<div class=\"elementor-element elementor-element-70621c12 e-con-full e-flex e-con e-child\" data-id=\"70621c12\" data-element_type=\"container\" data-e-type=\"container\">\n\t\t\t\t<div class=\"elementor-element elementor-element-4296eb49 elementor-widget elementor-widget-text-editor\" data-id=\"4296eb49\" data-element_type=\"widget\" data-e-type=\"widget\" data-widget_type=\"text-editor.default\">\n\t\t\t\t\t\t\t\t\t<p>Persefona vl\u00e1dne podsv\u011bt\u00ed spole\u010dn\u011b s H\u00e1dem. Nen\u00ed krut\u00e1, n\u00fdbr\u017e spravedliv\u00e1, naslouch\u00e1 prosb\u00e1m zesnul\u00fdch a m\u00edrn\u00ed p\u0159\u00edsnost sv\u00e9ho man\u017eela. V Eleusin\u011b se konaly mysterijn\u00ed ob\u0159ady, kter\u00e9 znovu ztv\u00e1r\u0148ovaly Persefonin sestup a n\u00e1vrat a slibovaly v\u011b\u0159\u00edc\u00edm nad\u011bji na sp\u00e1su v posmrtn\u00e9m \u017eivot\u011b.<\/p><p>Persefonin n\u00e1vrat z H\u00e1dovy \u0159\u00ed\u0161e na zem ohla\u0161uje jaro, jej\u00ed odchod do hlubin podzim. Jej\u00ed p\u0159\u00edb\u011bh ch\u00e1pe utrpen\u00ed jako nutn\u00e9 a prom\u011b\u0148uje je d\u016fstojnost\u00ed.<\/p><p><strong>Vzhled a symbolika<\/strong><\/p><p>Persefona je zobrazov\u00e1na jako kr\u00e1sn\u00e1, elegantn\u00ed \u017eena, n\u011bkdy mlad\u00e1 a ozdoben\u00e1 kv\u011btinami (jako Kor\u00e9), jindy zralej\u0161\u00ed a korunovan\u00e1 ti\u00e1rou (jako kr\u00e1lovna podsv\u011bt\u00ed). Gran\u00e1tov\u00e9 jablko je jej\u00edm hlavn\u00edm atributem, plod, jeho\u017e zrna sn\u011bdla a jen\u017e zpe\u010detil jej\u00ed svazek s H\u00e1dem. Pochode\u0148 (podobn\u011b jako u D\u00e9m\u00e9t\u00e9r) symbolizuje jej\u00ed cesty mezi sv\u011bty.<\/p><p>Obil\u00ed a m\u00e1k jsou j\u00ed posv\u00e1tn\u00e9, stejn\u011b jako narcis, kv\u011btina, kterou trhala ve chv\u00edli, kdy ji H\u00e1d\u00e9s unesl. Jej\u00ed barva se m\u011bn\u00ed: b\u00edl\u00e1 nebo kr\u00e9mov\u00e1 jako panny, tmav\u011b \u010derven\u00e1 nebo \u010dern\u00e1 jako kr\u00e1lovny podsv\u011bt\u00ed. Zt\u011bles\u0148uje samotnou prom\u011bnu, pro\u017e\u00edv\u00e1n\u00ed ztr\u00e1ty i obnovy, nikoli jen jeden z t\u011bchto stav\u016f.<\/p>\t\t\t\t\t\t\t\t<\/div>\n\t\t\t\t<\/div>\n\t\t\t\t\t<\/div>\n\t\t\t\t<\/div>\n\t\t<div class=\"elementor-element elementor-element-44e71476 e-flex e-con-boxed e-con e-parent\" data-id=\"44e71476\" data-element_type=\"container\" data-e-type=\"container\">\n\t\t\t\t\t<div class=\"e-con-inner\">\n\t\t\t\t<div class=\"elementor-element elementor-element-3c1fc3f0 elementor-widget elementor-widget-heading\" data-id=\"3c1fc3f0\" data-element_type=\"widget\" data-e-type=\"widget\" data-widget_type=\"heading.default\">\n\t\t\t\t\t<h2 class=\"elementor-heading-title elementor-size-default\">Profil: Persefona<\/h2>\t\t\t\t<\/div>\n\t\t<div class=\"elementor-element elementor-element-84f33b8e e-con-full e-flex e-con e-child\" data-id=\"84f33b8e\" data-element_type=\"container\" data-e-type=\"container\">\n\t\t\t\t<div class=\"elementor-element elementor-element-hqkdc67p elementor-widget elementor-widget-text-editor\" data-id=\"hqkdc67p\" data-element_type=\"widget\" data-e-type=\"widget\" data-widget_type=\"text-editor.default\">\n\t\t\t\t\t\t\t\t\t<p>Nejd\u016fle\u017eit\u011bj\u0161\u00ed aspekty Persefony na jeden pohled. N\u00e1sleduj\u00edc\u00ed pole shrnuj\u00ed jej\u00ed p\u016fvod, funkci, vzhled, uct\u00edv\u00e1n\u00ed, symboly a paralely.<\/p>\t\t\t\t\t\t\t\t<\/div>\n\t\t\t\t<\/div>\n\t\t<div class=\"elementor-element elementor-element-pemmx7c5 e-con-full e-flex e-con e-child\" data-id=\"pemmx7c5\" data-element_type=\"container\" data-e-type=\"container\">\n\t\t<div class=\"elementor-element elementor-element-pemmx7c1 e-con-full e-flex e-con e-child\" data-id=\"pemmx7c1\" data-element_type=\"container\" data-e-type=\"container\">\n\t\t<div class=\"elementor-element elementor-element-qh9oavvu iwg-steckbrief-card e-flex e-con-boxed e-con e-child\" data-id=\"qh9oavvu\" data-element_type=\"container\" data-e-type=\"container\">\n\t\t\t\t\t<div class=\"e-con-inner\">\n\t\t\t\t<div class=\"elementor-element elementor-element-awzx8k2k elementor-widget elementor-widget-heading\" data-id=\"awzx8k2k\" data-element_type=\"widget\" data-e-type=\"widget\" data-widget_type=\"heading.default\">\n\t\t\t\t\t<div class=\"elementor-heading-title elementor-size-default\">Persefonin p\u016fvod<\/div>\t\t\t\t<\/div>\n\t\t\t\t<div class=\"elementor-element elementor-element-x6rowhv0 elementor-widget elementor-widget-text-editor\" data-id=\"x6rowhv0\" data-element_type=\"widget\" data-e-type=\"widget\" data-widget_type=\"text-editor.default\">\n\t\t\t\t\t\t\t\t\t<p>Persefona je dcerou Dia a D\u00e9m\u00e9t\u00e9r. V \u00fast\u0159edn\u00edm <span class=\"iwg-fachbegriff\" data-tooltip=\"Tradovan\u00e9 vypr\u00e1v\u011bn\u00ed o boz\u00edch, po\u010d\u00e1tc\u00edch a uspo\u0159\u00e1d\u00e1n\u00ed sv\u011bta.\" tabindex=\"0\">m\u00fdtu<\/span> ji n\u00e1sil\u00edm unese <em>H\u00e1d\u00e9s<\/em>, vl\u00e1dce podsv\u011bt\u00ed; jej\u00ed matka D\u00e9m\u00e9t\u00e9r ji zoufale hled\u00e1 a nech\u00e1 vadnout ve\u0161kerou vegetaci.<\/p><p>Nakonec je zprost\u0159edkov\u00e1n kompromis: Persefona tr\u00e1v\u00ed t\u0159etinu roku u H\u00e1da (zima) a dv\u011b t\u0159etiny u D\u00e9m\u00e9t\u00e9r (l\u00e9to). Gran\u00e1tov\u00e9 jablko, z n\u011bho\u017e v podsv\u011bt\u00ed j\u00ed, ji nav\u017edy v\u00e1\u017ee k H\u00e1dovi.<\/p>\t\t\t\t\t\t\t\t<\/div>\n\t\t\t\t\t<\/div>\n\t\t\t\t<\/div>\n\t\t<div class=\"elementor-element elementor-element-8e3o4kxs iwg-steckbrief-card e-flex e-con-boxed e-con e-child\" data-id=\"8e3o4kxs\" data-element_type=\"container\" data-e-type=\"container\">\n\t\t\t\t\t<div class=\"e-con-inner\">\n\t\t\t\t<div class=\"elementor-element elementor-element-08rkdgov elementor-widget elementor-widget-heading\" data-id=\"08rkdgov\" data-element_type=\"widget\" data-e-type=\"widget\" data-widget_type=\"heading.default\">\n\t\t\t\t\t<div class=\"elementor-heading-title elementor-size-default\">Vztahuje se na<\/div>\t\t\t\t<\/div>\n\t\t\t\t<div class=\"elementor-element elementor-element-uwjelx8s elementor-widget elementor-widget-text-editor\" data-id=\"uwjelx8s\" data-element_type=\"widget\" data-e-type=\"widget\" data-widget_type=\"text-editor.default\">\n\t\t\t\t\t\t\t\t\t<p>Kr\u00e1lovna podsv\u011bt\u00ed (aspekt Kor\u00e9 v\u016f\u010di aspektu Persefony, panna a vl\u00e1dkyn\u011b). V eleusinsk\u00e9 tradici prost\u0159ednice mezi \u017eivotem a smrt\u00ed, myst\u00e9ria slibovala zasv\u011bcen\u00fdm \u0161\u0165astn\u00fd posmrtn\u00fd \u017eivot pod jej\u00edm patron\u00e1tem. Spojen\u00ed s kolob\u011bhem plodnosti: r\u016fst a vadnut\u00ed rostlinn\u00e9 \u0159\u00ed\u0161e podle jej\u00ed p\u0159\u00edtomnosti a nep\u0159\u00edtomnosti na zemi. Na Sic\u00edlii ochr\u00e1nkyn\u011b panen.<\/p>\t\t\t\t\t\t\t\t<\/div>\n\t\t\t\t\t<\/div>\n\t\t\t\t<\/div>\n\t\t<div class=\"elementor-element elementor-element-jm2n74ec iwg-steckbrief-card e-flex e-con-boxed e-con e-child\" data-id=\"jm2n74ec\" data-element_type=\"container\" data-e-type=\"container\">\n\t\t\t\t\t<div class=\"e-con-inner\">\n\t\t\t\t<div class=\"elementor-element elementor-element-8vufse4c elementor-widget elementor-widget-heading\" data-id=\"8vufse4c\" data-element_type=\"widget\" data-e-type=\"widget\" data-widget_type=\"heading.default\">\n\t\t\t\t\t<div class=\"elementor-heading-title elementor-size-default\">Zobrazen\u00ed<\/div>\t\t\t\t<\/div>\n\t\t\t\t<div class=\"elementor-element elementor-element-mwb9u015 elementor-widget elementor-widget-text-editor\" data-id=\"mwb9u015\" data-element_type=\"widget\" data-e-type=\"widget\" data-widget_type=\"text-editor.default\">\n\t\t\t\t\t\t\t\t\t<p>Mlad\u00e1 \u017eena, \u010dasto s gran\u00e1tov\u00fdm jablkem v ruce, v\u011bncem z klas\u016f nebo pochodn\u00ed. Ve sv\u00e9 podsv\u011btn\u00ed podob\u011b tr\u016fn\u00edc\u00ed vedle H\u00e1da, \u010dasto s v\u00e1\u017en\u00fdm v\u00fdrazem ve tv\u00e1\u0159i. Na lokrijsk\u00fdch pinak\u00e1ch je \u010dasto zobrazena ve sc\u00e9n\u011b svatby s H\u00e1dem. Jako Kor\u00e9 (Panna) s polos-korunou (vysok\u00fdm v\u00e1lcovit\u00fdm kloboukem). \u010casto doprov\u00e1zena Hekat\u00e9 (s pochodn\u00ed) a Hermem (jako pr\u016fvodcem zp\u011bt do sv\u011bta \u017eiv\u00fdch).<\/p>\t\t\t\t\t\t\t\t<\/div>\n\t\t\t\t\t<\/div>\n\t\t\t\t<\/div>\n\t\t\t\t<\/div>\n\t\t<div class=\"elementor-element elementor-element-pemmx7c2 e-con-full e-flex e-con e-child\" data-id=\"pemmx7c2\" data-element_type=\"container\" data-e-type=\"container\">\n\t\t<div class=\"elementor-element elementor-element-37ss2yr6 iwg-steckbrief-card e-flex e-con-boxed e-con e-child\" data-id=\"37ss2yr6\" data-element_type=\"container\" data-e-type=\"container\">\n\t\t\t\t\t<div class=\"e-con-inner\">\n\t\t\t\t<div class=\"elementor-element elementor-element-3v0wp3wx elementor-widget elementor-widget-heading\" data-id=\"3v0wp3wx\" data-element_type=\"widget\" data-e-type=\"widget\" data-widget_type=\"heading.default\">\n\t\t\t\t\t<div class=\"elementor-heading-title elementor-size-default\">Funkce<\/div>\t\t\t\t<\/div>\n\t\t\t\t<div class=\"elementor-element elementor-element-w3247g2m elementor-widget elementor-widget-text-editor\" data-id=\"w3247g2m\" data-element_type=\"widget\" data-e-type=\"widget\" data-widget_type=\"text-editor.default\">\n\t\t\t\t\t\t\t\t\t<p><strong>Oblast p\u016fsobnosti:<\/strong> Persefona byla centr\u00e1ln\u00ed postavou eleus\u00ednsk\u00fdch myst\u00e9ri\u00ed, zasv\u011bcenci z cel\u00e9ho St\u0159edomo\u0159\u00ed cestovali do Eleus\u00edny, aby za\u017eili dev\u00edtidenn\u00ed tajn\u00fd ob\u0159ad.<\/p><p>V osobn\u00edm <span class=\"iwg-fachbegriff\" data-tooltip=\"Souhrn n\u00e1bo\u017eensk\u00fdch \u00factypln\u00fdch \u00fakon\u016f v\u016f\u010di bo\u017estvu nebo svat\u00e9 postav\u011b.\" tabindex=\"0\">kultu<\/span> byla vz\u00fdv\u00e1na \u017eenami p\u0159ed svatbou (aspekt panny p\u0159ech\u00e1zej\u00edc\u00ed do nov\u00e9 \u017eivotn\u00ed f\u00e1ze). V <span class=\"iwg-fachbegriff\" data-tooltip=\"Souhrn n\u00e1bo\u017eensk\u00fdch \u00factypln\u00fdch \u00fakon\u016f v\u016f\u010di bo\u017estvu nebo svat\u00e9 postav\u011b.\" tabindex=\"0\">kultu<\/span> mrtv\u00fdch byla ochr\u00e1nkyn\u00ed zesnul\u00fdch, hrobov\u00e9 v\u00fdbavy se symbolikou gran\u00e1tov\u00e9ho jablka jsou v \u0159eck\u00fdch hrobech \u010dast\u00e9.<\/p>\t\t\t\t\t\t\t\t<\/div>\n\t\t\t\t\t<\/div>\n\t\t\t\t<\/div>\n\t\t<div class=\"elementor-element elementor-element-0qpjal9w iwg-steckbrief-card e-flex e-con-boxed e-con e-child\" data-id=\"0qpjal9w\" data-element_type=\"container\" data-e-type=\"container\">\n\t\t\t\t\t<div class=\"e-con-inner\">\n\t\t\t\t<div class=\"elementor-element elementor-element-6ndoih0o elementor-widget elementor-widget-heading\" data-id=\"6ndoih0o\" data-element_type=\"widget\" data-e-type=\"widget\" data-widget_type=\"heading.default\">\n\t\t\t\t\t<div class=\"elementor-heading-title elementor-size-default\">Ochrana<\/div>\t\t\t\t<\/div>\n\t\t\t\t<div class=\"elementor-element elementor-element-6684tyh9 elementor-widget elementor-widget-text-editor\" data-id=\"6684tyh9\" data-element_type=\"widget\" data-e-type=\"widget\" data-widget_type=\"text-editor.default\">\n\t\t\t\t\t\t\t\t\t<p>Gran\u00e1tov\u00e9 jablko (vazebn\u00fd <span class=\"iwg-fachbegriff\" data-tooltip=\"Znak, kter\u00fd zastupuje p\u0159edstavu nebo v\u00fdznam.\" tabindex=\"0\">symbol<\/span> k podsv\u011bt\u00ed), pochode\u0148 (D\u00e9m\u00e9t\u00e9rino hled\u00e1n\u00ed), v\u011bnec z klas\u016f (vegeta\u010dn\u00ed aspekt), polos-koruna, asfodel (kv\u011btina podsv\u011bt\u00ed), me\u010d (lokrijsk\u00e1 tradice). Rostliny: gran\u00e1tov\u00e9 jablko, klasy, asfodel, m\u00e1k. Svat\u00e9 zv\u00ed\u0159e: had.<\/p>\t\t\t\t\t\t\t\t<\/div>\n\t\t\t\t\t<\/div>\n\t\t\t\t<\/div>\n\t\t<div class=\"elementor-element elementor-element-3lfi7x32 iwg-steckbrief-card e-flex e-con-boxed e-con e-child\" data-id=\"3lfi7x32\" data-element_type=\"container\" data-e-type=\"container\">\n\t\t\t\t\t<div class=\"e-con-inner\">\n\t\t\t\t<div class=\"elementor-element elementor-element-0kg99ga1 elementor-widget elementor-widget-heading\" data-id=\"0kg99ga1\" data-element_type=\"widget\" data-e-type=\"widget\" data-widget_type=\"heading.default\">\n\t\t\t\t\t<div class=\"elementor-heading-title elementor-size-default\">P\u0159\u00edbuzn\u00e9 bytosti<\/div>\t\t\t\t<\/div>\n\t\t\t\t<div class=\"elementor-element elementor-element-n0fum6kp elementor-widget elementor-widget-text-editor\" data-id=\"n0fum6kp\" data-element_type=\"widget\" data-e-type=\"widget\" data-widget_type=\"text-editor.default\">\n\t\t\t\t\t\t\t\t\t<p><em>Proserpina<\/em> (\u0158\u00edm, t\u00e9m\u011b\u0159 toto\u017en\u00e9 p\u0159evzet\u00ed), <em>Inanna\/I\u0161tar<\/em> (Mezopot\u00e1mie, sestup do podsv\u011bt\u00ed), <em>Ere\u0161kigal<\/em> (Mezopot\u00e1mie, kr\u00e1lovna podsv\u011bt\u00ed), <em>Hel<\/em> (germ\u00e1nsk\u00e1 mytologie, vl\u00e1dkyn\u011b podsv\u011bt\u00ed), <em>S\u00edta<\/em> (hinduismus, spojen\u00ed se zem\u00ed, zmizen\u00ed v zemi), <em>Izanami<\/em> (Japonsko, stvo\u0159itelsk\u00e1 bohyn\u011b uv\u011bzn\u011bn\u00e1 v Jomi).<\/p>\t\t\t\t\t\t\t\t<\/div>\n\t\t\t\t\t<\/div>\n\t\t\t\t<\/div>\n\t\t\t\t<\/div>\n\t\t\t\t<\/div>\n\t\t\t\t\t<\/div>\n\t\t\t\t<\/div>\n\t\t<div class=\"elementor-element elementor-element-7533bc7a e-flex e-con-boxed e-con e-parent\" data-id=\"7533bc7a\" data-element_type=\"container\" data-e-type=\"container\">\n\t\t\t\t\t<div class=\"e-con-inner\">\n\t\t\t\t<div class=\"elementor-element elementor-element-2447d18d elementor-widget elementor-widget-heading\" data-id=\"2447d18d\" data-element_type=\"widget\" data-e-type=\"widget\" data-widget_type=\"heading.default\">\n\t\t\t\t\t<h2 class=\"elementor-heading-title elementor-size-default\">Praktick\u00e1 ochrana<\/h2>\t\t\t\t<\/div>\n\t\t<div class=\"elementor-element elementor-element-d5d0260c e-con-full e-flex e-con e-child\" data-id=\"d5d0260c\" data-element_type=\"container\" data-e-type=\"container\">\n\t\t\t\t<div class=\"elementor-element elementor-element-341be2ac elementor-widget elementor-widget-text-editor\" data-id=\"341be2ac\" data-element_type=\"widget\" data-e-type=\"widget\" data-widget_type=\"text-editor.default\">\n\t\t\t\t\t\t\t\t\t<p><strong>Ochrann\u00e9 ritu\u00e1ly<\/strong><\/p><p>Persefona, vl\u00e1dkyn\u011b podsv\u011bt\u00ed, nebyla ani tak p\u0159edm\u011btem obrann\u00fdch, jako sp\u00ed\u0161e smi\u0159uj\u00edc\u00edch ob\u0159ad\u016f. Proto\u017ee se jej\u00ed jm\u00e9no v b\u011b\u017en\u00e9m \u017eivot\u011b vyslovovalo s opatrnost\u00ed, \u010dasto ji eufemisticky naz\u00fdvali Kor\u00e9, \u201ed\u00edvka\u201c, co\u017e byla jazykov\u00e1 forma \u00facty v\u016f\u010di podzemn\u00edm mocnostem.<\/p><p>V eleus\u00ednsk\u00fdch myst\u00e9ri\u00edch st\u00e1la v centru pozornosti nad\u011bje na dobr\u00fd osud v posmrtn\u00e9m \u017eivot\u011b, nikoli obrana.<\/p><p>V\u00fdrazn\u011b apotropaickou tradici tvo\u0159\u00ed orfick\u00e9 a bakchick\u00e9 zlat\u00e9 desti\u010dky: tenk\u00e9, popsan\u00e9 zlat\u00e9 lamely, kter\u00e9 byly zesnul\u00fdm vkl\u00e1d\u00e1ny do hrobu a obsahovaly pokyny pro cestu podsv\u011bt\u00edm i osloven\u00ed Persefony. M\u011bly zesnul\u00e9mu zajistit p\u0159echod, byly tedy ochrann\u00fdm p\u0159edm\u011btem v prav\u00e9m slova smyslu.<\/p><p><strong>Vz\u00fdv\u00e1n\u00ed<\/strong><\/p><p>Eleus\u00ednsk\u00e1 myst\u00e9ria nab\u00edzela nejd\u016fle\u017eit\u011bj\u0161\u00ed kultovn\u00ed cestu, jak si naklonit Persefonu a D\u00e9m\u00e9t\u00e9r: zasv\u011bcenci si od toho slibovali lep\u0161\u00ed osud po smrti. Krom\u011b toho orfick\u00e9 zlat\u00e9 desti\u010dky obsahuj\u00ed formule, kter\u00e9 vkl\u00e1daly du\u0161i v podsv\u011bt\u00ed do \u00fast spr\u00e1vn\u00e9 osloven\u00ed kr\u00e1lovny, aby byla p\u0159ijata milostiv\u011b. M\u00fdtus o gran\u00e1tov\u00e9m jablku, jeho\u017e sem\u00ednka Persefonu sv\u00e1zala s podsv\u011bt\u00edm, nav\u00edc nab\u00e1dal k opatrnosti v\u016f\u010di pokrm\u016fm z \u0159\u00ed\u0161e mrtv\u00fdch.<\/p><p><strong>Amulety a ochrann\u00e9 symboly<\/strong><\/p><p>Persefona byla v \u0159eck\u00e9m kultu jako vl\u00e1dkyn\u011b podsv\u011bt\u00ed ct\u011bna s \u00factou, o obran\u011b nemohla b\u00fdt \u0159e\u010d: \u010dasto ji naz\u00fdvali jen Kor\u00e9, d\u00edvka, nebo ji opisovali dob\u0159e m\u00edn\u011bn\u00fdmi p\u0159\u00edvlastky, aby se vyhnuli jej\u00edmu skute\u010dn\u00e9mu jm\u00e9nu. Ochranu p\u0159i styku s jej\u00ed dom\u00e9nou hledali \u0158ekov\u00e9 prost\u0159ednictv\u00edm spr\u00e1vn\u00fdch poh\u0159ebn\u00edch a posmrtn\u00fdch ob\u0159ad\u016f, kter\u00e9 zesnul\u00fdm zaji\u0161\u0165ovaly p\u0159echod. Kletebn\u00ed desti\u010dky (defixiones) naopak ukazuj\u00ed, \u017ee ji bylo mo\u017en\u00e9 tak\u00e9 c\u00edlen\u011b vz\u00fdvat, proto platilo za p\u0159\u00edkaz zach\u00e1zet s jej\u00edm jm\u00e9nem s respektem.<\/p><p><strong><span class=\"iwg-fachbegriff\" data-tooltip=\"Souhrn n\u00e1bo\u017eensk\u00fdch \u00factypln\u00fdch \u00fakon\u016f v\u016f\u010di bo\u017estvu nebo svat\u00e9 postav\u011b.\" tabindex=\"0\">Kult<\/span> a uct\u00edv\u00e1n\u00ed<\/strong><\/p><p>Persefona byla centr\u00e1ln\u00ed postavou eleus\u00ednsk\u00fdch myst\u00e9ri\u00ed, mo\u017en\u00e1 je\u0161t\u011b v\u00edce ne\u017e jej\u00ed matka D\u00e9m\u00e9t\u00e9r. Jej\u00ed \u00fanos a n\u00e1vrat byly dramaticky znovu p\u0159edv\u00e1d\u011bny a zasv\u011bcenci za\u017e\u00edvali tuto cestu v ritu\u00e1ln\u00ed podob\u011b. Anthesterie, sv\u00e1tek zasv\u011bcen\u00fd Persefon\u011b a podsv\u011btn\u00edm boh\u016fm, byla dobou, kdy se hranice mezi \u017eivotem a smrt\u00ed st\u00e1vala tenkou.<\/p><p>\u017deny se modlily k Persefon\u011b v obdob\u00ed puberty a s\u0148atku jako k ochr\u00e1nkyni p\u0159echodu do \u017eenstv\u00ed. Podoba Kor\u00e9 byla uct\u00edv\u00e1na jako ochr\u00e1nkyn\u011b panenstv\u00ed, podoba kr\u00e1lovny H\u00e1dovy jako ochr\u00e1nkyn\u011b man\u017eelstv\u00ed a mate\u0159stv\u00ed. Kn\u011b\u017eky zprost\u0159edkov\u00e1valy jej\u00ed dualitu jako integraci, nikoli jako rozpor.<\/p>\t\t\t\t\t\t\t\t<\/div>\n\t\t\t\t<\/div>\n\t\t\t\t\t<\/div>\n\t\t\t\t<\/div>\n\t\t<div class=\"elementor-element elementor-element-5a584676 e-flex e-con-boxed e-con e-parent\" data-id=\"5a584676\" data-element_type=\"container\" data-e-type=\"container\">\n\t\t\t\t\t<div class=\"e-con-inner\">\n\t\t\t\t<div class=\"elementor-element elementor-element-6d0757bf elementor-widget elementor-widget-heading\" data-id=\"6d0757bf\" data-element_type=\"widget\" data-e-type=\"widget\" data-widget_type=\"heading.default\">\n\t\t\t\t\t<h2 class=\"elementor-heading-title elementor-size-default\">Persefona, paralely v jin\u00fdch kultur\u00e1ch<\/h2>\t\t\t\t<\/div>\n\t\t<div class=\"elementor-element elementor-element-60563f68 e-con-full e-flex e-con e-child\" data-id=\"60563f68\" data-element_type=\"container\" data-e-type=\"container\">\n\t\t\t\t<div class=\"elementor-element elementor-element-5a93fdd6 elementor-widget elementor-widget-text-editor\" data-id=\"5a93fdd6\" data-element_type=\"widget\" data-e-type=\"widget\" data-widget_type=\"text-editor.default\">\n\t\t\t\t\t\t\t\t\t<p>Podobn\u00e9 podsv\u011btn\u00ed bohyn\u011b se objevuj\u00ed i v jin\u00fdch kultur\u00e1ch: Inanna\/I\u0161tar (Mezopot\u00e1mie) tak\u00e9 proch\u00e1z\u00ed podsv\u011bt\u00edm; Izanami (Japonsko) vl\u00e1dne \u0159\u00ed\u0161i mrtv\u00fdch. Epizoda s gran\u00e1tov\u00fdm jablkem u Persefony p\u0159ipom\u00edn\u00e1 keltsk\u00e1 podsv\u011btn\u00ed zaklet\u00ed a indick\u00e9 m\u00fdty o \u00fanosu. Aspekt ro\u010dn\u00edho cyklu ji spojuje s rostlinn\u00fdmi bo\u017estvy, jako je Osiris nebo Dion\u00fdsos.<\/p>\t\t\t\t\t\t\t\t<\/div>\n\t\t\t\t<\/div>\n\t\t\t\t\t<\/div>\n\t\t\t\t<\/div>\n\t\t<div class=\"elementor-element elementor-element-cp8742374 e-flex e-con-boxed e-con e-parent\" data-id=\"cp8742374\" data-element_type=\"container\" data-e-type=\"container\">\n\t\t\t\t\t<div class=\"e-con-inner\">\n\t\t\t\t<div class=\"elementor-element elementor-element-cp23b39fb elementor-widget elementor-widget-heading\" data-id=\"cp23b39fb\" data-element_type=\"widget\" data-e-type=\"widget\" data-widget_type=\"heading.default\">\n\t\t\t\t\t<h2 class=\"elementor-heading-title elementor-size-default\">\u00danos Persefony v Hom\u00e9rsk\u00e9m hymnu na D\u00e9m\u00e9t\u00e9r<\/h2>\t\t\t\t<\/div>\n\t\t<div class=\"elementor-element elementor-element-cp4da9781 e-con-full e-flex e-con e-child\" data-id=\"cp4da9781\" data-element_type=\"container\" data-e-type=\"container\">\n\t\t\t\t<div class=\"elementor-element elementor-element-cp9c8ea7c elementor-widget elementor-widget-text-editor\" data-id=\"cp9c8ea7c\" data-element_type=\"widget\" data-e-type=\"widget\" data-widget_type=\"text-editor.default\">\n\t\t\t\t\t\t\t\t\t<p>Nejpodrobn\u011bj\u0161\u00ed <span class=\"iwg-fachbegriff\" data-tooltip=\"Epocha \u0159eck\u00e9 a \u0159\u00edmsk\u00e9 kultury, zhruba od 800 p\u0159. n. l. do 600 n. l.\" tabindex=\"0\">antick\u00e9<\/span> vypr\u00e1v\u011bn\u00ed o Persefon\u011b se nach\u00e1z\u00ed v takzvan\u00e9m Hom\u00e9rsk\u00e9m hymnu na <a href=\"https:\/\/iwell-guard.com\/cs\/?page_id=145314\">D\u00e9m\u00e9tru<\/a>, textu, kter\u00fd pravd\u011bpodobn\u011b vznikl v 7. nebo 6. stolet\u00ed p\u0159. n. l.<\/p><p>Popisuje, jak d\u00edvka, v hymnu nej\u010dast\u011bji naz\u00fdvan\u00e1 <em>Kor\u00e9<\/em>, tedy prost\u011b d\u00edvka, trh\u00e1 na louce kv\u011btiny. Kdy\u017e se nat\u00e1hne po zvl\u00e1\u0161\u0165 kr\u00e1sn\u00e9m narcisu, otev\u0159e se zem\u011b a <a href=\"https:\/\/iwell-guard.com\/cs\/?page_id=145243\">H\u00e1des<\/a> ji na sv\u00e9m voze unese do podsv\u011bt\u00ed.<\/p><p>D\u00e9m\u00e9tra hled\u00e1 dceru dev\u011bt dn\u00ed po cel\u00e9 zemi a nakonec se od H\u00e9lia, v\u0161evidouc\u00edho slune\u010dn\u00edho boha, dozv\u00ed, co se stalo.<\/p><p>Z hn\u011bvu a smutku se odvr\u00e1t\u00ed od boh\u016f, dopust\u00ed, aby pole z\u016fstala ne\u00farodn\u00e1, a hroz\u00ed, \u017ee vyhladov\u00ed cel\u00fd lidsk\u00fd rod. Teprve t\u00edm je Zeus donucen ustoupit a vyslat Herma do podsv\u011bt\u00ed, aby Persefonu p\u0159ivedl zp\u011bt.<\/p><p>Kl\u00ed\u010dovou epizodou je zrnko gran\u00e1tov\u00e9ho jablka. Ne\u017e Persefona opust\u00ed podsv\u011bt\u00ed, d\u00e1 j\u00ed H\u00e1des zrnko gran\u00e1tov\u00e9ho jablka k j\u00eddlu. Kdo pojedl potravu mrtv\u00fdch, je v\u00e1z\u00e1n k podsv\u011bt\u00ed. Tak vznik\u00e1 kompromis, \u017ee Persefona mus\u00ed str\u00e1vit \u010d\u00e1st roku u H\u00e1da a \u010d\u00e1st u matky.<\/p><p>Hymnus tak spojuje <span class=\"iwg-fachbegriff\" data-tooltip=\"Tradovan\u00e9 vypr\u00e1v\u011bn\u00ed o boz\u00edch, po\u010d\u00e1tc\u00edch a uspo\u0159\u00e1d\u00e1n\u00ed sv\u011bta.\" tabindex=\"0\">m\u00fdtus<\/span> p\u0159\u00edmo se zm\u011bnou ro\u010dn\u00edch obdob\u00ed a s vznikem a z\u00e1nikem vegetace. Z\u00e1rove\u0148 tvo\u0159\u00ed zakl\u00e1daj\u00edc\u00ed m\u00fdtus eleusinsk\u00fdch myst\u00e9ri\u00ed, jejich\u017e zaveden\u00ed text p\u0159ipisuje samotn\u00e9 D\u00e9m\u00e9t\u0159e.<\/p>\t\t\t\t\t\t\t\t<\/div>\n\t\t\t\t<\/div>\n\t\t\t\t\t<\/div>\n\t\t\t\t<\/div>\n\t\t<div class=\"elementor-element elementor-element-cpfe3dad8 e-flex e-con-boxed e-con e-parent\" data-id=\"cpfe3dad8\" data-element_type=\"container\" data-e-type=\"container\">\n\t\t\t\t\t<div class=\"e-con-inner\">\n\t\t\t\t<div class=\"elementor-element elementor-element-cp24a098d elementor-widget elementor-widget-heading\" data-id=\"cp24a098d\" data-element_type=\"widget\" data-e-type=\"widget\" data-widget_type=\"heading.default\">\n\t\t\t\t\t<h2 class=\"elementor-heading-title elementor-size-default\">Kr\u00e1lovna podsv\u011bt\u00ed<\/h2>\t\t\t\t<\/div>\n\t\t<div class=\"elementor-element elementor-element-cp198d44d e-con-full e-flex e-con e-child\" data-id=\"cp198d44d\" data-element_type=\"container\" data-e-type=\"container\">\n\t\t\t\t<div class=\"elementor-element elementor-element-cpe43e879 elementor-widget elementor-widget-text-editor\" data-id=\"cpe43e879\" data-element_type=\"widget\" data-e-type=\"widget\" data-widget_type=\"text-editor.default\">\n\t\t\t\t\t\t\t\t\t<p>A\u010dkoli m\u00fdtus o \u00fanosu do velk\u00e9 m\u00edry utv\u00e1\u0159\u00ed obraz Persefony, v \u017eit\u00e9 \u0159eck\u00e9 religiozit\u011b je p\u0159edev\u0161\u00edm vl\u00e1dkyn\u00ed podsv\u011bt\u00ed. Po boku H\u00e1da vl\u00e1dne nad zesnul\u00fdmi a v t\u00e9to roli se objevuje \u010dast\u011bji a s v\u011bt\u0161\u00ed \u00factou ne\u017e v podob\u011b unesen\u00e9 d\u00edvky.<\/p><p>\u0158ekov\u00e9 jej\u00ed jm\u00e9no mnohdy vyslovovali jen s nechut\u00ed a ozna\u010dovali ji opisn\u011b, nap\u0159\u00edklad jako <em>Hagn\u00e9<\/em>, \u010cistou, nebo prost\u011b jako bohyni.<\/p><p>V t\u00e9to funkci se Persefona objevuje v mnoha liter\u00e1rn\u00edch sc\u00e9n\u00e1ch. V <em>Odysseji<\/em> je to Persefona, kdo pos\u00edl\u00e1 davy mrtv\u00fdch nahoru k Odysseovi a pot\u00e9 je zase zah\u00e1n\u00ed zp\u011bt.<\/p><p>V m\u00fdtu o Orfeovi je to ona, kdo se nech\u00e1 pohnout zp\u011bvem p\u011bvce a povol\u00ed n\u00e1vrat Eurydiky. Tak\u00e9 na kletebn\u00edch desti\u010dk\u00e1ch, takzvan\u00fdch <em>defixiones<\/em>, kter\u00e9 se vkl\u00e1daly mrtv\u00fdm do hrobu, je vz\u00fdv\u00e1na jako moc, je\u017e m\u00e1 vl\u00e1du nad st\u00edny.<\/p><p>Touto dvoj\u00ed rol\u00ed, dcerou bohyn\u011b vegetace a vl\u00e1dkyn\u00ed mrtv\u00fdch, se badatel\u00e9 dlouho zab\u00fdvali. Walter Burkert ve sv\u00e9 <em>\u0158eck\u00e9 n\u00e1bo\u017eenstv\u00ed<\/em> zd\u016fraznil, \u017ee oba aspekty pat\u0159\u00ed k sob\u011b: obil\u00ed mus\u00ed sestoupit do zem\u011b, do temnoty, aby mohl vzniknout nov\u00fd \u017eivot.<\/p><p>Persefona tak zt\u011bles\u0148uje souvislost mezi smrt\u00ed a plodnost\u00ed, kterou lid\u00e9 v zem\u011bd\u011blstv\u00ed bezprost\u0159edn\u011b za\u017e\u00edvali; nelze mluvit o dvou nesouvisej\u00edc\u00edch funkc\u00edch. D\u016fstojnost, s jakou k n\u00ed \u0158ekov\u00e9 p\u0159istupovali v roli vl\u00e1dkyn\u011b podsv\u011bt\u00ed, ukazuje, \u017ee byla ch\u00e1p\u00e1na m\u00e9n\u011b jako <span class=\"iwg-fachbegriff\" data-tooltip=\"Dar bo\u017estvu vyjad\u0159uj\u00edc\u00ed d\u00edky, prosbu nebo \u00factu.\" tabindex=\"0\">ob\u011b\u0165<\/span> zlo\u010dinu a v\u00edce jako v\u00e1\u017en\u011b bran\u00e1 kosmick\u00e1 moc.<\/p>\t\t\t\t\t\t\t\t<\/div>\n\t\t\t\t<\/div>\n\t\t\t\t\t<\/div>\n\t\t\t\t<\/div>\n\t\t<div class=\"elementor-element elementor-element-cp9b8f38d e-flex e-con-boxed e-con e-parent\" data-id=\"cp9b8f38d\" data-element_type=\"container\" data-e-type=\"container\">\n\t\t\t\t\t<div class=\"e-con-inner\">\n\t\t\t\t<div class=\"elementor-element elementor-element-cp2bff7ff elementor-widget elementor-widget-heading\" data-id=\"cp2bff7ff\" data-element_type=\"widget\" data-e-type=\"widget\" data-widget_type=\"heading.default\">\n\t\t\t\t\t<h2 class=\"elementor-heading-title elementor-size-default\">Persefona v eleusinsk\u00fdch myst\u00e9ri\u00edch<\/h2>\t\t\t\t<\/div>\n\t\t<div class=\"elementor-element elementor-element-cp7292d98 e-con-full e-flex e-con e-child\" data-id=\"cp7292d98\" data-element_type=\"container\" data-e-type=\"container\">\n\t\t\t\t<div class=\"elementor-element elementor-element-cp6de0ebe elementor-widget elementor-widget-text-editor\" data-id=\"cp6de0ebe\" data-element_type=\"widget\" data-e-type=\"widget\" data-widget_type=\"text-editor.default\">\n\t\t\t\t\t\t\t\t\t<p><span class=\"iwg-fachbegriff\" data-tooltip=\"Svat\u00e9 m\u00edsto zasv\u011bcen\u00e9 kultu n\u011bjak\u00e9ho bo\u017estva.\" tabindex=\"0\">Svatyn\u011b<\/span> v Eleus\u00edn\u011b u Ath\u00e9n byla nejv\u00fdznamn\u011bj\u0161\u00edm m\u00edstem kultu Persefony a D\u00e9m\u00e9try v \u0159eck\u00e9m sv\u011bt\u011b.<\/p><p>Po v\u00edce ne\u017e tis\u00edc let se tam slavila eleusinsk\u00e1 myst\u00e9ria, inicia\u010dn\u00ed kult, kter\u00fd zasv\u011bcen\u00fdm, <em>mystai<\/em>, sliboval lep\u0161\u00ed vyhl\u00eddky na osud po smrti. Hymnus na D\u00e9m\u00e9tru odvozuje zalo\u017een\u00ed tohoto kultu od D\u00e9m\u00e9t\u0159ina p\u00e1tr\u00e1n\u00ed po dce\u0159i.<\/p><p>O p\u0159esn\u00e9m pr\u016fb\u011bhu tajn\u00fdch ob\u0159ad\u016f se toho v\u00ed jen m\u00e1lo, proto\u017ee zasv\u011bcen\u00ed byli zav\u00e1z\u00e1ni k ml\u010den\u00ed a tento z\u00e1vazek pozoruhodn\u011b d\u016fsledn\u011b dodr\u017eovali.<\/p><p>Jist\u00fd je vn\u011bj\u0161\u00ed r\u00e1mec: <span class=\"iwg-fachbegriff\" data-tooltip=\"Slavnostn\u00ed n\u00e1bo\u017eensk\u00fd pr\u016fvod.\" tabindex=\"0\">proces\u00ed<\/span> z Ath\u00e9n do Eleus\u00edny po Svat\u00e9 cest\u011b, obdob\u00ed postu, zvl\u00e1\u0161tn\u00ed n\u00e1poj <em>kykeon<\/em> a no\u010dn\u00ed oslavy v Telest\u00e9riu, velk\u00e9 inicia\u010dn\u00ed s\u00edni. Ve st\u0159edu ob\u0159adu z\u0159ejm\u011b st\u00e1lo p\u0159edveden\u00ed nebo zp\u0159\u00edtomn\u011bn\u00ed osudu obou bohy\u0148, od rozlou\u010den\u00ed a\u017e po op\u011btovn\u00e9 shled\u00e1n\u00ed.<\/p><p>Badatel\u00e9 se ji\u017e dlouho zab\u00fdvaj\u00ed ot\u00e1zkou, co bylo zasv\u011bcen\u00fdm skute\u010dn\u011b p\u0159isl\u00edbeno a v \u010dem tato zku\u0161enost spo\u010d\u00edvala. <span class=\"iwg-fachbegriff\" data-tooltip=\"Epocha \u0159eck\u00e9 a \u0159\u00edmsk\u00e9 kultury, zhruba od 800 p\u0159. n. l. do 600 n. l.\" tabindex=\"0\">Antick\u00e1<\/span> sv\u011bdectv\u00ed od Pindara a\u017e po k\u0159es\u0165ansk\u00e9 autory nazna\u010duj\u00ed, \u017ee myst\u00e9ria p\u0159in\u00e1\u0161ela \u00fat\u011bchu v\u016f\u010di smrti.<\/p><p>N\u00e1vrat Persefony z podsv\u011bt\u00ed slou\u017eil jako obraz nad\u011bje, \u017ee ani lidsk\u00e1 smrt nen\u00ed posledn\u00edm slovem.<\/p><p>D\u016fle\u017eit\u00e9 je v\u011bcn\u00e9 konstatov\u00e1n\u00ed, \u017ee centr\u00e1ln\u00ed ob\u0159adn\u00ed d\u011bn\u00ed nezn\u00e1me. V\u0161echny modern\u00ed v\u00fdklady, od racionalistick\u00fdch a\u017e po ty, kter\u00e9 v <em>kykeonu<\/em> p\u0159edpokl\u00e1daj\u00ed rostlinnou opojnou l\u00e1tku, z\u016fst\u00e1vaj\u00ed hypot\u00e9zami, je\u017e se pot\u00fdkaj\u00ed se z\u00e1m\u011brn\u011b mezerovit\u00fdm stavem pramen\u016f.<\/p>\t\t\t\t\t\t\t\t<\/div>\n\t\t\t\t<\/div>\n\t\t\t\t\t<\/div>\n\t\t\t\t<\/div>\n\t\t<div class=\"elementor-element elementor-element-cp60fe985 e-flex e-con-boxed e-con e-parent\" data-id=\"cp60fe985\" data-element_type=\"container\" data-e-type=\"container\">\n\t\t\t\t\t<div class=\"e-con-inner\">\n\t\t\t\t<div class=\"elementor-element elementor-element-cp75c4864 elementor-widget elementor-widget-heading\" data-id=\"cp75c4864\" data-element_type=\"widget\" data-e-type=\"widget\" data-widget_type=\"heading.default\">\n\t\t\t\t\t<h2 class=\"elementor-heading-title elementor-size-default\">Ikonografie a kult na Sic\u00edlii a v ji\u017en\u00ed It\u00e1lii<\/h2>\t\t\t\t<\/div>\n\t\t<div class=\"elementor-element elementor-element-cp2b58f9b e-con-full e-flex e-con e-child\" data-id=\"cp2b58f9b\" data-element_type=\"container\" data-e-type=\"container\">\n\t\t\t\t<div class=\"elementor-element elementor-element-cpbe4c059 elementor-widget elementor-widget-text-editor\" data-id=\"cpbe4c059\" data-element_type=\"widget\" data-e-type=\"widget\" data-widget_type=\"text-editor.default\">\n\t\t\t\t\t\t\t\t\t<p>Ve v\u00fdtvarn\u00e9m um\u011bn\u00ed se Persefona objevuje ve dvou z\u00e1kladn\u00edch typech. Jako K\u00f3r\u00e9 je to mlad\u00e1 \u017eensk\u00e1 postava, \u010dasto s klasy, pochodn\u00ed nebo kv\u011btinami, kterou lze jen t\u011b\u017eko odli\u0161it od jin\u00fdch mlad\u00fdch bohy\u0148.<\/p><p>Jako kr\u00e1lovna podsv\u011bt\u00ed tr\u016fn\u00ed vedle H\u00e1da, \u010dasto se \u017eezlem, n\u011bkdy s gran\u00e1tov\u00fdm jablkem jako atributem. V\u00e1zov\u00e9 malby z 5. a 4. stolet\u00ed p\u0159. Kr. opakovan\u011b zobrazuj\u00ed \u00fanos H\u00e1dem, v\u016fz, otev\u0159enou zemi a hledaj\u00edc\u00ed D\u00e9m\u00e9tru.<\/p><p>Zvl\u00e1\u0161\u0165 intenzivn\u00ed byla uct\u00edv\u00e1n\u00ed na Sic\u00edlii a v \u0159eck\u00fdch m\u011bstech ji\u017en\u00ed It\u00e1lie. Sic\u00edlie byla pova\u017eov\u00e1na za obl\u00edben\u00e9 d\u011bji\u0161t\u011b \u00fanosu; oblast kolem jezera Pergusa u Enny byla ztoto\u017e\u0148ov\u00e1na s kvetouc\u00ed loukou.<\/p><p>V Lokroi Epizephyrioi v Kal\u00e1brii bylo nalezeno velk\u00e9 mno\u017estv\u00ed hlin\u011bn\u00fdch desti\u010dek, tzv. pinak\u016f, kter\u00e9 zobrazuj\u00ed v\u00fdjevy z m\u00fdtu o Persefon\u011b a jej\u00edm <span class=\"iwg-fachbegriff\" data-tooltip=\"Souhrn n\u00e1bo\u017eensk\u00fdch \u00factyhodn\u00fdch \u00fakon\u016f v\u011bnovan\u00fdch bo\u017estvu nebo svat\u00e9 postav\u011b.\" tabindex=\"0\">kultu<\/span>. Poskytuj\u00ed vz\u00e1cn\u00fd pohled do my\u0161lenkov\u00e9ho sv\u011bta m\u00edstn\u00ed obce a spojuj\u00ed Persefonu i se svatbou a man\u017eelsk\u00fdm \u017eivotem.<\/p><p>V\u00fdznam Persefony v tomto regionu souvis\u00ed s hospod\u00e1\u0159skou strukturou. Sic\u00edlie byla jednou z velk\u00fdch obilnic antick\u00e9ho sv\u011bta, a bohyn\u011b, kter\u00e1 byla zodpov\u011bdn\u00e1 za obil\u00ed a za oblast pod zem\u00ed, tu m\u011bla pevn\u00e9 m\u00edsto.<\/p><p>Cicero ve sv\u00fdch \u0159e\u010dech proti Verrovi podrobn\u011b vypr\u00e1v\u00ed o slavn\u00e9 <span class=\"iwg-fachbegriff\" data-tooltip=\"Svat\u00e9 m\u00edsto zasv\u011bcen\u00e9 uct\u00edv\u00e1n\u00ed bo\u017estva.\" tabindex=\"0\">svatyni<\/span> bohyn\u011b u Enny a o rouh\u00e1n\u00ed, jeho\u017e se na n\u00ed dopustil \u0159\u00edmsk\u00fd m\u00edstodr\u017eitel. Takov\u00e1 sv\u011bdectv\u00ed ukazuj\u00ed, \u017ee Persefona byla mnohem v\u00edc ne\u017e postavou b\u00e1snictv\u00ed: byla mocnost\u00ed, jej\u00ed\u017e svatyn\u011b si i v \u0159\u00edmsk\u00e9 dob\u011b udr\u017eely v\u00e1\u017enost a bohatstv\u00ed.<\/p>\t\t\t\t\t\t\t\t<\/div>\n\t\t\t\t<\/div>\n\t\t\t\t\t<\/div>\n\t\t\t\t<\/div>\n\t\t<div class=\"elementor-element elementor-element-36dd7469 e-flex e-con-boxed e-con e-parent\" data-id=\"36dd7469\" data-element_type=\"container\" data-e-type=\"container\">\n\t\t\t\t\t<div class=\"e-con-inner\">\n\t\t\t\t<div class=\"elementor-element elementor-element-13760ab4 elementor-widget elementor-widget-heading\" data-id=\"13760ab4\" data-element_type=\"widget\" data-e-type=\"widget\" data-widget_type=\"heading.default\">\n\t\t\t\t\t<h2 class=\"elementor-heading-title elementor-size-default\">Souvisej\u00edc\u00ed odkazy<\/h2>\t\t\t\t<\/div>\n\t\t<div class=\"elementor-element elementor-element-28c87796 e-con-full e-flex e-con e-child\" data-id=\"28c87796\" data-element_type=\"container\" data-e-type=\"container\">\n\t\t\t\t<div class=\"elementor-element elementor-element-5d6538df elementor-widget elementor-widget-text-editor\" data-id=\"5d6538df\" data-element_type=\"widget\" data-e-type=\"widget\" data-widget_type=\"text-editor.default\">\n\t\t\t\t\t\t\t\t\t<ul><li><a href=\"https:\/\/iwell-guard.com\/cs\/?page_id=145314\">D\u00e9m\u00e9tra, matka<\/a><\/li><li><a href=\"https:\/\/iwell-guard.com\/cs\/?page_id=145243\">H\u00e1d\u00e9s, man\u017eel v podsv\u011bt\u00ed<\/a><\/li><li><a href=\"https:\/\/iwell-guard.com\/cs\/?page_id=145128\">Hekat\u00e9, pr\u016fvodkyn\u011b v m\u00fdtu<\/a><\/li><li><a href=\"https:\/\/iwell-guard.com\/cs\/?page_id=145284\">Proserpina, \u0159\u00edmsk\u00fd prot\u011bj\u0161ek<\/a><\/li><li><a href=\"https:\/\/iwell-guard.com\/cs\/?page_id=145121\">\u0158ecko, p\u0159ehled panteonu<\/a><\/li><li><a href=\"https:\/\/iwell-guard.com\/cs\/?page_id=145205\">Bohov\u00e9, p\u0159ehled t\u0159\u00edd<\/a><\/li><\/ul>\t\t\t\t\t\t\t\t<\/div>\n\t\t\t\t<\/div>\n\t\t\t\t\t<\/div>\n\t\t\t\t<\/div>\n\t\t<div class=\"elementor-element elementor-element-grl4kl40 e-flex e-con-boxed e-con e-parent\" data-id=\"grl4kl40\" data-element_type=\"container\" data-e-type=\"container\">\n\t\t\t\t\t<div class=\"e-con-inner\">\n\t\t\t\t<div class=\"elementor-element elementor-element-bzsbfrmh elementor-widget elementor-widget-heading\" data-id=\"bzsbfrmh\" data-element_type=\"widget\" data-e-type=\"widget\" data-widget_type=\"heading.default\">\n\t\t\t\t\t<h2 class=\"elementor-heading-title elementor-size-default\">Prameny a literatura<\/h2>\t\t\t\t<\/div>\n\t\t<div class=\"elementor-element elementor-element-2c13224a e-con-full e-flex e-con e-child\" data-id=\"2c13224a\" data-element_type=\"container\" data-e-type=\"container\">\n\t\t\t\t<div class=\"elementor-element elementor-element-0eymh9ub elementor-widget elementor-widget-text-editor\" data-id=\"0eymh9ub\" data-element_type=\"widget\" data-e-type=\"widget\" data-widget_type=\"text-editor.default\">\n\t\t\t\t\t\t\t\t\t<footer class=\"iwg-literatur\" data-nosnippet=\"true\"><ul><li><span data-nosnippet>Burkert, Walter: <em><span class=\"iwg-fachbegriff\" data-tooltip=\"Epocha \u0159eck\u00e9 a \u0159\u00edmsk\u00e9 kultury, p\u0159ibli\u017en\u011b od 800 p\u0159. Kr. do 600 n. Kr.\" tabindex=\"0\">Antick\u00e9<\/span> mysteria. Funkce a obsah<\/em>. M\u00fcnchen 1990.<\/span><\/li><li><span data-nosnippet>Foley, Helene P.: <em>The Homeric Hymn to Demeter<\/em>. Princeton 1994.<\/span><\/li><li><span data-nosnippet>Clinton, Kevin: <em>Myth and Cult. The Iconography of the Eleusinian Mysteries<\/em>. Stockholm 1992.<\/span><\/li><li>Walde, Christine (ed.): <em>Der Neue Pauly<\/em> (heslo &bdquo;Persephone&ldquo;).<\/li><li>Pausanias: <em>Beschreibung Griechenlands<\/em>, kniha I (Eleusis).<\/li><\/ul><\/footer>\n<p class=\"iwg-bib-more\"><span data-nosnippet>Dal\u0161\u00ed standardn\u00ed d\u00edla v <a href=\"https:\/\/iwell-guard.com\/cs\/?page_id=145257\">seznamu literatury<\/a>.<\/span><\/p>\t\t\t\t\t\t\t\t<\/div>\n\t\t\t\t<\/div>\n\t\t\t\t\t<\/div>\n\t\t\t\t<\/div>\n\t\t<div class=\"elementor-element elementor-element-iwgkw2-add-persephone e-flex e-con-boxed e-con e-parent\" data-id=\"iwgkw2-add-persephone\" data-element_type=\"container\" data-e-type=\"container\">\n\t\t\t\t\t<div class=\"e-con-inner\">\n\t\t\t\t<div class=\"elementor-element elementor-element-iwgkw2-add-persephone-t elementor-widget elementor-widget-text-editor\" data-id=\"iwgkw2-add-persephone-t\" data-element_type=\"widget\" data-e-type=\"widget\" data-widget_type=\"text-editor.default\">\n\t\t\t\t\t\t\t\t\t<p>V \u0159eck\u00e9 <em><span class=\"iwg-fachbegriff\" data-tooltip=\"Souhrn dochovan\u00fdch vypr\u00e1v\u011bn\u00ed o boz\u00edch v dan\u00e9 kultu\u0159e.\" tabindex=\"0\">mytologii<\/span><\/em> zt\u011bles\u0148uje Persefona prom\u011bnu ro\u010dn\u00edch obdob\u00ed: jako dcera D\u00e9m\u00e9try a man\u017eelka H\u00e1da si rozd\u011bluje rok mezi sv\u011bt nad zem\u00ed a podsv\u011bt\u00ed a v eleusinsk\u00fdch myst\u00e9ri\u00edch je uct\u00edv\u00e1na jako K\u00f3r\u00e9.<\/p>\t\t\t\t\t\t\t\t<\/div>\n\t\t\t\t\t<\/div>\n\t\t\t\t<\/div>\n\t\t<div class=\"elementor-element elementor-element-c678c54 e-con-boxed e-flex e-con e-parent\" data-id=\"c678c54\" data-element_type=\"container\" data-e-type=\"container\">\n\t\t\t\t\t<div class=\"e-con-inner\">\n\t\t\t\t<div class=\"elementor-element elementor-element-c343e0f elementor-widget elementor-widget-text-editor\" data-id=\"c343e0f\" data-element_type=\"widget\" data-e-type=\"widget\" data-widget_type=\"text-editor.default\">\n\t\t\t\t\t\t\t\t\t\n<h2>\u010cast\u00e9 ot\u00e1zky o Persefon\u011b<\/h2>\n<div class=\"iwg-faq-q\"><h3>Kdo je Persefona v \u0159eck\u00e9 <span class=\"iwg-fachbegriff\" data-tooltip=\"Souhrn dochovan\u00fdch vypr\u00e1v\u011bn\u00ed o boz\u00edch v dan\u00e9 kultu\u0159e.\" tabindex=\"0\">mytologii<\/span>?<\/h3><p>Persefona (\u0159\u00edmsky Proserpina) je dcera D\u00e9m\u00e9try (bohyn\u011b \u00farody) a Dia. \u00dast\u0159edn\u00ed <span class=\"iwg-fachbegriff\" data-tooltip=\"Dochovan\u00e9 vypr\u00e1v\u011bn\u00ed o boz\u00edch, po\u010d\u00e1tc\u00edch a \u0159\u00e1du sv\u011bta.\" tabindex=\"0\">m\u00fdtus<\/span>: Persefonu unese H\u00e1d\u00e9s, vl\u00e1dce podsv\u011bt\u00ed. D\u00e9m\u00e9tra truchl\u00ed tak siln\u011b, \u017ee se zem\u011b stane suchou a ne\u00farodnou.<\/p><p>Zeus zprost\u0159edkuje dohodu, podle n\u00ed\u017e Persefona sm\u00ed str\u00e1vit dv\u011b t\u0159etiny roku u matky (jaro, l\u00e9to, podzim) a jednu t\u0159etinu jako kr\u00e1lovna podsv\u011bt\u00ed (zima). Tento <span class=\"iwg-fachbegriff\" data-tooltip=\"Dochovan\u00e9 vypr\u00e1v\u011bn\u00ed o boz\u00edch, po\u010d\u00e1tc\u00edch a \u0159\u00e1du sv\u011bta.\" tabindex=\"0\">m\u00fdtus<\/span> je n\u00e1bo\u017eensk\u00fdm vysv\u011btlen\u00edm ro\u010dn\u00edho cyklu a z\u00e1kladem eleusinsk\u00fdch myst\u00e9ri\u00ed.<\/p><\/div>\n<div class=\"iwg-faq-q\"><h3>Co byly eleusinsk\u00e9 mysterie?<\/h3><p>Eleusinsk\u00e9 mysterie byly nejv\u00fdznamn\u011bj\u0161\u00edm mysterijn\u00edm kultem antick\u00e9ho \u0158ecka, praktikovan\u00fdm t\u00e9m\u011b\u0159 dva tis\u00edce let (p\u0159ibli\u017en\u011b od 1500 p\u0159. Kr. do 392 n. Kr.).<\/p><p>Ve <span class=\"iwg-fachbegriff\" data-tooltip=\"Svat\u00e9 m\u00edsto zasv\u011bcen\u00e9 uct\u00edv\u00e1n\u00ed bo\u017estva.\" tabindex=\"0\">svatyni<\/span> v Eleusis u Ath\u00e9n pro\u017e\u00edvali zasv\u011bcenci drama D\u00e9m\u00e9try a Persefony jako <span class=\"iwg-fachbegriff\" data-tooltip=\"Ritu\u00e1ln\u00ed p\u0159echod, j\u00edm\u017e je n\u011bkdo p\u0159ijat do nov\u00e9ho stavu nebo spole\u010denstv\u00ed.\" tabindex=\"0\">iniciaci<\/span>, jako p\u0159\u00edslib, \u017ee ani smrt neznamen\u00e1 konec. P\u0159esn\u00e9 ritu\u00e1ly byly nejst\u0159e\u017e\u0161\u00edm tajemstv\u00edm (eleusinsk\u00e1 ml\u010denlivost). Mezi slavn\u00e9 zasv\u011bcence pat\u0159ili nap\u0159\u00edklad Sofokl\u00e9s, Plat\u00f3n, Cicero, Augustus a Marcus Aurelius.<\/p><\/div>\n<script type=\"application\/ld+json\">{\"@context\":\"https:\/\/schema.org\",\"@type\":\"FAQPage\",\"mainEntity\":[{\"@type\":\"Question\",\"name\":\"Kdo je Persefona v \u0159eck\u00e9 mytologii?\",\"acceptedAnswer\":{\"@type\":\"Answer\",\"text\":\"Persefona (\u0159\u00edmsky Proserpina) je dcera D\u00e9m\u00e9try (bohyn\u011b \u00farody) a Dia. \u00dast\u0159edn\u00ed m\u00fdtus: Persefonu unese H\u00e1d\u00e9s, vl\u00e1dce podsv\u011bt\u00ed. D\u00e9m\u00e9tra truchl\u00ed tak siln\u011b, \u017ee se zem\u011b stane suchou a ne\u00farodnou.Zeus zprost\u0159edkuje dohodu, podle n\u00ed\u017e Persefona sm\u00ed str\u00e1vit dv\u011b t\u0159etiny roku u matky (jaro, l\u00e9to, podzim) a jednu t\u0159etinu jako kr\u00e1lovna podsv\u011bt\u00ed (zima). Tento m\u00fdtus je n\u00e1bo\u017eensk\u00fdm vysv\u011btlen\u00edm ro\u010dn\u00edho cyklu a z\u00e1kladem eleusinsk\u00fdch myst\u00e9ri\u00ed.\"}},{\"@type\":\"Question\",\"name\":\"Co byly eleusinsk\u00e9 mysterie?\",\"acceptedAnswer\":{\"@type\":\"Answer\",\"text\":\"Eleusinsk\u00e9 mysterie byly nejv\u00fdznamn\u011bj\u0161\u00edm mysterijn\u00edm kultem antick\u00e9ho \u0158ecka, praktikovan\u00fdm t\u00e9m\u011b\u0159 dva tis\u00edce let (p\u0159ibli\u017en\u011b od 1500 p\u0159. Kr. do 392 n. Kr.).Ve svatyni v Eleusis u Ath\u00e9n pro\u017e\u00edvali zasv\u011bcenci drama D\u00e9m\u00e9try a Persefony jako iniciaci, jako p\u0159\u00edslib, \u017ee ani smrt neznamen\u00e1 konec. P\u0159esn\u00e9 ritu\u00e1ly byly nejst\u0159e\u017e\u0161\u00edm tajemstv\u00edm (eleusinsk\u00e1 ml\u010denlivost). Mezi slavn\u00e9 zasv\u011bcence pat\u0159ili nap\u0159\u00edklad Sofokl\u00e9s, Plat\u00f3n, Cicero, Augustus a Marcus Aurelius.\"}}]}<\/script>\t\t\t\t\t\t\t\t<\/div>\n\t\t\t\t\t<\/div>\n\t\t\t\t<\/div>\n\t\t\t\t<\/div>\n\t\t","protected":false},"excerpt":{"rendered":"","protected":false},"author":3,"featured_media":1725,"parent":0,"menu_order":0,"comment_status":"closed","ping_status":"closed","template":"elementor_header_footer","meta":{"_yoast_wpseo_focuskw":"Persefona","_yoast_wpseo_title":"Persefona \u2013 \u0159eck\u00e1 bohyn\u011b podsv\u011bt\u00ed","_yoast_wpseo_metadesc":"Dcera D\u00e9m\u00e9t\u00e9r, kr\u00e1lovna podsv\u011bt\u00ed, gran\u00e1tov\u00e9 jablko a eleusinsk\u00e1 myst\u00e9ria. Symbol smrti, znovuzrozen\u00ed a kolob\u011bhu ro\u010dn\u00edch obdob\u00ed.","_yoast_wpseo_meta-robots-noindex":"","_yoast_wpseo_canonical":"","_angie_page":false,"gefaehrdungsstufe":"2","wesen_kultur":"griechenland","wesen_klasse":"goetter","footnotes":""},"categories":[],"class_list":["post-145277","page","type-page","status-publish","has-post-thumbnail","hentry"],"yoast_head":"<!-- This site is optimized with the Yoast SEO Premium plugin v27.7 (Yoast SEO v28.3) - https:\/\/yoast.com\/product\/yoast-seo-premium-wordpress\/ -->\n<title>Persefona \u2013 \u0159eck\u00e1 bohyn\u011b podsv\u011bt\u00ed<\/title>\n<meta name=\"description\" content=\"Dcera D\u00e9m\u00e9t\u00e9r, kr\u00e1lovna podsv\u011bt\u00ed, gran\u00e1tov\u00e9 jablko a eleusinsk\u00e1 myst\u00e9ria. Symbol smrti, znovuzrozen\u00ed a kolob\u011bhu ro\u010dn\u00edch obdob\u00ed.\" \/>\n<meta name=\"robots\" content=\"index, follow, max-snippet:-1, max-image-preview:large, max-video-preview:-1\" \/>\n<link rel=\"canonical\" href=\"https:\/\/iwell-guard.com\/cs\/persefona\/\" \/>\n<meta property=\"og:locale\" content=\"cs_CZ\" \/>\n<meta property=\"og:type\" content=\"article\" \/>\n<meta property=\"og:title\" content=\"Persefona\" \/>\n<meta property=\"og:description\" content=\"Dcera D\u00e9m\u00e9t\u00e9r, kr\u00e1lovna podsv\u011bt\u00ed, gran\u00e1tov\u00e9 jablko a eleusinsk\u00e1 myst\u00e9ria. Symbol smrti, znovuzrozen\u00ed a kolob\u011bhu ro\u010dn\u00edch obdob\u00ed.\" \/>\n<meta property=\"og:url\" content=\"https:\/\/iwell-guard.com\/cs\/persefona\/\" \/>\n<meta property=\"og:site_name\" content=\"iWell Guard\" \/>\n<meta property=\"article:modified_time\" content=\"2026-09-03T16:51:41+00:00\" \/>\n<meta property=\"og:image\" content=\"https:\/\/iwell-guard.com\/wp-content\/uploads\/2026\/04\/goetter_griechenland_persephone.webp\" \/>\n\t<meta property=\"og:image:width\" content=\"1024\" \/>\n\t<meta property=\"og:image:height\" content=\"1536\" \/>\n\t<meta property=\"og:image:type\" content=\"image\/webp\" \/>\n<meta name=\"twitter:card\" content=\"summary_large_image\" \/>\n<script type=\"application\/ld+json\" class=\"yoast-schema-graph\">{\"@context\":\"https:\\\/\\\/schema.org\",\"@graph\":[{\"@type\":\"WebPage\",\"@id\":\"https:\\\/\\\/iwell-guard.com\\\/cs\\\/persefona\\\/\",\"url\":\"https:\\\/\\\/iwell-guard.com\\\/cs\\\/persefona\\\/\",\"name\":\"Persefona \u2013 \u0159eck\u00e1 bohyn\u011b podsv\u011bt\u00ed\",\"isPartOf\":{\"@id\":\"https:\\\/\\\/iwell-guard.com\\\/cs\\\/#website\"},\"primaryImageOfPage\":{\"@id\":\"https:\\\/\\\/iwell-guard.com\\\/cs\\\/persefona\\\/#primaryimage\"},\"image\":{\"@id\":\"https:\\\/\\\/iwell-guard.com\\\/cs\\\/persefona\\\/#primaryimage\"},\"thumbnailUrl\":\"https:\\\/\\\/iwell-guard.com\\\/wp-content\\\/uploads\\\/2026\\\/04\\\/goetter_griechenland_persephone.webp\",\"datePublished\":\"2026-09-03T16:28:47+00:00\",\"dateModified\":\"2026-09-03T16:51:41+00:00\",\"description\":\"Dcera D\u00e9m\u00e9t\u00e9r, kr\u00e1lovna podsv\u011bt\u00ed, gran\u00e1tov\u00e9 jablko a eleusinsk\u00e1 myst\u00e9ria. Symbol smrti, znovuzrozen\u00ed a kolob\u011bhu ro\u010dn\u00edch obdob\u00ed.\",\"breadcrumb\":{\"@id\":\"https:\\\/\\\/iwell-guard.com\\\/cs\\\/persefona\\\/#breadcrumb\"},\"inLanguage\":\"cs\",\"potentialAction\":[{\"@type\":\"ReadAction\",\"target\":[\"https:\\\/\\\/iwell-guard.com\\\/cs\\\/persefona\\\/\"]}]},{\"@type\":\"ImageObject\",\"inLanguage\":\"cs\",\"@id\":\"https:\\\/\\\/iwell-guard.com\\\/cs\\\/persefona\\\/#primaryimage\",\"url\":\"https:\\\/\\\/iwell-guard.com\\\/wp-content\\\/uploads\\\/2026\\\/04\\\/goetter_griechenland_persephone.webp\",\"contentUrl\":\"https:\\\/\\\/iwell-guard.com\\\/wp-content\\\/uploads\\\/2026\\\/04\\\/goetter_griechenland_persephone.webp\",\"width\":1024,\"height\":1536,\"caption\":\"Bohov\u00e9 z \u0159eck\u00e9 tradice.\"},{\"@type\":\"BreadcrumbList\",\"@id\":\"https:\\\/\\\/iwell-guard.com\\\/cs\\\/persefona\\\/#breadcrumb\",\"itemListElement\":[{\"@type\":\"ListItem\",\"position\":1,\"name\":\"Start\",\"item\":\"https:\\\/\\\/iwell-guard.com\\\/cs\\\/?page_id=145107\"},{\"@type\":\"ListItem\",\"position\":2,\"name\":\"Persefona\"}]},{\"@type\":\"WebSite\",\"@id\":\"https:\\\/\\\/iwell-guard.com\\\/cs\\\/#website\",\"url\":\"https:\\\/\\\/iwell-guard.com\\\/cs\\\/\",\"name\":\"iWell Guard\",\"description\":\"Schutz vor dunklen Einfl\u00fcssen\",\"publisher\":{\"@id\":\"https:\\\/\\\/iwell-guard.com\\\/cs\\\/#organization\"},\"potentialAction\":[{\"@type\":\"SearchAction\",\"target\":{\"@type\":\"EntryPoint\",\"urlTemplate\":\"https:\\\/\\\/iwell-guard.com\\\/cs\\\/?s={search_term_string}\"},\"query-input\":{\"@type\":\"PropertyValueSpecification\",\"valueRequired\":true,\"valueName\":\"search_term_string\"}}],\"inLanguage\":\"cs\"},{\"@type\":\"Organization\",\"@id\":\"https:\\\/\\\/iwell-guard.com\\\/cs\\\/#organization\",\"name\":\"Ittermann electronic GmbH\",\"url\":\"https:\\\/\\\/iwell-guard.com\\\/cs\\\/\",\"logo\":{\"@type\":\"ImageObject\",\"inLanguage\":\"cs\",\"@id\":\"https:\\\/\\\/iwell-guard.com\\\/cs\\\/#\\\/schema\\\/logo\\\/image\\\/\",\"url\":\"https:\\\/\\\/iwell-guard.com\\\/wp-content\\\/uploads\\\/2026\\\/05\\\/Ittermann-Logo-1182x237-1.png\",\"contentUrl\":\"https:\\\/\\\/iwell-guard.com\\\/wp-content\\\/uploads\\\/2026\\\/05\\\/Ittermann-Logo-1182x237-1.png\",\"width\":1182,\"height\":237,\"caption\":\"Ittermann electronic GmbH\"},\"image\":{\"@id\":\"https:\\\/\\\/iwell-guard.com\\\/cs\\\/#\\\/schema\\\/logo\\\/image\\\/\"},\"sameAs\":[\"https:\\\/\\\/pantip.com\\\/profile\\\/9367242\",\"https:\\\/\\\/micro.blog\\\/iwellguard\",\"https:\\\/\\\/www.diggerslist.com\\\/iwellguard\\\/about\",\"https:\\\/\\\/skitterphoto.com\\\/photographers\\\/2870314\\\/iwell-guard\",\"https:\\\/\\\/iwellguard.wordpress.com\\\/2026\\\/06\\\/06\\\/iwell-guard\\\/\",\"https:\\\/\\\/hub.docker.com\\\/u\\\/iwellguard\",\"https:\\\/\\\/www.pinterest.com\\\/iwellguard\\\/\",\"https:\\\/\\\/bit.ly\\\/m\\\/iwellguard\",\"https:\\\/\\\/entre-vos-mains.alsace.eu\\\/profiles\\\/iwellguard\\\/activity\",\"https:\\\/\\\/gravatar.com\\\/reallybeded8fd34\",\"https:\\\/\\\/naijamatta.com\\\/iwellguard\",\"https:\\\/\\\/www.goodreads.com\\\/iwellguard\",\"https:\\\/\\\/profile.hatena.ne.jp\\\/iwellguard\\\/\",\"https:\\\/\\\/experiment.com\\\/users\\\/iwellguard\",\"https:\\\/\\\/wakelet.com\\\/@iWellGuard82270\",\"https:\\\/\\\/www.chordie.com\\\/forum\\\/profile.php?id=2555664\",\"https:\\\/\\\/www.instapaper.com\\\/p\\\/17757966\",\"https:\\\/\\\/www.mapleprimes.com\\\/users\\\/iwellguard\",\"https:\\\/\\\/businesslistingplus.com\\\/profile\\\/iwell-guard\\\/\",\"https:\\\/\\\/telegra.ph\\\/iWell-Guard-06-06\",\"https:\\\/\\\/pbase.com\\\/iwellguard\\\/iwellguard\",\"https:\\\/\\\/b.hatena.ne.jp\\\/iwellguard\\\/20260607#bookmark-4788405196491818882\",\"https:\\\/\\\/fliphtml5.com\\\/home\\\/iwellguard\",\"https:\\\/\\\/anyflip.com\\\/homepage\\\/cmiwl#About\",\"https:\\\/\\\/transfur.com\\\/Users\\\/iwellguard\",\"http:\\\/\\\/delphi.larsbo.org\\\/user\\\/iwellguard\",\"https:\\\/\\\/jobs.lajobsportal.org\\\/profiles\\\/8380803-iwell-guard\",\"https:\\\/\\\/md.chaosdorf.de\\\/s\\\/jfbe5SBdJD\",\"https:\\\/\\\/www.lingvolive.com\\\/en-us\\\/profile\\\/9ecaeaca-ce11-4e51-9e71-01d55e2bff36\\\/translations\",\"https:\\\/\\\/www.fitday.com\\\/fitness\\\/forums\\\/members\\\/iwellguard.html\",\"https:\\\/\\\/www.mymeetbook.com\\\/iwellguard\",\"https:\\\/\\\/pxhere.com\\\/en\\\/photographer-me\\\/5040798\",\"https:\\\/\\\/disqus.com\\\/by\\\/iwellguard\\\/about\\\/\",\"https:\\\/\\\/pastelink.net\\\/hjwciqwq\",\"https:\\\/\\\/pubhtml5.com\\\/homepage\\\/scjhn\\\/\",\"https:\\\/\\\/www.bitchute.com\\\/channel\\\/2O2eOKzNqujT\",\"https:\\\/\\\/audiomack.com\\\/iwellguard\"]},{\"@type\":\"Article\",\"@id\":\"https:\\\/\\\/iwell-guard.com\\\/cs\\\/persefona\\\/#article\",\"isPartOf\":{\"@id\":\"https:\\\/\\\/iwell-guard.com\\\/cs\\\/persefona\\\/\"},\"author\":{\"name\":\"Ralf Ittermann\",\"@id\":\"https:\\\/\\\/iwell-guard.com\\\/cs\\\/#\\\/schema\\\/person\\\/ee2a27f1cac3406c7c6fb5820cb7349f\"},\"headline\":\"Persefona\",\"datePublished\":\"2026-09-03T16:28:47+00:00\",\"dateModified\":\"2026-09-03T16:51:41+00:00\",\"mainEntityOfPage\":{\"@id\":\"https:\\\/\\\/iwell-guard.com\\\/cs\\\/persefona\\\/\"},\"publisher\":{\"@id\":\"https:\\\/\\\/iwell-guard.com\\\/cs\\\/#organization\"},\"image\":{\"@id\":\"https:\\\/\\\/iwell-guard.com\\\/cs\\\/persefona\\\/#primaryimage\"},\"thumbnailUrl\":\"https:\\\/\\\/iwell-guard.com\\\/wp-content\\\/uploads\\\/2026\\\/04\\\/goetter_griechenland_persephone.webp\",\"inLanguage\":\"cs\",\"description\":\"Dcera D\u00e9m\u00e9t\u00e9r, kr\u00e1lovna podsv\u011bt\u00ed, gran\u00e1tov\u00e9 jablko a eleusinsk\u00e1 myst\u00e9ria. Symbol smrti, znovuzrozen\u00ed a kolob\u011bhu ro\u010dn\u00edch obdob\u00ed.\"}]}<\/script>\n<!-- \/ Yoast SEO Premium plugin. -->","yoast_head_json":{"title":"Persefona \u2013 \u0159eck\u00e1 bohyn\u011b podsv\u011bt\u00ed","description":"Dcera D\u00e9m\u00e9t\u00e9r, kr\u00e1lovna podsv\u011bt\u00ed, gran\u00e1tov\u00e9 jablko a eleusinsk\u00e1 myst\u00e9ria. Symbol smrti, znovuzrozen\u00ed a kolob\u011bhu ro\u010dn\u00edch obdob\u00ed.","robots":{"index":"index","follow":"follow","max-snippet":"max-snippet:-1","max-image-preview":"max-image-preview:large","max-video-preview":"max-video-preview:-1"},"canonical":"https:\/\/iwell-guard.com\/cs\/persefona\/","og_locale":"cs_CZ","og_type":"article","og_title":"Persefona","og_description":"Dcera D\u00e9m\u00e9t\u00e9r, kr\u00e1lovna podsv\u011bt\u00ed, gran\u00e1tov\u00e9 jablko a eleusinsk\u00e1 myst\u00e9ria. Symbol smrti, znovuzrozen\u00ed a kolob\u011bhu ro\u010dn\u00edch obdob\u00ed.","og_url":"https:\/\/iwell-guard.com\/cs\/persefona\/","og_site_name":"iWell Guard","article_modified_time":"2026-09-03T16:51:41+00:00","og_image":[{"width":1024,"height":1536,"url":"https:\/\/iwell-guard.com\/wp-content\/uploads\/2026\/04\/goetter_griechenland_persephone.webp","type":"image\/webp"}],"twitter_card":"summary_large_image","schema":{"@context":"https:\/\/schema.org","@graph":[{"@type":"Article","@id":"https:\/\/iwell-guard.com\/cs\/persefona\/#article","isPartOf":{"@id":"https:\/\/iwell-guard.com\/cs\/persefona\/"},"author":{"name":"Ralf Ittermann","@id":"https:\/\/iwell-guard.com\/cs\/#\/schema\/person\/ee2a27f1cac3406c7c6fb5820cb7349f"},"headline":"Persefona","datePublished":"2026-09-03T16:28:47+00:00","dateModified":"2026-09-03T16:51:41+00:00","mainEntityOfPage":{"@id":"https:\/\/iwell-guard.com\/cs\/persefona\/"},"publisher":{"@id":"https:\/\/iwell-guard.com\/cs\/#organization"},"image":{"@id":"https:\/\/iwell-guard.com\/cs\/persefona\/#primaryimage"},"thumbnailUrl":"https:\/\/iwell-guard.com\/wp-content\/uploads\/2026\/04\/goetter_griechenland_persephone.webp","inLanguage":"cs","description":"Dcera D\u00e9m\u00e9t\u00e9r, kr\u00e1lovna podsv\u011bt\u00ed, gran\u00e1tov\u00e9 jablko a eleusinsk\u00e1 myst\u00e9ria. Symbol smrti, znovuzrozen\u00ed a kolob\u011bhu ro\u010dn\u00edch obdob\u00ed."},{"@type":"WebPage","@id":"https:\/\/iwell-guard.com\/cs\/persefona\/","url":"https:\/\/iwell-guard.com\/cs\/persefona\/","name":"Persefona \u2013 \u0159eck\u00e1 bohyn\u011b podsv\u011bt\u00ed","isPartOf":{"@id":"https:\/\/iwell-guard.com\/cs\/#website"},"primaryImageOfPage":{"@id":"https:\/\/iwell-guard.com\/cs\/persefona\/#primaryimage"},"image":{"@id":"https:\/\/iwell-guard.com\/cs\/persefona\/#primaryimage"},"thumbnailUrl":"https:\/\/iwell-guard.com\/wp-content\/uploads\/2026\/04\/goetter_griechenland_persephone.webp","datePublished":"2026-09-03T16:28:47+00:00","dateModified":"2026-09-03T16:51:41+00:00","description":"Dcera D\u00e9m\u00e9t\u00e9r, kr\u00e1lovna podsv\u011bt\u00ed, gran\u00e1tov\u00e9 jablko a eleusinsk\u00e1 myst\u00e9ria. Symbol smrti, znovuzrozen\u00ed a kolob\u011bhu ro\u010dn\u00edch obdob\u00ed.","breadcrumb":{"@id":"https:\/\/iwell-guard.com\/cs\/persefona\/#breadcrumb"},"inLanguage":"cs","potentialAction":[{"@type":"ReadAction","target":["https:\/\/iwell-guard.com\/cs\/persefona\/"]}]},{"@type":"ImageObject","inLanguage":"cs","@id":"https:\/\/iwell-guard.com\/cs\/persefona\/#primaryimage","url":"https:\/\/iwell-guard.com\/wp-content\/uploads\/2026\/04\/goetter_griechenland_persephone.webp","contentUrl":"https:\/\/iwell-guard.com\/wp-content\/uploads\/2026\/04\/goetter_griechenland_persephone.webp","width":1024,"height":1536,"caption":"Bohov\u00e9 z \u0159eck\u00e9 tradice."},{"@type":"BreadcrumbList","@id":"https:\/\/iwell-guard.com\/cs\/persefona\/#breadcrumb","itemListElement":[{"@type":"ListItem","position":1,"name":"Start","item":"https:\/\/iwell-guard.com\/cs\/?page_id=145107"},{"@type":"ListItem","position":2,"name":"Persefona"}]},{"@type":"WebSite","@id":"https:\/\/iwell-guard.com\/cs\/#website","url":"https:\/\/iwell-guard.com\/cs\/","name":"iWell Guard","description":"Schutz vor dunklen Einfl\u00fcssen","publisher":{"@id":"https:\/\/iwell-guard.com\/cs\/#organization"},"potentialAction":[{"@type":"SearchAction","target":{"@type":"EntryPoint","urlTemplate":"https:\/\/iwell-guard.com\/cs\/?s={search_term_string}"},"query-input":{"@type":"PropertyValueSpecification","valueRequired":true,"valueName":"search_term_string"}}],"inLanguage":"cs"},{"@type":"Organization","@id":"https:\/\/iwell-guard.com\/cs\/#organization","name":"Ittermann electronic GmbH","url":"https:\/\/iwell-guard.com\/cs\/","logo":{"@type":"ImageObject","inLanguage":"cs","@id":"https:\/\/iwell-guard.com\/cs\/#\/schema\/logo\/image\/","url":"https:\/\/iwell-guard.com\/wp-content\/uploads\/2026\/05\/Ittermann-Logo-1182x237-1.png","contentUrl":"https:\/\/iwell-guard.com\/wp-content\/uploads\/2026\/05\/Ittermann-Logo-1182x237-1.png","width":1182,"height":237,"caption":"Ittermann electronic GmbH"},"image":{"@id":"https:\/\/iwell-guard.com\/cs\/#\/schema\/logo\/image\/"},"sameAs":["https:\/\/pantip.com\/profile\/9367242","https:\/\/micro.blog\/iwellguard","https:\/\/www.diggerslist.com\/iwellguard\/about","https:\/\/skitterphoto.com\/photographers\/2870314\/iwell-guard","https:\/\/iwellguard.wordpress.com\/2026\/06\/06\/iwell-guard\/","https:\/\/hub.docker.com\/u\/iwellguard","https:\/\/www.pinterest.com\/iwellguard\/","https:\/\/bit.ly\/m\/iwellguard","https:\/\/entre-vos-mains.alsace.eu\/profiles\/iwellguard\/activity","https:\/\/gravatar.com\/reallybeded8fd34","https:\/\/naijamatta.com\/iwellguard","https:\/\/www.goodreads.com\/iwellguard","https:\/\/profile.hatena.ne.jp\/iwellguard\/","https:\/\/experiment.com\/users\/iwellguard","https:\/\/wakelet.com\/@iWellGuard82270","https:\/\/www.chordie.com\/forum\/profile.php?id=2555664","https:\/\/www.instapaper.com\/p\/17757966","https:\/\/www.mapleprimes.com\/users\/iwellguard","https:\/\/businesslistingplus.com\/profile\/iwell-guard\/","https:\/\/telegra.ph\/iWell-Guard-06-06","https:\/\/pbase.com\/iwellguard\/iwellguard","https:\/\/b.hatena.ne.jp\/iwellguard\/20260607#bookmark-4788405196491818882","https:\/\/fliphtml5.com\/home\/iwellguard","https:\/\/anyflip.com\/homepage\/cmiwl#About","https:\/\/transfur.com\/Users\/iwellguard","http:\/\/delphi.larsbo.org\/user\/iwellguard","https:\/\/jobs.lajobsportal.org\/profiles\/8380803-iwell-guard","https:\/\/md.chaosdorf.de\/s\/jfbe5SBdJD","https:\/\/www.lingvolive.com\/en-us\/profile\/9ecaeaca-ce11-4e51-9e71-01d55e2bff36\/translations","https:\/\/www.fitday.com\/fitness\/forums\/members\/iwellguard.html","https:\/\/www.mymeetbook.com\/iwellguard","https:\/\/pxhere.com\/en\/photographer-me\/5040798","https:\/\/disqus.com\/by\/iwellguard\/about\/","https:\/\/pastelink.net\/hjwciqwq","https:\/\/pubhtml5.com\/homepage\/scjhn\/","https:\/\/www.bitchute.com\/channel\/2O2eOKzNqujT","https:\/\/audiomack.com\/iwellguard"]},{"@type":"Person","@id":"https:\/\/iwell-guard.com\/cs\/#\/schema\/person\/ee2a27f1cac3406c7c6fb5820cb7349f","name":"Ralf Ittermann","image":{"@type":"ImageObject","inLanguage":"cs","@id":"https:\/\/secure.gravatar.com\/avatar\/073c0153e350a5005b68eb752b445fea71f6b24a26da9449ad7e155e6b446c9d?s=96&d=mm&r=g","url":"https:\/\/secure.gravatar.com\/avatar\/073c0153e350a5005b68eb752b445fea71f6b24a26da9449ad7e155e6b446c9d?s=96&d=mm&r=g","contentUrl":"https:\/\/secure.gravatar.com\/avatar\/073c0153e350a5005b68eb752b445fea71f6b24a26da9449ad7e155e6b446c9d?s=96&d=mm&r=g","caption":"Ralf Ittermann"},"givenName":"Ralf","familyName":"Ittermann","jobTitle":"Gesch\u00e4ftsf\u00fchrer und redaktioneller Verantwortlicher","url":"https:\/\/iwell-guard.com\/cs\/author\/claude\/","description":"Ralf Ittermann ist Gesch\u00e4ftsf\u00fchrer der Ittermann electronic GmbH und redaktioneller Verantwortlicher des iWell-Guard-Lexikons. Er verbindet langj\u00e4hrige Erfahrung in der Pr\u00e4zisionsfertigung mit medialer Praxis und religionsgeschichtlicher Quellenarbeit.","worksFor":{"@type":"Organization","name":"Ittermann electronic GmbH","url":"https:\/\/ittermann.de\/","address":{"@type":"PostalAddress","streetAddress":"K\u00f6hlergasse 16-18","postalCode":"99842","addressLocality":"Ruhla","addressCountry":"DE"}},"knowsAbout":["Religionsgeschichte","Mythologie","Mediale Praxis","Energetische Diagnostik","Schutzpraxis","Volksglauben","Westliche Esoterik"]},{"@type":"Article","@id":"https:\/\/iwell-guard.com\/cs\/persefona\/#article","isPartOf":{"@id":"https:\/\/iwell-guard.com\/cs\/persefona\/"},"author":{"name":"Ralf Ittermann","@id":"https:\/\/iwell-guard.com\/cs\/#\/schema\/person\/ee2a27f1cac3406c7c6fb5820cb7349f"},"headline":"Persefona","datePublished":"2026-09-03T16:28:47+00:00","dateModified":"2026-09-03T16:51:41+00:00","mainEntityOfPage":{"@id":"https:\/\/iwell-guard.com\/cs\/persefona\/"},"publisher":{"@id":"https:\/\/iwell-guard.com\/cs\/#organization"},"image":{"@id":"https:\/\/iwell-guard.com\/cs\/persefona\/#primaryimage"},"thumbnailUrl":"https:\/\/iwell-guard.com\/wp-content\/uploads\/2026\/04\/goetter_griechenland_persephone.webp","inLanguage":"cs","description":"Dcera D\u00e9m\u00e9t\u00e9r, kr\u00e1lovna podsv\u011bt\u00ed, gran\u00e1tov\u00e9 jablko a eleusinsk\u00e1 myst\u00e9ria. Symbol smrti, znovuzrozen\u00ed a kolob\u011bhu ro\u010dn\u00edch obdob\u00ed."}]}},"_links":{"self":[{"href":"https:\/\/iwell-guard.com\/cs\/wp-json\/wp\/v2\/pages\/145277","targetHints":{"allow":["GET"]}}],"collection":[{"href":"https:\/\/iwell-guard.com\/cs\/wp-json\/wp\/v2\/pages"}],"about":[{"href":"https:\/\/iwell-guard.com\/cs\/wp-json\/wp\/v2\/types\/page"}],"author":[{"embeddable":true,"href":"https:\/\/iwell-guard.com\/cs\/wp-json\/wp\/v2\/users\/3"}],"replies":[{"embeddable":true,"href":"https:\/\/iwell-guard.com\/cs\/wp-json\/wp\/v2\/comments?post=145277"}],"version-history":[{"count":0,"href":"https:\/\/iwell-guard.com\/cs\/wp-json\/wp\/v2\/pages\/145277\/revisions"}],"wp:featuredmedia":[{"embeddable":true,"href":"https:\/\/iwell-guard.com\/cs\/wp-json\/wp\/v2\/media\/1725"}],"wp:attachment":[{"href":"https:\/\/iwell-guard.com\/cs\/wp-json\/wp\/v2\/media?parent=145277"}],"wp:term":[{"taxonomy":"category","embeddable":true,"href":"https:\/\/iwell-guard.com\/cs\/wp-json\/wp\/v2\/categories?post=145277"}],"curies":[{"name":"wp","href":"https:\/\/api.w.org\/{rel}","templated":true}]}}