{"id":145252,"date":"2026-09-03T16:28:32","date_gmt":"2026-09-03T16:28:32","guid":{"rendered":"https:\/\/iwell-guard.com\/?page_id=145252"},"modified":"2026-09-03T16:51:02","modified_gmt":"2026-09-03T16:51:02","slug":"medialni-informace","status":"publish","type":"page","link":"https:\/\/iwell-guard.com\/cs\/medialni-informace\/","title":{"rendered":"Medi\u00e1ln\u00ed informace"},"content":{"rendered":"\t\t<div data-elementor-type=\"wp-page\" data-elementor-id=\"145252\" class=\"elementor elementor-145252 elementor-1914 elementor-bc-flex-widget\" data-elementor-post-type=\"page\">\n\t\t\t\t<div class=\"elementor-element elementor-element-k-hero-rebuilt-medial iwg-kultur-hero e-flex e-con-boxed e-con e-parent\" data-id=\"k-hero-rebuilt-medial\" data-element_type=\"container\" data-e-type=\"container\">\n\t\t\t\t\t<div class=\"e-con-inner\">\n\t\t<div class=\"elementor-element elementor-element-khleft-medial iwg-kultur-hero-left e-flex e-con-boxed e-con e-parent\" data-id=\"khleft-medial\" data-element_type=\"container\" data-e-type=\"container\">\n\t\t\t\t\t<div class=\"e-con-inner\">\n\t\t\t\t<div class=\"elementor-element elementor-element-k-h1-medial elementor-widget elementor-widget-heading\" data-id=\"k-h1-medial\" data-element_type=\"widget\" data-e-type=\"widget\" data-widget_type=\"heading.default\">\n\t\t\t\t\t<h1 class=\"elementor-heading-title elementor-size-default\">Medi\u00e1ln\u00ed informace &#8211; za\u0159azen\u00ed a ozna\u010den\u00ed<\/h1>\t\t\t\t<\/div>\n\t\t<div class=\"elementor-element elementor-element-aj11-hero-lead-medial e-con-full e-flex e-con e-parent\" data-id=\"aj11-hero-lead-medial\" data-element_type=\"container\" data-e-type=\"container\">\n\t\t\t\t<div class=\"elementor-element elementor-element-k-lead-medial elementor-widget elementor-widget-text-editor\" data-id=\"k-lead-medial\" data-element_type=\"widget\" data-e-type=\"widget\" data-widget_type=\"text-editor.default\">\n\t\t\t\t\t\t\t\t\t<p>Tato str\u00e1nka slou\u017e\u00ed k <strong>za\u0159azen\u00ed a ozna\u010den\u00ed<\/strong> medi\u00e1ln\u00ed informace v lexikonu, tedy k tomu, co plat\u00ed za ov\u011b\u0159iteln\u00e9, co za tradici a co za hypot\u00e9zu.<\/p><p><em><strong>Medi\u00e1ln\u00ed informace<\/strong> ozna\u010duje v\u00fdroky, kter\u00e9 nez\u00edsk\u00e1v\u00e1me z historick\u00fdch pramen\u016f, ale energetick\u00fdm ov\u011b\u0159en\u00edm v kosmick\u00e9m informa\u010dn\u00edm poli, jde o samostatnou, jasn\u011b ozna\u010denou cestu pozn\u00e1n\u00ed vedle v\u011bdy a osobn\u00edch zku\u0161enost\u00ed.<\/em><\/p><p>Tato str\u00e1nka vysv\u011btluje pojem, metodiku a ozna\u010dov\u00e1n\u00ed: jak odd\u011blujeme medi\u00e1ln\u00ed informaci od v\u011bdeck\u00fdch poznatk\u016f a pro\u010d je toto odd\u011blen\u00ed viditeln\u00e9 na ka\u017ed\u00e9 detailn\u00ed str\u00e1nce.<\/p>\t\t\t\t\t\t\t\t<\/div>\n\t\t\t\t<\/div>\n\t\t<div class=\"elementor-element elementor-element-aj11-hero-toc-medial e-con-full e-flex e-con e-parent\" data-id=\"aj11-hero-toc-medial\" data-element_type=\"container\" data-e-type=\"container\">\n\t\t\t\t<div class=\"elementor-element elementor-element-k-toc-medial elementor-widget elementor-widget-text-editor\" data-id=\"k-toc-medial\" data-element_type=\"widget\" data-e-type=\"widget\" data-widget_type=\"text-editor.default\">\n\t\t\t\t\t\t\t\t\t<p><strong>Obsah t\u00e9to str\u00e1nky:<\/strong><\/p><ul><li><a href=\"#x404-h0\">Medi\u00e1ln\u00ed informace<\/a><\/li><li><a href=\"#add-mediale-information-h0\">Pojem<\/a><\/li><li><a href=\"#add-mediale-information-h1\">Ozna\u010den\u00ed<\/a><\/li><li><a href=\"#add-mediale-information-h2\">Spolehlivost<\/a><\/li><li><a href=\"#fe1855c\">Prohlouben\u00ed<\/a><\/li><\/ul>\t\t\t\t\t\t\t\t<\/div>\n\t\t\t\t<\/div>\n\t\t\t\t\t<\/div>\n\t\t\t\t<\/div>\n\t\t<div class=\"elementor-element elementor-element-khrght-medial iwg-kultur-hero-right e-flex e-con-boxed e-con e-parent\" data-id=\"khrght-medial\" data-element_type=\"container\" data-e-type=\"container\">\n\t\t\t\t\t<div class=\"e-con-inner\">\n\t\t\t\t<div class=\"elementor-element elementor-element-k-img-medial elementor-widget elementor-widget-image\" data-id=\"k-img-medial\" data-element_type=\"widget\" data-e-type=\"widget\" data-widget_type=\"image.default\">\n\t\t\t\t\t\t\t\t\t\t\t\t\t\t\t<img fetchpriority=\"high\" decoding=\"async\" width=\"683\" height=\"1024\" src=\"https:\/\/iwell-guard.com\/wp-content\/uploads\/2026\/05\/themen_mediale-information-683x1024.webp\" class=\"attachment-large size-large wp-image-147425\" alt=\"Sed\u00edc\u00ed osoba v transu se st\u0159\u00edbrno-zlat\u00fdm sv\u011bteln\u00fdm pramenem sm\u011b\u0159uj\u00edc\u00edm vzh\u016fru\" srcset=\"https:\/\/iwell-guard.com\/wp-content\/uploads\/2026\/05\/themen_mediale-information-683x1024.webp 683w, https:\/\/iwell-guard.com\/wp-content\/uploads\/2026\/05\/themen_mediale-information-200x300.webp 200w, https:\/\/iwell-guard.com\/wp-content\/uploads\/2026\/05\/themen_mediale-information-768x1152.webp 768w, https:\/\/iwell-guard.com\/wp-content\/uploads\/2026\/05\/themen_mediale-information.webp 1024w\" sizes=\"(max-width: 683px) 100vw, 683px\" \/>\t\t\t\t\t\t\t\t\t\t\t\t\t\t\t<\/div>\n\t\t\t\t\t<\/div>\n\t\t\t\t<\/div>\n\t\t\t\t\t<\/div>\n\t\t\t\t<\/div>\n\t\t<div class=\"elementor-element elementor-element-x404-s0 e-con-boxed e-flex e-con e-parent\" data-id=\"x404-s0\" data-element_type=\"container\" data-e-type=\"container\">\n\t\t\t\t\t<div class=\"e-con-inner\">\n\t\t\t\t<div class=\"elementor-element elementor-element-x404-h0 elementor-widget elementor-widget-heading\" data-id=\"x404-h0\" data-element_type=\"widget\" data-e-type=\"widget\" data-widget_type=\"heading.default\">\n\t\t\t\t\t<h2 class=\"elementor-heading-title elementor-size-default\">Medi\u00e1ln\u00ed informace<\/h2>\t\t\t\t<\/div>\n\t\t<div class=\"elementor-element elementor-element-aj11-inner-514f4d e-con-full e-flex e-con e-parent\" data-id=\"aj11-inner-514f4d\" data-element_type=\"container\" data-e-type=\"container\">\n\t\t\t\t<div class=\"elementor-element elementor-element-x404-t0 elementor-widget elementor-widget-text-editor\" data-id=\"x404-t0\" data-element_type=\"widget\" data-e-type=\"widget\" data-widget_type=\"text-editor.default\">\n\t\t\t\t\t\t\t\t\t<p>Jak za\u0159azujeme informace z medi\u00e1ln\u00edch kan\u00e1l\u016f, jak je ozna\u010dujeme a jak je pom\u011b\u0159ujeme s historicky dolo\u017een\u00fdmi prameny, na tuto ot\u00e1zku tato str\u00e1nka odpov\u00edd\u00e1. Na iWell Guard pracujeme s transparentn\u00ed hierarchi\u00ed pramen\u016f, kter\u00e1 u ka\u017ed\u00e9ho tvrzen\u00ed umo\u017e\u0148uje ov\u011b\u0159it, jak a odkud poch\u00e1z\u00ed.<\/p><p>Medi\u00e1ln\u00ed informace jsou samostatn\u00fdm typem pozn\u00e1n\u00ed. Dopl\u0148uj\u00ed to, co je zn\u00e1mo z klasick\u00fdch pramen\u016f, p\u00edsemn\u00e9 <span class=\"iwg-fachbegriff\" data-tooltip=\"P\u0159ed\u00e1v\u00e1n\u00ed znalost\u00ed a vypr\u00e1v\u011bn\u00ed nap\u0159\u00ed\u010d generacemi.\" tabindex=\"0\">tradice<\/span>, archeologick\u00fdch n\u00e1lez\u016f, etnografick\u00e9ho pozorov\u00e1n\u00ed a p\u0159\u00edrodov\u011bdn\u00e9ho m\u011b\u0159en\u00ed. Nenahrazuj\u00ed je. Tato str\u00e1nka popisuje, jak s nimi zach\u00e1z\u00edme.<\/p>\t\t\t\t\t\t\t\t<\/div>\n\t\t\t\t<\/div>\n\t\t\t\t\t<\/div>\n\t\t\t\t<\/div>\n\t\t<div class=\"elementor-element elementor-element-add-mediale-information-s0 e-con-boxed e-flex e-con e-parent\" data-id=\"add-mediale-information-s0\" data-element_type=\"container\" data-e-type=\"container\">\n\t\t\t\t\t<div class=\"e-con-inner\">\n\t\t\t\t<div class=\"elementor-element elementor-element-add-mediale-information-h0 elementor-widget elementor-widget-heading\" data-id=\"add-mediale-information-h0\" data-element_type=\"widget\" data-e-type=\"widget\" data-widget_type=\"heading.default\">\n\t\t\t\t\t<h2 class=\"elementor-heading-title elementor-size-default\">Pojem<\/h2>\t\t\t\t<\/div>\n\t\t<div class=\"elementor-element elementor-element-aj11-inner-0bffa5 e-con-full e-flex e-con e-parent\" data-id=\"aj11-inner-0bffa5\" data-element_type=\"container\" data-e-type=\"container\">\n\t\t\t\t<div class=\"elementor-element elementor-element-add-mediale-information-t0 elementor-widget elementor-widget-text-editor\" data-id=\"add-mediale-information-t0\" data-element_type=\"widget\" data-e-type=\"widget\" data-widget_type=\"text-editor.default\">\n\t\t\t\t\t\t\t\t\t<p><em>Medi\u00e1ln\u00ed informace<\/em> ozna\u010duje na iWell Guard informace, kter\u00e9 p\u0159esahuj\u00ed bezprost\u0159edn\u00ed smyslov\u00e9 vn\u00edm\u00e1n\u00ed a jsou p\u0159ij\u00edm\u00e1ny medi\u00e1ln\u00edmi prakti\u010dkami a praktiky v <a href=\"https:\/\/iwell-guard.com\/cs\/?page_id=145251\">kosmick\u00e9m informa\u010dn\u00edm poli<\/a>. Konkr\u00e9tn\u011b jde o vjemy ve form\u011b obraz\u016f, pocit\u016f, hlas\u016f, t\u011blesn\u00fdch rezonanc\u00ed nebo symbolick\u00fdch dojm\u016f, kter\u00e9 nepoch\u00e1zej\u00ed z p\u011bti klasick\u00fdch smysl\u016f.<\/p><p>Pojem je v\u011bdom\u011b ch\u00e1p\u00e1n \u0161iroce. Zahrnuje jak \u0159\u00edzenou medi\u00e1ln\u00ed pr\u00e1ci vy\u0161kolen\u00fdch prakti\u010dek a praktik\u016f, s p\u0159\u00edpravou, p\u0159echodem p\u0159es pr\u00e1h a dokumentovan\u00fdm protokolem, tak spont\u00e1nn\u00ed dojmy citliv\u00fdch nositel\u016f ochrann\u00e9ho p\u0159\u00edv\u011bsku. Oba typy zku\u0161enost\u00ed spojuje n\u00e1rok vn\u00edmat n\u011bco, co p\u0159esahuje b\u011b\u017en\u00e9 v\u011bdom\u00ed. Odli\u0161uje je metodick\u00e1 p\u0159\u00edsnost.<\/p>\t\t\t\t\t\t\t\t<\/div>\n\t\t\t\t<\/div>\n\t\t\t\t\t<\/div>\n\t\t\t\t<\/div>\n\t\t<div class=\"elementor-element elementor-element-add-mediale-information-s1 e-con-boxed e-flex e-con e-parent\" data-id=\"add-mediale-information-s1\" data-element_type=\"container\" data-e-type=\"container\">\n\t\t\t\t\t<div class=\"e-con-inner\">\n\t\t\t\t<div class=\"elementor-element elementor-element-add-mediale-information-h1 elementor-widget elementor-widget-heading\" data-id=\"add-mediale-information-h1\" data-element_type=\"widget\" data-e-type=\"widget\" data-widget_type=\"heading.default\">\n\t\t\t\t\t<h2 class=\"elementor-heading-title elementor-size-default\">Ozna\u010den\u00ed<\/h2>\t\t\t\t<\/div>\n\t\t<div class=\"elementor-element elementor-element-aj11-inner-368880 e-con-full e-flex e-con e-parent\" data-id=\"aj11-inner-368880\" data-element_type=\"container\" data-e-type=\"container\">\n\t\t\t\t<div class=\"elementor-element elementor-element-add-mediale-information-t1 elementor-widget elementor-widget-text-editor\" data-id=\"add-mediale-information-t1\" data-element_type=\"widget\" data-e-type=\"widget\" data-widget_type=\"text-editor.default\">\n\t\t\t\t\t\t\t\t\t<p>Na na\u0161ich detailn\u00edch str\u00e1nk\u00e1ch ozna\u010dujeme medi\u00e1ln\u00ed informace samostatn\u00fdm <em>informa\u010dn\u00edm r\u00e1me\u010dkem s ov\u011b\u0159en\u00edm<\/em> nebo v\u00fdslovn\u00fdmi formulacemi jako \u201eov\u011b\u0159eno v kosmick\u00e9m informa\u010dn\u00edm poli\u201c, \u201emedi\u00e1ln\u011b vn\u00edm\u00e1no\u201c nebo \u201eenergetick\u00e9 pozorov\u00e1n\u00ed\u201c. Toto ozna\u010den\u00ed je z\u00e1vazn\u00e9: \u017e\u00e1dn\u00e9 tvrzen\u00ed prezentovan\u00e9 jako historicky dolo\u017een\u00e9 se neop\u00edr\u00e1 o medi\u00e1ln\u011b z\u00edskan\u00e1 data bez odpov\u00eddaj\u00edc\u00edho upozorn\u011bn\u00ed.<\/p><p>Naopak stejn\u011b transparentn\u011b ukazujeme, kde se op\u00edr\u00e1me o historicko-filologicky nebo archeologicky dolo\u017een\u00e9 prameny. Tvrzen\u00ed o mytologick\u00e9m kontextu ur\u010dit\u00e9 t\u0159\u00eddy bytost\u00ed z antick\u00e9 literatury je jin\u00fd typ tvrzen\u00ed ne\u017e pozorov\u00e1n\u00ed v kosmick\u00e9m informa\u010dn\u00edm poli.<\/p><p>Oboj\u00ed m\u00e1 na str\u00e1nce sv\u00e9 m\u00edsto, ale n\u00e1rokuje jin\u00fd druh platnosti, a to m\u00e1 z\u016fstat pochopiteln\u00e9 pro ka\u017edou \u010dten\u00e1\u0159ku.<\/p>\t\t\t\t\t\t\t\t<\/div>\n\t\t\t\t<\/div>\n\t\t\t\t\t<\/div>\n\t\t\t\t<\/div>\n\t\t<div class=\"elementor-element elementor-element-add-mediale-information-s2 e-con-boxed e-flex e-con e-parent\" data-id=\"add-mediale-information-s2\" data-element_type=\"container\" data-e-type=\"container\">\n\t\t\t\t\t<div class=\"e-con-inner\">\n\t\t\t\t<div class=\"elementor-element elementor-element-add-mediale-information-h2 elementor-widget elementor-widget-heading\" data-id=\"add-mediale-information-h2\" data-element_type=\"widget\" data-e-type=\"widget\" data-widget_type=\"heading.default\">\n\t\t\t\t\t<h2 class=\"elementor-heading-title elementor-size-default\">Spolehlivost<\/h2>\t\t\t\t<\/div>\n\t\t<div class=\"elementor-element elementor-element-aj11-inner-f332db e-con-full e-flex e-con e-parent\" data-id=\"aj11-inner-f332db\" data-element_type=\"container\" data-e-type=\"container\">\n\t\t\t\t<div class=\"elementor-element elementor-element-add-mediale-information-t2 elementor-widget elementor-widget-text-editor\" data-id=\"add-mediale-information-t2\" data-element_type=\"widget\" data-e-type=\"widget\" data-widget_type=\"text-editor.default\">\n\t\t\t\t\t\t\t\t\t<p>Netvrd\u00edme, \u017ee medi\u00e1ln\u00ed informace jsou objektivn\u011b pravdiv\u00e9. Nab\u00edz\u00edme je jako dopl\u0148kovou perspektivu, kter\u00e1 vznik\u00e1 v oblasti zku\u0161enostn\u00ed praxe a v\u011bdom\u011b stoj\u00ed vedle ostatn\u00edch pramen\u016f. Kdy\u017e v na\u0161ich textech \u010dtete \u201emedi\u00e1ln\u011b\u201c nebo \u201eov\u011b\u0159eno v kosmick\u00e9m informa\u010dn\u00edm poli\u201c, v\u00edte, \u017ee toto tvrzen\u00ed poch\u00e1z\u00ed z jemnohmotn\u00e9 vn\u00edmac\u00ed praxe a nen\u00ed dolo\u017eeno ve smyslu klasick\u00e9 v\u011bdy.<\/p><p>Toto rozli\u0161ov\u00e1n\u00ed nen\u00ed nedostatkem, ale metodickou ctnost\u00ed. Kdo medi\u00e1ln\u00ed informaci up\u0159\u00edmn\u011b ozna\u010d\u00ed, p\u0159edch\u00e1z\u00ed t\u0159em v\u011bcem: aby se kriti\u010dt\u00ed \u010dten\u00e1\u0159i a \u010dten\u00e1\u0159ky nec\u00edtili oklam\u00e1ni, aby vlastn\u00ed vjemy nebyly nekriticky povy\u0161ov\u00e1ny na absolutn\u00ed pravdu, a aby medi\u00e1ln\u00ed praxe neztratila vlastn\u00ed integritu ne\u010dist\u00fdm zapojen\u00edm do objektivn\u00edch tvrzen\u00ed.<\/p>\t\t\t\t\t\t\t\t<\/div>\n\t\t\t\t<\/div>\n\t\t\t\t\t<\/div>\n\t\t\t\t<\/div>\n\t\t<div class=\"elementor-element elementor-element-6b3292e e-con-boxed e-flex e-con e-parent\" data-id=\"6b3292e\" data-element_type=\"container\" data-e-type=\"container\">\n\t\t\t\t\t<div class=\"e-con-inner\">\n\t\t\t\t<div class=\"elementor-element elementor-element-fe1855c elementor-widget elementor-widget-heading\" data-id=\"fe1855c\" data-element_type=\"widget\" data-e-type=\"widget\" data-widget_type=\"heading.default\">\n\t\t\t\t\t<h2 class=\"elementor-heading-title elementor-size-default\">Podrobn\u011bji<\/h2>\t\t\t\t<\/div>\n\t\t<div class=\"elementor-element elementor-element-aj11-inner-88f8e0 e-con-full e-flex e-con e-parent\" data-id=\"aj11-inner-88f8e0\" data-element_type=\"container\" data-e-type=\"container\">\n\t\t\t\t<div class=\"elementor-element elementor-element-4c1eb70 elementor-widget elementor-widget-text-editor\" data-id=\"4c1eb70\" data-element_type=\"widget\" data-e-type=\"widget\" data-widget_type=\"text-editor.default\">\n\t\t\t\t\t\t\t\t\t<p>Na iWell Guard pracujeme s transparentn\u00ed hierarchi\u00ed pramen\u016f. <strong>Prvn\u00ed stupe\u0148:<\/strong> historicko-filologicky dolo\u017een\u00e9 prameny, p\u016fvodn\u00ed texty (Bible, <span class=\"iwg-fachbegriff\" tabindex=\"0\" data-tooltip=\"Hlavn\u00ed d\u00edlo rab\u00ednsk\u00e9ho judaismu, v babylonsk\u00e9 a jeruzal\u00e9msk\u00e9 verzi; obsahuje Mi\u0161nu a Gemaru.\">Talmud<\/span>, Eddy, akkadsk\u00e9 zakl\u00ednac\u00ed tabulky, st\u0159edov\u011bk\u00e9 rukopisy), kritick\u00e9 edice, recenzovan\u00e9 odborn\u00e9 publikace. Tyto prameny jsou p\u0159\u00edmo odk\u00e1zan\u00e9, ide\u00e1ln\u011b na Internet Archive nebo na nakladatele, a citovan\u00e9 jmenovit\u011b.<\/p><p><strong>Druh\u00fd stupe\u0148:<\/strong> etnografick\u00e9 a religionistick\u00e9 pozorov\u00e1n\u00ed, ter\u00e9nn\u00ed studie, lexika <span class=\"iwg-fachbegriff\" data-tooltip=\"Souhrn tradovan\u00fdch vypr\u00e1v\u011bn\u00ed o boz\u00edch ur\u010dit\u00e9 kultury.\" tabindex=\"0\">mytologie<\/span>, standardn\u00ed d\u00edla jako <em>Handw\u00f6rterbuch des deutschen Aberglaubens<\/em> nebo <em>Encyclopedia of Religion<\/em>. <strong>T\u0159et\u00ed stupe\u0148:<\/strong> poznatky z d\u011bjin recepce, jak ur\u010dit\u00e1 postava p\u0159e\u017e\u00edv\u00e1 v modern\u00ed kultu\u0159e (pop kultura, film, \u017e\u00e1nrov\u00e1 literatura). <strong>\u010ctvrt\u00fd stupe\u0148:<\/strong> medi\u00e1ln\u011b z\u00edskan\u00e1 pozorov\u00e1n\u00ed, kter\u00e1 jsou jako takov\u00e1 v\u00fdslovn\u011b ozna\u010dena.<\/p><p>Toto stup\u0148ov\u00e1n\u00ed nevypov\u00edd\u00e1 o pravdivostn\u00edm statusu, ale o druhu n\u00e1rokovan\u00e9 platnosti. Filologicky dolo\u017een\u00e9 tvrzen\u00ed o Ovidiov\u011b popisu Lemuri\u00ed n\u00e1rokuje jinou platnost ne\u017e medi\u00e1ln\u011b z\u00edskan\u00e9 pozorov\u00e1n\u00ed o \u00fa\u010dinnosti ochrann\u00e9 mantry. Oboj\u00ed m\u00e1 sv\u00e9 m\u00edsto, ale za odli\u0161n\u00fdch p\u0159edpoklad\u016f.<\/p>\t\t\t\t\t\t\t\t<\/div>\n\t\t\t\t<\/div>\n\t\t\t\t<div class=\"elementor-element elementor-element-84385e5 elementor-widget elementor-widget-heading\" data-id=\"84385e5\" data-element_type=\"widget\" data-e-type=\"widget\" data-widget_type=\"heading.default\">\n\t\t\t\t\t<h3 class=\"elementor-heading-title elementor-size-default\">Hierarchie pramen\u016f<\/h3>\t\t\t\t<\/div>\n\t\t\t\t<div class=\"elementor-element elementor-element-6b6b0ca elementor-widget elementor-widget-heading\" data-id=\"6b6b0ca\" data-element_type=\"widget\" data-e-type=\"widget\" data-widget_type=\"heading.default\">\n\t\t\t\t\t<h3 class=\"elementor-heading-title elementor-size-default\">Rozli\u0161ov\u00e1n\u00ed m\u00edsto p\u0159\u00edslibu uzdraven\u00ed<\/h3>\t\t\t\t<\/div>\n\t\t<div class=\"elementor-element elementor-element-bw-8ce760d-04faa0d e-flex e-con-boxed e-con e-parent\" data-id=\"bw-8ce760d-04faa0d\" data-element_type=\"container\" data-e-type=\"container\" data-settings=\"{&quot;background_background&quot;:&quot;classic&quot;}\">\n\t\t\t\t\t<div class=\"e-con-inner\">\n\t\t\t\t<div class=\"elementor-element elementor-element-8ce760d elementor-widget elementor-widget-text-editor\" data-id=\"8ce760d\" data-element_type=\"widget\" data-e-type=\"widget\" data-widget_type=\"text-editor.default\">\n\t\t\t\t\t\t\t\t\t<footer class=\"iwg-literatur\"><p>Medi\u00e1ln\u00ed informace nen\u00ed n\u00e1hradou za v\u011bdeck\u00e9 pozn\u00e1n\u00ed. Nen\u00ed ani p\u0159\u00edslibem uzdraven\u00ed. Neprov\u00e1d\u00edme medi\u00e1ln\u00ed diagn\u00f3zy, kter\u00e9 by nahrazovaly l\u00e9ka\u0159skou diagnostiku, ani neslibujeme uzdraven\u00ed prost\u0159ednictv\u00edm medi\u00e1ln\u00edch z\u00e1sah\u016f. Medi\u00e1ln\u00ed praxe, se kterou pracujeme, je metodou sebereflexe a na zku\u0161enosti zalo\u017een\u00e9ho vn\u00edm\u00e1n\u00ed, nikoli terapeutickou alternativou.<\/p><p>Toto vymezen\u00ed je p\u0159\u00edtomn\u00e9 na ka\u017ed\u00e9 podrobn\u00e9 str\u00e1nce sekce Metodika: u akutn\u00edch zdravotn\u00edch probl\u00e9m\u016f odkazujeme na l\u00e9ka\u0159skou p\u00e9\u010di, u akutn\u00edch psychick\u00fdch kriz\u00ed na odpov\u00eddaj\u00edc\u00ed syst\u00e9my pomoci. Medi\u00e1ln\u00ed pr\u00e1ce je koncipov\u00e1na jako dopl\u0148kov\u00e1, nikoli jako n\u00e1hradn\u00ed praxe.<\/p><h3>Hierarchie zdroj\u016f v praxi<\/h3><p>Konkr\u00e9tn\u00ed p\u0159\u00edklad: Na str\u00e1nce o <a href=\"https:\/\/iwell-guard.com\/cs\/?page_id=145129\">Lemures<\/a> popisujeme \u0159\u00edmsk\u00fd lemurijsk\u00fd <span class=\"iwg-fachbegriff\" data-tooltip=\"Pevn\u011b stanoven\u00fd, opakuj\u00edc\u00ed se n\u00e1bo\u017eensk\u00fd \u00fakon.\" tabindex=\"0\">ritu\u00e1l<\/span> na z\u00e1klad\u011b Ovidiov\u00fdch <em>Fasti<\/em> V (479, 492). To je \u00farove\u0148 1, p\u0159\u00edmo citovan\u00e1, s odkazem na kritick\u00e9 vyd\u00e1n\u00ed.<\/p><p>D\u00e1le popisujeme religionistick\u00e9 za\u0159azen\u00ed v kontextu \u0159\u00edmsk\u00e9 kultu mrtv\u00fdch, \u00farove\u0148 2, s odkazem na standardn\u00ed d\u00edla jako je Johna Scheida <em>Religion und <span class=\"iwg-fachbegriff\" data-tooltip=\"Pro\u017e\u00edvan\u00fd n\u00e1bo\u017eensk\u00fd postoj a praxe \u010dlov\u011bka.\" tabindex=\"0\">Fr\u00f6mmigkeit<\/span> der R\u00f6mer<\/em>. Zmi\u0148ujeme modern\u00ed recepci ve filmu a literatu\u0159e, \u00farove\u0148 3. A pokud je to relevantn\u00ed, odkazujeme na medi\u00e1ln\u011b z\u00edskan\u00e1 pozorov\u00e1n\u00ed o \u00fa\u010dinnosti tradi\u010dn\u00edch praktik ochrany p\u0159ed Lemures, \u00farove\u0148 4, v\u00fdslovn\u011b ozna\u010denou.<\/p><p>Tak vznik\u00e1 vrstven\u00fd v\u00fdklad: ka\u017ed\u00e1 \u010dten\u00e1\u0159ka m\u016f\u017ee vstoupit na kteroukoli \u00farove\u0148 podle vlastn\u00edho pozn\u00e1vac\u00edho nastaven\u00ed. V\u011bdecky orientovan\u00e1 \u010dten\u00e1\u0159ka \u00farove\u0148 4 p\u0159esko\u010d\u00ed, \u010dten\u00e1\u0159ka obezn\u00e1men\u00e1 s medi\u00e1ln\u00ed prax\u00ed ji bude pova\u017eovat za kl\u00ed\u010dovou. Ob\u011b na str\u00e1nce najdou to, co hledaj\u00ed.<\/p><h3>Co ned\u011bl\u00e1me<\/h3><p>Nevyd\u00e1v\u00e1me pseudov\u011bdeck\u00fd jazyk za v\u011bdu. Nem\u00eds\u00edme medi\u00e1ln\u011b z\u00edskan\u00e1 tvrzen\u00ed s filologicky dolo\u017een\u00fdmi fakty. Neslibujeme \u017e\u00e1dn\u00e9 medi\u00e1ln\u00ed \u201ez\u00e1ruky\u201c nebo \u201eabsolutn\u00ed ochrannou \u00fa\u010dinnost\u201c. Netvrd\u00edme, \u017ee medi\u00e1ln\u00ed vn\u00edm\u00e1n\u00ed je jedinou nebo nejvy\u0161\u0161\u00ed formou pozn\u00e1n\u00ed.<\/p><p>To, co d\u011bl\u00e1me, je mnohem skromn\u011bj\u0161\u00ed, ale douf\u00e1me, \u017ee z dlouhodob\u00e9ho hlediska odoln\u011bj\u0161\u00ed: odkr\u00fdv\u00e1me zdroje sv\u00fdch tvrzen\u00ed, ozna\u010dujeme povahu n\u00e1roku na platnost a hodnocen\u00ed ponech\u00e1v\u00e1me na \u010dten\u00e1\u0159k\u00e1ch a \u010dten\u00e1\u0159\u00edch.<\/p><h3>Medi\u00e1ln\u00ed praxe a kritick\u00e1 reflexe<\/h3><p>Poctiv\u00e1 medi\u00e1ln\u00ed praxe \u017eije ze dvou pohyb\u016f, kter\u00e9 pat\u0159\u00ed k sob\u011b: d\u016fv\u011bry ve vlastn\u00ed vn\u00edm\u00e1n\u00ed a kritick\u00e9 reflexe zdroj\u016f chyb. D\u016fv\u011bra proto, \u017ee bez n\u00ed by se praxe v\u016fbec nerozb\u011bhla.<\/p><p>Kritick\u00e1 reflexe proto, \u017ee medi\u00e1ln\u00ed vn\u00edm\u00e1n\u00ed, stejn\u011b jako ka\u017ed\u00e9 jin\u00e9 vn\u00edm\u00e1n\u00ed, je n\u00e1chyln\u00e9 k chyb\u00e1m: zkreslen\u00e9 o\u010dek\u00e1v\u00e1n\u00edm, zabarven\u00e9 p\u0159enosem, p\u0159ekryt\u00e9 vlastn\u00edmi psychick\u00fdmi obsahy. Kdo oboj\u00ed nespoj\u00ed, skon\u010d\u00ed bu\u010f v nekritick\u00e9m nad\u0161en\u00ed, nebo v pau\u0161\u00e1ln\u00edm odm\u00edt\u00e1n\u00ed, oboj\u00ed praxi zbavuje smyslu.<\/p><h3>Medi\u00e1ln\u00ed informace a kolektivn\u00ed vrstvy v\u00fdznamu<\/h3><p>Dal\u0161\u00ed vrstva, kter\u00e1 nen\u00ed v hierarchii zdroj\u016f v\u00fdslovn\u011b uvedena, ale v praxi je d\u016fle\u017eit\u00e1, je kolektivn\u00ed d\u011bjiny v\u00fdznamu dan\u00e9 t\u0159\u00eddy bytost\u00ed.<\/p><p>Pokud \u017eidovsko-rab\u00ednsk\u00e1 tradice ch\u00e1pe Lilith jako ohro\u017een\u00ed \u0161estined\u011blek, akkadsk\u00e9 zakl\u00ednac\u00ed tabulky Lama\u0161tu jako <span class=\"iwg-fachbegriff\" data-tooltip=\"Duchovn\u00ed bytost, kter\u00e9 je p\u0159ipisov\u00e1no \u0161kodliv\u00e9 nebo dvojzna\u010dn\u00e9 p\u016fsoben\u00ed.\" tabindex=\"0\">d\u00e9mona<\/span> ohro\u017euj\u00edc\u00edho d\u011bti a \u0159\u00edmsk\u00e9 Ovidiovy texty Lemures jako neklidn\u00e9 mrtv\u00e9, jde o v\u00edc ne\u017e jen v\u00fd\u010det historick\u00fdch v\u00fdrok\u016f. Je to mezikulturn\u00ed tradice pozorov\u00e1n\u00ed, v n\u00ed\u017e jsou ur\u010dit\u00e9 typy zku\u0161enost\u00ed po stalet\u00ed popisov\u00e1ny stejn\u011b nebo podobn\u011b.<\/p><p>Tuto shodu nebereme jako d\u016fkaz, ale jako metodick\u00fd indik\u00e1tor. Tam, kde nez\u00e1visl\u00e9 tradice dosp\u00edvaj\u00ed k podobn\u00fdm popis\u016fm, je vy\u0161\u0161\u00ed pravd\u011bpodobnost, \u017ee m\u00ed\u0159\u00ed na re\u00e1lnou zku\u0161enostn\u00ed podstatu, i kdy\u017e jej\u00ed ontologick\u00fd status z\u016fst\u00e1v\u00e1 otev\u0159en\u00fd. Toto pozorov\u00e1n\u00ed je d\u016fvodem pro na\u0161e d\u016fsledn\u011b srovn\u00e1vac\u00ed pojet\u00ed popisu bytost\u00ed.<\/p><div data-nosnippet=\"true\" class=\"iwg-litliste\"><p><strong>Standardn\u00ed literatura (srovn\u00e1vac\u00ed <span class=\"iwg-fachbegriff\" data-tooltip=\"V\u011bda, kter\u00e1 zkoum\u00e1 n\u00e1bo\u017eenstv\u00ed srovn\u00e1vac\u00edm zp\u016fsobem bez vyznava\u010dsk\u00e9 v\u00e1zanosti.\" tabindex=\"0\">religionistika<\/span>):<\/strong><\/p><ul><li><span data-nosnippet><strong>Hanegraaff, Wouter J. (Ed.)<\/strong>: <em>Dictionary of <span class=\"iwg-fachbegriff\" data-tooltip=\"Pozdn\u011b antick\u00fd n\u00e1bo\u017eensk\u00fd sm\u011br, kter\u00fd u\u010dil sp\u00e1su prost\u0159ednictv\u00edm zvl\u00e1\u0161tn\u00edho sp\u00e1sn\u00e9ho pozn\u00e1n\u00ed.\" tabindex=\"0\">gn\u00f3ze<\/span> and Western Esotericism. Brill, Leiden 2005.<\/em><\/span><\/li><li><span data-nosnippet><strong>Smith, Jonathan Z.<\/strong>: <em>Map Is Not Territory. Studies in the History of Religions. Brill, Leiden 1978.<\/em><\/span><\/li><\/ul><\/div><\/footer>\n<p class=\"iwg-bib-more\"><span data-nosnippet>Dal\u0161\u00ed standardn\u00ed d\u00edla v <a href=\"https:\/\/iwell-guard.com\/cs\/?page_id=145257\">seznamu literatury<\/a>.<\/span><\/p>\t\t\t\t\t\t\t\t<\/div>\n\t\t\t\t\t<\/div>\n\t\t\t\t<\/div>\n\t\t\t\t\t<\/div>\n\t\t\t\t<\/div>\n\t\t\t\t<\/div>\n\t\t","protected":false},"excerpt":{"rendered":"","protected":false},"author":3,"featured_media":2287,"parent":0,"menu_order":0,"comment_status":"closed","ping_status":"closed","template":"elementor_header_footer","meta":{"_yoast_wpseo_focuskw":"mediale-information","_yoast_wpseo_title":"Medi\u00e1ln\u00ed informace \u2013 iWell Guard","_yoast_wpseo_metadesc":"Jak za\u0159azujeme a ozna\u010dujeme informace z medi\u00e1ln\u00edch kan\u00e1l\u016f a porovn\u00e1v\u00e1me je s historick\u00fdmi prameny.","_yoast_wpseo_meta-robots-noindex":"","_yoast_wpseo_canonical":"","_angie_page":false,"gefaehrdungsstufe":"","wesen_kultur":"","wesen_klasse":"","footnotes":""},"categories":[],"class_list":["post-145252","page","type-page","status-publish","has-post-thumbnail","hentry"],"yoast_head":"<!-- This site is optimized with the Yoast SEO Premium plugin v27.7 (Yoast SEO v28.3) - https:\/\/yoast.com\/product\/yoast-seo-premium-wordpress\/ -->\n<title>Medi\u00e1ln\u00ed informace \u2013 iWell Guard<\/title>\n<meta name=\"description\" content=\"Jak za\u0159azujeme a ozna\u010dujeme informace z medi\u00e1ln\u00edch kan\u00e1l\u016f a porovn\u00e1v\u00e1me je s historick\u00fdmi prameny.\" \/>\n<meta name=\"robots\" content=\"index, follow, max-snippet:-1, max-image-preview:large, max-video-preview:-1\" \/>\n<link rel=\"canonical\" href=\"https:\/\/iwell-guard.com\/cs\/medialni-informace\/\" \/>\n<meta property=\"og:locale\" content=\"cs_CZ\" \/>\n<meta property=\"og:type\" content=\"article\" \/>\n<meta property=\"og:title\" content=\"Medi\u00e1ln\u00ed informace\" \/>\n<meta property=\"og:description\" content=\"Jak za\u0159azujeme a ozna\u010dujeme informace z medi\u00e1ln\u00edch kan\u00e1l\u016f a porovn\u00e1v\u00e1me je s historick\u00fdmi prameny.\" \/>\n<meta property=\"og:url\" content=\"https:\/\/iwell-guard.com\/cs\/medialni-informace\/\" \/>\n<meta property=\"og:site_name\" content=\"iWell Guard\" \/>\n<meta property=\"article:modified_time\" content=\"2026-09-03T16:51:02+00:00\" \/>\n<meta property=\"og:image\" content=\"https:\/\/iwell-guard.com\/wp-content\/uploads\/2026\/05\/themen_mediale-information.webp\" \/>\n\t<meta property=\"og:image:width\" content=\"1024\" \/>\n\t<meta property=\"og:image:height\" content=\"1536\" \/>\n\t<meta property=\"og:image:type\" content=\"image\/webp\" \/>\n<meta name=\"twitter:card\" content=\"summary_large_image\" \/>\n<script type=\"application\/ld+json\" class=\"yoast-schema-graph\">{\"@context\":\"https:\\\/\\\/schema.org\",\"@graph\":[{\"@type\":\"WebPage\",\"@id\":\"https:\\\/\\\/iwell-guard.com\\\/cs\\\/medialni-informace\\\/\",\"url\":\"https:\\\/\\\/iwell-guard.com\\\/cs\\\/medialni-informace\\\/\",\"name\":\"Medi\u00e1ln\u00ed informace \u2013 iWell Guard\",\"isPartOf\":{\"@id\":\"https:\\\/\\\/iwell-guard.com\\\/cs\\\/#website\"},\"primaryImageOfPage\":{\"@id\":\"https:\\\/\\\/iwell-guard.com\\\/cs\\\/medialni-informace\\\/#primaryimage\"},\"image\":{\"@id\":\"https:\\\/\\\/iwell-guard.com\\\/cs\\\/medialni-informace\\\/#primaryimage\"},\"thumbnailUrl\":\"https:\\\/\\\/iwell-guard.com\\\/wp-content\\\/uploads\\\/2026\\\/05\\\/themen_mediale-information.webp\",\"datePublished\":\"2026-09-03T16:28:32+00:00\",\"dateModified\":\"2026-09-03T16:51:02+00:00\",\"description\":\"Jak za\u0159azujeme a ozna\u010dujeme informace z medi\u00e1ln\u00edch kan\u00e1l\u016f a porovn\u00e1v\u00e1me je s historick\u00fdmi prameny.\",\"breadcrumb\":{\"@id\":\"https:\\\/\\\/iwell-guard.com\\\/cs\\\/medialni-informace\\\/#breadcrumb\"},\"inLanguage\":\"cs\",\"potentialAction\":[{\"@type\":\"ReadAction\",\"target\":[\"https:\\\/\\\/iwell-guard.com\\\/cs\\\/medialni-informace\\\/\"]}]},{\"@type\":\"ImageObject\",\"inLanguage\":\"cs\",\"@id\":\"https:\\\/\\\/iwell-guard.com\\\/cs\\\/medialni-informace\\\/#primaryimage\",\"url\":\"https:\\\/\\\/iwell-guard.com\\\/wp-content\\\/uploads\\\/2026\\\/05\\\/themen_mediale-information.webp\",\"contentUrl\":\"https:\\\/\\\/iwell-guard.com\\\/wp-content\\\/uploads\\\/2026\\\/05\\\/themen_mediale-information.webp\",\"width\":1024,\"height\":1536,\"caption\":\"Sed\u00edc\u00ed osoba v transu se st\u0159\u00edbrno-zlat\u00fdm sv\u011bteln\u00fdm pramenem sm\u011b\u0159uj\u00edc\u00edm vzh\u016fru\"},{\"@type\":\"BreadcrumbList\",\"@id\":\"https:\\\/\\\/iwell-guard.com\\\/cs\\\/medialni-informace\\\/#breadcrumb\",\"itemListElement\":[{\"@type\":\"ListItem\",\"position\":1,\"name\":\"Start\",\"item\":\"https:\\\/\\\/iwell-guard.com\\\/cs\\\/?page_id=145107\"},{\"@type\":\"ListItem\",\"position\":2,\"name\":\"Medi\u00e1ln\u00ed informace\"}]},{\"@type\":\"WebSite\",\"@id\":\"https:\\\/\\\/iwell-guard.com\\\/cs\\\/#website\",\"url\":\"https:\\\/\\\/iwell-guard.com\\\/cs\\\/\",\"name\":\"iWell Guard\",\"description\":\"Schutz vor dunklen Einfl\u00fcssen\",\"publisher\":{\"@id\":\"https:\\\/\\\/iwell-guard.com\\\/cs\\\/#organization\"},\"potentialAction\":[{\"@type\":\"SearchAction\",\"target\":{\"@type\":\"EntryPoint\",\"urlTemplate\":\"https:\\\/\\\/iwell-guard.com\\\/cs\\\/?s={search_term_string}\"},\"query-input\":{\"@type\":\"PropertyValueSpecification\",\"valueRequired\":true,\"valueName\":\"search_term_string\"}}],\"inLanguage\":\"cs\"},{\"@type\":\"Organization\",\"@id\":\"https:\\\/\\\/iwell-guard.com\\\/cs\\\/#organization\",\"name\":\"Ittermann electronic GmbH\",\"url\":\"https:\\\/\\\/iwell-guard.com\\\/cs\\\/\",\"logo\":{\"@type\":\"ImageObject\",\"inLanguage\":\"cs\",\"@id\":\"https:\\\/\\\/iwell-guard.com\\\/cs\\\/#\\\/schema\\\/logo\\\/image\\\/\",\"url\":\"https:\\\/\\\/iwell-guard.com\\\/wp-content\\\/uploads\\\/2026\\\/05\\\/Ittermann-Logo-1182x237-1.png\",\"contentUrl\":\"https:\\\/\\\/iwell-guard.com\\\/wp-content\\\/uploads\\\/2026\\\/05\\\/Ittermann-Logo-1182x237-1.png\",\"width\":1182,\"height\":237,\"caption\":\"Ittermann electronic GmbH\"},\"image\":{\"@id\":\"https:\\\/\\\/iwell-guard.com\\\/cs\\\/#\\\/schema\\\/logo\\\/image\\\/\"},\"sameAs\":[\"https:\\\/\\\/pantip.com\\\/profile\\\/9367242\",\"https:\\\/\\\/micro.blog\\\/iwellguard\",\"https:\\\/\\\/www.diggerslist.com\\\/iwellguard\\\/about\",\"https:\\\/\\\/skitterphoto.com\\\/photographers\\\/2870314\\\/iwell-guard\",\"https:\\\/\\\/iwellguard.wordpress.com\\\/2026\\\/06\\\/06\\\/iwell-guard\\\/\",\"https:\\\/\\\/hub.docker.com\\\/u\\\/iwellguard\",\"https:\\\/\\\/www.pinterest.com\\\/iwellguard\\\/\",\"https:\\\/\\\/bit.ly\\\/m\\\/iwellguard\",\"https:\\\/\\\/entre-vos-mains.alsace.eu\\\/profiles\\\/iwellguard\\\/activity\",\"https:\\\/\\\/gravatar.com\\\/reallybeded8fd34\",\"https:\\\/\\\/naijamatta.com\\\/iwellguard\",\"https:\\\/\\\/www.goodreads.com\\\/iwellguard\",\"https:\\\/\\\/profile.hatena.ne.jp\\\/iwellguard\\\/\",\"https:\\\/\\\/experiment.com\\\/users\\\/iwellguard\",\"https:\\\/\\\/wakelet.com\\\/@iWellGuard82270\",\"https:\\\/\\\/www.chordie.com\\\/forum\\\/profile.php?id=2555664\",\"https:\\\/\\\/www.instapaper.com\\\/p\\\/17757966\",\"https:\\\/\\\/www.mapleprimes.com\\\/users\\\/iwellguard\",\"https:\\\/\\\/businesslistingplus.com\\\/profile\\\/iwell-guard\\\/\",\"https:\\\/\\\/telegra.ph\\\/iWell-Guard-06-06\",\"https:\\\/\\\/pbase.com\\\/iwellguard\\\/iwellguard\",\"https:\\\/\\\/b.hatena.ne.jp\\\/iwellguard\\\/20260607#bookmark-4788405196491818882\",\"https:\\\/\\\/fliphtml5.com\\\/home\\\/iwellguard\",\"https:\\\/\\\/anyflip.com\\\/homepage\\\/cmiwl#About\",\"https:\\\/\\\/transfur.com\\\/Users\\\/iwellguard\",\"http:\\\/\\\/delphi.larsbo.org\\\/user\\\/iwellguard\",\"https:\\\/\\\/jobs.lajobsportal.org\\\/profiles\\\/8380803-iwell-guard\",\"https:\\\/\\\/md.chaosdorf.de\\\/s\\\/jfbe5SBdJD\",\"https:\\\/\\\/www.lingvolive.com\\\/en-us\\\/profile\\\/9ecaeaca-ce11-4e51-9e71-01d55e2bff36\\\/translations\",\"https:\\\/\\\/www.fitday.com\\\/fitness\\\/forums\\\/members\\\/iwellguard.html\",\"https:\\\/\\\/www.mymeetbook.com\\\/iwellguard\",\"https:\\\/\\\/pxhere.com\\\/en\\\/photographer-me\\\/5040798\",\"https:\\\/\\\/disqus.com\\\/by\\\/iwellguard\\\/about\\\/\",\"https:\\\/\\\/pastelink.net\\\/hjwciqwq\",\"https:\\\/\\\/pubhtml5.com\\\/homepage\\\/scjhn\\\/\",\"https:\\\/\\\/www.bitchute.com\\\/channel\\\/2O2eOKzNqujT\",\"https:\\\/\\\/audiomack.com\\\/iwellguard\"]}]}<\/script>\n<!-- \/ Yoast SEO Premium plugin. -->","yoast_head_json":{"title":"Medi\u00e1ln\u00ed informace \u2013 iWell Guard","description":"Jak za\u0159azujeme a ozna\u010dujeme informace z medi\u00e1ln\u00edch kan\u00e1l\u016f a porovn\u00e1v\u00e1me je s historick\u00fdmi prameny.","robots":{"index":"index","follow":"follow","max-snippet":"max-snippet:-1","max-image-preview":"max-image-preview:large","max-video-preview":"max-video-preview:-1"},"canonical":"https:\/\/iwell-guard.com\/cs\/medialni-informace\/","og_locale":"cs_CZ","og_type":"article","og_title":"Medi\u00e1ln\u00ed informace","og_description":"Jak za\u0159azujeme a ozna\u010dujeme informace z medi\u00e1ln\u00edch kan\u00e1l\u016f a porovn\u00e1v\u00e1me je s historick\u00fdmi prameny.","og_url":"https:\/\/iwell-guard.com\/cs\/medialni-informace\/","og_site_name":"iWell Guard","article_modified_time":"2026-09-03T16:51:02+00:00","og_image":[{"width":1024,"height":1536,"url":"https:\/\/iwell-guard.com\/wp-content\/uploads\/2026\/05\/themen_mediale-information.webp","type":"image\/webp"}],"twitter_card":"summary_large_image","schema":{"@context":"https:\/\/schema.org","@graph":[{"@type":"WebPage","@id":"https:\/\/iwell-guard.com\/cs\/medialni-informace\/","url":"https:\/\/iwell-guard.com\/cs\/medialni-informace\/","name":"Medi\u00e1ln\u00ed informace \u2013 iWell Guard","isPartOf":{"@id":"https:\/\/iwell-guard.com\/cs\/#website"},"primaryImageOfPage":{"@id":"https:\/\/iwell-guard.com\/cs\/medialni-informace\/#primaryimage"},"image":{"@id":"https:\/\/iwell-guard.com\/cs\/medialni-informace\/#primaryimage"},"thumbnailUrl":"https:\/\/iwell-guard.com\/wp-content\/uploads\/2026\/05\/themen_mediale-information.webp","datePublished":"2026-09-03T16:28:32+00:00","dateModified":"2026-09-03T16:51:02+00:00","description":"Jak za\u0159azujeme a ozna\u010dujeme informace z medi\u00e1ln\u00edch kan\u00e1l\u016f a porovn\u00e1v\u00e1me je s historick\u00fdmi prameny.","breadcrumb":{"@id":"https:\/\/iwell-guard.com\/cs\/medialni-informace\/#breadcrumb"},"inLanguage":"cs","potentialAction":[{"@type":"ReadAction","target":["https:\/\/iwell-guard.com\/cs\/medialni-informace\/"]}]},{"@type":"ImageObject","inLanguage":"cs","@id":"https:\/\/iwell-guard.com\/cs\/medialni-informace\/#primaryimage","url":"https:\/\/iwell-guard.com\/wp-content\/uploads\/2026\/05\/themen_mediale-information.webp","contentUrl":"https:\/\/iwell-guard.com\/wp-content\/uploads\/2026\/05\/themen_mediale-information.webp","width":1024,"height":1536,"caption":"Sed\u00edc\u00ed osoba v transu se st\u0159\u00edbrno-zlat\u00fdm sv\u011bteln\u00fdm pramenem sm\u011b\u0159uj\u00edc\u00edm vzh\u016fru"},{"@type":"BreadcrumbList","@id":"https:\/\/iwell-guard.com\/cs\/medialni-informace\/#breadcrumb","itemListElement":[{"@type":"ListItem","position":1,"name":"Start","item":"https:\/\/iwell-guard.com\/cs\/?page_id=145107"},{"@type":"ListItem","position":2,"name":"Medi\u00e1ln\u00ed informace"}]},{"@type":"WebSite","@id":"https:\/\/iwell-guard.com\/cs\/#website","url":"https:\/\/iwell-guard.com\/cs\/","name":"iWell Guard","description":"Schutz vor dunklen Einfl\u00fcssen","publisher":{"@id":"https:\/\/iwell-guard.com\/cs\/#organization"},"potentialAction":[{"@type":"SearchAction","target":{"@type":"EntryPoint","urlTemplate":"https:\/\/iwell-guard.com\/cs\/?s={search_term_string}"},"query-input":{"@type":"PropertyValueSpecification","valueRequired":true,"valueName":"search_term_string"}}],"inLanguage":"cs"},{"@type":"Organization","@id":"https:\/\/iwell-guard.com\/cs\/#organization","name":"Ittermann electronic GmbH","url":"https:\/\/iwell-guard.com\/cs\/","logo":{"@type":"ImageObject","inLanguage":"cs","@id":"https:\/\/iwell-guard.com\/cs\/#\/schema\/logo\/image\/","url":"https:\/\/iwell-guard.com\/wp-content\/uploads\/2026\/05\/Ittermann-Logo-1182x237-1.png","contentUrl":"https:\/\/iwell-guard.com\/wp-content\/uploads\/2026\/05\/Ittermann-Logo-1182x237-1.png","width":1182,"height":237,"caption":"Ittermann electronic GmbH"},"image":{"@id":"https:\/\/iwell-guard.com\/cs\/#\/schema\/logo\/image\/"},"sameAs":["https:\/\/pantip.com\/profile\/9367242","https:\/\/micro.blog\/iwellguard","https:\/\/www.diggerslist.com\/iwellguard\/about","https:\/\/skitterphoto.com\/photographers\/2870314\/iwell-guard","https:\/\/iwellguard.wordpress.com\/2026\/06\/06\/iwell-guard\/","https:\/\/hub.docker.com\/u\/iwellguard","https:\/\/www.pinterest.com\/iwellguard\/","https:\/\/bit.ly\/m\/iwellguard","https:\/\/entre-vos-mains.alsace.eu\/profiles\/iwellguard\/activity","https:\/\/gravatar.com\/reallybeded8fd34","https:\/\/naijamatta.com\/iwellguard","https:\/\/www.goodreads.com\/iwellguard","https:\/\/profile.hatena.ne.jp\/iwellguard\/","https:\/\/experiment.com\/users\/iwellguard","https:\/\/wakelet.com\/@iWellGuard82270","https:\/\/www.chordie.com\/forum\/profile.php?id=2555664","https:\/\/www.instapaper.com\/p\/17757966","https:\/\/www.mapleprimes.com\/users\/iwellguard","https:\/\/businesslistingplus.com\/profile\/iwell-guard\/","https:\/\/telegra.ph\/iWell-Guard-06-06","https:\/\/pbase.com\/iwellguard\/iwellguard","https:\/\/b.hatena.ne.jp\/iwellguard\/20260607#bookmark-4788405196491818882","https:\/\/fliphtml5.com\/home\/iwellguard","https:\/\/anyflip.com\/homepage\/cmiwl#About","https:\/\/transfur.com\/Users\/iwellguard","http:\/\/delphi.larsbo.org\/user\/iwellguard","https:\/\/jobs.lajobsportal.org\/profiles\/8380803-iwell-guard","https:\/\/md.chaosdorf.de\/s\/jfbe5SBdJD","https:\/\/www.lingvolive.com\/en-us\/profile\/9ecaeaca-ce11-4e51-9e71-01d55e2bff36\/translations","https:\/\/www.fitday.com\/fitness\/forums\/members\/iwellguard.html","https:\/\/www.mymeetbook.com\/iwellguard","https:\/\/pxhere.com\/en\/photographer-me\/5040798","https:\/\/disqus.com\/by\/iwellguard\/about\/","https:\/\/pastelink.net\/hjwciqwq","https:\/\/pubhtml5.com\/homepage\/scjhn\/","https:\/\/www.bitchute.com\/channel\/2O2eOKzNqujT","https:\/\/audiomack.com\/iwellguard"]}]}},"_links":{"self":[{"href":"https:\/\/iwell-guard.com\/cs\/wp-json\/wp\/v2\/pages\/145252","targetHints":{"allow":["GET"]}}],"collection":[{"href":"https:\/\/iwell-guard.com\/cs\/wp-json\/wp\/v2\/pages"}],"about":[{"href":"https:\/\/iwell-guard.com\/cs\/wp-json\/wp\/v2\/types\/page"}],"author":[{"embeddable":true,"href":"https:\/\/iwell-guard.com\/cs\/wp-json\/wp\/v2\/users\/3"}],"replies":[{"embeddable":true,"href":"https:\/\/iwell-guard.com\/cs\/wp-json\/wp\/v2\/comments?post=145252"}],"version-history":[{"count":0,"href":"https:\/\/iwell-guard.com\/cs\/wp-json\/wp\/v2\/pages\/145252\/revisions"}],"wp:featuredmedia":[{"embeddable":true,"href":"https:\/\/iwell-guard.com\/cs\/wp-json\/wp\/v2\/media\/2287"}],"wp:attachment":[{"href":"https:\/\/iwell-guard.com\/cs\/wp-json\/wp\/v2\/media?parent=145252"}],"wp:term":[{"taxonomy":"category","embeddable":true,"href":"https:\/\/iwell-guard.com\/cs\/wp-json\/wp\/v2\/categories?post=145252"}],"curies":[{"name":"wp","href":"https:\/\/api.w.org\/{rel}","templated":true}]}}