{"id":145250,"date":"2026-09-03T16:28:30","date_gmt":"2026-09-03T16:28:30","guid":{"rendered":"https:\/\/iwell-guard.com\/?page_id=145250"},"modified":"2026-09-03T16:50:57","modified_gmt":"2026-09-03T16:50:57","slug":"ochrana-osobnich-udaju","status":"publish","type":"page","link":"https:\/\/iwell-guard.com\/cs\/ochrana-osobnich-udaju\/","title":{"rendered":"Ochrana osobn\u00edch \u00fadaj\u016f"},"content":{"rendered":"\t\t<div data-elementor-type=\"wp-page\" data-elementor-id=\"145250\" class=\"elementor elementor-145250 elementor-1908 elementor-bc-flex-widget\" data-elementor-post-type=\"page\">\n\t\t\t\t<div class=\"elementor-element elementor-element-x-h1-1908 e-con-boxed e-flex e-con e-parent\" data-id=\"x-h1-1908\" data-element_type=\"container\" data-e-type=\"container\">\n\t\t\t\t\t<div class=\"e-con-inner\">\n\t\t\t\t<div class=\"elementor-element elementor-element-x-h1w-1908 elementor-widget elementor-widget-heading\" data-id=\"x-h1w-1908\" data-element_type=\"widget\" data-e-type=\"widget\" data-widget_type=\"heading.default\">\n\t\t\t\t\t<h1 class=\"elementor-heading-title elementor-size-default\">Ochrana osobn\u00edch \u00fadaj\u016f, povinn\u00e9 informace dle GDPR<\/h1>\t\t\t\t<\/div>\n\t\t\t\t\t<\/div>\n\t\t\t\t<\/div>\n\t\t\t\t<section class=\"elementor-section elementor-top-section elementor-element elementor-element-sec-iwgcomp2-datenschutz elementor-section-boxed elementor-section-height-default elementor-section-height-default\" data-id=\"sec-iwgcomp2-datenschutz\" data-element_type=\"section\" data-e-type=\"section\">\n\t\t\t\t\t\t<div class=\"elementor-container elementor-column-gap-default\">\n\t\t\t\t\t<div class=\"elementor-column elementor-col-100 elementor-top-column elementor-element elementor-element-col-iwgcomp2-datenschutz\" data-id=\"col-iwgcomp2-datenschutz\" data-element_type=\"column\" data-e-type=\"column\">\n\t\t\t<div class=\"elementor-widget-wrap elementor-element-populated\">\n\t\t\t\t\t\t<div class=\"elementor-element elementor-element-iwgcomp2-datenschutz elementor-widget elementor-widget-text-editor\" data-id=\"iwgcomp2-datenschutz\" data-element_type=\"widget\" data-e-type=\"widget\" data-widget_type=\"text-editor.default\">\n\t\t\t\t\t\t\t\t\t<p><strong>Ustanoven\u00ed o ochran\u011b osobn\u00edch \u00fadaj\u016f<\/strong> podle GDPR spole\u010dnosti Ittermann electronic GmbH.<\/p>\t\t\t\t\t\t\t\t<\/div>\n\t\t\t\t\t<\/div>\n\t\t<\/div>\n\t\t\t\t\t<\/div>\n\t\t<\/section>\n\t\t<div class=\"elementor-element elementor-element-restoreh-datenschutz e-con-boxed e-flex e-con e-parent\" data-id=\"restoreh-datenschutz\" data-element_type=\"container\" data-e-type=\"container\">\n\t\t\t\t\t<div class=\"e-con-inner\">\n\t\t\t\t<div class=\"elementor-element elementor-element-restorei-datenschutz elementor-widget elementor-widget-image\" data-id=\"restorei-datenschutz\" data-element_type=\"widget\" data-e-type=\"widget\" data-widget_type=\"image.default\">\n\t\t\t\t\t\t\t\t\t\t\t\t\t\t\t<img fetchpriority=\"high\" decoding=\"async\" width=\"800\" height=\"441\" src=\"https:\/\/iwell-guard.com\/wp-content\/uploads\/2026\/05\/Praktiken-1200x661-Hintergrund-sym-1024x564.webp\" class=\"attachment-large size-large wp-image-147434\" alt=\"Podkladov\u00e1 dla\u017edice pro str\u00e1nky Praktiky, 1200\u00d7661 jako dla\u017edice\" srcset=\"https:\/\/iwell-guard.com\/wp-content\/uploads\/2026\/05\/Praktiken-1200x661-Hintergrund-sym-1024x564.webp 1024w, https:\/\/iwell-guard.com\/wp-content\/uploads\/2026\/05\/Praktiken-1200x661-Hintergrund-sym-300x165.webp 300w, https:\/\/iwell-guard.com\/wp-content\/uploads\/2026\/05\/Praktiken-1200x661-Hintergrund-sym-768x423.webp 768w, https:\/\/iwell-guard.com\/wp-content\/uploads\/2026\/05\/Praktiken-1200x661-Hintergrund-sym.webp 1200w\" sizes=\"(max-width: 800px) 100vw, 800px\" \/>\t\t\t\t\t\t\t\t\t\t\t\t\t\t\t<\/div>\n\t\t\t\t\t<\/div>\n\t\t\t\t<\/div>\n\t\t<div class=\"elementor-element elementor-element-ds-s0 e-con-boxed e-flex e-con e-parent\" data-id=\"ds-s0\" data-element_type=\"container\" data-e-type=\"container\">\n\t\t\t\t\t<div class=\"e-con-inner\">\n\t\t\t\t<div class=\"elementor-element elementor-element-ds-h0 elementor-widget elementor-widget-heading\" data-id=\"ds-h0\" data-element_type=\"widget\" data-e-type=\"widget\" data-widget_type=\"heading.default\">\n\t\t\t\t\t<h2 class=\"elementor-heading-title elementor-size-default\">Obecn\u00e9 upozorn\u011bn\u00ed a povinn\u00e9 informace<\/h2>\t\t\t\t<\/div>\n\t\t<div class=\"elementor-element elementor-element-ds-s0-bw e-flex e-con-boxed e-con e-parent\" data-id=\"ds-s0-bw\" data-element_type=\"container\" data-e-type=\"container\" data-settings=\"{&quot;background_background&quot;:&quot;classic&quot;}\">\n\t\t\t\t\t<div class=\"e-con-inner\">\n\t\t\t\t<div class=\"elementor-element elementor-element-ds-t0 elementor-widget elementor-widget-text-editor\" data-id=\"ds-t0\" data-element_type=\"widget\" data-e-type=\"widget\" data-widget_type=\"text-editor.default\">\n\t\t\t\t\t\t\t\t\t<p><strong>Ozna\u010den\u00ed odpov\u011bdn\u00e9ho subjektu<\/strong><\/p><p>Subjektem odpov\u011bdn\u00fdm za zpracov\u00e1n\u00ed \u00fadaj\u016f na t\u011bchto webov\u00fdch str\u00e1nk\u00e1ch je:<\/p><p>Ittermann electronic GmbH<br>Ralf Ittermann<br>K\u00f6hlergasse 16, 18<br>99842 Ruhla<\/p><p>Odpov\u011bdn\u00fd subjekt rozhoduje samostatn\u011b nebo spole\u010dn\u011b s jin\u00fdmi o \u00fa\u010delech a prost\u0159edc\u00edch zpracov\u00e1n\u00ed osobn\u00edch \u00fadaj\u016f (nap\u0159. jmen, kontaktn\u00edch \u00fadaj\u016f apod.).<\/p><p><strong>Odvol\u00e1n\u00ed va\u0161eho souhlasu se zpracov\u00e1n\u00edm \u00fadaj\u016f<\/strong><\/p><p>N\u011bkter\u00e9 procesy zpracov\u00e1n\u00ed \u00fadaj\u016f jsou mo\u017en\u00e9 pouze s va\u0161\u00edm v\u00fdslovn\u00fdm souhlasem. Odvol\u00e1n\u00ed ji\u017e ud\u011blen\u00e9ho souhlasu je mo\u017en\u00e9 kdykoliv. K odvol\u00e1n\u00ed posta\u010duje neform\u00e1ln\u00ed sd\u011blen\u00ed e-mailem. Z\u00e1konnost zpracov\u00e1n\u00ed \u00fadaj\u016f proveden\u00e9ho a\u017e do okam\u017eiku odvol\u00e1n\u00ed z\u016fst\u00e1v\u00e1 odvol\u00e1n\u00edm nedot\u010dena.<\/p><p><strong>Pr\u00e1vo na pod\u00e1n\u00ed st\u00ed\u017enosti u p\u0159\u00edslu\u0161n\u00e9ho dozorov\u00e9ho \u00fa\u0159adu<\/strong><\/p><p>Jako subjekt \u00fadaj\u016f m\u00e1te v p\u0159\u00edpad\u011b poru\u0161en\u00ed pr\u00e1vn\u00edch p\u0159edpis\u016f o ochran\u011b osobn\u00edch \u00fadaj\u016f pr\u00e1vo podat st\u00ed\u017enost u p\u0159\u00edslu\u0161n\u00e9ho dozorov\u00e9ho \u00fa\u0159adu. P\u0159\u00edslu\u0161n\u00fdm dozorov\u00fdm \u00fa\u0159adem ve v\u011bcech ochrany osobn\u00edch \u00fadaj\u016f je zemsk\u00fd \u00fa\u0159ad pro ochranu osobn\u00edch \u00fadaj\u016f (Landesdatenschutzbeauftragte) spolkov\u00e9 zem\u011b, ve kter\u00e9 se nach\u00e1z\u00ed s\u00eddlo na\u0161\u00ed spole\u010dnosti. N\u00e1sleduj\u00edc\u00ed odkaz poskytuje kontaktn\u00ed \u00fadaje: <a href=\"https:\/\/www.bfdi.bund.de\" rel=\"noopener\" target=\"_blank\">https:\/\/www.bfdi.bund.de<\/a>.<\/p><p><strong>Pr\u00e1vo na p\u0159enositelnost \u00fadaj\u016f<\/strong><\/p><p>M\u00e1te pr\u00e1vo po\u017eadovat, aby v\u00e1m nebo t\u0159et\u00ed stran\u011b byly vyd\u00e1ny \u00fadaje, kter\u00e9 automaticky zpracov\u00e1v\u00e1me na z\u00e1klad\u011b va\u0161eho souhlasu nebo v r\u00e1mci pln\u011bn\u00ed smlouvy. Poskytnut\u00ed prob\u00edh\u00e1 ve strojov\u011b \u010diteln\u00e9m form\u00e1tu. Pokud po\u017eadujete p\u0159\u00edm\u00fd p\u0159enos \u00fadaj\u016f jin\u00e9mu spr\u00e1vci, uskute\u010dn\u00ed se pouze v rozsahu, v jak\u00e9m je to technicky provediteln\u00e9.<\/p><p><strong>Pr\u00e1vo na informace, opravu, omezen\u00ed zpracov\u00e1n\u00ed a v\u00fdmaz<\/strong><\/p><p>V r\u00e1mci platn\u00fdch z\u00e1konn\u00fdch ustanoven\u00ed m\u00e1te kdykoliv pr\u00e1vo na bezplatn\u00e9 informace o va\u0161ich ulo\u017een\u00fdch osobn\u00edch \u00fadaj\u00edch, jejich p\u016fvodu, p\u0159\u00edjemc\u00edch a \u00fa\u010delu zpracov\u00e1n\u00ed \u00fadaj\u016f a p\u0159\u00edpadn\u011b pr\u00e1vo na opravu, omezen\u00ed zpracov\u00e1n\u00ed nebo v\u00fdmaz t\u011bchto \u00fadaj\u016f.<\/p><p>V t\u00e9to souvislosti, jako\u017e i v p\u0159\u00edpad\u011b dal\u0161\u00edch dotaz\u016f t\u00fdkaj\u00edc\u00edch se osobn\u00edch \u00fadaj\u016f, se na n\u00e1s m\u016f\u017eete kdykoliv obr\u00e1tit prost\u0159ednictv\u00edm kontaktn\u00edch mo\u017enost\u00ed uveden\u00fdch v tir\u00e1\u017ei.<\/p>\t\t\t\t\t\t\t\t<\/div>\n\t\t\t\t\t<\/div>\n\t\t\t\t<\/div>\n\t\t\t\t\t<\/div>\n\t\t\t\t<\/div>\n\t\t<div class=\"elementor-element elementor-element-ds-s1 e-con-boxed e-flex e-con e-parent\" data-id=\"ds-s1\" data-element_type=\"container\" data-e-type=\"container\">\n\t\t\t\t\t<div class=\"e-con-inner\">\n\t\t\t\t<div class=\"elementor-element elementor-element-ds-h1 elementor-widget elementor-widget-heading\" data-id=\"ds-h1\" data-element_type=\"widget\" data-e-type=\"widget\" data-widget_type=\"heading.default\">\n\t\t\t\t\t<h2 class=\"elementor-heading-title elementor-size-default\">\u0160ifrov\u00e1n\u00ed SSL, resp. TLS<\/h2>\t\t\t\t<\/div>\n\t\t<div class=\"elementor-element elementor-element-ds-s1-bw e-flex e-con-boxed e-con e-parent\" data-id=\"ds-s1-bw\" data-element_type=\"container\" data-e-type=\"container\" data-settings=\"{&quot;background_background&quot;:&quot;classic&quot;}\">\n\t\t\t\t\t<div class=\"e-con-inner\">\n\t\t\t\t<div class=\"elementor-element elementor-element-ds-t1 elementor-widget elementor-widget-text-editor\" data-id=\"ds-t1\" data-element_type=\"widget\" data-e-type=\"widget\" data-widget_type=\"text-editor.default\">\n\t\t\t\t\t\t\t\t\t<p>Z bezpe\u010dnostn\u00edch d\u016fvod\u016f a na ochranu p\u0159enosu d\u016fv\u011brn\u00fdch obsah\u016f, kter\u00e9 n\u00e1m jako provozovateli str\u00e1nek zas\u00edl\u00e1te, pou\u017e\u00edv\u00e1 na\u0161e webov\u00e1 str\u00e1nka \u0161ifrov\u00e1n\u00ed SSL, resp. TLS. \u00dadaje, kter\u00e9 p\u0159en\u00e1\u0161\u00edte prost\u0159ednictv\u00edm t\u00e9to webov\u00e9 str\u00e1nky, tak nemohou t\u0159et\u00ed strany p\u0159e\u010d\u00edst. \u0160ifrovan\u00e9 spojen\u00ed pozn\u00e1te podle adresn\u00edho \u0159\u00e1dku va\u0161eho prohl\u00ed\u017ee\u010de za\u010d\u00ednaj\u00edc\u00edho na \\&bdquo;https:\/\/\\&ldquo; a podle symbolu z\u00e1mku v \u0159\u00e1dku prohl\u00ed\u017ee\u010de.<\/p>\t\t\t\t\t\t\t\t<\/div>\n\t\t\t\t\t<\/div>\n\t\t\t\t<\/div>\n\t\t\t\t\t<\/div>\n\t\t\t\t<\/div>\n\t\t<div class=\"elementor-element elementor-element-ds-s2 e-con-boxed e-flex e-con e-parent\" data-id=\"ds-s2\" data-element_type=\"container\" data-e-type=\"container\">\n\t\t\t\t\t<div class=\"e-con-inner\">\n\t\t\t\t<div class=\"elementor-element elementor-element-ds-h2 elementor-widget elementor-widget-heading\" data-id=\"ds-h2\" data-element_type=\"widget\" data-e-type=\"widget\" data-widget_type=\"heading.default\">\n\t\t\t\t\t<h2 class=\"elementor-heading-title elementor-size-default\">Soubory server-log<\/h2>\t\t\t\t<\/div>\n\t\t<div class=\"elementor-element elementor-element-ds-s2-bw e-flex e-con-boxed e-con e-parent\" data-id=\"ds-s2-bw\" data-element_type=\"container\" data-e-type=\"container\" data-settings=\"{&quot;background_background&quot;:&quot;classic&quot;}\">\n\t\t\t\t\t<div class=\"e-con-inner\">\n\t\t\t\t<div class=\"elementor-element elementor-element-ds-t2 elementor-widget elementor-widget-text-editor\" data-id=\"ds-t2\" data-element_type=\"widget\" data-e-type=\"widget\" data-widget_type=\"text-editor.default\">\n\t\t\t\t\t\t\t\t\t<p>V souborech server-log poskytovatel webov\u00e9 str\u00e1nky automaticky shroma\u017e\u010fuje a ukl\u00e1d\u00e1 informace, kter\u00e9 n\u00e1m v\u00e1\u0161 prohl\u00ed\u017ee\u010d automaticky p\u0159ed\u00e1v\u00e1. Jsou to:<\/p><ul><li>Nav\u0161t\u00edven\u00e1 str\u00e1nka na na\u0161\u00ed dom\u00e9n\u011b<\/li><li>Datum a \u010das serverov\u00e9ho po\u017eadavku<\/li><li>Typ a verze prohl\u00ed\u017ee\u010de<\/li><li>Pou\u017eit\u00fd opera\u010dn\u00ed syst\u00e9m<\/li><li>URL odkazuj\u00edc\u00edho serveru (referrer)<\/li><li>Hostname p\u0159istupuj\u00edc\u00edho po\u010d\u00edta\u010de<\/li><li>IP adresa<\/li><\/ul><p>Tyto \u00fadaje nejsou slu\u010dov\u00e1ny s jin\u00fdmi zdroji dat. Z\u00e1kladem pro zpracov\u00e1n\u00ed \u00fadaj\u016f je \u010dl. 6 odst. 1 p\u00edsm. b GDPR, kter\u00fd umo\u017e\u0148uje zpracov\u00e1n\u00ed \u00fadaj\u016f za \u00fa\u010delem spln\u011bn\u00ed smlouvy nebo p\u0159edsmluvn\u00edch opat\u0159en\u00ed.<\/p>\t\t\t\t\t\t\t\t<\/div>\n\t\t\t\t\t<\/div>\n\t\t\t\t<\/div>\n\t\t\t\t\t<\/div>\n\t\t\t\t<\/div>\n\t\t<div class=\"elementor-element elementor-element-ds-s3 e-con-boxed e-flex e-con e-parent\" data-id=\"ds-s3\" data-element_type=\"container\" data-e-type=\"container\">\n\t\t\t\t\t<div class=\"e-con-inner\">\n\t\t\t\t<div class=\"elementor-element elementor-element-ds-h3 elementor-widget elementor-widget-heading\" data-id=\"ds-h3\" data-element_type=\"widget\" data-e-type=\"widget\" data-widget_type=\"heading.default\">\n\t\t\t\t\t<h2 class=\"elementor-heading-title elementor-size-default\">Kontaktn\u00ed formul\u00e1\u0159<\/h2>\t\t\t\t<\/div>\n\t\t<div class=\"elementor-element elementor-element-ds-s3-bw e-flex e-con-boxed e-con e-parent\" data-id=\"ds-s3-bw\" data-element_type=\"container\" data-e-type=\"container\" data-settings=\"{&quot;background_background&quot;:&quot;classic&quot;}\">\n\t\t\t\t\t<div class=\"e-con-inner\">\n\t\t\t\t<div class=\"elementor-element elementor-element-ds-t3 elementor-widget elementor-widget-text-editor\" data-id=\"ds-t3\" data-element_type=\"widget\" data-e-type=\"widget\" data-widget_type=\"text-editor.default\">\n\t\t\t\t\t\t\t\t\t<p>\u00dadaje p\u0159edan\u00e9 prost\u0159ednictv\u00edm kontaktn\u00edho formul\u00e1\u0159e, v\u010detn\u011b va\u0161ich kontaktn\u00edch \u00fadaj\u016f, ukl\u00e1d\u00e1me, abychom mohli vy\u0159\u00eddit v\u00e1\u0161 dotaz nebo abychom byli k dispozici pro p\u0159\u00edpadn\u00e9 navazuj\u00edc\u00ed ot\u00e1zky. Bez va\u0161eho souhlasu tyto \u00fadaje nep\u0159ed\u00e1v\u00e1me t\u0159et\u00edm stran\u00e1m.<\/p><p>Zpracov\u00e1n\u00ed \u00fadaj\u016f zadan\u00fdch do kontaktn\u00edho formul\u00e1\u0159e prob\u00edh\u00e1 v\u00fdhradn\u011b na z\u00e1klad\u011b va\u0161eho souhlasu (\u010dl. 6 odst. 1 p\u00edsm. a GDPR). Odvol\u00e1n\u00ed ji\u017e ud\u011blen\u00e9ho souhlasu je mo\u017en\u00e9 kdykoliv. K odvol\u00e1n\u00ed posta\u010duje neform\u00e1ln\u00ed sd\u011blen\u00ed e-mailem. Z\u00e1konnost zpracov\u00e1n\u00ed \u00fadaj\u016f proveden\u00e9ho a\u017e do okam\u017eiku odvol\u00e1n\u00ed z\u016fst\u00e1v\u00e1 odvol\u00e1n\u00edm nedot\u010dena.<\/p><p>\u00dadaje p\u0159edan\u00e9 prost\u0159ednictv\u00edm kontaktn\u00edho formul\u00e1\u0159e u n\u00e1s z\u016fst\u00e1vaj\u00ed ulo\u017eeny, dokud n\u00e1s nepo\u017e\u00e1d\u00e1te o jejich v\u00fdmaz, neodvol\u00e1te sv\u016fj souhlas s ulo\u017een\u00edm nebo dokud nepomine d\u016fvod jejich uchov\u00e1v\u00e1n\u00ed. Z\u00e1vazn\u00e1 z\u00e1konn\u00e1 ustanoven\u00ed, zejm\u00e9na lh\u016fty pro uchov\u00e1v\u00e1n\u00ed \u00fadaj\u016f, t\u00edm nejsou dot\u010dena.<\/p>\t\t\t\t\t\t\t\t<\/div>\n\t\t\t\t\t<\/div>\n\t\t\t\t<\/div>\n\t\t\t\t\t<\/div>\n\t\t\t\t<\/div>\n\t\t<div class=\"elementor-element elementor-element-ds-s4 e-con-boxed e-flex e-con e-parent\" data-id=\"ds-s4\" data-element_type=\"container\" data-e-type=\"container\">\n\t\t\t\t\t<div class=\"e-con-inner\">\n\t\t\t\t<div class=\"elementor-element elementor-element-ds-h4 elementor-widget elementor-widget-heading\" data-id=\"ds-h4\" data-element_type=\"widget\" data-e-type=\"widget\" data-widget_type=\"heading.default\">\n\t\t\t\t\t<h2 class=\"elementor-heading-title elementor-size-default\">Odb\u011br koment\u00e1\u0159\u016f<\/h2>\t\t\t\t<\/div>\n\t\t<div class=\"elementor-element elementor-element-ds-s4-bw e-flex e-con-boxed e-con e-parent\" data-id=\"ds-s4-bw\" data-element_type=\"container\" data-e-type=\"container\" data-settings=\"{&quot;background_background&quot;:&quot;classic&quot;}\">\n\t\t\t\t\t<div class=\"e-con-inner\">\n\t\t\t\t<div class=\"elementor-element elementor-element-ds-t4 elementor-widget elementor-widget-text-editor\" data-id=\"ds-t4\" data-element_type=\"widget\" data-e-type=\"widget\" data-widget_type=\"text-editor.default\">\n\t\t\t\t\t\t\t\t\t<p>Jako u\u017eivatel na\u0161ich webov\u00fdch str\u00e1nek si m\u016f\u017eete po p\u0159ihl\u00e1\u0161en\u00ed odeb\u00edrat koment\u00e1\u0159e. Prost\u0159ednictv\u00edm potvrzovac\u00edho e-mailu ov\u011b\u0159ujeme, zda jste vlastn\u00edkem uveden\u00e9 e-mailov\u00e9 adresy. Odb\u011br koment\u00e1\u0159\u016f m\u016f\u017eete kdykoliv zru\u0161it prost\u0159ednictv\u00edm odkazu uveden\u00e9ho v e-mailu potvrzuj\u00edc\u00edm odb\u011br.<\/p><p>\u00dadaje zadan\u00e9 p\u0159i z\u0159\u00edzen\u00ed odb\u011bru budou v p\u0159\u00edpad\u011b odhl\u00e1\u0161en\u00ed vymaz\u00e1ny. Pokud jste n\u00e1m tyto \u00fadaje p\u0159edali za jin\u00fdm \u00fa\u010delem a na jin\u00e9m m\u00edst\u011b, z\u016fst\u00e1vaj\u00ed u n\u00e1s ulo\u017eeny nad\u00e1le.<\/p>\t\t\t\t\t\t\t\t<\/div>\n\t\t\t\t\t<\/div>\n\t\t\t\t<\/div>\n\t\t\t\t\t<\/div>\n\t\t\t\t<\/div>\n\t\t<div class=\"elementor-element elementor-element-ds-s5 e-con-boxed e-flex e-con e-parent\" data-id=\"ds-s5\" data-element_type=\"container\" data-e-type=\"container\">\n\t\t\t\t\t<div class=\"e-con-inner\">\n\t\t\t\t<div class=\"elementor-element elementor-element-ds-h5 elementor-widget elementor-widget-heading\" data-id=\"ds-h5\" data-element_type=\"widget\" data-e-type=\"widget\" data-widget_type=\"heading.default\">\n\t\t\t\t\t<h2 class=\"elementor-heading-title elementor-size-default\">\u00dadaje pro newsletter<\/h2>\t\t\t\t<\/div>\n\t\t<div class=\"elementor-element elementor-element-ds-s5-bw e-flex e-con-boxed e-con e-parent\" data-id=\"ds-s5-bw\" data-element_type=\"container\" data-e-type=\"container\" data-settings=\"{&quot;background_background&quot;:&quot;classic&quot;}\">\n\t\t\t\t\t<div class=\"e-con-inner\">\n\t\t\t\t<div class=\"elementor-element elementor-element-ds-t5 elementor-widget elementor-widget-text-editor\" data-id=\"ds-t5\" data-element_type=\"widget\" data-e-type=\"widget\" data-widget_type=\"text-editor.default\">\n\t\t\t\t\t\t\t\t\t<p>K zas\u00edl\u00e1n\u00ed na\u0161eho newsletteru od v\u00e1s pot\u0159ebujeme e-mailovou adresu. Ov\u011b\u0159en\u00ed uveden\u00e9 e-mailov\u00e9 adresy je nutn\u00e9 a s odb\u011brem newsletteru je t\u0159eba souhlasit. Dopl\u0148uj\u00edc\u00ed \u00fadaje se nevy\u017eaduj\u00ed, p\u0159\u00edpadn\u011b jsou dobrovoln\u00e9. Tyto \u00fadaje pou\u017e\u00edv\u00e1me v\u00fdhradn\u011b pro zas\u00edl\u00e1n\u00ed newsletteru.<\/p><p>\u00dadaje uveden\u00e9 p\u0159i p\u0159ihl\u00e1\u0161en\u00ed k odb\u011bru newsletteru zpracov\u00e1v\u00e1me v\u00fdhradn\u011b na z\u00e1klad\u011b va\u0161eho souhlasu (\u010dl. 6 odst. 1 p\u00edsm. a GDPR). Odvol\u00e1n\u00ed ji\u017e ud\u011blen\u00e9ho souhlasu je mo\u017en\u00e9 kdykoliv.<\/p><p>K odvol\u00e1n\u00ed posta\u010duje neform\u00e1ln\u00ed sd\u011blen\u00ed e-mailem, nebo se m\u016f\u017eete odhl\u00e1sit prost\u0159ednictv\u00edm odkazu \\&bdquo;Odhl\u00e1sit\\&ldquo; v newsletteru. Z\u00e1konnost ji\u017e proveden\u00e9ho zpracov\u00e1n\u00ed \u00fadaj\u016f z\u016fst\u00e1v\u00e1 odvol\u00e1n\u00edm nedot\u010dena.<\/p><p>\u00dadaje zadan\u00e9 p\u0159i z\u0159\u00edzen\u00ed odb\u011bru budou v p\u0159\u00edpad\u011b odhl\u00e1\u0161en\u00ed vymaz\u00e1ny. Pokud jste n\u00e1m tyto \u00fadaje p\u0159edali za jin\u00fdm \u00fa\u010delem a na jin\u00e9m m\u00edst\u011b, z\u016fst\u00e1vaj\u00ed u n\u00e1s ulo\u017eeny nad\u00e1le.<\/p>\t\t\t\t\t\t\t\t<\/div>\n\t\t\t\t\t<\/div>\n\t\t\t\t<\/div>\n\t\t\t\t\t<\/div>\n\t\t\t\t<\/div>\n\t\t<div class=\"elementor-element elementor-element-ds-s6 e-con-boxed e-flex e-con e-parent\" data-id=\"ds-s6\" data-element_type=\"container\" data-e-type=\"container\">\n\t\t\t\t\t<div class=\"e-con-inner\">\n\t\t\t\t<div class=\"elementor-element elementor-element-ds-h6 elementor-widget elementor-widget-heading\" data-id=\"ds-h6\" data-element_type=\"widget\" data-e-type=\"widget\" data-widget_type=\"heading.default\">\n\t\t\t\t\t<h2 class=\"elementor-heading-title elementor-size-default\">YouTube<\/h2>\t\t\t\t<\/div>\n\t\t<div class=\"elementor-element elementor-element-ds-s6-bw e-flex e-con-boxed e-con e-parent\" data-id=\"ds-s6-bw\" data-element_type=\"container\" data-e-type=\"container\" data-settings=\"{&quot;background_background&quot;:&quot;classic&quot;}\">\n\t\t\t\t\t<div class=\"e-con-inner\">\n\t\t\t\t<div class=\"elementor-element elementor-element-ds-t6 elementor-widget elementor-widget-text-editor\" data-id=\"ds-t6\" data-element_type=\"widget\" data-e-type=\"widget\" data-widget_type=\"text-editor.default\">\n\t\t\t\t\t\t\t\t\t<p>Pro integraci a zobrazen\u00ed videoobsahu vyu\u017e\u00edv\u00e1 na\u0161e webov\u00e1 str\u00e1nka pluginy slu\u017eby YouTube. Provozovatelem videoport\u00e1lu je spole\u010dnost YouTube, LLC, 901 Cherry Ave. San Bruno, CA 94066, USA.<\/p><p>P\u0159i zobrazen\u00ed str\u00e1nky s integrovan\u00fdm pluginem YouTube se vytvo\u0159\u00ed spojen\u00ed se servery YouTube. YouTube tak zjist\u00ed, kter\u00e9 z na\u0161ich str\u00e1nek jste nav\u0161t\u00edvili.<\/p><p>Pokud jste p\u0159ihl\u00e1\u0161eni ke sv\u00e9mu \u00fa\u010dtu YouTube, m\u016f\u017ee YouTube p\u0159i\u0159adit va\u0161e chov\u00e1n\u00ed p\u0159i surfov\u00e1n\u00ed p\u0159\u00edmo k va\u0161emu osobn\u00edmu profilu. Odhl\u00e1\u0161en\u00edm se p\u0159edem m\u00e1te mo\u017enost tomu zabr\u00e1nit.<\/p><p>Pou\u017e\u00edv\u00e1n\u00ed YouTube slou\u017e\u00ed z\u00e1jmu na atraktivn\u00ed prezentaci na\u0161ich online nab\u00eddek. To p\u0159edstavuje opr\u00e1vn\u011bn\u00fd z\u00e1jem ve smyslu \u010dl. 6 odst. 1 p\u00edsm. f GDPR.<\/p><p>Podrobnosti o zpracov\u00e1n\u00ed u\u017eivatelsk\u00fdch dat naleznete v prohl\u00e1\u0161en\u00ed o ochran\u011b osobn\u00edch \u00fadaj\u016f spole\u010dnosti YouTube na adrese: <a href=\"https:\/\/www.google.de\/intl\/de\/policies\/privacy\" rel=\"noopener\" target=\"_blank\">https:\/\/www.google.de\/intl\/de\/policies\/privacy<\/a>.<\/p>\t\t\t\t\t\t\t\t<\/div>\n\t\t\t\t\t<\/div>\n\t\t\t\t<\/div>\n\t\t\t\t\t<\/div>\n\t\t\t\t<\/div>\n\t\t<div class=\"elementor-element elementor-element-ds-s7 e-con-boxed e-flex e-con e-parent\" data-id=\"ds-s7\" data-element_type=\"container\" data-e-type=\"container\">\n\t\t\t\t\t<div class=\"e-con-inner\">\n\t\t\t\t<div class=\"elementor-element elementor-element-ds-h7 elementor-widget elementor-widget-heading\" data-id=\"ds-h7\" data-element_type=\"widget\" data-e-type=\"widget\" data-widget_type=\"heading.default\">\n\t\t\t\t\t<h2 class=\"elementor-heading-title elementor-size-default\">Vimeo<\/h2>\t\t\t\t<\/div>\n\t\t<div class=\"elementor-element elementor-element-ds-s7-bw e-flex e-con-boxed e-con e-parent\" data-id=\"ds-s7-bw\" data-element_type=\"container\" data-e-type=\"container\" data-settings=\"{&quot;background_background&quot;:&quot;classic&quot;}\">\n\t\t\t\t\t<div class=\"e-con-inner\">\n\t\t\t\t<div class=\"elementor-element elementor-element-ds-t7 elementor-widget elementor-widget-text-editor\" data-id=\"ds-t7\" data-element_type=\"widget\" data-e-type=\"widget\" data-widget_type=\"text-editor.default\">\n\t\t\t\t\t\t\t\t\t<p>Pro integraci a zobrazen\u00ed videoobsahu vyu\u017e\u00edv\u00e1 na\u0161e webov\u00e1 str\u00e1nka pluginy slu\u017eby Vimeo. Provozovatelem videoport\u00e1lu je spole\u010dnost Vimeo Inc. 555 West 18th Street, New York, New York 10011, USA.<\/p><p>P\u0159i zobrazen\u00ed str\u00e1nky s integrovan\u00fdm pluginem Vimeo se vytvo\u0159\u00ed spojen\u00ed se servery Vimeo. Vimeo tak zjist\u00ed, kter\u00e9 z na\u0161ich str\u00e1nek jste nav\u0161t\u00edvili.<\/p><p>Vimeo zjist\u00ed va\u0161i IP adresu, i kdy\u017e nejste p\u0159ihl\u00e1\u0161eni k videoport\u00e1lu nebo tam nem\u00e1te \u00fa\u010det. Informace zaznamenan\u00e9 spole\u010dnost\u00ed Vimeo se p\u0159en\u00e1\u0161ej\u00ed na servery videoport\u00e1lu v USA.<\/p><p>Vimeo m\u016f\u017ee p\u0159i\u0159adit va\u0161e chov\u00e1n\u00ed p\u0159i surfov\u00e1n\u00ed p\u0159\u00edmo k va\u0161emu osobn\u00edmu profilu. Odhl\u00e1\u0161en\u00edm se p\u0159edem m\u00e1te mo\u017enost tomu zabr\u00e1nit.<\/p><p>Podrobnosti o zpracov\u00e1n\u00ed u\u017eivatelsk\u00fdch dat naleznete v prohl\u00e1\u0161en\u00ed o ochran\u011b osobn\u00edch \u00fadaj\u016f spole\u010dnosti Vimeo na adrese: <a href=\"https:\/\/vimeo.com\/privacy\" rel=\"noopener\" target=\"_blank\">https:\/\/vimeo.com\/privacy<\/a>.<\/p>\t\t\t\t\t\t\t\t<\/div>\n\t\t\t\t\t<\/div>\n\t\t\t\t<\/div>\n\t\t\t\t\t<\/div>\n\t\t\t\t<\/div>\n\t\t<div class=\"elementor-element elementor-element-ds-s8 e-con-boxed e-flex e-con e-parent\" data-id=\"ds-s8\" data-element_type=\"container\" data-e-type=\"container\">\n\t\t\t\t\t<div class=\"e-con-inner\">\n\t\t\t\t<div class=\"elementor-element elementor-element-ds-h8 elementor-widget elementor-widget-heading\" data-id=\"ds-h8\" data-element_type=\"widget\" data-e-type=\"widget\" data-widget_type=\"heading.default\">\n\t\t\t\t\t<h2 class=\"elementor-heading-title elementor-size-default\">Cookies<\/h2>\t\t\t\t<\/div>\n\t\t<div class=\"elementor-element elementor-element-ds-s8-bw e-flex e-con-boxed e-con e-parent\" data-id=\"ds-s8-bw\" data-element_type=\"container\" data-e-type=\"container\" data-settings=\"{&quot;background_background&quot;:&quot;classic&quot;}\">\n\t\t\t\t\t<div class=\"e-con-inner\">\n\t\t\t\t<div class=\"elementor-element elementor-element-ds-t8 elementor-widget elementor-widget-text-editor\" data-id=\"ds-t8\" data-element_type=\"widget\" data-e-type=\"widget\" data-widget_type=\"text-editor.default\">\n\t\t\t\t\t\t\t\t\t<p>Na\u0161e webov\u00e1 str\u00e1nka pou\u017e\u00edv\u00e1 soubory cookie. Jsou to mal\u00e9 textov\u00e9 soubory, kter\u00e9 v\u00e1\u0161 webov\u00fd prohl\u00ed\u017ee\u010d ukl\u00e1d\u00e1 na va\u0161em koncov\u00e9m za\u0159\u00edzen\u00ed. Cookies n\u00e1m pom\u00e1haj\u00ed zajistit u\u017eivatelsky p\u0159\u00edv\u011btiv\u011bj\u0161\u00ed, efektivn\u011bj\u0161\u00ed a bezpe\u010dn\u011bj\u0161\u00ed nab\u00eddku.<\/p><p>N\u011bkter\u00e9 cookies jsou \\&bdquo;session cookies.\\&ldquo; Tyto cookies se po skon\u010den\u00ed va\u0161\u00ed relace v prohl\u00ed\u017ee\u010di automaticky vyma\u017eou. Jin\u00e9 cookies naopak z\u016fst\u00e1vaj\u00ed ulo\u017eeny na va\u0161em koncov\u00e9m za\u0159\u00edzen\u00ed, dokud je sami neodstran\u00edte. Takov\u00e9 cookies n\u00e1m pom\u00e1haj\u00ed v\u00e1s p\u0159i n\u00e1vratu na na\u0161i webovou str\u00e1nku znovu rozpoznat.<\/p><p>Pomoc\u00ed modern\u00edho webov\u00e9ho prohl\u00ed\u017ee\u010de m\u016f\u017eete sledovat, omezovat nebo blokovat ukl\u00e1d\u00e1n\u00ed cookies. Mnoho webov\u00fdch prohl\u00ed\u017ee\u010d\u016f je nastaveno tak, \u017ee se cookies p\u0159i zav\u0159en\u00ed programu automaticky vyma\u017eou. Deaktivace cookies m\u016f\u017ee m\u00edt za n\u00e1sledek omezenou funk\u010dnost na\u0161\u00ed webov\u00e9 str\u00e1nky.<\/p><p>Ukl\u00e1d\u00e1n\u00ed cookies, kter\u00e9 jsou nezbytn\u00e9 pro prov\u00e1d\u011bn\u00ed elektronick\u00e9 komunikace nebo pro poskytov\u00e1n\u00ed ur\u010dit\u00fdch funkc\u00ed, kter\u00e9 si p\u0159ejete (nap\u0159. n\u00e1kupn\u00ed ko\u0161\u00edk), prob\u00edh\u00e1 na z\u00e1klad\u011b \u010dl. 6 odst. 1 p\u00edsm. f GDPR. Jako provozovatel t\u00e9to webov\u00e9 str\u00e1nky m\u00e1me opr\u00e1vn\u011bn\u00fd z\u00e1jem na uchov\u00e1v\u00e1n\u00ed cookies za \u00fa\u010delem technicky bezchybn\u00e9ho a bezprobl\u00e9mov\u00e9ho poskytov\u00e1n\u00ed na\u0161ich slu\u017eeb.<\/p><p>Pokud doch\u00e1z\u00ed k ukl\u00e1d\u00e1n\u00ed jin\u00fdch cookies (nap\u0159. pro analytick\u00e9 funkce), jsou tyto zpracov\u00e1ny samostatn\u011b v r\u00e1mci tohoto prohl\u00e1\u0161en\u00ed o ochran\u011b osobn\u00edch \u00fadaj\u016f.<\/p>\t\t\t\t\t\t\t\t<\/div>\n\t\t\t\t\t<\/div>\n\t\t\t\t<\/div>\n\t\t\t\t\t<\/div>\n\t\t\t\t<\/div>\n\t\t<div class=\"elementor-element elementor-element-ds-s9 e-con-boxed e-flex e-con e-parent\" data-id=\"ds-s9\" data-element_type=\"container\" data-e-type=\"container\">\n\t\t\t\t\t<div class=\"e-con-inner\">\n\t\t\t\t<div class=\"elementor-element elementor-element-ds-h9 elementor-widget elementor-widget-heading\" data-id=\"ds-h9\" data-element_type=\"widget\" data-e-type=\"widget\" data-widget_type=\"heading.default\">\n\t\t\t\t\t<h2 class=\"elementor-heading-title elementor-size-default\">Google Analytics<\/h2>\t\t\t\t<\/div>\n\t\t<div class=\"elementor-element elementor-element-ds-s9-bw e-flex e-con-boxed e-con e-parent\" data-id=\"ds-s9-bw\" data-element_type=\"container\" data-e-type=\"container\" data-settings=\"{&quot;background_background&quot;:&quot;classic&quot;}\">\n\t\t\t\t\t<div class=\"e-con-inner\">\n\t\t\t\t<div class=\"elementor-element elementor-element-ds-t9 elementor-widget elementor-widget-text-editor\" data-id=\"ds-t9\" data-element_type=\"widget\" data-e-type=\"widget\" data-widget_type=\"text-editor.default\">\n\t\t\t\t\t\t\t\t\t<p>Na\u0161e webov\u00e1 str\u00e1nka pou\u017e\u00edv\u00e1 funkce webov\u00e9 analytick\u00e9 slu\u017eby Google Analytics. Poskytovatelem t\u00e9to slu\u017eby je spole\u010dnost Google Inc. 1600 Amphitheatre Parkway, Mountain View, CA 94043, USA.<\/p><p>Google Analytics pou\u017e\u00edv\u00e1 \\&bdquo;cookies\\&ldquo;. Jsou to mal\u00e9 textov\u00e9 soubory, kter\u00e9 v\u00e1\u0161 webov\u00fd prohl\u00ed\u017ee\u010d ukl\u00e1d\u00e1 do va\u0161eho koncov\u00e9ho za\u0159\u00edzen\u00ed a kter\u00e9 umo\u017e\u0148uj\u00ed anal\u00fdzu pou\u017e\u00edv\u00e1n\u00ed webov\u00e9 str\u00e1nky. Informace vytvo\u0159en\u00e9 pomoc\u00ed cookie o va\u0161em pou\u017e\u00edv\u00e1n\u00ed t\u00e9to webov\u00e9 str\u00e1nky jsou p\u0159en\u00e1\u0161eny na server spole\u010dnosti Google a tam ulo\u017eeny. Server se zpravidla nach\u00e1z\u00ed v USA.<\/p><p>Ukl\u00e1d\u00e1n\u00ed cookies Google Analytics prob\u00edh\u00e1 na z\u00e1klad\u011b \u010dl. 6 odst. 1 p\u00edsm. f GDPR. Jako provozovatel\u00e9 t\u00e9to webov\u00e9 str\u00e1nky m\u00e1me opr\u00e1vn\u011bn\u00fd z\u00e1jem na anal\u00fdze chov\u00e1n\u00ed u\u017eivatel\u016f, abychom mohli optimalizovat na\u0161i nab\u00eddku a p\u0159\u00edpadn\u011b i reklamu.<\/p><p><strong>Anonymizace IP adresy<\/strong><\/p><p>Pou\u017e\u00edv\u00e1me Google Analytics ve spojen\u00ed s funkc\u00ed anonymizace IP adresy. Zaji\u0161\u0165uje, \u017ee Google zkr\u00e1t\u00ed va\u0161i IP adresu v r\u00e1mci \u010dlensk\u00fdch st\u00e1t\u016f Evropsk\u00e9 unie nebo v jin\u00fdch smluvn\u00edch st\u00e1tech Dohody o Evropsk\u00e9m hospod\u00e1\u0159sk\u00e9m prostoru p\u0159ed jej\u00edm p\u0159enosem do USA.<\/p><p>Mohou existovat v\u00fdjime\u010dn\u00e9 p\u0159\u00edpady, kdy Google p\u0159enese \u00faplnou IP adresu na server v USA a tam ji zkr\u00e1t\u00ed.<\/p><p>Google bude z na\u0161eho pov\u011b\u0159en\u00ed tyto informace pou\u017e\u00edvat k vyhodnocen\u00ed va\u0161eho pou\u017e\u00edv\u00e1n\u00ed webov\u00e9 str\u00e1nky, k vytv\u00e1\u0159en\u00ed zpr\u00e1v o aktivit\u00e1ch na webov\u00e9 str\u00e1nce a k poskytov\u00e1n\u00ed dal\u0161\u00edch slu\u017eeb souvisej\u00edc\u00edch s pou\u017e\u00edv\u00e1n\u00edm webov\u00e9 str\u00e1nky a internetu v\u016f\u010di n\u00e1m. Nedoch\u00e1z\u00ed ke spojov\u00e1n\u00ed IP adresy p\u0159enesen\u00e9 prost\u0159ednictv\u00edm Google Analytics s jin\u00fdmi \u00fadaji Google.<\/p><p><strong>Z\u00e1suvn\u00fd modul prohl\u00ed\u017ee\u010de<\/strong><\/p><p>Ukl\u00e1d\u00e1n\u00ed cookies va\u0161\u00edm webov\u00fdm prohl\u00ed\u017ee\u010dem lze zabr\u00e1nit. N\u011bkter\u00e9 funkce na\u0161\u00ed webov\u00e9 str\u00e1nky by v\u0161ak t\u00edm mohly b\u00fdt omezeny. Rovn\u011b\u017e m\u016f\u017eete zabr\u00e1nit shroma\u017e\u010fov\u00e1n\u00ed \u00fadaj\u016f o va\u0161em pou\u017e\u00edv\u00e1n\u00ed webov\u00e9 str\u00e1nky, v\u010detn\u011b va\u0161\u00ed IP adresy, a jejich n\u00e1sledn\u00e9mu zpracov\u00e1n\u00ed spole\u010dnost\u00ed Google. To je mo\u017en\u00e9 sta\u017een\u00edm a instalac\u00ed z\u00e1suvn\u00e9ho modulu prohl\u00ed\u017ee\u010de dostupn\u00e9ho na n\u00e1sleduj\u00edc\u00edm odkazu: <a href=\"https:\/\/tools.google.com\/dlpage\/gaoptout?hl=de\" rel=\"noopener\" target=\"_blank\">https:\/\/tools.google.com\/dlpage\/gaoptout?hl=de<\/a>.<\/p><p><strong>N\u00e1mitka proti shroma\u017e\u010fov\u00e1n\u00ed \u00fadaj\u016f<\/strong><\/p><p>Shroma\u017e\u010fov\u00e1n\u00ed va\u0161ich \u00fadaj\u016f slu\u017ebou Google Analytics m\u016f\u017eete zabr\u00e1nit kliknut\u00edm na n\u00e1sleduj\u00edc\u00ed odkaz. Bude nastaven odhla\u0161ovac\u00ed (opt-out) cookie, kter\u00fd zabr\u00e1n\u00ed shroma\u017e\u010fov\u00e1n\u00ed va\u0161ich \u00fadaj\u016f p\u0159i budouc\u00edch n\u00e1v\u0161t\u011bv\u00e1ch na\u0161\u00ed webov\u00e9 str\u00e1nky: Deaktivovat Google Analytics.<\/p><p>Podrobnosti o zpracov\u00e1n\u00ed u\u017eivatelsk\u00fdch dat slu\u017ebou Google Analytics naleznete v z\u00e1sad\u00e1ch ochrany osobn\u00edch \u00fadaj\u016f spole\u010dnosti Google: <a href=\"https:\/\/support.google.com\/analytics\/answer\/6004245?hl=de\" rel=\"noopener\" target=\"_blank\">https:\/\/support.google.com\/analytics\/answer\/6004245?hl=de<\/a>.<\/p><p><strong>Zpracov\u00e1n\u00ed na z\u00e1klad\u011b smlouvy o zpracov\u00e1n\u00ed osobn\u00edch \u00fadaj\u016f<\/strong><\/p><p>Za \u00fa\u010delem \u00fapln\u00e9ho spln\u011bn\u00ed z\u00e1konn\u00fdch po\u017eadavk\u016f na ochranu osobn\u00edch \u00fadaj\u016f jsme se spole\u010dnost\u00ed Google uzav\u0159eli smlouvu o zpracov\u00e1n\u00ed osobn\u00edch \u00fadaj\u016f.<\/p><p><strong>Demografick\u00e9 znaky ve slu\u017eb\u011b Google Analytics<\/strong><\/p><p>Na\u0161e webov\u00e1 str\u00e1nka pou\u017e\u00edv\u00e1 funkci \\&bdquo;demografick\u00e9 znaky\\&ldquo; slu\u017eby Google Analytics. S jej\u00ed pomoc\u00ed lze vytv\u00e1\u0159et zpr\u00e1vy obsahuj\u00edc\u00ed \u00fadaje o v\u011bku, pohlav\u00ed a z\u00e1jmech n\u00e1v\u0161t\u011bvn\u00edk\u016f str\u00e1nky. Tato data poch\u00e1zej\u00ed z reklamy Google zam\u011b\u0159en\u00e9 na z\u00e1jmy a z n\u00e1v\u0161t\u011bvnick\u00fdch dat t\u0159et\u00edch poskytovatel\u016f.<\/p><p>P\u0159i\u0159azen\u00ed dat konkr\u00e9tn\u00ed osob\u011b nen\u00ed mo\u017en\u00e9. Tuto funkci m\u016f\u017eete kdykoli deaktivovat. To je mo\u017en\u00e9 prov\u00e9st v nastaven\u00ed reklam ve va\u0161em \u00fa\u010dtu Google nebo t\u00edm, \u017ee obecn\u011b zak\u00e1\u017eete shroma\u017e\u010fov\u00e1n\u00ed va\u0161ich \u00fadaj\u016f slu\u017ebou Google Analytics, jak je pops\u00e1no v bod\u011b \\&bdquo;N\u00e1mitka proti shroma\u017e\u010fov\u00e1n\u00ed \u00fadaj\u016f\\&ldquo;.<\/p>\t\t\t\t\t\t\t\t<\/div>\n\t\t\t\t\t<\/div>\n\t\t\t\t<\/div>\n\t\t\t\t\t<\/div>\n\t\t\t\t<\/div>\n\t\t<div class=\"elementor-element elementor-element-ds-s10 e-con-boxed e-flex e-con e-parent\" data-id=\"ds-s10\" data-element_type=\"container\" data-e-type=\"container\">\n\t\t\t\t\t<div class=\"e-con-inner\">\n\t\t\t\t<div class=\"elementor-element elementor-element-ds-h10 elementor-widget elementor-widget-heading\" data-id=\"ds-h10\" data-element_type=\"widget\" data-e-type=\"widget\" data-widget_type=\"heading.default\">\n\t\t\t\t\t<h2 class=\"elementor-heading-title elementor-size-default\">Google AdWords a Google Conversion-Tracking<\/h2>\t\t\t\t<\/div>\n\t\t<div class=\"elementor-element elementor-element-ds-s10-bw e-flex e-con-boxed e-con e-parent\" data-id=\"ds-s10-bw\" data-element_type=\"container\" data-e-type=\"container\" data-settings=\"{&quot;background_background&quot;:&quot;classic&quot;}\">\n\t\t\t\t\t<div class=\"e-con-inner\">\n\t\t\t\t<div class=\"elementor-element elementor-element-ds-t10 elementor-widget elementor-widget-text-editor\" data-id=\"ds-t10\" data-element_type=\"widget\" data-e-type=\"widget\" data-widget_type=\"text-editor.default\">\n\t\t\t\t\t\t\t\t\t<p>Na\u0161e webov\u00e1 str\u00e1nka pou\u017e\u00edv\u00e1 Google AdWords. Poskytovatelem je spole\u010dnost Google Inc. 1600 Amphitheatre Parkway, Mountain View, CA 94043, United States.<\/p><p>AdWords je online reklamn\u00ed program. V r\u00e1mci tohoto online reklamn\u00edho programu vyu\u017e\u00edv\u00e1me sledov\u00e1n\u00ed konverz\u00ed (Conversion-Tracking). Po kliknut\u00ed na reklamu zobrazenou spole\u010dnost\u00ed Google se nastav\u00ed cookie pro sledov\u00e1n\u00ed konverz\u00ed. Cookies jsou mal\u00e9 textov\u00e9 soubory, kter\u00e9 v\u00e1\u0161 webov\u00fd prohl\u00ed\u017ee\u010d ukl\u00e1d\u00e1 do va\u0161eho koncov\u00e9ho za\u0159\u00edzen\u00ed.<\/p><p>Cookies Google AdWords ztr\u00e1cej\u00ed svou platnost po 30 dnech a neslou\u017e\u00ed k osobn\u00ed identifikaci u\u017eivatel\u016f. D\u00edky cookie mohou Google i my rozpoznat, \u017ee jste klikli na reklamu a byli p\u0159esm\u011brov\u00e1ni na na\u0161i webovou str\u00e1nku.<\/p><p>Ka\u017ed\u00fd klient Google AdWords obdr\u017e\u00ed jin\u00fd cookie. Cookies nelze sledovat na webov\u00fdch str\u00e1nk\u00e1ch jin\u00fdch klient\u016f AdWords. Pomoc\u00ed konverzn\u00edch cookies se vytv\u00e1\u0159ej\u00ed statistiky konverz\u00ed pro klienty AdWords, kte\u0159\u00ed vyu\u017e\u00edvaj\u00ed sledov\u00e1n\u00ed konverz\u00ed. Klienti AdWords se dozv\u011bd\u00ed, kolik u\u017eivatel\u016f kliklo na jejich reklamu a bylo p\u0159esm\u011brov\u00e1no na str\u00e1nky se zna\u010dkou pro sledov\u00e1n\u00ed konverz\u00ed.<\/p><p>Klienti AdWords v\u0161ak nez\u00edsk\u00e1vaj\u00ed \u017e\u00e1dn\u00e9 informace, kter\u00e9 by umo\u017e\u0148ovaly osobn\u00ed identifikaci u\u017eivatel\u016f. Pokud se sledov\u00e1n\u00ed nechcete \u00fa\u010dastnit, m\u016f\u017eete proti jeho pou\u017eit\u00ed vzn\u00e9st n\u00e1mitku. K tomu je t\u0159eba deaktivovat konverzn\u00ed cookie v nastaven\u00ed u\u017eivatele va\u0161eho prohl\u00ed\u017ee\u010de. T\u00edm se zamez\u00ed i zahrnut\u00ed do statistik sledov\u00e1n\u00ed konverz\u00ed.<\/p><p>Ukl\u00e1d\u00e1n\u00ed \\&bdquo;konverzn\u00edch cookies\\&ldquo; prob\u00edh\u00e1 na z\u00e1klad\u011b \u010dl. 6 odst. 1 p\u00edsm. f GDPR. Jako provozovatel\u00e9 webov\u00e9 str\u00e1nky m\u00e1me opr\u00e1vn\u011bn\u00fd z\u00e1jem na anal\u00fdze chov\u00e1n\u00ed u\u017eivatel\u016f, abychom mohli optimalizovat na\u0161i nab\u00eddku a reklamu.<\/p><p>Podrobnosti o Google AdWords a Google Conversion-Tracking naleznete v z\u00e1sad\u00e1ch ochrany osobn\u00edch \u00fadaj\u016f spole\u010dnosti Google: <a href=\"https:\/\/www.google.de\/policies\/privacy\/\" rel=\"noopener\" target=\"_blank\">https:\/\/www.google.de\/policies\/privacy\/<\/a>.<\/p><p>S modern\u00edm webov\u00fdm prohl\u00ed\u017ee\u010dem m\u016f\u017eete ukl\u00e1d\u00e1n\u00ed cookies sledovat, omezovat nebo zabr\u00e1nit mu. Deaktivace cookies m\u016f\u017ee m\u00edt za n\u00e1sledek omezenou funk\u010dnost na\u0161\u00ed webov\u00e9 str\u00e1nky.<\/p>\t\t\t\t\t\t\t\t<\/div>\n\t\t\t\t\t<\/div>\n\t\t\t\t<\/div>\n\t\t\t\t\t<\/div>\n\t\t\t\t<\/div>\n\t\t<div class=\"elementor-element elementor-element-ds-s11 e-con-boxed e-flex e-con e-parent\" data-id=\"ds-s11\" data-element_type=\"container\" data-e-type=\"container\">\n\t\t\t\t\t<div class=\"e-con-inner\">\n\t\t\t\t<div class=\"elementor-element elementor-element-ds-h11 elementor-widget elementor-widget-heading\" data-id=\"ds-h11\" data-element_type=\"widget\" data-e-type=\"widget\" data-widget_type=\"heading.default\">\n\t\t\t\t\t<h2 class=\"elementor-heading-title elementor-size-default\">Google Web Fonts<\/h2>\t\t\t\t<\/div>\n\t\t<div class=\"elementor-element elementor-element-ds-s11-bw e-flex e-con-boxed e-con e-parent\" data-id=\"ds-s11-bw\" data-element_type=\"container\" data-e-type=\"container\" data-settings=\"{&quot;background_background&quot;:&quot;classic&quot;}\">\n\t\t\t\t\t<div class=\"e-con-inner\">\n\t\t\t\t<div class=\"elementor-element elementor-element-ds-t11 elementor-widget elementor-widget-text-editor\" data-id=\"ds-t11\" data-element_type=\"widget\" data-e-type=\"widget\" data-widget_type=\"text-editor.default\">\n\t\t\t\t\t\t\t\t\t<p>Na\u0161e webov\u00e1 str\u00e1nka pou\u017e\u00edv\u00e1 webov\u00e1 p\u00edsma (Web Fonts) od spole\u010dnosti Google. Poskytovatelem je Google Inc., 1600 Amphitheatre Parkway, Mountain View, CA 94043, USA.<\/p><p>D\u00edky pou\u017eit\u00ed t\u011bchto webov\u00fdch p\u00edsem je mo\u017en\u00e9 v\u00e1m prezentovat na\u0161\u00ed webovou str\u00e1nku v po\u017eadovan\u00e9 podob\u011b, bez ohledu na to, jak\u00e1 p\u00edsma jsou lok\u00e1ln\u011b dostupn\u00e1 na va\u0161em za\u0159\u00edzen\u00ed. K tomu doch\u00e1z\u00ed na\u010dten\u00edm Google Web Fonts ze serveru Google v USA, co\u017e je spojeno s p\u0159ed\u00e1n\u00edm va\u0161ich \u00fadaj\u016f spole\u010dnosti Google.<\/p><p>Jedn\u00e1 se o va\u0161i IP adresu a informaci o tom, kterou str\u00e1nku jste u n\u00e1s nav\u0161t\u00edvili. Pou\u017eit\u00ed Google Web Fonts prob\u00edh\u00e1 na z\u00e1klad\u011b \u010dl. 6 odst. 1 p\u00edsm. f) GDPR. Jako provozovatel t\u00e9to webov\u00e9 str\u00e1nky m\u00e1me opr\u00e1vn\u011bn\u00fd z\u00e1jem na optim\u00e1ln\u00edm zobrazen\u00ed a p\u0159enosu na\u0161\u00ed webov\u00e9 prezentace.<\/p><p>Spole\u010dnost Google je certifikov\u00e1na podle americko-evropsk\u00e9 dohody o ochran\u011b osobn\u00edch \u00fadaj\u016f \\&bdquo;Privacy Shield\\&ldquo;. Tato dohoda m\u00e1 zajistit dodr\u017eov\u00e1n\u00ed \u00farovn\u011b ochrany osobn\u00edch \u00fadaj\u016f platn\u00e9 v EU.<\/p><p>Podrobnosti o Google Web Fonts naleznete na: <a href=\"https:\/\/www.google.com\/fonts#AboutPlace:about\" rel=\"noopener\" target=\"_blank\">https:\/\/www.google.com\/fonts#AboutPlace:about<\/a> a dal\u0161\u00ed informace v z\u00e1sad\u00e1ch ochrany osobn\u00edch \u00fadaj\u016f spole\u010dnosti Google: <a href=\"https:\/\/policies.google.com\/privacy\/partners?hl=de\" rel=\"noopener\" target=\"_blank\">https:\/\/policies.google.com\/privacy\/partners?hl=de<\/a>.<\/p>\t\t\t\t\t\t\t\t<\/div>\n\t\t\t\t\t<\/div>\n\t\t\t\t<\/div>\n\t\t\t\t\t<\/div>\n\t\t\t\t<\/div>\n\t\t<div class=\"elementor-element elementor-element-ds-s12 e-con-boxed e-flex e-con e-parent\" data-id=\"ds-s12\" data-element_type=\"container\" data-e-type=\"container\">\n\t\t\t\t\t<div class=\"e-con-inner\">\n\t\t\t\t<div class=\"elementor-element elementor-element-ds-h12 elementor-widget elementor-widget-heading\" data-id=\"ds-h12\" data-element_type=\"widget\" data-e-type=\"widget\" data-widget_type=\"heading.default\">\n\t\t\t\t\t<h2 class=\"elementor-heading-title elementor-size-default\">Zdroj<\/h2>\t\t\t\t<\/div>\n\t\t<div class=\"elementor-element elementor-element-ds-s12-bw e-flex e-con-boxed e-con e-parent\" data-id=\"ds-s12-bw\" data-element_type=\"container\" data-e-type=\"container\" data-settings=\"{&quot;background_background&quot;:&quot;classic&quot;}\">\n\t\t\t\t\t<div class=\"e-con-inner\">\n\t\t\t\t<div class=\"elementor-element elementor-element-ds-t12 elementor-widget elementor-widget-text-editor\" data-id=\"ds-t12\" data-element_type=\"widget\" data-e-type=\"widget\" data-widget_type=\"text-editor.default\">\n\t\t\t\t\t\t\t\t\t<p>Zdroj do tohoto m\u00edsta: Konfigur\u00e1tor ochrany osobn\u00edch \u00fadaj\u016f od mein-datenschutzbeauftragter.de.<\/p>\t\t\t\t\t\t\t\t<\/div>\n\t\t\t\t\t<\/div>\n\t\t\t\t<\/div>\n\t\t\t\t\t<\/div>\n\t\t\t\t<\/div>\n\t\t<div class=\"elementor-element elementor-element-ds-s13 e-con-boxed e-flex e-con e-parent\" data-id=\"ds-s13\" data-element_type=\"container\" data-e-type=\"container\">\n\t\t\t\t\t<div class=\"e-con-inner\">\n\t\t\t\t<div class=\"elementor-element elementor-element-ds-h13 elementor-widget elementor-widget-heading\" data-id=\"ds-h13\" data-element_type=\"widget\" data-e-type=\"widget\" data-widget_type=\"heading.default\">\n\t\t\t\t\t<h2 class=\"elementor-heading-title elementor-size-default\">Facebook<\/h2>\t\t\t\t<\/div>\n\t\t<div class=\"elementor-element elementor-element-ds-s13-bw e-flex e-con-boxed e-con e-parent\" data-id=\"ds-s13-bw\" data-element_type=\"container\" data-e-type=\"container\" data-settings=\"{&quot;background_background&quot;:&quot;classic&quot;}\">\n\t\t\t\t\t<div class=\"e-con-inner\">\n\t\t\t\t<div class=\"elementor-element elementor-element-ds-t13 elementor-widget elementor-widget-text-editor\" data-id=\"ds-t13\" data-element_type=\"widget\" data-e-type=\"widget\" data-widget_type=\"text-editor.default\">\n\t\t\t\t\t\t\t\t\t<p>Facebook jsme na ur\u010ditou dobu zcela odstranili, proto\u017ee cenzura se stala nesnesitelnou. Zd\u00e1 se v\u0161ak, \u017ee se spole\u010dnost nyn\u00ed op\u011bt v\u00edce stav\u00ed na stranu u\u017eivatel\u016f, a proto to zkou\u0161\u00edme znovu:<\/p><p>Na na\u0161\u00ed webov\u00e9 str\u00e1nce pou\u017e\u00edv\u00e1me takzvan\u00fd \\&bdquo;Facebook Pixel\\&ldquo; spole\u010dnosti Meta Platforms Ireland Ltd. (Facebook Ireland Ltd.), 4 Grand Canal Square, Grand Canal Harbour, Dublin 2, Irsko.<\/p><p>Tento n\u00e1stroj slou\u017e\u00ed ke sledov\u00e1n\u00ed chov\u00e1n\u00ed u\u017eivatel\u016f pot\u00e9, co byli na na\u0161i webovou str\u00e1nku p\u0159esm\u011brov\u00e1ni kliknut\u00edm na facebookovou reklamu. D\u00edky tomu m\u016f\u017eeme vyhodnocovat \u00fa\u010dinnost facebookov\u00fdch reklam pro statistick\u00e9 a marketingov\u00e9 \u00fa\u010dely a optimalizovat budouc\u00ed reklamn\u00ed opat\u0159en\u00ed.<\/p><p>\u00dadaje, kter\u00e9 jsou p\u0159i tom shroma\u017e\u010fov\u00e1ny, jsou pro n\u00e1s anonymn\u00ed a neumo\u017e\u0148uj\u00ed n\u00e1m vyvodit z\u00e1v\u011bry o identit\u011b jednotliv\u00fdch osob. Facebook v\u0161ak tyto \u00fadaje ukl\u00e1d\u00e1 a zpracov\u00e1v\u00e1 tak, \u017ee je mo\u017en\u00e9 spojen\u00ed s p\u0159\u00edslu\u0161n\u00fdm u\u017eivatelsk\u00fdm profilem, a Facebook m\u016f\u017ee tyto \u00fadaje v souladu se sv\u00fdmi z\u00e1sadami pou\u017e\u00edv\u00e1n\u00ed dat vyu\u017e\u00edvat pro vlastn\u00ed reklamn\u00ed \u00fa\u010dely.<\/p><p>Pr\u00e1vn\u00edm z\u00e1kladem pro toto pou\u017eit\u00ed je zpravidla v\u00e1\u0161 souhlas podle \u010dl. 6 odst. 1 p\u00edsm. a) GDPR nebo n\u00e1\u0161 opr\u00e1vn\u011bn\u00fd z\u00e1jem podle \u010dl. 6 odst. 1 p\u00edsm. f) GDPR.<\/p>\t\t\t\t\t\t\t\t<\/div>\n\t\t\t\t\t<\/div>\n\t\t\t\t<\/div>\n\t\t\t\t\t<\/div>\n\t\t\t\t<\/div>\n\t\t<div class=\"elementor-element elementor-element-iwgkw-add-datenschutz e-flex e-con-boxed e-con e-parent\" data-id=\"iwgkw-add-datenschutz\" data-element_type=\"container\" data-e-type=\"container\">\n\t\t\t\t\t<div class=\"e-con-inner\">\n\t\t\t\t<div class=\"elementor-element elementor-element-iwgkw-add-datenschutz-t elementor-widget elementor-widget-text-editor\" data-id=\"iwgkw-add-datenschutz-t\" data-element_type=\"widget\" data-e-type=\"widget\" data-widget_type=\"text-editor.default\">\n\t\t\t\t\t\t\t\t\t<p>N\u00e1sleduj\u00edc\u00ed \u00fadaje slou\u017e\u00ed jako povinn\u00e9 informace podle \u010dl\u00e1nk\u016f 13 a 14 obecn\u00e9ho na\u0159\u00edzen\u00ed o ochran\u011b osobn\u00edch \u00fadaj\u016f (GDPR). Informuj\u00ed o zpracov\u00e1n\u00ed osobn\u00edch \u00fadaj\u016f p\u0159i n\u00e1v\u0161t\u011bv\u011b t\u00e9to webov\u00e9 str\u00e1nky, o odpov\u011bdn\u00fdch subjektech, \u00fa\u010delech, pr\u00e1vn\u00edch z\u00e1kladech a o pr\u00e1vech dot\u010den\u00fdch osob. Tento v\u00fdklad se omezuje na charakter povinn\u00fdch informac\u00ed a nenahrazuje pr\u00e1vn\u00ed poradenstv\u00ed v jednotliv\u00e9m p\u0159\u00edpad\u011b.<\/p>\t\t\t\t\t\t\t\t<\/div>\n\t\t\t\t\t<\/div>\n\t\t\t\t<\/div>\n\t\t\t\t<\/div>\n\t\t","protected":false},"excerpt":{"rendered":"","protected":false},"author":3,"featured_media":2259,"parent":0,"menu_order":0,"comment_status":"closed","ping_status":"closed","template":"elementor_header_footer","meta":{"_yoast_wpseo_focuskw":"","_yoast_wpseo_title":"Ochrana osobn\u00edch \u00fadaj\u016f \u2013 iWell Guard","_yoast_wpseo_metadesc":"Prohl\u00e1\u0161en\u00ed o ochran\u011b osobn\u00edch \u00fadaj\u016f spole\u010dnosti Ittermann electronic GmbH pro iWell Guard: povinn\u00e9 informace, cookies, analytika, integrovan\u00e9 slu\u017eby.","_yoast_wpseo_meta-robots-noindex":"1","_yoast_wpseo_canonical":"","_angie_page":false,"gefaehrdungsstufe":"","wesen_kultur":"","wesen_klasse":"","footnotes":""},"categories":[],"class_list":["post-145250","page","type-page","status-publish","has-post-thumbnail","hentry"],"yoast_head":"<!-- This site is optimized with the Yoast SEO Premium plugin v27.7 (Yoast SEO v28.3) - https:\/\/yoast.com\/product\/yoast-seo-premium-wordpress\/ -->\n<title>Ochrana osobn\u00edch \u00fadaj\u016f \u2013 iWell Guard<\/title>\n<meta name=\"description\" content=\"Prohl\u00e1\u0161en\u00ed o ochran\u011b osobn\u00edch \u00fadaj\u016f spole\u010dnosti Ittermann electronic GmbH pro iWell Guard: povinn\u00e9 informace, cookies, analytika, integrovan\u00e9 slu\u017eby.\" \/>\n<meta name=\"robots\" content=\"noindex, follow\" \/>\n<meta property=\"og:locale\" content=\"cs_CZ\" \/>\n<meta property=\"og:type\" content=\"article\" \/>\n<meta property=\"og:title\" content=\"Ochrana osobn\u00edch \u00fadaj\u016f\" \/>\n<meta property=\"og:description\" content=\"Prohl\u00e1\u0161en\u00ed o ochran\u011b osobn\u00edch \u00fadaj\u016f spole\u010dnosti Ittermann electronic GmbH pro iWell Guard: povinn\u00e9 informace, cookies, analytika, integrovan\u00e9 slu\u017eby.\" \/>\n<meta property=\"og:url\" content=\"https:\/\/iwell-guard.com\/cs\/ochrana-osobnich-udaju\/\" \/>\n<meta property=\"og:site_name\" content=\"iWell Guard\" \/>\n<meta property=\"article:modified_time\" content=\"2026-09-03T16:50:57+00:00\" \/>\n<meta property=\"og:image\" content=\"https:\/\/iwell-guard.com\/wp-content\/uploads\/2026\/05\/Lava-1200x661-Hintergrund-sym.webp\" \/>\n\t<meta property=\"og:image:width\" content=\"1200\" \/>\n\t<meta property=\"og:image:height\" content=\"661\" \/>\n\t<meta property=\"og:image:type\" content=\"image\/webp\" \/>\n<meta name=\"twitter:card\" content=\"summary_large_image\" \/>\n<script type=\"application\/ld+json\" class=\"yoast-schema-graph\">{\"@context\":\"https:\\\/\\\/schema.org\",\"@graph\":[{\"@type\":\"WebPage\",\"@id\":\"https:\\\/\\\/iwell-guard.com\\\/cs\\\/ochrana-osobnich-udaju\\\/\",\"url\":\"https:\\\/\\\/iwell-guard.com\\\/cs\\\/ochrana-osobnich-udaju\\\/\",\"name\":\"Ochrana osobn\u00edch \u00fadaj\u016f \u2013 iWell Guard\",\"isPartOf\":{\"@id\":\"https:\\\/\\\/iwell-guard.com\\\/cs\\\/#website\"},\"primaryImageOfPage\":{\"@id\":\"https:\\\/\\\/iwell-guard.com\\\/cs\\\/ochrana-osobnich-udaju\\\/#primaryimage\"},\"image\":{\"@id\":\"https:\\\/\\\/iwell-guard.com\\\/cs\\\/ochrana-osobnich-udaju\\\/#primaryimage\"},\"thumbnailUrl\":\"https:\\\/\\\/iwell-guard.com\\\/wp-content\\\/uploads\\\/2026\\\/05\\\/Lava-1200x661-Hintergrund-sym.webp\",\"datePublished\":\"2026-09-03T16:28:30+00:00\",\"dateModified\":\"2026-09-03T16:50:57+00:00\",\"description\":\"Prohl\u00e1\u0161en\u00ed o ochran\u011b osobn\u00edch \u00fadaj\u016f spole\u010dnosti Ittermann electronic GmbH pro iWell Guard: povinn\u00e9 informace, cookies, analytika, integrovan\u00e9 slu\u017eby.\",\"breadcrumb\":{\"@id\":\"https:\\\/\\\/iwell-guard.com\\\/cs\\\/ochrana-osobnich-udaju\\\/#breadcrumb\"},\"inLanguage\":\"cs\",\"potentialAction\":[{\"@type\":\"ReadAction\",\"target\":[\"https:\\\/\\\/iwell-guard.com\\\/cs\\\/ochrana-osobnich-udaju\\\/\"]}]},{\"@type\":\"ImageObject\",\"inLanguage\":\"cs\",\"@id\":\"https:\\\/\\\/iwell-guard.com\\\/cs\\\/ochrana-osobnich-udaju\\\/#primaryimage\",\"url\":\"https:\\\/\\\/iwell-guard.com\\\/wp-content\\\/uploads\\\/2026\\\/05\\\/Lava-1200x661-Hintergrund-sym.webp\",\"contentUrl\":\"https:\\\/\\\/iwell-guard.com\\\/wp-content\\\/uploads\\\/2026\\\/05\\\/Lava-1200x661-Hintergrund-sym.webp\",\"width\":1200,\"height\":661,\"caption\":\"Ochrann\u00fd p\u0159\u00edv\u011bsek iWell Guard, \u010dern\u00fd \u010dip z karbonov\u00fdch vl\u00e1ken se zlat\u00fdmi akcenty\"},{\"@type\":\"BreadcrumbList\",\"@id\":\"https:\\\/\\\/iwell-guard.com\\\/cs\\\/ochrana-osobnich-udaju\\\/#breadcrumb\",\"itemListElement\":[{\"@type\":\"ListItem\",\"position\":1,\"name\":\"Start\",\"item\":\"https:\\\/\\\/iwell-guard.com\\\/cs\\\/?page_id=145107\"},{\"@type\":\"ListItem\",\"position\":2,\"name\":\"Ochrana osobn\u00edch \u00fadaj\u016f\"}]},{\"@type\":\"WebSite\",\"@id\":\"https:\\\/\\\/iwell-guard.com\\\/cs\\\/#website\",\"url\":\"https:\\\/\\\/iwell-guard.com\\\/cs\\\/\",\"name\":\"iWell Guard\",\"description\":\"Schutz vor dunklen Einfl\u00fcssen\",\"publisher\":{\"@id\":\"https:\\\/\\\/iwell-guard.com\\\/cs\\\/#organization\"},\"potentialAction\":[{\"@type\":\"SearchAction\",\"target\":{\"@type\":\"EntryPoint\",\"urlTemplate\":\"https:\\\/\\\/iwell-guard.com\\\/cs\\\/?s={search_term_string}\"},\"query-input\":{\"@type\":\"PropertyValueSpecification\",\"valueRequired\":true,\"valueName\":\"search_term_string\"}}],\"inLanguage\":\"cs\"},{\"@type\":\"Organization\",\"@id\":\"https:\\\/\\\/iwell-guard.com\\\/cs\\\/#organization\",\"name\":\"Ittermann electronic GmbH\",\"url\":\"https:\\\/\\\/iwell-guard.com\\\/cs\\\/\",\"logo\":{\"@type\":\"ImageObject\",\"inLanguage\":\"cs\",\"@id\":\"https:\\\/\\\/iwell-guard.com\\\/cs\\\/#\\\/schema\\\/logo\\\/image\\\/\",\"url\":\"https:\\\/\\\/iwell-guard.com\\\/wp-content\\\/uploads\\\/2026\\\/05\\\/Ittermann-Logo-1182x237-1.png\",\"contentUrl\":\"https:\\\/\\\/iwell-guard.com\\\/wp-content\\\/uploads\\\/2026\\\/05\\\/Ittermann-Logo-1182x237-1.png\",\"width\":1182,\"height\":237,\"caption\":\"Ittermann electronic GmbH\"},\"image\":{\"@id\":\"https:\\\/\\\/iwell-guard.com\\\/cs\\\/#\\\/schema\\\/logo\\\/image\\\/\"},\"sameAs\":[\"https:\\\/\\\/pantip.com\\\/profile\\\/9367242\",\"https:\\\/\\\/micro.blog\\\/iwellguard\",\"https:\\\/\\\/www.diggerslist.com\\\/iwellguard\\\/about\",\"https:\\\/\\\/skitterphoto.com\\\/photographers\\\/2870314\\\/iwell-guard\",\"https:\\\/\\\/iwellguard.wordpress.com\\\/2026\\\/06\\\/06\\\/iwell-guard\\\/\",\"https:\\\/\\\/hub.docker.com\\\/u\\\/iwellguard\",\"https:\\\/\\\/www.pinterest.com\\\/iwellguard\\\/\",\"https:\\\/\\\/bit.ly\\\/m\\\/iwellguard\",\"https:\\\/\\\/entre-vos-mains.alsace.eu\\\/profiles\\\/iwellguard\\\/activity\",\"https:\\\/\\\/gravatar.com\\\/reallybeded8fd34\",\"https:\\\/\\\/naijamatta.com\\\/iwellguard\",\"https:\\\/\\\/www.goodreads.com\\\/iwellguard\",\"https:\\\/\\\/profile.hatena.ne.jp\\\/iwellguard\\\/\",\"https:\\\/\\\/experiment.com\\\/users\\\/iwellguard\",\"https:\\\/\\\/wakelet.com\\\/@iWellGuard82270\",\"https:\\\/\\\/www.chordie.com\\\/forum\\\/profile.php?id=2555664\",\"https:\\\/\\\/www.instapaper.com\\\/p\\\/17757966\",\"https:\\\/\\\/www.mapleprimes.com\\\/users\\\/iwellguard\",\"https:\\\/\\\/businesslistingplus.com\\\/profile\\\/iwell-guard\\\/\",\"https:\\\/\\\/telegra.ph\\\/iWell-Guard-06-06\",\"https:\\\/\\\/pbase.com\\\/iwellguard\\\/iwellguard\",\"https:\\\/\\\/b.hatena.ne.jp\\\/iwellguard\\\/20260607#bookmark-4788405196491818882\",\"https:\\\/\\\/fliphtml5.com\\\/home\\\/iwellguard\",\"https:\\\/\\\/anyflip.com\\\/homepage\\\/cmiwl#About\",\"https:\\\/\\\/transfur.com\\\/Users\\\/iwellguard\",\"http:\\\/\\\/delphi.larsbo.org\\\/user\\\/iwellguard\",\"https:\\\/\\\/jobs.lajobsportal.org\\\/profiles\\\/8380803-iwell-guard\",\"https:\\\/\\\/md.chaosdorf.de\\\/s\\\/jfbe5SBdJD\",\"https:\\\/\\\/www.lingvolive.com\\\/en-us\\\/profile\\\/9ecaeaca-ce11-4e51-9e71-01d55e2bff36\\\/translations\",\"https:\\\/\\\/www.fitday.com\\\/fitness\\\/forums\\\/members\\\/iwellguard.html\",\"https:\\\/\\\/www.mymeetbook.com\\\/iwellguard\",\"https:\\\/\\\/pxhere.com\\\/en\\\/photographer-me\\\/5040798\",\"https:\\\/\\\/disqus.com\\\/by\\\/iwellguard\\\/about\\\/\",\"https:\\\/\\\/pastelink.net\\\/hjwciqwq\",\"https:\\\/\\\/pubhtml5.com\\\/homepage\\\/scjhn\\\/\",\"https:\\\/\\\/www.bitchute.com\\\/channel\\\/2O2eOKzNqujT\",\"https:\\\/\\\/audiomack.com\\\/iwellguard\"]}]}<\/script>\n<!-- \/ Yoast SEO Premium plugin. -->","yoast_head_json":{"title":"Ochrana osobn\u00edch \u00fadaj\u016f \u2013 iWell Guard","description":"Prohl\u00e1\u0161en\u00ed o ochran\u011b osobn\u00edch \u00fadaj\u016f spole\u010dnosti Ittermann electronic GmbH pro iWell Guard: povinn\u00e9 informace, cookies, analytika, integrovan\u00e9 slu\u017eby.","robots":{"index":"noindex","follow":"follow"},"og_locale":"cs_CZ","og_type":"article","og_title":"Ochrana osobn\u00edch \u00fadaj\u016f","og_description":"Prohl\u00e1\u0161en\u00ed o ochran\u011b osobn\u00edch \u00fadaj\u016f spole\u010dnosti Ittermann electronic GmbH pro iWell Guard: povinn\u00e9 informace, cookies, analytika, integrovan\u00e9 slu\u017eby.","og_url":"https:\/\/iwell-guard.com\/cs\/ochrana-osobnich-udaju\/","og_site_name":"iWell Guard","article_modified_time":"2026-09-03T16:50:57+00:00","og_image":[{"width":1200,"height":661,"url":"https:\/\/iwell-guard.com\/wp-content\/uploads\/2026\/05\/Lava-1200x661-Hintergrund-sym.webp","type":"image\/webp"}],"twitter_card":"summary_large_image","schema":{"@context":"https:\/\/schema.org","@graph":[{"@type":"WebPage","@id":"https:\/\/iwell-guard.com\/cs\/ochrana-osobnich-udaju\/","url":"https:\/\/iwell-guard.com\/cs\/ochrana-osobnich-udaju\/","name":"Ochrana osobn\u00edch \u00fadaj\u016f \u2013 iWell Guard","isPartOf":{"@id":"https:\/\/iwell-guard.com\/cs\/#website"},"primaryImageOfPage":{"@id":"https:\/\/iwell-guard.com\/cs\/ochrana-osobnich-udaju\/#primaryimage"},"image":{"@id":"https:\/\/iwell-guard.com\/cs\/ochrana-osobnich-udaju\/#primaryimage"},"thumbnailUrl":"https:\/\/iwell-guard.com\/wp-content\/uploads\/2026\/05\/Lava-1200x661-Hintergrund-sym.webp","datePublished":"2026-09-03T16:28:30+00:00","dateModified":"2026-09-03T16:50:57+00:00","description":"Prohl\u00e1\u0161en\u00ed o ochran\u011b osobn\u00edch \u00fadaj\u016f spole\u010dnosti Ittermann electronic GmbH pro iWell Guard: povinn\u00e9 informace, cookies, analytika, integrovan\u00e9 slu\u017eby.","breadcrumb":{"@id":"https:\/\/iwell-guard.com\/cs\/ochrana-osobnich-udaju\/#breadcrumb"},"inLanguage":"cs","potentialAction":[{"@type":"ReadAction","target":["https:\/\/iwell-guard.com\/cs\/ochrana-osobnich-udaju\/"]}]},{"@type":"ImageObject","inLanguage":"cs","@id":"https:\/\/iwell-guard.com\/cs\/ochrana-osobnich-udaju\/#primaryimage","url":"https:\/\/iwell-guard.com\/wp-content\/uploads\/2026\/05\/Lava-1200x661-Hintergrund-sym.webp","contentUrl":"https:\/\/iwell-guard.com\/wp-content\/uploads\/2026\/05\/Lava-1200x661-Hintergrund-sym.webp","width":1200,"height":661,"caption":"Ochrann\u00fd p\u0159\u00edv\u011bsek iWell Guard, \u010dern\u00fd \u010dip z karbonov\u00fdch vl\u00e1ken se zlat\u00fdmi akcenty"},{"@type":"BreadcrumbList","@id":"https:\/\/iwell-guard.com\/cs\/ochrana-osobnich-udaju\/#breadcrumb","itemListElement":[{"@type":"ListItem","position":1,"name":"Start","item":"https:\/\/iwell-guard.com\/cs\/?page_id=145107"},{"@type":"ListItem","position":2,"name":"Ochrana osobn\u00edch \u00fadaj\u016f"}]},{"@type":"WebSite","@id":"https:\/\/iwell-guard.com\/cs\/#website","url":"https:\/\/iwell-guard.com\/cs\/","name":"iWell Guard","description":"Schutz vor dunklen Einfl\u00fcssen","publisher":{"@id":"https:\/\/iwell-guard.com\/cs\/#organization"},"potentialAction":[{"@type":"SearchAction","target":{"@type":"EntryPoint","urlTemplate":"https:\/\/iwell-guard.com\/cs\/?s={search_term_string}"},"query-input":{"@type":"PropertyValueSpecification","valueRequired":true,"valueName":"search_term_string"}}],"inLanguage":"cs"},{"@type":"Organization","@id":"https:\/\/iwell-guard.com\/cs\/#organization","name":"Ittermann electronic GmbH","url":"https:\/\/iwell-guard.com\/cs\/","logo":{"@type":"ImageObject","inLanguage":"cs","@id":"https:\/\/iwell-guard.com\/cs\/#\/schema\/logo\/image\/","url":"https:\/\/iwell-guard.com\/wp-content\/uploads\/2026\/05\/Ittermann-Logo-1182x237-1.png","contentUrl":"https:\/\/iwell-guard.com\/wp-content\/uploads\/2026\/05\/Ittermann-Logo-1182x237-1.png","width":1182,"height":237,"caption":"Ittermann electronic GmbH"},"image":{"@id":"https:\/\/iwell-guard.com\/cs\/#\/schema\/logo\/image\/"},"sameAs":["https:\/\/pantip.com\/profile\/9367242","https:\/\/micro.blog\/iwellguard","https:\/\/www.diggerslist.com\/iwellguard\/about","https:\/\/skitterphoto.com\/photographers\/2870314\/iwell-guard","https:\/\/iwellguard.wordpress.com\/2026\/06\/06\/iwell-guard\/","https:\/\/hub.docker.com\/u\/iwellguard","https:\/\/www.pinterest.com\/iwellguard\/","https:\/\/bit.ly\/m\/iwellguard","https:\/\/entre-vos-mains.alsace.eu\/profiles\/iwellguard\/activity","https:\/\/gravatar.com\/reallybeded8fd34","https:\/\/naijamatta.com\/iwellguard","https:\/\/www.goodreads.com\/iwellguard","https:\/\/profile.hatena.ne.jp\/iwellguard\/","https:\/\/experiment.com\/users\/iwellguard","https:\/\/wakelet.com\/@iWellGuard82270","https:\/\/www.chordie.com\/forum\/profile.php?id=2555664","https:\/\/www.instapaper.com\/p\/17757966","https:\/\/www.mapleprimes.com\/users\/iwellguard","https:\/\/businesslistingplus.com\/profile\/iwell-guard\/","https:\/\/telegra.ph\/iWell-Guard-06-06","https:\/\/pbase.com\/iwellguard\/iwellguard","https:\/\/b.hatena.ne.jp\/iwellguard\/20260607#bookmark-4788405196491818882","https:\/\/fliphtml5.com\/home\/iwellguard","https:\/\/anyflip.com\/homepage\/cmiwl#About","https:\/\/transfur.com\/Users\/iwellguard","http:\/\/delphi.larsbo.org\/user\/iwellguard","https:\/\/jobs.lajobsportal.org\/profiles\/8380803-iwell-guard","https:\/\/md.chaosdorf.de\/s\/jfbe5SBdJD","https:\/\/www.lingvolive.com\/en-us\/profile\/9ecaeaca-ce11-4e51-9e71-01d55e2bff36\/translations","https:\/\/www.fitday.com\/fitness\/forums\/members\/iwellguard.html","https:\/\/www.mymeetbook.com\/iwellguard","https:\/\/pxhere.com\/en\/photographer-me\/5040798","https:\/\/disqus.com\/by\/iwellguard\/about\/","https:\/\/pastelink.net\/hjwciqwq","https:\/\/pubhtml5.com\/homepage\/scjhn\/","https:\/\/www.bitchute.com\/channel\/2O2eOKzNqujT","https:\/\/audiomack.com\/iwellguard"]}]}},"_links":{"self":[{"href":"https:\/\/iwell-guard.com\/cs\/wp-json\/wp\/v2\/pages\/145250","targetHints":{"allow":["GET"]}}],"collection":[{"href":"https:\/\/iwell-guard.com\/cs\/wp-json\/wp\/v2\/pages"}],"about":[{"href":"https:\/\/iwell-guard.com\/cs\/wp-json\/wp\/v2\/types\/page"}],"author":[{"embeddable":true,"href":"https:\/\/iwell-guard.com\/cs\/wp-json\/wp\/v2\/users\/3"}],"replies":[{"embeddable":true,"href":"https:\/\/iwell-guard.com\/cs\/wp-json\/wp\/v2\/comments?post=145250"}],"version-history":[{"count":0,"href":"https:\/\/iwell-guard.com\/cs\/wp-json\/wp\/v2\/pages\/145250\/revisions"}],"wp:featuredmedia":[{"embeddable":true,"href":"https:\/\/iwell-guard.com\/cs\/wp-json\/wp\/v2\/media\/2259"}],"wp:attachment":[{"href":"https:\/\/iwell-guard.com\/cs\/wp-json\/wp\/v2\/media?parent=145250"}],"wp:term":[{"taxonomy":"category","embeddable":true,"href":"https:\/\/iwell-guard.com\/cs\/wp-json\/wp\/v2\/categories?post=145250"}],"curies":[{"name":"wp","href":"https:\/\/api.w.org\/{rel}","templated":true}]}}