{"id":145247,"date":"2026-09-03T16:28:29","date_gmt":"2026-09-03T16:28:29","guid":{"rendered":"https:\/\/iwell-guard.com\/?page_id=145247"},"modified":"2026-09-03T16:50:52","modified_gmt":"2026-09-03T16:50:52","slug":"hel","status":"publish","type":"page","link":"https:\/\/iwell-guard.com\/cs\/hel\/","title":{"rendered":"Hel"},"content":{"rendered":"\t\t<div data-elementor-type=\"wp-page\" data-elementor-id=\"145247\" class=\"elementor elementor-145247 elementor-1890 elementor-bc-flex-widget\" data-elementor-post-type=\"page\">\n\t\t\t\t<div class=\"elementor-element elementor-element-10fdade e-flex e-con-boxed e-con e-parent\" data-id=\"10fdade\" data-element_type=\"container\" data-e-type=\"container\" data-settings=\"{&quot;background_background&quot;:&quot;classic&quot;}\">\n\t\t\t\t\t<div class=\"e-con-inner\">\n\t\t<div class=\"elementor-element elementor-element-herohlft0 e-flex e-con-boxed e-con e-child\" data-id=\"herohlft0\" data-element_type=\"container\" data-e-type=\"container\">\n\t\t\t\t\t<div class=\"e-con-inner\">\n\t\t<div class=\"elementor-element elementor-element-c3ceb64 e-con-full e-flex e-con e-child\" data-id=\"c3ceb64\" data-element_type=\"container\" data-e-type=\"container\">\n\t\t\t\t<div class=\"elementor-element elementor-element-96ae5e1 elementor-widget elementor-widget-heading\" data-id=\"96ae5e1\" data-element_type=\"widget\" data-e-type=\"widget\" data-widget_type=\"heading.default\">\n\t\t\t\t\t<h1 class=\"elementor-heading-title elementor-size-default\">Hel, bohyn\u011b germ\u00e1nsk\u00e9 tradice<\/h1>\t\t\t\t<\/div>\n\t\t\t\t<div class=\"elementor-element elementor-element-e45238a elementor-widget elementor-widget-text-editor\" data-id=\"e45238a\" data-element_type=\"widget\" data-e-type=\"widget\" data-widget_type=\"text-editor.default\">\n\t\t\t\t\t\t\t\t\t<p>Hel je bohyn\u011b germ\u00e1nsk\u00e9 tradice.<\/p><p>Vl\u00e1dkyn\u011b podsv\u011bt\u00ed, dcera Lokiho a obryn\u011b Angrbody, sestra Fenrisova vlka a hada Midgardu Jormunganda. Hel p\u0159ij\u00edm\u00e1 du\u0161e v\u0161ech zem\u0159el\u00fdch, kte\u0159\u00ed nepadli v boji, a tedy nevstupuj\u00ed do Valhaly ani do Folkvangu.<\/p><p>Jej\u00ed \u0159\u00ed\u0161e <em>Helheim<\/em> nen\u00ed m\u00edstem tr\u00fdzn\u011b, n\u00fdbr\u017e neutr\u00e1ln\u00ed zem\u00ed mrtv\u00fdch pro ty, kdo zem\u0159eli na nemoc, st\u00e1\u0159\u00ed nebo b\u011b\u017enou smrt\u00ed. Je zobrazov\u00e1na jako nap\u016fl \u017eiv\u00e1 a nap\u016fl zetlel\u00e1, <span class=\"iwg-fachbegriff\" data-tooltip=\"Znak, kter\u00fd zastupuje p\u0159edstavu nebo v\u00fdznam.\" tabindex=\"0\">symbol<\/span> hranice mezi \u017eivotem a smrt\u00ed.<\/p><p>Hel je germ\u00e1nsk\u00e1 bohyn\u011b smrti a dcera Lokiho.<\/p>\t\t\t\t\t\t\t\t<\/div>\n\t\t\t\t<\/div>\n\t\t<div class=\"elementor-element elementor-element-klsbdg01 e-con-full e-flex e-con e-parent\" data-id=\"klsbdg01\" data-element_type=\"container\" data-e-type=\"container\">\n\t\t\t\t<div class=\"elementor-element elementor-element-klshtm01 elementor-widget elementor-widget-html\" data-id=\"klshtm01\" data-element_type=\"widget\" data-e-type=\"widget\" data-widget_type=\"html.default\">\n\t\t\t\t\t<div class=\"iwg-pill-row\"><span class=\"iwg-klasse-badge\" tabindex=\"0\" data-tooltip=\"B\u016fh \/ bohyn\u011b: Zosobn\u011bn\u00e1 nejvy\u0161\u0161\u00ed moc v panteonu ur\u010dit\u00e9 kultury, s jasn\u011b vymezen\u00fdmi pravomocemi, jako jsou p\u0159\u00edrodn\u00ed s\u00edly, osud, v\u00e1lka a plodnost. Uct\u00edv\u00e1ni prost\u0159ednictv\u00edm kult\u016f, ob\u011bt\u00ed a chr\u00e1mov\u00fdch instituc\u00ed.\">Bohyn\u011b<\/span><a href=\"https:\/\/iwell-guard.com\/cs\/?page_id=145141\" class=\"iwg-kultur-badge\" tabindex=\"0\" data-tooltip=\"P\u0159edk\u0159es\u0165ansk\u00fd sv\u011bt boh\u016f a duch\u016f severn\u00ed a st\u0159edn\u00ed Evropy.\">Germ\u00e1nsk\u00e1<\/a><a href=\"https:\/\/iwell-guard.com\/cs\/?page_id=145235\" class=\"iwg-tradition-badge\" tabindex=\"0\" data-tooltip=\"Bohov\u00e9 podsv\u011bt\u00ed a smrti, vl\u00e1dci onoho sv\u011bta, soudci mrtv\u00fdch, pr\u016fvodci du\u0161\u00ed.\">Bo\u017estvo smrti<\/a><\/div>\t\t\t\t<\/div>\n\t\t\t\t<\/div>\n\t\t<div class=\"elementor-element elementor-element-3f74855 e-con-full e-flex e-con e-child\" data-id=\"3f74855\" data-element_type=\"container\" data-e-type=\"container\">\n\t\t\t\t<div class=\"elementor-element elementor-element-1c30362 elementor-toc--minimized-on-tablet elementor-widget elementor-widget-table-of-contents\" data-id=\"1c30362\" data-element_type=\"widget\" data-e-type=\"widget\" data-settings=\"{&quot;exclude_headings_by_selector&quot;:[],&quot;no_headings_message&quot;:&quot;Na t\\u00e9to str\\u00e1nce nebyly nalezeny \\u017e\\u00e1dn\\u00e9 nadpisy.&quot;,&quot;headings_by_tags&quot;:[&quot;h2&quot;,&quot;h3&quot;],&quot;marker_view&quot;:&quot;bullets&quot;,&quot;minimize_box&quot;:&quot;yes&quot;,&quot;icon&quot;:{&quot;value&quot;:&quot;fas fa-circle&quot;,&quot;library&quot;:&quot;fa-solid&quot;,&quot;rendered_tag&quot;:&quot;&lt;svg class=\\&quot;e-font-icon-svg e-fas-circle\\&quot; viewBox=\\&quot;0 0 512 512\\&quot; xmlns=\\&quot;http:\\\/\\\/www.w3.org\\\/2000\\\/svg\\&quot;&gt;&lt;path d=\\&quot;M256 8C119 8 8 119 8 256s111 248 248 248 248-111 248-248S393 8 256 8z\\&quot;&gt;&lt;\\\/path&gt;&lt;\\\/svg&gt;&quot;},&quot;minimized_on&quot;:&quot;tablet&quot;,&quot;hierarchical_view&quot;:&quot;yes&quot;,&quot;min_height&quot;:{&quot;unit&quot;:&quot;px&quot;,&quot;size&quot;:&quot;&quot;,&quot;sizes&quot;:[]},&quot;min_height_tablet&quot;:{&quot;unit&quot;:&quot;px&quot;,&quot;size&quot;:&quot;&quot;,&quot;sizes&quot;:[]},&quot;min_height_mobile&quot;:{&quot;unit&quot;:&quot;px&quot;,&quot;size&quot;:&quot;&quot;,&quot;sizes&quot;:[]}}\" data-widget_type=\"table-of-contents.default\">\n\t\t\t\t\t\t\t\t\t<div class=\"elementor-toc__header\">\n\t\t\t\t\t\t<h2 class=\"elementor-toc__header-title\">\n\t\t\t\tObsah\t\t\t<\/h2>\n\t\t\t\t\t\t\t\t\t\t<div class=\"elementor-toc__toggle-button elementor-toc__toggle-button--expand\" role=\"button\" tabindex=\"0\" aria-controls=\"elementor-toc__1c30362\" aria-expanded=\"true\" aria-label=\"Open table of contents\"><svg aria-hidden=\"true\" class=\"e-font-icon-svg e-fas-chevron-down\" viewBox=\"0 0 448 512\" xmlns=\"http:\/\/www.w3.org\/2000\/svg\"><path d=\"M207.029 381.476L12.686 187.132c-9.373-9.373-9.373-24.569 0-33.941l22.667-22.667c9.357-9.357 24.522-9.375 33.901-.04L224 284.505l154.745-154.021c9.379-9.335 24.544-9.317 33.901.04l22.667 22.667c9.373 9.373 9.373 24.569 0 33.941L240.971 381.476c-9.373 9.372-24.569 9.372-33.942 0z\"><\/path><\/svg><\/div>\n\t\t\t\t<div class=\"elementor-toc__toggle-button elementor-toc__toggle-button--collapse\" role=\"button\" tabindex=\"0\" aria-controls=\"elementor-toc__1c30362\" aria-expanded=\"true\" aria-label=\"Close table of contents\"><svg aria-hidden=\"true\" class=\"e-font-icon-svg e-fas-chevron-up\" viewBox=\"0 0 448 512\" xmlns=\"http:\/\/www.w3.org\/2000\/svg\"><path d=\"M240.971 130.524l194.343 194.343c9.373 9.373 9.373 24.569 0 33.941l-22.667 22.667c-9.357 9.357-24.522 9.375-33.901.04L224 227.495 69.255 381.516c-9.379 9.335-24.544 9.317-33.901-.04l-22.667-22.667c-9.373-9.373-9.373-24.569 0-33.941L207.03 130.525c9.372-9.373 24.568-9.373 33.941-.001z\"><\/path><\/svg><\/div>\n\t\t\t\t\t<\/div>\n\t\t\t\t<div id=\"elementor-toc__1c30362\" class=\"elementor-toc__body\">\n\t\t\t<div class=\"elementor-toc__spinner-container\">\n\t\t\t\t<svg class=\"elementor-toc__spinner eicon-animation-spin e-font-icon-svg e-eicon-loading\" aria-hidden=\"true\" viewBox=\"0 0 1000 1000\" xmlns=\"http:\/\/www.w3.org\/2000\/svg\"><path d=\"M500 975V858C696 858 858 696 858 500S696 142 500 142 142 304 142 500H25C25 237 238 25 500 25S975 237 975 500 763 975 500 975Z\"><\/path><\/svg>\t\t\t<\/div>\n\t\t<\/div>\n\t\t\t\t\t\t<\/div>\n\t\t\t\t<\/div>\n\t\t\t\t\t<\/div>\n\t\t\t\t<\/div>\n\t\t<div class=\"elementor-element elementor-element-herorght0 e-con-full e-flex e-con e-child\" data-id=\"herorght0\" data-element_type=\"container\" data-e-type=\"container\">\n\t\t\t\t<div class=\"elementor-element elementor-element-heroimg00 iwg-hero-image elementor-widget elementor-widget-image\" data-id=\"heroimg00\" data-element_type=\"widget\" data-e-type=\"widget\" data-widget_type=\"image.default\">\n\t\t\t\t\t\t\t\t\t\t\t\t\t\t\t<img fetchpriority=\"high\" decoding=\"async\" width=\"683\" height=\"1024\" src=\"https:\/\/iwell-guard.com\/wp-content\/uploads\/2026\/04\/goetter_germanisch_hel-683x1024.webp\" class=\"attachment-large size-large wp-image-1721\" alt=\"Hel\" srcset=\"https:\/\/iwell-guard.com\/wp-content\/uploads\/2026\/04\/goetter_germanisch_hel-683x1024.webp 683w, https:\/\/iwell-guard.com\/wp-content\/uploads\/2026\/04\/goetter_germanisch_hel-200x300.webp 200w, https:\/\/iwell-guard.com\/wp-content\/uploads\/2026\/04\/goetter_germanisch_hel-768x1152.webp 768w, https:\/\/iwell-guard.com\/wp-content\/uploads\/2026\/04\/goetter_germanisch_hel.webp 1024w\" sizes=\"(max-width: 683px) 100vw, 683px\" \/>\t\t\t\t\t\t\t\t\t\t\t\t\t\t\t<\/div>\n\t\t\t\t<\/div>\n\t\t\t\t\t<\/div>\n\t\t\t\t<\/div>\n\t\t<div class=\"elementor-element elementor-element-32917199 e-flex e-con-boxed e-con e-parent\" data-id=\"32917199\" data-element_type=\"container\" data-e-type=\"container\">\n\t\t\t\t\t<div class=\"e-con-inner\">\n\t\t<div class=\"elementor-element elementor-element-26e916cb e-flex e-con-boxed e-con e-child\" data-id=\"26e916cb\" data-element_type=\"container\" data-e-type=\"container\">\n\t\t\t\t\t<div class=\"e-con-inner\">\n\t\t<div class=\"elementor-element elementor-element-253a40d4 e-flex e-con-boxed e-con e-child\" data-id=\"253a40d4\" data-element_type=\"container\" data-e-type=\"container\">\n\t\t\t\t\t<div class=\"e-con-inner\">\n\t\t\t\t<div class=\"elementor-element elementor-element-1200c304 elementor-widget elementor-widget-heading\" data-id=\"1200c304\" data-element_type=\"widget\" data-e-type=\"widget\" data-widget_type=\"heading.default\">\n\t\t\t\t\t<h2 class=\"elementor-heading-title elementor-size-default\">Hel<\/h2>\t\t\t\t<\/div>\n\t\t\t\t\t<\/div>\n\t\t\t\t<\/div>\n\t\t<div class=\"elementor-element elementor-element-159dcf9a e-flex e-con-boxed e-con e-child\" data-id=\"159dcf9a\" data-element_type=\"container\" data-e-type=\"container\">\n\t\t\t\t\t<div class=\"e-con-inner\">\n\t\t\t\t<div class=\"elementor-element elementor-element-48cee66f elementor-widget elementor-widget-heading\" data-id=\"48cee66f\" data-element_type=\"widget\" data-e-type=\"widget\" data-widget_type=\"heading.default\">\n\t\t\t\t\t<h2 class=\"elementor-heading-title elementor-size-default\">Rychl\u00fd p\u0159ehled: Hel<\/h2>\t\t\t\t<\/div>\n\t\t\t\t<div class=\"elementor-element elementor-element-3f50d82c elementor-widget elementor-widget-text-editor\" data-id=\"3f50d82c\" data-element_type=\"widget\" data-e-type=\"widget\" data-widget_type=\"text-editor.default\">\n\t\t\t\t\t\t\t\t\t<p><strong>Typ:<\/strong> Bohyn\u011b smrti, vl\u00e1dkyn\u011b podsv\u011bt\u00ed<br><span class=\"iwg-fachbegriff\" data-tooltip=\"Souhrn boh\u016f ur\u010dit\u00e9ho n\u00e1bo\u017eenstv\u00ed nebo kultury.\" tabindex=\"0\">Panteon<\/span>: Germ\u00e1nsk\u00fd (seversk\u00fd)<br>Funkce: Vl\u00e1dkyn\u011b \u0159\u00ed\u0161e mrtv\u00fdch Helheimu, p\u0159ij\u00edma\u010dka mrtv\u00fdch, str\u00e1\u017ekyn\u011b hranice mezi \u017eivotem a smrt\u00ed<br>Hlavn\u00ed atributy: Rozd\u011blen\u00e1 tv\u00e1\u0159 (\u017eiv\u00e1 a zetlel\u00e1), \u010dern\u00fd od\u011bv, pes Garm, most Gjallarbru<br>S\u00eddlo: Helheim (\u0159\u00ed\u0161e mrtv\u00fdch), s\u00ed\u0148 Eljudnir, \u0159eka Gjoll<br>Germ\u00e1nsk\u00e1 paralela: (\u017e\u00e1dn\u00e1, samostatn\u00e1 postava v seversk\u00e9 <span class=\"iwg-fachbegriff\" data-tooltip=\"Souhrn tradovan\u00fdch p\u0159\u00edb\u011bh\u016f o boz\u00edch ur\u010dit\u00e9 kultury.\" tabindex=\"0\">mytologii<\/span>)<\/p>\t\t\t\t\t\t\t\t<\/div>\n\t\t\t\t\t<\/div>\n\t\t\t\t<\/div>\n\t\t\t\t\t<\/div>\n\t\t\t\t<\/div>\n\t\t\t\t\t<\/div>\n\t\t\t\t<\/div>\n\t\t<div class=\"elementor-element elementor-element-18613602 e-flex e-con-boxed e-con e-parent\" data-id=\"18613602\" data-element_type=\"container\" data-e-type=\"container\">\n\t\t\t\t\t<div class=\"e-con-inner\">\n\t\t\t\t<div class=\"elementor-element elementor-element-262b8a9f elementor-widget elementor-widget-heading\" data-id=\"262b8a9f\" data-element_type=\"widget\" data-e-type=\"widget\" data-widget_type=\"heading.default\">\n\t\t\t\t\t<h2 class=\"elementor-heading-title elementor-size-default\">Historick\u00e9 za\u0159azen\u00ed<\/h2>\t\t\t\t<\/div>\n\t\t<div class=\"elementor-element elementor-element-46dcb7d e-con-full e-flex e-con e-child\" data-id=\"46dcb7d\" data-element_type=\"container\" data-e-type=\"container\">\n\t\t<div class=\"elementor-element elementor-element-61d3ab3 e-flex e-con-boxed e-con e-child\" data-id=\"61d3ab3\" data-element_type=\"container\" data-e-type=\"container\">\n\t\t\t\t\t<div class=\"e-con-inner\">\n\t\t\t\t<div class=\"elementor-element elementor-element-117c166 elementor-widget elementor-widget-heading\" data-id=\"117c166\" data-element_type=\"widget\" data-e-type=\"widget\" data-widget_type=\"heading.default\">\n\t\t\t\t\t<h3 class=\"elementor-heading-title elementor-size-default\">Zeitraum der Texte<\/h3>\t\t\t\t<\/div>\n\t\t\t\t<div class=\"elementor-element elementor-element-73997a0 elementor-widget elementor-widget-text-editor\" data-id=\"73997a0\" data-element_type=\"widget\" data-e-type=\"widget\" data-widget_type=\"text-editor.default\">\n\t\t\t\t\t\t\t\t\t<p><span class=\"iwg-fachbegriff\" data-tooltip=\"P\u0159ed\u00e1v\u00e1n\u00ed v\u011bdomost\u00ed a p\u0159\u00edb\u011bh\u016f z generace na generaci.\" tabindex=\"0\">Tradov\u00e1n\u00ed<\/span> o Hel vych\u00e1z\u00ed z liter\u00e1rn\u00edch pramen\u016f vrcholn\u00e9ho st\u0159edov\u011bku, av\u0161ak navazuje na star\u0161\u00ed \u00fastn\u00ed tradici z doby vikinsk\u00e9 a st\u011bhov\u00e1n\u00ed n\u00e1rod\u016f. Hlavn\u00edmi prameny jsou Snorra-Edda (nejstar\u0161\u00ed rukopisy z 13. stolet\u00ed) a Lieder-Edda (zapsan\u00e1 kolem roku 1270, ale vych\u00e1zej\u00edc\u00ed z b\u00e1sn\u00ed z 9.-11. stolet\u00ed).<\/p><p>D\u00edlo <em>Gesta Danorum<\/em> Saxa Grammatika (kolem roku 1200) nab\u00edz\u00ed k\u0159es\u0165ansky zabarven\u00e1 paraleln\u00ed pod\u00e1n\u00ed. N\u00e1lezy <span class=\"iwg-fachbegriff\" data-tooltip=\"Mal\u00e9 svat\u00e9 m\u00edsto \u00faschovy nebo uct\u00edv\u00e1n\u00ed.\" tabindex=\"0\">svatyn\u00ed<\/span> a hrob\u016f z 6.-10. stolet\u00ed nazna\u010duj\u00ed, \u017ee Hel nehr\u00e1la v kultu \u00fast\u0159edn\u00ed roli, byla v\u0161ak pevn\u011b zakotvena v eschatologick\u00e9m pov\u011bdom\u00ed.<\/p>\t\t\t\t\t\t\t\t<\/div>\n\t\t\t\t\t<\/div>\n\t\t\t\t<\/div>\n\t\t<div class=\"elementor-element elementor-element-d47b156 e-flex e-con-boxed e-con e-child\" data-id=\"d47b156\" data-element_type=\"container\" data-e-type=\"container\">\n\t\t\t\t\t<div class=\"e-con-inner\">\n\t\t\t\t<div class=\"elementor-element elementor-element-ff38c2b elementor-widget elementor-widget-heading\" data-id=\"ff38c2b\" data-element_type=\"widget\" data-e-type=\"widget\" data-widget_type=\"heading.default\">\n\t\t\t\t\t<h3 class=\"elementor-heading-title elementor-size-default\">Verbreitungsraum<\/h3>\t\t\t\t<\/div>\n\t\t\t\t<div class=\"elementor-element elementor-element-4e49fcc elementor-widget elementor-widget-text-editor\" data-id=\"4e49fcc\" data-element_type=\"widget\" data-e-type=\"widget\" data-widget_type=\"text-editor.default\">\n\t\t\t\t\t\t\t\t\t<p>Hel byla sou\u010d\u00e1st\u00ed skandin\u00e1vsk\u00e9 a germ\u00e1nsk\u00e9 <span class=\"iwg-fachbegriff\" data-tooltip=\"Souhrn tradovan\u00fdch p\u0159\u00edb\u011bh\u016f o boz\u00edch ur\u010dit\u00e9 kultury.\" tabindex=\"0\">mytologie<\/span>, roz\u0161\u00ed\u0159en\u00e9 ve Skandin\u00e1vii (D\u00e1nsko, Norsko, \u0160v\u00e9dsko), na Islandu a v d\u00e1nsko-norsky ovl\u00e1dan\u00fdch oblastech. Edda-<span class=\"iwg-fachbegriff\" data-tooltip=\"P\u0159ed\u00e1v\u00e1n\u00ed v\u011bdomost\u00ed a p\u0159\u00edb\u011bh\u016f z generace na generaci.\" tabindex=\"0\">tradov\u00e1n\u00ed<\/span> je islandsk\u00e9 a skandin\u00e1vsk\u00e9.<\/p><p>Jazykov\u00e9 odvozeniny jm\u00e9na (anglick\u00e9 &#8222;Hell&#8220; pro k\u0159es\u0165ansk\u00e9 peklo) ukazuj\u00ed, \u017ee jm\u00e9no bylo \u017eiv\u00e9 i v anglosask\u00fdch s\u00eddeln\u00edch oblastech. S christianizac\u00ed (od roku 1000 n. l.) se Hel a Helheim staly p\u0159edobrazem k\u0159es\u0165ansk\u00e9 koncepce pekla.<\/p>\t\t\t\t\t\t\t\t<\/div>\n\t\t\t\t\t<\/div>\n\t\t\t\t<\/div>\n\t\t\t\t<\/div>\n\t\t<div class=\"elementor-element elementor-element-db03c39 e-con-full e-flex e-con e-child\" data-id=\"db03c39\" data-element_type=\"container\" data-e-type=\"container\">\n\t\t<div class=\"elementor-element elementor-element-229a87b e-flex e-con-boxed e-con e-child\" data-id=\"229a87b\" data-element_type=\"container\" data-e-type=\"container\">\n\t\t\t\t\t<div class=\"e-con-inner\">\n\t\t\t\t<div class=\"elementor-element elementor-element-1f471fc elementor-widget elementor-widget-heading\" data-id=\"1f471fc\" data-element_type=\"widget\" data-e-type=\"widget\" data-widget_type=\"heading.default\">\n\t\t\t\t\t<h3 class=\"elementor-heading-title elementor-size-default\">Quellenlage<\/h3>\t\t\t\t<\/div>\n\t\t\t\t<div class=\"elementor-element elementor-element-36b1201 elementor-widget elementor-widget-text-editor\" data-id=\"36b1201\" data-element_type=\"widget\" data-e-type=\"widget\" data-widget_type=\"text-editor.default\">\n\t\t\t\t\t\t\t\t\t<p>Hlavn\u00edmi prameny jsou Snorra-Edda, zejm\u00e9na Gylfaginning (kap. 34 a 49), Lieder-Edda (zejm\u00e9na <em>Voluspa<\/em> a <em>Vafthrudnismal<\/em>) a d\u00edlo Saxa Grammatika <em>Gesta Danorum<\/em>. Prozaick\u00fd \u00favod k Lieder-Edd\u011b a dal\u0161\u00ed \u00favodn\u00ed texty poskytuj\u00ed genealogick\u00e9 souvislosti.<\/p><p>Mytick\u00e1 zm\u00ednka &#8222;Baldrs draumar&#8220; (Baldr\u016fv sen) popisuje Helovu vinu na smrti Baldura. Archeologick\u00e9 n\u00e1lezy z hrob\u016f, runov\u00e9 kameny a skaldsk\u00e1 poezie obraz dopl\u0148uj\u00ed, ale k Helov\u011b konkr\u00e9tn\u00ed osob\u011b jsou skoup\u00e9.<\/p>\t\t\t\t\t\t\t\t<\/div>\n\t\t\t\t\t<\/div>\n\t\t\t\t<\/div>\n\t\t\t\t<\/div>\n\t\t\t\t\t<\/div>\n\t\t\t\t<\/div>\n\t\t<div class=\"elementor-element elementor-element-3ae0637c e-flex e-con-boxed e-con e-parent\" data-id=\"3ae0637c\" data-element_type=\"container\" data-e-type=\"container\">\n\t\t\t\t\t<div class=\"e-con-inner\">\n\t\t\t\t<div class=\"elementor-element elementor-element-31d07739 elementor-widget elementor-widget-heading\" data-id=\"31d07739\" data-element_type=\"widget\" data-e-type=\"widget\" data-widget_type=\"heading.default\">\n\t\t\t\t\t<h2 class=\"elementor-heading-title elementor-size-default\">Jm\u00e9no<\/h2>\t\t\t\t<\/div>\n\t\t<div class=\"elementor-element elementor-element-b7642947 e-con-full e-flex e-con e-child\" data-id=\"b7642947\" data-element_type=\"container\" data-e-type=\"container\">\n\t\t\t\t<div class=\"elementor-element elementor-element-a086266 elementor-widget elementor-widget-text-editor\" data-id=\"a086266\" data-element_type=\"widget\" data-e-type=\"widget\" data-widget_type=\"text-editor.default\">\n\t\t\t\t\t\t\t\t\t<p><strong>Starosever\u0161tina:<\/strong> Hel (nominativ: Hel, genitiv: Heljar), \u017eensk\u00e1 bytost, znamen\u00e1 &#8222;skr\u00fdvaj\u00edc\u00ed&#8220; nebo &#8222;ta, je\u017e skr\u00fdv\u00e1&#8220; (p\u0159\u00edbuzn\u00e9 se slovem <em>holen<\/em> \u201eskr\u00fdvat\u201c, \u201ezahalovat\u201c). P\u0159\u00eddomky: \u017d\u00e1dn\u00e9 samostatn\u00e9 p\u0159\u00eddomky nejsou dochov\u00e1ny, ale staroseversk\u00e1 literatura ji ozna\u010duje jako &#8222;vl\u00e1dkyni \u0159\u00ed\u0161e mrtv\u00fdch&#8220; (<em>Drottning hins dau\u00f0a rikes<\/em>).<\/p><p>K\u0159es\u0165ansk\u00e1 recepce: Ve st\u0159edov\u011bku se jm\u00e9no Hel stalo p\u0159\u00edm\u00fdm p\u0159edobrazem k\u0159es\u0165ansk\u00e9 koncepce &#8222;pekla&#8220; (anglicky &#8222;Hell&#8220;, st\u0159edohornon\u011bmecky &#8222;H\u00f6lle&#8220;), zejm\u00e9na d\u00edky islandsk\u00fdm a skandin\u00e1vsk\u00fdm k\u0159es\u0165an\u016fm, kte\u0159\u00ed pohansk\u00e9 podsv\u011bt\u00ed alegorizovali.<\/p><p>Germ\u00e1nsk\u00e9 p\u0159\u00edbuzenstvo: skandin\u00e1vsko-germ\u00e1nsk\u00e9, \u017e\u00e1dn\u00e9 p\u0159\u00edm\u00e9 jazykov\u00e9 p\u0159\u00edbuzn\u00e9 v jin\u00fdch kultur\u00e1ch. Rodina: dcera boha Lokiho a obryn\u011b Angrbody. Sestra Fenrisova vlka (<em>Fenrir<\/em>) a hada Midgardu (<em>Jormungandr<\/em>). Jako vl\u00e1dkyn\u011b Helheimu m\u00e1 za slu\u017eebn\u00edky Ganglatiho a Ganglot.<\/p>\t\t\t\t\t\t\t\t<\/div>\n\t\t\t\t<\/div>\n\t\t\t\t\t<\/div>\n\t\t\t\t<\/div>\n\t\t<div class=\"elementor-element elementor-element-709a44a8 e-flex e-con-boxed e-con e-parent\" data-id=\"709a44a8\" data-element_type=\"container\" data-e-type=\"container\">\n\t\t\t\t\t<div class=\"e-con-inner\">\n\t\t\t\t<div class=\"elementor-element elementor-element-2f585873 elementor-widget elementor-widget-heading\" data-id=\"2f585873\" data-element_type=\"widget\" data-e-type=\"widget\" data-widget_type=\"heading.default\">\n\t\t\t\t\t<h2 class=\"elementor-heading-title elementor-size-default\">Popis<\/h2>\t\t\t\t<\/div>\n\t\t<div class=\"elementor-element elementor-element-70621c12 e-con-full e-flex e-con e-child\" data-id=\"70621c12\" data-element_type=\"container\" data-e-type=\"container\">\n\t\t\t\t<div class=\"elementor-element elementor-element-4296eb49 elementor-widget elementor-widget-text-editor\" data-id=\"4296eb49\" data-element_type=\"widget\" data-e-type=\"widget\" data-widget_type=\"text-editor.default\">\n\t\t\t\t\t\t\t\t\t<p><strong>Vzhled<\/strong><\/p><p>Hel je ve staroseversk\u00fdch pramenech zobrazov\u00e1na jako bytost nap\u016fl a nap\u016fl: jedna polovina t\u011bla je sv\u011btl\u00e1, \u017eiv\u00e1 a kvetouc\u00ed, druh\u00e1 temn\u011b modr\u00e1 a\u017e \u010dern\u00e1 jako mrtvola. Toto ikonick\u00e9 zobrazen\u00ed symbolizuje jej\u00ed postaven\u00ed na hranici mezi \u017eivotem a smrt\u00ed. Nos\u00ed \u010dern\u00fd nebo temn\u011b zelen\u00fd od\u011bv.<\/p><p>Jej\u00ed tv\u00e1\u0159, nap\u016fl kr\u00e1sn\u00e1 a nap\u016fl zetlel\u00e1, nevyjad\u0159uje ani zlobu, ani slitov\u00e1n\u00ed, jen nezvratnou povahu smrtelnosti. Sed\u00ed na tr\u016fnu ve sv\u00e9 s\u00edni <em>Eljudnir<\/em> (Mokr\u00fd d\u00e9\u0161\u0165 nebo Dv\u016fr vlhkosti, m\u00edsto vlhkosti).<\/p><p><strong>Podstata a p\u016fsoben\u00ed<\/strong><\/p><p>Hel nen\u00ed zl\u00e1 v k\u0159es\u0165ansk\u00e9m smyslu, n\u00fdbr\u017e neutr\u00e1ln\u00ed, kosmick\u00e1 s\u00edla. Spr\u00e1vu \u0159\u00ed\u0161e mrtv\u00fdch vykon\u00e1v\u00e1 bez v\u00e1\u0161n\u011b. Kdo k n\u00ed p\u0159ijde, z\u016fst\u00e1v\u00e1, pokud bohov\u00e9 nebo ryt\u00ed\u0159i nevymohou n\u00e1vrat (co\u017e se d\u011bje jen zcela v\u00fdjime\u010dn\u011b, pokusil se o to jen u Baldura).<\/p><p>P\u0159ij\u00edm\u00e1 v\u0161echny zem\u0159el\u00e9, kte\u0159\u00ed nezem\u0159eli v boji: \u017eeny, d\u011bti, star\u00e9 a nemocn\u00e9. Jej\u00ed \u0159\u00ed\u0161e se t\u00edm z\u00e1sadn\u011b li\u0161\u00ed od Valhaly (pro padl\u00e9 bojovn\u00edky) a Folkvangu (pro bohyni Freyu). Na rozd\u00edl od H\u00e1da nen\u00ed Hel zobrazov\u00e1na jako soudkyn\u011b, kter\u00e1 rozhoduje o z\u00e1sluh\u00e1ch, n\u00fdbr\u017e jako spr\u00e1vkyn\u011b nevyhnuteln\u00e9 skute\u010dnosti.<\/p>\t\t\t\t\t\t\t\t<\/div>\n\t\t\t\t<\/div>\n\t\t\t\t\t<\/div>\n\t\t\t\t<\/div>\n\t\t<div class=\"elementor-element elementor-element-44e71476 e-flex e-con-boxed e-con e-parent\" data-id=\"44e71476\" data-element_type=\"container\" data-e-type=\"container\">\n\t\t\t\t\t<div class=\"e-con-inner\">\n\t\t\t\t<div class=\"elementor-element elementor-element-3c1fc3f0 elementor-widget elementor-widget-heading\" data-id=\"3c1fc3f0\" data-element_type=\"widget\" data-e-type=\"widget\" data-widget_type=\"heading.default\">\n\t\t\t\t\t<h2 class=\"elementor-heading-title elementor-size-default\">Profil: Hel<\/h2>\t\t\t\t<\/div>\n\t\t<div class=\"elementor-element elementor-element-84f33b8e e-con-full e-flex e-con e-child\" data-id=\"84f33b8e\" data-element_type=\"container\" data-e-type=\"container\">\n\t\t\t\t<div class=\"elementor-element elementor-element-hqkdc67p elementor-widget elementor-widget-text-editor\" data-id=\"hqkdc67p\" data-element_type=\"widget\" data-e-type=\"widget\" data-widget_type=\"text-editor.default\">\n\t\t\t\t\t\t\t\t\t<p>Nejd\u016fle\u017eit\u011bj\u0161\u00ed aspekty Hel na jeden pohled. Tabulka shrnuje p\u016fvod, funkci, vzhled, uct\u00edv\u00e1n\u00ed, symboly a paralely.<\/p>\t\t\t\t\t\t\t\t<\/div>\n\t\t\t\t<\/div>\n\t\t<div class=\"elementor-element elementor-element-pemmx7c5 e-con-full e-flex e-con e-child\" data-id=\"pemmx7c5\" data-element_type=\"container\" data-e-type=\"container\">\n\t\t<div class=\"elementor-element elementor-element-pemmx7c1 e-con-full e-flex e-con e-child\" data-id=\"pemmx7c1\" data-element_type=\"container\" data-e-type=\"container\">\n\t\t<div class=\"elementor-element elementor-element-qh9oavvu iwg-steckbrief-card e-flex e-con-boxed e-con e-child\" data-id=\"qh9oavvu\" data-element_type=\"container\" data-e-type=\"container\">\n\t\t\t\t\t<div class=\"e-con-inner\">\n\t\t\t\t<div class=\"elementor-element elementor-element-awzx8k2k elementor-widget elementor-widget-heading\" data-id=\"awzx8k2k\" data-element_type=\"widget\" data-e-type=\"widget\" data-widget_type=\"heading.default\">\n\t\t\t\t\t<div class=\"elementor-heading-title elementor-size-default\">Kulturn\u00ed kontext<\/div>\t\t\t\t<\/div>\n\t\t\t\t<div class=\"elementor-element elementor-element-x6rowhv0 elementor-widget elementor-widget-text-editor\" data-id=\"x6rowhv0\" data-element_type=\"widget\" data-e-type=\"widget\" data-widget_type=\"text-editor.default\">\n\t\t\t\t\t\t\t\t\t<p>Dcera boha Lokiho a obryn\u011b Angrbody (Angrboda), staroseversky Angrbodhe. Loki s\u00e1m nen\u00ed bohem ve vy\u0161\u0161\u00edm smyslu, n\u00fdbr\u017e obrem, kter\u00fd se pohybuje v bojov\u00e9m spole\u010denstv\u00ed \u00c1s\u016f.<\/p><p>Angrboda je horsk\u00e1 obryn\u011b, matka Lokiho (v n\u011bkter\u00fdch verz\u00edch man\u017eelka draka F\u00e1fnira); rodokmeny uv\u00e1d\u011bj\u00ed, \u017ee Loki by byl soudkyn\u00ed temnoty. Sourozenci Hel jsou Fenris\u016fv vlk a Midgardsk\u00fd had.<\/p>\t\t\t\t\t\t\t\t<\/div>\n\t\t\t\t\t<\/div>\n\t\t\t\t<\/div>\n\t\t<div class=\"elementor-element elementor-element-8e3o4kxs iwg-steckbrief-card e-flex e-con-boxed e-con e-child\" data-id=\"8e3o4kxs\" data-element_type=\"container\" data-e-type=\"container\">\n\t\t\t\t\t<div class=\"e-con-inner\">\n\t\t\t\t<div class=\"elementor-element elementor-element-08rkdgov elementor-widget elementor-widget-heading\" data-id=\"08rkdgov\" data-element_type=\"widget\" data-e-type=\"widget\" data-widget_type=\"heading.default\">\n\t\t\t\t\t<div class=\"elementor-heading-title elementor-size-default\">Funkce Hel<\/div>\t\t\t\t<\/div>\n\t\t\t\t<div class=\"elementor-element elementor-element-uwjelx8s elementor-widget elementor-widget-text-editor\" data-id=\"uwjelx8s\" data-element_type=\"widget\" data-e-type=\"widget\" data-widget_type=\"text-editor.default\">\n\t\t\t\t\t\t\t\t\t<p>Vl\u00e1dkyn\u011b \u0159\u00ed\u0161e mrtv\u00fdch Helheimu. P\u0159ij\u00edm\u00e1 a spravuje du\u0161e t\u011bch, kte\u0159\u00ed nezem\u0159eli v boji. Nen\u00ed soudkyn\u00ed, n\u00fdbr\u017e spr\u00e1vkyn\u00ed kosmick\u00e9ho \u0159\u00e1du. St\u0159e\u017e\u00ed hranice Helheimu a nepovoluje n\u00e1vrat, pokud to bohov\u00e9 nebo jin\u00e9 mocnosti v\u00fdslovn\u011b nedovol\u00ed.<\/p>\t\t\t\t\t\t\t\t<\/div>\n\t\t\t\t\t<\/div>\n\t\t\t\t<\/div>\n\t\t<div class=\"elementor-element elementor-element-jm2n74ec iwg-steckbrief-card e-flex e-con-boxed e-con e-child\" data-id=\"jm2n74ec\" data-element_type=\"container\" data-e-type=\"container\">\n\t\t\t\t\t<div class=\"e-con-inner\">\n\t\t\t\t<div class=\"elementor-element elementor-element-8vufse4c elementor-widget elementor-widget-heading\" data-id=\"8vufse4c\" data-element_type=\"widget\" data-e-type=\"widget\" data-widget_type=\"heading.default\">\n\t\t\t\t\t<div class=\"elementor-heading-title elementor-size-default\">Vzhled<\/div>\t\t\t\t<\/div>\n\t\t\t\t<div class=\"elementor-element elementor-element-mwb9u015 elementor-widget elementor-widget-text-editor\" data-id=\"mwb9u015\" data-element_type=\"widget\" data-e-type=\"widget\" data-widget_type=\"text-editor.default\">\n\t\t\t\t\t\t\t\t\t<p>Nap\u016fl \u017eiv\u00e1, nap\u016fl zetlel\u00e1. Jedna polovina t\u011bla kvete a je r\u016f\u017eov\u00e1, druh\u00e1 je modro\u010dern\u011b zdu\u0159el\u00e1 a \u010dern\u00e1 jako maso dlouho po smrti. \u010cern\u00fd nebo temn\u011b zelen\u00fd od\u011bv. O\u010di bez tepla, ale i bez zloby, nevy\u010derpateln\u011b neutr\u00e1ln\u00ed. \u010casto nos\u00ed korunu nebo diad\u00e9m z kost\u00ed.<\/p>\t\t\t\t\t\t\t\t<\/div>\n\t\t\t\t\t<\/div>\n\t\t\t\t<\/div>\n\t\t\t\t<\/div>\n\t\t<div class=\"elementor-element elementor-element-pemmx7c2 e-con-full e-flex e-con e-child\" data-id=\"pemmx7c2\" data-element_type=\"container\" data-e-type=\"container\">\n\t\t<div class=\"elementor-element elementor-element-37ss2yr6 iwg-steckbrief-card e-flex e-con-boxed e-con e-child\" data-id=\"37ss2yr6\" data-element_type=\"container\" data-e-type=\"container\">\n\t\t\t\t\t<div class=\"e-con-inner\">\n\t\t\t\t<div class=\"elementor-element elementor-element-3v0wp3wx elementor-widget elementor-widget-heading\" data-id=\"3v0wp3wx\" data-element_type=\"widget\" data-e-type=\"widget\" data-widget_type=\"heading.default\">\n\t\t\t\t\t<h2 class=\"elementor-heading-title elementor-size-default\">Uct\u00edv\u00e1n\u00ed Hel<\/h2>\t\t\t\t<\/div>\n\t\t\t\t<div class=\"elementor-element elementor-element-w3247g2m elementor-widget elementor-widget-text-editor\" data-id=\"w3247g2m\" data-element_type=\"widget\" data-e-type=\"widget\" data-widget_type=\"text-editor.default\">\n\t\t\t\t\t\t\t\t\t<p>Hel nebyla popul\u00e1rn\u00edm <span class=\"iwg-fachbegriff\" data-tooltip=\"Souhrn n\u00e1bo\u017eensk\u00fdch \u00fakon\u016f uct\u00edv\u00e1n\u00ed bo\u017estva nebo svat\u00e9 postavy.\" tabindex=\"0\">kultovn\u00ed<\/span>&#8211;<span class=\"iwg-fachbegriff\" data-tooltip=\"Bytost uct\u00edvan\u00e1 jako bo\u017esk\u00e1 v r\u00e1mci n\u00e1bo\u017eenstv\u00ed.\" tabindex=\"0\">bo\u017estvo<\/span> ve smyslu chr\u00e1m\u016f nebo pravideln\u00fdch sv\u00e1tk\u016f. Byla v\u0161ak vz\u00fdv\u00e1na p\u0159i poh\u0159ebn\u00edch ritu\u00e1lech a zmi\u0148ov\u00e1na v s\u00e1g\u00e1ch a p\u0159\u00edsah\u00e1ch.<\/p><p>P\u0159i p\u0159edtuch\u00e1ch smrti nebo v z\u00e1rmutku se \u017eeny a kn\u011b\u017eky mohly modlit k Hel a prosit o pokojn\u00fd vstup do \u0159\u00ed\u0161e mrtv\u00fdch. Ve skaldsk\u00e9 poezii byla Hel vyu\u017e\u00edv\u00e1na metaforicky pro strach ze smrti a minulost. \u017d\u00e1dn\u00e9 ob\u011btiny nejsou konkr\u00e9tn\u011b dochov\u00e1ny.<\/p>\t\t\t\t\t\t\t\t<\/div>\n\t\t\t\t\t<\/div>\n\t\t\t\t<\/div>\n\t\t<div class=\"elementor-element elementor-element-0qpjal9w iwg-steckbrief-card e-flex e-con-boxed e-con e-child\" data-id=\"0qpjal9w\" data-element_type=\"container\" data-e-type=\"container\">\n\t\t\t\t\t<div class=\"e-con-inner\">\n\t\t\t\t<div class=\"elementor-element elementor-element-6ndoih0o elementor-widget elementor-widget-heading\" data-id=\"6ndoih0o\" data-element_type=\"widget\" data-e-type=\"widget\" data-widget_type=\"heading.default\">\n\t\t\t\t\t<h2 class=\"elementor-heading-title elementor-size-default\">Symboly Hel<\/h2>\t\t\t\t<\/div>\n\t\t\t\t<div class=\"elementor-element elementor-element-6684tyh9 elementor-widget elementor-widget-text-editor\" data-id=\"6684tyh9\" data-element_type=\"widget\" data-e-type=\"widget\" data-widget_type=\"text-editor.default\">\n\t\t\t\t\t\t\t\t\t<p>Napolovic rozd\u011blen\u00e1 tv\u00e1\u0159, \u010dern\u00fd od\u011bv, pes Garm (str\u00e1\u017ece p\u0159ed Helheimem), most <em>Gjallarbr\u00fa<\/em> (rozezn\u00edvaj\u00edc\u00ed most p\u0159es \u0159eku <em>Gj\u00f6ll<\/em>), s\u00ed\u0148 <em>\u00c9lj\u00fa\u00f0nir<\/em>, st\u016fl <em>Hungerh\u00f6rde<\/em> (Hlad), l\u017eice <em>Slaegr<\/em> (Lenost).<\/p>\t\t\t\t\t\t\t\t<\/div>\n\t\t\t\t\t<\/div>\n\t\t\t\t<\/div>\n\t\t<div class=\"elementor-element elementor-element-3lfi7x32 iwg-steckbrief-card e-flex e-con-boxed e-con e-child\" data-id=\"3lfi7x32\" data-element_type=\"container\" data-e-type=\"container\">\n\t\t\t\t\t<div class=\"e-con-inner\">\n\t\t\t\t<div class=\"elementor-element elementor-element-0kg99ga1 elementor-widget elementor-widget-heading\" data-id=\"0kg99ga1\" data-element_type=\"widget\" data-e-type=\"widget\" data-widget_type=\"heading.default\">\n\t\t\t\t\t<div class=\"elementor-heading-title elementor-size-default\">Obdoby<\/div>\t\t\t\t<\/div>\n\t\t\t\t<div class=\"elementor-element elementor-element-n0fum6kp elementor-widget elementor-widget-text-editor\" data-id=\"n0fum6kp\" data-element_type=\"widget\" data-e-type=\"widget\" data-widget_type=\"text-editor.default\">\n\t\t\t\t\t\t\t\t\t<p>H\u00e1des (\u0158ecko, funk\u010dn\u011b podobn\u00fd, ale mu\u017esk\u00fd), Ere\u0161kigal (Mezopot\u00e1mie, tak\u00e9 \u017eena vl\u00e1dnouc\u00ed podsv\u011bt\u00ed), Jamar\u00e1d\u017ea (hinduismus, neutr\u00e1ln\u00ed spr\u00e1va \u0159\u00ed\u0161e mrtv\u00fdch), Persefona (\u0158ecko, ambivalentn\u00ed aspekt \u017eivota a smrti), Hekat\u00e9 (\u0158ecko, funkce prahu), Mictecacihuatl (azt\u00e9ck\u00e1, vl\u00e1dkyn\u011b \u0159\u00ed\u0161e mrtv\u00fdch, \u017eena).<\/p>\t\t\t\t\t\t\t\t<\/div>\n\t\t\t\t\t<\/div>\n\t\t\t\t<\/div>\n\t\t\t\t<\/div>\n\t\t\t\t<\/div>\n\t\t\t\t\t<\/div>\n\t\t\t\t<\/div>\n\t\t<div class=\"elementor-element elementor-element-7533bc7a e-flex e-con-boxed e-con e-parent\" data-id=\"7533bc7a\" data-element_type=\"container\" data-e-type=\"container\">\n\t\t\t\t\t<div class=\"e-con-inner\">\n\t\t\t\t<div class=\"elementor-element elementor-element-2447d18d elementor-widget elementor-widget-heading\" data-id=\"2447d18d\" data-element_type=\"widget\" data-e-type=\"widget\" data-widget_type=\"heading.default\">\n\t\t\t\t\t<h2 class=\"elementor-heading-title elementor-size-default\">Mytick\u00e9 role a p\u0159\u00edb\u011bhy<\/h2>\t\t\t\t<\/div>\n\t\t<div class=\"elementor-element elementor-element-d5d0260c e-con-full e-flex e-con e-child\" data-id=\"d5d0260c\" data-element_type=\"container\" data-e-type=\"container\">\n\t\t\t\t<div class=\"elementor-element elementor-element-341be2ac elementor-widget elementor-widget-text-editor\" data-id=\"341be2ac\" data-element_type=\"widget\" data-e-type=\"widget\" data-widget_type=\"text-editor.default\">\n\t\t\t\t\t\t\t\t\t<p><strong>\u00danos Baldura a Helin slib<\/strong><\/p><p>Nejzn\u00e1m\u011bj\u0161\u00ed p\u0159\u00edb\u011bh, ve kter\u00e9m Hel hraje \u00fast\u0159edn\u00ed roli, je smrt Baldura, nejkr\u00e1sn\u011bj\u0161\u00edho ze v\u0161ech boh\u016f. Loki lst\u00ed p\u0159inut\u00ed slep\u00e9ho boha H\u00f6dura, aby na Baldura hodil jmel\u00ed, jedinou v\u011bc, kter\u00e1 mohla Baldurovi ubl\u00ed\u017eit (proto\u017ee v\u0161echny ostatn\u00ed bytosti a v\u011bci sl\u00edbily, \u017ee mu neubl\u00ed\u017e\u00ed).<\/p><p>Baldur um\u00edr\u00e1 a pad\u00e1 do Helovy \u0159\u00ed\u0161e. Bohov\u00e9 vys\u00edlaj\u00ed Herm\u00f3da, \u00d3dinova posla, na Sleipnim (\u00d3dinov\u011b osminoh\u00e9m koni) dol\u016f, aby Hel poprosil o Baldur\u016fv n\u00e1vrat.<\/p><p>Hel slibuje: Baldur se m\u016f\u017ee vr\u00e1tit, pokud pro n\u011bj bude plakat v\u0161e \u017eiv\u00e9. Skoro v\u0161e pl\u00e1\u010de, bohov\u00e9, lid\u00e9, zv\u00ed\u0159ata, kameny. Jen star\u00e1 obryn\u011b <em>Th\u00f6kk<\/em> (nebo Loki v jej\u00edm p\u0159estrojen\u00ed) odm\u00edt\u00e1 plakat.<\/p><p>Proto si Hel Baldura ponech\u00e1v\u00e1 u sebe. Tento <span class=\"iwg-fachbegriff\" data-tooltip=\"Tradovan\u00fd p\u0159\u00edb\u011bh o boz\u00edch, po\u010d\u00e1tc\u00edch a uspo\u0159\u00e1d\u00e1n\u00ed sv\u011bta.\" tabindex=\"0\">m\u00fdtus<\/span> ukazuje Hel jako ne\u00faplatnou a nesmi\u0159itelnou: jej\u00ed moc nad smrt\u00ed je v\u011bt\u0161\u00ed ne\u017e moc samotn\u00fdch boh\u016f.<\/p><p><strong>Hel ve V\u00f6lusp\u00e1 (Z\u00e1nik sv\u011bta)<\/strong><\/p><p>V apokalyptick\u00e9 vizi <em>V\u00f6lusp\u00e1<\/em> vystupuje Hel v posledn\u00edch dnech, kdy se \u0159\u00e1d hrout\u00ed. S\u00ed\u0148 \u00c9lj\u00fa\u00f0nir se rozpad\u00e1, mrtv\u00ed se \u0161eptem chystaj\u00ed na Ragnar\u00f6k. Ona sama nen\u00ed pops\u00e1na jako bojovnice, n\u00fdbr\u017e jako s\u00edla, kter\u00e1 se vl\u00e9v\u00e1 do chaosu spolu s ostatn\u00edmi.<\/p>\t\t\t\t\t\t\t\t<\/div>\n\t\t\t\t<\/div>\n\t\t\t\t\t<\/div>\n\t\t\t\t<\/div>\n\t\t<div class=\"elementor-element elementor-element-5a584676 e-flex e-con-boxed e-con e-parent\" data-id=\"5a584676\" data-element_type=\"container\" data-e-type=\"container\">\n\t\t\t\t\t<div class=\"e-con-inner\">\n\t\t\t\t<div class=\"elementor-element elementor-element-6d0757bf elementor-widget elementor-widget-heading\" data-id=\"6d0757bf\" data-element_type=\"widget\" data-e-type=\"widget\" data-widget_type=\"heading.default\">\n\t\t\t\t\t<h2 class=\"elementor-heading-title elementor-size-default\">Hel, paralely v jin\u00fdch kultur\u00e1ch<\/h2>\t\t\t\t<\/div>\n\t\t<div class=\"elementor-element elementor-element-60563f68 e-con-full e-flex e-con e-child\" data-id=\"60563f68\" data-element_type=\"container\" data-e-type=\"container\">\n\t\t\t\t<div class=\"elementor-element elementor-element-5a93fdd6 elementor-widget elementor-widget-text-editor\" data-id=\"5a93fdd6\" data-element_type=\"widget\" data-e-type=\"widget\" data-widget_type=\"text-editor.default\">\n\t\t\t\t\t\t\t\t\t<p><strong>\u0158eck\u00e1 tradice:<\/strong> H\u00e1des (mu\u017esk\u00fd vl\u00e1dce podsv\u011bt\u00ed) sd\u00edl\u00ed s Hel funkci spr\u00e1vce a neutr\u00e1ln\u00ed s\u00edly. Na rozd\u00edl od Hel ale u H\u00e1da existuj\u00ed i mor\u00e1ln\u00ed soudy a hierarchie (Er\u00ednye, Elysium versus Tartaros). Helheim takov\u00e9 rozli\u0161en\u00ed nem\u00e1, je pro v\u0161echny mrtv\u00e9 bez soudu du\u0161\u00ed.<\/p><p><strong>Mezopot\u00e1msk\u00e1 tradice:<\/strong> Ere\u0161kigal (vl\u00e1dkyn\u011b podsv\u011bt\u00ed Irkally, \u017eena, podobn\u011b jako Hel) vykazuje podobnou neutralitu. P\u0159\u00edb\u011bh Inanina sestupu k Ere\u0161kigal m\u00e1 strukturn\u00ed paralely s p\u0159\u00edb\u011bhem o Baldurovi: mocn\u00e1 bytost je p\u0159ivedena dol\u016f k \u017eensk\u00e9 vl\u00e1dkyni podsv\u011bt\u00ed a (\u010d\u00e1ste\u010dn\u011b) se vrac\u00ed, ale podm\u00ednky jsou ne\u00faprosn\u00e9.<\/p><p><strong>Egyptsk\u00e1 tradice:<\/strong> Osiris je sp\u00ed\u0161e spravedliv\u00fdm soudcem ne\u017e pouhou spr\u00e1vkyn\u00ed; Anubis je sp\u00ed\u0161e pr\u016fvodcem. Hel spojuje ob\u011b funkce, bez mor\u00e1ln\u011b-pr\u00e1vn\u00ed vrstvy.<\/p><p><strong>Hinduistick\u00e1 tradice:<\/strong> Jamar\u00e1d\u017ea (vl\u00e1dce \u0159\u00ed\u0161e mrtv\u00fdch Jamaloky) sd\u00edl\u00ed s Hel neutralitu a nevyhnutelnost. Na rozd\u00edl od Hel v\u0161ak Jamar\u00e1d\u017ea nen\u00ed v\u00e1z\u00e1n na m\u00edsto, n\u00fdbr\u017e pravideln\u011b nav\u0161t\u011bvuje sv\u011bt.<\/p><p><strong>Keltsk\u00e1 tradice:<\/strong> Banshee a dal\u0161\u00ed z\u00e1hrobn\u00ed postavy jsou sp\u00ed\u0161e spole\u010dnicemi ne\u017e vl\u00e1dkyn\u011bmi. Gwydion a keltsk\u00e9 podsv\u011bt\u00ed Annwn jsou m\u00e9n\u011b personifikovan\u00e9 ne\u017e zcela konkr\u00e9tn\u00ed podoba Hel.<\/p>\t\t\t\t\t\t\t\t<\/div>\n\t\t\t\t<\/div>\n\t\t\t\t\t<\/div>\n\t\t\t\t<\/div>\n\t\t<div class=\"elementor-element elementor-element-x7christ e-flex e-con-boxed e-con e-parent\" data-id=\"x7christ\" data-element_type=\"container\" data-e-type=\"container\">\n\t\t\t\t\t<div class=\"e-con-inner\">\n\t\t\t\t<div class=\"elementor-element elementor-element-xh7chris elementor-widget elementor-widget-heading\" data-id=\"xh7chris\" data-element_type=\"widget\" data-e-type=\"widget\" data-widget_type=\"heading.default\">\n\t\t\t\t\t<h2 class=\"elementor-heading-title elementor-size-default\">K\u0159es\u0165ansk\u00e1 recepce a etymologie<\/h2>\t\t\t\t<\/div>\n\t\t<div class=\"elementor-element elementor-element-xc7chris e-flex e-con-boxed e-con e-parent\" data-id=\"xc7chris\" data-element_type=\"container\" data-e-type=\"container\">\n\t\t\t\t\t<div class=\"e-con-inner\">\n\t\t<div class=\"elementor-element elementor-element-bw-xt7chris-3ec7bf9 e-flex e-con-boxed e-con e-parent\" data-id=\"bw-xt7chris-3ec7bf9\" data-element_type=\"container\" data-e-type=\"container\" data-settings=\"{&quot;background_background&quot;:&quot;classic&quot;}\">\n\t\t\t\t\t<div class=\"e-con-inner\">\n\t\t\t\t<div class=\"elementor-element elementor-element-xt7chris elementor-widget elementor-widget-text-editor\" data-id=\"xt7chris\" data-element_type=\"widget\" data-e-type=\"widget\" data-widget_type=\"text-editor.default\">\n\t\t\t\t\t\t\t\t\t<p>S christianizac\u00ed Skandin\u00e1vie a N\u011bmecka (od cca 1000 n. l.) se pohansk\u00e1 Hel a jej\u00ed \u0159\u00ed\u0161e Helheim staly metaforou pro k\u0159es\u0165ansk\u00e9 peklo. Islandsk\u00e9 kazatelsk\u00e9 texty a k\u00e1z\u00e1n\u00ed z 12.\u201314. stolet\u00ed mluv\u00ed o \u201eHelheimu&#8220; jako o pekle, o Helov\u00fdch poslech nebo d\u00e9monech jako o peklan\u00fdch bojovn\u00edc\u00edch.<\/p><p>Staroseversk\u00e9 jm\u00e9no Hel (skr\u00fdvaj\u00edc\u00ed, zahaluj\u00edc\u00ed) bylo p\u0159etvo\u0159eno do anglick\u00e9ho \u201eHell&#8220; a do st\u0159edohornon\u011bmeck\u00e9ho \u201eH\u00f6lle&#8220;; etymologick\u00e9 souvislosti jsou sporn\u00e9, ale s\u00e9mantick\u00e1 rovnost je v pramenech dolo\u017eena. Jm\u00e9no Hel tak pro\u0161lo transformac\u00ed z kosmick\u00e9 s\u00edly na symbol zatracen\u00ed.<\/p>\t\t\t\t\t\t\t\t<\/div>\n\t\t\t\t\t<\/div>\n\t\t\t\t<\/div>\n\t\t\t\t\t<\/div>\n\t\t\t\t<\/div>\n\t\t\t\t\t<\/div>\n\t\t\t\t<\/div>\n\t\t<div class=\"elementor-element elementor-element-cp0b073d2 e-flex e-con-boxed e-con e-parent\" data-id=\"cp0b073d2\" data-element_type=\"container\" data-e-type=\"container\">\n\t\t\t\t\t<div class=\"e-con-inner\">\n\t\t\t\t<div class=\"elementor-element elementor-element-cpf67e00b elementor-widget elementor-widget-heading\" data-id=\"cpf67e00b\" data-element_type=\"widget\" data-e-type=\"widget\" data-widget_type=\"heading.default\">\n\t\t\t\t\t<h2 class=\"elementor-heading-title elementor-size-default\">Prameny: Snorri Sturluson a probl\u00e9m systematizace<\/h2>\t\t\t\t<\/div>\n\t\t<div class=\"elementor-element elementor-element-cp0693fe8 e-con-full e-flex e-con e-child\" data-id=\"cp0693fe8\" data-element_type=\"container\" data-e-type=\"container\">\n\t\t\t\t<div class=\"elementor-element elementor-element-cp416dfe3 elementor-widget elementor-widget-text-editor\" data-id=\"cp416dfe3\" data-element_type=\"widget\" data-e-type=\"widget\" data-widget_type=\"text-editor.default\">\n\t\t\t\t\t\t\t\t\t<p>T\u00e9m\u011b\u0159 v\u0161e, co se pova\u017euje za souvisl\u00fd obraz bohyn\u011b smrti Hel, poch\u00e1z\u00ed z jedin\u00e9ho zdroje: <em>Prozaick\u00e9 Eddy<\/em> islandsk\u00e9ho u\u010dence a politika Snorriho Sturlusona, napsan\u00e9 na po\u010d\u00e1tku t\u0159in\u00e1ct\u00e9ho stolet\u00ed.<\/p><p>Snorri v <em>Gylfaginningu<\/em> popisuje Hel jako dceru Lokiho a obryn\u011b Angrbo\u00f0y, sestru Fenrisova vlka a Midgardsk\u00e9ho hada, napolo temnou a napolo oby\u010dejn\u00e9 barvy k\u016f\u017ee, a vypr\u00e1v\u00ed, jak ji Odin uvrhl do podsv\u011bt\u00ed a dal j\u00ed moc nade v\u0161emi, kdo um\u00edraj\u00ed na nemoc a st\u00e1\u0159\u00ed.<\/p><p>Tento uzav\u0159en\u00fd obraz je t\u0159eba \u010d\u00edst obez\u0159etn\u011b. Snorri psal v\u00edce ne\u017e dv\u011b stalet\u00ed po christianizaci Islandu. Byl k\u0159es\u0165ansky vzd\u011blan\u00fdm autorem, kter\u00fd cht\u011bl pohansk\u00fd materi\u00e1l uspo\u0159\u00e1dat, vysv\u011btlit a liter\u00e1rn\u011b ztv\u00e1rnit.<\/p><p>Badatel\u00e9 se ji\u017e dlouho p\u0159ou, kolik z Snorriho Hel vych\u00e1z\u00ed ze star\u00e9 <span class=\"iwg-fachbegriff\" data-tooltip=\"P\u0159ed\u00e1v\u00e1n\u00ed v\u011bdomost\u00ed a vypr\u00e1v\u011bn\u00ed nap\u0159\u00ed\u010d generacemi.\" tabindex=\"0\">\u00fastn\u00ed tradice<\/span> a kolik je jeho vlastn\u00ed systematizac\u00ed, mo\u017en\u00e1 ovlivn\u011bnou k\u0159es\u0165anskou p\u0159edstavou pekla, kter\u00e1 se ve staroseversk\u00e9m slov\u011b <em>hel<\/em> ji\u017e oz\u00fdvala.<\/p><p>Star\u0161\u00ed prameny, p\u00edsn\u011b <em>P\u00eds\u0148ov\u00e9 Eddy<\/em> a skaldsk\u00e1 poezie, slovo <em>hel<\/em> znaj\u00ed, ale v\u011bt\u0161inou sp\u00ed\u0161e jako n\u00e1zev m\u00edsta pro \u0159\u00ed\u0161i mrtv\u00fdch ne\u017e jako rozpracovanou postavu bohyn\u011b. Obrat \u201eodej\u00edt do Hel\u201c znamenal zprvu prost\u011b \u201ezem\u0159\u00edt\u201c.<\/p><p>Zda za t\u00edmto m\u00edstem od po\u010d\u00e1tku st\u00e1la zosobn\u011bn\u00e1 pan\u00ed, nebo zda byla personifikace rozvinuta a\u017e druhotn\u011b, se nelze s jistotou rozhodnout. Kdo o Hel hovo\u0159\u00ed, m\u011bl by tuto nejistotu pramen\u016f v\u017edy zm\u00ednit.<\/p>\t\t\t\t\t\t\t\t<\/div>\n\t\t\t\t<\/div>\n\t\t\t\t\t<\/div>\n\t\t\t\t<\/div>\n\t\t<div class=\"elementor-element elementor-element-cpf6b53aa e-flex e-con-boxed e-con e-parent\" data-id=\"cpf6b53aa\" data-element_type=\"container\" data-e-type=\"container\">\n\t\t\t\t\t<div class=\"e-con-inner\">\n\t\t\t\t<div class=\"elementor-element elementor-element-cpc38a2ff elementor-widget elementor-widget-heading\" data-id=\"cpc38a2ff\" data-element_type=\"widget\" data-e-type=\"widget\" data-widget_type=\"heading.default\">\n\t\t\t\t\t<h2 class=\"elementor-heading-title elementor-size-default\">Smrt Baldra a Helina podm\u00ednka<\/h2>\t\t\t\t<\/div>\n\t\t<div class=\"elementor-element elementor-element-cpe54e75f e-con-full e-flex e-con e-child\" data-id=\"cpe54e75f\" data-element_type=\"container\" data-e-type=\"container\">\n\t\t\t\t<div class=\"elementor-element elementor-element-cp9254066 elementor-widget elementor-widget-text-editor\" data-id=\"cp9254066\" data-element_type=\"widget\" data-e-type=\"widget\" data-widget_type=\"text-editor.default\">\n\t\t\t\t\t\t\t\t\t<p>Nejv\u00fdznamn\u011bj\u0161\u00edm souvisl\u00fdm vypr\u00e1v\u011bn\u00edm, v n\u011bm\u017e Hel vystupuje jako jednaj\u00edc\u00ed postava, je <span class=\"iwg-fachbegriff\" data-tooltip=\"Tradovan\u00fd p\u0159\u00edb\u011bh o boz\u00edch, po\u010d\u00e1tc\u00edch a uspo\u0159\u00e1d\u00e1n\u00ed sv\u011bta.\" tabindex=\"0\">m\u00fdtus<\/span> o smrti boha Baldra, zaznamenan\u00fd v Snorriho <em>Gylfaginningu<\/em>.<\/p><p>Baldra, kr\u00e1sn\u00e9ho a obl\u00edben\u00e9ho syna Odinova, zab\u00edj\u00ed lst\u00ed Loki: slep\u00fd b\u016fh H\u00f6\u00f0r, veden Lokim, po n\u011bm hod\u00ed v\u011btvi\u010dku jmel\u00ed, jedinou v\u011bc, kter\u00e9 Baldr nep\u0159\u00edsahal, \u017ee mu neu\u0161kod\u00ed.<\/p><p>Baldr um\u00edr\u00e1 a odch\u00e1z\u00ed do Heliny \u0159\u00ed\u0161e.<\/p><p>Bohov\u00e9 jej cht\u011bj\u00ed p\u0159iv\u00e9st zp\u011bt. Posel Herm\u00f3\u00f0r jede na Odinov\u011b koni Sleipnirovi dev\u011bt noc\u00ed temn\u00fdmi \u00fadol\u00edmi a\u017e k bran\u00e1m Heliny \u0159\u00ed\u0161e. Nal\u00e9z\u00e1 tam Baldra sed\u00edc\u00edho na \u010destn\u00e9m m\u00edst\u011b a \u017e\u00e1d\u00e1 Hel, aby jej propustila.<\/p><p>Hel stanov\u00ed podm\u00ednku: pokud budou skute\u010dn\u011b v\u0161echny v\u011bci na sv\u011bt\u011b, \u017eiv\u00e9 i mrtv\u00e9, plakat pro Baldra, m\u016f\u017ee se vr\u00e1tit; pokud jedin\u00e1 z nich neuplak\u00e1, z\u016fstane u n\u00ed.<\/p><p>Bohov\u00e9 vys\u00edlaj\u00ed posly do cel\u00e9ho sv\u011bta a v\u0161e pl\u00e1\u010de, lid\u00e9, zv\u00ed\u0159ata, kameny i stromy. Jen jedin\u00e1 obryn\u011b jm\u00e9nem \u00de\u00f6kk, za n\u00ed\u017e vypr\u00e1v\u011bn\u00ed tu\u0161\u00ed Lokiho, to odm\u00edtne. Baldr tak z\u016fst\u00e1v\u00e1 v Heliny \u0159\u00ed\u0161i a\u017e do konce sv\u011bta.<\/p><p>V t\u00e9to epizod\u011b se ukazuje povaha Hel. Nen\u00ed zl\u00e1 ani lstiv\u00e1; jedn\u00e1, dodr\u017euje podm\u00ednky, s Baldrem zach\u00e1z\u00ed s \u00factou. Ale nic ned\u00e1v\u00e1 bez protihodnoty, a jej\u00ed podm\u00ednka je nastavena tak, \u017ee k jej\u00edmu ne\u00fasp\u011bchu sta\u010d\u00ed jedin\u00fd odpor.<\/p><p>Hel zt\u011bles\u0148uje nevyjednatelnost smrti v podob\u011b jedn\u00e1n\u00ed, kter\u00e9 t\u00e9m\u011b\u0159 usp\u011bje. Toto vypr\u00e1v\u011bn\u00ed pat\u0159\u00ed z\u00e1rove\u0148 k velk\u00e9mu oblouku seversk\u00e9 <span class=\"iwg-fachbegriff\" data-tooltip=\"Souhrn tradovan\u00fdch p\u0159\u00edb\u011bh\u016f o boz\u00edch ur\u010dit\u00e9 kultury.\" tabindex=\"0\">mytologie<\/span>, proto\u017ee Baldrova smrt je pova\u017eov\u00e1na za prvn\u00ed znamen\u00ed bl\u00ed\u017e\u00edc\u00edho se <a href=\"https:\/\/iwell-guard.com\/cs\/?page_id=145569\">Ragnar\u00f6ku<\/a>.<\/p>\t\t\t\t\t\t\t\t<\/div>\n\t\t\t\t<\/div>\n\t\t\t\t\t<\/div>\n\t\t\t\t<\/div>\n\t\t<div class=\"elementor-element elementor-element-cp3ad9077 e-flex e-con-boxed e-con e-parent\" data-id=\"cp3ad9077\" data-element_type=\"container\" data-e-type=\"container\">\n\t\t\t\t\t<div class=\"e-con-inner\">\n\t\t\t\t<div class=\"elementor-element elementor-element-cp023632b elementor-widget elementor-widget-heading\" data-id=\"cp023632b\" data-element_type=\"widget\" data-e-type=\"widget\" data-widget_type=\"heading.default\">\n\t\t\t\t\t<h2 class=\"elementor-heading-title elementor-size-default\">Etymologie a v\u00fdznam skr\u00fdv\u00e1n\u00ed<\/h2>\t\t\t\t<\/div>\n\t\t<div class=\"elementor-element elementor-element-cp80f1a99 e-con-full e-flex e-con e-child\" data-id=\"cp80f1a99\" data-element_type=\"container\" data-e-type=\"container\">\n\t\t\t\t<div class=\"elementor-element elementor-element-cpfa52f44 elementor-widget elementor-widget-text-editor\" data-id=\"cpfa52f44\" data-element_type=\"widget\" data-e-type=\"widget\" data-widget_type=\"text-editor.default\">\n\t\t\t\t\t\t\t\t\t<p>Jm\u00e9no <em>Hel<\/em> pat\u0159\u00ed ke germ\u00e1nsk\u00e9mu ko\u0159eni s v\u00fdznamem \u201eskr\u00fdvat\u201c, \u201ezahalovat\u201c, \u201ep\u0159ikr\u00fdvat\u201c. Ze stejn\u00e9ho ko\u0159ene vych\u00e1zej\u00ed slova pro skryt\u00e9 a zahalen\u00e9; v n\u011bm\u010din\u011b jsou p\u0159\u00edbuzn\u00e1 slova \u201ehehlen\u201c a \u201everhehlen\u201c, stejn\u011b jako \u201eH\u00f6hle\u201c (jeskyn\u011b).<\/p><p>Hel je tedy p\u016fvodn\u011b \u201eta skr\u00fdvaj\u00edc\u00ed\u201c nebo \u201eto skryt\u00e9\u201c, a \u0159\u00ed\u0161e mrtv\u00fdch, kter\u00e1 nese jej\u00ed jm\u00e9no, je skryt\u00fdm, zakryt\u00fdm m\u00edstem, kam mrtv\u00ed odch\u00e1zej\u00ed.<\/p><p>Tato etymologie je z religionistick\u00e9ho hlediska pou\u010dn\u00e1, nebo\u0165 ukazuje, \u017ee jm\u00e9no p\u016fvodn\u011b ozna\u010dovalo m\u00edsto a stav, nikoli osobu. J\u00e1drem je skr\u00fdv\u00e1n\u00ed, byt\u00ed pod zem\u00ed, \u00fanik pohled\u016fm. Personifikace v podob\u011b bohyn\u011b Hel by pak byla druh\u00fdm krokem: skryt\u00e9 m\u00edsto dost\u00e1v\u00e1 pan\u00ed, kter\u00e1 nese jeho jm\u00e9no.<\/p><p>P\u0159es staroseversk\u00e9 <em>hel<\/em> se slovo dostalo do k\u0159es\u0165ansk\u00e9ho pojmov\u00e9ho sv\u011bta. Kdy\u017e byly germ\u00e1nsk\u00e9 jazyky christianizov\u00e1ny, bylo p\u0159irozen\u00e9 p\u0159en\u00e9st st\u00e1vaj\u00edc\u00ed slovo pro \u0159\u00ed\u0161i mrtv\u00fdch na k\u0159es\u0165ansk\u00e9 m\u00edsto trestu. Tak z germ\u00e1nsk\u00e9ho <em>hel<\/em> vzniklo n\u011bmeck\u00e9 \u201eH\u00f6lle\u201c a anglick\u00e9 <em>hell<\/em>. Tento p\u0159enos v\u0161ak p\u016fvodn\u00ed p\u0159edstavu zkreslil.<\/p><p>Staroseversk\u00e1 Hel nen\u00ed m\u00edstem trestu a utrpen\u00ed. Je s\u00eddlem t\u011bch, kdo um\u00edraj\u00ed na nemoc a st\u00e1\u0159\u00ed, na rozd\u00edl od padl\u00fdch v boji, kte\u0159\u00ed p\u0159ich\u00e1zej\u00ed do Valhaly.<\/p><p>Mor\u00e1ln\u00ed rozd\u011blen\u00ed na dobr\u00e9 m\u00edsto a m\u00edsto trestu, kter\u00e9 k\u0159es\u0165ansk\u00e9 slovo p\u0159in\u00e1\u0161\u00ed, bylo p\u016fvodn\u00edmu pojmu Hel ciz\u00ed. Zde se skr\u00fdv\u00e1 jedno z nejzaryt\u011bj\u0161\u00edch nedorozum\u011bn\u00ed t\u00fdkaj\u00edc\u00edch se seversk\u00e9 <span class=\"iwg-fachbegriff\" data-tooltip=\"Souhrn tradovan\u00fdch p\u0159\u00edb\u011bh\u016f o boz\u00edch ur\u010dit\u00e9 kultury.\" tabindex=\"0\">mytologie<\/span>.<\/p>\t\t\t\t\t\t\t\t<\/div>\n\t\t\t\t<\/div>\n\t\t\t\t\t<\/div>\n\t\t\t\t<\/div>\n\t\t<div class=\"elementor-element elementor-element-cpfa40877 e-flex e-con-boxed e-con e-parent\" data-id=\"cpfa40877\" data-element_type=\"container\" data-e-type=\"container\">\n\t\t\t\t\t<div class=\"e-con-inner\">\n\t\t\t\t<div class=\"elementor-element elementor-element-cp10ba399 elementor-widget elementor-widget-heading\" data-id=\"cp10ba399\" data-element_type=\"widget\" data-e-type=\"widget\" data-widget_type=\"heading.default\">\n\t\t\t\t\t<h2 class=\"elementor-heading-title elementor-size-default\">Helina \u0159\u00ed\u0161e v topografii jin\u00e9ho sv\u011bta<\/h2>\t\t\t\t<\/div>\n\t\t<div class=\"elementor-element elementor-element-cp13c57a0 e-con-full e-flex e-con e-child\" data-id=\"cp13c57a0\" data-element_type=\"container\" data-e-type=\"container\">\n\t\t\t\t<div class=\"elementor-element elementor-element-cp2eea4bc elementor-widget elementor-widget-text-editor\" data-id=\"cp2eea4bc\" data-element_type=\"widget\" data-e-type=\"widget\" data-widget_type=\"text-editor.default\">\n\t\t\t\t\t\t\t\t\t<p>Helina \u0159\u00ed\u0161e je sou\u010d\u00e1st\u00ed komplexn\u00ed posmrtn\u00e9 geografie, kterou vykresluj\u00ed staroseversk\u00e9 prameny, p\u0159edev\u0161\u00edm op\u011bt Snorri. Le\u017e\u00ed na severu a dole, dosa\u017eiteln\u00e1 po dlouh\u00e9, temn\u00e9 cest\u011b, kterou v Baldrov\u011b <span class=\"iwg-fachbegriff\" data-tooltip=\"Tradovan\u00fd p\u0159\u00edb\u011bh o boz\u00edch, po\u010d\u00e1tc\u00edch a uspo\u0159\u00e1d\u00e1n\u00ed sv\u011bta.\" tabindex=\"0\">m\u00fdtu<\/span> uraz\u00ed Herm\u00f3\u00f0r.<\/p><p>P\u0159es \u0159eku Gj\u00f6ll vede most, st\u0159e\u017een\u00fd str\u00e1\u017ekyn\u00ed jm\u00e9nem M\u00f3\u00f0gu\u00f0r; cel\u00e1 \u0159\u00ed\u0161e je nav\u00edc uzav\u0159ena branou. Snorri d\u00e1v\u00e1 Helinu obydl\u00ed a n\u00e1\u010din\u00ed temn\u00e1, v\u00fdmluvn\u00e1 jm\u00e9na, ozna\u010duj\u00edc\u00ed hlad, nemoc a rozpad.<\/p><p>Postaven\u00ed t\u00e9to \u0159\u00ed\u0161e v celkov\u00e9m syst\u00e9mu nen\u00ed podle pramen\u016f zcela bezrozporn\u00e9. Vedle Hel prameny znaj\u00ed Valhallu, s\u00ed\u0148 padl\u00fdch v boji, a \u0159\u00ed\u0161i bohyn\u011b Freyji, kter\u00e1 tak\u00e9 p\u0159ij\u00edm\u00e1 \u010d\u00e1st mrtv\u00fdch.<\/p><p>Jak se tyto oblasti vz\u00e1jemn\u011b vztahuj\u00ed a podle jak\u00fdch krit\u00e9ri\u00ed se mrtv\u00fd dostane kam, nen\u00ed v pramenech systematicky vyjasn\u011bno. Nejb\u011b\u017en\u011bj\u0161\u00ed je p\u0159edstava, \u017ee o posmrtn\u00e9m osudu rozhoduje zp\u016fsob smrti, ale ta nepokr\u00fdv\u00e1 v\u0161echny doklady.<\/p><p>K tomu p\u0159istupuje m\u00edsto N\u00e1str\u00f6nd, &#8222;pob\u0159e\u017e\u00ed mrtvol&#8220;, kter\u00e9 popisuje <em>V\u00f6lusp\u00e1<\/em>: s\u00ed\u0148 spleten\u00e1 z had\u016f, v n\u00ed\u017e trp\u00ed ti, kdo poru\u0161ili p\u0159\u00edsahu, a vrazi. Zda toto m\u00edsto trestu pat\u0159\u00ed k Helin\u011b \u0159\u00ed\u0161i, nebo je samostatnou oblast\u00ed, je p\u0159edm\u011btem odborn\u00e9 diskuse; n\u011bkte\u0159\u00ed v tom vid\u00ed ji\u017e k\u0159es\u0165ansk\u00fd vliv.<\/p><p>Staroseversk\u00e1 p\u0159edstava o posmrtn\u00e9m \u017eivot\u011b tedy netvo\u0159\u00ed uzav\u0159en\u00fd syst\u00e9m, n\u00fdbr\u017e soub\u011bh obraz\u016f z r\u016fzn\u00fdch dob a kraj\u016f, kter\u00e9 st\u0159edov\u011bc\u00ed sb\u011bratel\u00e9 harmonizovali jen nedokonale. Helina \u0159\u00ed\u0161e je v n\u011bm nejv\u011bt\u0161\u00ed a nejobecn\u011bj\u0161\u00ed oblast\u00ed, m\u00edstem oby\u010dejn\u00e9, nev\u00fdrazn\u00e9 smrti.<\/p>\t\t\t\t\t\t\t\t<\/div>\n\t\t\t\t<\/div>\n\t\t\t\t\t<\/div>\n\t\t\t\t<\/div>\n\t\t<div class=\"elementor-element elementor-element-36dd7469 e-flex e-con-boxed e-con e-parent\" data-id=\"36dd7469\" data-element_type=\"container\" data-e-type=\"container\">\n\t\t\t\t\t<div class=\"e-con-inner\">\n\t\t\t\t<div class=\"elementor-element elementor-element-13760ab4 elementor-widget elementor-widget-heading\" data-id=\"13760ab4\" data-element_type=\"widget\" data-e-type=\"widget\" data-widget_type=\"heading.default\">\n\t\t\t\t\t<h2 class=\"elementor-heading-title elementor-size-default\">Souvisej\u00edc\u00ed odkazy<\/h2>\t\t\t\t<\/div>\n\t\t<div class=\"elementor-element elementor-element-28c87796 e-con-full e-flex e-con e-child\" data-id=\"28c87796\" data-element_type=\"container\" data-e-type=\"container\">\n\t\t\t\t<\/div>\n\t\t\t\t\t<\/div>\n\t\t\t\t<\/div>\n\t\t<div class=\"elementor-element elementor-element-grl4kl40 e-flex e-con-boxed e-con e-parent\" data-id=\"grl4kl40\" data-element_type=\"container\" data-e-type=\"container\">\n\t\t\t\t\t<div class=\"e-con-inner\">\n\t\t\t\t<div class=\"elementor-element elementor-element-bzsbfrmh elementor-widget elementor-widget-heading\" data-id=\"bzsbfrmh\" data-element_type=\"widget\" data-e-type=\"widget\" data-widget_type=\"heading.default\">\n\t\t\t\t\t<h2 class=\"elementor-heading-title elementor-size-default\">Literatura (v\u00fdb\u011br)<\/h2>\t\t\t\t<\/div>\n\t\t<div class=\"elementor-element elementor-element-2c13224a e-con-full e-flex e-con e-child\" data-id=\"2c13224a\" data-element_type=\"container\" data-e-type=\"container\">\n\t\t\t\t<div class=\"elementor-element elementor-element-0eymh9ub elementor-widget elementor-widget-text-editor\" data-id=\"0eymh9ub\" data-element_type=\"widget\" data-e-type=\"widget\" data-widget_type=\"text-editor.default\">\n\t\t\t\t\t\t\t\t\t<footer class=\"iwg-literatur\" data-nosnippet=\"true\"><ul><li><span data-nosnippet>Sturluson, Snorri: <em>Die Snorra-Edda<\/em> (Gylfaginning, Kap. 34 und 49). \u00dcbers. v. Felix Niedner. Diederichs, 1912 (viele Neuauflagen).<\/span><\/li><li><span data-nosnippet><em>Die Lieder-Edda<\/em> (Voluspa, Vafthrudnismal, Baldrs draumar). \u00dcbers. v. Felix Niedner. Diederichs, 1912.<\/span><\/li><li><span data-nosnippet>Saxo Grammaticus: <em>Gesta Danorum<\/em> (Books 1-9). Transl. Peter Fisher. Brewer, 1979.<\/span><\/li><li><span data-nosnippet>Turville-Petre, E.O.G.: <em>Myth and Religion of the North: The Religion of Ancient Scandinavia<\/em>. Greenwood Press, 1975.<\/span><\/li><li><span data-nosnippet>Simek, Rudolf: <em>W\u00f6rterbuch der Klassischen Altnordischen <span class=\"iwg-fachbegriff\" data-tooltip=\"Souhrn tradovan\u00fdch p\u0159\u00edb\u011bh\u016f o boz\u00edch ur\u010dit\u00e9 kultury.\" tabindex=\"0\">Mythologie<\/span><\/em>. Kr\u00f6ner, 1984 (Lemma &#8222;Hel&#8220;).<\/span><\/li><li><span data-nosnippet>MacLeod, Mindy and Mees, Bernard: <em>Runic Amulets and Magic Objects<\/em>. Boydell Press, 2006.<\/span><\/li><li>Schrader, Lutz und Geuenich, Dieter (Hg.): <em>Reallexikon der Germanischen Altertumskunde<\/em>, Bd. 14 (Lemma &#8222;Unterwelt&#8220;).<\/li><\/ul><\/footer>\t\t\t\t\t\t\t\t<\/div>\n\t\t\t\t<\/div>\n\t\t\t\t\t<\/div>\n\t\t\t\t<\/div>\n\t\t\t\t<\/div>\n\t\t","protected":false},"excerpt":{"rendered":"","protected":false},"author":3,"featured_media":1721,"parent":0,"menu_order":0,"comment_status":"closed","ping_status":"closed","template":"elementor_header_footer","meta":{"_yoast_wpseo_focuskw":"Hel","_yoast_wpseo_title":"Hel \u2013 vl\u00e1dkyn\u011b podsv\u011bt\u00ed, germ\u00e1nsk\u00e1 bohyn\u011b smrti","_yoast_wpseo_metadesc":"Hel: Nap\u016fl \u017eiv\u00e1, nap\u016fl zetlel\u00e1. Baldrovo utrpen\u00ed, mytologie, christianizace a germ\u00e1nsk\u00e1 eschatologie v nov\u00e9m pohledu.","_yoast_wpseo_meta-robots-noindex":"","_yoast_wpseo_canonical":"","_angie_page":false,"gefaehrdungsstufe":"3","wesen_kultur":"germanisch","wesen_klasse":"goetter","footnotes":""},"categories":[],"class_list":["post-145247","page","type-page","status-publish","has-post-thumbnail","hentry"],"yoast_head":"<!-- This site is optimized with the Yoast SEO Premium plugin v27.7 (Yoast SEO v28.3) - https:\/\/yoast.com\/product\/yoast-seo-premium-wordpress\/ -->\n<title>Hel \u2013 vl\u00e1dkyn\u011b podsv\u011bt\u00ed, germ\u00e1nsk\u00e1 bohyn\u011b smrti<\/title>\n<meta name=\"description\" content=\"Hel: Nap\u016fl \u017eiv\u00e1, nap\u016fl zetlel\u00e1. Baldrovo utrpen\u00ed, mytologie, christianizace a germ\u00e1nsk\u00e1 eschatologie v nov\u00e9m pohledu.\" \/>\n<meta name=\"robots\" content=\"index, follow, max-snippet:-1, max-image-preview:large, max-video-preview:-1\" \/>\n<link rel=\"canonical\" href=\"https:\/\/iwell-guard.com\/cs\/hel\/\" \/>\n<meta property=\"og:locale\" content=\"cs_CZ\" \/>\n<meta property=\"og:type\" content=\"article\" \/>\n<meta property=\"og:title\" content=\"Hel\" \/>\n<meta property=\"og:description\" content=\"Hel: Nap\u016fl \u017eiv\u00e1, nap\u016fl zetlel\u00e1. Baldrovo utrpen\u00ed, mytologie, christianizace a germ\u00e1nsk\u00e1 eschatologie v nov\u00e9m pohledu.\" \/>\n<meta property=\"og:url\" content=\"https:\/\/iwell-guard.com\/cs\/hel\/\" \/>\n<meta property=\"og:site_name\" content=\"iWell Guard\" \/>\n<meta property=\"article:modified_time\" content=\"2026-09-03T16:50:52+00:00\" \/>\n<meta property=\"og:image\" content=\"https:\/\/iwell-guard.com\/wp-content\/uploads\/2026\/04\/goetter_germanisch_hel.webp\" \/>\n\t<meta property=\"og:image:width\" content=\"1024\" \/>\n\t<meta property=\"og:image:height\" content=\"1536\" \/>\n\t<meta property=\"og:image:type\" content=\"image\/webp\" \/>\n<meta name=\"twitter:card\" content=\"summary_large_image\" \/>\n<script type=\"application\/ld+json\" class=\"yoast-schema-graph\">{\"@context\":\"https:\\\/\\\/schema.org\",\"@graph\":[{\"@type\":\"WebPage\",\"@id\":\"https:\\\/\\\/iwell-guard.com\\\/cs\\\/hel\\\/\",\"url\":\"https:\\\/\\\/iwell-guard.com\\\/cs\\\/hel\\\/\",\"name\":\"Hel \u2013 vl\u00e1dkyn\u011b podsv\u011bt\u00ed, germ\u00e1nsk\u00e1 bohyn\u011b smrti\",\"isPartOf\":{\"@id\":\"https:\\\/\\\/iwell-guard.com\\\/cs\\\/#website\"},\"primaryImageOfPage\":{\"@id\":\"https:\\\/\\\/iwell-guard.com\\\/cs\\\/hel\\\/#primaryimage\"},\"image\":{\"@id\":\"https:\\\/\\\/iwell-guard.com\\\/cs\\\/hel\\\/#primaryimage\"},\"thumbnailUrl\":\"https:\\\/\\\/iwell-guard.com\\\/wp-content\\\/uploads\\\/2026\\\/04\\\/goetter_germanisch_hel.webp\",\"datePublished\":\"2026-09-03T16:28:29+00:00\",\"dateModified\":\"2026-09-03T16:50:52+00:00\",\"description\":\"Hel: Nap\u016fl \u017eiv\u00e1, nap\u016fl zetlel\u00e1. Baldrovo utrpen\u00ed, mytologie, christianizace a germ\u00e1nsk\u00e1 eschatologie v nov\u00e9m pohledu.\",\"breadcrumb\":{\"@id\":\"https:\\\/\\\/iwell-guard.com\\\/cs\\\/hel\\\/#breadcrumb\"},\"inLanguage\":\"cs\",\"potentialAction\":[{\"@type\":\"ReadAction\",\"target\":[\"https:\\\/\\\/iwell-guard.com\\\/cs\\\/hel\\\/\"]}]},{\"@type\":\"ImageObject\",\"inLanguage\":\"cs\",\"@id\":\"https:\\\/\\\/iwell-guard.com\\\/cs\\\/hel\\\/#primaryimage\",\"url\":\"https:\\\/\\\/iwell-guard.com\\\/wp-content\\\/uploads\\\/2026\\\/04\\\/goetter_germanisch_hel.webp\",\"contentUrl\":\"https:\\\/\\\/iwell-guard.com\\\/wp-content\\\/uploads\\\/2026\\\/04\\\/goetter_germanisch_hel.webp\",\"width\":1024,\"height\":1536,\"caption\":\"Bohov\u00e9 z germ\u00e1nsk\u00e9 tradice.\"},{\"@type\":\"BreadcrumbList\",\"@id\":\"https:\\\/\\\/iwell-guard.com\\\/cs\\\/hel\\\/#breadcrumb\",\"itemListElement\":[{\"@type\":\"ListItem\",\"position\":1,\"name\":\"Start\",\"item\":\"https:\\\/\\\/iwell-guard.com\\\/cs\\\/?page_id=145107\"},{\"@type\":\"ListItem\",\"position\":2,\"name\":\"Hel\"}]},{\"@type\":\"WebSite\",\"@id\":\"https:\\\/\\\/iwell-guard.com\\\/cs\\\/#website\",\"url\":\"https:\\\/\\\/iwell-guard.com\\\/cs\\\/\",\"name\":\"iWell Guard\",\"description\":\"Schutz vor dunklen Einfl\u00fcssen\",\"publisher\":{\"@id\":\"https:\\\/\\\/iwell-guard.com\\\/cs\\\/#organization\"},\"potentialAction\":[{\"@type\":\"SearchAction\",\"target\":{\"@type\":\"EntryPoint\",\"urlTemplate\":\"https:\\\/\\\/iwell-guard.com\\\/cs\\\/?s={search_term_string}\"},\"query-input\":{\"@type\":\"PropertyValueSpecification\",\"valueRequired\":true,\"valueName\":\"search_term_string\"}}],\"inLanguage\":\"cs\"},{\"@type\":\"Organization\",\"@id\":\"https:\\\/\\\/iwell-guard.com\\\/cs\\\/#organization\",\"name\":\"Ittermann electronic GmbH\",\"url\":\"https:\\\/\\\/iwell-guard.com\\\/cs\\\/\",\"logo\":{\"@type\":\"ImageObject\",\"inLanguage\":\"cs\",\"@id\":\"https:\\\/\\\/iwell-guard.com\\\/cs\\\/#\\\/schema\\\/logo\\\/image\\\/\",\"url\":\"https:\\\/\\\/iwell-guard.com\\\/wp-content\\\/uploads\\\/2026\\\/05\\\/Ittermann-Logo-1182x237-1.png\",\"contentUrl\":\"https:\\\/\\\/iwell-guard.com\\\/wp-content\\\/uploads\\\/2026\\\/05\\\/Ittermann-Logo-1182x237-1.png\",\"width\":1182,\"height\":237,\"caption\":\"Ittermann electronic GmbH\"},\"image\":{\"@id\":\"https:\\\/\\\/iwell-guard.com\\\/cs\\\/#\\\/schema\\\/logo\\\/image\\\/\"},\"sameAs\":[\"https:\\\/\\\/pantip.com\\\/profile\\\/9367242\",\"https:\\\/\\\/micro.blog\\\/iwellguard\",\"https:\\\/\\\/www.diggerslist.com\\\/iwellguard\\\/about\",\"https:\\\/\\\/skitterphoto.com\\\/photographers\\\/2870314\\\/iwell-guard\",\"https:\\\/\\\/iwellguard.wordpress.com\\\/2026\\\/06\\\/06\\\/iwell-guard\\\/\",\"https:\\\/\\\/hub.docker.com\\\/u\\\/iwellguard\",\"https:\\\/\\\/www.pinterest.com\\\/iwellguard\\\/\",\"https:\\\/\\\/bit.ly\\\/m\\\/iwellguard\",\"https:\\\/\\\/entre-vos-mains.alsace.eu\\\/profiles\\\/iwellguard\\\/activity\",\"https:\\\/\\\/gravatar.com\\\/reallybeded8fd34\",\"https:\\\/\\\/naijamatta.com\\\/iwellguard\",\"https:\\\/\\\/www.goodreads.com\\\/iwellguard\",\"https:\\\/\\\/profile.hatena.ne.jp\\\/iwellguard\\\/\",\"https:\\\/\\\/experiment.com\\\/users\\\/iwellguard\",\"https:\\\/\\\/wakelet.com\\\/@iWellGuard82270\",\"https:\\\/\\\/www.chordie.com\\\/forum\\\/profile.php?id=2555664\",\"https:\\\/\\\/www.instapaper.com\\\/p\\\/17757966\",\"https:\\\/\\\/www.mapleprimes.com\\\/users\\\/iwellguard\",\"https:\\\/\\\/businesslistingplus.com\\\/profile\\\/iwell-guard\\\/\",\"https:\\\/\\\/telegra.ph\\\/iWell-Guard-06-06\",\"https:\\\/\\\/pbase.com\\\/iwellguard\\\/iwellguard\",\"https:\\\/\\\/b.hatena.ne.jp\\\/iwellguard\\\/20260607#bookmark-4788405196491818882\",\"https:\\\/\\\/fliphtml5.com\\\/home\\\/iwellguard\",\"https:\\\/\\\/anyflip.com\\\/homepage\\\/cmiwl#About\",\"https:\\\/\\\/transfur.com\\\/Users\\\/iwellguard\",\"http:\\\/\\\/delphi.larsbo.org\\\/user\\\/iwellguard\",\"https:\\\/\\\/jobs.lajobsportal.org\\\/profiles\\\/8380803-iwell-guard\",\"https:\\\/\\\/md.chaosdorf.de\\\/s\\\/jfbe5SBdJD\",\"https:\\\/\\\/www.lingvolive.com\\\/en-us\\\/profile\\\/9ecaeaca-ce11-4e51-9e71-01d55e2bff36\\\/translations\",\"https:\\\/\\\/www.fitday.com\\\/fitness\\\/forums\\\/members\\\/iwellguard.html\",\"https:\\\/\\\/www.mymeetbook.com\\\/iwellguard\",\"https:\\\/\\\/pxhere.com\\\/en\\\/photographer-me\\\/5040798\",\"https:\\\/\\\/disqus.com\\\/by\\\/iwellguard\\\/about\\\/\",\"https:\\\/\\\/pastelink.net\\\/hjwciqwq\",\"https:\\\/\\\/pubhtml5.com\\\/homepage\\\/scjhn\\\/\",\"https:\\\/\\\/www.bitchute.com\\\/channel\\\/2O2eOKzNqujT\",\"https:\\\/\\\/audiomack.com\\\/iwellguard\"]},{\"@type\":\"Article\",\"@id\":\"https:\\\/\\\/iwell-guard.com\\\/cs\\\/hel\\\/#article\",\"isPartOf\":{\"@id\":\"https:\\\/\\\/iwell-guard.com\\\/cs\\\/hel\\\/\"},\"author\":{\"name\":\"Ralf Ittermann\",\"@id\":\"https:\\\/\\\/iwell-guard.com\\\/cs\\\/#\\\/schema\\\/person\\\/ee2a27f1cac3406c7c6fb5820cb7349f\"},\"headline\":\"Hel\",\"datePublished\":\"2026-09-03T16:28:29+00:00\",\"dateModified\":\"2026-09-03T16:50:52+00:00\",\"mainEntityOfPage\":{\"@id\":\"https:\\\/\\\/iwell-guard.com\\\/cs\\\/hel\\\/\"},\"publisher\":{\"@id\":\"https:\\\/\\\/iwell-guard.com\\\/cs\\\/#organization\"},\"image\":{\"@id\":\"https:\\\/\\\/iwell-guard.com\\\/cs\\\/hel\\\/#primaryimage\"},\"thumbnailUrl\":\"https:\\\/\\\/iwell-guard.com\\\/wp-content\\\/uploads\\\/2026\\\/04\\\/goetter_germanisch_hel.webp\",\"inLanguage\":\"cs\",\"description\":\"Hel: Nap\u016fl \u017eiv\u00e1, nap\u016fl zetlel\u00e1. Baldrovo utrpen\u00ed, mytologie, christianizace a germ\u00e1nsk\u00e1 eschatologie v nov\u00e9m pohledu.\"}]}<\/script>\n<!-- \/ Yoast SEO Premium plugin. -->","yoast_head_json":{"title":"Hel \u2013 vl\u00e1dkyn\u011b podsv\u011bt\u00ed, germ\u00e1nsk\u00e1 bohyn\u011b smrti","description":"Hel: Nap\u016fl \u017eiv\u00e1, nap\u016fl zetlel\u00e1. Baldrovo utrpen\u00ed, mytologie, christianizace a germ\u00e1nsk\u00e1 eschatologie v nov\u00e9m pohledu.","robots":{"index":"index","follow":"follow","max-snippet":"max-snippet:-1","max-image-preview":"max-image-preview:large","max-video-preview":"max-video-preview:-1"},"canonical":"https:\/\/iwell-guard.com\/cs\/hel\/","og_locale":"cs_CZ","og_type":"article","og_title":"Hel","og_description":"Hel: Nap\u016fl \u017eiv\u00e1, nap\u016fl zetlel\u00e1. Baldrovo utrpen\u00ed, mytologie, christianizace a germ\u00e1nsk\u00e1 eschatologie v nov\u00e9m pohledu.","og_url":"https:\/\/iwell-guard.com\/cs\/hel\/","og_site_name":"iWell Guard","article_modified_time":"2026-09-03T16:50:52+00:00","og_image":[{"width":1024,"height":1536,"url":"https:\/\/iwell-guard.com\/wp-content\/uploads\/2026\/04\/goetter_germanisch_hel.webp","type":"image\/webp"}],"twitter_card":"summary_large_image","schema":{"@context":"https:\/\/schema.org","@graph":[{"@type":"Article","@id":"https:\/\/iwell-guard.com\/cs\/hel\/#article","isPartOf":{"@id":"https:\/\/iwell-guard.com\/cs\/hel\/"},"author":{"name":"Ralf Ittermann","@id":"https:\/\/iwell-guard.com\/cs\/#\/schema\/person\/ee2a27f1cac3406c7c6fb5820cb7349f"},"headline":"Hel","datePublished":"2026-09-03T16:28:29+00:00","dateModified":"2026-09-03T16:50:52+00:00","mainEntityOfPage":{"@id":"https:\/\/iwell-guard.com\/cs\/hel\/"},"publisher":{"@id":"https:\/\/iwell-guard.com\/cs\/#organization"},"image":{"@id":"https:\/\/iwell-guard.com\/cs\/hel\/#primaryimage"},"thumbnailUrl":"https:\/\/iwell-guard.com\/wp-content\/uploads\/2026\/04\/goetter_germanisch_hel.webp","inLanguage":"cs","description":"Hel: Nap\u016fl \u017eiv\u00e1, nap\u016fl zetlel\u00e1. Baldrovo utrpen\u00ed, mytologie, christianizace a germ\u00e1nsk\u00e1 eschatologie v nov\u00e9m pohledu."},{"@type":"WebPage","@id":"https:\/\/iwell-guard.com\/cs\/hel\/","url":"https:\/\/iwell-guard.com\/cs\/hel\/","name":"Hel \u2013 vl\u00e1dkyn\u011b podsv\u011bt\u00ed, germ\u00e1nsk\u00e1 bohyn\u011b smrti","isPartOf":{"@id":"https:\/\/iwell-guard.com\/cs\/#website"},"primaryImageOfPage":{"@id":"https:\/\/iwell-guard.com\/cs\/hel\/#primaryimage"},"image":{"@id":"https:\/\/iwell-guard.com\/cs\/hel\/#primaryimage"},"thumbnailUrl":"https:\/\/iwell-guard.com\/wp-content\/uploads\/2026\/04\/goetter_germanisch_hel.webp","datePublished":"2026-09-03T16:28:29+00:00","dateModified":"2026-09-03T16:50:52+00:00","description":"Hel: Nap\u016fl \u017eiv\u00e1, nap\u016fl zetlel\u00e1. Baldrovo utrpen\u00ed, mytologie, christianizace a germ\u00e1nsk\u00e1 eschatologie v nov\u00e9m pohledu.","breadcrumb":{"@id":"https:\/\/iwell-guard.com\/cs\/hel\/#breadcrumb"},"inLanguage":"cs","potentialAction":[{"@type":"ReadAction","target":["https:\/\/iwell-guard.com\/cs\/hel\/"]}]},{"@type":"ImageObject","inLanguage":"cs","@id":"https:\/\/iwell-guard.com\/cs\/hel\/#primaryimage","url":"https:\/\/iwell-guard.com\/wp-content\/uploads\/2026\/04\/goetter_germanisch_hel.webp","contentUrl":"https:\/\/iwell-guard.com\/wp-content\/uploads\/2026\/04\/goetter_germanisch_hel.webp","width":1024,"height":1536,"caption":"Bohov\u00e9 z germ\u00e1nsk\u00e9 tradice."},{"@type":"BreadcrumbList","@id":"https:\/\/iwell-guard.com\/cs\/hel\/#breadcrumb","itemListElement":[{"@type":"ListItem","position":1,"name":"Start","item":"https:\/\/iwell-guard.com\/cs\/?page_id=145107"},{"@type":"ListItem","position":2,"name":"Hel"}]},{"@type":"WebSite","@id":"https:\/\/iwell-guard.com\/cs\/#website","url":"https:\/\/iwell-guard.com\/cs\/","name":"iWell Guard","description":"Schutz vor dunklen Einfl\u00fcssen","publisher":{"@id":"https:\/\/iwell-guard.com\/cs\/#organization"},"potentialAction":[{"@type":"SearchAction","target":{"@type":"EntryPoint","urlTemplate":"https:\/\/iwell-guard.com\/cs\/?s={search_term_string}"},"query-input":{"@type":"PropertyValueSpecification","valueRequired":true,"valueName":"search_term_string"}}],"inLanguage":"cs"},{"@type":"Organization","@id":"https:\/\/iwell-guard.com\/cs\/#organization","name":"Ittermann electronic GmbH","url":"https:\/\/iwell-guard.com\/cs\/","logo":{"@type":"ImageObject","inLanguage":"cs","@id":"https:\/\/iwell-guard.com\/cs\/#\/schema\/logo\/image\/","url":"https:\/\/iwell-guard.com\/wp-content\/uploads\/2026\/05\/Ittermann-Logo-1182x237-1.png","contentUrl":"https:\/\/iwell-guard.com\/wp-content\/uploads\/2026\/05\/Ittermann-Logo-1182x237-1.png","width":1182,"height":237,"caption":"Ittermann electronic GmbH"},"image":{"@id":"https:\/\/iwell-guard.com\/cs\/#\/schema\/logo\/image\/"},"sameAs":["https:\/\/pantip.com\/profile\/9367242","https:\/\/micro.blog\/iwellguard","https:\/\/www.diggerslist.com\/iwellguard\/about","https:\/\/skitterphoto.com\/photographers\/2870314\/iwell-guard","https:\/\/iwellguard.wordpress.com\/2026\/06\/06\/iwell-guard\/","https:\/\/hub.docker.com\/u\/iwellguard","https:\/\/www.pinterest.com\/iwellguard\/","https:\/\/bit.ly\/m\/iwellguard","https:\/\/entre-vos-mains.alsace.eu\/profiles\/iwellguard\/activity","https:\/\/gravatar.com\/reallybeded8fd34","https:\/\/naijamatta.com\/iwellguard","https:\/\/www.goodreads.com\/iwellguard","https:\/\/profile.hatena.ne.jp\/iwellguard\/","https:\/\/experiment.com\/users\/iwellguard","https:\/\/wakelet.com\/@iWellGuard82270","https:\/\/www.chordie.com\/forum\/profile.php?id=2555664","https:\/\/www.instapaper.com\/p\/17757966","https:\/\/www.mapleprimes.com\/users\/iwellguard","https:\/\/businesslistingplus.com\/profile\/iwell-guard\/","https:\/\/telegra.ph\/iWell-Guard-06-06","https:\/\/pbase.com\/iwellguard\/iwellguard","https:\/\/b.hatena.ne.jp\/iwellguard\/20260607#bookmark-4788405196491818882","https:\/\/fliphtml5.com\/home\/iwellguard","https:\/\/anyflip.com\/homepage\/cmiwl#About","https:\/\/transfur.com\/Users\/iwellguard","http:\/\/delphi.larsbo.org\/user\/iwellguard","https:\/\/jobs.lajobsportal.org\/profiles\/8380803-iwell-guard","https:\/\/md.chaosdorf.de\/s\/jfbe5SBdJD","https:\/\/www.lingvolive.com\/en-us\/profile\/9ecaeaca-ce11-4e51-9e71-01d55e2bff36\/translations","https:\/\/www.fitday.com\/fitness\/forums\/members\/iwellguard.html","https:\/\/www.mymeetbook.com\/iwellguard","https:\/\/pxhere.com\/en\/photographer-me\/5040798","https:\/\/disqus.com\/by\/iwellguard\/about\/","https:\/\/pastelink.net\/hjwciqwq","https:\/\/pubhtml5.com\/homepage\/scjhn\/","https:\/\/www.bitchute.com\/channel\/2O2eOKzNqujT","https:\/\/audiomack.com\/iwellguard"]},{"@type":"Person","@id":"https:\/\/iwell-guard.com\/cs\/#\/schema\/person\/ee2a27f1cac3406c7c6fb5820cb7349f","name":"Ralf Ittermann","image":{"@type":"ImageObject","inLanguage":"cs","@id":"https:\/\/secure.gravatar.com\/avatar\/073c0153e350a5005b68eb752b445fea71f6b24a26da9449ad7e155e6b446c9d?s=96&d=mm&r=g","url":"https:\/\/secure.gravatar.com\/avatar\/073c0153e350a5005b68eb752b445fea71f6b24a26da9449ad7e155e6b446c9d?s=96&d=mm&r=g","contentUrl":"https:\/\/secure.gravatar.com\/avatar\/073c0153e350a5005b68eb752b445fea71f6b24a26da9449ad7e155e6b446c9d?s=96&d=mm&r=g","caption":"Ralf Ittermann"},"givenName":"Ralf","familyName":"Ittermann","jobTitle":"Gesch\u00e4ftsf\u00fchrer und redaktioneller Verantwortlicher","url":"https:\/\/iwell-guard.com\/cs\/author\/claude\/","description":"Ralf Ittermann ist Gesch\u00e4ftsf\u00fchrer der Ittermann electronic GmbH und redaktioneller Verantwortlicher des iWell-Guard-Lexikons. Er verbindet langj\u00e4hrige Erfahrung in der Pr\u00e4zisionsfertigung mit medialer Praxis und religionsgeschichtlicher Quellenarbeit.","worksFor":{"@type":"Organization","name":"Ittermann electronic GmbH","url":"https:\/\/ittermann.de\/","address":{"@type":"PostalAddress","streetAddress":"K\u00f6hlergasse 16-18","postalCode":"99842","addressLocality":"Ruhla","addressCountry":"DE"}},"knowsAbout":["Religionsgeschichte","Mythologie","Mediale Praxis","Energetische Diagnostik","Schutzpraxis","Volksglauben","Westliche Esoterik"]},{"@type":"Article","@id":"https:\/\/iwell-guard.com\/cs\/hel\/#article","isPartOf":{"@id":"https:\/\/iwell-guard.com\/cs\/hel\/"},"author":{"name":"Ralf Ittermann","@id":"https:\/\/iwell-guard.com\/cs\/#\/schema\/person\/ee2a27f1cac3406c7c6fb5820cb7349f"},"headline":"Hel","datePublished":"2026-09-03T16:28:29+00:00","dateModified":"2026-09-03T16:50:52+00:00","mainEntityOfPage":{"@id":"https:\/\/iwell-guard.com\/cs\/hel\/"},"publisher":{"@id":"https:\/\/iwell-guard.com\/cs\/#organization"},"image":{"@id":"https:\/\/iwell-guard.com\/cs\/hel\/#primaryimage"},"thumbnailUrl":"https:\/\/iwell-guard.com\/wp-content\/uploads\/2026\/04\/goetter_germanisch_hel.webp","inLanguage":"cs","description":"Hel: Nap\u016fl \u017eiv\u00e1, nap\u016fl zetlel\u00e1. Baldrovo utrpen\u00ed, mytologie, christianizace a germ\u00e1nsk\u00e1 eschatologie v nov\u00e9m pohledu."}]}},"_links":{"self":[{"href":"https:\/\/iwell-guard.com\/cs\/wp-json\/wp\/v2\/pages\/145247","targetHints":{"allow":["GET"]}}],"collection":[{"href":"https:\/\/iwell-guard.com\/cs\/wp-json\/wp\/v2\/pages"}],"about":[{"href":"https:\/\/iwell-guard.com\/cs\/wp-json\/wp\/v2\/types\/page"}],"author":[{"embeddable":true,"href":"https:\/\/iwell-guard.com\/cs\/wp-json\/wp\/v2\/users\/3"}],"replies":[{"embeddable":true,"href":"https:\/\/iwell-guard.com\/cs\/wp-json\/wp\/v2\/comments?post=145247"}],"version-history":[{"count":0,"href":"https:\/\/iwell-guard.com\/cs\/wp-json\/wp\/v2\/pages\/145247\/revisions"}],"wp:featuredmedia":[{"embeddable":true,"href":"https:\/\/iwell-guard.com\/cs\/wp-json\/wp\/v2\/media\/1721"}],"wp:attachment":[{"href":"https:\/\/iwell-guard.com\/cs\/wp-json\/wp\/v2\/media?parent=145247"}],"wp:term":[{"taxonomy":"category","embeddable":true,"href":"https:\/\/iwell-guard.com\/cs\/wp-json\/wp\/v2\/categories?post=145247"}],"curies":[{"name":"wp","href":"https:\/\/api.w.org\/{rel}","templated":true}]}}