{"id":145216,"date":"2026-09-03T16:28:11","date_gmt":"2026-09-03T16:28:11","guid":{"rendered":"https:\/\/iwell-guard.com\/?page_id=145216"},"modified":"2026-09-03T16:49:57","modified_gmt":"2026-09-03T16:49:57","slug":"archandel-rafael","status":"publish","type":"page","link":"https:\/\/iwell-guard.com\/cs\/archandel-rafael\/","title":{"rendered":"Archand\u011bl Rafael"},"content":{"rendered":"\t\t<div data-elementor-type=\"wp-page\" data-elementor-id=\"145216\" class=\"elementor elementor-145216 elementor-1802 elementor-bc-flex-widget\" data-elementor-post-type=\"page\">\n\t\t\t\t<div class=\"elementor-element elementor-element-10fdade e-flex e-con-boxed e-con e-parent\" data-id=\"10fdade\" data-element_type=\"container\" data-e-type=\"container\" data-settings=\"{&quot;background_background&quot;:&quot;classic&quot;}\">\n\t\t\t\t\t<div class=\"e-con-inner\">\n\t\t<div class=\"elementor-element elementor-element-herohlft0 e-flex e-con-boxed e-con e-child\" data-id=\"herohlft0\" data-element_type=\"container\" data-e-type=\"container\">\n\t\t\t\t\t<div class=\"e-con-inner\">\n\t\t<div class=\"elementor-element elementor-element-c3ceb64 e-con-full e-flex e-con e-child\" data-id=\"c3ceb64\" data-element_type=\"container\" data-e-type=\"container\">\n\t\t\t\t<div class=\"elementor-element elementor-element-96ae5e1 elementor-widget elementor-widget-heading\" data-id=\"96ae5e1\" data-element_type=\"widget\" data-e-type=\"widget\" data-widget_type=\"heading.default\">\n\t\t\t\t\t<h1 class=\"elementor-heading-title elementor-size-default\">Archand\u011bl Rafael, bytost sv\u011btla<\/h1>\t\t\t\t<\/div>\n\t\t\t\t<div class=\"elementor-element elementor-element-e45238a elementor-widget elementor-widget-text-editor\" data-id=\"e45238a\" data-element_type=\"widget\" data-e-type=\"widget\" data-widget_type=\"text-editor.default\">\n\t\t\t\t\t\t\t\t\t<p>And\u011bl uzdraven\u00ed a patron cestuj\u00edc\u00edch v judaisticko-k\u0159es\u0165ansko-isl\u00e1msk\u00e9 tradici. Zn\u00e1m\u00fd z Knihy Tobit.<\/p><p>Tato str\u00e1nka za\u0159azuje archand\u011bla Rafaela do konceptu bytost\u00ed sv\u011btla.<\/p>\n<h2 id=\"dif-raphael\">Rafaelova specifika: uzdravovatel a pr\u016fvodce na cest\u00e1ch<\/h2>\n<p>Rafaelov\u00fdm hlavn\u00edm d\u011bji\u0161t\u011bm je <strong>Kniha Tobit<\/strong> (Tob 3,17; 5,4-22; 12,15). Doprov\u00e1z\u00ed zde mlad\u00e9ho Tobi\u00e1\u0161e na cest\u011b do Ekbatany, pom\u00e1h\u00e1 p\u0159i rybolovu na Tigridu, d\u00e1v\u00e1 l\u00e9\u010div\u00fd <strong>\u017elu\u010dov\u00fd prost\u0159edek<\/strong> proti <span class=\"iwg-fachbegriff\" data-tooltip=\"Duchovn\u00ed bytost, kter\u00e9 je p\u0159isuzov\u00e1n \u0161kodliv\u00fd nebo dvojzna\u010dn\u00fd \u00fa\u010dinek.\" tabindex=\"0\">d\u00e9monu<\/span> Asmodeovi, su\u017euj\u00edc\u00edmu S\u00e1ru, a nakonec ho vyh\u00e1n\u00ed. Jeho jm\u00e9no <em>r\u0101ph\u0101\u02be\u0113l<\/em> znamen\u00e1 \u201eB\u016fh uzdravuje\u201c.<\/p><p>V rab\u00ednsk\u00e9 literatu\u0159e je pova\u017eov\u00e1n za jednoho ze \u010dty\u0159 archand\u011bl\u016f tr\u016fnu, v k\u0159es\u0165ansk\u00e9 <span class=\"iwg-fachbegriff\" data-tooltip=\"Ust\u00e1len\u00fd \u0159\u00e1d bohoslu\u017eby n\u00e1bo\u017eensk\u00e9 obce.\" tabindex=\"0\">liturgii<\/span> za <strong>patrona cestuj\u00edc\u00edch, l\u00e9k\u00e1rn\u00edk\u016f a l\u00e9\u010ditel\u016f<\/strong>. Jeho atributy jsou <strong>poutnick\u00e1 h\u016fl a ryba<\/strong>, jeho sv\u00e1tek p\u0159ipad\u00e1 na 29. z\u00e1\u0159\u00ed.<\/p><p>V renesan\u010dn\u00ed ikonografii (Botticelli, Verrocchio) se objevuje jako mlad\u00fd poutn\u00edk s Tobi\u00e1\u0161em po sv\u00e9m boku. L\u00e9\u010div\u00e9 <span class=\"iwg-fachbegriff\" data-tooltip=\"Prosebn\u00e9 nebo vz\u00fdvaj\u00edc\u00ed obr\u00e1cen\u00ed se k bo\u017estvu \u010di moci.\" tabindex=\"0\">vz\u00fdv\u00e1n\u00ed<\/span> v p\u0159\u00edpad\u011b nemoci je jeho nejzn\u00e1m\u011bj\u0161\u00ed devo\u010dn\u00ed funkc\u00ed.<\/p>\n\t\t\t\t\t\t\t\t<\/div>\n\t\t\t\t<\/div>\n\t\t<div class=\"elementor-element elementor-element-klsbdg01 e-con-full e-flex e-con e-parent\" data-id=\"klsbdg01\" data-element_type=\"container\" data-e-type=\"container\">\n\t\t\t\t<div class=\"elementor-element elementor-element-klshtm01 elementor-widget elementor-widget-html\" data-id=\"klshtm01\" data-element_type=\"widget\" data-e-type=\"widget\" data-widget_type=\"html.default\">\n\t\t\t\t\t<div class=\"iwg-pill-row\"><span class=\"iwg-klasse-badge\" tabindex=\"0\" data-tooltip=\"Bytosti sv\u011btla: osv\u00edcen\u00e9, ochrann\u00e9 nebo u\u010d\u00edc\u00ed bytosti, archand\u011bl\u00e9, mist\u0159i vzestupu, sv\u011bteln\u00e9 p\u0159\u00edrodn\u00ed bytosti. V novodob\u00fdch i star\u0161\u00edch duchovn\u00edch tradic\u00edch popisov\u00e1ny jako pomocn\u00edci a u\u010ditel\u00e9.\">Bytost sv\u011btla<\/span><a href=\"https:\/\/iwell-guard.com\/cs\/?page_id=145123\" class=\"iwg-kultur-badge\" tabindex=\"0\" data-tooltip=\"\u017didovsk\u00e1 n\u00e1bo\u017eensk\u00e1 tradice od Tanachu po kabalu a novodobou mystiku.\">Judaismus<\/a><span class=\"iwg-tradition-badge\" tabindex=\"0\" data-tooltip=\"Archand\u011bl, nejvy\u0161\u0161\u00ed t\u0159\u00edda and\u011bl\u016f v \u017eidovsk\u00e9, k\u0159es\u0165ansk\u00e9 a isl\u00e1msk\u00e9 tradici.\">Archand\u011bl<\/span><\/div>\t\t\t\t<\/div>\n\t\t\t\t<\/div>\n\t\t<div class=\"elementor-element elementor-element-3f74855 e-con-full e-flex e-con e-child\" data-id=\"3f74855\" data-element_type=\"container\" data-e-type=\"container\">\n\t\t\t\t<div class=\"elementor-element elementor-element-1c30362 elementor-toc--minimized-on-tablet elementor-widget elementor-widget-table-of-contents\" data-id=\"1c30362\" data-element_type=\"widget\" data-e-type=\"widget\" data-settings=\"{&quot;exclude_headings_by_selector&quot;:[],&quot;no_headings_message&quot;:&quot;Na t\\u00e9to str\\u00e1nce nebyly nalezeny \\u017e\\u00e1dn\\u00e9 nadpisy.&quot;,&quot;headings_by_tags&quot;:[&quot;h2&quot;,&quot;h3&quot;],&quot;marker_view&quot;:&quot;bullets&quot;,&quot;minimize_box&quot;:&quot;yes&quot;,&quot;icon&quot;:{&quot;value&quot;:&quot;fas fa-circle&quot;,&quot;library&quot;:&quot;fa-solid&quot;,&quot;rendered_tag&quot;:&quot;&lt;svg class=\\&quot;e-font-icon-svg e-fas-circle\\&quot; viewBox=\\&quot;0 0 512 512\\&quot; xmlns=\\&quot;http:\\\/\\\/www.w3.org\\\/2000\\\/svg\\&quot;&gt;&lt;path d=\\&quot;M256 8C119 8 8 119 8 256s111 248 248 248 248-111 248-248S393 8 256 8z\\&quot;&gt;&lt;\\\/path&gt;&lt;\\\/svg&gt;&quot;},&quot;minimized_on&quot;:&quot;tablet&quot;,&quot;hierarchical_view&quot;:&quot;yes&quot;,&quot;min_height&quot;:{&quot;unit&quot;:&quot;px&quot;,&quot;size&quot;:&quot;&quot;,&quot;sizes&quot;:[]},&quot;min_height_tablet&quot;:{&quot;unit&quot;:&quot;px&quot;,&quot;size&quot;:&quot;&quot;,&quot;sizes&quot;:[]},&quot;min_height_mobile&quot;:{&quot;unit&quot;:&quot;px&quot;,&quot;size&quot;:&quot;&quot;,&quot;sizes&quot;:[]}}\" data-widget_type=\"table-of-contents.default\">\n\t\t\t\t\t\t\t\t\t<div class=\"elementor-toc__header\">\n\t\t\t\t\t\t<h2 class=\"elementor-toc__header-title\">\n\t\t\t\tObsah\t\t\t<\/h2>\n\t\t\t\t\t\t\t\t\t\t<div class=\"elementor-toc__toggle-button elementor-toc__toggle-button--expand\" role=\"button\" tabindex=\"0\" aria-controls=\"elementor-toc__1c30362\" aria-expanded=\"true\" aria-label=\"Open table of contents\"><svg aria-hidden=\"true\" class=\"e-font-icon-svg e-fas-chevron-down\" viewBox=\"0 0 448 512\" xmlns=\"http:\/\/www.w3.org\/2000\/svg\"><path d=\"M207.029 381.476L12.686 187.132c-9.373-9.373-9.373-24.569 0-33.941l22.667-22.667c9.357-9.357 24.522-9.375 33.901-.04L224 284.505l154.745-154.021c9.379-9.335 24.544-9.317 33.901.04l22.667 22.667c9.373 9.373 9.373 24.569 0 33.941L240.971 381.476c-9.373 9.372-24.569 9.372-33.942 0z\"><\/path><\/svg><\/div>\n\t\t\t\t<div class=\"elementor-toc__toggle-button elementor-toc__toggle-button--collapse\" role=\"button\" tabindex=\"0\" aria-controls=\"elementor-toc__1c30362\" aria-expanded=\"true\" aria-label=\"Close table of contents\"><svg aria-hidden=\"true\" class=\"e-font-icon-svg e-fas-chevron-up\" viewBox=\"0 0 448 512\" xmlns=\"http:\/\/www.w3.org\/2000\/svg\"><path d=\"M240.971 130.524l194.343 194.343c9.373 9.373 9.373 24.569 0 33.941l-22.667 22.667c-9.357 9.357-24.522 9.375-33.901.04L224 227.495 69.255 381.516c-9.379 9.335-24.544 9.317-33.901-.04l-22.667-22.667c-9.373-9.373-9.373-24.569 0-33.941L207.03 130.525c9.372-9.373 24.568-9.373 33.941-.001z\"><\/path><\/svg><\/div>\n\t\t\t\t\t<\/div>\n\t\t\t\t<div id=\"elementor-toc__1c30362\" class=\"elementor-toc__body\">\n\t\t\t<div class=\"elementor-toc__spinner-container\">\n\t\t\t\t<svg class=\"elementor-toc__spinner eicon-animation-spin e-font-icon-svg e-eicon-loading\" aria-hidden=\"true\" viewBox=\"0 0 1000 1000\" xmlns=\"http:\/\/www.w3.org\/2000\/svg\"><path d=\"M500 975V858C696 858 858 696 858 500S696 142 500 142 142 304 142 500H25C25 237 238 25 500 25S975 237 975 500 763 975 500 975Z\"><\/path><\/svg>\t\t\t<\/div>\n\t\t<\/div>\n\t\t\t\t\t\t<\/div>\n\t\t\t\t<\/div>\n\t\t\t\t\t<\/div>\n\t\t\t\t<\/div>\n\t\t<div class=\"elementor-element elementor-element-herorght0 e-con-full e-flex e-con e-child\" data-id=\"herorght0\" data-element_type=\"container\" data-e-type=\"container\">\n\t\t\t\t<div class=\"elementor-element elementor-element-heroimg00 iwg-hero-image elementor-widget elementor-widget-image\" data-id=\"heroimg00\" data-element_type=\"widget\" data-e-type=\"widget\" data-widget_type=\"image.default\">\n\t\t\t\t\t\t\t\t\t\t\t\t\t\t\t<img fetchpriority=\"high\" decoding=\"async\" width=\"683\" height=\"1024\" src=\"https:\/\/iwell-guard.com\/wp-content\/uploads\/2026\/04\/lichtwesen_erzengel-raphael-683x1024.webp\" class=\"attachment-large size-large wp-image-1623\" alt=\"Archand\u011bl Rafael\" srcset=\"https:\/\/iwell-guard.com\/wp-content\/uploads\/2026\/04\/lichtwesen_erzengel-raphael-683x1024.webp 683w, https:\/\/iwell-guard.com\/wp-content\/uploads\/2026\/04\/lichtwesen_erzengel-raphael-200x300.webp 200w, https:\/\/iwell-guard.com\/wp-content\/uploads\/2026\/04\/lichtwesen_erzengel-raphael-768x1152.webp 768w, https:\/\/iwell-guard.com\/wp-content\/uploads\/2026\/04\/lichtwesen_erzengel-raphael.webp 1024w\" sizes=\"(max-width: 683px) 100vw, 683px\" \/>\t\t\t\t\t\t\t\t\t\t\t\t\t\t\t<\/div>\n\t\t\t\t<\/div>\n\t\t\t\t\t<\/div>\n\t\t\t\t<\/div>\n\t\t<div class=\"elementor-element elementor-element-wmd-s1 e-con-boxed e-flex e-con e-parent\" data-id=\"wmd-s1\" data-element_type=\"container\" data-e-type=\"container\">\n\t\t\t\t\t<div class=\"e-con-inner\">\n\t\t\t\t<div class=\"elementor-element elementor-element-wmd-h1 elementor-widget elementor-widget-heading\" data-id=\"wmd-h1\" data-element_type=\"widget\" data-e-type=\"widget\" data-widget_type=\"heading.default\">\n\t\t\t\t\t<h2 class=\"elementor-heading-title elementor-size-default\">Rychl\u00fd p\u0159ehled: Archand\u011bl Rafael<\/h2>\t\t\t\t<\/div>\n\t\t<div class=\"elementor-element elementor-element-wmd-s1-bw e-flex e-con-boxed e-con e-parent\" data-id=\"wmd-s1-bw\" data-element_type=\"container\" data-e-type=\"container\" data-settings=\"{&quot;background_background&quot;:&quot;classic&quot;}\">\n\t\t\t\t\t<div class=\"e-con-inner\">\n\t\t\t\t<div class=\"elementor-element elementor-element-wmd-t1 elementor-widget elementor-widget-text-editor\" data-id=\"wmd-t1\" data-element_type=\"widget\" data-e-type=\"widget\" data-widget_type=\"text-editor.default\">\n\t\t\t\t\t\t\t\t\t<p><strong>Typ:<\/strong> Archand\u011bl, l\u00e9\u010ditel, pr\u016fvodce na cest\u00e1ch a v\u016fdce Tradice: judaismus (Kniha Tobit), k\u0159es\u0165anstv\u00ed (angelologie), z\u00e1padn\u00ed esoterick\u00e9 tradice Funkce: uzdraven\u00ed, zotaven\u00ed, ochrana na cest\u00e1ch a duchovn\u00edch stezk\u00e1ch Hlavn\u00ed atributy\/symboly: zelen\u00fd a nefritov\u011b zelen\u00fd plamen, Askl\u00e9piova h\u016fl, n\u00e1doba, l\u00e9\u010div\u00e9 byliny Roz\u0161\u00ed\u0159en\u00ed: judaisticko-k\u0159es\u0165ansk\u00e1 tradice, esoterick\u00e9 a \u0161amansk\u00e9 l\u00e9\u010debn\u00e9 praktiky<\/p>\t\t\t\t\t\t\t\t<\/div>\n\t\t\t\t\t<\/div>\n\t\t\t\t<\/div>\n\t\t\t\t\t<\/div>\n\t\t\t\t<\/div>\n\t\t<div class=\"elementor-element elementor-element-wmd-s2 e-con-boxed e-flex e-con e-parent\" data-id=\"wmd-s2\" data-element_type=\"container\" data-e-type=\"container\">\n\t\t\t\t\t<div class=\"e-con-inner\">\n\t\t\t\t<div class=\"elementor-element elementor-element-wmd-h2 elementor-widget elementor-widget-heading\" data-id=\"wmd-h2\" data-element_type=\"widget\" data-e-type=\"widget\" data-widget_type=\"heading.default\">\n\t\t\t\t\t<h2 class=\"elementor-heading-title elementor-size-default\">Za\u0159azen\u00ed<\/h2>\t\t\t\t<\/div>\n\t\t<div class=\"elementor-element elementor-element-wmd-s2-bw e-flex e-con-boxed e-con e-parent\" data-id=\"wmd-s2-bw\" data-element_type=\"container\" data-e-type=\"container\" data-settings=\"{&quot;background_background&quot;:&quot;classic&quot;}\">\n\t\t\t\t\t<div class=\"e-con-inner\">\n\t\t\t\t<div class=\"elementor-element elementor-element-wmd-t2 elementor-widget elementor-widget-text-editor\" data-id=\"wmd-t2\" data-element_type=\"widget\" data-e-type=\"widget\" data-widget_type=\"text-editor.default\">\n\t\t\t\t\t\t\t\t\t<h3>Tradice<\/h3><p>Rafael (<em>Refael<\/em>, \u201eB\u016fh uzdravuje&#8220;) vystupuje v\u00fdrazn\u011b v apokryfn\u00ed Knize Tobit, kde uzdravuje slep\u00e9ho Tobi\u00e1\u0161e a chr\u00e1n\u00ed ho na nebezpe\u010dn\u00e9 cest\u011b. Jmenovit\u011b je zmi\u0148ov\u00e1n jen v pozd\u011bj\u0161\u00edch biblick\u00fdch a apokryfn\u00edch textech, ale v judaisticko-k\u0159es\u0165ansk\u00e9 tradici je uzn\u00e1van\u00fdm archand\u011blem.<\/p><p><span class=\"iwg-fachbegriff\" data-tooltip=\"Proud \u017eidovsk\u00e9 mystiky s hlavn\u00edmi d\u00edly jako Sefer jecira a Zohar.\" tabindex=\"0\">Kabala<\/span> p\u0159i\u0159azuje Rafaela sefi\u0159e Tiferet (slunce\/srdce), m\u00edstu uzdraven\u00ed a celistvosti. Z\u00e1padn\u00ed angelologie ctila Rafaela jako l\u00e9\u010ditele a v\u016fdce, zejm\u00e9na cestuj\u00edc\u00edch a hledaj\u00edc\u00edch. V theosofii je Rafael spojen s oblast\u00ed solar plexu a emocion\u00e1ln\u00edm uzdraven\u00edm.<\/p><h3>Prameny<\/h3><p>Hlavn\u00edm pramenem je Kniha Tobit (staroz\u00e1konn\u00ed, <span class=\"iwg-fachbegriff\" data-tooltip=\"Stoj\u00edc\u00ed mimo uzn\u00e1van\u00fd k\u00e1non.\" tabindex=\"0\">apokryfn\u00ed<\/span>), kapitoly 3-13. <span class=\"iwg-fachbegriff\" data-tooltip=\"Hlavn\u00ed d\u00edlo rab\u00ednsk\u00e9ho judaismu s v\u00fdkladem n\u00e1bo\u017eensk\u00e9 tradice.\" tabindex=\"0\">Talmud<\/span> a st\u0159edov\u011bk\u00e9 kabalistick\u00e9 spisy Rafaelovu roli d\u00e1le rozv\u00edjej\u00ed. K\u0159es\u0165ansk\u00e1 v\u00fdtvarn\u00e1 tradice zobrazovala Rafaela \u010dasto s hol\u00ed nebo l\u00e9\u010divou n\u00e1dobou. Modern\u00ed esoterick\u00e1 literatura zd\u016fraz\u0148uje Rafaelovu roli v celostn\u00edm uzdraven\u00ed a duchovn\u00edm doprov\u00e1zen\u00ed. \u0160amansk\u00e9 a p\u0159\u00edrodn\u00ed l\u00e9\u010debn\u00e9 praktiky zahrnuj\u00ed Rafaela jako patrona l\u00e9\u010ditelsk\u00e9ho um\u011bn\u00ed.<\/p><div><h3>Kniha Tobit jako hlavn\u00ed pramen<\/h3><p>Archand\u011bl Rafael je jedinou archand\u011blskou postavou, jej\u00edm\u017e hlavn\u00edm biblick\u00fdm pramenem je samostatn\u00e9 vypr\u00e1v\u011bc\u00ed d\u00edlo: deuterokanonick\u00e1 Kniha Tobit (pravd\u011bpodobn\u011b 3.-2. stolet\u00ed p\u0159. n. l.). Rafael doprov\u00e1z\u00ed mlad\u00e9ho Tobi\u00e1\u0161e na cest\u011b z Ninive do Ekbatany, chr\u00e1n\u00ed ho p\u0159ed <span class=\"iwg-fachbegriff\" data-tooltip=\"Duchovn\u00ed bytost, kter\u00e9 je p\u0159isuzov\u00e1n \u0161kodliv\u00fd nebo dvojzna\u010dn\u00fd \u00fa\u010dinek.\" tabindex=\"0\">d\u00e9monem<\/span> Asmodeem a na konci uzdrav\u00ed slep\u00e9ho otce Tobita.<\/p><p>Jm\u00e9no <em>Refa&#8217;el<\/em> znamen\u00e1 doslova <em>B\u016fh uzdravuje<\/em>. V 1. knize Henochovy (20,3) je ozna\u010den jako <em><span class=\"iwg-fachbegriff\" data-tooltip=\"V abrah\u00e1movsk\u00fdch n\u00e1bo\u017eenstv\u00edch nebesk\u00fd posel Boha.\" tabindex=\"0\">and\u011bl<\/span> nad duchy lid\u00ed<\/em>; v pozd\u011bj\u0161\u00ed rab\u00ednsk\u00e9 a k\u0159es\u0165ansk\u00e9 tradici se st\u00e1v\u00e1 archand\u011blem uzdraven\u00ed a cestuj\u00edc\u00edch.<\/p><p>Liturgick\u00e1 \u00facta znala jeho sv\u00e1tek 24. \u0159\u00edjna, od roku 1969 je spolu s Michaelem a Gabrielem p\u0159esunut na 29. z\u00e1\u0159\u00ed.<\/p><\/div>\t\t\t\t\t\t\t\t<\/div>\n\t\t\t\t\t<\/div>\n\t\t\t\t<\/div>\n\t\t\t\t\t<\/div>\n\t\t\t\t<\/div>\n\t\t<div class=\"elementor-element elementor-element-wmd-s3 e-con-boxed e-flex e-con e-parent\" data-id=\"wmd-s3\" data-element_type=\"container\" data-e-type=\"container\">\n\t\t\t\t\t<div class=\"e-con-inner\">\n\t\t\t\t<div class=\"elementor-element elementor-element-wmd-h3 elementor-widget elementor-widget-heading\" data-id=\"wmd-h3\" data-element_type=\"widget\" data-e-type=\"widget\" data-widget_type=\"heading.default\">\n\t\t\t\t\t<h2 class=\"elementor-heading-title elementor-size-default\">Vzhled a symboly<\/h2>\t\t\t\t<\/div>\n\t\t<div class=\"elementor-element elementor-element-wmd-s3-bw e-flex e-con-boxed e-con e-parent\" data-id=\"wmd-s3-bw\" data-element_type=\"container\" data-e-type=\"container\" data-settings=\"{&quot;background_background&quot;:&quot;classic&quot;}\">\n\t\t\t\t\t<div class=\"e-con-inner\">\n\t\t\t\t<div class=\"elementor-element elementor-element-wmd-t3 elementor-widget elementor-widget-text-editor\" data-id=\"wmd-t3\" data-element_type=\"widget\" data-e-type=\"widget\" data-widget_type=\"text-editor.default\">\n\t\t\t\t\t\t\t\t\t<p>Rafael je zobrazov\u00e1n jako harmonicky proporcovan\u00e1, mladistv\u00e1 bytost sv\u011btla v zelen\u00e9m nebo nefritov\u011b zelen\u00e9m rouchu. Jeho barva je hlubok\u00e1 smaragdov\u00e1 zele\u0148 nebo jemn\u00e1 l\u00e9\u010div\u00e1 zele\u0148 a\u017e tyrkysov\u00e1, n\u011bkdy prostoupen\u00e1 zlatem. Jeho pozn\u00e1vac\u00edm znamen\u00edm je poutnick\u00e1 h\u016fl a l\u00e9kovnice; d\u00e1le nese Askl\u00e9piovu h\u016fl (had ovinut\u00fd kolem hole), l\u00e9\u010divou n\u00e1dobu nebo uzdravuj\u00edc\u00ed vodu.<\/p><p>Obklopuj\u00ed ho k\u0159\u00eddla z jemn\u00e9ho zelen\u00e9ho sv\u011btla. V renesan\u010dn\u00ed malb\u011b je \u010dasto zobrazov\u00e1n jako mlad\u00fd <span class=\"iwg-fachbegriff\" data-tooltip=\"V abrah\u00e1movsk\u00fdch n\u00e1bo\u017eenstv\u00edch nebesk\u00fd posel Boha.\" tabindex=\"0\">and\u011bl<\/span> s poutnickou hol\u00ed a pr\u016fvodcem. Energeticky p\u016fsob\u00ed Rafael v\u0159ele, uklid\u0148uj\u00edc\u00edm a regeneruj\u00edc\u00edm zp\u016fsobem, jako v\u016fn\u011b l\u00e9\u010div\u00fdch bylin nebo tepl\u00e9 zelen\u00e9 sv\u011btlo na ran\u00e1ch. Jeho p\u0159\u00edtomnost vytv\u00e1\u0159\u00ed d\u016fv\u011bru a bezpe\u010d\u00ed.<\/p>\t\t\t\t\t\t\t\t<\/div>\n\t\t\t\t\t<\/div>\n\t\t\t\t<\/div>\n\t\t\t\t\t<\/div>\n\t\t\t\t<\/div>\n\t\t<div class=\"elementor-element elementor-element-wmd-s4 e-con-boxed e-flex e-con e-parent\" data-id=\"wmd-s4\" data-element_type=\"container\" data-e-type=\"container\">\n\t\t\t\t\t<div class=\"e-con-inner\">\n\t\t\t\t<div class=\"elementor-element elementor-element-wmd-h4 elementor-widget elementor-widget-heading\" data-id=\"wmd-h4\" data-element_type=\"widget\" data-e-type=\"widget\" data-widget_type=\"heading.default\">\n\t\t\t\t\t<h2 class=\"elementor-heading-title elementor-size-default\">Funkce a v\u00fdznam<\/h2>\t\t\t\t<\/div>\n\t\t<div class=\"elementor-element elementor-element-wmd-s4-bw e-flex e-con-boxed e-con e-parent\" data-id=\"wmd-s4-bw\" data-element_type=\"container\" data-e-type=\"container\" data-settings=\"{&quot;background_background&quot;:&quot;classic&quot;}\">\n\t\t\t\t\t<div class=\"e-con-inner\">\n\t\t\t\t<div class=\"elementor-element elementor-element-wmd-t4 elementor-widget elementor-widget-text-editor\" data-id=\"wmd-t4\" data-element_type=\"widget\" data-e-type=\"widget\" data-widget_type=\"text-editor.default\">\n\t\t\t\t\t\t\t\t\t<p>Rafael l\u00e9\u010d\u00ed na v\u0161ech \u00farovn\u00edch: fyzick\u00e9, emocion\u00e1ln\u00ed, ment\u00e1ln\u00ed i duchovn\u00ed. Je l\u00e9ka\u0159em a z\u00e1rove\u0148 pr\u016fvodcem, chr\u00e1n\u00ed hledaj\u00edc\u00edho na nebezpe\u010dn\u00fdch nebo nezn\u00e1m\u00fdch cest\u00e1ch. Rafael symbolizuje vnit\u0159n\u00ed mudrost, kter\u00e1 v\u00ed, jak l\u00e9\u010dit, a aktivuje vnit\u0159n\u00edho l\u00e9ka\u0159e.<\/p><p>V psychologick\u00e9 terminologii zt\u011bles\u0148uje Rafael l\u00e9\u010div\u00e9 j\u00e1 a schopnost regenerace. Jeho zelen\u00e1 energie otev\u00edr\u00e1 srde\u010dn\u00ed \u010dakru a spojuje s inteligenc\u00ed p\u0159\u00edrody, kter\u00e1 \u0159\u00edd\u00ed ve\u0161ker\u00e9 l\u00e9\u010den\u00ed.<\/p><div><h3>L\u00e9\u010div\u00e1 funkce v <span class=\"iwg-fachbegriff\" data-tooltip=\"Souhrnn\u00e9 ozna\u010den\u00ed pro u\u010den\u00ed, kter\u00e1 si n\u00e1rokuj\u00ed skryt\u00e9 pozn\u00e1n\u00ed dostupn\u00e9 pouze zasv\u011bcen\u00fdm.\" tabindex=\"0\">ezoterice<\/span><\/h3><p>V \u017eidovsk\u00e9 and\u011blsk\u00e9 magii je Rafael <span class=\"iwg-fachbegriff\" data-tooltip=\"V abrah\u00e1movsk\u00fdch n\u00e1bo\u017eenstv\u00edch nebesk\u00e1 bytost, posel Boha.\" tabindex=\"0\">and\u011blem<\/span> v\u00fdchodn\u00ed sv\u011btov\u00e9 strany a sf\u00e9ry Tiferet (v n\u011bkter\u00fdch kabalistick\u00fdch \u0161kol\u00e1ch) nebo Hod (v jin\u00fdch). V ritu\u00e1ln\u011b-magick\u00e9 tradici Zlat\u00e9ho \u00fasvitu je archand\u011blem v\u00fdchodu a vzduchu.<\/p><p>V modern\u00ed new-age and\u011blsk\u00e9 nauce (Doreen Virtue, Diana Cooper) je Rafael \u00fast\u0159edn\u00ed postavou pro vz\u00fdv\u00e1n\u00ed v ot\u00e1zk\u00e1ch zdrav\u00ed, \u010dasto spojovanou se zelen\u00fdm paprskem. Tato variabilita p\u0159i\u0159azen\u00ed je z hlediska d\u011bjin n\u00e1bo\u017eenstv\u00ed charakteristick\u00e1: p\u0159i\u0159azen\u00ed <span class=\"iwg-fachbegriff\" data-tooltip=\"V abrah\u00e1movsk\u00fdch n\u00e1bo\u017eenstv\u00edch nebesk\u00e1 bytost, posel Boha.\" tabindex=\"0\">and\u011bl\u016f<\/span> ke \u010dty\u0159em sv\u011btov\u00fdm stran\u00e1m se li\u0161\u00ed podle tradice a pramene.<\/p><\/div>\t\t\t\t\t\t\t\t<\/div>\n\t\t\t\t\t<\/div>\n\t\t\t\t<\/div>\n\t\t\t\t\t<\/div>\n\t\t\t\t<\/div>\n\t\t<div class=\"elementor-element elementor-element-wmd-s5 e-con-boxed e-flex e-con e-parent\" data-id=\"wmd-s5\" data-element_type=\"container\" data-e-type=\"container\">\n\t\t\t\t\t<div class=\"e-con-inner\">\n\t\t\t\t<div class=\"elementor-element elementor-element-wmd-h5 elementor-widget elementor-widget-heading\" data-id=\"wmd-h5\" data-element_type=\"widget\" data-e-type=\"widget\" data-widget_type=\"heading.default\">\n\t\t\t\t\t<h2 class=\"elementor-heading-title elementor-size-default\">Praxe \/ vz\u00fdv\u00e1n\u00ed \/ v\u00fdznam v kontextu iWell Guard<\/h2>\t\t\t\t<\/div>\n\t\t<div class=\"elementor-element elementor-element-wmd-s5-bw e-flex e-con-boxed e-con e-parent\" data-id=\"wmd-s5-bw\" data-element_type=\"container\" data-e-type=\"container\" data-settings=\"{&quot;background_background&quot;:&quot;classic&quot;}\">\n\t\t\t\t\t<div class=\"e-con-inner\">\n\t\t\t\t<div class=\"elementor-element elementor-element-wmd-t5 elementor-widget elementor-widget-text-editor\" data-id=\"wmd-t5\" data-element_type=\"widget\" data-e-type=\"widget\" data-widget_type=\"text-editor.default\">\n\t\t\t\t\t\t\t\t\t<p>V iWell Guard je Rafael vz\u00fdv\u00e1n k l\u00e9\u010den\u00ed fyzick\u00fdch a energetick\u00fdch zran\u011bn\u00ed a k podpo\u0159e vnit\u0159n\u00edho uzdraven\u00ed. Jednou z praktik je zap\u00e1lit zelenou sv\u00edci a poprosit Rafaela, aby p\u0159inesl l\u00e9\u010den\u00ed na v\u0161ech \u00farovn\u00edch.<\/p><p>Rafaelova zelen\u00e1 energie je vizualizov\u00e1na, aby opravila po\u0161kozen\u00e9 energetick\u00e9 struktury a obnovila ochrann\u00e9 pole. Rafael je zvl\u00e1\u0161t\u011b d\u016fle\u017eit\u00fd pro lidi, kte\u0159\u00ed za\u017e\u00edvaj\u00ed trauma nebo energetick\u00e9 zran\u011bn\u00ed. Jeho s\u00edla zm\u00edr\u0148uje bolest, ani\u017e by ji vyt\u011bs\u0148ovala, a p\u0159in\u00e1\u0161\u00ed skute\u010dn\u00e9 uzdraven\u00ed. Chr\u00e1n\u00ed tak\u00e9 na vnit\u0159n\u00edch duchovn\u00edch cest\u00e1ch a p\u0159i p\u0159echodech.<\/p><div><h3>Pozice v iWell Guard<\/h3><p>V ochrann\u00e9m poli iWell Guard nen\u00ed Rafael v\u00fdslovn\u011b jmenov\u00e1n v jedin\u00e9 klauzuli <span class=\"iwg-fachbegriff\" data-tooltip=\"Svat\u00e1 slabika nebo formule, kter\u00e1 se opakovan\u011b pron\u00e1\u0161\u00ed v hinduismu a buddhismu.\" tabindex=\"0\">mantry<\/span>, je v\u0161ak implicitn\u011b p\u0159\u00edtomen jako jeden ze \u010dty\u0159 archand\u011bl\u016f. Geometrie sv\u011bteln\u00e9ho k\u0159\u00ed\u017ee a <span class=\"iwg-fachbegriff\" data-tooltip=\"Prosebn\u00e9 nebo vz\u00fdvaj\u00edc\u00ed obracen\u00ed se k bo\u017estvu nebo moci.\" tabindex=\"0\">vz\u00fdv\u00e1n\u00ed<\/span> pozitivn\u00edch bytost\u00ed (bod 8 mantry) zahrnuj\u00ed Rafaela jako l\u00e9\u010ditelsk\u00e9ho archand\u011bla.<\/p><p>Kdo chce s Rafaelem aktivn\u011b pracovat v ochrann\u00e9 praxi, m\u016f\u017ee jej zapojit jako v\u00fdchodn\u00ed ochrannou s\u00edlu do roz\u0161\u00ed\u0159en\u00e9 vizualizace sv\u011bteln\u00e9ho k\u0159\u00ed\u017ee (Michael jih, Gabriel sever, Rafael v\u00fdchod, Uriel z\u00e1pad). Tato konstelace \u010dty\u0159 archand\u011bl\u016f je standardem z\u00e1padn\u00ed ritu\u00e1ln\u00ed magie od dob tradice Zlat\u00e9ho \u00fasvitu.<\/p><\/div>\t\t\t\t\t\t\t\t<\/div>\n\t\t\t\t\t<\/div>\n\t\t\t\t<\/div>\n\t\t\t\t\t<\/div>\n\t\t\t\t<\/div>\n\t\t<div class=\"elementor-element elementor-element-wmd-s6 e-con-boxed e-flex e-con e-parent\" data-id=\"wmd-s6\" data-element_type=\"container\" data-e-type=\"container\">\n\t\t\t\t\t<div class=\"e-con-inner\">\n\t\t\t\t<div class=\"elementor-element elementor-element-wmd-h6 elementor-widget elementor-widget-heading\" data-id=\"wmd-h6\" data-element_type=\"widget\" data-e-type=\"widget\" data-widget_type=\"heading.default\">\n\t\t\t\t\t<h2 class=\"elementor-heading-title elementor-size-default\">Paralely<\/h2>\t\t\t\t<\/div>\n\t\t<div class=\"elementor-element elementor-element-wmd-s6-bw e-flex e-con-boxed e-con e-parent\" data-id=\"wmd-s6-bw\" data-element_type=\"container\" data-e-type=\"container\" data-settings=\"{&quot;background_background&quot;:&quot;classic&quot;}\">\n\t\t\t\t\t<div class=\"e-con-inner\">\n\t\t\t\t<div class=\"elementor-element elementor-element-wmd-t6 elementor-widget elementor-widget-text-editor\" data-id=\"wmd-t6\" data-element_type=\"widget\" data-e-type=\"widget\" data-widget_type=\"text-editor.default\">\n\t\t\t\t\t\t\t\t\t<footer class=\"iwg-literatur\" data-nosnippet=\"true\"><p>Rafaela jako archetyp l\u00e9\u010ditele najdete v: <em>Askl\u00e9pios<\/em> z \u0159eck\u00e9 <span class=\"iwg-fachbegriff\" data-tooltip=\"Souhrn tradovan\u00fdch vypr\u00e1v\u011bn\u00ed o boz\u00edch ur\u010dit\u00e9 kultury.\" tabindex=\"0\">mytologie<\/span> (b\u016fh l\u00e9\u010ditelstv\u00ed), <em>Imhotep<\/em> v egyptsk\u00e9m <span class=\"iwg-fachbegriff\" data-tooltip=\"Souhrn boh\u016f ur\u010dit\u00e9ho n\u00e1bo\u017eenstv\u00ed nebo kultury.\" tabindex=\"0\">panteonu<\/span> (l\u00e9\u010ditel a architekt), <em>Dhanvantari<\/em> v hinduismu (b\u016fh l\u00e9\u010ditelstv\u00ed a medic\u00edny) a <em>White Buffalo Calf Woman<\/em> v p\u016fvodn\u00ed severoamerick\u00e9 duchovnosti (l\u00e9\u010ditelka a u\u010ditelka). V\u0161ichni zt\u011bles\u0148uj\u00ed s\u00edlu regenerace a bezpe\u010dn\u00e9 cesty.<\/p><\/footer>\t\t\t\t\t\t\t\t<\/div>\n\t\t\t\t\t<\/div>\n\t\t\t\t<\/div>\n\t\t\t\t\t<\/div>\n\t\t\t\t<\/div>\n\t\t<div class=\"elementor-element elementor-element-cpa12c7f2 e-flex e-con-boxed e-con e-parent\" data-id=\"cpa12c7f2\" data-element_type=\"container\" data-e-type=\"container\">\n\t\t\t\t\t<div class=\"e-con-inner\">\n\t\t\t\t<div class=\"elementor-element elementor-element-cp707736a elementor-widget elementor-widget-heading\" data-id=\"cp707736a\" data-element_type=\"widget\" data-e-type=\"widget\" data-widget_type=\"heading.default\">\n\t\t\t\t\t<h2 class=\"elementor-heading-title elementor-size-default\">Kniha Tobi\u00e1\u0161: Rafael jako skryt\u00fd pr\u016fvodce<\/h2>\t\t\t\t<\/div>\n\t\t<div class=\"elementor-element elementor-element-cp0267557 e-con-full e-flex e-con e-child\" data-id=\"cp0267557\" data-element_type=\"container\" data-e-type=\"container\">\n\t\t\t\t<div class=\"elementor-element elementor-element-cp745d9b1 elementor-widget elementor-widget-text-editor\" data-id=\"cp745d9b1\" data-element_type=\"widget\" data-e-type=\"widget\" data-widget_type=\"text-editor.default\">\n\t\t\t\t\t\t\t\t\t<p>Rafael je v biblick\u00e9 <span class=\"iwg-fachbegriff\" data-tooltip=\"P\u0159ed\u00e1v\u00e1n\u00ed pozn\u00e1n\u00ed a vypr\u00e1v\u011bn\u00ed p\u0159es generace.\" tabindex=\"0\">tradici<\/span> spojen t\u00e9m\u011b\u0159 v\u00fdhradn\u011b s jednou knihou, Knihou Tobi\u00e1\u0161. Tato kniha pat\u0159\u00ed v katolick\u00e9 a ortodoxn\u00ed tradici k biblick\u00e9mu <span class=\"iwg-fachbegriff\" data-tooltip=\"Za z\u00e1vazn\u00fd uzn\u00e1van\u00fd soubor svat\u00fdch text\u016f ur\u010dit\u00e9ho n\u00e1bo\u017eenstv\u00ed.\" tabindex=\"0\">k\u00e1nonu<\/span>, v \u017eidovsk\u00e9 a protestantsk\u00e9 <span class=\"iwg-fachbegriff\" data-tooltip=\"P\u0159ed\u00e1v\u00e1n\u00ed pozn\u00e1n\u00ed a vypr\u00e1v\u011bn\u00ed p\u0159es generace.\" tabindex=\"0\">tradici<\/span> se \u0159ad\u00ed k apokryf\u016fm, respektive deuterokanonick\u00fdm spis\u016fm.<\/p><p>Vznikla pravd\u011bpodobn\u011b ve t\u0159et\u00edm nebo druh\u00e9m stolet\u00ed p\u0159ed na\u0161\u00edm letopo\u010dtem a vypr\u00e1v\u00ed umn\u011b vystav\u011bn\u00fd rodinn\u00fd p\u0159\u00edb\u011bh.<\/p><p>Ve st\u0159edu stoj\u00ed zbo\u017en\u00fd, oslepen\u00fd Tobit a jeho p\u0159\u00edbuzn\u00e1 S\u00e1ra, kterou zat\u011b\u017euje <span class=\"iwg-fachbegriff\" data-tooltip=\"Duchovn\u00ed bytost, j\u00ed\u017e je p\u0159ipisov\u00e1n \u0161kodliv\u00fd nebo ambivalentn\u00ed \u00fa\u010dinek.\" tabindex=\"0\">d\u00e9mon<\/span> jm\u00e9nem Asmodeus, kter\u00fd nech\u00e1v\u00e1 um\u00edrat jej\u00ed man\u017eely v\u017edy v svatebn\u00ed noci. Tobit\u016fv syn Tobi\u00e1\u0161 se vyd\u00e1v\u00e1 na cestu, aby vymohl pen\u00edze, a p\u0159ij\u00edm\u00e1 spole\u010dn\u00edka, kter\u00fd se vyd\u00e1v\u00e1 za p\u0159\u00edbuzn\u00e9ho.<\/p><p>Ve skute\u010dnosti je t\u00edmto spole\u010dn\u00edkem <span class=\"iwg-fachbegriff\" data-tooltip=\"V abrah\u00e1movsk\u00fdch n\u00e1bo\u017eenstv\u00edch nebesk\u00e1 bytost, posel Boha.\" tabindex=\"0\">and\u011bl<\/span> Rafael, kter\u00fd svou pravou podstatu dlouho tajil. Vede Tobi\u00e1\u0161e, pom\u00e1h\u00e1 mu ulovit rybu, jej\u00ed\u017e vnit\u0159nosti se stanou l\u00e9\u010div\u00fdmi prost\u0159edky, umo\u017e\u0148uje s\u0148atek se S\u00e1rou a vyh\u00e1n\u00ed <span class=\"iwg-fachbegriff\" data-tooltip=\"Duchovn\u00ed bytost, j\u00ed\u017e je p\u0159ipisov\u00e1n \u0161kodliv\u00fd nebo ambivalentn\u00ed \u00fa\u010dinek.\" tabindex=\"0\">d\u00e9mona<\/span>. Na konci l\u00e9\u010d\u00ed prost\u0159edek z ryby i Tobitovy o\u010di.<\/p><p>Teprve na konci se Rafael prozrad\u00ed. Vysv\u011btluje, \u017ee je jedn\u00edm z <span class=\"iwg-fachbegriff\" data-tooltip=\"V abrah\u00e1movsk\u00fdch n\u00e1bo\u017eenstv\u00edch nebesk\u00e1 bytost, posel Boha.\" tabindex=\"0\">and\u011bl\u016f<\/span>, kte\u0159\u00ed stoj\u00ed p\u0159ed Bohem, a byl vysl\u00e1n, aby p\u0159in\u00e1\u0161el modlitby zbo\u017en\u00fdch p\u0159ed Boha.<\/p><p>Rafael je tak jedin\u00fdm <span class=\"iwg-fachbegriff\" data-tooltip=\"V abrah\u00e1movsk\u00fdch n\u00e1bo\u017eenstv\u00edch nebesk\u00e1 bytost, posel Boha.\" tabindex=\"0\">and\u011blem<\/span>, jeho\u017e jm\u00e9no vystupuje jako jednaj\u00edc\u00ed postava v souvisl\u00e9m vypr\u00e1v\u011bc\u00edm textu biblick\u00e9 <span class=\"iwg-fachbegriff\" data-tooltip=\"P\u0159ed\u00e1v\u00e1n\u00ed pozn\u00e1n\u00ed a vypr\u00e1v\u011bn\u00ed p\u0159es generace.\" tabindex=\"0\">tradice<\/span> p\u0159es n\u011bkolik kapitol. Kniha Tobi\u00e1\u0161 m\u00e1 proto pro pochopen\u00ed t\u00e9to postavy rozhoduj\u00edc\u00ed v\u00fdznam.<\/p>\t\t\t\t\t\t\t\t<\/div>\n\t\t\t\t<\/div>\n\t\t\t\t\t<\/div>\n\t\t\t\t<\/div>\n\t\t<div class=\"elementor-element elementor-element-cpdd14eaa e-flex e-con-boxed e-con e-parent\" data-id=\"cpdd14eaa\" data-element_type=\"container\" data-e-type=\"container\">\n\t\t\t\t\t<div class=\"e-con-inner\">\n\t\t\t\t<div class=\"elementor-element elementor-element-cp680be57 elementor-widget elementor-widget-heading\" data-id=\"cp680be57\" data-element_type=\"widget\" data-e-type=\"widget\" data-widget_type=\"heading.default\">\n\t\t\t\t\t<h2 class=\"elementor-heading-title elementor-size-default\">Jm\u00e9no jako program: Rafael, l\u00e9\u010ditel<\/h2>\t\t\t\t<\/div>\n\t\t<div class=\"elementor-element elementor-element-cp662286e e-con-full e-flex e-con e-child\" data-id=\"cp662286e\" data-element_type=\"container\" data-e-type=\"container\">\n\t\t\t\t<div class=\"elementor-element elementor-element-cp1690ec5 elementor-widget elementor-widget-text-editor\" data-id=\"cp1690ec5\" data-element_type=\"widget\" data-e-type=\"widget\" data-widget_type=\"text-editor.default\">\n\t\t\t\t\t\t\t\t\t<p>Jm\u00e9no Rafael je hebrejsk\u00e9ho p\u016fvodu a obsahuje ko\u0159en slovesa uzdravovat spolu s Bo\u017e\u00ed prvkem el. Lze jej p\u0159elo\u017eit jako B\u016fh uzdravuje nebo B\u016fh uzdravil.<\/p><p>V knize Tobi\u00e1\u0161 nen\u00ed tento v\u00fdznam jm\u00e9na n\u00e1hodou, ale napl\u0148uje se v pr\u016fb\u011bhu d\u011bje: Rafael je ten, jeho\u017e z\u00e1sahem je odstran\u011bno jak S\u00e1\u0159ino su\u017eov\u00e1n\u00ed <span class=\"iwg-fachbegriff\" data-tooltip=\"Geistiges Wesen, dem sch\u00e4dliche oder zwiesp\u00e4ltige Wirkung zugeschrieben wird.\" tabindex=\"0\">d\u00e9monem<\/span>, tak i Tobi\u00e1\u0161ova slepota.<\/p><p>Pozd\u011bj\u0161\u00ed \u017eidovsk\u00e1 a k\u0159es\u0165ansk\u00e1 tradice toto spojen\u00ed jm\u00e9na a funkce pevn\u011b rozvinula. V \u017eidovsk\u00fdch textech pozn\u00e1man\u011bj\u0161\u00edch dob, nap\u0159\u00edklad v henochovsk\u00fdch spisech, se Rafael objevuje mezi p\u0159edn\u00edmi and\u011bly a je mu opakovan\u011b p\u0159isuzov\u00e1na odpov\u011bdnost za uzdravov\u00e1n\u00ed.<\/p><p>V k\u0159es\u0165ansk\u00e9 <span class=\"iwg-fachbegriff\" data-tooltip=\"Die Weitergabe von Wissen und Erz\u00e4hlungen \u00fcber Generationen.\" tabindex=\"0\">tradici<\/span> se Rafael stal <span class=\"iwg-fachbegriff\" data-tooltip=\"In den abrahamitischen Religionen ein himmlisches Botenwesen Gottes.\" tabindex=\"0\">and\u011blem<\/span> uzdraven\u00ed, poutn\u00edk\u016f a setk\u00e1n\u00ed nemoci s uzdraven\u00edm. Toto p\u0159i\u0159azen\u00ed vych\u00e1z\u00ed zcela z knihy Tobi\u00e1\u0161, v n\u00ed\u017e jsou v\u0161echna t\u0159i t\u00e9mata, uzdraven\u00ed, cesta a ochrana na cest\u011b, t\u011bsn\u011b propletena.<\/p><p>Je n\u00e1padn\u00e9, \u017ee kniha Tobi\u00e1\u0161 nep\u0159edstavuje uzdraven\u00ed jako magick\u00fd akt, n\u00fdbr\u017e jej zasazuje do r\u00e1mce <span class=\"iwg-fachbegriff\" data-tooltip=\"Die sprachliche Hinwendung des Menschen an eine Gottheit.\" tabindex=\"0\">modlitby<\/span>, <span class=\"iwg-fachbegriff\" data-tooltip=\"Die gelebte religi\u00f6se Haltung und Praxis eines Menschen.\" tabindex=\"0\">zbo\u017enosti<\/span> a Bo\u017e\u00edho posl\u00e1n\u00ed. Rafael jedn\u00e1 na p\u0159\u00edkaz a, jak s\u00e1m \u0159\u00edk\u00e1, p\u0159in\u00e1\u0161\u00ed modlitby p\u0159ed Boha.<\/p><p>L\u00e9\u010div\u00e9 prost\u0159edky z ryby jsou n\u00e1stroji v jeho rukou, nikoli samostatn\u00fdmi kouzeln\u00fdmi prost\u0159edky. <span class=\"iwg-fachbegriff\" data-tooltip=\"Die Wissenschaft, die Religionen vergleichend und ohne Glaubensbindung erforscht.\" tabindex=\"0\">Religionistika<\/span> v tom vid\u00ed p\u0159\u00edklad toho, jak se v jednom textu spojuj\u00ed lidov\u00e9 p\u0159edstavy o l\u00e9\u010den\u00ed a teologick\u00e1 reflexe.<\/p>\t\t\t\t\t\t\t\t<\/div>\n\t\t\t\t<\/div>\n\t\t\t\t\t<\/div>\n\t\t\t\t<\/div>\n\t\t<div class=\"elementor-element elementor-element-cp5269aa8 e-flex e-con-boxed e-con e-parent\" data-id=\"cp5269aa8\" data-element_type=\"container\" data-e-type=\"container\">\n\t\t\t\t\t<div class=\"e-con-inner\">\n\t\t\t\t<div class=\"elementor-element elementor-element-cp9e66ac7 elementor-widget elementor-widget-heading\" data-id=\"cp9e66ac7\" data-element_type=\"widget\" data-e-type=\"widget\" data-widget_type=\"heading.default\">\n\t\t\t\t\t<h2 class=\"elementor-heading-title elementor-size-default\">Rafael v um\u011bn\u00ed, patron\u00e1tu a lidov\u00e9 zbo\u017enosti<\/h2>\t\t\t\t<\/div>\n\t\t<div class=\"elementor-element elementor-element-cpaae636f e-con-full e-flex e-con e-child\" data-id=\"cpaae636f\" data-element_type=\"container\" data-e-type=\"container\">\n\t\t\t\t<div class=\"elementor-element elementor-element-cp3a706bf elementor-widget elementor-widget-text-editor\" data-id=\"cp3a706bf\" data-element_type=\"widget\" data-e-type=\"widget\" data-widget_type=\"text-editor.default\">\n\t\t\t\t\t\t\t\t\t<p>Z vypr\u00e1v\u011bn\u00ed knihy Tobi\u00e1\u0161 se vyvinulo vlastn\u00ed obrazov\u00e9 t\u00e9ma, kter\u00e9 se \u010dasto objevuje zejm\u00e9na v mal\u00ed\u0159stv\u00ed renesance a baroka. Zobrazov\u00e1n je nej\u010dast\u011bji Rafael, jak vede za ruku mlad\u00e9ho Tobi\u00e1\u0161e, \u010dasto s rybou a psem, kter\u00e9 text zmi\u0148uje.<\/p><p>Tato zobrazen\u00ed, v italsk\u00e9m um\u011bn\u00ed zn\u00e1m\u00e1 jako Tobi\u00e1\u0161 a <span class=\"iwg-fachbegriff\" data-tooltip=\"In den abrahamitischen Religionen ein himmlisches Botenwesen Gottes.\" tabindex=\"0\">and\u011bl<\/span>, byla obzvl\u00e1\u0161t\u011b obl\u00edben\u00e1 a n\u011bkdy byla objedn\u00e1v\u00e1na jako ochrann\u00e9 obrazy pro mlad\u00e9 cestuj\u00edc\u00ed.<\/p><p>V katolick\u00e9 tradici je Rafael uct\u00edv\u00e1n jako patron cestuj\u00edc\u00edch, nemocn\u00fdch a l\u00e9ka\u0159\u016f, a d\u00e1le i l\u00e9k\u00e1rn\u00edk\u016f a v n\u011bkter\u00fdch oblastech vyst\u011bhovalc\u016f. Tato patron\u00e1ty logicky vych\u00e1zej\u00ed z jeho role v knize Tobi\u00e1\u0161. Vlastn\u00ed sv\u00e1tek jej liturgicky spojoval s ostatn\u00edmi jmenovit\u011b zn\u00e1m\u00fdmi archand\u011bly Michaelem a Gabrielem.<\/p><p>V <span class=\"iwg-fachbegriff\" data-tooltip=\"Die im Alltag gelebte Religiosit\u00e4t, oft neben der offiziellen Lehre.\" tabindex=\"0\">lidov\u00e9 zbo\u017enosti<\/span> z\u016fst\u00e1val Rafael dlouho m\u00e9n\u011b v\u00fdrazn\u00fd ne\u017e Michael, jen\u017e m\u011bl silnou obrazovou tradici jako bojovn\u00edk s drakem a v\u00e1\u017ei\u010d du\u0161\u00ed, nebo Gabriel, pevn\u011b zakotven\u00fd v um\u011bn\u00ed d\u00edky zv\u011bstov\u00e1n\u00ed Marii.<\/p><p>P\u0159esto si Rafael d\u00edky spojen\u00ed s uzdraven\u00edm, ochranou na cest\u00e1ch a zn\u00e1m\u00fdm p\u0159\u00edb\u011bhem o Tobi\u00e1\u0161ovi udr\u017eel sv\u00e9 pevn\u00e9 m\u00edsto.<\/p><p>V modern\u00ed recepci se objevuje p\u0159\u00edle\u017eitostn\u011b v literatu\u0159e a v\u00fdtvarn\u00e9m um\u011bn\u00ed, av\u0161ak d\u016fraz z\u016fst\u00e1v\u00e1 i nad\u00e1le na biblick\u00e9m vypr\u00e1v\u011bn\u00ed, kter\u00e9 utvo\u0159ilo ve\u0161ker\u00fd pozd\u011bj\u0161\u00ed obraz t\u00e9to postavy. V r\u00e1mci and\u011blsk\u00e9 nauky stoj\u00ed Rafael vedle <a href=\"https:\/\/iwell-guard.com\/cs\/?page_id=145214\">Michaela<\/a> a <a href=\"https:\/\/iwell-guard.com\/cs\/?page_id=145215\">archand\u011bla Gabriela<\/a>.<\/p>\t\t\t\t\t\t\t\t<\/div>\n\t\t\t\t<\/div>\n\t\t\t\t\t<\/div>\n\t\t\t\t<\/div>\n\t\t<div class=\"elementor-element elementor-element-fc1748d e-con-boxed e-flex e-con e-parent\" data-id=\"fc1748d\" data-element_type=\"container\" data-e-type=\"container\">\n\t\t\t\t\t<div class=\"e-con-inner\">\n\t\t\t\t<div class=\"elementor-element elementor-element-255812c elementor-widget elementor-widget-text-editor\" data-id=\"255812c\" data-element_type=\"widget\" data-e-type=\"widget\" data-widget_type=\"text-editor.default\">\n\t\t\t\t\t\t\t\t\t\n<h2>\u010cast\u00e9 ot\u00e1zky k archand\u011blu Rafaelovi<\/h2>\n<div class=\"iwg-faq-q\"><h3>Kdo je archand\u011bl Rafael?<\/h3><p>Rafael (hebrejsky Rafa-el, B\u016fh uzdravuje) je l\u00e9\u010ditelsk\u00fd archand\u011bl \u017eidovsko-k\u0159es\u0165ansk\u00e9 tradice. V deuterokanonick\u00e9 knize Tobi\u00e1\u0161 doprov\u00e1z\u00ed mlad\u00e9ho Tobi\u00e1\u0161e na cest\u011b a uzdravuje jeho slep\u00e9ho otce. Rafael je uct\u00edv\u00e1n jako patron cestuj\u00edc\u00edch, l\u00e9k\u00e1rn\u00edk\u016f, l\u00e9ka\u0159\u016f, o\u0161et\u0159ovatel\u016f a <span class=\"iwg-fachbegriff\" data-tooltip=\"Ein Mensch, der eine religi\u00f6s motivierte Reise zu einem heiligen Ort unternimmt.\" tabindex=\"0\">poutn\u00edk\u016f<\/span>. V k\u0159es\u0165ansk\u00e9 and\u011blsk\u00e9 hierarchii je jedn\u00edm ze t\u0159\u00ed jmenovit\u011b uv\u00e1d\u011bn\u00fdch archand\u011bl\u016f.<\/p><\/div>\n<div class=\"iwg-faq-q\"><h3>Jak\u00e9 jsou symboly a korespondence Rafaela?<\/h3><p>Klasick\u00fdmi symboly Rafaela jsou poutnick\u00e1 h\u016fl, ryba (z p\u0159\u00edb\u011bhu o Tobi\u00e1\u0161ovi), l\u00e9k\u00e1rnick\u00e1 n\u00e1doba s l\u00e9\u010div\u00fdmi bylinami a pl\u00e1\u0161\u0165 cestovatele. V modern\u00ed esoterick\u00e9 <span class=\"iwg-fachbegriff\" data-tooltip=\"In den abrahamitischen Religionen ein himmlisches Botenwesen Gottes.\" tabindex=\"0\">and\u011blsk\u00e9<\/span> nauce je Rafael spojov\u00e1n se zelenou barvou, \u017eivlem vzduchu, v\u00fdchodem a paprskem uzdraven\u00ed. Rafaelovy invokace k uzdraven\u00ed se objevuj\u00ed v mnoha k\u0159es\u0165ansko-mystick\u00fdch modlitebn\u00edch knih\u00e1ch.<\/p><\/div>\n<script type=\"application\/ld+json\">{\"@context\":\"https:\/\/schema.org\",\"@type\":\"FAQPage\",\"mainEntity\":[{\"@type\":\"Question\",\"name\":\"Wer ist der Erzengel Raphael?\",\"acceptedAnswer\":{\"@type\":\"Answer\",\"text\":\"Raphael (hebr\u00e4isch Rafa-el, Gott heilt) ist der Heiler-Erzengel der j\u00fcdisch-christlichen Tradition. Im deuterokanonischen Buch Tobit begleitet er den jungen Tobias auf der Reise und heilt seinen blinden Vater. Raphael gilt als Patron der Reisenden, Apotheker, \u00c4rzte, Krankenpfleger und Pilger. In der christlichen Engelhierarchie ist er einer der drei namentlich genannten Erzengel.\"}},{\"@type\":\"Question\",\"name\":\"Was sind die Symbole und Korrespondenzen Raphaels?\",\"acceptedAnswer\":{\"@type\":\"Answer\",\"text\":\"Klassische Raphael-Symbole sind der Pilgerstab, der Fisch (aus der Tobit-Geschichte), das Apothekenglas mit Heilkr\u00e4utern und der Reisemantel. In der modernen esoterischen Engel-Lehre wird Raphael mit der Farbe Gr\u00fcn, dem Element Luft, dem Osten und dem Heilstrahl assoziiert. Heilungsanrufungen Raphaels finden sich in vielen christlich-mystischen Gebetb\u00fcchern.\"}}]}<\/script>\t\t\t\t\t\t\t\t<\/div>\n\t\t\t\t\t<\/div>\n\t\t\t\t<\/div>\n\t\t\t\t<\/div>\n\t\t","protected":false},"excerpt":{"rendered":"","protected":false},"author":3,"featured_media":1623,"parent":0,"menu_order":0,"comment_status":"closed","ping_status":"closed","template":"elementor_header_footer","meta":{"_yoast_wpseo_focuskw":"Uzdraven\u00ed archand\u011bla Rafaela","_yoast_wpseo_title":"Archand\u011bl Rafael - and\u011bl uzdraven\u00ed a patron cestuj\u00edc\u00edch","_yoast_wpseo_metadesc":"Archand\u011bl Rafael uzdravuje na v\u0161ech \u00farovn\u00edch a bezpe\u010dn\u011b doprov\u00e1z\u00ed ty, kdo hledaj\u00ed. Objevte jeho v\u00fdznam v esoterice a l\u00e9\u010debn\u00e9 praxi iWell Guard.","_yoast_wpseo_meta-robots-noindex":"","_yoast_wpseo_canonical":"","_angie_page":false,"gefaehrdungsstufe":"","wesen_kultur":"","wesen_klasse":"","footnotes":""},"categories":[],"class_list":["post-145216","page","type-page","status-publish","has-post-thumbnail","hentry"],"yoast_head":"<!-- This site is optimized with the Yoast SEO Premium plugin v27.7 (Yoast SEO v28.3) - https:\/\/yoast.com\/product\/yoast-seo-premium-wordpress\/ -->\n<title>Archand\u011bl Rafael - and\u011bl uzdraven\u00ed a patron cestuj\u00edc\u00edch<\/title>\n<meta name=\"description\" content=\"Archand\u011bl Rafael uzdravuje na v\u0161ech \u00farovn\u00edch a bezpe\u010dn\u011b doprov\u00e1z\u00ed ty, kdo hledaj\u00ed. Objevte jeho v\u00fdznam v esoterice a l\u00e9\u010debn\u00e9 praxi iWell Guard.\" \/>\n<meta name=\"robots\" content=\"index, follow, max-snippet:-1, max-image-preview:large, max-video-preview:-1\" \/>\n<link rel=\"canonical\" href=\"https:\/\/iwell-guard.com\/cs\/archandel-rafael\/\" \/>\n<meta property=\"og:locale\" content=\"cs_CZ\" \/>\n<meta property=\"og:type\" content=\"article\" \/>\n<meta property=\"og:title\" content=\"Archand\u011bl Rafael\" \/>\n<meta property=\"og:description\" content=\"Archand\u011bl Rafael uzdravuje na v\u0161ech \u00farovn\u00edch a bezpe\u010dn\u011b doprov\u00e1z\u00ed ty, kdo hledaj\u00ed. Objevte jeho v\u00fdznam v esoterice a l\u00e9\u010debn\u00e9 praxi iWell Guard.\" \/>\n<meta property=\"og:url\" content=\"https:\/\/iwell-guard.com\/cs\/archandel-rafael\/\" \/>\n<meta property=\"og:site_name\" content=\"iWell Guard\" \/>\n<meta property=\"article:modified_time\" content=\"2026-09-03T16:49:57+00:00\" \/>\n<meta property=\"og:image\" content=\"https:\/\/iwell-guard.com\/wp-content\/uploads\/2026\/04\/lichtwesen_erzengel-raphael.webp\" \/>\n\t<meta property=\"og:image:width\" content=\"1024\" \/>\n\t<meta property=\"og:image:height\" content=\"1536\" \/>\n\t<meta property=\"og:image:type\" content=\"image\/webp\" \/>\n<meta name=\"twitter:card\" content=\"summary_large_image\" \/>\n<script type=\"application\/ld+json\" class=\"yoast-schema-graph\">{\"@context\":\"https:\\\/\\\/schema.org\",\"@graph\":[{\"@type\":\"WebPage\",\"@id\":\"https:\\\/\\\/iwell-guard.com\\\/cs\\\/archandel-rafael\\\/\",\"url\":\"https:\\\/\\\/iwell-guard.com\\\/cs\\\/archandel-rafael\\\/\",\"name\":\"Archand\u011bl Rafael - and\u011bl uzdraven\u00ed a patron cestuj\u00edc\u00edch\",\"isPartOf\":{\"@id\":\"https:\\\/\\\/iwell-guard.com\\\/cs\\\/#website\"},\"primaryImageOfPage\":{\"@id\":\"https:\\\/\\\/iwell-guard.com\\\/cs\\\/archandel-rafael\\\/#primaryimage\"},\"image\":{\"@id\":\"https:\\\/\\\/iwell-guard.com\\\/cs\\\/archandel-rafael\\\/#primaryimage\"},\"thumbnailUrl\":\"https:\\\/\\\/iwell-guard.com\\\/wp-content\\\/uploads\\\/2026\\\/04\\\/lichtwesen_erzengel-raphael.webp\",\"datePublished\":\"2026-09-03T16:28:11+00:00\",\"dateModified\":\"2026-09-03T16:49:57+00:00\",\"description\":\"Archand\u011bl Rafael uzdravuje na v\u0161ech \u00farovn\u00edch a bezpe\u010dn\u011b doprov\u00e1z\u00ed ty, kdo hledaj\u00ed. Objevte jeho v\u00fdznam v esoterice a l\u00e9\u010debn\u00e9 praxi iWell Guard.\",\"breadcrumb\":{\"@id\":\"https:\\\/\\\/iwell-guard.com\\\/cs\\\/archandel-rafael\\\/#breadcrumb\"},\"inLanguage\":\"cs\",\"potentialAction\":[{\"@type\":\"ReadAction\",\"target\":[\"https:\\\/\\\/iwell-guard.com\\\/cs\\\/archandel-rafael\\\/\"]}]},{\"@type\":\"ImageObject\",\"inLanguage\":\"cs\",\"@id\":\"https:\\\/\\\/iwell-guard.com\\\/cs\\\/archandel-rafael\\\/#primaryimage\",\"url\":\"https:\\\/\\\/iwell-guard.com\\\/wp-content\\\/uploads\\\/2026\\\/04\\\/lichtwesen_erzengel-raphael.webp\",\"contentUrl\":\"https:\\\/\\\/iwell-guard.com\\\/wp-content\\\/uploads\\\/2026\\\/04\\\/lichtwesen_erzengel-raphael.webp\",\"width\":1024,\"height\":1536,\"caption\":\"Bytost sv\u011btla. Iluminovan\u00e1 ilustrace.\"},{\"@type\":\"BreadcrumbList\",\"@id\":\"https:\\\/\\\/iwell-guard.com\\\/cs\\\/archandel-rafael\\\/#breadcrumb\",\"itemListElement\":[{\"@type\":\"ListItem\",\"position\":1,\"name\":\"Start\",\"item\":\"https:\\\/\\\/iwell-guard.com\\\/cs\\\/?page_id=145107\"},{\"@type\":\"ListItem\",\"position\":2,\"name\":\"Archand\u011bl Rafael\"}]},{\"@type\":\"WebSite\",\"@id\":\"https:\\\/\\\/iwell-guard.com\\\/cs\\\/#website\",\"url\":\"https:\\\/\\\/iwell-guard.com\\\/cs\\\/\",\"name\":\"iWell Guard\",\"description\":\"Schutz vor dunklen Einfl\u00fcssen\",\"publisher\":{\"@id\":\"https:\\\/\\\/iwell-guard.com\\\/cs\\\/#organization\"},\"potentialAction\":[{\"@type\":\"SearchAction\",\"target\":{\"@type\":\"EntryPoint\",\"urlTemplate\":\"https:\\\/\\\/iwell-guard.com\\\/cs\\\/?s={search_term_string}\"},\"query-input\":{\"@type\":\"PropertyValueSpecification\",\"valueRequired\":true,\"valueName\":\"search_term_string\"}}],\"inLanguage\":\"cs\"},{\"@type\":\"Organization\",\"@id\":\"https:\\\/\\\/iwell-guard.com\\\/cs\\\/#organization\",\"name\":\"Ittermann electronic GmbH\",\"url\":\"https:\\\/\\\/iwell-guard.com\\\/cs\\\/\",\"logo\":{\"@type\":\"ImageObject\",\"inLanguage\":\"cs\",\"@id\":\"https:\\\/\\\/iwell-guard.com\\\/cs\\\/#\\\/schema\\\/logo\\\/image\\\/\",\"url\":\"https:\\\/\\\/iwell-guard.com\\\/wp-content\\\/uploads\\\/2026\\\/05\\\/Ittermann-Logo-1182x237-1.png\",\"contentUrl\":\"https:\\\/\\\/iwell-guard.com\\\/wp-content\\\/uploads\\\/2026\\\/05\\\/Ittermann-Logo-1182x237-1.png\",\"width\":1182,\"height\":237,\"caption\":\"Ittermann electronic GmbH\"},\"image\":{\"@id\":\"https:\\\/\\\/iwell-guard.com\\\/cs\\\/#\\\/schema\\\/logo\\\/image\\\/\"},\"sameAs\":[\"https:\\\/\\\/pantip.com\\\/profile\\\/9367242\",\"https:\\\/\\\/micro.blog\\\/iwellguard\",\"https:\\\/\\\/www.diggerslist.com\\\/iwellguard\\\/about\",\"https:\\\/\\\/skitterphoto.com\\\/photographers\\\/2870314\\\/iwell-guard\",\"https:\\\/\\\/iwellguard.wordpress.com\\\/2026\\\/06\\\/06\\\/iwell-guard\\\/\",\"https:\\\/\\\/hub.docker.com\\\/u\\\/iwellguard\",\"https:\\\/\\\/www.pinterest.com\\\/iwellguard\\\/\",\"https:\\\/\\\/bit.ly\\\/m\\\/iwellguard\",\"https:\\\/\\\/entre-vos-mains.alsace.eu\\\/profiles\\\/iwellguard\\\/activity\",\"https:\\\/\\\/gravatar.com\\\/reallybeded8fd34\",\"https:\\\/\\\/naijamatta.com\\\/iwellguard\",\"https:\\\/\\\/www.goodreads.com\\\/iwellguard\",\"https:\\\/\\\/profile.hatena.ne.jp\\\/iwellguard\\\/\",\"https:\\\/\\\/experiment.com\\\/users\\\/iwellguard\",\"https:\\\/\\\/wakelet.com\\\/@iWellGuard82270\",\"https:\\\/\\\/www.chordie.com\\\/forum\\\/profile.php?id=2555664\",\"https:\\\/\\\/www.instapaper.com\\\/p\\\/17757966\",\"https:\\\/\\\/www.mapleprimes.com\\\/users\\\/iwellguard\",\"https:\\\/\\\/businesslistingplus.com\\\/profile\\\/iwell-guard\\\/\",\"https:\\\/\\\/telegra.ph\\\/iWell-Guard-06-06\",\"https:\\\/\\\/pbase.com\\\/iwellguard\\\/iwellguard\",\"https:\\\/\\\/b.hatena.ne.jp\\\/iwellguard\\\/20260607#bookmark-4788405196491818882\",\"https:\\\/\\\/fliphtml5.com\\\/home\\\/iwellguard\",\"https:\\\/\\\/anyflip.com\\\/homepage\\\/cmiwl#About\",\"https:\\\/\\\/transfur.com\\\/Users\\\/iwellguard\",\"http:\\\/\\\/delphi.larsbo.org\\\/user\\\/iwellguard\",\"https:\\\/\\\/jobs.lajobsportal.org\\\/profiles\\\/8380803-iwell-guard\",\"https:\\\/\\\/md.chaosdorf.de\\\/s\\\/jfbe5SBdJD\",\"https:\\\/\\\/www.lingvolive.com\\\/en-us\\\/profile\\\/9ecaeaca-ce11-4e51-9e71-01d55e2bff36\\\/translations\",\"https:\\\/\\\/www.fitday.com\\\/fitness\\\/forums\\\/members\\\/iwellguard.html\",\"https:\\\/\\\/www.mymeetbook.com\\\/iwellguard\",\"https:\\\/\\\/pxhere.com\\\/en\\\/photographer-me\\\/5040798\",\"https:\\\/\\\/disqus.com\\\/by\\\/iwellguard\\\/about\\\/\",\"https:\\\/\\\/pastelink.net\\\/hjwciqwq\",\"https:\\\/\\\/pubhtml5.com\\\/homepage\\\/scjhn\\\/\",\"https:\\\/\\\/www.bitchute.com\\\/channel\\\/2O2eOKzNqujT\",\"https:\\\/\\\/audiomack.com\\\/iwellguard\"]}]}<\/script>\n<!-- \/ Yoast SEO Premium plugin. -->","yoast_head_json":{"title":"Archand\u011bl Rafael - and\u011bl uzdraven\u00ed a patron cestuj\u00edc\u00edch","description":"Archand\u011bl Rafael uzdravuje na v\u0161ech \u00farovn\u00edch a bezpe\u010dn\u011b doprov\u00e1z\u00ed ty, kdo hledaj\u00ed. Objevte jeho v\u00fdznam v esoterice a l\u00e9\u010debn\u00e9 praxi iWell Guard.","robots":{"index":"index","follow":"follow","max-snippet":"max-snippet:-1","max-image-preview":"max-image-preview:large","max-video-preview":"max-video-preview:-1"},"canonical":"https:\/\/iwell-guard.com\/cs\/archandel-rafael\/","og_locale":"cs_CZ","og_type":"article","og_title":"Archand\u011bl Rafael","og_description":"Archand\u011bl Rafael uzdravuje na v\u0161ech \u00farovn\u00edch a bezpe\u010dn\u011b doprov\u00e1z\u00ed ty, kdo hledaj\u00ed. Objevte jeho v\u00fdznam v esoterice a l\u00e9\u010debn\u00e9 praxi iWell Guard.","og_url":"https:\/\/iwell-guard.com\/cs\/archandel-rafael\/","og_site_name":"iWell Guard","article_modified_time":"2026-09-03T16:49:57+00:00","og_image":[{"width":1024,"height":1536,"url":"https:\/\/iwell-guard.com\/wp-content\/uploads\/2026\/04\/lichtwesen_erzengel-raphael.webp","type":"image\/webp"}],"twitter_card":"summary_large_image","schema":{"@context":"https:\/\/schema.org","@graph":[{"@type":"WebPage","@id":"https:\/\/iwell-guard.com\/cs\/archandel-rafael\/","url":"https:\/\/iwell-guard.com\/cs\/archandel-rafael\/","name":"Archand\u011bl Rafael - and\u011bl uzdraven\u00ed a patron cestuj\u00edc\u00edch","isPartOf":{"@id":"https:\/\/iwell-guard.com\/cs\/#website"},"primaryImageOfPage":{"@id":"https:\/\/iwell-guard.com\/cs\/archandel-rafael\/#primaryimage"},"image":{"@id":"https:\/\/iwell-guard.com\/cs\/archandel-rafael\/#primaryimage"},"thumbnailUrl":"https:\/\/iwell-guard.com\/wp-content\/uploads\/2026\/04\/lichtwesen_erzengel-raphael.webp","datePublished":"2026-09-03T16:28:11+00:00","dateModified":"2026-09-03T16:49:57+00:00","description":"Archand\u011bl Rafael uzdravuje na v\u0161ech \u00farovn\u00edch a bezpe\u010dn\u011b doprov\u00e1z\u00ed ty, kdo hledaj\u00ed. Objevte jeho v\u00fdznam v esoterice a l\u00e9\u010debn\u00e9 praxi iWell Guard.","breadcrumb":{"@id":"https:\/\/iwell-guard.com\/cs\/archandel-rafael\/#breadcrumb"},"inLanguage":"cs","potentialAction":[{"@type":"ReadAction","target":["https:\/\/iwell-guard.com\/cs\/archandel-rafael\/"]}]},{"@type":"ImageObject","inLanguage":"cs","@id":"https:\/\/iwell-guard.com\/cs\/archandel-rafael\/#primaryimage","url":"https:\/\/iwell-guard.com\/wp-content\/uploads\/2026\/04\/lichtwesen_erzengel-raphael.webp","contentUrl":"https:\/\/iwell-guard.com\/wp-content\/uploads\/2026\/04\/lichtwesen_erzengel-raphael.webp","width":1024,"height":1536,"caption":"Bytost sv\u011btla. Iluminovan\u00e1 ilustrace."},{"@type":"BreadcrumbList","@id":"https:\/\/iwell-guard.com\/cs\/archandel-rafael\/#breadcrumb","itemListElement":[{"@type":"ListItem","position":1,"name":"Start","item":"https:\/\/iwell-guard.com\/cs\/?page_id=145107"},{"@type":"ListItem","position":2,"name":"Archand\u011bl Rafael"}]},{"@type":"WebSite","@id":"https:\/\/iwell-guard.com\/cs\/#website","url":"https:\/\/iwell-guard.com\/cs\/","name":"iWell Guard","description":"Schutz vor dunklen Einfl\u00fcssen","publisher":{"@id":"https:\/\/iwell-guard.com\/cs\/#organization"},"potentialAction":[{"@type":"SearchAction","target":{"@type":"EntryPoint","urlTemplate":"https:\/\/iwell-guard.com\/cs\/?s={search_term_string}"},"query-input":{"@type":"PropertyValueSpecification","valueRequired":true,"valueName":"search_term_string"}}],"inLanguage":"cs"},{"@type":"Organization","@id":"https:\/\/iwell-guard.com\/cs\/#organization","name":"Ittermann electronic GmbH","url":"https:\/\/iwell-guard.com\/cs\/","logo":{"@type":"ImageObject","inLanguage":"cs","@id":"https:\/\/iwell-guard.com\/cs\/#\/schema\/logo\/image\/","url":"https:\/\/iwell-guard.com\/wp-content\/uploads\/2026\/05\/Ittermann-Logo-1182x237-1.png","contentUrl":"https:\/\/iwell-guard.com\/wp-content\/uploads\/2026\/05\/Ittermann-Logo-1182x237-1.png","width":1182,"height":237,"caption":"Ittermann electronic GmbH"},"image":{"@id":"https:\/\/iwell-guard.com\/cs\/#\/schema\/logo\/image\/"},"sameAs":["https:\/\/pantip.com\/profile\/9367242","https:\/\/micro.blog\/iwellguard","https:\/\/www.diggerslist.com\/iwellguard\/about","https:\/\/skitterphoto.com\/photographers\/2870314\/iwell-guard","https:\/\/iwellguard.wordpress.com\/2026\/06\/06\/iwell-guard\/","https:\/\/hub.docker.com\/u\/iwellguard","https:\/\/www.pinterest.com\/iwellguard\/","https:\/\/bit.ly\/m\/iwellguard","https:\/\/entre-vos-mains.alsace.eu\/profiles\/iwellguard\/activity","https:\/\/gravatar.com\/reallybeded8fd34","https:\/\/naijamatta.com\/iwellguard","https:\/\/www.goodreads.com\/iwellguard","https:\/\/profile.hatena.ne.jp\/iwellguard\/","https:\/\/experiment.com\/users\/iwellguard","https:\/\/wakelet.com\/@iWellGuard82270","https:\/\/www.chordie.com\/forum\/profile.php?id=2555664","https:\/\/www.instapaper.com\/p\/17757966","https:\/\/www.mapleprimes.com\/users\/iwellguard","https:\/\/businesslistingplus.com\/profile\/iwell-guard\/","https:\/\/telegra.ph\/iWell-Guard-06-06","https:\/\/pbase.com\/iwellguard\/iwellguard","https:\/\/b.hatena.ne.jp\/iwellguard\/20260607#bookmark-4788405196491818882","https:\/\/fliphtml5.com\/home\/iwellguard","https:\/\/anyflip.com\/homepage\/cmiwl#About","https:\/\/transfur.com\/Users\/iwellguard","http:\/\/delphi.larsbo.org\/user\/iwellguard","https:\/\/jobs.lajobsportal.org\/profiles\/8380803-iwell-guard","https:\/\/md.chaosdorf.de\/s\/jfbe5SBdJD","https:\/\/www.lingvolive.com\/en-us\/profile\/9ecaeaca-ce11-4e51-9e71-01d55e2bff36\/translations","https:\/\/www.fitday.com\/fitness\/forums\/members\/iwellguard.html","https:\/\/www.mymeetbook.com\/iwellguard","https:\/\/pxhere.com\/en\/photographer-me\/5040798","https:\/\/disqus.com\/by\/iwellguard\/about\/","https:\/\/pastelink.net\/hjwciqwq","https:\/\/pubhtml5.com\/homepage\/scjhn\/","https:\/\/www.bitchute.com\/channel\/2O2eOKzNqujT","https:\/\/audiomack.com\/iwellguard"]}]}},"_links":{"self":[{"href":"https:\/\/iwell-guard.com\/cs\/wp-json\/wp\/v2\/pages\/145216","targetHints":{"allow":["GET"]}}],"collection":[{"href":"https:\/\/iwell-guard.com\/cs\/wp-json\/wp\/v2\/pages"}],"about":[{"href":"https:\/\/iwell-guard.com\/cs\/wp-json\/wp\/v2\/types\/page"}],"author":[{"embeddable":true,"href":"https:\/\/iwell-guard.com\/cs\/wp-json\/wp\/v2\/users\/3"}],"replies":[{"embeddable":true,"href":"https:\/\/iwell-guard.com\/cs\/wp-json\/wp\/v2\/comments?post=145216"}],"version-history":[{"count":0,"href":"https:\/\/iwell-guard.com\/cs\/wp-json\/wp\/v2\/pages\/145216\/revisions"}],"wp:featuredmedia":[{"embeddable":true,"href":"https:\/\/iwell-guard.com\/cs\/wp-json\/wp\/v2\/media\/1623"}],"wp:attachment":[{"href":"https:\/\/iwell-guard.com\/cs\/wp-json\/wp\/v2\/media?parent=145216"}],"wp:term":[{"taxonomy":"category","embeddable":true,"href":"https:\/\/iwell-guard.com\/cs\/wp-json\/wp\/v2\/categories?post=145216"}],"curies":[{"name":"wp","href":"https:\/\/api.w.org\/{rel}","templated":true}]}}