{"id":145215,"date":"2026-09-03T16:28:09","date_gmt":"2026-09-03T16:28:09","guid":{"rendered":"https:\/\/iwell-guard.com\/?page_id=145215"},"modified":"2026-09-03T16:49:55","modified_gmt":"2026-09-03T16:49:55","slug":"archandel-gabriel","status":"publish","type":"page","link":"https:\/\/iwell-guard.com\/cs\/archandel-gabriel\/","title":{"rendered":"Archand\u011bl Gabriel"},"content":{"rendered":"\t\t<div data-elementor-type=\"wp-page\" data-elementor-id=\"145215\" class=\"elementor elementor-145215 elementor-1801 elementor-bc-flex-widget\" data-elementor-post-type=\"page\">\n\t\t\t\t<div class=\"elementor-element elementor-element-10fdade e-flex e-con-boxed e-con e-parent\" data-id=\"10fdade\" data-element_type=\"container\" data-e-type=\"container\" data-settings=\"{&quot;background_background&quot;:&quot;classic&quot;}\">\n\t\t\t\t\t<div class=\"e-con-inner\">\n\t\t<div class=\"elementor-element elementor-element-herohlft0 e-flex e-con-boxed e-con e-child\" data-id=\"herohlft0\" data-element_type=\"container\" data-e-type=\"container\">\n\t\t\t\t\t<div class=\"e-con-inner\">\n\t\t<div class=\"elementor-element elementor-element-c3ceb64 e-con-full e-flex e-con e-child\" data-id=\"c3ceb64\" data-element_type=\"container\" data-e-type=\"container\">\n\t\t\t\t<div class=\"elementor-element elementor-element-96ae5e1 elementor-widget elementor-widget-heading\" data-id=\"96ae5e1\" data-element_type=\"widget\" data-e-type=\"widget\" data-widget_type=\"heading.default\">\n\t\t\t\t\t<h1 class=\"elementor-heading-title elementor-size-default\">Archand\u011bl Gabriel, sv\u011bteln\u00e1 bytost<\/h1>\t\t\t\t<\/div>\n\t\t\t\t<div class=\"elementor-element elementor-element-e45238a elementor-widget elementor-widget-text-editor\" data-id=\"e45238a\" data-element_type=\"widget\" data-e-type=\"widget\" data-widget_type=\"text-editor.default\">\n\t\t\t\t\t\t\t\t\t<p>Posel Bo\u017e\u00ed v \u017eidovsko-k\u0159es\u0165ansko-isl\u00e1msk\u00e9 tradici. Zv\u011bstoval Marii narozen\u00ed Jezuse a nadiktoval Mohamedovi Kor\u00e1n.<\/p><p>Tato str\u00e1nka za\u0159azuje archand\u011bla Gabriela do konceptu sv\u011bteln\u00fdch bytost\u00ed.<\/p>\n<h2 id=\"dif-gabriel\">Specifika Gabriela: posel zv\u011bstov\u00e1n\u00ed<\/h2>\n<p>Gabrielovou hlavn\u00ed sc\u00e9nou je <strong>Zv\u011bstov\u00e1n\u00ed<\/strong> (Lk 1,26-38). Zjevuje se Marii v Nazaret\u011b a oznamuje po\u010det\u00ed Jezuse. Ji\u017e d\u0159\u00edve zv\u011bstuje Zachari\u00e1\u0161ovi narozen\u00ed Jana K\u0159titele (Lk 1,11-20). V knize Daniel (Dan 8,16; 9,21-27) vykl\u00e1d\u00e1 Gabriel vizi \u010dty\u0159 kr\u00e1lovstv\u00ed a proroctv\u00ed o sedmdes\u00e1ti t\u00fddnech. Jeho jm\u00e9no <em>gabri\u02be\u0113l<\/em> znamen\u00e1 \u201emu\u017e Bo\u017e\u00ed\u201c nebo \u201eBo\u017e\u00ed hrdina\u201c.<\/p><p>V isl\u00e1mu je jako <strong>D\u017eibr\u00edl (Jibr\u012bl)<\/strong> and\u011blem zjeven\u00ed Kor\u00e1nu. V k\u0159es\u0165ansk\u00e9 <span class=\"iwg-fachbegriff\" data-tooltip=\"Stanoven\u00fd \u0159\u00e1d bohoslu\u017eby n\u00e1bo\u017eensk\u00e9 obce.\" tabindex=\"0\">liturgii<\/span> je uct\u00edv\u00e1n jako <strong>posel radostn\u00e9 zv\u011bsti<\/strong>, and\u011bl s trubkou p\u0159i Posledn\u00edm soudu a patron diplomat\u016f, po\u0161tovn\u00edch zam\u011bstnanc\u016f a telekomunikace. Jeho atributy jsou <strong>lilie, svitek a trubka<\/strong>, jeho sv\u00e1tek p\u0159ipad\u00e1 na 24. b\u0159ezna.<\/p>\n\t\t\t\t\t\t\t\t<\/div>\n\t\t\t\t<\/div>\n\t\t<div class=\"elementor-element elementor-element-klsbdg01 e-con-full e-flex e-con e-parent\" data-id=\"klsbdg01\" data-element_type=\"container\" data-e-type=\"container\">\n\t\t\t\t<div class=\"elementor-element elementor-element-klshtm01 elementor-widget elementor-widget-html\" data-id=\"klshtm01\" data-element_type=\"widget\" data-e-type=\"widget\" data-widget_type=\"html.default\">\n\t\t\t\t\t<div class=\"iwg-pill-row\"><span class=\"iwg-klasse-badge\" tabindex=\"0\" data-tooltip=\"Bytosti sv\u011btla: osv\u00edcen\u00e9, ochrann\u00e9 nebo u\u010d\u00edc\u00ed bytosti, archand\u011bl\u00e9, mist\u0159i vzestupu, sv\u011bteln\u00e9 p\u0159\u00edrodn\u00ed bytosti. V novodob\u00fdch i star\u0161\u00edch duchovn\u00edch tradic\u00edch popisov\u00e1ny jako pomocn\u00edci a u\u010ditel\u00e9.\">Bytost sv\u011btla<\/span><a href=\"https:\/\/iwell-guard.com\/cs\/?page_id=145123\" class=\"iwg-kultur-badge\" tabindex=\"0\" data-tooltip=\"\u017didovsk\u00e1 n\u00e1bo\u017eensk\u00e1 tradice od Tanachu po kabalu a novodobou mystiku.\">Judaismus<\/a><span class=\"iwg-tradition-badge\" tabindex=\"0\" data-tooltip=\"Archand\u011bl, nejvy\u0161\u0161\u00ed t\u0159\u00edda and\u011bl\u016f v \u017eidovsk\u00e9, k\u0159es\u0165ansk\u00e9 a isl\u00e1msk\u00e9 tradici.\">Archand\u011bl<\/span><\/div>\t\t\t\t<\/div>\n\t\t\t\t<\/div>\n\t\t<div class=\"elementor-element elementor-element-3f74855 e-con-full e-flex e-con e-child\" data-id=\"3f74855\" data-element_type=\"container\" data-e-type=\"container\">\n\t\t\t\t<div class=\"elementor-element elementor-element-1c30362 elementor-toc--minimized-on-tablet elementor-widget elementor-widget-table-of-contents\" data-id=\"1c30362\" data-element_type=\"widget\" data-e-type=\"widget\" data-settings=\"{&quot;exclude_headings_by_selector&quot;:[],&quot;no_headings_message&quot;:&quot;Na t\\u00e9to str\\u00e1nce nebyly nalezeny \\u017e\\u00e1dn\\u00e9 nadpisy.&quot;,&quot;headings_by_tags&quot;:[&quot;h2&quot;,&quot;h3&quot;],&quot;marker_view&quot;:&quot;bullets&quot;,&quot;minimize_box&quot;:&quot;yes&quot;,&quot;icon&quot;:{&quot;value&quot;:&quot;fas fa-circle&quot;,&quot;library&quot;:&quot;fa-solid&quot;,&quot;rendered_tag&quot;:&quot;&lt;svg class=\\&quot;e-font-icon-svg e-fas-circle\\&quot; viewBox=\\&quot;0 0 512 512\\&quot; xmlns=\\&quot;http:\\\/\\\/www.w3.org\\\/2000\\\/svg\\&quot;&gt;&lt;path d=\\&quot;M256 8C119 8 8 119 8 256s111 248 248 248 248-111 248-248S393 8 256 8z\\&quot;&gt;&lt;\\\/path&gt;&lt;\\\/svg&gt;&quot;},&quot;minimized_on&quot;:&quot;tablet&quot;,&quot;hierarchical_view&quot;:&quot;yes&quot;,&quot;min_height&quot;:{&quot;unit&quot;:&quot;px&quot;,&quot;size&quot;:&quot;&quot;,&quot;sizes&quot;:[]},&quot;min_height_tablet&quot;:{&quot;unit&quot;:&quot;px&quot;,&quot;size&quot;:&quot;&quot;,&quot;sizes&quot;:[]},&quot;min_height_mobile&quot;:{&quot;unit&quot;:&quot;px&quot;,&quot;size&quot;:&quot;&quot;,&quot;sizes&quot;:[]}}\" data-widget_type=\"table-of-contents.default\">\n\t\t\t\t\t\t\t\t\t<div class=\"elementor-toc__header\">\n\t\t\t\t\t\t<h2 class=\"elementor-toc__header-title\">\n\t\t\t\tObsah\t\t\t<\/h2>\n\t\t\t\t\t\t\t\t\t\t<div class=\"elementor-toc__toggle-button elementor-toc__toggle-button--expand\" role=\"button\" tabindex=\"0\" aria-controls=\"elementor-toc__1c30362\" aria-expanded=\"true\" aria-label=\"Open table of contents\"><svg aria-hidden=\"true\" class=\"e-font-icon-svg e-fas-chevron-down\" viewBox=\"0 0 448 512\" xmlns=\"http:\/\/www.w3.org\/2000\/svg\"><path d=\"M207.029 381.476L12.686 187.132c-9.373-9.373-9.373-24.569 0-33.941l22.667-22.667c9.357-9.357 24.522-9.375 33.901-.04L224 284.505l154.745-154.021c9.379-9.335 24.544-9.317 33.901.04l22.667 22.667c9.373 9.373 9.373 24.569 0 33.941L240.971 381.476c-9.373 9.372-24.569 9.372-33.942 0z\"><\/path><\/svg><\/div>\n\t\t\t\t<div class=\"elementor-toc__toggle-button elementor-toc__toggle-button--collapse\" role=\"button\" tabindex=\"0\" aria-controls=\"elementor-toc__1c30362\" aria-expanded=\"true\" aria-label=\"Close table of contents\"><svg aria-hidden=\"true\" class=\"e-font-icon-svg e-fas-chevron-up\" viewBox=\"0 0 448 512\" xmlns=\"http:\/\/www.w3.org\/2000\/svg\"><path d=\"M240.971 130.524l194.343 194.343c9.373 9.373 9.373 24.569 0 33.941l-22.667 22.667c-9.357 9.357-24.522 9.375-33.901.04L224 227.495 69.255 381.516c-9.379 9.335-24.544 9.317-33.901-.04l-22.667-22.667c-9.373-9.373-9.373-24.569 0-33.941L207.03 130.525c9.372-9.373 24.568-9.373 33.941-.001z\"><\/path><\/svg><\/div>\n\t\t\t\t\t<\/div>\n\t\t\t\t<div id=\"elementor-toc__1c30362\" class=\"elementor-toc__body\">\n\t\t\t<div class=\"elementor-toc__spinner-container\">\n\t\t\t\t<svg class=\"elementor-toc__spinner eicon-animation-spin e-font-icon-svg e-eicon-loading\" aria-hidden=\"true\" viewBox=\"0 0 1000 1000\" xmlns=\"http:\/\/www.w3.org\/2000\/svg\"><path d=\"M500 975V858C696 858 858 696 858 500S696 142 500 142 142 304 142 500H25C25 237 238 25 500 25S975 237 975 500 763 975 500 975Z\"><\/path><\/svg>\t\t\t<\/div>\n\t\t<\/div>\n\t\t\t\t\t\t<\/div>\n\t\t\t\t<\/div>\n\t\t\t\t\t<\/div>\n\t\t\t\t<\/div>\n\t\t<div class=\"elementor-element elementor-element-herorght0 e-con-full e-flex e-con e-child\" data-id=\"herorght0\" data-element_type=\"container\" data-e-type=\"container\">\n\t\t\t\t<div class=\"elementor-element elementor-element-heroimg00 iwg-hero-image elementor-widget elementor-widget-image\" data-id=\"heroimg00\" data-element_type=\"widget\" data-e-type=\"widget\" data-widget_type=\"image.default\">\n\t\t\t\t\t\t\t\t\t\t\t\t\t\t\t<img fetchpriority=\"high\" decoding=\"async\" width=\"683\" height=\"1024\" src=\"https:\/\/iwell-guard.com\/wp-content\/uploads\/2026\/04\/lichtwesen_erzengel-gabriel-683x1024.webp\" class=\"attachment-large size-large wp-image-1621\" alt=\"Archand\u011bl Gabriel\" srcset=\"https:\/\/iwell-guard.com\/wp-content\/uploads\/2026\/04\/lichtwesen_erzengel-gabriel-683x1024.webp 683w, https:\/\/iwell-guard.com\/wp-content\/uploads\/2026\/04\/lichtwesen_erzengel-gabriel-200x300.webp 200w, https:\/\/iwell-guard.com\/wp-content\/uploads\/2026\/04\/lichtwesen_erzengel-gabriel-768x1152.webp 768w, https:\/\/iwell-guard.com\/wp-content\/uploads\/2026\/04\/lichtwesen_erzengel-gabriel.webp 1024w\" sizes=\"(max-width: 683px) 100vw, 683px\" \/>\t\t\t\t\t\t\t\t\t\t\t\t\t\t\t<\/div>\n\t\t\t\t<\/div>\n\t\t\t\t\t<\/div>\n\t\t\t\t<\/div>\n\t\t<div class=\"elementor-element elementor-element-wmd-s1 e-con-boxed e-flex e-con e-parent\" data-id=\"wmd-s1\" data-element_type=\"container\" data-e-type=\"container\">\n\t\t\t\t\t<div class=\"e-con-inner\">\n\t\t\t\t<div class=\"elementor-element elementor-element-wmd-h1 elementor-widget elementor-widget-heading\" data-id=\"wmd-h1\" data-element_type=\"widget\" data-e-type=\"widget\" data-widget_type=\"heading.default\">\n\t\t\t\t\t<h2 class=\"elementor-heading-title elementor-size-default\">Rychl\u00fd p\u0159ehled: Archand\u011bl Gabriel<\/h2>\t\t\t\t<\/div>\n\t\t<div class=\"elementor-element elementor-element-wmd-s1-bw e-flex e-con-boxed e-con e-parent\" data-id=\"wmd-s1-bw\" data-element_type=\"container\" data-e-type=\"container\" data-settings=\"{&quot;background_background&quot;:&quot;classic&quot;}\">\n\t\t\t\t\t<div class=\"e-con-inner\">\n\t\t\t\t<div class=\"elementor-element elementor-element-wmd-t1 elementor-widget elementor-widget-text-editor\" data-id=\"wmd-t1\" data-element_type=\"widget\" data-e-type=\"widget\" data-widget_type=\"text-editor.default\">\n\t\t\t\t\t\t\t\t\t<p><strong>Typ:<\/strong> Archand\u011bl, posel, p\u0159ena\u0161e\u010d bo\u017esk\u00e9ho poselstv\u00ed Tradice: Judaismus (<span class=\"iwg-fachbegriff\" data-tooltip=\"Hlavn\u00ed d\u00edlo rab\u00ednsk\u00e9ho judaismu s v\u00fdkladem n\u00e1bo\u017eensk\u00e9 tradice.\" tabindex=\"0\">Talmud<\/span>), k\u0159es\u0165anstv\u00ed (Zv\u011bstov\u00e1n\u00ed Pann\u011b Marii), isl\u00e1m (Kor\u00e1n, D\u017eibr\u00edl) Funkce: komunikace, poselstv\u00ed, transformace, vnit\u0159n\u00ed jasnost Hlavn\u00ed atributy\/symboly: b\u00edl\u00fd a st\u0159\u00edbrn\u00fd plamen, lilie, zvon, h\u016fl Roz\u0161\u00ed\u0159en\u00ed: centr\u00e1ln\u00ed postava v k\u0159es\u0165ansk\u00e9 mariologii, v isl\u00e1mu jako D\u017eibr\u00edl, esotericky velmi roz\u0161\u00ed\u0159en\u00fd<\/p>\t\t\t\t\t\t\t\t<\/div>\n\t\t\t\t\t<\/div>\n\t\t\t\t<\/div>\n\t\t\t\t\t<\/div>\n\t\t\t\t<\/div>\n\t\t<div class=\"elementor-element elementor-element-wmd-s2 e-con-boxed e-flex e-con e-parent\" data-id=\"wmd-s2\" data-element_type=\"container\" data-e-type=\"container\">\n\t\t\t\t\t<div class=\"e-con-inner\">\n\t\t\t\t<div class=\"elementor-element elementor-element-wmd-h2 elementor-widget elementor-widget-heading\" data-id=\"wmd-h2\" data-element_type=\"widget\" data-e-type=\"widget\" data-widget_type=\"heading.default\">\n\t\t\t\t\t<h2 class=\"elementor-heading-title elementor-size-default\">Za\u0159azen\u00ed<\/h2>\t\t\t\t<\/div>\n\t\t<div class=\"elementor-element elementor-element-wmd-s2-bw e-flex e-con-boxed e-con e-parent\" data-id=\"wmd-s2-bw\" data-element_type=\"container\" data-e-type=\"container\" data-settings=\"{&quot;background_background&quot;:&quot;classic&quot;}\">\n\t\t\t\t\t<div class=\"e-con-inner\">\n\t\t\t\t<div class=\"elementor-element elementor-element-wmd-t2 elementor-widget elementor-widget-text-editor\" data-id=\"wmd-t2\" data-element_type=\"widget\" data-e-type=\"widget\" data-widget_type=\"text-editor.default\">\n\t\t\t\t\t\t\t\t\t<h3>Tradice<\/h3><p>Gabriel (<em>Gavriel<\/em>, \u201es\u00edla Bo\u017e\u00ed\u201c) se objevuje v hebrejsk\u00e9 Bibli v knize Daniel 8,16 a 9,21. V k\u0159es\u0165anstv\u00ed je zn\u00e1m p\u0159edev\u0161\u00edm jako <span class=\"iwg-fachbegriff\" data-tooltip=\"V abrah\u00e1movsk\u00fdch n\u00e1bo\u017eenstv\u00edch nebesk\u00e1 poslu\u0161n\u00e1 bytost Bo\u017e\u00ed.\" tabindex=\"0\">and\u011bl<\/span>, kter\u00fd zv\u011bstuje Marii narozen\u00ed Jezuse (Luk\u00e1\u0161 1,26-38).<\/p><p>V isl\u00e1mu je Gabriel (<em>Jibrail<\/em>) <span class=\"iwg-fachbegriff\" data-tooltip=\"V abrah\u00e1movsk\u00fdch n\u00e1bo\u017eenstv\u00edch nebesk\u00e1 poslu\u0161n\u00e1 bytost Bo\u017e\u00ed.\" tabindex=\"0\">and\u011bl<\/span>, kter\u00fd prorokovi Muhammadovi p\u0159edal Kor\u00e1n. <span class=\"iwg-fachbegriff\" data-tooltip=\"Proud \u017eidovsk\u00e9 mystiky s hlavn\u00edmi d\u00edly jako Sefer Jecira a Zohar.\" tabindex=\"0\">Kabala<\/span> p\u0159i\u0159azuje Gabriela k sefi\u0159e Jod nebo k sefi\u0159e Hod (rozum), m\u00edstu komunikace. Z\u00e1padn\u00ed angelologie ctila Gabriela jako <span class=\"iwg-fachbegriff\" data-tooltip=\"V abrah\u00e1movsk\u00fdch n\u00e1bo\u017eenstv\u00edch nebesk\u00e1 poslu\u0161n\u00e1 bytost Bo\u017e\u00ed.\" tabindex=\"0\">and\u011bla<\/span> zv\u011bstov\u00e1n\u00ed, komunikace a duchovn\u00edho o\u010di\u0161t\u011bn\u00ed.<\/p><h3>Prameny<\/h3><p>Biblick\u00e9 texty (knihy Daniel, Luk\u00e1\u0161ovo evangelium, Zjeven\u00ed). <span class=\"iwg-fachbegriff\" data-tooltip=\"Hlavn\u00ed d\u00edlo rab\u00ednsk\u00e9ho judaismu s v\u00fdkladem n\u00e1bo\u017eensk\u00e9 tradice.\" tabindex=\"0\">Talmud<\/span> a <span class=\"iwg-fachbegriff\" data-tooltip=\"Proud \u017eidovsk\u00e9 mystiky s hlavn\u00edmi d\u00edly jako Sefer Jecira a Zohar.\" tabindex=\"0\">Kabala<\/span> uv\u00e1d\u011bj\u00ed Gabriela jako jednoho ze \u010dty\u0159 nejvy\u0161\u0161\u00edch archand\u011bl\u016f v hebrejsk\u00e9 angelologii. Kor\u00e1nsk\u00e9 odkazy na Jibraila a jeho posl\u00e1n\u00ed.<\/p><p>K\u0159es\u0165ansk\u00e1 v\u00fdtvarn\u00e1 tradice zobrazovala Gabriela s liliem nebo \u017eezlem po stalet\u00ed. Modern\u00ed esoterick\u00e1 literatura a literatura nov\u00e9 spirituality zd\u016fraz\u0148uje Gabrielovu roli jako vnit\u0159n\u00edho r\u00e1dce a p\u0159ina\u0161e\u010de jasnosti. Psychologick\u00e9 v\u00fdklady vid\u00ed v Gabrielovi zt\u011blesn\u011bn\u00ed intuice a autentick\u00e9, odv\u00e1\u017en\u00e9 komunikace.<\/p><div><h3>Prameny v Tanachu, Nov\u00e9m z\u00e1kon\u011b a Kor\u00e1nu<\/h3><p>Archand\u011bl Gabriel je vedle Michaela jedinou and\u011blskou postavou hebrejsk\u00e9ho Tanachu, kter\u00e1 se objevuje pod vlastn\u00edm jm\u00e9nem. Vystupuje v Danielovi 8,16 a 9,21 jako vyklada\u010d Danielov\u00fdch vid\u011bn\u00ed.<\/p><p>V Luk\u00e1\u0161ov\u011b evangeliu je zv\u011bstovatelsk\u00fdm <span class=\"iwg-fachbegriff\" data-tooltip=\"V abrah\u00e1movsk\u00fdch n\u00e1bo\u017eenstv\u00edch nebesk\u00e1 poslu\u0161n\u00e1 bytost Bo\u017e\u00ed.\" tabindex=\"0\">and\u011blem<\/span> jak Zachari\u00e1\u0161ovi (Lk 1,19), tak Marii (Lk 1,26, 38); toto dvoj\u00ed zv\u011bstov\u00e1n\u00ed z n\u011bj \u010din\u00ed \u00fast\u0159edn\u00edho posla Nov\u00e9ho z\u00e1kona.<\/p><p>V Kor\u00e1nu se jmenuje <em>Jibril<\/em> nebo <em>Jibra&#8217;il<\/em> a je prost\u0159edn\u00edkem zjeven\u00ed Mohamedovi (s\u00fara 2,97; 16,102; 26,193). Toto trojn\u00e1bo\u017eensk\u00e9 sv\u011bdectv\u00ed je v d\u011bjin\u00e1ch n\u00e1bo\u017eenstv\u00ed jedine\u010dn\u00e9 a stav\u00ed Gabriela do zvl\u00e1\u0161tn\u00edho postaven\u00ed v \u017eidovsko-k\u0159es\u0165ansko-isl\u00e1msk\u00e9m <span class=\"iwg-fachbegriff\" data-tooltip=\"V abrah\u00e1movsk\u00fdch n\u00e1bo\u017eenstv\u00edch nebesk\u00e1 poslu\u0161n\u00e1 bytost Bo\u017e\u00ed.\" tabindex=\"0\">and\u011blsk\u00e9m<\/span> korpusu.<\/p><\/div>\t\t\t\t\t\t\t\t<\/div>\n\t\t\t\t\t<\/div>\n\t\t\t\t<\/div>\n\t\t\t\t\t<\/div>\n\t\t\t\t<\/div>\n\t\t<div class=\"elementor-element elementor-element-wmd-s3 e-con-boxed e-flex e-con e-parent\" data-id=\"wmd-s3\" data-element_type=\"container\" data-e-type=\"container\">\n\t\t\t\t\t<div class=\"e-con-inner\">\n\t\t\t\t<div class=\"elementor-element elementor-element-wmd-h3 elementor-widget elementor-widget-heading\" data-id=\"wmd-h3\" data-element_type=\"widget\" data-e-type=\"widget\" data-widget_type=\"heading.default\">\n\t\t\t\t\t<h2 class=\"elementor-heading-title elementor-size-default\">Vzhled a symboly<\/h2>\t\t\t\t<\/div>\n\t\t<div class=\"elementor-element elementor-element-wmd-s3-bw e-flex e-con-boxed e-con e-parent\" data-id=\"wmd-s3-bw\" data-element_type=\"container\" data-e-type=\"container\" data-settings=\"{&quot;background_background&quot;:&quot;classic&quot;}\">\n\t\t\t\t\t<div class=\"e-con-inner\">\n\t\t\t\t<div class=\"elementor-element elementor-element-wmd-t3 elementor-widget elementor-widget-text-editor\" data-id=\"wmd-t3\" data-element_type=\"widget\" data-e-type=\"widget\" data-widget_type=\"text-editor.default\">\n\t\t\t\t\t\t\t\t\t<p>Gabriel je zobrazov\u00e1n jako \u0161t\u00edhl\u00e1, elegantn\u00ed sv\u011bteln\u00e1 bytost v b\u00edlo-st\u0159\u00edbrn\u00e9m rouchu nebo z prosv\u011btlen\u00e9 sv\u011bteln\u00e9 l\u00e1tky. Jeho barva je \u010dist\u011b b\u00edl\u00e1 nebo nazl\u00e1tl\u00e9 st\u0159\u00edbro, n\u011bkdy protkan\u00e9 akvamar\u00ednovou nebo jemn\u011b modrou barvou. Nese h\u016fl, b\u00edlou lilii nebo zlat\u00fd zvon. Lilie je klasick\u00fdm <span class=\"iwg-fachbegriff\" data-tooltip=\"Znak, kter\u00fd zastupuje ur\u010ditou p\u0159edstavu nebo v\u00fdznam.\" tabindex=\"0\">symbolem<\/span> \u010distoty a mariologie.<\/p><p>Zvon symbolizuje zv\u011bstov\u00e1n\u00ed, \u010dist\u00fd t\u00f3n a pravdu, kter\u00e1 zazn\u00edv\u00e1. Obklopuj\u00ed ho k\u0159\u00eddla z p\u0159esn\u00e9ho, sm\u011brovan\u00e9ho sv\u011btla. Energeticky p\u016fsob\u00ed Gabriel chladn\u011b, jasn\u011b a pronikav\u011b, jako \u010dist\u00fd krystalick\u00fd t\u00f3n nebo \u00fader zvonu. Jeho p\u0159\u00edtomnost vyvol\u00e1v\u00e1 vnit\u0159n\u00ed ticho a pozorn\u00e9 p\u0159ijet\u00ed.<\/p>\t\t\t\t\t\t\t\t<\/div>\n\t\t\t\t\t<\/div>\n\t\t\t\t<\/div>\n\t\t\t\t\t<\/div>\n\t\t\t\t<\/div>\n\t\t<div class=\"elementor-element elementor-element-wmd-s4 e-con-boxed e-flex e-con e-parent\" data-id=\"wmd-s4\" data-element_type=\"container\" data-e-type=\"container\">\n\t\t\t\t\t<div class=\"e-con-inner\">\n\t\t\t\t<div class=\"elementor-element elementor-element-wmd-h4 elementor-widget elementor-widget-heading\" data-id=\"wmd-h4\" data-element_type=\"widget\" data-e-type=\"widget\" data-widget_type=\"heading.default\">\n\t\t\t\t\t<h2 class=\"elementor-heading-title elementor-size-default\">Funkce a v\u00fdznam<\/h2>\t\t\t\t<\/div>\n\t\t<div class=\"elementor-element elementor-element-wmd-s4-bw e-flex e-con-boxed e-con e-parent\" data-id=\"wmd-s4-bw\" data-element_type=\"container\" data-e-type=\"container\" data-settings=\"{&quot;background_background&quot;:&quot;classic&quot;}\">\n\t\t\t\t\t<div class=\"e-con-inner\">\n\t\t\t\t<div class=\"elementor-element elementor-element-wmd-t4 elementor-widget elementor-widget-text-editor\" data-id=\"wmd-t4\" data-element_type=\"widget\" data-e-type=\"widget\" data-widget_type=\"text-editor.default\">\n\t\t\t\t\t\t\t\t\t<p>Gabriel je <span class=\"iwg-fachbegriff\" data-tooltip=\"V abrah\u00e1movsk\u00fdch n\u00e1bo\u017eenstv\u00edch nebesk\u00e1 poselsk\u00e1 bytost Boha.\" tabindex=\"0\">and\u011bl<\/span> poselstv\u00ed a vnit\u0159n\u00ed jasnosti. Kde Michael bojuje a chr\u00e1n\u00ed, p\u0159in\u00e1\u0161\u00ed Gabriel sd\u011blen\u00ed a osv\u011btlen\u00ed. Symbolizuje schopnost p\u0159ev\u00e1d\u011bt vy\u0161\u0161\u00ed pravdu do srozumiteln\u00e9 lidsk\u00e9 \u0159e\u010di a v\u011bdom\u00ed.<\/p><p>Zosob\u0148uje tak\u00e9 nov\u00e9 za\u010d\u00e1tky, ka\u017ed\u00e9 poselstv\u00ed od Gabriela zahajuje nov\u00fd cyklus pozn\u00e1n\u00ed a obnovy. V psychologick\u00fdch pojmech zt\u011bles\u0148uje Gabriel intuitivn\u00ed kan\u00e1l, kter\u00fd povzn\u00e1\u0161\u00ed nev\u011bdom\u00e9 do v\u011bdom\u00ed. Jeho b\u00edlo-st\u0159\u00edbrn\u00e1 energie \u010dist\u00ed zmatek a vytv\u00e1\u0159\u00ed vnit\u0159n\u00ed jasnost bez soudu a n\u00e1tlaku.<\/p><div><h3>Funkce v and\u011blsk\u00e9 hierarchii<\/h3><p>V k\u0159es\u0165ansk\u00e9 tradici je Gabriel od Pseudo-Dionysia zv\u011bstovac\u00edm <span class=\"iwg-fachbegriff\" data-tooltip=\"V abrah\u00e1movsk\u00fdch n\u00e1bo\u017eenstv\u00edch nebesk\u00e1 poselsk\u00e1 bytost Boha.\" tabindex=\"0\">and\u011blem<\/span>, a t\u00edm je p\u0159i\u0159azen ke sboru archand\u011bl\u016f. V \u017eidovsk\u00e9 and\u011blsk\u00e9 magii je <span class=\"iwg-fachbegriff\" data-tooltip=\"V abrah\u00e1movsk\u00fdch n\u00e1bo\u017eenstv\u00edch nebesk\u00e1 poselsk\u00e1 bytost Boha.\" tabindex=\"0\">and\u011blem<\/span> severn\u00edho sm\u011bru, m\u011bs\u00edce a sf\u00e9ry Jesod na kabalistick\u00e9m strom \u017eivota.<\/p><p>V isl\u00e1msk\u00e9 tradici je nejvy\u0161\u0161\u00edm z <span class=\"iwg-fachbegriff\" data-tooltip=\"V abrah\u00e1movsk\u00fdch n\u00e1bo\u017eenstv\u00edch nebesk\u00e1 poselsk\u00e1 bytost Boha.\" tabindex=\"0\">and\u011bl\u016f<\/span> se zvl\u00e1\u0161tn\u00ed bl\u00edzkost\u00ed k Bohu (v tradici Mi&#8217;r\u00e1d\u017e doprov\u00e1z\u00ed Mohameda na jeho nebesk\u00e9 cest\u011b). Toto v\u00edcen\u00e1sobn\u00e9 p\u0159i\u0159azen\u00ed d\u011bl\u00e1 z Gabriela postavu spojuj\u00edc\u00ed t\u0159i abrah\u00e1movsk\u00e1 n\u00e1bo\u017eenstv\u00ed a jejich ritualn\u011b-magick\u00e9 adaptace.<\/p><\/div>\t\t\t\t\t\t\t\t<\/div>\n\t\t\t\t\t<\/div>\n\t\t\t\t<\/div>\n\t\t\t\t\t<\/div>\n\t\t\t\t<\/div>\n\t\t<div class=\"elementor-element elementor-element-wmd-s5 e-con-boxed e-flex e-con e-parent\" data-id=\"wmd-s5\" data-element_type=\"container\" data-e-type=\"container\">\n\t\t\t\t\t<div class=\"e-con-inner\">\n\t\t\t\t<div class=\"elementor-element elementor-element-wmd-h5 elementor-widget elementor-widget-heading\" data-id=\"wmd-h5\" data-element_type=\"widget\" data-e-type=\"widget\" data-widget_type=\"heading.default\">\n\t\t\t\t\t<h2 class=\"elementor-heading-title elementor-size-default\">Praxe \/ vz\u00fdv\u00e1n\u00ed \/ v\u00fdznam v kontextu iWell Guard<\/h2>\t\t\t\t<\/div>\n\t\t<div class=\"elementor-element elementor-element-wmd-s5-bw e-flex e-con-boxed e-con e-parent\" data-id=\"wmd-s5-bw\" data-element_type=\"container\" data-e-type=\"container\" data-settings=\"{&quot;background_background&quot;:&quot;classic&quot;}\">\n\t\t\t\t\t<div class=\"e-con-inner\">\n\t\t\t\t<div class=\"elementor-element elementor-element-wmd-t5 elementor-widget elementor-widget-text-editor\" data-id=\"wmd-t5\" data-element_type=\"widget\" data-e-type=\"widget\" data-widget_type=\"text-editor.default\">\n\t\t\t\t\t\t\t\t\t<p>V iWell Guard je Gabriel vz\u00fdv\u00e1n, aby otev\u0159el vnit\u0159n\u00ed komunikaci a umo\u017enil jasn\u00e9 p\u0159ijet\u00ed vy\u0161\u0161\u00edho veden\u00ed. Jednou z praktik je zap\u00e1lit b\u00edlou nebo st\u0159\u00edbrnou sv\u00ed\u010dku a poprosit Gabriela, aby vyjasnil a pos\u00edlil vnit\u0159n\u00ed hlas.<\/p><p>Gabrielova s\u00edla se vyu\u017e\u00edv\u00e1 k rozpt\u00fdlen\u00ed psychick\u00e9ho nebo ment\u00e1ln\u00edho zmatku, k pochopen\u00ed sn\u016f a k zost\u0159en\u00ed intuice. Gabriel tak\u00e9 pom\u00e1h\u00e1 p\u0159en\u00e1\u0161et energetick\u00e1 sd\u011blen\u00ed \u010dist\u011bji, bez zkreslen\u00ed egem, strachem nebo vn\u011bj\u0161\u00edm ru\u0161en\u00edm. Jeho b\u00edlo-st\u0159\u00edbrn\u00fd plamen p\u016fsob\u00ed \u010distiv\u011b na v\u0161echny komunika\u010dn\u00ed kan\u00e1ly ochrann\u00e9ho pole.<\/p><div><h3>Gabriel v syst\u00e9mu <span class=\"iwg-fachbegriff\" data-tooltip=\"Svat\u00e1 slabika nebo formule, kter\u00e1 se v hinduismu a buddhismu opakovan\u011b pron\u00e1\u0161\u00ed.\" tabindex=\"0\">manter<\/span> iWell Guard<\/h3><p>V ochrann\u00e9 <span class=\"iwg-fachbegriff\" data-tooltip=\"Svat\u00e1 slabika nebo formule, kter\u00e1 se v hinduismu a buddhismu opakovan\u011b pron\u00e1\u0161\u00ed.\" tabindex=\"0\">mant\u0159e<\/span> je Gabriel v bod\u011b 3 (transformace ji\u017e ukotven\u00fdch vliv\u016f) v\u00fdslovn\u011b postaven jako str\u00e1\u017ece fialov\u00e9ho plamene. Pokud energii \u010dernomagick\u00e9ho \u00fatoku nem\u016f\u017ee p\u0159ijmout Gaia, p\u0159eb\u00edr\u00e1 Gabriel p\u0159eveden\u00ed do sv\u011btla.<\/p><p>Tato konstrukce spojuje judaisticko-k\u0159es\u0165ansko-isl\u00e1mskou zv\u011bstovac\u00ed a zprost\u0159edkuj\u00edc\u00ed funkci Gabriela s teosofickou tradic\u00ed pracovn\u00edk\u016f se sv\u011btlem a fialov\u00fdm plamenem jako prost\u0159edkem transmutace (viz <a href=\"https:\/\/iwell-guard.com\/cs\/?page_id=145221\">\/violette-flamme\/<\/a>). Podrobn\u00fd p\u0159ehled funkc\u00ed vrstev <span class=\"iwg-fachbegriff\" data-tooltip=\"Svat\u00e1 slabika nebo formule, kter\u00e1 se v hinduismu a buddhismu opakovan\u011b pron\u00e1\u0161\u00ed.\" tabindex=\"0\">mantry<\/span> naleznete v <a href=\"https:\/\/iwell-guard.com\/cs\/?page_id=145401\">P\u0159ehledu funkc\u00ed ochrann\u00e9 mantry<\/a>.<\/p><\/div>\t\t\t\t\t\t\t\t<\/div>\n\t\t\t\t\t<\/div>\n\t\t\t\t<\/div>\n\t\t\t\t\t<\/div>\n\t\t\t\t<\/div>\n\t\t<div class=\"elementor-element elementor-element-wmd-s6 e-con-boxed e-flex e-con e-parent\" data-id=\"wmd-s6\" data-element_type=\"container\" data-e-type=\"container\">\n\t\t\t\t\t<div class=\"e-con-inner\">\n\t\t\t\t<div class=\"elementor-element elementor-element-wmd-h6 elementor-widget elementor-widget-heading\" data-id=\"wmd-h6\" data-element_type=\"widget\" data-e-type=\"widget\" data-widget_type=\"heading.default\">\n\t\t\t\t\t<h2 class=\"elementor-heading-title elementor-size-default\">Paralely<\/h2>\t\t\t\t<\/div>\n\t\t<div class=\"elementor-element elementor-element-wmd-s6-bw e-flex e-con-boxed e-con e-parent\" data-id=\"wmd-s6-bw\" data-element_type=\"container\" data-e-type=\"container\" data-settings=\"{&quot;background_background&quot;:&quot;classic&quot;}\">\n\t\t\t\t\t<div class=\"e-con-inner\">\n\t\t\t\t<div class=\"elementor-element elementor-element-wmd-t6 elementor-widget elementor-widget-text-editor\" data-id=\"wmd-t6\" data-element_type=\"widget\" data-e-type=\"widget\" data-widget_type=\"text-editor.default\">\n\t\t\t\t\t\t\t\t\t<footer class=\"iwg-literatur\" data-nosnippet=\"true\"><p>Gabriela najdete jako archetyp posla v: <em>Hermes<\/em> v \u0159eck\u00e9 <span class=\"iwg-fachbegriff\" data-tooltip=\"Souhrn tradovan\u00fdch p\u0159\u00edb\u011bh\u016f o boz\u00edch ur\u010dit\u00e9 kultury.\" tabindex=\"0\">mytologii<\/span> (posel boh\u016f, p\u00e1n hranic), <em>Thovt<\/em> v egyptsk\u00e9m <span class=\"iwg-fachbegriff\" data-tooltip=\"Souhrn boh\u016f ur\u010dit\u00e9ho n\u00e1bo\u017eenstv\u00ed nebo kultury.\" tabindex=\"0\">panteonu<\/span> (p\u00edsa\u0159 pravdy a moudrosti), <em>Sarasvat\u00ed<\/em> v hinduismu (bohyn\u011b moudrosti a \u0159e\u010di) a <em>Huitzilopochtli<\/em> jako azt\u00e9ck\u00fd v\u016fdce a ukazatel cesty. V\u0161ichni zt\u011bles\u0148uj\u00ed zprost\u0159edkov\u00e1n\u00ed pozn\u00e1n\u00ed a vnit\u0159n\u00ed vyjasn\u011bn\u00ed mysli.<\/p><\/footer>\t\t\t\t\t\t\t\t<\/div>\n\t\t\t\t\t<\/div>\n\t\t\t\t<\/div>\n\t\t\t\t\t<\/div>\n\t\t\t\t<\/div>\n\t\t<div class=\"elementor-element elementor-element-cpd54045d e-flex e-con-boxed e-con e-parent\" data-id=\"cpd54045d\" data-element_type=\"container\" data-e-type=\"container\">\n\t\t\t\t\t<div class=\"e-con-inner\">\n\t\t\t\t<div class=\"elementor-element elementor-element-cp0ad00e5 elementor-widget elementor-widget-heading\" data-id=\"cp0ad00e5\" data-element_type=\"widget\" data-e-type=\"widget\" data-widget_type=\"heading.default\">\n\t\t\t\t\t<h2 class=\"elementor-heading-title elementor-size-default\">Gabriel v knize Daniel: vykl\u00e1daj\u00edc\u00ed posel<\/h2>\t\t\t\t<\/div>\n\t\t<div class=\"elementor-element elementor-element-cpefd45ce e-con-full e-flex e-con e-child\" data-id=\"cpefd45ce\" data-element_type=\"container\" data-e-type=\"container\">\n\t\t\t\t<div class=\"elementor-element elementor-element-cp1fe54e7 elementor-widget elementor-widget-text-editor\" data-id=\"cp1fe54e7\" data-element_type=\"widget\" data-e-type=\"widget\" data-widget_type=\"text-editor.default\">\n\t\t\t\t\t\t\t\t\t<p>Nejstar\u0161\u00ed v\u00fdslovn\u00e9 zm\u00ednky o Gabrielovi se nach\u00e1zej\u00ed v biblick\u00e9 knize Daniel, kterou dne\u0161n\u00ed badatel\u00e9 ve sv\u00e9 kone\u010dn\u00e9 podob\u011b datuj\u00ed p\u0159ev\u00e1\u017en\u011b do druh\u00e9ho stolet\u00ed p\u0159ed na\u0161\u00edm letopo\u010dtem. Gabriel se tam objevuje dvakr\u00e1t.<\/p><p>V osm\u00e9 kapitole se zjev\u00ed Danielovi pot\u00e9, co ten m\u011bl z\u00e1hadn\u00e9 vid\u011bn\u00ed o beranovi a kozlu, a je mu ulo\u017eeno vysv\u011btlit prorokovi jeho v\u00fdznam. V dev\u00e1t\u00e9 kapitole p\u0159ich\u00e1z\u00ed Gabriel znovu, zat\u00edmco se Daniel modl\u00ed, a vykl\u00e1d\u00e1 mu <span class=\"iwg-fachbegriff\" data-tooltip=\"P\u0159edpov\u00edd\u00e1n\u00ed budouc\u00edch ud\u00e1lost\u00ed n\u00e1bo\u017eensk\u00fdmi nebo magick\u00fdmi prost\u0159edky.\" tabindex=\"0\">v\u011b\u0161tbu<\/span> o ur\u010dit\u00e9m po\u010dtu \u010dasov\u00fdch \u00fasek\u016f.<\/p><p>Na t\u011bchto m\u00edstech je n\u00e1padn\u00e9, \u017ee se Gabriel objevuje jako vyklada\u010dsk\u00fd and\u011bl. Jeho \u00fakolem nen\u00ed v prvn\u00ed \u0159ad\u011b jednat, n\u00fdbr\u017e vysv\u011btlovat. Zprost\u0159edkov\u00e1v\u00e1 mezi nebesk\u00fdm sv\u011btem, z n\u011bho\u017e vid\u011bn\u00ed poch\u00e1z\u00ed, a lidsk\u00fdm vizion\u00e1\u0159em, kter\u00fd mu vlastn\u00edmi silami nerozum\u00ed.<\/p><p>Gabriel tak n\u00e1le\u017e\u00ed k p\u0159edstav\u011b and\u011bl\u016f, kter\u00e1 se rozvinula v \u017eidovsk\u00e9 literatu\u0159e helenistick\u00e9 doby: <span class=\"iwg-fachbegriff\" data-tooltip=\"V abrah\u00e1movsk\u00fdch n\u00e1bo\u017eenstv\u00edch nebesk\u00e1 poslu\u0161n\u00e1 bytost Bo\u017e\u00ed.\" tabindex=\"0\">and\u011bl\u00e9<\/span> jako prost\u0159edn\u00edci pozn\u00e1n\u00ed a zjeven\u00ed, \u010dasto s vlastn\u00edm jm\u00e9nem a vlastn\u00ed p\u016fsobnost\u00ed.<\/p><p>Kniha Daniel jmenuje v\u00fdslovn\u011b vedle Michaela pouze jednoho dal\u0161\u00edho <span class=\"iwg-fachbegriff\" data-tooltip=\"V abrah\u00e1movsk\u00fdch n\u00e1bo\u017eenstv\u00edch nebesk\u00e1 poslu\u0161n\u00e1 bytost Bo\u017e\u00ed.\" tabindex=\"0\">and\u011bla<\/span>. Tato zdr\u017eenlivost je n\u00e1padn\u00e1, nebo\u0165 v dobov\u00e9 mimobiblick\u00e9 literatu\u0159e, nap\u0159\u00edklad v henochovsk\u00fdch spisech, vystupuje mno\u017estv\u00ed jmenovan\u00fdch <span class=\"iwg-fachbegriff\" data-tooltip=\"V abrah\u00e1movsk\u00fdch n\u00e1bo\u017eenstv\u00edch nebesk\u00e1 poslu\u0161n\u00e1 bytost Bo\u017e\u00ed.\" tabindex=\"0\">and\u011bl\u016f<\/span>.<\/p><p>Badatel\u00e9 vid\u00ed v knize Daniel d\u016fle\u017eit\u00fd uzlov\u00fd bod: zde je <span class=\"iwg-fachbegriff\" data-tooltip=\"V abrah\u00e1movsk\u00fdch n\u00e1bo\u017eenstv\u00edch nebesk\u00e1 poslu\u0161n\u00e1 bytost Bo\u017e\u00ed.\" tabindex=\"0\">and\u011bl<\/span> se jm\u00e9nem a funkc\u00ed pevn\u011b zaps\u00e1n do biblick\u00e9ho textu, a odtud tato postava d\u00e1le p\u016fsob\u00ed v pozd\u011bj\u0161\u00ed \u017eidovsk\u00e9, k\u0159es\u0165ansk\u00e9 a isl\u00e1msk\u00e9 <span class=\"iwg-fachbegriff\" data-tooltip=\"P\u0159ed\u00e1v\u00e1n\u00ed v\u011bdomost\u00ed a vypr\u00e1v\u011bn\u00ed mezi generacemi.\" tabindex=\"0\">tradici<\/span>.<\/p>\t\t\t\t\t\t\t\t<\/div>\n\t\t\t\t<\/div>\n\t\t\t\t\t<\/div>\n\t\t\t\t<\/div>\n\t\t<div class=\"elementor-element elementor-element-cpeec6aa2 e-flex e-con-boxed e-con e-parent\" data-id=\"cpeec6aa2\" data-element_type=\"container\" data-e-type=\"container\">\n\t\t\t\t\t<div class=\"e-con-inner\">\n\t\t\t\t<div class=\"elementor-element elementor-element-cp18db91b elementor-widget elementor-widget-heading\" data-id=\"cp18db91b\" data-element_type=\"widget\" data-e-type=\"widget\" data-widget_type=\"heading.default\">\n\t\t\t\t\t<h2 class=\"elementor-heading-title elementor-size-default\">Zv\u011bstov\u00e1n\u00ed: Gabriel v Luk\u00e1\u0161ov\u011b evangeliu<\/h2>\t\t\t\t<\/div>\n\t\t<div class=\"elementor-element elementor-element-cp4c3b499 e-con-full e-flex e-con e-child\" data-id=\"cp4c3b499\" data-element_type=\"container\" data-e-type=\"container\">\n\t\t\t\t<div class=\"elementor-element elementor-element-cpfa94aa4 elementor-widget elementor-widget-text-editor\" data-id=\"cpfa94aa4\" data-element_type=\"widget\" data-e-type=\"widget\" data-widget_type=\"text-editor.default\">\n\t\t\t\t\t\t\t\t\t<p>V Nov\u00e9m z\u00e1kon\u011b se Gabriel objevuje v\u00fdhradn\u011b v Luk\u00e1\u0161ov\u011b evangeliu, a to ve dvou \u00fazce souvisej\u00edc\u00edch sc\u00e9n\u00e1ch prvn\u00ed kapitoly. Nejprve p\u0159edstupuje p\u0159ed kn\u011bze Zachari\u00e1\u0161e v <span class=\"iwg-fachbegriff\" data-tooltip=\"Ein Bauwerk, das der Verehrung einer oder mehrerer Gottheiten dient.\" tabindex=\"0\">chr\u00e1mu<\/span> a oznamuje mu narozen\u00ed syna, pozd\u011bj\u0161\u00edho Jana K\u0159titele.<\/p><p>Kdy\u017e Zachari\u00e1\u0161 pochybuje, stane se n\u011bm\u00fdm a\u017e do napln\u011bn\u00ed tohoto ozn\u00e1men\u00ed. O n\u011bkolik ver\u0161\u016f pozd\u011bji je Gabriel posl\u00e1n k Marii do Nazaretu a zv\u011bstuje j\u00ed narozen\u00ed Jezuse. Tato druh\u00e1 sc\u00e9na se do k\u0159es\u0165ansk\u00e9 tradice zapsala jako Zv\u011bstov\u00e1n\u00ed Pann\u011b Marii.<\/p><p>Luk\u00e1\u0161 zde vykresluje Gabriela p\u0159esn\u011b v t\u00e9 roli, kterou u\u017e zachytila kniha Daniel: jako posla, kter\u00fd p\u0159in\u00e1\u0161\u00ed a vykl\u00e1d\u00e1 bo\u017esk\u00e9 sd\u011blen\u00ed. Zachari\u00e1\u0161e p\u0159ed sebou v\u00fdslovn\u011b oslovuje sv\u00fdm jm\u00e9nem a \u0159\u00edk\u00e1, \u017ee stoj\u00ed p\u0159ed Bohem.<\/p><p>Spojen\u00ed s knihou Daniel je zd\u016frazn\u011bno i t\u00edm, \u017ee Luk\u00e1\u0161 vol\u00ed tut\u00e9\u017e and\u011blskou postavu, kter\u00e1 tam vystupovala jako prost\u0159edn\u00edk zjeven\u00ed. Pro ran\u00e1 \u010dten\u00e1\u0159e z toho vypl\u00fdvala linie od star\u0161\u00ed prorock\u00e9 <span class=\"iwg-fachbegriff\" data-tooltip=\"Die Weitergabe von Wissen und Erz\u00e4hlungen \u00fcber Generationen.\" tabindex=\"0\">tradice<\/span> k ud\u00e1lostem kolem Jezuse.<\/p><p>Ze sc\u00e9ny Zv\u011bstov\u00e1n\u00ed se stalo jedno z nejd\u016fle\u017eit\u011bj\u0161\u00edch obrazov\u00fdch t\u00e9mat k\u0159es\u0165ansk\u00e9ho um\u011bn\u00ed. Od <span class=\"iwg-fachbegriff\" data-tooltip=\"\u00dcbergangsepoche zwischen Antike und Mittelalter, etwa 3. bis 7. Jahrhundert.\" tabindex=\"0\">pozdn\u00ed antiky<\/span> a\u017e po novov\u011bk mal\u00ed\u0159i a socha\u0159i znovu a znovu zpracov\u00e1vali setk\u00e1n\u00ed Gabriela s Mari\u00ed, \u010dasto s pevn\u011b dan\u00fdmi atributy, jako je lilie jako znamen\u00ed \u010distoty nebo svitek s and\u011blsk\u00fdm pozdravem.<\/p><p>Liturgick\u00e1 tradice spojila tuto ud\u00e1lost s vlastn\u00edm sv\u00e1tkem. V\u00fdznam Gabriela v z\u00e1padn\u00ed kultu\u0159e se z velk\u00e9 \u010d\u00e1sti op\u00edr\u00e1 pr\u00e1v\u011b o t\u011bchto n\u011bkolik ver\u0161\u016f Luk\u00e1\u0161ova evangelia.<\/p>\t\t\t\t\t\t\t\t<\/div>\n\t\t\t\t<\/div>\n\t\t\t\t\t<\/div>\n\t\t\t\t<\/div>\n\t\t<div class=\"elementor-element elementor-element-cp72bc8c7 e-flex e-con-boxed e-con e-parent\" data-id=\"cp72bc8c7\" data-element_type=\"container\" data-e-type=\"container\">\n\t\t\t\t\t<div class=\"e-con-inner\">\n\t\t\t\t<div class=\"elementor-element elementor-element-cpe99660a elementor-widget elementor-widget-heading\" data-id=\"cpe99660a\" data-element_type=\"widget\" data-e-type=\"widget\" data-widget_type=\"heading.default\">\n\t\t\t\t\t<h2 class=\"elementor-heading-title elementor-size-default\">D\u017eibr\u00edl v isl\u00e1mu: and\u011bl zjeven\u00ed<\/h2>\t\t\t\t<\/div>\n\t\t<div class=\"elementor-element elementor-element-cp0914686 e-con-full e-flex e-con e-child\" data-id=\"cp0914686\" data-element_type=\"container\" data-e-type=\"container\">\n\t\t\t\t<div class=\"elementor-element elementor-element-cp816037d elementor-widget elementor-widget-text-editor\" data-id=\"cp816037d\" data-element_type=\"widget\" data-e-type=\"widget\" data-widget_type=\"text-editor.default\">\n\t\t\t\t\t\t\t\t\t<p>V isl\u00e1mu nese Gabriel jm\u00e9no D\u017eibr\u00edl a zauj\u00edm\u00e1 \u00fast\u0159edn\u00ed postaven\u00ed, nebo\u0165 je pova\u017eov\u00e1n za <span class=\"iwg-fachbegriff\" data-tooltip=\"V abrah\u00e1movsk\u00fdch n\u00e1bo\u017eenstv\u00edch nebesk\u00e1 bytost, posel Bo\u017e\u00ed.\" tabindex=\"0\">and\u011bla<\/span>, jeho\u017e prost\u0159ednictv\u00edm byl Kor\u00e1n p\u0159ed\u00e1n proroku Mohamedovi.<\/p><p>Samotn\u00fd Kor\u00e1n jmenuje D\u017eibr\u00edla jm\u00e9nem a mluv\u00ed o n\u011bm jako o tom, kdo p\u0159inesl zjeven\u00ed do srdce proroka. Isl\u00e1msk\u00e1 <span class=\"iwg-fachbegriff\" data-tooltip=\"P\u0159ed\u00e1v\u00e1n\u00ed v\u011bd\u011bn\u00ed a vypr\u00e1v\u011bn\u00ed nap\u0159\u00ed\u010d generacemi.\" tabindex=\"0\">tradice<\/span> spojuje s D\u017eibr\u00edlem i dal\u0161\u00ed ud\u00e1losti, nap\u0159\u00edklad prvn\u00ed zjeven\u00ed v jeskyni u Mekky a jeho \u00falohu pr\u016fvodce p\u0159i prorokov\u011b cest\u011b do nebes.<\/p><p>V isl\u00e1msk\u00e9 tradici je D\u017eibr\u00edl ch\u00e1p\u00e1n jako jeden z nejv\u00fd\u0161e postaven\u00fdch <span class=\"iwg-fachbegriff\" data-tooltip=\"V abrah\u00e1movsk\u00fdch n\u00e1bo\u017eenstv\u00edch nebesk\u00e1 bytost, posel Bo\u017e\u00ed.\" tabindex=\"0\">and\u011bl\u016f<\/span>, \u010dasto uv\u00e1d\u011bn\u00fd na prvn\u00edm m\u00edst\u011b. Ve sb\u00edrk\u00e1ch tradovan\u00fdch v\u00fdrok\u016f, had\u00edthech, se objevuje i v lidsk\u00e9 podob\u011b, nap\u0159\u00edklad kdy\u017e nav\u0161t\u00edv\u00ed proroka a jeho druhy v podob\u011b mu\u017ee, aby prost\u0159ednictv\u00edm ot\u00e1zek objasnil z\u00e1kladn\u00ed nauky v\u00edry.<\/p><p>Tato p\u0159edstava <span class=\"iwg-fachbegriff\" data-tooltip=\"V abrah\u00e1movsk\u00fdch n\u00e1bo\u017eenstv\u00edch nebesk\u00e1 bytost, posel Bo\u017e\u00ed.\" tabindex=\"0\">and\u011bla<\/span>, kter\u00fd zprost\u0159edkov\u00e1v\u00e1 mezi nebeskou a lidskou sf\u00e9rou a p\u0159in\u00e1\u0161\u00ed pozn\u00e1n\u00ed, je v jasn\u00e9 n\u00e1vaznosti na star\u0161\u00ed \u017eidovsk\u00e9 a k\u0159es\u0165ansk\u00e9 obrazy Gabriela.<\/p><p>Gabriel je tak jednou z m\u00e1la postav, kter\u00e9 hraj\u00ed v\u00fdznamnou roli ve v\u0161ech t\u0159ech abrah\u00e1movsk\u00fdch n\u00e1bo\u017eenstv\u00edch, a v\u0161ude je jeho hlavn\u00ed funkc\u00ed tot\u00e9\u017e: zprost\u0159edkov\u00e1n\u00ed bo\u017e\u00edho zjeven\u00ed lidem.<\/p><p><span class=\"iwg-fachbegriff\" data-tooltip=\"V\u011bda zkoumaj\u00edc\u00ed n\u00e1bo\u017eenstv\u00ed srovn\u00e1vac\u00edm zp\u016fsobem a bez vyznava\u010dsk\u00e9 v\u00e1zanosti.\" tabindex=\"0\">Religionistika<\/span> v tom vid\u00ed p\u0159\u00edklad toho, jak je postava p\u0159ed\u00e1v\u00e1na nap\u0159\u00ed\u010d n\u00e1bo\u017eensk\u00fdmi hranicemi a z\u00e1rove\u0148 p\u0159izp\u016fsobov\u00e1na vlastn\u00edmu r\u00e1mci, ani\u017e by ztratila sv\u00e9 j\u00e1dro. P\u0159\u00edbuzn\u00fdmi postavami v r\u00e1mci angelologie jsou nap\u0159\u00edklad <a href=\"https:\/\/iwell-guard.com\/cs\/?page_id=145214\">Michael<\/a> a <a href=\"https:\/\/iwell-guard.com\/cs\/?page_id=145216\">Rafael<\/a>.<\/p>\t\t\t\t\t\t\t\t<\/div>\n\t\t\t\t<\/div>\n\t\t\t\t\t<\/div>\n\t\t\t\t<\/div>\n\t\t<div class=\"elementor-element elementor-element-f7ebf52 e-con-boxed e-flex e-con e-parent\" data-id=\"f7ebf52\" data-element_type=\"container\" data-e-type=\"container\">\n\t\t\t\t\t<div class=\"e-con-inner\">\n\t\t\t\t<div class=\"elementor-element elementor-element-a417413 elementor-widget elementor-widget-text-editor\" data-id=\"a417413\" data-element_type=\"widget\" data-e-type=\"widget\" data-widget_type=\"text-editor.default\">\n\t\t\t\t\t\t\t\t\t\n<h2>\u010casto kladen\u00e9 ot\u00e1zky k Archand\u011bl Gabriel<\/h2>\n<div class=\"iwg-faq-q\"><h3>Kdo je archand\u011bl Gabriel?<\/h3><p>Gabriel (hebrejsky Gavri-el, hrdina Bo\u017e\u00ed nebo B\u016fh je m\u00e1 s\u00edla) je posel-archand\u011bl ve t\u0159ech abrah\u00e1movsk\u00fdch n\u00e1bo\u017eenstv\u00edch. V knize Daniel vykl\u00e1d\u00e1 vid\u011bn\u00ed, v Luk\u00e1\u0161ov\u011b evangeliu zv\u011bstuje Marii narozen\u00ed Jezuse (Lk 1,26 a n\u00e1sl.).<\/p><p>V isl\u00e1mu je Gabriel (arabsky D\u017eibr\u00edl) <span class=\"iwg-fachbegriff\" data-tooltip=\"In den abrahamitischen Religionen ein himmlisches Botenwesen Gottes.\" tabindex=\"0\">and\u011bl<\/span>, kter\u00fd proroku Mohamedovi zjevuje Kor\u00e1n. Jeho sv\u00e1tek p\u0159ipad\u00e1 na 29. z\u00e1\u0159\u00ed.<\/p><\/div>\n<div class=\"iwg-faq-q\"><h3>Co p\u0159edstavuje archand\u011bl Gabriel v <span class=\"iwg-fachbegriff\" data-tooltip=\"Sammelbegriff f\u00fcr Lehren, die ein verborgenes, nur Eingeweihten zug\u00e4ngliches Wissen beanspruchen.\" tabindex=\"0\">esoterice<\/span>?<\/h3><p>V z\u00e1padn\u00ed <span class=\"iwg-fachbegriff\" data-tooltip=\"In den abrahamitischen Religionen ein himmlisches Botenwesen Gottes.\" tabindex=\"0\">and\u011blsk\u00e9<\/span> <span class=\"iwg-fachbegriff\" data-tooltip=\"Sammelbegriff f\u00fcr Lehren, die ein verborgenes, nur Eingeweihten zug\u00e4ngliches Wissen beanspruchen.\" tabindex=\"0\">esoterice<\/span> je Gabriel pova\u017eov\u00e1n za archand\u011bla poselstv\u00ed, sn\u016f, \u010distoty a komunikace. Je spojov\u00e1n s \u017eivlem vody, barvou b\u00edlou nebo st\u0159\u00edbrnou, s M\u011bs\u00edcem a se z\u00e1padn\u00edm sm\u011brem. Klasick\u00e9 symboly: b\u00edl\u00e1 lilie (madonna lilie ze sc\u00e9ny Zv\u011bstov\u00e1n\u00ed), trubka (k Posledn\u00edmu soudu) a knihy se svitky.<\/p><\/div>\n<script type=\"application\/ld+json\">{\"@context\":\"https:\/\/schema.org\",\"@type\":\"FAQPage\",\"mainEntity\":[{\"@type\":\"Question\",\"name\":\"Kdo je archand\u011bl Gabriel?\",\"acceptedAnswer\":{\"@type\":\"Answer\",\"text\":\"Gabriel (hebrejsky Gavri-el, hrdina Bo\u017e\u00ed nebo B\u016fh je m\u00e1 s\u00edla) je posel-archand\u011bl ve t\u0159ech abrah\u00e1movsk\u00fdch n\u00e1bo\u017eenstv\u00edch. V knize Daniel vykl\u00e1d\u00e1 vid\u011bn\u00ed, v Luk\u00e1\u0161ov\u011b evangeliu zv\u011bstuje Marii narozen\u00ed Jezuse (Lk 1,26 a n\u00e1sl.).V isl\u00e1mu je Gabriel (arabsky D\u017eibr\u00edl) and\u011bl, kter\u00fd proroku Mohamedovi zjevuje Kor\u00e1n. Jeho sv\u00e1tek p\u0159ipad\u00e1 na 29. z\u00e1\u0159\u00ed.\"}},{\"@type\":\"Question\",\"name\":\"Co p\u0159edstavuje archand\u011bl Gabriel v esoterice?\",\"acceptedAnswer\":{\"@type\":\"Answer\",\"text\":\"V z\u00e1padn\u00ed and\u011blsk\u00e9 esoterice je Gabriel pova\u017eov\u00e1n za archand\u011bla poselstv\u00ed, sn\u016f, \u010distoty a komunikace. Je spojov\u00e1n s \u017eivlem vody, barvou b\u00edlou nebo st\u0159\u00edbrnou, s M\u011bs\u00edcem a se z\u00e1padn\u00edm sm\u011brem. Klasick\u00e9 symboly: b\u00edl\u00e1 lilie (madonna lilie ze sc\u00e9ny Zv\u011bstov\u00e1n\u00ed), trubka (k Posledn\u00edmu soudu) a knihy se svitky.\"}}]}<\/script>\t\t\t\t\t\t\t\t<\/div>\n\t\t\t\t\t<\/div>\n\t\t\t\t<\/div>\n\t\t\t\t<\/div>\n\t\t","protected":false},"excerpt":{"rendered":"","protected":false},"author":3,"featured_media":1621,"parent":0,"menu_order":0,"comment_status":"closed","ping_status":"closed","template":"elementor_header_footer","meta":{"_yoast_wpseo_focuskw":"Archand\u011bl Gabriel, Zv\u011bstov\u00e1n\u00ed","_yoast_wpseo_title":"Archand\u011bl Gabriel \u2013 posel Bo\u017e\u00ed ve t\u0159ech tradic\u00edch","_yoast_wpseo_metadesc":"Archand\u011bl Gabriel p\u0159in\u00e1\u0161\u00ed bo\u017esk\u00e1 poselstv\u00ed a vnit\u0159n\u00ed jasnost. Objevte jeho v\u00fdznam v esoterick\u00e9 tradici a praxi iWell Guard.","_yoast_wpseo_meta-robots-noindex":"","_yoast_wpseo_canonical":"","_angie_page":false,"gefaehrdungsstufe":"","wesen_kultur":"","wesen_klasse":"","footnotes":""},"categories":[],"class_list":["post-145215","page","type-page","status-publish","has-post-thumbnail","hentry"],"yoast_head":"<!-- This site is optimized with the Yoast SEO Premium plugin v27.7 (Yoast SEO v28.3) - https:\/\/yoast.com\/product\/yoast-seo-premium-wordpress\/ -->\n<title>Archand\u011bl Gabriel \u2013 posel Bo\u017e\u00ed ve t\u0159ech tradic\u00edch<\/title>\n<meta name=\"description\" content=\"Archand\u011bl Gabriel p\u0159in\u00e1\u0161\u00ed bo\u017esk\u00e1 poselstv\u00ed a vnit\u0159n\u00ed jasnost. Objevte jeho v\u00fdznam v esoterick\u00e9 tradici a praxi iWell Guard.\" \/>\n<meta name=\"robots\" content=\"index, follow, max-snippet:-1, max-image-preview:large, max-video-preview:-1\" \/>\n<link rel=\"canonical\" href=\"https:\/\/iwell-guard.com\/cs\/archandel-gabriel\/\" \/>\n<meta property=\"og:locale\" content=\"cs_CZ\" \/>\n<meta property=\"og:type\" content=\"article\" \/>\n<meta property=\"og:title\" content=\"Archand\u011bl Gabriel\" \/>\n<meta property=\"og:description\" content=\"Archand\u011bl Gabriel p\u0159in\u00e1\u0161\u00ed bo\u017esk\u00e1 poselstv\u00ed a vnit\u0159n\u00ed jasnost. Objevte jeho v\u00fdznam v esoterick\u00e9 tradici a praxi iWell Guard.\" \/>\n<meta property=\"og:url\" content=\"https:\/\/iwell-guard.com\/cs\/archandel-gabriel\/\" \/>\n<meta property=\"og:site_name\" content=\"iWell Guard\" \/>\n<meta property=\"article:modified_time\" content=\"2026-09-03T16:49:55+00:00\" \/>\n<meta property=\"og:image\" content=\"https:\/\/iwell-guard.com\/wp-content\/uploads\/2026\/04\/lichtwesen_erzengel-gabriel.webp\" \/>\n\t<meta property=\"og:image:width\" content=\"1024\" \/>\n\t<meta property=\"og:image:height\" content=\"1536\" \/>\n\t<meta property=\"og:image:type\" content=\"image\/webp\" \/>\n<meta name=\"twitter:card\" content=\"summary_large_image\" \/>\n<script type=\"application\/ld+json\" class=\"yoast-schema-graph\">{\"@context\":\"https:\\\/\\\/schema.org\",\"@graph\":[{\"@type\":\"WebPage\",\"@id\":\"https:\\\/\\\/iwell-guard.com\\\/cs\\\/archandel-gabriel\\\/\",\"url\":\"https:\\\/\\\/iwell-guard.com\\\/cs\\\/archandel-gabriel\\\/\",\"name\":\"Archand\u011bl Gabriel \u2013 posel Bo\u017e\u00ed ve t\u0159ech tradic\u00edch\",\"isPartOf\":{\"@id\":\"https:\\\/\\\/iwell-guard.com\\\/cs\\\/#website\"},\"primaryImageOfPage\":{\"@id\":\"https:\\\/\\\/iwell-guard.com\\\/cs\\\/archandel-gabriel\\\/#primaryimage\"},\"image\":{\"@id\":\"https:\\\/\\\/iwell-guard.com\\\/cs\\\/archandel-gabriel\\\/#primaryimage\"},\"thumbnailUrl\":\"https:\\\/\\\/iwell-guard.com\\\/wp-content\\\/uploads\\\/2026\\\/04\\\/lichtwesen_erzengel-gabriel.webp\",\"datePublished\":\"2026-09-03T16:28:09+00:00\",\"dateModified\":\"2026-09-03T16:49:55+00:00\",\"description\":\"Archand\u011bl Gabriel p\u0159in\u00e1\u0161\u00ed bo\u017esk\u00e1 poselstv\u00ed a vnit\u0159n\u00ed jasnost. Objevte jeho v\u00fdznam v esoterick\u00e9 tradici a praxi iWell Guard.\",\"breadcrumb\":{\"@id\":\"https:\\\/\\\/iwell-guard.com\\\/cs\\\/archandel-gabriel\\\/#breadcrumb\"},\"inLanguage\":\"cs\",\"potentialAction\":[{\"@type\":\"ReadAction\",\"target\":[\"https:\\\/\\\/iwell-guard.com\\\/cs\\\/archandel-gabriel\\\/\"]}]},{\"@type\":\"ImageObject\",\"inLanguage\":\"cs\",\"@id\":\"https:\\\/\\\/iwell-guard.com\\\/cs\\\/archandel-gabriel\\\/#primaryimage\",\"url\":\"https:\\\/\\\/iwell-guard.com\\\/wp-content\\\/uploads\\\/2026\\\/04\\\/lichtwesen_erzengel-gabriel.webp\",\"contentUrl\":\"https:\\\/\\\/iwell-guard.com\\\/wp-content\\\/uploads\\\/2026\\\/04\\\/lichtwesen_erzengel-gabriel.webp\",\"width\":1024,\"height\":1536,\"caption\":\"Bytost sv\u011btla. Iluminovan\u00e1 ilustrace.\"},{\"@type\":\"BreadcrumbList\",\"@id\":\"https:\\\/\\\/iwell-guard.com\\\/cs\\\/archandel-gabriel\\\/#breadcrumb\",\"itemListElement\":[{\"@type\":\"ListItem\",\"position\":1,\"name\":\"Start\",\"item\":\"https:\\\/\\\/iwell-guard.com\\\/cs\\\/?page_id=145107\"},{\"@type\":\"ListItem\",\"position\":2,\"name\":\"Archand\u011bl Gabriel\"}]},{\"@type\":\"WebSite\",\"@id\":\"https:\\\/\\\/iwell-guard.com\\\/cs\\\/#website\",\"url\":\"https:\\\/\\\/iwell-guard.com\\\/cs\\\/\",\"name\":\"iWell Guard\",\"description\":\"Schutz vor dunklen Einfl\u00fcssen\",\"publisher\":{\"@id\":\"https:\\\/\\\/iwell-guard.com\\\/cs\\\/#organization\"},\"potentialAction\":[{\"@type\":\"SearchAction\",\"target\":{\"@type\":\"EntryPoint\",\"urlTemplate\":\"https:\\\/\\\/iwell-guard.com\\\/cs\\\/?s={search_term_string}\"},\"query-input\":{\"@type\":\"PropertyValueSpecification\",\"valueRequired\":true,\"valueName\":\"search_term_string\"}}],\"inLanguage\":\"cs\"},{\"@type\":\"Organization\",\"@id\":\"https:\\\/\\\/iwell-guard.com\\\/cs\\\/#organization\",\"name\":\"Ittermann electronic GmbH\",\"url\":\"https:\\\/\\\/iwell-guard.com\\\/cs\\\/\",\"logo\":{\"@type\":\"ImageObject\",\"inLanguage\":\"cs\",\"@id\":\"https:\\\/\\\/iwell-guard.com\\\/cs\\\/#\\\/schema\\\/logo\\\/image\\\/\",\"url\":\"https:\\\/\\\/iwell-guard.com\\\/wp-content\\\/uploads\\\/2026\\\/05\\\/Ittermann-Logo-1182x237-1.png\",\"contentUrl\":\"https:\\\/\\\/iwell-guard.com\\\/wp-content\\\/uploads\\\/2026\\\/05\\\/Ittermann-Logo-1182x237-1.png\",\"width\":1182,\"height\":237,\"caption\":\"Ittermann electronic GmbH\"},\"image\":{\"@id\":\"https:\\\/\\\/iwell-guard.com\\\/cs\\\/#\\\/schema\\\/logo\\\/image\\\/\"},\"sameAs\":[\"https:\\\/\\\/pantip.com\\\/profile\\\/9367242\",\"https:\\\/\\\/micro.blog\\\/iwellguard\",\"https:\\\/\\\/www.diggerslist.com\\\/iwellguard\\\/about\",\"https:\\\/\\\/skitterphoto.com\\\/photographers\\\/2870314\\\/iwell-guard\",\"https:\\\/\\\/iwellguard.wordpress.com\\\/2026\\\/06\\\/06\\\/iwell-guard\\\/\",\"https:\\\/\\\/hub.docker.com\\\/u\\\/iwellguard\",\"https:\\\/\\\/www.pinterest.com\\\/iwellguard\\\/\",\"https:\\\/\\\/bit.ly\\\/m\\\/iwellguard\",\"https:\\\/\\\/entre-vos-mains.alsace.eu\\\/profiles\\\/iwellguard\\\/activity\",\"https:\\\/\\\/gravatar.com\\\/reallybeded8fd34\",\"https:\\\/\\\/naijamatta.com\\\/iwellguard\",\"https:\\\/\\\/www.goodreads.com\\\/iwellguard\",\"https:\\\/\\\/profile.hatena.ne.jp\\\/iwellguard\\\/\",\"https:\\\/\\\/experiment.com\\\/users\\\/iwellguard\",\"https:\\\/\\\/wakelet.com\\\/@iWellGuard82270\",\"https:\\\/\\\/www.chordie.com\\\/forum\\\/profile.php?id=2555664\",\"https:\\\/\\\/www.instapaper.com\\\/p\\\/17757966\",\"https:\\\/\\\/www.mapleprimes.com\\\/users\\\/iwellguard\",\"https:\\\/\\\/businesslistingplus.com\\\/profile\\\/iwell-guard\\\/\",\"https:\\\/\\\/telegra.ph\\\/iWell-Guard-06-06\",\"https:\\\/\\\/pbase.com\\\/iwellguard\\\/iwellguard\",\"https:\\\/\\\/b.hatena.ne.jp\\\/iwellguard\\\/20260607#bookmark-4788405196491818882\",\"https:\\\/\\\/fliphtml5.com\\\/home\\\/iwellguard\",\"https:\\\/\\\/anyflip.com\\\/homepage\\\/cmiwl#About\",\"https:\\\/\\\/transfur.com\\\/Users\\\/iwellguard\",\"http:\\\/\\\/delphi.larsbo.org\\\/user\\\/iwellguard\",\"https:\\\/\\\/jobs.lajobsportal.org\\\/profiles\\\/8380803-iwell-guard\",\"https:\\\/\\\/md.chaosdorf.de\\\/s\\\/jfbe5SBdJD\",\"https:\\\/\\\/www.lingvolive.com\\\/en-us\\\/profile\\\/9ecaeaca-ce11-4e51-9e71-01d55e2bff36\\\/translations\",\"https:\\\/\\\/www.fitday.com\\\/fitness\\\/forums\\\/members\\\/iwellguard.html\",\"https:\\\/\\\/www.mymeetbook.com\\\/iwellguard\",\"https:\\\/\\\/pxhere.com\\\/en\\\/photographer-me\\\/5040798\",\"https:\\\/\\\/disqus.com\\\/by\\\/iwellguard\\\/about\\\/\",\"https:\\\/\\\/pastelink.net\\\/hjwciqwq\",\"https:\\\/\\\/pubhtml5.com\\\/homepage\\\/scjhn\\\/\",\"https:\\\/\\\/www.bitchute.com\\\/channel\\\/2O2eOKzNqujT\",\"https:\\\/\\\/audiomack.com\\\/iwellguard\"]}]}<\/script>\n<!-- \/ Yoast SEO Premium plugin. -->","yoast_head_json":{"title":"Archand\u011bl Gabriel \u2013 posel Bo\u017e\u00ed ve t\u0159ech tradic\u00edch","description":"Archand\u011bl Gabriel p\u0159in\u00e1\u0161\u00ed bo\u017esk\u00e1 poselstv\u00ed a vnit\u0159n\u00ed jasnost. Objevte jeho v\u00fdznam v esoterick\u00e9 tradici a praxi iWell Guard.","robots":{"index":"index","follow":"follow","max-snippet":"max-snippet:-1","max-image-preview":"max-image-preview:large","max-video-preview":"max-video-preview:-1"},"canonical":"https:\/\/iwell-guard.com\/cs\/archandel-gabriel\/","og_locale":"cs_CZ","og_type":"article","og_title":"Archand\u011bl Gabriel","og_description":"Archand\u011bl Gabriel p\u0159in\u00e1\u0161\u00ed bo\u017esk\u00e1 poselstv\u00ed a vnit\u0159n\u00ed jasnost. Objevte jeho v\u00fdznam v esoterick\u00e9 tradici a praxi iWell Guard.","og_url":"https:\/\/iwell-guard.com\/cs\/archandel-gabriel\/","og_site_name":"iWell Guard","article_modified_time":"2026-09-03T16:49:55+00:00","og_image":[{"width":1024,"height":1536,"url":"https:\/\/iwell-guard.com\/wp-content\/uploads\/2026\/04\/lichtwesen_erzengel-gabriel.webp","type":"image\/webp"}],"twitter_card":"summary_large_image","schema":{"@context":"https:\/\/schema.org","@graph":[{"@type":"WebPage","@id":"https:\/\/iwell-guard.com\/cs\/archandel-gabriel\/","url":"https:\/\/iwell-guard.com\/cs\/archandel-gabriel\/","name":"Archand\u011bl Gabriel \u2013 posel Bo\u017e\u00ed ve t\u0159ech tradic\u00edch","isPartOf":{"@id":"https:\/\/iwell-guard.com\/cs\/#website"},"primaryImageOfPage":{"@id":"https:\/\/iwell-guard.com\/cs\/archandel-gabriel\/#primaryimage"},"image":{"@id":"https:\/\/iwell-guard.com\/cs\/archandel-gabriel\/#primaryimage"},"thumbnailUrl":"https:\/\/iwell-guard.com\/wp-content\/uploads\/2026\/04\/lichtwesen_erzengel-gabriel.webp","datePublished":"2026-09-03T16:28:09+00:00","dateModified":"2026-09-03T16:49:55+00:00","description":"Archand\u011bl Gabriel p\u0159in\u00e1\u0161\u00ed bo\u017esk\u00e1 poselstv\u00ed a vnit\u0159n\u00ed jasnost. Objevte jeho v\u00fdznam v esoterick\u00e9 tradici a praxi iWell Guard.","breadcrumb":{"@id":"https:\/\/iwell-guard.com\/cs\/archandel-gabriel\/#breadcrumb"},"inLanguage":"cs","potentialAction":[{"@type":"ReadAction","target":["https:\/\/iwell-guard.com\/cs\/archandel-gabriel\/"]}]},{"@type":"ImageObject","inLanguage":"cs","@id":"https:\/\/iwell-guard.com\/cs\/archandel-gabriel\/#primaryimage","url":"https:\/\/iwell-guard.com\/wp-content\/uploads\/2026\/04\/lichtwesen_erzengel-gabriel.webp","contentUrl":"https:\/\/iwell-guard.com\/wp-content\/uploads\/2026\/04\/lichtwesen_erzengel-gabriel.webp","width":1024,"height":1536,"caption":"Bytost sv\u011btla. Iluminovan\u00e1 ilustrace."},{"@type":"BreadcrumbList","@id":"https:\/\/iwell-guard.com\/cs\/archandel-gabriel\/#breadcrumb","itemListElement":[{"@type":"ListItem","position":1,"name":"Start","item":"https:\/\/iwell-guard.com\/cs\/?page_id=145107"},{"@type":"ListItem","position":2,"name":"Archand\u011bl Gabriel"}]},{"@type":"WebSite","@id":"https:\/\/iwell-guard.com\/cs\/#website","url":"https:\/\/iwell-guard.com\/cs\/","name":"iWell Guard","description":"Schutz vor dunklen Einfl\u00fcssen","publisher":{"@id":"https:\/\/iwell-guard.com\/cs\/#organization"},"potentialAction":[{"@type":"SearchAction","target":{"@type":"EntryPoint","urlTemplate":"https:\/\/iwell-guard.com\/cs\/?s={search_term_string}"},"query-input":{"@type":"PropertyValueSpecification","valueRequired":true,"valueName":"search_term_string"}}],"inLanguage":"cs"},{"@type":"Organization","@id":"https:\/\/iwell-guard.com\/cs\/#organization","name":"Ittermann electronic GmbH","url":"https:\/\/iwell-guard.com\/cs\/","logo":{"@type":"ImageObject","inLanguage":"cs","@id":"https:\/\/iwell-guard.com\/cs\/#\/schema\/logo\/image\/","url":"https:\/\/iwell-guard.com\/wp-content\/uploads\/2026\/05\/Ittermann-Logo-1182x237-1.png","contentUrl":"https:\/\/iwell-guard.com\/wp-content\/uploads\/2026\/05\/Ittermann-Logo-1182x237-1.png","width":1182,"height":237,"caption":"Ittermann electronic GmbH"},"image":{"@id":"https:\/\/iwell-guard.com\/cs\/#\/schema\/logo\/image\/"},"sameAs":["https:\/\/pantip.com\/profile\/9367242","https:\/\/micro.blog\/iwellguard","https:\/\/www.diggerslist.com\/iwellguard\/about","https:\/\/skitterphoto.com\/photographers\/2870314\/iwell-guard","https:\/\/iwellguard.wordpress.com\/2026\/06\/06\/iwell-guard\/","https:\/\/hub.docker.com\/u\/iwellguard","https:\/\/www.pinterest.com\/iwellguard\/","https:\/\/bit.ly\/m\/iwellguard","https:\/\/entre-vos-mains.alsace.eu\/profiles\/iwellguard\/activity","https:\/\/gravatar.com\/reallybeded8fd34","https:\/\/naijamatta.com\/iwellguard","https:\/\/www.goodreads.com\/iwellguard","https:\/\/profile.hatena.ne.jp\/iwellguard\/","https:\/\/experiment.com\/users\/iwellguard","https:\/\/wakelet.com\/@iWellGuard82270","https:\/\/www.chordie.com\/forum\/profile.php?id=2555664","https:\/\/www.instapaper.com\/p\/17757966","https:\/\/www.mapleprimes.com\/users\/iwellguard","https:\/\/businesslistingplus.com\/profile\/iwell-guard\/","https:\/\/telegra.ph\/iWell-Guard-06-06","https:\/\/pbase.com\/iwellguard\/iwellguard","https:\/\/b.hatena.ne.jp\/iwellguard\/20260607#bookmark-4788405196491818882","https:\/\/fliphtml5.com\/home\/iwellguard","https:\/\/anyflip.com\/homepage\/cmiwl#About","https:\/\/transfur.com\/Users\/iwellguard","http:\/\/delphi.larsbo.org\/user\/iwellguard","https:\/\/jobs.lajobsportal.org\/profiles\/8380803-iwell-guard","https:\/\/md.chaosdorf.de\/s\/jfbe5SBdJD","https:\/\/www.lingvolive.com\/en-us\/profile\/9ecaeaca-ce11-4e51-9e71-01d55e2bff36\/translations","https:\/\/www.fitday.com\/fitness\/forums\/members\/iwellguard.html","https:\/\/www.mymeetbook.com\/iwellguard","https:\/\/pxhere.com\/en\/photographer-me\/5040798","https:\/\/disqus.com\/by\/iwellguard\/about\/","https:\/\/pastelink.net\/hjwciqwq","https:\/\/pubhtml5.com\/homepage\/scjhn\/","https:\/\/www.bitchute.com\/channel\/2O2eOKzNqujT","https:\/\/audiomack.com\/iwellguard"]}]}},"_links":{"self":[{"href":"https:\/\/iwell-guard.com\/cs\/wp-json\/wp\/v2\/pages\/145215","targetHints":{"allow":["GET"]}}],"collection":[{"href":"https:\/\/iwell-guard.com\/cs\/wp-json\/wp\/v2\/pages"}],"about":[{"href":"https:\/\/iwell-guard.com\/cs\/wp-json\/wp\/v2\/types\/page"}],"author":[{"embeddable":true,"href":"https:\/\/iwell-guard.com\/cs\/wp-json\/wp\/v2\/users\/3"}],"replies":[{"embeddable":true,"href":"https:\/\/iwell-guard.com\/cs\/wp-json\/wp\/v2\/comments?post=145215"}],"version-history":[{"count":0,"href":"https:\/\/iwell-guard.com\/cs\/wp-json\/wp\/v2\/pages\/145215\/revisions"}],"wp:featuredmedia":[{"embeddable":true,"href":"https:\/\/iwell-guard.com\/cs\/wp-json\/wp\/v2\/media\/1621"}],"wp:attachment":[{"href":"https:\/\/iwell-guard.com\/cs\/wp-json\/wp\/v2\/media?parent=145215"}],"wp:term":[{"taxonomy":"category","embeddable":true,"href":"https:\/\/iwell-guard.com\/cs\/wp-json\/wp\/v2\/categories?post=145215"}],"curies":[{"name":"wp","href":"https:\/\/api.w.org\/{rel}","templated":true}]}}